{"id":2364,"date":"2023-09-05T11:31:19","date_gmt":"2023-09-05T14:31:19","guid":{"rendered":"https:\/\/fpabramo.org.br\/reconexaoperiferias\/?page_id=2364"},"modified":"2024-09-03T13:18:41","modified_gmt":"2024-09-03T16:18:41","slug":"cultura-politica","status":"publish","type":"page","link":"https:\/\/fpabramo.org.br\/reconexaoperiferias\/cultura-politica\/","title":{"rendered":"Cultura pol\u00edtica"},"content":{"rendered":"\n<div class=\"wp-block-cover alignfull header-template\"><span aria-hidden=\"true\" class=\"wp-block-cover__background has-aux-primary-pure-background-color has-background-dim\"><\/span><img loading=\"lazy\" decoding=\"async\" width=\"1440\" height=\"370\" class=\"wp-block-cover__image-background wp-image-2372\" alt=\"\" src=\"https:\/\/fpabramo.org.br\/reconexaoperiferias\/wp-content\/uploads\/2023\/09\/bg-cultuta-e-politica.png\" data-object-fit=\"cover\" srcset=\"https:\/\/fpabramo.org.br\/reconexaoperiferias\/wp-content\/uploads\/2023\/09\/bg-cultuta-e-politica.png 1440w, https:\/\/fpabramo.org.br\/reconexaoperiferias\/wp-content\/uploads\/2023\/09\/bg-cultuta-e-politica-300x77.png 300w, https:\/\/fpabramo.org.br\/reconexaoperiferias\/wp-content\/uploads\/2023\/09\/bg-cultuta-e-politica-1024x263.png 1024w, https:\/\/fpabramo.org.br\/reconexaoperiferias\/wp-content\/uploads\/2023\/09\/bg-cultuta-e-politica-768x197.png 768w, https:\/\/fpabramo.org.br\/reconexaoperiferias\/wp-content\/uploads\/2023\/09\/bg-cultuta-e-politica-1200x308.png 1200w\" sizes=\"(max-width: 1440px) 100vw, 1440px\" \/><div class=\"wp-block-cover__inner-container is-layout-flow wp-block-cover-is-layout-flow\">\n<div class=\"wp-block-columns are-vertically-aligned-center is-layout-flex wp-container-core-columns-is-layout-1 wp-block-columns-is-layout-flex\">\n<div class=\"wp-block-column is-vertically-aligned-center is-layout-flow wp-block-column-is-layout-flow\" style=\"flex-basis:66.66%\">\n<div class=\"breadcrumb\"><a href=\"https:\/\/fpabramo.org.br\/reconexaoperiferias\" rel=\"nofollow\">In\u00edcio<\/a><\/div><!-- .breadcrumb -->\n\n\n\n<h2 class=\"wp-block-heading has-high-pure-color has-text-color has-really-large-font-size\" id=\"h-cultura-politica\">Cultura pol\u00edtica<\/h2>\n<\/div>\n\n\n\n<div class=\"wp-block-column is-vertically-aligned-center is-layout-flow wp-block-column-is-layout-flow\" style=\"flex-basis:33.33%\">\n<div class=\"breadcrumb\"><a href=\"https:\/\/fpabramo.org.br\/reconexaoperiferias\" rel=\"nofollow\">In\u00edcio<\/a><\/div><!-- .breadcrumb -->\n\n\n\n<figure class=\"wp-block-image aligncenter size-full\"><img loading=\"lazy\" decoding=\"async\" width=\"273\" height=\"273\" src=\"https:\/\/fpabramo.org.br\/reconexaoperiferias\/wp-content\/uploads\/2023\/09\/icon-cultura-politica.png\" alt=\"\" class=\"wp-image-2367\" srcset=\"https:\/\/fpabramo.org.br\/reconexaoperiferias\/wp-content\/uploads\/2023\/09\/icon-cultura-politica.png 273w, https:\/\/fpabramo.org.br\/reconexaoperiferias\/wp-content\/uploads\/2023\/09\/icon-cultura-politica-150x150.png 150w, https:\/\/fpabramo.org.br\/reconexaoperiferias\/wp-content\/uploads\/2023\/09\/icon-cultura-politica-200x200.png 200w\" sizes=\"(max-width: 273px) 100vw, 273px\" \/><\/figure>\n<\/div>\n<\/div>\n<\/div><\/div>\n\n\n\n<div class=\"wp-block-cover alignfull is-light\"><span aria-hidden=\"true\" class=\"wp-block-cover__background has-high-pure-background-color has-background-dim-100 has-background-dim\"><\/span><div class=\"wp-block-cover__inner-container is-layout-flow wp-block-cover-is-layout-flow\">\n<div class=\"wp-block-columns is-layout-flex wp-container-core-columns-is-layout-2 wp-block-columns-is-layout-flex\">\n<div class=\"wp-block-column is-layout-flow wp-block-column-is-layout-flow\" style=\"flex-basis:70%\">\n<h2 class=\"wp-block-heading has-text-align-left has-large-font-size\" id=\"h-mapeamento-de-coletivos-e-movimentos-sociais-das-periferias-brasileiras\" style=\"font-style:normal;font-weight:700\">Mapeamento de Coletivos e Movimentos Sociais das Periferias Brasileiras<\/h2>\n\n\n\n<hr class=\"wp-block-separator has-text-color has-aux-primary-pure-color has-alpha-channel-opacity has-aux-primary-pure-background-color has-background is-style-default separator-top\"\/>\n\n\n\n<div class=\"wp-block-glsb-gosign-readmore-toggle-text-block gosign-readmore-textbox slideUpDown styleCenter closeCol readCol\"><div class=\"rTextBlock\" data-line=\"6\" data-speed=\"300\"><p style=\"color:#000000\">Desde 2018, o projeto Reconex\u00e3o Periferias realiza um mapeamento de movimentos sociais e organiza\u00e7\u00f5es atuantes nas periferias, com o objetivo de criar uma s\u00edntese das diferentes agendas desenvolvidas por estes atores. Este mapeamento tem um sentido compreensivo e de interven\u00e7\u00e3o para ampliar o entendimento dos setores progressistas e democr\u00e1ticos sobre qual \u00e9 o sentido pol\u00edtico das periferias brasileiras e quem s\u00e3o os diferentes setores da popula\u00e7\u00e3o que se mobilizam e se organizam atualmente. Tomando a ideia de periferias como um espa\u00e7o social e pol\u00edtico, que baseia-se no distanciamento dos espa\u00e7os de poder, entendemos que a periferia pode ser as favelas das grandes metr\u00f3poles, da mesma maneira que pode ser um quilombo, um corti\u00e7o do centro de uma capital, uma terra ind\u00edgena, o movimento de pessoas em situa\u00e7\u00e3o de rua, os povos ribeirinhos, etc. Os temas das organiza\u00e7\u00f5es mapeadas s\u00e3o divididos inicialmente em tr\u00eas campos de atua\u00e7\u00e3o interseccionados: Cultura, Viol\u00eancia e Trabalho. Hoje, contamos com 1000 organiza\u00e7\u00f5es que est\u00e3o presentes em todos os estados brasileiros e Distrito Federal, abrangendo periferias rurais, urbanas, de povos e comunidades tradicionais e outras.\u00a0<br><br>O objetivo sempre foi desenvolver um mapeamento que a) sirva como uma esp\u00e9cie de \u201ccadastro\u201d dos movimentos sociais e coletivos, com o fim de constituir uma Rede de organiza\u00e7\u00f5es das periferias;\u00a0 b) que sistematize e qualifique as informa\u00e7\u00f5es cadastrais dos movimentos sociais organizados; c) que sirva como subs\u00eddio para aproximar e aprofundar a rela\u00e7\u00e3o do Partido dos Trabalhadores com os novos movimentos sociais, complexificando a compreens\u00e3o do Partido sobre esses atores; e d) que possa ser utilizado como um amplo banco de dados para pesquisas sobre as periferias brasileiras, auxiliando na compreens\u00e3o da atua\u00e7\u00e3o e articula\u00e7\u00e3o dos movimentos e organiza\u00e7\u00f5es sociais desses territ\u00f3rios.<br><\/p><\/div><div class=\"block-btn rMoreBtn\"><p style=\"color:#000000\">Ver mais<\/p><\/div><div class=\"block-btn rCloseBtn\"><p style=\"color:#000000\">Ver menos<\/p><\/div><div class=\"clear\"><\/div><\/div>\n<\/div>\n\n\n\n<div class=\"wp-block-column is-layout-flow wp-block-column-is-layout-flow\"><\/div>\n<\/div>\n<\/div><\/div>\n\n\n\n<div style=\"height:40px\" aria-hidden=\"true\" class=\"wp-block-spacer\"><\/div>\n\n\n\n<div class=\"reconexao-periferias-dados notes toggle\">\n\t\t\t<div class=\"notes--header\">\n\t\t\t<h4>Nota metodol\u00f3gica sobre o mapeamento<\/h4>\n\t\t\t<span class=\"icon\"><\/span>\n\t\t<\/div>\n\t\t<div class=\"notes--content\">\n\t\t\n\n<p>As organiza\u00e7\u00f5es s\u00e3o entrevistadas em sua maioria pelo telefone e respondem a um question\u00e1rio de 47 perguntas sobre objetivos, localiza\u00e7\u00e3o, ano de cria\u00e7\u00e3o, temas de atua\u00e7\u00e3o, atividades realizadas, cerceamentos enfrentados, n\u00famero de participantes, espa\u00e7o utilizado, p\u00fablico priorit\u00e1rio, territ\u00f3rios priorit\u00e1rios, formas de participa\u00e7\u00e3o e articula\u00e7\u00e3o, meios de divulga\u00e7\u00e3o e bandeiras de luta.&nbsp;<\/p>\n\n\n\n<p>O levantamento teve in\u00edcio em 2018, quando a equipe do Projeto realizou uma busca inicial de organiza\u00e7\u00f5es estrat\u00e9gicas para o in\u00edcio do mapeamento, baseado nas experi\u00eancias de campo das pesquisadoras. Estas organiza\u00e7\u00f5es foram qualificadas como as \u201csementes\u201d que possibilitaram a amplia\u00e7\u00e3o dos contatos, gerando os \u201cfrutos\u201d (contatos de novas organiza\u00e7\u00f5es para novas rodadas). O levantamento das sementes teve como ponto de partida as tr\u00eas \u00e1reas do Projeto Reconex\u00e3o Periferias: cultura, trabalho e viol\u00eancia. Foi apresentada pelo menos uma semente por unidade da federa\u00e7\u00e3o para cada uma das tr\u00eas \u00e1reas. Algumas sementes, embora tomadas como estrat\u00e9gicas, n\u00e3o responderam ao contato inicial. Dentre as 79 sementes pr\u00e9-selecionadas, 51 foram mapeadas e geraram 137 frutos para a segunda rodada. Este m\u00e9todo foi aplicado sucessivamente e hoje a grande maioria das organiza\u00e7\u00f5es mapeadas s\u00e3o fruto desse processo.&nbsp;<\/p>\n\n\n\n<p>No decorrer dos trabalhos, em momentos de esgotamento da bola de neve, algumas organiza\u00e7\u00f5es entraram para o mapeamento sem terem sido indicadas nas rodadas anteriores, como uma nova gera\u00e7\u00e3o de sementes. Em 2019, o Reconex\u00e3o Periferias percorreu o Brasil em f\u00f3runs regionais que contaram com a presen\u00e7a de centenas de organiza\u00e7\u00f5es das periferias. A maioria das entidades presentes j\u00e1 estavam mapeadas, mas as que compareceram aos f\u00f3runs e n\u00e3o faziam parte do nosso cadastro, foram mapeadas posteriormente em uma nova rodada. Tamb\u00e9m realizamos um impulsionamento direcionado do link do automapeamento para regi\u00f5es e temas que ainda tinham pouca representa\u00e7\u00e3o.<\/p>\n\n\n\n<p>O mapeamento segue sendo realizado de forma cont\u00ednua, principalmente para a amplia\u00e7\u00e3o da base de organiza\u00e7\u00f5es, segmentos e regi\u00f5es mapeadas. Como \u00e9 caracter\u00edstico da metodologia bola de neve, esse mapeamento n\u00e3o pretende funcionar como uma amostragem representativa ou aleat\u00f3ria desses grupos. Por\u00e9m, para o controle de crit\u00e9rios m\u00ednimos de representa\u00e7\u00e3o, estabelecemos desde o in\u00edcio metas de mapeados por unidade da federa\u00e7\u00e3o, levando em conta dados populacionais e metas de eixos tem\u00e1ticos, buscando garantir ao menos diversidade regional e tem\u00e1tica de entidades. Essas metas iniciais j\u00e1 foram alcan\u00e7adas.<\/p>\n\n\t<\/div>\n<\/div>\n\n\n\n<div class=\"reconexao-periferias-dados notes toggle\">\n\t\t\t<div class=\"notes--header\">\n\t\t\t<h4>Nota sobre a sele\u00e7\u00e3o de quest\u00f5es do mapeamento<\/h4>\n\t\t\t<span class=\"icon\"><\/span>\n\t\t<\/div>\n\t\t<div class=\"notes--content\">\n\t\t\n\n<p>O Mapeamento de Coletivos e Movimentos Sociais das Periferias Brasileiras foi iniciado em meio a um cen\u00e1rio de retrocessos democr\u00e1ticos. Uma parte das organiza\u00e7\u00f5es entrevistadas, preocupada com poss\u00edveis repress\u00f5es ou amea\u00e7as, al\u00e9m de incertas do que estaria por vir nos anos seguintes, nos pediu para que seus dados mais informativos (das organiza\u00e7\u00f5es e das pessoas entrevistadas) n\u00e3o fossem divulgados. Por isso, o painel do mapeamento apresenta apenas 30 das 47 quest\u00f5es do question\u00e1rio, deixando de fora o nome das entidades mapeadas, seus endere\u00e7os, objetivos de atua\u00e7\u00e3o que poderiam ajudar a identific\u00e1-las, o nome dos parceiros com os quais atuam e outras informa\u00e7\u00f5es. Apesar da relativa perda qualitativa na n\u00e3o divulga\u00e7\u00e3o desses dados, isto n\u00e3o compromete a vis\u00e3o geral, por um lado, e por outro, h\u00e1 um ganho relevante, tendo em vista que a maioria das quest\u00f5es divulgadas s\u00e3o fechadas, permitindo uma melhor visualiza\u00e7\u00e3o das respostas, al\u00e9m de filtros e cruzamentos mais espec\u00edficos. De qualquer modo, os dados divulgados permitem visualizar e compreender melhor as diversas formas de atua\u00e7\u00e3o de coletivos e organiza\u00e7\u00f5es das periferias de todo o pa\u00eds, que frequentemente ficam fora de outras bases de dados relevantes.<\/p>\n\n\t<\/div>\n<\/div>\n\n\n\n<div style=\"height:30px\" aria-hidden=\"true\" class=\"wp-block-spacer\"><\/div>\n\n\n<script>\n\tglobalThis.ReconexaoCultureMap = {\n\t\tcoordinates: JSON.parse(`{\n\"BARRA DO QUARA\u00cd\/RS\": [-57.5570603248122, -30.2110754079217],\n\"URUGUAIANA\/RS\": [-57.0818249090229, -29.7598231720144],\n\"QUARA\u00cd\/RS\": [-56.4536470403836, -30.3828679608813],\n\"SANT'ANA DO LIVRAMENTO\/RS\": [-55.5348142679597, -30.8893840112129],\n\"ITAQUI\/RS\": [-56.5571334970304, -29.1286368990609],\n\"ALEGRETE\/RS\": [-55.7958701453331, -29.7820432091245],\n\"MA\u00c7AMBAR\u00c1\/RS\": [-56.0636134817356, -29.1461441991842],\n\"CHU\u00cd\/RS\": [-53.4626751416843, -33.6875668687297],\n\"SANTA VIT\u00d3RIA DO PALMAR\/RS\": [-53.3670063807333, -33.5198600306948],\n\"JAGUAR\u00c3O\/RS\": [-53.3775229153129, -32.563568668515],\n\"ACEGU\u00c1\/RS\": [-54.1647315363634, -31.8640153042621],\n\"BAG\u00c9\/RS\": [-54.10708328517, -31.3305018415475],\n\"HULHA NEGRA\/RS\": [-53.8678247940087, -31.4050982483871],\n\"CANDIOTA\/RS\": [-53.6778046425127, -31.5610097235535],\n\"HERVAL\/RS\": [-53.3943378608911, -32.0267435511585],\n\"ARROIO GRANDE\/RS\": [-53.0822483482181, -32.2363441256672],\n\"PEDRAS ALTAS\/RS\": [-53.5871703196396, -31.733636939471],\n\"PINHEIRO MACHADO\/RS\": [-53.3846199682774, -31.5805926686944],\n\"PIRATINI\/RS\": [-53.1047344539721, -31.4441124733536],\n\"ROS\u00c1RIO DO SUL\/RS\": [-54.9457608552519, -30.2440332378099],\n\"DOM PEDRITO\/RS\": [-54.6741301838237, -30.9812670567511],\n\"S\u00c3O GABRIEL\/RS\": [-54.3204778581076, -30.3367600548515],\n\"MANOEL VIANA\/RS\": [-55.491662539453, -29.5805371826454],\n\"S\u00c3O FRANCISCO DE ASSIS\/RS\": [-55.1323857402451, -29.5527159067383],\n\"UNISTALDA\/RS\": [-55.1507805181379, -29.0474850255841],\n\"CACEQUI\/RS\": [-54.8277276903362, -29.8802876604795],\n\"S\u00c3O VICENTE DO SUL\/RS\": [-54.6760020162093, -29.6920608344659],\n\"JAGUARI\/RS\": [-54.6938466713292, -29.4973467312154],\n\"MATA\/RS\": [-54.4524354819352, -29.5693917755536],\n\"NOVA ESPERAN\u00c7A DO SUL\/RS\": [-54.8358729018542, -29.4045957086276],\n\"SANTIAGO\/RS\": [-54.8690758537886, -29.1914601708944],\n\"CAP\u00c3O DO CIP\u00d3\/RS\": [-54.5546989999907, -28.9316275195542],\n\"LAVRAS DO SUL\/RS\": [-53.8984766554676, -30.8120099930395],\n\"SANTA MARGARIDA DO SUL\/RS\": [-54.0909546703586, -30.3451034509105],\n\"VILA NOVA DO SUL\/RS\": [-53.879196483097, -30.333958689168],\n\"SANTANA DA BOA VISTA\/RS\": [-53.1158749986991, -30.8747025739616],\n\"CA\u00c7APAVA DO SUL\/RS\": [-53.4875689200414, -30.5147432340801],\n\"S\u00c3O SEP\u00c9\/RS\": [-53.5696441253718, -30.1674113897135],\n\"DILERMANDO DE AGUIAR\/RS\": [-54.2135603845021, -29.7019639097539],\n\"S\u00c3O PEDRO DO SUL\/RS\": [-54.1799912875495, -29.6175307561941],\n\"SANTA MARIA\/RS\": [-53.8086753946629, -29.6855818035457],\n\"S\u00c3O MARTINHO DA SERRA\/RS\": [-53.8542256318643, -29.5348505683156],\n\"ITAARA\/RS\": [-53.7578492490045, -29.6028879547439],\n\"TOROPI\/RS\": [-54.2280109967382, -29.4721417007548],\n\"JARI\/RS\": [-54.219935820282, -29.2900810968405],\n\"QUEVEDOS\/RS\": [-54.0712547223508, -29.3519213499725],\n\"J\u00daLIO DE CASTILHOS\/RS\": [-53.683099614611, -29.2264491192748],\n\"TUPANCIRET\u00c3\/RS\": [-53.8406300553464, -29.077479730048],\n\"FORMIGUEIRO\/RS\": [-53.5002944149445, -29.9976338154204],\n\"RESTINGA SECA\/RS\": [-53.3705685765474, -29.8139485366989],\n\"SILVEIRA MARTINS\/RS\": [-53.5852374736119, -29.6452500585474],\n\"IVOR\u00c1\/RS\": [-53.5808856194398, -29.5195344843337],\n\"S\u00c3O JO\u00c3O DO POL\u00caSINE\/RS\": [-53.4463504348062, -29.6146764163643],\n\"FAXINAL DO SOTURNO\/RS\": [-53.4390648197058, -29.5743295397707],\n\"DONA FRANCISCA\/RS\": [-53.362333180785, -29.6248524913473],\n\"AGUDO\/RS\": [-53.2586916877151, -29.6456633632496],\n\"PARA\u00cdSO DO SUL\/RS\": [-53.1791002389546, -29.7313142401478],\n\"LAGOA BONITA DO SUL\/RS\": [-53.0169831807835, -29.4941314004424],\n\"NOVA PALMA\/RS\": [-53.4706351108828, -29.4730257379506],\n\"PINHAL GRANDE\/RS\": [-53.3386383371448, -29.3353601289161],\n\"IBARAMA\/RS\": [-53.1332000129437, -29.4207443610837],\n\"ESTRELA VELHA\/RS\": [-53.1602937786865, -29.1796613617013],\n\"ARROIO DO TIGRE\/RS\": [-53.0863955671765, -29.3358596133036],\n\"SOBRADINHO\/RS\": [-53.0251679436161, -29.4147731341294],\n\"SEGREDO\/RS\": [-52.9820736412151, -29.3426184273269],\n\"SALTO DO JACU\u00cd\/RS\": [-53.2133096524064, -29.0886812478169],\n\"JACUIZINHO\/RS\": [-53.0565506587969, -29.0338163561117],\n\"CAMPOS BORGES\/RS\": [-52.998914733228, -28.8921317673265],\n\"S\u00c3O BORJA\/RS\": [-56.0010291536185, -28.6628375266947],\n\"GARRUCHOS\/RS\": [-55.6340719501044, -28.1894767900687],\n\"ITACURUBI\/RS\": [-55.2327232640516, -28.802205033087],\n\"SANTO ANT\u00d4NIO DAS MISS\u00d5ES\/RS\": [-55.2245566426344, -28.5080969775919],\n\"BOSSOROCA\/RS\": [-54.9098109252545, -28.7307243302239],\n\"S\u00c3O LUIZ GONZAGA\/RS\": [-54.9596595493639, -28.4066469530094],\n\"S\u00c3O NICOLAU\/RS\": [-55.260100232028, -28.1821546933056],\n\"PIRAP\u00d3\/RS\": [-55.2003099472118, -28.0453158376278],\n\"DEZESSEIS DE NOVEMBRO\/RS\": [-55.0482085020399, -28.2268764434985],\n\"ROQUE GONZALES\/RS\": [-55.0291861243459, -28.135366986895],\n\"S\u00c3O PAULO DAS MISS\u00d5ES\/RS\": [-54.9347083422524, -28.0204849099622],\n\"PORTO XAVIER\/RS\": [-55.139560262016, -27.9056898469343],\n\"PORTO LUCENA\/RS\": [-55.0115620452524, -27.8513751159726],\n\"PORTO VERA CRUZ\/RS\": [-54.8990318240447, -27.7343739194085],\n\"CAIBAT\u00c9\/RS\": [-54.6378867042087, -28.2910748191668],\n\"S\u00c3O MIGUEL DAS MISS\u00d5ES\/RS\": [-54.5615630937001, -28.5495371215131],\n\"VIT\u00d3RIA DAS MISS\u00d5ES\/RS\": [-54.4990548870704, -28.3523872492512],\n\"ENTRE-IJU\u00cdS\/RS\": [-54.2714318511947, -28.3627942778995],\n\"SANTO \u00c2NGELO\/RS\": [-54.2641427984269, -28.3019378733474],\n\"ROLADOR\/RS\": [-54.8194269754104, -28.256344217328],\n\"S\u00c3O PEDRO DO BUTI\u00c1\/RS\": [-54.8882559534463, -28.1243539018421],\n\"SALVADOR DAS MISS\u00d5ES\/RS\": [-54.8377420188123, -28.121697445134],\n\"CERRO LARGO\/RS\": [-54.7399972398551, -28.1478408769518],\n\"CAMPINA DAS MISS\u00d5ES\/RS\": [-54.8453289508288, -27.9916900284003],\n\"MATO QUEIMADO\/RS\": [-54.6168368777268, -28.2558159870127],\n\"UBIRETAMA\/RS\": [-54.6845107762281, -28.0435647657328],\n\"C\u00c2NDIDO GOD\u00d3I\/RS\": [-54.7528340428941, -27.951318068101],\n\"ALECRIM\/RS\": [-54.7670962217407, -27.6610744578017],\n\"SANTO CRISTO\/RS\": [-54.6687478952904, -27.8199297346011],\n\"GUARANI DAS MISS\u00d5ES\/RS\": [-54.5605559296609, -28.1417792573454],\n\"SETE DE SETEMBRO\/RS\": [-54.4636861823155, -28.1304163233711],\n\"SENADOR SALGADO FILHO\/RS\": [-54.5454030325181, -28.0274895013967],\n\"GIRU\u00c1\/RS\": [-54.3508400776839, -28.0297443728968],\n\"SANTA ROSA\/RS\": [-54.4782240987609, -27.866749798923],\n\"TUPARENDI\/RS\": [-54.4785080753273, -27.7540889272987],\n\"PORTO MAU\u00c1\/RS\": [-54.671951891498, -27.5786353600571],\n\"NOVO MACHADO\/RS\": [-54.5033844145301, -27.5784006505782],\n\"TUCUNDUVA\/RS\": [-54.4331286688342, -27.6500599333578],\n\"DOUTOR MAUR\u00cdCIO CARDOSO\/RS\": [-54.3582679905268, -27.5092126137125],\n\"HORIZONTINA\/RS\": [-54.3087915108958, -27.6300969136806],\n\"J\u00d3IA\/RS\": [-54.1159648970211, -28.645623534628],\n\"EUG\u00caNIO DE CASTRO\/RS\": [-54.1481126184862, -28.5250597626107],\n\"AUGUSTO PESTANA\/RS\": [-53.9894700807226, -28.5133519891142],\n\"CORONEL BARROS\/RS\": [-54.0736624302888, -28.3845408586763],\n\"BOA VISTA DO CADEADO\/RS\": [-53.8137346351149, -28.5774344754805],\n\"IJU\u00cd\/RS\": [-53.918066835708, -28.3885365409849],\n\"BOZANO\/RS\": [-53.7724021387641, -28.3662899401941],\n\"PEJU\u00c7ARA\/RS\": [-53.6565423317737, -28.4215860641583],\n\"CATU\u00cdPE\/RS\": [-54.0123868476744, -28.2542344724617],\n\"INDEPEND\u00caNCIA\/RS\": [-54.1881083345896, -27.8473315580669],\n\"TR\u00caS DE MAIO\/RS\": [-54.2353022075467, -27.7796602188975],\n\"S\u00c3O JOS\u00c9 DO INHACOR\u00c1\/RS\": [-54.133550202739, -27.722584567332],\n\"BOA VISTA DO BURIC\u00c1\/RS\": [-54.1094812552698, -27.6715669967826],\n\"INHACOR\u00c1\/RS\": [-54.012545591408, -27.8804544583429],\n\"ALEGRIA\/RS\": [-54.0573664131385, -27.8372999563703],\n\"CHIAPETTA\/RS\": [-53.9457497023822, -27.9173647540078],\n\"S\u00c3O VAL\u00c9RIO DO SUL\/RS\": [-53.9355261513435, -27.7877181698841],\n\"S\u00c3O MARTINHO\/RS\": [-53.9669227230418, -27.7089288021284],\n\"AJURICABA\/RS\": [-53.7728188899873, -28.2377290066893],\n\"NOVA RAMADA\/RS\": [-53.7069373378916, -28.0826448724052],\n\"SANTO AUGUSTO\/RS\": [-53.7788495982932, -27.8534907764033],\n\"CAMPO NOVO\/RS\": [-53.8028138686737, -27.6744926102172],\n\"CORONEL BICACO\/RS\": [-53.7091281065014, -27.7178730196391],\n\"REDENTORA\/RS\": [-53.6419336939953, -27.6615398826699],\n\"CRUZ ALTA\/RS\": [-53.6052407621196, -28.6424466084891],\n\"BOA VISTA DO INCRA\/RS\": [-53.3887049606029, -28.8184880340187],\n\"PANAMBI\/RS\": [-53.5002651674452, -28.2927305369249],\n\"FORTALEZA DOS VALOS\/RS\": [-53.2355232639118, -28.7878829709941],\n\"QUINZE DE NOVEMBRO\/RS\": [-53.0967220567818, -28.7423613499233],\n\"ALTO ALEGRE\/RS\": [-52.9907552806891, -28.7747455370691],\n\"IBIRUB\u00c1\/RS\": [-53.0883540195233, -28.627607782438],\n\"SANTA B\u00c1RBARA DO SUL\/RS\": [-53.2505267075504, -28.3651668167465],\n\"COLORADO\/RS\": [-52.9931763194633, -28.5229477598944],\n\"SALDANHA MARINHO\/RS\": [-53.0941072015607, -28.4032861706865],\n\"CONDOR\/RS\": [-53.4889433308529, -28.2052957752937],\n\"DOIS IRM\u00c3OS DAS MISS\u00d5ES\/RS\": [-53.5308646235229, -27.6575367314489],\n\"PALMEIRA DAS MISS\u00d5ES\/RS\": [-53.3149539105514, -27.9006208754319],\n\"BOA VISTA DAS MISS\u00d5ES\/RS\": [-53.312756393758, -27.6661110350384],\n\"CHAPADA\/RS\": [-53.0672769044206, -28.0584504612393],\n\"NOVA BOA VISTA\/RS\": [-52.9814768438008, -27.9879676591236],\n\"S\u00c3O PEDRO DAS MISS\u00d5ES\/RS\": [-53.2473689788526, -27.771308460749],\n\"LAJEADO DO BUGRE\/RS\": [-53.1813871337597, -27.6907694083803],\n\"SAGRADA FAM\u00cdLIA\/RS\": [-53.1356517180311, -27.7067309905016],\n\"NOVO BARREIRO\/RS\": [-53.1134988510144, -27.9067884670258],\n\"BARRA FUNDA\/RS\": [-53.0362966696036, -27.9238258451753],\n\"S\u00c3O JOS\u00c9 DAS MISS\u00d5ES\/RS\": [-53.1187752690111, -27.7781833180516],\n\"NOVO XINGU\/RS\": [-53.0641092994744, -27.7481146921356],\n\"CONSTANTINA\/RS\": [-52.9877388321137, -27.730411086445],\n\"NOVA CANDEL\u00c1RIA\/RS\": [-54.1041142397608, -27.6120981609471],\n\"CRISSIUMAL\/RS\": [-54.1000349061653, -27.4980122693927],\n\"SEDE NOVA\/RS\": [-53.9558847238338, -27.6311628724795],\n\"HUMAIT\u00c1\/RS\": [-53.9765055737001, -27.5614898161207],\n\"TIRADENTES DO SUL\/RS\": [-54.0853922050406, -27.396898884195],\n\"TR\u00caS PASSOS\/RS\": [-53.9296989580111, -27.4561598838426],\n\"ESPERAN\u00c7A DO SUL\/RS\": [-53.9927678151195, -27.3599436088412],\n\"BOM PROGRESSO\/RS\": [-53.8667908856402, -27.5467742041554],\n\"BRAGA\/RS\": [-53.7443293820752, -27.6191925075347],\n\"TENENTE PORTELA\/RS\": [-53.7572696148981, -27.3721669191145],\n\"MIRAGUA\u00cd\/RS\": [-53.6859940447681, -27.4960764230659],\n\"DERRUBADAS\/RS\": [-53.8651194603325, -27.2653909362973],\n\"VISTA GA\u00daCHA\/RS\": [-53.7013197816331, -27.2899783753414],\n\"PINHEIRINHO DO VALE\/RS\": [-53.6195609569296, -27.2097627892597],\n\"BARRA DO GUARITA\/RS\": [-53.7144126933058, -27.1880699614942],\n\"ITAPIRANGA\/SC\": [-53.7148020649025, -27.1753750894904],\n\"TUN\u00c1POLIS\/SC\": [-53.641459736047, -26.9722235914893],\n\"SANTA HELENA\/SC\": [-53.6199878739379, -26.9398439236403],\n\"BANDEIRANTE\/SC\": [-53.64104958659, -26.7689379013244],\n\"PARA\u00cdSO\/SC\": [-53.6753141316767, -26.6152629707929],\n\"ERVAL SECO\/RS\": [-53.5095730836612, -27.5494171265095],\n\"PALMITINHO\/RS\": [-53.5555460129883, -27.3560199139378],\n\"VISTA ALEGRE\/RS\": [-53.4924104661248, -27.3700841700745],\n\"TAQUARU\u00c7U DO SUL\/RS\": [-53.4669519596144, -27.3980360509079],\n\"SEBERI\/RS\": [-53.4054673035279, -27.4804138165262],\n\"FREDERICO WESTPHALEN\/RS\": [-53.4007767388514, -27.358882412381],\n\"S\u00c3O JO\u00c3O DO OESTE\/SC\": [-53.5959666797443, -27.0974826254415],\n\"CAI\u00c7ARA\/RS\": [-53.431895485104, -27.280940664627],\n\"VICENTE DUTRA\/RS\": [-53.4021290554094, -27.1684450441447],\n\"MONDA\u00cd\/SC\": [-53.3986840279187, -27.1036116941033],\n\"RIQUEZA\/SC\": [-53.3252862115099, -27.0675941645796],\n\"JABOTICABA\/RS\": [-53.2843894020471, -27.631222386294],\n\"PINHAL\/RS\": [-53.2147061788915, -27.5116742434576],\n\"CERRO GRANDE\/RS\": [-53.1659130764764, -27.6079801347369],\n\"NOVO TIRADENTES\/RS\": [-53.1857025890656, -27.5635584344757],\n\"CRISTAL DO SUL\/RS\": [-53.2491844952574, -27.4536295671694],\n\"RODEIO BONITO\/RS\": [-53.1685306043438, -27.4704034354621],\n\"AMETISTA DO SUL\/RS\": [-53.1921772619969, -27.3564254737849],\n\"LIBERATO SALZANO\/RS\": [-53.0748607372178, -27.5964701638556],\n\"IRA\u00cd\/RS\": [-53.2642960185149, -27.1922819750184],\n\"CAIBI\/SC\": [-53.2505271955837, -27.073053932558],\n\"PALMITOS\/SC\": [-53.1622672928949, -27.0702505491681],\n\"PLANALTO\/RS\": [-53.058880813139, -27.3314638754662],\n\"ALPESTRE\/RS\": [-53.0373660485512, -27.2487687566901],\n\"S\u00c3O CARLOS\/SC\": [-53.017394273321, -27.0786350778961],\n\"\u00c1GUAS DE CHAPEC\u00d3\/SC\": [-52.9872510056855, -27.0762129124757],\n\"IPOR\u00c3 DO OESTE\/SC\": [-53.5395118843069, -26.9960166793445],\n\"BELMONTE\/SC\": [-53.5809772314809, -26.8445863474828],\n\"DESCANSO\/SC\": [-53.5046288706139, -26.8178702209916],\n\"FLOR DO SERT\u00c3O\/SC\": [-53.3448914354815, -26.7794323287604],\n\"S\u00c3O MIGUEL DO OESTE\/SC\": [-53.5188394061561, -26.7264271766606],\n\"GUARACIABA\/SC\": [-53.5220897181838, -26.6003475707552],\n\"PRINCESA\/SC\": [-53.5981058756425, -26.4443352068206],\n\"S\u00c3O JOS\u00c9 DO CEDRO\/SC\": [-53.5001241069131, -26.4560602968492],\n\"BARRA BONITA\/SC\": [-53.4413025406045, -26.6522935998562],\n\"ROMEL\u00c2NDIA\/SC\": [-53.320158400046, -26.679463563118],\n\"ANCHIETA\/SC\": [-53.333270177229, -26.5356808606572],\n\"CUNHA POR\u00c3\/SC\": [-53.1738455719665, -26.8917270824506],\n\"IRACEMINHA\/SC\": [-53.2760577940404, -26.8240650315757],\n\"MARAVILHA\/SC\": [-53.174818815895, -26.7616239472618],\n\"CUNHATA\u00cd\/SC\": [-53.0932904925904, -26.9731396983276],\n\"SAUDADES\/SC\": [-52.9955697272511, -26.9197569510449],\n\"MODELO\/SC\": [-53.0535007992379, -26.7780420756962],\n\"PINHALZINHO\/SC\": [-52.9822532451308, -26.8488143342201],\n\"S\u00c3O MIGUEL DA BOA VISTA\/SC\": [-53.2545563766802, -26.694475145317],\n\"TIGRINHOS\/SC\": [-53.1575419839148, -26.6894748377594],\n\"SANTA TEREZINHA DO PROGRESSO\/SC\": [-53.1998469616569, -26.6197755738665],\n\"BOM JESUS DO OESTE\/SC\": [-53.0953502802337, -26.6918115545937],\n\"SALTINHO\/SC\": [-53.058631248926, -26.6085589195734],\n\"SERRA ALTA\/SC\": [-53.0462763415455, -26.7247733740512],\n\"FOZ DO IGUA\u00c7U\/PR\": [-54.5871024886047, -25.5424932795293],\n\"SANTA TEREZINHA DE ITAIPU\/PR\": [-54.3995187311272, -25.4421605134166],\n\"ITAIPUL\u00c2NDIA\/PR\": [-54.3050007423361, -25.1384806509619],\n\"SANTA HELENA\/PR\": [-54.3364531522835, -24.8570958306367],\n\"DION\u00cdSIO CERQUEIRA\/SC\": [-53.6313951228273, -26.2664885336603],\n\"BARRAC\u00c3O\/PR\": [-53.6350002652568, -26.2526028442091],\n\"SANTO ANT\u00d4NIO DO SUDOESTE\/PR\": [-53.7230834338629, -26.0749754785585],\n\"PRANCHITA\/PR\": [-53.742622639593, -26.0156642887295],\n\"P\u00c9ROLA D'OESTE\/PR\": [-53.740108472608, -25.828265676702],\n\"BELA VISTA DA CAROBA\/PR\": [-53.6660426284896, -25.8794933222508],\n\"S\u00c3O MIGUEL DO IGUA\u00c7U\/PR\": [-54.242120554007, -25.3488942672582],\n\"MEDIANEIRA\/PR\": [-54.0917821269221, -25.2924975],\n\"SERRAN\u00d3POLIS DO IGUA\u00c7U\/PR\": [-54.0583765839748, -25.3798841827825],\n\"MATEL\u00c2NDIA\/PR\": [-53.9743873416592, -25.2379210128539],\n\"PLANALTO\/PR\": [-53.770857430338, -25.7121014977616],\n\"CAPANEMA\/PR\": [-53.8001786950115, -25.682977417434],\n\"CAPIT\u00c3O LE\u00d4NIDAS MARQUES\/PR\": [-53.6172110107619, -25.4794684845174],\n\"GUARUJ\u00c1 DO SUL\/SC\": [-53.5254451083141, -26.384920604032],\n\"BOM JESUS DO SUL\/PR\": [-53.5995999694702, -26.1928749692651],\n\"FLOR DA SERRA DO SUL\/PR\": [-53.3085976818885, -26.2552988459276],\n\"SALGADO FILHO\/PR\": [-53.3621154225924, -26.170460518652],\n\"MANFRIN\u00d3POLIS\/PR\": [-53.3125829630542, -26.1437768725464],\n\"PINHAL DE S\u00c3O BENTO\/PR\": [-53.483090442217, -26.0327285546862],\n\"AMP\u00c9RE\/PR\": [-53.4732567447246, -25.9170684652826],\n\"PALMA SOLA\/SC\": [-53.2799772512092, -26.3465081338035],\n\"CAMPO ER\u00ca\/SC\": [-53.0901551703376, -26.3945511410056],\n\"MARMELEIRO\/PR\": [-53.0261839782571, -26.1486971929932],\n\"RENASCEN\u00c7A\/PR\": [-52.9721620116988, -26.1562209295429],\n\"NOVA ESPERAN\u00c7A DO SUDOESTE\/PR\": [-53.2642073185992, -25.8987792083355],\n\"EN\u00c9AS MARQUES\/PR\": [-53.166185268213, -25.9407559827093],\n\"FRANCISCO BELTR\u00c3O\/PR\": [-53.0561357214894, -26.07845],\n\"REALEZA\/PR\": [-53.532574359025, -25.762579950614],\n\"SANTA IZABEL DO OESTE\/PR\": [-53.4836175358081, -25.8143812184215],\n\"SALTO DO LONTRA\/PR\": [-53.314935101821, -25.7767652429306],\n\"NOVA PRATA DO IGUA\u00c7U\/PR\": [-53.3479572462114, -25.631877090964],\n\"SANTA L\u00daCIA\/PR\": [-53.5711436726035, -25.4113199197696],\n\"LINDOESTE\/PR\": [-53.5771259362793, -25.2559851259617],\n\"BOA VISTA DA APARECIDA\/PR\": [-53.411736489037, -25.4304049443238],\n\"BOA ESPERAN\u00c7A DO IGUA\u00c7U\/PR\": [-53.2171600749416, -25.6358731593967],\n\"CRUZEIRO DO IGUA\u00c7U\/PR\": [-53.1268226637842, -25.6165692702865],\n\"DOIS VIZINHOS\/PR\": [-53.0548359924348, -25.74601002],\n\"TR\u00caS BARRAS DO PARAN\u00c1\/PR\": [-53.187498800546, -25.4194083194783],\n\"MISSAL\/PR\": [-54.2431753258264, -25.0911596680568],\n\"DIAMANTE D'OESTE\/PR\": [-54.1036264276883, -24.9421618556159],\n\"RAMIL\u00c2NDIA\/PR\": [-54.0272370317877, -25.1189865236099],\n\"ENTRE RIOS DO OESTE\/PR\": [-54.2448936714884, -24.7081421701975],\n\"PATO BRAGADO\/PR\": [-54.231395741042, -24.6256440144925],\n\"S\u00c3O JOS\u00c9 DAS PALMEIRAS\/PR\": [-54.0599182790456, -24.8340818673691],\n\"C\u00c9U AZUL\/PR\": [-53.8572693830674, -25.1497612093124],\n\"VERA CRUZ DO OESTE\/PR\": [-53.8800300706254, -25.0631701890109],\n\"S\u00c3O PEDRO DO IGUA\u00c7U\/PR\": [-53.8598616786826, -24.9309309248552],\n\"SANTA TEREZA DO OESTE\/PR\": [-53.6272357310511, -25.058721900954],\n\"OURO VERDE DO OESTE\/PR\": [-53.8995380841541, -24.7707942898476],\n\"TOLEDO\/PR\": [-53.7414114911568, -24.732077],\n\"MERCEDES\/PR\": [-54.1644357171677, -24.4488897646012],\n\"MARECHAL C\u00c2NDIDO RONDON\/PR\": [-54.0600078164531, -24.559254495],\n\"QUATRO PONTES\/PR\": [-53.9726991274637, -24.5732085847918],\n\"NOVA SANTA ROSA\/PR\": [-53.955116084308, -24.4647645333137],\n\"TERRA ROXA\/PR\": [-54.0985136359671, -24.16748352606],\n\"GUA\u00cdRA\/PR\": [-54.2467577203893, -24.08527548],\n\"MARIP\u00c1\/PR\": [-53.8334777829878, -24.4172088392526],\n\"PALOTINA\/PR\": [-53.8387717238929, -24.279409485],\n\"FRANCISCO ALVES\/PR\": [-53.8440159671513, -24.0675754043871],\n\"IPOR\u00c3\/PR\": [-53.7180991714403, -24.002580498538],\n\"CASCAVEL\/PR\": [-53.4597221819856, -24.9537975],\n\"CORB\u00c9LIA\/PR\": [-53.2965277769968, -24.7996495159732],\n\"CAFEL\u00c2NDIA\/PR\": [-53.3249164784302, -24.6156669761343],\n\"CATANDUVAS\/PR\": [-53.1537063668495, -25.1964932494608],\n\"IBEMA\/PR\": [-53.0231216933671, -25.1128670711596],\n\"CAMPO BONITO\/PR\": [-52.9968696036502, -25.0396344827897],\n\"ANAHY\/PR\": [-53.1333198286711, -24.6475824586186],\n\"BRAGANEY\/PR\": [-53.1210736649672, -24.8148946326325],\n\"IGUATU\/PR\": [-53.0860050753783, -24.7112618444418],\n\"TUP\u00c3SSI\/PR\": [-53.5144953148303, -24.5798134088754],\n\"ASSIS CHATEAUBRIAND\/PR\": [-53.5212369274392, -24.4085300849158],\n\"JESU\u00cdTAS\/PR\": [-53.3881148800191, -24.3772489097272],\n\"IRACEMA DO OESTE\/PR\": [-53.358110555243, -24.4290304152957],\n\"BRASIL\u00c2NDIA DO SUL\/PR\": [-53.5240418135567, -24.1938462811774],\n\"FORMOSA DO OESTE\/PR\": [-53.3161610107395, -24.2941972137273],\n\"ALTO PIQUIRI\/PR\": [-53.4412490788684, -24.0190125564173],\n\"NOVA AURORA\/PR\": [-53.2575255396178, -24.5284853289959],\n\"UBIRAT\u00c3\/PR\": [-52.9945060158456, -24.5410348849922],\n\"MARILUZ\/PR\": [-53.1515258188949, -24.0037326297737],\n\"QUARTO CENTEN\u00c1RIO\/PR\": [-53.0752885848612, -24.2790209177585],\n\"GOIOER\u00ca\/PR\": [-53.0273189133007, -24.1891883938618],\n\"MOREIRA SALES\/PR\": [-53.0134465696634, -24.0447582369354],\n\"VILA BELA DA SANT\u00cdSSIMA TRINDADE\/MT\": [-59.9525581994781, -15.0093244787806],\n\"CONQUISTA D'OESTE\/MT\": [-59.5450742072991, -14.5362728149759],\n\"NOVA LACERDA\/MT\": [-59.5903305027945, -14.4697889940042],\n\"PORTO ESPERIDI\u00c3O\/MT\": [-58.4692987422521, -15.8576348619178],\n\"INDIAVA\u00cd\/MT\": [-58.5739923860232, -15.4975142295561],\n\"GL\u00d3RIA D'OESTE\/MT\": [-58.314485588724, -15.7679623095483],\n\"S\u00c3O JOS\u00c9 DOS QUATRO MARCOS\/MT\": [-58.176505937373, -15.6271057366723],\n\"PONTES E LACERDA\/MT\": [-59.3380018443657, -15.22972757111],\n\"VALE DE S\u00c3O DOMINGOS\/MT\": [-59.064571157227, -15.2958978418302],\n\"JAURU\/MT\": [-58.8798383973631, -15.3418963815145],\n\"FIGUEIR\u00d3POLIS D'OESTE\/MT\": [-58.7378245488632, -15.4461351146319],\n\"ARAPUTANGA\/MT\": [-58.3483671518683, -15.4681442696685],\n\"RIO BRANCO\/MT\": [-58.1179393479916, -15.2356828101436],\n\"RESERVA DO CABA\u00c7AL\/MT\": [-58.3853645299516, -15.1224095311857],\n\"SALTO DO C\u00c9U\/MT\": [-58.1267518070165, -15.1358245747687],\n\"PORTO MURTINHO\/MS\": [-57.8884823022607, -21.707324558832],\n\"CARACOL\/MS\": [-57.0259387643523, -22.0127382891948],\n\"CORONEL SAPUCAIA\/MS\": [-55.5413276902645, -23.2764445607858],\n\"ARAL MOREIRA\/MS\": [-55.6307614468625, -22.9478813290856],\n\"BELA VISTA\/MS\": [-56.5313145677842, -22.1159761784366],\n\"ANT\u00d4NIO JO\u00c3O\/MS\": [-55.9480815053866, -22.1946853905287],\n\"PONTA POR\u00c3\/MS\": [-55.7108501778637, -22.4861870787603],\n\"BONITO\/MS\": [-56.4928586185731, -21.1243412844496],\n\"BODOQUENA\/MS\": [-56.6735673000081, -20.5548426981466],\n\"JARDIM\/MS\": [-56.1458445844119, -21.4796031457566],\n\"GUIA LOPES DA LAGUNA\/MS\": [-56.1081525022452, -21.4524591422453],\n\"NIOAQUE\/MS\": [-55.8338899214135, -21.1581523134991],\n\"ANAST\u00c1CIO\/MS\": [-55.8045705990792, -20.4823601995756],\n\"AQUIDAUANA\/MS\": [-55.7906160902267, -20.4746543469162],\n\"MIRANDA\/MS\": [-56.3901982861341, -20.2393334990435],\n\"PARANHOS\/MS\": [-55.4330304573901, -23.8968696614801],\n\"SETE QUEDAS\/MS\": [-55.0533150890634, -23.9835132549713],\n\"TACURU\/MS\": [-55.0203205182963, -23.6347420220157],\n\"AMAMBAI\/MS\": [-55.2438276926237, -23.1005822383764],\n\"JAPOR\u00c3\/MS\": [-54.4034847428654, -23.8940669514617],\n\"MUNDO NOVO\/MS\": [-54.2816614237766, -23.9352736181859],\n\"ELDORADO\/MS\": [-54.2800282489385, -23.7740539200754],\n\"IGUATEMI\/MS\": [-54.5586010866498, -23.6619015645078],\n\"JUTI\/MS\": [-54.6013228312571, -22.8624718343925],\n\"LAGUNA CARAP\u00c3\/MS\": [-55.1501077344737, -22.5505815145126],\n\"MARACAJU\/MS\": [-55.1571395689956, -21.6236103838164],\n\"CAARAP\u00d3\/MS\": [-54.8269701013583, -22.6365822193983],\n\"DOURADOS\/MS\": [-54.8112891228926, -22.2272355368988],\n\"JATE\u00cd\/MS\": [-54.3080543756429, -22.4816870305277],\n\"F\u00c1TIMA DO SUL\/MS\": [-54.5163759902411, -22.3754232110589],\n\"VICENTINA\/MS\": [-54.4421247768421, -22.4017875573449],\n\"ITAPOR\u00c3\/MS\": [-54.7956587372653, -22.0824475601645],\n\"DOURADINA\/MS\": [-54.6079306686314, -22.0455302820426],\n\"RIO BRILHANTE\/MS\": [-54.5422422224689, -21.8011952575732],\n\"ITAQUIRA\u00cd\/MS\": [-54.1881983027434, -23.4906632623464],\n\"ALT\u00d4NIA\/PR\": [-53.8919738559114, -23.8708814057507],\n\"S\u00c3O JORGE DO PATROC\u00cdNIO\/PR\": [-53.8833305620973, -23.7582479652566],\n\"ESPERAN\u00c7A NOVA\/PR\": [-53.8104950389931, -23.7246547648773],\n\"P\u00c9ROLA\/PR\": [-53.6732521304902, -23.7974787686894],\n\"ALTO PARA\u00cdSO\/PR\": [-53.7328931507692, -23.5081307379288],\n\"ICARA\u00cdMA\/PR\": [-53.6255701622959, -23.3967114280053],\n\"NAVIRA\u00cd\/MS\": [-54.1988361701181, -23.0599994824999],\n\"CAFEZAL DO SUL\/PR\": [-53.5110648541672, -23.9047044712396],\n\"XAMBR\u00ca\/PR\": [-53.4869406945526, -23.7383943961389],\n\"PEROBAL\/PR\": [-53.4115002037974, -23.8945617452713],\n\"UMUARAMA\/PR\": [-53.3084598047956, -23.76395],\n\"IVAT\u00c9\/PR\": [-53.3738794057888, -23.4095888739513],\n\"CRUZEIRO DO OESTE\/PR\": [-53.0818216076221, -23.7769048606571],\n\"MARIA HELENA\/PR\": [-53.2048192711896, -23.6176096561206],\n\"NOVA OL\u00cdMPIA\/PR\": [-53.0912329510219, -23.4711009791015],\n\"QUER\u00caNCIA DO NORTE\/PR\": [-53.4870407060353, -23.0865285793462],\n\"DOURADINA\/PR\": [-53.2964486552293, -23.3819072161657],\n\"SANTA CRUZ DE MONTE CASTELO\/PR\": [-53.2973064204957, -22.9585816078019],\n\"TAPIRA\/PR\": [-53.0753253067345, -23.3171088650566],\n\"SANTA M\u00d4NICA\/PR\": [-53.1112728730423, -23.1054239387676],\n\"SANTA ISABEL DO IVA\u00cd\/PR\": [-53.1959475093714, -23.001088809404],\n\"S\u00c3O PEDRO DO PARAN\u00c1\/PR\": [-53.2229371404628, -22.8251294492252],\n\"LOANDA\/PR\": [-53.1344689597801, -22.9302286218534],\n\"GL\u00d3RIA DE DOURADOS\/MS\": [-54.2346287898579, -22.4144245309986],\n\"DEOD\u00c1POLIS\/MS\": [-54.1611832428627, -22.2729491422667],\n\"NOVO HORIZONTE DO SUL\/MS\": [-53.8608865570425, -22.6549531055812],\n\"IVINHEMA\/MS\": [-53.8269701470603, -22.3016035627085],\n\"ANG\u00c9LICA\/MS\": [-53.7697304804627, -22.1560625224337],\n\"TAQUARUSSU\/MS\": [-53.3519187419396, -22.4899870565257],\n\"NOVA ANDRADINA\/MS\": [-53.3515738148688, -22.2487593127534],\n\"PORTO RICO\/PR\": [-53.2679681115051, -22.7783515586479],\n\"MARILENA\/PR\": [-53.0371858842334, -22.7318252451306],\n\"NOVA LONDRINA\/PR\": [-52.9863126298766, -22.7638686048357],\n\"ROSANA\/SP\": [-53.0586544794081, -22.5811754993051],\n\"BATAYPOR\u00c3\/MS\": [-53.2748069911071, -22.2958799665907],\n\"DOIS IRM\u00c3OS DO BURITI\/MS\": [-55.281914486329, -20.6923120582393],\n\"SIDROL\u00c2NDIA\/MS\": [-54.9660301365064, -20.9310544595365],\n\"NOVA ALVORADA DO SUL\/MS\": [-54.3828036000825, -21.4666342525148],\n\"TERENOS\/MS\": [-54.8655566306489, -20.4423076800354],\n\"CAMPO GRANDE\/MS\": [-54.6157435664588, -20.4580299878639],\n\"ROCHEDO\/MS\": [-54.8927719306444, -19.9618596065419],\n\"RIO NEGRO\/MS\": [-54.9875023242982, -19.4474291073405],\n\"CORGUINHO\/MS\": [-54.8300060009779, -19.8312180172352],\n\"JARAGUARI\/MS\": [-54.4406839539385, -20.103740391705],\n\"BANDEIRANTES\/MS\": [-54.3631938942841, -19.9209203030945],\n\"S\u00c3O GABRIEL DO OESTE\/MS\": [-54.5645690937601, -19.3955213701578],\n\"RIBAS DO RIO PARDO\/MS\": [-53.761677624322, -20.4436755255861],\n\"CAMAPU\u00c3\/MS\": [-54.043309486428, -19.5352597987482],\n\"CORUMB\u00c1\/MS\": [-57.6489854573401, -19.0063746546458],\n\"LAD\u00c1RIO\/MS\": [-57.6024001955275, -19.0017756680233],\n\"MIRASSOL D'OESTE\/MT\": [-58.0979035689912, -15.6740707810881],\n\"CURVEL\u00c2NDIA\/MT\": [-57.9171149786644, -15.6093061708567],\n\"C\u00c1CERES\/MT\": [-57.6747623072181, -16.0740956303637],\n\"LAMBARI D'OESTE\/MT\": [-58.0058251786064, -15.3155012400441],\n\"TANGAR\u00c1 DA SERRA\/MT\": [-57.4912991530603, -14.623784750468],\n\"PORTO ESTRELA\/MT\": [-57.2013572999111, -15.3313363060043],\n\"BARRA DO BUGRES\/MT\": [-57.1864086868428, -15.0662579403434],\n\"NOVA OL\u00cdMPIA\/MT\": [-57.2829239619584, -14.7794142418653],\n\"DENISE\/MT\": [-57.0537772728323, -14.7338159183318],\n\"SANTO AFONSO\/MT\": [-57.0005036374709, -14.4907768196978],\n\"AREN\u00c1POLIS\/MT\": [-56.8444892395472, -14.4555216659758],\n\"NOVA MARIL\u00c2NDIA\/MT\": [-56.9731767858961, -14.3624512717366],\n\"POCON\u00c9\/MT\": [-56.626509352735, -16.2595094669667],\n\"NOSSA SENHORA DO LIVRAMENTO\/MT\": [-56.3452585551782, -15.7896762066682],\n\"BAR\u00c3O DE MELGA\u00c7O\/MT\": [-55.9671211336846, -16.1950994476433],\n\"SANTO ANT\u00d4NIO DO LEVERGER\/MT\": [-56.0941622007565, -15.8691790439575],\n\"V\u00c1RZEA GRANDE\/MT\": [-56.1446637401866, -15.6580648240885],\n\"CUIAB\u00c1\/MT\": [-56.0732520381911, -15.5699890131206],\n\"JANGADA\/MT\": [-56.490194562614, -15.2396872255932],\n\"ACORIZAL\/MT\": [-56.3715525667098, -15.1978899803339],\n\"NORTEL\u00c2NDIA\/MT\": [-56.8020689751516, -14.4537245567653],\n\"ROS\u00c1RIO OESTE\/MT\": [-56.4282932054054, -14.8264275714772],\n\"NOBRES\/MT\": [-56.3340848305988, -14.7245002733703],\n\"ALTO PARAGUAI\/MT\": [-56.4944416625755, -14.5147118103311],\n\"DIAMANTINO\/MT\": [-56.433566081512, -14.4013229621649],\n\"CHAPADA DOS GUIMAR\u00c3ES\/MT\": [-55.7450045178921, -15.4605696789085],\n\"RIO VERDE DE MATO GROSSO\/MS\": [-54.8422536901125, -18.9165864402561],\n\"COXIM\/MS\": [-54.7580559501933, -18.5084105386467],\n\"PEDRO GOMES\/MS\": [-54.5524458291661, -18.1018562342507],\n\"SONORA\/MS\": [-54.7549062179542, -17.5813552344532],\n\"FIGUEIR\u00c3O\/MS\": [-53.6425733238918, -18.6754480707676],\n\"ALCIN\u00d3POLIS\/MS\": [-53.7080896262813, -18.3250339793628],\n\"COSTA RICA\/MS\": [-53.1330469048741, -18.5435483884105],\n\"ITIQUIRA\/MT\": [-54.1443008960004, -17.2068250553657],\n\"ALTO TAQUARI\/MT\": [-53.2819931222741, -17.8347436507218],\n\"ALTO ARAGUAIA\/MT\": [-53.2202603299843, -17.3155899403964],\n\"SANTA RITA DO ARAGUAIA\/GO\": [-53.2051465107986, -17.3263507863191],\n\"ALTO GAR\u00c7AS\/MT\": [-53.5284541196243, -16.9467221760397],\n\"ARAGUAINHA\/MT\": [-53.03561988386, -16.8575455378911],\n\"JACIARA\/MT\": [-54.9641881751901, -15.9648381841494],\n\"S\u00c3O PEDRO DA CIPA\/MT\": [-54.9189931830667, -16.002708520526],\n\"DOM AQUINO\/MT\": [-54.9174807825692, -15.8074551507897],\n\"CAMPO VERDE\/MT\": [-55.1716554148957, -15.5537042703149],\n\"RONDON\u00d3POLIS\/MT\": [-54.6335870401784, -16.4701628734998],\n\"PEDRA PRETA\/MT\": [-54.4713956382101, -16.6222104158826],\n\"S\u00c3O JOS\u00c9 DO POVO\/MT\": [-54.2562463683381, -16.4663303087874],\n\"JUSCIMEIRA\/MT\": [-54.8887609429504, -16.0446851891088],\n\"POXOR\u00c9O\/MT\": [-54.4007326559538, -15.818135556981],\n\"PRIMAVERA DO LESTE\/MT\": [-54.3000532591227, -15.5522935931141],\n\"NOVA BRASIL\u00c2NDIA\/MT\": [-54.9719088691261, -14.925464456005],\n\"PLANALTO DA SERRA\/MT\": [-54.7834957522787, -14.6607059394903],\n\"GUIRATINGA\/MT\": [-53.7609640294195, -16.3483892680666],\n\"TESOURO\/MT\": [-53.5558439620298, -16.0752374012224],\n\"PARANATINGA\/MT\": [-54.0540919919065, -14.4276984800989],\n\"SANTO ANT\u00d4NIO DO LESTE\/MT\": [-53.6117238521722, -14.8008133965517],\n\"NOVO S\u00c3O JOAQUIM\/MT\": [-53.0161155129018, -14.8865652627151],\n\"SANTA ROSA DO PURUS\/AC\": [-70.4864968937616, -9.44340653741185],\n\"ASSIS BRASIL\/AC\": [-69.5634591746677, -10.9428656809172],\n\"EPITACIOL\u00c2NDIA\/AC\": [-68.7448680666749, -11.0282398279564],\n\"BRASIL\u00c9IA\/AC\": [-68.7479434259584, -11.0164110190858],\n\"XAPURI\/AC\": [-68.5062948050463, -10.6520719403355],\n\"MARECHAL THAUMATURGO\/AC\": [-72.7902659086983, -8.95359112315366],\n\"PORTO WALTER\/AC\": [-72.7423339648033, -8.26666636282753],\n\"M\u00c2NCIO LIMA\/AC\": [-72.9165010261308, -7.59322259385836],\n\"RODRIGUES ALVES\/AC\": [-72.6478549141997, -7.73360203372322],\n\"CRUZEIRO DO SUL\/AC\": [-72.6725313174358, -7.63069000500981],\n\"GUAJAR\u00c1\/AM\": [-72.5824305383396, -7.5477744148336],\n\"JORD\u00c3O\/AC\": [-71.9508751248365, -9.19335785982848],\n\"IPIXUNA\/AM\": [-71.6944180603084, -7.05098011443721],\n\"TARAUAC\u00c1\/AC\": [-70.7555010628937, -8.15566859176562],\n\"FEIJ\u00d3\/AC\": [-70.3539836082165, -8.16024753],\n\"ENVIRA\/AM\": [-70.0304125429825, -7.43981754396838],\n\"MANOEL URBANO\/AC\": [-69.2599445775075, -8.83631773689166],\n\"SENA MADUREIRA\/AC\": [-68.655684061692, -9.065339505],\n\"EIRUNEP\u00c9\/AM\": [-69.8662902624416, -6.66735256685182],\n\"SENADOR GUIOMARD\/AC\": [-67.7431723600051, -10.1481735861989],\n\"BUJARI\/AC\": [-67.9518592792015, -9.82001962670938],\n\"RIO BRANCO\/AC\": [-67.8105287004235, -9.97829875272498],\n\"CAPIXABA\/AC\": [-67.6735079719432, -10.5697677087928],\n\"PL\u00c1CIDO DE CASTRO\/AC\": [-67.1882600861516, -10.3351332827427],\n\"PORTO ACRE\/AC\": [-67.5405900835194, -9.60085823118788],\n\"ACREL\u00c2NDIA\/AC\": [-67.0523165800206, -10.0737938924635],\n\"COSTA MARQUES\/RO\": [-64.2316539391172, -12.4360138777142],\n\"S\u00c3O FRANCISCO DO GUAPOR\u00c9\/RO\": [-63.5708647107649, -12.0637984122334],\n\"GUAJAR\u00c1-MIRIM\/RO\": [-65.3239518196923, -10.7738837406705],\n\"NOVA MAMOR\u00c9\/RO\": [-65.3291490231467, -10.4117712947002],\n\"CAMPO NOVO DE ROND\u00d4NIA\/RO\": [-63.6249914265426, -10.5684164693485],\n\"BURITIS\/RO\": [-63.8296787917565, -10.2098054072356],\n\"MONTE NEGRO\/RO\": [-63.2955591672175, -10.263097755883],\n\"ALTO PARA\u00cdSO\/RO\": [-63.3176294334976, -9.71666673807728],\n\"BOCA DO ACRE\/AM\": [-67.3995777566805, -8.75124319609379],\n\"PAUINI\/AM\": [-67.0020974885282, -7.71404364432219],\n\"ITAMARATI\/AM\": [-68.2479174359782, -6.43779934861918],\n\"CARAUARI\/AM\": [-66.8966352816837, -4.88166590420413],\n\"L\u00c1BREA\/AM\": [-64.79477302752, -7.26194655332705],\n\"CANDEIAS DO JAMARI\/RO\": [-63.7000200718298, -8.78502070347748],\n\"PORTO VELHO\/RO\": [-63.8314456543611, -8.76889179],\n\"CANUTAMA\/AM\": [-64.3942308189288, -6.52910607582614],\n\"FERNANDO DE NORONHA\/PE\": [-32.4351863280529, -3.85202140078181],\n\"ATALAIA DO NORTE\/AM\": [-70.1879892845226, -4.36615748971603],\n\"BENJAMIN CONSTANT\/AM\": [-70.0273484332765, -4.37498901860391],\n\"TABATINGA\/AM\": [-69.9462443752272, -4.23188367564665],\n\"S\u00c3O PAULO DE OLIVEN\u00c7A\/AM\": [-68.9448534881358, -3.46650962349132],\n\"AMATUR\u00c1\/AM\": [-68.2096146409404, -3.36680518750561],\n\"SANTO ANT\u00d4NIO DO I\u00c7\u00c1\/AM\": [-67.9464851438841, -3.10748630918151],\n\"TONANTINS\/AM\": [-67.7764822806952, -2.86109124983543],\n\"JURU\u00c1\/AM\": [-66.0630419255434, -3.47488959889068],\n\"JUTA\u00cd\/AM\": [-66.7713275466878, -2.74464644685786],\n\"FONTE BOA\/AM\": [-66.0965029898347, -2.51227068454779],\n\"S\u00c3O GABRIEL DA CACHOEIRA\/AM\": [-67.0836428963463, -0.136462788116522],\n\"JAPUR\u00c1\/AM\": [-66.9969034946413, -1.880844858703],\n\"TEF\u00c9\/AM\": [-64.7084196633027, -3.34837249394151],\n\"UARINI\/AM\": [-65.1553456401554, -2.9836092426921],\n\"ALVAR\u00c3ES\/AM\": [-64.8135346775686, -3.21658376906639],\n\"MARA\u00c3\/AM\": [-65.5742837031641, -1.86643687730125],\n\"SANTA ISABEL DO RIO NEGRO\/AM\": [-65.020022639512, -0.416694831881864],\n\"ALTA FLORESTA D'OESTE\/RO\": [-61.9998238962936, -11.9355403047646],\n\"PIMENTEIRAS DO OESTE\/RO\": [-61.0443790025384, -13.4765620024615],\n\"CEREJEIRAS\/RO\": [-60.8184261646815, -13.1950330320399],\n\"ALTO ALEGRE DOS PARECIS\/RO\": [-61.853077168603, -12.1317772245709],\n\"SANTA LUZIA D'OESTE\/RO\": [-61.7733054630545, -11.908423332469],\n\"PARECIS\/RO\": [-61.5979979726776, -12.1798270507077],\n\"S\u00c3O FELIPE D'OESTE\/RO\": [-61.5125081133327, -11.9143893546886],\n\"PRIMAVERA DE ROND\u00d4NIA\/RO\": [-61.3165462429165, -11.8257069542468],\n\"CORUMBIARA\/RO\": [-60.9487011706614, -12.9975202364834],\n\"CHUPINGUAIA\/RO\": [-60.9018477499554, -12.5568407610938],\n\"SERINGUEIRAS\/RO\": [-63.0387609977072, -11.767116635607],\n\"S\u00c3O MIGUEL DO GUAPOR\u00c9\/RO\": [-62.7200634814364, -11.699489743806],\n\"MIRANTE DA SERRA\/RO\": [-62.6694270952566, -11.045609289937],\n\"GOVERNADOR JORGE TEIXEIRA\/RO\": [-62.7404576394632, -10.6120717726075],\n\"NOVA BRASIL\u00c2NDIA D'OESTE\/RO\": [-62.308230163019, -11.7213254138559],\n\"ALVORADA D'OESTE\/RO\": [-62.2772748656972, -11.3441300234334],\n\"NOVO HORIZONTE DO OESTE\/RO\": [-61.9943876627606, -11.7097429200152],\n\"CASTANHEIRAS\/RO\": [-61.9491611964662, -11.4268422254625],\n\"NOVA UNI\u00c3O\/RO\": [-62.55508939888, -10.9155320416628],\n\"URUP\u00c1\/RO\": [-62.3706324537667, -11.1285452756794],\n\"TEIXEIR\u00d3POLIS\/RO\": [-62.2559222539546, -10.9321692860399],\n\"OURO PRETO DO OESTE\/RO\": [-62.2610551904363, -10.7235739008135],\n\"CACAUL\u00c2NDIA\/RO\": [-62.9031899345687, -10.3388728393928],\n\"ARIQUEMES\/RO\": [-63.0332692780484, -9.9084628665672],\n\"RIO CRESPO\/RO\": [-62.9000103659589, -9.70553670973949],\n\"JARU\/RO\": [-62.4762307081317, -10.4359487678844],\n\"THEOBROMA\/RO\": [-62.3451455299349, -10.2487305520261],\n\"VALE DO PARA\u00cdSO\/RO\": [-62.1343903568099, -10.4310526845565],\n\"VALE DO ANARI\/RO\": [-62.1768234421278, -9.85139270806179],\n\"MACHADINHO D'OESTE\/RO\": [-61.9995925724466, -9.42556248],\n\"ROLIM DE MOURA\/RO\": [-61.7857809351854, -11.7222589133808],\n\"CACOAL\/RO\": [-61.4429442118224, -11.4338650286852],\n\"PRESIDENTE M\u00c9DICI\/RO\": [-61.9094386835298, -11.1732050162268],\n\"JI-PARAN\u00c1\/RO\": [-61.9450945826841, -10.882051318349],\n\"MINISTRO ANDREAZZA\/RO\": [-61.5189219301054, -11.1962379841591],\n\"RONDOL\u00c2NDIA\/MT\": [-61.4596781719947, -10.8443019740102],\n\"PIMENTA BUENO\/RO\": [-61.183665673642, -11.67753699],\n\"ESPIG\u00c3O D'OESTE\/RO\": [-61.0201731132847, -11.5285546333473],\n\"CABIXI\/RO\": [-60.5443135812009, -13.4997634596963],\n\"COLORADO DO OESTE\/RO\": [-60.5550674630789, -13.1305638414553],\n\"COMODORO\/MT\": [-59.7904309944221, -13.6605599169829],\n\"VILHENA\/RO\": [-60.1385838660987, -12.7413734718029],\n\"CAMPOS DE J\u00daLIO\/MT\": [-59.2634085205862, -13.7199230456405],\n\"SAPEZAL\/MT\": [-58.8121380141755, -13.5381953534711],\n\"ARIPUAN\u00c3\/MT\": [-59.4486163791619, -10.1725236954827],\n\"JU\u00cdNA\/MT\": [-58.7622171517695, -11.4220180322681],\n\"CASTANHEIRA\/MT\": [-58.6134092636961, -11.1341078575921],\n\"COLNIZA\/MT\": [-59.2189486740791, -9.45790384671208],\n\"JURUENA\/MT\": [-58.4963091740334, -10.3291127798668],\n\"COTRIGUA\u00c7U\/MT\": [-58.6068949710817, -9.88625387152961],\n\"ITAPU\u00c3 DO OESTE\/RO\": [-63.1823370165183, -9.19187167532785],\n\"CUJUBIM\/RO\": [-62.5871745319209, -9.37819339905712],\n\"HUMAIT\u00c1\/AM\": [-63.0266980219283, -7.51222495061139],\n\"TAPAU\u00c1\/AM\": [-63.1870948671802, -5.62422351778794],\n\"MANICOR\u00c9\/AM\": [-61.2992484088508, -5.81320526118813],\n\"APU\u00cd\/AM\": [-59.8856661047188, -7.1978701516076],\n\"NOVO ARIPUAN\u00c3\/AM\": [-60.3770456690009, -5.12266931419617],\n\"CAMPO NOVO DO PARECIS\/MT\": [-57.8885464788372, -13.6547331732023],\n\"BRASNORTE\/MT\": [-58.0026736277872, -12.1249381398803],\n\"NOVA MARING\u00c1\/MT\": [-57.0985516651799, -13.0114269541347],\n\"S\u00c3O JOS\u00c9 DO RIO CLARO\/MT\": [-56.7215837606849, -13.4520683374105],\n\"NOVA MUTUM\/MT\": [-56.1100052480978, -13.832725692724],\n\"LUCAS DO RIO VERDE\/MT\": [-55.9217707091117, -13.0704649508999],\n\"TAPURAH\/MT\": [-56.5194858964735, -12.7320686313157],\n\"ITANHANG\u00c1\/MT\": [-56.6493436130839, -12.2347687158666],\n\"SORRISO\/MT\": [-55.7259136750913, -12.5517767078455],\n\"IPIRANGA DO NORTE\/MT\": [-56.1597931355503, -12.2368420001759],\n\"JUARA\/MT\": [-57.5131232183312, -11.2503599784852],\n\"PORTO DOS GA\u00daCHOS\/MT\": [-57.4083538380051, -11.5338400294576],\n\"NOVO HORIZONTE DO NORTE\/MT\": [-57.3174751138237, -11.3876347793611],\n\"TABAPOR\u00c3\/MT\": [-56.8248337962705, -11.3075079570383],\n\"NOVA BANDEIRANTES\/MT\": [-57.8184757985331, -9.84295282030582],\n\"NOVA MONTE VERDE\/MT\": [-57.4723693069132, -9.97261692693499],\n\"APIAC\u00c1S\/MT\": [-57.3954022412255, -9.56549516872457],\n\"NOVA CANA\u00c3 DO NORTE\/MT\": [-55.7148773060438, -10.6311042290192],\n\"PARANA\u00cdTA\/MT\": [-56.4788997201888, -9.66965549852606],\n\"ALTA FLORESTA\/MT\": [-56.0916104404738, -9.87172259661951],\n\"CARLINDA\/MT\": [-55.8216147779941, -9.96666579255585],\n\"SANTA RITA DO TRIVELATO\/MT\": [-55.2776928814179, -13.8161897319564],\n\"NOVA UBIRAT\u00c3\/MT\": [-55.273213318984, -13.0338277159556],\n\"VERA\/MT\": [-55.30091857486, -12.2840488631767],\n\"SINOP\/MT\": [-55.5009220023868, -11.8580053080776],\n\"SANTA CARMEM\/MT\": [-55.2822227065053, -11.9696855569233],\n\"FELIZ NATAL\/MT\": [-54.9339040664255, -12.383247028174],\n\"GA\u00daCHA DO NORTE\/MT\": [-53.2615186719475, -13.1880431895097],\n\"ITA\u00daBA\/MT\": [-55.2466893348601, -11.0077118987319],\n\"COL\u00cdDER\/MT\": [-55.4642305419601, -10.8040897790092],\n\"NOVA SANTA HELENA\/MT\": [-55.1836857411212, -10.8509999759112],\n\"CL\u00c1UDIA\/MT\": [-54.8741824477688, -11.5053107376487],\n\"UNI\u00c3O DO SUL\/MT\": [-54.3748444105852, -11.5355107507237],\n\"MARCEL\u00c2NDIA\/MT\": [-54.5193062321905, -11.0805914112817],\n\"NOVA GUARITA\/MT\": [-55.4030701389659, -10.3088464293765],\n\"TERRA NOVA DO NORTE\/MT\": [-55.1159514886165, -10.5971280931496],\n\"PEIXOTO DE AZEVEDO\/MT\": [-54.9922974013688, -10.2448420827714],\n\"MATUP\u00c1\/MT\": [-54.9318057201458, -10.1721074662032],\n\"NOVO MUNDO\/MT\": [-55.1720189315524, -9.97710919449313],\n\"GUARANT\u00c3 DO NORTE\/MT\": [-54.9160573112722, -9.95407323364261],\n\"JACAREACANGA\/PA\": [-57.7663398583794, -6.22355173138645],\n\"TRAIR\u00c3O\/PA\": [-55.9961700349273, -4.69981914969727],\n\"NOVO PROGRESSO\/PA\": [-55.4198701179784, -7.03483591328812],\n\"COARI\/AM\": [-63.1421839840562, -4.08421915877588],\n\"CODAJ\u00c1S\/AM\": [-62.0634296604883, -3.84304593273892],\n\"ANORI\/AM\": [-61.6589553828779, -3.74538558611889],\n\"BERURI\/AM\": [-61.3715708916659, -3.89451340981806],\n\"ANAM\u00c3\/AM\": [-61.4059034797501, -3.57637042689027],\n\"CAAPIRANGA\/AM\": [-61.2113341331817, -3.3300933919416],\n\"NOVO AIR\u00c3O\/AM\": [-60.948810707829, -2.62343245902763],\n\"BARCELOS\/AM\": [-62.9256696581026, -0.972801052532191],\n\"CAREIRO\/AM\": [-60.3638098437089, -3.82244727004599],\n\"MANAQUIRI\/AM\": [-60.4588813063745, -3.42907966935262],\n\"BORBA\/AM\": [-59.5945590194969, -4.39061989147273],\n\"MANACAPURU\/AM\": [-60.6205894458706, -3.29827803546755],\n\"IRANDUBA\/AM\": [-60.1933881661307, -3.2810538776069],\n\"MANAUS\/AM\": [-60.023335181061, -3.13469149120195],\n\"CAREIRO DA V\u00c1RZEA\/AM\": [-59.8263140608339, -3.1973965948696],\n\"RIO PRETO DA EVA\/AM\": [-59.704738094199, -2.6933015416451],\n\"NOVA OLINDA DO NORTE\/AM\": [-59.0930740260433, -3.88759283191138],\n\"AUTAZES\/AM\": [-59.1335670918168, -3.57866364177127],\n\"ITACOATIARA\/AM\": [-58.4401754367571, -3.14037880391635],\n\"URUCURITUBA\/AM\": [-58.1596410413098, -3.1346331156473],\n\"SILVES\/AM\": [-58.2148008608269, -2.83642742966584],\n\"PRESIDENTE FIGUEIREDO\/AM\": [-60.0256468344675, -2.058429085233],\n\"CARACARA\u00cd\/RR\": [-61.14917687013, 1.80387124729759],\n\"IRACEMA\/RR\": [-61.0522585850197, 2.16821476520387],\n\"MUCAJA\u00cd\/RR\": [-60.9115185306216, 2.47977223505342],\n\"ALTO ALEGRE\/RR\": [-61.3140223901178, 2.99382294765484],\n\"AMAJARI\/RR\": [-61.4205901726631, 3.6521184454459],\n\"BOA VISTA\/RR\": [-60.6705326729651, 2.81668191910439],\n\"PACARAIMA\/RR\": [-61.1473063471493, 4.47525934021226],\n\"RORAIN\u00d3POLIS\/RR\": [-60.4250604939819, 0.937195393597556],\n\"S\u00c3O LUIZ\/RR\": [-60.0282667741903, 1.01811162739126],\n\"S\u00c3O JO\u00c3O DA BALIZA\/RR\": [-59.9060443451544, 0.947157427466681],\n\"CAROEBE\/RR\": [-59.6948100736757, 0.872674507186562],\n\"CANT\u00c1\/RR\": [-60.6020628476112, 2.60766639841651],\n\"BONFIM\/RR\": [-59.8780066289099, 3.35028861911032],\n\"NORMANDIA\/RR\": [-59.6352062835683, 3.88297828530181],\n\"UIRAMUT\u00c3\/RR\": [-60.195716148042, 4.58544038754255],\n\"MAU\u00c9S\/AM\": [-57.7150343867525, -3.38642792621106],\n\"ITAPIRANGA\/AM\": [-58.0345458839662, -2.74184275232884],\n\"BOA VISTA DO RAMOS\/AM\": [-57.5877073464737, -2.97172653158936],\n\"S\u00c3O SEBASTI\u00c3O DO UATUM\u00c3\/AM\": [-57.8703463558346, -2.57015257967785],\n\"URUCAR\u00c1\/AM\": [-57.7598281745956, -2.53661167184038],\n\"BARREIRINHA\/AM\": [-57.0677504898938, -2.7981498369298],\n\"ITAITUBA\/PA\": [-55.9900488572777, -4.26372948],\n\"PARINTINS\/AM\": [-56.7362921451951, -2.62705258583723],\n\"FARO\/PA\": [-56.745753017307, -2.17297524194977],\n\"NHAMUND\u00c1\/AM\": [-56.7167699133376, -2.1889837668969],\n\"TERRA SANTA\/PA\": [-56.4909047722432, -2.10811447373903],\n\"JURUTI\/PA\": [-56.0949976884001, -2.155252995],\n\"ORIXIMIN\u00c1\/PA\": [-55.8627995152359, -1.7637535],\n\"RUR\u00d3POLIS\/PA\": [-54.9058622598691, -4.09906539],\n\"AVEIRO\/PA\": [-55.3307343898178, -3.60559525928393],\n\"BELTERRA\/PA\": [-54.9426747393262, -2.64902016946856],\n\"SANTAR\u00c9M\/PA\": [-54.7185701672711, -2.43621332999996],\n\"PLACAS\/PA\": [-54.2169681312654, -3.86731556213536],\n\"URUAR\u00c1\/PA\": [-53.7370310504594, -3.7065285],\n\"\u00d3BIDOS\/PA\": [-55.5163235097126, -1.90923549588121],\n\"CURU\u00c1\/PA\": [-55.1196786087308, -1.88992870430549],\n\"ALENQUER\/PA\": [-54.7408623501896, -1.951397505],\n\"MONTE ALEGRE\/PA\": [-54.073374725636, -2.003328],\n\"PRAINHA\/PA\": [-53.4818139407895, -1.8056945],\n\"PEDRO OS\u00d3RIO\/RS\": [-52.8263117339326, -31.8638282218118],\n\"CERRITO\/RS\": [-52.8148023322809, -31.852639126784],\n\"MORRO REDONDO\/RS\": [-52.6577802013944, -31.5822032274462],\n\"CANGU\u00c7U\/RS\": [-52.6762858320724, -31.3938595243163],\n\"CAP\u00c3O DO LE\u00c3O\/RS\": [-52.4870075720627, -31.7668386566486],\n\"PELOTAS\/RS\": [-52.3443200629915, -31.7195978808292],\n\"ARROIO DO PADRE\/RS\": [-52.4333015044096, -31.4406439930693],\n\"RIO GRANDE\/RS\": [-52.0867696991135, -32.0504457926525],\n\"S\u00c3O JOS\u00c9 DO NORTE\/RS\": [-52.0342022719838, -32.0206091127381],\n\"TURU\u00c7U\/RS\": [-52.1714156210008, -31.4123658570916],\n\"S\u00c3O LOUREN\u00c7O DO SUL\/RS\": [-51.9769152357623, -31.3640237211512],\n\"ENCRUZILHADA DO SUL\/RS\": [-52.5220453898558, -30.5436573247692],\n\"PANTANO GRANDE\/RS\": [-52.373900235302, -30.194551527175],\n\"CRISTAL\/RS\": [-52.0494104017764, -30.999345191822],\n\"AMARAL FERRADOR\/RS\": [-52.2512703969698, -30.8751476011694],\n\"DOM FELICIANO\/RS\": [-52.103933579678, -30.708598426315],\n\"CHUVISCA\/RS\": [-51.9785422226284, -30.7574267111909],\n\"CAMAQU\u00c3\/RS\": [-51.8146009062211, -30.8507043892559],\n\"MINAS DO LE\u00c3O\/RS\": [-52.0512801985772, -30.1224395107247],\n\"CERRO GRANDE DO SUL\/RS\": [-51.7531032652187, -30.6020289289506],\n\"BAR\u00c3O DO TRIUNFO\/RS\": [-51.7376694748388, -30.3904838547345],\n\"BUTI\u00c1\/RS\": [-51.9614829532158, -30.1161440126473],\n\"ARROIO DOS RATOS\/RS\": [-51.733806866458, -30.0900131146766],\n\"CACHOEIRA DO SUL\/RS\": [-52.893412558482, -30.0458199797274],\n\"NOVO CABRAIS\/RS\": [-52.9550860641313, -29.7362546057332],\n\"CERRO BRANCO\/RS\": [-52.9419778017439, -29.6562871949217],\n\"CANDEL\u00c1RIA\/RS\": [-52.7896684388192, -29.6712854159647],\n\"VALE DO SOL\/RS\": [-52.6813545006574, -29.608827986549],\n\"RIO PARDO\/RS\": [-52.3790182512363, -29.9856258786533],\n\"VERA CRUZ\/RS\": [-52.5011034071041, -29.7198575940345],\n\"SINIMBU\/RS\": [-52.5216363086253, -29.5290681570186],\n\"SANTA CRUZ DO SUL\/RS\": [-52.4299285873704, -29.7197684337466],\n\"PASSA SETE\/RS\": [-52.9639832352128, -29.4516655688988],\n\"HERVEIRAS\/RS\": [-52.6501705958055, -29.4570438109034],\n\"LAGO\u00c3O\/RS\": [-52.7750289082597, -29.2243164011489],\n\"TUNAS\/RS\": [-52.9570131055336, -29.1064397188461],\n\"GRAMADO XAVIER\/RS\": [-52.5778377569665, -29.2699362175355],\n\"BOQUEIR\u00c3O DO LE\u00c3O\/RS\": [-52.4280502644718, -29.3051579179085],\n\"BARROS CASSAL\/RS\": [-52.5877521245, -29.0877043607385],\n\"FONTOURA XAVIER\/RS\": [-52.3449531837753, -28.9821677891754],\n\"VALE VERDE\/RS\": [-52.1797223009284, -29.782574939641],\n\"PASSO DO SOBRADO\/RS\": [-52.2787581943227, -29.745793549977],\n\"VEN\u00c2NCIO AIRES\/RS\": [-52.1918802404895, -29.6116528926556],\n\"MATO LEIT\u00c3O\/RS\": [-52.1330293263325, -29.5248303377978],\n\"TAQUARI\/RS\": [-51.8627764842002, -29.8028008516735],\n\"S\u00c3O JER\u00d4NIMO\/RS\": [-51.7281775032404, -29.959438664805],\n\"TRIUNFO\/RS\": [-51.7153128356961, -29.9452042660447],\n\"GENERAL C\u00c2MARA\/RS\": [-51.7634306851003, -29.902983741364],\n\"BOM RETIRO DO SUL\/RS\": [-51.9438467659586, -29.6074226198573],\n\"CRUZEIRO DO SUL\/RS\": [-51.9915758851734, -29.5082909687012],\n\"ESTRELA\/RS\": [-51.9702602941755, -29.5034718768222],\n\"TABA\u00cd\/RS\": [-51.7274751185081, -29.6877706241649],\n\"FAZENDA VILANOVA\/RS\": [-51.8211830446408, -29.5885745296736],\n\"TEUT\u00d4NIA\/RS\": [-51.8128168705993, -29.4889144363945],\n\"PAVERAMA\/RS\": [-51.7302929671505, -29.5548561399363],\n\"S\u00c9RIO\/RS\": [-52.267455830945, -29.3867600898773],\n\"PROGRESSO\/RS\": [-52.3017166029489, -29.2403086781211],\n\"CANUDOS DO VALE\/RS\": [-52.2323826172485, -29.3235252962996],\n\"FORQUETINHA\/RS\": [-52.0969170585272, -29.3806337847287],\n\"MARQUES DE SOUZA\/RS\": [-52.0978044284152, -29.3291373440536],\n\"SANTA CLARA DO SUL\/RS\": [-52.0809258239316, -29.4635962109187],\n\"COQUEIRO BAIXO\/RS\": [-52.0946025596403, -29.1792568012569],\n\"TRAVESSEIRO\/RS\": [-52.05777726813, -29.2990858097554],\n\"NOVA BR\u00c9SCIA\/RS\": [-52.0179835406116, -29.2165114325477],\n\"S\u00c3O JOS\u00c9 DO HERVAL\/RS\": [-52.2930164741218, -29.0414470213399],\n\"POUSO NOVO\/RS\": [-52.2108697395067, -29.1697612523235],\n\"ARVOREZINHA\/RS\": [-52.1795119395293, -28.8730493916397],\n\"RELVADO\/RS\": [-52.0729485542966, -29.1122786661256],\n\"PUTINGA\/RS\": [-52.1599106947089, -28.9987556541311],\n\"IL\u00d3POLIS\/RS\": [-52.1221574946372, -28.9291527317996],\n\"ANTA GORDA\/RS\": [-52.0158234394073, -28.9708843631015],\n\"LAJEADO\/RS\": [-51.9678277005001, -29.465454402471],\n\"ARROIO DO MEIO\/RS\": [-51.9474494916139, -29.3988907191368],\n\"COLINAS\/RS\": [-51.8685755464998, -29.3925368716088],\n\"CAPIT\u00c3O\/RS\": [-51.9859688456389, -29.2694996085818],\n\"ROCA SALES\/RS\": [-51.863891759922, -29.2850700737134],\n\"ENCANTADO\/RS\": [-51.8730231343648, -29.2399172072227],\n\"WESTFALIA\/RS\": [-51.7661555137498, -29.423449549901],\n\"IMIGRANTE\/RS\": [-51.7701905100744, -29.3521581197828],\n\"CORONEL PILAR\/RS\": [-51.6849345965552, -29.2727100754175],\n\"DOUTOR RICARDO\/RS\": [-51.9849043921162, -29.0990310609603],\n\"MU\u00c7UM\/RS\": [-51.8660555260518, -29.1656148145796],\n\"VESPASIANO CORREA\/RS\": [-51.8594699501021, -29.069894355791],\n\"S\u00c3O VALENTIM DO SUL\/RS\": [-51.769670539141, -29.0512275281257],\n\"SANTA TEREZA\/RS\": [-51.7343442423989, -29.1716344398725],\n\"DOIS LAJEADOS\/RS\": [-51.8351029868648, -28.9752053862425],\n\"COTIPOR\u00c3\/RS\": [-51.6964336774026, -28.9985764275982],\n\"FAGUNDES VARELA\/RS\": [-51.691448747733, -28.8821343126181],\n\"ARAMBAR\u00c9\/RS\": [-51.5013182505968, -30.9093455500119],\n\"TAVARES\/RS\": [-51.0888429815162, -31.2887026583166],\n\"SENTINELA DO SUL\/RS\": [-51.5779817748104, -30.6133025970454],\n\"SERT\u00c3O SANTANA\/RS\": [-51.6042499160429, -30.4654278903326],\n\"TAPES\/RS\": [-51.3944987057587, -30.6731729038471],\n\"MARIANA PIMENTEL\/RS\": [-51.5873429914433, -30.3536222023384],\n\"BARRA DO RIBEIRO\/RS\": [-51.3008736006115, -30.2926754998868],\n\"GUA\u00cdBA\/RS\": [-51.3146836637248, -30.1086019223736],\n\"MOSTARDAS\/RS\": [-50.9191588510717, -31.1082251074075],\n\"PALMARES DO SUL\/RS\": [-50.5060519722618, -30.2600666451319],\n\"CAPIVARI DO SUL\/RS\": [-50.5088079340934, -30.1496596629382],\n\"CHARQUEADAS\/RS\": [-51.6250060521847, -29.9568003630446],\n\"BROCHIER\/RS\": [-51.5889159716534, -29.5555279555572],\n\"MARAT\u00c1\/RS\": [-51.5555668832641, -29.555322967598],\n\"MONTENEGRO\/RS\": [-51.4612993756819, -29.6881186098638],\n\"PARECI NOVO\/RS\": [-51.3988696583788, -29.6393892914087],\n\"S\u00c3O JOS\u00c9 DO SUL\/RS\": [-51.4863838306853, -29.5434695178158],\n\"S\u00c3O SEBASTI\u00c3O DO CA\u00cd\/RS\": [-51.3766648242451, -29.5920803307578],\n\"HARMONIA\/RS\": [-51.414039704658, -29.5490490867874],\n\"TUPANDI\/RS\": [-51.4198254297357, -29.4879128148686],\n\"ELDORADO DO SUL\/RS\": [-51.310418926013, -29.9992925945868],\n\"PORTO ALEGRE\/RS\": [-51.2286604637023, -30.0300367747664],\n\"NOVA SANTA RITA\/RS\": [-51.2752106890133, -29.8486155356247],\n\"CACHOEIRINHA\/RS\": [-51.0936769542628, -29.9506294443447],\n\"ALVORADA\/RS\": [-51.0777294542001, -29.9974930647423],\n\"CANOAS\/RS\": [-51.1810297806876, -29.9186967064906],\n\"ESTEIO\/RS\": [-51.143837339432, -29.8521862954581],\n\"SAPUCAIA DO SUL\/RS\": [-51.1518747155206, -29.8248680325854],\n\"CAPELA DE SANTANA\/RS\": [-51.3217693454114, -29.7019448519831],\n\"PORT\u00c3O\/RS\": [-51.2301496442457, -29.6962586011397],\n\"BOM PRINC\u00cdPIO\/RS\": [-51.355519097396, -29.4944851149457],\n\"LINDOLFO COLLOR\/RS\": [-51.2081553215577, -29.6008035857933],\n\"S\u00c3O JOS\u00c9 DO HORT\u00caNCIO\/RS\": [-51.2495975571438, -29.540048607319],\n\"S\u00c3O LEOPOLDO\/RS\": [-51.1462345615722, -29.7658665423851],\n\"EST\u00c2NCIA VELHA\/RS\": [-51.1742939249861, -29.6501479676013],\n\"NOVO HAMBURGO\/RS\": [-51.1286052776319, -29.6863260251772],\n\"CAMPO BOM\/RS\": [-51.0588699242785, -29.6756850971228],\n\"IVOTI\/RS\": [-51.1595741943299, -29.5941565228625],\n\"PRESIDENTE LUCENA\/RS\": [-51.1815996950517, -29.5261270681801],\n\"DOIS IRM\u00c3OS\/RS\": [-51.0876193130209, -29.5841587789047],\n\"MORRO REUTER\/RS\": [-51.0800883478072, -29.5393416585882],\n\"PO\u00c7O DAS ANTAS\/RS\": [-51.670890273323, -29.4545464778304],\n\"BOA VISTA DO SUL\/RS\": [-51.6772718371373, -29.3501193714924],\n\"GARIBALDI\/RS\": [-51.5295484587997, -29.2545491128245],\n\"SALVADOR DO SUL\/RS\": [-51.5094214594765, -29.4397322208801],\n\"S\u00c3O PEDRO DA SERRA\/RS\": [-51.514326527241, -29.4214298420035],\n\"BAR\u00c3O\/RS\": [-51.4975376808973, -29.3808640678083],\n\"S\u00c3O VENDELINO\/RS\": [-51.3686527562625, -29.3758099571721],\n\"CARLOS BARBOSA\/RS\": [-51.5038176299836, -29.298296805874],\n\"MONTE BELO DO SUL\/RS\": [-51.6315592453903, -29.1599412231295],\n\"VERAN\u00d3POLIS\/RS\": [-51.5522869044647, -28.9339573362745],\n\"BENTO GON\u00c7ALVES\/RS\": [-51.5155603063239, -29.1674019331912],\n\"NOVA ROMA DO SUL\/RS\": [-51.4051574749651, -28.9847489120484],\n\"FELIZ\/RS\": [-51.3101021353557, -29.453970926152],\n\"ALTO FELIZ\/RS\": [-51.3158156678408, -29.3901391668448],\n\"VALE REAL\/RS\": [-51.251196564827, -29.3922806174208],\n\"FARROUPILHA\/RS\": [-51.3483495737698, -29.2236791868351],\n\"LINHA NOVA\/RS\": [-51.2019020947684, -29.4626386025506],\n\"PICADA CAF\u00c9\/RS\": [-51.064049820262, -29.4543844430519],\n\"NOVA PETR\u00d3POLIS\/RS\": [-51.1069539239561, -29.3762088694351],\n\"NOVA P\u00c1DUA\/RS\": [-51.306824642212, -29.0300464452855],\n\"CAXIAS DO SUL\/RS\": [-51.178860205883, -29.1668990110621],\n\"FLORES DA CUNHA\/RS\": [-51.1822205769359, -29.0311421436903],\n\"S\u00c3O MARCOS\/RS\": [-51.0667069382632, -28.9698486394212],\n\"VIAM\u00c3O\/RS\": [-51.024820489573, -30.08189684094],\n\"GRAVATA\u00cd\/RS\": [-50.9907929747741, -29.9455189133363],\n\"GLORINHA\/RS\": [-50.7862074318938, -29.8771339612804],\n\"SAPIRANGA\/RS\": [-51.0036229878238, -29.6385541176145],\n\"SANTA MARIA DO HERVAL\/RS\": [-50.9872554093643, -29.5035155387999],\n\"ARARIC\u00c1\/RS\": [-50.9256766146808, -29.6172435929301],\n\"NOVA HARTZ\/RS\": [-50.9037934307384, -29.5857475329704],\n\"PAROB\u00c9\/RS\": [-50.8348659023274, -29.6317492776322],\n\"TAQUARA\/RS\": [-50.7811686192558, -29.6505131042758],\n\"IGREJINHA\/RS\": [-50.7987107333217, -29.5722204557553],\n\"TR\u00caS COROAS\/RS\": [-50.7831258357971, -29.5166609789895],\n\"SANTO ANT\u00d4NIO DA PATRULHA\/RS\": [-50.5209859366778, -29.8320340169251],\n\"ROLANTE\/RS\": [-50.5734423345883, -29.6407628899966],\n\"CARA\u00c1\/RS\": [-50.4357564295696, -29.7786374562404],\n\"RIOZINHO\/RS\": [-50.4738181137863, -29.6422860137917],\n\"GRAMADO\/RS\": [-50.8719457002814, -29.3797375183577],\n\"CANELA\/RS\": [-50.8148673493636, -29.3579718504151],\n\"S\u00c3O FRANCISCO DE PAULA\/RS\": [-50.5821081078304, -29.4440980747993],\n\"BALNE\u00c1RIO PINHAL\/RS\": [-50.2367010760971, -30.2397509270339],\n\"CIDREIRA\/RS\": [-50.2090923338719, -30.1811699861621],\n\"OS\u00d3RIO\/RS\": [-50.2667978126156, -29.8926970775174],\n\"TRAMANDA\u00cd\/RS\": [-50.1303765006803, -29.9873019471826],\n\"IMB\u00c9\/RS\": [-50.1305799407181, -29.97477782067],\n\"MAQUIN\u00c9\/RS\": [-50.2033948126293, -29.6791370128964],\n\"ITATI\/RS\": [-50.1017822613948, -29.5002484954756],\n\"XANGRI-L\u00c1\/RS\": [-50.0390814237967, -29.8053781854105],\n\"CAP\u00c3O DA CANOA\/RS\": [-50.0200224442732, -29.7614666401198],\n\"TERRA DE AREIA\/RS\": [-50.0672491456318, -29.5775485680459],\n\"TR\u00caS FORQUILHAS\/RS\": [-50.0643164805228, -29.5381105462902],\n\"ARROIO DO SAL\/RS\": [-49.932957517978, -29.5929607439655],\n\"JAQUIRANA\/RS\": [-50.3580367222002, -28.8805675913494],\n\"CAMBAR\u00c1 DO SUL\/RS\": [-50.1437653842536, -29.0481752734456],\n\"MORRINHOS DO SUL\/RS\": [-49.932762974333, -29.3629636300424],\n\"PRAIA GRANDE\/SC\": [-49.960591976336, -29.1957763636175],\n\"MAMPITUBA\/RS\": [-49.9365135523956, -29.2106494197245],\n\"TR\u00caS CACHOEIRAS\/RS\": [-49.9156392761957, -29.445886590417],\n\"DOM PEDRO DE ALC\u00c2NTARA\/RS\": [-49.8495499617296, -29.3701870791044],\n\"S\u00c3O JO\u00c3O DO SUL\/SC\": [-49.806571385692, -29.2234797912484],\n\"JACINTO MACHADO\/SC\": [-49.761768656406, -29.0014186138235],\n\"TORRES\/RS\": [-49.7304044945034, -29.3359306143356],\n\"PASSO DE TORRES\/SC\": [-49.725145272462, -29.3234599051044],\n\"SANTA ROSA DO SUL\/SC\": [-49.7176263735924, -29.1352882185643],\n\"SOMBRIO\/SC\": [-49.6342103641341, -29.1091327568261],\n\"TURVO\/SC\": [-49.6808657451159, -28.9247492173882],\n\"ERMO\/SC\": [-49.6434049775486, -28.9850817922511],\n\"BALNE\u00c1RIO GAIVOTA\/SC\": [-49.5908937823551, -29.1645212685343],\n\"ARARANGU\u00c1\/SC\": [-49.480966523633, -28.9357520142005],\n\"BALNE\u00c1RIO ARROIO DO SILVA\/SC\": [-49.405702799137, -28.9804024547593],\n\"ESPUMOSO\/RS\": [-52.841926970944, -28.7314451425443],\n\"SELBACH\/RS\": [-52.9565252738362, -28.6274338066309],\n\"TAPERA\/RS\": [-52.8714671740768, -28.6249501911655],\n\"LAGOA DOS TR\u00caS CANTOS\/RS\": [-52.8578352424045, -28.569468132747],\n\"MORMA\u00c7O\/RS\": [-52.6928263150565, -28.6933512202192],\n\"N\u00c3O-ME-TOQUE\/RS\": [-52.8192794924234, -28.4599067658751],\n\"VICTOR GRAEFF\/RS\": [-52.7477917888999, -28.5601846251484],\n\"CARAZINHO\/RS\": [-52.7918973881038, -28.2865105908949],\n\"SANTO ANT\u00d4NIO DO PLANALTO\/RS\": [-52.6837258444323, -28.3959289066311],\n\"SOLEDADE\/RS\": [-52.5098661711662, -28.8277379536692],\n\"TIO HUGO\/RS\": [-52.593046116066, -28.5804960165544],\n\"IBIRAPUIT\u00c3\/RS\": [-52.5193855878489, -28.6150204151633],\n\"ERNESTINA\/RS\": [-52.5721762088587, -28.4971546905367],\n\"NICOLAU VERGUEIRO\/RS\": [-52.4624006731904, -28.5362148138665],\n\"PASSO FUNDO\/RS\": [-52.4070950926172, -28.2617671279049],\n\"ALMIRANTE TAMANDAR\u00c9 DO SUL\/RS\": [-52.9137145496944, -28.1137262870376],\n\"COQUEIROS DO SUL\/RS\": [-52.7788008455504, -28.117428320628],\n\"PONT\u00c3O\/RS\": [-52.6753994466165, -28.0618408393643],\n\"SARANDI\/RS\": [-52.9254610594471, -27.9435951779041],\n\"RONDINHA\/RS\": [-52.9061601564804, -27.8318159703692],\n\"ENGENHO VELHO\/RS\": [-52.9119205030241, -27.7085865196651],\n\"RONDA ALTA\/RS\": [-52.8065335255691, -27.7819313528668],\n\"CRUZALTENSE\/RS\": [-52.6481429882271, -27.6648881085743],\n\"CAMPINAS DO SUL\/RS\": [-52.6331044777763, -27.7116014161015],\n\"JACUTINGA\/RS\": [-52.5431728064303, -27.7284936335667],\n\"PONTE PRETA\/RS\": [-52.4902319212427, -27.6570399700737],\n\"IPIRANGA DO SUL\/RS\": [-52.4250606441447, -27.9359842848544],\n\"QUATRO IRM\u00c3OS\/RS\": [-52.4427686045062, -27.8211966886801],\n\"PAULO BENTO\/RS\": [-52.4224356311043, -27.704100282708],\n\"ITAPUCA\/RS\": [-52.1723668452035, -28.7802957029811],\n\"NOVA ALVORADA\/RS\": [-52.1671339172913, -28.6765644327978],\n\"CAMARGO\/RS\": [-52.2037989732514, -28.589237531547],\n\"MONTAURI\/RS\": [-52.0761081911119, -28.6532071850553],\n\"MARAU\/RS\": [-52.1967769340001, -28.4484539272764],\n\"MATO CASTELHANO\/RS\": [-52.1972608812043, -28.275761741248],\n\"VILA MARIA\/RS\": [-52.1635378990709, -28.5333142349985],\n\"SANTO ANT\u00d4NIO DO PALMA\/RS\": [-52.0246330595594, -28.4974451045296],\n\"GENTIL\/RS\": [-52.0345235699367, -28.4338484670158],\n\"UNI\u00c3O DA SERRA\/RS\": [-52.0004166642532, -28.7798985678317],\n\"GUAPOR\u00c9\/RS\": [-51.8906506874927, -28.8491336404505],\n\"SERAFINA CORR\u00caA\/RS\": [-51.9357086099403, -28.7107970714072],\n\"VISTA ALEGRE DO PRATA\/RS\": [-51.7862084024789, -28.8094722969115],\n\"NOVA BASSANO\/RS\": [-51.7032314173958, -28.7234686416168],\n\"PARA\u00cd\/RS\": [-51.7820960450567, -28.5996205337326],\n\"NOVA ARA\u00c7\u00c1\/RS\": [-51.7421646339673, -28.6581760370725],\n\"CASCA\/RS\": [-51.9832326574164, -28.5598740168421],\n\"S\u00c3O DOMINGOS DO SUL\/RS\": [-51.8931867141812, -28.5317631267992],\n\"VANINI\/RS\": [-51.8446581973908, -28.4762225149757],\n\"DAVID CANABARRO\/RS\": [-51.852249056523, -28.3846115340599],\n\"CIR\u00cdACO\/RS\": [-51.8830312919558, -28.3443025435146],\n\"GUABIJU\/RS\": [-51.6910473580747, -28.5406715310391],\n\"S\u00c3O JORGE\/RS\": [-51.7029685893393, -28.4980809710015],\n\"MULITERNO\/RS\": [-51.7687012353332, -28.3302653562743],\n\"CASEIROS\/RS\": [-51.6926828223303, -28.2735654702811],\n\"COXILHA\/RS\": [-52.3002778295103, -28.1213417107792],\n\"SERT\u00c3O\/RS\": [-52.2597378611455, -27.9807735548475],\n\"VILA L\u00c2NGARO\/RS\": [-52.1469033571178, -28.1074051987608],\n\"\u00c1GUA SANTA\/RS\": [-52.0346327891623, -28.1750547485119],\n\"TAPEJARA\/RS\": [-52.0221325276641, -28.084171059706],\n\"ESTA\u00c7\u00c3O\/RS\": [-52.2704857966567, -27.9090063415288],\n\"EREBANGO\/RS\": [-52.2997114029771, -27.8491959408603],\n\"GET\u00daLIO VARGAS\/RS\": [-52.249574123331, -27.8759119305256],\n\"FLORIANO PEIXOTO\/RS\": [-52.0856070999391, -27.8625092778995],\n\"CHARRUA\/RS\": [-52.0294119535135, -27.9528311010696],\n\"\u00c1UREA\/RS\": [-52.0541756691329, -27.693786650391],\n\"SANTA CEC\u00cdLIA DO SUL\/RS\": [-51.9266712610956, -28.1644511049731],\n\"IBIA\u00c7\u00c1\/RS\": [-51.8572520902201, -28.0488495214905],\n\"CENTEN\u00c1RIO\/RS\": [-52.0020538458457, -27.7628471303939],\n\"CARLOS GOMES\/RS\": [-51.9175762298652, -27.7148920750864],\n\"SANANDUVA\/RS\": [-51.8135019139456, -27.9440065101962],\n\"S\u00c3O JO\u00c3O DA URTIGA\/RS\": [-51.8258385475929, -27.8266899655136],\n\"PAIM FILHO\/RS\": [-51.7615966409461, -27.7033080739322],\n\"TRINDADE DO SUL\/RS\": [-52.8922310209657, -27.5175759348321],\n\"TR\u00caS PALMEIRAS\/RS\": [-52.8437143501482, -27.6175274499814],\n\"GRAMADO DOS LOUREIROS\/RS\": [-52.9182179830321, -27.444385021407],\n\"ENTRE RIOS DO SUL\/RS\": [-52.7350679521256, -27.5288579316363],\n\"NONOAI\/RS\": [-52.7761885672359, -27.3546645324847],\n\"FAXINALZINHO\/RS\": [-52.6705912421647, -27.4254155069082],\n\"RIO DOS \u00cdNDIOS\/RS\": [-52.8400578928292, -27.2983975952198],\n\"CAXAMBU DO SUL\/SC\": [-52.8804748928922, -27.1612817848638],\n\"PLANALTO ALEGRE\/SC\": [-52.8673520307871, -27.0694597760793],\n\"GUATAMB\u00da\/SC\": [-52.7838401342671, -27.1369108659036],\n\"BENJAMIN CONSTANT DO SUL\/RS\": [-52.6022250047219, -27.5085835626576],\n\"S\u00c3O VALENTIM\/RS\": [-52.5284789422219, -27.5543183312228],\n\"ERVAL GRANDE\/RS\": [-52.5701120523532, -27.3933366745076],\n\"BAR\u00c3O DE COTEGIPE\/RS\": [-52.3777503250275, -27.6170925671432],\n\"ITATIBA DO SUL\/RS\": [-52.4524432547055, -27.3832919400558],\n\"BARRA DO RIO AZUL\/RS\": [-52.4141049464501, -27.4087577154522],\n\"PAIAL\/SC\": [-52.5010887492735, -27.2551577941135],\n\"CHAPEC\u00d3\/SC\": [-52.6170311134138, -27.1068370215332],\n\"IT\u00c1\/SC\": [-52.3291825163272, -27.2817787174759],\n\"ARVOREDO\/SC\": [-52.4577888411626, -27.0735335581574],\n\"XAVANTINA\/SC\": [-52.3428505099137, -27.0702501470745],\n\"NOVA ERECHIM\/SC\": [-52.9112866654386, -26.9012733980819],\n\"NOVA ITABERABA\/SC\": [-52.81124405489, -26.9428898836363],\n\"\u00c1GUAS FRIAS\/SC\": [-52.8594194493505, -26.8802275430245],\n\"UNI\u00c3O DO OESTE\/SC\": [-52.8514964564325, -26.7617370137475],\n\"CORONEL FREITAS\/SC\": [-52.7091514565173, -26.903251411811],\n\"QUILOMBO\/SC\": [-52.7276095700875, -26.7400555498141],\n\"SUL BRASIL\/SC\": [-52.9642047957299, -26.736936209706],\n\"IRATI\/SC\": [-52.8950113563078, -26.6572269448],\n\"JARDIN\u00d3POLIS\/SC\": [-52.8588992560494, -26.7205694035031],\n\"S\u00c3O BERNARDINO\/SC\": [-52.9655387397374, -26.4732782462558],\n\"NOVO HORIZONTE\/SC\": [-52.8340333904853, -26.4461719902068],\n\"FORMOSA DO SUL\/SC\": [-52.7934500252739, -26.6485233782537],\n\"SANTIAGO DO SUL\/SC\": [-52.675949479347, -26.6348090908966],\n\"CORONEL MARTINS\/SC\": [-52.6696992888121, -26.5116375952923],\n\"GALV\u00c3O\/SC\": [-52.682002075558, -26.4554762383808],\n\"CORDILHEIRA ALTA\/SC\": [-52.6032512708199, -26.9850812923252],\n\"XAXIM\/SC\": [-52.5349325183039, -26.9637194992369],\n\"LAJEADO GRANDE\/SC\": [-52.5660348495432, -26.8609423456111],\n\"MAREMA\/SC\": [-52.6271354100559, -26.8004219087544],\n\"XANXER\u00ca\/SC\": [-52.4046671389754, -26.8745844992386],\n\"ENTRE RIOS\/SC\": [-52.562533967831, -26.7236210952911],\n\"S\u00c3O DOMINGOS\/SC\": [-52.5372274685343, -26.5578303695187],\n\"IPUA\u00c7U\/SC\": [-52.454296911798, -26.6325600976818],\n\"BOM JESUS\/SC\": [-52.3930159598262, -26.735923435578],\n\"ABELARDO LUZ\/SC\": [-52.3364823833236, -26.5630310224446],\n\"ERECHIM\/RS\": [-52.2758768978871, -27.633405810801],\n\"ARATIBA\/RS\": [-52.3038319547884, -27.3944441288949],\n\"GAURAMA\/RS\": [-52.1001384605265, -27.5838577562615],\n\"TR\u00caS ARROIOS\/RS\": [-52.14985207427, -27.4995162183877],\n\"VIADUTOS\/RS\": [-52.0237987496513, -27.5709530600841],\n\"SEVERIANO DE ALMEIDA\/RS\": [-52.120656296054, -27.4327929836269],\n\"MARIANO MORO\/RS\": [-52.148891817328, -27.3526127883475],\n\"SEARA\/SC\": [-52.3028548279905, -27.1456976228746],\n\"CONC\u00d3RDIA\/SC\": [-52.0239710697483, -27.2336587800539],\n\"ARABUT\u00c3\/SC\": [-52.1485992606982, -27.1574036959429],\n\"IPUMIRIM\/SC\": [-52.1405408667672, -27.0683263637725],\n\"LIND\u00d3IA DO SUL\/SC\": [-52.0809226441985, -27.0474644814817],\n\"MARCELINO RAMOS\/RS\": [-51.9133189437274, -27.4613912128695],\n\"ALTO BELA VISTA\/SC\": [-51.9110368540592, -27.4311378753286],\n\"PERITIBA\/SC\": [-51.9098146670515, -27.3773092814998],\n\"MAXIMILIANO DE ALMEIDA\/RS\": [-51.8017181970059, -27.6349406517609],\n\"IPIRA\/SC\": [-51.7708536189115, -27.4097088482285],\n\"PIRATUBA\/SC\": [-51.7586498276128, -27.4159535517177],\n\"PRESIDENTE CASTELLO BRANCO\/SC\": [-51.8113755382464, -27.2199421946146],\n\"JABOR\u00c1\/SC\": [-51.7433538390133, -27.1728530868747],\n\"FAXINAL DOS GUEDES\/SC\": [-52.2714153987085, -26.8597867213521],\n\"VARGE\u00c3O\/SC\": [-52.154105650118, -26.8639833173705],\n\"PONTE SERRADA\/SC\": [-52.014537512533, -26.8749128276431],\n\"PASSOS MAIA\/SC\": [-52.061723800427, -26.7808891471921],\n\"OURO VERDE\/SC\": [-52.3100192014426, -26.6959944195779],\n\"IRANI\/SC\": [-51.9041079240294, -27.016186689116],\n\"VARGEM BONITA\/SC\": [-51.7447401814046, -27.0032416045091],\n\"PALMAS\/PR\": [-51.9887738877128, -26.481472515],\n\"NOVA PRATA\/RS\": [-51.6089956920177, -28.7839447131902],\n\"VILA FLORES\/RS\": [-51.5495890891784, -28.8630001302505],\n\"ANDR\u00c9 DA ROCHA\/RS\": [-51.5737379712009, -28.6319772028819],\n\"PROT\u00c1SIO ALVES\/RS\": [-51.4736316972583, -28.7567128311852],\n\"IBIRAIARAS\/RS\": [-51.6353239891883, -28.3692267294479],\n\"ANT\u00d4NIO PRADO\/RS\": [-51.2835769243409, -28.8554376246298],\n\"IP\u00ca\/RS\": [-51.2799101922001, -28.8183280318304],\n\"CAMPESTRE DA SERRA\/RS\": [-51.0956640048374, -28.7965122468981],\n\"MUITOS CAP\u00d5ES\/RS\": [-51.1846023448957, -28.3189128014806],\n\"LAGOA VERMELHA\/RS\": [-51.5272285291447, -28.2088702462124],\n\"CAP\u00c3O BONITO DO SUL\/RS\": [-51.3951584627035, -28.1259752949248],\n\"SANTO EXPEDITO DO SUL\/RS\": [-51.6435721743256, -27.9093694246144],\n\"TUPANCI DO SUL\/RS\": [-51.5405390116847, -27.9257114659323],\n\"CACIQUE DOBLE\/RS\": [-51.6641134498382, -27.7682324660163],\n\"S\u00c3O JOS\u00c9 DO OURO\/RS\": [-51.5947676779911, -27.771255406485],\n\"BARRAC\u00c3O\/RS\": [-51.4601514583785, -27.6802298713897],\n\"ESMERALDA\/RS\": [-51.1887936624614, -28.0572763479842],\n\"PINHAL DA SERRA\/RS\": [-51.170102723734, -27.8766645867712],\n\"ANITA GARIBALDI\/SC\": [-51.1311938712633, -27.6837772900554],\n\"MONTE ALEGRE DOS CAMPOS\/RS\": [-50.7828337051116, -28.6850717757187],\n\"VACARIA\/RS\": [-50.9365991641211, -28.5023543951864],\n\"BOM JESUS\/RS\": [-50.4333492699802, -28.6705776756427],\n\"CAMPO BELO DO SUL\/SC\": [-50.7619937519385, -27.8966573872665],\n\"CERRO NEGRO\/SC\": [-50.8700622646788, -27.7958280677384],\n\"S\u00c3O JOS\u00c9 DO CERRITO\/SC\": [-50.5813861763305, -27.6685865187534],\n\"CAP\u00c3O ALTO\/SC\": [-50.5114792925864, -27.9416852818149],\n\"MACHADINHO\/RS\": [-51.6675073604692, -27.5681399699086],\n\"ZORT\u00c9A\/SC\": [-51.5495663068408, -27.4502514116819],\n\"OURO\/SC\": [-51.620562178214, -27.3424881724357],\n\"CAPINZAL\/SC\": [-51.6113627551759, -27.3442784642161],\n\"LACERD\u00d3POLIS\/SC\": [-51.5628663690798, -27.2646000912219],\n\"CATANDUVAS\/SC\": [-51.6589480985776, -27.0720352215709],\n\"ERVAL VELHO\/SC\": [-51.4434329044499, -27.2738954846384],\n\"JOA\u00c7ABA\/SC\": [-51.5066897333377, -27.1739445292328],\n\"HERVAL D'OESTE\/SC\": [-51.4962153102599, -27.1703031847073],\n\"LUZERNA\/SC\": [-51.4679460432033, -27.1298960692111],\n\"IBICAR\u00c9\/SC\": [-51.3684502619661, -27.0915490160551],\n\"CELSO RAMOS\/SC\": [-51.3359938247645, -27.63473860537],\n\"CAMPOS NOVOS\/SC\": [-51.2236729932379, -27.3990529792286],\n\"IBIAM\/SC\": [-51.2394276982807, -27.1805834764113],\n\"TANGAR\u00c1\/SC\": [-51.245914375254, -27.1010111042277],\n\"PINHEIRO PRETO\/SC\": [-51.2305364835274, -27.0451346160511],\n\"\u00c1GUA DOCE\/SC\": [-51.5590965552946, -27.0040916588601],\n\"TREZE T\u00cdLIAS\/SC\": [-51.4146746650895, -26.9985363058706],\n\"SALTO VELOSO\/SC\": [-51.4052080779569, -26.9031646076917],\n\"MACIEIRA\/SC\": [-51.3761219769561, -26.8552123885479],\n\"ARROIO TRINTA\/SC\": [-51.3341239238805, -26.932564856681],\n\"IOMER\u00ca\/SC\": [-51.2406190978758, -27.0010780507868],\n\"VIDEIRA\/SC\": [-51.1517052828326, -27.0061290679698],\n\"RIO DAS ANTAS\/SC\": [-51.0760199431708, -26.8970674359054],\n\"CALMON\/SC\": [-51.0966349045981, -26.6046771770733],\n\"MATOS COSTA\/SC\": [-51.1574514436102, -26.4741154352025],\n\"ABDON BATISTA\/SC\": [-51.0252722110367, -27.6089871233363],\n\"VARGEM\/SC\": [-50.9781506256549, -27.4899701004296],\n\"MONTE CARLO\/SC\": [-50.9741046780325, -27.217678802079],\n\"BRUN\u00d3POLIS\/SC\": [-50.8359207719507, -27.318362150824],\n\"FREI ROG\u00c9RIO\/SC\": [-50.8064082491164, -27.1747514992324],\n\"CURITIBANOS\/SC\": [-50.5826010352621, -27.2829825064663],\n\"S\u00c3O CRISTOV\u00c3O DO SUL\/SC\": [-50.434628933086, -27.2829466733989],\n\"PONTE ALTA DO NORTE\/SC\": [-50.4654042677657, -27.1690291828981],\n\"FRAIBURGO\/SC\": [-50.9250792352346, -27.0234469627061],\n\"CA\u00c7ADOR\/SC\": [-51.0190347589981, -26.7753476727182],\n\"LEBON R\u00c9GIS\/SC\": [-50.6918278644481, -26.92911401117],\n\"SANTA CEC\u00cdLIA\/SC\": [-50.4229016203405, -26.9569007446141],\n\"TIMB\u00d3 GRANDE\/SC\": [-50.6746741364894, -26.6178284910438],\n\"S\u00c3O LOUREN\u00c7O DO OESTE\/SC\": [-52.8513336669502, -26.3551901645503],\n\"JUPI\u00c1\/SC\": [-52.7343805407579, -26.393702818029],\n\"VITORINO\/PR\": [-52.7770814458028, -26.2643442873669],\n\"PATO BRANCO\/PR\": [-52.6773619976723, -26.229958515],\n\"BOM SUCESSO DO SUL\/PR\": [-52.8319762720658, -26.0745371402892],\n\"VER\u00ca\/PR\": [-52.9085930798312, -25.8806316035548],\n\"ITAPEJARA D'OESTE\/PR\": [-52.8139296045112, -25.970878051643],\n\"S\u00c3O JO\u00c3O\/PR\": [-52.7294732188134, -25.8246629361444],\n\"MARI\u00d3POLIS\/PR\": [-52.5577480020641, -26.3558427427168],\n\"CLEVEL\u00c2NDIA\/PR\": [-52.352986201218, -26.4052052933615],\n\"HON\u00d3RIO SERPA\/PR\": [-52.3830290561902, -26.1429662070044],\n\"CORONEL VIVIDA\/PR\": [-52.567086635376, -25.9781534980571],\n\"CHOPINZINHO\/PR\": [-52.5339602074992, -25.8546838487659],\n\"S\u00c3O JORGE D'OESTE\/PR\": [-52.9201031661411, -25.714948099592],\n\"SULINA\/PR\": [-52.7165965203627, -25.6996322445225],\n\"QUEDAS DO IGUA\u00c7U\/PR\": [-52.9098324023128, -25.4567808508294],\n\"ESPIG\u00c3O ALTO DO IGUA\u00c7U\/PR\": [-52.8382134986902, -25.4266700616993],\n\"SAUDADE DO IGUA\u00c7U\/PR\": [-52.6143393739758, -25.6936611646413],\n\"PORTO BARREIRO\/PR\": [-52.4047867627126, -25.545185638387],\n\"RIO BONITO DO IGUA\u00c7U\/PR\": [-52.5268897829594, -25.4869088092077],\n\"NOVA LARANJEIRAS\/PR\": [-52.5393704514689, -25.3067459165584],\n\"LARANJEIRAS DO SUL\/PR\": [-52.4088474232637, -25.4016815101669],\n\"CORONEL DOMINGOS SOARES\/PR\": [-52.0345386761735, -26.2265477684456],\n\"MANGUEIRINHA\/PR\": [-52.1763258293897, -25.942981341552],\n\"RESERVA DO IGUA\u00c7U\/PR\": [-52.0287624631417, -25.8309580360474],\n\"FOZ DO JORD\u00c3O\/PR\": [-52.1256275318311, -25.7334396202596],\n\"CAND\u00d3I\/PR\": [-52.0554464047832, -25.5679318458436],\n\"VIRMOND\/PR\": [-52.2025433047369, -25.3787659851252],\n\"CANTAGALO\/PR\": [-52.1266876349423, -25.3743173860408],\n\"GUARANIA\u00c7U\/PR\": [-52.8696324396125, -25.0986499165701],\n\"DIAMANTE DO SUL\/PR\": [-52.6881907613318, -25.0351919283102],\n\"ALTAMIRA DO PARAN\u00c1\/PR\": [-52.7098074466916, -24.8010001634957],\n\"NOVA CANTU\/PR\": [-52.570992160533, -24.6707788449966],\n\"LARANJAL\/PR\": [-52.4716661790835, -24.8883015839692],\n\"CAMPINA DA LAGOA\/PR\": [-52.8135641546009, -24.5949565820335],\n\"RANCHO ALEGRE D'OESTE\/PR\": [-52.9511258398345, -24.3090100123643],\n\"JURANDA\/PR\": [-52.8444864982627, -24.4163906494412],\n\"BOA ESPERAN\u00c7A\/PR\": [-52.7927774592961, -24.2394931592462],\n\"JANI\u00d3POLIS\/PR\": [-52.782551780046, -24.1414499417911],\n\"MAMBOR\u00ca\/PR\": [-52.5290941575477, -24.3218130807396],\n\"FAROL\/PR\": [-52.6262151802103, -24.0990946186794],\n\"CAMPO MOUR\u00c3O\/PR\": [-52.3811150855647, -24.0412231967198],\n\"MARQUINHO\/PR\": [-52.2569829527735, -25.1122123613302],\n\"GOIOXIM\/PR\": [-52.0055879661652, -25.2015403111031],\n\"PALMITAL\/PR\": [-52.2129972267238, -24.8822436773402],\n\"MATO RICO\/PR\": [-52.146258579849, -24.7073171878821],\n\"SANTA MARIA DO OESTE\/PR\": [-51.8677097950836, -24.9341839968829],\n\"CAMPINA DO SIM\u00c3O\/PR\": [-51.8147865320916, -25.1025784698031],\n\"PITANGA\/PR\": [-51.7631540083928, -24.7527477534145],\n\"RONCADOR\/PR\": [-52.2760525503737, -24.5951071879967],\n\"IRETAMA\/PR\": [-52.101576622284, -24.4211415593772],\n\"LUIZIANA\/PR\": [-52.2819056183387, -24.2800814126702],\n\"CORUMBATA\u00cd DO SUL\/PR\": [-52.1241853003798, -24.097412385249],\n\"BARBOSA FERRAZ\/PR\": [-52.0071166854286, -24.0277154652953],\n\"NOVA TEBAS\/PR\": [-51.9503961103527, -24.4383252111535],\n\"ARAPU\u00c3\/PR\": [-51.7913175642778, -24.3087023864114],\n\"GODOY MOREIRA\/PR\": [-51.9243682163217, -24.1928594485963],\n\"JARDIM ALEGRE\/PR\": [-51.6943350083947, -24.1811374455632],\n\"LUNARDELLI\/PR\": [-51.7445483867649, -24.078046360677],\n\"BITURUNA\/PR\": [-51.5565252574649, -26.1607944758407],\n\"GENERAL CARNEIRO\/PR\": [-51.3168589232395, -26.4258025265901],\n\"PORTO VIT\u00d3RIA\/PR\": [-51.2366947363773, -26.1634752041939],\n\"UNI\u00c3O DA VIT\u00d3RIA\/PR\": [-51.0906095229867, -26.2284345],\n\"PORTO UNI\u00c3O\/SC\": [-51.0816046335966, -26.2300048980861],\n\"CRUZ MACHADO\/PR\": [-51.3477095246118, -26.0172688782083],\n\"PINH\u00c3O\/PR\": [-51.6482701915018, -25.69629501],\n\"GUARAPUAVA\/PR\": [-51.4634310776746, -25.39359198],\n\"IN\u00c1CIO MARTINS\/PR\": [-51.0749452987122, -25.5721626869871],\n\"PAULA FREITAS\/PR\": [-50.9347363362549, -26.2201021596604],\n\"IRINE\u00d3POLIS\/SC\": [-50.8039000498131, -26.2366129371023],\n\"PAULO FRONTIN\/PR\": [-50.8331964537166, -26.0456075777101],\n\"MALLET\/PR\": [-50.8275686221384, -25.8737880845276],\n\"BELA VISTA DO TOLDO\/SC\": [-50.4647882384698, -26.276228278338],\n\"RIO AZUL\/PR\": [-50.7871729819706, -25.7161131774978],\n\"PRUDENT\u00d3POLIS\/PR\": [-50.983575090629, -25.2160205],\n\"REBOU\u00c7AS\/PR\": [-50.6812544333183, -25.6263927557656],\n\"IRATI\/PR\": [-50.6580481227738, -25.4737362989273],\n\"IMBITUVA\/PR\": [-50.5974729665313, -25.2306130382221],\n\"FERNANDES PINHEIRO\/PR\": [-50.5474142544109, -25.4122422979542],\n\"TEIXEIRA SOARES\/PR\": [-50.4656469824186, -25.3800492077089],\n\"TURVO\/PR\": [-51.5327643273371, -25.0401268031015],\n\"BOA VENTURA DE S\u00c3O ROQUE\/PR\": [-51.5393738370315, -24.8785175861528],\n\"MANOEL RIBAS\/PR\": [-51.6690785950707, -24.5217308774069],\n\"ARIRANHA DO IVA\u00cd\/PR\": [-51.5879178388767, -24.3832887447902],\n\"IVAIPOR\u00c3\/PR\": [-51.6745520468117, -24.24194802],\n\"LIDIAN\u00d3POLIS\/PR\": [-51.6541506163069, -24.1067664133174],\n\"GRANDES RIOS\/PR\": [-51.5087423991262, -24.1461940122141],\n\"C\u00c2NDIDO DE ABREU\/PR\": [-51.3325805083905, -24.5646691198961],\n\"RIO BRANCO DO IVA\u00cd\/PR\": [-51.3120655882648, -24.3202776012942],\n\"ROS\u00c1RIO DO IVA\u00cd\/PR\": [-51.2499448251477, -24.2535525559056],\n\"FAXINAL\/PR\": [-51.3201059317839, -24.0039270722271],\n\"GUAMIRANGA\/PR\": [-50.8098759006677, -25.1899094536303],\n\"IVA\u00cd\/PR\": [-50.8614257041266, -25.008262582518],\n\"RESERVA\/PR\": [-50.8505958054306, -24.651648],\n\"IPIRANGA\/PR\": [-50.5812401343906, -25.0130228282322],\n\"IMBA\u00da\/PR\": [-50.7493089935498, -24.4427970837244],\n\"ORTIGUEIRA\/PR\": [-50.9269295381431, -24.2120106688964],\n\"TEL\u00caMACO BORBA\/PR\": [-50.6231227231312, -24.32868597],\n\"TIBAGI\/PR\": [-50.4114701228325, -24.5132880678495],\n\"CURI\u00daVA\/PR\": [-50.4594055244877, -24.0358255892878],\n\"S\u00c3O JOS\u00c9 DOS AUSENTES\/RS\": [-50.0636129376329, -28.7499064320338],\n\"TIMB\u00c9 DO SUL\/SC\": [-49.8441177627943, -28.8325174934795],\n\"S\u00c3O JOAQUIM\/SC\": [-49.9367417605442, -28.294712499212],\n\"LAGES\/SC\": [-50.3302224241895, -27.8172594631137],\n\"PAINEL\/SC\": [-50.1130097409793, -27.9145181854278],\n\"BOCAINA DO SUL\/SC\": [-49.9458979108069, -27.7431983069377],\n\"URUPEMA\/SC\": [-49.8732112423988, -27.9526858098159],\n\"RIO RUFINO\/SC\": [-49.7775918042695, -27.863235479243],\n\"MORRO GRANDE\/SC\": [-49.7187999838418, -28.7997195366586],\n\"MELEIRO\/SC\": [-49.6298493602249, -28.8324458208608],\n\"MARACAJ\u00c1\/SC\": [-49.4543763245932, -28.8503146069746],\n\"FORQUILHINHA\/SC\": [-49.4688610533615, -28.7424153508779],\n\"NOVA VENEZA\/SC\": [-49.5031235817322, -28.638232602301],\n\"BOM JARDIM DA SERRA\/SC\": [-49.6249777453381, -28.3379471909765],\n\"TREVISO\/SC\": [-49.455933378851, -28.5184848579408],\n\"CRICI\u00daMA\/SC\": [-49.3659395588222, -28.6735722526747],\n\"SIDER\u00d3POLIS\/SC\": [-49.420540933003, -28.5951024182345],\n\"I\u00c7ARA\/SC\": [-49.3008225783231, -28.7070840092046],\n\"COCAL DO SUL\/SC\": [-49.3271287199039, -28.6030228652774],\n\"MORRO DA FUMA\u00c7A\/SC\": [-49.2132565084377, -28.6547878430396],\n\"SANG\u00c3O\/SC\": [-49.1340298641987, -28.6332229229122],\n\"URUSSANGA\/SC\": [-49.3191079185647, -28.5199662039211],\n\"LAURO MULLER\/SC\": [-49.3943072672474, -28.3935851652629],\n\"ORLEANS\/SC\": [-49.2914262911017, -28.3604689662855],\n\"TREZE DE MAIO\/SC\": [-49.1448153071747, -28.558140037514],\n\"PEDRAS GRANDES\/SC\": [-49.186487547356, -28.4372176497457],\n\"S\u00c3O LUDGERO\/SC\": [-49.1756843247193, -28.3268955250758],\n\"BRA\u00c7O DO NORTE\/SC\": [-49.1645477089486, -28.2800388673436],\n\"URUBICI\/SC\": [-49.5882056111042, -28.0045549120329],\n\"BOM RETIRO\/SC\": [-49.4898337660812, -27.7986710014261],\n\"GR\u00c3O PAR\u00c1\/SC\": [-49.2199960405178, -28.1839865262373],\n\"SANTA ROSA DE LIMA\/SC\": [-49.1250913029394, -28.0356055728432],\n\"ALFREDO WAGNER\/SC\": [-49.3438123011528, -27.7053963320374],\n\"ANIT\u00c1POLIS\/SC\": [-49.1315993662195, -27.9098868973331],\n\"CORREIA PINTO\/SC\": [-50.363760554615, -27.5848083449709],\n\"PONTE ALTA\/SC\": [-50.3771006508207, -27.4677840727923],\n\"PALMEIRA\/SC\": [-50.1590014055927, -27.5822620704524],\n\"OTAC\u00cdLIO COSTA\/SC\": [-50.1123146891291, -27.5038461750083],\n\"BRA\u00c7O DO TROMBUDO\/SC\": [-49.8909079359514, -27.3642513451248],\n\"AGROL\u00c2NDIA\/SC\": [-49.8256533877284, -27.4005165879985],\n\"ATALANTA\/SC\": [-49.7794566741424, -27.4205360018406],\n\"MIRIM DOCE\/SC\": [-50.0685637123754, -27.2012050831375],\n\"POUSO REDONDO\/SC\": [-49.9556521355194, -27.2510862782106],\n\"TAI\u00d3\/SC\": [-50.0050964642724, -27.1179373002204],\n\"TROMBUDO CENTRAL\/SC\": [-49.792478234056, -27.3030195290903],\n\"RIO DO OESTE\/SC\": [-49.8028622167011, -27.1911665180101],\n\"RIO DO CAMPO\/SC\": [-50.1395889130391, -26.9423084311286],\n\"MONTE CASTELO\/SC\": [-50.2262714328843, -26.4563624721632],\n\"SALETE\/SC\": [-50.0017307310962, -26.9752443334315],\n\"SANTA TEREZINHA\/SC\": [-50.0055291871441, -26.7809823539531],\n\"WITMARSUM\/SC\": [-49.8042033754401, -26.926742723396],\n\"VITOR MEIRELES\/SC\": [-49.8307519609684, -26.8815776185781],\n\"PETROL\u00c2NDIA\/SC\": [-49.6948686231007, -27.5281268330003],\n\"ITUPORANGA\/SC\": [-49.603414701133, -27.4148584906675],\n\"CHAPAD\u00c3O DO LAGEADO\/SC\": [-49.5443259548905, -27.5852982512011],\n\"AGRON\u00d4MICA\/SC\": [-49.7183688907554, -27.2697161071454],\n\"LAURENTINO\/SC\": [-49.7552636609799, -27.2123881016018],\n\"AURORA\/SC\": [-49.6436279074818, -27.2990294946104],\n\"RIO DO SUL\/SC\": [-49.6432375290983, -27.2179032254389],\n\"LONTRAS\/SC\": [-49.5448293546842, -27.1574865637255],\n\"IBIRAMA\/SC\": [-49.5220277592255, -27.0535408849138],\n\"LEOBERTO LEAL\/SC\": [-49.2894014989799, -27.5063895156567],\n\"IMBUIA\/SC\": [-49.4277293449918, -27.4946042536369],\n\"VIDAL RAMOS\/SC\": [-49.3682191726114, -27.3957786986881],\n\"PRESIDENTE NEREU\/SC\": [-49.4032927710887, -27.2873292141085],\n\"API\u00daNA\/SC\": [-49.3916376287528, -27.041812598125],\n\"DONA EMMA\/SC\": [-49.7168977450524, -26.9863006137375],\n\"PRESIDENTE GET\u00daLIO\/SC\": [-49.6220861691379, -27.0414082411233],\n\"JOS\u00c9 BOITEUX\/SC\": [-49.6238066864875, -26.9546826165688],\n\"DOUTOR PEDRINHO\/SC\": [-49.4792933619334, -26.7204609555414],\n\"ASCURRA\/SC\": [-49.3863634278063, -26.954775842494],\n\"RODEIO\/SC\": [-49.3047072334636, -26.9435016683708],\n\"BENEDITO NOVO\/SC\": [-49.3644027494089, -26.7775075690012],\n\"TIMB\u00d3\/SC\": [-49.2777122897972, -26.8229025749878],\n\"INDAIAL\/SC\": [-49.2401404600146, -26.906255999238],\n\"RIO DOS CEDROS\/SC\": [-49.2723794435685, -26.7491298161626],\n\"POMERODE\/SC\": [-49.1741975274002, -26.7448263965019],\n\"JAGUARUNA\/SC\": [-49.0491289860852, -28.6249636892195],\n\"TUBAR\u00c3O\/SC\": [-49.0052680770245, -28.4800339478501],\n\"CAPIVARI DE BAIXO\/SC\": [-48.9605750680941, -28.4490455118251],\n\"GRAVATAL\/SC\": [-49.0394702581619, -28.3291307178425],\n\"IMARU\u00cd\/SC\": [-48.8146717195152, -28.3438499095259],\n\"LAGUNA\/SC\": [-48.7813886217994, -28.483585953912],\n\"RIO FORTUNA\/SC\": [-49.105093802571, -28.1325913886379],\n\"ARMAZ\u00c9M\/SC\": [-49.012911084774, -28.2587054679168],\n\"S\u00c3O MARTINHO\/SC\": [-48.9777862480356, -28.16449528961],\n\"RANCHO QUEIMADO\/SC\": [-49.0084323799639, -27.6772088641101],\n\"S\u00c3O BONIF\u00c1CIO\/SC\": [-48.9293119585962, -27.8964966985261],\n\"\u00c1GUAS MORNAS\/SC\": [-48.8405384028278, -27.7065971917498],\n\"IMBITUBA\/SC\": [-48.6692841969228, -28.2399511140131],\n\"GAROPABA\/SC\": [-48.6125566828538, -28.020895934826],\n\"PAULO LOPES\/SC\": [-48.6814954135887, -27.949816232587],\n\"SANTO AMARO DA IMPERATRIZ\/SC\": [-48.7802399213721, -27.6897477584618],\n\"ANGELINA\/SC\": [-48.9834760642254, -27.582257352064],\n\"MAJOR GERCINO\/SC\": [-48.9533539588878, -27.4186604134206],\n\"BOTUVER\u00c1\/SC\": [-49.0784843619278, -27.2021068611648],\n\"GUABIRUBA\/SC\": [-48.9835604480228, -27.0603252392512],\n\"NOVA TRENTO\/SC\": [-48.9257954329345, -27.2877711667856],\n\"S\u00c3O JO\u00c3O BATISTA\/SC\": [-48.8570042802462, -27.2958805567379],\n\"BRUSQUE\/SC\": [-48.9151630055153, -27.0983102262107],\n\"S\u00c3O PEDRO DE ALC\u00c2NTARA\/SC\": [-48.7876695873071, -27.5671700933902],\n\"ANT\u00d4NIO CARLOS\/SC\": [-48.7649600267553, -27.5133710516314],\n\"PALHO\u00c7A\/SC\": [-48.6702879187122, -27.6470436836907],\n\"BIGUA\u00c7U\/SC\": [-48.6544889289506, -27.49432274347],\n\"S\u00c3O JOS\u00c9\/SC\": [-48.6160227158664, -27.5903120772487],\n\"FLORIAN\u00d3POLIS\/SC\": [-48.5476373781933, -27.58779554855],\n\"CANELINHA\/SC\": [-48.7892731276779, -27.2724147946086],\n\"GOVERNADOR CELSO RAMOS\/SC\": [-48.5781665645095, -27.3186459075051],\n\"TIJUCAS\/SC\": [-48.6320705638696, -27.2394536072106],\n\"PORTO BELO\/SC\": [-48.6027567395843, -27.1494662097186],\n\"ITAPEMA\/SC\": [-48.6173993861423, -27.0959378836856],\n\"BOMBINHAS\/SC\": [-48.5213451348448, -27.1442546993321],\n\"BLUMENAU\/SC\": [-49.0576308843612, -26.9161077053067],\n\"GASPAR\/SC\": [-48.9677065681263, -26.9183685142378],\n\"ILHOTA\/SC\": [-48.8250140063896, -26.9046251832167],\n\"MASSARANDUBA\/SC\": [-48.9887446627143, -26.5954580146677],\n\"JARAGU\u00c1 DO SUL\/SC\": [-49.0762988228022, -26.4904843494135],\n\"GUARAMIRIM\/SC\": [-48.9921042659495, -26.4744451283201],\n\"LUIZ ALVES\/SC\": [-48.9260467722994, -26.7211107866955],\n\"CAMBORI\u00da\/SC\": [-48.6499958521006, -27.0264564992357],\n\"ITAJA\u00cd\/SC\": [-48.6570232083488, -26.9074262397995],\n\"NAVEGANTES\/SC\": [-48.6491829025091, -26.8974391192712],\n\"BALNE\u00c1RIO PI\u00c7ARRAS\/SC\": [-48.6750513539987, -26.7691705385029],\n\"PENHA\/SC\": [-48.6475729112698, -26.7688610927433],\n\"BALNE\u00c1RIO CAMBORI\u00da\/SC\": [-48.6346174770265, -26.9918186052546],\n\"S\u00c3O JO\u00c3O DO ITAPERI\u00da\/SC\": [-48.7677653867626, -26.6174540463118],\n\"BARRA VELHA\/SC\": [-48.683864274324, -26.6343614082893],\n\"BALNE\u00c1RIO BARRA DO SUL\/SC\": [-48.6066458760074, -26.4564295671177],\n\"MAJOR VIEIRA\/SC\": [-50.3329868433168, -26.357526536006],\n\"CANOINHAS\/SC\": [-50.3978487118933, -26.1788070142524],\n\"PAPANDUVA\/SC\": [-50.1632041973224, -26.3939830707766],\n\"TR\u00caS BARRAS\/SC\": [-50.3054193679948, -26.11409633676],\n\"S\u00c3O MATEUS DO SUL\/PR\": [-50.3906242547046, -25.869599505],\n\"ANT\u00d4NIO OLINTO\/PR\": [-50.1979472440033, -25.9867057800286],\n\"ITAI\u00d3POLIS\/SC\": [-49.9087562022231, -26.3371264112188],\n\"MAFRA\/SC\": [-49.8010375282692, -26.1152284942537],\n\"RIO NEGRO\/PR\": [-49.7976853768382, -26.10040797],\n\"S\u00c3O JO\u00c3O DO TRIUNFO\/PR\": [-50.3080640619123, -25.6918750639247],\n\"PORTO AMAZONAS\/PR\": [-49.8897208650407, -25.5415727120726],\n\"PALMEIRA\/PR\": [-50.0032468209789, -25.4185679014664],\n\"RIO NEGRINHO\/SC\": [-49.5172950755857, -26.255325027927],\n\"CAMPO DO TENENTE\/PR\": [-49.6903769402356, -25.9810056577243],\n\"QUITANDINHA\/PR\": [-49.4966829869198, -25.8683083492793],\n\"S\u00c3O BENTO DO SUL\/SC\": [-49.3869788951345, -26.2494854185392],\n\"CORUP\u00c1\/SC\": [-49.2267370000436, -26.4319663158101],\n\"CAMPO ALEGRE\/SC\": [-49.2633444820536, -26.1906592824645],\n\"PI\u00caN\/PR\": [-49.4282437421995, -26.0969563765535],\n\"AGUDOS DO SUL\/PR\": [-49.3387018845931, -25.9906180905957],\n\"TIJUCAS DO SUL\/PR\": [-49.1822439412764, -25.9201804801753],\n\"LAPA\/PR\": [-49.7185958084251, -25.765102485],\n\"BALSA NOVA\/PR\": [-49.6317559904068, -25.5784978074535],\n\"CONTENDA\/PR\": [-49.5316118696956, -25.6807663095901],\n\"CAMPO LARGO\/PR\": [-49.5288414503356, -25.4594905],\n\"MANDIRITUBA\/PR\": [-49.3227825970264, -25.7596206130936],\n\"ARAUC\u00c1RIA\/PR\": [-49.4019396967087, -25.591645],\n\"FAZENDA RIO GRANDE\/PR\": [-49.3232931947119, -25.6414002186938],\n\"S\u00c3O JOS\u00c9 DOS PINHAIS\/PR\": [-49.2000824656673, -25.537702],\n\"CAMPO MAGRO\/PR\": [-49.4276649679895, -25.3679565],\n\"ALMIRANTE TAMANDAR\u00c9\/PR\": [-49.3003198184039, -25.3133776022763],\n\"CURITIBA\/PR\": [-49.2718478850774, -25.432956],\n\"PINHAIS\/PR\": [-49.1991974196099, -25.4421978879055],\n\"COLOMBO\/PR\": [-49.2274379772727, -25.2943402945361],\n\"PONTA GROSSA\/PR\": [-50.1614420592942, -25.092547],\n\"CARAMBE\u00cd\/PR\": [-50.1130915115041, -24.950872979957],\n\"CASTRO\/PR\": [-50.0028111277611, -24.7954175],\n\"VENTANIA\/PR\": [-50.2476172237288, -24.2441658559639],\n\"PIRA\u00cd DO SUL\/PR\": [-49.9413309935834, -24.5323575],\n\"ARAPOTI\/PR\": [-49.8248285017272, -24.1465691652058],\n\"ITAPERU\u00c7U\/PR\": [-49.3428643436738, -25.214469525],\n\"RIO BRANCO DO SUL\/PR\": [-49.3167138827683, -25.1901653515541],\n\"CERRO AZUL\/PR\": [-49.2603168259064, -24.818947302786],\n\"JAGUARIA\u00cdVA\/PR\": [-49.7121863019608, -24.2530565],\n\"SENG\u00c9S\/PR\": [-49.4730192945961, -24.1168102194297],\n\"DOUTOR ULYSSES\/PR\": [-49.4197717989297, -24.5678364522416],\n\"ITAPIRAPU\u00c3 PAULISTA\/SP\": [-49.1721656552808, -24.5715534992858],\n\"BOM SUCESSO DE ITARAR\u00c9\/SP\": [-49.1437619226039, -24.3182628407156],\n\"ITARAR\u00c9\/SP\": [-49.3361197139294, -24.11213796],\n\"SCHROEDER\/SC\": [-49.0732596915149, -26.4209759126271],\n\"JOINVILLE\/SC\": [-48.849409143238, -26.3045176486541],\n\"GARUVA\/SC\": [-48.8498418594081, -26.0220755061165],\n\"ARAQUARI\/SC\": [-48.6927074119294, -26.3759515540741],\n\"S\u00c3O FRANCISCO DO SUL\/SC\": [-48.6375707581745, -26.244017884154],\n\"ITAPO\u00c1\/SC\": [-48.6041676070776, -26.0060478870145],\n\"GUARATUBA\/PR\": [-48.5757259604424, -25.874241975],\n\"PIRAQUARA\/PR\": [-49.0653056139231, -25.4465503564542],\n\"QUATRO BARRAS\/PR\": [-49.0851888348275, -25.3737448472333],\n\"CAMPINA GRANDE DO SUL\/PR\": [-49.0534658723572, -25.303247505],\n\"MORRETES\/PR\": [-48.8315391962639, -25.4784816833829],\n\"MATINHOS\/PR\": [-48.5337711877653, -25.8164097029052],\n\"ANTONINA\/PR\": [-48.7129000617478, -25.4301661323239],\n\"PARANAGU\u00c1\/PR\": [-48.5247328366567, -25.5068415],\n\"PONTAL DO PARAN\u00c1\/PR\": [-48.4483270301901, -25.5941510148777],\n\"GUARAQUE\u00c7ABA\/PR\": [-48.3260489326164, -25.3004374743932],\n\"BOCAI\u00daVA DO SUL\/PR\": [-49.1057874827993, -25.2149015836903],\n\"TUNAS DO PARAN\u00c1\/PR\": [-49.0860587993652, -24.9723811901187],\n\"RIBEIRA\/SP\": [-49.0083019947608, -24.657489499284],\n\"ADRIAN\u00d3POLIS\/PR\": [-48.9917545384254, -24.6616897054529],\n\"ITA\u00d3CA\/SP\": [-48.8428556815305, -24.642594234804],\n\"BARRA DO TURVO\/SP\": [-48.5023434527708, -24.7593866560173],\n\"BARRA DO CHAP\u00c9U\/SP\": [-49.0271391368039, -24.471425999288],\n\"APIA\u00cd\/SP\": [-48.8486599046398, -24.513316],\n\"NOVA CAMPINA\/SP\": [-48.9057384790491, -24.1232104179112],\n\"IPORANGA\/SP\": [-48.5896007140876, -24.584460178277],\n\"RIBEIR\u00c3O BRANCO\/SP\": [-48.7654774814823, -24.2202684575569],\n\"GUAPIARA\/SP\": [-48.5276813218495, -24.1825265],\n\"CANAN\u00c9IA\/SP\": [-47.9284828144297, -25.0169080699809],\n\"CAJATI\/SP\": [-48.1049998090052, -24.726360972223],\n\"JACUPIRANGA\/SP\": [-48.0047045115401, -24.6981502809578],\n\"PARIQUERA-A\u00c7U\/SP\": [-47.8799976028944, -24.7125466309581],\n\"RIBEIR\u00c3O GRANDE\/SP\": [-48.3670711559505, -24.101200310693],\n\"CAP\u00c3O BONITO\/SP\": [-48.3514345179275, -24.00680097],\n\"ELDORADO\/SP\": [-48.103228422535, -24.525386611147],\n\"REGISTRO\/SP\": [-47.841054751675, -24.4942514279999],\n\"SETE BARRAS\/SP\": [-47.9272169634722, -24.3886037821879],\n\"ILHA COMPRIDA\/SP\": [-47.5543169659299, -24.7392399403978],\n\"IGUAPE\/SP\": [-47.5531374088176, -24.7069541964258],\n\"JUQUI\u00c1\/SP\": [-47.6353419676622, -24.3207030789727],\n\"MIRACATU\/SP\": [-47.4571039991089, -24.2839294653761],\n\"PEDRO DE TOLEDO\/SP\": [-47.2290763497417, -24.2728006735454],\n\"PERU\u00cdBE\/SP\": [-46.9973018645123, -24.3195088839999],\n\"ITARIRI\/SP\": [-47.1757260565554, -24.292005633897],\n\"ITANHA\u00c9M\/SP\": [-46.7909914828787, -24.1861206668328],\n\"MONGAGU\u00c1\/SP\": [-46.619992725371, -24.0941161449999],\n\"PRAIA GRANDE\/SP\": [-46.4120495836124, -24.0030215],\n\"TUNEIRAS DO OESTE\/PR\": [-52.8745678467236, -23.8640306292838],\n\"TAPEJARA\/PR\": [-52.8641131839901, -23.7324791909303],\n\"RONDON\/PR\": [-52.7624923118905, -23.4126599793783],\n\"INDIAN\u00d3POLIS\/PR\": [-52.7010569081576, -23.4797105011699],\n\"S\u00c3O MANOEL DO PARAN\u00c1\/PR\": [-52.6470195624171, -23.3961302642141],\n\"ARARUNA\/PR\": [-52.4996181031374, -23.9282009505814],\n\"PEABIRU\/PR\": [-52.3478961545674, -23.9141264298477],\n\"TERRA BOA\/PR\": [-52.4621421588906, -23.7668332665984],\n\"CIANORTE\/PR\": [-52.6091508905561, -23.6538131528275],\n\"S\u00c3O TOM\u00c9\/PR\": [-52.5924836675634, -23.5355113617935],\n\"JAPUR\u00c1\/PR\": [-52.5566276715464, -23.4685877725578],\n\"JUSSARA\/PR\": [-52.4730408047112, -23.6163267087866],\n\"CIDADE GA\u00daCHA\/PR\": [-52.940525149061, -23.3741973865545],\n\"GUAPOREMA\/PR\": [-52.7782437828839, -23.3429843451037],\n\"MIRADOR\/PR\": [-52.7769349283224, -23.2574075418387],\n\"AMAPOR\u00c3\/PR\": [-52.7867873506457, -23.097370288159],\n\"PLANALTINA DO PARAN\u00c1\/PR\": [-52.9178407026414, -23.0188101882836],\n\"GUAIRA\u00c7\u00c1\/PR\": [-52.6910396163512, -22.9382439477033],\n\"PARA\u00cdSO DO NORTE\/PR\": [-52.6035431383628, -23.2871611665114],\n\"NOVA ALIAN\u00c7A DO IVA\u00cd\/PR\": [-52.6019227273391, -23.1774555298389],\n\"TAMBOARA\/PR\": [-52.5006292917574, -23.2018206530944],\n\"S\u00c3O CARLOS DO IVA\u00cd\/PR\": [-52.4771145893703, -23.3088474513599],\n\"PARANAVA\u00cd\/PR\": [-52.462401669956, -23.081879475],\n\"S\u00c3O JO\u00c3O DO CAIU\u00c1\/PR\": [-52.3397510425866, -22.8544043257963],\n\"ENGENHEIRO BELTR\u00c3O\/PR\": [-52.2600351547591, -23.80114407037],\n\"QUINTA DO SOL\/PR\": [-52.1351287636401, -23.8438884262315],\n\"IVATUBA\/PR\": [-52.2176692790419, -23.6182744112522],\n\"DOUTOR CAMARGO\/PR\": [-52.2227214970694, -23.5559013269844],\n\"S\u00c3O JORGE DO IVA\u00cd\/PR\": [-52.2943419624336, -23.4354578614104],\n\"OURIZONA\/PR\": [-52.1950387276658, -23.404568221605],\n\"FLORESTA\/PR\": [-52.0830848515253, -23.6102671394592],\n\"PAI\u00c7ANDU\/PR\": [-52.0524118315665, -23.4576987574943],\n\"F\u00caNIX\/PR\": [-51.9844644869602, -23.9206947065803],\n\"S\u00c3O PEDRO DO IVA\u00cd\/PR\": [-51.8569627582888, -23.8678134422696],\n\"S\u00c3O JO\u00c3O DO IVA\u00cd\/PR\": [-51.8202792051938, -23.9930894814884],\n\"BOM SUCESSO\/PR\": [-51.7644654446774, -23.70743701803],\n\"ITAMB\u00c9\/PR\": [-51.9900043142568, -23.6600985811132],\n\"MARING\u00c1\/PR\": [-51.9398818702521, -23.42228],\n\"SARANDI\/PR\": [-51.8736820362471, -23.44317201],\n\"MARIALVA\/PR\": [-51.7980569139104, -23.484758535],\n\"FLORA\u00cd\/PR\": [-52.3029843729815, -23.3198456635855],\n\"ALTO PARAN\u00c1\/PR\": [-52.3216824440545, -23.1271208306481],\n\"NOVA ESPERAN\u00c7A\/PR\": [-52.2048663633507, -23.1842513921502],\n\"MANDAGUA\u00c7U\/PR\": [-52.0942530606026, -23.3427891418224],\n\"PRESIDENTE CASTELO BRANCO\/PR\": [-52.157726252669, -23.2815496047308],\n\"UNIFLOR\/PR\": [-52.1600108240348, -23.0860486572457],\n\"ATALAIA\/PR\": [-52.0557011364669, -23.1515870955391],\n\"CRUZEIRO DO SUL\/PR\": [-52.163977669531, -22.9651754195403],\n\"PARANACITY\/PR\": [-52.155988728928, -22.9268100520746],\n\"FL\u00d3RIDA\/PR\": [-51.9558280909722, -23.0878019097437],\n\"\u00c2NGULO\/PR\": [-51.9173646798432, -23.1929038650252],\n\"IGUARA\u00c7U\/PR\": [-51.8247742046263, -23.1947806086687],\n\"MUNHOZ DE MELO\/PR\": [-51.775757907573, -23.145692803078],\n\"LOBATO\/PR\": [-51.9537492142271, -23.0041580768891],\n\"COLORADO\/PR\": [-51.9744162121383, -22.83789753],\n\"SANTA F\u00c9\/PR\": [-51.8063020531831, -23.0361147581788],\n\"NOSSA SENHORA DAS GRA\u00c7AS\/PR\": [-51.7951475240122, -22.9105625092978],\n\"CAFEARA\/PR\": [-51.7150055085076, -22.788235240971],\n\"ITA\u00daNA DO SUL\/PR\": [-52.8850248105017, -22.7268769277415],\n\"DIAMANTE DO NORTE\/PR\": [-52.8641112387079, -22.6572061502022],\n\"ANAURIL\u00c2NDIA\/MS\": [-52.7181693586844, -22.1826502679487],\n\"TERRA RICA\/PR\": [-52.6246705735779, -22.7243649693344],\n\"EUCLIDES DA CUNHA PAULISTA\/SP\": [-52.5908983802766, -22.5549969202085],\n\"SANTO ANT\u00d4NIO DO CAIU\u00c1\/PR\": [-52.3446578437543, -22.7339747691581],\n\"BATAGUASSU\/MS\": [-52.4254366020331, -21.715288435775],\n\"INAJ\u00c1\/PR\": [-52.2023437503346, -22.7491161251096],\n\"TEODORO SAMPAIO\/SP\": [-52.1711948221637, -22.531007],\n\"PARANAPOEMA\/PR\": [-52.0807237217792, -22.6556215750358],\n\"JARDIM OLINDA\/PR\": [-52.0381409640909, -22.5526316001824],\n\"SANTA IN\u00caS\/PR\": [-51.902768382784, -22.6387065306372],\n\"ITAGUAJ\u00c9\/PR\": [-51.9693404488617, -22.614782675702],\n\"SANTO IN\u00c1CIO\/PR\": [-51.7952999014099, -22.7000685756214],\n\"MIRANTE DO PARANAPANEMA\/SP\": [-51.905794305935, -22.2905585944723],\n\"SANDOVALINA\/SP\": [-51.7599517360995, -22.4585417399964],\n\"PRESIDENTE EPIT\u00c1CIO\/SP\": [-52.1152758269966, -21.768781995],\n\"MARAB\u00c1 PAULISTA\/SP\": [-51.9684674847115, -22.1103314993414],\n\"PRESIDENTE VENCESLAU\/SP\": [-51.8402588050568, -21.875939505],\n\"PIQUEROBI\/SP\": [-51.7316269037642, -21.8849896988148],\n\"CAIU\u00c1\/SP\": [-51.9868926967256, -21.8299102733969],\n\"BORRAZ\u00d3POLIS\/PR\": [-51.5844090969291, -23.9378541947059],\n\"KALOR\u00c9\/PR\": [-51.6651419267049, -23.8234388793882],\n\"MARUMBI\/PR\": [-51.6410803664656, -23.7063690370968],\n\"CRUZMALTINA\/PR\": [-51.4442466489686, -23.9933276018928],\n\"NOVO ITACOLOMI\/PR\": [-51.5069594279647, -23.7653137692885],\n\"RIO BOM\/PR\": [-51.4153647878351, -23.7620982802826],\n\"JANDAIA DO SUL\/PR\": [-51.6433953621984, -23.6011789160911],\n\"CAMBIRA\/PR\": [-51.5816306133721, -23.6006118802114],\n\"MANDAGUARI\/PR\": [-51.6812520884286, -23.517452],\n\"APUCARANA\/PR\": [-51.4599851423592, -23.551592985],\n\"ARAPONGAS\/PR\": [-51.4382797346677, -23.4135165319918],\n\"MAU\u00c1 DA SERRA\/PR\": [-51.2264634713856, -23.9012964431155],\n\"MARIL\u00c2NDIA DO SUL\/PR\": [-51.3092905257137, -23.7457790925403],\n\"TAMARANA\/PR\": [-51.0985602004511, -23.7151771915553],\n\"CALIF\u00d3RNIA\/PR\": [-51.3580855530853, -23.6661438837704],\n\"SAB\u00c1UDIA\/PR\": [-51.5567020218746, -23.3183956216474],\n\"ASTORGA\/PR\": [-51.6696792625367, -23.236711965],\n\"PITANGUEIRAS\/PR\": [-51.5857680569437, -23.2303038463547],\n\"JAGUAPIT\u00c3\/PR\": [-51.5406168453571, -23.1177827565859],\n\"ROL\u00c2NDIA\/PR\": [-51.3627803563626, -23.313592485],\n\"GUARACI\/PR\": [-51.6503853708561, -22.9744292672903],\n\"CENTEN\u00c1RIO DO SUL\/PR\": [-51.5935295600151, -22.8149823509494],\n\"PRADO FERREIRA\/PR\": [-51.4432261434374, -23.0339140302723],\n\"MIRASELVA\/PR\": [-51.4857072490769, -22.9660925761244],\n\"FLOREST\u00d3POLIS\/PR\": [-51.3838226518282, -22.8591043044292],\n\"CAMB\u00c9\/PR\": [-51.2777284423314, -23.281632],\n\"LONDRINA\/PR\": [-51.1627734238781, -23.312156],\n\"IBIPOR\u00c3\/PR\": [-51.0580336739701, -23.269331475],\n\"BELA VISTA DO PARA\u00cdSO\/PR\": [-51.1941450328947, -22.9920875312333],\n\"SERTAN\u00d3POLIS\/PR\": [-51.0422435334555, -23.058481975559],\n\"S\u00c3O JER\u00d4NIMO DA SERRA\/PR\": [-50.7384804270196, -23.723403403633],\n\"NOVA SANTA B\u00c1RBARA\/PR\": [-50.7641471219669, -23.5854238548731],\n\"SANTA CEC\u00cdLIA DO PAV\u00c3O\/PR\": [-50.7828651430903, -23.5128957120937],\n\"S\u00c3O SEBASTI\u00c3O DA AMOREIRA\/PR\": [-50.7624009771172, -23.4606458610134],\n\"SAPOPEMA\/PR\": [-50.579646631054, -23.9072874610035],\n\"FIGUEIRA\/PR\": [-50.4092010911711, -23.8434107619382],\n\"SANTO ANT\u00d4NIO DO PARA\u00cdSO\/PR\": [-50.6468281629708, -23.4947194367769],\n\"NOVA F\u00c1TIMA\/PR\": [-50.5623142175567, -23.4323585708965],\n\"CONGONHINHAS\/PR\": [-50.5544280470447, -23.5469021022166],\n\"JATAIZINHO\/PR\": [-50.9740548451338, -23.257265121515],\n\"ASSA\u00cd\/PR\": [-50.8416234863142, -23.37271790506],\n\"URA\u00cd\/PR\": [-50.7973651802287, -23.2001591025263],\n\"RANCHO ALEGRE\/PR\": [-50.9163921629724, -23.0757149210335],\n\"PRIMEIRO DE MAIO\/PR\": [-51.0277519969787, -22.8525332550873],\n\"SERTANEJA\/PR\": [-50.8171022996451, -23.0369370349393],\n\"LE\u00d3POLIS\/PR\": [-50.755124972908, -23.0799224936918],\n\"FLOR\u00cdNIA\/SP\": [-50.72482247338, -22.903568778762],\n\"PEDRINHAS PAULISTA\/SP\": [-50.792165655457, -22.811215213632],\n\"NOVA AM\u00c9RICA DA COLINA\/PR\": [-50.7144428465776, -23.3326866674543],\n\"CORN\u00c9LIO PROC\u00d3PIO\/PR\": [-50.6514844783365, -23.1832575],\n\"SANTA AM\u00c9LIA\/PR\": [-50.4234587703804, -23.2681573189206],\n\"SANTA MARIANA\/PR\": [-50.5210713512026, -23.1464274393077],\n\"ITAMBARAC\u00c1\/PR\": [-50.4090904668323, -23.0147685088751],\n\"LUPION\u00d3POLIS\/PR\": [-51.65687284024, -22.7519945229726],\n\"ESTRELA DO NORTE\/SP\": [-51.6641761909517, -22.4905989019911],\n\"PORECATU\/PR\": [-51.3775989927537, -22.7562094968322],\n\"NARANDIBA\/SP\": [-51.5242398508102, -22.4042831999049],\n\"TARABAI\/SP\": [-51.5595725755548, -22.3016682954719],\n\"PIRAPOZINHO\/SP\": [-51.4995842900895, -22.276675485],\n\"ANHUMAS\/SP\": [-51.386074423278, -22.2932371758311],\n\"ALVORADA DO SUL\/PR\": [-51.2292163306355, -22.7803787673948],\n\"NANTES\/SP\": [-51.2385874975948, -22.6201175825202],\n\"IEP\u00ca\/SP\": [-51.0774138909334, -22.6631014713253],\n\"TACIBA\/SP\": [-51.284773424105, -22.388266261606],\n\"REGENTE FEIJ\u00d3\/SP\": [-51.3031489766821, -22.220234092902],\n\"INDIANA\/SP\": [-51.2517585134202, -22.1720934486803],\n\"SANTO ANAST\u00c1CIO\/SP\": [-51.6498922117679, -21.97302102],\n\"PRESIDENTE BERNARDES\/SP\": [-51.557570191824, -22.0089907787559],\n\"\u00c1LVARES MACHADO\/SP\": [-51.4687972730125, -22.077778995],\n\"PRESIDENTE PRUDENTE\/SP\": [-51.3867655819125, -22.1227435],\n\"ALFREDO MARCONDES\/SP\": [-51.4129380665063, -21.9527411236002],\n\"RIBEIR\u00c3O DOS \u00cdNDIOS\/SP\": [-51.6006345171707, -21.8385000397493],\n\"EMILIAN\u00d3POLIS\/SP\": [-51.4804314280506, -21.8313089781002],\n\"SANTO EXPEDITO\/SP\": [-51.3909209814133, -21.8468050512061],\n\"FLORA RICA\/SP\": [-51.3823008410719, -21.6767339356144],\n\"CAIABU\/SP\": [-51.2359531354811, -22.0123252565933],\n\"MARTIN\u00d3POLIS\/SP\": [-51.1707680574885, -22.147832475],\n\"IRAPURU\/SP\": [-51.3501727308157, -21.5674762352993],\n\"MARI\u00c1POLIS\/SP\": [-51.1828975550503, -21.7944933664673],\n\"PRACINHA\/SP\": [-51.0870772105069, -21.8519276207301],\n\"FL\u00d3RIDA PAULISTA\/SP\": [-51.1688764668277, -21.6134276151642],\n\"ADAMANTINA\/SP\": [-51.0733647495818, -21.68831148],\n\"CRUZ\u00c1LIA\/SP\": [-50.7936661595576, -22.7454989289789],\n\"RANCHARIA\/SP\": [-50.890211685938, -22.22845101],\n\"JO\u00c3O RAMALHO\/SP\": [-50.768535308414, -22.2510460550787],\n\"TARUM\u00c3\/SP\": [-50.5765651350867, -22.7447711942842],\n\"MARACA\u00cd\/SP\": [-50.6689682495018, -22.610415336762],\n\"ASSIS\/SP\": [-50.41751004, -22.66283502],\n\"PARAGUA\u00c7U PAULISTA\/SP\": [-50.5750285304783, -22.41771102],\n\"QUAT\u00c1\/SP\": [-50.6979473893502, -22.2494047983717],\n\"BOR\u00c1\/SP\": [-50.5448809992209, -22.2701171066814],\n\"SAGRES\/SP\": [-50.9571547111781, -21.8811386706383],\n\"BASTOS\/SP\": [-50.7348708618954, -21.92103747],\n\"LUC\u00c9LIA\/SP\": [-51.0183491422409, -21.7234156460379],\n\"IN\u00daBIA PAULISTA\/SP\": [-50.9643748939952, -21.7699119903207],\n\"OSVALDO CRUZ\/SP\": [-50.8731391102634, -21.7970835],\n\"PARAPU\u00c3\/SP\": [-50.7938438430625, -21.7798391437891],\n\"RIN\u00d3POLIS\/SP\": [-50.7248383216513, -21.7278909993505],\n\"SALMOUR\u00c3O\/SP\": [-50.8606720042896, -21.6253627328396],\n\"TUP\u00c3\/SP\": [-50.514006421723, -21.93482151],\n\"IACRI\/SP\": [-50.6891999323707, -21.8550610868608],\n\"PIACATU\/SP\": [-50.5994257172224, -21.5953916792139],\n\"ARCO-\u00cdRIS\/SP\": [-50.4649108682641, -21.7739140250212],\n\"SANT\u00d3POLIS DO AGUAPE\u00cd\/SP\": [-50.5046924735538, -21.6393116638351],\n\"SANTA RITA DO PARDO\/MS\": [-52.828071432574, -21.3053769424866],\n\"\u00c1GUA CLARA\/MS\": [-52.8751175514539, -20.4488507623246],\n\"BRASIL\u00c2NDIA\/MS\": [-52.0362967948522, -21.2471181439629],\n\"PANORAMA\/SP\": [-51.8565741615377, -21.360183557941],\n\"PAULIC\u00c9IA\/SP\": [-51.8471399509412, -21.3092755579826],\n\"OURO VERDE\/SP\": [-51.6993207216788, -21.4911659171055],\n\"SANTA MERCEDES\/SP\": [-51.7589742421449, -21.3469107455922],\n\"TR\u00caS LAGOAS\/MS\": [-51.7100006287942, -20.7886791613914],\n\"INOC\u00caNCIA\/MS\": [-51.9276790223466, -19.725457973959],\n\"DRACENA\/SP\": [-51.5340496600627, -21.486137535],\n\"NOVA GUATAPORANGA\/SP\": [-51.6498328903569, -21.3299371411701],\n\"S\u00c3O JO\u00c3O DO PAU D'ALHO\/SP\": [-51.6666651611736, -21.2683639993616],\n\"TUPI PAULISTA\/SP\": [-51.5767205759711, -21.3863953176887],\n\"MONTE CASTELO\/SP\": [-51.5654932487094, -21.2989594492626],\n\"JUNQUEIR\u00d3POLIS\/SP\": [-51.434011950549, -21.511275749681],\n\"NOVA INDEPEND\u00caNCIA\/SP\": [-51.4904465280516, -21.1045420014556],\n\"PACAEMBU\/SP\": [-51.2652015199324, -21.5600784993545],\n\"GUARA\u00c7A\u00cd\/SP\": [-51.2091063449954, -21.0328813875825],\n\"MURUTINGA DO SUL\/SP\": [-51.2771381855098, -20.9942980892601],\n\"MIRAND\u00d3POLIS\/SP\": [-51.1056403917537, -21.132086985],\n\"CASTILHO\/SP\": [-51.4894070558423, -20.8720265541211],\n\"ANDRADINA\/SP\": [-51.3788477947637, -20.901463515],\n\"ITAPURA\/SP\": [-51.5099693695097, -20.6398257755739],\n\"SELV\u00cdRIA\/MS\": [-51.4189369057614, -20.3667425853307],\n\"ILHA SOLTEIRA\/SP\": [-51.344890657635, -20.4293725],\n\"PEREIRA BARRETO\/SP\": [-51.1066610199469, -20.636668999377],\n\"BENTO DE ABREU\/SP\": [-50.8118522148056, -21.2691080212024],\n\"RUBI\u00c1CEA\/SP\": [-50.7269079994794, -21.3005239894596],\n\"LAV\u00cdNIA\/SP\": [-51.0405016570685, -21.1648565654735],\n\"VALPARA\u00cdSO\/SP\": [-50.8693081190398, -21.2255752828595],\n\"GABRIEL MONTEIRO\/SP\": [-50.5554608419398, -21.5289801353128],\n\"CLEMENTINA\/SP\": [-50.4503486921567, -21.5603100367994],\n\"BILAC\/SP\": [-50.4811104805001, -21.4025711351917],\n\"GUARARAPES\/SP\": [-50.6426390482505, -21.253446495],\n\"ARA\u00c7ATUBA\/SP\": [-50.4392260727526, -21.205476],\n\"SUD MENNUCCI\/SP\": [-50.9205265590321, -20.6929434993756],\n\"SUZAN\u00c1POLIS\/SP\": [-51.0282225865129, -20.5033442669623],\n\"APARECIDA D'OESTE\/SP\": [-50.8856157061664, -20.4508453725492],\n\"NOVA CANA\u00c3 PAULISTA\/SP\": [-50.9480524385274, -20.3868950260489],\n\"MARIN\u00d3POLIS\/SP\": [-50.8256772948301, -20.4393989125253],\n\"PALMEIRA D'OESTE\/SP\": [-50.7659878049467, -20.4162173246964],\n\"SANTO ANT\u00d4NIO DO ARACANGU\u00c1\/SP\": [-50.4967350523279, -20.9324968425443],\n\"AURIFLAMA\/SP\": [-50.5539593332149, -20.6873348994576],\n\"GUZOL\u00c2NDIA\/SP\": [-50.6614595041436, -20.6501686872551],\n\"S\u00c3O FRANCISCO\/SP\": [-50.7000971572879, -20.3584138176091],\n\"DIRCE REIS\/SP\": [-50.6060559888331, -20.4644127943002],\n\"PONTALINDA\/SP\": [-50.524602015676, -20.4408338429439],\n\"APARECIDA DO TABOADO\/MS\": [-51.0976376237368, -20.0850215149956],\n\"LAGOA SANTA\/GO\": [-51.4046158469187, -19.1836069808173],\n\"PARANA\u00cdBA\/MS\": [-51.1887077083698, -19.6773717332006],\n\"SANTA F\u00c9 DO SUL\/SP\": [-50.9267774238433, -20.211693165],\n\"TR\u00caS FRONTEIRAS\/SP\": [-50.8848827854553, -20.228012803364],\n\"RUBIN\u00c9IA\/SP\": [-50.9974845550347, -20.1717745],\n\"SANTA CLARA D'OESTE\/SP\": [-50.9302211544636, -20.0913919359023],\n\"SANTANA DA PONTE PENSA\/SP\": [-50.7984038446256, -20.2526022556706],\n\"SANTA RITA D'OESTE\/SP\": [-50.8309473881775, -20.1418014734409],\n\"ASP\u00c1SIA\/SP\": [-50.7269626714191, -20.158189985895],\n\"SANTA ALBERTINA\/SP\": [-50.7305643708393, -20.0307026219517],\n\"SANTA SALETE\/SP\": [-50.6884618811611, -20.2438451880186],\n\"UR\u00c2NIA\/SP\": [-50.6418001540779, -20.2462640966701],\n\"PARANAPU\u00c3\/SP\": [-50.5867189179955, -20.0998059524588],\n\"JALES\/SP\": [-50.5503561990428, -20.2678530475],\n\"VIT\u00d3RIA BRASIL\/SP\": [-50.4808069702363, -20.1987385744561],\n\"ESTRELA D'OESTE\/SP\": [-50.4054668479512, -20.2860822039747],\n\"DOLCIN\u00d3POLIS\/SP\": [-50.5153630840246, -20.1228706610567],\n\"TURMALINA\/SP\": [-50.4777294314793, -20.0512686173184],\n\"MES\u00d3POLIS\/SP\": [-50.622080265368, -19.9670371030093],\n\"POPULINA\/SP\": [-50.5368531154367, -19.9443331306978],\n\"CARNEIRINHO\/MG\": [-50.6914274936605, -19.6973263172808],\n\"LIMEIRA DO OESTE\/MG\": [-50.5752903741881, -19.5477771592959],\n\"IBAITI\/PR\": [-50.1906662735549, -23.849821485],\n\"JAPIRA\/PR\": [-50.1385951194178, -23.8074805268044],\n\"RIBEIR\u00c3O DO PINHAL\/PR\": [-50.3580609524608, -23.4082575022835],\n\"JUNDIA\u00cd DO SUL\/PR\": [-50.2493535652284, -23.437909451052],\n\"CONSELHEIRO MAIRINCK\/PR\": [-50.1717730024103, -23.6215617142487],\n\"PINHAL\u00c3O\/PR\": [-50.0626030635253, -23.7873547288699],\n\"JABOTI\/PR\": [-50.0734525498615, -23.7357406011678],\n\"TOMAZINA\/PR\": [-49.9551515410795, -23.7790448563942],\n\"WENCESLAU BRAZ\/PR\": [-49.80298478237, -23.8704228528497],\n\"GUAPIRAMA\/PR\": [-50.0426137439964, -23.5166402424419],\n\"JOAQUIM T\u00c1VORA\/PR\": [-49.9244568128405, -23.5004885244257],\n\"QUATIGU\u00c1\/PR\": [-49.9152641614705, -23.5641609208327],\n\"SIQUEIRA CAMPOS\/PR\": [-49.8314969707685, -23.6877083827751],\n\"ABATI\u00c1\/PR\": [-50.312526582882, -23.3004940371229],\n\"BANDEIRANTES\/PR\": [-50.3718730229324, -23.0924805],\n\"BARRA DO JACAR\u00c9\/PR\": [-50.1877367616339, -23.1205927280976],\n\"ANDIR\u00c1\/PR\": [-50.2264075987152, -23.0517516546543],\n\"PALMITAL\/SP\": [-50.2187909877223, -22.785592],\n\"SANTO ANT\u00d4NIO DA PLATINA\/PR\": [-50.0773459027438, -23.2970488330377],\n\"JACAREZINHO\/PR\": [-49.9785725343256, -23.160116475],\n\"CAMBAR\u00c1\/PR\": [-50.0775707225535, -23.04126648],\n\"IBIRAREMA\/SP\": [-50.07912539457, -22.8145429597087],\n\"SALTO GRANDE\/SP\": [-49.9810777589953, -22.8905072541939],\n\"RIBEIR\u00c3O DO SUL\/SP\": [-49.9341678147122, -22.7857347996784],\n\"OURINHOS\/SP\": [-49.868579835937, -22.9772675],\n\"CANITAR\/SP\": [-49.7854319545023, -23.0098372187953],\n\"S\u00c3O JOS\u00c9 DA BOA VISTA\/PR\": [-49.6511522910825, -23.915465975535],\n\"SANTANA DO ITARAR\u00c9\/PR\": [-49.6331966315173, -23.7531325857099],\n\"ITAPORANGA\/SP\": [-49.4843963120809, -23.7034999431633],\n\"SALTO DO ITARAR\u00c9\/PR\": [-49.630750093362, -23.6057567382242],\n\"CARL\u00d3POLIS\/PR\": [-49.7187235298862, -23.4277239250352],\n\"BAR\u00c3O DE ANTONINA\/SP\": [-49.5660638969023, -23.6271105197246],\n\"RIVERSUL\/SP\": [-49.4366967189135, -23.8313350065799],\n\"ITABER\u00c1\/SP\": [-49.1371332858525, -23.8598114700689],\n\"CORONEL MACEDO\/SP\": [-49.3189123964155, -23.6322349818014],\n\"TAGUA\u00cd\/SP\": [-49.4057711155675, -23.449814118588],\n\"TAQUARITUBA\/SP\": [-49.2440885383899, -23.5320605077168],\n\"RIBEIR\u00c3O CLARO\/PR\": [-49.7563505190838, -23.1962854621858],\n\"TIMBURI\/SP\": [-49.6035428949314, -23.2023633829603],\n\"FARTURA\/SP\": [-49.5120533766983, -23.3889609139385],\n\"SARUTAI\u00c1\/SP\": [-49.4831286342664, -23.2744959258442],\n\"CHAVANTES\/SP\": [-49.7139361486766, -23.0320056319212],\n\"IPAUSSU\/SP\": [-49.6268069783117, -23.0529129993195],\n\"SANTA CRUZ DO RIO PARDO\/SP\": [-49.6246088693009, -22.9057225],\n\"BERNARDINO DE CAMPOS\/SP\": [-49.4740434846817, -23.0135530040032],\n\"TEJUP\u00c1\/SP\": [-49.3774419611386, -23.3405917462502],\n\"PIRAJU\/SP\": [-49.3839744896606, -23.192991495],\n\"MANDURI\/SP\": [-49.3181131205831, -23.0033460898636],\n\"\u00d3LEO\/SP\": [-49.3409507526023, -22.9445847774897],\n\"CERQUEIRA C\u00c9SAR\/SP\": [-49.1653301708879, -23.0347974993199],\n\"\u00c1GUAS DE SANTA B\u00c1RBARA\/SP\": [-49.2386077671316, -22.869149409425],\n\"IARAS\/SP\": [-49.1561791517071, -22.8718922795928],\n\"C\u00c2NDIDO MOTA\/SP\": [-50.3883931717685, -22.7469255],\n\"PLATINA\/SP\": [-50.208934535832, -22.6334572583338],\n\"LUT\u00c9CIA\/SP\": [-50.3893271158818, -22.3434442872082],\n\"OSCAR BRESSANE\/SP\": [-50.2841261658479, -22.3178820548999],\n\"ECHAPOR\u00c3\/SP\": [-50.2070061462144, -22.424996999334],\n\"CAMPOS NOVOS PAULISTA\/SP\": [-50.0017947248853, -22.5997489993284],\n\"OCAU\u00c7U\/SP\": [-49.9273728303605, -22.438860447949],\n\"MAR\u00cdLIA\/SP\": [-49.9516456431033, -22.214933],\n\"LUP\u00c9RCIO\/SP\": [-49.8203246999438, -22.4138153922327],\n\"ALVINL\u00c2NDIA\/SP\": [-49.7630330293599, -22.4450101515788],\n\"VERA CRUZ\/SP\": [-49.8217816545761, -22.2247483148416],\n\"QUINTANA\/SP\": [-50.3115952429299, -22.071919826417],\n\"HERCUL\u00c2NDIA\/SP\": [-50.3855215980828, -22.0037471806678],\n\"POMP\u00c9IA\/SP\": [-50.176028054853, -22.1061456540783],\n\"ORIENTE\/SP\": [-50.0935854636602, -22.1485994118271],\n\"QUEIROZ\/SP\": [-50.2409284561053, -21.7990944339574],\n\"LUIZI\u00c2NIA\/SP\": [-50.3276394896385, -21.673602964563],\n\"ALTO ALEGRE\/SP\": [-50.1635967960874, -21.5816894572053],\n\"GUAIMB\u00ca\/SP\": [-49.8971777502379, -21.91092065892],\n\"J\u00daLIO MESQUITA\/SP\": [-49.7907942837747, -22.0131689993437],\n\"GETULINA\/SP\": [-49.929283572294, -21.7998305974601],\n\"GUAI\u00c7ARA\/SP\": [-49.7987616909618, -21.622142999353],\n\"S\u00c3O PEDRO DO TURVO\/SP\": [-49.7414761629027, -22.7512564292451],\n\"UBIRAJARA\/SP\": [-49.6632716655535, -22.5238354502071],\n\"GAR\u00c7A\/SP\": [-49.656529935058, -22.21070949],\n\"LUCIAN\u00d3POLIS\/SP\": [-49.5231791244614, -22.4316399993339],\n\"FERN\u00c3O\/SP\": [-49.5198412111563, -22.3591383191477],\n\"G\u00c1LIA\/SP\": [-49.55211132983, -22.294019248259],\n\"ESP\u00cdRITO SANTO DO TURVO\/SP\": [-49.4298252858159, -22.6949734920695],\n\"PAULIST\u00c2NIA\/SP\": [-49.3990383461375, -22.57430074801],\n\"DUARTINA\/SP\": [-49.405045410633, -22.4148813758078],\n\"CABR\u00c1LIA PAULISTA\/SP\": [-49.3324468331431, -22.4550869581335],\n\"PIRATININGA\/SP\": [-49.1372522167908, -22.4120659448211],\n\"\u00c1LVARO DE CARVALHO\/SP\": [-49.720609020316, -22.0763746340434],\n\"PRESIDENTE ALVES\/SP\": [-49.4391492872367, -22.1036743192374],\n\"GUARANT\u00c3\/SP\": [-49.5948218473783, -21.8951462014728],\n\"PIRAJU\u00cd\/SP\": [-49.4566424333696, -21.993447],\n\"CAFEL\u00c2NDIA\/SP\": [-49.6003544059215, -21.8097052866096],\n\"LINS\/SP\": [-49.7514233866855, -21.6723465],\n\"AVA\u00cd\/SP\": [-49.3368150411834, -22.1567721162872],\n\"BALBINOS\/SP\": [-49.3564734994135, -21.9015237820312],\n\"REGIN\u00d3POLIS\/SP\": [-49.2297976710518, -21.8867609385595],\n\"PONGA\u00cd\/SP\": [-49.3608700748926, -21.7361764725485],\n\"URU\/SP\": [-49.2832016013571, -21.7863136524377],\n\"ITAPEVA\/SP\": [-48.8773891590654, -23.9834379992987],\n\"ITA\u00cd\/SP\": [-49.0810322484854, -23.419055385],\n\"TAQUARIVA\u00cd\/SP\": [-48.697328636962, -23.9192571496529],\n\"BURI\/SP\": [-48.5974149737978, -23.7993814189726],\n\"CAMPINA DO MONTE ALEGRE\/SP\": [-48.4803990199383, -23.5840768383134],\n\"ARANDU\/SP\": [-49.0509758715375, -23.1334071156444],\n\"AVAR\u00c9\/SP\": [-48.9232631943567, -23.1031935],\n\"PARANAPANEMA\/SP\": [-48.7236769841271, -23.386927999312],\n\"ITATINGA\/SP\": [-48.6133802692841, -23.1042734016774],\n\"PRAT\u00c2NIA\/SP\": [-48.6646855775175, -22.8114679844676],\n\"ANGATUBA\/SP\": [-48.406759616493, -23.483987],\n\"S\u00c3O MIGUEL ARCANJO\/SP\": [-47.9955891463509, -23.87949],\n\"ITAPETININGA\/SP\": [-48.0461428954547, -23.5878725],\n\"ALAMBARI\/SP\": [-47.8935883872336, -23.5538988926706],\n\"GUARE\u00cd\/SP\": [-48.1845381753097, -23.3731401917664],\n\"TORRE DE PEDRA\/SP\": [-48.1982388398873, -23.2437695272621],\n\"BOFETE\/SP\": [-48.2600330588198, -23.1025199999814],\n\"PARDINHO\/SP\": [-48.3728766836555, -23.0803183239365],\n\"BOTUCATU\/SP\": [-48.4412893843504, -22.8883815],\n\"QUADRA\/SP\": [-48.0526853360855, -23.3015749993139],\n\"PORANGABA\/SP\": [-48.1267674358002, -23.1753874993167],\n\"TATU\u00cd\/SP\": [-47.8494640336609, -23.3485765],\n\"CES\u00c1RIO LANGE\/SP\": [-47.9521106553903, -23.2247318358775],\n\"CONCHAS\/SP\": [-48.0098921336448, -23.012958080649],\n\"ANHEMBI\/SP\": [-48.126926830643, -22.786320939625],\n\"PEREIRAS\/SP\": [-47.9678667729849, -23.0728523359407],\n\"LARANJAL PAULISTA\/SP\": [-47.8337807102663, -23.0540116065372],\n\"BOREBI\/SP\": [-48.9715958405052, -22.5678331168654],\n\"LEN\u00c7\u00d3IS PAULISTA\/SP\": [-48.7986819724573, -22.597507],\n\"BAURU\/SP\": [-49.0830008670904, -22.3251225],\n\"AGUDOS\/SP\": [-48.9901562879424, -22.474037],\n\"AREI\u00d3POLIS\/SP\": [-48.6655945584847, -22.6739404491646],\n\"MACATUBA\/SP\": [-48.7114053869681, -22.5055496288439],\n\"S\u00c3O MANUEL\/SP\": [-48.5687632812679, -22.736459985],\n\"IGARA\u00c7U DO TIET\u00ca\/SP\": [-48.5570661013871, -22.511149],\n\"BARRA BONITA\/SP\": [-48.5632292275695, -22.4911455],\n\"PEDERNEIRAS\/SP\": [-48.7796809636213, -22.3554915],\n\"BORAC\u00c9IA\/SP\": [-48.7792182831576, -22.1932056543658],\n\"ITAPU\u00cd\/SP\": [-48.7188741595351, -22.2321276250437],\n\"JA\u00da\/SP\": [-48.5581413878331, -22.29579099],\n\"IACANGA\/SP\": [-49.0169299189126, -21.8919776026997],\n\"AREALVA\/SP\": [-48.9204148013707, -22.0247674993088],\n\"ITAJU\/SP\": [-48.8050217362657, -21.9846724207758],\n\"BORBOREMA\/SP\": [-49.072640247934, -21.6215379942474],\n\"IBITINGA\/SP\": [-48.8276946930001, -21.7570829843498],\n\"IT\u00c1POLIS\/SP\": [-48.8133919855384, -21.5947039943537],\n\"BARIRI\/SP\": [-48.7415247712398, -22.071978],\n\"BOCAINA\/SP\": [-48.5204936243826, -22.1339225456857],\n\"TABATINGA\/SP\": [-48.6867876140157, -21.7325145],\n\"NOVA EUROPA\/SP\": [-48.5621404276762, -21.7789228838555],\n\"GAVI\u00c3O PEIXOTO\/SP\": [-48.4954592027481, -21.8403669022702],\n\"SANTA MARIA DA SERRA\/SP\": [-48.1590141415467, -22.5694102578227],\n\"MINEIROS DO TIET\u00ca\/SP\": [-48.4518023092831, -22.4116968007709],\n\"DOIS C\u00d3RREGOS\/SP\": [-48.3826759875355, -22.367316],\n\"TORRINHA\/SP\": [-48.1721575851456, -22.4274936146981],\n\"S\u00c3O PEDRO\/SP\": [-47.9140329971131, -22.548888],\n\"\u00c1GUAS DE S\u00c3O PEDRO\/SP\": [-47.8839747409776, -22.5973395538539],\n\"BROTAS\/SP\": [-48.1268333241157, -22.286516985],\n\"DOURADO\/SP\": [-48.3162358063433, -22.1131671963671],\n\"TRABIJU\/SP\": [-48.3401833937535, -22.0380736470599],\n\"BOA ESPERAN\u00c7A DO SUL\/SP\": [-48.3905969069851, -21.9924841634404],\n\"RIBEIR\u00c3O BONITO\/SP\": [-48.1777057541408, -22.06493466402],\n\"MAT\u00c3O\/SP\": [-48.3677476993662, -21.6029945062726],\n\"ARARAQUARA\/SP\": [-48.1744399375437, -21.7903595],\n\"IBAT\u00c9\/SP\": [-48.0023882086525, -21.955602],\n\"S\u00c3O CARLOS\/SP\": [-47.8892376846916, -22.0159985],\n\"AM\u00c9RICO BRASILIENSE\/SP\": [-48.1066045618439, -21.7300365],\n\"SANTA L\u00daCIA\/SP\": [-48.0853360131002, -21.6865678510772],\n\"RINC\u00c3O\/SP\": [-48.0723300667108, -21.5891894993576],\n\"BRA\u00daNA\/SP\": [-50.3181656103264, -21.5010212084555],\n\"BIRIGUI\/SP\": [-50.339328516987, -21.2923922882494],\n\"COROADOS\/SP\": [-50.2872958479117, -21.3540528502724],\n\"GLIC\u00c9RIO\/SP\": [-50.208416728114, -21.3797778057066],\n\"BREJO ALEGRE\/SP\": [-50.187258508288, -21.166128499364],\n\"LOURDES\/SP\": [-50.226660095996, -20.9653905383037],\n\"BURITAMA\/SP\": [-50.1492812527853, -21.0670395669022],\n\"PEN\u00c1POLIS\/SP\": [-50.0730362750292, -21.418383015],\n\"AVANHANDAVA\/SP\": [-49.9426973011876, -21.4608705607152],\n\"BARBOSA\/SP\": [-49.9539885165489, -21.2590259219708],\n\"PROMISS\u00c3O\/SP\": [-49.8577352347911, -21.538867499355],\n\"ZACARIAS\/SP\": [-50.0557395184794, -21.0501104349718],\n\"PLANALTO\/SP\": [-49.925719799209, -21.0323282024966],\n\"NOVA LUZIT\u00c2NIA\/SP\": [-50.2658273722874, -20.8566109993716],\n\"NOVA CASTILHO\/SP\": [-50.3439061761777, -20.7656546201048],\n\"TURI\u00daBA\/SP\": [-50.1094417505193, -20.9502350891825],\n\"MON\u00c7\u00d5ES\/SP\": [-50.0963061315458, -20.8503257037729],\n\"GAST\u00c3O VIDIGAL\/SP\": [-50.1902197322049, -20.7952394993746],\n\"FLOREAL\/SP\": [-50.1456890086828, -20.6740312279254],\n\"GENERAL SALGADO\/SP\": [-50.3618137021237, -20.648369316722],\n\"S\u00c3O JO\u00c3O DE IRACEMA\/SP\": [-50.3515975169017, -20.512615492076],\n\"S\u00c3O JO\u00c3O DAS DUAS PONTES\/SP\": [-50.3807219077481, -20.3887717266302],\n\"MAGDA\/SP\": [-50.2275370471089, -20.6434813110551],\n\"MERIDIANO\/SP\": [-50.1818318399051, -20.3541099031675],\n\"VALENTIM GENTIL\/SP\": [-50.0858682817053, -20.4233702918777],\n\"NHANDEARA\/SP\": [-50.0402744955429, -20.6948234993756],\n\"MACAUBAL\/SP\": [-49.9634978203421, -20.8013135395633],\n\"SEBASTIAN\u00d3POLIS DO SUL\/SP\": [-49.9209224971393, -20.6568804993765],\n\"UNI\u00c3O PAULISTA\/SP\": [-49.8973935791086, -20.8877689993708],\n\"NIPO\u00c3\/SP\": [-49.7808986510894, -20.913902427617],\n\"POLONI\/SP\": [-49.8138949066774, -20.7858577505803],\n\"VOTUPORANGA\/SP\": [-49.9746720152067, -20.41947],\n\"COSMORAMA\/SP\": [-49.7788596931171, -20.477034658871],\n\"SABINO\/SP\": [-49.5808185602086, -21.460213833726],\n\"SALES\/SP\": [-49.4987686686201, -21.3444533768433],\n\"UBARANA\/SP\": [-49.719672394224, -21.1624709998002],\n\"ADOLFO\/SP\": [-49.6497214255596, -21.232729777348],\n\"JOS\u00c9 BONIF\u00c1CIO\/SP\": [-49.6862827160333, -21.053719035],\n\"MENDON\u00c7A\/SP\": [-49.5820189988673, -21.1801561723046],\n\"NOVA ALIAN\u00c7A\/SP\": [-49.5071383479432, -21.0137347171998],\n\"IRAPU\u00c3\/SP\": [-49.4081517822264, -21.276437176419],\n\"NOVO HORIZONTE\/SP\": [-49.221749533677, -21.4684749893567],\n\"URUP\u00caS\/SP\": [-49.2907298494467, -21.2004188127348],\n\"POTIRENDABA\/SP\": [-49.3781831999027, -21.0450947210928],\n\"MARAPOAMA\/SP\": [-49.1400008102662, -21.2587619255663],\n\"IBIR\u00c1\/SP\": [-49.238861531251, -21.0805374993661],\n\"NEVES PAULISTA\/SP\": [-49.6304748513402, -20.8439161558274],\n\"MONTE APRAZ\u00cdVEL\/SP\": [-49.7141161614286, -20.7721401375947],\n\"JACI\/SP\": [-49.5733446115317, -20.8840851331179],\n\"BADY BASSITT\/SP\": [-49.4485737092932, -20.9185637795998],\n\"MIRASSOL\/SP\": [-49.5121392179273, -20.8170045],\n\"B\u00c1LSAMO\/SP\": [-49.5793276900247, -20.7382637781816],\n\"TANABI\/SP\": [-49.6488201993718, -20.6251121361351],\n\"MIRASSOL\u00c2NDIA\/SP\": [-49.4655198425085, -20.616857219804],\n\"S\u00c3O JOS\u00c9 DO RIO PRETO\/SP\": [-49.3813476850258, -20.8126365],\n\"IPIGU\u00c1\/SP\": [-49.3881423816844, -20.661645528879],\n\"CEDRAL\/SP\": [-49.272841545891, -20.9042319222866],\n\"UCHOA\/SP\": [-49.1776695349784, -20.9533463992658],\n\"GUAPIA\u00c7U\/SP\": [-49.2191458577245, -20.7964486248653],\n\"ONDA VERDE\/SP\": [-49.2992147942624, -20.6127221201493],\n\"NOVA GRANADA\/SP\": [-49.3200928761116, -20.5331539993796],\n\"PALESTINA\/SP\": [-49.4337823999184, -20.3905874702698],\n\"FERNAND\u00d3POLIS\/SP\": [-50.2487484305834, -20.28238299],\n\"GUARANI D'OESTE\/SP\": [-50.3415338816928, -20.0757055718498],\n\"PEDRAN\u00d3POLIS\/SP\": [-50.1123902828971, -20.2476466672454],\n\"MACED\u00d4NIA\/SP\": [-50.197628484224, -20.1499979846925],\n\"OUROESTE\/SP\": [-50.3775846521981, -19.9955921069967],\n\"INDIAPOR\u00c3\/SP\": [-50.288981041994, -19.9775429993935],\n\"MIRA ESTRELA\/SP\": [-50.138427196428, -19.9805160524126],\n\"PARISI\/SP\": [-50.012617830837, -20.3021911754183],\n\"\u00c1LVARES FLORENCE\/SP\": [-49.91118481249, -20.3198762474474],\n\"CARDOSO\/SP\": [-49.9149423028903, -20.0809915099979],\n\"S\u00c3O FRANCISCO DE SALES\/MG\": [-49.7655663178882, -19.865114358282],\n\"UNI\u00c3O DE MINAS\/MG\": [-50.3308029413544, -19.5297366441285],\n\"ITURAMA\/MG\": [-50.2019735753731, -19.7319475242371],\n\"GURINHAT\u00c3\/MG\": [-49.786273293982, -19.2137484368274],\n\"AM\u00c9RICO DE CAMPOS\/SP\": [-49.7270268374496, -20.2964019435983],\n\"PONTES GESTAL\/SP\": [-49.7035523558339, -20.1823631062097],\n\"RIOL\u00c2NDIA\/SP\": [-49.681159102897, -19.9777343379654],\n\"ORINDI\u00daVA\/SP\": [-49.3518184809986, -20.1801967430368],\n\"FRONTEIRA\/MG\": [-49.2042820251303, -20.2883005578685],\n\"IC\u00c9M\/SP\": [-49.1961201914742, -20.3435051210596],\n\"PAULO DE FARIA\/SP\": [-49.3995518863825, -20.0293000277993],\n\"ITAPAGIPE\/MG\": [-49.3698210446178, -19.9032958273788],\n\"CAMPINA VERDE\/MG\": [-49.4811690506139, -19.5354556028876],\n\"ITAJOBI\/SP\": [-49.0543110797985, -21.3157070587079],\n\"ELISI\u00c1RIO\/SP\": [-49.1108358902026, -21.1644290184893],\n\"CATANDUVA\/SP\": [-48.9758709390428, -21.1395385],\n\"CATIGU\u00c1\/SP\": [-49.0577421525082, -21.0485799993669],\n\"TABAPU\u00c3\/SP\": [-49.0326214091866, -20.9576006760593],\n\"PINDORAMA\/SP\": [-48.9056375352937, -21.1859884885526],\n\"SANTA AD\u00c9LIA\/SP\": [-48.8059484186125, -21.24327],\n\"NOVAIS\/SP\": [-48.9170637096957, -20.9903581964183],\n\"PALMARES PAULISTA\/SP\": [-48.8012846265372, -21.0824706914012],\n\"EMBA\u00daBA\/SP\": [-48.8326202921458, -20.9826680548747],\n\"FERNANDO PRESTES\/SP\": [-48.6922730531942, -21.2671219899524],\n\"C\u00c2NDIDO RODRIGUES\/SP\": [-48.634039310838, -21.3226135828498],\n\"TAQUARITINGA\/SP\": [-48.5067421828536, -21.410008],\n\"MONTE ALTO\/SP\": [-48.496651259966, -21.263863995],\n\"ARIRANHA\/SP\": [-48.7883365641079, -21.1861274429159],\n\"PARA\u00cdSO\/SP\": [-48.7725289127498, -21.0157929993515],\n\"PIRANGI\/SP\": [-48.6698419325618, -21.0996316625998],\n\"VISTA ALEGRE DO ALTO\/SP\": [-48.630171357211, -21.1671540847205],\n\"TAIA\u00c7U\/SP\": [-48.5119552220807, -21.1467362736079],\n\"CAJOBI\/SP\": [-48.8101223647094, -20.8790925178629],\n\"SEVER\u00cdNIA\/SP\": [-48.8015339794314, -20.8093857877632],\n\"OL\u00cdMPIA\/SP\": [-48.9134917257694, -20.737283985],\n\"ALTAIR\/SP\": [-49.0601107542409, -20.523304881604],\n\"GUARACI\/SP\": [-48.9445025950499, -20.4988092128936],\n\"MONTE AZUL PAULISTA\/SP\": [-48.642971283281, -20.9038412258907],\n\"BEBEDOURO\/SP\": [-48.4773621747017, -20.94981552],\n\"COLINA\/SP\": [-48.5397383290134, -20.7187344993776],\n\"BARRETOS\/SP\": [-48.5673778394551, -20.558455515],\n\"DOBRADA\/SP\": [-48.4002427192517, -21.5148043304059],\n\"SANTA ERNESTINA\/SP\": [-48.3936499288618, -21.462921503003],\n\"GUARIBA\/SP\": [-48.2340567272232, -21.357996],\n\"TAI\u00daVA\/SP\": [-48.4539353422828, -21.1295562882791],\n\"JABOTICABAL\/SP\": [-48.3203497512575, -21.2544714993619],\n\"TAQUARAL\/SP\": [-48.4086549184105, -21.0726085],\n\"BARRINHA\/SP\": [-48.1628135185261, -21.1917435],\n\"PITANGUEIRAS\/SP\": [-48.222265751502, -21.0109994993678],\n\"MOTUCA\/SP\": [-48.1506612543949, -21.5076094411899],\n\"GUATAPAR\u00c1\/SP\": [-48.037729357499, -21.4918946535898],\n\"PRAD\u00d3POLIS\/SP\": [-48.0655830220454, -21.358049011278],\n\"PONTAL\/SP\": [-48.0378373025419, -21.02571],\n\"DUMONT\/SP\": [-47.9708434494443, -21.2333259993624],\n\"SERT\u00c3OZINHO\/SP\": [-47.991148431, -21.137021505],\n\"JABORANDI\/SP\": [-48.4134449206286, -20.6872244993758],\n\"TERRA ROXA\/SP\": [-48.3415361372325, -20.7878416566549],\n\"VIRADOURO\/SP\": [-48.2966628795998, -20.872314],\n\"MORRO AGUDO\/SP\": [-48.0575938253217, -20.7326629993746],\n\"SALES OLIVEIRA\/SP\": [-47.8423493399249, -20.7778821519735],\n\"ORL\u00c2NDIA\/SP\": [-47.8863838221278, -20.720421495],\n\"IPU\u00c3\/SP\": [-48.0173850385104, -20.441482601042],\n\"S\u00c3O JOAQUIM DA BARRA\/SP\": [-47.8632680707133, -20.583165555],\n\"FRUTAL\/MG\": [-48.9391537102571, -20.0258978750723],\n\"COL\u00d4MBIA\/SP\": [-48.6874841798296, -20.1715588433353],\n\"PLANURA\/MG\": [-48.699918855179, -20.1386632020283],\n\"PIRAJUBA\/MG\": [-48.6966380638012, -19.9085049086271],\n\"CAMPO FLORIDO\/MG\": [-48.5730034681848, -19.7654453932829],\n\"COMENDADOR GOMES\/MG\": [-49.0814302053372, -19.7002146271412],\n\"PRATA\/MG\": [-48.9238460694599, -19.3082112062986],\n\"GUA\u00cdRA\/SP\": [-48.314470490026, -20.320144335],\n\"CONCEI\u00c7\u00c3O DAS ALAGOAS\/MG\": [-48.381874129465, -19.9231135061827],\n\"\u00c1GUA COMPRIDA\/MG\": [-48.1080767741672, -20.0593124134427],\n\"MIGUEL\u00d3POLIS\/SP\": [-48.0293341827145, -20.1771292325793],\n\"VER\u00cdSSIMO\/MG\": [-48.303710580261, -19.669357832615],\n\"UBERABA\/MG\": [-47.9836248955742, -19.7135346071021],\n\"CHAPAD\u00c3O DO SUL\/MS\": [-52.6263557069987, -18.7977731220362],\n\"CHAPAD\u00c3O DO C\u00c9U\/GO\": [-52.6708005984179, -18.3940322027156],\n\"APOR\u00c9\/GO\": [-51.9280729999289, -18.9588774471471],\n\"CASSIL\u00c2NDIA\/MS\": [-51.7315768884039, -19.1094073707569],\n\"SERRAN\u00d3POLIS\/GO\": [-51.957777940175, -18.307724397145],\n\"PORTEL\u00c2NDIA\/GO\": [-52.680683543854, -17.3529241047143],\n\"MINEIROS\/GO\": [-52.5546671879349, -17.5661675714878],\n\"PONTE BRANCA\/MT\": [-52.8357757281924, -16.767648010989],\n\"PEROL\u00c2NDIA\/GO\": [-52.06657724961, -17.5264535228648],\n\"JATA\u00cd\/GO\": [-51.7208180375605, -17.8862323338404],\n\"DOVERL\u00c2NDIA\/GO\": [-52.3139804233096, -16.7210370624643],\n\"CAIAP\u00d4NIA\/GO\": [-51.8094797771314, -16.9534576703657],\n\"ITAJ\u00c1\/GO\": [-51.5446839593993, -19.0622350464855],\n\"ITARUM\u00c3\/GO\": [-51.348889900608, -18.7616602284422],\n\"CA\u00c7U\/GO\": [-51.13352861362, -18.5630506239039],\n\"APARECIDA DO RIO DOCE\/GO\": [-51.1514916271733, -18.2969842878477],\n\"CACHOEIRA ALTA\/GO\": [-50.9447078424788, -18.7510044618506],\n\"PARANAIGUARA\/GO\": [-50.6522043595986, -18.905159859907],\n\"S\u00c3O SIM\u00c3O\/GO\": [-50.5496997576565, -18.9897385995163],\n\"QUIRIN\u00d3POLIS\/GO\": [-50.4522625218091, -18.4515073558847],\n\"MONTIVIDIU\/GO\": [-51.1751445984875, -17.4444620017218],\n\"PALESTINA DE GOI\u00c1S\/GO\": [-51.5300322006929, -16.7414317725853],\n\"RIO VERDE\/GO\": [-50.9296809301732, -17.7945434019057],\n\"SANTA HELENA DE GOI\u00c1S\/GO\": [-50.5984432624214, -17.8123551401385],\n\"SANTO ANT\u00d4NIO DA BARRA\/GO\": [-50.6340535808077, -17.5561082964935],\n\"PARA\u00daNA\/GO\": [-50.4576405930576, -16.9466970092766],\n\"S\u00c3O JO\u00c3O DA PARA\u00daNA\/GO\": [-50.40506299254, -16.8145235535214],\n\"RIBEIR\u00c3OZINHO\/MT\": [-52.6954417282626, -16.48652591368],\n\"BALIZA\/GO\": [-52.5427449421297, -16.2016366664348],\n\"TORIXOR\u00c9U\/MT\": [-52.5588386353409, -16.1975263639358],\n\"GENERAL CARNEIRO\/MT\": [-52.7593098339668, -15.7070417946133],\n\"BOM JARDIM DE GOI\u00c1S\/GO\": [-52.1753675713712, -16.2006850337108],\n\"PIRANHAS\/GO\": [-51.8218013359508, -16.420706440486],\n\"PONTAL DO ARAGUAIA\/MT\": [-52.2585111119354, -15.9024713438393],\n\"ARAGAR\u00c7AS\/GO\": [-52.2468547307811, -15.8977681654152],\n\"BARRA DO GAR\u00c7AS\/MT\": [-52.2603297567721, -15.8887114516953],\n\"ARAGUAIANA\/MT\": [-51.8336216513347, -15.7312434957136],\n\"CAMPIN\u00c1POLIS\/MT\": [-52.7974947505792, -14.5396174299416],\n\"NOVA XAVANTINA\/MT\": [-52.3611926726195, -14.669179516314],\n\"AREN\u00d3POLIS\/GO\": [-51.5600294917896, -16.3875456188786],\n\"AMORIN\u00d3POLIS\/GO\": [-51.097167066995, -16.6179121241589],\n\"IPOR\u00c1\/GO\": [-51.1195950892158, -16.4400026707082],\n\"DIORAMA\/GO\": [-51.258893073177, -16.2317085200356],\n\"MONTES CLAROS DE GOI\u00c1S\/GO\": [-51.4004988846889, -16.0047599101006],\n\"SANTA F\u00c9 DE GOI\u00c1S\/GO\": [-51.1094159480253, -15.7707845628319],\n\"IVOL\u00c2NDIA\/GO\": [-50.7947013663514, -16.6034027617672],\n\"MOIPOR\u00c1\/GO\": [-50.7360975398747, -16.546899884094],\n\"ISRAEL\u00c2NDIA\/GO\": [-50.9034397149487, -16.3128012448907],\n\"JAUPACI\/GO\": [-50.9517191424873, -16.1780359315247],\n\"FAZENDA NOVA\/GO\": [-50.7873644001456, -16.1775143289682],\n\"CACHOEIRA DE GOI\u00c1S\/GO\": [-50.6431478383131, -16.6667328024555],\n\"AURIL\u00c2NDIA\/GO\": [-50.4647657585302, -16.6767252917239],\n\"C\u00d3RREGO DO OURO\/GO\": [-50.5558190730691, -16.2953575521383],\n\"BURITI DE GOI\u00c1S\/GO\": [-50.4344347563621, -16.1813969764783],\n\"JUSSARA\/GO\": [-50.8661265899967, -15.8663489233335],\n\"NOVO BRASIL\/GO\": [-50.7163144530646, -16.032670860267],\n\"ITAPIRAPU\u00c3\/GO\": [-50.6091628273289, -15.818862494157],\n\"BRIT\u00c2NIA\/GO\": [-51.1672851018916, -15.2385862943788],\n\"ARUAN\u00c3\/GO\": [-51.0808851466972, -14.90333238046],\n\"MATRINCH\u00c3\/GO\": [-50.7464743435777, -15.437188316997],\n\"ARAGUAPAZ\/GO\": [-50.6347424117136, -15.0885303703699],\n\"COCALINHO\/MT\": [-51.0112436410084, -14.3903655391808],\n\"MOZARL\u00c2NDIA\/GO\": [-50.5702136123584, -14.7475894763559],\n\"SANTA VIT\u00d3RIA\/MG\": [-50.1234651115175, -18.8439479825626],\n\"IPIA\u00c7U\/MG\": [-49.9457732111112, -18.6948803087203],\n\"GOUVEL\u00c2NDIA\/GO\": [-50.1379987972883, -18.4382785343916],\n\"MAURIL\u00c2NDIA\/GO\": [-50.3389113971531, -17.9720829886462],\n\"CASTEL\u00c2NDIA\/GO\": [-50.2292504517447, -18.0898452373216],\n\"INACIOL\u00c2NDIA\/GO\": [-49.9875784505859, -18.4863548297405],\n\"ITUIUTABA\/MG\": [-49.4622351892104, -18.973067680916],\n\"CAPIN\u00d3POLIS\/MG\": [-49.5744822393992, -18.6822937337555],\n\"CAN\u00c1POLIS\/MG\": [-49.2040544543899, -18.7216637220479],\n\"CENTRALINA\/MG\": [-49.1962825701454, -18.5853855112475],\n\"CACHOEIRA DOURADA\/MG\": [-49.5017341333274, -18.512689815808],\n\"CACHOEIRA DOURADA\/GO\": [-49.4709176635814, -18.4890356139803],\n\"BOM JESUS DE GOI\u00c1S\/GO\": [-49.7394106514873, -18.2147665091834],\n\"ITUMBIARA\/GO\": [-49.220870075038, -18.4176824715349],\n\"ARAPOR\u00c3\/MG\": [-49.1900866447003, -18.441909376646],\n\"PANAM\u00c1\/GO\": [-49.3534819159218, -18.1824552757032],\n\"GOIATUBA\/GO\": [-49.3666434695635, -18.0106332403567],\n\"TURVEL\u00c2NDIA\/GO\": [-50.3074793439396, -17.8509523354152],\n\"PORTEIR\u00c3O\/GO\": [-50.1642504168683, -17.8154006298882],\n\"ACRE\u00daNA\/GO\": [-50.3749733666553, -17.3981562192276],\n\"VICENTIN\u00d3POLIS\/GO\": [-49.807239013854, -17.732662380299],\n\"ED\u00c9IA\/GO\": [-49.9344239559036, -17.3380800331194],\n\"JANDAIA\/GO\": [-50.1480076360605, -17.0494211395482],\n\"PALMIN\u00d3POLIS\/GO\": [-50.1654937516465, -16.7991350225567],\n\"INDIARA\/GO\": [-49.9890531950284, -17.1372613100831],\n\"PALMEIRAS DE GOI\u00c1S\/GO\": [-49.9227871292957, -16.8069880059216],\n\"CEZARINA\/GO\": [-49.7731689820683, -16.9677922829026],\n\"JOVI\u00c2NIA\/GO\": [-49.629939809589, -17.8071094520717],\n\"ALO\u00c2NDIA\/GO\": [-49.4823211066406, -17.7249088541556],\n\"EDEALINA\/GO\": [-49.6646951088956, -17.4228916982466],\n\"PONTALINA\/GO\": [-49.448181016169, -17.5149844214861],\n\"VARJ\u00c3O\/GO\": [-49.6281674870259, -17.0412247517589],\n\"MAIRIPOTABA\/GO\": [-49.5008802854382, -17.2973954688586],\n\"CAMPESTRE DE GOI\u00c1S\/GO\": [-49.6955342614038, -16.7623092239645],\n\"ARAGOI\u00c2NIA\/GO\": [-49.4509030547984, -16.9156395993745],\n\"GUAP\u00d3\/GO\": [-49.5367333643017, -16.8313227580374],\n\"ABADIA DE GOI\u00c1S\/GO\": [-49.4405478326574, -16.7588118948196],\n\"CROM\u00cdNIA\/GO\": [-49.3805054797548, -17.2818549268211],\n\"PROFESSOR JAMIL\/GO\": [-49.2366973073337, -17.2475666832404],\n\"HIDROL\u00c2NDIA\/GO\": [-49.2297840436263, -16.9609447714124],\n\"APARECIDA DE GOI\u00c2NIA\/GO\": [-49.2433259277011, -16.8221465],\n\"MONTE ALEGRE DE MINAS\/MG\": [-48.8771169089609, -18.8691667166174],\n\"TUPACIGUARA\/MG\": [-48.6937358802059, -18.599352564443],\n\"BURITI ALEGRE\/GO\": [-49.0400651408771, -18.1330550495739],\n\"\u00c1GUA LIMPA\/GO\": [-48.7612409591412, -18.0714060588379],\n\"MARZAG\u00c3O\/GO\": [-48.6371735788677, -17.9816102558339],\n\"CORUMBA\u00cdBA\/GO\": [-48.5561020698988, -18.1369060848451],\n\"UBERL\u00c2NDIA\/MG\": [-48.2779501847345, -18.9189986093056],\n\"ARAGUARI\/MG\": [-48.1916053790292, -18.6482695268138],\n\"INDIAN\u00d3POLIS\/MG\": [-47.9179923167254, -19.0424949328092],\n\"CASCALHO RICO\/MG\": [-47.8759987830325, -18.5785902482689],\n\"ANHANGUERA\/GO\": [-48.2174036920944, -18.334366032323],\n\"CUMARI\/GO\": [-48.1566767810345, -18.2613822982099],\n\"NOVA AURORA\/GO\": [-48.2604579069233, -18.0651021012103],\n\"GOIANDIRA\/GO\": [-48.0884713741385, -18.1326246743773],\n\"CATAL\u00c3O\/GO\": [-47.9477032172158, -18.1695733634179],\n\"MORRINHOS\/GO\": [-49.1101770718855, -17.7352710999441],\n\"RIO QUENTE\/GO\": [-48.7726682958329, -17.7677458121661],\n\"CALDAS NOVAS\/GO\": [-48.621197474689, -17.7435388676728],\n\"SANTA CRUZ DE GOI\u00c1S\/GO\": [-48.476689757667, -17.3215530231462],\n\"PIRACANJUBA\/GO\": [-49.0245603471275, -17.3018097158009],\n\"SENADOR CANEDO\/GO\": [-49.0879668327789, -16.71857532],\n\"CALDAZINHA\/GO\": [-49.0033734590288, -16.7147769438059],\n\"BELA VISTA DE GOI\u00c1S\/GO\": [-48.9524115974734, -16.9731214373005],\n\"CRISTIAN\u00d3POLIS\/GO\": [-48.7122976533102, -17.1955889543854],\n\"S\u00c3O MIGUEL DO PASSA QUATRO\/GO\": [-48.6647175593758, -17.0509343499312],\n\"VIAN\u00d3POLIS\/GO\": [-48.5134708970577, -16.7420814386658],\n\"IPAMERI\/GO\": [-48.1586676782561, -17.7221768121534],\n\"PALMELO\/GO\": [-48.4230955764225, -17.3230168517086],\n\"URUTA\u00cd\/GO\": [-48.204653131644, -17.4597534245575],\n\"PIRES DO RIO\/GO\": [-48.2802925533446, -17.3005811055154],\n\"ORIZONA\/GO\": [-48.3021478029846, -17.0347660176056],\n\"FIRMIN\u00d3POLIS\/GO\": [-50.3036343394174, -16.5764612335216],\n\"S\u00c3O LU\u00cdS DE MONTES BELOS\/GO\": [-50.3742880027313, -16.51981015978],\n\"TURV\u00c2NIA\/GO\": [-50.1319530546499, -16.6098037804966],\n\"ADEL\u00c2NDIA\/GO\": [-50.1631466761094, -16.4150015120189],\n\"SANCLERL\u00c2NDIA\/GO\": [-50.3158669330706, -16.2006630828726],\n\"MOSS\u00c2MEDES\/GO\": [-50.2180496713251, -16.1196542993227],\n\"ANICUNS\/GO\": [-49.9590680177593, -16.4607406192493],\n\"NAZ\u00c1RIO\/GO\": [-49.8819882317251, -16.5805280796717],\n\"AMERICANO DO BRASIL\/GO\": [-49.983641533748, -16.2551002852464],\n\"GOI\u00c1S\/GO\": [-50.1413841443018, -15.9357427010732],\n\"ITABERA\u00cd\/GO\": [-49.8034793740214, -16.0211302070027],\n\"GUARA\u00cdTA\/GO\": [-50.0317779844947, -15.6294278846087],\n\"ITAPURANGA\/GO\": [-49.9444934167904, -15.5623312456785],\n\"HEITORA\u00cd\/GO\": [-49.8293395924293, -15.7202164219726],\n\"SANTA B\u00c1RBARA DE GOI\u00c1S\/GO\": [-49.6897833771126, -16.5774759289558],\n\"AVELIN\u00d3POLIS\/GO\": [-49.7542258382107, -16.4619386944645],\n\"TRINDADE\/GO\": [-49.4890992025778, -16.6553504288294],\n\"CATURA\u00cd\/GO\": [-49.5028529990414, -16.4467615884306],\n\"ARA\u00c7U\/GO\": [-49.6816820506525, -16.3543348065301],\n\"ITAU\u00c7U\/GO\": [-49.6011340852738, -16.2033472311635],\n\"INHUMAS\/GO\": [-49.5002245065799, -16.3599604740426],\n\"GOIANIRA\/GO\": [-49.4287772736105, -16.5031915591775],\n\"BRAZABRANTES\/GO\": [-49.3886672746655, -16.4257149363233],\n\"SANTO ANT\u00d4NIO DE GOI\u00c1S\/GO\": [-49.3102428569283, -16.483121215036],\n\"GOI\u00c2NIA\/GO\": [-49.2558142758158, -16.6733097738389],\n\"NER\u00d3POLIS\/GO\": [-49.224462526185, -16.4040436842355],\n\"DAMOL\u00c2NDIA\/GO\": [-49.3611056454839, -16.254801619746],\n\"NOVA VENEZA\/GO\": [-49.3108981042099, -16.3652331930827],\n\"PETROLINA DE GOI\u00c1S\/GO\": [-49.338797936091, -16.0974175745694],\n\"OURO VERDE DE GOI\u00c1S\/GO\": [-49.2038676027846, -16.210827654498],\n\"TAQUARAL DE GOI\u00c1S\/GO\": [-49.6022193143577, -16.0500187966169],\n\"ITAGUARI\/GO\": [-49.6097600443052, -15.909093570601],\n\"SANTA ROSA DE GOI\u00c1S\/GO\": [-49.491579173178, -16.0798908614537],\n\"ITAGUARU\/GO\": [-49.6320512064225, -15.7637943882195],\n\"URUANA\/GO\": [-49.6794807087689, -15.5011652333766],\n\"JES\u00daPOLIS\/GO\": [-49.3762189275273, -15.9515976078315],\n\"S\u00c3O FRANCISCO DE GOI\u00c1S\/GO\": [-49.2620087204189, -15.9227064368289],\n\"JARAGU\u00c1\/GO\": [-49.3301439342367, -15.7531137828783],\n\"FAINA\/GO\": [-50.3687036599486, -15.4428687832321],\n\"MORRO AGUDO DE GOI\u00c1S\/GO\": [-50.0574471319424, -15.3121981483209],\n\"S\u00c3O PATR\u00cdCIO\/GO\": [-49.8163460404831, -15.3524896722037],\n\"RUBIATABA\/GO\": [-49.8034096971441, -15.1643127537172],\n\"NOVA AM\u00c9RICA\/GO\": [-49.8993153993298, -15.0183858596303],\n\"CRIX\u00c1S\/GO\": [-49.9672039392423, -14.5375902550292],\n\"UIRAPURU\/GO\": [-49.9210751817802, -14.288653538562],\n\"CARMO DO RIO VERDE\/GO\": [-49.7028649780144, -15.3577136637698],\n\"CERES\/GO\": [-49.6033462318308, -15.3070283354002],\n\"IPIRANGA DE GOI\u00c1S\/GO\": [-49.66740512088, -15.1720118940703],\n\"RIAN\u00c1POLIS\/GO\": [-49.5101169941166, -15.4424666682603],\n\"RIALMA\/GO\": [-49.5843695086837, -15.3154039732359],\n\"NOVA GL\u00d3RIA\/GO\": [-49.5787847002581, -15.1492765853624],\n\"ITAPACI\/GO\": [-49.5541561136132, -14.9504032179387],\n\"SANTA ISABEL\/GO\": [-49.4281779495791, -15.3023982428053],\n\"SANTA RITA DO NOVO DESTINO\/GO\": [-49.1201255263389, -15.1353910970642],\n\"GUARINOS\/GO\": [-49.701188130376, -14.7337403887433],\n\"PILAR DE GOI\u00c1S\/GO\": [-49.575114312765, -14.7660904485041],\n\"HIDROLINA\/GO\": [-49.4598974466229, -14.7276582892576],\n\"SANTA TEREZINHA DE GOI\u00c1S\/GO\": [-49.7062022411161, -14.4334764202998],\n\"CAMPOS VERDES\/GO\": [-49.6632651125087, -14.2732669562185],\n\"S\u00c3O LU\u00cdZ DO NORTE\/GO\": [-49.3319358805783, -14.8620789113103],\n\"NOVA IGUA\u00c7U DE GOI\u00c1S\/GO\": [-49.3907701087404, -14.2834774149336],\n\"URUA\u00c7U\/GO\": [-49.1474856222181, -14.5202197628247],\n\"CAMPINORTE\/GO\": [-49.1563472947914, -14.3105979559882],\n\"BONFIN\u00d3POLIS\/GO\": [-48.9705799425652, -16.6175284340698],\n\"TEREZ\u00d3POLIS DE GOI\u00c1S\/GO\": [-49.0917849230921, -16.4789604613737],\n\"GOIAN\u00c1POLIS\/GO\": [-49.0173421790322, -16.5006821667021],\n\"CAMPO LIMPO DE GOI\u00c1S\/GO\": [-49.0899365208448, -16.2986230067008],\n\"AN\u00c1POLIS\/GO\": [-48.9572179026313, -16.3288257446492],\n\"LEOPOLDO DE BULH\u00d5ES\/GO\": [-48.7464523369563, -16.6189649329137],\n\"GAMELEIRA DE GOI\u00c1S\/GO\": [-48.6457054930611, -16.4827366321438],\n\"SILV\u00c2NIA\/GO\": [-48.6105699100182, -16.6646168096505],\n\"ABADI\u00c2NIA\/GO\": [-48.7188121416752, -16.1826718580048],\n\"ALEX\u00c2NIA\/GO\": [-48.5096363918634, -16.0861676205662],\n\"PIREN\u00d3POLIS\/GO\": [-48.9625271926179, -15.8533422975454],\n\"CORUMB\u00c1 DE GOI\u00c1S\/GO\": [-48.8103450571615, -15.9279051540032],\n\"COCALZINHO DE GOI\u00c1S\/GO\": [-48.768967447569, -15.7817370135149],\n\"LUZI\u00c2NIA\/GO\": [-47.9557200567595, -16.258541],\n\"CIDADE OCIDENTAL\/GO\": [-47.9371306539447, -16.1109591976501],\n\"SANTO ANT\u00d4NIO DO DESCOBERTO\/GO\": [-48.2560064258403, -15.94422351],\n\"\u00c1GUAS LINDAS DE GOI\u00c1S\/GO\": [-48.2834444362152, -15.7379388562832],\n\"NOVO GAMA\/GO\": [-48.0372112741246, -16.0560782141982],\n\"VALPARA\u00cdSO DE GOI\u00c1S\/GO\": [-47.9841113505533, -16.0695752570385],\n\"BRAS\u00cdLIA\/DF\": [-47.8879054780313, -15.794087361891],\n\"GOIAN\u00c9SIA\/GO\": [-49.1158101507745, -15.3222887524883],\n\"VILA PROP\u00cdCIO\/GO\": [-48.8824220764979, -15.4546348167753],\n\"BARRO ALTO\/GO\": [-48.9157070788234, -14.9737085965343],\n\"PADRE BERNARDO\/GO\": [-48.2859656163306, -15.16435542],\n\"MIMOSO DE GOI\u00c1S\/GO\": [-48.1632731159377, -15.0592934915695],\n\"NIQUEL\u00c2NDIA\/GO\": [-48.4585851494733, -14.4691101441778],\n\"PILAR DO SUL\/SP\": [-47.7155077158385, -23.814612],\n\"SARAPU\u00cd\/SP\": [-47.8271959850447, -23.6415065707683],\n\"CAPELA DO ALTO\/SP\": [-47.7361184436443, -23.4699029552539],\n\"SALTO DE PIRAPORA\/SP\": [-47.5746801202081, -23.6491322249999],\n\"ARA\u00c7OIABA DA SERRA\/SP\": [-47.5872429386271, -23.5073197972187],\n\"TAPIRA\u00cd\/SP\": [-47.5052882352036, -23.9731482667906],\n\"PIEDADE\/SP\": [-47.418015150931, -23.7142022229999],\n\"VOTORANTIM\/SP\": [-47.4497380579827, -23.5418712059999],\n\"SOROCABA\/SP\": [-47.457853253204, -23.499323],\n\"IBI\u00daNA\/SP\": [-47.2204911874899, -23.6526325],\n\"ALUM\u00cdNIO\/SP\": [-47.2590569184704, -23.5333730478469],\n\"IPER\u00d3\/SP\": [-47.6898938935446, -23.350277390298],\n\"CERQUILHO\/SP\": [-47.7375313251079, -23.1686725],\n\"TIET\u00ca\/SP\": [-47.7114725279963, -23.097889485],\n\"BOITUVA\/SP\": [-47.6714734979741, -23.2819440034999],\n\"PORTO FELIZ\/SP\": [-47.5245965730656, -23.2144122679999],\n\"JUMIRIM\/SP\": [-47.7981735119048, -23.0825599993188],\n\"SALTINHO\/SP\": [-47.6782883887976, -22.8433674978234],\n\"RAFARD\/SP\": [-47.5311606809031, -23.0115563538873],\n\"RIO DAS PEDRAS\/SP\": [-47.6044848861606, -22.8428607224999],\n\"MOMBUCA\/SP\": [-47.5675240048384, -22.9268278834078],\n\"ITU\/SP\": [-47.299749835961, -23.2654425],\n\"SALTO\/SP\": [-47.2924156290787, -23.2040738057971],\n\"CAPIVARI\/SP\": [-47.5022061546687, -22.9995489145883],\n\"ELIAS FAUSTO\/SP\": [-47.3767742396416, -23.0425367211808],\n\"MONTE MOR\/SP\": [-47.3132692483363, -22.945521999322],\n\"INDAIATUBA\/SP\": [-47.2123089402514, -23.081646],\n\"NOVA ODESSA\/SP\": [-47.2936346144048, -22.7827946609131],\n\"HORTOL\u00c2NDIA\/SP\": [-47.2210966097575, -22.858395],\n\"SUMAR\u00c9\/SP\": [-47.2658027320901, -22.822145],\n\"JUQUITIBA\/SP\": [-47.0815940722918, -23.9356892015078],\n\"S\u00c3O LOUREN\u00c7O DA SERRA\/SP\": [-46.941749717394, -23.8490857160501],\n\"MAIRINQUE\/SP\": [-47.1844826262497, -23.5474579999999],\n\"S\u00c3O ROQUE\/SP\": [-47.1354230127479, -23.530359],\n\"ARA\u00c7ARIGUAMA\/SP\": [-47.0715476361902, -23.4300408481693],\n\"VARGEM GRANDE PAULISTA\/SP\": [-47.019647784074, -23.6153025],\n\"COTIA\/SP\": [-46.9318463278886, -23.603514],\n\"ITAPEVI\/SP\": [-46.9333728634881, -23.546934],\n\"PIRAPORA DO BOM JESUS\/SP\": [-47.0009675687449, -23.3975233079019],\n\"JANDIRA\/SP\": [-46.9052211417411, -23.529939],\n\"BARUERI\/SP\": [-46.8746528865305, -23.508902],\n\"SANTANA DE PARNA\u00cdBA\/SP\": [-46.9220925056497, -23.449453],\n\"EMBU-GUA\u00c7U\/SP\": [-46.8171088725496, -23.8318291037713],\n\"ITAPECERICA DA SERRA\/SP\": [-46.8505519668521, -23.715357],\n\"EMBU DAS ARTES\/SP\": [-46.8508599936736, -23.6473125],\n\"TABO\u00c3O DA SERRA\/SP\": [-46.7857800342102, -23.6233285],\n\"CARAPICU\u00cdBA\/SP\": [-46.8414454319096, -23.5352495],\n\"OSASCO\/SP\": [-46.7888101442714, -23.533612],\n\"DIADEMA\/SP\": [-46.623381393203, -23.689295],\n\"S\u00c3O CAETANO DO SUL\/SP\": [-46.5715146086306, -23.614705],\n\"S\u00c3O PAULO\/SP\": [-46.5703831821127, -23.5673865],\n\"CABRE\u00daVA\/SP\": [-47.1336583734349, -23.3126743947758],\n\"ITUPEVA\/SP\": [-47.0557011520917, -23.1534096261863],\n\"CAJAMAR\/SP\": [-46.8829201465695, -23.360971384728],\n\"JUNDIA\u00cd\/SP\": [-46.8852739679967, -23.187668],\n\"LOUVEIRA\/SP\": [-46.9464402180487, -23.0867785],\n\"CAMPINAS\/SP\": [-47.0601562729732, -22.9073425],\n\"VINHEDO\/SP\": [-46.9764763090797, -23.0305383241408],\n\"VALINHOS\/SP\": [-46.9966300275552, -22.971244],\n\"CAIEIRAS\/SP\": [-46.7441014176654, -23.3621160547412],\n\"FRANCO DA ROCHA\/SP\": [-46.7278746685526, -23.3203025],\n\"FRANCISCO MORATO\/SP\": [-46.7325267047053, -23.2758255],\n\"V\u00c1RZEA PAULISTA\/SP\": [-46.8298902239178, -23.2144665],\n\"CAMPO LIMPO PAULISTA\/SP\": [-46.7638192327891, -23.2093964295223],\n\"JARINU\/SP\": [-46.7382709354058, -23.1030625],\n\"MAIRIPOR\u00c3\/SP\": [-46.5901958731419, -23.3224593829704],\n\"ATIBAIA\/SP\": [-46.5550625006743, -23.116308],\n\"ITATIBA\/SP\": [-46.8375578529412, -23.0048529993206],\n\"MORUNGABA\/SP\": [-46.7913443945838, -22.8810309326945],\n\"TUIUTI\/SP\": [-46.6970238595325, -22.8147561551633],\n\"PINHALZINHO\/SP\": [-46.5905773189317, -22.7807960685162],\n\"CHARQUEADA\/SP\": [-47.7757002034567, -22.5088824120687],\n\"PIRACICABA\/SP\": [-47.6468462361582, -22.723722],\n\"IRACEM\u00c1POLIS\/SP\": [-47.5222466341717, -22.5830369342824],\n\"IPE\u00daNA\/SP\": [-47.7190959711091, -22.4372995021949],\n\"ITIRAPINA\/SP\": [-47.8198848666073, -22.2539679738051],\n\"RIO CLARO\/SP\": [-47.5635332384344, -22.4125115],\n\"SANTA GERTRUDES\/SP\": [-47.5307087162037, -22.4553269562963],\n\"CORUMBATA\u00cd\/SP\": [-47.6266101304082, -22.2189967501708],\n\"SANTA B\u00c1RBARA D'OESTE\/SP\": [-47.4139547662303, -22.7553935],\n\"CORDEIR\u00d3POLIS\/SP\": [-47.4582829254001, -22.481707032329],\n\"LIMEIRA\/SP\": [-47.4019395233102, -22.562194],\n\"AMERICANA\/SP\": [-47.3303629263814, -22.7408835],\n\"COSM\u00d3POLIS\/SP\": [-47.1967707767946, -22.6457848858527],\n\"ENGENHEIRO COELHO\/SP\": [-47.2130797305393, -22.4911899524775],\n\"ARARAS\/SP\": [-47.3858295274694, -22.3570865196587],\n\"LEME\/SP\": [-47.3887079696148, -22.185436005],\n\"ANAL\u00c2NDIA\/SP\": [-47.6607664159226, -22.1287854993409],\n\"DESCALVADO\/SP\": [-47.6206639718592, -21.909083],\n\"SANTA CRUZ DA CONCEI\u00c7\u00c3O\/SP\": [-47.4571636949973, -22.1276819650707],\n\"PIRASSUNUNGA\/SP\": [-47.4251728816539, -21.994049295],\n\"PORTO FERREIRA\/SP\": [-47.481409643358, -21.858362505],\n\"SANTA RITA DO PASSA QUATRO\/SP\": [-47.4789808517864, -21.70714401],\n\"SANTA CRUZ DAS PALMEIRAS\/SP\": [-47.249414421875, -21.827568],\n\"TAMBA\u00da\/SP\": [-47.2716155130664, -21.703033],\n\"PAUL\u00cdNIA\/SP\": [-47.1543858009695, -22.7599217],\n\"HOLAMBRA\/SP\": [-47.0592869062413, -22.6417496242127],\n\"ARTUR NOGUEIRA\/SP\": [-47.1643011502677, -22.5713430104766],\n\"JAGUARI\u00daNA\/SP\": [-46.9823434662879, -22.7067819581976],\n\"PEDREIRA\/SP\": [-46.8978020902908, -22.743771],\n\"SANTO ANT\u00d4NIO DE POSSE\/SP\": [-46.9159099001221, -22.6047968522941],\n\"CONCHAL\/SP\": [-47.1743757425524, -22.3300764479999],\n\"MOJI MIRIM\/SP\": [-46.956367126579, -22.4326955],\n\"MOGI GUA\u00c7U\/SP\": [-46.9444740881491, -22.3657201895116],\n\"ESTIVA GERBI\/SP\": [-46.9536026904179, -22.2745889131265],\n\"AMPARO\/SP\": [-46.7650856904637, -22.6993886263407],\n\"MONTE ALEGRE DO SUL\/SP\": [-46.6811943005087, -22.6811286598594],\n\"SERRA NEGRA\/SP\": [-46.7017913807122, -22.6126935218596],\n\"LIND\u00d3IA\/SP\": [-46.6614836163087, -22.5204881921692],\n\"ITAPIRA\/SP\": [-46.8212480111337, -22.4360054993338],\n\"ESP\u00cdRITO SANTO DO PINHAL\/SP\": [-46.7455142898696, -22.1970535],\n\"\u00c1GUAS DE LIND\u00d3IA\/SP\": [-46.6317788359222, -22.4738220361707],\n\"MONTE SI\u00c3O\/MG\": [-46.5737026933609, -22.4335488211534],\n\"JACUTINGA\/MG\": [-46.6123411663105, -22.286638029799],\n\"ALBERTINA\/MG\": [-46.6116025733674, -22.1997644819049],\n\"AGUA\u00cd\/SP\": [-46.9796931092697, -22.059684],\n\"CASA BRANCA\/SP\": [-47.0797582048272, -21.77798699],\n\"ITOBI\/SP\": [-46.9734186541802, -21.7349018191477],\n\"VARGEM GRANDE DO SUL\/SP\": [-46.8956089147522, -21.835866],\n\"S\u00c3O JOS\u00c9 DO RIO PARDO\/SP\": [-46.8882658895285, -21.5961025],\n\"S\u00c3O JO\u00c3O DA BOA VISTA\/SP\": [-46.7963507817956, -21.972011],\n\"\u00c1GUAS DA PRATA\/SP\": [-46.7167667096261, -21.934829],\n\"SANTO ANT\u00d4NIO DO JARDIM\/SP\": [-46.6823066318305, -22.1185234999319],\n\"ANDRADAS\/MG\": [-46.575583000941, -22.0728073441089],\n\"S\u00c3O SEBASTI\u00c3O DA GRAMA\/SP\": [-46.8241276257914, -21.7084207919196],\n\"DIVINOL\u00c2NDIA\/SP\": [-46.7368697867924, -21.6616215060366],\n\"PO\u00c7OS DE CALDAS\/MG\": [-46.5664100449604, -21.7873635785949],\n\"CUBAT\u00c3O\/SP\": [-46.4200317682745, -23.883839],\n\"S\u00c3O BERNARDO DO CAMPO\/SP\": [-46.5502572476783, -23.7103045],\n\"RIO GRANDE DA SERRA\/SP\": [-46.3936926739737, -23.744515],\n\"RIBEIR\u00c3O PIRES\/SP\": [-46.4153443749185, -23.707423],\n\"S\u00c3O VICENTE\/SP\": [-46.3844908173177, -23.967373],\n\"SANTOS\/SP\": [-46.3313708491907, -23.9337375],\n\"GUARUJ\u00c1\/SP\": [-46.2490342794416, -23.995149],\n\"SANTO ANDR\u00c9\/SP\": [-46.5308742576295, -23.65751],\n\"MAU\u00c1\/SP\": [-46.4582620121647, -23.6693345],\n\"GUARULHOS\/SP\": [-46.5310840856611, -23.468506],\n\"FERRAZ DE VASCONCELOS\/SP\": [-46.3665526715742, -23.5415445],\n\"ITAQUAQUECETUBA\/SP\": [-46.3516031409654, -23.4768975],\n\"PO\u00c1\/SP\": [-46.3462203886587, -23.5286265676615],\n\"ARUJ\u00c1\/SP\": [-46.3204896001138, -23.3958267409999],\n\"SUZANO\/SP\": [-46.3078104672882, -23.5368275],\n\"BERTIOGA\/SP\": [-46.1365383351346, -23.8540145],\n\"MOGI DAS CRUZES\/SP\": [-46.1967600843266, -23.5227065],\n\"BIRITIBA-MIRIM\/SP\": [-46.0412122248146, -23.5710333875],\n\"GUARAREMA\/SP\": [-46.0410534647582, -23.415233019833],\n\"NAZAR\u00c9 PAULISTA\/SP\": [-46.4025902149896, -23.1786958110045],\n\"BOM JESUS DOS PERD\u00d5ES\/SP\": [-46.4664928426292, -23.1308374287389],\n\"BRAGAN\u00c7A PAULISTA\/SP\": [-46.5423333739798, -22.9568955],\n\"VARGEM\/SP\": [-46.4116002331355, -22.8848804238204],\n\"PEDRA BELA\/SP\": [-46.4420309473291, -22.7913843518599],\n\"PIRACAIA\/SP\": [-46.3587552004696, -23.050499],\n\"EXTREMA\/MG\": [-46.3221617403776, -22.858190072021],\n\"JOAN\u00d3POLIS\/SP\": [-46.2734166101367, -22.9306782182056],\n\"SANTA ISABEL\/SP\": [-46.2270128418218, -23.3180885],\n\"IGARAT\u00c1\/SP\": [-46.1563144239377, -23.204843],\n\"JACARE\u00cd\/SP\": [-45.9695932044094, -23.3048804993138],\n\"SALES\u00d3POLIS\/SP\": [-45.847176929618, -23.5317929883978],\n\"SANTA BRANCA\/SP\": [-45.8876482871122, -23.3957580348717],\n\"S\u00c3O SEBASTI\u00c3O\/SP\": [-45.402680140544, -23.8066876521488],\n\"ILHABELA\/SP\": [-45.3540566669409, -23.7886525],\n\"CARAGUATATUBA\/SP\": [-45.4108183822498, -23.6220065],\n\"S\u00c3O JOS\u00c9 DOS CAMPOS\/SP\": [-45.8841754014597, -23.1840615],\n\"JAMBEIRO\/SP\": [-45.6936551245799, -23.2565768668366],\n\"PARAIBUNA\/SP\": [-45.6628640605501, -23.3862615659286],\n\"CA\u00c7APAVA\/SP\": [-45.7077303650875, -23.100663752709],\n\"MONTEIRO LOBATO\/SP\": [-45.8481519849651, -22.9550105791512],\n\"SANTO ANT\u00d4NIO DO PINHAL\/SP\": [-45.6792788632616, -22.8311934022589],\n\"REDEN\u00c7\u00c3O DA SERRA\/SP\": [-45.5364956107389, -23.2726554993106],\n\"NATIVIDADE DA SERRA\/SP\": [-45.4464004707244, -23.3757869833588],\n\"S\u00c3O LU\u00cdS DO PARAITINGA\/SP\": [-45.3095445048095, -23.221871510221],\n\"TAUBAT\u00c9\/SP\": [-45.5566086966874, -23.0265555],\n\"TREMEMB\u00c9\/SP\": [-45.5507468823468, -22.9604152053933],\n\"PINDAMONHANGABA\/SP\": [-45.4620488462304, -22.9266687258989],\n\"ROSEIRA\/SP\": [-45.3093777870655, -22.8968185474924],\n\"SOCORRO\/SP\": [-46.5292115917609, -22.5920299518995],\n\"TOLEDO\/MG\": [-46.3789726564943, -22.7433948080707],\n\"MUNHOZ\/MG\": [-46.3603709348441, -22.6127826889517],\n\"BUENO BRAND\u00c3O\/MG\": [-46.353388087214, -22.4361670055923],\n\"OURO FINO\/MG\": [-46.3800808287623, -22.2835244238733],\n\"INCONFIDENTES\/MG\": [-46.3338013987836, -22.3214871299648],\n\"ITAPEVA\/MG\": [-46.2195568578145, -22.7697403889152],\n\"CAMANDUCAIA\/MG\": [-46.146863289284, -22.7567463577539],\n\"SENADOR AMARAL\/MG\": [-46.1802335937979, -22.5887215665658],\n\"BOM REPOUSO\/MG\": [-46.147882202098, -22.4768368285268],\n\"C\u00d3RREGO DO BOM JESUS\/MG\": [-46.017909207626, -22.6299218873908],\n\"CAMBU\u00cd\/MG\": [-46.0580193633379, -22.6110971633733],\n\"CONSOLA\u00c7\u00c3O\/MG\": [-45.9222507202093, -22.5504650358103],\n\"TOCOS DO MOJI\/MG\": [-46.0964468007417, -22.3716455947385],\n\"BORDA DA MATA\/MG\": [-46.1671682395357, -22.2724082578295],\n\"ESTIVA\/MG\": [-46.0163518065517, -22.4630450603543],\n\"POUSO ALEGRE\/MG\": [-45.9371442758265, -22.2303029951548],\n\"IBITI\u00daRA DE MINAS\/MG\": [-46.4376032820573, -22.0570551561833],\n\"SANTA RITA DE CALDAS\/MG\": [-46.3386257813582, -22.026435486111],\n\"CALDAS\/MG\": [-46.3877891098818, -21.9233359583344],\n\"BOTELHOS\/MG\": [-46.3954931502591, -21.6516638757349],\n\"BANDEIRA DO SUL\/MG\": [-46.3852629849298, -21.7248685443114],\n\"CAMPESTRE\/MG\": [-46.2481585071337, -21.7114548340365],\n\"IPUI\u00daNA\/MG\": [-46.1908292322435, -22.0995205122112],\n\"SENADOR JOS\u00c9 BENTO\/MG\": [-46.1794726958333, -22.1666066776878],\n\"CONGONHAL\/MG\": [-46.0536623723338, -22.152560758106],\n\"ESP\u00cdRITO SANTO DO DOURADO\/MG\": [-45.9540125198564, -22.0475136418497],\n\"S\u00c3O JO\u00c3O DA MATA\/MG\": [-45.9265298075988, -21.9348528245237],\n\"PO\u00c7O FUNDO\/MG\": [-45.9649695631605, -21.7846925499932],\n\"MACHADO\/MG\": [-45.9217640832215, -21.6783538964701],\n\"GON\u00c7ALVES\/MG\": [-45.8565920384671, -22.6576191871187],\n\"PARAIS\u00d3POLIS\/MG\": [-45.7817035280062, -22.5551927714903],\n\"SAPUCA\u00cd-MIRIM\/MG\": [-45.7409257375558, -22.7515963809342],\n\"S\u00c3O BENTO DO SAPUCA\u00cd\/SP\": [-45.7371389868924, -22.6852869533192],\n\"CAMPOS DO JORD\u00c3O\/SP\": [-45.5892017004491, -22.7400919138812],\n\"CONCEI\u00c7\u00c3O DOS OUROS\/MG\": [-45.7963266584857, -22.4174754897215],\n\"CACHOEIRA DE MINAS\/MG\": [-45.7821375141066, -22.3539840611907],\n\"BRAS\u00d3POLIS\/MG\": [-45.6153258182512, -22.4731102415169],\n\"SANTA RITA DO SAPUCA\u00cd\/MG\": [-45.7039881925124, -22.2533298263696],\n\"PIRANGU\u00c7U\/MG\": [-45.4932717049665, -22.5264938453732],\n\"WENCESLAU BRAZ\/MG\": [-45.3567739530528, -22.5290130396557],\n\"DELFIM MOREIRA\/MG\": [-45.2725963577217, -22.5020087460167],\n\"PIRANGUINHO\/MG\": [-45.5347391785866, -22.4118730678437],\n\"S\u00c3O JOS\u00c9 DO ALEGRE\/MG\": [-45.5301876074668, -22.3290552486338],\n\"ITAJUB\u00c1\/MG\": [-45.4645825045045, -22.4306005744942],\n\"PEDRALVA\/MG\": [-45.4659715175691, -22.254226003118],\n\"MARIA DA F\u00c9\/MG\": [-45.371053690755, -22.3072187775991],\n\"SILVIAN\u00d3POLIS\/MG\": [-45.8324471455678, -22.0279972638563],\n\"S\u00c3O SEBASTI\u00c3O DA BELA VISTA\/MG\": [-45.7547892088755, -22.1550057867841],\n\"TURVOL\u00c2NDIA\/MG\": [-45.796735792709, -21.8793890056639],\n\"CAREA\u00c7U\/MG\": [-45.6876774051204, -22.0380848512152],\n\"S\u00c3O GON\u00c7ALO DO SAPUCA\u00cd\/MG\": [-45.5946377949369, -21.8919051420956],\n\"CARVALH\u00d3POLIS\/MG\": [-45.8456391849518, -21.7760729207397],\n\"CORDISL\u00c2NDIA\/MG\": [-45.7005297277009, -21.7912077552474],\n\"NAT\u00c9RCIA\/MG\": [-45.5182345056536, -22.1184737389404],\n\"HELIODORA\/MG\": [-45.5445766340527, -22.0647444405161],\n\"CONCEI\u00c7\u00c3O DAS PEDRAS\/MG\": [-45.4536794627182, -22.1611757087795],\n\"LAMBARI\/MG\": [-45.3524788134755, -21.9743155557077],\n\"JESU\u00c2NIA\/MG\": [-45.2908769703791, -21.9984256960602],\n\"MONSENHOR PAULO\/MG\": [-45.5450741387173, -21.7617721380659],\n\"EL\u00d3I MENDES\/MG\": [-45.5664342007897, -21.6093127849259],\n\"CAMPANHA\/MG\": [-45.3984486738569, -21.8353567040277],\n\"CAMBUQUIRA\/MG\": [-45.2925205085194, -21.8554097676123],\n\"LU\u00cdS ANT\u00d4NIO\/SP\": [-47.7002799448476, -21.5517065252372],\n\"CRAVINHOS\/SP\": [-47.730042348128, -21.3404305],\n\"S\u00c3O SIM\u00c3O\/SP\": [-47.5533525399834, -21.479723372164],\n\"SERRA AZUL\/SP\": [-47.563249920264, -21.3102876656624],\n\"RIBEIR\u00c3O PRETO\/SP\": [-47.8054759155415, -21.1848345],\n\"JARDIN\u00d3POLIS\/SP\": [-47.7653529285234, -21.022457],\n\"SERRANA\/SP\": [-47.5977620963446, -21.209477985],\n\"BRODOWSKI\/SP\": [-47.6563979568538, -20.9901403801924],\n\"SANTA ROSA DE VITERBO\/SP\": [-47.3672689282942, -21.4852725],\n\"SANTA CRUZ DA ESPERAN\u00c7A\/SP\": [-47.4337805615268, -21.2911683770477],\n\"CAJURU\/SP\": [-47.304266116797, -21.2747175],\n\"ALTIN\u00d3POLIS\/SP\": [-47.3732802928901, -21.0245826445728],\n\"NUPORANGA\/SP\": [-47.7491054639032, -20.7339997347712],\n\"BATATAIS\/SP\": [-47.5861067268683, -20.8919295],\n\"GUAR\u00c1\/SP\": [-47.8245929501746, -20.4275570617021],\n\"S\u00c3O JOS\u00c9 DA BELA VISTA\/SP\": [-47.6409895014997, -20.5944195310987],\n\"RIBEIR\u00c3O CORRENTE\/SP\": [-47.5907050925335, -20.460660174376],\n\"RESTINGA\/SP\": [-47.4830902374517, -20.6038028262709],\n\"FRANCA\/SP\": [-47.4023316256775, -20.536097],\n\"CRISTAIS PAULISTA\/SP\": [-47.4238064520508, -20.4024919993924],\n\"PATROC\u00cdNIO PAULISTA\/SP\": [-47.2830600903002, -20.6411534023077],\n\"ITIRAPU\u00c3\/SP\": [-47.2199528848551, -20.6424265297474],\n\"CLARAVAL\/MG\": [-47.2877612861721, -20.398376080996],\n\"C\u00c1SSIA DOS COQUEIROS\/SP\": [-47.1671058770489, -21.2850004285294],\n\"MOCOCA\/SP\": [-47.0071709787367, -21.46899051],\n\"ARCEBURGO\/MG\": [-46.944354131699, -21.3601814752415],\n\"SANTO ANT\u00d4NIO DA ALEGRIA\/SP\": [-47.1559309699915, -21.0899640290791],\n\"ITAMOGI\/MG\": [-47.0474677838902, -21.0784433613415],\n\"MONTE SANTO DE MINAS\/MG\": [-46.9771185470619, -21.1904748350993],\n\"TAPIRATIBA\/SP\": [-46.7455152106836, -21.4718854023054],\n\"GUARAN\u00c9SIA\/MG\": [-46.7954912202959, -21.3055603706599],\n\"GUAXUP\u00c9\/MG\": [-46.7135372309766, -21.3037814647476],\n\"CACONDE\/SP\": [-46.6468348789643, -21.5287380374975],\n\"JACU\u00cd\/MG\": [-46.7420103807098, -21.0176021589274],\n\"JURUAIA\/MG\": [-46.580596484704, -21.2493559380963],\n\"S\u00c3O PEDRO DA UNI\u00c3O\/MG\": [-46.6213268893432, -21.1334584955415],\n\"S\u00c3O TOM\u00c1S DE AQUINO\/MG\": [-47.0967829718718, -20.7849943870432],\n\"S\u00c3O SEBASTI\u00c3O DO PARA\u00cdSO\/MG\": [-46.986471825605, -20.9180654486469],\n\"CAPETINGA\/MG\": [-47.0574368006836, -20.6204991278605],\n\"IBIRACI\/MG\": [-47.1308034906801, -20.470154879298],\n\"C\u00c1SSIA\/MG\": [-46.924035860642, -20.5828560244396],\n\"FORTALEZA DE MINAS\/MG\": [-46.7126434064402, -20.8484925119899],\n\"PRAT\u00c1POLIS\/MG\": [-46.8609173417016, -20.7441844539655],\n\"ITA\u00da DE MINAS\/MG\": [-46.7529537830538, -20.7381893867748],\n\"PASSOS\/MG\": [-46.6114125680355, -20.7192119018634],\n\"ITUVERAVA\/SP\": [-47.780415655389, -20.3362879658708],\n\"ARAMINA\/SP\": [-47.7860130410377, -20.0899442071251],\n\"BURITIZAL\/SP\": [-47.7088600395175, -20.1931482216386],\n\"JERIQUARA\/SP\": [-47.58874391657, -20.3120415892929],\n\"DELTA\/MG\": [-47.7729714324773, -19.9774726891388],\n\"IGARAPAVA\/SP\": [-47.751066571313, -20.039612535],\n\"CONQUISTA\/MG\": [-47.5432832203071, -19.9369306256422],\n\"PEDREGULHO\/SP\": [-47.4817949691207, -20.2568709993865],\n\"RIFAINA\/SP\": [-47.4291988991085, -20.0829324993908],\n\"SACRAMENTO\/MG\": [-47.4365553163875, -19.8635763393531],\n\"SANTA JULIANA\/MG\": [-47.5271443343503, -19.3112989337],\n\"NOVA PONTE\/MG\": [-47.670570749698, -19.1688916492638],\n\"PEDRIN\u00d3POLIS\/MG\": [-47.4606173926482, -19.2277204066822],\n\"PERDIZES\/MG\": [-47.2920084470812, -19.3386575248866],\n\"DELFIN\u00d3POLIS\/MG\": [-46.8581796122359, -20.3458462167345],\n\"TAPIRA\/MG\": [-46.8219153621833, -19.9255792183173],\n\"ARAX\u00c1\/MG\": [-46.9400098900213, -19.5913298027837],\n\"CABO VERDE\/MG\": [-46.3999705002413, -21.4692919515993],\n\"MUZAMBINHO\/MG\": [-46.5268046885479, -21.3730127526952],\n\"MONTE BELO\/MG\": [-46.3682455768311, -21.3271458474544],\n\"NOVA RESENDE\/MG\": [-46.4170291046065, -21.1266519125721],\n\"BOM JESUS DA PENHA\/MG\": [-46.523543613945, -21.017269311163],\n\"DIVISA NOVA\/MG\": [-46.2029411062337, -21.5172644643355],\n\"AREADO\/MG\": [-46.1465594661257, -21.3583823575394],\n\"SERRANIA\/MG\": [-46.0431449357807, -21.5466806519747],\n\"ALFENAS\/MG\": [-45.9489181992359, -21.4281781229191],\n\"ALTEROSA\/MG\": [-46.1453205614697, -21.2558699519209],\n\"CONCEI\u00c7\u00c3O DA APARECIDA\/MG\": [-46.203127249623, -21.0966200708181],\n\"CARMO DO RIO CLARO\/MG\": [-46.1219647340897, -20.9729965301287],\n\"ALPIN\u00d3POLIS\/MG\": [-46.3894825347688, -20.8618546557469],\n\"S\u00c3O JOS\u00c9 DA BARRA\/MG\": [-46.3193295708755, -20.7220909662412],\n\"S\u00c3O JO\u00c3O BATISTA DO GL\u00d3RIA\/MG\": [-46.5034614693394, -20.6390368456458],\n\"GUAP\u00c9\/MG\": [-45.9183838607042, -20.7567245119628],\n\"CAPIT\u00d3LIO\/MG\": [-46.0545138880806, -20.6146635994975],\n\"PIUMHI\/MG\": [-45.9605686667875, -20.4708828676222],\n\"FAMA\/MG\": [-45.8323121024444, -21.4057615290226],\n\"PARAGUA\u00c7U\/MG\": [-45.7326954707608, -21.5473160267618],\n\"CAMPO DO MEIO\/MG\": [-45.8307571404523, -21.109325717622],\n\"CAMPOS GERAIS\/MG\": [-45.7569073652198, -21.238697907437],\n\"VARGINHA\/MG\": [-45.4318861442786, -21.5570800390634],\n\"TR\u00caS PONTAS\/MG\": [-45.515474797041, -21.3687699216518],\n\"SANTANA DA VARGEM\/MG\": [-45.5071210487386, -21.2489621801898],\n\"COQUEIRAL\/MG\": [-45.440805566821, -21.1865745236631],\n\"BOA ESPERAN\u00c7A\/MG\": [-45.5644089307913, -21.0905310792112],\n\"ILIC\u00cdNEA\/MG\": [-45.8284636231176, -20.9403890167576],\n\"PIMENTA\/MG\": [-45.7990870292463, -20.4831953924347],\n\"PAINS\/MG\": [-45.660813183335, -20.3709172455364],\n\"CRISTAIS\/MG\": [-45.5185038489986, -20.8752331535244],\n\"AGUANIL\/MG\": [-45.3894653434948, -20.9374322025454],\n\"CAMPO BELO\/MG\": [-45.2758613611232, -20.8953162458046],\n\"CANDEIAS\/MG\": [-45.2768566964552, -20.7703500411538],\n\"C\u00d3RREGO FUNDO\/MG\": [-45.5533954460448, -20.4555253223239],\n\"FORMIGA\/MG\": [-45.4264281831415, -20.4648835524537],\n\"VARGEM BONITA\/MG\": [-46.3724569794485, -20.3267766484088],\n\"S\u00c3O ROQUE DE MINAS\/MG\": [-46.3689949346399, -20.2506708115156],\n\"PRATINHA\/MG\": [-46.3784486441064, -19.7569452522589],\n\"MEDEIROS\/MG\": [-46.2266888203747, -19.9933078776241],\n\"BAMBU\u00cd\/MG\": [-45.9790448126104, -20.0118916914226],\n\"TAPIRA\u00cd\/MG\": [-46.0185702098121, -19.8858056068801],\n\"IBI\u00c1\/MG\": [-46.5386114189874, -19.4751117153569],\n\"RIO PARANA\u00cdBA\/MG\": [-46.2427530916275, -19.191238301813],\n\"CAMPOS ALTOS\/MG\": [-46.1737099168343, -19.6988958417622],\n\"SANTA ROSA DA SERRA\/MG\": [-45.9706644273527, -19.532621138026],\n\"S\u00c3O GOTARDO\/MG\": [-46.0531440401029, -19.3127001913322],\n\"MATUTINA\/MG\": [-45.9835170334863, -19.2266120633451],\n\"DORES\u00d3POLIS\/MG\": [-45.9051968861517, -20.2884509606147],\n\"IGUATAMA\/MG\": [-45.7091401060063, -20.1760739663705],\n\"C\u00d3RREGO DANTA\/MG\": [-45.8984710283885, -19.8264100219361],\n\"LUZ\/MG\": [-45.6838812680545, -19.7962466218588],\n\"ARCOS\/MG\": [-45.5436318712363, -20.2825631199368],\n\"JAPARA\u00cdBA\/MG\": [-45.5041178058938, -20.1416175950709],\n\"SANTO ANT\u00d4NIO DO MONTE\/MG\": [-45.2939359191445, -20.0872192488794],\n\"LAGOA DA PRATA\/MG\": [-45.5416920320703, -20.0237653293211],\n\"MOEMA\/MG\": [-45.425310133709, -19.8386998978716],\n\"ESTRELA DO INDAI\u00c1\/MG\": [-45.7924325620025, -19.52023782207],\n\"SERRA DA SAUDADE\/MG\": [-45.7965895746721, -19.4405622457509],\n\"DORES DO INDAI\u00c1\/MG\": [-45.6026558325089, -19.4616294368129],\n\"CEDRO DO ABAET\u00c9\/MG\": [-45.7121949359924, -19.1471676520828],\n\"QUARTEL GERAL\/MG\": [-45.5588633859592, -19.2676900955159],\n\"ABAET\u00c9\/MG\": [-45.4461914172049, -19.1558476941445],\n\"UBATUBA\/SP\": [-45.0720914754799, -23.4359649805169],\n\"LAGOINHA\/SP\": [-45.190810820433, -23.0869213514864],\n\"POTIM\/SP\": [-45.255974312882, -22.8406202063186],\n\"APARECIDA\/SP\": [-45.2294293380918, -22.848154],\n\"GUARATINGUET\u00c1\/SP\": [-45.1916001284202, -22.8174250893318],\n\"CUNHA\/SP\": [-44.9580269034981, -23.0747501474065],\n\"PARATY\/RJ\": [-44.7108585020174, -23.2194136073409],\n\"ANGRA DOS REIS\/RJ\": [-44.3196272622666, -23.0091159352755],\n\"MANGARATIBA\/RJ\": [-44.0411265453576, -22.9617119412403],\n\"LORENA\/SP\": [-45.1242481441632, -22.7316930326296],\n\"PIQUETE\/SP\": [-45.1835694244977, -22.6111668851801],\n\"CANAS\/SP\": [-45.056975740535, -22.69066906604],\n\"CACHOEIRA PAULISTA\/SP\": [-45.0106304149283, -22.6647543761424],\n\"CRUZEIRO\/SP\": [-44.9617319605967, -22.577749880422],\n\"MARMEL\u00d3POLIS\/MG\": [-45.1600478024722, -22.4465170977661],\n\"CRISTINA\/MG\": [-45.2628086074469, -22.2083205226708],\n\"DOM VI\u00c7OSO\/MG\": [-45.159168673856, -22.2536741086805],\n\"VIRG\u00cdNIA\/MG\": [-45.0954251629558, -22.3369720668069],\n\"PASSA QUATRO\/MG\": [-44.9696386730973, -22.3897981316188],\n\"S\u00c3O SEBASTI\u00c3O DO RIO VERDE\/MG\": [-44.9777360533972, -22.2150562279056],\n\"POUSO ALTO\/MG\": [-44.9753435743211, -22.190942292589],\n\"SILVEIRAS\/SP\": [-44.8489961031593, -22.6614243463513],\n\"LAVRINHAS\/SP\": [-44.8931102793871, -22.570096474153],\n\"QUELUZ\/SP\": [-44.7784773100595, -22.5418444993313],\n\"AREIAS\/SP\": [-44.6994320050905, -22.5821938858719],\n\"ITANHANDU\/MG\": [-44.9359219046627, -22.2950796548768],\n\"ITAMONTE\/MG\": [-44.8682875036049, -22.285126973446],\n\"OL\u00cdMPIO NORONHA\/MG\": [-45.2641356959281, -22.066959814499],\n\"CARMO DE MINAS\/MG\": [-45.1327634855743, -22.1181266345725],\n\"S\u00c3O LOUREN\u00c7O\/MG\": [-45.0533731031446, -22.1177686713602],\n\"SOLEDADE DE MINAS\/MG\": [-45.0410226419628, -22.0592064057821],\n\"CONCEI\u00c7\u00c3O DO RIO VERDE\/MG\": [-45.0837688660576, -21.8776655592195],\n\"TR\u00caS CORA\u00c7\u00d5ES\/MG\": [-45.254936873167, -21.6959657769093],\n\"S\u00c3O THOM\u00c9 DAS LETRAS\/MG\": [-44.9870084546217, -21.7207227802253],\n\"S\u00c3O BENTO ABADE\/MG\": [-45.0753606266928, -21.5790480164946],\n\"CAXAMBU\/MG\": [-44.9314985913756, -21.9793115398299],\n\"BAEPENDI\/MG\": [-44.8903706627583, -21.9576108079318],\n\"ALAGOA\/MG\": [-44.6380988671778, -22.1711356644334],\n\"CRUZ\u00cdLIA\/MG\": [-44.8110234836963, -21.8389511788947],\n\"S\u00c3O JOS\u00c9 DO BARREIRO\/SP\": [-44.5783409613193, -22.6464898966297],\n\"ITATIAIA\/RJ\": [-44.562771994177, -22.4970145997172],\n\"ARAPE\u00cd\/SP\": [-44.4481065567943, -22.6747987232725],\n\"BANANAL\/SP\": [-44.3233301289908, -22.6826159993241],\n\"RESENDE\/RJ\": [-44.4436134229207, -22.4711835861228],\n\"BARRA MANSA\/RJ\": [-44.1724313736866, -22.5453011339305],\n\"RIO CLARO\/RJ\": [-44.1394056377073, -22.7317268340485],\n\"VOLTA REDONDA\/RJ\": [-44.0935218846871, -22.5099676007978],\n\"PINHEIRAL\/RJ\": [-44.0003545569539, -22.5156739857918],\n\"PORTO REAL\/RJ\": [-44.2969007349911, -22.432948423821],\n\"QUATIS\/RJ\": [-44.2627113015842, -22.409918661677],\n\"PASSA-VINTE\/MG\": [-44.2310487920843, -22.208976878402],\n\"AIURUOCA\/MG\": [-44.6028244646276, -21.9758966559157],\n\"CARVALHOS\/MG\": [-44.466015072793, -21.9967053815743],\n\"SERITINGA\/MG\": [-44.5214453517545, -21.9113492777473],\n\"SERRANOS\/MG\": [-44.5067541647369, -21.8887817979059],\n\"BOCAINA DE MINAS\/MG\": [-44.3973057604562, -22.1696084676486],\n\"LIBERDADE\/MG\": [-44.3151409364083, -22.0243587047765],\n\"MINDURI\/MG\": [-44.6092928194542, -21.6775434808097],\n\"ANDREL\u00c2NDIA\/MG\": [-44.3176990379283, -21.7369681986895],\n\"S\u00c3O VICENTE DE MINAS\/MG\": [-44.4546835035525, -21.6974718375073],\n\"ARANTINA\/MG\": [-44.2469542481005, -21.9161042282331],\n\"BOM JARDIM DE MINAS\/MG\": [-44.189374455961, -21.9458997849154],\n\"SANTA RITA DE JACUTINGA\/MG\": [-44.1004418543942, -22.1484611222255],\n\"SANTANA DO GARAMB\u00c9U\/MG\": [-44.110873430004, -21.6018318573641],\n\"ITAGUA\u00cd\/RJ\": [-43.7750406349418, -22.871250768422],\n\"NIL\u00d3POLIS\/RJ\": [-43.4166099808637, -22.8075142239115],\n\"S\u00c3O JO\u00c3O DE MERITI\/RJ\": [-43.3718846030395, -22.802330808634],\n\"DUQUE DE CAXIAS\/RJ\": [-43.3098880717226, -22.7852532496542],\n\"RIO DE JANEIRO\/RJ\": [-43.2278751249952, -22.8766521181865],\n\"NITER\u00d3I\/RJ\": [-43.0758231672735, -22.8964523851273],\n\"S\u00c3O GON\u00c7ALO\/RJ\": [-43.0323350619648, -22.8295473130261],\n\"MARIC\u00c1\/RJ\": [-42.819824114827, -22.916955337401],\n\"PIRA\u00cd\/RJ\": [-43.8993511857657, -22.6287569098054],\n\"SEROP\u00c9DICA\/RJ\": [-43.7019252211618, -22.7430110680241],\n\"PARACAMBI\/RJ\": [-43.7093845630292, -22.6097271620663],\n\"MENDES\/RJ\": [-43.7214868876952, -22.5174226018979],\n\"ENGENHEIRO PAULO DE FRONTIN\/RJ\": [-43.6794768289526, -22.5436846647273],\n\"BARRA DO PIRA\u00cd\/RJ\": [-43.8284524538255, -22.469596292124],\n\"VASSOURAS\/RJ\": [-43.6638740245132, -22.4090075730264],\n\"VALEN\u00c7A\/RJ\": [-43.7048436783271, -22.2447194311794],\n\"JAPERI\/RJ\": [-43.6537858009828, -22.6448185711114],\n\"QUEIMADOS\/RJ\": [-43.5556695470827, -22.7174304900919],\n\"NOVA IGUA\u00c7U\/RJ\": [-43.4503453299191, -22.7598348262648],\n\"MESQUITA\/RJ\": [-43.4292237631069, -22.768087922635],\n\"BELFORD ROXO\/RJ\": [-43.3996249708152, -22.7645559675461],\n\"MIGUEL PEREIRA\/RJ\": [-43.4746761214594, -22.4554266084252],\n\"PATY DO ALFERES\/RJ\": [-43.4248709167338, -22.4274146332335],\n\"RIO PRETO\/MG\": [-43.8294656655803, -22.0869222524551],\n\"SANTA B\u00c1RBARA DO MONTE VERDE\/MG\": [-43.7017741663928, -21.9572670150904],\n\"OLARIA\/MG\": [-43.9309268801853, -21.8647729424271],\n\"LIMA DUARTE\/MG\": [-43.796383224017, -21.8410955180842],\n\"PEDRO TEIXEIRA\/MG\": [-43.7454590571945, -21.7068071496686],\n\"BIAS FORTES\/MG\": [-43.7565748274501, -21.6087474847644],\n\"RIO DAS FLORES\/RJ\": [-43.5764329481335, -22.171862243836],\n\"BELMIRO BRAGA\/MG\": [-43.4157207678682, -21.9501313020299],\n\"JUIZ DE FORA\/MG\": [-43.3488172724747, -21.7609243086743],\n\"MAG\u00c9\/RJ\": [-43.0402461327151, -22.6543487574334],\n\"PETR\u00d3POLIS\/RJ\": [-43.177336576675, -22.5105986119618],\n\"AREAL\/RJ\": [-43.1010698051683, -22.2369120035668],\n\"GUAPIMIRIM\/RJ\": [-42.9783297043207, -22.5195957941239],\n\"ITABORA\u00cd\/RJ\": [-42.8603434261964, -22.7458630174263],\n\"TANGU\u00c1\/RJ\": [-42.7211719484129, -22.7339374343164],\n\"TERES\u00d3POLIS\/RJ\": [-42.9629567139024, -22.4090049455632],\n\"PARA\u00cdBA DO SUL\/RJ\": [-43.2895444648457, -22.1619815421833],\n\"TR\u00caS RIOS\/RJ\": [-43.2116094443354, -22.1174480009517],\n\"COMENDADOR LEVY GASPARIAN\/RJ\": [-43.2172237155871, -22.0333589383828],\n\"SIM\u00c3O PEREIRA\/MG\": [-43.3149558126212, -21.9648567892045],\n\"MATIAS BARBOSA\/MG\": [-43.3191619887632, -21.8694792710752],\n\"SANTANA DO DESERTO\/MG\": [-43.172317833716, -21.9496920444449],\n\"CHIADOR\/MG\": [-43.0590388470773, -22.0037126009454],\n\"CORONEL PACHECO\/MG\": [-43.2688579711124, -21.5764151525441],\n\"CH\u00c1CARA\/MG\": [-43.2187700295011, -21.6729132233441],\n\"PEQUERI\/MG\": [-43.126286174621, -21.8369041285086],\n\"BICAS\/MG\": [-43.0620472620857, -21.7221051209875],\n\"GUARAR\u00c1\/MG\": [-43.0389524781122, -21.7327203008453],\n\"ROCHEDO DE MINAS\/MG\": [-43.0220685053826, -21.6314596314615],\n\"S\u00c3O JOS\u00c9 DO VALE DO RIO PRETO\/RJ\": [-42.9233683013341, -22.1497395104903],\n\"SAPUCAIA\/RJ\": [-42.9141753604676, -21.9939558651925],\n\"MAR DE ESPANHA\/MG\": [-43.008406754404, -21.8668933765816],\n\"SENADOR CORTES\/MG\": [-42.9443320993964, -21.8025169575441],\n\"MARIP\u00c1 DE MINAS\/MG\": [-42.9683499274736, -21.6922627509639],\n\"SANTO ANT\u00d4NIO DO AVENTUREIRO\/MG\": [-42.8116372461193, -21.755828175855],\n\"ARGIRITA\/MG\": [-42.8364467678468, -21.6075545062609],\n\"CARMO DA CACHOEIRA\/MG\": [-45.2246230941763, -21.4610604282587],\n\"NEPOMUCENO\/MG\": [-45.237429119816, -21.2345769350247],\n\"CANA VERDE\/MG\": [-45.185925314678, -21.0234516663837],\n\"RIBEIR\u00c3O VERMELHO\/MG\": [-45.064782108458, -21.1904143250473],\n\"LAVRAS\/MG\": [-44.9999311091152, -21.2428702373008],\n\"PERD\u00d5ES\/MG\": [-45.0930878294041, -21.0945188675979],\n\"LUMIN\u00c1RIAS\/MG\": [-44.9061064796858, -21.5123199001778],\n\"INGA\u00cd\/MG\": [-44.9224226367292, -21.4037168147376],\n\"ITUMIRIM\/MG\": [-44.8757878460442, -21.313796338098],\n\"CARRANCAS\/MG\": [-44.6436090229114, -21.4916256213918],\n\"ITUTINGA\/MG\": [-44.6588381542144, -21.2960563593091],\n\"IJACI\/MG\": [-44.9287829737225, -21.1720656158926],\n\"IBITURUNA\/MG\": [-44.7384635851603, -21.1464850111516],\n\"BOM SUCESSO\/MG\": [-44.7555027232646, -21.0304160944461],\n\"SANTANA DO JACAR\u00c9\/MG\": [-45.1280485695678, -20.901677492437],\n\"S\u00c3O FRANCISCO DE PAULA\/MG\": [-44.9826306199264, -20.7135317999445],\n\"CAMACHO\/MG\": [-45.1587926720343, -20.6269158527808],\n\"ITAPECERICA\/MG\": [-45.1246798888931, -20.4728898996102],\n\"SANTO ANT\u00d4NIO DO AMPARO\/MG\": [-44.9186749352284, -20.9462485658306],\n\"OLIVEIRA\/MG\": [-44.826410866482, -20.6975157761844],\n\"CARMO DA MATA\/MG\": [-44.8683827332713, -20.5592100019754],\n\"CARM\u00d3POLIS DE MINAS\/MG\": [-44.6325277075291, -20.5396421743262],\n\"CL\u00c1UDIO\/MG\": [-44.7684225278902, -20.4445746550274],\n\"MADRE DE DEUS DE MINAS\/MG\": [-44.3408859114965, -21.477322068925],\n\"NAZARENO\/MG\": [-44.6172346644262, -21.2176969671606],\n\"CONCEI\u00c7\u00c3O DA BARRA DE MINAS\/MG\": [-44.4778082132301, -21.1317693674981],\n\"RIT\u00c1POLIS\/MG\": [-44.3234775238384, -21.0232532704209],\n\"PIEDADE DO RIO GRANDE\/MG\": [-44.2025017471596, -21.4697328736348],\n\"S\u00c3O JO\u00c3O DEL REI\/MG\": [-44.2609727347292, -21.1355089743173],\n\"SANTA CRUZ DE MINAS\/MG\": [-44.2232578483842, -21.1194710322007],\n\"TIRADENTES\/MG\": [-44.1726923811067, -21.107043436755],\n\"CORONEL XAVIER CHAVES\/MG\": [-44.2286242458218, -21.0245950067461],\n\"PRADOS\/MG\": [-44.0732802771837, -21.0560144581482],\n\"DORES DE CAMPOS\/MG\": [-44.0230465708887, -21.1040875600453],\n\"S\u00c3O TIAGO\/MG\": [-44.5039924427307, -20.9009463498959],\n\"PASSA TEMPO\/MG\": [-44.4934171989932, -20.652387747284],\n\"DESTERRO DE ENTRE RIOS\/MG\": [-44.3436660058815, -20.6546306803958],\n\"PIRACEMA\/MG\": [-44.4784717749718, -20.508995862821],\n\"ITAGUARA\/MG\": [-44.4867779577883, -20.3906782170492],\n\"CRUCIL\u00c2NDIA\/MG\": [-44.3378369394148, -20.3932917693508],\n\"RESENDE COSTA\/MG\": [-44.2394035043136, -20.9173692442954],\n\"LAGOA DOURADA\/MG\": [-44.0711164400161, -20.918598617034],\n\"ENTRE RIOS DE MINAS\/MG\": [-44.0670816812587, -20.6713572038258],\n\"PIEDADE DOS GERAIS\/MG\": [-44.2279160102123, -20.4610103538288],\n\"JECEABA\/MG\": [-43.9852319173302, -20.5330334382926],\n\"BELO VALE\/MG\": [-44.0285276542128, -20.4066578717857],\n\"PEDRA DO INDAI\u00c1\/MG\": [-45.2098100905663, -20.2535964014334],\n\"S\u00c3O SEBASTI\u00c3O DO OESTE\/MG\": [-45.003133987016, -20.2740951951869],\n\"ARA\u00daJOS\/MG\": [-45.1667022785262, -19.9467853401902],\n\"BOM DESPACHO\/MG\": [-45.2541151985748, -19.737596333881],\n\"PERDIG\u00c3O\/MG\": [-45.0793625822689, -19.9551229354497],\n\"NOVA SERRANA\/MG\": [-44.9855787363319, -19.875867380562],\n\"DIVIN\u00d3POLIS\/MG\": [-44.8938855338723, -20.142073974582],\n\"CARMO DO CAJURU\/MG\": [-44.771478137316, -20.186093830724],\n\"S\u00c3O GON\u00c7ALO DO PAR\u00c1\/MG\": [-44.857188983823, -19.9856847319035],\n\"CONCEI\u00c7\u00c3O DO PAR\u00c1\/MG\": [-44.8958756116422, -19.7490562324375],\n\"ON\u00c7A DE PITANGUI\/MG\": [-44.8083821799508, -19.745524484591],\n\"IGARATINGA\/MG\": [-44.7004951348527, -19.9538862483495],\n\"LEANDRO FERREIRA\/MG\": [-45.0262837852858, -19.7192234719511],\n\"MARTINHO CAMPOS\/MG\": [-45.2386503971405, -19.3297423483367],\n\"POMP\u00c9U\/MG\": [-45.0018708585068, -19.2209571770945],\n\"PITANGUI\/MG\": [-44.8901188906692, -19.6805972412923],\n\"PEQUI\/MG\": [-44.653441896498, -19.6279870911321],\n\"PAPAGAIOS\/MG\": [-44.7447017250618, -19.4555367596145],\n\"MARAVILHAS\/MG\": [-44.6760761301857, -19.5146797200647],\n\"ITA\u00daNA\/MG\": [-44.5782765780477, -20.0744355868074],\n\"ITATIAIU\u00c7U\/MG\": [-44.4291636129271, -20.1986423603592],\n\"RIO MANSO\/MG\": [-44.3102050445654, -20.2616823651625],\n\"PAR\u00c1 DE MINAS\/MG\": [-44.6053801878937, -19.8647379639463],\n\"MATEUS LEME\/MG\": [-44.4289912352272, -19.9908681368469],\n\"FLORESTAL\/MG\": [-44.4301155625427, -19.8945182324972],\n\"JUATUBA\/MG\": [-44.3413314409208, -19.9557908623338],\n\"ESMERALDAS\/MG\": [-44.3148069192277, -19.7592007437738],\n\"BONFIM\/MG\": [-44.232911084905, -20.3254910996075],\n\"IGARAP\u00c9\/MG\": [-44.3011578802931, -20.0699086840598],\n\"S\u00c3O JOAQUIM DE BICAS\/MG\": [-44.2662730160972, -20.0634684606132],\n\"BRUMADINHO\/MG\": [-44.2001876090636, -20.1441744103499],\n\"M\u00c1RIO CAMPOS\/MG\": [-44.1858252961843, -20.0536364124057],\n\"MOEDA\/MG\": [-44.047568670537, -20.3302688429873],\n\"SARZEDO\/MG\": [-44.1458673612766, -20.0345349207995],\n\"BETIM\/MG\": [-44.1975511032666, -19.9653792400851],\n\"CONTAGEM\/MG\": [-44.0663446487239, -19.9434459056633],\n\"IBIRIT\u00c9\/MG\": [-44.0566646387867, -20.0280377506555],\n\"RIBEIR\u00c3O DAS NEVES\/MG\": [-44.085823649141, -19.766022015498],\n\"S\u00c3O JOS\u00c9 DA VARGINHA\/MG\": [-44.5610597329864, -19.7048059868236],\n\"FORTUNA DE MINAS\/MG\": [-44.4433970450287, -19.5639009597139],\n\"CACHOEIRA DA PRATA\/MG\": [-44.4410509536478, -19.5264353262956],\n\"INHA\u00daMA\/MG\": [-44.390945526609, -19.4923673884806],\n\"CAETAN\u00d3POLIS\/MG\": [-44.4130373375318, -19.2937130281333],\n\"PARAOPEBA\/MG\": [-44.403116870288, -19.2814289520739],\n\"CORDISBURGO\/MG\": [-44.3220674519339, -19.1285333206637],\n\"SETE LAGOAS\/MG\": [-44.239594615621, -19.4582874187508],\n\"PRUDENTE DE MORAIS\/MG\": [-44.1583906670618, -19.4835603824475],\n\"PEDRO LEOPOLDO\/MG\": [-44.045883960309, -19.6183958909548],\n\"CONFINS\/MG\": [-43.9955960875638, -19.6299482494053],\n\"CAPIM BRANCO\/MG\": [-44.1331662414131, -19.5455422093287],\n\"MATOZINHOS\/MG\": [-44.0839745678654, -19.5619102810389],\n\"ARA\u00c7A\u00cd\/MG\": [-44.2469237128616, -19.2003638594211],\n\"FUNIL\u00c2NDIA\/MG\": [-44.0630858803589, -19.369987332984],\n\"JEQUITIB\u00c1\/MG\": [-44.0280763937239, -19.2376735101776],\n\"SANTA RITA DE IBITIPOCA\/MG\": [-43.9167605187734, -21.561230079445],\n\"IBERTIOGA\/MG\": [-43.9681238350753, -21.4294724820412],\n\"ANT\u00d4NIO CARLOS\/MG\": [-43.7556410098457, -21.3185803699484],\n\"BARROSO\/MG\": [-43.9753811243157, -21.176286999031],\n\"BARBACENA\/MG\": [-43.7761933160596, -21.2249153847091],\n\"ALFREDO VASCONCELOS\/MG\": [-43.7738899527392, -21.1394234648344],\n\"RESSAQUINHA\/MG\": [-43.7587060938834, -21.0553009170043],\n\"EWBANK DA C\u00c2MARA\/MG\": [-43.5075913951105, -21.5416361511494],\n\"SANTOS DUMONT\/MG\": [-43.5537521652921, -21.4575319947014],\n\"OLIVEIRA FORTES\/MG\": [-43.462543869181, -21.3394932742633],\n\"ARACITABA\/MG\": [-43.3815562385328, -21.3392687360042],\n\"PAIVA\/MG\": [-43.4188333732522, -21.2878522493125],\n\"SANTA B\u00c1RBARA DO TUG\u00daRIO\/MG\": [-43.5589487842784, -21.2462083894654],\n\"DESTERRO DO MELO\/MG\": [-43.5196002211704, -21.1471785182012],\n\"SENHORA DOS REM\u00c9DIOS\/MG\": [-43.5863819522035, -21.0330829642424],\n\"ALTO RIO DOCE\/MG\": [-43.41887066418, -21.0221461475547],\n\"CASA GRANDE\/MG\": [-43.9314665941035, -20.7934512867946],\n\"QUELUZITO\/MG\": [-43.8800273028343, -20.7423844777111],\n\"CARANDA\u00cd\/MG\": [-43.8054753702247, -20.9543694555465],\n\"CRISTIANO OTONI\/MG\": [-43.7978363805106, -20.8408523330588],\n\"CARANA\u00cdBA\/MG\": [-43.7394664788539, -20.8702194155652],\n\"CONSELHEIRO LAFAIETE\/MG\": [-43.7884446647199, -20.6608517994441],\n\"SANTANA DOS MONTES\/MG\": [-43.7059982789998, -20.7897348514805],\n\"S\u00c3O BR\u00c1S DO SUA\u00c7U\u00cd\/MG\": [-43.9526746478891, -20.6265040684823],\n\"CONGONHAS\/MG\": [-43.8568926496971, -20.5046427885581],\n\"OURO BRANCO\/MG\": [-43.6947707969396, -20.5235831235093],\n\"CAPELA NOVA\/MG\": [-43.6124218663921, -20.9166679077144],\n\"ITAVERAVA\/MG\": [-43.6043223481191, -20.6747274709917],\n\"CATAS ALTAS DA NORUEGA\/MG\": [-43.5050592004737, -20.6870876210355],\n\"RIO ESPERA\/MG\": [-43.4653334003173, -20.8580800986411],\n\"CIPOT\u00c2NEA\/MG\": [-43.367977207819, -20.9055357479024],\n\"LAMIM\/MG\": [-43.4744670605853, -20.7920574262943],\n\"OURO PRETO\/MG\": [-43.5064475197137, -20.3867763678658],\n\"MARIANA\/MG\": [-43.4161404121375, -20.3744932308933],\n\"PIAU\/MG\": [-43.329125174333, -21.5046175293695],\n\"GOIAN\u00c1\/MG\": [-43.1914823969779, -21.5324178276547],\n\"TABULEIRO\/MG\": [-43.2456052646167, -21.3575776594416],\n\"RIO NOVO\/MG\": [-43.1286689152867, -21.4832491498789],\n\"RIO POMBA\/MG\": [-43.1778056454032, -21.2721906098132],\n\"GUARANI\/MG\": [-43.0464566840078, -21.3626691859301],\n\"MERC\u00caS\/MG\": [-43.3410701613993, -21.1920649246761],\n\"SILVEIR\u00c2NIA\/MG\": [-43.217878469846, -21.1646375385202],\n\"DORES DO TURVO\/MG\": [-43.1951945185031, -20.9812733744049],\n\"S\u00c3O JO\u00c3O NEPOMUCENO\/MG\": [-43.011285768504, -21.5356970635886],\n\"DESCOBERTO\/MG\": [-42.9720691787786, -21.4602039706987],\n\"PIRA\u00daBA\/MG\": [-43.0181308108699, -21.2765501292586],\n\"ITAMARATI DE MINAS\/MG\": [-42.8185933585145, -21.4194556178374],\n\"ASTOLFO DUTRA\/MG\": [-42.8596443142027, -21.3112038507544],\n\"DONA EUS\u00c9BIA\/MG\": [-42.8069340637792, -21.3238746965497],\n\"TOCANTINS\/MG\": [-43.0186995083911, -21.175549526019],\n\"RODEIRO\/MG\": [-42.8686762586127, -21.200705079223],\n\"UB\u00c1\/MG\": [-42.936786464392, -21.1185969514978],\n\"DIVIN\u00c9SIA\/MG\": [-43.0110812037762, -20.9900103366548],\n\"GUIDOVAL\/MG\": [-42.800817312061, -21.1442385033],\n\"VISCONDE DO RIO BRANCO\/MG\": [-42.8393893910016, -21.0119895771312],\n\"GUIRICEMA\/MG\": [-42.7188124697545, -21.0106733747952],\n\"BR\u00c1S PIRES\/MG\": [-43.239122599312, -20.8484564359993],\n\"SENHORA DE OLIVEIRA\/MG\": [-43.3377319940151, -20.7938997631814],\n\"PIRANGA\/MG\": [-43.2873455533564, -20.6851438161544],\n\"PRESIDENTE BERNARDES\/MG\": [-43.1900555792424, -20.7656775010213],\n\"SENADOR FIRMINO\/MG\": [-43.1041303932776, -20.9180596003151],\n\"PORTO FIRME\/MG\": [-43.0914109084357, -20.6682669693677],\n\"DIOGO DE VASCONCELOS\/MG\": [-43.1965768271676, -20.4875057994595],\n\"ACAIACA\/MG\": [-43.1482389018347, -20.3604089312559],\n\"PAULA C\u00c2NDIDO\/MG\": [-42.9831550986696, -20.8701615330242],\n\"VI\u00c7OSA\/MG\": [-42.8794773756709, -20.7520720070293],\n\"S\u00c3O GERALDO\/MG\": [-42.8376641332472, -20.9208475279285],\n\"COIMBRA\/MG\": [-42.805939102564, -20.8586595280143],\n\"CAJURI\/MG\": [-42.7939202734051, -20.7889426719043],\n\"S\u00c3O MIGUEL DO ANTA\/MG\": [-42.7208990463332, -20.7059175904583],\n\"GUARACIABA\/MG\": [-43.0112816471752, -20.5717035009859],\n\"TEIXEIRAS\/MG\": [-42.8626438044107, -20.6490665250922],\n\"PONTE NOVA\/MG\": [-42.9096842699379, -20.4166434224879],\n\"AMPARO DO SERRA\/MG\": [-42.8072021533658, -20.5100666871252],\n\"PEDRA DO ANTA\/MG\": [-42.7159333247726, -20.5960112647687],\n\"ORAT\u00d3RIOS\/MG\": [-42.8063392207749, -20.4309959520838],\n\"URUC\u00c2NIA\/MG\": [-42.7412284517106, -20.3508704157197],\n\"ITABIRITO\/MG\": [-43.8021429838628, -20.2541765124384],\n\"RIO ACIMA\/MG\": [-43.7908543768367, -20.0951301629183],\n\"BELO HORIZONTE\/MG\": [-43.9264531735305, -19.9375242937751],\n\"NOVA LIMA\/MG\": [-43.8497833626163, -19.9838929938666],\n\"SABAR\u00c1\/MG\": [-43.8255570903302, -19.8924945120897],\n\"SANTA LUZIA\/MG\": [-43.8500072606321, -19.7676168525221],\n\"RAPOSOS\/MG\": [-43.8047741981268, -19.9655987691945],\n\"CAET\u00c9\/MG\": [-43.6647873511184, -19.8871411326048],\n\"CATAS ALTAS\/MG\": [-43.4148057349597, -20.0748929431654],\n\"BAR\u00c3O DE COCAIS\/MG\": [-43.4848824690371, -19.9358474342692],\n\"SANTA B\u00c1RBARA\/MG\": [-43.4052209879755, -19.9655911927172],\n\"S\u00c3O GON\u00c7ALO DO RIO ABAIXO\/MG\": [-43.3480400193056, -19.8318007017906],\n\"S\u00c3O JOS\u00c9 DA LAPA\/MG\": [-43.9599562982337, -19.6986268215191],\n\"VESPASIANO\/MG\": [-43.9199151867378, -19.6930304397713],\n\"LAGOA SANTA\/MG\": [-43.8952876969413, -19.6258505201125],\n\"TAQUARA\u00c7U DE MINAS\/MG\": [-43.6871427896688, -19.6738480484131],\n\"JABOTICATUBAS\/MG\": [-43.7473336329577, -19.5222886181808],\n\"BALDIM\/MG\": [-43.9570406413178, -19.2864373041598],\n\"SANTANA DO RIACHO\/MG\": [-43.7114593033951, -19.1700918689263],\n\"NOVA UNI\u00c3O\/MG\": [-43.5799944146644, -19.6881033680241],\n\"BOM JESUS DO AMPARO\/MG\": [-43.473514924483, -19.7041372739146],\n\"MORRO DO PILAR\/MG\": [-43.3748041822981, -19.2183422251452],\n\"BARRA LONGA\/MG\": [-43.0371967110936, -20.2836358984769],\n\"ALVIN\u00d3POLIS\/MG\": [-43.0660832381092, -20.1147634823643],\n\"RIO PIRACICABA\/MG\": [-43.1798237456688, -19.9549411680991],\n\"JO\u00c3O MONLEVADE\/MG\": [-43.1745712712595, -19.8056386938267],\n\"BELA VISTA DE MINAS\/MG\": [-43.0969322664076, -19.8258467639902],\n\"NOVA ERA\/MG\": [-43.0354568497189, -19.7644230686327],\n\"RIO DOCE\/MG\": [-42.8956813088344, -20.2446457034063],\n\"DOM SILV\u00c9RIO\/MG\": [-42.9708729670396, -20.1622049297377],\n\"SANTA CRUZ DO ESCALVADO\/MG\": [-42.8184528533261, -20.2382772552792],\n\"PIEDADE DE PONTE NOVA\/MG\": [-42.7352388987405, -20.2476646154438],\n\"SEM-PEIXE\/MG\": [-42.8419017302093, -20.1025363692222],\n\"S\u00c3O DOMINGOS DO PRATA\/MG\": [-42.960363400399, -19.8710279004362],\n\"S\u00c3O JOS\u00c9 DO GOIABAL\/MG\": [-42.7098601268982, -19.9279832169656],\n\"DION\u00cdSIO\/MG\": [-42.7823684408398, -19.8439966742821],\n\"ITABIRA\/MG\": [-43.2239516190304, -19.6381694925835],\n\"SANTA MARIA DE ITABIRA\/MG\": [-43.1101498441238, -19.4590107742798],\n\"ITAMB\u00c9 DO MATO DENTRO\/MG\": [-43.3228953038647, -19.4209634657341],\n\"SANTO ANT\u00d4NIO DO RIO ABAIXO\/MG\": [-43.2530571823808, -19.2256798037912],\n\"PASSAB\u00c9M\/MG\": [-43.1438137394836, -19.3509824791921],\n\"S\u00c3O SEBASTI\u00c3O DO RIO PRETO\/MG\": [-43.1747344223136, -19.2857666703185],\n\"ANT\u00d4NIO DIAS\/MG\": [-42.8695452089701, -19.651466672642],\n\"MARLI\u00c9RIA\/MG\": [-42.737379035917, -19.7064561098251],\n\"JAGUARA\u00c7U\/MG\": [-42.7529990591999, -19.6470726974423],\n\"FERROS\/MG\": [-43.0197136171061, -19.2364195947071],\n\"ROMARIA\/MG\": [-47.581754900456, -18.883480034872],\n\"ESTRELA DO SUL\/MG\": [-47.6889748021455, -18.7412931756593],\n\"IRA\u00cd DE MINAS\/MG\": [-47.4629914178309, -18.981858345519],\n\"MONTE CARMELO\/MG\": [-47.4959724312194, -18.7290384400921],\n\"GRUPIARA\/MG\": [-47.7247984350215, -18.4930238023097],\n\"TR\u00caS RANCHOS\/GO\": [-47.7793385108656, -18.3607986884177],\n\"OUVIDOR\/GO\": [-47.8326044040217, -18.2255687121879],\n\"DOURADOQUARA\/MG\": [-47.6119749498521, -18.4338340922598],\n\"DAVIN\u00d3POLIS\/GO\": [-47.5593683925586, -18.1585643378909],\n\"ABADIA DOS DOURADOS\/MG\": [-47.3968324406222, -18.487564958939],\n\"COROMANDEL\/MG\": [-47.2015477282097, -18.4738505975887],\n\"PATROC\u00cdNIO\/MG\": [-46.9974382401645, -18.9408129613497],\n\"GUIMAR\u00c2NIA\/MG\": [-46.7972650323216, -18.8380192150624],\n\"SERRA DO SALITRE\/MG\": [-46.692108726184, -19.1117957634513],\n\"CRUZEIRO DA FORTALEZA\/MG\": [-46.6733926485072, -18.9386473163882],\n\"VAZANTE\/MG\": [-46.901966885848, -17.9910384302439],\n\"LAGAMAR\/MG\": [-46.8125356350839, -18.1769616222933],\n\"CAMPO ALEGRE DE GOI\u00c1S\/GO\": [-47.7782251013376, -17.6405551366126],\n\"CRISTALINA\/GO\": [-47.6068175922326, -16.7694336631642],\n\"GUARDA-MOR\/MG\": [-47.1010758534975, -17.7712998977844],\n\"PARACATU\/MG\": [-46.8754188909564, -17.219741910187],\n\"CARMO DO PARANA\u00cdBA\/MG\": [-46.3142888776277, -18.9972890251417],\n\"LAGOA FORMOSA\/MG\": [-46.4065287919616, -18.7755725803991],\n\"PATOS DE MINAS\/MG\": [-46.5159156766059, -18.5925708199234],\n\"ARAPU\u00c1\/MG\": [-46.1545977684885, -19.0338552875261],\n\"TIROS\/MG\": [-45.9635510991526, -19.0039173800698],\n\"PRESIDENTE OLEG\u00c1RIO\/MG\": [-46.4177886879906, -18.414741973875],\n\"VARJ\u00c3O DE MINAS\/MG\": [-46.033501545731, -18.3837044637811],\n\"PAINEIRAS\/MG\": [-45.5387576862268, -18.9022172143692],\n\"BIQUINHAS\/MG\": [-45.5046517160236, -18.7847516602239],\n\"MORADA NOVA DE MINAS\/MG\": [-45.3555023480963, -18.6074447216394],\n\"S\u00c3O GON\u00c7ALO DO ABAET\u00c9\/MG\": [-45.8342461504009, -18.3411129280494],\n\"LAGOA GRANDE\/MG\": [-46.5179054003776, -17.8380469908804],\n\"JO\u00c3O PINHEIRO\/MG\": [-46.1754635512704, -17.7418529395634],\n\"BRASIL\u00c2NDIA DE MINAS\/MG\": [-46.0154017589955, -16.9986005535911],\n\"FORMOSA\/GO\": [-47.3358155764676, -15.540944627683],\n\"UNA\u00cd\/MG\": [-46.899956595285, -16.3590084924977],\n\"CABECEIRA GRANDE\/MG\": [-47.0849893051072, -16.028274803193],\n\"CABECEIRAS\/GO\": [-46.9294761862946, -15.8011558822358],\n\"PLANALTINA\/GO\": [-47.6148467661508, -15.4531095649744],\n\"\u00c1GUA FRIA DE GOI\u00c1S\/GO\": [-47.7822121623989, -14.9855352682152],\n\"S\u00c3O JO\u00c3O D'ALIAN\u00c7A\/GO\": [-47.5188017123423, -14.7082161796638],\n\"VILA BOA\/GO\": [-47.0573608536835, -15.0348887907102],\n\"FLORES DE GOI\u00c1S\/GO\": [-47.0450829249731, -14.4501741366926],\n\"NATAL\u00c2NDIA\/MG\": [-46.4975343552908, -16.5038364836175],\n\"DOM BOSCO\/MG\": [-46.2714498987887, -16.6507498918987],\n\"BONFIN\u00d3POLIS DE MINAS\/MG\": [-45.988340657155, -16.5707647860757],\n\"RIACHINHO\/MG\": [-46.0027468183087, -16.2168261724193],\n\"URUANA DE MINAS\/MG\": [-46.2562288734466, -16.0600251971288],\n\"BURITIS\/MG\": [-46.424040801173, -15.626505489997],\n\"ARINOS\/MG\": [-46.1077521361039, -15.9217716943489],\n\"URUCUIA\/MG\": [-45.7370281843675, -16.1320910169931],\n\"SANTA F\u00c9 DE MINAS\/MG\": [-45.4136331221547, -16.6873734528009],\n\"FORMOSO\/MG\": [-46.239979536778, -14.9517425978891],\n\"S\u00cdTIO D'ABADIA\/GO\": [-46.2524898428401, -14.8039939161548],\n\"ALVORADA DO NORTE\/GO\": [-46.51563769131, -14.4828391105338],\n\"SIMOL\u00c2NDIA\/GO\": [-46.4842842225005, -14.4703229883121],\n\"BURITIN\u00d3POLIS\/GO\": [-46.4310771148915, -14.4560230273582],\n\"DAMIAN\u00d3POLIS\/GO\": [-46.1735358095694, -14.5574350508893],\n\"MAMBA\u00cd\/GO\": [-46.1139474126744, -14.4875342642037],\n\"CHAPADA GA\u00daCHA\/MG\": [-45.6255844399663, -15.2998087151246],\n\"FELIXL\u00c2NDIA\/MG\": [-44.8965866173716, -18.7543565615242],\n\"TR\u00caS MARIAS\/MG\": [-45.2257352467415, -18.2059212240174],\n\"MORRO DA GAR\u00c7A\/MG\": [-44.6035310348425, -18.5472184629381],\n\"CURVELO\/MG\": [-44.4283989683234, -18.7554807216307],\n\"INIMUTABA\/MG\": [-44.3662617661161, -18.7314405298966],\n\"SANTANA DE PIRAPAMA\/MG\": [-44.0381025080678, -19.0068859968553],\n\"PRESIDENTE JUSCELINO\/MG\": [-44.0541822751655, -18.6407817383921],\n\"CORINTO\/MG\": [-44.4562256497032, -18.3635162871045],\n\"SANTO HIP\u00d3LITO\/MG\": [-44.2216982205234, -18.2878101900473],\n\"MONJOLOS\/MG\": [-44.1193167724144, -18.3236856182628],\n\"AUGUSTO DE LIMA\/MG\": [-44.2752188423279, -18.1125481037423],\n\"BURITIZEIRO\/MG\": [-44.9551936818752, -17.3594207725782],\n\"PIRAPORA\/MG\": [-44.9510653804875, -17.3495820956098],\n\"V\u00c1RZEA DA PALMA\/MG\": [-44.7303465827323, -17.5975701770905],\n\"IBIA\u00cd\/MG\": [-44.9141068387179, -16.8598724483642],\n\"LASSANCE\/MG\": [-44.5793585587481, -17.8951151805206],\n\"BUEN\u00d3POLIS\/MG\": [-44.1807884588015, -17.8742562843054],\n\"JOAQUIM FEL\u00cdCIO\/MG\": [-44.1736047177658, -17.7552943065804],\n\"FRANCISCO DUMONT\/MG\": [-44.2342065277647, -17.3199488056432],\n\"JEQUITA\u00cd\/MG\": [-44.4416872765915, -17.2163725570715],\n\"LAGOA DOS PATOS\/MG\": [-44.5783346323487, -16.9784492004609],\n\"S\u00c3O JO\u00c3O DA LAGOA\/MG\": [-44.3490885621947, -16.8520551567279],\n\"CLARO DOS PO\u00c7\u00d5ES\/MG\": [-44.2087100149448, -17.077685022881],\n\"CONGONHAS DO NORTE\/MG\": [-43.6876316327273, -18.8164519608161],\n\"CONCEI\u00c7\u00c3O DO MATO DENTRO\/MG\": [-43.423435767518, -19.0451899945408],\n\"PRESIDENTE KUBITSCHEK\/MG\": [-43.5574479486812, -18.6154898025756],\n\"ALVORADA DE MINAS\/MG\": [-43.3660843434322, -18.733593024363],\n\"SERRO\/MG\": [-43.3886312680834, -18.6044422453401],\n\"GOUVEIA\/MG\": [-43.7339867457722, -18.4429725027128],\n\"DATAS\/MG\": [-43.656714638014, -18.4533026488235],\n\"DIAMANTINA\/MG\": [-43.5944568221762, -18.242092724164],\n\"COUTO DE MAGALH\u00c3ES DE MINAS\/MG\": [-43.4753487750125, -18.0720593059942],\n\"S\u00c3O GON\u00c7ALO DO RIO PRETO\/MG\": [-43.3845437324083, -18.0063941614788],\n\"DOM JOAQUIM\/MG\": [-43.2613480039741, -18.9645501866295],\n\"CARM\u00c9SIA\/MG\": [-43.1458403032499, -19.0870863874439],\n\"SENHORA DO PORTO\/MG\": [-43.0817557207791, -18.8980080199684],\n\"SABIN\u00d3POLIS\/MG\": [-43.088203642905, -18.6718146531902],\n\"DORES DE GUANH\u00c3ES\/MG\": [-42.9267218922717, -19.054261783513],\n\"BRA\u00daNAS\/MG\": [-42.7153526369813, -19.0535966189467],\n\"VIRGIN\u00d3POLIS\/MG\": [-42.7148044703271, -18.8251403925481],\n\"GUANH\u00c3ES\/MG\": [-42.9370490952478, -18.777150790233],\n\"S\u00c3O JO\u00c3O EVANGELISTA\/MG\": [-42.7760481433917, -18.5451868295064],\n\"SANTO ANT\u00d4NIO DO ITAMB\u00c9\/MG\": [-43.3037794094908, -18.4689716455164],\n\"MATERL\u00c2NDIA\/MG\": [-43.0573759058743, -18.4727736734063],\n\"SERRA AZUL DE MINAS\/MG\": [-43.1744593090578, -18.3622797249824],\n\"RIO VERMELHO\/MG\": [-43.0224390980622, -18.3011105692073],\n\"FEL\u00cdCIO DOS SANTOS\/MG\": [-43.2451709347937, -18.077563117073],\n\"SENADOR MODESTINO GON\u00c7ALVES\/MG\": [-43.2229754714858, -17.9460246708404],\n\"PAULISTAS\/MG\": [-42.8726250989216, -18.4317377127072],\n\"COLUNA\/MG\": [-42.8436545122746, -18.2204050351578],\n\"FREI LAGONEGRO\/MG\": [-42.7652952385537, -18.1650807120668],\n\"OLHOS-D'\u00c1GUA\/MG\": [-43.5714109825145, -17.4018999265273],\n\"ENGENHEIRO NAVARRO\/MG\": [-43.9494147387385, -17.2877532077503],\n\"BOCAI\u00daVA\/MG\": [-43.8144435712164, -17.1121047332277],\n\"GUARACIAMA\/MG\": [-43.6687777057549, -17.0115274631445],\n\"MONTES CLAROS\/MG\": [-43.8654224343832, -16.7227066399838],\n\"GLAUCIL\u00c2NDIA\/MG\": [-43.696405897757, -16.8502186918182],\n\"JURAMENTO\/MG\": [-43.5901936206433, -16.8512704550027],\n\"ITAMARANDIBA\/MG\": [-42.8491577569261, -17.8585173258274],\n\"CARBONITA\/MG\": [-43.0144602004652, -17.5302458345986],\n\"VEREDINHA\/MG\": [-42.7359302400247, -17.3939690803405],\n\"ITACAMBIRA\/MG\": [-43.3104021870614, -17.0644351817249],\n\"TURMALINA\/MG\": [-42.7304145447903, -17.2864120942752],\n\"BOTUMIRIM\/MG\": [-43.0104324369177, -16.8629245518797],\n\"CRIST\u00c1LIA\/MG\": [-42.8595509120255, -16.7126340057198],\n\"PONTO CHIQUE\/MG\": [-45.0631345096394, -16.6330397392495],\n\"S\u00c3O ROM\u00c3O\/MG\": [-45.0691351971252, -16.3686392158312],\n\"CAMPO AZUL\/MG\": [-44.8118582138383, -16.5040634892558],\n\"UBA\u00cd\/MG\": [-44.7870862054941, -16.2974045209459],\n\"ICARA\u00cd DE MINAS\/MG\": [-44.9027768020848, -16.2140127770631],\n\"PINT\u00d3POLIS\/MG\": [-45.1495068805966, -16.0549897298845],\n\"S\u00c3O FRANCISCO\/MG\": [-44.8613127423766, -15.9525638055612],\n\"S\u00c3O JO\u00c3O DO PACU\u00cd\/MG\": [-44.5295709891001, -16.5383751445545],\n\"CORA\u00c7\u00c3O DE JESUS\/MG\": [-44.3584952946502, -16.6893234476866],\n\"LUISL\u00c2NDIA\/MG\": [-44.5860484270339, -16.1153114861604],\n\"BRAS\u00cdLIA DE MINAS\/MG\": [-44.4275330930915, -16.205872688841],\n\"MIRABELA\/MG\": [-44.1606437772011, -16.2584529385286],\n\"LONTRA\/MG\": [-44.3061148191293, -15.9020583529967],\n\"PEDRAS DE MARIA DA CRUZ\/MG\": [-44.3924439591511, -15.5990124531728],\n\"JANU\u00c1RIA\/MG\": [-44.3598053349032, -15.4878728139879],\n\"JAPONVAR\/MG\": [-44.2761272371548, -16.0009569335553],\n\"PATIS\/MG\": [-44.0827053066768, -16.0792763596562],\n\"S\u00c3O JO\u00c3O DA PONTE\/MG\": [-44.0089551084967, -15.9245130654992],\n\"IBIRACATU\/MG\": [-44.1677094358321, -15.6654666513271],\n\"VARZEL\u00c2NDIA\/MG\": [-44.027948143227, -15.7088710522808],\n\"BONITO DE MINAS\/MG\": [-44.7580284448541, -15.3238044714657],\n\"C\u00d4NEGO MARINHO\/MG\": [-44.4151547108268, -15.2962703181641],\n\"ITACARAMBI\/MG\": [-44.0931858020531, -15.102641864892],\n\"S\u00c3O JO\u00c3O DAS MISS\u00d5ES\/MG\": [-44.0812622895275, -14.8825334839124],\n\"MIRAV\u00c2NIA\/MG\": [-44.4120754278479, -14.7478394007116],\n\"MONTALV\u00c2NIA\/MG\": [-44.3636205825571, -14.4203647785697],\n\"JUVEN\u00cdLIA\/MG\": [-44.1595897099682, -14.2635945628851],\n\"CAPIT\u00c3O EN\u00c9AS\/MG\": [-43.7054128998982, -16.3209151363553],\n\"FRANCISCO S\u00c1\/MG\": [-43.488735281491, -16.4756808656879],\n\"VERDEL\u00c2NDIA\/MG\": [-43.6060222623997, -15.5945423473444],\n\"GR\u00c3O MOGOL\/MG\": [-42.888012880146, -16.5664951547914],\n\"NOVA PORTEIRINHA\/MG\": [-43.3025512295159, -15.8022101967311],\n\"JANA\u00daBA\/MG\": [-43.3076829437623, -15.7990284583669],\n\"RIACHO DOS MACHADOS\/MG\": [-43.0445637317792, -15.9980341607319],\n\"PORTEIRINHA\/MG\": [-43.0285226494433, -15.746837727003],\n\"PAI PEDRO\/MG\": [-43.0705559756113, -15.537065987525],\n\"SERRAN\u00d3POLIS DE MINAS\/MG\": [-42.8743863930717, -15.8087837820719],\n\"JA\u00cdBA\/MG\": [-43.6703288759639, -15.3429340536125],\n\"MATIAS CARDOSO\/MG\": [-43.9178264365666, -14.8502838776958],\n\"MANGA\/MG\": [-43.9367615223531, -14.7559221144299],\n\"MALHADA\/BA\": [-43.7716203176702, -14.3403832840842],\n\"CARINHANHA\/BA\": [-43.7617772009392, -14.3020069035503],\n\"IUI\u00da\/BA\": [-43.556402615529, -14.4121460364229],\n\"GAMELEIRAS\/MG\": [-43.119480839155, -15.0768220675066],\n\"CATUTI\/MG\": [-42.9635229642327, -15.3573788763445],\n\"MATO VERDE\/MG\": [-42.8665147238001, -15.3973215529759],\n\"MAMONAS\/MG\": [-42.955964349258, -15.0516469177914],\n\"MONTE AZUL\/MG\": [-42.8731654940395, -15.1553385887242],\n\"ESPINOSA\/MG\": [-42.8129818449157, -14.9252718111525],\n\"SEBASTI\u00c3O LARANJEIRAS\/BA\": [-42.9441131530547, -14.5748223923478],\n\"CANDIBA\/BA\": [-42.8644023352399, -14.4131865031095],\n\"SAQUAREMA\/RJ\": [-42.4966940500338, -22.9311274159959],\n\"ARARUAMA\/RJ\": [-42.3410960231634, -22.8774383873544],\n\"IGUABA GRANDE\/RJ\": [-42.2221245423239, -22.8390569836941],\n\"S\u00c3O PEDRO DA ALDEIA\/RJ\": [-42.1035286701542, -22.8372031947556],\n\"ARRAIAL DO CABO\/RJ\": [-42.0283359676368, -22.967638277584],\n\"CABO FRIO\/RJ\": [-42.0200748019026, -22.880764667133],\n\"RIO BONITO\/RJ\": [-42.6259978411627, -22.7112715025702],\n\"SILVA JARDIM\/RJ\": [-42.3898259273538, -22.6543301984185],\n\"CACHOEIRAS DE MACACU\/RJ\": [-42.6631643572627, -22.4675708722497],\n\"NOVA FRIBURGO\/RJ\": [-42.5327712629633, -22.2864614591961],\n\"CASIMIRO DE ABREU\/RJ\": [-42.204210544431, -22.4795365025548],\n\"SUMIDOURO\/RJ\": [-42.6786255811119, -22.0506694108347],\n\"AL\u00c9M PARA\u00cdBA\/MG\": [-42.6959466024573, -21.8768037118642],\n\"CARMO\/RJ\": [-42.6097176406817, -21.9293117801394],\n\"DUAS BARRAS\/RJ\": [-42.515097631467, -22.0589060899401],\n\"BOM JARDIM\/RJ\": [-42.4172114822868, -22.1533052283079],\n\"VOLTA GRANDE\/MG\": [-42.5412849473875, -21.7707111492068],\n\"ESTRELA DALVA\/MG\": [-42.4583710299194, -21.7422852764394],\n\"CORDEIRO\/RJ\": [-42.3630305379077, -22.0277765631233],\n\"CANTAGALO\/RJ\": [-42.365977599021, -21.9818398587921],\n\"MACUCO\/RJ\": [-42.2570738797263, -21.9902295051434],\n\"S\u00c3O SEBASTI\u00c3O DO ALTO\/RJ\": [-42.1302196784864, -21.9544634108549],\n\"PIRAPETINGA\/MG\": [-42.3484310466426, -21.6559720071799],\n\"ITAOCARA\/RJ\": [-42.0777295245708, -21.6705026732971],\n\"APERIB\u00c9\/RJ\": [-42.1049166541126, -21.6194217697861],\n\"RIO DAS OSTRAS\/RJ\": [-41.9369671271608, -22.523941185805],\n\"ARMA\u00c7\u00c3O DOS B\u00daZIOS\/RJ\": [-41.8877494680881, -22.7577637929238],\n\"MACA\u00c9\/RJ\": [-41.775064285476, -22.368704974385],\n\"CARAPEBUS\/RJ\": [-41.6640105958578, -22.1825947273674],\n\"TRAJANO DE MORAES\/RJ\": [-42.0548152486202, -22.0613797048486],\n\"SANTA MARIA MADALENA\/RJ\": [-42.0144449928315, -21.9660944706772],\n\"CONCEI\u00c7\u00c3O DE MACABU\/RJ\": [-41.8677585057148, -22.0878715265254],\n\"CAMBUCI\/RJ\": [-41.9086360046562, -21.5772767096589],\n\"S\u00c3O FID\u00c9LIS\/RJ\": [-41.7555923123358, -21.6436265466279],\n\"QUISSAM\u00c3\/RJ\": [-41.4725094000999, -22.1066401655146],\n\"CAMPOS DOS GOYTACAZES\/RJ\": [-41.3304764918626, -21.7518986320641],\n\"S\u00c3O JO\u00c3O DA BARRA\/RJ\": [-41.050348145484, -21.6404577523792],\n\"LEOPOLDINA\/MG\": [-42.6418441295043, -21.530729364529],\n\"CATAGUASES\/MG\": [-42.6920846108201, -21.3892484232128],\n\"SANTANA DE CATAGUASES\/MG\": [-42.5546049490811, -21.2840280786181],\n\"RECREIO\/MG\": [-42.4713945672859, -21.5337846187598],\n\"LARANJAL\/MG\": [-42.4806742915843, -21.3636296128679],\n\"MIRA\u00cd\/MG\": [-42.6160395902808, -21.1939817415147],\n\"S\u00c3O SEBASTI\u00c3O DA VARGEM ALEGRE\/MG\": [-42.6386658919301, -21.0738303380808],\n\"ROS\u00c1RIO DA LIMEIRA\/MG\": [-42.5060599702183, -20.981298201362],\n\"PALMA\/MG\": [-42.3158258828457, -21.3725611558571],\n\"SANTO ANT\u00d4NIO DE P\u00c1DUA\/RJ\": [-42.1779115574882, -21.5359771209445],\n\"MIRACEMA\/RJ\": [-42.1984114071903, -21.4111632991603],\n\"MURIA\u00c9\/MG\": [-42.3610748978923, -21.1320467915102],\n\"BAR\u00c3O DE MONTE ALTO\/MG\": [-42.2391465797033, -21.2478823447256],\n\"PATROC\u00cdNIO DO MURIA\u00c9\/MG\": [-42.2126532982876, -21.1517112745085],\n\"LAJE DO MURIA\u00c9\/RJ\": [-42.1311744192347, -21.2057208352488],\n\"EUGEN\u00d3POLIS\/MG\": [-42.1922770818769, -21.0972225306709],\n\"ANT\u00d4NIO PRADO DE MINAS\/MG\": [-42.1093426501154, -21.0182320587864],\n\"ERV\u00c1LIA\/MG\": [-42.6593674650091, -20.8335065579592],\n\"CANA\u00c3\/MG\": [-42.6130114531103, -20.6873760386752],\n\"ARAPONGA\/MG\": [-42.5262730999891, -20.6656617312945],\n\"JEQUERI\/MG\": [-42.6822636838868, -20.4463030375066],\n\"SERICITA\/MG\": [-42.4820072656267, -20.4715553544651],\n\"MIRADOURO\/MG\": [-42.3461498563434, -20.8944190662135],\n\"VIEIRAS\/MG\": [-42.2458035423232, -20.8653406932197],\n\"S\u00c3O FRANCISCO DO GL\u00d3RIA\/MG\": [-42.2682205326675, -20.7923014187189],\n\"FERVEDOURO\/MG\": [-42.2781805292377, -20.7327756857738],\n\"PEDRA DOURADA\/MG\": [-42.1545386689724, -20.8299461552485],\n\"PEDRA BONITA\/MG\": [-42.3321344916825, -20.5200184905724],\n\"SANTA MARGARIDA\/MG\": [-42.2525357802654, -20.3779254268061],\n\"DIVINO\/MG\": [-42.1477393353315, -20.6129771965043],\n\"ORIZ\u00c2NIA\/MG\": [-42.2029460820898, -20.5041213742453],\n\"S\u00c3O JO\u00c3O DO MANHUA\u00c7U\/MG\": [-42.1521577505494, -20.3954998659809],\n\"LUISBURGO\/MG\": [-42.1064719035898, -20.4383761082781],\n\"S\u00c3O JOS\u00c9 DE UB\u00c1\/RJ\": [-41.9412319414458, -21.3602211097574],\n\"PORCI\u00daNCULA\/RJ\": [-42.0401563585052, -20.9626076269766],\n\"NATIVIDADE\/RJ\": [-41.9764403133446, -21.0437569889655],\n\"ITAPERUNA\/RJ\": [-41.8862031766506, -21.2105910847538],\n\"ITALVA\/RJ\": [-41.690964760493, -21.4251032779829],\n\"CARDOSO MOREIRA\/RJ\": [-41.6132963462101, -21.4961573566676],\n\"BOM JESUS DO ITABAPOANA\/RJ\": [-41.6776797949817, -21.1344974418774],\n\"BOM JESUS DO NORTE\/ES\": [-41.6758105077654, -21.129341788413],\n\"S\u00c3O JOS\u00c9 DO CAL\u00c7ADO\/ES\": [-41.6560878498074, -21.0261302467275],\n\"APIAC\u00c1\/ES\": [-41.5633797608618, -21.1564478852618],\n\"TOMBOS\/MG\": [-42.0146816210783, -20.9025892250881],\n\"CARANGOLA\/MG\": [-42.0322245231296, -20.732550508322],\n\"FARIA LEMOS\/MG\": [-42.0138461766787, -20.8017449434969],\n\"CAIANA\/MG\": [-41.9229821868914, -20.6968289779179],\n\"VARRE-SAI\/RJ\": [-41.8632953882988, -20.9292976638709],\n\"DORES DO RIO PRETO\/ES\": [-41.8495773624823, -20.692893905303],\n\"ESPERA FELIZ\/MG\": [-41.9139350169683, -20.6437078083015],\n\"CAPARA\u00d3\/MG\": [-41.9071902950208, -20.5255883673675],\n\"ALTO JEQUITIB\u00c1\/MG\": [-41.967175112677, -20.4229271109286],\n\"MANHUMIRIM\/MG\": [-41.9626798073714, -20.3639991114518],\n\"ALTO CAPARA\u00d3\/MG\": [-41.873083740031, -20.4443611209763],\n\"GUA\u00c7U\u00cd\/ES\": [-41.6794962927473, -20.7753378052849],\n\"ALEGRE\/ES\": [-41.5364883187663, -20.7632651351226],\n\"DIVINO DE S\u00c3O LOUREN\u00c7O\/ES\": [-41.6799763283207, -20.6204706518503],\n\"IBITIRAMA\/ES\": [-41.6594124008597, -20.5387309665894],\n\"IRUPI\/ES\": [-41.6475278614673, -20.3485970392932],\n\"I\u00daNA\/ES\": [-41.5328886935213, -20.3485995137779],\n\"RIO CASCA\/MG\": [-42.6522301991544, -20.2265128664941],\n\"SANTO ANT\u00d4NIO DO GRAMA\/MG\": [-42.6138987970154, -20.3125002779396],\n\"ABRE CAMPO\/MG\": [-42.4809899866789, -20.3014452838404],\n\"S\u00c3O PEDRO DOS FERROS\/MG\": [-42.523900934801, -20.1719098245167],\n\"RAUL SOARES\/MG\": [-42.4541675367435, -20.1019588519943],\n\"C\u00d3RREGO NOVO\/MG\": [-42.4001378803437, -19.8347854823175],\n\"MATIP\u00d3\/MG\": [-42.3414864060946, -20.2871482524922],\n\"CAPUTIRA\/MG\": [-42.2719878999316, -20.1708899894667],\n\"VERMELHO NOVO\/MG\": [-42.2683458173973, -20.0347660882542],\n\"BOM JESUS DO GALHO\/MG\": [-42.3157265526063, -19.8244720395432],\n\"SANTA B\u00c1RBARA DO LESTE\/MG\": [-42.1408405819159, -19.9757926674141],\n\"CARATINGA\/MG\": [-42.1437070451993, -19.7896349230665],\n\"SANTA RITA DE MINAS\/MG\": [-42.1317808369165, -19.8752101701675],\n\"PIEDADE DE CARATINGA\/MG\": [-42.0742639715865, -19.7592126249565],\n\"TIM\u00d3TEO\/MG\": [-42.6439423108068, -19.5840503585078],\n\"CORONEL FABRICIANO\/MG\": [-42.624346577298, -19.5250528393467],\n\"PINGO-D'\u00c1GUA\/MG\": [-42.4086657783621, -19.7286082528472],\n\"IPATINGA\/MG\": [-42.5203511114107, -19.481032097265],\n\"SANTANA DO PARA\u00cdSO\/MG\": [-42.5525829490449, -19.3690985235546],\n\"JOAN\u00c9SIA\/MG\": [-42.6747016823061, -19.1686956741327],\n\"MESQUITA\/MG\": [-42.6056610568179, -19.2243458124531],\n\"IPABA\/MG\": [-42.4181656693639, -19.4132508261961],\n\"BELO ORIENTE\/MG\": [-42.4872826001983, -19.224644999373],\n\"VARGEM ALEGRE\/MG\": [-42.2998154822517, -19.6007202041095],\n\"ENTRE FOLHAS\/MG\": [-42.2323599753122, -19.6277833509071],\n\"UBAPORANGA\/MG\": [-42.1092163270909, -19.6413620049211],\n\"IAPU\/MG\": [-42.2146925147824, -19.4402724492355],\n\"INHAPIM\/MG\": [-42.1219309349806, -19.5501147218179],\n\"BUGRE\/MG\": [-42.2594570122598, -19.4222126750432],\n\"NAQUE\/MG\": [-42.3347084488518, -19.2235434748675],\n\"PERIQUITO\/MG\": [-42.2347246280496, -19.1544849011065],\n\"S\u00c3O JO\u00c3O DO ORIENTE\/MG\": [-42.156459894962, -19.337666134262],\n\"DOM CAVATI\/MG\": [-42.1103240464578, -19.3791630318591],\n\"SOBR\u00c1LIA\/MG\": [-42.0986538397189, -19.2355492879039],\n\"FERNANDES TOURINHO\/MG\": [-42.0809784803541, -19.1510006449856],\n\"MANHUA\u00c7U\/MG\": [-42.0338482904372, -20.2586800832824],\n\"REDUTO\/MG\": [-41.9851988576302, -20.2426797034932],\n\"SIMON\u00c9SIA\/MG\": [-42.0038567486968, -20.1220295973937],\n\"SANTANA DO MANHUA\u00c7U\/MG\": [-41.9234974642324, -20.1085461650507],\n\"MARTINS SOARES\/MG\": [-41.8757909081753, -20.2582291959846],\n\"DURAND\u00c9\/MG\": [-41.794261647372, -20.2072388771967],\n\"S\u00c3O JOS\u00c9 DO MANTIMENTO\/MG\": [-41.749072816426, -20.0059989819425],\n\"CHAL\u00c9\/MG\": [-41.6922070079875, -20.0442533445944],\n\"LAJINHA\/MG\": [-41.645293037911, -20.1641701467971],\n\"IBATIBA\/ES\": [-41.507207999498, -20.2340203462858],\n\"CONCEI\u00c7\u00c3O DE IPANEMA\/MG\": [-41.6924492631517, -19.9307803586776],\n\"IPANEMA\/MG\": [-41.7173533200378, -19.8003359539072],\n\"TAPARUBA\/MG\": [-41.6158581306474, -19.7614695843439],\n\"MUTUM\/MG\": [-41.4391385240539, -19.8071892243168],\n\"IMB\u00c9 DE MINAS\/MG\": [-41.9624807644967, -19.5958756424763],\n\"S\u00c3O DOMINGOS DAS DORES\/MG\": [-42.0095079969034, -19.5294460672771],\n\"S\u00c3O SEBASTI\u00c3O DO ANTA\/MG\": [-41.979598898526, -19.5001070899358],\n\"TARUMIRIM\/MG\": [-42.0077345774412, -19.2814948727844],\n\"ENGENHEIRO CALDAS\/MG\": [-42.0498416857745, -19.1981028702941],\n\"ITANHOMI\/MG\": [-41.864931837144, -19.1716889295635],\n\"POCRANE\/MG\": [-41.6290012532568, -19.6201444044024],\n\"ALVARENGA\/MG\": [-41.7264422739295, -19.4144696868442],\n\"CONSELHEIRO PENA\/MG\": [-41.4719740204006, -19.1756232014514],\n\"S\u00c3O FRANCISCO DE ITABAPOANA\/RJ\": [-41.1177197285798, -21.4801381322882],\n\"MIMOSO DO SUL\/ES\": [-41.3644252658845, -21.0653735081717],\n\"PRESIDENTE KENNEDY\/ES\": [-41.0518956305895, -21.1001484084681],\n\"MARATA\u00cdZES\/ES\": [-40.8301872856744, -21.0429962752913],\n\"ITAPEMIRIM\/ES\": [-40.836145116845, -21.0110996272507],\n\"MUQUI\/ES\": [-41.3462139983691, -20.9536923095423],\n\"JER\u00d4NIMO MONTEIRO\/ES\": [-41.4029345744706, -20.7976978982677],\n\"ATILIO VIVACQUA\/ES\": [-41.1912419094544, -20.9158966202099],\n\"CACHOEIRO DE ITAPEMIRIM\/ES\": [-41.1119188104426, -20.8501123496921],\n\"MUNIZ FREIRE\/ES\": [-41.417513780413, -20.4565455935268],\n\"CASTELO\/ES\": [-41.2022127039763, -20.602065086052],\n\"CONCEI\u00c7\u00c3O DO CASTELO\/ES\": [-41.2453480411941, -20.3655811138099],\n\"VARGEM ALTA\/ES\": [-41.0071483601643, -20.6716781987879],\n\"RIO NOVO DO SUL\/ES\": [-40.9362283554512, -20.8645861496867],\n\"ICONHA\/ES\": [-40.8112210453371, -20.7971447538605],\n\"PI\u00daMA\/ES\": [-40.7279809404286, -20.8376088996899],\n\"ANCHIETA\/ES\": [-40.6476589422027, -20.8056132241888],\n\"GUARAPARI\/ES\": [-40.4950210194579, -20.6659745796442],\n\"ALFREDO CHAVES\/ES\": [-40.7600496463911, -20.630347537232],\n\"MARECHAL FLORIANO\/ES\": [-40.6803834328881, -20.4267085919717],\n\"DOMINGOS MARTINS\/ES\": [-40.6593963545811, -20.3642385223786],\n\"VIANA\/ES\": [-40.4956243354911, -20.3908625111662],\n\"BREJETUBA\/ES\": [-41.2896765285112, -20.1570341861911],\n\"VENDA NOVA DO IMIGRANTE\/ES\": [-41.1290532110882, -20.3315181774343],\n\"AFONSO CL\u00c1UDIO\/ES\": [-41.1254597171689, -20.0770400098969],\n\"LARANJA DA TERRA\/ES\": [-41.0552443545224, -19.898693450439],\n\"ITARANA\/ES\": [-40.879791082226, -19.872348006049],\n\"ITAGUA\u00c7U\/ES\": [-40.8565984866284, -19.8025077112127],\n\"SANTA RITA DO ITUETO\/MG\": [-41.379278217516, -19.3598130146739],\n\"ITUETA\/MG\": [-41.225631912755, -19.3923977847252],\n\"RESPLENDOR\/MG\": [-41.2539671081682, -19.3254839308532],\n\"AIMOR\u00c9S\/MG\": [-41.0733274627961, -19.4919501492683],\n\"BAIXO GUANDU\/ES\": [-41.0120677359012, -19.5142461286191],\n\"PANCAS\/ES\": [-40.8560031007125, -19.224419786132],\n\"SANTA LEOPOLDINA\/ES\": [-40.5332096123378, -20.0988906924926],\n\"SANTA MARIA DE JETIB\u00c1\/ES\": [-40.7416178006497, -20.0288140581884],\n\"SANTA TERESA\/ES\": [-40.5989977217142, -19.9377143168607],\n\"CARIACICA\/ES\": [-40.3905591046775, -20.2946777965172],\n\"VIT\u00d3RIA\/ES\": [-40.3222087267266, -20.3201537928533],\n\"VILA VELHA\/ES\": [-40.2939566369471, -20.3383741042139],\n\"SERRA\/ES\": [-40.2752170367085, -20.1567698424317],\n\"FUND\u00c3O\/ES\": [-40.4037654440298, -19.9334471176936],\n\"JO\u00c3O NEIVA\/ES\": [-40.3808804853376, -19.7529585988572],\n\"IBIRA\u00c7U\/ES\": [-40.3716661788635, -19.8318799980722],\n\"ARACRUZ\/ES\": [-40.2762233763624, -19.8232777404467],\n\"S\u00c3O ROQUE DO CANA\u00c3\/ES\": [-40.6431387555474, -19.7253072048101],\n\"COLATINA\/ES\": [-40.6303175540319, -19.5362700836217],\n\"S\u00c3O DOMINGOS DO NORTE\/ES\": [-40.621877732717, -19.1481685100059],\n\"MARIL\u00c2NDIA\/ES\": [-40.5509510036323, -19.4128127577518],\n\"GOVERNADOR LINDENBERG\/ES\": [-40.4577660614079, -19.2528074444097],\n\"RIO BANANAL\/ES\": [-40.3224784282699, -19.2770864859238],\n\"LINHARES\/ES\": [-40.0653057986955, -19.3981059344649],\n\"SOORETAMA\/ES\": [-40.0964908071322, -19.1919496278562],\n\"A\u00c7UCENA\/MG\": [-42.5462108797345, -19.0767128936334],\n\"GONZAGA\/MG\": [-42.4772238728792, -18.824825001353],\n\"DIVINOL\u00c2NDIA DE MINAS\/MG\": [-42.6218202062038, -18.8052604137557],\n\"CANTAGALO\/MG\": [-42.6257272921885, -18.5317179062502],\n\"PE\u00c7ANHA\/MG\": [-42.563186267502, -18.5468889887705],\n\"SANTA EFIG\u00caNIA DE MINAS\/MG\": [-42.4393126685705, -18.8198378232138],\n\"S\u00c3O GERALDO DA PIEDADE\/MG\": [-42.28913506793, -18.8440313418778],\n\"SARDO\u00c1\/MG\": [-42.3661292228935, -18.7832653468761],\n\"COROACI\/MG\": [-42.283027891501, -18.6180835058572],\n\"S\u00c3O JOS\u00c9 DO JACURI\/MG\": [-42.6666267691673, -18.2758107503416],\n\"S\u00c3O PEDRO DO SUA\u00c7U\u00cd\/MG\": [-42.6002319396511, -18.3655057595136],\n\"JOS\u00c9 RAYDAN\/MG\": [-42.5005902687835, -18.2174949411939],\n\"S\u00c3O SEBASTI\u00c3O DO MARANH\u00c3O\/MG\": [-42.5657456966687, -18.0913715113299],\n\"SANTA MARIA DO SUA\u00c7U\u00cd\/MG\": [-42.4178024504598, -18.1922522024908],\n\"\u00c1GUA BOA\/MG\": [-42.3896432300847, -17.9910530496416],\n\"VIRGOL\u00c2NDIA\/MG\": [-42.3108100373185, -18.4760617047881],\n\"NACIP RAYDAN\/MG\": [-42.2517915937101, -18.4579241926549],\n\"MARILAC\/MG\": [-42.0816889525875, -18.5049724110901],\n\"S\u00c3O JOS\u00c9 DA SAFIRA\/MG\": [-42.1464105249464, -18.3251174567601],\n\"ALPERCATA\/MG\": [-41.9891291115954, -18.986831256466],\n\"GOVERNADOR VALADARES\/MG\": [-41.9470813340288, -18.8528824033103],\n\"CAPIT\u00c3O ANDRADE\/MG\": [-41.8650973290854, -19.0790244575707],\n\"MATHIAS LOBATO\/MG\": [-41.9233604609168, -18.5795889082626],\n\"FREI INOC\u00caNCIO\/MG\": [-41.9012165865176, -18.5617897297728],\n\"TUMIRITINGA\/MG\": [-41.6379804793586, -18.9766076611695],\n\"GALIL\u00c9IA\/MG\": [-41.5361971686177, -19.0054736424555],\n\"DIVINO DAS LARANJEIRAS\/MG\": [-41.4832539383023, -18.7731284728487],\n\"S\u00c3O F\u00c9LIX DE MINAS\/MG\": [-41.490352828828, -18.5861055944553],\n\"JAMPRUCA\/MG\": [-41.8101692473884, -18.4615985742441],\n\"FRANCISC\u00d3POLIS\/MG\": [-42.0073128118949, -17.9590435726149],\n\"CAMPAN\u00c1RIO\/MG\": [-41.7301317866171, -18.2411235319382],\n\"PESCADOR\/MG\": [-41.6016228175806, -18.3536287289768],\n\"NOVA M\u00d3DICA\/MG\": [-41.5013362739996, -18.4416056135454],\n\"ITAMBACURI\/MG\": [-41.6822673820424, -18.0343299628962],\n\"FREI GASPAR\/MG\": [-41.4294207855596, -18.0711850280915],\n\"ARICANDUVA\/MG\": [-42.5592310545725, -17.8677629385128],\n\"CAPELINHA\/MG\": [-42.5160753734565, -17.6953852202015],\n\"ANGEL\u00c2NDIA\/MG\": [-42.2664504899208, -17.7277898321354],\n\"MALACACHETA\/MG\": [-42.0760767010133, -17.8416225399766],\n\"SETUBINHA\/MG\": [-42.166438310787, -17.5970190167039],\n\"MINAS NOVAS\/MG\": [-42.5967587107471, -17.2154581636337],\n\"LEME DO PRADO\/MG\": [-42.6956826242014, -17.0838668461657],\n\"CHAPADA DO NORTE\/MG\": [-42.5407487605038, -17.0866959813483],\n\"JOS\u00c9 GON\u00c7ALVES DE MINAS\/MG\": [-42.6071746086131, -16.9071819765672],\n\"BERILO\/MG\": [-42.4613537743061, -16.9503017552809],\n\"JENIPAPO DE MINAS\/MG\": [-42.2560474559329, -17.0804230780923],\n\"FRANCISCO BADAR\u00d3\/MG\": [-42.3497731636506, -16.9906912878231],\n\"VIRGEM DA LAPA\/MG\": [-42.3432810665662, -16.8021488570313],\n\"ARA\u00c7UA\u00cd\/MG\": [-42.0642065495411, -16.8517813953624],\n\"POT\u00c9\/MG\": [-41.7883855248752, -17.8013694472947],\n\"LADAINHA\/MG\": [-41.740449939658, -17.6244796696875],\n\"NOVO CRUZEIRO\/MG\": [-41.8753915421219, -17.4748888552055],\n\"TE\u00d3FILO OTONI\/MG\": [-41.5096351657897, -17.862539808014],\n\"ITAIP\u00c9\/MG\": [-41.6732295731568, -17.4042316437631],\n\"CARA\u00cd\/MG\": [-41.6983072511944, -17.1929041661081],\n\"CATUJI\/MG\": [-41.523126865366, -17.3010807061062],\n\"PADRE PARA\u00cdSO\/MG\": [-41.4849648092247, -17.076318651422],\n\"PONTO DOS VOLANTES\/MG\": [-41.5078082034317, -16.754519633283],\n\"S\u00c3O GERALDO DO BAIXIO\/MG\": [-41.3636282368696, -18.9188085164172],\n\"GOIABEIRA\/MG\": [-41.2228216102869, -18.9817133371255],\n\"CUPARAQUE\/MG\": [-41.1031257418177, -18.9666415321382],\n\"MANTEN\u00d3POLIS\/ES\": [-41.117737478806, -18.8611789662471],\n\"CENTRAL DE MINAS\/MG\": [-41.3104050536671, -18.7574605376829],\n\"MENDES PIMENTEL\/MG\": [-41.4056151686685, -18.661777740612],\n\"S\u00c3O JO\u00c3O DO MANTENINHA\/MG\": [-41.158748442561, -18.7278374865803],\n\"ITABIRINHA\/MG\": [-41.2331827152783, -18.5567992809294],\n\"ALTO RIO NOVO\/ES\": [-41.0186843433418, -19.0574996056204],\n\"MANTENA\/MG\": [-40.9785257407467, -18.7806998749734],\n\"\u00c1GUA DOCE DO NORTE\/ES\": [-40.976455911882, -18.5455464912766],\n\"BARRA DE S\u00c3O FRANCISCO\/ES\": [-40.89039862396, -18.7590890533313],\n\"S\u00c3O JOS\u00c9 DO DIVINO\/MG\": [-41.3912087843896, -18.4832633219871],\n\"NOVA BEL\u00c9M\/MG\": [-41.103687832357, -18.4940908207838],\n\"OURO VERDE DE MINAS\/MG\": [-41.268709492315, -18.0693390949826],\n\"ATAL\u00c9IA\/MG\": [-41.1105583899414, -18.0459198091504],\n\"ECOPORANGA\/ES\": [-40.8300811593362, -18.3752523795108],\n\"\u00c1GUIA BRANCA\/ES\": [-40.7366381673749, -18.9873613695253],\n\"S\u00c3O GABRIEL DA PALHA\/ES\": [-40.52959950756, -19.021964753249],\n\"VILA PAV\u00c3O\/ES\": [-40.6024114108213, -18.620803452346],\n\"VILA VAL\u00c9RIO\/ES\": [-40.3905897774138, -18.9936174389143],\n\"NOVA VEN\u00c9CIA\/ES\": [-40.401547877017, -18.7129060016259],\n\"BOA ESPERAN\u00c7A\/ES\": [-40.3029556431013, -18.5387151622041],\n\"PONTO BELO\/ES\": [-40.538133777058, -18.1291260855312],\n\"MUCURICI\/ES\": [-40.5179268365101, -18.097236379572],\n\"PINHEIROS\/ES\": [-40.2177280801912, -18.413323343618],\n\"MONTANHA\/ES\": [-40.3634208795715, -18.1268566471782],\n\"NOVO ORIENTE DE MINAS\/MG\": [-41.2220966101202, -17.4091656808734],\n\"PAV\u00c3O\/MG\": [-41.0001132091318, -17.4326895767166],\n\"MONTE FORMOSO\/MG\": [-41.2545787417996, -16.8664938299771],\n\"CRIS\u00d3LITA\/MG\": [-40.914895278108, -17.2375343951009],\n\"\u00c1GUAS FORMOSAS\/MG\": [-40.9352279398691, -17.0823043195567],\n\"FRONTEIRA DOS VALES\/MG\": [-40.9250786594486, -16.8920152174495],\n\"CARLOS CHAGAS\/MG\": [-40.7673997960806, -17.7033310440365],\n\"NANUQUE\/MG\": [-40.3517388336104, -17.8389933519387],\n\"LAJED\u00c3O\/BA\": [-40.3458465320806, -17.6121309379681],\n\"SERRA DOS AIMOR\u00c9S\/MG\": [-40.2431685749409, -17.7857470182657],\n\"MEDEIROS NETO\/BA\": [-40.220174208006, -17.370409482092],\n\"MACHACALIS\/MG\": [-40.7204221322494, -17.0773703528882],\n\"UMBURATIBA\/MG\": [-40.5726450205228, -17.2536072102915],\n\"BERT\u00d3POLIS\/MG\": [-40.5722458500666, -17.0609628122125],\n\"SANTA HELENA DE MINAS\/MG\": [-40.6862886421122, -16.9363075336244],\n\"ITANH\u00c9M\/BA\": [-40.3270486489757, -17.1663329036881],\n\"PALM\u00d3POLIS\/MG\": [-40.4203975983825, -16.7344674967349],\n\"JUCURU\u00c7U\/BA\": [-40.158812629938, -16.8445161458114],\n\"JOSEN\u00d3POLIS\/MG\": [-42.513137018713, -16.5445254003468],\n\"PADRE CARVALHO\/MG\": [-42.5207448266403, -16.3651032683092],\n\"FRUTA DE LEITE\/MG\": [-42.5322219360174, -16.1164184229985],\n\"RUBELITA\/MG\": [-42.2647623323815, -16.4029664156926],\n\"CORONEL MURTA\/MG\": [-42.1848038231002, -16.6102682357247],\n\"SALINAS\/MG\": [-42.2935064722757, -16.1698557321158],\n\"NOVORIZONTE\/MG\": [-42.4167808370082, -16.0195385667832],\n\"RIO PARDO DE MINAS\/MG\": [-42.5412319786549, -15.6130780188597],\n\"TAIOBEIRAS\/MG\": [-42.2279155455793, -15.8115214376568],\n\"INDAIABIRA\/MG\": [-42.2035848204661, -15.4923847142697],\n\"ITINGA\/MG\": [-41.7781780721963, -16.60142939198],\n\"COMERCINHO\/MG\": [-41.7911317349164, -16.2965954747835],\n\"SANTA CRUZ DE SALINAS\/MG\": [-41.7503545267497, -16.0943556352834],\n\"ITAOBIM\/MG\": [-41.4989769803723, -16.5595259169948],\n\"MEDINA\/MG\": [-41.47630906692, -16.2247956209704],\n\"CURRAL DE DENTRO\/MG\": [-41.8559797796325, -15.9393267809759],\n\"BERIZAL\/MG\": [-41.7467850898706, -15.6107836516615],\n\"CACHOEIRA DE PAJE\u00da\/MG\": [-41.4964103683588, -15.9651758417422],\n\"\u00c1GUAS VERMELHAS\/MG\": [-41.45878830412, -15.7453199451695],\n\"SANTO ANT\u00d4NIO DO RETIRO\/MG\": [-42.6243765156755, -15.3426335372695],\n\"MONTEZUMA\/MG\": [-42.50747369917, -15.1711441584771],\n\"MORTUGABA\/BA\": [-42.3804489223231, -15.0164072903658],\n\"VARGEM GRANDE DO RIO PARDO\/MG\": [-42.3092908662842, -15.4024006159174],\n\"URANDI\/BA\": [-42.6589988097565, -14.7632421837899],\n\"JACARACI\/BA\": [-42.4306087705946, -14.8491905702097],\n\"LIC\u00cdNIO DE ALMEIDA\/BA\": [-42.5026836358801, -14.6758660767898],\n\"PINDA\u00cd\/BA\": [-42.6870333191128, -14.4899875404939],\n\"CACUL\u00c9\/BA\": [-42.2214140996087, -14.5042061971359],\n\"IBIASSUC\u00ca\/BA\": [-42.2557743546652, -14.2767025345281],\n\"RIO DO ANT\u00d4NIO\/BA\": [-42.0750553350102, -14.4085096465099],\n\"S\u00c3O JO\u00c3O DO PARA\u00cdSO\/MG\": [-42.0114224428155, -15.3184380950909],\n\"NINHEIRA\/MG\": [-41.7487889593795, -15.3238019191961],\n\"CORDEIROS\/BA\": [-41.9357339067348, -15.0372341089128],\n\"CONDE\u00daBA\/BA\": [-41.9708095383447, -14.8904103648485],\n\"PIRIP\u00c1\/BA\": [-41.7248658272753, -14.9468709101065],\n\"GUAJERU\/BA\": [-41.9371481668575, -14.5469622716723],\n\"MALHADA DE PEDRAS\/BA\": [-41.8786983400613, -14.3779454038321],\n\"PRESIDENTE J\u00c2NIO QUADROS\/BA\": [-41.6824426344039, -14.685395366954],\n\"MAETINGA\/BA\": [-41.4836566953217, -14.6612663590578],\n\"ARACATU\/BA\": [-41.4616853206574, -14.4266302419957],\n\"JOA\u00cdMA\/MG\": [-41.0230530136668, -16.6547296379851],\n\"JEQUITINHONHA\/MG\": [-41.0071154423797, -16.4417689423789],\n\"PEDRA AZUL\/MG\": [-41.2817519782488, -16.0059227890656],\n\"DIVISA ALEGRE\/MG\": [-41.3400243277944, -15.7239399549396],\n\"C\u00c2NDIDO SALES\/BA\": [-41.2411175945831, -15.5060663507903],\n\"DIVIS\u00d3POLIS\/MG\": [-41.0025823969773, -15.7246353600352],\n\"ENCRUZILHADA\/BA\": [-40.9091207501114, -15.5345801802607],\n\"FELISBURGO\/MG\": [-40.7585704995432, -16.6383331500748],\n\"RIO DO PRADO\/MG\": [-40.5718939337966, -16.6094078454736],\n\"ALMENARA\/MG\": [-40.6976511832513, -16.1806161743577],\n\"RUBIM\/MG\": [-40.5369414738532, -16.3729735166896],\n\"SANTO ANT\u00d4NIO DO JACINTO\/MG\": [-40.1753373252436, -16.537683409686],\n\"SANTA MARIA DO SALTO\/MG\": [-40.1469330149968, -16.2475726793913],\n\"JACINTO\/MG\": [-40.2914288341066, -16.1411618529223],\n\"BANDEIRA\/MG\": [-40.5588864205795, -15.8849769791563],\n\"MATA VERDE\/MG\": [-40.7385334084693, -15.6876678048477],\n\"JORD\u00c2NIA\/MG\": [-40.1800141591305, -15.9010651064361],\n\"MACARANI\/BA\": [-40.4220441103433, -15.5673161525245],\n\"MAIQUINIQUE\/BA\": [-40.2605151185559, -15.6197717025776],\n\"BELO CAMPO\/BA\": [-41.2600334790203, -15.0334961972012],\n\"TREMEDAL\/BA\": [-41.4095763195932, -14.9724717722726],\n\"CARA\u00cdBAS\/BA\": [-41.2654313236692, -14.72206949374],\n\"ANAG\u00c9\/BA\": [-41.1271131685047, -14.6113255924937],\n\"VIT\u00d3RIA DA CONQUISTA\/BA\": [-40.8398095371781, -14.8480048115856],\n\"CAETANOS\/BA\": [-40.9092896392257, -14.3385629673677],\n\"RIBEIR\u00c3O DO LARGO\/BA\": [-40.7438597619248, -15.4640596335135],\n\"ITAMB\u00c9\/BA\": [-40.6240417223752, -15.2480191939772],\n\"ITAPETINGA\/BA\": [-40.2473809072369, -15.246167188692],\n\"CAATIBA\/BA\": [-40.4102724753438, -14.9785506351839],\n\"BARRA DO CHO\u00c7A\/BA\": [-40.5763729895987, -14.864273042783],\n\"PLANALTO\/BA\": [-40.4846403764104, -14.6701699702495],\n\"BOM JESUS DA SERRA\/BA\": [-40.501176329753, -14.3729222943841],\n\"NOVA CANA\u00c3\/BA\": [-40.145174652014, -14.7935980876719],\n\"PO\u00c7\u00d5ES\/BA\": [-40.3651272938438, -14.5223245425648],\n\"BOA NOVA\/BA\": [-40.2005218938254, -14.3626079430408],\n\"JAGUAR\u00c9\/ES\": [-40.0861409923639, -18.9004359095214],\n\"S\u00c3O MATEUS\/ES\": [-39.8582005956105, -18.7184469678596],\n\"CONCEI\u00c7\u00c3O DA BARRA\/ES\": [-39.7274744194389, -18.5984623008997],\n\"PEDRO CAN\u00c1RIO\/ES\": [-39.9549369518726, -18.2971915038956],\n\"MUCURI\/BA\": [-39.5475458898298, -18.0885397388763],\n\"IBIRAPU\u00c3\/BA\": [-40.1063094115419, -17.6841971442165],\n\"TEIXEIRA DE FREITAS\/BA\": [-39.7445176868085, -17.5377498816811],\n\"VEREDA\/BA\": [-40.0844849278142, -17.2239340593797],\n\"ITAMARAJU\/BA\": [-39.5330398845548, -17.0423375996661],\n\"NOVA VI\u00c7OSA\/BA\": [-39.3720115380737, -17.8933917821788],\n\"CARAVELAS\/BA\": [-39.2533822213722, -17.7333705274895],\n\"ALCOBA\u00c7A\/BA\": [-39.1942143206578, -17.5189333438062],\n\"PRADO\/BA\": [-39.229238421169, -17.3295639893846],\n\"GUARATINGA\/BA\": [-39.7812844707838, -16.5812160355631],\n\"ITABELA\/BA\": [-39.5532377750796, -16.5758360567514],\n\"EUN\u00c1POLIS\/BA\": [-39.5841719409864, -16.3751672322564],\n\"ITAGIMIRIM\/BA\": [-39.61519181091, -16.08814327593],\n\"SALTO DA DIVISA\/MG\": [-39.9507560235873, -15.9975707021522],\n\"ITARANTIM\/BA\": [-40.0615452743889, -15.6578300416217],\n\"POTIRAGU\u00c1\/BA\": [-39.8756600705601, -15.5924563116907],\n\"ITAPEBI\/BA\": [-39.5285413926178, -15.9721666550673],\n\"PORTO SEGURO\/BA\": [-39.0621135238902, -16.4490561793643],\n\"SANTA CRUZ CABR\u00c1LIA\/BA\": [-39.0131825840709, -16.3380965838173],\n\"MASCOTE\/BA\": [-39.3024004527217, -15.5659880327486],\n\"BELMONTE\/BA\": [-38.8803032385601, -15.8613964917869],\n\"CANAVIEIRAS\/BA\": [-38.9473758746396, -15.6797774765314],\n\"ITOROR\u00d3\/BA\": [-40.0717033442151, -15.1190373140262],\n\"FIRMINO ALVES\/BA\": [-39.9214417636272, -14.9849353752521],\n\"PAU BRASIL\/BA\": [-39.6487820361139, -15.4636188168583],\n\"CAMACAN\/BA\": [-39.4963673314917, -15.417626851831],\n\"JUSSARI\/BA\": [-39.4949398662896, -15.1904562989287],\n\"ITAJU DO COL\u00d4NIA\/BA\": [-39.7247246149297, -15.1401935524042],\n\"SANTA CRUZ DA VIT\u00d3RIA\/BA\": [-39.8118359700429, -14.9600783107079],\n\"IGUA\u00cd\/BA\": [-40.0975134505707, -14.7579625255698],\n\"IBICU\u00cd\/BA\": [-39.9898321056847, -14.8430903650876],\n\"D\u00c1RIO MEIRA\/BA\": [-39.9024656528413, -14.4350474388235],\n\"ITAGIB\u00c1\/BA\": [-39.8485155565573, -14.286514167771],\n\"FLORESTA AZUL\/BA\": [-39.6565235874089, -14.8627983966227],\n\"IBICARA\u00cd\/BA\": [-39.5915412034881, -14.8657631413793],\n\"ALMADINA\/BA\": [-39.6359031752447, -14.7060477475217],\n\"COARACI\/BA\": [-39.5523042559244, -14.6368142028023],\n\"ITAPITANGA\/BA\": [-39.5663618837119, -14.4211947386928],\n\"SANTA LUZIA\/BA\": [-39.3324934250425, -15.4327879846348],\n\"ARATACA\/BA\": [-39.4132815657126, -15.260872997351],\n\"S\u00c3O JOS\u00c9 DA VIT\u00d3RIA\/BA\": [-39.338920502937, -15.078178211378],\n\"ITAP\u00c9\/BA\": [-39.429962728368, -14.894807960836],\n\"BUERAREMA\/BA\": [-39.3025196057871, -14.9564408366046],\n\"UNA\/BA\": [-39.0747128879619, -15.294208064906],\n\"BARRO PRETO\/BA\": [-39.4733346713801, -14.8097543871027],\n\"ITAJU\u00cdPE\/BA\": [-39.3817881541009, -14.6780189897835],\n\"ITABUNA\/BA\": [-39.2731089520081, -14.789039548603],\n\"URU\u00c7UCA\/BA\": [-39.2838018788493, -14.5920354535153],\n\"GONGOGI\/BA\": [-39.4672396549531, -14.3237132993301],\n\"AURELINO LEAL\/BA\": [-39.3219966377059, -14.3169494479569],\n\"UBAITABA\/BA\": [-39.3225474057589, -14.3104363678067],\n\"ILH\u00c9US\/BA\": [-39.0431842869426, -14.7933202697252],\n\"ITACAR\u00c9\/BA\": [-38.9948415531018, -14.278249285587],\n\"\u00c1GUA BOA\/MT\": [-52.1589152986038, -14.0490868003435],\n\"NOVA NAZAR\u00c9\/MT\": [-51.7974342175117, -13.9878672734426],\n\"CANARANA\/MT\": [-52.2734568634775, -13.559229509583],\n\"QUER\u00caNCIA\/MT\": [-52.2098919155942, -12.5922996263044],\n\"RIBEIR\u00c3O CASCALHEIRA\/MT\": [-51.8333633451013, -12.9320485634907],\n\"BOM JESUS DO ARAGUAIA\/MT\": [-51.5036392318627, -12.1735983436532],\n\"SERRA NOVA DOURADA\/MT\": [-51.3995934077539, -12.089271838886],\n\"NOVO SANTO ANT\u00d4NIO\/MT\": [-50.9691726452052, -12.2946934832423],\n\"S\u00c3O JOS\u00c9 DO XINGU\/MT\": [-52.7397936398726, -10.8002641630326],\n\"CANABRAVA DO NORTE\/MT\": [-51.8377580067528, -11.0461869218311],\n\"SANTA CRUZ DO XINGU\/MT\": [-52.3986159655702, -10.1524495036333],\n\"ALTO BOA VISTA\/MT\": [-51.3793220737552, -11.6767451578561],\n\"PORTO ALEGRE DO NORTE\/MT\": [-51.6308798239408, -10.8775484769153],\n\"CONFRESA\/MT\": [-51.5710336178615, -10.6407305770377],\n\"S\u00c3O F\u00c9LIX DO ARAGUAIA\/MT\": [-50.6619863699344, -11.6160823259387],\n\"LUCIARA\/MT\": [-50.6632015831694, -11.2280970998312],\n\"VILA RICA\/MT\": [-51.1168225790044, -10.0133521818689],\n\"SANTA TEREZINHA\/MT\": [-50.5062664379029, -10.4661116195783],\n\"NOVA CRIX\u00c1S\/GO\": [-50.3420003319155, -14.0956114307068],\n\"MUNDO NOVO\/GO\": [-50.2856877224896, -13.765576924048],\n\"S\u00c3O MIGUEL DO ARAGUAIA\/GO\": [-50.1638382701425, -13.2760243429645],\n\"BON\u00d3POLIS\/GO\": [-49.8371838013902, -13.6497465485671],\n\"ALTO HORIZONTE\/GO\": [-49.3327491561607, -14.1992268099335],\n\"MARA ROSA\/GO\": [-49.1798231432443, -14.00856889567],\n\"AMARALINA\/GO\": [-49.2953772219036, -13.9254818594186],\n\"MUTUN\u00d3POLIS\/GO\": [-49.2744452473581, -13.7236105818189],\n\"NOVO PLANALTO\/GO\": [-49.512050299192, -13.2409519765795],\n\"PORANGATU\/GO\": [-49.1462260518879, -13.4421859466224],\n\"ARAGUA\u00c7U\/TO\": [-49.8286124432782, -12.9255837118616],\n\"SANDOL\u00c2NDIA\/TO\": [-49.9333881543012, -12.5416001674833],\n\"ALVORADA\/TO\": [-49.12681140673, -12.4788153208227],\n\"FIGUEIR\u00d3POLIS\/TO\": [-49.1738467307434, -12.1367799832225],\n\"CARIRI DO TOCANTINS\/TO\": [-49.1710407289889, -11.8889974638744],\n\"ESTRELA DO NORTE\/GO\": [-49.0734010835998, -13.8670273952048],\n\"SANTA TEREZA DE GOI\u00c1S\/GO\": [-49.0149969464435, -13.7125508671121],\n\"FORMOSO\/GO\": [-48.8880896723124, -13.6557801485826],\n\"CAMPINA\u00c7U\/GO\": [-48.5698343277658, -13.7863485878978],\n\"TROMBAS\/GO\": [-48.7447086103352, -13.5084677212691],\n\"MONTIVIDIU DO NORTE\/GO\": [-48.688822123885, -13.353094256586],\n\"COLINAS DO SUL\/GO\": [-48.0768431325587, -14.1501851952808],\n\"MINA\u00c7U\/GO\": [-48.2239076238009, -13.5350936496024],\n\"TALISM\u00c3\/TO\": [-49.0911184339334, -12.7875384068603],\n\"JA\u00da DO TOCANTINS\/TO\": [-48.5946082927248, -12.6529263692706],\n\"SUCUPIRA\/TO\": [-48.9111262826871, -11.98622151086],\n\"PEIXE\/TO\": [-48.537810626336, -12.029773830853],\n\"PALMEIR\u00d3POLIS\/TO\": [-48.4134139552316, -13.0398884336692],\n\"S\u00c3O SALVADOR DO TOCANTINS\/TO\": [-48.2320849916811, -12.7474334144954],\n\"PARAN\u00c3\/TO\": [-47.8840837284426, -12.6204814887183],\n\"S\u00c3O VAL\u00c9RIO\/TO\": [-48.2329484333802, -11.9730674594797],\n\"FORMOSO DO ARAGUAIA\/TO\": [-49.5268603629125, -11.8051419686495],\n\"DUER\u00c9\/TO\": [-49.2658759161628, -11.3412854167798],\n\"LAGOA DA CONFUS\u00c3O\/TO\": [-49.620085339146, -10.7886955575897],\n\"CRISTAL\u00c2NDIA\/TO\": [-49.1863002912612, -10.5907246371177],\n\"PIUM\/TO\": [-49.1666580115747, -10.4409311179305],\n\"CHAPADA DE AREIA\/TO\": [-49.1831078580314, -10.1419885833334],\n\"MARIAN\u00d3POLIS DO TOCANTINS\/TO\": [-49.6510339944378, -9.79888035935058],\n\"DIVIN\u00d3POLIS DO TOCANTINS\/TO\": [-49.2054131873503, -9.79530114022946],\n\"ABREUL\u00c2NDIA\/TO\": [-49.1624375554797, -9.62179071199836],\n\"GURUPI\/TO\": [-49.0714774689303, -11.72977232286],\n\"ALIAN\u00c7A DO TOCANTINS\/TO\": [-48.9412400221409, -11.3037430465089],\n\"CRIX\u00c1S DO TOCANTINS\/TO\": [-48.9155138256477, -11.1042742936043],\n\"SANTA RITA DO TOCANTINS\/TO\": [-48.909294007359, -10.8664553694029],\n\"F\u00c1TIMA\/TO\": [-48.8989826586808, -10.7525087280848],\n\"OLIVEIRA DE F\u00c1TIMA\/TO\": [-48.9074015689032, -10.7083627090618],\n\"BREJINHO DE NAZAR\u00c9\/TO\": [-48.5586602281507, -11.0108050561865],\n\"IPUEIRAS\/TO\": [-48.4519262288947, -11.2462886215917],\n\"SANTA ROSA DO TOCANTINS\/TO\": [-48.1199542217524, -11.4514039985494],\n\"SILVAN\u00d3POLIS\/TO\": [-48.1798241355321, -11.1498613085628],\n\"PORTO NACIONAL\/TO\": [-48.4121534584309, -10.708569917],\n\"MONTE DO CARMO\/TO\": [-48.1104200299112, -10.7635421946238],\n\"NOVA ROSAL\u00c2NDIA\/TO\": [-48.9061807245023, -10.5668711393323],\n\"PUGMIL\/TO\": [-48.8942204487831, -10.4243071562468],\n\"MONTE SANTO DO TOCANTINS\/TO\": [-48.9908906033935, -10.005591431794],\n\"PARA\u00cdSO DO TOCANTINS\/TO\": [-48.8866300840169, -10.1712207549999],\n\"BARROL\u00c2NDIA\/TO\": [-48.7314605907218, -9.83165336453343],\n\"MIRANORTE\/TO\": [-48.5926319369139, -9.51740473109312],\n\"PALMAS\/TO\": [-48.3510437082462, -10.1632533267928],\n\"LAJEADO\/TO\": [-48.3585039506901, -9.74468243573559],\n\"MIRACEMA DO TOCANTINS\/TO\": [-48.3879913115193, -9.56834607764652],\n\"TOCANT\u00cdNIA\/TO\": [-48.3758796714267, -9.55814773400572],\n\"APARECIDA DO RIO NEGRO\/TO\": [-47.9766700113511, -9.9558777145605],\n\"CUMARU DO NORTE\/PA\": [-50.7715783775131, -7.81110653689927],\n\"BANNACH\/PA\": [-50.4060471215195, -7.3510721924244],\n\"S\u00c3O F\u00c9LIX DO XINGU\/PA\": [-51.9937825239643, -6.64248327834078],\n\"TUCUM\u00c3\/PA\": [-51.1395392466358, -6.74997200738229],\n\"OURIL\u00c2NDIA DO NORTE\/PA\": [-51.0908327746816, -6.74061708637736],\n\"\u00c1GUA AZUL DO NORTE\/PA\": [-50.4852745072531, -6.80494886740538],\n\"SANTANA DO ARAGUAIA\/PA\": [-50.344804321129, -9.329424525],\n\"CASEARA\/TO\": [-49.9486922677787, -9.26740621890348],\n\"SANTA MARIA DAS BARREIRAS\/PA\": [-49.7193518572257, -8.87055053969294],\n\"ARAGUACEMA\/TO\": [-49.5618126396073, -8.80180254411115],\n\"COUTO MAGALH\u00c3ES\/TO\": [-49.176571570853, -8.35511836963524],\n\"CONCEI\u00c7\u00c3O DO ARAGUAIA\/PA\": [-49.2645008124957, -8.26486353],\n\"REDEN\u00c7\u00c3O\/PA\": [-50.0296418255093, -8.0276045],\n\"PAU D'ARCO\/PA\": [-50.0482755318998, -7.83679440397357],\n\"RIO MARIA\/PA\": [-50.0464108775224, -7.31111524468815],\n\"XINGUARA\/PA\": [-49.9427005843752, -7.10151282714604],\n\"FLORESTA DO ARAGUAIA\/PA\": [-49.6975784122373, -7.55870087237008],\n\"PAU D'ARCO\/TO\": [-49.3633064810091, -7.53999835569997],\n\"DOIS IRM\u00c3OS DO TOCANTINS\/TO\": [-49.0673386442723, -9.26129670979711],\n\"RIO DOS BOIS\/TO\": [-48.5330479716014, -9.3437422386879],\n\"FORTALEZA DO TABOC\u00c3O\/TO\": [-48.5174264210488, -9.05896530114982],\n\"GUARA\u00cd\/TO\": [-48.5086406064702, -8.83616565750443],\n\"GOIANORTE\/TO\": [-48.9368901923611, -8.77052080482939],\n\"PEQUIZEIRO\/TO\": [-48.9351798669158, -8.59334065444845],\n\"COLM\u00c9IA\/TO\": [-48.7570665856948, -8.72937180681859],\n\"ITAPOR\u00c3 DO TOCANTINS\/TO\": [-48.6932637032248, -8.56882861156054],\n\"PRESIDENTE KENNEDY\/TO\": [-48.504330670109, -8.52996082761918],\n\"BRASIL\u00c2NDIA DO TOCANTINS\/TO\": [-48.485374419124, -8.38488935107799],\n\"TUPIRAMA\/TO\": [-48.2066848030641, -8.98056954941714],\n\"PEDRO AFONSO\/TO\": [-48.1775561127387, -8.96444959242294],\n\"BOM JESUS DO TOCANTINS\/TO\": [-48.1663804935405, -8.96334801285521],\n\"RIO SONO\/TO\": [-47.8999416391395, -9.34778933411611],\n\"TUPIRATINS\/TO\": [-48.1229957408688, -8.39552999695801],\n\"ITAPIRATINS\/TO\": [-48.1111996094691, -8.38432959344297],\n\"JUARINA\/TO\": [-49.0986431854272, -8.11742396760678],\n\"BERNARDO SAY\u00c3O\/TO\": [-48.8990543467276, -7.86851248331281],\n\"ARAPOEMA\/TO\": [-49.0756373852721, -7.65256973541903],\n\"COLINAS DO TOCANTINS\/TO\": [-48.4815945437489, -8.05462467549995],\n\"BANDEIRANTES DO TOCANTINS\/TO\": [-48.5783806048644, -7.76485914125333],\n\"SANTA F\u00c9 DO ARAGUAIA\/TO\": [-48.6939418034376, -7.1499363850312],\n\"MURICIL\u00c2NDIA\/TO\": [-48.6067452770067, -7.13851928516033],\n\"ARAGOMINAS\/TO\": [-48.5234301922917, -7.1643492714437],\n\"NOVA OLINDA\/TO\": [-48.4248067900164, -7.6333149106925],\n\"PALMEIRANTE\/TO\": [-47.9342497089842, -7.85756137614505],\n\"CARMOL\u00c2NDIA\/TO\": [-48.3959599306274, -7.03147877786106],\n\"ARAGUA\u00cdNA\/TO\": [-48.2087052518558, -7.19132893965496],\n\"CANA\u00c3 DOS CARAJ\u00c1S\/PA\": [-49.8489584319153, -6.5321966156294],\n\"PARAUAPEBAS\/PA\": [-49.900780634297, -6.07272988763184],\n\"SAPUCAIA\/PA\": [-49.7035807118843, -6.94285711257384],\n\"CURION\u00d3POLIS\/PA\": [-49.6022142249504, -6.09681995220666],\n\"ELDORADO DOS CARAJ\u00c1S\/PA\": [-49.3739519421522, -6.10352516107139],\n\"ITUPIRANGA\/PA\": [-49.3244258612861, -5.12883702636091],\n\"MARAB\u00c1\/PA\": [-49.1420253334067, -5.35260576313025],\n\"PI\u00c7ARRA\/PA\": [-48.8684006672187, -6.45367623455792],\n\"ARAGUAN\u00c3\/TO\": [-48.6437495469431, -6.58224942002919],\n\"S\u00c3O GERALDO DO ARAGUAIA\/PA\": [-48.5557124861926, -6.39895797],\n\"XAMBIO\u00c1\/TO\": [-48.531601072817, -6.41188502017984],\n\"PIRAQU\u00ca\/TO\": [-48.2937073910932, -6.76977703340735],\n\"WANDERL\u00c2NDIA\/TO\": [-47.9562677260283, -6.8501255166885],\n\"RIACHINHO\/TO\": [-48.141045502038, -6.44221138769741],\n\"ANAN\u00c1S\/TO\": [-48.0797646061948, -6.36281815410008],\n\"ANGICO\/TO\": [-47.8620778391735, -6.3877527497248],\n\"PALESTINA DO PAR\u00c1\/PA\": [-48.3217937261637, -5.74993410622605],\n\"LUZIN\u00d3POLIS\/TO\": [-47.856828041414, -6.19398966023577],\n\"CACHOEIRINHA\/TO\": [-47.914197778559, -6.11324164650466],\n\"S\u00c3O BENTO DO TOCANTINS\/TO\": [-47.9193922870534, -6.04499925719239],\n\"S\u00c3O DOMINGOS DO ARAGUAIA\/PA\": [-48.7203734107844, -5.549841],\n\"S\u00c3O JO\u00c3O DO ARAGUAIA\/PA\": [-48.7886334020461, -5.35900272441641],\n\"ESPERANTINA\/TO\": [-48.5441476004124, -5.36660805940451],\n\"NOVA IPIXUNA\/PA\": [-49.0798869380164, -4.92308630702649],\n\"BOM JESUS DO TOCANTINS\/PA\": [-48.5990399590615, -5.04736270432029],\n\"BREJO GRANDE DO ARAGUAIA\/PA\": [-48.4057604223874, -5.70729615383609],\n\"BURITI DO TOCANTINS\/TO\": [-48.223250128075, -5.31353885638917],\n\"S\u00c3O SEBASTI\u00c3O DO TOCANTINS\/TO\": [-48.2038341490288, -5.25896145373507],\n\"ARAGUATINS\/TO\": [-48.1235073430294, -5.65058647299995],\n\"AUGUSTIN\u00d3POLIS\/TO\": [-47.8809567910047, -5.46541429589652],\n\"CARRASCO BONITO\/TO\": [-48.0306334265692, -5.32266135485805],\n\"VILA NOVA DOS MART\u00cdRIOS\/MA\": [-48.138926482601, -5.18351151920427],\n\"SAMPAIO\/TO\": [-47.8757924571994, -5.3492956164967],\n\"S\u00c3O PEDRO DA \u00c1GUA BRANCA\/MA\": [-48.4236235936456, -5.08891099740741],\n\"ABEL FIGUEIREDO\/PA\": [-48.3967621257945, -4.9513908955313],\n\"RONDON DO PAR\u00c1\/PA\": [-48.0699737493982, -4.77782172703555],\n\"ALTO PARA\u00cdSO DE GOI\u00c1S\/GO\": [-47.5190934382788, -14.1362446377625],\n\"CAVALCANTE\/GO\": [-47.463436194172, -13.7992785141945],\n\"TERESINA DE GOI\u00c1S\/GO\": [-47.2635203210208, -13.776863099648],\n\"NOVA ROMA\/GO\": [-46.8903259703719, -13.7429057520921],\n\"IACIARA\/GO\": [-46.631967793967, -14.1008175253214],\n\"MONTE ALEGRE DE GOI\u00c1S\/GO\": [-46.8857991383548, -13.2573260767063],\n\"CONCEI\u00c7\u00c3O DO TOCANTINS\/TO\": [-47.292868810807, -12.2172777669654],\n\"ARRAIAS\/TO\": [-46.9461070585534, -12.9344198592593],\n\"CAMPOS BELOS\/GO\": [-46.7707832966078, -13.0367239866584],\n\"NOVO ALEGRE\/TO\": [-46.5772973536675, -12.9099386744081],\n\"COMBINADO\/TO\": [-46.5520723402661, -12.8186076720311],\n\"TAIPAS DO TOCANTINS\/TO\": [-46.9845717959323, -12.1928372090542],\n\"POSSE\/GO\": [-46.3620104423077, -14.0877335642249],\n\"GUARANI DE GOI\u00c1S\/GO\": [-46.4803757074661, -13.9389114968643],\n\"S\u00c3O DOMINGOS\/GO\": [-46.3151052424492, -13.402013257213],\n\"DIVIN\u00d3POLIS DE GOI\u00c1S\/GO\": [-46.3938887513768, -13.2968133668957],\n\"LAVANDEIRA\/TO\": [-46.5066757157435, -12.7916587876518],\n\"AURORA DO TOCANTINS\/TO\": [-46.4070829808607, -12.7084898610615],\n\"TAGUATINGA\/TO\": [-46.4387317008831, -12.3961417386813],\n\"PONTE ALTA DO BOM JESUS\/TO\": [-46.4695867923952, -12.0878129084344],\n\"LU\u00cdS EDUARDO MAGALH\u00c3ES\/BA\": [-45.8004644064563, -12.0783722561969],\n\"NATIVIDADE\/TO\": [-47.7272575338232, -11.7053573825042],\n\"CHAPADA DA NATIVIDADE\/TO\": [-47.7539048918565, -11.6242678313621],\n\"PINDORAMA DO TOCANTINS\/TO\": [-47.5756877172877, -11.1382025846808],\n\"PONTE ALTA DO TOCANTINS\/TO\": [-47.5411803583019, -10.7406728486815],\n\"ALMAS\/TO\": [-47.1741716842358, -11.5745234694478],\n\"PORTO ALEGRE DO TOCANTINS\/TO\": [-47.0474256004295, -11.6072590990885],\n\"RIO DA CONCEI\u00c7\u00c3O\/TO\": [-46.8803997045722, -11.404940023899],\n\"DIAN\u00d3POLIS\/TO\": [-46.8204090669435, -11.625231878065],\n\"NOVO JARDIM\/TO\": [-46.6307872958899, -11.815875050149],\n\"SANTA TEREZA DO TOCANTINS\/TO\": [-47.8062883215081, -10.2823615278187],\n\"LAGOA DO TOCANTINS\/TO\": [-47.5614466302738, -10.2968866969998],\n\"NOVO ACORDO\/TO\": [-47.6681483922167, -9.96848646570169],\n\"S\u00c3O F\u00c9LIX DO TOCANTINS\/TO\": [-46.6549808310123, -10.1732858539628],\n\"LIZARDA\/TO\": [-46.6751654558461, -9.59457028780967],\n\"MATEIROS\/TO\": [-46.412465743092, -10.5444288460778],\n\"S\u00c3O GON\u00c7ALO DO GURGU\u00c9IA\/PI\": [-45.301405510563, -10.0299401062335],\n\"BARREIRAS DO PIAU\u00cd\/PI\": [-45.4777877054503, -9.92124682674306],\n\"GILBU\u00c9S\/PI\": [-45.3469199782092, -9.83456990551612],\n\"MONTE ALEGRE DO PIAU\u00cd\/PI\": [-45.2957402208575, -9.75583366808834],\n\"CORRENTINA\/BA\": [-44.641086701211, -13.3417718212105],\n\"COCOS\/BA\": [-44.5456688581222, -14.1710775452171],\n\"CORIBE\/BA\": [-44.4530364349169, -13.8278416058215],\n\"FEIRA DA MATA\/BA\": [-44.283463938437, -14.2105645058372],\n\"JABORANDI\/BA\": [-44.4659699896562, -13.6259340019621],\n\"S\u00c3O F\u00c9LIX DO CORIBE\/BA\": [-44.1968725574679, -13.4042182497929],\n\"SANTA MARIA DA VIT\u00d3RIA\/BA\": [-44.1983088657849, -13.3935452501399],\n\"CAN\u00c1POLIS\/BA\": [-44.2050289853753, -13.0759114976724],\n\"S\u00c3O DESID\u00c9RIO\/BA\": [-44.9740962396215, -12.3608954905377],\n\"BARREIRAS\/BA\": [-45.0041684370285, -12.1449248883906],\n\"CATOL\u00c2NDIA\/BA\": [-44.8597702833594, -12.3160059384947],\n\"ANGICAL\/BA\": [-44.6958234827073, -12.0066827725325],\n\"SANTANA\/BA\": [-44.0532579029164, -12.98075117473],\n\"TABOCAS DO BREJO VELHO\/BA\": [-44.0111890670864, -12.7073009223161],\n\"BAIAN\u00d3POLIS\/BA\": [-44.5360980467187, -12.3041247007939],\n\"CRIST\u00d3POLIS\/BA\": [-44.4118418963, -12.2314508089662],\n\"COTEGIPE\/BA\": [-44.2524761376623, -12.0285973836155],\n\"SERRA DO RAMALHO\/BA\": [-43.5807307421456, -13.5644659880715],\n\"BOM JESUS DA LAPA\/BA\": [-43.417141642139, -13.2541143730901],\n\"S\u00cdTIO DO MATO\/BA\": [-43.4664411672544, -13.0857927061126],\n\"PALMAS DE MONTE ALTO\/BA\": [-43.1705121315164, -14.257350994356],\n\"GUANAMBI\/BA\": [-42.7785619667054, -14.2253150270076],\n\"MATINA\/BA\": [-42.8429324443126, -13.9126360110704],\n\"IGAPOR\u00c3\/BA\": [-42.7178798074989, -13.7679764775293],\n\"RIACHO DE SANTANA\/BA\": [-42.9383471199804, -13.6065881421409],\n\"SERRA DOURADA\/BA\": [-43.9523372558921, -12.7625947392978],\n\"BREJOL\u00c2NDIA\/BA\": [-43.9656645942921, -12.486693342119],\n\"WANDERLEY\/BA\": [-43.8889295198526, -12.1201503140061],\n\"MUQU\u00c9M DE S\u00c3O FRANCISCO\/BA\": [-43.551859915059, -12.06826126493],\n\"PARATINGA\/BA\": [-43.1820250755777, -12.6906971249291],\n\"BOQUIRA\/BA\": [-42.7301154012176, -12.8208228300175],\n\"IBOTIRAMA\/BA\": [-43.2186962649655, -12.1840135690449],\n\"OLIVEIRA DOS BREJINHOS\/BA\": [-42.897019768671, -12.3205889500424],\n\"RIACH\u00c3O DAS NEVES\/BA\": [-44.9164697719097, -11.7462475299556],\n\"FORMOSA DO RIO PRETO\/BA\": [-45.190990909729, -11.0470324906679],\n\"CRISTAL\u00c2NDIA DO PIAU\u00cd\/PI\": [-45.1860307001326, -10.6478037517985],\n\"SEBASTI\u00c3O BARROS\/PI\": [-44.8332841775162, -10.8166752206016],\n\"SANTA RITA DE C\u00c1SSIA\/BA\": [-44.5190497202788, -11.0080450698517],\n\"MANSID\u00c3O\/BA\": [-44.0364854095632, -10.715828960029],\n\"CORRENTE\/PI\": [-45.1633125235767, -10.4409360381237],\n\"RIACHO FRIO\/PI\": [-44.9525300482529, -10.1287276881395],\n\"PARNAGU\u00c1\/PI\": [-44.6343146131202, -10.2171809705429],\n\"J\u00daLIO BORGES\/PI\": [-44.2437006323999, -10.326786813699],\n\"CURIMAT\u00c1\/PI\": [-44.3007222328749, -10.0312924303294],\n\"REDEN\u00c7\u00c3O DO GURGU\u00c9IA\/PI\": [-44.5812141605608, -9.49344824144475],\n\"BURITIRAMA\/BA\": [-43.6313808982398, -10.7117914663194],\n\"MORPAR\u00c1\/BA\": [-43.2779134070032, -11.5580425446035],\n\"BARRA\/BA\": [-43.1436385524586, -11.0889548205462],\n\"XIQUE-XIQUE\/BA\": [-42.7255080011618, -10.8249744181433],\n\"AVELINO LOPES\/PI\": [-43.9415101417959, -10.1347450128483],\n\"MORRO CABE\u00c7A NO TEMPO\/PI\": [-43.9018743653614, -9.71931949215443],\n\"GUARIBAS\/PI\": [-43.687721027429, -9.39511130371931],\n\"CAMPO ALEGRE DE LOURDES\/BA\": [-43.0122984390904, -9.51715411399994],\n\"FARTURA DO PIAU\u00cd\/PI\": [-42.7944014031782, -9.47860628628754],\n\"CENTEN\u00c1RIO\/TO\": [-47.3383985145873, -8.9584636390938],\n\"SANTA MARIA DO TOCANTINS\/TO\": [-47.7452704192246, -8.77497644926651],\n\"ITACAJ\u00c1\/TO\": [-47.768112402678, -8.39098055231856],\n\"RECURSOL\u00c2NDIA\/TO\": [-47.2380411950208, -8.73536045388012],\n\"BARRA DO OURO\/TO\": [-47.6871349692244, -7.69176659865687],\n\"GOIATINS\/TO\": [-47.3154354891583, -7.7091723901957],\n\"BABA\u00c7UL\u00c2NDIA\/TO\": [-47.7588161270324, -7.20186453206148],\n\"FILAD\u00c9LFIA\/TO\": [-47.484964141532, -7.3376119059308],\n\"CAROLINA\/MA\": [-47.4700918028279, -7.33078300523913],\n\"CAMPOS LINDOS\/TO\": [-46.8019743467067, -7.97168139413731],\n\"RIACH\u00c3O\/MA\": [-46.6233501429074, -7.36456500024021],\n\"FEIRA NOVA DO MARANH\u00c3O\/MA\": [-46.6873552159638, -6.96313554062729],\n\"ALTO PARNA\u00cdBA\/MA\": [-45.9273440133384, -9.10836593219112],\n\"SANTA FILOMENA\/PI\": [-45.9205564410726, -9.10679570533628],\n\"TASSO FRAGOSO\/MA\": [-45.7441235175102, -8.47983101786688],\n\"NOVA COLINAS\/MA\": [-46.2593252229153, -7.12056600356251],\n\"BALSAS\/MA\": [-46.0389926733405, -7.53116999024552],\n\"FORTALEZA DOS NOGUEIRAS\/MA\": [-46.1855575419836, -6.9659260874923],\n\"S\u00c3O RAIMUNDO DAS MANGABEIRAS\/MA\": [-45.4848314302202, -7.02696265716848],\n\"SAMBA\u00cdBA\/MA\": [-45.3442031980139, -7.13835089749796],\n\"DARCIN\u00d3POLIS\/TO\": [-47.7521611102799, -6.71235100148176],\n\"SANTA TEREZINHA DO TOCANTINS\/TO\": [-47.6842853630081, -6.43699761844425],\n\"PALMEIRAS DO TOCANTINS\/TO\": [-47.5586835262825, -6.61186233456171],\n\"NAZAR\u00c9\/TO\": [-47.6669771825263, -6.37255796928561],\n\"AGUIARN\u00d3POLIS\/TO\": [-47.470456587945, -6.5471708206181],\n\"ESTREITO\/MA\": [-47.4478829861377, -6.56808498021472],\n\"PORTO FRANCO\/MA\": [-47.3821649019193, -6.35418186391414],\n\"TOCANTIN\u00d3POLIS\/TO\": [-47.4274129286927, -6.32563437602796],\n\"CAMPESTRE DO MARANH\u00c3O\/MA\": [-47.3676328633342, -6.16471664583519],\n\"MAURIL\u00c2NDIA DO TOCANTINS\/TO\": [-47.5048799601751, -5.95256642121045],\n\"RIBAMAR FIQUENE\/MA\": [-47.3834777870799, -5.93382285881857],\n\"ITAGUATINS\/TO\": [-47.4799359489833, -5.77538508840222],\n\"GOVERNADOR EDISON LOB\u00c3O\/MA\": [-47.3689358390373, -5.74741173851254],\n\"S\u00c3O JO\u00c3O DO PARA\u00cdSO\/MA\": [-47.0506104204952, -6.46622228636398],\n\"LAJEADO NOVO\/MA\": [-47.0324475171004, -6.19160922666686],\n\"MONTES ALTOS\/MA\": [-47.0704395080146, -5.82856250416417],\n\"S\u00cdTIO NOVO\/MA\": [-46.6949833406808, -5.87062989131234],\n\"AXIX\u00c1 DO TOCANTINS\/TO\": [-47.7741560325221, -5.62430906592745],\n\"S\u00cdTIO NOVO DO TOCANTINS\/TO\": [-47.6374226504604, -5.60472685665309],\n\"S\u00c3O MIGUEL DO TOCANTINS\/TO\": [-47.5730023393731, -5.55381952879429],\n\"PRAIA NORTE\/TO\": [-47.8147317333423, -5.39671287737827],\n\"CIDEL\u00c2NDIA\/MA\": [-47.7842327756716, -5.17742104721159],\n\"IMPERATRIZ\/MA\": [-47.4798108057682, -5.52652402518114],\n\"DAVIN\u00d3POLIS\/MA\": [-47.4049963875281, -5.53445621610635],\n\"JO\u00c3O LISBOA\/MA\": [-47.4050361497684, -5.45366294155917],\n\"SENADOR LA ROCQUE\/MA\": [-47.2891914239822, -5.44183249517839],\n\"S\u00c3O FRANCISCO DO BREJ\u00c3O\/MA\": [-47.3911373985947, -5.13020078716627],\n\"A\u00c7AIL\u00c2NDIA\/MA\": [-47.5066645931119, -4.95137700016248],\n\"BURITIRANA\/MA\": [-47.0172250932177, -5.58891514171156],\n\"AMARANTE DO MARANH\u00c3O\/MA\": [-46.7506375454972, -5.55766200018214],\n\"S\u00c3O PEDRO DOS CRENTES\/MA\": [-46.5325803473698, -6.82855564083834],\n\"FORMOSA DA SERRA NEGRA\/MA\": [-46.1863570068861, -6.43530410561392],\n\"GRAJA\u00da\/MA\": [-46.1423956359934, -5.81854843133104],\n\"ARAME\/MA\": [-46.0136362778351, -4.886081505],\n\"ITAIPAVA DO GRAJA\u00da\/MA\": [-45.792682503469, -5.1445822617698],\n\"JENIPAPO DOS VIEIRAS\/MA\": [-45.6333791074203, -5.36942492643339],\n\"LAGOA GRANDE DO MARANH\u00c3O\/MA\": [-45.3906142793613, -4.99312373713713],\n\"MARAJ\u00c1 DO SENA\/MA\": [-45.4572376525781, -4.62031332412411],\n\"CURRAIS\/PI\": [-44.4030021530455, -9.01243383893679],\n\"BOM JESUS\/PI\": [-44.3605250848238, -9.07094898367372],\n\"CRISTINO CASTRO\/PI\": [-44.2244147473452, -8.82018628851015],\n\"SANTA LUZ\/PI\": [-44.1295859062574, -8.94462421689483],\n\"PALMEIRA DO PIAU\u00cd\/PI\": [-44.2325685791726, -8.72950111876504],\n\"BAIXA GRANDE DO RIBEIRO\/PI\": [-45.212815292567, -7.85335195918549],\n\"RIBEIRO GON\u00c7ALVES\/PI\": [-45.2456386842602, -7.55803424497219],\n\"LORETO\/MA\": [-45.1392416375273, -7.09445416538222],\n\"S\u00c3O F\u00c9LIX DE BALSAS\/MA\": [-44.8114476614751, -7.08468515424976],\n\"SEBASTI\u00c3O LEAL\/PI\": [-44.0676917696104, -7.57738563015195],\n\"URU\u00c7U\u00cd\/PI\": [-44.5602559238525, -7.22950334456247],\n\"BENEDITO LEITE\/MA\": [-44.5598567990095, -7.2187997953852],\n\"ANT\u00d4NIO ALMEIDA\/PI\": [-44.1965353200183, -7.21935583400696],\n\"PORTO ALEGRE DO PIAU\u00cd\/PI\": [-44.1948371018939, -6.97172468664628],\n\"ALVORADA DO GURGU\u00c9IA\/PI\": [-43.8630715789216, -8.44395907228392],\n\"COL\u00d4NIA DO GURGU\u00c9IA\/PI\": [-43.7960171560657, -8.18757421634094],\n\"CARACOL\/PI\": [-43.3342004507516, -9.27676526720519],\n\"JUREMA\/PI\": [-43.1331097430468, -9.22202472045584],\n\"AN\u00cdSIO DE ABREU\/PI\": [-43.0348533320546, -9.17491853090693],\n\"V\u00c1RZEA BRANCA\/PI\": [-42.9694445350297, -9.23654108934563],\n\"BONFIM DO PIAU\u00cd\/PI\": [-42.8796630650943, -9.16656053927466],\n\"S\u00c3O BRAZ DO PIAU\u00cd\/PI\": [-42.9990725170726, -9.06256053587373],\n\"TAMBORIL DO PIAU\u00cd\/PI\": [-42.909688830207, -8.40043178009231],\n\"BREJO DO PIAU\u00cd\/PI\": [-42.8303018098246, -8.20706476637205],\n\"MANOEL EM\u00cdDIO\/PI\": [-43.8754746716661, -8.01135867397569],\n\"ELISEU MARTINS\/PI\": [-43.6648111316973, -8.09646228958409],\n\"BERTOL\u00cdNIA\/PI\": [-43.9543877391026, -7.62862476310433],\n\"CANAVIEIRA\/PI\": [-43.7194280333653, -7.69462155953116],\n\"LANDRI SALES\/PI\": [-43.9310455151444, -7.26659997541352],\n\"MARCOS PARENTE\/PI\": [-43.8883140086213, -7.11929537745121],\n\"JERUMENHA\/PI\": [-43.5027430064021, -7.08463219387257],\n\"PAVUSSU\/PI\": [-43.2217523026137, -7.96428695477047],\n\"RIO GRANDE DO PIAU\u00cd\/PI\": [-43.1401827860102, -7.77085711980515],\n\"ITAUEIRA\/PI\": [-43.0254965077817, -7.60811663252844],\n\"CANTO DO BURITI\/PI\": [-42.9440210219612, -8.10823191972276],\n\"FLORES DO PIAU\u00cd\/PI\": [-42.9243058019859, -7.79177560177302],\n\"PAJE\u00da DO PIAU\u00cd\/PI\": [-42.8169360897963, -7.85252009217664],\n\"RIBEIRA DO PIAU\u00cd\/PI\": [-42.7140434913463, -7.69057550115737],\n\"S\u00c3O DOMINGOS DO AZEIT\u00c3O\/MA\": [-44.6504239102536, -6.80442500975138],\n\"FERNANDO FALC\u00c3O\/MA\": [-44.9107074022131, -6.154978462916],\n\"MIRADOR\/MA\": [-44.3626097938789, -6.37756569538775],\n\"NOVA IORQUE\/MA\": [-44.0486267271013, -6.73320330579158],\n\"SUCUPIRA DO NORTE\/MA\": [-44.1886027051903, -6.47828444762036],\n\"PASTOS BONS\/MA\": [-44.0886025133719, -6.60402773206398],\n\"PARAIBANO\/MA\": [-43.9857620488226, -6.43182541413892],\n\"COLINAS\/MA\": [-44.2497802305352, -6.02736552019732],\n\"JATOB\u00c1\/MA\": [-44.2199147698158, -5.81966693677504],\n\"BARRA DO CORDA\/MA\": [-45.239011016111, -5.5083395],\n\"TUNTUM\/MA\": [-44.6490121516647, -5.24965554],\n\"S\u00c3O RAIMUNDO DO DOCA BEZERRA\/MA\": [-45.0841627902783, -5.10318184489716],\n\"S\u00c3O ROBERTO\/MA\": [-44.9919011592934, -5.01736688238089],\n\"LAGO DA PEDRA\/MA\": [-45.1258913559145, -4.564744515],\n\"PO\u00c7\u00c3O DE PEDRAS\/MA\": [-44.9515514003151, -4.75002521124495],\n\"LAGO DO JUNCO\/MA\": [-45.0513443921165, -4.60764321768366],\n\"LAGO DOS RODRIGUES\/MA\": [-44.9764423255877, -4.61237577693148],\n\"ESPERANTIN\u00d3POLIS\/MA\": [-44.8860686990188, -4.87030089747643],\n\"JOSEL\u00c2NDIA\/MA\": [-44.6991525645005, -4.97269332894745],\n\"IGARAP\u00c9 GRANDE\/MA\": [-44.8674033458603, -4.66085380623745],\n\"BERNARDO DO MEARIM\/MA\": [-44.7643231034878, -4.63028749079229],\n\"SANTA FILOMENA DO MARANH\u00c3O\/MA\": [-44.5637140401312, -5.4997668067221],\n\"S\u00c3O DOMINGOS DO MARANH\u00c3O\/MA\": [-44.3928792568666, -5.5656420001824],\n\"PRESIDENTE DUTRA\/MA\": [-44.4929188624246, -5.28237425775883],\n\"GRA\u00c7A ARANHA\/MA\": [-44.33579125992, -5.40482121305463],\n\"GON\u00c7ALVES DIAS\/MA\": [-44.3059065359375, -5.14395556946104],\n\"FORTUNA\/MA\": [-44.1606284272259, -5.73622413247702],\n\"GOVERNADOR LUIZ ROCHA\/MA\": [-44.0708873355169, -5.47286468491781],\n\"GOVERNADOR EUG\u00caNIO BARROS\/MA\": [-44.2469626460204, -5.32249100152954],\n\"SENADOR ALEXANDRE COSTA\/MA\": [-44.056301506417, -5.26107654438389],\n\"S\u00c3O JOS\u00c9 DOS BAS\u00cdLIOS\/MA\": [-44.5824465175581, -5.04868724515117],\n\"DOM PEDRO\/MA\": [-44.4400099109689, -5.03844763516531],\n\"SANTO ANT\u00d4NIO DOS LOPES\/MA\": [-44.3614474338019, -4.87381957559703],\n\"TRIZIDELA DO VALE\/MA\": [-44.6106851966461, -4.57012685660997],\n\"PEDREIRAS\/MA\": [-44.6037348763271, -4.56935068809905],\n\"CAPINZAL DO NORTE\/MA\": [-44.3304362519955, -4.7212453887722],\n\"GOVERNADOR ARCHER\/MA\": [-44.2757565261253, -5.02538782392684],\n\"S\u00c3O JO\u00c3O DOS PATOS\/MA\": [-43.7029101657958, -6.4982081521098],\n\"GUADALUPE\/PI\": [-43.5669236545324, -6.78524690867309],\n\"SUCUPIRA DO RIACH\u00c3O\/MA\": [-43.5458533208452, -6.42010840512647],\n\"PASSAGEM FRANCA\/MA\": [-43.781745225862, -6.17399442555871],\n\"BURITI BRAVO\/MA\": [-43.8356215415106, -5.83528813214674],\n\"LAGOA DO MATO\/MA\": [-43.5275591165627, -6.04527729657082],\n\"BAR\u00c3O DE GRAJA\u00da\/MA\": [-43.0264526994269, -6.75895520558046],\n\"FLORIANO\/PI\": [-43.0206447383255, -6.76967243378636],\n\"PALMEIRAIS\/PI\": [-43.0618435228749, -5.97979683607055],\n\"S\u00c3O FRANCISCO DO MARANH\u00c3O\/MA\": [-42.8653217275577, -6.2527979166509],\n\"AMARANTE\/PI\": [-42.8536928230327, -6.24661077217367],\n\"ANGICAL DO PIAU\u00cd\/PI\": [-42.7438657484282, -6.08724169212959],\n\"SANTO ANT\u00d4NIO DOS MILAGRES\/PI\": [-42.7111968050238, -6.04671759629306],\n\"S\u00c3O PEDRO DO PIAU\u00cd\/PI\": [-42.7236601720603, -5.91395164656097],\n\"S\u00c3O JO\u00c3O DO SOTER\/MA\": [-43.8181817951061, -5.11573926436997],\n\"CAXIAS\/MA\": [-43.3585394285192, -4.86167499015957],\n\"ALDEIAS ALTAS\/MA\": [-43.4687348529398, -4.63077949515206],\n\"MAT\u00d5ES\/MA\": [-43.201208282913, -5.52246501943405],\n\"PARNARAMA\/MA\": [-43.0904013534701, -5.6844671764059],\n\"CURRALINHOS\/PI\": [-42.8322105193044, -5.62045322935698],\n\"MIGUEL LE\u00c3O\/PI\": [-42.7358295252403, -5.68224178043601],\n\"NAZ\u00c1RIA\/PI\": [-42.8140484695768, -5.346925],\n\"TIMON\/MA\": [-42.8337278988597, -5.10068111012935],\n\"TERESINA\/PI\": [-42.8052704582233, -5.0863419523217],\n\"UNI\u00c3O\/PI\": [-42.8629297159506, -4.58601815914006],\n\"MEDICIL\u00c2NDIA\/PA\": [-52.8883453507243, -3.44541741218688],\n\"BRASIL NOVO\/PA\": [-52.5434411922788, -3.29780370400837],\n\"ALTAMIRA\/PA\": [-52.2143763052078, -3.20565951],\n\"VIT\u00d3RIA DO XINGU\/PA\": [-52.0112603538154, -2.8837657102288],\n\"SENADOR JOS\u00c9 PORF\u00cdRIO\/PA\": [-51.9530564180171, -2.59485041832352],\n\"ANAPU\/PA\": [-51.2016217984581, -3.47610463506868],\n\"PACAJ\u00c1\/PA\": [-50.6348408304298, -3.8303057037573],\n\"ALMEIRIM\/PA\": [-52.5768350868127, -1.52733880276478],\n\"VIT\u00d3RIA DO JARI\/AP\": [-52.4196147795718, -0.918977088542799],\n\"PORTO DE MOZ\/PA\": [-52.2424769190201, -1.74609008880885],\n\"LARANJAL DO JARI\/AP\": [-52.5390207369393, -0.8556645],\n\"GURUP\u00c1\/PA\": [-51.6436957233941, -1.404918],\n\"PORTEL\/PA\": [-50.822490442211, -1.936451],\n\"MELGA\u00c7O\/PA\": [-50.7174646976964, -1.803446698641],\n\"BREVES\/PA\": [-50.4808947990195, -1.6907365],\n\"MAZAG\u00c3O\/AP\": [-51.2860768561013, -0.124396328821101],\n\"SANTANA\/AP\": [-51.1728464650687, -0.0383734790956603],\n\"MACAP\u00c1\/AP\": [-51.057405457036, 0.03895101],\n\"NOVO REPARTIMENTO\/PA\": [-49.9486382443426, -4.2481485],\n\"TUCURU\u00cd\/PA\": [-49.6671843672248, -3.76688908431164],\n\"BREU BRANCO\/PA\": [-49.5698796832857, -3.77813541287867],\n\"BAI\u00c3O\/PA\": [-49.6727533733253, -2.79196186136136],\n\"MOCAJUBA\/PA\": [-49.5090234612729, -2.58287297327153],\n\"CAMET\u00c1\/PA\": [-49.497830168997, -2.24683848],\n\"JACUND\u00c1\/PA\": [-49.1127815625675, -4.448405475],\n\"GOIAN\u00c9SIA DO PAR\u00c1\/PA\": [-49.1010449237426, -3.842468],\n\"TAIL\u00c2NDIA\/PA\": [-48.9512816295758, -2.9370795],\n\"TOM\u00c9-A\u00c7U\/PA\": [-48.146896586572, -2.41936685526733],\n\"BAGRE\/PA\": [-50.2219869206135, -1.88980806036172],\n\"OEIRAS DO PAR\u00c1\/PA\": [-49.8551061087735, -2.004734],\n\"CURRALINHO\/PA\": [-49.7915228470854, -1.80942341966693],\n\"ANAJ\u00c1S\/PA\": [-49.945001040544, -0.984451394008702],\n\"S\u00c3O SEBASTI\u00c3O DA BOA VISTA\/PA\": [-49.5323121746161, -1.7188505],\n\"LIMOEIRO DO AJURU\/PA\": [-49.3815339012019, -1.8919485],\n\"MUAN\u00c1\/PA\": [-49.2168324424737, -1.5300262083549],\n\"AFU\u00c1\/PA\": [-50.3914275892332, -0.159171693779797],\n\"CHAVES\/PA\": [-49.9893186050714, -0.162437290121912],\n\"SANTA CRUZ DO ARARI\/PA\": [-49.1716155661252, -0.659974125599254],\n\"IGARAP\u00c9-MIRI\/PA\": [-48.9622994689466, -1.983116],\n\"ABAETETUBA\/PA\": [-48.8844038207231, -1.72346986284591],\n\"MOJU\/PA\": [-48.7671991273719, -1.885889],\n\"BARCARENA\/PA\": [-48.6270728925156, -1.505767005],\n\"PONTA DE PEDRAS\/PA\": [-48.8717855600433, -1.3965999975235],\n\"CACHOEIRA DO ARARI\/PA\": [-48.9606675773871, -1.00878626563928],\n\"BEL\u00c9M\/PA\": [-48.4878256874876, -1.459845],\n\"ACAR\u00c1\/PA\": [-48.2004564317501, -1.9634365],\n\"CONC\u00d3RDIA DO PAR\u00c1\/PA\": [-47.9498869390047, -1.98452146277275],\n\"BUJARU\/PA\": [-48.035875014396, -1.51399146230061],\n\"ANANINDEUA\/PA\": [-48.372066654168, -1.36871356826946],\n\"MARITUBA\/PA\": [-48.340535877783, -1.3464172655758],\n\"BENEVIDES\/PA\": [-48.2418364505703, -1.361437515],\n\"SANTA B\u00c1RBARA DO PAR\u00c1\/PA\": [-48.2977406497887, -1.22943946699244],\n\"SANTA ISABEL DO PAR\u00c1\/PA\": [-48.1630599409531, -1.29739590129143],\n\"COLARES\/PA\": [-48.2887284319494, -0.932091243957739],\n\"INHANGAPI\/PA\": [-47.9133927465885, -1.42658198091031],\n\"CASTANHAL\/PA\": [-47.9266431419442, -1.29575680504525],\n\"SANTO ANT\u00d4NIO DO TAU\u00c1\/PA\": [-48.1324330748457, -1.1516925],\n\"TERRA ALTA\/PA\": [-47.9078083483744, -1.03482666361629],\n\"SOURE\/PA\": [-48.5160126622773, -0.7259255],\n\"SALVATERRA\/PA\": [-48.5131865994469, -0.754525974353047],\n\"VIGIA\/PA\": [-48.1414985852069, -0.855532573667763],\n\"S\u00c3O CAETANO DE ODIVELAS\/PA\": [-48.0258054980831, -0.746617759994861],\n\"S\u00c3O JO\u00c3O DA PONTA\/PA\": [-47.9207241656462, -0.851002145269607],\n\"CURU\u00c7\u00c1\/PA\": [-47.8512650859352, -0.73249551],\n\"PEDRA BRANCA DO AMAPAR\u00cd\/AP\": [-51.9465942732743, 0.776882860563944],\n\"SERRA DO NAVIO\/AP\": [-52.0035384352918, 0.897841040971924],\n\"PORTO GRANDE\/AP\": [-51.4144488229915, 0.712554701824323],\n\"FERREIRA GOMES\/AP\": [-51.1874290460046, 0.853977393142956],\n\"ITAUBAL\/AP\": [-50.7001794374183, 0.600653288304609],\n\"CUTIAS\/AP\": [-50.8016260298776, 0.97107805541715],\n\"TARTARUGALZINHO\/AP\": [-50.9127861523142, 1.50984824031107],\n\"PRACU\u00daBA\/AP\": [-50.7842537212883, 1.74250848707834],\n\"AMAP\u00c1\/AP\": [-50.7932144702699, 2.05392124468205],\n\"CAL\u00c7OENE\/AP\": [-50.9447727342665, 2.49655904456698],\n\"OIAPOQUE\/AP\": [-51.8305525552731, 3.85113073255929],\n\"ITINGA DO MARANH\u00c3O\/MA\": [-47.5279099637574, -4.45500399844588],\n\"DOM ELISEU\/PA\": [-47.5559148859934, -4.29077772],\n\"ULIAN\u00d3POLIS\/PA\": [-47.5031447549992, -3.75719301],\n\"BOM JESUS DAS SELVAS\/MA\": [-46.8532412231489, -4.48996835310692],\n\"PARAGOMINAS\/PA\": [-47.3569615610519, -2.9941905],\n\"AURORA DO PAR\u00c1\/PA\": [-47.5561746036128, -2.12937601319444],\n\"IPIXUNA DO PAR\u00c1\/PA\": [-47.4997175887983, -2.5575285],\n\"NOVA ESPERAN\u00c7A DO PIRI\u00c1\/PA\": [-46.9620928836736, -2.2676259890313],\n\"BURITICUPU\/MA\": [-46.451495319051, -4.32594772630155],\n\"S\u00c3O JO\u00c3O DO CAR\u00da\/MA\": [-46.2549254827263, -3.56080340686086],\n\"SANTA LUZIA\/MA\": [-45.6650117249372, -3.968391465],\n\"BREJO DE AREIA\/MA\": [-45.5820952717813, -4.33062989749501],\n\"ALTAMIRA DO MARANH\u00c3O\/MA\": [-45.4646758311604, -4.16226926685315],\n\"ALTO ALEGRE DO PINDAR\u00c9\/MA\": [-45.8420796161705, -3.66517037445328],\n\"TUFIL\u00c2NDIA\/MA\": [-45.6339164756818, -3.6764041183838],\n\"BOM JARDIM\/MA\": [-45.6018893890511, -3.54416097785572],\n\"GOVERNADOR NEWTON BELLO\/MA\": [-45.6745017970092, -3.42970471990357],\n\"SANTA IN\u00caS\/MA\": [-45.3782724523024, -3.65857452],\n\"PINDAR\u00c9-MIRIM\/MA\": [-45.3468679178433, -3.60550057491389],\n\"CENTRO DO GUILHERME\/MA\": [-46.0399601131872, -2.4569850818082],\n\"CENTRO NOVO DO MARANH\u00c3O\/MA\": [-46.1284089549781, -2.14429169855839],\n\"Z\u00c9 DOCA\/MA\": [-45.657697860605, -3.2754805],\n\"ARAGUAN\u00c3\/MA\": [-45.6687944761006, -2.94912562327705],\n\"NOVA OLINDA DO MARANH\u00c3O\/MA\": [-45.7045360408348, -2.79988654406012],\n\"PEDRO DO ROS\u00c1RIO\/MA\": [-45.3464537341415, -2.96811467267822],\n\"SANTA LUZIA DO PARU\u00c1\/MA\": [-45.7764615615901, -2.54616147481491],\n\"PRESIDENTE M\u00c9DICI\/MA\": [-45.8207086475539, -2.38366404653914],\n\"MARANH\u00c3OZINHO\/MA\": [-45.8556114548668, -2.235616992076],\n\"GOVERNADOR NUNES FREIRE\/MA\": [-45.8814811327942, -2.13496236],\n\"PRESIDENTE SARNEY\/MA\": [-45.3713022606449, -2.59553055990599],\n\"SANTA HELENA\/MA\": [-45.3051611932379, -2.23453250892676],\n\"TURIL\u00c2NDIA\/MA\": [-45.30676531197, -2.22883352495052],\n\"M\u00c3E DO RIO\/PA\": [-47.5522901794773, -2.04770744079076],\n\"S\u00c3O DOMINGOS DO CAPIM\/PA\": [-47.7747845692257, -1.6758145],\n\"IRITUIA\/PA\": [-47.4407556128483, -1.771474995],\n\"S\u00c3O MIGUEL DO GUAM\u00c1\/PA\": [-47.4824089444892, -1.61713591449048],\n\"SANTA MARIA DO PAR\u00c1\/PA\": [-47.5746954138091, -1.3478664592967],\n\"S\u00c3O FRANCISCO DO PAR\u00c1\/PA\": [-47.7905146107051, -1.17018878467698],\n\"IGARAP\u00c9-A\u00c7U\/PA\": [-47.6223754920271, -1.124322],\n\"NOVA TIMBOTEUA\/PA\": [-47.3932022764599, -1.20414364746687],\n\"BONITO\/PA\": [-47.3058918168639, -1.36747435687254],\n\"PEIXE-BOI\/PA\": [-47.3179270215591, -1.18956924075654],\n\"SANTAR\u00c9M NOVO\/PA\": [-47.400924744868, -0.928719535783208],\n\"GARRAF\u00c3O DO NORTE\/PA\": [-47.0450460172973, -1.93169704310669],\n\"CAPIT\u00c3O PO\u00c7O\/PA\": [-47.0628253774009, -1.74618729323752],\n\"OUR\u00c9M\/PA\": [-47.1176193628501, -1.54894714230244],\n\"SANTA LUZIA DO PAR\u00c1\/PA\": [-46.9061692026983, -1.51882789138752],\n\"CAPANEMA\/PA\": [-47.1751261231344, -1.192441995],\n\"PRIMAVERA\/PA\": [-47.1172512589126, -0.940111515930574],\n\"TRACUATEUA\/PA\": [-46.8994783371171, -1.06878405856835],\n\"QUATIPURU\/PA\": [-47.006786993576, -0.900115853739325],\n\"BRAGAN\u00c7A\/PA\": [-46.765754213664, -1.05352395620564],\n\"AUGUSTO CORR\u00caA\/PA\": [-46.6416457856711, -1.02292101],\n\"MARAPANIM\/PA\": [-47.7025487537677, -0.712150996347819],\n\"MAGALH\u00c3ES BARATA\/PA\": [-47.5991818964912, -0.795850156021161],\n\"MARACAN\u00c3\/PA\": [-47.4552679594076, -0.762419459981231],\n\"SALIN\u00d3POLIS\/PA\": [-47.3531202631536, -0.623638],\n\"S\u00c3O JO\u00c3O DE PIRABAS\/PA\": [-47.1726742979205, -0.766442531515371],\n\"BOA VISTA DO GURUPI\/MA\": [-46.2987100525274, -1.79329613579879],\n\"CACHOEIRA DO PIRI\u00c1\/PA\": [-46.5473914166255, -1.75289700493124],\n\"JUNCO DO MARANH\u00c3O\/MA\": [-46.0707260732137, -1.87460959750276],\n\"MARACA\u00c7UM\u00c9\/MA\": [-45.9586390371679, -2.05616454951514],\n\"AMAP\u00c1 DO MARANH\u00c3O\/MA\": [-46.0091799003875, -1.68092149512179],\n\"VISEU\/PA\": [-46.1387652161496, -1.20327852667727],\n\"CARUTAPERA\/MA\": [-46.023150834605, -1.200602],\n\"TURIA\u00c7U\/MA\": [-45.3691524172241, -1.66902204768173],\n\"LU\u00cdS DOMINGUES\/MA\": [-45.8953319920784, -1.32546024435309],\n\"GODOFREDO VIANA\/MA\": [-45.7717548080523, -1.40980018673278],\n\"C\u00c2NDIDO MENDES\/MA\": [-45.7372683655917, -1.453889108528],\n\"PAULO RAMOS\/MA\": [-45.2399800047299, -4.44795676593636],\n\"VITORINO FREIRE\/MA\": [-45.244185143155, -4.29118650014099],\n\"BOM LUGAR\/MA\": [-45.0311078563238, -4.37550960146424],\n\"OLHO D'\u00c1GUA DAS CUNH\u00c3S\/MA\": [-45.1195796205, -4.13727592980541],\n\"SATUBINHA\/MA\": [-45.2336295762481, -4.03573549481028],\n\"S\u00c3O LU\u00cdS GONZAGA DO MARANH\u00c3O\/MA\": [-44.6627084964498, -4.37391849056593],\n\"BACABAL\/MA\": [-44.7815559640891, -4.23152462978051],\n\"LAGO VERDE\/MA\": [-44.9376352319942, -4.03871129527666],\n\"PIO XII\/MA\": [-45.169960388665, -3.88758753012782],\n\"BELA VISTA DO MARANH\u00c3O\/MA\": [-45.2482458781849, -3.73773324990828],\n\"IGARAP\u00c9 DO MEIO\/MA\": [-45.1833277021706, -3.63670852186543],\n\"MON\u00c7\u00c3O\/MA\": [-45.2475846706441, -3.49393248],\n\"CAJARI\/MA\": [-45.0079653349663, -3.32386883091692],\n\"CONCEI\u00c7\u00c3O DO LAGO-A\u00c7U\/MA\": [-44.9030159051796, -3.84111845785575],\n\"VIT\u00d3RIA DO MEARIM\/MA\": [-44.8695722405589, -3.48204736454661],\n\"ARARI\/MA\": [-44.7788346547106, -3.45917097011381],\n\"LIMA CAMPOS\/MA\": [-44.4693403292236, -4.51704598721753],\n\"PERITOR\u00d3\/MA\": [-44.3258535239149, -4.37022511765711],\n\"S\u00c3O MATEUS DO MARANH\u00c3O\/MA\": [-44.4685628110946, -4.03455051013261],\n\"ALTO ALEGRE DO MARANH\u00c3O\/MA\": [-44.4482474945232, -4.207227],\n\"COROAT\u00c1\/MA\": [-44.1255992014644, -4.128976],\n\"MAT\u00d5ES DO NORTE\/MA\": [-44.5502445069402, -3.62751878021672],\n\"CANTANHEDE\/MA\": [-44.381816135839, -3.62836431187274],\n\"MIRANDA DO NORTE\/MA\": [-44.5842756917321, -3.56264477442983],\n\"ITAPECURU MIRIM\/MA\": [-44.354263390434, -3.39904548011184],\n\"PIRAPEMAS\/MA\": [-44.2282808838415, -3.72532906611683],\n\"PRESIDENTE VARGAS\/MA\": [-44.0334018673342, -3.40201152220656],\n\"PENALVA\/MA\": [-45.1764616887688, -3.29323331776922],\n\"VIANA\/MA\": [-45.0013066952616, -3.21456251306625],\n\"MATINHA\/MA\": [-45.0364289401062, -3.09840003],\n\"OLINDA NOVA DO MARANH\u00c3O\/MA\": [-45.0032353744727, -2.99747761540954],\n\"S\u00c3O VICENTE FERRER\/MA\": [-44.8869045766146, -2.89073106437795],\n\"S\u00c3O JO\u00c3O BATISTA\/MA\": [-44.8117618530648, -2.95333291245805],\n\"S\u00c3O BENTO\/MA\": [-44.8283451799242, -2.6970075],\n\"CAJAPI\u00d3\/MA\": [-44.6733771645862, -2.88288220315752],\n\"BACURITUBA\/MA\": [-44.7357420061579, -2.71087197652061],\n\"PINHEIRO\/MA\": [-45.0839266012937, -2.5227405],\n\"PALMEIR\u00c2NDIA\/MA\": [-44.9044638923101, -2.64777427826389],\n\"PERI MIRIM\/MA\": [-44.8502907000589, -2.57305464850608],\n\"BEQUIM\u00c3O\/MA\": [-44.7857301568673, -2.4620629950811],\n\"CENTRAL DO MARANH\u00c3O\/MA\": [-44.8318437024986, -2.19131390761779],\n\"ANAJATUBA\/MA\": [-44.6206700277629, -3.25755484212724],\n\"SANTA RITA\/MA\": [-44.3199480818757, -3.13411676567102],\n\"BACABEIRA\/MA\": [-44.3154229865671, -2.98582477877569],\n\"ROS\u00c1RIO\/MA\": [-44.2475185952615, -2.941543035],\n\"PRESIDENTE JUSCELINO\/MA\": [-44.0767794214185, -2.92822924614923],\n\"CACHOEIRA GRANDE\/MA\": [-44.0596850157832, -2.93192103905761],\n\"MORROS\/MA\": [-44.0445445431756, -2.86147895308791],\n\"ICATU\/MA\": [-44.06584846864, -2.77482786309925],\n\"AXIX\u00c1\/MA\": [-44.0545858090773, -2.83779683713212],\n\"ALC\u00c2NTARA\/MA\": [-44.4170125372846, -2.40327652507917],\n\"GUIMAR\u00c3ES\/MA\": [-44.5977464563371, -2.13507715838452],\n\"S\u00c3O LU\u00cdS\/MA\": [-44.2979185642444, -2.53188598508339],\n\"S\u00c3O JOS\u00c9 DE RIBAMAR\/MA\": [-44.0575481150532, -2.55585852],\n\"PA\u00c7O DO LUMIAR\/MA\": [-44.0986923548404, -2.528063],\n\"RAPOSA\/MA\": [-44.1025161642031, -2.41507490262868],\n\"COD\u00d3\/MA\": [-43.8860802350324, -4.45133750014621],\n\"TIMBIRAS\/MA\": [-43.9384339738391, -4.253840505],\n\"VARGEM GRANDE\/MA\": [-43.9166644901652, -3.54189600011652],\n\"NINA RODRIGUES\/MA\": [-43.9044847603497, -3.46246428944702],\n\"CHAPADINHA\/MA\": [-43.361120781752, -3.74002452],\n\"S\u00c3O BENEDITO DO RIO PRETO\/MA\": [-43.5299918701629, -3.33276600373026],\n\"AFONSO CUNHA\/MA\": [-43.3208690039685, -4.13501547687008],\n\"COELHO NETO\/MA\": [-43.0140136155495, -4.25473750013981],\n\"DUQUE BACELAR\/MA\": [-42.9441802036073, -4.14781909711357],\n\"MIGUEL ALVES\/PI\": [-42.8931666492627, -4.16821558232068],\n\"BURITI\/MA\": [-42.9251061777803, -3.9455715],\n\"ANAPURUS\/MA\": [-43.1057925096893, -3.66703466234686],\n\"MATA ROMA\/MA\": [-43.1203894235718, -3.61904550989372],\n\"PORTO\/PI\": [-42.7109259993477, -3.89142299503453],\n\"BREJO\/MA\": [-42.7508478268196, -3.679178],\n\"BEL\u00c1GUA\/MA\": [-43.510061642741, -3.15677222752965],\n\"URBANO SANTOS\/MA\": [-43.4042484723562, -3.20840949958587],\n\"HUMBERTO DE CAMPOS\/MA\": [-43.4650921443146, -2.59122397226084],\n\"PRIMEIRA CRUZ\/MA\": [-43.4424433046987, -2.51058317196358],\n\"BARREIRINHAS\/MA\": [-42.8278025132041, -2.75008594875811],\n\"SANTO AMARO DO MARANH\u00c3O\/MA\": [-43.2552849422448, -2.5027211989687],\n\"SERRANO DO MARANH\u00c3O\/MA\": [-45.1146408497435, -1.85264554172752],\n\"BACURI\/MA\": [-45.1373489396265, -1.72404631847323],\n\"APICUM-A\u00c7U\/MA\": [-45.0766520734486, -1.53059157775486],\n\"CURURUPU\/MA\": [-44.8677616169761, -1.8255207812193],\n\"MIRINZAL\/MA\": [-44.7857559864783, -2.06422419159107],\n\"CEDRAL\/MA\": [-44.5307895278055, -1.99791592557159],\n\"PORTO RICO DO MARANH\u00c3O\/MA\": [-44.5837478895568, -1.85722321484413],\n\"CAETIT\u00c9\/BA\": [-42.4857114474597, -14.0667543191246],\n\"LAGOA REAL\/BA\": [-42.1457118363755, -14.030028985633],\n\"TANQUE NOVO\/BA\": [-42.4906125114981, -13.5465603206792],\n\"BOTUPOR\u00c3\/BA\": [-42.5292775589668, -13.3808662136783],\n\"PARAMIRIM\/BA\": [-42.240648777677, -13.4424266571553],\n\"\u00c9RICO CARDOSO\/BA\": [-42.1361637333109, -13.4223477953016],\n\"CATURAMA\/BA\": [-42.2964066437467, -13.3282013504011],\n\"RIO DO PIRES\/BA\": [-42.2878777528384, -13.1186631386997],\n\"DOM BAS\u00cdLIO\/BA\": [-41.7708775806957, -13.7633265545771],\n\"BRUMADO\/BA\": [-41.6670695036664, -14.2054382406597],\n\"LIVRAMENTO DE NOSSA SENHORA\/BA\": [-41.8403872818085, -13.6495009052305],\n\"RIO DE CONTAS\/BA\": [-41.8187905563617, -13.5886077869907],\n\"PIAT\u00c3\/BA\": [-41.7706230393181, -13.1644568682516],\n\"JUSSIAPE\/BA\": [-41.5901420145899, -13.5129503420972],\n\"ABA\u00cdRA\/BA\": [-41.661608480236, -13.2535318932762],\n\"MACA\u00daBAS\/BA\": [-42.6946657468879, -13.0236716698562],\n\"IBIPITANGA\/BA\": [-42.4912287412418, -12.8791061453242],\n\"NOVO HORIZONTE\/BA\": [-42.167788448517, -12.8019973640359],\n\"IBITIARA\/BA\": [-42.213294323499, -12.6455137042392],\n\"BROTAS DE MACA\u00daBAS\/BA\": [-42.6246912893431, -12.0026355373041],\n\"IPUPIARA\/BA\": [-42.6106888538981, -11.8288274008654],\n\"BONINAL\/BA\": [-41.8243284848072, -12.7151207923139],\n\"PALMEIRAS\/BA\": [-41.5773369327133, -12.5100711046145],\n\"SEABRA\/BA\": [-41.7682012410905, -12.4187631865162],\n\"IRAQUARA\/BA\": [-41.6179588573912, -12.2435010164176],\n\"SOUTO SOARES\/BA\": [-41.6442483898691, -12.0925960034189],\n\"MULUNGU DO MORRO\/BA\": [-41.6438000095819, -11.967220021102],\n\"TANHA\u00c7U\/BA\": [-41.2543335107241, -14.0255080592255],\n\"ITUA\u00c7U\/BA\": [-41.3109815271264, -13.807407146168],\n\"CONTENDAS DO SINCOR\u00c1\/BA\": [-41.0463180639509, -13.7554968278956],\n\"BARRA DA ESTIVA\/BA\": [-41.3316958704896, -13.6202045630406],\n\"IBICOARA\/BA\": [-41.2720658080785, -13.4263272087783],\n\"IRAMAIA\/BA\": [-40.9695824783476, -13.2936511934142],\n\"MIRANTE\/BA\": [-40.7735665979009, -14.2398179211321],\n\"MANOEL VITORINO\/BA\": [-40.2420162476621, -14.1459322060189],\n\"LAFAIETE COUTINHO\/BA\": [-40.2106058828047, -13.6529994248073],\n\"MARAC\u00c1S\/BA\": [-40.4312875473779, -13.4376744923124],\n\"ITIRU\u00c7U\/BA\": [-40.1461722976579, -13.5323986079019],\n\"LAJEDO DO TABOCAL\/BA\": [-40.2252295031908, -13.4725200035757],\n\"PLANALTINO\/BA\": [-40.3683973567155, -13.2566087533798],\n\"MUCUG\u00ca\/BA\": [-41.3732130118668, -13.0038942044712],\n\"ANDARA\u00cd\/BA\": [-41.3246418039988, -12.8013506460241],\n\"LEN\u00c7\u00d3IS\/BA\": [-41.3940311361177, -12.5640631156412],\n\"ITAET\u00c9\/BA\": [-40.9634187749058, -12.9820339945038],\n\"NOVA REDEN\u00c7\u00c3O\/BA\": [-41.0688595103445, -12.8188675675112],\n\"IBIQUERA\/BA\": [-40.9354210018921, -12.6499286126214],\n\"WAGNER\/BA\": [-41.169626985929, -12.2842507899379],\n\"BONITO\/BA\": [-41.2684027881505, -11.9695725020911],\n\"LAJEDINHO\/BA\": [-40.903709970347, -12.3603741929439],\n\"UTINGA\/BA\": [-41.0958288508152, -12.0833176629994],\n\"TAPIRAMUT\u00c1\/BA\": [-40.7887003322581, -11.8523411104563],\n\"MARCION\u00cdLIO SOUZA\/BA\": [-40.5345299893202, -13.0035103723106],\n\"BOA VISTA DO TUPIM\/BA\": [-40.6057428240473, -12.6613221925482],\n\"IA\u00c7U\/BA\": [-40.2133652349888, -12.7691377865306],\n\"ITABERABA\/BA\": [-40.30699491974, -12.5322540889787],\n\"RUY BARBOSA\/BA\": [-40.5003712305803, -12.2893169587982],\n\"MUNDO NOVO\/BA\": [-40.4714981500981, -11.8647227486239],\n\"MACAJUBA\/BA\": [-40.3651796434378, -12.1413926805595],\n\"BAIXA GRANDE\/BA\": [-40.1668609095132, -11.9593574889724],\n\"GENTIO DO OURO\/BA\": [-42.5047423861031, -11.4275313127499],\n\"UIBA\u00cd\/BA\": [-42.1337955487965, -11.3381145644914],\n\"ITAGUA\u00c7U DA BAHIA\/BA\": [-42.4011571242595, -11.0087222103694],\n\"CENTRAL\/BA\": [-42.1123489751401, -11.137988582854],\n\"BARRA DO MENDES\/BA\": [-42.0591284156826, -11.8088282812611],\n\"BARRO ALTO\/BA\": [-41.9120960647526, -11.7610639229593],\n\"IBIPEBA\/BA\": [-42.011248439896, -11.6375264431558],\n\"IBITIT\u00c1\/BA\": [-41.9751521500745, -11.5527707224075],\n\"CANARANA\/BA\": [-41.7654922319867, -11.6875833139667],\n\"PRESIDENTE DUTRA\/BA\": [-41.990930902445, -11.296504066349],\n\"LAP\u00c3O\/BA\": [-41.8319086533875, -11.3801390539198],\n\"IREC\u00ca\/BA\": [-41.8588604758612, -11.3033796242944],\n\"S\u00c3O GABRIEL\/BA\": [-41.8742692011285, -11.2267073342793],\n\"CAFARNAUM\/BA\": [-41.4722215133285, -11.6913562190577],\n\"JO\u00c3O DOURADO\/BA\": [-41.6599891797839, -11.3464052247312],\n\"AM\u00c9RICA DOURADA\/BA\": [-41.4371632791237, -11.4496458647759],\n\"JUSSARA\/BA\": [-41.9797319275478, -11.0545549483525],\n\"PIL\u00c3O ARCADO\/BA\": [-42.4847567624654, -9.99777105599991],\n\"REMANSO\/BA\": [-42.0796675416606, -9.62390678921074],\n\"SENTO S\u00c9\/BA\": [-41.8909969156275, -9.74037980462474],\n\"MORRO DO CHAP\u00c9U\/BA\": [-41.1590965077636, -11.5501261105049],\n\"V\u00c1RZEA NOVA\/BA\": [-40.9458459310635, -11.2572312022726],\n\"UMBURANAS\/BA\": [-41.3329141302901, -10.7292712187978],\n\"OUROL\u00c2NDIA\/BA\": [-41.0818117290063, -10.9646176504278],\n\"PIRITIBA\/BA\": [-40.5513277059088, -11.7372340017775],\n\"MIGUEL CALMON\/BA\": [-40.5960696127369, -11.4283442062266],\n\"V\u00c1RZEA DO PO\u00c7O\/BA\": [-40.3189181998398, -11.5239795325989],\n\"MAIRI\/BA\": [-40.1497825191557, -11.7111106230505],\n\"V\u00c1RZEA DA RO\u00c7A\/BA\": [-40.1406370838535, -11.5989862634569],\n\"SERROL\u00c2NDIA\/BA\": [-40.299905217028, -11.4160318981088],\n\"JACOBINA\/BA\": [-40.5130176278701, -11.1850621601419],\n\"MIRANGABA\/BA\": [-40.5747927022127, -10.9561172849444],\n\"CA\u00c9M\/BA\": [-40.4373119407154, -11.0930915174846],\n\"SA\u00daDE\/BA\": [-40.4185507431154, -10.9411051662096],\n\"CALDEIR\u00c3O GRANDE\/BA\": [-40.307370359496, -11.0221557768896],\n\"PINDOBA\u00c7U\/BA\": [-40.357159193636, -10.7342066123577],\n\"PONTO NOVO\/BA\": [-40.135392845065, -10.8671478313026],\n\"FILAD\u00c9LFIA\/BA\": [-40.1378268767837, -10.7384641099353],\n\"SOBRADINHO\/BA\": [-40.7915948463624, -9.47080663849994],\n\"CAMPO FORMOSO\/BA\": [-40.3188209870999, -10.5056615545438],\n\"ANT\u00d4NIO GON\u00c7ALVES\/BA\": [-40.2756586985804, -10.5757977912944],\n\"SENHOR DO BONFIM\/BA\": [-40.1899845399956, -10.4567714931968],\n\"JAGUARARI\/BA\": [-40.1936114661932, -10.2628542593016],\n\"JUAZEIRO\/BA\": [-40.5035521594434, -9.41071709622786],\n\"PETROLINA\/PE\": [-40.4999993346523, -9.397375515],\n\"ITAGI\/BA\": [-40.0136249931013, -14.1617937177936],\n\"AIQUARA\/BA\": [-39.8857780091229, -14.1272774885543],\n\"JITA\u00daNA\/BA\": [-39.8896321766671, -14.0174286979097],\n\"JEQUI\u00c9\/BA\": [-40.0886073274763, -13.8556640076641],\n\"IPIA\u00da\/BA\": [-39.7356541802101, -14.1374736712629],\n\"BARRA DO ROCHA\/BA\": [-39.601386089866, -14.210029248501],\n\"UBAT\u00c3\/BA\": [-39.5226677883931, -14.211466553942],\n\"IBIRATAIA\/BA\": [-39.6409188889228, -14.0672690808107],\n\"APUAREMA\/BA\": [-39.7421321165047, -13.853228848819],\n\"ITAMARI\/BA\": [-39.6763483469467, -13.774836755857],\n\"NOVA IBI\u00c1\/BA\": [-39.6256860494916, -13.8099073660338],\n\"JAGUAQUARA\/BA\": [-39.9702551831643, -13.530698630843],\n\"ITAQUARA\/BA\": [-39.9382435936366, -13.4464090027676],\n\"IRAJUBA\/BA\": [-40.0838518009128, -13.2566101533511],\n\"SANTA IN\u00caS\/BA\": [-39.8276053254776, -13.298687223335],\n\"CRAVOL\u00c2NDIA\/BA\": [-39.8127117486746, -13.3626230640403],\n\"UBA\u00cdRA\/BA\": [-39.662032567228, -13.2680894848911],\n\"BREJ\u00d5ES\/BA\": [-39.7934915926573, -13.105536483186],\n\"JIQUIRI\u00c7\u00c1\/BA\": [-39.5765017781122, -13.2523063492574],\n\"MUTU\u00cdPE\/BA\": [-39.5041638520156, -13.2293733236817],\n\"IBIRAPITANGA\/BA\": [-39.3744665327401, -14.1650324961225],\n\"GANDU\/BA\": [-39.4863240792918, -13.7437807885113],\n\"WENCESLAU GUIMAR\u00c3ES\/BA\": [-39.4796708031912, -13.688587752525],\n\"PIRA\u00cd DO NORTE\/BA\": [-39.3745221879491, -13.7612250392524],\n\"MARA\u00da\/BA\": [-39.0249517556685, -14.105530671656],\n\"CAMAMU\/BA\": [-39.1005697174881, -13.9470763405896],\n\"IGRAPI\u00daNA\/BA\": [-39.1400807978716, -13.8204024423397],\n\"ITUBER\u00c1\/BA\": [-39.149042491857, -13.7361569056683],\n\"TEOL\u00c2NDIA\/BA\": [-39.4893857886023, -13.6011060070107],\n\"PRESIDENTE TANCREDO NEVES\/BA\": [-39.4240598299107, -13.4708417736022],\n\"LAJE\/BA\": [-39.427552152912, -13.1796486824668],\n\"S\u00c3O MIGUEL DAS MATAS\/BA\": [-39.4557804260308, -13.0517330820998],\n\"NILO PE\u00c7ANHA\/BA\": [-39.1129855090732, -13.6044944204415],\n\"TAPERO\u00c1\/BA\": [-39.1006222478813, -13.5309926331682],\n\"CAIRU\/BA\": [-39.0432543550852, -13.4876034013497],\n\"VALEN\u00c7A\/BA\": [-39.0723502471979, -13.370341506502],\n\"ARATU\u00cdPE\/BA\": [-39.0029108659812, -13.0805965410127],\n\"JAGUARIPE\/BA\": [-38.8914186277088, -13.1150638883823],\n\"NOVA ITARANA\/BA\": [-40.0692497332534, -13.0330498856442],\n\"MILAGRES\/BA\": [-39.8591271004733, -12.8705749151395],\n\"AMARGOSA\/BA\": [-39.5981225034895, -13.0344513621971],\n\"EL\u00cdSIO MEDRADO\/BA\": [-39.5204855551496, -12.9433258382093],\n\"SANTA TERESINHA\/BA\": [-39.5211400561744, -12.7728517712321],\n\"ITATIM\/BA\": [-39.7037746062264, -12.7092465330848],\n\"IPIR\u00c1\/BA\": [-39.7407084849396, -12.1602868808957],\n\"RAFAEL JAMBEIRO\/BA\": [-39.5006356828925, -12.4074173544739],\n\"P\u00c9 DE SERRA\/BA\": [-39.6094253290429, -11.8311793085998],\n\"VARZEDO\/BA\": [-39.3934758347381, -12.9753125649567],\n\"CASTRO ALVES\/BA\": [-39.426519430322, -12.7658326369124],\n\"SANTO ANT\u00d4NIO DE JESUS\/BA\": [-39.2611312580459, -12.9680077697186],\n\"DOM MACEDO COSTA\/BA\": [-39.188094169582, -12.911489262313],\n\"SAPEA\u00c7U\/BA\": [-39.1948084366246, -12.7351614750528],\n\"CABACEIRAS DO PARAGUA\u00c7U\/BA\": [-39.1867130922404, -12.5371357853541],\n\"MUNIZ FERREIRA\/BA\": [-39.1129817012099, -12.9973037019252],\n\"CONCEI\u00c7\u00c3O DO ALMEIDA\/BA\": [-39.1709464493763, -12.7780203224236],\n\"S\u00c3O FELIPE\/BA\": [-39.0840148984065, -12.8450782150251],\n\"NAZAR\u00c9\/BA\": [-39.0106225828794, -13.0351482201812],\n\"MARAGOGIPE\/BA\": [-38.9188814371553, -12.7751199192363],\n\"CRUZ DAS ALMAS\/BA\": [-39.1007361428306, -12.6637862127757],\n\"GOVERNADOR MANGABEIRA\/BA\": [-39.0340236148013, -12.601553838445],\n\"ANT\u00d4NIO CARDOSO\/BA\": [-39.1186615354614, -12.4348389094768],\n\"MURITIBA\/BA\": [-38.9886888174458, -12.6233724415369],\n\"S\u00c3O F\u00c9LIX\/BA\": [-38.9687185313515, -12.6057132519818],\n\"CACHOEIRA\/BA\": [-38.9693980689823, -12.5962107984627],\n\"CONCEI\u00c7\u00c3O DA FEIRA\/BA\": [-38.9997807982437, -12.503991911881],\n\"SERRA PRETA\/BA\": [-39.3325039202553, -12.1597268274139],\n\"SANTO EST\u00caV\u00c3O\/BA\": [-39.2531902035138, -12.4288932288611],\n\"IPECAET\u00c1\/BA\": [-39.3060256383634, -12.3141993063471],\n\"ANGUERA\/BA\": [-39.2484989182822, -12.1495870700754],\n\"S\u00c3O GON\u00c7ALO DOS CAMPOS\/BA\": [-38.949772430601, -12.4303098042388],\n\"FEIRA DE SANTANA\/BA\": [-38.9600330963214, -12.2292842524801],\n\"TANQUINHO\/BA\": [-39.100547165361, -11.9716930934711],\n\"SANTAN\u00d3POLIS\/BA\": [-38.8671618077053, -12.0284068880334],\n\"SANTA B\u00c1RBARA\/BA\": [-38.9661390064385, -11.9569028341388],\n\"SALINAS DA MARGARIDA\/BA\": [-38.757943950869, -12.877997054567],\n\"VERA CRUZ\/BA\": [-38.6191597463471, -12.9357333313259],\n\"ITAPARICA\/BA\": [-38.6840303112952, -12.8814890528205],\n\"MADRE DE DEUS\/BA\": [-38.6027685669092, -12.7403126545334],\n\"SAUBARA\/BA\": [-38.7706068300048, -12.7369036248191],\n\"SANTO AMARO\/BA\": [-38.7090314624696, -12.5491401086618],\n\"S\u00c3O FRANCISCO DO CONDE\/BA\": [-38.6757980532931, -12.6299828044039],\n\"CANDEIAS\/BA\": [-38.5435962675254, -12.6719227052682],\n\"SALVADOR\/BA\": [-38.4880614840079, -13.0147719115328],\n\"SIM\u00d5ES FILHO\/BA\": [-38.4115191932451, -12.7839414833678],\n\"LAURO DE FREITAS\/BA\": [-38.3234616102514, -12.8967176089245],\n\"S\u00c3O SEBASTI\u00c3O DO PASS\u00c9\/BA\": [-38.495309845374, -12.512724642985],\n\"CAMA\u00c7ARI\/BA\": [-38.3257400620652, -12.69881676],\n\"DIAS D'\u00c1VILA\/BA\": [-38.2979935898508, -12.6043684168205],\n\"MATA DE S\u00c3O JO\u00c3O\/BA\": [-38.2972993248088, -12.5299707907046],\n\"AM\u00c9LIA RODRIGUES\/BA\": [-38.7555569164417, -12.4001884013071],\n\"CONCEI\u00c7\u00c3O DO JACU\u00cdPE\/BA\": [-38.7636737165227, -12.322946459029],\n\"CORA\u00c7\u00c3O DE MARIA\/BA\": [-38.7505165473666, -12.2479210100615],\n\"TERRA NOVA\/BA\": [-38.6231018591955, -12.4030919013749],\n\"TEODORO SAMPAIO\/BA\": [-38.6419275419473, -12.3014071565363],\n\"PEDR\u00c3O\/BA\": [-38.6490014216411, -12.1435872038139],\n\"IRAR\u00c1\/BA\": [-38.7716507783794, -12.0337039631626],\n\"\u00c1GUA FRIA\/BA\": [-38.7680777950043, -11.8729309975791],\n\"OURI\u00c7ANGAS\/BA\": [-38.6284167702128, -12.0068519179474],\n\"CATU\/BA\": [-38.3762943035541, -12.3551865588507],\n\"ALAGOINHAS\/BA\": [-38.4226157693395, -12.1341825924055],\n\"POJUCA\/BA\": [-38.3271668771048, -12.4292631348677],\n\"ARAMARI\/BA\": [-38.5030663542087, -12.0881829783087],\n\"ARA\u00c7AS\/BA\": [-38.1982880171949, -12.2151996675491],\n\"ITANAGRA\/BA\": [-38.0381809411938, -12.268163143855],\n\"ENTRE RIOS\/BA\": [-38.078777019756, -11.9372613704434],\n\"CARDEAL DA SILVA\/BA\": [-37.9454765829698, -11.9407674063607],\n\"PINTADAS\/BA\": [-39.9082386319335, -11.8080365090652],\n\"CAPELA DO ALTO ALEGRE\/BA\": [-39.8353553091028, -11.6700816433262],\n\"QUIXABEIRA\/BA\": [-40.1214965949346, -11.4086852033198],\n\"S\u00c3O JOS\u00c9 DO JACU\u00cdPE\/BA\": [-40.0236558829144, -11.505326093792],\n\"CAPIM GROSSO\/BA\": [-40.0110006117175, -11.3815744576449],\n\"NOVA F\u00c1TIMA\/BA\": [-39.6322170918942, -11.6083983892313],\n\"GAVI\u00c3O\/BA\": [-39.786112929979, -11.4708954591253],\n\"S\u00c3O DOMINGOS\/BA\": [-39.5262647672412, -11.4634661341857],\n\"ITI\u00daBA\/BA\": [-39.8532769742179, -10.6919012256505],\n\"QUEIMADAS\/BA\": [-39.6264068266007, -10.9763905291559],\n\"CANSAN\u00c7\u00c3O\/BA\": [-39.4966050064607, -10.6667499148657],\n\"RIACH\u00c3O DO JACU\u00cdPE\/BA\": [-39.3830354938567, -11.8059790259237],\n\"ICHU\/BA\": [-39.1887163054619, -11.7552498736675],\n\"CONCEI\u00c7\u00c3O DO COIT\u00c9\/BA\": [-39.2816841782278, -11.5618258458634],\n\"RETIROL\u00c2NDIA\/BA\": [-39.4241777923454, -11.4896669831527],\n\"VALENTE\/BA\": [-39.4642460663082, -11.412489535751],\n\"SANTALUZ\/BA\": [-39.3773777962667, -11.2533600344586],\n\"CANDEAL\/BA\": [-39.1237184954764, -11.8049702300289],\n\"BARROCAS\/BA\": [-39.0786688809182, -11.5291128520783],\n\"LAMAR\u00c3O\/BA\": [-38.8929803339265, -11.7915777403757],\n\"SERRINHA\/BA\": [-39.008132628756, -11.6595317243643],\n\"TEOFIL\u00c2NDIA\/BA\": [-39.0058128587129, -11.4829246317549],\n\"ARACI\/BA\": [-38.9609581594029, -11.3357278753122],\n\"NORDESTINA\/BA\": [-39.4291308507325, -10.8320535248462],\n\"QUIJINGUE\/BA\": [-39.2066092540489, -10.7516723300366],\n\"ANDORINHA\/BA\": [-39.8323357010101, -10.3442400415346],\n\"MONTE SANTO\/BA\": [-39.3327059520687, -10.440157740658],\n\"EUCLIDES DA CUNHA\/BA\": [-39.0142487251363, -10.5058180636519],\n\"UAU\u00c1\/BA\": [-39.4880641705295, -9.83265416561483],\n\"CANUDOS\/BA\": [-39.024071242689, -9.8906729609418],\n\"BIRITINGA\/BA\": [-38.8121589228975, -11.6201102629816],\n\"S\u00c1TIRO DIAS\/BA\": [-38.5913537821245, -11.6008090454152],\n\"INHAMBUPE\/BA\": [-38.3540192706032, -11.7891274640932],\n\"NOVA SOURE\/BA\": [-38.4846139269682, -11.2380081972295],\n\"OLINDINA\/BA\": [-38.3310801960897, -11.3583061402444],\n\"ITAPICURU\/BA\": [-38.218612375549, -11.3109527005757],\n\"TUCANO\/BA\": [-38.7859480015492, -10.9643001695673],\n\"RIBEIRA DO POMBAL\/BA\": [-38.5360987874333, -10.8362780747687],\n\"CIP\u00d3\/BA\": [-38.5171293979405, -11.1011435641446],\n\"RIBEIRA DO AMPARO\/BA\": [-38.4305538667121, -11.0391582800742],\n\"HELI\u00d3POLIS\/BA\": [-38.2802330422697, -10.6752987880285],\n\"APOR\u00c1\/BA\": [-38.0799953494517, -11.6553942918973],\n\"ESPLANADA\/BA\": [-37.9449814740986, -11.799409496062],\n\"ACAJUTIBA\/BA\": [-38.0182863705796, -11.6626128300483],\n\"CRIS\u00d3POLIS\/BA\": [-38.1517158173066, -11.5177899236101],\n\"RIO REAL\/BA\": [-37.9335777751436, -11.4849354254303],\n\"JANDA\u00cdRA\/BA\": [-37.7868684912297, -11.5657484739409],\n\"CONDE\/BA\": [-37.6069779820631, -11.8134317610463],\n\"TOMAR DO GERU\/SE\": [-37.8453707752723, -11.3680522747437],\n\"CRISTIN\u00c1POLIS\/SE\": [-37.754659635068, -11.4735577970762],\n\"ITABAIANINHA\/SE\": [-37.7874111399082, -11.2767854368944],\n\"UMBA\u00daBA\/SE\": [-37.6611466730617, -11.3798724696847],\n\"ARAU\u00c1\/SE\": [-37.6123374340696, -11.2645047798951],\n\"TOBIAS BARRETO\/SE\": [-37.9990006951017, -11.1843298680994],\n\"PO\u00c7O VERDE\/SE\": [-38.1766582213158, -10.7075986488522],\n\"RIACH\u00c3O DO DANTAS\/SE\": [-37.7293412249827, -11.0664022904367],\n\"PEDRINHAS\/SE\": [-37.6811281603891, -11.1935033961178],\n\"BOQUIM\/SE\": [-37.6235734779508, -11.1463916303607],\n\"LAGARTO\/SE\": [-37.666353409722, -10.9153009698622],\n\"SIM\u00c3O DIAS\/SE\": [-37.8094305822503, -10.7380617976536],\n\"PARIPIRANGA\/BA\": [-37.8704477007211, -10.6759923133197],\n\"S\u00c3O DOMINGOS\/SE\": [-37.5684292045339, -10.7923257834115],\n\"PEDRA MOLE\/SE\": [-37.6860272130241, -10.6181191604186],\n\"BANZA\u00ca\/BA\": [-38.6118696305729, -10.5740919358198],\n\"C\u00cdCERO DANTAS\/BA\": [-38.3834191278696, -10.5921715319251],\n\"NOVO TRIUNFO\/BA\": [-38.4155813480126, -10.342018230888],\n\"ANTAS\/BA\": [-38.3310416783347, -10.4127021692653],\n\"JEREMOABO\/BA\": [-38.3518191467426, -10.0622424076243],\n\"PAULO AFONSO\/BA\": [-38.2183289682262, -9.40333169737823],\n\"F\u00c1TIMA\/BA\": [-38.208674782863, -10.6001702140173],\n\"ADUSTINA\/BA\": [-38.1155058347825, -10.5295715700202],\n\"S\u00cdTIO DO QUINTO\/BA\": [-38.2003708811346, -10.3641586477739],\n\"CORONEL JO\u00c3O S\u00c1\/BA\": [-37.9329643376141, -10.279395400226],\n\"PEDRO ALEXANDRE\/BA\": [-37.8992615844143, -10.010071580454],\n\"PINH\u00c3O\/SE\": [-37.7221107205356, -10.5666899531531],\n\"CARIRA\/SE\": [-37.7019192069376, -10.3580170968976],\n\"SANTA BR\u00cdGIDA\/BA\": [-38.1278183662894, -9.73189095954201],\n\"PO\u00c7O REDONDO\/SE\": [-37.6842137118049, -9.80579020827372],\n\"CANIND\u00c9 DE S\u00c3O FRANCISCO\/SE\": [-37.7879637221177, -9.65410406729849],\n\"PIRANHAS\/AL\": [-37.7503929130592, -9.62355920030328],\n\"OLHO D'\u00c1GUA DO CASADO\/AL\": [-37.8362428164813, -9.50144626528801],\n\"S\u00c3O LOUREN\u00c7O DO PIAU\u00cd\/PI\": [-42.5443519903866, -9.17200187707728],\n\"DIRCEU ARCOVERDE\/PI\": [-42.4395699620089, -9.33520004406841],\n\"S\u00c3O RAIMUNDO NONATO\/PI\": [-42.6922851641908, -9.0153604823547],\n\"CORONEL JOS\u00c9 DIAS\/PI\": [-42.4703571012192, -8.81636941148989],\n\"JO\u00c3O COSTA\/PI\": [-42.4178485806471, -8.48912572192957],\n\"S\u00c3O JO\u00c3O DO PIAU\u00cd\/PI\": [-42.2564375329406, -8.34884968799341],\n\"DOM INOC\u00caNCIO\/PI\": [-41.9768511187551, -9.00807494342793],\n\"CAPIT\u00c3O GERV\u00c1SIO OLIVEIRA\/PI\": [-41.8161163123905, -8.49683786838726],\n\"CAMPO ALEGRE DO FIDALGO\/PI\": [-41.832013324158, -8.37448038066491],\n\"LAGOA DO BARRO DO PIAU\u00cd\/PI\": [-41.530275405735, -8.48243711515927],\n\"S\u00c3O FRANCISCO DE ASSIS DO PIAU\u00cd\/PI\": [-41.6895971516657, -8.23775474973057],\n\"SOCORRO DO PIAU\u00cd\/PI\": [-42.5046917237203, -7.86493805710391],\n\"PEDRO LAURENTINO\/PI\": [-42.2860736700138, -8.06688259438779],\n\"PAES LANDIM\/PI\": [-42.2569576294243, -7.77556291450923],\n\"S\u00c3O MIGUEL DO FIDALGO\/PI\": [-42.3705290411912, -7.58496911892799],\n\"S\u00c3O JOS\u00c9 DO PEIXE\/PI\": [-42.5701794157863, -7.49300878090782],\n\"NAZAR\u00c9 DO PIAU\u00cd\/PI\": [-42.6682272300917, -6.96712849109696],\n\"S\u00c3O FRANCISCO DO PIAU\u00cd\/PI\": [-42.5385319870053, -7.24397610386385],\n\"COL\u00d4NIA DO PIAU\u00cd\/PI\": [-42.1771185063946, -7.22365756395221],\n\"OEIRAS\/PI\": [-42.1314056604251, -7.01641800596289],\n\"NOVA SANTA RITA\/PI\": [-42.0482620010711, -8.07496471811903],\n\"BELA VISTA DO PIAU\u00cd\/PI\": [-41.8713796439709, -7.97218531957187],\n\"SIMPL\u00cdCIO MENDES\/PI\": [-41.9109103616519, -7.85795729388299],\n\"CAMPINAS DO PIAU\u00cd\/PI\": [-41.8807452929818, -7.65477812796145],\n\"CONCEI\u00c7\u00c3O DO CANIND\u00c9\/PI\": [-41.5966339439158, -7.88270415387533],\n\"ISA\u00cdAS COELHO\/PI\": [-41.6794480824978, -7.73431069665783],\n\"VERA MENDES\/PI\": [-41.4797367500354, -7.60284928289199],\n\"SANTO IN\u00c1CIO DO PIAU\u00cd\/PI\": [-41.9182128600204, -7.42233683737326],\n\"FLORESTA DO PIAU\u00cd\/PI\": [-41.800314291439, -7.46679537490687],\n\"WALL FERRAZ\/PI\": [-41.9089536203039, -7.23577900641265],\n\"SANTA CRUZ DO PIAU\u00cd\/PI\": [-41.7619256890988, -7.17762649610062],\n\"ITAIN\u00d3POLIS\/PI\": [-41.4800253104968, -7.45128081314228],\n\"AROEIRAS DO ITAIM\/PI\": [-41.5632044182612, -7.27874546497215],\n\"PAQUET\u00c1\/PI\": [-41.7013852455649, -7.1014662443006],\n\"DOM EXPEDITO LOPES\/PI\": [-41.6523852113084, -6.95790184268742],\n\"PICOS\/PI\": [-41.4688267146679, -7.08137391219936],\n\"CASA NOVA\/BA\": [-40.9757969268709, -9.17859457408863],\n\"QUEIMADA NOVA\/PI\": [-41.4170249221793, -8.5854253469422],\n\"AFR\u00c2NIO\/PE\": [-41.0057973410949, -8.51109128375517],\n\"ACAU\u00c3\/PI\": [-41.0836378172387, -8.22078666287762],\n\"LAGOA GRANDE\/PE\": [-40.2707251264837, -8.995051485],\n\"DORMENTES\/PE\": [-40.7707358130966, -8.44865698651541],\n\"SANTA CRUZ\/PE\": [-40.3376876555693, -8.23796111841333],\n\"PAULISTANA\/PI\": [-41.1470964851424, -8.14143613489509],\n\"JACOBINA DO PIAU\u00cd\/PI\": [-41.2107620506702, -7.93626448750448],\n\"PATOS DO PIAU\u00cd\/PI\": [-41.2522813962752, -7.68076393508747],\n\"BET\u00c2NIA DO PIAU\u00cd\/PI\": [-40.7966219288235, -8.14566557729576],\n\"CARIDADE DO PIAU\u00cd\/PI\": [-40.9903345467585, -7.7286523875636],\n\"CURRAL NOVO DO PIAU\u00cd\/PI\": [-40.9010694707015, -7.83079718839096],\n\"SIM\u00d5ES\/PI\": [-40.8175090683555, -7.59913716568336],\n\"MASSAP\u00ca DO PIAU\u00cd\/PI\": [-41.1238546846189, -7.46548268448323],\n\"JAIC\u00d3S\/PI\": [-41.1464748134968, -7.35315232722134],\n\"GEMINIANO\/PI\": [-41.3575797604714, -7.15841762588982],\n\"SUSSUAPARA\/PI\": [-41.392267730941, -7.01701058882809],\n\"BOCAINA\/PI\": [-41.3223406826513, -6.95484233259558],\n\"SANTO ANT\u00d4NIO DE LISBOA\/PI\": [-41.2337647421245, -6.98184847697697],\n\"FRANCISCO SANTOS\/PI\": [-41.1361573365002, -6.99417113754419],\n\"BEL\u00c9M DO PIAU\u00cd\/PI\": [-40.9703021906942, -7.37013961551867],\n\"PADRE MARCOS\/PI\": [-40.9058620823742, -7.35471211551845],\n\"FRANCISCO MACEDO\/PI\": [-40.7955673541325, -7.32787104055435],\n\"CAMPO GRANDE DO PIAU\u00cd\/PI\": [-41.031200960402, -7.13599312024874],\n\"VILA NOVA DO PIAU\u00cd\/PI\": [-40.937801396493, -7.14104643395254],\n\"MONSENHOR HIP\u00d3LITO\/PI\": [-41.0328934036477, -7.00350247264632],\n\"ALEGRETE DO PIAU\u00cd\/PI\": [-40.8578629896146, -7.2453494663005],\n\"ALAGOINHA DO PIAU\u00cd\/PI\": [-40.9346348169192, -7.00817528014998],\n\"S\u00c3O JULI\u00c3O\/PI\": [-40.8369132447998, -7.08531500457718],\n\"SANTA FILOMENA\/PE\": [-40.615775185024, -8.16051116726482],\n\"ARARIPINA\/PE\": [-40.5024605749941, -7.5781415],\n\"TRINDADE\/PE\": [-40.2655906092822, -7.76179462574901],\n\"IPUBI\/PE\": [-40.1502087501672, -7.6497045],\n\"MARCOL\u00c2NDIA\/PI\": [-40.6628542913824, -7.44355666136108],\n\"CALDEIR\u00c3O GRANDE DO PIAU\u00cd\/PI\": [-40.6374189126801, -7.33155965178439],\n\"SALITRE\/CE\": [-40.46475206463, -7.28452868497372],\n\"FRONTEIRAS\/PI\": [-40.6172329306571, -7.08841253289163],\n\"CAMPOS SALES\/CE\": [-40.3790031301681, -7.0733835],\n\"ARARIPE\/CE\": [-40.1374458093569, -7.20618378918069],\n\"ARRAIAL\/PI\": [-42.5365666246569, -6.65082702747813],\n\"CAJAZEIRAS DO PIAU\u00cd\/PI\": [-42.3967272946014, -6.79418411754213],\n\"FRANCISCO AYRES\/PI\": [-42.6911278448088, -6.62334353190539],\n\"SANTA ROSA DO PIAU\u00cd\/PI\": [-42.2808138760659, -6.80145505828923],\n\"TANQUE DO PIAU\u00cd\/PI\": [-42.2839013404883, -6.59635346741982],\n\"V\u00c1RZEA GRANDE\/PI\": [-42.2531016233438, -6.5429475544247],\n\"FRANCIN\u00d3POLIS\/PI\": [-42.2633660989624, -6.39529262258713],\n\"BARRA D'ALC\u00c2NTARA\/PI\": [-42.1050020825819, -6.5188730722939],\n\"REGENERA\u00c7\u00c3O\/PI\": [-42.6850242313083, -6.24018302114034],\n\"JARDIM DO MULATO\/PI\": [-42.6339595632103, -6.0965775947567],\n\"S\u00c3O GON\u00c7ALO DO PIAU\u00cd\/PI\": [-42.6988309840949, -5.98966743952697],\n\"\u00c1GUA BRANCA\/PI\": [-42.6351308599585, -5.89326633794508],\n\"HUGO NAPOLE\u00c3O\/PI\": [-42.5625630466248, -5.98778789069952],\n\"LAGOINHA DO PIAU\u00cd\/PI\": [-42.6273837298549, -5.83658344062351],\n\"AGRICOL\u00c2NDIA\/PI\": [-42.6591831974356, -5.79550193543481],\n\"OLHO D'\u00c1GUA DO PIAU\u00cd\/PI\": [-42.5785516089696, -5.84715857344544],\n\"BARRO DURO\/PI\": [-42.5133778221163, -5.81235970781592],\n\"PASSAGEM FRANCA DO PIAU\u00cd\/PI\": [-42.44052674629, -5.85624732031881],\n\"ELESB\u00c3O VELOSO\/PI\": [-42.1381444495036, -6.20171946131167],\n\"S\u00c3O F\u00c9LIX DO PIAU\u00cd\/PI\": [-42.1135025901892, -5.93286766298678],\n\"S\u00c3O MIGUEL DA BAIXA GRANDE\/PI\": [-42.1853773737544, -5.86229863428784],\n\"S\u00c3O JO\u00c3O DA VARJOTA\/PI\": [-41.8637422049467, -6.91901783852341],\n\"IPIRANGA DO PIAU\u00cd\/PI\": [-41.7399141279438, -6.82693267828703],\n\"NOVO ORIENTE DO PIAU\u00cd\/PI\": [-41.928722314402, -6.44940513691504],\n\"VALEN\u00c7A DO PIAU\u00cd\/PI\": [-41.7405359913299, -6.39819602271571],\n\"INHUMA\/PI\": [-41.7101940564928, -6.66712034067942],\n\"SANTANA DO PIAU\u00cd\/PI\": [-41.5184805579744, -6.94907176392449],\n\"S\u00c3O JOS\u00c9 DO PIAU\u00cd\/PI\": [-41.4794072341782, -6.87062624465213],\n\"LAGOA DO S\u00cdTIO\/PI\": [-41.5823863012861, -6.51534762977601],\n\"AROAZES\/PI\": [-41.797453338794, -6.11285025626382],\n\"SANTA CRUZ DOS MILAGRES\/PI\": [-41.9584459530597, -5.80812099835306],\n\"MONSENHOR GIL\/PI\": [-42.6173989159071, -5.55148563139471],\n\"DEMERVAL LOB\u00c3O\/PI\": [-42.6742286110912, -5.35846546591049],\n\"LAGOA DO PIAU\u00cd\/PI\": [-42.6490132063022, -5.41214416962348],\n\"PAU D'ARCO DO PIAU\u00cd\/PI\": [-42.3888654971449, -5.25109342941114],\n\"BENEDITINOS\/PI\": [-42.3706167024747, -5.44760286024037],\n\"PRATA DO PIAU\u00cd\/PI\": [-42.2042236753317, -5.6647976938028],\n\"ALTO LONG\u00c1\/PI\": [-42.210321962161, -5.25099301135127],\n\"ALTOS\/PI\": [-42.4609480355568, -5.03654643434055],\n\"JOS\u00c9 DE FREITAS\/PI\": [-42.5783745315457, -4.76305063948266],\n\"COIVARAS\/PI\": [-42.207315906284, -5.09130835135404],\n\"CAMPO MAIOR\/PI\": [-42.16674460469, -4.8291139265717],\n\"NOSSA SENHORA DE NAZAR\u00c9\/PI\": [-42.1793030784653, -4.62693209174171],\n\"S\u00c3O JO\u00c3O DA SERRA\/PI\": [-41.8992637510964, -5.50879753777524],\n\"NOVO SANTO ANT\u00d4NIO\/PI\": [-41.9345074978553, -5.28605764396126],\n\"JUAZEIRO DO PIAU\u00cd\/PI\": [-41.7026007596661, -5.16137275429351],\n\"CASTELO DO PIAU\u00cd\/PI\": [-41.5473162426661, -5.32154387089345],\n\"COCAL DE TELHA\/PI\": [-41.9790478739642, -4.55381572391613],\n\"JATOB\u00c1 DO PIAU\u00cd\/PI\": [-41.8198222185671, -4.77315894428875],\n\"SIGEFREDO PACHECO\/PI\": [-41.727559224799, -4.91168916423737],\n\"MILTON BRAND\u00c3O\/PI\": [-41.4479595412321, -4.69995347755744],\n\"S\u00c3O JO\u00c3O DA CANABRAVA\/PI\": [-41.3460536519366, -6.81893098950292],\n\"S\u00c3O LUIS DO PIAU\u00cd\/PI\": [-41.3228378191747, -6.82814382976455],\n\"PIMENTEIRAS\/PI\": [-41.4151586072493, -6.24168840966686],\n\"ASSUN\u00c7\u00c3O DO PIAU\u00cd\/PI\": [-41.0508299964828, -5.8649144945276],\n\"PIO IX\/PI\": [-40.6182727863013, -6.83268730124508],\n\"PARAMBU\/CE\": [-40.6942072413457, -6.21033600172244],\n\"QUITERIAN\u00d3POLIS\/CE\": [-40.7044888468331, -5.8470092293282],\n\"ARNEIROZ\/CE\": [-40.161443712374, -6.31942580302218],\n\"TAU\u00c1\/CE\": [-40.2926246551049, -6.00299893985789],\n\"S\u00c3O MIGUEL DO TAPUIO\/PI\": [-41.319798489524, -5.50066369912748],\n\"BURITI DOS MONTES\/PI\": [-41.1018513936703, -5.31206678256848],\n\"PORANGA\/CE\": [-40.9263795102653, -4.74395073194117],\n\"ARAREND\u00c1\/CE\": [-40.8310967349814, -4.75193827199216],\n\"NOVO ORIENTE\/CE\": [-40.7747672682117, -5.53386483554612],\n\"CRATE\u00daS\/CE\": [-40.6684001308448, -5.17695055079545],\n\"INDEPEND\u00caNCIA\/CE\": [-40.3093482605607, -5.39802810026086],\n\"IPAPORANGA\/CE\": [-40.7579663399773, -4.90062978571446],\n\"IPUEIRAS\/CE\": [-40.7156965105938, -4.543785495],\n\"NOVA RUSSAS\/CE\": [-40.5653033548825, -4.7068083499366],\n\"TAMBORIL\/CE\": [-40.319068513296, -4.83392858315588],\n\"CATUNDA\/CE\": [-40.2058037894278, -4.65154938565972],\n\"CURA\u00c7\u00c1\/BA\": [-39.908081018943, -8.98903211797355],\n\"SANTA MARIA DA BOA VISTA\/PE\": [-39.8242357254967, -8.8041265],\n\"OROC\u00d3\/PE\": [-39.5952457761053, -8.61794564613774],\n\"MACURUR\u00c9\/BA\": [-39.0595150265112, -9.1747059108515],\n\"CHORROCH\u00d3\/BA\": [-39.1023700774151, -8.97547780401288],\n\"CABROB\u00d3\/PE\": [-39.3098413379707, -8.51510548326908],\n\"TERRA NOVA\/PE\": [-39.37442183786, -8.2303579786437],\n\"ABAR\u00c9\/BA\": [-39.1165879396428, -8.72341824568634],\n\"BEL\u00c9M DO S\u00c3O FRANCISCO\/PE\": [-38.9615995649726, -8.75146278008585],\n\"OURICURI\/PE\": [-40.0814625767368, -7.883151975],\n\"BODOC\u00d3\/PE\": [-39.9361631850394, -7.77934262699137],\n\"PARNAMIRIM\/PE\": [-39.5757868229726, -8.09013832716909],\n\"GRANITO\/PE\": [-39.6192863432021, -7.70925328234973],\n\"MOREIL\u00c2NDIA\/PE\": [-39.5537537310788, -7.62998268812021],\n\"POTENGI\/CE\": [-40.0321325356878, -7.09017946960707],\n\"EXU\/PE\": [-39.7227283392676, -7.516307],\n\"SANTANA DO CARIRI\/CE\": [-39.7379797815466, -7.18089778328218],\n\"ALTANEIRA\/CE\": [-39.7458206389421, -6.9974983508052],\n\"NOVA OLINDA\/CE\": [-39.6794854726644, -7.08410281138904],\n\"SERRITA\/PE\": [-39.2926231743621, -7.95434039807981],\n\"CEDRO\/PE\": [-39.2371382153378, -7.71746923330341],\n\"JARDIM\/CE\": [-39.2841644573661, -7.58553646567843],\n\"SALGUEIRO\/PE\": [-39.120850981104, -8.07067752213416],\n\"VERDEJANTE\/PE\": [-38.9742826042683, -7.93288370462191],\n\"PENAFORTE\/CE\": [-39.0741275240802, -7.82991461205567],\n\"JATI\/CE\": [-39.0051387612294, -7.69274159478333],\n\"BARBALHA\/CE\": [-39.3023163692257, -7.30717212691268],\n\"CRATO\/CE\": [-39.4083902977886, -7.23175278993045],\n\"JUAZEIRO DO NORTE\/CE\": [-39.3169933556143, -7.210766],\n\"CARIRIA\u00c7U\/CE\": [-39.2843720295557, -7.041528],\n\"PORTEIRAS\/CE\": [-39.1153314614829, -7.53574644160671],\n\"ABAIARA\/CE\": [-39.0475466361851, -7.35697659589831],\n\"BREJO SANTO\/CE\": [-38.9855138673635, -7.49163800866139],\n\"MILAGRES\/CE\": [-38.9431567662076, -7.31042779678189],\n\"MISS\u00c3O VELHA\/CE\": [-39.1451977078653, -7.24323151378516],\n\"RODELAS\/BA\": [-38.7723090006586, -8.84499653356944],\n\"GL\u00d3RIA\/BA\": [-38.2592732301041, -9.34017318364545],\n\"JATOB\u00c1\/PE\": [-38.2750376623843, -9.18506999252143],\n\"PETROL\u00c2NDIA\/PE\": [-38.2207335453001, -8.97734346438332],\n\"ITACURUBA\/PE\": [-38.6863416893124, -8.72451506478971],\n\"FLORESTA\/PE\": [-38.5712393419872, -8.6008265],\n\"CARNAUBEIRA DA PENHA\/PE\": [-38.7434219469465, -8.32060796467651],\n\"TACARATU\/PE\": [-38.1534611596796, -9.10569964429411],\n\"DELMIRO GOUVEIA\/AL\": [-37.9992334861769, -9.38457444694075],\n\"PARICONHA\/AL\": [-38.0098260716315, -9.25788438518493],\n\"\u00c1GUA BRANCA\/AL\": [-37.940715175965, -9.26702549705051],\n\"INHAPI\/AL\": [-37.752636521046, -9.22389877333184],\n\"MATA GRANDE\/AL\": [-37.7252240648916, -9.11480625764182],\n\"CANAPI\/AL\": [-37.6056471506351, -9.11738029758643],\n\"INAJ\u00c1\/PE\": [-37.8244851112304, -8.90204607887599],\n\"MANARI\/PE\": [-37.626822945483, -8.96010814463401],\n\"BET\u00c2NIA\/PE\": [-38.0387381366471, -8.26984078962668],\n\"IBIMIRIM\/PE\": [-37.6900466896833, -8.53876220824973],\n\"MIRANDIBA\/PE\": [-38.7345645822767, -8.12024380215452],\n\"S\u00c3O JOS\u00c9 DO BELMONTE\/PE\": [-38.7594537800097, -7.86174005472195],\n\"SANTA IN\u00caS\/PB\": [-38.5595999296318, -7.62777971854304],\n\"SERRA TALHADA\/PE\": [-38.2963149474727, -7.98799752],\n\"MAURITI\/CE\": [-38.772795438031, -7.387398],\n\"BARRO\/CE\": [-38.7798806460522, -7.16820872668523],\n\"MONTE HOREBE\/PB\": [-38.5836574944156, -7.20952640226047],\n\"CONCEI\u00c7\u00c3O\/PB\": [-38.5091579595304, -7.56022508662484],\n\"IBIARA\/PB\": [-38.4055678575028, -7.49785122454589],\n\"BONITO DE SANTA F\u00c9\/PB\": [-38.5164953050679, -7.31076308185791],\n\"SANTANA DE MANGUEIRA\/PB\": [-38.3325811539417, -7.55121340952874],\n\"DIAMANTE\/PB\": [-38.2650442086435, -7.42358342115025],\n\"BOA VENTURA\/PB\": [-38.2189508765067, -7.42228214528533],\n\"S\u00c3O JOS\u00c9 DE PIRANHAS\/PB\": [-38.5010748206497, -7.12086995744378],\n\"SERRA GRANDE\/PB\": [-38.3748947870419, -7.21414775784029],\n\"S\u00c3O JOS\u00c9 DE CAIANA\/PB\": [-38.2978233702354, -7.24915963108365],\n\"CARRAPATEIRA\/PB\": [-38.3442167253342, -7.03965424145217],\n\"CALUMBI\/PE\": [-38.1537459242791, -7.93842732667504],\n\"SANTA CRUZ DA BAIXA VERDE\/PE\": [-38.1531381817594, -7.82146968232143],\n\"TRIUNFO\/PE\": [-38.1070603447143, -7.83087635877054],\n\"S\u00c3O JOS\u00c9 DE PRINCESA\/PB\": [-38.0988027202559, -7.7429694507639],\n\"MANA\u00cdRA\/PB\": [-38.1530716660803, -7.70461414156368],\n\"FLORES\/PE\": [-37.9714561137782, -7.86171447493079],\n\"PRINCESA ISABEL\/PB\": [-37.9936640096162, -7.73386645898496],\n\"CUST\u00d3DIA\/PE\": [-37.6410965906668, -8.089002],\n\"QUIXABA\/PE\": [-37.8464456195457, -7.71812641014089],\n\"CARNA\u00cdBA\/PE\": [-37.793398902551, -7.80305821890566],\n\"TAVARES\/PB\": [-37.8785919324605, -7.63570844619416],\n\"AFOGADOS DA INGAZEIRA\/PE\": [-37.6376860181022, -7.74832758583151],\n\"SOLID\u00c3O\/PE\": [-37.6474702370335, -7.602125684249],\n\"CURRAL VELHO\/PB\": [-38.2003914462447, -7.53808510765584],\n\"PEDRA BRANCA\/PB\": [-38.0722463078192, -7.42656442613012],\n\"ITAPORANGA\/PB\": [-38.1525731066856, -7.30398046311692],\n\"NOVA OLINDA\/PB\": [-38.0410502007873, -7.47684278075379],\n\"SANTANA DOS GARROTES\/PB\": [-37.9850430999296, -7.38764445972837],\n\"IGARACY\/PB\": [-38.1466946448252, -7.17931929137953],\n\"AGUIAR\/PB\": [-38.1775818446374, -7.09480576245307],\n\"PIANC\u00d3\/PB\": [-37.926519001178, -7.1925698759973],\n\"COREMAS\/PB\": [-37.945537275175, -7.01691828418342],\n\"JURU\/PB\": [-37.819264489008, -7.53430713843463],\n\"\u00c1GUA BRANCA\/PB\": [-37.6422090442572, -7.51107015055765],\n\"OLHO D'\u00c1GUA\/PB\": [-37.7526855285604, -7.22497264854926],\n\"CAJAZEIRINHAS\/PB\": [-37.7991843341113, -6.96269281318218],\n\"EMAS\/PB\": [-37.7145859750777, -7.10799223236892],\n\"CATINGUEIRA\/PB\": [-37.6107199033242, -7.12520978356176],\n\"ANTONINA DO NORTE\/CE\": [-39.9823868418819, -6.77968784711829],\n\"ASSAR\u00c9\/CE\": [-39.8712747474926, -6.87260711221149],\n\"AIUABA\/CE\": [-40.1231600775541, -6.56329844005168],\n\"SABOEIRO\/CE\": [-39.9045806984177, -6.53643335248083],\n\"TARRAFAS\/CE\": [-39.7584941948653, -6.68259031473737],\n\"FARIAS BRITO\/CE\": [-39.5708350212066, -6.92710998064911],\n\"JUC\u00c1S\/CE\": [-39.5267762434303, -6.52254927305863],\n\"CARI\u00daS\/CE\": [-39.4976886800605, -6.53112793786476],\n\"CATARINA\/CE\": [-39.879466228339, -6.12755629081684],\n\"MOMBA\u00c7A\/CE\": [-39.6244052478572, -5.74700454],\n\"GRANJEIRO\/CE\": [-39.2203088858466, -6.88888437288031],\n\"V\u00c1RZEA ALEGRE\/CE\": [-39.2989329971137, -6.79184585564321],\n\"IGUATU\/CE\": [-39.2999056781645, -6.36055472004592],\n\"AURORA\/CE\": [-38.9769908769444, -6.94039183200645],\n\"LAVRAS DA MANGABEIRA\/CE\": [-38.9672750539277, -6.75474797684014],\n\"CEDRO\/CE\": [-39.0597431480294, -6.6049605],\n\"IC\u00d3\/CE\": [-38.8630851788798, -6.40303125193041],\n\"ACOPIARA\/CE\": [-39.4557052761772, -6.092761995],\n\"QUIXEL\u00d4\/CE\": [-39.202294366455, -6.25121190037953],\n\"PIQUET CARNEIRO\/CE\": [-39.419406255538, -5.80856955977343],\n\"DEPUTADO IRAPUAN PINHEIRO\/CE\": [-39.2615417650871, -5.90896237382936],\n\"OR\u00d3S\/CE\": [-38.9135959845487, -6.24279878368762],\n\"PEDRA BRANCA\/CE\": [-39.7139376447036, -5.4546855],\n\"MONSENHOR TABOSA\/CE\": [-40.0700674615929, -4.78309129145873],\n\"BOA VIAGEM\/CE\": [-39.7332823425095, -5.12574387005676],\n\"MADALENA\/CE\": [-39.5757886826003, -4.85243417660198],\n\"ITATIRA\/CE\": [-39.6179040158845, -4.52892256233297],\n\"SENADOR POMPEU\/CE\": [-39.3753253308417, -5.58934375213112],\n\"MILH\u00c3\/CE\": [-39.2035741816436, -5.67956410088697],\n\"QUIXERAMOBIM\/CE\": [-39.2943542269635, -5.19840483742558],\n\"SOLON\u00d3POLE\/CE\": [-39.0082249132446, -5.72635129100783],\n\"BANABUI\u00da\/CE\": [-38.9257848049298, -5.3150473039948],\n\"CHOR\u00d3\/CE\": [-39.1374675315576, -4.84251565928672],\n\"QUIXAD\u00c1\/CE\": [-39.0117446758304, -4.9637],\n\"ITAPI\u00daNA\/CE\": [-38.9206739559252, -4.55474017465125],\n\"IPAUMIRIM\/CE\": [-38.7159037441224, -6.78836126021327],\n\"BAIXIO\/CE\": [-38.7201259159638, -6.7271620493217],\n\"CACHOEIRA DOS \u00cdNDIOS\/PB\": [-38.6783031916559, -6.92393585280371],\n\"BOM JESUS\/PB\": [-38.6551428070451, -6.8179576511972],\n\"CAJAZEIRAS\/PB\": [-38.5605303718409, -6.8904645],\n\"SANTA HELENA\/PB\": [-38.6427896706556, -6.71869419964293],\n\"UMARI\/CE\": [-38.7013257158543, -6.64724437520981],\n\"TRIUNFO\/PB\": [-38.598098331275, -6.5768355073857],\n\"BERNARDINO BATISTA\/PB\": [-38.5488692212462, -6.45354779321651],\n\"S\u00c3O JO\u00c3O DO RIO DO PEIXE\/PB\": [-38.445453570848, -6.73443082832052],\n\"NAZAREZINHO\/PB\": [-38.3189125786079, -6.9127009191105],\n\"MARIZ\u00d3POLIS\/PB\": [-38.3553961303769, -6.84467427702503],\n\"SOUSA\/PB\": [-38.2296050806011, -6.763378005],\n\"PO\u00c7O DE JOS\u00c9 DE MOURA\/PB\": [-38.5099999913196, -6.57691881585499],\n\"UIRA\u00daNA\/PB\": [-38.4070270101528, -6.52492709513081],\n\"JOCA CLAUDINO\/PB\": [-38.4791522142449, -6.48405529669128],\n\"PO\u00c7O DANTAS\/PB\": [-38.4971655332399, -6.4071756420217],\n\"LU\u00cdS GOMES\/RN\": [-38.386420375103, -6.41402814243274],\n\"VIEIR\u00d3POLIS\/PB\": [-38.2778434980653, -6.54571355168578],\n\"PARAN\u00c1\/RN\": [-38.3111288501105, -6.48533050134249],\n\"MAJOR SALES\/RN\": [-38.3234550212287, -6.40375656574908],\n\"JAGUARIBE\/CE\": [-38.6230050492668, -5.886459045],\n\"VENHA-VER\/RN\": [-38.4912301676647, -6.31942283689552],\n\"S\u00c3O MIGUEL\/RN\": [-38.4963439736539, -6.2123429186061],\n\"CORONEL JO\u00c3O PESSOA\/RN\": [-38.4402581627126, -6.26011221139078],\n\"PEREIRO\/CE\": [-38.4591360389541, -6.04507690203015],\n\"DOUTOR SEVERIANO\/RN\": [-38.3736830788222, -6.09368737055909],\n\"RIACHO DE SANTANA\/RN\": [-38.3148330293793, -6.26473054680818],\n\"\u00c1GUA NOVA\/RN\": [-38.2908249542281, -6.20471671883501],\n\"JOS\u00c9 DA PENHA\/RN\": [-38.2844030704544, -6.31268844277092],\n\"ENCANTO\/RN\": [-38.3048789906516, -6.1111342006329],\n\"RAFAEL FERNANDES\/RN\": [-38.2225028856897, -6.18649519808459],\n\"ERER\u00ca\/CE\": [-38.3472589620963, -6.03133272993446],\n\"IRACEMA\/CE\": [-38.3046616556988, -5.80984255286376],\n\"S\u00c3O JOS\u00c9 DA LAGOA TAPADA\/PB\": [-38.1577701892674, -6.94423148941398],\n\"APARECIDA\/PB\": [-38.0833382545419, -6.78369514151856],\n\"S\u00c3O DOMINGOS\/PB\": [-37.9426027474446, -6.81592498091653],\n\"LASTRO\/PB\": [-38.1792184928311, -6.51653062578422],\n\"S\u00c3O FRANCISCO\/PB\": [-38.0971412339127, -6.61927998240531],\n\"SANTA CRUZ\/PB\": [-38.0605555920097, -6.53501416751783],\n\"TENENTE ANANIAS\/RN\": [-38.1792978897052, -6.47754371218665],\n\"LAGOA\/PB\": [-37.9150900701029, -6.59420861333486],\n\"ALEXANDRIA\/RN\": [-38.0192888913064, -6.41713633794429],\n\"BOM SUCESSO\/PB\": [-37.9300236973884, -6.44504672298809],\n\"POMBAL\/PB\": [-37.798267271363, -6.769855485],\n\"S\u00c3O BENTINHO\/PB\": [-37.7227213005654, -6.89030850899754],\n\"CONDADO\/PB\": [-37.6039713346287, -6.91230677729076],\n\"JERIC\u00d3\/PB\": [-37.808641377421, -6.55619499094078],\n\"BREJO DOS SANTOS\/PB\": [-37.8237101751213, -6.37618330821286],\n\"CATOL\u00c9 DO ROCHA\/PB\": [-37.7485000905939, -6.346752995],\n\"MATO GROSSO\/PB\": [-37.7115726982213, -6.5426334911734],\n\"PAULISTA\/PB\": [-37.6210556739873, -6.59406157976211],\n\"RIACHO DOS CAVALOS\/PB\": [-37.6538353910347, -6.43649424914114],\n\"MARCELINO VIEIRA\/RN\": [-38.1666126187356, -6.29354978779003],\n\"PAU DOS FERROS\/RN\": [-38.2032615200836, -6.11473183865013],\n\"FRANCISCO DANTAS\/RN\": [-38.1256497554185, -6.08809671674326],\n\"PIL\u00d5ES\/RN\": [-38.0444431555028, -6.26572244024087],\n\"SERRINHA DOS PINTOS\/RN\": [-37.9615790488699, -6.1141293698225],\n\"MARTINS\/RN\": [-37.9113273956681, -6.09634749287148],\n\"S\u00c3O FRANCISCO DO OESTE\/RN\": [-38.1692961807558, -6.00063657053982],\n\"RODOLFO FERNANDES\/RN\": [-38.0628743291341, -5.78799361171139],\n\"PORTALEGRE\/RN\": [-37.9851948257179, -6.02432801349187],\n\"TABOLEIRO GRANDE\/RN\": [-38.0435675405776, -5.92675229224912],\n\"VI\u00c7OSA\/RN\": [-37.9474090159692, -5.99185717473434],\n\"RIACHO DA CRUZ\/RN\": [-37.9502747099434, -5.93580252202388],\n\"ITA\u00da\/RN\": [-37.9882686256902, -5.83793607342512],\n\"SEVERIANO MELO\/RN\": [-37.9565807059839, -5.77818776528756],\n\"ANT\u00d4NIO MARTINS\/RN\": [-37.8857345656395, -6.21600445470736],\n\"JO\u00c3O DIAS\/RN\": [-37.7969607820048, -6.27611409784306],\n\"FRUTUOSO GOMES\/RN\": [-37.8409607540419, -6.15623279929201],\n\"LUCR\u00c9CIA\/RN\": [-37.8156328477028, -6.11692363522479],\n\"ALMINO AFONSO\/RN\": [-37.7631253023649, -6.15742069252536],\n\"RAFAEL GODEIRO\/RN\": [-37.7159740682361, -6.07829664776498],\n\"PATU\/RN\": [-37.6401023994731, -6.1015320672853],\n\"UMARIZAL\/RN\": [-37.8132584900854, -5.98990197956187],\n\"OLHO-D'\u00c1GUA DO BORGES\/RN\": [-37.7118209785559, -5.95925838753112],\n\"JAGUARETAMA\/CE\": [-38.7625262979074, -5.61088956322615],\n\"JAGUARIBARA\/CE\": [-38.4630972955508, -5.45750203396349],\n\"ALTO SANTO\/CE\": [-38.2727781487196, -5.52208173974523],\n\"S\u00c3O JO\u00c3O DO JAGUARIBE\/CE\": [-38.2719407043798, -5.26863055048591],\n\"IBICUITINGA\/CE\": [-38.6408630485786, -4.96916642282456],\n\"IBARETAMA\/CE\": [-38.8216783127295, -4.81865157790641],\n\"MORADA NOVA\/CE\": [-38.3649073450731, -5.09695200016721],\n\"POTIRETAMA\/CE\": [-38.1579178531648, -5.72166790374219],\n\"TABULEIRO DO NORTE\/CE\": [-38.129737128172, -5.24380386987735],\n\"LIMOEIRO DO NORTE\/CE\": [-38.0990948704529, -5.15023902],\n\"APODI\/RN\": [-37.797784476271, -5.66376981922722],\n\"FELIPE GUERRA\/RN\": [-37.6913850557146, -5.60196176980821],\n\"QUIXER\u00c9\/CE\": [-37.9905222250863, -5.06872895444067],\n\"RUSSAS\/CE\": [-37.9754312969011, -4.93973781536402],\n\"PALHANO\/CE\": [-37.9662351610974, -4.74394507677329],\n\"JAGUARUANA\/CE\": [-37.7823914809586, -4.83955516829761],\n\"BARA\u00daNA\/RN\": [-37.6181801950628, -5.07661810480469],\n\"ITAI\u00c7ABA\/CE\": [-37.821629513686, -4.68340471185561],\n\"ARACATI\/CE\": [-37.7727525989113, -4.56706647],\n\"INDIAROBA\/SE\": [-37.5150947928792, -11.5185072682496],\n\"SANTA LUZIA DO ITANHY\/SE\": [-37.4498421802076, -11.3533173973413],\n\"EST\u00c2NCIA\/SE\": [-37.4400108537292, -11.2679486493031],\n\"SALGADO\/SE\": [-37.477755358888, -11.0221187749041],\n\"ITAPORANGA D'AJUDA\/SE\": [-37.3078269330688, -10.9967327673047],\n\"CAMPO DO BRITO\/SE\": [-37.4963563345164, -10.7433351538524],\n\"MACAMBIRA\/SE\": [-37.543445391339, -10.6641499737985],\n\"ITABAIANA\/SE\": [-37.4268609403324, -10.6857160383187],\n\"AREIA BRANCA\/SE\": [-37.3133626004441, -10.758192250822],\n\"MALHADOR\/SE\": [-37.3114599440126, -10.6600442408644],\n\"S\u00c3O CRIST\u00d3V\u00c3O\/SE\": [-37.2094987839423, -11.0136768571472],\n\"NOSSA SENHORA DO SOCORRO\/SE\": [-37.1284961300464, -10.8487541757333],\n\"LARANJEIRAS\/SE\": [-37.160568198674, -10.7970295089519],\n\"RIACHUELO\/SE\": [-37.1934568325855, -10.7316512984525],\n\"SANTA ROSA DE LIMA\/SE\": [-37.1977318456227, -10.6462336647079],\n\"DIVINA PASTORA\/SE\": [-37.1493449602392, -10.6773757001803],\n\"ARACAJU\/SE\": [-37.0482126395123, -10.9072157978835],\n\"BARRA DOS COQUEIROS\/SE\": [-37.0412415492828, -10.9067992470843],\n\"SANTO AMARO DAS BROTAS\/SE\": [-37.0563110976557, -10.7820113826258],\n\"MARUIM\/SE\": [-37.0833143406492, -10.7369324035675],\n\"ROS\u00c1RIO DO CATETE\/SE\": [-37.0313228648729, -10.6945899789946],\n\"GENERAL MAYNARD\/SE\": [-36.9879844294671, -10.6865298123962],\n\"CARM\u00d3POLIS\/SE\": [-36.9908161851827, -10.6468185839524],\n\"PIRAMBU\/SE\": [-36.8597462116876, -10.7410561554895],\n\"FREI PAULO\/SE\": [-37.5418762486803, -10.5400847468847],\n\"RIBEIR\u00d3POLIS\/SE\": [-37.4329390298824, -10.5451904693215],\n\"NOSSA SENHORA APARECIDA\/SE\": [-37.4544385459973, -10.3946514574101],\n\"MOITA BONITA\/SE\": [-37.3457494006631, -10.5790438595404],\n\"S\u00c3O MIGUEL DO ALEIXO\/SE\": [-37.3839764494164, -10.3877721948223],\n\"NOSSA SENHORA DA GL\u00d3RIA\/SE\": [-37.4199214592677, -10.215686849106],\n\"MONTE ALEGRE DE SERGIPE\/SE\": [-37.5614258472908, -10.025861627368],\n\"FEIRA NOVA\/SE\": [-37.3161177206926, -10.2705325209233],\n\"NOSSA SENHORA DAS DORES\/SE\": [-37.1937112099255, -10.4920543730734],\n\"SIRIRI\/SE\": [-37.1122253407609, -10.6050355731006],\n\"CUMBE\/SE\": [-37.1878992756552, -10.3570250323237],\n\"CAPELA\/SE\": [-37.0548329945789, -10.5060996319004],\n\"JAPARATUBA\/SE\": [-36.9417863037613, -10.5894668148048],\n\"MURIBECA\/SE\": [-36.9570014375569, -10.4274274735498],\n\"GRACHO CARDOSO\/SE\": [-37.196054632255, -10.2261996604123],\n\"ITABI\/SE\": [-37.0996499528057, -10.1234895922391],\n\"AQUIDAB\u00c3\/SE\": [-37.0221808560785, -10.2925180922232],\n\"NOSSA SENHORA DE LOURDES\/SE\": [-37.0504728834465, -10.0786160367075],\n\"CANHOBA\/SE\": [-36.9738449754071, -10.138743655691],\n\"AMPARO DE S\u00c3O FRANCISCO\/SE\": [-36.927483689181, -10.1339710339015],\n\"P\u00c3O DE A\u00c7\u00daCAR\/AL\": [-37.435138856573, -9.74704185025694],\n\"PORTO DA FOLHA\/SE\": [-37.2766348494805, -9.91925887236146],\n\"BELO MONTE\/AL\": [-37.2784386581653, -9.82698885476657],\n\"SENADOR RUI PALMEIRA\/AL\": [-37.4536462478126, -9.46339144898312],\n\"PALESTINA\/AL\": [-37.3311364505041, -9.67309718564914],\n\"S\u00c3O JOS\u00c9 DA TAPERA\/AL\": [-37.3837077656992, -9.54939574043675],\n\"CARNEIROS\/AL\": [-37.3747504206165, -9.48067972087814],\n\"OLHO D'\u00c1GUA DAS FLORES\/AL\": [-37.2978907897967, -9.53360127527465],\n\"GARARU\/SE\": [-37.0843724853204, -9.96735146791995],\n\"TRAIPU\/AL\": [-37.0060056722452, -9.97105938200651],\n\"JACAR\u00c9 DOS HOMENS\/AL\": [-37.2078334090177, -9.63665882831559],\n\"MONTEIR\u00d3POLIS\/AL\": [-37.2452720989471, -9.60232753886744],\n\"BATALHA\/AL\": [-37.1270918944836, -9.67459302797037],\n\"OLIVEN\u00c7A\/AL\": [-37.1908187180627, -9.51945648335504],\n\"JARAMATAIA\/AL\": [-37.0035959132308, -9.65835193876392],\n\"MAJOR ISIDORO\/AL\": [-36.9847996142241, -9.52664406793994],\n\"CACIMBINHAS\/AL\": [-36.9968696260236, -9.40516275105815],\n\"MALHADA DOS BOIS\/SE\": [-36.9189022040157, -10.3464515201382],\n\"S\u00c3O FRANCISCO\/SE\": [-36.8862396608894, -10.3464864526782],\n\"JAPOAT\u00c3\/SE\": [-36.8007564643613, -10.3465099141958],\n\"PACATUBA\/SE\": [-36.6479863948283, -10.4498997629294],\n\"CEDRO DE S\u00c3O JO\u00c3O\/SE\": [-36.8840359528515, -10.2477649415005],\n\"TELHA\/SE\": [-36.8838500415646, -10.2091732236821],\n\"PROPRI\u00c1\/SE\": [-36.8420993590988, -10.2082073153137],\n\"PORTO REAL DO COL\u00c9GIO\/AL\": [-36.8246292915239, -10.1737325641911],\n\"S\u00c3O BR\u00c1S\/AL\": [-36.8989486552451, -10.1203099965729],\n\"OLHO D'\u00c1GUA GRANDE\/AL\": [-36.8067459676714, -10.0584949600009],\n\"IGREJA NOVA\/AL\": [-36.653345012518, -10.1292988371728],\n\"ILHA DAS FLORES\/SE\": [-36.538635240922, -10.434275829882],\n\"NE\u00d3POLIS\/SE\": [-36.5767181793652, -10.3158782272668],\n\"BREJO GRANDE\/SE\": [-36.4718202439579, -10.4189433106341],\n\"PIA\u00c7ABU\u00c7U\/AL\": [-36.4343520081112, -10.4073624263407],\n\"SANTANA DO S\u00c3O FRANCISCO\/SE\": [-36.5995793479956, -10.2876719724288],\n\"PENEDO\/AL\": [-36.5804602140903, -10.2961102979024],\n\"FELIZ DESERTO\/AL\": [-36.3071875176995, -10.2923806198663],\n\"CAMPO GRANDE\/AL\": [-36.7908400521347, -9.95692260332019],\n\"GIRAU DO PONCIANO\/AL\": [-36.8303139029901, -9.8873641521582],\n\"FEIRA GRANDE\/AL\": [-36.6776855005338, -9.90043719889156],\n\"LAGOA DA CANOA\/AL\": [-36.7357892600018, -9.83087565650446],\n\"ARAPIRACA\/AL\": [-36.6572965062872, -9.7559070107047],\n\"CRA\u00cdBAS\/AL\": [-36.7723914019128, -9.61993379738632],\n\"IGACI\/AL\": [-36.62815971645, -9.53368865946465],\n\"PALMEIRA DOS \u00cdNDIOS\/AL\": [-36.6309840973114, -9.4061587984201],\n\"S\u00c3O SEBASTI\u00c3O\/AL\": [-36.5510919020052, -9.93165738892367],\n\"JUNQUEIRO\/AL\": [-36.4715218222232, -9.93161038974245],\n\"LIMOEIRO DE ANADIA\/AL\": [-36.5038970865, -9.73861316781449],\n\"TEOT\u00d4NIO VILELA\/AL\": [-36.3555631422205, -9.90749788301098],\n\"CAMPO ALEGRE\/AL\": [-36.352434752197, -9.78341603898408],\n\"COIT\u00c9 DO N\u00d3IA\/AL\": [-36.5796842002285, -9.63848727077993],\n\"TAQUARANA\/AL\": [-36.4967676919619, -9.64232010538379],\n\"BEL\u00c9M\/AL\": [-36.4944979894058, -9.56864823133606],\n\"ANADIA\/AL\": [-36.3008135714461, -9.68408378505047],\n\"MARIBONDO\/AL\": [-36.3066028985381, -9.57724995600836],\n\"TANQUE D'ARCA\/AL\": [-36.4367415959431, -9.53196244231297],\n\"MAR VERMELHO\/AL\": [-36.3850400240272, -9.44777264348944],\n\"PINDOBA\/AL\": [-36.2865406443458, -9.47621079980144],\n\"CORURIPE\/AL\": [-36.1760783105118, -10.1265472503749],\n\"JEQUI\u00c1 DA PRAIA\/AL\": [-36.0273340429838, -10.0095918935695],\n\"S\u00c3O MIGUEL DOS CAMPOS\/AL\": [-36.0942642743776, -9.77993457613103],\n\"ROTEIRO\/AL\": [-35.9812102213933, -9.83218949018835],\n\"BOCA DA MATA\/AL\": [-36.2117249001431, -9.64514456727259],\n\"CAJUEIRO\/AL\": [-36.1563785914086, -9.38966057508941],\n\"CAPELA\/AL\": [-36.0750084923936, -9.4129315555221],\n\"ATALAIA\/AL\": [-36.0214273162625, -9.50138674650017],\n\"BARRA DE S\u00c3O MIGUEL\/AL\": [-35.9074498726289, -9.83899825174925],\n\"MARECHAL DEODORO\/AL\": [-35.8930686988453, -9.73915570244381],\n\"PILAR\/AL\": [-35.9485175199678, -9.60689429266684],\n\"SANTA LUZIA DO NORTE\/AL\": [-35.8234877698639, -9.59676774166949],\n\"SATUBA\/AL\": [-35.8285402270771, -9.56942786775773],\n\"RIO LARGO\/AL\": [-35.8524223085924, -9.48615760833584],\n\"MESSIAS\/AL\": [-35.840378300501, -9.39181222510958],\n\"COQUEIRO SECO\/AL\": [-35.795363001733, -9.63755427096993],\n\"MACEI\u00d3\/AL\": [-35.7016299134895, -9.66082215163114],\n\"PARIPUEIRA\/AL\": [-35.5591051843043, -9.46631347833536],\n\"BARRA DE SANTO ANT\u00d4NIO\/AL\": [-35.5002980957816, -9.40927810936494],\n\"PO\u00c7O DAS TRINCHEIRAS\/AL\": [-37.2792980528473, -9.30291365540457],\n\"MARAVILHA\/AL\": [-37.3566354220481, -9.23399706335314],\n\"OURO BRANCO\/AL\": [-37.3544437290231, -9.163415364026],\n\"ITA\u00cdBA\/PE\": [-37.4189484589274, -8.9400544003599],\n\"SANTANA DO IPANEMA\/AL\": [-37.2454070203705, -9.3722843627404],\n\"DOIS RIACHOS\/AL\": [-37.0898496479493, -9.38567081154627],\n\"\u00c1GUAS BELAS\/PE\": [-37.1219571685606, -9.1145895],\n\"TUPANATINGA\/PE\": [-37.3402334718006, -8.7515816593182],\n\"BU\u00cdQUE\/PE\": [-37.156988114845, -8.62205904068232],\n\"PEDRA\/PE\": [-36.9427981488871, -8.4984765],\n\"ARCOVERDE\/PE\": [-37.0565055646245, -8.4239405],\n\"MINADOR DO NEGR\u00c3O\/AL\": [-36.864915772472, -9.30368326063751],\n\"ESTRELA DE ALAGOAS\/AL\": [-36.7583331109668, -9.38740530657934],\n\"BOM CONSELHO\/PE\": [-36.679314385707, -9.16338298488547],\n\"IATI\/PE\": [-36.8472759684337, -9.04570925087953],\n\"SALO\u00c1\/PE\": [-36.6927291741698, -8.97599548086788],\n\"TEREZINHA\/PE\": [-36.6214759481747, -9.0577780594961],\n\"PARANATAMA\/PE\": [-36.6584292680601, -8.92014533800006],\n\"QUEBRANGULO\/AL\": [-36.4772220766618, -9.32354705536581],\n\"LAGOA DO OURO\/PE\": [-36.4643169318296, -9.12417183792505],\n\"PAULO JACINTO\/AL\": [-36.3727420945597, -9.3733643824119],\n\"CH\u00c3 PRETA\/AL\": [-36.2993814518778, -9.26142245940566],\n\"CORRENTES\/PE\": [-36.3297018953137, -9.12866550151905],\n\"BREJ\u00c3O\/PE\": [-36.5646966592673, -9.02724915072048],\n\"GARANHUNS\/PE\": [-36.4930502821005, -8.88890553],\n\"PALMEIRINA\/PE\": [-36.3273109987233, -9.00168328514325],\n\"S\u00c3O JO\u00c3O\/PE\": [-36.3682530765329, -8.87755937542735],\n\"ANGELIM\/PE\": [-36.2848143554983, -8.89037420790994],\n\"VENTUROSA\/PE\": [-36.8783720838699, -8.57652690116664],\n\"CAET\u00c9S\/PE\": [-36.6248040076124, -8.77559484478882],\n\"CAPOEIRAS\/PE\": [-36.6237980172928, -8.73614267974256],\n\"ALAGOINHA\/PE\": [-36.7754560083166, -8.46627052298468],\n\"PESQUEIRA\/PE\": [-36.6955147218979, -8.35545610783497],\n\"PO\u00c7\u00c3O\/PE\": [-36.7058798977192, -8.18622700894123],\n\"JUCATI\/PE\": [-36.4903865236772, -8.70702896437458],\n\"S\u00c3O BENTO DO UNA\/PE\": [-36.4462983615963, -8.51986752058347],\n\"JUPI\/PE\": [-36.4117337384655, -8.70609685279339],\n\"CAL\u00c7ADO\/PE\": [-36.3332880795364, -8.73837794373232],\n\"LAJEDO\/PE\": [-36.3214966175308, -8.66285686583942],\n\"SANHAR\u00d3\/PE\": [-36.5625071953832, -8.36296196892339],\n\"BELO JARDIM\/PE\": [-36.420035083018, -8.3352954393583],\n\"TACAIMB\u00d3\/PE\": [-36.2904043048255, -8.31561072482585],\n\"SERT\u00c2NIA\/PE\": [-37.2673901012878, -8.07245],\n\"IGUARACI\/PE\": [-37.5188211184962, -7.84477430130535],\n\"TABIRA\/PE\": [-37.5402657741875, -7.59113651302262],\n\"INGAZEIRA\/PE\": [-37.4576704743563, -7.6777971945153],\n\"TUPARETAMA\/PE\": [-37.3111818112638, -7.59875946480799],\n\"ZABEL\u00ca\/PB\": [-37.0935519728886, -8.0768741972494],\n\"MONTEIRO\/PB\": [-37.1226806805604, -7.892217],\n\"S\u00c3O SEBASTI\u00c3O DO UMBUZEIRO\/PB\": [-37.0084169780022, -8.15711875468474],\n\"OURO VELHO\/PB\": [-37.1543789425132, -7.61865212451032],\n\"PRATA\/PB\": [-37.0823339751871, -7.69698308434496],\n\"AMPARO\/PB\": [-37.0647752481212, -7.5672115216128],\n\"IMACULADA\/PB\": [-37.5100748563998, -7.38853726132228],\n\"SANTA TEREZINHA\/PE\": [-37.4800327232567, -7.37035573926697],\n\"S\u00c3O JOS\u00c9 DO EGITO\/PE\": [-37.2750721852439, -7.47402518326653],\n\"MATUR\u00c9IA\/PB\": [-37.3504338850628, -7.26593000193745],\n\"BREJINHO\/PE\": [-37.2873345539798, -7.3456712759663],\n\"M\u00c3E D'\u00c1GUA\/PB\": [-37.428160994959, -7.25704909269706],\n\"SANTA TERESINHA\/PB\": [-37.4417177954698, -7.08419170526247],\n\"TEIXEIRA\/PB\": [-37.2515615776267, -7.22370290861476],\n\"S\u00c3O JOS\u00c9 DO BONFIM\/PB\": [-37.3092447284815, -7.16091497735897],\n\"PATOS\/PB\": [-37.2769133372926, -7.02449166821925],\n\"ITAPETIM\/PE\": [-37.1884393109605, -7.37842852842199],\n\"DESTERRO\/PB\": [-37.0921693225256, -7.29144753043202],\n\"LIVRAMENTO\/PB\": [-36.94862930397, -7.3790028227583],\n\"CACIMBA DE AREIA\/PB\": [-37.1582169542224, -7.12847337694278],\n\"QUIXAB\u00c1\/PB\": [-37.1470987043486, -7.03081760657396],\n\"CACIMBAS\/PB\": [-37.0604021093534, -7.21235930264992],\n\"PASSAGEM\/PB\": [-37.0543919436503, -7.13281959666244],\n\"AREIA DE BARA\u00daNAS\/PB\": [-36.9435079583787, -7.12369501302357],\n\"S\u00c3O JO\u00c3O DO TIGRE\/PB\": [-36.8457433215685, -8.08104288936475],\n\"CAMALA\u00da\/PB\": [-36.8316105814858, -7.89124209512659],\n\"SUM\u00c9\/PB\": [-36.8802761457321, -7.67105361514705],\n\"CONGO\/PB\": [-36.6615328551699, -7.79257077750369],\n\"JATA\u00daBA\/PE\": [-36.4988285484163, -7.98725777724561],\n\"BREJO DA MADRE DE DEUS\/PE\": [-36.3703914413319, -8.1489565],\n\"CARA\u00daBAS\/PB\": [-36.4954780726943, -7.73109937240817],\n\"COXIXOLA\/PB\": [-36.6048295218776, -7.62879696062795],\n\"BARRA DE S\u00c3O MIGUEL\/PB\": [-36.3215359677565, -7.75267062619654],\n\"S\u00c3O DOMINGOS DO CARIRI\/PB\": [-36.4359294005056, -7.63299070250314],\n\"S\u00c3O JOS\u00c9 DOS CORDEIROS\/PB\": [-36.8027778195065, -7.39264269695839],\n\"SERRA BRANCA\/PB\": [-36.6556668629229, -7.4805025244756],\n\"PARARI\/PB\": [-36.6583244439251, -7.31670010077819],\n\"TAPERO\u00c1\/PB\": [-36.8289985342818, -7.20953935099688],\n\"SALGADINHO\/PB\": [-36.8455028942862, -7.10303473308871],\n\"SANTO ANDR\u00c9\/PB\": [-36.6309754330546, -7.22048912283316],\n\"ASSUN\u00c7\u00c3O\/PB\": [-36.7331874760572, -7.0763269436714],\n\"JUNCO DO SERID\u00d3\/PB\": [-36.716441226086, -6.9933376488561],\n\"S\u00c3O JO\u00c3O DO CARIRI\/PB\": [-36.5315209358872, -7.39020133575512],\n\"GURJ\u00c3O\/PB\": [-36.4862761217649, -7.24622166093218],\n\"JUAZEIRINHO\/PB\": [-36.5707010055171, -7.06536831063555],\n\"SOLEDADE\/PB\": [-36.362664860377, -7.05874137777625],\n\"VI\u00c7OSA\/AL\": [-36.2483932029197, -9.37705435448976],\n\"SANTANA DO MUNDA\u00da\/AL\": [-36.2252341170425, -9.16503322076224],\n\"BRANQUINHA\/AL\": [-36.0200335331731, -9.24658310830329],\n\"UNI\u00c3O DOS PALMARES\/AL\": [-36.0331428428074, -9.159524116522],\n\"CANHOTINHO\/PE\": [-36.193574878074, -8.88387056215619],\n\"S\u00c3O JOS\u00c9 DA LAJE\/AL\": [-36.0573877321467, -9.01106588188022],\n\"QUIPAP\u00c1\/PE\": [-36.0119895299569, -8.82788502205398],\n\"MURICI\/AL\": [-35.947555585677, -9.31630114434686],\n\"FLEXEIRAS\/AL\": [-35.7243716385672, -9.27323546004541],\n\"JOAQUIM GOMES\/AL\": [-35.749030258912, -9.13597914629409],\n\"IBATEGUARA\/AL\": [-35.9311844564205, -8.97698521760536],\n\"S\u00c3O BENEDITO DO SUL\/PE\": [-35.9311226193514, -8.81043823419499],\n\"MARAIAL\/PE\": [-35.8141175724592, -8.78307760133499],\n\"NOVO LINO\/AL\": [-35.6609637180966, -8.94315880807644],\n\"COL\u00d4NIA LEOPOLDINA\/AL\": [-35.7197808593936, -8.91268826995015],\n\"JUREMA\/PE\": [-36.1359544906229, -8.7196671740285],\n\"CACHOEIRINHA\/PE\": [-36.2359914117891, -8.48683107303865],\n\"IBIRAJUBA\/PE\": [-36.1804630923865, -8.58053493560591],\n\"PANELAS\/PE\": [-36.0015757987346, -8.66724228497482],\n\"ALTINHO\/PE\": [-36.0596997585832, -8.4895925],\n\"S\u00c3O CAITANO\/PE\": [-36.1373597958186, -8.3273605],\n\"CARUARU\/PE\": [-35.9670733600535, -8.285898],\n\"LAGOA DOS GATOS\/PE\": [-35.9071210443245, -8.64925486457646],\n\"CUPIRA\/PE\": [-35.9502573664167, -8.61128266016395],\n\"BEL\u00c9M DE MARIA\/PE\": [-35.8399240901317, -8.6212019106173],\n\"JAQUEIRA\/PE\": [-35.7973952137599, -8.72796987804595],\n\"CATENDE\/PE\": [-35.7216666573487, -8.6703075],\n\"AGRESTINA\/PE\": [-35.94677683746, -8.455973],\n\"S\u00c3O JOAQUIM DO MONTE\/PE\": [-35.8094911721096, -8.4321515],\n\"BONITO\/PE\": [-35.7285279259275, -8.4722605],\n\"CAMOCIM DE S\u00c3O F\u00c9LIX\/PE\": [-35.7651947265538, -8.36213804006225],\n\"BARRA DE GUABIRABA\/PE\": [-35.6628188858245, -8.42093503757972],\n\"SAIR\u00c9\/PE\": [-35.7102477662867, -8.32761353933924],\n\"BEZERROS\/PE\": [-35.754487945878, -8.2353595],\n\"S\u00c3O LU\u00cdS DO QUITUNDE\/AL\": [-35.5654908365835, -9.31411736924134],\n\"PASSO DE CAMARAGIBE\/AL\": [-35.4912752632186, -9.24484665799731],\n\"MATRIZ DE CAMARAGIBE\/AL\": [-35.533554829803, -9.15852582474625],\n\"S\u00c3O MIGUEL DOS MILAGRES\/AL\": [-35.3691193336324, -9.26718629500207],\n\"JUNDI\u00c1\/AL\": [-35.5555972975355, -8.93887675416228],\n\"XEX\u00c9U\/PE\": [-35.6242353157547, -8.80331340552882],\n\"CAMPESTRE\/AL\": [-35.5667177264544, -8.84837535315291],\n\"PORTO CALVO\/AL\": [-35.3983344556037, -9.05244831413658],\n\"JACU\u00cdPE\/AL\": [-35.4609975081236, -8.84030050756405],\n\"PORTO DE PEDRAS\/AL\": [-35.2970152177328, -9.15608616311578],\n\"JAPARATINGA\/AL\": [-35.2586583540313, -9.08897435434458],\n\"MARAGOGI\/AL\": [-35.2230154091319, -9.0154564858241],\n\"BARREIROS\/PE\": [-35.1990859873173, -8.81413799010685],\n\"S\u00c3O JOS\u00c9 DA COROA GRANDE\/PE\": [-35.1457070847085, -8.89419513072977],\n\"PALMARES\/PE\": [-35.5883359937581, -8.6790825],\n\"\u00c1GUA PRETA\/PE\": [-35.5185573511919, -8.70912255231174],\n\"JOAQUIM NABUCO\/PE\": [-35.5292418261614, -8.62689829945635],\n\"GAMELEIRA\/PE\": [-35.3866107834559, -8.58383577054338],\n\"RIBEIR\u00c3O\/PE\": [-35.3761308237039, -8.51111604],\n\"CORT\u00caS\/PE\": [-35.5415869000023, -8.4751512172918],\n\"GRAVAT\u00c1\/PE\": [-35.5714923938373, -8.2059995],\n\"AMARAJI\/PE\": [-35.4507729209957, -8.378487],\n\"PRIMAVERA\/PE\": [-35.3539433948819, -8.33137608611828],\n\"CH\u00c3 GRANDE\/PE\": [-35.4647408125141, -8.24011277651399],\n\"TAMANDAR\u00c9\/PE\": [-35.0906465455374, -8.70468927853919],\n\"RIO FORMOSO\/PE\": [-35.155432817216, -8.66217108532585],\n\"SIRINHA\u00c9M\/PE\": [-35.1164053546685, -8.5933695],\n\"ESCADA\/PE\": [-35.2361574244476, -8.36252199],\n\"IPOJUCA\/PE\": [-35.0634719379371, -8.3969865],\n\"CABO DE SANTO AGOSTINHO\/PE\": [-35.0384889718131, -8.28986423029788],\n\"SANTA CRUZ DO CAPIBARIBE\/PE\": [-36.2039500171458, -7.9551895],\n\"TORITAMA\/PE\": [-36.0568434929956, -8.00665027093915],\n\"TAQUARITINGA DO NORTE\/PE\": [-36.0433376713092, -7.90215982578207],\n\"VERTENTES\/PE\": [-35.989305931, -7.90574260349678],\n\"RIACHO DE SANTO ANT\u00d4NIO\/PB\": [-36.1567097727418, -7.69029534454018],\n\"ALCANTIL\/PB\": [-36.0606043308864, -7.74147703829654],\n\"RIACHO DAS ALMAS\/PE\": [-35.8608749474581, -8.12703278058798],\n\"FREI MIGUELINHO\/PE\": [-35.9231276419375, -7.94445824740133],\n\"CUMARU\/PE\": [-35.6946989631154, -8.01503244286428],\n\"SANTA MARIA DO CAMBUC\u00c1\/PE\": [-35.8852433390024, -7.83181342623099],\n\"VERTENTE DO L\u00c9RIO\/PE\": [-35.8530027396954, -7.77481945530466],\n\"SANTA CEC\u00cdLIA\/PB\": [-35.877474466628, -7.74290596221598],\n\"SURUBIM\/PE\": [-35.7567841034417, -7.83515705731727],\n\"CASINHAS\/PE\": [-35.7253231033555, -7.74320656791998],\n\"GADO BRAVO\/PB\": [-35.7906509034521, -7.5829411773177],\n\"UMBUZEIRO\/PB\": [-35.6714708228878, -7.69820632935525],\n\"CABACEIRAS\/PB\": [-36.2843418898015, -7.49066987370998],\n\"BOQUEIR\u00c3O\/PB\": [-36.133404750711, -7.48264791987131],\n\"BARRA DE SANTANA\/PB\": [-35.9963140811176, -7.52283378063902],\n\"CATURIT\u00c9\/PB\": [-36.0206588240689, -7.41961832073032],\n\"BOA VISTA\/PB\": [-36.2353736587535, -7.25791308057967],\n\"OLIVEDOS\/PB\": [-36.2436652193579, -6.98822562229028],\n\"POCINHOS\/PB\": [-36.0564422810101, -7.07861726936986],\n\"QUEIMADAS\/PB\": [-35.8994339112229, -7.3607915],\n\"AROEIRAS\/PB\": [-35.7155929489148, -7.54846202270723],\n\"FAGUNDES\/PB\": [-35.7846088757702, -7.36306160444852],\n\"CAMPINA GRANDE\/PB\": [-35.8838591147815, -7.22149704],\n\"PUXINAN\u00c3\/PB\": [-35.9584940731246, -7.1489066440629],\n\"LAGOA SECA\/PB\": [-35.8514401351463, -7.15841248855856],\n\"MONTADAS\/PB\": [-35.9582754292669, -7.08909633845498],\n\"AREIAL\/PB\": [-35.9228094312866, -7.04996108869381],\n\"S\u00c3O SEBASTI\u00c3O DE LAGOA DE RO\u00c7A\/PB\": [-35.8664139115223, -7.10094595524404],\n\"ESPERAN\u00c7A\/PB\": [-35.8585932869695, -7.020685],\n\"MATINHAS\/PB\": [-35.7709374162111, -7.12116834374255],\n\"MASSARANDUBA\/PB\": [-35.7375152076896, -7.18019947108161],\n\"RIACH\u00c3O DO BACAMARTE\/PB\": [-35.6553876583291, -7.25059477327924],\n\"SERRA REDONDA\/PB\": [-35.6742704972443, -7.18254942468272],\n\"ALAGOA NOVA\/PB\": [-35.75945653982, -7.05779882533355],\n\"REM\u00cdGIO\/PB\": [-35.7958331901249, -6.96629295198897],\n\"AREIA\/PB\": [-35.7033914011072, -6.965515],\n\"PASSIRA\/PE\": [-35.5816849952227, -7.97888394183413],\n\"SALGADINHO\/PE\": [-35.6380612404985, -7.93948374141724],\n\"POMBOS\/PE\": [-35.3961953582275, -8.14435986002866],\n\"LIMOEIRO\/PE\": [-35.4552610509597, -7.880198],\n\"FEIRA NOVA\/PE\": [-35.390597986464, -7.94872774216478],\n\"JO\u00c3O ALFREDO\/PE\": [-35.5915023689903, -7.86018872703986],\n\"BOM JARDIM\/PE\": [-35.5871395022878, -7.79951218074002],\n\"OROB\u00d3\/PE\": [-35.6029820966855, -7.73789513366546],\n\"NATUBA\/PB\": [-35.5561446826129, -7.64097882478663],\n\"MACHADOS\/PE\": [-35.5141405623355, -7.68857248562588],\n\"S\u00c3O VICENTE FERRER\/PE\": [-35.4901218808857, -7.59221273256537],\n\"BUENOS AIRES\/PE\": [-35.3295704142006, -7.72437221003539],\n\"VIT\u00d3RIA DE SANTO ANT\u00c3O\/PE\": [-35.2938642410814, -8.118748],\n\"GL\u00d3RIA DO GOIT\u00c1\/PE\": [-35.2923223922623, -7.99960847212724],\n\"LAGOA DE ITAENGA\/PE\": [-35.2928036525271, -7.93237817854015],\n\"CH\u00c3 DE ALEGRIA\/PE\": [-35.213726736211, -7.99790078017443],\n\"PAUDALHO\/PE\": [-35.1791510623855, -7.897135005],\n\"MORENO\/PE\": [-35.0948690998839, -8.11869453],\n\"S\u00c3O LOUREN\u00c7O DA MATA\/PE\": [-35.041277539321, -7.995938],\n\"LAGOA DO CARRO\/PE\": [-35.3126019234256, -7.84423249520262],\n\"CARPINA\/PE\": [-35.2580606059131, -7.84688671641732],\n\"TRACUNHA\u00c9M\/PE\": [-35.2379228139922, -7.80268861266727],\n\"NAZAR\u00c9 DA MATA\/PE\": [-35.2213386961744, -7.737688],\n\"VIC\u00caNCIA\/PE\": [-35.320300689316, -7.6529595],\n\"ALIAN\u00c7A\/PE\": [-35.228501497065, -7.60472980846341],\n\"ARA\u00c7OIABA\/PE\": [-35.0939665275382, -7.78564187251451],\n\"ITAQUITINGA\/PE\": [-35.1026145695038, -7.6663936085023],\n\"CONDADO\/PE\": [-35.1041184906515, -7.589382255],\n\"ITATUBA\/PB\": [-35.6281612500039, -7.37495775502352],\n\"ING\u00c1\/PB\": [-35.6176892168187, -7.29502691351019],\n\"MACAPARANA\/PE\": [-35.4498749786749, -7.55568069874715],\n\"SALGADO DE S\u00c3O F\u00c9LIX\/PB\": [-35.4433017394971, -7.35535731371706],\n\"MOGEIRO\/PB\": [-35.4824246020059, -7.30948053230429],\n\"ITABAIANA\/PB\": [-35.3375333858727, -7.3309315],\n\"JUAREZ T\u00c1VORA\/PB\": [-35.5911781067138, -7.1663446273336],\n\"ALAGOA GRANDE\/PB\": [-35.6338919827495, -7.036775],\n\"GURINH\u00c9M\/PB\": [-35.4281860624289, -7.12321566843337],\n\"S\u00c3O JOS\u00c9 DOS RAMOS\/PB\": [-35.3779610544874, -7.24712735721632],\n\"CALDAS BRAND\u00c3O\/PB\": [-35.3423820919597, -7.17175143704308],\n\"MULUNGU\/PB\": [-35.4651434243147, -7.02788603160562],\n\"TIMBA\u00daBA\/PE\": [-35.3187721210384, -7.51174567401952],\n\"FERREIROS\/PE\": [-35.2440702124351, -7.44549420525894],\n\"CAMUTANGA\/PE\": [-35.2827906438477, -7.40708241993907],\n\"PILAR\/PB\": [-35.2598804076248, -7.25988798491644],\n\"JURIPIRANGA\/PB\": [-35.2394540486469, -7.37029077318249],\n\"PEDRAS DE FOGO\/PB\": [-35.1131779827065, -7.4015385],\n\"ITAMB\u00c9\/PE\": [-35.1106273574317, -7.40926386],\n\"RIACH\u00c3O DO PO\u00c7O\/PB\": [-35.2612426920122, -7.15150361574026],\n\"S\u00c3O MIGUEL DE TAIPU\/PB\": [-35.2104513918798, -7.24923353038705],\n\"SOBRADO\/PB\": [-35.2381954790313, -7.14457561363735],\n\"MARI\/PB\": [-35.3185424166403, -7.056384],\n\"SAP\u00c9\/PB\": [-35.2304326165497, -7.087111],\n\"CRUZ DO ESP\u00cdRITO SANTO\/PB\": [-35.0914891261586, -7.14133696188833],\n\"MALTA\/PB\": [-37.5177757103802, -6.90718512349047],\n\"VISTA SERRANA\/PB\": [-37.5679145327464, -6.74068727242421],\n\"S\u00c3O JOS\u00c9 DE ESPINHARAS\/PB\": [-37.3251148399789, -6.84417960846357],\n\"SERRA NEGRA DO NORTE\/RN\": [-37.3949730105827, -6.66398433637305],\n\"BREJO DO CRUZ\/PB\": [-37.5001626416753, -6.3477076067963],\n\"S\u00c3O BENTO\/PB\": [-37.449349664422, -6.48930754079141],\n\"JARDIM DE PIRANHAS\/RN\": [-37.3492178522692, -6.38009754919079],\n\"TIMBA\u00daBA DOS BATISTAS\/RN\": [-37.2713399064401, -6.46328926305819],\n\"IPUEIRA\/RN\": [-37.1978561298861, -6.81555076188514],\n\"S\u00c3O MAMEDE\/PB\": [-37.0948573852401, -6.93022837139016],\n\"S\u00c3O JO\u00c3O DO SABUGI\/RN\": [-37.2041396579503, -6.71122435001558],\n\"V\u00c1RZEA\/PB\": [-36.9927210043315, -6.77080724678283],\n\"OURO BRANCO\/RN\": [-36.9462950766901, -6.69965894742555],\n\"S\u00c3O FERNANDO\/RN\": [-37.1854030398375, -6.38386107302845],\n\"CAIC\u00d3\/RN\": [-37.0964887711922, -6.45913883139328],\n\"BEL\u00c9M DO BREJO DO CRUZ\/PB\": [-37.5395024822564, -6.18857499767009],\n\"MESSIAS TARGINO\/RN\": [-37.5120589301593, -6.07649750532978],\n\"S\u00c3O JOS\u00c9 DO BREJO DO CRUZ\/PB\": [-37.3538296761784, -6.21291534073982],\n\"JANDU\u00cdS\/RN\": [-37.4092111089131, -6.01609270285832],\n\"CARA\u00daBAS\/RN\": [-37.5537021978471, -5.79117610285868],\n\"AUGUSTO SEVERO\/RN\": [-37.3088725642243, -5.85811442404707],\n\"TRIUNFO POTIGUAR\/RN\": [-37.1837968505575, -5.86695901863489],\n\"PARA\u00da\/RN\": [-37.1016501352676, -5.77705551761264],\n\"JUCURUTU\/RN\": [-37.020225829413, -6.03341878412747],\n\"SANTA LUZIA\/PB\": [-36.9216783300447, -6.87186326188252],\n\"S\u00c3O JOS\u00c9 DO SABUGI\/PB\": [-36.7974932181972, -6.77553140683712],\n\"EQUADOR\/RN\": [-36.7164124288599, -6.94584274907483],\n\"TEN\u00d3RIO\/PB\": [-36.6279998744085, -6.93826040293171],\n\"SANTANA DO SERID\u00d3\/RN\": [-36.7368516418736, -6.77015175289955],\n\"PARELHAS\/RN\": [-36.6578048562049, -6.68875519717457],\n\"JARDIM DO SERID\u00d3\/RN\": [-36.77458152338, -6.58633625168301],\n\"S\u00c3O JOS\u00c9 DO SERID\u00d3\/RN\": [-36.883258892934, -6.44879853464511],\n\"CRUZETA\/RN\": [-36.7917053203155, -6.41317640695567],\n\"ACARI\/RN\": [-36.6437388699983, -6.44208508893385],\n\"PEDRA LAVRADA\/PB\": [-36.4720503638462, -6.75788146064519],\n\"SERID\u00d3\/PB\": [-36.4107641095568, -6.85690856317292],\n\"CUBATI\/PB\": [-36.3479297161771, -6.86236060920264],\n\"NOVA PALMEIRA\/PB\": [-36.4187129743523, -6.67660584264479],\n\"CARNA\u00daBA DOS DANTAS\/RN\": [-36.5952519214664, -6.56073251736681],\n\"FREI MARTINHO\/PB\": [-36.4520440619056, -6.40451585235458],\n\"PICU\u00cd\/PB\": [-36.3470460251457, -6.51013565740654],\n\"FLOR\u00c2NIA\/RN\": [-36.8140762988106, -6.12695195501155],\n\"S\u00c3O VICENTE\/RN\": [-36.6886618516821, -6.2149638781654],\n\"TENENTE LAURENTINO CRUZ\/RN\": [-36.7206601448861, -6.14723015948954],\n\"S\u00c3O RAFAEL\/RN\": [-36.8903975641003, -5.80093422659101],\n\"SANTANA DO MATOS\/RN\": [-36.6541049650822, -5.95772715540178],\n\"CURRAIS NOVOS\/RN\": [-36.5162192209593, -6.26467221895558],\n\"LAGOA NOVA\/RN\": [-36.4589606695817, -6.09766929639383],\n\"BOD\u00d3\/RN\": [-36.413837702334, -5.98804524994105],\n\"CERRO COR\u00c1\/RN\": [-36.3457414414503, -6.0348271931366],\n\"GOVERNADOR DIX-SEPT ROSADO\/RN\": [-37.5219118430218, -5.45891384210597],\n\"UPANEMA\/RN\": [-37.2601469419864, -5.64179765927023],\n\"MOSSOR\u00d3\/RN\": [-37.3568741367043, -5.19380123470868],\n\"SERRA DO MEL\/RN\": [-37.0413013452291, -5.16524134820184],\n\"TIBAU\/RN\": [-37.2513026681358, -4.84143741044144],\n\"ICAPU\u00cd\/CE\": [-37.3535630985971, -4.71554948783128],\n\"GROSSOS\/RN\": [-37.1574841600262, -4.97551480707414],\n\"AREIA BRANCA\/RN\": [-37.1312717156955, -4.9528976305617],\n\"ITAJ\u00c1\/RN\": [-36.8698181053353, -5.64354760896815],\n\"A\u00c7U\/RN\": [-36.9179232199589, -5.57194599924666],\n\"IPANGUA\u00c7U\/RN\": [-36.8528746046542, -5.49714835330496],\n\"CARNAUBAIS\/RN\": [-36.8346423564497, -5.33978539431904],\n\"ALTO DO RODRIGUES\/RN\": [-36.7594926142107, -5.293807787638],\n\"PEND\u00caNCIAS\/RN\": [-36.7191460402508, -5.25678817094245],\n\"FERNANDO PEDROZA\/RN\": [-36.5324535353652, -5.69601578146739],\n\"ANGICOS\/RN\": [-36.6054328737792, -5.66036532908629],\n\"AFONSO BEZERRA\/RN\": [-36.5091482339596, -5.49873426813082],\n\"PEDRO AVELINO\/RN\": [-36.3852292558735, -5.52400218205231],\n\"PORTO DO MANGUE\/RN\": [-36.7805380667257, -5.06967015221064],\n\"MACAU\/RN\": [-36.634973181901, -5.11336765030868],\n\"GUAMAR\u00c9\/RN\": [-36.3181443773969, -5.10736295459178],\n\"SOSS\u00caGO\/PB\": [-36.2482238788383, -6.76752752888267],\n\"ALGOD\u00c3O DE JANDA\u00cdRA\/PB\": [-36.0060933987894, -6.90469403776756],\n\"BARRA DE SANTA ROSA\/PB\": [-36.0597726422183, -6.72025267755581],\n\"BARA\u00daNA\/PB\": [-36.2530413530428, -6.64240503523788],\n\"JA\u00c7AN\u00c3\/RN\": [-36.2055929077335, -6.42497334736577],\n\"CORONEL EZEQUIEL\/RN\": [-36.2147710444246, -6.38340239029441],\n\"NOVA FLORESTA\/PB\": [-36.2024954255349, -6.45613994183283],\n\"CUIT\u00c9\/PB\": [-36.1532081655002, -6.48555530115429],\n\"CASSERENGUE\/PB\": [-35.8163048294656, -6.78376032573468],\n\"ARARA\/PB\": [-35.7595417215504, -6.82619172120958],\n\"SERRARIA\/PB\": [-35.6441425707571, -6.81708894284731],\n\"SOL\u00c2NEA\/PB\": [-35.6561584077255, -6.7598975],\n\"DAMI\u00c3O\/PB\": [-35.9099425357662, -6.63189740734812],\n\"JAPI\/RN\": [-35.9459348280456, -6.46056601331605],\n\"CACIMBA DE DENTRO\/PB\": [-35.7928209013797, -6.64001674704108],\n\"ARARUNA\/PB\": [-35.7359805119437, -6.53144702131672],\n\"RIACH\u00c3O\/PB\": [-35.6627216943535, -6.54267652788993],\n\"MONTE DAS GAMELEIRAS\/RN\": [-35.7866071234666, -6.43946601652215],\n\"PASSA E FICA\/RN\": [-35.6473522143433, -6.42911549365363],\n\"SERRA DE S\u00c3O BENTO\/RN\": [-35.7034898198867, -6.41536699233032],\n\"CAMPO REDONDO\/RN\": [-36.1825045694096, -6.24338305317339],\n\"S\u00c3O BENTO DO TRAIR\u00cd\/RN\": [-36.0868875014205, -6.34448121674061],\n\"SANTA CRUZ\/RN\": [-36.0205165703447, -6.23007562338656],\n\"LAJES PINTADAS\/RN\": [-36.1184417929034, -6.15143207205811],\n\"S\u00c3O TOM\u00c9\/RN\": [-36.0736631485719, -5.97302234709679],\n\"CAI\u00c7ARA DO RIO DO VENTO\/RN\": [-35.9997904110862, -5.75908714277655],\n\"S\u00cdTIO NOVO\/RN\": [-35.9104491798599, -6.10409158278198],\n\"TANGAR\u00c1\/RN\": [-35.8001895983091, -6.19735736831057],\n\"S\u00c3O JOS\u00c9 DO CAMPESTRE\/RN\": [-35.7121150331211, -6.31556398064831],\n\"PRESIDENTE JUSCELINO\/RN\": [-35.7056053223905, -6.10491278564986],\n\"BARCELONA\/RN\": [-35.9267945279531, -5.9481318482859],\n\"LAGOA DE VELHOS\/RN\": [-35.8706988331384, -5.99991551930281],\n\"RUY BARBOSA\/RN\": [-35.9354841632411, -5.87942894095812],\n\"RIACHUELO\/RN\": [-35.8262747639025, -5.81394696471208],\n\"S\u00c3O PAULO DO POTENGI\/RN\": [-35.7643696369494, -5.89982033377983],\n\"SENADOR EL\u00d3I DE SOUZA\/RN\": [-35.6956637751617, -6.03622642877325],\n\"SANTA MARIA\/RN\": [-35.6903638553156, -5.83851870108946],\n\"PIL\u00d5ES\/PB\": [-35.6155405946994, -6.86922052824915],\n\"BORBOREMA\/PB\": [-35.5993759656005, -6.80430588310093],\n\"ALAGOINHA\/PB\": [-35.5454913506159, -6.94814040463241],\n\"CUITEGI\/PB\": [-35.5257412326659, -6.89581374261491],\n\"PIL\u00d5EZINHOS\/PB\": [-35.530585704033, -6.84056878304328],\n\"GUARABIRA\/PB\": [-35.4899649848849, -6.852715],\n\"BANANEIRAS\/PB\": [-35.6315999027685, -6.74963727499996],\n\"PIRPIRITUBA\/PB\": [-35.4977157927507, -6.78080009845509],\n\"BEL\u00c9M\/PB\": [-35.5362740820625, -6.69404260977741],\n\"ARA\u00c7AGI\/PB\": [-35.3832990883057, -6.85169661748309],\n\"SERT\u00c3OZINHO\/PB\": [-35.4417507457045, -6.75079754596171],\n\"SERRA DA RAIZ\/PB\": [-35.4427388368849, -6.68551765005369],\n\"DUAS ESTRADAS\/PB\": [-35.4181768047992, -6.68813295468359],\n\"LAGOA DE DENTRO\/PB\": [-35.3770436482357, -6.67059904965351],\n\"DONA IN\u00caS\/PB\": [-35.6225406506041, -6.60212273515188],\n\"TACIMA\/PB\": [-35.6388366564942, -6.48891694245472],\n\"LAGOA D'ANTA\/RN\": [-35.5997951777328, -6.39150232349883],\n\"CAI\u00c7ARA\/PB\": [-35.4691142820996, -6.61746979091996],\n\"LOGRADOURO\/PB\": [-35.4432993555945, -6.61537142228734],\n\"NOVA CRUZ\/RN\": [-35.4323003945869, -6.48006479201477],\n\"V\u00c1RZEA\/RN\": [-35.374790664391, -6.34879989073068],\n\"CUIT\u00c9 DE MAMANGUAPE\/PB\": [-35.2528248925397, -6.91415747337448],\n\"ITAPOROROCA\/PB\": [-35.246295714605, -6.8299201630414],\n\"CAPIM\/PB\": [-35.1677387140512, -6.91084437486816],\n\"CURRAL DE CIMA\/PB\": [-35.2670572687864, -6.71743002924733],\n\"MAMANGUAPE\/PB\": [-35.1238932020901, -6.83371514693319],\n\"RIO TINTO\/PB\": [-35.0788522259515, -6.8084485],\n\"MARCA\u00c7\u00c3O\/PB\": [-35.0139243934696, -6.77005417404741],\n\"PEDRO R\u00c9GIS\/PB\": [-35.2930058538096, -6.64447149726608],\n\"JACARA\u00da\/PB\": [-35.2942824484025, -6.6129685867326],\n\"MONTANHAS\/RN\": [-35.2876919575565, -6.4822429389357],\n\"PEDRO VELHO\/RN\": [-35.2229392416707, -6.43318948820377],\n\"MATARACA\/PB\": [-35.0485576738377, -6.60051865435005],\n\"CANGUARETAMA\/RN\": [-35.1285396639931, -6.37492521572032],\n\"BA\u00cdA FORMOSA\/RN\": [-35.0090361817886, -6.36999230418874],\n\"SERRINHA\/RN\": [-35.5013432340406, -6.27709152574771],\n\"JANU\u00c1RIO CICCO\/RN\": [-35.600891962575, -6.15609802255279],\n\"SANTO ANT\u00d4NIO\/RN\": [-35.4751369839982, -6.30517392129752],\n\"PASSAGEM\/RN\": [-35.3755657140696, -6.27444221295608],\n\"JUNDI\u00c1\/RN\": [-35.3277885218596, -6.26916933108908],\n\"LAGOA SALGADA\/RN\": [-35.4724975676103, -6.12581826185821],\n\"LAGOA DE PEDRAS\/RN\": [-35.4334827321932, -6.14973910199057],\n\"VERA CRUZ\/RN\": [-35.428109527209, -6.04560848179296],\n\"BREJINHO\/RN\": [-35.3573540540418, -6.19257905870004],\n\"MONTE ALEGRE\/RN\": [-35.3320992692543, -6.06787662410822],\n\"BOM JESUS\/RN\": [-35.5888032897951, -5.98631885234114],\n\"S\u00c3O PEDRO\/RN\": [-35.6403110302273, -5.89798028251298],\n\"IELMO MARINHO\/RN\": [-35.5528293750625, -5.81531503827622],\n\"MACA\u00cdBA\/RN\": [-35.3552371335816, -5.85723661962623],\n\"S\u00c3O GON\u00c7ALO DO AMARANTE\/RN\": [-35.3311560930852, -5.78955554020528],\n\"ESP\u00cdRITO SANTO\/RN\": [-35.3170907892286, -6.33557170320116],\n\"GOIANINHA\/RN\": [-35.2177861245435, -6.25059038995067],\n\"N\u00cdSIA FLORESTA\/RN\": [-35.211309564485, -6.09071414590346],\n\"S\u00c3O JOS\u00c9 DE MIPIBU\/RN\": [-35.2402746487129, -6.0704657116057],\n\"AR\u00caS\/RN\": [-35.1606360959418, -6.19371227448261],\n\"VILA FLOR\/RN\": [-35.0761274954455, -6.31279187093585],\n\"SENADOR GEORGINO AVELINO\/RN\": [-35.1241762279568, -6.15869433436923],\n\"TIBAU DO SUL\/RN\": [-35.0926003671736, -6.18807175929036],\n\"PARNAMIRIM\/RN\": [-35.2592090738617, -5.91036975825394],\n\"NATAL\/RN\": [-35.2522547280543, -5.75089853761206],\n\"LAJES\/RN\": [-36.242735126413, -5.69883035878165],\n\"JARDIM DE ANGICOS\/RN\": [-35.969954329802, -5.6526312123534],\n\"PEDRA PRETA\/RN\": [-36.1031358189646, -5.58190915620307],\n\"JANDA\u00cdRA\/RN\": [-36.1305852719426, -5.35528],\n\"BENTO FERNANDES\/RN\": [-35.8216988907063, -5.69238331769413],\n\"JO\u00c3O C\u00c2MARA\/RN\": [-35.8167878738553, -5.53842338336333],\n\"PO\u00c7O BRANCO\/RN\": [-35.6550117699579, -5.61885150409171],\n\"PARAZINHO\/RN\": [-35.8449895223578, -5.23078073449039],\n\"PEDRA GRANDE\/RN\": [-35.8759906400618, -5.14938743349801],\n\"GALINHOS\/RN\": [-36.2746400699779, -5.09168977841149],\n\"CAI\u00c7ARA DO NORTE\/RN\": [-36.0558571538451, -5.06299440936317],\n\"S\u00c3O BENTO DO NORTE\/RN\": [-36.0354313533959, -5.05950106008262],\n\"TAIPU\/RN\": [-35.5988465612551, -5.61966667527279],\n\"PUREZA\/RN\": [-35.5622682321378, -5.46591858591341],\n\"CEAR\u00c1-MIRIM\/RN\": [-35.42448692853, -5.64098359191175],\n\"TOUROS\/RN\": [-35.4552931657206, -5.20260680139676],\n\"RIO DO FOGO\/RN\": [-35.3848720422209, -5.27155865959121],\n\"EXTREMOZ\/RN\": [-35.3140254320232, -5.70270993620874],\n\"MAXARANGUAPE\/RN\": [-35.262074868072, -5.50545626577382],\n\"S\u00c3O MIGUEL DO GOSTOSO\/RN\": [-35.6412835112052, -5.1228571163116],\n\"CAMARAGIBE\/PE\": [-34.9957213563856, -8.0205217674976],\n\"JABOAT\u00c3O DOS GUARARAPES\/PE\": [-34.9211734672603, -8.16539146735745],\n\"RECIFE\/PE\": [-34.8889419445777, -8.06276248305241],\n\"OLINDA\/PE\": [-34.8613103898235, -7.99266007532292],\n\"PAULISTA\/PE\": [-34.8847916197368, -7.943188],\n\"ABREU E LIMA\/PE\": [-34.8991305847304, -7.90444899],\n\"IGARASSU\/PE\": [-34.9105833875875, -7.82837199],\n\"ITAPISSUMA\/PE\": [-34.8892710487235, -7.77403476474654],\n\"ILHA DE ITAMARAC\u00c1\/PE\": [-34.823950567034, -7.74657331766388],\n\"GOIANA\/PE\": [-34.9983762971528, -7.55923185486717],\n\"CAAPOR\u00c3\/PB\": [-34.9178501439554, -7.51428764137233],\n\"ALHANDRA\/PB\": [-34.9119851554492, -7.43299530218586],\n\"CONDE\/PB\": [-34.9071513370733, -7.26357182671599],\n\"PITIMBU\/PB\": [-34.8139304142683, -7.48241339603127],\n\"SANTA RITA\/PB\": [-34.9658392782709, -7.1380845],\n\"BAYEUX\/PB\": [-34.9291858200857, -7.132276485],\n\"JO\u00c3O PESSOA\/PB\": [-34.8733848135386, -7.14938202],\n\"CABEDELO\/PB\": [-34.8394300208048, -6.96698306327964],\n\"LUCENA\/PB\": [-34.8746090973938, -6.89884933841366],\n\"BA\u00cdA DA TRAI\u00c7\u00c3O\/PB\": [-34.9499310949655, -6.67952912303058],\n\"LAGOA ALEGRE\/PI\": [-42.6167425390488, -4.50872974922941],\n\"NOSSA SENHORA DOS REM\u00c9DIOS\/PI\": [-42.6239510484895, -3.99122535178459],\n\"CABECEIRAS DO PIAU\u00cd\/PI\": [-42.3083160653123, -4.4713312938014],\n\"BARRAS\/PI\": [-42.2953398573464, -4.24309335434368],\n\"BOQUEIR\u00c3O DO PIAU\u00cd\/PI\": [-42.1036271347473, -4.48581963164373],\n\"BOA HORA\/PI\": [-42.1252957358755, -4.40900960580236],\n\"BATALHA\/PI\": [-42.075218732031, -4.0204123357539],\n\"CAMPO LARGO DO PIAU\u00cd\/PI\": [-42.6260410416609, -3.8078689391976],\n\"MATIAS OL\u00cdMPIO\/PI\": [-42.5586289027608, -3.71102728343893],\n\"S\u00c3O JO\u00c3O DO ARRAIAL\/PI\": [-42.4531261733045, -3.81316887361888],\n\"MILAGRES DO MARANH\u00c3O\/MA\": [-42.6107528325103, -3.58220664139805],\n\"SANTA QUIT\u00c9RIA DO MARANH\u00c3O\/MA\": [-42.5628730097352, -3.49848499511509],\n\"MADEIRO\/PI\": [-42.505141246491, -3.48421200519069],\n\"JOCA MARQUES\/PI\": [-42.4277370789814, -3.48803382556586],\n\"S\u00c3O BERNARDO\/MA\": [-42.4230096609141, -3.36543651011074],\n\"ESPERANTINA\/PI\": [-42.2353645251038, -3.89560453063831],\n\"MORRO DO CHAP\u00c9U DO PIAU\u00cd\/PI\": [-42.3090633949589, -3.74225509621994],\n\"LUZIL\u00c2NDIA\/PI\": [-42.3716375238246, -3.46081763518067],\n\"JOAQUIM PIRES\/PI\": [-42.1876898035533, -3.51310354787667],\n\"MAGALH\u00c3ES DE ALMEIDA\/MA\": [-42.2015066913751, -3.3966676742208],\n\"MURICI DOS PORTELAS\/PI\": [-42.096769081771, -3.32385978507354],\n\"CAPIT\u00c3O DE CAMPOS\/PI\": [-41.9435219724325, -4.45855926839762],\n\"PIRIPIRI\/PI\": [-41.7785048523536, -4.27606869325536],\n\"BRASILEIRA\/PI\": [-41.7892596435709, -4.13782910774516],\n\"LAGOA DE S\u00c3O FRANCISCO\/PI\": [-41.6054686902431, -4.39274638665332],\n\"PEDRO II\/PI\": [-41.4585599330709, -4.42705526541623],\n\"PIRACURUCA\/PI\": [-41.7090415496498, -3.9292874935799],\n\"S\u00c3O JOS\u00c9 DO DIVINO\/PI\": [-41.8301087692171, -3.80571635649951],\n\"CARA\u00daBAS DO PIAU\u00cd\/PI\": [-41.8412081259918, -3.47859053753496],\n\"CAXING\u00d3\/PI\": [-41.8826837610641, -3.42693840284847],\n\"COCAL\/PI\": [-41.5568448345735, -3.47045348969133],\n\"COCAL DOS ALVES\/PI\": [-41.4554189108305, -3.60607259075426],\n\"SANTANA DO MARANH\u00c3O\/MA\": [-42.4007677571893, -3.11306834278169],\n\"PAULINO NEVES\/MA\": [-42.5454239809373, -2.71820598982708],\n\"TUT\u00d3IA\/MA\": [-42.2768472076943, -2.76355019688869],\n\"\u00c1GUA DOCE DO MARANH\u00c3O\/MA\": [-42.1155512017213, -2.84027827913681],\n\"BURITI DOS LOPES\/PI\": [-41.8699088471231, -3.17272133505459],\n\"ARAIOSES\/MA\": [-41.8991394498654, -2.88925584643306],\n\"ILHA GRANDE\/PI\": [-41.8197731840424, -2.85400860719721],\n\"PARNA\u00cdBA\/PI\": [-41.7781705920245, -2.90336014450892],\n\"BOM PRINC\u00cdPIO DO PIAU\u00cd\/PI\": [-41.6452095701255, -3.18985868760539],\n\"LU\u00cdS CORREIA\/PI\": [-41.6645672322748, -2.88156653584822],\n\"DOMINGOS MOUR\u00c3O\/PI\": [-41.2718814488667, -4.2534336344923],\n\"S\u00c3O JO\u00c3O DA FRONTEIRA\/PI\": [-41.256286959289, -3.93859743411526],\n\"CROAT\u00c1\/CE\": [-40.9090450981578, -4.41405726551229],\n\"CARNAUBAL\/CE\": [-40.935631577279, -4.16398856236529],\n\"S\u00c3O BENEDITO\/CE\": [-40.8644898757611, -4.04472699],\n\"IBIAPINA\/CE\": [-40.8939290197956, -3.93613126224114],\n\"TIANGU\u00c1\/CE\": [-40.9917056226916, -3.722674],\n\"UBAJARA\/CE\": [-40.9071439279714, -3.84849143521655],\n\"FRECHEIRINHA\/CE\": [-40.8214052011868, -3.76061193145276],\n\"VI\u00c7OSA DO CEAR\u00c1\/CE\": [-41.0916290750336, -3.56601275320063],\n\"IPU\/CE\": [-40.7187261447301, -4.31343168517722],\n\"PIRES FERREIRA\/CE\": [-40.6465412477527, -4.24215414323442],\n\"GUARACIABA DO NORTE\/CE\": [-40.7526331779113, -4.1624510671404],\n\"GRA\u00c7A\/CE\": [-40.755524899564, -4.04693879398909],\n\"PACUJ\u00c1\/CE\": [-40.6967361072542, -3.97839438605716],\n\"RERIUTABA\/CE\": [-40.5846120036545, -4.14156760083061],\n\"VARJOTA\/CE\": [-40.4789932740701, -4.18282228275994],\n\"CARIR\u00c9\/CE\": [-40.4738448077338, -3.95161188001281],\n\"HIDROL\u00c2NDIA\/CE\": [-40.4018171243637, -4.40799944425957],\n\"SANTA QUIT\u00c9RIA\/CE\": [-40.153507813582, -4.3332705],\n\"GROA\u00cdRAS\/CE\": [-40.382146023886, -3.91195412920395],\n\"MUCAMBO\/CE\": [-40.7452804651593, -3.90602997959821],\n\"COREA\u00da\/CE\": [-40.6569510757545, -3.54948786111024],\n\"MORA\u00daJO\/CE\": [-40.6835989271198, -3.46636327439925],\n\"ALC\u00c2NTARAS\/CE\": [-40.5446381225739, -3.58698376924817],\n\"URUOCA\/CE\": [-40.5611630276796, -3.31323066042929],\n\"SENADOR S\u00c1\/CE\": [-40.4637920044144, -3.35178962803698],\n\"SOBRAL\/CE\": [-40.3486680336582, -3.68803768376442],\n\"FORQUILHA\/CE\": [-40.2587689981082, -3.79895774308495],\n\"MERUOCA\/CE\": [-40.4508809567861, -3.53900666231988],\n\"MASSAP\u00ca\/CE\": [-40.3421348648013, -3.52387058428249],\n\"SANTANA DO ACARA\u00da\/CE\": [-40.2094628598127, -3.45977534173114],\n\"CHAVAL\/CE\": [-41.2445958219436, -3.03890118909178],\n\"BARROQUINHA\/CE\": [-41.1394815381655, -3.00911674619191],\n\"CAJUEIRO DA PRAIA\/PI\": [-41.3471503621608, -2.9292271717718],\n\"GRANJA\/CE\": [-40.8299389910215, -3.11895215616977],\n\"CAMOCIM\/CE\": [-40.847527740938, -2.9009665745879],\n\"MARTIN\u00d3POLE\/CE\": [-40.6993551750691, -3.22501222744216],\n\"MARCO\/CE\": [-40.1516436427496, -3.120707025],\n\"BELA CRUZ\/CE\": [-40.1668429070243, -3.05510672431327],\n\"JIJOCA DE JERICOACOARA\/CE\": [-40.4387354018727, -2.89968270887056],\n\"CRUZ\/CE\": [-40.171278706542, -2.91670805035548],\n\"TEJU\u00c7UOCA\/CE\": [-39.5768263617106, -3.98971180859371],\n\"MIRA\u00cdMA\/CE\": [-39.9700648820021, -3.56859990655738],\n\"AMONTADA\/CE\": [-39.8288227917225, -3.36487780347731],\n\"IRAU\u00c7UBA\/CE\": [-39.7922381150857, -3.74541880170377],\n\"ITAPAG\u00c9\/CE\": [-39.5835332386222, -3.68567310984199],\n\"URUBURETAMA\/CE\": [-39.5081780697542, -3.62301683368172],\n\"ITAPIPOCA\/CE\": [-39.583481575771, -3.4994355],\n\"CANIND\u00c9\/CE\": [-39.3103429528638, -4.35534428969186],\n\"CARIDADE\/CE\": [-39.1930329149954, -4.22496000078457],\n\"GENERAL SAMPAIO\/CE\": [-39.4535299504286, -4.05104127465347],\n\"APUIAR\u00c9S\/CE\": [-39.4304227833004, -3.94801851861481],\n\"PARAMOTI\/CE\": [-39.2394664950313, -4.09743233197343],\n\"ARATUBA\/CE\": [-39.047554561796, -4.41693064499256],\n\"CAPISTRANO\/CE\": [-38.9018287595054, -4.45989661214017],\n\"MULUNGU\/CE\": [-38.9930659239268, -4.29952832007765],\n\"GUARAMIRANGA\/CE\": [-38.94063328506, -4.26205091860387],\n\"BATURIT\u00c9\/CE\": [-38.8800213756291, -4.33120515640856],\n\"PACOTI\/CE\": [-38.9258889386659, -4.22476543307066],\n\"UMIRIM\/CE\": [-39.3423844042955, -3.67556189809805],\n\"PENTECOSTE\/CE\": [-39.267008731469, -3.79626673615443],\n\"S\u00c3O LU\u00cdS DO CURU\/CE\": [-39.2416061849713, -3.67300925322864],\n\"TURURU\/CE\": [-39.4343635369541, -3.59559523549983],\n\"PARAIPABA\/CE\": [-39.1481155272123, -3.43619672787107],\n\"PARACURU\/CE\": [-39.0295453441225, -3.41163500915711],\n\"S\u00c3O GON\u00c7ALO DO AMARANTE\/CE\": [-38.9720758652803, -3.6056325],\n\"MORRINHOS\/CE\": [-40.1241788929331, -3.22883053425389],\n\"ACARA\u00da\/CE\": [-40.1182414711655, -2.885310540095],\n\"ITAREMA\/CE\": [-39.915677748929, -2.923348],\n\"TRAIRI\/CE\": [-39.272231872633, -3.26442016913387],\n\"ARACOIABA\/CE\": [-38.8094409691659, -4.37039380697671],\n\"REDEN\u00c7\u00c3O\/CE\": [-38.7295707505904, -4.22295815020099],\n\"ACARAPE\/CE\": [-38.7056237709826, -4.22313840937244],\n\"OCARA\/CE\": [-38.5985379827902, -4.48506654454779],\n\"BARREIRA\/CE\": [-38.6385018295574, -4.28876226676818],\n\"PALM\u00c1CIA\/CE\": [-38.8450290663103, -4.14898177452437],\n\"GUAI\u00daBA\/CE\": [-38.6344347805213, -4.04024350050078],\n\"PACATUBA\/CE\": [-38.6182993120325, -3.98612002229387],\n\"CHOROZINHO\/CE\": [-38.5012856666587, -4.30217091397851],\n\"PACAJUS\/CE\": [-38.4670222648935, -4.17054051],\n\"HORIZONTE\/CE\": [-38.4942395585521, -4.093278],\n\"ITAITINGA\/CE\": [-38.5264051494908, -3.97045901630545],\n\"CASCAVEL\/CE\": [-38.2396859406771, -4.13143367820745],\n\"PINDORETAMA\/CE\": [-38.3000879762561, -4.02780399274118],\n\"MARANGUAPE\/CE\": [-38.6858512476873, -3.89186946],\n\"MARACANA\u00da\/CE\": [-38.6244186465865, -3.87696445102036],\n\"CAUCAIA\/CE\": [-38.6640175358384, -3.736487],\n\"FORTALEZA\/CE\": [-38.5899275550432, -3.723805035],\n\"EUS\u00c9BIO\/CE\": [-38.4451218386123, -3.88697288667811],\n\"AQUIRAZ\/CE\": [-38.3898029588509, -3.9061945],\n\"BEBERIBE\/CE\": [-38.1232730421463, -4.17476322117715],\n\"FORTIM\/CE\": [-37.7989754860384, -4.44980491741282],\n\"MILHO VERDE\/MG\": [-43.4919139412764,-18.4688565109372]\n}\n`),\n\t\tdata: JSON.parse(`[{\"p1_eixo\":\"Cultura\",\"p9_tipoorganizacao\":\"Coletivo\",\"p12_uf\":\"MG\",\"p13_cidade\":\"BARBACENA\",\"p16_cidade\":\"Cidade\",\"p17_ano\":\"2023\",\"p18_comunicacao\":\"Comunica\\u00e7\\u00e3o\",\"p18_direitoshumanos\":\"Direitos humanos\",\"p18_educacao\":\"Educa\\u00e7\\u00e3o\",\"p18_feminismos\":\"Feminismos\",\"p18_lgbtqi\":\"LGBTQI\",\"p18_lutaantirracismo\":\"Luta antirracismo\",\"p18_moradia\":\"Moradia\",\"p18_povosecomunidadestradicionais\":\"Povos e comunidades tradicionais\",\"p18_trabalho\":\"Trabalho\",\"p18_religiao\":\"Religi\\u00e3o\",\"p18_saude\":\"Sa\\u00fade\",\"p19_educacao\":\"Educa\\u00e7\\u00e3o\",\"p19_lgbtqi\":\"LGBTQI\",\"p19_lutaantirracismo\":\"Luta antirracismo\",\"p20_reunioes\":\"Reuni\\u00f5es\",\"p20_atendimento\":\"Atendimento\",\"p21_nenhum\":\"Nenhum\",\"p22_numerodeparticipantes\":\"1  - 15\",\"p23_outros\":\"Outros\",\"p24_reunioes\":\"Reuni\\u00f5es\",\"p24_atendimento\":\"Atendimentos\",\"p24_visitasexcursoes\":\"Visitas\\\/Excurs\\u00f5es\",\"p24_outros\":\"Outros\",\"p25_numerodepessoas\":\"100 - 200\",\"p26_numerodepessoas\":\"40 - 60\",\"p27_espacoemprestadocedido\":\"Espa\\u00e7o emprestado\\\/cedido\",\"p28_territorios\":\"Cidade\",\"p30_outrasorganizacoes\":\"Sim\",\"p32_campanhadelongaduracao\":\"N\\u00e3o\",\"p34_nenhuma\":\"Nenhuma\",\"p36_conselhosdeparticipacaoecontrolesocial\":\"N\\u00e3o\",\"p38_sim\":\"Sim\",\"p40_editais\":\"N\\u00e3o\",\"p41_privadopf\":\"Privado (P. F\\u00edsica)\",\"p41_autofinanciamento\":\"Auto-financiamento\",\"p42_meiodedivulgacaoproprio\":\"Sim\",\"p43_instagram\":\"Instagram\",\"p44_radio\":\"R\\u00e1dio\",\"p39_publico\":\"PESSOAS-CARENTES\",\"p45_bandeira\":\"CONTRA-AS-DROGAS CONTRA-O-RACISMO CONTRA-O-ABUSO-SEXUAL-INFANTIL\",\"p46_hashtags\":\"#SOZINHOSSOMOSFORTESJUNTOSOMOSINVENCIVEIS #CONTRAASDROGAS #CONTRAOABUSOSEXUALINFANTIL\"},{\"p1_eixo\":\"Cultura\",\"p9_tipoorganizacao\":\"Cooperativa\",\"p12_uf\":\"RJ\",\"p13_cidade\":\"QUEIMADOS\",\"p16_cidade\":\"Cidade\",\"p17_ano\":\"2020\",\"p18_comunicacao\":\"Comunica\\u00e7\\u00e3o\",\"p18_difusaoartistica\":\"Difus\\u00e3o Art\\u00edstica\",\"p18_desenvolvimentoterritorial\":\"Desenvolvimento territorial\",\"p18_direitoshumanos\":\"Direitos humanos\",\"p18_lutaantirracismo\":\"Luta antirracismo\",\"p18_povosecomunidadestradicionais\":\"Povos e comunidades tradicionais\",\"p18_saude\":\"Sa\\u00fade\",\"p18_politicasculturais\":\"Pol\\u00edticas Culturais\",\"p19_comunicacao\":\"Comunica\\u00e7\\u00e3o\",\"p19_desenvolvimentoterritorial\":\"Desenvolvimento territorial\",\"p19_povosecomunidadestradicionais\":\"Povos e comunidades tradicionais\",\"p20_reunioes\":\"Reuni\\u00f5es\",\"p20_oficinas\":\"Oficinas\",\"p20_formacao\":\"Forma\\u00e7\\u00e3o\",\"p20_visitasexcursoes\":\"Visitas\\\/Excurs\\u00f5es\",\"p21_machismo\":\"Machismo\",\"p21_racismo\":\"Racismo\",\"p22_numerodeparticipantes\":\"1  - 15\",\"p23_reunioes\":\"Reuni\\u00f5es\",\"p23_atendimento\":\"Atendimento\",\"p23_visitas\":\"Visitas\",\"p24_oficinas\":\"Oficinas\",\"p24_formacao\":\"Forma\\u00e7\\u00e3o\",\"p24_visitasexcursoes\":\"Visitas\\\/Excurs\\u00f5es\",\"p25_numerodepessoas\":\"20 - 40\",\"p26_numerodepessoas\":\"1 - 20\",\"p27_espacopublico\":\"Espa\\u00e7o p\\u00fablico\",\"p27_espacoproprio\":\"Espa\\u00e7o pr\\u00f3prio\",\"p28_territorios\":\"Cidade\",\"p30_outrasorganizacoes\":\"N\\u00e3o\",\"p32_campanhadelongaduracao\":\"Sim\",\"p34_nenhuma\":\"Nenhuma\",\"p36_conselhosdeparticipacaoecontrolesocial\":\"Sim\",\"p38_nenhum\":\"Nenhum\",\"p40_editais\":\"Sim\",\"p41_privadopj\":\"Privado (P. Jur\\u00eddica)\",\"p42_meiodedivulgacaoproprio\":\"Sim\",\"p43_instagram\":\"Instagram\",\"p43_sitesblogs\":\"Blogs\\\/sites\",\"p44_redessociais\":\"Redes sociais (Facebook, YouTube, Instagram etc.)\",\"p39_publico\":\"COMUNIDADES-VULNERABILIZADAS-PELA-QUESTAO-CLIMATICA\",\"p45_bandeira\":\"CONECTAR-MORADORES-E-CIENTISTAS-LOCAIS-EM-PROL-DE-JUSTICA-CLIMATICA REGENERACAO-DE-TERRITORIOS\",\"p46_hashtags\":\"#INTELIGENCIACOLETIVA #ACAOCLIMATICA #ADAPTACAO\"},{\"p1_eixo\":\"Cultura\",\"p9_tipoorganizacao\":\"Movimento Social\",\"p12_uf\":\"PR\",\"p13_cidade\":\"FOZ DO IGUACU\",\"p16_cidade\":\"Cidade\",\"p17_ano\":\"2013\",\"p18_comunicacao\":\"Comunica\\u00e7\\u00e3o\",\"p18_difusaoartistica\":\"Difus\\u00e3o Art\\u00edstica\",\"p18_desenvolvimentoterritorial\":\"Desenvolvimento territorial\",\"p18_direitoshumanos\":\"Direitos humanos\",\"p18_educacao\":\"Educa\\u00e7\\u00e3o\",\"p18_feminismos\":\"Feminismos\",\"p18_lgbtqi\":\"LGBTQI\",\"p18_lutaantirracismo\":\"Luta antirracismo\",\"p18_mobilidade\":\"Mobilidade\",\"p18_moradia\":\"Moradia\",\"p18_povosecomunidadestradicionais\":\"Povos e comunidades tradicionais\",\"p18_trabalho\":\"Trabalho\",\"p18_religiao\":\"Religi\\u00e3o\",\"p18_saude\":\"Sa\\u00fade\",\"p18_violencia\":\"Viol\\u00eancia\",\"p18_politicasculturais\":\"Pol\\u00edticas Culturais\",\"p19_direitoshumanos\":\"Direitos humanos\",\"p19_religiao\":\"Religi\\u00e3o\",\"p19_politicasculturais\":\"Pol\\u00edticas Culturais\",\"p20_reunioes\":\"Reuni\\u00f5es\",\"p20_oficinas\":\"Oficinas\",\"p20_oficinasaulasartisticas\":\"Ensaios\\\/Oficinas\\\/Aulas art\\u00edsticas\",\"p20_profissionalizacao\":\"Profissionaliza\\u00e7\\u00e3o\",\"p21_intoleranciareligiosa\":\"Fundamentalistamo\\\/intoler\\u00e2ncia religiosa\",\"p21_xenofobia\":\"Xenofobia\",\"p21_machismo\":\"Machismo\",\"p21_racismo\":\"Racismo\",\"p21_lgbtqifobia\":\"LGBTIfobia\",\"p22_numerodeparticipantes\":\"30 - 45\",\"p23_reunioes\":\"Reuni\\u00f5es\",\"p23_formacao\":\"Forma\\u00e7\\u00e3o\",\"p23_outros\":\"Outros\",\"p24_reunioes\":\"Reuni\\u00f5es\",\"p24_oficinas\":\"Oficinas\",\"p24_profissionalizacao\":\"Profissionaliza\\u00e7\\u00e3o\",\"p24_apresentacoesartisticas\":\"Apresenta\\u00e7\\u00f5es art\\u00edsticas\",\"p24_visitasexcursoes\":\"Visitas\\\/Excurs\\u00f5es\",\"p24_outros\":\"Outros\",\"p25_numerodepessoas\":\"20 - 40\",\"p26_numerodepessoas\":\"1 - 20\",\"p27_espacopublico\":\"Espa\\u00e7o p\\u00fablico\",\"p27_espacoemprestadocedido\":\"Espa\\u00e7o emprestado\\\/cedido\",\"p27_espacoproprio\":\"Espa\\u00e7o pr\\u00f3prio\",\"p27_virtual\":\"Virtual\",\"p27_ocupacao\":\"Ocupa\\u00e7\\u00e3o\",\"p28_territorios\":\"Cidade\",\"p30_outrasorganizacoes\":\"Sim\",\"p32_campanhadelongaduracao\":\"Sim\",\"p34_nacional\":\"Nacional\",\"p36_conselhosdeparticipacaoecontrolesocial\":\"Sim\",\"p38_sim\":\"Sim\",\"p40_editais\":\"N\\u00e3o\",\"p41_autofinanciamento\":\"Auto-financiamento\",\"p41_financiamentocoletivo0\":\"Financiamento coletivo\",\"p42_meiodedivulgacaoproprio\":\"Sim\",\"p43_instagram\":\"Instagram\",\"p44_jornaisimpressosdebairro\":\"Jornais impressos de bairro\",\"p44_redessociais\":\"Redes sociais (Facebook, YouTube, Instagram etc.)\",\"p39_publico\":\"POPULACAO-PERIFERICA \",\"p45_bandeira\":\"IGUALDADE EQUIDADE \",\"p46_hashtags\":\"#IGUALDADE #EQUIDADE #COMBATEAORACISMO \"},{\"p1_eixo\":\"Cultura\",\"p9_tipoorganizacao\":\"Coletivo\",\"p12_uf\":\"PA\",\"p13_cidade\":\"BREVES\",\"p16_cidade\":\"Cidade\",\"p17_ano\":\"2010\",\"p18_agrario\":\"Agr\\u00e1rio\\\/ruralidades\",\"p18_comunicacao\":\"Comunica\\u00e7\\u00e3o\",\"p18_difusaoartistica\":\"Difus\\u00e3o Art\\u00edstica\",\"p18_desenvolvimentoterritorial\":\"Desenvolvimento territorial\",\"p18_direitoshumanos\":\"Direitos humanos\",\"p18_educacao\":\"Educa\\u00e7\\u00e3o\",\"p18_feminismos\":\"Feminismos\",\"p18_lgbtqi\":\"LGBTQI\",\"p18_lutaantirracismo\":\"Luta antirracismo\",\"p18_mobilidade\":\"Mobilidade\",\"p18_povosecomunidadestradicionais\":\"Povos e comunidades tradicionais\",\"p18_trabalho\":\"Trabalho\",\"p18_religiao\":\"Religi\\u00e3o\",\"p18_saude\":\"Sa\\u00fade\",\"p18_violencia\":\"Viol\\u00eancia\",\"p18_politicasculturais\":\"Pol\\u00edticas Culturais\",\"p19_educacao\":\"Educa\\u00e7\\u00e3o\",\"p19_trabalho\":\"Trabalho\",\"p19_politicasculturais\":\"Pol\\u00edticas Culturais\",\"p20_reunioes\":\"Reuni\\u00f5es\",\"p20_oficinas\":\"Oficinas\",\"p20_oficinasaulasartisticas\":\"Ensaios\\\/Oficinas\\\/Aulas art\\u00edsticas\",\"p20_formacao\":\"Forma\\u00e7\\u00e3o\",\"p21_nenhum\":\"Nenhum\",\"p22_numerodeparticipantes\":\"1  - 15\",\"p23_reunioes\":\"Reuni\\u00f5es\",\"p23_oficinasaulasartisticas\":\"Ensaio\\\/Oficinas\\\/Aulas Art\\u00edsticas\",\"p23_formacao\":\"Forma\\u00e7\\u00e3o\",\"p23_outros\":\"Outros\",\"p24_outros\":\"Outros\",\"p25_numerodepessoas\":\"1 - 20\",\"p26_numerodepessoas\":\"1 - 20\",\"p27_espacoproprio\":\"Espa\\u00e7o pr\\u00f3prio\",\"p27_ocupacao\":\"Ocupa\\u00e7\\u00e3o\",\"p28_territorios\":\"Cidade\",\"p30_outrasorganizacoes\":\"Sim\",\"p32_campanhadelongaduracao\":\"N\\u00e3o\",\"p34_nenhuma\":\"Nenhuma\",\"p36_conselhosdeparticipacaoecontrolesocial\":\"Sim\",\"p38_nenhum\":\"Nenhum\",\"p40_editais\":\"Sim\",\"p41_privadopf\":\"Privado (P. F\\u00edsica)\",\"p42_meiodedivulgacaoproprio\":\"Sim\",\"p43_facebook\":\"Facebook\",\"p43_instagram\":\"Instagram\",\"p44_redessociais\":\"Redes sociais (Facebook, YouTube, Instagram etc.)\",\"p39_publico\":\"CRIANCAS ADOLESCENTES\",\"p45_bandeira\":\"PELA-VIDA-DAS-CRIANCAS PELA-VIDA-DAS-MULHERES-SEM-VIOLENCIA AUTODETERMINACAO LIBERDADE-DE-EXPRESSAO \",\"p46_hashtags\":\"#PELAVIDADASCRIANCAS #NAOATODOSTIPOSDEVIOLENCIAS #LIBERDADEDEEXPRESSAO\"},{\"p1_eixo\":\"Cultura\",\"p9_tipoorganizacao\":\"ONG\",\"p12_uf\":\"RJ\",\"p13_cidade\":\"BELFORD ROXO\",\"p16_cidade\":\"Cidade\",\"p17_ano\":\"2000\",\"p18_difusaoartistica\":\"Difus\\u00e3o Art\\u00edstica\",\"p18_direitoshumanos\":\"Direitos humanos\",\"p18_educacao\":\"Educa\\u00e7\\u00e3o\",\"p18_trabalho\":\"Trabalho\",\"p18_saude\":\"Sa\\u00fade\",\"p18_violencia\":\"Viol\\u00eancia\",\"p18_politicasculturais\":\"Pol\\u00edticas Culturais\",\"p19_direitoshumanos\":\"Direitos humanos\",\"p19_educacao\":\"Educa\\u00e7\\u00e3o\",\"p19_politicasculturais\":\"Pol\\u00edticas Culturais\",\"p20_reunioes\":\"Reuni\\u00f5es\",\"p20_atendimento\":\"Atendimento\",\"p20_oficinas\":\"Oficinas\",\"p20_oficinasaulasartisticas\":\"Ensaios\\\/Oficinas\\\/Aulas art\\u00edsticas\",\"p21_nenhum\":\"Nenhum\",\"p22_numerodeparticipantes\":\"1  - 15\",\"p23_reunioes\":\"Reuni\\u00f5es\",\"p23_atendimento\":\"Atendimento\",\"p23_oficinas\":\"Oficinas\",\"p23_oficinasaulasartisticas\":\"Ensaio\\\/Oficinas\\\/Aulas Art\\u00edsticas\",\"p23_outros\":\"Outros\",\"p24_outros\":\"Outros\",\"p25_numerodepessoas\":\"100 - 200\",\"p26_numerodepessoas\":\"1 - 20\",\"p27_espacoproprio\":\"Espa\\u00e7o pr\\u00f3prio\",\"p27_virtual\":\"Virtual\",\"p28_territorios\":\"Cidade\",\"p30_outrasorganizacoes\":\"Sim\",\"p32_campanhadelongaduracao\":\"N\\u00e3o\",\"p34_nenhuma\":\"Nenhuma\",\"p36_conselhosdeparticipacaoecontrolesocial\":\"Sim\",\"p38_nenhum\":\"Nenhum\",\"p40_editais\":\"Sim\",\"p41_privadopj\":\"Privado (P. Jur\\u00eddica)\",\"p41_autofinanciamento\":\"Auto-financiamento\",\"p42_meiodedivulgacaoproprio\":\"Sim\",\"p43_email\":\"E-mail\",\"p43_facebook\":\"Facebook\",\"p43_instagram\":\"Instagram\",\"p43_sitesblogs\":\"Blogs\\\/sites\",\"p44_nenhum\":\"Nenhum\",\"p39_publico\":\"CRIANCAS ADOLESCENTES\",\"p45_bandeira\":\"CRIANCA-EM-VULNERABILIDADE FAMILIAS CONTRA-A-OMISSAO-DO-PODER-PUBLICO\",\"p46_hashtags\":\"#CRIANCAEMVULNERABILIDADE #FAMILIAS #CONTRAAOMISSAODOPODERPUBLICO\"},{\"p1_eixo\":\"Cultura\",\"p9_tipoorganizacao\":\"Coletivo\",\"p12_uf\":\"SP\",\"p13_cidade\":\"OURINHOS\",\"p16_cidade\":\"Cidade\",\"p17_ano\":\"2017\",\"p18_comunicacao\":\"Comunica\\u00e7\\u00e3o\",\"p18_difusaoartistica\":\"Difus\\u00e3o Art\\u00edstica\",\"p18_desenvolvimentoterritorial\":\"Desenvolvimento territorial\",\"p18_direitoshumanos\":\"Direitos humanos\",\"p18_educacao\":\"Educa\\u00e7\\u00e3o\",\"p18_feminismos\":\"Feminismos\",\"p18_lgbtqi\":\"LGBTQI\",\"p18_lutaantirracismo\":\"Luta antirracismo\",\"p18_mobilidade\":\"Mobilidade\",\"p18_moradia\":\"Moradia\",\"p18_povosecomunidadestradicionais\":\"Povos e comunidades tradicionais\",\"p18_trabalho\":\"Trabalho\",\"p18_saude\":\"Sa\\u00fade\",\"p18_violencia\":\"Viol\\u00eancia\",\"p18_politicasculturais\":\"Pol\\u00edticas Culturais\",\"p19_educacao\":\"Educa\\u00e7\\u00e3o\",\"p19_difusaoartistica\":\"Difus\\u00e3o Art\\u00edstica\",\"p19_politicasculturais\":\"Pol\\u00edticas Culturais\",\"p20_reunioes\":\"Reuni\\u00f5es\",\"p20_oficinas\":\"Oficinas\",\"p20_oficinasaulasartisticas\":\"Ensaios\\\/Oficinas\\\/Aulas art\\u00edsticas\",\"p20_formacao\":\"Forma\\u00e7\\u00e3o\",\"p20_apresentacoesartisticas\":\"Apresenta\\u00e7\\u00f5es art\\u00edsticas\",\"p20_visitasexcursoes\":\"Visitas\\\/Excurs\\u00f5es\",\"p21_repressaopolicial\":\"Repress\\u00e3o policial\",\"p21_machismo\":\"Machismo\",\"p21_racismo\":\"Racismo\",\"p21_lgbtqifobia\":\"LGBTIfobia\",\"p22_numerodeparticipantes\":\"1  - 15\",\"p23_reunioes\":\"Reuni\\u00f5es\",\"p23_apresentacoesartisticas\":\"Apresenta\\u00e7\\u00f5es Art\\u00edsticas\",\"p23_outros\":\"Outros\",\"p24_oficinas\":\"Oficinas\",\"p24_formacao\":\"Forma\\u00e7\\u00e3o\",\"p24_visitasexcursoes\":\"Visitas\\\/Excurs\\u00f5es\",\"p24_outros\":\"Outros\",\"p25_numerodepessoas\":\"40 - 60\",\"p26_numerodepessoas\":\"20 - 40\",\"p27_espacopublico\":\"Espa\\u00e7o p\\u00fablico\",\"p27_virtual\":\"Virtual\",\"p27_ocupacao\":\"Ocupa\\u00e7\\u00e3o\",\"p28_territorios\":\"Cidade\",\"p30_outrasorganizacoes\":\"Sim\",\"p32_campanhadelongaduracao\":\"N\\u00e3o\",\"p34_municipal\":\"Municipal\",\"p34_estadual\":\"Estadual\",\"p36_conselhosdeparticipacaoecontrolesocial\":\"Sim\",\"p38_nenhum\":\"Nenhum\",\"p40_editais\":\"Sim\",\"p41_autofinanciamento\":\"Auto-financiamento\",\"p41_financiamentocoletivo0\":\"Financiamento coletivo\",\"p42_meiodedivulgacaoproprio\":\"Sim\",\"p43_email\":\"E-mail\",\"p43_facebook\":\"Facebook\",\"p43_instagram\":\"Instagram\",\"p43_youtube\":\"YouTube\",\"p44_redessociais\":\"Redes sociais (Facebook, YouTube, Instagram etc.)\",\"p39_publico\":\"PESSOAS-DA-PERIFERIA\",\"p45_bandeira\":\"LUTA-ANTIRRACISMO LUTA-CONTRA-A-TRANSFOBIA PERIFERIA\",\"p46_hashtags\":\"#MOVIMENTODERUA #POESIAMARGINAL #SOLTAOVERNOEPASSAAVISAO \"},{\"p1_eixo\":\"Trabalho\",\"p9_tipoorganizacao\":\"ONG\",\"p12_uf\":\"GO\",\"p13_cidade\":\"NOVO GAMA\",\"p17_ano\":\"1987\",\"p16_estado\":\"Estado\",\"p18_desenvolvimentoterritorial\":\"Desenvolvimento territorial\",\"p18_direitoshumanos\":\"Direitos humanos\",\"p18_educacao\":\"Educa\\u00e7\\u00e3o\",\"p18_violencia\":\"Viol\\u00eancia\",\"p19_desenvolvimentoterritorial\":\"Desenvolvimento territorial\",\"p19_educacao\":\"Educa\\u00e7\\u00e3o\",\"p19_violencia\":\"Viol\\u00eancia\",\"p20_reunioes\":\"Reuni\\u00f5es\",\"p20_oficinas\":\"Oficinas\",\"p20_formacao\":\"Forma\\u00e7\\u00e3o\",\"p20_visitasexcursoes\":\"Visitas\\\/Excurs\\u00f5es\",\"p21_repressaopolicial\":\"Repress\\u00e3o policial\",\"p22_numerodeparticipantes\":\"1  - 15\",\"p23_outros\":\"Outros\",\"p24_reunioes\":\"Reuni\\u00f5es\",\"p24_oficinas\":\"Oficinas\",\"p24_formacao\":\"Forma\\u00e7\\u00e3o\",\"p24_visitasexcursoes\":\"Visitas\\\/Excurs\\u00f5es\",\"p24_outros\":\"Outros\",\"p25_numerodepessoas\":\"1 - 20\",\"p26_numerodepessoas\":\"20 - 40\",\"p27_espacopublico\":\"Espa\\u00e7o p\\u00fablico\",\"p27_espacoproprio\":\"Espa\\u00e7o pr\\u00f3prio\",\"p28_territorios\":\"Cidade\",\"p30_outrasorganizacoes\":\"N\\u00e3o\",\"p32_campanhadelongaduracao\":\"N\\u00e3o\",\"p34_nenhuma\":\"Nenhuma\",\"p36_conselhosdeparticipacaoecontrolesocial\":\"Sim\",\"p38_sim\":\"Sim\",\"p40_editais\":\"Sim\",\"p41_autofinanciamento\":\"Auto-financiamento\",\"p41_financiamentocoletivo0\":\"Financiamento coletivo\",\"p42_meiodedivulgacaoproprio\":\"Sim\",\"p43_email\":\"E-mail\",\"p43_facebook\":\"Facebook\",\"p43_instagram\":\"Instagram\",\"p44_sitesblogs\":\"Sites ou Blogs\",\"p39_publico\":\"COMUNIDADE-DO-PEDREGAL \",\"p45_bandeira\":\"CRIACAO-DO-PARQUE-RIBEIRAO-SANTA-MARIA\",\"p46_hashtags\":\"#MEIOAMBIENTE #SUSTENTABILIDADE #AGUA \"},{\"p1_eixo\":\"Cultura\",\"p9_tipoorganizacao\":\"Associa\\u00e7\\u00e3o\",\"p12_uf\":\"PB\",\"p13_cidade\":\"CAMPINA GRANDE\",\"p17_ano\":\"2024\",\"p16_estado\":\"Estado\",\"p18_agrario\":\"Agr\\u00e1rio\\\/ruralidades\",\"p18_difusaoartistica\":\"Difus\\u00e3o Art\\u00edstica\",\"p18_direitoshumanos\":\"Direitos humanos\",\"p18_educacao\":\"Educa\\u00e7\\u00e3o\",\"p18_feminismos\":\"Feminismos\",\"p18_lutaantirracismo\":\"Luta antirracismo\",\"p18_mobilidade\":\"Mobilidade\",\"p18_povosecomunidadestradicionais\":\"Povos e comunidades tradicionais\",\"p18_trabalho\":\"Trabalho\",\"p18_religiao\":\"Religi\\u00e3o\",\"p18_saude\":\"Sa\\u00fade\",\"p18_violencia\":\"Viol\\u00eancia\",\"p18_politicasculturais\":\"Pol\\u00edticas Culturais\",\"p19_agrario\":\"Agr\\u00e1rio\\\/ruralidades\",\"p19_religiao\":\"Religi\\u00e3o\",\"p19_violencia\":\"Viol\\u00eancia\",\"p20_reunioes\":\"Reuni\\u00f5es\",\"p20_oficinas\":\"Oficinas\",\"p20_oficinasaulasartisticas\":\"Ensaios\\\/Oficinas\\\/Aulas art\\u00edsticas\",\"p20_apresentacoesartisticas\":\"Apresenta\\u00e7\\u00f5es art\\u00edsticas\",\"p20_visitasexcursoes\":\"Visitas\\\/Excurs\\u00f5es\",\"p21_repressaopolicial\":\"Repress\\u00e3o policial\",\"p21_intoleranciareligiosa\":\"Fundamentalistamo\\\/intoler\\u00e2ncia religiosa\",\"p21_xenofobia\":\"Xenofobia\",\"p21_machismo\":\"Machismo\",\"p21_racismo\":\"Racismo\",\"p21_lgbtqifobia\":\"LGBTIfobia\",\"p22_numerodeparticipantes\":\"45 - 60\",\"p23_reunioes\":\"Reuni\\u00f5es\",\"p23_oficinas\":\"Oficinas\",\"p23_oficinasaulasartisticas\":\"Ensaio\\\/Oficinas\\\/Aulas Art\\u00edsticas\",\"p23_apresentacoesartisticas\":\"Apresenta\\u00e7\\u00f5es Art\\u00edsticas\",\"p23_visitas\":\"Visitas\",\"p23_excursoes\":\"Excurs\\u00f5es\",\"p23_outros\":\"Outros\",\"p24_outros\":\"Outros\",\"p25_numerodepessoas\":\"20 - 40\",\"p26_numerodepessoas\":\"1 - 20\",\"p27_espacoemprestadocedido\":\"Espa\\u00e7o emprestado\\\/cedido\",\"p28_territorios\":\"Estado\",\"p30_outrasorganizacoes\":\"Sim\",\"p32_campanhadelongaduracao\":\"N\\u00e3o\",\"p34_municipal\":\"Municipal\",\"p36_conselhosdeparticipacaoecontrolesocial\":\"Sim\",\"p38_nenhum\":\"Nenhum\",\"p40_editais\":\"Sim\",\"p41_autofinanciamento\":\"Auto-financiamento\",\"p41_financiamentocoletivo0\":\"Financiamento coletivo\",\"p42_meiodedivulgacaoproprio\":\"Sim\",\"p43_instagram\":\"Instagram\",\"p44_nenhum\":\"Nenhum\",\"p39_publico\":\"JOVENS ADULTOS CRIANCAS TODAS-PESSOAS-QUE-PRECISAM-DE-AJUDA-ESPIRITUAL \",\"p45_bandeira\":\"CONTRA-O-PRECONCEITO CONTRA-A-VIOLENCIA CONTRA-QUALQUER-TIPO-DE-INTOLERANCIA EM-FAVOR-DE-PESSOAS-VUNERAVEIS \",\"p46_hashtags\":\"#REFORMAAGRARIA #REDUCAODEDANOS #ENCANTARIADAJUREMA \"},{\"p1_eixo\":\"Trabalho\",\"p9_tipoorganizacao\":\"Associa\\u00e7\\u00e3o\",\"p12_uf\":\"RJ\",\"p13_cidade\":\"BELFORD ROXO\",\"p16_bairro\":\"Bairro\",\"p17_ano\":\"2021\",\"p18_agrario\":\"Agr\\u00e1rio\\\/ruralidades\",\"p18_comunicacao\":\"Comunica\\u00e7\\u00e3o\",\"p18_desenvolvimentoterritorial\":\"Desenvolvimento territorial\",\"p18_direitoshumanos\":\"Direitos humanos\",\"p18_educacao\":\"Educa\\u00e7\\u00e3o\",\"p18_lutaantirracismo\":\"Luta antirracismo\",\"p18_mobilidade\":\"Mobilidade\",\"p18_moradia\":\"Moradia\",\"p18_trabalho\":\"Trabalho\",\"p18_saude\":\"Sa\\u00fade\",\"p18_violencia\":\"Viol\\u00eancia\",\"p19_comunicacao\":\"Comunica\\u00e7\\u00e3o\",\"p19_moradia\":\"Moradia\",\"p19_saude\":\"Sa\\u00fade\",\"p20_reunioes\":\"Reuni\\u00f5es\",\"p20_atendimento\":\"Atendimento\",\"p20_formacao\":\"Forma\\u00e7\\u00e3o\",\"p21_racismo\":\"Racismo\",\"p22_numerodeparticipantes\":\"1  - 15\",\"p23_reunioes\":\"Reuni\\u00f5es\",\"p23_atendimento\":\"Atendimento\",\"p24_reunioes\":\"Reuni\\u00f5es\",\"p24_formacao\":\"Forma\\u00e7\\u00e3o\",\"p25_numerodepessoas\":\"1 - 20\",\"p26_numerodepessoas\":\"80 - 100\",\"p27_espacoproprio\":\"Espa\\u00e7o pr\\u00f3prio\",\"p28_territorios\":\"Pr\\u00f3prio bairro\",\"p30_outrasorganizacoes\":\"Sim\",\"p32_campanhadelongaduracao\":\"N\\u00e3o\",\"p34_nenhuma\":\"Nenhuma\",\"p36_conselhosdeparticipacaoecontrolesocial\":\"N\\u00e3o\",\"p38_nenhum\":\"Nenhum\",\"p40_editais\":\"N\\u00e3o\",\"p41_privadopf\":\"Privado (P. F\\u00edsica)\",\"p42_meiodedivulgacaoproprio\":\"N\\u00e3o\",\"p43_nenhum\":\"Nenhum\",\"p44_redessociais\":\"Redes sociais (Facebook, YouTube, Instagram etc.)\",\"p39_publico\":\"PESSOAS-EM-SITUACAO-DE-VULNERABILIDADE\",\"p45_bandeira\":\"LUTA-CONTRA-A-FOME\",\"p46_hashtags\":\"#CONHECERPARADESENVOLVER #NECESSIDADEDASAUDE #LUTARCONTRAAFOME\"},{\"p1_eixo\":\"Viol\\u00eancia\",\"p9_tipoorganizacao\":\"ONG\",\"p12_uf\":\"PB\",\"p13_cidade\":\"SAPE\",\"p16_bairro\":\"Bairro\",\"p17_ano\":\"2009\",\"p18_comunicacao\":\"Comunica\\u00e7\\u00e3o\",\"p18_difusaoartistica\":\"Difus\\u00e3o Art\\u00edstica\",\"p18_direitoshumanos\":\"Direitos humanos\",\"p18_educacao\":\"Educa\\u00e7\\u00e3o\",\"p18_lgbtqi\":\"LGBTQI\",\"p18_lutaantirracismo\":\"Luta antirracismo\",\"p18_trabalho\":\"Trabalho\",\"p18_saude\":\"Sa\\u00fade\",\"p18_violencia\":\"Viol\\u00eancia\",\"p18_politicasculturais\":\"Pol\\u00edticas Culturais\",\"p19_direitoshumanos\":\"Direitos humanos\",\"p19_educacao\":\"Educa\\u00e7\\u00e3o\",\"p19_saude\":\"Sa\\u00fade\",\"p20_reunioes\":\"Reuni\\u00f5es\",\"p20_atendimento\":\"Atendimento\",\"p20_oficinas\":\"Oficinas\",\"p20_oficinasaulasartisticas\":\"Ensaios\\\/Oficinas\\\/Aulas art\\u00edsticas\",\"p20_apresentacoesartisticas\":\"Apresenta\\u00e7\\u00f5es art\\u00edsticas\",\"p20_visitasexcursoes\":\"Visitas\\\/Excurs\\u00f5es\",\"p21_nenhum\":\"Nenhum\",\"p22_numerodeparticipantes\":\"1  - 15\",\"p23_outros\":\"Outros\",\"p24_reunioes\":\"Reuni\\u00f5es\",\"p24_atendimento\":\"Atendimentos\",\"p24_oficinas\":\"Oficinas\",\"p24_apresentacoesartisticas\":\"Apresenta\\u00e7\\u00f5es art\\u00edsticas\",\"p24_visitasexcursoes\":\"Visitas\\\/Excurs\\u00f5es\",\"p24_outros\":\"Outros\",\"p25_numerodepessoas\":\"40 - 60\",\"p26_numerodepessoas\":\"1 - 20\",\"p27_espacoproprio\":\"Espa\\u00e7o pr\\u00f3prio\",\"p28_territorios\":\"Regi\\u00e3o da Cidade\",\"p30_outrasorganizacoes\":\"Sim\",\"p32_campanhadelongaduracao\":\"Sim\",\"p34_municipal\":\"Municipal\",\"p36_conselhosdeparticipacaoecontrolesocial\":\"Sim\",\"p38_nenhum\":\"Nenhum\",\"p40_editais\":\"Sim\",\"p41_publicoestatal\":\"P\\u00fablico-Estatal\",\"p42_meiodedivulgacaoproprio\":\"Sim\",\"p43_instagram\":\"Instagram\",\"p44_nenhum\":\"Nenhum\",\"p39_publico\":\"CRIANCAS-DE-6-A-12 ANOS FAMILIARES \",\"p45_bandeira\":\"PROTECAO-A-CRIANCA-E-ADOLESCENTE DIREITOS\",\"p46_hashtags\":\"#CRIANCAEADOLESCENTE #NAOAOABUSOACRIANCAEADOLESCENTE #PROTECAODACRIANCAEADOLESCENTE\"},{\"p1_eixo\":\"Trabalho\",\"p9_tipoorganizacao\":\"Funda\\u00e7\\u00e3o\",\"p12_uf\":\"PR\",\"p13_cidade\":\"CURITIBA \",\"p16_nacional\":\"Nacional\",\"p17_ano\":\"2018\",\"p18_agrario\":\"Agr\\u00e1rio\\\/ruralidades\",\"p18_comunicacao\":\"Comunica\\u00e7\\u00e3o\",\"p18_difusaoartistica\":\"Difus\\u00e3o Art\\u00edstica\",\"p18_desenvolvimentoterritorial\":\"Desenvolvimento territorial\",\"p18_direitoshumanos\":\"Direitos humanos\",\"p18_educacao\":\"Educa\\u00e7\\u00e3o\",\"p18_lgbtqi\":\"LGBTQI\",\"p18_lutaantirracismo\":\"Luta antirracismo\",\"p18_mobilidade\":\"Mobilidade\",\"p18_moradia\":\"Moradia\",\"p18_povosecomunidadestradicionais\":\"Povos e comunidades tradicionais\",\"p18_trabalho\":\"Trabalho\",\"p18_religiao\":\"Religi\\u00e3o\",\"p18_saude\":\"Sa\\u00fade\",\"p18_violencia\":\"Viol\\u00eancia\",\"p18_politicasculturais\":\"Pol\\u00edticas Culturais\",\"p19_moradia\":\"Moradia\",\"p19_religiao\":\"Religi\\u00e3o\",\"p19_violencia\":\"Viol\\u00eancia\",\"p20_reunioes\":\"Reuni\\u00f5es\",\"p20_atendimento\":\"Atendimento\",\"p20_oficinasaulasartisticas\":\"Ensaios\\\/Oficinas\\\/Aulas art\\u00edsticas\",\"p20_formacao\":\"Forma\\u00e7\\u00e3o\",\"p20_profissionalizacao\":\"Profissionaliza\\u00e7\\u00e3o\",\"p20_apresentacoesartisticas\":\"Apresenta\\u00e7\\u00f5es art\\u00edsticas\",\"p20_visitasexcursoes\":\"Visitas\\\/Excurs\\u00f5es\",\"p21_repressaopolicial\":\"Repress\\u00e3o policial\",\"p21_intoleranciareligiosa\":\"Fundamentalistamo\\\/intoler\\u00e2ncia religiosa\",\"p21_enfrentamentocomgruposprivadosarmados\":\"Enfrentamento com grupos privados armados\",\"p22_numerodeparticipantes\":\"60 - 75\",\"p23_reunioes\":\"Reuni\\u00f5es\",\"p23_atendimento\":\"Atendimento\",\"p23_oficinasaulasartisticas\":\"Ensaio\\\/Oficinas\\\/Aulas Art\\u00edsticas\",\"p23_formacao\":\"Forma\\u00e7\\u00e3o\",\"p23_profissionalizacao\":\"Profissionaliza\\u00e7\\u00e3o\",\"p23_apresentacoesartisticas\":\"Apresenta\\u00e7\\u00f5es Art\\u00edsticas\",\"p23_visitas\":\"Visitas\",\"p23_outros\":\"Outros\",\"p24_outros\":\"Outros\",\"p25_numerodepessoas\":\"20 - 40\",\"p26_numerodepessoas\":\"1 - 20\",\"p27_espacoproprio\":\"Espa\\u00e7o pr\\u00f3prio\",\"p27_virtual\":\"Virtual\",\"p28_territorios\":\"Pr\\u00f3prio bairro\",\"p30_outrasorganizacoes\":\"Sim\",\"p32_campanhadelongaduracao\":\"Sim\",\"p34_nenhuma\":\"Nenhuma\",\"p36_conselhosdeparticipacaoecontrolesocial\":\"Sim\",\"p38_sim\":\"Sim\",\"p40_editais\":\"N\\u00e3o\",\"p41_financiamentocoletivo0\":\"Financiamento coletivo\",\"p42_meiodedivulgacaoproprio\":\"Sim\",\"p43_facebook\":\"Facebook\",\"p43_whatsapp\":\"WhatApp\",\"p43_instagram\":\"Instagram\",\"p43_sitesblogs\":\"Blogs\\\/sites\",\"p43_radio\":\"R\\u00e1dio\",\"p44_nenhum\":\"Nenhum\",\"p39_publico\":\"PESSOAS-EM-SITUACAO-DE-VULNERABILIDADE \",\"p45_bandeira\":\"CONTRA-VIOLENCIA CONTRA-DROGAS CONTRA-O-DESRESPEITO-AO-SER-HUMANO COMBATE-A-FOME\",\"p46_hashtags\":\"#IMPLANTARDEUSNOSCORACOESEMENTES #MOSTRARQUEPRATUDOTEMUMASAIDA #PORMAISDIFICILQUEESTEJANAOEMOTIVOPARADESISTIR\"},{\"p1_eixo\":\"Cultura\",\"p9_tipoorganizacao\":\"Movimento Social\",\"p12_uf\":\"RS\",\"p13_cidade\":\"PELOTAS\",\"p16_bairro\":\"Bairro\",\"p17_ano\":\"2023\",\"p18_comunicacao\":\"Comunica\\u00e7\\u00e3o\",\"p18_desenvolvimentoterritorial\":\"Desenvolvimento territorial\",\"p18_educacao\":\"Educa\\u00e7\\u00e3o\",\"p18_lgbtqi\":\"LGBTQI\",\"p18_lutaantirracismo\":\"Luta antirracismo\",\"p18_moradia\":\"Moradia\",\"p18_trabalho\":\"Trabalho\",\"p18_saude\":\"Sa\\u00fade\",\"p18_violencia\":\"Viol\\u00eancia\",\"p18_politicasculturais\":\"Pol\\u00edticas Culturais\",\"p19_educacao\":\"Educa\\u00e7\\u00e3o\",\"p19_moradia\":\"Moradia\",\"p19_politicasculturais\":\"Pol\\u00edticas Culturais\",\"p20_reunioes\":\"Reuni\\u00f5es\",\"p20_atendimento\":\"Atendimento\",\"p20_oficinas\":\"Oficinas\",\"p20_oficinasaulasartisticas\":\"Ensaios\\\/Oficinas\\\/Aulas art\\u00edsticas\",\"p20_apresentacoesartisticas\":\"Apresenta\\u00e7\\u00f5es art\\u00edsticas\",\"p21_intoleranciareligiosa\":\"Fundamentalistamo\\\/intoler\\u00e2ncia religiosa\",\"p21_machismo\":\"Machismo\",\"p21_racismo\":\"Racismo\",\"p22_numerodeparticipantes\":\"1  - 15\",\"p23_outros\":\"Outros\",\"p24_reunioes\":\"Reuni\\u00f5es\",\"p24_atendimento\":\"Atendimentos\",\"p24_oficinas\":\"Oficinas\",\"p24_oficinasaulasartisticas\":\"Ensaios\\\/Oficinas\\\/Aulas art\\u00edsticas\",\"p24_apresentacoesartisticas\":\"Apresenta\\u00e7\\u00f5es art\\u00edsticas\",\"p24_outros\":\"Outros\",\"p25_numerodepessoas\":\"1 - 20\",\"p26_numerodepessoas\":\"80 - 100\",\"p27_espacopublico\":\"Espa\\u00e7o p\\u00fablico\",\"p27_espacoproprio\":\"Espa\\u00e7o pr\\u00f3prio\",\"p28_territorios\":\"Regi\\u00e3o da Cidade\",\"p30_outrasorganizacoes\":\"Sim\",\"p32_campanhadelongaduracao\":\"Sim\",\"p34_nenhuma\":\"Nenhuma\",\"p36_conselhosdeparticipacaoecontrolesocial\":\"N\\u00e3o\",\"p38_nenhum\":\"Nenhum\",\"p40_editais\":\"N\\u00e3o\",\"p41_autofinanciamento\":\"Auto-financiamento\",\"p41_financiamentocoletivo0\":\"Financiamento coletivo\",\"p42_meiodedivulgacaoproprio\":\"Sim\",\"p43_impressoes\":\"Impressos\",\"p43_instagram\":\"Instagram\",\"p44_radio\":\"R\\u00e1dio\",\"p44_redessociais\":\"Redes sociais (Facebook, YouTube, Instagram etc.)\",\"p39_publico\":\"CRIANCAS MAES-SOLOS\",\"p45_bandeira\":\"LUTA-PELA-IGUALDADE\",\"p46_hashtags\":\"#OUSAMOSLUTARPORDIASMELHORES #OUSAMOSACREDITAREMUMAMANHAMELHOR #OUSAMOSSEMEARUMFUTUROMELHOR\"},{\"p1_eixo\":\"Cultura\",\"p9_tipoorganizacao\":\"Associa\\u00e7\\u00e3o\",\"p12_uf\":\"PB\",\"p13_cidade\":\"CAMPINA GRANDE\",\"p17_ano\":\"2023\",\"p16_estado\":\"Estado\",\"p18_direitoshumanos\":\"Direitos humanos\",\"p18_educacao\":\"Educa\\u00e7\\u00e3o\",\"p18_trabalho\":\"Trabalho\",\"p18_saude\":\"Sa\\u00fade\",\"p18_violencia\":\"Viol\\u00eancia\",\"p19_direitoshumanos\":\"Direitos humanos\",\"p19_educacao\":\"Educa\\u00e7\\u00e3o\",\"p19_violencia\":\"Viol\\u00eancia\",\"p20_oficinas\":\"Oficinas\",\"p20_formacao\":\"Forma\\u00e7\\u00e3o\",\"p20_profissionalizacao\":\"Profissionaliza\\u00e7\\u00e3o\",\"p21_repressaopolicial\":\"Repress\\u00e3o policial\",\"p21_xenofobia\":\"Xenofobia\",\"p21_machismo\":\"Machismo\",\"p22_numerodeparticipantes\":\"45 - 60\",\"p23_oficinas\":\"Oficinas\",\"p23_formacao\":\"Forma\\u00e7\\u00e3o\",\"p23_profissionalizacao\":\"Profissionaliza\\u00e7\\u00e3o\",\"p23_outros\":\"Outros\",\"p24_outros\":\"Outros\",\"p25_numerodepessoas\":\"40 - 60\",\"p26_numerodepessoas\":\"1 - 20\",\"p27_espacoemprestadocedido\":\"Espa\\u00e7o emprestado\\\/cedido\",\"p28_territorios\":\"Estado\",\"p30_outrasorganizacoes\":\"Sim\",\"p32_campanhadelongaduracao\":\"N\\u00e3o\",\"p34_estadual\":\"Estadual\",\"p36_conselhosdeparticipacaoecontrolesocial\":\"N\\u00e3o\",\"p38_nenhum\":\"Nenhum\",\"p40_editais\":\"N\\u00e3o\",\"p41_publicoestatal\":\"P\\u00fablico-Estatal\",\"p42_meiodedivulgacaoproprio\":\"Sim\",\"p43_instagram\":\"Instagram\",\"p44_radio\":\"TV\",\"p44_sitesblogs\":\"Sites ou Blogs\",\"p39_publico\":\"CRIANCAS ADOLESCENTES JOVENS FAMILIAS \",\"p45_bandeira\":\"EDUCACAO DIREITOS CIDADANIA\",\"p46_hashtags\":\"#EDUCACAO #DIREITOS #CIDADANIA\"},{\"p1_eixo\":\"Trabalho\",\"p9_tipoorganizacao\":\"ONG\",\"p12_uf\":\"RS\",\"p13_cidade\":\"PELOTAS\",\"p16_cidade\":\"Cidade\",\"p17_ano\":\"2009\",\"p18_comunicacao\":\"Comunica\\u00e7\\u00e3o\",\"p18_difusaoartistica\":\"Difus\\u00e3o Art\\u00edstica\",\"p18_desenvolvimentoterritorial\":\"Desenvolvimento territorial\",\"p18_direitoshumanos\":\"Direitos humanos\",\"p18_educacao\":\"Educa\\u00e7\\u00e3o\",\"p18_feminismos\":\"Feminismos\",\"p18_lgbtqi\":\"LGBTQI\",\"p18_lutaantirracismo\":\"Luta antirracismo\",\"p18_mobilidade\":\"Mobilidade\",\"p18_moradia\":\"Moradia\",\"p18_trabalho\":\"Trabalho\",\"p18_saude\":\"Sa\\u00fade\",\"p18_violencia\":\"Viol\\u00eancia\",\"p18_politicasculturais\":\"Pol\\u00edticas Culturais\",\"p19_direitoshumanos\":\"Direitos humanos\",\"p19_educacao\":\"Educa\\u00e7\\u00e3o\",\"p19_violencia\":\"Viol\\u00eancia\",\"p20_reunioes\":\"Reuni\\u00f5es\",\"p20_oficinas\":\"Oficinas\",\"p20_profissionalizacao\":\"Profissionaliza\\u00e7\\u00e3o\",\"p20_visitasexcursoes\":\"Visitas\\\/Excurs\\u00f5es\",\"p21_repressaopolicial\":\"Repress\\u00e3o policial\",\"p21_intoleranciareligiosa\":\"Fundamentalistamo\\\/intoler\\u00e2ncia religiosa\",\"p21_xenofobia\":\"Xenofobia\",\"p21_machismo\":\"Machismo\",\"p21_racismo\":\"Racismo\",\"p21_lgbtqifobia\":\"LGBTIfobia\",\"p22_numerodeparticipantes\":\"1  - 15\",\"p23_reunioes\":\"Reuni\\u00f5es\",\"p23_oficinas\":\"Oficinas\",\"p23_profissionalizacao\":\"Profissionaliza\\u00e7\\u00e3o\",\"p24_visitasexcursoes\":\"Visitas\\\/Excurs\\u00f5es\",\"p24_outros\":\"Outros\",\"p25_numerodepessoas\":\"60 - 80\",\"p26_numerodepessoas\":\"200 - 300\",\"p27_espacopublico\":\"Espa\\u00e7o p\\u00fablico\",\"p27_espacoproprio\":\"Espa\\u00e7o pr\\u00f3prio\",\"p28_territorios\":\"Cidade\",\"p30_outrasorganizacoes\":\"Sim\",\"p32_campanhadelongaduracao\":\"N\\u00e3o\",\"p34_nenhuma\":\"Nenhuma\",\"p36_conselhosdeparticipacaoecontrolesocial\":\"Sim\",\"p38_sim\":\"Sim\",\"p40_editais\":\"N\\u00e3o\",\"p41_autofinanciamento\":\"Auto-financiamento\",\"p41_financiamentocoletivo0\":\"Financiamento coletivo\",\"p42_meiodedivulgacaoproprio\":\"Sim\",\"p43_facebook\":\"Facebook\",\"p43_whatsapp\":\"WhatApp\",\"p43_instagram\":\"Instagram\",\"p44_radio\":\"TV\",\"p44_jornaisimpressosdebairro\":\"Jornais impressos de bairro\",\"p44_redessociais\":\"Redes sociais (Facebook, YouTube, Instagram etc.)\",\"p44_sitesblogs\":\"Sites ou Blogs\",\"p39_publico\":\"CRIANCAS ADOLESCENTES\",\"p45_bandeira\":\"EDUCACAO INCLUSAO-SOCIAL VIOLENCIA ANTIRRACISMO \",\"p46_hashtags\":\"#EDUCANCADOATRAVESASDOESPORTE #JUNTOSSOMOSMAISFORTES #FAZEROBEMSEMOLHARAQUEM\"},{\"p1_eixo\":\"Cultura\",\"p9_tipoorganizacao\":\"Movimento Social\",\"p12_uf\":\"RS\",\"p13_cidade\":\"PELOTAS\",\"p16_bairro\":\"Bairro\",\"p17_ano\":\"2021\",\"p18_comunicacao\":\"Comunica\\u00e7\\u00e3o\",\"p18_difusaoartistica\":\"Difus\\u00e3o Art\\u00edstica\",\"p18_direitoshumanos\":\"Direitos humanos\",\"p18_educacao\":\"Educa\\u00e7\\u00e3o\",\"p18_lutaantirracismo\":\"Luta antirracismo\",\"p18_mobilidade\":\"Mobilidade\",\"p18_trabalho\":\"Trabalho\",\"p18_saude\":\"Sa\\u00fade\",\"p19_direitoshumanos\":\"Direitos humanos\",\"p19_lutaantirracismo\":\"Luta antirracismo\",\"p19_saude\":\"Sa\\u00fade\",\"p20_reunioes\":\"Reuni\\u00f5es\",\"p20_formacao\":\"Forma\\u00e7\\u00e3o\",\"p21_nenhum\":\"Nenhum\",\"p22_numerodeparticipantes\":\"1  - 15\",\"p23_reunioes\":\"Reuni\\u00f5es\",\"p23_formacao\":\"Forma\\u00e7\\u00e3o\",\"p23_outros\":\"Outros\",\"p24_outros\":\"Outros\",\"p25_numerodepessoas\":\"20 - 40\",\"p26_numerodepessoas\":\"1 - 20\",\"p27_espacopublico\":\"Espa\\u00e7o p\\u00fablico\",\"p28_territorios\":\"Pr\\u00f3prio bairro\",\"p30_outrasorganizacoes\":\"N\\u00e3o\",\"p32_campanhadelongaduracao\":\"N\\u00e3o\",\"p34_nenhuma\":\"Nenhuma\",\"p36_conselhosdeparticipacaoecontrolesocial\":\"N\\u00e3o\",\"p38_nenhum\":\"Nenhum\",\"p40_editais\":\"Sim\",\"p41_autofinanciamento\":\"Auto-financiamento\",\"p41_financiamentocoletivo0\":\"Financiamento coletivo\",\"p42_meiodedivulgacaoproprio\":\"Sim\",\"p43_facebook\":\"Facebook\",\"p44_nenhum\":\"Nenhum\",\"p39_publico\":\"CRIANCAS\",\"p45_bandeira\":\"A-FAVOR-DOS-ESPORTES LUTA-ANTIRRACISTA\",\"p46_hashtags\":\"#ESPORTEPRATODOS #INCLUSAOSOCIAL #AFAVORDOSESPORTES\"},{\"p1_eixo\":\"Cultura\",\"p9_tipoorganizacao\":\"Coletivo\",\"p12_uf\":\"SC\",\"p13_cidade\":\"CRICIUMA\",\"p16_bairro\":\"Bairro\",\"p17_ano\":\"2016\",\"p18_comunicacao\":\"Comunica\\u00e7\\u00e3o\",\"p18_difusaoartistica\":\"Difus\\u00e3o Art\\u00edstica\",\"p18_desenvolvimentoterritorial\":\"Desenvolvimento territorial\",\"p18_direitoshumanos\":\"Direitos humanos\",\"p18_educacao\":\"Educa\\u00e7\\u00e3o\",\"p18_feminismos\":\"Feminismos\",\"p18_lgbtqi\":\"LGBTQI\",\"p18_lutaantirracismo\":\"Luta antirracismo\",\"p18_mobilidade\":\"Mobilidade\",\"p18_moradia\":\"Moradia\",\"p18_povosecomunidadestradicionais\":\"Povos e comunidades tradicionais\",\"p18_trabalho\":\"Trabalho\",\"p18_religiao\":\"Religi\\u00e3o\",\"p18_saude\":\"Sa\\u00fade\",\"p18_violencia\":\"Viol\\u00eancia\",\"p18_politicasculturais\":\"Pol\\u00edticas Culturais\",\"p19_educacao\":\"Educa\\u00e7\\u00e3o\",\"p19_trabalho\":\"Trabalho\",\"p19_politicasculturais\":\"Pol\\u00edticas Culturais\",\"p20_reunioes\":\"Reuni\\u00f5es\",\"p20_oficinas\":\"Oficinas\",\"p20_oficinasaulasartisticas\":\"Ensaios\\\/Oficinas\\\/Aulas art\\u00edsticas\",\"p20_apresentacoesartisticas\":\"Apresenta\\u00e7\\u00f5es art\\u00edsticas\",\"p21_nenhum\":\"Nenhum\",\"p22_numerodeparticipantes\":\"1  - 15\",\"p23_reunioes\":\"Reuni\\u00f5es\",\"p23_oficinas\":\"Oficinas\",\"p23_oficinasaulasartisticas\":\"Ensaio\\\/Oficinas\\\/Aulas Art\\u00edsticas\",\"p23_apresentacoesartisticas\":\"Apresenta\\u00e7\\u00f5es Art\\u00edsticas\",\"p23_outros\":\"Outros\",\"p24_outros\":\"Outros\",\"p25_numerodepessoas\":\"20 - 40\",\"p26_numerodepessoas\":\"1 - 20\",\"p27_espacoproprio\":\"Espa\\u00e7o pr\\u00f3prio\",\"p27_virtual\":\"Virtual\",\"p28_territorios\":\"Pr\\u00f3prio bairro\",\"p30_outrasorganizacoes\":\"Sim\",\"p32_campanhadelongaduracao\":\"Sim\",\"p34_nenhuma\":\"Nenhuma\",\"p36_conselhosdeparticipacaoecontrolesocial\":\"N\\u00e3o\",\"p38_nenhum\":\"Nenhum\",\"p40_editais\":\"Sim\",\"p41_publicoestatal\":\"P\\u00fablico-Estatal\",\"p41_financiamentocoletivo0\":\"Financiamento coletivo\",\"p42_meiodedivulgacaoproprio\":\"Sim\",\"p43_facebook\":\"Facebook\",\"p43_instagram\":\"Instagram\",\"p44_radio\":\"R\\u00e1dio\",\"p44_jornaisimpressosdebairro\":\"Jornais impressos de bairro\",\"p39_publico\":\"CRIANCAS ADOLESCENTES FAMILIAS PRETOS PARDOS BRANCOS GORDOS MAGROS\",\"p45_bandeira\":\"COMUNIDADE POVAO \",\"p46_hashtags\":\"#ONDEJOIASEESSENCIASSAOCULTIVADASJUNTAS #TODAAQUELEQUESEMEIACULTURACOLHEUMFUTUROMELHOR #ATITUDEEPERSISTENCIANOSNOSSOSIDEAIS\"},{\"p1_eixo\":\"Trabalho\",\"p9_tipoorganizacao\":\"Associa\\u00e7\\u00e3o\",\"p12_uf\":\"RJ\",\"p13_cidade\":\"BELFORD ROXO\",\"p16_cidade\":\"Cidade\",\"p17_ano\":\"2000\",\"p18_comunicacao\":\"Comunica\\u00e7\\u00e3o\",\"p18_desenvolvimentoterritorial\":\"Desenvolvimento territorial\",\"p18_direitoshumanos\":\"Direitos humanos\",\"p18_educacao\":\"Educa\\u00e7\\u00e3o\",\"p18_feminismos\":\"Feminismos\",\"p18_lutaantirracismo\":\"Luta antirracismo\",\"p18_mobilidade\":\"Mobilidade\",\"p18_moradia\":\"Moradia\",\"p18_povosecomunidadestradicionais\":\"Povos e comunidades tradicionais\",\"p18_trabalho\":\"Trabalho\",\"p18_violencia\":\"Viol\\u00eancia\",\"p18_politicasculturais\":\"Pol\\u00edticas Culturais\",\"p19_educacao\":\"Educa\\u00e7\\u00e3o\",\"p19_trabalho\":\"Trabalho\",\"p19_politicasculturais\":\"Pol\\u00edticas Culturais\",\"p20_reunioes\":\"Reuni\\u00f5es\",\"p20_atendimento\":\"Atendimento\",\"p20_oficinas\":\"Oficinas\",\"p20_oficinasaulasartisticas\":\"Ensaios\\\/Oficinas\\\/Aulas art\\u00edsticas\",\"p20_cursos\":\"Cursos\",\"p21_nenhum\":\"Nenhum\",\"p22_numerodeparticipantes\":\"1  - 15\",\"p23_reunioes\":\"Reuni\\u00f5es\",\"p23_outros\":\"Outros\",\"p24_atendimento\":\"Atendimentos\",\"p24_oficinas\":\"Oficinas\",\"p24_oficinasaulasartisticas\":\"Ensaios\\\/Oficinas\\\/Aulas art\\u00edsticas\",\"p24_curso\":\"Curso\",\"p24_visitasexcursoes\":\"Visitas\\\/Excurs\\u00f5es\",\"p24_outros\":\"Outros\",\"p25_numerodepessoas\":\"80 - 100\",\"p26_numerodepessoas\":\"100 - 200\",\"p27_espacoproprio\":\"Espa\\u00e7o pr\\u00f3prio\",\"p28_territorios\":\"Cidade\",\"p30_outrasorganizacoes\":\"Sim\",\"p32_campanhadelongaduracao\":\"Sim\",\"p34_municipal\":\"Municipal\",\"p34_internacional\":\"Internacional\",\"p36_conselhosdeparticipacaoecontrolesocial\":\"Sim\",\"p38_nenhum\":\"Nenhum\",\"p40_editais\":\"Sim\",\"p41_privadopf\":\"Privado (P. F\\u00edsica)\",\"p42_meiodedivulgacaoproprio\":\"Sim\",\"p43_email\":\"E-mail\",\"p43_facebook\":\"Facebook\",\"p43_instagram\":\"Instagram\",\"p43_twitter\":\"Twitter\",\"p44_nenhum\":\"Nenhum\",\"p39_publico\":\"MULHERES-SOLO \",\"p45_bandeira\":\"EDUCACAO CULTURA ESPORTE EMPREGABILIDADE FORTALECIMENTO-DO-TERCEIRO-SETOR \",\"p46_hashtags\":\"#BUSCANDOACIDADANIACONSTRUINDOUMFUTURO #CULTURA #QUEBRADADESIGUALDADESOCIAL \"},{\"p1_eixo\":\"Viol\\u00eancia\",\"p9_tipoorganizacao\":\"Associa\\u00e7\\u00e3o\",\"p12_uf\":\"AM\",\"p13_cidade\":\"CANUTAMA\",\"p16_cidade\":\"Cidade\",\"p17_ano\":\"2020\",\"p18_comunicacao\":\"Comunica\\u00e7\\u00e3o\",\"p18_desenvolvimentoterritorial\":\"Desenvolvimento territorial\",\"p18_direitoshumanos\":\"Direitos humanos\",\"p18_educacao\":\"Educa\\u00e7\\u00e3o\",\"p18_feminismos\":\"Feminismos\",\"p18_lutaantirracismo\":\"Luta antirracismo\",\"p18_mobilidade\":\"Mobilidade\",\"p18_moradia\":\"Moradia\",\"p18_povosecomunidadestradicionais\":\"Povos e comunidades tradicionais\",\"p18_trabalho\":\"Trabalho\",\"p18_religiao\":\"Religi\\u00e3o\",\"p18_saude\":\"Sa\\u00fade\",\"p18_violencia\":\"Viol\\u00eancia\",\"p18_politicasculturais\":\"Pol\\u00edticas Culturais\",\"p19_desenvolvimentoterritorial\":\"Desenvolvimento territorial\",\"p19_povosecomunidadestradicionais\":\"Povos e comunidades tradicionais\",\"p19_saude\":\"Sa\\u00fade\",\"p20_reunioes\":\"Reuni\\u00f5es\",\"p20_formacao\":\"Forma\\u00e7\\u00e3o\",\"p21_repressaopolicial\":\"Repress\\u00e3o policial\",\"p21_intoleranciareligiosa\":\"Fundamentalistamo\\\/intoler\\u00e2ncia religiosa\",\"p21_xenofobia\":\"Xenofobia\",\"p21_racismo\":\"Racismo\",\"p21_enfrentamentocomgruposprivadosarmados\":\"Enfrentamento com grupos privados armados\",\"p22_numerodeparticipantes\":\"1  - 15\",\"p23_outros\":\"Outros\",\"p24_reunioes\":\"Reuni\\u00f5es\",\"p24_formacao\":\"Forma\\u00e7\\u00e3o\",\"p24_outros\":\"Outros\",\"p25_numerodepessoas\":\"1 - 20\",\"p26_numerodepessoas\":\"20 - 40\",\"p27_espacoemprestadocedido\":\"Espa\\u00e7o emprestado\\\/cedido\",\"p28_territorios\":\"Pr\\u00f3prio bairro\",\"p30_outrasorganizacoes\":\"N\\u00e3o\",\"p32_campanhadelongaduracao\":\"N\\u00e3o\",\"p34_nenhuma\":\"Nenhuma\",\"p36_conselhosdeparticipacaoecontrolesocial\":\"Sim\",\"p38_nenhum\":\"Nenhum\",\"p40_editais\":\"N\\u00e3o\",\"p41_privadopj\":\"Privado (P. Jur\\u00eddica)\",\"p42_meiodedivulgacaoproprio\":\"Sim\",\"p43_instagram\":\"Instagram\",\"p44_nenhum\":\"Nenhum\",\"p39_publico\":\"POVOS-INDIGENA-MURA-HARABADY-DO-ITAPARANA\",\"p45_bandeira\":\"DIREITOS-FUDAMENTAIS-DOS-POVOS-INDIGENAS\",\"p46_hashtags\":\"#DEMARCACAOJA #DIREITOINDIGENAS #SEGURANCA\"},{\"p1_eixo\":\"Cultura\",\"p9_tipoorganizacao\":\"ONG\",\"p12_uf\":\"DF\",\"p13_cidade\":\"CIDADE ESTRUTURAL \",\"p17_ano\":\"2003\",\"p16_estado\":\"Estado\",\"p18_comunicacao\":\"Comunica\\u00e7\\u00e3o\",\"p18_difusaoartistica\":\"Difus\\u00e3o Art\\u00edstica\",\"p18_desenvolvimentoterritorial\":\"Desenvolvimento territorial\",\"p18_direitoshumanos\":\"Direitos humanos\",\"p18_educacao\":\"Educa\\u00e7\\u00e3o\",\"p18_feminismos\":\"Feminismos\",\"p18_lgbtqi\":\"LGBTQI\",\"p18_lutaantirracismo\":\"Luta antirracismo\",\"p18_moradia\":\"Moradia\",\"p18_trabalho\":\"Trabalho\",\"p18_violencia\":\"Viol\\u00eancia\",\"p18_politicasculturais\":\"Pol\\u00edticas Culturais\",\"p19_direitoshumanos\":\"Direitos humanos\",\"p19_educacao\":\"Educa\\u00e7\\u00e3o\",\"p19_politicasculturais\":\"Pol\\u00edticas Culturais\",\"p20_reunioes\":\"Reuni\\u00f5es\",\"p20_oficinas\":\"Oficinas\",\"p20_formacao\":\"Forma\\u00e7\\u00e3o\",\"p21_repressaopolicial\":\"Repress\\u00e3o policial\",\"p21_intoleranciareligiosa\":\"Fundamentalistamo\\\/intoler\\u00e2ncia religiosa\",\"p21_xenofobia\":\"Xenofobia\",\"p21_machismo\":\"Machismo\",\"p21_racismo\":\"Racismo\",\"p21_lgbtqifobia\":\"LGBTIfobia\",\"p22_numerodeparticipantes\":\"1  - 15\",\"p23_outros\":\"Outros\",\"p24_reunioes\":\"Reuni\\u00f5es\",\"p24_oficinas\":\"Oficinas\",\"p24_formacao\":\"Forma\\u00e7\\u00e3o\",\"p24_outros\":\"Outros\",\"p25_numerodepessoas\":\"20 - 40\",\"p26_numerodepessoas\":\"20 - 40\",\"p27_espacoproprio\":\"Espa\\u00e7o pr\\u00f3prio\",\"p28_territorios\":\"Cidade\",\"p30_outrasorganizacoes\":\"Sim\",\"p32_campanhadelongaduracao\":\"N\\u00e3o\",\"p34_estadual\":\"Estadual\",\"p34_nacional\":\"Nacional\",\"p36_conselhosdeparticipacaoecontrolesocial\":\"Sim\",\"p38_sim\":\"Sim\",\"p40_editais\":\"Sim\",\"p41_publicoestatal\":\"P\\u00fablico-Estatal\",\"p41_autofinanciamento\":\"Auto-financiamento\",\"p41_financiamentocoletivo0\":\"Financiamento coletivo\",\"p42_meiodedivulgacaoproprio\":\"Sim\",\"p43_impressoes\":\"Impressos\",\"p43_facebook\":\"Facebook\",\"p43_whatsapp\":\"WhatApp\",\"p43_instagram\":\"Instagram\",\"p44_radio\":\"TV\",\"p44_jornaisimpressosdegrandecirculacao\":\"Jornais impressos de grande circula\\u00e7\\u00e3o\",\"p39_publico\":\"MULHERES-JOVENS ADOLESCENTES\",\"p45_bandeira\":\"EDUCACAO CULTURA DIREITOS-HUMANOS\",\"p46_hashtags\":\"#UMAOUTRAECONOMIAPOSSIVEL #FORMARREDES #DESENVOLVIMENTOHUMANO\"},{\"p1_eixo\":\"Viol\\u00eancia\",\"p9_tipoorganizacao\":\"ONG\",\"p12_uf\":\"PR\",\"p13_cidade\":\"FOZ DO IGUACU\",\"p16_internacional\":\"Internacional\",\"p17_ano\":\"2016\",\"p18_comunicacao\":\"Comunica\\u00e7\\u00e3o\",\"p18_difusaoartistica\":\"Difus\\u00e3o Art\\u00edstica\",\"p18_direitoshumanos\":\"Direitos humanos\",\"p18_educacao\":\"Educa\\u00e7\\u00e3o\",\"p18_feminismos\":\"Feminismos\",\"p18_lgbtqi\":\"LGBTQI\",\"p18_lutaantirracismo\":\"Luta antirracismo\",\"p18_moradia\":\"Moradia\",\"p18_trabalho\":\"Trabalho\",\"p18_saude\":\"Sa\\u00fade\",\"p18_violencia\":\"Viol\\u00eancia\",\"p18_politicasculturais\":\"Pol\\u00edticas Culturais\",\"p19_direitoshumanos\":\"Direitos humanos\",\"p19_lgbtqi\":\"LGBTQI\",\"p19_lutaantirracismo\":\"Luta antirracismo\",\"p20_reunioes\":\"Reuni\\u00f5es\",\"p20_atendimento\":\"Atendimento\",\"p20_oficinas\":\"Oficinas\",\"p20_formacao\":\"Forma\\u00e7\\u00e3o\",\"p20_apresentacoesartisticas\":\"Apresenta\\u00e7\\u00f5es art\\u00edsticas\",\"p21_repressaopolicial\":\"Repress\\u00e3o policial\",\"p21_intoleranciareligiosa\":\"Fundamentalistamo\\\/intoler\\u00e2ncia religiosa\",\"p21_xenofobia\":\"Xenofobia\",\"p21_machismo\":\"Machismo\",\"p21_racismo\":\"Racismo\",\"p21_lgbtqifobia\":\"LGBTIfobia\",\"p22_numerodeparticipantes\":\"1  - 15\",\"p23_reunioes\":\"Reuni\\u00f5es\",\"p23_atendimento\":\"Atendimento\",\"p23_outros\":\"Outros\",\"p24_oficinas\":\"Oficinas\",\"p24_formacao\":\"Forma\\u00e7\\u00e3o\",\"p24_apresentacoesartisticas\":\"Apresenta\\u00e7\\u00f5es art\\u00edsticas\",\"p24_outros\":\"Outros\",\"p25_numerodepessoas\":\"Mais de 500\",\"p26_numerodepessoas\":\"20 - 40\",\"p27_espacopublico\":\"Espa\\u00e7o p\\u00fablico\",\"p27_espacoemprestadocedido\":\"Espa\\u00e7o emprestado\\\/cedido\",\"p27_espacoproprio\":\"Espa\\u00e7o pr\\u00f3prio\",\"p27_virtual\":\"Virtual\",\"p28_territorios\":\"Atua\\u00e7\\u00e3o Internacional\",\"p30_outrasorganizacoes\":\"Sim\",\"p32_campanhadelongaduracao\":\"N\\u00e3o\",\"p34_nacional\":\"Nacional\",\"p36_conselhosdeparticipacaoecontrolesocial\":\"Sim\",\"p38_sim\":\"Sim\",\"p40_editais\":\"Sim\",\"p41_publicoestatal\":\"P\\u00fablico-Estatal\",\"p41_privadopj\":\"Privado (P. Jur\\u00eddica)\",\"p41_autofinanciamento\":\"Auto-financiamento\",\"p42_meiodedivulgacaoproprio\":\"Sim\",\"p43_impressoes\":\"Impressos\",\"p43_instagram\":\"Instagram\",\"p43_youtube\":\"YouTube\",\"p44_radio\":\"TV\",\"p44_jornaisimpressosdegrandecirculacao\":\"Jornais impressos de grande circula\\u00e7\\u00e3o\",\"p44_jornaisimpressosdebairro\":\"Jornais impressos de bairro\",\"p39_publico\":\"COMUNIDADE-LGBT TRANS TRAVESTIS \",\"p45_bandeira\":\"DIREITO-DA-MULHER IGUALDADE-RACIAL JUSTICA-SOCIAL JUSTICA-RACIAL DIREITO-DA-POPULACAO-LGBT JUSTICA-SOCIAL \",\"p46_hashtags\":\"#RESISTIRPRAEXISTIR #RESPEITOEDIGNIDADEAPOPULACAOLGBT #RACISMOECRIME \"},{\"p1_eixo\":\"Cultura\",\"p9_tipoorganizacao\":\"Coletivo\",\"p12_uf\":\"PR\",\"p13_cidade\":\"FOZ DO IGUACU\",\"p16_cidade\":\"Cidade\",\"p17_ano\":\"2025\",\"p18_comunicacao\":\"Comunica\\u00e7\\u00e3o\",\"p18_difusaoartistica\":\"Difus\\u00e3o Art\\u00edstica\",\"p18_desenvolvimentoterritorial\":\"Desenvolvimento territorial\",\"p18_direitoshumanos\":\"Direitos humanos\",\"p18_educacao\":\"Educa\\u00e7\\u00e3o\",\"p18_feminismos\":\"Feminismos\",\"p18_lgbtqi\":\"LGBTQI\",\"p18_lutaantirracismo\":\"Luta antirracismo\",\"p18_mobilidade\":\"Mobilidade\",\"p18_moradia\":\"Moradia\",\"p18_povosecomunidadestradicionais\":\"Povos e comunidades tradicionais\",\"p18_trabalho\":\"Trabalho\",\"p18_religiao\":\"Religi\\u00e3o\",\"p18_saude\":\"Sa\\u00fade\",\"p18_violencia\":\"Viol\\u00eancia\",\"p18_politicasculturais\":\"Pol\\u00edticas Culturais\",\"p19_desenvolvimentoterritorial\":\"Desenvolvimento territorial\",\"p19_lutaantirracismo\":\"Luta antirracismo\",\"p19_difusaoartistica\":\"Difus\\u00e3o Art\\u00edstica\",\"p20_reunioes\":\"Reuni\\u00f5es\",\"p20_formacao\":\"Forma\\u00e7\\u00e3o\",\"p21_repressaopolicial\":\"Repress\\u00e3o policial\",\"p21_racismo\":\"Racismo\",\"p22_numerodeparticipantes\":\"15 - 30\",\"p23_reunioes\":\"Reuni\\u00f5es\",\"p23_formacao\":\"Forma\\u00e7\\u00e3o\",\"p23_outros\":\"Outros\",\"p24_outros\":\"Outros\",\"p25_numerodepessoas\":\"1 - 20\",\"p26_numerodepessoas\":\"1 - 20\",\"p27_espacopublico\":\"Espa\\u00e7o p\\u00fablico\",\"p27_espacoemprestadocedido\":\"Espa\\u00e7o emprestado\\\/cedido\",\"p28_territorios\":\"Cidade\",\"p30_outrasorganizacoes\":\"Sim\",\"p32_campanhadelongaduracao\":\"N\\u00e3o\",\"p34_nenhuma\":\"Nenhuma\",\"p36_conselhosdeparticipacaoecontrolesocial\":\"Sim\",\"p38_sim\":\"Sim\",\"p40_editais\":\"Sim\",\"p41_autofinanciamento\":\"Auto-financiamento\",\"p42_meiodedivulgacaoproprio\":\"Sim\",\"p43_email\":\"E-mail\",\"p43_whatsapp\":\"WhatApp\",\"p43_instagram\":\"Instagram\",\"p44_redessociais\":\"Redes sociais (Facebook, YouTube, Instagram etc.)\",\"p39_publico\":\"PESSOAS-NEGRAS-DA-CIDADE\",\"p45_bandeira\":\"ANTIRRACISMO\",\"p46_hashtags\":\"#RACISTASNAOPASSARAO #POVOPRETONOPODER #EDUCACAOANTIRRACISTA\"},{\"p1_eixo\":\"Trabalho\",\"p9_tipoorganizacao\":\"Coletivo\",\"p12_uf\":\"RS\",\"p13_cidade\":\"PELOTAS\",\"p16_cidade\":\"Cidade\",\"p17_ano\":\"2020\",\"p18_agrario\":\"Agr\\u00e1rio\\\/ruralidades\",\"p18_comunicacao\":\"Comunica\\u00e7\\u00e3o\",\"p18_direitoshumanos\":\"Direitos humanos\",\"p18_educacao\":\"Educa\\u00e7\\u00e3o\",\"p18_lgbtqi\":\"LGBTQI\",\"p18_lutaantirracismo\":\"Luta antirracismo\",\"p18_mobilidade\":\"Mobilidade\",\"p18_moradia\":\"Moradia\",\"p18_religiao\":\"Religi\\u00e3o\",\"p18_saude\":\"Sa\\u00fade\",\"p18_violencia\":\"Viol\\u00eancia\",\"p19_direitoshumanos\":\"Direitos humanos\",\"p19_moradia\":\"Moradia\",\"p19_saude\":\"Sa\\u00fade\",\"p20_reunioes\":\"Reuni\\u00f5es\",\"p21_nenhum\":\"Nenhum\",\"p22_numerodeparticipantes\":\"30 - 45\",\"p23_reunioes\":\"Reuni\\u00f5es\",\"p23_outros\":\"Outros\",\"p24_outros\":\"Outros\",\"p25_numerodepessoas\":\"100 - 200\",\"p26_numerodepessoas\":\"1 - 20\",\"p27_espacopublico\":\"Espa\\u00e7o p\\u00fablico\",\"p27_espacoemprestadocedido\":\"Espa\\u00e7o emprestado\\\/cedido\",\"p28_territorios\":\"Regi\\u00e3o da Cidade\",\"p30_outrasorganizacoes\":\"Sim\",\"p32_campanhadelongaduracao\":\"Sim\",\"p34_nenhuma\":\"Nenhuma\",\"p36_conselhosdeparticipacaoecontrolesocial\":\"Sim\",\"p38_sim\":\"Sim\",\"p40_editais\":\"Sim\",\"p41_publicoestatal\":\"P\\u00fablico-Estatal\",\"p41_privadopf\":\"Privado (P. F\\u00edsica)\",\"p42_meiodedivulgacaoproprio\":\"Sim\",\"p43_email\":\"E-mail\",\"p43_facebook\":\"Facebook\",\"p43_instagram\":\"Instagram\",\"p44_radio\":\"R\\u00e1dio\",\"p44_jornaisimpressosdebairro\":\"Jornais impressos de bairro\",\"p44_redessociais\":\"Redes sociais (Facebook, YouTube, Instagram etc.)\",\"p39_publico\":\"PESSOAS-EM-SITUACAO-DE-VULNERABILIDADE\",\"p45_bandeira\":\"TIRAR-O-BRASIL-DO-MAPA-DA-FOME INCLUSAO-SOCIAL \",\"p46_hashtags\":\"#TIRAROBRASILDOMAPADAFOME #JUSTICASOCIAL #IGUALDADE \"},{\"p1_eixo\":\"Cultura\",\"p9_tipoorganizacao\":\"Instituto\",\"p12_uf\":\"PA\",\"p13_cidade\":\"BELEM\",\"p16_internacional\":\"Internacional\",\"p17_ano\":\"2015\",\"p18_comunicacao\":\"Comunica\\u00e7\\u00e3o\",\"p18_difusaoartistica\":\"Difus\\u00e3o Art\\u00edstica\",\"p18_desenvolvimentoterritorial\":\"Desenvolvimento territorial\",\"p18_direitoshumanos\":\"Direitos humanos\",\"p18_educacao\":\"Educa\\u00e7\\u00e3o\",\"p18_feminismos\":\"Feminismos\",\"p18_lgbtqi\":\"LGBTQI\",\"p18_lutaantirracismo\":\"Luta antirracismo\",\"p18_moradia\":\"Moradia\",\"p18_povosecomunidadestradicionais\":\"Povos e comunidades tradicionais\",\"p18_trabalho\":\"Trabalho\",\"p18_violencia\":\"Viol\\u00eancia\",\"p18_politicasculturais\":\"Pol\\u00edticas Culturais\",\"p19_desenvolvimentoterritorial\":\"Desenvolvimento territorial\",\"p19_educacao\":\"Educa\\u00e7\\u00e3o\",\"p19_lutaantirracismo\":\"Luta antirracismo\",\"p20_reunioes\":\"Reuni\\u00f5es\",\"p20_atendimento\":\"Atendimento\",\"p20_oficinas\":\"Oficinas\",\"p20_oficinasaulasartisticas\":\"Ensaios\\\/Oficinas\\\/Aulas art\\u00edsticas\",\"p20_cursos\":\"Cursos\",\"p20_formacao\":\"Forma\\u00e7\\u00e3o\",\"p20_profissionalizacao\":\"Profissionaliza\\u00e7\\u00e3o\",\"p20_apresentacoesartisticas\":\"Apresenta\\u00e7\\u00f5es art\\u00edsticas\",\"p21_repressaopolicial\":\"Repress\\u00e3o policial\",\"p21_intoleranciareligiosa\":\"Fundamentalistamo\\\/intoler\\u00e2ncia religiosa\",\"p21_xenofobia\":\"Xenofobia\",\"p21_machismo\":\"Machismo\",\"p21_racismo\":\"Racismo\",\"p21_lgbtqifobia\":\"LGBTIfobia\",\"p21_enfrentamentocomgruposprivadosarmados\":\"Enfrentamento com grupos privados armados\",\"p22_numerodeparticipantes\":\"Mais de 90\",\"p23_reunioes\":\"Reuni\\u00f5es\",\"p23_outros\":\"Outros\",\"p24_reunioes\":\"Reuni\\u00f5es\",\"p24_atendimento\":\"Atendimentos\",\"p24_oficinas\":\"Oficinas\",\"p24_oficinasaulasartisticas\":\"Ensaios\\\/Oficinas\\\/Aulas art\\u00edsticas\",\"p24_curso\":\"Curso\",\"p24_formacao\":\"Forma\\u00e7\\u00e3o\",\"p24_profissionalizacao\":\"Profissionaliza\\u00e7\\u00e3o\",\"p24_apresentacoesartisticas\":\"Apresenta\\u00e7\\u00f5es art\\u00edsticas\",\"p24_outros\":\"Outros\",\"p25_numerodepessoas\":\"1 - 20\",\"p26_numerodepessoas\":\"20 - 40\",\"p27_espacopublico\":\"Espa\\u00e7o p\\u00fablico\",\"p27_espacoemprestadocedido\":\"Espa\\u00e7o emprestado\\\/cedido\",\"p27_virtual\":\"Virtual\",\"p28_territorios\":\"Estado\",\"p30_outrasorganizacoes\":\"Sim\",\"p32_campanhadelongaduracao\":\"Sim\",\"p34_estadual\":\"Estadual\",\"p36_conselhosdeparticipacaoecontrolesocial\":\"Sim\",\"p38_sim\":\"Sim\",\"p40_editais\":\"Sim\",\"p41_publicoestatal\":\"P\\u00fablico-Estatal\",\"p41_privadopj\":\"Privado (P. Jur\\u00eddica)\",\"p42_meiodedivulgacaoproprio\":\"Sim\",\"p43_email\":\"E-mail\",\"p43_facebook\":\"Facebook\",\"p43_whatsapp\":\"WhatApp\",\"p43_instagram\":\"Instagram\",\"p43_twitter\":\"Twitter\",\"p43_sitesblogs\":\"Blogs\\\/sites\",\"p43_youtube\":\"YouTube\",\"p44_radio\":\"TV\",\"p44_jornaisimpressosdegrandecirculacao\":\"Jornais impressos de grande circula\\u00e7\\u00e3o\",\"p44_jornaisimpressosdebairro\":\"Jornais impressos de bairro\",\"p44_redessociais\":\"Redes sociais (Facebook, YouTube, Instagram etc.)\",\"p44_sitesblogs\":\"Sites ou Blogs\",\"p39_publico\":\"PESSOAS-NEGRAS-DE-PERIFERIA-DA-AMAZONIA \",\"p45_bandeira\":\"ANTIRRACISMO CLIMA DIREITOS-HUMANOS ACESSO-A-CULTURA \",\"p46_hashtags\":\"#ACESSOACULTURA #ANTIRRACISMO #DEFESADOTERRITORIO \"},{\"p1_eixo\":\"Trabalho\",\"p9_tipoorganizacao\":\"Movimento Social\",\"p12_uf\":\"RO\",\"p13_cidade\":\"OURO PRETO DO OESTE\",\"p17_ano\":\"1989\",\"p16_estado\":\"Estado\",\"p18_agrario\":\"Agr\\u00e1rio\\\/ruralidades\",\"p18_comunicacao\":\"Comunica\\u00e7\\u00e3o\",\"p18_difusaoartistica\":\"Difus\\u00e3o Art\\u00edstica\",\"p18_desenvolvimentoterritorial\":\"Desenvolvimento territorial\",\"p18_direitoshumanos\":\"Direitos humanos\",\"p18_educacao\":\"Educa\\u00e7\\u00e3o\",\"p18_feminismos\":\"Feminismos\",\"p18_lgbtqi\":\"LGBTQI\",\"p18_lutaantirracismo\":\"Luta antirracismo\",\"p18_mobilidade\":\"Mobilidade\",\"p18_moradia\":\"Moradia\",\"p18_povosecomunidadestradicionais\":\"Povos e comunidades tradicionais\",\"p18_trabalho\":\"Trabalho\",\"p18_religiao\":\"Religi\\u00e3o\",\"p18_saude\":\"Sa\\u00fade\",\"p18_violencia\":\"Viol\\u00eancia\",\"p18_politicasculturais\":\"Pol\\u00edticas Culturais\",\"p19_agrario\":\"Agr\\u00e1rio\\\/ruralidades\",\"p19_desenvolvimentoterritorial\":\"Desenvolvimento territorial\",\"p19_povosecomunidadestradicionais\":\"Povos e comunidades tradicionais\",\"p21_repressaopolicial\":\"Repress\\u00e3o policial\",\"p21_intoleranciareligiosa\":\"Fundamentalistamo\\\/intoler\\u00e2ncia religiosa\",\"p21_xenofobia\":\"Xenofobia\",\"p21_machismo\":\"Machismo\",\"p21_racismo\":\"Racismo\",\"p21_lgbtqifobia\":\"LGBTIfobia\",\"p21_enfrentamentocomgruposprivadosarmados\":\"Enfrentamento com grupos privados armados\",\"p22_numerodeparticipantes\":\"1  - 15\",\"p23_apresentacoesartisticas\":\"Apresenta\\u00e7\\u00f5es Art\\u00edsticas\",\"p23_outros\":\"Outros\",\"p24_reunioes\":\"Reuni\\u00f5es\",\"p24_oficinas\":\"Oficinas\",\"p24_formacao\":\"Forma\\u00e7\\u00e3o\",\"p24_visitasexcursoes\":\"Visitas\\\/Excurs\\u00f5es\",\"p24_outros\":\"Outros\",\"p25_numerodepessoas\":\"100 - 200\",\"p26_numerodepessoas\":\"1 - 20\",\"p27_espacopublico\":\"Espa\\u00e7o p\\u00fablico\",\"p27_espacoemprestadocedido\":\"Espa\\u00e7o emprestado\\\/cedido\",\"p27_espacoproprio\":\"Espa\\u00e7o pr\\u00f3prio\",\"p27_virtual\":\"Virtual\",\"p27_ocupacao\":\"Ocupa\\u00e7\\u00e3o\",\"p28_territorios\":\"Estado\",\"p30_outrasorganizacoes\":\"Sim\",\"p32_campanhadelongaduracao\":\"Sim\",\"p34_estadual\":\"Estadual\",\"p34_nacional\":\"Nacional\",\"p36_conselhosdeparticipacaoecontrolesocial\":\"Sim\",\"p38_sim\":\"Sim\",\"p40_editais\":\"Sim\",\"p41_autofinanciamento\":\"Auto-financiamento\",\"p41_financiamentocoletivo0\":\"Financiamento coletivo\",\"p42_meiodedivulgacaoproprio\":\"Sim\",\"p43_sitesblogs\":\"Blogs\\\/sites\",\"p44_redessociais\":\"Redes sociais (Facebook, YouTube, Instagram etc.)\",\"p39_publico\":\"ASSENTAMENTOS ACAMPADOS \",\"p45_bandeira\":\"AGROECOLOGIA ACESSO-A-TERRA CONTRA-O-RACISMO CONTRA-A-CONCENTRACAO-DE-TERRAS PRODUCAO\",\"p46_hashtags\":\"#TRABALHO #ORGANIZACAO #PRODUCAO \"},{\"p1_eixo\":\"Cultura\",\"p9_tipoorganizacao\":\"ONG\",\"p12_uf\":\"MS\",\"p13_cidade\":\"PARANAIBA, CORUMBA E CAMPO GRANDE\",\"p17_ano\":\"2013\",\"p16_estado\":\"Estado\",\"p18_agrario\":\"Agr\\u00e1rio\\\/ruralidades\",\"p18_comunicacao\":\"Comunica\\u00e7\\u00e3o\",\"p18_difusaoartistica\":\"Difus\\u00e3o Art\\u00edstica\",\"p18_desenvolvimentoterritorial\":\"Desenvolvimento territorial\",\"p18_direitoshumanos\":\"Direitos humanos\",\"p18_educacao\":\"Educa\\u00e7\\u00e3o\",\"p18_feminismos\":\"Feminismos\",\"p18_lgbtqi\":\"LGBTQI\",\"p18_lutaantirracismo\":\"Luta antirracismo\",\"p18_mobilidade\":\"Mobilidade\",\"p18_moradia\":\"Moradia\",\"p18_povosecomunidadestradicionais\":\"Povos e comunidades tradicionais\",\"p18_trabalho\":\"Trabalho\",\"p18_religiao\":\"Religi\\u00e3o\",\"p18_saude\":\"Sa\\u00fade\",\"p18_violencia\":\"Viol\\u00eancia\",\"p18_politicasculturais\":\"Pol\\u00edticas Culturais\",\"p19_direitoshumanos\":\"Direitos humanos\",\"p19_violencia\":\"Viol\\u00eancia\",\"p19_difusaoartistica\":\"Difus\\u00e3o Art\\u00edstica\",\"p20_reunioes\":\"Reuni\\u00f5es\",\"p20_oficinas\":\"Oficinas\",\"p20_oficinasaulasartisticas\":\"Ensaios\\\/Oficinas\\\/Aulas art\\u00edsticas\",\"p20_apresentacoesartisticas\":\"Apresenta\\u00e7\\u00f5es art\\u00edsticas\",\"p20_visitasexcursoes\":\"Visitas\\\/Excurs\\u00f5es\",\"p21_repressaopolicial\":\"Repress\\u00e3o policial\",\"p21_intoleranciareligiosa\":\"Fundamentalistamo\\\/intoler\\u00e2ncia religiosa\",\"p21_machismo\":\"Machismo\",\"p21_racismo\":\"Racismo\",\"p21_lgbtqifobia\":\"LGBTIfobia\",\"p21_enfrentamentocomgruposprivadosarmados\":\"Enfrentamento com grupos privados armados\",\"p22_numerodeparticipantes\":\"15 - 30\",\"p23_oficinas\":\"Oficinas\",\"p23_oficinasaulasartisticas\":\"Ensaio\\\/Oficinas\\\/Aulas Art\\u00edsticas\",\"p23_apresentacoesartisticas\":\"Apresenta\\u00e7\\u00f5es Art\\u00edsticas\",\"p23_excursoes\":\"Excurs\\u00f5es\",\"p23_outros\":\"Outros\",\"p24_reunioes\":\"Reuni\\u00f5es\",\"p24_outros\":\"Outros\",\"p25_numerodepessoas\":\"Mais de 500\",\"p26_numerodepessoas\":\"20 - 40\",\"p27_espacopublico\":\"Espa\\u00e7o p\\u00fablico\",\"p27_espacoemprestadocedido\":\"Espa\\u00e7o emprestado\\\/cedido\",\"p28_territorios\":\"Estado\",\"p30_outrasorganizacoes\":\"Sim\",\"p32_campanhadelongaduracao\":\"N\\u00e3o\",\"p34_estadual\":\"Estadual\",\"p36_conselhosdeparticipacaoecontrolesocial\":\"N\\u00e3o\",\"p38_sim\":\"Sim\",\"p40_editais\":\"Sim\",\"p41_publicoestatal\":\"P\\u00fablico-Estatal\",\"p41_autofinanciamento\":\"Auto-financiamento\",\"p41_financiamentocoletivo0\":\"Financiamento coletivo\",\"p42_meiodedivulgacaoproprio\":\"Sim\",\"p43_instagram\":\"Instagram\",\"p44_radio\":\"TV\",\"p44_jornaisimpressosdegrandecirculacao\":\"Jornais impressos de grande circula\\u00e7\\u00e3o\",\"p44_jornaisimpressosdebairro\":\"Jornais impressos de bairro\",\"p44_sitesblogs\":\"Sites ou Blogs\",\"p39_publico\":\"JOVENS CRIANCAS ADULTOS VELHOS\",\"p45_bandeira\":\"CULTURA-NEGRA ARTE ESPORTE\",\"p46_hashtags\":\"#QUEMLUTAVENCE #EXPRESSAODERUA #ENGENHEIRO.EDSON\"},{\"p1_eixo\":\"Trabalho\",\"p9_tipoorganizacao\":\"Movimento Social\",\"p12_uf\":\"MA\",\"p13_cidade\":\"IMPERATRIZ, AMARANTE DO MARANHAO, DAVINOPOLIS, JOAO LISBOA, PASSO DO LUMIAR, ESTREITO \",\"p17_ano\":\"2007\",\"p16_estado\":\"Estado\",\"p18_agrario\":\"Agr\\u00e1rio\\\/ruralidades\",\"p18_comunicacao\":\"Comunica\\u00e7\\u00e3o\",\"p18_desenvolvimentoterritorial\":\"Desenvolvimento territorial\",\"p18_direitoshumanos\":\"Direitos humanos\",\"p18_educacao\":\"Educa\\u00e7\\u00e3o\",\"p18_feminismos\":\"Feminismos\",\"p18_lutaantirracismo\":\"Luta antirracismo\",\"p18_mobilidade\":\"Mobilidade\",\"p18_povosecomunidadestradicionais\":\"Povos e comunidades tradicionais\",\"p18_trabalho\":\"Trabalho\",\"p18_saude\":\"Sa\\u00fade\",\"p18_violencia\":\"Viol\\u00eancia\",\"p18_politicasculturais\":\"Pol\\u00edticas Culturais\",\"p19_feminismos\":\"Feminismos\",\"p19_trabalho\":\"Trabalho\",\"p19_violencia\":\"Viol\\u00eancia\",\"p20_reunioes\":\"Reuni\\u00f5es\",\"p20_oficinas\":\"Oficinas\",\"p20_formacao\":\"Forma\\u00e7\\u00e3o\",\"p20_visitasexcursoes\":\"Visitas\\\/Excurs\\u00f5es\",\"p21_machismo\":\"Machismo\",\"p22_numerodeparticipantes\":\"Mais de 90\",\"p23_reunioes\":\"Reuni\\u00f5es\",\"p23_formacao\":\"Forma\\u00e7\\u00e3o\",\"p23_excursoes\":\"Excurs\\u00f5es\",\"p23_outros\":\"Outros\",\"p24_oficinas\":\"Oficinas\",\"p24_outros\":\"Outros\",\"p25_numerodepessoas\":\"1 - 20\",\"p26_numerodepessoas\":\"40 - 60\",\"p27_espacopublico\":\"Espa\\u00e7o p\\u00fablico\",\"p27_espacoemprestadocedido\":\"Espa\\u00e7o emprestado\\\/cedido\",\"p27_virtual\":\"Virtual\",\"p28_territorios\":\"Cidade\",\"p30_outrasorganizacoes\":\"Sim\",\"p32_campanhadelongaduracao\":\"Sim\",\"p34_nacional\":\"Nacional\",\"p36_conselhosdeparticipacaoecontrolesocial\":\"Sim\",\"p38_sim\":\"Sim\",\"p40_editais\":\"Sim\",\"p41_publicoestatal\":\"P\\u00fablico-Estatal\",\"p41_autofinanciamento\":\"Auto-financiamento\",\"p41_financiamentocoletivo0\":\"Financiamento coletivo\",\"p42_meiodedivulgacaoproprio\":\"N\\u00e3o\",\"p43_nenhum\":\"Nenhum\",\"p44_nenhum\":\"Nenhum\",\"p39_publico\":\"AS-MULHERES-DO-CAMPO \",\"p45_bandeira\":\"AGROECOLOGIA SAUDE FIM-DA-VIOLENCIA-CONTRA-AS-MULHERES QUINTAIS-PRODUTIVOS AUTONOMIA-ECONOMICA-DAS-MULHERES \",\"p46_hashtags\":\"#FEMINISMOCAMPONESPOPULAR #PROJETOPOPULARDEAGRICULTURA #PELOFIMDAVIOLENCIAPRATICADACONTRAASMULHERES\"},{\"p1_eixo\":\"Cultura\",\"p9_tipoorganizacao\":\"ONG\",\"p12_uf\":\"MS\",\"p13_cidade\":\"DOURADOS, CAMPO GRANDE \",\"p17_ano\":\"2018\",\"p16_estado\":\"Estado\",\"p18_agrario\":\"Agr\\u00e1rio\\\/ruralidades\",\"p18_comunicacao\":\"Comunica\\u00e7\\u00e3o\",\"p18_difusaoartistica\":\"Difus\\u00e3o Art\\u00edstica\",\"p18_desenvolvimentoterritorial\":\"Desenvolvimento territorial\",\"p18_direitoshumanos\":\"Direitos humanos\",\"p18_educacao\":\"Educa\\u00e7\\u00e3o\",\"p18_feminismos\":\"Feminismos\",\"p18_lgbtqi\":\"LGBTQI\",\"p18_lutaantirracismo\":\"Luta antirracismo\",\"p18_mobilidade\":\"Mobilidade\",\"p18_moradia\":\"Moradia\",\"p18_povosecomunidadestradicionais\":\"Povos e comunidades tradicionais\",\"p18_trabalho\":\"Trabalho\",\"p18_religiao\":\"Religi\\u00e3o\",\"p18_saude\":\"Sa\\u00fade\",\"p18_violencia\":\"Viol\\u00eancia\",\"p18_politicasculturais\":\"Pol\\u00edticas Culturais\",\"p19_lutaantirracismo\":\"Luta antirracismo\",\"p19_povosecomunidadestradicionais\":\"Povos e comunidades tradicionais\",\"p19_trabalho\":\"Trabalho\",\"p20_reunioes\":\"Reuni\\u00f5es\",\"p20_oficinas\":\"Oficinas\",\"p20_oficinasaulasartisticas\":\"Ensaios\\\/Oficinas\\\/Aulas art\\u00edsticas\",\"p20_profissionalizacao\":\"Profissionaliza\\u00e7\\u00e3o\",\"p20_apresentacoesartisticas\":\"Apresenta\\u00e7\\u00f5es art\\u00edsticas\",\"p21_racismo\":\"Racismo\",\"p22_numerodeparticipantes\":\"30 - 45\",\"p23_outros\":\"Outros\",\"p24_oficinas\":\"Oficinas\",\"p24_oficinasaulasartisticas\":\"Ensaios\\\/Oficinas\\\/Aulas art\\u00edsticas\",\"p24_profissionalizacao\":\"Profissionaliza\\u00e7\\u00e3o\",\"p24_apresentacoesartisticas\":\"Apresenta\\u00e7\\u00f5es art\\u00edsticas\",\"p24_outros\":\"Outros\",\"p25_numerodepessoas\":\"200 - 300\",\"p26_numerodepessoas\":\"40 - 60\",\"p27_espacoemprestadocedido\":\"Espa\\u00e7o emprestado\\\/cedido\",\"p27_virtual\":\"Virtual\",\"p28_territorios\":\"Cidade\",\"p30_outrasorganizacoes\":\"Sim\",\"p32_campanhadelongaduracao\":\"N\\u00e3o\",\"p34_nenhuma\":\"Nenhuma\",\"p36_conselhosdeparticipacaoecontrolesocial\":\"N\\u00e3o\",\"p38_nenhum\":\"Nenhum\",\"p40_editais\":\"Sim\",\"p41_autofinanciamento\":\"Auto-financiamento\",\"p41_financiamentocoletivo0\":\"Financiamento coletivo\",\"p42_meiodedivulgacaoproprio\":\"Sim\",\"p43_email\":\"E-mail\",\"p43_facebook\":\"Facebook\",\"p43_instagram\":\"Instagram\",\"p44_radio\":\"TV\",\"p44_sitesblogs\":\"Sites ou Blogs\",\"p39_publico\":\"POPULACAO-NEGRA\",\"p45_bandeira\":\"IGUALDADE-RACIAL EMPODERAMENTO\",\"p46_hashtags\":\"#BELEZANEGRA #COMPROMENTIMENTO #IGUALDADERACIAL\"},{\"p1_eixo\":\"Viol\\u00eancia\",\"p9_tipoorganizacao\":\"Movimento Social\",\"p12_uf\":\"AM\",\"p13_cidade\":\"MANACAPURU\",\"p16_nacional\":\"Nacional\",\"p17_ano\":\"2019\",\"p18_comunicacao\":\"Comunica\\u00e7\\u00e3o\",\"p18_difusaoartistica\":\"Difus\\u00e3o Art\\u00edstica\",\"p18_direitoshumanos\":\"Direitos humanos\",\"p18_educacao\":\"Educa\\u00e7\\u00e3o\",\"p18_feminismos\":\"Feminismos\",\"p18_lutaantirracismo\":\"Luta antirracismo\",\"p18_mobilidade\":\"Mobilidade\",\"p18_moradia\":\"Moradia\",\"p18_povosecomunidadestradicionais\":\"Povos e comunidades tradicionais\",\"p18_trabalho\":\"Trabalho\",\"p18_religiao\":\"Religi\\u00e3o\",\"p18_saude\":\"Sa\\u00fade\",\"p18_violencia\":\"Viol\\u00eancia\",\"p19_direitoshumanos\":\"Direitos humanos\",\"p19_educacao\":\"Educa\\u00e7\\u00e3o\",\"p19_violencia\":\"Viol\\u00eancia\",\"p20_reunioes\":\"Reuni\\u00f5es\",\"p20_atendimento\":\"Atendimento\",\"p20_oficinasaulasartisticas\":\"Ensaios\\\/Oficinas\\\/Aulas art\\u00edsticas\",\"p20_formacao\":\"Forma\\u00e7\\u00e3o\",\"p21_repressaopolicial\":\"Repress\\u00e3o policial\",\"p21_racismo\":\"Racismo\",\"p22_numerodeparticipantes\":\"15 - 30\",\"p23_reunioes\":\"Reuni\\u00f5es\",\"p23_oficinasaulasartisticas\":\"Ensaio\\\/Oficinas\\\/Aulas Art\\u00edsticas\",\"p23_formacao\":\"Forma\\u00e7\\u00e3o\",\"p23_apresentacoesartisticas\":\"Apresenta\\u00e7\\u00f5es Art\\u00edsticas\",\"p23_visitas\":\"Visitas\",\"p23_outros\":\"Outros\",\"p24_atendimento\":\"Atendimentos\",\"p24_outros\":\"Outros\",\"p25_numerodepessoas\":\"20 - 40\",\"p26_numerodepessoas\":\"40 - 60\",\"p27_espacopublico\":\"Espa\\u00e7o p\\u00fablico\",\"p27_espacoproprio\":\"Espa\\u00e7o pr\\u00f3prio\",\"p28_territorios\":\"Regi\\u00e3o da Cidade\",\"p30_outrasorganizacoes\":\"Sim\",\"p32_campanhadelongaduracao\":\"Sim\",\"p34_nenhuma\":\"Nenhuma\",\"p36_conselhosdeparticipacaoecontrolesocial\":\"N\\u00e3o\",\"p38_nenhum\":\"Nenhum\",\"p40_editais\":\"N\\u00e3o\",\"p41_financiamentocoletivo0\":\"Financiamento coletivo\",\"p42_meiodedivulgacaoproprio\":\"N\\u00e3o\",\"p43_nenhum\":\"Nenhum\",\"p44_nenhum\":\"Nenhum\",\"p39_publico\":\"MEMBRO-DO-MINISTERIO \",\"p45_bandeira\":\"FAZER-A-FAMILIA-FELIZ RESGATAR-ALMAS-PARA-JESUS\",\"p46_hashtags\":\"#FAZERUMAFAMILIAFELIZ #RESGATAROJOVEMDASDROGAS #AMAROPROXIMO\"},{\"p1_eixo\":\"Viol\\u00eancia\",\"p9_tipoorganizacao\":\"Coletivo\",\"p12_uf\":\"PA\",\"p13_cidade\":\"BREVES\",\"p16_cidade\":\"Cidade\",\"p17_ano\":\"2022\",\"p18_comunicacao\":\"Comunica\\u00e7\\u00e3o\",\"p18_difusaoartistica\":\"Difus\\u00e3o Art\\u00edstica\",\"p18_desenvolvimentoterritorial\":\"Desenvolvimento territorial\",\"p18_direitoshumanos\":\"Direitos humanos\",\"p18_educacao\":\"Educa\\u00e7\\u00e3o\",\"p18_feminismos\":\"Feminismos\",\"p18_lgbtqi\":\"LGBTQI\",\"p18_lutaantirracismo\":\"Luta antirracismo\",\"p18_mobilidade\":\"Mobilidade\",\"p18_povosecomunidadestradicionais\":\"Povos e comunidades tradicionais\",\"p18_trabalho\":\"Trabalho\",\"p18_saude\":\"Sa\\u00fade\",\"p18_violencia\":\"Viol\\u00eancia\",\"p18_politicasculturais\":\"Pol\\u00edticas Culturais\",\"p19_lutaantirracismo\":\"Luta antirracismo\",\"p19_saude\":\"Sa\\u00fade\",\"p19_violencia\":\"Viol\\u00eancia\",\"p20_reunioes\":\"Reuni\\u00f5es\",\"p20_atendimento\":\"Atendimento\",\"p20_oficinas\":\"Oficinas\",\"p21_intoleranciareligiosa\":\"Fundamentalistamo\\\/intoler\\u00e2ncia religiosa\",\"p21_xenofobia\":\"Xenofobia\",\"p21_machismo\":\"Machismo\",\"p21_racismo\":\"Racismo\",\"p21_lgbtqifobia\":\"LGBTIfobia\",\"p22_numerodeparticipantes\":\"15 - 30\",\"p23_reunioes\":\"Reuni\\u00f5es\",\"p23_formacao\":\"Forma\\u00e7\\u00e3o\",\"p23_outros\":\"Outros\",\"p24_atendimento\":\"Atendimentos\",\"p24_oficinas\":\"Oficinas\",\"p24_outros\":\"Outros\",\"p25_numerodepessoas\":\"20 - 40\",\"p26_numerodepessoas\":\"20 - 40\",\"p27_espacopublico\":\"Espa\\u00e7o p\\u00fablico\",\"p27_espacoemprestadocedido\":\"Espa\\u00e7o emprestado\\\/cedido\",\"p27_ocupacao\":\"Ocupa\\u00e7\\u00e3o\",\"p28_territorios\":\"Cidade\",\"p30_outrasorganizacoes\":\"Sim\",\"p32_campanhadelongaduracao\":\"N\\u00e3o\",\"p34_estadual\":\"Estadual\",\"p36_conselhosdeparticipacaoecontrolesocial\":\"Sim\",\"p38_sim\":\"Sim\",\"p40_editais\":\"N\\u00e3o\",\"p41_financiamentocoletivo0\":\"Financiamento coletivo\",\"p42_meiodedivulgacaoproprio\":\"Sim\",\"p43_email\":\"E-mail\",\"p43_instagram\":\"Instagram\",\"p44_jornaisimpressosdegrandecirculacao\":\"Jornais impressos de grande circula\\u00e7\\u00e3o\",\"p44_jornaisimpressosdebairro\":\"Jornais impressos de bairro\",\"p39_publico\":\"MULHERS JOVENS MENINAS\",\"p45_bandeira\":\"FORTALECIMENTO-DE-MULHERES LUTA-CONTRA-O-RACISMO LUTA-CONTRA-A-MISOGINIA FORMACAO \",\"p46_hashtags\":\"#EMPODERAMENTO #ANTIRRACISMO #FEMINISMO\"},{\"p1_eixo\":\"Cultura\",\"p9_tipoorganizacao\":\"Instituto\",\"p12_uf\":\"GO\",\"p13_cidade\":\"TRINDADE\",\"p17_ano\":\"2001\",\"p16_estado\":\"Estado\",\"p18_comunicacao\":\"Comunica\\u00e7\\u00e3o\",\"p18_difusaoartistica\":\"Difus\\u00e3o Art\\u00edstica\",\"p18_desenvolvimentoterritorial\":\"Desenvolvimento territorial\",\"p18_direitoshumanos\":\"Direitos humanos\",\"p18_educacao\":\"Educa\\u00e7\\u00e3o\",\"p18_lgbtqi\":\"LGBTQI\",\"p18_lutaantirracismo\":\"Luta antirracismo\",\"p18_trabalho\":\"Trabalho\",\"p18_violencia\":\"Viol\\u00eancia\",\"p18_politicasculturais\":\"Pol\\u00edticas Culturais\",\"p19_desenvolvimentoterritorial\":\"Desenvolvimento territorial\",\"p19_difusaoartistica\":\"Difus\\u00e3o Art\\u00edstica\",\"p19_politicasculturais\":\"Pol\\u00edticas Culturais\",\"p20_reunioes\":\"Reuni\\u00f5es\",\"p20_atendimento\":\"Atendimento\",\"p20_oficinas\":\"Oficinas\",\"p20_oficinasaulasartisticas\":\"Ensaios\\\/Oficinas\\\/Aulas art\\u00edsticas\",\"p20_cursos\":\"Cursos\",\"p20_formacao\":\"Forma\\u00e7\\u00e3o\",\"p20_profissionalizacao\":\"Profissionaliza\\u00e7\\u00e3o\",\"p20_apresentacoesartisticas\":\"Apresenta\\u00e7\\u00f5es art\\u00edsticas\",\"p20_visitasexcursoes\":\"Visitas\\\/Excurs\\u00f5es\",\"p21_repressaopolicial\":\"Repress\\u00e3o policial\",\"p21_intoleranciareligiosa\":\"Fundamentalistamo\\\/intoler\\u00e2ncia religiosa\",\"p21_racismo\":\"Racismo\",\"p21_lgbtqifobia\":\"LGBTIfobia\",\"p22_numerodeparticipantes\":\"1  - 15\",\"p23_oficinasaulasartisticas\":\"Ensaio\\\/Oficinas\\\/Aulas Art\\u00edsticas\",\"p23_outros\":\"Outros\",\"p24_reunioes\":\"Reuni\\u00f5es\",\"p24_atendimento\":\"Atendimentos\",\"p24_curso\":\"Curso\",\"p24_formacao\":\"Forma\\u00e7\\u00e3o\",\"p24_profissionalizacao\":\"Profissionaliza\\u00e7\\u00e3o\",\"p24_apresentacoesartisticas\":\"Apresenta\\u00e7\\u00f5es art\\u00edsticas\",\"p24_visitasexcursoes\":\"Visitas\\\/Excurs\\u00f5es\",\"p24_outros\":\"Outros\",\"p25_numerodepessoas\":\"100 - 200\",\"p26_numerodepessoas\":\"Mais de 500\",\"p27_espacopublico\":\"Espa\\u00e7o p\\u00fablico\",\"p27_espacoproprio\":\"Espa\\u00e7o pr\\u00f3prio\",\"p28_territorios\":\"Regi\\u00e3o da Cidade\",\"p30_outrasorganizacoes\":\"Sim\",\"p32_campanhadelongaduracao\":\"N\\u00e3o\",\"p34_estadual\":\"Estadual\",\"p36_conselhosdeparticipacaoecontrolesocial\":\"Sim\",\"p38_sim\":\"Sim\",\"p40_editais\":\"Sim\",\"p41_publicoestatal\":\"P\\u00fablico-Estatal\",\"p42_meiodedivulgacaoproprio\":\"Sim\",\"p43_whatsapp\":\"WhatApp\",\"p43_instagram\":\"Instagram\",\"p44_radio\":\"TV\",\"p44_jornaisimpressosdegrandecirculacao\":\"Jornais impressos de grande circula\\u00e7\\u00e3o\",\"p44_jornaisimpressosdebairro\":\"Jornais impressos de bairro\",\"p39_publico\":\"CRIANCAS ADOLESCENTE JOVENS\",\"p45_bandeira\":\"JUVENTUDE CULTURA \",\"p46_hashtags\":\"#TEATRO #JUVENTUDE #FORMACAOCULTURAL\"},{\"p1_eixo\":\"Trabalho\",\"p9_tipoorganizacao\":\"Instituto\",\"p12_uf\":\"SC\",\"p13_cidade\":\"PALHOCA\",\"p17_ano\":\"2010\",\"p16_estado\":\"Estado\",\"p18_agrario\":\"Agr\\u00e1rio\\\/ruralidades\",\"p18_comunicacao\":\"Comunica\\u00e7\\u00e3o\",\"p18_difusaoartistica\":\"Difus\\u00e3o Art\\u00edstica\",\"p18_desenvolvimentoterritorial\":\"Desenvolvimento territorial\",\"p18_direitoshumanos\":\"Direitos humanos\",\"p18_educacao\":\"Educa\\u00e7\\u00e3o\",\"p18_feminismos\":\"Feminismos\",\"p18_lgbtqi\":\"LGBTQI\",\"p18_lutaantirracismo\":\"Luta antirracismo\",\"p18_mobilidade\":\"Mobilidade\",\"p18_moradia\":\"Moradia\",\"p18_povosecomunidadestradicionais\":\"Povos e comunidades tradicionais\",\"p18_trabalho\":\"Trabalho\",\"p18_religiao\":\"Religi\\u00e3o\",\"p18_saude\":\"Sa\\u00fade\",\"p18_violencia\":\"Viol\\u00eancia\",\"p18_politicasculturais\":\"Pol\\u00edticas Culturais\",\"p19_moradia\":\"Moradia\",\"p19_violencia\":\"Viol\\u00eancia\",\"p19_difusaoartistica\":\"Difus\\u00e3o Art\\u00edstica\",\"p20_reunioes\":\"Reuni\\u00f5es\",\"p20_atendimento\":\"Atendimento\",\"p20_oficinas\":\"Oficinas\",\"p20_oficinasaulasartisticas\":\"Ensaios\\\/Oficinas\\\/Aulas art\\u00edsticas\",\"p20_cursos\":\"Cursos\",\"p20_profissionalizacao\":\"Profissionaliza\\u00e7\\u00e3o\",\"p20_apresentacoesartisticas\":\"Apresenta\\u00e7\\u00f5es art\\u00edsticas\",\"p21_nenhum\":\"Nenhum\",\"p22_numerodeparticipantes\":\"45 - 60\",\"p23_reunioes\":\"Reuni\\u00f5es\",\"p23_atendimento\":\"Atendimento\",\"p23_oficinas\":\"Oficinas\",\"p23_cursos\":\"Cursos\",\"p23_profissionalizacao\":\"Profissionaliza\\u00e7\\u00e3o\",\"p23_outros\":\"Outros\",\"p24_oficinasaulasartisticas\":\"Ensaios\\\/Oficinas\\\/Aulas art\\u00edsticas\",\"p24_apresentacoesartisticas\":\"Apresenta\\u00e7\\u00f5es art\\u00edsticas\",\"p24_visitasexcursoes\":\"Visitas\\\/Excurs\\u00f5es\",\"p24_outros\":\"Outros\",\"p25_numerodepessoas\":\"100 - 200\",\"p26_numerodepessoas\":\"60 - 80\",\"p27_espacoproprio\":\"Espa\\u00e7o pr\\u00f3prio\",\"p28_territorios\":\"Estado\",\"p30_outrasorganizacoes\":\"Sim\",\"p32_campanhadelongaduracao\":\"Sim\",\"p34_nenhuma\":\"Nenhuma\",\"p36_conselhosdeparticipacaoecontrolesocial\":\"Sim\",\"p38_nenhum\":\"Nenhum\",\"p40_editais\":\"N\\u00e3o\",\"p41_privadopj\":\"Privado (P. Jur\\u00eddica)\",\"p41_autofinanciamento\":\"Auto-financiamento\",\"p42_meiodedivulgacaoproprio\":\"Sim\",\"p43_facebook\":\"Facebook\",\"p43_instagram\":\"Instagram\",\"p44_radio\":\"TV\",\"p39_publico\":\"MULHERES\",\"p45_bandeira\":\"DEFESA-DA-FAMILIA\",\"p46_hashtags\":\"#MULHERESEMACAO #DEFESADAFAMILIA #PUFFDOBEM\"},{\"p1_eixo\":\"Viol\\u00eancia\",\"p9_tipoorganizacao\":\"Instituto\",\"p12_uf\":\"MG\",\"p13_cidade\":\"BARBACENA\",\"p16_nacional\":\"Nacional\",\"p17_ano\":\"2024\",\"p18_agrario\":\"Agr\\u00e1rio\\\/ruralidades\",\"p18_comunicacao\":\"Comunica\\u00e7\\u00e3o\",\"p18_difusaoartistica\":\"Difus\\u00e3o Art\\u00edstica\",\"p18_desenvolvimentoterritorial\":\"Desenvolvimento territorial\",\"p18_direitoshumanos\":\"Direitos humanos\",\"p18_educacao\":\"Educa\\u00e7\\u00e3o\",\"p18_feminismos\":\"Feminismos\",\"p18_lgbtqi\":\"LGBTQI\",\"p18_lutaantirracismo\":\"Luta antirracismo\",\"p18_mobilidade\":\"Mobilidade\",\"p18_moradia\":\"Moradia\",\"p18_povosecomunidadestradicionais\":\"Povos e comunidades tradicionais\",\"p18_trabalho\":\"Trabalho\",\"p18_religiao\":\"Religi\\u00e3o\",\"p18_saude\":\"Sa\\u00fade\",\"p18_politicasculturais\":\"Pol\\u00edticas Culturais\",\"p19_educacao\":\"Educa\\u00e7\\u00e3o\",\"p19_lutaantirracismo\":\"Luta antirracismo\",\"p19_religiao\":\"Religi\\u00e3o\",\"p20_reunioes\":\"Reuni\\u00f5es\",\"p20_atendimento\":\"Atendimento\",\"p21_nenhum\":\"Nenhum\",\"p22_numerodeparticipantes\":\"1  - 15\",\"p23_outros\":\"Outros\",\"p24_reunioes\":\"Reuni\\u00f5es\",\"p24_atendimento\":\"Atendimentos\",\"p24_outros\":\"Outros\",\"p25_numerodepessoas\":\"20 - 40\",\"p26_numerodepessoas\":\"1 - 20\",\"p27_espacoproprio\":\"Espa\\u00e7o pr\\u00f3prio\",\"p27_virtual\":\"Virtual\",\"p28_territorios\":\"Atua\\u00e7\\u00e3o Nacional\",\"p30_outrasorganizacoes\":\"Sim\",\"p32_campanhadelongaduracao\":\"Sim\",\"p34_nenhuma\":\"Nenhuma\",\"p36_conselhosdeparticipacaoecontrolesocial\":\"Sim\",\"p38_sim\":\"Sim\",\"p40_editais\":\"Sim\",\"p41_autofinanciamento\":\"Auto-financiamento\",\"p42_meiodedivulgacaoproprio\":\"Sim\",\"p43_facebook\":\"Facebook\",\"p43_instagram\":\"Instagram\",\"p43_youtube\":\"YouTube\",\"p44_radio\":\"TV\",\"p44_redessociais\":\"Redes sociais (Facebook, YouTube, Instagram etc.)\",\"p39_publico\":\"VITIMAS-DE-ASSEDIO-MORAL CRIANCAS\",\"p45_bandeira\":\"CONTRA-O-RACISMO CONTRA-A-HOMOFOBIA LUTA-CONTRA-O-ASSEDIO-MORAL LUTA-CONTRA-O-MACHISMO\",\"p46_hashtags\":\"#ASSEDIOMORALMATA #TEMOSQUECOMBATERESSEVILADOASSEDIOMORAL #NAOAORACISMO \"},{\"p1_eixo\":\"Trabalho\",\"p9_tipoorganizacao\":\"Instituto\",\"p12_uf\":\"PA\",\"p13_cidade\":\"BREVES\",\"p17_ano\":\"2011\",\"p16_estado\":\"Estado\",\"p18_comunicacao\":\"Comunica\\u00e7\\u00e3o\",\"p18_difusaoartistica\":\"Difus\\u00e3o Art\\u00edstica\",\"p18_direitoshumanos\":\"Direitos humanos\",\"p18_educacao\":\"Educa\\u00e7\\u00e3o\",\"p18_lgbtqi\":\"LGBTQI\",\"p18_lutaantirracismo\":\"Luta antirracismo\",\"p18_mobilidade\":\"Mobilidade\",\"p18_moradia\":\"Moradia\",\"p18_povosecomunidadestradicionais\":\"Povos e comunidades tradicionais\",\"p18_trabalho\":\"Trabalho\",\"p18_saude\":\"Sa\\u00fade\",\"p18_violencia\":\"Viol\\u00eancia\",\"p18_politicasculturais\":\"Pol\\u00edticas Culturais\",\"p19_direitoshumanos\":\"Direitos humanos\",\"p19_educacao\":\"Educa\\u00e7\\u00e3o\",\"p19_saude\":\"Sa\\u00fade\",\"p20_atendimento\":\"Atendimento\",\"p20_oficinas\":\"Oficinas\",\"p20_oficinasaulasartisticas\":\"Ensaios\\\/Oficinas\\\/Aulas art\\u00edsticas\",\"p20_cursos\":\"Cursos\",\"p20_formacao\":\"Forma\\u00e7\\u00e3o\",\"p20_apresentacoesartisticas\":\"Apresenta\\u00e7\\u00f5es art\\u00edsticas\",\"p21_repressaopolicial\":\"Repress\\u00e3o policial\",\"p21_intoleranciareligiosa\":\"Fundamentalistamo\\\/intoler\\u00e2ncia religiosa\",\"p21_xenofobia\":\"Xenofobia\",\"p21_machismo\":\"Machismo\",\"p21_racismo\":\"Racismo\",\"p21_lgbtqifobia\":\"LGBTIfobia\",\"p22_numerodeparticipantes\":\"15 - 30\",\"p23_atendimento\":\"Atendimento\",\"p23_oficinas\":\"Oficinas\",\"p23_oficinasaulasartisticas\":\"Ensaio\\\/Oficinas\\\/Aulas Art\\u00edsticas\",\"p23_cursos\":\"Cursos\",\"p23_formacao\":\"Forma\\u00e7\\u00e3o\",\"p23_apresentacoesartisticas\":\"Apresenta\\u00e7\\u00f5es Art\\u00edsticas\",\"p24_curso\":\"Curso\",\"p24_outros\":\"Outros\",\"p25_numerodepessoas\":\"100 - 200\",\"p26_numerodepessoas\":\"40 - 60\",\"p27_espacoproprio\":\"Espa\\u00e7o pr\\u00f3prio\",\"p28_territorios\":\"Regi\\u00e3o da Cidade\",\"p30_outrasorganizacoes\":\"Sim\",\"p32_campanhadelongaduracao\":\"N\\u00e3o\",\"p34_municipal\":\"Municipal\",\"p36_conselhosdeparticipacaoecontrolesocial\":\"N\\u00e3o\",\"p38_nenhum\":\"Nenhum\",\"p40_editais\":\"Sim\",\"p41_publicoestatal\":\"P\\u00fablico-Estatal\",\"p41_autofinanciamento\":\"Auto-financiamento\",\"p41_financiamentocoletivo0\":\"Financiamento coletivo\",\"p42_meiodedivulgacaoproprio\":\"Sim\",\"p43_email\":\"E-mail\",\"p43_facebook\":\"Facebook\",\"p43_whatsapp\":\"WhatApp\",\"p43_instagram\":\"Instagram\",\"p43_sitesblogs\":\"Blogs\\\/sites\",\"p43_youtube\":\"YouTube\",\"p44_radio\":\"TV\",\"p39_publico\":\"PESSOAS-COM-DEFICIENCIA PESSOAS-EM-SITUACAO-DE-VULNERABILIDADE \",\"p45_bandeira\":\"COMUNIDADE-SURDA INCLUSAO DIREITOS-HUMANOS\",\"p46_hashtags\":\"#DIREITOSHUMANOSECOMUNIDADESURDAMARAJOARA #INCLUSAONOMARAJO #DIREITOADIVERSIDADE\"},{\"p1_eixo\":\"Cultura\",\"p9_tipoorganizacao\":\"Instituto\",\"p12_uf\":\"MS\",\"p13_cidade\":\"CAMPO GRANDE  \",\"p17_ano\":\"2009\",\"p16_estado\":\"Estado\",\"p18_comunicacao\":\"Comunica\\u00e7\\u00e3o\",\"p18_difusaoartistica\":\"Difus\\u00e3o Art\\u00edstica\",\"p18_desenvolvimentoterritorial\":\"Desenvolvimento territorial\",\"p18_direitoshumanos\":\"Direitos humanos\",\"p18_educacao\":\"Educa\\u00e7\\u00e3o\",\"p18_feminismos\":\"Feminismos\",\"p18_lutaantirracismo\":\"Luta antirracismo\",\"p18_mobilidade\":\"Mobilidade\",\"p18_moradia\":\"Moradia\",\"p18_trabalho\":\"Trabalho\",\"p18_saude\":\"Sa\\u00fade\",\"p18_violencia\":\"Viol\\u00eancia\",\"p18_politicasculturais\":\"Pol\\u00edticas Culturais\",\"p19_desenvolvimentoterritorial\":\"Desenvolvimento territorial\",\"p19_educacao\":\"Educa\\u00e7\\u00e3o\",\"p19_politicasculturais\":\"Pol\\u00edticas Culturais\",\"p20_reunioes\":\"Reuni\\u00f5es\",\"p20_atendimento\":\"Atendimento\",\"p20_oficinas\":\"Oficinas\",\"p20_oficinasaulasartisticas\":\"Ensaios\\\/Oficinas\\\/Aulas art\\u00edsticas\",\"p20_cursos\":\"Cursos\",\"p20_profissionalizacao\":\"Profissionaliza\\u00e7\\u00e3o\",\"p20_apresentacoesartisticas\":\"Apresenta\\u00e7\\u00f5es art\\u00edsticas\",\"p20_visitasexcursoes\":\"Visitas\\\/Excurs\\u00f5es\",\"p21_machismo\":\"Machismo\",\"p21_racismo\":\"Racismo\",\"p21_lgbtqifobia\":\"LGBTIfobia\",\"p22_numerodeparticipantes\":\"15 - 30\",\"p23_reunioes\":\"Reuni\\u00f5es\",\"p23_atendimento\":\"Atendimento\",\"p23_oficinas\":\"Oficinas\",\"p23_oficinasaulasartisticas\":\"Ensaio\\\/Oficinas\\\/Aulas Art\\u00edsticas\",\"p24_atendimento\":\"Atendimentos\",\"p24_oficinasaulasartisticas\":\"Ensaios\\\/Oficinas\\\/Aulas art\\u00edsticas\",\"p24_visitasexcursoes\":\"Visitas\\\/Excurs\\u00f5es\",\"p24_outros\":\"Outros\",\"p25_numerodepessoas\":\"200 - 300\",\"p26_numerodepessoas\":\"60 - 80\",\"p27_espacoproprio\":\"Espa\\u00e7o pr\\u00f3prio\",\"p28_territorios\":\"Regi\\u00e3o da Cidade\",\"p30_outrasorganizacoes\":\"Sim\",\"p32_campanhadelongaduracao\":\"Sim\",\"p34_municipal\":\"Municipal\",\"p34_estadual\":\"Estadual\",\"p36_conselhosdeparticipacaoecontrolesocial\":\"Sim\",\"p38_nenhum\":\"Nenhum\",\"p40_editais\":\"Sim\",\"p41_publicoestatal\":\"P\\u00fablico-Estatal\",\"p41_privadopj\":\"Privado (P. Jur\\u00eddica)\",\"p42_meiodedivulgacaoproprio\":\"Sim\",\"p43_email\":\"E-mail\",\"p43_facebook\":\"Facebook\",\"p43_instagram\":\"Instagram\",\"p43_sitesblogs\":\"Blogs\\\/sites\",\"p44_jornaisimpressosdebairro\":\"Jornais impressos de bairro\",\"p44_redessociais\":\"Redes sociais (Facebook, YouTube, Instagram etc.)\",\"p44_sitesblogs\":\"Sites ou Blogs\",\"p39_publico\":\"CRIANCAS ADOLESCENTES\",\"p45_bandeira\":\"DIREITO-DA-CRIANCA-E-ADOLESCENTES DIREITO-DAS-MAES-SOLO DIREITO-DAS-MULHERES DIREITO-DAS-AFRODESCENDENTES\",\"p46_hashtags\":\"#PROPOSITO #JUNTOSSOMOSMAISFORTES #SERVIEUMPRINCIPIO\"},{\"p1_eixo\":\"Cultura\",\"p9_tipoorganizacao\":\"Instituto\",\"p12_uf\":\"MG\",\"p13_cidade\":\"BARBACENA\",\"p16_cidade\":\"Cidade\",\"p17_ano\":\"2023\",\"p18_comunicacao\":\"Comunica\\u00e7\\u00e3o\",\"p18_difusaoartistica\":\"Difus\\u00e3o Art\\u00edstica\",\"p18_desenvolvimentoterritorial\":\"Desenvolvimento territorial\",\"p18_direitoshumanos\":\"Direitos humanos\",\"p18_educacao\":\"Educa\\u00e7\\u00e3o\",\"p18_feminismos\":\"Feminismos\",\"p18_lgbtqi\":\"LGBTQI\",\"p18_lutaantirracismo\":\"Luta antirracismo\",\"p18_trabalho\":\"Trabalho\",\"p18_saude\":\"Sa\\u00fade\",\"p18_violencia\":\"Viol\\u00eancia\",\"p18_politicasculturais\":\"Pol\\u00edticas Culturais\",\"p19_direitoshumanos\":\"Direitos humanos\",\"p19_educacao\":\"Educa\\u00e7\\u00e3o\",\"p19_trabalho\":\"Trabalho\",\"p20_reunioes\":\"Reuni\\u00f5es\",\"p20_atendimento\":\"Atendimento\",\"p20_oficinas\":\"Oficinas\",\"p20_oficinasaulasartisticas\":\"Ensaios\\\/Oficinas\\\/Aulas art\\u00edsticas\",\"p20_visitasexcursoes\":\"Visitas\\\/Excurs\\u00f5es\",\"p21_nenhum\":\"Nenhum\",\"p22_numerodeparticipantes\":\"15 - 30\",\"p23_outros\":\"Outros\",\"p24_reunioes\":\"Reuni\\u00f5es\",\"p24_atendimento\":\"Atendimentos\",\"p24_oficinas\":\"Oficinas\",\"p24_oficinasaulasartisticas\":\"Ensaios\\\/Oficinas\\\/Aulas art\\u00edsticas\",\"p24_visitasexcursoes\":\"Visitas\\\/Excurs\\u00f5es\",\"p24_outros\":\"Outros\",\"p25_numerodepessoas\":\"1 - 20\",\"p26_numerodepessoas\":\"20 - 40\",\"p27_espacoemprestadocedido\":\"Espa\\u00e7o emprestado\\\/cedido\",\"p28_territorios\":\"Cidade\",\"p30_outrasorganizacoes\":\"Sim\",\"p32_campanhadelongaduracao\":\"Sim\",\"p34_estadual\":\"Estadual\",\"p36_conselhosdeparticipacaoecontrolesocial\":\"Sim\",\"p38_sim\":\"Sim\",\"p40_editais\":\"Sim\",\"p41_autofinanciamento\":\"Auto-financiamento\",\"p41_financiamentocoletivo0\":\"Financiamento coletivo\",\"p42_meiodedivulgacaoproprio\":\"Sim\",\"p43_instagram\":\"Instagram\",\"p44_jornaisimpressosdebairro\":\"Jornais impressos de bairro\",\"p39_publico\":\"POPULACAO-EM-SITUACAO-DE-VULNERABILIDADE\",\"p45_bandeira\":\"EDUCACAO INCLUSAO-SOCIAL \",\"p46_hashtags\":\"#EDUCACAODEQUALIDADE #INCLUSAOSOCIAL #DIREITOSHUMANOS \"},{\"p1_eixo\":\"Cultura\",\"p9_tipoorganizacao\":\"Instituto\",\"p12_uf\":\"DF\",\"p13_cidade\":\"CEILANDIA \",\"p16_cidade\":\"Cidade\",\"p17_ano\":\"1995\",\"p18_difusaoartistica\":\"Difus\\u00e3o Art\\u00edstica\",\"p18_desenvolvimentoterritorial\":\"Desenvolvimento territorial\",\"p18_direitoshumanos\":\"Direitos humanos\",\"p18_educacao\":\"Educa\\u00e7\\u00e3o\",\"p18_feminismos\":\"Feminismos\",\"p18_lutaantirracismo\":\"Luta antirracismo\",\"p18_mobilidade\":\"Mobilidade\",\"p18_trabalho\":\"Trabalho\",\"p18_violencia\":\"Viol\\u00eancia\",\"p18_politicasculturais\":\"Pol\\u00edticas Culturais\",\"p19_educacao\":\"Educa\\u00e7\\u00e3o\",\"p19_difusaoartistica\":\"Difus\\u00e3o Art\\u00edstica\",\"p19_politicasculturais\":\"Pol\\u00edticas Culturais\",\"p20_reunioes\":\"Reuni\\u00f5es\",\"p20_oficinas\":\"Oficinas\",\"p20_oficinasaulasartisticas\":\"Ensaios\\\/Oficinas\\\/Aulas art\\u00edsticas\",\"p20_profissionalizacao\":\"Profissionaliza\\u00e7\\u00e3o\",\"p20_apresentacoesartisticas\":\"Apresenta\\u00e7\\u00f5es art\\u00edsticas\",\"p21_xenofobia\":\"Xenofobia\",\"p21_machismo\":\"Machismo\",\"p22_numerodeparticipantes\":\"1  - 15\",\"p23_oficinas\":\"Oficinas\",\"p23_oficinasaulasartisticas\":\"Ensaio\\\/Oficinas\\\/Aulas Art\\u00edsticas\",\"p23_outros\":\"Outros\",\"p24_reunioes\":\"Reuni\\u00f5es\",\"p24_curso\":\"Curso\",\"p24_formacao\":\"Forma\\u00e7\\u00e3o\",\"p24_apresentacoesartisticas\":\"Apresenta\\u00e7\\u00f5es art\\u00edsticas\",\"p24_outros\":\"Outros\",\"p25_numerodepessoas\":\"1 - 20\",\"p26_numerodepessoas\":\"80 - 100\",\"p27_espacoemprestadocedido\":\"Espa\\u00e7o emprestado\\\/cedido\",\"p28_territorios\":\"Cidade\",\"p30_outrasorganizacoes\":\"Sim\",\"p32_campanhadelongaduracao\":\"N\\u00e3o\",\"p34_municipal\":\"Municipal\",\"p34_estadual\":\"Estadual\",\"p34_nacional\":\"Nacional\",\"p36_conselhosdeparticipacaoecontrolesocial\":\"Sim\",\"p38_sim\":\"Sim\",\"p40_editais\":\"Sim\",\"p41_publicoestatal\":\"P\\u00fablico-Estatal\",\"p42_meiodedivulgacaoproprio\":\"Sim\",\"p43_facebook\":\"Facebook\",\"p43_instagram\":\"Instagram\",\"p43_youtube\":\"YouTube\",\"p44_radio\":\"TV\",\"p44_jornaisimpressosdegrandecirculacao\":\"Jornais impressos de grande circula\\u00e7\\u00e3o\",\"p44_sitesblogs\":\"Sites ou Blogs\",\"p39_publico\":\"JOVENS ADULTOS \",\"p45_bandeira\":\"CRIACAO-DE-ESPACOS-CULTURAIS MEIO-AMBIENTE POLITICAS-PUBLICAS\",\"p46_hashtags\":\"#RESISTENCIA #RESILIENCIA #FORCADEVONTADE \"},{\"p1_eixo\":\"Trabalho\",\"p9_tipoorganizacao\":\"Instituto\",\"p12_uf\":\"PR\",\"p13_cidade\":\"FAZENDA RIO GRANDE\",\"p17_ano\":\"2020\",\"p16_estado\":\"Estado\",\"p18_comunicacao\":\"Comunica\\u00e7\\u00e3o\",\"p18_difusaoartistica\":\"Difus\\u00e3o Art\\u00edstica\",\"p18_desenvolvimentoterritorial\":\"Desenvolvimento territorial\",\"p18_direitoshumanos\":\"Direitos humanos\",\"p18_educacao\":\"Educa\\u00e7\\u00e3o\",\"p18_lutaantirracismo\":\"Luta antirracismo\",\"p18_mobilidade\":\"Mobilidade\",\"p18_moradia\":\"Moradia\",\"p18_povosecomunidadestradicionais\":\"Povos e comunidades tradicionais\",\"p18_trabalho\":\"Trabalho\",\"p18_religiao\":\"Religi\\u00e3o\",\"p18_saude\":\"Sa\\u00fade\",\"p18_violencia\":\"Viol\\u00eancia\",\"p18_politicasculturais\":\"Pol\\u00edticas Culturais\",\"p19_trabalho\":\"Trabalho\",\"p19_religiao\":\"Religi\\u00e3o\",\"p19_difusaoartistica\":\"Difus\\u00e3o Art\\u00edstica\",\"p20_atendimento\":\"Atendimento\",\"p20_oficinasaulasartisticas\":\"Ensaios\\\/Oficinas\\\/Aulas art\\u00edsticas\",\"p20_visitasexcursoes\":\"Visitas\\\/Excurs\\u00f5es\",\"p21_nenhum\":\"Nenhum\",\"p22_numerodeparticipantes\":\"30 - 45\",\"p23_atendimento\":\"Atendimento\",\"p23_visitas\":\"Visitas\",\"p23_excursoes\":\"Excurs\\u00f5es\",\"p24_apresentacoesartisticas\":\"Apresenta\\u00e7\\u00f5es art\\u00edsticas\",\"p25_numerodepessoas\":\"300 - 400\",\"p26_numerodepessoas\":\"100 - 200\",\"p27_espacopublico\":\"Espa\\u00e7o p\\u00fablico\",\"p27_espacoemprestadocedido\":\"Espa\\u00e7o emprestado\\\/cedido\",\"p27_espacoproprio\":\"Espa\\u00e7o pr\\u00f3prio\",\"p28_territorios\":\"Estado\",\"p30_outrasorganizacoes\":\"N\\u00e3o\",\"p32_campanhadelongaduracao\":\"N\\u00e3o\",\"p34_nenhuma\":\"Nenhuma\",\"p36_conselhosdeparticipacaoecontrolesocial\":\"Sim\",\"p38_nenhum\":\"Nenhum\",\"p40_editais\":\"N\\u00e3o\",\"p41_privadopf\":\"Privado (P. F\\u00edsica)\",\"p41_autofinanciamento\":\"Auto-financiamento\",\"p42_meiodedivulgacaoproprio\":\"Sim\",\"p43_facebook\":\"Facebook\",\"p43_instagram\":\"Instagram\",\"p44_radio\":\"R\\u00e1dio\",\"p39_publico\":\"PESSOAS-VULNERABILIZADAS\",\"p45_bandeira\":\"AUTISMO ENFRENTAMENTO-CONTRA-VULNERABILIDADES\",\"p46_hashtags\":\"#HUMANIDADE #FAZEROBEMSEMOLHARPRAQUEM #IDECONECTANDOVIDAS \"},{\"p1_eixo\":\"Viol\\u00eancia\",\"p9_tipoorganizacao\":\"ONG\",\"p12_uf\":\"PR\",\"p13_cidade\":\"CURITIBA \",\"p17_ano\":\"1994\",\"p16_estado\":\"Estado\",\"p18_comunicacao\":\"Comunica\\u00e7\\u00e3o\",\"p18_difusaoartistica\":\"Difus\\u00e3o Art\\u00edstica\",\"p18_desenvolvimentoterritorial\":\"Desenvolvimento territorial\",\"p18_direitoshumanos\":\"Direitos humanos\",\"p18_educacao\":\"Educa\\u00e7\\u00e3o\",\"p18_lgbtqi\":\"LGBTQI\",\"p18_lutaantirracismo\":\"Luta antirracismo\",\"p18_mobilidade\":\"Mobilidade\",\"p18_moradia\":\"Moradia\",\"p18_povosecomunidadestradicionais\":\"Povos e comunidades tradicionais\",\"p18_trabalho\":\"Trabalho\",\"p18_religiao\":\"Religi\\u00e3o\",\"p18_saude\":\"Sa\\u00fade\",\"p18_violencia\":\"Viol\\u00eancia\",\"p18_politicasculturais\":\"Pol\\u00edticas Culturais\",\"p19_lgbtqi\":\"LGBTQI\",\"p19_povosecomunidadestradicionais\":\"Povos e comunidades tradicionais\",\"p19_saude\":\"Sa\\u00fade\",\"p20_reunioes\":\"Reuni\\u00f5es\",\"p20_atendimento\":\"Atendimento\",\"p20_oficinas\":\"Oficinas\",\"p20_oficinasaulasartisticas\":\"Ensaios\\\/Oficinas\\\/Aulas art\\u00edsticas\",\"p20_formacao\":\"Forma\\u00e7\\u00e3o\",\"p20_profissionalizacao\":\"Profissionaliza\\u00e7\\u00e3o\",\"p20_apresentacoesartisticas\":\"Apresenta\\u00e7\\u00f5es art\\u00edsticas\",\"p20_visitasexcursoes\":\"Visitas\\\/Excurs\\u00f5es\",\"p21_repressaopolicial\":\"Repress\\u00e3o policial\",\"p21_machismo\":\"Machismo\",\"p21_racismo\":\"Racismo\",\"p21_lgbtqifobia\":\"LGBTIfobia\",\"p22_numerodeparticipantes\":\"15 - 30\",\"p23_reunioes\":\"Reuni\\u00f5es\",\"p23_atendimento\":\"Atendimento\",\"p23_oficinasaulasartisticas\":\"Ensaio\\\/Oficinas\\\/Aulas Art\\u00edsticas\",\"p23_formacao\":\"Forma\\u00e7\\u00e3o\",\"p23_profissionalizacao\":\"Profissionaliza\\u00e7\\u00e3o\",\"p23_visitas\":\"Visitas\",\"p23_outros\":\"Outros\",\"p24_oficinas\":\"Oficinas\",\"p24_apresentacoesartisticas\":\"Apresenta\\u00e7\\u00f5es art\\u00edsticas\",\"p24_outros\":\"Outros\",\"p25_numerodepessoas\":\"1 - 20\",\"p26_numerodepessoas\":\"1 - 20\",\"p27_espacopublico\":\"Espa\\u00e7o p\\u00fablico\",\"p27_espacoemprestadocedido\":\"Espa\\u00e7o emprestado\\\/cedido\",\"p27_espacoproprio\":\"Espa\\u00e7o pr\\u00f3prio\",\"p27_virtual\":\"Virtual\",\"p28_territorios\":\"Estado\",\"p30_outrasorganizacoes\":\"Sim\",\"p32_campanhadelongaduracao\":\"N\\u00e3o\",\"p34_estadual\":\"Estadual\",\"p34_nacional\":\"Nacional\",\"p34_internacional\":\"Internacional\",\"p36_conselhosdeparticipacaoecontrolesocial\":\"Sim\",\"p38_sim\":\"Sim\",\"p40_editais\":\"Sim\",\"p41_publicoestatal\":\"P\\u00fablico-Estatal\",\"p41_privadopf\":\"Privado (P. F\\u00edsica)\",\"p42_meiodedivulgacaoproprio\":\"Sim\",\"p43_impressoes\":\"Impressos\",\"p43_facebook\":\"Facebook\",\"p43_instagram\":\"Instagram\",\"p43_youtube\":\"YouTube\",\"p44_jornaisimpressosdegrandecirculacao\":\"Jornais impressos de grande circula\\u00e7\\u00e3o\",\"p39_publico\":\"MULHERES-PROFISSIONAIS-DO-SEXO CIS TRANS TRAVESTIS\",\"p45_bandeira\":\"PRESERVACAO-DA-VIDA DEFESA-DE-DIREITOS BUSCA-DE-QUALIDADE-DE-VIDA-EM-SAUDE REGULAMENTACAO-DA-PROFISSAO \",\"p46_hashtags\":\"#REGULAMENTACAODAPROFISSAO #BUSCADEQUALIDADEDEVIDAEMSAUDE #PRESERVACAODAVIDA\"},{\"p1_eixo\":\"Cultura\",\"p9_tipoorganizacao\":\"Movimento Social\",\"p12_uf\":\"SE\",\"p13_cidade\":\"POCO VERDE\",\"p16_cidade\":\"Cidade\",\"p17_ano\":\"2017\",\"p18_comunicacao\":\"Comunica\\u00e7\\u00e3o\",\"p18_difusaoartistica\":\"Difus\\u00e3o Art\\u00edstica\",\"p18_desenvolvimentoterritorial\":\"Desenvolvimento territorial\",\"p18_direitoshumanos\":\"Direitos humanos\",\"p18_educacao\":\"Educa\\u00e7\\u00e3o\",\"p18_feminismos\":\"Feminismos\",\"p18_lgbtqi\":\"LGBTQI\",\"p18_lutaantirracismo\":\"Luta antirracismo\",\"p18_mobilidade\":\"Mobilidade\",\"p18_moradia\":\"Moradia\",\"p18_povosecomunidadestradicionais\":\"Povos e comunidades tradicionais\",\"p18_trabalho\":\"Trabalho\",\"p18_religiao\":\"Religi\\u00e3o\",\"p18_saude\":\"Sa\\u00fade\",\"p18_violencia\":\"Viol\\u00eancia\",\"p18_politicasculturais\":\"Pol\\u00edticas Culturais\",\"p19_desenvolvimentoterritorial\":\"Desenvolvimento territorial\",\"p19_direitoshumanos\":\"Direitos humanos\",\"p19_saude\":\"Sa\\u00fade\",\"p20_reunioes\":\"Reuni\\u00f5es\",\"p20_atendimento\":\"Atendimento\",\"p20_oficinas\":\"Oficinas\",\"p20_apresentacoesartisticas\":\"Apresenta\\u00e7\\u00f5es art\\u00edsticas\",\"p21_intoleranciareligiosa\":\"Fundamentalistamo\\\/intoler\\u00e2ncia religiosa\",\"p21_machismo\":\"Machismo\",\"p21_racismo\":\"Racismo\",\"p22_numerodeparticipantes\":\"15 - 30\",\"p23_outros\":\"Outros\",\"p24_reunioes\":\"Reuni\\u00f5es\",\"p24_outros\":\"Outros\",\"p25_numerodepessoas\":\"100 - 200\",\"p26_numerodepessoas\":\"20 - 40\",\"p27_espacopublico\":\"Espa\\u00e7o p\\u00fablico\",\"p27_espacoproprio\":\"Espa\\u00e7o pr\\u00f3prio\",\"p28_territorios\":\"Pr\\u00f3prio bairro\",\"p30_outrasorganizacoes\":\"Sim\",\"p32_campanhadelongaduracao\":\"Sim\",\"p34_nenhuma\":\"Nenhuma\",\"p36_conselhosdeparticipacaoecontrolesocial\":\"Sim\",\"p38_nenhum\":\"Nenhum\",\"p40_editais\":\"N\\u00e3o\",\"p41_autofinanciamento\":\"Auto-financiamento\",\"p42_meiodedivulgacaoproprio\":\"Sim\",\"p43_whatsapp\":\"WhatApp\",\"p43_instagram\":\"Instagram\",\"p44_nenhum\":\"Nenhum\",\"p39_publico\":\"CRIANCAS \",\"p45_bandeira\":\"ANTIRRACISMO VULNERABILIDADE LUTA-POR-IGUALDADE\",\"p46_hashtags\":\"#VULNERABILIDADE #MELHORIADEVIDA #IGUALDADE \"},{\"p1_eixo\":\"Cultura\",\"p9_tipoorganizacao\":\"Coletivo\",\"p12_uf\":\"PA\",\"p13_cidade\":\"BREVES\",\"p17_ano\":\"1987\",\"p16_estado\":\"Estado\",\"p18_comunicacao\":\"Comunica\\u00e7\\u00e3o\",\"p18_difusaoartistica\":\"Difus\\u00e3o Art\\u00edstica\",\"p18_desenvolvimentoterritorial\":\"Desenvolvimento territorial\",\"p18_direitoshumanos\":\"Direitos humanos\",\"p18_educacao\":\"Educa\\u00e7\\u00e3o\",\"p18_feminismos\":\"Feminismos\",\"p18_lgbtqi\":\"LGBTQI\",\"p18_lutaantirracismo\":\"Luta antirracismo\",\"p18_povosecomunidadestradicionais\":\"Povos e comunidades tradicionais\",\"p18_trabalho\":\"Trabalho\",\"p18_religiao\":\"Religi\\u00e3o\",\"p18_saude\":\"Sa\\u00fade\",\"p18_politicasculturais\":\"Pol\\u00edticas Culturais\",\"p19_educacao\":\"Educa\\u00e7\\u00e3o\",\"p19_lgbtqi\":\"LGBTQI\",\"p19_politicasculturais\":\"Pol\\u00edticas Culturais\",\"p20_reunioes\":\"Reuni\\u00f5es\",\"p20_oficinas\":\"Oficinas\",\"p20_oficinasaulasartisticas\":\"Ensaios\\\/Oficinas\\\/Aulas art\\u00edsticas\",\"p20_apresentacoesartisticas\":\"Apresenta\\u00e7\\u00f5es art\\u00edsticas\",\"p21_intoleranciareligiosa\":\"Fundamentalistamo\\\/intoler\\u00e2ncia religiosa\",\"p21_machismo\":\"Machismo\",\"p21_racismo\":\"Racismo\",\"p21_lgbtqifobia\":\"LGBTIfobia\",\"p22_numerodeparticipantes\":\"15 - 30\",\"p23_oficinas\":\"Oficinas\",\"p23_outros\":\"Outros\",\"p24_apresentacoesartisticas\":\"Apresenta\\u00e7\\u00f5es art\\u00edsticas\",\"p24_outros\":\"Outros\",\"p25_numerodepessoas\":\"40 - 60\",\"p26_numerodepessoas\":\"40 - 60\",\"p27_espacopublico\":\"Espa\\u00e7o p\\u00fablico\",\"p27_espacoemprestadocedido\":\"Espa\\u00e7o emprestado\\\/cedido\",\"p28_territorios\":\"Estado\",\"p30_outrasorganizacoes\":\"Sim\",\"p32_campanhadelongaduracao\":\"N\\u00e3o\",\"p34_estadual\":\"Estadual\",\"p36_conselhosdeparticipacaoecontrolesocial\":\"Sim\",\"p38_nenhum\":\"Nenhum\",\"p40_editais\":\"Sim\",\"p41_publicoestatal\":\"P\\u00fablico-Estatal\",\"p41_autofinanciamento\":\"Auto-financiamento\",\"p41_financiamentocoletivo0\":\"Financiamento coletivo\",\"p42_meiodedivulgacaoproprio\":\"Sim\",\"p43_facebook\":\"Facebook\",\"p43_whatsapp\":\"WhatApp\",\"p43_instagram\":\"Instagram\",\"p44_radio\":\"TV\",\"p44_redessociais\":\"Redes sociais (Facebook, YouTube, Instagram etc.)\",\"p44_sitesblogs\":\"Sites ou Blogs\",\"p39_publico\":\"JOVENS ADULTOS\",\"p45_bandeira\":\"LGBT INCLUSAO FEMINISMO\",\"p46_hashtags\":\"#LGBT #DIREITO #INCLUSAO\"},{\"p1_eixo\":\"Cultura\",\"p9_tipoorganizacao\":\"Coletivo Art\\u00edstico\",\"p12_uf\":\"PA\",\"p13_cidade\":\"BREVES\",\"p17_ano\":\"2012\",\"p16_estado\":\"Estado\",\"p18_comunicacao\":\"Comunica\\u00e7\\u00e3o\",\"p18_difusaoartistica\":\"Difus\\u00e3o Art\\u00edstica\",\"p18_desenvolvimentoterritorial\":\"Desenvolvimento territorial\",\"p18_direitoshumanos\":\"Direitos humanos\",\"p18_educacao\":\"Educa\\u00e7\\u00e3o\",\"p18_feminismos\":\"Feminismos\",\"p18_lutaantirracismo\":\"Luta antirracismo\",\"p18_povosecomunidadestradicionais\":\"Povos e comunidades tradicionais\",\"p18_saude\":\"Sa\\u00fade\",\"p18_politicasculturais\":\"Pol\\u00edticas Culturais\",\"p19_educacao\":\"Educa\\u00e7\\u00e3o\",\"p19_difusaoartistica\":\"Difus\\u00e3o Art\\u00edstica\",\"p19_politicasculturais\":\"Pol\\u00edticas Culturais\",\"p20_reunioes\":\"Reuni\\u00f5es\",\"p20_atendimento\":\"Atendimento\",\"p20_oficinas\":\"Oficinas\",\"p20_oficinasaulasartisticas\":\"Ensaios\\\/Oficinas\\\/Aulas art\\u00edsticas\",\"p20_apresentacoesartisticas\":\"Apresenta\\u00e7\\u00f5es art\\u00edsticas\",\"p21_machismo\":\"Machismo\",\"p21_racismo\":\"Racismo\",\"p22_numerodeparticipantes\":\"15 - 30\",\"p23_reunioes\":\"Reuni\\u00f5es\",\"p23_atendimento\":\"Atendimento\",\"p23_oficinas\":\"Oficinas\",\"p23_oficinasaulasartisticas\":\"Ensaio\\\/Oficinas\\\/Aulas Art\\u00edsticas\",\"p23_apresentacoesartisticas\":\"Apresenta\\u00e7\\u00f5es Art\\u00edsticas\",\"p23_outros\":\"Outros\",\"p24_outros\":\"Outros\",\"p25_numerodepessoas\":\"20 - 40\",\"p26_numerodepessoas\":\"1 - 20\",\"p27_espacopublico\":\"Espa\\u00e7o p\\u00fablico\",\"p28_territorios\":\"Estado\",\"p30_outrasorganizacoes\":\"Sim\",\"p32_campanhadelongaduracao\":\"Sim\",\"p34_municipal\":\"Municipal\",\"p36_conselhosdeparticipacaoecontrolesocial\":\"N\\u00e3o\",\"p38_nenhum\":\"Nenhum\",\"p40_editais\":\"Sim\",\"p41_publicoestatal\":\"P\\u00fablico-Estatal\",\"p41_autofinanciamento\":\"Auto-financiamento\",\"p42_meiodedivulgacaoproprio\":\"Sim\",\"p43_email\":\"E-mail\",\"p43_whatsapp\":\"WhatApp\",\"p43_instagram\":\"Instagram\",\"p44_radio\":\"TV\",\"p44_redessociais\":\"Redes sociais (Facebook, YouTube, Instagram etc.)\",\"p39_publico\":\"CRIANCAS JOVENS ADOLESCENTES\",\"p45_bandeira\":\"CULTURA MUSICA DANCA MULHERES\",\"p46_hashtags\":\"#CARIMBOERESISTENCIA #CULTURA #MARAJODASFLORESTAS\"},{\"p1_eixo\":\"Cultura\",\"p9_tipoorganizacao\":\"Coletivo Art\\u00edstico\",\"p12_uf\":\"SE\",\"p13_cidade\":\"LARANJEIRAS\",\"p17_ano\":\"2013\",\"p16_estado\":\"Estado\",\"p18_comunicacao\":\"Comunica\\u00e7\\u00e3o\",\"p18_difusaoartistica\":\"Difus\\u00e3o Art\\u00edstica\",\"p18_direitoshumanos\":\"Direitos humanos\",\"p18_educacao\":\"Educa\\u00e7\\u00e3o\",\"p18_feminismos\":\"Feminismos\",\"p18_lgbtqi\":\"LGBTQI\",\"p18_lutaantirracismo\":\"Luta antirracismo\",\"p18_mobilidade\":\"Mobilidade\",\"p18_moradia\":\"Moradia\",\"p18_povosecomunidadestradicionais\":\"Povos e comunidades tradicionais\",\"p18_trabalho\":\"Trabalho\",\"p18_saude\":\"Sa\\u00fade\",\"p18_violencia\":\"Viol\\u00eancia\",\"p18_politicasculturais\":\"Pol\\u00edticas Culturais\",\"p19_educacao\":\"Educa\\u00e7\\u00e3o\",\"p19_lgbtqi\":\"LGBTQI\",\"p19_lutaantirracismo\":\"Luta antirracismo\",\"p20_reunioes\":\"Reuni\\u00f5es\",\"p20_oficinas\":\"Oficinas\",\"p20_oficinasaulasartisticas\":\"Ensaios\\\/Oficinas\\\/Aulas art\\u00edsticas\",\"p20_cursos\":\"Cursos\",\"p20_formacao\":\"Forma\\u00e7\\u00e3o\",\"p20_profissionalizacao\":\"Profissionaliza\\u00e7\\u00e3o\",\"p20_apresentacoesartisticas\":\"Apresenta\\u00e7\\u00f5es art\\u00edsticas\",\"p21_intoleranciareligiosa\":\"Fundamentalistamo\\\/intoler\\u00e2ncia religiosa\",\"p21_xenofobia\":\"Xenofobia\",\"p21_machismo\":\"Machismo\",\"p21_racismo\":\"Racismo\",\"p21_lgbtqifobia\":\"LGBTIfobia\",\"p21_enfrentamentocomgruposprivadosarmados\":\"Enfrentamento com grupos privados armados\",\"p22_numerodeparticipantes\":\"1  - 15\",\"p23_reunioes\":\"Reuni\\u00f5es\",\"p23_oficinas\":\"Oficinas\",\"p23_oficinasaulasartisticas\":\"Ensaio\\\/Oficinas\\\/Aulas Art\\u00edsticas\",\"p23_cursos\":\"Cursos\",\"p23_formacao\":\"Forma\\u00e7\\u00e3o\",\"p23_profissionalizacao\":\"Profissionaliza\\u00e7\\u00e3o\",\"p23_apresentacoesartisticas\":\"Apresenta\\u00e7\\u00f5es Art\\u00edsticas\",\"p23_outros\":\"Outros\",\"p24_reunioes\":\"Reuni\\u00f5es\",\"p24_outros\":\"Outros\",\"p25_numerodepessoas\":\"60 - 80\",\"p26_numerodepessoas\":\"80 - 100\",\"p27_espacopublico\":\"Espa\\u00e7o p\\u00fablico\",\"p27_espacoproprio\":\"Espa\\u00e7o pr\\u00f3prio\",\"p28_territorios\":\"Estado\",\"p30_outrasorganizacoes\":\"Sim\",\"p32_campanhadelongaduracao\":\"Sim\",\"p34_nenhuma\":\"Nenhuma\",\"p36_conselhosdeparticipacaoecontrolesocial\":\"N\\u00e3o\",\"p38_nenhum\":\"Nenhum\",\"p40_editais\":\"Sim\",\"p41_publicoestatal\":\"P\\u00fablico-Estatal\",\"p41_autofinanciamento\":\"Auto-financiamento\",\"p41_financiamentocoletivo0\":\"Financiamento coletivo\",\"p42_meiodedivulgacaoproprio\":\"Sim\",\"p43_impressoes\":\"Impressos\",\"p43_email\":\"E-mail\",\"p43_instagram\":\"Instagram\",\"p43_youtube\":\"YouTube\",\"p44_jornaisimpressosdegrandecirculacao\":\"Jornais impressos de grande circula\\u00e7\\u00e3o\",\"p44_redessociais\":\"Redes sociais (Facebook, YouTube, Instagram etc.)\",\"p44_sitesblogs\":\"Sites ou Blogs\",\"p39_publico\":\"CRIANCAS ADOLESCENTES \",\"p45_bandeira\":\"LUTA-CONTRA-O-RACISMO LUTA-CONTRA-A VIOLENCIA-DOMESTICA LUTA-CONTRA-O-PRECONCEITO-RELIGIOSO LUTA-CONTRA-O-PRECOCEITO-DE-RA\\u00c7A\\\/COR LUTA-CONTRA-HOMOFOBIA \",\"p46_hashtags\":\"#CAPOEIRANAOERELIGIAO #CAPOEIRAPARATODOS #CAPOEIRAPARAQUEMGOSTADEVIVER\"},{\"p1_eixo\":\"Cultura\",\"p9_tipoorganizacao\":\"Coletivo\",\"p12_uf\":\"SE\",\"p13_cidade\":\"SAO CRISTOVAO\",\"p16_bairro\":\"Bairro\",\"p17_ano\":\"2009\",\"p18_agrario\":\"Agr\\u00e1rio\\\/ruralidades\",\"p18_comunicacao\":\"Comunica\\u00e7\\u00e3o\",\"p18_difusaoartistica\":\"Difus\\u00e3o Art\\u00edstica\",\"p18_direitoshumanos\":\"Direitos humanos\",\"p18_educacao\":\"Educa\\u00e7\\u00e3o\",\"p18_feminismos\":\"Feminismos\",\"p18_lgbtqi\":\"LGBTQI\",\"p18_lutaantirracismo\":\"Luta antirracismo\",\"p18_mobilidade\":\"Mobilidade\",\"p18_moradia\":\"Moradia\",\"p18_povosecomunidadestradicionais\":\"Povos e comunidades tradicionais\",\"p18_trabalho\":\"Trabalho\",\"p18_religiao\":\"Religi\\u00e3o\",\"p18_saude\":\"Sa\\u00fade\",\"p18_violencia\":\"Viol\\u00eancia\",\"p18_politicasculturais\":\"Pol\\u00edticas Culturais\",\"p19_agrario\":\"Agr\\u00e1rio\\\/ruralidades\",\"p19_educacao\":\"Educa\\u00e7\\u00e3o\",\"p19_difusaoartistica\":\"Difus\\u00e3o Art\\u00edstica\",\"p20_reunioes\":\"Reuni\\u00f5es\",\"p20_oficinas\":\"Oficinas\",\"p20_oficinasaulasartisticas\":\"Ensaios\\\/Oficinas\\\/Aulas art\\u00edsticas\",\"p20_formacao\":\"Forma\\u00e7\\u00e3o\",\"p20_profissionalizacao\":\"Profissionaliza\\u00e7\\u00e3o\",\"p20_apresentacoesartisticas\":\"Apresenta\\u00e7\\u00f5es art\\u00edsticas\",\"p21_xenofobia\":\"Xenofobia\",\"p21_machismo\":\"Machismo\",\"p21_racismo\":\"Racismo\",\"p22_numerodeparticipantes\":\"30 - 45\",\"p23_reunioes\":\"Reuni\\u00f5es\",\"p23_oficinas\":\"Oficinas\",\"p23_oficinasaulasartisticas\":\"Ensaio\\\/Oficinas\\\/Aulas Art\\u00edsticas\",\"p23_formacao\":\"Forma\\u00e7\\u00e3o\",\"p23_profissionalizacao\":\"Profissionaliza\\u00e7\\u00e3o\",\"p23_apresentacoesartisticas\":\"Apresenta\\u00e7\\u00f5es Art\\u00edsticas\",\"p23_outros\":\"Outros\",\"p24_outros\":\"Outros\",\"p25_numerodepessoas\":\"20 - 40\",\"p26_numerodepessoas\":\"1 - 20\",\"p27_espacopublico\":\"Espa\\u00e7o p\\u00fablico\",\"p27_espacoproprio\":\"Espa\\u00e7o pr\\u00f3prio\",\"p27_ocupacao\":\"Ocupa\\u00e7\\u00e3o\",\"p28_territorios\":\"Regi\\u00e3o da Cidade\",\"p30_outrasorganizacoes\":\"N\\u00e3o\",\"p32_campanhadelongaduracao\":\"N\\u00e3o\",\"p34_municipal\":\"Municipal\",\"p34_estadual\":\"Estadual\",\"p36_conselhosdeparticipacaoecontrolesocial\":\"Sim\",\"p38_nenhum\":\"Nenhum\",\"p40_editais\":\"N\\u00e3o\",\"p41_autofinanciamento\":\"Auto-financiamento\",\"p41_financiamentocoletivo0\":\"Financiamento coletivo\",\"p42_meiodedivulgacaoproprio\":\"Sim\",\"p43_facebook\":\"Facebook\",\"p43_instagram\":\"Instagram\",\"p44_radio\":\"R\\u00e1dio\",\"p44_redessociais\":\"Redes sociais (Facebook, YouTube, Instagram etc.)\",\"p39_publico\":\"CRIANCAS JOVENS ADULTOS IDOSOS\",\"p45_bandeira\":\"ORDEM DISCIPLINA DESENVOLVIMENTO-DO-AUTOCONHECIMENTO \",\"p46_hashtags\":\"#DIFICIL #SUPERACAO #EVOLUCAO\"},{\"p1_eixo\":\"Cultura\",\"p9_tipoorganizacao\":\"Movimento Social\",\"p12_uf\":\"AC\",\"p13_cidade\":\"SENA MADUREIRA\",\"p16_cidade\":\"Cidade\",\"p17_ano\":\"2015\",\"p18_comunicacao\":\"Comunica\\u00e7\\u00e3o\",\"p18_difusaoartistica\":\"Difus\\u00e3o Art\\u00edstica\",\"p18_direitoshumanos\":\"Direitos humanos\",\"p18_educacao\":\"Educa\\u00e7\\u00e3o\",\"p18_lutaantirracismo\":\"Luta antirracismo\",\"p18_mobilidade\":\"Mobilidade\",\"p18_povosecomunidadestradicionais\":\"Povos e comunidades tradicionais\",\"p18_saude\":\"Sa\\u00fade\",\"p18_violencia\":\"Viol\\u00eancia\",\"p18_politicasculturais\":\"Pol\\u00edticas Culturais\",\"p19_educacao\":\"Educa\\u00e7\\u00e3o\",\"p19_difusaoartistica\":\"Difus\\u00e3o Art\\u00edstica\",\"p19_politicasculturais\":\"Pol\\u00edticas Culturais\",\"p20_reunioes\":\"Reuni\\u00f5es\",\"p20_atendimento\":\"Atendimento\",\"p20_oficinas\":\"Oficinas\",\"p20_oficinasaulasartisticas\":\"Ensaios\\\/Oficinas\\\/Aulas art\\u00edsticas\",\"p20_apresentacoesartisticas\":\"Apresenta\\u00e7\\u00f5es art\\u00edsticas\",\"p21_repressaopolicial\":\"Repress\\u00e3o policial\",\"p21_xenofobia\":\"Xenofobia\",\"p21_racismo\":\"Racismo\",\"p22_numerodeparticipantes\":\"1  - 15\",\"p23_reunioes\":\"Reuni\\u00f5es\",\"p23_atendimento\":\"Atendimento\",\"p23_oficinas\":\"Oficinas\",\"p23_oficinasaulasartisticas\":\"Ensaio\\\/Oficinas\\\/Aulas Art\\u00edsticas\",\"p23_apresentacoesartisticas\":\"Apresenta\\u00e7\\u00f5es Art\\u00edsticas\",\"p23_outros\":\"Outros\",\"p24_outros\":\"Outros\",\"p25_numerodepessoas\":\"20 - 40\",\"p26_numerodepessoas\":\"80 - 100\",\"p27_espacopublico\":\"Espa\\u00e7o p\\u00fablico\",\"p28_territorios\":\"Cidade\",\"p30_outrasorganizacoes\":\"Sim\",\"p32_campanhadelongaduracao\":\"N\\u00e3o\",\"p34_nenhuma\":\"Nenhuma\",\"p36_conselhosdeparticipacaoecontrolesocial\":\"N\\u00e3o\",\"p38_sim\":\"Sim\",\"p40_editais\":\"Sim\",\"p41_publicoestatal\":\"P\\u00fablico-Estatal\",\"p41_autofinanciamento\":\"Auto-financiamento\",\"p41_financiamentocoletivo0\":\"Financiamento coletivo\",\"p42_meiodedivulgacaoproprio\":\"Sim\",\"p43_instagram\":\"Instagram\",\"p44_nenhum\":\"Nenhum\",\"p39_publico\":\"CRIANCAS JOVENS ADULTOS\",\"p45_bandeira\":\"HIP-HOP CONTRA-A-VIOLENCIA ANTIRRACISMO ESPORTE MUSICA\",\"p46_hashtags\":\"#MUSICA #ANTIRRACISMO #HIPHOP\"},{\"p1_eixo\":\"Cultura\",\"p9_tipoorganizacao\":\"Instituto\",\"p12_uf\":\"RJ\",\"p13_cidade\":\"SAO GONCALO\",\"p16_bairro\":\"Bairro\",\"p17_ano\":\"2000\",\"p18_comunicacao\":\"Comunica\\u00e7\\u00e3o\",\"p18_desenvolvimentoterritorial\":\"Desenvolvimento territorial\",\"p18_direitoshumanos\":\"Direitos humanos\",\"p18_educacao\":\"Educa\\u00e7\\u00e3o\",\"p18_feminismos\":\"Feminismos\",\"p18_mobilidade\":\"Mobilidade\",\"p18_moradia\":\"Moradia\",\"p18_povosecomunidadestradicionais\":\"Povos e comunidades tradicionais\",\"p18_trabalho\":\"Trabalho\",\"p18_religiao\":\"Religi\\u00e3o\",\"p18_saude\":\"Sa\\u00fade\",\"p18_politicasculturais\":\"Pol\\u00edticas Culturais\",\"p19_educacao\":\"Educa\\u00e7\\u00e3o\",\"p19_religiao\":\"Religi\\u00e3o\",\"p19_politicasculturais\":\"Pol\\u00edticas Culturais\",\"p20_atendimento\":\"Atendimento\",\"p20_oficinas\":\"Oficinas\",\"p20_oficinasaulasartisticas\":\"Ensaios\\\/Oficinas\\\/Aulas art\\u00edsticas\",\"p20_visitasexcursoes\":\"Visitas\\\/Excurs\\u00f5es\",\"p21_enfrentamentocomgruposprivadosarmados\":\"Enfrentamento com grupos privados armados\",\"p22_numerodeparticipantes\":\"1  - 15\",\"p23_oficinas\":\"Oficinas\",\"p23_oficinasaulasartisticas\":\"Ensaio\\\/Oficinas\\\/Aulas Art\\u00edsticas\",\"p23_apresentacoesartisticas\":\"Apresenta\\u00e7\\u00f5es Art\\u00edsticas\",\"p23_visitas\":\"Visitas\",\"p23_excursoes\":\"Excurs\\u00f5es\",\"p24_visitasexcursoes\":\"Visitas\\\/Excurs\\u00f5es\",\"p25_numerodepessoas\":\"80 - 100\",\"p26_numerodepessoas\":\"20 - 40\",\"p27_espacoproprio\":\"Espa\\u00e7o pr\\u00f3prio\",\"p28_territorios\":\"Pr\\u00f3prio bairro\",\"p30_outrasorganizacoes\":\"Sim\",\"p32_campanhadelongaduracao\":\"Sim\",\"p34_nenhuma\":\"Nenhuma\",\"p36_conselhosdeparticipacaoecontrolesocial\":\"Sim\",\"p38_nenhum\":\"Nenhum\",\"p40_editais\":\"N\\u00e3o\",\"p41_privadopf\":\"Privado (P. F\\u00edsica)\",\"p41_privadopj\":\"Privado (P. Jur\\u00eddica)\",\"p42_meiodedivulgacaoproprio\":\"Sim\",\"p43_impressoes\":\"Impressos\",\"p43_email\":\"E-mail\",\"p43_facebook\":\"Facebook\",\"p44_nenhum\":\"Nenhum\",\"p39_publico\":\"CRIANCAS ADOLESCENTES \",\"p45_bandeira\":\"VERBAS REFORMA-DO-ESPA\\u00c7O VOLUNTARIOS\",\"p46_hashtags\":\"#VOLUNTARIO #MANTERACOMUNIDADE #MANTEROTERRITORIO\"},{\"p1_eixo\":\"Trabalho\",\"p9_tipoorganizacao\":\"Cooperativa\",\"p12_uf\":\"MS\",\"p13_cidade\":\"TERENOS\",\"p17_ano\":\"2010\",\"p16_estado\":\"Estado\",\"p18_agrario\":\"Agr\\u00e1rio\\\/ruralidades\",\"p18_comunicacao\":\"Comunica\\u00e7\\u00e3o\",\"p18_desenvolvimentoterritorial\":\"Desenvolvimento territorial\",\"p18_direitoshumanos\":\"Direitos humanos\",\"p18_educacao\":\"Educa\\u00e7\\u00e3o\",\"p18_feminismos\":\"Feminismos\",\"p18_lutaantirracismo\":\"Luta antirracismo\",\"p18_mobilidade\":\"Mobilidade\",\"p18_povosecomunidadestradicionais\":\"Povos e comunidades tradicionais\",\"p18_trabalho\":\"Trabalho\",\"p18_saude\":\"Sa\\u00fade\",\"p18_violencia\":\"Viol\\u00eancia\",\"p19_educacao\":\"Educa\\u00e7\\u00e3o\",\"p19_feminismos\":\"Feminismos\",\"p19_povosecomunidadestradicionais\":\"Povos e comunidades tradicionais\",\"p20_reunioes\":\"Reuni\\u00f5es\",\"p20_profissionalizacao\":\"Profissionaliza\\u00e7\\u00e3o\",\"p20_visitasexcursoes\":\"Visitas\\\/Excurs\\u00f5es\",\"p21_lgbtqifobia\":\"LGBTIfobia\",\"p22_numerodeparticipantes\":\"Mais de 90\",\"p23_profissionalizacao\":\"Profissionaliza\\u00e7\\u00e3o\",\"p23_visitas\":\"Visitas\",\"p23_outros\":\"Outros\",\"p24_reunioes\":\"Reuni\\u00f5es\",\"p24_outros\":\"Outros\",\"p25_numerodepessoas\":\"1 - 20\",\"p26_numerodepessoas\":\"1 - 20\",\"p27_espacoemprestadocedido\":\"Espa\\u00e7o emprestado\\\/cedido\",\"p28_territorios\":\"Estado\",\"p30_outrasorganizacoes\":\"Sim\",\"p32_campanhadelongaduracao\":\"N\\u00e3o\",\"p34_nenhuma\":\"Nenhuma\",\"p36_conselhosdeparticipacaoecontrolesocial\":\"N\\u00e3o\",\"p38_sim\":\"Sim\",\"p40_editais\":\"N\\u00e3o\",\"p41_autofinanciamento\":\"Auto-financiamento\",\"p41_financiamentocoletivo0\":\"Financiamento coletivo\",\"p42_meiodedivulgacaoproprio\":\"Sim\",\"p43_whatsapp\":\"WhatApp\",\"p44_nenhum\":\"Nenhum\",\"p39_publico\":\"ALUNOS\",\"p45_bandeira\":\"REGULAMENTACAO-DAS-TERRAS AGRICULTURA COMERCIO\",\"p46_hashtags\":\"#UNIAO #RESPONSABILIDADE #RETORNOFINANCEIRO \"},{\"p1_eixo\":\"Trabalho\",\"p9_tipoorganizacao\":\"Coletivo\",\"p12_uf\":\"PR\",\"p13_cidade\":\"FOZ DO IGUACU\",\"p16_cidade\":\"Cidade\",\"p17_ano\":\"2007\",\"p18_comunicacao\":\"Comunica\\u00e7\\u00e3o\",\"p18_desenvolvimentoterritorial\":\"Desenvolvimento territorial\",\"p18_direitoshumanos\":\"Direitos humanos\",\"p18_educacao\":\"Educa\\u00e7\\u00e3o\",\"p18_feminismos\":\"Feminismos\",\"p18_lgbtqi\":\"LGBTQI\",\"p18_lutaantirracismo\":\"Luta antirracismo\",\"p18_trabalho\":\"Trabalho\",\"p18_saude\":\"Sa\\u00fade\",\"p19_desenvolvimentoterritorial\":\"Desenvolvimento territorial\",\"p19_trabalho\":\"Trabalho\",\"p19_saude\":\"Sa\\u00fade\",\"p20_reunioes\":\"Reuni\\u00f5es\",\"p20_atendimento\":\"Atendimento\",\"p20_oficinas\":\"Oficinas\",\"p21_xenofobia\":\"Xenofobia\",\"p21_machismo\":\"Machismo\",\"p21_racismo\":\"Racismo\",\"p21_lgbtqifobia\":\"LGBTIfobia\",\"p22_numerodeparticipantes\":\"1  - 15\",\"p23_reunioes\":\"Reuni\\u00f5es\",\"p23_outros\":\"Outros\",\"p24_atendimento\":\"Atendimentos\",\"p24_oficinas\":\"Oficinas\",\"p24_outros\":\"Outros\",\"p25_numerodepessoas\":\"1 - 20\",\"p26_numerodepessoas\":\"80 - 100\",\"p27_espacopublico\":\"Espa\\u00e7o p\\u00fablico\",\"p28_territorios\":\"Pr\\u00f3prio bairro\",\"p30_outrasorganizacoes\":\"N\\u00e3o\",\"p32_campanhadelongaduracao\":\"N\\u00e3o\",\"p34_municipal\":\"Municipal\",\"p34_estadual\":\"Estadual\",\"p34_nacional\":\"Nacional\",\"p34_internacional\":\"Internacional\",\"p36_conselhosdeparticipacaoecontrolesocial\":\"Sim\",\"p38_sim\":\"Sim\",\"p40_editais\":\"Sim\",\"p41_autofinanciamento\":\"Auto-financiamento\",\"p42_meiodedivulgacaoproprio\":\"N\\u00e3o\",\"p43_nenhum\":\"Nenhum\",\"p44_nenhum\":\"Nenhum\",\"p39_publico\":\"MORADORES\",\"p45_bandeira\":\"FORTALECIMENTO-DO-SUS ACESSO-A-SAUDE SAUDE-ESTRUTURADA-PARA-A-POPULACAO ATENDIMENTO-ANTIRACISTA MAIS-PROFISSIONAIS-PARA-SAUDE MODELO-DE-GESTAO-ESTRUTURADO\",\"p46_hashtags\":\"#VIVAOSUS #FIMDAESCALA6X1 #MAISMEDICOSEMAISESPECIALISTAS\"},{\"p1_eixo\":\"Cultura\",\"p9_tipoorganizacao\":\"ONG\",\"p12_uf\":\"RS\",\"p13_cidade\":\"PELOTAS\",\"p17_ano\":\"1996\",\"p16_estado\":\"Estado\",\"p18_comunicacao\":\"Comunica\\u00e7\\u00e3o\",\"p18_difusaoartistica\":\"Difus\\u00e3o Art\\u00edstica\",\"p18_desenvolvimentoterritorial\":\"Desenvolvimento territorial\",\"p18_direitoshumanos\":\"Direitos humanos\",\"p18_educacao\":\"Educa\\u00e7\\u00e3o\",\"p18_feminismos\":\"Feminismos\",\"p18_lgbtqi\":\"LGBTQI\",\"p18_lutaantirracismo\":\"Luta antirracismo\",\"p18_mobilidade\":\"Mobilidade\",\"p18_moradia\":\"Moradia\",\"p18_trabalho\":\"Trabalho\",\"p18_saude\":\"Sa\\u00fade\",\"p18_violencia\":\"Viol\\u00eancia\",\"p18_politicasculturais\":\"Pol\\u00edticas Culturais\",\"p19_desenvolvimentoterritorial\":\"Desenvolvimento territorial\",\"p19_educacao\":\"Educa\\u00e7\\u00e3o\",\"p19_politicasculturais\":\"Pol\\u00edticas Culturais\",\"p20_reunioes\":\"Reuni\\u00f5es\",\"p20_atendimento\":\"Atendimento\",\"p20_oficinas\":\"Oficinas\",\"p20_oficinasaulasartisticas\":\"Ensaios\\\/Oficinas\\\/Aulas art\\u00edsticas\",\"p20_formacao\":\"Forma\\u00e7\\u00e3o\",\"p20_profissionalizacao\":\"Profissionaliza\\u00e7\\u00e3o\",\"p20_apresentacoesartisticas\":\"Apresenta\\u00e7\\u00f5es art\\u00edsticas\",\"p21_repressaopolicial\":\"Repress\\u00e3o policial\",\"p21_machismo\":\"Machismo\",\"p21_racismo\":\"Racismo\",\"p21_lgbtqifobia\":\"LGBTIfobia\",\"p22_numerodeparticipantes\":\"1  - 15\",\"p23_reunioes\":\"Reuni\\u00f5es\",\"p23_atendimento\":\"Atendimento\",\"p23_oficinas\":\"Oficinas\",\"p23_oficinasaulasartisticas\":\"Ensaio\\\/Oficinas\\\/Aulas Art\\u00edsticas\",\"p23_apresentacoesartisticas\":\"Apresenta\\u00e7\\u00f5es Art\\u00edsticas\",\"p23_outros\":\"Outros\",\"p24_formacao\":\"Forma\\u00e7\\u00e3o\",\"p24_profissionalizacao\":\"Profissionaliza\\u00e7\\u00e3o\",\"p24_outros\":\"Outros\",\"p25_numerodepessoas\":\"200 - 300\",\"p26_numerodepessoas\":\"1 - 20\",\"p27_espacoproprio\":\"Espa\\u00e7o pr\\u00f3prio\",\"p28_territorios\":\"Pr\\u00f3prio bairro\",\"p30_outrasorganizacoes\":\"Sim\",\"p32_campanhadelongaduracao\":\"N\\u00e3o\",\"p34_nenhuma\":\"Nenhuma\",\"p36_conselhosdeparticipacaoecontrolesocial\":\"Sim\",\"p38_sim\":\"Sim\",\"p40_editais\":\"Sim\",\"p41_publicoestatal\":\"P\\u00fablico-Estatal\",\"p41_privadopj\":\"Privado (P. Jur\\u00eddica)\",\"p42_meiodedivulgacaoproprio\":\"Sim\",\"p43_facebook\":\"Facebook\",\"p43_instagram\":\"Instagram\",\"p44_radio\":\"R\\u00e1dio\",\"p44_jornaisimpressosdebairro\":\"Jornais impressos de bairro\",\"p39_publico\":\"TODAS-AS-PESSOAS-DA-COMUNIDADE\",\"p45_bandeira\":\"ANTIRRACISMO\",\"p46_hashtags\":\"#PERIFERIA #COMUNIDADEDUNAS #RESISTENCIA \"},{\"p1_eixo\":\"Cultura\",\"p9_tipoorganizacao\":\"ONG\",\"p12_uf\":\"RJ\",\"p13_cidade\":\"DUQUE DE CAXIAS \",\"p17_ano\":\"2015\",\"p16_estado\":\"Estado\",\"p18_comunicacao\":\"Comunica\\u00e7\\u00e3o\",\"p18_difusaoartistica\":\"Difus\\u00e3o Art\\u00edstica\",\"p18_desenvolvimentoterritorial\":\"Desenvolvimento territorial\",\"p18_direitoshumanos\":\"Direitos humanos\",\"p18_educacao\":\"Educa\\u00e7\\u00e3o\",\"p18_feminismos\":\"Feminismos\",\"p18_lgbtqi\":\"LGBTQI\",\"p18_lutaantirracismo\":\"Luta antirracismo\",\"p18_mobilidade\":\"Mobilidade\",\"p18_trabalho\":\"Trabalho\",\"p18_violencia\":\"Viol\\u00eancia\",\"p18_politicasculturais\":\"Pol\\u00edticas Culturais\",\"p19_desenvolvimentoterritorial\":\"Desenvolvimento territorial\",\"p19_trabalho\":\"Trabalho\",\"p19_difusaoartistica\":\"Difus\\u00e3o Art\\u00edstica\",\"p20_reunioes\":\"Reuni\\u00f5es\",\"p20_oficinas\":\"Oficinas\",\"p21_nenhum\":\"Nenhum\",\"p22_numerodeparticipantes\":\"30 - 45\",\"p23_reunioes\":\"Reuni\\u00f5es\",\"p23_oficinas\":\"Oficinas\",\"p23_outros\":\"Outros\",\"p24_outros\":\"Outros\",\"p25_numerodepessoas\":\"1 - 20\",\"p26_numerodepessoas\":\"1 - 20\",\"p27_espacoemprestadocedido\":\"Espa\\u00e7o emprestado\\\/cedido\",\"p27_espacoproprio\":\"Espa\\u00e7o pr\\u00f3prio\",\"p28_territorios\":\"Estado\",\"p30_outrasorganizacoes\":\"Sim\",\"p32_campanhadelongaduracao\":\"N\\u00e3o\",\"p34_nenhuma\":\"Nenhuma\",\"p36_conselhosdeparticipacaoecontrolesocial\":\"N\\u00e3o\",\"p38_sim\":\"Sim\",\"p40_editais\":\"N\\u00e3o\",\"p41_autofinanciamento\":\"Auto-financiamento\",\"p42_meiodedivulgacaoproprio\":\"N\\u00e3o\",\"p43_nenhum\":\"Nenhum\",\"p44_jornaisimpressosdebairro\":\"Jornais impressos de bairro\",\"p39_publico\":\"MULHERES-DE-QUALQUER-IDADE\",\"p45_bandeira\":\"DIREITO-DA-MULHER TRABALHO RENDA FAIXA-ETARIA\",\"p46_hashtags\":\"#ARTE #RESISTENCIA #AMIZADE\"},{\"p1_eixo\":\"Trabalho\",\"p9_tipoorganizacao\":\"Coletivo\",\"p12_uf\":\"GO\",\"p13_cidade\":\"GOIANIA\",\"p17_ano\":\"2015\",\"p16_estado\":\"Estado\",\"p18_agrario\":\"Agr\\u00e1rio\\\/ruralidades\",\"p18_comunicacao\":\"Comunica\\u00e7\\u00e3o\",\"p18_difusaoartistica\":\"Difus\\u00e3o Art\\u00edstica\",\"p18_desenvolvimentoterritorial\":\"Desenvolvimento territorial\",\"p18_direitoshumanos\":\"Direitos humanos\",\"p18_educacao\":\"Educa\\u00e7\\u00e3o\",\"p18_feminismos\":\"Feminismos\",\"p18_lgbtqi\":\"LGBTQI\",\"p18_lutaantirracismo\":\"Luta antirracismo\",\"p18_mobilidade\":\"Mobilidade\",\"p18_moradia\":\"Moradia\",\"p18_povosecomunidadestradicionais\":\"Povos e comunidades tradicionais\",\"p18_trabalho\":\"Trabalho\",\"p18_saude\":\"Sa\\u00fade\",\"p18_violencia\":\"Viol\\u00eancia\",\"p18_politicasculturais\":\"Pol\\u00edticas Culturais\",\"p19_feminismos\":\"Feminismos\",\"p19_lutaantirracismo\":\"Luta antirracismo\",\"p19_trabalho\":\"Trabalho\",\"p20_reunioes\":\"Reuni\\u00f5es\",\"p20_atendimento\":\"Atendimento\",\"p20_oficinas\":\"Oficinas\",\"p20_oficinasaulasartisticas\":\"Ensaios\\\/Oficinas\\\/Aulas art\\u00edsticas\",\"p20_formacao\":\"Forma\\u00e7\\u00e3o\",\"p20_profissionalizacao\":\"Profissionaliza\\u00e7\\u00e3o\",\"p20_apresentacoesartisticas\":\"Apresenta\\u00e7\\u00f5es art\\u00edsticas\",\"p21_repressaopolicial\":\"Repress\\u00e3o policial\",\"p21_intoleranciareligiosa\":\"Fundamentalistamo\\\/intoler\\u00e2ncia religiosa\",\"p21_xenofobia\":\"Xenofobia\",\"p21_machismo\":\"Machismo\",\"p21_racismo\":\"Racismo\",\"p21_lgbtqifobia\":\"LGBTIfobia\",\"p22_numerodeparticipantes\":\"1  - 15\",\"p23_outros\":\"Outros\",\"p24_reunioes\":\"Reuni\\u00f5es\",\"p24_atendimento\":\"Atendimentos\",\"p24_oficinas\":\"Oficinas\",\"p24_oficinasaulasartisticas\":\"Ensaios\\\/Oficinas\\\/Aulas art\\u00edsticas\",\"p24_formacao\":\"Forma\\u00e7\\u00e3o\",\"p24_profissionalizacao\":\"Profissionaliza\\u00e7\\u00e3o\",\"p24_apresentacoesartisticas\":\"Apresenta\\u00e7\\u00f5es art\\u00edsticas\",\"p24_outros\":\"Outros\",\"p25_numerodepessoas\":\"1 - 20\",\"p26_numerodepessoas\":\"20 - 40\",\"p27_espacopublico\":\"Espa\\u00e7o p\\u00fablico\",\"p27_espacoemprestadocedido\":\"Espa\\u00e7o emprestado\\\/cedido\",\"p28_territorios\":\"Estado\",\"p30_outrasorganizacoes\":\"Sim\",\"p32_campanhadelongaduracao\":\"N\\u00e3o\",\"p34_estadual\":\"Estadual\",\"p36_conselhosdeparticipacaoecontrolesocial\":\"Sim\",\"p38_sim\":\"Sim\",\"p40_editais\":\"Sim\",\"p41_privadopj\":\"Privado (P. Jur\\u00eddica)\",\"p42_meiodedivulgacaoproprio\":\"Sim\",\"p43_email\":\"E-mail\",\"p43_facebook\":\"Facebook\",\"p43_instagram\":\"Instagram\",\"p44_nenhum\":\"Nenhum\",\"p39_publico\":\"MULHERES-NEGRAS\",\"p45_bandeira\":\"ANTIRRACISMO FEMINISMO DIREITOS-HUMANOS\",\"p46_hashtags\":\"#COLETIVODEMULHERESNEGRASNALUTAANTIRRACISTA #PELAIGUALDADEDERACA #FEMINISMOPOPULAR\"},{\"p1_eixo\":\"Cultura\",\"p9_tipoorganizacao\":\"Coletivo\",\"p12_uf\":\"PR\",\"p13_cidade\":\"FOZ DO IGUACU\",\"p16_internacional\":\"Internacional\",\"p17_ano\":\"2016\",\"p18_agrario\":\"Agr\\u00e1rio\\\/ruralidades\",\"p18_comunicacao\":\"Comunica\\u00e7\\u00e3o\",\"p18_difusaoartistica\":\"Difus\\u00e3o Art\\u00edstica\",\"p18_desenvolvimentoterritorial\":\"Desenvolvimento territorial\",\"p18_direitoshumanos\":\"Direitos humanos\",\"p18_educacao\":\"Educa\\u00e7\\u00e3o\",\"p18_feminismos\":\"Feminismos\",\"p18_lgbtqi\":\"LGBTQI\",\"p18_lutaantirracismo\":\"Luta antirracismo\",\"p18_mobilidade\":\"Mobilidade\",\"p18_povosecomunidadestradicionais\":\"Povos e comunidades tradicionais\",\"p18_trabalho\":\"Trabalho\",\"p18_religiao\":\"Religi\\u00e3o\",\"p18_saude\":\"Sa\\u00fade\",\"p18_violencia\":\"Viol\\u00eancia\",\"p18_politicasculturais\":\"Pol\\u00edticas Culturais\",\"p19_lutaantirracismo\":\"Luta antirracismo\",\"p19_povosecomunidadestradicionais\":\"Povos e comunidades tradicionais\",\"p19_politicasculturais\":\"Pol\\u00edticas Culturais\",\"p20_reunioes\":\"Reuni\\u00f5es\",\"p20_oficinas\":\"Oficinas\",\"p20_oficinasaulasartisticas\":\"Ensaios\\\/Oficinas\\\/Aulas art\\u00edsticas\",\"p20_formacao\":\"Forma\\u00e7\\u00e3o\",\"p20_apresentacoesartisticas\":\"Apresenta\\u00e7\\u00f5es art\\u00edsticas\",\"p21_repressaopolicial\":\"Repress\\u00e3o policial\",\"p21_intoleranciareligiosa\":\"Fundamentalistamo\\\/intoler\\u00e2ncia religiosa\",\"p21_xenofobia\":\"Xenofobia\",\"p21_machismo\":\"Machismo\",\"p21_racismo\":\"Racismo\",\"p21_lgbtqifobia\":\"LGBTIfobia\",\"p22_numerodeparticipantes\":\"30 - 45\",\"p23_oficinas\":\"Oficinas\",\"p23_outros\":\"Outros\",\"p24_reunioes\":\"Reuni\\u00f5es\",\"p24_oficinasaulasartisticas\":\"Ensaios\\\/Oficinas\\\/Aulas art\\u00edsticas\",\"p24_formacao\":\"Forma\\u00e7\\u00e3o\",\"p24_apresentacoesartisticas\":\"Apresenta\\u00e7\\u00f5es art\\u00edsticas\",\"p24_outros\":\"Outros\",\"p25_numerodepessoas\":\"20 - 40\",\"p26_numerodepessoas\":\"20 - 40\",\"p27_espacopublico\":\"Espa\\u00e7o p\\u00fablico\",\"p27_espacoproprio\":\"Espa\\u00e7o pr\\u00f3prio\",\"p28_territorios\":\"Pr\\u00f3prio bairro\",\"p30_outrasorganizacoes\":\"Sim\",\"p32_campanhadelongaduracao\":\"N\\u00e3o\",\"p34_estadual\":\"Estadual\",\"p34_nacional\":\"Nacional\",\"p36_conselhosdeparticipacaoecontrolesocial\":\"Sim\",\"p38_sim\":\"Sim\",\"p40_editais\":\"Sim\",\"p41_publicoestatal\":\"P\\u00fablico-Estatal\",\"p41_autofinanciamento\":\"Auto-financiamento\",\"p41_financiamentocoletivo0\":\"Financiamento coletivo\",\"p42_meiodedivulgacaoproprio\":\"Sim\",\"p43_instagram\":\"Instagram\",\"p44_redessociais\":\"Redes sociais (Facebook, YouTube, Instagram etc.)\",\"p44_sitesblogs\":\"Sites ou Blogs\",\"p39_publico\":\"PESSOAS-PERIFERICAS\",\"p45_bandeira\":\"DIREITOS-DOS-POVOS COMUNIDADES-TRADICIONAIS LUTA-ANTIRRACISTA ACESSO-A-RENDA\",\"p46_hashtags\":\"#LUTAANTIRRACISTA #LUTAPELACULTURADEPOVOSECOMUNIDADETRADICIONAIS #TERRITORIALIDADE\"},{\"p1_eixo\":\"Viol\\u00eancia\",\"p9_tipoorganizacao\":\"Coletivo\",\"p12_uf\":\"TO\",\"p13_cidade\":\"ARAGUAINA\",\"p17_ano\":\"2021\",\"p16_estado\":\"Estado\",\"p18_comunicacao\":\"Comunica\\u00e7\\u00e3o\",\"p18_difusaoartistica\":\"Difus\\u00e3o Art\\u00edstica\",\"p18_direitoshumanos\":\"Direitos humanos\",\"p18_educacao\":\"Educa\\u00e7\\u00e3o\",\"p18_feminismos\":\"Feminismos\",\"p18_lgbtqi\":\"LGBTQI\",\"p18_lutaantirracismo\":\"Luta antirracismo\",\"p18_mobilidade\":\"Mobilidade\",\"p18_povosecomunidadestradicionais\":\"Povos e comunidades tradicionais\",\"p18_trabalho\":\"Trabalho\",\"p18_religiao\":\"Religi\\u00e3o\",\"p18_saude\":\"Sa\\u00fade\",\"p18_violencia\":\"Viol\\u00eancia\",\"p18_politicasculturais\":\"Pol\\u00edticas Culturais\",\"p19_educacao\":\"Educa\\u00e7\\u00e3o\",\"p19_feminismos\":\"Feminismos\",\"p19_lutaantirracismo\":\"Luta antirracismo\",\"p20_reunioes\":\"Reuni\\u00f5es\",\"p20_oficinas\":\"Oficinas\",\"p20_oficinasaulasartisticas\":\"Ensaios\\\/Oficinas\\\/Aulas art\\u00edsticas\",\"p20_formacao\":\"Forma\\u00e7\\u00e3o\",\"p21_machismo\":\"Machismo\",\"p21_racismo\":\"Racismo\",\"p22_numerodeparticipantes\":\"15 - 30\",\"p23_reunioes\":\"Reuni\\u00f5es\",\"p23_outros\":\"Outros\",\"p24_atendimento\":\"Atendimentos\",\"p24_oficinas\":\"Oficinas\",\"p24_formacao\":\"Forma\\u00e7\\u00e3o\",\"p24_outros\":\"Outros\",\"p25_numerodepessoas\":\"1 - 20\",\"p26_numerodepessoas\":\"20 - 40\",\"p27_espacopublico\":\"Espa\\u00e7o p\\u00fablico\",\"p27_espacoemprestadocedido\":\"Espa\\u00e7o emprestado\\\/cedido\",\"p27_espacoproprio\":\"Espa\\u00e7o pr\\u00f3prio\",\"p28_territorios\":\"Estado\",\"p30_outrasorganizacoes\":\"Sim\",\"p32_campanhadelongaduracao\":\"Sim\",\"p34_estadual\":\"Estadual\",\"p34_nacional\":\"Nacional\",\"p36_conselhosdeparticipacaoecontrolesocial\":\"Sim\",\"p38_sim\":\"Sim\",\"p40_editais\":\"N\\u00e3o\",\"p41_autofinanciamento\":\"Auto-financiamento\",\"p42_meiodedivulgacaoproprio\":\"Sim\",\"p43_email\":\"E-mail\",\"p43_instagram\":\"Instagram\",\"p44_radio\":\"TV\",\"p44_redessociais\":\"Redes sociais (Facebook, YouTube, Instagram etc.)\",\"p39_publico\":\"MULHERES-PERIFERICAS PROFESSORAS-NEGRAS-DA-REDE-PUBLICA-E-ESTADUAL\",\"p45_bandeira\":\"CONTRA-O-MACHISMO CONTRA-O-PATRIARCADO CONTRA-O-FEMINICIDIO CONTRA-O-RACISMO CONTRA-A-HOMOFOBIA\",\"p46_hashtags\":\"#CONTRAORACISMO #CONTRAOFEMINICIDIO #CONTRAHOMOFOBIA\"},{\"p1_eixo\":\"Cultura\",\"p9_tipoorganizacao\":\"Coletivo\",\"p12_uf\":\"DF\",\"p13_cidade\":\"SANTA MARIA \",\"p17_ano\":\"1999\",\"p16_estado\":\"Estado\",\"p18_comunicacao\":\"Comunica\\u00e7\\u00e3o\",\"p18_difusaoartistica\":\"Difus\\u00e3o Art\\u00edstica\",\"p18_desenvolvimentoterritorial\":\"Desenvolvimento territorial\",\"p18_direitoshumanos\":\"Direitos humanos\",\"p18_educacao\":\"Educa\\u00e7\\u00e3o\",\"p18_feminismos\":\"Feminismos\",\"p18_lutaantirracismo\":\"Luta antirracismo\",\"p18_mobilidade\":\"Mobilidade\",\"p18_trabalho\":\"Trabalho\",\"p18_saude\":\"Sa\\u00fade\",\"p18_violencia\":\"Viol\\u00eancia\",\"p18_politicasculturais\":\"Pol\\u00edticas Culturais\",\"p19_direitoshumanos\":\"Direitos humanos\",\"p19_trabalho\":\"Trabalho\",\"p19_politicasculturais\":\"Pol\\u00edticas Culturais\",\"p20_reunioes\":\"Reuni\\u00f5es\",\"p20_oficinas\":\"Oficinas\",\"p20_oficinasaulasartisticas\":\"Ensaios\\\/Oficinas\\\/Aulas art\\u00edsticas\",\"p20_formacao\":\"Forma\\u00e7\\u00e3o\",\"p20_profissionalizacao\":\"Profissionaliza\\u00e7\\u00e3o\",\"p20_apresentacoesartisticas\":\"Apresenta\\u00e7\\u00f5es art\\u00edsticas\",\"p21_intoleranciareligiosa\":\"Fundamentalistamo\\\/intoler\\u00e2ncia religiosa\",\"p21_machismo\":\"Machismo\",\"p21_racismo\":\"Racismo\",\"p22_numerodeparticipantes\":\"1  - 15\",\"p23_reunioes\":\"Reuni\\u00f5es\",\"p23_outros\":\"Outros\",\"p24_oficinas\":\"Oficinas\",\"p24_oficinasaulasartisticas\":\"Ensaios\\\/Oficinas\\\/Aulas art\\u00edsticas\",\"p24_formacao\":\"Forma\\u00e7\\u00e3o\",\"p24_profissionalizacao\":\"Profissionaliza\\u00e7\\u00e3o\",\"p24_apresentacoesartisticas\":\"Apresenta\\u00e7\\u00f5es art\\u00edsticas\",\"p24_outros\":\"Outros\",\"p25_numerodepessoas\":\"1 - 20\",\"p26_numerodepessoas\":\"20 - 40\",\"p27_espacoemprestadocedido\":\"Espa\\u00e7o emprestado\\\/cedido\",\"p27_espacoproprio\":\"Espa\\u00e7o pr\\u00f3prio\",\"p27_virtual\":\"Virtual\",\"p28_territorios\":\"Cidade\",\"p30_outrasorganizacoes\":\"Sim\",\"p32_campanhadelongaduracao\":\"N\\u00e3o\",\"p34_estadual\":\"Estadual\",\"p34_nacional\":\"Nacional\",\"p36_conselhosdeparticipacaoecontrolesocial\":\"Sim\",\"p38_sim\":\"Sim\",\"p40_editais\":\"Sim\",\"p41_publicoestatal\":\"P\\u00fablico-Estatal\",\"p41_autofinanciamento\":\"Auto-financiamento\",\"p41_financiamentocoletivo0\":\"Financiamento coletivo\",\"p42_meiodedivulgacaoproprio\":\"Sim\",\"p43_impressoes\":\"Impressos\",\"p43_facebook\":\"Facebook\",\"p43_instagram\":\"Instagram\",\"p43_youtube\":\"YouTube\",\"p44_nenhum\":\"Nenhum\",\"p39_publico\":\"CRIANCAS ADULTOS\",\"p45_bandeira\":\"FORMACAO-POLITICA-PARA-PERCEPCAO-CRITICA SOCIALISMO \",\"p46_hashtags\":\"#PODERPOPULAR #LUTACOLETIVO #AFOMEEPOLITICAASOLUCAOECOLETIVA\"},{\"p1_eixo\":\"Cultura\",\"p9_tipoorganizacao\":\"Coletivo\",\"p12_uf\":\"MS\",\"p13_cidade\":\"TRES LAGOAS \",\"p16_cidade\":\"Cidade\",\"p17_ano\":\"2021\",\"p18_comunicacao\":\"Comunica\\u00e7\\u00e3o\",\"p18_difusaoartistica\":\"Difus\\u00e3o Art\\u00edstica\",\"p18_desenvolvimentoterritorial\":\"Desenvolvimento territorial\",\"p18_direitoshumanos\":\"Direitos humanos\",\"p18_educacao\":\"Educa\\u00e7\\u00e3o\",\"p18_lgbtqi\":\"LGBTQI\",\"p18_lutaantirracismo\":\"Luta antirracismo\",\"p18_mobilidade\":\"Mobilidade\",\"p18_povosecomunidadestradicionais\":\"Povos e comunidades tradicionais\",\"p18_trabalho\":\"Trabalho\",\"p18_saude\":\"Sa\\u00fade\",\"p18_violencia\":\"Viol\\u00eancia\",\"p18_politicasculturais\":\"Pol\\u00edticas Culturais\",\"p19_lutaantirracismo\":\"Luta antirracismo\",\"p19_violencia\":\"Viol\\u00eancia\",\"p19_politicasculturais\":\"Pol\\u00edticas Culturais\",\"p20_reunioes\":\"Reuni\\u00f5es\",\"p21_intoleranciareligiosa\":\"Fundamentalistamo\\\/intoler\\u00e2ncia religiosa\",\"p21_xenofobia\":\"Xenofobia\",\"p21_machismo\":\"Machismo\",\"p21_racismo\":\"Racismo\",\"p21_lgbtqifobia\":\"LGBTIfobia\",\"p22_numerodeparticipantes\":\"15 - 30\",\"p23_reunioes\":\"Reuni\\u00f5es\",\"p23_outros\":\"Outros\",\"p24_outros\":\"Outros\",\"p25_numerodepessoas\":\"100 - 200\",\"p26_numerodepessoas\":\"1 - 20\",\"p27_espacopublico\":\"Espa\\u00e7o p\\u00fablico\",\"p27_espacoemprestadocedido\":\"Espa\\u00e7o emprestado\\\/cedido\",\"p28_territorios\":\"Cidade\",\"p30_outrasorganizacoes\":\"N\\u00e3o\",\"p32_campanhadelongaduracao\":\"N\\u00e3o\",\"p34_nenhuma\":\"Nenhuma\",\"p36_conselhosdeparticipacaoecontrolesocial\":\"Sim\",\"p38_nenhum\":\"Nenhum\",\"p40_editais\":\"N\\u00e3o\",\"p41_autofinanciamento\":\"Auto-financiamento\",\"p41_financiamentocoletivo0\":\"Financiamento coletivo\",\"p42_meiodedivulgacaoproprio\":\"N\\u00e3o\",\"p43_nenhum\":\"Nenhum\",\"p44_radio\":\"TV\",\"p39_publico\":\"MULHERES \",\"p45_bandeira\":\"MULHERES-NEGRAS\",\"p46_hashtags\":\"#TRAZERAVISIBILIDADEDAMULHERNEGRA #CONQUISTARPOLITICAPUBLICASEMPROLDESSASMULHERESNEGRAS #PERSISTIRLUTANDOPARAAEQUIDADEDAMULHERNEGRA\"},{\"p1_eixo\":\"Viol\\u00eancia\",\"p9_tipoorganizacao\":\"Coletivo\",\"p12_uf\":\"RJ\",\"p13_cidade\":\"DUQUE DE CAXIAS \",\"p16_bairro\":\"Bairro\",\"p17_ano\":\"2020\",\"p18_desenvolvimentoterritorial\":\"Desenvolvimento territorial\",\"p18_direitoshumanos\":\"Direitos humanos\",\"p18_educacao\":\"Educa\\u00e7\\u00e3o\",\"p18_feminismos\":\"Feminismos\",\"p18_lgbtqi\":\"LGBTQI\",\"p18_lutaantirracismo\":\"Luta antirracismo\",\"p18_mobilidade\":\"Mobilidade\",\"p18_trabalho\":\"Trabalho\",\"p18_religiao\":\"Religi\\u00e3o\",\"p18_saude\":\"Sa\\u00fade\",\"p18_violencia\":\"Viol\\u00eancia\",\"p18_politicasculturais\":\"Pol\\u00edticas Culturais\",\"p19_desenvolvimentoterritorial\":\"Desenvolvimento territorial\",\"p19_direitoshumanos\":\"Direitos humanos\",\"p19_saude\":\"Sa\\u00fade\",\"p20_reunioes\":\"Reuni\\u00f5es\",\"p20_visitasexcursoes\":\"Visitas\\\/Excurs\\u00f5es\",\"p21_intoleranciareligiosa\":\"Fundamentalistamo\\\/intoler\\u00e2ncia religiosa\",\"p21_machismo\":\"Machismo\",\"p21_racismo\":\"Racismo\",\"p21_enfrentamentocomgruposprivadosarmados\":\"Enfrentamento com grupos privados armados\",\"p22_numerodeparticipantes\":\"1  - 15\",\"p23_reunioes\":\"Reuni\\u00f5es\",\"p23_outros\":\"Outros\",\"p24_outros\":\"Outros\",\"p25_numerodepessoas\":\"1 - 20\",\"p26_numerodepessoas\":\"1 - 20\",\"p27_espacoproprio\":\"Espa\\u00e7o pr\\u00f3prio\",\"p27_ocupacao\":\"Ocupa\\u00e7\\u00e3o\",\"p28_territorios\":\"Pr\\u00f3prio bairro\",\"p30_outrasorganizacoes\":\"Sim\",\"p32_campanhadelongaduracao\":\"N\\u00e3o\",\"p34_nenhuma\":\"Nenhuma\",\"p36_conselhosdeparticipacaoecontrolesocial\":\"N\\u00e3o\",\"p38_nenhum\":\"Nenhum\",\"p40_editais\":\"N\\u00e3o\",\"p41_financiamentocoletivo0\":\"Financiamento coletivo\",\"p42_meiodedivulgacaoproprio\":\"Sim\",\"p43_instagram\":\"Instagram\",\"p44_redessociais\":\"Redes sociais (Facebook, YouTube, Instagram etc.)\",\"p39_publico\":\"MULHERES-NEGRAS\",\"p45_bandeira\":\"ENFRENTAMENTO A VIOLENCIA DE ESTADO, AO TERRORISMO DE ESTADO, AS VIOLACOES DE DIREITOS HUMANOS, A INSEGURANCA ALIMENTAR E O RACISMO AMBIENTAL \",\"p46_hashtags\":\"#RESINIFICA\\u00c7\\u00c3O #DIREITOSHUMANOS #RACISMOESTRUTURAL\"},{\"p1_eixo\":\"Viol\\u00eancia\",\"p9_tipoorganizacao\":\"Coletivo\",\"p12_uf\":\"SP\",\"p13_cidade\":\"SOROCABA\",\"p16_cidade\":\"Cidade\",\"p17_ano\":\"2023\",\"p18_agrario\":\"Agr\\u00e1rio\\\/ruralidades\",\"p18_comunicacao\":\"Comunica\\u00e7\\u00e3o\",\"p18_difusaoartistica\":\"Difus\\u00e3o Art\\u00edstica\",\"p18_desenvolvimentoterritorial\":\"Desenvolvimento territorial\",\"p18_direitoshumanos\":\"Direitos humanos\",\"p18_educacao\":\"Educa\\u00e7\\u00e3o\",\"p18_feminismos\":\"Feminismos\",\"p18_lgbtqi\":\"LGBTQI\",\"p18_lutaantirracismo\":\"Luta antirracismo\",\"p18_mobilidade\":\"Mobilidade\",\"p18_moradia\":\"Moradia\",\"p18_povosecomunidadestradicionais\":\"Povos e comunidades tradicionais\",\"p18_trabalho\":\"Trabalho\",\"p18_religiao\":\"Religi\\u00e3o\",\"p18_saude\":\"Sa\\u00fade\",\"p18_violencia\":\"Viol\\u00eancia\",\"p18_politicasculturais\":\"Pol\\u00edticas Culturais\",\"p19_direitoshumanos\":\"Direitos humanos\",\"p19_lgbtqi\":\"LGBTQI\",\"p19_trabalho\":\"Trabalho\",\"p20_reunioes\":\"Reuni\\u00f5es\",\"p20_atendimento\":\"Atendimento\",\"p20_oficinas\":\"Oficinas\",\"p20_oficinasaulasartisticas\":\"Ensaios\\\/Oficinas\\\/Aulas art\\u00edsticas\",\"p20_formacao\":\"Forma\\u00e7\\u00e3o\",\"p20_profissionalizacao\":\"Profissionaliza\\u00e7\\u00e3o\",\"p20_apresentacoesartisticas\":\"Apresenta\\u00e7\\u00f5es art\\u00edsticas\",\"p21_repressaopolicial\":\"Repress\\u00e3o policial\",\"p21_intoleranciareligiosa\":\"Fundamentalistamo\\\/intoler\\u00e2ncia religiosa\",\"p21_xenofobia\":\"Xenofobia\",\"p21_machismo\":\"Machismo\",\"p21_racismo\":\"Racismo\",\"p21_lgbtqifobia\":\"LGBTIfobia\",\"p22_numerodeparticipantes\":\"1  - 15\",\"p23_reunioes\":\"Reuni\\u00f5es\",\"p23_atendimento\":\"Atendimento\",\"p23_oficinas\":\"Oficinas\",\"p23_formacao\":\"Forma\\u00e7\\u00e3o\",\"p23_outros\":\"Outros\",\"p24_formacao\":\"Forma\\u00e7\\u00e3o\",\"p24_apresentacoesartisticas\":\"Apresenta\\u00e7\\u00f5es art\\u00edsticas\",\"p24_outros\":\"Outros\",\"p25_numerodepessoas\":\"100 - 200\",\"p26_numerodepessoas\":\"40 - 60\",\"p27_espacopublico\":\"Espa\\u00e7o p\\u00fablico\",\"p27_espacoemprestadocedido\":\"Espa\\u00e7o emprestado\\\/cedido\",\"p27_virtual\":\"Virtual\",\"p28_territorios\":\"Cidade\",\"p30_outrasorganizacoes\":\"Sim\",\"p32_campanhadelongaduracao\":\"Sim\",\"p34_nenhuma\":\"Nenhuma\",\"p36_conselhosdeparticipacaoecontrolesocial\":\"Sim\",\"p38_sim\":\"Sim\",\"p40_editais\":\"N\\u00e3o\",\"p41_autofinanciamento\":\"Auto-financiamento\",\"p41_financiamentocoletivo0\":\"Financiamento coletivo\",\"p42_meiodedivulgacaoproprio\":\"Sim\",\"p43_email\":\"E-mail\",\"p43_instagram\":\"Instagram\",\"p44_redessociais\":\"Redes sociais (Facebook, YouTube, Instagram etc.)\",\"p39_publico\":\"MULHERES ADOLESCENTES \",\"p45_bandeira\":\"MULHER POVO-PRETO MOVIMENTO-NEGRO MOVIMENTO-DA-MULHER RELIGIOES-DE-MATRIZ AFRICANA POVOS-TRADICIONAIS TRABALHO RENDA JUVENTUDE PERIFERIA\",\"p46_hashtags\":\"#NOSSAMISSAOEACOLHEREEMPODERAR #COLETIVODASPRETASSOROCABA #JUNTASSOMOSMAIS \"},{\"p1_eixo\":\"Cultura\",\"p9_tipoorganizacao\":\"Coletivo\",\"p12_uf\":\"SP\",\"p13_cidade\":\"MARILIA \",\"p16_cidade\":\"Cidade\",\"p17_ano\":\"2015\",\"p18_comunicacao\":\"Comunica\\u00e7\\u00e3o\",\"p18_difusaoartistica\":\"Difus\\u00e3o Art\\u00edstica\",\"p18_desenvolvimentoterritorial\":\"Desenvolvimento territorial\",\"p18_educacao\":\"Educa\\u00e7\\u00e3o\",\"p18_feminismos\":\"Feminismos\",\"p18_lgbtqi\":\"LGBTQI\",\"p18_lutaantirracismo\":\"Luta antirracismo\",\"p18_mobilidade\":\"Mobilidade\",\"p18_saude\":\"Sa\\u00fade\",\"p18_violencia\":\"Viol\\u00eancia\",\"p18_politicasculturais\":\"Pol\\u00edticas Culturais\",\"p19_educacao\":\"Educa\\u00e7\\u00e3o\",\"p19_difusaoartistica\":\"Difus\\u00e3o Art\\u00edstica\",\"p19_politicasculturais\":\"Pol\\u00edticas Culturais\",\"p20_reunioes\":\"Reuni\\u00f5es\",\"p20_oficinas\":\"Oficinas\",\"p20_oficinasaulasartisticas\":\"Ensaios\\\/Oficinas\\\/Aulas art\\u00edsticas\",\"p20_apresentacoesartisticas\":\"Apresenta\\u00e7\\u00f5es art\\u00edsticas\",\"p21_repressaopolicial\":\"Repress\\u00e3o policial\",\"p21_machismo\":\"Machismo\",\"p21_racismo\":\"Racismo\",\"p22_numerodeparticipantes\":\"1  - 15\",\"p23_reunioes\":\"Reuni\\u00f5es\",\"p23_oficinas\":\"Oficinas\",\"p23_oficinasaulasartisticas\":\"Ensaio\\\/Oficinas\\\/Aulas Art\\u00edsticas\",\"p23_apresentacoesartisticas\":\"Apresenta\\u00e7\\u00f5es Art\\u00edsticas\",\"p23_outros\":\"Outros\",\"p24_outros\":\"Outros\",\"p25_numerodepessoas\":\"200 - 300\",\"p26_numerodepessoas\":\"1 - 20\",\"p27_espacopublico\":\"Espa\\u00e7o p\\u00fablico\",\"p27_virtual\":\"Virtual\",\"p28_territorios\":\"Cidade\",\"p30_outrasorganizacoes\":\"Sim\",\"p32_campanhadelongaduracao\":\"N\\u00e3o\",\"p34_nenhuma\":\"Nenhuma\",\"p36_conselhosdeparticipacaoecontrolesocial\":\"N\\u00e3o\",\"p38_nenhum\":\"Nenhum\",\"p40_editais\":\"Sim\",\"p41_publicoestatal\":\"P\\u00fablico-Estatal\",\"p41_autofinanciamento\":\"Auto-financiamento\",\"p41_financiamentocoletivo0\":\"Financiamento coletivo\",\"p42_meiodedivulgacaoproprio\":\"Sim\",\"p43_facebook\":\"Facebook\",\"p43_instagram\":\"Instagram\",\"p43_sitesblogs\":\"Blogs\\\/sites\",\"p44_jornaisimpressosdebairro\":\"Jornais impressos de bairro\",\"p44_redessociais\":\"Redes sociais (Facebook, YouTube, Instagram etc.)\",\"p39_publico\":\"JUVENTUDE \",\"p45_bandeira\":\"CONTRA-TODAS-AS-OPRESSOES AUTONOMIA DEMOCRACIA AUTOGESTAO DIREITO-A-CIDADE-ANTICAPITALISMO \",\"p46_hashtags\":\"#CONTRATODASASOPRESSOES #CONSTRUCAODAAUTONOMIA #NORPORNOS \"},{\"p1_eixo\":\"Cultura\",\"p9_tipoorganizacao\":\"Movimento Social\",\"p12_uf\":\"MS\",\"p13_cidade\":\"DOURADOS, TRES LAGOAS, CAMPO GRANDE\",\"p17_ano\":\"2019\",\"p16_estado\":\"Estado\",\"p18_comunicacao\":\"Comunica\\u00e7\\u00e3o\",\"p18_difusaoartistica\":\"Difus\\u00e3o Art\\u00edstica\",\"p18_direitoshumanos\":\"Direitos humanos\",\"p18_educacao\":\"Educa\\u00e7\\u00e3o\",\"p18_feminismos\":\"Feminismos\",\"p18_lgbtqi\":\"LGBTQI\",\"p18_lutaantirracismo\":\"Luta antirracismo\",\"p18_mobilidade\":\"Mobilidade\",\"p18_moradia\":\"Moradia\",\"p18_povosecomunidadestradicionais\":\"Povos e comunidades tradicionais\",\"p18_trabalho\":\"Trabalho\",\"p18_religiao\":\"Religi\\u00e3o\",\"p18_saude\":\"Sa\\u00fade\",\"p18_violencia\":\"Viol\\u00eancia\",\"p18_politicasculturais\":\"Pol\\u00edticas Culturais\",\"p19_lutaantirracismo\":\"Luta antirracismo\",\"p19_religiao\":\"Religi\\u00e3o\",\"p19_politicasculturais\":\"Pol\\u00edticas Culturais\",\"p20_reunioes\":\"Reuni\\u00f5es\",\"p20_atendimento\":\"Atendimento\",\"p20_oficinasaulasartisticas\":\"Ensaios\\\/Oficinas\\\/Aulas art\\u00edsticas\",\"p20_apresentacoesartisticas\":\"Apresenta\\u00e7\\u00f5es art\\u00edsticas\",\"p21_intoleranciareligiosa\":\"Fundamentalistamo\\\/intoler\\u00e2ncia religiosa\",\"p21_machismo\":\"Machismo\",\"p21_lgbtqifobia\":\"LGBTIfobia\",\"p22_numerodeparticipantes\":\"30 - 45\",\"p23_reunioes\":\"Reuni\\u00f5es\",\"p23_outros\":\"Outros\",\"p24_atendimento\":\"Atendimentos\",\"p24_oficinasaulasartisticas\":\"Ensaios\\\/Oficinas\\\/Aulas art\\u00edsticas\",\"p24_apresentacoesartisticas\":\"Apresenta\\u00e7\\u00f5es art\\u00edsticas\",\"p24_outros\":\"Outros\",\"p25_numerodepessoas\":\"100 - 200\",\"p26_numerodepessoas\":\"Mais de 500\",\"p27_espacopublico\":\"Espa\\u00e7o p\\u00fablico\",\"p27_espacoproprio\":\"Espa\\u00e7o pr\\u00f3prio\",\"p27_virtual\":\"Virtual\",\"p28_territorios\":\"Estado\",\"p30_outrasorganizacoes\":\"Sim\",\"p32_campanhadelongaduracao\":\"N\\u00e3o\",\"p34_nenhuma\":\"Nenhuma\",\"p36_conselhosdeparticipacaoecontrolesocial\":\"N\\u00e3o\",\"p38_nenhum\":\"Nenhum\",\"p40_editais\":\"N\\u00e3o\",\"p41_autofinanciamento\":\"Auto-financiamento\",\"p41_financiamentocoletivo0\":\"Financiamento coletivo\",\"p42_meiodedivulgacaoproprio\":\"Sim\",\"p43_impressoes\":\"Impressos\",\"p43_facebook\":\"Facebook\",\"p43_whatsapp\":\"WhatApp\",\"p43_instagram\":\"Instagram\",\"p44_radio\":\"TV\",\"p44_jornaisimpressosdegrandecirculacao\":\"Jornais impressos de grande circula\\u00e7\\u00e3o\",\"p44_redessociais\":\"Redes sociais (Facebook, YouTube, Instagram etc.)\",\"p44_sitesblogs\":\"Sites ou Blogs\",\"p39_publico\":\"POVO-DE-TERREIRO\",\"p45_bandeira\":\"ANTIRRACISMO CONTRA-XENOFOBIA CONTRA-O-PRECONCEITO-DAS-RELIGIOES\",\"p46_hashtags\":\"#RESISTENCIA #PERSISTENCIA #VITORIA \"},{\"p1_eixo\":\"Cultura\",\"p9_tipoorganizacao\":\"Movimento Social\",\"p12_uf\":\"MA\",\"p13_cidade\":\"IMPERATRIZ \",\"p17_ano\":\"2003\",\"p16_estado\":\"Estado\",\"p18_agrario\":\"Agr\\u00e1rio\\\/ruralidades\",\"p18_comunicacao\":\"Comunica\\u00e7\\u00e3o\",\"p18_difusaoartistica\":\"Difus\\u00e3o Art\\u00edstica\",\"p18_desenvolvimentoterritorial\":\"Desenvolvimento territorial\",\"p18_direitoshumanos\":\"Direitos humanos\",\"p18_educacao\":\"Educa\\u00e7\\u00e3o\",\"p18_feminismos\":\"Feminismos\",\"p18_lgbtqi\":\"LGBTQI\",\"p18_lutaantirracismo\":\"Luta antirracismo\",\"p18_mobilidade\":\"Mobilidade\",\"p18_moradia\":\"Moradia\",\"p18_povosecomunidadestradicionais\":\"Povos e comunidades tradicionais\",\"p18_trabalho\":\"Trabalho\",\"p18_religiao\":\"Religi\\u00e3o\",\"p18_saude\":\"Sa\\u00fade\",\"p18_violencia\":\"Viol\\u00eancia\",\"p18_politicasculturais\":\"Pol\\u00edticas Culturais\",\"p19_agrario\":\"Agr\\u00e1rio\\\/ruralidades\",\"p19_lutaantirracismo\":\"Luta antirracismo\",\"p19_violencia\":\"Viol\\u00eancia\",\"p20_reunioes\":\"Reuni\\u00f5es\",\"p20_oficinas\":\"Oficinas\",\"p20_formacao\":\"Forma\\u00e7\\u00e3o\",\"p21_machismo\":\"Machismo\",\"p21_racismo\":\"Racismo\",\"p22_numerodeparticipantes\":\"30 - 45\",\"p23_reunioes\":\"Reuni\\u00f5es\",\"p23_outros\":\"Outros\",\"p24_oficinas\":\"Oficinas\",\"p24_formacao\":\"Forma\\u00e7\\u00e3o\",\"p24_outros\":\"Outros\",\"p25_numerodepessoas\":\"Mais de 500\",\"p26_numerodepessoas\":\"40 - 60\",\"p27_espacopublico\":\"Espa\\u00e7o p\\u00fablico\",\"p27_ocupacao\":\"Ocupa\\u00e7\\u00e3o\",\"p28_territorios\":\"Estado\",\"p30_outrasorganizacoes\":\"Sim\",\"p32_campanhadelongaduracao\":\"N\\u00e3o\",\"p34_nenhuma\":\"Nenhuma\",\"p36_conselhosdeparticipacaoecontrolesocial\":\"Sim\",\"p38_nenhum\":\"Nenhum\",\"p40_editais\":\"Sim\",\"p41_publicoestatal\":\"P\\u00fablico-Estatal\",\"p41_privadopj\":\"Privado (P. Jur\\u00eddica)\",\"p41_financiamentocoletivo0\":\"Financiamento coletivo\",\"p42_meiodedivulgacaoproprio\":\"Sim\",\"p43_email\":\"E-mail\",\"p43_instagram\":\"Instagram\",\"p43_sitesblogs\":\"Blogs\\\/sites\",\"p43_youtube\":\"YouTube\",\"p44_nenhum\":\"Nenhum\",\"p39_publico\":\"HOMENS MULHERES JUVENTUDE ANCIOES\",\"p45_bandeira\":\"EDUCACAO PROTECAO SAUDE SUSTENTABILIDADE \",\"p46_hashtags\":\"#RESISTENCIA #CORAGEM #ESPERANCA\"},{\"p1_eixo\":\"Cultura\",\"p9_tipoorganizacao\":\"Movimento Social\",\"p12_uf\":\"PR\",\"p13_cidade\":\"FOZ DO IGUACU\",\"p16_cidade\":\"Cidade\",\"p17_ano\":\"2011\",\"p18_agrario\":\"Agr\\u00e1rio\\\/ruralidades\",\"p18_comunicacao\":\"Comunica\\u00e7\\u00e3o\",\"p18_difusaoartistica\":\"Difus\\u00e3o Art\\u00edstica\",\"p18_desenvolvimentoterritorial\":\"Desenvolvimento territorial\",\"p18_direitoshumanos\":\"Direitos humanos\",\"p18_educacao\":\"Educa\\u00e7\\u00e3o\",\"p18_feminismos\":\"Feminismos\",\"p18_lgbtqi\":\"LGBTQI\",\"p18_lutaantirracismo\":\"Luta antirracismo\",\"p18_povosecomunidadestradicionais\":\"Povos e comunidades tradicionais\",\"p18_trabalho\":\"Trabalho\",\"p18_saude\":\"Sa\\u00fade\",\"p18_violencia\":\"Viol\\u00eancia\",\"p18_politicasculturais\":\"Pol\\u00edticas Culturais\",\"p19_comunicacao\":\"Comunica\\u00e7\\u00e3o\",\"p19_direitoshumanos\":\"Direitos humanos\",\"p19_educacao\":\"Educa\\u00e7\\u00e3o\",\"p20_reunioes\":\"Reuni\\u00f5es\",\"p20_atendimento\":\"Atendimento\",\"p20_oficinas\":\"Oficinas\",\"p20_oficinasaulasartisticas\":\"Ensaios\\\/Oficinas\\\/Aulas art\\u00edsticas\",\"p21_machismo\":\"Machismo\",\"p22_numerodeparticipantes\":\"30 - 45\",\"p23_reunioes\":\"Reuni\\u00f5es\",\"p23_apresentacoesartisticas\":\"Apresenta\\u00e7\\u00f5es Art\\u00edsticas\",\"p23_outros\":\"Outros\",\"p24_atendimento\":\"Atendimentos\",\"p24_oficinas\":\"Oficinas\",\"p24_curso\":\"Curso\",\"p24_outros\":\"Outros\",\"p25_numerodepessoas\":\"20 - 40\",\"p26_numerodepessoas\":\"1 - 20\",\"p27_virtual\":\"Virtual\",\"p27_ocupacao\":\"Ocupa\\u00e7\\u00e3o\",\"p28_territorios\":\"Atua\\u00e7\\u00e3o Internacional\",\"p30_outrasorganizacoes\":\"Sim\",\"p32_campanhadelongaduracao\":\"Sim\",\"p34_nacional\":\"Nacional\",\"p36_conselhosdeparticipacaoecontrolesocial\":\"Sim\",\"p38_sim\":\"Sim\",\"p40_editais\":\"Sim\",\"p41_autofinanciamento\":\"Auto-financiamento\",\"p41_financiamentocoletivo0\":\"Financiamento coletivo\",\"p42_meiodedivulgacaoproprio\":\"Sim\",\"p43_email\":\"E-mail\",\"p43_facebook\":\"Facebook\",\"p43_whatsapp\":\"WhatApp\",\"p43_instagram\":\"Instagram\",\"p43_sitesblogs\":\"Blogs\\\/sites\",\"p43_radio\":\"R\\u00e1dio\",\"p44_radio\":\"TV\",\"p39_publico\":\"TODOS-OS-PUBLICOS-SAO-PRIORITARIOS\",\"p45_bandeira\":\"GARANTIA-DE-DIREITOS DIREITOS-HUMANOS BEM-ESTAR-SOCIAL-INDIVIDUAL-E-COLETIVO AGROFLORESTAS\",\"p46_hashtags\":\"#QUALIDADEDEVIDA #REEXISTENCIAEPERSISTENCIA #MELHORESDIASVIRAO\"},{\"p1_eixo\":\"Trabalho\",\"p9_tipoorganizacao\":\"Movimento Social\",\"p12_uf\":\"DF\",\"p13_cidade\":\"CEILANDIA \",\"p16_cidade\":\"Cidade\",\"p17_ano\":\"1985\",\"p18_agrario\":\"Agr\\u00e1rio\\\/ruralidades\",\"p18_comunicacao\":\"Comunica\\u00e7\\u00e3o\",\"p18_difusaoartistica\":\"Difus\\u00e3o Art\\u00edstica\",\"p18_desenvolvimentoterritorial\":\"Desenvolvimento territorial\",\"p18_direitoshumanos\":\"Direitos humanos\",\"p18_educacao\":\"Educa\\u00e7\\u00e3o\",\"p18_feminismos\":\"Feminismos\",\"p18_lgbtqi\":\"LGBTQI\",\"p18_lutaantirracismo\":\"Luta antirracismo\",\"p18_mobilidade\":\"Mobilidade\",\"p18_moradia\":\"Moradia\",\"p18_povosecomunidadestradicionais\":\"Povos e comunidades tradicionais\",\"p18_trabalho\":\"Trabalho\",\"p18_religiao\":\"Religi\\u00e3o\",\"p18_saude\":\"Sa\\u00fade\",\"p18_violencia\":\"Viol\\u00eancia\",\"p18_politicasculturais\":\"Pol\\u00edticas Culturais\",\"p19_educacao\":\"Educa\\u00e7\\u00e3o\",\"p19_moradia\":\"Moradia\",\"p19_saude\":\"Sa\\u00fade\",\"p20_reunioes\":\"Reuni\\u00f5es\",\"p20_oficinas\":\"Oficinas\",\"p20_oficinasaulasartisticas\":\"Ensaios\\\/Oficinas\\\/Aulas art\\u00edsticas\",\"p20_formacao\":\"Forma\\u00e7\\u00e3o\",\"p21_nenhum\":\"Nenhum\",\"p22_numerodeparticipantes\":\"30 - 45\",\"p23_reunioes\":\"Reuni\\u00f5es\",\"p23_oficinas\":\"Oficinas\",\"p23_oficinasaulasartisticas\":\"Ensaio\\\/Oficinas\\\/Aulas Art\\u00edsticas\",\"p23_formacao\":\"Forma\\u00e7\\u00e3o\",\"p23_outros\":\"Outros\",\"p24_visitasexcursoes\":\"Visitas\\\/Excurs\\u00f5es\",\"p24_outros\":\"Outros\",\"p25_numerodepessoas\":\"1 - 20\",\"p26_numerodepessoas\":\"1 - 20\",\"p27_espacopublico\":\"Espa\\u00e7o p\\u00fablico\",\"p28_territorios\":\"Cidade\",\"p30_outrasorganizacoes\":\"Sim\",\"p32_campanhadelongaduracao\":\"N\\u00e3o\",\"p34_nenhuma\":\"Nenhuma\",\"p36_conselhosdeparticipacaoecontrolesocial\":\"Sim\",\"p38_sim\":\"Sim\",\"p40_editais\":\"Sim\",\"p41_publicoestatal\":\"P\\u00fablico-Estatal\",\"p41_autofinanciamento\":\"Auto-financiamento\",\"p41_financiamentocoletivo0\":\"Financiamento coletivo\",\"p42_meiodedivulgacaoproprio\":\"Sim\",\"p43_impressoes\":\"Impressos\",\"p43_email\":\"E-mail\",\"p43_facebook\":\"Facebook\",\"p43_instagram\":\"Instagram\",\"p43_sitesblogs\":\"Blogs\\\/sites\",\"p44_radio\":\"TV\",\"p44_jornaisimpressosdegrandecirculacao\":\"Jornais impressos de grande circula\\u00e7\\u00e3o\",\"p39_publico\":\"JOVENS ADULTOS IDOSOS TRABALHADORES MULHERES-PERIFERICAS-E-NEGRAS \",\"p45_bandeira\":\"EDUCACAO-POPULAR ALFABETIZACAO-DE-TRABAHADORES CINEPOPULAR\",\"p46_hashtags\":\"#EDUCACAOPOPULAR #ALFABETIZACAODETRABAHADORES #CINEPOPULAR\"},{\"p1_eixo\":\"Viol\\u00eancia\",\"p9_tipoorganizacao\":\"Movimento Social\",\"p12_uf\":\"MA\",\"p13_cidade\":\"IMPERATRIZ \",\"p17_ano\":\"2002\",\"p16_estado\":\"Estado\",\"p18_agrario\":\"Agr\\u00e1rio\\\/ruralidades\",\"p18_comunicacao\":\"Comunica\\u00e7\\u00e3o\",\"p18_difusaoartistica\":\"Difus\\u00e3o Art\\u00edstica\",\"p18_desenvolvimentoterritorial\":\"Desenvolvimento territorial\",\"p18_direitoshumanos\":\"Direitos humanos\",\"p18_educacao\":\"Educa\\u00e7\\u00e3o\",\"p18_feminismos\":\"Feminismos\",\"p18_lgbtqi\":\"LGBTQI\",\"p18_lutaantirracismo\":\"Luta antirracismo\",\"p18_mobilidade\":\"Mobilidade\",\"p18_povosecomunidadestradicionais\":\"Povos e comunidades tradicionais\",\"p18_trabalho\":\"Trabalho\",\"p18_religiao\":\"Religi\\u00e3o\",\"p18_saude\":\"Sa\\u00fade\",\"p18_violencia\":\"Viol\\u00eancia\",\"p18_politicasculturais\":\"Pol\\u00edticas Culturais\",\"p19_direitoshumanos\":\"Direitos humanos\",\"p19_educacao\":\"Educa\\u00e7\\u00e3o\",\"p19_lutaantirracismo\":\"Luta antirracismo\",\"p20_reunioes\":\"Reuni\\u00f5es\",\"p20_atendimento\":\"Atendimento\",\"p20_oficinas\":\"Oficinas\",\"p20_cursos\":\"Cursos\",\"p20_formacao\":\"Forma\\u00e7\\u00e3o\",\"p20_apresentacoesartisticas\":\"Apresenta\\u00e7\\u00f5es art\\u00edsticas\",\"p21_repressaopolicial\":\"Repress\\u00e3o policial\",\"p21_machismo\":\"Machismo\",\"p21_racismo\":\"Racismo\",\"p21_lgbtqifobia\":\"LGBTIfobia\",\"p22_numerodeparticipantes\":\"15 - 30\",\"p23_reunioes\":\"Reuni\\u00f5es\",\"p23_outros\":\"Outros\",\"p24_atendimento\":\"Atendimentos\",\"p24_curso\":\"Curso\",\"p24_formacao\":\"Forma\\u00e7\\u00e3o\",\"p24_apresentacoesartisticas\":\"Apresenta\\u00e7\\u00f5es art\\u00edsticas\",\"p24_outros\":\"Outros\",\"p25_numerodepessoas\":\"200 - 300\",\"p26_numerodepessoas\":\"80 - 100\",\"p27_espacopublico\":\"Espa\\u00e7o p\\u00fablico\",\"p27_espacoemprestadocedido\":\"Espa\\u00e7o emprestado\\\/cedido\",\"p28_territorios\":\"Cidade\",\"p30_outrasorganizacoes\":\"Sim\",\"p32_campanhadelongaduracao\":\"N\\u00e3o\",\"p34_municipal\":\"Municipal\",\"p36_conselhosdeparticipacaoecontrolesocial\":\"Sim\",\"p38_nenhum\":\"Nenhum\",\"p40_editais\":\"Sim\",\"p41_publicoestatal\":\"P\\u00fablico-Estatal\",\"p41_autofinanciamento\":\"Auto-financiamento\",\"p41_financiamentocoletivo0\":\"Financiamento coletivo\",\"p42_meiodedivulgacaoproprio\":\"Sim\",\"p43_facebook\":\"Facebook\",\"p43_instagram\":\"Instagram\",\"p44_radio\":\"TV\",\"p39_publico\":\"JOVENS CRIANCAS ADULTOS ADOLESCENTES\",\"p45_bandeira\":\"EDUCACAO DIREITOS-HUMANOS\",\"p46_hashtags\":\"#LUTAPELACONSCIENCIAECIDADANIANEGRA #CONSTRUCAODEIDENTIDADE #VALORIZACAODOSERHUMANOERESPEITOASDIVERSIDADES\"},{\"p1_eixo\":\"Trabalho\",\"p9_tipoorganizacao\":\"ONG\",\"p12_uf\":\"DF\",\"p13_cidade\":\"PARANOA \",\"p16_nacional\":\"Nacional\",\"p17_ano\":\"1987\",\"p18_agrario\":\"Agr\\u00e1rio\\\/ruralidades\",\"p18_desenvolvimentoterritorial\":\"Desenvolvimento territorial\",\"p18_direitoshumanos\":\"Direitos humanos\",\"p18_educacao\":\"Educa\\u00e7\\u00e3o\",\"p18_feminismos\":\"Feminismos\",\"p18_lgbtqi\":\"LGBTQI\",\"p18_lutaantirracismo\":\"Luta antirracismo\",\"p18_mobilidade\":\"Mobilidade\",\"p18_moradia\":\"Moradia\",\"p18_trabalho\":\"Trabalho\",\"p18_saude\":\"Sa\\u00fade\",\"p18_violencia\":\"Viol\\u00eancia\",\"p18_politicasculturais\":\"Pol\\u00edticas Culturais\",\"p19_direitoshumanos\":\"Direitos humanos\",\"p19_educacao\":\"Educa\\u00e7\\u00e3o\",\"p19_saude\":\"Sa\\u00fade\",\"p20_reunioes\":\"Reuni\\u00f5es\",\"p20_atendimento\":\"Atendimento\",\"p20_oficinas\":\"Oficinas\",\"p20_oficinasaulasartisticas\":\"Ensaios\\\/Oficinas\\\/Aulas art\\u00edsticas\",\"p20_formacao\":\"Forma\\u00e7\\u00e3o\",\"p20_profissionalizacao\":\"Profissionaliza\\u00e7\\u00e3o\",\"p21_repressaopolicial\":\"Repress\\u00e3o policial\",\"p21_intoleranciareligiosa\":\"Fundamentalistamo\\\/intoler\\u00e2ncia religiosa\",\"p21_xenofobia\":\"Xenofobia\",\"p21_machismo\":\"Machismo\",\"p21_racismo\":\"Racismo\",\"p21_lgbtqifobia\":\"LGBTIfobia\",\"p22_numerodeparticipantes\":\"15 - 30\",\"p23_reunioes\":\"Reuni\\u00f5es\",\"p23_atendimento\":\"Atendimento\",\"p23_oficinas\":\"Oficinas\",\"p23_oficinasaulasartisticas\":\"Ensaio\\\/Oficinas\\\/Aulas Art\\u00edsticas\",\"p23_formacao\":\"Forma\\u00e7\\u00e3o\",\"p23_profissionalizacao\":\"Profissionaliza\\u00e7\\u00e3o\",\"p23_outros\":\"Outros\",\"p24_reunioes\":\"Reuni\\u00f5es\",\"p24_outros\":\"Outros\",\"p25_numerodepessoas\":\"40 - 60\",\"p26_numerodepessoas\":\"40 - 60\",\"p27_espacoproprio\":\"Espa\\u00e7o pr\\u00f3prio\",\"p28_territorios\":\"Pr\\u00f3prio bairro\",\"p30_outrasorganizacoes\":\"Sim\",\"p32_campanhadelongaduracao\":\"Sim\",\"p34_municipal\":\"Municipal\",\"p34_estadual\":\"Estadual\",\"p36_conselhosdeparticipacaoecontrolesocial\":\"Sim\",\"p38_sim\":\"Sim\",\"p40_editais\":\"Sim\",\"p41_publicoestatal\":\"P\\u00fablico-Estatal\",\"p41_autofinanciamento\":\"Auto-financiamento\",\"p41_financiamentocoletivo0\":\"Financiamento coletivo\",\"p42_meiodedivulgacaoproprio\":\"Sim\",\"p43_facebook\":\"Facebook\",\"p43_instagram\":\"Instagram\",\"p44_jornaisimpressosdegrandecirculacao\":\"Jornais impressos de grande circula\\u00e7\\u00e3o\",\"p44_redessociais\":\"Redes sociais (Facebook, YouTube, Instagram etc.)\",\"p39_publico\":\"ADULTOS IDOSOS\",\"p45_bandeira\":\"EDUCACAO SAUDE DESENVOLVIMENTO-COMUNITARIO DIREITOS-HUMANOS\",\"p46_hashtags\":\"#LUTA #RESISTENCIA #CONQUISTA\"},{\"p1_eixo\":\"Cultura\",\"p9_tipoorganizacao\":\"ONG\",\"p12_uf\":\"SC\",\"p13_cidade\":\"PALHOCA\",\"p16_bairro\":\"Bairro\",\"p17_ano\":\"2006\",\"p18_comunicacao\":\"Comunica\\u00e7\\u00e3o\",\"p18_difusaoartistica\":\"Difus\\u00e3o Art\\u00edstica\",\"p18_desenvolvimentoterritorial\":\"Desenvolvimento territorial\",\"p18_direitoshumanos\":\"Direitos humanos\",\"p18_educacao\":\"Educa\\u00e7\\u00e3o\",\"p18_lutaantirracismo\":\"Luta antirracismo\",\"p18_mobilidade\":\"Mobilidade\",\"p18_moradia\":\"Moradia\",\"p18_povosecomunidadestradicionais\":\"Povos e comunidades tradicionais\",\"p18_trabalho\":\"Trabalho\",\"p18_religiao\":\"Religi\\u00e3o\",\"p18_saude\":\"Sa\\u00fade\",\"p18_violencia\":\"Viol\\u00eancia\",\"p18_politicasculturais\":\"Pol\\u00edticas Culturais\",\"p19_direitoshumanos\":\"Direitos humanos\",\"p19_educacao\":\"Educa\\u00e7\\u00e3o\",\"p19_religiao\":\"Religi\\u00e3o\",\"p20_reunioes\":\"Reuni\\u00f5es\",\"p20_atendimento\":\"Atendimento\",\"p20_oficinas\":\"Oficinas\",\"p20_oficinasaulasartisticas\":\"Ensaios\\\/Oficinas\\\/Aulas art\\u00edsticas\",\"p20_profissionalizacao\":\"Profissionaliza\\u00e7\\u00e3o\",\"p20_apresentacoesartisticas\":\"Apresenta\\u00e7\\u00f5es art\\u00edsticas\",\"p20_visitasexcursoes\":\"Visitas\\\/Excurs\\u00f5es\",\"p21_intoleranciareligiosa\":\"Fundamentalistamo\\\/intoler\\u00e2ncia religiosa\",\"p21_machismo\":\"Machismo\",\"p21_racismo\":\"Racismo\",\"p21_lgbtqifobia\":\"LGBTIfobia\",\"p22_numerodeparticipantes\":\"15 - 30\",\"p23_reunioes\":\"Reuni\\u00f5es\",\"p23_atendimento\":\"Atendimento\",\"p23_oficinas\":\"Oficinas\",\"p23_oficinasaulasartisticas\":\"Ensaio\\\/Oficinas\\\/Aulas Art\\u00edsticas\",\"p23_profissionalizacao\":\"Profissionaliza\\u00e7\\u00e3o\",\"p23_apresentacoesartisticas\":\"Apresenta\\u00e7\\u00f5es Art\\u00edsticas\",\"p23_visitas\":\"Visitas\",\"p23_excursoes\":\"Excurs\\u00f5es\",\"p23_outros\":\"Outros\",\"p24_apresentacoesartisticas\":\"Apresenta\\u00e7\\u00f5es art\\u00edsticas\",\"p24_outros\":\"Outros\",\"p25_numerodepessoas\":\"1 - 20\",\"p26_numerodepessoas\":\"20 - 40\",\"p27_espacoproprio\":\"Espa\\u00e7o pr\\u00f3prio\",\"p28_territorios\":\"Pr\\u00f3prio bairro\",\"p30_outrasorganizacoes\":\"Sim\",\"p32_campanhadelongaduracao\":\"Sim\",\"p34_nenhuma\":\"Nenhuma\",\"p36_conselhosdeparticipacaoecontrolesocial\":\"Sim\",\"p38_nenhum\":\"Nenhum\",\"p40_editais\":\"Sim\",\"p41_privadopj\":\"Privado (P. Jur\\u00eddica)\",\"p42_meiodedivulgacaoproprio\":\"Sim\",\"p43_email\":\"E-mail\",\"p43_whatsapp\":\"WhatApp\",\"p43_instagram\":\"Instagram\",\"p43_sitesblogs\":\"Blogs\\\/sites\",\"p44_radio\":\"TV\",\"p44_redessociais\":\"Redes sociais (Facebook, YouTube, Instagram etc.)\",\"p39_publico\":\"CRIANCAS \",\"p45_bandeira\":\"TRANSFORMAR-A-VIDA-DA-COMUNIDADE REGULARIZACAO-DAS-MORADIAS DIGNIDADE-DE-MORADIA ACESSO-A-DIREITOS LUTA-PELO-DIREITO-DA-COMUNIDADE\",\"p46_hashtags\":\"#TRANSFORMARVIDAS #ABUSCAPELOSSEUSDIREITOSEPERTENCIMENTO #EDUCACAO \"},{\"p1_eixo\":\"Cultura\",\"p9_tipoorganizacao\":\"Coletivo\",\"p12_uf\":\"SP\",\"p13_cidade\":\"OURINHOS\",\"p16_cidade\":\"Cidade\",\"p17_ano\":\"2018\",\"p18_agrario\":\"Agr\\u00e1rio\\\/ruralidades\",\"p18_comunicacao\":\"Comunica\\u00e7\\u00e3o\",\"p18_difusaoartistica\":\"Difus\\u00e3o Art\\u00edstica\",\"p18_desenvolvimentoterritorial\":\"Desenvolvimento territorial\",\"p18_direitoshumanos\":\"Direitos humanos\",\"p18_educacao\":\"Educa\\u00e7\\u00e3o\",\"p18_feminismos\":\"Feminismos\",\"p18_lgbtqi\":\"LGBTQI\",\"p18_lutaantirracismo\":\"Luta antirracismo\",\"p18_mobilidade\":\"Mobilidade\",\"p18_povosecomunidadestradicionais\":\"Povos e comunidades tradicionais\",\"p18_trabalho\":\"Trabalho\",\"p18_violencia\":\"Viol\\u00eancia\",\"p18_politicasculturais\":\"Pol\\u00edticas Culturais\",\"p19_educacao\":\"Educa\\u00e7\\u00e3o\",\"p19_difusaoartistica\":\"Difus\\u00e3o Art\\u00edstica\",\"p19_politicasculturais\":\"Pol\\u00edticas Culturais\",\"p20_oficinas\":\"Oficinas\",\"p20_apresentacoesartisticas\":\"Apresenta\\u00e7\\u00f5es art\\u00edsticas\",\"p21_repressaopolicial\":\"Repress\\u00e3o policial\",\"p22_numerodeparticipantes\":\"1  - 15\",\"p23_outros\":\"Outros\",\"p24_outros\":\"Outros\",\"p25_numerodepessoas\":\"1 - 20\",\"p26_numerodepessoas\":\"100 - 200\",\"p27_espacoproprio\":\"Espa\\u00e7o pr\\u00f3prio\",\"p28_territorios\":\"Cidade\",\"p30_outrasorganizacoes\":\"N\\u00e3o\",\"p32_campanhadelongaduracao\":\"N\\u00e3o\",\"p34_nenhuma\":\"Nenhuma\",\"p36_conselhosdeparticipacaoecontrolesocial\":\"N\\u00e3o\",\"p38_nenhum\":\"Nenhum\",\"p40_editais\":\"Sim\",\"p41_publicoestatal\":\"P\\u00fablico-Estatal\",\"p41_autofinanciamento\":\"Auto-financiamento\",\"p42_meiodedivulgacaoproprio\":\"Sim\",\"p43_instagram\":\"Instagram\",\"p43_youtube\":\"YouTube\",\"p44_jornaisimpressosdebairro\":\"Jornais impressos de bairro\",\"p44_sitesblogs\":\"Sites ou Blogs\",\"p39_publico\":\"ARTISTAS-INDEPENDETES-E-A-PESSOA-DA-VILA\",\"p45_bandeira\":\"PELA-ARTE-INDEPENDENTE CULTURA DEMOCRATIZACAO-DA-ARTE CULTURA-PERIFERICA, ENFRETAMENTO-AO-RACISMO ENFRETAMENTO-A-HOMOFOBIA-E-TRANSFOBIA\",\"p46_hashtags\":\"#ARTEINDEPENDENTE #ARTEPERIFERICA #CULTURADERUA\"},{\"p1_eixo\":\"Trabalho\",\"p9_tipoorganizacao\":\"Cooperativa\",\"p12_uf\":\"PA\",\"p13_cidade\":\"BREVES\",\"p16_cidade\":\"Cidade\",\"p17_ano\":\"2022\",\"p18_agrario\":\"Agr\\u00e1rio\\\/ruralidades\",\"p18_comunicacao\":\"Comunica\\u00e7\\u00e3o\",\"p18_desenvolvimentoterritorial\":\"Desenvolvimento territorial\",\"p18_direitoshumanos\":\"Direitos humanos\",\"p18_educacao\":\"Educa\\u00e7\\u00e3o\",\"p18_feminismos\":\"Feminismos\",\"p18_lutaantirracismo\":\"Luta antirracismo\",\"p18_mobilidade\":\"Mobilidade\",\"p18_moradia\":\"Moradia\",\"p18_povosecomunidadestradicionais\":\"Povos e comunidades tradicionais\",\"p18_trabalho\":\"Trabalho\",\"p18_religiao\":\"Religi\\u00e3o\",\"p18_saude\":\"Sa\\u00fade\",\"p18_violencia\":\"Viol\\u00eancia\",\"p18_politicasculturais\":\"Pol\\u00edticas Culturais\",\"p19_desenvolvimentoterritorial\":\"Desenvolvimento territorial\",\"p19_trabalho\":\"Trabalho\",\"p19_religiao\":\"Religi\\u00e3o\",\"p20_reunioes\":\"Reuni\\u00f5es\",\"p20_formacao\":\"Forma\\u00e7\\u00e3o\",\"p21_nenhum\":\"Nenhum\",\"p22_numerodeparticipantes\":\"60 - 75\",\"p23_reunioes\":\"Reuni\\u00f5es\",\"p23_outros\":\"Outros\",\"p24_formacao\":\"Forma\\u00e7\\u00e3o\",\"p24_outros\":\"Outros\",\"p25_numerodepessoas\":\"1 - 20\",\"p26_numerodepessoas\":\"20 - 40\",\"p27_espacoemprestadocedido\":\"Espa\\u00e7o emprestado\\\/cedido\",\"p27_virtual\":\"Virtual\",\"p28_territorios\":\"Cidade\",\"p30_outrasorganizacoes\":\"N\\u00e3o\",\"p32_campanhadelongaduracao\":\"N\\u00e3o\",\"p34_estadual\":\"Estadual\",\"p34_nacional\":\"Nacional\",\"p36_conselhosdeparticipacaoecontrolesocial\":\"Sim\",\"p38_nenhum\":\"Nenhum\",\"p40_editais\":\"Sim\",\"p41_financiamentocoletivo0\":\"Financiamento coletivo\",\"p42_meiodedivulgacaoproprio\":\"Sim\",\"p43_whatsapp\":\"WhatApp\",\"p43_instagram\":\"Instagram\",\"p44_nenhum\":\"Nenhum\",\"p39_publico\":\"FAMILIAS-DA-AGRICULTURA-FAMILIAR\",\"p45_bandeira\":\"CRESCIMENTO-DA-AGRICULTURA-FAMILIAR RECONHECIMENTO-DOS-AGRICULTORES-DO-TERRITORIO MANTER-OS-DIREITOS-GARANTIDOS\",\"p46_hashtags\":\"#AMORAOPROXIMO #FORCA #CORAGEM\"},{\"p1_eixo\":\"Cultura\",\"p9_tipoorganizacao\":\"Movimento Social\",\"p12_uf\":\"SP\",\"p13_cidade\":\"SOROCABA\",\"p16_bairro\":\"Bairro\",\"p17_ano\":\"2002\",\"p18_agrario\":\"Agr\\u00e1rio\\\/ruralidades\",\"p18_comunicacao\":\"Comunica\\u00e7\\u00e3o\",\"p18_difusaoartistica\":\"Difus\\u00e3o Art\\u00edstica\",\"p18_desenvolvimentoterritorial\":\"Desenvolvimento territorial\",\"p18_direitoshumanos\":\"Direitos humanos\",\"p18_educacao\":\"Educa\\u00e7\\u00e3o\",\"p18_feminismos\":\"Feminismos\",\"p18_lgbtqi\":\"LGBTQI\",\"p18_lutaantirracismo\":\"Luta antirracismo\",\"p18_mobilidade\":\"Mobilidade\",\"p18_povosecomunidadestradicionais\":\"Povos e comunidades tradicionais\",\"p18_trabalho\":\"Trabalho\",\"p18_saude\":\"Sa\\u00fade\",\"p18_violencia\":\"Viol\\u00eancia\",\"p18_politicasculturais\":\"Pol\\u00edticas Culturais\",\"p19_comunicacao\":\"Comunica\\u00e7\\u00e3o\",\"p19_educacao\":\"Educa\\u00e7\\u00e3o\",\"p19_politicasculturais\":\"Pol\\u00edticas Culturais\",\"p20_reunioes\":\"Reuni\\u00f5es\",\"p20_cursos\":\"Cursos\",\"p20_apresentacoesartisticas\":\"Apresenta\\u00e7\\u00f5es art\\u00edsticas\",\"p20_visitasexcursoes\":\"Visitas\\\/Excurs\\u00f5es\",\"p21_repressaopolicial\":\"Repress\\u00e3o policial\",\"p21_intoleranciareligiosa\":\"Fundamentalistamo\\\/intoler\\u00e2ncia religiosa\",\"p21_machismo\":\"Machismo\",\"p21_racismo\":\"Racismo\",\"p21_lgbtqifobia\":\"LGBTIfobia\",\"p22_numerodeparticipantes\":\"1  - 15\",\"p23_reunioes\":\"Reuni\\u00f5es\",\"p23_cursos\":\"Cursos\",\"p23_apresentacoesartisticas\":\"Apresenta\\u00e7\\u00f5es Art\\u00edsticas\",\"p23_visitas\":\"Visitas\",\"p23_outros\":\"Outros\",\"p24_apresentacoesartisticas\":\"Apresenta\\u00e7\\u00f5es art\\u00edsticas\",\"p24_outros\":\"Outros\",\"p25_numerodepessoas\":\"20 - 40\",\"p26_numerodepessoas\":\"20 - 40\",\"p27_espacoproprio\":\"Espa\\u00e7o pr\\u00f3prio\",\"p28_territorios\":\"Pr\\u00f3prio bairro\",\"p30_outrasorganizacoes\":\"Sim\",\"p32_campanhadelongaduracao\":\"Sim\",\"p34_nenhuma\":\"Nenhuma\",\"p36_conselhosdeparticipacaoecontrolesocial\":\"Sim\",\"p38_sim\":\"Sim\",\"p40_editais\":\"Sim\",\"p41_privadopj\":\"Privado (P. Jur\\u00eddica)\",\"p41_autofinanciamento\":\"Auto-financiamento\",\"p41_financiamentocoletivo0\":\"Financiamento coletivo\",\"p42_meiodedivulgacaoproprio\":\"Sim\",\"p43_facebook\":\"Facebook\",\"p44_radio\":\"TV\",\"p44_jornaisimpressosdebairro\":\"Jornais impressos de bairro\",\"p39_publico\":\"CRIANCAS ADOLESCENTES ADULTOS\",\"p45_bandeira\":\"INCENTIVO-A-LEITURA CULTURA\",\"p46_hashtags\":\"#TRANSFORMACAOSOCIAL #EMPODERAMENTO #ORGANIZACAO \"},{\"p1_eixo\":\"Cultura\",\"p9_tipoorganizacao\":\"Associa\\u00e7\\u00e3o\",\"p12_uf\":\"RN\",\"p13_cidade\":\"LUIS GOMES \",\"p16_cidade\":\"Cidade\",\"p17_ano\":\"1997\",\"p18_agrario\":\"Agr\\u00e1rio\\\/ruralidades\",\"p18_comunicacao\":\"Comunica\\u00e7\\u00e3o\",\"p18_difusaoartistica\":\"Difus\\u00e3o Art\\u00edstica\",\"p18_direitoshumanos\":\"Direitos humanos\",\"p18_educacao\":\"Educa\\u00e7\\u00e3o\",\"p18_feminismos\":\"Feminismos\",\"p18_lutaantirracismo\":\"Luta antirracismo\",\"p18_mobilidade\":\"Mobilidade\",\"p18_moradia\":\"Moradia\",\"p18_trabalho\":\"Trabalho\",\"p18_religiao\":\"Religi\\u00e3o\",\"p18_violencia\":\"Viol\\u00eancia\",\"p18_politicasculturais\":\"Pol\\u00edticas Culturais\",\"p19_direitoshumanos\":\"Direitos humanos\",\"p19_trabalho\":\"Trabalho\",\"p19_violencia\":\"Viol\\u00eancia\",\"p20_reunioes\":\"Reuni\\u00f5es\",\"p20_atendimento\":\"Atendimento\",\"p20_oficinas\":\"Oficinas\",\"p20_oficinasaulasartisticas\":\"Ensaios\\\/Oficinas\\\/Aulas art\\u00edsticas\",\"p20_apresentacoesartisticas\":\"Apresenta\\u00e7\\u00f5es art\\u00edsticas\",\"p21_nenhum\":\"Nenhum\",\"p22_numerodeparticipantes\":\"15 - 30\",\"p23_reunioes\":\"Reuni\\u00f5es\",\"p23_atendimento\":\"Atendimento\",\"p23_oficinas\":\"Oficinas\",\"p23_oficinasaulasartisticas\":\"Ensaio\\\/Oficinas\\\/Aulas Art\\u00edsticas\",\"p23_apresentacoesartisticas\":\"Apresenta\\u00e7\\u00f5es Art\\u00edsticas\",\"p23_outros\":\"Outros\",\"p24_outros\":\"Outros\",\"p25_numerodepessoas\":\"20 - 40\",\"p26_numerodepessoas\":\"1 - 20\",\"p27_espacoproprio\":\"Espa\\u00e7o pr\\u00f3prio\",\"p28_territorios\":\"Cidade\",\"p30_outrasorganizacoes\":\"Sim\",\"p32_campanhadelongaduracao\":\"Sim\",\"p34_nenhuma\":\"Nenhuma\",\"p36_conselhosdeparticipacaoecontrolesocial\":\"Sim\",\"p38_nenhum\":\"Nenhum\",\"p40_editais\":\"Sim\",\"p41_publicoestatal\":\"P\\u00fablico-Estatal\",\"p41_autofinanciamento\":\"Auto-financiamento\",\"p42_meiodedivulgacaoproprio\":\"Sim\",\"p43_facebook\":\"Facebook\",\"p43_instagram\":\"Instagram\",\"p43_sitesblogs\":\"Blogs\\\/sites\",\"p43_youtube\":\"YouTube\",\"p44_nenhum\":\"Nenhum\",\"p39_publico\":\"CRIANCAS ADOLESCENTES\",\"p45_bandeira\":\"EDUCACAO-SOCIAL ALIMENTACAO\",\"p46_hashtags\":\"#EDUCACAO #SOCIAL #ALIMENTACAO\"},{\"p1_eixo\":\"Trabalho\",\"p9_tipoorganizacao\":\"Associa\\u00e7\\u00e3o\",\"p12_uf\":\"RO\",\"p13_cidade\":\"SERINGUEIRAS\",\"p16_cidade\":\"Cidade\",\"p17_ano\":\"1995\",\"p18_agrario\":\"Agr\\u00e1rio\\\/ruralidades\",\"p18_comunicacao\":\"Comunica\\u00e7\\u00e3o\",\"p18_desenvolvimentoterritorial\":\"Desenvolvimento territorial\",\"p18_direitoshumanos\":\"Direitos humanos\",\"p18_educacao\":\"Educa\\u00e7\\u00e3o\",\"p18_lutaantirracismo\":\"Luta antirracismo\",\"p18_moradia\":\"Moradia\",\"p18_trabalho\":\"Trabalho\",\"p18_saude\":\"Sa\\u00fade\",\"p18_violencia\":\"Viol\\u00eancia\",\"p19_agrario\":\"Agr\\u00e1rio\\\/ruralidades\",\"p19_desenvolvimentoterritorial\":\"Desenvolvimento territorial\",\"p19_trabalho\":\"Trabalho\",\"p20_reunioes\":\"Reuni\\u00f5es\",\"p20_atendimento\":\"Atendimento\",\"p20_oficinas\":\"Oficinas\",\"p21_intoleranciareligiosa\":\"Fundamentalistamo\\\/intoler\\u00e2ncia religiosa\",\"p21_xenofobia\":\"Xenofobia\",\"p21_racismo\":\"Racismo\",\"p21_enfrentamentocomgruposprivadosarmados\":\"Enfrentamento com grupos privados armados\",\"p22_numerodeparticipantes\":\"Mais de 90\",\"p23_reunioes\":\"Reuni\\u00f5es\",\"p23_atendimento\":\"Atendimento\",\"p23_oficinas\":\"Oficinas\",\"p23_outros\":\"Outros\",\"p24_outros\":\"Outros\",\"p25_numerodepessoas\":\"40 - 60\",\"p26_numerodepessoas\":\"1 - 20\",\"p27_espacoemprestadocedido\":\"Espa\\u00e7o emprestado\\\/cedido\",\"p27_espacoproprio\":\"Espa\\u00e7o pr\\u00f3prio\",\"p28_territorios\":\"Regi\\u00e3o da Cidade\",\"p30_outrasorganizacoes\":\"N\\u00e3o\",\"p32_campanhadelongaduracao\":\"Sim\",\"p34_nenhuma\":\"Nenhuma\",\"p36_conselhosdeparticipacaoecontrolesocial\":\"Sim\",\"p38_sim\":\"Sim\",\"p40_editais\":\"Sim\",\"p41_publicoestatal\":\"P\\u00fablico-Estatal\",\"p41_financiamentocoletivo0\":\"Financiamento coletivo\",\"p42_meiodedivulgacaoproprio\":\"Sim\",\"p43_email\":\"E-mail\",\"p43_facebook\":\"Facebook\",\"p44_radio\":\"R\\u00e1dio\",\"p39_publico\":\"AGRICULTORES-FAMILIARES \",\"p45_bandeira\":\"VALORIZACAO-DA-AGRICULTURA-FAMILIAR GERACAO-DE-RENDA-NO-CAMPO\",\"p46_hashtags\":\"#VALORIZACAODAAGRICULTURAFAMILIAR #AGREGARVALORAPRODUCAOCAMPONESA #AGRICULTURAFAMILIAR\"},{\"p1_eixo\":\"Cultura\",\"p9_tipoorganizacao\":\"Associa\\u00e7\\u00e3o\",\"p12_uf\":\"MS\",\"p13_cidade\":\"CAMPO GRANDE  \",\"p17_ano\":\"2019\",\"p16_estado\":\"Estado\",\"p18_comunicacao\":\"Comunica\\u00e7\\u00e3o\",\"p18_difusaoartistica\":\"Difus\\u00e3o Art\\u00edstica\",\"p18_desenvolvimentoterritorial\":\"Desenvolvimento territorial\",\"p18_direitoshumanos\":\"Direitos humanos\",\"p18_educacao\":\"Educa\\u00e7\\u00e3o\",\"p18_feminismos\":\"Feminismos\",\"p18_lgbtqi\":\"LGBTQI\",\"p18_lutaantirracismo\":\"Luta antirracismo\",\"p18_mobilidade\":\"Mobilidade\",\"p18_moradia\":\"Moradia\",\"p18_povosecomunidadestradicionais\":\"Povos e comunidades tradicionais\",\"p18_trabalho\":\"Trabalho\",\"p18_religiao\":\"Religi\\u00e3o\",\"p18_violencia\":\"Viol\\u00eancia\",\"p18_politicasculturais\":\"Pol\\u00edticas Culturais\",\"p19_povosecomunidadestradicionais\":\"Povos e comunidades tradicionais\",\"p19_difusaoartistica\":\"Difus\\u00e3o Art\\u00edstica\",\"p19_politicasculturais\":\"Pol\\u00edticas Culturais\",\"p20_reunioes\":\"Reuni\\u00f5es\",\"p20_oficinas\":\"Oficinas\",\"p20_formacao\":\"Forma\\u00e7\\u00e3o\",\"p20_apresentacoesartisticas\":\"Apresenta\\u00e7\\u00f5es art\\u00edsticas\",\"p21_repressaopolicial\":\"Repress\\u00e3o policial\",\"p21_intoleranciareligiosa\":\"Fundamentalistamo\\\/intoler\\u00e2ncia religiosa\",\"p21_xenofobia\":\"Xenofobia\",\"p21_machismo\":\"Machismo\",\"p21_racismo\":\"Racismo\",\"p21_lgbtqifobia\":\"LGBTIfobia\",\"p22_numerodeparticipantes\":\"Mais de 90\",\"p23_reunioes\":\"Reuni\\u00f5es\",\"p23_apresentacoesartisticas\":\"Apresenta\\u00e7\\u00f5es Art\\u00edsticas\",\"p23_outros\":\"Outros\",\"p24_oficinas\":\"Oficinas\",\"p24_formacao\":\"Forma\\u00e7\\u00e3o\",\"p24_outros\":\"Outros\",\"p25_numerodepessoas\":\"Mais de 500\",\"p26_numerodepessoas\":\"20 - 40\",\"p27_espacopublico\":\"Espa\\u00e7o p\\u00fablico\",\"p28_territorios\":\"Estado\",\"p30_outrasorganizacoes\":\"Sim\",\"p32_campanhadelongaduracao\":\"Sim\",\"p34_municipal\":\"Municipal\",\"p34_estadual\":\"Estadual\",\"p36_conselhosdeparticipacaoecontrolesocial\":\"N\\u00e3o\",\"p38_sim\":\"Sim\",\"p40_editais\":\"N\\u00e3o\",\"p41_autofinanciamento\":\"Auto-financiamento\",\"p41_financiamentocoletivo0\":\"Financiamento coletivo\",\"p42_meiodedivulgacaoproprio\":\"Sim\",\"p43_facebook\":\"Facebook\",\"p43_whatsapp\":\"WhatApp\",\"p43_instagram\":\"Instagram\",\"p44_radio\":\"TV\",\"p44_jornaisimpressosdegrandecirculacao\":\"Jornais impressos de grande circula\\u00e7\\u00e3o\",\"p44_jornaisimpressosdebairro\":\"Jornais impressos de bairro\",\"p39_publico\":\"PESSOAS-EM-SITUACAO-DE-VULNERABILIDADE \",\"p45_bandeira\":\"IGUALDADE-RACIAL DIREITOS-IGUAIS JUSTICA-PARA-TODOS COMBATE-A-QUALQUER-FORMA-DE-RACISMO \",\"p46_hashtags\":\"#DIREITOSIGUAIS #JUSTICA #CONTRAQUALQUERFORMADEFOBIA\"},{\"p1_eixo\":\"Trabalho\",\"p9_tipoorganizacao\":\"Associa\\u00e7\\u00e3o\",\"p12_uf\":\"BA\",\"p13_cidade\":\"ANTONIO CARDOSO \",\"p16_internacional\":\"Internacional\",\"p17_ano\":\"2002\",\"p18_agrario\":\"Agr\\u00e1rio\\\/ruralidades\",\"p18_comunicacao\":\"Comunica\\u00e7\\u00e3o\",\"p18_difusaoartistica\":\"Difus\\u00e3o Art\\u00edstica\",\"p18_desenvolvimentoterritorial\":\"Desenvolvimento territorial\",\"p18_direitoshumanos\":\"Direitos humanos\",\"p18_educacao\":\"Educa\\u00e7\\u00e3o\",\"p18_feminismos\":\"Feminismos\",\"p18_lgbtqi\":\"LGBTQI\",\"p18_lutaantirracismo\":\"Luta antirracismo\",\"p18_moradia\":\"Moradia\",\"p18_povosecomunidadestradicionais\":\"Povos e comunidades tradicionais\",\"p18_trabalho\":\"Trabalho\",\"p18_saude\":\"Sa\\u00fade\",\"p18_politicasculturais\":\"Pol\\u00edticas Culturais\",\"p19_agrario\":\"Agr\\u00e1rio\\\/ruralidades\",\"p19_povosecomunidadestradicionais\":\"Povos e comunidades tradicionais\",\"p19_politicasculturais\":\"Pol\\u00edticas Culturais\",\"p20_reunioes\":\"Reuni\\u00f5es\",\"p20_atendimento\":\"Atendimento\",\"p20_oficinas\":\"Oficinas\",\"p20_oficinasaulasartisticas\":\"Ensaios\\\/Oficinas\\\/Aulas art\\u00edsticas\",\"p20_cursos\":\"Cursos\",\"p20_formacao\":\"Forma\\u00e7\\u00e3o\",\"p20_profissionalizacao\":\"Profissionaliza\\u00e7\\u00e3o\",\"p20_apresentacoesartisticas\":\"Apresenta\\u00e7\\u00f5es art\\u00edsticas\",\"p20_visitasexcursoes\":\"Visitas\\\/Excurs\\u00f5es\",\"p21_intoleranciareligiosa\":\"Fundamentalistamo\\\/intoler\\u00e2ncia religiosa\",\"p21_xenofobia\":\"Xenofobia\",\"p21_machismo\":\"Machismo\",\"p21_racismo\":\"Racismo\",\"p21_lgbtqifobia\":\"LGBTIfobia\",\"p22_numerodeparticipantes\":\"1  - 15\",\"p23_reunioes\":\"Reuni\\u00f5es\",\"p23_oficinas\":\"Oficinas\",\"p23_formacao\":\"Forma\\u00e7\\u00e3o\",\"p23_outros\":\"Outros\",\"p24_reunioes\":\"Reuni\\u00f5es\",\"p24_atendimento\":\"Atendimentos\",\"p24_apresentacoesartisticas\":\"Apresenta\\u00e7\\u00f5es art\\u00edsticas\",\"p24_visitasexcursoes\":\"Visitas\\\/Excurs\\u00f5es\",\"p24_outros\":\"Outros\",\"p25_numerodepessoas\":\"20 - 40\",\"p26_numerodepessoas\":\"60 - 80\",\"p27_espacoemprestadocedido\":\"Espa\\u00e7o emprestado\\\/cedido\",\"p27_espacoproprio\":\"Espa\\u00e7o pr\\u00f3prio\",\"p27_virtual\":\"Virtual\",\"p28_territorios\":\"Atua\\u00e7\\u00e3o Nacional\",\"p30_outrasorganizacoes\":\"Sim\",\"p32_campanhadelongaduracao\":\"Sim\",\"p34_internacional\":\"Internacional\",\"p36_conselhosdeparticipacaoecontrolesocial\":\"N\\u00e3o\",\"p38_sim\":\"Sim\",\"p40_editais\":\"Sim\",\"p41_financiamentocoletivo0\":\"Financiamento coletivo\",\"p42_meiodedivulgacaoproprio\":\"Sim\",\"p43_instagram\":\"Instagram\",\"p44_redessociais\":\"Redes sociais (Facebook, YouTube, Instagram etc.)\",\"p44_sitesblogs\":\"Sites ou Blogs\",\"p39_publico\":\"MULHERES IDOSOS\",\"p45_bandeira\":\"RESISTENCIA LUTA\",\"p46_hashtags\":\"#UNIAO #RESISTENCIA #AVANTETRABALHADORRURAL\"},{\"p1_eixo\":\"Trabalho\",\"p9_tipoorganizacao\":\"Associa\\u00e7\\u00e3o\",\"p12_uf\":\"TO\",\"p13_cidade\":\"SANTA FE DO ARAGUAIA \",\"p16_internacional\":\"Internacional\",\"p17_ano\":\"2006\",\"p18_agrario\":\"Agr\\u00e1rio\\\/ruralidades\",\"p18_comunicacao\":\"Comunica\\u00e7\\u00e3o\",\"p18_difusaoartistica\":\"Difus\\u00e3o Art\\u00edstica\",\"p18_desenvolvimentoterritorial\":\"Desenvolvimento territorial\",\"p18_direitoshumanos\":\"Direitos humanos\",\"p18_educacao\":\"Educa\\u00e7\\u00e3o\",\"p18_feminismos\":\"Feminismos\",\"p18_lgbtqi\":\"LGBTQI\",\"p18_lutaantirracismo\":\"Luta antirracismo\",\"p18_mobilidade\":\"Mobilidade\",\"p18_moradia\":\"Moradia\",\"p18_povosecomunidadestradicionais\":\"Povos e comunidades tradicionais\",\"p18_trabalho\":\"Trabalho\",\"p18_religiao\":\"Religi\\u00e3o\",\"p18_saude\":\"Sa\\u00fade\",\"p18_violencia\":\"Viol\\u00eancia\",\"p18_politicasculturais\":\"Pol\\u00edticas Culturais\",\"p19_desenvolvimentoterritorial\":\"Desenvolvimento territorial\",\"p19_moradia\":\"Moradia\",\"p19_politicasculturais\":\"Pol\\u00edticas Culturais\",\"p20_reunioes\":\"Reuni\\u00f5es\",\"p20_atendimento\":\"Atendimento\",\"p20_oficinas\":\"Oficinas\",\"p20_oficinasaulasartisticas\":\"Ensaios\\\/Oficinas\\\/Aulas art\\u00edsticas\",\"p20_cursos\":\"Cursos\",\"p20_profissionalizacao\":\"Profissionaliza\\u00e7\\u00e3o\",\"p20_apresentacoesartisticas\":\"Apresenta\\u00e7\\u00f5es art\\u00edsticas\",\"p21_repressaopolicial\":\"Repress\\u00e3o policial\",\"p21_intoleranciareligiosa\":\"Fundamentalistamo\\\/intoler\\u00e2ncia religiosa\",\"p21_xenofobia\":\"Xenofobia\",\"p21_machismo\":\"Machismo\",\"p21_racismo\":\"Racismo\",\"p21_enfrentamentocomgruposprivadosarmados\":\"Enfrentamento com grupos privados armados\",\"p22_numerodeparticipantes\":\"Mais de 90\",\"p23_apresentacoesartisticas\":\"Apresenta\\u00e7\\u00f5es Art\\u00edsticas\",\"p23_outros\":\"Outros\",\"p24_reunioes\":\"Reuni\\u00f5es\",\"p24_atendimento\":\"Atendimentos\",\"p24_oficinas\":\"Oficinas\",\"p24_oficinasaulasartisticas\":\"Ensaios\\\/Oficinas\\\/Aulas art\\u00edsticas\",\"p24_profissionalizacao\":\"Profissionaliza\\u00e7\\u00e3o\",\"p24_apresentacoesartisticas\":\"Apresenta\\u00e7\\u00f5es art\\u00edsticas\",\"p24_visitasexcursoes\":\"Visitas\\\/Excurs\\u00f5es\",\"p24_outros\":\"Outros\",\"p25_numerodepessoas\":\"300 - 400\",\"p26_numerodepessoas\":\"40 - 60\",\"p27_espacopublico\":\"Espa\\u00e7o p\\u00fablico\",\"p27_espacoproprio\":\"Espa\\u00e7o pr\\u00f3prio\",\"p27_virtual\":\"Virtual\",\"p28_territorios\":\"Atua\\u00e7\\u00e3o Nacional\",\"p30_outrasorganizacoes\":\"Sim\",\"p32_campanhadelongaduracao\":\"Sim\",\"p34_municipal\":\"Municipal\",\"p36_conselhosdeparticipacaoecontrolesocial\":\"Sim\",\"p38_sim\":\"Sim\",\"p40_editais\":\"Sim\",\"p41_publicoestatal\":\"P\\u00fablico-Estatal\",\"p41_financiamentocoletivo0\":\"Financiamento coletivo\",\"p42_meiodedivulgacaoproprio\":\"Sim\",\"p43_email\":\"E-mail\",\"p43_instagram\":\"Instagram\",\"p43_youtube\":\"YouTube\",\"p44_radio\":\"R\\u00e1dio\",\"p39_publico\":\"MORADORES-DO-QUILOMBO \",\"p45_bandeira\":\"TERRITORIO IGUALDADE-SOCIAL LUTA-CONTRA-O-RACISMO\",\"p46_hashtags\":\"#LUTAERESISTENCIA #COMBATEAORACISMO #ANCESTRALIDADE \"},{\"p1_eixo\":\"Trabalho\",\"p9_tipoorganizacao\":\"Associa\\u00e7\\u00e3o\",\"p12_uf\":\"SC\",\"p13_cidade\":\"PALHOCA\",\"p16_bairro\":\"Bairro\",\"p17_ano\":\"2004\",\"p18_comunicacao\":\"Comunica\\u00e7\\u00e3o\",\"p18_difusaoartistica\":\"Difus\\u00e3o Art\\u00edstica\",\"p18_desenvolvimentoterritorial\":\"Desenvolvimento territorial\",\"p18_direitoshumanos\":\"Direitos humanos\",\"p18_educacao\":\"Educa\\u00e7\\u00e3o\",\"p18_feminismos\":\"Feminismos\",\"p18_lgbtqi\":\"LGBTQI\",\"p18_lutaantirracismo\":\"Luta antirracismo\",\"p18_povosecomunidadestradicionais\":\"Povos e comunidades tradicionais\",\"p18_trabalho\":\"Trabalho\",\"p18_saude\":\"Sa\\u00fade\",\"p18_violencia\":\"Viol\\u00eancia\",\"p18_politicasculturais\":\"Pol\\u00edticas Culturais\",\"p19_educacao\":\"Educa\\u00e7\\u00e3o\",\"p19_trabalho\":\"Trabalho\",\"p19_saude\":\"Sa\\u00fade\",\"p20_reunioes\":\"Reuni\\u00f5es\",\"p20_atendimento\":\"Atendimento\",\"p20_oficinas\":\"Oficinas\",\"p20_oficinasaulasartisticas\":\"Ensaios\\\/Oficinas\\\/Aulas art\\u00edsticas\",\"p20_formacao\":\"Forma\\u00e7\\u00e3o\",\"p20_profissionalizacao\":\"Profissionaliza\\u00e7\\u00e3o\",\"p20_apresentacoesartisticas\":\"Apresenta\\u00e7\\u00f5es art\\u00edsticas\",\"p20_visitasexcursoes\":\"Visitas\\\/Excurs\\u00f5es\",\"p21_nenhum\":\"Nenhum\",\"p22_numerodeparticipantes\":\"15 - 30\",\"p23_reunioes\":\"Reuni\\u00f5es\",\"p23_oficinas\":\"Oficinas\",\"p23_oficinasaulasartisticas\":\"Ensaio\\\/Oficinas\\\/Aulas Art\\u00edsticas\",\"p23_cursos\":\"Cursos\",\"p23_profissionalizacao\":\"Profissionaliza\\u00e7\\u00e3o\",\"p23_outros\":\"Outros\",\"p24_atendimento\":\"Atendimentos\",\"p24_curso\":\"Curso\",\"p24_apresentacoesartisticas\":\"Apresenta\\u00e7\\u00f5es art\\u00edsticas\",\"p24_visitasexcursoes\":\"Visitas\\\/Excurs\\u00f5es\",\"p24_outros\":\"Outros\",\"p25_numerodepessoas\":\"100 - 200\",\"p26_numerodepessoas\":\"20 - 40\",\"p27_espacoproprio\":\"Espa\\u00e7o pr\\u00f3prio\",\"p28_territorios\":\"Pr\\u00f3prio bairro\",\"p30_outrasorganizacoes\":\"Sim\",\"p32_campanhadelongaduracao\":\"N\\u00e3o\",\"p34_municipal\":\"Municipal\",\"p36_conselhosdeparticipacaoecontrolesocial\":\"Sim\",\"p38_nenhum\":\"Nenhum\",\"p40_editais\":\"Sim\",\"p41_publicoestatal\":\"P\\u00fablico-Estatal\",\"p41_privadopj\":\"Privado (P. Jur\\u00eddica)\",\"p42_meiodedivulgacaoproprio\":\"Sim\",\"p43_facebook\":\"Facebook\",\"p43_instagram\":\"Instagram\",\"p44_radio\":\"TV\",\"p44_jornaisimpressosdegrandecirculacao\":\"Jornais impressos de grande circula\\u00e7\\u00e3o\",\"p44_jornaisimpressosdebairro\":\"Jornais impressos de bairro\",\"p39_publico\":\"CRIANCAS  ADOLESCENTES-DA-COMUNIDADE-QUE-ESTAO-EM-VULNERABILIDADE \",\"p45_bandeira\":\"EDUCACAO IGUALDADE CIDADANIA-PARA-TODOS \",\"p46_hashtags\":\"#PERTENCIMENTO #EQUIDADE #IGUALDADE \"},{\"p1_eixo\":\"Cultura\",\"p9_tipoorganizacao\":\"Associa\\u00e7\\u00e3o\",\"p12_uf\":\"SE\",\"p13_cidade\":\"ARACAJU, NOSSA SENHORA DO SOCORRO\",\"p16_bairro\":\"Bairro\",\"p17_ano\":\"2015\",\"p18_agrario\":\"Agr\\u00e1rio\\\/ruralidades\",\"p18_comunicacao\":\"Comunica\\u00e7\\u00e3o\",\"p18_desenvolvimentoterritorial\":\"Desenvolvimento territorial\",\"p18_direitoshumanos\":\"Direitos humanos\",\"p18_educacao\":\"Educa\\u00e7\\u00e3o\",\"p18_feminismos\":\"Feminismos\",\"p18_lgbtqi\":\"LGBTQI\",\"p18_lutaantirracismo\":\"Luta antirracismo\",\"p18_mobilidade\":\"Mobilidade\",\"p18_moradia\":\"Moradia\",\"p18_povosecomunidadestradicionais\":\"Povos e comunidades tradicionais\",\"p18_trabalho\":\"Trabalho\",\"p18_religiao\":\"Religi\\u00e3o\",\"p18_saude\":\"Sa\\u00fade\",\"p18_violencia\":\"Viol\\u00eancia\",\"p18_politicasculturais\":\"Pol\\u00edticas Culturais\",\"p19_direitoshumanos\":\"Direitos humanos\",\"p19_educacao\":\"Educa\\u00e7\\u00e3o\",\"p19_lutaantirracismo\":\"Luta antirracismo\",\"p20_reunioes\":\"Reuni\\u00f5es\",\"p20_oficinas\":\"Oficinas\",\"p20_oficinasaulasartisticas\":\"Ensaios\\\/Oficinas\\\/Aulas art\\u00edsticas\",\"p20_apresentacoesartisticas\":\"Apresenta\\u00e7\\u00f5es art\\u00edsticas\",\"p21_repressaopolicial\":\"Repress\\u00e3o policial\",\"p21_intoleranciareligiosa\":\"Fundamentalistamo\\\/intoler\\u00e2ncia religiosa\",\"p21_xenofobia\":\"Xenofobia\",\"p21_machismo\":\"Machismo\",\"p21_racismo\":\"Racismo\",\"p21_lgbtqifobia\":\"LGBTIfobia\",\"p22_numerodeparticipantes\":\"15 - 30\",\"p23_reunioes\":\"Reuni\\u00f5es\",\"p23_oficinas\":\"Oficinas\",\"p23_oficinasaulasartisticas\":\"Ensaio\\\/Oficinas\\\/Aulas Art\\u00edsticas\",\"p23_excursoes\":\"Excurs\\u00f5es\",\"p23_outros\":\"Outros\",\"p24_apresentacoesartisticas\":\"Apresenta\\u00e7\\u00f5es art\\u00edsticas\",\"p24_outros\":\"Outros\",\"p25_numerodepessoas\":\"20 - 40\",\"p26_numerodepessoas\":\"20 - 40\",\"p27_espacopublico\":\"Espa\\u00e7o p\\u00fablico\",\"p27_espacoproprio\":\"Espa\\u00e7o pr\\u00f3prio\",\"p27_virtual\":\"Virtual\",\"p28_territorios\":\"Regi\\u00e3o da Cidade\",\"p30_outrasorganizacoes\":\"Sim\",\"p32_campanhadelongaduracao\":\"Sim\",\"p34_nenhuma\":\"Nenhuma\",\"p36_conselhosdeparticipacaoecontrolesocial\":\"N\\u00e3o\",\"p38_nenhum\":\"Nenhum\",\"p40_editais\":\"Sim\",\"p41_autofinanciamento\":\"Auto-financiamento\",\"p41_financiamentocoletivo0\":\"Financiamento coletivo\",\"p42_meiodedivulgacaoproprio\":\"Sim\",\"p43_email\":\"E-mail\",\"p43_facebook\":\"Facebook\",\"p43_instagram\":\"Instagram\",\"p44_radio\":\"R\\u00e1dio\",\"p44_redessociais\":\"Redes sociais (Facebook, YouTube, Instagram etc.)\",\"p39_publico\":\"PESSOAS-ATIPICAS \",\"p45_bandeira\":\"ANTIRRACISMO TOLERANCIA EDUCACAO\",\"p46_hashtags\":\"#TODOSJUNTOSCOMACULTURA #GINGANDOCOMINCLUSAOMAISAMOR #EUSOUCAPOEIRA\"},{\"p1_eixo\":\"Trabalho\",\"p9_tipoorganizacao\":\"Associa\\u00e7\\u00e3o\",\"p12_uf\":\"RJ\",\"p13_cidade\":\"BELFORD ROXO, PENHA, JARDIM AMERICA, RIO DE JANEIRO\",\"p16_nacional\":\"Nacional\",\"p17_ano\":\"2008\",\"p18_comunicacao\":\"Comunica\\u00e7\\u00e3o\",\"p18_difusaoartistica\":\"Difus\\u00e3o Art\\u00edstica\",\"p18_desenvolvimentoterritorial\":\"Desenvolvimento territorial\",\"p18_direitoshumanos\":\"Direitos humanos\",\"p18_educacao\":\"Educa\\u00e7\\u00e3o\",\"p18_feminismos\":\"Feminismos\",\"p18_lgbtqi\":\"LGBTQI\",\"p18_lutaantirracismo\":\"Luta antirracismo\",\"p18_mobilidade\":\"Mobilidade\",\"p18_moradia\":\"Moradia\",\"p18_povosecomunidadestradicionais\":\"Povos e comunidades tradicionais\",\"p18_trabalho\":\"Trabalho\",\"p18_saude\":\"Sa\\u00fade\",\"p18_violencia\":\"Viol\\u00eancia\",\"p19_direitoshumanos\":\"Direitos humanos\",\"p19_educacao\":\"Educa\\u00e7\\u00e3o\",\"p19_saude\":\"Sa\\u00fade\",\"p20_reunioes\":\"Reuni\\u00f5es\",\"p20_atendimento\":\"Atendimento\",\"p20_oficinas\":\"Oficinas\",\"p20_visitasexcursoes\":\"Visitas\\\/Excurs\\u00f5es\",\"p21_nenhum\":\"Nenhum\",\"p22_numerodeparticipantes\":\"15 - 30\",\"p23_reunioes\":\"Reuni\\u00f5es\",\"p23_atendimento\":\"Atendimento\",\"p23_outros\":\"Outros\",\"p24_reunioes\":\"Reuni\\u00f5es\",\"p24_oficinas\":\"Oficinas\",\"p24_visitasexcursoes\":\"Visitas\\\/Excurs\\u00f5es\",\"p24_outros\":\"Outros\",\"p25_numerodepessoas\":\"Mais de 500\",\"p26_numerodepessoas\":\"40 - 60\",\"p27_espacoproprio\":\"Espa\\u00e7o pr\\u00f3prio\",\"p27_virtual\":\"Virtual\",\"p28_territorios\":\"Cidade\",\"p30_outrasorganizacoes\":\"Sim\",\"p32_campanhadelongaduracao\":\"Sim\",\"p34_estadual\":\"Estadual\",\"p34_nacional\":\"Nacional\",\"p34_internacional\":\"Internacional\",\"p36_conselhosdeparticipacaoecontrolesocial\":\"Sim\",\"p38_sim\":\"Sim\",\"p40_editais\":\"Sim\",\"p41_autofinanciamento\":\"Auto-financiamento\",\"p41_financiamentocoletivo0\":\"Financiamento coletivo\",\"p42_meiodedivulgacaoproprio\":\"Sim\",\"p43_impressoes\":\"Impressos\",\"p43_facebook\":\"Facebook\",\"p43_instagram\":\"Instagram\",\"p44_nenhum\":\"Nenhum\",\"p39_publico\":\"FAMILIAS \",\"p45_bandeira\":\"DIREITOS-HUMANOS CONTRA-O-RACISMO ALIMENTACAO EDUCACAO ACESSO-A-DIREITOS\",\"p46_hashtags\":\"#DIREITOSHUMANOS #EDUCACAO #SAUDE \"},{\"p1_eixo\":\"Viol\\u00eancia\",\"p9_tipoorganizacao\":\"Associa\\u00e7\\u00e3o\",\"p12_uf\":\"RS\",\"p13_cidade\":\"PELOTAS\",\"p16_cidade\":\"Cidade\",\"p17_ano\":\"Anterior a 1980\",\"p18_comunicacao\":\"Comunica\\u00e7\\u00e3o\",\"p18_direitoshumanos\":\"Direitos humanos\",\"p18_educacao\":\"Educa\\u00e7\\u00e3o\",\"p18_feminismos\":\"Feminismos\",\"p18_lgbtqi\":\"LGBTQI\",\"p18_lutaantirracismo\":\"Luta antirracismo\",\"p18_mobilidade\":\"Mobilidade\",\"p18_moradia\":\"Moradia\",\"p18_povosecomunidadestradicionais\":\"Povos e comunidades tradicionais\",\"p18_trabalho\":\"Trabalho\",\"p18_saude\":\"Sa\\u00fade\",\"p18_violencia\":\"Viol\\u00eancia\",\"p18_politicasculturais\":\"Pol\\u00edticas Culturais\",\"p19_feminismos\":\"Feminismos\",\"p19_lutaantirracismo\":\"Luta antirracismo\",\"p19_saude\":\"Sa\\u00fade\",\"p20_reunioes\":\"Reuni\\u00f5es\",\"p20_atendimento\":\"Atendimento\",\"p20_oficinas\":\"Oficinas\",\"p21_nenhum\":\"Nenhum\",\"p22_numerodeparticipantes\":\"1  - 15\",\"p23_reunioes\":\"Reuni\\u00f5es\",\"p23_atendimento\":\"Atendimento\",\"p23_oficinas\":\"Oficinas\",\"p23_outros\":\"Outros\",\"p24_outros\":\"Outros\",\"p25_numerodepessoas\":\"20 - 40\",\"p26_numerodepessoas\":\"1 - 20\",\"p27_espacoproprio\":\"Espa\\u00e7o pr\\u00f3prio\",\"p28_territorios\":\"Cidade\",\"p30_outrasorganizacoes\":\"N\\u00e3o\",\"p32_campanhadelongaduracao\":\"N\\u00e3o\",\"p34_nenhuma\":\"Nenhuma\",\"p36_conselhosdeparticipacaoecontrolesocial\":\"Sim\",\"p38_sim\":\"Sim\",\"p40_editais\":\"N\\u00e3o\",\"p41_autofinanciamento\":\"Auto-financiamento\",\"p41_financiamentocoletivo0\":\"Financiamento coletivo\",\"p42_meiodedivulgacaoproprio\":\"Sim\",\"p43_email\":\"E-mail\",\"p44_radio\":\"R\\u00e1dio\",\"p39_publico\":\"NAO-ESTABELECEM-PUBLICO-PRIORITARIO\",\"p45_bandeira\":\"APOIO-AOS-OPRIMIDOS \",\"p46_hashtags\":\"#APOIOASPESSOASSEMOPORTUNIDADE #JUSTICASOCIAL #CONSCIENTIZACAOPOLITICAPARAASPESSOAS \"},{\"p1_eixo\":\"Cultura\",\"p9_tipoorganizacao\":\"Associa\\u00e7\\u00e3o\",\"p12_uf\":\"SE\",\"p13_cidade\":\"SIMAO DIAS \",\"p16_cidade\":\"Cidade\",\"p17_ano\":\"1994\",\"p18_agrario\":\"Agr\\u00e1rio\\\/ruralidades\",\"p18_comunicacao\":\"Comunica\\u00e7\\u00e3o\",\"p18_difusaoartistica\":\"Difus\\u00e3o Art\\u00edstica\",\"p18_desenvolvimentoterritorial\":\"Desenvolvimento territorial\",\"p18_direitoshumanos\":\"Direitos humanos\",\"p18_educacao\":\"Educa\\u00e7\\u00e3o\",\"p18_feminismos\":\"Feminismos\",\"p18_lutaantirracismo\":\"Luta antirracismo\",\"p18_mobilidade\":\"Mobilidade\",\"p18_povosecomunidadestradicionais\":\"Povos e comunidades tradicionais\",\"p18_saude\":\"Sa\\u00fade\",\"p18_violencia\":\"Viol\\u00eancia\",\"p18_politicasculturais\":\"Pol\\u00edticas Culturais\",\"p19_lutaantirracismo\":\"Luta antirracismo\",\"p19_povosecomunidadestradicionais\":\"Povos e comunidades tradicionais\",\"p19_politicasculturais\":\"Pol\\u00edticas Culturais\",\"p20_reunioes\":\"Reuni\\u00f5es\",\"p20_oficinasaulasartisticas\":\"Ensaios\\\/Oficinas\\\/Aulas art\\u00edsticas\",\"p20_apresentacoesartisticas\":\"Apresenta\\u00e7\\u00f5es art\\u00edsticas\",\"p20_visitasexcursoes\":\"Visitas\\\/Excurs\\u00f5es\",\"p21_intoleranciareligiosa\":\"Fundamentalistamo\\\/intoler\\u00e2ncia religiosa\",\"p21_racismo\":\"Racismo\",\"p22_numerodeparticipantes\":\"15 - 30\",\"p23_reunioes\":\"Reuni\\u00f5es\",\"p23_oficinasaulasartisticas\":\"Ensaio\\\/Oficinas\\\/Aulas Art\\u00edsticas\",\"p23_apresentacoesartisticas\":\"Apresenta\\u00e7\\u00f5es Art\\u00edsticas\",\"p23_excursoes\":\"Excurs\\u00f5es\",\"p23_outros\":\"Outros\",\"p24_outros\":\"Outros\",\"p25_numerodepessoas\":\"100 - 200\",\"p26_numerodepessoas\":\"1 - 20\",\"p27_espacopublico\":\"Espa\\u00e7o p\\u00fablico\",\"p27_virtual\":\"Virtual\",\"p28_territorios\":\"Cidade\",\"p30_outrasorganizacoes\":\"Sim\",\"p32_campanhadelongaduracao\":\"N\\u00e3o\",\"p34_nenhuma\":\"Nenhuma\",\"p36_conselhosdeparticipacaoecontrolesocial\":\"N\\u00e3o\",\"p38_nenhum\":\"Nenhum\",\"p40_editais\":\"Sim\",\"p41_publicoestatal\":\"P\\u00fablico-Estatal\",\"p41_autofinanciamento\":\"Auto-financiamento\",\"p41_financiamentocoletivo0\":\"Financiamento coletivo\",\"p42_meiodedivulgacaoproprio\":\"Sim\",\"p43_facebook\":\"Facebook\",\"p43_instagram\":\"Instagram\",\"p44_radio\":\"R\\u00e1dio\",\"p44_redessociais\":\"Redes sociais (Facebook, YouTube, Instagram etc.)\",\"p39_publico\":\"CRIANCAS ADOLESCENTES-EM-SITUACAO-DE-VULNERABILIDADE \",\"p45_bandeira\":\"ANTIRRACISMO JUSTICA-SOCIAL IGUALDADE \",\"p46_hashtags\":\"#CULTURAVIVAPOVOFORTE #CAPOEIRAEDOBRASIL #IGUALDADEPARATODOS \"},{\"p1_eixo\":\"Cultura\",\"p9_tipoorganizacao\":\"Associa\\u00e7\\u00e3o\",\"p12_uf\":\"RO\",\"p13_cidade\":\"JARU\",\"p16_cidade\":\"Cidade\",\"p17_ano\":\"1999\",\"p18_agrario\":\"Agr\\u00e1rio\\\/ruralidades\",\"p18_comunicacao\":\"Comunica\\u00e7\\u00e3o\",\"p18_difusaoartistica\":\"Difus\\u00e3o Art\\u00edstica\",\"p18_direitoshumanos\":\"Direitos humanos\",\"p18_educacao\":\"Educa\\u00e7\\u00e3o\",\"p18_feminismos\":\"Feminismos\",\"p18_lgbtqi\":\"LGBTQI\",\"p18_lutaantirracismo\":\"Luta antirracismo\",\"p18_mobilidade\":\"Mobilidade\",\"p18_moradia\":\"Moradia\",\"p18_povosecomunidadestradicionais\":\"Povos e comunidades tradicionais\",\"p18_trabalho\":\"Trabalho\",\"p18_religiao\":\"Religi\\u00e3o\",\"p18_saude\":\"Sa\\u00fade\",\"p18_violencia\":\"Viol\\u00eancia\",\"p18_politicasculturais\":\"Pol\\u00edticas Culturais\",\"p19_agrario\":\"Agr\\u00e1rio\\\/ruralidades\",\"p19_comunicacao\":\"Comunica\\u00e7\\u00e3o\",\"p19_politicasculturais\":\"Pol\\u00edticas Culturais\",\"p20_reunioes\":\"Reuni\\u00f5es\",\"p20_oficinas\":\"Oficinas\",\"p20_cursos\":\"Cursos\",\"p20_apresentacoesartisticas\":\"Apresenta\\u00e7\\u00f5es art\\u00edsticas\",\"p21_nenhum\":\"Nenhum\",\"p22_numerodeparticipantes\":\"15 - 30\",\"p23_outros\":\"Outros\",\"p24_reunioes\":\"Reuni\\u00f5es\",\"p24_oficinas\":\"Oficinas\",\"p24_curso\":\"Curso\",\"p24_apresentacoesartisticas\":\"Apresenta\\u00e7\\u00f5es art\\u00edsticas\",\"p24_outros\":\"Outros\",\"p25_numerodepessoas\":\"Mais de 500\",\"p26_numerodepessoas\":\"100 - 200\",\"p27_espacopublico\":\"Espa\\u00e7o p\\u00fablico\",\"p27_espacoemprestadocedido\":\"Espa\\u00e7o emprestado\\\/cedido\",\"p27_espacoproprio\":\"Espa\\u00e7o pr\\u00f3prio\",\"p27_virtual\":\"Virtual\",\"p27_ocupacao\":\"Ocupa\\u00e7\\u00e3o\",\"p28_territorios\":\"Cidade\",\"p30_outrasorganizacoes\":\"Sim\",\"p32_campanhadelongaduracao\":\"Sim\",\"p34_estadual\":\"Estadual\",\"p34_nacional\":\"Nacional\",\"p36_conselhosdeparticipacaoecontrolesocial\":\"Sim\",\"p38_sim\":\"Sim\",\"p40_editais\":\"Sim\",\"p41_financiamentocoletivo0\":\"Financiamento coletivo\",\"p42_meiodedivulgacaoproprio\":\"Sim\",\"p43_facebook\":\"Facebook\",\"p43_whatsapp\":\"WhatApp\",\"p43_instagram\":\"Instagram\",\"p43_radio\":\"R\\u00e1dio\",\"p44_radio\":\"TV\",\"p44_jornaisimpressosdegrandecirculacao\":\"Jornais impressos de grande circula\\u00e7\\u00e3o\",\"p44_jornaisimpressosdebairro\":\"Jornais impressos de bairro\",\"p44_redessociais\":\"Redes sociais (Facebook, YouTube, Instagram etc.)\",\"p44_sitesblogs\":\"Sites ou Blogs\",\"p39_publico\":\"GRUPOS-PERIFERICOS \",\"p45_bandeira\":\"CULTURA COMUNICACAO INDIGENAS MEIO-AMBIENTE SEM-VENENO CUIDANDO-DO-MEIO-AMBIENTE PARTICIPACAO-SOCIAL \",\"p46_hashtags\":\"#COMUNICACAO #PARTICIPACAOSOCIAL #CULTURA \"},{\"p1_eixo\":\"Trabalho\",\"p9_tipoorganizacao\":\"Associa\\u00e7\\u00e3o\",\"p12_uf\":\"MS\",\"p13_cidade\":\"LADARIO\",\"p16_cidade\":\"Cidade\",\"p17_ano\":\"2019\",\"p18_agrario\":\"Agr\\u00e1rio\\\/ruralidades\",\"p18_comunicacao\":\"Comunica\\u00e7\\u00e3o\",\"p18_desenvolvimentoterritorial\":\"Desenvolvimento territorial\",\"p18_direitoshumanos\":\"Direitos humanos\",\"p18_educacao\":\"Educa\\u00e7\\u00e3o\",\"p18_feminismos\":\"Feminismos\",\"p18_lgbtqi\":\"LGBTQI\",\"p18_lutaantirracismo\":\"Luta antirracismo\",\"p18_mobilidade\":\"Mobilidade\",\"p18_moradia\":\"Moradia\",\"p18_povosecomunidadestradicionais\":\"Povos e comunidades tradicionais\",\"p18_trabalho\":\"Trabalho\",\"p18_religiao\":\"Religi\\u00e3o\",\"p18_saude\":\"Sa\\u00fade\",\"p18_politicasculturais\":\"Pol\\u00edticas Culturais\",\"p19_desenvolvimentoterritorial\":\"Desenvolvimento territorial\",\"p19_moradia\":\"Moradia\",\"p19_trabalho\":\"Trabalho\",\"p20_reunioes\":\"Reuni\\u00f5es\",\"p20_atendimento\":\"Atendimento\",\"p20_oficinas\":\"Oficinas\",\"p21_repressaopolicial\":\"Repress\\u00e3o policial\",\"p21_xenofobia\":\"Xenofobia\",\"p21_machismo\":\"Machismo\",\"p21_racismo\":\"Racismo\",\"p21_lgbtqifobia\":\"LGBTIfobia\",\"p21_enfrentamentocomgruposprivadosarmados\":\"Enfrentamento com grupos privados armados\",\"p22_numerodeparticipantes\":\"Mais de 90\",\"p23_reunioes\":\"Reuni\\u00f5es\",\"p23_atendimento\":\"Atendimento\",\"p23_oficinas\":\"Oficinas\",\"p23_outros\":\"Outros\",\"p24_outros\":\"Outros\",\"p25_numerodepessoas\":\"20 - 40\",\"p26_numerodepessoas\":\"40 - 60\",\"p27_espacoproprio\":\"Espa\\u00e7o pr\\u00f3prio\",\"p28_territorios\":\"Cidade\",\"p30_outrasorganizacoes\":\"Sim\",\"p32_campanhadelongaduracao\":\"N\\u00e3o\",\"p34_nenhuma\":\"Nenhuma\",\"p36_conselhosdeparticipacaoecontrolesocial\":\"Sim\",\"p38_nenhum\":\"Nenhum\",\"p40_editais\":\"N\\u00e3o\",\"p41_autofinanciamento\":\"Auto-financiamento\",\"p41_financiamentocoletivo0\":\"Financiamento coletivo\",\"p42_meiodedivulgacaoproprio\":\"Sim\",\"p43_instagram\":\"Instagram\",\"p44_radio\":\"TV\",\"p39_publico\":\"POPULACAO-DA-COMUNIDADE\",\"p45_bandeira\":\"PERSISTENCIA UNIAO\",\"p46_hashtags\":\"#PERSISTENCIAVENCEALUTA #PROTEGERONOSSOTERRITORIO #PANTANALSOMOSNOSRIBEIRINHOS\"},{\"p1_eixo\":\"Cultura\",\"p9_tipoorganizacao\":\"Associa\\u00e7\\u00e3o\",\"p12_uf\":\"MA\",\"p13_cidade\":\"IMPERATRIZ \",\"p16_cidade\":\"Cidade\",\"p17_ano\":\"1995\",\"p18_agrario\":\"Agr\\u00e1rio\\\/ruralidades\",\"p18_direitoshumanos\":\"Direitos humanos\",\"p18_educacao\":\"Educa\\u00e7\\u00e3o\",\"p18_feminismos\":\"Feminismos\",\"p18_lutaantirracismo\":\"Luta antirracismo\",\"p18_moradia\":\"Moradia\",\"p18_trabalho\":\"Trabalho\",\"p18_religiao\":\"Religi\\u00e3o\",\"p18_saude\":\"Sa\\u00fade\",\"p18_violencia\":\"Viol\\u00eancia\",\"p18_politicasculturais\":\"Pol\\u00edticas Culturais\",\"p19_direitoshumanos\":\"Direitos humanos\",\"p19_religiao\":\"Religi\\u00e3o\",\"p19_violencia\":\"Viol\\u00eancia\",\"p20_reunioes\":\"Reuni\\u00f5es\",\"p20_oficinas\":\"Oficinas\",\"p20_oficinasaulasartisticas\":\"Ensaios\\\/Oficinas\\\/Aulas art\\u00edsticas\",\"p20_formacao\":\"Forma\\u00e7\\u00e3o\",\"p21_machismo\":\"Machismo\",\"p22_numerodeparticipantes\":\"1  - 15\",\"p23_reunioes\":\"Reuni\\u00f5es\",\"p23_outros\":\"Outros\",\"p24_oficinas\":\"Oficinas\",\"p24_oficinasaulasartisticas\":\"Ensaios\\\/Oficinas\\\/Aulas art\\u00edsticas\",\"p24_formacao\":\"Forma\\u00e7\\u00e3o\",\"p24_outros\":\"Outros\",\"p25_numerodepessoas\":\"1 - 20\",\"p26_numerodepessoas\":\"1 - 20\",\"p27_espacoemprestadocedido\":\"Espa\\u00e7o emprestado\\\/cedido\",\"p28_territorios\":\"Cidade\",\"p30_outrasorganizacoes\":\"Sim\",\"p32_campanhadelongaduracao\":\"Sim\",\"p34_nenhuma\":\"Nenhuma\",\"p36_conselhosdeparticipacaoecontrolesocial\":\"N\\u00e3o\",\"p38_sim\":\"Sim\",\"p40_editais\":\"Sim\",\"p41_financiamentocoletivo0\":\"Financiamento coletivo\",\"p42_meiodedivulgacaoproprio\":\"Sim\",\"p43_nenhum\":\"Nenhum\",\"p44_nenhum\":\"Nenhum\",\"p39_publico\":\"MULHERES-EM-CONDICAO-DE-VULNERABILIDADE \",\"p45_bandeira\":\"LGBTQ MULHERES CRIANCAS IDOSO JUVENTUDE ADOLESCENTE\",\"p46_hashtags\":\"#VIDADASMULHERES #VIDASPESSOAS #DEFESADAVIDA\"},{\"p1_eixo\":\"Trabalho\",\"p9_tipoorganizacao\":\"Associa\\u00e7\\u00e3o\",\"p12_uf\":\"MA\",\"p13_cidade\":\"IMPERATRIZ \",\"p16_cidade\":\"Cidade\",\"p17_ano\":\"2010\",\"p18_agrario\":\"Agr\\u00e1rio\\\/ruralidades\",\"p18_comunicacao\":\"Comunica\\u00e7\\u00e3o\",\"p18_difusaoartistica\":\"Difus\\u00e3o Art\\u00edstica\",\"p18_desenvolvimentoterritorial\":\"Desenvolvimento territorial\",\"p18_direitoshumanos\":\"Direitos humanos\",\"p18_educacao\":\"Educa\\u00e7\\u00e3o\",\"p18_feminismos\":\"Feminismos\",\"p18_lgbtqi\":\"LGBTQI\",\"p18_lutaantirracismo\":\"Luta antirracismo\",\"p18_mobilidade\":\"Mobilidade\",\"p18_moradia\":\"Moradia\",\"p18_povosecomunidadestradicionais\":\"Povos e comunidades tradicionais\",\"p18_trabalho\":\"Trabalho\",\"p18_religiao\":\"Religi\\u00e3o\",\"p18_saude\":\"Sa\\u00fade\",\"p18_violencia\":\"Viol\\u00eancia\",\"p18_politicasculturais\":\"Pol\\u00edticas Culturais\",\"p19_educacao\":\"Educa\\u00e7\\u00e3o\",\"p19_violencia\":\"Viol\\u00eancia\",\"p19_politicasculturais\":\"Pol\\u00edticas Culturais\",\"p20_reunioes\":\"Reuni\\u00f5es\",\"p20_oficinas\":\"Oficinas\",\"p20_oficinasaulasartisticas\":\"Ensaios\\\/Oficinas\\\/Aulas art\\u00edsticas\",\"p20_apresentacoesartisticas\":\"Apresenta\\u00e7\\u00f5es art\\u00edsticas\",\"p21_racismo\":\"Racismo\",\"p22_numerodeparticipantes\":\"Mais de 90\",\"p23_reunioes\":\"Reuni\\u00f5es\",\"p23_oficinas\":\"Oficinas\",\"p23_oficinasaulasartisticas\":\"Ensaio\\\/Oficinas\\\/Aulas Art\\u00edsticas\",\"p23_outros\":\"Outros\",\"p24_apresentacoesartisticas\":\"Apresenta\\u00e7\\u00f5es art\\u00edsticas\",\"p24_outros\":\"Outros\",\"p25_numerodepessoas\":\"200 - 300\",\"p26_numerodepessoas\":\"100 - 200\",\"p27_espacopublico\":\"Espa\\u00e7o p\\u00fablico\",\"p27_espacoemprestadocedido\":\"Espa\\u00e7o emprestado\\\/cedido\",\"p27_espacoproprio\":\"Espa\\u00e7o pr\\u00f3prio\",\"p27_virtual\":\"Virtual\",\"p28_territorios\":\"Cidade\",\"p30_outrasorganizacoes\":\"Sim\",\"p32_campanhadelongaduracao\":\"Sim\",\"p34_estadual\":\"Estadual\",\"p36_conselhosdeparticipacaoecontrolesocial\":\"Sim\",\"p38_nenhum\":\"Nenhum\",\"p40_editais\":\"Sim\",\"p41_autofinanciamento\":\"Auto-financiamento\",\"p41_financiamentocoletivo0\":\"Financiamento coletivo\",\"p42_meiodedivulgacaoproprio\":\"Sim\",\"p43_email\":\"E-mail\",\"p43_instagram\":\"Instagram\",\"p44_radio\":\"TV\",\"p39_publico\":\"CATADORES \",\"p45_bandeira\":\"CONTRA-O-RACISMO A-FAVOR-DOS-TRABALHADORES\",\"p46_hashtags\":\"#LUTA #FORCA #CATADORES \"},{\"p1_eixo\":\"Cultura\",\"p9_tipoorganizacao\":\"Associa\\u00e7\\u00e3o\",\"p12_uf\":\"TO\",\"p13_cidade\":\"MURICILANDIA \",\"p17_ano\":\"2010\",\"p16_estado\":\"Estado\",\"p18_agrario\":\"Agr\\u00e1rio\\\/ruralidades\",\"p18_comunicacao\":\"Comunica\\u00e7\\u00e3o\",\"p18_difusaoartistica\":\"Difus\\u00e3o Art\\u00edstica\",\"p18_desenvolvimentoterritorial\":\"Desenvolvimento territorial\",\"p18_direitoshumanos\":\"Direitos humanos\",\"p18_educacao\":\"Educa\\u00e7\\u00e3o\",\"p18_feminismos\":\"Feminismos\",\"p18_lgbtqi\":\"LGBTQI\",\"p18_lutaantirracismo\":\"Luta antirracismo\",\"p18_mobilidade\":\"Mobilidade\",\"p18_moradia\":\"Moradia\",\"p18_povosecomunidadestradicionais\":\"Povos e comunidades tradicionais\",\"p18_trabalho\":\"Trabalho\",\"p18_religiao\":\"Religi\\u00e3o\",\"p18_saude\":\"Sa\\u00fade\",\"p18_violencia\":\"Viol\\u00eancia\",\"p18_politicasculturais\":\"Pol\\u00edticas Culturais\",\"p19_agrario\":\"Agr\\u00e1rio\\\/ruralidades\",\"p19_educacao\":\"Educa\\u00e7\\u00e3o\",\"p19_politicasculturais\":\"Pol\\u00edticas Culturais\",\"p20_reunioes\":\"Reuni\\u00f5es\",\"p20_atendimento\":\"Atendimento\",\"p20_oficinas\":\"Oficinas\",\"p20_oficinasaulasartisticas\":\"Ensaios\\\/Oficinas\\\/Aulas art\\u00edsticas\",\"p20_apresentacoesartisticas\":\"Apresenta\\u00e7\\u00f5es art\\u00edsticas\",\"p20_visitasexcursoes\":\"Visitas\\\/Excurs\\u00f5es\",\"p21_repressaopolicial\":\"Repress\\u00e3o policial\",\"p21_intoleranciareligiosa\":\"Fundamentalistamo\\\/intoler\\u00e2ncia religiosa\",\"p21_xenofobia\":\"Xenofobia\",\"p21_machismo\":\"Machismo\",\"p21_racismo\":\"Racismo\",\"p21_lgbtqifobia\":\"LGBTIfobia\",\"p22_numerodeparticipantes\":\"Mais de 90\",\"p23_atendimento\":\"Atendimento\",\"p23_outros\":\"Outros\",\"p24_reunioes\":\"Reuni\\u00f5es\",\"p24_atendimento\":\"Atendimentos\",\"p24_oficinas\":\"Oficinas\",\"p24_oficinasaulasartisticas\":\"Ensaios\\\/Oficinas\\\/Aulas art\\u00edsticas\",\"p24_apresentacoesartisticas\":\"Apresenta\\u00e7\\u00f5es art\\u00edsticas\",\"p24_outros\":\"Outros\",\"p25_numerodepessoas\":\"20 - 40\",\"p26_numerodepessoas\":\"60 - 80\",\"p27_espacopublico\":\"Espa\\u00e7o p\\u00fablico\",\"p27_espacoemprestadocedido\":\"Espa\\u00e7o emprestado\\\/cedido\",\"p27_espacoproprio\":\"Espa\\u00e7o pr\\u00f3prio\",\"p27_virtual\":\"Virtual\",\"p28_territorios\":\"Estado\",\"p30_outrasorganizacoes\":\"Sim\",\"p32_campanhadelongaduracao\":\"Sim\",\"p34_estadual\":\"Estadual\",\"p36_conselhosdeparticipacaoecontrolesocial\":\"Sim\",\"p38_sim\":\"Sim\",\"p40_editais\":\"Sim\",\"p41_publicoestatal\":\"P\\u00fablico-Estatal\",\"p41_financiamentocoletivo0\":\"Financiamento coletivo\",\"p42_meiodedivulgacaoproprio\":\"Sim\",\"p43_email\":\"E-mail\",\"p43_facebook\":\"Facebook\",\"p43_whatsapp\":\"WhatApp\",\"p43_instagram\":\"Instagram\",\"p44_radio\":\"TV\",\"p39_publico\":\"MULHERES JOVENS ESTUDANTE ADULTOS \",\"p45_bandeira\":\"REAVER-O-TERRITORIO-ANCESTRAL FORTALECIMENTO-DA-CULTURA-QUILOMBOLA-NA-COMUNIDADE ESCOLAS-ADOTEM-AS-TEMATICAS-ANTIRRACISTAS\",\"p46_hashtags\":\"#UMALUTAACADADIA #AQUILOMBAR #REAVERTERRITORIOANCESTRAL \"},{\"p1_eixo\":\"Cultura\",\"p9_tipoorganizacao\":\"Associa\\u00e7\\u00e3o\",\"p12_uf\":\"SE\",\"p13_cidade\":\"POCO VERDE\",\"p16_internacional\":\"Internacional\",\"p17_ano\":\"2002\",\"p18_comunicacao\":\"Comunica\\u00e7\\u00e3o\",\"p18_difusaoartistica\":\"Difus\\u00e3o Art\\u00edstica\",\"p18_desenvolvimentoterritorial\":\"Desenvolvimento territorial\",\"p18_direitoshumanos\":\"Direitos humanos\",\"p18_educacao\":\"Educa\\u00e7\\u00e3o\",\"p18_feminismos\":\"Feminismos\",\"p18_lgbtqi\":\"LGBTQI\",\"p18_lutaantirracismo\":\"Luta antirracismo\",\"p18_mobilidade\":\"Mobilidade\",\"p18_moradia\":\"Moradia\",\"p18_povosecomunidadestradicionais\":\"Povos e comunidades tradicionais\",\"p18_trabalho\":\"Trabalho\",\"p18_religiao\":\"Religi\\u00e3o\",\"p18_saude\":\"Sa\\u00fade\",\"p18_violencia\":\"Viol\\u00eancia\",\"p18_politicasculturais\":\"Pol\\u00edticas Culturais\",\"p19_desenvolvimentoterritorial\":\"Desenvolvimento territorial\",\"p19_educacao\":\"Educa\\u00e7\\u00e3o\",\"p19_lutaantirracismo\":\"Luta antirracismo\",\"p20_reunioes\":\"Reuni\\u00f5es\",\"p20_oficinasaulasartisticas\":\"Ensaios\\\/Oficinas\\\/Aulas art\\u00edsticas\",\"p20_formacao\":\"Forma\\u00e7\\u00e3o\",\"p20_apresentacoesartisticas\":\"Apresenta\\u00e7\\u00f5es art\\u00edsticas\",\"p20_visitasexcursoes\":\"Visitas\\\/Excurs\\u00f5es\",\"p21_machismo\":\"Machismo\",\"p22_numerodeparticipantes\":\"1  - 15\",\"p23_reunioes\":\"Reuni\\u00f5es\",\"p23_oficinasaulasartisticas\":\"Ensaio\\\/Oficinas\\\/Aulas Art\\u00edsticas\",\"p23_formacao\":\"Forma\\u00e7\\u00e3o\",\"p23_outros\":\"Outros\",\"p24_oficinasaulasartisticas\":\"Ensaios\\\/Oficinas\\\/Aulas art\\u00edsticas\",\"p24_apresentacoesartisticas\":\"Apresenta\\u00e7\\u00f5es art\\u00edsticas\",\"p24_visitasexcursoes\":\"Visitas\\\/Excurs\\u00f5es\",\"p24_outros\":\"Outros\",\"p25_numerodepessoas\":\"20 - 40\",\"p26_numerodepessoas\":\"1 - 20\",\"p27_espacopublico\":\"Espa\\u00e7o p\\u00fablico\",\"p27_espacoemprestadocedido\":\"Espa\\u00e7o emprestado\\\/cedido\",\"p28_territorios\":\"Cidade\",\"p30_outrasorganizacoes\":\"Sim\",\"p32_campanhadelongaduracao\":\"N\\u00e3o\",\"p34_internacional\":\"Internacional\",\"p36_conselhosdeparticipacaoecontrolesocial\":\"N\\u00e3o\",\"p38_nenhum\":\"Nenhum\",\"p40_editais\":\"Sim\",\"p41_publicoestatal\":\"P\\u00fablico-Estatal\",\"p41_autofinanciamento\":\"Auto-financiamento\",\"p41_financiamentocoletivo0\":\"Financiamento coletivo\",\"p42_meiodedivulgacaoproprio\":\"Sim\",\"p43_instagram\":\"Instagram\",\"p44_radio\":\"R\\u00e1dio\",\"p39_publico\":\"CRIANCAS ADOLESCENTES JOVENS\",\"p45_bandeira\":\"ANTIRRACISMO CONTRA-A-HOMOFOBIA RESPEITO-A-CAPOEIRA EDUCACAO RESPEITO IGUALDADE\",\"p46_hashtags\":\"#SOOSFORTESSOBREVIVEM # RESPEITO #EDUCACAO \"},{\"p1_eixo\":\"Cultura\",\"p9_tipoorganizacao\":\"Associa\\u00e7\\u00e3o\",\"p12_uf\":\"SE\",\"p13_cidade\":\"SAO CRISTOVAO\",\"p16_internacional\":\"Internacional\",\"p17_ano\":\"2010\",\"p18_comunicacao\":\"Comunica\\u00e7\\u00e3o\",\"p18_difusaoartistica\":\"Difus\\u00e3o Art\\u00edstica\",\"p18_desenvolvimentoterritorial\":\"Desenvolvimento territorial\",\"p18_direitoshumanos\":\"Direitos humanos\",\"p18_educacao\":\"Educa\\u00e7\\u00e3o\",\"p18_feminismos\":\"Feminismos\",\"p18_lgbtqi\":\"LGBTQI\",\"p18_lutaantirracismo\":\"Luta antirracismo\",\"p18_mobilidade\":\"Mobilidade\",\"p18_moradia\":\"Moradia\",\"p18_povosecomunidadestradicionais\":\"Povos e comunidades tradicionais\",\"p18_trabalho\":\"Trabalho\",\"p18_religiao\":\"Religi\\u00e3o\",\"p18_saude\":\"Sa\\u00fade\",\"p18_politicasculturais\":\"Pol\\u00edticas Culturais\",\"p19_educacao\":\"Educa\\u00e7\\u00e3o\",\"p19_lutaantirracismo\":\"Luta antirracismo\",\"p19_saude\":\"Sa\\u00fade\",\"p20_reunioes\":\"Reuni\\u00f5es\",\"p20_oficinas\":\"Oficinas\",\"p20_oficinasaulasartisticas\":\"Ensaios\\\/Oficinas\\\/Aulas art\\u00edsticas\",\"p20_apresentacoesartisticas\":\"Apresenta\\u00e7\\u00f5es art\\u00edsticas\",\"p21_intoleranciareligiosa\":\"Fundamentalistamo\\\/intoler\\u00e2ncia religiosa\",\"p21_machismo\":\"Machismo\",\"p21_racismo\":\"Racismo\",\"p22_numerodeparticipantes\":\"Mais de 90\",\"p23_oficinasaulasartisticas\":\"Ensaio\\\/Oficinas\\\/Aulas Art\\u00edsticas\",\"p23_cursos\":\"Cursos\",\"p24_outros\":\"Outros\",\"p25_numerodepessoas\":\"100 - 200\",\"p26_numerodepessoas\":\"1 - 20\",\"p27_espacopublico\":\"Espa\\u00e7o p\\u00fablico\",\"p28_territorios\":\"Estado\",\"p30_outrasorganizacoes\":\"Sim\",\"p32_campanhadelongaduracao\":\"N\\u00e3o\",\"p34_estadual\":\"Estadual\",\"p36_conselhosdeparticipacaoecontrolesocial\":\"Sim\",\"p38_nenhum\":\"Nenhum\",\"p40_editais\":\"Sim\",\"p41_autofinanciamento\":\"Auto-financiamento\",\"p41_financiamentocoletivo0\":\"Financiamento coletivo\",\"p42_meiodedivulgacaoproprio\":\"Sim\",\"p43_facebook\":\"Facebook\",\"p43_instagram\":\"Instagram\",\"p43_youtube\":\"YouTube\",\"p44_radio\":\"TV\",\"p39_publico\":\"CRIANCAS ADOLESCENTES\",\"p45_bandeira\":\"ANTIRRACISMO VIOLENCIA-DOMESTICA VIOLENCIA-INFANTIL ASSEDIO ABUSO\",\"p46_hashtags\":\"#LUTARSEMPRE #DESISTIRNUNCA #NAOACEITARNADAQUENAOTEAGRADE\"},{\"p1_eixo\":\"Cultura\",\"p9_tipoorganizacao\":\"Associa\\u00e7\\u00e3o\",\"p12_uf\":\"DF\",\"p13_cidade\":\"PARANOA \",\"p16_cidade\":\"Cidade\",\"p17_ano\":\"1990\",\"p18_comunicacao\":\"Comunica\\u00e7\\u00e3o\",\"p18_difusaoartistica\":\"Difus\\u00e3o Art\\u00edstica\",\"p18_desenvolvimentoterritorial\":\"Desenvolvimento territorial\",\"p18_direitoshumanos\":\"Direitos humanos\",\"p18_educacao\":\"Educa\\u00e7\\u00e3o\",\"p18_lutaantirracismo\":\"Luta antirracismo\",\"p18_mobilidade\":\"Mobilidade\",\"p18_trabalho\":\"Trabalho\",\"p18_saude\":\"Sa\\u00fade\",\"p18_violencia\":\"Viol\\u00eancia\",\"p18_politicasculturais\":\"Pol\\u00edticas Culturais\",\"p19_direitoshumanos\":\"Direitos humanos\",\"p19_difusaoartistica\":\"Difus\\u00e3o Art\\u00edstica\",\"p19_politicasculturais\":\"Pol\\u00edticas Culturais\",\"p20_reunioes\":\"Reuni\\u00f5es\",\"p20_oficinas\":\"Oficinas\",\"p20_oficinasaulasartisticas\":\"Ensaios\\\/Oficinas\\\/Aulas art\\u00edsticas\",\"p20_apresentacoesartisticas\":\"Apresenta\\u00e7\\u00f5es art\\u00edsticas\",\"p21_nenhum\":\"Nenhum\",\"p22_numerodeparticipantes\":\"60 - 75\",\"p23_reunioes\":\"Reuni\\u00f5es\",\"p23_oficinas\":\"Oficinas\",\"p23_oficinasaulasartisticas\":\"Ensaio\\\/Oficinas\\\/Aulas Art\\u00edsticas\",\"p23_apresentacoesartisticas\":\"Apresenta\\u00e7\\u00f5es Art\\u00edsticas\",\"p23_outros\":\"Outros\",\"p24_outros\":\"Outros\",\"p25_numerodepessoas\":\"Mais de 500\",\"p26_numerodepessoas\":\"1 - 20\",\"p27_espacopublico\":\"Espa\\u00e7o p\\u00fablico\",\"p28_territorios\":\"Cidade\",\"p30_outrasorganizacoes\":\"Sim\",\"p32_campanhadelongaduracao\":\"N\\u00e3o\",\"p34_nenhuma\":\"Nenhuma\",\"p36_conselhosdeparticipacaoecontrolesocial\":\"N\\u00e3o\",\"p38_sim\":\"Sim\",\"p40_editais\":\"N\\u00e3o\",\"p41_autofinanciamento\":\"Auto-financiamento\",\"p41_financiamentocoletivo0\":\"Financiamento coletivo\",\"p42_meiodedivulgacaoproprio\":\"Sim\",\"p43_instagram\":\"Instagram\",\"p44_jornaisimpressosdegrandecirculacao\":\"Jornais impressos de grande circula\\u00e7\\u00e3o\",\"p44_jornaisimpressosdebairro\":\"Jornais impressos de bairro\",\"p39_publico\":\"JOVENS ADULTOS IDOSOS CRIANCAS\",\"p45_bandeira\":\"FESTA-JUNINA AREA-CULTURAL\",\"p46_hashtags\":\"#HISTORIA #LUTA #PARTICIPACAODACOMUNIDADE\"},{\"p1_eixo\":\"Trabalho\",\"p9_tipoorganizacao\":\"Associa\\u00e7\\u00e3o\",\"p12_uf\":\"RN\",\"p13_cidade\":\"LUIS GOMES \",\"p16_bairro\":\"Bairro\",\"p17_ano\":\"1995\",\"p18_agrario\":\"Agr\\u00e1rio\\\/ruralidades\",\"p18_comunicacao\":\"Comunica\\u00e7\\u00e3o\",\"p18_difusaoartistica\":\"Difus\\u00e3o Art\\u00edstica\",\"p18_desenvolvimentoterritorial\":\"Desenvolvimento territorial\",\"p18_direitoshumanos\":\"Direitos humanos\",\"p18_educacao\":\"Educa\\u00e7\\u00e3o\",\"p18_feminismos\":\"Feminismos\",\"p18_lutaantirracismo\":\"Luta antirracismo\",\"p18_mobilidade\":\"Mobilidade\",\"p18_moradia\":\"Moradia\",\"p18_povosecomunidadestradicionais\":\"Povos e comunidades tradicionais\",\"p18_trabalho\":\"Trabalho\",\"p18_religiao\":\"Religi\\u00e3o\",\"p18_saude\":\"Sa\\u00fade\",\"p18_politicasculturais\":\"Pol\\u00edticas Culturais\",\"p19_desenvolvimentoterritorial\":\"Desenvolvimento territorial\",\"p19_moradia\":\"Moradia\",\"p19_saude\":\"Sa\\u00fade\",\"p20_reunioes\":\"Reuni\\u00f5es\",\"p21_repressaopolicial\":\"Repress\\u00e3o policial\",\"p21_intoleranciareligiosa\":\"Fundamentalistamo\\\/intoler\\u00e2ncia religiosa\",\"p21_enfrentamentocomgruposprivadosarmados\":\"Enfrentamento com grupos privados armados\",\"p22_numerodeparticipantes\":\"45 - 60\",\"p23_outros\":\"Outros\",\"p24_reunioes\":\"Reuni\\u00f5es\",\"p24_oficinas\":\"Oficinas\",\"p24_outros\":\"Outros\",\"p25_numerodepessoas\":\"1 - 20\",\"p26_numerodepessoas\":\"1 - 20\",\"p27_espacopublico\":\"Espa\\u00e7o p\\u00fablico\",\"p28_territorios\":\"Pr\\u00f3prio bairro\",\"p30_outrasorganizacoes\":\"Sim\",\"p32_campanhadelongaduracao\":\"N\\u00e3o\",\"p34_nenhuma\":\"Nenhuma\",\"p36_conselhosdeparticipacaoecontrolesocial\":\"N\\u00e3o\",\"p38_sim\":\"Sim\",\"p40_editais\":\"Sim\",\"p41_autofinanciamento\":\"Auto-financiamento\",\"p41_financiamentocoletivo0\":\"Financiamento coletivo\",\"p42_meiodedivulgacaoproprio\":\"Sim\",\"p43_whatsapp\":\"WhatApp\",\"p44_nenhum\":\"Nenhum\",\"p39_publico\":\"JOVENS ADOLESCENTES IDOSOS\",\"p45_bandeira\":\"LUTA-RURAL RACISMO\",\"p46_hashtags\":\"#RACISMO #LUTA #DISPONIBILIDADE\"},{\"p1_eixo\":\"Viol\\u00eancia\",\"p9_tipoorganizacao\":\"Associa\\u00e7\\u00e3o\",\"p12_uf\":\"RJ\",\"p13_cidade\":\"NOVA IGUACU\",\"p16_nacional\":\"Nacional\",\"p17_ano\":\"2020\",\"p18_comunicacao\":\"Comunica\\u00e7\\u00e3o\",\"p18_difusaoartistica\":\"Difus\\u00e3o Art\\u00edstica\",\"p18_desenvolvimentoterritorial\":\"Desenvolvimento territorial\",\"p18_direitoshumanos\":\"Direitos humanos\",\"p18_educacao\":\"Educa\\u00e7\\u00e3o\",\"p18_feminismos\":\"Feminismos\",\"p18_lgbtqi\":\"LGBTQI\",\"p18_lutaantirracismo\":\"Luta antirracismo\",\"p18_moradia\":\"Moradia\",\"p18_povosecomunidadestradicionais\":\"Povos e comunidades tradicionais\",\"p18_trabalho\":\"Trabalho\",\"p18_saude\":\"Sa\\u00fade\",\"p18_violencia\":\"Viol\\u00eancia\",\"p18_politicasculturais\":\"Pol\\u00edticas Culturais\",\"p19_direitoshumanos\":\"Direitos humanos\",\"p19_lgbtqi\":\"LGBTQI\",\"p19_saude\":\"Sa\\u00fade\",\"p20_reunioes\":\"Reuni\\u00f5es\",\"p20_atendimento\":\"Atendimento\",\"p20_oficinas\":\"Oficinas\",\"p20_oficinasaulasartisticas\":\"Ensaios\\\/Oficinas\\\/Aulas art\\u00edsticas\",\"p20_profissionalizacao\":\"Profissionaliza\\u00e7\\u00e3o\",\"p20_apresentacoesartisticas\":\"Apresenta\\u00e7\\u00f5es art\\u00edsticas\",\"p21_intoleranciareligiosa\":\"Fundamentalistamo\\\/intoler\\u00e2ncia religiosa\",\"p21_machismo\":\"Machismo\",\"p21_racismo\":\"Racismo\",\"p21_lgbtqifobia\":\"LGBTIfobia\",\"p21_enfrentamentocomgruposprivadosarmados\":\"Enfrentamento com grupos privados armados\",\"p22_numerodeparticipantes\":\"1  - 15\",\"p23_reunioes\":\"Reuni\\u00f5es\",\"p23_atendimento\":\"Atendimento\",\"p23_outros\":\"Outros\",\"p24_oficinas\":\"Oficinas\",\"p24_oficinasaulasartisticas\":\"Ensaios\\\/Oficinas\\\/Aulas art\\u00edsticas\",\"p24_apresentacoesartisticas\":\"Apresenta\\u00e7\\u00f5es art\\u00edsticas\",\"p24_outros\":\"Outros\",\"p25_numerodepessoas\":\"100 - 200\",\"p26_numerodepessoas\":\"20 - 40\",\"p27_espacopublico\":\"Espa\\u00e7o p\\u00fablico\",\"p27_espacoproprio\":\"Espa\\u00e7o pr\\u00f3prio\",\"p28_territorios\":\"Cidade\",\"p30_outrasorganizacoes\":\"Sim\",\"p32_campanhadelongaduracao\":\"Sim\",\"p34_estadual\":\"Estadual\",\"p34_nacional\":\"Nacional\",\"p36_conselhosdeparticipacaoecontrolesocial\":\"Sim\",\"p38_nenhum\":\"Nenhum\",\"p40_editais\":\"Sim\",\"p41_publicoestatal\":\"P\\u00fablico-Estatal\",\"p41_privadopf\":\"Privado (P. F\\u00edsica)\",\"p41_privadopj\":\"Privado (P. Jur\\u00eddica)\",\"p41_autofinanciamento\":\"Auto-financiamento\",\"p41_financiamentocoletivo0\":\"Financiamento coletivo\",\"p42_meiodedivulgacaoproprio\":\"Sim\",\"p43_email\":\"E-mail\",\"p43_facebook\":\"Facebook\",\"p43_instagram\":\"Instagram\",\"p43_twitter\":\"Twitter\",\"p44_radio\":\"TV\",\"p44_redessociais\":\"Redes sociais (Facebook, YouTube, Instagram etc.)\",\"p44_sitesblogs\":\"Sites ou Blogs\",\"p39_publico\":\"MULHERES PESSOAS-LGBTQIA+\",\"p45_bandeira\":\"ANTIRRACISMO FEMINISMO DIREITOS-HUMANOS DIREITOS-LGBTQIA ACOLHIMENTO CUIDADO-COMO-POLITICA-PUBLICA \",\"p46_hashtags\":\"#ACOLHIMENTO #DIREITOHUMANOS #LGTQIAPN\"},{\"p1_eixo\":\"Trabalho\",\"p9_tipoorganizacao\":\"Associa\\u00e7\\u00e3o\",\"p12_uf\":\"RN\",\"p13_cidade\":\"LUIS GOMES \",\"p16_cidade\":\"Cidade\",\"p17_ano\":\"Anterior a 1980\",\"p18_agrario\":\"Agr\\u00e1rio\\\/ruralidades\",\"p18_comunicacao\":\"Comunica\\u00e7\\u00e3o\",\"p18_moradia\":\"Moradia\",\"p19_agrario\":\"Agr\\u00e1rio\\\/ruralidades\",\"p19_comunicacao\":\"Comunica\\u00e7\\u00e3o\",\"p19_moradia\":\"Moradia\",\"p20_reunioes\":\"Reuni\\u00f5es\",\"p20_formacao\":\"Forma\\u00e7\\u00e3o\",\"p21_nenhum\":\"Nenhum\",\"p22_numerodeparticipantes\":\"1  - 15\",\"p23_outros\":\"Outros\",\"p24_reunioes\":\"Reuni\\u00f5es\",\"p24_formacao\":\"Forma\\u00e7\\u00e3o\",\"p24_outros\":\"Outros\",\"p25_numerodepessoas\":\"1 - 20\",\"p26_numerodepessoas\":\"20 - 40\",\"p27_espacoemprestadocedido\":\"Espa\\u00e7o emprestado\\\/cedido\",\"p28_territorios\":\"Pr\\u00f3prio bairro\",\"p30_outrasorganizacoes\":\"N\\u00e3o\",\"p32_campanhadelongaduracao\":\"N\\u00e3o\",\"p34_nenhuma\":\"Nenhuma\",\"p36_conselhosdeparticipacaoecontrolesocial\":\"N\\u00e3o\",\"p38_nenhum\":\"Nenhum\",\"p40_editais\":\"N\\u00e3o\",\"p41_autofinanciamento\":\"Auto-financiamento\",\"p42_meiodedivulgacaoproprio\":\"Sim\",\"p43_nenhum\":\"Nenhum\",\"p44_nenhum\":\"Nenhum\",\"p39_publico\":\"ASSOCIADOS\",\"p45_bandeira\":\"NAO SE APLICA \",\"p46_hashtags\":\"NAO SE APLICA \"},{\"p1_eixo\":\"Trabalho\",\"p9_tipoorganizacao\":\"Associa\\u00e7\\u00e3o\",\"p12_uf\":\"MT\",\"p13_cidade\":\"VARZEA GRANDE\",\"p16_cidade\":\"Cidade\",\"p17_ano\":\"2022\",\"p18_agrario\":\"Agr\\u00e1rio\\\/ruralidades\",\"p18_comunicacao\":\"Comunica\\u00e7\\u00e3o\",\"p18_difusaoartistica\":\"Difus\\u00e3o Art\\u00edstica\",\"p18_direitoshumanos\":\"Direitos humanos\",\"p18_educacao\":\"Educa\\u00e7\\u00e3o\",\"p18_feminismos\":\"Feminismos\",\"p18_lgbtqi\":\"LGBTQI\",\"p18_lutaantirracismo\":\"Luta antirracismo\",\"p18_mobilidade\":\"Mobilidade\",\"p18_moradia\":\"Moradia\",\"p18_povosecomunidadestradicionais\":\"Povos e comunidades tradicionais\",\"p18_trabalho\":\"Trabalho\",\"p18_religiao\":\"Religi\\u00e3o\",\"p18_saude\":\"Sa\\u00fade\",\"p18_violencia\":\"Viol\\u00eancia\",\"p18_politicasculturais\":\"Pol\\u00edticas Culturais\",\"p19_lgbtqi\":\"LGBTQI\",\"p19_lutaantirracismo\":\"Luta antirracismo\",\"p19_povosecomunidadestradicionais\":\"Povos e comunidades tradicionais\",\"p20_reunioes\":\"Reuni\\u00f5es\",\"p20_atendimento\":\"Atendimento\",\"p20_oficinas\":\"Oficinas\",\"p21_nenhum\":\"Nenhum\",\"p22_numerodeparticipantes\":\"1  - 15\",\"p23_reunioes\":\"Reuni\\u00f5es\",\"p23_atendimento\":\"Atendimento\",\"p23_oficinas\":\"Oficinas\",\"p23_outros\":\"Outros\",\"p24_outros\":\"Outros\",\"p25_numerodepessoas\":\"60 - 80\",\"p26_numerodepessoas\":\"1 - 20\",\"p27_espacoproprio\":\"Espa\\u00e7o pr\\u00f3prio\",\"p28_territorios\":\"Cidade\",\"p30_outrasorganizacoes\":\"Sim\",\"p32_campanhadelongaduracao\":\"Sim\",\"p34_nenhuma\":\"Nenhuma\",\"p36_conselhosdeparticipacaoecontrolesocial\":\"Sim\",\"p38_nenhum\":\"Nenhum\",\"p40_editais\":\"N\\u00e3o\",\"p41_autofinanciamento\":\"Auto-financiamento\",\"p41_financiamentocoletivo0\":\"Financiamento coletivo\",\"p42_meiodedivulgacaoproprio\":\"Sim\",\"p43_instagram\":\"Instagram\",\"p44_jornaisimpressosdebairro\":\"Jornais impressos de bairro\",\"p39_publico\":\"CRIANCAS\",\"p45_bandeira\":\"CRIANCAS COMBATE-A-FOME ANTIRRACISMO \",\"p46_hashtags\":\"#COMATEAFOME #DEFESADOSDIREITOSHUMANOS #CULTURAEARTE\"},{\"p1_eixo\":\"Cultura\",\"p9_tipoorganizacao\":\"Associa\\u00e7\\u00e3o\",\"p12_uf\":\"MG\",\"p13_cidade\":\"BARBACENA\",\"p17_ano\":\"2019\",\"p16_estado\":\"Estado\",\"p18_agrario\":\"Agr\\u00e1rio\\\/ruralidades\",\"p18_comunicacao\":\"Comunica\\u00e7\\u00e3o\",\"p18_difusaoartistica\":\"Difus\\u00e3o Art\\u00edstica\",\"p18_desenvolvimentoterritorial\":\"Desenvolvimento territorial\",\"p18_direitoshumanos\":\"Direitos humanos\",\"p18_educacao\":\"Educa\\u00e7\\u00e3o\",\"p18_feminismos\":\"Feminismos\",\"p18_lgbtqi\":\"LGBTQI\",\"p18_lutaantirracismo\":\"Luta antirracismo\",\"p18_mobilidade\":\"Mobilidade\",\"p18_povosecomunidadestradicionais\":\"Povos e comunidades tradicionais\",\"p18_trabalho\":\"Trabalho\",\"p18_religiao\":\"Religi\\u00e3o\",\"p18_saude\":\"Sa\\u00fade\",\"p18_violencia\":\"Viol\\u00eancia\",\"p18_politicasculturais\":\"Pol\\u00edticas Culturais\",\"p19_educacao\":\"Educa\\u00e7\\u00e3o\",\"p19_saude\":\"Sa\\u00fade\",\"p19_difusaoartistica\":\"Difus\\u00e3o Art\\u00edstica\",\"p20_reunioes\":\"Reuni\\u00f5es\",\"p20_atendimento\":\"Atendimento\",\"p20_visitasexcursoes\":\"Visitas\\\/Excurs\\u00f5es\",\"p21_nenhum\":\"Nenhum\",\"p22_numerodeparticipantes\":\"1  - 15\",\"p23_reunioes\":\"Reuni\\u00f5es\",\"p23_atendimento\":\"Atendimento\",\"p23_outros\":\"Outros\",\"p24_outros\":\"Outros\",\"p25_numerodepessoas\":\"80 - 100\",\"p26_numerodepessoas\":\"80 - 100\",\"p27_espacopublico\":\"Espa\\u00e7o p\\u00fablico\",\"p27_espacoemprestadocedido\":\"Espa\\u00e7o emprestado\\\/cedido\",\"p27_espacoproprio\":\"Espa\\u00e7o pr\\u00f3prio\",\"p28_territorios\":\"Cidade\",\"p30_outrasorganizacoes\":\"N\\u00e3o\",\"p32_campanhadelongaduracao\":\"N\\u00e3o\",\"p34_nenhuma\":\"Nenhuma\",\"p36_conselhosdeparticipacaoecontrolesocial\":\"N\\u00e3o\",\"p38_nenhum\":\"Nenhum\",\"p40_editais\":\"N\\u00e3o\",\"p41_privadopf\":\"Privado (P. F\\u00edsica)\",\"p42_meiodedivulgacaoproprio\":\"Sim\",\"p43_email\":\"E-mail\",\"p43_instagram\":\"Instagram\",\"p44_radio\":\"R\\u00e1dio\",\"p44_jornaisimpressosdebairro\":\"Jornais impressos de bairro\",\"p39_publico\":\"PESSOAS-EM-VULNERABILIDADE-SOCIAL \",\"p45_bandeira\":\"CRIANCAS ACESSO-A-EDUCACAO LAZER\",\"p46_hashtags\":\"#ACESSOAEDUCACAO #SOLIDARIEDADE #CRIANCA \"},{\"p1_eixo\":\"Trabalho\",\"p9_tipoorganizacao\":\"Associa\\u00e7\\u00e3o\",\"p12_uf\":\"PA\",\"p13_cidade\":\"BREVES\",\"p16_cidade\":\"Cidade\",\"p17_ano\":\"2010\",\"p18_comunicacao\":\"Comunica\\u00e7\\u00e3o\",\"p18_difusaoartistica\":\"Difus\\u00e3o Art\\u00edstica\",\"p18_desenvolvimentoterritorial\":\"Desenvolvimento territorial\",\"p18_direitoshumanos\":\"Direitos humanos\",\"p18_educacao\":\"Educa\\u00e7\\u00e3o\",\"p18_feminismos\":\"Feminismos\",\"p18_lutaantirracismo\":\"Luta antirracismo\",\"p18_mobilidade\":\"Mobilidade\",\"p18_povosecomunidadestradicionais\":\"Povos e comunidades tradicionais\",\"p18_trabalho\":\"Trabalho\",\"p18_saude\":\"Sa\\u00fade\",\"p18_violencia\":\"Viol\\u00eancia\",\"p18_politicasculturais\":\"Pol\\u00edticas Culturais\",\"p19_feminismos\":\"Feminismos\",\"p19_trabalho\":\"Trabalho\",\"p19_saude\":\"Sa\\u00fade\",\"p20_reunioes\":\"Reuni\\u00f5es\",\"p20_atendimento\":\"Atendimento\",\"p20_oficinas\":\"Oficinas\",\"p20_formacao\":\"Forma\\u00e7\\u00e3o\",\"p20_profissionalizacao\":\"Profissionaliza\\u00e7\\u00e3o\",\"p21_intoleranciareligiosa\":\"Fundamentalistamo\\\/intoler\\u00e2ncia religiosa\",\"p21_xenofobia\":\"Xenofobia\",\"p21_machismo\":\"Machismo\",\"p21_racismo\":\"Racismo\",\"p22_numerodeparticipantes\":\"Mais de 90\",\"p23_outros\":\"Outros\",\"p24_reunioes\":\"Reuni\\u00f5es\",\"p24_atendimento\":\"Atendimentos\",\"p24_oficinas\":\"Oficinas\",\"p24_formacao\":\"Forma\\u00e7\\u00e3o\",\"p24_profissionalizacao\":\"Profissionaliza\\u00e7\\u00e3o\",\"p24_outros\":\"Outros\",\"p25_numerodepessoas\":\"1 - 20\",\"p26_numerodepessoas\":\"20 - 40\",\"p27_espacoemprestadocedido\":\"Espa\\u00e7o emprestado\\\/cedido\",\"p28_territorios\":\"Cidade\",\"p30_outrasorganizacoes\":\"Sim\",\"p32_campanhadelongaduracao\":\"Sim\",\"p34_nenhuma\":\"Nenhuma\",\"p36_conselhosdeparticipacaoecontrolesocial\":\"Sim\",\"p38_sim\":\"Sim\",\"p40_editais\":\"Sim\",\"p41_autofinanciamento\":\"Auto-financiamento\",\"p41_financiamentocoletivo0\":\"Financiamento coletivo\",\"p42_meiodedivulgacaoproprio\":\"Sim\",\"p43_facebook\":\"Facebook\",\"p43_instagram\":\"Instagram\",\"p44_radio\":\"TV\",\"p44_jornaisimpressosdegrandecirculacao\":\"Jornais impressos de grande circula\\u00e7\\u00e3o\",\"p44_jornaisimpressosdebairro\":\"Jornais impressos de bairro\",\"p39_publico\":\"AS-PARTEIRAS \",\"p45_bandeira\":\"TRABALHO SAUDE-FEMININA FEMINISMO MEIO-AMBIENTE\",\"p46_hashtags\":\"#PARTERIATRADICIONAL #PARTEJARPORAMOR #SERVIREACOLHER \"},{\"p1_eixo\":\"Trabalho\",\"p9_tipoorganizacao\":\"ONG\",\"p12_uf\":\"MS\",\"p13_cidade\":\"CAMPO GRANDE  \",\"p16_nacional\":\"Nacional\",\"p17_ano\":\"2019\",\"p18_agrario\":\"Agr\\u00e1rio\\\/ruralidades\",\"p18_comunicacao\":\"Comunica\\u00e7\\u00e3o\",\"p18_difusaoartistica\":\"Difus\\u00e3o Art\\u00edstica\",\"p18_desenvolvimentoterritorial\":\"Desenvolvimento territorial\",\"p18_direitoshumanos\":\"Direitos humanos\",\"p18_educacao\":\"Educa\\u00e7\\u00e3o\",\"p18_lgbtqi\":\"LGBTQI\",\"p18_lutaantirracismo\":\"Luta antirracismo\",\"p18_moradia\":\"Moradia\",\"p18_povosecomunidadestradicionais\":\"Povos e comunidades tradicionais\",\"p18_trabalho\":\"Trabalho\",\"p18_religiao\":\"Religi\\u00e3o\",\"p18_saude\":\"Sa\\u00fade\",\"p18_violencia\":\"Viol\\u00eancia\",\"p18_politicasculturais\":\"Pol\\u00edticas Culturais\",\"p19_direitoshumanos\":\"Direitos humanos\",\"p19_lutaantirracismo\":\"Luta antirracismo\",\"p19_violencia\":\"Viol\\u00eancia\",\"p20_reunioes\":\"Reuni\\u00f5es\",\"p20_oficinas\":\"Oficinas\",\"p20_cursos\":\"Cursos\",\"p20_formacao\":\"Forma\\u00e7\\u00e3o\",\"p21_intoleranciareligiosa\":\"Fundamentalistamo\\\/intoler\\u00e2ncia religiosa\",\"p21_machismo\":\"Machismo\",\"p21_racismo\":\"Racismo\",\"p22_numerodeparticipantes\":\"1  - 15\",\"p23_reunioes\":\"Reuni\\u00f5es\",\"p23_outros\":\"Outros\",\"p24_oficinas\":\"Oficinas\",\"p24_curso\":\"Curso\",\"p24_formacao\":\"Forma\\u00e7\\u00e3o\",\"p24_outros\":\"Outros\",\"p25_numerodepessoas\":\"1 - 20\",\"p26_numerodepessoas\":\"1 - 20\",\"p27_virtual\":\"Virtual\",\"p28_territorios\":\"Atua\\u00e7\\u00e3o Nacional\",\"p30_outrasorganizacoes\":\"Sim\",\"p32_campanhadelongaduracao\":\"N\\u00e3o\",\"p34_nenhuma\":\"Nenhuma\",\"p36_conselhosdeparticipacaoecontrolesocial\":\"N\\u00e3o\",\"p38_nenhum\":\"Nenhum\",\"p40_editais\":\"N\\u00e3o\",\"p41_autofinanciamento\":\"Auto-financiamento\",\"p41_financiamentocoletivo0\":\"Financiamento coletivo\",\"p42_meiodedivulgacaoproprio\":\"Sim\",\"p43_instagram\":\"Instagram\",\"p44_nenhum\":\"Nenhum\",\"p39_publico\":\"PSICOLOGAS \",\"p45_bandeira\":\"DIREITOS-HUMANOS POVOS-INDIGENAS ANTIRRACISMO\",\"p46_hashtags\":\"#POVOSINDIGENAS #DEMARCACAOJA #DIREITOSHUMANOS\"},{\"p1_eixo\":\"Cultura\",\"p9_tipoorganizacao\":\"Associa\\u00e7\\u00e3o\",\"p12_uf\":\"AM\",\"p13_cidade\":\"MANACAPURU\",\"p16_cidade\":\"Cidade\",\"p17_ano\":\"2019\",\"p18_agrario\":\"Agr\\u00e1rio\\\/ruralidades\",\"p18_comunicacao\":\"Comunica\\u00e7\\u00e3o\",\"p18_difusaoartistica\":\"Difus\\u00e3o Art\\u00edstica\",\"p18_desenvolvimentoterritorial\":\"Desenvolvimento territorial\",\"p18_direitoshumanos\":\"Direitos humanos\",\"p18_educacao\":\"Educa\\u00e7\\u00e3o\",\"p18_lutaantirracismo\":\"Luta antirracismo\",\"p18_mobilidade\":\"Mobilidade\",\"p18_moradia\":\"Moradia\",\"p18_povosecomunidadestradicionais\":\"Povos e comunidades tradicionais\",\"p18_trabalho\":\"Trabalho\",\"p18_religiao\":\"Religi\\u00e3o\",\"p18_saude\":\"Sa\\u00fade\",\"p18_violencia\":\"Viol\\u00eancia\",\"p18_politicasculturais\":\"Pol\\u00edticas Culturais\",\"p19_povosecomunidadestradicionais\":\"Povos e comunidades tradicionais\",\"p19_religiao\":\"Religi\\u00e3o\",\"p19_saude\":\"Sa\\u00fade\",\"p20_reunioes\":\"Reuni\\u00f5es\",\"p20_atendimento\":\"Atendimento\",\"p20_cursos\":\"Cursos\",\"p21_xenofobia\":\"Xenofobia\",\"p21_racismo\":\"Racismo\",\"p22_numerodeparticipantes\":\"45 - 60\",\"p23_reunioes\":\"Reuni\\u00f5es\",\"p23_atendimento\":\"Atendimento\",\"p23_cursos\":\"Cursos\",\"p23_outros\":\"Outros\",\"p24_outros\":\"Outros\",\"p25_numerodepessoas\":\"40 - 60\",\"p26_numerodepessoas\":\"1 - 20\",\"p27_espacoemprestadocedido\":\"Espa\\u00e7o emprestado\\\/cedido\",\"p28_territorios\":\"Regi\\u00e3o da Cidade\",\"p30_outrasorganizacoes\":\"Sim\",\"p32_campanhadelongaduracao\":\"N\\u00e3o\",\"p34_estadual\":\"Estadual\",\"p36_conselhosdeparticipacaoecontrolesocial\":\"Sim\",\"p38_nenhum\":\"Nenhum\",\"p40_editais\":\"N\\u00e3o\",\"p41_financiamentocoletivo0\":\"Financiamento coletivo\",\"p42_meiodedivulgacaoproprio\":\"N\\u00e3o\",\"p43_nenhum\":\"Nenhum\",\"p44_nenhum\":\"Nenhum\",\"p39_publico\":\"MEMBROS-DA-API \",\"p45_bandeira\":\"LUTAR-PELOS-NOSSOS-ESPACOS-NAS-ENTIDADES-QUE-NOS-REPRESENTAM EDUCACAO CULTURA SAUDE\",\"p46_hashtags\":\"#EDUCACAO #SAUDE #CULTURA\"},{\"p1_eixo\":\"Cultura\",\"p9_tipoorganizacao\":\"Associa\\u00e7\\u00e3o\",\"p12_uf\":\"TO\",\"p13_cidade\":\"ARAGUAINA\",\"p16_cidade\":\"Cidade\",\"p17_ano\":\"2010\",\"p18_agrario\":\"Agr\\u00e1rio\\\/ruralidades\",\"p18_difusaoartistica\":\"Difus\\u00e3o Art\\u00edstica\",\"p18_desenvolvimentoterritorial\":\"Desenvolvimento territorial\",\"p18_direitoshumanos\":\"Direitos humanos\",\"p18_educacao\":\"Educa\\u00e7\\u00e3o\",\"p18_feminismos\":\"Feminismos\",\"p18_lgbtqi\":\"LGBTQI\",\"p18_lutaantirracismo\":\"Luta antirracismo\",\"p18_mobilidade\":\"Mobilidade\",\"p18_moradia\":\"Moradia\",\"p18_povosecomunidadestradicionais\":\"Povos e comunidades tradicionais\",\"p18_trabalho\":\"Trabalho\",\"p18_religiao\":\"Religi\\u00e3o\",\"p18_saude\":\"Sa\\u00fade\",\"p18_violencia\":\"Viol\\u00eancia\",\"p18_politicasculturais\":\"Pol\\u00edticas Culturais\",\"p19_lutaantirracismo\":\"Luta antirracismo\",\"p19_povosecomunidadestradicionais\":\"Povos e comunidades tradicionais\",\"p19_violencia\":\"Viol\\u00eancia\",\"p20_reunioes\":\"Reuni\\u00f5es\",\"p20_oficinas\":\"Oficinas\",\"p20_oficinasaulasartisticas\":\"Ensaios\\\/Oficinas\\\/Aulas art\\u00edsticas\",\"p20_cursos\":\"Cursos\",\"p20_formacao\":\"Forma\\u00e7\\u00e3o\",\"p20_profissionalizacao\":\"Profissionaliza\\u00e7\\u00e3o\",\"p20_apresentacoesartisticas\":\"Apresenta\\u00e7\\u00f5es art\\u00edsticas\",\"p20_visitasexcursoes\":\"Visitas\\\/Excurs\\u00f5es\",\"p21_repressaopolicial\":\"Repress\\u00e3o policial\",\"p21_machismo\":\"Machismo\",\"p21_racismo\":\"Racismo\",\"p21_lgbtqifobia\":\"LGBTIfobia\",\"p21_enfrentamentocomgruposprivadosarmados\":\"Enfrentamento com grupos privados armados\",\"p22_numerodeparticipantes\":\"15 - 30\",\"p23_reunioes\":\"Reuni\\u00f5es\",\"p23_oficinas\":\"Oficinas\",\"p23_oficinasaulasartisticas\":\"Ensaio\\\/Oficinas\\\/Aulas Art\\u00edsticas\",\"p23_cursos\":\"Cursos\",\"p23_formacao\":\"Forma\\u00e7\\u00e3o\",\"p23_outros\":\"Outros\",\"p24_reunioes\":\"Reuni\\u00f5es\",\"p24_apresentacoesartisticas\":\"Apresenta\\u00e7\\u00f5es art\\u00edsticas\",\"p24_outros\":\"Outros\",\"p25_numerodepessoas\":\"200 - 300\",\"p26_numerodepessoas\":\"40 - 60\",\"p27_espacopublico\":\"Espa\\u00e7o p\\u00fablico\",\"p27_espacoemprestadocedido\":\"Espa\\u00e7o emprestado\\\/cedido\",\"p27_virtual\":\"Virtual\",\"p28_territorios\":\"Atua\\u00e7\\u00e3o Nacional\",\"p30_outrasorganizacoes\":\"N\\u00e3o\",\"p32_campanhadelongaduracao\":\"N\\u00e3o\",\"p34_nacional\":\"Nacional\",\"p36_conselhosdeparticipacaoecontrolesocial\":\"Sim\",\"p38_nenhum\":\"Nenhum\",\"p40_editais\":\"Sim\",\"p41_financiamentocoletivo0\":\"Financiamento coletivo\",\"p42_meiodedivulgacaoproprio\":\"Sim\",\"p43_facebook\":\"Facebook\",\"p44_radio\":\"TV\",\"p39_publico\":\"PESSOAS-NEGRAS MULHERES JOVENS QUILOMBOLAS\",\"p45_bandeira\":\"FEMINISMO ANTIRRACISMO LUTA-PELO-TERRITORIO-DOS-QUILOMBOLAS JUVENTUDE-NEGRA CRIANCAS-NEGRAS MULHERES-NEGRAS\",\"p46_hashtags\":\"#JUVENTUDENEGRA #POVOQUILOMBOLA #MULHERESNEGRAS \"},{\"p1_eixo\":\"Trabalho\",\"p9_tipoorganizacao\":\"Associa\\u00e7\\u00e3o\",\"p12_uf\":\"RJ\",\"p13_cidade\":\"DUQUE DE CAXIAS \",\"p16_nacional\":\"Nacional\",\"p17_ano\":\"1999\",\"p18_desenvolvimentoterritorial\":\"Desenvolvimento territorial\",\"p18_direitoshumanos\":\"Direitos humanos\",\"p18_educacao\":\"Educa\\u00e7\\u00e3o\",\"p18_feminismos\":\"Feminismos\",\"p18_saude\":\"Sa\\u00fade\",\"p18_violencia\":\"Viol\\u00eancia\",\"p19_desenvolvimentoterritorial\":\"Desenvolvimento territorial\",\"p19_direitoshumanos\":\"Direitos humanos\",\"p19_saude\":\"Sa\\u00fade\",\"p20_reunioes\":\"Reuni\\u00f5es\",\"p20_atendimento\":\"Atendimento\",\"p20_oficinas\":\"Oficinas\",\"p20_formacao\":\"Forma\\u00e7\\u00e3o\",\"p20_visitasexcursoes\":\"Visitas\\\/Excurs\\u00f5es\",\"p21_xenofobia\":\"Xenofobia\",\"p21_machismo\":\"Machismo\",\"p21_racismo\":\"Racismo\",\"p22_numerodeparticipantes\":\"1  - 15\",\"p23_reunioes\":\"Reuni\\u00f5es\",\"p23_atendimento\":\"Atendimento\",\"p23_oficinas\":\"Oficinas\",\"p23_formacao\":\"Forma\\u00e7\\u00e3o\",\"p23_visitas\":\"Visitas\",\"p23_excursoes\":\"Excurs\\u00f5es\",\"p24_outros\":\"Outros\",\"p25_numerodepessoas\":\"Mais de 500\",\"p26_numerodepessoas\":\"1 - 20\",\"p27_espacoproprio\":\"Espa\\u00e7o pr\\u00f3prio\",\"p27_virtual\":\"Virtual\",\"p28_territorios\":\"Pr\\u00f3prio bairro\",\"p30_outrasorganizacoes\":\"Sim\",\"p32_campanhadelongaduracao\":\"N\\u00e3o\",\"p34_municipal\":\"Municipal\",\"p36_conselhosdeparticipacaoecontrolesocial\":\"Sim\",\"p38_nenhum\":\"Nenhum\",\"p40_editais\":\"Sim\",\"p41_publicoestatal\":\"P\\u00fablico-Estatal\",\"p41_privadopj\":\"Privado (P. Jur\\u00eddica)\",\"p42_meiodedivulgacaoproprio\":\"Sim\",\"p43_instagram\":\"Instagram\",\"p43_sitesblogs\":\"Blogs\\\/sites\",\"p44_jornaisimpressosdebairro\":\"Jornais impressos de bairro\",\"p39_publico\":\"PESSOAS-VIVENDO-COM-HIV MULHERES-NEGRAS ADOLESCENTES\",\"p45_bandeira\":\"PESSOAS-VIVENDO-COM-HIV MULHERES-NEGRAS ADOLESCENTES\",\"p46_hashtags\":\"#CONTINUAMOSLUTANDOPELAVIDASEMPRE #DEIXANDODESEESCONDERPARAVIVER #AQUALIDADEDOVENCEDORENUNCADESISTIREACREDITARNAQUILOQUENINGUEMACREDITA\"},{\"p1_eixo\":\"Viol\\u00eancia\",\"p9_tipoorganizacao\":\"Coletivo\",\"p12_uf\":\"PR\",\"p13_cidade\":\"FOZ DO IGUACU\",\"p16_internacional\":\"Internacional\",\"p17_ano\":\"2023\",\"p18_comunicacao\":\"Comunica\\u00e7\\u00e3o\",\"p18_difusaoartistica\":\"Difus\\u00e3o Art\\u00edstica\",\"p18_direitoshumanos\":\"Direitos humanos\",\"p18_educacao\":\"Educa\\u00e7\\u00e3o\",\"p18_feminismos\":\"Feminismos\",\"p18_lgbtqi\":\"LGBTQI\",\"p18_lutaantirracismo\":\"Luta antirracismo\",\"p18_mobilidade\":\"Mobilidade\",\"p18_povosecomunidadestradicionais\":\"Povos e comunidades tradicionais\",\"p18_trabalho\":\"Trabalho\",\"p18_saude\":\"Sa\\u00fade\",\"p18_violencia\":\"Viol\\u00eancia\",\"p18_politicasculturais\":\"Pol\\u00edticas Culturais\",\"p19_educacao\":\"Educa\\u00e7\\u00e3o\",\"p19_lgbtqi\":\"LGBTQI\",\"p19_lutaantirracismo\":\"Luta antirracismo\",\"p20_reunioes\":\"Reuni\\u00f5es\",\"p20_atendimento\":\"Atendimento\",\"p20_oficinas\":\"Oficinas\",\"p20_formacao\":\"Forma\\u00e7\\u00e3o\",\"p20_apresentacoesartisticas\":\"Apresenta\\u00e7\\u00f5es art\\u00edsticas\",\"p20_visitasexcursoes\":\"Visitas\\\/Excurs\\u00f5es\",\"p21_intoleranciareligiosa\":\"Fundamentalistamo\\\/intoler\\u00e2ncia religiosa\",\"p21_xenofobia\":\"Xenofobia\",\"p21_machismo\":\"Machismo\",\"p21_racismo\":\"Racismo\",\"p21_lgbtqifobia\":\"LGBTIfobia\",\"p22_numerodeparticipantes\":\"1  - 15\",\"p23_reunioes\":\"Reuni\\u00f5es\",\"p23_oficinas\":\"Oficinas\",\"p23_formacao\":\"Forma\\u00e7\\u00e3o\",\"p23_outros\":\"Outros\",\"p24_atendimento\":\"Atendimentos\",\"p24_apresentacoesartisticas\":\"Apresenta\\u00e7\\u00f5es art\\u00edsticas\",\"p24_outros\":\"Outros\",\"p25_numerodepessoas\":\"20 - 40\",\"p26_numerodepessoas\":\"80 - 100\",\"p27_espacopublico\":\"Espa\\u00e7o p\\u00fablico\",\"p27_virtual\":\"Virtual\",\"p28_territorios\":\"Cidade\",\"p30_outrasorganizacoes\":\"N\\u00e3o\",\"p32_campanhadelongaduracao\":\"Sim\",\"p34_nenhuma\":\"Nenhuma\",\"p36_conselhosdeparticipacaoecontrolesocial\":\"Sim\",\"p38_sim\":\"Sim\",\"p40_editais\":\"Sim\",\"p41_autofinanciamento\":\"Auto-financiamento\",\"p41_financiamentocoletivo0\":\"Financiamento coletivo\",\"p42_meiodedivulgacaoproprio\":\"Sim\",\"p43_facebook\":\"Facebook\",\"p43_instagram\":\"Instagram\",\"p44_nenhum\":\"Nenhum\",\"p39_publico\":\"MULHERES-EM-SITUACAO-DE-VULNERABILIDADE \",\"p45_bandeira\":\"IGUALDADE MULHERES-INDIGENAS MULHERES-NEGRAS SAUDE CONTRA-A-DISCRIMINACAO EDUCACAO \",\"p46_hashtags\":\"#AMEFRICANASPORIGUALDADESOCIAL #RESPEITOADIVERSIDADE #ABAIXOAXENOFOBIA \"},{\"p1_eixo\":\"Cultura\",\"p9_tipoorganizacao\":\"Movimento Social\",\"p12_uf\":\"TO\",\"p13_cidade\":\"ARAGUAINA\",\"p16_nacional\":\"Nacional\",\"p17_ano\":\"2018\",\"p18_agrario\":\"Agr\\u00e1rio\\\/ruralidades\",\"p18_comunicacao\":\"Comunica\\u00e7\\u00e3o\",\"p18_difusaoartistica\":\"Difus\\u00e3o Art\\u00edstica\",\"p18_desenvolvimentoterritorial\":\"Desenvolvimento territorial\",\"p18_direitoshumanos\":\"Direitos humanos\",\"p18_educacao\":\"Educa\\u00e7\\u00e3o\",\"p18_feminismos\":\"Feminismos\",\"p18_lutaantirracismo\":\"Luta antirracismo\",\"p18_mobilidade\":\"Mobilidade\",\"p18_povosecomunidadestradicionais\":\"Povos e comunidades tradicionais\",\"p18_trabalho\":\"Trabalho\",\"p18_religiao\":\"Religi\\u00e3o\",\"p18_saude\":\"Sa\\u00fade\",\"p18_violencia\":\"Viol\\u00eancia\",\"p18_politicasculturais\":\"Pol\\u00edticas Culturais\",\"p19_educacao\":\"Educa\\u00e7\\u00e3o\",\"p19_povosecomunidadestradicionais\":\"Povos e comunidades tradicionais\",\"p19_politicasculturais\":\"Pol\\u00edticas Culturais\",\"p20_reunioes\":\"Reuni\\u00f5es\",\"p20_atendimento\":\"Atendimento\",\"p20_oficinas\":\"Oficinas\",\"p20_oficinasaulasartisticas\":\"Ensaios\\\/Oficinas\\\/Aulas art\\u00edsticas\",\"p20_profissionalizacao\":\"Profissionaliza\\u00e7\\u00e3o\",\"p20_visitasexcursoes\":\"Visitas\\\/Excurs\\u00f5es\",\"p21_repressaopolicial\":\"Repress\\u00e3o policial\",\"p21_intoleranciareligiosa\":\"Fundamentalistamo\\\/intoler\\u00e2ncia religiosa\",\"p21_xenofobia\":\"Xenofobia\",\"p21_machismo\":\"Machismo\",\"p21_racismo\":\"Racismo\",\"p21_lgbtqifobia\":\"LGBTIfobia\",\"p22_numerodeparticipantes\":\"45 - 60\",\"p23_reunioes\":\"Reuni\\u00f5es\",\"p23_atendimento\":\"Atendimento\",\"p23_oficinas\":\"Oficinas\",\"p23_oficinasaulasartisticas\":\"Ensaio\\\/Oficinas\\\/Aulas Art\\u00edsticas\",\"p23_formacao\":\"Forma\\u00e7\\u00e3o\",\"p23_profissionalizacao\":\"Profissionaliza\\u00e7\\u00e3o\",\"p23_apresentacoesartisticas\":\"Apresenta\\u00e7\\u00f5es Art\\u00edsticas\",\"p23_visitas\":\"Visitas\",\"p23_excursoes\":\"Excurs\\u00f5es\",\"p23_outros\":\"Outros\",\"p24_outros\":\"Outros\",\"p25_numerodepessoas\":\"80 - 100\",\"p26_numerodepessoas\":\"1 - 20\",\"p27_espacoproprio\":\"Espa\\u00e7o pr\\u00f3prio\",\"p27_virtual\":\"Virtual\",\"p28_territorios\":\"Estado\",\"p30_outrasorganizacoes\":\"Sim\",\"p32_campanhadelongaduracao\":\"Sim\",\"p34_municipal\":\"Municipal\",\"p34_estadual\":\"Estadual\",\"p34_nacional\":\"Nacional\",\"p36_conselhosdeparticipacaoecontrolesocial\":\"Sim\",\"p38_sim\":\"Sim\",\"p40_editais\":\"Sim\",\"p41_publicoestatal\":\"P\\u00fablico-Estatal\",\"p42_meiodedivulgacaoproprio\":\"Sim\",\"p43_impressoes\":\"Impressos\",\"p43_email\":\"E-mail\",\"p43_facebook\":\"Facebook\",\"p43_whatsapp\":\"WhatApp\",\"p43_instagram\":\"Instagram\",\"p43_youtube\":\"YouTube\",\"p44_radio\":\"TV\",\"p44_sitesblogs\":\"Sites ou Blogs\",\"p39_publico\":\"COMUNIDADES-DE-PERIFERIA\",\"p45_bandeira\":\"PRESERVAO  EXPOSICAO-DO-PATRIMONIO-HISTORICO-DO-NORTE-DO-TOCANTINS IMPLATANCAO-DE-UM-MUSEU NA CIDADE\",\"p46_hashtags\":\"#PRESERVAOEEXPOSICAODOPATRIMONIOHISTORICODONORTEDOTOCANTINS #MUSEUDEARAIGUAINA #AMIGOSDOMUSEUDEARAGUAINA\"},{\"p1_eixo\":\"Viol\\u00eancia\",\"p9_tipoorganizacao\":\"Movimento Social\",\"p12_uf\":\"PA\",\"p13_cidade\":\"BREVES\",\"p16_cidade\":\"Cidade\",\"p17_ano\":\"2011\",\"p18_desenvolvimentoterritorial\":\"Desenvolvimento territorial\",\"p18_direitoshumanos\":\"Direitos humanos\",\"p18_moradia\":\"Moradia\",\"p18_saude\":\"Sa\\u00fade\",\"p19_direitoshumanos\":\"Direitos humanos\",\"p19_moradia\":\"Moradia\",\"p19_saude\":\"Sa\\u00fade\",\"p20_reunioes\":\"Reuni\\u00f5es\",\"p20_formacao\":\"Forma\\u00e7\\u00e3o\",\"p20_visitasexcursoes\":\"Visitas\\\/Excurs\\u00f5es\",\"p21_repressaopolicial\":\"Repress\\u00e3o policial\",\"p22_numerodeparticipantes\":\"30 - 45\",\"p23_reunioes\":\"Reuni\\u00f5es\",\"p23_oficinas\":\"Oficinas\",\"p23_visitas\":\"Visitas\",\"p23_excursoes\":\"Excurs\\u00f5es\",\"p23_outros\":\"Outros\",\"p24_reunioes\":\"Reuni\\u00f5es\",\"p24_apresentacoesartisticas\":\"Apresenta\\u00e7\\u00f5es art\\u00edsticas\",\"p24_visitasexcursoes\":\"Visitas\\\/Excurs\\u00f5es\",\"p24_outros\":\"Outros\",\"p25_numerodepessoas\":\"1 - 20\",\"p26_numerodepessoas\":\"20 - 40\",\"p27_espacoemprestadocedido\":\"Espa\\u00e7o emprestado\\\/cedido\",\"p28_territorios\":\"Cidade\",\"p30_outrasorganizacoes\":\"Sim\",\"p32_campanhadelongaduracao\":\"N\\u00e3o\",\"p34_nenhuma\":\"Nenhuma\",\"p36_conselhosdeparticipacaoecontrolesocial\":\"N\\u00e3o\",\"p38_sim\":\"Sim\",\"p40_editais\":\"N\\u00e3o\",\"p41_privadopf\":\"Privado (P. F\\u00edsica)\",\"p41_autofinanciamento\":\"Auto-financiamento\",\"p41_financiamentocoletivo0\":\"Financiamento coletivo\",\"p42_meiodedivulgacaoproprio\":\"Sim\",\"p43_email\":\"E-mail\",\"p43_facebook\":\"Facebook\",\"p43_whatsapp\":\"WhatApp\",\"p44_radio\":\"R\\u00e1dio\",\"p44_redessociais\":\"Redes sociais (Facebook, YouTube, Instagram etc.)\",\"p39_publico\":\"FAM\\u00cdLIAS AS-COMUNIDADES JOVENS IDOSOS TODAS-AS-MULHERES\",\"p45_bandeira\":\"DIREITO-A-VIDA DIREITO-A-AGUA DIREITOS-HUMANOS AGUA-DE-QUALIDADE\",\"p46_hashtags\":\"#AGUADEQUALIDADEPARAOCONSUMOHUMANO #AGUAPARAOMARAJO #MOVIMENTOPELODIREITOAOUSODAAGUA\"},{\"p1_eixo\":\"Cultura\",\"p9_tipoorganizacao\":\"ONG\",\"p12_uf\":\"RJ\",\"p13_cidade\":\"RIO DE JANEIRO\",\"p16_internacional\":\"Internacional\",\"p17_ano\":\"1993\",\"p18_agrario\":\"Agr\\u00e1rio\\\/ruralidades\",\"p18_comunicacao\":\"Comunica\\u00e7\\u00e3o\",\"p18_difusaoartistica\":\"Difus\\u00e3o Art\\u00edstica\",\"p18_desenvolvimentoterritorial\":\"Desenvolvimento territorial\",\"p18_direitoshumanos\":\"Direitos humanos\",\"p18_educacao\":\"Educa\\u00e7\\u00e3o\",\"p18_feminismos\":\"Feminismos\",\"p18_lgbtqi\":\"LGBTQI\",\"p18_lutaantirracismo\":\"Luta antirracismo\",\"p18_mobilidade\":\"Mobilidade\",\"p18_moradia\":\"Moradia\",\"p18_povosecomunidadestradicionais\":\"Povos e comunidades tradicionais\",\"p18_trabalho\":\"Trabalho\",\"p18_religiao\":\"Religi\\u00e3o\",\"p18_saude\":\"Sa\\u00fade\",\"p18_violencia\":\"Viol\\u00eancia\",\"p18_politicasculturais\":\"Pol\\u00edticas Culturais\",\"p19_agrario\":\"Agr\\u00e1rio\\\/ruralidades\",\"p19_desenvolvimentoterritorial\":\"Desenvolvimento territorial\",\"p19_direitoshumanos\":\"Direitos humanos\",\"p20_reunioes\":\"Reuni\\u00f5es\",\"p20_atendimento\":\"Atendimento\",\"p20_oficinas\":\"Oficinas\",\"p20_oficinasaulasartisticas\":\"Ensaios\\\/Oficinas\\\/Aulas art\\u00edsticas\",\"p20_cursos\":\"Cursos\",\"p20_formacao\":\"Forma\\u00e7\\u00e3o\",\"p20_profissionalizacao\":\"Profissionaliza\\u00e7\\u00e3o\",\"p20_apresentacoesartisticas\":\"Apresenta\\u00e7\\u00f5es art\\u00edsticas\",\"p21_intoleranciareligiosa\":\"Fundamentalistamo\\\/intoler\\u00e2ncia religiosa\",\"p21_machismo\":\"Machismo\",\"p21_racismo\":\"Racismo\",\"p21_lgbtqifobia\":\"LGBTIfobia\",\"p21_enfrentamentocomgruposprivadosarmados\":\"Enfrentamento com grupos privados armados\",\"p22_numerodeparticipantes\":\"Mais de 90\",\"p23_reunioes\":\"Reuni\\u00f5es\",\"p23_oficinas\":\"Oficinas\",\"p23_oficinasaulasartisticas\":\"Ensaio\\\/Oficinas\\\/Aulas Art\\u00edsticas\",\"p23_cursos\":\"Cursos\",\"p23_formacao\":\"Forma\\u00e7\\u00e3o\",\"p23_profissionalizacao\":\"Profissionaliza\\u00e7\\u00e3o\",\"p23_outros\":\"Outros\",\"p24_atendimento\":\"Atendimentos\",\"p24_visitasexcursoes\":\"Visitas\\\/Excurs\\u00f5es\",\"p24_outros\":\"Outros\",\"p25_numerodepessoas\":\"Mais de 500\",\"p26_numerodepessoas\":\"Mais de 500\",\"p27_espacoemprestadocedido\":\"Espa\\u00e7o emprestado\\\/cedido\",\"p27_virtual\":\"Virtual\",\"p28_territorios\":\"Atua\\u00e7\\u00e3o Nacional\",\"p30_outrasorganizacoes\":\"Sim\",\"p32_campanhadelongaduracao\":\"Sim\",\"p34_nacional\":\"Nacional\",\"p36_conselhosdeparticipacaoecontrolesocial\":\"Sim\",\"p38_nenhum\":\"Nenhum\",\"p40_editais\":\"Sim\",\"p41_privadopf\":\"Privado (P. F\\u00edsica)\",\"p41_privadopj\":\"Privado (P. Jur\\u00eddica)\",\"p42_meiodedivulgacaoproprio\":\"Sim\",\"p43_impressoes\":\"Impressos\",\"p43_email\":\"E-mail\",\"p43_facebook\":\"Facebook\",\"p43_whatsapp\":\"WhatApp\",\"p43_instagram\":\"Instagram\",\"p43_twitter\":\"Twitter\",\"p43_sitesblogs\":\"Blogs\\\/sites\",\"p44_radio\":\"TV\",\"p44_jornaisimpressosdegrandecirculacao\":\"Jornais impressos de grande circula\\u00e7\\u00e3o\",\"p44_jornaisimpressosdebairro\":\"Jornais impressos de bairro\",\"p44_redessociais\":\"Redes sociais (Facebook, YouTube, Instagram etc.)\",\"p44_sitesblogs\":\"Sites ou Blogs\",\"p39_publico\":\"PUBLICO-DA-TERCEIRA-IDADE MULHERES-NEGRAS\",\"p45_bandeira\":\"QUEM-TEM-FOME-TEM-PRESSA COMBATER-A-FOME-E-UM-ATO-POLITICO A-NATUREZA-PRECISA-SER-VISTA-COMO-UM-SUJEITO-DE-DIREITO\",\"p46_hashtags\":\"#QUEMTEMFOMETEMPRESSA #COMBATERAFOMEEUMATOPOLITICO #ANATUREZAPRECISASERVISTACOMOUMSUJEITODEDIREITO\"},{\"p1_eixo\":\"Cultura\",\"p9_tipoorganizacao\":\"Associa\\u00e7\\u00e3o\",\"p12_uf\":\"RN\",\"p13_cidade\":\"LUIS GOMES \",\"p16_nacional\":\"Nacional\",\"p17_ano\":\"2010\",\"p18_agrario\":\"Agr\\u00e1rio\\\/ruralidades\",\"p18_comunicacao\":\"Comunica\\u00e7\\u00e3o\",\"p18_difusaoartistica\":\"Difus\\u00e3o Art\\u00edstica\",\"p18_desenvolvimentoterritorial\":\"Desenvolvimento territorial\",\"p18_direitoshumanos\":\"Direitos humanos\",\"p18_educacao\":\"Educa\\u00e7\\u00e3o\",\"p18_feminismos\":\"Feminismos\",\"p18_lgbtqi\":\"LGBTQI\",\"p18_lutaantirracismo\":\"Luta antirracismo\",\"p18_mobilidade\":\"Mobilidade\",\"p18_moradia\":\"Moradia\",\"p18_povosecomunidadestradicionais\":\"Povos e comunidades tradicionais\",\"p18_trabalho\":\"Trabalho\",\"p18_religiao\":\"Religi\\u00e3o\",\"p18_saude\":\"Sa\\u00fade\",\"p18_violencia\":\"Viol\\u00eancia\",\"p18_politicasculturais\":\"Pol\\u00edticas Culturais\",\"p19_agrario\":\"Agr\\u00e1rio\\\/ruralidades\",\"p19_moradia\":\"Moradia\",\"p19_politicasculturais\":\"Pol\\u00edticas Culturais\",\"p20_reunioes\":\"Reuni\\u00f5es\",\"p20_atendimento\":\"Atendimento\",\"p20_oficinas\":\"Oficinas\",\"p20_oficinasaulasartisticas\":\"Ensaios\\\/Oficinas\\\/Aulas art\\u00edsticas\",\"p20_apresentacoesartisticas\":\"Apresenta\\u00e7\\u00f5es art\\u00edsticas\",\"p21_nenhum\":\"Nenhum\",\"p22_numerodeparticipantes\":\"1  - 15\",\"p23_outros\":\"Outros\",\"p24_reunioes\":\"Reuni\\u00f5es\",\"p24_atendimento\":\"Atendimentos\",\"p24_oficinas\":\"Oficinas\",\"p24_apresentacoesartisticas\":\"Apresenta\\u00e7\\u00f5es art\\u00edsticas\",\"p24_outros\":\"Outros\",\"p25_numerodepessoas\":\"40 - 60\",\"p26_numerodepessoas\":\"40 - 60\",\"p27_espacopublico\":\"Espa\\u00e7o p\\u00fablico\",\"p27_espacoproprio\":\"Espa\\u00e7o pr\\u00f3prio\",\"p28_territorios\":\"Regi\\u00e3o da Cidade\",\"p30_outrasorganizacoes\":\"N\\u00e3o\",\"p32_campanhadelongaduracao\":\"Sim\",\"p34_nenhuma\":\"Nenhuma\",\"p36_conselhosdeparticipacaoecontrolesocial\":\"Sim\",\"p38_nenhum\":\"Nenhum\",\"p40_editais\":\"N\\u00e3o\",\"p41_autofinanciamento\":\"Auto-financiamento\",\"p41_financiamentocoletivo0\":\"Financiamento coletivo\",\"p42_meiodedivulgacaoproprio\":\"Sim\",\"p43_whatsapp\":\"WhatApp\",\"p43_instagram\":\"Instagram\",\"p44_nenhum\":\"Nenhum\",\"p39_publico\":\"IDOSOS CRIANCAS ADOLESCENTES  AGRICULTORES\",\"p45_bandeira\":\"IDOSOS CRIANCAS ADOLESCENTES TRABALHO-AGRICOLA MORADIA CULTURA\",\"p46_hashtags\":\"#EUVIMPARAQUETODOSTENHAMVIDAEMABUDANCIA #EPRECISOMUITACORAGEMPARASEGUIROSCAMINHOSDOCORACAO #AMOR\"},{\"p1_eixo\":\"Cultura\",\"p9_tipoorganizacao\":\"Movimento Social\",\"p12_uf\":\"SE\",\"p13_cidade\":\"SAO CRISTOVAO\",\"p16_bairro\":\"Bairro\",\"p16_internacional\":\"Internacional\",\"p17_ano\":\"2017\",\"p18_agrario\":\"Agr\\u00e1rio\\\/ruralidades\",\"p18_comunicacao\":\"Comunica\\u00e7\\u00e3o\",\"p18_difusaoartistica\":\"Difus\\u00e3o Art\\u00edstica\",\"p18_desenvolvimentoterritorial\":\"Desenvolvimento territorial\",\"p18_direitoshumanos\":\"Direitos humanos\",\"p18_educacao\":\"Educa\\u00e7\\u00e3o\",\"p18_feminismos\":\"Feminismos\",\"p18_lgbtqi\":\"LGBTQI\",\"p18_lutaantirracismo\":\"Luta antirracismo\",\"p18_mobilidade\":\"Mobilidade\",\"p18_povosecomunidadestradicionais\":\"Povos e comunidades tradicionais\",\"p18_trabalho\":\"Trabalho\",\"p18_saude\":\"Sa\\u00fade\",\"p18_violencia\":\"Viol\\u00eancia\",\"p18_politicasculturais\":\"Pol\\u00edticas Culturais\",\"p19_comunicacao\":\"Comunica\\u00e7\\u00e3o\",\"p19_lutaantirracismo\":\"Luta antirracismo\",\"p19_saude\":\"Sa\\u00fade\",\"p19_violencia\":\"Viol\\u00eancia\",\"p19_politicasculturais\":\"Pol\\u00edticas Culturais\",\"p20_reunioes\":\"Reuni\\u00f5es\",\"p20_atendimento\":\"Atendimento\",\"p20_oficinas\":\"Oficinas\",\"p20_oficinasaulasartisticas\":\"Ensaios\\\/Oficinas\\\/Aulas art\\u00edsticas\",\"p20_formacao\":\"Forma\\u00e7\\u00e3o\",\"p20_apresentacoesartisticas\":\"Apresenta\\u00e7\\u00f5es art\\u00edsticas\",\"p21_repressaopolicial\":\"Repress\\u00e3o policial\",\"p21_intoleranciareligiosa\":\"Fundamentalistamo\\\/intoler\\u00e2ncia religiosa\",\"p21_xenofobia\":\"Xenofobia\",\"p21_machismo\":\"Machismo\",\"p21_racismo\":\"Racismo\",\"p21_enfrentamentocomgruposprivadosarmados\":\"Enfrentamento com grupos privados armados\",\"p22_numerodeparticipantes\":\"45 - 60\",\"p23_reunioes\":\"Reuni\\u00f5es\",\"p23_oficinas\":\"Oficinas\",\"p23_oficinasaulasartisticas\":\"Ensaio\\\/Oficinas\\\/Aulas Art\\u00edsticas\",\"p23_cursos\":\"Cursos\",\"p23_outros\":\"Outros\",\"p24_reunioes\":\"Reuni\\u00f5es\",\"p24_atendimento\":\"Atendimentos\",\"p24_oficinas\":\"Oficinas\",\"p24_oficinasaulasartisticas\":\"Ensaios\\\/Oficinas\\\/Aulas art\\u00edsticas\",\"p24_formacao\":\"Forma\\u00e7\\u00e3o\",\"p24_apresentacoesartisticas\":\"Apresenta\\u00e7\\u00f5es art\\u00edsticas\",\"p24_visitasexcursoes\":\"Visitas\\\/Excurs\\u00f5es\",\"p24_outros\":\"Outros\",\"p25_numerodepessoas\":\"40 - 60\",\"p26_numerodepessoas\":\"40 - 60\",\"p27_espacopublico\":\"Espa\\u00e7o p\\u00fablico\",\"p27_espacoemprestadocedido\":\"Espa\\u00e7o emprestado\\\/cedido\",\"p27_espacoproprio\":\"Espa\\u00e7o pr\\u00f3prio\",\"p27_virtual\":\"Virtual\",\"p27_ocupacao\":\"Ocupa\\u00e7\\u00e3o\",\"p28_territorios\":\"Pr\\u00f3prio bairro\",\"p30_outrasorganizacoes\":\"Sim\",\"p32_campanhadelongaduracao\":\"N\\u00e3o\",\"p34_estadual\":\"Estadual\",\"p34_nacional\":\"Nacional\",\"p34_nenhuma\":\"Nenhuma\",\"p36_conselhosdeparticipacaoecontrolesocial\":\"N\\u00e3o\",\"p38_sim\":\"Sim\",\"p38_nenhum\":\"Nenhum\",\"p40_editais\":\"Sim\",\"p41_publicoestatal\":\"P\\u00fablico-Estatal\",\"p41_privadopj\":\"Privado (P. Jur\\u00eddica)\",\"p41_autofinanciamento\":\"Auto-financiamento\",\"p42_meiodedivulgacaoproprio\":\"N\\u00e3o\",\"p43_impressoes\":\"Impressos\",\"p43_facebook\":\"Facebook\",\"p43_instagram\":\"Instagram\",\"p43_youtube\":\"YouTube\",\"p43_nenhum\":\"Nenhum\",\"p44_radio\":\"TV\",\"p44_jornaisimpressosdegrandecirculacao\":\"Jornais impressos de grande circula\\u00e7\\u00e3o\",\"p44_jornaisimpressosdebairro\":\"Jornais impressos de bairro\",\"p44_redessociais\":\"Redes sociais (Facebook, YouTube, Instagram etc.)\",\"p44_sitesblogs\":\"Sites ou Blogs\",\"p44_nenhum\":\"Nenhum\",\"p39_publico\":\"PRE-ADOLESCENTES ADOLESCENTES\",\"p45_bandeira\":\"VALORIZACAO-DA-CAPOEIRA\",\"p46_hashtags\":\"#CAPOEIRAPELACAPOEIRA #CAPOEIRASODEPENDEDOSCAPOEIRISTAS #VALORIZACAODACAPOEIRA \"},{\"p1_eixo\":\"Cultura\",\"p9_tipoorganizacao\":\"Coletivo\",\"p12_uf\":\"AC\",\"p13_cidade\":\"RIO BRANCO\",\"p16_internacional\":\"Internacional\",\"p17_ano\":\"2003\",\"p16_estado\":\"Estado\",\"p18_agrario\":\"Agr\\u00e1rio\\\/ruralidades\",\"p18_comunicacao\":\"Comunica\\u00e7\\u00e3o\",\"p18_difusaoartistica\":\"Difus\\u00e3o Art\\u00edstica\",\"p18_desenvolvimentoterritorial\":\"Desenvolvimento territorial\",\"p18_direitoshumanos\":\"Direitos humanos\",\"p18_educacao\":\"Educa\\u00e7\\u00e3o\",\"p18_feminismos\":\"Feminismos\",\"p18_lgbtqi\":\"LGBTQI\",\"p18_lutaantirracismo\":\"Luta antirracismo\",\"p18_mobilidade\":\"Mobilidade\",\"p18_moradia\":\"Moradia\",\"p18_povosecomunidadestradicionais\":\"Povos e comunidades tradicionais\",\"p18_trabalho\":\"Trabalho\",\"p18_religiao\":\"Religi\\u00e3o\",\"p18_saude\":\"Sa\\u00fade\",\"p18_violencia\":\"Viol\\u00eancia\",\"p18_politicasculturais\":\"Pol\\u00edticas Culturais\",\"p19_comunicacao\":\"Comunica\\u00e7\\u00e3o\",\"p19_educacao\":\"Educa\\u00e7\\u00e3o\",\"p19_lgbtqi\":\"LGBTQI\",\"p19_lutaantirracismo\":\"Luta antirracismo\",\"p19_politicasculturais\":\"Pol\\u00edticas Culturais\",\"p20_reunioes\":\"Reuni\\u00f5es\",\"p20_atendimento\":\"Atendimento\",\"p20_oficinas\":\"Oficinas\",\"p20_oficinasaulasartisticas\":\"Ensaios\\\/Oficinas\\\/Aulas art\\u00edsticas\",\"p20_apresentacoesartisticas\":\"Apresenta\\u00e7\\u00f5es art\\u00edsticas\",\"p20_visitasexcursoes\":\"Visitas\\\/Excurs\\u00f5es\",\"p21_repressaopolicial\":\"Repress\\u00e3o policial\",\"p21_intoleranciareligiosa\":\"Fundamentalistamo\\\/intoler\\u00e2ncia religiosa\",\"p21_xenofobia\":\"Xenofobia\",\"p21_machismo\":\"Machismo\",\"p21_racismo\":\"Racismo\",\"p21_lgbtqifobia\":\"LGBTIfobia\",\"p21_enfrentamentocomgruposprivadosarmados\":\"Enfrentamento com grupos privados armados\",\"p22_numerodeparticipantes\":\"1  - 15\",\"p23_reunioes\":\"Reuni\\u00f5es\",\"p23_oficinas\":\"Oficinas\",\"p23_outros\":\"Outros\",\"p24_reunioes\":\"Reuni\\u00f5es\",\"p24_atendimento\":\"Atendimentos\",\"p24_oficinas\":\"Oficinas\",\"p24_oficinasaulasartisticas\":\"Ensaios\\\/Oficinas\\\/Aulas art\\u00edsticas\",\"p24_formacao\":\"Forma\\u00e7\\u00e3o\",\"p24_apresentacoesartisticas\":\"Apresenta\\u00e7\\u00f5es art\\u00edsticas\",\"p24_outros\":\"Outros\",\"p25_numerodepessoas\":\"Mais de 500\",\"p26_numerodepessoas\":\"Mais de 500\",\"p27_espacopublico\":\"Espa\\u00e7o p\\u00fablico\",\"p27_espacoemprestadocedido\":\"Espa\\u00e7o emprestado\\\/cedido\",\"p27_espacoproprio\":\"Espa\\u00e7o pr\\u00f3prio\",\"p27_virtual\":\"Virtual\",\"p27_ocupacao\":\"Ocupa\\u00e7\\u00e3o\",\"p28_territorios\":\"Atua\\u00e7\\u00e3o Internacional\",\"p30_outrasorganizacoes\":\"N\\u00e3o\",\"p32_campanhadelongaduracao\":\"Sim\",\"p34_estadual\":\"Estadual\",\"p34_nacional\":\"Nacional\",\"p34_nenhuma\":\"Nenhuma\",\"p36_conselhosdeparticipacaoecontrolesocial\":\"Sim\",\"p38_nenhum\":\"Nenhum\",\"p40_editais\":\"Sim\",\"p41_publicoestatal\":\"P\\u00fablico-Estatal\",\"p41_privadopj\":\"Privado (P. Jur\\u00eddica)\",\"p41_autofinanciamento\":\"Auto-financiamento\",\"p42_meiodedivulgacaoproprio\":\"Sim\",\"p43_impressoes\":\"Impressos\",\"p43_facebook\":\"Facebook\",\"p43_instagram\":\"Instagram\",\"p43_youtube\":\"YouTube\",\"p44_radio\":\"TV\",\"p44_jornaisimpressosdegrandecirculacao\":\"Jornais impressos de grande circula\\u00e7\\u00e3o\",\"p44_jornaisimpressosdebairro\":\"Jornais impressos de bairro\",\"p44_redessociais\":\"Redes sociais (Facebook, YouTube, Instagram etc.)\",\"p44_sitesblogs\":\"Sites ou Blogs\",\"p39_publico\":\"JOVENS\",\"p45_bandeira\":\"CULTURA-URBANA IGUALDADE-RACIAL DIREITOS-FEMININOS IGUALDADE-DE-G\\u00caNERO POL\\u00cdTICAS-P\\u00daBLICAS POL\\u00cdTICAS-CULTURAIS CONHECIMENTO\",\"p46_hashtags\":\"#PIONEIROS #RESISTENCIA #LUTA\"},{\"p1_eixo\":\"Cultura\",\"p9_tipoorganizacao\":\"Movimento Social\",\"p12_uf\":\"MS\",\"p13_cidade\":\"CAMPO GRANDE \",\"p16_cidade\":\"Cidade\",\"p17_ano\":\"2017\",\"p16_estado\":\"Estado\",\"p18_agrario\":\"Agr\\u00e1rio\\\/ruralidades\",\"p18_comunicacao\":\"Comunica\\u00e7\\u00e3o\",\"p18_difusaoartistica\":\"Difus\\u00e3o Art\\u00edstica\",\"p18_desenvolvimentoterritorial\":\"Desenvolvimento territorial\",\"p18_direitoshumanos\":\"Direitos humanos\",\"p18_educacao\":\"Educa\\u00e7\\u00e3o\",\"p18_feminismos\":\"Feminismos\",\"p18_lgbtqi\":\"LGBTQI\",\"p18_lutaantirracismo\":\"Luta antirracismo\",\"p18_mobilidade\":\"Mobilidade\",\"p18_moradia\":\"Moradia\",\"p18_povosecomunidadestradicionais\":\"Povos e comunidades tradicionais\",\"p18_trabalho\":\"Trabalho\",\"p18_religiao\":\"Religi\\u00e3o\",\"p18_saude\":\"Sa\\u00fade\",\"p18_violencia\":\"Viol\\u00eancia\",\"p18_politicasculturais\":\"Pol\\u00edticas Culturais\",\"p19_agrario\":\"Agr\\u00e1rio\\\/ruralidades\",\"p19_educacao\":\"Educa\\u00e7\\u00e3o\",\"p19_lgbtqi\":\"LGBTQI\",\"p19_lutaantirracismo\":\"Luta antirracismo\",\"p19_trabalho\":\"Trabalho\",\"p19_politicasculturais\":\"Pol\\u00edticas Culturais\",\"p20_reunioes\":\"Reuni\\u00f5es\",\"p20_atendimento\":\"Atendimento\",\"p20_oficinas\":\"Oficinas\",\"p20_oficinasaulasartisticas\":\"Ensaios\\\/Oficinas\\\/Aulas art\\u00edsticas\",\"p20_profissionalizacao\":\"Profissionaliza\\u00e7\\u00e3o\",\"p20_apresentacoesartisticas\":\"Apresenta\\u00e7\\u00f5es art\\u00edsticas\",\"p20_visitasexcursoes\":\"Visitas\\\/Excurs\\u00f5es\",\"p21_repressaopolicial\":\"Repress\\u00e3o policial\",\"p21_intoleranciareligiosa\":\"Fundamentalistamo\\\/intoler\\u00e2ncia religiosa\",\"p21_machismo\":\"Machismo\",\"p21_racismo\":\"Racismo\",\"p21_lgbtqifobia\":\"LGBTIfobia\",\"p21_nenhum\":\"Nenhum\",\"p22_numerodeparticipantes\":\"1  - 15\",\"p23_reunioes\":\"Reuni\\u00f5es\",\"p23_atendimento\":\"Atendimento\",\"p23_profissionalizacao\":\"Profissionaliza\\u00e7\\u00e3o\",\"p23_apresentacoesartisticas\":\"Apresenta\\u00e7\\u00f5es Art\\u00edsticas\",\"p23_visitas\":\"Visitas\",\"p23_outros\":\"Outros\",\"p24_reunioes\":\"Reuni\\u00f5es\",\"p24_atendimento\":\"Atendimentos\",\"p24_oficinas\":\"Oficinas\",\"p24_oficinasaulasartisticas\":\"Ensaios\\\/Oficinas\\\/Aulas art\\u00edsticas\",\"p24_apresentacoesartisticas\":\"Apresenta\\u00e7\\u00f5es art\\u00edsticas\",\"p24_outros\":\"Outros\",\"p25_numerodepessoas\":\"100 - 200\",\"p26_numerodepessoas\":\"100 - 200\",\"p27_espacopublico\":\"Espa\\u00e7o p\\u00fablico\",\"p27_espacoemprestadocedido\":\"Espa\\u00e7o emprestado\\\/cedido\",\"p27_espacoproprio\":\"Espa\\u00e7o pr\\u00f3prio\",\"p28_territorios\":\"Estado\",\"p30_outrasorganizacoes\":\"Sim\",\"p32_campanhadelongaduracao\":\"Sim\",\"p34_estadual\":\"Estadual\",\"p34_nacional\":\"Nacional\",\"p34_nenhuma\":\"Nenhuma\",\"p36_conselhosdeparticipacaoecontrolesocial\":\"N\\u00e3o\",\"p38_sim\":\"Sim\",\"p38_nenhum\":\"Nenhum\",\"p40_editais\":\"N\\u00e3o\",\"p41_autofinanciamento\":\"Auto-financiamento\",\"p41_financiamentocoletivo0\":\"Financiamento coletivo\",\"p42_meiodedivulgacaoproprio\":\"Sim\",\"p43_email\":\"E-mail\",\"p43_instagram\":\"Instagram\",\"p43_radio\":\"R\\u00e1dio\",\"p44_radio\":\"TV\",\"p44_jornaisimpressosdegrandecirculacao\":\"Jornais impressos de grande circula\\u00e7\\u00e3o\",\"p44_jornaisimpressosdebairro\":\"Jornais impressos de bairro\",\"p44_sitesblogs\":\"Sites ou Blogs\",\"p39_publico\":\"PRETOS IND\\u00cdGENAS LGBTQI MULHERES M\\u00c3ES\",\"p45_bandeira\":\"ANTIRRACISMO ANTI-HOMOFOBIA ANTI-LESBOFOBIA ANTI-GENOC\\u00cdDIO-IND\\u00cdGENA LUTA-DE-CLASSES CONTRA-MISOGINIA\",\"p46_hashtags\":\"#LUTAANTIRRACISTA #LUTADECLASSES #LUTACONTRALGBTFOBIA\"},{\"p1_eixo\":\"Trabalho\",\"p9_tipoorganizacao\":\"Sindicato\",\"p12_uf\":\"RO\",\"p13_cidade\":\"ROLIM DE MOURA \",\"p16_cidade\":\"Cidade\",\"p17_ano\":\"1985\",\"p16_estado\":\"Estado\",\"p18_agrario\":\"Agr\\u00e1rio\\\/ruralidades\",\"p18_comunicacao\":\"Comunica\\u00e7\\u00e3o\",\"p18_difusaoartistica\":\"Difus\\u00e3o Art\\u00edstica\",\"p18_desenvolvimentoterritorial\":\"Desenvolvimento territorial\",\"p18_direitoshumanos\":\"Direitos humanos\",\"p18_educacao\":\"Educa\\u00e7\\u00e3o\",\"p18_feminismos\":\"Feminismos\",\"p18_lgbtqi\":\"LGBTQI\",\"p18_lutaantirracismo\":\"Luta antirracismo\",\"p18_mobilidade\":\"Mobilidade\",\"p18_moradia\":\"Moradia\",\"p18_povosecomunidadestradicionais\":\"Povos e comunidades tradicionais\",\"p18_trabalho\":\"Trabalho\",\"p18_religiao\":\"Religi\\u00e3o\",\"p18_saude\":\"Sa\\u00fade\",\"p18_violencia\":\"Viol\\u00eancia\",\"p18_politicasculturais\":\"Pol\\u00edticas Culturais\",\"p19_agrario\":\"Agr\\u00e1rio\\\/ruralidades\",\"p19_comunicacao\":\"Comunica\\u00e7\\u00e3o\",\"p19_lutaantirracismo\":\"Luta antirracismo\",\"p19_trabalho\":\"Trabalho\",\"p19_difusaoartistica\":\"Difus\\u00e3o Art\\u00edstica\",\"p19_politicasculturais\":\"Pol\\u00edticas Culturais\",\"p20_reunioes\":\"Reuni\\u00f5es\",\"p20_atendimento\":\"Atendimento\",\"p20_oficinas\":\"Oficinas\",\"p20_profissionalizacao\":\"Profissionaliza\\u00e7\\u00e3o\",\"p20_apresentacoesartisticas\":\"Apresenta\\u00e7\\u00f5es art\\u00edsticas\",\"p20_visitasexcursoes\":\"Visitas\\\/Excurs\\u00f5es\",\"p21_repressaopolicial\":\"Repress\\u00e3o policial\",\"p21_intoleranciareligiosa\":\"Fundamentalistamo\\\/intoler\\u00e2ncia religiosa\",\"p21_nenhum\":\"Nenhum\",\"p22_numerodeparticipantes\":\"Mais de 90\",\"p23_reunioes\":\"Reuni\\u00f5es\",\"p23_atendimento\":\"Atendimento\",\"p23_profissionalizacao\":\"Profissionaliza\\u00e7\\u00e3o\",\"p23_apresentacoesartisticas\":\"Apresenta\\u00e7\\u00f5es Art\\u00edsticas\",\"p23_visitas\":\"Visitas\",\"p23_outros\":\"Outros\",\"p24_reunioes\":\"Reuni\\u00f5es\",\"p24_atendimento\":\"Atendimentos\",\"p24_oficinas\":\"Oficinas\",\"p24_oficinasaulasartisticas\":\"Ensaios\\\/Oficinas\\\/Aulas art\\u00edsticas\",\"p24_apresentacoesartisticas\":\"Apresenta\\u00e7\\u00f5es art\\u00edsticas\",\"p24_outros\":\"Outros\",\"p25_numerodepessoas\":\"60 - 80\",\"p26_numerodepessoas\":\"Mais de 500\",\"p27_espacopublico\":\"Espa\\u00e7o p\\u00fablico\",\"p27_espacoemprestadocedido\":\"Espa\\u00e7o emprestado\\\/cedido\",\"p27_espacoproprio\":\"Espa\\u00e7o pr\\u00f3prio\",\"p28_territorios\":\"Cidade\",\"p30_outrasorganizacoes\":\"Sim\",\"p32_campanhadelongaduracao\":\"Sim\",\"p34_estadual\":\"Estadual\",\"p34_nacional\":\"Nacional\",\"p34_nenhuma\":\"Nenhuma\",\"p36_conselhosdeparticipacaoecontrolesocial\":\"Sim\",\"p38_sim\":\"Sim\",\"p38_nenhum\":\"Nenhum\",\"p40_editais\":\"Sim\",\"p41_financiamentocoletivo0\":\"Financiamento coletivo\",\"p42_meiodedivulgacaoproprio\":\"Sim\",\"p43_email\":\"E-mail\",\"p43_instagram\":\"Instagram\",\"p43_radio\":\"R\\u00e1dio\",\"p44_radio\":\"TV\",\"p44_jornaisimpressosdebairro\":\"Jornais impressos de bairro\",\"p44_sitesblogs\":\"Sites ou Blogs\",\"p39_publico\":\"AGRICULTOR-FAMILIAR\",\"p45_bandeira\":\"REGULARIZA\\u00c7\\u00c3O-FUNDI\\u00c1RIA ACESSO-TERRA MORADIA PREVID\\u00caNCIA MANIFESTA\\u00c7\\u00d5ES-CULTURAIS EDUCA\\u00c7\\u00c3O\",\"p46_hashtags\":\"#ACESSOATERRA #MORADIADIGNA #QUALIDADEDEVIDA\"},{\"p1_eixo\":\"Cultura\",\"p9_tipoorganizacao\":\"Coletivo\",\"p12_uf\":\"AC\",\"p13_cidade\":\"SENA MADUREIRA\",\"p16_internacional\":\"Internacional\",\"p17_ano\":\"2016\",\"p16_estado\":\"Estado\",\"p18_agrario\":\"Agr\\u00e1rio\\\/ruralidades\",\"p18_comunicacao\":\"Comunica\\u00e7\\u00e3o\",\"p18_difusaoartistica\":\"Difus\\u00e3o Art\\u00edstica\",\"p18_desenvolvimentoterritorial\":\"Desenvolvimento territorial\",\"p18_direitoshumanos\":\"Direitos humanos\",\"p18_educacao\":\"Educa\\u00e7\\u00e3o\",\"p18_feminismos\":\"Feminismos\",\"p18_lgbtqi\":\"LGBTQI\",\"p18_lutaantirracismo\":\"Luta antirracismo\",\"p18_mobilidade\":\"Mobilidade\",\"p18_moradia\":\"Moradia\",\"p18_povosecomunidadestradicionais\":\"Povos e comunidades tradicionais\",\"p18_trabalho\":\"Trabalho\",\"p18_saude\":\"Sa\\u00fade\",\"p18_violencia\":\"Viol\\u00eancia\",\"p18_politicasculturais\":\"Pol\\u00edticas Culturais\",\"p19_comunicacao\":\"Comunica\\u00e7\\u00e3o\",\"p19_lutaantirracismo\":\"Luta antirracismo\",\"p19_trabalho\":\"Trabalho\",\"p19_difusaoartistica\":\"Difus\\u00e3o Art\\u00edstica\",\"p20_reunioes\":\"Reuni\\u00f5es\",\"p20_oficinas\":\"Oficinas\",\"p20_oficinasaulasartisticas\":\"Ensaios\\\/Oficinas\\\/Aulas art\\u00edsticas\",\"p20_profissionalizacao\":\"Profissionaliza\\u00e7\\u00e3o\",\"p20_apresentacoesartisticas\":\"Apresenta\\u00e7\\u00f5es art\\u00edsticas\",\"p21_repressaopolicial\":\"Repress\\u00e3o policial\",\"p21_intoleranciareligiosa\":\"Fundamentalistamo\\\/intoler\\u00e2ncia religiosa\",\"p21_xenofobia\":\"Xenofobia\",\"p21_machismo\":\"Machismo\",\"p21_racismo\":\"Racismo\",\"p21_lgbtqifobia\":\"LGBTIfobia\",\"p22_numerodeparticipantes\":\"1  - 15\",\"p23_oficinas\":\"Oficinas\",\"p23_oficinasaulasartisticas\":\"Ensaio\\\/Oficinas\\\/Aulas Art\\u00edsticas\",\"p23_apresentacoesartisticas\":\"Apresenta\\u00e7\\u00f5es Art\\u00edsticas\",\"p23_outros\":\"Outros\",\"p24_reunioes\":\"Reuni\\u00f5es\",\"p24_oficinas\":\"Oficinas\",\"p24_oficinasaulasartisticas\":\"Ensaios\\\/Oficinas\\\/Aulas art\\u00edsticas\",\"p24_curso\":\"Curso\",\"p24_apresentacoesartisticas\":\"Apresenta\\u00e7\\u00f5es art\\u00edsticas\",\"p24_outros\":\"Outros\",\"p25_numerodepessoas\":\"20 - 40\",\"p26_numerodepessoas\":\"1 - 20\",\"p27_espacopublico\":\"Espa\\u00e7o p\\u00fablico\",\"p28_territorios\":\"Pr\\u00f3prio bairro\",\"p30_outrasorganizacoes\":\"Sim\",\"p32_campanhadelongaduracao\":\"Sim\",\"p34_nenhuma\":\"Nenhuma\",\"p36_conselhosdeparticipacaoecontrolesocial\":\"Sim\",\"p38_sim\":\"Sim\",\"p38_nenhum\":\"Nenhum\",\"p40_editais\":\"N\\u00e3o\",\"p41_autofinanciamento\":\"Auto-financiamento\",\"p41_financiamentocoletivo0\":\"Financiamento coletivo\",\"p42_meiodedivulgacaoproprio\":\"Sim\",\"p43_instagram\":\"Instagram\",\"p43_nenhum\":\"Nenhum\",\"p44_radio\":\"TV\",\"p44_jornaisimpressosdegrandecirculacao\":\"Jornais impressos de grande circula\\u00e7\\u00e3o\",\"p44_jornaisimpressosdebairro\":\"Jornais impressos de bairro\",\"p44_sitesblogs\":\"Sites ou Blogs\",\"p39_publico\":\"JUVENTUDE ARTE\",\"p45_bandeira\":\"LUTA-ANTIRRACISMO ARTE M\\u00daSICA LIBERDADE-DE-EXPRESS\\u00c3O\",\"p46_hashtags\":\"#LIBERDADEDEEXPRESSAO #ANTIRRACISMO #AUTOQUESTIONAMENTO \"},{\"p1_eixo\":\"Cultura\",\"p9_tipoorganizacao\":\"Movimento Social\",\"p12_uf\":\"AC\",\"p13_cidade\":\"SENA MADUREIRA\",\"p16_internacional\":\"Internacional\",\"p17_ano\":\"2003\",\"p16_estado\":\"Estado\",\"p18_agrario\":\"Agr\\u00e1rio\\\/ruralidades\",\"p18_comunicacao\":\"Comunica\\u00e7\\u00e3o\",\"p18_difusaoartistica\":\"Difus\\u00e3o Art\\u00edstica\",\"p18_desenvolvimentoterritorial\":\"Desenvolvimento territorial\",\"p18_direitoshumanos\":\"Direitos humanos\",\"p18_educacao\":\"Educa\\u00e7\\u00e3o\",\"p18_feminismos\":\"Feminismos\",\"p18_lgbtqi\":\"LGBTQI\",\"p18_lutaantirracismo\":\"Luta antirracismo\",\"p18_mobilidade\":\"Mobilidade\",\"p18_moradia\":\"Moradia\",\"p18_povosecomunidadestradicionais\":\"Povos e comunidades tradicionais\",\"p18_trabalho\":\"Trabalho\",\"p18_religiao\":\"Religi\\u00e3o\",\"p18_saude\":\"Sa\\u00fade\",\"p18_violencia\":\"Viol\\u00eancia\",\"p18_politicasculturais\":\"Pol\\u00edticas Culturais\",\"p19_lgbtqi\":\"LGBTQI\",\"p19_lutaantirracismo\":\"Luta antirracismo\",\"p19_povosecomunidadestradicionais\":\"Povos e comunidades tradicionais\",\"p19_trabalho\":\"Trabalho\",\"p19_difusaoartistica\":\"Difus\\u00e3o Art\\u00edstica\",\"p20_reunioes\":\"Reuni\\u00f5es\",\"p20_oficinas\":\"Oficinas\",\"p20_oficinasaulasartisticas\":\"Ensaios\\\/Oficinas\\\/Aulas art\\u00edsticas\",\"p20_profissionalizacao\":\"Profissionaliza\\u00e7\\u00e3o\",\"p20_apresentacoesartisticas\":\"Apresenta\\u00e7\\u00f5es art\\u00edsticas\",\"p20_visitasexcursoes\":\"Visitas\\\/Excurs\\u00f5es\",\"p21_repressaopolicial\":\"Repress\\u00e3o policial\",\"p21_intoleranciareligiosa\":\"Fundamentalistamo\\\/intoler\\u00e2ncia religiosa\",\"p21_xenofobia\":\"Xenofobia\",\"p21_machismo\":\"Machismo\",\"p21_racismo\":\"Racismo\",\"p21_lgbtqifobia\":\"LGBTIfobia\",\"p22_numerodeparticipantes\":\"Mais de 90\",\"p23_oficinas\":\"Oficinas\",\"p23_oficinasaulasartisticas\":\"Ensaio\\\/Oficinas\\\/Aulas Art\\u00edsticas\",\"p23_apresentacoesartisticas\":\"Apresenta\\u00e7\\u00f5es Art\\u00edsticas\",\"p23_outros\":\"Outros\",\"p24_reunioes\":\"Reuni\\u00f5es\",\"p24_oficinas\":\"Oficinas\",\"p24_oficinasaulasartisticas\":\"Ensaios\\\/Oficinas\\\/Aulas art\\u00edsticas\",\"p24_curso\":\"Curso\",\"p24_apresentacoesartisticas\":\"Apresenta\\u00e7\\u00f5es art\\u00edsticas\",\"p24_visitasexcursoes\":\"Visitas\\\/Excurs\\u00f5es\",\"p24_outros\":\"Outros\",\"p25_numerodepessoas\":\"400 - 500\",\"p26_numerodepessoas\":\"100 - 200\",\"p27_espacopublico\":\"Espa\\u00e7o p\\u00fablico\",\"p27_espacoemprestadocedido\":\"Espa\\u00e7o emprestado\\\/cedido\",\"p28_territorios\":\"Cidade\",\"p30_outrasorganizacoes\":\"Sim\",\"p32_campanhadelongaduracao\":\"Sim\",\"p34_nenhuma\":\"Nenhuma\",\"p36_conselhosdeparticipacaoecontrolesocial\":\"Sim\",\"p38_sim\":\"Sim\",\"p38_nenhum\":\"Nenhum\",\"p40_editais\":\"N\\u00e3o\",\"p41_autofinanciamento\":\"Auto-financiamento\",\"p42_meiodedivulgacaoproprio\":\"Sim\",\"p43_instagram\":\"Instagram\",\"p43_twitter\":\"Twitter\",\"p43_sitesblogs\":\"Blogs\\\/sites\",\"p43_youtube\":\"YouTube\",\"p43_nenhum\":\"Nenhum\",\"p44_radio\":\"TV\",\"p44_jornaisimpressosdegrandecirculacao\":\"Jornais impressos de grande circula\\u00e7\\u00e3o\",\"p44_jornaisimpressosdebairro\":\"Jornais impressos de bairro\",\"p44_redessociais\":\"Redes sociais (Facebook, YouTube, Instagram etc.)\",\"p44_sitesblogs\":\"Sites ou Blogs\",\"p39_publico\":\"POPULA\\u00c7\\u00c3O PERIF\\u00c9RICA\",\"p45_bandeira\":\"CONTRA-INJUSTI\\u00c7A-SOCIAL COMBATE-RACISMO COMBATE-FACISMO ACESSO-UNIVERSIDADES-FEDERAIS\",\"p46_hashtags\":\"#ACESSOASUNIVERSIDADESFEDERAIS #RECURSOSPUBLICOS #EDUCACAOPUBLICO \"},{\"p1_eixo\":\"Cultura\",\"p9_tipoorganizacao\":\"Movimento Social\",\"p12_uf\":\"RR\",\"p13_cidade\":\"RORAIN\\u00d3POLIS\",\"p16_bairro\":\"Bairro\",\"p17_ano\":\"2016\",\"p16_estado\":\"Estado\",\"p18_comunicacao\":\"Comunica\\u00e7\\u00e3o\",\"p18_difusaoartistica\":\"Difus\\u00e3o Art\\u00edstica\",\"p18_desenvolvimentoterritorial\":\"Desenvolvimento territorial\",\"p18_direitoshumanos\":\"Direitos humanos\",\"p18_educacao\":\"Educa\\u00e7\\u00e3o\",\"p18_feminismos\":\"Feminismos\",\"p18_lgbtqi\":\"LGBTQI\",\"p18_lutaantirracismo\":\"Luta antirracismo\",\"p18_mobilidade\":\"Mobilidade\",\"p18_moradia\":\"Moradia\",\"p18_povosecomunidadestradicionais\":\"Povos e comunidades tradicionais\",\"p18_trabalho\":\"Trabalho\",\"p18_religiao\":\"Religi\\u00e3o\",\"p18_saude\":\"Sa\\u00fade\",\"p18_violencia\":\"Viol\\u00eancia\",\"p18_politicasculturais\":\"Pol\\u00edticas Culturais\",\"p19_educacao\":\"Educa\\u00e7\\u00e3o\",\"p19_lgbtqi\":\"LGBTQI\",\"p19_lutaantirracismo\":\"Luta antirracismo\",\"p19_povosecomunidadestradicionais\":\"Povos e comunidades tradicionais\",\"p19_saude\":\"Sa\\u00fade\",\"p20_reunioes\":\"Reuni\\u00f5es\",\"p20_oficinas\":\"Oficinas\",\"p20_oficinasaulasartisticas\":\"Ensaios\\\/Oficinas\\\/Aulas art\\u00edsticas\",\"p20_formacao\":\"Forma\\u00e7\\u00e3o\",\"p20_apresentacoesartisticas\":\"Apresenta\\u00e7\\u00f5es art\\u00edsticas\",\"p20_visitasexcursoes\":\"Visitas\\\/Excurs\\u00f5es\",\"p21_repressaopolicial\":\"Repress\\u00e3o policial\",\"p21_intoleranciareligiosa\":\"Fundamentalistamo\\\/intoler\\u00e2ncia religiosa\",\"p21_xenofobia\":\"Xenofobia\",\"p21_machismo\":\"Machismo\",\"p21_racismo\":\"Racismo\",\"p21_lgbtqifobia\":\"LGBTIfobia\",\"p21_enfrentamentocomgruposprivadosarmados\":\"Enfrentamento com grupos privados armados\",\"p22_numerodeparticipantes\":\"1  - 15\",\"p23_oficinasaulasartisticas\":\"Ensaio\\\/Oficinas\\\/Aulas Art\\u00edsticas\",\"p23_apresentacoesartisticas\":\"Apresenta\\u00e7\\u00f5es Art\\u00edsticas\",\"p23_outros\":\"Outros\",\"p24_reunioes\":\"Reuni\\u00f5es\",\"p24_oficinas\":\"Oficinas\",\"p24_oficinasaulasartisticas\":\"Ensaios\\\/Oficinas\\\/Aulas art\\u00edsticas\",\"p24_formacao\":\"Forma\\u00e7\\u00e3o\",\"p24_apresentacoesartisticas\":\"Apresenta\\u00e7\\u00f5es art\\u00edsticas\",\"p24_visitasexcursoes\":\"Visitas\\\/Excurs\\u00f5es\",\"p24_outros\":\"Outros\",\"p25_numerodepessoas\":\"1 - 20\",\"p26_numerodepessoas\":\"40 - 60\",\"p27_espacopublico\":\"Espa\\u00e7o p\\u00fablico\",\"p27_espacoemprestadocedido\":\"Espa\\u00e7o emprestado\\\/cedido\",\"p27_espacoproprio\":\"Espa\\u00e7o pr\\u00f3prio\",\"p28_territorios\":\"Estado\",\"p30_outrasorganizacoes\":\"Sim\",\"p32_campanhadelongaduracao\":\"N\\u00e3o\",\"p34_nenhuma\":\"Nenhuma\",\"p36_conselhosdeparticipacaoecontrolesocial\":\"N\\u00e3o\",\"p38_nenhum\":\"Nenhum\",\"p40_editais\":\"N\\u00e3o\",\"p41_autofinanciamento\":\"Auto-financiamento\",\"p41_financiamentocoletivo0\":\"Financiamento coletivo\",\"p42_meiodedivulgacaoproprio\":\"Sim\",\"p43_instagram\":\"Instagram\",\"p43_twitter\":\"Twitter\",\"p43_sitesblogs\":\"Blogs\\\/sites\",\"p43_youtube\":\"YouTube\",\"p43_nenhum\":\"Nenhum\",\"p44_redessociais\":\"Redes sociais (Facebook, YouTube, Instagram etc.)\",\"p44_nenhum\":\"Nenhum\",\"p39_publico\":\"ALUNOS JOVENS PERIFERIAS\",\"p45_bandeira\":\"LUTA-ANTIRRACISTA CONTRA-XENOFOBIA CONTRA-MACHISMO\",\"p46_hashtags\":\"#RPCCONTRAORACISMO #RORAIMANAOEBOAVISTA #LUTACONTRAAXENOFOBIA\"},{\"p1_eixo\":\"Cultura\",\"p9_tipoorganizacao\":\"Coletivo\",\"p12_uf\":\"AC\",\"p13_cidade\":\"M\\u00c2NCIO LIMA \",\"p16_bairro\":\"Bairro\",\"p16_cidade\":\"Cidade\",\"p17_ano\":\"2021\",\"p18_agrario\":\"Agr\\u00e1rio\\\/ruralidades\",\"p18_comunicacao\":\"Comunica\\u00e7\\u00e3o\",\"p18_difusaoartistica\":\"Difus\\u00e3o Art\\u00edstica\",\"p18_desenvolvimentoterritorial\":\"Desenvolvimento territorial\",\"p18_direitoshumanos\":\"Direitos humanos\",\"p18_educacao\":\"Educa\\u00e7\\u00e3o\",\"p18_feminismos\":\"Feminismos\",\"p18_lutaantirracismo\":\"Luta antirracismo\",\"p18_mobilidade\":\"Mobilidade\",\"p18_moradia\":\"Moradia\",\"p18_povosecomunidadestradicionais\":\"Povos e comunidades tradicionais\",\"p18_trabalho\":\"Trabalho\",\"p18_religiao\":\"Religi\\u00e3o\",\"p18_saude\":\"Sa\\u00fade\",\"p18_violencia\":\"Viol\\u00eancia\",\"p18_politicasculturais\":\"Pol\\u00edticas Culturais\",\"p19_comunicacao\":\"Comunica\\u00e7\\u00e3o\",\"p19_educacao\":\"Educa\\u00e7\\u00e3o\",\"p19_lutaantirracismo\":\"Luta antirracismo\",\"p19_saude\":\"Sa\\u00fade\",\"p20_reunioes\":\"Reuni\\u00f5es\",\"p20_atendimento\":\"Atendimento\",\"p20_oficinas\":\"Oficinas\",\"p20_oficinasaulasartisticas\":\"Ensaios\\\/Oficinas\\\/Aulas art\\u00edsticas\",\"p20_formacao\":\"Forma\\u00e7\\u00e3o\",\"p20_apresentacoesartisticas\":\"Apresenta\\u00e7\\u00f5es art\\u00edsticas\",\"p20_visitasexcursoes\":\"Visitas\\\/Excurs\\u00f5es\",\"p21_repressaopolicial\":\"Repress\\u00e3o policial\",\"p21_intoleranciareligiosa\":\"Fundamentalistamo\\\/intoler\\u00e2ncia religiosa\",\"p21_machismo\":\"Machismo\",\"p21_racismo\":\"Racismo\",\"p21_lgbtqifobia\":\"LGBTIfobia\",\"p21_enfrentamentocomgruposprivadosarmados\":\"Enfrentamento com grupos privados armados\",\"p22_numerodeparticipantes\":\"15 - 30\",\"p23_reunioes\":\"Reuni\\u00f5es\",\"p23_atendimento\":\"Atendimento\",\"p23_oficinasaulasartisticas\":\"Ensaio\\\/Oficinas\\\/Aulas Art\\u00edsticas\",\"p23_formacao\":\"Forma\\u00e7\\u00e3o\",\"p23_visitas\":\"Visitas\",\"p23_outros\":\"Outros\",\"p24_reunioes\":\"Reuni\\u00f5es\",\"p24_oficinas\":\"Oficinas\",\"p24_formacao\":\"Forma\\u00e7\\u00e3o\",\"p24_apresentacoesartisticas\":\"Apresenta\\u00e7\\u00f5es art\\u00edsticas\",\"p24_outros\":\"Outros\",\"p25_numerodepessoas\":\"1 - 20\",\"p26_numerodepessoas\":\"40 - 60\",\"p27_espacopublico\":\"Espa\\u00e7o p\\u00fablico\",\"p27_espacoemprestadocedido\":\"Espa\\u00e7o emprestado\\\/cedido\",\"p27_espacoproprio\":\"Espa\\u00e7o pr\\u00f3prio\",\"p27_virtual\":\"Virtual\",\"p28_territorios\":\"Pr\\u00f3prio bairro\",\"p30_outrasorganizacoes\":\"Sim\",\"p32_campanhadelongaduracao\":\"N\\u00e3o\",\"p34_nenhuma\":\"Nenhuma\",\"p36_conselhosdeparticipacaoecontrolesocial\":\"Sim\",\"p38_nenhum\":\"Nenhum\",\"p40_editais\":\"N\\u00e3o\",\"p41_financiamentocoletivo0\":\"Financiamento coletivo\",\"p42_meiodedivulgacaoproprio\":\"N\\u00e3o\",\"p43_email\":\"E-mail\",\"p43_facebook\":\"Facebook\",\"p43_instagram\":\"Instagram\",\"p43_sitesblogs\":\"Blogs\\\/sites\",\"p43_radio\":\"R\\u00e1dio\",\"p43_youtube\":\"YouTube\",\"p43_nenhum\":\"Nenhum\",\"p44_sitesblogs\":\"Sites ou Blogs\",\"p44_nenhum\":\"Nenhum\",\"p39_publico\":\"POPULA\\u00c7\\u00c3O TERRIT\\u00d3RIO NUKINI\",\"p45_bandeira\":\"CONTRA-PRECONCEITO POVOS-IND\\u00cdGENAS CONTRA-DISCRIMINA\\u00c7\\u00c3O EDUCA\\u00c7\\u00c3O-IND\\u00cdGENA LUTA DIREITO DEMOCRACIA EXIST\\u00caNCIA\",\"p46_hashtags\":\"#DEMOCRACIA #MODODEVIVERDOSPOVOSINDIGENAS #DIREITO\"},{\"p1_eixo\":\"Trabalho\",\"p9_tipoorganizacao\":\"Coletivo\",\"p12_uf\":\"BA\",\"p13_cidade\":\"FEIRA DE SANTANA\",\"p16_cidade\":\"Cidade\",\"p17_ano\":\"2017\",\"p18_agrario\":\"Agr\\u00e1rio\\\/ruralidades\",\"p18_comunicacao\":\"Comunica\\u00e7\\u00e3o\",\"p18_difusaoartistica\":\"Difus\\u00e3o Art\\u00edstica\",\"p18_desenvolvimentoterritorial\":\"Desenvolvimento territorial\",\"p18_direitoshumanos\":\"Direitos humanos\",\"p18_educacao\":\"Educa\\u00e7\\u00e3o\",\"p18_feminismos\":\"Feminismos\",\"p18_lgbtqi\":\"LGBTQI\",\"p18_lutaantirracismo\":\"Luta antirracismo\",\"p18_mobilidade\":\"Mobilidade\",\"p18_moradia\":\"Moradia\",\"p18_povosecomunidadestradicionais\":\"Povos e comunidades tradicionais\",\"p18_trabalho\":\"Trabalho\",\"p18_religiao\":\"Religi\\u00e3o\",\"p18_saude\":\"Sa\\u00fade\",\"p18_violencia\":\"Viol\\u00eancia\",\"p18_politicasculturais\":\"Pol\\u00edticas Culturais\",\"p19_comunicacao\":\"Comunica\\u00e7\\u00e3o\",\"p19_educacao\":\"Educa\\u00e7\\u00e3o\",\"p19_povosecomunidadestradicionais\":\"Povos e comunidades tradicionais\",\"p19_saude\":\"Sa\\u00fade\",\"p19_violencia\":\"Viol\\u00eancia\",\"p20_reunioes\":\"Reuni\\u00f5es\",\"p20_atendimento\":\"Atendimento\",\"p20_visitasexcursoes\":\"Visitas\\\/Excurs\\u00f5es\",\"p21_repressaopolicial\":\"Repress\\u00e3o policial\",\"p21_intoleranciareligiosa\":\"Fundamentalistamo\\\/intoler\\u00e2ncia religiosa\",\"p21_machismo\":\"Machismo\",\"p21_racismo\":\"Racismo\",\"p21_lgbtqifobia\":\"LGBTIfobia\",\"p22_numerodeparticipantes\":\"1  - 15\",\"p23_reunioes\":\"Reuni\\u00f5es\",\"p23_atendimento\":\"Atendimento\",\"p23_formacao\":\"Forma\\u00e7\\u00e3o\",\"p23_visitas\":\"Visitas\",\"p23_outros\":\"Outros\",\"p25_numerodepessoas\":\"Mais de 500\",\"p26_numerodepessoas\":\"1 - 20\",\"p27_espacoemprestadocedido\":\"Espa\\u00e7o emprestado\\\/cedido\",\"p27_virtual\":\"Virtual\",\"p28_territorios\":\"Cidade\",\"p30_outrasorganizacoes\":\"Sim\",\"p32_campanhadelongaduracao\":\"N\\u00e3o\",\"p34_nenhuma\":\"Nenhuma\",\"p36_conselhosdeparticipacaoecontrolesocial\":\"N\\u00e3o\",\"p38_nenhum\":\"Nenhum\",\"p40_editais\":\"N\\u00e3o\",\"p41_autofinanciamento\":\"Auto-financiamento\",\"p41_financiamentocoletivo0\":\"Financiamento coletivo\",\"p42_meiodedivulgacaoproprio\":\"Sim\",\"p43_email\":\"E-mail\",\"p43_facebook\":\"Facebook\",\"p43_instagram\":\"Instagram\",\"p43_sitesblogs\":\"Blogs\\\/sites\",\"p43_radio\":\"R\\u00e1dio\",\"p43_youtube\":\"YouTube\",\"p43_nenhum\":\"Nenhum\",\"p44_sitesblogs\":\"Sites ou Blogs\",\"p44_nenhum\":\"Nenhum\",\"p39_publico\":\"CRIAN\\u00c7AS IDOSOS\",\"p45_bandeira\":\"DEFESA-DIREITOS DESENVOLVIMENTO-TERRITORIAL COMUNIDADES-TRADICIONAIS COMUNICA\\u00c7\\u00c3O DEMOCRATIZA\\u00c7\\u00c3O INFORMA\\u00c7\\u00c3O EDUCA\\u00c7\\u00c3O-COMUNIT\\u00c1RIA\",\"p46_hashtags\":\"#EMPODERAMENTOFEMININO #DEFESADIREITOS #DESENVOLVIMENTOTERRITORIALDASCOMUNIDADESTRADICIONAISQUILOMBOLAS \"},{\"p1_eixo\":\"Cultura\",\"p9_tipoorganizacao\":\"Coletivo\",\"p12_uf\":\"RJ\",\"p13_cidade\":\"NOVA IGUA\\u00c7U, S\\u00c3O JO\\u00c3O DE MERETI\",\"p16_bairro\":\"Bairro\",\"p16_cidade\":\"Cidade\",\"p17_ano\":\"2022\",\"p18_comunicacao\":\"Comunica\\u00e7\\u00e3o\",\"p18_desenvolvimentoterritorial\":\"Desenvolvimento territorial\",\"p18_direitoshumanos\":\"Direitos humanos\",\"p18_educacao\":\"Educa\\u00e7\\u00e3o\",\"p18_feminismos\":\"Feminismos\",\"p18_lgbtqi\":\"LGBTQI\",\"p18_lutaantirracismo\":\"Luta antirracismo\",\"p18_mobilidade\":\"Mobilidade\",\"p18_moradia\":\"Moradia\",\"p18_povosecomunidadestradicionais\":\"Povos e comunidades tradicionais\",\"p18_trabalho\":\"Trabalho\",\"p18_religiao\":\"Religi\\u00e3o\",\"p18_saude\":\"Sa\\u00fade\",\"p18_violencia\":\"Viol\\u00eancia\",\"p18_politicasculturais\":\"Pol\\u00edticas Culturais\",\"p19_educacao\":\"Educa\\u00e7\\u00e3o\",\"p19_feminismos\":\"Feminismos\",\"p19_moradia\":\"Moradia\",\"p19_povosecomunidadestradicionais\":\"Povos e comunidades tradicionais\",\"p19_saude\":\"Sa\\u00fade\",\"p19_violencia\":\"Viol\\u00eancia\",\"p20_reunioes\":\"Reuni\\u00f5es\",\"p20_atendimento\":\"Atendimento\",\"p20_oficinasaulasartisticas\":\"Ensaios\\\/Oficinas\\\/Aulas art\\u00edsticas\",\"p21_intoleranciareligiosa\":\"Fundamentalistamo\\\/intoler\\u00e2ncia religiosa\",\"p21_machismo\":\"Machismo\",\"p21_racismo\":\"Racismo\",\"p21_nenhum\":\"Nenhum\",\"p22_numerodeparticipantes\":\"1  - 15\",\"p23_reunioes\":\"Reuni\\u00f5es\",\"p23_oficinasaulasartisticas\":\"Ensaio\\\/Oficinas\\\/Aulas Art\\u00edsticas\",\"p23_outros\":\"Outros\",\"p24_atendimento\":\"Atendimentos\",\"p24_outros\":\"Outros\",\"p25_numerodepessoas\":\"20 - 40\",\"p26_numerodepessoas\":\"1 - 20\",\"p27_espacoemprestadocedido\":\"Espa\\u00e7o emprestado\\\/cedido\",\"p27_espacoproprio\":\"Espa\\u00e7o pr\\u00f3prio\",\"p28_territorios\":\"Cidade\",\"p30_outrasorganizacoes\":\"N\\u00e3o\",\"p32_campanhadelongaduracao\":\"N\\u00e3o\",\"p34_nenhuma\":\"Nenhuma\",\"p36_conselhosdeparticipacaoecontrolesocial\":\"N\\u00e3o\",\"p38_nenhum\":\"Nenhum\",\"p40_editais\":\"N\\u00e3o\",\"p41_autofinanciamento\":\"Auto-financiamento\",\"p42_meiodedivulgacaoproprio\":\"N\\u00e3o\",\"p43_facebook\":\"Facebook\",\"p43_instagram\":\"Instagram\",\"p43_nenhum\":\"Nenhum\",\"p44_radio\":\"R\\u00e1dio\",\"p44_nenhum\":\"Nenhum\",\"p39_publico\":\"RELIGI\\u00d5ES-MATRIZ-AFRICANA\",\"p45_bandeira\":\"ANTIRRACISMO COMBATE-INTELOR\\u00c2NCIA-RELIGIOSA\",\"p46_hashtags\":\"#VALORIZACAODOSPOVOSDETERREIRO #LIBERDADERELIGIOSA #COMBATEAORACISMO\"},{\"p1_eixo\":\"Trabalho\",\"p9_tipoorganizacao\":\"Movimento Social\",\"p12_uf\":\"RS\",\"p13_cidade\":\"PELOTAS\",\"p16_bairro\":\"Bairro\",\"p16_cidade\":\"Cidade\",\"p17_ano\":\"2023\",\"p18_comunicacao\":\"Comunica\\u00e7\\u00e3o\",\"p18_difusaoartistica\":\"Difus\\u00e3o Art\\u00edstica\",\"p18_desenvolvimentoterritorial\":\"Desenvolvimento territorial\",\"p18_direitoshumanos\":\"Direitos humanos\",\"p18_educacao\":\"Educa\\u00e7\\u00e3o\",\"p18_feminismos\":\"Feminismos\",\"p18_lgbtqi\":\"LGBTQI\",\"p18_lutaantirracismo\":\"Luta antirracismo\",\"p18_mobilidade\":\"Mobilidade\",\"p18_moradia\":\"Moradia\",\"p18_trabalho\":\"Trabalho\",\"p18_religiao\":\"Religi\\u00e3o\",\"p18_saude\":\"Sa\\u00fade\",\"p18_violencia\":\"Viol\\u00eancia\",\"p18_politicasculturais\":\"Pol\\u00edticas Culturais\",\"p19_desenvolvimentoterritorial\":\"Desenvolvimento territorial\",\"p19_educacao\":\"Educa\\u00e7\\u00e3o\",\"p19_feminismos\":\"Feminismos\",\"p19_moradia\":\"Moradia\",\"p19_saude\":\"Sa\\u00fade\",\"p19_politicasculturais\":\"Pol\\u00edticas Culturais\",\"p20_reunioes\":\"Reuni\\u00f5es\",\"p20_atendimento\":\"Atendimento\",\"p20_oficinas\":\"Oficinas\",\"p20_oficinasaulasartisticas\":\"Ensaios\\\/Oficinas\\\/Aulas art\\u00edsticas\",\"p20_formacao\":\"Forma\\u00e7\\u00e3o\",\"p20_apresentacoesartisticas\":\"Apresenta\\u00e7\\u00f5es art\\u00edsticas\",\"p21_machismo\":\"Machismo\",\"p21_racismo\":\"Racismo\",\"p21_lgbtqifobia\":\"LGBTIfobia\",\"p21_nenhum\":\"Nenhum\",\"p22_numerodeparticipantes\":\"1  - 15\",\"p23_reunioes\":\"Reuni\\u00f5es\",\"p23_oficinasaulasartisticas\":\"Ensaio\\\/Oficinas\\\/Aulas Art\\u00edsticas\",\"p23_apresentacoesartisticas\":\"Apresenta\\u00e7\\u00f5es Art\\u00edsticas\",\"p23_outros\":\"Outros\",\"p24_atendimento\":\"Atendimentos\",\"p24_oficinas\":\"Oficinas\",\"p24_oficinasaulasartisticas\":\"Ensaios\\\/Oficinas\\\/Aulas art\\u00edsticas\",\"p24_formacao\":\"Forma\\u00e7\\u00e3o\",\"p24_apresentacoesartisticas\":\"Apresenta\\u00e7\\u00f5es art\\u00edsticas\",\"p24_outros\":\"Outros\",\"p25_numerodepessoas\":\"100 - 200\",\"p26_numerodepessoas\":\"1 - 20\",\"p27_espacoproprio\":\"Espa\\u00e7o pr\\u00f3prio\",\"p27_ocupacao\":\"Ocupa\\u00e7\\u00e3o\",\"p28_territorios\":\"Pr\\u00f3prio bairro\",\"p30_outrasorganizacoes\":\"Sim\",\"p32_campanhadelongaduracao\":\"Sim\",\"p34_nenhuma\":\"Nenhuma\",\"p36_conselhosdeparticipacaoecontrolesocial\":\"N\\u00e3o\",\"p38_nenhum\":\"Nenhum\",\"p40_editais\":\"N\\u00e3o\",\"p41_publicoestatal\":\"P\\u00fablico-Estatal\",\"p41_autofinanciamento\":\"Auto-financiamento\",\"p41_financiamentocoletivo0\":\"Financiamento coletivo\",\"p42_meiodedivulgacaoproprio\":\"Sim\",\"p43_email\":\"E-mail\",\"p43_facebook\":\"Facebook\",\"p43_instagram\":\"Instagram\",\"p44_radio\":\"TV\",\"p44_jornaisimpressosdegrandecirculacao\":\"Jornais impressos de grande circula\\u00e7\\u00e3o\",\"p44_jornaisimpressosdebairro\":\"Jornais impressos de bairro\",\"p44_sitesblogs\":\"Sites ou Blogs\",\"p39_publico\":\"POPULA\\u00c7\\u00c3O-EM-VULNERABILIDADE\",\"p45_bandeira\":\"AJUDAR-PR\\u00d3XIMO CARINHO CRIAN\\u00c7AS\",\"p46_hashtags\":\"#AJUDAROPROXIMO #AMOR #FAMILIA\"},{\"p1_eixo\":\"Cultura\",\"p9_tipoorganizacao\":\"Coletivo\",\"p12_uf\":\"RN\",\"p13_cidade\":\"NATAL \",\"p16_cidade\":\"Cidade\",\"p17_ano\":\"2013\",\"p18_comunicacao\":\"Comunica\\u00e7\\u00e3o\",\"p18_difusaoartistica\":\"Difus\\u00e3o Art\\u00edstica\",\"p18_desenvolvimentoterritorial\":\"Desenvolvimento territorial\",\"p18_direitoshumanos\":\"Direitos humanos\",\"p18_educacao\":\"Educa\\u00e7\\u00e3o\",\"p18_feminismos\":\"Feminismos\",\"p18_lgbtqi\":\"LGBTQI\",\"p18_lutaantirracismo\":\"Luta antirracismo\",\"p18_mobilidade\":\"Mobilidade\",\"p18_moradia\":\"Moradia\",\"p18_povosecomunidadestradicionais\":\"Povos e comunidades tradicionais\",\"p18_trabalho\":\"Trabalho\",\"p18_religiao\":\"Religi\\u00e3o\",\"p18_saude\":\"Sa\\u00fade\",\"p18_violencia\":\"Viol\\u00eancia\",\"p18_politicasculturais\":\"Pol\\u00edticas Culturais\",\"p19_desenvolvimentoterritorial\":\"Desenvolvimento territorial\",\"p19_direitoshumanos\":\"Direitos humanos\",\"p19_educacao\":\"Educa\\u00e7\\u00e3o\",\"p19_saude\":\"Sa\\u00fade\",\"p19_difusaoartistica\":\"Difus\\u00e3o Art\\u00edstica\",\"p19_politicasculturais\":\"Pol\\u00edticas Culturais\",\"p20_reunioes\":\"Reuni\\u00f5es\",\"p20_atendimento\":\"Atendimento\",\"p20_oficinas\":\"Oficinas\",\"p20_oficinasaulasartisticas\":\"Ensaios\\\/Oficinas\\\/Aulas art\\u00edsticas\",\"p20_formacao\":\"Forma\\u00e7\\u00e3o\",\"p20_profissionalizacao\":\"Profissionaliza\\u00e7\\u00e3o\",\"p20_apresentacoesartisticas\":\"Apresenta\\u00e7\\u00f5es art\\u00edsticas\",\"p21_repressaopolicial\":\"Repress\\u00e3o policial\",\"p21_intoleranciareligiosa\":\"Fundamentalistamo\\\/intoler\\u00e2ncia religiosa\",\"p21_xenofobia\":\"Xenofobia\",\"p21_machismo\":\"Machismo\",\"p21_racismo\":\"Racismo\",\"p21_lgbtqifobia\":\"LGBTIfobia\",\"p22_numerodeparticipantes\":\"1  - 15\",\"p23_reunioes\":\"Reuni\\u00f5es\",\"p23_oficinas\":\"Oficinas\",\"p23_oficinasaulasartisticas\":\"Ensaio\\\/Oficinas\\\/Aulas Art\\u00edsticas\",\"p23_cursos\":\"Cursos\",\"p23_profissionalizacao\":\"Profissionaliza\\u00e7\\u00e3o\",\"p23_apresentacoesartisticas\":\"Apresenta\\u00e7\\u00f5es Art\\u00edsticas\",\"p23_outros\":\"Outros\",\"p24_atendimento\":\"Atendimentos\",\"p24_oficinas\":\"Oficinas\",\"p24_oficinasaulasartisticas\":\"Ensaios\\\/Oficinas\\\/Aulas art\\u00edsticas\",\"p24_formacao\":\"Forma\\u00e7\\u00e3o\",\"p24_apresentacoesartisticas\":\"Apresenta\\u00e7\\u00f5es art\\u00edsticas\",\"p24_outros\":\"Outros\",\"p25_numerodepessoas\":\"40 - 60\",\"p26_numerodepessoas\":\"200 - 300\",\"p27_espacoemprestadocedido\":\"Espa\\u00e7o emprestado\\\/cedido\",\"p27_espacoproprio\":\"Espa\\u00e7o pr\\u00f3prio\",\"p27_ocupacao\":\"Ocupa\\u00e7\\u00e3o\",\"p28_territorios\":\"Cidade\",\"p30_outrasorganizacoes\":\"Sim\",\"p32_campanhadelongaduracao\":\"N\\u00e3o\",\"p34_nenhuma\":\"Nenhuma\",\"p36_conselhosdeparticipacaoecontrolesocial\":\"Sim\",\"p38_nenhum\":\"Nenhum\",\"p40_editais\":\"Sim\",\"p41_publicoestatal\":\"P\\u00fablico-Estatal\",\"p41_financiamentocoletivo0\":\"Financiamento coletivo\",\"p42_meiodedivulgacaoproprio\":\"Sim\",\"p43_email\":\"E-mail\",\"p43_whatsapp\":\"WhatApp\",\"p43_instagram\":\"Instagram\",\"p44_radio\":\"TV\",\"p44_jornaisimpressosdegrandecirculacao\":\"Jornais impressos de grande circula\\u00e7\\u00e3o\",\"p44_jornaisimpressosdebairro\":\"Jornais impressos de bairro\",\"p44_redessociais\":\"Redes sociais (Facebook, YouTube, Instagram etc.)\",\"p44_sitesblogs\":\"Sites ou Blogs\",\"p39_publico\":\"COMUNIDADE-AFRICA\",\"p45_bandeira\":\"PERIFERIA CULTURA EDUCA\\u00c7\\u00c3O\",\"p46_hashtags\":\"#PERIFERIA #HIPHOP #PERIFERIAVIVA \"},{\"p1_eixo\":\"Trabalho\",\"p9_tipoorganizacao\":\"Movimento Social\",\"p12_uf\":\"SE\",\"p13_cidade\":\"SIM\\u00c3O DIAS \",\"p16_cidade\":\"Cidade\",\"p16_internacional\":\"Internacional\",\"p17_ano\":\"2019\",\"p18_comunicacao\":\"Comunica\\u00e7\\u00e3o\",\"p18_difusaoartistica\":\"Difus\\u00e3o Art\\u00edstica\",\"p18_desenvolvimentoterritorial\":\"Desenvolvimento territorial\",\"p18_direitoshumanos\":\"Direitos humanos\",\"p18_educacao\":\"Educa\\u00e7\\u00e3o\",\"p18_feminismos\":\"Feminismos\",\"p18_lgbtqi\":\"LGBTQI\",\"p18_lutaantirracismo\":\"Luta antirracismo\",\"p18_mobilidade\":\"Mobilidade\",\"p18_moradia\":\"Moradia\",\"p18_povosecomunidadestradicionais\":\"Povos e comunidades tradicionais\",\"p18_trabalho\":\"Trabalho\",\"p18_religiao\":\"Religi\\u00e3o\",\"p18_saude\":\"Sa\\u00fade\",\"p18_violencia\":\"Viol\\u00eancia\",\"p18_politicasculturais\":\"Pol\\u00edticas Culturais\",\"p19_direitoshumanos\":\"Direitos humanos\",\"p19_feminismos\":\"Feminismos\",\"p19_lutaantirracismo\":\"Luta antirracismo\",\"p19_saude\":\"Sa\\u00fade\",\"p19_difusaoartistica\":\"Difus\\u00e3o Art\\u00edstica\",\"p19_politicasculturais\":\"Pol\\u00edticas Culturais\",\"p20_reunioes\":\"Reuni\\u00f5es\",\"p20_oficinas\":\"Oficinas\",\"p20_oficinasaulasartisticas\":\"Ensaios\\\/Oficinas\\\/Aulas art\\u00edsticas\",\"p20_profissionalizacao\":\"Profissionaliza\\u00e7\\u00e3o\",\"p20_apresentacoesartisticas\":\"Apresenta\\u00e7\\u00f5es art\\u00edsticas\",\"p21_repressaopolicial\":\"Repress\\u00e3o policial\",\"p21_intoleranciareligiosa\":\"Fundamentalistamo\\\/intoler\\u00e2ncia religiosa\",\"p21_xenofobia\":\"Xenofobia\",\"p21_machismo\":\"Machismo\",\"p21_racismo\":\"Racismo\",\"p21_lgbtqifobia\":\"LGBTIfobia\",\"p22_numerodeparticipantes\":\"45 - 60\",\"p23_reunioes\":\"Reuni\\u00f5es\",\"p23_oficinas\":\"Oficinas\",\"p23_oficinasaulasartisticas\":\"Ensaio\\\/Oficinas\\\/Aulas Art\\u00edsticas\",\"p23_cursos\":\"Cursos\",\"p23_profissionalizacao\":\"Profissionaliza\\u00e7\\u00e3o\",\"p23_apresentacoesartisticas\":\"Apresenta\\u00e7\\u00f5es Art\\u00edsticas\",\"p23_outros\":\"Outros\",\"p25_numerodepessoas\":\"20 - 40\",\"p26_numerodepessoas\":\"1 - 20\",\"p27_espacopublico\":\"Espa\\u00e7o p\\u00fablico\",\"p27_espacoemprestadocedido\":\"Espa\\u00e7o emprestado\\\/cedido\",\"p27_espacoproprio\":\"Espa\\u00e7o pr\\u00f3prio\",\"p28_territorios\":\"Cidade\",\"p30_outrasorganizacoes\":\"N\\u00e3o\",\"p32_campanhadelongaduracao\":\"Sim\",\"p34_nenhuma\":\"Nenhuma\",\"p36_conselhosdeparticipacaoecontrolesocial\":\"Sim\",\"p38_nenhum\":\"Nenhum\",\"p40_editais\":\"Sim\",\"p41_autofinanciamento\":\"Auto-financiamento\",\"p41_financiamentocoletivo0\":\"Financiamento coletivo\",\"p42_meiodedivulgacaoproprio\":\"Sim\",\"p43_email\":\"E-mail\",\"p43_facebook\":\"Facebook\",\"p43_whatsapp\":\"WhatApp\",\"p43_instagram\":\"Instagram\",\"p43_sitesblogs\":\"Blogs\\\/sites\",\"p43_youtube\":\"YouTube\",\"p44_radio\":\"TV\",\"p44_jornaisimpressosdegrandecirculacao\":\"Jornais impressos de grande circula\\u00e7\\u00e3o\",\"p44_jornaisimpressosdebairro\":\"Jornais impressos de bairro\",\"p44_redessociais\":\"Redes sociais (Facebook, YouTube, Instagram etc.)\",\"p44_sitesblogs\":\"Sites ou Blogs\",\"p39_publico\":\"ESCOLAS COMUNIDADES\",\"p45_bandeira\":\"ANTIRRACISMO FIM-VIOL\\u00caNCIA-CONTRA-MULHERES HOMOFOBIA\",\"p46_hashtags\":\"#ANTIRRACISMO #ANTIHOMOFOBIA #LGBTQIA+\"},{\"p1_eixo\":\"Cultura\",\"p9_tipoorganizacao\":\"Coletivo Art\\u00edstico\",\"p12_uf\":\"SP\",\"p13_cidade\":\"SOROCABA\",\"p16_internacional\":\"Internacional\",\"p17_ano\":\"2018\",\"p18_comunicacao\":\"Comunica\\u00e7\\u00e3o\",\"p18_difusaoartistica\":\"Difus\\u00e3o Art\\u00edstica\",\"p18_desenvolvimentoterritorial\":\"Desenvolvimento territorial\",\"p18_direitoshumanos\":\"Direitos humanos\",\"p18_educacao\":\"Educa\\u00e7\\u00e3o\",\"p18_feminismos\":\"Feminismos\",\"p18_lgbtqi\":\"LGBTQI\",\"p18_lutaantirracismo\":\"Luta antirracismo\",\"p18_mobilidade\":\"Mobilidade\",\"p18_moradia\":\"Moradia\",\"p18_povosecomunidadestradicionais\":\"Povos e comunidades tradicionais\",\"p18_trabalho\":\"Trabalho\",\"p18_saude\":\"Sa\\u00fade\",\"p18_violencia\":\"Viol\\u00eancia\",\"p18_politicasculturais\":\"Pol\\u00edticas Culturais\",\"p19_desenvolvimentoterritorial\":\"Desenvolvimento territorial\",\"p19_educacao\":\"Educa\\u00e7\\u00e3o\",\"p19_feminismos\":\"Feminismos\",\"p19_lutaantirracismo\":\"Luta antirracismo\",\"p19_violencia\":\"Viol\\u00eancia\",\"p19_politicasculturais\":\"Pol\\u00edticas Culturais\",\"p20_reunioes\":\"Reuni\\u00f5es\",\"p20_atendimento\":\"Atendimento\",\"p20_oficinas\":\"Oficinas\",\"p20_oficinasaulasartisticas\":\"Ensaios\\\/Oficinas\\\/Aulas art\\u00edsticas\",\"p20_cursos\":\"Cursos\",\"p20_formacao\":\"Forma\\u00e7\\u00e3o\",\"p20_apresentacoesartisticas\":\"Apresenta\\u00e7\\u00f5es art\\u00edsticas\",\"p21_repressaopolicial\":\"Repress\\u00e3o policial\",\"p21_intoleranciareligiosa\":\"Fundamentalistamo\\\/intoler\\u00e2ncia religiosa\",\"p21_xenofobia\":\"Xenofobia\",\"p21_machismo\":\"Machismo\",\"p21_racismo\":\"Racismo\",\"p21_lgbtqifobia\":\"LGBTIfobia\",\"p21_enfrentamentocomgruposprivadosarmados\":\"Enfrentamento com grupos privados armados\",\"p22_numerodeparticipantes\":\"1  - 15\",\"p23_reunioes\":\"Reuni\\u00f5es\",\"p23_oficinas\":\"Oficinas\",\"p23_oficinasaulasartisticas\":\"Ensaio\\\/Oficinas\\\/Aulas Art\\u00edsticas\",\"p23_apresentacoesartisticas\":\"Apresenta\\u00e7\\u00f5es Art\\u00edsticas\",\"p23_outros\":\"Outros\",\"p24_atendimento\":\"Atendimentos\",\"p24_oficinas\":\"Oficinas\",\"p24_oficinasaulasartisticas\":\"Ensaios\\\/Oficinas\\\/Aulas art\\u00edsticas\",\"p24_curso\":\"Curso\",\"p24_formacao\":\"Forma\\u00e7\\u00e3o\",\"p24_apresentacoesartisticas\":\"Apresenta\\u00e7\\u00f5es art\\u00edsticas\",\"p25_numerodepessoas\":\"40 - 60\",\"p26_numerodepessoas\":\"1 - 20\",\"p27_espacopublico\":\"Espa\\u00e7o p\\u00fablico\",\"p27_espacoemprestadocedido\":\"Espa\\u00e7o emprestado\\\/cedido\",\"p27_espacoproprio\":\"Espa\\u00e7o pr\\u00f3prio\",\"p28_territorios\":\"Atua\\u00e7\\u00e3o Nacional\",\"p30_outrasorganizacoes\":\"Sim\",\"p32_campanhadelongaduracao\":\"N\\u00e3o\",\"p34_nenhuma\":\"Nenhuma\",\"p36_conselhosdeparticipacaoecontrolesocial\":\"N\\u00e3o\",\"p38_nenhum\":\"Nenhum\",\"p40_editais\":\"N\\u00e3o\",\"p41_autofinanciamento\":\"Auto-financiamento\",\"p41_financiamentocoletivo0\":\"Financiamento coletivo\",\"p42_meiodedivulgacaoproprio\":\"Sim\",\"p43_email\":\"E-mail\",\"p43_facebook\":\"Facebook\",\"p43_whatsapp\":\"WhatApp\",\"p43_instagram\":\"Instagram\",\"p43_sitesblogs\":\"Blogs\\\/sites\",\"p43_youtube\":\"YouTube\",\"p43_nenhum\":\"Nenhum\",\"p44_radio\":\"TV\",\"p44_jornaisimpressosdebairro\":\"Jornais impressos de bairro\",\"p44_sitesblogs\":\"Sites ou Blogs\",\"p39_publico\":\"PRIMEIRA-INF\\u00c2NCIA\",\"p45_bandeira\":\"EDUCA\\u00c7\\u00c3O-ANTIRRACISTA\",\"p46_hashtags\":\"#EDUCACAOANTIRRACISTA #LITERATURANEGRA #LITERATURAINFANTIL\"},{\"p1_eixo\":\"Viol\\u00eancia\",\"p9_tipoorganizacao\":\"Movimento Social\",\"p12_uf\":\"RR\",\"p13_cidade\":\"BOA VISTA\",\"p16_cidade\":\"Cidade\",\"p16_internacional\":\"Internacional\",\"p17_ano\":\"Anterior a 1980\",\"p18_agrario\":\"Agr\\u00e1rio\\\/ruralidades\",\"p18_comunicacao\":\"Comunica\\u00e7\\u00e3o\",\"p18_difusaoartistica\":\"Difus\\u00e3o Art\\u00edstica\",\"p18_desenvolvimentoterritorial\":\"Desenvolvimento territorial\",\"p18_direitoshumanos\":\"Direitos humanos\",\"p18_educacao\":\"Educa\\u00e7\\u00e3o\",\"p18_feminismos\":\"Feminismos\",\"p18_lgbtqi\":\"LGBTQI\",\"p18_lutaantirracismo\":\"Luta antirracismo\",\"p18_mobilidade\":\"Mobilidade\",\"p18_moradia\":\"Moradia\",\"p18_povosecomunidadestradicionais\":\"Povos e comunidades tradicionais\",\"p18_trabalho\":\"Trabalho\",\"p18_saude\":\"Sa\\u00fade\",\"p18_violencia\":\"Viol\\u00eancia\",\"p18_politicasculturais\":\"Pol\\u00edticas Culturais\",\"p19_desenvolvimentoterritorial\":\"Desenvolvimento territorial\",\"p19_educacao\":\"Educa\\u00e7\\u00e3o\",\"p19_saude\":\"Sa\\u00fade\",\"p19_violencia\":\"Viol\\u00eancia\",\"p20_reunioes\":\"Reuni\\u00f5es\",\"p20_atendimento\":\"Atendimento\",\"p20_oficinas\":\"Oficinas\",\"p20_oficinasaulasartisticas\":\"Ensaios\\\/Oficinas\\\/Aulas art\\u00edsticas\",\"p20_cursos\":\"Cursos\",\"p20_formacao\":\"Forma\\u00e7\\u00e3o\",\"p20_apresentacoesartisticas\":\"Apresenta\\u00e7\\u00f5es art\\u00edsticas\",\"p21_repressaopolicial\":\"Repress\\u00e3o policial\",\"p21_intoleranciareligiosa\":\"Fundamentalistamo\\\/intoler\\u00e2ncia religiosa\",\"p21_xenofobia\":\"Xenofobia\",\"p21_machismo\":\"Machismo\",\"p21_racismo\":\"Racismo\",\"p21_lgbtqifobia\":\"LGBTIfobia\",\"p21_enfrentamentocomgruposprivadosarmados\":\"Enfrentamento com grupos privados armados\",\"p22_numerodeparticipantes\":\"Mais de 90\",\"p23_reunioes\":\"Reuni\\u00f5es\",\"p23_outros\":\"Outros\",\"p24_atendimento\":\"Atendimentos\",\"p24_oficinas\":\"Oficinas\",\"p24_oficinasaulasartisticas\":\"Ensaios\\\/Oficinas\\\/Aulas art\\u00edsticas\",\"p24_curso\":\"Curso\",\"p24_formacao\":\"Forma\\u00e7\\u00e3o\",\"p24_apresentacoesartisticas\":\"Apresenta\\u00e7\\u00f5es art\\u00edsticas\",\"p25_numerodepessoas\":\"Mais de 500\",\"p26_numerodepessoas\":\"400 - 500\",\"p27_espacoproprio\":\"Espa\\u00e7o pr\\u00f3prio\",\"p27_ocupacao\":\"Ocupa\\u00e7\\u00e3o\",\"p28_territorios\":\"Estado\",\"p30_outrasorganizacoes\":\"N\\u00e3o\",\"p32_campanhadelongaduracao\":\"Sim\",\"p34_nenhuma\":\"Nenhuma\",\"p36_conselhosdeparticipacaoecontrolesocial\":\"Sim\",\"p38_nenhum\":\"Nenhum\",\"p40_editais\":\"N\\u00e3o\",\"p41_financiamentocoletivo0\":\"Financiamento coletivo\",\"p42_meiodedivulgacaoproprio\":\"Sim\",\"p43_email\":\"E-mail\",\"p43_facebook\":\"Facebook\",\"p43_whatsapp\":\"WhatApp\",\"p43_instagram\":\"Instagram\",\"p43_nenhum\":\"Nenhum\",\"p44_radio\":\"R\\u00e1dio\",\"p44_nenhum\":\"Nenhum\",\"p39_publico\":\"TODOS\",\"p45_bandeira\":\"TERRIT\\u00d3RIO SA\\u00daDE EDUCA\\u00c7\\u00c3O\",\"p46_hashtags\":\"#FORAMARCOTEMPORAL #FORAPLDAMORTE #VIDASINDIGENASIMPORTAM \"},{\"p1_eixo\":\"Trabalho\",\"p9_tipoorganizacao\":\"Movimento Social\",\"p12_uf\":\"AP\",\"p13_cidade\":\"OIAPOQUE\",\"p16_cidade\":\"Cidade\",\"p17_ano\":\"2017\",\"p16_estado\":\"Estado\",\"p18_agrario\":\"Agr\\u00e1rio\\\/ruralidades\",\"p18_comunicacao\":\"Comunica\\u00e7\\u00e3o\",\"p18_difusaoartistica\":\"Difus\\u00e3o Art\\u00edstica\",\"p18_desenvolvimentoterritorial\":\"Desenvolvimento territorial\",\"p18_direitoshumanos\":\"Direitos humanos\",\"p18_educacao\":\"Educa\\u00e7\\u00e3o\",\"p18_feminismos\":\"Feminismos\",\"p18_lgbtqi\":\"LGBTQI\",\"p18_lutaantirracismo\":\"Luta antirracismo\",\"p18_mobilidade\":\"Mobilidade\",\"p18_povosecomunidadestradicionais\":\"Povos e comunidades tradicionais\",\"p18_trabalho\":\"Trabalho\",\"p18_saude\":\"Sa\\u00fade\",\"p18_violencia\":\"Viol\\u00eancia\",\"p18_politicasculturais\":\"Pol\\u00edticas Culturais\",\"p19_desenvolvimentoterritorial\":\"Desenvolvimento territorial\",\"p19_direitoshumanos\":\"Direitos humanos\",\"p19_educacao\":\"Educa\\u00e7\\u00e3o\",\"p19_lgbtqi\":\"LGBTQI\",\"p19_saude\":\"Sa\\u00fade\",\"p19_violencia\":\"Viol\\u00eancia\",\"p20_reunioes\":\"Reuni\\u00f5es\",\"p20_atendimento\":\"Atendimento\",\"p20_oficinas\":\"Oficinas\",\"p20_oficinasaulasartisticas\":\"Ensaios\\\/Oficinas\\\/Aulas art\\u00edsticas\",\"p20_cursos\":\"Cursos\",\"p20_formacao\":\"Forma\\u00e7\\u00e3o\",\"p20_apresentacoesartisticas\":\"Apresenta\\u00e7\\u00f5es art\\u00edsticas\",\"p21_machismo\":\"Machismo\",\"p21_racismo\":\"Racismo\",\"p21_lgbtqifobia\":\"LGBTIfobia\",\"p22_numerodeparticipantes\":\"1  - 15\",\"p23_reunioes\":\"Reuni\\u00f5es\",\"p23_oficinasaulasartisticas\":\"Ensaio\\\/Oficinas\\\/Aulas Art\\u00edsticas\",\"p23_cursos\":\"Cursos\",\"p23_outros\":\"Outros\",\"p24_reunioes\":\"Reuni\\u00f5es\",\"p24_atendimento\":\"Atendimentos\",\"p24_oficinas\":\"Oficinas\",\"p24_formacao\":\"Forma\\u00e7\\u00e3o\",\"p24_visitasexcursoes\":\"Visitas\\\/Excurs\\u00f5es\",\"p24_outros\":\"Outros\",\"p25_numerodepessoas\":\"300 - 400\",\"p26_numerodepessoas\":\"1 - 20\",\"p27_espacopublico\":\"Espa\\u00e7o p\\u00fablico\",\"p27_espacoproprio\":\"Espa\\u00e7o pr\\u00f3prio\",\"p27_virtual\":\"Virtual\",\"p27_ocupacao\":\"Ocupa\\u00e7\\u00e3o\",\"p28_territorios\":\"Cidade\",\"p30_outrasorganizacoes\":\"N\\u00e3o\",\"p32_campanhadelongaduracao\":\"N\\u00e3o\",\"p34_estadual\":\"Estadual\",\"p34_nacional\":\"Nacional\",\"p34_nenhuma\":\"Nenhuma\",\"p36_conselhosdeparticipacaoecontrolesocial\":\"N\\u00e3o\",\"p38_sim\":\"Sim\",\"p38_nenhum\":\"Nenhum\",\"p40_editais\":\"N\\u00e3o\",\"p41_autofinanciamento\":\"Auto-financiamento\",\"p41_financiamentocoletivo0\":\"Financiamento coletivo\",\"p42_meiodedivulgacaoproprio\":\"Sim\",\"p43_email\":\"E-mail\",\"p43_facebook\":\"Facebook\",\"p43_whatsapp\":\"WhatApp\",\"p43_instagram\":\"Instagram\",\"p44_radio\":\"TV\",\"p44_sitesblogs\":\"Sites ou Blogs\",\"p44_nenhum\":\"Nenhum\",\"p39_publico\":\"JUVENTUDE-IND\\u00cdGENA\",\"p45_bandeira\":\"COMBATE-RACISMO COMBATE-DISCRIMINA\\u00c7\\u00c3O COMBATE-LGBTQFOBIA COMBATE-XENOFOBIA LUTA POL\\u00cdTICAS-P\\u00daBLICAS EDUCA\\u00c7\\u00c3O\",\"p46_hashtags\":\"#LUTACONTRAOPRECONCEITO #UMABOAEDUCACAO #CONTRAADISCRIMINACAODEGENERO \"},{\"p1_eixo\":\"Viol\\u00eancia\",\"p9_tipoorganizacao\":\"ONG\",\"p12_uf\":\"MA\",\"p13_cidade\":\"CAXIAS \",\"p16_internacional\":\"Internacional\",\"p17_ano\":\"2013\",\"p16_estado\":\"Estado\",\"p18_comunicacao\":\"Comunica\\u00e7\\u00e3o\",\"p18_difusaoartistica\":\"Difus\\u00e3o Art\\u00edstica\",\"p18_desenvolvimentoterritorial\":\"Desenvolvimento territorial\",\"p18_direitoshumanos\":\"Direitos humanos\",\"p18_educacao\":\"Educa\\u00e7\\u00e3o\",\"p18_feminismos\":\"Feminismos\",\"p18_lgbtqi\":\"LGBTQI\",\"p18_lutaantirracismo\":\"Luta antirracismo\",\"p18_mobilidade\":\"Mobilidade\",\"p18_povosecomunidadestradicionais\":\"Povos e comunidades tradicionais\",\"p18_trabalho\":\"Trabalho\",\"p18_religiao\":\"Religi\\u00e3o\",\"p18_saude\":\"Sa\\u00fade\",\"p18_violencia\":\"Viol\\u00eancia\",\"p18_politicasculturais\":\"Pol\\u00edticas Culturais\",\"p19_direitoshumanos\":\"Direitos humanos\",\"p19_educacao\":\"Educa\\u00e7\\u00e3o\",\"p19_lgbtqi\":\"LGBTQI\",\"p19_violencia\":\"Viol\\u00eancia\",\"p19_difusaoartistica\":\"Difus\\u00e3o Art\\u00edstica\",\"p20_reunioes\":\"Reuni\\u00f5es\",\"p20_atendimento\":\"Atendimento\",\"p20_oficinas\":\"Oficinas\",\"p20_oficinasaulasartisticas\":\"Ensaios\\\/Oficinas\\\/Aulas art\\u00edsticas\",\"p20_cursos\":\"Cursos\",\"p20_formacao\":\"Forma\\u00e7\\u00e3o\",\"p20_apresentacoesartisticas\":\"Apresenta\\u00e7\\u00f5es art\\u00edsticas\",\"p21_repressaopolicial\":\"Repress\\u00e3o policial\",\"p21_intoleranciareligiosa\":\"Fundamentalistamo\\\/intoler\\u00e2ncia religiosa\",\"p21_xenofobia\":\"Xenofobia\",\"p21_machismo\":\"Machismo\",\"p21_racismo\":\"Racismo\",\"p21_lgbtqifobia\":\"LGBTIfobia\",\"p22_numerodeparticipantes\":\"1  - 15\",\"p23_reunioes\":\"Reuni\\u00f5es\",\"p23_oficinas\":\"Oficinas\",\"p23_oficinasaulasartisticas\":\"Ensaio\\\/Oficinas\\\/Aulas Art\\u00edsticas\",\"p23_cursos\":\"Cursos\",\"p23_outros\":\"Outros\",\"p24_reunioes\":\"Reuni\\u00f5es\",\"p24_atendimento\":\"Atendimentos\",\"p24_oficinas\":\"Oficinas\",\"p24_curso\":\"Curso\",\"p24_formacao\":\"Forma\\u00e7\\u00e3o\",\"p24_apresentacoesartisticas\":\"Apresenta\\u00e7\\u00f5es art\\u00edsticas\",\"p24_visitasexcursoes\":\"Visitas\\\/Excurs\\u00f5es\",\"p24_outros\":\"Outros\",\"p25_numerodepessoas\":\"40 - 60\",\"p26_numerodepessoas\":\"20 - 40\",\"p27_espacopublico\":\"Espa\\u00e7o p\\u00fablico\",\"p27_espacoemprestadocedido\":\"Espa\\u00e7o emprestado\\\/cedido\",\"p27_espacoproprio\":\"Espa\\u00e7o pr\\u00f3prio\",\"p27_virtual\":\"Virtual\",\"p28_territorios\":\"Cidade\",\"p30_outrasorganizacoes\":\"Sim\",\"p32_campanhadelongaduracao\":\"Sim\",\"p34_municipal\":\"Municipal\",\"p34_estadual\":\"Estadual\",\"p34_nacional\":\"Nacional\",\"p36_conselhosdeparticipacaoecontrolesocial\":\"Sim\",\"p38_sim\":\"Sim\",\"p38_nenhum\":\"Nenhum\",\"p40_editais\":\"N\\u00e3o\",\"p41_publicoestatal\":\"P\\u00fablico-Estatal\",\"p41_autofinanciamento\":\"Auto-financiamento\",\"p41_financiamentocoletivo0\":\"Financiamento coletivo\",\"p42_meiodedivulgacaoproprio\":\"Sim\",\"p43_email\":\"E-mail\",\"p43_facebook\":\"Facebook\",\"p43_whatsapp\":\"WhatApp\",\"p43_instagram\":\"Instagram\",\"p44_radio\":\"TV\",\"p44_jornaisimpressosdegrandecirculacao\":\"Jornais impressos de grande circula\\u00e7\\u00e3o\",\"p44_sitesblogs\":\"Sites ou Blogs\",\"p39_publico\":\"MULHERES\",\"p45_bandeira\":\"DEFESA-MULHER EMPODERAMENTO-FEMININO CONTRA-VIOL\\u00caNCIA DIREITOS-CRIAN\\u00c7AS-E-ADOLESCENTES DIREITOS-HUMANOS DIREITOS-LGBT\",\"p46_hashtags\":\"#CONTRAAVIOLENCIA #DEFESADEMULHERESEMENINAS #DIREITOSHUMANOS \"},{\"p1_eixo\":\"Trabalho\",\"p9_tipoorganizacao\":\"ONG\",\"p12_uf\":\"RS\",\"p13_cidade\":\"PELOTAS, PEDRO OS\\u00d3RIO, ARROIO GRANDE \",\"p16_cidade\":\"Cidade\",\"p16_internacional\":\"Internacional\",\"p17_ano\":\"2001\",\"p18_comunicacao\":\"Comunica\\u00e7\\u00e3o\",\"p18_difusaoartistica\":\"Difus\\u00e3o Art\\u00edstica\",\"p18_desenvolvimentoterritorial\":\"Desenvolvimento territorial\",\"p18_direitoshumanos\":\"Direitos humanos\",\"p18_educacao\":\"Educa\\u00e7\\u00e3o\",\"p18_feminismos\":\"Feminismos\",\"p18_lgbtqi\":\"LGBTQI\",\"p18_lutaantirracismo\":\"Luta antirracismo\",\"p18_mobilidade\":\"Mobilidade\",\"p18_povosecomunidadestradicionais\":\"Povos e comunidades tradicionais\",\"p18_religiao\":\"Religi\\u00e3o\",\"p18_saude\":\"Sa\\u00fade\",\"p18_violencia\":\"Viol\\u00eancia\",\"p18_politicasculturais\":\"Pol\\u00edticas Culturais\",\"p19_direitoshumanos\":\"Direitos humanos\",\"p19_educacao\":\"Educa\\u00e7\\u00e3o\",\"p19_feminismos\":\"Feminismos\",\"p19_lutaantirracismo\":\"Luta antirracismo\",\"p19_violencia\":\"Viol\\u00eancia\",\"p19_difusaoartistica\":\"Difus\\u00e3o Art\\u00edstica\",\"p20_reunioes\":\"Reuni\\u00f5es\",\"p20_atendimento\":\"Atendimento\",\"p20_oficinas\":\"Oficinas\",\"p20_oficinasaulasartisticas\":\"Ensaios\\\/Oficinas\\\/Aulas art\\u00edsticas\",\"p20_cursos\":\"Cursos\",\"p20_apresentacoesartisticas\":\"Apresenta\\u00e7\\u00f5es art\\u00edsticas\",\"p21_repressaopolicial\":\"Repress\\u00e3o policial\",\"p21_intoleranciareligiosa\":\"Fundamentalistamo\\\/intoler\\u00e2ncia religiosa\",\"p21_xenofobia\":\"Xenofobia\",\"p21_racismo\":\"Racismo\",\"p21_lgbtqifobia\":\"LGBTIfobia\",\"p21_nenhum\":\"Nenhum\",\"p22_numerodeparticipantes\":\"Mais de 90\",\"p23_reunioes\":\"Reuni\\u00f5es\",\"p23_atendimento\":\"Atendimento\",\"p23_oficinas\":\"Oficinas\",\"p23_oficinasaulasartisticas\":\"Ensaio\\\/Oficinas\\\/Aulas Art\\u00edsticas\",\"p23_apresentacoesartisticas\":\"Apresenta\\u00e7\\u00f5es Art\\u00edsticas\",\"p23_outros\":\"Outros\",\"p24_oficinas\":\"Oficinas\",\"p24_curso\":\"Curso\",\"p24_apresentacoesartisticas\":\"Apresenta\\u00e7\\u00f5es art\\u00edsticas\",\"p24_outros\":\"Outros\",\"p25_numerodepessoas\":\"200 - 300\",\"p26_numerodepessoas\":\"Mais de 500\",\"p27_espacopublico\":\"Espa\\u00e7o p\\u00fablico\",\"p27_espacoemprestadocedido\":\"Espa\\u00e7o emprestado\\\/cedido\",\"p27_espacoproprio\":\"Espa\\u00e7o pr\\u00f3prio\",\"p28_territorios\":\"Atua\\u00e7\\u00e3o Internacional\",\"p30_outrasorganizacoes\":\"Sim\",\"p32_campanhadelongaduracao\":\"Sim\",\"p34_municipal\":\"Municipal\",\"p34_nenhuma\":\"Nenhuma\",\"p36_conselhosdeparticipacaoecontrolesocial\":\"Sim\",\"p38_nenhum\":\"Nenhum\",\"p40_editais\":\"Sim\",\"p41_publicoestatal\":\"P\\u00fablico-Estatal\",\"p41_financiamentocoletivo0\":\"Financiamento coletivo\",\"p42_meiodedivulgacaoproprio\":\"Sim\",\"p43_facebook\":\"Facebook\",\"p43_whatsapp\":\"WhatApp\",\"p43_instagram\":\"Instagram\",\"p44_radio\":\"TV\",\"p44_jornaisimpressosdegrandecirculacao\":\"Jornais impressos de grande circula\\u00e7\\u00e3o\",\"p39_publico\":\"CRIAN\\u00c7AS VULNERABILIDADE\",\"p45_bandeira\":\"POL\\u00cdTICA-SOCIAL FORMA\\u00c7\\u00c3O EDUCA\\u00c7\\u00c3O\",\"p46_hashtags\":\"#PORMAISFORMATURAS #ANJOSEQUERUBINS #FAZEROBEMFAZBEM\"},{\"p1_eixo\":\"Viol\\u00eancia\",\"p9_tipoorganizacao\":\"ONG\",\"p12_uf\":\"RS\",\"p13_cidade\":\"PELOTAS \",\"p16_cidade\":\"Cidade\",\"p16_internacional\":\"Internacional\",\"p17_ano\":\"2021\",\"p18_comunicacao\":\"Comunica\\u00e7\\u00e3o\",\"p18_difusaoartistica\":\"Difus\\u00e3o Art\\u00edstica\",\"p18_desenvolvimentoterritorial\":\"Desenvolvimento territorial\",\"p18_direitoshumanos\":\"Direitos humanos\",\"p18_educacao\":\"Educa\\u00e7\\u00e3o\",\"p18_feminismos\":\"Feminismos\",\"p18_lgbtqi\":\"LGBTQI\",\"p18_lutaantirracismo\":\"Luta antirracismo\",\"p18_mobilidade\":\"Mobilidade\",\"p18_moradia\":\"Moradia\",\"p18_povosecomunidadestradicionais\":\"Povos e comunidades tradicionais\",\"p18_trabalho\":\"Trabalho\",\"p18_saude\":\"Sa\\u00fade\",\"p18_violencia\":\"Viol\\u00eancia\",\"p18_politicasculturais\":\"Pol\\u00edticas Culturais\",\"p19_educacao\":\"Educa\\u00e7\\u00e3o\",\"p19_feminismos\":\"Feminismos\",\"p19_lutaantirracismo\":\"Luta antirracismo\",\"p19_trabalho\":\"Trabalho\",\"p19_violencia\":\"Viol\\u00eancia\",\"p20_reunioes\":\"Reuni\\u00f5es\",\"p20_atendimento\":\"Atendimento\",\"p20_oficinas\":\"Oficinas\",\"p20_profissionalizacao\":\"Profissionaliza\\u00e7\\u00e3o\",\"p20_apresentacoesartisticas\":\"Apresenta\\u00e7\\u00f5es art\\u00edsticas\",\"p21_nenhum\":\"Nenhum\",\"p22_numerodeparticipantes\":\"15 - 30\",\"p23_reunioes\":\"Reuni\\u00f5es\",\"p23_atendimento\":\"Atendimento\",\"p23_apresentacoesartisticas\":\"Apresenta\\u00e7\\u00f5es Art\\u00edsticas\",\"p23_outros\":\"Outros\",\"p24_reunioes\":\"Reuni\\u00f5es\",\"p24_oficinas\":\"Oficinas\",\"p24_profissionalizacao\":\"Profissionaliza\\u00e7\\u00e3o\",\"p24_apresentacoesartisticas\":\"Apresenta\\u00e7\\u00f5es art\\u00edsticas\",\"p24_outros\":\"Outros\",\"p25_numerodepessoas\":\"200 - 300\",\"p26_numerodepessoas\":\"20 - 40\",\"p27_espacopublico\":\"Espa\\u00e7o p\\u00fablico\",\"p27_espacoproprio\":\"Espa\\u00e7o pr\\u00f3prio\",\"p28_territorios\":\"Cidade\",\"p30_outrasorganizacoes\":\"N\\u00e3o\",\"p32_campanhadelongaduracao\":\"Sim\",\"p34_nenhuma\":\"Nenhuma\",\"p36_conselhosdeparticipacaoecontrolesocial\":\"N\\u00e3o\",\"p38_nenhum\":\"Nenhum\",\"p40_editais\":\"N\\u00e3o\",\"p41_autofinanciamento\":\"Auto-financiamento\",\"p41_financiamentocoletivo0\":\"Financiamento coletivo\",\"p42_meiodedivulgacaoproprio\":\"Sim\",\"p43_facebook\":\"Facebook\",\"p43_whatsapp\":\"WhatApp\",\"p43_instagram\":\"Instagram\",\"p44_radio\":\"R\\u00e1dio\",\"p44_jornaisimpressosdebairro\":\"Jornais impressos de bairro\",\"p39_publico\":\"SITUA\\u00c7\\u00c3O-DE-RUA\",\"p45_bandeira\":\"LUTA-ANTIRRACISMO CONTRA-HOMOFOBIA IGUALDADE HUMANIZA\\u00c7\\u00c3O\",\"p46_hashtags\":\"#LUTAANTIRRACISMO #IGUALDADE #FEMINISMO\"},{\"p1_eixo\":\"Cultura\",\"p9_tipoorganizacao\":\"Movimento Social\",\"p12_uf\":\"RR\",\"p13_cidade\":\"BOA VISTA\",\"p16_internacional\":\"Internacional\",\"p17_ano\":\"2011\",\"p16_estado\":\"Estado\",\"p18_agrario\":\"Agr\\u00e1rio\\\/ruralidades\",\"p18_comunicacao\":\"Comunica\\u00e7\\u00e3o\",\"p18_difusaoartistica\":\"Difus\\u00e3o Art\\u00edstica\",\"p18_desenvolvimentoterritorial\":\"Desenvolvimento territorial\",\"p18_direitoshumanos\":\"Direitos humanos\",\"p18_educacao\":\"Educa\\u00e7\\u00e3o\",\"p18_feminismos\":\"Feminismos\",\"p18_lgbtqi\":\"LGBTQI\",\"p18_lutaantirracismo\":\"Luta antirracismo\",\"p18_mobilidade\":\"Mobilidade\",\"p18_moradia\":\"Moradia\",\"p18_povosecomunidadestradicionais\":\"Povos e comunidades tradicionais\",\"p18_trabalho\":\"Trabalho\",\"p18_saude\":\"Sa\\u00fade\",\"p18_violencia\":\"Viol\\u00eancia\",\"p18_politicasculturais\":\"Pol\\u00edticas Culturais\",\"p19_agrario\":\"Agr\\u00e1rio\\\/ruralidades\",\"p19_direitoshumanos\":\"Direitos humanos\",\"p19_educacao\":\"Educa\\u00e7\\u00e3o\",\"p19_lutaantirracismo\":\"Luta antirracismo\",\"p19_trabalho\":\"Trabalho\",\"p19_saude\":\"Sa\\u00fade\",\"p20_reunioes\":\"Reuni\\u00f5es\",\"p20_atendimento\":\"Atendimento\",\"p20_oficinas\":\"Oficinas\",\"p20_cursos\":\"Cursos\",\"p20_profissionalizacao\":\"Profissionaliza\\u00e7\\u00e3o\",\"p20_apresentacoesartisticas\":\"Apresenta\\u00e7\\u00f5es art\\u00edsticas\",\"p21_repressaopolicial\":\"Repress\\u00e3o policial\",\"p21_xenofobia\":\"Xenofobia\",\"p21_machismo\":\"Machismo\",\"p21_racismo\":\"Racismo\",\"p21_lgbtqifobia\":\"LGBTIfobia\",\"p21_nenhum\":\"Nenhum\",\"p22_numerodeparticipantes\":\"1  - 15\",\"p23_reunioes\":\"Reuni\\u00f5es\",\"p23_apresentacoesartisticas\":\"Apresenta\\u00e7\\u00f5es Art\\u00edsticas\",\"p23_outros\":\"Outros\",\"p24_reunioes\":\"Reuni\\u00f5es\",\"p24_atendimento\":\"Atendimentos\",\"p24_oficinas\":\"Oficinas\",\"p24_curso\":\"Curso\",\"p24_profissionalizacao\":\"Profissionaliza\\u00e7\\u00e3o\",\"p24_apresentacoesartisticas\":\"Apresenta\\u00e7\\u00f5es art\\u00edsticas\",\"p24_outros\":\"Outros\",\"p25_numerodepessoas\":\"1 - 20\",\"p26_numerodepessoas\":\"80 - 100\",\"p27_espacopublico\":\"Espa\\u00e7o p\\u00fablico\",\"p27_espacoemprestadocedido\":\"Espa\\u00e7o emprestado\\\/cedido\",\"p27_espacoproprio\":\"Espa\\u00e7o pr\\u00f3prio\",\"p27_virtual\":\"Virtual\",\"p27_ocupacao\":\"Ocupa\\u00e7\\u00e3o\",\"p28_territorios\":\"Estado\",\"p30_outrasorganizacoes\":\"Sim\",\"p32_campanhadelongaduracao\":\"N\\u00e3o\",\"p34_estadual\":\"Estadual\",\"p34_internacional\":\"Internacional\",\"p34_nenhuma\":\"Nenhuma\",\"p36_conselhosdeparticipacaoecontrolesocial\":\"N\\u00e3o\",\"p38_sim\":\"Sim\",\"p38_nenhum\":\"Nenhum\",\"p40_editais\":\"Sim\",\"p41_autofinanciamento\":\"Auto-financiamento\",\"p42_meiodedivulgacaoproprio\":\"Sim\",\"p43_facebook\":\"Facebook\",\"p43_instagram\":\"Instagram\",\"p43_nenhum\":\"Nenhum\",\"p44_radio\":\"R\\u00e1dio\",\"p44_jornaisimpressosdebairro\":\"Jornais impressos de bairro\",\"p44_redessociais\":\"Redes sociais (Facebook, YouTube, Instagram etc.)\",\"p39_publico\":\"JOVENS\",\"p45_bandeira\":\"HIP-HOP\",\"p46_hashtags\":\"#HIPHOP #CULTURA #EDUCACAO\"},{\"p1_eixo\":\"Trabalho\",\"p9_tipoorganizacao\":\"Movimento Social\",\"p12_uf\":\"RO\",\"p13_cidade\":\"OURO PRETO DO OESTE, ARIQUEMES, COLORADO DO OESTE, CABIXI, CEREJEIRAS, ALTA FLORESTA DO OESTE, ALTO ALEGRE DOS PARECIS, SANTA LUZIA D'OESTE, TEIXEROPOLIS, NOVA UNI\\u00c3O, MIRANTE DA SERRA, JARU, VALE DO PARA\\u00cdSO, VALE ANARI, MACHADINHO DO OESTE, CACAUL\\u00c2NDIA, ALTO PARA\\u00cdSO\",\"p17_ano\":\"1997\",\"p16_estado\":\"Estado\",\"p18_agrario\":\"Agr\\u00e1rio\\\/ruralidades\",\"p18_comunicacao\":\"Comunica\\u00e7\\u00e3o\",\"p18_difusaoartistica\":\"Difus\\u00e3o Art\\u00edstica\",\"p18_desenvolvimentoterritorial\":\"Desenvolvimento territorial\",\"p18_direitoshumanos\":\"Direitos humanos\",\"p18_educacao\":\"Educa\\u00e7\\u00e3o\",\"p18_feminismos\":\"Feminismos\",\"p18_lgbtqi\":\"LGBTQI\",\"p18_lutaantirracismo\":\"Luta antirracismo\",\"p18_mobilidade\":\"Mobilidade\",\"p18_moradia\":\"Moradia\",\"p18_povosecomunidadestradicionais\":\"Povos e comunidades tradicionais\",\"p18_trabalho\":\"Trabalho\",\"p18_saude\":\"Sa\\u00fade\",\"p18_violencia\":\"Viol\\u00eancia\",\"p18_politicasculturais\":\"Pol\\u00edticas Culturais\",\"p19_agrario\":\"Agr\\u00e1rio\\\/ruralidades\",\"p19_desenvolvimentoterritorial\":\"Desenvolvimento territorial\",\"p19_direitoshumanos\":\"Direitos humanos\",\"p19_feminismos\":\"Feminismos\",\"p19_saude\":\"Sa\\u00fade\",\"p20_reunioes\":\"Reuni\\u00f5es\",\"p20_atendimento\":\"Atendimento\",\"p20_oficinas\":\"Oficinas\",\"p20_cursos\":\"Cursos\",\"p20_formacao\":\"Forma\\u00e7\\u00e3o\",\"p21_repressaopolicial\":\"Repress\\u00e3o policial\",\"p21_xenofobia\":\"Xenofobia\",\"p21_machismo\":\"Machismo\",\"p21_racismo\":\"Racismo\",\"p21_lgbtqifobia\":\"LGBTIfobia\",\"p22_numerodeparticipantes\":\"Mais de 90\",\"p23_reunioes\":\"Reuni\\u00f5es\",\"p23_cursos\":\"Cursos\",\"p23_apresentacoesartisticas\":\"Apresenta\\u00e7\\u00f5es Art\\u00edsticas\",\"p23_outros\":\"Outros\",\"p24_reunioes\":\"Reuni\\u00f5es\",\"p24_atendimento\":\"Atendimentos\",\"p24_oficinas\":\"Oficinas\",\"p24_curso\":\"Curso\",\"p24_formacao\":\"Forma\\u00e7\\u00e3o\",\"p24_outros\":\"Outros\",\"p25_numerodepessoas\":\"Mais de 500\",\"p26_numerodepessoas\":\"300 - 400\",\"p27_espacopublico\":\"Espa\\u00e7o p\\u00fablico\",\"p27_espacoemprestadocedido\":\"Espa\\u00e7o emprestado\\\/cedido\",\"p27_espacoproprio\":\"Espa\\u00e7o pr\\u00f3prio\",\"p27_virtual\":\"Virtual\",\"p27_ocupacao\":\"Ocupa\\u00e7\\u00e3o\",\"p28_territorios\":\"Estado\",\"p30_outrasorganizacoes\":\"Sim\",\"p32_campanhadelongaduracao\":\"Sim\",\"p34_estadual\":\"Estadual\",\"p34_internacional\":\"Internacional\",\"p36_conselhosdeparticipacaoecontrolesocial\":\"Sim\",\"p38_sim\":\"Sim\",\"p40_editais\":\"Sim\",\"p41_privadopj\":\"Privado (P. Jur\\u00eddica)\",\"p41_autofinanciamento\":\"Auto-financiamento\",\"p42_meiodedivulgacaoproprio\":\"N\\u00e3o\",\"p43_facebook\":\"Facebook\",\"p43_instagram\":\"Instagram\",\"p43_sitesblogs\":\"Blogs\\\/sites\",\"p43_nenhum\":\"Nenhum\",\"p44_radio\":\"TV\",\"p44_jornaisimpressosdegrandecirculacao\":\"Jornais impressos de grande circula\\u00e7\\u00e3o\",\"p44_redessociais\":\"Redes sociais (Facebook, YouTube, Instagram etc.)\",\"p39_publico\":\"CAMPONESAS CAMPONESES\",\"p45_bandeira\":\"SOBERANIA-ALIMENTAR DEFESA-DA-TERRA CR\\u00c9DITO EDUCA\\u00c7\\u00c3O-P\\u00daBLICA SA\\u00daDE-INTEGRATIVA\",\"p46_hashtags\":\"#SOBERANIAALIMENTAR #FEMINISMOCAMPONESEPOPULAR #MULTIRAOCONTRAAFOME\"},{\"p1_eixo\":\"Trabalho\",\"p9_tipoorganizacao\":\"Movimento Social\",\"p12_uf\":\"GO\",\"p13_cidade\":\"CATAL\\u00c3O, JARAGU\\u00c1, SANTA TEREZINHA, ALVORADA DO NORTE, GOI\\u00c2NIA\",\"p17_ano\":\"2008\",\"p16_estado\":\"Estado\",\"p18_agrario\":\"Agr\\u00e1rio\\\/ruralidades\",\"p18_comunicacao\":\"Comunica\\u00e7\\u00e3o\",\"p18_difusaoartistica\":\"Difus\\u00e3o Art\\u00edstica\",\"p18_desenvolvimentoterritorial\":\"Desenvolvimento territorial\",\"p18_direitoshumanos\":\"Direitos humanos\",\"p18_educacao\":\"Educa\\u00e7\\u00e3o\",\"p18_feminismos\":\"Feminismos\",\"p18_lgbtqi\":\"LGBTQI\",\"p18_lutaantirracismo\":\"Luta antirracismo\",\"p18_mobilidade\":\"Mobilidade\",\"p18_moradia\":\"Moradia\",\"p18_povosecomunidadestradicionais\":\"Povos e comunidades tradicionais\",\"p18_trabalho\":\"Trabalho\",\"p18_religiao\":\"Religi\\u00e3o\",\"p18_saude\":\"Sa\\u00fade\",\"p18_violencia\":\"Viol\\u00eancia\",\"p18_politicasculturais\":\"Pol\\u00edticas Culturais\",\"p19_desenvolvimentoterritorial\":\"Desenvolvimento territorial\",\"p19_direitoshumanos\":\"Direitos humanos\",\"p19_feminismos\":\"Feminismos\",\"p19_lutaantirracismo\":\"Luta antirracismo\",\"p19_violencia\":\"Viol\\u00eancia\",\"p20_reunioes\":\"Reuni\\u00f5es\",\"p20_atendimento\":\"Atendimento\",\"p20_oficinas\":\"Oficinas\",\"p20_cursos\":\"Cursos\",\"p20_formacao\":\"Forma\\u00e7\\u00e3o\",\"p20_apresentacoesartisticas\":\"Apresenta\\u00e7\\u00f5es art\\u00edsticas\",\"p21_repressaopolicial\":\"Repress\\u00e3o policial\",\"p21_intoleranciareligiosa\":\"Fundamentalistamo\\\/intoler\\u00e2ncia religiosa\",\"p21_machismo\":\"Machismo\",\"p21_racismo\":\"Racismo\",\"p21_lgbtqifobia\":\"LGBTIfobia\",\"p22_numerodeparticipantes\":\"Mais de 90\",\"p23_reunioes\":\"Reuni\\u00f5es\",\"p23_cursos\":\"Cursos\",\"p23_outros\":\"Outros\",\"p24_reunioes\":\"Reuni\\u00f5es\",\"p24_atendimento\":\"Atendimentos\",\"p24_oficinas\":\"Oficinas\",\"p24_formacao\":\"Forma\\u00e7\\u00e3o\",\"p24_apresentacoesartisticas\":\"Apresenta\\u00e7\\u00f5es art\\u00edsticas\",\"p24_outros\":\"Outros\",\"p25_numerodepessoas\":\"80 - 100\",\"p26_numerodepessoas\":\"60 - 80\",\"p27_espacopublico\":\"Espa\\u00e7o p\\u00fablico\",\"p27_espacoemprestadocedido\":\"Espa\\u00e7o emprestado\\\/cedido\",\"p27_virtual\":\"Virtual\",\"p28_territorios\":\"Estado\",\"p30_outrasorganizacoes\":\"Sim\",\"p32_campanhadelongaduracao\":\"Sim\",\"p34_estadual\":\"Estadual\",\"p36_conselhosdeparticipacaoecontrolesocial\":\"N\\u00e3o\",\"p38_sim\":\"Sim\",\"p40_editais\":\"Sim\",\"p41_privadopj\":\"Privado (P. Jur\\u00eddica)\",\"p41_financiamentocoletivo0\":\"Financiamento coletivo\",\"p42_meiodedivulgacaoproprio\":\"Sim\",\"p43_facebook\":\"Facebook\",\"p43_instagram\":\"Instagram\",\"p43_sitesblogs\":\"Blogs\\\/sites\",\"p44_radio\":\"TV\",\"p44_jornaisimpressosdegrandecirculacao\":\"Jornais impressos de grande circula\\u00e7\\u00e3o\",\"p44_jornaisimpressosdebairro\":\"Jornais impressos de bairro\",\"p44_redessociais\":\"Redes sociais (Facebook, YouTube, Instagram etc.)\",\"p39_publico\":\"MULHERES-AGRICULTORAS PEQUENOS-AGRICULTORES\",\"p45_bandeira\":\"SOBERANIA-ALIMENTAR FEMINISMO-POPULAR AUTONOMIA-CAMPONESA PROJETO\",\"p46_hashtags\":\"#SOBERANIAALIMENTAR #AUTONOMIACAMPONESA #PROJETOPOPULARPARAOBRASIL \"},{\"p1_eixo\":\"Viol\\u00eancia\",\"p9_tipoorganizacao\":\"Movimento Social\",\"p12_uf\":\"MS\",\"p13_cidade\":\"CAMPO GRANDE \",\"p17_ano\":\"2017\",\"p16_estado\":\"Estado\",\"p18_agrario\":\"Agr\\u00e1rio\\\/ruralidades\",\"p18_comunicacao\":\"Comunica\\u00e7\\u00e3o\",\"p18_difusaoartistica\":\"Difus\\u00e3o Art\\u00edstica\",\"p18_desenvolvimentoterritorial\":\"Desenvolvimento territorial\",\"p18_direitoshumanos\":\"Direitos humanos\",\"p18_educacao\":\"Educa\\u00e7\\u00e3o\",\"p18_feminismos\":\"Feminismos\",\"p18_lgbtqi\":\"LGBTQI\",\"p18_lutaantirracismo\":\"Luta antirracismo\",\"p18_mobilidade\":\"Mobilidade\",\"p18_moradia\":\"Moradia\",\"p18_povosecomunidadestradicionais\":\"Povos e comunidades tradicionais\",\"p18_trabalho\":\"Trabalho\",\"p18_religiao\":\"Religi\\u00e3o\",\"p18_saude\":\"Sa\\u00fade\",\"p18_violencia\":\"Viol\\u00eancia\",\"p18_politicasculturais\":\"Pol\\u00edticas Culturais\",\"p19_direitoshumanos\":\"Direitos humanos\",\"p19_feminismos\":\"Feminismos\",\"p19_lutaantirracismo\":\"Luta antirracismo\",\"p19_violencia\":\"Viol\\u00eancia\",\"p20_reunioes\":\"Reuni\\u00f5es\",\"p20_atendimento\":\"Atendimento\",\"p20_oficinas\":\"Oficinas\",\"p20_cursos\":\"Cursos\",\"p20_formacao\":\"Forma\\u00e7\\u00e3o\",\"p20_apresentacoesartisticas\":\"Apresenta\\u00e7\\u00f5es art\\u00edsticas\",\"p21_repressaopolicial\":\"Repress\\u00e3o policial\",\"p21_intoleranciareligiosa\":\"Fundamentalistamo\\\/intoler\\u00e2ncia religiosa\",\"p21_xenofobia\":\"Xenofobia\",\"p21_machismo\":\"Machismo\",\"p21_racismo\":\"Racismo\",\"p21_lgbtqifobia\":\"LGBTIfobia\",\"p22_numerodeparticipantes\":\"45 - 60\",\"p23_reunioes\":\"Reuni\\u00f5es\",\"p23_outros\":\"Outros\",\"p24_reunioes\":\"Reuni\\u00f5es\",\"p24_atendimento\":\"Atendimentos\",\"p24_oficinas\":\"Oficinas\",\"p24_curso\":\"Curso\",\"p24_formacao\":\"Forma\\u00e7\\u00e3o\",\"p24_apresentacoesartisticas\":\"Apresenta\\u00e7\\u00f5es art\\u00edsticas\",\"p24_outros\":\"Outros\",\"p25_numerodepessoas\":\"20 - 40\",\"p26_numerodepessoas\":\"20 - 40\",\"p27_espacopublico\":\"Espa\\u00e7o p\\u00fablico\",\"p27_espacoemprestadocedido\":\"Espa\\u00e7o emprestado\\\/cedido\",\"p27_virtual\":\"Virtual\",\"p28_territorios\":\"Estado\",\"p30_outrasorganizacoes\":\"Sim\",\"p32_campanhadelongaduracao\":\"N\\u00e3o\",\"p34_estadual\":\"Estadual\",\"p34_nacional\":\"Nacional\",\"p36_conselhosdeparticipacaoecontrolesocial\":\"N\\u00e3o\",\"p38_sim\":\"Sim\",\"p40_editais\":\"Sim\",\"p41_financiamentocoletivo0\":\"Financiamento coletivo\",\"p42_meiodedivulgacaoproprio\":\"Sim\",\"p43_email\":\"E-mail\",\"p43_facebook\":\"Facebook\",\"p43_instagram\":\"Instagram\",\"p43_radio\":\"R\\u00e1dio\",\"p44_radio\":\"TV\",\"p44_jornaisimpressosdegrandecirculacao\":\"Jornais impressos de grande circula\\u00e7\\u00e3o\",\"p44_jornaisimpressosdebairro\":\"Jornais impressos de bairro\",\"p44_redessociais\":\"Redes sociais (Facebook, YouTube, Instagram etc.)\",\"p39_publico\":\"HOMENS MULHERES CIS TRANS NEGRES\",\"p45_bandeira\":\"ANTIRRACISMO ANTI-HOMOFOBIA ANTI-XENOFOBIA LUTA-CONTRA-PATRIARCADO TRANSVERSALIDADE RACIALIZA\\u00c7\\u00c3O\",\"p46_hashtags\":\"#ANTIRRACISMO #IGUALDADERACIAL #RACIALIZESUALUTA\"},{\"p1_eixo\":\"Viol\\u00eancia\",\"p9_tipoorganizacao\":\"Movimento Social\",\"p12_uf\":\"AC\",\"p13_cidade\":\"RIO BRANCO\",\"p17_ano\":\"2021\",\"p16_estado\":\"Estado\",\"p18_agrario\":\"Agr\\u00e1rio\\\/ruralidades\",\"p18_comunicacao\":\"Comunica\\u00e7\\u00e3o\",\"p18_difusaoartistica\":\"Difus\\u00e3o Art\\u00edstica\",\"p18_desenvolvimentoterritorial\":\"Desenvolvimento territorial\",\"p18_direitoshumanos\":\"Direitos humanos\",\"p18_educacao\":\"Educa\\u00e7\\u00e3o\",\"p18_feminismos\":\"Feminismos\",\"p18_lgbtqi\":\"LGBTQI\",\"p18_lutaantirracismo\":\"Luta antirracismo\",\"p18_mobilidade\":\"Mobilidade\",\"p18_moradia\":\"Moradia\",\"p18_povosecomunidadestradicionais\":\"Povos e comunidades tradicionais\",\"p18_trabalho\":\"Trabalho\",\"p18_religiao\":\"Religi\\u00e3o\",\"p18_saude\":\"Sa\\u00fade\",\"p18_violencia\":\"Viol\\u00eancia\",\"p18_politicasculturais\":\"Pol\\u00edticas Culturais\",\"p19_feminismos\":\"Feminismos\",\"p19_lutaantirracismo\":\"Luta antirracismo\",\"p19_saude\":\"Sa\\u00fade\",\"p19_violencia\":\"Viol\\u00eancia\",\"p20_reunioes\":\"Reuni\\u00f5es\",\"p20_atendimento\":\"Atendimento\",\"p20_oficinas\":\"Oficinas\",\"p20_oficinasaulasartisticas\":\"Ensaios\\\/Oficinas\\\/Aulas art\\u00edsticas\",\"p20_cursos\":\"Cursos\",\"p20_formacao\":\"Forma\\u00e7\\u00e3o\",\"p20_visitasexcursoes\":\"Visitas\\\/Excurs\\u00f5es\",\"p21_repressaopolicial\":\"Repress\\u00e3o policial\",\"p21_intoleranciareligiosa\":\"Fundamentalistamo\\\/intoler\\u00e2ncia religiosa\",\"p21_xenofobia\":\"Xenofobia\",\"p21_machismo\":\"Machismo\",\"p21_racismo\":\"Racismo\",\"p21_lgbtqifobia\":\"LGBTIfobia\",\"p21_enfrentamentocomgruposprivadosarmados\":\"Enfrentamento com grupos privados armados\",\"p22_numerodeparticipantes\":\"45 - 60\",\"p24_reunioes\":\"Reuni\\u00f5es\",\"p24_atendimento\":\"Atendimentos\",\"p24_oficinas\":\"Oficinas\",\"p24_oficinasaulasartisticas\":\"Ensaios\\\/Oficinas\\\/Aulas art\\u00edsticas\",\"p24_curso\":\"Curso\",\"p24_formacao\":\"Forma\\u00e7\\u00e3o\",\"p24_visitasexcursoes\":\"Visitas\\\/Excurs\\u00f5es\",\"p24_outros\":\"Outros\",\"p25_numerodepessoas\":\"1 - 20\",\"p26_numerodepessoas\":\"Mais de 500\",\"p27_espacopublico\":\"Espa\\u00e7o p\\u00fablico\",\"p27_espacoemprestadocedido\":\"Espa\\u00e7o emprestado\\\/cedido\",\"p27_espacoproprio\":\"Espa\\u00e7o pr\\u00f3prio\",\"p27_virtual\":\"Virtual\",\"p27_ocupacao\":\"Ocupa\\u00e7\\u00e3o\",\"p28_territorios\":\"Estado\",\"p30_outrasorganizacoes\":\"Sim\",\"p32_campanhadelongaduracao\":\"Sim\",\"p34_nacional\":\"Nacional\",\"p36_conselhosdeparticipacaoecontrolesocial\":\"Sim\",\"p38_sim\":\"Sim\",\"p40_editais\":\"N\\u00e3o\",\"p41_autofinanciamento\":\"Auto-financiamento\",\"p41_financiamentocoletivo0\":\"Financiamento coletivo\",\"p42_meiodedivulgacaoproprio\":\"Sim\",\"p43_email\":\"E-mail\",\"p43_facebook\":\"Facebook\",\"p43_whatsapp\":\"WhatApp\",\"p43_instagram\":\"Instagram\",\"p43_radio\":\"R\\u00e1dio\",\"p44_radio\":\"TV\",\"p44_sitesblogs\":\"Sites ou Blogs\",\"p39_publico\":\"JOVENS-PERIF\\u00c9RICOS MULHERES-PERIF\\u00c9RICAS\",\"p45_bandeira\":\"RACISMO CONTRA-FEMINIC\\u00cdDIO CONTRA-VIOL\\u00caNCIA CLASSE RA\\u00c7A G\\u00caNERO\",\"p46_hashtags\":\"#IGUALDADERACIAL #RESPEITOADIVERSIDADE #FIMDAVIOLENCIA\"},{\"p1_eixo\":\"Viol\\u00eancia\",\"p9_tipoorganizacao\":\"Movimento Social\",\"p12_uf\":\"TO\",\"p13_cidade\":\"PALMAS\",\"p16_cidade\":\"Cidade\",\"p17_ano\":\"2012\",\"p16_estado\":\"Estado\",\"p18_agrario\":\"Agr\\u00e1rio\\\/ruralidades\",\"p18_comunicacao\":\"Comunica\\u00e7\\u00e3o\",\"p18_difusaoartistica\":\"Difus\\u00e3o Art\\u00edstica\",\"p18_desenvolvimentoterritorial\":\"Desenvolvimento territorial\",\"p18_direitoshumanos\":\"Direitos humanos\",\"p18_educacao\":\"Educa\\u00e7\\u00e3o\",\"p18_feminismos\":\"Feminismos\",\"p18_lgbtqi\":\"LGBTQI\",\"p18_lutaantirracismo\":\"Luta antirracismo\",\"p18_mobilidade\":\"Mobilidade\",\"p18_moradia\":\"Moradia\",\"p18_povosecomunidadestradicionais\":\"Povos e comunidades tradicionais\",\"p18_trabalho\":\"Trabalho\",\"p18_religiao\":\"Religi\\u00e3o\",\"p18_saude\":\"Sa\\u00fade\",\"p18_violencia\":\"Viol\\u00eancia\",\"p18_politicasculturais\":\"Pol\\u00edticas Culturais\",\"p19_direitoshumanos\":\"Direitos humanos\",\"p19_feminismos\":\"Feminismos\",\"p19_lgbtqi\":\"LGBTQI\",\"p19_saude\":\"Sa\\u00fade\",\"p19_violencia\":\"Viol\\u00eancia\",\"p20_reunioes\":\"Reuni\\u00f5es\",\"p20_atendimento\":\"Atendimento\",\"p20_oficinas\":\"Oficinas\",\"p20_oficinasaulasartisticas\":\"Ensaios\\\/Oficinas\\\/Aulas art\\u00edsticas\",\"p20_formacao\":\"Forma\\u00e7\\u00e3o\",\"p20_apresentacoesartisticas\":\"Apresenta\\u00e7\\u00f5es art\\u00edsticas\",\"p20_visitasexcursoes\":\"Visitas\\\/Excurs\\u00f5es\",\"p21_repressaopolicial\":\"Repress\\u00e3o policial\",\"p21_intoleranciareligiosa\":\"Fundamentalistamo\\\/intoler\\u00e2ncia religiosa\",\"p21_xenofobia\":\"Xenofobia\",\"p21_machismo\":\"Machismo\",\"p21_racismo\":\"Racismo\",\"p21_lgbtqifobia\":\"LGBTIfobia\",\"p21_enfrentamentocomgruposprivadosarmados\":\"Enfrentamento com grupos privados armados\",\"p22_numerodeparticipantes\":\"15 - 30\",\"p23_reunioes\":\"Reuni\\u00f5es\",\"p23_atendimento\":\"Atendimento\",\"p23_outros\":\"Outros\",\"p24_reunioes\":\"Reuni\\u00f5es\",\"p24_oficinas\":\"Oficinas\",\"p24_oficinasaulasartisticas\":\"Ensaios\\\/Oficinas\\\/Aulas art\\u00edsticas\",\"p24_formacao\":\"Forma\\u00e7\\u00e3o\",\"p24_apresentacoesartisticas\":\"Apresenta\\u00e7\\u00f5es art\\u00edsticas\",\"p24_visitasexcursoes\":\"Visitas\\\/Excurs\\u00f5es\",\"p24_outros\":\"Outros\",\"p25_numerodepessoas\":\"1 - 20\",\"p26_numerodepessoas\":\"1 - 20\",\"p27_espacopublico\":\"Espa\\u00e7o p\\u00fablico\",\"p27_espacoemprestadocedido\":\"Espa\\u00e7o emprestado\\\/cedido\",\"p27_espacoproprio\":\"Espa\\u00e7o pr\\u00f3prio\",\"p27_virtual\":\"Virtual\",\"p27_ocupacao\":\"Ocupa\\u00e7\\u00e3o\",\"p28_territorios\":\"Estado\",\"p30_outrasorganizacoes\":\"Sim\",\"p32_campanhadelongaduracao\":\"Sim\",\"p34_nacional\":\"Nacional\",\"p34_nenhuma\":\"Nenhuma\",\"p36_conselhosdeparticipacaoecontrolesocial\":\"Sim\",\"p38_sim\":\"Sim\",\"p38_nenhum\":\"Nenhum\",\"p40_editais\":\"N\\u00e3o\",\"p41_autofinanciamento\":\"Auto-financiamento\",\"p41_financiamentocoletivo0\":\"Financiamento coletivo\",\"p42_meiodedivulgacaoproprio\":\"Sim\",\"p43_email\":\"E-mail\",\"p43_facebook\":\"Facebook\",\"p43_whatsapp\":\"WhatApp\",\"p43_instagram\":\"Instagram\",\"p44_sitesblogs\":\"Sites ou Blogs\",\"p44_nenhum\":\"Nenhum\",\"p39_publico\":\"MULHERES\",\"p45_bandeira\":\"ANTIRRACISMO ANTILGBTFOBIA CONTRA-VIOL\\u00caNCIA CONTRA-FEMINIC\\u00cdDIO ANTICAPITALISMO\",\"p46_hashtags\":\"#FEMINISMO #ANTICAPITALISTA #ECONOMIASOLIDARIA \"},{\"p1_eixo\":\"Viol\\u00eancia\",\"p9_tipoorganizacao\":\"Movimento Social\",\"p12_uf\":\"AC\",\"p13_cidade\":\"CRUZEIRO DO SUL \",\"p16_cidade\":\"Cidade\",\"p17_ano\":\"2017\",\"p16_estado\":\"Estado\",\"p18_comunicacao\":\"Comunica\\u00e7\\u00e3o\",\"p18_difusaoartistica\":\"Difus\\u00e3o Art\\u00edstica\",\"p18_desenvolvimentoterritorial\":\"Desenvolvimento territorial\",\"p18_direitoshumanos\":\"Direitos humanos\",\"p18_educacao\":\"Educa\\u00e7\\u00e3o\",\"p18_feminismos\":\"Feminismos\",\"p18_lgbtqi\":\"LGBTQI\",\"p18_lutaantirracismo\":\"Luta antirracismo\",\"p18_mobilidade\":\"Mobilidade\",\"p18_moradia\":\"Moradia\",\"p18_povosecomunidadestradicionais\":\"Povos e comunidades tradicionais\",\"p18_trabalho\":\"Trabalho\",\"p18_religiao\":\"Religi\\u00e3o\",\"p18_saude\":\"Sa\\u00fade\",\"p18_violencia\":\"Viol\\u00eancia\",\"p18_politicasculturais\":\"Pol\\u00edticas Culturais\",\"p19_direitoshumanos\":\"Direitos humanos\",\"p19_lgbtqi\":\"LGBTQI\",\"p19_trabalho\":\"Trabalho\",\"p19_saude\":\"Sa\\u00fade\",\"p19_difusaoartistica\":\"Difus\\u00e3o Art\\u00edstica\",\"p19_politicasculturais\":\"Pol\\u00edticas Culturais\",\"p20_reunioes\":\"Reuni\\u00f5es\",\"p20_atendimento\":\"Atendimento\",\"p20_oficinas\":\"Oficinas\",\"p20_oficinasaulasartisticas\":\"Ensaios\\\/Oficinas\\\/Aulas art\\u00edsticas\",\"p20_profissionalizacao\":\"Profissionaliza\\u00e7\\u00e3o\",\"p20_apresentacoesartisticas\":\"Apresenta\\u00e7\\u00f5es art\\u00edsticas\",\"p21_repressaopolicial\":\"Repress\\u00e3o policial\",\"p21_intoleranciareligiosa\":\"Fundamentalistamo\\\/intoler\\u00e2ncia religiosa\",\"p21_machismo\":\"Machismo\",\"p21_racismo\":\"Racismo\",\"p21_lgbtqifobia\":\"LGBTIfobia\",\"p22_numerodeparticipantes\":\"1  - 15\",\"p23_reunioes\":\"Reuni\\u00f5es\",\"p23_atendimento\":\"Atendimento\",\"p23_outros\":\"Outros\",\"p24_reunioes\":\"Reuni\\u00f5es\",\"p24_atendimento\":\"Atendimentos\",\"p24_oficinas\":\"Oficinas\",\"p24_oficinasaulasartisticas\":\"Ensaios\\\/Oficinas\\\/Aulas art\\u00edsticas\",\"p24_profissionalizacao\":\"Profissionaliza\\u00e7\\u00e3o\",\"p24_apresentacoesartisticas\":\"Apresenta\\u00e7\\u00f5es art\\u00edsticas\",\"p24_outros\":\"Outros\",\"p25_numerodepessoas\":\"40 - 60\",\"p26_numerodepessoas\":\"1 - 20\",\"p27_espacopublico\":\"Espa\\u00e7o p\\u00fablico\",\"p28_territorios\":\"Cidade\",\"p30_outrasorganizacoes\":\"Sim\",\"p32_campanhadelongaduracao\":\"N\\u00e3o\",\"p34_nenhuma\":\"Nenhuma\",\"p36_conselhosdeparticipacaoecontrolesocial\":\"N\\u00e3o\",\"p38_nenhum\":\"Nenhum\",\"p40_editais\":\"N\\u00e3o\",\"p41_autofinanciamento\":\"Auto-financiamento\",\"p42_meiodedivulgacaoproprio\":\"Sim\",\"p43_email\":\"E-mail\",\"p43_instagram\":\"Instagram\",\"p43_sitesblogs\":\"Blogs\\\/sites\",\"p44_radio\":\"TV\",\"p44_jornaisimpressosdegrandecirculacao\":\"Jornais impressos de grande circula\\u00e7\\u00e3o\",\"p44_jornaisimpressosdebairro\":\"Jornais impressos de bairro\",\"p44_redessociais\":\"Redes sociais (Facebook, YouTube, Instagram etc.)\",\"p44_nenhum\":\"Nenhum\",\"p39_publico\":\"LGBT\",\"p45_bandeira\":\"MINORIAS\",\"p46_hashtags\":\"#POPULACAOMINORITARIA #FORACONSERVADORISMO #MANAUSDOJURACRUZEIRODOSUL\"},{\"p1_eixo\":\"Cultura\",\"p9_tipoorganizacao\":\"Coletivo\",\"p12_uf\":\"RR\",\"p13_cidade\":\"BOA VISTA\",\"p17_ano\":\"2013\",\"p16_estado\":\"Estado\",\"p18_comunicacao\":\"Comunica\\u00e7\\u00e3o\",\"p18_difusaoartistica\":\"Difus\\u00e3o Art\\u00edstica\",\"p18_direitoshumanos\":\"Direitos humanos\",\"p18_educacao\":\"Educa\\u00e7\\u00e3o\",\"p18_feminismos\":\"Feminismos\",\"p18_lgbtqi\":\"LGBTQI\",\"p18_lutaantirracismo\":\"Luta antirracismo\",\"p18_mobilidade\":\"Mobilidade\",\"p18_moradia\":\"Moradia\",\"p18_povosecomunidadestradicionais\":\"Povos e comunidades tradicionais\",\"p18_trabalho\":\"Trabalho\",\"p18_saude\":\"Sa\\u00fade\",\"p18_violencia\":\"Viol\\u00eancia\",\"p18_politicasculturais\":\"Pol\\u00edticas Culturais\",\"p19_lgbtqi\":\"LGBTQI\",\"p19_trabalho\":\"Trabalho\",\"p19_difusaoartistica\":\"Difus\\u00e3o Art\\u00edstica\",\"p19_politicasculturais\":\"Pol\\u00edticas Culturais\",\"p20_reunioes\":\"Reuni\\u00f5es\",\"p20_atendimento\":\"Atendimento\",\"p20_oficinas\":\"Oficinas\",\"p20_oficinasaulasartisticas\":\"Ensaios\\\/Oficinas\\\/Aulas art\\u00edsticas\",\"p20_formacao\":\"Forma\\u00e7\\u00e3o\",\"p20_profissionalizacao\":\"Profissionaliza\\u00e7\\u00e3o\",\"p20_apresentacoesartisticas\":\"Apresenta\\u00e7\\u00f5es art\\u00edsticas\",\"p20_visitasexcursoes\":\"Visitas\\\/Excurs\\u00f5es\",\"p21_repressaopolicial\":\"Repress\\u00e3o policial\",\"p21_machismo\":\"Machismo\",\"p21_racismo\":\"Racismo\",\"p21_lgbtqifobia\":\"LGBTIfobia\",\"p21_enfrentamentocomgruposprivadosarmados\":\"Enfrentamento com grupos privados armados\",\"p22_numerodeparticipantes\":\"1  - 15\",\"p23_reunioes\":\"Reuni\\u00f5es\",\"p23_apresentacoesartisticas\":\"Apresenta\\u00e7\\u00f5es Art\\u00edsticas\",\"p23_outros\":\"Outros\",\"p24_reunioes\":\"Reuni\\u00f5es\",\"p24_atendimento\":\"Atendimentos\",\"p24_oficinas\":\"Oficinas\",\"p24_oficinasaulasartisticas\":\"Ensaios\\\/Oficinas\\\/Aulas art\\u00edsticas\",\"p24_curso\":\"Curso\",\"p24_profissionalizacao\":\"Profissionaliza\\u00e7\\u00e3o\",\"p24_apresentacoesartisticas\":\"Apresenta\\u00e7\\u00f5es art\\u00edsticas\",\"p24_outros\":\"Outros\",\"p25_numerodepessoas\":\"1 - 20\",\"p26_numerodepessoas\":\"100 - 200\",\"p27_espacopublico\":\"Espa\\u00e7o p\\u00fablico\",\"p27_espacoemprestadocedido\":\"Espa\\u00e7o emprestado\\\/cedido\",\"p27_espacoproprio\":\"Espa\\u00e7o pr\\u00f3prio\",\"p27_virtual\":\"Virtual\",\"p28_territorios\":\"Cidade\",\"p30_outrasorganizacoes\":\"Sim\",\"p32_campanhadelongaduracao\":\"N\\u00e3o\",\"p34_nacional\":\"Nacional\",\"p34_nenhuma\":\"Nenhuma\",\"p36_conselhosdeparticipacaoecontrolesocial\":\"Sim\",\"p38_nenhum\":\"Nenhum\",\"p40_editais\":\"Sim\",\"p41_publicoestatal\":\"P\\u00fablico-Estatal\",\"p41_autofinanciamento\":\"Auto-financiamento\",\"p42_meiodedivulgacaoproprio\":\"Sim\",\"p43_email\":\"E-mail\",\"p43_facebook\":\"Facebook\",\"p43_instagram\":\"Instagram\",\"p43_sitesblogs\":\"Blogs\\\/sites\",\"p43_youtube\":\"YouTube\",\"p44_radio\":\"TV\",\"p44_jornaisimpressosdegrandecirculacao\":\"Jornais impressos de grande circula\\u00e7\\u00e3o\",\"p44_jornaisimpressosdebairro\":\"Jornais impressos de bairro\",\"p44_redessociais\":\"Redes sociais (Facebook, YouTube, Instagram etc.)\",\"p44_sitesblogs\":\"Sites ou Blogs\",\"p39_publico\":\"JOVENS-PERIF\\u00c9RICOS\",\"p45_bandeira\":\"VALORIZA\\u00c7\\u00c3O ARTISTAS-PERIF\\u00c9RICOS VISIBILIDADE CULTURA HIP-HOP LOCAL PROTAGONISMO\",\"p46_hashtags\":\"#EXISTENCIA #VIVENCIA #RESISTENCIA\"},{\"p1_eixo\":\"Cultura\",\"p9_tipoorganizacao\":\"ONG\",\"p12_uf\":\"AC\",\"p13_cidade\":\"RIO BRANCO\",\"p17_ano\":\"2002\",\"p16_estado\":\"Estado\",\"p18_comunicacao\":\"Comunica\\u00e7\\u00e3o\",\"p18_difusaoartistica\":\"Difus\\u00e3o Art\\u00edstica\",\"p18_desenvolvimentoterritorial\":\"Desenvolvimento territorial\",\"p18_direitoshumanos\":\"Direitos humanos\",\"p18_educacao\":\"Educa\\u00e7\\u00e3o\",\"p18_feminismos\":\"Feminismos\",\"p18_lgbtqi\":\"LGBTQI\",\"p18_lutaantirracismo\":\"Luta antirracismo\",\"p18_mobilidade\":\"Mobilidade\",\"p18_moradia\":\"Moradia\",\"p18_povosecomunidadestradicionais\":\"Povos e comunidades tradicionais\",\"p18_trabalho\":\"Trabalho\",\"p18_saude\":\"Sa\\u00fade\",\"p18_violencia\":\"Viol\\u00eancia\",\"p18_politicasculturais\":\"Pol\\u00edticas Culturais\",\"p19_feminismos\":\"Feminismos\",\"p19_lgbtqi\":\"LGBTQI\",\"p19_lutaantirracismo\":\"Luta antirracismo\",\"p19_difusaoartistica\":\"Difus\\u00e3o Art\\u00edstica\",\"p19_politicasculturais\":\"Pol\\u00edticas Culturais\",\"p20_reunioes\":\"Reuni\\u00f5es\",\"p20_oficinas\":\"Oficinas\",\"p20_oficinasaulasartisticas\":\"Ensaios\\\/Oficinas\\\/Aulas art\\u00edsticas\",\"p20_formacao\":\"Forma\\u00e7\\u00e3o\",\"p20_apresentacoesartisticas\":\"Apresenta\\u00e7\\u00f5es art\\u00edsticas\",\"p20_visitasexcursoes\":\"Visitas\\\/Excurs\\u00f5es\",\"p21_repressaopolicial\":\"Repress\\u00e3o policial\",\"p21_intoleranciareligiosa\":\"Fundamentalistamo\\\/intoler\\u00e2ncia religiosa\",\"p21_machismo\":\"Machismo\",\"p21_racismo\":\"Racismo\",\"p21_lgbtqifobia\":\"LGBTIfobia\",\"p21_enfrentamentocomgruposprivadosarmados\":\"Enfrentamento com grupos privados armados\",\"p22_numerodeparticipantes\":\"15 - 30\",\"p23_reunioes\":\"Reuni\\u00f5es\",\"p23_formacao\":\"Forma\\u00e7\\u00e3o\",\"p23_apresentacoesartisticas\":\"Apresenta\\u00e7\\u00f5es Art\\u00edsticas\",\"p23_outros\":\"Outros\",\"p24_oficinas\":\"Oficinas\",\"p24_oficinasaulasartisticas\":\"Ensaios\\\/Oficinas\\\/Aulas art\\u00edsticas\",\"p24_curso\":\"Curso\",\"p24_apresentacoesartisticas\":\"Apresenta\\u00e7\\u00f5es art\\u00edsticas\",\"p24_outros\":\"Outros\",\"p25_numerodepessoas\":\"80 - 100\",\"p26_numerodepessoas\":\"60 - 80\",\"p27_espacopublico\":\"Espa\\u00e7o p\\u00fablico\",\"p27_espacoemprestadocedido\":\"Espa\\u00e7o emprestado\\\/cedido\",\"p27_espacoproprio\":\"Espa\\u00e7o pr\\u00f3prio\",\"p27_virtual\":\"Virtual\",\"p28_territorios\":\"Estado\",\"p30_outrasorganizacoes\":\"Sim\",\"p32_campanhadelongaduracao\":\"Sim\",\"p34_nacional\":\"Nacional\",\"p36_conselhosdeparticipacaoecontrolesocial\":\"Sim\",\"p38_sim\":\"Sim\",\"p38_nenhum\":\"Nenhum\",\"p40_editais\":\"Sim\",\"p41_publicoestatal\":\"P\\u00fablico-Estatal\",\"p41_financiamentocoletivo0\":\"Financiamento coletivo\",\"p42_meiodedivulgacaoproprio\":\"Sim\",\"p43_email\":\"E-mail\",\"p43_facebook\":\"Facebook\",\"p43_instagram\":\"Instagram\",\"p43_youtube\":\"YouTube\",\"p44_radio\":\"TV\",\"p44_jornaisimpressosdegrandecirculacao\":\"Jornais impressos de grande circula\\u00e7\\u00e3o\",\"p44_jornaisimpressosdebairro\":\"Jornais impressos de bairro\",\"p44_redessociais\":\"Redes sociais (Facebook, YouTube, Instagram etc.)\",\"p44_sitesblogs\":\"Sites ou Blogs\",\"p44_nenhum\":\"Nenhum\",\"p39_publico\":\"JOVENS\",\"p45_bandeira\":\"MANUTEN\\u00c7\\u00c3O CULTURA-POPULAR TRANSMISS\\u00c3O SABERES-ORAIS BRINCADEIRA-DA-QUADRILHA\",\"p46_hashtags\":\"#RESPEITOACULTURAPOPULAR #FORTALECIMENTODASIDENTIDADESJOVENSNACULTURA #ANTIHOMOFOBIA \"},{\"p1_eixo\":\"Cultura\",\"p9_tipoorganizacao\":\"Coletivo\",\"p12_uf\":\"TO\",\"p13_cidade\":\"PALMAS, ARAGUA\\u00cdNA, PORTO NACIONAL, MIRACEMA DO TOCATINS, ARAGUATINS, AUGUSTIN\\u00d3POLIS, PEDRO AFONSO, ARRAIAS, COLINAS\",\"p16_cidade\":\"Cidade\",\"p17_ano\":\"2008\",\"p16_estado\":\"Estado\",\"p18_agrario\":\"Agr\\u00e1rio\\\/ruralidades\",\"p18_comunicacao\":\"Comunica\\u00e7\\u00e3o\",\"p18_difusaoartistica\":\"Difus\\u00e3o Art\\u00edstica\",\"p18_desenvolvimentoterritorial\":\"Desenvolvimento territorial\",\"p18_direitoshumanos\":\"Direitos humanos\",\"p18_educacao\":\"Educa\\u00e7\\u00e3o\",\"p18_feminismos\":\"Feminismos\",\"p18_lgbtqi\":\"LGBTQI\",\"p18_lutaantirracismo\":\"Luta antirracismo\",\"p18_mobilidade\":\"Mobilidade\",\"p18_moradia\":\"Moradia\",\"p18_povosecomunidadestradicionais\":\"Povos e comunidades tradicionais\",\"p18_trabalho\":\"Trabalho\",\"p18_saude\":\"Sa\\u00fade\",\"p18_violencia\":\"Viol\\u00eancia\",\"p18_politicasculturais\":\"Pol\\u00edticas Culturais\",\"p19_direitoshumanos\":\"Direitos humanos\",\"p19_feminismos\":\"Feminismos\",\"p19_lgbtqi\":\"LGBTQI\",\"p19_lutaantirracismo\":\"Luta antirracismo\",\"p19_moradia\":\"Moradia\",\"p19_difusaoartistica\":\"Difus\\u00e3o Art\\u00edstica\",\"p20_reunioes\":\"Reuni\\u00f5es\",\"p20_atendimento\":\"Atendimento\",\"p20_oficinas\":\"Oficinas\",\"p20_cursos\":\"Cursos\",\"p20_formacao\":\"Forma\\u00e7\\u00e3o\",\"p20_apresentacoesartisticas\":\"Apresenta\\u00e7\\u00f5es art\\u00edsticas\",\"p21_repressaopolicial\":\"Repress\\u00e3o policial\",\"p21_intoleranciareligiosa\":\"Fundamentalistamo\\\/intoler\\u00e2ncia religiosa\",\"p21_machismo\":\"Machismo\",\"p21_racismo\":\"Racismo\",\"p21_lgbtqifobia\":\"LGBTIfobia\",\"p22_numerodeparticipantes\":\"30 - 45\",\"p23_reunioes\":\"Reuni\\u00f5es\",\"p23_atendimento\":\"Atendimento\",\"p23_oficinas\":\"Oficinas\",\"p23_cursos\":\"Cursos\",\"p23_formacao\":\"Forma\\u00e7\\u00e3o\",\"p23_outros\":\"Outros\",\"p24_apresentacoesartisticas\":\"Apresenta\\u00e7\\u00f5es art\\u00edsticas\",\"p24_outros\":\"Outros\",\"p25_numerodepessoas\":\"40 - 60\",\"p26_numerodepessoas\":\"80 - 100\",\"p27_espacopublico\":\"Espa\\u00e7o p\\u00fablico\",\"p27_virtual\":\"Virtual\",\"p27_ocupacao\":\"Ocupa\\u00e7\\u00e3o\",\"p28_territorios\":\"Estado\",\"p30_outrasorganizacoes\":\"Sim\",\"p32_campanhadelongaduracao\":\"Sim\",\"p34_municipal\":\"Municipal\",\"p34_nacional\":\"Nacional\",\"p34_internacional\":\"Internacional\",\"p36_conselhosdeparticipacaoecontrolesocial\":\"Sim\",\"p38_sim\":\"Sim\",\"p40_editais\":\"N\\u00e3o\",\"p41_autofinanciamento\":\"Auto-financiamento\",\"p41_financiamentocoletivo0\":\"Financiamento coletivo\",\"p42_meiodedivulgacaoproprio\":\"Sim\",\"p43_impressoes\":\"Impressos\",\"p43_email\":\"E-mail\",\"p43_facebook\":\"Facebook\",\"p43_whatsapp\":\"WhatApp\",\"p43_instagram\":\"Instagram\",\"p43_twitter\":\"Twitter\",\"p44_radio\":\"R\\u00e1dio\",\"p44_jornaisimpressosdegrandecirculacao\":\"Jornais impressos de grande circula\\u00e7\\u00e3o\",\"p44_nenhum\":\"Nenhum\",\"p39_publico\":\"JUVENTUDE ESTUDANTES\",\"p45_bandeira\":\"TERRIT\\u00d3RIO NORTE MULHERES NEGRITUDE\",\"p46_hashtags\":\"#NEGRITUDE #MOVIMENTOESTUDANTIL #SOCIALISMO \"},{\"p1_eixo\":\"Trabalho\",\"p9_tipoorganizacao\":\"Coletivo\",\"p12_uf\":\"RS\",\"p13_cidade\":\"PELOTAS \",\"p16_cidade\":\"Cidade\",\"p16_nacional\":\"Nacional\",\"p17_ano\":\"2017\",\"p18_agrario\":\"Agr\\u00e1rio\\\/ruralidades\",\"p18_comunicacao\":\"Comunica\\u00e7\\u00e3o\",\"p18_difusaoartistica\":\"Difus\\u00e3o Art\\u00edstica\",\"p18_desenvolvimentoterritorial\":\"Desenvolvimento territorial\",\"p18_direitoshumanos\":\"Direitos humanos\",\"p18_educacao\":\"Educa\\u00e7\\u00e3o\",\"p18_feminismos\":\"Feminismos\",\"p18_lgbtqi\":\"LGBTQI\",\"p18_lutaantirracismo\":\"Luta antirracismo\",\"p18_moradia\":\"Moradia\",\"p18_povosecomunidadestradicionais\":\"Povos e comunidades tradicionais\",\"p18_trabalho\":\"Trabalho\",\"p18_violencia\":\"Viol\\u00eancia\",\"p18_politicasculturais\":\"Pol\\u00edticas Culturais\",\"p19_direitoshumanos\":\"Direitos humanos\",\"p19_moradia\":\"Moradia\",\"p19_violencia\":\"Viol\\u00eancia\",\"p19_difusaoartistica\":\"Difus\\u00e3o Art\\u00edstica\",\"p19_politicasculturais\":\"Pol\\u00edticas Culturais\",\"p20_reunioes\":\"Reuni\\u00f5es\",\"p20_atendimento\":\"Atendimento\",\"p20_oficinas\":\"Oficinas\",\"p20_oficinasaulasartisticas\":\"Ensaios\\\/Oficinas\\\/Aulas art\\u00edsticas\",\"p20_cursos\":\"Cursos\",\"p20_profissionalizacao\":\"Profissionaliza\\u00e7\\u00e3o\",\"p20_apresentacoesartisticas\":\"Apresenta\\u00e7\\u00f5es art\\u00edsticas\",\"p21_repressaopolicial\":\"Repress\\u00e3o policial\",\"p21_intoleranciareligiosa\":\"Fundamentalistamo\\\/intoler\\u00e2ncia religiosa\",\"p21_machismo\":\"Machismo\",\"p21_racismo\":\"Racismo\",\"p21_lgbtqifobia\":\"LGBTIfobia\",\"p21_nenhum\":\"Nenhum\",\"p22_numerodeparticipantes\":\"15 - 30\",\"p23_reunioes\":\"Reuni\\u00f5es\",\"p23_atendimento\":\"Atendimento\",\"p23_oficinas\":\"Oficinas\",\"p23_oficinasaulasartisticas\":\"Ensaio\\\/Oficinas\\\/Aulas Art\\u00edsticas\",\"p23_cursos\":\"Cursos\",\"p23_profissionalizacao\":\"Profissionaliza\\u00e7\\u00e3o\",\"p23_apresentacoesartisticas\":\"Apresenta\\u00e7\\u00f5es Art\\u00edsticas\",\"p23_outros\":\"Outros\",\"p24_apresentacoesartisticas\":\"Apresenta\\u00e7\\u00f5es art\\u00edsticas\",\"p24_outros\":\"Outros\",\"p25_numerodepessoas\":\"200 - 300\",\"p26_numerodepessoas\":\"100 - 200\",\"p27_espacoproprio\":\"Espa\\u00e7o pr\\u00f3prio\",\"p27_ocupacao\":\"Ocupa\\u00e7\\u00e3o\",\"p28_territorios\":\"Cidade\",\"p30_outrasorganizacoes\":\"Sim\",\"p32_campanhadelongaduracao\":\"Sim\",\"p34_municipal\":\"Municipal\",\"p34_internacional\":\"Internacional\",\"p34_nenhuma\":\"Nenhuma\",\"p36_conselhosdeparticipacaoecontrolesocial\":\"N\\u00e3o\",\"p38_sim\":\"Sim\",\"p38_nenhum\":\"Nenhum\",\"p40_editais\":\"Sim\",\"p41_autofinanciamento\":\"Auto-financiamento\",\"p41_financiamentocoletivo0\":\"Financiamento coletivo\",\"p42_meiodedivulgacaoproprio\":\"Sim\",\"p43_impressoes\":\"Impressos\",\"p43_facebook\":\"Facebook\",\"p43_whatsapp\":\"WhatApp\",\"p43_instagram\":\"Instagram\",\"p43_twitter\":\"Twitter\",\"p44_radio\":\"TV\",\"p44_jornaisimpressosdegrandecirculacao\":\"Jornais impressos de grande circula\\u00e7\\u00e3o\",\"p39_publico\":\"TODOS\",\"p45_bandeira\":\"MORADIA COMBATE-FOME DIREITOS-HUMANOS\",\"p46_hashtags\":\"#SEMFOMESEMDOR #COMBATEAFOME #CIDADEPRAQUEM\"},{\"p1_eixo\":\"Trabalho\",\"p9_tipoorganizacao\":\"Instituto\",\"p12_uf\":\"SP\",\"p13_cidade\":\"VOTORANTIM\",\"p16_nacional\":\"Nacional\",\"p17_ano\":\"2018\",\"p16_estado\":\"Estado\",\"p18_comunicacao\":\"Comunica\\u00e7\\u00e3o\",\"p18_difusaoartistica\":\"Difus\\u00e3o Art\\u00edstica\",\"p18_desenvolvimentoterritorial\":\"Desenvolvimento territorial\",\"p18_direitoshumanos\":\"Direitos humanos\",\"p18_educacao\":\"Educa\\u00e7\\u00e3o\",\"p18_feminismos\":\"Feminismos\",\"p18_lgbtqi\":\"LGBTQI\",\"p18_lutaantirracismo\":\"Luta antirracismo\",\"p18_mobilidade\":\"Mobilidade\",\"p18_povosecomunidadestradicionais\":\"Povos e comunidades tradicionais\",\"p18_trabalho\":\"Trabalho\",\"p18_saude\":\"Sa\\u00fade\",\"p18_violencia\":\"Viol\\u00eancia\",\"p18_politicasculturais\":\"Pol\\u00edticas Culturais\",\"p19_comunicacao\":\"Comunica\\u00e7\\u00e3o\",\"p19_direitoshumanos\":\"Direitos humanos\",\"p19_educacao\":\"Educa\\u00e7\\u00e3o\",\"p19_saude\":\"Sa\\u00fade\",\"p19_violencia\":\"Viol\\u00eancia\",\"p19_politicasculturais\":\"Pol\\u00edticas Culturais\",\"p20_reunioes\":\"Reuni\\u00f5es\",\"p20_atendimento\":\"Atendimento\",\"p20_oficinas\":\"Oficinas\",\"p20_oficinasaulasartisticas\":\"Ensaios\\\/Oficinas\\\/Aulas art\\u00edsticas\",\"p20_cursos\":\"Cursos\",\"p20_profissionalizacao\":\"Profissionaliza\\u00e7\\u00e3o\",\"p20_apresentacoesartisticas\":\"Apresenta\\u00e7\\u00f5es art\\u00edsticas\",\"p20_visitasexcursoes\":\"Visitas\\\/Excurs\\u00f5es\",\"p21_intoleranciareligiosa\":\"Fundamentalistamo\\\/intoler\\u00e2ncia religiosa\",\"p21_xenofobia\":\"Xenofobia\",\"p21_machismo\":\"Machismo\",\"p21_racismo\":\"Racismo\",\"p21_lgbtqifobia\":\"LGBTIfobia\",\"p21_nenhum\":\"Nenhum\",\"p22_numerodeparticipantes\":\"Mais de 90\",\"p23_reunioes\":\"Reuni\\u00f5es\",\"p23_atendimento\":\"Atendimento\",\"p23_oficinas\":\"Oficinas\",\"p23_oficinasaulasartisticas\":\"Ensaio\\\/Oficinas\\\/Aulas Art\\u00edsticas\",\"p23_cursos\":\"Cursos\",\"p23_profissionalizacao\":\"Profissionaliza\\u00e7\\u00e3o\",\"p23_apresentacoesartisticas\":\"Apresenta\\u00e7\\u00f5es Art\\u00edsticas\",\"p23_visitas\":\"Visitas\",\"p23_outros\":\"Outros\",\"p24_visitasexcursoes\":\"Visitas\\\/Excurs\\u00f5es\",\"p24_outros\":\"Outros\",\"p25_numerodepessoas\":\"200 - 300\",\"p26_numerodepessoas\":\"1 - 20\",\"p27_espacopublico\":\"Espa\\u00e7o p\\u00fablico\",\"p27_espacoemprestadocedido\":\"Espa\\u00e7o emprestado\\\/cedido\",\"p27_espacoproprio\":\"Espa\\u00e7o pr\\u00f3prio\",\"p28_territorios\":\"Cidade\",\"p30_outrasorganizacoes\":\"Sim\",\"p32_campanhadelongaduracao\":\"N\\u00e3o\",\"p34_estadual\":\"Estadual\",\"p34_nenhuma\":\"Nenhuma\",\"p36_conselhosdeparticipacaoecontrolesocial\":\"N\\u00e3o\",\"p38_nenhum\":\"Nenhum\",\"p40_editais\":\"N\\u00e3o\",\"p41_publicoestatal\":\"P\\u00fablico-Estatal\",\"p41_privadopf\":\"Privado (P. F\\u00edsica)\",\"p41_privadopj\":\"Privado (P. Jur\\u00eddica)\",\"p41_financiamentocoletivo0\":\"Financiamento coletivo\",\"p42_meiodedivulgacaoproprio\":\"Sim\",\"p43_facebook\":\"Facebook\",\"p43_instagram\":\"Instagram\",\"p43_sitesblogs\":\"Blogs\\\/sites\",\"p43_youtube\":\"YouTube\",\"p44_radio\":\"TV\",\"p44_jornaisimpressosdegrandecirculacao\":\"Jornais impressos de grande circula\\u00e7\\u00e3o\",\"p44_jornaisimpressosdebairro\":\"Jornais impressos de bairro\",\"p44_sitesblogs\":\"Sites ou Blogs\",\"p39_publico\":\"CRIAN\\u00c7AS ADOLESCENTES\",\"p45_bandeira\":\"IGUALDADE-SOCIAL LIBERDADE-EXPERESS\\u00c3O ACESSO-EDUCA\\u00c7\\u00c3O\",\"p46_hashtags\":\"#IGUALDADESOCIAL #JUNTOSNOESPORTE #ACESSOAEDUCACAO \"},{\"p1_eixo\":\"Viol\\u00eancia\",\"p9_tipoorganizacao\":\"Instituto\",\"p12_uf\":\"RR\",\"p13_cidade\":\"BOA VISTA\",\"p16_nacional\":\"Nacional\",\"p17_ano\":\"2007\",\"p16_estado\":\"Estado\",\"p18_comunicacao\":\"Comunica\\u00e7\\u00e3o\",\"p18_difusaoartistica\":\"Difus\\u00e3o Art\\u00edstica\",\"p18_desenvolvimentoterritorial\":\"Desenvolvimento territorial\",\"p18_direitoshumanos\":\"Direitos humanos\",\"p18_educacao\":\"Educa\\u00e7\\u00e3o\",\"p18_feminismos\":\"Feminismos\",\"p18_lgbtqi\":\"LGBTQI\",\"p18_lutaantirracismo\":\"Luta antirracismo\",\"p18_mobilidade\":\"Mobilidade\",\"p18_povosecomunidadestradicionais\":\"Povos e comunidades tradicionais\",\"p18_trabalho\":\"Trabalho\",\"p18_religiao\":\"Religi\\u00e3o\",\"p18_saude\":\"Sa\\u00fade\",\"p18_violencia\":\"Viol\\u00eancia\",\"p18_politicasculturais\":\"Pol\\u00edticas Culturais\",\"p19_comunicacao\":\"Comunica\\u00e7\\u00e3o\",\"p19_desenvolvimentoterritorial\":\"Desenvolvimento territorial\",\"p19_educacao\":\"Educa\\u00e7\\u00e3o\",\"p19_feminismos\":\"Feminismos\",\"p19_lutaantirracismo\":\"Luta antirracismo\",\"p19_saude\":\"Sa\\u00fade\",\"p20_reunioes\":\"Reuni\\u00f5es\",\"p20_atendimento\":\"Atendimento\",\"p20_oficinas\":\"Oficinas\",\"p20_oficinasaulasartisticas\":\"Ensaios\\\/Oficinas\\\/Aulas art\\u00edsticas\",\"p20_cursos\":\"Cursos\",\"p20_formacao\":\"Forma\\u00e7\\u00e3o\",\"p20_profissionalizacao\":\"Profissionaliza\\u00e7\\u00e3o\",\"p20_apresentacoesartisticas\":\"Apresenta\\u00e7\\u00f5es art\\u00edsticas\",\"p20_visitasexcursoes\":\"Visitas\\\/Excurs\\u00f5es\",\"p21_intoleranciareligiosa\":\"Fundamentalistamo\\\/intoler\\u00e2ncia religiosa\",\"p21_xenofobia\":\"Xenofobia\",\"p21_machismo\":\"Machismo\",\"p21_racismo\":\"Racismo\",\"p21_lgbtqifobia\":\"LGBTIfobia\",\"p22_numerodeparticipantes\":\"Mais de 90\",\"p23_reunioes\":\"Reuni\\u00f5es\",\"p23_atendimento\":\"Atendimento\",\"p23_oficinas\":\"Oficinas\",\"p23_oficinasaulasartisticas\":\"Ensaio\\\/Oficinas\\\/Aulas Art\\u00edsticas\",\"p23_cursos\":\"Cursos\",\"p23_profissionalizacao\":\"Profissionaliza\\u00e7\\u00e3o\",\"p23_apresentacoesartisticas\":\"Apresenta\\u00e7\\u00f5es Art\\u00edsticas\",\"p23_visitas\":\"Visitas\",\"p23_outros\":\"Outros\",\"p24_reunioes\":\"Reuni\\u00f5es\",\"p24_atendimento\":\"Atendimentos\",\"p24_oficinas\":\"Oficinas\",\"p24_curso\":\"Curso\",\"p24_profissionalizacao\":\"Profissionaliza\\u00e7\\u00e3o\",\"p24_visitasexcursoes\":\"Visitas\\\/Excurs\\u00f5es\",\"p24_outros\":\"Outros\",\"p25_numerodepessoas\":\"20 - 40\",\"p26_numerodepessoas\":\"Mais de 500\",\"p27_espacopublico\":\"Espa\\u00e7o p\\u00fablico\",\"p27_espacoemprestadocedido\":\"Espa\\u00e7o emprestado\\\/cedido\",\"p27_espacoproprio\":\"Espa\\u00e7o pr\\u00f3prio\",\"p28_territorios\":\"Estado\",\"p30_outrasorganizacoes\":\"Sim\",\"p32_campanhadelongaduracao\":\"Sim\",\"p34_estadual\":\"Estadual\",\"p34_nacional\":\"Nacional\",\"p34_internacional\":\"Internacional\",\"p36_conselhosdeparticipacaoecontrolesocial\":\"Sim\",\"p38_sim\":\"Sim\",\"p38_nenhum\":\"Nenhum\",\"p40_editais\":\"Sim\",\"p41_publicoestatal\":\"P\\u00fablico-Estatal\",\"p41_privadopf\":\"Privado (P. F\\u00edsica)\",\"p41_privadopj\":\"Privado (P. Jur\\u00eddica)\",\"p42_meiodedivulgacaoproprio\":\"Sim\",\"p43_facebook\":\"Facebook\",\"p43_instagram\":\"Instagram\",\"p43_sitesblogs\":\"Blogs\\\/sites\",\"p43_youtube\":\"YouTube\",\"p44_radio\":\"R\\u00e1dio\",\"p44_jornaisimpressosdegrandecirculacao\":\"Jornais impressos de grande circula\\u00e7\\u00e3o\",\"p44_jornaisimpressosdebairro\":\"Jornais impressos de bairro\",\"p44_sitesblogs\":\"Sites ou Blogs\",\"p39_publico\":\"CRIAN\\u00c7AS ADOLESCENTES\",\"p45_bandeira\":\"FOME-ZERO AGRICULTURA-SUSTENT\\u00c1VEL EDUCA\\u00c7\\u00c3O TRABALHO-DECENTE ERRADICA\\u00c7\\u00c3O-DA-POBREZA IGUALDADE-DE-G\\u00caNERO REDU\\u00c7\\u00c3O-DESIGUALDADES SA\\u00daDE BEM-ESTAR PAZ JUSTI\\u00c7A CRESCIMENTO ECON\\u00d4MICO\",\"p46_hashtags\":\"#EDUCACAODEQUALIDADE #ERRADICACAODAPOBREZA #PAZEJUSTICA\"},{\"p1_eixo\":\"Trabalho\",\"p9_tipoorganizacao\":\"Instituto\",\"p12_uf\":\"RJ\",\"p13_cidade\":\"RIO DE JANEIRO \",\"p16_nacional\":\"Nacional\",\"p17_ano\":\"2012\",\"p16_estado\":\"Estado\",\"p18_comunicacao\":\"Comunica\\u00e7\\u00e3o\",\"p18_desenvolvimentoterritorial\":\"Desenvolvimento territorial\",\"p18_direitoshumanos\":\"Direitos humanos\",\"p18_educacao\":\"Educa\\u00e7\\u00e3o\",\"p18_feminismos\":\"Feminismos\",\"p18_lgbtqi\":\"LGBTQI\",\"p18_lutaantirracismo\":\"Luta antirracismo\",\"p18_mobilidade\":\"Mobilidade\",\"p18_povosecomunidadestradicionais\":\"Povos e comunidades tradicionais\",\"p18_trabalho\":\"Trabalho\",\"p18_religiao\":\"Religi\\u00e3o\",\"p18_saude\":\"Sa\\u00fade\",\"p18_violencia\":\"Viol\\u00eancia\",\"p18_politicasculturais\":\"Pol\\u00edticas Culturais\",\"p19_desenvolvimentoterritorial\":\"Desenvolvimento territorial\",\"p19_direitoshumanos\":\"Direitos humanos\",\"p19_feminismos\":\"Feminismos\",\"p19_lutaantirracismo\":\"Luta antirracismo\",\"p19_povosecomunidadestradicionais\":\"Povos e comunidades tradicionais\",\"p20_reunioes\":\"Reuni\\u00f5es\",\"p20_atendimento\":\"Atendimento\",\"p20_oficinas\":\"Oficinas\",\"p20_cursos\":\"Cursos\",\"p20_formacao\":\"Forma\\u00e7\\u00e3o\",\"p20_profissionalizacao\":\"Profissionaliza\\u00e7\\u00e3o\",\"p21_xenofobia\":\"Xenofobia\",\"p21_machismo\":\"Machismo\",\"p21_racismo\":\"Racismo\",\"p21_lgbtqifobia\":\"LGBTIfobia\",\"p22_numerodeparticipantes\":\"1  - 15\",\"p23_reunioes\":\"Reuni\\u00f5es\",\"p23_outros\":\"Outros\",\"p24_reunioes\":\"Reuni\\u00f5es\",\"p24_atendimento\":\"Atendimentos\",\"p24_oficinas\":\"Oficinas\",\"p24_curso\":\"Curso\",\"p24_profissionalizacao\":\"Profissionaliza\\u00e7\\u00e3o\",\"p24_outros\":\"Outros\",\"p25_numerodepessoas\":\"20 - 40\",\"p26_numerodepessoas\":\"20 - 40\",\"p27_espacopublico\":\"Espa\\u00e7o p\\u00fablico\",\"p27_espacoemprestadocedido\":\"Espa\\u00e7o emprestado\\\/cedido\",\"p27_espacoproprio\":\"Espa\\u00e7o pr\\u00f3prio\",\"p28_territorios\":\"Atua\\u00e7\\u00e3o Nacional\",\"p30_outrasorganizacoes\":\"Sim\",\"p32_campanhadelongaduracao\":\"N\\u00e3o\",\"p34_municipal\":\"Municipal\",\"p34_estadual\":\"Estadual\",\"p34_nacional\":\"Nacional\",\"p34_internacional\":\"Internacional\",\"p36_conselhosdeparticipacaoecontrolesocial\":\"Sim\",\"p38_sim\":\"Sim\",\"p38_nenhum\":\"Nenhum\",\"p40_editais\":\"Sim\",\"p41_publicoestatal\":\"P\\u00fablico-Estatal\",\"p41_privadopf\":\"Privado (P. F\\u00edsica)\",\"p41_privadopj\":\"Privado (P. Jur\\u00eddica)\",\"p41_financiamentocoletivo0\":\"Financiamento coletivo\",\"p42_meiodedivulgacaoproprio\":\"Sim\",\"p43_email\":\"E-mail\",\"p43_facebook\":\"Facebook\",\"p43_whatsapp\":\"WhatApp\",\"p43_instagram\":\"Instagram\",\"p43_sitesblogs\":\"Blogs\\\/sites\",\"p44_radio\":\"R\\u00e1dio\",\"p44_jornaisimpressosdegrandecirculacao\":\"Jornais impressos de grande circula\\u00e7\\u00e3o\",\"p44_jornaisimpressosdebairro\":\"Jornais impressos de bairro\",\"p44_sitesblogs\":\"Sites ou Blogs\",\"p39_publico\":\"MULHERES-NEGRAS JOVENS-NEGRAS SITUA\\u00c7\\u00c3O-DE VULNERABILIDADE-ECON\\u00d4MICA\",\"p45_bandeira\":\"EMPODERAMENTO MULHERES-NEGRAS FEMINISMO-NEGRO PAUTAS-RACIAIS CONTRA-VIOL\\u00caNCIA-DE-GENERO VALORIZA\\u00c7\\u00c3O CULTURA-AFROBRASILEIRA\",\"p46_hashtags\":\"#VALORESAFROCIVILIZATORIOS #EMPODERAMENTODEMULHERESNEGRAS #CONTRAAVIOLENCIABASEADAEMGENERO\"},{\"p1_eixo\":\"Trabalho\",\"p9_tipoorganizacao\":\"Associa\\u00e7\\u00e3o\",\"p12_uf\":\"MS\",\"p13_cidade\":\"CORUMB\\u00c1\",\"p17_ano\":\"2006\",\"p16_estado\":\"Estado\",\"p18_comunicacao\":\"Comunica\\u00e7\\u00e3o\",\"p18_difusaoartistica\":\"Difus\\u00e3o Art\\u00edstica\",\"p18_desenvolvimentoterritorial\":\"Desenvolvimento territorial\",\"p18_direitoshumanos\":\"Direitos humanos\",\"p18_educacao\":\"Educa\\u00e7\\u00e3o\",\"p18_feminismos\":\"Feminismos\",\"p18_lgbtqi\":\"LGBTQI\",\"p18_lutaantirracismo\":\"Luta antirracismo\",\"p18_mobilidade\":\"Mobilidade\",\"p18_moradia\":\"Moradia\",\"p18_povosecomunidadestradicionais\":\"Povos e comunidades tradicionais\",\"p18_trabalho\":\"Trabalho\",\"p18_saude\":\"Sa\\u00fade\",\"p18_violencia\":\"Viol\\u00eancia\",\"p18_politicasculturais\":\"Pol\\u00edticas Culturais\",\"p19_desenvolvimentoterritorial\":\"Desenvolvimento territorial\",\"p19_direitoshumanos\":\"Direitos humanos\",\"p19_lutaantirracismo\":\"Luta antirracismo\",\"p19_povosecomunidadestradicionais\":\"Povos e comunidades tradicionais\",\"p19_trabalho\":\"Trabalho\",\"p20_reunioes\":\"Reuni\\u00f5es\",\"p20_atendimento\":\"Atendimento\",\"p20_oficinas\":\"Oficinas\",\"p20_oficinasaulasartisticas\":\"Ensaios\\\/Oficinas\\\/Aulas art\\u00edsticas\",\"p20_profissionalizacao\":\"Profissionaliza\\u00e7\\u00e3o\",\"p20_apresentacoesartisticas\":\"Apresenta\\u00e7\\u00f5es art\\u00edsticas\",\"p20_visitasexcursoes\":\"Visitas\\\/Excurs\\u00f5es\",\"p21_repressaopolicial\":\"Repress\\u00e3o policial\",\"p21_intoleranciareligiosa\":\"Fundamentalistamo\\\/intoler\\u00e2ncia religiosa\",\"p21_xenofobia\":\"Xenofobia\",\"p21_machismo\":\"Machismo\",\"p21_racismo\":\"Racismo\",\"p21_lgbtqifobia\":\"LGBTIfobia\",\"p22_numerodeparticipantes\":\"15 - 30\",\"p23_reunioes\":\"Reuni\\u00f5es\",\"p23_oficinas\":\"Oficinas\",\"p23_oficinasaulasartisticas\":\"Ensaio\\\/Oficinas\\\/Aulas Art\\u00edsticas\",\"p23_outros\":\"Outros\",\"p24_reunioes\":\"Reuni\\u00f5es\",\"p24_atendimento\":\"Atendimentos\",\"p24_oficinas\":\"Oficinas\",\"p24_profissionalizacao\":\"Profissionaliza\\u00e7\\u00e3o\",\"p24_apresentacoesartisticas\":\"Apresenta\\u00e7\\u00f5es art\\u00edsticas\",\"p24_visitasexcursoes\":\"Visitas\\\/Excurs\\u00f5es\",\"p24_outros\":\"Outros\",\"p25_numerodepessoas\":\"1 - 20\",\"p26_numerodepessoas\":\"20 - 40\",\"p27_espacoemprestadocedido\":\"Espa\\u00e7o emprestado\\\/cedido\",\"p27_espacoproprio\":\"Espa\\u00e7o pr\\u00f3prio\",\"p27_ocupacao\":\"Ocupa\\u00e7\\u00e3o\",\"p28_territorios\":\"Cidade\",\"p30_outrasorganizacoes\":\"N\\u00e3o\",\"p32_campanhadelongaduracao\":\"N\\u00e3o\",\"p34_municipal\":\"Municipal\",\"p34_estadual\":\"Estadual\",\"p34_nacional\":\"Nacional\",\"p34_nenhuma\":\"Nenhuma\",\"p36_conselhosdeparticipacaoecontrolesocial\":\"Sim\",\"p38_nenhum\":\"Nenhum\",\"p40_editais\":\"N\\u00e3o\",\"p41_financiamentocoletivo0\":\"Financiamento coletivo\",\"p42_meiodedivulgacaoproprio\":\"Sim\",\"p43_email\":\"E-mail\",\"p43_facebook\":\"Facebook\",\"p43_whatsapp\":\"WhatApp\",\"p43_instagram\":\"Instagram\",\"p44_radio\":\"R\\u00e1dio\",\"p44_jornaisimpressosdegrandecirculacao\":\"Jornais impressos de grande circula\\u00e7\\u00e3o\",\"p44_jornaisimpressosdebairro\":\"Jornais impressos de bairro\",\"p44_nenhum\":\"Nenhum\",\"p39_publico\":\"PESSOAS NEGRAS\",\"p45_bandeira\":\"MULHER-NEGRA POPULA\\u00c7\\u00d5ES-TRADICIONAIS\",\"p46_hashtags\":\"#DIREITOSHUMANOS #LUTAPELACIDADANIA #POVOSTRADICIONAIS\"},{\"p1_eixo\":\"Cultura\",\"p9_tipoorganizacao\":\"Coletivo Art\\u00edstico\",\"p12_uf\":\"DF\",\"p13_cidade\":\"CEIL\\u00c2NDIA\",\"p16_cidade\":\"Cidade\",\"p17_ano\":\"2021\",\"p16_estado\":\"Estado\",\"p18_comunicacao\":\"Comunica\\u00e7\\u00e3o\",\"p18_difusaoartistica\":\"Difus\\u00e3o Art\\u00edstica\",\"p18_desenvolvimentoterritorial\":\"Desenvolvimento territorial\",\"p18_direitoshumanos\":\"Direitos humanos\",\"p18_educacao\":\"Educa\\u00e7\\u00e3o\",\"p18_feminismos\":\"Feminismos\",\"p18_lgbtqi\":\"LGBTQI\",\"p18_lutaantirracismo\":\"Luta antirracismo\",\"p18_mobilidade\":\"Mobilidade\",\"p18_moradia\":\"Moradia\",\"p18_povosecomunidadestradicionais\":\"Povos e comunidades tradicionais\",\"p18_trabalho\":\"Trabalho\",\"p18_saude\":\"Sa\\u00fade\",\"p18_violencia\":\"Viol\\u00eancia\",\"p18_politicasculturais\":\"Pol\\u00edticas Culturais\",\"p19_desenvolvimentoterritorial\":\"Desenvolvimento territorial\",\"p19_direitoshumanos\":\"Direitos humanos\",\"p19_lutaantirracismo\":\"Luta antirracismo\",\"p19_trabalho\":\"Trabalho\",\"p19_saude\":\"Sa\\u00fade\",\"p19_violencia\":\"Viol\\u00eancia\",\"p20_reunioes\":\"Reuni\\u00f5es\",\"p20_atendimento\":\"Atendimento\",\"p20_oficinas\":\"Oficinas\",\"p20_oficinasaulasartisticas\":\"Ensaios\\\/Oficinas\\\/Aulas art\\u00edsticas\",\"p20_cursos\":\"Cursos\",\"p20_apresentacoesartisticas\":\"Apresenta\\u00e7\\u00f5es art\\u00edsticas\",\"p20_visitasexcursoes\":\"Visitas\\\/Excurs\\u00f5es\",\"p21_repressaopolicial\":\"Repress\\u00e3o policial\",\"p21_intoleranciareligiosa\":\"Fundamentalistamo\\\/intoler\\u00e2ncia religiosa\",\"p21_xenofobia\":\"Xenofobia\",\"p21_machismo\":\"Machismo\",\"p21_racismo\":\"Racismo\",\"p21_lgbtqifobia\":\"LGBTIfobia\",\"p22_numerodeparticipantes\":\"15 - 30\",\"p23_reunioes\":\"Reuni\\u00f5es\",\"p23_atendimento\":\"Atendimento\",\"p23_oficinas\":\"Oficinas\",\"p23_oficinasaulasartisticas\":\"Ensaio\\\/Oficinas\\\/Aulas Art\\u00edsticas\",\"p23_cursos\":\"Cursos\",\"p23_outros\":\"Outros\",\"p24_reunioes\":\"Reuni\\u00f5es\",\"p24_apresentacoesartisticas\":\"Apresenta\\u00e7\\u00f5es art\\u00edsticas\",\"p24_visitasexcursoes\":\"Visitas\\\/Excurs\\u00f5es\",\"p24_outros\":\"Outros\",\"p25_numerodepessoas\":\"Mais de 500\",\"p26_numerodepessoas\":\"Mais de 500\",\"p27_espacoemprestadocedido\":\"Espa\\u00e7o emprestado\\\/cedido\",\"p27_espacoproprio\":\"Espa\\u00e7o pr\\u00f3prio\",\"p27_ocupacao\":\"Ocupa\\u00e7\\u00e3o\",\"p28_territorios\":\"Cidade\",\"p30_outrasorganizacoes\":\"N\\u00e3o\",\"p32_campanhadelongaduracao\":\"Sim\",\"p34_estadual\":\"Estadual\",\"p34_nenhuma\":\"Nenhuma\",\"p36_conselhosdeparticipacaoecontrolesocial\":\"N\\u00e3o\",\"p38_nenhum\":\"Nenhum\",\"p40_editais\":\"N\\u00e3o\",\"p41_publicoestatal\":\"P\\u00fablico-Estatal\",\"p41_financiamentocoletivo0\":\"Financiamento coletivo\",\"p42_meiodedivulgacaoproprio\":\"Sim\",\"p43_email\":\"E-mail\",\"p43_facebook\":\"Facebook\",\"p43_whatsapp\":\"WhatApp\",\"p43_instagram\":\"Instagram\",\"p44_radio\":\"TV\",\"p44_jornaisimpressosdebairro\":\"Jornais impressos de bairro\",\"p44_sitesblogs\":\"Sites ou Blogs\",\"p44_nenhum\":\"Nenhum\",\"p39_publico\":\"P\\u00daBLICO-DIVERSO\",\"p45_bandeira\":\"CONTRA-RACISMO LUTA CONTRA-HOMOFOBIA CONTRA-DISCRIMINA\\u00c7\\u00c3O\",\"p46_hashtags\":\"#CONTRAORACISMO #CONTRAHOMOFOBIA #CONTRAOTRABALHOINFANTIL\"},{\"p1_eixo\":\"Viol\\u00eancia\",\"p9_tipoorganizacao\":\"ONG\",\"p12_uf\":\"PR\",\"p13_cidade\":\"UMUARAMA\",\"p16_cidade\":\"Cidade\",\"p16_nacional\":\"Nacional\",\"p17_ano\":\"2000\",\"p18_comunicacao\":\"Comunica\\u00e7\\u00e3o\",\"p18_difusaoartistica\":\"Difus\\u00e3o Art\\u00edstica\",\"p18_desenvolvimentoterritorial\":\"Desenvolvimento territorial\",\"p18_direitoshumanos\":\"Direitos humanos\",\"p18_educacao\":\"Educa\\u00e7\\u00e3o\",\"p18_feminismos\":\"Feminismos\",\"p18_lgbtqi\":\"LGBTQI\",\"p18_lutaantirracismo\":\"Luta antirracismo\",\"p18_mobilidade\":\"Mobilidade\",\"p18_moradia\":\"Moradia\",\"p18_povosecomunidadestradicionais\":\"Povos e comunidades tradicionais\",\"p18_trabalho\":\"Trabalho\",\"p18_religiao\":\"Religi\\u00e3o\",\"p18_saude\":\"Sa\\u00fade\",\"p18_violencia\":\"Viol\\u00eancia\",\"p18_politicasculturais\":\"Pol\\u00edticas Culturais\",\"p19_direitoshumanos\":\"Direitos humanos\",\"p19_lutaantirracismo\":\"Luta antirracismo\",\"p19_saude\":\"Sa\\u00fade\",\"p19_violencia\":\"Viol\\u00eancia\",\"p20_reunioes\":\"Reuni\\u00f5es\",\"p20_atendimento\":\"Atendimento\",\"p20_oficinas\":\"Oficinas\",\"p20_cursos\":\"Cursos\",\"p20_apresentacoesartisticas\":\"Apresenta\\u00e7\\u00f5es art\\u00edsticas\",\"p21_repressaopolicial\":\"Repress\\u00e3o policial\",\"p21_intoleranciareligiosa\":\"Fundamentalistamo\\\/intoler\\u00e2ncia religiosa\",\"p21_xenofobia\":\"Xenofobia\",\"p21_machismo\":\"Machismo\",\"p21_racismo\":\"Racismo\",\"p21_lgbtqifobia\":\"LGBTIfobia\",\"p22_numerodeparticipantes\":\"15 - 30\",\"p23_reunioes\":\"Reuni\\u00f5es\",\"p23_atendimento\":\"Atendimento\",\"p23_oficinas\":\"Oficinas\",\"p23_cursos\":\"Cursos\",\"p23_apresentacoesartisticas\":\"Apresenta\\u00e7\\u00f5es Art\\u00edsticas\",\"p23_outros\":\"Outros\",\"p24_apresentacoesartisticas\":\"Apresenta\\u00e7\\u00f5es art\\u00edsticas\",\"p24_outros\":\"Outros\",\"p25_numerodepessoas\":\"1 - 20\",\"p26_numerodepessoas\":\"300 - 400\",\"p27_espacoproprio\":\"Espa\\u00e7o pr\\u00f3prio\",\"p28_territorios\":\"Cidade\",\"p30_outrasorganizacoes\":\"Sim\",\"p32_campanhadelongaduracao\":\"Sim\",\"p34_estadual\":\"Estadual\",\"p34_nenhuma\":\"Nenhuma\",\"p36_conselhosdeparticipacaoecontrolesocial\":\"Sim\",\"p38_nenhum\":\"Nenhum\",\"p40_editais\":\"Sim\",\"p41_publicoestatal\":\"P\\u00fablico-Estatal\",\"p42_meiodedivulgacaoproprio\":\"Sim\",\"p43_email\":\"E-mail\",\"p43_facebook\":\"Facebook\",\"p43_whatsapp\":\"WhatApp\",\"p43_instagram\":\"Instagram\",\"p44_radio\":\"TV\",\"p44_jornaisimpressosdebairro\":\"Jornais impressos de bairro\",\"p44_sitesblogs\":\"Sites ou Blogs\",\"p44_nenhum\":\"Nenhum\",\"p39_publico\":\"PESSOAS-COM-IST'S LGBTQIAP+ MULHERES-V\\u00cdTIMAS-DE-VIOL\\u00caNCIA MULHERES-NEGRAS\",\"p45_bandeira\":\"CONTRA-PRECONCEITO HIV-AIDS ANTISSEXISTA ANTIRRACISMO INCLUS\\u00c3O INCLUS\\u00c3O-FAMILIAR EDUCA\\u00c7\\u00c3O CULTURA\",\"p46_hashtags\":\"#GARANTIADEDIREITOS #NAOAOPRECONCEITOHIVAIDS #MULHERESPORMAISDIREITOS\"},{\"p1_eixo\":\"Cultura\",\"p9_tipoorganizacao\":\"Movimento Social\",\"p12_uf\":\"RS\",\"p13_cidade\":\"PELOTAS\",\"p16_nacional\":\"Nacional\",\"p16_internacional\":\"Internacional\",\"p17_ano\":\"2002\",\"p18_comunicacao\":\"Comunica\\u00e7\\u00e3o\",\"p18_difusaoartistica\":\"Difus\\u00e3o Art\\u00edstica\",\"p18_desenvolvimentoterritorial\":\"Desenvolvimento territorial\",\"p18_direitoshumanos\":\"Direitos humanos\",\"p18_educacao\":\"Educa\\u00e7\\u00e3o\",\"p18_feminismos\":\"Feminismos\",\"p18_lgbtqi\":\"LGBTQI\",\"p18_lutaantirracismo\":\"Luta antirracismo\",\"p18_mobilidade\":\"Mobilidade\",\"p18_moradia\":\"Moradia\",\"p18_povosecomunidadestradicionais\":\"Povos e comunidades tradicionais\",\"p18_trabalho\":\"Trabalho\",\"p18_religiao\":\"Religi\\u00e3o\",\"p18_saude\":\"Sa\\u00fade\",\"p18_violencia\":\"Viol\\u00eancia\",\"p18_politicasculturais\":\"Pol\\u00edticas Culturais\",\"p19_lutaantirracismo\":\"Luta antirracismo\",\"p19_religiao\":\"Religi\\u00e3o\",\"p19_saude\":\"Sa\\u00fade\",\"p19_violencia\":\"Viol\\u00eancia\",\"p19_difusaoartistica\":\"Difus\\u00e3o Art\\u00edstica\",\"p20_reunioes\":\"Reuni\\u00f5es\",\"p20_oficinas\":\"Oficinas\",\"p20_apresentacoesartisticas\":\"Apresenta\\u00e7\\u00f5es art\\u00edsticas\",\"p21_repressaopolicial\":\"Repress\\u00e3o policial\",\"p21_intoleranciareligiosa\":\"Fundamentalistamo\\\/intoler\\u00e2ncia religiosa\",\"p21_xenofobia\":\"Xenofobia\",\"p21_machismo\":\"Machismo\",\"p21_racismo\":\"Racismo\",\"p21_lgbtqifobia\":\"LGBTIfobia\",\"p22_numerodeparticipantes\":\"15 - 30\",\"p23_reunioes\":\"Reuni\\u00f5es\",\"p23_oficinas\":\"Oficinas\",\"p23_apresentacoesartisticas\":\"Apresenta\\u00e7\\u00f5es Art\\u00edsticas\",\"p23_outros\":\"Outros\",\"p24_oficinas\":\"Oficinas\",\"p24_oficinasaulasartisticas\":\"Ensaios\\\/Oficinas\\\/Aulas art\\u00edsticas\",\"p24_formacao\":\"Forma\\u00e7\\u00e3o\",\"p24_apresentacoesartisticas\":\"Apresenta\\u00e7\\u00f5es art\\u00edsticas\",\"p24_visitasexcursoes\":\"Visitas\\\/Excurs\\u00f5es\",\"p25_numerodepessoas\":\"1 - 20\",\"p26_numerodepessoas\":\"1 - 20\",\"p27_espacopublico\":\"Espa\\u00e7o p\\u00fablico\",\"p27_espacoproprio\":\"Espa\\u00e7o pr\\u00f3prio\",\"p28_territorios\":\"Pr\\u00f3prio bairro\",\"p30_outrasorganizacoes\":\"Sim\",\"p32_campanhadelongaduracao\":\"Sim\",\"p34_nenhuma\":\"Nenhuma\",\"p36_conselhosdeparticipacaoecontrolesocial\":\"N\\u00e3o\",\"p38_sim\":\"Sim\",\"p38_nenhum\":\"Nenhum\",\"p40_editais\":\"Sim\",\"p41_publicoestatal\":\"P\\u00fablico-Estatal\",\"p41_financiamentocoletivo0\":\"Financiamento coletivo\",\"p42_meiodedivulgacaoproprio\":\"Sim\",\"p43_facebook\":\"Facebook\",\"p43_whatsapp\":\"WhatApp\",\"p43_nenhum\":\"Nenhum\",\"p44_radio\":\"R\\u00e1dio\",\"p44_nenhum\":\"Nenhum\",\"p39_publico\":\"CRIAN\\u00c7AS ADOLESCENTES FAM\\u00cdLIAS\",\"p45_bandeira\":\"CONTRA-RACISMO CONTRA-XENOFOBIA CONTRA-HOMOFOBIA CONTRA-PRECONCEITO-RELIGIOSO\",\"p46_hashtags\":\"#CONTRAORACISMO #CONTRAAFOME #CONTRADESIGUALDADE \"},{\"p1_eixo\":\"Cultura\",\"p9_tipoorganizacao\":\"Movimento Social\",\"p12_uf\":\"AC\",\"p13_cidade\":\"SENA MADUREIRA\",\"p16_bairro\":\"Bairro\",\"p16_internacional\":\"Internacional\",\"p17_ano\":\"1992\",\"p18_comunicacao\":\"Comunica\\u00e7\\u00e3o\",\"p18_difusaoartistica\":\"Difus\\u00e3o Art\\u00edstica\",\"p18_desenvolvimentoterritorial\":\"Desenvolvimento territorial\",\"p18_direitoshumanos\":\"Direitos humanos\",\"p18_educacao\":\"Educa\\u00e7\\u00e3o\",\"p18_feminismos\":\"Feminismos\",\"p18_lgbtqi\":\"LGBTQI\",\"p18_lutaantirracismo\":\"Luta antirracismo\",\"p18_mobilidade\":\"Mobilidade\",\"p18_povosecomunidadestradicionais\":\"Povos e comunidades tradicionais\",\"p18_trabalho\":\"Trabalho\",\"p18_religiao\":\"Religi\\u00e3o\",\"p18_saude\":\"Sa\\u00fade\",\"p18_violencia\":\"Viol\\u00eancia\",\"p18_politicasculturais\":\"Pol\\u00edticas Culturais\",\"p19_educacao\":\"Educa\\u00e7\\u00e3o\",\"p19_lutaantirracismo\":\"Luta antirracismo\",\"p19_religiao\":\"Religi\\u00e3o\",\"p19_saude\":\"Sa\\u00fade\",\"p19_difusaoartistica\":\"Difus\\u00e3o Art\\u00edstica\",\"p20_reunioes\":\"Reuni\\u00f5es\",\"p20_oficinas\":\"Oficinas\",\"p20_cursos\":\"Cursos\",\"p20_formacao\":\"Forma\\u00e7\\u00e3o\",\"p20_profissionalizacao\":\"Profissionaliza\\u00e7\\u00e3o\",\"p20_apresentacoesartisticas\":\"Apresenta\\u00e7\\u00f5es art\\u00edsticas\",\"p21_repressaopolicial\":\"Repress\\u00e3o policial\",\"p21_intoleranciareligiosa\":\"Fundamentalistamo\\\/intoler\\u00e2ncia religiosa\",\"p21_xenofobia\":\"Xenofobia\",\"p21_machismo\":\"Machismo\",\"p21_racismo\":\"Racismo\",\"p21_lgbtqifobia\":\"LGBTIfobia\",\"p22_numerodeparticipantes\":\"15 - 30\",\"p23_reunioes\":\"Reuni\\u00f5es\",\"p23_oficinas\":\"Oficinas\",\"p23_cursos\":\"Cursos\",\"p23_formacao\":\"Forma\\u00e7\\u00e3o\",\"p23_profissionalizacao\":\"Profissionaliza\\u00e7\\u00e3o\",\"p23_outros\":\"Outros\",\"p24_oficinas\":\"Oficinas\",\"p24_oficinasaulasartisticas\":\"Ensaios\\\/Oficinas\\\/Aulas art\\u00edsticas\",\"p24_formacao\":\"Forma\\u00e7\\u00e3o\",\"p24_apresentacoesartisticas\":\"Apresenta\\u00e7\\u00f5es art\\u00edsticas\",\"p24_visitasexcursoes\":\"Visitas\\\/Excurs\\u00f5es\",\"p25_numerodepessoas\":\"1 - 20\",\"p26_numerodepessoas\":\"100 - 200\",\"p27_espacopublico\":\"Espa\\u00e7o p\\u00fablico\",\"p27_espacoproprio\":\"Espa\\u00e7o pr\\u00f3prio\",\"p28_territorios\":\"Cidade\",\"p30_outrasorganizacoes\":\"Sim\",\"p32_campanhadelongaduracao\":\"N\\u00e3o\",\"p34_nenhuma\":\"Nenhuma\",\"p36_conselhosdeparticipacaoecontrolesocial\":\"Sim\",\"p38_sim\":\"Sim\",\"p38_nenhum\":\"Nenhum\",\"p40_editais\":\"N\\u00e3o\",\"p41_financiamentocoletivo0\":\"Financiamento coletivo\",\"p42_meiodedivulgacaoproprio\":\"N\\u00e3o\",\"p43_facebook\":\"Facebook\",\"p43_instagram\":\"Instagram\",\"p43_youtube\":\"YouTube\",\"p43_nenhum\":\"Nenhum\",\"p44_radio\":\"R\\u00e1dio\",\"p44_redessociais\":\"Redes sociais (Facebook, YouTube, Instagram etc.)\",\"p39_publico\":\"TODOS\",\"p45_bandeira\":\"IGUALDADE\",\"p46_hashtags\":\"#RESPEITOEHUMILDADE #MAISIGUALDADE #MAISAMOR\"},{\"p1_eixo\":\"Trabalho\",\"p9_tipoorganizacao\":\"Coletivo\",\"p12_uf\":\"RS\",\"p13_cidade\":\"PELOTAS\",\"p16_bairro\":\"Bairro\",\"p17_ano\":\"2022\",\"p18_agrario\":\"Agr\\u00e1rio\\\/ruralidades\",\"p18_comunicacao\":\"Comunica\\u00e7\\u00e3o\",\"p18_difusaoartistica\":\"Difus\\u00e3o Art\\u00edstica\",\"p18_desenvolvimentoterritorial\":\"Desenvolvimento territorial\",\"p18_direitoshumanos\":\"Direitos humanos\",\"p18_educacao\":\"Educa\\u00e7\\u00e3o\",\"p18_feminismos\":\"Feminismos\",\"p18_lutaantirracismo\":\"Luta antirracismo\",\"p18_mobilidade\":\"Mobilidade\",\"p18_moradia\":\"Moradia\",\"p18_povosecomunidadestradicionais\":\"Povos e comunidades tradicionais\",\"p18_trabalho\":\"Trabalho\",\"p18_religiao\":\"Religi\\u00e3o\",\"p18_saude\":\"Sa\\u00fade\",\"p18_violencia\":\"Viol\\u00eancia\",\"p18_politicasculturais\":\"Pol\\u00edticas Culturais\",\"p19_educacao\":\"Educa\\u00e7\\u00e3o\",\"p19_lutaantirracismo\":\"Luta antirracismo\",\"p19_saude\":\"Sa\\u00fade\",\"p19_violencia\":\"Viol\\u00eancia\",\"p19_difusaoartistica\":\"Difus\\u00e3o Art\\u00edstica\",\"p20_reunioes\":\"Reuni\\u00f5es\",\"p20_oficinas\":\"Oficinas\",\"p20_cursos\":\"Cursos\",\"p20_formacao\":\"Forma\\u00e7\\u00e3o\",\"p20_profissionalizacao\":\"Profissionaliza\\u00e7\\u00e3o\",\"p21_intoleranciareligiosa\":\"Fundamentalistamo\\\/intoler\\u00e2ncia religiosa\",\"p21_xenofobia\":\"Xenofobia\",\"p21_machismo\":\"Machismo\",\"p21_racismo\":\"Racismo\",\"p21_lgbtqifobia\":\"LGBTIfobia\",\"p22_numerodeparticipantes\":\"60 - 75\",\"p23_reunioes\":\"Reuni\\u00f5es\",\"p23_oficinas\":\"Oficinas\",\"p23_cursos\":\"Cursos\",\"p23_formacao\":\"Forma\\u00e7\\u00e3o\",\"p23_profissionalizacao\":\"Profissionaliza\\u00e7\\u00e3o\",\"p23_outros\":\"Outros\",\"p24_reunioes\":\"Reuni\\u00f5es\",\"p24_oficinas\":\"Oficinas\",\"p24_visitasexcursoes\":\"Visitas\\\/Excurs\\u00f5es\",\"p24_outros\":\"Outros\",\"p25_numerodepessoas\":\"200 - 300\",\"p26_numerodepessoas\":\"1 - 20\",\"p27_espacoemprestadocedido\":\"Espa\\u00e7o emprestado\\\/cedido\",\"p27_espacoproprio\":\"Espa\\u00e7o pr\\u00f3prio\",\"p28_territorios\":\"Pr\\u00f3prio bairro\",\"p30_outrasorganizacoes\":\"N\\u00e3o\",\"p32_campanhadelongaduracao\":\"Sim\",\"p34_nenhuma\":\"Nenhuma\",\"p36_conselhosdeparticipacaoecontrolesocial\":\"Sim\",\"p38_nenhum\":\"Nenhum\",\"p40_editais\":\"N\\u00e3o\",\"p41_autofinanciamento\":\"Auto-financiamento\",\"p41_financiamentocoletivo0\":\"Financiamento coletivo\",\"p42_meiodedivulgacaoproprio\":\"Sim\",\"p43_facebook\":\"Facebook\",\"p43_instagram\":\"Instagram\",\"p43_youtube\":\"YouTube\",\"p44_radio\":\"R\\u00e1dio\",\"p44_jornaisimpressosdebairro\":\"Jornais impressos de bairro\",\"p44_redessociais\":\"Redes sociais (Facebook, YouTube, Instagram etc.)\",\"p39_publico\":\"SITUA\\u00c7\\u00c3O-DE-VULNERABILIDADE-SOCIAL\",\"p45_bandeira\":\"UNI\\u00c3O LIBERDADE\",\"p46_hashtags\":\"#UNIAO #COMPANHEIRISMO #PARCERIA \"},{\"p1_eixo\":\"Cultura\",\"p9_tipoorganizacao\":\"Movimento Social\",\"p12_uf\":\"RS\",\"p13_cidade\":\"PELOTAS \",\"p16_bairro\":\"Bairro\",\"p17_ano\":\"2001\",\"p16_estado\":\"Estado\",\"p18_agrario\":\"Agr\\u00e1rio\\\/ruralidades\",\"p18_comunicacao\":\"Comunica\\u00e7\\u00e3o\",\"p18_difusaoartistica\":\"Difus\\u00e3o Art\\u00edstica\",\"p18_desenvolvimentoterritorial\":\"Desenvolvimento territorial\",\"p18_direitoshumanos\":\"Direitos humanos\",\"p18_educacao\":\"Educa\\u00e7\\u00e3o\",\"p18_feminismos\":\"Feminismos\",\"p18_lutaantirracismo\":\"Luta antirracismo\",\"p18_mobilidade\":\"Mobilidade\",\"p18_moradia\":\"Moradia\",\"p18_povosecomunidadestradicionais\":\"Povos e comunidades tradicionais\",\"p18_trabalho\":\"Trabalho\",\"p18_religiao\":\"Religi\\u00e3o\",\"p18_saude\":\"Sa\\u00fade\",\"p18_violencia\":\"Viol\\u00eancia\",\"p18_politicasculturais\":\"Pol\\u00edticas Culturais\",\"p19_educacao\":\"Educa\\u00e7\\u00e3o\",\"p19_feminismos\":\"Feminismos\",\"p19_lutaantirracismo\":\"Luta antirracismo\",\"p19_violencia\":\"Viol\\u00eancia\",\"p20_reunioes\":\"Reuni\\u00f5es\",\"p20_oficinas\":\"Oficinas\",\"p20_oficinasaulasartisticas\":\"Ensaios\\\/Oficinas\\\/Aulas art\\u00edsticas\",\"p20_cursos\":\"Cursos\",\"p20_formacao\":\"Forma\\u00e7\\u00e3o\",\"p20_profissionalizacao\":\"Profissionaliza\\u00e7\\u00e3o\",\"p20_apresentacoesartisticas\":\"Apresenta\\u00e7\\u00f5es art\\u00edsticas\",\"p21_intoleranciareligiosa\":\"Fundamentalistamo\\\/intoler\\u00e2ncia religiosa\",\"p21_xenofobia\":\"Xenofobia\",\"p21_machismo\":\"Machismo\",\"p21_racismo\":\"Racismo\",\"p21_lgbtqifobia\":\"LGBTIfobia\",\"p22_numerodeparticipantes\":\"1  - 15\",\"p23_reunioes\":\"Reuni\\u00f5es\",\"p23_cursos\":\"Cursos\",\"p23_outros\":\"Outros\",\"p24_reunioes\":\"Reuni\\u00f5es\",\"p24_oficinas\":\"Oficinas\",\"p24_oficinasaulasartisticas\":\"Ensaios\\\/Oficinas\\\/Aulas art\\u00edsticas\",\"p24_formacao\":\"Forma\\u00e7\\u00e3o\",\"p24_profissionalizacao\":\"Profissionaliza\\u00e7\\u00e3o\",\"p24_apresentacoesartisticas\":\"Apresenta\\u00e7\\u00f5es art\\u00edsticas\",\"p24_visitasexcursoes\":\"Visitas\\\/Excurs\\u00f5es\",\"p24_outros\":\"Outros\",\"p25_numerodepessoas\":\"1 - 20\",\"p26_numerodepessoas\":\"40 - 60\",\"p27_espacoemprestadocedido\":\"Espa\\u00e7o emprestado\\\/cedido\",\"p27_espacoproprio\":\"Espa\\u00e7o pr\\u00f3prio\",\"p28_territorios\":\"Pr\\u00f3prio bairro\",\"p30_outrasorganizacoes\":\"N\\u00e3o\",\"p32_campanhadelongaduracao\":\"Sim\",\"p34_estadual\":\"Estadual\",\"p34_nenhuma\":\"Nenhuma\",\"p36_conselhosdeparticipacaoecontrolesocial\":\"N\\u00e3o\",\"p38_sim\":\"Sim\",\"p38_nenhum\":\"Nenhum\",\"p40_editais\":\"N\\u00e3o\",\"p41_publicoestatal\":\"P\\u00fablico-Estatal\",\"p41_autofinanciamento\":\"Auto-financiamento\",\"p42_meiodedivulgacaoproprio\":\"Sim\",\"p43_facebook\":\"Facebook\",\"p43_instagram\":\"Instagram\",\"p44_radio\":\"R\\u00e1dio\",\"p44_jornaisimpressosdegrandecirculacao\":\"Jornais impressos de grande circula\\u00e7\\u00e3o\",\"p44_jornaisimpressosdebairro\":\"Jornais impressos de bairro\",\"p39_publico\":\"ADOLESCENTES\",\"p45_bandeira\":\"CONTRA-VIOL\\u00caNCIA ANTIRRACISMO DEMOCR\\u00c1TICA CULTURA TRANSFORMA\\u00c7\\u00c3O SOCIEDADE\",\"p46_hashtags\":\"#CONTRAVIOLENCIARACIAL #EDUCACAOPARATODOS #TERRITORIALIDADE \"},{\"p1_eixo\":\"Trabalho\",\"p9_tipoorganizacao\":\"Movimento Social\",\"p12_uf\":\"TO\",\"p13_cidade\":\"PORTO NACIONAL, PALMAS, MIRANORTE, MIRACEMA DO TOCATINS, BARRA DA ARUEIRA \",\"p17_ano\":\"1994\",\"p16_estado\":\"Estado\",\"p18_agrario\":\"Agr\\u00e1rio\\\/ruralidades\",\"p18_comunicacao\":\"Comunica\\u00e7\\u00e3o\",\"p18_difusaoartistica\":\"Difus\\u00e3o Art\\u00edstica\",\"p18_desenvolvimentoterritorial\":\"Desenvolvimento territorial\",\"p18_direitoshumanos\":\"Direitos humanos\",\"p18_educacao\":\"Educa\\u00e7\\u00e3o\",\"p18_feminismos\":\"Feminismos\",\"p18_lgbtqi\":\"LGBTQI\",\"p18_lutaantirracismo\":\"Luta antirracismo\",\"p18_mobilidade\":\"Mobilidade\",\"p18_moradia\":\"Moradia\",\"p18_povosecomunidadestradicionais\":\"Povos e comunidades tradicionais\",\"p18_trabalho\":\"Trabalho\",\"p18_religiao\":\"Religi\\u00e3o\",\"p18_saude\":\"Sa\\u00fade\",\"p18_violencia\":\"Viol\\u00eancia\",\"p18_politicasculturais\":\"Pol\\u00edticas Culturais\",\"p19_desenvolvimentoterritorial\":\"Desenvolvimento territorial\",\"p19_educacao\":\"Educa\\u00e7\\u00e3o\",\"p19_feminismos\":\"Feminismos\",\"p19_lutaantirracismo\":\"Luta antirracismo\",\"p19_difusaoartistica\":\"Difus\\u00e3o Art\\u00edstica\",\"p19_politicasculturais\":\"Pol\\u00edticas Culturais\",\"p20_reunioes\":\"Reuni\\u00f5es\",\"p20_oficinas\":\"Oficinas\",\"p20_oficinasaulasartisticas\":\"Ensaios\\\/Oficinas\\\/Aulas art\\u00edsticas\",\"p20_formacao\":\"Forma\\u00e7\\u00e3o\",\"p20_profissionalizacao\":\"Profissionaliza\\u00e7\\u00e3o\",\"p20_apresentacoesartisticas\":\"Apresenta\\u00e7\\u00f5es art\\u00edsticas\",\"p21_intoleranciareligiosa\":\"Fundamentalistamo\\\/intoler\\u00e2ncia religiosa\",\"p21_xenofobia\":\"Xenofobia\",\"p21_machismo\":\"Machismo\",\"p21_racismo\":\"Racismo\",\"p21_lgbtqifobia\":\"LGBTIfobia\",\"p22_numerodeparticipantes\":\"Mais de 90\",\"p23_reunioes\":\"Reuni\\u00f5es\",\"p23_apresentacoesartisticas\":\"Apresenta\\u00e7\\u00f5es Art\\u00edsticas\",\"p23_outros\":\"Outros\",\"p24_reunioes\":\"Reuni\\u00f5es\",\"p24_oficinas\":\"Oficinas\",\"p24_oficinasaulasartisticas\":\"Ensaios\\\/Oficinas\\\/Aulas art\\u00edsticas\",\"p24_curso\":\"Curso\",\"p24_formacao\":\"Forma\\u00e7\\u00e3o\",\"p24_profissionalizacao\":\"Profissionaliza\\u00e7\\u00e3o\",\"p24_apresentacoesartisticas\":\"Apresenta\\u00e7\\u00f5es art\\u00edsticas\",\"p24_visitasexcursoes\":\"Visitas\\\/Excurs\\u00f5es\",\"p24_outros\":\"Outros\",\"p25_numerodepessoas\":\"1 - 20\",\"p26_numerodepessoas\":\"Mais de 500\",\"p27_espacopublico\":\"Espa\\u00e7o p\\u00fablico\",\"p27_espacoemprestadocedido\":\"Espa\\u00e7o emprestado\\\/cedido\",\"p27_virtual\":\"Virtual\",\"p28_territorios\":\"Estado\",\"p30_outrasorganizacoes\":\"Sim\",\"p32_campanhadelongaduracao\":\"N\\u00e3o\",\"p34_estadual\":\"Estadual\",\"p34_nenhuma\":\"Nenhuma\",\"p36_conselhosdeparticipacaoecontrolesocial\":\"Sim\",\"p38_sim\":\"Sim\",\"p40_editais\":\"N\\u00e3o\",\"p41_publicoestatal\":\"P\\u00fablico-Estatal\",\"p41_autofinanciamento\":\"Auto-financiamento\",\"p41_financiamentocoletivo0\":\"Financiamento coletivo\",\"p42_meiodedivulgacaoproprio\":\"Sim\",\"p43_facebook\":\"Facebook\",\"p43_instagram\":\"Instagram\",\"p44_jornaisimpressosdegrandecirculacao\":\"Jornais impressos de grande circula\\u00e7\\u00e3o\",\"p44_jornaisimpressosdebairro\":\"Jornais impressos de bairro\",\"p39_publico\":\"MULHERES JUVENTUDE\",\"p45_bandeira\":\"MULHERES JUVENTUDE-NEGRA VIOL\\u00caNCIA RACISMO\",\"p46_hashtags\":\"#JUVENTUDENEGRAVIVA #NAOAVIOLENCIACONTRAAMULHER #SEMINTOLERANCIARELIGIOSA \"},{\"p1_eixo\":\"Cultura\",\"p9_tipoorganizacao\":\"Coletivo Art\\u00edstico\",\"p12_uf\":\"RR\",\"p13_cidade\":\"BOA VISTA\",\"p17_ano\":\"2021\",\"p16_estado\":\"Estado\",\"p18_agrario\":\"Agr\\u00e1rio\\\/ruralidades\",\"p18_comunicacao\":\"Comunica\\u00e7\\u00e3o\",\"p18_difusaoartistica\":\"Difus\\u00e3o Art\\u00edstica\",\"p18_desenvolvimentoterritorial\":\"Desenvolvimento territorial\",\"p18_direitoshumanos\":\"Direitos humanos\",\"p18_educacao\":\"Educa\\u00e7\\u00e3o\",\"p18_feminismos\":\"Feminismos\",\"p18_lgbtqi\":\"LGBTQI\",\"p18_lutaantirracismo\":\"Luta antirracismo\",\"p18_mobilidade\":\"Mobilidade\",\"p18_moradia\":\"Moradia\",\"p18_povosecomunidadestradicionais\":\"Povos e comunidades tradicionais\",\"p18_trabalho\":\"Trabalho\",\"p18_religiao\":\"Religi\\u00e3o\",\"p18_saude\":\"Sa\\u00fade\",\"p18_violencia\":\"Viol\\u00eancia\",\"p18_politicasculturais\":\"Pol\\u00edticas Culturais\",\"p19_desenvolvimentoterritorial\":\"Desenvolvimento territorial\",\"p19_educacao\":\"Educa\\u00e7\\u00e3o\",\"p19_feminismos\":\"Feminismos\",\"p19_lutaantirracismo\":\"Luta antirracismo\",\"p19_difusaoartistica\":\"Difus\\u00e3o Art\\u00edstica\",\"p19_politicasculturais\":\"Pol\\u00edticas Culturais\",\"p20_reunioes\":\"Reuni\\u00f5es\",\"p20_atendimento\":\"Atendimento\",\"p20_oficinas\":\"Oficinas\",\"p20_formacao\":\"Forma\\u00e7\\u00e3o\",\"p20_apresentacoesartisticas\":\"Apresenta\\u00e7\\u00f5es art\\u00edsticas\",\"p20_visitasexcursoes\":\"Visitas\\\/Excurs\\u00f5es\",\"p21_intoleranciareligiosa\":\"Fundamentalistamo\\\/intoler\\u00e2ncia religiosa\",\"p21_xenofobia\":\"Xenofobia\",\"p21_machismo\":\"Machismo\",\"p21_racismo\":\"Racismo\",\"p21_lgbtqifobia\":\"LGBTIfobia\",\"p22_numerodeparticipantes\":\"1  - 15\",\"p23_reunioes\":\"Reuni\\u00f5es\",\"p23_atendimento\":\"Atendimento\",\"p23_oficinas\":\"Oficinas\",\"p23_formacao\":\"Forma\\u00e7\\u00e3o\",\"p23_apresentacoesartisticas\":\"Apresenta\\u00e7\\u00f5es Art\\u00edsticas\",\"p23_visitas\":\"Visitas\",\"p23_outros\":\"Outros\",\"p24_oficinas\":\"Oficinas\",\"p24_curso\":\"Curso\",\"p24_visitasexcursoes\":\"Visitas\\\/Excurs\\u00f5es\",\"p24_outros\":\"Outros\",\"p25_numerodepessoas\":\"Mais de 500\",\"p26_numerodepessoas\":\"20 - 40\",\"p27_espacopublico\":\"Espa\\u00e7o p\\u00fablico\",\"p27_espacoemprestadocedido\":\"Espa\\u00e7o emprestado\\\/cedido\",\"p27_espacoproprio\":\"Espa\\u00e7o pr\\u00f3prio\",\"p27_virtual\":\"Virtual\",\"p28_territorios\":\"Estado\",\"p30_outrasorganizacoes\":\"Sim\",\"p32_campanhadelongaduracao\":\"Sim\",\"p34_nacional\":\"Nacional\",\"p34_nenhuma\":\"Nenhuma\",\"p36_conselhosdeparticipacaoecontrolesocial\":\"N\\u00e3o\",\"p38_sim\":\"Sim\",\"p40_editais\":\"N\\u00e3o\",\"p41_autofinanciamento\":\"Auto-financiamento\",\"p41_financiamentocoletivo0\":\"Financiamento coletivo\",\"p42_meiodedivulgacaoproprio\":\"Sim\",\"p43_facebook\":\"Facebook\",\"p43_instagram\":\"Instagram\",\"p44_jornaisimpressosdegrandecirculacao\":\"Jornais impressos de grande circula\\u00e7\\u00e3o\",\"p44_jornaisimpressosdebairro\":\"Jornais impressos de bairro\",\"p44_redessociais\":\"Redes sociais (Facebook, YouTube, Instagram etc.)\",\"p44_sitesblogs\":\"Sites ou Blogs\",\"p39_publico\":\"SITUA\\u00c7\\u00c3O-DE-VULNERABILIDADE-SOCIAL\",\"p45_bandeira\":\"DEMOCRATIZA\\u00c7\\u00c3O EDUCA\\u00c7\\u00c3O CULTURA ALIMENTA\\u00c7\\u00c3O CONTRA-INJUSTI\\u00c7A\",\"p46_hashtags\":\"#ACESSOACULTURA #DIREITOAVIDA #LIBERDADEDEEXPRESSAO\"},{\"p1_eixo\":\"Viol\\u00eancia\",\"p9_tipoorganizacao\":\"Movimento Social\",\"p12_uf\":\"MT\",\"p13_cidade\":\"C\\u00c1CERES\",\"p16_cidade\":\"Cidade\",\"p17_ano\":\"2008\",\"p16_estado\":\"Estado\",\"p18_agrario\":\"Agr\\u00e1rio\\\/ruralidades\",\"p18_comunicacao\":\"Comunica\\u00e7\\u00e3o\",\"p18_difusaoartistica\":\"Difus\\u00e3o Art\\u00edstica\",\"p18_desenvolvimentoterritorial\":\"Desenvolvimento territorial\",\"p18_direitoshumanos\":\"Direitos humanos\",\"p18_educacao\":\"Educa\\u00e7\\u00e3o\",\"p18_feminismos\":\"Feminismos\",\"p18_lgbtqi\":\"LGBTQI\",\"p18_lutaantirracismo\":\"Luta antirracismo\",\"p18_mobilidade\":\"Mobilidade\",\"p18_moradia\":\"Moradia\",\"p18_povosecomunidadestradicionais\":\"Povos e comunidades tradicionais\",\"p18_trabalho\":\"Trabalho\",\"p18_religiao\":\"Religi\\u00e3o\",\"p18_saude\":\"Sa\\u00fade\",\"p18_violencia\":\"Viol\\u00eancia\",\"p18_politicasculturais\":\"Pol\\u00edticas Culturais\",\"p19_educacao\":\"Educa\\u00e7\\u00e3o\",\"p19_feminismos\":\"Feminismos\",\"p19_lutaantirracismo\":\"Luta antirracismo\",\"p19_difusaoartistica\":\"Difus\\u00e3o Art\\u00edstica\",\"p20_reunioes\":\"Reuni\\u00f5es\",\"p20_atendimento\":\"Atendimento\",\"p20_oficinas\":\"Oficinas\",\"p20_formacao\":\"Forma\\u00e7\\u00e3o\",\"p20_visitasexcursoes\":\"Visitas\\\/Excurs\\u00f5es\",\"p21_repressaopolicial\":\"Repress\\u00e3o policial\",\"p21_intoleranciareligiosa\":\"Fundamentalistamo\\\/intoler\\u00e2ncia religiosa\",\"p21_xenofobia\":\"Xenofobia\",\"p21_machismo\":\"Machismo\",\"p21_racismo\":\"Racismo\",\"p21_lgbtqifobia\":\"LGBTIfobia\",\"p22_numerodeparticipantes\":\"1  - 15\",\"p23_reunioes\":\"Reuni\\u00f5es\",\"p23_atendimento\":\"Atendimento\",\"p23_oficinas\":\"Oficinas\",\"p23_formacao\":\"Forma\\u00e7\\u00e3o\",\"p23_visitas\":\"Visitas\",\"p23_outros\":\"Outros\",\"p25_numerodepessoas\":\"20 - 40\",\"p26_numerodepessoas\":\"1 - 20\",\"p27_espacopublico\":\"Espa\\u00e7o p\\u00fablico\",\"p27_espacoemprestadocedido\":\"Espa\\u00e7o emprestado\\\/cedido\",\"p27_espacoproprio\":\"Espa\\u00e7o pr\\u00f3prio\",\"p28_territorios\":\"Cidade\",\"p30_outrasorganizacoes\":\"Sim\",\"p32_campanhadelongaduracao\":\"N\\u00e3o\",\"p34_estadual\":\"Estadual\",\"p34_nacional\":\"Nacional\",\"p36_conselhosdeparticipacaoecontrolesocial\":\"N\\u00e3o\",\"p38_sim\":\"Sim\",\"p40_editais\":\"N\\u00e3o\",\"p41_autofinanciamento\":\"Auto-financiamento\",\"p41_financiamentocoletivo0\":\"Financiamento coletivo\",\"p42_meiodedivulgacaoproprio\":\"Sim\",\"p43_facebook\":\"Facebook\",\"p43_instagram\":\"Instagram\",\"p44_radio\":\"TV\",\"p44_jornaisimpressosdebairro\":\"Jornais impressos de bairro\",\"p44_redessociais\":\"Redes sociais (Facebook, YouTube, Instagram etc.)\",\"p44_sitesblogs\":\"Sites ou Blogs\",\"p39_publico\":\"POPULA\\u00c7\\u00c3O-PERIF\\u00c9RICA\",\"p45_bandeira\":\"FORMA\\u00c7\\u00c3O-PROFESSORES ANTIRRACISTA LEI-10639\",\"p46_hashtags\":\"#FORMACAODEPROFESSORES #GEPRERNALUTA #GEPRERRESISTE\"},{\"p1_eixo\":\"Cultura\",\"p9_tipoorganizacao\":\"F\\u00f3rum\",\"p12_uf\":\"SP\",\"p13_cidade\":\"SOROCABA\",\"p16_cidade\":\"Cidade\",\"p17_ano\":\"2015\",\"p16_estado\":\"Estado\",\"p18_agrario\":\"Agr\\u00e1rio\\\/ruralidades\",\"p18_comunicacao\":\"Comunica\\u00e7\\u00e3o\",\"p18_difusaoartistica\":\"Difus\\u00e3o Art\\u00edstica\",\"p18_desenvolvimentoterritorial\":\"Desenvolvimento territorial\",\"p18_direitoshumanos\":\"Direitos humanos\",\"p18_educacao\":\"Educa\\u00e7\\u00e3o\",\"p18_feminismos\":\"Feminismos\",\"p18_lgbtqi\":\"LGBTQI\",\"p18_lutaantirracismo\":\"Luta antirracismo\",\"p18_mobilidade\":\"Mobilidade\",\"p18_moradia\":\"Moradia\",\"p18_povosecomunidadestradicionais\":\"Povos e comunidades tradicionais\",\"p18_trabalho\":\"Trabalho\",\"p18_saude\":\"Sa\\u00fade\",\"p18_violencia\":\"Viol\\u00eancia\",\"p18_politicasculturais\":\"Pol\\u00edticas Culturais\",\"p19_agrario\":\"Agr\\u00e1rio\\\/ruralidades\",\"p19_desenvolvimentoterritorial\":\"Desenvolvimento territorial\",\"p19_educacao\":\"Educa\\u00e7\\u00e3o\",\"p19_feminismos\":\"Feminismos\",\"p19_lutaantirracismo\":\"Luta antirracismo\",\"p19_difusaoartistica\":\"Difus\\u00e3o Art\\u00edstica\",\"p20_reunioes\":\"Reuni\\u00f5es\",\"p20_atendimento\":\"Atendimento\",\"p20_oficinas\":\"Oficinas\",\"p20_cursos\":\"Cursos\",\"p20_formacao\":\"Forma\\u00e7\\u00e3o\",\"p20_apresentacoesartisticas\":\"Apresenta\\u00e7\\u00f5es art\\u00edsticas\",\"p20_visitasexcursoes\":\"Visitas\\\/Excurs\\u00f5es\",\"p21_repressaopolicial\":\"Repress\\u00e3o policial\",\"p21_intoleranciareligiosa\":\"Fundamentalistamo\\\/intoler\\u00e2ncia religiosa\",\"p21_xenofobia\":\"Xenofobia\",\"p21_machismo\":\"Machismo\",\"p21_racismo\":\"Racismo\",\"p21_lgbtqifobia\":\"LGBTIfobia\",\"p22_numerodeparticipantes\":\"Mais de 90\",\"p23_reunioes\":\"Reuni\\u00f5es\",\"p23_atendimento\":\"Atendimento\",\"p23_oficinas\":\"Oficinas\",\"p23_apresentacoesartisticas\":\"Apresenta\\u00e7\\u00f5es Art\\u00edsticas\",\"p23_outros\":\"Outros\",\"p24_reunioes\":\"Reuni\\u00f5es\",\"p24_curso\":\"Curso\",\"p24_formacao\":\"Forma\\u00e7\\u00e3o\",\"p24_outros\":\"Outros\",\"p25_numerodepessoas\":\"100 - 200\",\"p26_numerodepessoas\":\"1 - 20\",\"p27_espacopublico\":\"Espa\\u00e7o p\\u00fablico\",\"p27_espacoemprestadocedido\":\"Espa\\u00e7o emprestado\\\/cedido\",\"p27_espacoproprio\":\"Espa\\u00e7o pr\\u00f3prio\",\"p27_virtual\":\"Virtual\",\"p28_territorios\":\"Cidade\",\"p30_outrasorganizacoes\":\"Sim\",\"p32_campanhadelongaduracao\":\"Sim\",\"p34_estadual\":\"Estadual\",\"p34_nacional\":\"Nacional\",\"p36_conselhosdeparticipacaoecontrolesocial\":\"N\\u00e3o\",\"p38_sim\":\"Sim\",\"p40_editais\":\"N\\u00e3o\",\"p41_financiamentocoletivo0\":\"Financiamento coletivo\",\"p42_meiodedivulgacaoproprio\":\"Sim\",\"p43_email\":\"E-mail\",\"p43_facebook\":\"Facebook\",\"p43_whatsapp\":\"WhatApp\",\"p43_instagram\":\"Instagram\",\"p43_sitesblogs\":\"Blogs\\\/sites\",\"p44_radio\":\"TV\",\"p44_jornaisimpressosdegrandecirculacao\":\"Jornais impressos de grande circula\\u00e7\\u00e3o\",\"p44_jornaisimpressosdebairro\":\"Jornais impressos de bairro\",\"p44_sitesblogs\":\"Sites ou Blogs\",\"p39_publico\":\"POPULA\\u00c7\\u00c3O-PERIF\\u00c9RICA ARTISTAS HIP-HOP\",\"p45_bandeira\":\"ANTIRRACISMO LUTA CULTURA PROTAGONISMO MULHER CONTRA-MACHISMO INCLUS\\u00c3O CULTURA-PERIF\\u00c9RICA\",\"p46_hashtags\":\"#ANTIRRACISMO #EDUCACAO #PROTAGONISMODAMULHERNOHIPHOP\"},{\"p1_eixo\":\"Trabalho\",\"p9_tipoorganizacao\":\"Sindicato\",\"p12_uf\":\"RO\",\"p13_cidade\":\"JI-PARAN\\u00c1\",\"p17_ano\":\"1993\",\"p16_estado\":\"Estado\",\"p18_agrario\":\"Agr\\u00e1rio\\\/ruralidades\",\"p18_comunicacao\":\"Comunica\\u00e7\\u00e3o\",\"p18_difusaoartistica\":\"Difus\\u00e3o Art\\u00edstica\",\"p18_desenvolvimentoterritorial\":\"Desenvolvimento territorial\",\"p18_direitoshumanos\":\"Direitos humanos\",\"p18_educacao\":\"Educa\\u00e7\\u00e3o\",\"p18_feminismos\":\"Feminismos\",\"p18_lgbtqi\":\"LGBTQI\",\"p18_lutaantirracismo\":\"Luta antirracismo\",\"p18_mobilidade\":\"Mobilidade\",\"p18_moradia\":\"Moradia\",\"p18_povosecomunidadestradicionais\":\"Povos e comunidades tradicionais\",\"p18_trabalho\":\"Trabalho\",\"p18_saude\":\"Sa\\u00fade\",\"p18_violencia\":\"Viol\\u00eancia\",\"p18_politicasculturais\":\"Pol\\u00edticas Culturais\",\"p19_agrario\":\"Agr\\u00e1rio\\\/ruralidades\",\"p19_desenvolvimentoterritorial\":\"Desenvolvimento territorial\",\"p19_direitoshumanos\":\"Direitos humanos\",\"p19_feminismos\":\"Feminismos\",\"p19_lgbtqi\":\"LGBTQI\",\"p19_difusaoartistica\":\"Difus\\u00e3o Art\\u00edstica\",\"p20_reunioes\":\"Reuni\\u00f5es\",\"p20_atendimento\":\"Atendimento\",\"p20_oficinas\":\"Oficinas\",\"p20_oficinasaulasartisticas\":\"Ensaios\\\/Oficinas\\\/Aulas art\\u00edsticas\",\"p20_cursos\":\"Cursos\",\"p20_formacao\":\"Forma\\u00e7\\u00e3o\",\"p20_apresentacoesartisticas\":\"Apresenta\\u00e7\\u00f5es art\\u00edsticas\",\"p20_visitasexcursoes\":\"Visitas\\\/Excurs\\u00f5es\",\"p21_repressaopolicial\":\"Repress\\u00e3o policial\",\"p21_intoleranciareligiosa\":\"Fundamentalistamo\\\/intoler\\u00e2ncia religiosa\",\"p21_machismo\":\"Machismo\",\"p21_racismo\":\"Racismo\",\"p21_lgbtqifobia\":\"LGBTIfobia\",\"p22_numerodeparticipantes\":\"1  - 15\",\"p23_reunioes\":\"Reuni\\u00f5es\",\"p23_apresentacoesartisticas\":\"Apresenta\\u00e7\\u00f5es Art\\u00edsticas\",\"p23_outros\":\"Outros\",\"p24_reunioes\":\"Reuni\\u00f5es\",\"p24_oficinas\":\"Oficinas\",\"p24_curso\":\"Curso\",\"p24_formacao\":\"Forma\\u00e7\\u00e3o\",\"p24_apresentacoesartisticas\":\"Apresenta\\u00e7\\u00f5es art\\u00edsticas\",\"p24_outros\":\"Outros\",\"p25_numerodepessoas\":\"400 - 500\",\"p26_numerodepessoas\":\"20 - 40\",\"p27_espacopublico\":\"Espa\\u00e7o p\\u00fablico\",\"p27_espacoemprestadocedido\":\"Espa\\u00e7o emprestado\\\/cedido\",\"p27_espacoproprio\":\"Espa\\u00e7o pr\\u00f3prio\",\"p27_virtual\":\"Virtual\",\"p28_territorios\":\"Estado\",\"p30_outrasorganizacoes\":\"Sim\",\"p32_campanhadelongaduracao\":\"Sim\",\"p34_estadual\":\"Estadual\",\"p34_nacional\":\"Nacional\",\"p36_conselhosdeparticipacaoecontrolesocial\":\"Sim\",\"p38_sim\":\"Sim\",\"p38_nenhum\":\"Nenhum\",\"p40_editais\":\"Sim\",\"p41_autofinanciamento\":\"Auto-financiamento\",\"p41_financiamentocoletivo0\":\"Financiamento coletivo\",\"p42_meiodedivulgacaoproprio\":\"Sim\",\"p43_email\":\"E-mail\",\"p43_facebook\":\"Facebook\",\"p43_whatsapp\":\"WhatApp\",\"p43_instagram\":\"Instagram\",\"p43_sitesblogs\":\"Blogs\\\/sites\",\"p44_radio\":\"TV\",\"p44_jornaisimpressosdegrandecirculacao\":\"Jornais impressos de grande circula\\u00e7\\u00e3o\",\"p44_redessociais\":\"Redes sociais (Facebook, YouTube, Instagram etc.)\",\"p44_sitesblogs\":\"Sites ou Blogs\",\"p39_publico\":\"AGRICULTORES-FAMILIARES AGRICUTORAS-FAMILAIRES ASSALARIADOS-RURAIS\",\"p45_bandeira\":\"AGRICULTURA-FAMILIAR REFORMA-AGR\\u00c1RIA DEFESA JUVENTUDE-RURAL DIREITOS ASSALARIADOS-RURAIS ENFRETAMENTO-DA-VIOL\\u00caNCIA-CONTRA-MULHERES\",\"p46_hashtags\":\"#AGRICULTURAFAMILIARNAAMAZONIA #REGULARIZACAOFUNDIARIA #FIMDAVIOLENCIACONTRAASMULHERES \"},{\"p1_eixo\":\"Trabalho\",\"p9_tipoorganizacao\":\"Coletivo Art\\u00edstico\",\"p12_uf\":\"SP\",\"p13_cidade\":\"MAR\\u00cdLIA\",\"p17_ano\":\"2022\",\"p16_estado\":\"Estado\",\"p18_agrario\":\"Agr\\u00e1rio\\\/ruralidades\",\"p18_comunicacao\":\"Comunica\\u00e7\\u00e3o\",\"p18_difusaoartistica\":\"Difus\\u00e3o Art\\u00edstica\",\"p18_desenvolvimentoterritorial\":\"Desenvolvimento territorial\",\"p18_direitoshumanos\":\"Direitos humanos\",\"p18_educacao\":\"Educa\\u00e7\\u00e3o\",\"p18_feminismos\":\"Feminismos\",\"p18_lgbtqi\":\"LGBTQI\",\"p18_lutaantirracismo\":\"Luta antirracismo\",\"p18_mobilidade\":\"Mobilidade\",\"p18_povosecomunidadestradicionais\":\"Povos e comunidades tradicionais\",\"p18_trabalho\":\"Trabalho\",\"p18_religiao\":\"Religi\\u00e3o\",\"p18_violencia\":\"Viol\\u00eancia\",\"p18_politicasculturais\":\"Pol\\u00edticas Culturais\",\"p19_desenvolvimentoterritorial\":\"Desenvolvimento territorial\",\"p19_direitoshumanos\":\"Direitos humanos\",\"p19_lgbtqi\":\"LGBTQI\",\"p19_violencia\":\"Viol\\u00eancia\",\"p19_difusaoartistica\":\"Difus\\u00e3o Art\\u00edstica\",\"p20_reunioes\":\"Reuni\\u00f5es\",\"p20_atendimento\":\"Atendimento\",\"p20_oficinas\":\"Oficinas\",\"p20_oficinasaulasartisticas\":\"Ensaios\\\/Oficinas\\\/Aulas art\\u00edsticas\",\"p20_cursos\":\"Cursos\",\"p20_formacao\":\"Forma\\u00e7\\u00e3o\",\"p20_apresentacoesartisticas\":\"Apresenta\\u00e7\\u00f5es art\\u00edsticas\",\"p20_visitasexcursoes\":\"Visitas\\\/Excurs\\u00f5es\",\"p21_intoleranciareligiosa\":\"Fundamentalistamo\\\/intoler\\u00e2ncia religiosa\",\"p21_xenofobia\":\"Xenofobia\",\"p21_machismo\":\"Machismo\",\"p21_racismo\":\"Racismo\",\"p21_lgbtqifobia\":\"LGBTIfobia\",\"p22_numerodeparticipantes\":\"1  - 15\",\"p23_reunioes\":\"Reuni\\u00f5es\",\"p23_oficinas\":\"Oficinas\",\"p23_cursos\":\"Cursos\",\"p23_formacao\":\"Forma\\u00e7\\u00e3o\",\"p23_apresentacoesartisticas\":\"Apresenta\\u00e7\\u00f5es Art\\u00edsticas\",\"p23_visitas\":\"Visitas\",\"p23_outros\":\"Outros\",\"p24_reunioes\":\"Reuni\\u00f5es\",\"p24_oficinas\":\"Oficinas\",\"p24_formacao\":\"Forma\\u00e7\\u00e3o\",\"p24_apresentacoesartisticas\":\"Apresenta\\u00e7\\u00f5es art\\u00edsticas\",\"p24_outros\":\"Outros\",\"p25_numerodepessoas\":\"Mais de 500\",\"p26_numerodepessoas\":\"1 - 20\",\"p27_espacopublico\":\"Espa\\u00e7o p\\u00fablico\",\"p27_espacoemprestadocedido\":\"Espa\\u00e7o emprestado\\\/cedido\",\"p27_virtual\":\"Virtual\",\"p28_territorios\":\"Cidade\",\"p30_outrasorganizacoes\":\"Sim\",\"p32_campanhadelongaduracao\":\"N\\u00e3o\",\"p34_municipal\":\"Municipal\",\"p34_estadual\":\"Estadual\",\"p34_nacional\":\"Nacional\",\"p36_conselhosdeparticipacaoecontrolesocial\":\"N\\u00e3o\",\"p38_sim\":\"Sim\",\"p38_nenhum\":\"Nenhum\",\"p40_editais\":\"Sim\",\"p41_autofinanciamento\":\"Auto-financiamento\",\"p41_financiamentocoletivo0\":\"Financiamento coletivo\",\"p42_meiodedivulgacaoproprio\":\"Sim\",\"p43_email\":\"E-mail\",\"p43_facebook\":\"Facebook\",\"p43_instagram\":\"Instagram\",\"p43_sitesblogs\":\"Blogs\\\/sites\",\"p44_radio\":\"R\\u00e1dio\",\"p44_jornaisimpressosdegrandecirculacao\":\"Jornais impressos de grande circula\\u00e7\\u00e3o\",\"p44_jornaisimpressosdebairro\":\"Jornais impressos de bairro\",\"p44_redessociais\":\"Redes sociais (Facebook, YouTube, Instagram etc.)\",\"p44_sitesblogs\":\"Sites ou Blogs\",\"p39_publico\":\"TRANS MULHERES CRIAN\\u00c7AS\",\"p45_bandeira\":\"CAUSA-TRANS FEMINISMO DIREITO-DAS-CRIAN\\u00c7AS INTERSECCIONALIDADES RA\\u00c7A G\\u00caNERO DEFICI\\u00caNCIAS\",\"p46_hashtags\":\"#FEMINISMO #LGBTQIAP #INFANCIAEJUVENTUDE \"},{\"p1_eixo\":\"Trabalho\",\"p9_tipoorganizacao\":\"Instituto\",\"p12_uf\":\"RS\",\"p13_cidade\":\"PELOTAS\",\"p16_cidade\":\"Cidade\",\"p17_ano\":\"2012\",\"p16_estado\":\"Estado\",\"p18_agrario\":\"Agr\\u00e1rio\\\/ruralidades\",\"p18_comunicacao\":\"Comunica\\u00e7\\u00e3o\",\"p18_difusaoartistica\":\"Difus\\u00e3o Art\\u00edstica\",\"p18_desenvolvimentoterritorial\":\"Desenvolvimento territorial\",\"p18_direitoshumanos\":\"Direitos humanos\",\"p18_educacao\":\"Educa\\u00e7\\u00e3o\",\"p18_feminismos\":\"Feminismos\",\"p18_lgbtqi\":\"LGBTQI\",\"p18_lutaantirracismo\":\"Luta antirracismo\",\"p18_mobilidade\":\"Mobilidade\",\"p18_moradia\":\"Moradia\",\"p18_povosecomunidadestradicionais\":\"Povos e comunidades tradicionais\",\"p18_trabalho\":\"Trabalho\",\"p18_religiao\":\"Religi\\u00e3o\",\"p18_saude\":\"Sa\\u00fade\",\"p18_violencia\":\"Viol\\u00eancia\",\"p18_politicasculturais\":\"Pol\\u00edticas Culturais\",\"p19_agrario\":\"Agr\\u00e1rio\\\/ruralidades\",\"p19_desenvolvimentoterritorial\":\"Desenvolvimento territorial\",\"p19_direitoshumanos\":\"Direitos humanos\",\"p19_povosecomunidadestradicionais\":\"Povos e comunidades tradicionais\",\"p19_violencia\":\"Viol\\u00eancia\",\"p19_politicasculturais\":\"Pol\\u00edticas Culturais\",\"p20_reunioes\":\"Reuni\\u00f5es\",\"p20_oficinas\":\"Oficinas\",\"p20_cursos\":\"Cursos\",\"p20_formacao\":\"Forma\\u00e7\\u00e3o\",\"p20_apresentacoesartisticas\":\"Apresenta\\u00e7\\u00f5es art\\u00edsticas\",\"p20_visitasexcursoes\":\"Visitas\\\/Excurs\\u00f5es\",\"p21_repressaopolicial\":\"Repress\\u00e3o policial\",\"p21_xenofobia\":\"Xenofobia\",\"p21_machismo\":\"Machismo\",\"p21_racismo\":\"Racismo\",\"p21_lgbtqifobia\":\"LGBTIfobia\",\"p22_numerodeparticipantes\":\"45 - 60\",\"p23_reunioes\":\"Reuni\\u00f5es\",\"p23_oficinas\":\"Oficinas\",\"p23_cursos\":\"Cursos\",\"p23_formacao\":\"Forma\\u00e7\\u00e3o\",\"p23_apresentacoesartisticas\":\"Apresenta\\u00e7\\u00f5es Art\\u00edsticas\",\"p23_visitas\":\"Visitas\",\"p23_outros\":\"Outros\",\"p25_numerodepessoas\":\"Mais de 500\",\"p26_numerodepessoas\":\"1 - 20\",\"p27_espacopublico\":\"Espa\\u00e7o p\\u00fablico\",\"p27_espacoemprestadocedido\":\"Espa\\u00e7o emprestado\\\/cedido\",\"p27_virtual\":\"Virtual\",\"p28_territorios\":\"Regi\\u00e3o da Cidade\",\"p30_outrasorganizacoes\":\"Sim\",\"p32_campanhadelongaduracao\":\"Sim\",\"p34_municipal\":\"Municipal\",\"p34_nacional\":\"Nacional\",\"p34_nenhuma\":\"Nenhuma\",\"p36_conselhosdeparticipacaoecontrolesocial\":\"Sim\",\"p38_sim\":\"Sim\",\"p40_editais\":\"N\\u00e3o\",\"p41_privadopf\":\"Privado (P. F\\u00edsica)\",\"p41_autofinanciamento\":\"Auto-financiamento\",\"p42_meiodedivulgacaoproprio\":\"Sim\",\"p43_email\":\"E-mail\",\"p43_facebook\":\"Facebook\",\"p43_instagram\":\"Instagram\",\"p44_radio\":\"TV\",\"p44_jornaisimpressosdegrandecirculacao\":\"Jornais impressos de grande circula\\u00e7\\u00e3o\",\"p44_jornaisimpressosdebairro\":\"Jornais impressos de bairro\",\"p44_sitesblogs\":\"Sites ou Blogs\",\"p39_publico\":\"MULHERES\",\"p45_bandeira\":\"VISIBILIDADE-NEGRA BLACK-MONEY DIREITOS-HUMANOS LUTA TERRIT\\u00d3RIO\",\"p46_hashtags\":\"#RESISTENCIA #PORMAISMULHERESNOSPODERES #PODERANCESTRAL\"},{\"p1_eixo\":\"Trabalho\",\"p9_tipoorganizacao\":\"Coletivo\",\"p12_uf\":\"SP\",\"p13_cidade\":\"PRESIDENTE PRUDENTE\",\"p16_cidade\":\"Cidade\",\"p17_ano\":\"2017\",\"p18_agrario\":\"Agr\\u00e1rio\\\/ruralidades\",\"p18_comunicacao\":\"Comunica\\u00e7\\u00e3o\",\"p18_difusaoartistica\":\"Difus\\u00e3o Art\\u00edstica\",\"p18_desenvolvimentoterritorial\":\"Desenvolvimento territorial\",\"p18_direitoshumanos\":\"Direitos humanos\",\"p18_educacao\":\"Educa\\u00e7\\u00e3o\",\"p18_feminismos\":\"Feminismos\",\"p18_lgbtqi\":\"LGBTQI\",\"p18_lutaantirracismo\":\"Luta antirracismo\",\"p18_mobilidade\":\"Mobilidade\",\"p18_moradia\":\"Moradia\",\"p18_povosecomunidadestradicionais\":\"Povos e comunidades tradicionais\",\"p18_trabalho\":\"Trabalho\",\"p18_saude\":\"Sa\\u00fade\",\"p18_violencia\":\"Viol\\u00eancia\",\"p18_politicasculturais\":\"Pol\\u00edticas Culturais\",\"p19_agrario\":\"Agr\\u00e1rio\\\/ruralidades\",\"p19_direitoshumanos\":\"Direitos humanos\",\"p19_povosecomunidadestradicionais\":\"Povos e comunidades tradicionais\",\"p19_difusaoartistica\":\"Difus\\u00e3o Art\\u00edstica\",\"p19_politicasculturais\":\"Pol\\u00edticas Culturais\",\"p20_reunioes\":\"Reuni\\u00f5es\",\"p20_oficinas\":\"Oficinas\",\"p20_formacao\":\"Forma\\u00e7\\u00e3o\",\"p20_apresentacoesartisticas\":\"Apresenta\\u00e7\\u00f5es art\\u00edsticas\",\"p20_visitasexcursoes\":\"Visitas\\\/Excurs\\u00f5es\",\"p21_repressaopolicial\":\"Repress\\u00e3o policial\",\"p21_lgbtqifobia\":\"LGBTIfobia\",\"p22_numerodeparticipantes\":\"30 - 45\",\"p23_reunioes\":\"Reuni\\u00f5es\",\"p23_oficinas\":\"Oficinas\",\"p23_apresentacoesartisticas\":\"Apresenta\\u00e7\\u00f5es Art\\u00edsticas\",\"p23_outros\":\"Outros\",\"p24_reunioes\":\"Reuni\\u00f5es\",\"p24_oficinas\":\"Oficinas\",\"p24_apresentacoesartisticas\":\"Apresenta\\u00e7\\u00f5es art\\u00edsticas\",\"p24_visitasexcursoes\":\"Visitas\\\/Excurs\\u00f5es\",\"p24_outros\":\"Outros\",\"p25_numerodepessoas\":\"200 - 300\",\"p26_numerodepessoas\":\"1 - 20\",\"p27_espacopublico\":\"Espa\\u00e7o p\\u00fablico\",\"p27_espacoproprio\":\"Espa\\u00e7o pr\\u00f3prio\",\"p27_ocupacao\":\"Ocupa\\u00e7\\u00e3o\",\"p28_territorios\":\"Cidade\",\"p30_outrasorganizacoes\":\"Sim\",\"p32_campanhadelongaduracao\":\"N\\u00e3o\",\"p34_nenhuma\":\"Nenhuma\",\"p36_conselhosdeparticipacaoecontrolesocial\":\"N\\u00e3o\",\"p38_sim\":\"Sim\",\"p38_nenhum\":\"Nenhum\",\"p40_editais\":\"N\\u00e3o\",\"p41_privadopf\":\"Privado (P. F\\u00edsica)\",\"p41_autofinanciamento\":\"Auto-financiamento\",\"p42_meiodedivulgacaoproprio\":\"Sim\",\"p43_facebook\":\"Facebook\",\"p43_instagram\":\"Instagram\",\"p44_radio\":\"TV\",\"p44_jornaisimpressosdegrandecirculacao\":\"Jornais impressos de grande circula\\u00e7\\u00e3o\",\"p44_jornaisimpressosdebairro\":\"Jornais impressos de bairro\",\"p44_sitesblogs\":\"Sites ou Blogs\",\"p44_nenhum\":\"Nenhum\",\"p39_publico\":\"CLASSE-TRABALHADORA\",\"p45_bandeira\":\"POL\\u00cdTICAS-P\\u00daBLICAS-SOCIAIS AGROECOLOGIA ALIMENTA\\u00c7\\u00c3O-SAUD\\u00c1VEL ACESSIBILIDADE ALIMENTO\",\"p46_hashtags\":\"#POLITICASPUBLICASSOCIAIS #REFORMAAGRARIA #ALIMENTACAOSAUDAVEL\"},{\"p1_eixo\":\"Cultura\",\"p9_tipoorganizacao\":\"Coletivo Art\\u00edstico\",\"p12_uf\":\"RN\",\"p13_cidade\":\"MACA\\u00cdBA\",\"p16_cidade\":\"Cidade\",\"p17_ano\":\"2023\",\"p16_estado\":\"Estado\",\"p18_agrario\":\"Agr\\u00e1rio\\\/ruralidades\",\"p18_comunicacao\":\"Comunica\\u00e7\\u00e3o\",\"p18_difusaoartistica\":\"Difus\\u00e3o Art\\u00edstica\",\"p18_desenvolvimentoterritorial\":\"Desenvolvimento territorial\",\"p18_direitoshumanos\":\"Direitos humanos\",\"p18_educacao\":\"Educa\\u00e7\\u00e3o\",\"p18_feminismos\":\"Feminismos\",\"p18_lgbtqi\":\"LGBTQI\",\"p18_lutaantirracismo\":\"Luta antirracismo\",\"p18_mobilidade\":\"Mobilidade\",\"p18_moradia\":\"Moradia\",\"p18_povosecomunidadestradicionais\":\"Povos e comunidades tradicionais\",\"p18_trabalho\":\"Trabalho\",\"p18_religiao\":\"Religi\\u00e3o\",\"p18_saude\":\"Sa\\u00fade\",\"p18_violencia\":\"Viol\\u00eancia\",\"p18_politicasculturais\":\"Pol\\u00edticas Culturais\",\"p19_direitoshumanos\":\"Direitos humanos\",\"p19_lutaantirracismo\":\"Luta antirracismo\",\"p19_violencia\":\"Viol\\u00eancia\",\"p19_difusaoartistica\":\"Difus\\u00e3o Art\\u00edstica\",\"p19_politicasculturais\":\"Pol\\u00edticas Culturais\",\"p20_reunioes\":\"Reuni\\u00f5es\",\"p20_atendimento\":\"Atendimento\",\"p20_oficinas\":\"Oficinas\",\"p20_formacao\":\"Forma\\u00e7\\u00e3o\",\"p20_apresentacoesartisticas\":\"Apresenta\\u00e7\\u00f5es art\\u00edsticas\",\"p20_visitasexcursoes\":\"Visitas\\\/Excurs\\u00f5es\",\"p21_repressaopolicial\":\"Repress\\u00e3o policial\",\"p21_machismo\":\"Machismo\",\"p21_racismo\":\"Racismo\",\"p21_lgbtqifobia\":\"LGBTIfobia\",\"p21_enfrentamentocomgruposprivadosarmados\":\"Enfrentamento com grupos privados armados\",\"p22_numerodeparticipantes\":\"1  - 15\",\"p23_reunioes\":\"Reuni\\u00f5es\",\"p23_outros\":\"Outros\",\"p24_reunioes\":\"Reuni\\u00f5es\",\"p24_atendimento\":\"Atendimentos\",\"p24_oficinas\":\"Oficinas\",\"p24_apresentacoesartisticas\":\"Apresenta\\u00e7\\u00f5es art\\u00edsticas\",\"p24_visitasexcursoes\":\"Visitas\\\/Excurs\\u00f5es\",\"p24_outros\":\"Outros\",\"p25_numerodepessoas\":\"1 - 20\",\"p26_numerodepessoas\":\"1 - 20\",\"p27_espacopublico\":\"Espa\\u00e7o p\\u00fablico\",\"p27_espacoemprestadocedido\":\"Espa\\u00e7o emprestado\\\/cedido\",\"p27_espacoproprio\":\"Espa\\u00e7o pr\\u00f3prio\",\"p27_virtual\":\"Virtual\",\"p27_ocupacao\":\"Ocupa\\u00e7\\u00e3o\",\"p28_territorios\":\"Cidade\",\"p30_outrasorganizacoes\":\"Sim\",\"p32_campanhadelongaduracao\":\"Sim\",\"p34_estadual\":\"Estadual\",\"p34_nacional\":\"Nacional\",\"p34_nenhuma\":\"Nenhuma\",\"p36_conselhosdeparticipacaoecontrolesocial\":\"N\\u00e3o\",\"p38_sim\":\"Sim\",\"p38_nenhum\":\"Nenhum\",\"p40_editais\":\"N\\u00e3o\",\"p41_autofinanciamento\":\"Auto-financiamento\",\"p41_financiamentocoletivo0\":\"Financiamento coletivo\",\"p42_meiodedivulgacaoproprio\":\"Sim\",\"p43_instagram\":\"Instagram\",\"p44_radio\":\"TV\",\"p44_redessociais\":\"Redes sociais (Facebook, YouTube, Instagram etc.)\",\"p44_sitesblogs\":\"Sites ou Blogs\",\"p44_nenhum\":\"Nenhum\",\"p39_publico\":\"JOVENS-NEGROS\",\"p45_bandeira\":\"DIREITOS-HUMANOS ACESSO MORADIA SUSTENTABILIDADE MOBILIDADE\",\"p46_hashtags\":\"#DIREITOSHUMANOS #ARTEECULTURA #VALORIZACAODAIDENTIDADELOCAL \"},{\"p1_eixo\":\"Cultura\",\"p9_tipoorganizacao\":\"Movimento Social\",\"p12_uf\":\"TO\",\"p13_cidade\":\"ARRAIAS, GURUPI, PORTO NACIONAL, PALMAS, MIRACEMA DO TOCATINS, ARAGUA\\u00cdNA, AUGUSTIN\\u00d3POLIS\",\"p16_cidade\":\"Cidade\",\"p17_ano\":\"2009\",\"p16_estado\":\"Estado\",\"p18_agrario\":\"Agr\\u00e1rio\\\/ruralidades\",\"p18_comunicacao\":\"Comunica\\u00e7\\u00e3o\",\"p18_difusaoartistica\":\"Difus\\u00e3o Art\\u00edstica\",\"p18_desenvolvimentoterritorial\":\"Desenvolvimento territorial\",\"p18_direitoshumanos\":\"Direitos humanos\",\"p18_educacao\":\"Educa\\u00e7\\u00e3o\",\"p18_feminismos\":\"Feminismos\",\"p18_lgbtqi\":\"LGBTQI\",\"p18_lutaantirracismo\":\"Luta antirracismo\",\"p18_mobilidade\":\"Mobilidade\",\"p18_moradia\":\"Moradia\",\"p18_povosecomunidadestradicionais\":\"Povos e comunidades tradicionais\",\"p18_trabalho\":\"Trabalho\",\"p18_religiao\":\"Religi\\u00e3o\",\"p18_saude\":\"Sa\\u00fade\",\"p18_violencia\":\"Viol\\u00eancia\",\"p18_politicasculturais\":\"Pol\\u00edticas Culturais\",\"p19_educacao\":\"Educa\\u00e7\\u00e3o\",\"p19_lutaantirracismo\":\"Luta antirracismo\",\"p19_trabalho\":\"Trabalho\",\"p19_violencia\":\"Viol\\u00eancia\",\"p19_politicasculturais\":\"Pol\\u00edticas Culturais\",\"p20_reunioes\":\"Reuni\\u00f5es\",\"p20_atendimento\":\"Atendimento\",\"p20_oficinas\":\"Oficinas\",\"p20_oficinasaulasartisticas\":\"Ensaios\\\/Oficinas\\\/Aulas art\\u00edsticas\",\"p20_formacao\":\"Forma\\u00e7\\u00e3o\",\"p20_apresentacoesartisticas\":\"Apresenta\\u00e7\\u00f5es art\\u00edsticas\",\"p20_visitasexcursoes\":\"Visitas\\\/Excurs\\u00f5es\",\"p21_repressaopolicial\":\"Repress\\u00e3o policial\",\"p21_intoleranciareligiosa\":\"Fundamentalistamo\\\/intoler\\u00e2ncia religiosa\",\"p21_xenofobia\":\"Xenofobia\",\"p21_machismo\":\"Machismo\",\"p21_racismo\":\"Racismo\",\"p21_lgbtqifobia\":\"LGBTIfobia\",\"p21_enfrentamentocomgruposprivadosarmados\":\"Enfrentamento com grupos privados armados\",\"p22_numerodeparticipantes\":\"Mais de 90\",\"p23_reunioes\":\"Reuni\\u00f5es\",\"p23_atendimento\":\"Atendimento\",\"p23_visitas\":\"Visitas\",\"p23_outros\":\"Outros\",\"p24_reunioes\":\"Reuni\\u00f5es\",\"p24_atendimento\":\"Atendimentos\",\"p24_oficinas\":\"Oficinas\",\"p24_oficinasaulasartisticas\":\"Ensaios\\\/Oficinas\\\/Aulas art\\u00edsticas\",\"p24_formacao\":\"Forma\\u00e7\\u00e3o\",\"p24_apresentacoesartisticas\":\"Apresenta\\u00e7\\u00f5es art\\u00edsticas\",\"p24_visitasexcursoes\":\"Visitas\\\/Excurs\\u00f5es\",\"p24_outros\":\"Outros\",\"p25_numerodepessoas\":\"40 - 60\",\"p26_numerodepessoas\":\"100 - 200\",\"p27_espacopublico\":\"Espa\\u00e7o p\\u00fablico\",\"p27_espacoemprestadocedido\":\"Espa\\u00e7o emprestado\\\/cedido\",\"p27_espacoproprio\":\"Espa\\u00e7o pr\\u00f3prio\",\"p27_virtual\":\"Virtual\",\"p28_territorios\":\"Estado\",\"p30_outrasorganizacoes\":\"Sim\",\"p32_campanhadelongaduracao\":\"N\\u00e3o\",\"p34_estadual\":\"Estadual\",\"p34_nacional\":\"Nacional\",\"p36_conselhosdeparticipacaoecontrolesocial\":\"Sim\",\"p38_sim\":\"Sim\",\"p38_nenhum\":\"Nenhum\",\"p40_editais\":\"Sim\",\"p41_privadopf\":\"Privado (P. F\\u00edsica)\",\"p41_autofinanciamento\":\"Auto-financiamento\",\"p41_financiamentocoletivo0\":\"Financiamento coletivo\",\"p42_meiodedivulgacaoproprio\":\"Sim\",\"p43_email\":\"E-mail\",\"p43_facebook\":\"Facebook\",\"p43_instagram\":\"Instagram\",\"p43_youtube\":\"YouTube\",\"p44_radio\":\"TV\",\"p44_jornaisimpressosdegrandecirculacao\":\"Jornais impressos de grande circula\\u00e7\\u00e3o\",\"p44_jornaisimpressosdebairro\":\"Jornais impressos de bairro\",\"p44_redessociais\":\"Redes sociais (Facebook, YouTube, Instagram etc.)\",\"p44_sitesblogs\":\"Sites ou Blogs\",\"p39_publico\":\"JOVENS-NEGROS\",\"p45_bandeira\":\"ACESSO-CIDADE JUVENTUDE-NEGRA EMANCIPA\\u00c7\\u00c3O VALORIZA\\u00c7\\u00c3O CULTURA-NEGRA RELA\\u00c7\\u00d5ES AFROCENTRADAS ANTICAPITALISTA MARXISMO VIDA-DAS-MULHERES FEMINISMO-NEGRO CONTRA-INTOLER\\u00c2NCIA DEN\\u00daNCIA-GUERRA-DROGAS\",\"p46_hashtags\":\"#FIMDOEXTERMINIODAJUVENTUDENEGRA #VALORIZACAODACULTURANEGRA #NEGRONOSESPACOSDEPODER \"},{\"p1_eixo\":\"Viol\\u00eancia\",\"p9_tipoorganizacao\":\"Associa\\u00e7\\u00e3o\",\"p12_uf\":\"MS\",\"p13_cidade\":\"CAMPO GRANDE \",\"p16_cidade\":\"Cidade\",\"p17_ano\":\"2018\",\"p16_estado\":\"Estado\",\"p18_agrario\":\"Agr\\u00e1rio\\\/ruralidades\",\"p18_comunicacao\":\"Comunica\\u00e7\\u00e3o\",\"p18_difusaoartistica\":\"Difus\\u00e3o Art\\u00edstica\",\"p18_desenvolvimentoterritorial\":\"Desenvolvimento territorial\",\"p18_direitoshumanos\":\"Direitos humanos\",\"p18_educacao\":\"Educa\\u00e7\\u00e3o\",\"p18_feminismos\":\"Feminismos\",\"p18_lgbtqi\":\"LGBTQI\",\"p18_lutaantirracismo\":\"Luta antirracismo\",\"p18_mobilidade\":\"Mobilidade\",\"p18_moradia\":\"Moradia\",\"p18_povosecomunidadestradicionais\":\"Povos e comunidades tradicionais\",\"p18_trabalho\":\"Trabalho\",\"p18_religiao\":\"Religi\\u00e3o\",\"p18_saude\":\"Sa\\u00fade\",\"p18_violencia\":\"Viol\\u00eancia\",\"p18_politicasculturais\":\"Pol\\u00edticas Culturais\",\"p19_educacao\":\"Educa\\u00e7\\u00e3o\",\"p19_lutaantirracismo\":\"Luta antirracismo\",\"p19_moradia\":\"Moradia\",\"p19_trabalho\":\"Trabalho\",\"p19_saude\":\"Sa\\u00fade\",\"p20_reunioes\":\"Reuni\\u00f5es\",\"p20_atendimento\":\"Atendimento\",\"p20_oficinas\":\"Oficinas\",\"p20_oficinasaulasartisticas\":\"Ensaios\\\/Oficinas\\\/Aulas art\\u00edsticas\",\"p20_formacao\":\"Forma\\u00e7\\u00e3o\",\"p20_visitasexcursoes\":\"Visitas\\\/Excurs\\u00f5es\",\"p21_repressaopolicial\":\"Repress\\u00e3o policial\",\"p21_intoleranciareligiosa\":\"Fundamentalistamo\\\/intoler\\u00e2ncia religiosa\",\"p21_xenofobia\":\"Xenofobia\",\"p21_machismo\":\"Machismo\",\"p21_racismo\":\"Racismo\",\"p21_lgbtqifobia\":\"LGBTIfobia\",\"p21_enfrentamentocomgruposprivadosarmados\":\"Enfrentamento com grupos privados armados\",\"p21_nenhum\":\"Nenhum\",\"p22_numerodeparticipantes\":\"1  - 15\",\"p23_atendimento\":\"Atendimento\",\"p23_visitas\":\"Visitas\",\"p23_outros\":\"Outros\",\"p24_reunioes\":\"Reuni\\u00f5es\",\"p24_oficinas\":\"Oficinas\",\"p24_oficinasaulasartisticas\":\"Ensaios\\\/Oficinas\\\/Aulas art\\u00edsticas\",\"p24_formacao\":\"Forma\\u00e7\\u00e3o\",\"p24_visitasexcursoes\":\"Visitas\\\/Excurs\\u00f5es\",\"p24_outros\":\"Outros\",\"p25_numerodepessoas\":\"40 - 60\",\"p26_numerodepessoas\":\"100 - 200\",\"p27_espacopublico\":\"Espa\\u00e7o p\\u00fablico\",\"p27_espacoemprestadocedido\":\"Espa\\u00e7o emprestado\\\/cedido\",\"p27_espacoproprio\":\"Espa\\u00e7o pr\\u00f3prio\",\"p27_virtual\":\"Virtual\",\"p28_territorios\":\"Cidade\",\"p30_outrasorganizacoes\":\"Sim\",\"p32_campanhadelongaduracao\":\"Sim\",\"p34_nacional\":\"Nacional\",\"p36_conselhosdeparticipacaoecontrolesocial\":\"Sim\",\"p38_sim\":\"Sim\",\"p38_nenhum\":\"Nenhum\",\"p40_editais\":\"N\\u00e3o\",\"p41_privadopf\":\"Privado (P. F\\u00edsica)\",\"p41_privadopj\":\"Privado (P. Jur\\u00eddica)\",\"p41_autofinanciamento\":\"Auto-financiamento\",\"p42_meiodedivulgacaoproprio\":\"Sim\",\"p43_email\":\"E-mail\",\"p43_facebook\":\"Facebook\",\"p43_instagram\":\"Instagram\",\"p43_youtube\":\"YouTube\",\"p43_nenhum\":\"Nenhum\",\"p44_radio\":\"TV\",\"p44_jornaisimpressosdegrandecirculacao\":\"Jornais impressos de grande circula\\u00e7\\u00e3o\",\"p44_jornaisimpressosdebairro\":\"Jornais impressos de bairro\",\"p44_redessociais\":\"Redes sociais (Facebook, YouTube, Instagram etc.)\",\"p44_sitesblogs\":\"Sites ou Blogs\",\"p44_nenhum\":\"Nenhum\",\"p39_publico\":\"MULHERES M\\u00c3ES\",\"p45_bandeira\":\"ANTIRRACISTA CONTRA-HOMOFOBIA CONTRA-GORDOFOBIA ANTI-HOMOFOBIA POVOS-ORIGIN\\u00c1RIOS DIREITOS CRIAN\\u00c7AS MULHERES\",\"p46_hashtags\":\"#AMOR #TRABALHO #GRATIDAO\"},{\"p1_eixo\":\"Viol\\u00eancia\",\"p9_tipoorganizacao\":\"Coletivo\",\"p12_uf\":\"RO\",\"p13_cidade\":\"VILHENA \",\"p16_cidade\":\"Cidade\",\"p17_ano\":\"2023\",\"p16_estado\":\"Estado\",\"p18_agrario\":\"Agr\\u00e1rio\\\/ruralidades\",\"p18_comunicacao\":\"Comunica\\u00e7\\u00e3o\",\"p18_difusaoartistica\":\"Difus\\u00e3o Art\\u00edstica\",\"p18_desenvolvimentoterritorial\":\"Desenvolvimento territorial\",\"p18_direitoshumanos\":\"Direitos humanos\",\"p18_educacao\":\"Educa\\u00e7\\u00e3o\",\"p18_feminismos\":\"Feminismos\",\"p18_lgbtqi\":\"LGBTQI\",\"p18_lutaantirracismo\":\"Luta antirracismo\",\"p18_mobilidade\":\"Mobilidade\",\"p18_moradia\":\"Moradia\",\"p18_povosecomunidadestradicionais\":\"Povos e comunidades tradicionais\",\"p18_trabalho\":\"Trabalho\",\"p18_religiao\":\"Religi\\u00e3o\",\"p18_saude\":\"Sa\\u00fade\",\"p18_violencia\":\"Viol\\u00eancia\",\"p18_politicasculturais\":\"Pol\\u00edticas Culturais\",\"p19_agrario\":\"Agr\\u00e1rio\\\/ruralidades\",\"p19_direitoshumanos\":\"Direitos humanos\",\"p19_educacao\":\"Educa\\u00e7\\u00e3o\",\"p19_moradia\":\"Moradia\",\"p19_povosecomunidadestradicionais\":\"Povos e comunidades tradicionais\",\"p19_saude\":\"Sa\\u00fade\",\"p20_reunioes\":\"Reuni\\u00f5es\",\"p20_oficinas\":\"Oficinas\",\"p20_cursos\":\"Cursos\",\"p20_formacao\":\"Forma\\u00e7\\u00e3o\",\"p20_visitasexcursoes\":\"Visitas\\\/Excurs\\u00f5es\",\"p21_repressaopolicial\":\"Repress\\u00e3o policial\",\"p21_xenofobia\":\"Xenofobia\",\"p21_machismo\":\"Machismo\",\"p21_racismo\":\"Racismo\",\"p21_lgbtqifobia\":\"LGBTIfobia\",\"p21_nenhum\":\"Nenhum\",\"p22_numerodeparticipantes\":\"15 - 30\",\"p23_reunioes\":\"Reuni\\u00f5es\",\"p23_oficinas\":\"Oficinas\",\"p23_cursos\":\"Cursos\",\"p23_formacao\":\"Forma\\u00e7\\u00e3o\",\"p23_visitas\":\"Visitas\",\"p23_outros\":\"Outros\",\"p24_reunioes\":\"Reuni\\u00f5es\",\"p24_oficinas\":\"Oficinas\",\"p24_visitasexcursoes\":\"Visitas\\\/Excurs\\u00f5es\",\"p25_numerodepessoas\":\"1 - 20\",\"p26_numerodepessoas\":\"20 - 40\",\"p27_espacopublico\":\"Espa\\u00e7o p\\u00fablico\",\"p27_espacoemprestadocedido\":\"Espa\\u00e7o emprestado\\\/cedido\",\"p27_virtual\":\"Virtual\",\"p28_territorios\":\"Estado\",\"p30_outrasorganizacoes\":\"Sim\",\"p32_campanhadelongaduracao\":\"N\\u00e3o\",\"p34_estadual\":\"Estadual\",\"p34_nacional\":\"Nacional\",\"p36_conselhosdeparticipacaoecontrolesocial\":\"N\\u00e3o\",\"p38_sim\":\"Sim\",\"p40_editais\":\"N\\u00e3o\",\"p41_privadopj\":\"Privado (P. Jur\\u00eddica)\",\"p41_autofinanciamento\":\"Auto-financiamento\",\"p42_meiodedivulgacaoproprio\":\"N\\u00e3o\",\"p43_whatsapp\":\"WhatApp\",\"p43_nenhum\":\"Nenhum\",\"p44_radio\":\"R\\u00e1dio\",\"p44_nenhum\":\"Nenhum\",\"p39_publico\":\"QUILOMBOLAS\",\"p45_bandeira\":\"DIREITO-TERRIT\\u00d3RIO SA\\u00daDE EDUCA\\u00c7\\u00c3O IGUALDADE-RACIAL DIREITOS MULHERES FOMENTO ECON\\u00d4MICO\",\"p46_hashtags\":\"#DIREITOAOTERRITORIO #SAUDE  #EDUCACAO \"},{\"p1_eixo\":\"Trabalho\",\"p9_tipoorganizacao\":\"Movimento Social\",\"p12_uf\":\"PI\",\"p13_cidade\":\"FLORIANO\",\"p16_cidade\":\"Cidade\",\"p17_ano\":\"1985\",\"p18_agrario\":\"Agr\\u00e1rio\\\/ruralidades\",\"p18_comunicacao\":\"Comunica\\u00e7\\u00e3o\",\"p18_difusaoartistica\":\"Difus\\u00e3o Art\\u00edstica\",\"p18_desenvolvimentoterritorial\":\"Desenvolvimento territorial\",\"p18_direitoshumanos\":\"Direitos humanos\",\"p18_educacao\":\"Educa\\u00e7\\u00e3o\",\"p18_feminismos\":\"Feminismos\",\"p18_lgbtqi\":\"LGBTQI\",\"p18_lutaantirracismo\":\"Luta antirracismo\",\"p18_mobilidade\":\"Mobilidade\",\"p18_povosecomunidadestradicionais\":\"Povos e comunidades tradicionais\",\"p18_trabalho\":\"Trabalho\",\"p18_saude\":\"Sa\\u00fade\",\"p18_violencia\":\"Viol\\u00eancia\",\"p18_politicasculturais\":\"Pol\\u00edticas Culturais\",\"p19_agrario\":\"Agr\\u00e1rio\\\/ruralidades\",\"p19_direitoshumanos\":\"Direitos humanos\",\"p19_feminismos\":\"Feminismos\",\"p19_lutaantirracismo\":\"Luta antirracismo\",\"p19_povosecomunidadestradicionais\":\"Povos e comunidades tradicionais\",\"p19_violencia\":\"Viol\\u00eancia\",\"p20_reunioes\":\"Reuni\\u00f5es\",\"p20_atendimento\":\"Atendimento\",\"p20_oficinas\":\"Oficinas\",\"p20_cursos\":\"Cursos\",\"p20_formacao\":\"Forma\\u00e7\\u00e3o\",\"p20_visitasexcursoes\":\"Visitas\\\/Excurs\\u00f5es\",\"p21_repressaopolicial\":\"Repress\\u00e3o policial\",\"p21_intoleranciareligiosa\":\"Fundamentalistamo\\\/intoler\\u00e2ncia religiosa\",\"p21_xenofobia\":\"Xenofobia\",\"p21_machismo\":\"Machismo\",\"p21_racismo\":\"Racismo\",\"p21_lgbtqifobia\":\"LGBTIfobia\",\"p22_numerodeparticipantes\":\"1  - 15\",\"p23_reunioes\":\"Reuni\\u00f5es\",\"p23_oficinas\":\"Oficinas\",\"p23_cursos\":\"Cursos\",\"p23_formacao\":\"Forma\\u00e7\\u00e3o\",\"p23_visitas\":\"Visitas\",\"p23_outros\":\"Outros\",\"p24_reunioes\":\"Reuni\\u00f5es\",\"p24_atendimento\":\"Atendimentos\",\"p24_oficinas\":\"Oficinas\",\"p24_outros\":\"Outros\",\"p25_numerodepessoas\":\"20 - 40\",\"p26_numerodepessoas\":\"1 - 20\",\"p27_espacopublico\":\"Espa\\u00e7o p\\u00fablico\",\"p27_espacoemprestadocedido\":\"Espa\\u00e7o emprestado\\\/cedido\",\"p28_territorios\":\"Cidade\",\"p30_outrasorganizacoes\":\"Sim\",\"p32_campanhadelongaduracao\":\"Sim\",\"p34_estadual\":\"Estadual\",\"p34_nenhuma\":\"Nenhuma\",\"p36_conselhosdeparticipacaoecontrolesocial\":\"Sim\",\"p38_sim\":\"Sim\",\"p40_editais\":\"Sim\",\"p41_privadopj\":\"Privado (P. Jur\\u00eddica)\",\"p41_financiamentocoletivo0\":\"Financiamento coletivo\",\"p42_meiodedivulgacaoproprio\":\"Sim\",\"p43_email\":\"E-mail\",\"p43_facebook\":\"Facebook\",\"p43_whatsapp\":\"WhatApp\",\"p43_instagram\":\"Instagram\",\"p44_radio\":\"R\\u00e1dio\",\"p44_nenhum\":\"Nenhum\",\"p39_publico\":\"AGRICULTORES-FAMILIARES AGRICULTORAS-FAMILIARES\",\"p45_bandeira\":\"TERRA MEIO-AMBIENTE ENFRENTAMENTO-TRABALHO-ESCRAVO JUVENTUDE MULHERES DIREITOS\",\"p46_hashtags\":\"#LUTAPELATERRA #PREVENCAOECOMBATEAOTRABALHOESCRAVO #AGRICULTURAFAMILIAR \"},{\"p1_eixo\":\"Viol\\u00eancia\",\"p9_tipoorganizacao\":\"Coletivo\",\"p12_uf\":\"RJ\",\"p13_cidade\":\"NOVA IGUA\\u00c7U, DUQUE DE CAXIAS, MESQUISTA, S\\u00c3O JO\\u00c3O DO MERITI, QUEIMADOS, NILOPOLIS, BELFORD ROXO\",\"p16_bairro\":\"Bairro\",\"p16_cidade\":\"Cidade\",\"p17_ano\":\"2016\",\"p18_agrario\":\"Agr\\u00e1rio\\\/ruralidades\",\"p18_comunicacao\":\"Comunica\\u00e7\\u00e3o\",\"p18_difusaoartistica\":\"Difus\\u00e3o Art\\u00edstica\",\"p18_desenvolvimentoterritorial\":\"Desenvolvimento territorial\",\"p18_direitoshumanos\":\"Direitos humanos\",\"p18_educacao\":\"Educa\\u00e7\\u00e3o\",\"p18_feminismos\":\"Feminismos\",\"p18_lgbtqi\":\"LGBTQI\",\"p18_lutaantirracismo\":\"Luta antirracismo\",\"p18_mobilidade\":\"Mobilidade\",\"p18_moradia\":\"Moradia\",\"p18_povosecomunidadestradicionais\":\"Povos e comunidades tradicionais\",\"p18_trabalho\":\"Trabalho\",\"p18_saude\":\"Sa\\u00fade\",\"p18_violencia\":\"Viol\\u00eancia\",\"p18_politicasculturais\":\"Pol\\u00edticas Culturais\",\"p19_direitoshumanos\":\"Direitos humanos\",\"p19_feminismos\":\"Feminismos\",\"p19_lutaantirracismo\":\"Luta antirracismo\",\"p19_violencia\":\"Viol\\u00eancia\",\"p19_politicasculturais\":\"Pol\\u00edticas Culturais\",\"p20_reunioes\":\"Reuni\\u00f5es\",\"p20_atendimento\":\"Atendimento\",\"p20_oficinas\":\"Oficinas\",\"p20_oficinasaulasartisticas\":\"Ensaios\\\/Oficinas\\\/Aulas art\\u00edsticas\",\"p20_profissionalizacao\":\"Profissionaliza\\u00e7\\u00e3o\",\"p20_visitasexcursoes\":\"Visitas\\\/Excurs\\u00f5es\",\"p21_repressaopolicial\":\"Repress\\u00e3o policial\",\"p21_intoleranciareligiosa\":\"Fundamentalistamo\\\/intoler\\u00e2ncia religiosa\",\"p21_xenofobia\":\"Xenofobia\",\"p21_machismo\":\"Machismo\",\"p21_racismo\":\"Racismo\",\"p21_lgbtqifobia\":\"LGBTIfobia\",\"p22_numerodeparticipantes\":\"1  - 15\",\"p23_reunioes\":\"Reuni\\u00f5es\",\"p23_oficinas\":\"Oficinas\",\"p23_oficinasaulasartisticas\":\"Ensaio\\\/Oficinas\\\/Aulas Art\\u00edsticas\",\"p23_profissionalizacao\":\"Profissionaliza\\u00e7\\u00e3o\",\"p23_excursoes\":\"Excurs\\u00f5es\",\"p23_outros\":\"Outros\",\"p24_reunioes\":\"Reuni\\u00f5es\",\"p24_atendimento\":\"Atendimentos\",\"p24_oficinas\":\"Oficinas\",\"p24_visitasexcursoes\":\"Visitas\\\/Excurs\\u00f5es\",\"p24_outros\":\"Outros\",\"p25_numerodepessoas\":\"1 - 20\",\"p26_numerodepessoas\":\"20 - 40\",\"p27_espacopublico\":\"Espa\\u00e7o p\\u00fablico\",\"p27_espacoemprestadocedido\":\"Espa\\u00e7o emprestado\\\/cedido\",\"p27_espacoproprio\":\"Espa\\u00e7o pr\\u00f3prio\",\"p28_territorios\":\"Cidade\",\"p30_outrasorganizacoes\":\"Sim\",\"p32_campanhadelongaduracao\":\"N\\u00e3o\",\"p34_nenhuma\":\"Nenhuma\",\"p36_conselhosdeparticipacaoecontrolesocial\":\"Sim\",\"p38_sim\":\"Sim\",\"p40_editais\":\"Sim\",\"p41_privadopj\":\"Privado (P. Jur\\u00eddica)\",\"p41_financiamentocoletivo0\":\"Financiamento coletivo\",\"p42_meiodedivulgacaoproprio\":\"Sim\",\"p43_email\":\"E-mail\",\"p43_facebook\":\"Facebook\",\"p43_instagram\":\"Instagram\",\"p44_jornaisimpressosdegrandecirculacao\":\"Jornais impressos de grande circula\\u00e7\\u00e3o\",\"p44_jornaisimpressosdebairro\":\"Jornais impressos de bairro\",\"p44_nenhum\":\"Nenhum\",\"p39_publico\":\"MULHERES\",\"p45_bandeira\":\"CONTRA-VIOL\\u00caNCIA-CONTRA-MULHER CONTRA-VIOL\\u00caNCIA-P\\u00daBLICA FEMINISMO-PERIF\\u00c9RICO ANTIRRACISMO\",\"p46_hashtags\":\"#ANTIRRACISMO #NAOAVIOLENIACONTRAAMULHER #NAOAVIOLENCIADEGENERO\"},{\"p1_eixo\":\"Viol\\u00eancia\",\"p9_tipoorganizacao\":\"Coletivo\",\"p12_uf\":\"RJ\",\"p13_cidade\":\"BELFORT ROXO \",\"p16_bairro\":\"Bairro\",\"p16_cidade\":\"Cidade\",\"p17_ano\":\"2020\",\"p18_agrario\":\"Agr\\u00e1rio\\\/ruralidades\",\"p18_comunicacao\":\"Comunica\\u00e7\\u00e3o\",\"p18_difusaoartistica\":\"Difus\\u00e3o Art\\u00edstica\",\"p18_desenvolvimentoterritorial\":\"Desenvolvimento territorial\",\"p18_direitoshumanos\":\"Direitos humanos\",\"p18_educacao\":\"Educa\\u00e7\\u00e3o\",\"p18_feminismos\":\"Feminismos\",\"p18_lgbtqi\":\"LGBTQI\",\"p18_lutaantirracismo\":\"Luta antirracismo\",\"p18_moradia\":\"Moradia\",\"p18_trabalho\":\"Trabalho\",\"p18_saude\":\"Sa\\u00fade\",\"p18_violencia\":\"Viol\\u00eancia\",\"p18_politicasculturais\":\"Pol\\u00edticas Culturais\",\"p19_direitoshumanos\":\"Direitos humanos\",\"p19_lgbtqi\":\"LGBTQI\",\"p19_lutaantirracismo\":\"Luta antirracismo\",\"p19_saude\":\"Sa\\u00fade\",\"p19_violencia\":\"Viol\\u00eancia\",\"p19_politicasculturais\":\"Pol\\u00edticas Culturais\",\"p20_reunioes\":\"Reuni\\u00f5es\",\"p20_atendimento\":\"Atendimento\",\"p20_oficinas\":\"Oficinas\",\"p20_oficinasaulasartisticas\":\"Ensaios\\\/Oficinas\\\/Aulas art\\u00edsticas\",\"p20_profissionalizacao\":\"Profissionaliza\\u00e7\\u00e3o\",\"p20_visitasexcursoes\":\"Visitas\\\/Excurs\\u00f5es\",\"p21_repressaopolicial\":\"Repress\\u00e3o policial\",\"p21_intoleranciareligiosa\":\"Fundamentalistamo\\\/intoler\\u00e2ncia religiosa\",\"p21_xenofobia\":\"Xenofobia\",\"p21_machismo\":\"Machismo\",\"p21_racismo\":\"Racismo\",\"p21_lgbtqifobia\":\"LGBTIfobia\",\"p21_nenhum\":\"Nenhum\",\"p22_numerodeparticipantes\":\"45 - 60\",\"p23_reunioes\":\"Reuni\\u00f5es\",\"p23_oficinas\":\"Oficinas\",\"p23_oficinasaulasartisticas\":\"Ensaio\\\/Oficinas\\\/Aulas Art\\u00edsticas\",\"p23_profissionalizacao\":\"Profissionaliza\\u00e7\\u00e3o\",\"p23_excursoes\":\"Excurs\\u00f5es\",\"p23_outros\":\"Outros\",\"p24_visitasexcursoes\":\"Visitas\\\/Excurs\\u00f5es\",\"p24_outros\":\"Outros\",\"p25_numerodepessoas\":\"20 - 40\",\"p26_numerodepessoas\":\"1 - 20\",\"p27_espacopublico\":\"Espa\\u00e7o p\\u00fablico\",\"p27_espacoemprestadocedido\":\"Espa\\u00e7o emprestado\\\/cedido\",\"p27_espacoproprio\":\"Espa\\u00e7o pr\\u00f3prio\",\"p27_virtual\":\"Virtual\",\"p28_territorios\":\"Pr\\u00f3prio bairro\",\"p30_outrasorganizacoes\":\"Sim\",\"p32_campanhadelongaduracao\":\"Sim\",\"p34_nenhuma\":\"Nenhuma\",\"p36_conselhosdeparticipacaoecontrolesocial\":\"Sim\",\"p38_sim\":\"Sim\",\"p40_editais\":\"N\\u00e3o\",\"p41_autofinanciamento\":\"Auto-financiamento\",\"p41_financiamentocoletivo0\":\"Financiamento coletivo\",\"p42_meiodedivulgacaoproprio\":\"Sim\",\"p43_email\":\"E-mail\",\"p43_instagram\":\"Instagram\",\"p44_jornaisimpressosdegrandecirculacao\":\"Jornais impressos de grande circula\\u00e7\\u00e3o\",\"p44_jornaisimpressosdebairro\":\"Jornais impressos de bairro\",\"p44_nenhum\":\"Nenhum\",\"p39_publico\":\"CRIAN\\u00c7AS ADOLESCENTES\",\"p45_bandeira\":\"ANTI-HOMOFOBIA ANTIRRACISMO\",\"p46_hashtags\":\"#ANTIRRACISMO #BAIXADAFLUMINENSE #ANTIHOMOFOBIA \"},{\"p1_eixo\":\"Viol\\u00eancia\",\"p9_tipoorganizacao\":\"Movimento Social\",\"p12_uf\":\"RO\",\"p13_cidade\":\"VILHENA \",\"p16_cidade\":\"Cidade\",\"p17_ano\":\"2023\",\"p16_estado\":\"Estado\",\"p18_agrario\":\"Agr\\u00e1rio\\\/ruralidades\",\"p18_comunicacao\":\"Comunica\\u00e7\\u00e3o\",\"p18_difusaoartistica\":\"Difus\\u00e3o Art\\u00edstica\",\"p18_direitoshumanos\":\"Direitos humanos\",\"p18_educacao\":\"Educa\\u00e7\\u00e3o\",\"p18_feminismos\":\"Feminismos\",\"p18_lgbtqi\":\"LGBTQI\",\"p18_lutaantirracismo\":\"Luta antirracismo\",\"p18_mobilidade\":\"Mobilidade\",\"p18_povosecomunidadestradicionais\":\"Povos e comunidades tradicionais\",\"p18_trabalho\":\"Trabalho\",\"p18_saude\":\"Sa\\u00fade\",\"p18_violencia\":\"Viol\\u00eancia\",\"p18_politicasculturais\":\"Pol\\u00edticas Culturais\",\"p19_comunicacao\":\"Comunica\\u00e7\\u00e3o\",\"p19_feminismos\":\"Feminismos\",\"p19_lgbtqi\":\"LGBTQI\",\"p19_saude\":\"Sa\\u00fade\",\"p19_violencia\":\"Viol\\u00eancia\",\"p19_difusaoartistica\":\"Difus\\u00e3o Art\\u00edstica\",\"p20_reunioes\":\"Reuni\\u00f5es\",\"p20_oficinas\":\"Oficinas\",\"p20_apresentacoesartisticas\":\"Apresenta\\u00e7\\u00f5es art\\u00edsticas\",\"p21_machismo\":\"Machismo\",\"p21_nenhum\":\"Nenhum\",\"p22_numerodeparticipantes\":\"75 - 90\",\"p23_reunioes\":\"Reuni\\u00f5es\",\"p23_outros\":\"Outros\",\"p24_reunioes\":\"Reuni\\u00f5es\",\"p24_oficinas\":\"Oficinas\",\"p24_apresentacoesartisticas\":\"Apresenta\\u00e7\\u00f5es art\\u00edsticas\",\"p24_outros\":\"Outros\",\"p25_numerodepessoas\":\"1 - 20\",\"p26_numerodepessoas\":\"1 - 20\",\"p27_espacopublico\":\"Espa\\u00e7o p\\u00fablico\",\"p27_espacoemprestadocedido\":\"Espa\\u00e7o emprestado\\\/cedido\",\"p27_virtual\":\"Virtual\",\"p28_territorios\":\"Cidade\",\"p30_outrasorganizacoes\":\"N\\u00e3o\",\"p32_campanhadelongaduracao\":\"N\\u00e3o\",\"p34_nenhuma\":\"Nenhuma\",\"p36_conselhosdeparticipacaoecontrolesocial\":\"Sim\",\"p38_sim\":\"Sim\",\"p38_nenhum\":\"Nenhum\",\"p40_editais\":\"N\\u00e3o\",\"p41_autofinanciamento\":\"Auto-financiamento\",\"p42_meiodedivulgacaoproprio\":\"Sim\",\"p43_facebook\":\"Facebook\",\"p43_whatsapp\":\"WhatApp\",\"p43_instagram\":\"Instagram\",\"p44_radio\":\"TV\",\"p44_sitesblogs\":\"Sites ou Blogs\",\"p44_nenhum\":\"Nenhum\",\"p39_publico\":\"LGBTQIA+\",\"p45_bandeira\":\"POL\\u00cdTICAS-P\\u00daBLICAS FORMA\\u00c7\\u00c3O POPULA\\u00c7\\u00c3O LGBT\",\"p46_hashtags\":\"#POLITICASPUBLICAS #DIVERSIDADE #RESISTENCIA \"},{\"p1_eixo\":\"Cultura\",\"p9_tipoorganizacao\":\"Coletivo Art\\u00edstico\",\"p12_uf\":\"MS\",\"p13_cidade\":\"CORUMB\\u00c1, LAD\\u00c1RIO E CAMPO GRANDE \",\"p17_ano\":\"2022\",\"p16_estado\":\"Estado\",\"p18_agrario\":\"Agr\\u00e1rio\\\/ruralidades\",\"p18_comunicacao\":\"Comunica\\u00e7\\u00e3o\",\"p18_difusaoartistica\":\"Difus\\u00e3o Art\\u00edstica\",\"p18_desenvolvimentoterritorial\":\"Desenvolvimento territorial\",\"p18_direitoshumanos\":\"Direitos humanos\",\"p18_educacao\":\"Educa\\u00e7\\u00e3o\",\"p18_feminismos\":\"Feminismos\",\"p18_lgbtqi\":\"LGBTQI\",\"p18_lutaantirracismo\":\"Luta antirracismo\",\"p18_mobilidade\":\"Mobilidade\",\"p18_povosecomunidadestradicionais\":\"Povos e comunidades tradicionais\",\"p18_trabalho\":\"Trabalho\",\"p18_religiao\":\"Religi\\u00e3o\",\"p18_saude\":\"Sa\\u00fade\",\"p18_violencia\":\"Viol\\u00eancia\",\"p18_politicasculturais\":\"Pol\\u00edticas Culturais\",\"p19_comunicacao\":\"Comunica\\u00e7\\u00e3o\",\"p19_feminismos\":\"Feminismos\",\"p19_lgbtqi\":\"LGBTQI\",\"p19_lutaantirracismo\":\"Luta antirracismo\",\"p19_difusaoartistica\":\"Difus\\u00e3o Art\\u00edstica\",\"p19_politicasculturais\":\"Pol\\u00edticas Culturais\",\"p20_reunioes\":\"Reuni\\u00f5es\",\"p20_atendimento\":\"Atendimento\",\"p20_oficinas\":\"Oficinas\",\"p20_oficinasaulasartisticas\":\"Ensaios\\\/Oficinas\\\/Aulas art\\u00edsticas\",\"p20_apresentacoesartisticas\":\"Apresenta\\u00e7\\u00f5es art\\u00edsticas\",\"p20_visitasexcursoes\":\"Visitas\\\/Excurs\\u00f5es\",\"p21_repressaopolicial\":\"Repress\\u00e3o policial\",\"p21_intoleranciareligiosa\":\"Fundamentalistamo\\\/intoler\\u00e2ncia religiosa\",\"p21_xenofobia\":\"Xenofobia\",\"p21_machismo\":\"Machismo\",\"p21_racismo\":\"Racismo\",\"p21_lgbtqifobia\":\"LGBTIfobia\",\"p22_numerodeparticipantes\":\"1  - 15\",\"p23_reunioes\":\"Reuni\\u00f5es\",\"p23_atendimento\":\"Atendimento\",\"p23_oficinas\":\"Oficinas\",\"p23_oficinasaulasartisticas\":\"Ensaio\\\/Oficinas\\\/Aulas Art\\u00edsticas\",\"p23_apresentacoesartisticas\":\"Apresenta\\u00e7\\u00f5es Art\\u00edsticas\",\"p23_visitas\":\"Visitas\",\"p23_outros\":\"Outros\",\"p24_reunioes\":\"Reuni\\u00f5es\",\"p24_oficinas\":\"Oficinas\",\"p24_apresentacoesartisticas\":\"Apresenta\\u00e7\\u00f5es art\\u00edsticas\",\"p24_outros\":\"Outros\",\"p25_numerodepessoas\":\"1 - 20\",\"p26_numerodepessoas\":\"40 - 60\",\"p27_espacopublico\":\"Espa\\u00e7o p\\u00fablico\",\"p27_espacoemprestadocedido\":\"Espa\\u00e7o emprestado\\\/cedido\",\"p27_virtual\":\"Virtual\",\"p28_territorios\":\"Estado\",\"p30_outrasorganizacoes\":\"N\\u00e3o\",\"p32_campanhadelongaduracao\":\"N\\u00e3o\",\"p34_municipal\":\"Municipal\",\"p34_nenhuma\":\"Nenhuma\",\"p36_conselhosdeparticipacaoecontrolesocial\":\"Sim\",\"p38_sim\":\"Sim\",\"p38_nenhum\":\"Nenhum\",\"p40_editais\":\"Sim\",\"p41_publicoestatal\":\"P\\u00fablico-Estatal\",\"p41_autofinanciamento\":\"Auto-financiamento\",\"p41_financiamentocoletivo0\":\"Financiamento coletivo\",\"p42_meiodedivulgacaoproprio\":\"Sim\",\"p43_email\":\"E-mail\",\"p43_facebook\":\"Facebook\",\"p43_whatsapp\":\"WhatApp\",\"p43_instagram\":\"Instagram\",\"p44_radio\":\"TV\",\"p44_jornaisimpressosdebairro\":\"Jornais impressos de bairro\",\"p44_sitesblogs\":\"Sites ou Blogs\",\"p39_publico\":\"MULHERES JOVENS\",\"p45_bandeira\":\"EDUCA\\u00c7\\u00c3O-AMBIENTAL CONSERVA\\u00c7\\u00c3O PANTANAL RESPEITO POVOS-COMUNIDADES-TRADICIONAIS FEMINISMOS EQUIDADE-DE-G\\u00caNERO RESPEITO CONEX\\u00c3O-NATUREZA\",\"p46_hashtags\":\"#ARTEEEDUCACAO #PANTANAL #MULHERESARTISTAS \"},{\"p1_eixo\":\"Cultura\",\"p9_tipoorganizacao\":\"Coletivo\",\"p12_uf\":\"SP\",\"p13_cidade\":\"OURINHOS, CANITAR, ASSIS\",\"p16_internacional\":\"Internacional\",\"p17_ano\":\"2017\",\"p16_estado\":\"Estado\",\"p18_agrario\":\"Agr\\u00e1rio\\\/ruralidades\",\"p18_comunicacao\":\"Comunica\\u00e7\\u00e3o\",\"p18_difusaoartistica\":\"Difus\\u00e3o Art\\u00edstica\",\"p18_desenvolvimentoterritorial\":\"Desenvolvimento territorial\",\"p18_direitoshumanos\":\"Direitos humanos\",\"p18_educacao\":\"Educa\\u00e7\\u00e3o\",\"p18_feminismos\":\"Feminismos\",\"p18_lgbtqi\":\"LGBTQI\",\"p18_lutaantirracismo\":\"Luta antirracismo\",\"p18_mobilidade\":\"Mobilidade\",\"p18_povosecomunidadestradicionais\":\"Povos e comunidades tradicionais\",\"p18_trabalho\":\"Trabalho\",\"p18_religiao\":\"Religi\\u00e3o\",\"p18_saude\":\"Sa\\u00fade\",\"p18_violencia\":\"Viol\\u00eancia\",\"p18_politicasculturais\":\"Pol\\u00edticas Culturais\",\"p19_educacao\":\"Educa\\u00e7\\u00e3o\",\"p19_lgbtqi\":\"LGBTQI\",\"p19_lutaantirracismo\":\"Luta antirracismo\",\"p19_difusaoartistica\":\"Difus\\u00e3o Art\\u00edstica\",\"p19_politicasculturais\":\"Pol\\u00edticas Culturais\",\"p20_reunioes\":\"Reuni\\u00f5es\",\"p20_atendimento\":\"Atendimento\",\"p20_oficinas\":\"Oficinas\",\"p20_oficinasaulasartisticas\":\"Ensaios\\\/Oficinas\\\/Aulas art\\u00edsticas\",\"p20_apresentacoesartisticas\":\"Apresenta\\u00e7\\u00f5es art\\u00edsticas\",\"p20_visitasexcursoes\":\"Visitas\\\/Excurs\\u00f5es\",\"p21_repressaopolicial\":\"Repress\\u00e3o policial\",\"p21_intoleranciareligiosa\":\"Fundamentalistamo\\\/intoler\\u00e2ncia religiosa\",\"p21_xenofobia\":\"Xenofobia\",\"p21_machismo\":\"Machismo\",\"p21_racismo\":\"Racismo\",\"p21_lgbtqifobia\":\"LGBTIfobia\",\"p22_numerodeparticipantes\":\"Mais de 90\",\"p23_reunioes\":\"Reuni\\u00f5es\",\"p23_atendimento\":\"Atendimento\",\"p23_oficinas\":\"Oficinas\",\"p23_oficinasaulasartisticas\":\"Ensaio\\\/Oficinas\\\/Aulas Art\\u00edsticas\",\"p23_apresentacoesartisticas\":\"Apresenta\\u00e7\\u00f5es Art\\u00edsticas\",\"p23_visitas\":\"Visitas\",\"p23_outros\":\"Outros\",\"p24_apresentacoesartisticas\":\"Apresenta\\u00e7\\u00f5es art\\u00edsticas\",\"p24_outros\":\"Outros\",\"p25_numerodepessoas\":\"Mais de 500\",\"p26_numerodepessoas\":\"1 - 20\",\"p27_espacopublico\":\"Espa\\u00e7o p\\u00fablico\",\"p28_territorios\":\"Cidade\",\"p30_outrasorganizacoes\":\"N\\u00e3o\",\"p32_campanhadelongaduracao\":\"Sim\",\"p34_municipal\":\"Municipal\",\"p34_nenhuma\":\"Nenhuma\",\"p36_conselhosdeparticipacaoecontrolesocial\":\"Sim\",\"p38_sim\":\"Sim\",\"p38_nenhum\":\"Nenhum\",\"p40_editais\":\"Sim\",\"p41_publicoestatal\":\"P\\u00fablico-Estatal\",\"p41_financiamentocoletivo0\":\"Financiamento coletivo\",\"p42_meiodedivulgacaoproprio\":\"Sim\",\"p43_email\":\"E-mail\",\"p43_facebook\":\"Facebook\",\"p43_instagram\":\"Instagram\",\"p44_radio\":\"TV\",\"p44_jornaisimpressosdebairro\":\"Jornais impressos de bairro\",\"p44_sitesblogs\":\"Sites ou Blogs\",\"p39_publico\":\"PESSOAS-DA-PERIFERIA\",\"p45_bandeira\":\"COMBATE-RACISMO CONTRA-CRIMINALIZA\\u00c7\\u00c3O CULTURA HIP-HOP COMBATE-LGBTFOBIA\",\"p46_hashtags\":\"#COMBATEAORACISMO #RESISTENCIA #NOSEXISTIMOS\"},{\"p1_eixo\":\"Cultura\",\"p9_tipoorganizacao\":\"Coletivo\",\"p12_uf\":\"MS\",\"p13_cidade\":\"CORUMB\\u00c1\",\"p16_internacional\":\"Internacional\",\"p17_ano\":\"2016\",\"p16_estado\":\"Estado\",\"p18_agrario\":\"Agr\\u00e1rio\\\/ruralidades\",\"p18_comunicacao\":\"Comunica\\u00e7\\u00e3o\",\"p18_difusaoartistica\":\"Difus\\u00e3o Art\\u00edstica\",\"p18_desenvolvimentoterritorial\":\"Desenvolvimento territorial\",\"p18_direitoshumanos\":\"Direitos humanos\",\"p18_educacao\":\"Educa\\u00e7\\u00e3o\",\"p18_feminismos\":\"Feminismos\",\"p18_lgbtqi\":\"LGBTQI\",\"p18_lutaantirracismo\":\"Luta antirracismo\",\"p18_mobilidade\":\"Mobilidade\",\"p18_moradia\":\"Moradia\",\"p18_povosecomunidadestradicionais\":\"Povos e comunidades tradicionais\",\"p18_trabalho\":\"Trabalho\",\"p18_religiao\":\"Religi\\u00e3o\",\"p18_saude\":\"Sa\\u00fade\",\"p18_violencia\":\"Viol\\u00eancia\",\"p18_politicasculturais\":\"Pol\\u00edticas Culturais\",\"p19_educacao\":\"Educa\\u00e7\\u00e3o\",\"p19_lutaantirracismo\":\"Luta antirracismo\",\"p19_povosecomunidadestradicionais\":\"Povos e comunidades tradicionais\",\"p19_difusaoartistica\":\"Difus\\u00e3o Art\\u00edstica\",\"p20_reunioes\":\"Reuni\\u00f5es\",\"p20_oficinas\":\"Oficinas\",\"p20_oficinasaulasartisticas\":\"Ensaios\\\/Oficinas\\\/Aulas art\\u00edsticas\",\"p20_cursos\":\"Cursos\",\"p20_apresentacoesartisticas\":\"Apresenta\\u00e7\\u00f5es art\\u00edsticas\",\"p20_visitasexcursoes\":\"Visitas\\\/Excurs\\u00f5es\",\"p21_repressaopolicial\":\"Repress\\u00e3o policial\",\"p21_intoleranciareligiosa\":\"Fundamentalistamo\\\/intoler\\u00e2ncia religiosa\",\"p21_xenofobia\":\"Xenofobia\",\"p21_machismo\":\"Machismo\",\"p21_racismo\":\"Racismo\",\"p21_lgbtqifobia\":\"LGBTIfobia\",\"p22_numerodeparticipantes\":\"15 - 30\",\"p23_reunioes\":\"Reuni\\u00f5es\",\"p23_oficinas\":\"Oficinas\",\"p23_oficinasaulasartisticas\":\"Ensaio\\\/Oficinas\\\/Aulas Art\\u00edsticas\",\"p23_outros\":\"Outros\",\"p24_reunioes\":\"Reuni\\u00f5es\",\"p24_atendimento\":\"Atendimentos\",\"p24_oficinas\":\"Oficinas\",\"p24_apresentacoesartisticas\":\"Apresenta\\u00e7\\u00f5es art\\u00edsticas\",\"p24_visitasexcursoes\":\"Visitas\\\/Excurs\\u00f5es\",\"p24_outros\":\"Outros\",\"p25_numerodepessoas\":\"20 - 40\",\"p26_numerodepessoas\":\"1 - 20\",\"p27_espacopublico\":\"Espa\\u00e7o p\\u00fablico\",\"p28_territorios\":\"Atua\\u00e7\\u00e3o Nacional\",\"p30_outrasorganizacoes\":\"Sim\",\"p32_campanhadelongaduracao\":\"N\\u00e3o\",\"p34_nenhuma\":\"Nenhuma\",\"p36_conselhosdeparticipacaoecontrolesocial\":\"N\\u00e3o\",\"p38_nenhum\":\"Nenhum\",\"p40_editais\":\"Sim\",\"p41_autofinanciamento\":\"Auto-financiamento\",\"p41_financiamentocoletivo0\":\"Financiamento coletivo\",\"p42_meiodedivulgacaoproprio\":\"Sim\",\"p43_facebook\":\"Facebook\",\"p43_instagram\":\"Instagram\",\"p44_radio\":\"TV\",\"p44_sitesblogs\":\"Sites ou Blogs\",\"p44_nenhum\":\"Nenhum\",\"p39_publico\":\"POPULA\\u00c7\\u00c3O-PERIF\\u00c9RICA\",\"p45_bandeira\":\"CULTURA HIP-HOP CONTRA-RACISMO CONTRA-MACHISMO IGUALDADE-RACIAL IGUALDADE-ECON\\u00d4MICA\",\"p46_hashtags\":\"#HIPHOP #IGUALDADE #LUTACONTRAOMACHISMO \"},{\"p1_eixo\":\"Cultura\",\"p9_tipoorganizacao\":\"Coletivo\",\"p12_uf\":\"RR\",\"p13_cidade\":\"CANT\\u00c1\",\"p17_ano\":\"2021\",\"p16_estado\":\"Estado\",\"p18_agrario\":\"Agr\\u00e1rio\\\/ruralidades\",\"p18_comunicacao\":\"Comunica\\u00e7\\u00e3o\",\"p18_difusaoartistica\":\"Difus\\u00e3o Art\\u00edstica\",\"p18_desenvolvimentoterritorial\":\"Desenvolvimento territorial\",\"p18_direitoshumanos\":\"Direitos humanos\",\"p18_educacao\":\"Educa\\u00e7\\u00e3o\",\"p18_feminismos\":\"Feminismos\",\"p18_lgbtqi\":\"LGBTQI\",\"p18_lutaantirracismo\":\"Luta antirracismo\",\"p18_mobilidade\":\"Mobilidade\",\"p18_moradia\":\"Moradia\",\"p18_povosecomunidadestradicionais\":\"Povos e comunidades tradicionais\",\"p18_trabalho\":\"Trabalho\",\"p18_saude\":\"Sa\\u00fade\",\"p18_violencia\":\"Viol\\u00eancia\",\"p18_politicasculturais\":\"Pol\\u00edticas Culturais\",\"p19_educacao\":\"Educa\\u00e7\\u00e3o\",\"p19_feminismos\":\"Feminismos\",\"p19_lutaantirracismo\":\"Luta antirracismo\",\"p19_povosecomunidadestradicionais\":\"Povos e comunidades tradicionais\",\"p19_difusaoartistica\":\"Difus\\u00e3o Art\\u00edstica\",\"p19_politicasculturais\":\"Pol\\u00edticas Culturais\",\"p20_reunioes\":\"Reuni\\u00f5es\",\"p20_oficinas\":\"Oficinas\",\"p20_oficinasaulasartisticas\":\"Ensaios\\\/Oficinas\\\/Aulas art\\u00edsticas\",\"p20_cursos\":\"Cursos\",\"p20_profissionalizacao\":\"Profissionaliza\\u00e7\\u00e3o\",\"p20_apresentacoesartisticas\":\"Apresenta\\u00e7\\u00f5es art\\u00edsticas\",\"p20_visitasexcursoes\":\"Visitas\\\/Excurs\\u00f5es\",\"p21_repressaopolicial\":\"Repress\\u00e3o policial\",\"p21_intoleranciareligiosa\":\"Fundamentalistamo\\\/intoler\\u00e2ncia religiosa\",\"p21_machismo\":\"Machismo\",\"p21_racismo\":\"Racismo\",\"p21_lgbtqifobia\":\"LGBTIfobia\",\"p22_numerodeparticipantes\":\"1  - 15\",\"p23_reunioes\":\"Reuni\\u00f5es\",\"p23_oficinas\":\"Oficinas\",\"p23_cursos\":\"Cursos\",\"p23_profissionalizacao\":\"Profissionaliza\\u00e7\\u00e3o\",\"p23_apresentacoesartisticas\":\"Apresenta\\u00e7\\u00f5es Art\\u00edsticas\",\"p23_outros\":\"Outros\",\"p24_reunioes\":\"Reuni\\u00f5es\",\"p24_atendimento\":\"Atendimentos\",\"p24_oficinas\":\"Oficinas\",\"p24_apresentacoesartisticas\":\"Apresenta\\u00e7\\u00f5es art\\u00edsticas\",\"p24_visitasexcursoes\":\"Visitas\\\/Excurs\\u00f5es\",\"p24_outros\":\"Outros\",\"p25_numerodepessoas\":\"1 - 20\",\"p26_numerodepessoas\":\"Mais de 500\",\"p27_espacopublico\":\"Espa\\u00e7o p\\u00fablico\",\"p27_espacoemprestadocedido\":\"Espa\\u00e7o emprestado\\\/cedido\",\"p28_territorios\":\"Estado\",\"p30_outrasorganizacoes\":\"N\\u00e3o\",\"p32_campanhadelongaduracao\":\"N\\u00e3o\",\"p34_estadual\":\"Estadual\",\"p34_nenhuma\":\"Nenhuma\",\"p36_conselhosdeparticipacaoecontrolesocial\":\"N\\u00e3o\",\"p38_nenhum\":\"Nenhum\",\"p40_editais\":\"N\\u00e3o\",\"p41_autofinanciamento\":\"Auto-financiamento\",\"p42_meiodedivulgacaoproprio\":\"Sim\",\"p43_email\":\"E-mail\",\"p43_facebook\":\"Facebook\",\"p43_instagram\":\"Instagram\",\"p44_radio\":\"TV\",\"p44_nenhum\":\"Nenhum\",\"p39_publico\":\"P\\u00daBLICO-DA-COMUNIDADE\",\"p45_bandeira\":\"POVOS-IND\\u00cdGENAS POVOS-TRADICIONAIS BEM-VIVER DIREITO TERRIT\\u00d3RIO CONTRA-RACISMO\",\"p46_hashtags\":\"#DIREITOSDOSPOVOSINDIGENAS #ANCESTRALIDADE #LUTAPELOBEMVIVERCOMUM\"},{\"p1_eixo\":\"Cultura\",\"p9_tipoorganizacao\":\"Coletivo Art\\u00edstico\",\"p12_uf\":\"MS\",\"p13_cidade\":\"CORUMB\\u00c1\",\"p16_internacional\":\"Internacional\",\"p17_ano\":\"1996\",\"p16_estado\":\"Estado\",\"p18_comunicacao\":\"Comunica\\u00e7\\u00e3o\",\"p18_difusaoartistica\":\"Difus\\u00e3o Art\\u00edstica\",\"p18_desenvolvimentoterritorial\":\"Desenvolvimento territorial\",\"p18_direitoshumanos\":\"Direitos humanos\",\"p18_educacao\":\"Educa\\u00e7\\u00e3o\",\"p18_feminismos\":\"Feminismos\",\"p18_lgbtqi\":\"LGBTQI\",\"p18_lutaantirracismo\":\"Luta antirracismo\",\"p18_moradia\":\"Moradia\",\"p18_povosecomunidadestradicionais\":\"Povos e comunidades tradicionais\",\"p18_trabalho\":\"Trabalho\",\"p18_religiao\":\"Religi\\u00e3o\",\"p18_saude\":\"Sa\\u00fade\",\"p18_violencia\":\"Viol\\u00eancia\",\"p18_politicasculturais\":\"Pol\\u00edticas Culturais\",\"p19_feminismos\":\"Feminismos\",\"p19_lgbtqi\":\"LGBTQI\",\"p19_lutaantirracismo\":\"Luta antirracismo\",\"p19_trabalho\":\"Trabalho\",\"p19_difusaoartistica\":\"Difus\\u00e3o Art\\u00edstica\",\"p19_politicasculturais\":\"Pol\\u00edticas Culturais\",\"p20_reunioes\":\"Reuni\\u00f5es\",\"p20_oficinas\":\"Oficinas\",\"p20_oficinasaulasartisticas\":\"Ensaios\\\/Oficinas\\\/Aulas art\\u00edsticas\",\"p20_profissionalizacao\":\"Profissionaliza\\u00e7\\u00e3o\",\"p20_visitasexcursoes\":\"Visitas\\\/Excurs\\u00f5es\",\"p21_xenofobia\":\"Xenofobia\",\"p21_machismo\":\"Machismo\",\"p21_racismo\":\"Racismo\",\"p21_lgbtqifobia\":\"LGBTIfobia\",\"p22_numerodeparticipantes\":\"1  - 15\",\"p23_reunioes\":\"Reuni\\u00f5es\",\"p23_oficinas\":\"Oficinas\",\"p23_oficinasaulasartisticas\":\"Ensaio\\\/Oficinas\\\/Aulas Art\\u00edsticas\",\"p23_cursos\":\"Cursos\",\"p23_profissionalizacao\":\"Profissionaliza\\u00e7\\u00e3o\",\"p23_apresentacoesartisticas\":\"Apresenta\\u00e7\\u00f5es Art\\u00edsticas\",\"p23_outros\":\"Outros\",\"p24_reunioes\":\"Reuni\\u00f5es\",\"p24_apresentacoesartisticas\":\"Apresenta\\u00e7\\u00f5es art\\u00edsticas\",\"p24_visitasexcursoes\":\"Visitas\\\/Excurs\\u00f5es\",\"p24_outros\":\"Outros\",\"p25_numerodepessoas\":\"40 - 60\",\"p26_numerodepessoas\":\"300 - 400\",\"p27_espacopublico\":\"Espa\\u00e7o p\\u00fablico\",\"p27_espacoemprestadocedido\":\"Espa\\u00e7o emprestado\\\/cedido\",\"p27_espacoproprio\":\"Espa\\u00e7o pr\\u00f3prio\",\"p28_territorios\":\"Estado\",\"p30_outrasorganizacoes\":\"Sim\",\"p32_campanhadelongaduracao\":\"N\\u00e3o\",\"p34_estadual\":\"Estadual\",\"p34_nenhuma\":\"Nenhuma\",\"p36_conselhosdeparticipacaoecontrolesocial\":\"Sim\",\"p38_sim\":\"Sim\",\"p38_nenhum\":\"Nenhum\",\"p40_editais\":\"Sim\",\"p41_publicoestatal\":\"P\\u00fablico-Estatal\",\"p41_autofinanciamento\":\"Auto-financiamento\",\"p42_meiodedivulgacaoproprio\":\"Sim\",\"p43_email\":\"E-mail\",\"p43_facebook\":\"Facebook\",\"p43_instagram\":\"Instagram\",\"p44_radio\":\"TV\",\"p44_jornaisimpressosdegrandecirculacao\":\"Jornais impressos de grande circula\\u00e7\\u00e3o\",\"p44_jornaisimpressosdebairro\":\"Jornais impressos de bairro\",\"p39_publico\":\"JOVENS\",\"p45_bandeira\":\"FEMINISMO LGBTQIA+ LUTA-ANTIRRACISTA CONTRA-XENOFOBIA\",\"p46_hashtags\":\"#FEMINISMO #SOMOSTODOSUM #FRONTEIRASABERTAS\"},{\"p1_eixo\":\"Cultura\",\"p9_tipoorganizacao\":\"Coletivo Art\\u00edstico\",\"p12_uf\":\"RS\",\"p13_cidade\":\"PELOTAS\",\"p16_internacional\":\"Internacional\",\"p17_ano\":\"1999\",\"p16_estado\":\"Estado\",\"p18_agrario\":\"Agr\\u00e1rio\\\/ruralidades\",\"p18_comunicacao\":\"Comunica\\u00e7\\u00e3o\",\"p18_difusaoartistica\":\"Difus\\u00e3o Art\\u00edstica\",\"p18_desenvolvimentoterritorial\":\"Desenvolvimento territorial\",\"p18_direitoshumanos\":\"Direitos humanos\",\"p18_educacao\":\"Educa\\u00e7\\u00e3o\",\"p18_feminismos\":\"Feminismos\",\"p18_lgbtqi\":\"LGBTQI\",\"p18_lutaantirracismo\":\"Luta antirracismo\",\"p18_povosecomunidadestradicionais\":\"Povos e comunidades tradicionais\",\"p18_trabalho\":\"Trabalho\",\"p18_religiao\":\"Religi\\u00e3o\",\"p18_saude\":\"Sa\\u00fade\",\"p18_violencia\":\"Viol\\u00eancia\",\"p18_politicasculturais\":\"Pol\\u00edticas Culturais\",\"p19_agrario\":\"Agr\\u00e1rio\\\/ruralidades\",\"p19_direitoshumanos\":\"Direitos humanos\",\"p19_lgbtqi\":\"LGBTQI\",\"p19_povosecomunidadestradicionais\":\"Povos e comunidades tradicionais\",\"p19_trabalho\":\"Trabalho\",\"p19_difusaoartistica\":\"Difus\\u00e3o Art\\u00edstica\",\"p20_reunioes\":\"Reuni\\u00f5es\",\"p20_atendimento\":\"Atendimento\",\"p20_oficinas\":\"Oficinas\",\"p20_oficinasaulasartisticas\":\"Ensaios\\\/Oficinas\\\/Aulas art\\u00edsticas\",\"p20_cursos\":\"Cursos\",\"p20_formacao\":\"Forma\\u00e7\\u00e3o\",\"p20_apresentacoesartisticas\":\"Apresenta\\u00e7\\u00f5es art\\u00edsticas\",\"p20_visitasexcursoes\":\"Visitas\\\/Excurs\\u00f5es\",\"p21_repressaopolicial\":\"Repress\\u00e3o policial\",\"p21_xenofobia\":\"Xenofobia\",\"p21_machismo\":\"Machismo\",\"p21_racismo\":\"Racismo\",\"p21_lgbtqifobia\":\"LGBTIfobia\",\"p21_enfrentamentocomgruposprivadosarmados\":\"Enfrentamento com grupos privados armados\",\"p22_numerodeparticipantes\":\"30 - 45\",\"p23_reunioes\":\"Reuni\\u00f5es\",\"p23_atendimento\":\"Atendimento\",\"p23_oficinas\":\"Oficinas\",\"p23_oficinasaulasartisticas\":\"Ensaio\\\/Oficinas\\\/Aulas Art\\u00edsticas\",\"p23_cursos\":\"Cursos\",\"p23_formacao\":\"Forma\\u00e7\\u00e3o\",\"p23_apresentacoesartisticas\":\"Apresenta\\u00e7\\u00f5es Art\\u00edsticas\",\"p23_excursoes\":\"Excurs\\u00f5es\",\"p23_outros\":\"Outros\",\"p24_atendimento\":\"Atendimentos\",\"p24_apresentacoesartisticas\":\"Apresenta\\u00e7\\u00f5es art\\u00edsticas\",\"p24_outros\":\"Outros\",\"p25_numerodepessoas\":\"20 - 40\",\"p26_numerodepessoas\":\"Mais de 500\",\"p27_espacopublico\":\"Espa\\u00e7o p\\u00fablico\",\"p27_espacoproprio\":\"Espa\\u00e7o pr\\u00f3prio\",\"p27_virtual\":\"Virtual\",\"p28_territorios\":\"Cidade\",\"p30_outrasorganizacoes\":\"N\\u00e3o\",\"p32_campanhadelongaduracao\":\"N\\u00e3o\",\"p34_municipal\":\"Municipal\",\"p34_estadual\":\"Estadual\",\"p34_nacional\":\"Nacional\",\"p34_nenhuma\":\"Nenhuma\",\"p36_conselhosdeparticipacaoecontrolesocial\":\"Sim\",\"p38_sim\":\"Sim\",\"p40_editais\":\"Sim\",\"p41_publicoestatal\":\"P\\u00fablico-Estatal\",\"p41_autofinanciamento\":\"Auto-financiamento\",\"p42_meiodedivulgacaoproprio\":\"Sim\",\"p43_email\":\"E-mail\",\"p43_facebook\":\"Facebook\",\"p43_instagram\":\"Instagram\",\"p43_sitesblogs\":\"Blogs\\\/sites\",\"p44_radio\":\"TV\",\"p44_jornaisimpressosdegrandecirculacao\":\"Jornais impressos de grande circula\\u00e7\\u00e3o\",\"p44_jornaisimpressosdebairro\":\"Jornais impressos de bairro\",\"p44_sitesblogs\":\"Sites ou Blogs\",\"p39_publico\":\"PESSOAS-PERIF\\u00c9RICAS\",\"p45_bandeira\":\"LUTA-ANTIRRACISTA\",\"p46_hashtags\":\"#LUTAANTIRRACISMO #CULTURAPOPULAR #TOLERANCIARELIGIOSA \"},{\"p1_eixo\":\"Viol\\u00eancia\",\"p9_tipoorganizacao\":\"ONG\",\"p12_uf\":\"MA\",\"p13_cidade\":\"IMPERATRIZ \",\"p16_cidade\":\"Cidade\",\"p17_ano\":\"1995\",\"p16_estado\":\"Estado\",\"p18_agrario\":\"Agr\\u00e1rio\\\/ruralidades\",\"p18_comunicacao\":\"Comunica\\u00e7\\u00e3o\",\"p18_difusaoartistica\":\"Difus\\u00e3o Art\\u00edstica\",\"p18_desenvolvimentoterritorial\":\"Desenvolvimento territorial\",\"p18_direitoshumanos\":\"Direitos humanos\",\"p18_educacao\":\"Educa\\u00e7\\u00e3o\",\"p18_feminismos\":\"Feminismos\",\"p18_lgbtqi\":\"LGBTQI\",\"p18_lutaantirracismo\":\"Luta antirracismo\",\"p18_mobilidade\":\"Mobilidade\",\"p18_povosecomunidadestradicionais\":\"Povos e comunidades tradicionais\",\"p18_trabalho\":\"Trabalho\",\"p18_religiao\":\"Religi\\u00e3o\",\"p18_saude\":\"Sa\\u00fade\",\"p18_violencia\":\"Viol\\u00eancia\",\"p18_politicasculturais\":\"Pol\\u00edticas Culturais\",\"p19_agrario\":\"Agr\\u00e1rio\\\/ruralidades\",\"p19_direitoshumanos\":\"Direitos humanos\",\"p19_lutaantirracismo\":\"Luta antirracismo\",\"p19_povosecomunidadestradicionais\":\"Povos e comunidades tradicionais\",\"p19_politicasculturais\":\"Pol\\u00edticas Culturais\",\"p20_reunioes\":\"Reuni\\u00f5es\",\"p20_atendimento\":\"Atendimento\",\"p20_oficinas\":\"Oficinas\",\"p20_oficinasaulasartisticas\":\"Ensaios\\\/Oficinas\\\/Aulas art\\u00edsticas\",\"p20_cursos\":\"Cursos\",\"p20_formacao\":\"Forma\\u00e7\\u00e3o\",\"p20_apresentacoesartisticas\":\"Apresenta\\u00e7\\u00f5es art\\u00edsticas\",\"p20_visitasexcursoes\":\"Visitas\\\/Excurs\\u00f5es\",\"p21_repressaopolicial\":\"Repress\\u00e3o policial\",\"p21_intoleranciareligiosa\":\"Fundamentalistamo\\\/intoler\\u00e2ncia religiosa\",\"p21_machismo\":\"Machismo\",\"p21_racismo\":\"Racismo\",\"p21_lgbtqifobia\":\"LGBTIfobia\",\"p21_enfrentamentocomgruposprivadosarmados\":\"Enfrentamento com grupos privados armados\",\"p22_numerodeparticipantes\":\"15 - 30\",\"p23_reunioes\":\"Reuni\\u00f5es\",\"p23_atendimento\":\"Atendimento\",\"p23_oficinas\":\"Oficinas\",\"p23_oficinasaulasartisticas\":\"Ensaio\\\/Oficinas\\\/Aulas Art\\u00edsticas\",\"p23_cursos\":\"Cursos\",\"p23_formacao\":\"Forma\\u00e7\\u00e3o\",\"p23_apresentacoesartisticas\":\"Apresenta\\u00e7\\u00f5es Art\\u00edsticas\",\"p23_excursoes\":\"Excurs\\u00f5es\",\"p23_outros\":\"Outros\",\"p24_reunioes\":\"Reuni\\u00f5es\",\"p24_atendimento\":\"Atendimentos\",\"p24_oficinas\":\"Oficinas\",\"p24_formacao\":\"Forma\\u00e7\\u00e3o\",\"p24_outros\":\"Outros\",\"p25_numerodepessoas\":\"40 - 60\",\"p26_numerodepessoas\":\"1 - 20\",\"p27_espacopublico\":\"Espa\\u00e7o p\\u00fablico\",\"p27_espacoemprestadocedido\":\"Espa\\u00e7o emprestado\\\/cedido\",\"p27_espacoproprio\":\"Espa\\u00e7o pr\\u00f3prio\",\"p27_virtual\":\"Virtual\",\"p28_territorios\":\"Estado\",\"p30_outrasorganizacoes\":\"Sim\",\"p32_campanhadelongaduracao\":\"N\\u00e3o\",\"p34_municipal\":\"Municipal\",\"p34_estadual\":\"Estadual\",\"p34_nacional\":\"Nacional\",\"p36_conselhosdeparticipacaoecontrolesocial\":\"Sim\",\"p38_sim\":\"Sim\",\"p40_editais\":\"Sim\",\"p41_publicoestatal\":\"P\\u00fablico-Estatal\",\"p41_privadopj\":\"Privado (P. Jur\\u00eddica)\",\"p41_autofinanciamento\":\"Auto-financiamento\",\"p42_meiodedivulgacaoproprio\":\"Sim\",\"p43_email\":\"E-mail\",\"p43_facebook\":\"Facebook\",\"p43_instagram\":\"Instagram\",\"p43_sitesblogs\":\"Blogs\\\/sites\",\"p44_radio\":\"TV\",\"p44_sitesblogs\":\"Sites ou Blogs\",\"p39_publico\":\"PESSOAS-EM-SITUA\\u00c7\\u00c3O-DE-VIOLA\\u00c7\\u00c3O-DE-DIREITOS-HUMANOS\",\"p45_bandeira\":\"DIREITOS-HUMANOS DIREITOS-DAS-MULHERES JUSTI\\u00c7A-CLIM\\u00c1TICA\",\"p46_hashtags\":\"#DIREITOSHUMANOS #JUSTICACLIMATICA #REFORMAAGRARIA \"},{\"p1_eixo\":\"Cultura\",\"p9_tipoorganizacao\":\"ONG\",\"p12_uf\":\"MS\",\"p13_cidade\":\"DOURADOS \",\"p16_cidade\":\"Cidade\",\"p17_ano\":\"2021\",\"p16_estado\":\"Estado\",\"p18_agrario\":\"Agr\\u00e1rio\\\/ruralidades\",\"p18_comunicacao\":\"Comunica\\u00e7\\u00e3o\",\"p18_difusaoartistica\":\"Difus\\u00e3o Art\\u00edstica\",\"p18_desenvolvimentoterritorial\":\"Desenvolvimento territorial\",\"p18_direitoshumanos\":\"Direitos humanos\",\"p18_educacao\":\"Educa\\u00e7\\u00e3o\",\"p18_feminismos\":\"Feminismos\",\"p18_lgbtqi\":\"LGBTQI\",\"p18_lutaantirracismo\":\"Luta antirracismo\",\"p18_mobilidade\":\"Mobilidade\",\"p18_moradia\":\"Moradia\",\"p18_povosecomunidadestradicionais\":\"Povos e comunidades tradicionais\",\"p18_trabalho\":\"Trabalho\",\"p18_religiao\":\"Religi\\u00e3o\",\"p18_saude\":\"Sa\\u00fade\",\"p18_violencia\":\"Viol\\u00eancia\",\"p18_politicasculturais\":\"Pol\\u00edticas Culturais\",\"p19_direitoshumanos\":\"Direitos humanos\",\"p19_educacao\":\"Educa\\u00e7\\u00e3o\",\"p19_lutaantirracismo\":\"Luta antirracismo\",\"p19_difusaoartistica\":\"Difus\\u00e3o Art\\u00edstica\",\"p19_politicasculturais\":\"Pol\\u00edticas Culturais\",\"p20_reunioes\":\"Reuni\\u00f5es\",\"p20_atendimento\":\"Atendimento\",\"p20_oficinas\":\"Oficinas\",\"p20_oficinasaulasartisticas\":\"Ensaios\\\/Oficinas\\\/Aulas art\\u00edsticas\",\"p20_cursos\":\"Cursos\",\"p20_formacao\":\"Forma\\u00e7\\u00e3o\",\"p20_profissionalizacao\":\"Profissionaliza\\u00e7\\u00e3o\",\"p20_apresentacoesartisticas\":\"Apresenta\\u00e7\\u00f5es art\\u00edsticas\",\"p21_repressaopolicial\":\"Repress\\u00e3o policial\",\"p21_intoleranciareligiosa\":\"Fundamentalistamo\\\/intoler\\u00e2ncia religiosa\",\"p21_xenofobia\":\"Xenofobia\",\"p21_machismo\":\"Machismo\",\"p21_racismo\":\"Racismo\",\"p21_lgbtqifobia\":\"LGBTIfobia\",\"p22_numerodeparticipantes\":\"1  - 15\",\"p23_reunioes\":\"Reuni\\u00f5es\",\"p23_oficinasaulasartisticas\":\"Ensaio\\\/Oficinas\\\/Aulas Art\\u00edsticas\",\"p23_apresentacoesartisticas\":\"Apresenta\\u00e7\\u00f5es Art\\u00edsticas\",\"p23_outros\":\"Outros\",\"p24_reunioes\":\"Reuni\\u00f5es\",\"p24_atendimento\":\"Atendimentos\",\"p24_oficinas\":\"Oficinas\",\"p24_curso\":\"Curso\",\"p24_formacao\":\"Forma\\u00e7\\u00e3o\",\"p24_outros\":\"Outros\",\"p25_numerodepessoas\":\"1 - 20\",\"p26_numerodepessoas\":\"300 - 400\",\"p27_espacopublico\":\"Espa\\u00e7o p\\u00fablico\",\"p27_espacoemprestadocedido\":\"Espa\\u00e7o emprestado\\\/cedido\",\"p27_espacoproprio\":\"Espa\\u00e7o pr\\u00f3prio\",\"p27_ocupacao\":\"Ocupa\\u00e7\\u00e3o\",\"p28_territorios\":\"Estado\",\"p30_outrasorganizacoes\":\"Sim\",\"p32_campanhadelongaduracao\":\"Sim\",\"p34_estadual\":\"Estadual\",\"p34_nacional\":\"Nacional\",\"p36_conselhosdeparticipacaoecontrolesocial\":\"Sim\",\"p38_sim\":\"Sim\",\"p38_nenhum\":\"Nenhum\",\"p40_editais\":\"Sim\",\"p41_publicoestatal\":\"P\\u00fablico-Estatal\",\"p41_privadopj\":\"Privado (P. Jur\\u00eddica)\",\"p41_autofinanciamento\":\"Auto-financiamento\",\"p42_meiodedivulgacaoproprio\":\"Sim\",\"p43_email\":\"E-mail\",\"p43_facebook\":\"Facebook\",\"p43_instagram\":\"Instagram\",\"p43_youtube\":\"YouTube\",\"p44_radio\":\"TV\",\"p44_jornaisimpressosdegrandecirculacao\":\"Jornais impressos de grande circula\\u00e7\\u00e3o\",\"p44_jornaisimpressosdebairro\":\"Jornais impressos de bairro\",\"p44_redessociais\":\"Redes sociais (Facebook, YouTube, Instagram etc.)\",\"p44_sitesblogs\":\"Sites ou Blogs\",\"p39_publico\":\"NEGROS\",\"p45_bandeira\":\"ANTIRRACISMO CULTURA\",\"p46_hashtags\":\"#CULTURA #ANTIRRACISMO #POVOSNEGROS\"},{\"p1_eixo\":\"Cultura\",\"p9_tipoorganizacao\":\"Associa\\u00e7\\u00e3o\",\"p12_uf\":\"AC\",\"p13_cidade\":\"RIO BRANCO\",\"p17_ano\":\"1997\",\"p16_estado\":\"Estado\",\"p18_agrario\":\"Agr\\u00e1rio\\\/ruralidades\",\"p18_comunicacao\":\"Comunica\\u00e7\\u00e3o\",\"p18_difusaoartistica\":\"Difus\\u00e3o Art\\u00edstica\",\"p18_desenvolvimentoterritorial\":\"Desenvolvimento territorial\",\"p18_direitoshumanos\":\"Direitos humanos\",\"p18_educacao\":\"Educa\\u00e7\\u00e3o\",\"p18_feminismos\":\"Feminismos\",\"p18_lgbtqi\":\"LGBTQI\",\"p18_lutaantirracismo\":\"Luta antirracismo\",\"p18_mobilidade\":\"Mobilidade\",\"p18_moradia\":\"Moradia\",\"p18_povosecomunidadestradicionais\":\"Povos e comunidades tradicionais\",\"p18_trabalho\":\"Trabalho\",\"p18_religiao\":\"Religi\\u00e3o\",\"p18_saude\":\"Sa\\u00fade\",\"p18_violencia\":\"Viol\\u00eancia\",\"p18_politicasculturais\":\"Pol\\u00edticas Culturais\",\"p19_direitoshumanos\":\"Direitos humanos\",\"p19_educacao\":\"Educa\\u00e7\\u00e3o\",\"p19_lutaantirracismo\":\"Luta antirracismo\",\"p19_difusaoartistica\":\"Difus\\u00e3o Art\\u00edstica\",\"p19_politicasculturais\":\"Pol\\u00edticas Culturais\",\"p20_reunioes\":\"Reuni\\u00f5es\",\"p20_oficinas\":\"Oficinas\",\"p20_oficinasaulasartisticas\":\"Ensaios\\\/Oficinas\\\/Aulas art\\u00edsticas\",\"p20_cursos\":\"Cursos\",\"p20_formacao\":\"Forma\\u00e7\\u00e3o\",\"p20_profissionalizacao\":\"Profissionaliza\\u00e7\\u00e3o\",\"p20_apresentacoesartisticas\":\"Apresenta\\u00e7\\u00f5es art\\u00edsticas\",\"p20_visitasexcursoes\":\"Visitas\\\/Excurs\\u00f5es\",\"p21_repressaopolicial\":\"Repress\\u00e3o policial\",\"p21_intoleranciareligiosa\":\"Fundamentalistamo\\\/intoler\\u00e2ncia religiosa\",\"p21_xenofobia\":\"Xenofobia\",\"p21_machismo\":\"Machismo\",\"p21_racismo\":\"Racismo\",\"p21_lgbtqifobia\":\"LGBTIfobia\",\"p21_enfrentamentocomgruposprivadosarmados\":\"Enfrentamento com grupos privados armados\",\"p22_numerodeparticipantes\":\"30 - 45\",\"p23_reunioes\":\"Reuni\\u00f5es\",\"p23_oficinasaulasartisticas\":\"Ensaio\\\/Oficinas\\\/Aulas Art\\u00edsticas\",\"p23_apresentacoesartisticas\":\"Apresenta\\u00e7\\u00f5es Art\\u00edsticas\",\"p23_outros\":\"Outros\",\"p24_oficinas\":\"Oficinas\",\"p24_curso\":\"Curso\",\"p24_formacao\":\"Forma\\u00e7\\u00e3o\",\"p24_apresentacoesartisticas\":\"Apresenta\\u00e7\\u00f5es art\\u00edsticas\",\"p24_outros\":\"Outros\",\"p25_numerodepessoas\":\"60 - 80\",\"p26_numerodepessoas\":\"40 - 60\",\"p27_espacopublico\":\"Espa\\u00e7o p\\u00fablico\",\"p27_espacoemprestadocedido\":\"Espa\\u00e7o emprestado\\\/cedido\",\"p27_espacoproprio\":\"Espa\\u00e7o pr\\u00f3prio\",\"p27_ocupacao\":\"Ocupa\\u00e7\\u00e3o\",\"p28_territorios\":\"Estado\",\"p30_outrasorganizacoes\":\"Sim\",\"p32_campanhadelongaduracao\":\"Sim\",\"p34_municipal\":\"Municipal\",\"p34_estadual\":\"Estadual\",\"p34_nacional\":\"Nacional\",\"p36_conselhosdeparticipacaoecontrolesocial\":\"Sim\",\"p38_sim\":\"Sim\",\"p38_nenhum\":\"Nenhum\",\"p40_editais\":\"Sim\",\"p41_publicoestatal\":\"P\\u00fablico-Estatal\",\"p42_meiodedivulgacaoproprio\":\"Sim\",\"p43_impressoes\":\"Impressos\",\"p43_email\":\"E-mail\",\"p43_facebook\":\"Facebook\",\"p43_instagram\":\"Instagram\",\"p43_youtube\":\"YouTube\",\"p44_radio\":\"TV\",\"p44_jornaisimpressosdegrandecirculacao\":\"Jornais impressos de grande circula\\u00e7\\u00e3o\",\"p44_jornaisimpressosdebairro\":\"Jornais impressos de bairro\",\"p44_redessociais\":\"Redes sociais (Facebook, YouTube, Instagram etc.)\",\"p44_sitesblogs\":\"Sites ou Blogs\",\"p39_publico\":\"CRIAN\\u00c7AS ADOLESCENTES JOVENS-EM-VULNERABILIDADE-SOCIAL\",\"p45_bandeira\":\"LUTA-ANTIRRACISMO CONTRA-CAPITALISMO CONTRA-DESMATAMENTO\",\"p46_hashtags\":\"#ANTIRRACISMO #CONTRAADESIGUALDADESOCIAL #CONTRAAINTOLERANCIARELIGIOSA\"},{\"p1_eixo\":\"Cultura\",\"p9_tipoorganizacao\":\"Coletivo Art\\u00edstico\",\"p12_uf\":\"AC\",\"p13_cidade\":\"RIO BRANCO\",\"p17_ano\":\"2018\",\"p16_estado\":\"Estado\",\"p18_comunicacao\":\"Comunica\\u00e7\\u00e3o\",\"p18_difusaoartistica\":\"Difus\\u00e3o Art\\u00edstica\",\"p18_desenvolvimentoterritorial\":\"Desenvolvimento territorial\",\"p18_direitoshumanos\":\"Direitos humanos\",\"p18_educacao\":\"Educa\\u00e7\\u00e3o\",\"p18_feminismos\":\"Feminismos\",\"p18_lgbtqi\":\"LGBTQI\",\"p18_lutaantirracismo\":\"Luta antirracismo\",\"p18_mobilidade\":\"Mobilidade\",\"p18_povosecomunidadestradicionais\":\"Povos e comunidades tradicionais\",\"p18_trabalho\":\"Trabalho\",\"p18_religiao\":\"Religi\\u00e3o\",\"p18_saude\":\"Sa\\u00fade\",\"p18_violencia\":\"Viol\\u00eancia\",\"p18_politicasculturais\":\"Pol\\u00edticas Culturais\",\"p19_direitoshumanos\":\"Direitos humanos\",\"p19_feminismos\":\"Feminismos\",\"p19_lutaantirracismo\":\"Luta antirracismo\",\"p19_politicasculturais\":\"Pol\\u00edticas Culturais\",\"p20_reunioes\":\"Reuni\\u00f5es\",\"p20_atendimento\":\"Atendimento\",\"p20_oficinas\":\"Oficinas\",\"p20_oficinasaulasartisticas\":\"Ensaios\\\/Oficinas\\\/Aulas art\\u00edsticas\",\"p20_cursos\":\"Cursos\",\"p20_formacao\":\"Forma\\u00e7\\u00e3o\",\"p20_apresentacoesartisticas\":\"Apresenta\\u00e7\\u00f5es art\\u00edsticas\",\"p20_visitasexcursoes\":\"Visitas\\\/Excurs\\u00f5es\",\"p21_repressaopolicial\":\"Repress\\u00e3o policial\",\"p21_intoleranciareligiosa\":\"Fundamentalistamo\\\/intoler\\u00e2ncia religiosa\",\"p21_xenofobia\":\"Xenofobia\",\"p21_machismo\":\"Machismo\",\"p21_racismo\":\"Racismo\",\"p21_lgbtqifobia\":\"LGBTIfobia\",\"p21_enfrentamentocomgruposprivadosarmados\":\"Enfrentamento com grupos privados armados\",\"p22_numerodeparticipantes\":\"1  - 15\",\"p23_reunioes\":\"Reuni\\u00f5es\",\"p23_atendimento\":\"Atendimento\",\"p23_oficinas\":\"Oficinas\",\"p23_oficinasaulasartisticas\":\"Ensaio\\\/Oficinas\\\/Aulas Art\\u00edsticas\",\"p23_cursos\":\"Cursos\",\"p23_formacao\":\"Forma\\u00e7\\u00e3o\",\"p23_apresentacoesartisticas\":\"Apresenta\\u00e7\\u00f5es Art\\u00edsticas\",\"p23_outros\":\"Outros\",\"p24_oficinas\":\"Oficinas\",\"p24_formacao\":\"Forma\\u00e7\\u00e3o\",\"p24_apresentacoesartisticas\":\"Apresenta\\u00e7\\u00f5es art\\u00edsticas\",\"p24_outros\":\"Outros\",\"p25_numerodepessoas\":\"300 - 400\",\"p26_numerodepessoas\":\"Mais de 500\",\"p27_espacopublico\":\"Espa\\u00e7o p\\u00fablico\",\"p27_espacoemprestadocedido\":\"Espa\\u00e7o emprestado\\\/cedido\",\"p27_virtual\":\"Virtual\",\"p28_territorios\":\"Estado\",\"p30_outrasorganizacoes\":\"Sim\",\"p32_campanhadelongaduracao\":\"Sim\",\"p34_municipal\":\"Municipal\",\"p34_estadual\":\"Estadual\",\"p34_nacional\":\"Nacional\",\"p36_conselhosdeparticipacaoecontrolesocial\":\"Sim\",\"p38_sim\":\"Sim\",\"p38_nenhum\":\"Nenhum\",\"p40_editais\":\"Sim\",\"p41_publicoestatal\":\"P\\u00fablico-Estatal\",\"p41_privadopj\":\"Privado (P. Jur\\u00eddica)\",\"p42_meiodedivulgacaoproprio\":\"Sim\",\"p43_impressoes\":\"Impressos\",\"p43_email\":\"E-mail\",\"p43_facebook\":\"Facebook\",\"p43_whatsapp\":\"WhatApp\",\"p43_instagram\":\"Instagram\",\"p43_sitesblogs\":\"Blogs\\\/sites\",\"p43_youtube\":\"YouTube\",\"p44_radio\":\"TV\",\"p44_jornaisimpressosdegrandecirculacao\":\"Jornais impressos de grande circula\\u00e7\\u00e3o\",\"p44_jornaisimpressosdebairro\":\"Jornais impressos de bairro\",\"p39_publico\":\"JUVENTUDE-PERIF\\u00c9RICA\",\"p45_bandeira\":\"ANTIRRACISMO ANTI-LGBTFOBIA LUTA CLASSES FEMINISMO DIREITOS-HUMANOS CONTRA-ENCARCERAMENTO\",\"p46_hashtags\":\"#ANTIRRACISMO #LUTADECLASSES #DIREITOSHUMANOS\"},{\"p1_eixo\":\"Viol\\u00eancia\",\"p9_tipoorganizacao\":\"ONG\",\"p12_uf\":\"TO\",\"p13_cidade\":\"PALMAS \",\"p17_ano\":\"2007\",\"p16_estado\":\"Estado\",\"p18_comunicacao\":\"Comunica\\u00e7\\u00e3o\",\"p18_difusaoartistica\":\"Difus\\u00e3o Art\\u00edstica\",\"p18_desenvolvimentoterritorial\":\"Desenvolvimento territorial\",\"p18_direitoshumanos\":\"Direitos humanos\",\"p18_educacao\":\"Educa\\u00e7\\u00e3o\",\"p18_feminismos\":\"Feminismos\",\"p18_lgbtqi\":\"LGBTQI\",\"p18_lutaantirracismo\":\"Luta antirracismo\",\"p18_mobilidade\":\"Mobilidade\",\"p18_moradia\":\"Moradia\",\"p18_trabalho\":\"Trabalho\",\"p18_saude\":\"Sa\\u00fade\",\"p18_violencia\":\"Viol\\u00eancia\",\"p18_politicasculturais\":\"Pol\\u00edticas Culturais\",\"p19_direitoshumanos\":\"Direitos humanos\",\"p19_feminismos\":\"Feminismos\",\"p19_lgbtqi\":\"LGBTQI\",\"p19_lutaantirracismo\":\"Luta antirracismo\",\"p19_saude\":\"Sa\\u00fade\",\"p20_reunioes\":\"Reuni\\u00f5es\",\"p20_atendimento\":\"Atendimento\",\"p20_oficinas\":\"Oficinas\",\"p20_cursos\":\"Cursos\",\"p20_formacao\":\"Forma\\u00e7\\u00e3o\",\"p20_apresentacoesartisticas\":\"Apresenta\\u00e7\\u00f5es art\\u00edsticas\",\"p21_repressaopolicial\":\"Repress\\u00e3o policial\",\"p21_intoleranciareligiosa\":\"Fundamentalistamo\\\/intoler\\u00e2ncia religiosa\",\"p21_xenofobia\":\"Xenofobia\",\"p21_machismo\":\"Machismo\",\"p21_racismo\":\"Racismo\",\"p21_lgbtqifobia\":\"LGBTIfobia\",\"p21_enfrentamentocomgruposprivadosarmados\":\"Enfrentamento com grupos privados armados\",\"p22_numerodeparticipantes\":\"1  - 15\",\"p23_reunioes\":\"Reuni\\u00f5es\",\"p23_atendimento\":\"Atendimento\",\"p23_oficinas\":\"Oficinas\",\"p23_cursos\":\"Cursos\",\"p23_formacao\":\"Forma\\u00e7\\u00e3o\",\"p23_outros\":\"Outros\",\"p24_reunioes\":\"Reuni\\u00f5es\",\"p24_oficinas\":\"Oficinas\",\"p24_apresentacoesartisticas\":\"Apresenta\\u00e7\\u00f5es art\\u00edsticas\",\"p24_outros\":\"Outros\",\"p25_numerodepessoas\":\"60 - 80\",\"p26_numerodepessoas\":\"1 - 20\",\"p27_espacopublico\":\"Espa\\u00e7o p\\u00fablico\",\"p27_espacoemprestadocedido\":\"Espa\\u00e7o emprestado\\\/cedido\",\"p27_virtual\":\"Virtual\",\"p28_territorios\":\"Estado\",\"p30_outrasorganizacoes\":\"Sim\",\"p32_campanhadelongaduracao\":\"Sim\",\"p34_municipal\":\"Municipal\",\"p34_estadual\":\"Estadual\",\"p34_nacional\":\"Nacional\",\"p36_conselhosdeparticipacaoecontrolesocial\":\"Sim\",\"p38_sim\":\"Sim\",\"p38_nenhum\":\"Nenhum\",\"p40_editais\":\"Sim\",\"p41_publicoestatal\":\"P\\u00fablico-Estatal\",\"p41_privadopj\":\"Privado (P. Jur\\u00eddica)\",\"p41_autofinanciamento\":\"Auto-financiamento\",\"p41_financiamentocoletivo0\":\"Financiamento coletivo\",\"p42_meiodedivulgacaoproprio\":\"Sim\",\"p43_email\":\"E-mail\",\"p43_facebook\":\"Facebook\",\"p43_whatsapp\":\"WhatApp\",\"p43_instagram\":\"Instagram\",\"p43_sitesblogs\":\"Blogs\\\/sites\",\"p43_youtube\":\"YouTube\",\"p44_radio\":\"TV\",\"p44_jornaisimpressosdegrandecirculacao\":\"Jornais impressos de grande circula\\u00e7\\u00e3o\",\"p44_jornaisimpressosdebairro\":\"Jornais impressos de bairro\",\"p44_sitesblogs\":\"Sites ou Blogs\",\"p39_publico\":\"CRIAN\\u00c7AS ADOLESCENTES LIDERAN\\u00c7AS-POPULARES FAM\\u00cdLIAS\",\"p45_bandeira\":\"DIREITOS CRIAN\\u00c7AS ADOLESCENTES G\\u00caNEROS RA\\u00c7A\",\"p46_hashtags\":\"#PROTECAOINTEGRAL #DIREITOSDECRIANCASEADOLESCENTES #TOCANTINS \"},{\"p1_eixo\":\"Viol\\u00eancia\",\"p9_tipoorganizacao\":\"Movimento Social\",\"p12_uf\":\"MS\",\"p13_cidade\":\"CAMPO GRANDE \",\"p16_cidade\":\"Cidade\",\"p17_ano\":\"2017\",\"p16_estado\":\"Estado\",\"p18_comunicacao\":\"Comunica\\u00e7\\u00e3o\",\"p18_difusaoartistica\":\"Difus\\u00e3o Art\\u00edstica\",\"p18_desenvolvimentoterritorial\":\"Desenvolvimento territorial\",\"p18_direitoshumanos\":\"Direitos humanos\",\"p18_educacao\":\"Educa\\u00e7\\u00e3o\",\"p18_feminismos\":\"Feminismos\",\"p18_lgbtqi\":\"LGBTQI\",\"p18_lutaantirracismo\":\"Luta antirracismo\",\"p18_mobilidade\":\"Mobilidade\",\"p18_moradia\":\"Moradia\",\"p18_trabalho\":\"Trabalho\",\"p18_religiao\":\"Religi\\u00e3o\",\"p18_saude\":\"Sa\\u00fade\",\"p18_violencia\":\"Viol\\u00eancia\",\"p18_politicasculturais\":\"Pol\\u00edticas Culturais\",\"p19_educacao\":\"Educa\\u00e7\\u00e3o\",\"p19_feminismos\":\"Feminismos\",\"p19_lgbtqi\":\"LGBTQI\",\"p19_lutaantirracismo\":\"Luta antirracismo\",\"p19_saude\":\"Sa\\u00fade\",\"p19_politicasculturais\":\"Pol\\u00edticas Culturais\",\"p20_reunioes\":\"Reuni\\u00f5es\",\"p20_atendimento\":\"Atendimento\",\"p20_oficinas\":\"Oficinas\",\"p20_oficinasaulasartisticas\":\"Ensaios\\\/Oficinas\\\/Aulas art\\u00edsticas\",\"p20_cursos\":\"Cursos\",\"p20_apresentacoesartisticas\":\"Apresenta\\u00e7\\u00f5es art\\u00edsticas\",\"p21_intoleranciareligiosa\":\"Fundamentalistamo\\\/intoler\\u00e2ncia religiosa\",\"p21_machismo\":\"Machismo\",\"p21_racismo\":\"Racismo\",\"p21_lgbtqifobia\":\"LGBTIfobia\",\"p22_numerodeparticipantes\":\"60 - 75\",\"p23_reunioes\":\"Reuni\\u00f5es\",\"p23_atendimento\":\"Atendimento\",\"p23_oficinas\":\"Oficinas\",\"p23_outros\":\"Outros\",\"p24_reunioes\":\"Reuni\\u00f5es\",\"p24_atendimento\":\"Atendimentos\",\"p24_oficinas\":\"Oficinas\",\"p24_oficinasaulasartisticas\":\"Ensaios\\\/Oficinas\\\/Aulas art\\u00edsticas\",\"p24_curso\":\"Curso\",\"p24_apresentacoesartisticas\":\"Apresenta\\u00e7\\u00f5es art\\u00edsticas\",\"p24_outros\":\"Outros\",\"p25_numerodepessoas\":\"80 - 100\",\"p26_numerodepessoas\":\"200 - 300\",\"p27_espacopublico\":\"Espa\\u00e7o p\\u00fablico\",\"p27_espacoemprestadocedido\":\"Espa\\u00e7o emprestado\\\/cedido\",\"p27_espacoproprio\":\"Espa\\u00e7o pr\\u00f3prio\",\"p27_virtual\":\"Virtual\",\"p28_territorios\":\"Cidade\",\"p30_outrasorganizacoes\":\"Sim\",\"p32_campanhadelongaduracao\":\"Sim\",\"p34_estadual\":\"Estadual\",\"p34_nacional\":\"Nacional\",\"p36_conselhosdeparticipacaoecontrolesocial\":\"Sim\",\"p38_sim\":\"Sim\",\"p40_editais\":\"N\\u00e3o\",\"p41_privadopj\":\"Privado (P. Jur\\u00eddica)\",\"p41_autofinanciamento\":\"Auto-financiamento\",\"p41_financiamentocoletivo0\":\"Financiamento coletivo\",\"p42_meiodedivulgacaoproprio\":\"Sim\",\"p43_email\":\"E-mail\",\"p43_facebook\":\"Facebook\",\"p43_instagram\":\"Instagram\",\"p44_jornaisimpressosdebairro\":\"Jornais impressos de bairro\",\"p44_sitesblogs\":\"Sites ou Blogs\",\"p44_nenhum\":\"Nenhum\",\"p39_publico\":\"LGBTQIA+ POPULA\\u00c7\\u00c3O-TRANS\",\"p45_bandeira\":\"ANTI-LGBTFOBIA\",\"p46_hashtags\":\"#ORGULHOLGBTQIA+ #RESISTENCIALGBTQIA+ #LUTALGBTQIA+\"},{\"p1_eixo\":\"Cultura\",\"p9_tipoorganizacao\":\"Associa\\u00e7\\u00e3o\",\"p12_uf\":\"RJ\",\"p13_cidade\":\"BELFORD ROXO\",\"p16_cidade\":\"Cidade\",\"p17_ano\":\"2019\",\"p16_estado\":\"Estado\",\"p18_comunicacao\":\"Comunica\\u00e7\\u00e3o\",\"p18_difusaoartistica\":\"Difus\\u00e3o Art\\u00edstica\",\"p18_desenvolvimentoterritorial\":\"Desenvolvimento territorial\",\"p18_direitoshumanos\":\"Direitos humanos\",\"p18_educacao\":\"Educa\\u00e7\\u00e3o\",\"p18_feminismos\":\"Feminismos\",\"p18_lgbtqi\":\"LGBTQI\",\"p18_lutaantirracismo\":\"Luta antirracismo\",\"p18_mobilidade\":\"Mobilidade\",\"p18_povosecomunidadestradicionais\":\"Povos e comunidades tradicionais\",\"p18_trabalho\":\"Trabalho\",\"p18_religiao\":\"Religi\\u00e3o\",\"p18_saude\":\"Sa\\u00fade\",\"p18_violencia\":\"Viol\\u00eancia\",\"p18_politicasculturais\":\"Pol\\u00edticas Culturais\",\"p19_educacao\":\"Educa\\u00e7\\u00e3o\",\"p19_lgbtqi\":\"LGBTQI\",\"p19_lutaantirracismo\":\"Luta antirracismo\",\"p19_saude\":\"Sa\\u00fade\",\"p19_politicasculturais\":\"Pol\\u00edticas Culturais\",\"p20_reunioes\":\"Reuni\\u00f5es\",\"p20_atendimento\":\"Atendimento\",\"p20_oficinas\":\"Oficinas\",\"p20_oficinasaulasartisticas\":\"Ensaios\\\/Oficinas\\\/Aulas art\\u00edsticas\",\"p20_cursos\":\"Cursos\",\"p20_formacao\":\"Forma\\u00e7\\u00e3o\",\"p21_intoleranciareligiosa\":\"Fundamentalistamo\\\/intoler\\u00e2ncia religiosa\",\"p21_xenofobia\":\"Xenofobia\",\"p21_machismo\":\"Machismo\",\"p21_racismo\":\"Racismo\",\"p21_lgbtqifobia\":\"LGBTIfobia\",\"p22_numerodeparticipantes\":\"1  - 15\",\"p23_reunioes\":\"Reuni\\u00f5es\",\"p23_atendimento\":\"Atendimento\",\"p23_oficinas\":\"Oficinas\",\"p23_outros\":\"Outros\",\"p24_reunioes\":\"Reuni\\u00f5es\",\"p24_atendimento\":\"Atendimentos\",\"p24_oficinas\":\"Oficinas\",\"p24_oficinasaulasartisticas\":\"Ensaios\\\/Oficinas\\\/Aulas art\\u00edsticas\",\"p24_curso\":\"Curso\",\"p24_formacao\":\"Forma\\u00e7\\u00e3o\",\"p24_outros\":\"Outros\",\"p25_numerodepessoas\":\"40 - 60\",\"p26_numerodepessoas\":\"80 - 100\",\"p27_espacoemprestadocedido\":\"Espa\\u00e7o emprestado\\\/cedido\",\"p27_espacoproprio\":\"Espa\\u00e7o pr\\u00f3prio\",\"p28_territorios\":\"Regi\\u00e3o da Cidade\",\"p30_outrasorganizacoes\":\"Sim\",\"p32_campanhadelongaduracao\":\"N\\u00e3o\",\"p34_municipal\":\"Municipal\",\"p34_nacional\":\"Nacional\",\"p36_conselhosdeparticipacaoecontrolesocial\":\"Sim\",\"p38_sim\":\"Sim\",\"p38_nenhum\":\"Nenhum\",\"p40_editais\":\"N\\u00e3o\",\"p41_privadopj\":\"Privado (P. Jur\\u00eddica)\",\"p42_meiodedivulgacaoproprio\":\"Sim\",\"p43_email\":\"E-mail\",\"p43_facebook\":\"Facebook\",\"p43_whatsapp\":\"WhatApp\",\"p43_instagram\":\"Instagram\",\"p43_sitesblogs\":\"Blogs\\\/sites\",\"p43_youtube\":\"YouTube\",\"p44_redessociais\":\"Redes sociais (Facebook, YouTube, Instagram etc.)\",\"p44_sitesblogs\":\"Sites ou Blogs\",\"p44_nenhum\":\"Nenhum\",\"p39_publico\":\"JOVENS CRIAN\\u00c7AS MULHERES\",\"p45_bandeira\":\"ANTIRRACISMO DIREITOS-HUMANOS DIREITOS-MULHERES EDUCA\\u00c7\\u00c3O\",\"p46_hashtags\":\"#ANTIRRACISTA #EDUCACAO #DIREITOSHUMANOS \"},{\"p1_eixo\":\"Trabalho\",\"p9_tipoorganizacao\":\"ONG\",\"p12_uf\":\"TO\",\"p13_cidade\":\"PALMAS \",\"p17_ano\":\"2011\",\"p16_estado\":\"Estado\",\"p18_comunicacao\":\"Comunica\\u00e7\\u00e3o\",\"p18_direitoshumanos\":\"Direitos humanos\",\"p18_educacao\":\"Educa\\u00e7\\u00e3o\",\"p18_feminismos\":\"Feminismos\",\"p18_lgbtqi\":\"LGBTQI\",\"p18_lutaantirracismo\":\"Luta antirracismo\",\"p18_povosecomunidadestradicionais\":\"Povos e comunidades tradicionais\",\"p18_trabalho\":\"Trabalho\",\"p18_religiao\":\"Religi\\u00e3o\",\"p18_saude\":\"Sa\\u00fade\",\"p18_violencia\":\"Viol\\u00eancia\",\"p19_educacao\":\"Educa\\u00e7\\u00e3o\",\"p19_feminismos\":\"Feminismos\",\"p19_lgbtqi\":\"LGBTQI\",\"p19_lutaantirracismo\":\"Luta antirracismo\",\"p19_trabalho\":\"Trabalho\",\"p19_saude\":\"Sa\\u00fade\",\"p20_reunioes\":\"Reuni\\u00f5es\",\"p20_atendimento\":\"Atendimento\",\"p20_oficinas\":\"Oficinas\",\"p20_cursos\":\"Cursos\",\"p20_formacao\":\"Forma\\u00e7\\u00e3o\",\"p20_visitasexcursoes\":\"Visitas\\\/Excurs\\u00f5es\",\"p21_intoleranciareligiosa\":\"Fundamentalistamo\\\/intoler\\u00e2ncia religiosa\",\"p21_xenofobia\":\"Xenofobia\",\"p21_machismo\":\"Machismo\",\"p21_racismo\":\"Racismo\",\"p21_lgbtqifobia\":\"LGBTIfobia\",\"p22_numerodeparticipantes\":\"Mais de 90\",\"p23_reunioes\":\"Reuni\\u00f5es\",\"p23_atendimento\":\"Atendimento\",\"p23_outros\":\"Outros\",\"p24_reunioes\":\"Reuni\\u00f5es\",\"p24_oficinas\":\"Oficinas\",\"p24_curso\":\"Curso\",\"p24_formacao\":\"Forma\\u00e7\\u00e3o\",\"p24_visitasexcursoes\":\"Visitas\\\/Excurs\\u00f5es\",\"p24_outros\":\"Outros\",\"p25_numerodepessoas\":\"200 - 300\",\"p26_numerodepessoas\":\"100 - 200\",\"p27_espacopublico\":\"Espa\\u00e7o p\\u00fablico\",\"p27_espacoemprestadocedido\":\"Espa\\u00e7o emprestado\\\/cedido\",\"p27_espacoproprio\":\"Espa\\u00e7o pr\\u00f3prio\",\"p28_territorios\":\"Estado\",\"p30_outrasorganizacoes\":\"Sim\",\"p32_campanhadelongaduracao\":\"Sim\",\"p34_municipal\":\"Municipal\",\"p34_estadual\":\"Estadual\",\"p34_nacional\":\"Nacional\",\"p36_conselhosdeparticipacaoecontrolesocial\":\"Sim\",\"p38_sim\":\"Sim\",\"p38_nenhum\":\"Nenhum\",\"p40_editais\":\"Sim\",\"p41_privadopj\":\"Privado (P. Jur\\u00eddica)\",\"p42_meiodedivulgacaoproprio\":\"Sim\",\"p43_email\":\"E-mail\",\"p43_facebook\":\"Facebook\",\"p43_whatsapp\":\"WhatApp\",\"p43_instagram\":\"Instagram\",\"p43_sitesblogs\":\"Blogs\\\/sites\",\"p43_youtube\":\"YouTube\",\"p44_redessociais\":\"Redes sociais (Facebook, YouTube, Instagram etc.)\",\"p44_sitesblogs\":\"Sites ou Blogs\",\"p44_nenhum\":\"Nenhum\",\"p39_publico\":\"IDOSOS JOVENS MULHERES POPULA\\u00c7\\u00d5ES-EM-SITUA\\u00c7\\u00c3O-DE-RUA PROFISSIONAIS-DO-SEXO POPULA\\u00c7\\u00c3O-IND\\u00cdGENA\",\"p45_bandeira\":\"LGBTQIAPN+ DIREITOS-HUMANOS SUS\",\"p46_hashtags\":\"#CASAA+ #DIREITOSHUMANOS #SAUDE\"},{\"p1_eixo\":\"Trabalho\",\"p9_tipoorganizacao\":\"Movimento Social\",\"p12_uf\":\"RJ\",\"p13_cidade\":\"MESQUITA, NOVA IGUACU, QUEIMADOS\",\"p16_cidade\":\"Cidade\",\"p17_ano\":\"1993\",\"p16_estado\":\"Estado\",\"p18_comunicacao\":\"Comunica\\u00e7\\u00e3o\",\"p18_difusaoartistica\":\"Difus\\u00e3o Art\\u00edstica\",\"p18_direitoshumanos\":\"Direitos humanos\",\"p18_educacao\":\"Educa\\u00e7\\u00e3o\",\"p18_feminismos\":\"Feminismos\",\"p18_lutaantirracismo\":\"Luta antirracismo\",\"p18_mobilidade\":\"Mobilidade\",\"p18_povosecomunidadestradicionais\":\"Povos e comunidades tradicionais\",\"p18_trabalho\":\"Trabalho\",\"p18_religiao\":\"Religi\\u00e3o\",\"p18_saude\":\"Sa\\u00fade\",\"p18_violencia\":\"Viol\\u00eancia\",\"p18_politicasculturais\":\"Pol\\u00edticas Culturais\",\"p19_direitoshumanos\":\"Direitos humanos\",\"p19_feminismos\":\"Feminismos\",\"p19_lutaantirracismo\":\"Luta antirracismo\",\"p19_trabalho\":\"Trabalho\",\"p19_difusaoartistica\":\"Difus\\u00e3o Art\\u00edstica\",\"p20_reunioes\":\"Reuni\\u00f5es\",\"p20_oficinas\":\"Oficinas\",\"p20_formacao\":\"Forma\\u00e7\\u00e3o\",\"p20_apresentacoesartisticas\":\"Apresenta\\u00e7\\u00f5es art\\u00edsticas\",\"p20_visitasexcursoes\":\"Visitas\\\/Excurs\\u00f5es\",\"p21_repressaopolicial\":\"Repress\\u00e3o policial\",\"p21_intoleranciareligiosa\":\"Fundamentalistamo\\\/intoler\\u00e2ncia religiosa\",\"p21_xenofobia\":\"Xenofobia\",\"p21_machismo\":\"Machismo\",\"p21_racismo\":\"Racismo\",\"p21_enfrentamentocomgruposprivadosarmados\":\"Enfrentamento com grupos privados armados\",\"p22_numerodeparticipantes\":\"1  - 15\",\"p23_reunioes\":\"Reuni\\u00f5es\",\"p23_oficinas\":\"Oficinas\",\"p23_formacao\":\"Forma\\u00e7\\u00e3o\",\"p23_apresentacoesartisticas\":\"Apresenta\\u00e7\\u00f5es Art\\u00edsticas\",\"p23_outros\":\"Outros\",\"p24_oficinas\":\"Oficinas\",\"p24_formacao\":\"Forma\\u00e7\\u00e3o\",\"p24_visitasexcursoes\":\"Visitas\\\/Excurs\\u00f5es\",\"p24_outros\":\"Outros\",\"p25_numerodepessoas\":\"1 - 20\",\"p26_numerodepessoas\":\"20 - 40\",\"p27_espacopublico\":\"Espa\\u00e7o p\\u00fablico\",\"p27_espacoemprestadocedido\":\"Espa\\u00e7o emprestado\\\/cedido\",\"p27_espacoproprio\":\"Espa\\u00e7o pr\\u00f3prio\",\"p28_territorios\":\"Regi\\u00e3o da Cidade\",\"p30_outrasorganizacoes\":\"N\\u00e3o\",\"p32_campanhadelongaduracao\":\"N\\u00e3o\",\"p34_estadual\":\"Estadual\",\"p34_nenhuma\":\"Nenhuma\",\"p36_conselhosdeparticipacaoecontrolesocial\":\"Sim\",\"p38_sim\":\"Sim\",\"p38_nenhum\":\"Nenhum\",\"p40_editais\":\"N\\u00e3o\",\"p41_privadopj\":\"Privado (P. Jur\\u00eddica)\",\"p42_meiodedivulgacaoproprio\":\"Sim\",\"p43_facebook\":\"Facebook\",\"p43_instagram\":\"Instagram\",\"p43_radio\":\"R\\u00e1dio\",\"p44_nenhum\":\"Nenhum\",\"p39_publico\":\"MULHERES-NEGRAS\",\"p45_bandeira\":\"COMBATE-RACISMO VALORIZA\\u00c7\\u00c3O MULHERES-NEGRAS\",\"p46_hashtags\":\"#COMBATEAORACISMO #COMBATEAOMACHISMOEFEMINICIDIO #MULHERESNEGRAS \"},{\"p1_eixo\":\"Cultura\",\"p9_tipoorganizacao\":\"Coletivo Art\\u00edstico\",\"p12_uf\":\"TO\",\"p13_cidade\":\"PALMAS \",\"p16_bairro\":\"Bairro\",\"p16_cidade\":\"Cidade\",\"p17_ano\":\"2018\",\"p18_comunicacao\":\"Comunica\\u00e7\\u00e3o\",\"p18_difusaoartistica\":\"Difus\\u00e3o Art\\u00edstica\",\"p18_direitoshumanos\":\"Direitos humanos\",\"p18_educacao\":\"Educa\\u00e7\\u00e3o\",\"p18_feminismos\":\"Feminismos\",\"p18_lgbtqi\":\"LGBTQI\",\"p18_lutaantirracismo\":\"Luta antirracismo\",\"p18_mobilidade\":\"Mobilidade\",\"p18_moradia\":\"Moradia\",\"p18_povosecomunidadestradicionais\":\"Povos e comunidades tradicionais\",\"p18_trabalho\":\"Trabalho\",\"p18_religiao\":\"Religi\\u00e3o\",\"p18_saude\":\"Sa\\u00fade\",\"p18_violencia\":\"Viol\\u00eancia\",\"p18_politicasculturais\":\"Pol\\u00edticas Culturais\",\"p19_comunicacao\":\"Comunica\\u00e7\\u00e3o\",\"p19_direitoshumanos\":\"Direitos humanos\",\"p19_lutaantirracismo\":\"Luta antirracismo\",\"p19_difusaoartistica\":\"Difus\\u00e3o Art\\u00edstica\",\"p19_politicasculturais\":\"Pol\\u00edticas Culturais\",\"p20_reunioes\":\"Reuni\\u00f5es\",\"p20_oficinas\":\"Oficinas\",\"p20_formacao\":\"Forma\\u00e7\\u00e3o\",\"p20_apresentacoesartisticas\":\"Apresenta\\u00e7\\u00f5es art\\u00edsticas\",\"p21_repressaopolicial\":\"Repress\\u00e3o policial\",\"p21_intoleranciareligiosa\":\"Fundamentalistamo\\\/intoler\\u00e2ncia religiosa\",\"p21_xenofobia\":\"Xenofobia\",\"p21_machismo\":\"Machismo\",\"p21_racismo\":\"Racismo\",\"p21_enfrentamentocomgruposprivadosarmados\":\"Enfrentamento com grupos privados armados\",\"p22_numerodeparticipantes\":\"15 - 30\",\"p23_reunioes\":\"Reuni\\u00f5es\",\"p23_oficinas\":\"Oficinas\",\"p23_formacao\":\"Forma\\u00e7\\u00e3o\",\"p23_apresentacoesartisticas\":\"Apresenta\\u00e7\\u00f5es Art\\u00edsticas\",\"p23_outros\":\"Outros\",\"p24_outros\":\"Outros\",\"p25_numerodepessoas\":\"60 - 80\",\"p26_numerodepessoas\":\"40 - 60\",\"p27_espacopublico\":\"Espa\\u00e7o p\\u00fablico\",\"p28_territorios\":\"Pr\\u00f3prio bairro\",\"p30_outrasorganizacoes\":\"Sim\",\"p32_campanhadelongaduracao\":\"Sim\",\"p34_nenhuma\":\"Nenhuma\",\"p36_conselhosdeparticipacaoecontrolesocial\":\"Sim\",\"p38_sim\":\"Sim\",\"p38_nenhum\":\"Nenhum\",\"p40_editais\":\"Sim\",\"p41_privadopj\":\"Privado (P. Jur\\u00eddica)\",\"p41_autofinanciamento\":\"Auto-financiamento\",\"p42_meiodedivulgacaoproprio\":\"Sim\",\"p43_whatsapp\":\"WhatApp\",\"p43_instagram\":\"Instagram\",\"p43_radio\":\"R\\u00e1dio\",\"p44_redessociais\":\"Redes sociais (Facebook, YouTube, Instagram etc.)\",\"p44_nenhum\":\"Nenhum\",\"p39_publico\":\"CRIAN\\u00c7AS ADOLESCENTES\",\"p45_bandeira\":\"CULTURA MOVIMENTO ANTIRRACISTA IDEOLOGIA\",\"p46_hashtags\":\"#BOABOAPRANOS #NOZ #JT\"},{\"p1_eixo\":\"Cultura\",\"p9_tipoorganizacao\":\"Movimento Social\",\"p12_uf\":\"TO\",\"p13_cidade\":\"PALMAS\",\"p16_bairro\":\"Bairro\",\"p16_cidade\":\"Cidade\",\"p17_ano\":\"2023\",\"p18_agrario\":\"Agr\\u00e1rio\\\/ruralidades\",\"p18_comunicacao\":\"Comunica\\u00e7\\u00e3o\",\"p18_difusaoartistica\":\"Difus\\u00e3o Art\\u00edstica\",\"p18_desenvolvimentoterritorial\":\"Desenvolvimento territorial\",\"p18_direitoshumanos\":\"Direitos humanos\",\"p18_educacao\":\"Educa\\u00e7\\u00e3o\",\"p18_feminismos\":\"Feminismos\",\"p18_lgbtqi\":\"LGBTQI\",\"p18_lutaantirracismo\":\"Luta antirracismo\",\"p18_mobilidade\":\"Mobilidade\",\"p18_moradia\":\"Moradia\",\"p18_povosecomunidadestradicionais\":\"Povos e comunidades tradicionais\",\"p18_trabalho\":\"Trabalho\",\"p18_religiao\":\"Religi\\u00e3o\",\"p18_saude\":\"Sa\\u00fade\",\"p18_violencia\":\"Viol\\u00eancia\",\"p18_politicasculturais\":\"Pol\\u00edticas Culturais\",\"p19_comunicacao\":\"Comunica\\u00e7\\u00e3o\",\"p19_desenvolvimentoterritorial\":\"Desenvolvimento territorial\",\"p19_direitoshumanos\":\"Direitos humanos\",\"p19_educacao\":\"Educa\\u00e7\\u00e3o\",\"p19_difusaoartistica\":\"Difus\\u00e3o Art\\u00edstica\",\"p19_politicasculturais\":\"Pol\\u00edticas Culturais\",\"p20_reunioes\":\"Reuni\\u00f5es\",\"p20_atendimento\":\"Atendimento\",\"p20_oficinas\":\"Oficinas\",\"p20_cursos\":\"Cursos\",\"p20_apresentacoesartisticas\":\"Apresenta\\u00e7\\u00f5es art\\u00edsticas\",\"p21_repressaopolicial\":\"Repress\\u00e3o policial\",\"p21_intoleranciareligiosa\":\"Fundamentalistamo\\\/intoler\\u00e2ncia religiosa\",\"p21_machismo\":\"Machismo\",\"p21_racismo\":\"Racismo\",\"p22_numerodeparticipantes\":\"1  - 15\",\"p23_reunioes\":\"Reuni\\u00f5es\",\"p23_oficinasaulasartisticas\":\"Ensaio\\\/Oficinas\\\/Aulas Art\\u00edsticas\",\"p23_cursos\":\"Cursos\",\"p23_apresentacoesartisticas\":\"Apresenta\\u00e7\\u00f5es Art\\u00edsticas\",\"p23_outros\":\"Outros\",\"p24_reunioes\":\"Reuni\\u00f5es\",\"p24_atendimento\":\"Atendimentos\",\"p24_oficinas\":\"Oficinas\",\"p24_apresentacoesartisticas\":\"Apresenta\\u00e7\\u00f5es art\\u00edsticas\",\"p24_visitasexcursoes\":\"Visitas\\\/Excurs\\u00f5es\",\"p24_outros\":\"Outros\",\"p25_numerodepessoas\":\"40 - 60\",\"p26_numerodepessoas\":\"1 - 20\",\"p27_espacopublico\":\"Espa\\u00e7o p\\u00fablico\",\"p27_espacoemprestadocedido\":\"Espa\\u00e7o emprestado\\\/cedido\",\"p27_espacoproprio\":\"Espa\\u00e7o pr\\u00f3prio\",\"p28_territorios\":\"Pr\\u00f3prio bairro\",\"p30_outrasorganizacoes\":\"Sim\",\"p32_campanhadelongaduracao\":\"Sim\",\"p34_nenhuma\":\"Nenhuma\",\"p36_conselhosdeparticipacaoecontrolesocial\":\"N\\u00e3o\",\"p38_sim\":\"Sim\",\"p38_nenhum\":\"Nenhum\",\"p40_editais\":\"N\\u00e3o\",\"p41_publicoestatal\":\"P\\u00fablico-Estatal\",\"p41_privadopj\":\"Privado (P. Jur\\u00eddica)\",\"p41_autofinanciamento\":\"Auto-financiamento\",\"p42_meiodedivulgacaoproprio\":\"Sim\",\"p43_email\":\"E-mail\",\"p43_facebook\":\"Facebook\",\"p43_whatsapp\":\"WhatApp\",\"p43_instagram\":\"Instagram\",\"p44_redessociais\":\"Redes sociais (Facebook, YouTube, Instagram etc.)\",\"p44_sitesblogs\":\"Sites ou Blogs\",\"p39_publico\":\"JOVENS ADOLESCENTES\",\"p45_bandeira\":\"ANTIRRACISMO FEMINISMO CULTURA\",\"p46_hashtags\":\"#ANTIRRACISMO #CULTURAEUMDIREITO #FORABOLSONARO\"},{\"p1_eixo\":\"Trabalho\",\"p9_tipoorganizacao\":\"Associa\\u00e7\\u00e3o\",\"p12_uf\":\"PI\",\"p13_cidade\":\"ESPERANTINA\",\"p16_bairro\":\"Bairro\",\"p16_cidade\":\"Cidade\",\"p17_ano\":\"Anterior a 1980\",\"p18_agrario\":\"Agr\\u00e1rio\\\/ruralidades\",\"p18_comunicacao\":\"Comunica\\u00e7\\u00e3o\",\"p18_difusaoartistica\":\"Difus\\u00e3o Art\\u00edstica\",\"p18_desenvolvimentoterritorial\":\"Desenvolvimento territorial\",\"p18_direitoshumanos\":\"Direitos humanos\",\"p18_educacao\":\"Educa\\u00e7\\u00e3o\",\"p18_feminismos\":\"Feminismos\",\"p18_lgbtqi\":\"LGBTQI\",\"p18_lutaantirracismo\":\"Luta antirracismo\",\"p18_mobilidade\":\"Mobilidade\",\"p18_moradia\":\"Moradia\",\"p18_povosecomunidadestradicionais\":\"Povos e comunidades tradicionais\",\"p18_trabalho\":\"Trabalho\",\"p18_religiao\":\"Religi\\u00e3o\",\"p18_saude\":\"Sa\\u00fade\",\"p18_violencia\":\"Viol\\u00eancia\",\"p18_politicasculturais\":\"Pol\\u00edticas Culturais\",\"p19_agrario\":\"Agr\\u00e1rio\\\/ruralidades\",\"p19_desenvolvimentoterritorial\":\"Desenvolvimento territorial\",\"p19_direitoshumanos\":\"Direitos humanos\",\"p19_educacao\":\"Educa\\u00e7\\u00e3o\",\"p19_povosecomunidadestradicionais\":\"Povos e comunidades tradicionais\",\"p19_saude\":\"Sa\\u00fade\",\"p20_reunioes\":\"Reuni\\u00f5es\",\"p20_atendimento\":\"Atendimento\",\"p20_oficinas\":\"Oficinas\",\"p20_cursos\":\"Cursos\",\"p20_apresentacoesartisticas\":\"Apresenta\\u00e7\\u00f5es art\\u00edsticas\",\"p20_visitasexcursoes\":\"Visitas\\\/Excurs\\u00f5es\",\"p21_intoleranciareligiosa\":\"Fundamentalistamo\\\/intoler\\u00e2ncia religiosa\",\"p21_machismo\":\"Machismo\",\"p22_numerodeparticipantes\":\"15 - 30\",\"p23_reunioes\":\"Reuni\\u00f5es\",\"p23_oficinasaulasartisticas\":\"Ensaio\\\/Oficinas\\\/Aulas Art\\u00edsticas\",\"p23_cursos\":\"Cursos\",\"p23_outros\":\"Outros\",\"p24_reunioes\":\"Reuni\\u00f5es\",\"p24_atendimento\":\"Atendimentos\",\"p24_oficinas\":\"Oficinas\",\"p24_apresentacoesartisticas\":\"Apresenta\\u00e7\\u00f5es art\\u00edsticas\",\"p24_visitasexcursoes\":\"Visitas\\\/Excurs\\u00f5es\",\"p24_outros\":\"Outros\",\"p25_numerodepessoas\":\"200 - 300\",\"p26_numerodepessoas\":\"Mais de 500\",\"p27_espacoemprestadocedido\":\"Espa\\u00e7o emprestado\\\/cedido\",\"p27_espacoproprio\":\"Espa\\u00e7o pr\\u00f3prio\",\"p28_territorios\":\"Cidade\",\"p30_outrasorganizacoes\":\"N\\u00e3o\",\"p32_campanhadelongaduracao\":\"N\\u00e3o\",\"p34_nenhuma\":\"Nenhuma\",\"p36_conselhosdeparticipacaoecontrolesocial\":\"Sim\",\"p38_nenhum\":\"Nenhum\",\"p40_editais\":\"Sim\",\"p41_publicoestatal\":\"P\\u00fablico-Estatal\",\"p41_privadopj\":\"Privado (P. Jur\\u00eddica)\",\"p41_financiamentocoletivo0\":\"Financiamento coletivo\",\"p42_meiodedivulgacaoproprio\":\"Sim\",\"p43_email\":\"E-mail\",\"p43_facebook\":\"Facebook\",\"p43_instagram\":\"Instagram\",\"p44_sitesblogs\":\"Sites ou Blogs\",\"p44_nenhum\":\"Nenhum\",\"p39_publico\":\"CRIAN\\u00c7AS ADOLESCENTES JOVENS FAM\\u00cdLIAS\",\"p45_bandeira\":\"EDUCA\\u00c7\\u00c3O GARANTIA DIREITOS COMBATE-FOME F\\u00c9 DESENVOLVIMENTO VIRTUDES\",\"p46_hashtags\":\"#GARANTIADEDIREITOS #GARANTIADODESENVOLVIMENTODASVIRTUDES #COMBATEAFOME\"},{\"p1_eixo\":\"Trabalho\",\"p9_tipoorganizacao\":\"Associa\\u00e7\\u00e3o\",\"p12_uf\":\"BA\",\"p13_cidade\":\"TERRA NOVA \",\"p16_bairro\":\"Bairro\",\"p16_cidade\":\"Cidade\",\"p17_ano\":\"2017\",\"p18_agrario\":\"Agr\\u00e1rio\\\/ruralidades\",\"p18_comunicacao\":\"Comunica\\u00e7\\u00e3o\",\"p18_difusaoartistica\":\"Difus\\u00e3o Art\\u00edstica\",\"p18_desenvolvimentoterritorial\":\"Desenvolvimento territorial\",\"p18_direitoshumanos\":\"Direitos humanos\",\"p18_educacao\":\"Educa\\u00e7\\u00e3o\",\"p18_feminismos\":\"Feminismos\",\"p18_lgbtqi\":\"LGBTQI\",\"p18_lutaantirracismo\":\"Luta antirracismo\",\"p18_mobilidade\":\"Mobilidade\",\"p18_moradia\":\"Moradia\",\"p18_povosecomunidadestradicionais\":\"Povos e comunidades tradicionais\",\"p18_trabalho\":\"Trabalho\",\"p18_religiao\":\"Religi\\u00e3o\",\"p18_saude\":\"Sa\\u00fade\",\"p18_violencia\":\"Viol\\u00eancia\",\"p18_politicasculturais\":\"Pol\\u00edticas Culturais\",\"p19_agrario\":\"Agr\\u00e1rio\\\/ruralidades\",\"p19_direitoshumanos\":\"Direitos humanos\",\"p19_feminismos\":\"Feminismos\",\"p19_povosecomunidadestradicionais\":\"Povos e comunidades tradicionais\",\"p19_saude\":\"Sa\\u00fade\",\"p19_violencia\":\"Viol\\u00eancia\",\"p20_reunioes\":\"Reuni\\u00f5es\",\"p20_atendimento\":\"Atendimento\",\"p20_oficinas\":\"Oficinas\",\"p20_cursos\":\"Cursos\",\"p20_formacao\":\"Forma\\u00e7\\u00e3o\",\"p20_profissionalizacao\":\"Profissionaliza\\u00e7\\u00e3o\",\"p20_visitasexcursoes\":\"Visitas\\\/Excurs\\u00f5es\",\"p21_intoleranciareligiosa\":\"Fundamentalistamo\\\/intoler\\u00e2ncia religiosa\",\"p21_nenhum\":\"Nenhum\",\"p22_numerodeparticipantes\":\"1  - 15\",\"p23_reunioes\":\"Reuni\\u00f5es\",\"p23_oficinas\":\"Oficinas\",\"p23_outros\":\"Outros\",\"p24_reunioes\":\"Reuni\\u00f5es\",\"p24_oficinas\":\"Oficinas\",\"p24_curso\":\"Curso\",\"p24_formacao\":\"Forma\\u00e7\\u00e3o\",\"p24_profissionalizacao\":\"Profissionaliza\\u00e7\\u00e3o\",\"p24_visitasexcursoes\":\"Visitas\\\/Excurs\\u00f5es\",\"p24_outros\":\"Outros\",\"p25_numerodepessoas\":\"20 - 40\",\"p26_numerodepessoas\":\"1 - 20\",\"p27_espacopublico\":\"Espa\\u00e7o p\\u00fablico\",\"p27_espacoemprestadocedido\":\"Espa\\u00e7o emprestado\\\/cedido\",\"p27_espacoproprio\":\"Espa\\u00e7o pr\\u00f3prio\",\"p28_territorios\":\"Pr\\u00f3prio bairro\",\"p30_outrasorganizacoes\":\"N\\u00e3o\",\"p32_campanhadelongaduracao\":\"N\\u00e3o\",\"p34_municipal\":\"Municipal\",\"p34_estadual\":\"Estadual\",\"p34_nacional\":\"Nacional\",\"p34_nenhuma\":\"Nenhuma\",\"p36_conselhosdeparticipacaoecontrolesocial\":\"Sim\",\"p38_nenhum\":\"Nenhum\",\"p40_editais\":\"Sim\",\"p41_publicoestatal\":\"P\\u00fablico-Estatal\",\"p41_privadopj\":\"Privado (P. Jur\\u00eddica)\",\"p41_financiamentocoletivo0\":\"Financiamento coletivo\",\"p42_meiodedivulgacaoproprio\":\"Sim\",\"p43_email\":\"E-mail\",\"p43_instagram\":\"Instagram\",\"p44_radio\":\"TV\",\"p44_redessociais\":\"Redes sociais (Facebook, YouTube, Instagram etc.)\",\"p44_nenhum\":\"Nenhum\",\"p39_publico\":\"CRIAN\\u00c7AS JOVENS ADOLESCENTES IDOSOS\",\"p45_bandeira\":\"RELIGI\\u00c3O ANTIRRACISMO ANTI-HOMOFOBIA\",\"p46_hashtags\":\"#RELIGIAO #ANTIRRACISMO #ANTI-HOMOFOBIA\"},{\"p1_eixo\":\"Viol\\u00eancia\",\"p9_tipoorganizacao\":\"Associa\\u00e7\\u00e3o\",\"p12_uf\":\"PB\",\"p13_cidade\":\"CAMPINA GRANDE \",\"p16_bairro\":\"Bairro\",\"p16_cidade\":\"Cidade\",\"p17_ano\":\"1998\",\"p18_desenvolvimentoterritorial\":\"Desenvolvimento territorial\",\"p18_direitoshumanos\":\"Direitos humanos\",\"p18_educacao\":\"Educa\\u00e7\\u00e3o\",\"p18_feminismos\":\"Feminismos\",\"p18_lgbtqi\":\"LGBTQI\",\"p18_lutaantirracismo\":\"Luta antirracismo\",\"p18_trabalho\":\"Trabalho\",\"p18_saude\":\"Sa\\u00fade\",\"p18_violencia\":\"Viol\\u00eancia\",\"p18_politicasculturais\":\"Pol\\u00edticas Culturais\",\"p19_direitoshumanos\":\"Direitos humanos\",\"p19_educacao\":\"Educa\\u00e7\\u00e3o\",\"p19_feminismos\":\"Feminismos\",\"p19_violencia\":\"Viol\\u00eancia\",\"p19_politicasculturais\":\"Pol\\u00edticas Culturais\",\"p20_reunioes\":\"Reuni\\u00f5es\",\"p20_atendimento\":\"Atendimento\",\"p20_oficinas\":\"Oficinas\",\"p20_cursos\":\"Cursos\",\"p20_formacao\":\"Forma\\u00e7\\u00e3o\",\"p20_profissionalizacao\":\"Profissionaliza\\u00e7\\u00e3o\",\"p21_nenhum\":\"Nenhum\",\"p22_numerodeparticipantes\":\"60 - 75\",\"p23_reunioes\":\"Reuni\\u00f5es\",\"p23_oficinas\":\"Oficinas\",\"p23_outros\":\"Outros\",\"p24_reunioes\":\"Reuni\\u00f5es\",\"p24_curso\":\"Curso\",\"p24_formacao\":\"Forma\\u00e7\\u00e3o\",\"p24_profissionalizacao\":\"Profissionaliza\\u00e7\\u00e3o\",\"p24_visitasexcursoes\":\"Visitas\\\/Excurs\\u00f5es\",\"p24_outros\":\"Outros\",\"p25_numerodepessoas\":\"200 - 300\",\"p26_numerodepessoas\":\"20 - 40\",\"p27_espacopublico\":\"Espa\\u00e7o p\\u00fablico\",\"p27_espacoemprestadocedido\":\"Espa\\u00e7o emprestado\\\/cedido\",\"p27_espacoproprio\":\"Espa\\u00e7o pr\\u00f3prio\",\"p27_virtual\":\"Virtual\",\"p28_territorios\":\"Cidade\",\"p30_outrasorganizacoes\":\"Sim\",\"p32_campanhadelongaduracao\":\"Sim\",\"p34_municipal\":\"Municipal\",\"p34_estadual\":\"Estadual\",\"p34_nacional\":\"Nacional\",\"p34_nenhuma\":\"Nenhuma\",\"p36_conselhosdeparticipacaoecontrolesocial\":\"N\\u00e3o\",\"p38_nenhum\":\"Nenhum\",\"p40_editais\":\"N\\u00e3o\",\"p41_publicoestatal\":\"P\\u00fablico-Estatal\",\"p41_privadopj\":\"Privado (P. Jur\\u00eddica)\",\"p41_financiamentocoletivo0\":\"Financiamento coletivo\",\"p42_meiodedivulgacaoproprio\":\"Sim\",\"p43_email\":\"E-mail\",\"p43_facebook\":\"Facebook\",\"p43_instagram\":\"Instagram\",\"p43_youtube\":\"YouTube\",\"p44_radio\":\"TV\",\"p44_redessociais\":\"Redes sociais (Facebook, YouTube, Instagram etc.)\",\"p44_nenhum\":\"Nenhum\",\"p39_publico\":\"CRIAN\\u00c7AS ADOLESCENTES JUVENTUDES MULHERES\",\"p45_bandeira\":\"CONTRA-VIOL\\u00caNCIA-SEXUAL CRIAN\\u00c7AS ADOLESCENTES CONTRA-VIOL\\u00caNCIA-CONTRA-MULHERES\",\"p46_hashtags\":\"#FIMDAVIOLENCIA #VIDAEMPRIMEIROLUGAR #COMUNIDADESEGURA\"},{\"p1_eixo\":\"Cultura\",\"p9_tipoorganizacao\":\"Associa\\u00e7\\u00e3o\",\"p12_uf\":\"MS\",\"p13_cidade\":\"CAMPO GRANDE \",\"p16_bairro\":\"Bairro\",\"p17_ano\":\"2019\",\"p16_estado\":\"Estado\",\"p18_comunicacao\":\"Comunica\\u00e7\\u00e3o\",\"p18_direitoshumanos\":\"Direitos humanos\",\"p18_educacao\":\"Educa\\u00e7\\u00e3o\",\"p18_feminismos\":\"Feminismos\",\"p18_lgbtqi\":\"LGBTQI\",\"p18_lutaantirracismo\":\"Luta antirracismo\",\"p18_mobilidade\":\"Mobilidade\",\"p18_moradia\":\"Moradia\",\"p18_trabalho\":\"Trabalho\",\"p18_religiao\":\"Religi\\u00e3o\",\"p18_saude\":\"Sa\\u00fade\",\"p18_violencia\":\"Viol\\u00eancia\",\"p18_politicasculturais\":\"Pol\\u00edticas Culturais\",\"p19_direitoshumanos\":\"Direitos humanos\",\"p19_educacao\":\"Educa\\u00e7\\u00e3o\",\"p19_lutaantirracismo\":\"Luta antirracismo\",\"p19_politicasculturais\":\"Pol\\u00edticas Culturais\",\"p20_reunioes\":\"Reuni\\u00f5es\",\"p20_atendimento\":\"Atendimento\",\"p20_oficinas\":\"Oficinas\",\"p20_oficinasaulasartisticas\":\"Ensaios\\\/Oficinas\\\/Aulas art\\u00edsticas\",\"p20_cursos\":\"Cursos\",\"p20_profissionalizacao\":\"Profissionaliza\\u00e7\\u00e3o\",\"p21_intoleranciareligiosa\":\"Fundamentalistamo\\\/intoler\\u00e2ncia religiosa\",\"p21_machismo\":\"Machismo\",\"p21_racismo\":\"Racismo\",\"p21_lgbtqifobia\":\"LGBTIfobia\",\"p21_nenhum\":\"Nenhum\",\"p22_numerodeparticipantes\":\"1  - 15\",\"p23_reunioes\":\"Reuni\\u00f5es\",\"p23_atendimento\":\"Atendimento\",\"p23_oficinas\":\"Oficinas\",\"p23_oficinasaulasartisticas\":\"Ensaio\\\/Oficinas\\\/Aulas Art\\u00edsticas\",\"p23_outros\":\"Outros\",\"p24_oficinasaulasartisticas\":\"Ensaios\\\/Oficinas\\\/Aulas art\\u00edsticas\",\"p24_curso\":\"Curso\",\"p24_profissionalizacao\":\"Profissionaliza\\u00e7\\u00e3o\",\"p24_outros\":\"Outros\",\"p25_numerodepessoas\":\"1 - 20\",\"p26_numerodepessoas\":\"1 - 20\",\"p27_espacoemprestadocedido\":\"Espa\\u00e7o emprestado\\\/cedido\",\"p27_espacoproprio\":\"Espa\\u00e7o pr\\u00f3prio\",\"p27_virtual\":\"Virtual\",\"p28_territorios\":\"Regi\\u00e3o da Cidade\",\"p30_outrasorganizacoes\":\"N\\u00e3o\",\"p32_campanhadelongaduracao\":\"Sim\",\"p34_estadual\":\"Estadual\",\"p34_nacional\":\"Nacional\",\"p34_nenhuma\":\"Nenhuma\",\"p36_conselhosdeparticipacaoecontrolesocial\":\"N\\u00e3o\",\"p38_sim\":\"Sim\",\"p38_nenhum\":\"Nenhum\",\"p40_editais\":\"Sim\",\"p41_publicoestatal\":\"P\\u00fablico-Estatal\",\"p41_privadopj\":\"Privado (P. Jur\\u00eddica)\",\"p41_financiamentocoletivo0\":\"Financiamento coletivo\",\"p42_meiodedivulgacaoproprio\":\"Sim\",\"p43_email\":\"E-mail\",\"p43_facebook\":\"Facebook\",\"p43_instagram\":\"Instagram\",\"p43_youtube\":\"YouTube\",\"p44_sitesblogs\":\"Sites ou Blogs\",\"p44_nenhum\":\"Nenhum\",\"p39_publico\":\"JOVENS-ESCOLA-P\\u00daBLICA\",\"p45_bandeira\":\"EDUCA\\u00c7\\u00c3O ACESSO-CULTURA EDUCA\\u00c7\\u00c3O-P\\u00daBLICA EDUCA\\u00c7\\u00c3O-GRATUITA\",\"p46_hashtags\":\"#EDUCACAO #PROJETOESCREVIVENCIAS #REDACAO \"},{\"p1_eixo\":\"Viol\\u00eancia\",\"p9_tipoorganizacao\":\"Associa\\u00e7\\u00e3o\",\"p12_uf\":\"SE\",\"p13_cidade\":\"NOSSA SENHORA DO SOCORRO \",\"p16_cidade\":\"Cidade\",\"p17_ano\":\"2016\",\"p16_estado\":\"Estado\",\"p18_comunicacao\":\"Comunica\\u00e7\\u00e3o\",\"p18_difusaoartistica\":\"Difus\\u00e3o Art\\u00edstica\",\"p18_desenvolvimentoterritorial\":\"Desenvolvimento territorial\",\"p18_direitoshumanos\":\"Direitos humanos\",\"p18_educacao\":\"Educa\\u00e7\\u00e3o\",\"p18_feminismos\":\"Feminismos\",\"p18_lgbtqi\":\"LGBTQI\",\"p18_lutaantirracismo\":\"Luta antirracismo\",\"p18_mobilidade\":\"Mobilidade\",\"p18_moradia\":\"Moradia\",\"p18_povosecomunidadestradicionais\":\"Povos e comunidades tradicionais\",\"p18_trabalho\":\"Trabalho\",\"p18_religiao\":\"Religi\\u00e3o\",\"p18_saude\":\"Sa\\u00fade\",\"p18_violencia\":\"Viol\\u00eancia\",\"p18_politicasculturais\":\"Pol\\u00edticas Culturais\",\"p19_direitoshumanos\":\"Direitos humanos\",\"p19_educacao\":\"Educa\\u00e7\\u00e3o\",\"p19_lutaantirracismo\":\"Luta antirracismo\",\"p19_violencia\":\"Viol\\u00eancia\",\"p19_difusaoartistica\":\"Difus\\u00e3o Art\\u00edstica\",\"p20_reunioes\":\"Reuni\\u00f5es\",\"p20_atendimento\":\"Atendimento\",\"p20_oficinas\":\"Oficinas\",\"p20_oficinasaulasartisticas\":\"Ensaios\\\/Oficinas\\\/Aulas art\\u00edsticas\",\"p20_cursos\":\"Cursos\",\"p20_profissionalizacao\":\"Profissionaliza\\u00e7\\u00e3o\",\"p20_apresentacoesartisticas\":\"Apresenta\\u00e7\\u00f5es art\\u00edsticas\",\"p21_repressaopolicial\":\"Repress\\u00e3o policial\",\"p21_intoleranciareligiosa\":\"Fundamentalistamo\\\/intoler\\u00e2ncia religiosa\",\"p21_xenofobia\":\"Xenofobia\",\"p21_machismo\":\"Machismo\",\"p21_racismo\":\"Racismo\",\"p21_lgbtqifobia\":\"LGBTIfobia\",\"p22_numerodeparticipantes\":\"1  - 15\",\"p23_reunioes\":\"Reuni\\u00f5es\",\"p23_atendimento\":\"Atendimento\",\"p23_oficinas\":\"Oficinas\",\"p23_oficinasaulasartisticas\":\"Ensaio\\\/Oficinas\\\/Aulas Art\\u00edsticas\",\"p23_apresentacoesartisticas\":\"Apresenta\\u00e7\\u00f5es Art\\u00edsticas\",\"p23_outros\":\"Outros\",\"p24_oficinasaulasartisticas\":\"Ensaios\\\/Oficinas\\\/Aulas art\\u00edsticas\",\"p24_curso\":\"Curso\",\"p24_profissionalizacao\":\"Profissionaliza\\u00e7\\u00e3o\",\"p24_outros\":\"Outros\",\"p25_numerodepessoas\":\"40 - 60\",\"p26_numerodepessoas\":\"20 - 40\",\"p27_espacopublico\":\"Espa\\u00e7o p\\u00fablico\",\"p27_espacoproprio\":\"Espa\\u00e7o pr\\u00f3prio\",\"p28_territorios\":\"Estado\",\"p30_outrasorganizacoes\":\"Sim\",\"p32_campanhadelongaduracao\":\"Sim\",\"p34_estadual\":\"Estadual\",\"p34_nacional\":\"Nacional\",\"p34_nenhuma\":\"Nenhuma\",\"p36_conselhosdeparticipacaoecontrolesocial\":\"Sim\",\"p38_sim\":\"Sim\",\"p38_nenhum\":\"Nenhum\",\"p40_editais\":\"Sim\",\"p41_publicoestatal\":\"P\\u00fablico-Estatal\",\"p41_privadopj\":\"Privado (P. Jur\\u00eddica)\",\"p41_autofinanciamento\":\"Auto-financiamento\",\"p42_meiodedivulgacaoproprio\":\"Sim\",\"p43_whatsapp\":\"WhatApp\",\"p43_instagram\":\"Instagram\",\"p43_youtube\":\"YouTube\",\"p44_jornaisimpressosdebairro\":\"Jornais impressos de bairro\",\"p44_sitesblogs\":\"Sites ou Blogs\",\"p39_publico\":\"MULHERES-SOBREVIVENTES-DO-C\\u00c1RCERE\",\"p45_bandeira\":\"ANTI-C\\u00c1RCERE CONTRA-IDEOLOGIA-DE-G\\u00caNERO LUTA-ANTIRRACISTA LUTA-TERRITORIAL EDUCA\\u00c7\\u00c3O-DE-QUALIDADE INCLUS\\u00c3O CULTURA-PERIF\\u00c9RICA\",\"p46_hashtags\":\"#ABOLICIONISMOPENAL #EDUCACAOELIBERDADE #IDEOLOGIADEGENERO\"},{\"p1_eixo\":\"Cultura\",\"p9_tipoorganizacao\":\"Associa\\u00e7\\u00e3o\",\"p12_uf\":\"RR\",\"p13_cidade\":\"BOA VISTA\",\"p16_bairro\":\"Bairro\",\"p16_cidade\":\"Cidade\",\"p17_ano\":\"2007\",\"p18_comunicacao\":\"Comunica\\u00e7\\u00e3o\",\"p18_difusaoartistica\":\"Difus\\u00e3o Art\\u00edstica\",\"p18_desenvolvimentoterritorial\":\"Desenvolvimento territorial\",\"p18_direitoshumanos\":\"Direitos humanos\",\"p18_educacao\":\"Educa\\u00e7\\u00e3o\",\"p18_feminismos\":\"Feminismos\",\"p18_lgbtqi\":\"LGBTQI\",\"p18_lutaantirracismo\":\"Luta antirracismo\",\"p18_mobilidade\":\"Mobilidade\",\"p18_moradia\":\"Moradia\",\"p18_povosecomunidadestradicionais\":\"Povos e comunidades tradicionais\",\"p18_trabalho\":\"Trabalho\",\"p18_religiao\":\"Religi\\u00e3o\",\"p18_saude\":\"Sa\\u00fade\",\"p18_violencia\":\"Viol\\u00eancia\",\"p18_politicasculturais\":\"Pol\\u00edticas Culturais\",\"p19_educacao\":\"Educa\\u00e7\\u00e3o\",\"p19_lutaantirracismo\":\"Luta antirracismo\",\"p19_trabalho\":\"Trabalho\",\"p19_violencia\":\"Viol\\u00eancia\",\"p19_difusaoartistica\":\"Difus\\u00e3o Art\\u00edstica\",\"p20_reunioes\":\"Reuni\\u00f5es\",\"p20_oficinas\":\"Oficinas\",\"p20_cursos\":\"Cursos\",\"p20_formacao\":\"Forma\\u00e7\\u00e3o\",\"p20_profissionalizacao\":\"Profissionaliza\\u00e7\\u00e3o\",\"p20_apresentacoesartisticas\":\"Apresenta\\u00e7\\u00f5es art\\u00edsticas\",\"p21_repressaopolicial\":\"Repress\\u00e3o policial\",\"p21_intoleranciareligiosa\":\"Fundamentalistamo\\\/intoler\\u00e2ncia religiosa\",\"p21_xenofobia\":\"Xenofobia\",\"p21_machismo\":\"Machismo\",\"p21_racismo\":\"Racismo\",\"p21_lgbtqifobia\":\"LGBTIfobia\",\"p21_enfrentamentocomgruposprivadosarmados\":\"Enfrentamento com grupos privados armados\",\"p22_numerodeparticipantes\":\"1  - 15\",\"p23_reunioes\":\"Reuni\\u00f5es\",\"p23_oficinas\":\"Oficinas\",\"p23_apresentacoesartisticas\":\"Apresenta\\u00e7\\u00f5es Art\\u00edsticas\",\"p23_outros\":\"Outros\",\"p24_oficinas\":\"Oficinas\",\"p24_curso\":\"Curso\",\"p24_formacao\":\"Forma\\u00e7\\u00e3o\",\"p24_profissionalizacao\":\"Profissionaliza\\u00e7\\u00e3o\",\"p24_apresentacoesartisticas\":\"Apresenta\\u00e7\\u00f5es art\\u00edsticas\",\"p24_outros\":\"Outros\",\"p25_numerodepessoas\":\"1 - 20\",\"p26_numerodepessoas\":\"400 - 500\",\"p27_espacopublico\":\"Espa\\u00e7o p\\u00fablico\",\"p27_espacoemprestadocedido\":\"Espa\\u00e7o emprestado\\\/cedido\",\"p28_territorios\":\"Cidade\",\"p30_outrasorganizacoes\":\"Sim\",\"p32_campanhadelongaduracao\":\"Sim\",\"p34_nenhuma\":\"Nenhuma\",\"p36_conselhosdeparticipacaoecontrolesocial\":\"Sim\",\"p38_sim\":\"Sim\",\"p38_nenhum\":\"Nenhum\",\"p40_editais\":\"N\\u00e3o\",\"p41_publicoestatal\":\"P\\u00fablico-Estatal\",\"p41_autofinanciamento\":\"Auto-financiamento\",\"p41_financiamentocoletivo0\":\"Financiamento coletivo\",\"p42_meiodedivulgacaoproprio\":\"Sim\",\"p43_whatsapp\":\"WhatApp\",\"p43_instagram\":\"Instagram\",\"p43_youtube\":\"YouTube\",\"p43_nenhum\":\"Nenhum\",\"p44_radio\":\"TV\",\"p44_jornaisimpressosdebairro\":\"Jornais impressos de bairro\",\"p39_publico\":\"JOVENS\",\"p45_bandeira\":\"HIP-HOP CULTURA LAZER ESPORTE\",\"p46_hashtags\":\"#HIPHOP #CULTURAURBANA #SKATEBOARD\"},{\"p1_eixo\":\"Cultura\",\"p9_tipoorganizacao\":\"Associa\\u00e7\\u00e3o\",\"p12_uf\":\"AC\",\"p13_cidade\":\"SENA MADUREIRA\",\"p16_bairro\":\"Bairro\",\"p17_ano\":\"2005\",\"p18_agrario\":\"Agr\\u00e1rio\\\/ruralidades\",\"p18_comunicacao\":\"Comunica\\u00e7\\u00e3o\",\"p18_difusaoartistica\":\"Difus\\u00e3o Art\\u00edstica\",\"p18_desenvolvimentoterritorial\":\"Desenvolvimento territorial\",\"p18_direitoshumanos\":\"Direitos humanos\",\"p18_educacao\":\"Educa\\u00e7\\u00e3o\",\"p18_feminismos\":\"Feminismos\",\"p18_lgbtqi\":\"LGBTQI\",\"p18_lutaantirracismo\":\"Luta antirracismo\",\"p18_mobilidade\":\"Mobilidade\",\"p18_moradia\":\"Moradia\",\"p18_povosecomunidadestradicionais\":\"Povos e comunidades tradicionais\",\"p18_trabalho\":\"Trabalho\",\"p18_religiao\":\"Religi\\u00e3o\",\"p18_saude\":\"Sa\\u00fade\",\"p18_violencia\":\"Viol\\u00eancia\",\"p18_politicasculturais\":\"Pol\\u00edticas Culturais\",\"p19_educacao\":\"Educa\\u00e7\\u00e3o\",\"p19_lutaantirracismo\":\"Luta antirracismo\",\"p19_moradia\":\"Moradia\",\"p19_trabalho\":\"Trabalho\",\"p20_reunioes\":\"Reuni\\u00f5es\",\"p20_oficinas\":\"Oficinas\",\"p20_cursos\":\"Cursos\",\"p20_formacao\":\"Forma\\u00e7\\u00e3o\",\"p20_profissionalizacao\":\"Profissionaliza\\u00e7\\u00e3o\",\"p20_apresentacoesartisticas\":\"Apresenta\\u00e7\\u00f5es art\\u00edsticas\",\"p21_repressaopolicial\":\"Repress\\u00e3o policial\",\"p21_intoleranciareligiosa\":\"Fundamentalistamo\\\/intoler\\u00e2ncia religiosa\",\"p21_xenofobia\":\"Xenofobia\",\"p21_racismo\":\"Racismo\",\"p21_enfrentamentocomgruposprivadosarmados\":\"Enfrentamento com grupos privados armados\",\"p21_nenhum\":\"Nenhum\",\"p22_numerodeparticipantes\":\"45 - 60\",\"p23_reunioes\":\"Reuni\\u00f5es\",\"p23_outros\":\"Outros\",\"p24_oficinas\":\"Oficinas\",\"p24_curso\":\"Curso\",\"p24_formacao\":\"Forma\\u00e7\\u00e3o\",\"p24_profissionalizacao\":\"Profissionaliza\\u00e7\\u00e3o\",\"p24_apresentacoesartisticas\":\"Apresenta\\u00e7\\u00f5es art\\u00edsticas\",\"p24_outros\":\"Outros\",\"p25_numerodepessoas\":\"Mais de 500\",\"p26_numerodepessoas\":\"100 - 200\",\"p27_espacopublico\":\"Espa\\u00e7o p\\u00fablico\",\"p27_espacoemprestadocedido\":\"Espa\\u00e7o emprestado\\\/cedido\",\"p28_territorios\":\"Pr\\u00f3prio bairro\",\"p30_outrasorganizacoes\":\"Sim\",\"p32_campanhadelongaduracao\":\"N\\u00e3o\",\"p34_nenhuma\":\"Nenhuma\",\"p36_conselhosdeparticipacaoecontrolesocial\":\"Sim\",\"p38_sim\":\"Sim\",\"p38_nenhum\":\"Nenhum\",\"p40_editais\":\"Sim\",\"p41_publicoestatal\":\"P\\u00fablico-Estatal\",\"p41_financiamentocoletivo0\":\"Financiamento coletivo\",\"p42_meiodedivulgacaoproprio\":\"Sim\",\"p43_nenhum\":\"Nenhum\",\"p44_radio\":\"TV\",\"p44_nenhum\":\"Nenhum\",\"p39_publico\":\"CRIAN\\u00c7AS JOVENS\",\"p45_bandeira\":\"CULTURA COMUNIDADE CRIAN\\u00c7AS JOVENS ESPORTE ENFRENTAMENTO-CRIME\",\"p46_hashtags\":\"#CULTURAEESPORTE #FAVELASALVA #CULTURASALVA\"},{\"p1_eixo\":\"Trabalho\",\"p9_tipoorganizacao\":\"Associa\\u00e7\\u00e3o\",\"p12_uf\":\"RN\",\"p13_cidade\":\"LU\\u00cdS GOMES \",\"p16_bairro\":\"Bairro\",\"p17_ano\":\"2001\",\"p18_agrario\":\"Agr\\u00e1rio\\\/ruralidades\",\"p18_comunicacao\":\"Comunica\\u00e7\\u00e3o\",\"p18_difusaoartistica\":\"Difus\\u00e3o Art\\u00edstica\",\"p18_desenvolvimentoterritorial\":\"Desenvolvimento territorial\",\"p18_direitoshumanos\":\"Direitos humanos\",\"p18_educacao\":\"Educa\\u00e7\\u00e3o\",\"p18_feminismos\":\"Feminismos\",\"p18_lgbtqi\":\"LGBTQI\",\"p18_lutaantirracismo\":\"Luta antirracismo\",\"p18_mobilidade\":\"Mobilidade\",\"p18_moradia\":\"Moradia\",\"p18_povosecomunidadestradicionais\":\"Povos e comunidades tradicionais\",\"p18_trabalho\":\"Trabalho\",\"p18_religiao\":\"Religi\\u00e3o\",\"p18_saude\":\"Sa\\u00fade\",\"p18_violencia\":\"Viol\\u00eancia\",\"p18_politicasculturais\":\"Pol\\u00edticas Culturais\",\"p19_desenvolvimentoterritorial\":\"Desenvolvimento territorial\",\"p19_educacao\":\"Educa\\u00e7\\u00e3o\",\"p19_lutaantirracismo\":\"Luta antirracismo\",\"p19_moradia\":\"Moradia\",\"p19_trabalho\":\"Trabalho\",\"p19_saude\":\"Sa\\u00fade\",\"p20_reunioes\":\"Reuni\\u00f5es\",\"p20_oficinas\":\"Oficinas\",\"p20_oficinasaulasartisticas\":\"Ensaios\\\/Oficinas\\\/Aulas art\\u00edsticas\",\"p20_cursos\":\"Cursos\",\"p20_apresentacoesartisticas\":\"Apresenta\\u00e7\\u00f5es art\\u00edsticas\",\"p20_visitasexcursoes\":\"Visitas\\\/Excurs\\u00f5es\",\"p21_repressaopolicial\":\"Repress\\u00e3o policial\",\"p21_intoleranciareligiosa\":\"Fundamentalistamo\\\/intoler\\u00e2ncia religiosa\",\"p21_xenofobia\":\"Xenofobia\",\"p21_racismo\":\"Racismo\",\"p21_nenhum\":\"Nenhum\",\"p22_numerodeparticipantes\":\"60 - 75\",\"p23_reunioes\":\"Reuni\\u00f5es\",\"p23_oficinas\":\"Oficinas\",\"p23_oficinasaulasartisticas\":\"Ensaio\\\/Oficinas\\\/Aulas Art\\u00edsticas\",\"p23_cursos\":\"Cursos\",\"p23_apresentacoesartisticas\":\"Apresenta\\u00e7\\u00f5es Art\\u00edsticas\",\"p23_outros\":\"Outros\",\"p25_numerodepessoas\":\"Mais de 500\",\"p26_numerodepessoas\":\"1 - 20\",\"p27_espacopublico\":\"Espa\\u00e7o p\\u00fablico\",\"p27_espacoemprestadocedido\":\"Espa\\u00e7o emprestado\\\/cedido\",\"p27_espacoproprio\":\"Espa\\u00e7o pr\\u00f3prio\",\"p28_territorios\":\"Pr\\u00f3prio bairro\",\"p30_outrasorganizacoes\":\"N\\u00e3o\",\"p32_campanhadelongaduracao\":\"N\\u00e3o\",\"p34_estadual\":\"Estadual\",\"p34_nenhuma\":\"Nenhuma\",\"p36_conselhosdeparticipacaoecontrolesocial\":\"Sim\",\"p38_sim\":\"Sim\",\"p38_nenhum\":\"Nenhum\",\"p40_editais\":\"Sim\",\"p41_autofinanciamento\":\"Auto-financiamento\",\"p41_financiamentocoletivo0\":\"Financiamento coletivo\",\"p42_meiodedivulgacaoproprio\":\"N\\u00e3o\",\"p43_email\":\"E-mail\",\"p43_facebook\":\"Facebook\",\"p43_instagram\":\"Instagram\",\"p43_nenhum\":\"Nenhum\",\"p44_nenhum\":\"Nenhum\",\"p39_publico\":\"MORADORES-DA-COMUNIDADE\",\"p45_bandeira\":\"MELHORIA COMUNIDADE VIDA ABASTECIMENTO-\\u00c1GUA SA\\u00daDE\",\"p46_hashtags\":\"#COMUNIDADE #ABASTECIMENTODEAGUA #CRIANCASEADOLESCENTES\"},{\"p1_eixo\":\"Viol\\u00eancia\",\"p9_tipoorganizacao\":\"Associa\\u00e7\\u00e3o\",\"p12_uf\":\"AM\",\"p13_cidade\":\"MANACAPURU\",\"p16_bairro\":\"Bairro\",\"p16_nacional\":\"Nacional\",\"p17_ano\":\"2013\",\"p18_agrario\":\"Agr\\u00e1rio\\\/ruralidades\",\"p18_comunicacao\":\"Comunica\\u00e7\\u00e3o\",\"p18_difusaoartistica\":\"Difus\\u00e3o Art\\u00edstica\",\"p18_desenvolvimentoterritorial\":\"Desenvolvimento territorial\",\"p18_direitoshumanos\":\"Direitos humanos\",\"p18_educacao\":\"Educa\\u00e7\\u00e3o\",\"p18_feminismos\":\"Feminismos\",\"p18_lgbtqi\":\"LGBTQI\",\"p18_lutaantirracismo\":\"Luta antirracismo\",\"p18_mobilidade\":\"Mobilidade\",\"p18_moradia\":\"Moradia\",\"p18_povosecomunidadestradicionais\":\"Povos e comunidades tradicionais\",\"p18_trabalho\":\"Trabalho\",\"p18_religiao\":\"Religi\\u00e3o\",\"p18_saude\":\"Sa\\u00fade\",\"p18_violencia\":\"Viol\\u00eancia\",\"p18_politicasculturais\":\"Pol\\u00edticas Culturais\",\"p19_agrario\":\"Agr\\u00e1rio\\\/ruralidades\",\"p19_desenvolvimentoterritorial\":\"Desenvolvimento territorial\",\"p19_educacao\":\"Educa\\u00e7\\u00e3o\",\"p19_povosecomunidadestradicionais\":\"Povos e comunidades tradicionais\",\"p19_saude\":\"Sa\\u00fade\",\"p20_reunioes\":\"Reuni\\u00f5es\",\"p20_oficinas\":\"Oficinas\",\"p20_oficinasaulasartisticas\":\"Ensaios\\\/Oficinas\\\/Aulas art\\u00edsticas\",\"p20_cursos\":\"Cursos\",\"p20_profissionalizacao\":\"Profissionaliza\\u00e7\\u00e3o\",\"p20_apresentacoesartisticas\":\"Apresenta\\u00e7\\u00f5es art\\u00edsticas\",\"p20_visitasexcursoes\":\"Visitas\\\/Excurs\\u00f5es\",\"p21_repressaopolicial\":\"Repress\\u00e3o policial\",\"p21_intoleranciareligiosa\":\"Fundamentalistamo\\\/intoler\\u00e2ncia religiosa\",\"p21_xenofobia\":\"Xenofobia\",\"p21_racismo\":\"Racismo\",\"p21_lgbtqifobia\":\"LGBTIfobia\",\"p22_numerodeparticipantes\":\"15 - 30\",\"p23_reunioes\":\"Reuni\\u00f5es\",\"p23_oficinas\":\"Oficinas\",\"p23_oficinasaulasartisticas\":\"Ensaio\\\/Oficinas\\\/Aulas Art\\u00edsticas\",\"p23_cursos\":\"Cursos\",\"p23_apresentacoesartisticas\":\"Apresenta\\u00e7\\u00f5es Art\\u00edsticas\",\"p23_outros\":\"Outros\",\"p24_oficinasaulasartisticas\":\"Ensaios\\\/Oficinas\\\/Aulas art\\u00edsticas\",\"p24_apresentacoesartisticas\":\"Apresenta\\u00e7\\u00f5es art\\u00edsticas\",\"p24_outros\":\"Outros\",\"p25_numerodepessoas\":\"40 - 60\",\"p26_numerodepessoas\":\"1 - 20\",\"p27_espacoproprio\":\"Espa\\u00e7o pr\\u00f3prio\",\"p28_territorios\":\"Pr\\u00f3prio bairro\",\"p30_outrasorganizacoes\":\"N\\u00e3o\",\"p32_campanhadelongaduracao\":\"Sim\",\"p34_estadual\":\"Estadual\",\"p34_nenhuma\":\"Nenhuma\",\"p36_conselhosdeparticipacaoecontrolesocial\":\"N\\u00e3o\",\"p38_sim\":\"Sim\",\"p40_editais\":\"N\\u00e3o\",\"p41_autofinanciamento\":\"Auto-financiamento\",\"p41_financiamentocoletivo0\":\"Financiamento coletivo\",\"p42_meiodedivulgacaoproprio\":\"Sim\",\"p43_email\":\"E-mail\",\"p43_facebook\":\"Facebook\",\"p43_instagram\":\"Instagram\",\"p43_sitesblogs\":\"Blogs\\\/sites\",\"p44_nenhum\":\"Nenhum\",\"p39_publico\":\"FAM\\u00cdLIAS-DA-ALDEIA\",\"p45_bandeira\":\"DIREITOS-IND\\u00cdGENAS DEFESA SUSTENTABILIDADE POVOS-IND\\u00cdGENAS\",\"p46_hashtags\":\"#DIREITOSINDIGENAS #SUSTENTABILIDADE #TERRITORIO\"},{\"p1_eixo\":\"Trabalho\",\"p9_tipoorganizacao\":\"Movimento Social\",\"p12_uf\":\"BA\",\"p13_cidade\":\"ANT\\u00d4NIO CARDOSO \",\"p16_nacional\":\"Nacional\",\"p17_ano\":\"2002\",\"p16_estado\":\"Estado\",\"p18_agrario\":\"Agr\\u00e1rio\\\/ruralidades\",\"p18_comunicacao\":\"Comunica\\u00e7\\u00e3o\",\"p18_difusaoartistica\":\"Difus\\u00e3o Art\\u00edstica\",\"p18_desenvolvimentoterritorial\":\"Desenvolvimento territorial\",\"p18_direitoshumanos\":\"Direitos humanos\",\"p18_educacao\":\"Educa\\u00e7\\u00e3o\",\"p18_feminismos\":\"Feminismos\",\"p18_lgbtqi\":\"LGBTQI\",\"p18_lutaantirracismo\":\"Luta antirracismo\",\"p18_mobilidade\":\"Mobilidade\",\"p18_moradia\":\"Moradia\",\"p18_povosecomunidadestradicionais\":\"Povos e comunidades tradicionais\",\"p18_trabalho\":\"Trabalho\",\"p18_saude\":\"Sa\\u00fade\",\"p18_violencia\":\"Viol\\u00eancia\",\"p18_politicasculturais\":\"Pol\\u00edticas Culturais\",\"p19_agrario\":\"Agr\\u00e1rio\\\/ruralidades\",\"p19_educacao\":\"Educa\\u00e7\\u00e3o\",\"p19_feminismos\":\"Feminismos\",\"p19_lutaantirracismo\":\"Luta antirracismo\",\"p19_povosecomunidadestradicionais\":\"Povos e comunidades tradicionais\",\"p20_reunioes\":\"Reuni\\u00f5es\",\"p20_atendimento\":\"Atendimento\",\"p20_oficinas\":\"Oficinas\",\"p20_oficinasaulasartisticas\":\"Ensaios\\\/Oficinas\\\/Aulas art\\u00edsticas\",\"p20_cursos\":\"Cursos\",\"p20_formacao\":\"Forma\\u00e7\\u00e3o\",\"p20_profissionalizacao\":\"Profissionaliza\\u00e7\\u00e3o\",\"p20_apresentacoesartisticas\":\"Apresenta\\u00e7\\u00f5es art\\u00edsticas\",\"p21_repressaopolicial\":\"Repress\\u00e3o policial\",\"p21_intoleranciareligiosa\":\"Fundamentalistamo\\\/intoler\\u00e2ncia religiosa\",\"p21_machismo\":\"Machismo\",\"p21_racismo\":\"Racismo\",\"p21_lgbtqifobia\":\"LGBTIfobia\",\"p22_numerodeparticipantes\":\"75 - 90\",\"p23_reunioes\":\"Reuni\\u00f5es\",\"p23_atendimento\":\"Atendimento\",\"p23_oficinas\":\"Oficinas\",\"p23_oficinasaulasartisticas\":\"Ensaio\\\/Oficinas\\\/Aulas Art\\u00edsticas\",\"p23_cursos\":\"Cursos\",\"p23_formacao\":\"Forma\\u00e7\\u00e3o\",\"p23_profissionalizacao\":\"Profissionaliza\\u00e7\\u00e3o\",\"p23_apresentacoesartisticas\":\"Apresenta\\u00e7\\u00f5es Art\\u00edsticas\",\"p23_outros\":\"Outros\",\"p24_oficinasaulasartisticas\":\"Ensaios\\\/Oficinas\\\/Aulas art\\u00edsticas\",\"p24_curso\":\"Curso\",\"p24_apresentacoesartisticas\":\"Apresenta\\u00e7\\u00f5es art\\u00edsticas\",\"p24_outros\":\"Outros\",\"p25_numerodepessoas\":\"40 - 60\",\"p26_numerodepessoas\":\"20 - 40\",\"p27_espacoproprio\":\"Espa\\u00e7o pr\\u00f3prio\",\"p28_territorios\":\"Estado\",\"p30_outrasorganizacoes\":\"Sim\",\"p32_campanhadelongaduracao\":\"Sim\",\"p34_nenhuma\":\"Nenhuma\",\"p36_conselhosdeparticipacaoecontrolesocial\":\"N\\u00e3o\",\"p38_sim\":\"Sim\",\"p40_editais\":\"Sim\",\"p41_publicoestatal\":\"P\\u00fablico-Estatal\",\"p41_autofinanciamento\":\"Auto-financiamento\",\"p41_financiamentocoletivo0\":\"Financiamento coletivo\",\"p42_meiodedivulgacaoproprio\":\"Sim\",\"p43_email\":\"E-mail\",\"p43_facebook\":\"Facebook\",\"p43_whatsapp\":\"WhatApp\",\"p43_instagram\":\"Instagram\",\"p43_sitesblogs\":\"Blogs\\\/sites\",\"p44_jornaisimpressosdegrandecirculacao\":\"Jornais impressos de grande circula\\u00e7\\u00e3o\",\"p44_nenhum\":\"Nenhum\",\"p39_publico\":\"MORADORES-DA-COMUNIDADE\",\"p45_bandeira\":\"DIVERSIDADE MINORIAS POVOS-TRADICIONAIS\",\"p46_hashtags\":\"#EDUCACAO #REFORMAAGRARIA #POVOSTRADICIONAIS \"},{\"p1_eixo\":\"Trabalho\",\"p9_tipoorganizacao\":\"Associa\\u00e7\\u00e3o\",\"p12_uf\":\"GO\",\"p13_cidade\":\"CIDADE DE GOI\\u00c1S\",\"p16_bairro\":\"Bairro\",\"p17_ano\":\"2016\",\"p16_estado\":\"Estado\",\"p18_agrario\":\"Agr\\u00e1rio\\\/ruralidades\",\"p18_comunicacao\":\"Comunica\\u00e7\\u00e3o\",\"p18_difusaoartistica\":\"Difus\\u00e3o Art\\u00edstica\",\"p18_desenvolvimentoterritorial\":\"Desenvolvimento territorial\",\"p18_direitoshumanos\":\"Direitos humanos\",\"p18_educacao\":\"Educa\\u00e7\\u00e3o\",\"p18_feminismos\":\"Feminismos\",\"p18_lgbtqi\":\"LGBTQI\",\"p18_lutaantirracismo\":\"Luta antirracismo\",\"p18_mobilidade\":\"Mobilidade\",\"p18_moradia\":\"Moradia\",\"p18_povosecomunidadestradicionais\":\"Povos e comunidades tradicionais\",\"p18_trabalho\":\"Trabalho\",\"p18_religiao\":\"Religi\\u00e3o\",\"p18_saude\":\"Sa\\u00fade\",\"p18_violencia\":\"Viol\\u00eancia\",\"p18_politicasculturais\":\"Pol\\u00edticas Culturais\",\"p19_educacao\":\"Educa\\u00e7\\u00e3o\",\"p19_feminismos\":\"Feminismos\",\"p19_lutaantirracismo\":\"Luta antirracismo\",\"p19_povosecomunidadestradicionais\":\"Povos e comunidades tradicionais\",\"p19_violencia\":\"Viol\\u00eancia\",\"p20_reunioes\":\"Reuni\\u00f5es\",\"p20_atendimento\":\"Atendimento\",\"p20_oficinas\":\"Oficinas\",\"p20_oficinasaulasartisticas\":\"Ensaios\\\/Oficinas\\\/Aulas art\\u00edsticas\",\"p20_cursos\":\"Cursos\",\"p20_formacao\":\"Forma\\u00e7\\u00e3o\",\"p20_profissionalizacao\":\"Profissionaliza\\u00e7\\u00e3o\",\"p20_apresentacoesartisticas\":\"Apresenta\\u00e7\\u00f5es art\\u00edsticas\",\"p20_visitasexcursoes\":\"Visitas\\\/Excurs\\u00f5es\",\"p21_repressaopolicial\":\"Repress\\u00e3o policial\",\"p21_intoleranciareligiosa\":\"Fundamentalistamo\\\/intoler\\u00e2ncia religiosa\",\"p21_xenofobia\":\"Xenofobia\",\"p21_machismo\":\"Machismo\",\"p21_racismo\":\"Racismo\",\"p21_lgbtqifobia\":\"LGBTIfobia\",\"p21_enfrentamentocomgruposprivadosarmados\":\"Enfrentamento com grupos privados armados\",\"p22_numerodeparticipantes\":\"45 - 60\",\"p23_reunioes\":\"Reuni\\u00f5es\",\"p23_atendimento\":\"Atendimento\",\"p23_oficinas\":\"Oficinas\",\"p23_oficinasaulasartisticas\":\"Ensaio\\\/Oficinas\\\/Aulas Art\\u00edsticas\",\"p23_cursos\":\"Cursos\",\"p23_formacao\":\"Forma\\u00e7\\u00e3o\",\"p23_profissionalizacao\":\"Profissionaliza\\u00e7\\u00e3o\",\"p23_apresentacoesartisticas\":\"Apresenta\\u00e7\\u00f5es Art\\u00edsticas\",\"p23_outros\":\"Outros\",\"p24_reunioes\":\"Reuni\\u00f5es\",\"p24_atendimento\":\"Atendimentos\",\"p24_oficinas\":\"Oficinas\",\"p24_oficinasaulasartisticas\":\"Ensaios\\\/Oficinas\\\/Aulas art\\u00edsticas\",\"p24_curso\":\"Curso\",\"p24_formacao\":\"Forma\\u00e7\\u00e3o\",\"p24_profissionalizacao\":\"Profissionaliza\\u00e7\\u00e3o\",\"p24_outros\":\"Outros\",\"p25_numerodepessoas\":\"20 - 40\",\"p26_numerodepessoas\":\"1 - 20\",\"p27_espacoproprio\":\"Espa\\u00e7o pr\\u00f3prio\",\"p28_territorios\":\"Estado\",\"p30_outrasorganizacoes\":\"Sim\",\"p32_campanhadelongaduracao\":\"N\\u00e3o\",\"p34_estadual\":\"Estadual\",\"p34_nacional\":\"Nacional\",\"p34_nenhuma\":\"Nenhuma\",\"p36_conselhosdeparticipacaoecontrolesocial\":\"Sim\",\"p38_sim\":\"Sim\",\"p40_editais\":\"Sim\",\"p41_publicoestatal\":\"P\\u00fablico-Estatal\",\"p41_autofinanciamento\":\"Auto-financiamento\",\"p41_financiamentocoletivo0\":\"Financiamento coletivo\",\"p42_meiodedivulgacaoproprio\":\"Sim\",\"p43_email\":\"E-mail\",\"p43_facebook\":\"Facebook\",\"p43_whatsapp\":\"WhatApp\",\"p43_instagram\":\"Instagram\",\"p44_radio\":\"TV\",\"p44_jornaisimpressosdegrandecirculacao\":\"Jornais impressos de grande circula\\u00e7\\u00e3o\",\"p44_sitesblogs\":\"Sites ou Blogs\",\"p39_publico\":\"MULHERES MENINAS-EM-SITUA\\u00c7\\u00c3O-DE-VULNERABILIDADE\",\"p45_bandeira\":\"LUTA-ANTIRRACISTA ANTIMACHISMO DEFESA-DIREITOS-HUMANOS\",\"p46_hashtags\":\"#ANTIRRACISMO #LUTAANTIMACHISMO #DIREITOSHUMANOS \"},{\"p1_eixo\":\"Cultura\",\"p9_tipoorganizacao\":\"Associa\\u00e7\\u00e3o\",\"p12_uf\":\"BA\",\"p13_cidade\":\"FEIRA DE SANTANA \",\"p16_bairro\":\"Bairro\",\"p17_ano\":\"Anterior a 1980\",\"p16_estado\":\"Estado\",\"p18_agrario\":\"Agr\\u00e1rio\\\/ruralidades\",\"p18_comunicacao\":\"Comunica\\u00e7\\u00e3o\",\"p18_difusaoartistica\":\"Difus\\u00e3o Art\\u00edstica\",\"p18_desenvolvimentoterritorial\":\"Desenvolvimento territorial\",\"p18_direitoshumanos\":\"Direitos humanos\",\"p18_educacao\":\"Educa\\u00e7\\u00e3o\",\"p18_feminismos\":\"Feminismos\",\"p18_lgbtqi\":\"LGBTQI\",\"p18_lutaantirracismo\":\"Luta antirracismo\",\"p18_mobilidade\":\"Mobilidade\",\"p18_moradia\":\"Moradia\",\"p18_povosecomunidadestradicionais\":\"Povos e comunidades tradicionais\",\"p18_trabalho\":\"Trabalho\",\"p18_religiao\":\"Religi\\u00e3o\",\"p18_saude\":\"Sa\\u00fade\",\"p18_violencia\":\"Viol\\u00eancia\",\"p18_politicasculturais\":\"Pol\\u00edticas Culturais\",\"p19_educacao\":\"Educa\\u00e7\\u00e3o\",\"p19_moradia\":\"Moradia\",\"p19_povosecomunidadestradicionais\":\"Povos e comunidades tradicionais\",\"p19_trabalho\":\"Trabalho\",\"p19_saude\":\"Sa\\u00fade\",\"p19_violencia\":\"Viol\\u00eancia\",\"p20_reunioes\":\"Reuni\\u00f5es\",\"p20_atendimento\":\"Atendimento\",\"p20_oficinas\":\"Oficinas\",\"p20_oficinasaulasartisticas\":\"Ensaios\\\/Oficinas\\\/Aulas art\\u00edsticas\",\"p20_formacao\":\"Forma\\u00e7\\u00e3o\",\"p20_profissionalizacao\":\"Profissionaliza\\u00e7\\u00e3o\",\"p20_apresentacoesartisticas\":\"Apresenta\\u00e7\\u00f5es art\\u00edsticas\",\"p20_visitasexcursoes\":\"Visitas\\\/Excurs\\u00f5es\",\"p21_repressaopolicial\":\"Repress\\u00e3o policial\",\"p21_intoleranciareligiosa\":\"Fundamentalistamo\\\/intoler\\u00e2ncia religiosa\",\"p21_xenofobia\":\"Xenofobia\",\"p21_machismo\":\"Machismo\",\"p21_racismo\":\"Racismo\",\"p21_lgbtqifobia\":\"LGBTIfobia\",\"p21_enfrentamentocomgruposprivadosarmados\":\"Enfrentamento com grupos privados armados\",\"p22_numerodeparticipantes\":\"Mais de 90\",\"p23_reunioes\":\"Reuni\\u00f5es\",\"p23_atendimento\":\"Atendimento\",\"p23_oficinas\":\"Oficinas\",\"p23_formacao\":\"Forma\\u00e7\\u00e3o\",\"p23_profissionalizacao\":\"Profissionaliza\\u00e7\\u00e3o\",\"p23_apresentacoesartisticas\":\"Apresenta\\u00e7\\u00f5es Art\\u00edsticas\",\"p23_outros\":\"Outros\",\"p24_reunioes\":\"Reuni\\u00f5es\",\"p24_atendimento\":\"Atendimentos\",\"p24_oficinas\":\"Oficinas\",\"p24_oficinasaulasartisticas\":\"Ensaios\\\/Oficinas\\\/Aulas art\\u00edsticas\",\"p24_formacao\":\"Forma\\u00e7\\u00e3o\",\"p24_profissionalizacao\":\"Profissionaliza\\u00e7\\u00e3o\",\"p24_outros\":\"Outros\",\"p25_numerodepessoas\":\"300 - 400\",\"p26_numerodepessoas\":\"20 - 40\",\"p27_espacoproprio\":\"Espa\\u00e7o pr\\u00f3prio\",\"p28_territorios\":\"Pr\\u00f3prio bairro\",\"p30_outrasorganizacoes\":\"Sim\",\"p32_campanhadelongaduracao\":\"N\\u00e3o\",\"p34_municipal\":\"Municipal\",\"p34_estadual\":\"Estadual\",\"p34_nacional\":\"Nacional\",\"p36_conselhosdeparticipacaoecontrolesocial\":\"Sim\",\"p38_sim\":\"Sim\",\"p40_editais\":\"Sim\",\"p41_privadopj\":\"Privado (P. Jur\\u00eddica)\",\"p41_financiamentocoletivo0\":\"Financiamento coletivo\",\"p42_meiodedivulgacaoproprio\":\"Sim\",\"p43_facebook\":\"Facebook\",\"p43_instagram\":\"Instagram\",\"p44_radio\":\"TV\",\"p44_sitesblogs\":\"Sites ou Blogs\",\"p44_nenhum\":\"Nenhum\",\"p39_publico\":\"ASSOCIADOS MORADORES-DA-COMUNIDADE-LOCAL MULHERES CRIAN\\u00c7AS JOVENS HOMENS\",\"p45_bandeira\":\"DIREITO-\\u00c0-VIDA LUTA-ANTIRRACISTA RESPEITO-\\u00c0-DIFERENCA EDUCA\\u00c7\\u00c3O-ANTIRRACISTA\",\"p46_hashtags\":\"#RESISTIRPARAEXISTIR #NENHUMDIREITOAMENOS #EDUCACAOANTIRRACISTA\"},{\"p1_eixo\":\"Trabalho\",\"p9_tipoorganizacao\":\"Associa\\u00e7\\u00e3o\",\"p12_uf\":\"RS\",\"p13_cidade\":\"PELOTAS\",\"p16_cidade\":\"Cidade\",\"p17_ano\":\"1988\",\"p16_estado\":\"Estado\",\"p18_comunicacao\":\"Comunica\\u00e7\\u00e3o\",\"p18_difusaoartistica\":\"Difus\\u00e3o Art\\u00edstica\",\"p18_desenvolvimentoterritorial\":\"Desenvolvimento territorial\",\"p18_direitoshumanos\":\"Direitos humanos\",\"p18_educacao\":\"Educa\\u00e7\\u00e3o\",\"p18_feminismos\":\"Feminismos\",\"p18_lgbtqi\":\"LGBTQI\",\"p18_lutaantirracismo\":\"Luta antirracismo\",\"p18_mobilidade\":\"Mobilidade\",\"p18_moradia\":\"Moradia\",\"p18_povosecomunidadestradicionais\":\"Povos e comunidades tradicionais\",\"p18_trabalho\":\"Trabalho\",\"p18_saude\":\"Sa\\u00fade\",\"p18_violencia\":\"Viol\\u00eancia\",\"p18_politicasculturais\":\"Pol\\u00edticas Culturais\",\"p19_educacao\":\"Educa\\u00e7\\u00e3o\",\"p19_lutaantirracismo\":\"Luta antirracismo\",\"p19_moradia\":\"Moradia\",\"p19_trabalho\":\"Trabalho\",\"p19_saude\":\"Sa\\u00fade\",\"p19_politicasculturais\":\"Pol\\u00edticas Culturais\",\"p20_reunioes\":\"Reuni\\u00f5es\",\"p20_atendimento\":\"Atendimento\",\"p20_oficinas\":\"Oficinas\",\"p20_oficinasaulasartisticas\":\"Ensaios\\\/Oficinas\\\/Aulas art\\u00edsticas\",\"p20_cursos\":\"Cursos\",\"p20_formacao\":\"Forma\\u00e7\\u00e3o\",\"p20_profissionalizacao\":\"Profissionaliza\\u00e7\\u00e3o\",\"p20_apresentacoesartisticas\":\"Apresenta\\u00e7\\u00f5es art\\u00edsticas\",\"p20_visitasexcursoes\":\"Visitas\\\/Excurs\\u00f5es\",\"p21_intoleranciareligiosa\":\"Fundamentalistamo\\\/intoler\\u00e2ncia religiosa\",\"p21_machismo\":\"Machismo\",\"p21_racismo\":\"Racismo\",\"p21_lgbtqifobia\":\"LGBTIfobia\",\"p22_numerodeparticipantes\":\"30 - 45\",\"p23_reunioes\":\"Reuni\\u00f5es\",\"p23_atendimento\":\"Atendimento\",\"p23_oficinas\":\"Oficinas\",\"p23_oficinasaulasartisticas\":\"Ensaio\\\/Oficinas\\\/Aulas Art\\u00edsticas\",\"p23_cursos\":\"Cursos\",\"p23_formacao\":\"Forma\\u00e7\\u00e3o\",\"p23_profissionalizacao\":\"Profissionaliza\\u00e7\\u00e3o\",\"p23_apresentacoesartisticas\":\"Apresenta\\u00e7\\u00f5es Art\\u00edsticas\",\"p23_excursoes\":\"Excurs\\u00f5es\",\"p23_outros\":\"Outros\",\"p25_numerodepessoas\":\"60 - 80\",\"p26_numerodepessoas\":\"1 - 20\",\"p27_espacopublico\":\"Espa\\u00e7o p\\u00fablico\",\"p27_espacoemprestadocedido\":\"Espa\\u00e7o emprestado\\\/cedido\",\"p27_espacoproprio\":\"Espa\\u00e7o pr\\u00f3prio\",\"p27_virtual\":\"Virtual\",\"p28_territorios\":\"Pr\\u00f3prio bairro\",\"p30_outrasorganizacoes\":\"Sim\",\"p32_campanhadelongaduracao\":\"Sim\",\"p34_municipal\":\"Municipal\",\"p34_estadual\":\"Estadual\",\"p34_nenhuma\":\"Nenhuma\",\"p36_conselhosdeparticipacaoecontrolesocial\":\"Sim\",\"p38_sim\":\"Sim\",\"p40_editais\":\"Sim\",\"p41_privadopj\":\"Privado (P. Jur\\u00eddica)\",\"p41_autofinanciamento\":\"Auto-financiamento\",\"p41_financiamentocoletivo0\":\"Financiamento coletivo\",\"p42_meiodedivulgacaoproprio\":\"Sim\",\"p43_facebook\":\"Facebook\",\"p43_whatsapp\":\"WhatApp\",\"p43_instagram\":\"Instagram\",\"p44_radio\":\"TV\",\"p44_jornaisimpressosdegrandecirculacao\":\"Jornais impressos de grande circula\\u00e7\\u00e3o\",\"p44_jornaisimpressosdebairro\":\"Jornais impressos de bairro\",\"p44_nenhum\":\"Nenhum\",\"p39_publico\":\"COMUNIDADE-DE-FRAGATA\",\"p45_bandeira\":\"TRABALHO RENDA ECONOMIA-SOLID\\u00c1RIA FEMINISMO INCLUS\\u00c3O-SOCIAL SA\\u00daDE\",\"p46_hashtags\":\"#TRABALHO #RENDA #MORADIAS\"},{\"p1_eixo\":\"Cultura\",\"p9_tipoorganizacao\":\"Associa\\u00e7\\u00e3o\",\"p12_uf\":\"MS\",\"p13_cidade\":\"CORUMB\\u00c1\",\"p16_cidade\":\"Cidade\",\"p17_ano\":\"2002\",\"p18_agrario\":\"Agr\\u00e1rio\\\/ruralidades\",\"p18_comunicacao\":\"Comunica\\u00e7\\u00e3o\",\"p18_difusaoartistica\":\"Difus\\u00e3o Art\\u00edstica\",\"p18_desenvolvimentoterritorial\":\"Desenvolvimento territorial\",\"p18_direitoshumanos\":\"Direitos humanos\",\"p18_educacao\":\"Educa\\u00e7\\u00e3o\",\"p18_feminismos\":\"Feminismos\",\"p18_lgbtqi\":\"LGBTQI\",\"p18_lutaantirracismo\":\"Luta antirracismo\",\"p18_mobilidade\":\"Mobilidade\",\"p18_moradia\":\"Moradia\",\"p18_povosecomunidadestradicionais\":\"Povos e comunidades tradicionais\",\"p18_trabalho\":\"Trabalho\",\"p18_saude\":\"Sa\\u00fade\",\"p18_violencia\":\"Viol\\u00eancia\",\"p18_politicasculturais\":\"Pol\\u00edticas Culturais\",\"p19_agrario\":\"Agr\\u00e1rio\\\/ruralidades\",\"p19_desenvolvimentoterritorial\":\"Desenvolvimento territorial\",\"p19_educacao\":\"Educa\\u00e7\\u00e3o\",\"p19_lutaantirracismo\":\"Luta antirracismo\",\"p19_politicasculturais\":\"Pol\\u00edticas Culturais\",\"p20_reunioes\":\"Reuni\\u00f5es\",\"p20_oficinas\":\"Oficinas\",\"p20_oficinasaulasartisticas\":\"Ensaios\\\/Oficinas\\\/Aulas art\\u00edsticas\",\"p20_cursos\":\"Cursos\",\"p20_apresentacoesartisticas\":\"Apresenta\\u00e7\\u00f5es art\\u00edsticas\",\"p20_visitasexcursoes\":\"Visitas\\\/Excurs\\u00f5es\",\"p21_repressaopolicial\":\"Repress\\u00e3o policial\",\"p21_intoleranciareligiosa\":\"Fundamentalistamo\\\/intoler\\u00e2ncia religiosa\",\"p21_racismo\":\"Racismo\",\"p21_lgbtqifobia\":\"LGBTIfobia\",\"p21_enfrentamentocomgruposprivadosarmados\":\"Enfrentamento com grupos privados armados\",\"p22_numerodeparticipantes\":\"15 - 30\",\"p23_reunioes\":\"Reuni\\u00f5es\",\"p23_oficinas\":\"Oficinas\",\"p23_oficinasaulasartisticas\":\"Ensaio\\\/Oficinas\\\/Aulas Art\\u00edsticas\",\"p23_cursos\":\"Cursos\",\"p23_apresentacoesartisticas\":\"Apresenta\\u00e7\\u00f5es Art\\u00edsticas\",\"p23_excursoes\":\"Excurs\\u00f5es\",\"p23_outros\":\"Outros\",\"p25_numerodepessoas\":\"20 - 40\",\"p26_numerodepessoas\":\"1 - 20\",\"p27_espacopublico\":\"Espa\\u00e7o p\\u00fablico\",\"p27_espacoemprestadocedido\":\"Espa\\u00e7o emprestado\\\/cedido\",\"p27_virtual\":\"Virtual\",\"p28_territorios\":\"Cidade\",\"p30_outrasorganizacoes\":\"N\\u00e3o\",\"p32_campanhadelongaduracao\":\"N\\u00e3o\",\"p34_nenhuma\":\"Nenhuma\",\"p36_conselhosdeparticipacaoecontrolesocial\":\"Sim\",\"p38_sim\":\"Sim\",\"p38_nenhum\":\"Nenhum\",\"p40_editais\":\"N\\u00e3o\",\"p41_autofinanciamento\":\"Auto-financiamento\",\"p41_financiamentocoletivo0\":\"Financiamento coletivo\",\"p42_meiodedivulgacaoproprio\":\"Sim\",\"p43_facebook\":\"Facebook\",\"p43_whatsapp\":\"WhatApp\",\"p43_instagram\":\"Instagram\",\"p44_radio\":\"TV\",\"p44_jornaisimpressosdegrandecirculacao\":\"Jornais impressos de grande circula\\u00e7\\u00e3o\",\"p44_jornaisimpressosdebairro\":\"Jornais impressos de bairro\",\"p39_publico\":\"CRIAN\\u00c7AS JOVENS ADOLESCENTES-DAS-PERIFERIAS\",\"p45_bandeira\":\"ATIVIDADES-CULTURAIS COMBATE-RACISMO\",\"p46_hashtags\":\"#CORUMBASEMRACISMO #BLOCONACAOZUMBI #SEMLUTANAOHAPODER\"},{\"p1_eixo\":\"Trabalho\",\"p9_tipoorganizacao\":\"Associa\\u00e7\\u00e3o\",\"p12_uf\":\"MS\",\"p13_cidade\":\"CORUMB\\u00c1\",\"p16_cidade\":\"Cidade\",\"p17_ano\":\"2010\",\"p16_estado\":\"Estado\",\"p18_agrario\":\"Agr\\u00e1rio\\\/ruralidades\",\"p18_comunicacao\":\"Comunica\\u00e7\\u00e3o\",\"p18_difusaoartistica\":\"Difus\\u00e3o Art\\u00edstica\",\"p18_desenvolvimentoterritorial\":\"Desenvolvimento territorial\",\"p18_direitoshumanos\":\"Direitos humanos\",\"p18_educacao\":\"Educa\\u00e7\\u00e3o\",\"p18_feminismos\":\"Feminismos\",\"p18_lgbtqi\":\"LGBTQI\",\"p18_lutaantirracismo\":\"Luta antirracismo\",\"p18_mobilidade\":\"Mobilidade\",\"p18_moradia\":\"Moradia\",\"p18_povosecomunidadestradicionais\":\"Povos e comunidades tradicionais\",\"p18_trabalho\":\"Trabalho\",\"p18_religiao\":\"Religi\\u00e3o\",\"p18_saude\":\"Sa\\u00fade\",\"p18_violencia\":\"Viol\\u00eancia\",\"p18_politicasculturais\":\"Pol\\u00edticas Culturais\",\"p19_agrario\":\"Agr\\u00e1rio\\\/ruralidades\",\"p19_desenvolvimentoterritorial\":\"Desenvolvimento territorial\",\"p19_educacao\":\"Educa\\u00e7\\u00e3o\",\"p19_lgbtqi\":\"LGBTQI\",\"p19_lutaantirracismo\":\"Luta antirracismo\",\"p19_saude\":\"Sa\\u00fade\",\"p20_reunioes\":\"Reuni\\u00f5es\",\"p20_oficinas\":\"Oficinas\",\"p20_formacao\":\"Forma\\u00e7\\u00e3o\",\"p20_apresentacoesartisticas\":\"Apresenta\\u00e7\\u00f5es art\\u00edsticas\",\"p21_repressaopolicial\":\"Repress\\u00e3o policial\",\"p21_racismo\":\"Racismo\",\"p21_lgbtqifobia\":\"LGBTIfobia\",\"p21_enfrentamentocomgruposprivadosarmados\":\"Enfrentamento com grupos privados armados\",\"p22_numerodeparticipantes\":\"Mais de 90\",\"p23_reunioes\":\"Reuni\\u00f5es\",\"p23_oficinas\":\"Oficinas\",\"p23_oficinasaulasartisticas\":\"Ensaio\\\/Oficinas\\\/Aulas Art\\u00edsticas\",\"p23_formacao\":\"Forma\\u00e7\\u00e3o\",\"p23_apresentacoesartisticas\":\"Apresenta\\u00e7\\u00f5es Art\\u00edsticas\",\"p23_outros\":\"Outros\",\"p24_outros\":\"Outros\",\"p25_numerodepessoas\":\"100 - 200\",\"p26_numerodepessoas\":\"1 - 20\",\"p27_espacopublico\":\"Espa\\u00e7o p\\u00fablico\",\"p27_virtual\":\"Virtual\",\"p28_territorios\":\"Cidade\",\"p30_outrasorganizacoes\":\"Sim\",\"p32_campanhadelongaduracao\":\"Sim\",\"p34_nacional\":\"Nacional\",\"p34_nenhuma\":\"Nenhuma\",\"p36_conselhosdeparticipacaoecontrolesocial\":\"Sim\",\"p38_nenhum\":\"Nenhum\",\"p40_editais\":\"Sim\",\"p41_autofinanciamento\":\"Auto-financiamento\",\"p41_financiamentocoletivo0\":\"Financiamento coletivo\",\"p42_meiodedivulgacaoproprio\":\"Sim\",\"p43_facebook\":\"Facebook\",\"p43_whatsapp\":\"WhatApp\",\"p44_radio\":\"TV\",\"p44_jornaisimpressosdebairro\":\"Jornais impressos de bairro\",\"p44_nenhum\":\"Nenhum\",\"p39_publico\":\"MEMBROS-DA-COMUNIDADE MEMBROS-DO-BAIRRO-PERIF\\u00c9RICO\",\"p45_bandeira\":\"CONTRA-DISCRIMINA\\u00c7\\u00c3O IGUALDADE\",\"p46_hashtags\":\"#TERRITORIALIDADE #IGUALDADERACIAL #MEIOAMBIENTE \"},{\"p1_eixo\":\"Trabalho\",\"p9_tipoorganizacao\":\"Associa\\u00e7\\u00e3o\",\"p12_uf\":\"MS\",\"p13_cidade\":\"CAMPO GRANDE \",\"p16_internacional\":\"Internacional\",\"p17_ano\":\"2023\",\"p16_estado\":\"Estado\",\"p18_comunicacao\":\"Comunica\\u00e7\\u00e3o\",\"p18_difusaoartistica\":\"Difus\\u00e3o Art\\u00edstica\",\"p18_desenvolvimentoterritorial\":\"Desenvolvimento territorial\",\"p18_direitoshumanos\":\"Direitos humanos\",\"p18_educacao\":\"Educa\\u00e7\\u00e3o\",\"p18_feminismos\":\"Feminismos\",\"p18_lgbtqi\":\"LGBTQI\",\"p18_lutaantirracismo\":\"Luta antirracismo\",\"p18_mobilidade\":\"Mobilidade\",\"p18_moradia\":\"Moradia\",\"p18_povosecomunidadestradicionais\":\"Povos e comunidades tradicionais\",\"p18_trabalho\":\"Trabalho\",\"p18_religiao\":\"Religi\\u00e3o\",\"p18_saude\":\"Sa\\u00fade\",\"p18_violencia\":\"Viol\\u00eancia\",\"p18_politicasculturais\":\"Pol\\u00edticas Culturais\",\"p19_direitoshumanos\":\"Direitos humanos\",\"p19_educacao\":\"Educa\\u00e7\\u00e3o\",\"p19_lgbtqi\":\"LGBTQI\",\"p19_lutaantirracismo\":\"Luta antirracismo\",\"p19_saude\":\"Sa\\u00fade\",\"p19_violencia\":\"Viol\\u00eancia\",\"p20_reunioes\":\"Reuni\\u00f5es\",\"p20_atendimento\":\"Atendimento\",\"p20_oficinas\":\"Oficinas\",\"p20_oficinasaulasartisticas\":\"Ensaios\\\/Oficinas\\\/Aulas art\\u00edsticas\",\"p20_cursos\":\"Cursos\",\"p20_formacao\":\"Forma\\u00e7\\u00e3o\",\"p20_profissionalizacao\":\"Profissionaliza\\u00e7\\u00e3o\",\"p20_apresentacoesartisticas\":\"Apresenta\\u00e7\\u00f5es art\\u00edsticas\",\"p20_visitasexcursoes\":\"Visitas\\\/Excurs\\u00f5es\",\"p21_racismo\":\"Racismo\",\"p21_lgbtqifobia\":\"LGBTIfobia\",\"p21_enfrentamentocomgruposprivadosarmados\":\"Enfrentamento com grupos privados armados\",\"p22_numerodeparticipantes\":\"1  - 15\",\"p23_reunioes\":\"Reuni\\u00f5es\",\"p23_atendimento\":\"Atendimento\",\"p23_oficinas\":\"Oficinas\",\"p23_oficinasaulasartisticas\":\"Ensaio\\\/Oficinas\\\/Aulas Art\\u00edsticas\",\"p23_cursos\":\"Cursos\",\"p23_formacao\":\"Forma\\u00e7\\u00e3o\",\"p23_profissionalizacao\":\"Profissionaliza\\u00e7\\u00e3o\",\"p23_apresentacoesartisticas\":\"Apresenta\\u00e7\\u00f5es Art\\u00edsticas\",\"p23_excursoes\":\"Excurs\\u00f5es\",\"p23_outros\":\"Outros\",\"p24_outros\":\"Outros\",\"p25_numerodepessoas\":\"1 - 20\",\"p26_numerodepessoas\":\"20 - 40\",\"p27_espacoemprestadocedido\":\"Espa\\u00e7o emprestado\\\/cedido\",\"p27_virtual\":\"Virtual\",\"p28_territorios\":\"Estado\",\"p30_outrasorganizacoes\":\"N\\u00e3o\",\"p32_campanhadelongaduracao\":\"Sim\",\"p34_nacional\":\"Nacional\",\"p34_internacional\":\"Internacional\",\"p36_conselhosdeparticipacaoecontrolesocial\":\"N\\u00e3o\",\"p38_nenhum\":\"Nenhum\",\"p40_editais\":\"N\\u00e3o\",\"p41_publicoestatal\":\"P\\u00fablico-Estatal\",\"p41_privadopj\":\"Privado (P. Jur\\u00eddica)\",\"p41_autofinanciamento\":\"Auto-financiamento\",\"p42_meiodedivulgacaoproprio\":\"Sim\",\"p43_facebook\":\"Facebook\",\"p43_whatsapp\":\"WhatApp\",\"p43_instagram\":\"Instagram\",\"p43_twitter\":\"Twitter\",\"p43_sitesblogs\":\"Blogs\\\/sites\",\"p43_youtube\":\"YouTube\",\"p44_radio\":\"TV\",\"p44_jornaisimpressosdegrandecirculacao\":\"Jornais impressos de grande circula\\u00e7\\u00e3o\",\"p44_nenhum\":\"Nenhum\",\"p39_publico\":\"PROFISSIONAIS-NEGROS-DA-SA\\u00daDE ESTUDANTES-NEGROS-DE-PSICOLOGIA\",\"p45_bandeira\":\"SA\\u00daDE-MENTAL POVOS-NEGROS POVOS-IND\\u00cdGENAS UNI\\u00c3O\",\"p46_hashtags\":\"#SAUDEMENTALDAPOPULACAONEGRA #RELACOESRACIAIS #PSICOLOGIA\"},{\"p1_eixo\":\"Viol\\u00eancia\",\"p9_tipoorganizacao\":\"Associa\\u00e7\\u00e3o\",\"p12_uf\":\"RJ\",\"p13_cidade\":\"DUQUE DE CAXIAS \",\"p16_internacional\":\"Internacional\",\"p17_ano\":\"2008\",\"p16_estado\":\"Estado\",\"p18_comunicacao\":\"Comunica\\u00e7\\u00e3o\",\"p18_difusaoartistica\":\"Difus\\u00e3o Art\\u00edstica\",\"p18_desenvolvimentoterritorial\":\"Desenvolvimento territorial\",\"p18_direitoshumanos\":\"Direitos humanos\",\"p18_educacao\":\"Educa\\u00e7\\u00e3o\",\"p18_feminismos\":\"Feminismos\",\"p18_lgbtqi\":\"LGBTQI\",\"p18_lutaantirracismo\":\"Luta antirracismo\",\"p18_mobilidade\":\"Mobilidade\",\"p18_moradia\":\"Moradia\",\"p18_povosecomunidadestradicionais\":\"Povos e comunidades tradicionais\",\"p18_trabalho\":\"Trabalho\",\"p18_saude\":\"Sa\\u00fade\",\"p18_violencia\":\"Viol\\u00eancia\",\"p18_politicasculturais\":\"Pol\\u00edticas Culturais\",\"p19_comunicacao\":\"Comunica\\u00e7\\u00e3o\",\"p19_direitoshumanos\":\"Direitos humanos\",\"p19_educacao\":\"Educa\\u00e7\\u00e3o\",\"p19_feminismos\":\"Feminismos\",\"p19_lutaantirracismo\":\"Luta antirracismo\",\"p19_violencia\":\"Viol\\u00eancia\",\"p20_reunioes\":\"Reuni\\u00f5es\",\"p20_atendimento\":\"Atendimento\",\"p20_oficinas\":\"Oficinas\",\"p20_oficinasaulasartisticas\":\"Ensaios\\\/Oficinas\\\/Aulas art\\u00edsticas\",\"p20_cursos\":\"Cursos\",\"p20_formacao\":\"Forma\\u00e7\\u00e3o\",\"p20_profissionalizacao\":\"Profissionaliza\\u00e7\\u00e3o\",\"p20_apresentacoesartisticas\":\"Apresenta\\u00e7\\u00f5es art\\u00edsticas\",\"p20_visitasexcursoes\":\"Visitas\\\/Excurs\\u00f5es\",\"p21_repressaopolicial\":\"Repress\\u00e3o policial\",\"p21_intoleranciareligiosa\":\"Fundamentalistamo\\\/intoler\\u00e2ncia religiosa\",\"p21_machismo\":\"Machismo\",\"p21_racismo\":\"Racismo\",\"p21_lgbtqifobia\":\"LGBTIfobia\",\"p21_enfrentamentocomgruposprivadosarmados\":\"Enfrentamento com grupos privados armados\",\"p22_numerodeparticipantes\":\"1  - 15\",\"p23_reunioes\":\"Reuni\\u00f5es\",\"p23_atendimento\":\"Atendimento\",\"p23_oficinas\":\"Oficinas\",\"p23_oficinasaulasartisticas\":\"Ensaio\\\/Oficinas\\\/Aulas Art\\u00edsticas\",\"p23_cursos\":\"Cursos\",\"p23_formacao\":\"Forma\\u00e7\\u00e3o\",\"p23_profissionalizacao\":\"Profissionaliza\\u00e7\\u00e3o\",\"p23_apresentacoesartisticas\":\"Apresenta\\u00e7\\u00f5es Art\\u00edsticas\",\"p23_excursoes\":\"Excurs\\u00f5es\",\"p23_outros\":\"Outros\",\"p24_reunioes\":\"Reuni\\u00f5es\",\"p24_formacao\":\"Forma\\u00e7\\u00e3o\",\"p24_apresentacoesartisticas\":\"Apresenta\\u00e7\\u00f5es art\\u00edsticas\",\"p24_visitasexcursoes\":\"Visitas\\\/Excurs\\u00f5es\",\"p24_outros\":\"Outros\",\"p25_numerodepessoas\":\"100 - 200\",\"p26_numerodepessoas\":\"1 - 20\",\"p27_espacopublico\":\"Espa\\u00e7o p\\u00fablico\",\"p27_espacoemprestadocedido\":\"Espa\\u00e7o emprestado\\\/cedido\",\"p27_virtual\":\"Virtual\",\"p28_territorios\":\"Estado\",\"p30_outrasorganizacoes\":\"Sim\",\"p32_campanhadelongaduracao\":\"Sim\",\"p34_estadual\":\"Estadual\",\"p34_internacional\":\"Internacional\",\"p36_conselhosdeparticipacaoecontrolesocial\":\"Sim\",\"p38_sim\":\"Sim\",\"p38_nenhum\":\"Nenhum\",\"p40_editais\":\"Sim\",\"p41_publicoestatal\":\"P\\u00fablico-Estatal\",\"p41_privadopj\":\"Privado (P. Jur\\u00eddica)\",\"p41_autofinanciamento\":\"Auto-financiamento\",\"p42_meiodedivulgacaoproprio\":\"Sim\",\"p43_email\":\"E-mail\",\"p43_facebook\":\"Facebook\",\"p43_instagram\":\"Instagram\",\"p43_twitter\":\"Twitter\",\"p43_sitesblogs\":\"Blogs\\\/sites\",\"p43_youtube\":\"YouTube\",\"p44_radio\":\"TV\",\"p44_jornaisimpressosdegrandecirculacao\":\"Jornais impressos de grande circula\\u00e7\\u00e3o\",\"p44_sitesblogs\":\"Sites ou Blogs\",\"p39_publico\":\"CRIAN\\u00c7AS\",\"p45_bandeira\":\"CONTRA-VIOL\\u00caNCIA-DOM\\u00c9STICA ACESSO POPULA\\u00c7\\u00c3O-VULNER\\u00c1VEL CULTURA TRABALHO QUALIFICA\\u00c7\\u00c3O EDUCA\\u00c7\\u00c3O\",\"p46_hashtags\":\"#ESPALHANDOSEMENTE #FIMDAVIOLENCIA #NINGUEMLARGAMAODENINGUEM \"},{\"p1_eixo\":\"Cultura\",\"p9_tipoorganizacao\":\"Coletivo\",\"p12_uf\":\"TO\",\"p13_cidade\":\"PALMAS \",\"p16_cidade\":\"Cidade\",\"p17_ano\":\"2018\",\"p16_estado\":\"Estado\",\"p18_agrario\":\"Agr\\u00e1rio\\\/ruralidades\",\"p18_comunicacao\":\"Comunica\\u00e7\\u00e3o\",\"p18_difusaoartistica\":\"Difus\\u00e3o Art\\u00edstica\",\"p18_direitoshumanos\":\"Direitos humanos\",\"p18_educacao\":\"Educa\\u00e7\\u00e3o\",\"p18_feminismos\":\"Feminismos\",\"p18_lgbtqi\":\"LGBTQI\",\"p18_lutaantirracismo\":\"Luta antirracismo\",\"p18_mobilidade\":\"Mobilidade\",\"p18_moradia\":\"Moradia\",\"p18_povosecomunidadestradicionais\":\"Povos e comunidades tradicionais\",\"p18_trabalho\":\"Trabalho\",\"p18_religiao\":\"Religi\\u00e3o\",\"p18_saude\":\"Sa\\u00fade\",\"p18_violencia\":\"Viol\\u00eancia\",\"p18_politicasculturais\":\"Pol\\u00edticas Culturais\",\"p19_comunicacao\":\"Comunica\\u00e7\\u00e3o\",\"p19_educacao\":\"Educa\\u00e7\\u00e3o\",\"p19_feminismos\":\"Feminismos\",\"p19_lutaantirracismo\":\"Luta antirracismo\",\"p19_religiao\":\"Religi\\u00e3o\",\"p20_reunioes\":\"Reuni\\u00f5es\",\"p20_atendimento\":\"Atendimento\",\"p20_oficinas\":\"Oficinas\",\"p20_oficinasaulasartisticas\":\"Ensaios\\\/Oficinas\\\/Aulas art\\u00edsticas\",\"p20_cursos\":\"Cursos\",\"p20_formacao\":\"Forma\\u00e7\\u00e3o\",\"p20_apresentacoesartisticas\":\"Apresenta\\u00e7\\u00f5es art\\u00edsticas\",\"p20_visitasexcursoes\":\"Visitas\\\/Excurs\\u00f5es\",\"p21_repressaopolicial\":\"Repress\\u00e3o policial\",\"p21_intoleranciareligiosa\":\"Fundamentalistamo\\\/intoler\\u00e2ncia religiosa\",\"p21_machismo\":\"Machismo\",\"p21_racismo\":\"Racismo\",\"p21_lgbtqifobia\":\"LGBTIfobia\",\"p22_numerodeparticipantes\":\"1  - 15\",\"p23_reunioes\":\"Reuni\\u00f5es\",\"p23_atendimento\":\"Atendimento\",\"p23_oficinas\":\"Oficinas\",\"p23_oficinasaulasartisticas\":\"Ensaio\\\/Oficinas\\\/Aulas Art\\u00edsticas\",\"p23_cursos\":\"Cursos\",\"p23_formacao\":\"Forma\\u00e7\\u00e3o\",\"p23_outros\":\"Outros\",\"p24_reunioes\":\"Reuni\\u00f5es\",\"p24_formacao\":\"Forma\\u00e7\\u00e3o\",\"p24_apresentacoesartisticas\":\"Apresenta\\u00e7\\u00f5es art\\u00edsticas\",\"p24_visitasexcursoes\":\"Visitas\\\/Excurs\\u00f5es\",\"p24_outros\":\"Outros\",\"p25_numerodepessoas\":\"1 - 20\",\"p26_numerodepessoas\":\"20 - 40\",\"p27_espacopublico\":\"Espa\\u00e7o p\\u00fablico\",\"p27_espacoemprestadocedido\":\"Espa\\u00e7o emprestado\\\/cedido\",\"p27_virtual\":\"Virtual\",\"p28_territorios\":\"Estado\",\"p30_outrasorganizacoes\":\"Sim\",\"p32_campanhadelongaduracao\":\"Sim\",\"p34_estadual\":\"Estadual\",\"p34_nenhuma\":\"Nenhuma\",\"p36_conselhosdeparticipacaoecontrolesocial\":\"Sim\",\"p38_sim\":\"Sim\",\"p40_editais\":\"Sim\",\"p41_autofinanciamento\":\"Auto-financiamento\",\"p41_financiamentocoletivo0\":\"Financiamento coletivo\",\"p42_meiodedivulgacaoproprio\":\"Sim\",\"p43_email\":\"E-mail\",\"p43_facebook\":\"Facebook\",\"p43_whatsapp\":\"WhatApp\",\"p43_instagram\":\"Instagram\",\"p44_radio\":\"TV\",\"p44_sitesblogs\":\"Sites ou Blogs\",\"p39_publico\":\"MULHERES-NEGRAS\",\"p45_bandeira\":\"COMBATE-RACISMO COMBATE-SEXISMO\",\"p46_hashtags\":\"#EQUIDADERACIAL #MULHERESNEGRAS \"},{\"p1_eixo\":\"Cultura\",\"p9_tipoorganizacao\":\"Associa\\u00e7\\u00e3o\",\"p12_uf\":\"MS\",\"p13_cidade\":\"CORUMB\\u00c1\",\"p16_cidade\":\"Cidade\",\"p17_ano\":\"1999\",\"p16_estado\":\"Estado\",\"p18_agrario\":\"Agr\\u00e1rio\\\/ruralidades\",\"p18_comunicacao\":\"Comunica\\u00e7\\u00e3o\",\"p18_difusaoartistica\":\"Difus\\u00e3o Art\\u00edstica\",\"p18_direitoshumanos\":\"Direitos humanos\",\"p18_educacao\":\"Educa\\u00e7\\u00e3o\",\"p18_feminismos\":\"Feminismos\",\"p18_lgbtqi\":\"LGBTQI\",\"p18_lutaantirracismo\":\"Luta antirracismo\",\"p18_mobilidade\":\"Mobilidade\",\"p18_moradia\":\"Moradia\",\"p18_povosecomunidadestradicionais\":\"Povos e comunidades tradicionais\",\"p18_trabalho\":\"Trabalho\",\"p18_religiao\":\"Religi\\u00e3o\",\"p18_saude\":\"Sa\\u00fade\",\"p18_violencia\":\"Viol\\u00eancia\",\"p18_politicasculturais\":\"Pol\\u00edticas Culturais\",\"p19_educacao\":\"Educa\\u00e7\\u00e3o\",\"p19_lgbtqi\":\"LGBTQI\",\"p19_lutaantirracismo\":\"Luta antirracismo\",\"p19_mobilidade\":\"Mobilidade\",\"p19_religiao\":\"Religi\\u00e3o\",\"p19_violencia\":\"Viol\\u00eancia\",\"p20_reunioes\":\"Reuni\\u00f5es\",\"p20_atendimento\":\"Atendimento\",\"p20_oficinas\":\"Oficinas\",\"p20_oficinasaulasartisticas\":\"Ensaios\\\/Oficinas\\\/Aulas art\\u00edsticas\",\"p20_cursos\":\"Cursos\",\"p20_profissionalizacao\":\"Profissionaliza\\u00e7\\u00e3o\",\"p20_apresentacoesartisticas\":\"Apresenta\\u00e7\\u00f5es art\\u00edsticas\",\"p20_visitasexcursoes\":\"Visitas\\\/Excurs\\u00f5es\",\"p21_intoleranciareligiosa\":\"Fundamentalistamo\\\/intoler\\u00e2ncia religiosa\",\"p21_machismo\":\"Machismo\",\"p21_racismo\":\"Racismo\",\"p21_lgbtqifobia\":\"LGBTIfobia\",\"p22_numerodeparticipantes\":\"Mais de 90\",\"p23_reunioes\":\"Reuni\\u00f5es\",\"p23_atendimento\":\"Atendimento\",\"p23_oficinas\":\"Oficinas\",\"p23_oficinasaulasartisticas\":\"Ensaio\\\/Oficinas\\\/Aulas Art\\u00edsticas\",\"p23_cursos\":\"Cursos\",\"p23_profissionalizacao\":\"Profissionaliza\\u00e7\\u00e3o\",\"p23_outros\":\"Outros\",\"p24_apresentacoesartisticas\":\"Apresenta\\u00e7\\u00f5es art\\u00edsticas\",\"p24_visitasexcursoes\":\"Visitas\\\/Excurs\\u00f5es\",\"p24_outros\":\"Outros\",\"p25_numerodepessoas\":\"Mais de 500\",\"p26_numerodepessoas\":\"100 - 200\",\"p27_espacopublico\":\"Espa\\u00e7o p\\u00fablico\",\"p27_ocupacao\":\"Ocupa\\u00e7\\u00e3o\",\"p28_territorios\":\"Cidade\",\"p30_outrasorganizacoes\":\"N\\u00e3o\",\"p32_campanhadelongaduracao\":\"Sim\",\"p34_nenhuma\":\"Nenhuma\",\"p36_conselhosdeparticipacaoecontrolesocial\":\"Sim\",\"p38_sim\":\"Sim\",\"p38_nenhum\":\"Nenhum\",\"p40_editais\":\"Sim\",\"p41_autofinanciamento\":\"Auto-financiamento\",\"p41_financiamentocoletivo0\":\"Financiamento coletivo\",\"p42_meiodedivulgacaoproprio\":\"Sim\",\"p43_email\":\"E-mail\",\"p43_facebook\":\"Facebook\",\"p43_whatsapp\":\"WhatApp\",\"p43_instagram\":\"Instagram\",\"p44_radio\":\"R\\u00e1dio\",\"p44_sitesblogs\":\"Sites ou Blogs\",\"p39_publico\":\"POVO-DE-AX\\u00c9\",\"p45_bandeira\":\"CONTRA-INTOLER\\u00c2NCIA-RELIGIOSA\",\"p46_hashtags\":\"#CONTRADISCRIMINACAODOPOVODEAXE #LGBT #DIREITOSDASMAESDEAXE  \"},{\"p1_eixo\":\"Trabalho\",\"p9_tipoorganizacao\":\"ONG\",\"p12_uf\":\"MS\",\"p13_cidade\":\"CAMPO GRANDE \",\"p17_ano\":\"2014\",\"p16_estado\":\"Estado\",\"p18_comunicacao\":\"Comunica\\u00e7\\u00e3o\",\"p18_difusaoartistica\":\"Difus\\u00e3o Art\\u00edstica\",\"p18_desenvolvimentoterritorial\":\"Desenvolvimento territorial\",\"p18_direitoshumanos\":\"Direitos humanos\",\"p18_educacao\":\"Educa\\u00e7\\u00e3o\",\"p18_feminismos\":\"Feminismos\",\"p18_lgbtqi\":\"LGBTQI\",\"p18_lutaantirracismo\":\"Luta antirracismo\",\"p18_mobilidade\":\"Mobilidade\",\"p18_moradia\":\"Moradia\",\"p18_povosecomunidadestradicionais\":\"Povos e comunidades tradicionais\",\"p18_trabalho\":\"Trabalho\",\"p18_religiao\":\"Religi\\u00e3o\",\"p18_saude\":\"Sa\\u00fade\",\"p18_violencia\":\"Viol\\u00eancia\",\"p18_politicasculturais\":\"Pol\\u00edticas Culturais\",\"p19_direitoshumanos\":\"Direitos humanos\",\"p19_lgbtqi\":\"LGBTQI\",\"p19_mobilidade\":\"Mobilidade\",\"p19_trabalho\":\"Trabalho\",\"p19_violencia\":\"Viol\\u00eancia\",\"p19_politicasculturais\":\"Pol\\u00edticas Culturais\",\"p20_reunioes\":\"Reuni\\u00f5es\",\"p20_atendimento\":\"Atendimento\",\"p20_oficinas\":\"Oficinas\",\"p20_oficinasaulasartisticas\":\"Ensaios\\\/Oficinas\\\/Aulas art\\u00edsticas\",\"p20_cursos\":\"Cursos\",\"p20_formacao\":\"Forma\\u00e7\\u00e3o\",\"p20_profissionalizacao\":\"Profissionaliza\\u00e7\\u00e3o\",\"p20_apresentacoesartisticas\":\"Apresenta\\u00e7\\u00f5es art\\u00edsticas\",\"p20_visitasexcursoes\":\"Visitas\\\/Excurs\\u00f5es\",\"p21_repressaopolicial\":\"Repress\\u00e3o policial\",\"p21_intoleranciareligiosa\":\"Fundamentalistamo\\\/intoler\\u00e2ncia religiosa\",\"p21_machismo\":\"Machismo\",\"p21_racismo\":\"Racismo\",\"p21_lgbtqifobia\":\"LGBTIfobia\",\"p22_numerodeparticipantes\":\"1  - 15\",\"p23_reunioes\":\"Reuni\\u00f5es\",\"p23_atendimento\":\"Atendimento\",\"p23_oficinas\":\"Oficinas\",\"p23_formacao\":\"Forma\\u00e7\\u00e3o\",\"p23_profissionalizacao\":\"Profissionaliza\\u00e7\\u00e3o\",\"p23_outros\":\"Outros\",\"p24_atendimento\":\"Atendimentos\",\"p24_apresentacoesartisticas\":\"Apresenta\\u00e7\\u00f5es art\\u00edsticas\",\"p24_visitasexcursoes\":\"Visitas\\\/Excurs\\u00f5es\",\"p24_outros\":\"Outros\",\"p25_numerodepessoas\":\"100 - 200\",\"p26_numerodepessoas\":\"1 - 20\",\"p27_espacopublico\":\"Espa\\u00e7o p\\u00fablico\",\"p27_espacoproprio\":\"Espa\\u00e7o pr\\u00f3prio\",\"p27_ocupacao\":\"Ocupa\\u00e7\\u00e3o\",\"p28_territorios\":\"Estado\",\"p30_outrasorganizacoes\":\"Sim\",\"p32_campanhadelongaduracao\":\"Sim\",\"p34_municipal\":\"Municipal\",\"p34_nacional\":\"Nacional\",\"p34_nenhuma\":\"Nenhuma\",\"p36_conselhosdeparticipacaoecontrolesocial\":\"N\\u00e3o\",\"p38_sim\":\"Sim\",\"p38_nenhum\":\"Nenhum\",\"p40_editais\":\"N\\u00e3o\",\"p41_privadopf\":\"Privado (P. F\\u00edsica)\",\"p41_privadopj\":\"Privado (P. Jur\\u00eddica)\",\"p41_autofinanciamento\":\"Auto-financiamento\",\"p41_financiamentocoletivo0\":\"Financiamento coletivo\",\"p42_meiodedivulgacaoproprio\":\"Sim\",\"p43_impressoes\":\"Impressos\",\"p43_email\":\"E-mail\",\"p43_facebook\":\"Facebook\",\"p43_whatsapp\":\"WhatApp\",\"p43_instagram\":\"Instagram\",\"p43_sitesblogs\":\"Blogs\\\/sites\",\"p44_radio\":\"TV\",\"p44_jornaisimpressosdebairro\":\"Jornais impressos de bairro\",\"p44_redessociais\":\"Redes sociais (Facebook, YouTube, Instagram etc.)\",\"p44_sitesblogs\":\"Sites ou Blogs\",\"p39_publico\":\"PESSOAS-EM-SITUA\\u00c7\\u00c3O-DE-RUA\",\"p45_bandeira\":\"COMBATE-FOME ANTIRRACISMO ANTI-HOMOFOBIA\",\"p46_hashtags\":\"#LUTACONTRAAFOME #CONTRADISCRIMINACAORACIAL #CONTRAHOMOFOBIA\"},{\"p1_eixo\":\"Cultura\",\"p9_tipoorganizacao\":\"ONG\",\"p12_uf\":\"DF\",\"p13_cidade\":\"CEIL\\u00c2NDIA\",\"p16_cidade\":\"Cidade\",\"p17_ano\":\"2005\",\"p16_estado\":\"Estado\",\"p18_agrario\":\"Agr\\u00e1rio\\\/ruralidades\",\"p18_comunicacao\":\"Comunica\\u00e7\\u00e3o\",\"p18_difusaoartistica\":\"Difus\\u00e3o Art\\u00edstica\",\"p18_desenvolvimentoterritorial\":\"Desenvolvimento territorial\",\"p18_direitoshumanos\":\"Direitos humanos\",\"p18_educacao\":\"Educa\\u00e7\\u00e3o\",\"p18_feminismos\":\"Feminismos\",\"p18_lgbtqi\":\"LGBTQI\",\"p18_lutaantirracismo\":\"Luta antirracismo\",\"p18_mobilidade\":\"Mobilidade\",\"p18_moradia\":\"Moradia\",\"p18_povosecomunidadestradicionais\":\"Povos e comunidades tradicionais\",\"p18_trabalho\":\"Trabalho\",\"p18_religiao\":\"Religi\\u00e3o\",\"p18_saude\":\"Sa\\u00fade\",\"p18_violencia\":\"Viol\\u00eancia\",\"p18_politicasculturais\":\"Pol\\u00edticas Culturais\",\"p19_direitoshumanos\":\"Direitos humanos\",\"p19_educacao\":\"Educa\\u00e7\\u00e3o\",\"p19_moradia\":\"Moradia\",\"p19_trabalho\":\"Trabalho\",\"p19_saude\":\"Sa\\u00fade\",\"p19_politicasculturais\":\"Pol\\u00edticas Culturais\",\"p20_reunioes\":\"Reuni\\u00f5es\",\"p20_atendimento\":\"Atendimento\",\"p20_oficinas\":\"Oficinas\",\"p20_oficinasaulasartisticas\":\"Ensaios\\\/Oficinas\\\/Aulas art\\u00edsticas\",\"p20_cursos\":\"Cursos\",\"p20_formacao\":\"Forma\\u00e7\\u00e3o\",\"p20_profissionalizacao\":\"Profissionaliza\\u00e7\\u00e3o\",\"p20_apresentacoesartisticas\":\"Apresenta\\u00e7\\u00f5es art\\u00edsticas\",\"p20_visitasexcursoes\":\"Visitas\\\/Excurs\\u00f5es\",\"p21_repressaopolicial\":\"Repress\\u00e3o policial\",\"p21_intoleranciareligiosa\":\"Fundamentalismo\\\/intoler\\u00e2ncia religiosa\",\"p21_machismo\":\"Machismo\",\"p21_racismo\":\"Racismo\",\"p21_lgbtqifobia\":\"LGBTIfobia\",\"p21_nenhum\":\"Nenhum\",\"p22_numerodeparticipantes\":\"1  - 15\",\"p23_atendimento\":\"Atendimento\",\"p23_formacao\":\"Forma\\u00e7\\u00e3o\",\"p23_outros\":\"Outros\",\"p24_reunioes\":\"Reuni\\u00f5es\",\"p24_atendimento\":\"Atendimentos\",\"p24_oficinas\":\"Oficinas\",\"p24_curso\":\"Curso\",\"p24_apresentacoesartisticas\":\"Apresenta\\u00e7\\u00f5es art\\u00edsticas\",\"p24_visitasexcursoes\":\"Visitas\\\/Excurs\\u00f5es\",\"p24_outros\":\"Outros\",\"p25_numerodepessoas\":\"100 - 200\",\"p26_numerodepessoas\":\"Mais de 500\",\"p27_espacopublico\":\"Espa\\u00e7o p\\u00fablico\",\"p27_espacoemprestadocedido\":\"Espa\\u00e7o emprestado\\\/cedido\",\"p27_espacoproprio\":\"Espa\\u00e7o pr\\u00f3prio\",\"p28_territorios\":\"Regi\\u00e3o da Cidade\",\"p30_outrasorganizacoes\":\"Sim\",\"p32_campanhadelongaduracao\":\"Sim\",\"p34_municipal\":\"Municipal\",\"p34_nacional\":\"Nacional\",\"p34_nenhuma\":\"Nenhuma\",\"p36_conselhosdeparticipacaoecontrolesocial\":\"Sim\",\"p38_sim\":\"Sim\",\"p38_nenhum\":\"Nenhum\",\"p40_editais\":\"Sim\",\"p41_publicoestatal\":\"P\\u00fablico-Estatal\",\"p41_privadopf\":\"Privado (P. F\\u00edsica)\",\"p41_privadopj\":\"Privado (P. Jur\\u00eddica)\",\"p41_autofinanciamento\":\"Autofinanciamento\",\"p41_financiamentocoletivo0\":\"Financiamento coletivo\",\"p42_meiodedivulgacaoproprio\":\"Sim\",\"p43_impressoes\":\"Impressos\",\"p43_email\":\"E-mail\",\"p43_facebook\":\"Facebook\",\"p43_whatsapp\":\"WhatsApp\",\"p43_instagram\":\"Instagram\",\"p43_sitesblogs\":\"Blogs\\\/sites\",\"p44_radio\":\"TV\",\"p44_jornaisimpressosdebairro\":\"Jornais impressos de bairro\",\"p44_redessociais\":\"Redes sociais (Facebook, YouTube, Instagram etc.)\",\"p44_sitesblogs\":\"Sites ou Blogs\",\"p39_publico\":\"JOVEM PERIFERIA\",\"p45_bandeira\":\"JUVENTUDE DESCENTRALIZA\\u00c7\\u00c3O RECURSOS CULTURA CULTURA TRANSFORMA\\u00c7\\u00c3O SOCIAL\",\"p46_hashtags\":\"#PERIFERIAAOCENTRO #CULTURATRANSFORMADORA\"},{\"p1_eixo\":\"Viol\\u00eancia\",\"p9_tipoorganizacao\":\"Associa\\u00e7\\u00e3o\",\"p12_uf\":\"RN\",\"p13_cidade\":\"JO\\u00c3O C\\u00c2MARA\",\"p16_cidade\":\"Cidade\",\"p17_ano\":\"2000\",\"p16_estado\":\"Estado\",\"p18_agrario\":\"Agr\\u00e1rio\\\/ruralidades\",\"p18_comunicacao\":\"Comunica\\u00e7\\u00e3o\",\"p18_difusaoartistica\":\"Difus\\u00e3o Art\\u00edstica\",\"p18_desenvolvimentoterritorial\":\"Desenvolvimento territorial\",\"p18_direitoshumanos\":\"Direitos humanos\",\"p18_educacao\":\"Educa\\u00e7\\u00e3o\",\"p18_feminismos\":\"Feminismos\",\"p18_lgbtqi\":\"LGBTQI\",\"p18_lutaantirracismo\":\"Luta antirracismo\",\"p18_mobilidade\":\"Mobilidade\",\"p18_moradia\":\"Moradia\",\"p18_povosecomunidadestradicionais\":\"Povos e comunidades tradicionais\",\"p18_trabalho\":\"Trabalho\",\"p18_religiao\":\"Religi\\u00e3o\",\"p18_saude\":\"Sa\\u00fade\",\"p18_violencia\":\"Viol\\u00eancia\",\"p18_politicasculturais\":\"Pol\\u00edticas Culturais\",\"p19_direitoshumanos\":\"Direitos humanos\",\"p19_educacao\":\"Educa\\u00e7\\u00e3o\",\"p19_lgbtqi\":\"LGBTQI\",\"p19_moradia\":\"Moradia\",\"p19_povosecomunidadestradicionais\":\"Povos e comunidades tradicionais\",\"p19_saude\":\"Sa\\u00fade\",\"p20_reunioes\":\"Reuni\\u00f5es\",\"p20_atendimento\":\"Atendimento\",\"p20_oficinas\":\"Oficinas\",\"p20_cursos\":\"Cursos\",\"p20_apresentacoesartisticas\":\"Apresenta\\u00e7\\u00f5es art\\u00edsticas\",\"p20_visitasexcursoes\":\"Visitas\\\/Excurs\\u00f5es\",\"p21_repressaopolicial\":\"Repress\\u00e3o policial\",\"p21_intoleranciareligiosa\":\"Fundamentalismo\\\/intoler\\u00e2ncia religiosa\",\"p21_xenofobia\":\"Xenofobia\",\"p21_machismo\":\"Machismo\",\"p21_racismo\":\"Racismo\",\"p21_lgbtqifobia\":\"LGBTIfobia\",\"p21_nenhum\":\"Nenhum\",\"p22_numerodeparticipantes\":\"45 - 60\",\"p23_reunioes\":\"Reuni\\u00f5es\",\"p23_atendimento\":\"Atendimento\",\"p23_cursos\":\"Cursos\",\"p23_outros\":\"Outros\",\"p24_reunioes\":\"Reuni\\u00f5es\",\"p24_atendimento\":\"Atendimentos\",\"p24_oficinas\":\"Oficinas\",\"p24_curso\":\"Curso\",\"p24_apresentacoesartisticas\":\"Apresenta\\u00e7\\u00f5es art\\u00edsticas\",\"p24_visitasexcursoes\":\"Visitas\\\/Excurs\\u00f5es\",\"p24_outros\":\"Outros\",\"p25_numerodepessoas\":\"60 - 80\",\"p26_numerodepessoas\":\"40 - 60\",\"p27_espacopublico\":\"Espa\\u00e7o p\\u00fablico\",\"p27_espacoemprestadocedido\":\"Espa\\u00e7o emprestado\\\/cedido\",\"p28_territorios\":\"Estado\",\"p30_outrasorganizacoes\":\"N\\u00e3o\",\"p32_campanhadelongaduracao\":\"N\\u00e3o\",\"p34_nacional\":\"Nacional\",\"p34_nenhuma\":\"Nenhuma\",\"p36_conselhosdeparticipacaoecontrolesocial\":\"Sim\",\"p38_sim\":\"Sim\",\"p38_nenhum\":\"Nenhum\",\"p40_editais\":\"Sim\",\"p41_publicoestatal\":\"P\\u00fablico-Estatal\",\"p41_privadopj\":\"Privado (P. Jur\\u00eddica)\",\"p41_financiamentocoletivo0\":\"Financiamento coletivo\",\"p42_meiodedivulgacaoproprio\":\"Sim\",\"p43_email\":\"E-mail\",\"p43_facebook\":\"Facebook\",\"p43_whatsapp\":\"WhatsApp\",\"p43_instagram\":\"Instagram\",\"p43_sitesblogs\":\"Blogs\\\/sites\",\"p43_nenhum\":\"Nenhum\",\"p44_radio\":\"R\\u00e1dio\",\"p44_redessociais\":\"Redes sociais (Facebook, YouTube, Instagram etc.)\",\"p44_sitesblogs\":\"Sites ou Blogs\",\"p44_nenhum\":\"Nenhum\",\"p39_publico\":\"FAM\\u00cdLIAS DEFICI\\u00caNCIA\",\"p45_bandeira\":\"PESSOAS DEFICI\\u00caNCIA CARENTES FAMILIARES DEFICI\\u00caNCIA\",\"p46_hashtags\":\"#PESSOASCOMDEFICIENCIA #FAMILIACOMDEFICIENTES #BAIRROCOMUNITARIOSCOMPESSOASCARENTES\"},{\"p1_eixo\":\"Cultura\",\"p9_tipoorganizacao\":\"Movimento Social\",\"p12_uf\":\"PI\",\"p13_cidade\":\"TERESINA\",\"p17_ano\":\"2004\",\"p16_estado\":\"Estado\",\"p18_agrario\":\"Agr\\u00e1rio\\\/ruralidades\",\"p18_comunicacao\":\"Comunica\\u00e7\\u00e3o\",\"p18_difusaoartistica\":\"Difus\\u00e3o Art\\u00edstica\",\"p18_desenvolvimentoterritorial\":\"Desenvolvimento territorial\",\"p18_direitoshumanos\":\"Direitos humanos\",\"p18_educacao\":\"Educa\\u00e7\\u00e3o\",\"p18_feminismos\":\"Feminismos\",\"p18_lgbtqi\":\"LGBTQI\",\"p18_lutaantirracismo\":\"Luta antirracismo\",\"p18_mobilidade\":\"Mobilidade\",\"p18_moradia\":\"Moradia\",\"p18_povosecomunidadestradicionais\":\"Povos e comunidades tradicionais\",\"p18_trabalho\":\"Trabalho\",\"p18_religiao\":\"Religi\\u00e3o\",\"p18_saude\":\"Sa\\u00fade\",\"p18_violencia\":\"Viol\\u00eancia\",\"p18_politicasculturais\":\"Pol\\u00edticas Culturais\",\"p19_agrario\":\"Agr\\u00e1rio\\\/ruralidades\",\"p19_direitoshumanos\":\"Direitos humanos\",\"p19_educacao\":\"Educa\\u00e7\\u00e3o\",\"p19_lgbtqi\":\"LGBTQI\",\"p19_povosecomunidadestradicionais\":\"Povos e comunidades tradicionais\",\"p19_politicasculturais\":\"Pol\\u00edticas Culturais\",\"p20_reunioes\":\"Reuni\\u00f5es\",\"p20_atendimento\":\"Atendimento\",\"p20_oficinas\":\"Oficinas\",\"p20_cursos\":\"Cursos\",\"p20_formacao\":\"Forma\\u00e7\\u00e3o\",\"p20_apresentacoesartisticas\":\"Apresenta\\u00e7\\u00f5es art\\u00edsticas\",\"p21_repressaopolicial\":\"Repress\\u00e3o policial\",\"p21_intoleranciareligiosa\":\"Fundamentalismo\\\/intoler\\u00e2ncia religiosa\",\"p21_xenofobia\":\"Xenofobia\",\"p21_machismo\":\"Machismo\",\"p21_racismo\":\"Racismo\",\"p21_lgbtqifobia\":\"LGBTIfobia\",\"p22_numerodeparticipantes\":\"Mais de 90\",\"p23_reunioes\":\"Reuni\\u00f5es\",\"p23_atendimento\":\"Atendimento\",\"p23_cursos\":\"Cursos\",\"p23_outros\":\"Outros\",\"p24_reunioes\":\"Reuni\\u00f5es\",\"p24_oficinas\":\"Oficinas\",\"p24_curso\":\"Curso\",\"p24_formacao\":\"Forma\\u00e7\\u00e3o\",\"p24_apresentacoesartisticas\":\"Apresenta\\u00e7\\u00f5es art\\u00edsticas\",\"p24_outros\":\"Outros\",\"p25_numerodepessoas\":\"Mais de 500\",\"p26_numerodepessoas\":\"Mais de 500\",\"p27_espacopublico\":\"Espa\\u00e7o p\\u00fablico\",\"p27_espacoemprestadocedido\":\"Espa\\u00e7o emprestado\\\/cedido\",\"p28_territorios\":\"Estado\",\"p30_outrasorganizacoes\":\"N\\u00e3o\",\"p32_campanhadelongaduracao\":\"Sim\",\"p34_nacional\":\"Nacional\",\"p36_conselhosdeparticipacaoecontrolesocial\":\"Sim\",\"p38_sim\":\"Sim\",\"p40_editais\":\"Sim\",\"p41_privadopj\":\"Privado (P. Jur\\u00eddica)\",\"p41_financiamentocoletivo0\":\"Financiamento coletivo\",\"p42_meiodedivulgacaoproprio\":\"N\\u00e3o\",\"p43_email\":\"E-mail\",\"p43_nenhum\":\"Nenhum\",\"p44_radio\":\"R\\u00e1dio\",\"p44_nenhum\":\"Nenhum\",\"p39_publico\":\"POVOS COMUNIDADES TRADICIONAIS\",\"p45_bandeira\":\"DIREITOS HUMANOS RESGATAR CULTURA POVOS MATRIZ AFRICANA DISCUSS\\u00c3O TRANSVERSALIDADE POL\\u00cdTICAS P\\u00daBLICAS\",\"p46_hashtags\":\"#DIREITOS HUMANOS #RESGATAR A CULTURA DOS POVOS DE MATRIZ AFRICANA #DISCUSSAO SOBRE A TRANSVERSALIDADE DAS POLITICAS PUBLICAS\"},{\"p1_eixo\":\"Trabalho\",\"p9_tipoorganizacao\":\"Movimento Social\",\"p12_uf\":\"PI\",\"p13_cidade\":\"QUEIMADA NOVA\",\"p16_cidade\":\"Cidade\",\"p17_ano\":\"2002\",\"p16_estado\":\"Estado\",\"p18_agrario\":\"Agr\\u00e1rio\\\/ruralidades\",\"p18_comunicacao\":\"Comunica\\u00e7\\u00e3o\",\"p18_difusaoartistica\":\"Difus\\u00e3o Art\\u00edstica\",\"p18_desenvolvimentoterritorial\":\"Desenvolvimento territorial\",\"p18_direitoshumanos\":\"Direitos humanos\",\"p18_educacao\":\"Educa\\u00e7\\u00e3o\",\"p18_feminismos\":\"Feminismos\",\"p18_lgbtqi\":\"LGBTQI\",\"p18_lutaantirracismo\":\"Luta antirracismo\",\"p18_mobilidade\":\"Mobilidade\",\"p18_moradia\":\"Moradia\",\"p18_povosecomunidadestradicionais\":\"Povos e comunidades tradicionais\",\"p18_trabalho\":\"Trabalho\",\"p18_religiao\":\"Religi\\u00e3o\",\"p18_saude\":\"Sa\\u00fade\",\"p18_violencia\":\"Viol\\u00eancia\",\"p18_politicasculturais\":\"Pol\\u00edticas Culturais\",\"p19_agrario\":\"Agr\\u00e1rio\\\/ruralidades\",\"p19_direitoshumanos\":\"Direitos humanos\",\"p19_educacao\":\"Educa\\u00e7\\u00e3o\",\"p19_lgbtqi\":\"LGBTQI\",\"p19_politicasculturais\":\"Pol\\u00edticas Culturais\",\"p20_reunioes\":\"Reuni\\u00f5es\",\"p20_atendimento\":\"Atendimento\",\"p20_oficinas\":\"Oficinas\",\"p20_cursos\":\"Cursos\",\"p20_formacao\":\"Forma\\u00e7\\u00e3o\",\"p20_apresentacoesartisticas\":\"Apresenta\\u00e7\\u00f5es art\\u00edsticas\",\"p21_repressaopolicial\":\"Repress\\u00e3o policial\",\"p21_machismo\":\"Machismo\",\"p21_racismo\":\"Racismo\",\"p21_lgbtqifobia\":\"LGBTIfobia\",\"p22_numerodeparticipantes\":\"1  - 15\",\"p23_reunioes\":\"Reuni\\u00f5es\",\"p23_atendimento\":\"Atendimento\",\"p23_outros\":\"Outros\",\"p24_reunioes\":\"Reuni\\u00f5es\",\"p24_oficinas\":\"Oficinas\",\"p24_curso\":\"Curso\",\"p24_formacao\":\"Forma\\u00e7\\u00e3o\",\"p24_outros\":\"Outros\",\"p25_numerodepessoas\":\"1 - 20\",\"p26_numerodepessoas\":\"100 - 200\",\"p27_espacopublico\":\"Espa\\u00e7o p\\u00fablico\",\"p27_espacoemprestadocedido\":\"Espa\\u00e7o emprestado\\\/cedido\",\"p27_virtual\":\"Virtual\",\"p28_territorios\":\"Regi\\u00e3o da Cidade\",\"p30_outrasorganizacoes\":\"Sim\",\"p32_campanhadelongaduracao\":\"Sim\",\"p34_municipal\":\"Municipal\",\"p34_nacional\":\"Nacional\",\"p36_conselhosdeparticipacaoecontrolesocial\":\"Sim\",\"p38_sim\":\"Sim\",\"p40_editais\":\"N\\u00e3o\",\"p41_publicoestatal\":\"P\\u00fablico-Estatal\",\"p41_privadopf\":\"Privado (P. F\\u00edsica)\",\"p41_privadopj\":\"Privado (P. Jur\\u00eddica)\",\"p41_financiamentocoletivo0\":\"Financiamento coletivo\",\"p42_meiodedivulgacaoproprio\":\"Sim\",\"p43_email\":\"E-mail\",\"p43_facebook\":\"Facebook\",\"p43_whatsapp\":\"WhatsApp\",\"p43_instagram\":\"Instagram\",\"p43_sitesblogs\":\"Blogs\\\/sites\",\"p43_youtube\":\"YouTube\",\"p44_radio\":\"TV\",\"p44_jornaisimpressosdegrandecirculacao\":\"Jornais impressos de grande circula\\u00e7\\u00e3o\",\"p44_sitesblogs\":\"Sites ou Blogs\",\"p39_publico\":\"QUILOMBOLAS\",\"p45_bandeira\":\"REGULARIZA\\u00c7\\u00c3O FUNDI\\u00c1RIA SA\\u00daDE EDUCA\\u00c7\\u00c3O CULTURA\",\"p46_hashtags\":\"#REGULARIZACAOPRANOSNAOEAPENASDEFENDERATERRA #SAUDE #CULTURA\"},{\"p1_eixo\":\"Trabalho\",\"p9_tipoorganizacao\":\"Associa\\u00e7\\u00e3o\",\"p12_uf\":\"PI\",\"p13_cidade\":\"TERESINA\",\"p16_cidade\":\"Cidade\",\"p17_ano\":\"2002\",\"p18_comunicacao\":\"Comunica\\u00e7\\u00e3o\",\"p18_difusaoartistica\":\"Difus\\u00e3o Art\\u00edstica\",\"p18_direitoshumanos\":\"Direitos humanos\",\"p18_educacao\":\"Educa\\u00e7\\u00e3o\",\"p18_feminismos\":\"Feminismos\",\"p18_lgbtqi\":\"LGBTQI\",\"p18_lutaantirracismo\":\"Luta antirracismo\",\"p18_povosecomunidadestradicionais\":\"Povos e comunidades tradicionais\",\"p18_trabalho\":\"Trabalho\",\"p18_religiao\":\"Religi\\u00e3o\",\"p18_saude\":\"Sa\\u00fade\",\"p18_violencia\":\"Viol\\u00eancia\",\"p18_politicasculturais\":\"Pol\\u00edticas Culturais\",\"p19_direitoshumanos\":\"Direitos humanos\",\"p19_educacao\":\"Educa\\u00e7\\u00e3o\",\"p19_lgbtqi\":\"LGBTQI\",\"p19_povosecomunidadestradicionais\":\"Povos e comunidades tradicionais\",\"p19_religiao\":\"Religi\\u00e3o\",\"p20_reunioes\":\"Reuni\\u00f5es\",\"p20_atendimento\":\"Atendimento\",\"p20_oficinas\":\"Oficinas\",\"p20_oficinasaulasartisticas\":\"Ensaios\\\/Oficinas\\\/Aulas art\\u00edsticas\",\"p20_cursos\":\"Cursos\",\"p20_apresentacoesartisticas\":\"Apresenta\\u00e7\\u00f5es art\\u00edsticas\",\"p20_visitasexcursoes\":\"Visitas\\\/Excurs\\u00f5es\",\"p21_repressaopolicial\":\"Repress\\u00e3o policial\",\"p21_intoleranciareligiosa\":\"Fundamentalismo\\\/intoler\\u00e2ncia religiosa\",\"p21_machismo\":\"Machismo\",\"p21_racismo\":\"Racismo\",\"p21_lgbtqifobia\":\"LGBTIfobia\",\"p22_numerodeparticipantes\":\"60 - 75\",\"p23_reunioes\":\"Reuni\\u00f5es\",\"p23_atendimento\":\"Atendimento\",\"p23_oficinas\":\"Oficinas\",\"p23_oficinasaulasartisticas\":\"Ensaio\\\/Oficinas\\\/Aulas Art\\u00edsticas\",\"p23_cursos\":\"Cursos\",\"p23_apresentacoesartisticas\":\"Apresenta\\u00e7\\u00f5es Art\\u00edsticas\",\"p23_outros\":\"Outros\",\"p24_oficinas\":\"Oficinas\",\"p24_visitasexcursoes\":\"Visitas\\\/Excurs\\u00f5es\",\"p24_outros\":\"Outros\",\"p25_numerodepessoas\":\"Mais de 500\",\"p26_numerodepessoas\":\"20 - 40\",\"p27_espacopublico\":\"Espa\\u00e7o p\\u00fablico\",\"p27_espacoemprestadocedido\":\"Espa\\u00e7o emprestado\\\/cedido\",\"p27_espacoproprio\":\"Espa\\u00e7o pr\\u00f3prio\",\"p27_virtual\":\"Virtual\",\"p28_territorios\":\"Cidade\",\"p30_outrasorganizacoes\":\"Sim\",\"p32_campanhadelongaduracao\":\"Sim\",\"p34_municipal\":\"Municipal\",\"p34_nacional\":\"Nacional\",\"p34_nenhuma\":\"Nenhuma\",\"p36_conselhosdeparticipacaoecontrolesocial\":\"Sim\",\"p38_sim\":\"Sim\",\"p38_nenhum\":\"Nenhum\",\"p40_editais\":\"Sim\",\"p41_publicoestatal\":\"P\\u00fablico-Estatal\",\"p41_privadopf\":\"Privado (P. F\\u00edsica)\",\"p41_privadopj\":\"Privado (P. Jur\\u00eddica)\",\"p41_financiamentocoletivo0\":\"Financiamento coletivo\",\"p42_meiodedivulgacaoproprio\":\"Sim\",\"p43_facebook\":\"Facebook\",\"p43_whatsapp\":\"WhatsApp\",\"p43_instagram\":\"Instagram\",\"p43_sitesblogs\":\"Blogs\\\/sites\",\"p43_youtube\":\"YouTube\",\"p44_radio\":\"TV\",\"p44_jornaisimpressosdegrandecirculacao\":\"Jornais impressos de grande circula\\u00e7\\u00e3o\",\"p44_sitesblogs\":\"Sites ou Blogs\",\"p44_nenhum\":\"Nenhum\",\"p39_publico\":\"LGBTQIA+\",\"p45_bandeira\":\"LUTA IGUALDADE DIREITOS LUTA ANTIRRACISMO\",\"p46_hashtags\":\"#LUTAPELAIGUALDADEDEDIREITOS #DESAFINANDOOCOURODOSCONTENTESSEMPRE #NOSSALUTAETODODIA\"},{\"p1_eixo\":\"Cultura\",\"p9_tipoorganizacao\":\"Coletivo Art\\u00edstico\",\"p12_uf\":\"PI\",\"p13_cidade\":\"N\\u00c3O SE APLICA\",\"p16_cidade\":\"Cidade\",\"p16_nacional\":\"Nacional\",\"p17_ano\":\"2015\",\"p18_comunicacao\":\"Comunica\\u00e7\\u00e3o\",\"p18_difusaoartistica\":\"Difus\\u00e3o Art\\u00edstica\",\"p18_desenvolvimentoterritorial\":\"Desenvolvimento territorial\",\"p18_direitoshumanos\":\"Direitos humanos\",\"p18_educacao\":\"Educa\\u00e7\\u00e3o\",\"p18_feminismos\":\"Feminismos\",\"p18_lgbtqi\":\"LGBTQI\",\"p18_lutaantirracismo\":\"Luta antirracismo\",\"p18_povosecomunidadestradicionais\":\"Povos e comunidades tradicionais\",\"p18_trabalho\":\"Trabalho\",\"p18_religiao\":\"Religi\\u00e3o\",\"p18_saude\":\"Sa\\u00fade\",\"p18_violencia\":\"Viol\\u00eancia\",\"p18_politicasculturais\":\"Pol\\u00edticas Culturais\",\"p19_comunicacao\":\"Comunica\\u00e7\\u00e3o\",\"p19_direitoshumanos\":\"Direitos humanos\",\"p19_educacao\":\"Educa\\u00e7\\u00e3o\",\"p19_povosecomunidadestradicionais\":\"Povos e comunidades tradicionais\",\"p19_religiao\":\"Religi\\u00e3o\",\"p19_violencia\":\"Viol\\u00eancia\",\"p20_reunioes\":\"Reuni\\u00f5es\",\"p20_oficinas\":\"Oficinas\",\"p20_oficinasaulasartisticas\":\"Ensaios\\\/Oficinas\\\/Aulas art\\u00edsticas\",\"p20_cursos\":\"Cursos\",\"p20_apresentacoesartisticas\":\"Apresenta\\u00e7\\u00f5es art\\u00edsticas\",\"p20_visitasexcursoes\":\"Visitas\\\/Excurs\\u00f5es\",\"p21_repressaopolicial\":\"Repress\\u00e3o policial\",\"p21_intoleranciareligiosa\":\"Fundamentalismo\\\/intoler\\u00e2ncia religiosa\",\"p21_machismo\":\"Machismo\",\"p21_racismo\":\"Racismo\",\"p21_lgbtqifobia\":\"LGBTIfobia\",\"p21_enfrentamentocomgruposprivadosarmados\":\"Enfrentamento com grupos privados armados\",\"p22_numerodeparticipantes\":\"15 - 30\",\"p23_reunioes\":\"Reuni\\u00f5es\",\"p23_oficinas\":\"Oficinas\",\"p23_oficinasaulasartisticas\":\"Ensaio\\\/Oficinas\\\/Aulas Art\\u00edsticas\",\"p23_cursos\":\"Cursos\",\"p23_apresentacoesartisticas\":\"Apresenta\\u00e7\\u00f5es Art\\u00edsticas\",\"p23_outros\":\"Outros\",\"p24_reunioes\":\"Reuni\\u00f5es\",\"p24_oficinas\":\"Oficinas\",\"p24_curso\":\"Curso\",\"p24_visitasexcursoes\":\"Visitas\\\/Excurs\\u00f5es\",\"p24_outros\":\"Outros\",\"p25_numerodepessoas\":\"40 - 60\",\"p26_numerodepessoas\":\"80 - 100\",\"p27_espacoemprestadocedido\":\"Espa\\u00e7o emprestado\\\/cedido\",\"p27_espacoproprio\":\"Espa\\u00e7o pr\\u00f3prio\",\"p28_territorios\":\"Cidade\",\"p30_outrasorganizacoes\":\"Sim\",\"p32_campanhadelongaduracao\":\"N\\u00e3o\",\"p34_internacional\":\"Internacional\",\"p34_nenhuma\":\"Nenhuma\",\"p36_conselhosdeparticipacaoecontrolesocial\":\"Sim\",\"p38_sim\":\"Sim\",\"p38_nenhum\":\"Nenhum\",\"p40_editais\":\"Sim\",\"p41_privadopf\":\"Privado (P. F\\u00edsica)\",\"p41_financiamentocoletivo0\":\"Financiamento coletivo\",\"p42_meiodedivulgacaoproprio\":\"Sim\",\"p43_email\":\"E-mail\",\"p43_facebook\":\"Facebook\",\"p43_whatsapp\":\"WhatsApp\",\"p43_instagram\":\"Instagram\",\"p43_youtube\":\"YouTube\",\"p44_sitesblogs\":\"Sites ou Blogs\",\"p44_nenhum\":\"Nenhum\",\"p39_publico\":\"VULNERABILIDADE SOCIAL MEMBROS RELIGI\\u00d5ES MATRIZ AFRICANA SARA CIGANAS\",\"p45_bandeira\":\"CONTRA-INTOLER\\u00c2NCIA-RELIGIOSA ANTIRRACISMO FEMINISMO LUTA LGBTQI\",\"p46_hashtags\":\"#CONTRAAINTOLERANCIARELIGIOSA #NAOAORACISMO #CONTRAALUTALGBTFOBIA\"},{\"p1_eixo\":\"Viol\\u00eancia\",\"p9_tipoorganizacao\":\"Movimento Social\",\"p12_uf\":\"AM\",\"p13_cidade\":\"MANAUS\",\"p16_nacional\":\"Nacional\",\"p17_ano\":\"2010\",\"p16_estado\":\"Estado\",\"p18_agrario\":\"Agr\\u00e1rio\\\/ruralidades\",\"p18_comunicacao\":\"Comunica\\u00e7\\u00e3o\",\"p18_difusaoartistica\":\"Difus\\u00e3o Art\\u00edstica\",\"p18_desenvolvimentoterritorial\":\"Desenvolvimento territorial\",\"p18_direitoshumanos\":\"Direitos humanos\",\"p18_educacao\":\"Educa\\u00e7\\u00e3o\",\"p18_feminismos\":\"Feminismos\",\"p18_lgbtqi\":\"LGBTQI\",\"p18_lutaantirracismo\":\"Luta antirracismo\",\"p18_mobilidade\":\"Mobilidade\",\"p18_moradia\":\"Moradia\",\"p18_povosecomunidadestradicionais\":\"Povos e comunidades tradicionais\",\"p18_trabalho\":\"Trabalho\",\"p18_saude\":\"Sa\\u00fade\",\"p18_violencia\":\"Viol\\u00eancia\",\"p18_politicasculturais\":\"Pol\\u00edticas Culturais\",\"p19_agrario\":\"Agr\\u00e1rio\\\/ruralidades\",\"p19_comunicacao\":\"Comunica\\u00e7\\u00e3o\",\"p19_direitoshumanos\":\"Direitos humanos\",\"p19_violencia\":\"Viol\\u00eancia\",\"p19_politicasculturais\":\"Pol\\u00edticas Culturais\",\"p20_reunioes\":\"Reuni\\u00f5es\",\"p20_atendimento\":\"Atendimento\",\"p20_oficinas\":\"Oficinas\",\"p20_oficinasaulasartisticas\":\"Ensaios\\\/Oficinas\\\/Aulas art\\u00edsticas\",\"p20_cursos\":\"Cursos\",\"p20_formacao\":\"Forma\\u00e7\\u00e3o\",\"p20_profissionalizacao\":\"Profissionaliza\\u00e7\\u00e3o\",\"p20_apresentacoesartisticas\":\"Apresenta\\u00e7\\u00f5es art\\u00edsticas\",\"p20_visitasexcursoes\":\"Visitas\\\/Excurs\\u00f5es\",\"p21_repressaopolicial\":\"Repress\\u00e3o policial\",\"p21_intoleranciareligiosa\":\"Fundamentalismo\\\/intoler\\u00e2ncia religiosa\",\"p21_xenofobia\":\"Xenofobia\",\"p21_machismo\":\"Machismo\",\"p21_racismo\":\"Racismo\",\"p21_lgbtqifobia\":\"LGBTIfobia\",\"p21_enfrentamentocomgruposprivadosarmados\":\"Enfrentamento com grupos privados armados\",\"p22_numerodeparticipantes\":\"1  - 15\",\"p23_reunioes\":\"Reuni\\u00f5es\",\"p23_atendimento\":\"Atendimento\",\"p23_oficinas\":\"Oficinas\",\"p23_oficinasaulasartisticas\":\"Ensaio\\\/Oficinas\\\/Aulas Art\\u00edsticas\",\"p23_cursos\":\"Cursos\",\"p23_formacao\":\"Forma\\u00e7\\u00e3o\",\"p23_profissionalizacao\":\"Profissionaliza\\u00e7\\u00e3o\",\"p23_apresentacoesartisticas\":\"Apresenta\\u00e7\\u00f5es Art\\u00edsticas\",\"p23_visitas\":\"Visitas\",\"p23_excursoes\":\"Excurs\\u00f5es\",\"p23_outros\":\"Outros\",\"p24_reunioes\":\"Reuni\\u00f5es\",\"p24_oficinas\":\"Oficinas\",\"p24_curso\":\"Curso\",\"p24_outros\":\"Outros\",\"p25_numerodepessoas\":\"100 - 200\",\"p26_numerodepessoas\":\"100 - 200\",\"p27_espacopublico\":\"Espa\\u00e7o p\\u00fablico\",\"p27_espacoemprestadocedido\":\"Espa\\u00e7o emprestado\\\/cedido\",\"p27_espacoproprio\":\"Espa\\u00e7o pr\\u00f3prio\",\"p28_territorios\":\"Estado\",\"p30_outrasorganizacoes\":\"N\\u00e3o\",\"p32_campanhadelongaduracao\":\"N\\u00e3o\",\"p34_estadual\":\"Estadual\",\"p34_internacional\":\"Internacional\",\"p36_conselhosdeparticipacaoecontrolesocial\":\"Sim\",\"p38_sim\":\"Sim\",\"p40_editais\":\"N\\u00e3o\",\"p41_publicoestatal\":\"P\\u00fablico-Estatal\",\"p41_privadopf\":\"Privado (P. F\\u00edsica)\",\"p41_privadopj\":\"Privado (P. Jur\\u00eddica)\",\"p41_financiamentocoletivo0\":\"Financiamento coletivo\",\"p42_meiodedivulgacaoproprio\":\"Sim\",\"p43_email\":\"E-mail\",\"p43_facebook\":\"Facebook\",\"p43_whatsapp\":\"WhatsApp\",\"p43_instagram\":\"Instagram\",\"p43_sitesblogs\":\"Blogs\\\/sites\",\"p44_radio\":\"TV\",\"p44_jornaisimpressosdegrandecirculacao\":\"Jornais impressos de grande circula\\u00e7\\u00e3o\",\"p44_jornaisimpressosdebairro\":\"Jornais impressos de bairro\",\"p44_redessociais\":\"Redes sociais (Facebook, YouTube, Instagram etc.)\",\"p44_sitesblogs\":\"Sites ou Blogs\",\"p39_publico\":\"MULHERES JOVENS\",\"p45_bandeira\":\"DIREITOS HUMANOS DIREITO VIDA DIREITO TERRIT\\u00d3RIO CONTRA-MULHERES IND\\u00cdGENAS\",\"p46_hashtags\":\"#NAOAVIOLENCIACONTRA ASMULHERESINDIGENAS #DIREITOAOTERRITORIO #NAOAOFEMINICIDIO\"},{\"p1_eixo\":\"Cultura\",\"p9_tipoorganizacao\":\"Associa\\u00e7\\u00e3o\",\"p12_uf\":\"MT\",\"p13_cidade\":\"CUIAB\\u00c1\",\"p17_ano\":\"1989\",\"p16_estado\":\"Estado\",\"p18_agrario\":\"Agr\\u00e1rio\\\/ruralidades\",\"p18_comunicacao\":\"Comunica\\u00e7\\u00e3o\",\"p18_difusaoartistica\":\"Difus\\u00e3o Art\\u00edstica\",\"p18_desenvolvimentoterritorial\":\"Desenvolvimento territorial\",\"p18_direitoshumanos\":\"Direitos humanos\",\"p18_educacao\":\"Educa\\u00e7\\u00e3o\",\"p18_feminismos\":\"Feminismos\",\"p18_lgbtqi\":\"LGBTQI\",\"p18_lutaantirracismo\":\"Luta antirracismo\",\"p18_mobilidade\":\"Mobilidade\",\"p18_moradia\":\"Moradia\",\"p18_povosecomunidadestradicionais\":\"Povos e comunidades tradicionais\",\"p18_trabalho\":\"Trabalho\",\"p18_religiao\":\"Religi\\u00e3o\",\"p18_saude\":\"Sa\\u00fade\",\"p18_violencia\":\"Viol\\u00eancia\",\"p18_politicasculturais\":\"Pol\\u00edticas Culturais\",\"p19_agrario\":\"Agr\\u00e1rio\\\/ruralidades\",\"p19_direitoshumanos\":\"Direitos humanos\",\"p19_lutaantirracismo\":\"Luta antirracismo\",\"p19_povosecomunidadestradicionais\":\"Povos e comunidades tradicionais\",\"p19_religiao\":\"Religi\\u00e3o\",\"p19_politicasculturais\":\"Pol\\u00edticas Culturais\",\"p20_reunioes\":\"Reuni\\u00f5es\",\"p20_atendimento\":\"Atendimento\",\"p20_oficinas\":\"Oficinas\",\"p20_oficinasaulasartisticas\":\"Ensaios\\\/Oficinas\\\/Aulas art\\u00edsticas\",\"p20_cursos\":\"Cursos\",\"p20_formacao\":\"Forma\\u00e7\\u00e3o\",\"p20_profissionalizacao\":\"Profissionaliza\\u00e7\\u00e3o\",\"p20_apresentacoesartisticas\":\"Apresenta\\u00e7\\u00f5es art\\u00edsticas\",\"p20_visitasexcursoes\":\"Visitas\\\/Excurs\\u00f5es\",\"p21_repressaopolicial\":\"Repress\\u00e3o policial\",\"p21_intoleranciareligiosa\":\"Fundamentalismo\\\/intoler\\u00e2ncia religiosa\",\"p21_xenofobia\":\"Xenofobia\",\"p21_machismo\":\"Machismo\",\"p21_racismo\":\"Racismo\",\"p21_lgbtqifobia\":\"LGBTIfobia\",\"p21_enfrentamentocomgruposprivadosarmados\":\"Enfrentamento com grupos privados armados\",\"p22_numerodeparticipantes\":\"45 - 60\",\"p23_reunioes\":\"Reuni\\u00f5es\",\"p23_atendimento\":\"Atendimento\",\"p23_oficinas\":\"Oficinas\",\"p23_oficinasaulasartisticas\":\"Ensaio\\\/Oficinas\\\/Aulas Art\\u00edsticas\",\"p23_cursos\":\"Cursos\",\"p23_formacao\":\"Forma\\u00e7\\u00e3o\",\"p23_profissionalizacao\":\"Profissionaliza\\u00e7\\u00e3o\",\"p23_apresentacoesartisticas\":\"Apresenta\\u00e7\\u00f5es Art\\u00edsticas\",\"p23_visitas\":\"Visitas\",\"p23_excursoes\":\"Excurs\\u00f5es\",\"p23_outros\":\"Outros\",\"p24_curso\":\"Curso\",\"p24_formacao\":\"Forma\\u00e7\\u00e3o\",\"p24_outros\":\"Outros\",\"p25_numerodepessoas\":\"400 - 500\",\"p26_numerodepessoas\":\"1 - 20\",\"p27_espacopublico\":\"Espa\\u00e7o p\\u00fablico\",\"p27_espacoemprestadocedido\":\"Espa\\u00e7o emprestado\\\/cedido\",\"p27_espacoproprio\":\"Espa\\u00e7o pr\\u00f3prio\",\"p28_territorios\":\"Estado\",\"p30_outrasorganizacoes\":\"Sim\",\"p32_campanhadelongaduracao\":\"Sim\",\"p34_estadual\":\"Estadual\",\"p36_conselhosdeparticipacaoecontrolesocial\":\"Sim\",\"p38_sim\":\"Sim\",\"p38_nenhum\":\"Nenhum\",\"p40_editais\":\"Sim\",\"p41_publicoestatal\":\"P\\u00fablico-Estatal\",\"p41_privadopj\":\"Privado (P. Jur\\u00eddica)\",\"p41_autofinanciamento\":\"Autofinanciamento\",\"p41_financiamentocoletivo0\":\"Financiamento coletivo\",\"p42_meiodedivulgacaoproprio\":\"Sim\",\"p43_email\":\"E-mail\",\"p43_facebook\":\"Facebook\",\"p43_whatsapp\":\"WhatsApp\",\"p43_instagram\":\"Instagram\",\"p43_sitesblogs\":\"Blogs\\\/sites\",\"p44_radio\":\"TV\",\"p44_jornaisimpressosdegrandecirculacao\":\"Jornais impressos de grande circula\\u00e7\\u00e3o\",\"p44_jornaisimpressosdebairro\":\"Jornais impressos de bairro\",\"p44_redessociais\":\"Redes sociais (Facebook, YouTube, Instagram etc.)\",\"p44_sitesblogs\":\"Sites ou Blogs\",\"p39_publico\":\"VULNERABILIDADE SOCIAL\",\"p45_bandeira\":\"ACOLHIMENTO VULNERABILIDADE SOCIAL DESENVOLVIMENTO EDUCA\\u00c7\\u00c3O ARTE RESGATE CIDADANIA\",\"p46_hashtags\":\"#DIGNIDADE #ARTE #EDUCACAO\"},{\"p1_eixo\":\"Viol\\u00eancia\",\"p9_tipoorganizacao\":\"Instituto\",\"p12_uf\":\"SE\",\"p13_cidade\":\"ARACAJU\",\"p17_ano\":\"2007\",\"p16_estado\":\"Estado\",\"p18_agrario\":\"Agr\\u00e1rio\\\/ruralidades\",\"p18_comunicacao\":\"Comunica\\u00e7\\u00e3o\",\"p18_difusaoartistica\":\"Difus\\u00e3o Art\\u00edstica\",\"p18_desenvolvimentoterritorial\":\"Desenvolvimento territorial\",\"p18_direitoshumanos\":\"Direitos humanos\",\"p18_educacao\":\"Educa\\u00e7\\u00e3o\",\"p18_feminismos\":\"Feminismos\",\"p18_lgbtqi\":\"LGBTQI\",\"p18_lutaantirracismo\":\"Luta antirracismo\",\"p18_mobilidade\":\"Mobilidade\",\"p18_moradia\":\"Moradia\",\"p18_povosecomunidadestradicionais\":\"Povos e comunidades tradicionais\",\"p18_religiao\":\"Religi\\u00e3o\",\"p18_violencia\":\"Viol\\u00eancia\",\"p18_politicasculturais\":\"Pol\\u00edticas Culturais\",\"p19_lutaantirracismo\":\"Luta antirracismo\",\"p19_povosecomunidadestradicionais\":\"Povos e comunidades tradicionais\",\"p19_religiao\":\"Religi\\u00e3o\",\"p19_difusaoartistica\":\"Difus\\u00e3o Art\\u00edstica\",\"p19_politicasculturais\":\"Pol\\u00edticas Culturais\",\"p20_reunioes\":\"Reuni\\u00f5es\",\"p20_oficinas\":\"Oficinas\",\"p20_cursos\":\"Cursos\",\"p20_formacao\":\"Forma\\u00e7\\u00e3o\",\"p21_repressaopolicial\":\"Repress\\u00e3o policial\",\"p21_intoleranciareligiosa\":\"Fundamentalismo\\\/intoler\\u00e2ncia religiosa\",\"p21_xenofobia\":\"Xenofobia\",\"p21_machismo\":\"Machismo\",\"p21_racismo\":\"Racismo\",\"p21_lgbtqifobia\":\"LGBTIfobia\",\"p22_numerodeparticipantes\":\"1  - 15\",\"p23_oficinas\":\"Oficinas\",\"p23_outros\":\"Outros\",\"p24_reunioes\":\"Reuni\\u00f5es\",\"p24_curso\":\"Curso\",\"p24_formacao\":\"Forma\\u00e7\\u00e3o\",\"p24_outros\":\"Outros\",\"p25_numerodepessoas\":\"1 - 20\",\"p26_numerodepessoas\":\"20 - 40\",\"p27_espacopublico\":\"Espa\\u00e7o p\\u00fablico\",\"p27_espacoemprestadocedido\":\"Espa\\u00e7o emprestado\\\/cedido\",\"p27_virtual\":\"Virtual\",\"p28_territorios\":\"Estado\",\"p30_outrasorganizacoes\":\"Sim\",\"p32_campanhadelongaduracao\":\"N\\u00e3o\",\"p34_estadual\":\"Estadual\",\"p34_nenhuma\":\"Nenhuma\",\"p36_conselhosdeparticipacaoecontrolesocial\":\"Sim\",\"p38_sim\":\"Sim\",\"p38_nenhum\":\"Nenhum\",\"p40_editais\":\"Sim\",\"p41_autofinanciamento\":\"Autofinanciamento\",\"p41_financiamentocoletivo0\":\"Financiamento coletivo\",\"p42_meiodedivulgacaoproprio\":\"Sim\",\"p43_email\":\"E-mail\",\"p43_facebook\":\"Facebook\",\"p43_instagram\":\"Instagram\",\"p43_twitter\":\"Twitter\",\"p43_youtube\":\"YouTube\",\"p44_redessociais\":\"Redes sociais (Facebook, YouTube, Instagram etc.)\",\"p44_nenhum\":\"Nenhum\",\"p39_publico\":\"DIREITOS MEM\\u00d3RIA POVOS TERREIRO\",\"p45_bandeira\":\"DEFESA POPULA\\u00c7\\u00c3O MATRIZ AFRICANA DEFESA POPULA\\u00c7\\u00c3O NEGRA DEFESA POPULA\\u00c7\\u00c3O QUILOMBOLA DEFESA POPULA\\u00c7\\u00c3O IND\\u00cdGENA\",\"p46_hashtags\":\"#DEFESADA POPULACAODEMATRIZAFRICANA #FORTALECIMENTODOPOVOENGRO #LUTAANTIRRACISTA\"},{\"p1_eixo\":\"Cultura\",\"p9_tipoorganizacao\":\"Associa\\u00e7\\u00e3o\",\"p12_uf\":\"RN\",\"p13_cidade\":\"NATAL\",\"p17_ano\":\"2018\",\"p16_estado\":\"Estado\",\"p18_comunicacao\":\"Comunica\\u00e7\\u00e3o\",\"p18_difusaoartistica\":\"Difus\\u00e3o Art\\u00edstica\",\"p18_desenvolvimentoterritorial\":\"Desenvolvimento territorial\",\"p18_direitoshumanos\":\"Direitos humanos\",\"p18_educacao\":\"Educa\\u00e7\\u00e3o\",\"p18_feminismos\":\"Feminismos\",\"p18_lgbtqi\":\"LGBTQI\",\"p18_lutaantirracismo\":\"Luta antirracismo\",\"p18_mobilidade\":\"Mobilidade\",\"p18_moradia\":\"Moradia\",\"p18_povosecomunidadestradicionais\":\"Povos e comunidades tradicionais\",\"p18_trabalho\":\"Trabalho\",\"p18_religiao\":\"Religi\\u00e3o\",\"p18_saude\":\"Sa\\u00fade\",\"p18_violencia\":\"Viol\\u00eancia\",\"p18_politicasculturais\":\"Pol\\u00edticas Culturais\",\"p19_desenvolvimentoterritorial\":\"Desenvolvimento territorial\",\"p19_direitoshumanos\":\"Direitos humanos\",\"p19_lutaantirracismo\":\"Luta antirracismo\",\"p19_povosecomunidadestradicionais\":\"Povos e comunidades tradicionais\",\"p19_difusaoartistica\":\"Difus\\u00e3o Art\\u00edstica\",\"p19_politicasculturais\":\"Pol\\u00edticas Culturais\",\"p20_reunioes\":\"Reuni\\u00f5es\",\"p20_oficinas\":\"Oficinas\",\"p20_formacao\":\"Forma\\u00e7\\u00e3o\",\"p20_apresentacoesartisticas\":\"Apresenta\\u00e7\\u00f5es art\\u00edsticas\",\"p21_repressaopolicial\":\"Repress\\u00e3o policial\",\"p21_intoleranciareligiosa\":\"Fundamentalismo\\\/intoler\\u00e2ncia religiosa\",\"p21_xenofobia\":\"Xenofobia\",\"p21_machismo\":\"Machismo\",\"p21_racismo\":\"Racismo\",\"p21_lgbtqifobia\":\"LGBTIfobia\",\"p22_numerodeparticipantes\":\"Mais de 90\",\"p23_oficinas\":\"Oficinas\",\"p23_outros\":\"Outros\",\"p24_reunioes\":\"Reuni\\u00f5es\",\"p24_oficinas\":\"Oficinas\",\"p24_curso\":\"Curso\",\"p24_formacao\":\"Forma\\u00e7\\u00e3o\",\"p24_apresentacoesartisticas\":\"Apresenta\\u00e7\\u00f5es art\\u00edsticas\",\"p24_outros\":\"Outros\",\"p25_numerodepessoas\":\"Mais de 500\",\"p26_numerodepessoas\":\"20 - 40\",\"p27_espacopublico\":\"Espa\\u00e7o p\\u00fablico\",\"p27_espacoemprestadocedido\":\"Espa\\u00e7o emprestado\\\/cedido\",\"p27_espacoproprio\":\"Espa\\u00e7o pr\\u00f3prio\",\"p27_virtual\":\"Virtual\",\"p28_territorios\":\"Estado\",\"p30_outrasorganizacoes\":\"Sim\",\"p32_campanhadelongaduracao\":\"Sim\",\"p34_nenhuma\":\"Nenhuma\",\"p36_conselhosdeparticipacaoecontrolesocial\":\"N\\u00e3o\",\"p38_sim\":\"Sim\",\"p38_nenhum\":\"Nenhum\",\"p40_editais\":\"N\\u00e3o\",\"p41_financiamentocoletivo0\":\"Financiamento coletivo\",\"p42_meiodedivulgacaoproprio\":\"Sim\",\"p43_email\":\"E-mail\",\"p43_facebook\":\"Facebook\",\"p43_instagram\":\"Instagram\",\"p43_twitter\":\"Twitter\",\"p43_youtube\":\"YouTube\",\"p44_radio\":\"TV\",\"p44_jornaisimpressosdegrandecirculacao\":\"Jornais impressos de grande circula\\u00e7\\u00e3o\",\"p44_jornaisimpressosdebairro\":\"Jornais impressos de bairro\",\"p44_sitesblogs\":\"Sites ou Blogs\",\"p44_nenhum\":\"Nenhum\",\"p39_publico\":\"JUVENTUDE PERIF\\u00c9RICA\",\"p45_bandeira\":\"ANTIRRACISMO PERIFERIA PROTAGONISTA TUDO CULTURA HIPHOP JOVEM FORA CRIMINALIDADE\",\"p46_hashtags\":\"#PROTAGONISMODAPERIFERIA #CDBNAFUNCAOCOLETIVA #HIPHOPPOTIGUA\"},{\"p1_eixo\":\"Cultura\",\"p9_tipoorganizacao\":\"Coletivo\",\"p12_uf\":\"RO\",\"p13_cidade\":\"PORTO VELHO\",\"p16_cidade\":\"Cidade\",\"p17_ano\":\"2019\",\"p16_estado\":\"Estado\",\"p18_comunicacao\":\"Comunica\\u00e7\\u00e3o\",\"p18_difusaoartistica\":\"Difus\\u00e3o Art\\u00edstica\",\"p18_desenvolvimentoterritorial\":\"Desenvolvimento territorial\",\"p18_direitoshumanos\":\"Direitos humanos\",\"p18_educacao\":\"Educa\\u00e7\\u00e3o\",\"p18_feminismos\":\"Feminismos\",\"p18_lgbtqi\":\"LGBTQI\",\"p18_lutaantirracismo\":\"Luta antirracismo\",\"p18_mobilidade\":\"Mobilidade\",\"p18_moradia\":\"Moradia\",\"p18_povosecomunidadestradicionais\":\"Povos e comunidades tradicionais\",\"p18_trabalho\":\"Trabalho\",\"p18_religiao\":\"Religi\\u00e3o\",\"p18_saude\":\"Sa\\u00fade\",\"p18_violencia\":\"Viol\\u00eancia\",\"p18_politicasculturais\":\"Pol\\u00edticas Culturais\",\"p19_desenvolvimentoterritorial\":\"Desenvolvimento territorial\",\"p19_direitoshumanos\":\"Direitos humanos\",\"p19_educacao\":\"Educa\\u00e7\\u00e3o\",\"p19_lgbtqi\":\"LGBTQI\",\"p19_povosecomunidadestradicionais\":\"Povos e comunidades tradicionais\",\"p19_saude\":\"Sa\\u00fade\",\"p20_reunioes\":\"Reuni\\u00f5es\",\"p20_atendimento\":\"Atendimento\",\"p20_oficinas\":\"Oficinas\",\"p20_formacao\":\"Forma\\u00e7\\u00e3o\",\"p20_apresentacoesartisticas\":\"Apresenta\\u00e7\\u00f5es art\\u00edsticas\",\"p21_repressaopolicial\":\"Repress\\u00e3o policial\",\"p21_intoleranciareligiosa\":\"Fundamentalismo\\\/intoler\\u00e2ncia religiosa\",\"p21_xenofobia\":\"Xenofobia\",\"p21_machismo\":\"Machismo\",\"p21_racismo\":\"Racismo\",\"p21_lgbtqifobia\":\"LGBTIfobia\",\"p22_numerodeparticipantes\":\"Mais de 90\",\"p23_reunioes\":\"Reuni\\u00f5es\",\"p23_outros\":\"Outros\",\"p24_reunioes\":\"Reuni\\u00f5es\",\"p24_atendimento\":\"Atendimentos\",\"p24_oficinas\":\"Oficinas\",\"p24_curso\":\"Curso\",\"p24_formacao\":\"Forma\\u00e7\\u00e3o\",\"p24_apresentacoesartisticas\":\"Apresenta\\u00e7\\u00f5es art\\u00edsticas\",\"p24_outros\":\"Outros\",\"p25_numerodepessoas\":\"1 - 20\",\"p26_numerodepessoas\":\"80 - 100\",\"p27_espacopublico\":\"Espa\\u00e7o p\\u00fablico\",\"p27_espacoemprestadocedido\":\"Espa\\u00e7o emprestado\\\/cedido\",\"p27_espacoproprio\":\"Espa\\u00e7o pr\\u00f3prio\",\"p27_virtual\":\"Virtual\",\"p28_territorios\":\"Estado\",\"p30_outrasorganizacoes\":\"Sim\",\"p32_campanhadelongaduracao\":\"Sim\",\"p34_nenhuma\":\"Nenhuma\",\"p36_conselhosdeparticipacaoecontrolesocial\":\"N\\u00e3o\",\"p38_nenhum\":\"Nenhum\",\"p40_editais\":\"N\\u00e3o\",\"p41_publicoestatal\":\"P\\u00fablico-Estatal\",\"p41_financiamentocoletivo0\":\"Financiamento coletivo\",\"p42_meiodedivulgacaoproprio\":\"Sim\",\"p43_email\":\"E-mail\",\"p43_facebook\":\"Facebook\",\"p43_instagram\":\"Instagram\",\"p44_radio\":\"TV\",\"p44_jornaisimpressosdegrandecirculacao\":\"Jornais impressos de grande circula\\u00e7\\u00e3o\",\"p44_jornaisimpressosdebairro\":\"Jornais impressos de bairro\",\"p44_sitesblogs\":\"Sites ou Blogs\",\"p39_publico\":\"POVOS IND\\u00cdGENAS\",\"p45_bandeira\":\"BEM-ESTAR IND\\u00cdGENAS\",\"p46_hashtags\":\"#DEMARCACAOJA #FORAGARIMPO #BEMESTARDOSINDIGENAS\"},{\"p1_eixo\":\"Cultura\",\"p9_tipoorganizacao\":\"Associa\\u00e7\\u00e3o\",\"p12_uf\":\"MT\",\"p13_cidade\":\"CUIAB\\u00c1\",\"p16_cidade\":\"Cidade\",\"p17_ano\":\"2015\",\"p16_estado\":\"Estado\",\"p18_comunicacao\":\"Comunica\\u00e7\\u00e3o\",\"p18_difusaoartistica\":\"Difus\\u00e3o Art\\u00edstica\",\"p18_desenvolvimentoterritorial\":\"Desenvolvimento territorial\",\"p18_direitoshumanos\":\"Direitos humanos\",\"p18_educacao\":\"Educa\\u00e7\\u00e3o\",\"p18_feminismos\":\"Feminismos\",\"p18_lgbtqi\":\"LGBTQI\",\"p18_lutaantirracismo\":\"Luta antirracismo\",\"p18_mobilidade\":\"Mobilidade\",\"p18_moradia\":\"Moradia\",\"p18_povosecomunidadestradicionais\":\"Povos e comunidades tradicionais\",\"p18_trabalho\":\"Trabalho\",\"p18_religiao\":\"Religi\\u00e3o\",\"p18_saude\":\"Sa\\u00fade\",\"p18_violencia\":\"Viol\\u00eancia\",\"p18_politicasculturais\":\"Pol\\u00edticas Culturais\",\"p19_educacao\":\"Educa\\u00e7\\u00e3o\",\"p19_lgbtqi\":\"LGBTQI\",\"p19_saude\":\"Sa\\u00fade\",\"p19_politicasculturais\":\"Pol\\u00edticas Culturais\",\"p20_reunioes\":\"Reuni\\u00f5es\",\"p20_atendimento\":\"Atendimento\",\"p20_oficinas\":\"Oficinas\",\"p20_oficinasaulasartisticas\":\"Ensaios\\\/Oficinas\\\/Aulas art\\u00edsticas\",\"p20_cursos\":\"Cursos\",\"p20_apresentacoesartisticas\":\"Apresenta\\u00e7\\u00f5es art\\u00edsticas\",\"p20_visitasexcursoes\":\"Visitas\\\/Excurs\\u00f5es\",\"p21_repressaopolicial\":\"Repress\\u00e3o policial\",\"p21_racismo\":\"Racismo\",\"p21_nenhum\":\"Nenhum\",\"p22_numerodeparticipantes\":\"1  - 15\",\"p23_reunioes\":\"Reuni\\u00f5es\",\"p23_outros\":\"Outros\",\"p24_atendimento\":\"Atendimentos\",\"p24_oficinas\":\"Oficinas\",\"p24_oficinasaulasartisticas\":\"Ensaios\\\/Oficinas\\\/Aulas art\\u00edsticas\",\"p24_curso\":\"Curso\",\"p24_apresentacoesartisticas\":\"Apresenta\\u00e7\\u00f5es art\\u00edsticas\",\"p24_visitasexcursoes\":\"Visitas\\\/Excurs\\u00f5es\",\"p24_outros\":\"Outros\",\"p25_numerodepessoas\":\"1 - 20\",\"p26_numerodepessoas\":\"100 - 200\",\"p27_espacopublico\":\"Espa\\u00e7o p\\u00fablico\",\"p27_espacoproprio\":\"Espa\\u00e7o pr\\u00f3prio\",\"p28_territorios\":\"Cidade\",\"p30_outrasorganizacoes\":\"N\\u00e3o\",\"p32_campanhadelongaduracao\":\"N\\u00e3o\",\"p34_nenhuma\":\"Nenhuma\",\"p36_conselhosdeparticipacaoecontrolesocial\":\"N\\u00e3o\",\"p38_sim\":\"Sim\",\"p38_nenhum\":\"Nenhum\",\"p40_editais\":\"N\\u00e3o\",\"p41_publicoestatal\":\"P\\u00fablico-Estatal\",\"p41_financiamentocoletivo0\":\"Financiamento coletivo\",\"p42_meiodedivulgacaoproprio\":\"Sim\",\"p43_facebook\":\"Facebook\",\"p43_instagram\":\"Instagram\",\"p43_nenhum\":\"Nenhum\",\"p44_jornaisimpressosdegrandecirculacao\":\"Jornais impressos de grande circula\\u00e7\\u00e3o\",\"p44_jornaisimpressosdebairro\":\"Jornais impressos de bairro\",\"p44_nenhum\":\"Nenhum\",\"p39_publico\":\"DEPENDENTES QU\\u00cdMICOS\",\"p45_bandeira\":\"ANTIRRACISMO CONTRA APOROFOBIA\",\"p46_hashtags\":\"#HIPHOPCOMBATEASDROGAS #LUTA #DEPENDENCIAQUIMICAEDOENCA\"},{\"p1_eixo\":\"Trabalho\",\"p9_tipoorganizacao\":\"Coletivo Art\\u00edstico\",\"p12_uf\":\"MT\",\"p13_cidade\":\"BARRA DO GAR\\u00c7AS\",\"p17_ano\":\"2001\",\"p16_estado\":\"Estado\",\"p18_agrario\":\"Agr\\u00e1rio\\\/ruralidades\",\"p18_comunicacao\":\"Comunica\\u00e7\\u00e3o\",\"p18_difusaoartistica\":\"Difus\\u00e3o Art\\u00edstica\",\"p18_desenvolvimentoterritorial\":\"Desenvolvimento territorial\",\"p18_direitoshumanos\":\"Direitos humanos\",\"p18_educacao\":\"Educa\\u00e7\\u00e3o\",\"p18_feminismos\":\"Feminismos\",\"p18_lgbtqi\":\"LGBTQI\",\"p18_lutaantirracismo\":\"Luta antirracismo\",\"p18_mobilidade\":\"Mobilidade\",\"p18_moradia\":\"Moradia\",\"p18_povosecomunidadestradicionais\":\"Povos e comunidades tradicionais\",\"p18_trabalho\":\"Trabalho\",\"p18_religiao\":\"Religi\\u00e3o\",\"p18_saude\":\"Sa\\u00fade\",\"p18_violencia\":\"Viol\\u00eancia\",\"p18_politicasculturais\":\"Pol\\u00edticas Culturais\",\"p19_comunicacao\":\"Comunica\\u00e7\\u00e3o\",\"p19_educacao\":\"Educa\\u00e7\\u00e3o\",\"p19_lutaantirracismo\":\"Luta antirracismo\",\"p19_moradia\":\"Moradia\",\"p19_saude\":\"Sa\\u00fade\",\"p19_politicasculturais\":\"Pol\\u00edticas Culturais\",\"p20_reunioes\":\"Reuni\\u00f5es\",\"p20_atendimento\":\"Atendimento\",\"p20_oficinas\":\"Oficinas\",\"p20_oficinasaulasartisticas\":\"Ensaios\\\/Oficinas\\\/Aulas art\\u00edsticas\",\"p20_cursos\":\"Cursos\",\"p20_apresentacoesartisticas\":\"Apresenta\\u00e7\\u00f5es art\\u00edsticas\",\"p20_visitasexcursoes\":\"Visitas\\\/Excurs\\u00f5es\",\"p21_nenhum\":\"Nenhum\",\"p22_numerodeparticipantes\":\"Mais de 90\",\"p23_outros\":\"Outros\",\"p24_atendimento\":\"Atendimentos\",\"p24_oficinas\":\"Oficinas\",\"p24_oficinasaulasartisticas\":\"Ensaios\\\/Oficinas\\\/Aulas art\\u00edsticas\",\"p24_curso\":\"Curso\",\"p24_apresentacoesartisticas\":\"Apresenta\\u00e7\\u00f5es art\\u00edsticas\",\"p24_visitasexcursoes\":\"Visitas\\\/Excurs\\u00f5es\",\"p24_outros\":\"Outros\",\"p25_numerodepessoas\":\"1 - 20\",\"p26_numerodepessoas\":\"1 - 20\",\"p27_espacoemprestadocedido\":\"Espa\\u00e7o emprestado\\\/cedido\",\"p27_espacoproprio\":\"Espa\\u00e7o pr\\u00f3prio\",\"p28_territorios\":\"Pr\\u00f3prio bairro\",\"p30_outrasorganizacoes\":\"Sim\",\"p32_campanhadelongaduracao\":\"N\\u00e3o\",\"p34_nenhuma\":\"Nenhuma\",\"p36_conselhosdeparticipacaoecontrolesocial\":\"Sim\",\"p38_sim\":\"Sim\",\"p40_editais\":\"N\\u00e3o\",\"p41_autofinanciamento\":\"Autofinanciamento\",\"p41_financiamentocoletivo0\":\"Financiamento coletivo\",\"p42_meiodedivulgacaoproprio\":\"N\\u00e3o\",\"p43_nenhum\":\"Nenhum\",\"p44_nenhum\":\"Nenhum\",\"p39_publico\":\"AGRICULTURA FAMILIAR\",\"p45_bandeira\":\"MELHORIA EDUCA\\u00c7\\u00c3O LUTA TERRIT\\u00d3RIO\",\"p46_hashtags\":\"#PELAEDUCACAO #PELOTERRITORIO #PELASAUDE\"},{\"p1_eixo\":\"Trabalho\",\"p9_tipoorganizacao\":\"Associa\\u00e7\\u00e3o\",\"p12_uf\":\"SE\",\"p13_cidade\":\"PIRAMBU\",\"p17_ano\":\"2008\",\"p16_estado\":\"Estado\",\"p18_agrario\":\"Agr\\u00e1rio\\\/ruralidades\",\"p18_comunicacao\":\"Comunica\\u00e7\\u00e3o\",\"p18_difusaoartistica\":\"Difus\\u00e3o Art\\u00edstica\",\"p18_desenvolvimentoterritorial\":\"Desenvolvimento territorial\",\"p18_direitoshumanos\":\"Direitos humanos\",\"p18_educacao\":\"Educa\\u00e7\\u00e3o\",\"p18_feminismos\":\"Feminismos\",\"p18_lgbtqi\":\"LGBTQI\",\"p18_lutaantirracismo\":\"Luta antirracismo\",\"p18_mobilidade\":\"Mobilidade\",\"p18_moradia\":\"Moradia\",\"p18_povosecomunidadestradicionais\":\"Povos e comunidades tradicionais\",\"p18_trabalho\":\"Trabalho\",\"p18_religiao\":\"Religi\\u00e3o\",\"p18_saude\":\"Sa\\u00fade\",\"p18_violencia\":\"Viol\\u00eancia\",\"p18_politicasculturais\":\"Pol\\u00edticas Culturais\",\"p19_comunicacao\":\"Comunica\\u00e7\\u00e3o\",\"p19_direitoshumanos\":\"Direitos humanos\",\"p19_lutaantirracismo\":\"Luta antirracismo\",\"p19_moradia\":\"Moradia\",\"p19_povosecomunidadestradicionais\":\"Povos e comunidades tradicionais\",\"p20_reunioes\":\"Reuni\\u00f5es\",\"p20_atendimento\":\"Atendimento\",\"p20_oficinas\":\"Oficinas\",\"p20_oficinasaulasartisticas\":\"Ensaios\\\/Oficinas\\\/Aulas art\\u00edsticas\",\"p20_formacao\":\"Forma\\u00e7\\u00e3o\",\"p20_profissionalizacao\":\"Profissionaliza\\u00e7\\u00e3o\",\"p20_apresentacoesartisticas\":\"Apresenta\\u00e7\\u00f5es art\\u00edsticas\",\"p21_intoleranciareligiosa\":\"Fundamentalismo\\\/intoler\\u00e2ncia religiosa\",\"p21_machismo\":\"Machismo\",\"p21_racismo\":\"Racismo\",\"p21_lgbtqifobia\":\"LGBTIfobia\",\"p21_nenhum\":\"Nenhum\",\"p22_numerodeparticipantes\":\"Mais de 90\",\"p23_profissionalizacao\":\"Profissionaliza\\u00e7\\u00e3o\",\"p23_outros\":\"Outros\",\"p24_reunioes\":\"Reuni\\u00f5es\",\"p24_atendimento\":\"Atendimentos\",\"p24_oficinas\":\"Oficinas\",\"p24_oficinasaulasartisticas\":\"Ensaios\\\/Oficinas\\\/Aulas art\\u00edsticas\",\"p24_formacao\":\"Forma\\u00e7\\u00e3o\",\"p24_apresentacoesartisticas\":\"Apresenta\\u00e7\\u00f5es art\\u00edsticas\",\"p24_outros\":\"Outros\",\"p25_numerodepessoas\":\"1 - 20\",\"p26_numerodepessoas\":\"100 - 200\",\"p27_espacoemprestadocedido\":\"Espa\\u00e7o emprestado\\\/cedido\",\"p27_espacoproprio\":\"Espa\\u00e7o pr\\u00f3prio\",\"p27_ocupacao\":\"Ocupa\\u00e7\\u00e3o\",\"p28_territorios\":\"Atua\\u00e7\\u00e3o Nacional\",\"p30_outrasorganizacoes\":\"N\\u00e3o\",\"p32_campanhadelongaduracao\":\"N\\u00e3o\",\"p34_estadual\":\"Estadual\",\"p34_nacional\":\"Nacional\",\"p34_nenhuma\":\"Nenhuma\",\"p36_conselhosdeparticipacaoecontrolesocial\":\"N\\u00e3o\",\"p38_sim\":\"Sim\",\"p40_editais\":\"N\\u00e3o\",\"p41_autofinanciamento\":\"Autofinanciamento\",\"p42_meiodedivulgacaoproprio\":\"N\\u00e3o\",\"p43_email\":\"E-mail\",\"p43_facebook\":\"Facebook\",\"p43_whatsapp\":\"WhatsApp\",\"p43_instagram\":\"Instagram\",\"p43_sitesblogs\":\"Blogs\\\/sites\",\"p43_youtube\":\"YouTube\",\"p43_nenhum\":\"Nenhum\",\"p44_radio\":\"TV\",\"p44_redessociais\":\"Redes sociais (Facebook, YouTube, Instagram etc.)\",\"p44_sitesblogs\":\"Sites ou Blogs\",\"p44_nenhum\":\"Nenhum\",\"p39_publico\":\"JOVENS IDOSOS\",\"p45_bandeira\":\"LUTA  ANTIRRACISMO  DEFESA QUILOMBOS DEFESA TERRIT\\u00d3RIO REFORMA AGR\\u00c1RIA\",\"p46_hashtags\":\"#LUTACONTRAORACISMO #DEFESADOTERRITORIO #REFORMAAGRARIA\"},{\"p1_eixo\":\"Trabalho\",\"p9_tipoorganizacao\":\"Instituto\",\"p12_uf\":\"MT\",\"p13_cidade\":\"CUIAB\\u00c1\",\"p17_ano\":\"2011\",\"p16_estado\":\"Estado\",\"p18_agrario\":\"Agr\\u00e1rio\\\/ruralidades\",\"p18_comunicacao\":\"Comunica\\u00e7\\u00e3o\",\"p18_difusaoartistica\":\"Difus\\u00e3o Art\\u00edstica\",\"p18_desenvolvimentoterritorial\":\"Desenvolvimento territorial\",\"p18_direitoshumanos\":\"Direitos humanos\",\"p18_educacao\":\"Educa\\u00e7\\u00e3o\",\"p18_feminismos\":\"Feminismos\",\"p18_lgbtqi\":\"LGBTQI\",\"p18_lutaantirracismo\":\"Luta antirracismo\",\"p18_mobilidade\":\"Mobilidade\",\"p18_moradia\":\"Moradia\",\"p18_povosecomunidadestradicionais\":\"Povos e comunidades tradicionais\",\"p18_trabalho\":\"Trabalho\",\"p18_religiao\":\"Religi\\u00e3o\",\"p18_saude\":\"Sa\\u00fade\",\"p18_violencia\":\"Viol\\u00eancia\",\"p18_politicasculturais\":\"Pol\\u00edticas Culturais\",\"p19_direitoshumanos\":\"Direitos humanos\",\"p19_educacao\":\"Educa\\u00e7\\u00e3o\",\"p19_moradia\":\"Moradia\",\"p19_povosecomunidadestradicionais\":\"Povos e comunidades tradicionais\",\"p19_politicasculturais\":\"Pol\\u00edticas Culturais\",\"p20_reunioes\":\"Reuni\\u00f5es\",\"p20_atendimento\":\"Atendimento\",\"p20_oficinas\":\"Oficinas\",\"p20_oficinasaulasartisticas\":\"Ensaios\\\/Oficinas\\\/Aulas art\\u00edsticas\",\"p20_formacao\":\"Forma\\u00e7\\u00e3o\",\"p20_profissionalizacao\":\"Profissionaliza\\u00e7\\u00e3o\",\"p20_apresentacoesartisticas\":\"Apresenta\\u00e7\\u00f5es art\\u00edsticas\",\"p21_intoleranciareligiosa\":\"Fundamentalismo\\\/intoler\\u00e2ncia religiosa\",\"p21_machismo\":\"Machismo\",\"p21_racismo\":\"Racismo\",\"p21_lgbtqifobia\":\"LGBTIfobia\",\"p22_numerodeparticipantes\":\"45 - 60\",\"p23_reunioes\":\"Reuni\\u00f5es\",\"p23_profissionalizacao\":\"Profissionaliza\\u00e7\\u00e3o\",\"p23_outros\":\"Outros\",\"p24_reunioes\":\"Reuni\\u00f5es\",\"p24_atendimento\":\"Atendimentos\",\"p24_oficinas\":\"Oficinas\",\"p24_oficinasaulasartisticas\":\"Ensaios\\\/Oficinas\\\/Aulas art\\u00edsticas\",\"p24_formacao\":\"Forma\\u00e7\\u00e3o\",\"p24_apresentacoesartisticas\":\"Apresenta\\u00e7\\u00f5es art\\u00edsticas\",\"p24_outros\":\"Outros\",\"p25_numerodepessoas\":\"20 - 40\",\"p26_numerodepessoas\":\"400 - 500\",\"p27_espacoemprestadocedido\":\"Espa\\u00e7o emprestado\\\/cedido\",\"p27_espacoproprio\":\"Espa\\u00e7o pr\\u00f3prio\",\"p27_ocupacao\":\"Ocupa\\u00e7\\u00e3o\",\"p28_territorios\":\"Estado\",\"p30_outrasorganizacoes\":\"Sim\",\"p32_campanhadelongaduracao\":\"Sim\",\"p34_estadual\":\"Estadual\",\"p34_nacional\":\"Nacional\",\"p34_nenhuma\":\"Nenhuma\",\"p36_conselhosdeparticipacaoecontrolesocial\":\"Sim\",\"p38_sim\":\"Sim\",\"p40_editais\":\"N\\u00e3o\",\"p41_autofinanciamento\":\"Autofinanciamento\",\"p41_financiamentocoletivo0\":\"Financiamento coletivo\",\"p42_meiodedivulgacaoproprio\":\"Sim\",\"p43_email\":\"E-mail\",\"p43_facebook\":\"Facebook\",\"p43_whatsapp\":\"WhatsApp\",\"p43_instagram\":\"Instagram\",\"p43_sitesblogs\":\"Blogs\\\/sites\",\"p43_youtube\":\"YouTube\",\"p44_radio\":\"TV\",\"p44_redessociais\":\"Redes sociais (Facebook, YouTube, Instagram etc.)\",\"p44_sitesblogs\":\"Sites ou Blogs\",\"p44_nenhum\":\"Nenhum\",\"p39_publico\":\"MULHERES CRIAN\\u00c7AS\",\"p45_bandeira\":\"DEFESA DIREITOS COLETIVOS POVOS COMUNIDADE TRADICIONAIS CONFORME DECRETO 6040 DIREITOS HUMANOS ENFRENTAMENTOS DIREITO MULHER\",\"p46_hashtags\":\"#SEMEANDOVIDA #SEMENTESDOBEM #JUNTOSSOMOSMAISFORTE\"},{\"p1_eixo\":\"Cultura\",\"p9_tipoorganizacao\":\"Associa\\u00e7\\u00e3o\",\"p12_uf\":\"RN\",\"p13_cidade\":\"LU\\u00cdS GOMES\",\"p16_nacional\":\"Nacional\",\"p17_ano\":\"2003\",\"p16_estado\":\"Estado\",\"p18_agrario\":\"Agr\\u00e1rio\\\/ruralidades\",\"p18_comunicacao\":\"Comunica\\u00e7\\u00e3o\",\"p18_difusaoartistica\":\"Difus\\u00e3o Art\\u00edstica\",\"p18_desenvolvimentoterritorial\":\"Desenvolvimento territorial\",\"p18_direitoshumanos\":\"Direitos humanos\",\"p18_educacao\":\"Educa\\u00e7\\u00e3o\",\"p18_feminismos\":\"Feminismos\",\"p18_lgbtqi\":\"LGBTQI\",\"p18_lutaantirracismo\":\"Luta antirracismo\",\"p18_mobilidade\":\"Mobilidade\",\"p18_moradia\":\"Moradia\",\"p18_povosecomunidadestradicionais\":\"Povos e comunidades tradicionais\",\"p18_trabalho\":\"Trabalho\",\"p18_religiao\":\"Religi\\u00e3o\",\"p18_saude\":\"Sa\\u00fade\",\"p18_violencia\":\"Viol\\u00eancia\",\"p18_politicasculturais\":\"Pol\\u00edticas Culturais\",\"p19_educacao\":\"Educa\\u00e7\\u00e3o\",\"p19_feminismos\":\"Feminismos\",\"p19_povosecomunidadestradicionais\":\"Povos e comunidades tradicionais\",\"p19_religiao\":\"Religi\\u00e3o\",\"p19_difusaoartistica\":\"Difus\\u00e3o Art\\u00edstica\",\"p19_politicasculturais\":\"Pol\\u00edticas Culturais\",\"p20_reunioes\":\"Reuni\\u00f5es\",\"p20_atendimento\":\"Atendimento\",\"p20_oficinas\":\"Oficinas\",\"p20_oficinasaulasartisticas\":\"Ensaios\\\/Oficinas\\\/Aulas art\\u00edsticas\",\"p20_cursos\":\"Cursos\",\"p20_profissionalizacao\":\"Profissionaliza\\u00e7\\u00e3o\",\"p20_apresentacoesartisticas\":\"Apresenta\\u00e7\\u00f5es art\\u00edsticas\",\"p21_intoleranciareligiosa\":\"Fundamentalismo\\\/intoler\\u00e2ncia religiosa\",\"p21_machismo\":\"Machismo\",\"p21_racismo\":\"Racismo\",\"p21_lgbtqifobia\":\"LGBTIfobia\",\"p22_numerodeparticipantes\":\"Mais de 90\",\"p23_reunioes\":\"Reuni\\u00f5es\",\"p23_atendimento\":\"Atendimento\",\"p23_oficinasaulasartisticas\":\"Ensaio\\\/Oficinas\\\/Aulas Art\\u00edsticas\",\"p23_cursos\":\"Cursos\",\"p23_profissionalizacao\":\"Profissionaliza\\u00e7\\u00e3o\",\"p23_apresentacoesartisticas\":\"Apresenta\\u00e7\\u00f5es Art\\u00edsticas\",\"p23_outros\":\"Outros\",\"p24_oficinas\":\"Oficinas\",\"p24_oficinasaulasartisticas\":\"Ensaios\\\/Oficinas\\\/Aulas art\\u00edsticas\",\"p24_apresentacoesartisticas\":\"Apresenta\\u00e7\\u00f5es art\\u00edsticas\",\"p24_outros\":\"Outros\",\"p25_numerodepessoas\":\"40 - 60\",\"p26_numerodepessoas\":\"200 - 300\",\"p27_espacopublico\":\"Espa\\u00e7o p\\u00fablico\",\"p27_espacoemprestadocedido\":\"Espa\\u00e7o emprestado\\\/cedido\",\"p27_espacoproprio\":\"Espa\\u00e7o pr\\u00f3prio\",\"p27_virtual\":\"Virtual\",\"p28_territorios\":\"Estado\",\"p30_outrasorganizacoes\":\"Sim\",\"p32_campanhadelongaduracao\":\"N\\u00e3o\",\"p34_nacional\":\"Nacional\",\"p34_nenhuma\":\"Nenhuma\",\"p36_conselhosdeparticipacaoecontrolesocial\":\"Sim\",\"p38_sim\":\"Sim\",\"p40_editais\":\"Sim\",\"p41_financiamentocoletivo0\":\"Financiamento coletivo\",\"p42_meiodedivulgacaoproprio\":\"Sim\",\"p43_email\":\"E-mail\",\"p43_whatsapp\":\"WhatsApp\",\"p43_instagram\":\"Instagram\",\"p43_youtube\":\"YouTube\",\"p44_radio\":\"TV\",\"p44_redessociais\":\"Redes sociais (Facebook, YouTube, Instagram etc.)\",\"p44_nenhum\":\"Nenhum\",\"p39_publico\":\"TODA COMUNIDADE\",\"p45_bandeira\":\" ANTIRRACISMO  CULTURA\",\"p46_hashtags\":\"#CONTRAORACISMO #QUILOMBOLA #CULTURA\"},{\"p1_eixo\":\"Cultura\",\"p9_tipoorganizacao\":\"Instituto\",\"p12_uf\":\"SE\",\"p13_cidade\":\"ARACAJU\",\"p16_nacional\":\"Nacional\",\"p17_ano\":\"2015\",\"p18_comunicacao\":\"Comunica\\u00e7\\u00e3o\",\"p18_difusaoartistica\":\"Difus\\u00e3o Art\\u00edstica\",\"p18_desenvolvimentoterritorial\":\"Desenvolvimento territorial\",\"p18_direitoshumanos\":\"Direitos humanos\",\"p18_educacao\":\"Educa\\u00e7\\u00e3o\",\"p18_feminismos\":\"Feminismos\",\"p18_lgbtqi\":\"LGBTQI\",\"p18_lutaantirracismo\":\"Luta antirracismo\",\"p18_mobilidade\":\"Mobilidade\",\"p18_povosecomunidadestradicionais\":\"Povos e comunidades tradicionais\",\"p18_trabalho\":\"Trabalho\",\"p18_religiao\":\"Religi\\u00e3o\",\"p18_saude\":\"Sa\\u00fade\",\"p18_violencia\":\"Viol\\u00eancia\",\"p18_politicasculturais\":\"Pol\\u00edticas Culturais\",\"p19_educacao\":\"Educa\\u00e7\\u00e3o\",\"p19_feminismos\":\"Feminismos\",\"p19_povosecomunidadestradicionais\":\"Povos e comunidades tradicionais\",\"p19_religiao\":\"Religi\\u00e3o\",\"p19_violencia\":\"Viol\\u00eancia\",\"p19_difusaoartistica\":\"Difus\\u00e3o Art\\u00edstica\",\"p20_reunioes\":\"Reuni\\u00f5es\",\"p20_atendimento\":\"Atendimento\",\"p20_oficinas\":\"Oficinas\",\"p20_oficinasaulasartisticas\":\"Ensaios\\\/Oficinas\\\/Aulas art\\u00edsticas\",\"p20_cursos\":\"Cursos\",\"p20_profissionalizacao\":\"Profissionaliza\\u00e7\\u00e3o\",\"p20_apresentacoesartisticas\":\"Apresenta\\u00e7\\u00f5es art\\u00edsticas\",\"p21_intoleranciareligiosa\":\"Fundamentalismo\\\/intoler\\u00e2ncia religiosa\",\"p21_machismo\":\"Machismo\",\"p21_racismo\":\"Racismo\",\"p21_lgbtqifobia\":\"LGBTIfobia\",\"p21_nenhum\":\"Nenhum\",\"p22_numerodeparticipantes\":\"Mais de 90\",\"p23_reunioes\":\"Reuni\\u00f5es\",\"p23_atendimento\":\"Atendimento\",\"p23_oficinasaulasartisticas\":\"Ensaio\\\/Oficinas\\\/Aulas Art\\u00edsticas\",\"p23_cursos\":\"Cursos\",\"p23_profissionalizacao\":\"Profissionaliza\\u00e7\\u00e3o\",\"p23_apresentacoesartisticas\":\"Apresenta\\u00e7\\u00f5es Art\\u00edsticas\",\"p23_outros\":\"Outros\",\"p24_oficinas\":\"Oficinas\",\"p24_outros\":\"Outros\",\"p25_numerodepessoas\":\"40 - 60\",\"p26_numerodepessoas\":\"200 - 300\",\"p27_espacopublico\":\"Espa\\u00e7o p\\u00fablico\",\"p27_espacoemprestadocedido\":\"Espa\\u00e7o emprestado\\\/cedido\",\"p27_espacoproprio\":\"Espa\\u00e7o pr\\u00f3prio\",\"p27_virtual\":\"Virtual\",\"p28_territorios\":\"Regi\\u00e3o da Cidade\",\"p30_outrasorganizacoes\":\"Sim\",\"p32_campanhadelongaduracao\":\"Sim\",\"p34_nacional\":\"Nacional\",\"p34_nenhuma\":\"Nenhuma\",\"p36_conselhosdeparticipacaoecontrolesocial\":\"Sim\",\"p38_sim\":\"Sim\",\"p40_editais\":\"Sim\",\"p41_autofinanciamento\":\"Autofinanciamento\",\"p41_financiamentocoletivo0\":\"Financiamento coletivo\",\"p42_meiodedivulgacaoproprio\":\"Sim\",\"p43_email\":\"E-mail\",\"p43_whatsapp\":\"WhatsApp\",\"p43_instagram\":\"Instagram\",\"p43_youtube\":\"YouTube\",\"p44_radio\":\"TV\",\"p44_redessociais\":\"Redes sociais (Facebook, YouTube, Instagram etc.)\",\"p44_nenhum\":\"Nenhum\",\"p39_publico\":\"JUVENTUDE NEGRA JUVENTUDE LGBT MULHERES NEGRAS\",\"p45_bandeira\":\"COMBATE  RELIGIOSA COMBATE RACISMO COMBATE  MASCULINIDADE T\\u00d3XICA COMBATE LGBTQIA+FOBIA TRABALHO JUVENTUDE TRABALHO MULHERES LUTA \\u00c1GUA PARA\\u00cdSO SUL\",\"p46_hashtags\":\"#LUTAPELAAGUA #UMBUNTU #NAOAINTOLERANCIARELIGIOSA\"},{\"p1_eixo\":\"Viol\\u00eancia\",\"p9_tipoorganizacao\":\"Instituto\",\"p12_uf\":\"MT\",\"p13_cidade\":\"CUIAB\\u00c1\",\"p16_cidade\":\"Cidade\",\"p16_nacional\":\"Nacional\",\"p17_ano\":\"2018\",\"p18_agrario\":\"Agr\\u00e1rio\\\/ruralidades\",\"p18_comunicacao\":\"Comunica\\u00e7\\u00e3o\",\"p18_difusaoartistica\":\"Difus\\u00e3o Art\\u00edstica\",\"p18_desenvolvimentoterritorial\":\"Desenvolvimento territorial\",\"p18_direitoshumanos\":\"Direitos humanos\",\"p18_educacao\":\"Educa\\u00e7\\u00e3o\",\"p18_feminismos\":\"Feminismos\",\"p18_lgbtqi\":\"LGBTQI\",\"p18_lutaantirracismo\":\"Luta antirracismo\",\"p18_mobilidade\":\"Mobilidade\",\"p18_moradia\":\"Moradia\",\"p18_povosecomunidadestradicionais\":\"Povos e comunidades tradicionais\",\"p18_trabalho\":\"Trabalho\",\"p18_religiao\":\"Religi\\u00e3o\",\"p18_saude\":\"Sa\\u00fade\",\"p18_violencia\":\"Viol\\u00eancia\",\"p18_politicasculturais\":\"Pol\\u00edticas Culturais\",\"p19_educacao\":\"Educa\\u00e7\\u00e3o\",\"p19_mobilidade\":\"Mobilidade\",\"p19_moradia\":\"Moradia\",\"p19_povosecomunidadestradicionais\":\"Povos e comunidades tradicionais\",\"p19_violencia\":\"Viol\\u00eancia\",\"p20_reunioes\":\"Reuni\\u00f5es\",\"p20_atendimento\":\"Atendimento\",\"p20_oficinas\":\"Oficinas\",\"p20_cursos\":\"Cursos\",\"p20_formacao\":\"Forma\\u00e7\\u00e3o\",\"p20_profissionalizacao\":\"Profissionaliza\\u00e7\\u00e3o\",\"p20_apresentacoesartisticas\":\"Apresenta\\u00e7\\u00f5es art\\u00edsticas\",\"p21_repressaopolicial\":\"Repress\\u00e3o policial\",\"p21_machismo\":\"Machismo\",\"p21_nenhum\":\"Nenhum\",\"p22_numerodeparticipantes\":\"1  - 15\",\"p23_reunioes\":\"Reuni\\u00f5es\",\"p23_atendimento\":\"Atendimento\",\"p23_oficinasaulasartisticas\":\"Ensaio\\\/Oficinas\\\/Aulas Art\\u00edsticas\",\"p23_cursos\":\"Cursos\",\"p23_outros\":\"Outros\",\"p24_reunioes\":\"Reuni\\u00f5es\",\"p24_oficinas\":\"Oficinas\",\"p24_outros\":\"Outros\",\"p25_numerodepessoas\":\"20 - 40\",\"p26_numerodepessoas\":\"20 - 40\",\"p27_espacopublico\":\"Espa\\u00e7o p\\u00fablico\",\"p27_espacoemprestadocedido\":\"Espa\\u00e7o emprestado\\\/cedido\",\"p27_espacoproprio\":\"Espa\\u00e7o pr\\u00f3prio\",\"p28_territorios\":\"Estado\",\"p30_outrasorganizacoes\":\"Sim\",\"p32_campanhadelongaduracao\":\"N\\u00e3o\",\"p34_estadual\":\"Estadual\",\"p34_nacional\":\"Nacional\",\"p34_nenhuma\":\"Nenhuma\",\"p36_conselhosdeparticipacaoecontrolesocial\":\"N\\u00e3o\",\"p38_sim\":\"Sim\",\"p40_editais\":\"N\\u00e3o\",\"p41_autofinanciamento\":\"Autofinanciamento\",\"p42_meiodedivulgacaoproprio\":\"Sim\",\"p43_impressoes\":\"Impressos\",\"p43_facebook\":\"Facebook\",\"p43_instagram\":\"Instagram\",\"p44_radio\":\"TV\",\"p44_nenhum\":\"Nenhum\",\"p39_publico\":\"MULHERES QUILOMBOLAS PERIF\\u00c9RICA V\\u00cdTIMAS DOM\\u00c9STICA\",\"p45_bandeira\":\"EDUCA\\u00c7\\u00c3O PRECURSORA TRANSFORMA\\u00c7\\u00c3O SOCIEDADE\",\"p46_hashtags\":\"#BUSCADEAUTOESTIMA #APOIARMULHERES #CAPACITARMULHERESEMBUSCADEAUTONOMIA\"},{\"p1_eixo\":\"Trabalho\",\"p9_tipoorganizacao\":\"ONG\",\"p12_uf\":\"MT\",\"p13_cidade\":\"CUIAB\\u00c1\",\"p16_bairro\":\"Bairro\",\"p16_cidade\":\"Cidade\",\"p17_ano\":\"1982\",\"p18_agrario\":\"Agr\\u00e1rio\\\/ruralidades\",\"p18_comunicacao\":\"Comunica\\u00e7\\u00e3o\",\"p18_difusaoartistica\":\"Difus\\u00e3o Art\\u00edstica\",\"p18_desenvolvimentoterritorial\":\"Desenvolvimento territorial\",\"p18_direitoshumanos\":\"Direitos humanos\",\"p18_educacao\":\"Educa\\u00e7\\u00e3o\",\"p18_feminismos\":\"Feminismos\",\"p18_lgbtqi\":\"LGBTQI\",\"p18_lutaantirracismo\":\"Luta antirracismo\",\"p18_mobilidade\":\"Mobilidade\",\"p18_moradia\":\"Moradia\",\"p18_povosecomunidadestradicionais\":\"Povos e comunidades tradicionais\",\"p18_trabalho\":\"Trabalho\",\"p18_religiao\":\"Religi\\u00e3o\",\"p18_saude\":\"Sa\\u00fade\",\"p18_violencia\":\"Viol\\u00eancia\",\"p18_politicasculturais\":\"Pol\\u00edticas Culturais\",\"p19_direitoshumanos\":\"Direitos humanos\",\"p19_educacao\":\"Educa\\u00e7\\u00e3o\",\"p19_mobilidade\":\"Mobilidade\",\"p19_moradia\":\"Moradia\",\"p19_violencia\":\"Viol\\u00eancia\",\"p20_reunioes\":\"Reuni\\u00f5es\",\"p20_atendimento\":\"Atendimento\",\"p20_oficinas\":\"Oficinas\",\"p20_oficinasaulasartisticas\":\"Ensaios\\\/Oficinas\\\/Aulas art\\u00edsticas\",\"p20_cursos\":\"Cursos\",\"p20_formacao\":\"Forma\\u00e7\\u00e3o\",\"p20_profissionalizacao\":\"Profissionaliza\\u00e7\\u00e3o\",\"p21_repressaopolicial\":\"Repress\\u00e3o policial\",\"p21_machismo\":\"Machismo\",\"p21_racismo\":\"Racismo\",\"p22_numerodeparticipantes\":\"Mais de 90\",\"p23_reunioes\":\"Reuni\\u00f5es\",\"p23_atendimento\":\"Atendimento\",\"p23_oficinas\":\"Oficinas\",\"p23_oficinasaulasartisticas\":\"Ensaio\\\/Oficinas\\\/Aulas Art\\u00edsticas\",\"p23_cursos\":\"Cursos\",\"p23_apresentacoesartisticas\":\"Apresenta\\u00e7\\u00f5es Art\\u00edsticas\",\"p23_outros\":\"Outros\",\"p24_reunioes\":\"Reuni\\u00f5es\",\"p24_atendimento\":\"Atendimentos\",\"p24_formacao\":\"Forma\\u00e7\\u00e3o\",\"p24_outros\":\"Outros\",\"p25_numerodepessoas\":\"100 - 200\",\"p26_numerodepessoas\":\"80 - 100\",\"p27_espacopublico\":\"Espa\\u00e7o p\\u00fablico\",\"p27_espacoemprestadocedido\":\"Espa\\u00e7o emprestado\\\/cedido\",\"p27_espacoproprio\":\"Espa\\u00e7o pr\\u00f3prio\",\"p28_territorios\":\"Regi\\u00e3o da Cidade\",\"p30_outrasorganizacoes\":\"N\\u00e3o\",\"p32_campanhadelongaduracao\":\"Sim\",\"p34_estadual\":\"Estadual\",\"p34_nacional\":\"Nacional\",\"p34_nenhuma\":\"Nenhuma\",\"p36_conselhosdeparticipacaoecontrolesocial\":\"Sim\",\"p38_sim\":\"Sim\",\"p38_nenhum\":\"Nenhum\",\"p40_editais\":\"Sim\",\"p41_autofinanciamento\":\"Autofinanciamento\",\"p42_meiodedivulgacaoproprio\":\"Sim\",\"p43_impressoes\":\"Impressos\",\"p43_facebook\":\"Facebook\",\"p43_whatsapp\":\"WhatsApp\",\"p43_instagram\":\"Instagram\",\"p44_radio\":\"TV\",\"p44_nenhum\":\"Nenhum\",\"p39_publico\":\"TODOS MORADORES RESIDEM COMUNIDADES\",\"p45_bandeira\":\"MORADIA GERA\\u00c7\\u00c3O EMPREGO INFRAESTRUTURA QUALIDADE VIDA UTILIZA\\u00c7\\u00c3O CIDADE\",\"p46_hashtags\":\"#LUTACOMUNITARIA #MORADIA #INFRAESTRUTURA\"},{\"p1_eixo\":\"Viol\\u00eancia\",\"p9_tipoorganizacao\":\"Associa\\u00e7\\u00e3o\",\"p12_uf\":\"MT\",\"p13_cidade\":\"CUIAB\\u00c1\",\"p16_bairro\":\"Bairro\",\"p16_nacional\":\"Nacional\",\"p17_ano\":\"2017\",\"p18_comunicacao\":\"Comunica\\u00e7\\u00e3o\",\"p18_difusaoartistica\":\"Difus\\u00e3o Art\\u00edstica\",\"p18_desenvolvimentoterritorial\":\"Desenvolvimento territorial\",\"p18_direitoshumanos\":\"Direitos humanos\",\"p18_educacao\":\"Educa\\u00e7\\u00e3o\",\"p18_feminismos\":\"Feminismos\",\"p18_lgbtqi\":\"LGBTQI\",\"p18_lutaantirracismo\":\"Luta antirracismo\",\"p18_mobilidade\":\"Mobilidade\",\"p18_moradia\":\"Moradia\",\"p18_povosecomunidadestradicionais\":\"Povos e comunidades tradicionais\",\"p18_trabalho\":\"Trabalho\",\"p18_religiao\":\"Religi\\u00e3o\",\"p18_saude\":\"Sa\\u00fade\",\"p18_violencia\":\"Viol\\u00eancia\",\"p18_politicasculturais\":\"Pol\\u00edticas Culturais\",\"p19_direitoshumanos\":\"Direitos humanos\",\"p19_educacao\":\"Educa\\u00e7\\u00e3o\",\"p19_moradia\":\"Moradia\",\"p19_violencia\":\"Viol\\u00eancia\",\"p19_politicasculturais\":\"Pol\\u00edticas Culturais\",\"p20_reunioes\":\"Reuni\\u00f5es\",\"p20_atendimento\":\"Atendimento\",\"p20_oficinas\":\"Oficinas\",\"p20_oficinasaulasartisticas\":\"Ensaios\\\/Oficinas\\\/Aulas art\\u00edsticas\",\"p20_profissionalizacao\":\"Profissionaliza\\u00e7\\u00e3o\",\"p20_apresentacoesartisticas\":\"Apresenta\\u00e7\\u00f5es art\\u00edsticas\",\"p21_repressaopolicial\":\"Repress\\u00e3o policial\",\"p21_intoleranciareligiosa\":\"Fundamentalismo\\\/intoler\\u00e2ncia religiosa\",\"p21_machismo\":\"Machismo\",\"p21_racismo\":\"Racismo\",\"p22_numerodeparticipantes\":\"1  - 15\",\"p23_reunioes\":\"Reuni\\u00f5es\",\"p23_oficinas\":\"Oficinas\",\"p23_oficinasaulasartisticas\":\"Ensaio\\\/Oficinas\\\/Aulas Art\\u00edsticas\",\"p23_apresentacoesartisticas\":\"Apresenta\\u00e7\\u00f5es Art\\u00edsticas\",\"p23_outros\":\"Outros\",\"p24_atendimento\":\"Atendimentos\",\"p24_formacao\":\"Forma\\u00e7\\u00e3o\",\"p24_apresentacoesartisticas\":\"Apresenta\\u00e7\\u00f5es art\\u00edsticas\",\"p24_outros\":\"Outros\",\"p25_numerodepessoas\":\"20 - 40\",\"p26_numerodepessoas\":\"1 - 20\",\"p27_espacopublico\":\"Espa\\u00e7o p\\u00fablico\",\"p27_espacoemprestadocedido\":\"Espa\\u00e7o emprestado\\\/cedido\",\"p28_territorios\":\"Pr\\u00f3prio bairro\",\"p30_outrasorganizacoes\":\"N\\u00e3o\",\"p32_campanhadelongaduracao\":\"Sim\",\"p34_nenhuma\":\"Nenhuma\",\"p36_conselhosdeparticipacaoecontrolesocial\":\"N\\u00e3o\",\"p38_nenhum\":\"Nenhum\",\"p40_editais\":\"N\\u00e3o\",\"p41_autofinanciamento\":\"Autofinanciamento\",\"p42_meiodedivulgacaoproprio\":\"Sim\",\"p43_impressoes\":\"Impressos\",\"p43_whatsapp\":\"WhatsApp\",\"p43_instagram\":\"Instagram\",\"p43_nenhum\":\"Nenhum\",\"p44_radio\":\"TV\",\"p44_nenhum\":\"Nenhum\",\"p39_publico\":\"TODOS PERIF\\u00c9RICOS CRIAN\\u00c7AS\",\"p45_bandeira\":\"REGULARIZA\\u00c7\\u00c3O FUNDI\\u00c1RIA REDE ESGOTO \\u00c1GUA ESCOLAS COMUNIDADE LUTA INFRAESTRUTURA REDE ASFALTOS \\u00c1REA LAZER PRA\\u00c7AS CENTRO COMUNIT\\u00c1RIO\",\"p46_hashtags\":\"#REGULARIZACAOFUNDIARIA #UMPOSTODESAUDE #REDEDEASFALTOEESGOTO\"},{\"p1_eixo\":\"Viol\\u00eancia\",\"p9_tipoorganizacao\":\"Associa\\u00e7\\u00e3o\",\"p12_uf\":\"MT\",\"p13_cidade\":\"CUIAB\\u00c1\",\"p16_nacional\":\"Nacional\",\"p17_ano\":\"2000\",\"p16_estado\":\"Estado\",\"p18_agrario\":\"Agr\\u00e1rio\\\/ruralidades\",\"p18_comunicacao\":\"Comunica\\u00e7\\u00e3o\",\"p18_difusaoartistica\":\"Difus\\u00e3o Art\\u00edstica\",\"p18_desenvolvimentoterritorial\":\"Desenvolvimento territorial\",\"p18_direitoshumanos\":\"Direitos humanos\",\"p18_educacao\":\"Educa\\u00e7\\u00e3o\",\"p18_feminismos\":\"Feminismos\",\"p18_lgbtqi\":\"LGBTQI\",\"p18_lutaantirracismo\":\"Luta antirracismo\",\"p18_mobilidade\":\"Mobilidade\",\"p18_moradia\":\"Moradia\",\"p18_povosecomunidadestradicionais\":\"Povos e comunidades tradicionais\",\"p18_trabalho\":\"Trabalho\",\"p18_religiao\":\"Religi\\u00e3o\",\"p18_saude\":\"Sa\\u00fade\",\"p18_violencia\":\"Viol\\u00eancia\",\"p18_politicasculturais\":\"Pol\\u00edticas Culturais\",\"p19_direitoshumanos\":\"Direitos humanos\",\"p19_educacao\":\"Educa\\u00e7\\u00e3o\",\"p19_povosecomunidadestradicionais\":\"Povos e comunidades tradicionais\",\"p19_violencia\":\"Viol\\u00eancia\",\"p19_politicasculturais\":\"Pol\\u00edticas Culturais\",\"p20_reunioes\":\"Reuni\\u00f5es\",\"p20_atendimento\":\"Atendimento\",\"p20_oficinas\":\"Oficinas\",\"p20_oficinasaulasartisticas\":\"Ensaios\\\/Oficinas\\\/Aulas art\\u00edsticas\",\"p20_cursos\":\"Cursos\",\"p20_formacao\":\"Forma\\u00e7\\u00e3o\",\"p20_apresentacoesartisticas\":\"Apresenta\\u00e7\\u00f5es art\\u00edsticas\",\"p20_visitasexcursoes\":\"Visitas\\\/Excurs\\u00f5es\",\"p21_repressaopolicial\":\"Repress\\u00e3o policial\",\"p21_intoleranciareligiosa\":\"Fundamentalismo\\\/intoler\\u00e2ncia religiosa\",\"p21_xenofobia\":\"Xenofobia\",\"p21_machismo\":\"Machismo\",\"p21_racismo\":\"Racismo\",\"p22_numerodeparticipantes\":\"1  - 15\",\"p23_oficinasaulasartisticas\":\"Ensaio\\\/Oficinas\\\/Aulas Art\\u00edsticas\",\"p23_outros\":\"Outros\",\"p24_reunioes\":\"Reuni\\u00f5es\",\"p24_atendimento\":\"Atendimentos\",\"p24_oficinas\":\"Oficinas\",\"p24_oficinasaulasartisticas\":\"Ensaios\\\/Oficinas\\\/Aulas art\\u00edsticas\",\"p24_curso\":\"Curso\",\"p24_formacao\":\"Forma\\u00e7\\u00e3o\",\"p24_apresentacoesartisticas\":\"Apresenta\\u00e7\\u00f5es art\\u00edsticas\",\"p24_visitasexcursoes\":\"Visitas\\\/Excurs\\u00f5es\",\"p24_outros\":\"Outros\",\"p25_numerodepessoas\":\"20 - 40\",\"p26_numerodepessoas\":\"20 - 40\",\"p27_espacopublico\":\"Espa\\u00e7o p\\u00fablico\",\"p27_espacoemprestadocedido\":\"Espa\\u00e7o emprestado\\\/cedido\",\"p27_espacoproprio\":\"Espa\\u00e7o pr\\u00f3prio\",\"p27_virtual\":\"Virtual\",\"p27_ocupacao\":\"Ocupa\\u00e7\\u00e3o\",\"p28_territorios\":\"Estado\",\"p30_outrasorganizacoes\":\"N\\u00e3o\",\"p32_campanhadelongaduracao\":\"Sim\",\"p34_nenhuma\":\"Nenhuma\",\"p36_conselhosdeparticipacaoecontrolesocial\":\"N\\u00e3o\",\"p38_sim\":\"Sim\",\"p38_nenhum\":\"Nenhum\",\"p40_editais\":\"N\\u00e3o\",\"p41_autofinanciamento\":\"Autofinanciamento\",\"p41_financiamentocoletivo0\":\"Financiamento coletivo\",\"p42_meiodedivulgacaoproprio\":\"N\\u00e3o\",\"p43_facebook\":\"Facebook\",\"p43_instagram\":\"Instagram\",\"p43_nenhum\":\"Nenhum\",\"p44_radio\":\"TV\",\"p44_redessociais\":\"Redes sociais (Facebook, YouTube, Instagram etc.)\",\"p44_sitesblogs\":\"Sites ou Blogs\",\"p39_publico\":\"CRIAN\\u00c7AS ADOLESCENTES\",\"p45_bandeira\":\"CONSCI\\u00caNCIA EDUCA\\u00c7\\u00c3O RESPEITO\",\"p46_hashtags\":\"#EDUCACAO #CULTURA #HUMANIDADE\"},{\"p1_eixo\":\"Cultura\",\"p9_tipoorganizacao\":\"Coletivo\",\"p12_uf\":\"RO\",\"p13_cidade\":\"PORTO VELHO\",\"p17_ano\":\"2012\",\"p16_estado\":\"Estado\",\"p18_agrario\":\"Agr\\u00e1rio\\\/ruralidades\",\"p18_comunicacao\":\"Comunica\\u00e7\\u00e3o\",\"p18_difusaoartistica\":\"Difus\\u00e3o Art\\u00edstica\",\"p18_desenvolvimentoterritorial\":\"Desenvolvimento territorial\",\"p18_direitoshumanos\":\"Direitos humanos\",\"p18_educacao\":\"Educa\\u00e7\\u00e3o\",\"p18_feminismos\":\"Feminismos\",\"p18_lutaantirracismo\":\"Luta antirracismo\",\"p18_mobilidade\":\"Mobilidade\",\"p18_moradia\":\"Moradia\",\"p18_povosecomunidadestradicionais\":\"Povos e comunidades tradicionais\",\"p18_trabalho\":\"Trabalho\",\"p18_religiao\":\"Religi\\u00e3o\",\"p18_saude\":\"Sa\\u00fade\",\"p18_violencia\":\"Viol\\u00eancia\",\"p18_politicasculturais\":\"Pol\\u00edticas Culturais\",\"p19_direitoshumanos\":\"Direitos humanos\",\"p19_educacao\":\"Educa\\u00e7\\u00e3o\",\"p19_lutaantirracismo\":\"Luta antirracismo\",\"p19_povosecomunidadestradicionais\":\"Povos e comunidades tradicionais\",\"p19_trabalho\":\"Trabalho\",\"p19_saude\":\"Sa\\u00fade\",\"p20_reunioes\":\"Reuni\\u00f5es\",\"p20_atendimento\":\"Atendimento\",\"p20_oficinas\":\"Oficinas\",\"p20_oficinasaulasartisticas\":\"Ensaios\\\/Oficinas\\\/Aulas art\\u00edsticas\",\"p20_cursos\":\"Cursos\",\"p20_formacao\":\"Forma\\u00e7\\u00e3o\",\"p20_apresentacoesartisticas\":\"Apresenta\\u00e7\\u00f5es art\\u00edsticas\",\"p20_visitasexcursoes\":\"Visitas\\\/Excurs\\u00f5es\",\"p21_repressaopolicial\":\"Repress\\u00e3o policial\",\"p21_intoleranciareligiosa\":\"Fundamentalismo\\\/intoler\\u00e2ncia religiosa\",\"p21_xenofobia\":\"Xenofobia\",\"p21_machismo\":\"Machismo\",\"p21_racismo\":\"Racismo\",\"p21_lgbtqifobia\":\"LGBTIfobia\",\"p22_numerodeparticipantes\":\"15 - 30\",\"p23_reunioes\":\"Reuni\\u00f5es\",\"p23_outros\":\"Outros\",\"p24_reunioes\":\"Reuni\\u00f5es\",\"p24_atendimento\":\"Atendimentos\",\"p24_oficinas\":\"Oficinas\",\"p24_oficinasaulasartisticas\":\"Ensaios\\\/Oficinas\\\/Aulas art\\u00edsticas\",\"p24_curso\":\"Curso\",\"p24_formacao\":\"Forma\\u00e7\\u00e3o\",\"p24_apresentacoesartisticas\":\"Apresenta\\u00e7\\u00f5es art\\u00edsticas\",\"p24_visitasexcursoes\":\"Visitas\\\/Excurs\\u00f5es\",\"p24_outros\":\"Outros\",\"p25_numerodepessoas\":\"1 - 20\",\"p26_numerodepessoas\":\"20 - 40\",\"p27_espacopublico\":\"Espa\\u00e7o p\\u00fablico\",\"p27_espacoemprestadocedido\":\"Espa\\u00e7o emprestado\\\/cedido\",\"p27_espacoproprio\":\"Espa\\u00e7o pr\\u00f3prio\",\"p27_virtual\":\"Virtual\",\"p27_ocupacao\":\"Ocupa\\u00e7\\u00e3o\",\"p28_territorios\":\"Estado\",\"p30_outrasorganizacoes\":\"Sim\",\"p32_campanhadelongaduracao\":\"Sim\",\"p34_estadual\":\"Estadual\",\"p34_nacional\":\"Nacional\",\"p34_nenhuma\":\"Nenhuma\",\"p36_conselhosdeparticipacaoecontrolesocial\":\"Sim\",\"p38_sim\":\"Sim\",\"p40_editais\":\"Sim\",\"p41_privadopj\":\"Privado (P. Jur\\u00eddica)\",\"p41_autofinanciamento\":\"Autofinanciamento\",\"p41_financiamentocoletivo0\":\"Financiamento coletivo\",\"p42_meiodedivulgacaoproprio\":\"Sim\",\"p43_facebook\":\"Facebook\",\"p43_instagram\":\"Instagram\",\"p44_radio\":\"TV\",\"p44_redessociais\":\"Redes sociais (Facebook, YouTube, Instagram etc.)\",\"p44_sitesblogs\":\"Sites ou Blogs\",\"p39_publico\":\"IND\\u00cdGENA POPULA\\u00c7\\u00d5ES TRADICIONAIS CRIAN\\u00c7AS JOVENS MULHERES\",\"p45_bandeira\":\"ESTADO RECONHECIMENTO PORTO VELHO RIO MADEIRA TERRIT\\u00d3RIO MEM\\u00d3RIA ANCESTRAL MURA DEFESA VIDA LUTA CONTRA INSTALA\\u00c7\\u00c3O HIDREL\\u00c9TRICAS\",\"p46_hashtags\":\"#MURAEXISTEMRESISTEMEMRONDONIA #NAOASHIDRELETRICAESIMAVIDA #NAOAOMARCOZERODEMARCACAOJA\"},{\"p1_eixo\":\"Viol\\u00eancia\",\"p9_tipoorganizacao\":\"Coletivo\",\"p12_uf\":\"RN\",\"p13_cidade\":\"NATAL\",\"p16_internacional\":\"Internacional\",\"p17_ano\":\"2013\",\"p16_estado\":\"Estado\",\"p18_comunicacao\":\"Comunica\\u00e7\\u00e3o\",\"p18_difusaoartistica\":\"Difus\\u00e3o Art\\u00edstica\",\"p18_desenvolvimentoterritorial\":\"Desenvolvimento territorial\",\"p18_direitoshumanos\":\"Direitos humanos\",\"p18_educacao\":\"Educa\\u00e7\\u00e3o\",\"p18_feminismos\":\"Feminismos\",\"p18_lgbtqi\":\"LGBTQI\",\"p18_lutaantirracismo\":\"Luta antirracismo\",\"p18_mobilidade\":\"Mobilidade\",\"p18_moradia\":\"Moradia\",\"p18_povosecomunidadestradicionais\":\"Povos e comunidades tradicionais\",\"p18_trabalho\":\"Trabalho\",\"p18_religiao\":\"Religi\\u00e3o\",\"p18_saude\":\"Sa\\u00fade\",\"p18_violencia\":\"Viol\\u00eancia\",\"p18_politicasculturais\":\"Pol\\u00edticas Culturais\",\"p19_direitoshumanos\":\"Direitos humanos\",\"p19_lutaantirracismo\":\"Luta antirracismo\",\"p19_trabalho\":\"Trabalho\",\"p19_saude\":\"Sa\\u00fade\",\"p19_difusaoartistica\":\"Difus\\u00e3o Art\\u00edstica\",\"p19_politicasculturais\":\"Pol\\u00edticas Culturais\",\"p20_reunioes\":\"Reuni\\u00f5es\",\"p20_atendimento\":\"Atendimento\",\"p20_oficinas\":\"Oficinas\",\"p20_oficinasaulasartisticas\":\"Ensaios\\\/Oficinas\\\/Aulas art\\u00edsticas\",\"p20_cursos\":\"Cursos\",\"p20_formacao\":\"Forma\\u00e7\\u00e3o\",\"p20_apresentacoesartisticas\":\"Apresenta\\u00e7\\u00f5es art\\u00edsticas\",\"p20_visitasexcursoes\":\"Visitas\\\/Excurs\\u00f5es\",\"p21_repressaopolicial\":\"Repress\\u00e3o policial\",\"p21_intoleranciareligiosa\":\"Fundamentalismo\\\/intoler\\u00e2ncia religiosa\",\"p21_xenofobia\":\"Xenofobia\",\"p21_machismo\":\"Machismo\",\"p21_racismo\":\"Racismo\",\"p21_lgbtqifobia\":\"LGBTIfobia\",\"p22_numerodeparticipantes\":\"1  - 15\",\"p23_reunioes\":\"Reuni\\u00f5es\",\"p23_atendimento\":\"Atendimento\",\"p23_oficinas\":\"Oficinas\",\"p23_oficinasaulasartisticas\":\"Ensaio\\\/Oficinas\\\/Aulas Art\\u00edsticas\",\"p23_cursos\":\"Cursos\",\"p23_formacao\":\"Forma\\u00e7\\u00e3o\",\"p23_apresentacoesartisticas\":\"Apresenta\\u00e7\\u00f5es Art\\u00edsticas\",\"p23_outros\":\"Outros\",\"p24_reunioes\":\"Reuni\\u00f5es\",\"p24_oficinas\":\"Oficinas\",\"p24_oficinasaulasartisticas\":\"Ensaios\\\/Oficinas\\\/Aulas art\\u00edsticas\",\"p24_curso\":\"Curso\",\"p24_formacao\":\"Forma\\u00e7\\u00e3o\",\"p24_profissionalizacao\":\"Profissionaliza\\u00e7\\u00e3o\",\"p24_outros\":\"Outros\",\"p25_numerodepessoas\":\"1 - 20\",\"p26_numerodepessoas\":\"100 - 200\",\"p27_espacopublico\":\"Espa\\u00e7o p\\u00fablico\",\"p27_espacoemprestadocedido\":\"Espa\\u00e7o emprestado\\\/cedido\",\"p27_virtual\":\"Virtual\",\"p28_territorios\":\"Estado\",\"p30_outrasorganizacoes\":\"Sim\",\"p32_campanhadelongaduracao\":\"Sim\",\"p34_municipal\":\"Municipal\",\"p34_estadual\":\"Estadual\",\"p34_nacional\":\"Nacional\",\"p36_conselhosdeparticipacaoecontrolesocial\":\"Sim\",\"p38_sim\":\"Sim\",\"p40_editais\":\"Sim\",\"p41_publicoestatal\":\"P\\u00fablico-Estatal\",\"p41_privadopj\":\"Privado (P. Jur\\u00eddica)\",\"p41_autofinanciamento\":\"Autofinanciamento\",\"p41_financiamentocoletivo0\":\"Financiamento coletivo\",\"p42_meiodedivulgacaoproprio\":\"Sim\",\"p43_impressoes\":\"Impressos\",\"p43_email\":\"E-mail\",\"p43_facebook\":\"Facebook\",\"p43_instagram\":\"Instagram\",\"p43_sitesblogs\":\"Blogs\\\/sites\",\"p43_radio\":\"R\\u00e1dio\",\"p44_radio\":\"TV\",\"p44_jornaisimpressosdegrandecirculacao\":\"Jornais impressos de grande circula\\u00e7\\u00e3o\",\"p44_jornaisimpressosdebairro\":\"Jornais impressos de bairro\",\"p44_redessociais\":\"Redes sociais (Facebook, YouTube, Instagram etc.)\",\"p44_sitesblogs\":\"Sites ou Blogs\",\"p39_publico\":\"POPULA\\u00c7\\u00c3O NEGRA\",\"p45_bandeira\":\" ANTIRRACISMO  CONTRA POSS\\u00cdVEIS DISCRIMINA\\u00c7\\u00d5ES IMPLEMENTA\\u00c7\\u00c3O IGUALDADE RACIAL SA\\u00daDE POPULA\\u00c7\\u00c3O NEGRA SEGURAN\\u00c7A ALIMENTAR DIREITO PROFESSAR RELIGI\\u00d5ES MATRIZ AFRICANA LUTA EMPREGO\",\"p46_hashtags\":\"#OBEMVIERPARAAPOPULACAONEGRAEMESPECIALASMULHERESNEGRAS #REPARACAO #DEMOCRACIA\"},{\"p1_eixo\":\"Cultura\",\"p9_tipoorganizacao\":\"Instituto\",\"p12_uf\":\"SP\",\"p13_cidade\":\"S\\u00c3O PAULO\",\"p16_internacional\":\"Internacional\",\"p17_ano\":\"2003\",\"p16_estado\":\"Estado\",\"p18_agrario\":\"Agr\\u00e1rio\\\/ruralidades\",\"p18_comunicacao\":\"Comunica\\u00e7\\u00e3o\",\"p18_difusaoartistica\":\"Difus\\u00e3o Art\\u00edstica\",\"p18_desenvolvimentoterritorial\":\"Desenvolvimento territorial\",\"p18_direitoshumanos\":\"Direitos humanos\",\"p18_educacao\":\"Educa\\u00e7\\u00e3o\",\"p18_feminismos\":\"Feminismos\",\"p18_lgbtqi\":\"LGBTQI\",\"p18_lutaantirracismo\":\"Luta antirracismo\",\"p18_mobilidade\":\"Mobilidade\",\"p18_moradia\":\"Moradia\",\"p18_povosecomunidadestradicionais\":\"Povos e comunidades tradicionais\",\"p18_trabalho\":\"Trabalho\",\"p18_religiao\":\"Religi\\u00e3o\",\"p18_saude\":\"Sa\\u00fade\",\"p18_violencia\":\"Viol\\u00eancia\",\"p18_politicasculturais\":\"Pol\\u00edticas Culturais\",\"p19_agrario\":\"Agr\\u00e1rio\\\/ruralidades\",\"p19_direitoshumanos\":\"Direitos humanos\",\"p19_educacao\":\"Educa\\u00e7\\u00e3o\",\"p19_lutaantirracismo\":\"Luta antirracismo\",\"p19_difusaoartistica\":\"Difus\\u00e3o Art\\u00edstica\",\"p19_politicasculturais\":\"Pol\\u00edticas Culturais\",\"p20_reunioes\":\"Reuni\\u00f5es\",\"p20_atendimento\":\"Atendimento\",\"p20_oficinas\":\"Oficinas\",\"p20_oficinasaulasartisticas\":\"Ensaios\\\/Oficinas\\\/Aulas art\\u00edsticas\",\"p20_cursos\":\"Cursos\",\"p20_formacao\":\"Forma\\u00e7\\u00e3o\",\"p20_apresentacoesartisticas\":\"Apresenta\\u00e7\\u00f5es art\\u00edsticas\",\"p20_visitasexcursoes\":\"Visitas\\\/Excurs\\u00f5es\",\"p21_repressaopolicial\":\"Repress\\u00e3o policial\",\"p21_intoleranciareligiosa\":\"Fundamentalismo\\\/intoler\\u00e2ncia religiosa\",\"p21_xenofobia\":\"Xenofobia\",\"p21_machismo\":\"Machismo\",\"p21_racismo\":\"Racismo\",\"p21_lgbtqifobia\":\"LGBTIfobia\",\"p22_numerodeparticipantes\":\"15 - 30\",\"p23_reunioes\":\"Reuni\\u00f5es\",\"p23_atendimento\":\"Atendimento\",\"p23_oficinas\":\"Oficinas\",\"p23_oficinasaulasartisticas\":\"Ensaio\\\/Oficinas\\\/Aulas Art\\u00edsticas\",\"p23_cursos\":\"Cursos\",\"p23_formacao\":\"Forma\\u00e7\\u00e3o\",\"p23_apresentacoesartisticas\":\"Apresenta\\u00e7\\u00f5es Art\\u00edsticas\",\"p23_outros\":\"Outros\",\"p24_reunioes\":\"Reuni\\u00f5es\",\"p24_curso\":\"Curso\",\"p24_profissionalizacao\":\"Profissionaliza\\u00e7\\u00e3o\",\"p24_outros\":\"Outros\",\"p25_numerodepessoas\":\"40 - 60\",\"p26_numerodepessoas\":\"40 - 60\",\"p27_espacoemprestadocedido\":\"Espa\\u00e7o emprestado\\\/cedido\",\"p27_espacoproprio\":\"Espa\\u00e7o pr\\u00f3prio\",\"p28_territorios\":\"Pr\\u00f3prio bairro\",\"p30_outrasorganizacoes\":\"Sim\",\"p32_campanhadelongaduracao\":\"N\\u00e3o\",\"p34_municipal\":\"Municipal\",\"p34_estadual\":\"Estadual\",\"p34_nacional\":\"Nacional\",\"p34_nenhuma\":\"Nenhuma\",\"p36_conselhosdeparticipacaoecontrolesocial\":\"Sim\",\"p38_sim\":\"Sim\",\"p38_nenhum\":\"Nenhum\",\"p40_editais\":\"Sim\",\"p41_publicoestatal\":\"P\\u00fablico-Estatal\",\"p41_privadopj\":\"Privado (P. Jur\\u00eddica)\",\"p41_autofinanciamento\":\"Autofinanciamento\",\"p41_financiamentocoletivo0\":\"Financiamento coletivo\",\"p42_meiodedivulgacaoproprio\":\"Sim\",\"p43_impressoes\":\"Impressos\",\"p43_email\":\"E-mail\",\"p43_facebook\":\"Facebook\",\"p43_instagram\":\"Instagram\",\"p43_sitesblogs\":\"Blogs\\\/sites\",\"p43_radio\":\"R\\u00e1dio\",\"p44_radio\":\"TV\",\"p44_jornaisimpressosdegrandecirculacao\":\"Jornais impressos de grande circula\\u00e7\\u00e3o\",\"p44_jornaisimpressosdebairro\":\"Jornais impressos de bairro\",\"p44_redessociais\":\"Redes sociais (Facebook, YouTube, Instagram etc.)\",\"p44_sitesblogs\":\"Sites ou Blogs\",\"p44_nenhum\":\"Nenhum\",\"p39_publico\":\"COMUNIDADE CRIAN\\u00c7AS ADOLESCENTES ADULTOS IDOSOS\",\"p45_bandeira\":\"JUVENTUDE DIREITOS HUMANOS CULTURA\",\"p46_hashtags\":\"#JUVENTUDE #DIREITOSHUMANOS #CULTURA\"},{\"p1_eixo\":\"Trabalho\",\"p9_tipoorganizacao\":\"Coletivo\",\"p12_uf\":\"RO\",\"p13_cidade\":\"PORTO VELHO\",\"p16_bairro\":\"Bairro\",\"p17_ano\":\"2020\",\"p16_estado\":\"Estado\",\"p18_agrario\":\"Agr\\u00e1rio\\\/ruralidades\",\"p18_comunicacao\":\"Comunica\\u00e7\\u00e3o\",\"p18_difusaoartistica\":\"Difus\\u00e3o Art\\u00edstica\",\"p18_desenvolvimentoterritorial\":\"Desenvolvimento territorial\",\"p18_direitoshumanos\":\"Direitos humanos\",\"p18_educacao\":\"Educa\\u00e7\\u00e3o\",\"p18_feminismos\":\"Feminismos\",\"p18_lgbtqi\":\"LGBTQI\",\"p18_lutaantirracismo\":\"Luta antirracismo\",\"p18_mobilidade\":\"Mobilidade\",\"p18_moradia\":\"Moradia\",\"p18_povosecomunidadestradicionais\":\"Povos e comunidades tradicionais\",\"p18_trabalho\":\"Trabalho\",\"p18_religiao\":\"Religi\\u00e3o\",\"p18_saude\":\"Sa\\u00fade\",\"p18_violencia\":\"Viol\\u00eancia\",\"p18_politicasculturais\":\"Pol\\u00edticas Culturais\",\"p19_agrario\":\"Agr\\u00e1rio\\\/ruralidades\",\"p19_educacao\":\"Educa\\u00e7\\u00e3o\",\"p19_lutaantirracismo\":\"Luta antirracismo\",\"p19_povosecomunidadestradicionais\":\"Povos e comunidades tradicionais\",\"p20_reunioes\":\"Reuni\\u00f5es\",\"p20_atendimento\":\"Atendimento\",\"p20_cursos\":\"Cursos\",\"p20_apresentacoesartisticas\":\"Apresenta\\u00e7\\u00f5es art\\u00edsticas\",\"p21_repressaopolicial\":\"Repress\\u00e3o policial\",\"p21_intoleranciareligiosa\":\"Fundamentalismo\\\/intoler\\u00e2ncia religiosa\",\"p21_machismo\":\"Machismo\",\"p21_racismo\":\"Racismo\",\"p21_lgbtqifobia\":\"LGBTIfobia\",\"p22_numerodeparticipantes\":\"15 - 30\",\"p23_reunioes\":\"Reuni\\u00f5es\",\"p23_outros\":\"Outros\",\"p24_reunioes\":\"Reuni\\u00f5es\",\"p24_atendimento\":\"Atendimentos\",\"p24_curso\":\"Curso\",\"p24_apresentacoesartisticas\":\"Apresenta\\u00e7\\u00f5es art\\u00edsticas\",\"p24_outros\":\"Outros\",\"p25_numerodepessoas\":\"1 - 20\",\"p26_numerodepessoas\":\"20 - 40\",\"p27_espacoemprestadocedido\":\"Espa\\u00e7o emprestado\\\/cedido\",\"p27_espacoproprio\":\"Espa\\u00e7o pr\\u00f3prio\",\"p27_virtual\":\"Virtual\",\"p28_territorios\":\"Cidade\",\"p30_outrasorganizacoes\":\"N\\u00e3o\",\"p32_campanhadelongaduracao\":\"Sim\",\"p34_nenhuma\":\"Nenhuma\",\"p36_conselhosdeparticipacaoecontrolesocial\":\"Sim\",\"p38_nenhum\":\"Nenhum\",\"p40_editais\":\"N\\u00e3o\",\"p41_financiamentocoletivo0\":\"Financiamento coletivo\",\"p42_meiodedivulgacaoproprio\":\"Sim\",\"p43_facebook\":\"Facebook\",\"p43_instagram\":\"Instagram\",\"p44_sitesblogs\":\"Sites ou Blogs\",\"p44_nenhum\":\"Nenhum\",\"p39_publico\":\"SOCIEDADE ESTADO\",\"p45_bandeira\":\"IND\\u00cdGENAS\",\"p46_hashtags\":\"#INDIGENAS #PELOPOVOBERADEIRO #AMBIENTAL\"},{\"p1_eixo\":\"Trabalho\",\"p9_tipoorganizacao\":\"Coletivo\",\"p12_uf\":\"AM\",\"p13_cidade\":\"HUMAIT\\u00c1\",\"p16_bairro\":\"Bairro\",\"p17_ano\":\"2021\",\"p18_agrario\":\"Agr\\u00e1rio\\\/ruralidades\",\"p18_comunicacao\":\"Comunica\\u00e7\\u00e3o\",\"p18_difusaoartistica\":\"Difus\\u00e3o Art\\u00edstica\",\"p18_desenvolvimentoterritorial\":\"Desenvolvimento territorial\",\"p18_direitoshumanos\":\"Direitos humanos\",\"p18_educacao\":\"Educa\\u00e7\\u00e3o\",\"p18_feminismos\":\"Feminismos\",\"p18_lgbtqi\":\"LGBTQI\",\"p18_lutaantirracismo\":\"Luta antirracismo\",\"p18_moradia\":\"Moradia\",\"p18_povosecomunidadestradicionais\":\"Povos e comunidades tradicionais\",\"p18_trabalho\":\"Trabalho\",\"p18_religiao\":\"Religi\\u00e3o\",\"p18_saude\":\"Sa\\u00fade\",\"p18_violencia\":\"Viol\\u00eancia\",\"p18_politicasculturais\":\"Pol\\u00edticas Culturais\",\"p19_direitoshumanos\":\"Direitos humanos\",\"p19_educacao\":\"Educa\\u00e7\\u00e3o\",\"p19_lutaantirracismo\":\"Luta antirracismo\",\"p19_povosecomunidadestradicionais\":\"Povos e comunidades tradicionais\",\"p19_saude\":\"Sa\\u00fade\",\"p20_reunioes\":\"Reuni\\u00f5es\",\"p20_atendimento\":\"Atendimento\",\"p20_apresentacoesartisticas\":\"Apresenta\\u00e7\\u00f5es art\\u00edsticas\",\"p21_repressaopolicial\":\"Repress\\u00e3o policial\",\"p21_intoleranciareligiosa\":\"Fundamentalismo\\\/intoler\\u00e2ncia religiosa\",\"p21_machismo\":\"Machismo\",\"p21_racismo\":\"Racismo\",\"p21_lgbtqifobia\":\"LGBTIfobia\",\"p21_nenhum\":\"Nenhum\",\"p22_numerodeparticipantes\":\"15 - 30\",\"p23_reunioes\":\"Reuni\\u00f5es\",\"p23_outros\":\"Outros\",\"p24_atendimento\":\"Atendimentos\",\"p24_apresentacoesartisticas\":\"Apresenta\\u00e7\\u00f5es art\\u00edsticas\",\"p24_outros\":\"Outros\",\"p25_numerodepessoas\":\"1 - 20\",\"p26_numerodepessoas\":\"20 - 40\",\"p27_espacopublico\":\"Espa\\u00e7o p\\u00fablico\",\"p27_espacoemprestadocedido\":\"Espa\\u00e7o emprestado\\\/cedido\",\"p27_virtual\":\"Virtual\",\"p28_territorios\":\"Atua\\u00e7\\u00e3o Nacional\",\"p30_outrasorganizacoes\":\"Sim\",\"p32_campanhadelongaduracao\":\"Sim\",\"p34_nenhuma\":\"Nenhuma\",\"p36_conselhosdeparticipacaoecontrolesocial\":\"Sim\",\"p38_nenhum\":\"Nenhum\",\"p40_editais\":\"N\\u00e3o\",\"p41_financiamentocoletivo0\":\"Financiamento coletivo\",\"p42_meiodedivulgacaoproprio\":\"Sim\",\"p43_facebook\":\"Facebook\",\"p43_instagram\":\"Instagram\",\"p44_sitesblogs\":\"Sites ou Blogs\",\"p44_nenhum\":\"Nenhum\",\"p39_publico\":\"MULHERES IND\\u00cdGENAS\",\"p45_bandeira\":\"DEMARCA\\u00c7\\u00c3O TERRIT\\u00d3RIOS CONTRA MULHER IND\\u00cdGENA  ANTIRRACISMO  DEFESA MEIO-AMBIENTE\",\"p46_hashtags\":\"#MULHERESMURARUNIDAS #DEMARCACAODOSTERRITORIOS #MULHERESINDIGENAS\"},{\"p1_eixo\":\"Trabalho\",\"p9_tipoorganizacao\":\"ONG\",\"p12_uf\":\"TO\",\"p13_cidade\":\"PALMAS\",\"p16_bairro\":\"Bairro\",\"p17_ano\":\"2020\",\"p16_estado\":\"Estado\",\"p18_comunicacao\":\"Comunica\\u00e7\\u00e3o\",\"p18_difusaoartistica\":\"Difus\\u00e3o Art\\u00edstica\",\"p18_desenvolvimentoterritorial\":\"Desenvolvimento territorial\",\"p18_direitoshumanos\":\"Direitos humanos\",\"p18_educacao\":\"Educa\\u00e7\\u00e3o\",\"p18_feminismos\":\"Feminismos\",\"p18_lgbtqi\":\"LGBTQI\",\"p18_lutaantirracismo\":\"Luta antirracismo\",\"p18_mobilidade\":\"Mobilidade\",\"p18_moradia\":\"Moradia\",\"p18_povosecomunidadestradicionais\":\"Povos e comunidades tradicionais\",\"p18_trabalho\":\"Trabalho\",\"p18_religiao\":\"Religi\\u00e3o\",\"p18_saude\":\"Sa\\u00fade\",\"p18_violencia\":\"Viol\\u00eancia\",\"p18_politicasculturais\":\"Pol\\u00edticas Culturais\",\"p19_comunicacao\":\"Comunica\\u00e7\\u00e3o\",\"p19_direitoshumanos\":\"Direitos humanos\",\"p19_educacao\":\"Educa\\u00e7\\u00e3o\",\"p19_feminismos\":\"Feminismos\",\"p19_saude\":\"Sa\\u00fade\",\"p20_reunioes\":\"Reuni\\u00f5es\",\"p20_atendimento\":\"Atendimento\",\"p21_machismo\":\"Machismo\",\"p21_racismo\":\"Racismo\",\"p21_lgbtqifobia\":\"LGBTIfobia\",\"p21_nenhum\":\"Nenhum\",\"p22_numerodeparticipantes\":\"15 - 30\",\"p23_reunioes\":\"Reuni\\u00f5es\",\"p23_outros\":\"Outros\",\"p24_atendimento\":\"Atendimentos\",\"p24_outros\":\"Outros\",\"p25_numerodepessoas\":\"40 - 60\",\"p26_numerodepessoas\":\"20 - 40\",\"p27_espacopublico\":\"Espa\\u00e7o p\\u00fablico\",\"p27_espacoemprestadocedido\":\"Espa\\u00e7o emprestado\\\/cedido\",\"p27_virtual\":\"Virtual\",\"p28_territorios\":\"Cidade\",\"p30_outrasorganizacoes\":\"N\\u00e3o\",\"p32_campanhadelongaduracao\":\"N\\u00e3o\",\"p34_nenhuma\":\"Nenhuma\",\"p36_conselhosdeparticipacaoecontrolesocial\":\"N\\u00e3o\",\"p38_sim\":\"Sim\",\"p38_nenhum\":\"Nenhum\",\"p40_editais\":\"N\\u00e3o\",\"p41_autofinanciamento\":\"Autofinanciamento\",\"p41_financiamentocoletivo0\":\"Financiamento coletivo\",\"p42_meiodedivulgacaoproprio\":\"Sim\",\"p43_facebook\":\"Facebook\",\"p43_instagram\":\"Instagram\",\"p43_sitesblogs\":\"Blogs\\\/sites\",\"p44_redessociais\":\"Redes sociais (Facebook, YouTube, Instagram etc.)\",\"p44_nenhum\":\"Nenhum\",\"p39_publico\":\"CRIAN\\u00c7AS VULNERABILIDADE SOCIAL\",\"p45_bandeira\":\"QUALIDADE VIDA CRIAN\\u00c7AS FAM\\u00cdLIAS\",\"p46_hashtags\":\"#UNICIDADE #AMOR #COMPARTILHR\"},{\"p1_eixo\":\"Cultura\",\"p9_tipoorganizacao\":\"Coletivo Art\\u00edstico\",\"p12_uf\":\"SP\",\"p13_cidade\":\"S\\u00c3O PAULO\",\"p16_cidade\":\"Cidade\",\"p17_ano\":\"2017\",\"p16_estado\":\"Estado\",\"p18_comunicacao\":\"Comunica\\u00e7\\u00e3o\",\"p18_difusaoartistica\":\"Difus\\u00e3o Art\\u00edstica\",\"p18_desenvolvimentoterritorial\":\"Desenvolvimento territorial\",\"p18_direitoshumanos\":\"Direitos humanos\",\"p18_educacao\":\"Educa\\u00e7\\u00e3o\",\"p18_feminismos\":\"Feminismos\",\"p18_lgbtqi\":\"LGBTQI\",\"p18_lutaantirracismo\":\"Luta antirracismo\",\"p18_mobilidade\":\"Mobilidade\",\"p18_moradia\":\"Moradia\",\"p18_povosecomunidadestradicionais\":\"Povos e comunidades tradicionais\",\"p18_trabalho\":\"Trabalho\",\"p18_saude\":\"Sa\\u00fade\",\"p18_violencia\":\"Viol\\u00eancia\",\"p18_politicasculturais\":\"Pol\\u00edticas Culturais\",\"p19_comunicacao\":\"Comunica\\u00e7\\u00e3o\",\"p19_educacao\":\"Educa\\u00e7\\u00e3o\",\"p19_feminismos\":\"Feminismos\",\"p19_difusaoartistica\":\"Difus\\u00e3o Art\\u00edstica\",\"p19_politicasculturais\":\"Pol\\u00edticas Culturais\",\"p20_atendimento\":\"Atendimento\",\"p20_oficinasaulasartisticas\":\"Ensaios\\\/Oficinas\\\/Aulas art\\u00edsticas\",\"p21_machismo\":\"Machismo\",\"p21_racismo\":\"Racismo\",\"p21_lgbtqifobia\":\"LGBTIfobia\",\"p21_enfrentamentocomgruposprivadosarmados\":\"Enfrentamento com grupos privados armados\",\"p22_numerodeparticipantes\":\"1  - 15\",\"p23_oficinasaulasartisticas\":\"Ensaio\\\/Oficinas\\\/Aulas Art\\u00edsticas\",\"p23_outros\":\"Outros\",\"p24_oficinas\":\"Oficinas\",\"p24_oficinasaulasartisticas\":\"Ensaios\\\/Oficinas\\\/Aulas art\\u00edsticas\",\"p24_outros\":\"Outros\",\"p25_numerodepessoas\":\"1 - 20\",\"p26_numerodepessoas\":\"1 - 20\",\"p27_espacoemprestadocedido\":\"Espa\\u00e7o emprestado\\\/cedido\",\"p27_virtual\":\"Virtual\",\"p28_territorios\":\"Cidade\",\"p30_outrasorganizacoes\":\"N\\u00e3o\",\"p32_campanhadelongaduracao\":\"N\\u00e3o\",\"p34_nenhuma\":\"Nenhuma\",\"p36_conselhosdeparticipacaoecontrolesocial\":\"N\\u00e3o\",\"p38_sim\":\"Sim\",\"p40_editais\":\"N\\u00e3o\",\"p41_autofinanciamento\":\"Autofinanciamento\",\"p41_financiamentocoletivo0\":\"Financiamento coletivo\",\"p42_meiodedivulgacaoproprio\":\"Sim\",\"p43_impressoes\":\"Impressos\",\"p43_email\":\"E-mail\",\"p43_facebook\":\"Facebook\",\"p43_instagram\":\"Instagram\",\"p43_sitesblogs\":\"Blogs\\\/sites\",\"p44_radio\":\"TV\",\"p44_redessociais\":\"Redes sociais (Facebook, YouTube, Instagram etc.)\",\"p44_sitesblogs\":\"Sites ou Blogs\",\"p39_publico\":\"MULHERES PERIF\\u00c9RICAS BRASIL REALIDADE MULHERES\",\"p45_bandeira\":\"EMPODERAMENTO FEMININO VALORIZA\\u00c7\\u00c3O PERIFERIA DIREITOS MULHER COMBATE DISCURSO HEGEM\\u00d4NICO M\\u00cdDIA\",\"p46_hashtags\":\"#PERFIERIANALUTA #MULHERESCABULOSASDAQUEBRADA #VIDALINDANAPERIFERIA #MARAVILHOSIDADESPERIFERICAS\"},{\"p1_eixo\":\"Cultura\",\"p9_tipoorganizacao\":\"Instituto\",\"p12_uf\":\"SC\",\"p13_cidade\":\"CRICI\\u00daMA\",\"p16_cidade\":\"Cidade\",\"p17_ano\":\"2017\",\"p16_estado\":\"Estado\",\"p18_comunicacao\":\"Comunica\\u00e7\\u00e3o\",\"p18_difusaoartistica\":\"Difus\\u00e3o Art\\u00edstica\",\"p18_desenvolvimentoterritorial\":\"Desenvolvimento territorial\",\"p18_direitoshumanos\":\"Direitos humanos\",\"p18_educacao\":\"Educa\\u00e7\\u00e3o\",\"p18_feminismos\":\"Feminismos\",\"p18_lgbtqi\":\"LGBTQI\",\"p18_lutaantirracismo\":\"Luta antirracismo\",\"p18_mobilidade\":\"Mobilidade\",\"p18_moradia\":\"Moradia\",\"p18_trabalho\":\"Trabalho\",\"p18_saude\":\"Sa\\u00fade\",\"p18_violencia\":\"Viol\\u00eancia\",\"p18_politicasculturais\":\"Pol\\u00edticas Culturais\",\"p19_direitoshumanos\":\"Direitos humanos\",\"p19_educacao\":\"Educa\\u00e7\\u00e3o\",\"p19_lutaantirracismo\":\"Luta antirracismo\",\"p19_difusaoartistica\":\"Difus\\u00e3o Art\\u00edstica\",\"p19_politicasculturais\":\"Pol\\u00edticas Culturais\",\"p20_reunioes\":\"Reuni\\u00f5es\",\"p20_atendimento\":\"Atendimento\",\"p20_oficinas\":\"Oficinas\",\"p20_oficinasaulasartisticas\":\"Ensaios\\\/Oficinas\\\/Aulas art\\u00edsticas\",\"p21_repressaopolicial\":\"Repress\\u00e3o policial\",\"p21_xenofobia\":\"Xenofobia\",\"p21_machismo\":\"Machismo\",\"p21_racismo\":\"Racismo\",\"p21_lgbtqifobia\":\"LGBTIfobia\",\"p21_enfrentamentocomgruposprivadosarmados\":\"Enfrentamento com grupos privados armados\",\"p22_numerodeparticipantes\":\"1  - 15\",\"p23_reunioes\":\"Reuni\\u00f5es\",\"p23_atendimento\":\"Atendimento\",\"p23_oficinasaulasartisticas\":\"Ensaio\\\/Oficinas\\\/Aulas Art\\u00edsticas\",\"p23_outros\":\"Outros\",\"p24_reunioes\":\"Reuni\\u00f5es\",\"p24_oficinas\":\"Oficinas\",\"p24_oficinasaulasartisticas\":\"Ensaios\\\/Oficinas\\\/Aulas art\\u00edsticas\",\"p24_formacao\":\"Forma\\u00e7\\u00e3o\",\"p24_outros\":\"Outros\",\"p25_numerodepessoas\":\"200 - 300\",\"p26_numerodepessoas\":\"200 - 300\",\"p27_espacopublico\":\"Espa\\u00e7o p\\u00fablico\",\"p27_espacoemprestadocedido\":\"Espa\\u00e7o emprestado\\\/cedido\",\"p28_territorios\":\"Regi\\u00e3o da Cidade\",\"p30_outrasorganizacoes\":\"Sim\",\"p32_campanhadelongaduracao\":\"Sim\",\"p34_nacional\":\"Nacional\",\"p34_nenhuma\":\"Nenhuma\",\"p36_conselhosdeparticipacaoecontrolesocial\":\"Sim\",\"p38_sim\":\"Sim\",\"p40_editais\":\"N\\u00e3o\",\"p41_privadopf\":\"Privado (P. F\\u00edsica)\",\"p41_financiamentocoletivo0\":\"Financiamento coletivo\",\"p42_meiodedivulgacaoproprio\":\"Sim\",\"p43_impressoes\":\"Impressos\",\"p43_email\":\"E-mail\",\"p43_facebook\":\"Facebook\",\"p43_instagram\":\"Instagram\",\"p44_radio\":\"TV\",\"p44_jornaisimpressosdegrandecirculacao\":\"Jornais impressos de grande circula\\u00e7\\u00e3o\",\"p44_jornaisimpressosdebairro\":\"Jornais impressos de bairro\",\"p44_redessociais\":\"Redes sociais (Facebook, YouTube, Instagram etc.)\",\"p44_sitesblogs\":\"Sites ou Blogs\",\"p39_publico\":\"JOVENS VULNERABILIDADE SOCIAL\",\"p45_bandeira\":\"COMBATE-DROGAS COMBATE RACISMO COMBATE \",\"p46_hashtags\":\"#RESGATE #FE #FOCO\"},{\"p1_eixo\":\"Viol\\u00eancia\",\"p9_tipoorganizacao\":\"Movimento Social\",\"p12_uf\":\"RJ\",\"p13_cidade\":\"RIO DE JANEIRO\",\"p16_cidade\":\"Cidade\",\"p17_ano\":\"2003\",\"p16_estado\":\"Estado\",\"p18_agrario\":\"Agr\\u00e1rio\\\/ruralidades\",\"p18_comunicacao\":\"Comunica\\u00e7\\u00e3o\",\"p18_difusaoartistica\":\"Difus\\u00e3o Art\\u00edstica\",\"p18_desenvolvimentoterritorial\":\"Desenvolvimento territorial\",\"p18_direitoshumanos\":\"Direitos humanos\",\"p18_educacao\":\"Educa\\u00e7\\u00e3o\",\"p18_feminismos\":\"Feminismos\",\"p18_lgbtqi\":\"LGBTQI\",\"p18_lutaantirracismo\":\"Luta antirracismo\",\"p18_mobilidade\":\"Mobilidade\",\"p18_moradia\":\"Moradia\",\"p18_povosecomunidadestradicionais\":\"Povos e comunidades tradicionais\",\"p18_trabalho\":\"Trabalho\",\"p18_religiao\":\"Religi\\u00e3o\",\"p18_saude\":\"Sa\\u00fade\",\"p18_violencia\":\"Viol\\u00eancia\",\"p18_politicasculturais\":\"Pol\\u00edticas Culturais\",\"p19_desenvolvimentoterritorial\":\"Desenvolvimento territorial\",\"p19_direitoshumanos\":\"Direitos humanos\",\"p19_educacao\":\"Educa\\u00e7\\u00e3o\",\"p19_lutaantirracismo\":\"Luta antirracismo\",\"p19_politicasculturais\":\"Pol\\u00edticas Culturais\",\"p20_reunioes\":\"Reuni\\u00f5es\",\"p20_oficinas\":\"Oficinas\",\"p20_oficinasaulasartisticas\":\"Ensaios\\\/Oficinas\\\/Aulas art\\u00edsticas\",\"p20_apresentacoesartisticas\":\"Apresenta\\u00e7\\u00f5es art\\u00edsticas\",\"p21_repressaopolicial\":\"Repress\\u00e3o policial\",\"p21_intoleranciareligiosa\":\"Fundamentalismo\\\/intoler\\u00e2ncia religiosa\",\"p21_xenofobia\":\"Xenofobia\",\"p21_machismo\":\"Machismo\",\"p21_racismo\":\"Racismo\",\"p21_lgbtqifobia\":\"LGBTIfobia\",\"p21_enfrentamentocomgruposprivadosarmados\":\"Enfrentamento com grupos privados armados\",\"p22_numerodeparticipantes\":\"1  - 15\",\"p23_reunioes\":\"Reuni\\u00f5es\",\"p23_atendimento\":\"Atendimento\",\"p23_outros\":\"Outros\",\"p24_reunioes\":\"Reuni\\u00f5es\",\"p24_oficinas\":\"Oficinas\",\"p24_oficinasaulasartisticas\":\"Ensaios\\\/Oficinas\\\/Aulas art\\u00edsticas\",\"p24_formacao\":\"Forma\\u00e7\\u00e3o\",\"p24_apresentacoesartisticas\":\"Apresenta\\u00e7\\u00f5es art\\u00edsticas\",\"p24_outros\":\"Outros\",\"p25_numerodepessoas\":\"1 - 20\",\"p26_numerodepessoas\":\"1 - 20\",\"p27_espacopublico\":\"Espa\\u00e7o p\\u00fablico\",\"p27_espacoemprestadocedido\":\"Espa\\u00e7o emprestado\\\/cedido\",\"p27_ocupacao\":\"Ocupa\\u00e7\\u00e3o\",\"p28_territorios\":\"Estado\",\"p30_outrasorganizacoes\":\"Sim\",\"p32_campanhadelongaduracao\":\"Sim\",\"p34_municipal\":\"Municipal\",\"p34_nacional\":\"Nacional\",\"p36_conselhosdeparticipacaoecontrolesocial\":\"Sim\",\"p38_sim\":\"Sim\",\"p38_nenhum\":\"Nenhum\",\"p40_editais\":\"Sim\",\"p41_privadopf\":\"Privado (P. F\\u00edsica)\",\"p41_autofinanciamento\":\"Autofinanciamento\",\"p41_financiamentocoletivo0\":\"Financiamento coletivo\",\"p42_meiodedivulgacaoproprio\":\"Sim\",\"p43_email\":\"E-mail\",\"p43_facebook\":\"Facebook\",\"p43_instagram\":\"Instagram\",\"p44_radio\":\"TV\",\"p44_jornaisimpressosdegrandecirculacao\":\"Jornais impressos de grande circula\\u00e7\\u00e3o\",\"p44_jornaisimpressosdebairro\":\"Jornais impressos de bairro\",\"p44_redessociais\":\"Redes sociais (Facebook, YouTube, Instagram etc.)\",\"p44_sitesblogs\":\"Sites ou Blogs\",\"p39_publico\":\"FAMILIARES VITIMA VIOLENCIA ESTADO\",\"p45_bandeira\":\"RACISMO CUMPRIMENTO REAL MEDIDAS S\\u00d3CIO EDUCATIVAS\",\"p46_hashtags\":\"#MOVIMENTOMOLEQUEPRESAPELOFIMDORACISMO #MOVIMENTOMOLEQUEEASMULHERESNEGRAS #MOVIMENTOMOLEQUEDIFERENTESSABERES\"},{\"p1_eixo\":\"Cultura\",\"p9_tipoorganizacao\":\"Coletivo\",\"p12_uf\":\"RJ\",\"p13_cidade\":\"RIO DE JANEIRO\",\"p16_cidade\":\"Cidade\",\"p17_ano\":\"2014\",\"p18_agrario\":\"Agr\\u00e1rio\\\/ruralidades\",\"p18_comunicacao\":\"Comunica\\u00e7\\u00e3o\",\"p18_difusaoartistica\":\"Difus\\u00e3o Art\\u00edstica\",\"p18_desenvolvimentoterritorial\":\"Desenvolvimento territorial\",\"p18_direitoshumanos\":\"Direitos humanos\",\"p18_educacao\":\"Educa\\u00e7\\u00e3o\",\"p18_feminismos\":\"Feminismos\",\"p18_lgbtqi\":\"LGBTQI\",\"p18_lutaantirracismo\":\"Luta antirracismo\",\"p18_mobilidade\":\"Mobilidade\",\"p18_moradia\":\"Moradia\",\"p18_povosecomunidadestradicionais\":\"Povos e comunidades tradicionais\",\"p18_trabalho\":\"Trabalho\",\"p18_religiao\":\"Religi\\u00e3o\",\"p18_saude\":\"Sa\\u00fade\",\"p18_violencia\":\"Viol\\u00eancia\",\"p18_politicasculturais\":\"Pol\\u00edticas Culturais\",\"p19_desenvolvimentoterritorial\":\"Desenvolvimento territorial\",\"p19_educacao\":\"Educa\\u00e7\\u00e3o\",\"p19_mobilidade\":\"Mobilidade\",\"p19_trabalho\":\"Trabalho\",\"p19_politicasculturais\":\"Pol\\u00edticas Culturais\",\"p20_reunioes\":\"Reuni\\u00f5es\",\"p20_oficinas\":\"Oficinas\",\"p20_oficinasaulasartisticas\":\"Ensaios\\\/Oficinas\\\/Aulas art\\u00edsticas\",\"p20_apresentacoesartisticas\":\"Apresenta\\u00e7\\u00f5es art\\u00edsticas\",\"p21_repressaopolicial\":\"Repress\\u00e3o policial\",\"p21_intoleranciareligiosa\":\"Fundamentalismo\\\/intoler\\u00e2ncia religiosa\",\"p21_xenofobia\":\"Xenofobia\",\"p21_machismo\":\"Machismo\",\"p21_racismo\":\"Racismo\",\"p21_lgbtqifobia\":\"LGBTIfobia\",\"p21_nenhum\":\"Nenhum\",\"p22_numerodeparticipantes\":\"1  - 15\",\"p23_reunioes\":\"Reuni\\u00f5es\",\"p23_outros\":\"Outros\",\"p24_atendimento\":\"Atendimentos\",\"p24_oficinas\":\"Oficinas\",\"p24_oficinasaulasartisticas\":\"Ensaios\\\/Oficinas\\\/Aulas art\\u00edsticas\",\"p24_apresentacoesartisticas\":\"Apresenta\\u00e7\\u00f5es art\\u00edsticas\",\"p24_outros\":\"Outros\",\"p25_numerodepessoas\":\"1 - 20\",\"p26_numerodepessoas\":\"Mais de 500\",\"p27_espacopublico\":\"Espa\\u00e7o p\\u00fablico\",\"p27_espacoemprestadocedido\":\"Espa\\u00e7o emprestado\\\/cedido\",\"p27_espacoproprio\":\"Espa\\u00e7o pr\\u00f3prio\",\"p27_ocupacao\":\"Ocupa\\u00e7\\u00e3o\",\"p28_territorios\":\"Regi\\u00e3o da Cidade\",\"p30_outrasorganizacoes\":\"Sim\",\"p32_campanhadelongaduracao\":\"N\\u00e3o\",\"p34_municipal\":\"Municipal\",\"p34_nenhuma\":\"Nenhuma\",\"p36_conselhosdeparticipacaoecontrolesocial\":\"Sim\",\"p38_sim\":\"Sim\",\"p38_nenhum\":\"Nenhum\",\"p40_editais\":\"Sim\",\"p41_privadopf\":\"Privado (P. F\\u00edsica)\",\"p41_autofinanciamento\":\"Autofinanciamento\",\"p41_financiamentocoletivo0\":\"Financiamento coletivo\",\"p42_meiodedivulgacaoproprio\":\"Sim\",\"p43_email\":\"E-mail\",\"p43_facebook\":\"Facebook\",\"p43_whatsapp\":\"WhatsApp\",\"p43_instagram\":\"Instagram\",\"p43_twitter\":\"Twitter\",\"p43_radio\":\"R\\u00e1dio\",\"p44_radio\":\"TV\",\"p44_jornaisimpressosdegrandecirculacao\":\"Jornais impressos de grande circula\\u00e7\\u00e3o\",\"p44_jornaisimpressosdebairro\":\"Jornais impressos de bairro\",\"p44_redessociais\":\"Redes sociais (Facebook, YouTube, Instagram etc.)\",\"p44_sitesblogs\":\"Sites ou Blogs\",\"p39_publico\":\"PERIF\\u00c9RICO\",\"p45_bandeira\":\"CULTURA IGUALDADE SOCIAL EDUCA\\u00c7\\u00c3O SUSTENTABILIDADE\",\"p46_hashtags\":\"#CULTURA #IGUALDADESOCIAL #RESISTENCIA\"},{\"p1_eixo\":\"Viol\\u00eancia\",\"p9_tipoorganizacao\":\"Sindicato\",\"p12_uf\":\"AM\",\"p13_cidade\":\"MANAUS\",\"p16_cidade\":\"Cidade\",\"p17_ano\":\"Anterior a 1980\",\"p18_direitoshumanos\":\"Direitos humanos\",\"p18_educacao\":\"Educa\\u00e7\\u00e3o\",\"p18_feminismos\":\"Feminismos\",\"p18_lutaantirracismo\":\"Luta antirracismo\",\"p18_povosecomunidadestradicionais\":\"Povos e comunidades tradicionais\",\"p18_trabalho\":\"Trabalho\",\"p18_religiao\":\"Religi\\u00e3o\",\"p18_saude\":\"Sa\\u00fade\",\"p18_violencia\":\"Viol\\u00eancia\",\"p18_politicasculturais\":\"Pol\\u00edticas Culturais\",\"p19_mobilidade\":\"Mobilidade\",\"p19_trabalho\":\"Trabalho\",\"p19_violencia\":\"Viol\\u00eancia\",\"p19_politicasculturais\":\"Pol\\u00edticas Culturais\",\"p20_reunioes\":\"Reuni\\u00f5es\",\"p21_repressaopolicial\":\"Repress\\u00e3o policial\",\"p21_machismo\":\"Machismo\",\"p21_racismo\":\"Racismo\",\"p21_nenhum\":\"Nenhum\",\"p22_numerodeparticipantes\":\"45 - 60\",\"p23_reunioes\":\"Reuni\\u00f5es\",\"p23_formacao\":\"Forma\\u00e7\\u00e3o\",\"p23_profissionalizacao\":\"Profissionaliza\\u00e7\\u00e3o\",\"p24_reunioes\":\"Reuni\\u00f5es\",\"p24_atendimento\":\"Atendimentos\",\"p24_formacao\":\"Forma\\u00e7\\u00e3o\",\"p25_numerodepessoas\":\"Mais de 500\",\"p26_numerodepessoas\":\"Mais de 500\",\"p27_espacoproprio\":\"Espa\\u00e7o pr\\u00f3prio\",\"p28_territorios\":\"Atua\\u00e7\\u00e3o Nacional\",\"p30_outrasorganizacoes\":\"Sim\",\"p32_campanhadelongaduracao\":\"N\\u00e3o\",\"p34_nacional\":\"Nacional\",\"p34_nenhuma\":\"Nenhuma\",\"p36_conselhosdeparticipacaoecontrolesocial\":\"N\\u00e3o\",\"p38_sim\":\"Sim\",\"p40_editais\":\"Sim\",\"p41_privadopf\":\"Privado (P. F\\u00edsica)\",\"p41_autofinanciamento\":\"Autofinanciamento\",\"p42_meiodedivulgacaoproprio\":\"Sim\",\"p43_impressoes\":\"Impressos\",\"p43_email\":\"E-mail\",\"p43_facebook\":\"Facebook\",\"p43_whatsapp\":\"WhatsApp\",\"p43_instagram\":\"Instagram\",\"p43_twitter\":\"Twitter\",\"p43_sitesblogs\":\"Blogs\\\/sites\",\"p43_radio\":\"R\\u00e1dio\",\"p44_radio\":\"TV\",\"p44_redessociais\":\"Redes sociais (Facebook, YouTube, Instagram etc.)\",\"p44_sitesblogs\":\"Sites ou Blogs\",\"p39_publico\":\"TRABALHADORES TRABALHADORAS\",\"p45_bandeira\":\"LUTA GARANTIA DIREITOS TRABALHADORES TRABALHADORAS\",\"p46_hashtags\":\"#LUTACOMASMULHERES  #NENHUMDIREITOAMENOS\"},{\"p1_eixo\":\"Trabalho\",\"p9_tipoorganizacao\":\"Coletivo\",\"p12_uf\":\"SC\",\"p13_cidade\":\"FLORIAN\\u00d3POLIS\",\"p16_bairro\":\"Bairro\",\"p16_cidade\":\"Cidade\",\"p17_ano\":\"2018\",\"p18_difusaoartistica\":\"Difus\\u00e3o Art\\u00edstica\",\"p18_direitoshumanos\":\"Direitos humanos\",\"p18_educacao\":\"Educa\\u00e7\\u00e3o\",\"p18_feminismos\":\"Feminismos\",\"p18_lutaantirracismo\":\"Luta antirracismo\",\"p18_mobilidade\":\"Mobilidade\",\"p18_moradia\":\"Moradia\",\"p18_povosecomunidadestradicionais\":\"Povos e comunidades tradicionais\",\"p18_trabalho\":\"Trabalho\",\"p18_religiao\":\"Religi\\u00e3o\",\"p18_saude\":\"Sa\\u00fade\",\"p18_violencia\":\"Viol\\u00eancia\",\"p18_politicasculturais\":\"Pol\\u00edticas Culturais\",\"p19_educacao\":\"Educa\\u00e7\\u00e3o\",\"p19_trabalho\":\"Trabalho\",\"p19_violencia\":\"Viol\\u00eancia\",\"p19_politicasculturais\":\"Pol\\u00edticas Culturais\",\"p20_reunioes\":\"Reuni\\u00f5es\",\"p20_apresentacoesartisticas\":\"Apresenta\\u00e7\\u00f5es art\\u00edsticas\",\"p21_repressaopolicial\":\"Repress\\u00e3o policial\",\"p21_intoleranciareligiosa\":\"Fundamentalismo\\\/intoler\\u00e2ncia religiosa\",\"p21_xenofobia\":\"Xenofobia\",\"p21_machismo\":\"Machismo\",\"p21_racismo\":\"Racismo\",\"p21_lgbtqifobia\":\"LGBTIfobia\",\"p21_enfrentamentocomgruposprivadosarmados\":\"Enfrentamento com grupos privados armados\",\"p22_numerodeparticipantes\":\"1  - 15\",\"p23_reunioes\":\"Reuni\\u00f5es\",\"p23_formacao\":\"Forma\\u00e7\\u00e3o\",\"p23_profissionalizacao\":\"Profissionaliza\\u00e7\\u00e3o\",\"p23_outros\":\"Outros\",\"p24_reunioes\":\"Reuni\\u00f5es\",\"p24_oficinas\":\"Oficinas\",\"p24_formacao\":\"Forma\\u00e7\\u00e3o\",\"p24_outros\":\"Outros\",\"p25_numerodepessoas\":\"20 - 40\",\"p26_numerodepessoas\":\"60 - 80\",\"p27_espacoproprio\":\"Espa\\u00e7o pr\\u00f3prio\",\"p28_territorios\":\"Regi\\u00e3o da Cidade\",\"p30_outrasorganizacoes\":\"Sim\",\"p32_campanhadelongaduracao\":\"Sim\",\"p34_nacional\":\"Nacional\",\"p34_nenhuma\":\"Nenhuma\",\"p36_conselhosdeparticipacaoecontrolesocial\":\"Sim\",\"p38_sim\":\"Sim\",\"p38_nenhum\":\"Nenhum\",\"p40_editais\":\"N\\u00e3o\",\"p41_publicoestatal\":\"P\\u00fablico-Estatal\",\"p41_privadopf\":\"Privado (P. F\\u00edsica)\",\"p41_privadopj\":\"Privado (P. Jur\\u00eddica)\",\"p41_autofinanciamento\":\"Autofinanciamento\",\"p42_meiodedivulgacaoproprio\":\"Sim\",\"p43_impressoes\":\"Impressos\",\"p43_facebook\":\"Facebook\",\"p43_whatsapp\":\"WhatsApp\",\"p43_instagram\":\"Instagram\",\"p43_sitesblogs\":\"Blogs\\\/sites\",\"p44_radio\":\"R\\u00e1dio\",\"p44_jornaisimpressosdebairro\":\"Jornais impressos de bairro\",\"p44_redessociais\":\"Redes sociais (Facebook, YouTube, Instagram etc.)\",\"p44_sitesblogs\":\"Sites ou Blogs\",\"p39_publico\":\"CRIAN\\u00c7AS ADOLESCENTES COMUNIDADES FLORIAN\\u00d3POLIS ADULTOS EMPREENDEDORES\",\"p45_bandeira\":\"LUTA ANTIRRACISTA EMPODERAMENTO NEGRO LUGAR FALA FOMENTO BLACK MONEY\",\"p46_hashtags\":\"#PIZZADAQUEBRADA #REAFRO #MBM\"},{\"p1_eixo\":\"Trabalho\",\"p9_tipoorganizacao\":\"Associa\\u00e7\\u00e3o\",\"p12_uf\":\"AM\",\"p13_cidade\":\"S\\u00c3O GABRIEL DA CACHOEIRA\",\"p16_bairro\":\"Bairro\",\"p17_ano\":\"2011\",\"p16_estado\":\"Estado\",\"p18_difusaoartistica\":\"Difus\\u00e3o Art\\u00edstica\",\"p18_direitoshumanos\":\"Direitos humanos\",\"p18_educacao\":\"Educa\\u00e7\\u00e3o\",\"p18_feminismos\":\"Feminismos\",\"p18_lutaantirracismo\":\"Luta antirracismo\",\"p18_mobilidade\":\"Mobilidade\",\"p18_moradia\":\"Moradia\",\"p18_povosecomunidadestradicionais\":\"Povos e comunidades tradicionais\",\"p18_trabalho\":\"Trabalho\",\"p18_religiao\":\"Religi\\u00e3o\",\"p18_saude\":\"Sa\\u00fade\",\"p18_violencia\":\"Viol\\u00eancia\",\"p18_politicasculturais\":\"Pol\\u00edticas Culturais\",\"p19_direitoshumanos\":\"Direitos humanos\",\"p19_educacao\":\"Educa\\u00e7\\u00e3o\",\"p19_feminismos\":\"Feminismos\",\"p19_trabalho\":\"Trabalho\",\"p19_politicasculturais\":\"Pol\\u00edticas Culturais\",\"p20_atendimento\":\"Atendimento\",\"p20_formacao\":\"Forma\\u00e7\\u00e3o\",\"p20_apresentacoesartisticas\":\"Apresenta\\u00e7\\u00f5es art\\u00edsticas\",\"p21_intoleranciareligiosa\":\"Fundamentalismo\\\/intoler\\u00e2ncia religiosa\",\"p21_xenofobia\":\"Xenofobia\",\"p21_lgbtqifobia\":\"LGBTIfobia\",\"p21_enfrentamentocomgruposprivadosarmados\":\"Enfrentamento com grupos privados armados\",\"p21_nenhum\":\"Nenhum\",\"p22_numerodeparticipantes\":\"15 - 30\",\"p23_atendimento\":\"Atendimento\",\"p23_outros\":\"Outros\",\"p24_oficinas\":\"Oficinas\",\"p24_formacao\":\"Forma\\u00e7\\u00e3o\",\"p24_profissionalizacao\":\"Profissionaliza\\u00e7\\u00e3o\",\"p24_outros\":\"Outros\",\"p25_numerodepessoas\":\"Mais de 500\",\"p26_numerodepessoas\":\"1 - 20\",\"p27_espacoproprio\":\"Espa\\u00e7o pr\\u00f3prio\",\"p28_territorios\":\"Cidade\",\"p30_outrasorganizacoes\":\"N\\u00e3o\",\"p32_campanhadelongaduracao\":\"N\\u00e3o\",\"p34_municipal\":\"Municipal\",\"p34_nenhuma\":\"Nenhuma\",\"p36_conselhosdeparticipacaoecontrolesocial\":\"N\\u00e3o\",\"p38_nenhum\":\"Nenhum\",\"p40_editais\":\"Sim\",\"p41_publicoestatal\":\"P\\u00fablico-Estatal\",\"p41_privadopj\":\"Privado (P. Jur\\u00eddica)\",\"p41_autofinanciamento\":\"Autofinanciamento\",\"p41_financiamentocoletivo0\":\"Financiamento coletivo\",\"p42_meiodedivulgacaoproprio\":\"Sim\",\"p43_facebook\":\"Facebook\",\"p43_whatsapp\":\"WhatsApp\",\"p44_radio\":\"R\\u00e1dio\",\"p44_jornaisimpressosdebairro\":\"Jornais impressos de bairro\",\"p44_redessociais\":\"Redes sociais (Facebook, YouTube, Instagram etc.)\",\"p39_publico\":\"ARTES\\u00c3OS COMUNIDADE CIDADE\",\"p45_bandeira\":\"MELHORAR QUALIDADE ARTES\\u00c3OS ORGANIZA\\u00c7\\u00c3O CONHECIDA\",\"p46_hashtags\":\"#ARTESANATO #CONHECIMENTO\"},{\"p1_eixo\":\"Trabalho\",\"p9_tipoorganizacao\":\"ONG\",\"p12_uf\":\"SE\",\"p13_cidade\":\"ARACAJU\",\"p17_ano\":\"2010\",\"p16_estado\":\"Estado\",\"p18_comunicacao\":\"Comunica\\u00e7\\u00e3o\",\"p18_difusaoartistica\":\"Difus\\u00e3o Art\\u00edstica\",\"p18_direitoshumanos\":\"Direitos humanos\",\"p18_educacao\":\"Educa\\u00e7\\u00e3o\",\"p18_feminismos\":\"Feminismos\",\"p18_lutaantirracismo\":\"Luta antirracismo\",\"p18_trabalho\":\"Trabalho\",\"p18_saude\":\"Sa\\u00fade\",\"p18_violencia\":\"Viol\\u00eancia\",\"p19_direitoshumanos\":\"Direitos humanos\",\"p19_educacao\":\"Educa\\u00e7\\u00e3o\",\"p19_feminismos\":\"Feminismos\",\"p19_trabalho\":\"Trabalho\",\"p19_violencia\":\"Viol\\u00eancia\",\"p20_atendimento\":\"Atendimento\",\"p20_formacao\":\"Forma\\u00e7\\u00e3o\",\"p21_repressaopolicial\":\"Repress\\u00e3o policial\",\"p21_nenhum\":\"Nenhum\",\"p22_numerodeparticipantes\":\"1  - 15\",\"p23_reunioes\":\"Reuni\\u00f5es\",\"p23_atendimento\":\"Atendimento\",\"p24_atendimento\":\"Atendimentos\",\"p24_formacao\":\"Forma\\u00e7\\u00e3o\",\"p24_profissionalizacao\":\"Profissionaliza\\u00e7\\u00e3o\",\"p25_numerodepessoas\":\"1 - 20\",\"p26_numerodepessoas\":\"1 - 20\",\"p27_espacoemprestadocedido\":\"Espa\\u00e7o emprestado\\\/cedido\",\"p27_espacoproprio\":\"Espa\\u00e7o pr\\u00f3prio\",\"p28_territorios\":\"Estado\",\"p30_outrasorganizacoes\":\"N\\u00e3o\",\"p32_campanhadelongaduracao\":\"N\\u00e3o\",\"p34_municipal\":\"Municipal\",\"p36_conselhosdeparticipacaoecontrolesocial\":\"Sim\",\"p38_nenhum\":\"Nenhum\",\"p40_editais\":\"N\\u00e3o\",\"p41_publicoestatal\":\"P\\u00fablico-Estatal\",\"p41_autofinanciamento\":\"Autofinanciamento\",\"p41_financiamentocoletivo0\":\"Financiamento coletivo\",\"p42_meiodedivulgacaoproprio\":\"Sim\",\"p43_facebook\":\"Facebook\",\"p43_whatsapp\":\"WhatsApp\",\"p44_radio\":\"R\\u00e1dio\",\"p44_jornaisimpressosdebairro\":\"Jornais impressos de bairro\",\"p44_nenhum\":\"Nenhum\",\"p39_publico\":\"MULHERES EMPREGADAS DOM\\u00c9STICAS\",\"p45_bandeira\":\"DEFENDER DIREITOS EMPREGADAS DOM\\u00c9STICAS\",\"p46_hashtags\":\"#DIREITODASDOMESTICAS #DIREITODASMULHERES #SEMEXPLORACAO\"},{\"p1_eixo\":\"Viol\\u00eancia\",\"p9_tipoorganizacao\":\"Coletivo\",\"p12_uf\":\"CE\",\"p13_cidade\":\"N\\u00c3O SE APLICA\",\"p16_cidade\":\"Cidade\",\"p17_ano\":\"2014\",\"p16_estado\":\"Estado\",\"p18_agrario\":\"Agr\\u00e1rio\\\/ruralidades\",\"p18_comunicacao\":\"Comunica\\u00e7\\u00e3o\",\"p18_difusaoartistica\":\"Difus\\u00e3o Art\\u00edstica\",\"p18_desenvolvimentoterritorial\":\"Desenvolvimento territorial\",\"p18_direitoshumanos\":\"Direitos humanos\",\"p18_educacao\":\"Educa\\u00e7\\u00e3o\",\"p18_feminismos\":\"Feminismos\",\"p18_lgbtqi\":\"LGBTQI\",\"p18_lutaantirracismo\":\"Luta antirracismo\",\"p18_mobilidade\":\"Mobilidade\",\"p18_moradia\":\"Moradia\",\"p18_povosecomunidadestradicionais\":\"Povos e comunidades tradicionais\",\"p18_trabalho\":\"Trabalho\",\"p18_religiao\":\"Religi\\u00e3o\",\"p18_violencia\":\"Viol\\u00eancia\",\"p18_politicasculturais\":\"Pol\\u00edticas Culturais\",\"p19_direitoshumanos\":\"Direitos humanos\",\"p19_educacao\":\"Educa\\u00e7\\u00e3o\",\"p19_lutaantirracismo\":\"Luta antirracismo\",\"p19_violencia\":\"Viol\\u00eancia\",\"p19_politicasculturais\":\"Pol\\u00edticas Culturais\",\"p20_atendimento\":\"Atendimento\",\"p20_oficinas\":\"Oficinas\",\"p20_oficinasaulasartisticas\":\"Ensaios\\\/Oficinas\\\/Aulas art\\u00edsticas\",\"p20_formacao\":\"Forma\\u00e7\\u00e3o\",\"p20_apresentacoesartisticas\":\"Apresenta\\u00e7\\u00f5es art\\u00edsticas\",\"p21_repressaopolicial\":\"Repress\\u00e3o policial\",\"p21_xenofobia\":\"Xenofobia\",\"p21_machismo\":\"Machismo\",\"p21_racismo\":\"Racismo\",\"p21_lgbtqifobia\":\"LGBTIfobia\",\"p22_numerodeparticipantes\":\"15 - 30\",\"p23_reunioes\":\"Reuni\\u00f5es\",\"p23_apresentacoesartisticas\":\"Apresenta\\u00e7\\u00f5es Art\\u00edsticas\",\"p24_atendimento\":\"Atendimentos\",\"p24_oficinas\":\"Oficinas\",\"p24_oficinasaulasartisticas\":\"Ensaios\\\/Oficinas\\\/Aulas art\\u00edsticas\",\"p25_numerodepessoas\":\"40 - 60\",\"p26_numerodepessoas\":\"40 - 60\",\"p27_espacopublico\":\"Espa\\u00e7o p\\u00fablico\",\"p27_espacoemprestadocedido\":\"Espa\\u00e7o emprestado\\\/cedido\",\"p28_territorios\":\"Estado\",\"p30_outrasorganizacoes\":\"N\\u00e3o\",\"p32_campanhadelongaduracao\":\"N\\u00e3o\",\"p34_municipal\":\"Municipal\",\"p34_nenhuma\":\"Nenhuma\",\"p36_conselhosdeparticipacaoecontrolesocial\":\"Sim\",\"p38_nenhum\":\"Nenhum\",\"p40_editais\":\"N\\u00e3o\",\"p41_publicoestatal\":\"P\\u00fablico-Estatal\",\"p41_privadopj\":\"Privado (P. Jur\\u00eddica)\",\"p41_autofinanciamento\":\"Autofinanciamento\",\"p42_meiodedivulgacaoproprio\":\"Sim\",\"p43_email\":\"E-mail\",\"p43_facebook\":\"Facebook\",\"p43_whatsapp\":\"WhatsApp\",\"p43_instagram\":\"Instagram\",\"p43_youtube\":\"YouTube\",\"p44_radio\":\"TV\",\"p44_jornaisimpressosdebairro\":\"Jornais impressos de bairro\",\"p44_redessociais\":\"Redes sociais (Facebook, YouTube, Instagram etc.)\",\"p44_sitesblogs\":\"Sites ou Blogs\",\"p44_nenhum\":\"Nenhum\",\"p39_publico\":\"M\\u00c3ES FILHOS RECLUS\\u00c3O SOCIOEDUCATIVA\",\"p45_bandeira\":\"MEDIDA SOCIOEDUCATIVA REALMENTE SOCIOEDUCATIVA REPRESSORA\",\"p46_hashtags\":\"#MEMORIA #SOCIOEDUCATIVA #VOZESDEMAES\"},{\"p1_eixo\":\"Cultura\",\"p9_tipoorganizacao\":\"Coletivo\",\"p12_uf\":\"PE\",\"p13_cidade\":\"RECIFE\",\"p16_cidade\":\"Cidade\",\"p17_ano\":\"2014\",\"p16_estado\":\"Estado\",\"p18_agrario\":\"Agr\\u00e1rio\\\/ruralidades\",\"p18_comunicacao\":\"Comunica\\u00e7\\u00e3o\",\"p18_difusaoartistica\":\"Difus\\u00e3o Art\\u00edstica\",\"p18_desenvolvimentoterritorial\":\"Desenvolvimento territorial\",\"p18_direitoshumanos\":\"Direitos humanos\",\"p18_educacao\":\"Educa\\u00e7\\u00e3o\",\"p18_feminismos\":\"Feminismos\",\"p18_lgbtqi\":\"LGBTQI\",\"p18_lutaantirracismo\":\"Luta antirracismo\",\"p18_mobilidade\":\"Mobilidade\",\"p18_moradia\":\"Moradia\",\"p18_povosecomunidadestradicionais\":\"Povos e comunidades tradicionais\",\"p18_trabalho\":\"Trabalho\",\"p18_religiao\":\"Religi\\u00e3o\",\"p18_saude\":\"Sa\\u00fade\",\"p18_violencia\":\"Viol\\u00eancia\",\"p18_politicasculturais\":\"Pol\\u00edticas Culturais\",\"p19_agrario\":\"Agr\\u00e1rio\\\/ruralidades\",\"p19_direitoshumanos\":\"Direitos humanos\",\"p19_lutaantirracismo\":\"Luta antirracismo\",\"p19_trabalho\":\"Trabalho\",\"p19_politicasculturais\":\"Pol\\u00edticas Culturais\",\"p20_reunioes\":\"Reuni\\u00f5es\",\"p20_oficinas\":\"Oficinas\",\"p20_oficinasaulasartisticas\":\"Ensaios\\\/Oficinas\\\/Aulas art\\u00edsticas\",\"p20_formacao\":\"Forma\\u00e7\\u00e3o\",\"p20_apresentacoesartisticas\":\"Apresenta\\u00e7\\u00f5es art\\u00edsticas\",\"p21_repressaopolicial\":\"Repress\\u00e3o policial\",\"p21_xenofobia\":\"Xenofobia\",\"p21_machismo\":\"Machismo\",\"p21_racismo\":\"Racismo\",\"p21_lgbtqifobia\":\"LGBTIfobia\",\"p21_nenhum\":\"Nenhum\",\"p22_numerodeparticipantes\":\"1  - 15\",\"p23_reunioes\":\"Reuni\\u00f5es\",\"p23_apresentacoesartisticas\":\"Apresenta\\u00e7\\u00f5es Art\\u00edsticas\",\"p24_oficinas\":\"Oficinas\",\"p24_oficinasaulasartisticas\":\"Ensaios\\\/Oficinas\\\/Aulas art\\u00edsticas\",\"p24_outros\":\"Outros\",\"p25_numerodepessoas\":\"80 - 100\",\"p26_numerodepessoas\":\"1 - 20\",\"p27_espacopublico\":\"Espa\\u00e7o p\\u00fablico\",\"p27_espacoemprestadocedido\":\"Espa\\u00e7o emprestado\\\/cedido\",\"p28_territorios\":\"Cidade\",\"p30_outrasorganizacoes\":\"Sim\",\"p32_campanhadelongaduracao\":\"N\\u00e3o\",\"p34_estadual\":\"Estadual\",\"p34_nenhuma\":\"Nenhuma\",\"p36_conselhosdeparticipacaoecontrolesocial\":\"N\\u00e3o\",\"p38_sim\":\"Sim\",\"p38_nenhum\":\"Nenhum\",\"p40_editais\":\"N\\u00e3o\",\"p41_privadopj\":\"Privado (P. Jur\\u00eddica)\",\"p41_autofinanciamento\":\"Autofinanciamento\",\"p42_meiodedivulgacaoproprio\":\"Sim\",\"p43_email\":\"E-mail\",\"p43_facebook\":\"Facebook\",\"p43_instagram\":\"Instagram\",\"p43_sitesblogs\":\"Blogs\\\/sites\",\"p43_youtube\":\"YouTube\",\"p44_radio\":\"TV\",\"p44_jornaisimpressosdebairro\":\"Jornais impressos de bairro\",\"p44_redessociais\":\"Redes sociais (Facebook, YouTube, Instagram etc.)\",\"p44_sitesblogs\":\"Sites ou Blogs\",\"p39_publico\":\"COMUNIDADE UNIVERSIDADES-P\\u00daBLICAS JOVENS PERIFERIA BAIXA-RENDA\",\"p45_bandeira\":\"LUTA PERIF\\u00c9RICA\",\"p46_hashtags\":\"#PERIFERIA #CULTURA\"},{\"p1_eixo\":\"Trabalho\",\"p9_tipoorganizacao\":\"Instituto\",\"p12_uf\":\"SE\",\"p13_cidade\":\"ARACAJU\",\"p16_cidade\":\"Cidade\",\"p17_ano\":\"2005\",\"p16_estado\":\"Estado\",\"p18_agrario\":\"Agr\\u00e1rio\\\/ruralidades\",\"p18_comunicacao\":\"Comunica\\u00e7\\u00e3o\",\"p18_difusaoartistica\":\"Difus\\u00e3o Art\\u00edstica\",\"p18_desenvolvimentoterritorial\":\"Desenvolvimento territorial\",\"p18_direitoshumanos\":\"Direitos humanos\",\"p18_educacao\":\"Educa\\u00e7\\u00e3o\",\"p18_feminismos\":\"Feminismos\",\"p18_lgbtqi\":\"LGBTQI\",\"p18_lutaantirracismo\":\"Luta antirracismo\",\"p18_mobilidade\":\"Mobilidade\",\"p18_moradia\":\"Moradia\",\"p18_povosecomunidadestradicionais\":\"Povos e comunidades tradicionais\",\"p18_trabalho\":\"Trabalho\",\"p18_saude\":\"Sa\\u00fade\",\"p18_violencia\":\"Viol\\u00eancia\",\"p18_politicasculturais\":\"Pol\\u00edticas Culturais\",\"p19_agrario\":\"Agr\\u00e1rio\\\/ruralidades\",\"p19_direitoshumanos\":\"Direitos humanos\",\"p19_trabalho\":\"Trabalho\",\"p19_religiao\":\"Religi\\u00e3o\",\"p19_violencia\":\"Viol\\u00eancia\",\"p20_reunioes\":\"Reuni\\u00f5es\",\"p21_nenhum\":\"Nenhum\",\"p22_numerodeparticipantes\":\"15 - 30\",\"p23_reunioes\":\"Reuni\\u00f5es\",\"p24_reunioes\":\"Reuni\\u00f5es\",\"p24_outros\":\"Outros\",\"p25_numerodepessoas\":\"20 - 40\",\"p26_numerodepessoas\":\"1 - 20\",\"p27_espacoemprestadocedido\":\"Espa\\u00e7o emprestado\\\/cedido\",\"p28_territorios\":\"Estado\",\"p30_outrasorganizacoes\":\"Sim\",\"p32_campanhadelongaduracao\":\"N\\u00e3o\",\"p34_estadual\":\"Estadual\",\"p34_nenhuma\":\"Nenhuma\",\"p36_conselhosdeparticipacaoecontrolesocial\":\"N\\u00e3o\",\"p38_sim\":\"Sim\",\"p38_nenhum\":\"Nenhum\",\"p40_editais\":\"N\\u00e3o\",\"p41_privadopf\":\"Privado (P. F\\u00edsica)\",\"p41_autofinanciamento\":\"Autofinanciamento\",\"p42_meiodedivulgacaoproprio\":\"Sim\",\"p43_facebook\":\"Facebook\",\"p43_whatsapp\":\"WhatsApp\",\"p43_instagram\":\"Instagram\",\"p43_sitesblogs\":\"Blogs\\\/sites\",\"p43_radio\":\"R\\u00e1dio\",\"p44_radio\":\"R\\u00e1dio\",\"p44_jornaisimpressosdebairro\":\"Jornais impressos de bairro\",\"p44_redessociais\":\"Redes sociais (Facebook, YouTube, Instagram etc.)\",\"p39_publico\":\"MEMBROS EMPREENDIMENTOS ECONOMIA SOLID\\u00c1RIA\",\"p45_bandeira\":\"REGULARIZA\\u00c7\\u00c3O MARCO REGIONAL ECONOMIA SOLID\\u00c1RIA NACIONAL ESTADUAL INSTALA\\u00c7\\u00c3O BANCOS SOCIAIS POL\\u00cdTICAS P\\u00daBLICAS FACILITE ESCOAMENTO PRODU\\u00c7\\u00c3O\",\"p46_hashtags\":\"#MULHEREMPREENDORA #MARCOLEGALDEECONOMIASOLIDARIA #PLANONACIONALDEECONOMIASOLIDARIA\"},{\"p1_eixo\":\"Cultura\",\"p9_tipoorganizacao\":\"Associa\\u00e7\\u00e3o\",\"p12_uf\":\"SC\",\"p13_cidade\":\"PENHA\",\"p16_cidade\":\"Cidade\",\"p16_nacional\":\"Nacional\",\"p17_ano\":\"2004\",\"p18_comunicacao\":\"Comunica\\u00e7\\u00e3o\",\"p18_difusaoartistica\":\"Difus\\u00e3o Art\\u00edstica\",\"p18_direitoshumanos\":\"Direitos humanos\",\"p18_educacao\":\"Educa\\u00e7\\u00e3o\",\"p18_feminismos\":\"Feminismos\",\"p18_lgbtqi\":\"LGBTQI\",\"p18_lutaantirracismo\":\"Luta antirracismo\",\"p18_povosecomunidadestradicionais\":\"Povos e comunidades tradicionais\",\"p18_trabalho\":\"Trabalho\",\"p18_religiao\":\"Religi\\u00e3o\",\"p18_violencia\":\"Viol\\u00eancia\",\"p18_politicasculturais\":\"Pol\\u00edticas Culturais\",\"p19_direitoshumanos\":\"Direitos humanos\",\"p19_educacao\":\"Educa\\u00e7\\u00e3o\",\"p19_religiao\":\"Religi\\u00e3o\",\"p19_violencia\":\"Viol\\u00eancia\",\"p19_difusaoartistica\":\"Difus\\u00e3o Art\\u00edstica\",\"p19_politicasculturais\":\"Pol\\u00edticas Culturais\",\"p20_reunioes\":\"Reuni\\u00f5es\",\"p20_oficinas\":\"Oficinas\",\"p20_oficinasaulasartisticas\":\"Ensaios\\\/Oficinas\\\/Aulas art\\u00edsticas\",\"p21_intoleranciareligiosa\":\"Fundamentalismo\\\/intoler\\u00e2ncia religiosa\",\"p21_racismo\":\"Racismo\",\"p21_lgbtqifobia\":\"LGBTIfobia\",\"p21_nenhum\":\"Nenhum\",\"p22_numerodeparticipantes\":\"1  - 15\",\"p23_reunioes\":\"Reuni\\u00f5es\",\"p23_oficinasaulasartisticas\":\"Ensaio\\\/Oficinas\\\/Aulas Art\\u00edsticas\",\"p24_reunioes\":\"Reuni\\u00f5es\",\"p24_apresentacoesartisticas\":\"Apresenta\\u00e7\\u00f5es art\\u00edsticas\",\"p25_numerodepessoas\":\"40 - 60\",\"p26_numerodepessoas\":\"1 - 20\",\"p27_espacoemprestadocedido\":\"Espa\\u00e7o emprestado\\\/cedido\",\"p27_espacoproprio\":\"Espa\\u00e7o pr\\u00f3prio\",\"p28_territorios\":\"Cidade\",\"p30_outrasorganizacoes\":\"N\\u00e3o\",\"p32_campanhadelongaduracao\":\"N\\u00e3o\",\"p34_municipal\":\"Municipal\",\"p34_nenhuma\":\"Nenhuma\",\"p36_conselhosdeparticipacaoecontrolesocial\":\"N\\u00e3o\",\"p38_nenhum\":\"Nenhum\",\"p40_editais\":\"N\\u00e3o\",\"p41_publicoestatal\":\"P\\u00fablico-Estatal\",\"p41_privadopf\":\"Privado (P. F\\u00edsica)\",\"p42_meiodedivulgacaoproprio\":\"Sim\",\"p43_facebook\":\"Facebook\",\"p43_whatsapp\":\"WhatsApp\",\"p43_instagram\":\"Instagram\",\"p43_sitesblogs\":\"Blogs\\\/sites\",\"p43_radio\":\"R\\u00e1dio\",\"p44_radio\":\"R\\u00e1dio\",\"p44_jornaisimpressosdebairro\":\"Jornais impressos de bairro\",\"p44_redessociais\":\"Redes sociais (Facebook, YouTube, Instagram etc.)\",\"p39_publico\":\"TODOS\",\"p45_bandeira\":\"RACISMO \",\"p46_hashtags\":\"#CONTRADISCRIMINACAO #CONTRARACISMO #CONTRAPRECONCEITO\"},{\"p1_eixo\":\"Cultura\",\"p9_tipoorganizacao\":\"Coletivo Art\\u00edstico\",\"p12_uf\":\"AL\",\"p13_cidade\":\"MACEI\\u00d3\",\"p16_cidade\":\"Cidade\",\"p16_nacional\":\"Nacional\",\"p17_ano\":\"2009\",\"p18_comunicacao\":\"Comunica\\u00e7\\u00e3o\",\"p18_difusaoartistica\":\"Difus\\u00e3o Art\\u00edstica\",\"p18_desenvolvimentoterritorial\":\"Desenvolvimento territorial\",\"p18_direitoshumanos\":\"Direitos humanos\",\"p18_educacao\":\"Educa\\u00e7\\u00e3o\",\"p18_feminismos\":\"Feminismos\",\"p18_lgbtqi\":\"LGBTQI\",\"p18_lutaantirracismo\":\"Luta antirracismo\",\"p18_povosecomunidadestradicionais\":\"Povos e comunidades tradicionais\",\"p18_trabalho\":\"Trabalho\",\"p18_religiao\":\"Religi\\u00e3o\",\"p18_violencia\":\"Viol\\u00eancia\",\"p18_politicasculturais\":\"Pol\\u00edticas Culturais\",\"p19_educacao\":\"Educa\\u00e7\\u00e3o\",\"p19_lutaantirracismo\":\"Luta antirracismo\",\"p19_difusaoartistica\":\"Difus\\u00e3o Art\\u00edstica\",\"p19_politicasculturais\":\"Pol\\u00edticas Culturais\",\"p20_atendimento\":\"Atendimento\",\"p20_oficinas\":\"Oficinas\",\"p20_oficinasaulasartisticas\":\"Ensaios\\\/Oficinas\\\/Aulas art\\u00edsticas\",\"p20_apresentacoesartisticas\":\"Apresenta\\u00e7\\u00f5es art\\u00edsticas\",\"p21_repressaopolicial\":\"Repress\\u00e3o policial\",\"p21_intoleranciareligiosa\":\"Fundamentalismo\\\/intoler\\u00e2ncia religiosa\",\"p21_racismo\":\"Racismo\",\"p21_lgbtqifobia\":\"LGBTIfobia\",\"p22_numerodeparticipantes\":\"1  - 15\",\"p23_oficinasaulasartisticas\":\"Ensaio\\\/Oficinas\\\/Aulas Art\\u00edsticas\",\"p23_apresentacoesartisticas\":\"Apresenta\\u00e7\\u00f5es Art\\u00edsticas\",\"p24_oficinas\":\"Oficinas\",\"p24_formacao\":\"Forma\\u00e7\\u00e3o\",\"p24_apresentacoesartisticas\":\"Apresenta\\u00e7\\u00f5es art\\u00edsticas\",\"p25_numerodepessoas\":\"80 - 100\",\"p26_numerodepessoas\":\"100 - 200\",\"p27_espacoproprio\":\"Espa\\u00e7o pr\\u00f3prio\",\"p28_territorios\":\"Atua\\u00e7\\u00e3o Nacional\",\"p30_outrasorganizacoes\":\"N\\u00e3o\",\"p32_campanhadelongaduracao\":\"N\\u00e3o\",\"p34_municipal\":\"Municipal\",\"p34_nenhuma\":\"Nenhuma\",\"p36_conselhosdeparticipacaoecontrolesocial\":\"N\\u00e3o\",\"p38_nenhum\":\"Nenhum\",\"p40_editais\":\"Sim\",\"p41_publicoestatal\":\"P\\u00fablico-Estatal\",\"p41_autofinanciamento\":\"Autofinanciamento\",\"p41_financiamentocoletivo0\":\"Financiamento coletivo\",\"p42_meiodedivulgacaoproprio\":\"Sim\",\"p43_facebook\":\"Facebook\",\"p43_instagram\":\"Instagram\",\"p43_twitter\":\"Twitter\",\"p43_sitesblogs\":\"Blogs\\\/sites\",\"p44_radio\":\"R\\u00e1dio\",\"p44_jornaisimpressosdegrandecirculacao\":\"Jornais impressos de grande circula\\u00e7\\u00e3o\",\"p44_jornaisimpressosdebairro\":\"Jornais impressos de bairro\",\"p44_redessociais\":\"Redes sociais (Facebook, YouTube, Instagram etc.)\",\"p39_publico\":\"TODOS\",\"p45_bandeira\":\"CULTURA AFRICANA PAUTA PENSAMENTO COLETIVO ENVOLVIMENTO SOCIAL MUSICA CIDADANIA\",\"p46_hashtags\":\"#MUSICA #CULTURAAFRO #MARACATUBRASIL\"},{\"p1_eixo\":\"Cultura\",\"p9_tipoorganizacao\":\"Coletivo Art\\u00edstico\",\"p12_uf\":\"CE\",\"p13_cidade\":\"FORTALEZA\",\"p16_cidade\":\"Cidade\",\"p17_ano\":\"2013\",\"p18_comunicacao\":\"Comunica\\u00e7\\u00e3o\",\"p18_difusaoartistica\":\"Difus\\u00e3o Art\\u00edstica\",\"p18_desenvolvimentoterritorial\":\"Desenvolvimento territorial\",\"p18_direitoshumanos\":\"Direitos humanos\",\"p18_educacao\":\"Educa\\u00e7\\u00e3o\",\"p18_feminismos\":\"Feminismos\",\"p18_lgbtqi\":\"LGBTQI\",\"p18_lutaantirracismo\":\"Luta antirracismo\",\"p18_povosecomunidadestradicionais\":\"Povos e comunidades tradicionais\",\"p18_trabalho\":\"Trabalho\",\"p18_violencia\":\"Viol\\u00eancia\",\"p18_politicasculturais\":\"Pol\\u00edticas Culturais\",\"p19_educacao\":\"Educa\\u00e7\\u00e3o\",\"p19_feminismos\":\"Feminismos\",\"p19_lutaantirracismo\":\"Luta antirracismo\",\"p19_difusaoartistica\":\"Difus\\u00e3o Art\\u00edstica\",\"p19_politicasculturais\":\"Pol\\u00edticas Culturais\",\"p20_reunioes\":\"Reuni\\u00f5es\",\"p20_atendimento\":\"Atendimento\",\"p20_oficinas\":\"Oficinas\",\"p20_oficinasaulasartisticas\":\"Ensaios\\\/Oficinas\\\/Aulas art\\u00edsticas\",\"p20_apresentacoesartisticas\":\"Apresenta\\u00e7\\u00f5es art\\u00edsticas\",\"p21_repressaopolicial\":\"Repress\\u00e3o policial\",\"p21_machismo\":\"Machismo\",\"p22_numerodeparticipantes\":\"1  - 15\",\"p23_apresentacoesartisticas\":\"Apresenta\\u00e7\\u00f5es Art\\u00edsticas\",\"p23_outros\":\"Outros\",\"p24_reunioes\":\"Reuni\\u00f5es\",\"p24_oficinas\":\"Oficinas\",\"p24_oficinasaulasartisticas\":\"Ensaios\\\/Oficinas\\\/Aulas art\\u00edsticas\",\"p24_formacao\":\"Forma\\u00e7\\u00e3o\",\"p24_apresentacoesartisticas\":\"Apresenta\\u00e7\\u00f5es art\\u00edsticas\",\"p25_numerodepessoas\":\"60 - 80\",\"p26_numerodepessoas\":\"20 - 40\",\"p27_espacopublico\":\"Espa\\u00e7o p\\u00fablico\",\"p27_espacoemprestadocedido\":\"Espa\\u00e7o emprestado\\\/cedido\",\"p27_espacoproprio\":\"Espa\\u00e7o pr\\u00f3prio\",\"p27_virtual\":\"Virtual\",\"p28_territorios\":\"Regi\\u00e3o da Cidade\",\"p30_outrasorganizacoes\":\"Sim\",\"p32_campanhadelongaduracao\":\"N\\u00e3o\",\"p34_nenhuma\":\"Nenhuma\",\"p36_conselhosdeparticipacaoecontrolesocial\":\"N\\u00e3o\",\"p38_nenhum\":\"Nenhum\",\"p40_editais\":\"N\\u00e3o\",\"p41_autofinanciamento\":\"Autofinanciamento\",\"p41_financiamentocoletivo0\":\"Financiamento coletivo\",\"p42_meiodedivulgacaoproprio\":\"Sim\",\"p43_impressoes\":\"Impressos\",\"p43_facebook\":\"Facebook\",\"p43_instagram\":\"Instagram\",\"p43_twitter\":\"Twitter\",\"p43_sitesblogs\":\"Blogs\\\/sites\",\"p44_radio\":\"TV\",\"p44_jornaisimpressosdegrandecirculacao\":\"Jornais impressos de grande circula\\u00e7\\u00e3o\",\"p44_jornaisimpressosdebairro\":\"Jornais impressos de bairro\",\"p44_redessociais\":\"Redes sociais (Facebook, YouTube, Instagram etc.)\",\"p44_sitesblogs\":\"Sites ou Blogs\",\"p39_publico\":\"TODOS CULTURA REGGAE MUSIC\",\"p45_bandeira\":\"DEFENDER DIVERSAS EXPRESS\\u00d5ES ART\\u00cdSTICAS NEGRAS\",\"p46_hashtags\":\"#REGGAEMUSIC #LEOESDAFORMA #FORTALEZADOREGGAE\"},{\"p1_eixo\":\"Cultura\",\"p9_tipoorganizacao\":\"Coletivo\",\"p12_uf\":\"AM\",\"p13_cidade\":\"MANAUS\",\"p16_cidade\":\"Cidade\",\"p17_ano\":\"2015\",\"p18_comunicacao\":\"Comunica\\u00e7\\u00e3o\",\"p18_difusaoartistica\":\"Difus\\u00e3o Art\\u00edstica\",\"p18_desenvolvimentoterritorial\":\"Desenvolvimento territorial\",\"p18_direitoshumanos\":\"Direitos humanos\",\"p18_educacao\":\"Educa\\u00e7\\u00e3o\",\"p18_feminismos\":\"Feminismos\",\"p18_lgbtqi\":\"LGBTQI\",\"p18_lutaantirracismo\":\"Luta antirracismo\",\"p18_trabalho\":\"Trabalho\",\"p18_saude\":\"Sa\\u00fade\",\"p18_violencia\":\"Viol\\u00eancia\",\"p18_politicasculturais\":\"Pol\\u00edticas Culturais\",\"p19_educacao\":\"Educa\\u00e7\\u00e3o\",\"p19_feminismos\":\"Feminismos\",\"p19_violencia\":\"Viol\\u00eancia\",\"p19_difusaoartistica\":\"Difus\\u00e3o Art\\u00edstica\",\"p19_politicasculturais\":\"Pol\\u00edticas Culturais\",\"p20_reunioes\":\"Reuni\\u00f5es\",\"p20_atendimento\":\"Atendimento\",\"p20_oficinas\":\"Oficinas\",\"p20_oficinasaulasartisticas\":\"Ensaios\\\/Oficinas\\\/Aulas art\\u00edsticas\",\"p20_apresentacoesartisticas\":\"Apresenta\\u00e7\\u00f5es art\\u00edsticas\",\"p20_visitasexcursoes\":\"Visitas\\\/Excurs\\u00f5es\",\"p21_repressaopolicial\":\"Repress\\u00e3o policial\",\"p21_machismo\":\"Machismo\",\"p21_racismo\":\"Racismo\",\"p21_lgbtqifobia\":\"LGBTIfobia\",\"p22_numerodeparticipantes\":\"1  - 15\",\"p23_reunioes\":\"Reuni\\u00f5es\",\"p23_oficinasaulasartisticas\":\"Ensaio\\\/Oficinas\\\/Aulas Art\\u00edsticas\",\"p23_outros\":\"Outros\",\"p24_reunioes\":\"Reuni\\u00f5es\",\"p24_atendimento\":\"Atendimentos\",\"p24_oficinas\":\"Oficinas\",\"p24_oficinasaulasartisticas\":\"Ensaios\\\/Oficinas\\\/Aulas art\\u00edsticas\",\"p24_apresentacoesartisticas\":\"Apresenta\\u00e7\\u00f5es art\\u00edsticas\",\"p24_visitasexcursoes\":\"Visitas\\\/Excurs\\u00f5es\",\"p25_numerodepessoas\":\"1 - 20\",\"p26_numerodepessoas\":\"80 - 100\",\"p27_espacopublico\":\"Espa\\u00e7o p\\u00fablico\",\"p27_espacoemprestadocedido\":\"Espa\\u00e7o emprestado\\\/cedido\",\"p27_espacoproprio\":\"Espa\\u00e7o pr\\u00f3prio\",\"p27_virtual\":\"Virtual\",\"p28_territorios\":\"Cidade\",\"p30_outrasorganizacoes\":\"Sim\",\"p32_campanhadelongaduracao\":\"Sim\",\"p34_nacional\":\"Nacional\",\"p34_nenhuma\":\"Nenhuma\",\"p36_conselhosdeparticipacaoecontrolesocial\":\"N\\u00e3o\",\"p38_nenhum\":\"Nenhum\",\"p40_editais\":\"Sim\",\"p41_privadopf\":\"Privado (P. F\\u00edsica)\",\"p41_privadopj\":\"Privado (P. Jur\\u00eddica)\",\"p41_autofinanciamento\":\"Autofinanciamento\",\"p42_meiodedivulgacaoproprio\":\"Sim\",\"p43_impressoes\":\"Impressos\",\"p43_facebook\":\"Facebook\",\"p43_instagram\":\"Instagram\",\"p44_radio\":\"TV\",\"p44_jornaisimpressosdegrandecirculacao\":\"Jornais impressos de grande circula\\u00e7\\u00e3o\",\"p44_jornaisimpressosdebairro\":\"Jornais impressos de bairro\",\"p44_redessociais\":\"Redes sociais (Facebook, YouTube, Instagram etc.)\",\"p44_sitesblogs\":\"Sites ou Blogs\",\"p39_publico\":\"MULHERES\",\"p45_bandeira\":\"VISIBILIDADE FEMINISMO CULTURA HIPHOP\",\"p46_hashtags\":\"#MULHERESNOHIPHOP #TODASSAOMANAS #CULTURAHIPHOP\"},{\"p1_eixo\":\"Cultura\",\"p9_tipoorganizacao\":\"Coletivo\",\"p12_uf\":\"CE\",\"p13_cidade\":\"FORTALEZA\",\"p16_cidade\":\"Cidade\",\"p16_nacional\":\"Nacional\",\"p17_ano\":\"2015\",\"p18_agrario\":\"Agr\\u00e1rio\\\/ruralidades\",\"p18_difusaoartistica\":\"Difus\\u00e3o Art\\u00edstica\",\"p18_desenvolvimentoterritorial\":\"Desenvolvimento territorial\",\"p18_direitoshumanos\":\"Direitos humanos\",\"p18_educacao\":\"Educa\\u00e7\\u00e3o\",\"p18_feminismos\":\"Feminismos\",\"p18_lgbtqi\":\"LGBTQI\",\"p18_lutaantirracismo\":\"Luta antirracismo\",\"p18_mobilidade\":\"Mobilidade\",\"p18_moradia\":\"Moradia\",\"p18_povosecomunidadestradicionais\":\"Povos e comunidades tradicionais\",\"p18_trabalho\":\"Trabalho\",\"p18_saude\":\"Sa\\u00fade\",\"p18_violencia\":\"Viol\\u00eancia\",\"p18_politicasculturais\":\"Pol\\u00edticas Culturais\",\"p19_agrario\":\"Agr\\u00e1rio\\\/ruralidades\",\"p19_educacao\":\"Educa\\u00e7\\u00e3o\",\"p19_trabalho\":\"Trabalho\",\"p19_violencia\":\"Viol\\u00eancia\",\"p19_politicasculturais\":\"Pol\\u00edticas Culturais\",\"p20_reunioes\":\"Reuni\\u00f5es\",\"p20_atendimento\":\"Atendimento\",\"p20_oficinas\":\"Oficinas\",\"p20_oficinasaulasartisticas\":\"Ensaios\\\/Oficinas\\\/Aulas art\\u00edsticas\",\"p20_formacao\":\"Forma\\u00e7\\u00e3o\",\"p20_visitasexcursoes\":\"Visitas\\\/Excurs\\u00f5es\",\"p21_repressaopolicial\":\"Repress\\u00e3o policial\",\"p21_machismo\":\"Machismo\",\"p21_racismo\":\"Racismo\",\"p21_lgbtqifobia\":\"LGBTIfobia\",\"p21_nenhum\":\"Nenhum\",\"p22_numerodeparticipantes\":\"1  - 15\",\"p23_reunioes\":\"Reuni\\u00f5es\",\"p23_atendimento\":\"Atendimento\",\"p23_oficinasaulasartisticas\":\"Ensaio\\\/Oficinas\\\/Aulas Art\\u00edsticas\",\"p23_outros\":\"Outros\",\"p24_atendimento\":\"Atendimentos\",\"p24_oficinas\":\"Oficinas\",\"p24_oficinasaulasartisticas\":\"Ensaios\\\/Oficinas\\\/Aulas art\\u00edsticas\",\"p24_visitasexcursoes\":\"Visitas\\\/Excurs\\u00f5es\",\"p24_outros\":\"Outros\",\"p25_numerodepessoas\":\"40 - 60\",\"p26_numerodepessoas\":\"40 - 60\",\"p27_espacoproprio\":\"Espa\\u00e7o pr\\u00f3prio\",\"p28_territorios\":\"Pr\\u00f3prio bairro\",\"p30_outrasorganizacoes\":\"Sim\",\"p32_campanhadelongaduracao\":\"Sim\",\"p34_estadual\":\"Estadual\",\"p34_nacional\":\"Nacional\",\"p36_conselhosdeparticipacaoecontrolesocial\":\"N\\u00e3o\",\"p38_nenhum\":\"Nenhum\",\"p40_editais\":\"Sim\",\"p41_publicoestatal\":\"P\\u00fablico-Estatal\",\"p41_privadopf\":\"Privado (P. F\\u00edsica)\",\"p41_privadopj\":\"Privado (P. Jur\\u00eddica)\",\"p41_autofinanciamento\":\"Autofinanciamento\",\"p41_financiamentocoletivo0\":\"Financiamento coletivo\",\"p42_meiodedivulgacaoproprio\":\"Sim\",\"p43_email\":\"E-mail\",\"p43_facebook\":\"Facebook\",\"p43_instagram\":\"Instagram\",\"p43_sitesblogs\":\"Blogs\\\/sites\",\"p44_radio\":\"TV\",\"p44_jornaisimpressosdegrandecirculacao\":\"Jornais impressos de grande circula\\u00e7\\u00e3o\",\"p44_jornaisimpressosdebairro\":\"Jornais impressos de bairro\",\"p44_redessociais\":\"Redes sociais (Facebook, YouTube, Instagram etc.)\",\"p44_sitesblogs\":\"Sites ou Blogs\",\"p39_publico\":\"CRIAN\\u00c7AS ADOLESCENTES\",\"p45_bandeira\":\"EMPODERAMENTO LEITURA POPULA\\u00c7\\u00d5ES MARGINALIZADAS\",\"p46_hashtags\":\"#RESISTENCIA #EMPODERAMENTO #LUTA\"},{\"p1_eixo\":\"Trabalho\",\"p9_tipoorganizacao\":\"ONG\",\"p12_uf\":\"PA\",\"p13_cidade\":\"BEL\\u00c9M\",\"p16_cidade\":\"Cidade\",\"p16_nacional\":\"Nacional\",\"p17_ano\":\"1985\",\"p18_agrario\":\"Agr\\u00e1rio\\\/ruralidades\",\"p18_desenvolvimentoterritorial\":\"Desenvolvimento territorial\",\"p18_direitoshumanos\":\"Direitos humanos\",\"p18_educacao\":\"Educa\\u00e7\\u00e3o\",\"p18_feminismos\":\"Feminismos\",\"p18_lgbtqi\":\"LGBTQI\",\"p18_lutaantirracismo\":\"Luta antirracismo\",\"p18_mobilidade\":\"Mobilidade\",\"p18_moradia\":\"Moradia\",\"p18_povosecomunidadestradicionais\":\"Povos e comunidades tradicionais\",\"p18_trabalho\":\"Trabalho\",\"p18_saude\":\"Sa\\u00fade\",\"p18_violencia\":\"Viol\\u00eancia\",\"p19_agrario\":\"Agr\\u00e1rio\\\/ruralidades\",\"p19_direitoshumanos\":\"Direitos humanos\",\"p19_educacao\":\"Educa\\u00e7\\u00e3o\",\"p19_lutaantirracismo\":\"Luta antirracismo\",\"p19_trabalho\":\"Trabalho\",\"p20_reunioes\":\"Reuni\\u00f5es\",\"p20_atendimento\":\"Atendimento\",\"p20_formacao\":\"Forma\\u00e7\\u00e3o\",\"p21_intoleranciareligiosa\":\"Fundamentalismo\\\/intoler\\u00e2ncia religiosa\",\"p21_racismo\":\"Racismo\",\"p21_nenhum\":\"Nenhum\",\"p22_numerodeparticipantes\":\"15 - 30\",\"p23_reunioes\":\"Reuni\\u00f5es\",\"p23_atendimento\":\"Atendimento\",\"p23_oficinas\":\"Oficinas\",\"p23_visitas\":\"Visitas\",\"p24_reunioes\":\"Reuni\\u00f5es\",\"p24_formacao\":\"Forma\\u00e7\\u00e3o\",\"p24_outros\":\"Outros\",\"p25_numerodepessoas\":\"60 - 80\",\"p26_numerodepessoas\":\"200 - 300\",\"p27_espacoemprestadocedido\":\"Espa\\u00e7o emprestado\\\/cedido\",\"p27_espacoproprio\":\"Espa\\u00e7o pr\\u00f3prio\",\"p28_territorios\":\"Atua\\u00e7\\u00e3o Nacional\",\"p30_outrasorganizacoes\":\"N\\u00e3o\",\"p32_campanhadelongaduracao\":\"N\\u00e3o\",\"p34_estadual\":\"Estadual\",\"p34_nacional\":\"Nacional\",\"p34_nenhuma\":\"Nenhuma\",\"p36_conselhosdeparticipacaoecontrolesocial\":\"Sim\",\"p38_nenhum\":\"Nenhum\",\"p40_editais\":\"Sim\",\"p41_publicoestatal\":\"P\\u00fablico-Estatal\",\"p41_privadopf\":\"Privado (P. F\\u00edsica)\",\"p41_privadopj\":\"Privado (P. Jur\\u00eddica)\",\"p41_autofinanciamento\":\"Autofinanciamento\",\"p41_financiamentocoletivo0\":\"Financiamento coletivo\",\"p42_meiodedivulgacaoproprio\":\"Sim\",\"p43_email\":\"E-mail\",\"p43_facebook\":\"Facebook\",\"p43_sitesblogs\":\"Blogs\\\/sites\",\"p43_nenhum\":\"Nenhum\",\"p44_jornaisimpressosdegrandecirculacao\":\"Jornais impressos de grande circula\\u00e7\\u00e3o\",\"p44_jornaisimpressosdebairro\":\"Jornais impressos de bairro\",\"p44_redessociais\":\"Redes sociais (Facebook, YouTube, Instagram etc.)\",\"p44_sitesblogs\":\"Sites ou Blogs\",\"p44_nenhum\":\"Nenhum\",\"p39_publico\":\"POPULA\\u00c7\\u00c3O REGI\\u00c3O AMAZ\\u00d4NICA\",\"p45_bandeira\":\"DEFENDER DIREITO CIDADE POL\\u00cdTICAS COMBATAM PROGRESSO IMPOSTO REGI\\u00d5ES\",\"p46_hashtags\":\"#DIREITOACIDADE #DIREITOATERRA #DEFESADAAMAZONIA\"},{\"p1_eixo\":\"Cultura\",\"p9_tipoorganizacao\":\"Coletivo\",\"p12_uf\":\"SE\",\"p13_cidade\":\"MARUIM\",\"p16_cidade\":\"Cidade\",\"p17_ano\":\"2018\",\"p18_comunicacao\":\"Comunica\\u00e7\\u00e3o\",\"p18_direitoshumanos\":\"Direitos humanos\",\"p18_educacao\":\"Educa\\u00e7\\u00e3o\",\"p18_feminismos\":\"Feminismos\",\"p18_lgbtqi\":\"LGBTQI\",\"p18_lutaantirracismo\":\"Luta antirracismo\",\"p18_moradia\":\"Moradia\",\"p18_trabalho\":\"Trabalho\",\"p18_saude\":\"Sa\\u00fade\",\"p18_violencia\":\"Viol\\u00eancia\",\"p19_direitoshumanos\":\"Direitos humanos\",\"p19_educacao\":\"Educa\\u00e7\\u00e3o\",\"p19_lutaantirracismo\":\"Luta antirracismo\",\"p19_moradia\":\"Moradia\",\"p19_saude\":\"Sa\\u00fade\",\"p20_reunioes\":\"Reuni\\u00f5es\",\"p20_atendimento\":\"Atendimento\",\"p20_formacao\":\"Forma\\u00e7\\u00e3o\",\"p21_intoleranciareligiosa\":\"Fundamentalismo\\\/intoler\\u00e2ncia religiosa\",\"p21_machismo\":\"Machismo\",\"p21_racismo\":\"Racismo\",\"p21_lgbtqifobia\":\"LGBTIfobia\",\"p22_numerodeparticipantes\":\"1  - 15\",\"p23_reunioes\":\"Reuni\\u00f5es\",\"p23_atendimento\":\"Atendimento\",\"p23_oficinas\":\"Oficinas\",\"p23_visitas\":\"Visitas\",\"p23_outros\":\"Outros\",\"p24_reunioes\":\"Reuni\\u00f5es\",\"p24_atendimento\":\"Atendimentos\",\"p24_formacao\":\"Forma\\u00e7\\u00e3o\",\"p24_outros\":\"Outros\",\"p25_numerodepessoas\":\"20 - 40\",\"p26_numerodepessoas\":\"20 - 40\",\"p27_espacoemprestadocedido\":\"Espa\\u00e7o emprestado\\\/cedido\",\"p27_espacoproprio\":\"Espa\\u00e7o pr\\u00f3prio\",\"p28_territorios\":\"Cidade\",\"p30_outrasorganizacoes\":\"Sim\",\"p32_campanhadelongaduracao\":\"N\\u00e3o\",\"p34_estadual\":\"Estadual\",\"p34_nacional\":\"Nacional\",\"p34_nenhuma\":\"Nenhuma\",\"p36_conselhosdeparticipacaoecontrolesocial\":\"N\\u00e3o\",\"p38_nenhum\":\"Nenhum\",\"p40_editais\":\"N\\u00e3o\",\"p41_publicoestatal\":\"P\\u00fablico-Estatal\",\"p41_privadopf\":\"Privado (P. F\\u00edsica)\",\"p41_autofinanciamento\":\"Autofinanciamento\",\"p42_meiodedivulgacaoproprio\":\"N\\u00e3o\",\"p43_email\":\"E-mail\",\"p43_facebook\":\"Facebook\",\"p43_instagram\":\"Instagram\",\"p43_twitter\":\"Twitter\",\"p43_nenhum\":\"Nenhum\",\"p44_radio\":\"R\\u00e1dio\",\"p44_jornaisimpressosdegrandecirculacao\":\"Jornais impressos de grande circula\\u00e7\\u00e3o\",\"p44_jornaisimpressosdebairro\":\"Jornais impressos de bairro\",\"p44_nenhum\":\"Nenhum\",\"p39_publico\":\"CRIAN\\u00c7AS ADOLESCENTES\",\"p45_bandeira\":\"ANTIRRACISTA AFROEDUCA\\u00c7\\u00c3O AFROEMPREENDEDORISMO\",\"p46_hashtags\":\"#EDUCACAONEGRA #REPRESENTATIVIDADE #ANTIRRACISTA\"},{\"p1_eixo\":\"Viol\\u00eancia\",\"p9_tipoorganizacao\":\"ONG\",\"p12_uf\":\"GO\",\"p13_cidade\":\"GOI\\u00c2NIA\",\"p16_bairro\":\"Bairro\",\"p16_cidade\":\"Cidade\",\"p17_ano\":\"1992\",\"p18_agrario\":\"Agr\\u00e1rio\\\/ruralidades\",\"p18_comunicacao\":\"Comunica\\u00e7\\u00e3o\",\"p18_difusaoartistica\":\"Difus\\u00e3o Art\\u00edstica\",\"p18_desenvolvimentoterritorial\":\"Desenvolvimento territorial\",\"p18_direitoshumanos\":\"Direitos humanos\",\"p18_educacao\":\"Educa\\u00e7\\u00e3o\",\"p18_feminismos\":\"Feminismos\",\"p18_lgbtqi\":\"LGBTQI\",\"p18_lutaantirracismo\":\"Luta antirracismo\",\"p18_mobilidade\":\"Mobilidade\",\"p18_moradia\":\"Moradia\",\"p18_povosecomunidadestradicionais\":\"Povos e comunidades tradicionais\",\"p18_trabalho\":\"Trabalho\",\"p18_religiao\":\"Religi\\u00e3o\",\"p18_saude\":\"Sa\\u00fade\",\"p18_violencia\":\"Viol\\u00eancia\",\"p18_politicasculturais\":\"Pol\\u00edticas Culturais\",\"p19_direitoshumanos\":\"Direitos humanos\",\"p19_educacao\":\"Educa\\u00e7\\u00e3o\",\"p19_moradia\":\"Moradia\",\"p19_saude\":\"Sa\\u00fade\",\"p19_politicasculturais\":\"Pol\\u00edticas Culturais\",\"p20_reunioes\":\"Reuni\\u00f5es\",\"p20_atendimento\":\"Atendimento\",\"p20_oficinasaulasartisticas\":\"Ensaios\\\/Oficinas\\\/Aulas art\\u00edsticas\",\"p20_cursos\":\"Cursos\",\"p20_profissionalizacao\":\"Profissionaliza\\u00e7\\u00e3o\",\"p20_apresentacoesartisticas\":\"Apresenta\\u00e7\\u00f5es art\\u00edsticas\",\"p20_visitasexcursoes\":\"Visitas\\\/Excurs\\u00f5es\",\"p21_machismo\":\"Machismo\",\"p21_racismo\":\"Racismo\",\"p21_lgbtqifobia\":\"LGBTIfobia\",\"p21_nenhum\":\"Nenhum\",\"p22_numerodeparticipantes\":\"15 - 30\",\"p23_reunioes\":\"Reuni\\u00f5es\",\"p23_atendimento\":\"Atendimento\",\"p23_oficinasaulasartisticas\":\"Ensaio\\\/Oficinas\\\/Aulas Art\\u00edsticas\",\"p23_profissionalizacao\":\"Profissionaliza\\u00e7\\u00e3o\",\"p23_visitas\":\"Visitas\",\"p23_outros\":\"Outros\",\"p24_reunioes\":\"Reuni\\u00f5es\",\"p24_atendimento\":\"Atendimentos\",\"p24_outros\":\"Outros\",\"p25_numerodepessoas\":\"40 - 60\",\"p26_numerodepessoas\":\"1 - 20\",\"p27_espacopublico\":\"Espa\\u00e7o p\\u00fablico\",\"p27_espacoemprestadocedido\":\"Espa\\u00e7o emprestado\\\/cedido\",\"p27_espacoproprio\":\"Espa\\u00e7o pr\\u00f3prio\",\"p27_virtual\":\"Virtual\",\"p28_territorios\":\"Estado\",\"p30_outrasorganizacoes\":\"Sim\",\"p32_campanhadelongaduracao\":\"Sim\",\"p34_estadual\":\"Estadual\",\"p34_nacional\":\"Nacional\",\"p34_nenhuma\":\"Nenhuma\",\"p36_conselhosdeparticipacaoecontrolesocial\":\"Sim\",\"p38_sim\":\"Sim\",\"p38_nenhum\":\"Nenhum\",\"p40_editais\":\"Sim\",\"p41_publicoestatal\":\"P\\u00fablico-Estatal\",\"p41_privadopf\":\"Privado (P. F\\u00edsica)\",\"p41_autofinanciamento\":\"Autofinanciamento\",\"p41_financiamentocoletivo0\":\"Financiamento coletivo\",\"p42_meiodedivulgacaoproprio\":\"Sim\",\"p43_impressoes\":\"Impressos\",\"p43_email\":\"E-mail\",\"p43_facebook\":\"Facebook\",\"p43_whatsapp\":\"WhatsApp\",\"p43_instagram\":\"Instagram\",\"p43_twitter\":\"Twitter\",\"p43_sitesblogs\":\"Blogs\\\/sites\",\"p43_radio\":\"R\\u00e1dio\",\"p44_radio\":\"R\\u00e1dio\",\"p44_jornaisimpressosdegrandecirculacao\":\"Jornais impressos de grande circula\\u00e7\\u00e3o\",\"p44_jornaisimpressosdebairro\":\"Jornais impressos de bairro\",\"p44_redessociais\":\"Redes sociais (Facebook, YouTube, Instagram etc.)\",\"p44_sitesblogs\":\"Sites ou Blogs\",\"p39_publico\":\"MULHERES CRIAN\\u00c7AS\",\"p45_bandeira\":\"LUTA DIREITOS HUMANOS CIDADANIA ATENDIMENTO PRIORIT\\u00c1RIO\",\"p46_hashtags\":\"#VIVAAVIDA\"},{\"p1_eixo\":\"Viol\\u00eancia\",\"p9_tipoorganizacao\":\"Associa\\u00e7\\u00e3o\",\"p12_uf\":\"MT\",\"p13_cidade\":\"CUIAB\\u00c1\",\"p16_bairro\":\"Bairro\",\"p17_ano\":\"2018\",\"p16_estado\":\"Estado\",\"p18_agrario\":\"Agr\\u00e1rio\\\/ruralidades\",\"p18_comunicacao\":\"Comunica\\u00e7\\u00e3o\",\"p18_difusaoartistica\":\"Difus\\u00e3o Art\\u00edstica\",\"p18_desenvolvimentoterritorial\":\"Desenvolvimento territorial\",\"p18_direitoshumanos\":\"Direitos humanos\",\"p18_educacao\":\"Educa\\u00e7\\u00e3o\",\"p18_feminismos\":\"Feminismos\",\"p18_lgbtqi\":\"LGBTQI\",\"p18_lutaantirracismo\":\"Luta antirracismo\",\"p18_mobilidade\":\"Mobilidade\",\"p18_moradia\":\"Moradia\",\"p18_povosecomunidadestradicionais\":\"Povos e comunidades tradicionais\",\"p18_trabalho\":\"Trabalho\",\"p18_religiao\":\"Religi\\u00e3o\",\"p18_saude\":\"Sa\\u00fade\",\"p18_violencia\":\"Viol\\u00eancia\",\"p18_politicasculturais\":\"Pol\\u00edticas Culturais\",\"p19_direitoshumanos\":\"Direitos humanos\",\"p19_educacao\":\"Educa\\u00e7\\u00e3o\",\"p19_lgbtqi\":\"LGBTQI\",\"p19_povosecomunidadestradicionais\":\"Povos e comunidades tradicionais\",\"p19_religiao\":\"Religi\\u00e3o\",\"p19_politicasculturais\":\"Pol\\u00edticas Culturais\",\"p20_reunioes\":\"Reuni\\u00f5es\",\"p20_atendimento\":\"Atendimento\",\"p20_oficinas\":\"Oficinas\",\"p20_oficinasaulasartisticas\":\"Ensaios\\\/Oficinas\\\/Aulas art\\u00edsticas\",\"p20_cursos\":\"Cursos\",\"p20_profissionalizacao\":\"Profissionaliza\\u00e7\\u00e3o\",\"p20_apresentacoesartisticas\":\"Apresenta\\u00e7\\u00f5es art\\u00edsticas\",\"p20_visitasexcursoes\":\"Visitas\\\/Excurs\\u00f5es\",\"p21_nenhum\":\"Nenhum\",\"p22_numerodeparticipantes\":\"30 - 45\",\"p23_reunioes\":\"Reuni\\u00f5es\",\"p23_atendimento\":\"Atendimento\",\"p23_oficinasaulasartisticas\":\"Ensaio\\\/Oficinas\\\/Aulas Art\\u00edsticas\",\"p23_profissionalizacao\":\"Profissionaliza\\u00e7\\u00e3o\",\"p23_visitas\":\"Visitas\",\"p23_outros\":\"Outros\",\"p24_reunioes\":\"Reuni\\u00f5es\",\"p24_atendimento\":\"Atendimentos\",\"p24_oficinas\":\"Oficinas\",\"p25_numerodepessoas\":\"100 - 200\",\"p26_numerodepessoas\":\"20 - 40\",\"p27_espacopublico\":\"Espa\\u00e7o p\\u00fablico\",\"p27_espacoemprestadocedido\":\"Espa\\u00e7o emprestado\\\/cedido\",\"p27_espacoproprio\":\"Espa\\u00e7o pr\\u00f3prio\",\"p27_virtual\":\"Virtual\",\"p28_territorios\":\"Regi\\u00e3o da Cidade\",\"p30_outrasorganizacoes\":\"Sim\",\"p32_campanhadelongaduracao\":\"N\\u00e3o\",\"p34_nenhuma\":\"Nenhuma\",\"p36_conselhosdeparticipacaoecontrolesocial\":\"Sim\",\"p38_sim\":\"Sim\",\"p38_nenhum\":\"Nenhum\",\"p40_editais\":\"N\\u00e3o\",\"p41_autofinanciamento\":\"Autofinanciamento\",\"p41_financiamentocoletivo0\":\"Financiamento coletivo\",\"p42_meiodedivulgacaoproprio\":\"Sim\",\"p43_impressoes\":\"Impressos\",\"p43_email\":\"E-mail\",\"p43_facebook\":\"Facebook\",\"p43_whatsapp\":\"WhatsApp\",\"p43_instagram\":\"Instagram\",\"p43_sitesblogs\":\"Blogs\\\/sites\",\"p43_radio\":\"R\\u00e1dio\",\"p44_radio\":\"R\\u00e1dio\",\"p44_jornaisimpressosdebairro\":\"Jornais impressos de bairro\",\"p44_redessociais\":\"Redes sociais (Facebook, YouTube, Instagram etc.)\",\"p44_sitesblogs\":\"Sites ou Blogs\",\"p39_publico\":\"MULHERES FAM\\u00cdLIAS\",\"p45_bandeira\":\"EMPODERAMENTO MULHER PERIFERIAS\",\"p46_hashtags\":\"#INCLUSAODAMULHERDEPERIFERIANAPOLITICAPUBLICA #EMPODERAMENTODASHABILIDADESSOCIAISEDUCACIONAISECULTURAIS\"},{\"p1_eixo\":\"Cultura\",\"p9_tipoorganizacao\":\"Associa\\u00e7\\u00e3o\",\"p12_uf\":\"SC\",\"p13_cidade\":\"INDAIAL\",\"p16_cidade\":\"Cidade\",\"p17_ano\":\"2004\",\"p16_estado\":\"Estado\",\"p18_difusaoartistica\":\"Difus\\u00e3o Art\\u00edstica\",\"p18_desenvolvimentoterritorial\":\"Desenvolvimento territorial\",\"p18_direitoshumanos\":\"Direitos humanos\",\"p18_educacao\":\"Educa\\u00e7\\u00e3o\",\"p18_lgbtqi\":\"LGBTQI\",\"p18_lutaantirracismo\":\"Luta antirracismo\",\"p18_mobilidade\":\"Mobilidade\",\"p18_moradia\":\"Moradia\",\"p18_povosecomunidadestradicionais\":\"Povos e comunidades tradicionais\",\"p18_trabalho\":\"Trabalho\",\"p18_religiao\":\"Religi\\u00e3o\",\"p18_violencia\":\"Viol\\u00eancia\",\"p18_politicasculturais\":\"Pol\\u00edticas Culturais\",\"p19_educacao\":\"Educa\\u00e7\\u00e3o\",\"p19_lgbtqi\":\"LGBTQI\",\"p19_lutaantirracismo\":\"Luta antirracismo\",\"p19_povosecomunidadestradicionais\":\"Povos e comunidades tradicionais\",\"p19_religiao\":\"Religi\\u00e3o\",\"p19_violencia\":\"Viol\\u00eancia\",\"p20_reunioes\":\"Reuni\\u00f5es\",\"p20_atendimento\":\"Atendimento\",\"p20_oficinas\":\"Oficinas\",\"p20_apresentacoesartisticas\":\"Apresenta\\u00e7\\u00f5es art\\u00edsticas\",\"p21_repressaopolicial\":\"Repress\\u00e3o policial\",\"p21_machismo\":\"Machismo\",\"p21_racismo\":\"Racismo\",\"p21_nenhum\":\"Nenhum\",\"p22_numerodeparticipantes\":\"1  - 15\",\"p23_reunioes\":\"Reuni\\u00f5es\",\"p23_apresentacoesartisticas\":\"Apresenta\\u00e7\\u00f5es Art\\u00edsticas\",\"p24_atendimento\":\"Atendimentos\",\"p24_oficinas\":\"Oficinas\",\"p24_outros\":\"Outros\",\"p25_numerodepessoas\":\"1 - 20\",\"p26_numerodepessoas\":\"20 - 40\",\"p27_espacopublico\":\"Espa\\u00e7o p\\u00fablico\",\"p27_espacoproprio\":\"Espa\\u00e7o pr\\u00f3prio\",\"p28_territorios\":\"Regi\\u00e3o da Cidade\",\"p30_outrasorganizacoes\":\"N\\u00e3o\",\"p32_campanhadelongaduracao\":\"N\\u00e3o\",\"p34_nenhuma\":\"Nenhuma\",\"p36_conselhosdeparticipacaoecontrolesocial\":\"N\\u00e3o\",\"p38_nenhum\":\"Nenhum\",\"p40_editais\":\"N\\u00e3o\",\"p41_autofinanciamento\":\"Autofinanciamento\",\"p41_financiamentocoletivo0\":\"Financiamento coletivo\",\"p42_meiodedivulgacaoproprio\":\"Sim\",\"p43_facebook\":\"Facebook\",\"p43_instagram\":\"Instagram\",\"p44_redessociais\":\"Redes sociais (Facebook, YouTube, Instagram etc.)\",\"p44_sitesblogs\":\"Sites ou Blogs\",\"p39_publico\":\"COMUNIDADE LOCAL POVOS MATRIZ AFRICANA\",\"p45_bandeira\":\"COMBATE  COMBATE  RELIGIOSA\",\"p46_hashtags\":\"#IGUALDADE #DIGNIDADE #RESPEITO\"},{\"p1_eixo\":\"Cultura\",\"p9_tipoorganizacao\":\"Coletivo Art\\u00edstico\",\"p12_uf\":\"GO\",\"p13_cidade\":\"GOIAN\\u00c9SIA\",\"p16_cidade\":\"Cidade\",\"p17_ano\":\"2019\",\"p18_comunicacao\":\"Comunica\\u00e7\\u00e3o\",\"p18_difusaoartistica\":\"Difus\\u00e3o Art\\u00edstica\",\"p18_desenvolvimentoterritorial\":\"Desenvolvimento territorial\",\"p18_direitoshumanos\":\"Direitos humanos\",\"p18_educacao\":\"Educa\\u00e7\\u00e3o\",\"p18_lutaantirracismo\":\"Luta antirracismo\",\"p18_mobilidade\":\"Mobilidade\",\"p18_moradia\":\"Moradia\",\"p18_povosecomunidadestradicionais\":\"Povos e comunidades tradicionais\",\"p18_trabalho\":\"Trabalho\",\"p18_violencia\":\"Viol\\u00eancia\",\"p18_politicasculturais\":\"Pol\\u00edticas Culturais\",\"p19_educacao\":\"Educa\\u00e7\\u00e3o\",\"p19_lutaantirracismo\":\"Luta antirracismo\",\"p19_violencia\":\"Viol\\u00eancia\",\"p19_difusaoartistica\":\"Difus\\u00e3o Art\\u00edstica\",\"p19_politicasculturais\":\"Pol\\u00edticas Culturais\",\"p20_oficinas\":\"Oficinas\",\"p20_oficinasaulasartisticas\":\"Ensaios\\\/Oficinas\\\/Aulas art\\u00edsticas\",\"p20_cursos\":\"Cursos\",\"p20_formacao\":\"Forma\\u00e7\\u00e3o\",\"p20_profissionalizacao\":\"Profissionaliza\\u00e7\\u00e3o\",\"p20_apresentacoesartisticas\":\"Apresenta\\u00e7\\u00f5es art\\u00edsticas\",\"p21_repressaopolicial\":\"Repress\\u00e3o policial\",\"p21_machismo\":\"Machismo\",\"p21_racismo\":\"Racismo\",\"p22_numerodeparticipantes\":\"1  - 15\",\"p23_oficinas\":\"Oficinas\",\"p23_oficinasaulasartisticas\":\"Ensaio\\\/Oficinas\\\/Aulas Art\\u00edsticas\",\"p23_apresentacoesartisticas\":\"Apresenta\\u00e7\\u00f5es Art\\u00edsticas\",\"p24_oficinas\":\"Oficinas\",\"p24_oficinasaulasartisticas\":\"Ensaios\\\/Oficinas\\\/Aulas art\\u00edsticas\",\"p24_formacao\":\"Forma\\u00e7\\u00e3o\",\"p24_apresentacoesartisticas\":\"Apresenta\\u00e7\\u00f5es art\\u00edsticas\",\"p24_outros\":\"Outros\",\"p25_numerodepessoas\":\"20 - 40\",\"p26_numerodepessoas\":\"20 - 40\",\"p27_espacopublico\":\"Espa\\u00e7o p\\u00fablico\",\"p27_espacoemprestadocedido\":\"Espa\\u00e7o emprestado\\\/cedido\",\"p28_territorios\":\"Cidade\",\"p30_outrasorganizacoes\":\"Sim\",\"p32_campanhadelongaduracao\":\"N\\u00e3o\",\"p34_nenhuma\":\"Nenhuma\",\"p36_conselhosdeparticipacaoecontrolesocial\":\"N\\u00e3o\",\"p38_nenhum\":\"Nenhum\",\"p40_editais\":\"N\\u00e3o\",\"p41_autofinanciamento\":\"Autofinanciamento\",\"p41_financiamentocoletivo0\":\"Financiamento coletivo\",\"p42_meiodedivulgacaoproprio\":\"Sim\",\"p43_facebook\":\"Facebook\",\"p43_whatsapp\":\"WhatsApp\",\"p43_instagram\":\"Instagram\",\"p43_youtube\":\"YouTube\",\"p44_redessociais\":\"Redes sociais (Facebook, YouTube, Instagram etc.)\",\"p44_sitesblogs\":\"Sites ou Blogs\",\"p39_publico\":\"TODOS\",\"p45_bandeira\":\"LUTA ANTIRRACISMO LUTA DIREITOS HUMANOS\",\"p46_hashtags\":\"#SOMOSTODOSIGUAIS #PELOMOVIMENTOHIPHOP\"},{\"p1_eixo\":\"Cultura\",\"p9_tipoorganizacao\":\"Coletivo\",\"p12_uf\":\"AL\",\"p13_cidade\":\"MACEI\\u00d3\",\"p16_cidade\":\"Cidade\",\"p17_ano\":\"2015\",\"p16_estado\":\"Estado\",\"p18_comunicacao\":\"Comunica\\u00e7\\u00e3o\",\"p18_difusaoartistica\":\"Difus\\u00e3o Art\\u00edstica\",\"p18_desenvolvimentoterritorial\":\"Desenvolvimento territorial\",\"p18_direitoshumanos\":\"Direitos humanos\",\"p18_educacao\":\"Educa\\u00e7\\u00e3o\",\"p18_feminismos\":\"Feminismos\",\"p18_lgbtqi\":\"LGBTQI\",\"p18_lutaantirracismo\":\"Luta antirracismo\",\"p18_mobilidade\":\"Mobilidade\",\"p18_povosecomunidadestradicionais\":\"Povos e comunidades tradicionais\",\"p18_trabalho\":\"Trabalho\",\"p18_violencia\":\"Viol\\u00eancia\",\"p18_politicasculturais\":\"Pol\\u00edticas Culturais\",\"p19_desenvolvimentoterritorial\":\"Desenvolvimento territorial\",\"p19_lutaantirracismo\":\"Luta antirracismo\",\"p19_violencia\":\"Viol\\u00eancia\",\"p19_difusaoartistica\":\"Difus\\u00e3o Art\\u00edstica\",\"p19_politicasculturais\":\"Pol\\u00edticas Culturais\",\"p20_reunioes\":\"Reuni\\u00f5es\",\"p20_oficinas\":\"Oficinas\",\"p20_oficinasaulasartisticas\":\"Ensaios\\\/Oficinas\\\/Aulas art\\u00edsticas\",\"p20_cursos\":\"Cursos\",\"p20_formacao\":\"Forma\\u00e7\\u00e3o\",\"p20_profissionalizacao\":\"Profissionaliza\\u00e7\\u00e3o\",\"p20_apresentacoesartisticas\":\"Apresenta\\u00e7\\u00f5es art\\u00edsticas\",\"p21_repressaopolicial\":\"Repress\\u00e3o policial\",\"p21_intoleranciareligiosa\":\"Fundamentalismo\\\/intoler\\u00e2ncia religiosa\",\"p21_xenofobia\":\"Xenofobia\",\"p21_machismo\":\"Machismo\",\"p21_racismo\":\"Racismo\",\"p21_lgbtqifobia\":\"LGBTIfobia\",\"p22_numerodeparticipantes\":\"15 - 30\",\"p23_reunioes\":\"Reuni\\u00f5es\",\"p23_oficinas\":\"Oficinas\",\"p23_oficinasaulasartisticas\":\"Ensaio\\\/Oficinas\\\/Aulas Art\\u00edsticas\",\"p23_apresentacoesartisticas\":\"Apresenta\\u00e7\\u00f5es Art\\u00edsticas\",\"p24_oficinas\":\"Oficinas\",\"p24_oficinasaulasartisticas\":\"Ensaios\\\/Oficinas\\\/Aulas art\\u00edsticas\",\"p24_formacao\":\"Forma\\u00e7\\u00e3o\",\"p24_apresentacoesartisticas\":\"Apresenta\\u00e7\\u00f5es art\\u00edsticas\",\"p24_outros\":\"Outros\",\"p25_numerodepessoas\":\"80 - 100\",\"p26_numerodepessoas\":\"40 - 60\",\"p27_espacopublico\":\"Espa\\u00e7o p\\u00fablico\",\"p27_espacoemprestadocedido\":\"Espa\\u00e7o emprestado\\\/cedido\",\"p27_virtual\":\"Virtual\",\"p28_territorios\":\"Regi\\u00e3o da Cidade\",\"p30_outrasorganizacoes\":\"Sim\",\"p32_campanhadelongaduracao\":\"Sim\",\"p34_nenhuma\":\"Nenhuma\",\"p36_conselhosdeparticipacaoecontrolesocial\":\"N\\u00e3o\",\"p38_sim\":\"Sim\",\"p38_nenhum\":\"Nenhum\",\"p40_editais\":\"N\\u00e3o\",\"p41_autofinanciamento\":\"Autofinanciamento\",\"p41_financiamentocoletivo0\":\"Financiamento coletivo\",\"p42_meiodedivulgacaoproprio\":\"Sim\",\"p43_email\":\"E-mail\",\"p43_facebook\":\"Facebook\",\"p43_whatsapp\":\"WhatsApp\",\"p43_instagram\":\"Instagram\",\"p43_youtube\":\"YouTube\",\"p44_radio\":\"R\\u00e1dio\",\"p44_jornaisimpressosdegrandecirculacao\":\"Jornais impressos de grande circula\\u00e7\\u00e3o\",\"p44_jornaisimpressosdebairro\":\"Jornais impressos de bairro\",\"p44_redessociais\":\"Redes sociais (Facebook, YouTube, Instagram etc.)\",\"p39_publico\":\"JOVENS PERIFERIA\",\"p45_bandeira\":\"LUTA DEMOCRACIA\",\"p46_hashtags\":\"#FAVELARESISTE #JUNTOSSOMOSMAISFORTES #FORABOLSONARO\"},{\"p1_eixo\":\"Cultura\",\"p9_tipoorganizacao\":\"Coletivo\",\"p12_uf\":\"AC\",\"p13_cidade\":\"RIO BRANCO\",\"p17_ano\":\"2020\",\"p16_estado\":\"Estado\",\"p18_agrario\":\"Agr\\u00e1rio\\\/ruralidades\",\"p18_comunicacao\":\"Comunica\\u00e7\\u00e3o\",\"p18_difusaoartistica\":\"Difus\\u00e3o Art\\u00edstica\",\"p18_desenvolvimentoterritorial\":\"Desenvolvimento territorial\",\"p18_direitoshumanos\":\"Direitos humanos\",\"p18_educacao\":\"Educa\\u00e7\\u00e3o\",\"p18_feminismos\":\"Feminismos\",\"p18_lgbtqi\":\"LGBTQI\",\"p18_lutaantirracismo\":\"Luta antirracismo\",\"p18_mobilidade\":\"Mobilidade\",\"p18_moradia\":\"Moradia\",\"p18_povosecomunidadestradicionais\":\"Povos e comunidades tradicionais\",\"p18_trabalho\":\"Trabalho\",\"p18_religiao\":\"Religi\\u00e3o\",\"p18_saude\":\"Sa\\u00fade\",\"p18_violencia\":\"Viol\\u00eancia\",\"p18_politicasculturais\":\"Pol\\u00edticas Culturais\",\"p19_desenvolvimentoterritorial\":\"Desenvolvimento territorial\",\"p19_educacao\":\"Educa\\u00e7\\u00e3o\",\"p19_lutaantirracismo\":\"Luta antirracismo\",\"p19_trabalho\":\"Trabalho\",\"p19_politicasculturais\":\"Pol\\u00edticas Culturais\",\"p20_reunioes\":\"Reuni\\u00f5es\",\"p20_oficinas\":\"Oficinas\",\"p20_cursos\":\"Cursos\",\"p20_formacao\":\"Forma\\u00e7\\u00e3o\",\"p21_repressaopolicial\":\"Repress\\u00e3o policial\",\"p21_intoleranciareligiosa\":\"Fundamentalismo\\\/intoler\\u00e2ncia religiosa\",\"p21_xenofobia\":\"Xenofobia\",\"p21_machismo\":\"Machismo\",\"p21_racismo\":\"Racismo\",\"p21_lgbtqifobia\":\"LGBTIfobia\",\"p21_nenhum\":\"Nenhum\",\"p22_numerodeparticipantes\":\"1  - 15\",\"p23_reunioes\":\"Reuni\\u00f5es\",\"p23_outros\":\"Outros\",\"p24_oficinas\":\"Oficinas\",\"p24_formacao\":\"Forma\\u00e7\\u00e3o\",\"p24_outros\":\"Outros\",\"p25_numerodepessoas\":\"1 - 20\",\"p26_numerodepessoas\":\"Mais de 500\",\"p27_espacopublico\":\"Espa\\u00e7o p\\u00fablico\",\"p27_espacoproprio\":\"Espa\\u00e7o pr\\u00f3prio\",\"p27_virtual\":\"Virtual\",\"p28_territorios\":\"Regi\\u00e3o da Cidade\",\"p30_outrasorganizacoes\":\"Sim\",\"p32_campanhadelongaduracao\":\"Sim\",\"p34_estadual\":\"Estadual\",\"p34_nenhuma\":\"Nenhuma\",\"p36_conselhosdeparticipacaoecontrolesocial\":\"N\\u00e3o\",\"p38_sim\":\"Sim\",\"p38_nenhum\":\"Nenhum\",\"p40_editais\":\"Sim\",\"p41_autofinanciamento\":\"Autofinanciamento\",\"p41_financiamentocoletivo0\":\"Financiamento coletivo\",\"p42_meiodedivulgacaoproprio\":\"Sim\",\"p43_email\":\"E-mail\",\"p43_facebook\":\"Facebook\",\"p43_whatsapp\":\"WhatsApp\",\"p43_instagram\":\"Instagram\",\"p44_radio\":\"TV\",\"p44_jornaisimpressosdegrandecirculacao\":\"Jornais impressos de grande circula\\u00e7\\u00e3o\",\"p44_jornaisimpressosdebairro\":\"Jornais impressos de bairro\",\"p44_redessociais\":\"Redes sociais (Facebook, YouTube, Instagram etc.)\",\"p39_publico\":\"JOVENS PERIF\\u00c9RICOS\",\"p45_bandeira\":\"LUTA RECONHECIMENTO DIVERSOS COLETIVOS GRUPOS S GRAFITE MCS DJS ETC LUTA DIVULGA\\u00c7\\u00c3O MOVIMENTO\",\"p46_hashtags\":\"#RESISTENCIA #DESENVOLVIMENTO #EVOLUCAO\"},{\"p1_eixo\":\"Trabalho\",\"p9_tipoorganizacao\":\"Coletivo\",\"p12_uf\":\"RN\",\"p13_cidade\":\"MOSSOR\\u00d3\",\"p17_ano\":\"2003\",\"p16_estado\":\"Estado\",\"p18_agrario\":\"Agr\\u00e1rio\\\/ruralidades\",\"p18_comunicacao\":\"Comunica\\u00e7\\u00e3o\",\"p18_difusaoartistica\":\"Difus\\u00e3o Art\\u00edstica\",\"p18_desenvolvimentoterritorial\":\"Desenvolvimento territorial\",\"p18_direitoshumanos\":\"Direitos humanos\",\"p18_educacao\":\"Educa\\u00e7\\u00e3o\",\"p18_feminismos\":\"Feminismos\",\"p18_lgbtqi\":\"LGBTQI\",\"p18_lutaantirracismo\":\"Luta antirracismo\",\"p18_mobilidade\":\"Mobilidade\",\"p18_moradia\":\"Moradia\",\"p18_povosecomunidadestradicionais\":\"Povos e comunidades tradicionais\",\"p18_trabalho\":\"Trabalho\",\"p18_religiao\":\"Religi\\u00e3o\",\"p18_saude\":\"Sa\\u00fade\",\"p18_violencia\":\"Viol\\u00eancia\",\"p18_politicasculturais\":\"Pol\\u00edticas Culturais\",\"p19_desenvolvimentoterritorial\":\"Desenvolvimento territorial\",\"p19_direitoshumanos\":\"Direitos humanos\",\"p19_educacao\":\"Educa\\u00e7\\u00e3o\",\"p19_lutaantirracismo\":\"Luta antirracismo\",\"p19_trabalho\":\"Trabalho\",\"p20_reunioes\":\"Reuni\\u00f5es\",\"p20_cursos\":\"Cursos\",\"p20_formacao\":\"Forma\\u00e7\\u00e3o\",\"p21_racismo\":\"Racismo\",\"p21_nenhum\":\"Nenhum\",\"p22_numerodeparticipantes\":\"15 - 30\",\"p23_outros\":\"Outros\",\"p24_oficinas\":\"Oficinas\",\"p24_formacao\":\"Forma\\u00e7\\u00e3o\",\"p24_outros\":\"Outros\",\"p25_numerodepessoas\":\"80 - 100\",\"p26_numerodepessoas\":\"40 - 60\",\"p27_espacopublico\":\"Espa\\u00e7o p\\u00fablico\",\"p27_espacoproprio\":\"Espa\\u00e7o pr\\u00f3prio\",\"p28_territorios\":\"Estado\",\"p30_outrasorganizacoes\":\"Sim\",\"p32_campanhadelongaduracao\":\"N\\u00e3o\",\"p34_estadual\":\"Estadual\",\"p34_nenhuma\":\"Nenhuma\",\"p36_conselhosdeparticipacaoecontrolesocial\":\"Sim\",\"p38_sim\":\"Sim\",\"p38_nenhum\":\"Nenhum\",\"p40_editais\":\"N\\u00e3o\",\"p41_autofinanciamento\":\"Autofinanciamento\",\"p41_financiamentocoletivo0\":\"Financiamento coletivo\",\"p42_meiodedivulgacaoproprio\":\"Sim\",\"p43_email\":\"E-mail\",\"p43_facebook\":\"Facebook\",\"p43_whatsapp\":\"WhatsApp\",\"p43_instagram\":\"Instagram\",\"p43_sitesblogs\":\"Blogs\\\/sites\",\"p44_radio\":\"TV\",\"p44_jornaisimpressosdebairro\":\"Jornais impressos de bairro\",\"p44_redessociais\":\"Redes sociais (Facebook, YouTube, Instagram etc.)\",\"p44_sitesblogs\":\"Sites ou Blogs\",\"p39_publico\":\"TODOS PRODUTOS REDE ESPA\\u00c7O\",\"p45_bandeira\":\"JUSTA VENDAS COMPRAS PRODUTOS MEIO-AMBIENTE SUSTENT\\u00c1VEL\",\"p46_hashtags\":\"#ECONOMIASOLIDARIA #ECONOMIASUSTENTAVEL\"},{\"p1_eixo\":\"Cultura\",\"p9_tipoorganizacao\":\"ONG\",\"p12_uf\":\"AL\",\"p13_cidade\":\"MACEI\\u00d3\",\"p16_bairro\":\"Bairro\",\"p17_ano\":\"2010\",\"p16_estado\":\"Estado\",\"p18_difusaoartistica\":\"Difus\\u00e3o Art\\u00edstica\",\"p18_desenvolvimentoterritorial\":\"Desenvolvimento territorial\",\"p18_direitoshumanos\":\"Direitos humanos\",\"p18_educacao\":\"Educa\\u00e7\\u00e3o\",\"p18_feminismos\":\"Feminismos\",\"p18_lutaantirracismo\":\"Luta antirracismo\",\"p18_povosecomunidadestradicionais\":\"Povos e comunidades tradicionais\",\"p18_trabalho\":\"Trabalho\",\"p18_religiao\":\"Religi\\u00e3o\",\"p18_politicasculturais\":\"Pol\\u00edticas Culturais\",\"p19_direitoshumanos\":\"Direitos humanos\",\"p19_educacao\":\"Educa\\u00e7\\u00e3o\",\"p19_lutaantirracismo\":\"Luta antirracismo\",\"p19_religiao\":\"Religi\\u00e3o\",\"p19_violencia\":\"Viol\\u00eancia\",\"p20_reunioes\":\"Reuni\\u00f5es\",\"p20_oficinas\":\"Oficinas\",\"p20_oficinasaulasartisticas\":\"Ensaios\\\/Oficinas\\\/Aulas art\\u00edsticas\",\"p20_cursos\":\"Cursos\",\"p20_formacao\":\"Forma\\u00e7\\u00e3o\",\"p21_racismo\":\"Racismo\",\"p21_nenhum\":\"Nenhum\",\"p22_numerodeparticipantes\":\"1  - 15\",\"p23_reunioes\":\"Reuni\\u00f5es\",\"p23_atendimento\":\"Atendimento\",\"p23_oficinas\":\"Oficinas\",\"p23_oficinasaulasartisticas\":\"Ensaio\\\/Oficinas\\\/Aulas Art\\u00edsticas\",\"p23_cursos\":\"Cursos\",\"p23_formacao\":\"Forma\\u00e7\\u00e3o\",\"p23_apresentacoesartisticas\":\"Apresenta\\u00e7\\u00f5es Art\\u00edsticas\",\"p23_visitas\":\"Visitas\",\"p23_outros\":\"Outros\",\"p24_oficinasaulasartisticas\":\"Ensaios\\\/Oficinas\\\/Aulas art\\u00edsticas\",\"p24_curso\":\"Curso\",\"p24_formacao\":\"Forma\\u00e7\\u00e3o\",\"p24_visitasexcursoes\":\"Visitas\\\/Excurs\\u00f5es\",\"p24_outros\":\"Outros\",\"p25_numerodepessoas\":\"40 - 60\",\"p26_numerodepessoas\":\"1 - 20\",\"p27_espacopublico\":\"Espa\\u00e7o p\\u00fablico\",\"p27_espacoproprio\":\"Espa\\u00e7o pr\\u00f3prio\",\"p28_territorios\":\"Pr\\u00f3prio bairro\",\"p30_outrasorganizacoes\":\"N\\u00e3o\",\"p32_campanhadelongaduracao\":\"N\\u00e3o\",\"p34_nenhuma\":\"Nenhuma\",\"p36_conselhosdeparticipacaoecontrolesocial\":\"N\\u00e3o\",\"p38_sim\":\"Sim\",\"p38_nenhum\":\"Nenhum\",\"p40_editais\":\"Sim\",\"p41_privadopf\":\"Privado (P. F\\u00edsica)\",\"p41_autofinanciamento\":\"Autofinanciamento\",\"p42_meiodedivulgacaoproprio\":\"Sim\",\"p43_impressoes\":\"Impressos\",\"p43_email\":\"E-mail\",\"p43_facebook\":\"Facebook\",\"p43_whatsapp\":\"WhatsApp\",\"p43_instagram\":\"Instagram\",\"p43_sitesblogs\":\"Blogs\\\/sites\",\"p44_radio\":\"TV\",\"p44_redessociais\":\"Redes sociais (Facebook, YouTube, Instagram etc.)\",\"p44_sitesblogs\":\"Sites ou Blogs\",\"p39_publico\":\"POPULA\\u00c7\\u00c3O NEGRA\",\"p45_bandeira\":\"LUTA ANTIRRACISMO LUTA CONTRA  POPULA\\u00c7\\u00c3O NEGRA\",\"p46_hashtags\":\"#ANTIRRACISMO #CONTRAOGENOCIDIODAPOPULACAONEGRA #POLITICASAFIRMATIVAS\"},{\"p1_eixo\":\"Cultura\",\"p9_tipoorganizacao\":\"ONG\",\"p12_uf\":\"CE\",\"p13_cidade\":\"MARACANA\\u00da\",\"p16_bairro\":\"Bairro\",\"p17_ano\":\"1991\",\"p16_estado\":\"Estado\",\"p18_comunicacao\":\"Comunica\\u00e7\\u00e3o\",\"p18_desenvolvimentoterritorial\":\"Desenvolvimento territorial\",\"p18_educacao\":\"Educa\\u00e7\\u00e3o\",\"p18_trabalho\":\"Trabalho\",\"p18_religiao\":\"Religi\\u00e3o\",\"p18_violencia\":\"Viol\\u00eancia\",\"p18_politicasculturais\":\"Pol\\u00edticas Culturais\",\"p19_comunicacao\":\"Comunica\\u00e7\\u00e3o\",\"p19_direitoshumanos\":\"Direitos humanos\",\"p19_educacao\":\"Educa\\u00e7\\u00e3o\",\"p19_religiao\":\"Religi\\u00e3o\",\"p19_violencia\":\"Viol\\u00eancia\",\"p20_reunioes\":\"Reuni\\u00f5es\",\"p20_atendimento\":\"Atendimento\",\"p20_oficinas\":\"Oficinas\",\"p20_oficinasaulasartisticas\":\"Ensaios\\\/Oficinas\\\/Aulas art\\u00edsticas\",\"p20_cursos\":\"Cursos\",\"p20_formacao\":\"Forma\\u00e7\\u00e3o\",\"p20_profissionalizacao\":\"Profissionaliza\\u00e7\\u00e3o\",\"p20_apresentacoesartisticas\":\"Apresenta\\u00e7\\u00f5es art\\u00edsticas\",\"p20_visitasexcursoes\":\"Visitas\\\/Excurs\\u00f5es\",\"p21_nenhum\":\"Nenhum\",\"p22_numerodeparticipantes\":\"60 - 75\",\"p23_reunioes\":\"Reuni\\u00f5es\",\"p23_atendimento\":\"Atendimento\",\"p23_oficinas\":\"Oficinas\",\"p23_oficinasaulasartisticas\":\"Ensaio\\\/Oficinas\\\/Aulas Art\\u00edsticas\",\"p23_cursos\":\"Cursos\",\"p23_formacao\":\"Forma\\u00e7\\u00e3o\",\"p23_apresentacoesartisticas\":\"Apresenta\\u00e7\\u00f5es Art\\u00edsticas\",\"p23_visitas\":\"Visitas\",\"p23_outros\":\"Outros\",\"p24_atendimento\":\"Atendimentos\",\"p24_oficinas\":\"Oficinas\",\"p24_oficinasaulasartisticas\":\"Ensaios\\\/Oficinas\\\/Aulas art\\u00edsticas\",\"p24_curso\":\"Curso\",\"p24_formacao\":\"Forma\\u00e7\\u00e3o\",\"p24_profissionalizacao\":\"Profissionaliza\\u00e7\\u00e3o\",\"p24_apresentacoesartisticas\":\"Apresenta\\u00e7\\u00f5es art\\u00edsticas\",\"p24_visitasexcursoes\":\"Visitas\\\/Excurs\\u00f5es\",\"p25_numerodepessoas\":\"40 - 60\",\"p26_numerodepessoas\":\"60 - 80\",\"p27_espacopublico\":\"Espa\\u00e7o p\\u00fablico\",\"p27_espacoproprio\":\"Espa\\u00e7o pr\\u00f3prio\",\"p27_virtual\":\"Virtual\",\"p28_territorios\":\"Pr\\u00f3prio bairro\",\"p30_outrasorganizacoes\":\"Sim\",\"p32_campanhadelongaduracao\":\"Sim\",\"p34_nenhuma\":\"Nenhuma\",\"p36_conselhosdeparticipacaoecontrolesocial\":\"N\\u00e3o\",\"p38_nenhum\":\"Nenhum\",\"p40_editais\":\"N\\u00e3o\",\"p41_privadopf\":\"Privado (P. F\\u00edsica)\",\"p41_autofinanciamento\":\"Autofinanciamento\",\"p42_meiodedivulgacaoproprio\":\"Sim\",\"p43_impressoes\":\"Impressos\",\"p43_email\":\"E-mail\",\"p43_facebook\":\"Facebook\",\"p43_whatsapp\":\"WhatsApp\",\"p43_instagram\":\"Instagram\",\"p43_youtube\":\"YouTube\",\"p44_radio\":\"TV\",\"p44_jornaisimpressosdegrandecirculacao\":\"Jornais impressos de grande circula\\u00e7\\u00e3o\",\"p44_redessociais\":\"Redes sociais (Facebook, YouTube, Instagram etc.)\",\"p44_sitesblogs\":\"Sites ou Blogs\",\"p39_publico\":\"CRIAN\\u00c7AS ADOLESCENTES JOVENS FAMILIAR\",\"p45_bandeira\":\"DIREITO VIDA RELIGI\\u00c3O EVANGELIZA\\u00c7\\u00c3O\",\"p46_hashtags\":\"#ADORADORES, #FACEDEDEUS #ABRIGODAMISERICORDIA\"},{\"p1_eixo\":\"Cultura\",\"p9_tipoorganizacao\":\"ONG\",\"p12_uf\":\"PE\",\"p13_cidade\":\"RECIFE\",\"p16_cidade\":\"Cidade\",\"p17_ano\":\"2013\",\"p16_estado\":\"Estado\",\"p18_comunicacao\":\"Comunica\\u00e7\\u00e3o\",\"p18_desenvolvimentoterritorial\":\"Desenvolvimento territorial\",\"p18_educacao\":\"Educa\\u00e7\\u00e3o\",\"p18_lgbtqi\":\"LGBTQI\",\"p18_lutaantirracismo\":\"Luta antirracismo\",\"p18_povosecomunidadestradicionais\":\"Povos e comunidades tradicionais\",\"p18_trabalho\":\"Trabalho\",\"p18_violencia\":\"Viol\\u00eancia\",\"p18_politicasculturais\":\"Pol\\u00edticas Culturais\",\"p19_comunicacao\":\"Comunica\\u00e7\\u00e3o\",\"p19_educacao\":\"Educa\\u00e7\\u00e3o\",\"p19_lgbtqi\":\"LGBTQI\",\"p19_lutaantirracismo\":\"Luta antirracismo\",\"p19_povosecomunidadestradicionais\":\"Povos e comunidades tradicionais\",\"p19_violencia\":\"Viol\\u00eancia\",\"p20_reunioes\":\"Reuni\\u00f5es\",\"p20_atendimento\":\"Atendimento\",\"p20_oficinas\":\"Oficinas\",\"p20_oficinasaulasartisticas\":\"Ensaios\\\/Oficinas\\\/Aulas art\\u00edsticas\",\"p20_cursos\":\"Cursos\",\"p20_formacao\":\"Forma\\u00e7\\u00e3o\",\"p20_profissionalizacao\":\"Profissionaliza\\u00e7\\u00e3o\",\"p20_apresentacoesartisticas\":\"Apresenta\\u00e7\\u00f5es art\\u00edsticas\",\"p20_visitasexcursoes\":\"Visitas\\\/Excurs\\u00f5es\",\"p21_intoleranciareligiosa\":\"Fundamentalismo\\\/intoler\\u00e2ncia religiosa\",\"p21_racismo\":\"Racismo\",\"p21_lgbtqifobia\":\"LGBTIfobia\",\"p21_nenhum\":\"Nenhum\",\"p22_numerodeparticipantes\":\"1  - 15\",\"p23_reunioes\":\"Reuni\\u00f5es\",\"p23_oficinas\":\"Oficinas\",\"p23_oficinasaulasartisticas\":\"Ensaio\\\/Oficinas\\\/Aulas Art\\u00edsticas\",\"p23_cursos\":\"Cursos\",\"p23_formacao\":\"Forma\\u00e7\\u00e3o\",\"p23_apresentacoesartisticas\":\"Apresenta\\u00e7\\u00f5es Art\\u00edsticas\",\"p24_reunioes\":\"Reuni\\u00f5es\",\"p24_atendimento\":\"Atendimentos\",\"p24_oficinas\":\"Oficinas\",\"p24_oficinasaulasartisticas\":\"Ensaios\\\/Oficinas\\\/Aulas art\\u00edsticas\",\"p24_curso\":\"Curso\",\"p24_profissionalizacao\":\"Profissionaliza\\u00e7\\u00e3o\",\"p24_apresentacoesartisticas\":\"Apresenta\\u00e7\\u00f5es art\\u00edsticas\",\"p24_visitasexcursoes\":\"Visitas\\\/Excurs\\u00f5es\",\"p25_numerodepessoas\":\"Mais de 500\",\"p26_numerodepessoas\":\"80 - 100\",\"p27_espacopublico\":\"Espa\\u00e7o p\\u00fablico\",\"p27_virtual\":\"Virtual\",\"p28_territorios\":\"Estado\",\"p30_outrasorganizacoes\":\"Sim\",\"p32_campanhadelongaduracao\":\"Sim\",\"p34_nenhuma\":\"Nenhuma\",\"p36_conselhosdeparticipacaoecontrolesocial\":\"N\\u00e3o\",\"p38_nenhum\":\"Nenhum\",\"p40_editais\":\"N\\u00e3o\",\"p41_autofinanciamento\":\"Autofinanciamento\",\"p41_financiamentocoletivo0\":\"Financiamento coletivo\",\"p42_meiodedivulgacaoproprio\":\"Sim\",\"p43_impressoes\":\"Impressos\",\"p43_email\":\"E-mail\",\"p43_facebook\":\"Facebook\",\"p43_whatsapp\":\"WhatsApp\",\"p43_instagram\":\"Instagram\",\"p43_youtube\":\"YouTube\",\"p44_radio\":\"TV\",\"p44_jornaisimpressosdegrandecirculacao\":\"Jornais impressos de grande circula\\u00e7\\u00e3o\",\"p44_redessociais\":\"Redes sociais (Facebook, YouTube, Instagram etc.)\",\"p44_sitesblogs\":\"Sites ou Blogs\",\"p39_publico\":\"CRIAN\\u00c7AS ADOLESCENTES\",\"p45_bandeira\":\"DIMINUIR DESIGUALDADES COMUNIDADES PERIF\\u00c9RICAS\",\"p46_hashtags\":\"#PERIFERIA #CIDADANIA #LITERATURA\"},{\"p1_eixo\":\"Cultura\",\"p9_tipoorganizacao\":\"Coletivo\",\"p12_uf\":\"MT\",\"p13_cidade\":\"V\\u00c1RZEA GRANDE\",\"p16_cidade\":\"Cidade\",\"p16_nacional\":\"Nacional\",\"p17_ano\":\"2015\",\"p18_comunicacao\":\"Comunica\\u00e7\\u00e3o\",\"p18_difusaoartistica\":\"Difus\\u00e3o Art\\u00edstica\",\"p18_direitoshumanos\":\"Direitos humanos\",\"p18_educacao\":\"Educa\\u00e7\\u00e3o\",\"p18_feminismos\":\"Feminismos\",\"p18_lgbtqi\":\"LGBTQI\",\"p18_lutaantirracismo\":\"Luta antirracismo\",\"p18_mobilidade\":\"Mobilidade\",\"p18_povosecomunidadestradicionais\":\"Povos e comunidades tradicionais\",\"p18_trabalho\":\"Trabalho\",\"p18_saude\":\"Sa\\u00fade\",\"p18_violencia\":\"Viol\\u00eancia\",\"p18_politicasculturais\":\"Pol\\u00edticas Culturais\",\"p19_lgbtqi\":\"LGBTQI\",\"p19_lutaantirracismo\":\"Luta antirracismo\",\"p19_povosecomunidadestradicionais\":\"Povos e comunidades tradicionais\",\"p19_difusaoartistica\":\"Difus\\u00e3o Art\\u00edstica\",\"p19_politicasculturais\":\"Pol\\u00edticas Culturais\",\"p20_reunioes\":\"Reuni\\u00f5es\",\"p20_atendimento\":\"Atendimento\",\"p20_oficinas\":\"Oficinas\",\"p20_oficinasaulasartisticas\":\"Ensaios\\\/Oficinas\\\/Aulas art\\u00edsticas\",\"p20_cursos\":\"Cursos\",\"p20_apresentacoesartisticas\":\"Apresenta\\u00e7\\u00f5es art\\u00edsticas\",\"p20_visitasexcursoes\":\"Visitas\\\/Excurs\\u00f5es\",\"p21_repressaopolicial\":\"Repress\\u00e3o policial\",\"p21_intoleranciareligiosa\":\"Fundamentalismo\\\/intoler\\u00e2ncia religiosa\",\"p21_machismo\":\"Machismo\",\"p21_racismo\":\"Racismo\",\"p21_lgbtqifobia\":\"LGBTIfobia\",\"p21_enfrentamentocomgruposprivadosarmados\":\"Enfrentamento com grupos privados armados\",\"p22_numerodeparticipantes\":\"1  - 15\",\"p23_reunioes\":\"Reuni\\u00f5es\",\"p23_atendimento\":\"Atendimento\",\"p23_oficinas\":\"Oficinas\",\"p23_oficinasaulasartisticas\":\"Ensaio\\\/Oficinas\\\/Aulas Art\\u00edsticas\",\"p23_cursos\":\"Cursos\",\"p23_formacao\":\"Forma\\u00e7\\u00e3o\",\"p23_apresentacoesartisticas\":\"Apresenta\\u00e7\\u00f5es Art\\u00edsticas\",\"p23_visitas\":\"Visitas\",\"p24_reunioes\":\"Reuni\\u00f5es\",\"p24_oficinas\":\"Oficinas\",\"p24_oficinasaulasartisticas\":\"Ensaios\\\/Oficinas\\\/Aulas art\\u00edsticas\",\"p24_curso\":\"Curso\",\"p24_apresentacoesartisticas\":\"Apresenta\\u00e7\\u00f5es art\\u00edsticas\",\"p24_outros\":\"Outros\",\"p25_numerodepessoas\":\"100 - 200\",\"p26_numerodepessoas\":\"80 - 100\",\"p27_espacopublico\":\"Espa\\u00e7o p\\u00fablico\",\"p27_espacoemprestadocedido\":\"Espa\\u00e7o emprestado\\\/cedido\",\"p27_espacoproprio\":\"Espa\\u00e7o pr\\u00f3prio\",\"p27_ocupacao\":\"Ocupa\\u00e7\\u00e3o\",\"p28_territorios\":\"Cidade\",\"p30_outrasorganizacoes\":\"Sim\",\"p32_campanhadelongaduracao\":\"Sim\",\"p34_municipal\":\"Municipal\",\"p34_nenhuma\":\"Nenhuma\",\"p36_conselhosdeparticipacaoecontrolesocial\":\"Sim\",\"p38_nenhum\":\"Nenhum\",\"p40_editais\":\"Sim\",\"p41_autofinanciamento\":\"Autofinanciamento\",\"p41_financiamentocoletivo0\":\"Financiamento coletivo\",\"p42_meiodedivulgacaoproprio\":\"Sim\",\"p43_impressoes\":\"Impressos\",\"p43_email\":\"E-mail\",\"p43_facebook\":\"Facebook\",\"p43_whatsapp\":\"WhatsApp\",\"p43_instagram\":\"Instagram\",\"p44_redessociais\":\"Redes sociais (Facebook, YouTube, Instagram etc.)\",\"p44_sitesblogs\":\"Sites ou Blogs\",\"p39_publico\":\"TODOS\",\"p45_bandeira\":\"PROMO\\u00c7\\u00c3O IGUALDADE RACIAL COMBATE LGBTFOBIA COMBATE RACISMO\",\"p46_hashtags\":\"#RELACOESRACIAIS #COLETIVONEGRO #RACISMO\"},{\"p1_eixo\":\"Cultura\",\"p9_tipoorganizacao\":\"Coletivo Art\\u00edstico\",\"p12_uf\":\"SP\",\"p13_cidade\":\"S\\u00c3O PAULO\",\"p16_nacional\":\"Nacional\",\"p17_ano\":\"2009\",\"p16_estado\":\"Estado\",\"p18_comunicacao\":\"Comunica\\u00e7\\u00e3o\",\"p18_difusaoartistica\":\"Difus\\u00e3o Art\\u00edstica\",\"p18_desenvolvimentoterritorial\":\"Desenvolvimento territorial\",\"p18_direitoshumanos\":\"Direitos humanos\",\"p18_educacao\":\"Educa\\u00e7\\u00e3o\",\"p18_feminismos\":\"Feminismos\",\"p18_lgbtqi\":\"LGBTQI\",\"p18_lutaantirracismo\":\"Luta antirracismo\",\"p18_mobilidade\":\"Mobilidade\",\"p18_povosecomunidadestradicionais\":\"Povos e comunidades tradicionais\",\"p18_trabalho\":\"Trabalho\",\"p18_saude\":\"Sa\\u00fade\",\"p18_violencia\":\"Viol\\u00eancia\",\"p18_politicasculturais\":\"Pol\\u00edticas Culturais\",\"p19_direitoshumanos\":\"Direitos humanos\",\"p19_lgbtqi\":\"LGBTQI\",\"p19_lutaantirracismo\":\"Luta antirracismo\",\"p19_violencia\":\"Viol\\u00eancia\",\"p19_difusaoartistica\":\"Difus\\u00e3o Art\\u00edstica\",\"p19_politicasculturais\":\"Pol\\u00edticas Culturais\",\"p20_reunioes\":\"Reuni\\u00f5es\",\"p20_atendimento\":\"Atendimento\",\"p20_oficinas\":\"Oficinas\",\"p20_oficinasaulasartisticas\":\"Ensaios\\\/Oficinas\\\/Aulas art\\u00edsticas\",\"p20_visitasexcursoes\":\"Visitas\\\/Excurs\\u00f5es\",\"p21_repressaopolicial\":\"Repress\\u00e3o policial\",\"p21_machismo\":\"Machismo\",\"p21_racismo\":\"Racismo\",\"p21_lgbtqifobia\":\"LGBTIfobia\",\"p21_enfrentamentocomgruposprivadosarmados\":\"Enfrentamento com grupos privados armados\",\"p22_numerodeparticipantes\":\"1  - 15\",\"p23_atendimento\":\"Atendimento\",\"p23_oficinas\":\"Oficinas\",\"p23_oficinasaulasartisticas\":\"Ensaio\\\/Oficinas\\\/Aulas Art\\u00edsticas\",\"p23_apresentacoesartisticas\":\"Apresenta\\u00e7\\u00f5es Art\\u00edsticas\",\"p23_visitas\":\"Visitas\",\"p23_outros\":\"Outros\",\"p24_reunioes\":\"Reuni\\u00f5es\",\"p24_oficinas\":\"Oficinas\",\"p24_outros\":\"Outros\",\"p25_numerodepessoas\":\"40 - 60\",\"p26_numerodepessoas\":\"40 - 60\",\"p27_espacopublico\":\"Espa\\u00e7o p\\u00fablico\",\"p27_espacoemprestadocedido\":\"Espa\\u00e7o emprestado\\\/cedido\",\"p27_espacoproprio\":\"Espa\\u00e7o pr\\u00f3prio\",\"p27_ocupacao\":\"Ocupa\\u00e7\\u00e3o\",\"p28_territorios\":\"Atua\\u00e7\\u00e3o Nacional\",\"p30_outrasorganizacoes\":\"Sim\",\"p32_campanhadelongaduracao\":\"N\\u00e3o\",\"p34_municipal\":\"Municipal\",\"p34_nenhuma\":\"Nenhuma\",\"p36_conselhosdeparticipacaoecontrolesocial\":\"N\\u00e3o\",\"p38_sim\":\"Sim\",\"p38_nenhum\":\"Nenhum\",\"p40_editais\":\"N\\u00e3o\",\"p41_autofinanciamento\":\"Autofinanciamento\",\"p41_financiamentocoletivo0\":\"Financiamento coletivo\",\"p42_meiodedivulgacaoproprio\":\"Sim\",\"p43_email\":\"E-mail\",\"p43_facebook\":\"Facebook\",\"p43_whatsapp\":\"WhatsApp\",\"p43_instagram\":\"Instagram\",\"p44_redessociais\":\"Redes sociais (Facebook, YouTube, Instagram etc.)\",\"p44_sitesblogs\":\"Sites ou Blogs\",\"p39_publico\":\"JOVENS\",\"p45_bandeira\":\"LUTAS SOCIAIS LUTA PERIFERIA\",\"p46_hashtags\":\"#MUITOAMORSEMPRE\"},{\"p1_eixo\":\"Trabalho\",\"p9_tipoorganizacao\":\"Coletivo\",\"p12_uf\":\"ES\",\"p13_cidade\":\"SERRA\",\"p16_nacional\":\"Nacional\",\"p17_ano\":\"2018\",\"p16_estado\":\"Estado\",\"p18_comunicacao\":\"Comunica\\u00e7\\u00e3o\",\"p18_difusaoartistica\":\"Difus\\u00e3o Art\\u00edstica\",\"p18_desenvolvimentoterritorial\":\"Desenvolvimento territorial\",\"p18_direitoshumanos\":\"Direitos humanos\",\"p18_educacao\":\"Educa\\u00e7\\u00e3o\",\"p18_feminismos\":\"Feminismos\",\"p18_lgbtqi\":\"LGBTQI\",\"p18_mobilidade\":\"Mobilidade\",\"p18_povosecomunidadestradicionais\":\"Povos e comunidades tradicionais\",\"p18_trabalho\":\"Trabalho\",\"p18_saude\":\"Sa\\u00fade\",\"p18_violencia\":\"Viol\\u00eancia\",\"p18_politicasculturais\":\"Pol\\u00edticas Culturais\",\"p19_direitoshumanos\":\"Direitos humanos\",\"p19_lgbtqi\":\"LGBTQI\",\"p19_lutaantirracismo\":\"Luta antirracismo\",\"p19_povosecomunidadestradicionais\":\"Povos e comunidades tradicionais\",\"p19_violencia\":\"Viol\\u00eancia\",\"p20_reunioes\":\"Reuni\\u00f5es\",\"p20_atendimento\":\"Atendimento\",\"p20_oficinas\":\"Oficinas\",\"p20_oficinasaulasartisticas\":\"Ensaios\\\/Oficinas\\\/Aulas art\\u00edsticas\",\"p20_cursos\":\"Cursos\",\"p20_formacao\":\"Forma\\u00e7\\u00e3o\",\"p20_profissionalizacao\":\"Profissionaliza\\u00e7\\u00e3o\",\"p20_apresentacoesartisticas\":\"Apresenta\\u00e7\\u00f5es art\\u00edsticas\",\"p20_visitasexcursoes\":\"Visitas\\\/Excurs\\u00f5es\",\"p21_repressaopolicial\":\"Repress\\u00e3o policial\",\"p21_intoleranciareligiosa\":\"Fundamentalismo\\\/intoler\\u00e2ncia religiosa\",\"p21_machismo\":\"Machismo\",\"p21_racismo\":\"Racismo\",\"p21_lgbtqifobia\":\"LGBTIfobia\",\"p21_enfrentamentocomgruposprivadosarmados\":\"Enfrentamento com grupos privados armados\",\"p22_numerodeparticipantes\":\"1  - 15\",\"p23_reunioes\":\"Reuni\\u00f5es\",\"p23_atendimento\":\"Atendimento\",\"p23_oficinas\":\"Oficinas\",\"p23_oficinasaulasartisticas\":\"Ensaio\\\/Oficinas\\\/Aulas Art\\u00edsticas\",\"p23_cursos\":\"Cursos\",\"p23_formacao\":\"Forma\\u00e7\\u00e3o\",\"p23_profissionalizacao\":\"Profissionaliza\\u00e7\\u00e3o\",\"p23_apresentacoesartisticas\":\"Apresenta\\u00e7\\u00f5es Art\\u00edsticas\",\"p23_visitas\":\"Visitas\",\"p23_excursoes\":\"Excurs\\u00f5es\",\"p23_outros\":\"Outros\",\"p24_reunioes\":\"Reuni\\u00f5es\",\"p24_oficinas\":\"Oficinas\",\"p24_profissionalizacao\":\"Profissionaliza\\u00e7\\u00e3o\",\"p24_outros\":\"Outros\",\"p25_numerodepessoas\":\"Mais de 500\",\"p26_numerodepessoas\":\"1 - 20\",\"p27_espacoproprio\":\"Espa\\u00e7o pr\\u00f3prio\",\"p27_ocupacao\":\"Ocupa\\u00e7\\u00e3o\",\"p28_territorios\":\"Estado\",\"p30_outrasorganizacoes\":\"Sim\",\"p32_campanhadelongaduracao\":\"N\\u00e3o\",\"p34_nacional\":\"Nacional\",\"p34_nenhuma\":\"Nenhuma\",\"p36_conselhosdeparticipacaoecontrolesocial\":\"N\\u00e3o\",\"p38_sim\":\"Sim\",\"p40_editais\":\"N\\u00e3o\",\"p41_autofinanciamento\":\"Autofinanciamento\",\"p42_meiodedivulgacaoproprio\":\"Sim\",\"p43_email\":\"E-mail\",\"p43_facebook\":\"Facebook\",\"p43_whatsapp\":\"WhatsApp\",\"p43_instagram\":\"Instagram\",\"p43_twitter\":\"Twitter\",\"p44_redessociais\":\"Redes sociais (Facebook, YouTube, Instagram etc.)\",\"p44_sitesblogs\":\"Sites ou Blogs\",\"p39_publico\":\"MULHERES GAYS PERIFERIAS\",\"p45_bandeira\":\"VISIBILIDADE MULHER NEGRA CATEGORIAS EMPODERAMENTO\",\"p46_hashtags\":\"#GENERO #RACA #CLASSE\"},{\"p1_eixo\":\"Cultura\",\"p9_tipoorganizacao\":\"Associa\\u00e7\\u00e3o\",\"p12_uf\":\"SP\",\"p13_cidade\":\"S\\u00c3O ROQUE\",\"p16_nacional\":\"Nacional\",\"p17_ano\":\"2008\",\"p16_estado\":\"Estado\",\"p18_direitoshumanos\":\"Direitos humanos\",\"p18_educacao\":\"Educa\\u00e7\\u00e3o\",\"p18_feminismos\":\"Feminismos\",\"p18_lgbtqi\":\"LGBTQI\",\"p18_lutaantirracismo\":\"Luta antirracismo\",\"p18_povosecomunidadestradicionais\":\"Povos e comunidades tradicionais\",\"p18_trabalho\":\"Trabalho\",\"p18_violencia\":\"Viol\\u00eancia\",\"p18_politicasculturais\":\"Pol\\u00edticas Culturais\",\"p19_direitoshumanos\":\"Direitos humanos\",\"p19_educacao\":\"Educa\\u00e7\\u00e3o\",\"p19_lutaantirracismo\":\"Luta antirracismo\",\"p19_povosecomunidadestradicionais\":\"Povos e comunidades tradicionais\",\"p20_reunioes\":\"Reuni\\u00f5es\",\"p20_atendimento\":\"Atendimento\",\"p20_oficinas\":\"Oficinas\",\"p20_oficinasaulasartisticas\":\"Ensaios\\\/Oficinas\\\/Aulas art\\u00edsticas\",\"p20_cursos\":\"Cursos\",\"p20_formacao\":\"Forma\\u00e7\\u00e3o\",\"p20_profissionalizacao\":\"Profissionaliza\\u00e7\\u00e3o\",\"p20_apresentacoesartisticas\":\"Apresenta\\u00e7\\u00f5es art\\u00edsticas\",\"p20_visitasexcursoes\":\"Visitas\\\/Excurs\\u00f5es\",\"p21_repressaopolicial\":\"Repress\\u00e3o policial\",\"p21_intoleranciareligiosa\":\"Fundamentalismo\\\/intoler\\u00e2ncia religiosa\",\"p21_machismo\":\"Machismo\",\"p21_racismo\":\"Racismo\",\"p21_enfrentamentocomgruposprivadosarmados\":\"Enfrentamento com grupos privados armados\",\"p22_numerodeparticipantes\":\"Mais de 90\",\"p23_reunioes\":\"Reuni\\u00f5es\",\"p23_atendimento\":\"Atendimento\",\"p23_oficinas\":\"Oficinas\",\"p23_oficinasaulasartisticas\":\"Ensaio\\\/Oficinas\\\/Aulas Art\\u00edsticas\",\"p23_cursos\":\"Cursos\",\"p23_formacao\":\"Forma\\u00e7\\u00e3o\",\"p23_profissionalizacao\":\"Profissionaliza\\u00e7\\u00e3o\",\"p23_apresentacoesartisticas\":\"Apresenta\\u00e7\\u00f5es Art\\u00edsticas\",\"p23_visitas\":\"Visitas\",\"p23_excursoes\":\"Excurs\\u00f5es\",\"p24_oficinas\":\"Oficinas\",\"p24_formacao\":\"Forma\\u00e7\\u00e3o\",\"p24_profissionalizacao\":\"Profissionaliza\\u00e7\\u00e3o\",\"p24_apresentacoesartisticas\":\"Apresenta\\u00e7\\u00f5es art\\u00edsticas\",\"p25_numerodepessoas\":\"60 - 80\",\"p26_numerodepessoas\":\"40 - 60\",\"p27_espacopublico\":\"Espa\\u00e7o p\\u00fablico\",\"p27_espacoemprestadocedido\":\"Espa\\u00e7o emprestado\\\/cedido\",\"p27_espacoproprio\":\"Espa\\u00e7o pr\\u00f3prio\",\"p27_virtual\":\"Virtual\",\"p27_ocupacao\":\"Ocupa\\u00e7\\u00e3o\",\"p28_territorios\":\"Pr\\u00f3prio bairro\",\"p30_outrasorganizacoes\":\"Sim\",\"p32_campanhadelongaduracao\":\"N\\u00e3o\",\"p34_nacional\":\"Nacional\",\"p34_nenhuma\":\"Nenhuma\",\"p36_conselhosdeparticipacaoecontrolesocial\":\"N\\u00e3o\",\"p38_sim\":\"Sim\",\"p38_nenhum\":\"Nenhum\",\"p40_editais\":\"Sim\",\"p41_autofinanciamento\":\"Autofinanciamento\",\"p42_meiodedivulgacaoproprio\":\"Sim\",\"p43_email\":\"E-mail\",\"p43_facebook\":\"Facebook\",\"p43_whatsapp\":\"WhatsApp\",\"p43_instagram\":\"Instagram\",\"p43_twitter\":\"Twitter\",\"p44_radio\":\"R\\u00e1dio\",\"p44_redessociais\":\"Redes sociais (Facebook, YouTube, Instagram etc.)\",\"p44_sitesblogs\":\"Sites ou Blogs\",\"p39_publico\":\"QUILOMBOLAS\",\"p45_bandeira\":\"SOCIALISMO QUILOMBOLA\",\"p46_hashtags\":\"#QUILOMBO #SOCIALISMO #NEGRO\"},{\"p1_eixo\":\"Cultura\",\"p9_tipoorganizacao\":\"Coletivo\",\"p12_uf\":\"CE\",\"p13_cidade\":\"QUIXERAMOBIM\",\"p16_cidade\":\"Cidade\",\"p17_ano\":\"2016\",\"p16_estado\":\"Estado\",\"p18_comunicacao\":\"Comunica\\u00e7\\u00e3o\",\"p18_difusaoartistica\":\"Difus\\u00e3o Art\\u00edstica\",\"p18_direitoshumanos\":\"Direitos humanos\",\"p18_educacao\":\"Educa\\u00e7\\u00e3o\",\"p18_feminismos\":\"Feminismos\",\"p18_lgbtqi\":\"LGBTQI\",\"p18_lutaantirracismo\":\"Luta antirracismo\",\"p18_povosecomunidadestradicionais\":\"Povos e comunidades tradicionais\",\"p18_trabalho\":\"Trabalho\",\"p18_violencia\":\"Viol\\u00eancia\",\"p18_politicasculturais\":\"Pol\\u00edticas Culturais\",\"p19_direitoshumanos\":\"Direitos humanos\",\"p19_educacao\":\"Educa\\u00e7\\u00e3o\",\"p19_lutaantirracismo\":\"Luta antirracismo\",\"p20_reunioes\":\"Reuni\\u00f5es\",\"p20_oficinas\":\"Oficinas\",\"p20_oficinasaulasartisticas\":\"Ensaios\\\/Oficinas\\\/Aulas art\\u00edsticas\",\"p20_formacao\":\"Forma\\u00e7\\u00e3o\",\"p21_racismo\":\"Racismo\",\"p22_numerodeparticipantes\":\"1  - 15\",\"p23_reunioes\":\"Reuni\\u00f5es\",\"p23_oficinas\":\"Oficinas\",\"p23_oficinasaulasartisticas\":\"Ensaio\\\/Oficinas\\\/Aulas Art\\u00edsticas\",\"p23_formacao\":\"Forma\\u00e7\\u00e3o\",\"p24_oficinas\":\"Oficinas\",\"p24_oficinasaulasartisticas\":\"Ensaios\\\/Oficinas\\\/Aulas art\\u00edsticas\",\"p24_formacao\":\"Forma\\u00e7\\u00e3o\",\"p24_apresentacoesartisticas\":\"Apresenta\\u00e7\\u00f5es art\\u00edsticas\",\"p25_numerodepessoas\":\"20 - 40\",\"p26_numerodepessoas\":\"100 - 200\",\"p27_espacopublico\":\"Espa\\u00e7o p\\u00fablico\",\"p27_espacoemprestadocedido\":\"Espa\\u00e7o emprestado\\\/cedido\",\"p27_virtual\":\"Virtual\",\"p28_territorios\":\"Estado\",\"p30_outrasorganizacoes\":\"Sim\",\"p32_campanhadelongaduracao\":\"N\\u00e3o\",\"p34_municipal\":\"Municipal\",\"p34_nenhuma\":\"Nenhuma\",\"p36_conselhosdeparticipacaoecontrolesocial\":\"N\\u00e3o\",\"p38_sim\":\"Sim\",\"p38_nenhum\":\"Nenhum\",\"p40_editais\":\"N\\u00e3o\",\"p41_autofinanciamento\":\"Autofinanciamento\",\"p42_meiodedivulgacaoproprio\":\"Sim\",\"p43_email\":\"E-mail\",\"p43_facebook\":\"Facebook\",\"p43_whatsapp\":\"WhatsApp\",\"p43_instagram\":\"Instagram\",\"p43_youtube\":\"YouTube\",\"p44_radio\":\"R\\u00e1dio\",\"p44_redessociais\":\"Redes sociais (Facebook, YouTube, Instagram etc.)\",\"p44_sitesblogs\":\"Sites ou Blogs\",\"p39_publico\":\"A JUVENTUDE NEGRA CEARENSE\",\"p45_bandeira\":\"LUTA  ANTIRRACISMO  LUTA CONTRA  LUTA CONTRALGBTFOBIA\",\"p46_hashtags\":\"#POVONEGROUNIDO\\u00c9POVONEGROFORTE  #VIDASNEGRASIMPORTAM  #BLACKISBEAUTIFUL\"},{\"p1_eixo\":\"Cultura\",\"p9_tipoorganizacao\":\"Coletivo Art\\u00edstico\",\"p12_uf\":\"RJ\",\"p13_cidade\":\"NOVA IGUA\\u00c7U\",\"p16_bairro\":\"Bairro\",\"p16_cidade\":\"Cidade\",\"p17_ano\":\"2018\",\"p18_comunicacao\":\"Comunica\\u00e7\\u00e3o\",\"p18_difusaoartistica\":\"Difus\\u00e3o Art\\u00edstica\",\"p18_desenvolvimentoterritorial\":\"Desenvolvimento territorial\",\"p18_direitoshumanos\":\"Direitos humanos\",\"p18_educacao\":\"Educa\\u00e7\\u00e3o\",\"p18_feminismos\":\"Feminismos\",\"p18_lgbtqi\":\"LGBTQI\",\"p18_lutaantirracismo\":\"Luta antirracismo\",\"p18_moradia\":\"Moradia\",\"p18_povosecomunidadestradicionais\":\"Povos e comunidades tradicionais\",\"p18_violencia\":\"Viol\\u00eancia\",\"p18_politicasculturais\":\"Pol\\u00edticas Culturais\",\"p19_direitoshumanos\":\"Direitos humanos\",\"p19_educacao\":\"Educa\\u00e7\\u00e3o\",\"p19_lutaantirracismo\":\"Luta antirracismo\",\"p19_moradia\":\"Moradia\",\"p20_reunioes\":\"Reuni\\u00f5es\",\"p20_oficinas\":\"Oficinas\",\"p20_oficinasaulasartisticas\":\"Ensaios\\\/Oficinas\\\/Aulas art\\u00edsticas\",\"p20_apresentacoesartisticas\":\"Apresenta\\u00e7\\u00f5es art\\u00edsticas\",\"p20_visitasexcursoes\":\"Visitas\\\/Excurs\\u00f5es\",\"p21_intoleranciareligiosa\":\"Fundamentalismo\\\/intoler\\u00e2ncia religiosa\",\"p21_machismo\":\"Machismo\",\"p21_racismo\":\"Racismo\",\"p22_numerodeparticipantes\":\"1  - 15\",\"p23_reunioes\":\"Reuni\\u00f5es\",\"p23_oficinas\":\"Oficinas\",\"p23_oficinasaulasartisticas\":\"Ensaio\\\/Oficinas\\\/Aulas Art\\u00edsticas\",\"p23_visitas\":\"Visitas\",\"p24_oficinasaulasartisticas\":\"Ensaios\\\/Oficinas\\\/Aulas art\\u00edsticas\",\"p24_apresentacoesartisticas\":\"Apresenta\\u00e7\\u00f5es art\\u00edsticas\",\"p24_visitasexcursoes\":\"Visitas\\\/Excurs\\u00f5es\",\"p25_numerodepessoas\":\"40 - 60\",\"p26_numerodepessoas\":\"40 - 60\",\"p27_espacopublico\":\"Espa\\u00e7o p\\u00fablico\",\"p27_espacoemprestadocedido\":\"Espa\\u00e7o emprestado\\\/cedido\",\"p28_territorios\":\"Cidade\",\"p30_outrasorganizacoes\":\"N\\u00e3o\",\"p32_campanhadelongaduracao\":\"N\\u00e3o\",\"p34_municipal\":\"Municipal\",\"p36_conselhosdeparticipacaoecontrolesocial\":\"N\\u00e3o\",\"p38_sim\":\"Sim\",\"p38_nenhum\":\"Nenhum\",\"p40_editais\":\"N\\u00e3o\",\"p41_autofinanciamento\":\"Autofinanciamento\",\"p42_meiodedivulgacaoproprio\":\"Sim\",\"p43_email\":\"E-mail\",\"p43_facebook\":\"Facebook\",\"p43_instagram\":\"Instagram\",\"p43_youtube\":\"YouTube\",\"p44_radio\":\"TV\",\"p44_redessociais\":\"Redes sociais (Facebook, YouTube, Instagram etc.)\",\"p39_publico\":\"INFANTO JUVENIL MULHERES NEGRAS\",\"p45_bandeira\":\"LUTA ANTIRRACISTA VALORIZA\\u00c7\\u00c3O CULTURA AFRODESCENDENTE PRODU\\u00c7\\u00c3O CULTURAL ART\\u00cdSTICA NEGRA PERIF\\u00c9RICA\",\"p46_hashtags\":\"#REPRESENTATIVIDADEIMPORTA #BENGUENASESCOLAS #NOSPORNOS\"},{\"p1_eixo\":\"Cultura\",\"p9_tipoorganizacao\":\"ONG\",\"p12_uf\":\"CE\",\"p13_cidade\":\"FORTALEZA\",\"p16_bairro\":\"Bairro\",\"p16_nacional\":\"Nacional\",\"p17_ano\":\"2015\",\"p18_difusaoartistica\":\"Difus\\u00e3o Art\\u00edstica\",\"p18_desenvolvimentoterritorial\":\"Desenvolvimento territorial\",\"p18_direitoshumanos\":\"Direitos humanos\",\"p18_educacao\":\"Educa\\u00e7\\u00e3o\",\"p18_feminismos\":\"Feminismos\",\"p18_lgbtqi\":\"LGBTQI\",\"p18_lutaantirracismo\":\"Luta antirracismo\",\"p18_moradia\":\"Moradia\",\"p18_povosecomunidadestradicionais\":\"Povos e comunidades tradicionais\",\"p18_violencia\":\"Viol\\u00eancia\",\"p19_direitoshumanos\":\"Direitos humanos\",\"p19_lutaantirracismo\":\"Luta antirracismo\",\"p19_moradia\":\"Moradia\",\"p19_povosecomunidadestradicionais\":\"Povos e comunidades tradicionais\",\"p19_difusaoartistica\":\"Difus\\u00e3o Art\\u00edstica\",\"p19_politicasculturais\":\"Pol\\u00edticas Culturais\",\"p20_reunioes\":\"Reuni\\u00f5es\",\"p20_oficinas\":\"Oficinas\",\"p20_oficinasaulasartisticas\":\"Ensaios\\\/Oficinas\\\/Aulas art\\u00edsticas\",\"p20_apresentacoesartisticas\":\"Apresenta\\u00e7\\u00f5es art\\u00edsticas\",\"p20_visitasexcursoes\":\"Visitas\\\/Excurs\\u00f5es\",\"p21_intoleranciareligiosa\":\"Fundamentalismo\\\/intoler\\u00e2ncia religiosa\",\"p21_machismo\":\"Machismo\",\"p21_nenhum\":\"Nenhum\",\"p22_numerodeparticipantes\":\"1  - 15\",\"p23_reunioes\":\"Reuni\\u00f5es\",\"p23_oficinas\":\"Oficinas\",\"p23_oficinasaulasartisticas\":\"Ensaio\\\/Oficinas\\\/Aulas Art\\u00edsticas\",\"p23_apresentacoesartisticas\":\"Apresenta\\u00e7\\u00f5es Art\\u00edsticas\",\"p23_visitas\":\"Visitas\",\"p24_reunioes\":\"Reuni\\u00f5es\",\"p24_oficinas\":\"Oficinas\",\"p24_oficinasaulasartisticas\":\"Ensaios\\\/Oficinas\\\/Aulas art\\u00edsticas\",\"p24_apresentacoesartisticas\":\"Apresenta\\u00e7\\u00f5es art\\u00edsticas\",\"p24_visitasexcursoes\":\"Visitas\\\/Excurs\\u00f5es\",\"p25_numerodepessoas\":\"1 - 20\",\"p26_numerodepessoas\":\"40 - 60\",\"p27_espacopublico\":\"Espa\\u00e7o p\\u00fablico\",\"p27_espacoemprestadocedido\":\"Espa\\u00e7o emprestado\\\/cedido\",\"p27_espacoproprio\":\"Espa\\u00e7o pr\\u00f3prio\",\"p28_territorios\":\"Pr\\u00f3prio bairro\",\"p30_outrasorganizacoes\":\"Sim\",\"p32_campanhadelongaduracao\":\"N\\u00e3o\",\"p34_municipal\":\"Municipal\",\"p34_nacional\":\"Nacional\",\"p36_conselhosdeparticipacaoecontrolesocial\":\"Sim\",\"p38_sim\":\"Sim\",\"p38_nenhum\":\"Nenhum\",\"p40_editais\":\"Sim\",\"p41_autofinanciamento\":\"Autofinanciamento\",\"p42_meiodedivulgacaoproprio\":\"Sim\",\"p43_email\":\"E-mail\",\"p43_facebook\":\"Facebook\",\"p43_whatsapp\":\"WhatsApp\",\"p43_instagram\":\"Instagram\",\"p43_radio\":\"R\\u00e1dio\",\"p43_youtube\":\"YouTube\",\"p44_radio\":\"TV\",\"p44_jornaisimpressosdebairro\":\"Jornais impressos de bairro\",\"p44_redessociais\":\"Redes sociais (Facebook, YouTube, Instagram etc.)\",\"p39_publico\":\"CRIAN\\u00c7AS ADOLESCENTES MORADORES BAIRRO SERVILUZ\",\"p45_bandeira\":\"DEFESA DIREITOS HUMANOS LUTA MORADIA DEFESA DIREITOS CRIAN\\u00c7A ADOLESCENTE ANTIRRACISMO ANTISEXISMO DIVERSIDADE LIBERDADE RELIGIOSA REDU\\u00c7\\u00c3O DANOS DEFESA DIREITOS POVOS IND\\u00cdGENAS DIREITO EDUCA\\u00c7\\u00c3O LIBERDADE EXPRESS\\u00c3O\",\"p46_hashtags\":\"#DIREITOSHUMANOS #SERVILUZEZEIS #CADAVIDAIMPORTA\"},{\"p1_eixo\":\"Cultura\",\"p9_tipoorganizacao\":\"ONG\",\"p12_uf\":\"RJ\",\"p13_cidade\":\"NOVA IGUA\\u00c7U\",\"p16_nacional\":\"Nacional\",\"p17_ano\":\"2002\",\"p18_difusaoartistica\":\"Difus\\u00e3o Art\\u00edstica\",\"p18_desenvolvimentoterritorial\":\"Desenvolvimento territorial\",\"p18_direitoshumanos\":\"Direitos humanos\",\"p18_educacao\":\"Educa\\u00e7\\u00e3o\",\"p18_lgbtqi\":\"LGBTQI\",\"p18_lutaantirracismo\":\"Luta antirracismo\",\"p18_povosecomunidadestradicionais\":\"Povos e comunidades tradicionais\",\"p18_trabalho\":\"Trabalho\",\"p18_saude\":\"Sa\\u00fade\",\"p18_violencia\":\"Viol\\u00eancia\",\"p18_politicasculturais\":\"Pol\\u00edticas Culturais\",\"p19_direitoshumanos\":\"Direitos humanos\",\"p19_povosecomunidadestradicionais\":\"Povos e comunidades tradicionais\",\"p19_difusaoartistica\":\"Difus\\u00e3o Art\\u00edstica\",\"p19_politicasculturais\":\"Pol\\u00edticas Culturais\",\"p20_reunioes\":\"Reuni\\u00f5es\",\"p20_atendimento\":\"Atendimento\",\"p20_oficinas\":\"Oficinas\",\"p20_oficinasaulasartisticas\":\"Ensaios\\\/Oficinas\\\/Aulas art\\u00edsticas\",\"p20_cursos\":\"Cursos\",\"p20_profissionalizacao\":\"Profissionaliza\\u00e7\\u00e3o\",\"p20_apresentacoesartisticas\":\"Apresenta\\u00e7\\u00f5es art\\u00edsticas\",\"p20_visitasexcursoes\":\"Visitas\\\/Excurs\\u00f5es\",\"p21_intoleranciareligiosa\":\"Fundamentalismo\\\/intoler\\u00e2ncia religiosa\",\"p21_racismo\":\"Racismo\",\"p21_lgbtqifobia\":\"LGBTIfobia\",\"p21_nenhum\":\"Nenhum\",\"p22_numerodeparticipantes\":\"15 - 30\",\"p23_reunioes\":\"Reuni\\u00f5es\",\"p23_oficinas\":\"Oficinas\",\"p23_oficinasaulasartisticas\":\"Ensaio\\\/Oficinas\\\/Aulas Art\\u00edsticas\",\"p23_cursos\":\"Cursos\",\"p23_apresentacoesartisticas\":\"Apresenta\\u00e7\\u00f5es Art\\u00edsticas\",\"p23_visitas\":\"Visitas\",\"p24_reunioes\":\"Reuni\\u00f5es\",\"p24_oficinas\":\"Oficinas\",\"p24_oficinasaulasartisticas\":\"Ensaios\\\/Oficinas\\\/Aulas art\\u00edsticas\",\"p24_curso\":\"Curso\",\"p24_apresentacoesartisticas\":\"Apresenta\\u00e7\\u00f5es art\\u00edsticas\",\"p25_numerodepessoas\":\"1 - 20\",\"p26_numerodepessoas\":\"20 - 40\",\"p27_espacopublico\":\"Espa\\u00e7o p\\u00fablico\",\"p27_espacoemprestadocedido\":\"Espa\\u00e7o emprestado\\\/cedido\",\"p27_espacoproprio\":\"Espa\\u00e7o pr\\u00f3prio\",\"p27_ocupacao\":\"Ocupa\\u00e7\\u00e3o\",\"p28_territorios\":\"Atua\\u00e7\\u00e3o Nacional\",\"p30_outrasorganizacoes\":\"Sim\",\"p32_campanhadelongaduracao\":\"N\\u00e3o\",\"p34_estadual\":\"Estadual\",\"p34_nacional\":\"Nacional\",\"p36_conselhosdeparticipacaoecontrolesocial\":\"Sim\",\"p38_sim\":\"Sim\",\"p40_editais\":\"Sim\",\"p41_privadopj\":\"Privado (P. Jur\\u00eddica)\",\"p41_autofinanciamento\":\"Autofinanciamento\",\"p41_financiamentocoletivo0\":\"Financiamento coletivo\",\"p42_meiodedivulgacaoproprio\":\"Sim\",\"p43_email\":\"E-mail\",\"p43_facebook\":\"Facebook\",\"p43_whatsapp\":\"WhatsApp\",\"p43_sitesblogs\":\"Blogs\\\/sites\",\"p43_radio\":\"R\\u00e1dio\",\"p43_youtube\":\"YouTube\",\"p44_radio\":\"TV\",\"p44_jornaisimpressosdegrandecirculacao\":\"Jornais impressos de grande circula\\u00e7\\u00e3o\",\"p44_jornaisimpressosdebairro\":\"Jornais impressos de bairro\",\"p44_redessociais\":\"Redes sociais (Facebook, YouTube, Instagram etc.)\",\"p44_sitesblogs\":\"Sites ou Blogs\",\"p39_publico\":\"COMUNIDADE\",\"p45_bandeira\":\"PRESERVA\\u00c7\\u00c3O CULTURA IGUALDADE RACIAL SOCIAL EMPODERAMENTO MULHERES AUTO ESTIMA FORMA\\u00c7\\u00c3O OPINI\\u00c3O\",\"p46_hashtags\":\"#FORTALECIMENTODASCOMUNIDADESCARENTES #FORTALECIMENTODASCOMUNIDADESDETERREIRO\"},{\"p1_eixo\":\"Cultura\",\"p9_tipoorganizacao\":\"ONG\",\"p12_uf\":\"MA\",\"p13_cidade\":\"SANTA RITA\",\"p16_nacional\":\"Nacional\",\"p17_ano\":\"1985\",\"p18_agrario\":\"Agr\\u00e1rio\\\/ruralidades\",\"p18_comunicacao\":\"Comunica\\u00e7\\u00e3o\",\"p18_difusaoartistica\":\"Difus\\u00e3o Art\\u00edstica\",\"p18_desenvolvimentoterritorial\":\"Desenvolvimento territorial\",\"p18_direitoshumanos\":\"Direitos humanos\",\"p18_educacao\":\"Educa\\u00e7\\u00e3o\",\"p18_feminismos\":\"Feminismos\",\"p18_lgbtqi\":\"LGBTQI\",\"p18_lutaantirracismo\":\"Luta antirracismo\",\"p18_mobilidade\":\"Mobilidade\",\"p18_povosecomunidadestradicionais\":\"Povos e comunidades tradicionais\",\"p18_trabalho\":\"Trabalho\",\"p18_religiao\":\"Religi\\u00e3o\",\"p18_saude\":\"Sa\\u00fade\",\"p18_violencia\":\"Viol\\u00eancia\",\"p18_politicasculturais\":\"Pol\\u00edticas Culturais\",\"p19_desenvolvimentoterritorial\":\"Desenvolvimento territorial\",\"p19_direitoshumanos\":\"Direitos humanos\",\"p19_povosecomunidadestradicionais\":\"Povos e comunidades tradicionais\",\"p19_difusaoartistica\":\"Difus\\u00e3o Art\\u00edstica\",\"p19_politicasculturais\":\"Pol\\u00edticas Culturais\",\"p20_reunioes\":\"Reuni\\u00f5es\",\"p20_atendimento\":\"Atendimento\",\"p20_oficinas\":\"Oficinas\",\"p20_oficinasaulasartisticas\":\"Ensaios\\\/Oficinas\\\/Aulas art\\u00edsticas\",\"p20_cursos\":\"Cursos\",\"p20_profissionalizacao\":\"Profissionaliza\\u00e7\\u00e3o\",\"p20_apresentacoesartisticas\":\"Apresenta\\u00e7\\u00f5es art\\u00edsticas\",\"p20_visitasexcursoes\":\"Visitas\\\/Excurs\\u00f5es\",\"p21_intoleranciareligiosa\":\"Fundamentalismo\\\/intoler\\u00e2ncia religiosa\",\"p21_xenofobia\":\"Xenofobia\",\"p21_machismo\":\"Machismo\",\"p21_racismo\":\"Racismo\",\"p21_lgbtqifobia\":\"LGBTIfobia\",\"p22_numerodeparticipantes\":\"15 - 30\",\"p23_reunioes\":\"Reuni\\u00f5es\",\"p23_oficinas\":\"Oficinas\",\"p23_oficinasaulasartisticas\":\"Ensaio\\\/Oficinas\\\/Aulas Art\\u00edsticas\",\"p23_cursos\":\"Cursos\",\"p23_apresentacoesartisticas\":\"Apresenta\\u00e7\\u00f5es Art\\u00edsticas\",\"p23_visitas\":\"Visitas\",\"p24_oficinas\":\"Oficinas\",\"p24_curso\":\"Curso\",\"p24_apresentacoesartisticas\":\"Apresenta\\u00e7\\u00f5es art\\u00edsticas\",\"p25_numerodepessoas\":\"20 - 40\",\"p26_numerodepessoas\":\"400 - 500\",\"p27_espacopublico\":\"Espa\\u00e7o p\\u00fablico\",\"p27_espacoemprestadocedido\":\"Espa\\u00e7o emprestado\\\/cedido\",\"p27_ocupacao\":\"Ocupa\\u00e7\\u00e3o\",\"p28_territorios\":\"Estado\",\"p30_outrasorganizacoes\":\"Sim\",\"p32_campanhadelongaduracao\":\"N\\u00e3o\",\"p34_estadual\":\"Estadual\",\"p34_nacional\":\"Nacional\",\"p34_nenhuma\":\"Nenhuma\",\"p36_conselhosdeparticipacaoecontrolesocial\":\"Sim\",\"p38_sim\":\"Sim\",\"p38_nenhum\":\"Nenhum\",\"p40_editais\":\"N\\u00e3o\",\"p41_privadopf\":\"Privado (P. F\\u00edsica)\",\"p41_privadopj\":\"Privado (P. Jur\\u00eddica)\",\"p41_autofinanciamento\":\"Autofinanciamento\",\"p41_financiamentocoletivo0\":\"Financiamento coletivo\",\"p42_meiodedivulgacaoproprio\":\"Sim\",\"p43_email\":\"E-mail\",\"p43_facebook\":\"Facebook\",\"p43_whatsapp\":\"WhatsApp\",\"p43_sitesblogs\":\"Blogs\\\/sites\",\"p43_radio\":\"R\\u00e1dio\",\"p43_youtube\":\"YouTube\",\"p44_radio\":\"TV\",\"p44_jornaisimpressosdegrandecirculacao\":\"Jornais impressos de grande circula\\u00e7\\u00e3o\",\"p44_redessociais\":\"Redes sociais (Facebook, YouTube, Instagram etc.)\",\"p44_sitesblogs\":\"Sites ou Blogs\",\"p44_nenhum\":\"Nenhum\",\"p39_publico\":\"QUILOMBOLAS PERIFERIA CRIAN\\u00c7AS ADOLESCENTES\",\"p45_bandeira\":\"LUTA LUTAR\",\"p46_hashtags\":\"#REEXISTENCIA #GEOPOESIA\"},{\"p1_eixo\":\"Trabalho\",\"p9_tipoorganizacao\":\"Associa\\u00e7\\u00e3o\",\"p12_uf\":\"GO\",\"p13_cidade\":\"DIVIN\\u00d3POLIS DE GOI\\u00c1S\",\"p16_nacional\":\"Nacional\",\"p17_ano\":\"2017\",\"p16_estado\":\"Estado\",\"p18_agrario\":\"Agr\\u00e1rio\\\/ruralidades\",\"p18_comunicacao\":\"Comunica\\u00e7\\u00e3o\",\"p18_difusaoartistica\":\"Difus\\u00e3o Art\\u00edstica\",\"p18_desenvolvimentoterritorial\":\"Desenvolvimento territorial\",\"p18_direitoshumanos\":\"Direitos humanos\",\"p18_educacao\":\"Educa\\u00e7\\u00e3o\",\"p18_feminismos\":\"Feminismos\",\"p18_lgbtqi\":\"LGBTQI\",\"p18_lutaantirracismo\":\"Luta antirracismo\",\"p18_mobilidade\":\"Mobilidade\",\"p18_povosecomunidadestradicionais\":\"Povos e comunidades tradicionais\",\"p18_trabalho\":\"Trabalho\",\"p18_religiao\":\"Religi\\u00e3o\",\"p18_saude\":\"Sa\\u00fade\",\"p18_violencia\":\"Viol\\u00eancia\",\"p18_politicasculturais\":\"Pol\\u00edticas Culturais\",\"p19_desenvolvimentoterritorial\":\"Desenvolvimento territorial\",\"p19_educacao\":\"Educa\\u00e7\\u00e3o\",\"p19_lutaantirracismo\":\"Luta antirracismo\",\"p19_violencia\":\"Viol\\u00eancia\",\"p19_difusaoartistica\":\"Difus\\u00e3o Art\\u00edstica\",\"p19_politicasculturais\":\"Pol\\u00edticas Culturais\",\"p20_reunioes\":\"Reuni\\u00f5es\",\"p20_atendimento\":\"Atendimento\",\"p20_oficinas\":\"Oficinas\",\"p20_cursos\":\"Cursos\",\"p20_formacao\":\"Forma\\u00e7\\u00e3o\",\"p20_profissionalizacao\":\"Profissionaliza\\u00e7\\u00e3o\",\"p20_apresentacoesartisticas\":\"Apresenta\\u00e7\\u00f5es art\\u00edsticas\",\"p20_visitasexcursoes\":\"Visitas\\\/Excurs\\u00f5es\",\"p21_xenofobia\":\"Xenofobia\",\"p21_machismo\":\"Machismo\",\"p21_racismo\":\"Racismo\",\"p22_numerodeparticipantes\":\"1  - 15\",\"p23_reunioes\":\"Reuni\\u00f5es\",\"p23_formacao\":\"Forma\\u00e7\\u00e3o\",\"p24_atendimento\":\"Atendimentos\",\"p24_oficinas\":\"Oficinas\",\"p24_curso\":\"Curso\",\"p24_profissionalizacao\":\"Profissionaliza\\u00e7\\u00e3o\",\"p24_apresentacoesartisticas\":\"Apresenta\\u00e7\\u00f5es art\\u00edsticas\",\"p24_visitasexcursoes\":\"Visitas\\\/Excurs\\u00f5es\",\"p25_numerodepessoas\":\"20 - 40\",\"p26_numerodepessoas\":\"Mais de 500\",\"p27_espacopublico\":\"Espa\\u00e7o p\\u00fablico\",\"p27_espacoemprestadocedido\":\"Espa\\u00e7o emprestado\\\/cedido\",\"p28_territorios\":\"Atua\\u00e7\\u00e3o Nacional\",\"p30_outrasorganizacoes\":\"N\\u00e3o\",\"p32_campanhadelongaduracao\":\"N\\u00e3o\",\"p34_municipal\":\"Municipal\",\"p34_nacional\":\"Nacional\",\"p34_nenhuma\":\"Nenhuma\",\"p36_conselhosdeparticipacaoecontrolesocial\":\"Sim\",\"p38_sim\":\"Sim\",\"p38_nenhum\":\"Nenhum\",\"p40_editais\":\"N\\u00e3o\",\"p41_privadopf\":\"Privado (P. F\\u00edsica)\",\"p41_autofinanciamento\":\"Autofinanciamento\",\"p41_financiamentocoletivo0\":\"Financiamento coletivo\",\"p42_meiodedivulgacaoproprio\":\"Sim\",\"p43_facebook\":\"Facebook\",\"p43_instagram\":\"Instagram\",\"p44_redessociais\":\"Redes sociais (Facebook, YouTube, Instagram etc.)\",\"p44_nenhum\":\"Nenhum\",\"p39_publico\":\"MULHERES ADOLESCENTES\",\"p45_bandeira\":\"EMPODERAMENTO MULHER RECONHECER-ESPA\\u00c7O RESISTIR\",\"p46_hashtags\":\"#REEXISTENCIA #GEOPOESIA\"},{\"p1_eixo\":\"Cultura\",\"p9_tipoorganizacao\":\"Movimento Social\",\"p12_uf\":\"SC\",\"p13_cidade\":\"FLORIAN\\u00d3POLIS\",\"p16_bairro\":\"Bairro\",\"p17_ano\":\"1986\",\"p16_estado\":\"Estado\",\"p18_agrario\":\"Agr\\u00e1rio\\\/ruralidades\",\"p18_comunicacao\":\"Comunica\\u00e7\\u00e3o\",\"p18_desenvolvimentoterritorial\":\"Desenvolvimento territorial\",\"p18_direitoshumanos\":\"Direitos humanos\",\"p18_educacao\":\"Educa\\u00e7\\u00e3o\",\"p18_feminismos\":\"Feminismos\",\"p18_lgbtqi\":\"LGBTQI\",\"p18_lutaantirracismo\":\"Luta antirracismo\",\"p18_povosecomunidadestradicionais\":\"Povos e comunidades tradicionais\",\"p18_saude\":\"Sa\\u00fade\",\"p18_violencia\":\"Viol\\u00eancia\",\"p18_politicasculturais\":\"Pol\\u00edticas Culturais\",\"p19_direitoshumanos\":\"Direitos humanos\",\"p19_educacao\":\"Educa\\u00e7\\u00e3o\",\"p19_lutaantirracismo\":\"Luta antirracismo\",\"p19_violencia\":\"Viol\\u00eancia\",\"p20_reunioes\":\"Reuni\\u00f5es\",\"p20_atendimento\":\"Atendimento\",\"p20_oficinas\":\"Oficinas\",\"p20_oficinasaulasartisticas\":\"Ensaios\\\/Oficinas\\\/Aulas art\\u00edsticas\",\"p20_cursos\":\"Cursos\",\"p20_formacao\":\"Forma\\u00e7\\u00e3o\",\"p20_profissionalizacao\":\"Profissionaliza\\u00e7\\u00e3o\",\"p20_visitasexcursoes\":\"Visitas\\\/Excurs\\u00f5es\",\"p21_repressaopolicial\":\"Repress\\u00e3o policial\",\"p21_intoleranciareligiosa\":\"Fundamentalismo\\\/intoler\\u00e2ncia religiosa\",\"p21_machismo\":\"Machismo\",\"p21_racismo\":\"Racismo\",\"p21_lgbtqifobia\":\"LGBTIfobia\",\"p22_numerodeparticipantes\":\"1  - 15\",\"p23_reunioes\":\"Reuni\\u00f5es\",\"p23_atendimento\":\"Atendimento\",\"p23_oficinas\":\"Oficinas\",\"p23_formacao\":\"Forma\\u00e7\\u00e3o\",\"p24_atendimento\":\"Atendimentos\",\"p24_oficinas\":\"Oficinas\",\"p24_curso\":\"Curso\",\"p24_profissionalizacao\":\"Profissionaliza\\u00e7\\u00e3o\",\"p24_apresentacoesartisticas\":\"Apresenta\\u00e7\\u00f5es art\\u00edsticas\",\"p24_visitasexcursoes\":\"Visitas\\\/Excurs\\u00f5es\",\"p25_numerodepessoas\":\"1 - 20\",\"p26_numerodepessoas\":\"20 - 40\",\"p27_espacoemprestadocedido\":\"Espa\\u00e7o emprestado\\\/cedido\",\"p27_espacoproprio\":\"Espa\\u00e7o pr\\u00f3prio\",\"p28_territorios\":\"Cidade\",\"p30_outrasorganizacoes\":\"Sim\",\"p32_campanhadelongaduracao\":\"N\\u00e3o\",\"p34_municipal\":\"Municipal\",\"p34_nacional\":\"Nacional\",\"p34_nenhuma\":\"Nenhuma\",\"p36_conselhosdeparticipacaoecontrolesocial\":\"Sim\",\"p38_sim\":\"Sim\",\"p40_editais\":\"Sim\",\"p41_autofinanciamento\":\"Autofinanciamento\",\"p41_financiamentocoletivo0\":\"Financiamento coletivo\",\"p42_meiodedivulgacaoproprio\":\"Sim\",\"p43_facebook\":\"Facebook\",\"p43_instagram\":\"Instagram\",\"p44_redessociais\":\"Redes sociais (Facebook, YouTube, Instagram etc.)\",\"p39_publico\":\"JUVENTUDE JUVENTUDE NEGRA JOVENS BRANCOS PERIFERIA UNIVERSIT\\u00c1RIOS FORMA\\u00c7\\u00c3O-POL\\u00cdTICA\",\"p45_bandeira\":\"DEFESA VIDAS NEGRAS DIREITOS EDUCA\\u00c7\\u00c3O MEM\\u00d3RIA ALIMENTA\\u00c7\\u00c3O SA\\u00daDE DENUNCIA RACISMO\",\"p46_hashtags\":\"#ANTIRRACISMOCOMOPRATICA #PERIFERIARESISTE #MULHERESNEGASVIVAS\"},{\"p1_eixo\":\"Cultura\",\"p9_tipoorganizacao\":\"Associa\\u00e7\\u00e3o\",\"p12_uf\":\"PE\",\"p13_cidade\":\"RECIFE\",\"p16_bairro\":\"Bairro\",\"p16_cidade\":\"Cidade\",\"p17_ano\":\"2017\",\"p18_comunicacao\":\"Comunica\\u00e7\\u00e3o\",\"p18_difusaoartistica\":\"Difus\\u00e3o Art\\u00edstica\",\"p18_desenvolvimentoterritorial\":\"Desenvolvimento territorial\",\"p18_direitoshumanos\":\"Direitos humanos\",\"p18_educacao\":\"Educa\\u00e7\\u00e3o\",\"p18_feminismos\":\"Feminismos\",\"p18_lgbtqi\":\"LGBTQI\",\"p18_lutaantirracismo\":\"Luta antirracismo\",\"p18_trabalho\":\"Trabalho\",\"p18_violencia\":\"Viol\\u00eancia\",\"p18_politicasculturais\":\"Pol\\u00edticas Culturais\",\"p19_direitoshumanos\":\"Direitos humanos\",\"p19_educacao\":\"Educa\\u00e7\\u00e3o\",\"p19_feminismos\":\"Feminismos\",\"p19_lutaantirracismo\":\"Luta antirracismo\",\"p19_violencia\":\"Viol\\u00eancia\",\"p19_politicasculturais\":\"Pol\\u00edticas Culturais\",\"p20_reunioes\":\"Reuni\\u00f5es\",\"p20_atendimento\":\"Atendimento\",\"p20_oficinas\":\"Oficinas\",\"p20_oficinasaulasartisticas\":\"Ensaios\\\/Oficinas\\\/Aulas art\\u00edsticas\",\"p20_profissionalizacao\":\"Profissionaliza\\u00e7\\u00e3o\",\"p21_repressaopolicial\":\"Repress\\u00e3o policial\",\"p21_intoleranciareligiosa\":\"Fundamentalismo\\\/intoler\\u00e2ncia religiosa\",\"p21_xenofobia\":\"Xenofobia\",\"p21_machismo\":\"Machismo\",\"p21_racismo\":\"Racismo\",\"p21_lgbtqifobia\":\"LGBTIfobia\",\"p22_numerodeparticipantes\":\"15 - 30\",\"p23_reunioes\":\"Reuni\\u00f5es\",\"p23_atendimento\":\"Atendimento\",\"p23_oficinas\":\"Oficinas\",\"p23_apresentacoesartisticas\":\"Apresenta\\u00e7\\u00f5es Art\\u00edsticas\",\"p24_apresentacoesartisticas\":\"Apresenta\\u00e7\\u00f5es art\\u00edsticas\",\"p24_outros\":\"Outros\",\"p25_numerodepessoas\":\"20 - 40\",\"p26_numerodepessoas\":\"40 - 60\",\"p27_espacopublico\":\"Espa\\u00e7o p\\u00fablico\",\"p27_espacoemprestadocedido\":\"Espa\\u00e7o emprestado\\\/cedido\",\"p27_espacoproprio\":\"Espa\\u00e7o pr\\u00f3prio\",\"p27_virtual\":\"Virtual\",\"p28_territorios\":\"Pr\\u00f3prio bairro\",\"p30_outrasorganizacoes\":\"N\\u00e3o\",\"p32_campanhadelongaduracao\":\"N\\u00e3o\",\"p34_nacional\":\"Nacional\",\"p34_nenhuma\":\"Nenhuma\",\"p36_conselhosdeparticipacaoecontrolesocial\":\"N\\u00e3o\",\"p38_sim\":\"Sim\",\"p40_editais\":\"N\\u00e3o\",\"p41_publicoestatal\":\"P\\u00fablico-Estatal\",\"p41_autofinanciamento\":\"Autofinanciamento\",\"p41_financiamentocoletivo0\":\"Financiamento coletivo\",\"p42_meiodedivulgacaoproprio\":\"N\\u00e3o\",\"p43_email\":\"E-mail\",\"p43_facebook\":\"Facebook\",\"p43_whatsapp\":\"WhatsApp\",\"p43_instagram\":\"Instagram\",\"p44_radio\":\"R\\u00e1dio\",\"p44_redessociais\":\"Redes sociais (Facebook, YouTube, Instagram etc.)\",\"p39_publico\":\"CRIAN\\u00c7AS ADOLESCENTES\",\"p45_bandeira\":\"ANTIRRACISTA DIREITO VIVER CRIAN\\u00c7AS ADOLESCENTES NEGROS EDUCA\\u00c7\\u00c3O QUALIDADE DIREITO LAZER ESPORTE\",\"p46_hashtags\":\"#CRIANCASEADOLESCENTESNEGROSTEMDIREITODEVIDA #RACISMOECRIME #EDUCACAODEQUALIDADE\"},{\"p1_eixo\":\"Cultura\",\"p9_tipoorganizacao\":\"Coletivo Art\\u00edstico\",\"p12_uf\":\"TO\",\"p13_cidade\":\"PALMAS\",\"p16_cidade\":\"Cidade\",\"p17_ano\":\"2018\",\"p18_comunicacao\":\"Comunica\\u00e7\\u00e3o\",\"p18_difusaoartistica\":\"Difus\\u00e3o Art\\u00edstica\",\"p18_desenvolvimentoterritorial\":\"Desenvolvimento territorial\",\"p18_direitoshumanos\":\"Direitos humanos\",\"p18_feminismos\":\"Feminismos\",\"p18_lgbtqi\":\"LGBTQI\",\"p18_lutaantirracismo\":\"Luta antirracismo\",\"p18_povosecomunidadestradicionais\":\"Povos e comunidades tradicionais\",\"p18_trabalho\":\"Trabalho\",\"p18_violencia\":\"Viol\\u00eancia\",\"p18_politicasculturais\":\"Pol\\u00edticas Culturais\",\"p19_comunicacao\":\"Comunica\\u00e7\\u00e3o\",\"p19_feminismos\":\"Feminismos\",\"p19_lutaantirracismo\":\"Luta antirracismo\",\"p19_difusaoartistica\":\"Difus\\u00e3o Art\\u00edstica\",\"p19_politicasculturais\":\"Pol\\u00edticas Culturais\",\"p20_reunioes\":\"Reuni\\u00f5es\",\"p20_oficinas\":\"Oficinas\",\"p20_oficinasaulasartisticas\":\"Ensaios\\\/Oficinas\\\/Aulas art\\u00edsticas\",\"p20_formacao\":\"Forma\\u00e7\\u00e3o\",\"p20_profissionalizacao\":\"Profissionaliza\\u00e7\\u00e3o\",\"p21_repressaopolicial\":\"Repress\\u00e3o policial\",\"p21_xenofobia\":\"Xenofobia\",\"p21_machismo\":\"Machismo\",\"p21_racismo\":\"Racismo\",\"p21_lgbtqifobia\":\"LGBTIfobia\",\"p21_nenhum\":\"Nenhum\",\"p22_numerodeparticipantes\":\"1  - 15\",\"p23_reunioes\":\"Reuni\\u00f5es\",\"p23_oficinasaulasartisticas\":\"Ensaio\\\/Oficinas\\\/Aulas Art\\u00edsticas\",\"p23_apresentacoesartisticas\":\"Apresenta\\u00e7\\u00f5es Art\\u00edsticas\",\"p23_excursoes\":\"Excurs\\u00f5es\",\"p23_outros\":\"Outros\",\"p24_reunioes\":\"Reuni\\u00f5es\",\"p24_oficinas\":\"Oficinas\",\"p24_oficinasaulasartisticas\":\"Ensaios\\\/Oficinas\\\/Aulas art\\u00edsticas\",\"p24_visitasexcursoes\":\"Visitas\\\/Excurs\\u00f5es\",\"p24_outros\":\"Outros\",\"p25_numerodepessoas\":\"1 - 20\",\"p26_numerodepessoas\":\"100 - 200\",\"p27_espacopublico\":\"Espa\\u00e7o p\\u00fablico\",\"p27_espacoemprestadocedido\":\"Espa\\u00e7o emprestado\\\/cedido\",\"p27_espacoproprio\":\"Espa\\u00e7o pr\\u00f3prio\",\"p27_virtual\":\"Virtual\",\"p28_territorios\":\"Regi\\u00e3o da Cidade\",\"p30_outrasorganizacoes\":\"Sim\",\"p32_campanhadelongaduracao\":\"N\\u00e3o\",\"p34_nacional\":\"Nacional\",\"p34_nenhuma\":\"Nenhuma\",\"p36_conselhosdeparticipacaoecontrolesocial\":\"N\\u00e3o\",\"p38_sim\":\"Sim\",\"p40_editais\":\"Sim\",\"p41_publicoestatal\":\"P\\u00fablico-Estatal\",\"p41_autofinanciamento\":\"Autofinanciamento\",\"p42_meiodedivulgacaoproprio\":\"Sim\",\"p43_impressoes\":\"Impressos\",\"p43_email\":\"E-mail\",\"p43_facebook\":\"Facebook\",\"p43_whatsapp\":\"WhatsApp\",\"p43_instagram\":\"Instagram\",\"p43_twitter\":\"Twitter\",\"p43_sitesblogs\":\"Blogs\\\/sites\",\"p43_radio\":\"R\\u00e1dio\",\"p43_youtube\":\"YouTube\",\"p44_radio\":\"TV\",\"p44_jornaisimpressosdegrandecirculacao\":\"Jornais impressos de grande circula\\u00e7\\u00e3o\",\"p44_sitesblogs\":\"Sites ou Blogs\",\"p39_publico\":\"JUVENTUDE PERIF\\u00c9RICA MULHERES MULHERES LIBERDADE\",\"p45_bandeira\":\"FEMINISMO LUTA ANTIRRACISTA ANTICAPITALISMO\",\"p46_hashtags\":\"#HIPHOPSEMMACHISMO #MULHERESPERIFERICAS #RAPFEMININODONORTE\"},{\"p1_eixo\":\"Cultura\",\"p9_tipoorganizacao\":\"Associa\\u00e7\\u00e3o\",\"p12_uf\":\"SP\",\"p13_cidade\":\"SOROCABA\",\"p16_cidade\":\"Cidade\",\"p16_nacional\":\"Nacional\",\"p17_ano\":\"2001\",\"p18_comunicacao\":\"Comunica\\u00e7\\u00e3o\",\"p18_difusaoartistica\":\"Difus\\u00e3o Art\\u00edstica\",\"p18_direitoshumanos\":\"Direitos humanos\",\"p18_feminismos\":\"Feminismos\",\"p18_lgbtqi\":\"LGBTQI\",\"p18_lutaantirracismo\":\"Luta antirracismo\",\"p18_povosecomunidadestradicionais\":\"Povos e comunidades tradicionais\",\"p18_politicasculturais\":\"Pol\\u00edticas Culturais\",\"p19_comunicacao\":\"Comunica\\u00e7\\u00e3o\",\"p19_feminismos\":\"Feminismos\",\"p19_lutaantirracismo\":\"Luta antirracismo\",\"p19_difusaoartistica\":\"Difus\\u00e3o Art\\u00edstica\",\"p19_politicasculturais\":\"Pol\\u00edticas Culturais\",\"p20_reunioes\":\"Reuni\\u00f5es\",\"p20_oficinas\":\"Oficinas\",\"p20_oficinasaulasartisticas\":\"Ensaios\\\/Oficinas\\\/Aulas art\\u00edsticas\",\"p20_formacao\":\"Forma\\u00e7\\u00e3o\",\"p20_apresentacoesartisticas\":\"Apresenta\\u00e7\\u00f5es art\\u00edsticas\",\"p21_nenhum\":\"Nenhum\",\"p22_numerodeparticipantes\":\"30 - 45\",\"p23_reunioes\":\"Reuni\\u00f5es\",\"p23_oficinasaulasartisticas\":\"Ensaio\\\/Oficinas\\\/Aulas Art\\u00edsticas\",\"p23_apresentacoesartisticas\":\"Apresenta\\u00e7\\u00f5es Art\\u00edsticas\",\"p23_excursoes\":\"Excurs\\u00f5es\",\"p23_outros\":\"Outros\",\"p24_reunioes\":\"Reuni\\u00f5es\",\"p24_oficinas\":\"Oficinas\",\"p24_oficinasaulasartisticas\":\"Ensaios\\\/Oficinas\\\/Aulas art\\u00edsticas\",\"p24_apresentacoesartisticas\":\"Apresenta\\u00e7\\u00f5es art\\u00edsticas\",\"p24_visitasexcursoes\":\"Visitas\\\/Excurs\\u00f5es\",\"p25_numerodepessoas\":\"100 - 200\",\"p26_numerodepessoas\":\"80 - 100\",\"p27_espacopublico\":\"Espa\\u00e7o p\\u00fablico\",\"p27_espacoemprestadocedido\":\"Espa\\u00e7o emprestado\\\/cedido\",\"p27_espacoproprio\":\"Espa\\u00e7o pr\\u00f3prio\",\"p27_virtual\":\"Virtual\",\"p28_territorios\":\"Regi\\u00e3o da Cidade\",\"p30_outrasorganizacoes\":\"Sim\",\"p32_campanhadelongaduracao\":\"Sim\",\"p34_nenhuma\":\"Nenhuma\",\"p36_conselhosdeparticipacaoecontrolesocial\":\"N\\u00e3o\",\"p38_sim\":\"Sim\",\"p40_editais\":\"Sim\",\"p41_autofinanciamento\":\"Autofinanciamento\",\"p42_meiodedivulgacaoproprio\":\"Sim\",\"p43_impressoes\":\"Impressos\",\"p43_email\":\"E-mail\",\"p43_facebook\":\"Facebook\",\"p43_whatsapp\":\"WhatsApp\",\"p43_instagram\":\"Instagram\",\"p43_twitter\":\"Twitter\",\"p43_sitesblogs\":\"Blogs\\\/sites\",\"p43_radio\":\"R\\u00e1dio\",\"p43_youtube\":\"YouTube\",\"p44_radio\":\"TV\",\"p44_jornaisimpressosdegrandecirculacao\":\"Jornais impressos de grande circula\\u00e7\\u00e3o\",\"p44_redessociais\":\"Redes sociais (Facebook, YouTube, Instagram etc.)\",\"p44_sitesblogs\":\"Sites ou Blogs\",\"p39_publico\":\"CONFORME ACAO\",\"p45_bandeira\":\"CULTURA COMUNICA\\u00c7\\u00c3O CIDADANIA\",\"p46_hashtags\":\"#DEMOCRATIZACAODACOMUNICACAO #CONSTRUCAODACIDADANIA\"},{\"p1_eixo\":\"Cultura\",\"p9_tipoorganizacao\":\"Coletivo\",\"p12_uf\":\"ES\",\"p13_cidade\":\"VILA VELHA\",\"p16_nacional\":\"Nacional\",\"p17_ano\":\"2014\",\"p16_estado\":\"Estado\",\"p18_comunicacao\":\"Comunica\\u00e7\\u00e3o\",\"p18_difusaoartistica\":\"Difus\\u00e3o Art\\u00edstica\",\"p18_desenvolvimentoterritorial\":\"Desenvolvimento territorial\",\"p18_direitoshumanos\":\"Direitos humanos\",\"p18_educacao\":\"Educa\\u00e7\\u00e3o\",\"p18_feminismos\":\"Feminismos\",\"p18_lgbtqi\":\"LGBTQI\",\"p18_lutaantirracismo\":\"Luta antirracismo\",\"p18_povosecomunidadestradicionais\":\"Povos e comunidades tradicionais\",\"p18_violencia\":\"Viol\\u00eancia\",\"p18_politicasculturais\":\"Pol\\u00edticas Culturais\",\"p19_desenvolvimentoterritorial\":\"Desenvolvimento territorial\",\"p19_feminismos\":\"Feminismos\",\"p19_lutaantirracismo\":\"Luta antirracismo\",\"p19_difusaoartistica\":\"Difus\\u00e3o Art\\u00edstica\",\"p20_oficinas\":\"Oficinas\",\"p20_oficinasaulasartisticas\":\"Ensaios\\\/Oficinas\\\/Aulas art\\u00edsticas\",\"p20_apresentacoesartisticas\":\"Apresenta\\u00e7\\u00f5es art\\u00edsticas\",\"p21_intoleranciareligiosa\":\"Fundamentalismo\\\/intoler\\u00e2ncia religiosa\",\"p21_xenofobia\":\"Xenofobia\",\"p21_machismo\":\"Machismo\",\"p21_racismo\":\"Racismo\",\"p21_nenhum\":\"Nenhum\",\"p22_numerodeparticipantes\":\"1  - 15\",\"p23_reunioes\":\"Reuni\\u00f5es\",\"p23_oficinasaulasartisticas\":\"Ensaio\\\/Oficinas\\\/Aulas Art\\u00edsticas\",\"p23_apresentacoesartisticas\":\"Apresenta\\u00e7\\u00f5es Art\\u00edsticas\",\"p23_outros\":\"Outros\",\"p24_reunioes\":\"Reuni\\u00f5es\",\"p24_oficinasaulasartisticas\":\"Ensaios\\\/Oficinas\\\/Aulas art\\u00edsticas\",\"p24_apresentacoesartisticas\":\"Apresenta\\u00e7\\u00f5es art\\u00edsticas\",\"p24_outros\":\"Outros\",\"p25_numerodepessoas\":\"40 - 60\",\"p26_numerodepessoas\":\"40 - 60\",\"p27_espacopublico\":\"Espa\\u00e7o p\\u00fablico\",\"p27_espacoemprestadocedido\":\"Espa\\u00e7o emprestado\\\/cedido\",\"p27_virtual\":\"Virtual\",\"p28_territorios\":\"Atua\\u00e7\\u00e3o Nacional\",\"p30_outrasorganizacoes\":\"Sim\",\"p32_campanhadelongaduracao\":\"N\\u00e3o\",\"p34_nenhuma\":\"Nenhuma\",\"p36_conselhosdeparticipacaoecontrolesocial\":\"N\\u00e3o\",\"p38_sim\":\"Sim\",\"p40_editais\":\"Sim\",\"p41_autofinanciamento\":\"Autofinanciamento\",\"p41_financiamentocoletivo0\":\"Financiamento coletivo\",\"p42_meiodedivulgacaoproprio\":\"Sim\",\"p43_impressoes\":\"Impressos\",\"p43_email\":\"E-mail\",\"p43_facebook\":\"Facebook\",\"p43_instagram\":\"Instagram\",\"p43_twitter\":\"Twitter\",\"p43_youtube\":\"YouTube\",\"p44_radio\":\"TV\",\"p44_redessociais\":\"Redes sociais (Facebook, YouTube, Instagram etc.)\",\"p44_sitesblogs\":\"Sites ou Blogs\",\"p39_publico\":\"MULHERES NEGRAS\",\"p45_bandeira\":\"DIVULGAR-PROPAGAR LITERATURAS NEGRAS\",\"p46_hashtags\":\"#LITERATURANEGRA #LITERATURADEAUTORIAFEMININANEGRA #CULTURANEGRA\"},{\"p1_eixo\":\"Cultura\",\"p9_tipoorganizacao\":\"Coletivo\",\"p12_uf\":\"MA\",\"p13_cidade\":\"S\\u00c3O LU\\u00cdS\",\"p16_cidade\":\"Cidade\",\"p17_ano\":\"2019\",\"p16_estado\":\"Estado\",\"p18_comunicacao\":\"Comunica\\u00e7\\u00e3o\",\"p18_difusaoartistica\":\"Difus\\u00e3o Art\\u00edstica\",\"p18_desenvolvimentoterritorial\":\"Desenvolvimento territorial\",\"p18_direitoshumanos\":\"Direitos humanos\",\"p18_educacao\":\"Educa\\u00e7\\u00e3o\",\"p18_feminismos\":\"Feminismos\",\"p18_lgbtqi\":\"LGBTQI\",\"p18_lutaantirracismo\":\"Luta antirracismo\",\"p18_povosecomunidadestradicionais\":\"Povos e comunidades tradicionais\",\"p18_trabalho\":\"Trabalho\",\"p18_saude\":\"Sa\\u00fade\",\"p18_violencia\":\"Viol\\u00eancia\",\"p18_politicasculturais\":\"Pol\\u00edticas Culturais\",\"p19_desenvolvimentoterritorial\":\"Desenvolvimento territorial\",\"p19_educacao\":\"Educa\\u00e7\\u00e3o\",\"p19_feminismos\":\"Feminismos\",\"p19_lutaantirracismo\":\"Luta antirracismo\",\"p19_trabalho\":\"Trabalho\",\"p20_reunioes\":\"Reuni\\u00f5es\",\"p20_formacao\":\"Forma\\u00e7\\u00e3o\",\"p20_apresentacoesartisticas\":\"Apresenta\\u00e7\\u00f5es art\\u00edsticas\",\"p21_intoleranciareligiosa\":\"Fundamentalismo\\\/intoler\\u00e2ncia religiosa\",\"p21_xenofobia\":\"Xenofobia\",\"p21_machismo\":\"Machismo\",\"p21_racismo\":\"Racismo\",\"p21_nenhum\":\"Nenhum\",\"p22_numerodeparticipantes\":\"1  - 15\",\"p23_reunioes\":\"Reuni\\u00f5es\",\"p23_apresentacoesartisticas\":\"Apresenta\\u00e7\\u00f5es Art\\u00edsticas\",\"p23_outros\":\"Outros\",\"p24_reunioes\":\"Reuni\\u00f5es\",\"p24_formacao\":\"Forma\\u00e7\\u00e3o\",\"p24_apresentacoesartisticas\":\"Apresenta\\u00e7\\u00f5es art\\u00edsticas\",\"p24_outros\":\"Outros\",\"p25_numerodepessoas\":\"Mais de 500\",\"p26_numerodepessoas\":\"Mais de 500\",\"p27_espacopublico\":\"Espa\\u00e7o p\\u00fablico\",\"p27_espacoemprestadocedido\":\"Espa\\u00e7o emprestado\\\/cedido\",\"p28_territorios\":\"Estado\",\"p30_outrasorganizacoes\":\"Sim\",\"p32_campanhadelongaduracao\":\"Sim\",\"p34_nenhuma\":\"Nenhuma\",\"p36_conselhosdeparticipacaoecontrolesocial\":\"N\\u00e3o\",\"p38_sim\":\"Sim\",\"p38_nenhum\":\"Nenhum\",\"p40_editais\":\"N\\u00e3o\",\"p41_autofinanciamento\":\"Autofinanciamento\",\"p41_financiamentocoletivo0\":\"Financiamento coletivo\",\"p42_meiodedivulgacaoproprio\":\"Sim\",\"p43_impressoes\":\"Impressos\",\"p43_email\":\"E-mail\",\"p43_facebook\":\"Facebook\",\"p43_instagram\":\"Instagram\",\"p43_twitter\":\"Twitter\",\"p43_youtube\":\"YouTube\",\"p44_radio\":\"TV\",\"p44_redessociais\":\"Redes sociais (Facebook, YouTube, Instagram etc.)\",\"p44_sitesblogs\":\"Sites ou Blogs\",\"p39_publico\":\"POPULA\\u00c7\\u00c3O PERIF\\u00c9RICA\",\"p45_bandeira\":\"EMPODERAMENTO FEMININO EMPODERAMENTO COMUNIDADES LUTA ANTIRRACISTA\",\"p46_hashtags\":\"#CULTURAINFORMACAOEATITUDE\"},{\"p1_eixo\":\"Trabalho\",\"p9_tipoorganizacao\":\"Coletivo\",\"p12_uf\":\"SP\",\"p13_cidade\":\"S\\u00c3O PAULO\",\"p16_cidade\":\"Cidade\",\"p17_ano\":\"2019\",\"p16_estado\":\"Estado\",\"p18_agrario\":\"Agr\\u00e1rio\\\/ruralidades\",\"p18_comunicacao\":\"Comunica\\u00e7\\u00e3o\",\"p18_difusaoartistica\":\"Difus\\u00e3o Art\\u00edstica\",\"p18_desenvolvimentoterritorial\":\"Desenvolvimento territorial\",\"p18_direitoshumanos\":\"Direitos humanos\",\"p18_educacao\":\"Educa\\u00e7\\u00e3o\",\"p18_feminismos\":\"Feminismos\",\"p18_lgbtqi\":\"LGBTQI\",\"p18_lutaantirracismo\":\"Luta antirracismo\",\"p18_povosecomunidadestradicionais\":\"Povos e comunidades tradicionais\",\"p18_trabalho\":\"Trabalho\",\"p18_religiao\":\"Religi\\u00e3o\",\"p18_saude\":\"Sa\\u00fade\",\"p18_violencia\":\"Viol\\u00eancia\",\"p18_politicasculturais\":\"Pol\\u00edticas Culturais\",\"p19_educacao\":\"Educa\\u00e7\\u00e3o\",\"p19_feminismos\":\"Feminismos\",\"p19_lutaantirracismo\":\"Luta antirracismo\",\"p19_trabalho\":\"Trabalho\",\"p20_reunioes\":\"Reuni\\u00f5es\",\"p20_oficinas\":\"Oficinas\",\"p20_oficinasaulasartisticas\":\"Ensaios\\\/Oficinas\\\/Aulas art\\u00edsticas\",\"p20_formacao\":\"Forma\\u00e7\\u00e3o\",\"p20_apresentacoesartisticas\":\"Apresenta\\u00e7\\u00f5es art\\u00edsticas\",\"p21_repressaopolicial\":\"Repress\\u00e3o policial\",\"p21_machismo\":\"Machismo\",\"p21_racismo\":\"Racismo\",\"p21_nenhum\":\"Nenhum\",\"p22_numerodeparticipantes\":\"1  - 15\",\"p23_reunioes\":\"Reuni\\u00f5es\",\"p23_apresentacoesartisticas\":\"Apresenta\\u00e7\\u00f5es Art\\u00edsticas\",\"p23_outros\":\"Outros\",\"p24_reunioes\":\"Reuni\\u00f5es\",\"p24_atendimento\":\"Atendimentos\",\"p24_oficinas\":\"Oficinas\",\"p24_oficinasaulasartisticas\":\"Ensaios\\\/Oficinas\\\/Aulas art\\u00edsticas\",\"p24_curso\":\"Curso\",\"p24_formacao\":\"Forma\\u00e7\\u00e3o\",\"p24_apresentacoesartisticas\":\"Apresenta\\u00e7\\u00f5es art\\u00edsticas\",\"p24_outros\":\"Outros\",\"p25_numerodepessoas\":\"80 - 100\",\"p26_numerodepessoas\":\"20 - 40\",\"p27_espacoemprestadocedido\":\"Espa\\u00e7o emprestado\\\/cedido\",\"p27_espacoproprio\":\"Espa\\u00e7o pr\\u00f3prio\",\"p28_territorios\":\"Cidade\",\"p30_outrasorganizacoes\":\"N\\u00e3o\",\"p32_campanhadelongaduracao\":\"Sim\",\"p34_estadual\":\"Estadual\",\"p34_nacional\":\"Nacional\",\"p34_nenhuma\":\"Nenhuma\",\"p36_conselhosdeparticipacaoecontrolesocial\":\"N\\u00e3o\",\"p38_sim\":\"Sim\",\"p38_nenhum\":\"Nenhum\",\"p40_editais\":\"N\\u00e3o\",\"p41_publicoestatal\":\"P\\u00fablico-Estatal\",\"p41_privadopj\":\"Privado (P. Jur\\u00eddica)\",\"p41_autofinanciamento\":\"Autofinanciamento\",\"p42_meiodedivulgacaoproprio\":\"Sim\",\"p43_email\":\"E-mail\",\"p43_facebook\":\"Facebook\",\"p43_instagram\":\"Instagram\",\"p43_sitesblogs\":\"Blogs\\\/sites\",\"p44_radio\":\"TV\",\"p44_jornaisimpressosdegrandecirculacao\":\"Jornais impressos de grande circula\\u00e7\\u00e3o\",\"p44_jornaisimpressosdebairro\":\"Jornais impressos de bairro\",\"p44_redessociais\":\"Redes sociais (Facebook, YouTube, Instagram etc.)\",\"p44_sitesblogs\":\"Sites ou Blogs\",\"p39_publico\":\"MULHERES PRETAS PERIF\\u00c9RICAS REFUGIADAS IMIGRANTES AFRICANAS EMPREENDIMENTO FORMALIZADO\",\"p45_bandeira\":\"AFROEMPREENDEDORISMO FEMININO ECONOMIA COLABORATIVA ECONOMIA SOLID\\u00c1RIA AUTOCUIDADO CONHECIMENTO ANCESTRALIDADE EDUCA\\u00c7\\u00c3O FORMA\\u00c7\\u00c3O TRABALHO REDE\",\"p46_hashtags\":\"#AFROEMPREENDEDORISMOFEMININO #ECONOMIACRIATIVA #BLACKMONEY\"},{\"p1_eixo\":\"Viol\\u00eancia\",\"p9_tipoorganizacao\":\"ONG\",\"p12_uf\":\"PB\",\"p13_cidade\":\"JO\\u00c3O PESSOA\",\"p16_cidade\":\"Cidade\",\"p17_ano\":\"2001\",\"p16_estado\":\"Estado\",\"p18_agrario\":\"Agr\\u00e1rio\\\/ruralidades\",\"p18_comunicacao\":\"Comunica\\u00e7\\u00e3o\",\"p18_difusaoartistica\":\"Difus\\u00e3o Art\\u00edstica\",\"p18_desenvolvimentoterritorial\":\"Desenvolvimento territorial\",\"p18_direitoshumanos\":\"Direitos humanos\",\"p18_educacao\":\"Educa\\u00e7\\u00e3o\",\"p18_feminismos\":\"Feminismos\",\"p18_lgbtqi\":\"LGBTQI\",\"p18_lutaantirracismo\":\"Luta antirracismo\",\"p18_povosecomunidadestradicionais\":\"Povos e comunidades tradicionais\",\"p18_trabalho\":\"Trabalho\",\"p18_religiao\":\"Religi\\u00e3o\",\"p18_saude\":\"Sa\\u00fade\",\"p18_violencia\":\"Viol\\u00eancia\",\"p18_politicasculturais\":\"Pol\\u00edticas Culturais\",\"p19_educacao\":\"Educa\\u00e7\\u00e3o\",\"p19_feminismos\":\"Feminismos\",\"p19_lutaantirracismo\":\"Luta antirracismo\",\"p19_povosecomunidadestradicionais\":\"Povos e comunidades tradicionais\",\"p19_difusaoartistica\":\"Difus\\u00e3o Art\\u00edstica\",\"p20_reunioes\":\"Reuni\\u00f5es\",\"p20_oficinas\":\"Oficinas\",\"p20_oficinasaulasartisticas\":\"Ensaios\\\/Oficinas\\\/Aulas art\\u00edsticas\",\"p20_cursos\":\"Cursos\",\"p20_formacao\":\"Forma\\u00e7\\u00e3o\",\"p20_profissionalizacao\":\"Profissionaliza\\u00e7\\u00e3o\",\"p20_apresentacoesartisticas\":\"Apresenta\\u00e7\\u00f5es art\\u00edsticas\",\"p21_repressaopolicial\":\"Repress\\u00e3o policial\",\"p21_machismo\":\"Machismo\",\"p21_racismo\":\"Racismo\",\"p21_lgbtqifobia\":\"LGBTIfobia\",\"p22_numerodeparticipantes\":\"1  - 15\",\"p23_reunioes\":\"Reuni\\u00f5es\",\"p23_oficinas\":\"Oficinas\",\"p23_oficinasaulasartisticas\":\"Ensaio\\\/Oficinas\\\/Aulas Art\\u00edsticas\",\"p23_apresentacoesartisticas\":\"Apresenta\\u00e7\\u00f5es Art\\u00edsticas\",\"p23_outros\":\"Outros\",\"p24_reunioes\":\"Reuni\\u00f5es\",\"p24_atendimento\":\"Atendimentos\",\"p24_oficinas\":\"Oficinas\",\"p24_oficinasaulasartisticas\":\"Ensaios\\\/Oficinas\\\/Aulas art\\u00edsticas\",\"p24_curso\":\"Curso\",\"p24_apresentacoesartisticas\":\"Apresenta\\u00e7\\u00f5es art\\u00edsticas\",\"p24_outros\":\"Outros\",\"p25_numerodepessoas\":\"400 - 500\",\"p26_numerodepessoas\":\"Mais de 500\",\"p27_espacopublico\":\"Espa\\u00e7o p\\u00fablico\",\"p27_espacoemprestadocedido\":\"Espa\\u00e7o emprestado\\\/cedido\",\"p27_espacoproprio\":\"Espa\\u00e7o pr\\u00f3prio\",\"p28_territorios\":\"Estado\",\"p30_outrasorganizacoes\":\"Sim\",\"p32_campanhadelongaduracao\":\"Sim\",\"p34_estadual\":\"Estadual\",\"p34_nacional\":\"Nacional\",\"p34_nenhuma\":\"Nenhuma\",\"p36_conselhosdeparticipacaoecontrolesocial\":\"Sim\",\"p38_sim\":\"Sim\",\"p38_nenhum\":\"Nenhum\",\"p40_editais\":\"Sim\",\"p41_publicoestatal\":\"P\\u00fablico-Estatal\",\"p41_privadopj\":\"Privado (P. Jur\\u00eddica)\",\"p41_autofinanciamento\":\"Autofinanciamento\",\"p42_meiodedivulgacaoproprio\":\"Sim\",\"p43_email\":\"E-mail\",\"p43_facebook\":\"Facebook\",\"p43_instagram\":\"Instagram\",\"p43_sitesblogs\":\"Blogs\\\/sites\",\"p43_youtube\":\"YouTube\",\"p44_radio\":\"TV\",\"p44_jornaisimpressosdegrandecirculacao\":\"Jornais impressos de grande circula\\u00e7\\u00e3o\",\"p44_jornaisimpressosdebairro\":\"Jornais impressos de bairro\",\"p44_redessociais\":\"Redes sociais (Facebook, YouTube, Instagram etc.)\",\"p44_sitesblogs\":\"Sites ou Blogs\",\"p39_publico\":\"MULHERES ADOLESCENTES CRIAN\\u00c7AS\",\"p45_bandeira\":\"LUTA ANTIRRACISTA MULHERES NEGRAS EDUCA\\u00c7\\u00c3O MOBILIDADE SOCIAL MUDAN\\u00c7A MENTALIDADE\",\"p46_hashtags\":\"#CONTRAOGENOCIDIO #VIDASNEGRASIMPORTAM #PELADEMOCRACIA\"},{\"p1_eixo\":\"Cultura\",\"p9_tipoorganizacao\":\"Coletivo Art\\u00edstico\",\"p12_uf\":\"MG\",\"p13_cidade\":\"BELO HORIZONTE\",\"p16_cidade\":\"Cidade\",\"p17_ano\":\"2018\",\"p16_estado\":\"Estado\",\"p18_difusaoartistica\":\"Difus\\u00e3o Art\\u00edstica\",\"p18_desenvolvimentoterritorial\":\"Desenvolvimento territorial\",\"p18_direitoshumanos\":\"Direitos humanos\",\"p18_educacao\":\"Educa\\u00e7\\u00e3o\",\"p18_feminismos\":\"Feminismos\",\"p18_lgbtqi\":\"LGBTQI\",\"p18_lutaantirracismo\":\"Luta antirracismo\",\"p18_moradia\":\"Moradia\",\"p18_povosecomunidadestradicionais\":\"Povos e comunidades tradicionais\",\"p18_trabalho\":\"Trabalho\",\"p18_saude\":\"Sa\\u00fade\",\"p18_violencia\":\"Viol\\u00eancia\",\"p19_desenvolvimentoterritorial\":\"Desenvolvimento territorial\",\"p19_direitoshumanos\":\"Direitos humanos\",\"p19_lgbtqi\":\"LGBTQI\",\"p19_lutaantirracismo\":\"Luta antirracismo\",\"p19_povosecomunidadestradicionais\":\"Povos e comunidades tradicionais\",\"p19_difusaoartistica\":\"Difus\\u00e3o Art\\u00edstica\",\"p20_reunioes\":\"Reuni\\u00f5es\",\"p20_atendimento\":\"Atendimento\",\"p20_oficinas\":\"Oficinas\",\"p20_oficinasaulasartisticas\":\"Ensaios\\\/Oficinas\\\/Aulas art\\u00edsticas\",\"p20_cursos\":\"Cursos\",\"p20_formacao\":\"Forma\\u00e7\\u00e3o\",\"p20_profissionalizacao\":\"Profissionaliza\\u00e7\\u00e3o\",\"p20_apresentacoesartisticas\":\"Apresenta\\u00e7\\u00f5es art\\u00edsticas\",\"p21_machismo\":\"Machismo\",\"p21_racismo\":\"Racismo\",\"p21_lgbtqifobia\":\"LGBTIfobia\",\"p22_numerodeparticipantes\":\"30 - 45\",\"p23_reunioes\":\"Reuni\\u00f5es\",\"p23_atendimento\":\"Atendimento\",\"p23_oficinas\":\"Oficinas\",\"p23_oficinasaulasartisticas\":\"Ensaio\\\/Oficinas\\\/Aulas Art\\u00edsticas\",\"p23_cursos\":\"Cursos\",\"p23_formacao\":\"Forma\\u00e7\\u00e3o\",\"p23_profissionalizacao\":\"Profissionaliza\\u00e7\\u00e3o\",\"p23_apresentacoesartisticas\":\"Apresenta\\u00e7\\u00f5es Art\\u00edsticas\",\"p24_reunioes\":\"Reuni\\u00f5es\",\"p24_oficinasaulasartisticas\":\"Ensaios\\\/Oficinas\\\/Aulas art\\u00edsticas\",\"p24_curso\":\"Curso\",\"p24_formacao\":\"Forma\\u00e7\\u00e3o\",\"p24_profissionalizacao\":\"Profissionaliza\\u00e7\\u00e3o\",\"p24_apresentacoesartisticas\":\"Apresenta\\u00e7\\u00f5es art\\u00edsticas\",\"p24_visitasexcursoes\":\"Visitas\\\/Excurs\\u00f5es\",\"p25_numerodepessoas\":\"20 - 40\",\"p26_numerodepessoas\":\"20 - 40\",\"p27_espacopublico\":\"Espa\\u00e7o p\\u00fablico\",\"p27_espacoemprestadocedido\":\"Espa\\u00e7o emprestado\\\/cedido\",\"p27_espacoproprio\":\"Espa\\u00e7o pr\\u00f3prio\",\"p28_territorios\":\"Regi\\u00e3o da Cidade\",\"p30_outrasorganizacoes\":\"Sim\",\"p32_campanhadelongaduracao\":\"N\\u00e3o\",\"p34_municipal\":\"Municipal\",\"p34_nenhuma\":\"Nenhuma\",\"p36_conselhosdeparticipacaoecontrolesocial\":\"N\\u00e3o\",\"p38_nenhum\":\"Nenhum\",\"p40_editais\":\"N\\u00e3o\",\"p41_privadopj\":\"Privado (P. Jur\\u00eddica)\",\"p41_autofinanciamento\":\"Autofinanciamento\",\"p41_financiamentocoletivo0\":\"Financiamento coletivo\",\"p42_meiodedivulgacaoproprio\":\"Sim\",\"p43_email\":\"E-mail\",\"p43_facebook\":\"Facebook\",\"p43_whatsapp\":\"WhatsApp\",\"p43_instagram\":\"Instagram\",\"p43_youtube\":\"YouTube\",\"p44_redessociais\":\"Redes sociais (Facebook, YouTube, Instagram etc.)\",\"p44_sitesblogs\":\"Sites ou Blogs\",\"p39_publico\":\"NEGROS LGBTQ JUVENTUDE PERIF\\u00c9RICOS\",\"p45_bandeira\":\"RA\\u00c7A G\\u00caNERO LUTA PRETA LUTA LGBTQ\",\"p46_hashtags\":\"#ANTIRRACISTA #ABAIXOLGBTFOBIA #CULTURASNEGRAS\"},{\"p1_eixo\":\"Cultura\",\"p9_tipoorganizacao\":\"Movimento Social\",\"p12_uf\":\"PE\",\"p13_cidade\":\"RECIFE\",\"p16_cidade\":\"Cidade\",\"p17_ano\":\"2009\",\"p16_estado\":\"Estado\",\"p18_agrario\":\"Agr\\u00e1rio\\\/ruralidades\",\"p18_comunicacao\":\"Comunica\\u00e7\\u00e3o\",\"p18_difusaoartistica\":\"Difus\\u00e3o Art\\u00edstica\",\"p18_desenvolvimentoterritorial\":\"Desenvolvimento territorial\",\"p18_direitoshumanos\":\"Direitos humanos\",\"p18_educacao\":\"Educa\\u00e7\\u00e3o\",\"p18_feminismos\":\"Feminismos\",\"p18_lgbtqi\":\"LGBTQI\",\"p18_lutaantirracismo\":\"Luta antirracismo\",\"p18_moradia\":\"Moradia\",\"p18_trabalho\":\"Trabalho\",\"p18_saude\":\"Sa\\u00fade\",\"p18_violencia\":\"Viol\\u00eancia\",\"p18_politicasculturais\":\"Pol\\u00edticas Culturais\",\"p19_desenvolvimentoterritorial\":\"Desenvolvimento territorial\",\"p19_direitoshumanos\":\"Direitos humanos\",\"p19_lgbtqi\":\"LGBTQI\",\"p19_trabalho\":\"Trabalho\",\"p19_saude\":\"Sa\\u00fade\",\"p20_reunioes\":\"Reuni\\u00f5es\",\"p20_atendimento\":\"Atendimento\",\"p20_oficinas\":\"Oficinas\",\"p20_oficinasaulasartisticas\":\"Ensaios\\\/Oficinas\\\/Aulas art\\u00edsticas\",\"p20_cursos\":\"Cursos\",\"p20_formacao\":\"Forma\\u00e7\\u00e3o\",\"p20_profissionalizacao\":\"Profissionaliza\\u00e7\\u00e3o\",\"p20_apresentacoesartisticas\":\"Apresenta\\u00e7\\u00f5es art\\u00edsticas\",\"p21_machismo\":\"Machismo\",\"p21_racismo\":\"Racismo\",\"p21_lgbtqifobia\":\"LGBTIfobia\",\"p21_nenhum\":\"Nenhum\",\"p22_numerodeparticipantes\":\"Mais de 90\",\"p23_reunioes\":\"Reuni\\u00f5es\",\"p23_atendimento\":\"Atendimento\",\"p23_oficinas\":\"Oficinas\",\"p23_oficinasaulasartisticas\":\"Ensaio\\\/Oficinas\\\/Aulas Art\\u00edsticas\",\"p23_cursos\":\"Cursos\",\"p23_formacao\":\"Forma\\u00e7\\u00e3o\",\"p23_profissionalizacao\":\"Profissionaliza\\u00e7\\u00e3o\",\"p23_apresentacoesartisticas\":\"Apresenta\\u00e7\\u00f5es Art\\u00edsticas\",\"p23_outros\":\"Outros\",\"p24_reunioes\":\"Reuni\\u00f5es\",\"p24_oficinasaulasartisticas\":\"Ensaios\\\/Oficinas\\\/Aulas art\\u00edsticas\",\"p24_curso\":\"Curso\",\"p24_formacao\":\"Forma\\u00e7\\u00e3o\",\"p24_profissionalizacao\":\"Profissionaliza\\u00e7\\u00e3o\",\"p24_visitasexcursoes\":\"Visitas\\\/Excurs\\u00f5es\",\"p25_numerodepessoas\":\"Mais de 500\",\"p26_numerodepessoas\":\"80 - 100\",\"p27_espacoemprestadocedido\":\"Espa\\u00e7o emprestado\\\/cedido\",\"p27_espacoproprio\":\"Espa\\u00e7o pr\\u00f3prio\",\"p28_territorios\":\"Regi\\u00e3o da Cidade\",\"p30_outrasorganizacoes\":\"Sim\",\"p32_campanhadelongaduracao\":\"Sim\",\"p34_municipal\":\"Municipal\",\"p36_conselhosdeparticipacaoecontrolesocial\":\"Sim\",\"p38_nenhum\":\"Nenhum\",\"p40_editais\":\"N\\u00e3o\",\"p41_privadopj\":\"Privado (P. Jur\\u00eddica)\",\"p41_autofinanciamento\":\"Autofinanciamento\",\"p41_financiamentocoletivo0\":\"Financiamento coletivo\",\"p42_meiodedivulgacaoproprio\":\"Sim\",\"p43_facebook\":\"Facebook\",\"p43_whatsapp\":\"WhatsApp\",\"p43_instagram\":\"Instagram\",\"p43_youtube\":\"YouTube\",\"p44_radio\":\"TV\",\"p44_redessociais\":\"Redes sociais (Facebook, YouTube, Instagram etc.)\",\"p44_sitesblogs\":\"Sites ou Blogs\",\"p39_publico\":\"CRIAN\\u00c7AS 5 MORADORES COMPLEXO PRISIONAL ANIBAL BRUNO RECIFE\",\"p45_bandeira\":\"BUSCA DIREITOS HUMANOS CIDADANIA CONTRA-MULHER CONTRA-LGBTIHOMOFOBIA CONTRA-RACISMO\",\"p46_hashtags\":\"#CORESDOAMANHA #PELOFIMDAVIOLENCIACONTRAAMULHER #PELOFIMDOPRECONCEITO\"},{\"p1_eixo\":\"Cultura\",\"p9_tipoorganizacao\":\"Coletivo\",\"p12_uf\":\"SP\",\"p13_cidade\":\"ASSIS\",\"p16_cidade\":\"Cidade\",\"p17_ano\":\"2019\",\"p18_agrario\":\"Agr\\u00e1rio\\\/ruralidades\",\"p18_comunicacao\":\"Comunica\\u00e7\\u00e3o\",\"p18_difusaoartistica\":\"Difus\\u00e3o Art\\u00edstica\",\"p18_desenvolvimentoterritorial\":\"Desenvolvimento territorial\",\"p18_direitoshumanos\":\"Direitos humanos\",\"p18_educacao\":\"Educa\\u00e7\\u00e3o\",\"p18_feminismos\":\"Feminismos\",\"p18_lgbtqi\":\"LGBTQI\",\"p18_lutaantirracismo\":\"Luta antirracismo\",\"p18_povosecomunidadestradicionais\":\"Povos e comunidades tradicionais\",\"p18_trabalho\":\"Trabalho\",\"p18_saude\":\"Sa\\u00fade\",\"p18_politicasculturais\":\"Pol\\u00edticas Culturais\",\"p19_agrario\":\"Agr\\u00e1rio\\\/ruralidades\",\"p19_desenvolvimentoterritorial\":\"Desenvolvimento territorial\",\"p19_feminismos\":\"Feminismos\",\"p19_trabalho\":\"Trabalho\",\"p19_saude\":\"Sa\\u00fade\",\"p20_reunioes\":\"Reuni\\u00f5es\",\"p20_atendimento\":\"Atendimento\",\"p20_oficinas\":\"Oficinas\",\"p20_cursos\":\"Cursos\",\"p20_formacao\":\"Forma\\u00e7\\u00e3o\",\"p20_apresentacoesartisticas\":\"Apresenta\\u00e7\\u00f5es art\\u00edsticas\",\"p20_visitasexcursoes\":\"Visitas\\\/Excurs\\u00f5es\",\"p21_nenhum\":\"Nenhum\",\"p22_numerodeparticipantes\":\"30 - 45\",\"p23_reunioes\":\"Reuni\\u00f5es\",\"p23_oficinas\":\"Oficinas\",\"p23_formacao\":\"Forma\\u00e7\\u00e3o\",\"p23_apresentacoesartisticas\":\"Apresenta\\u00e7\\u00f5es Art\\u00edsticas\",\"p23_visitas\":\"Visitas\",\"p23_outros\":\"Outros\",\"p24_oficinasaulasartisticas\":\"Ensaios\\\/Oficinas\\\/Aulas art\\u00edsticas\",\"p24_formacao\":\"Forma\\u00e7\\u00e3o\",\"p24_outros\":\"Outros\",\"p25_numerodepessoas\":\"100 - 200\",\"p26_numerodepessoas\":\"20 - 40\",\"p27_espacopublico\":\"Espa\\u00e7o p\\u00fablico\",\"p27_espacoemprestadocedido\":\"Espa\\u00e7o emprestado\\\/cedido\",\"p27_espacoproprio\":\"Espa\\u00e7o pr\\u00f3prio\",\"p27_virtual\":\"Virtual\",\"p28_territorios\":\"Cidade\",\"p30_outrasorganizacoes\":\"N\\u00e3o\",\"p32_campanhadelongaduracao\":\"N\\u00e3o\",\"p34_municipal\":\"Municipal\",\"p36_conselhosdeparticipacaoecontrolesocial\":\"N\\u00e3o\",\"p38_nenhum\":\"Nenhum\",\"p40_editais\":\"N\\u00e3o\",\"p41_autofinanciamento\":\"Autofinanciamento\",\"p41_financiamentocoletivo0\":\"Financiamento coletivo\",\"p42_meiodedivulgacaoproprio\":\"Sim\",\"p43_email\":\"E-mail\",\"p43_facebook\":\"Facebook\",\"p43_whatsapp\":\"WhatsApp\",\"p43_instagram\":\"Instagram\",\"p44_radio\":\"TV\",\"p44_redessociais\":\"Redes sociais (Facebook, YouTube, Instagram etc.)\",\"p39_publico\":\"TRABALHADORES ESTUDANTES UNIVERSITARIOS FAM\\u00cdLIAS FEIRAS LIVRES MUNICIPIO\",\"p45_bandeira\":\"ECONOMIA SOLID\\u00c1RIA\",\"p46_hashtags\":\"#ECONOMIASOLIDARIA #COMERCIOJUSTOESOLIDARIO #AGROECOLOGIA\"},{\"p1_eixo\":\"Trabalho\",\"p9_tipoorganizacao\":\"Coletivo\",\"p12_uf\":\"SP\",\"p13_cidade\":\"ASSIS\",\"p16_cidade\":\"Cidade\",\"p17_ano\":\"2014\",\"p16_estado\":\"Estado\",\"p18_agrario\":\"Agr\\u00e1rio\\\/ruralidades\",\"p18_comunicacao\":\"Comunica\\u00e7\\u00e3o\",\"p18_desenvolvimentoterritorial\":\"Desenvolvimento territorial\",\"p18_direitoshumanos\":\"Direitos humanos\",\"p18_educacao\":\"Educa\\u00e7\\u00e3o\",\"p18_feminismos\":\"Feminismos\",\"p18_lgbtqi\":\"LGBTQI\",\"p18_lutaantirracismo\":\"Luta antirracismo\",\"p18_moradia\":\"Moradia\",\"p18_povosecomunidadestradicionais\":\"Povos e comunidades tradicionais\",\"p18_trabalho\":\"Trabalho\",\"p18_politicasculturais\":\"Pol\\u00edticas Culturais\",\"p19_agrario\":\"Agr\\u00e1rio\\\/ruralidades\",\"p19_desenvolvimentoterritorial\":\"Desenvolvimento territorial\",\"p19_educacao\":\"Educa\\u00e7\\u00e3o\",\"p19_feminismos\":\"Feminismos\",\"p19_trabalho\":\"Trabalho\",\"p20_reunioes\":\"Reuni\\u00f5es\",\"p20_atendimento\":\"Atendimento\",\"p20_oficinas\":\"Oficinas\",\"p20_cursos\":\"Cursos\",\"p20_formacao\":\"Forma\\u00e7\\u00e3o\",\"p20_visitasexcursoes\":\"Visitas\\\/Excurs\\u00f5es\",\"p21_machismo\":\"Machismo\",\"p21_racismo\":\"Racismo\",\"p21_lgbtqifobia\":\"LGBTIfobia\",\"p21_nenhum\":\"Nenhum\",\"p22_numerodeparticipantes\":\"Mais de 90\",\"p23_reunioes\":\"Reuni\\u00f5es\",\"p23_atendimento\":\"Atendimento\",\"p23_oficinas\":\"Oficinas\",\"p23_formacao\":\"Forma\\u00e7\\u00e3o\",\"p23_visitas\":\"Visitas\",\"p23_outros\":\"Outros\",\"p24_atendimento\":\"Atendimentos\",\"p24_formacao\":\"Forma\\u00e7\\u00e3o\",\"p24_visitasexcursoes\":\"Visitas\\\/Excurs\\u00f5es\",\"p24_outros\":\"Outros\",\"p25_numerodepessoas\":\"100 - 200\",\"p26_numerodepessoas\":\"60 - 80\",\"p27_espacopublico\":\"Espa\\u00e7o p\\u00fablico\",\"p27_espacoemprestadocedido\":\"Espa\\u00e7o emprestado\\\/cedido\",\"p27_espacoproprio\":\"Espa\\u00e7o pr\\u00f3prio\",\"p27_virtual\":\"Virtual\",\"p28_territorios\":\"Regi\\u00e3o da Cidade\",\"p30_outrasorganizacoes\":\"N\\u00e3o\",\"p32_campanhadelongaduracao\":\"N\\u00e3o\",\"p34_municipal\":\"Municipal\",\"p34_estadual\":\"Estadual\",\"p34_nacional\":\"Nacional\",\"p36_conselhosdeparticipacaoecontrolesocial\":\"N\\u00e3o\",\"p38_sim\":\"Sim\",\"p38_nenhum\":\"Nenhum\",\"p40_editais\":\"N\\u00e3o\",\"p41_publicoestatal\":\"P\\u00fablico-Estatal\",\"p41_financiamentocoletivo0\":\"Financiamento coletivo\",\"p42_meiodedivulgacaoproprio\":\"Sim\",\"p43_impressoes\":\"Impressos\",\"p43_email\":\"E-mail\",\"p43_facebook\":\"Facebook\",\"p43_whatsapp\":\"WhatsApp\",\"p43_instagram\":\"Instagram\",\"p43_sitesblogs\":\"Blogs\\\/sites\",\"p44_redessociais\":\"Redes sociais (Facebook, YouTube, Instagram etc.)\",\"p44_sitesblogs\":\"Sites ou Blogs\",\"p39_publico\":\"TODOS\",\"p45_bandeira\":\"ECONOMIA SOLID\\u00c1RIA REFORMA AGR\\u00c1RIA AGROECOLOGIA SOBERANIA ALIMENTAR COM\\u00c9RCIO JUSTO SOLID\\u00c1RIO\",\"p46_hashtags\":\"#ECOSOL #AGROECOLOGIA #REFORMAAGRARIA\"},{\"p1_eixo\":\"Trabalho\",\"p9_tipoorganizacao\":\"Instituto\",\"p12_uf\":\"CE\",\"p13_cidade\":\"QUIXERAMOBIM\",\"p16_cidade\":\"Cidade\",\"p17_ano\":\"2001\",\"p16_estado\":\"Estado\",\"p18_agrario\":\"Agr\\u00e1rio\\\/ruralidades\",\"p18_comunicacao\":\"Comunica\\u00e7\\u00e3o\",\"p18_difusaoartistica\":\"Difus\\u00e3o Art\\u00edstica\",\"p18_desenvolvimentoterritorial\":\"Desenvolvimento territorial\",\"p18_direitoshumanos\":\"Direitos humanos\",\"p18_educacao\":\"Educa\\u00e7\\u00e3o\",\"p18_feminismos\":\"Feminismos\",\"p18_lutaantirracismo\":\"Luta antirracismo\",\"p18_mobilidade\":\"Mobilidade\",\"p18_moradia\":\"Moradia\",\"p18_povosecomunidadestradicionais\":\"Povos e comunidades tradicionais\",\"p18_trabalho\":\"Trabalho\",\"p18_saude\":\"Sa\\u00fade\",\"p18_violencia\":\"Viol\\u00eancia\",\"p18_politicasculturais\":\"Pol\\u00edticas Culturais\",\"p19_agrario\":\"Agr\\u00e1rio\\\/ruralidades\",\"p19_desenvolvimentoterritorial\":\"Desenvolvimento territorial\",\"p19_educacao\":\"Educa\\u00e7\\u00e3o\",\"p19_violencia\":\"Viol\\u00eancia\",\"p20_reunioes\":\"Reuni\\u00f5es\",\"p20_atendimento\":\"Atendimento\",\"p20_oficinas\":\"Oficinas\",\"p20_oficinasaulasartisticas\":\"Ensaios\\\/Oficinas\\\/Aulas art\\u00edsticas\",\"p20_cursos\":\"Cursos\",\"p20_formacao\":\"Forma\\u00e7\\u00e3o\",\"p20_visitasexcursoes\":\"Visitas\\\/Excurs\\u00f5es\",\"p21_intoleranciareligiosa\":\"Fundamentalismo\\\/intoler\\u00e2ncia religiosa\",\"p21_machismo\":\"Machismo\",\"p21_racismo\":\"Racismo\",\"p21_lgbtqifobia\":\"LGBTIfobia\",\"p22_numerodeparticipantes\":\"30 - 45\",\"p23_reunioes\":\"Reuni\\u00f5es\",\"p23_atendimento\":\"Atendimento\",\"p23_oficinas\":\"Oficinas\",\"p23_cursos\":\"Cursos\",\"p23_formacao\":\"Forma\\u00e7\\u00e3o\",\"p23_outros\":\"Outros\",\"p24_reunioes\":\"Reuni\\u00f5es\",\"p24_atendimento\":\"Atendimentos\",\"p24_oficinas\":\"Oficinas\",\"p24_formacao\":\"Forma\\u00e7\\u00e3o\",\"p24_visitasexcursoes\":\"Visitas\\\/Excurs\\u00f5es\",\"p24_outros\":\"Outros\",\"p25_numerodepessoas\":\"Mais de 500\",\"p26_numerodepessoas\":\"Mais de 500\",\"p27_espacopublico\":\"Espa\\u00e7o p\\u00fablico\",\"p27_espacoemprestadocedido\":\"Espa\\u00e7o emprestado\\\/cedido\",\"p27_espacoproprio\":\"Espa\\u00e7o pr\\u00f3prio\",\"p28_territorios\":\"Estado\",\"p30_outrasorganizacoes\":\"Sim\",\"p32_campanhadelongaduracao\":\"Sim\",\"p34_estadual\":\"Estadual\",\"p34_nacional\":\"Nacional\",\"p34_nenhuma\":\"Nenhuma\",\"p36_conselhosdeparticipacaoecontrolesocial\":\"Sim\",\"p38_sim\":\"Sim\",\"p38_nenhum\":\"Nenhum\",\"p40_editais\":\"Sim\",\"p41_publicoestatal\":\"P\\u00fablico-Estatal\",\"p41_autofinanciamento\":\"Autofinanciamento\",\"p42_meiodedivulgacaoproprio\":\"Sim\",\"p43_impressoes\":\"Impressos\",\"p43_email\":\"E-mail\",\"p43_facebook\":\"Facebook\",\"p43_whatsapp\":\"WhatsApp\",\"p43_instagram\":\"Instagram\",\"p43_sitesblogs\":\"Blogs\\\/sites\",\"p44_redessociais\":\"Redes sociais (Facebook, YouTube, Instagram etc.)\",\"p44_sitesblogs\":\"Sites ou Blogs\",\"p39_publico\":\"AGRICULTORES AGRICULTORAS FAMILIARES\",\"p45_bandeira\":\"EMPODERAMENTO MULHERES JOVENS COMUNIDADES TRADICIONAIS LUTA AGR\\u00c1RIA\",\"p46_hashtags\":\"#SEMIARIDOVIVO #PODERDOJOVEM #PROTAGONISMODASMULHERES\"},{\"p1_eixo\":\"Cultura\",\"p9_tipoorganizacao\":\"ONG\",\"p12_uf\":\"RJ\",\"p13_cidade\":\"CAMPOS DOS GOYTACAZES\",\"p16_cidade\":\"Cidade\",\"p17_ano\":\"2018\",\"p16_estado\":\"Estado\",\"p18_agrario\":\"Agr\\u00e1rio\\\/ruralidades\",\"p18_comunicacao\":\"Comunica\\u00e7\\u00e3o\",\"p18_difusaoartistica\":\"Difus\\u00e3o Art\\u00edstica\",\"p18_desenvolvimentoterritorial\":\"Desenvolvimento territorial\",\"p18_direitoshumanos\":\"Direitos humanos\",\"p18_educacao\":\"Educa\\u00e7\\u00e3o\",\"p18_feminismos\":\"Feminismos\",\"p18_lutaantirracismo\":\"Luta antirracismo\",\"p18_mobilidade\":\"Mobilidade\",\"p18_moradia\":\"Moradia\",\"p18_trabalho\":\"Trabalho\",\"p18_saude\":\"Sa\\u00fade\",\"p18_violencia\":\"Viol\\u00eancia\",\"p18_politicasculturais\":\"Pol\\u00edticas Culturais\",\"p19_agrario\":\"Agr\\u00e1rio\\\/ruralidades\",\"p19_direitoshumanos\":\"Direitos humanos\",\"p19_educacao\":\"Educa\\u00e7\\u00e3o\",\"p19_moradia\":\"Moradia\",\"p19_violencia\":\"Viol\\u00eancia\",\"p20_reunioes\":\"Reuni\\u00f5es\",\"p20_atendimento\":\"Atendimento\",\"p20_oficinas\":\"Oficinas\",\"p20_oficinasaulasartisticas\":\"Ensaios\\\/Oficinas\\\/Aulas art\\u00edsticas\",\"p20_cursos\":\"Cursos\",\"p20_formacao\":\"Forma\\u00e7\\u00e3o\",\"p20_visitasexcursoes\":\"Visitas\\\/Excurs\\u00f5es\",\"p21_repressaopolicial\":\"Repress\\u00e3o policial\",\"p21_intoleranciareligiosa\":\"Fundamentalismo\\\/intoler\\u00e2ncia religiosa\",\"p21_machismo\":\"Machismo\",\"p21_racismo\":\"Racismo\",\"p21_lgbtqifobia\":\"LGBTIfobia\",\"p22_numerodeparticipantes\":\"45 - 60\",\"p23_reunioes\":\"Reuni\\u00f5es\",\"p23_atendimento\":\"Atendimento\",\"p23_oficinas\":\"Oficinas\",\"p23_cursos\":\"Cursos\",\"p23_formacao\":\"Forma\\u00e7\\u00e3o\",\"p24_reunioes\":\"Reuni\\u00f5es\",\"p24_atendimento\":\"Atendimentos\",\"p24_oficinas\":\"Oficinas\",\"p24_formacao\":\"Forma\\u00e7\\u00e3o\",\"p25_numerodepessoas\":\"40 - 60\",\"p26_numerodepessoas\":\"40 - 60\",\"p27_espacoemprestadocedido\":\"Espa\\u00e7o emprestado\\\/cedido\",\"p28_territorios\":\"Regi\\u00e3o da Cidade\",\"p30_outrasorganizacoes\":\"N\\u00e3o\",\"p32_campanhadelongaduracao\":\"Sim\",\"p34_nenhuma\":\"Nenhuma\",\"p36_conselhosdeparticipacaoecontrolesocial\":\"N\\u00e3o\",\"p38_nenhum\":\"Nenhum\",\"p40_editais\":\"N\\u00e3o\",\"p41_privadopf\":\"Privado (P. F\\u00edsica)\",\"p41_autofinanciamento\":\"Autofinanciamento\",\"p42_meiodedivulgacaoproprio\":\"Sim\",\"p43_email\":\"E-mail\",\"p43_facebook\":\"Facebook\",\"p43_whatsapp\":\"WhatsApp\",\"p43_instagram\":\"Instagram\",\"p44_redessociais\":\"Redes sociais (Facebook, YouTube, Instagram etc.)\",\"p39_publico\":\"CRIAN\\u00c7AS JOVENS MULHERES\",\"p45_bandeira\":\"COMBATE MIS\\u00c9RIA FACILITA\\u00c7\\u00c3O CULTURA EDUCA\\u00c7\\u00c3O PR\\u00c1TICA ESPORTIVA\",\"p46_hashtags\":\"#QUEM VIVE NO \\u00c9 T\\u00c3O IMPORTANTE QUANTO QUEM VIVE NA CIDADE.  #EDUCA\\u00c7\\u00c3O EM PRIMEIRO LUGAR.  #O VIVE.\"},{\"p1_eixo\":\"Viol\\u00eancia\",\"p9_tipoorganizacao\":\"Movimento Social\",\"p12_uf\":\"PR\",\"p13_cidade\":\"CURITIBA\",\"p16_cidade\":\"Cidade\",\"p17_ano\":\"2005\",\"p16_estado\":\"Estado\",\"p18_difusaoartistica\":\"Difus\\u00e3o Art\\u00edstica\",\"p18_direitoshumanos\":\"Direitos humanos\",\"p18_educacao\":\"Educa\\u00e7\\u00e3o\",\"p18_feminismos\":\"Feminismos\",\"p18_lutaantirracismo\":\"Luta antirracismo\",\"p18_moradia\":\"Moradia\",\"p18_povosecomunidadestradicionais\":\"Povos e comunidades tradicionais\",\"p18_trabalho\":\"Trabalho\",\"p18_religiao\":\"Religi\\u00e3o\",\"p18_saude\":\"Sa\\u00fade\",\"p18_violencia\":\"Viol\\u00eancia\",\"p18_politicasculturais\":\"Pol\\u00edticas Culturais\",\"p19_direitoshumanos\":\"Direitos humanos\",\"p19_educacao\":\"Educa\\u00e7\\u00e3o\",\"p19_lutaantirracismo\":\"Luta antirracismo\",\"p19_moradia\":\"Moradia\",\"p19_violencia\":\"Viol\\u00eancia\",\"p20_reunioes\":\"Reuni\\u00f5es\",\"p20_atendimento\":\"Atendimento\",\"p20_oficinas\":\"Oficinas\",\"p20_oficinasaulasartisticas\":\"Ensaios\\\/Oficinas\\\/Aulas art\\u00edsticas\",\"p20_cursos\":\"Cursos\",\"p20_formacao\":\"Forma\\u00e7\\u00e3o\",\"p20_apresentacoesartisticas\":\"Apresenta\\u00e7\\u00f5es art\\u00edsticas\",\"p20_visitasexcursoes\":\"Visitas\\\/Excurs\\u00f5es\",\"p21_repressaopolicial\":\"Repress\\u00e3o policial\",\"p21_racismo\":\"Racismo\",\"p21_lgbtqifobia\":\"LGBTIfobia\",\"p22_numerodeparticipantes\":\"1  - 15\",\"p23_reunioes\":\"Reuni\\u00f5es\",\"p23_atendimento\":\"Atendimento\",\"p23_oficinas\":\"Oficinas\",\"p23_oficinasaulasartisticas\":\"Ensaio\\\/Oficinas\\\/Aulas Art\\u00edsticas\",\"p23_outros\":\"Outros\",\"p24_reunioes\":\"Reuni\\u00f5es\",\"p24_atendimento\":\"Atendimentos\",\"p24_curso\":\"Curso\",\"p25_numerodepessoas\":\"1 - 20\",\"p26_numerodepessoas\":\"1 - 20\",\"p27_espacoemprestadocedido\":\"Espa\\u00e7o emprestado\\\/cedido\",\"p27_espacoproprio\":\"Espa\\u00e7o pr\\u00f3prio\",\"p28_territorios\":\"Estado\",\"p30_outrasorganizacoes\":\"Sim\",\"p32_campanhadelongaduracao\":\"N\\u00e3o\",\"p34_estadual\":\"Estadual\",\"p34_nenhuma\":\"Nenhuma\",\"p36_conselhosdeparticipacaoecontrolesocial\":\"Sim\",\"p38_nenhum\":\"Nenhum\",\"p40_editais\":\"N\\u00e3o\",\"p41_privadopf\":\"Privado (P. F\\u00edsica)\",\"p41_autofinanciamento\":\"Autofinanciamento\",\"p42_meiodedivulgacaoproprio\":\"Sim\",\"p43_email\":\"E-mail\",\"p43_facebook\":\"Facebook\",\"p43_whatsapp\":\"WhatsApp\",\"p43_instagram\":\"Instagram\",\"p44_radio\":\"R\\u00e1dio\",\"p44_redessociais\":\"Redes sociais (Facebook, YouTube, Instagram etc.)\",\"p44_sitesblogs\":\"Sites ou Blogs\",\"p39_publico\":\"PESSOAS-EM-SITUA\\u00c7\\u00c3O-DE-RUA\",\"p45_bandeira\":\"DIREITOS HUMANOS MORADIA SA\\u00daDE EDUCA\\u00c7\\u00c3O TRABALHO CULTURA\",\"p46_hashtags\":\"#PELOSDIREITOSHUAMNOS #POPULACAOEMSITUACAODERUA\"},{\"p1_eixo\":\"Cultura\",\"p9_tipoorganizacao\":\"ONG\",\"p12_uf\":\"SE\",\"p13_cidade\":\"ARACAJU\",\"p16_cidade\":\"Cidade\",\"p17_ano\":\"1994\",\"p16_estado\":\"Estado\",\"p18_difusaoartistica\":\"Difus\\u00e3o Art\\u00edstica\",\"p18_direitoshumanos\":\"Direitos humanos\",\"p18_educacao\":\"Educa\\u00e7\\u00e3o\",\"p18_feminismos\":\"Feminismos\",\"p18_lutaantirracismo\":\"Luta antirracismo\",\"p18_moradia\":\"Moradia\",\"p18_povosecomunidadestradicionais\":\"Povos e comunidades tradicionais\",\"p18_trabalho\":\"Trabalho\",\"p18_religiao\":\"Religi\\u00e3o\",\"p18_saude\":\"Sa\\u00fade\",\"p18_violencia\":\"Viol\\u00eancia\",\"p18_politicasculturais\":\"Pol\\u00edticas Culturais\",\"p19_direitoshumanos\":\"Direitos humanos\",\"p19_educacao\":\"Educa\\u00e7\\u00e3o\",\"p19_lutaantirracismo\":\"Luta antirracismo\",\"p19_politicasculturais\":\"Pol\\u00edticas Culturais\",\"p20_oficinas\":\"Oficinas\",\"p20_oficinasaulasartisticas\":\"Ensaios\\\/Oficinas\\\/Aulas art\\u00edsticas\",\"p20_cursos\":\"Cursos\",\"p20_apresentacoesartisticas\":\"Apresenta\\u00e7\\u00f5es art\\u00edsticas\",\"p20_visitasexcursoes\":\"Visitas\\\/Excurs\\u00f5es\",\"p21_repressaopolicial\":\"Repress\\u00e3o policial\",\"p21_intoleranciareligiosa\":\"Fundamentalismo\\\/intoler\\u00e2ncia religiosa\",\"p21_racismo\":\"Racismo\",\"p21_lgbtqifobia\":\"LGBTIfobia\",\"p22_numerodeparticipantes\":\"1  - 15\",\"p23_oficinas\":\"Oficinas\",\"p23_oficinasaulasartisticas\":\"Ensaio\\\/Oficinas\\\/Aulas Art\\u00edsticas\",\"p23_cursos\":\"Cursos\",\"p23_outros\":\"Outros\",\"p24_reunioes\":\"Reuni\\u00f5es\",\"p24_curso\":\"Curso\",\"p24_visitasexcursoes\":\"Visitas\\\/Excurs\\u00f5es\",\"p24_outros\":\"Outros\",\"p25_numerodepessoas\":\"1 - 20\",\"p26_numerodepessoas\":\"20 - 40\",\"p27_espacoemprestadocedido\":\"Espa\\u00e7o emprestado\\\/cedido\",\"p27_espacoproprio\":\"Espa\\u00e7o pr\\u00f3prio\",\"p28_territorios\":\"Cidade\",\"p30_outrasorganizacoes\":\"Sim\",\"p32_campanhadelongaduracao\":\"N\\u00e3o\",\"p34_estadual\":\"Estadual\",\"p34_nenhuma\":\"Nenhuma\",\"p36_conselhosdeparticipacaoecontrolesocial\":\"Sim\",\"p38_sim\":\"Sim\",\"p38_nenhum\":\"Nenhum\",\"p40_editais\":\"Sim\",\"p41_privadopj\":\"Privado (P. Jur\\u00eddica)\",\"p41_autofinanciamento\":\"Autofinanciamento\",\"p42_meiodedivulgacaoproprio\":\"Sim\",\"p43_email\":\"E-mail\",\"p43_facebook\":\"Facebook\",\"p43_whatsapp\":\"WhatsApp\",\"p43_instagram\":\"Instagram\",\"p43_sitesblogs\":\"Blogs\\\/sites\",\"p44_radio\":\"TV\",\"p44_jornaisimpressosdebairro\":\"Jornais impressos de bairro\",\"p44_redessociais\":\"Redes sociais (Facebook, YouTube, Instagram etc.)\",\"p44_sitesblogs\":\"Sites ou Blogs\",\"p39_publico\":\"JOVENS UNIVERSIT\\u00c1RIOS\",\"p45_bandeira\":\"LUTA ANTIRRACISMO CIDADANIA\",\"p46_hashtags\":\"#IGUALDADE #EDUCACAO #CIDADANIA\"},{\"p1_eixo\":\"Trabalho\",\"p9_tipoorganizacao\":\"Movimento Social\",\"p12_uf\":\"AL\",\"p13_cidade\":\"MACEI\\u00d3, BRANQUINHA, MESSIAS, UNI\\u00c3O DOS PALMARES, JUNDI\\u00c1\",\"p16_nacional\":\"Nacional\",\"p17_ano\":\"Anterior a 1980\",\"p16_estado\":\"Estado\",\"p18_difusaoartistica\":\"Difus\\u00e3o Art\\u00edstica\",\"p18_direitoshumanos\":\"Direitos humanos\",\"p18_lutaantirracismo\":\"Luta antirracismo\",\"p18_moradia\":\"Moradia\",\"p18_povosecomunidadestradicionais\":\"Povos e comunidades tradicionais\",\"p18_trabalho\":\"Trabalho\",\"p18_religiao\":\"Religi\\u00e3o\",\"p18_saude\":\"Sa\\u00fade\",\"p18_violencia\":\"Viol\\u00eancia\",\"p18_politicasculturais\":\"Pol\\u00edticas Culturais\",\"p19_direitoshumanos\":\"Direitos humanos\",\"p19_educacao\":\"Educa\\u00e7\\u00e3o\",\"p19_lutaantirracismo\":\"Luta antirracismo\",\"p19_difusaoartistica\":\"Difus\\u00e3o Art\\u00edstica\",\"p19_politicasculturais\":\"Pol\\u00edticas Culturais\",\"p20_oficinas\":\"Oficinas\",\"p20_cursos\":\"Cursos\",\"p20_apresentacoesartisticas\":\"Apresenta\\u00e7\\u00f5es art\\u00edsticas\",\"p21_repressaopolicial\":\"Repress\\u00e3o policial\",\"p21_intoleranciareligiosa\":\"Fundamentalismo\\\/intoler\\u00e2ncia religiosa\",\"p21_racismo\":\"Racismo\",\"p21_lgbtqifobia\":\"LGBTIfobia\",\"p22_numerodeparticipantes\":\"Mais de 90\",\"p23_reunioes\":\"Reuni\\u00f5es\",\"p23_oficinas\":\"Oficinas\",\"p23_oficinasaulasartisticas\":\"Ensaio\\\/Oficinas\\\/Aulas Art\\u00edsticas\",\"p23_cursos\":\"Cursos\",\"p23_apresentacoesartisticas\":\"Apresenta\\u00e7\\u00f5es Art\\u00edsticas\",\"p24_reunioes\":\"Reuni\\u00f5es\",\"p24_oficinas\":\"Oficinas\",\"p24_apresentacoesartisticas\":\"Apresenta\\u00e7\\u00f5es art\\u00edsticas\",\"p24_visitasexcursoes\":\"Visitas\\\/Excurs\\u00f5es\",\"p24_outros\":\"Outros\",\"p25_numerodepessoas\":\"20 - 40\",\"p26_numerodepessoas\":\"200 - 300\",\"p27_espacopublico\":\"Espa\\u00e7o p\\u00fablico\",\"p27_espacoemprestadocedido\":\"Espa\\u00e7o emprestado\\\/cedido\",\"p28_territorios\":\"Estado\",\"p30_outrasorganizacoes\":\"Sim\",\"p32_campanhadelongaduracao\":\"Sim\",\"p34_nenhuma\":\"Nenhuma\",\"p36_conselhosdeparticipacaoecontrolesocial\":\"Sim\",\"p38_sim\":\"Sim\",\"p40_editais\":\"Sim\",\"p41_privadopj\":\"Privado (P. Jur\\u00eddica)\",\"p41_autofinanciamento\":\"Autofinanciamento\",\"p42_meiodedivulgacaoproprio\":\"Sim\",\"p43_facebook\":\"Facebook\",\"p43_instagram\":\"Instagram\",\"p43_sitesblogs\":\"Blogs\\\/sites\",\"p44_radio\":\"TV\",\"p44_jornaisimpressosdegrandecirculacao\":\"Jornais impressos de grande circula\\u00e7\\u00e3o\",\"p44_jornaisimpressosdebairro\":\"Jornais impressos de bairro\",\"p44_redessociais\":\"Redes sociais (Facebook, YouTube, Instagram etc.)\",\"p44_sitesblogs\":\"Sites ou Blogs\",\"p39_publico\":\"JUVENTUDE MEIO POPULAR PERIFERIA\",\"p45_bandeira\":\"DIREITO VIDA CONTRA EXTERM\\u00cdNIO JUVENTUDE BRASILEIRA CONTRA EXTERM\\u00cdNIO JUVENTUDE NEGRA CONSCI\\u00caNCIA CLASSE PROTAGONISMO JUVENIL\",\"p46_hashtags\":\"#VIDA #CONTRAOEXTERMINIODAJUVENTUDE #LIERDADERELIGIOSAECULTURAL\"},{\"p1_eixo\":\"Cultura\",\"p9_tipoorganizacao\":\"Coletivo Art\\u00edstico\",\"p12_uf\":\"RS\",\"p13_cidade\":\"S\\u00c3O LEOPOLDO\",\"p16_cidade\":\"Cidade\",\"p16_nacional\":\"Nacional\",\"p17_ano\":\"1996\",\"p18_difusaoartistica\":\"Difus\\u00e3o Art\\u00edstica\",\"p18_desenvolvimentoterritorial\":\"Desenvolvimento territorial\",\"p18_direitoshumanos\":\"Direitos humanos\",\"p18_educacao\":\"Educa\\u00e7\\u00e3o\",\"p18_feminismos\":\"Feminismos\",\"p18_lgbtqi\":\"LGBTQI\",\"p18_lutaantirracismo\":\"Luta antirracismo\",\"p18_moradia\":\"Moradia\",\"p18_trabalho\":\"Trabalho\",\"p18_violencia\":\"Viol\\u00eancia\",\"p18_politicasculturais\":\"Pol\\u00edticas Culturais\",\"p19_educacao\":\"Educa\\u00e7\\u00e3o\",\"p19_feminismos\":\"Feminismos\",\"p19_lutaantirracismo\":\"Luta antirracismo\",\"p19_violencia\":\"Viol\\u00eancia\",\"p19_difusaoartistica\":\"Difus\\u00e3o Art\\u00edstica\",\"p19_politicasculturais\":\"Pol\\u00edticas Culturais\",\"p20_oficinas\":\"Oficinas\",\"p20_oficinasaulasartisticas\":\"Ensaios\\\/Oficinas\\\/Aulas art\\u00edsticas\",\"p20_apresentacoesartisticas\":\"Apresenta\\u00e7\\u00f5es art\\u00edsticas\",\"p21_machismo\":\"Machismo\",\"p21_racismo\":\"Racismo\",\"p22_numerodeparticipantes\":\"Mais de 90\",\"p23_reunioes\":\"Reuni\\u00f5es\",\"p23_oficinas\":\"Oficinas\",\"p23_oficinasaulasartisticas\":\"Ensaio\\\/Oficinas\\\/Aulas Art\\u00edsticas\",\"p23_apresentacoesartisticas\":\"Apresenta\\u00e7\\u00f5es Art\\u00edsticas\",\"p24_oficinas\":\"Oficinas\",\"p24_apresentacoesartisticas\":\"Apresenta\\u00e7\\u00f5es art\\u00edsticas\",\"p24_outros\":\"Outros\",\"p25_numerodepessoas\":\"100 - 200\",\"p26_numerodepessoas\":\"100 - 200\",\"p27_espacopublico\":\"Espa\\u00e7o p\\u00fablico\",\"p27_espacoemprestadocedido\":\"Espa\\u00e7o emprestado\\\/cedido\",\"p28_territorios\":\"Atua\\u00e7\\u00e3o Nacional\",\"p30_outrasorganizacoes\":\"Sim\",\"p32_campanhadelongaduracao\":\"N\\u00e3o\",\"p34_nenhuma\":\"Nenhuma\",\"p36_conselhosdeparticipacaoecontrolesocial\":\"N\\u00e3o\",\"p38_sim\":\"Sim\",\"p38_nenhum\":\"Nenhum\",\"p40_editais\":\"N\\u00e3o\",\"p41_privadopf\":\"Privado (P. F\\u00edsica)\",\"p41_autofinanciamento\":\"Autofinanciamento\",\"p42_meiodedivulgacaoproprio\":\"Sim\",\"p43_instagram\":\"Instagram\",\"p43_sitesblogs\":\"Blogs\\\/sites\",\"p44_radio\":\"TV\",\"p44_jornaisimpressosdegrandecirculacao\":\"Jornais impressos de grande circula\\u00e7\\u00e3o\",\"p44_jornaisimpressosdebairro\":\"Jornais impressos de bairro\",\"p44_redessociais\":\"Redes sociais (Facebook, YouTube, Instagram etc.)\",\"p44_sitesblogs\":\"Sites ou Blogs\",\"p39_publico\":\"JUVENTUDE PERIF\\u00c9RICA\",\"p45_bandeira\":\"LUTA IGUALDADE RACIAL\",\"p46_hashtags\":\"#JUVENTUDEPERIFERIA #ANTIRACISTA #RESISTENCIAPOPULAR\"},{\"p1_eixo\":\"Viol\\u00eancia\",\"p9_tipoorganizacao\":\"Instituto\",\"p12_uf\":\"MA\",\"p13_cidade\":\"S\\u00c3O LU\\u00cdS\",\"p16_cidade\":\"Cidade\",\"p17_ano\":\"2018\",\"p16_estado\":\"Estado\",\"p18_difusaoartistica\":\"Difus\\u00e3o Art\\u00edstica\",\"p18_desenvolvimentoterritorial\":\"Desenvolvimento territorial\",\"p18_direitoshumanos\":\"Direitos humanos\",\"p18_educacao\":\"Educa\\u00e7\\u00e3o\",\"p18_feminismos\":\"Feminismos\",\"p18_lgbtqi\":\"LGBTQI\",\"p18_lutaantirracismo\":\"Luta antirracismo\",\"p18_moradia\":\"Moradia\",\"p18_trabalho\":\"Trabalho\",\"p18_violencia\":\"Viol\\u00eancia\",\"p18_politicasculturais\":\"Pol\\u00edticas Culturais\",\"p19_direitoshumanos\":\"Direitos humanos\",\"p19_educacao\":\"Educa\\u00e7\\u00e3o\",\"p19_feminismos\":\"Feminismos\",\"p19_lgbtqi\":\"LGBTQI\",\"p19_violencia\":\"Viol\\u00eancia\",\"p20_reunioes\":\"Reuni\\u00f5es\",\"p20_oficinas\":\"Oficinas\",\"p20_oficinasaulasartisticas\":\"Ensaios\\\/Oficinas\\\/Aulas art\\u00edsticas\",\"p20_formacao\":\"Forma\\u00e7\\u00e3o\",\"p20_apresentacoesartisticas\":\"Apresenta\\u00e7\\u00f5es art\\u00edsticas\",\"p21_machismo\":\"Machismo\",\"p21_nenhum\":\"Nenhum\",\"p22_numerodeparticipantes\":\"1  - 15\",\"p23_reunioes\":\"Reuni\\u00f5es\",\"p23_atendimento\":\"Atendimento\",\"p23_oficinas\":\"Oficinas\",\"p23_oficinasaulasartisticas\":\"Ensaio\\\/Oficinas\\\/Aulas Art\\u00edsticas\",\"p23_formacao\":\"Forma\\u00e7\\u00e3o\",\"p23_apresentacoesartisticas\":\"Apresenta\\u00e7\\u00f5es Art\\u00edsticas\",\"p24_reunioes\":\"Reuni\\u00f5es\",\"p24_outros\":\"Outros\",\"p25_numerodepessoas\":\"40 - 60\",\"p26_numerodepessoas\":\"40 - 60\",\"p27_espacopublico\":\"Espa\\u00e7o p\\u00fablico\",\"p27_espacoemprestadocedido\":\"Espa\\u00e7o emprestado\\\/cedido\",\"p27_espacoproprio\":\"Espa\\u00e7o pr\\u00f3prio\",\"p28_territorios\":\"Cidade\",\"p30_outrasorganizacoes\":\"Sim\",\"p32_campanhadelongaduracao\":\"N\\u00e3o\",\"p34_nenhuma\":\"Nenhuma\",\"p36_conselhosdeparticipacaoecontrolesocial\":\"N\\u00e3o\",\"p38_sim\":\"Sim\",\"p38_nenhum\":\"Nenhum\",\"p40_editais\":\"N\\u00e3o\",\"p41_privadopf\":\"Privado (P. F\\u00edsica)\",\"p41_autofinanciamento\":\"Autofinanciamento\",\"p42_meiodedivulgacaoproprio\":\"Sim\",\"p43_facebook\":\"Facebook\",\"p43_whatsapp\":\"WhatsApp\",\"p43_instagram\":\"Instagram\",\"p43_twitter\":\"Twitter\",\"p44_radio\":\"TV\",\"p44_redessociais\":\"Redes sociais (Facebook, YouTube, Instagram etc.)\",\"p39_publico\":\"MULHERES VULNERABILIDADE\",\"p45_bandeira\":\"MORADIA MULHERES-EM-SITUA\\u00c7\\u00c3O-DE-VIOL\\u00caNCIA EDUCA\\u00c7\\u00c3O TRANSFORMA\\u00c7\\u00c3O CONSCIENTE POTENCIALIZAR TALENTO FINS AUTOSSUSTENTO ALIMENTA\\u00c7\\u00c3O\",\"p46_hashtags\":\"#TRANSFORMACAOATRAVESDOAMOR #TRANSFORMACAOEUNIAO\"},{\"p1_eixo\":\"Trabalho\",\"p9_tipoorganizacao\":\"Associa\\u00e7\\u00e3o\",\"p12_uf\":\"MA\",\"p13_cidade\":\"S\\u00c3O LU\\u00cdS\",\"p16_cidade\":\"Cidade\",\"p17_ano\":\"1980\",\"p16_estado\":\"Estado\",\"p18_comunicacao\":\"Comunica\\u00e7\\u00e3o\",\"p18_desenvolvimentoterritorial\":\"Desenvolvimento territorial\",\"p18_direitoshumanos\":\"Direitos humanos\",\"p18_educacao\":\"Educa\\u00e7\\u00e3o\",\"p18_feminismos\":\"Feminismos\",\"p18_lgbtqi\":\"LGBTQI\",\"p18_lutaantirracismo\":\"Luta antirracismo\",\"p18_povosecomunidadestradicionais\":\"Povos e comunidades tradicionais\",\"p18_saude\":\"Sa\\u00fade\",\"p18_violencia\":\"Viol\\u00eancia\",\"p19_direitoshumanos\":\"Direitos humanos\",\"p19_educacao\":\"Educa\\u00e7\\u00e3o\",\"p19_lgbtqi\":\"LGBTQI\",\"p19_lutaantirracismo\":\"Luta antirracismo\",\"p19_saude\":\"Sa\\u00fade\",\"p19_violencia\":\"Viol\\u00eancia\",\"p20_reunioes\":\"Reuni\\u00f5es\",\"p20_oficinas\":\"Oficinas\",\"p20_oficinasaulasartisticas\":\"Ensaios\\\/Oficinas\\\/Aulas art\\u00edsticas\",\"p20_formacao\":\"Forma\\u00e7\\u00e3o\",\"p20_apresentacoesartisticas\":\"Apresenta\\u00e7\\u00f5es art\\u00edsticas\",\"p21_machismo\":\"Machismo\",\"p21_racismo\":\"Racismo\",\"p21_lgbtqifobia\":\"LGBTIfobia\",\"p21_nenhum\":\"Nenhum\",\"p22_numerodeparticipantes\":\"Mais de 90\",\"p23_reunioes\":\"Reuni\\u00f5es\",\"p23_atendimento\":\"Atendimento\",\"p23_formacao\":\"Forma\\u00e7\\u00e3o\",\"p23_apresentacoesartisticas\":\"Apresenta\\u00e7\\u00f5es Art\\u00edsticas\",\"p24_reunioes\":\"Reuni\\u00f5es\",\"p24_outros\":\"Outros\",\"p25_numerodepessoas\":\"100 - 200\",\"p26_numerodepessoas\":\"20 - 40\",\"p27_espacopublico\":\"Espa\\u00e7o p\\u00fablico\",\"p27_espacoemprestadocedido\":\"Espa\\u00e7o emprestado\\\/cedido\",\"p27_espacoproprio\":\"Espa\\u00e7o pr\\u00f3prio\",\"p28_territorios\":\"Estado\",\"p30_outrasorganizacoes\":\"Sim\",\"p32_campanhadelongaduracao\":\"Sim\",\"p34_municipal\":\"Municipal\",\"p34_nenhuma\":\"Nenhuma\",\"p36_conselhosdeparticipacaoecontrolesocial\":\"N\\u00e3o\",\"p38_sim\":\"Sim\",\"p40_editais\":\"Sim\",\"p41_autofinanciamento\":\"Autofinanciamento\",\"p42_meiodedivulgacaoproprio\":\"Sim\",\"p43_impressoes\":\"Impressos\",\"p43_email\":\"E-mail\",\"p43_facebook\":\"Facebook\",\"p43_whatsapp\":\"WhatsApp\",\"p43_instagram\":\"Instagram\",\"p43_twitter\":\"Twitter\",\"p44_radio\":\"TV\",\"p44_jornaisimpressosdegrandecirculacao\":\"Jornais impressos de grande circula\\u00e7\\u00e3o\",\"p44_jornaisimpressosdebairro\":\"Jornais impressos de bairro\",\"p44_redessociais\":\"Redes sociais (Facebook, YouTube, Instagram etc.)\",\"p44_sitesblogs\":\"Sites ou Blogs\",\"p39_publico\":\"ESTUDANTES\",\"p45_bandeira\":\"EDUCA\\u00c7\\u00c3O JUSTI\\u00c7A SOCIAL\",\"p46_hashtags\":\"#EDUCACAOPARATODOS #DIREITODASMINORIAS #LULALIVRE\"},{\"p1_eixo\":\"Viol\\u00eancia\",\"p9_tipoorganizacao\":\"Movimento Social\",\"p12_uf\":\"MG\",\"p13_cidade\":\"BELO HORIZONTE\",\"p16_cidade\":\"Cidade\",\"p16_internacional\":\"Internacional\",\"p17_ano\":\"2019\",\"p18_agrario\":\"Agr\\u00e1rio\\\/ruralidades\",\"p18_comunicacao\":\"Comunica\\u00e7\\u00e3o\",\"p18_difusaoartistica\":\"Difus\\u00e3o Art\\u00edstica\",\"p18_desenvolvimentoterritorial\":\"Desenvolvimento territorial\",\"p18_direitoshumanos\":\"Direitos humanos\",\"p18_educacao\":\"Educa\\u00e7\\u00e3o\",\"p18_feminismos\":\"Feminismos\",\"p18_lgbtqi\":\"LGBTQI\",\"p18_lutaantirracismo\":\"Luta antirracismo\",\"p18_mobilidade\":\"Mobilidade\",\"p18_moradia\":\"Moradia\",\"p18_povosecomunidadestradicionais\":\"Povos e comunidades tradicionais\",\"p18_trabalho\":\"Trabalho\",\"p18_saude\":\"Sa\\u00fade\",\"p18_violencia\":\"Viol\\u00eancia\",\"p18_politicasculturais\":\"Pol\\u00edticas Culturais\",\"p19_feminismos\":\"Feminismos\",\"p19_lutaantirracismo\":\"Luta antirracismo\",\"p19_trabalho\":\"Trabalho\",\"p19_saude\":\"Sa\\u00fade\",\"p19_violencia\":\"Viol\\u00eancia\",\"p20_reunioes\":\"Reuni\\u00f5es\",\"p20_formacao\":\"Forma\\u00e7\\u00e3o\",\"p21_intoleranciareligiosa\":\"Fundamentalismo\\\/intoler\\u00e2ncia religiosa\",\"p21_xenofobia\":\"Xenofobia\",\"p21_machismo\":\"Machismo\",\"p21_racismo\":\"Racismo\",\"p21_lgbtqifobia\":\"LGBTIfobia\",\"p22_numerodeparticipantes\":\"1  - 15\",\"p23_reunioes\":\"Reuni\\u00f5es\",\"p23_outros\":\"Outros\",\"p24_formacao\":\"Forma\\u00e7\\u00e3o\",\"p24_outros\":\"Outros\",\"p25_numerodepessoas\":\"80 - 100\",\"p26_numerodepessoas\":\"80 - 100\",\"p27_espacopublico\":\"Espa\\u00e7o p\\u00fablico\",\"p27_espacoemprestadocedido\":\"Espa\\u00e7o emprestado\\\/cedido\",\"p28_territorios\":\"Cidade\",\"p30_outrasorganizacoes\":\"Sim\",\"p32_campanhadelongaduracao\":\"Sim\",\"p34_municipal\":\"Municipal\",\"p34_estadual\":\"Estadual\",\"p36_conselhosdeparticipacaoecontrolesocial\":\"N\\u00e3o\",\"p38_sim\":\"Sim\",\"p40_editais\":\"Sim\",\"p41_autofinanciamento\":\"Autofinanciamento\",\"p42_meiodedivulgacaoproprio\":\"Sim\",\"p43_impressoes\":\"Impressos\",\"p43_email\":\"E-mail\",\"p43_facebook\":\"Facebook\",\"p43_instagram\":\"Instagram\",\"p44_radio\":\"TV\",\"p44_jornaisimpressosdegrandecirculacao\":\"Jornais impressos de grande circula\\u00e7\\u00e3o\",\"p44_jornaisimpressosdebairro\":\"Jornais impressos de bairro\",\"p44_redessociais\":\"Redes sociais (Facebook, YouTube, Instagram etc.)\",\"p44_sitesblogs\":\"Sites ou Blogs\",\"p39_publico\":\"MULHERES JOVENS\",\"p45_bandeira\":\"ANTIRRACISMO LUTA LGBTQI LUTA CONTRA ENCARCERAMENTO MASSA JUVENTUDE\",\"p46_hashtags\":\"#MULHERESNAINCIDENCIAPOLITICA #VIDASNEGRASIMPORTAM #VAMOSPARIRUMOUTROBRASIL\"},{\"p1_eixo\":\"Viol\\u00eancia\",\"p9_tipoorganizacao\":\"Movimento Social\",\"p12_uf\":\"MA\",\"p13_cidade\":\"S\\u00c3O LU\\u00cdS, PEDREIRAS, RAPOSA\",\"p16_bairro\":\"Bairro\",\"p16_internacional\":\"Internacional\",\"p17_ano\":\"2000\",\"p18_agrario\":\"Agr\\u00e1rio\\\/ruralidades\",\"p18_comunicacao\":\"Comunica\\u00e7\\u00e3o\",\"p18_difusaoartistica\":\"Difus\\u00e3o Art\\u00edstica\",\"p18_desenvolvimentoterritorial\":\"Desenvolvimento territorial\",\"p18_direitoshumanos\":\"Direitos humanos\",\"p18_educacao\":\"Educa\\u00e7\\u00e3o\",\"p18_feminismos\":\"Feminismos\",\"p18_lgbtqi\":\"LGBTQI\",\"p18_lutaantirracismo\":\"Luta antirracismo\",\"p18_mobilidade\":\"Mobilidade\",\"p18_moradia\":\"Moradia\",\"p18_povosecomunidadestradicionais\":\"Povos e comunidades tradicionais\",\"p18_trabalho\":\"Trabalho\",\"p18_saude\":\"Sa\\u00fade\",\"p18_violencia\":\"Viol\\u00eancia\",\"p18_politicasculturais\":\"Pol\\u00edticas Culturais\",\"p19_feminismos\":\"Feminismos\",\"p19_lutaantirracismo\":\"Luta antirracismo\",\"p19_trabalho\":\"Trabalho\",\"p19_violencia\":\"Viol\\u00eancia\",\"p20_reunioes\":\"Reuni\\u00f5es\",\"p20_atendimento\":\"Atendimento\",\"p20_oficinas\":\"Oficinas\",\"p20_oficinasaulasartisticas\":\"Ensaios\\\/Oficinas\\\/Aulas art\\u00edsticas\",\"p20_cursos\":\"Cursos\",\"p20_formacao\":\"Forma\\u00e7\\u00e3o\",\"p20_profissionalizacao\":\"Profissionaliza\\u00e7\\u00e3o\",\"p20_apresentacoesartisticas\":\"Apresenta\\u00e7\\u00f5es art\\u00edsticas\",\"p20_visitasexcursoes\":\"Visitas\\\/Excurs\\u00f5es\",\"p21_intoleranciareligiosa\":\"Fundamentalismo\\\/intoler\\u00e2ncia religiosa\",\"p21_xenofobia\":\"Xenofobia\",\"p21_machismo\":\"Machismo\",\"p21_racismo\":\"Racismo\",\"p21_nenhum\":\"Nenhum\",\"p22_numerodeparticipantes\":\"1  - 15\",\"p23_reunioes\":\"Reuni\\u00f5es\",\"p23_atendimento\":\"Atendimento\",\"p23_oficinas\":\"Oficinas\",\"p23_oficinasaulasartisticas\":\"Ensaio\\\/Oficinas\\\/Aulas Art\\u00edsticas\",\"p23_cursos\":\"Cursos\",\"p23_formacao\":\"Forma\\u00e7\\u00e3o\",\"p23_profissionalizacao\":\"Profissionaliza\\u00e7\\u00e3o\",\"p23_apresentacoesartisticas\":\"Apresenta\\u00e7\\u00f5es Art\\u00edsticas\",\"p23_visitas\":\"Visitas\",\"p23_excursoes\":\"Excurs\\u00f5es\",\"p23_outros\":\"Outros\",\"p24_reunioes\":\"Reuni\\u00f5es\",\"p24_atendimento\":\"Atendimentos\",\"p24_oficinas\":\"Oficinas\",\"p24_oficinasaulasartisticas\":\"Ensaios\\\/Oficinas\\\/Aulas art\\u00edsticas\",\"p24_curso\":\"Curso\",\"p24_formacao\":\"Forma\\u00e7\\u00e3o\",\"p24_profissionalizacao\":\"Profissionaliza\\u00e7\\u00e3o\",\"p24_apresentacoesartisticas\":\"Apresenta\\u00e7\\u00f5es art\\u00edsticas\",\"p24_visitasexcursoes\":\"Visitas\\\/Excurs\\u00f5es\",\"p24_outros\":\"Outros\",\"p25_numerodepessoas\":\"1 - 20\",\"p26_numerodepessoas\":\"20 - 40\",\"p27_espacopublico\":\"Espa\\u00e7o p\\u00fablico\",\"p27_espacoemprestadocedido\":\"Espa\\u00e7o emprestado\\\/cedido\",\"p28_territorios\":\"Estado\",\"p30_outrasorganizacoes\":\"Sim\",\"p32_campanhadelongaduracao\":\"Sim\",\"p34_municipal\":\"Municipal\",\"p34_estadual\":\"Estadual\",\"p36_conselhosdeparticipacaoecontrolesocial\":\"Sim\",\"p38_sim\":\"Sim\",\"p38_nenhum\":\"Nenhum\",\"p40_editais\":\"Sim\",\"p41_autofinanciamento\":\"Autofinanciamento\",\"p42_meiodedivulgacaoproprio\":\"Sim\",\"p43_impressoes\":\"Impressos\",\"p43_email\":\"E-mail\",\"p43_facebook\":\"Facebook\",\"p43_instagram\":\"Instagram\",\"p44_radio\":\"TV\",\"p44_redessociais\":\"Redes sociais (Facebook, YouTube, Instagram etc.)\",\"p39_publico\":\"MULHERES JOVENS PERIF\\u00c9RICAS POPULAR\",\"p45_bandeira\":\"LUTA ANTICAPITALISTA LUTA ANTIPATRIARCAL LUTA ANTIRRACISTA COMBATE DESMILITARIZA\\u00c7\\u00c3O ECONOMIA SOLID\\u00c1RIA COMUNICA\\u00c7\\u00c3O\",\"p46_hashtags\":\"#ANTICAPITALISTA #ANTIRRACISTA #FEMINISMOPOPULAR\"},{\"p1_eixo\":\"Viol\\u00eancia\",\"p9_tipoorganizacao\":\"ONG\",\"p12_uf\":\"MG\",\"p13_cidade\":\"BELO HORIZONTE\",\"p16_bairro\":\"Bairro\",\"p16_cidade\":\"Cidade\",\"p17_ano\":\"2004\",\"p18_comunicacao\":\"Comunica\\u00e7\\u00e3o\",\"p18_difusaoartistica\":\"Difus\\u00e3o Art\\u00edstica\",\"p18_direitoshumanos\":\"Direitos humanos\",\"p18_educacao\":\"Educa\\u00e7\\u00e3o\",\"p18_feminismos\":\"Feminismos\",\"p18_lutaantirracismo\":\"Luta antirracismo\",\"p18_mobilidade\":\"Mobilidade\",\"p18_moradia\":\"Moradia\",\"p18_trabalho\":\"Trabalho\",\"p18_violencia\":\"Viol\\u00eancia\",\"p18_politicasculturais\":\"Pol\\u00edticas Culturais\",\"p19_direitoshumanos\":\"Direitos humanos\",\"p19_educacao\":\"Educa\\u00e7\\u00e3o\",\"p19_feminismos\":\"Feminismos\",\"p19_lutaantirracismo\":\"Luta antirracismo\",\"p19_violencia\":\"Viol\\u00eancia\",\"p19_politicasculturais\":\"Pol\\u00edticas Culturais\",\"p20_reunioes\":\"Reuni\\u00f5es\",\"p20_atendimento\":\"Atendimento\",\"p20_oficinas\":\"Oficinas\",\"p20_oficinasaulasartisticas\":\"Ensaios\\\/Oficinas\\\/Aulas art\\u00edsticas\",\"p20_cursos\":\"Cursos\",\"p20_formacao\":\"Forma\\u00e7\\u00e3o\",\"p20_profissionalizacao\":\"Profissionaliza\\u00e7\\u00e3o\",\"p20_apresentacoesartisticas\":\"Apresenta\\u00e7\\u00f5es art\\u00edsticas\",\"p20_visitasexcursoes\":\"Visitas\\\/Excurs\\u00f5es\",\"p21_intoleranciareligiosa\":\"Fundamentalismo\\\/intoler\\u00e2ncia religiosa\",\"p21_xenofobia\":\"Xenofobia\",\"p21_machismo\":\"Machismo\",\"p21_racismo\":\"Racismo\",\"p21_lgbtqifobia\":\"LGBTIfobia\",\"p21_nenhum\":\"Nenhum\",\"p22_numerodeparticipantes\":\"1  - 15\",\"p23_reunioes\":\"Reuni\\u00f5es\",\"p23_atendimento\":\"Atendimento\",\"p23_oficinas\":\"Oficinas\",\"p23_oficinasaulasartisticas\":\"Ensaio\\\/Oficinas\\\/Aulas Art\\u00edsticas\",\"p23_cursos\":\"Cursos\",\"p23_formacao\":\"Forma\\u00e7\\u00e3o\",\"p23_profissionalizacao\":\"Profissionaliza\\u00e7\\u00e3o\",\"p23_apresentacoesartisticas\":\"Apresenta\\u00e7\\u00f5es Art\\u00edsticas\",\"p23_visitas\":\"Visitas\",\"p23_excursoes\":\"Excurs\\u00f5es\",\"p24_reunioes\":\"Reuni\\u00f5es\",\"p24_atendimento\":\"Atendimentos\",\"p24_oficinas\":\"Oficinas\",\"p24_oficinasaulasartisticas\":\"Ensaios\\\/Oficinas\\\/Aulas art\\u00edsticas\",\"p24_curso\":\"Curso\",\"p24_formacao\":\"Forma\\u00e7\\u00e3o\",\"p24_profissionalizacao\":\"Profissionaliza\\u00e7\\u00e3o\",\"p24_apresentacoesartisticas\":\"Apresenta\\u00e7\\u00f5es art\\u00edsticas\",\"p24_visitasexcursoes\":\"Visitas\\\/Excurs\\u00f5es\",\"p24_outros\":\"Outros\",\"p25_numerodepessoas\":\"100 - 200\",\"p26_numerodepessoas\":\"100 - 200\",\"p27_espacoemprestadocedido\":\"Espa\\u00e7o emprestado\\\/cedido\",\"p28_territorios\":\"Pr\\u00f3prio bairro\",\"p30_outrasorganizacoes\":\"Sim\",\"p32_campanhadelongaduracao\":\"Sim\",\"p34_municipal\":\"Municipal\",\"p34_nenhuma\":\"Nenhuma\",\"p36_conselhosdeparticipacaoecontrolesocial\":\"Sim\",\"p38_sim\":\"Sim\",\"p38_nenhum\":\"Nenhum\",\"p40_editais\":\"Sim\",\"p41_publicoestatal\":\"P\\u00fablico-Estatal\",\"p41_autofinanciamento\":\"Autofinanciamento\",\"p42_meiodedivulgacaoproprio\":\"N\\u00e3o\",\"p43_impressoes\":\"Impressos\",\"p43_email\":\"E-mail\",\"p43_facebook\":\"Facebook\",\"p43_instagram\":\"Instagram\",\"p44_jornaisimpressosdebairro\":\"Jornais impressos de bairro\",\"p44_redessociais\":\"Redes sociais (Facebook, YouTube, Instagram etc.)\",\"p44_sitesblogs\":\"Sites ou Blogs\",\"p39_publico\":\"CRIAN\\u00c7AS MULHERES\",\"p45_bandeira\":\"ACOLHIMENTO EMPODERAMENTO\",\"p46_hashtags\":\"#AMANDOQUANTASVEZESFOREMNECESSARIAS #PROSSEGUINDO #EUMELEVANTO\"},{\"p1_eixo\":\"Cultura\",\"p9_tipoorganizacao\":\"Coletivo\",\"p12_uf\":\"MA\",\"p13_cidade\":\"S\\u00c3O LU\\u00cdS\",\"p16_cidade\":\"Cidade\",\"p17_ano\":\"2017\",\"p16_estado\":\"Estado\",\"p18_agrario\":\"Agr\\u00e1rio\\\/ruralidades\",\"p18_comunicacao\":\"Comunica\\u00e7\\u00e3o\",\"p18_difusaoartistica\":\"Difus\\u00e3o Art\\u00edstica\",\"p18_desenvolvimentoterritorial\":\"Desenvolvimento territorial\",\"p18_direitoshumanos\":\"Direitos humanos\",\"p18_educacao\":\"Educa\\u00e7\\u00e3o\",\"p18_feminismos\":\"Feminismos\",\"p18_lgbtqi\":\"LGBTQI\",\"p18_lutaantirracismo\":\"Luta antirracismo\",\"p18_mobilidade\":\"Mobilidade\",\"p18_trabalho\":\"Trabalho\",\"p18_saude\":\"Sa\\u00fade\",\"p18_violencia\":\"Viol\\u00eancia\",\"p18_politicasculturais\":\"Pol\\u00edticas Culturais\",\"p19_direitoshumanos\":\"Direitos humanos\",\"p19_educacao\":\"Educa\\u00e7\\u00e3o\",\"p19_violencia\":\"Viol\\u00eancia\",\"p19_politicasculturais\":\"Pol\\u00edticas Culturais\",\"p20_reunioes\":\"Reuni\\u00f5es\",\"p20_cursos\":\"Cursos\",\"p20_formacao\":\"Forma\\u00e7\\u00e3o\",\"p20_apresentacoesartisticas\":\"Apresenta\\u00e7\\u00f5es art\\u00edsticas\",\"p21_repressaopolicial\":\"Repress\\u00e3o policial\",\"p21_intoleranciareligiosa\":\"Fundamentalismo\\\/intoler\\u00e2ncia religiosa\",\"p21_xenofobia\":\"Xenofobia\",\"p21_machismo\":\"Machismo\",\"p21_racismo\":\"Racismo\",\"p21_lgbtqifobia\":\"LGBTIfobia\",\"p22_numerodeparticipantes\":\"45 - 60\",\"p23_reunioes\":\"Reuni\\u00f5es\",\"p23_oficinas\":\"Oficinas\",\"p23_oficinasaulasartisticas\":\"Ensaio\\\/Oficinas\\\/Aulas Art\\u00edsticas\",\"p23_cursos\":\"Cursos\",\"p23_formacao\":\"Forma\\u00e7\\u00e3o\",\"p23_outros\":\"Outros\",\"p24_profissionalizacao\":\"Profissionaliza\\u00e7\\u00e3o\",\"p24_apresentacoesartisticas\":\"Apresenta\\u00e7\\u00f5es art\\u00edsticas\",\"p24_outros\":\"Outros\",\"p25_numerodepessoas\":\"80 - 100\",\"p26_numerodepessoas\":\"Mais de 500\",\"p27_espacopublico\":\"Espa\\u00e7o p\\u00fablico\",\"p27_espacoemprestadocedido\":\"Espa\\u00e7o emprestado\\\/cedido\",\"p28_territorios\":\"Regi\\u00e3o da Cidade\",\"p30_outrasorganizacoes\":\"Sim\",\"p32_campanhadelongaduracao\":\"N\\u00e3o\",\"p34_nacional\":\"Nacional\",\"p34_nenhuma\":\"Nenhuma\",\"p36_conselhosdeparticipacaoecontrolesocial\":\"N\\u00e3o\",\"p38_sim\":\"Sim\",\"p40_editais\":\"Sim\",\"p41_publicoestatal\":\"P\\u00fablico-Estatal\",\"p41_privadopj\":\"Privado (P. Jur\\u00eddica)\",\"p41_autofinanciamento\":\"Autofinanciamento\",\"p41_financiamentocoletivo0\":\"Financiamento coletivo\",\"p42_meiodedivulgacaoproprio\":\"Sim\",\"p43_impressoes\":\"Impressos\",\"p43_email\":\"E-mail\",\"p43_facebook\":\"Facebook\",\"p43_whatsapp\":\"WhatsApp\",\"p43_instagram\":\"Instagram\",\"p43_sitesblogs\":\"Blogs\\\/sites\",\"p44_radio\":\"R\\u00e1dio\",\"p44_jornaisimpressosdebairro\":\"Jornais impressos de bairro\",\"p44_redessociais\":\"Redes sociais (Facebook, YouTube, Instagram etc.)\",\"p44_sitesblogs\":\"Sites ou Blogs\",\"p39_publico\":\"JOVENS PERIFERIA\",\"p45_bandeira\":\"DEMOCRATIZA\\u00c7\\u00c3O ENSINO SUPERIOR DEFESA ESCOLA P\\u00daBLICA PARTICIPA\\u00c7\\u00c3O POPULAR\",\"p46_hashtags\":\"#DEBOASCURSINHOSPOPULARES #EDUCACAOPOPULAR #CULTURA\"},{\"p1_eixo\":\"Viol\\u00eancia\",\"p9_tipoorganizacao\":\"F\\u00f3rum\",\"p12_uf\":\"MA\",\"p13_cidade\":\"S\\u00c3O LU\\u00cdS\",\"p16_cidade\":\"Cidade\",\"p17_ano\":\"1986\",\"p16_estado\":\"Estado\",\"p18_agrario\":\"Agr\\u00e1rio\\\/ruralidades\",\"p18_comunicacao\":\"Comunica\\u00e7\\u00e3o\",\"p18_difusaoartistica\":\"Difus\\u00e3o Art\\u00edstica\",\"p18_desenvolvimentoterritorial\":\"Desenvolvimento territorial\",\"p18_direitoshumanos\":\"Direitos humanos\",\"p18_educacao\":\"Educa\\u00e7\\u00e3o\",\"p18_feminismos\":\"Feminismos\",\"p18_lgbtqi\":\"LGBTQI\",\"p18_lutaantirracismo\":\"Luta antirracismo\",\"p18_mobilidade\":\"Mobilidade\",\"p18_trabalho\":\"Trabalho\",\"p18_saude\":\"Sa\\u00fade\",\"p18_violencia\":\"Viol\\u00eancia\",\"p18_politicasculturais\":\"Pol\\u00edticas Culturais\",\"p19_educacao\":\"Educa\\u00e7\\u00e3o\",\"p19_feminismos\":\"Feminismos\",\"p19_violencia\":\"Viol\\u00eancia\",\"p19_politicasculturais\":\"Pol\\u00edticas Culturais\",\"p20_reunioes\":\"Reuni\\u00f5es\",\"p20_cursos\":\"Cursos\",\"p20_formacao\":\"Forma\\u00e7\\u00e3o\",\"p20_apresentacoesartisticas\":\"Apresenta\\u00e7\\u00f5es art\\u00edsticas\",\"p21_repressaopolicial\":\"Repress\\u00e3o policial\",\"p21_intoleranciareligiosa\":\"Fundamentalismo\\\/intoler\\u00e2ncia religiosa\",\"p21_xenofobia\":\"Xenofobia\",\"p21_machismo\":\"Machismo\",\"p21_racismo\":\"Racismo\",\"p21_lgbtqifobia\":\"LGBTIfobia\",\"p22_numerodeparticipantes\":\"15 - 30\",\"p23_reunioes\":\"Reuni\\u00f5es\",\"p23_cursos\":\"Cursos\",\"p23_formacao\":\"Forma\\u00e7\\u00e3o\",\"p23_outros\":\"Outros\",\"p24_reunioes\":\"Reuni\\u00f5es\",\"p24_profissionalizacao\":\"Profissionaliza\\u00e7\\u00e3o\",\"p24_apresentacoesartisticas\":\"Apresenta\\u00e7\\u00f5es art\\u00edsticas\",\"p24_outros\":\"Outros\",\"p25_numerodepessoas\":\"60 - 80\",\"p26_numerodepessoas\":\"60 - 80\",\"p27_espacopublico\":\"Espa\\u00e7o p\\u00fablico\",\"p27_espacoemprestadocedido\":\"Espa\\u00e7o emprestado\\\/cedido\",\"p27_virtual\":\"Virtual\",\"p27_ocupacao\":\"Ocupa\\u00e7\\u00e3o\",\"p28_territorios\":\"Estado\",\"p30_outrasorganizacoes\":\"Sim\",\"p32_campanhadelongaduracao\":\"Sim\",\"p34_nacional\":\"Nacional\",\"p36_conselhosdeparticipacaoecontrolesocial\":\"Sim\",\"p38_sim\":\"Sim\",\"p40_editais\":\"Sim\",\"p41_publicoestatal\":\"P\\u00fablico-Estatal\",\"p41_privadopj\":\"Privado (P. Jur\\u00eddica)\",\"p41_autofinanciamento\":\"Autofinanciamento\",\"p41_financiamentocoletivo0\":\"Financiamento coletivo\",\"p42_meiodedivulgacaoproprio\":\"Sim\",\"p43_impressoes\":\"Impressos\",\"p43_email\":\"E-mail\",\"p43_facebook\":\"Facebook\",\"p43_whatsapp\":\"WhatsApp\",\"p43_instagram\":\"Instagram\",\"p43_sitesblogs\":\"Blogs\\\/sites\",\"p44_radio\":\"TV\",\"p44_jornaisimpressosdegrandecirculacao\":\"Jornais impressos de grande circula\\u00e7\\u00e3o\",\"p44_jornaisimpressosdebairro\":\"Jornais impressos de bairro\",\"p44_redessociais\":\"Redes sociais (Facebook, YouTube, Instagram etc.)\",\"p44_sitesblogs\":\"Sites ou Blogs\",\"p39_publico\":\"MULHERES\",\"p45_bandeira\":\"COMBATE COMBATE RACISMO LUTA ANTICAPITALISTA EDUCA\\u00c7\\u00c3O COMBATE PATRIARCADO PODER PARTICIPA\\u00c7\\u00c3O POLITICA TRABALHO RENDA\",\"p46_hashtags\":\"#COMBATEAVIOLENCIAAORACISMOEAOCAPITALISMO #EDUCACAODEGENERO #PODEREPARTICIPACAOPOLITICAEEMPODERAMENTO\"},{\"p1_eixo\":\"Viol\\u00eancia\",\"p9_tipoorganizacao\":\"Coletivo\",\"p12_uf\":\"SP\",\"p13_cidade\":\"S\\u00c3O CARLOS\",\"p16_cidade\":\"Cidade\",\"p17_ano\":\"2010\",\"p18_comunicacao\":\"Comunica\\u00e7\\u00e3o\",\"p18_difusaoartistica\":\"Difus\\u00e3o Art\\u00edstica\",\"p18_direitoshumanos\":\"Direitos humanos\",\"p18_educacao\":\"Educa\\u00e7\\u00e3o\",\"p18_feminismos\":\"Feminismos\",\"p18_lgbtqi\":\"LGBTQI\",\"p18_lutaantirracismo\":\"Luta antirracismo\",\"p18_mobilidade\":\"Mobilidade\",\"p18_povosecomunidadestradicionais\":\"Povos e comunidades tradicionais\",\"p18_trabalho\":\"Trabalho\",\"p18_saude\":\"Sa\\u00fade\",\"p18_violencia\":\"Viol\\u00eancia\",\"p18_politicasculturais\":\"Pol\\u00edticas Culturais\",\"p19_educacao\":\"Educa\\u00e7\\u00e3o\",\"p19_feminismos\":\"Feminismos\",\"p19_lutaantirracismo\":\"Luta antirracismo\",\"p19_violencia\":\"Viol\\u00eancia\",\"p20_reunioes\":\"Reuni\\u00f5es\",\"p20_oficinas\":\"Oficinas\",\"p20_oficinasaulasartisticas\":\"Ensaios\\\/Oficinas\\\/Aulas art\\u00edsticas\",\"p20_cursos\":\"Cursos\",\"p21_intoleranciareligiosa\":\"Fundamentalismo\\\/intoler\\u00e2ncia religiosa\",\"p21_machismo\":\"Machismo\",\"p21_racismo\":\"Racismo\",\"p21_lgbtqifobia\":\"LGBTIfobia\",\"p21_nenhum\":\"Nenhum\",\"p22_numerodeparticipantes\":\"15 - 30\",\"p23_oficinas\":\"Oficinas\",\"p23_oficinasaulasartisticas\":\"Ensaio\\\/Oficinas\\\/Aulas Art\\u00edsticas\",\"p23_cursos\":\"Cursos\",\"p23_outros\":\"Outros\",\"p24_reunioes\":\"Reuni\\u00f5es\",\"p24_apresentacoesartisticas\":\"Apresenta\\u00e7\\u00f5es art\\u00edsticas\",\"p24_outros\":\"Outros\",\"p25_numerodepessoas\":\"40 - 60\",\"p26_numerodepessoas\":\"20 - 40\",\"p27_espacopublico\":\"Espa\\u00e7o p\\u00fablico\",\"p27_espacoemprestadocedido\":\"Espa\\u00e7o emprestado\\\/cedido\",\"p27_virtual\":\"Virtual\",\"p27_ocupacao\":\"Ocupa\\u00e7\\u00e3o\",\"p28_territorios\":\"Cidade\",\"p30_outrasorganizacoes\":\"Sim\",\"p32_campanhadelongaduracao\":\"N\\u00e3o\",\"p34_nacional\":\"Nacional\",\"p34_nenhuma\":\"Nenhuma\",\"p36_conselhosdeparticipacaoecontrolesocial\":\"Sim\",\"p38_sim\":\"Sim\",\"p40_editais\":\"Sim\",\"p41_privadopf\":\"Privado (P. F\\u00edsica)\",\"p41_privadopj\":\"Privado (P. Jur\\u00eddica)\",\"p41_autofinanciamento\":\"Autofinanciamento\",\"p41_financiamentocoletivo0\":\"Financiamento coletivo\",\"p42_meiodedivulgacaoproprio\":\"Sim\",\"p43_impressoes\":\"Impressos\",\"p43_email\":\"E-mail\",\"p43_facebook\":\"Facebook\",\"p43_whatsapp\":\"WhatsApp\",\"p43_instagram\":\"Instagram\",\"p43_sitesblogs\":\"Blogs\\\/sites\",\"p44_radio\":\"TV\",\"p44_jornaisimpressosdegrandecirculacao\":\"Jornais impressos de grande circula\\u00e7\\u00e3o\",\"p44_jornaisimpressosdebairro\":\"Jornais impressos de bairro\",\"p44_redessociais\":\"Redes sociais (Facebook, YouTube, Instagram etc.)\",\"p44_sitesblogs\":\"Sites ou Blogs\",\"p39_publico\":\"MULHERES\",\"p45_bandeira\":\"VIOL\\u00caNCIA CONTRA MULHERES\",\"p46_hashtags\":\"#PELAVIDADASMULHERES #FEMINISMO #PELOFIMDAVIOLENCIACONTRAAMULHER\"},{\"p1_eixo\":\"Viol\\u00eancia\",\"p9_tipoorganizacao\":\"Coletivo\",\"p12_uf\":\"TO\",\"p13_cidade\":\"PALMAS\",\"p16_cidade\":\"Cidade\",\"p17_ano\":\"2016\",\"p16_estado\":\"Estado\",\"p18_comunicacao\":\"Comunica\\u00e7\\u00e3o\",\"p18_difusaoartistica\":\"Difus\\u00e3o Art\\u00edstica\",\"p18_desenvolvimentoterritorial\":\"Desenvolvimento territorial\",\"p18_direitoshumanos\":\"Direitos humanos\",\"p18_educacao\":\"Educa\\u00e7\\u00e3o\",\"p18_feminismos\":\"Feminismos\",\"p18_lgbtqi\":\"LGBTQI\",\"p18_lutaantirracismo\":\"Luta antirracismo\",\"p18_mobilidade\":\"Mobilidade\",\"p18_moradia\":\"Moradia\",\"p18_povosecomunidadestradicionais\":\"Povos e comunidades tradicionais\",\"p18_trabalho\":\"Trabalho\",\"p18_religiao\":\"Religi\\u00e3o\",\"p18_saude\":\"Sa\\u00fade\",\"p18_violencia\":\"Viol\\u00eancia\",\"p18_politicasculturais\":\"Pol\\u00edticas Culturais\",\"p19_educacao\":\"Educa\\u00e7\\u00e3o\",\"p19_lutaantirracismo\":\"Luta antirracismo\",\"p19_trabalho\":\"Trabalho\",\"p19_violencia\":\"Viol\\u00eancia\",\"p19_politicasculturais\":\"Pol\\u00edticas Culturais\",\"p20_reunioes\":\"Reuni\\u00f5es\",\"p20_oficinas\":\"Oficinas\",\"p20_oficinasaulasartisticas\":\"Ensaios\\\/Oficinas\\\/Aulas art\\u00edsticas\",\"p20_apresentacoesartisticas\":\"Apresenta\\u00e7\\u00f5es art\\u00edsticas\",\"p20_visitasexcursoes\":\"Visitas\\\/Excurs\\u00f5es\",\"p21_repressaopolicial\":\"Repress\\u00e3o policial\",\"p21_intoleranciareligiosa\":\"Fundamentalismo\\\/intoler\\u00e2ncia religiosa\",\"p21_xenofobia\":\"Xenofobia\",\"p21_machismo\":\"Machismo\",\"p21_racismo\":\"Racismo\",\"p21_lgbtqifobia\":\"LGBTIfobia\",\"p21_nenhum\":\"Nenhum\",\"p22_numerodeparticipantes\":\"1  - 15\",\"p23_reunioes\":\"Reuni\\u00f5es\",\"p23_oficinas\":\"Oficinas\",\"p23_oficinasaulasartisticas\":\"Ensaio\\\/Oficinas\\\/Aulas Art\\u00edsticas\",\"p23_apresentacoesartisticas\":\"Apresenta\\u00e7\\u00f5es Art\\u00edsticas\",\"p23_visitas\":\"Visitas\",\"p23_excursoes\":\"Excurs\\u00f5es\",\"p23_outros\":\"Outros\",\"p24_reunioes\":\"Reuni\\u00f5es\",\"p24_oficinas\":\"Oficinas\",\"p24_oficinasaulasartisticas\":\"Ensaios\\\/Oficinas\\\/Aulas art\\u00edsticas\",\"p24_apresentacoesartisticas\":\"Apresenta\\u00e7\\u00f5es art\\u00edsticas\",\"p24_outros\":\"Outros\",\"p25_numerodepessoas\":\"1 - 20\",\"p26_numerodepessoas\":\"100 - 200\",\"p27_espacopublico\":\"Espa\\u00e7o p\\u00fablico\",\"p27_espacoemprestadocedido\":\"Espa\\u00e7o emprestado\\\/cedido\",\"p28_territorios\":\"Cidade\",\"p30_outrasorganizacoes\":\"Sim\",\"p32_campanhadelongaduracao\":\"Sim\",\"p34_nenhuma\":\"Nenhuma\",\"p36_conselhosdeparticipacaoecontrolesocial\":\"N\\u00e3o\",\"p38_sim\":\"Sim\",\"p38_nenhum\":\"Nenhum\",\"p40_editais\":\"N\\u00e3o\",\"p41_publicoestatal\":\"P\\u00fablico-Estatal\",\"p41_privadopf\":\"Privado (P. F\\u00edsica)\",\"p41_privadopj\":\"Privado (P. Jur\\u00eddica)\",\"p41_autofinanciamento\":\"Autofinanciamento\",\"p41_financiamentocoletivo0\":\"Financiamento coletivo\",\"p42_meiodedivulgacaoproprio\":\"Sim\",\"p43_email\":\"E-mail\",\"p43_facebook\":\"Facebook\",\"p43_whatsapp\":\"WhatsApp\",\"p43_instagram\":\"Instagram\",\"p43_youtube\":\"YouTube\",\"p44_radio\":\"TV\",\"p44_jornaisimpressosdegrandecirculacao\":\"Jornais impressos de grande circula\\u00e7\\u00e3o\",\"p44_jornaisimpressosdebairro\":\"Jornais impressos de bairro\",\"p44_redessociais\":\"Redes sociais (Facebook, YouTube, Instagram etc.)\",\"p44_sitesblogs\":\"Sites ou Blogs\",\"p39_publico\":\"CRIAN\\u00c7AS ADOLESCENTES\",\"p45_bandeira\":\"CULTURA PERIFERIA REDU\\u00c7\\u00c3O DANOS LUTA CONTRA CRIME LUTA-CONTRA-DROGAS\",\"p46_hashtags\":\"#CULTURAPARAPERIFERIA #APOIOAFAMILIASCARENTES\"},{\"p1_eixo\":\"Cultura\",\"p9_tipoorganizacao\":\"Coletivo Art\\u00edstico\",\"p12_uf\":\"PA\",\"p13_cidade\":\"BEL\\u00c9M\",\"p17_ano\":\"2018\",\"p16_estado\":\"Estado\",\"p18_comunicacao\":\"Comunica\\u00e7\\u00e3o\",\"p18_difusaoartistica\":\"Difus\\u00e3o Art\\u00edstica\",\"p18_desenvolvimentoterritorial\":\"Desenvolvimento territorial\",\"p18_direitoshumanos\":\"Direitos humanos\",\"p18_educacao\":\"Educa\\u00e7\\u00e3o\",\"p18_feminismos\":\"Feminismos\",\"p18_lgbtqi\":\"LGBTQI\",\"p18_lutaantirracismo\":\"Luta antirracismo\",\"p18_mobilidade\":\"Mobilidade\",\"p18_moradia\":\"Moradia\",\"p18_povosecomunidadestradicionais\":\"Povos e comunidades tradicionais\",\"p18_trabalho\":\"Trabalho\",\"p18_religiao\":\"Religi\\u00e3o\",\"p18_saude\":\"Sa\\u00fade\",\"p18_violencia\":\"Viol\\u00eancia\",\"p18_politicasculturais\":\"Pol\\u00edticas Culturais\",\"p19_desenvolvimentoterritorial\":\"Desenvolvimento territorial\",\"p19_direitoshumanos\":\"Direitos humanos\",\"p19_lutaantirracismo\":\"Luta antirracismo\",\"p19_trabalho\":\"Trabalho\",\"p19_politicasculturais\":\"Pol\\u00edticas Culturais\",\"p20_reunioes\":\"Reuni\\u00f5es\",\"p20_oficinas\":\"Oficinas\",\"p20_oficinasaulasartisticas\":\"Ensaios\\\/Oficinas\\\/Aulas art\\u00edsticas\",\"p20_apresentacoesartisticas\":\"Apresenta\\u00e7\\u00f5es art\\u00edsticas\",\"p20_visitasexcursoes\":\"Visitas\\\/Excurs\\u00f5es\",\"p21_repressaopolicial\":\"Repress\\u00e3o policial\",\"p21_intoleranciareligiosa\":\"Fundamentalismo\\\/intoler\\u00e2ncia religiosa\",\"p21_xenofobia\":\"Xenofobia\",\"p21_machismo\":\"Machismo\",\"p21_racismo\":\"Racismo\",\"p21_lgbtqifobia\":\"LGBTIfobia\",\"p22_numerodeparticipantes\":\"1  - 15\",\"p23_reunioes\":\"Reuni\\u00f5es\",\"p23_oficinas\":\"Oficinas\",\"p23_oficinasaulasartisticas\":\"Ensaio\\\/Oficinas\\\/Aulas Art\\u00edsticas\",\"p23_apresentacoesartisticas\":\"Apresenta\\u00e7\\u00f5es Art\\u00edsticas\",\"p23_visitas\":\"Visitas\",\"p23_excursoes\":\"Excurs\\u00f5es\",\"p23_outros\":\"Outros\",\"p24_reunioes\":\"Reuni\\u00f5es\",\"p24_oficinas\":\"Oficinas\",\"p24_oficinasaulasartisticas\":\"Ensaios\\\/Oficinas\\\/Aulas art\\u00edsticas\",\"p24_apresentacoesartisticas\":\"Apresenta\\u00e7\\u00f5es art\\u00edsticas\",\"p24_outros\":\"Outros\",\"p25_numerodepessoas\":\"Mais de 500\",\"p26_numerodepessoas\":\"Mais de 500\",\"p27_espacopublico\":\"Espa\\u00e7o p\\u00fablico\",\"p27_espacoemprestadocedido\":\"Espa\\u00e7o emprestado\\\/cedido\",\"p27_espacoproprio\":\"Espa\\u00e7o pr\\u00f3prio\",\"p28_territorios\":\"Pr\\u00f3prio bairro\",\"p30_outrasorganizacoes\":\"Sim\",\"p32_campanhadelongaduracao\":\"Sim\",\"p34_nenhuma\":\"Nenhuma\",\"p36_conselhosdeparticipacaoecontrolesocial\":\"N\\u00e3o\",\"p38_sim\":\"Sim\",\"p38_nenhum\":\"Nenhum\",\"p40_editais\":\"N\\u00e3o\",\"p41_publicoestatal\":\"P\\u00fablico-Estatal\",\"p41_privadopf\":\"Privado (P. F\\u00edsica)\",\"p41_privadopj\":\"Privado (P. Jur\\u00eddica)\",\"p41_autofinanciamento\":\"Autofinanciamento\",\"p42_meiodedivulgacaoproprio\":\"Sim\",\"p43_email\":\"E-mail\",\"p43_facebook\":\"Facebook\",\"p43_whatsapp\":\"WhatsApp\",\"p43_instagram\":\"Instagram\",\"p43_youtube\":\"YouTube\",\"p44_radio\":\"TV\",\"p44_jornaisimpressosdegrandecirculacao\":\"Jornais impressos de grande circula\\u00e7\\u00e3o\",\"p44_jornaisimpressosdebairro\":\"Jornais impressos de bairro\",\"p44_redessociais\":\"Redes sociais (Facebook, YouTube, Instagram etc.)\",\"p44_sitesblogs\":\"Sites ou Blogs\",\"p39_publico\":\"JOVENS PERIF\\u00c9RICOS\",\"p45_bandeira\":\" RACIAIS FEMINISMO NEGRO PERIF\\u00c9RICO REVERBERA\\u00c7\\u00c3O VOZ JUVENTUDE VALORIZA\\u00c7\\u00c3O IDENTIDADE SOCIOCULTURAL\",\"p46_hashtags\":\"#NOSPORNOS #PERIFERIAATENTA #TAMOJUNTO\"},{\"p1_eixo\":\"Cultura\",\"p9_tipoorganizacao\":\"Associa\\u00e7\\u00e3o\",\"p12_uf\":\"TO\",\"p13_cidade\":\"PALMAS\",\"p16_nacional\":\"Nacional\",\"p17_ano\":\"2001\",\"p16_estado\":\"Estado\",\"p18_comunicacao\":\"Comunica\\u00e7\\u00e3o\",\"p18_difusaoartistica\":\"Difus\\u00e3o Art\\u00edstica\",\"p18_desenvolvimentoterritorial\":\"Desenvolvimento territorial\",\"p18_direitoshumanos\":\"Direitos humanos\",\"p18_educacao\":\"Educa\\u00e7\\u00e3o\",\"p18_feminismos\":\"Feminismos\",\"p18_lgbtqi\":\"LGBTQI\",\"p18_lutaantirracismo\":\"Luta antirracismo\",\"p18_mobilidade\":\"Mobilidade\",\"p18_moradia\":\"Moradia\",\"p18_povosecomunidadestradicionais\":\"Povos e comunidades tradicionais\",\"p18_trabalho\":\"Trabalho\",\"p18_religiao\":\"Religi\\u00e3o\",\"p18_saude\":\"Sa\\u00fade\",\"p18_violencia\":\"Viol\\u00eancia\",\"p18_politicasculturais\":\"Pol\\u00edticas Culturais\",\"p19_desenvolvimentoterritorial\":\"Desenvolvimento territorial\",\"p19_direitoshumanos\":\"Direitos humanos\",\"p19_povosecomunidadestradicionais\":\"Povos e comunidades tradicionais\",\"p19_difusaoartistica\":\"Difus\\u00e3o Art\\u00edstica\",\"p19_politicasculturais\":\"Pol\\u00edticas Culturais\",\"p20_oficinas\":\"Oficinas\",\"p20_oficinasaulasartisticas\":\"Ensaios\\\/Oficinas\\\/Aulas art\\u00edsticas\",\"p20_apresentacoesartisticas\":\"Apresenta\\u00e7\\u00f5es art\\u00edsticas\",\"p21_repressaopolicial\":\"Repress\\u00e3o policial\",\"p21_intoleranciareligiosa\":\"Fundamentalismo\\\/intoler\\u00e2ncia religiosa\",\"p22_numerodeparticipantes\":\"1  - 15\",\"p23_oficinas\":\"Oficinas\",\"p23_oficinasaulasartisticas\":\"Ensaio\\\/Oficinas\\\/Aulas Art\\u00edsticas\",\"p23_outros\":\"Outros\",\"p24_oficinas\":\"Oficinas\",\"p24_curso\":\"Curso\",\"p24_formacao\":\"Forma\\u00e7\\u00e3o\",\"p24_apresentacoesartisticas\":\"Apresenta\\u00e7\\u00f5es art\\u00edsticas\",\"p24_outros\":\"Outros\",\"p25_numerodepessoas\":\"40 - 60\",\"p26_numerodepessoas\":\"100 - 200\",\"p27_espacoemprestadocedido\":\"Espa\\u00e7o emprestado\\\/cedido\",\"p27_espacoproprio\":\"Espa\\u00e7o pr\\u00f3prio\",\"p28_territorios\":\"Cidade\",\"p30_outrasorganizacoes\":\"Sim\",\"p32_campanhadelongaduracao\":\"N\\u00e3o\",\"p34_nacional\":\"Nacional\",\"p34_nenhuma\":\"Nenhuma\",\"p36_conselhosdeparticipacaoecontrolesocial\":\"N\\u00e3o\",\"p38_sim\":\"Sim\",\"p38_nenhum\":\"Nenhum\",\"p40_editais\":\"Sim\",\"p41_publicoestatal\":\"P\\u00fablico-Estatal\",\"p41_privadopf\":\"Privado (P. F\\u00edsica)\",\"p41_privadopj\":\"Privado (P. Jur\\u00eddica)\",\"p41_autofinanciamento\":\"Autofinanciamento\",\"p42_meiodedivulgacaoproprio\":\"Sim\",\"p43_email\":\"E-mail\",\"p43_facebook\":\"Facebook\",\"p43_whatsapp\":\"WhatsApp\",\"p43_instagram\":\"Instagram\",\"p43_sitesblogs\":\"Blogs\\\/sites\",\"p44_radio\":\"TV\",\"p44_jornaisimpressosdegrandecirculacao\":\"Jornais impressos de grande circula\\u00e7\\u00e3o\",\"p44_jornaisimpressosdebairro\":\"Jornais impressos de bairro\",\"p44_redessociais\":\"Redes sociais (Facebook, YouTube, Instagram etc.)\",\"p44_sitesblogs\":\"Sites ou Blogs\",\"p39_publico\":\"ADOLESCENTES CRIAN\\u00c7AS\",\"p45_bandeira\":\"CULTURA HIPHOP POL\\u00cdTICAS CULTURAIS COMBATE-AS-DROGAS DIFUS\\u00c3O CULTURAL\",\"p46_hashtags\":\"#CULTURACOMOINSTRUMENTODETRANSFORMACAO #CULTURAHIPHOPCULTURAVIVA #BREAKFOREVER\"},{\"p1_eixo\":\"Cultura\",\"p9_tipoorganizacao\":\"Coletivo Art\\u00edstico\",\"p12_uf\":\"TO\",\"p13_cidade\":\"PALMAS\",\"p16_nacional\":\"Nacional\",\"p17_ano\":\"2009\",\"p18_agrario\":\"Agr\\u00e1rio\\\/ruralidades\",\"p18_comunicacao\":\"Comunica\\u00e7\\u00e3o\",\"p18_difusaoartistica\":\"Difus\\u00e3o Art\\u00edstica\",\"p18_desenvolvimentoterritorial\":\"Desenvolvimento territorial\",\"p18_direitoshumanos\":\"Direitos humanos\",\"p18_educacao\":\"Educa\\u00e7\\u00e3o\",\"p18_feminismos\":\"Feminismos\",\"p18_lgbtqi\":\"LGBTQI\",\"p18_lutaantirracismo\":\"Luta antirracismo\",\"p18_moradia\":\"Moradia\",\"p18_povosecomunidadestradicionais\":\"Povos e comunidades tradicionais\",\"p18_trabalho\":\"Trabalho\",\"p18_religiao\":\"Religi\\u00e3o\",\"p18_saude\":\"Sa\\u00fade\",\"p18_violencia\":\"Viol\\u00eancia\",\"p18_politicasculturais\":\"Pol\\u00edticas Culturais\",\"p19_educacao\":\"Educa\\u00e7\\u00e3o\",\"p19_feminismos\":\"Feminismos\",\"p19_povosecomunidadestradicionais\":\"Povos e comunidades tradicionais\",\"p19_difusaoartistica\":\"Difus\\u00e3o Art\\u00edstica\",\"p19_politicasculturais\":\"Pol\\u00edticas Culturais\",\"p20_reunioes\":\"Reuni\\u00f5es\",\"p20_oficinas\":\"Oficinas\",\"p20_oficinasaulasartisticas\":\"Ensaios\\\/Oficinas\\\/Aulas art\\u00edsticas\",\"p20_apresentacoesartisticas\":\"Apresenta\\u00e7\\u00f5es art\\u00edsticas\",\"p20_visitasexcursoes\":\"Visitas\\\/Excurs\\u00f5es\",\"p21_repressaopolicial\":\"Repress\\u00e3o policial\",\"p21_intoleranciareligiosa\":\"Fundamentalismo\\\/intoler\\u00e2ncia religiosa\",\"p21_xenofobia\":\"Xenofobia\",\"p21_machismo\":\"Machismo\",\"p21_racismo\":\"Racismo\",\"p21_lgbtqifobia\":\"LGBTIfobia\",\"p22_numerodeparticipantes\":\"1  - 15\",\"p23_reunioes\":\"Reuni\\u00f5es\",\"p23_oficinasaulasartisticas\":\"Ensaio\\\/Oficinas\\\/Aulas Art\\u00edsticas\",\"p23_visitas\":\"Visitas\",\"p23_outros\":\"Outros\",\"p24_oficinas\":\"Oficinas\",\"p24_curso\":\"Curso\",\"p24_formacao\":\"Forma\\u00e7\\u00e3o\",\"p24_outros\":\"Outros\",\"p25_numerodepessoas\":\"100 - 200\",\"p26_numerodepessoas\":\"80 - 100\",\"p27_espacoemprestadocedido\":\"Espa\\u00e7o emprestado\\\/cedido\",\"p27_espacoproprio\":\"Espa\\u00e7o pr\\u00f3prio\",\"p27_virtual\":\"Virtual\",\"p28_territorios\":\"Atua\\u00e7\\u00e3o Nacional\",\"p30_outrasorganizacoes\":\"N\\u00e3o\",\"p32_campanhadelongaduracao\":\"Sim\",\"p34_estadual\":\"Estadual\",\"p34_nacional\":\"Nacional\",\"p36_conselhosdeparticipacaoecontrolesocial\":\"N\\u00e3o\",\"p38_sim\":\"Sim\",\"p38_nenhum\":\"Nenhum\",\"p40_editais\":\"Sim\",\"p41_publicoestatal\":\"P\\u00fablico-Estatal\",\"p41_privadopf\":\"Privado (P. F\\u00edsica)\",\"p41_privadopj\":\"Privado (P. Jur\\u00eddica)\",\"p41_autofinanciamento\":\"Autofinanciamento\",\"p42_meiodedivulgacaoproprio\":\"Sim\",\"p43_email\":\"E-mail\",\"p43_facebook\":\"Facebook\",\"p43_instagram\":\"Instagram\",\"p43_sitesblogs\":\"Blogs\\\/sites\",\"p44_radio\":\"TV\",\"p44_jornaisimpressosdebairro\":\"Jornais impressos de bairro\",\"p44_redessociais\":\"Redes sociais (Facebook, YouTube, Instagram etc.)\",\"p44_sitesblogs\":\"Sites ou Blogs\",\"p39_publico\":\"TODA SOCIEDADE CIVIL\",\"p45_bandeira\":\"SOBREVIVER FINANCEIRAMENTE IDEOLOGICAMENTE\",\"p46_hashtags\":\"#ARTESCENICAS #NORTE #SOBREVIVER\"},{\"p1_eixo\":\"Trabalho\",\"p9_tipoorganizacao\":\"Coletivo\",\"p12_uf\":\"PA\",\"p13_cidade\":\"ALTAMIRA\",\"p16_cidade\":\"Cidade\",\"p16_nacional\":\"Nacional\",\"p17_ano\":\"2008\",\"p18_agrario\":\"Agr\\u00e1rio\\\/ruralidades\",\"p18_comunicacao\":\"Comunica\\u00e7\\u00e3o\",\"p18_difusaoartistica\":\"Difus\\u00e3o Art\\u00edstica\",\"p18_desenvolvimentoterritorial\":\"Desenvolvimento territorial\",\"p18_direitoshumanos\":\"Direitos humanos\",\"p18_educacao\":\"Educa\\u00e7\\u00e3o\",\"p18_feminismos\":\"Feminismos\",\"p18_lgbtqi\":\"LGBTQI\",\"p18_lutaantirracismo\":\"Luta antirracismo\",\"p18_mobilidade\":\"Mobilidade\",\"p18_moradia\":\"Moradia\",\"p18_povosecomunidadestradicionais\":\"Povos e comunidades tradicionais\",\"p18_trabalho\":\"Trabalho\",\"p18_religiao\":\"Religi\\u00e3o\",\"p18_saude\":\"Sa\\u00fade\",\"p18_violencia\":\"Viol\\u00eancia\",\"p18_politicasculturais\":\"Pol\\u00edticas Culturais\",\"p19_direitoshumanos\":\"Direitos humanos\",\"p19_educacao\":\"Educa\\u00e7\\u00e3o\",\"p19_feminismos\":\"Feminismos\",\"p19_difusaoartistica\":\"Difus\\u00e3o Art\\u00edstica\",\"p19_politicasculturais\":\"Pol\\u00edticas Culturais\",\"p20_reunioes\":\"Reuni\\u00f5es\",\"p20_oficinas\":\"Oficinas\",\"p20_oficinasaulasartisticas\":\"Ensaios\\\/Oficinas\\\/Aulas art\\u00edsticas\",\"p20_apresentacoesartisticas\":\"Apresenta\\u00e7\\u00f5es art\\u00edsticas\",\"p20_visitasexcursoes\":\"Visitas\\\/Excurs\\u00f5es\",\"p21_repressaopolicial\":\"Repress\\u00e3o policial\",\"p21_intoleranciareligiosa\":\"Fundamentalismo\\\/intoler\\u00e2ncia religiosa\",\"p21_xenofobia\":\"Xenofobia\",\"p21_machismo\":\"Machismo\",\"p21_racismo\":\"Racismo\",\"p21_lgbtqifobia\":\"LGBTIfobia\",\"p21_nenhum\":\"Nenhum\",\"p22_numerodeparticipantes\":\"Mais de 90\",\"p23_reunioes\":\"Reuni\\u00f5es\",\"p23_apresentacoesartisticas\":\"Apresenta\\u00e7\\u00f5es Art\\u00edsticas\",\"p23_visitas\":\"Visitas\",\"p23_outros\":\"Outros\",\"p24_apresentacoesartisticas\":\"Apresenta\\u00e7\\u00f5es art\\u00edsticas\",\"p24_outros\":\"Outros\",\"p25_numerodepessoas\":\"60 - 80\",\"p26_numerodepessoas\":\"Mais de 500\",\"p27_espacoemprestadocedido\":\"Espa\\u00e7o emprestado\\\/cedido\",\"p27_espacoproprio\":\"Espa\\u00e7o pr\\u00f3prio\",\"p27_virtual\":\"Virtual\",\"p28_territorios\":\"Estado\",\"p30_outrasorganizacoes\":\"Sim\",\"p32_campanhadelongaduracao\":\"Sim\",\"p34_municipal\":\"Municipal\",\"p34_estadual\":\"Estadual\",\"p34_nacional\":\"Nacional\",\"p36_conselhosdeparticipacaoecontrolesocial\":\"Sim\",\"p38_sim\":\"Sim\",\"p38_nenhum\":\"Nenhum\",\"p40_editais\":\"Sim\",\"p41_privadopj\":\"Privado (P. Jur\\u00eddica)\",\"p41_autofinanciamento\":\"Autofinanciamento\",\"p41_financiamentocoletivo0\":\"Financiamento coletivo\",\"p42_meiodedivulgacaoproprio\":\"Sim\",\"p43_email\":\"E-mail\",\"p43_facebook\":\"Facebook\",\"p43_sitesblogs\":\"Blogs\\\/sites\",\"p44_radio\":\"TV\",\"p44_jornaisimpressosdegrandecirculacao\":\"Jornais impressos de grande circula\\u00e7\\u00e3o\",\"p44_jornaisimpressosdebairro\":\"Jornais impressos de bairro\",\"p44_redessociais\":\"Redes sociais (Facebook, YouTube, Instagram etc.)\",\"p39_publico\":\"MULHERES JUVENTUDE MULHERES LGBT EDUCADORES\",\"p45_bandeira\":\"COMBATE RACISMO COMBATE COMBATE  PELOS DIREITOS HUMANOS VIDA\",\"p46_hashtags\":\"#NOSETAMOSJUNTAS #PARADEFENDERNOSSSOSDIREITOS #PORJUSTICA\"},{\"p1_eixo\":\"Cultura\",\"p9_tipoorganizacao\":\"Coletivo\",\"p12_uf\":\"RO\",\"p13_cidade\":\"PORTO VELHO\",\"p16_cidade\":\"Cidade\",\"p17_ano\":\"2016\",\"p16_estado\":\"Estado\",\"p18_agrario\":\"Agr\\u00e1rio\\\/ruralidades\",\"p18_comunicacao\":\"Comunica\\u00e7\\u00e3o\",\"p18_difusaoartistica\":\"Difus\\u00e3o Art\\u00edstica\",\"p18_desenvolvimentoterritorial\":\"Desenvolvimento territorial\",\"p18_direitoshumanos\":\"Direitos humanos\",\"p18_educacao\":\"Educa\\u00e7\\u00e3o\",\"p18_feminismos\":\"Feminismos\",\"p18_lgbtqi\":\"LGBTQI\",\"p18_lutaantirracismo\":\"Luta antirracismo\",\"p18_mobilidade\":\"Mobilidade\",\"p18_moradia\":\"Moradia\",\"p18_povosecomunidadestradicionais\":\"Povos e comunidades tradicionais\",\"p18_trabalho\":\"Trabalho\",\"p18_religiao\":\"Religi\\u00e3o\",\"p18_saude\":\"Sa\\u00fade\",\"p18_violencia\":\"Viol\\u00eancia\",\"p18_politicasculturais\":\"Pol\\u00edticas Culturais\",\"p19_direitoshumanos\":\"Direitos humanos\",\"p19_educacao\":\"Educa\\u00e7\\u00e3o\",\"p19_feminismos\":\"Feminismos\",\"p19_povosecomunidadestradicionais\":\"Povos e comunidades tradicionais\",\"p19_difusaoartistica\":\"Difus\\u00e3o Art\\u00edstica\",\"p19_politicasculturais\":\"Pol\\u00edticas Culturais\",\"p20_oficinas\":\"Oficinas\",\"p20_oficinasaulasartisticas\":\"Ensaios\\\/Oficinas\\\/Aulas art\\u00edsticas\",\"p20_apresentacoesartisticas\":\"Apresenta\\u00e7\\u00f5es art\\u00edsticas\",\"p20_visitasexcursoes\":\"Visitas\\\/Excurs\\u00f5es\",\"p21_nenhum\":\"Nenhum\",\"p22_numerodeparticipantes\":\"1  - 15\",\"p23_oficinas\":\"Oficinas\",\"p23_oficinasaulasartisticas\":\"Ensaio\\\/Oficinas\\\/Aulas Art\\u00edsticas\",\"p23_apresentacoesartisticas\":\"Apresenta\\u00e7\\u00f5es Art\\u00edsticas\",\"p23_visitas\":\"Visitas\",\"p23_outros\":\"Outros\",\"p24_oficinas\":\"Oficinas\",\"p24_oficinasaulasartisticas\":\"Ensaios\\\/Oficinas\\\/Aulas art\\u00edsticas\",\"p24_apresentacoesartisticas\":\"Apresenta\\u00e7\\u00f5es art\\u00edsticas\",\"p24_visitasexcursoes\":\"Visitas\\\/Excurs\\u00f5es\",\"p24_outros\":\"Outros\",\"p25_numerodepessoas\":\"80 - 100\",\"p26_numerodepessoas\":\"80 - 100\",\"p27_espacoemprestadocedido\":\"Espa\\u00e7o emprestado\\\/cedido\",\"p27_espacoproprio\":\"Espa\\u00e7o pr\\u00f3prio\",\"p28_territorios\":\"Regi\\u00e3o da Cidade\",\"p30_outrasorganizacoes\":\"Sim\",\"p32_campanhadelongaduracao\":\"Sim\",\"p34_municipal\":\"Municipal\",\"p34_nenhuma\":\"Nenhuma\",\"p36_conselhosdeparticipacaoecontrolesocial\":\"N\\u00e3o\",\"p38_nenhum\":\"Nenhum\",\"p40_editais\":\"N\\u00e3o\",\"p41_publicoestatal\":\"P\\u00fablico-Estatal\",\"p41_autofinanciamento\":\"Autofinanciamento\",\"p41_financiamentocoletivo0\":\"Financiamento coletivo\",\"p42_meiodedivulgacaoproprio\":\"Sim\",\"p43_impressoes\":\"Impressos\",\"p43_email\":\"E-mail\",\"p43_facebook\":\"Facebook\",\"p43_instagram\":\"Instagram\",\"p43_sitesblogs\":\"Blogs\\\/sites\",\"p44_radio\":\"TV\",\"p44_jornaisimpressosdegrandecirculacao\":\"Jornais impressos de grande circula\\u00e7\\u00e3o\",\"p44_jornaisimpressosdebairro\":\"Jornais impressos de bairro\",\"p44_redessociais\":\"Redes sociais (Facebook, YouTube, Instagram etc.)\",\"p44_sitesblogs\":\"Sites ou Blogs\",\"p39_publico\":\"TODOS\",\"p45_bandeira\":\"DEFESA CLASSE ART\\u00cdSTICA CONSOLIDA\\u00c7\\u00c3O ARTE-LOCAL\",\"p46_hashtags\":\"#LUTA #ARTE #ALEGRIA\"},{\"p1_eixo\":\"Cultura\",\"p9_tipoorganizacao\":\"Coletivo\",\"p12_uf\":\"RO\",\"p13_cidade\":\"PORTO VELHO\",\"p17_ano\":\"2012\",\"p16_estado\":\"Estado\",\"p18_agrario\":\"Agr\\u00e1rio\\\/ruralidades\",\"p18_comunicacao\":\"Comunica\\u00e7\\u00e3o\",\"p18_difusaoartistica\":\"Difus\\u00e3o Art\\u00edstica\",\"p18_desenvolvimentoterritorial\":\"Desenvolvimento territorial\",\"p18_direitoshumanos\":\"Direitos humanos\",\"p18_educacao\":\"Educa\\u00e7\\u00e3o\",\"p18_feminismos\":\"Feminismos\",\"p18_lgbtqi\":\"LGBTQI\",\"p18_lutaantirracismo\":\"Luta antirracismo\",\"p18_mobilidade\":\"Mobilidade\",\"p18_moradia\":\"Moradia\",\"p18_povosecomunidadestradicionais\":\"Povos e comunidades tradicionais\",\"p18_trabalho\":\"Trabalho\",\"p18_religiao\":\"Religi\\u00e3o\",\"p18_saude\":\"Sa\\u00fade\",\"p18_violencia\":\"Viol\\u00eancia\",\"p18_politicasculturais\":\"Pol\\u00edticas Culturais\",\"p19_direitoshumanos\":\"Direitos humanos\",\"p19_educacao\":\"Educa\\u00e7\\u00e3o\",\"p19_feminismos\":\"Feminismos\",\"p19_povosecomunidadestradicionais\":\"Povos e comunidades tradicionais\",\"p19_politicasculturais\":\"Pol\\u00edticas Culturais\",\"p20_reunioes\":\"Reuni\\u00f5es\",\"p20_oficinas\":\"Oficinas\",\"p20_oficinasaulasartisticas\":\"Ensaios\\\/Oficinas\\\/Aulas art\\u00edsticas\",\"p20_formacao\":\"Forma\\u00e7\\u00e3o\",\"p20_apresentacoesartisticas\":\"Apresenta\\u00e7\\u00f5es art\\u00edsticas\",\"p20_visitasexcursoes\":\"Visitas\\\/Excurs\\u00f5es\",\"p21_intoleranciareligiosa\":\"Fundamentalismo\\\/intoler\\u00e2ncia religiosa\",\"p21_nenhum\":\"Nenhum\",\"p22_numerodeparticipantes\":\"1  - 15\",\"p23_reunioes\":\"Reuni\\u00f5es\",\"p23_oficinas\":\"Oficinas\",\"p23_oficinasaulasartisticas\":\"Ensaio\\\/Oficinas\\\/Aulas Art\\u00edsticas\",\"p23_formacao\":\"Forma\\u00e7\\u00e3o\",\"p23_apresentacoesartisticas\":\"Apresenta\\u00e7\\u00f5es Art\\u00edsticas\",\"p23_visitas\":\"Visitas\",\"p23_outros\":\"Outros\",\"p24_reunioes\":\"Reuni\\u00f5es\",\"p24_oficinas\":\"Oficinas\",\"p24_oficinasaulasartisticas\":\"Ensaios\\\/Oficinas\\\/Aulas art\\u00edsticas\",\"p24_visitasexcursoes\":\"Visitas\\\/Excurs\\u00f5es\",\"p24_outros\":\"Outros\",\"p25_numerodepessoas\":\"40 - 60\",\"p26_numerodepessoas\":\"20 - 40\",\"p27_espacopublico\":\"Espa\\u00e7o p\\u00fablico\",\"p27_espacoproprio\":\"Espa\\u00e7o pr\\u00f3prio\",\"p28_territorios\":\"Cidade\",\"p30_outrasorganizacoes\":\"Sim\",\"p32_campanhadelongaduracao\":\"Sim\",\"p34_nenhuma\":\"Nenhuma\",\"p36_conselhosdeparticipacaoecontrolesocial\":\"Sim\",\"p38_sim\":\"Sim\",\"p38_nenhum\":\"Nenhum\",\"p40_editais\":\"Sim\",\"p41_publicoestatal\":\"P\\u00fablico-Estatal\",\"p41_autofinanciamento\":\"Autofinanciamento\",\"p41_financiamentocoletivo0\":\"Financiamento coletivo\",\"p42_meiodedivulgacaoproprio\":\"Sim\",\"p43_impressoes\":\"Impressos\",\"p43_email\":\"E-mail\",\"p43_instagram\":\"Instagram\",\"p43_sitesblogs\":\"Blogs\\\/sites\",\"p43_nenhum\":\"Nenhum\",\"p44_radio\":\"TV\",\"p44_jornaisimpressosdegrandecirculacao\":\"Jornais impressos de grande circula\\u00e7\\u00e3o\",\"p44_jornaisimpressosdebairro\":\"Jornais impressos de bairro\",\"p44_redessociais\":\"Redes sociais (Facebook, YouTube, Instagram etc.)\",\"p44_sitesblogs\":\"Sites ou Blogs\",\"p39_publico\":\"TODOS\",\"p45_bandeira\":\"DESCOLONIZA\\u00c7\\u00c3O LUTA CONTRA PATRIARCADO ANCESTRALIDADE\",\"p46_hashtags\":\"#MEMORIACESA #POESIASEMANESTESIA #NENHUMAAMENOS\"},{\"p1_eixo\":\"Cultura\",\"p9_tipoorganizacao\":\"Coletivo\",\"p12_uf\":\"AP\",\"p13_cidade\":\"MACAP\\u00c1\",\"p17_ano\":\"2016\",\"p16_estado\":\"Estado\",\"p18_agrario\":\"Agr\\u00e1rio\\\/ruralidades\",\"p18_comunicacao\":\"Comunica\\u00e7\\u00e3o\",\"p18_difusaoartistica\":\"Difus\\u00e3o Art\\u00edstica\",\"p18_desenvolvimentoterritorial\":\"Desenvolvimento territorial\",\"p18_direitoshumanos\":\"Direitos humanos\",\"p18_educacao\":\"Educa\\u00e7\\u00e3o\",\"p18_feminismos\":\"Feminismos\",\"p18_lgbtqi\":\"LGBTQI\",\"p18_lutaantirracismo\":\"Luta antirracismo\",\"p18_povosecomunidadestradicionais\":\"Povos e comunidades tradicionais\",\"p18_trabalho\":\"Trabalho\",\"p18_religiao\":\"Religi\\u00e3o\",\"p18_violencia\":\"Viol\\u00eancia\",\"p18_politicasculturais\":\"Pol\\u00edticas Culturais\",\"p19_agrario\":\"Agr\\u00e1rio\\\/ruralidades\",\"p19_direitoshumanos\":\"Direitos humanos\",\"p19_povosecomunidadestradicionais\":\"Povos e comunidades tradicionais\",\"p19_politicasculturais\":\"Pol\\u00edticas Culturais\",\"p20_reunioes\":\"Reuni\\u00f5es\",\"p20_oficinas\":\"Oficinas\",\"p20_oficinasaulasartisticas\":\"Ensaios\\\/Oficinas\\\/Aulas art\\u00edsticas\",\"p20_cursos\":\"Cursos\",\"p20_formacao\":\"Forma\\u00e7\\u00e3o\",\"p20_apresentacoesartisticas\":\"Apresenta\\u00e7\\u00f5es art\\u00edsticas\",\"p20_visitasexcursoes\":\"Visitas\\\/Excurs\\u00f5es\",\"p21_repressaopolicial\":\"Repress\\u00e3o policial\",\"p21_intoleranciareligiosa\":\"Fundamentalismo\\\/intoler\\u00e2ncia religiosa\",\"p21_machismo\":\"Machismo\",\"p21_lgbtqifobia\":\"LGBTIfobia\",\"p22_numerodeparticipantes\":\"1  - 15\",\"p23_reunioes\":\"Reuni\\u00f5es\",\"p23_oficinas\":\"Oficinas\",\"p23_oficinasaulasartisticas\":\"Ensaio\\\/Oficinas\\\/Aulas Art\\u00edsticas\",\"p23_cursos\":\"Cursos\",\"p23_formacao\":\"Forma\\u00e7\\u00e3o\",\"p23_visitas\":\"Visitas\",\"p23_outros\":\"Outros\",\"p24_reunioes\":\"Reuni\\u00f5es\",\"p24_oficinas\":\"Oficinas\",\"p24_oficinasaulasartisticas\":\"Ensaios\\\/Oficinas\\\/Aulas art\\u00edsticas\",\"p24_curso\":\"Curso\",\"p24_formacao\":\"Forma\\u00e7\\u00e3o\",\"p24_outros\":\"Outros\",\"p25_numerodepessoas\":\"80 - 100\",\"p26_numerodepessoas\":\"20 - 40\",\"p27_espacopublico\":\"Espa\\u00e7o p\\u00fablico\",\"p27_espacoemprestadocedido\":\"Espa\\u00e7o emprestado\\\/cedido\",\"p27_espacoproprio\":\"Espa\\u00e7o pr\\u00f3prio\",\"p28_territorios\":\"Cidade\",\"p30_outrasorganizacoes\":\"Sim\",\"p32_campanhadelongaduracao\":\"N\\u00e3o\",\"p34_nacional\":\"Nacional\",\"p34_nenhuma\":\"Nenhuma\",\"p36_conselhosdeparticipacaoecontrolesocial\":\"Sim\",\"p38_sim\":\"Sim\",\"p40_editais\":\"N\\u00e3o\",\"p41_privadopj\":\"Privado (P. Jur\\u00eddica)\",\"p41_autofinanciamento\":\"Autofinanciamento\",\"p41_financiamentocoletivo0\":\"Financiamento coletivo\",\"p42_meiodedivulgacaoproprio\":\"N\\u00e3o\",\"p43_email\":\"E-mail\",\"p43_facebook\":\"Facebook\",\"p43_instagram\":\"Instagram\",\"p43_nenhum\":\"Nenhum\",\"p44_radio\":\"TV\",\"p44_jornaisimpressosdegrandecirculacao\":\"Jornais impressos de grande circula\\u00e7\\u00e3o\",\"p44_jornaisimpressosdebairro\":\"Jornais impressos de bairro\",\"p44_redessociais\":\"Redes sociais (Facebook, YouTube, Instagram etc.)\",\"p39_publico\":\"NEGRAS NEGROS\",\"p45_bandeira\":\"CULTURA ANTIRRACISMO \",\"p46_hashtags\":\"#CULTURA #MARABAIXO #HIPHOP\"},{\"p1_eixo\":\"Viol\\u00eancia\",\"p9_tipoorganizacao\":\"Movimento Social\",\"p12_uf\":\"AC\",\"p13_cidade\":\"RIO BRANCO\",\"p16_cidade\":\"Cidade\",\"p17_ano\":\"1989\",\"p16_estado\":\"Estado\",\"p18_agrario\":\"Agr\\u00e1rio\\\/ruralidades\",\"p18_comunicacao\":\"Comunica\\u00e7\\u00e3o\",\"p18_difusaoartistica\":\"Difus\\u00e3o Art\\u00edstica\",\"p18_desenvolvimentoterritorial\":\"Desenvolvimento territorial\",\"p18_direitoshumanos\":\"Direitos humanos\",\"p18_educacao\":\"Educa\\u00e7\\u00e3o\",\"p18_feminismos\":\"Feminismos\",\"p18_lgbtqi\":\"LGBTQI\",\"p18_lutaantirracismo\":\"Luta antirracismo\",\"p18_povosecomunidadestradicionais\":\"Povos e comunidades tradicionais\",\"p18_violencia\":\"Viol\\u00eancia\",\"p18_politicasculturais\":\"Pol\\u00edticas Culturais\",\"p19_agrario\":\"Agr\\u00e1rio\\\/ruralidades\",\"p19_direitoshumanos\":\"Direitos humanos\",\"p19_educacao\":\"Educa\\u00e7\\u00e3o\",\"p19_lutaantirracismo\":\"Luta antirracismo\",\"p19_povosecomunidadestradicionais\":\"Povos e comunidades tradicionais\",\"p20_reunioes\":\"Reuni\\u00f5es\",\"p20_oficinas\":\"Oficinas\",\"p20_oficinasaulasartisticas\":\"Ensaios\\\/Oficinas\\\/Aulas art\\u00edsticas\",\"p20_cursos\":\"Cursos\",\"p20_formacao\":\"Forma\\u00e7\\u00e3o\",\"p20_apresentacoesartisticas\":\"Apresenta\\u00e7\\u00f5es art\\u00edsticas\",\"p20_visitasexcursoes\":\"Visitas\\\/Excurs\\u00f5es\",\"p21_repressaopolicial\":\"Repress\\u00e3o policial\",\"p21_intoleranciareligiosa\":\"Fundamentalismo\\\/intoler\\u00e2ncia religiosa\",\"p21_xenofobia\":\"Xenofobia\",\"p21_machismo\":\"Machismo\",\"p21_racismo\":\"Racismo\",\"p21_lgbtqifobia\":\"LGBTIfobia\",\"p22_numerodeparticipantes\":\"1  - 15\",\"p23_oficinas\":\"Oficinas\",\"p23_oficinasaulasartisticas\":\"Ensaio\\\/Oficinas\\\/Aulas Art\\u00edsticas\",\"p23_cursos\":\"Cursos\",\"p23_apresentacoesartisticas\":\"Apresenta\\u00e7\\u00f5es Art\\u00edsticas\",\"p23_visitas\":\"Visitas\",\"p23_outros\":\"Outros\",\"p24_oficinas\":\"Oficinas\",\"p24_oficinasaulasartisticas\":\"Ensaios\\\/Oficinas\\\/Aulas art\\u00edsticas\",\"p24_curso\":\"Curso\",\"p24_formacao\":\"Forma\\u00e7\\u00e3o\",\"p24_apresentacoesartisticas\":\"Apresenta\\u00e7\\u00f5es art\\u00edsticas\",\"p24_outros\":\"Outros\",\"p25_numerodepessoas\":\"400 - 500\",\"p26_numerodepessoas\":\"400 - 500\",\"p27_espacopublico\":\"Espa\\u00e7o p\\u00fablico\",\"p27_espacoemprestadocedido\":\"Espa\\u00e7o emprestado\\\/cedido\",\"p28_territorios\":\"Estado\",\"p30_outrasorganizacoes\":\"Sim\",\"p32_campanhadelongaduracao\":\"Sim\",\"p34_nacional\":\"Nacional\",\"p34_nenhuma\":\"Nenhuma\",\"p36_conselhosdeparticipacaoecontrolesocial\":\"N\\u00e3o\",\"p38_sim\":\"Sim\",\"p40_editais\":\"N\\u00e3o\",\"p41_privadopj\":\"Privado (P. Jur\\u00eddica)\",\"p41_autofinanciamento\":\"Autofinanciamento\",\"p41_financiamentocoletivo0\":\"Financiamento coletivo\",\"p42_meiodedivulgacaoproprio\":\"Sim\",\"p43_email\":\"E-mail\",\"p43_facebook\":\"Facebook\",\"p43_whatsapp\":\"WhatsApp\",\"p43_instagram\":\"Instagram\",\"p43_twitter\":\"Twitter\",\"p43_youtube\":\"YouTube\",\"p44_radio\":\"TV\",\"p44_jornaisimpressosdegrandecirculacao\":\"Jornais impressos de grande circula\\u00e7\\u00e3o\",\"p44_jornaisimpressosdebairro\":\"Jornais impressos de bairro\",\"p44_redessociais\":\"Redes sociais (Facebook, YouTube, Instagram etc.)\",\"p44_sitesblogs\":\"Sites ou Blogs\",\"p39_publico\":\"POPULA\\u00c7\\u00d5ES FLORESTA SOCIEDADE\",\"p45_bandeira\":\"DEFESA TERRIT\\u00d3RIOS GUARDI\\u00c3O MEM\\u00d3RIA LUTA CHICO MENDES RESERVAS EXTRATIVISTAS\",\"p46_hashtags\":\"#PELADEFESADASRESERVASEXTRATIVISTAS #CHICOMENDESVIVE #CONQUISTADOSTERRITORIO\"},{\"p1_eixo\":\"Cultura\",\"p9_tipoorganizacao\":\"Coletivo Art\\u00edstico\",\"p12_uf\":\"AC\",\"p13_cidade\":\"RIO BRANCO\",\"p16_cidade\":\"Cidade\",\"p16_nacional\":\"Nacional\",\"p17_ano\":\"2018\",\"p18_comunicacao\":\"Comunica\\u00e7\\u00e3o\",\"p18_direitoshumanos\":\"Direitos humanos\",\"p18_educacao\":\"Educa\\u00e7\\u00e3o\",\"p18_feminismos\":\"Feminismos\",\"p18_lgbtqi\":\"LGBTQI\",\"p18_lutaantirracismo\":\"Luta antirracismo\",\"p18_trabalho\":\"Trabalho\",\"p18_violencia\":\"Viol\\u00eancia\",\"p18_politicasculturais\":\"Pol\\u00edticas Culturais\",\"p19_direitoshumanos\":\"Direitos humanos\",\"p19_educacao\":\"Educa\\u00e7\\u00e3o\",\"p19_lutaantirracismo\":\"Luta antirracismo\",\"p19_difusaoartistica\":\"Difus\\u00e3o Art\\u00edstica\",\"p19_politicasculturais\":\"Pol\\u00edticas Culturais\",\"p20_reunioes\":\"Reuni\\u00f5es\",\"p20_oficinas\":\"Oficinas\",\"p20_oficinasaulasartisticas\":\"Ensaios\\\/Oficinas\\\/Aulas art\\u00edsticas\",\"p20_formacao\":\"Forma\\u00e7\\u00e3o\",\"p20_apresentacoesartisticas\":\"Apresenta\\u00e7\\u00f5es art\\u00edsticas\",\"p21_repressaopolicial\":\"Repress\\u00e3o policial\",\"p21_intoleranciareligiosa\":\"Fundamentalismo\\\/intoler\\u00e2ncia religiosa\",\"p21_xenofobia\":\"Xenofobia\",\"p21_machismo\":\"Machismo\",\"p21_racismo\":\"Racismo\",\"p21_lgbtqifobia\":\"LGBTIfobia\",\"p21_nenhum\":\"Nenhum\",\"p22_numerodeparticipantes\":\"1  - 15\",\"p23_oficinas\":\"Oficinas\",\"p23_apresentacoesartisticas\":\"Apresenta\\u00e7\\u00f5es Art\\u00edsticas\",\"p24_oficinas\":\"Oficinas\",\"p24_oficinasaulasartisticas\":\"Ensaios\\\/Oficinas\\\/Aulas art\\u00edsticas\",\"p24_apresentacoesartisticas\":\"Apresenta\\u00e7\\u00f5es art\\u00edsticas\",\"p25_numerodepessoas\":\"60 - 80\",\"p26_numerodepessoas\":\"40 - 60\",\"p27_espacopublico\":\"Espa\\u00e7o p\\u00fablico\",\"p27_espacoproprio\":\"Espa\\u00e7o pr\\u00f3prio\",\"p28_territorios\":\"Cidade\",\"p30_outrasorganizacoes\":\"Sim\",\"p32_campanhadelongaduracao\":\"N\\u00e3o\",\"p34_municipal\":\"Municipal\",\"p34_nenhuma\":\"Nenhuma\",\"p36_conselhosdeparticipacaoecontrolesocial\":\"Sim\",\"p38_sim\":\"Sim\",\"p40_editais\":\"N\\u00e3o\",\"p41_publicoestatal\":\"P\\u00fablico-Estatal\",\"p41_privadopf\":\"Privado (P. F\\u00edsica)\",\"p41_privadopj\":\"Privado (P. Jur\\u00eddica)\",\"p41_autofinanciamento\":\"Autofinanciamento\",\"p41_financiamentocoletivo0\":\"Financiamento coletivo\",\"p42_meiodedivulgacaoproprio\":\"Sim\",\"p43_facebook\":\"Facebook\",\"p43_whatsapp\":\"WhatsApp\",\"p43_instagram\":\"Instagram\",\"p43_twitter\":\"Twitter\",\"p43_sitesblogs\":\"Blogs\\\/sites\",\"p43_youtube\":\"YouTube\",\"p44_radio\":\"TV\",\"p44_jornaisimpressosdegrandecirculacao\":\"Jornais impressos de grande circula\\u00e7\\u00e3o\",\"p44_jornaisimpressosdebairro\":\"Jornais impressos de bairro\",\"p44_redessociais\":\"Redes sociais (Facebook, YouTube, Instagram etc.)\",\"p44_sitesblogs\":\"Sites ou Blogs\",\"p39_publico\":\"JOVENS PRETOS PERIF\\u00c9RICOS\",\"p45_bandeira\":\"LUTA ANTIRRACISTA LUTA ANTIFASCISTA FEMINISMO NEGRO LGBTQIAP+\",\"p46_hashtags\":\"#PRETOSNOTOPO #ESCURECE #SOMOTODOSPOETASVIVOS\"},{\"p1_eixo\":\"Cultura\",\"p9_tipoorganizacao\":\"ONG\",\"p12_uf\":\"AM\",\"p13_cidade\":\"MANAUS\",\"p16_cidade\":\"Cidade\",\"p16_nacional\":\"Nacional\",\"p17_ano\":\"2006\",\"p18_comunicacao\":\"Comunica\\u00e7\\u00e3o\",\"p18_difusaoartistica\":\"Difus\\u00e3o Art\\u00edstica\",\"p18_direitoshumanos\":\"Direitos humanos\",\"p18_educacao\":\"Educa\\u00e7\\u00e3o\",\"p18_feminismos\":\"Feminismos\",\"p18_lgbtqi\":\"LGBTQI\",\"p18_lutaantirracismo\":\"Luta antirracismo\",\"p18_mobilidade\":\"Mobilidade\",\"p18_moradia\":\"Moradia\",\"p18_povosecomunidadestradicionais\":\"Povos e comunidades tradicionais\",\"p18_trabalho\":\"Trabalho\",\"p18_saude\":\"Sa\\u00fade\",\"p18_violencia\":\"Viol\\u00eancia\",\"p18_politicasculturais\":\"Pol\\u00edticas Culturais\",\"p19_feminismos\":\"Feminismos\",\"p19_lgbtqi\":\"LGBTQI\",\"p19_lutaantirracismo\":\"Luta antirracismo\",\"p19_difusaoartistica\":\"Difus\\u00e3o Art\\u00edstica\",\"p19_politicasculturais\":\"Pol\\u00edticas Culturais\",\"p20_reunioes\":\"Reuni\\u00f5es\",\"p20_atendimento\":\"Atendimento\",\"p20_oficinas\":\"Oficinas\",\"p20_oficinasaulasartisticas\":\"Ensaios\\\/Oficinas\\\/Aulas art\\u00edsticas\",\"p20_apresentacoesartisticas\":\"Apresenta\\u00e7\\u00f5es art\\u00edsticas\",\"p20_visitasexcursoes\":\"Visitas\\\/Excurs\\u00f5es\",\"p21_nenhum\":\"Nenhum\",\"p22_numerodeparticipantes\":\"1  - 15\",\"p23_oficinasaulasartisticas\":\"Ensaio\\\/Oficinas\\\/Aulas Art\\u00edsticas\",\"p23_apresentacoesartisticas\":\"Apresenta\\u00e7\\u00f5es Art\\u00edsticas\",\"p24_oficinas\":\"Oficinas\",\"p24_oficinasaulasartisticas\":\"Ensaios\\\/Oficinas\\\/Aulas art\\u00edsticas\",\"p24_apresentacoesartisticas\":\"Apresenta\\u00e7\\u00f5es art\\u00edsticas\",\"p25_numerodepessoas\":\"80 - 100\",\"p26_numerodepessoas\":\"40 - 60\",\"p27_espacopublico\":\"Espa\\u00e7o p\\u00fablico\",\"p27_espacoproprio\":\"Espa\\u00e7o pr\\u00f3prio\",\"p28_territorios\":\"Atua\\u00e7\\u00e3o Nacional\",\"p30_outrasorganizacoes\":\"N\\u00e3o\",\"p32_campanhadelongaduracao\":\"N\\u00e3o\",\"p34_municipal\":\"Municipal\",\"p34_nenhuma\":\"Nenhuma\",\"p36_conselhosdeparticipacaoecontrolesocial\":\"Sim\",\"p38_sim\":\"Sim\",\"p38_nenhum\":\"Nenhum\",\"p40_editais\":\"Sim\",\"p41_publicoestatal\":\"P\\u00fablico-Estatal\",\"p41_privadopf\":\"Privado (P. F\\u00edsica)\",\"p41_privadopj\":\"Privado (P. Jur\\u00eddica)\",\"p41_autofinanciamento\":\"Autofinanciamento\",\"p41_financiamentocoletivo0\":\"Financiamento coletivo\",\"p42_meiodedivulgacaoproprio\":\"Sim\",\"p43_facebook\":\"Facebook\",\"p43_whatsapp\":\"WhatsApp\",\"p43_instagram\":\"Instagram\",\"p43_sitesblogs\":\"Blogs\\\/sites\",\"p44_radio\":\"TV\",\"p44_jornaisimpressosdegrandecirculacao\":\"Jornais impressos de grande circula\\u00e7\\u00e3o\",\"p44_jornaisimpressosdebairro\":\"Jornais impressos de bairro\",\"p44_redessociais\":\"Redes sociais (Facebook, YouTube, Instagram etc.)\",\"p44_sitesblogs\":\"Sites ou Blogs\",\"p44_nenhum\":\"Nenhum\",\"p39_publico\":\"JUVENTUDE MULHERES PERIF\\u00c9RICOS\",\"p45_bandeira\":\"JUVENTUDE NEGRA PERIF\\u00c9RICA OLHAR ZELO MULHERES\",\"p46_hashtags\":\"#ACESSOACULTURA #NORTEDOBRASIL #DIREITOSHUMANOS\"},{\"p1_eixo\":\"Cultura\",\"p9_tipoorganizacao\":\"Coletivo Art\\u00edstico\",\"p12_uf\":\"AM\",\"p13_cidade\":\"MANAUS\",\"p16_cidade\":\"Cidade\",\"p17_ano\":\"2018\",\"p18_agrario\":\"Agr\\u00e1rio\\\/ruralidades\",\"p18_comunicacao\":\"Comunica\\u00e7\\u00e3o\",\"p18_difusaoartistica\":\"Difus\\u00e3o Art\\u00edstica\",\"p18_direitoshumanos\":\"Direitos humanos\",\"p18_educacao\":\"Educa\\u00e7\\u00e3o\",\"p18_feminismos\":\"Feminismos\",\"p18_lgbtqi\":\"LGBTQI\",\"p18_lutaantirracismo\":\"Luta antirracismo\",\"p18_mobilidade\":\"Mobilidade\",\"p18_moradia\":\"Moradia\",\"p18_povosecomunidadestradicionais\":\"Povos e comunidades tradicionais\",\"p18_trabalho\":\"Trabalho\",\"p18_saude\":\"Sa\\u00fade\",\"p18_violencia\":\"Viol\\u00eancia\",\"p18_politicasculturais\":\"Pol\\u00edticas Culturais\",\"p19_feminismos\":\"Feminismos\",\"p19_lgbtqi\":\"LGBTQI\",\"p19_lutaantirracismo\":\"Luta antirracismo\",\"p19_povosecomunidadestradicionais\":\"Povos e comunidades tradicionais\",\"p20_reunioes\":\"Reuni\\u00f5es\",\"p20_atendimento\":\"Atendimento\",\"p20_oficinas\":\"Oficinas\",\"p20_oficinasaulasartisticas\":\"Ensaios\\\/Oficinas\\\/Aulas art\\u00edsticas\",\"p20_visitasexcursoes\":\"Visitas\\\/Excurs\\u00f5es\",\"p21_repressaopolicial\":\"Repress\\u00e3o policial\",\"p21_machismo\":\"Machismo\",\"p21_racismo\":\"Racismo\",\"p21_lgbtqifobia\":\"LGBTIfobia\",\"p21_nenhum\":\"Nenhum\",\"p22_numerodeparticipantes\":\"1  - 15\",\"p23_reunioes\":\"Reuni\\u00f5es\",\"p23_oficinasaulasartisticas\":\"Ensaio\\\/Oficinas\\\/Aulas Art\\u00edsticas\",\"p24_oficinas\":\"Oficinas\",\"p24_apresentacoesartisticas\":\"Apresenta\\u00e7\\u00f5es art\\u00edsticas\",\"p25_numerodepessoas\":\"40 - 60\",\"p26_numerodepessoas\":\"100 - 200\",\"p27_espacopublico\":\"Espa\\u00e7o p\\u00fablico\",\"p27_ocupacao\":\"Ocupa\\u00e7\\u00e3o\",\"p28_territorios\":\"Regi\\u00e3o da Cidade\",\"p30_outrasorganizacoes\":\"Sim\",\"p32_campanhadelongaduracao\":\"N\\u00e3o\",\"p34_nenhuma\":\"Nenhuma\",\"p36_conselhosdeparticipacaoecontrolesocial\":\"N\\u00e3o\",\"p38_nenhum\":\"Nenhum\",\"p40_editais\":\"N\\u00e3o\",\"p41_autofinanciamento\":\"Autofinanciamento\",\"p41_financiamentocoletivo0\":\"Financiamento coletivo\",\"p42_meiodedivulgacaoproprio\":\"Sim\",\"p43_email\":\"E-mail\",\"p43_facebook\":\"Facebook\",\"p43_instagram\":\"Instagram\",\"p44_nenhum\":\"Nenhum\",\"p39_publico\":\"ABERTA SOCIEDADE-CIVIL DEPENDENDO \",\"p45_bandeira\":\"CONTRA-RACISMO CONTRA-HOMOFOBIA\",\"p46_hashtags\":\"#NAOHOMOFOBIA #NAOAORACISMO #MAISAPOIOACULTURA\"},{\"p1_eixo\":\"Viol\\u00eancia\",\"p9_tipoorganizacao\":\"Coletivo\",\"p12_uf\":\"AM\",\"p13_cidade\":\"MANAUS\",\"p16_cidade\":\"Cidade\",\"p16_nacional\":\"Nacional\",\"p17_ano\":\"2016\",\"p18_agrario\":\"Agr\\u00e1rio\\\/ruralidades\",\"p18_comunicacao\":\"Comunica\\u00e7\\u00e3o\",\"p18_difusaoartistica\":\"Difus\\u00e3o Art\\u00edstica\",\"p18_direitoshumanos\":\"Direitos humanos\",\"p18_educacao\":\"Educa\\u00e7\\u00e3o\",\"p18_feminismos\":\"Feminismos\",\"p18_lgbtqi\":\"LGBTQI\",\"p18_lutaantirracismo\":\"Luta antirracismo\",\"p18_povosecomunidadestradicionais\":\"Povos e comunidades tradicionais\",\"p18_trabalho\":\"Trabalho\",\"p18_religiao\":\"Religi\\u00e3o\",\"p18_saude\":\"Sa\\u00fade\",\"p18_violencia\":\"Viol\\u00eancia\",\"p18_politicasculturais\":\"Pol\\u00edticas Culturais\",\"p19_direitoshumanos\":\"Direitos humanos\",\"p19_feminismos\":\"Feminismos\",\"p19_lutaantirracismo\":\"Luta antirracismo\",\"p19_povosecomunidadestradicionais\":\"Povos e comunidades tradicionais\",\"p19_religiao\":\"Religi\\u00e3o\",\"p20_reunioes\":\"Reuni\\u00f5es\",\"p20_oficinas\":\"Oficinas\",\"p21_repressaopolicial\":\"Repress\\u00e3o policial\",\"p21_machismo\":\"Machismo\",\"p21_racismo\":\"Racismo\",\"p21_lgbtqifobia\":\"LGBTIfobia\",\"p22_numerodeparticipantes\":\"1  - 15\",\"p23_reunioes\":\"Reuni\\u00f5es\",\"p24_reunioes\":\"Reuni\\u00f5es\",\"p24_atendimento\":\"Atendimentos\",\"p24_oficinas\":\"Oficinas\",\"p25_numerodepessoas\":\"1 - 20\",\"p26_numerodepessoas\":\"20 - 40\",\"p27_espacopublico\":\"Espa\\u00e7o p\\u00fablico\",\"p27_espacoproprio\":\"Espa\\u00e7o pr\\u00f3prio\",\"p27_ocupacao\":\"Ocupa\\u00e7\\u00e3o\",\"p28_territorios\":\"Regi\\u00e3o da Cidade\",\"p30_outrasorganizacoes\":\"Sim\",\"p32_campanhadelongaduracao\":\"Sim\",\"p34_estadual\":\"Estadual\",\"p34_nacional\":\"Nacional\",\"p34_nenhuma\":\"Nenhuma\",\"p36_conselhosdeparticipacaoecontrolesocial\":\"N\\u00e3o\",\"p38_sim\":\"Sim\",\"p38_nenhum\":\"Nenhum\",\"p40_editais\":\"N\\u00e3o\",\"p41_autofinanciamento\":\"Autofinanciamento\",\"p41_financiamentocoletivo0\":\"Financiamento coletivo\",\"p42_meiodedivulgacaoproprio\":\"Sim\",\"p43_email\":\"E-mail\",\"p43_facebook\":\"Facebook\",\"p43_whatsapp\":\"WhatsApp\",\"p44_radio\":\"TV\",\"p44_sitesblogs\":\"Sites ou Blogs\",\"p44_nenhum\":\"Nenhum\",\"p39_publico\":\"ESTUDANTES MULHERES LGBTQI\",\"p45_bandeira\":\"CONSTRU\\u00c7\\u00c3O ORGANIZA\\u00c7\\u00c3O SINDICAL INDEPENDENTE CONSTRU\\u00c7\\u00c3O OPOSI\\u00c7\\u00c3Oanticapitalismo  NEOLIBERAL\",\"p46_hashtags\":\"#LUTAANTICOLONIAL #NAOVOTELUTE #EMANCIPACAODOSPOVOS\"},{\"p1_eixo\":\"Cultura\",\"p9_tipoorganizacao\":\"Associa\\u00e7\\u00e3o\",\"p12_uf\":\"AM\",\"p13_cidade\":\"MANAUS\",\"p16_nacional\":\"Nacional\",\"p17_ano\":\"1998\",\"p16_estado\":\"Estado\",\"p18_direitoshumanos\":\"Direitos humanos\",\"p18_lgbtqi\":\"LGBTQI\",\"p18_povosecomunidadestradicionais\":\"Povos e comunidades tradicionais\",\"p18_religiao\":\"Religi\\u00e3o\",\"p18_saude\":\"Sa\\u00fade\",\"p18_politicasculturais\":\"Pol\\u00edticas Culturais\",\"p19_direitoshumanos\":\"Direitos humanos\",\"p19_lutaantirracismo\":\"Luta antirracismo\",\"p19_povosecomunidadestradicionais\":\"Povos e comunidades tradicionais\",\"p19_religiao\":\"Religi\\u00e3o\",\"p19_violencia\":\"Viol\\u00eancia\",\"p19_politicasculturais\":\"Pol\\u00edticas Culturais\",\"p20_reunioes\":\"Reuni\\u00f5es\",\"p20_oficinasaulasartisticas\":\"Ensaios\\\/Oficinas\\\/Aulas art\\u00edsticas\",\"p20_formacao\":\"Forma\\u00e7\\u00e3o\",\"p20_apresentacoesartisticas\":\"Apresenta\\u00e7\\u00f5es art\\u00edsticas\",\"p21_repressaopolicial\":\"Repress\\u00e3o policial\",\"p21_racismo\":\"Racismo\",\"p21_lgbtqifobia\":\"LGBTIfobia\",\"p22_numerodeparticipantes\":\"Mais de 90\",\"p23_reunioes\":\"Reuni\\u00f5es\",\"p23_formacao\":\"Forma\\u00e7\\u00e3o\",\"p23_apresentacoesartisticas\":\"Apresenta\\u00e7\\u00f5es Art\\u00edsticas\",\"p24_reunioes\":\"Reuni\\u00f5es\",\"p24_atendimento\":\"Atendimentos\",\"p24_formacao\":\"Forma\\u00e7\\u00e3o\",\"p24_apresentacoesartisticas\":\"Apresenta\\u00e7\\u00f5es art\\u00edsticas\",\"p25_numerodepessoas\":\"80 - 100\",\"p26_numerodepessoas\":\"100 - 200\",\"p27_espacoemprestadocedido\":\"Espa\\u00e7o emprestado\\\/cedido\",\"p27_espacoproprio\":\"Espa\\u00e7o pr\\u00f3prio\",\"p27_virtual\":\"Virtual\",\"p28_territorios\":\"Atua\\u00e7\\u00e3o Nacional\",\"p30_outrasorganizacoes\":\"Sim\",\"p32_campanhadelongaduracao\":\"Sim\",\"p34_estadual\":\"Estadual\",\"p34_nacional\":\"Nacional\",\"p36_conselhosdeparticipacaoecontrolesocial\":\"Sim\",\"p38_sim\":\"Sim\",\"p40_editais\":\"N\\u00e3o\",\"p41_autofinanciamento\":\"Autofinanciamento\",\"p42_meiodedivulgacaoproprio\":\"Sim\",\"p43_email\":\"E-mail\",\"p43_facebook\":\"Facebook\",\"p43_whatsapp\":\"WhatsApp\",\"p44_radio\":\"TV\",\"p44_redessociais\":\"Redes sociais (Facebook, YouTube, Instagram etc.)\",\"p44_sitesblogs\":\"Sites ou Blogs\",\"p39_publico\":\"JOVENS IDOSOS\",\"p45_bandeira\":\"INTOLER\\u00c2NCIA RELIGIOSA\",\"p46_hashtags\":\"TRABALHAMOS A FRENTE EM DEFESA DOS POVOS E COMUNIDADES TRADICIONAIS DE TERREIRO\"},{\"p1_eixo\":\"Cultura\",\"p9_tipoorganizacao\":\"Coletivo Art\\u00edstico\",\"p12_uf\":\"AM\",\"p13_cidade\":\"MANAUS\",\"p16_cidade\":\"Cidade\",\"p17_ano\":\"2014\",\"p16_estado\":\"Estado\",\"p18_agrario\":\"Agr\\u00e1rio\\\/ruralidades\",\"p18_povosecomunidadestradicionais\":\"Povos e comunidades tradicionais\",\"p18_trabalho\":\"Trabalho\",\"p18_politicasculturais\":\"Pol\\u00edticas Culturais\",\"p19_agrario\":\"Agr\\u00e1rio\\\/ruralidades\",\"p19_lutaantirracismo\":\"Luta antirracismo\",\"p19_povosecomunidadestradicionais\":\"Povos e comunidades tradicionais\",\"p19_trabalho\":\"Trabalho\",\"p19_violencia\":\"Viol\\u00eancia\",\"p19_politicasculturais\":\"Pol\\u00edticas Culturais\",\"p20_reunioes\":\"Reuni\\u00f5es\",\"p20_oficinas\":\"Oficinas\",\"p20_oficinasaulasartisticas\":\"Ensaios\\\/Oficinas\\\/Aulas art\\u00edsticas\",\"p20_formacao\":\"Forma\\u00e7\\u00e3o\",\"p20_apresentacoesartisticas\":\"Apresenta\\u00e7\\u00f5es art\\u00edsticas\",\"p21_repressaopolicial\":\"Repress\\u00e3o policial\",\"p21_racismo\":\"Racismo\",\"p21_nenhum\":\"Nenhum\",\"p22_numerodeparticipantes\":\"75 - 90\",\"p23_reunioes\":\"Reuni\\u00f5es\",\"p23_formacao\":\"Forma\\u00e7\\u00e3o\",\"p23_apresentacoesartisticas\":\"Apresenta\\u00e7\\u00f5es Art\\u00edsticas\",\"p24_reunioes\":\"Reuni\\u00f5es\",\"p24_formacao\":\"Forma\\u00e7\\u00e3o\",\"p24_apresentacoesartisticas\":\"Apresenta\\u00e7\\u00f5es art\\u00edsticas\",\"p25_numerodepessoas\":\"100 - 200\",\"p26_numerodepessoas\":\"100 - 200\",\"p27_espacoemprestadocedido\":\"Espa\\u00e7o emprestado\\\/cedido\",\"p27_espacoproprio\":\"Espa\\u00e7o pr\\u00f3prio\",\"p27_virtual\":\"Virtual\",\"p28_territorios\":\"Estado\",\"p30_outrasorganizacoes\":\"Sim\",\"p32_campanhadelongaduracao\":\"Sim\",\"p34_municipal\":\"Municipal\",\"p34_estadual\":\"Estadual\",\"p36_conselhosdeparticipacaoecontrolesocial\":\"Sim\",\"p38_sim\":\"Sim\",\"p40_editais\":\"Sim\",\"p41_autofinanciamento\":\"Autofinanciamento\",\"p42_meiodedivulgacaoproprio\":\"Sim\",\"p43_email\":\"E-mail\",\"p43_facebook\":\"Facebook\",\"p43_whatsapp\":\"WhatsApp\",\"p44_redessociais\":\"Redes sociais (Facebook, YouTube, Instagram etc.)\",\"p39_publico\":\"JUVENTUDE FAM\\u00cdLIAS ARTISTAS CULTURA URBANA\",\"p45_bandeira\":\"POL\\u00cdTICAS CULTURAIS ACESS\\u00cdVEIS ENFRENTAMENTO JUVENTUDE NEGRA\",\"p46_hashtags\":\"#NOSNALUTA #HIPHOPEMTODOLUGAR #TAMOJUNTOPELAPERIFERIA\"},{\"p1_eixo\":\"Trabalho\",\"p9_tipoorganizacao\":\"Associa\\u00e7\\u00e3o\",\"p12_uf\":\"AM\",\"p13_cidade\":\"MANAUS\",\"p16_bairro\":\"Bairro\",\"p16_cidade\":\"Cidade\",\"p17_ano\":\"2018\",\"p18_agrario\":\"Agr\\u00e1rio\\\/ruralidades\",\"p18_comunicacao\":\"Comunica\\u00e7\\u00e3o\",\"p18_difusaoartistica\":\"Difus\\u00e3o Art\\u00edstica\",\"p18_desenvolvimentoterritorial\":\"Desenvolvimento territorial\",\"p18_direitoshumanos\":\"Direitos humanos\",\"p18_educacao\":\"Educa\\u00e7\\u00e3o\",\"p18_lutaantirracismo\":\"Luta antirracismo\",\"p18_mobilidade\":\"Mobilidade\",\"p18_moradia\":\"Moradia\",\"p18_povosecomunidadestradicionais\":\"Povos e comunidades tradicionais\",\"p18_trabalho\":\"Trabalho\",\"p18_violencia\":\"Viol\\u00eancia\",\"p18_politicasculturais\":\"Pol\\u00edticas Culturais\",\"p19_agrario\":\"Agr\\u00e1rio\\\/ruralidades\",\"p19_lutaantirracismo\":\"Luta antirracismo\",\"p19_povosecomunidadestradicionais\":\"Povos e comunidades tradicionais\",\"p19_trabalho\":\"Trabalho\",\"p19_violencia\":\"Viol\\u00eancia\",\"p19_difusaoartistica\":\"Difus\\u00e3o Art\\u00edstica\",\"p20_reunioes\":\"Reuni\\u00f5es\",\"p20_oficinas\":\"Oficinas\",\"p20_formacao\":\"Forma\\u00e7\\u00e3o\",\"p20_apresentacoesartisticas\":\"Apresenta\\u00e7\\u00f5es art\\u00edsticas\",\"p21_repressaopolicial\":\"Repress\\u00e3o policial\",\"p21_intoleranciareligiosa\":\"Fundamentalismo\\\/intoler\\u00e2ncia religiosa\",\"p21_machismo\":\"Machismo\",\"p21_racismo\":\"Racismo\",\"p21_lgbtqifobia\":\"LGBTIfobia\",\"p21_enfrentamentocomgruposprivadosarmados\":\"Enfrentamento com grupos privados armados\",\"p21_nenhum\":\"Nenhum\",\"p22_numerodeparticipantes\":\"75 - 90\",\"p23_reunioes\":\"Reuni\\u00f5es\",\"p23_apresentacoesartisticas\":\"Apresenta\\u00e7\\u00f5es Art\\u00edsticas\",\"p24_reunioes\":\"Reuni\\u00f5es\",\"p24_atendimento\":\"Atendimentos\",\"p24_formacao\":\"Forma\\u00e7\\u00e3o\",\"p24_outros\":\"Outros\",\"p25_numerodepessoas\":\"100 - 200\",\"p26_numerodepessoas\":\"60 - 80\",\"p27_espacopublico\":\"Espa\\u00e7o p\\u00fablico\",\"p27_espacoemprestadocedido\":\"Espa\\u00e7o emprestado\\\/cedido\",\"p27_espacoproprio\":\"Espa\\u00e7o pr\\u00f3prio\",\"p27_ocupacao\":\"Ocupa\\u00e7\\u00e3o\",\"p28_territorios\":\"Regi\\u00e3o da Cidade\",\"p30_outrasorganizacoes\":\"Sim\",\"p32_campanhadelongaduracao\":\"Sim\",\"p34_municipal\":\"Municipal\",\"p34_nacional\":\"Nacional\",\"p36_conselhosdeparticipacaoecontrolesocial\":\"N\\u00e3o\",\"p38_sim\":\"Sim\",\"p38_nenhum\":\"Nenhum\",\"p40_editais\":\"N\\u00e3o\",\"p41_autofinanciamento\":\"Autofinanciamento\",\"p41_financiamentocoletivo0\":\"Financiamento coletivo\",\"p42_meiodedivulgacaoproprio\":\"Sim\",\"p43_facebook\":\"Facebook\",\"p43_whatsapp\":\"WhatsApp\",\"p43_instagram\":\"Instagram\",\"p43_youtube\":\"YouTube\",\"p44_redessociais\":\"Redes sociais (Facebook, YouTube, Instagram etc.)\",\"p44_nenhum\":\"Nenhum\",\"p39_publico\":\"COMUNIDADE RIBEIRINHA\",\"p45_bandeira\":\"ECONOMIA SOLID\\u00c1RIA\",\"p46_hashtags\":\"#COMUNIDADEJATUARANA #AGRICULTURAFAMILIAR #USARATERRAPRAPRODUZIR\"},{\"p1_eixo\":\"Viol\\u00eancia\",\"p9_tipoorganizacao\":\"Coletivo\",\"p12_uf\":\"SP\",\"p13_cidade\":\"S\\u00c3O PAULO\",\"p16_bairro\":\"Bairro\",\"p16_cidade\":\"Cidade\",\"p17_ano\":\"2003\",\"p18_comunicacao\":\"Comunica\\u00e7\\u00e3o\",\"p18_difusaoartistica\":\"Difus\\u00e3o Art\\u00edstica\",\"p18_desenvolvimentoterritorial\":\"Desenvolvimento territorial\",\"p18_direitoshumanos\":\"Direitos humanos\",\"p18_educacao\":\"Educa\\u00e7\\u00e3o\",\"p18_feminismos\":\"Feminismos\",\"p18_lutaantirracismo\":\"Luta antirracismo\",\"p18_mobilidade\":\"Mobilidade\",\"p18_moradia\":\"Moradia\",\"p18_povosecomunidadestradicionais\":\"Povos e comunidades tradicionais\",\"p18_trabalho\":\"Trabalho\",\"p18_violencia\":\"Viol\\u00eancia\",\"p18_politicasculturais\":\"Pol\\u00edticas Culturais\",\"p19_comunicacao\":\"Comunica\\u00e7\\u00e3o\",\"p19_educacao\":\"Educa\\u00e7\\u00e3o\",\"p19_lutaantirracismo\":\"Luta antirracismo\",\"p19_violencia\":\"Viol\\u00eancia\",\"p19_difusaoartistica\":\"Difus\\u00e3o Art\\u00edstica\",\"p20_reunioes\":\"Reuni\\u00f5es\",\"p20_apresentacoesartisticas\":\"Apresenta\\u00e7\\u00f5es art\\u00edsticas\",\"p21_repressaopolicial\":\"Repress\\u00e3o policial\",\"p21_intoleranciareligiosa\":\"Fundamentalismo\\\/intoler\\u00e2ncia religiosa\",\"p21_machismo\":\"Machismo\",\"p21_racismo\":\"Racismo\",\"p21_lgbtqifobia\":\"LGBTIfobia\",\"p21_enfrentamentocomgruposprivadosarmados\":\"Enfrentamento com grupos privados armados\",\"p22_numerodeparticipantes\":\"1  - 15\",\"p23_reunioes\":\"Reuni\\u00f5es\",\"p23_oficinas\":\"Oficinas\",\"p23_oficinasaulasartisticas\":\"Ensaio\\\/Oficinas\\\/Aulas Art\\u00edsticas\",\"p23_apresentacoesartisticas\":\"Apresenta\\u00e7\\u00f5es Art\\u00edsticas\",\"p23_outros\":\"Outros\",\"p24_reunioes\":\"Reuni\\u00f5es\",\"p24_atendimento\":\"Atendimentos\",\"p24_outros\":\"Outros\",\"p25_numerodepessoas\":\"200 - 300\",\"p26_numerodepessoas\":\"20 - 40\",\"p27_espacopublico\":\"Espa\\u00e7o p\\u00fablico\",\"p27_espacoemprestadocedido\":\"Espa\\u00e7o emprestado\\\/cedido\",\"p27_ocupacao\":\"Ocupa\\u00e7\\u00e3o\",\"p28_territorios\":\"Pr\\u00f3prio bairro\",\"p30_outrasorganizacoes\":\"Sim\",\"p32_campanhadelongaduracao\":\"Sim\",\"p34_nacional\":\"Nacional\",\"p36_conselhosdeparticipacaoecontrolesocial\":\"Sim\",\"p38_nenhum\":\"Nenhum\",\"p40_editais\":\"Sim\",\"p41_publicoestatal\":\"P\\u00fablico-Estatal\",\"p41_privadopj\":\"Privado (P. Jur\\u00eddica)\",\"p41_financiamentocoletivo0\":\"Financiamento coletivo\",\"p42_meiodedivulgacaoproprio\":\"Sim\",\"p43_impressoes\":\"Impressos\",\"p43_email\":\"E-mail\",\"p43_facebook\":\"Facebook\",\"p43_instagram\":\"Instagram\",\"p43_youtube\":\"YouTube\",\"p44_redessociais\":\"Redes sociais (Facebook, YouTube, Instagram etc.)\",\"p44_sitesblogs\":\"Sites ou Blogs\",\"p44_nenhum\":\"Nenhum\",\"p39_publico\":\"JOVENS\",\"p45_bandeira\":\"DI\\u00c1LOGO COMUNIDADE M\\u00daSICAS LUTA\",\"p46_hashtags\":\"#UNIAO #FORCA #ARTE\"},{\"p1_eixo\":\"Trabalho\",\"p9_tipoorganizacao\":\"Coletivo\",\"p12_uf\":\"SP\",\"p13_cidade\":\"S\\u00c3O PAULO\",\"p16_bairro\":\"Bairro\",\"p16_cidade\":\"Cidade\",\"p17_ano\":\"2016\",\"p18_comunicacao\":\"Comunica\\u00e7\\u00e3o\",\"p18_difusaoartistica\":\"Difus\\u00e3o Art\\u00edstica\",\"p18_desenvolvimentoterritorial\":\"Desenvolvimento territorial\",\"p18_direitoshumanos\":\"Direitos humanos\",\"p18_educacao\":\"Educa\\u00e7\\u00e3o\",\"p18_feminismos\":\"Feminismos\",\"p18_lutaantirracismo\":\"Luta antirracismo\",\"p18_povosecomunidadestradicionais\":\"Povos e comunidades tradicionais\",\"p18_trabalho\":\"Trabalho\",\"p18_saude\":\"Sa\\u00fade\",\"p18_violencia\":\"Viol\\u00eancia\",\"p19_comunicacao\":\"Comunica\\u00e7\\u00e3o\",\"p19_desenvolvimentoterritorial\":\"Desenvolvimento territorial\",\"p19_educacao\":\"Educa\\u00e7\\u00e3o\",\"p19_lutaantirracismo\":\"Luta antirracismo\",\"p19_difusaoartistica\":\"Difus\\u00e3o Art\\u00edstica\",\"p20_reunioes\":\"Reuni\\u00f5es\",\"p20_oficinasaulasartisticas\":\"Ensaios\\\/Oficinas\\\/Aulas art\\u00edsticas\",\"p21_machismo\":\"Machismo\",\"p21_racismo\":\"Racismo\",\"p22_numerodeparticipantes\":\"1  - 15\",\"p23_reunioes\":\"Reuni\\u00f5es\",\"p23_oficinas\":\"Oficinas\",\"p23_oficinasaulasartisticas\":\"Ensaio\\\/Oficinas\\\/Aulas Art\\u00edsticas\",\"p23_outros\":\"Outros\",\"p24_oficinasaulasartisticas\":\"Ensaios\\\/Oficinas\\\/Aulas art\\u00edsticas\",\"p24_outros\":\"Outros\",\"p25_numerodepessoas\":\"80 - 100\",\"p26_numerodepessoas\":\"1 - 20\",\"p27_espacopublico\":\"Espa\\u00e7o p\\u00fablico\",\"p27_espacoemprestadocedido\":\"Espa\\u00e7o emprestado\\\/cedido\",\"p28_territorios\":\"Regi\\u00e3o da Cidade\",\"p30_outrasorganizacoes\":\"Sim\",\"p32_campanhadelongaduracao\":\"N\\u00e3o\",\"p34_municipal\":\"Municipal\",\"p34_nacional\":\"Nacional\",\"p36_conselhosdeparticipacaoecontrolesocial\":\"Sim\",\"p38_nenhum\":\"Nenhum\",\"p40_editais\":\"Sim\",\"p41_publicoestatal\":\"P\\u00fablico-Estatal\",\"p41_privadopj\":\"Privado (P. Jur\\u00eddica)\",\"p41_autofinanciamento\":\"Autofinanciamento\",\"p42_meiodedivulgacaoproprio\":\"Sim\",\"p43_impressoes\":\"Impressos\",\"p43_email\":\"E-mail\",\"p43_facebook\":\"Facebook\",\"p43_nenhum\":\"Nenhum\",\"p44_redessociais\":\"Redes sociais (Facebook, YouTube, Instagram etc.)\",\"p44_sitesblogs\":\"Sites ou Blogs\",\"p39_publico\":\"ADOLESCENTES PERIFERIA\",\"p45_bandeira\":\"LUTA ANTIRRACISMO FORTALECIMENTO PROTAGONISMO JUVENIL AUTO-ESTIMA JOVENS NEGROS\",\"p46_hashtags\":\"#LUTAANTIRRACISMO #REPRESENTATIVIDADE #PROTAGONISMOJUVENIL\"},{\"p1_eixo\":\"Trabalho\",\"p9_tipoorganizacao\":\"Coletivo\",\"p12_uf\":\"SP\",\"p13_cidade\":\"S\\u00c3O PAULO\",\"p16_bairro\":\"Bairro\",\"p17_ano\":\"2017\",\"p16_estado\":\"Estado\",\"p18_comunicacao\":\"Comunica\\u00e7\\u00e3o\",\"p18_difusaoartistica\":\"Difus\\u00e3o Art\\u00edstica\",\"p18_desenvolvimentoterritorial\":\"Desenvolvimento territorial\",\"p18_direitoshumanos\":\"Direitos humanos\",\"p18_educacao\":\"Educa\\u00e7\\u00e3o\",\"p18_feminismos\":\"Feminismos\",\"p18_lutaantirracismo\":\"Luta antirracismo\",\"p18_povosecomunidadestradicionais\":\"Povos e comunidades tradicionais\",\"p18_trabalho\":\"Trabalho\",\"p18_religiao\":\"Religi\\u00e3o\",\"p18_saude\":\"Sa\\u00fade\",\"p18_politicasculturais\":\"Pol\\u00edticas Culturais\",\"p19_comunicacao\":\"Comunica\\u00e7\\u00e3o\",\"p19_desenvolvimentoterritorial\":\"Desenvolvimento territorial\",\"p19_educacao\":\"Educa\\u00e7\\u00e3o\",\"p19_lutaantirracismo\":\"Luta antirracismo\",\"p19_povosecomunidadestradicionais\":\"Povos e comunidades tradicionais\",\"p19_difusaoartistica\":\"Difus\\u00e3o Art\\u00edstica\",\"p20_reunioes\":\"Reuni\\u00f5es\",\"p20_oficinas\":\"Oficinas\",\"p20_oficinasaulasartisticas\":\"Ensaios\\\/Oficinas\\\/Aulas art\\u00edsticas\",\"p20_formacao\":\"Forma\\u00e7\\u00e3o\",\"p20_visitasexcursoes\":\"Visitas\\\/Excurs\\u00f5es\",\"p21_intoleranciareligiosa\":\"Fundamentalismo\\\/intoler\\u00e2ncia religiosa\",\"p21_machismo\":\"Machismo\",\"p21_racismo\":\"Racismo\",\"p22_numerodeparticipantes\":\"1  - 15\",\"p23_reunioes\":\"Reuni\\u00f5es\",\"p23_oficinas\":\"Oficinas\",\"p23_visitas\":\"Visitas\",\"p23_excursoes\":\"Excurs\\u00f5es\",\"p23_outros\":\"Outros\",\"p24_reunioes\":\"Reuni\\u00f5es\",\"p24_oficinasaulasartisticas\":\"Ensaios\\\/Oficinas\\\/Aulas art\\u00edsticas\",\"p24_visitasexcursoes\":\"Visitas\\\/Excurs\\u00f5es\",\"p25_numerodepessoas\":\"20 - 40\",\"p26_numerodepessoas\":\"1 - 20\",\"p27_espacoemprestadocedido\":\"Espa\\u00e7o emprestado\\\/cedido\",\"p28_territorios\":\"Pr\\u00f3prio bairro\",\"p30_outrasorganizacoes\":\"N\\u00e3o\",\"p32_campanhadelongaduracao\":\"N\\u00e3o\",\"p34_municipal\":\"Municipal\",\"p34_estadual\":\"Estadual\",\"p34_nacional\":\"Nacional\",\"p36_conselhosdeparticipacaoecontrolesocial\":\"N\\u00e3o\",\"p38_sim\":\"Sim\",\"p38_nenhum\":\"Nenhum\",\"p40_editais\":\"N\\u00e3o\",\"p41_privadopj\":\"Privado (P. Jur\\u00eddica)\",\"p41_autofinanciamento\":\"Autofinanciamento\",\"p42_meiodedivulgacaoproprio\":\"Sim\",\"p43_facebook\":\"Facebook\",\"p43_instagram\":\"Instagram\",\"p43_youtube\":\"YouTube\",\"p43_nenhum\":\"Nenhum\",\"p44_redessociais\":\"Redes sociais (Facebook, YouTube, Instagram etc.)\",\"p44_sitesblogs\":\"Sites ou Blogs\",\"p39_publico\":\"POPULA\\u00c7\\u00c3O MORADORES\",\"p45_bandeira\":\"DESENVOLVIMENTO ARTES\\u00c3OS TRABALHO VALORIZA\\u00c7\\u00c3O ARTESANATO IGUALDADE OPORTUNIDADES\",\"p46_hashtags\":\"#IGUALDADEDEOPORTUNIDADE #DESENVOLVIMENTO #COMPARTILHAMENTODECONHECIMENTO\"},{\"p1_eixo\":\"Cultura\",\"p9_tipoorganizacao\":\"Coletivo\",\"p12_uf\":\"AM\",\"p13_cidade\":\"MANAUS\",\"p17_ano\":\"2017\",\"p16_estado\":\"Estado\",\"p18_agrario\":\"Agr\\u00e1rio\\\/ruralidades\",\"p18_comunicacao\":\"Comunica\\u00e7\\u00e3o\",\"p18_difusaoartistica\":\"Difus\\u00e3o Art\\u00edstica\",\"p18_desenvolvimentoterritorial\":\"Desenvolvimento territorial\",\"p18_direitoshumanos\":\"Direitos humanos\",\"p18_educacao\":\"Educa\\u00e7\\u00e3o\",\"p18_feminismos\":\"Feminismos\",\"p18_lgbtqi\":\"LGBTQI\",\"p18_lutaantirracismo\":\"Luta antirracismo\",\"p18_mobilidade\":\"Mobilidade\",\"p18_moradia\":\"Moradia\",\"p18_povosecomunidadestradicionais\":\"Povos e comunidades tradicionais\",\"p18_trabalho\":\"Trabalho\",\"p18_religiao\":\"Religi\\u00e3o\",\"p18_saude\":\"Sa\\u00fade\",\"p18_violencia\":\"Viol\\u00eancia\",\"p18_politicasculturais\":\"Pol\\u00edticas Culturais\",\"p19_comunicacao\":\"Comunica\\u00e7\\u00e3o\",\"p19_direitoshumanos\":\"Direitos humanos\",\"p19_lutaantirracismo\":\"Luta antirracismo\",\"p19_povosecomunidadestradicionais\":\"Povos e comunidades tradicionais\",\"p19_politicasculturais\":\"Pol\\u00edticas Culturais\",\"p20_reunioes\":\"Reuni\\u00f5es\",\"p20_oficinas\":\"Oficinas\",\"p20_formacao\":\"Forma\\u00e7\\u00e3o\",\"p20_visitasexcursoes\":\"Visitas\\\/Excurs\\u00f5es\",\"p21_intoleranciareligiosa\":\"Fundamentalismo\\\/intoler\\u00e2ncia religiosa\",\"p21_machismo\":\"Machismo\",\"p21_racismo\":\"Racismo\",\"p22_numerodeparticipantes\":\"1  - 15\",\"p23_reunioes\":\"Reuni\\u00f5es\",\"p23_oficinas\":\"Oficinas\",\"p23_visitas\":\"Visitas\",\"p23_excursoes\":\"Excurs\\u00f5es\",\"p23_outros\":\"Outros\",\"p24_reunioes\":\"Reuni\\u00f5es\",\"p24_profissionalizacao\":\"Profissionaliza\\u00e7\\u00e3o\",\"p24_visitasexcursoes\":\"Visitas\\\/Excurs\\u00f5es\",\"p25_numerodepessoas\":\"20 - 40\",\"p26_numerodepessoas\":\"80 - 100\",\"p27_espacoemprestadocedido\":\"Espa\\u00e7o emprestado\\\/cedido\",\"p28_territorios\":\"Estado\",\"p30_outrasorganizacoes\":\"Sim\",\"p32_campanhadelongaduracao\":\"Sim\",\"p34_municipal\":\"Municipal\",\"p34_estadual\":\"Estadual\",\"p34_nacional\":\"Nacional\",\"p36_conselhosdeparticipacaoecontrolesocial\":\"Sim\",\"p38_sim\":\"Sim\",\"p40_editais\":\"Sim\",\"p41_autofinanciamento\":\"Autofinanciamento\",\"p42_meiodedivulgacaoproprio\":\"Sim\",\"p43_email\":\"E-mail\",\"p43_facebook\":\"Facebook\",\"p43_whatsapp\":\"WhatsApp\",\"p43_instagram\":\"Instagram\",\"p43_youtube\":\"YouTube\",\"p44_radio\":\"R\\u00e1dio\",\"p44_redessociais\":\"Redes sociais (Facebook, YouTube, Instagram etc.)\",\"p44_sitesblogs\":\"Sites ou Blogs\",\"p39_publico\":\"JOVENS MULHERES NEGRAS CRIAN\\u00c7AS ADOLESCENTES PERIF\\u00c9RICAS\",\"p45_bandeira\":\"COMBATE RACISMO COMBATE  RELIGIOSA COMBATE PRODU\\u00c7\\u00c3O CULTURAL CRIAN\\u00c7AS ADOLESCENTES JOVENS PERIF\\u00c9RICAS\",\"p46_hashtags\":\"#VAMOSDESCOLONIZAR  #AQUILOMBARAPERIFERIA  #MULHERESNEGRASPERIF\\u00c9RICASPRODUZEM\"},{\"p1_eixo\":\"Cultura\",\"p9_tipoorganizacao\":\"F\\u00f3rum\",\"p12_uf\":\"MS\",\"p13_cidade\":\"CAMPO GRANDE\",\"p16_cidade\":\"Cidade\",\"p17_ano\":\"2001\",\"p16_estado\":\"Estado\",\"p18_agrario\":\"Agr\\u00e1rio\\\/ruralidades\",\"p18_comunicacao\":\"Comunica\\u00e7\\u00e3o\",\"p18_difusaoartistica\":\"Difus\\u00e3o Art\\u00edstica\",\"p18_desenvolvimentoterritorial\":\"Desenvolvimento territorial\",\"p18_direitoshumanos\":\"Direitos humanos\",\"p18_educacao\":\"Educa\\u00e7\\u00e3o\",\"p18_feminismos\":\"Feminismos\",\"p18_lgbtqi\":\"LGBTQI\",\"p18_lutaantirracismo\":\"Luta antirracismo\",\"p18_mobilidade\":\"Mobilidade\",\"p18_moradia\":\"Moradia\",\"p18_povosecomunidadestradicionais\":\"Povos e comunidades tradicionais\",\"p18_trabalho\":\"Trabalho\",\"p18_religiao\":\"Religi\\u00e3o\",\"p18_saude\":\"Sa\\u00fade\",\"p18_violencia\":\"Viol\\u00eancia\",\"p18_politicasculturais\":\"Pol\\u00edticas Culturais\",\"p19_direitoshumanos\":\"Direitos humanos\",\"p19_mobilidade\":\"Mobilidade\",\"p19_povosecomunidadestradicionais\":\"Povos e comunidades tradicionais\",\"p19_trabalho\":\"Trabalho\",\"p19_difusaoartistica\":\"Difus\\u00e3o Art\\u00edstica\",\"p19_politicasculturais\":\"Pol\\u00edticas Culturais\",\"p20_reunioes\":\"Reuni\\u00f5es\",\"p20_oficinas\":\"Oficinas\",\"p20_formacao\":\"Forma\\u00e7\\u00e3o\",\"p20_apresentacoesartisticas\":\"Apresenta\\u00e7\\u00f5es art\\u00edsticas\",\"p21_repressaopolicial\":\"Repress\\u00e3o policial\",\"p21_intoleranciareligiosa\":\"Fundamentalismo\\\/intoler\\u00e2ncia religiosa\",\"p21_machismo\":\"Machismo\",\"p21_racismo\":\"Racismo\",\"p22_numerodeparticipantes\":\"15 - 30\",\"p23_reunioes\":\"Reuni\\u00f5es\",\"p23_apresentacoesartisticas\":\"Apresenta\\u00e7\\u00f5es Art\\u00edsticas\",\"p24_profissionalizacao\":\"Profissionaliza\\u00e7\\u00e3o\",\"p24_apresentacoesartisticas\":\"Apresenta\\u00e7\\u00f5es art\\u00edsticas\",\"p24_visitasexcursoes\":\"Visitas\\\/Excurs\\u00f5es\",\"p25_numerodepessoas\":\"60 - 80\",\"p26_numerodepessoas\":\"20 - 40\",\"p27_espacopublico\":\"Espa\\u00e7o p\\u00fablico\",\"p27_espacoemprestadocedido\":\"Espa\\u00e7o emprestado\\\/cedido\",\"p27_espacoproprio\":\"Espa\\u00e7o pr\\u00f3prio\",\"p28_territorios\":\"Regi\\u00e3o da Cidade\",\"p30_outrasorganizacoes\":\"Sim\",\"p32_campanhadelongaduracao\":\"Sim\",\"p34_estadual\":\"Estadual\",\"p34_nenhuma\":\"Nenhuma\",\"p36_conselhosdeparticipacaoecontrolesocial\":\"Sim\",\"p38_sim\":\"Sim\",\"p38_nenhum\":\"Nenhum\",\"p40_editais\":\"N\\u00e3o\",\"p41_publicoestatal\":\"P\\u00fablico-Estatal\",\"p41_autofinanciamento\":\"Autofinanciamento\",\"p41_financiamentocoletivo0\":\"Financiamento coletivo\",\"p42_meiodedivulgacaoproprio\":\"Sim\",\"p43_impressoes\":\"Impressos\",\"p43_email\":\"E-mail\",\"p43_facebook\":\"Facebook\",\"p43_whatsapp\":\"WhatsApp\",\"p43_instagram\":\"Instagram\",\"p43_sitesblogs\":\"Blogs\\\/sites\",\"p43_youtube\":\"YouTube\",\"p44_radio\":\"TV\",\"p44_jornaisimpressosdebairro\":\"Jornais impressos de bairro\",\"p44_redessociais\":\"Redes sociais (Facebook, YouTube, Instagram etc.)\",\"p39_publico\":\"TODOS\",\"p45_bandeira\":\"POL\\u00cdTICAS P\\u00daBLICAS POPULA\\u00c7\\u00c3O NEGRA SA\\u00daDE MORADIA EDUCA\\u00c7\\u00c3O CULTURA TRABALHO\",\"p46_hashtags\":\"#DIREITOSIGUAISPARATODAS #EDUCACAODEQUALIDADE #JUVENTUDENEGRAESEUSDIREITOS\"},{\"p1_eixo\":\"Cultura\",\"p9_tipoorganizacao\":\"Coletivo Art\\u00edstico\",\"p12_uf\":\"SP\",\"p13_cidade\":\"S\\u00c3O PAULO\",\"p16_cidade\":\"Cidade\",\"p16_internacional\":\"Internacional\",\"p17_ano\":\"2007\",\"p18_comunicacao\":\"Comunica\\u00e7\\u00e3o\",\"p18_difusaoartistica\":\"Difus\\u00e3o Art\\u00edstica\",\"p18_desenvolvimentoterritorial\":\"Desenvolvimento territorial\",\"p18_direitoshumanos\":\"Direitos humanos\",\"p18_educacao\":\"Educa\\u00e7\\u00e3o\",\"p18_feminismos\":\"Feminismos\",\"p18_lgbtqi\":\"LGBTQI\",\"p18_lutaantirracismo\":\"Luta antirracismo\",\"p18_mobilidade\":\"Mobilidade\",\"p18_trabalho\":\"Trabalho\",\"p18_violencia\":\"Viol\\u00eancia\",\"p18_politicasculturais\":\"Pol\\u00edticas Culturais\",\"p19_direitoshumanos\":\"Direitos humanos\",\"p19_lutaantirracismo\":\"Luta antirracismo\",\"p19_mobilidade\":\"Mobilidade\",\"p19_trabalho\":\"Trabalho\",\"p19_difusaoartistica\":\"Difus\\u00e3o Art\\u00edstica\",\"p20_reunioes\":\"Reuni\\u00f5es\",\"p20_oficinas\":\"Oficinas\",\"p20_oficinasaulasartisticas\":\"Ensaios\\\/Oficinas\\\/Aulas art\\u00edsticas\",\"p20_formacao\":\"Forma\\u00e7\\u00e3o\",\"p20_apresentacoesartisticas\":\"Apresenta\\u00e7\\u00f5es art\\u00edsticas\",\"p21_repressaopolicial\":\"Repress\\u00e3o policial\",\"p21_intoleranciareligiosa\":\"Fundamentalismo\\\/intoler\\u00e2ncia religiosa\",\"p21_machismo\":\"Machismo\",\"p21_racismo\":\"Racismo\",\"p21_lgbtqifobia\":\"LGBTIfobia\",\"p22_numerodeparticipantes\":\"15 - 30\",\"p23_reunioes\":\"Reuni\\u00f5es\",\"p23_oficinas\":\"Oficinas\",\"p23_formacao\":\"Forma\\u00e7\\u00e3o\",\"p23_apresentacoesartisticas\":\"Apresenta\\u00e7\\u00f5es Art\\u00edsticas\",\"p23_outros\":\"Outros\",\"p24_reunioes\":\"Reuni\\u00f5es\",\"p24_oficinas\":\"Oficinas\",\"p24_formacao\":\"Forma\\u00e7\\u00e3o\",\"p24_apresentacoesartisticas\":\"Apresenta\\u00e7\\u00f5es art\\u00edsticas\",\"p25_numerodepessoas\":\"Mais de 500\",\"p26_numerodepessoas\":\"20 - 40\",\"p27_espacopublico\":\"Espa\\u00e7o p\\u00fablico\",\"p27_espacoemprestadocedido\":\"Espa\\u00e7o emprestado\\\/cedido\",\"p27_espacoproprio\":\"Espa\\u00e7o pr\\u00f3prio\",\"p27_virtual\":\"Virtual\",\"p27_ocupacao\":\"Ocupa\\u00e7\\u00e3o\",\"p28_territorios\":\"Cidade\",\"p30_outrasorganizacoes\":\"N\\u00e3o\",\"p32_campanhadelongaduracao\":\"N\\u00e3o\",\"p34_nenhuma\":\"Nenhuma\",\"p36_conselhosdeparticipacaoecontrolesocial\":\"Sim\",\"p38_sim\":\"Sim\",\"p38_nenhum\":\"Nenhum\",\"p40_editais\":\"Sim\",\"p41_publicoestatal\":\"P\\u00fablico-Estatal\",\"p41_privadopj\":\"Privado (P. Jur\\u00eddica)\",\"p41_autofinanciamento\":\"Autofinanciamento\",\"p41_financiamentocoletivo0\":\"Financiamento coletivo\",\"p42_meiodedivulgacaoproprio\":\"Sim\",\"p43_impressoes\":\"Impressos\",\"p43_email\":\"E-mail\",\"p43_facebook\":\"Facebook\",\"p43_whatsapp\":\"WhatsApp\",\"p43_instagram\":\"Instagram\",\"p43_sitesblogs\":\"Blogs\\\/sites\",\"p43_youtube\":\"YouTube\",\"p44_radio\":\"TV\",\"p44_jornaisimpressosdebairro\":\"Jornais impressos de bairro\",\"p44_redessociais\":\"Redes sociais (Facebook, YouTube, Instagram etc.)\",\"p44_sitesblogs\":\"Sites ou Blogs\",\"p39_publico\":\"PERIF\\u00c9RICO\",\"p45_bandeira\":\"CULTURA TRABALHADOR\",\"p46_hashtags\":\"#TEATRONOONIBUS #TEATROPARATODOS #ARTEPARATODOS\"},{\"p1_eixo\":\"Viol\\u00eancia\",\"p9_tipoorganizacao\":\"F\\u00f3rum\",\"p12_uf\":\"MG\",\"p13_cidade\":\"NOVA LIMA\",\"p16_cidade\":\"Cidade\",\"p16_internacional\":\"Internacional\",\"p17_ano\":\"2004\",\"p18_comunicacao\":\"Comunica\\u00e7\\u00e3o\",\"p18_difusaoartistica\":\"Difus\\u00e3o Art\\u00edstica\",\"p18_direitoshumanos\":\"Direitos humanos\",\"p18_educacao\":\"Educa\\u00e7\\u00e3o\",\"p18_feminismos\":\"Feminismos\",\"p18_lgbtqi\":\"LGBTQI\",\"p18_lutaantirracismo\":\"Luta antirracismo\",\"p18_mobilidade\":\"Mobilidade\",\"p18_povosecomunidadestradicionais\":\"Povos e comunidades tradicionais\",\"p18_trabalho\":\"Trabalho\",\"p18_religiao\":\"Religi\\u00e3o\",\"p18_saude\":\"Sa\\u00fade\",\"p18_violencia\":\"Viol\\u00eancia\",\"p18_politicasculturais\":\"Pol\\u00edticas Culturais\",\"p19_direitoshumanos\":\"Direitos humanos\",\"p19_lutaantirracismo\":\"Luta antirracismo\",\"p19_povosecomunidadestradicionais\":\"Povos e comunidades tradicionais\",\"p19_saude\":\"Sa\\u00fade\",\"p19_difusaoartistica\":\"Difus\\u00e3o Art\\u00edstica\",\"p20_reunioes\":\"Reuni\\u00f5es\",\"p20_atendimento\":\"Atendimento\",\"p20_oficinas\":\"Oficinas\",\"p20_oficinasaulasartisticas\":\"Ensaios\\\/Oficinas\\\/Aulas art\\u00edsticas\",\"p20_formacao\":\"Forma\\u00e7\\u00e3o\",\"p20_visitasexcursoes\":\"Visitas\\\/Excurs\\u00f5es\",\"p21_repressaopolicial\":\"Repress\\u00e3o policial\",\"p21_machismo\":\"Machismo\",\"p21_racismo\":\"Racismo\",\"p21_lgbtqifobia\":\"LGBTIfobia\",\"p22_numerodeparticipantes\":\"45 - 60\",\"p23_reunioes\":\"Reuni\\u00f5es\",\"p23_oficinas\":\"Oficinas\",\"p23_formacao\":\"Forma\\u00e7\\u00e3o\",\"p23_outros\":\"Outros\",\"p24_reunioes\":\"Reuni\\u00f5es\",\"p24_atendimento\":\"Atendimentos\",\"p24_oficinas\":\"Oficinas\",\"p24_formacao\":\"Forma\\u00e7\\u00e3o\",\"p25_numerodepessoas\":\"20 - 40\",\"p26_numerodepessoas\":\"20 - 40\",\"p27_espacopublico\":\"Espa\\u00e7o p\\u00fablico\",\"p27_espacoemprestadocedido\":\"Espa\\u00e7o emprestado\\\/cedido\",\"p27_espacoproprio\":\"Espa\\u00e7o pr\\u00f3prio\",\"p27_virtual\":\"Virtual\",\"p27_ocupacao\":\"Ocupa\\u00e7\\u00e3o\",\"p28_territorios\":\"Cidade\",\"p30_outrasorganizacoes\":\"Sim\",\"p32_campanhadelongaduracao\":\"Sim\",\"p34_estadual\":\"Estadual\",\"p34_nenhuma\":\"Nenhuma\",\"p36_conselhosdeparticipacaoecontrolesocial\":\"Sim\",\"p38_sim\":\"Sim\",\"p40_editais\":\"Sim\",\"p41_privadopj\":\"Privado (P. Jur\\u00eddica)\",\"p41_autofinanciamento\":\"Autofinanciamento\",\"p42_meiodedivulgacaoproprio\":\"Sim\",\"p43_impressoes\":\"Impressos\",\"p43_email\":\"E-mail\",\"p43_facebook\":\"Facebook\",\"p43_whatsapp\":\"WhatsApp\",\"p43_instagram\":\"Instagram\",\"p43_sitesblogs\":\"Blogs\\\/sites\",\"p44_radio\":\"R\\u00e1dio\",\"p44_jornaisimpressosdegrandecirculacao\":\"Jornais impressos de grande circula\\u00e7\\u00e3o\",\"p44_redessociais\":\"Redes sociais (Facebook, YouTube, Instagram etc.)\",\"p44_sitesblogs\":\"Sites ou Blogs\",\"p39_publico\":\"JUVENTUDE NEGRA PERIF\\u00c9RICA\",\"p45_bandeira\":\"CONTROLE-SOCIAL FORMULA\\u00c7\\u00c3O EXECU\\u00c7\\u00c3O AVALIA\\u00c7\\u00c3O POL\\u00cdTICAS P\\u00daBLICAS JUVENTUDE QUALIFICA\\u00c7\\u00c3O POLITICA ENTIDADES JUVENIL MOBILIZA\\u00c7\\u00c3O SOCIEDADE-CIVIL INTERLOCU\\u00c7\\u00c3O PODER P\\u00daBLICO\",\"p46_hashtags\":\"#JUVENTUDESCONTRAAVIOLENCIA #JUVENTUDENEGRAVIVA #OKUPA\"},{\"p1_eixo\":\"Cultura\",\"p9_tipoorganizacao\":\"ONG\",\"p12_uf\":\"MG\",\"p13_cidade\":\"BARBACENA\",\"p16_cidade\":\"Cidade\",\"p17_ano\":\"1993\",\"p16_estado\":\"Estado\",\"p18_difusaoartistica\":\"Difus\\u00e3o Art\\u00edstica\",\"p18_direitoshumanos\":\"Direitos humanos\",\"p18_educacao\":\"Educa\\u00e7\\u00e3o\",\"p18_lgbtqi\":\"LGBTQI\",\"p18_lutaantirracismo\":\"Luta antirracismo\",\"p18_povosecomunidadestradicionais\":\"Povos e comunidades tradicionais\",\"p18_trabalho\":\"Trabalho\",\"p18_religiao\":\"Religi\\u00e3o\",\"p18_saude\":\"Sa\\u00fade\",\"p18_violencia\":\"Viol\\u00eancia\",\"p18_politicasculturais\":\"Pol\\u00edticas Culturais\",\"p19_direitoshumanos\":\"Direitos humanos\",\"p19_lgbtqi\":\"LGBTQI\",\"p19_lutaantirracismo\":\"Luta antirracismo\",\"p19_povosecomunidadestradicionais\":\"Povos e comunidades tradicionais\",\"p19_saude\":\"Sa\\u00fade\",\"p20_reunioes\":\"Reuni\\u00f5es\",\"p20_atendimento\":\"Atendimento\",\"p20_oficinas\":\"Oficinas\",\"p20_oficinasaulasartisticas\":\"Ensaios\\\/Oficinas\\\/Aulas art\\u00edsticas\",\"p20_cursos\":\"Cursos\",\"p20_formacao\":\"Forma\\u00e7\\u00e3o\",\"p20_profissionalizacao\":\"Profissionaliza\\u00e7\\u00e3o\",\"p20_apresentacoesartisticas\":\"Apresenta\\u00e7\\u00f5es art\\u00edsticas\",\"p20_visitasexcursoes\":\"Visitas\\\/Excurs\\u00f5es\",\"p21_intoleranciareligiosa\":\"Fundamentalismo\\\/intoler\\u00e2ncia religiosa\",\"p21_machismo\":\"Machismo\",\"p21_racismo\":\"Racismo\",\"p21_lgbtqifobia\":\"LGBTIfobia\",\"p22_numerodeparticipantes\":\"30 - 45\",\"p23_reunioes\":\"Reuni\\u00f5es\",\"p23_oficinas\":\"Oficinas\",\"p23_oficinasaulasartisticas\":\"Ensaio\\\/Oficinas\\\/Aulas Art\\u00edsticas\",\"p23_cursos\":\"Cursos\",\"p23_formacao\":\"Forma\\u00e7\\u00e3o\",\"p23_profissionalizacao\":\"Profissionaliza\\u00e7\\u00e3o\",\"p23_apresentacoesartisticas\":\"Apresenta\\u00e7\\u00f5es Art\\u00edsticas\",\"p24_reunioes\":\"Reuni\\u00f5es\",\"p24_atendimento\":\"Atendimentos\",\"p24_visitasexcursoes\":\"Visitas\\\/Excurs\\u00f5es\",\"p25_numerodepessoas\":\"20 - 40\",\"p26_numerodepessoas\":\"1 - 20\",\"p27_espacopublico\":\"Espa\\u00e7o p\\u00fablico\",\"p27_espacoemprestadocedido\":\"Espa\\u00e7o emprestado\\\/cedido\",\"p27_espacoproprio\":\"Espa\\u00e7o pr\\u00f3prio\",\"p28_territorios\":\"Regi\\u00e3o da Cidade\",\"p30_outrasorganizacoes\":\"Sim\",\"p32_campanhadelongaduracao\":\"Sim\",\"p34_estadual\":\"Estadual\",\"p34_nacional\":\"Nacional\",\"p36_conselhosdeparticipacaoecontrolesocial\":\"Sim\",\"p38_sim\":\"Sim\",\"p38_nenhum\":\"Nenhum\",\"p40_editais\":\"N\\u00e3o\",\"p41_publicoestatal\":\"P\\u00fablico-Estatal\",\"p41_autofinanciamento\":\"Autofinanciamento\",\"p42_meiodedivulgacaoproprio\":\"Sim\",\"p43_impressoes\":\"Impressos\",\"p43_email\":\"E-mail\",\"p43_facebook\":\"Facebook\",\"p43_whatsapp\":\"WhatsApp\",\"p43_sitesblogs\":\"Blogs\\\/sites\",\"p44_radio\":\"TV\",\"p44_jornaisimpressosdegrandecirculacao\":\"Jornais impressos de grande circula\\u00e7\\u00e3o\",\"p44_jornaisimpressosdebairro\":\"Jornais impressos de bairro\",\"p44_redessociais\":\"Redes sociais (Facebook, YouTube, Instagram etc.)\",\"p44_sitesblogs\":\"Sites ou Blogs\",\"p39_publico\":\"AFRODESCENDENTES IND\\u00cdGENAS QUILOMBOLAS\",\"p45_bandeira\":\"DEFESA DIREITOS QUILOMBOLAS PBQ IGUALDADE RACIAL LEIS 12288 10639 7716\",\"p46_hashtags\":\"#PROMOCAODAIGUALDADERACIAL\"},{\"p1_eixo\":\"Viol\\u00eancia\",\"p9_tipoorganizacao\":\"ONG\",\"p12_uf\":\"CE\",\"p13_cidade\":\"FORTALEZA\",\"p16_bairro\":\"Bairro\",\"p17_ano\":\"1989\",\"p16_estado\":\"Estado\",\"p18_comunicacao\":\"Comunica\\u00e7\\u00e3o\",\"p18_desenvolvimentoterritorial\":\"Desenvolvimento territorial\",\"p18_direitoshumanos\":\"Direitos humanos\",\"p18_educacao\":\"Educa\\u00e7\\u00e3o\",\"p18_feminismos\":\"Feminismos\",\"p18_lgbtqi\":\"LGBTQI\",\"p18_lutaantirracismo\":\"Luta antirracismo\",\"p18_mobilidade\":\"Mobilidade\",\"p18_trabalho\":\"Trabalho\",\"p18_saude\":\"Sa\\u00fade\",\"p18_violencia\":\"Viol\\u00eancia\",\"p18_politicasculturais\":\"Pol\\u00edticas Culturais\",\"p19_desenvolvimentoterritorial\":\"Desenvolvimento territorial\",\"p19_direitoshumanos\":\"Direitos humanos\",\"p19_educacao\":\"Educa\\u00e7\\u00e3o\",\"p19_lgbtqi\":\"LGBTQI\",\"p19_lutaantirracismo\":\"Luta antirracismo\",\"p19_saude\":\"Sa\\u00fade\",\"p20_reunioes\":\"Reuni\\u00f5es\",\"p20_atendimento\":\"Atendimento\",\"p20_oficinas\":\"Oficinas\",\"p20_oficinasaulasartisticas\":\"Ensaios\\\/Oficinas\\\/Aulas art\\u00edsticas\",\"p20_cursos\":\"Cursos\",\"p20_formacao\":\"Forma\\u00e7\\u00e3o\",\"p20_profissionalizacao\":\"Profissionaliza\\u00e7\\u00e3o\",\"p20_apresentacoesartisticas\":\"Apresenta\\u00e7\\u00f5es art\\u00edsticas\",\"p20_visitasexcursoes\":\"Visitas\\\/Excurs\\u00f5es\",\"p21_intoleranciareligiosa\":\"Fundamentalismo\\\/intoler\\u00e2ncia religiosa\",\"p21_machismo\":\"Machismo\",\"p21_racismo\":\"Racismo\",\"p21_lgbtqifobia\":\"LGBTIfobia\",\"p22_numerodeparticipantes\":\"Mais de 90\",\"p23_reunioes\":\"Reuni\\u00f5es\",\"p23_atendimento\":\"Atendimento\",\"p23_oficinas\":\"Oficinas\",\"p23_oficinasaulasartisticas\":\"Ensaio\\\/Oficinas\\\/Aulas Art\\u00edsticas\",\"p23_cursos\":\"Cursos\",\"p23_formacao\":\"Forma\\u00e7\\u00e3o\",\"p23_profissionalizacao\":\"Profissionaliza\\u00e7\\u00e3o\",\"p23_apresentacoesartisticas\":\"Apresenta\\u00e7\\u00f5es Art\\u00edsticas\",\"p23_visitas\":\"Visitas\",\"p24_reunioes\":\"Reuni\\u00f5es\",\"p24_atendimento\":\"Atendimentos\",\"p24_curso\":\"Curso\",\"p24_apresentacoesartisticas\":\"Apresenta\\u00e7\\u00f5es art\\u00edsticas\",\"p24_visitasexcursoes\":\"Visitas\\\/Excurs\\u00f5es\",\"p25_numerodepessoas\":\"1 - 20\",\"p26_numerodepessoas\":\"1 - 20\",\"p27_espacopublico\":\"Espa\\u00e7o p\\u00fablico\",\"p27_espacoemprestadocedido\":\"Espa\\u00e7o emprestado\\\/cedido\",\"p27_espacoproprio\":\"Espa\\u00e7o pr\\u00f3prio\",\"p28_territorios\":\"Cidade\",\"p30_outrasorganizacoes\":\"Sim\",\"p32_campanhadelongaduracao\":\"N\\u00e3o\",\"p34_estadual\":\"Estadual\",\"p34_nacional\":\"Nacional\",\"p34_nenhuma\":\"Nenhuma\",\"p36_conselhosdeparticipacaoecontrolesocial\":\"Sim\",\"p38_nenhum\":\"Nenhum\",\"p40_editais\":\"Sim\",\"p41_publicoestatal\":\"P\\u00fablico-Estatal\",\"p41_financiamentocoletivo0\":\"Financiamento coletivo\",\"p42_meiodedivulgacaoproprio\":\"Sim\",\"p43_impressoes\":\"Impressos\",\"p43_email\":\"E-mail\",\"p43_facebook\":\"Facebook\",\"p43_whatsapp\":\"WhatsApp\",\"p43_instagram\":\"Instagram\",\"p43_sitesblogs\":\"Blogs\\\/sites\",\"p44_radio\":\"TV\",\"p44_jornaisimpressosdegrandecirculacao\":\"Jornais impressos de grande circula\\u00e7\\u00e3o\",\"p44_jornaisimpressosdebairro\":\"Jornais impressos de bairro\",\"p44_redessociais\":\"Redes sociais (Facebook, YouTube, Instagram etc.)\",\"p44_sitesblogs\":\"Sites ou Blogs\",\"p39_publico\":\"LGBTI AIDS FAMILIARES\",\"p45_bandeira\":\"LUTAS SOCIAIS CONTRALGBTFOBIA AIDS\",\"p46_hashtags\":\"#DIREITOSLGBTI #LIVREORIENTACAOSEXUAL #LIVREIDENTIDADESDEGENERO\"},{\"p1_eixo\":\"Cultura\",\"p9_tipoorganizacao\":\"Coletivo\",\"p12_uf\":\"RJ\",\"p13_cidade\":\"S\\u00c3O GON\\u00c7ALO\",\"p16_bairro\":\"Bairro\",\"p16_cidade\":\"Cidade\",\"p17_ano\":\"2015\",\"p18_comunicacao\":\"Comunica\\u00e7\\u00e3o\",\"p18_desenvolvimentoterritorial\":\"Desenvolvimento territorial\",\"p18_direitoshumanos\":\"Direitos humanos\",\"p18_educacao\":\"Educa\\u00e7\\u00e3o\",\"p18_feminismos\":\"Feminismos\",\"p18_lgbtqi\":\"LGBTQI\",\"p18_lutaantirracismo\":\"Luta antirracismo\",\"p18_mobilidade\":\"Mobilidade\",\"p18_povosecomunidadestradicionais\":\"Povos e comunidades tradicionais\",\"p18_religiao\":\"Religi\\u00e3o\",\"p18_saude\":\"Sa\\u00fade\",\"p18_violencia\":\"Viol\\u00eancia\",\"p18_politicasculturais\":\"Pol\\u00edticas Culturais\",\"p19_comunicacao\":\"Comunica\\u00e7\\u00e3o\",\"p19_desenvolvimentoterritorial\":\"Desenvolvimento territorial\",\"p19_direitoshumanos\":\"Direitos humanos\",\"p19_educacao\":\"Educa\\u00e7\\u00e3o\",\"p19_lutaantirracismo\":\"Luta antirracismo\",\"p20_reunioes\":\"Reuni\\u00f5es\",\"p20_atendimento\":\"Atendimento\",\"p20_oficinas\":\"Oficinas\",\"p20_formacao\":\"Forma\\u00e7\\u00e3o\",\"p20_apresentacoesartisticas\":\"Apresenta\\u00e7\\u00f5es art\\u00edsticas\",\"p20_visitasexcursoes\":\"Visitas\\\/Excurs\\u00f5es\",\"p21_racismo\":\"Racismo\",\"p21_enfrentamentocomgruposprivadosarmados\":\"Enfrentamento com grupos privados armados\",\"p22_numerodeparticipantes\":\"1  - 15\",\"p23_reunioes\":\"Reuni\\u00f5es\",\"p23_atendimento\":\"Atendimento\",\"p23_formacao\":\"Forma\\u00e7\\u00e3o\",\"p23_apresentacoesartisticas\":\"Apresenta\\u00e7\\u00f5es Art\\u00edsticas\",\"p23_visitas\":\"Visitas\",\"p24_reunioes\":\"Reuni\\u00f5es\",\"p24_atendimento\":\"Atendimentos\",\"p24_curso\":\"Curso\",\"p24_apresentacoesartisticas\":\"Apresenta\\u00e7\\u00f5es art\\u00edsticas\",\"p24_visitasexcursoes\":\"Visitas\\\/Excurs\\u00f5es\",\"p25_numerodepessoas\":\"60 - 80\",\"p26_numerodepessoas\":\"80 - 100\",\"p27_espacopublico\":\"Espa\\u00e7o p\\u00fablico\",\"p27_espacoemprestadocedido\":\"Espa\\u00e7o emprestado\\\/cedido\",\"p28_territorios\":\"Pr\\u00f3prio bairro\",\"p30_outrasorganizacoes\":\"Sim\",\"p32_campanhadelongaduracao\":\"N\\u00e3o\",\"p34_estadual\":\"Estadual\",\"p34_nacional\":\"Nacional\",\"p34_nenhuma\":\"Nenhuma\",\"p36_conselhosdeparticipacaoecontrolesocial\":\"N\\u00e3o\",\"p38_sim\":\"Sim\",\"p38_nenhum\":\"Nenhum\",\"p40_editais\":\"Sim\",\"p41_autofinanciamento\":\"Autofinanciamento\",\"p41_financiamentocoletivo0\":\"Financiamento coletivo\",\"p42_meiodedivulgacaoproprio\":\"Sim\",\"p43_impressoes\":\"Impressos\",\"p43_email\":\"E-mail\",\"p43_facebook\":\"Facebook\",\"p43_whatsapp\":\"WhatsApp\",\"p43_instagram\":\"Instagram\",\"p43_radio\":\"R\\u00e1dio\",\"p44_radio\":\"R\\u00e1dio\",\"p44_jornaisimpressosdegrandecirculacao\":\"Jornais impressos de grande circula\\u00e7\\u00e3o\",\"p44_jornaisimpressosdebairro\":\"Jornais impressos de bairro\",\"p44_redessociais\":\"Redes sociais (Facebook, YouTube, Instagram etc.)\",\"p39_publico\":\"JOVENS ADOLESCENTES MORADORES CATARINA\",\"p45_bandeira\":\"RACISMO POL\\u00cdTICAS P\\u00daBLICAS DESIGUALDADE SOCIAL\",\"p46_hashtags\":\"#EDUCACAO #DESIGUALDADESOCIAL #JARDIMCATARINAENOSPORNOS\"},{\"p1_eixo\":\"Cultura\",\"p9_tipoorganizacao\":\"Movimento Social\",\"p12_uf\":\"RN\",\"p13_cidade\":\"CEAR\\u00c1-MIRIM\",\"p16_cidade\":\"Cidade\",\"p16_internacional\":\"Internacional\",\"p17_ano\":\"2018\",\"p18_agrario\":\"Agr\\u00e1rio\\\/ruralidades\",\"p18_comunicacao\":\"Comunica\\u00e7\\u00e3o\",\"p18_difusaoartistica\":\"Difus\\u00e3o Art\\u00edstica\",\"p18_desenvolvimentoterritorial\":\"Desenvolvimento territorial\",\"p18_direitoshumanos\":\"Direitos humanos\",\"p18_educacao\":\"Educa\\u00e7\\u00e3o\",\"p18_feminismos\":\"Feminismos\",\"p18_lgbtqi\":\"LGBTQI\",\"p18_lutaantirracismo\":\"Luta antirracismo\",\"p18_povosecomunidadestradicionais\":\"Povos e comunidades tradicionais\",\"p18_trabalho\":\"Trabalho\",\"p18_religiao\":\"Religi\\u00e3o\",\"p18_violencia\":\"Viol\\u00eancia\",\"p18_politicasculturais\":\"Pol\\u00edticas Culturais\",\"p19_comunicacao\":\"Comunica\\u00e7\\u00e3o\",\"p19_desenvolvimentoterritorial\":\"Desenvolvimento territorial\",\"p19_direitoshumanos\":\"Direitos humanos\",\"p19_educacao\":\"Educa\\u00e7\\u00e3o\",\"p19_lutaantirracismo\":\"Luta antirracismo\",\"p19_violencia\":\"Viol\\u00eancia\",\"p20_reunioes\":\"Reuni\\u00f5es\",\"p20_oficinas\":\"Oficinas\",\"p20_formacao\":\"Forma\\u00e7\\u00e3o\",\"p20_apresentacoesartisticas\":\"Apresenta\\u00e7\\u00f5es art\\u00edsticas\",\"p21_racismo\":\"Racismo\",\"p21_enfrentamentocomgruposprivadosarmados\":\"Enfrentamento com grupos privados armados\",\"p22_numerodeparticipantes\":\"1  - 15\",\"p23_reunioes\":\"Reuni\\u00f5es\",\"p23_formacao\":\"Forma\\u00e7\\u00e3o\",\"p23_outros\":\"Outros\",\"p24_reunioes\":\"Reuni\\u00f5es\",\"p24_oficinas\":\"Oficinas\",\"p24_oficinasaulasartisticas\":\"Ensaios\\\/Oficinas\\\/Aulas art\\u00edsticas\",\"p24_curso\":\"Curso\",\"p25_numerodepessoas\":\"80 - 100\",\"p26_numerodepessoas\":\"80 - 100\",\"p27_espacoemprestadocedido\":\"Espa\\u00e7o emprestado\\\/cedido\",\"p27_espacoproprio\":\"Espa\\u00e7o pr\\u00f3prio\",\"p28_territorios\":\"Cidade\",\"p30_outrasorganizacoes\":\"Sim\",\"p32_campanhadelongaduracao\":\"Sim\",\"p34_estadual\":\"Estadual\",\"p34_nacional\":\"Nacional\",\"p34_nenhuma\":\"Nenhuma\",\"p36_conselhosdeparticipacaoecontrolesocial\":\"Sim\",\"p38_sim\":\"Sim\",\"p38_nenhum\":\"Nenhum\",\"p40_editais\":\"N\\u00e3o\",\"p41_autofinanciamento\":\"Autofinanciamento\",\"p42_meiodedivulgacaoproprio\":\"Sim\",\"p43_email\":\"E-mail\",\"p43_facebook\":\"Facebook\",\"p43_whatsapp\":\"WhatsApp\",\"p43_instagram\":\"Instagram\",\"p43_radio\":\"R\\u00e1dio\",\"p44_radio\":\"TV\",\"p44_jornaisimpressosdegrandecirculacao\":\"Jornais impressos de grande circula\\u00e7\\u00e3o\",\"p44_jornaisimpressosdebairro\":\"Jornais impressos de bairro\",\"p44_redessociais\":\"Redes sociais (Facebook, YouTube, Instagram etc.)\",\"p44_sitesblogs\":\"Sites ou Blogs\",\"p39_publico\":\"COMUNIDADE ESCOLAR\",\"p45_bandeira\":\"DIREITOS ESTUDANTIS LUTA ANTIRRACISMO ANTI-LGBTFOBIA ANTI-MACHISMO DIREITOS HUMANOS ANTI-INTOLER\\u00c2NCIA RELIGIOSA\",\"p46_hashtags\":\"#EDUCACAO #RESISTENCIA #DEMOCRACIA\"},{\"p1_eixo\":\"Cultura\",\"p9_tipoorganizacao\":\"Coletivo Art\\u00edstico\",\"p12_uf\":\"MS\",\"p13_cidade\":\"DOURADOS\",\"p16_cidade\":\"Cidade\",\"p16_internacional\":\"Internacional\",\"p17_ano\":\"2009\",\"p18_agrario\":\"Agr\\u00e1rio\\\/ruralidades\",\"p18_comunicacao\":\"Comunica\\u00e7\\u00e3o\",\"p18_difusaoartistica\":\"Difus\\u00e3o Art\\u00edstica\",\"p18_desenvolvimentoterritorial\":\"Desenvolvimento territorial\",\"p18_direitoshumanos\":\"Direitos humanos\",\"p18_educacao\":\"Educa\\u00e7\\u00e3o\",\"p18_feminismos\":\"Feminismos\",\"p18_lutaantirracismo\":\"Luta antirracismo\",\"p18_mobilidade\":\"Mobilidade\",\"p18_povosecomunidadestradicionais\":\"Povos e comunidades tradicionais\",\"p18_trabalho\":\"Trabalho\",\"p18_violencia\":\"Viol\\u00eancia\",\"p18_politicasculturais\":\"Pol\\u00edticas Culturais\",\"p19_desenvolvimentoterritorial\":\"Desenvolvimento territorial\",\"p19_educacao\":\"Educa\\u00e7\\u00e3o\",\"p19_lutaantirracismo\":\"Luta antirracismo\",\"p19_mobilidade\":\"Mobilidade\",\"p19_violencia\":\"Viol\\u00eancia\",\"p19_politicasculturais\":\"Pol\\u00edticas Culturais\",\"p20_oficinas\":\"Oficinas\",\"p20_oficinasaulasartisticas\":\"Ensaios\\\/Oficinas\\\/Aulas art\\u00edsticas\",\"p20_formacao\":\"Forma\\u00e7\\u00e3o\",\"p21_racismo\":\"Racismo\",\"p21_enfrentamentocomgruposprivadosarmados\":\"Enfrentamento com grupos privados armados\",\"p21_nenhum\":\"Nenhum\",\"p22_numerodeparticipantes\":\"1  - 15\",\"p23_oficinasaulasartisticas\":\"Ensaio\\\/Oficinas\\\/Aulas Art\\u00edsticas\",\"p23_outros\":\"Outros\",\"p24_oficinas\":\"Oficinas\",\"p24_oficinasaulasartisticas\":\"Ensaios\\\/Oficinas\\\/Aulas art\\u00edsticas\",\"p24_curso\":\"Curso\",\"p24_apresentacoesartisticas\":\"Apresenta\\u00e7\\u00f5es art\\u00edsticas\",\"p25_numerodepessoas\":\"1 - 20\",\"p26_numerodepessoas\":\"1 - 20\",\"p27_espacopublico\":\"Espa\\u00e7o p\\u00fablico\",\"p27_espacoproprio\":\"Espa\\u00e7o pr\\u00f3prio\",\"p28_territorios\":\"Regi\\u00e3o da Cidade\",\"p30_outrasorganizacoes\":\"Sim\",\"p32_campanhadelongaduracao\":\"Sim\",\"p34_municipal\":\"Municipal\",\"p34_nenhuma\":\"Nenhuma\",\"p36_conselhosdeparticipacaoecontrolesocial\":\"Sim\",\"p38_nenhum\":\"Nenhum\",\"p40_editais\":\"Sim\",\"p41_publicoestatal\":\"P\\u00fablico-Estatal\",\"p41_autofinanciamento\":\"Autofinanciamento\",\"p41_financiamentocoletivo0\":\"Financiamento coletivo\",\"p42_meiodedivulgacaoproprio\":\"Sim\",\"p43_facebook\":\"Facebook\",\"p43_instagram\":\"Instagram\",\"p44_radio\":\"TV\",\"p44_jornaisimpressosdegrandecirculacao\":\"Jornais impressos de grande circula\\u00e7\\u00e3o\",\"p44_jornaisimpressosdebairro\":\"Jornais impressos de bairro\",\"p44_redessociais\":\"Redes sociais (Facebook, YouTube, Instagram etc.)\",\"p44_sitesblogs\":\"Sites ou Blogs\",\"p39_publico\":\"JOVENS IND\\u00cdGENAS\",\"p45_bandeira\":\"LUTA TERRIT\\u00d3RIO COMBATE RACISMO  CONTRA POVOS IND\\u00cdGENAS CONSCIENTIZA\\u00c7\\u00c3O SOCIEDADE IND\\u00cdGENAS\",\"p46_hashtags\":\"#RAPCOMOINSTRUMENTODELUTA #ARESISTENCIADOSPOVOSINDIGENAS #AVOZDASALDEIAS\"},{\"p1_eixo\":\"Cultura\",\"p9_tipoorganizacao\":\"Coletivo\",\"p12_uf\":\"GO\",\"p13_cidade\":\"LUZI\\u00c2NIA\",\"p16_cidade\":\"Cidade\",\"p17_ano\":\"2016\",\"p16_estado\":\"Estado\",\"p18_comunicacao\":\"Comunica\\u00e7\\u00e3o\",\"p18_difusaoartistica\":\"Difus\\u00e3o Art\\u00edstica\",\"p18_direitoshumanos\":\"Direitos humanos\",\"p18_educacao\":\"Educa\\u00e7\\u00e3o\",\"p18_feminismos\":\"Feminismos\",\"p18_lgbtqi\":\"LGBTQI\",\"p18_lutaantirracismo\":\"Luta antirracismo\",\"p18_mobilidade\":\"Mobilidade\",\"p18_povosecomunidadestradicionais\":\"Povos e comunidades tradicionais\",\"p18_trabalho\":\"Trabalho\",\"p18_violencia\":\"Viol\\u00eancia\",\"p18_politicasculturais\":\"Pol\\u00edticas Culturais\",\"p19_direitoshumanos\":\"Direitos humanos\",\"p19_educacao\":\"Educa\\u00e7\\u00e3o\",\"p19_feminismos\":\"Feminismos\",\"p19_mobilidade\":\"Mobilidade\",\"p19_violencia\":\"Viol\\u00eancia\",\"p19_politicasculturais\":\"Pol\\u00edticas Culturais\",\"p20_reunioes\":\"Reuni\\u00f5es\",\"p20_atendimento\":\"Atendimento\",\"p20_oficinas\":\"Oficinas\",\"p20_oficinasaulasartisticas\":\"Ensaios\\\/Oficinas\\\/Aulas art\\u00edsticas\",\"p20_cursos\":\"Cursos\",\"p20_formacao\":\"Forma\\u00e7\\u00e3o\",\"p21_machismo\":\"Machismo\",\"p21_nenhum\":\"Nenhum\",\"p22_numerodeparticipantes\":\"1  - 15\",\"p23_reunioes\":\"Reuni\\u00f5es\",\"p23_atendimento\":\"Atendimento\",\"p23_oficinas\":\"Oficinas\",\"p23_oficinasaulasartisticas\":\"Ensaio\\\/Oficinas\\\/Aulas Art\\u00edsticas\",\"p23_formacao\":\"Forma\\u00e7\\u00e3o\",\"p24_oficinas\":\"Oficinas\",\"p24_curso\":\"Curso\",\"p24_formacao\":\"Forma\\u00e7\\u00e3o\",\"p24_profissionalizacao\":\"Profissionaliza\\u00e7\\u00e3o\",\"p24_apresentacoesartisticas\":\"Apresenta\\u00e7\\u00f5es art\\u00edsticas\",\"p24_outros\":\"Outros\",\"p25_numerodepessoas\":\"40 - 60\",\"p26_numerodepessoas\":\"60 - 80\",\"p27_espacopublico\":\"Espa\\u00e7o p\\u00fablico\",\"p27_espacoemprestadocedido\":\"Espa\\u00e7o emprestado\\\/cedido\",\"p27_espacoproprio\":\"Espa\\u00e7o pr\\u00f3prio\",\"p27_ocupacao\":\"Ocupa\\u00e7\\u00e3o\",\"p28_territorios\":\"Regi\\u00e3o da Cidade\",\"p30_outrasorganizacoes\":\"N\\u00e3o\",\"p32_campanhadelongaduracao\":\"N\\u00e3o\",\"p34_municipal\":\"Municipal\",\"p34_nenhuma\":\"Nenhuma\",\"p36_conselhosdeparticipacaoecontrolesocial\":\"N\\u00e3o\",\"p38_nenhum\":\"Nenhum\",\"p40_editais\":\"Sim\",\"p41_publicoestatal\":\"P\\u00fablico-Estatal\",\"p41_autofinanciamento\":\"Autofinanciamento\",\"p41_financiamentocoletivo0\":\"Financiamento coletivo\",\"p42_meiodedivulgacaoproprio\":\"Sim\",\"p43_email\":\"E-mail\",\"p43_facebook\":\"Facebook\",\"p43_whatsapp\":\"WhatsApp\",\"p43_instagram\":\"Instagram\",\"p44_radio\":\"TV\",\"p44_jornaisimpressosdegrandecirculacao\":\"Jornais impressos de grande circula\\u00e7\\u00e3o\",\"p44_redessociais\":\"Redes sociais (Facebook, YouTube, Instagram etc.)\",\"p44_sitesblogs\":\"Sites ou Blogs\",\"p39_publico\":\"JUVENTUDE PERIF\\u00c9RICA VULNERABILIDADE\",\"p45_bandeira\":\"CULTURA IGUALDADE CONQUISTADA CULTURA HIPHOP\",\"p46_hashtags\":\"#GRAFITTIARTE #HIPHOPSALVA #CULTURAEIMPORTANTE\"},{\"p1_eixo\":\"Viol\\u00eancia\",\"p9_tipoorganizacao\":\"Coletivo\",\"p12_uf\":\"SP\",\"p13_cidade\":\"S\\u00c3O PAULO\",\"p16_bairro\":\"Bairro\",\"p17_ano\":\"2014\",\"p16_estado\":\"Estado\",\"p18_difusaoartistica\":\"Difus\\u00e3o Art\\u00edstica\",\"p18_direitoshumanos\":\"Direitos humanos\",\"p18_educacao\":\"Educa\\u00e7\\u00e3o\",\"p18_feminismos\":\"Feminismos\",\"p18_lgbtqi\":\"LGBTQI\",\"p18_lutaantirracismo\":\"Luta antirracismo\",\"p18_povosecomunidadestradicionais\":\"Povos e comunidades tradicionais\",\"p18_trabalho\":\"Trabalho\",\"p18_religiao\":\"Religi\\u00e3o\",\"p18_saude\":\"Sa\\u00fade\",\"p18_violencia\":\"Viol\\u00eancia\",\"p18_politicasculturais\":\"Pol\\u00edticas Culturais\",\"p19_direitoshumanos\":\"Direitos humanos\",\"p19_feminismos\":\"Feminismos\",\"p19_religiao\":\"Religi\\u00e3o\",\"p19_saude\":\"Sa\\u00fade\",\"p19_violencia\":\"Viol\\u00eancia\",\"p19_politicasculturais\":\"Pol\\u00edticas Culturais\",\"p20_reunioes\":\"Reuni\\u00f5es\",\"p20_atendimento\":\"Atendimento\",\"p20_oficinas\":\"Oficinas\",\"p20_oficinasaulasartisticas\":\"Ensaios\\\/Oficinas\\\/Aulas art\\u00edsticas\",\"p20_cursos\":\"Cursos\",\"p20_formacao\":\"Forma\\u00e7\\u00e3o\",\"p20_apresentacoesartisticas\":\"Apresenta\\u00e7\\u00f5es art\\u00edsticas\",\"p21_machismo\":\"Machismo\",\"p21_nenhum\":\"Nenhum\",\"p22_numerodeparticipantes\":\"1  - 15\",\"p23_reunioes\":\"Reuni\\u00f5es\",\"p23_atendimento\":\"Atendimento\",\"p23_oficinas\":\"Oficinas\",\"p23_formacao\":\"Forma\\u00e7\\u00e3o\",\"p23_apresentacoesartisticas\":\"Apresenta\\u00e7\\u00f5es Art\\u00edsticas\",\"p23_excursoes\":\"Excurs\\u00f5es\",\"p23_outros\":\"Outros\",\"p24_reunioes\":\"Reuni\\u00f5es\",\"p24_atendimento\":\"Atendimentos\",\"p24_oficinas\":\"Oficinas\",\"p24_curso\":\"Curso\",\"p24_formacao\":\"Forma\\u00e7\\u00e3o\",\"p24_profissionalizacao\":\"Profissionaliza\\u00e7\\u00e3o\",\"p24_apresentacoesartisticas\":\"Apresenta\\u00e7\\u00f5es art\\u00edsticas\",\"p24_outros\":\"Outros\",\"p25_numerodepessoas\":\"20 - 40\",\"p26_numerodepessoas\":\"20 - 40\",\"p27_espacopublico\":\"Espa\\u00e7o p\\u00fablico\",\"p27_espacoemprestadocedido\":\"Espa\\u00e7o emprestado\\\/cedido\",\"p27_espacoproprio\":\"Espa\\u00e7o pr\\u00f3prio\",\"p27_ocupacao\":\"Ocupa\\u00e7\\u00e3o\",\"p28_territorios\":\"Estado\",\"p30_outrasorganizacoes\":\"Sim\",\"p32_campanhadelongaduracao\":\"Sim\",\"p34_nenhuma\":\"Nenhuma\",\"p36_conselhosdeparticipacaoecontrolesocial\":\"N\\u00e3o\",\"p38_nenhum\":\"Nenhum\",\"p40_editais\":\"N\\u00e3o\",\"p41_autofinanciamento\":\"Autofinanciamento\",\"p41_financiamentocoletivo0\":\"Financiamento coletivo\",\"p42_meiodedivulgacaoproprio\":\"Sim\",\"p43_email\":\"E-mail\",\"p43_facebook\":\"Facebook\",\"p43_whatsapp\":\"WhatsApp\",\"p43_instagram\":\"Instagram\",\"p44_redessociais\":\"Redes sociais (Facebook, YouTube, Instagram etc.)\",\"p39_publico\":\"MULHERES LGBTQI MULHERES BAIXA-RENDA  MILITANTES DIREITOS HUMANOS JUVENTUDE ESCOLAS PERIFERIA\",\"p45_bandeira\":\"PROPICIAR FERRAMENTAS AUTONOMIA GESTAO CONFLITOS OBSERVA\\u00c7\\u00c3O VIOL\\u00caNCIAS ESTRUTURAIS EXISTENTES\",\"p46_hashtags\":\"#JUSTICARESTAURATIVA #JUSTICACOMUNITARIA #DESABOTOAR\"},{\"p1_eixo\":\"Cultura\",\"p9_tipoorganizacao\":\"Associa\\u00e7\\u00e3o\",\"p12_uf\":\"RJ\",\"p13_cidade\":\"ITABORA\\u00cd\",\"p16_bairro\":\"Bairro\",\"p17_ano\":\"1993\",\"p16_estado\":\"Estado\",\"p18_difusaoartistica\":\"Difus\\u00e3o Art\\u00edstica\",\"p18_direitoshumanos\":\"Direitos humanos\",\"p18_educacao\":\"Educa\\u00e7\\u00e3o\",\"p18_feminismos\":\"Feminismos\",\"p18_lgbtqi\":\"LGBTQI\",\"p18_lutaantirracismo\":\"Luta antirracismo\",\"p18_povosecomunidadestradicionais\":\"Povos e comunidades tradicionais\",\"p18_religiao\":\"Religi\\u00e3o\",\"p18_saude\":\"Sa\\u00fade\",\"p18_violencia\":\"Viol\\u00eancia\",\"p18_politicasculturais\":\"Pol\\u00edticas Culturais\",\"p19_educacao\":\"Educa\\u00e7\\u00e3o\",\"p19_lutaantirracismo\":\"Luta antirracismo\",\"p19_religiao\":\"Religi\\u00e3o\",\"p19_saude\":\"Sa\\u00fade\",\"p19_violencia\":\"Viol\\u00eancia\",\"p19_politicasculturais\":\"Pol\\u00edticas Culturais\",\"p20_reunioes\":\"Reuni\\u00f5es\",\"p20_atendimento\":\"Atendimento\",\"p20_oficinas\":\"Oficinas\",\"p20_oficinasaulasartisticas\":\"Ensaios\\\/Oficinas\\\/Aulas art\\u00edsticas\",\"p20_formacao\":\"Forma\\u00e7\\u00e3o\",\"p20_apresentacoesartisticas\":\"Apresenta\\u00e7\\u00f5es art\\u00edsticas\",\"p20_visitasexcursoes\":\"Visitas\\\/Excurs\\u00f5es\",\"p21_repressaopolicial\":\"Repress\\u00e3o policial\",\"p21_intoleranciareligiosa\":\"Fundamentalismo\\\/intoler\\u00e2ncia religiosa\",\"p21_racismo\":\"Racismo\",\"p21_nenhum\":\"Nenhum\",\"p22_numerodeparticipantes\":\"Mais de 90\",\"p23_reunioes\":\"Reuni\\u00f5es\",\"p23_atendimento\":\"Atendimento\",\"p23_oficinas\":\"Oficinas\",\"p23_apresentacoesartisticas\":\"Apresenta\\u00e7\\u00f5es Art\\u00edsticas\",\"p23_excursoes\":\"Excurs\\u00f5es\",\"p23_outros\":\"Outros\",\"p24_reunioes\":\"Reuni\\u00f5es\",\"p24_atendimento\":\"Atendimentos\",\"p24_formacao\":\"Forma\\u00e7\\u00e3o\",\"p24_apresentacoesartisticas\":\"Apresenta\\u00e7\\u00f5es art\\u00edsticas\",\"p24_visitasexcursoes\":\"Visitas\\\/Excurs\\u00f5es\",\"p24_outros\":\"Outros\",\"p25_numerodepessoas\":\"40 - 60\",\"p26_numerodepessoas\":\"80 - 100\",\"p27_espacopublico\":\"Espa\\u00e7o p\\u00fablico\",\"p27_espacoemprestadocedido\":\"Espa\\u00e7o emprestado\\\/cedido\",\"p27_espacoproprio\":\"Espa\\u00e7o pr\\u00f3prio\",\"p28_territorios\":\"Pr\\u00f3prio bairro\",\"p30_outrasorganizacoes\":\"N\\u00e3o\",\"p32_campanhadelongaduracao\":\"Sim\",\"p34_estadual\":\"Estadual\",\"p34_nenhuma\":\"Nenhuma\",\"p36_conselhosdeparticipacaoecontrolesocial\":\"Sim\",\"p38_sim\":\"Sim\",\"p38_nenhum\":\"Nenhum\",\"p40_editais\":\"Sim\",\"p41_autofinanciamento\":\"Autofinanciamento\",\"p42_meiodedivulgacaoproprio\":\"Sim\",\"p43_facebook\":\"Facebook\",\"p43_whatsapp\":\"WhatsApp\",\"p43_instagram\":\"Instagram\",\"p44_jornaisimpressosdebairro\":\"Jornais impressos de bairro\",\"p44_redessociais\":\"Redes sociais (Facebook, YouTube, Instagram etc.)\",\"p44_sitesblogs\":\"Sites ou Blogs\",\"p39_publico\":\"POVO TERREIRO\",\"p45_bandeira\":\"INTEGRA\\u00c7\\u00c3O SOCIAL QUALIDADE VIDA COMBATE  RELIGIOSA\",\"p46_hashtags\":\"#POVODETERREIRO #POVOBANTU #COMBATEAINTOLERANCIARELIGIOSA\"},{\"p1_eixo\":\"Viol\\u00eancia\",\"p9_tipoorganizacao\":\"Associa\\u00e7\\u00e3o\",\"p12_uf\":\"BA\",\"p13_cidade\":\"LAURO DE FREITAS\",\"p16_bairro\":\"Bairro\",\"p17_ano\":\"2001\",\"p16_estado\":\"Estado\",\"p18_difusaoartistica\":\"Difus\\u00e3o Art\\u00edstica\",\"p18_desenvolvimentoterritorial\":\"Desenvolvimento territorial\",\"p18_direitoshumanos\":\"Direitos humanos\",\"p18_educacao\":\"Educa\\u00e7\\u00e3o\",\"p18_feminismos\":\"Feminismos\",\"p18_lutaantirracismo\":\"Luta antirracismo\",\"p18_povosecomunidadestradicionais\":\"Povos e comunidades tradicionais\",\"p18_religiao\":\"Religi\\u00e3o\",\"p18_saude\":\"Sa\\u00fade\",\"p18_violencia\":\"Viol\\u00eancia\",\"p18_politicasculturais\":\"Pol\\u00edticas Culturais\",\"p19_direitoshumanos\":\"Direitos humanos\",\"p19_educacao\":\"Educa\\u00e7\\u00e3o\",\"p19_lutaantirracismo\":\"Luta antirracismo\",\"p19_violencia\":\"Viol\\u00eancia\",\"p20_reunioes\":\"Reuni\\u00f5es\",\"p20_oficinas\":\"Oficinas\",\"p20_oficinasaulasartisticas\":\"Ensaios\\\/Oficinas\\\/Aulas art\\u00edsticas\",\"p20_formacao\":\"Forma\\u00e7\\u00e3o\",\"p20_apresentacoesartisticas\":\"Apresenta\\u00e7\\u00f5es art\\u00edsticas\",\"p20_visitasexcursoes\":\"Visitas\\\/Excurs\\u00f5es\",\"p21_repressaopolicial\":\"Repress\\u00e3o policial\",\"p21_intoleranciareligiosa\":\"Fundamentalismo\\\/intoler\\u00e2ncia religiosa\",\"p21_racismo\":\"Racismo\",\"p21_enfrentamentocomgruposprivadosarmados\":\"Enfrentamento com grupos privados armados\",\"p22_numerodeparticipantes\":\"30 - 45\",\"p23_reunioes\":\"Reuni\\u00f5es\",\"p23_atendimento\":\"Atendimento\",\"p23_oficinas\":\"Oficinas\",\"p23_apresentacoesartisticas\":\"Apresenta\\u00e7\\u00f5es Art\\u00edsticas\",\"p23_visitas\":\"Visitas\",\"p23_excursoes\":\"Excurs\\u00f5es\",\"p24_oficinas\":\"Oficinas\",\"p24_formacao\":\"Forma\\u00e7\\u00e3o\",\"p24_apresentacoesartisticas\":\"Apresenta\\u00e7\\u00f5es art\\u00edsticas\",\"p24_visitasexcursoes\":\"Visitas\\\/Excurs\\u00f5es\",\"p24_outros\":\"Outros\",\"p25_numerodepessoas\":\"40 - 60\",\"p26_numerodepessoas\":\"100 - 200\",\"p27_espacopublico\":\"Espa\\u00e7o p\\u00fablico\",\"p27_espacoemprestadocedido\":\"Espa\\u00e7o emprestado\\\/cedido\",\"p28_territorios\":\"Regi\\u00e3o da Cidade\",\"p30_outrasorganizacoes\":\"Sim\",\"p32_campanhadelongaduracao\":\"Sim\",\"p34_estadual\":\"Estadual\",\"p34_nenhuma\":\"Nenhuma\",\"p36_conselhosdeparticipacaoecontrolesocial\":\"Sim\",\"p38_sim\":\"Sim\",\"p40_editais\":\"N\\u00e3o\",\"p41_privadopf\":\"Privado (P. F\\u00edsica)\",\"p41_autofinanciamento\":\"Autofinanciamento\",\"p42_meiodedivulgacaoproprio\":\"Sim\",\"p43_facebook\":\"Facebook\",\"p43_whatsapp\":\"WhatsApp\",\"p44_jornaisimpressosdegrandecirculacao\":\"Jornais impressos de grande circula\\u00e7\\u00e3o\",\"p44_jornaisimpressosdebairro\":\"Jornais impressos de bairro\",\"p44_redessociais\":\"Redes sociais (Facebook, YouTube, Instagram etc.)\",\"p44_sitesblogs\":\"Sites ou Blogs\",\"p39_publico\":\"MORADORES FAVELA COMUNIDADES JOVENS ADEPTOS TERREIROS CANDOMBL\\u00c9\",\"p45_bandeira\":\"COMBATE RACISMO  RELIGIOSA  JUVENTUDE NEGRA\",\"p46_hashtags\":\"#RACISMO, #INTOLER\\u00c2NCIARELIGIOSA, #COMBATEAVIOLENCIA\"},{\"p1_eixo\":\"Viol\\u00eancia\",\"p9_tipoorganizacao\":\"Movimento Social\",\"p12_uf\":\"RS\",\"p13_cidade\":\"PORTO ALEGRE\",\"p16_bairro\":\"Bairro\",\"p16_cidade\":\"Cidade\",\"p17_ano\":\"2010\",\"p18_difusaoartistica\":\"Difus\\u00e3o Art\\u00edstica\",\"p18_desenvolvimentoterritorial\":\"Desenvolvimento territorial\",\"p18_direitoshumanos\":\"Direitos humanos\",\"p18_educacao\":\"Educa\\u00e7\\u00e3o\",\"p18_feminismos\":\"Feminismos\",\"p18_saude\":\"Sa\\u00fade\",\"p18_violencia\":\"Viol\\u00eancia\",\"p18_politicasculturais\":\"Pol\\u00edticas Culturais\",\"p19_direitoshumanos\":\"Direitos humanos\",\"p19_educacao\":\"Educa\\u00e7\\u00e3o\",\"p19_feminismos\":\"Feminismos\",\"p19_lutaantirracismo\":\"Luta antirracismo\",\"p19_violencia\":\"Viol\\u00eancia\",\"p19_difusaoartistica\":\"Difus\\u00e3o Art\\u00edstica\",\"p20_reunioes\":\"Reuni\\u00f5es\",\"p20_oficinas\":\"Oficinas\",\"p20_oficinasaulasartisticas\":\"Ensaios\\\/Oficinas\\\/Aulas art\\u00edsticas\",\"p20_formacao\":\"Forma\\u00e7\\u00e3o\",\"p20_apresentacoesartisticas\":\"Apresenta\\u00e7\\u00f5es art\\u00edsticas\",\"p20_visitasexcursoes\":\"Visitas\\\/Excurs\\u00f5es\",\"p21_machismo\":\"Machismo\",\"p21_racismo\":\"Racismo\",\"p21_enfrentamentocomgruposprivadosarmados\":\"Enfrentamento com grupos privados armados\",\"p22_numerodeparticipantes\":\"1  - 15\",\"p23_reunioes\":\"Reuni\\u00f5es\",\"p23_atendimento\":\"Atendimento\",\"p23_oficinas\":\"Oficinas\",\"p23_oficinasaulasartisticas\":\"Ensaio\\\/Oficinas\\\/Aulas Art\\u00edsticas\",\"p23_formacao\":\"Forma\\u00e7\\u00e3o\",\"p23_apresentacoesartisticas\":\"Apresenta\\u00e7\\u00f5es Art\\u00edsticas\",\"p23_visitas\":\"Visitas\",\"p23_excursoes\":\"Excurs\\u00f5es\",\"p24_reunioes\":\"Reuni\\u00f5es\",\"p24_oficinas\":\"Oficinas\",\"p24_oficinasaulasartisticas\":\"Ensaios\\\/Oficinas\\\/Aulas art\\u00edsticas\",\"p24_formacao\":\"Forma\\u00e7\\u00e3o\",\"p24_apresentacoesartisticas\":\"Apresenta\\u00e7\\u00f5es art\\u00edsticas\",\"p24_visitasexcursoes\":\"Visitas\\\/Excurs\\u00f5es\",\"p25_numerodepessoas\":\"100 - 200\",\"p26_numerodepessoas\":\"20 - 40\",\"p27_espacopublico\":\"Espa\\u00e7o p\\u00fablico\",\"p27_espacoemprestadocedido\":\"Espa\\u00e7o emprestado\\\/cedido\",\"p27_espacoproprio\":\"Espa\\u00e7o pr\\u00f3prio\",\"p28_territorios\":\"Atua\\u00e7\\u00e3o Internacional\",\"p30_outrasorganizacoes\":\"N\\u00e3o\",\"p32_campanhadelongaduracao\":\"Sim\",\"p34_municipal\":\"Municipal\",\"p34_nenhuma\":\"Nenhuma\",\"p36_conselhosdeparticipacaoecontrolesocial\":\"N\\u00e3o\",\"p38_sim\":\"Sim\",\"p40_editais\":\"N\\u00e3o\",\"p41_privadopf\":\"Privado (P. F\\u00edsica)\",\"p41_financiamentocoletivo0\":\"Financiamento coletivo\",\"p42_meiodedivulgacaoproprio\":\"Sim\",\"p43_facebook\":\"Facebook\",\"p43_whatsapp\":\"WhatsApp\",\"p44_radio\":\"R\\u00e1dio\",\"p44_jornaisimpressosdegrandecirculacao\":\"Jornais impressos de grande circula\\u00e7\\u00e3o\",\"p44_jornaisimpressosdebairro\":\"Jornais impressos de bairro\",\"p44_redessociais\":\"Redes sociais (Facebook, YouTube, Instagram etc.)\",\"p39_publico\":\"CRIAN\\u00c7AS ADOLESCENTES \",\"p45_bandeira\":\"SALVAR CRIAN\\u00c7AS \",\"p46_hashtags\":\"#VIVAOEVOLUIR #COMUNIDADELIVRE #VIDASAUDAVEL\"},{\"p1_eixo\":\"Cultura\",\"p9_tipoorganizacao\":\"Coletivo Art\\u00edstico\",\"p12_uf\":\"RS\",\"p13_cidade\":\"PORTO ALEGRE\",\"p16_bairro\":\"Bairro\",\"p16_cidade\":\"Cidade\",\"p17_ano\":\"2018\",\"p18_difusaoartistica\":\"Difus\\u00e3o Art\\u00edstica\",\"p18_desenvolvimentoterritorial\":\"Desenvolvimento territorial\",\"p18_direitoshumanos\":\"Direitos humanos\",\"p18_educacao\":\"Educa\\u00e7\\u00e3o\",\"p18_feminismos\":\"Feminismos\",\"p18_trabalho\":\"Trabalho\",\"p18_saude\":\"Sa\\u00fade\",\"p18_violencia\":\"Viol\\u00eancia\",\"p18_politicasculturais\":\"Pol\\u00edticas Culturais\",\"p19_desenvolvimentoterritorial\":\"Desenvolvimento territorial\",\"p19_educacao\":\"Educa\\u00e7\\u00e3o\",\"p19_feminismos\":\"Feminismos\",\"p19_lutaantirracismo\":\"Luta antirracismo\",\"p19_difusaoartistica\":\"Difus\\u00e3o Art\\u00edstica\",\"p19_politicasculturais\":\"Pol\\u00edticas Culturais\",\"p20_reunioes\":\"Reuni\\u00f5es\",\"p20_atendimento\":\"Atendimento\",\"p20_oficinas\":\"Oficinas\",\"p20_oficinasaulasartisticas\":\"Ensaios\\\/Oficinas\\\/Aulas art\\u00edsticas\",\"p20_formacao\":\"Forma\\u00e7\\u00e3o\",\"p20_apresentacoesartisticas\":\"Apresenta\\u00e7\\u00f5es art\\u00edsticas\",\"p21_machismo\":\"Machismo\",\"p21_racismo\":\"Racismo\",\"p21_nenhum\":\"Nenhum\",\"p22_numerodeparticipantes\":\"1  - 15\",\"p23_reunioes\":\"Reuni\\u00f5es\",\"p23_atendimento\":\"Atendimento\",\"p23_oficinas\":\"Oficinas\",\"p23_oficinasaulasartisticas\":\"Ensaio\\\/Oficinas\\\/Aulas Art\\u00edsticas\",\"p23_formacao\":\"Forma\\u00e7\\u00e3o\",\"p23_apresentacoesartisticas\":\"Apresenta\\u00e7\\u00f5es Art\\u00edsticas\",\"p23_visitas\":\"Visitas\",\"p23_excursoes\":\"Excurs\\u00f5es\",\"p23_outros\":\"Outros\",\"p24_reunioes\":\"Reuni\\u00f5es\",\"p24_atendimento\":\"Atendimentos\",\"p24_oficinas\":\"Oficinas\",\"p24_oficinasaulasartisticas\":\"Ensaios\\\/Oficinas\\\/Aulas art\\u00edsticas\",\"p24_formacao\":\"Forma\\u00e7\\u00e3o\",\"p24_visitasexcursoes\":\"Visitas\\\/Excurs\\u00f5es\",\"p24_outros\":\"Outros\",\"p25_numerodepessoas\":\"20 - 40\",\"p26_numerodepessoas\":\"20 - 40\",\"p27_espacopublico\":\"Espa\\u00e7o p\\u00fablico\",\"p27_espacoemprestadocedido\":\"Espa\\u00e7o emprestado\\\/cedido\",\"p27_espacoproprio\":\"Espa\\u00e7o pr\\u00f3prio\",\"p27_ocupacao\":\"Ocupa\\u00e7\\u00e3o\",\"p28_territorios\":\"Regi\\u00e3o da Cidade\",\"p30_outrasorganizacoes\":\"N\\u00e3o\",\"p32_campanhadelongaduracao\":\"N\\u00e3o\",\"p34_municipal\":\"Municipal\",\"p36_conselhosdeparticipacaoecontrolesocial\":\"Sim\",\"p38_sim\":\"Sim\",\"p38_nenhum\":\"Nenhum\",\"p40_editais\":\"N\\u00e3o\",\"p41_financiamentocoletivo0\":\"Financiamento coletivo\",\"p42_meiodedivulgacaoproprio\":\"Sim\",\"p43_email\":\"E-mail\",\"p43_facebook\":\"Facebook\",\"p43_whatsapp\":\"WhatsApp\",\"p44_radio\":\"R\\u00e1dio\",\"p44_jornaisimpressosdebairro\":\"Jornais impressos de bairro\",\"p44_redessociais\":\"Redes sociais (Facebook, YouTube, Instagram etc.)\",\"p39_publico\":\"MULHERES ADOLESCENTES CRIAN\\u00c7AS\",\"p45_bandeira\":\"ANTIRRACISMO FEMINISMO LUTA CLASSE  POVO NEGRO\",\"p46_hashtags\":\"#REVOLUCAOPERIFERIA #NEGRASDELUTA #VOZDOGUETO\"},{\"p1_eixo\":\"Cultura\",\"p9_tipoorganizacao\":\"Instituto\",\"p12_uf\":\"RS\",\"p13_cidade\":\"PORTO ALEGRE\",\"p16_bairro\":\"Bairro\",\"p17_ano\":\"2016\",\"p18_difusaoartistica\":\"Difus\\u00e3o Art\\u00edstica\",\"p18_desenvolvimentoterritorial\":\"Desenvolvimento territorial\",\"p18_direitoshumanos\":\"Direitos humanos\",\"p18_educacao\":\"Educa\\u00e7\\u00e3o\",\"p18_lutaantirracismo\":\"Luta antirracismo\",\"p18_povosecomunidadestradicionais\":\"Povos e comunidades tradicionais\",\"p18_trabalho\":\"Trabalho\",\"p18_saude\":\"Sa\\u00fade\",\"p18_violencia\":\"Viol\\u00eancia\",\"p18_politicasculturais\":\"Pol\\u00edticas Culturais\",\"p19_desenvolvimentoterritorial\":\"Desenvolvimento territorial\",\"p19_educacao\":\"Educa\\u00e7\\u00e3o\",\"p19_povosecomunidadestradicionais\":\"Povos e comunidades tradicionais\",\"p19_difusaoartistica\":\"Difus\\u00e3o Art\\u00edstica\",\"p19_politicasculturais\":\"Pol\\u00edticas Culturais\",\"p20_reunioes\":\"Reuni\\u00f5es\",\"p20_atendimento\":\"Atendimento\",\"p20_oficinas\":\"Oficinas\",\"p20_oficinasaulasartisticas\":\"Ensaios\\\/Oficinas\\\/Aulas art\\u00edsticas\",\"p20_formacao\":\"Forma\\u00e7\\u00e3o\",\"p20_apresentacoesartisticas\":\"Apresenta\\u00e7\\u00f5es art\\u00edsticas\",\"p21_nenhum\":\"Nenhum\",\"p22_numerodeparticipantes\":\"15 - 30\",\"p23_reunioes\":\"Reuni\\u00f5es\",\"p23_atendimento\":\"Atendimento\",\"p23_oficinas\":\"Oficinas\",\"p23_formacao\":\"Forma\\u00e7\\u00e3o\",\"p23_apresentacoesartisticas\":\"Apresenta\\u00e7\\u00f5es Art\\u00edsticas\",\"p23_visitas\":\"Visitas\",\"p23_excursoes\":\"Excurs\\u00f5es\",\"p23_outros\":\"Outros\",\"p24_reunioes\":\"Reuni\\u00f5es\",\"p24_atendimento\":\"Atendimentos\",\"p24_oficinas\":\"Oficinas\",\"p24_oficinasaulasartisticas\":\"Ensaios\\\/Oficinas\\\/Aulas art\\u00edsticas\",\"p24_visitasexcursoes\":\"Visitas\\\/Excurs\\u00f5es\",\"p24_outros\":\"Outros\",\"p25_numerodepessoas\":\"20 - 40\",\"p26_numerodepessoas\":\"20 - 40\",\"p27_espacopublico\":\"Espa\\u00e7o p\\u00fablico\",\"p27_espacoemprestadocedido\":\"Espa\\u00e7o emprestado\\\/cedido\",\"p27_ocupacao\":\"Ocupa\\u00e7\\u00e3o\",\"p28_territorios\":\"Regi\\u00e3o da Cidade\",\"p30_outrasorganizacoes\":\"Sim\",\"p32_campanhadelongaduracao\":\"Sim\",\"p34_municipal\":\"Municipal\",\"p34_nenhuma\":\"Nenhuma\",\"p36_conselhosdeparticipacaoecontrolesocial\":\"Sim\",\"p38_nenhum\":\"Nenhum\",\"p40_editais\":\"Sim\",\"p41_autofinanciamento\":\"Autofinanciamento\",\"p41_financiamentocoletivo0\":\"Financiamento coletivo\",\"p42_meiodedivulgacaoproprio\":\"Sim\",\"p43_impressoes\":\"Impressos\",\"p43_email\":\"E-mail\",\"p43_facebook\":\"Facebook\",\"p43_whatsapp\":\"WhatsApp\",\"p43_instagram\":\"Instagram\",\"p43_twitter\":\"Twitter\",\"p43_sitesblogs\":\"Blogs\\\/sites\",\"p43_youtube\":\"YouTube\",\"p44_radio\":\"TV\",\"p44_jornaisimpressosdegrandecirculacao\":\"Jornais impressos de grande circula\\u00e7\\u00e3o\",\"p44_redessociais\":\"Redes sociais (Facebook, YouTube, Instagram etc.)\",\"p39_publico\":\"CRIAN\\u00c7AS ADOLESCENTES M\\u00c3ES CHEFES FAM\\u00cdLIA IDOSOS\",\"p45_bandeira\":\"POL\\u00cdTICAS P\\u00daBLICAS SOCIAIS HABITA\\u00c7\\u00c3O SA\\u00daDE EDUCA\\u00c7\\u00c3O CULTURA ASSIST\\u00caNCIA SOCIAL\",\"p46_hashtags\":\"#POLITICASPUBLICASSOCIAIS #GERACAODERENDA #EMPREENDEDORISMO\"},{\"p1_eixo\":\"Cultura\",\"p9_tipoorganizacao\":\"Coletivo Art\\u00edstico\",\"p12_uf\":\"AM\",\"p13_cidade\":\"MANAUS\",\"p16_bairro\":\"Bairro\",\"p16_cidade\":\"Cidade\",\"p17_ano\":\"2012\",\"p18_difusaoartistica\":\"Difus\\u00e3o Art\\u00edstica\",\"p18_direitoshumanos\":\"Direitos humanos\",\"p18_educacao\":\"Educa\\u00e7\\u00e3o\",\"p18_lutaantirracismo\":\"Luta antirracismo\",\"p18_povosecomunidadestradicionais\":\"Povos e comunidades tradicionais\",\"p18_violencia\":\"Viol\\u00eancia\",\"p18_politicasculturais\":\"Pol\\u00edticas Culturais\",\"p19_educacao\":\"Educa\\u00e7\\u00e3o\",\"p19_lutaantirracismo\":\"Luta antirracismo\",\"p19_povosecomunidadestradicionais\":\"Povos e comunidades tradicionais\",\"p19_difusaoartistica\":\"Difus\\u00e3o Art\\u00edstica\",\"p19_politicasculturais\":\"Pol\\u00edticas Culturais\",\"p20_reunioes\":\"Reuni\\u00f5es\",\"p20_oficinas\":\"Oficinas\",\"p20_oficinasaulasartisticas\":\"Ensaios\\\/Oficinas\\\/Aulas art\\u00edsticas\",\"p20_formacao\":\"Forma\\u00e7\\u00e3o\",\"p20_apresentacoesartisticas\":\"Apresenta\\u00e7\\u00f5es art\\u00edsticas\",\"p21_repressaopolicial\":\"Repress\\u00e3o policial\",\"p21_racismo\":\"Racismo\",\"p21_nenhum\":\"Nenhum\",\"p22_numerodeparticipantes\":\"1  - 15\",\"p23_reunioes\":\"Reuni\\u00f5es\",\"p23_oficinas\":\"Oficinas\",\"p23_apresentacoesartisticas\":\"Apresenta\\u00e7\\u00f5es Art\\u00edsticas\",\"p24_oficinas\":\"Oficinas\",\"p24_outros\":\"Outros\",\"p25_numerodepessoas\":\"1 - 20\",\"p26_numerodepessoas\":\"80 - 100\",\"p27_espacopublico\":\"Espa\\u00e7o p\\u00fablico\",\"p27_espacoemprestadocedido\":\"Espa\\u00e7o emprestado\\\/cedido\",\"p27_ocupacao\":\"Ocupa\\u00e7\\u00e3o\",\"p28_territorios\":\"Pr\\u00f3prio bairro\",\"p30_outrasorganizacoes\":\"N\\u00e3o\",\"p32_campanhadelongaduracao\":\"Sim\",\"p34_nenhuma\":\"Nenhuma\",\"p36_conselhosdeparticipacaoecontrolesocial\":\"N\\u00e3o\",\"p38_nenhum\":\"Nenhum\",\"p40_editais\":\"N\\u00e3o\",\"p41_autofinanciamento\":\"Autofinanciamento\",\"p42_meiodedivulgacaoproprio\":\"Sim\",\"p43_impressoes\":\"Impressos\",\"p43_email\":\"E-mail\",\"p43_facebook\":\"Facebook\",\"p43_whatsapp\":\"WhatsApp\",\"p43_instagram\":\"Instagram\",\"p43_twitter\":\"Twitter\",\"p43_sitesblogs\":\"Blogs\\\/sites\",\"p43_youtube\":\"YouTube\",\"p44_radio\":\"TV\",\"p44_jornaisimpressosdegrandecirculacao\":\"Jornais impressos de grande circula\\u00e7\\u00e3o\",\"p44_redessociais\":\"Redes sociais (Facebook, YouTube, Instagram etc.)\",\"p39_publico\":\"CRIAN\\u00c7AS\",\"p45_bandeira\":\"ART\\u00cdSTICA CULTURAL\",\"p46_hashtags\":\"#ARTEEDUCAVIDAS #EDUCACAOPARATODOS #RESPEITOCULTURAL\"},{\"p1_eixo\":\"Cultura\",\"p9_tipoorganizacao\":\"Coletivo\",\"p12_uf\":\"AM\",\"p13_cidade\":\"MANAUS\",\"p16_cidade\":\"Cidade\",\"p17_ano\":\"2012\",\"p18_difusaoartistica\":\"Difus\\u00e3o Art\\u00edstica\",\"p18_desenvolvimentoterritorial\":\"Desenvolvimento territorial\",\"p18_direitoshumanos\":\"Direitos humanos\",\"p18_lutaantirracismo\":\"Luta antirracismo\",\"p18_moradia\":\"Moradia\",\"p18_povosecomunidadestradicionais\":\"Povos e comunidades tradicionais\",\"p18_trabalho\":\"Trabalho\",\"p18_saude\":\"Sa\\u00fade\",\"p18_violencia\":\"Viol\\u00eancia\",\"p18_politicasculturais\":\"Pol\\u00edticas Culturais\",\"p19_desenvolvimentoterritorial\":\"Desenvolvimento territorial\",\"p19_lutaantirracismo\":\"Luta antirracismo\",\"p19_trabalho\":\"Trabalho\",\"p19_difusaoartistica\":\"Difus\\u00e3o Art\\u00edstica\",\"p19_politicasculturais\":\"Pol\\u00edticas Culturais\",\"p20_reunioes\":\"Reuni\\u00f5es\",\"p20_oficinas\":\"Oficinas\",\"p20_cursos\":\"Cursos\",\"p20_formacao\":\"Forma\\u00e7\\u00e3o\",\"p20_profissionalizacao\":\"Profissionaliza\\u00e7\\u00e3o\",\"p20_apresentacoesartisticas\":\"Apresenta\\u00e7\\u00f5es art\\u00edsticas\",\"p21_repressaopolicial\":\"Repress\\u00e3o policial\",\"p21_racismo\":\"Racismo\",\"p22_numerodeparticipantes\":\"1  - 15\",\"p23_reunioes\":\"Reuni\\u00f5es\",\"p23_oficinas\":\"Oficinas\",\"p23_cursos\":\"Cursos\",\"p23_profissionalizacao\":\"Profissionaliza\\u00e7\\u00e3o\",\"p23_apresentacoesartisticas\":\"Apresenta\\u00e7\\u00f5es Art\\u00edsticas\",\"p24_reunioes\":\"Reuni\\u00f5es\",\"p24_oficinas\":\"Oficinas\",\"p24_formacao\":\"Forma\\u00e7\\u00e3o\",\"p24_outros\":\"Outros\",\"p25_numerodepessoas\":\"100 - 200\",\"p26_numerodepessoas\":\"Mais de 500\",\"p27_espacopublico\":\"Espa\\u00e7o p\\u00fablico\",\"p27_espacoemprestadocedido\":\"Espa\\u00e7o emprestado\\\/cedido\",\"p27_espacoproprio\":\"Espa\\u00e7o pr\\u00f3prio\",\"p28_territorios\":\"Cidade\",\"p30_outrasorganizacoes\":\"Sim\",\"p32_campanhadelongaduracao\":\"Sim\",\"p34_estadual\":\"Estadual\",\"p34_nacional\":\"Nacional\",\"p34_nenhuma\":\"Nenhuma\",\"p36_conselhosdeparticipacaoecontrolesocial\":\"N\\u00e3o\",\"p38_sim\":\"Sim\",\"p38_nenhum\":\"Nenhum\",\"p40_editais\":\"Sim\",\"p41_privadopj\":\"Privado (P. Jur\\u00eddica)\",\"p41_autofinanciamento\":\"Autofinanciamento\",\"p42_meiodedivulgacaoproprio\":\"Sim\",\"p43_email\":\"E-mail\",\"p43_facebook\":\"Facebook\",\"p43_instagram\":\"Instagram\",\"p43_youtube\":\"YouTube\",\"p44_redessociais\":\"Redes sociais (Facebook, YouTube, Instagram etc.)\",\"p39_publico\":\"TODOS PERIFERIA MANAUS\",\"p45_bandeira\":\"LUTA  ANTIRRACISMO  CULTURA HIPHOP COMPROMETIDA MUDAN\\u00c7A REALIDADE GUETOS\",\"p46_hashtags\":\"#HIPHOPCOMCOMPROMISSO #HIPHOPCONTRAORACISMO #PERIFERIACOMQUALIDADEDEVIDA\"},{\"p1_eixo\":\"Trabalho\",\"p9_tipoorganizacao\":\"ONG\",\"p12_uf\":\"BA\",\"p13_cidade\":\"SALVADOR\",\"p16_cidade\":\"Cidade\",\"p17_ano\":\"1996\",\"p18_difusaoartistica\":\"Difus\\u00e3o Art\\u00edstica\",\"p18_desenvolvimentoterritorial\":\"Desenvolvimento territorial\",\"p18_direitoshumanos\":\"Direitos humanos\",\"p18_lutaantirracismo\":\"Luta antirracismo\",\"p18_moradia\":\"Moradia\",\"p18_povosecomunidadestradicionais\":\"Povos e comunidades tradicionais\",\"p18_trabalho\":\"Trabalho\",\"p18_saude\":\"Sa\\u00fade\",\"p18_violencia\":\"Viol\\u00eancia\",\"p18_politicasculturais\":\"Pol\\u00edticas Culturais\",\"p19_desenvolvimentoterritorial\":\"Desenvolvimento territorial\",\"p19_lutaantirracismo\":\"Luta antirracismo\",\"p19_trabalho\":\"Trabalho\",\"p19_difusaoartistica\":\"Difus\\u00e3o Art\\u00edstica\",\"p19_politicasculturais\":\"Pol\\u00edticas Culturais\",\"p20_reunioes\":\"Reuni\\u00f5es\",\"p20_atendimento\":\"Atendimento\",\"p20_oficinas\":\"Oficinas\",\"p20_oficinasaulasartisticas\":\"Ensaios\\\/Oficinas\\\/Aulas art\\u00edsticas\",\"p20_cursos\":\"Cursos\",\"p20_formacao\":\"Forma\\u00e7\\u00e3o\",\"p20_profissionalizacao\":\"Profissionaliza\\u00e7\\u00e3o\",\"p20_apresentacoesartisticas\":\"Apresenta\\u00e7\\u00f5es art\\u00edsticas\",\"p21_racismo\":\"Racismo\",\"p22_numerodeparticipantes\":\"1  - 15\",\"p23_reunioes\":\"Reuni\\u00f5es\",\"p23_atendimento\":\"Atendimento\",\"p23_oficinas\":\"Oficinas\",\"p23_oficinasaulasartisticas\":\"Ensaio\\\/Oficinas\\\/Aulas Art\\u00edsticas\",\"p23_cursos\":\"Cursos\",\"p23_profissionalizacao\":\"Profissionaliza\\u00e7\\u00e3o\",\"p23_apresentacoesartisticas\":\"Apresenta\\u00e7\\u00f5es Art\\u00edsticas\",\"p24_reunioes\":\"Reuni\\u00f5es\",\"p24_oficinas\":\"Oficinas\",\"p24_formacao\":\"Forma\\u00e7\\u00e3o\",\"p25_numerodepessoas\":\"20 - 40\",\"p26_numerodepessoas\":\"60 - 80\",\"p27_espacopublico\":\"Espa\\u00e7o p\\u00fablico\",\"p27_espacoemprestadocedido\":\"Espa\\u00e7o emprestado\\\/cedido\",\"p27_espacoproprio\":\"Espa\\u00e7o pr\\u00f3prio\",\"p27_ocupacao\":\"Ocupa\\u00e7\\u00e3o\",\"p28_territorios\":\"Regi\\u00e3o da Cidade\",\"p30_outrasorganizacoes\":\"Sim\",\"p32_campanhadelongaduracao\":\"Sim\",\"p34_municipal\":\"Municipal\",\"p34_estadual\":\"Estadual\",\"p34_nacional\":\"Nacional\",\"p36_conselhosdeparticipacaoecontrolesocial\":\"Sim\",\"p38_sim\":\"Sim\",\"p40_editais\":\"Sim\",\"p41_publicoestatal\":\"P\\u00fablico-Estatal\",\"p41_privadopj\":\"Privado (P. Jur\\u00eddica)\",\"p42_meiodedivulgacaoproprio\":\"Sim\",\"p43_impressoes\":\"Impressos\",\"p43_email\":\"E-mail\",\"p43_facebook\":\"Facebook\",\"p43_whatsapp\":\"WhatsApp\",\"p43_instagram\":\"Instagram\",\"p44_radio\":\"R\\u00e1dio\",\"p44_jornaisimpressosdebairro\":\"Jornais impressos de bairro\",\"p44_redessociais\":\"Redes sociais (Facebook, YouTube, Instagram etc.)\",\"p44_sitesblogs\":\"Sites ou Blogs\",\"p39_publico\":\"EMPREENDIMENTOS ECON\\u00d4MICOS SOLID\\u00c1RIOS CATADORES MATERIAIS RECICL\\u00c1VEIS REDE CENTRAL COOPERATIVAS TRABALHO RECICLAGEM BAHIA\",\"p45_bandeira\":\"COMPROMISSO COMBATE DESIGUALDADES RESPEITO DIFEREN\\u00c7AS EXCLUS\\u00d5ES MELHORIA QUALIDADE VIDA COMUNIDADE PERSPECTIVA DESENVOLVIMENTO SUSTENT\\u00c1VEL SOLID\\u00c1RIO\",\"p46_hashtags\":\"#DESENVOLVIMENTOLOCAL #RACISMOAMBIENTAL #ECONOMIASOLIDARIA\"},{\"p1_eixo\":\"Cultura\",\"p9_tipoorganizacao\":\"Associa\\u00e7\\u00e3o\",\"p12_uf\":\"RS\",\"p13_cidade\":\"CANOAS\",\"p16_cidade\":\"Cidade\",\"p16_nacional\":\"Nacional\",\"p17_ano\":\"1984\",\"p18_agrario\":\"Agr\\u00e1rio\\\/ruralidades\",\"p18_difusaoartistica\":\"Difus\\u00e3o Art\\u00edstica\",\"p18_desenvolvimentoterritorial\":\"Desenvolvimento territorial\",\"p18_direitoshumanos\":\"Direitos humanos\",\"p18_educacao\":\"Educa\\u00e7\\u00e3o\",\"p18_feminismos\":\"Feminismos\",\"p18_lutaantirracismo\":\"Luta antirracismo\",\"p18_moradia\":\"Moradia\",\"p18_povosecomunidadestradicionais\":\"Povos e comunidades tradicionais\",\"p18_trabalho\":\"Trabalho\",\"p18_politicasculturais\":\"Pol\\u00edticas Culturais\",\"p19_agrario\":\"Agr\\u00e1rio\\\/ruralidades\",\"p19_desenvolvimentoterritorial\":\"Desenvolvimento territorial\",\"p19_povosecomunidadestradicionais\":\"Povos e comunidades tradicionais\",\"p19_trabalho\":\"Trabalho\",\"p19_difusaoartistica\":\"Difus\\u00e3o Art\\u00edstica\",\"p19_politicasculturais\":\"Pol\\u00edticas Culturais\",\"p20_reunioes\":\"Reuni\\u00f5es\",\"p20_atendimento\":\"Atendimento\",\"p20_oficinas\":\"Oficinas\",\"p20_oficinasaulasartisticas\":\"Ensaios\\\/Oficinas\\\/Aulas art\\u00edsticas\",\"p20_cursos\":\"Cursos\",\"p20_formacao\":\"Forma\\u00e7\\u00e3o\",\"p20_profissionalizacao\":\"Profissionaliza\\u00e7\\u00e3o\",\"p20_apresentacoesartisticas\":\"Apresenta\\u00e7\\u00f5es art\\u00edsticas\",\"p20_visitasexcursoes\":\"Visitas\\\/Excurs\\u00f5es\",\"p21_racismo\":\"Racismo\",\"p22_numerodeparticipantes\":\"45 - 60\",\"p23_reunioes\":\"Reuni\\u00f5es\",\"p23_atendimento\":\"Atendimento\",\"p23_oficinas\":\"Oficinas\",\"p23_oficinasaulasartisticas\":\"Ensaio\\\/Oficinas\\\/Aulas Art\\u00edsticas\",\"p23_cursos\":\"Cursos\",\"p23_formacao\":\"Forma\\u00e7\\u00e3o\",\"p23_profissionalizacao\":\"Profissionaliza\\u00e7\\u00e3o\",\"p23_apresentacoesartisticas\":\"Apresenta\\u00e7\\u00f5es Art\\u00edsticas\",\"p23_outros\":\"Outros\",\"p24_reunioes\":\"Reuni\\u00f5es\",\"p24_formacao\":\"Forma\\u00e7\\u00e3o\",\"p24_outros\":\"Outros\",\"p25_numerodepessoas\":\"60 - 80\",\"p26_numerodepessoas\":\"80 - 100\",\"p27_espacopublico\":\"Espa\\u00e7o p\\u00fablico\",\"p27_espacoproprio\":\"Espa\\u00e7o pr\\u00f3prio\",\"p27_virtual\":\"Virtual\",\"p27_ocupacao\":\"Ocupa\\u00e7\\u00e3o\",\"p28_territorios\":\"Regi\\u00e3o da Cidade\",\"p30_outrasorganizacoes\":\"Sim\",\"p32_campanhadelongaduracao\":\"Sim\",\"p34_municipal\":\"Municipal\",\"p34_nacional\":\"Nacional\",\"p36_conselhosdeparticipacaoecontrolesocial\":\"Sim\",\"p38_sim\":\"Sim\",\"p40_editais\":\"Sim\",\"p41_publicoestatal\":\"P\\u00fablico-Estatal\",\"p41_autofinanciamento\":\"Autofinanciamento\",\"p42_meiodedivulgacaoproprio\":\"Sim\",\"p43_impressoes\":\"Impressos\",\"p43_email\":\"E-mail\",\"p43_facebook\":\"Facebook\",\"p43_whatsapp\":\"WhatsApp\",\"p43_instagram\":\"Instagram\",\"p44_radio\":\"R\\u00e1dio\",\"p44_jornaisimpressosdebairro\":\"Jornais impressos de bairro\",\"p44_redessociais\":\"Redes sociais (Facebook, YouTube, Instagram etc.)\",\"p44_sitesblogs\":\"Sites ou Blogs\",\"p39_publico\":\"TODOS CRIAN\\u00c7AS ADOLESCENTES IDOSOS\",\"p45_bandeira\":\"ALIMENTA\\u00c7\\u00c3O SAUD\\u00c1VEL RESGATE CULTURAL\",\"p46_hashtags\":\"#ALIMENTACAOSAUDAVEL #ECONOMIASOLIDARIA #NOSSOMODODESERCOMCULTURA\"},{\"p1_eixo\":\"Trabalho\",\"p9_tipoorganizacao\":\"Coletivo\",\"p12_uf\":\"DF\",\"p13_cidade\":\"BRAS\\u00cdLIA\",\"p16_nacional\":\"Nacional\",\"p17_ano\":\"2017\",\"p16_estado\":\"Estado\",\"p18_agrario\":\"Agr\\u00e1rio\\\/ruralidades\",\"p18_comunicacao\":\"Comunica\\u00e7\\u00e3o\",\"p18_difusaoartistica\":\"Difus\\u00e3o Art\\u00edstica\",\"p18_desenvolvimentoterritorial\":\"Desenvolvimento territorial\",\"p18_direitoshumanos\":\"Direitos humanos\",\"p18_educacao\":\"Educa\\u00e7\\u00e3o\",\"p18_feminismos\":\"Feminismos\",\"p18_lgbtqi\":\"LGBTQI\",\"p18_lutaantirracismo\":\"Luta antirracismo\",\"p18_povosecomunidadestradicionais\":\"Povos e comunidades tradicionais\",\"p18_trabalho\":\"Trabalho\",\"p18_religiao\":\"Religi\\u00e3o\",\"p18_politicasculturais\":\"Pol\\u00edticas Culturais\",\"p19_agrario\":\"Agr\\u00e1rio\\\/ruralidades\",\"p19_desenvolvimentoterritorial\":\"Desenvolvimento territorial\",\"p19_direitoshumanos\":\"Direitos humanos\",\"p19_educacao\":\"Educa\\u00e7\\u00e3o\",\"p19_povosecomunidadestradicionais\":\"Povos e comunidades tradicionais\",\"p20_reunioes\":\"Reuni\\u00f5es\",\"p20_atendimento\":\"Atendimento\",\"p20_oficinas\":\"Oficinas\",\"p20_oficinasaulasartisticas\":\"Ensaios\\\/Oficinas\\\/Aulas art\\u00edsticas\",\"p20_cursos\":\"Cursos\",\"p20_formacao\":\"Forma\\u00e7\\u00e3o\",\"p20_profissionalizacao\":\"Profissionaliza\\u00e7\\u00e3o\",\"p20_apresentacoesartisticas\":\"Apresenta\\u00e7\\u00f5es art\\u00edsticas\",\"p20_visitasexcursoes\":\"Visitas\\\/Excurs\\u00f5es\",\"p21_racismo\":\"Racismo\",\"p21_nenhum\":\"Nenhum\",\"p22_numerodeparticipantes\":\"30 - 45\",\"p23_reunioes\":\"Reuni\\u00f5es\",\"p23_atendimento\":\"Atendimento\",\"p23_oficinas\":\"Oficinas\",\"p23_oficinasaulasartisticas\":\"Ensaio\\\/Oficinas\\\/Aulas Art\\u00edsticas\",\"p23_cursos\":\"Cursos\",\"p23_formacao\":\"Forma\\u00e7\\u00e3o\",\"p23_profissionalizacao\":\"Profissionaliza\\u00e7\\u00e3o\",\"p23_apresentacoesartisticas\":\"Apresenta\\u00e7\\u00f5es Art\\u00edsticas\",\"p23_visitas\":\"Visitas\",\"p23_outros\":\"Outros\",\"p24_reunioes\":\"Reuni\\u00f5es\",\"p24_atendimento\":\"Atendimentos\",\"p24_oficinasaulasartisticas\":\"Ensaios\\\/Oficinas\\\/Aulas art\\u00edsticas\",\"p24_formacao\":\"Forma\\u00e7\\u00e3o\",\"p24_outros\":\"Outros\",\"p25_numerodepessoas\":\"40 - 60\",\"p26_numerodepessoas\":\"Mais de 500\",\"p27_espacopublico\":\"Espa\\u00e7o p\\u00fablico\",\"p27_espacoproprio\":\"Espa\\u00e7o pr\\u00f3prio\",\"p27_virtual\":\"Virtual\",\"p28_territorios\":\"Cidade\",\"p30_outrasorganizacoes\":\"Sim\",\"p32_campanhadelongaduracao\":\"Sim\",\"p34_estadual\":\"Estadual\",\"p34_nacional\":\"Nacional\",\"p36_conselhosdeparticipacaoecontrolesocial\":\"N\\u00e3o\",\"p38_sim\":\"Sim\",\"p38_nenhum\":\"Nenhum\",\"p40_editais\":\"N\\u00e3o\",\"p41_autofinanciamento\":\"Autofinanciamento\",\"p41_financiamentocoletivo0\":\"Financiamento coletivo\",\"p42_meiodedivulgacaoproprio\":\"Sim\",\"p43_email\":\"E-mail\",\"p43_facebook\":\"Facebook\",\"p43_whatsapp\":\"WhatsApp\",\"p43_instagram\":\"Instagram\",\"p43_sitesblogs\":\"Blogs\\\/sites\",\"p44_radio\":\"TV\",\"p44_jornaisimpressosdegrandecirculacao\":\"Jornais impressos de grande circula\\u00e7\\u00e3o\",\"p44_redessociais\":\"Redes sociais (Facebook, YouTube, Instagram etc.)\",\"p44_sitesblogs\":\"Sites ou Blogs\",\"p39_publico\":\"ENTIDADES POVOS COMUNIDADES TRADICIONAIS ESTUDANTES\",\"p45_bandeira\":\"CONSTRU\\u00c7\\u00c3O SOCIEDADE ECOSSOCIALISTA REFLEX\\u00d5ES DESENVOLVIMENTO NACIONAL INCORPOREM OS BIOMAS COMUNIDADES TRADICIONAIS\",\"p46_hashtags\":\"#POVOSECOMUNIDADESTRADICIONAIS #DIREITOSTERRITORIAIS #DESENVOLVIMENTOTERRITORIALSUSTENTAVEL\"},{\"p1_eixo\":\"Cultura\",\"p9_tipoorganizacao\":\"Associa\\u00e7\\u00e3o\",\"p12_uf\":\"MG\",\"p13_cidade\":\"BELO HORIZONTE\",\"p16_cidade\":\"Cidade\",\"p17_ano\":\"2006\",\"p16_estado\":\"Estado\",\"p18_comunicacao\":\"Comunica\\u00e7\\u00e3o\",\"p18_difusaoartistica\":\"Difus\\u00e3o Art\\u00edstica\",\"p18_desenvolvimentoterritorial\":\"Desenvolvimento territorial\",\"p18_direitoshumanos\":\"Direitos humanos\",\"p18_educacao\":\"Educa\\u00e7\\u00e3o\",\"p18_feminismos\":\"Feminismos\",\"p18_lgbtqi\":\"LGBTQI\",\"p18_lutaantirracismo\":\"Luta antirracismo\",\"p18_povosecomunidadestradicionais\":\"Povos e comunidades tradicionais\",\"p18_trabalho\":\"Trabalho\",\"p18_religiao\":\"Religi\\u00e3o\",\"p18_saude\":\"Sa\\u00fade\",\"p18_violencia\":\"Viol\\u00eancia\",\"p18_politicasculturais\":\"Pol\\u00edticas Culturais\",\"p19_direitoshumanos\":\"Direitos humanos\",\"p19_educacao\":\"Educa\\u00e7\\u00e3o\",\"p19_povosecomunidadestradicionais\":\"Povos e comunidades tradicionais\",\"p19_trabalho\":\"Trabalho\",\"p19_politicasculturais\":\"Pol\\u00edticas Culturais\",\"p20_reunioes\":\"Reuni\\u00f5es\",\"p20_atendimento\":\"Atendimento\",\"p20_oficinasaulasartisticas\":\"Ensaios\\\/Oficinas\\\/Aulas art\\u00edsticas\",\"p20_cursos\":\"Cursos\",\"p20_formacao\":\"Forma\\u00e7\\u00e3o\",\"p20_apresentacoesartisticas\":\"Apresenta\\u00e7\\u00f5es art\\u00edsticas\",\"p20_visitasexcursoes\":\"Visitas\\\/Excurs\\u00f5es\",\"p21_intoleranciareligiosa\":\"Fundamentalismo\\\/intoler\\u00e2ncia religiosa\",\"p21_xenofobia\":\"Xenofobia\",\"p21_machismo\":\"Machismo\",\"p21_racismo\":\"Racismo\",\"p21_lgbtqifobia\":\"LGBTIfobia\",\"p21_nenhum\":\"Nenhum\",\"p22_numerodeparticipantes\":\"45 - 60\",\"p23_reunioes\":\"Reuni\\u00f5es\",\"p23_atendimento\":\"Atendimento\",\"p23_oficinasaulasartisticas\":\"Ensaio\\\/Oficinas\\\/Aulas Art\\u00edsticas\",\"p23_cursos\":\"Cursos\",\"p23_formacao\":\"Forma\\u00e7\\u00e3o\",\"p23_profissionalizacao\":\"Profissionaliza\\u00e7\\u00e3o\",\"p23_apresentacoesartisticas\":\"Apresenta\\u00e7\\u00f5es Art\\u00edsticas\",\"p23_visitas\":\"Visitas\",\"p23_excursoes\":\"Excurs\\u00f5es\",\"p23_outros\":\"Outros\",\"p24_reunioes\":\"Reuni\\u00f5es\",\"p24_atendimento\":\"Atendimentos\",\"p24_oficinas\":\"Oficinas\",\"p24_oficinasaulasartisticas\":\"Ensaios\\\/Oficinas\\\/Aulas art\\u00edsticas\",\"p24_curso\":\"Curso\",\"p24_formacao\":\"Forma\\u00e7\\u00e3o\",\"p24_apresentacoesartisticas\":\"Apresenta\\u00e7\\u00f5es art\\u00edsticas\",\"p25_numerodepessoas\":\"80 - 100\",\"p26_numerodepessoas\":\"1 - 20\",\"p27_espacoemprestadocedido\":\"Espa\\u00e7o emprestado\\\/cedido\",\"p27_espacoproprio\":\"Espa\\u00e7o pr\\u00f3prio\",\"p28_territorios\":\"Regi\\u00e3o da Cidade\",\"p30_outrasorganizacoes\":\"Sim\",\"p32_campanhadelongaduracao\":\"Sim\",\"p34_estadual\":\"Estadual\",\"p34_nenhuma\":\"Nenhuma\",\"p36_conselhosdeparticipacaoecontrolesocial\":\"Sim\",\"p38_sim\":\"Sim\",\"p38_nenhum\":\"Nenhum\",\"p40_editais\":\"Sim\",\"p41_publicoestatal\":\"P\\u00fablico-Estatal\",\"p41_financiamentocoletivo0\":\"Financiamento coletivo\",\"p42_meiodedivulgacaoproprio\":\"Sim\",\"p43_email\":\"E-mail\",\"p43_facebook\":\"Facebook\",\"p43_whatsapp\":\"WhatsApp\",\"p43_instagram\":\"Instagram\",\"p43_sitesblogs\":\"Blogs\\\/sites\",\"p44_radio\":\"TV\",\"p44_jornaisimpressosdegrandecirculacao\":\"Jornais impressos de grande circula\\u00e7\\u00e3o\",\"p44_redessociais\":\"Redes sociais (Facebook, YouTube, Instagram etc.)\",\"p44_sitesblogs\":\"Sites ou Blogs\",\"p39_publico\":\"JUVENTUDE NEGRA PERIF\\u00c9RICA\",\"p45_bandeira\":\"EDUCA\\u00c7\\u00c3O IDENTIDADE EMPREENDEDORISMO NEGRO COMBATE RACISMO PATRIM\\u00d4NIO TERRIT\\u00d3RIO\",\"p46_hashtags\":\"#VIDASNEGRASIMPORTAM #AFROALFABETIZACAOKILOMBOLA #JUNTASPRODUZIMOSRENDA\"},{\"p1_eixo\":\"Cultura\",\"p9_tipoorganizacao\":\"Coletivo\",\"p12_uf\":\"PB\",\"p13_cidade\":\"CAMPINA GRANDE\",\"p16_bairro\":\"Bairro\",\"p16_cidade\":\"Cidade\",\"p17_ano\":\"2004\",\"p18_difusaoartistica\":\"Difus\\u00e3o Art\\u00edstica\",\"p18_desenvolvimentoterritorial\":\"Desenvolvimento territorial\",\"p18_direitoshumanos\":\"Direitos humanos\",\"p18_educacao\":\"Educa\\u00e7\\u00e3o\",\"p18_feminismos\":\"Feminismos\",\"p18_lgbtqi\":\"LGBTQI\",\"p18_lutaantirracismo\":\"Luta antirracismo\",\"p18_povosecomunidadestradicionais\":\"Povos e comunidades tradicionais\",\"p18_trabalho\":\"Trabalho\",\"p18_religiao\":\"Religi\\u00e3o\",\"p18_saude\":\"Sa\\u00fade\",\"p18_violencia\":\"Viol\\u00eancia\",\"p18_politicasculturais\":\"Pol\\u00edticas Culturais\",\"p19_direitoshumanos\":\"Direitos humanos\",\"p19_educacao\":\"Educa\\u00e7\\u00e3o\",\"p19_lutaantirracismo\":\"Luta antirracismo\",\"p19_trabalho\":\"Trabalho\",\"p19_politicasculturais\":\"Pol\\u00edticas Culturais\",\"p20_oficinasaulasartisticas\":\"Ensaios\\\/Oficinas\\\/Aulas art\\u00edsticas\",\"p20_cursos\":\"Cursos\",\"p20_formacao\":\"Forma\\u00e7\\u00e3o\",\"p20_apresentacoesartisticas\":\"Apresenta\\u00e7\\u00f5es art\\u00edsticas\",\"p20_visitasexcursoes\":\"Visitas\\\/Excurs\\u00f5es\",\"p21_intoleranciareligiosa\":\"Fundamentalismo\\\/intoler\\u00e2ncia religiosa\",\"p21_xenofobia\":\"Xenofobia\",\"p21_machismo\":\"Machismo\",\"p21_racismo\":\"Racismo\",\"p21_lgbtqifobia\":\"LGBTIfobia\",\"p22_numerodeparticipantes\":\"45 - 60\",\"p23_reunioes\":\"Reuni\\u00f5es\",\"p23_oficinasaulasartisticas\":\"Ensaio\\\/Oficinas\\\/Aulas Art\\u00edsticas\",\"p23_cursos\":\"Cursos\",\"p23_formacao\":\"Forma\\u00e7\\u00e3o\",\"p23_apresentacoesartisticas\":\"Apresenta\\u00e7\\u00f5es Art\\u00edsticas\",\"p23_visitas\":\"Visitas\",\"p23_excursoes\":\"Excurs\\u00f5es\",\"p23_outros\":\"Outros\",\"p24_oficinas\":\"Oficinas\",\"p24_oficinasaulasartisticas\":\"Ensaios\\\/Oficinas\\\/Aulas art\\u00edsticas\",\"p24_curso\":\"Curso\",\"p24_formacao\":\"Forma\\u00e7\\u00e3o\",\"p24_apresentacoesartisticas\":\"Apresenta\\u00e7\\u00f5es art\\u00edsticas\",\"p24_visitasexcursoes\":\"Visitas\\\/Excurs\\u00f5es\",\"p25_numerodepessoas\":\"40 - 60\",\"p26_numerodepessoas\":\"40 - 60\",\"p27_espacopublico\":\"Espa\\u00e7o p\\u00fablico\",\"p27_espacoemprestadocedido\":\"Espa\\u00e7o emprestado\\\/cedido\",\"p27_virtual\":\"Virtual\",\"p28_territorios\":\"Cidade\",\"p30_outrasorganizacoes\":\"N\\u00e3o\",\"p32_campanhadelongaduracao\":\"Sim\",\"p34_municipal\":\"Municipal\",\"p34_nenhuma\":\"Nenhuma\",\"p36_conselhosdeparticipacaoecontrolesocial\":\"N\\u00e3o\",\"p38_sim\":\"Sim\",\"p40_editais\":\"Sim\",\"p41_publicoestatal\":\"P\\u00fablico-Estatal\",\"p41_privadopf\":\"Privado (P. F\\u00edsica)\",\"p41_autofinanciamento\":\"Autofinanciamento\",\"p42_meiodedivulgacaoproprio\":\"Sim\",\"p43_email\":\"E-mail\",\"p43_facebook\":\"Facebook\",\"p43_whatsapp\":\"WhatsApp\",\"p43_instagram\":\"Instagram\",\"p44_redessociais\":\"Redes sociais (Facebook, YouTube, Instagram etc.)\",\"p39_publico\":\"CRIAN\\u00c7AS ADOLESCENTES\",\"p45_bandeira\":\"COMBATE RACISMO FORMA\\u00c7\\u00c3O CIDAD\\u00c3O UTILIZANDO CAPOEIRA V\\u00cdNCULO\",\"p46_hashtags\":\"#CAPOEIRA #GUERREIRA #AROEIRAS\"},{\"p1_eixo\":\"Cultura\",\"p9_tipoorganizacao\":\"Coletivo\",\"p12_uf\":\"PE\",\"p13_cidade\":\"OLINDA\",\"p16_bairro\":\"Bairro\",\"p16_internacional\":\"Internacional\",\"p17_ano\":\"2015\",\"p18_difusaoartistica\":\"Difus\\u00e3o Art\\u00edstica\",\"p18_desenvolvimentoterritorial\":\"Desenvolvimento territorial\",\"p18_direitoshumanos\":\"Direitos humanos\",\"p18_educacao\":\"Educa\\u00e7\\u00e3o\",\"p18_feminismos\":\"Feminismos\",\"p18_lgbtqi\":\"LGBTQI\",\"p18_lutaantirracismo\":\"Luta antirracismo\",\"p18_moradia\":\"Moradia\",\"p18_povosecomunidadestradicionais\":\"Povos e comunidades tradicionais\",\"p18_saude\":\"Sa\\u00fade\",\"p18_violencia\":\"Viol\\u00eancia\",\"p18_politicasculturais\":\"Pol\\u00edticas Culturais\",\"p19_direitoshumanos\":\"Direitos humanos\",\"p19_educacao\":\"Educa\\u00e7\\u00e3o\",\"p19_lutaantirracismo\":\"Luta antirracismo\",\"p19_politicasculturais\":\"Pol\\u00edticas Culturais\",\"p20_oficinas\":\"Oficinas\",\"p20_oficinasaulasartisticas\":\"Ensaios\\\/Oficinas\\\/Aulas art\\u00edsticas\",\"p20_cursos\":\"Cursos\",\"p20_formacao\":\"Forma\\u00e7\\u00e3o\",\"p20_apresentacoesartisticas\":\"Apresenta\\u00e7\\u00f5es art\\u00edsticas\",\"p21_repressaopolicial\":\"Repress\\u00e3o policial\",\"p21_intoleranciareligiosa\":\"Fundamentalismo\\\/intoler\\u00e2ncia religiosa\",\"p21_machismo\":\"Machismo\",\"p21_racismo\":\"Racismo\",\"p21_lgbtqifobia\":\"LGBTIfobia\",\"p22_numerodeparticipantes\":\"30 - 45\",\"p23_reunioes\":\"Reuni\\u00f5es\",\"p23_oficinasaulasartisticas\":\"Ensaio\\\/Oficinas\\\/Aulas Art\\u00edsticas\",\"p23_formacao\":\"Forma\\u00e7\\u00e3o\",\"p23_apresentacoesartisticas\":\"Apresenta\\u00e7\\u00f5es Art\\u00edsticas\",\"p24_apresentacoesartisticas\":\"Apresenta\\u00e7\\u00f5es art\\u00edsticas\",\"p24_visitasexcursoes\":\"Visitas\\\/Excurs\\u00f5es\",\"p25_numerodepessoas\":\"60 - 80\",\"p26_numerodepessoas\":\"300 - 400\",\"p27_espacopublico\":\"Espa\\u00e7o p\\u00fablico\",\"p27_espacoemprestadocedido\":\"Espa\\u00e7o emprestado\\\/cedido\",\"p27_espacoproprio\":\"Espa\\u00e7o pr\\u00f3prio\",\"p27_virtual\":\"Virtual\",\"p28_territorios\":\"Cidade\",\"p30_outrasorganizacoes\":\"Sim\",\"p32_campanhadelongaduracao\":\"Sim\",\"p34_municipal\":\"Municipal\",\"p34_nenhuma\":\"Nenhuma\",\"p36_conselhosdeparticipacaoecontrolesocial\":\"Sim\",\"p38_sim\":\"Sim\",\"p40_editais\":\"N\\u00e3o\",\"p41_privadopf\":\"Privado (P. F\\u00edsica)\",\"p41_autofinanciamento\":\"Autofinanciamento\",\"p42_meiodedivulgacaoproprio\":\"Sim\",\"p43_email\":\"E-mail\",\"p43_facebook\":\"Facebook\",\"p43_whatsapp\":\"WhatsApp\",\"p43_instagram\":\"Instagram\",\"p44_redessociais\":\"Redes sociais (Facebook, YouTube, Instagram etc.)\",\"p39_publico\":\"JOVENS ESCOLAR FUNDAMENTAL DOIS REDE MUNICIPAL OLINDA MORADORES COMUNIDADE AMARO BRANCO\",\"p45_bandeira\":\"EDUCA\\u00c7\\u00c3O LIBERTADORA CIDAD\\u00c3 AFIRMA\\u00c7\\u00c3O IDENTIDADE NEGRA FORTALECIMENTO LEI 10639\",\"p46_hashtags\":\"#IDENTIDADENEGRA #EDUCACAOLIBERTADORA #VIDASNEGRASIMPORTAM\"},{\"p1_eixo\":\"Cultura\",\"p9_tipoorganizacao\":\"Movimento Social\",\"p12_uf\":\"SP\",\"p13_cidade\":\"CAMPINAS\",\"p16_internacional\":\"Internacional\",\"p17_ano\":\"Anterior a 1980\",\"p16_estado\":\"Estado\",\"p18_difusaoartistica\":\"Difus\\u00e3o Art\\u00edstica\",\"p18_desenvolvimentoterritorial\":\"Desenvolvimento territorial\",\"p18_direitoshumanos\":\"Direitos humanos\",\"p18_educacao\":\"Educa\\u00e7\\u00e3o\",\"p18_feminismos\":\"Feminismos\",\"p18_lgbtqi\":\"LGBTQI\",\"p18_lutaantirracismo\":\"Luta antirracismo\",\"p18_moradia\":\"Moradia\",\"p18_povosecomunidadestradicionais\":\"Povos e comunidades tradicionais\",\"p18_saude\":\"Sa\\u00fade\",\"p18_violencia\":\"Viol\\u00eancia\",\"p18_politicasculturais\":\"Pol\\u00edticas Culturais\",\"p19_direitoshumanos\":\"Direitos humanos\",\"p19_educacao\":\"Educa\\u00e7\\u00e3o\",\"p19_lutaantirracismo\":\"Luta antirracismo\",\"p19_politicasculturais\":\"Pol\\u00edticas Culturais\",\"p20_reunioes\":\"Reuni\\u00f5es\",\"p20_atendimento\":\"Atendimento\",\"p20_oficinas\":\"Oficinas\",\"p20_oficinasaulasartisticas\":\"Ensaios\\\/Oficinas\\\/Aulas art\\u00edsticas\",\"p20_formacao\":\"Forma\\u00e7\\u00e3o\",\"p20_apresentacoesartisticas\":\"Apresenta\\u00e7\\u00f5es art\\u00edsticas\",\"p21_repressaopolicial\":\"Repress\\u00e3o policial\",\"p21_intoleranciareligiosa\":\"Fundamentalismo\\\/intoler\\u00e2ncia religiosa\",\"p21_machismo\":\"Machismo\",\"p21_racismo\":\"Racismo\",\"p22_numerodeparticipantes\":\"Mais de 90\",\"p23_reunioes\":\"Reuni\\u00f5es\",\"p23_oficinas\":\"Oficinas\",\"p23_oficinasaulasartisticas\":\"Ensaio\\\/Oficinas\\\/Aulas Art\\u00edsticas\",\"p23_formacao\":\"Forma\\u00e7\\u00e3o\",\"p23_apresentacoesartisticas\":\"Apresenta\\u00e7\\u00f5es Art\\u00edsticas\",\"p24_curso\":\"Curso\",\"p24_apresentacoesartisticas\":\"Apresenta\\u00e7\\u00f5es art\\u00edsticas\",\"p24_visitasexcursoes\":\"Visitas\\\/Excurs\\u00f5es\",\"p25_numerodepessoas\":\"20 - 40\",\"p26_numerodepessoas\":\"100 - 200\",\"p27_espacoemprestadocedido\":\"Espa\\u00e7o emprestado\\\/cedido\",\"p27_espacoproprio\":\"Espa\\u00e7o pr\\u00f3prio\",\"p27_virtual\":\"Virtual\",\"p28_territorios\":\"Cidade\",\"p30_outrasorganizacoes\":\"Sim\",\"p32_campanhadelongaduracao\":\"N\\u00e3o\",\"p34_estadual\":\"Estadual\",\"p34_nenhuma\":\"Nenhuma\",\"p36_conselhosdeparticipacaoecontrolesocial\":\"N\\u00e3o\",\"p38_sim\":\"Sim\",\"p40_editais\":\"N\\u00e3o\",\"p41_autofinanciamento\":\"Autofinanciamento\",\"p41_financiamentocoletivo0\":\"Financiamento coletivo\",\"p42_meiodedivulgacaoproprio\":\"Sim\",\"p43_email\":\"E-mail\",\"p43_facebook\":\"Facebook\",\"p43_whatsapp\":\"WhatsApp\",\"p43_instagram\":\"Instagram\",\"p43_twitter\":\"Twitter\",\"p43_sitesblogs\":\"Blogs\\\/sites\",\"p44_radio\":\"TV\",\"p44_jornaisimpressosdegrandecirculacao\":\"Jornais impressos de grande circula\\u00e7\\u00e3o\",\"p44_redessociais\":\"Redes sociais (Facebook, YouTube, Instagram etc.)\",\"p39_publico\":\"CRIAN\\u00c7AS ADOLESCENTES FAMILIARES\",\"p45_bandeira\":\"DIFUS\\u00c3O CULTURA AFRO BRASILEIRA QUEBRADAS PERIFERIAS\",\"p46_hashtags\":\"#CAPOEIRAVIVE #CAPOEIRAERESISTENCIA #ANTIRRACISMO\"},{\"p1_eixo\":\"Cultura\",\"p9_tipoorganizacao\":\"Associa\\u00e7\\u00e3o\",\"p12_uf\":\"AM\",\"p13_cidade\":\"MANAUS\",\"p16_internacional\":\"Internacional\",\"p17_ano\":\"2011\",\"p16_estado\":\"Estado\",\"p18_agrario\":\"Agr\\u00e1rio\\\/ruralidades\",\"p18_comunicacao\":\"Comunica\\u00e7\\u00e3o\",\"p18_difusaoartistica\":\"Difus\\u00e3o Art\\u00edstica\",\"p18_desenvolvimentoterritorial\":\"Desenvolvimento territorial\",\"p18_direitoshumanos\":\"Direitos humanos\",\"p18_educacao\":\"Educa\\u00e7\\u00e3o\",\"p18_feminismos\":\"Feminismos\",\"p18_lgbtqi\":\"LGBTQI\",\"p18_lutaantirracismo\":\"Luta antirracismo\",\"p18_povosecomunidadestradicionais\":\"Povos e comunidades tradicionais\",\"p18_trabalho\":\"Trabalho\",\"p18_saude\":\"Sa\\u00fade\",\"p18_violencia\":\"Viol\\u00eancia\",\"p18_politicasculturais\":\"Pol\\u00edticas Culturais\",\"p19_comunicacao\":\"Comunica\\u00e7\\u00e3o\",\"p19_direitoshumanos\":\"Direitos humanos\",\"p19_educacao\":\"Educa\\u00e7\\u00e3o\",\"p19_lutaantirracismo\":\"Luta antirracismo\",\"p19_violencia\":\"Viol\\u00eancia\",\"p19_politicasculturais\":\"Pol\\u00edticas Culturais\",\"p20_reunioes\":\"Reuni\\u00f5es\",\"p20_atendimento\":\"Atendimento\",\"p20_oficinas\":\"Oficinas\",\"p20_oficinasaulasartisticas\":\"Ensaios\\\/Oficinas\\\/Aulas art\\u00edsticas\",\"p20_cursos\":\"Cursos\",\"p20_formacao\":\"Forma\\u00e7\\u00e3o\",\"p20_profissionalizacao\":\"Profissionaliza\\u00e7\\u00e3o\",\"p20_apresentacoesartisticas\":\"Apresenta\\u00e7\\u00f5es art\\u00edsticas\",\"p21_repressaopolicial\":\"Repress\\u00e3o policial\",\"p21_racismo\":\"Racismo\",\"p22_numerodeparticipantes\":\"45 - 60\",\"p23_reunioes\":\"Reuni\\u00f5es\",\"p23_oficinas\":\"Oficinas\",\"p23_oficinasaulasartisticas\":\"Ensaio\\\/Oficinas\\\/Aulas Art\\u00edsticas\",\"p23_apresentacoesartisticas\":\"Apresenta\\u00e7\\u00f5es Art\\u00edsticas\",\"p24_atendimento\":\"Atendimentos\",\"p24_oficinasaulasartisticas\":\"Ensaios\\\/Oficinas\\\/Aulas art\\u00edsticas\",\"p24_curso\":\"Curso\",\"p24_formacao\":\"Forma\\u00e7\\u00e3o\",\"p24_visitasexcursoes\":\"Visitas\\\/Excurs\\u00f5es\",\"p25_numerodepessoas\":\"100 - 200\",\"p26_numerodepessoas\":\"40 - 60\",\"p27_espacopublico\":\"Espa\\u00e7o p\\u00fablico\",\"p27_espacoemprestadocedido\":\"Espa\\u00e7o emprestado\\\/cedido\",\"p27_virtual\":\"Virtual\",\"p28_territorios\":\"Estado\",\"p30_outrasorganizacoes\":\"Sim\",\"p32_campanhadelongaduracao\":\"Sim\",\"p34_estadual\":\"Estadual\",\"p34_nacional\":\"Nacional\",\"p34_nenhuma\":\"Nenhuma\",\"p36_conselhosdeparticipacaoecontrolesocial\":\"N\\u00e3o\",\"p38_sim\":\"Sim\",\"p40_editais\":\"N\\u00e3o\",\"p41_autofinanciamento\":\"Autofinanciamento\",\"p41_financiamentocoletivo0\":\"Financiamento coletivo\",\"p42_meiodedivulgacaoproprio\":\"Sim\",\"p43_email\":\"E-mail\",\"p43_facebook\":\"Facebook\",\"p43_whatsapp\":\"WhatsApp\",\"p43_instagram\":\"Instagram\",\"p43_twitter\":\"Twitter\",\"p43_sitesblogs\":\"Blogs\\\/sites\",\"p44_radio\":\"TV\",\"p44_jornaisimpressosdegrandecirculacao\":\"Jornais impressos de grande circula\\u00e7\\u00e3o\",\"p44_redessociais\":\"Redes sociais (Facebook, YouTube, Instagram etc.)\",\"p44_sitesblogs\":\"Sites ou Blogs\",\"p39_publico\":\"JOVENS ADOLESCENTES PERIFERIA\",\"p45_bandeira\":\"CULTURA INCLUSIVA EDUCA\\u00c7\\u00c3O POPULAR CAPOEIRA COMBATE RACISMO PROTAGONISMO COMUNIT\\u00c1RIO\",\"p46_hashtags\":\"#CAPOEIRAINCLUSIVA #EDUCACAOCIDADA #COMBATEAORACISMO\"},{\"p1_eixo\":\"Cultura\",\"p9_tipoorganizacao\":\"Coletivo\",\"p12_uf\":\"SP\",\"p13_cidade\":\"S\\u00c3O PAULO\",\"p16_cidade\":\"Cidade\",\"p16_internacional\":\"Internacional\",\"p17_ano\":\"1999\",\"p18_agrario\":\"Agr\\u00e1rio\\\/ruralidades\",\"p18_comunicacao\":\"Comunica\\u00e7\\u00e3o\",\"p18_difusaoartistica\":\"Difus\\u00e3o Art\\u00edstica\",\"p18_desenvolvimentoterritorial\":\"Desenvolvimento territorial\",\"p18_direitoshumanos\":\"Direitos humanos\",\"p18_educacao\":\"Educa\\u00e7\\u00e3o\",\"p18_feminismos\":\"Feminismos\",\"p18_lgbtqi\":\"LGBTQI\",\"p18_lutaantirracismo\":\"Luta antirracismo\",\"p18_moradia\":\"Moradia\",\"p18_povosecomunidadestradicionais\":\"Povos e comunidades tradicionais\",\"p18_trabalho\":\"Trabalho\",\"p18_saude\":\"Sa\\u00fade\",\"p18_violencia\":\"Viol\\u00eancia\",\"p18_politicasculturais\":\"Pol\\u00edticas Culturais\",\"p19_comunicacao\":\"Comunica\\u00e7\\u00e3o\",\"p19_direitoshumanos\":\"Direitos humanos\",\"p19_violencia\":\"Viol\\u00eancia\",\"p19_difusaoartistica\":\"Difus\\u00e3o Art\\u00edstica\",\"p19_politicasculturais\":\"Pol\\u00edticas Culturais\",\"p20_reunioes\":\"Reuni\\u00f5es\",\"p20_atendimento\":\"Atendimento\",\"p20_oficinas\":\"Oficinas\",\"p20_oficinasaulasartisticas\":\"Ensaios\\\/Oficinas\\\/Aulas art\\u00edsticas\",\"p20_cursos\":\"Cursos\",\"p20_formacao\":\"Forma\\u00e7\\u00e3o\",\"p20_profissionalizacao\":\"Profissionaliza\\u00e7\\u00e3o\",\"p20_apresentacoesartisticas\":\"Apresenta\\u00e7\\u00f5es art\\u00edsticas\",\"p21_racismo\":\"Racismo\",\"p21_nenhum\":\"Nenhum\",\"p22_numerodeparticipantes\":\"15 - 30\",\"p23_reunioes\":\"Reuni\\u00f5es\",\"p23_oficinas\":\"Oficinas\",\"p23_cursos\":\"Cursos\",\"p23_formacao\":\"Forma\\u00e7\\u00e3o\",\"p23_apresentacoesartisticas\":\"Apresenta\\u00e7\\u00f5es Art\\u00edsticas\",\"p24_reunioes\":\"Reuni\\u00f5es\",\"p24_atendimento\":\"Atendimentos\",\"p24_oficinasaulasartisticas\":\"Ensaios\\\/Oficinas\\\/Aulas art\\u00edsticas\",\"p24_formacao\":\"Forma\\u00e7\\u00e3o\",\"p24_apresentacoesartisticas\":\"Apresenta\\u00e7\\u00f5es art\\u00edsticas\",\"p25_numerodepessoas\":\"20 - 40\",\"p26_numerodepessoas\":\"40 - 60\",\"p27_espacopublico\":\"Espa\\u00e7o p\\u00fablico\",\"p27_espacoemprestadocedido\":\"Espa\\u00e7o emprestado\\\/cedido\",\"p27_virtual\":\"Virtual\",\"p28_territorios\":\"Atua\\u00e7\\u00e3o Nacional\",\"p30_outrasorganizacoes\":\"Sim\",\"p32_campanhadelongaduracao\":\"Sim\",\"p34_nacional\":\"Nacional\",\"p34_nenhuma\":\"Nenhuma\",\"p36_conselhosdeparticipacaoecontrolesocial\":\"N\\u00e3o\",\"p38_sim\":\"Sim\",\"p40_editais\":\"Sim\",\"p41_autofinanciamento\":\"Autofinanciamento\",\"p42_meiodedivulgacaoproprio\":\"Sim\",\"p43_email\":\"E-mail\",\"p43_facebook\":\"Facebook\",\"p43_whatsapp\":\"WhatsApp\",\"p43_sitesblogs\":\"Blogs\\\/sites\",\"p44_jornaisimpressosdebairro\":\"Jornais impressos de bairro\",\"p44_redessociais\":\"Redes sociais (Facebook, YouTube, Instagram etc.)\",\"p44_sitesblogs\":\"Sites ou Blogs\",\"p39_publico\":\"JOVEM HIPHOP PERIF\\u00c9RICOS\",\"p45_bandeira\":\"CULTURA HIPHOP IGUALDADE RACIAL ENFRENTAMENTO RACISMO\",\"p46_hashtags\":\"#CULTURAHIPHOP #RAPNACIONAL #VIDASNEGRASIMPORTAM\"},{\"p1_eixo\":\"Cultura\",\"p9_tipoorganizacao\":\"ONG\",\"p12_uf\":\"SP\",\"p13_cidade\":\"S\\u00c3O PAULO\",\"p16_cidade\":\"Cidade\",\"p17_ano\":\"1996\",\"p18_direitoshumanos\":\"Direitos humanos\",\"p18_educacao\":\"Educa\\u00e7\\u00e3o\",\"p18_mobilidade\":\"Mobilidade\",\"p18_moradia\":\"Moradia\",\"p18_trabalho\":\"Trabalho\",\"p18_saude\":\"Sa\\u00fade\",\"p18_politicasculturais\":\"Pol\\u00edticas Culturais\",\"p19_direitoshumanos\":\"Direitos humanos\",\"p19_feminismos\":\"Feminismos\",\"p19_mobilidade\":\"Mobilidade\",\"p19_saude\":\"Sa\\u00fade\",\"p19_difusaoartistica\":\"Difus\\u00e3o Art\\u00edstica\",\"p19_politicasculturais\":\"Pol\\u00edticas Culturais\",\"p20_oficinas\":\"Oficinas\",\"p20_oficinasaulasartisticas\":\"Ensaios\\\/Oficinas\\\/Aulas art\\u00edsticas\",\"p20_formacao\":\"Forma\\u00e7\\u00e3o\",\"p20_apresentacoesartisticas\":\"Apresenta\\u00e7\\u00f5es art\\u00edsticas\",\"p21_nenhum\":\"Nenhum\",\"p22_numerodeparticipantes\":\"1  - 15\",\"p23_oficinas\":\"Oficinas\",\"p23_cursos\":\"Cursos\",\"p23_formacao\":\"Forma\\u00e7\\u00e3o\",\"p23_apresentacoesartisticas\":\"Apresenta\\u00e7\\u00f5es Art\\u00edsticas\",\"p23_outros\":\"Outros\",\"p24_reunioes\":\"Reuni\\u00f5es\",\"p24_oficinasaulasartisticas\":\"Ensaios\\\/Oficinas\\\/Aulas art\\u00edsticas\",\"p24_formacao\":\"Forma\\u00e7\\u00e3o\",\"p24_apresentacoesartisticas\":\"Apresenta\\u00e7\\u00f5es art\\u00edsticas\",\"p25_numerodepessoas\":\"60 - 80\",\"p26_numerodepessoas\":\"60 - 80\",\"p27_espacopublico\":\"Espa\\u00e7o p\\u00fablico\",\"p27_espacoemprestadocedido\":\"Espa\\u00e7o emprestado\\\/cedido\",\"p28_territorios\":\"Regi\\u00e3o da Cidade\",\"p30_outrasorganizacoes\":\"Sim\",\"p32_campanhadelongaduracao\":\"Sim\",\"p34_nenhuma\":\"Nenhuma\",\"p36_conselhosdeparticipacaoecontrolesocial\":\"N\\u00e3o\",\"p38_sim\":\"Sim\",\"p38_nenhum\":\"Nenhum\",\"p40_editais\":\"Sim\",\"p41_autofinanciamento\":\"Autofinanciamento\",\"p42_meiodedivulgacaoproprio\":\"Sim\",\"p43_email\":\"E-mail\",\"p43_facebook\":\"Facebook\",\"p43_whatsapp\":\"WhatsApp\",\"p43_instagram\":\"Instagram\",\"p44_jornaisimpressosdebairro\":\"Jornais impressos de bairro\",\"p44_redessociais\":\"Redes sociais (Facebook, YouTube, Instagram etc.)\",\"p44_sitesblogs\":\"Sites ou Blogs\",\"p39_publico\":\"JOVENS ADULTOS COMUNIDADE\",\"p45_bandeira\":\"DEFESA CULTURA RESPEITO MEIO-AMBIENTE DIREITOS HUMANOS CONSTRU\\u00c7\\u00c3O CIDADANIA\",\"p46_hashtags\":\"#CULTURANAOPODEFALTAR #RESPEITOAOSDIREITOSHUMANOS #FAVELAVIVA\"},{\"p1_eixo\":\"Cultura\",\"p9_tipoorganizacao\":\"Coletivo\",\"p12_uf\":\"SP\",\"p13_cidade\":\"S\\u00c3O PAULO\",\"p16_cidade\":\"Cidade\",\"p17_ano\":\"2018\",\"p18_comunicacao\":\"Comunica\\u00e7\\u00e3o\",\"p18_difusaoartistica\":\"Difus\\u00e3o Art\\u00edstica\",\"p18_direitoshumanos\":\"Direitos humanos\",\"p18_educacao\":\"Educa\\u00e7\\u00e3o\",\"p18_feminismos\":\"Feminismos\",\"p18_mobilidade\":\"Mobilidade\",\"p18_povosecomunidadestradicionais\":\"Povos e comunidades tradicionais\",\"p18_saude\":\"Sa\\u00fade\",\"p18_violencia\":\"Viol\\u00eancia\",\"p18_politicasculturais\":\"Pol\\u00edticas Culturais\",\"p19_educacao\":\"Educa\\u00e7\\u00e3o\",\"p19_feminismos\":\"Feminismos\",\"p19_mobilidade\":\"Mobilidade\",\"p19_saude\":\"Sa\\u00fade\",\"p19_violencia\":\"Viol\\u00eancia\",\"p19_politicasculturais\":\"Pol\\u00edticas Culturais\",\"p20_reunioes\":\"Reuni\\u00f5es\",\"p20_oficinas\":\"Oficinas\",\"p20_oficinasaulasartisticas\":\"Ensaios\\\/Oficinas\\\/Aulas art\\u00edsticas\",\"p20_formacao\":\"Forma\\u00e7\\u00e3o\",\"p21_repressaopolicial\":\"Repress\\u00e3o policial\",\"p21_nenhum\":\"Nenhum\",\"p22_numerodeparticipantes\":\"1  - 15\",\"p23_reunioes\":\"Reuni\\u00f5es\",\"p23_oficinas\":\"Oficinas\",\"p23_oficinasaulasartisticas\":\"Ensaio\\\/Oficinas\\\/Aulas Art\\u00edsticas\",\"p23_visitas\":\"Visitas\",\"p23_outros\":\"Outros\",\"p24_reunioes\":\"Reuni\\u00f5es\",\"p24_oficinasaulasartisticas\":\"Ensaios\\\/Oficinas\\\/Aulas art\\u00edsticas\",\"p24_formacao\":\"Forma\\u00e7\\u00e3o\",\"p25_numerodepessoas\":\"1 - 20\",\"p26_numerodepessoas\":\"20 - 40\",\"p27_espacopublico\":\"Espa\\u00e7o p\\u00fablico\",\"p28_territorios\":\"Regi\\u00e3o da Cidade\",\"p30_outrasorganizacoes\":\"Sim\",\"p32_campanhadelongaduracao\":\"N\\u00e3o\",\"p34_municipal\":\"Municipal\",\"p34_nenhuma\":\"Nenhuma\",\"p36_conselhosdeparticipacaoecontrolesocial\":\"N\\u00e3o\",\"p38_sim\":\"Sim\",\"p38_nenhum\":\"Nenhum\",\"p40_editais\":\"N\\u00e3o\",\"p41_publicoestatal\":\"P\\u00fablico-Estatal\",\"p41_autofinanciamento\":\"Autofinanciamento\",\"p42_meiodedivulgacaoproprio\":\"Sim\",\"p43_facebook\":\"Facebook\",\"p43_whatsapp\":\"WhatsApp\",\"p43_instagram\":\"Instagram\",\"p43_youtube\":\"YouTube\",\"p44_redessociais\":\"Redes sociais (Facebook, YouTube, Instagram etc.)\",\"p39_publico\":\"CRIAN\\u00c7AS JOVENS MULHERES NEGRAS NEGRAS PERIFERIAS\",\"p45_bandeira\":\"DIREITO CIDADE DIREITOS CRIAN\\u00c7A ADOLESCENTE DIREITOS MULHER OCUPA\\u00c7\\u00c3O ESPA\\u00c7O-P\\u00daBLICO PARTICIPA\\u00c7\\u00c3O CIDAD\\u00c3\",\"p46_hashtags\":\"#DIREITOSHUMANOS #MULHERESNEGRAS #MOBILIDADE\"},{\"p1_eixo\":\"Cultura\",\"p9_tipoorganizacao\":\"Coletivo\",\"p12_uf\":\"AC\",\"p13_cidade\":\"RIO BRANCO\",\"p16_cidade\":\"Cidade\",\"p17_ano\":\"2017\",\"p16_estado\":\"Estado\",\"p18_comunicacao\":\"Comunica\\u00e7\\u00e3o\",\"p18_difusaoartistica\":\"Difus\\u00e3o Art\\u00edstica\",\"p18_direitoshumanos\":\"Direitos humanos\",\"p18_educacao\":\"Educa\\u00e7\\u00e3o\",\"p18_feminismos\":\"Feminismos\",\"p18_lutaantirracismo\":\"Luta antirracismo\",\"p18_mobilidade\":\"Mobilidade\",\"p18_povosecomunidadestradicionais\":\"Povos e comunidades tradicionais\",\"p18_saude\":\"Sa\\u00fade\",\"p18_violencia\":\"Viol\\u00eancia\",\"p18_politicasculturais\":\"Pol\\u00edticas Culturais\",\"p19_direitoshumanos\":\"Direitos humanos\",\"p19_educacao\":\"Educa\\u00e7\\u00e3o\",\"p19_lutaantirracismo\":\"Luta antirracismo\",\"p19_violencia\":\"Viol\\u00eancia\",\"p19_politicasculturais\":\"Pol\\u00edticas Culturais\",\"p20_reunioes\":\"Reuni\\u00f5es\",\"p20_atendimento\":\"Atendimento\",\"p20_oficinas\":\"Oficinas\",\"p20_oficinasaulasartisticas\":\"Ensaios\\\/Oficinas\\\/Aulas art\\u00edsticas\",\"p20_cursos\":\"Cursos\",\"p20_formacao\":\"Forma\\u00e7\\u00e3o\",\"p20_apresentacoesartisticas\":\"Apresenta\\u00e7\\u00f5es art\\u00edsticas\",\"p21_repressaopolicial\":\"Repress\\u00e3o policial\",\"p21_racismo\":\"Racismo\",\"p21_enfrentamentocomgruposprivadosarmados\":\"Enfrentamento com grupos privados armados\",\"p22_numerodeparticipantes\":\"1  - 15\",\"p23_reunioes\":\"Reuni\\u00f5es\",\"p23_atendimento\":\"Atendimento\",\"p23_oficinas\":\"Oficinas\",\"p23_oficinasaulasartisticas\":\"Ensaio\\\/Oficinas\\\/Aulas Art\\u00edsticas\",\"p23_cursos\":\"Cursos\",\"p23_formacao\":\"Forma\\u00e7\\u00e3o\",\"p23_visitas\":\"Visitas\",\"p23_outros\":\"Outros\",\"p24_reunioes\":\"Reuni\\u00f5es\",\"p24_atendimento\":\"Atendimentos\",\"p24_oficinas\":\"Oficinas\",\"p24_oficinasaulasartisticas\":\"Ensaios\\\/Oficinas\\\/Aulas art\\u00edsticas\",\"p24_curso\":\"Curso\",\"p24_formacao\":\"Forma\\u00e7\\u00e3o\",\"p25_numerodepessoas\":\"100 - 200\",\"p26_numerodepessoas\":\"200 - 300\",\"p27_espacopublico\":\"Espa\\u00e7o p\\u00fablico\",\"p27_espacoemprestadocedido\":\"Espa\\u00e7o emprestado\\\/cedido\",\"p27_virtual\":\"Virtual\",\"p28_territorios\":\"Cidade\",\"p30_outrasorganizacoes\":\"Sim\",\"p32_campanhadelongaduracao\":\"N\\u00e3o\",\"p34_municipal\":\"Municipal\",\"p34_estadual\":\"Estadual\",\"p34_nenhuma\":\"Nenhuma\",\"p36_conselhosdeparticipacaoecontrolesocial\":\"N\\u00e3o\",\"p38_sim\":\"Sim\",\"p40_editais\":\"N\\u00e3o\",\"p41_publicoestatal\":\"P\\u00fablico-Estatal\",\"p41_financiamentocoletivo0\":\"Financiamento coletivo\",\"p42_meiodedivulgacaoproprio\":\"Sim\",\"p43_facebook\":\"Facebook\",\"p43_whatsapp\":\"WhatsApp\",\"p43_youtube\":\"YouTube\",\"p44_redessociais\":\"Redes sociais (Facebook, YouTube, Instagram etc.)\",\"p39_publico\":\"JOVENS ADULTOS\",\"p45_bandeira\":\"LIBERDADE JUSTI\\u00c7A SOCIAL\",\"p46_hashtags\":\"#JUSTICAEOQUELIGA #MAISVIDAMENOSARMAS #MINHARIMAEUMAARMA\"},{\"p1_eixo\":\"Viol\\u00eancia\",\"p9_tipoorganizacao\":\"Coletivo\",\"p12_uf\":\"SP\",\"p13_cidade\":\"S\\u00c3O PAULO\",\"p16_nacional\":\"Nacional\",\"p17_ano\":\"2017\",\"p16_estado\":\"Estado\",\"p18_difusaoartistica\":\"Difus\\u00e3o Art\\u00edstica\",\"p18_direitoshumanos\":\"Direitos humanos\",\"p18_lutaantirracismo\":\"Luta antirracismo\",\"p18_povosecomunidadestradicionais\":\"Povos e comunidades tradicionais\",\"p18_religiao\":\"Religi\\u00e3o\",\"p18_violencia\":\"Viol\\u00eancia\",\"p18_politicasculturais\":\"Pol\\u00edticas Culturais\",\"p19_comunicacao\":\"Comunica\\u00e7\\u00e3o\",\"p19_direitoshumanos\":\"Direitos humanos\",\"p19_lutaantirracismo\":\"Luta antirracismo\",\"p19_violencia\":\"Viol\\u00eancia\",\"p19_politicasculturais\":\"Pol\\u00edticas Culturais\",\"p20_reunioes\":\"Reuni\\u00f5es\",\"p20_atendimento\":\"Atendimento\",\"p20_oficinas\":\"Oficinas\",\"p20_oficinasaulasartisticas\":\"Ensaios\\\/Oficinas\\\/Aulas art\\u00edsticas\",\"p20_cursos\":\"Cursos\",\"p20_formacao\":\"Forma\\u00e7\\u00e3o\",\"p20_apresentacoesartisticas\":\"Apresenta\\u00e7\\u00f5es art\\u00edsticas\",\"p21_repressaopolicial\":\"Repress\\u00e3o policial\",\"p21_racismo\":\"Racismo\",\"p21_enfrentamentocomgruposprivadosarmados\":\"Enfrentamento com grupos privados armados\",\"p22_numerodeparticipantes\":\"Mais de 90\",\"p23_reunioes\":\"Reuni\\u00f5es\",\"p23_atendimento\":\"Atendimento\",\"p23_oficinas\":\"Oficinas\",\"p23_oficinasaulasartisticas\":\"Ensaio\\\/Oficinas\\\/Aulas Art\\u00edsticas\",\"p23_cursos\":\"Cursos\",\"p23_formacao\":\"Forma\\u00e7\\u00e3o\",\"p23_visitas\":\"Visitas\",\"p23_outros\":\"Outros\",\"p24_reunioes\":\"Reuni\\u00f5es\",\"p24_atendimento\":\"Atendimentos\",\"p24_oficinas\":\"Oficinas\",\"p24_oficinasaulasartisticas\":\"Ensaios\\\/Oficinas\\\/Aulas art\\u00edsticas\",\"p24_curso\":\"Curso\",\"p24_formacao\":\"Forma\\u00e7\\u00e3o\",\"p25_numerodepessoas\":\"400 - 500\",\"p26_numerodepessoas\":\"20 - 40\",\"p27_espacopublico\":\"Espa\\u00e7o p\\u00fablico\",\"p27_espacoemprestadocedido\":\"Espa\\u00e7o emprestado\\\/cedido\",\"p27_virtual\":\"Virtual\",\"p28_territorios\":\"Pr\\u00f3prio bairro\",\"p30_outrasorganizacoes\":\"N\\u00e3o\",\"p32_campanhadelongaduracao\":\"Sim\",\"p34_estadual\":\"Estadual\",\"p34_nenhuma\":\"Nenhuma\",\"p36_conselhosdeparticipacaoecontrolesocial\":\"N\\u00e3o\",\"p38_sim\":\"Sim\",\"p38_nenhum\":\"Nenhum\",\"p40_editais\":\"N\\u00e3o\",\"p41_autofinanciamento\":\"Autofinanciamento\",\"p41_financiamentocoletivo0\":\"Financiamento coletivo\",\"p42_meiodedivulgacaoproprio\":\"Sim\",\"p43_facebook\":\"Facebook\",\"p43_whatsapp\":\"WhatsApp\",\"p43_instagram\":\"Instagram\",\"p43_sitesblogs\":\"Blogs\\\/sites\",\"p44_redessociais\":\"Redes sociais (Facebook, YouTube, Instagram etc.)\",\"p44_sitesblogs\":\"Sites ou Blogs\",\"p39_publico\":\"JUVENTUDE NEGRA PERIF\\u00c9RICA\",\"p45_bandeira\":\"VISIBILIZAR VIOL\\u00caNCIAS TERRIT\\u00d3RIOS ALTA VULNERABILIDADE PROTEGER V\\u00cdTIMAS TESTEMUNHAS ENFRENTAR ABUSO-POLICIAL \",\"p46_hashtags\":\"#CHEGADERACISMO #BASTADEVIOLENCIA #VIDASNEGRASIMPORTAM\"},{\"p1_eixo\":\"Cultura\",\"p9_tipoorganizacao\":\"Coletivo\",\"p12_uf\":\"PA\",\"p13_cidade\":\"BEL\\u00c9M\",\"p16_cidade\":\"Cidade\",\"p16_nacional\":\"Nacional\",\"p17_ano\":\"2015\",\"p18_difusaoartistica\":\"Difus\\u00e3o Art\\u00edstica\",\"p18_desenvolvimentoterritorial\":\"Desenvolvimento territorial\",\"p18_direitoshumanos\":\"Direitos humanos\",\"p18_lutaantirracismo\":\"Luta antirracismo\",\"p18_povosecomunidadestradicionais\":\"Povos e comunidades tradicionais\",\"p18_religiao\":\"Religi\\u00e3o\",\"p18_saude\":\"Sa\\u00fade\",\"p18_politicasculturais\":\"Pol\\u00edticas Culturais\",\"p19_comunicacao\":\"Comunica\\u00e7\\u00e3o\",\"p19_desenvolvimentoterritorial\":\"Desenvolvimento territorial\",\"p19_direitoshumanos\":\"Direitos humanos\",\"p19_lutaantirracismo\":\"Luta antirracismo\",\"p19_politicasculturais\":\"Pol\\u00edticas Culturais\",\"p20_reunioes\":\"Reuni\\u00f5es\",\"p20_atendimento\":\"Atendimento\",\"p20_oficinas\":\"Oficinas\",\"p20_oficinasaulasartisticas\":\"Ensaios\\\/Oficinas\\\/Aulas art\\u00edsticas\",\"p20_cursos\":\"Cursos\",\"p20_formacao\":\"Forma\\u00e7\\u00e3o\",\"p20_apresentacoesartisticas\":\"Apresenta\\u00e7\\u00f5es art\\u00edsticas\",\"p20_visitasexcursoes\":\"Visitas\\\/Excurs\\u00f5es\",\"p21_repressaopolicial\":\"Repress\\u00e3o policial\",\"p21_intoleranciareligiosa\":\"Fundamentalismo\\\/intoler\\u00e2ncia religiosa\",\"p21_machismo\":\"Machismo\",\"p21_racismo\":\"Racismo\",\"p21_lgbtqifobia\":\"LGBTIfobia\",\"p22_numerodeparticipantes\":\"15 - 30\",\"p23_reunioes\":\"Reuni\\u00f5es\",\"p23_atendimento\":\"Atendimento\",\"p23_oficinas\":\"Oficinas\",\"p23_cursos\":\"Cursos\",\"p23_formacao\":\"Forma\\u00e7\\u00e3o\",\"p23_visitas\":\"Visitas\",\"p24_reunioes\":\"Reuni\\u00f5es\",\"p24_oficinas\":\"Oficinas\",\"p24_formacao\":\"Forma\\u00e7\\u00e3o\",\"p24_apresentacoesartisticas\":\"Apresenta\\u00e7\\u00f5es art\\u00edsticas\",\"p24_visitasexcursoes\":\"Visitas\\\/Excurs\\u00f5es\",\"p25_numerodepessoas\":\"60 - 80\",\"p26_numerodepessoas\":\"100 - 200\",\"p27_espacopublico\":\"Espa\\u00e7o p\\u00fablico\",\"p27_espacoemprestadocedido\":\"Espa\\u00e7o emprestado\\\/cedido\",\"p28_territorios\":\"Estado\",\"p30_outrasorganizacoes\":\"Sim\",\"p32_campanhadelongaduracao\":\"N\\u00e3o\",\"p34_municipal\":\"Municipal\",\"p34_nenhuma\":\"Nenhuma\",\"p36_conselhosdeparticipacaoecontrolesocial\":\"N\\u00e3o\",\"p38_sim\":\"Sim\",\"p38_nenhum\":\"Nenhum\",\"p40_editais\":\"N\\u00e3o\",\"p41_autofinanciamento\":\"Autofinanciamento\",\"p42_meiodedivulgacaoproprio\":\"Sim\",\"p43_email\":\"E-mail\",\"p43_facebook\":\"Facebook\",\"p43_whatsapp\":\"WhatsApp\",\"p43_instagram\":\"Instagram\",\"p43_sitesblogs\":\"Blogs\\\/sites\",\"p44_redessociais\":\"Redes sociais (Facebook, YouTube, Instagram etc.)\",\"p44_sitesblogs\":\"Sites ou Blogs\",\"p39_publico\":\"NEGROS NEGRAS URBANAS RURAIS\",\"p45_bandeira\":\"COMBATE RACISMO LUTAR DIREITOS POPULA\\u00c7\\u00c3O NEGRA PROMOVER-RESPEITO PROTE\\u00c7\\u00c3O CUMPRIMENTO DIREITOS-HUMANOS LIBERDADES FUNDAMENTAIS PESSOA AFRODESCENDENTE RECONHECIDOS DECLARA\\u00c7\\u00c3O UNIVERSAL DIREITOS HUMANOS PROMOVER-MAIOR-CONHECIMENTO RESPEITO PATRIM\\u00d4NIO DIVERSIFICADO CULTURA CONTRIBUI\\u00c7\\u00c3O AFRODESCENDENTES DESENVOLVIMENTO SOCIEDADES\",\"p46_hashtags\":\"#COMBATEAORACISMOEINTOLERANCIA #PANAFRICANISMOPARATODOS #PODERPARAOPOVO\"},{\"p1_eixo\":\"Cultura\",\"p9_tipoorganizacao\":\"Coletivo\",\"p12_uf\":\"SP\",\"p13_cidade\":\"S\\u00c3O PAULO\",\"p16_cidade\":\"Cidade\",\"p17_ano\":\"1991\",\"p16_estado\":\"Estado\",\"p18_comunicacao\":\"Comunica\\u00e7\\u00e3o\",\"p18_difusaoartistica\":\"Difus\\u00e3o Art\\u00edstica\",\"p18_desenvolvimentoterritorial\":\"Desenvolvimento territorial\",\"p18_direitoshumanos\":\"Direitos humanos\",\"p18_educacao\":\"Educa\\u00e7\\u00e3o\",\"p18_feminismos\":\"Feminismos\",\"p18_saude\":\"Sa\\u00fade\",\"p18_violencia\":\"Viol\\u00eancia\",\"p18_politicasculturais\":\"Pol\\u00edticas Culturais\",\"p19_desenvolvimentoterritorial\":\"Desenvolvimento territorial\",\"p19_direitoshumanos\":\"Direitos humanos\",\"p19_educacao\":\"Educa\\u00e7\\u00e3o\",\"p19_difusaoartistica\":\"Difus\\u00e3o Art\\u00edstica\",\"p19_politicasculturais\":\"Pol\\u00edticas Culturais\",\"p20_reunioes\":\"Reuni\\u00f5es\",\"p20_atendimento\":\"Atendimento\",\"p20_oficinas\":\"Oficinas\",\"p20_oficinasaulasartisticas\":\"Ensaios\\\/Oficinas\\\/Aulas art\\u00edsticas\",\"p20_cursos\":\"Cursos\",\"p20_formacao\":\"Forma\\u00e7\\u00e3o\",\"p20_apresentacoesartisticas\":\"Apresenta\\u00e7\\u00f5es art\\u00edsticas\",\"p20_visitasexcursoes\":\"Visitas\\\/Excurs\\u00f5es\",\"p21_repressaopolicial\":\"Repress\\u00e3o policial\",\"p21_intoleranciareligiosa\":\"Fundamentalismo\\\/intoler\\u00e2ncia religiosa\",\"p21_machismo\":\"Machismo\",\"p21_lgbtqifobia\":\"LGBTIfobia\",\"p21_nenhum\":\"Nenhum\",\"p22_numerodeparticipantes\":\"1  - 15\",\"p23_reunioes\":\"Reuni\\u00f5es\",\"p23_atendimento\":\"Atendimento\",\"p23_oficinas\":\"Oficinas\",\"p23_oficinasaulasartisticas\":\"Ensaio\\\/Oficinas\\\/Aulas Art\\u00edsticas\",\"p23_cursos\":\"Cursos\",\"p23_formacao\":\"Forma\\u00e7\\u00e3o\",\"p23_apresentacoesartisticas\":\"Apresenta\\u00e7\\u00f5es Art\\u00edsticas\",\"p23_visitas\":\"Visitas\",\"p24_reunioes\":\"Reuni\\u00f5es\",\"p24_atendimento\":\"Atendimentos\",\"p24_oficinas\":\"Oficinas\",\"p24_oficinasaulasartisticas\":\"Ensaios\\\/Oficinas\\\/Aulas art\\u00edsticas\",\"p24_formacao\":\"Forma\\u00e7\\u00e3o\",\"p24_profissionalizacao\":\"Profissionaliza\\u00e7\\u00e3o\",\"p24_apresentacoesartisticas\":\"Apresenta\\u00e7\\u00f5es art\\u00edsticas\",\"p24_visitasexcursoes\":\"Visitas\\\/Excurs\\u00f5es\",\"p25_numerodepessoas\":\"20 - 40\",\"p26_numerodepessoas\":\"100 - 200\",\"p27_espacopublico\":\"Espa\\u00e7o p\\u00fablico\",\"p27_espacoproprio\":\"Espa\\u00e7o pr\\u00f3prio\",\"p28_territorios\":\"Cidade\",\"p30_outrasorganizacoes\":\"Sim\",\"p32_campanhadelongaduracao\":\"Sim\",\"p34_municipal\":\"Municipal\",\"p34_estadual\":\"Estadual\",\"p36_conselhosdeparticipacaoecontrolesocial\":\"Sim\",\"p38_sim\":\"Sim\",\"p40_editais\":\"N\\u00e3o\",\"p41_autofinanciamento\":\"Autofinanciamento\",\"p41_financiamentocoletivo0\":\"Financiamento coletivo\",\"p42_meiodedivulgacaoproprio\":\"Sim\",\"p43_email\":\"E-mail\",\"p43_facebook\":\"Facebook\",\"p43_instagram\":\"Instagram\",\"p43_twitter\":\"Twitter\",\"p43_sitesblogs\":\"Blogs\\\/sites\",\"p43_youtube\":\"YouTube\",\"p44_radio\":\"TV\",\"p44_jornaisimpressosdegrandecirculacao\":\"Jornais impressos de grande circula\\u00e7\\u00e3o\",\"p44_jornaisimpressosdebairro\":\"Jornais impressos de bairro\",\"p44_redessociais\":\"Redes sociais (Facebook, YouTube, Instagram etc.)\",\"p44_sitesblogs\":\"Sites ou Blogs\",\"p39_publico\":\"CRIAN\\u00c7AS ADOLESCENTES\",\"p45_bandeira\":\"EDUCA\\u00c7\\u00c3O POPULAR DIREITOS HUMANOS SA\\u00daDE EDUCA\\u00c7\\u00c3O MORADIA MEIO-AMBIENTE TRABALHO RENDA\",\"p46_hashtags\":\"#MOBILIZACAO #AUTOGESTAO #EDUCACAOPOPULAR\"},{\"p1_eixo\":\"Cultura\",\"p9_tipoorganizacao\":\"Coletivo\",\"p12_uf\":\"SP\",\"p13_cidade\":\"HORTOL\\u00c2NDIA\",\"p16_cidade\":\"Cidade\",\"p17_ano\":\"1996\",\"p16_estado\":\"Estado\",\"p18_comunicacao\":\"Comunica\\u00e7\\u00e3o\",\"p18_difusaoartistica\":\"Difus\\u00e3o Art\\u00edstica\",\"p18_direitoshumanos\":\"Direitos humanos\",\"p18_educacao\":\"Educa\\u00e7\\u00e3o\",\"p18_feminismos\":\"Feminismos\",\"p18_mobilidade\":\"Mobilidade\",\"p18_violencia\":\"Viol\\u00eancia\",\"p18_politicasculturais\":\"Pol\\u00edticas Culturais\",\"p19_comunicacao\":\"Comunica\\u00e7\\u00e3o\",\"p19_direitoshumanos\":\"Direitos humanos\",\"p19_educacao\":\"Educa\\u00e7\\u00e3o\",\"p19_feminismos\":\"Feminismos\",\"p19_difusaoartistica\":\"Difus\\u00e3o Art\\u00edstica\",\"p19_politicasculturais\":\"Pol\\u00edticas Culturais\",\"p20_reunioes\":\"Reuni\\u00f5es\",\"p20_atendimento\":\"Atendimento\",\"p20_oficinas\":\"Oficinas\",\"p20_oficinasaulasartisticas\":\"Ensaios\\\/Oficinas\\\/Aulas art\\u00edsticas\",\"p20_cursos\":\"Cursos\",\"p20_formacao\":\"Forma\\u00e7\\u00e3o\",\"p20_apresentacoesartisticas\":\"Apresenta\\u00e7\\u00f5es art\\u00edsticas\",\"p21_nenhum\":\"Nenhum\",\"p22_numerodeparticipantes\":\"1  - 15\",\"p23_reunioes\":\"Reuni\\u00f5es\",\"p23_atendimento\":\"Atendimento\",\"p23_oficinas\":\"Oficinas\",\"p23_oficinasaulasartisticas\":\"Ensaio\\\/Oficinas\\\/Aulas Art\\u00edsticas\",\"p23_cursos\":\"Cursos\",\"p23_formacao\":\"Forma\\u00e7\\u00e3o\",\"p23_apresentacoesartisticas\":\"Apresenta\\u00e7\\u00f5es Art\\u00edsticas\",\"p23_outros\":\"Outros\",\"p24_reunioes\":\"Reuni\\u00f5es\",\"p24_atendimento\":\"Atendimentos\",\"p24_oficinas\":\"Oficinas\",\"p24_oficinasaulasartisticas\":\"Ensaios\\\/Oficinas\\\/Aulas art\\u00edsticas\",\"p24_formacao\":\"Forma\\u00e7\\u00e3o\",\"p24_profissionalizacao\":\"Profissionaliza\\u00e7\\u00e3o\",\"p24_apresentacoesartisticas\":\"Apresenta\\u00e7\\u00f5es art\\u00edsticas\",\"p24_visitasexcursoes\":\"Visitas\\\/Excurs\\u00f5es\",\"p25_numerodepessoas\":\"1 - 20\",\"p26_numerodepessoas\":\"100 - 200\",\"p27_espacoproprio\":\"Espa\\u00e7o pr\\u00f3prio\",\"p27_virtual\":\"Virtual\",\"p28_territorios\":\"Cidade\",\"p30_outrasorganizacoes\":\"Sim\",\"p32_campanhadelongaduracao\":\"Sim\",\"p34_municipal\":\"Municipal\",\"p34_estadual\":\"Estadual\",\"p34_nacional\":\"Nacional\",\"p36_conselhosdeparticipacaoecontrolesocial\":\"Sim\",\"p38_sim\":\"Sim\",\"p38_nenhum\":\"Nenhum\",\"p40_editais\":\"Sim\",\"p41_privadopf\":\"Privado (P. F\\u00edsica)\",\"p41_financiamentocoletivo0\":\"Financiamento coletivo\",\"p42_meiodedivulgacaoproprio\":\"Sim\",\"p43_email\":\"E-mail\",\"p43_facebook\":\"Facebook\",\"p43_instagram\":\"Instagram\",\"p43_twitter\":\"Twitter\",\"p43_sitesblogs\":\"Blogs\\\/sites\",\"p43_youtube\":\"YouTube\",\"p44_radio\":\"TV\",\"p44_jornaisimpressosdegrandecirculacao\":\"Jornais impressos de grande circula\\u00e7\\u00e3o\",\"p44_jornaisimpressosdebairro\":\"Jornais impressos de bairro\",\"p44_redessociais\":\"Redes sociais (Facebook, YouTube, Instagram etc.)\",\"p44_sitesblogs\":\"Sites ou Blogs\",\"p39_publico\":\"PERIFERIA ADULTOS ADOLESCENTES CRIAN\\u00c7AS PROFISSIONAIS\",\"p45_bandeira\":\"FRUI\\u00c7\\u00c3O CULTURA VALORIZA\\u00c7\\u00c3O PROFISSIONAIS ARTE PROFISS\\u00c3O ARTE FERRAMENTA CONSCIENTIZA\\u00c7\\u00c3O MOBILIZA\\u00c7\\u00c3O COMUNIDADES\",\"p46_hashtags\":\"CULTURA, ARTE, PARTICIPACAO POPULAR \"},{\"p1_eixo\":\"Viol\\u00eancia\",\"p9_tipoorganizacao\":\"ONG\",\"p12_uf\":\"PE\",\"p13_cidade\":\"RECIFE\",\"p16_cidade\":\"Cidade\",\"p16_nacional\":\"Nacional\",\"p17_ano\":\"2015\",\"p18_comunicacao\":\"Comunica\\u00e7\\u00e3o\",\"p18_desenvolvimentoterritorial\":\"Desenvolvimento territorial\",\"p18_direitoshumanos\":\"Direitos humanos\",\"p18_educacao\":\"Educa\\u00e7\\u00e3o\",\"p18_feminismos\":\"Feminismos\",\"p18_mobilidade\":\"Mobilidade\",\"p18_violencia\":\"Viol\\u00eancia\",\"p19_comunicacao\":\"Comunica\\u00e7\\u00e3o\",\"p19_direitoshumanos\":\"Direitos humanos\",\"p19_educacao\":\"Educa\\u00e7\\u00e3o\",\"p19_feminismos\":\"Feminismos\",\"p19_violencia\":\"Viol\\u00eancia\",\"p20_reunioes\":\"Reuni\\u00f5es\",\"p20_atendimento\":\"Atendimento\",\"p20_oficinas\":\"Oficinas\",\"p20_cursos\":\"Cursos\",\"p20_formacao\":\"Forma\\u00e7\\u00e3o\",\"p21_repressaopolicial\":\"Repress\\u00e3o policial\",\"p21_nenhum\":\"Nenhum\",\"p22_numerodeparticipantes\":\"1  - 15\",\"p23_reunioes\":\"Reuni\\u00f5es\",\"p23_atendimento\":\"Atendimento\",\"p23_cursos\":\"Cursos\",\"p23_formacao\":\"Forma\\u00e7\\u00e3o\",\"p23_outros\":\"Outros\",\"p24_formacao\":\"Forma\\u00e7\\u00e3o\",\"p24_profissionalizacao\":\"Profissionaliza\\u00e7\\u00e3o\",\"p24_apresentacoesartisticas\":\"Apresenta\\u00e7\\u00f5es art\\u00edsticas\",\"p24_outros\":\"Outros\",\"p25_numerodepessoas\":\"1 - 20\",\"p26_numerodepessoas\":\"Mais de 500\",\"p27_espacoproprio\":\"Espa\\u00e7o pr\\u00f3prio\",\"p27_virtual\":\"Virtual\",\"p28_territorios\":\"Cidade\",\"p30_outrasorganizacoes\":\"N\\u00e3o\",\"p32_campanhadelongaduracao\":\"Sim\",\"p34_nacional\":\"Nacional\",\"p36_conselhosdeparticipacaoecontrolesocial\":\"N\\u00e3o\",\"p38_nenhum\":\"Nenhum\",\"p40_editais\":\"N\\u00e3o\",\"p41_publicoestatal\":\"P\\u00fablico-Estatal\",\"p41_privadopf\":\"Privado (P. F\\u00edsica)\",\"p41_privadopj\":\"Privado (P. Jur\\u00eddica)\",\"p41_financiamentocoletivo0\":\"Financiamento coletivo\",\"p42_meiodedivulgacaoproprio\":\"Sim\",\"p43_impressoes\":\"Impressos\",\"p43_email\":\"E-mail\",\"p43_facebook\":\"Facebook\",\"p43_whatsapp\":\"WhatsApp\",\"p43_instagram\":\"Instagram\",\"p43_sitesblogs\":\"Blogs\\\/sites\",\"p44_redessociais\":\"Redes sociais (Facebook, YouTube, Instagram etc.)\",\"p39_publico\":\"RECIFENSES ENGAJADOS MELHORIA CIDADE\",\"p45_bandeira\":\"CONTROLE-SOCIAL FEMINISMO COMBATE COMBATE CORRUP\\u00c7\\u00c3O\",\"p46_hashtags\":\"#RECIFEINCLUSIVO #RECIFEACESSIVEL #RECIFEDEMOCRATICO\"},{\"p1_eixo\":\"Viol\\u00eancia\",\"p9_tipoorganizacao\":\"ONG\",\"p12_uf\":\"SP\",\"p13_cidade\":\"S\\u00c3O PAULO\",\"p16_nacional\":\"Nacional\",\"p17_ano\":\"1981\",\"p18_difusaoartistica\":\"Difus\\u00e3o Art\\u00edstica\",\"p18_desenvolvimentoterritorial\":\"Desenvolvimento territorial\",\"p18_direitoshumanos\":\"Direitos humanos\",\"p18_educacao\":\"Educa\\u00e7\\u00e3o\",\"p18_feminismos\":\"Feminismos\",\"p18_violencia\":\"Viol\\u00eancia\",\"p19_direitoshumanos\":\"Direitos humanos\",\"p19_educacao\":\"Educa\\u00e7\\u00e3o\",\"p19_lutaantirracismo\":\"Luta antirracismo\",\"p19_violencia\":\"Viol\\u00eancia\",\"p19_difusaoartistica\":\"Difus\\u00e3o Art\\u00edstica\",\"p19_politicasculturais\":\"Pol\\u00edticas Culturais\",\"p20_reunioes\":\"Reuni\\u00f5es\",\"p20_atendimento\":\"Atendimento\",\"p20_oficinas\":\"Oficinas\",\"p20_cursos\":\"Cursos\",\"p20_formacao\":\"Forma\\u00e7\\u00e3o\",\"p20_apresentacoesartisticas\":\"Apresenta\\u00e7\\u00f5es art\\u00edsticas\",\"p21_repressaopolicial\":\"Repress\\u00e3o policial\",\"p21_racismo\":\"Racismo\",\"p22_numerodeparticipantes\":\"15 - 30\",\"p23_reunioes\":\"Reuni\\u00f5es\",\"p23_atendimento\":\"Atendimento\",\"p23_cursos\":\"Cursos\",\"p23_formacao\":\"Forma\\u00e7\\u00e3o\",\"p23_apresentacoesartisticas\":\"Apresenta\\u00e7\\u00f5es Art\\u00edsticas\",\"p24_profissionalizacao\":\"Profissionaliza\\u00e7\\u00e3o\",\"p24_apresentacoesartisticas\":\"Apresenta\\u00e7\\u00f5es art\\u00edsticas\",\"p24_outros\":\"Outros\",\"p25_numerodepessoas\":\"40 - 60\",\"p26_numerodepessoas\":\"80 - 100\",\"p27_espacoemprestadocedido\":\"Espa\\u00e7o emprestado\\\/cedido\",\"p27_espacoproprio\":\"Espa\\u00e7o pr\\u00f3prio\",\"p28_territorios\":\"Regi\\u00e3o da Cidade\",\"p30_outrasorganizacoes\":\"Sim\",\"p32_campanhadelongaduracao\":\"Sim\",\"p34_estadual\":\"Estadual\",\"p34_nacional\":\"Nacional\",\"p36_conselhosdeparticipacaoecontrolesocial\":\"Sim\",\"p38_sim\":\"Sim\",\"p38_nenhum\":\"Nenhum\",\"p40_editais\":\"Sim\",\"p41_publicoestatal\":\"P\\u00fablico-Estatal\",\"p41_privadopj\":\"Privado (P. Jur\\u00eddica)\",\"p41_autofinanciamento\":\"Autofinanciamento\",\"p41_financiamentocoletivo0\":\"Financiamento coletivo\",\"p42_meiodedivulgacaoproprio\":\"Sim\",\"p43_impressoes\":\"Impressos\",\"p43_email\":\"E-mail\",\"p43_facebook\":\"Facebook\",\"p43_whatsapp\":\"WhatsApp\",\"p43_instagram\":\"Instagram\",\"p43_youtube\":\"YouTube\",\"p44_redessociais\":\"Redes sociais (Facebook, YouTube, Instagram etc.)\",\"p44_sitesblogs\":\"Sites ou Blogs\",\"p39_publico\":\"T\\u00c9CNICOS GARANTIA PERIFERIA SUL ASSIST\\u00caNCIA SOCIAL LIDERAN\\u00c7AS COMUNIT\\u00c1RIAS PROFESSORES REDE-P\\u00daBLICA ESTUDANTES TERRIT\\u00d3RIO\",\"p45_bandeira\":\"DEFESA DIREITOS HUMANOS DEFESA EDUCA\\u00c7\\u00c3O POPULAR DESCONSTRU\\u00c7\\u00c3O PENAL JUSTI\\u00c7A\",\"p46_hashtags\":\"#PAULOFREIREVIVE #DIREITOSHUMANOSPARATODXS #PELOFIMDOESTADOPENAL\"},{\"p1_eixo\":\"Cultura\",\"p9_tipoorganizacao\":\"Coletivo\",\"p12_uf\":\"SP\",\"p13_cidade\":\"S\\u00c3O PAULO\",\"p16_nacional\":\"Nacional\",\"p17_ano\":\"1980\",\"p18_difusaoartistica\":\"Difus\\u00e3o Art\\u00edstica\",\"p18_desenvolvimentoterritorial\":\"Desenvolvimento territorial\",\"p18_direitoshumanos\":\"Direitos humanos\",\"p18_educacao\":\"Educa\\u00e7\\u00e3o\",\"p18_feminismos\":\"Feminismos\",\"p18_lgbtqi\":\"LGBTQI\",\"p18_lutaantirracismo\":\"Luta antirracismo\",\"p18_saude\":\"Sa\\u00fade\",\"p18_violencia\":\"Viol\\u00eancia\",\"p18_politicasculturais\":\"Pol\\u00edticas Culturais\",\"p19_feminismos\":\"Feminismos\",\"p19_lgbtqi\":\"LGBTQI\",\"p19_lutaantirracismo\":\"Luta antirracismo\",\"p19_difusaoartistica\":\"Difus\\u00e3o Art\\u00edstica\",\"p19_politicasculturais\":\"Pol\\u00edticas Culturais\",\"p20_reunioes\":\"Reuni\\u00f5es\",\"p20_oficinas\":\"Oficinas\",\"p20_formacao\":\"Forma\\u00e7\\u00e3o\",\"p20_apresentacoesartisticas\":\"Apresenta\\u00e7\\u00f5es art\\u00edsticas\",\"p20_visitasexcursoes\":\"Visitas\\\/Excurs\\u00f5es\",\"p21_repressaopolicial\":\"Repress\\u00e3o policial\",\"p21_machismo\":\"Machismo\",\"p21_racismo\":\"Racismo\",\"p21_lgbtqifobia\":\"LGBTIfobia\",\"p22_numerodeparticipantes\":\"1  - 15\",\"p23_reunioes\":\"Reuni\\u00f5es\",\"p23_formacao\":\"Forma\\u00e7\\u00e3o\",\"p23_apresentacoesartisticas\":\"Apresenta\\u00e7\\u00f5es Art\\u00edsticas\",\"p24_apresentacoesartisticas\":\"Apresenta\\u00e7\\u00f5es art\\u00edsticas\",\"p24_outros\":\"Outros\",\"p25_numerodepessoas\":\"200 - 300\",\"p26_numerodepessoas\":\"200 - 300\",\"p27_espacopublico\":\"Espa\\u00e7o p\\u00fablico\",\"p27_espacoemprestadocedido\":\"Espa\\u00e7o emprestado\\\/cedido\",\"p27_virtual\":\"Virtual\",\"p28_territorios\":\"Cidade\",\"p30_outrasorganizacoes\":\"Sim\",\"p32_campanhadelongaduracao\":\"Sim\",\"p34_estadual\":\"Estadual\",\"p36_conselhosdeparticipacaoecontrolesocial\":\"N\\u00e3o\",\"p38_sim\":\"Sim\",\"p40_editais\":\"N\\u00e3o\",\"p41_autofinanciamento\":\"Autofinanciamento\",\"p41_financiamentocoletivo0\":\"Financiamento coletivo\",\"p42_meiodedivulgacaoproprio\":\"Sim\",\"p43_email\":\"E-mail\",\"p43_facebook\":\"Facebook\",\"p43_whatsapp\":\"WhatsApp\",\"p43_instagram\":\"Instagram\",\"p43_youtube\":\"YouTube\",\"p44_redessociais\":\"Redes sociais (Facebook, YouTube, Instagram etc.)\",\"p44_sitesblogs\":\"Sites ou Blogs\",\"p39_publico\":\"PROFESSORES PESQUISADORES LEITORES\",\"p45_bandeira\":\"LUTA ANTIRRACISTA DIVULGA\\u00c7\\u00c3O LITERATURA PRODUZIDA ESCRITORES NEGROS NEGRAS EDUCA\\u00c7\\u00c3OPOLITICA P\\u00daBLICA IGUALDADE\",\"p46_hashtags\":\"#LITERATURANEGRA #LITERATURAFEMININA #COTASPARANEGROSENEGRAS\"},{\"p1_eixo\":\"Cultura\",\"p9_tipoorganizacao\":\"Coletivo\",\"p12_uf\":\"RJ\",\"p13_cidade\":\"RIO DE JANEIRO\",\"p16_nacional\":\"Nacional\",\"p17_ano\":\"2009\",\"p16_estado\":\"Estado\",\"p18_difusaoartistica\":\"Difus\\u00e3o Art\\u00edstica\",\"p18_desenvolvimentoterritorial\":\"Desenvolvimento territorial\",\"p18_direitoshumanos\":\"Direitos humanos\",\"p18_educacao\":\"Educa\\u00e7\\u00e3o\",\"p18_feminismos\":\"Feminismos\",\"p18_lgbtqi\":\"LGBTQI\",\"p18_lutaantirracismo\":\"Luta antirracismo\",\"p18_mobilidade\":\"Mobilidade\",\"p18_povosecomunidadestradicionais\":\"Povos e comunidades tradicionais\",\"p18_trabalho\":\"Trabalho\",\"p18_saude\":\"Sa\\u00fade\",\"p18_violencia\":\"Viol\\u00eancia\",\"p18_politicasculturais\":\"Pol\\u00edticas Culturais\",\"p19_agrario\":\"Agr\\u00e1rio\\\/ruralidades\",\"p19_direitoshumanos\":\"Direitos humanos\",\"p19_educacao\":\"Educa\\u00e7\\u00e3o\",\"p19_feminismos\":\"Feminismos\",\"p19_lgbtqi\":\"LGBTQI\",\"p19_lutaantirracismo\":\"Luta antirracismo\",\"p20_reunioes\":\"Reuni\\u00f5es\",\"p20_oficinas\":\"Oficinas\",\"p20_formacao\":\"Forma\\u00e7\\u00e3o\",\"p20_visitasexcursoes\":\"Visitas\\\/Excurs\\u00f5es\",\"p21_repressaopolicial\":\"Repress\\u00e3o policial\",\"p21_machismo\":\"Machismo\",\"p21_racismo\":\"Racismo\",\"p21_lgbtqifobia\":\"LGBTIfobia\",\"p21_nenhum\":\"Nenhum\",\"p22_numerodeparticipantes\":\"Mais de 90\",\"p23_reunioes\":\"Reuni\\u00f5es\",\"p23_oficinas\":\"Oficinas\",\"p23_formacao\":\"Forma\\u00e7\\u00e3o\",\"p24_profissionalizacao\":\"Profissionaliza\\u00e7\\u00e3o\",\"p24_visitasexcursoes\":\"Visitas\\\/Excurs\\u00f5es\",\"p24_outros\":\"Outros\",\"p25_numerodepessoas\":\"20 - 40\",\"p26_numerodepessoas\":\"100 - 200\",\"p27_espacopublico\":\"Espa\\u00e7o p\\u00fablico\",\"p27_espacoemprestadocedido\":\"Espa\\u00e7o emprestado\\\/cedido\",\"p27_virtual\":\"Virtual\",\"p28_territorios\":\"Atua\\u00e7\\u00e3o Nacional\",\"p30_outrasorganizacoes\":\"Sim\",\"p32_campanhadelongaduracao\":\"Sim\",\"p34_estadual\":\"Estadual\",\"p36_conselhosdeparticipacaoecontrolesocial\":\"Sim\",\"p38_sim\":\"Sim\",\"p40_editais\":\"N\\u00e3o\",\"p41_financiamentocoletivo0\":\"Financiamento coletivo\",\"p42_meiodedivulgacaoproprio\":\"Sim\",\"p43_email\":\"E-mail\",\"p43_facebook\":\"Facebook\",\"p43_instagram\":\"Instagram\",\"p44_redessociais\":\"Redes sociais (Facebook, YouTube, Instagram etc.)\",\"p44_sitesblogs\":\"Sites ou Blogs\",\"p39_publico\":\"JOVENS NEGRAS NEGROS\",\"p45_bandeira\":\"COMBATE RACISMO PROTAGONISMO JUVENIL SOBERANIA POPULAR FEMINISMO LGBTQI+\",\"p46_hashtags\":\"#VIDASNEGRASIMPORTAM #JUVENTUDENEGRAVIVA #PAREMDENOSMATAR\"},{\"p1_eixo\":\"Trabalho\",\"p9_tipoorganizacao\":\"Coletivo\",\"p12_uf\":\"BA\",\"p13_cidade\":\"SALVADOR\",\"p16_cidade\":\"Cidade\",\"p17_ano\":\"2015\",\"p16_estado\":\"Estado\",\"p18_direitoshumanos\":\"Direitos humanos\",\"p18_educacao\":\"Educa\\u00e7\\u00e3o\",\"p18_feminismos\":\"Feminismos\",\"p18_lgbtqi\":\"LGBTQI\",\"p18_lutaantirracismo\":\"Luta antirracismo\",\"p18_mobilidade\":\"Mobilidade\",\"p18_povosecomunidadestradicionais\":\"Povos e comunidades tradicionais\",\"p18_trabalho\":\"Trabalho\",\"p18_saude\":\"Sa\\u00fade\",\"p18_violencia\":\"Viol\\u00eancia\",\"p18_politicasculturais\":\"Pol\\u00edticas Culturais\",\"p19_agrario\":\"Agr\\u00e1rio\\\/ruralidades\",\"p19_direitoshumanos\":\"Direitos humanos\",\"p19_educacao\":\"Educa\\u00e7\\u00e3o\",\"p19_trabalho\":\"Trabalho\",\"p19_saude\":\"Sa\\u00fade\",\"p20_reunioes\":\"Reuni\\u00f5es\",\"p20_oficinas\":\"Oficinas\",\"p20_oficinasaulasartisticas\":\"Ensaios\\\/Oficinas\\\/Aulas art\\u00edsticas\",\"p20_formacao\":\"Forma\\u00e7\\u00e3o\",\"p21_nenhum\":\"Nenhum\",\"p22_numerodeparticipantes\":\"60 - 75\",\"p23_reunioes\":\"Reuni\\u00f5es\",\"p23_oficinas\":\"Oficinas\",\"p23_formacao\":\"Forma\\u00e7\\u00e3o\",\"p23_outros\":\"Outros\",\"p24_reunioes\":\"Reuni\\u00f5es\",\"p24_oficinas\":\"Oficinas\",\"p24_oficinasaulasartisticas\":\"Ensaios\\\/Oficinas\\\/Aulas art\\u00edsticas\",\"p24_profissionalizacao\":\"Profissionaliza\\u00e7\\u00e3o\",\"p24_visitasexcursoes\":\"Visitas\\\/Excurs\\u00f5es\",\"p25_numerodepessoas\":\"20 - 40\",\"p26_numerodepessoas\":\"200 - 300\",\"p27_espacopublico\":\"Espa\\u00e7o p\\u00fablico\",\"p27_espacoemprestadocedido\":\"Espa\\u00e7o emprestado\\\/cedido\",\"p28_territorios\":\"Regi\\u00e3o da Cidade\",\"p30_outrasorganizacoes\":\"Sim\",\"p32_campanhadelongaduracao\":\"Sim\",\"p34_estadual\":\"Estadual\",\"p34_nenhuma\":\"Nenhuma\",\"p36_conselhosdeparticipacaoecontrolesocial\":\"Sim\",\"p38_sim\":\"Sim\",\"p40_editais\":\"Sim\",\"p41_autofinanciamento\":\"Autofinanciamento\",\"p41_financiamentocoletivo0\":\"Financiamento coletivo\",\"p42_meiodedivulgacaoproprio\":\"Sim\",\"p43_facebook\":\"Facebook\",\"p43_whatsapp\":\"WhatsApp\",\"p43_instagram\":\"Instagram\",\"p44_redessociais\":\"Redes sociais (Facebook, YouTube, Instagram etc.)\",\"p39_publico\":\"JOVENS PERIF\\u00c9RICOS CIDADE VULNERABILIDADE SOCIAL\",\"p45_bandeira\":\"FEMINISMO ECOSSOCIALISMO ANTIPATRIARCAL ANTIPROIBICIONISTA COLORIDA PLURAL HORIZONTAL RECORTE CLASSE COR ETNIA G\\u00caNERO\",\"p46_hashtags\":\"#JUVENTUDE #SOCIALISMO #TRABALHADORES\"},{\"p1_eixo\":\"Trabalho\",\"p9_tipoorganizacao\":\"Movimento Social\",\"p12_uf\":\"MG\",\"p13_cidade\":\"BARBACENA\",\"p16_cidade\":\"Cidade\",\"p16_nacional\":\"Nacional\",\"p17_ano\":\"2017\",\"p18_difusaoartistica\":\"Difus\\u00e3o Art\\u00edstica\",\"p18_desenvolvimentoterritorial\":\"Desenvolvimento territorial\",\"p18_direitoshumanos\":\"Direitos humanos\",\"p18_educacao\":\"Educa\\u00e7\\u00e3o\",\"p18_feminismos\":\"Feminismos\",\"p18_lgbtqi\":\"LGBTQI\",\"p18_lutaantirracismo\":\"Luta antirracismo\",\"p18_povosecomunidadestradicionais\":\"Povos e comunidades tradicionais\",\"p18_trabalho\":\"Trabalho\",\"p18_religiao\":\"Religi\\u00e3o\",\"p18_saude\":\"Sa\\u00fade\",\"p18_violencia\":\"Viol\\u00eancia\",\"p18_politicasculturais\":\"Pol\\u00edticas Culturais\",\"p19_direitoshumanos\":\"Direitos humanos\",\"p19_educacao\":\"Educa\\u00e7\\u00e3o\",\"p19_lutaantirracismo\":\"Luta antirracismo\",\"p19_trabalho\":\"Trabalho\",\"p19_saude\":\"Sa\\u00fade\",\"p20_reunioes\":\"Reuni\\u00f5es\",\"p20_oficinas\":\"Oficinas\",\"p20_oficinasaulasartisticas\":\"Ensaios\\\/Oficinas\\\/Aulas art\\u00edsticas\",\"p20_cursos\":\"Cursos\",\"p20_formacao\":\"Forma\\u00e7\\u00e3o\",\"p21_racismo\":\"Racismo\",\"p21_nenhum\":\"Nenhum\",\"p22_numerodeparticipantes\":\"1  - 15\",\"p23_reunioes\":\"Reuni\\u00f5es\",\"p23_oficinas\":\"Oficinas\",\"p23_cursos\":\"Cursos\",\"p23_formacao\":\"Forma\\u00e7\\u00e3o\",\"p23_outros\":\"Outros\",\"p24_reunioes\":\"Reuni\\u00f5es\",\"p24_oficinas\":\"Oficinas\",\"p24_oficinasaulasartisticas\":\"Ensaios\\\/Oficinas\\\/Aulas art\\u00edsticas\",\"p24_curso\":\"Curso\",\"p24_formacao\":\"Forma\\u00e7\\u00e3o\",\"p24_profissionalizacao\":\"Profissionaliza\\u00e7\\u00e3o\",\"p25_numerodepessoas\":\"1 - 20\",\"p26_numerodepessoas\":\"1 - 20\",\"p27_espacopublico\":\"Espa\\u00e7o p\\u00fablico\",\"p27_espacoemprestadocedido\":\"Espa\\u00e7o emprestado\\\/cedido\",\"p27_virtual\":\"Virtual\",\"p28_territorios\":\"Cidade\",\"p30_outrasorganizacoes\":\"Sim\",\"p32_campanhadelongaduracao\":\"Sim\",\"p34_nacional\":\"Nacional\",\"p34_nenhuma\":\"Nenhuma\",\"p36_conselhosdeparticipacaoecontrolesocial\":\"Sim\",\"p38_sim\":\"Sim\",\"p40_editais\":\"N\\u00e3o\",\"p41_autofinanciamento\":\"Autofinanciamento\",\"p42_meiodedivulgacaoproprio\":\"Sim\",\"p43_impressoes\":\"Impressos\",\"p43_email\":\"E-mail\",\"p43_facebook\":\"Facebook\",\"p43_whatsapp\":\"WhatsApp\",\"p43_instagram\":\"Instagram\",\"p43_sitesblogs\":\"Blogs\\\/sites\",\"p43_radio\":\"R\\u00e1dio\",\"p44_jornaisimpressosdebairro\":\"Jornais impressos de bairro\",\"p44_redessociais\":\"Redes sociais (Facebook, YouTube, Instagram etc.)\",\"p44_sitesblogs\":\"Sites ou Blogs\",\"p39_publico\":\"CLASSE-TRABALHADORA\",\"p45_bandeira\":\"DIREITOS DEMOCRACIA FEMINISMO\",\"p46_hashtags\":\"#DIREITOS #DEMOCRACIA #FEMINISMO\"},{\"p1_eixo\":\"Cultura\",\"p9_tipoorganizacao\":\"Movimento Social\",\"p12_uf\":\"BA\",\"p13_cidade\":\"SALVADOR\",\"p16_cidade\":\"Cidade\",\"p16_nacional\":\"Nacional\",\"p17_ano\":\"1983\",\"p18_comunicacao\":\"Comunica\\u00e7\\u00e3o\",\"p18_difusaoartistica\":\"Difus\\u00e3o Art\\u00edstica\",\"p18_desenvolvimentoterritorial\":\"Desenvolvimento territorial\",\"p18_direitoshumanos\":\"Direitos humanos\",\"p18_educacao\":\"Educa\\u00e7\\u00e3o\",\"p18_feminismos\":\"Feminismos\",\"p18_lgbtqi\":\"LGBTQI\",\"p18_lutaantirracismo\":\"Luta antirracismo\",\"p18_povosecomunidadestradicionais\":\"Povos e comunidades tradicionais\",\"p18_religiao\":\"Religi\\u00e3o\",\"p18_saude\":\"Sa\\u00fade\",\"p18_violencia\":\"Viol\\u00eancia\",\"p18_politicasculturais\":\"Pol\\u00edticas Culturais\",\"p19_comunicacao\":\"Comunica\\u00e7\\u00e3o\",\"p19_direitoshumanos\":\"Direitos humanos\",\"p19_educacao\":\"Educa\\u00e7\\u00e3o\",\"p19_lutaantirracismo\":\"Luta antirracismo\",\"p19_difusaoartistica\":\"Difus\\u00e3o Art\\u00edstica\",\"p19_politicasculturais\":\"Pol\\u00edticas Culturais\",\"p20_reunioes\":\"Reuni\\u00f5es\",\"p20_oficinas\":\"Oficinas\",\"p20_oficinasaulasartisticas\":\"Ensaios\\\/Oficinas\\\/Aulas art\\u00edsticas\",\"p20_cursos\":\"Cursos\",\"p20_formacao\":\"Forma\\u00e7\\u00e3o\",\"p21_intoleranciareligiosa\":\"Fundamentalismo\\\/intoler\\u00e2ncia religiosa\",\"p21_machismo\":\"Machismo\",\"p21_racismo\":\"Racismo\",\"p21_lgbtqifobia\":\"LGBTIfobia\",\"p22_numerodeparticipantes\":\"30 - 45\",\"p23_reunioes\":\"Reuni\\u00f5es\",\"p23_cursos\":\"Cursos\",\"p23_formacao\":\"Forma\\u00e7\\u00e3o\",\"p23_visitas\":\"Visitas\",\"p24_reunioes\":\"Reuni\\u00f5es\",\"p24_oficinas\":\"Oficinas\",\"p24_curso\":\"Curso\",\"p24_formacao\":\"Forma\\u00e7\\u00e3o\",\"p24_profissionalizacao\":\"Profissionaliza\\u00e7\\u00e3o\",\"p24_outros\":\"Outros\",\"p25_numerodepessoas\":\"20 - 40\",\"p26_numerodepessoas\":\"20 - 40\",\"p27_espacopublico\":\"Espa\\u00e7o p\\u00fablico\",\"p27_espacoemprestadocedido\":\"Espa\\u00e7o emprestado\\\/cedido\",\"p27_espacoproprio\":\"Espa\\u00e7o pr\\u00f3prio\",\"p27_virtual\":\"Virtual\",\"p28_territorios\":\"Atua\\u00e7\\u00e3o Nacional\",\"p30_outrasorganizacoes\":\"Sim\",\"p32_campanhadelongaduracao\":\"Sim\",\"p34_municipal\":\"Municipal\",\"p34_nacional\":\"Nacional\",\"p36_conselhosdeparticipacaoecontrolesocial\":\"Sim\",\"p38_sim\":\"Sim\",\"p40_editais\":\"Sim\",\"p41_autofinanciamento\":\"Autofinanciamento\",\"p42_meiodedivulgacaoproprio\":\"Sim\",\"p43_impressoes\":\"Impressos\",\"p43_email\":\"E-mail\",\"p43_facebook\":\"Facebook\",\"p43_whatsapp\":\"WhatsApp\",\"p43_instagram\":\"Instagram\",\"p43_sitesblogs\":\"Blogs\\\/sites\",\"p43_radio\":\"R\\u00e1dio\",\"p44_radio\":\"R\\u00e1dio\",\"p44_jornaisimpressosdebairro\":\"Jornais impressos de bairro\",\"p44_redessociais\":\"Redes sociais (Facebook, YouTube, Instagram etc.)\",\"p44_sitesblogs\":\"Sites ou Blogs\",\"p39_publico\":\"NEGROS NEGRAS\",\"p45_bandeira\":\"GENOC\\u00cdDIO JUVENTUDE NEGRA SEGURAN\\u00c7A ALIMENTAR COMBATE FOME DIREITOS HUMANOS RACISMO G\\u00caNERO DIREITOS HUMANOS POPULA\\u00c7\\u00c3O NEGRA COMUNIDADES TRADICIONAIS  RELIGIOSA\",\"p46_hashtags\":\"#DIGANAOAORACISMO #COMIDADEVERDADENOCAMPOENACIDADE #VIDASNEGRASIMPORTAM\"},{\"p1_eixo\":\"Cultura\",\"p9_tipoorganizacao\":\"Coletivo\",\"p12_uf\":\"SP\",\"p13_cidade\":\"S\\u00c3O PAULO\",\"p16_cidade\":\"Cidade\",\"p16_internacional\":\"Internacional\",\"p17_ano\":\"2015\",\"p18_comunicacao\":\"Comunica\\u00e7\\u00e3o\",\"p18_direitoshumanos\":\"Direitos humanos\",\"p18_educacao\":\"Educa\\u00e7\\u00e3o\",\"p18_lutaantirracismo\":\"Luta antirracismo\",\"p18_politicasculturais\":\"Pol\\u00edticas Culturais\",\"p19_comunicacao\":\"Comunica\\u00e7\\u00e3o\",\"p19_educacao\":\"Educa\\u00e7\\u00e3o\",\"p19_lutaantirracismo\":\"Luta antirracismo\",\"p19_difusaoartistica\":\"Difus\\u00e3o Art\\u00edstica\",\"p19_politicasculturais\":\"Pol\\u00edticas Culturais\",\"p20_reunioes\":\"Reuni\\u00f5es\",\"p20_oficinas\":\"Oficinas\",\"p20_formacao\":\"Forma\\u00e7\\u00e3o\",\"p21_intoleranciareligiosa\":\"Fundamentalismo\\\/intoler\\u00e2ncia religiosa\",\"p21_machismo\":\"Machismo\",\"p21_racismo\":\"Racismo\",\"p21_lgbtqifobia\":\"LGBTIfobia\",\"p22_numerodeparticipantes\":\"1  - 15\",\"p23_reunioes\":\"Reuni\\u00f5es\",\"p23_oficinas\":\"Oficinas\",\"p23_formacao\":\"Forma\\u00e7\\u00e3o\",\"p23_visitas\":\"Visitas\",\"p24_reunioes\":\"Reuni\\u00f5es\",\"p24_curso\":\"Curso\",\"p24_formacao\":\"Forma\\u00e7\\u00e3o\",\"p24_outros\":\"Outros\",\"p25_numerodepessoas\":\"1 - 20\",\"p26_numerodepessoas\":\"400 - 500\",\"p27_espacoproprio\":\"Espa\\u00e7o pr\\u00f3prio\",\"p28_territorios\":\"Cidade\",\"p30_outrasorganizacoes\":\"Sim\",\"p32_campanhadelongaduracao\":\"Sim\",\"p34_municipal\":\"Municipal\",\"p34_estadual\":\"Estadual\",\"p36_conselhosdeparticipacaoecontrolesocial\":\"N\\u00e3o\",\"p38_sim\":\"Sim\",\"p40_editais\":\"Sim\",\"p41_autofinanciamento\":\"Autofinanciamento\",\"p42_meiodedivulgacaoproprio\":\"Sim\",\"p43_impressoes\":\"Impressos\",\"p43_email\":\"E-mail\",\"p43_facebook\":\"Facebook\",\"p43_whatsapp\":\"WhatsApp\",\"p43_instagram\":\"Instagram\",\"p43_sitesblogs\":\"Blogs\\\/sites\",\"p44_radio\":\"R\\u00e1dio\",\"p44_redessociais\":\"Redes sociais (Facebook, YouTube, Instagram etc.)\",\"p44_sitesblogs\":\"Sites ou Blogs\",\"p39_publico\":\"ATIVISTAS CULTURAIS ATIVISTAS EDUCA\\u00c7\\u00c3O POPULAR ARTISTAS V\\u00c1RIAS LINGUAGENS PRODUTORES CULTURAIS JOVENS ESTUDANTES JOVENS ATENDIDOS PELO SOCIOEDUCATIVO COLETIVOS CULTURAIS JOVENS MONITORES CULTURAIS FREQUENTADORES SARAU CANDIDATOS PROGRAMAS FOMENTO CULTURAL\",\"p45_bandeira\":\"REGISTRAR-DIVULGAR-FOMENTAR PRODU\\u00c7\\u00d5ES CULTURAIS EXPRESSEM VIV\\u00caNCIAS POPULA\\u00c7\\u00d5ES PERIF\\u00c9RICAS SAO INFLUINDO FORMULA\\u00c7\\u00c3O POL\\u00cdTICAS P\\u00daBLICAS CULTURAIS INCLUSIVAS EFETIVA\\u00c7\\u00c3O CULTURA DIREITO EXPRESS\\u00c3O LEG\\u00cdTIMA\",\"p46_hashtags\":\"#EQUIDADE #DIVERSIDADECULTURAL #ARTES\"},{\"p1_eixo\":\"Cultura\",\"p9_tipoorganizacao\":\"Movimento Social\",\"p12_uf\":\"MG\",\"p13_cidade\":\"NOVA LIMA\",\"p16_nacional\":\"Nacional\",\"p16_internacional\":\"Internacional\",\"p17_ano\":\"1980\",\"p18_comunicacao\":\"Comunica\\u00e7\\u00e3o\",\"p18_difusaoartistica\":\"Difus\\u00e3o Art\\u00edstica\",\"p18_direitoshumanos\":\"Direitos humanos\",\"p18_educacao\":\"Educa\\u00e7\\u00e3o\",\"p18_lgbtqi\":\"LGBTQI\",\"p18_lutaantirracismo\":\"Luta antirracismo\",\"p18_saude\":\"Sa\\u00fade\",\"p18_violencia\":\"Viol\\u00eancia\",\"p18_politicasculturais\":\"Pol\\u00edticas Culturais\",\"p19_direitoshumanos\":\"Direitos humanos\",\"p19_educacao\":\"Educa\\u00e7\\u00e3o\",\"p19_lutaantirracismo\":\"Luta antirracismo\",\"p19_politicasculturais\":\"Pol\\u00edticas Culturais\",\"p20_reunioes\":\"Reuni\\u00f5es\",\"p20_oficinas\":\"Oficinas\",\"p20_oficinasaulasartisticas\":\"Ensaios\\\/Oficinas\\\/Aulas art\\u00edsticas\",\"p20_formacao\":\"Forma\\u00e7\\u00e3o\",\"p20_apresentacoesartisticas\":\"Apresenta\\u00e7\\u00f5es art\\u00edsticas\",\"p21_racismo\":\"Racismo\",\"p21_nenhum\":\"Nenhum\",\"p22_numerodeparticipantes\":\"1  - 15\",\"p23_reunioes\":\"Reuni\\u00f5es\",\"p23_oficinas\":\"Oficinas\",\"p23_formacao\":\"Forma\\u00e7\\u00e3o\",\"p23_outros\":\"Outros\",\"p24_reunioes\":\"Reuni\\u00f5es\",\"p24_oficinas\":\"Oficinas\",\"p24_curso\":\"Curso\",\"p24_formacao\":\"Forma\\u00e7\\u00e3o\",\"p25_numerodepessoas\":\"60 - 80\",\"p26_numerodepessoas\":\"1 - 20\",\"p27_espacopublico\":\"Espa\\u00e7o p\\u00fablico\",\"p27_espacoproprio\":\"Espa\\u00e7o pr\\u00f3prio\",\"p27_virtual\":\"Virtual\",\"p28_territorios\":\"Cidade\",\"p30_outrasorganizacoes\":\"Sim\",\"p32_campanhadelongaduracao\":\"Sim\",\"p34_estadual\":\"Estadual\",\"p34_nenhuma\":\"Nenhuma\",\"p36_conselhosdeparticipacaoecontrolesocial\":\"Sim\",\"p38_sim\":\"Sim\",\"p38_nenhum\":\"Nenhum\",\"p40_editais\":\"N\\u00e3o\",\"p41_autofinanciamento\":\"Autofinanciamento\",\"p42_meiodedivulgacaoproprio\":\"Sim\",\"p43_impressoes\":\"Impressos\",\"p43_email\":\"E-mail\",\"p43_facebook\":\"Facebook\",\"p43_whatsapp\":\"WhatsApp\",\"p43_instagram\":\"Instagram\",\"p43_sitesblogs\":\"Blogs\\\/sites\",\"p43_youtube\":\"YouTube\",\"p44_redessociais\":\"Redes sociais (Facebook, YouTube, Instagram etc.)\",\"p44_sitesblogs\":\"Sites ou Blogs\",\"p39_publico\":\"CRIAN\\u00c7AS JUVENTUDE\",\"p45_bandeira\":\" ANTIRRACISMO  CONTRA-VIOL\\u00caNCIA-POLICIAL LUTA PELOS DIREITOS HUMANOS LUTA CONTRA VALE MST\",\"p46_hashtags\":\"#DIREITOEPRESERVACAO #VALORIZACAODACULTURANEGRA  #DIREITOAVIDA\"},{\"p1_eixo\":\"Cultura\",\"p9_tipoorganizacao\":\"Coletivo\",\"p12_uf\":\"SP\",\"p13_cidade\":\"ARARAQUARA\",\"p16_nacional\":\"Nacional\",\"p17_ano\":\"2017\",\"p16_estado\":\"Estado\",\"p18_comunicacao\":\"Comunica\\u00e7\\u00e3o\",\"p18_difusaoartistica\":\"Difus\\u00e3o Art\\u00edstica\",\"p18_direitoshumanos\":\"Direitos humanos\",\"p18_educacao\":\"Educa\\u00e7\\u00e3o\",\"p18_lgbtqi\":\"LGBTQI\",\"p18_lutaantirracismo\":\"Luta antirracismo\",\"p18_povosecomunidadestradicionais\":\"Povos e comunidades tradicionais\",\"p18_religiao\":\"Religi\\u00e3o\",\"p18_saude\":\"Sa\\u00fade\",\"p18_violencia\":\"Viol\\u00eancia\",\"p18_politicasculturais\":\"Pol\\u00edticas Culturais\",\"p19_direitoshumanos\":\"Direitos humanos\",\"p19_educacao\":\"Educa\\u00e7\\u00e3o\",\"p19_religiao\":\"Religi\\u00e3o\",\"p19_politicasculturais\":\"Pol\\u00edticas Culturais\",\"p20_reunioes\":\"Reuni\\u00f5es\",\"p20_atendimento\":\"Atendimento\",\"p20_oficinas\":\"Oficinas\",\"p20_oficinasaulasartisticas\":\"Ensaios\\\/Oficinas\\\/Aulas art\\u00edsticas\",\"p20_formacao\":\"Forma\\u00e7\\u00e3o\",\"p20_apresentacoesartisticas\":\"Apresenta\\u00e7\\u00f5es art\\u00edsticas\",\"p20_visitasexcursoes\":\"Visitas\\\/Excurs\\u00f5es\",\"p21_intoleranciareligiosa\":\"Fundamentalismo\\\/intoler\\u00e2ncia religiosa\",\"p21_racismo\":\"Racismo\",\"p21_lgbtqifobia\":\"LGBTIfobia\",\"p21_nenhum\":\"Nenhum\",\"p22_numerodeparticipantes\":\"1  - 15\",\"p23_reunioes\":\"Reuni\\u00f5es\",\"p23_atendimento\":\"Atendimento\",\"p23_oficinas\":\"Oficinas\",\"p23_formacao\":\"Forma\\u00e7\\u00e3o\",\"p23_visitas\":\"Visitas\",\"p23_excursoes\":\"Excurs\\u00f5es\",\"p23_outros\":\"Outros\",\"p24_reunioes\":\"Reuni\\u00f5es\",\"p24_atendimento\":\"Atendimentos\",\"p24_oficinas\":\"Oficinas\",\"p24_formacao\":\"Forma\\u00e7\\u00e3o\",\"p24_visitasexcursoes\":\"Visitas\\\/Excurs\\u00f5es\",\"p25_numerodepessoas\":\"Mais de 500\",\"p26_numerodepessoas\":\"80 - 100\",\"p27_espacopublico\":\"Espa\\u00e7o p\\u00fablico\",\"p27_espacoproprio\":\"Espa\\u00e7o pr\\u00f3prio\",\"p27_virtual\":\"Virtual\",\"p28_territorios\":\"Atua\\u00e7\\u00e3o Nacional\",\"p30_outrasorganizacoes\":\"Sim\",\"p32_campanhadelongaduracao\":\"Sim\",\"p34_municipal\":\"Municipal\",\"p34_nacional\":\"Nacional\",\"p34_nenhuma\":\"Nenhuma\",\"p36_conselhosdeparticipacaoecontrolesocial\":\"N\\u00e3o\",\"p38_sim\":\"Sim\",\"p38_nenhum\":\"Nenhum\",\"p40_editais\":\"N\\u00e3o\",\"p41_autofinanciamento\":\"Autofinanciamento\",\"p41_financiamentocoletivo0\":\"Financiamento coletivo\",\"p42_meiodedivulgacaoproprio\":\"Sim\",\"p43_email\":\"E-mail\",\"p43_facebook\":\"Facebook\",\"p43_whatsapp\":\"WhatsApp\",\"p43_instagram\":\"Instagram\",\"p43_sitesblogs\":\"Blogs\\\/sites\",\"p43_radio\":\"R\\u00e1dio\",\"p43_youtube\":\"YouTube\",\"p44_radio\":\"R\\u00e1dio\",\"p44_redessociais\":\"Redes sociais (Facebook, YouTube, Instagram etc.)\",\"p44_sitesblogs\":\"Sites ou Blogs\",\"p39_publico\":\"PERIFERIAS VULNERABILIDADE SOCIAL ECON\\u00d4MICA\",\"p45_bandeira\":\"DIREITOS HUMANOS\",\"p46_hashtags\":\"#CULTURA #EDUCACAO #DIREITOSHUMANOS\"},{\"p1_eixo\":\"Cultura\",\"p9_tipoorganizacao\":\"ONG\",\"p12_uf\":\"RJ\",\"p13_cidade\":\"NOVA IGUA\\u00c7U\",\"p16_cidade\":\"Cidade\",\"p17_ano\":\"1986\",\"p16_estado\":\"Estado\",\"p18_difusaoartistica\":\"Difus\\u00e3o Art\\u00edstica\",\"p18_direitoshumanos\":\"Direitos humanos\",\"p18_educacao\":\"Educa\\u00e7\\u00e3o\",\"p18_lgbtqi\":\"LGBTQI\",\"p18_lutaantirracismo\":\"Luta antirracismo\",\"p18_povosecomunidadestradicionais\":\"Povos e comunidades tradicionais\",\"p18_trabalho\":\"Trabalho\",\"p18_religiao\":\"Religi\\u00e3o\",\"p18_saude\":\"Sa\\u00fade\",\"p18_violencia\":\"Viol\\u00eancia\",\"p19_direitoshumanos\":\"Direitos humanos\",\"p19_educacao\":\"Educa\\u00e7\\u00e3o\",\"p19_lgbtqi\":\"LGBTQI\",\"p19_trabalho\":\"Trabalho\",\"p19_religiao\":\"Religi\\u00e3o\",\"p19_difusaoartistica\":\"Difus\\u00e3o Art\\u00edstica\",\"p20_reunioes\":\"Reuni\\u00f5es\",\"p20_atendimento\":\"Atendimento\",\"p20_oficinas\":\"Oficinas\",\"p20_formacao\":\"Forma\\u00e7\\u00e3o\",\"p20_apresentacoesartisticas\":\"Apresenta\\u00e7\\u00f5es art\\u00edsticas\",\"p20_visitasexcursoes\":\"Visitas\\\/Excurs\\u00f5es\",\"p21_intoleranciareligiosa\":\"Fundamentalismo\\\/intoler\\u00e2ncia religiosa\",\"p21_racismo\":\"Racismo\",\"p21_lgbtqifobia\":\"LGBTIfobia\",\"p22_numerodeparticipantes\":\"45 - 60\",\"p23_reunioes\":\"Reuni\\u00f5es\",\"p23_atendimento\":\"Atendimento\",\"p23_oficinas\":\"Oficinas\",\"p23_formacao\":\"Forma\\u00e7\\u00e3o\",\"p23_apresentacoesartisticas\":\"Apresenta\\u00e7\\u00f5es Art\\u00edsticas\",\"p23_visitas\":\"Visitas\",\"p23_excursoes\":\"Excurs\\u00f5es\",\"p24_reunioes\":\"Reuni\\u00f5es\",\"p24_atendimento\":\"Atendimentos\",\"p24_formacao\":\"Forma\\u00e7\\u00e3o\",\"p24_apresentacoesartisticas\":\"Apresenta\\u00e7\\u00f5es art\\u00edsticas\",\"p24_visitasexcursoes\":\"Visitas\\\/Excurs\\u00f5es\",\"p25_numerodepessoas\":\"80 - 100\",\"p26_numerodepessoas\":\"80 - 100\",\"p27_espacopublico\":\"Espa\\u00e7o p\\u00fablico\",\"p27_espacoemprestadocedido\":\"Espa\\u00e7o emprestado\\\/cedido\",\"p27_espacoproprio\":\"Espa\\u00e7o pr\\u00f3prio\",\"p27_virtual\":\"Virtual\",\"p28_territorios\":\"Estado\",\"p30_outrasorganizacoes\":\"Sim\",\"p32_campanhadelongaduracao\":\"Sim\",\"p34_municipal\":\"Municipal\",\"p34_nacional\":\"Nacional\",\"p34_nenhuma\":\"Nenhuma\",\"p36_conselhosdeparticipacaoecontrolesocial\":\"Sim\",\"p38_sim\":\"Sim\",\"p38_nenhum\":\"Nenhum\",\"p40_editais\":\"Sim\",\"p41_autofinanciamento\":\"Autofinanciamento\",\"p41_financiamentocoletivo0\":\"Financiamento coletivo\",\"p42_meiodedivulgacaoproprio\":\"Sim\",\"p43_email\":\"E-mail\",\"p43_facebook\":\"Facebook\",\"p43_whatsapp\":\"WhatsApp\",\"p43_instagram\":\"Instagram\",\"p43_radio\":\"R\\u00e1dio\",\"p44_radio\":\"R\\u00e1dio\",\"p44_redessociais\":\"Redes sociais (Facebook, YouTube, Instagram etc.)\",\"p39_publico\":\"POVOS PERIF\\u00c9RICOS REGI\\u00c3O METROPOLITANA RIO JANEIRO\",\"p45_bandeira\":\"DIREITO CULTO SAGRADO AFRICANO RELIGI\\u00d5ES MATRIZ AFRICANA DIREITO ALIMENTA\\u00c7\\u00c3O POVOS PERIFERIA EQUIDADE SOCIAL POVOS PRETOS PERIFERIAS DIREITOS CUIDADO GRUPOS LGBTI FOCO TRANS UNIAO FORTALECIMENTO POVOS TERREIRO\",\"p46_hashtags\":\"#LIBERDADERELIGIOSA #VOTEPRETA #ALIMENTACAOPARATODOS\"},{\"p1_eixo\":\"Trabalho\",\"p9_tipoorganizacao\":\"Coletivo\",\"p12_uf\":\"SP\",\"p13_cidade\":\"S\\u00c3O PAULO\",\"p16_bairro\":\"Bairro\",\"p16_cidade\":\"Cidade\",\"p17_ano\":\"2017\",\"p18_comunicacao\":\"Comunica\\u00e7\\u00e3o\",\"p18_difusaoartistica\":\"Difus\\u00e3o Art\\u00edstica\",\"p18_desenvolvimentoterritorial\":\"Desenvolvimento territorial\",\"p18_direitoshumanos\":\"Direitos humanos\",\"p18_educacao\":\"Educa\\u00e7\\u00e3o\",\"p18_feminismos\":\"Feminismos\",\"p18_lgbtqi\":\"LGBTQI\",\"p18_povosecomunidadestradicionais\":\"Povos e comunidades tradicionais\",\"p18_trabalho\":\"Trabalho\",\"p18_politicasculturais\":\"Pol\\u00edticas Culturais\",\"p19_lgbtqi\":\"LGBTQI\",\"p19_povosecomunidadestradicionais\":\"Povos e comunidades tradicionais\",\"p19_trabalho\":\"Trabalho\",\"p19_difusaoartistica\":\"Difus\\u00e3o Art\\u00edstica\",\"p20_reunioes\":\"Reuni\\u00f5es\",\"p20_atendimento\":\"Atendimento\",\"p20_oficinas\":\"Oficinas\",\"p20_oficinasaulasartisticas\":\"Ensaios\\\/Oficinas\\\/Aulas art\\u00edsticas\",\"p20_cursos\":\"Cursos\",\"p20_formacao\":\"Forma\\u00e7\\u00e3o\",\"p20_profissionalizacao\":\"Profissionaliza\\u00e7\\u00e3o\",\"p20_apresentacoesartisticas\":\"Apresenta\\u00e7\\u00f5es art\\u00edsticas\",\"p20_visitasexcursoes\":\"Visitas\\\/Excurs\\u00f5es\",\"p21_racismo\":\"Racismo\",\"p21_lgbtqifobia\":\"LGBTIfobia\",\"p21_nenhum\":\"Nenhum\",\"p22_numerodeparticipantes\":\"1  - 15\",\"p23_reunioes\":\"Reuni\\u00f5es\",\"p23_atendimento\":\"Atendimento\",\"p23_oficinas\":\"Oficinas\",\"p23_oficinasaulasartisticas\":\"Ensaio\\\/Oficinas\\\/Aulas Art\\u00edsticas\",\"p23_formacao\":\"Forma\\u00e7\\u00e3o\",\"p23_profissionalizacao\":\"Profissionaliza\\u00e7\\u00e3o\",\"p23_apresentacoesartisticas\":\"Apresenta\\u00e7\\u00f5es Art\\u00edsticas\",\"p23_visitas\":\"Visitas\",\"p24_reunioes\":\"Reuni\\u00f5es\",\"p24_atendimento\":\"Atendimentos\",\"p24_oficinas\":\"Oficinas\",\"p24_oficinasaulasartisticas\":\"Ensaios\\\/Oficinas\\\/Aulas art\\u00edsticas\",\"p24_curso\":\"Curso\",\"p24_formacao\":\"Forma\\u00e7\\u00e3o\",\"p24_profissionalizacao\":\"Profissionaliza\\u00e7\\u00e3o\",\"p24_apresentacoesartisticas\":\"Apresenta\\u00e7\\u00f5es art\\u00edsticas\",\"p25_numerodepessoas\":\"1 - 20\",\"p26_numerodepessoas\":\"1 - 20\",\"p27_espacopublico\":\"Espa\\u00e7o p\\u00fablico\",\"p27_espacoemprestadocedido\":\"Espa\\u00e7o emprestado\\\/cedido\",\"p27_virtual\":\"Virtual\",\"p28_territorios\":\"Cidade\",\"p30_outrasorganizacoes\":\"Sim\",\"p32_campanhadelongaduracao\":\"Sim\",\"p34_nenhuma\":\"Nenhuma\",\"p36_conselhosdeparticipacaoecontrolesocial\":\"Sim\",\"p38_nenhum\":\"Nenhum\",\"p40_editais\":\"Sim\",\"p41_autofinanciamento\":\"Autofinanciamento\",\"p41_financiamentocoletivo0\":\"Financiamento coletivo\",\"p42_meiodedivulgacaoproprio\":\"Sim\",\"p43_impressoes\":\"Impressos\",\"p43_email\":\"E-mail\",\"p43_facebook\":\"Facebook\",\"p43_whatsapp\":\"WhatsApp\",\"p43_instagram\":\"Instagram\",\"p44_jornaisimpressosdebairro\":\"Jornais impressos de bairro\",\"p44_redessociais\":\"Redes sociais (Facebook, YouTube, Instagram etc.)\",\"p39_publico\":\"CONSUMIDORES ARTE\",\"p45_bandeira\":\"LGBTQI+ DIREITO CIDADE EMPREGABILIDADE TRANS\",\"p46_hashtags\":\"#EMPREGABILIDADETRANS #ARTETRANS #CONTRATETRANS\"},{\"p1_eixo\":\"Cultura\",\"p9_tipoorganizacao\":\"Associa\\u00e7\\u00e3o\",\"p12_uf\":\"BA\",\"p13_cidade\":\"SALVADOR\",\"p16_bairro\":\"Bairro\",\"p16_cidade\":\"Cidade\",\"p17_ano\":\"2012\",\"p18_comunicacao\":\"Comunica\\u00e7\\u00e3o\",\"p18_difusaoartistica\":\"Difus\\u00e3o Art\\u00edstica\",\"p18_desenvolvimentoterritorial\":\"Desenvolvimento territorial\",\"p18_educacao\":\"Educa\\u00e7\\u00e3o\",\"p18_feminismos\":\"Feminismos\",\"p18_lgbtqi\":\"LGBTQI\",\"p18_povosecomunidadestradicionais\":\"Povos e comunidades tradicionais\",\"p18_trabalho\":\"Trabalho\",\"p18_politicasculturais\":\"Pol\\u00edticas Culturais\",\"p19_desenvolvimentoterritorial\":\"Desenvolvimento territorial\",\"p19_direitoshumanos\":\"Direitos humanos\",\"p19_educacao\":\"Educa\\u00e7\\u00e3o\",\"p19_povosecomunidadestradicionais\":\"Povos e comunidades tradicionais\",\"p19_trabalho\":\"Trabalho\",\"p19_difusaoartistica\":\"Difus\\u00e3o Art\\u00edstica\",\"p20_reunioes\":\"Reuni\\u00f5es\",\"p20_atendimento\":\"Atendimento\",\"p20_oficinas\":\"Oficinas\",\"p20_oficinasaulasartisticas\":\"Ensaios\\\/Oficinas\\\/Aulas art\\u00edsticas\",\"p20_cursos\":\"Cursos\",\"p20_formacao\":\"Forma\\u00e7\\u00e3o\",\"p20_profissionalizacao\":\"Profissionaliza\\u00e7\\u00e3o\",\"p20_apresentacoesartisticas\":\"Apresenta\\u00e7\\u00f5es art\\u00edsticas\",\"p20_visitasexcursoes\":\"Visitas\\\/Excurs\\u00f5es\",\"p21_nenhum\":\"Nenhum\",\"p22_numerodeparticipantes\":\"1  - 15\",\"p23_reunioes\":\"Reuni\\u00f5es\",\"p23_atendimento\":\"Atendimento\",\"p23_oficinas\":\"Oficinas\",\"p23_oficinasaulasartisticas\":\"Ensaio\\\/Oficinas\\\/Aulas Art\\u00edsticas\",\"p23_cursos\":\"Cursos\",\"p23_formacao\":\"Forma\\u00e7\\u00e3o\",\"p23_profissionalizacao\":\"Profissionaliza\\u00e7\\u00e3o\",\"p23_apresentacoesartisticas\":\"Apresenta\\u00e7\\u00f5es Art\\u00edsticas\",\"p23_visitas\":\"Visitas\",\"p24_reunioes\":\"Reuni\\u00f5es\",\"p24_atendimento\":\"Atendimentos\",\"p24_oficinas\":\"Oficinas\",\"p24_oficinasaulasartisticas\":\"Ensaios\\\/Oficinas\\\/Aulas art\\u00edsticas\",\"p24_curso\":\"Curso\",\"p24_formacao\":\"Forma\\u00e7\\u00e3o\",\"p24_profissionalizacao\":\"Profissionaliza\\u00e7\\u00e3o\",\"p24_apresentacoesartisticas\":\"Apresenta\\u00e7\\u00f5es art\\u00edsticas\",\"p25_numerodepessoas\":\"40 - 60\",\"p26_numerodepessoas\":\"20 - 40\",\"p27_espacopublico\":\"Espa\\u00e7o p\\u00fablico\",\"p27_espacoemprestadocedido\":\"Espa\\u00e7o emprestado\\\/cedido\",\"p28_territorios\":\"Pr\\u00f3prio bairro\",\"p30_outrasorganizacoes\":\"Sim\",\"p32_campanhadelongaduracao\":\"Sim\",\"p34_estadual\":\"Estadual\",\"p34_nenhuma\":\"Nenhuma\",\"p36_conselhosdeparticipacaoecontrolesocial\":\"Sim\",\"p38_nenhum\":\"Nenhum\",\"p40_editais\":\"N\\u00e3o\",\"p41_privadopj\":\"Privado (P. Jur\\u00eddica)\",\"p41_financiamentocoletivo0\":\"Financiamento coletivo\",\"p42_meiodedivulgacaoproprio\":\"Sim\",\"p43_impressoes\":\"Impressos\",\"p43_email\":\"E-mail\",\"p43_facebook\":\"Facebook\",\"p43_whatsapp\":\"WhatsApp\",\"p43_instagram\":\"Instagram\",\"p44_jornaisimpressosdebairro\":\"Jornais impressos de bairro\",\"p44_redessociais\":\"Redes sociais (Facebook, YouTube, Instagram etc.)\",\"p39_publico\":\"CRIAN\\u00c7AS JOVENS MULHERES IDOSOS\",\"p45_bandeira\":\"POVO CALAMIDADE P\\u00daBLICA LGBT COMUNIDADE NEGRA\",\"p46_hashtags\":\"#PELOPOVOHUMILDE #PELASCRIANCASCARENTES #HOMOFOBIA\"},{\"p1_eixo\":\"Trabalho\",\"p9_tipoorganizacao\":\"Instituto\",\"p12_uf\":\"DF\",\"p13_cidade\":\"CEIL\\u00c2NDIA\",\"p16_cidade\":\"Cidade\",\"p17_ano\":\"2019\",\"p16_estado\":\"Estado\",\"p18_difusaoartistica\":\"Difus\\u00e3o Art\\u00edstica\",\"p18_desenvolvimentoterritorial\":\"Desenvolvimento territorial\",\"p18_educacao\":\"Educa\\u00e7\\u00e3o\",\"p18_trabalho\":\"Trabalho\",\"p18_politicasculturais\":\"Pol\\u00edticas Culturais\",\"p19_desenvolvimentoterritorial\":\"Desenvolvimento territorial\",\"p19_direitoshumanos\":\"Direitos humanos\",\"p19_educacao\":\"Educa\\u00e7\\u00e3o\",\"p19_difusaoartistica\":\"Difus\\u00e3o Art\\u00edstica\",\"p19_politicasculturais\":\"Pol\\u00edticas Culturais\",\"p20_reunioes\":\"Reuni\\u00f5es\",\"p20_oficinas\":\"Oficinas\",\"p20_oficinasaulasartisticas\":\"Ensaios\\\/Oficinas\\\/Aulas art\\u00edsticas\",\"p20_cursos\":\"Cursos\",\"p20_formacao\":\"Forma\\u00e7\\u00e3o\",\"p20_profissionalizacao\":\"Profissionaliza\\u00e7\\u00e3o\",\"p20_apresentacoesartisticas\":\"Apresenta\\u00e7\\u00f5es art\\u00edsticas\",\"p21_repressaopolicial\":\"Repress\\u00e3o policial\",\"p21_racismo\":\"Racismo\",\"p21_nenhum\":\"Nenhum\",\"p22_numerodeparticipantes\":\"1  - 15\",\"p23_reunioes\":\"Reuni\\u00f5es\",\"p23_oficinas\":\"Oficinas\",\"p23_oficinasaulasartisticas\":\"Ensaio\\\/Oficinas\\\/Aulas Art\\u00edsticas\",\"p23_cursos\":\"Cursos\",\"p23_formacao\":\"Forma\\u00e7\\u00e3o\",\"p23_profissionalizacao\":\"Profissionaliza\\u00e7\\u00e3o\",\"p23_apresentacoesartisticas\":\"Apresenta\\u00e7\\u00f5es Art\\u00edsticas\",\"p24_oficinas\":\"Oficinas\",\"p24_curso\":\"Curso\",\"p24_apresentacoesartisticas\":\"Apresenta\\u00e7\\u00f5es art\\u00edsticas\",\"p25_numerodepessoas\":\"20 - 40\",\"p26_numerodepessoas\":\"20 - 40\",\"p27_espacopublico\":\"Espa\\u00e7o p\\u00fablico\",\"p27_espacoemprestadocedido\":\"Espa\\u00e7o emprestado\\\/cedido\",\"p27_virtual\":\"Virtual\",\"p28_territorios\":\"Cidade\",\"p30_outrasorganizacoes\":\"Sim\",\"p32_campanhadelongaduracao\":\"Sim\",\"p34_municipal\":\"Municipal\",\"p34_estadual\":\"Estadual\",\"p36_conselhosdeparticipacaoecontrolesocial\":\"Sim\",\"p38_sim\":\"Sim\",\"p38_nenhum\":\"Nenhum\",\"p40_editais\":\"Sim\",\"p41_privadopj\":\"Privado (P. Jur\\u00eddica)\",\"p41_autofinanciamento\":\"Autofinanciamento\",\"p42_meiodedivulgacaoproprio\":\"Sim\",\"p43_impressoes\":\"Impressos\",\"p43_email\":\"E-mail\",\"p43_facebook\":\"Facebook\",\"p43_whatsapp\":\"WhatsApp\",\"p43_instagram\":\"Instagram\",\"p43_twitter\":\"Twitter\",\"p43_sitesblogs\":\"Blogs\\\/sites\",\"p43_radio\":\"R\\u00e1dio\",\"p43_youtube\":\"YouTube\",\"p44_radio\":\"TV\",\"p44_jornaisimpressosdegrandecirculacao\":\"Jornais impressos de grande circula\\u00e7\\u00e3o\",\"p44_jornaisimpressosdebairro\":\"Jornais impressos de bairro\",\"p44_redessociais\":\"Redes sociais (Facebook, YouTube, Instagram etc.)\",\"p39_publico\":\"ORGANIZA\\u00c7\\u00d5ES SOCIAIS LIDERAN\\u00c7AS COMUNIT\\u00c1RIAS\",\"p45_bandeira\":\"FORMA\\u00c7\\u00c3O LIDERAN\\u00c7AS COMUNIT\\u00c1RIAS ORGANIZA\\u00c7\\u00d5ES SOCIAIS DESENVOLVIMENTO COMUNIDADES\",\"p46_hashtags\":\"#SOCIEDADECIVIL #TRANSFORMACAOSOCIAL #MROSCDF\"},{\"p1_eixo\":\"Cultura\",\"p9_tipoorganizacao\":\"ONG\",\"p12_uf\":\"RS\",\"p13_cidade\":\"PORTO ALEGRE\",\"p16_nacional\":\"Nacional\",\"p17_ano\":\"2000\",\"p16_estado\":\"Estado\",\"p18_comunicacao\":\"Comunica\\u00e7\\u00e3o\",\"p18_difusaoartistica\":\"Difus\\u00e3o Art\\u00edstica\",\"p18_direitoshumanos\":\"Direitos humanos\",\"p18_educacao\":\"Educa\\u00e7\\u00e3o\",\"p18_feminismos\":\"Feminismos\",\"p18_lutaantirracismo\":\"Luta antirracismo\",\"p18_mobilidade\":\"Mobilidade\",\"p18_povosecomunidadestradicionais\":\"Povos e comunidades tradicionais\",\"p18_trabalho\":\"Trabalho\",\"p18_religiao\":\"Religi\\u00e3o\",\"p18_politicasculturais\":\"Pol\\u00edticas Culturais\",\"p19_educacao\":\"Educa\\u00e7\\u00e3o\",\"p19_lutaantirracismo\":\"Luta antirracismo\",\"p19_povosecomunidadestradicionais\":\"Povos e comunidades tradicionais\",\"p19_religiao\":\"Religi\\u00e3o\",\"p19_difusaoartistica\":\"Difus\\u00e3o Art\\u00edstica\",\"p19_politicasculturais\":\"Pol\\u00edticas Culturais\",\"p20_reunioes\":\"Reuni\\u00f5es\",\"p20_oficinas\":\"Oficinas\",\"p20_oficinasaulasartisticas\":\"Ensaios\\\/Oficinas\\\/Aulas art\\u00edsticas\",\"p20_cursos\":\"Cursos\",\"p20_formacao\":\"Forma\\u00e7\\u00e3o\",\"p20_profissionalizacao\":\"Profissionaliza\\u00e7\\u00e3o\",\"p20_apresentacoesartisticas\":\"Apresenta\\u00e7\\u00f5es art\\u00edsticas\",\"p20_visitasexcursoes\":\"Visitas\\\/Excurs\\u00f5es\",\"p21_repressaopolicial\":\"Repress\\u00e3o policial\",\"p21_intoleranciareligiosa\":\"Fundamentalismo\\\/intoler\\u00e2ncia religiosa\",\"p21_racismo\":\"Racismo\",\"p22_numerodeparticipantes\":\"1  - 15\",\"p23_reunioes\":\"Reuni\\u00f5es\",\"p23_oficinas\":\"Oficinas\",\"p23_oficinasaulasartisticas\":\"Ensaio\\\/Oficinas\\\/Aulas Art\\u00edsticas\",\"p23_cursos\":\"Cursos\",\"p23_formacao\":\"Forma\\u00e7\\u00e3o\",\"p23_profissionalizacao\":\"Profissionaliza\\u00e7\\u00e3o\",\"p23_apresentacoesartisticas\":\"Apresenta\\u00e7\\u00f5es Art\\u00edsticas\",\"p23_visitas\":\"Visitas\",\"p23_excursoes\":\"Excurs\\u00f5es\",\"p23_outros\":\"Outros\",\"p24_reunioes\":\"Reuni\\u00f5es\",\"p24_oficinas\":\"Oficinas\",\"p24_oficinasaulasartisticas\":\"Ensaios\\\/Oficinas\\\/Aulas art\\u00edsticas\",\"p24_curso\":\"Curso\",\"p24_formacao\":\"Forma\\u00e7\\u00e3o\",\"p24_profissionalizacao\":\"Profissionaliza\\u00e7\\u00e3o\",\"p24_apresentacoesartisticas\":\"Apresenta\\u00e7\\u00f5es art\\u00edsticas\",\"p24_visitasexcursoes\":\"Visitas\\\/Excurs\\u00f5es\",\"p24_outros\":\"Outros\",\"p25_numerodepessoas\":\"20 - 40\",\"p26_numerodepessoas\":\"40 - 60\",\"p27_espacopublico\":\"Espa\\u00e7o p\\u00fablico\",\"p27_espacoemprestadocedido\":\"Espa\\u00e7o emprestado\\\/cedido\",\"p27_virtual\":\"Virtual\",\"p28_territorios\":\"Regi\\u00e3o da Cidade\",\"p30_outrasorganizacoes\":\"Sim\",\"p32_campanhadelongaduracao\":\"Sim\",\"p34_municipal\":\"Municipal\",\"p34_nenhuma\":\"Nenhuma\",\"p36_conselhosdeparticipacaoecontrolesocial\":\"N\\u00e3o\",\"p38_sim\":\"Sim\",\"p40_editais\":\"N\\u00e3o\",\"p41_autofinanciamento\":\"Autofinanciamento\",\"p41_financiamentocoletivo0\":\"Financiamento coletivo\",\"p42_meiodedivulgacaoproprio\":\"Sim\",\"p43_impressoes\":\"Impressos\",\"p43_email\":\"E-mail\",\"p43_facebook\":\"Facebook\",\"p43_whatsapp\":\"WhatsApp\",\"p43_instagram\":\"Instagram\",\"p43_twitter\":\"Twitter\",\"p43_sitesblogs\":\"Blogs\\\/sites\",\"p43_radio\":\"R\\u00e1dio\",\"p43_youtube\":\"YouTube\",\"p44_radio\":\"TV\",\"p44_jornaisimpressosdegrandecirculacao\":\"Jornais impressos de grande circula\\u00e7\\u00e3o\",\"p44_jornaisimpressosdebairro\":\"Jornais impressos de bairro\",\"p44_redessociais\":\"Redes sociais (Facebook, YouTube, Instagram etc.)\",\"p39_publico\":\"POPULA\\u00c7\\u00c3O PERIF\\u00c9RICA\",\"p45_bandeira\":\"PT POVO HIPHOP\",\"p46_hashtags\":\"#LUTAPELASFAVELASSEMPRE\"},{\"p1_eixo\":\"Cultura\",\"p9_tipoorganizacao\":\"Associa\\u00e7\\u00e3o\",\"p12_uf\":\"MG\",\"p13_cidade\":\"ILIC\\u00cdNEA\",\"p16_bairro\":\"Bairro\",\"p16_nacional\":\"Nacional\",\"p17_ano\":\"Anterior a 1980\",\"p18_comunicacao\":\"Comunica\\u00e7\\u00e3o\",\"p18_difusaoartistica\":\"Difus\\u00e3o Art\\u00edstica\",\"p18_desenvolvimentoterritorial\":\"Desenvolvimento territorial\",\"p18_direitoshumanos\":\"Direitos humanos\",\"p18_educacao\":\"Educa\\u00e7\\u00e3o\",\"p18_feminismos\":\"Feminismos\",\"p18_lutaantirracismo\":\"Luta antirracismo\",\"p18_mobilidade\":\"Mobilidade\",\"p18_povosecomunidadestradicionais\":\"Povos e comunidades tradicionais\",\"p18_trabalho\":\"Trabalho\",\"p18_religiao\":\"Religi\\u00e3o\",\"p18_politicasculturais\":\"Pol\\u00edticas Culturais\",\"p19_desenvolvimentoterritorial\":\"Desenvolvimento territorial\",\"p19_direitoshumanos\":\"Direitos humanos\",\"p19_educacao\":\"Educa\\u00e7\\u00e3o\",\"p19_lutaantirracismo\":\"Luta antirracismo\",\"p19_povosecomunidadestradicionais\":\"Povos e comunidades tradicionais\",\"p19_religiao\":\"Religi\\u00e3o\",\"p20_reunioes\":\"Reuni\\u00f5es\",\"p20_atendimento\":\"Atendimento\",\"p20_oficinas\":\"Oficinas\",\"p20_oficinasaulasartisticas\":\"Ensaios\\\/Oficinas\\\/Aulas art\\u00edsticas\",\"p20_cursos\":\"Cursos\",\"p20_formacao\":\"Forma\\u00e7\\u00e3o\",\"p20_profissionalizacao\":\"Profissionaliza\\u00e7\\u00e3o\",\"p20_apresentacoesartisticas\":\"Apresenta\\u00e7\\u00f5es art\\u00edsticas\",\"p20_visitasexcursoes\":\"Visitas\\\/Excurs\\u00f5es\",\"p21_intoleranciareligiosa\":\"Fundamentalismo\\\/intoler\\u00e2ncia religiosa\",\"p21_racismo\":\"Racismo\",\"p21_nenhum\":\"Nenhum\",\"p22_numerodeparticipantes\":\"Mais de 90\",\"p23_reunioes\":\"Reuni\\u00f5es\",\"p23_atendimento\":\"Atendimento\",\"p23_oficinas\":\"Oficinas\",\"p23_oficinasaulasartisticas\":\"Ensaio\\\/Oficinas\\\/Aulas Art\\u00edsticas\",\"p23_cursos\":\"Cursos\",\"p23_formacao\":\"Forma\\u00e7\\u00e3o\",\"p23_profissionalizacao\":\"Profissionaliza\\u00e7\\u00e3o\",\"p23_apresentacoesartisticas\":\"Apresenta\\u00e7\\u00f5es Art\\u00edsticas\",\"p23_visitas\":\"Visitas\",\"p23_excursoes\":\"Excurs\\u00f5es\",\"p23_outros\":\"Outros\",\"p24_reunioes\":\"Reuni\\u00f5es\",\"p24_oficinas\":\"Oficinas\",\"p24_oficinasaulasartisticas\":\"Ensaios\\\/Oficinas\\\/Aulas art\\u00edsticas\",\"p24_curso\":\"Curso\",\"p24_formacao\":\"Forma\\u00e7\\u00e3o\",\"p24_profissionalizacao\":\"Profissionaliza\\u00e7\\u00e3o\",\"p24_apresentacoesartisticas\":\"Apresenta\\u00e7\\u00f5es art\\u00edsticas\",\"p24_visitasexcursoes\":\"Visitas\\\/Excurs\\u00f5es\",\"p24_outros\":\"Outros\",\"p25_numerodepessoas\":\"80 - 100\",\"p26_numerodepessoas\":\"Mais de 500\",\"p27_espacopublico\":\"Espa\\u00e7o p\\u00fablico\",\"p27_espacoemprestadocedido\":\"Espa\\u00e7o emprestado\\\/cedido\",\"p27_espacoproprio\":\"Espa\\u00e7o pr\\u00f3prio\",\"p27_virtual\":\"Virtual\",\"p28_territorios\":\"Cidade\",\"p30_outrasorganizacoes\":\"Sim\",\"p32_campanhadelongaduracao\":\"N\\u00e3o\",\"p34_nenhuma\":\"Nenhuma\",\"p36_conselhosdeparticipacaoecontrolesocial\":\"N\\u00e3o\",\"p38_sim\":\"Sim\",\"p38_nenhum\":\"Nenhum\",\"p40_editais\":\"N\\u00e3o\",\"p41_autofinanciamento\":\"Autofinanciamento\",\"p41_financiamentocoletivo0\":\"Financiamento coletivo\",\"p42_meiodedivulgacaoproprio\":\"Sim\",\"p43_facebook\":\"Facebook\",\"p43_whatsapp\":\"WhatsApp\",\"p43_instagram\":\"Instagram\",\"p43_radio\":\"R\\u00e1dio\",\"p43_youtube\":\"YouTube\",\"p44_radio\":\"R\\u00e1dio\",\"p44_redessociais\":\"Redes sociais (Facebook, YouTube, Instagram etc.)\",\"p39_publico\":\"CULTURA AFRO\",\"p45_bandeira\":\"ANTIRRACISMO CULTURA AFRO IRMANDADE F\\u00c9 DEVO\\u00c7\\u00c3O TRADI\\u00c7\\u00c3O EDUCA\\u00c7\\u00c3O IGUALDADE SOCIAL RESPEITO ANCESTRALIDADE TOLER\\u00c2NCIA RELIGIOSA\",\"p46_hashtags\":\"#CONGADAETRADICAO #INTOLERANCIANAO #FEQUECANTAEDANCA\"},{\"p1_eixo\":\"Trabalho\",\"p9_tipoorganizacao\":\"Coletivo\",\"p12_uf\":\"AL\",\"p13_cidade\":\"MACEI\\u00d3\",\"p16_bairro\":\"Bairro\",\"p17_ano\":\"2019\",\"p16_estado\":\"Estado\",\"p18_comunicacao\":\"Comunica\\u00e7\\u00e3o\",\"p18_difusaoartistica\":\"Difus\\u00e3o Art\\u00edstica\",\"p18_desenvolvimentoterritorial\":\"Desenvolvimento territorial\",\"p18_direitoshumanos\":\"Direitos humanos\",\"p18_educacao\":\"Educa\\u00e7\\u00e3o\",\"p18_feminismos\":\"Feminismos\",\"p18_lgbtqi\":\"LGBTQI\",\"p18_lutaantirracismo\":\"Luta antirracismo\",\"p18_trabalho\":\"Trabalho\",\"p18_violencia\":\"Viol\\u00eancia\",\"p18_politicasculturais\":\"Pol\\u00edticas Culturais\",\"p19_desenvolvimentoterritorial\":\"Desenvolvimento territorial\",\"p19_direitoshumanos\":\"Direitos humanos\",\"p19_educacao\":\"Educa\\u00e7\\u00e3o\",\"p19_lutaantirracismo\":\"Luta antirracismo\",\"p19_difusaoartistica\":\"Difus\\u00e3o Art\\u00edstica\",\"p19_politicasculturais\":\"Pol\\u00edticas Culturais\",\"p20_reunioes\":\"Reuni\\u00f5es\",\"p20_atendimento\":\"Atendimento\",\"p20_oficinas\":\"Oficinas\",\"p20_oficinasaulasartisticas\":\"Ensaios\\\/Oficinas\\\/Aulas art\\u00edsticas\",\"p20_cursos\":\"Cursos\",\"p20_formacao\":\"Forma\\u00e7\\u00e3o\",\"p20_profissionalizacao\":\"Profissionaliza\\u00e7\\u00e3o\",\"p20_apresentacoesartisticas\":\"Apresenta\\u00e7\\u00f5es art\\u00edsticas\",\"p21_repressaopolicial\":\"Repress\\u00e3o policial\",\"p21_intoleranciareligiosa\":\"Fundamentalismo\\\/intoler\\u00e2ncia religiosa\",\"p21_machismo\":\"Machismo\",\"p21_racismo\":\"Racismo\",\"p21_lgbtqifobia\":\"LGBTIfobia\",\"p21_nenhum\":\"Nenhum\",\"p22_numerodeparticipantes\":\"1  - 15\",\"p23_reunioes\":\"Reuni\\u00f5es\",\"p23_atendimento\":\"Atendimento\",\"p23_oficinas\":\"Oficinas\",\"p23_cursos\":\"Cursos\",\"p23_formacao\":\"Forma\\u00e7\\u00e3o\",\"p23_profissionalizacao\":\"Profissionaliza\\u00e7\\u00e3o\",\"p24_oficinasaulasartisticas\":\"Ensaios\\\/Oficinas\\\/Aulas art\\u00edsticas\",\"p24_apresentacoesartisticas\":\"Apresenta\\u00e7\\u00f5es art\\u00edsticas\",\"p24_visitasexcursoes\":\"Visitas\\\/Excurs\\u00f5es\",\"p24_outros\":\"Outros\",\"p25_numerodepessoas\":\"1 - 20\",\"p26_numerodepessoas\":\"20 - 40\",\"p27_espacopublico\":\"Espa\\u00e7o p\\u00fablico\",\"p27_espacoemprestadocedido\":\"Espa\\u00e7o emprestado\\\/cedido\",\"p27_espacoproprio\":\"Espa\\u00e7o pr\\u00f3prio\",\"p27_virtual\":\"Virtual\",\"p28_territorios\":\"Pr\\u00f3prio bairro\",\"p30_outrasorganizacoes\":\"N\\u00e3o\",\"p32_campanhadelongaduracao\":\"Sim\",\"p34_nenhuma\":\"Nenhuma\",\"p36_conselhosdeparticipacaoecontrolesocial\":\"N\\u00e3o\",\"p38_nenhum\":\"Nenhum\",\"p40_editais\":\"N\\u00e3o\",\"p41_autofinanciamento\":\"Autofinanciamento\",\"p42_meiodedivulgacaoproprio\":\"Sim\",\"p43_email\":\"E-mail\",\"p43_instagram\":\"Instagram\",\"p43_twitter\":\"Twitter\",\"p43_youtube\":\"YouTube\",\"p44_redessociais\":\"Redes sociais (Facebook, YouTube, Instagram etc.)\",\"p39_publico\":\"MORADORES BAIRRO JOVENS MULHERES\",\"p45_bandeira\":\"DEFESA TERRIT\\u00d3RIO EDUCA\\u00c7\\u00c3O CULTURA VIDA JUVENTUDE\",\"p46_hashtags\":\"#SOLIDARIEDADE #ORGANIZACAO #TRANSFORMACAO\"},{\"p1_eixo\":\"Cultura\",\"p9_tipoorganizacao\":\"Coletivo\",\"p12_uf\":\"RJ\",\"p13_cidade\":\"RIO DE JANEIRO\",\"p16_cidade\":\"Cidade\",\"p17_ano\":\"2018\",\"p16_estado\":\"Estado\",\"p18_comunicacao\":\"Comunica\\u00e7\\u00e3o\",\"p18_difusaoartistica\":\"Difus\\u00e3o Art\\u00edstica\",\"p18_desenvolvimentoterritorial\":\"Desenvolvimento territorial\",\"p18_direitoshumanos\":\"Direitos humanos\",\"p18_educacao\":\"Educa\\u00e7\\u00e3o\",\"p18_feminismos\":\"Feminismos\",\"p18_lgbtqi\":\"LGBTQI\",\"p18_lutaantirracismo\":\"Luta antirracismo\",\"p18_mobilidade\":\"Mobilidade\",\"p18_moradia\":\"Moradia\",\"p18_trabalho\":\"Trabalho\",\"p18_saude\":\"Sa\\u00fade\",\"p18_violencia\":\"Viol\\u00eancia\",\"p18_politicasculturais\":\"Pol\\u00edticas Culturais\",\"p19_direitoshumanos\":\"Direitos humanos\",\"p19_feminismos\":\"Feminismos\",\"p19_lutaantirracismo\":\"Luta antirracismo\",\"p19_violencia\":\"Viol\\u00eancia\",\"p19_difusaoartistica\":\"Difus\\u00e3o Art\\u00edstica\",\"p19_politicasculturais\":\"Pol\\u00edticas Culturais\",\"p20_reunioes\":\"Reuni\\u00f5es\",\"p20_atendimento\":\"Atendimento\",\"p20_oficinas\":\"Oficinas\",\"p20_formacao\":\"Forma\\u00e7\\u00e3o\",\"p20_profissionalizacao\":\"Profissionaliza\\u00e7\\u00e3o\",\"p20_apresentacoesartisticas\":\"Apresenta\\u00e7\\u00f5es art\\u00edsticas\",\"p21_repressaopolicial\":\"Repress\\u00e3o policial\",\"p21_intoleranciareligiosa\":\"Fundamentalismo\\\/intoler\\u00e2ncia religiosa\",\"p21_machismo\":\"Machismo\",\"p21_racismo\":\"Racismo\",\"p21_lgbtqifobia\":\"LGBTIfobia\",\"p22_numerodeparticipantes\":\"1  - 15\",\"p23_reunioes\":\"Reuni\\u00f5es\",\"p23_atendimento\":\"Atendimento\",\"p23_oficinas\":\"Oficinas\",\"p23_formacao\":\"Forma\\u00e7\\u00e3o\",\"p24_reunioes\":\"Reuni\\u00f5es\",\"p24_atendimento\":\"Atendimentos\",\"p24_oficinas\":\"Oficinas\",\"p24_apresentacoesartisticas\":\"Apresenta\\u00e7\\u00f5es art\\u00edsticas\",\"p24_visitasexcursoes\":\"Visitas\\\/Excurs\\u00f5es\",\"p24_outros\":\"Outros\",\"p25_numerodepessoas\":\"1 - 20\",\"p26_numerodepessoas\":\"80 - 100\",\"p27_espacopublico\":\"Espa\\u00e7o p\\u00fablico\",\"p27_espacoemprestadocedido\":\"Espa\\u00e7o emprestado\\\/cedido\",\"p27_virtual\":\"Virtual\",\"p28_territorios\":\"Estado\",\"p30_outrasorganizacoes\":\"N\\u00e3o\",\"p32_campanhadelongaduracao\":\"N\\u00e3o\",\"p34_nenhuma\":\"Nenhuma\",\"p36_conselhosdeparticipacaoecontrolesocial\":\"N\\u00e3o\",\"p38_nenhum\":\"Nenhum\",\"p40_editais\":\"N\\u00e3o\",\"p41_autofinanciamento\":\"Autofinanciamento\",\"p41_financiamentocoletivo0\":\"Financiamento coletivo\",\"p42_meiodedivulgacaoproprio\":\"Sim\",\"p43_impressoes\":\"Impressos\",\"p43_email\":\"E-mail\",\"p43_facebook\":\"Facebook\",\"p43_whatsapp\":\"WhatsApp\",\"p43_instagram\":\"Instagram\",\"p43_twitter\":\"Twitter\",\"p43_youtube\":\"YouTube\",\"p44_redessociais\":\"Redes sociais (Facebook, YouTube, Instagram etc.)\",\"p44_sitesblogs\":\"Sites ou Blogs\",\"p39_publico\":\"ARTISTAS PERIF\\u00c9RICOS NEGRAS NEGROS\",\"p45_bandeira\":\"COMBATE DESMILITARIZA\\u00c7\\u00c3O PM COMBATE RACISMO ESTRUTURAL COMBATE  VALORIZA\\u00c7\\u00c3O CULTURA PERIF\\u00c9RICA\",\"p46_hashtags\":\"#SOMDOGUETTO #CULTURANOSBECOS #SOUFAVELA\"},{\"p1_eixo\":\"Cultura\",\"p9_tipoorganizacao\":\"Coletivo\",\"p12_uf\":\"MG\",\"p13_cidade\":\"BELO HORIZONTE\",\"p16_bairro\":\"Bairro\",\"p16_cidade\":\"Cidade\",\"p17_ano\":\"2019\",\"p18_comunicacao\":\"Comunica\\u00e7\\u00e3o\",\"p18_difusaoartistica\":\"Difus\\u00e3o Art\\u00edstica\",\"p18_desenvolvimentoterritorial\":\"Desenvolvimento territorial\",\"p18_direitoshumanos\":\"Direitos humanos\",\"p18_educacao\":\"Educa\\u00e7\\u00e3o\",\"p18_feminismos\":\"Feminismos\",\"p18_lgbtqi\":\"LGBTQI\",\"p18_lutaantirracismo\":\"Luta antirracismo\",\"p18_mobilidade\":\"Mobilidade\",\"p18_moradia\":\"Moradia\",\"p18_trabalho\":\"Trabalho\",\"p18_saude\":\"Sa\\u00fade\",\"p18_violencia\":\"Viol\\u00eancia\",\"p18_politicasculturais\":\"Pol\\u00edticas Culturais\",\"p19_direitoshumanos\":\"Direitos humanos\",\"p19_feminismos\":\"Feminismos\",\"p19_trabalho\":\"Trabalho\",\"p19_violencia\":\"Viol\\u00eancia\",\"p19_politicasculturais\":\"Pol\\u00edticas Culturais\",\"p20_reunioes\":\"Reuni\\u00f5es\",\"p20_atendimento\":\"Atendimento\",\"p20_oficinas\":\"Oficinas\",\"p20_oficinasaulasartisticas\":\"Ensaios\\\/Oficinas\\\/Aulas art\\u00edsticas\",\"p20_cursos\":\"Cursos\",\"p20_apresentacoesartisticas\":\"Apresenta\\u00e7\\u00f5es art\\u00edsticas\",\"p21_repressaopolicial\":\"Repress\\u00e3o policial\",\"p21_machismo\":\"Machismo\",\"p21_nenhum\":\"Nenhum\",\"p22_numerodeparticipantes\":\"1  - 15\",\"p23_reunioes\":\"Reuni\\u00f5es\",\"p23_atendimento\":\"Atendimento\",\"p23_oficinas\":\"Oficinas\",\"p23_oficinasaulasartisticas\":\"Ensaio\\\/Oficinas\\\/Aulas Art\\u00edsticas\",\"p23_cursos\":\"Cursos\",\"p24_reunioes\":\"Reuni\\u00f5es\",\"p24_atendimento\":\"Atendimentos\",\"p24_oficinas\":\"Oficinas\",\"p24_oficinasaulasartisticas\":\"Ensaios\\\/Oficinas\\\/Aulas art\\u00edsticas\",\"p24_curso\":\"Curso\",\"p25_numerodepessoas\":\"80 - 100\",\"p26_numerodepessoas\":\"80 - 100\",\"p27_espacopublico\":\"Espa\\u00e7o p\\u00fablico\",\"p27_espacoemprestadocedido\":\"Espa\\u00e7o emprestado\\\/cedido\",\"p27_espacoproprio\":\"Espa\\u00e7o pr\\u00f3prio\",\"p27_virtual\":\"Virtual\",\"p28_territorios\":\"Regi\\u00e3o da Cidade\",\"p30_outrasorganizacoes\":\"Sim\",\"p32_campanhadelongaduracao\":\"Sim\",\"p34_municipal\":\"Municipal\",\"p34_nenhuma\":\"Nenhuma\",\"p36_conselhosdeparticipacaoecontrolesocial\":\"Sim\",\"p38_nenhum\":\"Nenhum\",\"p40_editais\":\"Sim\",\"p41_publicoestatal\":\"P\\u00fablico-Estatal\",\"p41_privadopf\":\"Privado (P. F\\u00edsica)\",\"p41_privadopj\":\"Privado (P. Jur\\u00eddica)\",\"p41_financiamentocoletivo0\":\"Financiamento coletivo\",\"p42_meiodedivulgacaoproprio\":\"Sim\",\"p43_impressoes\":\"Impressos\",\"p43_email\":\"E-mail\",\"p43_facebook\":\"Facebook\",\"p43_whatsapp\":\"WhatsApp\",\"p43_instagram\":\"Instagram\",\"p43_radio\":\"R\\u00e1dio\",\"p43_youtube\":\"YouTube\",\"p44_radio\":\"TV\",\"p44_jornaisimpressosdebairro\":\"Jornais impressos de bairro\",\"p44_redessociais\":\"Redes sociais (Facebook, YouTube, Instagram etc.)\",\"p44_sitesblogs\":\"Sites ou Blogs\",\"p39_publico\":\"MULHERES\",\"p45_bandeira\":\"AFETO CUIDADO\",\"p46_hashtags\":\"#AFETO #CUIDADO #MULHER\"},{\"p1_eixo\":\"Cultura\",\"p9_tipoorganizacao\":\"ONG\",\"p12_uf\":\"PR\",\"p13_cidade\":\"MEDIANEIRA\",\"p16_bairro\":\"Bairro\",\"p16_cidade\":\"Cidade\",\"p17_ano\":\"2003\",\"p18_comunicacao\":\"Comunica\\u00e7\\u00e3o\",\"p18_desenvolvimentoterritorial\":\"Desenvolvimento territorial\",\"p18_direitoshumanos\":\"Direitos humanos\",\"p18_educacao\":\"Educa\\u00e7\\u00e3o\",\"p18_feminismos\":\"Feminismos\",\"p18_lgbtqi\":\"LGBTQI\",\"p18_trabalho\":\"Trabalho\",\"p18_politicasculturais\":\"Pol\\u00edticas Culturais\",\"p19_direitoshumanos\":\"Direitos humanos\",\"p19_educacao\":\"Educa\\u00e7\\u00e3o\",\"p19_feminismos\":\"Feminismos\",\"p19_trabalho\":\"Trabalho\",\"p19_politicasculturais\":\"Pol\\u00edticas Culturais\",\"p20_reunioes\":\"Reuni\\u00f5es\",\"p20_atendimento\":\"Atendimento\",\"p20_oficinas\":\"Oficinas\",\"p20_oficinasaulasartisticas\":\"Ensaios\\\/Oficinas\\\/Aulas art\\u00edsticas\",\"p20_cursos\":\"Cursos\",\"p20_formacao\":\"Forma\\u00e7\\u00e3o\",\"p20_apresentacoesartisticas\":\"Apresenta\\u00e7\\u00f5es art\\u00edsticas\",\"p21_intoleranciareligiosa\":\"Fundamentalismo\\\/intoler\\u00e2ncia religiosa\",\"p21_machismo\":\"Machismo\",\"p21_nenhum\":\"Nenhum\",\"p22_numerodeparticipantes\":\"Mais de 90\",\"p23_reunioes\":\"Reuni\\u00f5es\",\"p23_oficinas\":\"Oficinas\",\"p23_oficinasaulasartisticas\":\"Ensaio\\\/Oficinas\\\/Aulas Art\\u00edsticas\",\"p23_cursos\":\"Cursos\",\"p23_formacao\":\"Forma\\u00e7\\u00e3o\",\"p24_reunioes\":\"Reuni\\u00f5es\",\"p24_oficinas\":\"Oficinas\",\"p24_oficinasaulasartisticas\":\"Ensaios\\\/Oficinas\\\/Aulas art\\u00edsticas\",\"p24_curso\":\"Curso\",\"p24_formacao\":\"Forma\\u00e7\\u00e3o\",\"p25_numerodepessoas\":\"Mais de 500\",\"p26_numerodepessoas\":\"Mais de 500\",\"p27_espacopublico\":\"Espa\\u00e7o p\\u00fablico\",\"p27_espacoemprestadocedido\":\"Espa\\u00e7o emprestado\\\/cedido\",\"p27_espacoproprio\":\"Espa\\u00e7o pr\\u00f3prio\",\"p28_territorios\":\"Regi\\u00e3o da Cidade\",\"p30_outrasorganizacoes\":\"N\\u00e3o\",\"p32_campanhadelongaduracao\":\"N\\u00e3o\",\"p34_municipal\":\"Municipal\",\"p36_conselhosdeparticipacaoecontrolesocial\":\"Sim\",\"p38_sim\":\"Sim\",\"p38_nenhum\":\"Nenhum\",\"p40_editais\":\"Sim\",\"p41_publicoestatal\":\"P\\u00fablico-Estatal\",\"p41_privadopf\":\"Privado (P. F\\u00edsica)\",\"p41_privadopj\":\"Privado (P. Jur\\u00eddica)\",\"p41_autofinanciamento\":\"Autofinanciamento\",\"p42_meiodedivulgacaoproprio\":\"Sim\",\"p43_impressoes\":\"Impressos\",\"p43_email\":\"E-mail\",\"p43_facebook\":\"Facebook\",\"p43_whatsapp\":\"WhatsApp\",\"p43_instagram\":\"Instagram\",\"p43_radio\":\"R\\u00e1dio\",\"p43_youtube\":\"YouTube\",\"p44_radio\":\"TV\",\"p44_jornaisimpressosdebairro\":\"Jornais impressos de bairro\",\"p44_redessociais\":\"Redes sociais (Facebook, YouTube, Instagram etc.)\",\"p44_sitesblogs\":\"Sites ou Blogs\",\"p39_publico\":\"CRIAN\\u00c7AS ADOLESCENTES VULNER\\u00c1VEL V\\u00cdTIMA ABUSO APRENDIZAGEM TRABALHAMOS MEDIANEIRA REGI\\u00c3O\",\"p45_bandeira\":\"LUTA CONTRA DESIGUALDADE SOCIAL\",\"p46_hashtags\":\"AUMENTO DE PERSPECTIVAS  ERRADICAR A FOME  INSERIR NO MERCADO DE TRABALHO  OFERTAR OFICINAS QUE POSSIBILITEM UM APRENDIZADO PARA A VIDA\"},{\"p1_eixo\":\"Cultura\",\"p9_tipoorganizacao\":\"Movimento Social\",\"p12_uf\":\"RJ\",\"p13_cidade\":\"S\\u00c3O JO\\u00c3O DE MERITI\",\"p16_cidade\":\"Cidade\",\"p17_ano\":\"1994\",\"p18_comunicacao\":\"Comunica\\u00e7\\u00e3o\",\"p18_difusaoartistica\":\"Difus\\u00e3o Art\\u00edstica\",\"p18_direitoshumanos\":\"Direitos humanos\",\"p18_educacao\":\"Educa\\u00e7\\u00e3o\",\"p18_feminismos\":\"Feminismos\",\"p18_lgbtqi\":\"LGBTQI\",\"p18_lutaantirracismo\":\"Luta antirracismo\",\"p18_povosecomunidadestradicionais\":\"Povos e comunidades tradicionais\",\"p18_trabalho\":\"Trabalho\",\"p18_violencia\":\"Viol\\u00eancia\",\"p18_politicasculturais\":\"Pol\\u00edticas Culturais\",\"p19_direitoshumanos\":\"Direitos humanos\",\"p19_educacao\":\"Educa\\u00e7\\u00e3o\",\"p19_feminismos\":\"Feminismos\",\"p19_politicasculturais\":\"Pol\\u00edticas Culturais\",\"p20_reunioes\":\"Reuni\\u00f5es\",\"p20_oficinas\":\"Oficinas\",\"p20_oficinasaulasartisticas\":\"Ensaios\\\/Oficinas\\\/Aulas art\\u00edsticas\",\"p20_cursos\":\"Cursos\",\"p20_formacao\":\"Forma\\u00e7\\u00e3o\",\"p20_profissionalizacao\":\"Profissionaliza\\u00e7\\u00e3o\",\"p20_apresentacoesartisticas\":\"Apresenta\\u00e7\\u00f5es art\\u00edsticas\",\"p21_intoleranciareligiosa\":\"Fundamentalismo\\\/intoler\\u00e2ncia religiosa\",\"p21_machismo\":\"Machismo\",\"p21_racismo\":\"Racismo\",\"p21_lgbtqifobia\":\"LGBTIfobia\",\"p22_numerodeparticipantes\":\"15 - 30\",\"p23_reunioes\":\"Reuni\\u00f5es\",\"p23_oficinas\":\"Oficinas\",\"p23_oficinasaulasartisticas\":\"Ensaio\\\/Oficinas\\\/Aulas Art\\u00edsticas\",\"p23_cursos\":\"Cursos\",\"p23_formacao\":\"Forma\\u00e7\\u00e3o\",\"p23_apresentacoesartisticas\":\"Apresenta\\u00e7\\u00f5es Art\\u00edsticas\",\"p24_reunioes\":\"Reuni\\u00f5es\",\"p24_oficinas\":\"Oficinas\",\"p24_oficinasaulasartisticas\":\"Ensaios\\\/Oficinas\\\/Aulas art\\u00edsticas\",\"p24_formacao\":\"Forma\\u00e7\\u00e3o\",\"p24_profissionalizacao\":\"Profissionaliza\\u00e7\\u00e3o\",\"p24_outros\":\"Outros\",\"p25_numerodepessoas\":\"100 - 200\",\"p26_numerodepessoas\":\"20 - 40\",\"p27_espacopublico\":\"Espa\\u00e7o p\\u00fablico\",\"p27_espacoemprestadocedido\":\"Espa\\u00e7o emprestado\\\/cedido\",\"p27_espacoproprio\":\"Espa\\u00e7o pr\\u00f3prio\",\"p28_territorios\":\"Regi\\u00e3o da Cidade\",\"p30_outrasorganizacoes\":\"N\\u00e3o\",\"p32_campanhadelongaduracao\":\"N\\u00e3o\",\"p34_municipal\":\"Municipal\",\"p34_estadual\":\"Estadual\",\"p36_conselhosdeparticipacaoecontrolesocial\":\"Sim\",\"p38_sim\":\"Sim\",\"p40_editais\":\"N\\u00e3o\",\"p41_autofinanciamento\":\"Autofinanciamento\",\"p41_financiamentocoletivo0\":\"Financiamento coletivo\",\"p42_meiodedivulgacaoproprio\":\"Sim\",\"p43_impressoes\":\"Impressos\",\"p43_email\":\"E-mail\",\"p43_facebook\":\"Facebook\",\"p43_whatsapp\":\"WhatsApp\",\"p43_instagram\":\"Instagram\",\"p43_radio\":\"R\\u00e1dio\",\"p44_radio\":\"R\\u00e1dio\",\"p44_jornaisimpressosdebairro\":\"Jornais impressos de bairro\",\"p44_redessociais\":\"Redes sociais (Facebook, YouTube, Instagram etc.)\",\"p44_sitesblogs\":\"Sites ou Blogs\",\"p39_publico\":\"JOVENS MULHERES MORADORES JOAO MERITI\",\"p45_bandeira\":\"COMBATE DESIGUALDADES DIREITOS HUMANOS\",\"p46_hashtags\":\"#PELAVIDADASMULHERES #PAREMDENOSMATAR #FAVELANAOSECALA\"},{\"p1_eixo\":\"Cultura\",\"p9_tipoorganizacao\":\"Associa\\u00e7\\u00e3o\",\"p12_uf\":\"BA\",\"p13_cidade\":\"CAPIM GROSSO\",\"p16_cidade\":\"Cidade\",\"p17_ano\":\"1999\",\"p16_estado\":\"Estado\",\"p18_comunicacao\":\"Comunica\\u00e7\\u00e3o\",\"p18_difusaoartistica\":\"Difus\\u00e3o Art\\u00edstica\",\"p18_desenvolvimentoterritorial\":\"Desenvolvimento territorial\",\"p18_direitoshumanos\":\"Direitos humanos\",\"p18_educacao\":\"Educa\\u00e7\\u00e3o\",\"p18_feminismos\":\"Feminismos\",\"p18_lutaantirracismo\":\"Luta antirracismo\",\"p18_povosecomunidadestradicionais\":\"Povos e comunidades tradicionais\",\"p18_trabalho\":\"Trabalho\",\"p18_saude\":\"Sa\\u00fade\",\"p18_violencia\":\"Viol\\u00eancia\",\"p18_politicasculturais\":\"Pol\\u00edticas Culturais\",\"p19_desenvolvimentoterritorial\":\"Desenvolvimento territorial\",\"p19_direitoshumanos\":\"Direitos humanos\",\"p19_educacao\":\"Educa\\u00e7\\u00e3o\",\"p19_politicasculturais\":\"Pol\\u00edticas Culturais\",\"p20_reunioes\":\"Reuni\\u00f5es\",\"p20_oficinas\":\"Oficinas\",\"p20_oficinasaulasartisticas\":\"Ensaios\\\/Oficinas\\\/Aulas art\\u00edsticas\",\"p20_cursos\":\"Cursos\",\"p20_formacao\":\"Forma\\u00e7\\u00e3o\",\"p20_profissionalizacao\":\"Profissionaliza\\u00e7\\u00e3o\",\"p20_apresentacoesartisticas\":\"Apresenta\\u00e7\\u00f5es art\\u00edsticas\",\"p21_repressaopolicial\":\"Repress\\u00e3o policial\",\"p21_machismo\":\"Machismo\",\"p21_racismo\":\"Racismo\",\"p21_lgbtqifobia\":\"LGBTIfobia\",\"p21_enfrentamentocomgruposprivadosarmados\":\"Enfrentamento com grupos privados armados\",\"p22_numerodeparticipantes\":\"15 - 30\",\"p23_reunioes\":\"Reuni\\u00f5es\",\"p23_oficinas\":\"Oficinas\",\"p23_oficinasaulasartisticas\":\"Ensaio\\\/Oficinas\\\/Aulas Art\\u00edsticas\",\"p23_cursos\":\"Cursos\",\"p23_apresentacoesartisticas\":\"Apresenta\\u00e7\\u00f5es Art\\u00edsticas\",\"p24_oficinasaulasartisticas\":\"Ensaios\\\/Oficinas\\\/Aulas art\\u00edsticas\",\"p24_formacao\":\"Forma\\u00e7\\u00e3o\",\"p24_profissionalizacao\":\"Profissionaliza\\u00e7\\u00e3o\",\"p24_visitasexcursoes\":\"Visitas\\\/Excurs\\u00f5es\",\"p24_outros\":\"Outros\",\"p25_numerodepessoas\":\"20 - 40\",\"p26_numerodepessoas\":\"400 - 500\",\"p27_espacopublico\":\"Espa\\u00e7o p\\u00fablico\",\"p27_espacoemprestadocedido\":\"Espa\\u00e7o emprestado\\\/cedido\",\"p27_espacoproprio\":\"Espa\\u00e7o pr\\u00f3prio\",\"p27_ocupacao\":\"Ocupa\\u00e7\\u00e3o\",\"p28_territorios\":\"Cidade\",\"p30_outrasorganizacoes\":\"Sim\",\"p32_campanhadelongaduracao\":\"Sim\",\"p34_municipal\":\"Municipal\",\"p34_estadual\":\"Estadual\",\"p36_conselhosdeparticipacaoecontrolesocial\":\"Sim\",\"p38_sim\":\"Sim\",\"p38_nenhum\":\"Nenhum\",\"p40_editais\":\"Sim\",\"p41_publicoestatal\":\"P\\u00fablico-Estatal\",\"p41_financiamentocoletivo0\":\"Financiamento coletivo\",\"p42_meiodedivulgacaoproprio\":\"Sim\",\"p43_email\":\"E-mail\",\"p43_facebook\":\"Facebook\",\"p43_whatsapp\":\"WhatsApp\",\"p43_instagram\":\"Instagram\",\"p43_sitesblogs\":\"Blogs\\\/sites\",\"p43_radio\":\"R\\u00e1dio\",\"p44_radio\":\"R\\u00e1dio\",\"p44_jornaisimpressosdebairro\":\"Jornais impressos de bairro\",\"p44_redessociais\":\"Redes sociais (Facebook, YouTube, Instagram etc.)\",\"p44_sitesblogs\":\"Sites ou Blogs\",\"p39_publico\":\"JOVENS MORADORES BAIRROS PERIF\\u00c9RICOS RURAL PRINCIPALMENTE  VULNERABILIDADE SOCIAL\",\"p45_bandeira\":\"PROMOVER-CIDADANIA PROTAGONISMO JOVENS MARGINALIZADOS SITUA\\u00c7\\u00c3O-VULNERABILIDADE-SOCIAL CULTURA EDUCA\\u00c7\\u00c3O  CURSOS OFICINAS FORMA\\u00c7\\u00d5ES EVENTOS\",\"p46_hashtags\":\"#CULTURAPOPULAR #JUVENTUDEVIVA #EDUCACAOEDIVERSIDADE\"},{\"p1_eixo\":\"Cultura\",\"p9_tipoorganizacao\":\"ONG\",\"p12_uf\":\"SP\",\"p13_cidade\":\"MARTIN\\u00d3POLIS\",\"p16_nacional\":\"Nacional\",\"p17_ano\":\"2001\",\"p16_estado\":\"Estado\",\"p18_comunicacao\":\"Comunica\\u00e7\\u00e3o\",\"p18_difusaoartistica\":\"Difus\\u00e3o Art\\u00edstica\",\"p18_desenvolvimentoterritorial\":\"Desenvolvimento territorial\",\"p18_direitoshumanos\":\"Direitos humanos\",\"p18_educacao\":\"Educa\\u00e7\\u00e3o\",\"p18_feminismos\":\"Feminismos\",\"p18_lgbtqi\":\"LGBTQI\",\"p18_lutaantirracismo\":\"Luta antirracismo\",\"p18_povosecomunidadestradicionais\":\"Povos e comunidades tradicionais\",\"p18_trabalho\":\"Trabalho\",\"p18_religiao\":\"Religi\\u00e3o\",\"p18_saude\":\"Sa\\u00fade\",\"p18_politicasculturais\":\"Pol\\u00edticas Culturais\",\"p19_desenvolvimentoterritorial\":\"Desenvolvimento territorial\",\"p19_direitoshumanos\":\"Direitos humanos\",\"p19_feminismos\":\"Feminismos\",\"p19_lutaantirracismo\":\"Luta antirracismo\",\"p19_politicasculturais\":\"Pol\\u00edticas Culturais\",\"p20_reunioes\":\"Reuni\\u00f5es\",\"p20_oficinas\":\"Oficinas\",\"p20_oficinasaulasartisticas\":\"Ensaios\\\/Oficinas\\\/Aulas art\\u00edsticas\",\"p20_formacao\":\"Forma\\u00e7\\u00e3o\",\"p20_apresentacoesartisticas\":\"Apresenta\\u00e7\\u00f5es art\\u00edsticas\",\"p21_repressaopolicial\":\"Repress\\u00e3o policial\",\"p21_enfrentamentocomgruposprivadosarmados\":\"Enfrentamento com grupos privados armados\",\"p21_nenhum\":\"Nenhum\",\"p22_numerodeparticipantes\":\"15 - 30\",\"p23_reunioes\":\"Reuni\\u00f5es\",\"p23_oficinas\":\"Oficinas\",\"p23_oficinasaulasartisticas\":\"Ensaio\\\/Oficinas\\\/Aulas Art\\u00edsticas\",\"p23_apresentacoesartisticas\":\"Apresenta\\u00e7\\u00f5es Art\\u00edsticas\",\"p23_outros\":\"Outros\",\"p24_oficinasaulasartisticas\":\"Ensaios\\\/Oficinas\\\/Aulas art\\u00edsticas\",\"p24_formacao\":\"Forma\\u00e7\\u00e3o\",\"p24_visitasexcursoes\":\"Visitas\\\/Excurs\\u00f5es\",\"p24_outros\":\"Outros\",\"p25_numerodepessoas\":\"80 - 100\",\"p26_numerodepessoas\":\"100 - 200\",\"p27_espacopublico\":\"Espa\\u00e7o p\\u00fablico\",\"p27_espacoproprio\":\"Espa\\u00e7o pr\\u00f3prio\",\"p27_virtual\":\"Virtual\",\"p27_ocupacao\":\"Ocupa\\u00e7\\u00e3o\",\"p28_territorios\":\"Cidade\",\"p30_outrasorganizacoes\":\"Sim\",\"p32_campanhadelongaduracao\":\"Sim\",\"p34_estadual\":\"Estadual\",\"p34_nenhuma\":\"Nenhuma\",\"p36_conselhosdeparticipacaoecontrolesocial\":\"Sim\",\"p38_sim\":\"Sim\",\"p38_nenhum\":\"Nenhum\",\"p40_editais\":\"Sim\",\"p41_publicoestatal\":\"P\\u00fablico-Estatal\",\"p41_autofinanciamento\":\"Autofinanciamento\",\"p41_financiamentocoletivo0\":\"Financiamento coletivo\",\"p42_meiodedivulgacaoproprio\":\"Sim\",\"p43_email\":\"E-mail\",\"p43_facebook\":\"Facebook\",\"p43_whatsapp\":\"WhatsApp\",\"p43_instagram\":\"Instagram\",\"p43_twitter\":\"Twitter\",\"p43_sitesblogs\":\"Blogs\\\/sites\",\"p43_youtube\":\"YouTube\",\"p44_radio\":\"R\\u00e1dio\",\"p44_jornaisimpressosdebairro\":\"Jornais impressos de bairro\",\"p44_redessociais\":\"Redes sociais (Facebook, YouTube, Instagram etc.)\",\"p44_sitesblogs\":\"Sites ou Blogs\",\"p39_publico\":\"TODOS\",\"p45_bandeira\":\"POL\\u00cdTICAS CULTURAIS INTERIOR GERA\\u00c7\\u00c3O TRABALHO RENDA MOBILIZA\\u00c7\\u00c3O MOVIMENTOS SOCIAIS\",\"p46_hashtags\":\"#ABRACAGALPAO #CULTURA #ECOSOL\"},{\"p1_eixo\":\"Cultura\",\"p9_tipoorganizacao\":\"Coletivo\",\"p12_uf\":\"SP\",\"p13_cidade\":\"S\\u00c3O PAULO\",\"p16_nacional\":\"Nacional\",\"p17_ano\":\"2012\",\"p18_comunicacao\":\"Comunica\\u00e7\\u00e3o\",\"p18_difusaoartistica\":\"Difus\\u00e3o Art\\u00edstica\",\"p18_direitoshumanos\":\"Direitos humanos\",\"p18_educacao\":\"Educa\\u00e7\\u00e3o\",\"p18_feminismos\":\"Feminismos\",\"p18_lgbtqi\":\"LGBTQI\",\"p18_lutaantirracismo\":\"Luta antirracismo\",\"p18_povosecomunidadestradicionais\":\"Povos e comunidades tradicionais\",\"p18_religiao\":\"Religi\\u00e3o\",\"p18_saude\":\"Sa\\u00fade\",\"p18_violencia\":\"Viol\\u00eancia\",\"p18_politicasculturais\":\"Pol\\u00edticas Culturais\",\"p19_educacao\":\"Educa\\u00e7\\u00e3o\",\"p19_feminismos\":\"Feminismos\",\"p19_lutaantirracismo\":\"Luta antirracismo\",\"p19_politicasculturais\":\"Pol\\u00edticas Culturais\",\"p20_reunioes\":\"Reuni\\u00f5es\",\"p20_oficinas\":\"Oficinas\",\"p20_oficinasaulasartisticas\":\"Ensaios\\\/Oficinas\\\/Aulas art\\u00edsticas\",\"p20_cursos\":\"Cursos\",\"p20_formacao\":\"Forma\\u00e7\\u00e3o\",\"p20_apresentacoesartisticas\":\"Apresenta\\u00e7\\u00f5es art\\u00edsticas\",\"p20_visitasexcursoes\":\"Visitas\\\/Excurs\\u00f5es\",\"p21_repressaopolicial\":\"Repress\\u00e3o policial\",\"p21_intoleranciareligiosa\":\"Fundamentalismo\\\/intoler\\u00e2ncia religiosa\",\"p21_xenofobia\":\"Xenofobia\",\"p21_machismo\":\"Machismo\",\"p21_racismo\":\"Racismo\",\"p21_lgbtqifobia\":\"LGBTIfobia\",\"p21_nenhum\":\"Nenhum\",\"p22_numerodeparticipantes\":\"1  - 15\",\"p23_reunioes\":\"Reuni\\u00f5es\",\"p23_oficinas\":\"Oficinas\",\"p23_oficinasaulasartisticas\":\"Ensaio\\\/Oficinas\\\/Aulas Art\\u00edsticas\",\"p23_formacao\":\"Forma\\u00e7\\u00e3o\",\"p23_apresentacoesartisticas\":\"Apresenta\\u00e7\\u00f5es Art\\u00edsticas\",\"p23_excursoes\":\"Excurs\\u00f5es\",\"p23_outros\":\"Outros\",\"p24_visitasexcursoes\":\"Visitas\\\/Excurs\\u00f5es\",\"p24_outros\":\"Outros\",\"p25_numerodepessoas\":\"100 - 200\",\"p26_numerodepessoas\":\"100 - 200\",\"p27_espacopublico\":\"Espa\\u00e7o p\\u00fablico\",\"p27_espacoemprestadocedido\":\"Espa\\u00e7o emprestado\\\/cedido\",\"p27_espacoproprio\":\"Espa\\u00e7o pr\\u00f3prio\",\"p27_virtual\":\"Virtual\",\"p27_ocupacao\":\"Ocupa\\u00e7\\u00e3o\",\"p28_territorios\":\"Atua\\u00e7\\u00e3o Nacional\",\"p30_outrasorganizacoes\":\"N\\u00e3o\",\"p32_campanhadelongaduracao\":\"Sim\",\"p34_nacional\":\"Nacional\",\"p34_nenhuma\":\"Nenhuma\",\"p36_conselhosdeparticipacaoecontrolesocial\":\"Sim\",\"p38_sim\":\"Sim\",\"p40_editais\":\"Sim\",\"p41_autofinanciamento\":\"Autofinanciamento\",\"p42_meiodedivulgacaoproprio\":\"Sim\",\"p43_email\":\"E-mail\",\"p43_facebook\":\"Facebook\",\"p43_whatsapp\":\"WhatsApp\",\"p43_instagram\":\"Instagram\",\"p43_twitter\":\"Twitter\",\"p43_sitesblogs\":\"Blogs\\\/sites\",\"p43_youtube\":\"YouTube\",\"p44_radio\":\"R\\u00e1dio\",\"p44_jornaisimpressosdegrandecirculacao\":\"Jornais impressos de grande circula\\u00e7\\u00e3o\",\"p44_jornaisimpressosdebairro\":\"Jornais impressos de bairro\",\"p44_redessociais\":\"Redes sociais (Facebook, YouTube, Instagram etc.)\",\"p44_sitesblogs\":\"Sites ou Blogs\",\"p39_publico\":\"TODOS\",\"p45_bandeira\":\"CIDADANIA LIVROS ARTE VOZ AUTORES ARTISTAS CULTURA POPULAR BIBLIODIVERSIDADE\",\"p46_hashtags\":\"#BIBLIODIVERSIDADE #HIPHOP #LIVRO+RUA\"},{\"p1_eixo\":\"Cultura\",\"p9_tipoorganizacao\":\"Coletivo Art\\u00edstico\",\"p12_uf\":\"PA\",\"p13_cidade\":\"ANANINDEUA\",\"p16_nacional\":\"Nacional\",\"p17_ano\":\"2013\",\"p18_comunicacao\":\"Comunica\\u00e7\\u00e3o\",\"p18_difusaoartistica\":\"Difus\\u00e3o Art\\u00edstica\",\"p18_direitoshumanos\":\"Direitos humanos\",\"p18_educacao\":\"Educa\\u00e7\\u00e3o\",\"p18_feminismos\":\"Feminismos\",\"p18_lgbtqi\":\"LGBTQI\",\"p18_lutaantirracismo\":\"Luta antirracismo\",\"p18_povosecomunidadestradicionais\":\"Povos e comunidades tradicionais\",\"p18_saude\":\"Sa\\u00fade\",\"p18_violencia\":\"Viol\\u00eancia\",\"p18_politicasculturais\":\"Pol\\u00edticas Culturais\",\"p19_educacao\":\"Educa\\u00e7\\u00e3o\",\"p19_lutaantirracismo\":\"Luta antirracismo\",\"p19_difusaoartistica\":\"Difus\\u00e3o Art\\u00edstica\",\"p19_politicasculturais\":\"Pol\\u00edticas Culturais\",\"p20_reunioes\":\"Reuni\\u00f5es\",\"p20_oficinas\":\"Oficinas\",\"p20_oficinasaulasartisticas\":\"Ensaios\\\/Oficinas\\\/Aulas art\\u00edsticas\",\"p20_cursos\":\"Cursos\",\"p20_formacao\":\"Forma\\u00e7\\u00e3o\",\"p20_apresentacoesartisticas\":\"Apresenta\\u00e7\\u00f5es art\\u00edsticas\",\"p20_visitasexcursoes\":\"Visitas\\\/Excurs\\u00f5es\",\"p21_repressaopolicial\":\"Repress\\u00e3o policial\",\"p21_intoleranciareligiosa\":\"Fundamentalismo\\\/intoler\\u00e2ncia religiosa\",\"p21_xenofobia\":\"Xenofobia\",\"p21_machismo\":\"Machismo\",\"p21_racismo\":\"Racismo\",\"p21_lgbtqifobia\":\"LGBTIfobia\",\"p22_numerodeparticipantes\":\"1  - 15\",\"p23_reunioes\":\"Reuni\\u00f5es\",\"p23_oficinas\":\"Oficinas\",\"p23_oficinasaulasartisticas\":\"Ensaio\\\/Oficinas\\\/Aulas Art\\u00edsticas\",\"p23_formacao\":\"Forma\\u00e7\\u00e3o\",\"p23_apresentacoesartisticas\":\"Apresenta\\u00e7\\u00f5es Art\\u00edsticas\",\"p23_excursoes\":\"Excurs\\u00f5es\",\"p24_oficinas\":\"Oficinas\",\"p24_oficinasaulasartisticas\":\"Ensaios\\\/Oficinas\\\/Aulas art\\u00edsticas\",\"p24_formacao\":\"Forma\\u00e7\\u00e3o\",\"p24_apresentacoesartisticas\":\"Apresenta\\u00e7\\u00f5es art\\u00edsticas\",\"p24_visitasexcursoes\":\"Visitas\\\/Excurs\\u00f5es\",\"p25_numerodepessoas\":\"100 - 200\",\"p26_numerodepessoas\":\"1 - 20\",\"p27_espacopublico\":\"Espa\\u00e7o p\\u00fablico\",\"p27_espacoemprestadocedido\":\"Espa\\u00e7o emprestado\\\/cedido\",\"p27_virtual\":\"Virtual\",\"p27_ocupacao\":\"Ocupa\\u00e7\\u00e3o\",\"p28_territorios\":\"Atua\\u00e7\\u00e3o Nacional\",\"p30_outrasorganizacoes\":\"Sim\",\"p32_campanhadelongaduracao\":\"Sim\",\"p34_estadual\":\"Estadual\",\"p34_nacional\":\"Nacional\",\"p34_nenhuma\":\"Nenhuma\",\"p36_conselhosdeparticipacaoecontrolesocial\":\"N\\u00e3o\",\"p38_sim\":\"Sim\",\"p40_editais\":\"N\\u00e3o\",\"p41_autofinanciamento\":\"Autofinanciamento\",\"p42_meiodedivulgacaoproprio\":\"Sim\",\"p43_email\":\"E-mail\",\"p43_facebook\":\"Facebook\",\"p43_whatsapp\":\"WhatsApp\",\"p43_instagram\":\"Instagram\",\"p43_twitter\":\"Twitter\",\"p43_sitesblogs\":\"Blogs\\\/sites\",\"p43_youtube\":\"YouTube\",\"p44_jornaisimpressosdegrandecirculacao\":\"Jornais impressos de grande circula\\u00e7\\u00e3o\",\"p44_jornaisimpressosdebairro\":\"Jornais impressos de bairro\",\"p44_redessociais\":\"Redes sociais (Facebook, YouTube, Instagram etc.)\",\"p44_sitesblogs\":\"Sites ou Blogs\",\"p39_publico\":\"CRIAN\\u00c7AS ADOLESCENTES MORADORES MORADORAS PERIFERIAS PARA\",\"p45_bandeira\":\"DEMOCRATIZA\\u00c7\\u00c3O ARTE VALORIZA\\u00c7\\u00c3O CULTURA-LOCAL NACIONAL COMBATE-AO-RACISMO COMBATE-A-LGBTQIFOBIA DEFESA DEMOCRACIA\",\"p46_hashtags\":\"#FORABOLSONARO  #FOGONOSRACISTAS  #ARTECULTURAPARATODOS\"},{\"p1_eixo\":\"Cultura\",\"p9_tipoorganizacao\":\"Coletivo Art\\u00edstico\",\"p12_uf\":\"SP\",\"p13_cidade\":\"S\\u00c3O JOS\\u00c9 DO RIO PARDO\",\"p16_nacional\":\"Nacional\",\"p17_ano\":\"2014\",\"p18_comunicacao\":\"Comunica\\u00e7\\u00e3o\",\"p18_difusaoartistica\":\"Difus\\u00e3o Art\\u00edstica\",\"p18_direitoshumanos\":\"Direitos humanos\",\"p18_educacao\":\"Educa\\u00e7\\u00e3o\",\"p18_lutaantirracismo\":\"Luta antirracismo\",\"p18_politicasculturais\":\"Pol\\u00edticas Culturais\",\"p19_educacao\":\"Educa\\u00e7\\u00e3o\",\"p19_lutaantirracismo\":\"Luta antirracismo\",\"p19_difusaoartistica\":\"Difus\\u00e3o Art\\u00edstica\",\"p19_politicasculturais\":\"Pol\\u00edticas Culturais\",\"p20_reunioes\":\"Reuni\\u00f5es\",\"p20_oficinas\":\"Oficinas\",\"p20_oficinasaulasartisticas\":\"Ensaios\\\/Oficinas\\\/Aulas art\\u00edsticas\",\"p20_formacao\":\"Forma\\u00e7\\u00e3o\",\"p20_apresentacoesartisticas\":\"Apresenta\\u00e7\\u00f5es art\\u00edsticas\",\"p21_repressaopolicial\":\"Repress\\u00e3o policial\",\"p21_intoleranciareligiosa\":\"Fundamentalismo\\\/intoler\\u00e2ncia religiosa\",\"p21_racismo\":\"Racismo\",\"p22_numerodeparticipantes\":\"1  - 15\",\"p23_reunioes\":\"Reuni\\u00f5es\",\"p23_oficinas\":\"Oficinas\",\"p23_oficinasaulasartisticas\":\"Ensaio\\\/Oficinas\\\/Aulas Art\\u00edsticas\",\"p23_formacao\":\"Forma\\u00e7\\u00e3o\",\"p23_apresentacoesartisticas\":\"Apresenta\\u00e7\\u00f5es Art\\u00edsticas\",\"p24_oficinas\":\"Oficinas\",\"p24_oficinasaulasartisticas\":\"Ensaios\\\/Oficinas\\\/Aulas art\\u00edsticas\",\"p24_formacao\":\"Forma\\u00e7\\u00e3o\",\"p24_apresentacoesartisticas\":\"Apresenta\\u00e7\\u00f5es art\\u00edsticas\",\"p24_outros\":\"Outros\",\"p25_numerodepessoas\":\"1 - 20\",\"p26_numerodepessoas\":\"Mais de 500\",\"p27_espacopublico\":\"Espa\\u00e7o p\\u00fablico\",\"p27_espacoemprestadocedido\":\"Espa\\u00e7o emprestado\\\/cedido\",\"p27_virtual\":\"Virtual\",\"p27_ocupacao\":\"Ocupa\\u00e7\\u00e3o\",\"p28_territorios\":\"Atua\\u00e7\\u00e3o Nacional\",\"p30_outrasorganizacoes\":\"Sim\",\"p32_campanhadelongaduracao\":\"Sim\",\"p34_estadual\":\"Estadual\",\"p34_nacional\":\"Nacional\",\"p34_internacional\":\"Internacional\",\"p36_conselhosdeparticipacaoecontrolesocial\":\"N\\u00e3o\",\"p38_sim\":\"Sim\",\"p40_editais\":\"N\\u00e3o\",\"p41_autofinanciamento\":\"Autofinanciamento\",\"p42_meiodedivulgacaoproprio\":\"Sim\",\"p43_email\":\"E-mail\",\"p43_facebook\":\"Facebook\",\"p43_whatsapp\":\"WhatsApp\",\"p43_instagram\":\"Instagram\",\"p43_youtube\":\"YouTube\",\"p44_radio\":\"TV\",\"p44_jornaisimpressosdegrandecirculacao\":\"Jornais impressos de grande circula\\u00e7\\u00e3o\",\"p44_redessociais\":\"Redes sociais (Facebook, YouTube, Instagram etc.)\",\"p39_publico\":\"JOVENS ARTISTAS TALENTOSOS BUROCR\\u00c1TICA REGULARIZA\\u00c7\\u00c3O PROFISSIONAL\",\"p45_bandeira\":\"AUTOCONHECIMENTO CONHECIMENTO SOCIAL VEICULO TRANSFORMA\\u00c7\\u00c3O ARTE ABRE CAMINHOS COMUNICA\\u00c7\\u00c3O MUNDO\",\"p46_hashtags\":\"#CIAERVADOCE #FESTIVALTRANCEBRASIL #ECOVILAS\"},{\"p1_eixo\":\"Cultura\",\"p9_tipoorganizacao\":\"Coletivo\",\"p12_uf\":\"AM\",\"p13_cidade\":\"MANAUS\",\"p16_cidade\":\"Cidade\",\"p16_nacional\":\"Nacional\",\"p17_ano\":\"2008\",\"p18_comunicacao\":\"Comunica\\u00e7\\u00e3o\",\"p18_desenvolvimentoterritorial\":\"Desenvolvimento territorial\",\"p18_direitoshumanos\":\"Direitos humanos\",\"p18_educacao\":\"Educa\\u00e7\\u00e3o\",\"p18_lutaantirracismo\":\"Luta antirracismo\",\"p18_povosecomunidadestradicionais\":\"Povos e comunidades tradicionais\",\"p18_trabalho\":\"Trabalho\",\"p18_politicasculturais\":\"Pol\\u00edticas Culturais\",\"p19_direitoshumanos\":\"Direitos humanos\",\"p19_educacao\":\"Educa\\u00e7\\u00e3o\",\"p19_lutaantirracismo\":\"Luta antirracismo\",\"p19_trabalho\":\"Trabalho\",\"p19_politicasculturais\":\"Pol\\u00edticas Culturais\",\"p20_reunioes\":\"Reuni\\u00f5es\",\"p20_atendimento\":\"Atendimento\",\"p20_oficinas\":\"Oficinas\",\"p20_oficinasaulasartisticas\":\"Ensaios\\\/Oficinas\\\/Aulas art\\u00edsticas\",\"p20_cursos\":\"Cursos\",\"p20_formacao\":\"Forma\\u00e7\\u00e3o\",\"p20_apresentacoesartisticas\":\"Apresenta\\u00e7\\u00f5es art\\u00edsticas\",\"p21_repressaopolicial\":\"Repress\\u00e3o policial\",\"p21_racismo\":\"Racismo\",\"p21_nenhum\":\"Nenhum\",\"p22_numerodeparticipantes\":\"1  - 15\",\"p23_reunioes\":\"Reuni\\u00f5es\",\"p23_atendimento\":\"Atendimento\",\"p23_oficinas\":\"Oficinas\",\"p23_oficinasaulasartisticas\":\"Ensaio\\\/Oficinas\\\/Aulas Art\\u00edsticas\",\"p23_cursos\":\"Cursos\",\"p23_formacao\":\"Forma\\u00e7\\u00e3o\",\"p23_profissionalizacao\":\"Profissionaliza\\u00e7\\u00e3o\",\"p23_apresentacoesartisticas\":\"Apresenta\\u00e7\\u00f5es Art\\u00edsticas\",\"p23_outros\":\"Outros\",\"p24_reunioes\":\"Reuni\\u00f5es\",\"p24_atendimento\":\"Atendimentos\",\"p24_oficinas\":\"Oficinas\",\"p24_curso\":\"Curso\",\"p24_formacao\":\"Forma\\u00e7\\u00e3o\",\"p24_profissionalizacao\":\"Profissionaliza\\u00e7\\u00e3o\",\"p24_outros\":\"Outros\",\"p25_numerodepessoas\":\"100 - 200\",\"p26_numerodepessoas\":\"40 - 60\",\"p27_espacopublico\":\"Espa\\u00e7o p\\u00fablico\",\"p27_espacoemprestadocedido\":\"Espa\\u00e7o emprestado\\\/cedido\",\"p27_virtual\":\"Virtual\",\"p27_ocupacao\":\"Ocupa\\u00e7\\u00e3o\",\"p28_territorios\":\"Estado\",\"p30_outrasorganizacoes\":\"Sim\",\"p32_campanhadelongaduracao\":\"N\\u00e3o\",\"p34_municipal\":\"Municipal\",\"p34_estadual\":\"Estadual\",\"p34_nacional\":\"Nacional\",\"p34_internacional\":\"Internacional\",\"p36_conselhosdeparticipacaoecontrolesocial\":\"Sim\",\"p38_sim\":\"Sim\",\"p40_editais\":\"Sim\",\"p41_autofinanciamento\":\"Autofinanciamento\",\"p42_meiodedivulgacaoproprio\":\"Sim\",\"p43_impressoes\":\"Impressos\",\"p43_email\":\"E-mail\",\"p43_facebook\":\"Facebook\",\"p43_whatsapp\":\"WhatsApp\",\"p43_instagram\":\"Instagram\",\"p43_twitter\":\"Twitter\",\"p43_sitesblogs\":\"Blogs\\\/sites\",\"p43_youtube\":\"YouTube\",\"p44_radio\":\"TV\",\"p44_jornaisimpressosdegrandecirculacao\":\"Jornais impressos de grande circula\\u00e7\\u00e3o\",\"p44_jornaisimpressosdebairro\":\"Jornais impressos de bairro\",\"p44_redessociais\":\"Redes sociais (Facebook, YouTube, Instagram etc.)\",\"p44_sitesblogs\":\"Sites ou Blogs\",\"p39_publico\":\"ADOLESCENTES JOVENS ADULTOS NEGROS NEGROS PERIF\\u00c9RICOS\",\"p45_bandeira\":\"COMBATE RACISMO MOVIMENTO HIPHOP CONSCIENTE POLITIZADO ATIVISTA PANAFRICANISTA CONTRA  POVO NEGRO REFORMA URBANA PARTICIPATIVA PROTAGONISMO MULHERES LGBTQI NEGROS \\u00cdNDIOS PARLAMENTO EXECUTIVO JUDICI\\u00c1RIO\",\"p46_hashtags\":\"#EQUIDADEDEGENEROERACA #CULTURAHIPHOPANTICAPITALISTA #NAOAOGENOCIDIODAPOPULACAONEGRA\"},{\"p1_eixo\":\"Cultura\",\"p9_tipoorganizacao\":\"Associa\\u00e7\\u00e3o\",\"p12_uf\":\"AM\",\"p13_cidade\":\"MANAUS\",\"p16_cidade\":\"Cidade\",\"p17_ano\":\"2007\",\"p16_estado\":\"Estado\",\"p18_comunicacao\":\"Comunica\\u00e7\\u00e3o\",\"p18_difusaoartistica\":\"Difus\\u00e3o Art\\u00edstica\",\"p18_desenvolvimentoterritorial\":\"Desenvolvimento territorial\",\"p18_direitoshumanos\":\"Direitos humanos\",\"p18_educacao\":\"Educa\\u00e7\\u00e3o\",\"p18_feminismos\":\"Feminismos\",\"p18_lgbtqi\":\"LGBTQI\",\"p18_lutaantirracismo\":\"Luta antirracismo\",\"p18_moradia\":\"Moradia\",\"p18_povosecomunidadestradicionais\":\"Povos e comunidades tradicionais\",\"p18_trabalho\":\"Trabalho\",\"p18_saude\":\"Sa\\u00fade\",\"p18_violencia\":\"Viol\\u00eancia\",\"p18_politicasculturais\":\"Pol\\u00edticas Culturais\",\"p19_direitoshumanos\":\"Direitos humanos\",\"p19_educacao\":\"Educa\\u00e7\\u00e3o\",\"p19_trabalho\":\"Trabalho\",\"p19_violencia\":\"Viol\\u00eancia\",\"p20_reunioes\":\"Reuni\\u00f5es\",\"p20_atendimento\":\"Atendimento\",\"p20_oficinas\":\"Oficinas\",\"p20_oficinasaulasartisticas\":\"Ensaios\\\/Oficinas\\\/Aulas art\\u00edsticas\",\"p20_cursos\":\"Cursos\",\"p20_formacao\":\"Forma\\u00e7\\u00e3o\",\"p20_profissionalizacao\":\"Profissionaliza\\u00e7\\u00e3o\",\"p20_apresentacoesartisticas\":\"Apresenta\\u00e7\\u00f5es art\\u00edsticas\",\"p20_visitasexcursoes\":\"Visitas\\\/Excurs\\u00f5es\",\"p21_repressaopolicial\":\"Repress\\u00e3o policial\",\"p21_machismo\":\"Machismo\",\"p21_racismo\":\"Racismo\",\"p21_lgbtqifobia\":\"LGBTIfobia\",\"p21_nenhum\":\"Nenhum\",\"p22_numerodeparticipantes\":\"15 - 30\",\"p23_reunioes\":\"Reuni\\u00f5es\",\"p23_atendimento\":\"Atendimento\",\"p23_oficinas\":\"Oficinas\",\"p23_oficinasaulasartisticas\":\"Ensaio\\\/Oficinas\\\/Aulas Art\\u00edsticas\",\"p23_cursos\":\"Cursos\",\"p23_formacao\":\"Forma\\u00e7\\u00e3o\",\"p23_profissionalizacao\":\"Profissionaliza\\u00e7\\u00e3o\",\"p23_visitas\":\"Visitas\",\"p23_outros\":\"Outros\",\"p24_reunioes\":\"Reuni\\u00f5es\",\"p24_atendimento\":\"Atendimentos\",\"p24_oficinas\":\"Oficinas\",\"p24_curso\":\"Curso\",\"p24_formacao\":\"Forma\\u00e7\\u00e3o\",\"p24_profissionalizacao\":\"Profissionaliza\\u00e7\\u00e3o\",\"p25_numerodepessoas\":\"100 - 200\",\"p26_numerodepessoas\":\"60 - 80\",\"p27_espacopublico\":\"Espa\\u00e7o p\\u00fablico\",\"p27_espacoemprestadocedido\":\"Espa\\u00e7o emprestado\\\/cedido\",\"p27_espacoproprio\":\"Espa\\u00e7o pr\\u00f3prio\",\"p27_virtual\":\"Virtual\",\"p28_territorios\":\"Cidade\",\"p30_outrasorganizacoes\":\"Sim\",\"p32_campanhadelongaduracao\":\"Sim\",\"p34_municipal\":\"Municipal\",\"p34_estadual\":\"Estadual\",\"p34_nacional\":\"Nacional\",\"p36_conselhosdeparticipacaoecontrolesocial\":\"N\\u00e3o\",\"p38_sim\":\"Sim\",\"p40_editais\":\"N\\u00e3o\",\"p41_autofinanciamento\":\"Autofinanciamento\",\"p42_meiodedivulgacaoproprio\":\"Sim\",\"p43_impressoes\":\"Impressos\",\"p43_email\":\"E-mail\",\"p43_facebook\":\"Facebook\",\"p43_whatsapp\":\"WhatsApp\",\"p43_instagram\":\"Instagram\",\"p43_twitter\":\"Twitter\",\"p43_sitesblogs\":\"Blogs\\\/sites\",\"p43_youtube\":\"YouTube\",\"p44_jornaisimpressosdebairro\":\"Jornais impressos de bairro\",\"p44_redessociais\":\"Redes sociais (Facebook, YouTube, Instagram etc.)\",\"p44_sitesblogs\":\"Sites ou Blogs\",\"p39_publico\":\"POPULA\\u00c7\\u00c3O RIBEIRINHA POPULA\\u00c7\\u00c3O BAIXA-RENDA\",\"p45_bandeira\":\"DESENVOLVIMENTO SOCIAL MEIO-AMBIENTE SUSTENTABILIDADE CONSCIENTIZAR POPULA\\u00c7\\u00c3O MEIO-AMBIENTE DIVULGAR-PRESERVA\\u00c7\\u00c3O NATUREZA\",\"p46_hashtags\":\"#SUPERACAO #TRANSFORMEVIDAS #CUIDEDANATUREZA\"},{\"p1_eixo\":\"Viol\\u00eancia\",\"p9_tipoorganizacao\":\"Movimento Social\",\"p12_uf\":\"DF\",\"p13_cidade\":\"DISTRITO FEDERAL\",\"p17_ano\":\"Anterior a 1980\",\"p16_estado\":\"Estado\",\"p18_comunicacao\":\"Comunica\\u00e7\\u00e3o\",\"p18_difusaoartistica\":\"Difus\\u00e3o Art\\u00edstica\",\"p18_direitoshumanos\":\"Direitos humanos\",\"p18_educacao\":\"Educa\\u00e7\\u00e3o\",\"p18_feminismos\":\"Feminismos\",\"p18_lgbtqi\":\"LGBTQI\",\"p18_lutaantirracismo\":\"Luta antirracismo\",\"p18_moradia\":\"Moradia\",\"p18_povosecomunidadestradicionais\":\"Povos e comunidades tradicionais\",\"p18_trabalho\":\"Trabalho\",\"p18_religiao\":\"Religi\\u00e3o\",\"p18_saude\":\"Sa\\u00fade\",\"p18_violencia\":\"Viol\\u00eancia\",\"p18_politicasculturais\":\"Pol\\u00edticas Culturais\",\"p19_direitoshumanos\":\"Direitos humanos\",\"p19_educacao\":\"Educa\\u00e7\\u00e3o\",\"p19_feminismos\":\"Feminismos\",\"p19_lgbtqi\":\"LGBTQI\",\"p19_povosecomunidadestradicionais\":\"Povos e comunidades tradicionais\",\"p19_violencia\":\"Viol\\u00eancia\",\"p20_reunioes\":\"Reuni\\u00f5es\",\"p20_atendimento\":\"Atendimento\",\"p20_oficinas\":\"Oficinas\",\"p20_oficinasaulasartisticas\":\"Ensaios\\\/Oficinas\\\/Aulas art\\u00edsticas\",\"p20_cursos\":\"Cursos\",\"p20_formacao\":\"Forma\\u00e7\\u00e3o\",\"p20_profissionalizacao\":\"Profissionaliza\\u00e7\\u00e3o\",\"p20_apresentacoesartisticas\":\"Apresenta\\u00e7\\u00f5es art\\u00edsticas\",\"p20_visitasexcursoes\":\"Visitas\\\/Excurs\\u00f5es\",\"p21_repressaopolicial\":\"Repress\\u00e3o policial\",\"p21_intoleranciareligiosa\":\"Fundamentalismo\\\/intoler\\u00e2ncia religiosa\",\"p21_machismo\":\"Machismo\",\"p21_racismo\":\"Racismo\",\"p21_lgbtqifobia\":\"LGBTIfobia\",\"p22_numerodeparticipantes\":\"15 - 30\",\"p23_reunioes\":\"Reuni\\u00f5es\",\"p23_atendimento\":\"Atendimento\",\"p23_formacao\":\"Forma\\u00e7\\u00e3o\",\"p23_visitas\":\"Visitas\",\"p24_reunioes\":\"Reuni\\u00f5es\",\"p24_atendimento\":\"Atendimentos\",\"p24_oficinas\":\"Oficinas\",\"p24_curso\":\"Curso\",\"p24_formacao\":\"Forma\\u00e7\\u00e3o\",\"p24_profissionalizacao\":\"Profissionaliza\\u00e7\\u00e3o\",\"p25_numerodepessoas\":\"200 - 300\",\"p26_numerodepessoas\":\"Mais de 500\",\"p27_espacopublico\":\"Espa\\u00e7o p\\u00fablico\",\"p27_espacoemprestadocedido\":\"Espa\\u00e7o emprestado\\\/cedido\",\"p27_espacoproprio\":\"Espa\\u00e7o pr\\u00f3prio\",\"p27_virtual\":\"Virtual\",\"p28_territorios\":\"Estado\",\"p30_outrasorganizacoes\":\"Sim\",\"p32_campanhadelongaduracao\":\"Sim\",\"p34_nacional\":\"Nacional\",\"p36_conselhosdeparticipacaoecontrolesocial\":\"Sim\",\"p38_sim\":\"Sim\",\"p40_editais\":\"N\\u00e3o\",\"p41_autofinanciamento\":\"Autofinanciamento\",\"p42_meiodedivulgacaoproprio\":\"Sim\",\"p43_email\":\"E-mail\",\"p43_facebook\":\"Facebook\",\"p43_whatsapp\":\"WhatsApp\",\"p43_instagram\":\"Instagram\",\"p43_twitter\":\"Twitter\",\"p43_sitesblogs\":\"Blogs\\\/sites\",\"p43_youtube\":\"YouTube\",\"p44_redessociais\":\"Redes sociais (Facebook, YouTube, Instagram etc.)\",\"p44_sitesblogs\":\"Sites ou Blogs\",\"p39_publico\":\"ESTUDANTES\",\"p45_bandeira\":\"EDUCA\\u00c7\\u00c3O-GRATUITA QUALIDADE \",\"p46_hashtags\":\"#EDUCACAOGRATUITAEDEQUALIDADEPARATODOS #GREMIOESTUDANTIL\"},{\"p1_eixo\":\"Cultura\",\"p9_tipoorganizacao\":\"Associa\\u00e7\\u00e3o\",\"p12_uf\":\"PA\",\"p13_cidade\":\"BEL\\u00c9M\",\"p16_bairro\":\"Bairro\",\"p17_ano\":\"2000\",\"p16_estado\":\"Estado\",\"p18_comunicacao\":\"Comunica\\u00e7\\u00e3o\",\"p18_difusaoartistica\":\"Difus\\u00e3o Art\\u00edstica\",\"p18_desenvolvimentoterritorial\":\"Desenvolvimento territorial\",\"p18_direitoshumanos\":\"Direitos humanos\",\"p18_educacao\":\"Educa\\u00e7\\u00e3o\",\"p18_feminismos\":\"Feminismos\",\"p18_lgbtqi\":\"LGBTQI\",\"p18_lutaantirracismo\":\"Luta antirracismo\",\"p18_povosecomunidadestradicionais\":\"Povos e comunidades tradicionais\",\"p18_trabalho\":\"Trabalho\",\"p18_religiao\":\"Religi\\u00e3o\",\"p18_saude\":\"Sa\\u00fade\",\"p18_violencia\":\"Viol\\u00eancia\",\"p18_politicasculturais\":\"Pol\\u00edticas Culturais\",\"p19_direitoshumanos\":\"Direitos humanos\",\"p19_educacao\":\"Educa\\u00e7\\u00e3o\",\"p19_feminismos\":\"Feminismos\",\"p19_lgbtqi\":\"LGBTQI\",\"p19_povosecomunidadestradicionais\":\"Povos e comunidades tradicionais\",\"p19_difusaoartistica\":\"Difus\\u00e3o Art\\u00edstica\",\"p20_reunioes\":\"Reuni\\u00f5es\",\"p20_oficinas\":\"Oficinas\",\"p20_oficinasaulasartisticas\":\"Ensaios\\\/Oficinas\\\/Aulas art\\u00edsticas\",\"p20_cursos\":\"Cursos\",\"p20_formacao\":\"Forma\\u00e7\\u00e3o\",\"p20_profissionalizacao\":\"Profissionaliza\\u00e7\\u00e3o\",\"p20_apresentacoesartisticas\":\"Apresenta\\u00e7\\u00f5es art\\u00edsticas\",\"p21_repressaopolicial\":\"Repress\\u00e3o policial\",\"p21_intoleranciareligiosa\":\"Fundamentalismo\\\/intoler\\u00e2ncia religiosa\",\"p21_racismo\":\"Racismo\",\"p21_nenhum\":\"Nenhum\",\"p22_numerodeparticipantes\":\"30 - 45\",\"p23_reunioes\":\"Reuni\\u00f5es\",\"p23_atendimento\":\"Atendimento\",\"p23_oficinas\":\"Oficinas\",\"p23_oficinasaulasartisticas\":\"Ensaio\\\/Oficinas\\\/Aulas Art\\u00edsticas\",\"p23_formacao\":\"Forma\\u00e7\\u00e3o\",\"p23_visitas\":\"Visitas\",\"p24_curso\":\"Curso\",\"p24_profissionalizacao\":\"Profissionaliza\\u00e7\\u00e3o\",\"p24_apresentacoesartisticas\":\"Apresenta\\u00e7\\u00f5es art\\u00edsticas\",\"p25_numerodepessoas\":\"100 - 200\",\"p26_numerodepessoas\":\"20 - 40\",\"p27_espacoemprestadocedido\":\"Espa\\u00e7o emprestado\\\/cedido\",\"p27_espacoproprio\":\"Espa\\u00e7o pr\\u00f3prio\",\"p28_territorios\":\"Pr\\u00f3prio bairro\",\"p30_outrasorganizacoes\":\"Sim\",\"p32_campanhadelongaduracao\":\"Sim\",\"p34_municipal\":\"Municipal\",\"p34_nacional\":\"Nacional\",\"p36_conselhosdeparticipacaoecontrolesocial\":\"Sim\",\"p38_sim\":\"Sim\",\"p38_nenhum\":\"Nenhum\",\"p40_editais\":\"Sim\",\"p41_autofinanciamento\":\"Autofinanciamento\",\"p41_financiamentocoletivo0\":\"Financiamento coletivo\",\"p42_meiodedivulgacaoproprio\":\"Sim\",\"p43_email\":\"E-mail\",\"p43_facebook\":\"Facebook\",\"p43_whatsapp\":\"WhatsApp\",\"p43_instagram\":\"Instagram\",\"p43_youtube\":\"YouTube\",\"p44_redessociais\":\"Redes sociais (Facebook, YouTube, Instagram etc.)\",\"p39_publico\":\"MULHERES NEGRAS\",\"p45_bandeira\":\"COMBATE  RELIGIOSA RACISMO  VIOL\\u00caNCIA-POLICIAL\",\"p46_hashtags\":\"#QUEMEDEAXEDIZQUEE #ATRADICAOALIMENTAENAOVIOLENTA #TFPEDEPAZ\"},{\"p1_eixo\":\"Cultura\",\"p9_tipoorganizacao\":\"Instituto\",\"p12_uf\":\"SP\",\"p13_cidade\":\"S\\u00c3O PAULO\",\"p16_bairro\":\"Bairro\",\"p17_ano\":\"2015\",\"p18_comunicacao\":\"Comunica\\u00e7\\u00e3o\",\"p18_difusaoartistica\":\"Difus\\u00e3o Art\\u00edstica\",\"p18_desenvolvimentoterritorial\":\"Desenvolvimento territorial\",\"p18_direitoshumanos\":\"Direitos humanos\",\"p18_educacao\":\"Educa\\u00e7\\u00e3o\",\"p18_trabalho\":\"Trabalho\",\"p18_saude\":\"Sa\\u00fade\",\"p18_politicasculturais\":\"Pol\\u00edticas Culturais\",\"p19_desenvolvimentoterritorial\":\"Desenvolvimento territorial\",\"p19_direitoshumanos\":\"Direitos humanos\",\"p19_educacao\":\"Educa\\u00e7\\u00e3o\",\"p19_difusaoartistica\":\"Difus\\u00e3o Art\\u00edstica\",\"p20_reunioes\":\"Reuni\\u00f5es\",\"p20_atendimento\":\"Atendimento\",\"p20_oficinas\":\"Oficinas\",\"p20_oficinasaulasartisticas\":\"Ensaios\\\/Oficinas\\\/Aulas art\\u00edsticas\",\"p20_cursos\":\"Cursos\",\"p20_formacao\":\"Forma\\u00e7\\u00e3o\",\"p20_apresentacoesartisticas\":\"Apresenta\\u00e7\\u00f5es art\\u00edsticas\",\"p20_visitasexcursoes\":\"Visitas\\\/Excurs\\u00f5es\",\"p21_xenofobia\":\"Xenofobia\",\"p21_nenhum\":\"Nenhum\",\"p22_numerodeparticipantes\":\"Mais de 90\",\"p23_reunioes\":\"Reuni\\u00f5es\",\"p23_atendimento\":\"Atendimento\",\"p23_oficinas\":\"Oficinas\",\"p23_oficinasaulasartisticas\":\"Ensaio\\\/Oficinas\\\/Aulas Art\\u00edsticas\",\"p23_cursos\":\"Cursos\",\"p23_formacao\":\"Forma\\u00e7\\u00e3o\",\"p23_apresentacoesartisticas\":\"Apresenta\\u00e7\\u00f5es Art\\u00edsticas\",\"p23_excursoes\":\"Excurs\\u00f5es\",\"p24_reunioes\":\"Reuni\\u00f5es\",\"p24_atendimento\":\"Atendimentos\",\"p24_oficinas\":\"Oficinas\",\"p24_oficinasaulasartisticas\":\"Ensaios\\\/Oficinas\\\/Aulas art\\u00edsticas\",\"p24_curso\":\"Curso\",\"p24_formacao\":\"Forma\\u00e7\\u00e3o\",\"p24_apresentacoesartisticas\":\"Apresenta\\u00e7\\u00f5es art\\u00edsticas\",\"p24_visitasexcursoes\":\"Visitas\\\/Excurs\\u00f5es\",\"p25_numerodepessoas\":\"60 - 80\",\"p26_numerodepessoas\":\"400 - 500\",\"p27_espacopublico\":\"Espa\\u00e7o p\\u00fablico\",\"p27_espacoemprestadocedido\":\"Espa\\u00e7o emprestado\\\/cedido\",\"p27_espacoproprio\":\"Espa\\u00e7o pr\\u00f3prio\",\"p27_virtual\":\"Virtual\",\"p27_ocupacao\":\"Ocupa\\u00e7\\u00e3o\",\"p28_territorios\":\"Pr\\u00f3prio bairro\",\"p30_outrasorganizacoes\":\"Sim\",\"p32_campanhadelongaduracao\":\"N\\u00e3o\",\"p34_municipal\":\"Municipal\",\"p34_estadual\":\"Estadual\",\"p36_conselhosdeparticipacaoecontrolesocial\":\"N\\u00e3o\",\"p38_sim\":\"Sim\",\"p38_nenhum\":\"Nenhum\",\"p40_editais\":\"N\\u00e3o\",\"p41_publicoestatal\":\"P\\u00fablico-Estatal\",\"p41_financiamentocoletivo0\":\"Financiamento coletivo\",\"p42_meiodedivulgacaoproprio\":\"Sim\",\"p43_impressoes\":\"Impressos\",\"p43_email\":\"E-mail\",\"p43_facebook\":\"Facebook\",\"p43_whatsapp\":\"WhatsApp\",\"p43_instagram\":\"Instagram\",\"p43_youtube\":\"YouTube\",\"p44_redessociais\":\"Redes sociais (Facebook, YouTube, Instagram etc.)\",\"p44_sitesblogs\":\"Sites ou Blogs\",\"p39_publico\":\"TODOS\",\"p45_bandeira\":\"CULTURA MERCADO TRABALHO LUTA DIREITOS HUMANOS\",\"p46_hashtags\":\"#CULTURA #DIREITOSHUMANOS #MERCADODETRABALHO\"},{\"p1_eixo\":\"Cultura\",\"p9_tipoorganizacao\":\"Instituto\",\"p12_uf\":\"ES\",\"p13_cidade\":\"VILA VELHA\",\"p16_bairro\":\"Bairro\",\"p16_cidade\":\"Cidade\",\"p17_ano\":\"2009\",\"p18_comunicacao\":\"Comunica\\u00e7\\u00e3o\",\"p18_difusaoartistica\":\"Difus\\u00e3o Art\\u00edstica\",\"p18_desenvolvimentoterritorial\":\"Desenvolvimento territorial\",\"p18_direitoshumanos\":\"Direitos humanos\",\"p18_educacao\":\"Educa\\u00e7\\u00e3o\",\"p18_lgbtqi\":\"LGBTQI\",\"p18_lutaantirracismo\":\"Luta antirracismo\",\"p18_povosecomunidadestradicionais\":\"Povos e comunidades tradicionais\",\"p18_trabalho\":\"Trabalho\",\"p18_religiao\":\"Religi\\u00e3o\",\"p18_politicasculturais\":\"Pol\\u00edticas Culturais\",\"p19_desenvolvimentoterritorial\":\"Desenvolvimento territorial\",\"p19_direitoshumanos\":\"Direitos humanos\",\"p19_lutaantirracismo\":\"Luta antirracismo\",\"p19_povosecomunidadestradicionais\":\"Povos e comunidades tradicionais\",\"p19_trabalho\":\"Trabalho\",\"p19_difusaoartistica\":\"Difus\\u00e3o Art\\u00edstica\",\"p20_reunioes\":\"Reuni\\u00f5es\",\"p20_atendimento\":\"Atendimento\",\"p20_oficinas\":\"Oficinas\",\"p20_oficinasaulasartisticas\":\"Ensaios\\\/Oficinas\\\/Aulas art\\u00edsticas\",\"p20_cursos\":\"Cursos\",\"p20_formacao\":\"Forma\\u00e7\\u00e3o\",\"p20_apresentacoesartisticas\":\"Apresenta\\u00e7\\u00f5es art\\u00edsticas\",\"p20_visitasexcursoes\":\"Visitas\\\/Excurs\\u00f5es\",\"p21_intoleranciareligiosa\":\"Fundamentalismo\\\/intoler\\u00e2ncia religiosa\",\"p21_xenofobia\":\"Xenofobia\",\"p21_racismo\":\"Racismo\",\"p22_numerodeparticipantes\":\"1  - 15\",\"p23_reunioes\":\"Reuni\\u00f5es\",\"p23_atendimento\":\"Atendimento\",\"p23_oficinas\":\"Oficinas\",\"p23_oficinasaulasartisticas\":\"Ensaio\\\/Oficinas\\\/Aulas Art\\u00edsticas\",\"p23_cursos\":\"Cursos\",\"p23_formacao\":\"Forma\\u00e7\\u00e3o\",\"p23_apresentacoesartisticas\":\"Apresenta\\u00e7\\u00f5es Art\\u00edsticas\",\"p23_visitas\":\"Visitas\",\"p23_excursoes\":\"Excurs\\u00f5es\",\"p24_reunioes\":\"Reuni\\u00f5es\",\"p24_atendimento\":\"Atendimentos\",\"p24_oficinas\":\"Oficinas\",\"p24_oficinasaulasartisticas\":\"Ensaios\\\/Oficinas\\\/Aulas art\\u00edsticas\",\"p24_curso\":\"Curso\",\"p24_formacao\":\"Forma\\u00e7\\u00e3o\",\"p24_apresentacoesartisticas\":\"Apresenta\\u00e7\\u00f5es art\\u00edsticas\",\"p24_visitasexcursoes\":\"Visitas\\\/Excurs\\u00f5es\",\"p24_outros\":\"Outros\",\"p25_numerodepessoas\":\"80 - 100\",\"p26_numerodepessoas\":\"100 - 200\",\"p27_espacopublico\":\"Espa\\u00e7o p\\u00fablico\",\"p27_espacoemprestadocedido\":\"Espa\\u00e7o emprestado\\\/cedido\",\"p27_espacoproprio\":\"Espa\\u00e7o pr\\u00f3prio\",\"p27_virtual\":\"Virtual\",\"p27_ocupacao\":\"Ocupa\\u00e7\\u00e3o\",\"p28_territorios\":\"Pr\\u00f3prio bairro\",\"p30_outrasorganizacoes\":\"Sim\",\"p32_campanhadelongaduracao\":\"Sim\",\"p34_municipal\":\"Municipal\",\"p34_estadual\":\"Estadual\",\"p36_conselhosdeparticipacaoecontrolesocial\":\"Sim\",\"p38_sim\":\"Sim\",\"p40_editais\":\"Sim\",\"p41_publicoestatal\":\"P\\u00fablico-Estatal\",\"p41_autofinanciamento\":\"Autofinanciamento\",\"p42_meiodedivulgacaoproprio\":\"Sim\",\"p43_impressoes\":\"Impressos\",\"p43_email\":\"E-mail\",\"p43_facebook\":\"Facebook\",\"p43_whatsapp\":\"WhatsApp\",\"p43_instagram\":\"Instagram\",\"p44_radio\":\"R\\u00e1dio\",\"p44_redessociais\":\"Redes sociais (Facebook, YouTube, Instagram etc.)\",\"p44_sitesblogs\":\"Sites ou Blogs\",\"p39_publico\":\"MORADORES\",\"p45_bandeira\":\"ECONOMIA SOLID\\u00c1RIA DESENVOLVIMENTO-LOCAL TERRITORIALIDADE EQUIDADE SOCIAL CIDADANIA\",\"p46_hashtags\":\"#ECONOMIASOLIDARIA #DESENVOLVIMENTOLOCAL #REGIAO5\"},{\"p1_eixo\":\"Trabalho\",\"p9_tipoorganizacao\":\"Movimento Social\",\"p12_uf\":\"MG\",\"p13_cidade\":\"TIM\\u00d3TEO\",\"p16_bairro\":\"Bairro\",\"p16_cidade\":\"Cidade\",\"p17_ano\":\"1995\",\"p18_comunicacao\":\"Comunica\\u00e7\\u00e3o\",\"p18_difusaoartistica\":\"Difus\\u00e3o Art\\u00edstica\",\"p18_desenvolvimentoterritorial\":\"Desenvolvimento territorial\",\"p18_direitoshumanos\":\"Direitos humanos\",\"p18_educacao\":\"Educa\\u00e7\\u00e3o\",\"p18_lgbtqi\":\"LGBTQI\",\"p18_lutaantirracismo\":\"Luta antirracismo\",\"p18_mobilidade\":\"Mobilidade\",\"p18_moradia\":\"Moradia\",\"p18_povosecomunidadestradicionais\":\"Povos e comunidades tradicionais\",\"p18_trabalho\":\"Trabalho\",\"p18_religiao\":\"Religi\\u00e3o\",\"p18_saude\":\"Sa\\u00fade\",\"p18_politicasculturais\":\"Pol\\u00edticas Culturais\",\"p19_desenvolvimentoterritorial\":\"Desenvolvimento territorial\",\"p19_educacao\":\"Educa\\u00e7\\u00e3o\",\"p19_lutaantirracismo\":\"Luta antirracismo\",\"p19_povosecomunidadestradicionais\":\"Povos e comunidades tradicionais\",\"p19_trabalho\":\"Trabalho\",\"p19_saude\":\"Sa\\u00fade\",\"p20_reunioes\":\"Reuni\\u00f5es\",\"p20_atendimento\":\"Atendimento\",\"p20_oficinas\":\"Oficinas\",\"p20_cursos\":\"Cursos\",\"p20_formacao\":\"Forma\\u00e7\\u00e3o\",\"p20_profissionalizacao\":\"Profissionaliza\\u00e7\\u00e3o\",\"p20_apresentacoesartisticas\":\"Apresenta\\u00e7\\u00f5es art\\u00edsticas\",\"p21_intoleranciareligiosa\":\"Fundamentalismo\\\/intoler\\u00e2ncia religiosa\",\"p21_xenofobia\":\"Xenofobia\",\"p21_racismo\":\"Racismo\",\"p21_nenhum\":\"Nenhum\",\"p22_numerodeparticipantes\":\"1  - 15\",\"p23_reunioes\":\"Reuni\\u00f5es\",\"p23_oficinas\":\"Oficinas\",\"p23_formacao\":\"Forma\\u00e7\\u00e3o\",\"p23_visitas\":\"Visitas\",\"p24_reunioes\":\"Reuni\\u00f5es\",\"p24_atendimento\":\"Atendimentos\",\"p24_formacao\":\"Forma\\u00e7\\u00e3o\",\"p24_outros\":\"Outros\",\"p25_numerodepessoas\":\"20 - 40\",\"p26_numerodepessoas\":\"80 - 100\",\"p27_espacopublico\":\"Espa\\u00e7o p\\u00fablico\",\"p27_espacoemprestadocedido\":\"Espa\\u00e7o emprestado\\\/cedido\",\"p27_espacoproprio\":\"Espa\\u00e7o pr\\u00f3prio\",\"p28_territorios\":\"Cidade\",\"p30_outrasorganizacoes\":\"Sim\",\"p32_campanhadelongaduracao\":\"Sim\",\"p34_estadual\":\"Estadual\",\"p34_nenhuma\":\"Nenhuma\",\"p36_conselhosdeparticipacaoecontrolesocial\":\"Sim\",\"p38_sim\":\"Sim\",\"p38_nenhum\":\"Nenhum\",\"p40_editais\":\"N\\u00e3o\",\"p41_publicoestatal\":\"P\\u00fablico-Estatal\",\"p41_autofinanciamento\":\"Autofinanciamento\",\"p41_financiamentocoletivo0\":\"Financiamento coletivo\",\"p42_meiodedivulgacaoproprio\":\"N\\u00e3o\",\"p43_email\":\"E-mail\",\"p43_facebook\":\"Facebook\",\"p43_instagram\":\"Instagram\",\"p44_radio\":\"R\\u00e1dio\",\"p44_redessociais\":\"Redes sociais (Facebook, YouTube, Instagram etc.)\",\"p39_publico\":\"ESTUDANTES POL\\u00cdTICOS MUNIC\\u00cdPIOS MEMBROS ENTIDADES PADRES PASTORES IMPRENSA\",\"p45_bandeira\":\"CAPACITA\\u00c7\\u00c3O ENTIDADES LUTA POR SEUS DIREITOS CONSCIENTIZA\\u00c7\\u00c3O SOCIEDADE GERAL PUBLICITA\\u00c7\\u00c3O S ORGANICIDADE\",\"p46_hashtags\":\"#CONSCIENTIZACAO #DIVULGACAO #RESPONSABILIZACAO\"},{\"p1_eixo\":\"Cultura\",\"p9_tipoorganizacao\":\"Coletivo\",\"p12_uf\":\"SP\",\"p13_cidade\":\"S\\u00c3O PAULO\",\"p16_bairro\":\"Bairro\",\"p16_nacional\":\"Nacional\",\"p17_ano\":\"2020\",\"p18_difusaoartistica\":\"Difus\\u00e3o Art\\u00edstica\",\"p18_desenvolvimentoterritorial\":\"Desenvolvimento territorial\",\"p18_direitoshumanos\":\"Direitos humanos\",\"p18_educacao\":\"Educa\\u00e7\\u00e3o\",\"p18_lutaantirracismo\":\"Luta antirracismo\",\"p18_mobilidade\":\"Mobilidade\",\"p18_moradia\":\"Moradia\",\"p18_povosecomunidadestradicionais\":\"Povos e comunidades tradicionais\",\"p18_trabalho\":\"Trabalho\",\"p18_religiao\":\"Religi\\u00e3o\",\"p18_saude\":\"Sa\\u00fade\",\"p18_politicasculturais\":\"Pol\\u00edticas Culturais\",\"p19_desenvolvimentoterritorial\":\"Desenvolvimento territorial\",\"p19_educacao\":\"Educa\\u00e7\\u00e3o\",\"p19_lutaantirracismo\":\"Luta antirracismo\",\"p19_povosecomunidadestradicionais\":\"Povos e comunidades tradicionais\",\"p19_religiao\":\"Religi\\u00e3o\",\"p19_saude\":\"Sa\\u00fade\",\"p20_reunioes\":\"Reuni\\u00f5es\",\"p20_atendimento\":\"Atendimento\",\"p20_oficinas\":\"Oficinas\",\"p20_formacao\":\"Forma\\u00e7\\u00e3o\",\"p20_profissionalizacao\":\"Profissionaliza\\u00e7\\u00e3o\",\"p20_apresentacoesartisticas\":\"Apresenta\\u00e7\\u00f5es art\\u00edsticas\",\"p21_nenhum\":\"Nenhum\",\"p22_numerodeparticipantes\":\"1  - 15\",\"p23_reunioes\":\"Reuni\\u00f5es\",\"p23_oficinas\":\"Oficinas\",\"p23_formacao\":\"Forma\\u00e7\\u00e3o\",\"p23_apresentacoesartisticas\":\"Apresenta\\u00e7\\u00f5es Art\\u00edsticas\",\"p23_visitas\":\"Visitas\",\"p24_reunioes\":\"Reuni\\u00f5es\",\"p24_oficinas\":\"Oficinas\",\"p24_apresentacoesartisticas\":\"Apresenta\\u00e7\\u00f5es art\\u00edsticas\",\"p24_outros\":\"Outros\",\"p25_numerodepessoas\":\"1 - 20\",\"p26_numerodepessoas\":\"1 - 20\",\"p27_espacopublico\":\"Espa\\u00e7o p\\u00fablico\",\"p27_espacoemprestadocedido\":\"Espa\\u00e7o emprestado\\\/cedido\",\"p27_espacoproprio\":\"Espa\\u00e7o pr\\u00f3prio\",\"p28_territorios\":\"Pr\\u00f3prio bairro\",\"p30_outrasorganizacoes\":\"N\\u00e3o\",\"p32_campanhadelongaduracao\":\"Sim\",\"p34_municipal\":\"Municipal\",\"p34_nenhuma\":\"Nenhuma\",\"p36_conselhosdeparticipacaoecontrolesocial\":\"N\\u00e3o\",\"p38_nenhum\":\"Nenhum\",\"p40_editais\":\"N\\u00e3o\",\"p41_autofinanciamento\":\"Autofinanciamento\",\"p41_financiamentocoletivo0\":\"Financiamento coletivo\",\"p42_meiodedivulgacaoproprio\":\"Sim\",\"p43_email\":\"E-mail\",\"p43_facebook\":\"Facebook\",\"p43_whatsapp\":\"WhatsApp\",\"p43_instagram\":\"Instagram\",\"p43_youtube\":\"YouTube\",\"p44_radio\":\"TV\",\"p44_jornaisimpressosdegrandecirculacao\":\"Jornais impressos de grande circula\\u00e7\\u00e3o\",\"p44_jornaisimpressosdebairro\":\"Jornais impressos de bairro\",\"p44_redessociais\":\"Redes sociais (Facebook, YouTube, Instagram etc.)\",\"p44_sitesblogs\":\"Sites ou Blogs\",\"p39_publico\":\"COMUNIDADE RESIDENTE PELADA\",\"p45_bandeira\":\"AUTONOMIA RESIST\\u00caNCIA\",\"p46_hashtags\":\"AUTONOMIA\"},{\"p1_eixo\":\"Cultura\",\"p9_tipoorganizacao\":\"Associa\\u00e7\\u00e3o\",\"p12_uf\":\"MG\",\"p13_cidade\":\"BELO HORIZONTE\",\"p16_nacional\":\"Nacional\",\"p17_ano\":\"Anterior a 1980\",\"p16_estado\":\"Estado\",\"p18_comunicacao\":\"Comunica\\u00e7\\u00e3o\",\"p18_difusaoartistica\":\"Difus\\u00e3o Art\\u00edstica\",\"p18_desenvolvimentoterritorial\":\"Desenvolvimento territorial\",\"p18_direitoshumanos\":\"Direitos humanos\",\"p18_educacao\":\"Educa\\u00e7\\u00e3o\",\"p18_feminismos\":\"Feminismos\",\"p18_lgbtqi\":\"LGBTQI\",\"p18_lutaantirracismo\":\"Luta antirracismo\",\"p18_povosecomunidadestradicionais\":\"Povos e comunidades tradicionais\",\"p18_trabalho\":\"Trabalho\",\"p18_religiao\":\"Religi\\u00e3o\",\"p18_saude\":\"Sa\\u00fade\",\"p18_violencia\":\"Viol\\u00eancia\",\"p18_politicasculturais\":\"Pol\\u00edticas Culturais\",\"p19_educacao\":\"Educa\\u00e7\\u00e3o\",\"p19_lutaantirracismo\":\"Luta antirracismo\",\"p19_povosecomunidadestradicionais\":\"Povos e comunidades tradicionais\",\"p19_religiao\":\"Religi\\u00e3o\",\"p19_difusaoartistica\":\"Difus\\u00e3o Art\\u00edstica\",\"p20_reunioes\":\"Reuni\\u00f5es\",\"p20_atendimento\":\"Atendimento\",\"p20_oficinas\":\"Oficinas\",\"p20_oficinasaulasartisticas\":\"Ensaios\\\/Oficinas\\\/Aulas art\\u00edsticas\",\"p20_formacao\":\"Forma\\u00e7\\u00e3o\",\"p20_apresentacoesartisticas\":\"Apresenta\\u00e7\\u00f5es art\\u00edsticas\",\"p20_visitasexcursoes\":\"Visitas\\\/Excurs\\u00f5es\",\"p21_racismo\":\"Racismo\",\"p21_nenhum\":\"Nenhum\",\"p22_numerodeparticipantes\":\"Mais de 90\",\"p23_reunioes\":\"Reuni\\u00f5es\",\"p23_oficinas\":\"Oficinas\",\"p23_oficinasaulasartisticas\":\"Ensaio\\\/Oficinas\\\/Aulas Art\\u00edsticas\",\"p23_formacao\":\"Forma\\u00e7\\u00e3o\",\"p23_apresentacoesartisticas\":\"Apresenta\\u00e7\\u00f5es Art\\u00edsticas\",\"p23_visitas\":\"Visitas\",\"p23_excursoes\":\"Excurs\\u00f5es\",\"p24_reunioes\":\"Reuni\\u00f5es\",\"p24_atendimento\":\"Atendimentos\",\"p24_oficinas\":\"Oficinas\",\"p24_oficinasaulasartisticas\":\"Ensaios\\\/Oficinas\\\/Aulas art\\u00edsticas\",\"p24_formacao\":\"Forma\\u00e7\\u00e3o\",\"p24_apresentacoesartisticas\":\"Apresenta\\u00e7\\u00f5es art\\u00edsticas\",\"p24_visitasexcursoes\":\"Visitas\\\/Excurs\\u00f5es\",\"p25_numerodepessoas\":\"80 - 100\",\"p26_numerodepessoas\":\"200 - 300\",\"p27_espacopublico\":\"Espa\\u00e7o p\\u00fablico\",\"p27_espacoemprestadocedido\":\"Espa\\u00e7o emprestado\\\/cedido\",\"p27_espacoproprio\":\"Espa\\u00e7o pr\\u00f3prio\",\"p27_virtual\":\"Virtual\",\"p28_territorios\":\"Cidade\",\"p30_outrasorganizacoes\":\"Sim\",\"p32_campanhadelongaduracao\":\"N\\u00e3o\",\"p34_municipal\":\"Municipal\",\"p34_estadual\":\"Estadual\",\"p36_conselhosdeparticipacaoecontrolesocial\":\"N\\u00e3o\",\"p38_sim\":\"Sim\",\"p38_nenhum\":\"Nenhum\",\"p40_editais\":\"N\\u00e3o\",\"p41_autofinanciamento\":\"Autofinanciamento\",\"p42_meiodedivulgacaoproprio\":\"Sim\",\"p43_email\":\"E-mail\",\"p43_facebook\":\"Facebook\",\"p43_whatsapp\":\"WhatsApp\",\"p43_youtube\":\"YouTube\",\"p44_radio\":\"TV\",\"p44_jornaisimpressosdegrandecirculacao\":\"Jornais impressos de grande circula\\u00e7\\u00e3o\",\"p44_jornaisimpressosdebairro\":\"Jornais impressos de bairro\",\"p44_redessociais\":\"Redes sociais (Facebook, YouTube, Instagram etc.)\",\"p44_sitesblogs\":\"Sites ou Blogs\",\"p39_publico\":\"POPULA\\u00c7\\u00c3O RESTRI\\u00c7\\u00d5ES RA\\u00c7A CREDO RELIGIAO COR\",\"p45_bandeira\":\"INTOLER\\u00c2NCIA RELIGIOSA RESIST\\u00caNCIA ESTRAT\\u00c9GIAS  ANTIRRACISMO  SA\\u00daDE COLETIVA POPULA\\u00c7\\u00c3O SA\\u00daDE MULHER S CULTURAIS RESGATE ENSINADO ANCESTRAIS\",\"p46_hashtags\":\"#DIGANAOAINTOLERANCIARELIGIOSA #VIDASNEGRASIMPORTAM\"},{\"p1_eixo\":\"Cultura\",\"p9_tipoorganizacao\":\"Coletivo Art\\u00edstico\",\"p12_uf\":\"RS\",\"p13_cidade\":\"SANTA CRUZ DO SUL\",\"p16_cidade\":\"Cidade\",\"p17_ano\":\"2001\",\"p16_estado\":\"Estado\",\"p18_comunicacao\":\"Comunica\\u00e7\\u00e3o\",\"p18_difusaoartistica\":\"Difus\\u00e3o Art\\u00edstica\",\"p18_desenvolvimentoterritorial\":\"Desenvolvimento territorial\",\"p18_direitoshumanos\":\"Direitos humanos\",\"p18_educacao\":\"Educa\\u00e7\\u00e3o\",\"p18_feminismos\":\"Feminismos\",\"p18_lgbtqi\":\"LGBTQI\",\"p18_lutaantirracismo\":\"Luta antirracismo\",\"p18_mobilidade\":\"Mobilidade\",\"p18_trabalho\":\"Trabalho\",\"p18_religiao\":\"Religi\\u00e3o\",\"p18_saude\":\"Sa\\u00fade\",\"p18_violencia\":\"Viol\\u00eancia\",\"p18_politicasculturais\":\"Pol\\u00edticas Culturais\",\"p19_desenvolvimentoterritorial\":\"Desenvolvimento territorial\",\"p19_educacao\":\"Educa\\u00e7\\u00e3o\",\"p19_lutaantirracismo\":\"Luta antirracismo\",\"p19_violencia\":\"Viol\\u00eancia\",\"p19_difusaoartistica\":\"Difus\\u00e3o Art\\u00edstica\",\"p19_politicasculturais\":\"Pol\\u00edticas Culturais\",\"p20_reunioes\":\"Reuni\\u00f5es\",\"p20_atendimento\":\"Atendimento\",\"p20_oficinas\":\"Oficinas\",\"p20_oficinasaulasartisticas\":\"Ensaios\\\/Oficinas\\\/Aulas art\\u00edsticas\",\"p20_cursos\":\"Cursos\",\"p20_formacao\":\"Forma\\u00e7\\u00e3o\",\"p20_profissionalizacao\":\"Profissionaliza\\u00e7\\u00e3o\",\"p20_apresentacoesartisticas\":\"Apresenta\\u00e7\\u00f5es art\\u00edsticas\",\"p20_visitasexcursoes\":\"Visitas\\\/Excurs\\u00f5es\",\"p21_repressaopolicial\":\"Repress\\u00e3o policial\",\"p21_racismo\":\"Racismo\",\"p21_lgbtqifobia\":\"LGBTIfobia\",\"p21_enfrentamentocomgruposprivadosarmados\":\"Enfrentamento com grupos privados armados\",\"p22_numerodeparticipantes\":\"15 - 30\",\"p23_reunioes\":\"Reuni\\u00f5es\",\"p23_atendimento\":\"Atendimento\",\"p23_oficinas\":\"Oficinas\",\"p23_oficinasaulasartisticas\":\"Ensaio\\\/Oficinas\\\/Aulas Art\\u00edsticas\",\"p23_cursos\":\"Cursos\",\"p23_formacao\":\"Forma\\u00e7\\u00e3o\",\"p23_apresentacoesartisticas\":\"Apresenta\\u00e7\\u00f5es Art\\u00edsticas\",\"p23_visitas\":\"Visitas\",\"p23_excursoes\":\"Excurs\\u00f5es\",\"p24_reunioes\":\"Reuni\\u00f5es\",\"p24_atendimento\":\"Atendimentos\",\"p24_oficinas\":\"Oficinas\",\"p24_oficinasaulasartisticas\":\"Ensaios\\\/Oficinas\\\/Aulas art\\u00edsticas\",\"p24_formacao\":\"Forma\\u00e7\\u00e3o\",\"p24_apresentacoesartisticas\":\"Apresenta\\u00e7\\u00f5es art\\u00edsticas\",\"p24_visitasexcursoes\":\"Visitas\\\/Excurs\\u00f5es\",\"p24_outros\":\"Outros\",\"p25_numerodepessoas\":\"80 - 100\",\"p26_numerodepessoas\":\"20 - 40\",\"p27_espacopublico\":\"Espa\\u00e7o p\\u00fablico\",\"p27_espacoemprestadocedido\":\"Espa\\u00e7o emprestado\\\/cedido\",\"p27_espacoproprio\":\"Espa\\u00e7o pr\\u00f3prio\",\"p27_virtual\":\"Virtual\",\"p28_territorios\":\"Regi\\u00e3o da Cidade\",\"p30_outrasorganizacoes\":\"Sim\",\"p32_campanhadelongaduracao\":\"N\\u00e3o\",\"p34_municipal\":\"Municipal\",\"p34_estadual\":\"Estadual\",\"p36_conselhosdeparticipacaoecontrolesocial\":\"Sim\",\"p38_sim\":\"Sim\",\"p40_editais\":\"N\\u00e3o\",\"p41_privadopf\":\"Privado (P. F\\u00edsica)\",\"p41_autofinanciamento\":\"Autofinanciamento\",\"p42_meiodedivulgacaoproprio\":\"Sim\",\"p43_email\":\"E-mail\",\"p43_facebook\":\"Facebook\",\"p43_whatsapp\":\"WhatsApp\",\"p43_instagram\":\"Instagram\",\"p44_radio\":\"TV\",\"p44_jornaisimpressosdegrandecirculacao\":\"Jornais impressos de grande circula\\u00e7\\u00e3o\",\"p44_redessociais\":\"Redes sociais (Facebook, YouTube, Instagram etc.)\",\"p39_publico\":\"JOVENS PERIF\\u00c9RICOS\",\"p45_bandeira\":\"EFETIVA\\u00c7\\u00c3O ENTENDIMENTO POPULAR SIM ARTISTAS SOMOS TRABALHADORES LUTA ANTIRRACISTA POLITICA MANUTEN\\u00c7\\u00c3O DEMOCRACIA\",\"p46_hashtags\":\"#RACISMONAO #VIDASNEGRAS #FASCISMONAO\"},{\"p1_eixo\":\"Cultura\",\"p9_tipoorganizacao\":\"Movimento Social\",\"p12_uf\":\"CE\",\"p13_cidade\":\"FORTALEZA\",\"p16_cidade\":\"Cidade\",\"p17_ano\":\"2018\",\"p18_comunicacao\":\"Comunica\\u00e7\\u00e3o\",\"p18_difusaoartistica\":\"Difus\\u00e3o Art\\u00edstica\",\"p18_desenvolvimentoterritorial\":\"Desenvolvimento territorial\",\"p18_direitoshumanos\":\"Direitos humanos\",\"p18_educacao\":\"Educa\\u00e7\\u00e3o\",\"p18_lgbtqi\":\"LGBTQI\",\"p18_lutaantirracismo\":\"Luta antirracismo\",\"p18_mobilidade\":\"Mobilidade\",\"p18_trabalho\":\"Trabalho\",\"p18_saude\":\"Sa\\u00fade\",\"p18_violencia\":\"Viol\\u00eancia\",\"p18_politicasculturais\":\"Pol\\u00edticas Culturais\",\"p19_desenvolvimentoterritorial\":\"Desenvolvimento territorial\",\"p19_trabalho\":\"Trabalho\",\"p19_saude\":\"Sa\\u00fade\",\"p19_violencia\":\"Viol\\u00eancia\",\"p19_politicasculturais\":\"Pol\\u00edticas Culturais\",\"p20_reunioes\":\"Reuni\\u00f5es\",\"p20_oficinas\":\"Oficinas\",\"p20_oficinasaulasartisticas\":\"Ensaios\\\/Oficinas\\\/Aulas art\\u00edsticas\",\"p20_cursos\":\"Cursos\",\"p20_formacao\":\"Forma\\u00e7\\u00e3o\",\"p20_profissionalizacao\":\"Profissionaliza\\u00e7\\u00e3o\",\"p20_apresentacoesartisticas\":\"Apresenta\\u00e7\\u00f5es art\\u00edsticas\",\"p20_visitasexcursoes\":\"Visitas\\\/Excurs\\u00f5es\",\"p21_repressaopolicial\":\"Repress\\u00e3o policial\",\"p21_racismo\":\"Racismo\",\"p21_lgbtqifobia\":\"LGBTIfobia\",\"p21_enfrentamentocomgruposprivadosarmados\":\"Enfrentamento com grupos privados armados\",\"p21_nenhum\":\"Nenhum\",\"p22_numerodeparticipantes\":\"15 - 30\",\"p23_reunioes\":\"Reuni\\u00f5es\",\"p23_atendimento\":\"Atendimento\",\"p23_oficinas\":\"Oficinas\",\"p23_oficinasaulasartisticas\":\"Ensaio\\\/Oficinas\\\/Aulas Art\\u00edsticas\",\"p23_cursos\":\"Cursos\",\"p23_formacao\":\"Forma\\u00e7\\u00e3o\",\"p23_apresentacoesartisticas\":\"Apresenta\\u00e7\\u00f5es Art\\u00edsticas\",\"p23_visitas\":\"Visitas\",\"p23_excursoes\":\"Excurs\\u00f5es\",\"p24_reunioes\":\"Reuni\\u00f5es\",\"p24_oficinas\":\"Oficinas\",\"p24_oficinasaulasartisticas\":\"Ensaios\\\/Oficinas\\\/Aulas art\\u00edsticas\",\"p24_formacao\":\"Forma\\u00e7\\u00e3o\",\"p24_visitasexcursoes\":\"Visitas\\\/Excurs\\u00f5es\",\"p24_outros\":\"Outros\",\"p25_numerodepessoas\":\"40 - 60\",\"p26_numerodepessoas\":\"300 - 400\",\"p27_espacopublico\":\"Espa\\u00e7o p\\u00fablico\",\"p27_espacoemprestadocedido\":\"Espa\\u00e7o emprestado\\\/cedido\",\"p27_virtual\":\"Virtual\",\"p28_territorios\":\"Pr\\u00f3prio bairro\",\"p30_outrasorganizacoes\":\"Sim\",\"p32_campanhadelongaduracao\":\"Sim\",\"p34_municipal\":\"Municipal\",\"p34_estadual\":\"Estadual\",\"p36_conselhosdeparticipacaoecontrolesocial\":\"Sim\",\"p38_sim\":\"Sim\",\"p40_editais\":\"Sim\",\"p41_privadopf\":\"Privado (P. F\\u00edsica)\",\"p41_financiamentocoletivo0\":\"Financiamento coletivo\",\"p42_meiodedivulgacaoproprio\":\"Sim\",\"p43_email\":\"E-mail\",\"p43_facebook\":\"Facebook\",\"p43_whatsapp\":\"WhatsApp\",\"p43_instagram\":\"Instagram\",\"p43_youtube\":\"YouTube\",\"p44_redessociais\":\"Redes sociais (Facebook, YouTube, Instagram etc.)\",\"p39_publico\":\"CLASSE-POBRE VULNERABILIDADE SOCIAL\",\"p45_bandeira\":\"PRECISAM LEVANTADAS\",\"p46_hashtags\":\"#AMOR #EMPATIA #CORAGEM\"},{\"p1_eixo\":\"Trabalho\",\"p9_tipoorganizacao\":\"ONG\",\"p12_uf\":\"SP\",\"p13_cidade\":\"S\\u00c3O BERNARDO DO CAMPO\",\"p16_cidade\":\"Cidade\",\"p17_ano\":\"2007\",\"p18_desenvolvimentoterritorial\":\"Desenvolvimento territorial\",\"p18_trabalho\":\"Trabalho\",\"p18_saude\":\"Sa\\u00fade\",\"p19_desenvolvimentoterritorial\":\"Desenvolvimento territorial\",\"p19_trabalho\":\"Trabalho\",\"p19_saude\":\"Sa\\u00fade\",\"p20_reunioes\":\"Reuni\\u00f5es\",\"p20_oficinas\":\"Oficinas\",\"p20_cursos\":\"Cursos\",\"p20_formacao\":\"Forma\\u00e7\\u00e3o\",\"p21_racismo\":\"Racismo\",\"p21_nenhum\":\"Nenhum\",\"p22_numerodeparticipantes\":\"15 - 30\",\"p23_reunioes\":\"Reuni\\u00f5es\",\"p23_formacao\":\"Forma\\u00e7\\u00e3o\",\"p23_outros\":\"Outros\",\"p24_oficinas\":\"Oficinas\",\"p24_visitasexcursoes\":\"Visitas\\\/Excurs\\u00f5es\",\"p24_outros\":\"Outros\",\"p25_numerodepessoas\":\"1 - 20\",\"p26_numerodepessoas\":\"1 - 20\",\"p27_espacopublico\":\"Espa\\u00e7o p\\u00fablico\",\"p27_espacoemprestadocedido\":\"Espa\\u00e7o emprestado\\\/cedido\",\"p28_territorios\":\"Cidade\",\"p30_outrasorganizacoes\":\"Sim\",\"p32_campanhadelongaduracao\":\"Sim\",\"p34_municipal\":\"Municipal\",\"p34_estadual\":\"Estadual\",\"p36_conselhosdeparticipacaoecontrolesocial\":\"Sim\",\"p38_sim\":\"Sim\",\"p40_editais\":\"Sim\",\"p41_privadopj\":\"Privado (P. Jur\\u00eddica)\",\"p41_financiamentocoletivo0\":\"Financiamento coletivo\",\"p42_meiodedivulgacaoproprio\":\"Sim\",\"p43_email\":\"E-mail\",\"p43_facebook\":\"Facebook\",\"p43_whatsapp\":\"WhatsApp\",\"p43_instagram\":\"Instagram\",\"p43_twitter\":\"Twitter\",\"p43_youtube\":\"YouTube\",\"p44_radio\":\"TV\",\"p44_jornaisimpressosdegrandecirculacao\":\"Jornais impressos de grande circula\\u00e7\\u00e3o\",\"p44_jornaisimpressosdebairro\":\"Jornais impressos de bairro\",\"p44_redessociais\":\"Redes sociais (Facebook, YouTube, Instagram etc.)\",\"p39_publico\":\"EMPREENDIMENTOS ECONOMIA SOLID\\u00c1RIA REGI\\u00c3O ABCDMRR\",\"p45_bandeira\":\"GERA\\u00c7\\u00c3O TRABALHO GERA\\u00c7\\u00c3O RENDA INCLUS\\u00c3O RESPEITANDO PRINC\\u00cdPIOS ECONOMIA SOLID\\u00c1RIA COOPERA\\u00c7\\u00c3O SOLIDARIEDADE AUTOGEST\\u00c3O RESPEITO MEIO-AMBIENTE\",\"p46_hashtags\":\"#IMPLEMENTACAODAECONOMIASOLIDARIA #DESENVOLVIMENTODAECONOMIASOLIDARIA\"},{\"p1_eixo\":\"Trabalho\",\"p9_tipoorganizacao\":\"Associa\\u00e7\\u00e3o\",\"p12_uf\":\"PA\",\"p13_cidade\":\"BEL\\u00c9M\",\"p16_cidade\":\"Cidade\",\"p17_ano\":\"2007\",\"p18_direitoshumanos\":\"Direitos humanos\",\"p18_mobilidade\":\"Mobilidade\",\"p18_povosecomunidadestradicionais\":\"Povos e comunidades tradicionais\",\"p18_trabalho\":\"Trabalho\",\"p18_saude\":\"Sa\\u00fade\",\"p19_mobilidade\":\"Mobilidade\",\"p19_trabalho\":\"Trabalho\",\"p19_saude\":\"Sa\\u00fade\",\"p20_atendimento\":\"Atendimento\",\"p20_cursos\":\"Cursos\",\"p20_profissionalizacao\":\"Profissionaliza\\u00e7\\u00e3o\",\"p21_racismo\":\"Racismo\",\"p21_nenhum\":\"Nenhum\",\"p22_numerodeparticipantes\":\"15 - 30\",\"p23_atendimento\":\"Atendimento\",\"p23_profissionalizacao\":\"Profissionaliza\\u00e7\\u00e3o\",\"p23_visitas\":\"Visitas\",\"p23_outros\":\"Outros\",\"p24_atendimento\":\"Atendimentos\",\"p24_visitasexcursoes\":\"Visitas\\\/Excurs\\u00f5es\",\"p24_outros\":\"Outros\",\"p25_numerodepessoas\":\"20 - 40\",\"p26_numerodepessoas\":\"20 - 40\",\"p27_espacopublico\":\"Espa\\u00e7o p\\u00fablico\",\"p28_territorios\":\"Cidade\",\"p30_outrasorganizacoes\":\"Sim\",\"p32_campanhadelongaduracao\":\"Sim\",\"p34_estadual\":\"Estadual\",\"p34_nenhuma\":\"Nenhuma\",\"p36_conselhosdeparticipacaoecontrolesocial\":\"N\\u00e3o\",\"p38_sim\":\"Sim\",\"p40_editais\":\"Sim\",\"p41_privadopj\":\"Privado (P. Jur\\u00eddica)\",\"p41_financiamentocoletivo0\":\"Financiamento coletivo\",\"p42_meiodedivulgacaoproprio\":\"Sim\",\"p43_impressoes\":\"Impressos\",\"p43_email\":\"E-mail\",\"p43_facebook\":\"Facebook\",\"p43_whatsapp\":\"WhatsApp\",\"p43_instagram\":\"Instagram\",\"p43_twitter\":\"Twitter\",\"p43_youtube\":\"YouTube\",\"p44_radio\":\"TV\",\"p44_jornaisimpressosdegrandecirculacao\":\"Jornais impressos de grande circula\\u00e7\\u00e3o\",\"p44_jornaisimpressosdebairro\":\"Jornais impressos de bairro\",\"p44_redessociais\":\"Redes sociais (Facebook, YouTube, Instagram etc.)\",\"p44_sitesblogs\":\"Sites ou Blogs\",\"p39_publico\":\"COMUNIDADES RIBEIRINHAS RURAIS\",\"p45_bandeira\":\"MNCR\",\"p46_hashtags\":\"#RECONHECIMENTODOSNOSSOSDIREITOS #RESPEITO #CATADORESCOMOPROFISSAORECONHECIDA\"},{\"p1_eixo\":\"Trabalho\",\"p9_tipoorganizacao\":\"Coletivo\",\"p12_uf\":\"PA\",\"p13_cidade\":\"BREVES\",\"p16_cidade\":\"Cidade\",\"p16_nacional\":\"Nacional\",\"p17_ano\":\"2016\",\"p18_difusaoartistica\":\"Difus\\u00e3o Art\\u00edstica\",\"p18_direitoshumanos\":\"Direitos humanos\",\"p18_mobilidade\":\"Mobilidade\",\"p18_povosecomunidadestradicionais\":\"Povos e comunidades tradicionais\",\"p18_trabalho\":\"Trabalho\",\"p18_saude\":\"Sa\\u00fade\",\"p19_mobilidade\":\"Mobilidade\",\"p19_trabalho\":\"Trabalho\",\"p19_saude\":\"Sa\\u00fade\",\"p19_difusaoartistica\":\"Difus\\u00e3o Art\\u00edstica\",\"p20_atendimento\":\"Atendimento\",\"p20_cursos\":\"Cursos\",\"p20_profissionalizacao\":\"Profissionaliza\\u00e7\\u00e3o\",\"p20_apresentacoesartisticas\":\"Apresenta\\u00e7\\u00f5es art\\u00edsticas\",\"p21_intoleranciareligiosa\":\"Fundamentalismo\\\/intoler\\u00e2ncia religiosa\",\"p21_xenofobia\":\"Xenofobia\",\"p21_machismo\":\"Machismo\",\"p21_racismo\":\"Racismo\",\"p21_lgbtqifobia\":\"LGBTIfobia\",\"p21_nenhum\":\"Nenhum\",\"p22_numerodeparticipantes\":\"1  - 15\",\"p23_atendimento\":\"Atendimento\",\"p23_profissionalizacao\":\"Profissionaliza\\u00e7\\u00e3o\",\"p23_apresentacoesartisticas\":\"Apresenta\\u00e7\\u00f5es Art\\u00edsticas\",\"p23_visitas\":\"Visitas\",\"p23_outros\":\"Outros\",\"p24_atendimento\":\"Atendimentos\",\"p24_apresentacoesartisticas\":\"Apresenta\\u00e7\\u00f5es art\\u00edsticas\",\"p24_visitasexcursoes\":\"Visitas\\\/Excurs\\u00f5es\",\"p24_outros\":\"Outros\",\"p25_numerodepessoas\":\"80 - 100\",\"p26_numerodepessoas\":\"80 - 100\",\"p27_espacopublico\":\"Espa\\u00e7o p\\u00fablico\",\"p27_virtual\":\"Virtual\",\"p28_territorios\":\"Cidade\",\"p30_outrasorganizacoes\":\"Sim\",\"p32_campanhadelongaduracao\":\"Sim\",\"p34_nenhuma\":\"Nenhuma\",\"p36_conselhosdeparticipacaoecontrolesocial\":\"N\\u00e3o\",\"p38_sim\":\"Sim\",\"p38_nenhum\":\"Nenhum\",\"p40_editais\":\"N\\u00e3o\",\"p41_financiamentocoletivo0\":\"Financiamento coletivo\",\"p42_meiodedivulgacaoproprio\":\"Sim\",\"p43_impressoes\":\"Impressos\",\"p43_email\":\"E-mail\",\"p43_facebook\":\"Facebook\",\"p43_whatsapp\":\"WhatsApp\",\"p43_instagram\":\"Instagram\",\"p43_youtube\":\"YouTube\",\"p44_radio\":\"TV\",\"p44_redessociais\":\"Redes sociais (Facebook, YouTube, Instagram etc.)\",\"p44_sitesblogs\":\"Sites ou Blogs\",\"p39_publico\":\"COMUNIDADES RIBEIRINHAS RURAIS\",\"p45_bandeira\":\"SA\\u00daDE EDUCA\\u00c7\\u00c3O MOBILIDADE URBANA\",\"p46_hashtags\":\"#CUIDANDODENOSSAGENTEMARAJOARA #MIBARAIOCUIDANDODOMARAJO #SOMOSMARAJO\"},{\"p1_eixo\":\"Cultura\",\"p9_tipoorganizacao\":\"Coletivo Art\\u00edstico\",\"p12_uf\":\"SP\",\"p13_cidade\":\"S\\u00c3O PAULO\",\"p16_cidade\":\"Cidade\",\"p16_nacional\":\"Nacional\",\"p17_ano\":\"2019\",\"p18_difusaoartistica\":\"Difus\\u00e3o Art\\u00edstica\",\"p18_educacao\":\"Educa\\u00e7\\u00e3o\",\"p18_povosecomunidadestradicionais\":\"Povos e comunidades tradicionais\",\"p18_politicasculturais\":\"Pol\\u00edticas Culturais\",\"p19_difusaoartistica\":\"Difus\\u00e3o Art\\u00edstica\",\"p19_politicasculturais\":\"Pol\\u00edticas Culturais\",\"p20_oficinasaulasartisticas\":\"Ensaios\\\/Oficinas\\\/Aulas art\\u00edsticas\",\"p20_profissionalizacao\":\"Profissionaliza\\u00e7\\u00e3o\",\"p20_apresentacoesartisticas\":\"Apresenta\\u00e7\\u00f5es art\\u00edsticas\",\"p21_repressaopolicial\":\"Repress\\u00e3o policial\",\"p21_intoleranciareligiosa\":\"Fundamentalismo\\\/intoler\\u00e2ncia religiosa\",\"p21_xenofobia\":\"Xenofobia\",\"p21_machismo\":\"Machismo\",\"p21_racismo\":\"Racismo\",\"p21_lgbtqifobia\":\"LGBTIfobia\",\"p22_numerodeparticipantes\":\"75 - 90\",\"p23_oficinas\":\"Oficinas\",\"p23_oficinasaulasartisticas\":\"Ensaio\\\/Oficinas\\\/Aulas Art\\u00edsticas\",\"p23_apresentacoesartisticas\":\"Apresenta\\u00e7\\u00f5es Art\\u00edsticas\",\"p24_oficinasaulasartisticas\":\"Ensaios\\\/Oficinas\\\/Aulas art\\u00edsticas\",\"p24_apresentacoesartisticas\":\"Apresenta\\u00e7\\u00f5es art\\u00edsticas\",\"p25_numerodepessoas\":\"40 - 60\",\"p26_numerodepessoas\":\"40 - 60\",\"p27_espacopublico\":\"Espa\\u00e7o p\\u00fablico\",\"p27_virtual\":\"Virtual\",\"p28_territorios\":\"Atua\\u00e7\\u00e3o Nacional\",\"p30_outrasorganizacoes\":\"N\\u00e3o\",\"p32_campanhadelongaduracao\":\"Sim\",\"p34_nenhuma\":\"Nenhuma\",\"p36_conselhosdeparticipacaoecontrolesocial\":\"Sim\",\"p38_nenhum\":\"Nenhum\",\"p40_editais\":\"N\\u00e3o\",\"p41_autofinanciamento\":\"Autofinanciamento\",\"p41_financiamentocoletivo0\":\"Financiamento coletivo\",\"p42_meiodedivulgacaoproprio\":\"Sim\",\"p43_email\":\"E-mail\",\"p43_facebook\":\"Facebook\",\"p43_whatsapp\":\"WhatsApp\",\"p43_instagram\":\"Instagram\",\"p43_nenhum\":\"Nenhum\",\"p44_redessociais\":\"Redes sociais (Facebook, YouTube, Instagram etc.)\",\"p39_publico\":\"ADOLESCENTES JOVENS PERIFERIAS\",\"p45_bandeira\":\"FORTALECER VOZ JUVENTUDE PERIFERIAS CONSOLIDAR SLAMS ESPA\\u00c7O-VOZ FORMA\\u00c7\\u00c3O CONSCI\\u00caNCIA CR\\u00cdTICA\",\"p46_hashtags\":\"#PAREMDENOSMATAR #OCUPARERESISTIR #AVOZDASQUEBRADAS\"},{\"p1_eixo\":\"Cultura\",\"p9_tipoorganizacao\":\"Coletivo Art\\u00edstico\",\"p12_uf\":\"DF\",\"p13_cidade\":\"SAMAMBAIA\",\"p16_cidade\":\"Cidade\",\"p17_ano\":\"2015\",\"p18_difusaoartistica\":\"Difus\\u00e3o Art\\u00edstica\",\"p18_desenvolvimentoterritorial\":\"Desenvolvimento territorial\",\"p18_educacao\":\"Educa\\u00e7\\u00e3o\",\"p18_moradia\":\"Moradia\",\"p18_povosecomunidadestradicionais\":\"Povos e comunidades tradicionais\",\"p18_trabalho\":\"Trabalho\",\"p18_politicasculturais\":\"Pol\\u00edticas Culturais\",\"p19_desenvolvimentoterritorial\":\"Desenvolvimento territorial\",\"p19_moradia\":\"Moradia\",\"p19_trabalho\":\"Trabalho\",\"p19_difusaoartistica\":\"Difus\\u00e3o Art\\u00edstica\",\"p19_politicasculturais\":\"Pol\\u00edticas Culturais\",\"p20_reunioes\":\"Reuni\\u00f5es\",\"p20_atendimento\":\"Atendimento\",\"p20_oficinas\":\"Oficinas\",\"p20_oficinasaulasartisticas\":\"Ensaios\\\/Oficinas\\\/Aulas art\\u00edsticas\",\"p20_cursos\":\"Cursos\",\"p20_formacao\":\"Forma\\u00e7\\u00e3o\",\"p20_profissionalizacao\":\"Profissionaliza\\u00e7\\u00e3o\",\"p20_apresentacoesartisticas\":\"Apresenta\\u00e7\\u00f5es art\\u00edsticas\",\"p21_repressaopolicial\":\"Repress\\u00e3o policial\",\"p21_machismo\":\"Machismo\",\"p22_numerodeparticipantes\":\"1  - 15\",\"p23_atendimento\":\"Atendimento\",\"p23_oficinas\":\"Oficinas\",\"p23_oficinasaulasartisticas\":\"Ensaio\\\/Oficinas\\\/Aulas Art\\u00edsticas\",\"p23_cursos\":\"Cursos\",\"p23_formacao\":\"Forma\\u00e7\\u00e3o\",\"p23_profissionalizacao\":\"Profissionaliza\\u00e7\\u00e3o\",\"p23_apresentacoesartisticas\":\"Apresenta\\u00e7\\u00f5es Art\\u00edsticas\",\"p24_oficinasaulasartisticas\":\"Ensaios\\\/Oficinas\\\/Aulas art\\u00edsticas\",\"p24_apresentacoesartisticas\":\"Apresenta\\u00e7\\u00f5es art\\u00edsticas\",\"p24_visitasexcursoes\":\"Visitas\\\/Excurs\\u00f5es\",\"p24_outros\":\"Outros\",\"p25_numerodepessoas\":\"Mais de 500\",\"p26_numerodepessoas\":\"300 - 400\",\"p27_espacopublico\":\"Espa\\u00e7o p\\u00fablico\",\"p27_espacoproprio\":\"Espa\\u00e7o pr\\u00f3prio\",\"p28_territorios\":\"Cidade\",\"p30_outrasorganizacoes\":\"Sim\",\"p32_campanhadelongaduracao\":\"N\\u00e3o\",\"p34_nenhuma\":\"Nenhuma\",\"p36_conselhosdeparticipacaoecontrolesocial\":\"N\\u00e3o\",\"p38_nenhum\":\"Nenhum\",\"p40_editais\":\"N\\u00e3o\",\"p41_privadopj\":\"Privado (P. Jur\\u00eddica)\",\"p41_autofinanciamento\":\"Autofinanciamento\",\"p42_meiodedivulgacaoproprio\":\"N\\u00e3o\",\"p43_facebook\":\"Facebook\",\"p43_whatsapp\":\"WhatsApp\",\"p43_instagram\":\"Instagram\",\"p43_nenhum\":\"Nenhum\",\"p44_redessociais\":\"Redes sociais (Facebook, YouTube, Instagram etc.)\",\"p39_publico\":\"TODOS\",\"p45_bandeira\":\"INCLUS\\u00c3O SOCIAL\",\"p46_hashtags\":\"#DANCACHARME #PERIFERIAEOCENTRO\"},{\"p1_eixo\":\"Trabalho\",\"p9_tipoorganizacao\":\"ONG\",\"p12_uf\":\"DF\",\"p13_cidade\":\"BRAS\\u00cdLIA\",\"p16_bairro\":\"Bairro\",\"p16_cidade\":\"Cidade\",\"p17_ano\":\"1999\",\"p18_desenvolvimentoterritorial\":\"Desenvolvimento territorial\",\"p18_direitoshumanos\":\"Direitos humanos\",\"p18_educacao\":\"Educa\\u00e7\\u00e3o\",\"p18_moradia\":\"Moradia\",\"p18_trabalho\":\"Trabalho\",\"p19_desenvolvimentoterritorial\":\"Desenvolvimento territorial\",\"p19_direitoshumanos\":\"Direitos humanos\",\"p19_educacao\":\"Educa\\u00e7\\u00e3o\",\"p19_moradia\":\"Moradia\",\"p19_trabalho\":\"Trabalho\",\"p20_reunioes\":\"Reuni\\u00f5es\",\"p20_atendimento\":\"Atendimento\",\"p20_oficinas\":\"Oficinas\",\"p20_cursos\":\"Cursos\",\"p20_formacao\":\"Forma\\u00e7\\u00e3o\",\"p20_profissionalizacao\":\"Profissionaliza\\u00e7\\u00e3o\",\"p21_machismo\":\"Machismo\",\"p21_nenhum\":\"Nenhum\",\"p22_numerodeparticipantes\":\"1  - 15\",\"p23_reunioes\":\"Reuni\\u00f5es\",\"p23_atendimento\":\"Atendimento\",\"p23_cursos\":\"Cursos\",\"p23_formacao\":\"Forma\\u00e7\\u00e3o\",\"p23_profissionalizacao\":\"Profissionaliza\\u00e7\\u00e3o\",\"p23_apresentacoesartisticas\":\"Apresenta\\u00e7\\u00f5es Art\\u00edsticas\",\"p24_oficinas\":\"Oficinas\",\"p24_apresentacoesartisticas\":\"Apresenta\\u00e7\\u00f5es art\\u00edsticas\",\"p24_visitasexcursoes\":\"Visitas\\\/Excurs\\u00f5es\",\"p24_outros\":\"Outros\",\"p25_numerodepessoas\":\"20 - 40\",\"p26_numerodepessoas\":\"100 - 200\",\"p27_espacoproprio\":\"Espa\\u00e7o pr\\u00f3prio\",\"p28_territorios\":\"Pr\\u00f3prio bairro\",\"p30_outrasorganizacoes\":\"Sim\",\"p32_campanhadelongaduracao\":\"Sim\",\"p34_nenhuma\":\"Nenhuma\",\"p36_conselhosdeparticipacaoecontrolesocial\":\"Sim\",\"p38_nenhum\":\"Nenhum\",\"p40_editais\":\"Sim\",\"p41_privadopf\":\"Privado (P. F\\u00edsica)\",\"p41_privadopj\":\"Privado (P. Jur\\u00eddica)\",\"p42_meiodedivulgacaoproprio\":\"Sim\",\"p43_impressoes\":\"Impressos\",\"p43_email\":\"E-mail\",\"p43_facebook\":\"Facebook\",\"p43_whatsapp\":\"WhatsApp\",\"p43_instagram\":\"Instagram\",\"p43_youtube\":\"YouTube\",\"p44_radio\":\"TV\",\"p44_jornaisimpressosdegrandecirculacao\":\"Jornais impressos de grande circula\\u00e7\\u00e3o\",\"p44_redessociais\":\"Redes sociais (Facebook, YouTube, Instagram etc.)\",\"p44_sitesblogs\":\"Sites ou Blogs\",\"p39_publico\":\"COMUNIDADE SOL NASCENTE MULHERES\",\"p45_bandeira\":\"GERA\\u00c7\\u00c3O RENDA ACOMPANHAMENTO SOCIAL\",\"p46_hashtags\":\"#SOMOSSOLNASCENTE #JUNTOSSOMOSMAISFORTES #MULHERESEMPREENDEDORAS\"},{\"p1_eixo\":\"Trabalho\",\"p9_tipoorganizacao\":\"Coletivo\",\"p12_uf\":\"AM\",\"p13_cidade\":\"MANAUS\",\"p16_bairro\":\"Bairro\",\"p17_ano\":\"2015\",\"p18_comunicacao\":\"Comunica\\u00e7\\u00e3o\",\"p18_difusaoartistica\":\"Difus\\u00e3o Art\\u00edstica\",\"p18_desenvolvimentoterritorial\":\"Desenvolvimento territorial\",\"p18_direitoshumanos\":\"Direitos humanos\",\"p18_educacao\":\"Educa\\u00e7\\u00e3o\",\"p18_feminismos\":\"Feminismos\",\"p18_lutaantirracismo\":\"Luta antirracismo\",\"p18_mobilidade\":\"Mobilidade\",\"p18_trabalho\":\"Trabalho\",\"p18_saude\":\"Sa\\u00fade\",\"p18_violencia\":\"Viol\\u00eancia\",\"p18_politicasculturais\":\"Pol\\u00edticas Culturais\",\"p19_direitoshumanos\":\"Direitos humanos\",\"p19_educacao\":\"Educa\\u00e7\\u00e3o\",\"p19_trabalho\":\"Trabalho\",\"p19_saude\":\"Sa\\u00fade\",\"p19_politicasculturais\":\"Pol\\u00edticas Culturais\",\"p20_reunioes\":\"Reuni\\u00f5es\",\"p20_atendimento\":\"Atendimento\",\"p20_oficinas\":\"Oficinas\",\"p20_oficinasaulasartisticas\":\"Ensaios\\\/Oficinas\\\/Aulas art\\u00edsticas\",\"p20_cursos\":\"Cursos\",\"p20_formacao\":\"Forma\\u00e7\\u00e3o\",\"p21_xenofobia\":\"Xenofobia\",\"p21_machismo\":\"Machismo\",\"p21_racismo\":\"Racismo\",\"p21_nenhum\":\"Nenhum\",\"p22_numerodeparticipantes\":\"30 - 45\",\"p23_reunioes\":\"Reuni\\u00f5es\",\"p23_atendimento\":\"Atendimento\",\"p23_oficinas\":\"Oficinas\",\"p23_oficinasaulasartisticas\":\"Ensaio\\\/Oficinas\\\/Aulas Art\\u00edsticas\",\"p23_cursos\":\"Cursos\",\"p23_formacao\":\"Forma\\u00e7\\u00e3o\",\"p23_visitas\":\"Visitas\",\"p23_outros\":\"Outros\",\"p24_atendimento\":\"Atendimentos\",\"p24_oficinas\":\"Oficinas\",\"p24_apresentacoesartisticas\":\"Apresenta\\u00e7\\u00f5es art\\u00edsticas\",\"p24_outros\":\"Outros\",\"p25_numerodepessoas\":\"1 - 20\",\"p26_numerodepessoas\":\"20 - 40\",\"p27_espacopublico\":\"Espa\\u00e7o p\\u00fablico\",\"p27_espacoproprio\":\"Espa\\u00e7o pr\\u00f3prio\",\"p28_territorios\":\"Pr\\u00f3prio bairro\",\"p30_outrasorganizacoes\":\"Sim\",\"p32_campanhadelongaduracao\":\"Sim\",\"p34_nenhuma\":\"Nenhuma\",\"p36_conselhosdeparticipacaoecontrolesocial\":\"N\\u00e3o\",\"p38_sim\":\"Sim\",\"p38_nenhum\":\"Nenhum\",\"p40_editais\":\"Sim\",\"p41_privadopf\":\"Privado (P. F\\u00edsica)\",\"p41_autofinanciamento\":\"Autofinanciamento\",\"p42_meiodedivulgacaoproprio\":\"Sim\",\"p43_impressoes\":\"Impressos\",\"p43_email\":\"E-mail\",\"p43_facebook\":\"Facebook\",\"p43_whatsapp\":\"WhatsApp\",\"p43_instagram\":\"Instagram\",\"p43_youtube\":\"YouTube\",\"p44_radio\":\"TV\",\"p44_jornaisimpressosdegrandecirculacao\":\"Jornais impressos de grande circula\\u00e7\\u00e3o\",\"p44_redessociais\":\"Redes sociais (Facebook, YouTube, Instagram etc.)\",\"p44_sitesblogs\":\"Sites ou Blogs\",\"p39_publico\":\"JOVENS MULHERES IDOSOS\",\"p45_bandeira\":\"EMPODERAMENTO COMUNIT\\u00c1RIO\",\"p46_hashtags\":\"#CONSCIENTIZACAOAMBIENTAL #EMPODERAMENTOCOMUNITARIO #GERACAODERENDA\"},{\"p1_eixo\":\"Cultura\",\"p9_tipoorganizacao\":\"Associa\\u00e7\\u00e3o\",\"p12_uf\":\"SP\",\"p13_cidade\":\"S\\u00c3O PAULO\",\"p16_bairro\":\"Bairro\",\"p16_cidade\":\"Cidade\",\"p17_ano\":\"1985\",\"p18_comunicacao\":\"Comunica\\u00e7\\u00e3o\",\"p18_difusaoartistica\":\"Difus\\u00e3o Art\\u00edstica\",\"p18_desenvolvimentoterritorial\":\"Desenvolvimento territorial\",\"p18_direitoshumanos\":\"Direitos humanos\",\"p18_educacao\":\"Educa\\u00e7\\u00e3o\",\"p18_feminismos\":\"Feminismos\",\"p18_lutaantirracismo\":\"Luta antirracismo\",\"p18_mobilidade\":\"Mobilidade\",\"p18_trabalho\":\"Trabalho\",\"p18_saude\":\"Sa\\u00fade\",\"p18_violencia\":\"Viol\\u00eancia\",\"p18_politicasculturais\":\"Pol\\u00edticas Culturais\",\"p19_educacao\":\"Educa\\u00e7\\u00e3o\",\"p19_feminismos\":\"Feminismos\",\"p19_lutaantirracismo\":\"Luta antirracismo\",\"p19_trabalho\":\"Trabalho\",\"p19_saude\":\"Sa\\u00fade\",\"p19_politicasculturais\":\"Pol\\u00edticas Culturais\",\"p20_reunioes\":\"Reuni\\u00f5es\",\"p20_atendimento\":\"Atendimento\",\"p20_oficinas\":\"Oficinas\",\"p20_oficinasaulasartisticas\":\"Ensaios\\\/Oficinas\\\/Aulas art\\u00edsticas\",\"p20_cursos\":\"Cursos\",\"p20_formacao\":\"Forma\\u00e7\\u00e3o\",\"p21_xenofobia\":\"Xenofobia\",\"p21_machismo\":\"Machismo\",\"p21_racismo\":\"Racismo\",\"p22_numerodeparticipantes\":\"1  - 15\",\"p23_reunioes\":\"Reuni\\u00f5es\",\"p23_atendimento\":\"Atendimento\",\"p23_oficinas\":\"Oficinas\",\"p23_oficinasaulasartisticas\":\"Ensaio\\\/Oficinas\\\/Aulas Art\\u00edsticas\",\"p23_cursos\":\"Cursos\",\"p23_formacao\":\"Forma\\u00e7\\u00e3o\",\"p23_visitas\":\"Visitas\",\"p23_outros\":\"Outros\",\"p24_atendimento\":\"Atendimentos\",\"p24_oficinas\":\"Oficinas\",\"p24_curso\":\"Curso\",\"p24_formacao\":\"Forma\\u00e7\\u00e3o\",\"p24_apresentacoesartisticas\":\"Apresenta\\u00e7\\u00f5es art\\u00edsticas\",\"p24_outros\":\"Outros\",\"p25_numerodepessoas\":\"20 - 40\",\"p26_numerodepessoas\":\"40 - 60\",\"p27_espacopublico\":\"Espa\\u00e7o p\\u00fablico\",\"p27_espacoproprio\":\"Espa\\u00e7o pr\\u00f3prio\",\"p28_territorios\":\"Pr\\u00f3prio bairro\",\"p30_outrasorganizacoes\":\"N\\u00e3o\",\"p32_campanhadelongaduracao\":\"N\\u00e3o\",\"p34_estadual\":\"Estadual\",\"p34_nacional\":\"Nacional\",\"p34_nenhuma\":\"Nenhuma\",\"p36_conselhosdeparticipacaoecontrolesocial\":\"Sim\",\"p38_sim\":\"Sim\",\"p40_editais\":\"N\\u00e3o\",\"p41_privadopj\":\"Privado (P. Jur\\u00eddica)\",\"p41_autofinanciamento\":\"Autofinanciamento\",\"p42_meiodedivulgacaoproprio\":\"Sim\",\"p43_email\":\"E-mail\",\"p43_facebook\":\"Facebook\",\"p43_whatsapp\":\"WhatsApp\",\"p43_instagram\":\"Instagram\",\"p44_radio\":\"TV\",\"p44_redessociais\":\"Redes sociais (Facebook, YouTube, Instagram etc.)\",\"p44_sitesblogs\":\"Sites ou Blogs\",\"p39_publico\":\"CRIAN\\u00c7AS NEGRAS JOVENS NEGROS\",\"p45_bandeira\":\"SA\\u00daDE EDUCA\\u00c7\\u00c3O MEIO-AMBIENTE CULTURA\",\"p46_hashtags\":\"#ANTIRRACISMO #PRESERVACAOAMBIENTAL #CULTURAPERIFERICA\"},{\"p1_eixo\":\"Trabalho\",\"p9_tipoorganizacao\":\"Associa\\u00e7\\u00e3o\",\"p12_uf\":\"PB\",\"p13_cidade\":\"CAMPINA GRANDE\",\"p16_cidade\":\"Cidade\",\"p17_ano\":\"1980\",\"p18_feminismos\":\"Feminismos\",\"p18_lutaantirracismo\":\"Luta antirracismo\",\"p18_moradia\":\"Moradia\",\"p18_trabalho\":\"Trabalho\",\"p18_violencia\":\"Viol\\u00eancia\",\"p19_educacao\":\"Educa\\u00e7\\u00e3o\",\"p19_feminismos\":\"Feminismos\",\"p19_lutaantirracismo\":\"Luta antirracismo\",\"p19_moradia\":\"Moradia\",\"p19_trabalho\":\"Trabalho\",\"p20_reunioes\":\"Reuni\\u00f5es\",\"p20_oficinas\":\"Oficinas\",\"p20_cursos\":\"Cursos\",\"p20_formacao\":\"Forma\\u00e7\\u00e3o\",\"p21_machismo\":\"Machismo\",\"p21_racismo\":\"Racismo\",\"p22_numerodeparticipantes\":\"15 - 30\",\"p23_reunioes\":\"Reuni\\u00f5es\",\"p23_atendimento\":\"Atendimento\",\"p23_cursos\":\"Cursos\",\"p23_formacao\":\"Forma\\u00e7\\u00e3o\",\"p24_reunioes\":\"Reuni\\u00f5es\",\"p24_atendimento\":\"Atendimentos\",\"p24_oficinas\":\"Oficinas\",\"p24_curso\":\"Curso\",\"p24_formacao\":\"Forma\\u00e7\\u00e3o\",\"p25_numerodepessoas\":\"20 - 40\",\"p26_numerodepessoas\":\"20 - 40\",\"p27_espacoproprio\":\"Espa\\u00e7o pr\\u00f3prio\",\"p28_territorios\":\"Cidade\",\"p30_outrasorganizacoes\":\"Sim\",\"p32_campanhadelongaduracao\":\"Sim\",\"p34_estadual\":\"Estadual\",\"p34_nacional\":\"Nacional\",\"p34_nenhuma\":\"Nenhuma\",\"p36_conselhosdeparticipacaoecontrolesocial\":\"Sim\",\"p38_sim\":\"Sim\",\"p40_editais\":\"N\\u00e3o\",\"p41_privadopj\":\"Privado (P. Jur\\u00eddica)\",\"p41_autofinanciamento\":\"Autofinanciamento\",\"p42_meiodedivulgacaoproprio\":\"Sim\",\"p43_email\":\"E-mail\",\"p43_facebook\":\"Facebook\",\"p43_whatsapp\":\"WhatsApp\",\"p43_instagram\":\"Instagram\",\"p43_twitter\":\"Twitter\",\"p44_radio\":\"TV\",\"p44_redessociais\":\"Redes sociais (Facebook, YouTube, Instagram etc.)\",\"p44_sitesblogs\":\"Sites ou Blogs\",\"p39_publico\":\"MULHERES TRABALHADORAS DOM\\u00c9STICAS\",\"p45_bandeira\":\"EQUIPARA\\u00c7\\u00c3O DIREITOS TRABALHISTAS PREVIDENCI\\u00c1RIOS VALORIZA\\u00c7\\u00c3O TRABALHO DOM\\u00c9STICO IMPLEMENTA\\u00c7\\u00c3O IMEDIATA CONVEN\\u00c7\\u00c3O 289 OIT TRABALHO DECENTE DIREITO-FICAR-CASA ISOLAMENTO SOCIAL CAMPANHA NACIONAL CUIDA QUEM CUIDA\",\"p46_hashtags\":\"#TRABALHODOMESTICODECENTE #NENHUMDIREITOAMENOS #QUARENTENAREMUNERADAJA\"},{\"p1_eixo\":\"Trabalho\",\"p9_tipoorganizacao\":\"Instituto\",\"p12_uf\":\"CE\",\"p13_cidade\":\"JUAZEIRO DO NORTE\",\"p16_cidade\":\"Cidade\",\"p17_ano\":\"2003\",\"p18_comunicacao\":\"Comunica\\u00e7\\u00e3o\",\"p18_desenvolvimentoterritorial\":\"Desenvolvimento territorial\",\"p18_direitoshumanos\":\"Direitos humanos\",\"p18_feminismos\":\"Feminismos\",\"p18_lutaantirracismo\":\"Luta antirracismo\",\"p18_moradia\":\"Moradia\",\"p18_povosecomunidadestradicionais\":\"Povos e comunidades tradicionais\",\"p18_trabalho\":\"Trabalho\",\"p19_direitoshumanos\":\"Direitos humanos\",\"p19_educacao\":\"Educa\\u00e7\\u00e3o\",\"p19_moradia\":\"Moradia\",\"p19_povosecomunidadestradicionais\":\"Povos e comunidades tradicionais\",\"p19_trabalho\":\"Trabalho\",\"p20_reunioes\":\"Reuni\\u00f5es\",\"p20_oficinas\":\"Oficinas\",\"p20_oficinasaulasartisticas\":\"Ensaios\\\/Oficinas\\\/Aulas art\\u00edsticas\",\"p20_formacao\":\"Forma\\u00e7\\u00e3o\",\"p20_apresentacoesartisticas\":\"Apresenta\\u00e7\\u00f5es art\\u00edsticas\",\"p21_intoleranciareligiosa\":\"Fundamentalismo\\\/intoler\\u00e2ncia religiosa\",\"p21_xenofobia\":\"Xenofobia\",\"p21_racismo\":\"Racismo\",\"p21_enfrentamentocomgruposprivadosarmados\":\"Enfrentamento com grupos privados armados\",\"p22_numerodeparticipantes\":\"15 - 30\",\"p23_reunioes\":\"Reuni\\u00f5es\",\"p23_oficinas\":\"Oficinas\",\"p23_oficinasaulasartisticas\":\"Ensaio\\\/Oficinas\\\/Aulas Art\\u00edsticas\",\"p23_formacao\":\"Forma\\u00e7\\u00e3o\",\"p23_apresentacoesartisticas\":\"Apresenta\\u00e7\\u00f5es Art\\u00edsticas\",\"p24_reunioes\":\"Reuni\\u00f5es\",\"p24_atendimento\":\"Atendimentos\",\"p25_numerodepessoas\":\"80 - 100\",\"p26_numerodepessoas\":\"100 - 200\",\"p27_espacopublico\":\"Espa\\u00e7o p\\u00fablico\",\"p27_espacoemprestadocedido\":\"Espa\\u00e7o emprestado\\\/cedido\",\"p27_espacoproprio\":\"Espa\\u00e7o pr\\u00f3prio\",\"p28_territorios\":\"Regi\\u00e3o da Cidade\",\"p30_outrasorganizacoes\":\"Sim\",\"p32_campanhadelongaduracao\":\"N\\u00e3o\",\"p34_nacional\":\"Nacional\",\"p34_nenhuma\":\"Nenhuma\",\"p36_conselhosdeparticipacaoecontrolesocial\":\"N\\u00e3o\",\"p38_sim\":\"Sim\",\"p40_editais\":\"N\\u00e3o\",\"p41_autofinanciamento\":\"Autofinanciamento\",\"p41_financiamentocoletivo0\":\"Financiamento coletivo\",\"p42_meiodedivulgacaoproprio\":\"N\\u00e3o\",\"p43_facebook\":\"Facebook\",\"p43_whatsapp\":\"WhatsApp\",\"p43_instagram\":\"Instagram\",\"p43_twitter\":\"Twitter\",\"p43_youtube\":\"YouTube\",\"p44_redessociais\":\"Redes sociais (Facebook, YouTube, Instagram etc.)\",\"p44_sitesblogs\":\"Sites ou Blogs\",\"p39_publico\":\"MULHERES JOVENS\",\"p45_bandeira\":\"MORADIA TRABALHO RENDA\",\"p46_hashtags\":\"#MORARBEM #TRABALHARBEM #VIVERBEM\"},{\"p1_eixo\":\"Cultura\",\"p9_tipoorganizacao\":\"Associa\\u00e7\\u00e3o\",\"p12_uf\":\"PI\",\"p13_cidade\":\"TERESINA\",\"p16_cidade\":\"Cidade\",\"p16_nacional\":\"Nacional\",\"p17_ano\":\"2008\",\"p18_agrario\":\"Agr\\u00e1rio\\\/ruralidades\",\"p18_comunicacao\":\"Comunica\\u00e7\\u00e3o\",\"p18_desenvolvimentoterritorial\":\"Desenvolvimento territorial\",\"p18_direitoshumanos\":\"Direitos humanos\",\"p18_lutaantirracismo\":\"Luta antirracismo\",\"p18_moradia\":\"Moradia\",\"p18_povosecomunidadestradicionais\":\"Povos e comunidades tradicionais\",\"p18_trabalho\":\"Trabalho\",\"p18_saude\":\"Sa\\u00fade\",\"p18_violencia\":\"Viol\\u00eancia\",\"p18_politicasculturais\":\"Pol\\u00edticas Culturais\",\"p19_desenvolvimentoterritorial\":\"Desenvolvimento territorial\",\"p19_direitoshumanos\":\"Direitos humanos\",\"p19_educacao\":\"Educa\\u00e7\\u00e3o\",\"p19_moradia\":\"Moradia\",\"p19_povosecomunidadestradicionais\":\"Povos e comunidades tradicionais\",\"p19_trabalho\":\"Trabalho\",\"p20_reunioes\":\"Reuni\\u00f5es\",\"p20_atendimento\":\"Atendimento\",\"p20_oficinas\":\"Oficinas\",\"p20_oficinasaulasartisticas\":\"Ensaios\\\/Oficinas\\\/Aulas art\\u00edsticas\",\"p20_cursos\":\"Cursos\",\"p20_formacao\":\"Forma\\u00e7\\u00e3o\",\"p20_profissionalizacao\":\"Profissionaliza\\u00e7\\u00e3o\",\"p20_apresentacoesartisticas\":\"Apresenta\\u00e7\\u00f5es art\\u00edsticas\",\"p21_intoleranciareligiosa\":\"Fundamentalismo\\\/intoler\\u00e2ncia religiosa\",\"p21_xenofobia\":\"Xenofobia\",\"p21_enfrentamentocomgruposprivadosarmados\":\"Enfrentamento com grupos privados armados\",\"p21_nenhum\":\"Nenhum\",\"p22_numerodeparticipantes\":\"1  - 15\",\"p23_reunioes\":\"Reuni\\u00f5es\",\"p23_oficinas\":\"Oficinas\",\"p23_oficinasaulasartisticas\":\"Ensaio\\\/Oficinas\\\/Aulas Art\\u00edsticas\",\"p23_formacao\":\"Forma\\u00e7\\u00e3o\",\"p23_apresentacoesartisticas\":\"Apresenta\\u00e7\\u00f5es Art\\u00edsticas\",\"p24_atendimento\":\"Atendimentos\",\"p24_curso\":\"Curso\",\"p24_formacao\":\"Forma\\u00e7\\u00e3o\",\"p24_profissionalizacao\":\"Profissionaliza\\u00e7\\u00e3o\",\"p25_numerodepessoas\":\"40 - 60\",\"p26_numerodepessoas\":\"40 - 60\",\"p27_espacopublico\":\"Espa\\u00e7o p\\u00fablico\",\"p27_espacoemprestadocedido\":\"Espa\\u00e7o emprestado\\\/cedido\",\"p27_virtual\":\"Virtual\",\"p28_territorios\":\"Regi\\u00e3o da Cidade\",\"p30_outrasorganizacoes\":\"Sim\",\"p32_campanhadelongaduracao\":\"Sim\",\"p34_estadual\":\"Estadual\",\"p34_nacional\":\"Nacional\",\"p36_conselhosdeparticipacaoecontrolesocial\":\"Sim\",\"p38_sim\":\"Sim\",\"p40_editais\":\"Sim\",\"p41_autofinanciamento\":\"Autofinanciamento\",\"p41_financiamentocoletivo0\":\"Financiamento coletivo\",\"p42_meiodedivulgacaoproprio\":\"Sim\",\"p43_email\":\"E-mail\",\"p43_facebook\":\"Facebook\",\"p43_whatsapp\":\"WhatsApp\",\"p43_instagram\":\"Instagram\",\"p43_youtube\":\"YouTube\",\"p44_redessociais\":\"Redes sociais (Facebook, YouTube, Instagram etc.)\",\"p44_sitesblogs\":\"Sites ou Blogs\",\"p39_publico\":\"COMUNIDADES TRADICIONAIS MORADORES NORTE TERESINA\",\"p45_bandeira\":\"DIREITO POVOS COMUNIDADES TRADICIONAIS MORADIA\",\"p46_hashtags\":\"#LAGOASDONORTEPRAQUEM #DIREITOACIDADE #POVOSECOMUNIDADESTRADICIONAIS\"},{\"p1_eixo\":\"Trabalho\",\"p9_tipoorganizacao\":\"Instituto\",\"p12_uf\":\"PR\",\"p13_cidade\":\"APUCARANA\",\"p16_nacional\":\"Nacional\",\"p17_ano\":\"2014\",\"p16_estado\":\"Estado\",\"p18_agrario\":\"Agr\\u00e1rio\\\/ruralidades\",\"p18_comunicacao\":\"Comunica\\u00e7\\u00e3o\",\"p18_desenvolvimentoterritorial\":\"Desenvolvimento territorial\",\"p18_direitoshumanos\":\"Direitos humanos\",\"p18_educacao\":\"Educa\\u00e7\\u00e3o\",\"p18_feminismos\":\"Feminismos\",\"p18_lgbtqi\":\"LGBTQI\",\"p18_lutaantirracismo\":\"Luta antirracismo\",\"p18_mobilidade\":\"Mobilidade\",\"p18_moradia\":\"Moradia\",\"p18_trabalho\":\"Trabalho\",\"p18_saude\":\"Sa\\u00fade\",\"p18_violencia\":\"Viol\\u00eancia\",\"p18_politicasculturais\":\"Pol\\u00edticas Culturais\",\"p19_desenvolvimentoterritorial\":\"Desenvolvimento territorial\",\"p19_educacao\":\"Educa\\u00e7\\u00e3o\",\"p19_moradia\":\"Moradia\",\"p19_trabalho\":\"Trabalho\",\"p19_saude\":\"Sa\\u00fade\",\"p20_reunioes\":\"Reuni\\u00f5es\",\"p20_atendimento\":\"Atendimento\",\"p20_oficinas\":\"Oficinas\",\"p20_cursos\":\"Cursos\",\"p20_formacao\":\"Forma\\u00e7\\u00e3o\",\"p20_profissionalizacao\":\"Profissionaliza\\u00e7\\u00e3o\",\"p20_apresentacoesartisticas\":\"Apresenta\\u00e7\\u00f5es art\\u00edsticas\",\"p21_repressaopolicial\":\"Repress\\u00e3o policial\",\"p21_machismo\":\"Machismo\",\"p21_racismo\":\"Racismo\",\"p21_lgbtqifobia\":\"LGBTIfobia\",\"p21_nenhum\":\"Nenhum\",\"p22_numerodeparticipantes\":\"45 - 60\",\"p23_reunioes\":\"Reuni\\u00f5es\",\"p23_oficinas\":\"Oficinas\",\"p23_formacao\":\"Forma\\u00e7\\u00e3o\",\"p23_visitas\":\"Visitas\",\"p24_atendimento\":\"Atendimentos\",\"p24_oficinas\":\"Oficinas\",\"p24_oficinasaulasartisticas\":\"Ensaios\\\/Oficinas\\\/Aulas art\\u00edsticas\",\"p24_curso\":\"Curso\",\"p24_formacao\":\"Forma\\u00e7\\u00e3o\",\"p24_profissionalizacao\":\"Profissionaliza\\u00e7\\u00e3o\",\"p25_numerodepessoas\":\"20 - 40\",\"p26_numerodepessoas\":\"20 - 40\",\"p27_espacopublico\":\"Espa\\u00e7o p\\u00fablico\",\"p27_espacoemprestadocedido\":\"Espa\\u00e7o emprestado\\\/cedido\",\"p27_virtual\":\"Virtual\",\"p28_territorios\":\"Estado\",\"p30_outrasorganizacoes\":\"Sim\",\"p32_campanhadelongaduracao\":\"Sim\",\"p34_estadual\":\"Estadual\",\"p34_nacional\":\"Nacional\",\"p36_conselhosdeparticipacaoecontrolesocial\":\"Sim\",\"p38_sim\":\"Sim\",\"p40_editais\":\"Sim\",\"p41_autofinanciamento\":\"Autofinanciamento\",\"p42_meiodedivulgacaoproprio\":\"Sim\",\"p43_email\":\"E-mail\",\"p43_facebook\":\"Facebook\",\"p43_whatsapp\":\"WhatsApp\",\"p43_instagram\":\"Instagram\",\"p44_redessociais\":\"Redes sociais (Facebook, YouTube, Instagram etc.)\",\"p39_publico\":\"VULNERABILIDADE SOCIAL\",\"p45_bandeira\":\"ECONOMIA SOLID\\u00c1RIA AGRICULTURA URBANA DEFESA DIREITOS SOBERANIA ALIMENTAR AGROECOLOGIA\",\"p46_hashtags\":\"#OUTRAECONOMIAEPOSSIVEL #CONSTRUIROBEMVIVER\"},{\"p1_eixo\":\"Trabalho\",\"p9_tipoorganizacao\":\"Movimento Social\",\"p12_uf\":\"CE\",\"p13_cidade\":\"FORTALEZA\",\"p16_bairro\":\"Bairro\",\"p17_ano\":\"1993\",\"p16_estado\":\"Estado\",\"p18_comunicacao\":\"Comunica\\u00e7\\u00e3o\",\"p18_desenvolvimentoterritorial\":\"Desenvolvimento territorial\",\"p18_direitoshumanos\":\"Direitos humanos\",\"p18_educacao\":\"Educa\\u00e7\\u00e3o\",\"p18_feminismos\":\"Feminismos\",\"p18_lgbtqi\":\"LGBTQI\",\"p18_lutaantirracismo\":\"Luta antirracismo\",\"p18_mobilidade\":\"Mobilidade\",\"p18_moradia\":\"Moradia\",\"p18_trabalho\":\"Trabalho\",\"p18_saude\":\"Sa\\u00fade\",\"p18_violencia\":\"Viol\\u00eancia\",\"p18_politicasculturais\":\"Pol\\u00edticas Culturais\",\"p19_desenvolvimentoterritorial\":\"Desenvolvimento territorial\",\"p19_direitoshumanos\":\"Direitos humanos\",\"p19_moradia\":\"Moradia\",\"p19_saude\":\"Sa\\u00fade\",\"p20_reunioes\":\"Reuni\\u00f5es\",\"p20_atendimento\":\"Atendimento\",\"p20_oficinas\":\"Oficinas\",\"p20_cursos\":\"Cursos\",\"p20_formacao\":\"Forma\\u00e7\\u00e3o\",\"p20_profissionalizacao\":\"Profissionaliza\\u00e7\\u00e3o\",\"p20_apresentacoesartisticas\":\"Apresenta\\u00e7\\u00f5es art\\u00edsticas\",\"p21_repressaopolicial\":\"Repress\\u00e3o policial\",\"p21_machismo\":\"Machismo\",\"p21_racismo\":\"Racismo\",\"p21_lgbtqifobia\":\"LGBTIfobia\",\"p21_nenhum\":\"Nenhum\",\"p22_numerodeparticipantes\":\"30 - 45\",\"p23_reunioes\":\"Reuni\\u00f5es\",\"p23_atendimento\":\"Atendimento\",\"p23_formacao\":\"Forma\\u00e7\\u00e3o\",\"p23_visitas\":\"Visitas\",\"p24_atendimento\":\"Atendimentos\",\"p24_oficinas\":\"Oficinas\",\"p24_oficinasaulasartisticas\":\"Ensaios\\\/Oficinas\\\/Aulas art\\u00edsticas\",\"p24_formacao\":\"Forma\\u00e7\\u00e3o\",\"p24_profissionalizacao\":\"Profissionaliza\\u00e7\\u00e3o\",\"p25_numerodepessoas\":\"80 - 100\",\"p26_numerodepessoas\":\"200 - 300\",\"p27_espacopublico\":\"Espa\\u00e7o p\\u00fablico\",\"p27_espacoemprestadocedido\":\"Espa\\u00e7o emprestado\\\/cedido\",\"p27_virtual\":\"Virtual\",\"p28_territorios\":\"Pr\\u00f3prio bairro\",\"p30_outrasorganizacoes\":\"Sim\",\"p32_campanhadelongaduracao\":\"Sim\",\"p34_municipal\":\"Municipal\",\"p34_nacional\":\"Nacional\",\"p36_conselhosdeparticipacaoecontrolesocial\":\"Sim\",\"p38_sim\":\"Sim\",\"p38_nenhum\":\"Nenhum\",\"p40_editais\":\"N\\u00e3o\",\"p41_autofinanciamento\":\"Autofinanciamento\",\"p41_financiamentocoletivo0\":\"Financiamento coletivo\",\"p42_meiodedivulgacaoproprio\":\"Sim\",\"p43_email\":\"E-mail\",\"p43_facebook\":\"Facebook\",\"p43_whatsapp\":\"WhatsApp\",\"p43_instagram\":\"Instagram\",\"p44_redessociais\":\"Redes sociais (Facebook, YouTube, Instagram etc.)\",\"p39_publico\":\"POPULA\\u00c7\\u00c3O PERIFERIA TRABALHADORES INFORMAIS\",\"p45_bandeira\":\"POL\\u00cdTICAS P\\u00daBLICAS PARTICIPA\\u00c7\\u00c3O POPULAR DEFESA SUS MORADIA AUTOGEST\\u00c3O\",\"p46_hashtags\":\"#POLITICASPUBLICAS #SUS #MORADIAJA\"},{\"p1_eixo\":\"Viol\\u00eancia\",\"p9_tipoorganizacao\":\"ONG\",\"p12_uf\":\"SP\",\"p13_cidade\":\"S\\u00c3O PAULO\",\"p16_bairro\":\"Bairro\",\"p16_cidade\":\"Cidade\",\"p17_ano\":\"1998\",\"p18_agrario\":\"Agr\\u00e1rio\\\/ruralidades\",\"p18_difusaoartistica\":\"Difus\\u00e3o Art\\u00edstica\",\"p18_desenvolvimentoterritorial\":\"Desenvolvimento territorial\",\"p18_direitoshumanos\":\"Direitos humanos\",\"p18_feminismos\":\"Feminismos\",\"p18_lgbtqi\":\"LGBTQI\",\"p18_lutaantirracismo\":\"Luta antirracismo\",\"p18_povosecomunidadestradicionais\":\"Povos e comunidades tradicionais\",\"p18_trabalho\":\"Trabalho\",\"p18_saude\":\"Sa\\u00fade\",\"p18_politicasculturais\":\"Pol\\u00edticas Culturais\",\"p19_agrario\":\"Agr\\u00e1rio\\\/ruralidades\",\"p19_direitoshumanos\":\"Direitos humanos\",\"p19_difusaoartistica\":\"Difus\\u00e3o Art\\u00edstica\",\"p20_reunioes\":\"Reuni\\u00f5es\",\"p20_atendimento\":\"Atendimento\",\"p20_oficinas\":\"Oficinas\",\"p20_oficinasaulasartisticas\":\"Ensaios\\\/Oficinas\\\/Aulas art\\u00edsticas\",\"p20_formacao\":\"Forma\\u00e7\\u00e3o\",\"p20_apresentacoesartisticas\":\"Apresenta\\u00e7\\u00f5es art\\u00edsticas\",\"p20_visitasexcursoes\":\"Visitas\\\/Excurs\\u00f5es\",\"p21_nenhum\":\"Nenhum\",\"p22_numerodeparticipantes\":\"15 - 30\",\"p23_reunioes\":\"Reuni\\u00f5es\",\"p23_atendimento\":\"Atendimento\",\"p23_oficinasaulasartisticas\":\"Ensaio\\\/Oficinas\\\/Aulas Art\\u00edsticas\",\"p23_apresentacoesartisticas\":\"Apresenta\\u00e7\\u00f5es Art\\u00edsticas\",\"p23_outros\":\"Outros\",\"p24_atendimento\":\"Atendimentos\",\"p24_oficinasaulasartisticas\":\"Ensaios\\\/Oficinas\\\/Aulas art\\u00edsticas\",\"p24_formacao\":\"Forma\\u00e7\\u00e3o\",\"p24_apresentacoesartisticas\":\"Apresenta\\u00e7\\u00f5es art\\u00edsticas\",\"p25_numerodepessoas\":\"100 - 200\",\"p26_numerodepessoas\":\"100 - 200\",\"p27_espacoemprestadocedido\":\"Espa\\u00e7o emprestado\\\/cedido\",\"p27_ocupacao\":\"Ocupa\\u00e7\\u00e3o\",\"p28_territorios\":\"Atua\\u00e7\\u00e3o Nacional\",\"p30_outrasorganizacoes\":\"Sim\",\"p32_campanhadelongaduracao\":\"Sim\",\"p34_municipal\":\"Municipal\",\"p34_estadual\":\"Estadual\",\"p34_nacional\":\"Nacional\",\"p36_conselhosdeparticipacaoecontrolesocial\":\"Sim\",\"p38_sim\":\"Sim\",\"p38_nenhum\":\"Nenhum\",\"p40_editais\":\"N\\u00e3o\",\"p41_privadopf\":\"Privado (P. F\\u00edsica)\",\"p41_financiamentocoletivo0\":\"Financiamento coletivo\",\"p42_meiodedivulgacaoproprio\":\"Sim\",\"p43_email\":\"E-mail\",\"p43_facebook\":\"Facebook\",\"p43_whatsapp\":\"WhatsApp\",\"p43_instagram\":\"Instagram\",\"p43_sitesblogs\":\"Blogs\\\/sites\",\"p43_youtube\":\"YouTube\",\"p44_radio\":\"TV\",\"p44_redessociais\":\"Redes sociais (Facebook, YouTube, Instagram etc.)\",\"p44_sitesblogs\":\"Sites ou Blogs\",\"p39_publico\":\"M\\u00c3ES CRIAN\\u00c7AS ADOLESCENTES\",\"p45_bandeira\":\"FORTALECIMENTO GARANTIA CIDADANIA PLENA\",\"p46_hashtags\":\"#DIREITOSHUMANOS #VOTOETICO\"},{\"p1_eixo\":\"Cultura\",\"p9_tipoorganizacao\":\"Coletivo\",\"p12_uf\":\"SP\",\"p13_cidade\":\"PRESIDENTE PRUDENTE\",\"p16_cidade\":\"Cidade\",\"p16_nacional\":\"Nacional\",\"p17_ano\":\"2007\",\"p18_agrario\":\"Agr\\u00e1rio\\\/ruralidades\",\"p18_comunicacao\":\"Comunica\\u00e7\\u00e3o\",\"p18_difusaoartistica\":\"Difus\\u00e3o Art\\u00edstica\",\"p18_desenvolvimentoterritorial\":\"Desenvolvimento territorial\",\"p18_direitoshumanos\":\"Direitos humanos\",\"p18_educacao\":\"Educa\\u00e7\\u00e3o\",\"p18_feminismos\":\"Feminismos\",\"p18_lgbtqi\":\"LGBTQI\",\"p18_lutaantirracismo\":\"Luta antirracismo\",\"p18_mobilidade\":\"Mobilidade\",\"p18_moradia\":\"Moradia\",\"p18_povosecomunidadestradicionais\":\"Povos e comunidades tradicionais\",\"p18_trabalho\":\"Trabalho\",\"p18_saude\":\"Sa\\u00fade\",\"p18_violencia\":\"Viol\\u00eancia\",\"p18_politicasculturais\":\"Pol\\u00edticas Culturais\",\"p19_agrario\":\"Agr\\u00e1rio\\\/ruralidades\",\"p19_direitoshumanos\":\"Direitos humanos\",\"p19_educacao\":\"Educa\\u00e7\\u00e3o\",\"p19_moradia\":\"Moradia\",\"p19_difusaoartistica\":\"Difus\\u00e3o Art\\u00edstica\",\"p19_politicasculturais\":\"Pol\\u00edticas Culturais\",\"p20_reunioes\":\"Reuni\\u00f5es\",\"p20_atendimento\":\"Atendimento\",\"p20_oficinas\":\"Oficinas\",\"p20_oficinasaulasartisticas\":\"Ensaios\\\/Oficinas\\\/Aulas art\\u00edsticas\",\"p20_cursos\":\"Cursos\",\"p20_formacao\":\"Forma\\u00e7\\u00e3o\",\"p20_apresentacoesartisticas\":\"Apresenta\\u00e7\\u00f5es art\\u00edsticas\",\"p20_visitasexcursoes\":\"Visitas\\\/Excurs\\u00f5es\",\"p21_nenhum\":\"Nenhum\",\"p22_numerodeparticipantes\":\"1  - 15\",\"p23_reunioes\":\"Reuni\\u00f5es\",\"p23_atendimento\":\"Atendimento\",\"p23_oficinas\":\"Oficinas\",\"p23_oficinasaulasartisticas\":\"Ensaio\\\/Oficinas\\\/Aulas Art\\u00edsticas\",\"p23_formacao\":\"Forma\\u00e7\\u00e3o\",\"p23_apresentacoesartisticas\":\"Apresenta\\u00e7\\u00f5es Art\\u00edsticas\",\"p23_outros\":\"Outros\",\"p24_oficinasaulasartisticas\":\"Ensaios\\\/Oficinas\\\/Aulas art\\u00edsticas\",\"p24_apresentacoesartisticas\":\"Apresenta\\u00e7\\u00f5es art\\u00edsticas\",\"p25_numerodepessoas\":\"100 - 200\",\"p26_numerodepessoas\":\"100 - 200\",\"p27_espacoproprio\":\"Espa\\u00e7o pr\\u00f3prio\",\"p27_ocupacao\":\"Ocupa\\u00e7\\u00e3o\",\"p28_territorios\":\"Cidade\",\"p30_outrasorganizacoes\":\"Sim\",\"p32_campanhadelongaduracao\":\"Sim\",\"p34_municipal\":\"Municipal\",\"p34_estadual\":\"Estadual\",\"p34_nacional\":\"Nacional\",\"p36_conselhosdeparticipacaoecontrolesocial\":\"Sim\",\"p38_sim\":\"Sim\",\"p40_editais\":\"Sim\",\"p41_privadopf\":\"Privado (P. F\\u00edsica)\",\"p41_privadopj\":\"Privado (P. Jur\\u00eddica)\",\"p41_financiamentocoletivo0\":\"Financiamento coletivo\",\"p42_meiodedivulgacaoproprio\":\"Sim\",\"p43_email\":\"E-mail\",\"p43_facebook\":\"Facebook\",\"p43_whatsapp\":\"WhatsApp\",\"p43_instagram\":\"Instagram\",\"p43_sitesblogs\":\"Blogs\\\/sites\",\"p43_youtube\":\"YouTube\",\"p44_radio\":\"TV\",\"p44_redessociais\":\"Redes sociais (Facebook, YouTube, Instagram etc.)\",\"p44_sitesblogs\":\"Sites ou Blogs\",\"p39_publico\":\"POPULA\\u00c7\\u00c3O SOCIALMENTE EXCLU\\u00cdDA  FINANCEIRAS PRIVIL\\u00c9GIOS TRABALHADORES TRABALHADORAS\",\"p45_bandeira\":\"LGBTQI+ CULTURA REFORMA AGR\\u00c1RIA RACIAL \\u00c9TNICA EDUCA\\u00c7\\u00c3O DIREITOS HUMANOS SA\\u00daDE\",\"p46_hashtags\":\"#CULTURA #OCUPACAOCULTURAL #ARTEDERUA\"},{\"p1_eixo\":\"Cultura\",\"p9_tipoorganizacao\":\"ONG\",\"p12_uf\":\"SP\",\"p13_cidade\":\"S\\u00c3O PAULO\",\"p16_cidade\":\"Cidade\",\"p16_nacional\":\"Nacional\",\"p17_ano\":\"1996\",\"p18_comunicacao\":\"Comunica\\u00e7\\u00e3o\",\"p18_difusaoartistica\":\"Difus\\u00e3o Art\\u00edstica\",\"p18_desenvolvimentoterritorial\":\"Desenvolvimento territorial\",\"p18_direitoshumanos\":\"Direitos humanos\",\"p18_educacao\":\"Educa\\u00e7\\u00e3o\",\"p18_feminismos\":\"Feminismos\",\"p18_lutaantirracismo\":\"Luta antirracismo\",\"p18_mobilidade\":\"Mobilidade\",\"p18_moradia\":\"Moradia\",\"p18_trabalho\":\"Trabalho\",\"p18_saude\":\"Sa\\u00fade\",\"p18_violencia\":\"Viol\\u00eancia\",\"p18_politicasculturais\":\"Pol\\u00edticas Culturais\",\"p19_direitoshumanos\":\"Direitos humanos\",\"p19_educacao\":\"Educa\\u00e7\\u00e3o\",\"p19_lutaantirracismo\":\"Luta antirracismo\",\"p19_moradia\":\"Moradia\",\"p19_trabalho\":\"Trabalho\",\"p19_politicasculturais\":\"Pol\\u00edticas Culturais\",\"p20_reunioes\":\"Reuni\\u00f5es\",\"p20_atendimento\":\"Atendimento\",\"p20_oficinas\":\"Oficinas\",\"p20_oficinasaulasartisticas\":\"Ensaios\\\/Oficinas\\\/Aulas art\\u00edsticas\",\"p20_cursos\":\"Cursos\",\"p20_formacao\":\"Forma\\u00e7\\u00e3o\",\"p20_profissionalizacao\":\"Profissionaliza\\u00e7\\u00e3o\",\"p20_apresentacoesartisticas\":\"Apresenta\\u00e7\\u00f5es art\\u00edsticas\",\"p20_visitasexcursoes\":\"Visitas\\\/Excurs\\u00f5es\",\"p21_nenhum\":\"Nenhum\",\"p22_numerodeparticipantes\":\"15 - 30\",\"p23_reunioes\":\"Reuni\\u00f5es\",\"p23_atendimento\":\"Atendimento\",\"p23_oficinas\":\"Oficinas\",\"p23_oficinasaulasartisticas\":\"Ensaio\\\/Oficinas\\\/Aulas Art\\u00edsticas\",\"p23_cursos\":\"Cursos\",\"p23_formacao\":\"Forma\\u00e7\\u00e3o\",\"p23_apresentacoesartisticas\":\"Apresenta\\u00e7\\u00f5es Art\\u00edsticas\",\"p24_atendimento\":\"Atendimentos\",\"p24_curso\":\"Curso\",\"p24_profissionalizacao\":\"Profissionaliza\\u00e7\\u00e3o\",\"p24_apresentacoesartisticas\":\"Apresenta\\u00e7\\u00f5es art\\u00edsticas\",\"p25_numerodepessoas\":\"80 - 100\",\"p26_numerodepessoas\":\"40 - 60\",\"p27_espacoproprio\":\"Espa\\u00e7o pr\\u00f3prio\",\"p28_territorios\":\"Regi\\u00e3o da Cidade\",\"p30_outrasorganizacoes\":\"Sim\",\"p32_campanhadelongaduracao\":\"Sim\",\"p34_municipal\":\"Municipal\",\"p34_nenhuma\":\"Nenhuma\",\"p36_conselhosdeparticipacaoecontrolesocial\":\"Sim\",\"p38_sim\":\"Sim\",\"p40_editais\":\"Sim\",\"p41_privadopf\":\"Privado (P. F\\u00edsica)\",\"p41_privadopj\":\"Privado (P. Jur\\u00eddica)\",\"p41_autofinanciamento\":\"Autofinanciamento\",\"p42_meiodedivulgacaoproprio\":\"Sim\",\"p43_email\":\"E-mail\",\"p43_facebook\":\"Facebook\",\"p43_whatsapp\":\"WhatsApp\",\"p43_sitesblogs\":\"Blogs\\\/sites\",\"p44_redessociais\":\"Redes sociais (Facebook, YouTube, Instagram etc.)\",\"p44_sitesblogs\":\"Sites ou Blogs\",\"p39_publico\":\"CRIAN\\u00c7AS ADOLESCENTES\",\"p45_bandeira\":\"REGULARIZA\\u00c7\\u00c3O FUNDI\\u00c1RIA BAIRRO MELHORIAS ASFALTO CONSTRU\\u00c7\\u00c3O UBS OFICINAS CULTURAIS ESPORTIVAS\",\"p46_hashtags\":\"#REGULARIZACAOFUNDIARIA #PERIFERIACOMMAISQUALIDADEDEVIDA #KERALUXMAISCULTURAESPORTEELAZER\"},{\"p1_eixo\":\"Trabalho\",\"p9_tipoorganizacao\":\"Associa\\u00e7\\u00e3o\",\"p12_uf\":\"MG\",\"p13_cidade\":\"BELO HORIZONTE\",\"p16_cidade\":\"Cidade\",\"p17_ano\":\"2012\",\"p18_comunicacao\":\"Comunica\\u00e7\\u00e3o\",\"p18_difusaoartistica\":\"Difus\\u00e3o Art\\u00edstica\",\"p18_desenvolvimentoterritorial\":\"Desenvolvimento territorial\",\"p18_direitoshumanos\":\"Direitos humanos\",\"p18_educacao\":\"Educa\\u00e7\\u00e3o\",\"p18_feminismos\":\"Feminismos\",\"p18_lgbtqi\":\"LGBTQI\",\"p18_lutaantirracismo\":\"Luta antirracismo\",\"p18_mobilidade\":\"Mobilidade\",\"p18_moradia\":\"Moradia\",\"p18_trabalho\":\"Trabalho\",\"p18_violencia\":\"Viol\\u00eancia\",\"p18_politicasculturais\":\"Pol\\u00edticas Culturais\",\"p19_comunicacao\":\"Comunica\\u00e7\\u00e3o\",\"p19_direitoshumanos\":\"Direitos humanos\",\"p19_feminismos\":\"Feminismos\",\"p19_lutaantirracismo\":\"Luta antirracismo\",\"p19_trabalho\":\"Trabalho\",\"p19_difusaoartistica\":\"Difus\\u00e3o Art\\u00edstica\",\"p20_reunioes\":\"Reuni\\u00f5es\",\"p20_atendimento\":\"Atendimento\",\"p20_oficinas\":\"Oficinas\",\"p20_oficinasaulasartisticas\":\"Ensaios\\\/Oficinas\\\/Aulas art\\u00edsticas\",\"p20_formacao\":\"Forma\\u00e7\\u00e3o\",\"p20_profissionalizacao\":\"Profissionaliza\\u00e7\\u00e3o\",\"p20_apresentacoesartisticas\":\"Apresenta\\u00e7\\u00f5es art\\u00edsticas\",\"p21_repressaopolicial\":\"Repress\\u00e3o policial\",\"p21_intoleranciareligiosa\":\"Fundamentalismo\\\/intoler\\u00e2ncia religiosa\",\"p21_machismo\":\"Machismo\",\"p21_racismo\":\"Racismo\",\"p21_nenhum\":\"Nenhum\",\"p22_numerodeparticipantes\":\"15 - 30\",\"p23_reunioes\":\"Reuni\\u00f5es\",\"p23_atendimento\":\"Atendimento\",\"p23_oficinasaulasartisticas\":\"Ensaio\\\/Oficinas\\\/Aulas Art\\u00edsticas\",\"p23_cursos\":\"Cursos\",\"p23_apresentacoesartisticas\":\"Apresenta\\u00e7\\u00f5es Art\\u00edsticas\",\"p24_reunioes\":\"Reuni\\u00f5es\",\"p24_atendimento\":\"Atendimentos\",\"p24_oficinasaulasartisticas\":\"Ensaios\\\/Oficinas\\\/Aulas art\\u00edsticas\",\"p24_curso\":\"Curso\",\"p24_profissionalizacao\":\"Profissionaliza\\u00e7\\u00e3o\",\"p24_apresentacoesartisticas\":\"Apresenta\\u00e7\\u00f5es art\\u00edsticas\",\"p25_numerodepessoas\":\"20 - 40\",\"p26_numerodepessoas\":\"60 - 80\",\"p27_espacopublico\":\"Espa\\u00e7o p\\u00fablico\",\"p27_espacoproprio\":\"Espa\\u00e7o pr\\u00f3prio\",\"p27_virtual\":\"Virtual\",\"p28_territorios\":\"Cidade\",\"p30_outrasorganizacoes\":\"N\\u00e3o\",\"p32_campanhadelongaduracao\":\"Sim\",\"p34_nenhuma\":\"Nenhuma\",\"p36_conselhosdeparticipacaoecontrolesocial\":\"N\\u00e3o\",\"p38_sim\":\"Sim\",\"p38_nenhum\":\"Nenhum\",\"p40_editais\":\"Sim\",\"p41_privadopf\":\"Privado (P. F\\u00edsica)\",\"p41_autofinanciamento\":\"Autofinanciamento\",\"p41_financiamentocoletivo0\":\"Financiamento coletivo\",\"p42_meiodedivulgacaoproprio\":\"Sim\",\"p43_email\":\"E-mail\",\"p43_facebook\":\"Facebook\",\"p43_whatsapp\":\"WhatsApp\",\"p43_instagram\":\"Instagram\",\"p43_sitesblogs\":\"Blogs\\\/sites\",\"p44_redessociais\":\"Redes sociais (Facebook, YouTube, Instagram etc.)\",\"p44_sitesblogs\":\"Sites ou Blogs\",\"p39_publico\":\"MORADORAS VILAS AGLOMERADOS NEGRAS MULHERES AFROEMPREENDEDORAS\",\"p45_bandeira\":\"EMPODERAMENTO MULHERES NEGRAS\",\"p46_hashtags\":\"APOIO A MULHERES E FAMILIAS DE VILAS E AGLOMERADOS DE BH, APOIO A MULHERES NEGRAS DESEMPREGADAS NEGRAS, INSERCAO SOCIAL DE MULHERES NEGRAS\"},{\"p1_eixo\":\"Cultura\",\"p9_tipoorganizacao\":\"Movimento Social\",\"p12_uf\":\"CE\",\"p13_cidade\":\"SOBRAL\",\"p16_cidade\":\"Cidade\",\"p17_ano\":\"2013\",\"p18_comunicacao\":\"Comunica\\u00e7\\u00e3o\",\"p18_difusaoartistica\":\"Difus\\u00e3o Art\\u00edstica\",\"p18_desenvolvimentoterritorial\":\"Desenvolvimento territorial\",\"p18_direitoshumanos\":\"Direitos humanos\",\"p18_educacao\":\"Educa\\u00e7\\u00e3o\",\"p18_feminismos\":\"Feminismos\",\"p18_lgbtqi\":\"LGBTQI\",\"p18_lutaantirracismo\":\"Luta antirracismo\",\"p18_mobilidade\":\"Mobilidade\",\"p18_moradia\":\"Moradia\",\"p18_povosecomunidadestradicionais\":\"Povos e comunidades tradicionais\",\"p18_trabalho\":\"Trabalho\",\"p18_religiao\":\"Religi\\u00e3o\",\"p18_saude\":\"Sa\\u00fade\",\"p18_violencia\":\"Viol\\u00eancia\",\"p18_politicasculturais\":\"Pol\\u00edticas Culturais\",\"p19_comunicacao\":\"Comunica\\u00e7\\u00e3o\",\"p19_educacao\":\"Educa\\u00e7\\u00e3o\",\"p19_feminismos\":\"Feminismos\",\"p19_lutaantirracismo\":\"Luta antirracismo\",\"p19_religiao\":\"Religi\\u00e3o\",\"p19_difusaoartistica\":\"Difus\\u00e3o Art\\u00edstica\",\"p20_reunioes\":\"Reuni\\u00f5es\",\"p20_oficinas\":\"Oficinas\",\"p20_oficinasaulasartisticas\":\"Ensaios\\\/Oficinas\\\/Aulas art\\u00edsticas\",\"p20_formacao\":\"Forma\\u00e7\\u00e3o\",\"p20_apresentacoesartisticas\":\"Apresenta\\u00e7\\u00f5es art\\u00edsticas\",\"p21_repressaopolicial\":\"Repress\\u00e3o policial\",\"p21_intoleranciareligiosa\":\"Fundamentalismo\\\/intoler\\u00e2ncia religiosa\",\"p21_xenofobia\":\"Xenofobia\",\"p21_machismo\":\"Machismo\",\"p21_racismo\":\"Racismo\",\"p21_lgbtqifobia\":\"LGBTIfobia\",\"p21_enfrentamentocomgruposprivadosarmados\":\"Enfrentamento com grupos privados armados\",\"p22_numerodeparticipantes\":\"1  - 15\",\"p23_reunioes\":\"Reuni\\u00f5es\",\"p23_oficinas\":\"Oficinas\",\"p23_oficinasaulasartisticas\":\"Ensaio\\\/Oficinas\\\/Aulas Art\\u00edsticas\",\"p23_apresentacoesartisticas\":\"Apresenta\\u00e7\\u00f5es Art\\u00edsticas\",\"p23_outros\":\"Outros\",\"p24_reunioes\":\"Reuni\\u00f5es\",\"p24_oficinas\":\"Oficinas\",\"p24_oficinasaulasartisticas\":\"Ensaios\\\/Oficinas\\\/Aulas art\\u00edsticas\",\"p24_apresentacoesartisticas\":\"Apresenta\\u00e7\\u00f5es art\\u00edsticas\",\"p24_outros\":\"Outros\",\"p25_numerodepessoas\":\"100 - 200\",\"p26_numerodepessoas\":\"100 - 200\",\"p27_espacopublico\":\"Espa\\u00e7o p\\u00fablico\",\"p27_espacoproprio\":\"Espa\\u00e7o pr\\u00f3prio\",\"p27_virtual\":\"Virtual\",\"p28_territorios\":\"Regi\\u00e3o da Cidade\",\"p30_outrasorganizacoes\":\"Sim\",\"p32_campanhadelongaduracao\":\"Sim\",\"p34_estadual\":\"Estadual\",\"p34_nenhuma\":\"Nenhuma\",\"p36_conselhosdeparticipacaoecontrolesocial\":\"N\\u00e3o\",\"p38_sim\":\"Sim\",\"p38_nenhum\":\"Nenhum\",\"p40_editais\":\"N\\u00e3o\",\"p41_privadopf\":\"Privado (P. F\\u00edsica)\",\"p41_autofinanciamento\":\"Autofinanciamento\",\"p41_financiamentocoletivo0\":\"Financiamento coletivo\",\"p42_meiodedivulgacaoproprio\":\"Sim\",\"p43_email\":\"E-mail\",\"p43_facebook\":\"Facebook\",\"p43_whatsapp\":\"WhatsApp\",\"p43_instagram\":\"Instagram\",\"p43_sitesblogs\":\"Blogs\\\/sites\",\"p44_radio\":\"TV\",\"p44_jornaisimpressosdegrandecirculacao\":\"Jornais impressos de grande circula\\u00e7\\u00e3o\",\"p44_jornaisimpressosdebairro\":\"Jornais impressos de bairro\",\"p44_redessociais\":\"Redes sociais (Facebook, YouTube, Instagram etc.)\",\"p44_sitesblogs\":\"Sites ou Blogs\",\"p39_publico\":\"CRIAN\\u00c7AS ADOLESCENTES JOVENS\",\"p45_bandeira\":\"SOCIEDADE JUSTA IGUALIT\\u00c1RIA EDUCA\\u00c7\\u00c3O DIVERSIDADE \\u00c9TNICA CULTURAL G\\u00caNERO CONTRA CRIMINALIZA\\u00c7\\u00c3O POBREZA MOVIMENTOS SOCIAIS ORGANIZA\\u00c7\\u00c3O POPULAR CONSTR\\u00d3I PODER POPULAR\",\"p46_hashtags\":\"#ARTESUBVERSIVA #COMUNICACAOPERIFERICA #JUVENTUDEVIVA\"},{\"p1_eixo\":\"Cultura\",\"p9_tipoorganizacao\":\"Associa\\u00e7\\u00e3o\",\"p12_uf\":\"BA\",\"p13_cidade\":\"CONCEI\\u00c7\\u00c3O DO COIT\\u00c9\",\"p16_cidade\":\"Cidade\",\"p17_ano\":\"2003\",\"p18_agrario\":\"Agr\\u00e1rio\\\/ruralidades\",\"p18_comunicacao\":\"Comunica\\u00e7\\u00e3o\",\"p18_difusaoartistica\":\"Difus\\u00e3o Art\\u00edstica\",\"p18_desenvolvimentoterritorial\":\"Desenvolvimento territorial\",\"p18_direitoshumanos\":\"Direitos humanos\",\"p18_educacao\":\"Educa\\u00e7\\u00e3o\",\"p18_feminismos\":\"Feminismos\",\"p18_lgbtqi\":\"LGBTQI\",\"p18_lutaantirracismo\":\"Luta antirracismo\",\"p18_mobilidade\":\"Mobilidade\",\"p18_povosecomunidadestradicionais\":\"Povos e comunidades tradicionais\",\"p18_trabalho\":\"Trabalho\",\"p18_religiao\":\"Religi\\u00e3o\",\"p18_saude\":\"Sa\\u00fade\",\"p18_violencia\":\"Viol\\u00eancia\",\"p18_politicasculturais\":\"Pol\\u00edticas Culturais\",\"p19_agrario\":\"Agr\\u00e1rio\\\/ruralidades\",\"p19_desenvolvimentoterritorial\":\"Desenvolvimento territorial\",\"p19_educacao\":\"Educa\\u00e7\\u00e3o\",\"p19_lutaantirracismo\":\"Luta antirracismo\",\"p19_religiao\":\"Religi\\u00e3o\",\"p20_oficinas\":\"Oficinas\",\"p20_oficinasaulasartisticas\":\"Ensaios\\\/Oficinas\\\/Aulas art\\u00edsticas\",\"p20_apresentacoesartisticas\":\"Apresenta\\u00e7\\u00f5es art\\u00edsticas\",\"p21_repressaopolicial\":\"Repress\\u00e3o policial\",\"p21_intoleranciareligiosa\":\"Fundamentalismo\\\/intoler\\u00e2ncia religiosa\",\"p21_xenofobia\":\"Xenofobia\",\"p21_machismo\":\"Machismo\",\"p21_racismo\":\"Racismo\",\"p21_lgbtqifobia\":\"LGBTIfobia\",\"p21_enfrentamentocomgruposprivadosarmados\":\"Enfrentamento com grupos privados armados\",\"p22_numerodeparticipantes\":\"1  - 15\",\"p23_atendimento\":\"Atendimento\",\"p23_oficinas\":\"Oficinas\",\"p23_oficinasaulasartisticas\":\"Ensaio\\\/Oficinas\\\/Aulas Art\\u00edsticas\",\"p23_cursos\":\"Cursos\",\"p23_outros\":\"Outros\",\"p24_reunioes\":\"Reuni\\u00f5es\",\"p24_oficinas\":\"Oficinas\",\"p24_oficinasaulasartisticas\":\"Ensaios\\\/Oficinas\\\/Aulas art\\u00edsticas\",\"p24_apresentacoesartisticas\":\"Apresenta\\u00e7\\u00f5es art\\u00edsticas\",\"p24_outros\":\"Outros\",\"p25_numerodepessoas\":\"20 - 40\",\"p26_numerodepessoas\":\"100 - 200\",\"p27_espacoemprestadocedido\":\"Espa\\u00e7o emprestado\\\/cedido\",\"p27_espacoproprio\":\"Espa\\u00e7o pr\\u00f3prio\",\"p28_territorios\":\"Pr\\u00f3prio bairro\",\"p30_outrasorganizacoes\":\"Sim\",\"p32_campanhadelongaduracao\":\"Sim\",\"p34_estadual\":\"Estadual\",\"p34_nenhuma\":\"Nenhuma\",\"p36_conselhosdeparticipacaoecontrolesocial\":\"Sim\",\"p38_sim\":\"Sim\",\"p38_nenhum\":\"Nenhum\",\"p40_editais\":\"Sim\",\"p41_privadopf\":\"Privado (P. F\\u00edsica)\",\"p41_privadopj\":\"Privado (P. Jur\\u00eddica)\",\"p41_autofinanciamento\":\"Autofinanciamento\",\"p41_financiamentocoletivo0\":\"Financiamento coletivo\",\"p42_meiodedivulgacaoproprio\":\"Sim\",\"p43_email\":\"E-mail\",\"p43_facebook\":\"Facebook\",\"p43_whatsapp\":\"WhatsApp\",\"p43_instagram\":\"Instagram\",\"p43_sitesblogs\":\"Blogs\\\/sites\",\"p43_youtube\":\"YouTube\",\"p44_radio\":\"TV\",\"p44_jornaisimpressosdegrandecirculacao\":\"Jornais impressos de grande circula\\u00e7\\u00e3o\",\"p44_jornaisimpressosdebairro\":\"Jornais impressos de bairro\",\"p44_redessociais\":\"Redes sociais (Facebook, YouTube, Instagram etc.)\",\"p44_sitesblogs\":\"Sites ou Blogs\",\"p39_publico\":\"PRETOS PERIF\\u00c9RICOS MULHERES NEGRAS\",\"p45_bandeira\":\"COMBATE RACISMO COMBATE CONTRA JOVENS PERIF\\u00c9RICOS\",\"p46_hashtags\":\"#ABAIXOAORACISMO #JUVENTUDEVIVAJA #PELEEPODER\"},{\"p1_eixo\":\"Trabalho\",\"p9_tipoorganizacao\":\"Coletivo\",\"p12_uf\":\"SP\",\"p13_cidade\":\"S\\u00c3O PAULO\",\"p16_cidade\":\"Cidade\",\"p17_ano\":\"2017\",\"p18_agrario\":\"Agr\\u00e1rio\\\/ruralidades\",\"p18_comunicacao\":\"Comunica\\u00e7\\u00e3o\",\"p18_difusaoartistica\":\"Difus\\u00e3o Art\\u00edstica\",\"p18_desenvolvimentoterritorial\":\"Desenvolvimento territorial\",\"p18_direitoshumanos\":\"Direitos humanos\",\"p18_educacao\":\"Educa\\u00e7\\u00e3o\",\"p18_feminismos\":\"Feminismos\",\"p18_lgbtqi\":\"LGBTQI\",\"p18_lutaantirracismo\":\"Luta antirracismo\",\"p18_mobilidade\":\"Mobilidade\",\"p18_povosecomunidadestradicionais\":\"Povos e comunidades tradicionais\",\"p18_trabalho\":\"Trabalho\",\"p18_saude\":\"Sa\\u00fade\",\"p18_violencia\":\"Viol\\u00eancia\",\"p18_politicasculturais\":\"Pol\\u00edticas Culturais\",\"p19_agrario\":\"Agr\\u00e1rio\\\/ruralidades\",\"p19_desenvolvimentoterritorial\":\"Desenvolvimento territorial\",\"p19_direitoshumanos\":\"Direitos humanos\",\"p19_educacao\":\"Educa\\u00e7\\u00e3o\",\"p19_politicasculturais\":\"Pol\\u00edticas Culturais\",\"p20_oficinas\":\"Oficinas\",\"p20_oficinasaulasartisticas\":\"Ensaios\\\/Oficinas\\\/Aulas art\\u00edsticas\",\"p20_apresentacoesartisticas\":\"Apresenta\\u00e7\\u00f5es art\\u00edsticas\",\"p21_repressaopolicial\":\"Repress\\u00e3o policial\",\"p21_intoleranciareligiosa\":\"Fundamentalismo\\\/intoler\\u00e2ncia religiosa\",\"p21_xenofobia\":\"Xenofobia\",\"p21_machismo\":\"Machismo\",\"p21_racismo\":\"Racismo\",\"p21_lgbtqifobia\":\"LGBTIfobia\",\"p21_nenhum\":\"Nenhum\",\"p22_numerodeparticipantes\":\"1  - 15\",\"p23_atendimento\":\"Atendimento\",\"p23_oficinas\":\"Oficinas\",\"p23_oficinasaulasartisticas\":\"Ensaio\\\/Oficinas\\\/Aulas Art\\u00edsticas\",\"p23_cursos\":\"Cursos\",\"p23_apresentacoesartisticas\":\"Apresenta\\u00e7\\u00f5es Art\\u00edsticas\",\"p23_outros\":\"Outros\",\"p24_oficinas\":\"Oficinas\",\"p24_oficinasaulasartisticas\":\"Ensaios\\\/Oficinas\\\/Aulas art\\u00edsticas\",\"p24_apresentacoesartisticas\":\"Apresenta\\u00e7\\u00f5es art\\u00edsticas\",\"p24_outros\":\"Outros\",\"p25_numerodepessoas\":\"Mais de 500\",\"p26_numerodepessoas\":\"300 - 400\",\"p27_espacoemprestadocedido\":\"Espa\\u00e7o emprestado\\\/cedido\",\"p28_territorios\":\"Regi\\u00e3o da Cidade\",\"p30_outrasorganizacoes\":\"N\\u00e3o\",\"p32_campanhadelongaduracao\":\"N\\u00e3o\",\"p34_nenhuma\":\"Nenhuma\",\"p36_conselhosdeparticipacaoecontrolesocial\":\"Sim\",\"p38_nenhum\":\"Nenhum\",\"p40_editais\":\"N\\u00e3o\",\"p41_privadopj\":\"Privado (P. Jur\\u00eddica)\",\"p41_autofinanciamento\":\"Autofinanciamento\",\"p41_financiamentocoletivo0\":\"Financiamento coletivo\",\"p42_meiodedivulgacaoproprio\":\"Sim\",\"p43_email\":\"E-mail\",\"p43_facebook\":\"Facebook\",\"p43_instagram\":\"Instagram\",\"p43_sitesblogs\":\"Blogs\\\/sites\",\"p43_youtube\":\"YouTube\",\"p44_redessociais\":\"Redes sociais (Facebook, YouTube, Instagram etc.)\",\"p44_sitesblogs\":\"Sites ou Blogs\",\"p44_nenhum\":\"Nenhum\",\"p39_publico\":\"TODOS\",\"p45_bandeira\":\"LUTA AMBIENTAL SOCIAL ERRADICA\\u00c7\\u00c3O POBREZA\",\"p46_hashtags\":\"#EDUCACAOAMBIENTAL #EDUCACAOALIMENTAR #FIMDAPOBREZA\"},{\"p1_eixo\":\"Cultura\",\"p9_tipoorganizacao\":\"Coletivo Art\\u00edstico\",\"p12_uf\":\"CE\",\"p13_cidade\":\"FORTALEZA\",\"p16_cidade\":\"Cidade\",\"p17_ano\":\"2010\",\"p18_comunicacao\":\"Comunica\\u00e7\\u00e3o\",\"p18_desenvolvimentoterritorial\":\"Desenvolvimento territorial\",\"p18_direitoshumanos\":\"Direitos humanos\",\"p18_educacao\":\"Educa\\u00e7\\u00e3o\",\"p18_feminismos\":\"Feminismos\",\"p18_lgbtqi\":\"LGBTQI\",\"p18_lutaantirracismo\":\"Luta antirracismo\",\"p18_mobilidade\":\"Mobilidade\",\"p18_moradia\":\"Moradia\",\"p18_povosecomunidadestradicionais\":\"Povos e comunidades tradicionais\",\"p18_trabalho\":\"Trabalho\",\"p18_religiao\":\"Religi\\u00e3o\",\"p18_saude\":\"Sa\\u00fade\",\"p18_violencia\":\"Viol\\u00eancia\",\"p18_politicasculturais\":\"Pol\\u00edticas Culturais\",\"p19_direitoshumanos\":\"Direitos humanos\",\"p19_educacao\":\"Educa\\u00e7\\u00e3o\",\"p19_trabalho\":\"Trabalho\",\"p19_politicasculturais\":\"Pol\\u00edticas Culturais\",\"p20_atendimento\":\"Atendimento\",\"p20_oficinas\":\"Oficinas\",\"p20_oficinasaulasartisticas\":\"Ensaios\\\/Oficinas\\\/Aulas art\\u00edsticas\",\"p20_apresentacoesartisticas\":\"Apresenta\\u00e7\\u00f5es art\\u00edsticas\",\"p21_nenhum\":\"Nenhum\",\"p22_numerodeparticipantes\":\"1  - 15\",\"p23_atendimento\":\"Atendimento\",\"p23_oficinasaulasartisticas\":\"Ensaio\\\/Oficinas\\\/Aulas Art\\u00edsticas\",\"p23_apresentacoesartisticas\":\"Apresenta\\u00e7\\u00f5es Art\\u00edsticas\",\"p24_oficinas\":\"Oficinas\",\"p24_outros\":\"Outros\",\"p25_numerodepessoas\":\"1 - 20\",\"p26_numerodepessoas\":\"20 - 40\",\"p27_espacoemprestadocedido\":\"Espa\\u00e7o emprestado\\\/cedido\",\"p27_espacoproprio\":\"Espa\\u00e7o pr\\u00f3prio\",\"p28_territorios\":\"Cidade\",\"p30_outrasorganizacoes\":\"N\\u00e3o\",\"p32_campanhadelongaduracao\":\"N\\u00e3o\",\"p34_municipal\":\"Municipal\",\"p34_nenhuma\":\"Nenhuma\",\"p36_conselhosdeparticipacaoecontrolesocial\":\"N\\u00e3o\",\"p38_sim\":\"Sim\",\"p38_nenhum\":\"Nenhum\",\"p40_editais\":\"N\\u00e3o\",\"p41_autofinanciamento\":\"Autofinanciamento\",\"p41_financiamentocoletivo0\":\"Financiamento coletivo\",\"p42_meiodedivulgacaoproprio\":\"Sim\",\"p43_facebook\":\"Facebook\",\"p43_sitesblogs\":\"Blogs\\\/sites\",\"p44_radio\":\"TV\",\"p44_jornaisimpressosdegrandecirculacao\":\"Jornais impressos de grande circula\\u00e7\\u00e3o\",\"p44_jornaisimpressosdebairro\":\"Jornais impressos de bairro\",\"p44_redessociais\":\"Redes sociais (Facebook, YouTube, Instagram etc.)\",\"p44_sitesblogs\":\"Sites ou Blogs\",\"p44_nenhum\":\"Nenhum\",\"p39_publico\":\"TODOS AQUELAS AMOR PELA ARTE TEATRO POESIA\",\"p45_bandeira\":\"ARTE INSTRUMENTO UNIVERSAL FOR\\u00c7A LUTAREM CONTRA-OPRESS\\u00d5ES\",\"p46_hashtags\":\"#TEATROVIVE #POESIAVIVE #GIRASSOIS\"},{\"p1_eixo\":\"Viol\\u00eancia\",\"p9_tipoorganizacao\":\"Associa\\u00e7\\u00e3o\",\"p12_uf\":\"PI\",\"p13_cidade\":\"TERESINA\",\"p16_bairro\":\"Bairro\",\"p16_cidade\":\"Cidade\",\"p17_ano\":\"2011\",\"p18_comunicacao\":\"Comunica\\u00e7\\u00e3o\",\"p18_difusaoartistica\":\"Difus\\u00e3o Art\\u00edstica\",\"p18_desenvolvimentoterritorial\":\"Desenvolvimento territorial\",\"p18_direitoshumanos\":\"Direitos humanos\",\"p18_educacao\":\"Educa\\u00e7\\u00e3o\",\"p18_feminismos\":\"Feminismos\",\"p18_lutaantirracismo\":\"Luta antirracismo\",\"p18_mobilidade\":\"Mobilidade\",\"p18_moradia\":\"Moradia\",\"p18_povosecomunidadestradicionais\":\"Povos e comunidades tradicionais\",\"p18_trabalho\":\"Trabalho\",\"p18_religiao\":\"Religi\\u00e3o\",\"p18_saude\":\"Sa\\u00fade\",\"p18_violencia\":\"Viol\\u00eancia\",\"p18_politicasculturais\":\"Pol\\u00edticas Culturais\",\"p19_direitoshumanos\":\"Direitos humanos\",\"p19_educacao\":\"Educa\\u00e7\\u00e3o\",\"p19_lutaantirracismo\":\"Luta antirracismo\",\"p19_trabalho\":\"Trabalho\",\"p19_violencia\":\"Viol\\u00eancia\",\"p20_reunioes\":\"Reuni\\u00f5es\",\"p20_atendimento\":\"Atendimento\",\"p20_oficinas\":\"Oficinas\",\"p20_oficinasaulasartisticas\":\"Ensaios\\\/Oficinas\\\/Aulas art\\u00edsticas\",\"p20_formacao\":\"Forma\\u00e7\\u00e3o\",\"p20_apresentacoesartisticas\":\"Apresenta\\u00e7\\u00f5es art\\u00edsticas\",\"p20_visitasexcursoes\":\"Visitas\\\/Excurs\\u00f5es\",\"p21_nenhum\":\"Nenhum\",\"p22_numerodeparticipantes\":\"45 - 60\",\"p23_reunioes\":\"Reuni\\u00f5es\",\"p23_atendimento\":\"Atendimento\",\"p23_oficinas\":\"Oficinas\",\"p23_oficinasaulasartisticas\":\"Ensaio\\\/Oficinas\\\/Aulas Art\\u00edsticas\",\"p23_apresentacoesartisticas\":\"Apresenta\\u00e7\\u00f5es Art\\u00edsticas\",\"p23_visitas\":\"Visitas\",\"p23_outros\":\"Outros\",\"p24_oficinas\":\"Oficinas\",\"p24_formacao\":\"Forma\\u00e7\\u00e3o\",\"p24_outros\":\"Outros\",\"p25_numerodepessoas\":\"20 - 40\",\"p26_numerodepessoas\":\"80 - 100\",\"p27_espacopublico\":\"Espa\\u00e7o p\\u00fablico\",\"p27_espacoemprestadocedido\":\"Espa\\u00e7o emprestado\\\/cedido\",\"p27_espacoproprio\":\"Espa\\u00e7o pr\\u00f3prio\",\"p28_territorios\":\"Regi\\u00e3o da Cidade\",\"p30_outrasorganizacoes\":\"Sim\",\"p32_campanhadelongaduracao\":\"Sim\",\"p34_municipal\":\"Municipal\",\"p34_estadual\":\"Estadual\",\"p34_nacional\":\"Nacional\",\"p36_conselhosdeparticipacaoecontrolesocial\":\"Sim\",\"p38_sim\":\"Sim\",\"p38_nenhum\":\"Nenhum\",\"p40_editais\":\"N\\u00e3o\",\"p41_publicoestatal\":\"P\\u00fablico-Estatal\",\"p41_autofinanciamento\":\"Autofinanciamento\",\"p41_financiamentocoletivo0\":\"Financiamento coletivo\",\"p42_meiodedivulgacaoproprio\":\"Sim\",\"p43_facebook\":\"Facebook\",\"p43_sitesblogs\":\"Blogs\\\/sites\",\"p44_radio\":\"TV\",\"p44_jornaisimpressosdegrandecirculacao\":\"Jornais impressos de grande circula\\u00e7\\u00e3o\",\"p44_jornaisimpressosdebairro\":\"Jornais impressos de bairro\",\"p44_redessociais\":\"Redes sociais (Facebook, YouTube, Instagram etc.)\",\"p44_sitesblogs\":\"Sites ou Blogs\",\"p44_nenhum\":\"Nenhum\",\"p39_publico\":\"MORADORES CENTRO TERESINA PRESOS VULNERABILIDADE\",\"p45_bandeira\":\"RETIRAR MORADORES RUAS\",\"p46_hashtags\":\"#DIGINADADEAPOPULACAODERUA\"},{\"p1_eixo\":\"Viol\\u00eancia\",\"p9_tipoorganizacao\":\"Coletivo\",\"p12_uf\":\"SP\",\"p13_cidade\":\"S\\u00c3O PAULO\",\"p16_bairro\":\"Bairro\",\"p17_ano\":\"1989\",\"p18_agrario\":\"Agr\\u00e1rio\\\/ruralidades\",\"p18_comunicacao\":\"Comunica\\u00e7\\u00e3o\",\"p18_difusaoartistica\":\"Difus\\u00e3o Art\\u00edstica\",\"p18_desenvolvimentoterritorial\":\"Desenvolvimento territorial\",\"p18_direitoshumanos\":\"Direitos humanos\",\"p18_educacao\":\"Educa\\u00e7\\u00e3o\",\"p18_feminismos\":\"Feminismos\",\"p18_lgbtqi\":\"LGBTQI\",\"p18_lutaantirracismo\":\"Luta antirracismo\",\"p18_mobilidade\":\"Mobilidade\",\"p18_moradia\":\"Moradia\",\"p18_povosecomunidadestradicionais\":\"Povos e comunidades tradicionais\",\"p18_trabalho\":\"Trabalho\",\"p18_religiao\":\"Religi\\u00e3o\",\"p18_saude\":\"Sa\\u00fade\",\"p18_violencia\":\"Viol\\u00eancia\",\"p18_politicasculturais\":\"Pol\\u00edticas Culturais\",\"p19_direitoshumanos\":\"Direitos humanos\",\"p19_educacao\":\"Educa\\u00e7\\u00e3o\",\"p19_feminismos\":\"Feminismos\",\"p19_lutaantirracismo\":\"Luta antirracismo\",\"p19_violencia\":\"Viol\\u00eancia\",\"p19_politicasculturais\":\"Pol\\u00edticas Culturais\",\"p20_reunioes\":\"Reuni\\u00f5es\",\"p20_oficinas\":\"Oficinas\",\"p20_oficinasaulasartisticas\":\"Ensaios\\\/Oficinas\\\/Aulas art\\u00edsticas\",\"p20_formacao\":\"Forma\\u00e7\\u00e3o\",\"p20_apresentacoesartisticas\":\"Apresenta\\u00e7\\u00f5es art\\u00edsticas\",\"p20_visitasexcursoes\":\"Visitas\\\/Excurs\\u00f5es\",\"p21_intoleranciareligiosa\":\"Fundamentalismo\\\/intoler\\u00e2ncia religiosa\",\"p21_machismo\":\"Machismo\",\"p21_lgbtqifobia\":\"LGBTIfobia\",\"p21_nenhum\":\"Nenhum\",\"p22_numerodeparticipantes\":\"1  - 15\",\"p23_reunioes\":\"Reuni\\u00f5es\",\"p23_oficinas\":\"Oficinas\",\"p23_oficinasaulasartisticas\":\"Ensaio\\\/Oficinas\\\/Aulas Art\\u00edsticas\",\"p23_formacao\":\"Forma\\u00e7\\u00e3o\",\"p23_apresentacoesartisticas\":\"Apresenta\\u00e7\\u00f5es Art\\u00edsticas\",\"p23_visitas\":\"Visitas\",\"p23_outros\":\"Outros\",\"p24_oficinas\":\"Oficinas\",\"p24_formacao\":\"Forma\\u00e7\\u00e3o\",\"p24_apresentacoesartisticas\":\"Apresenta\\u00e7\\u00f5es art\\u00edsticas\",\"p25_numerodepessoas\":\"20 - 40\",\"p26_numerodepessoas\":\"20 - 40\",\"p27_espacopublico\":\"Espa\\u00e7o p\\u00fablico\",\"p27_espacoemprestadocedido\":\"Espa\\u00e7o emprestado\\\/cedido\",\"p27_espacoproprio\":\"Espa\\u00e7o pr\\u00f3prio\",\"p28_territorios\":\"Pr\\u00f3prio bairro\",\"p30_outrasorganizacoes\":\"Sim\",\"p32_campanhadelongaduracao\":\"N\\u00e3o\",\"p34_municipal\":\"Municipal\",\"p34_estadual\":\"Estadual\",\"p34_nacional\":\"Nacional\",\"p36_conselhosdeparticipacaoecontrolesocial\":\"Sim\",\"p38_nenhum\":\"Nenhum\",\"p40_editais\":\"Sim\",\"p41_publicoestatal\":\"P\\u00fablico-Estatal\",\"p41_autofinanciamento\":\"Autofinanciamento\",\"p42_meiodedivulgacaoproprio\":\"Sim\",\"p43_email\":\"E-mail\",\"p43_facebook\":\"Facebook\",\"p43_instagram\":\"Instagram\",\"p43_sitesblogs\":\"Blogs\\\/sites\",\"p44_redessociais\":\"Redes sociais (Facebook, YouTube, Instagram etc.)\",\"p44_sitesblogs\":\"Sites ou Blogs\",\"p44_nenhum\":\"Nenhum\",\"p39_publico\":\"JUVENTUDE\",\"p45_bandeira\":\"SOCIALISMO RECORTE RACIAL G\\u00caNERO\",\"p46_hashtags\":\"#LUTAANTIRACISTA #EMANCIPACAODAMULHERTRABALHADORA #SOCIALISMO\"},{\"p1_eixo\":\"Trabalho\",\"p9_tipoorganizacao\":\"Coletivo Art\\u00edstico\",\"p12_uf\":\"SP\",\"p13_cidade\":\"S\\u00c3O PAULO\",\"p16_bairro\":\"Bairro\",\"p16_cidade\":\"Cidade\",\"p17_ano\":\"1998\",\"p18_agrario\":\"Agr\\u00e1rio\\\/ruralidades\",\"p18_comunicacao\":\"Comunica\\u00e7\\u00e3o\",\"p18_difusaoartistica\":\"Difus\\u00e3o Art\\u00edstica\",\"p18_desenvolvimentoterritorial\":\"Desenvolvimento territorial\",\"p18_direitoshumanos\":\"Direitos humanos\",\"p18_educacao\":\"Educa\\u00e7\\u00e3o\",\"p18_feminismos\":\"Feminismos\",\"p18_lgbtqi\":\"LGBTQI\",\"p18_lutaantirracismo\":\"Luta antirracismo\",\"p18_mobilidade\":\"Mobilidade\",\"p18_moradia\":\"Moradia\",\"p18_povosecomunidadestradicionais\":\"Povos e comunidades tradicionais\",\"p18_trabalho\":\"Trabalho\",\"p18_religiao\":\"Religi\\u00e3o\",\"p18_saude\":\"Sa\\u00fade\",\"p18_violencia\":\"Viol\\u00eancia\",\"p18_politicasculturais\":\"Pol\\u00edticas Culturais\",\"p19_educacao\":\"Educa\\u00e7\\u00e3o\",\"p19_feminismos\":\"Feminismos\",\"p19_trabalho\":\"Trabalho\",\"p19_difusaoartistica\":\"Difus\\u00e3o Art\\u00edstica\",\"p19_politicasculturais\":\"Pol\\u00edticas Culturais\",\"p20_oficinas\":\"Oficinas\",\"p20_oficinasaulasartisticas\":\"Ensaios\\\/Oficinas\\\/Aulas art\\u00edsticas\",\"p20_formacao\":\"Forma\\u00e7\\u00e3o\",\"p20_apresentacoesartisticas\":\"Apresenta\\u00e7\\u00f5es art\\u00edsticas\",\"p20_visitasexcursoes\":\"Visitas\\\/Excurs\\u00f5es\",\"p21_intoleranciareligiosa\":\"Fundamentalismo\\\/intoler\\u00e2ncia religiosa\",\"p21_machismo\":\"Machismo\",\"p21_lgbtqifobia\":\"LGBTIfobia\",\"p21_nenhum\":\"Nenhum\",\"p22_numerodeparticipantes\":\"1  - 15\",\"p23_oficinasaulasartisticas\":\"Ensaio\\\/Oficinas\\\/Aulas Art\\u00edsticas\",\"p23_formacao\":\"Forma\\u00e7\\u00e3o\",\"p23_apresentacoesartisticas\":\"Apresenta\\u00e7\\u00f5es Art\\u00edsticas\",\"p23_excursoes\":\"Excurs\\u00f5es\",\"p23_outros\":\"Outros\",\"p24_formacao\":\"Forma\\u00e7\\u00e3o\",\"p24_apresentacoesartisticas\":\"Apresenta\\u00e7\\u00f5es art\\u00edsticas\",\"p24_outros\":\"Outros\",\"p25_numerodepessoas\":\"Mais de 500\",\"p26_numerodepessoas\":\"300 - 400\",\"p27_espacopublico\":\"Espa\\u00e7o p\\u00fablico\",\"p27_espacoproprio\":\"Espa\\u00e7o pr\\u00f3prio\",\"p28_territorios\":\"Pr\\u00f3prio bairro\",\"p30_outrasorganizacoes\":\"Sim\",\"p32_campanhadelongaduracao\":\"Sim\",\"p34_municipal\":\"Municipal\",\"p34_estadual\":\"Estadual\",\"p34_nacional\":\"Nacional\",\"p34_nenhuma\":\"Nenhuma\",\"p36_conselhosdeparticipacaoecontrolesocial\":\"Sim\",\"p38_sim\":\"Sim\",\"p38_nenhum\":\"Nenhum\",\"p40_editais\":\"Sim\",\"p41_publicoestatal\":\"P\\u00fablico-Estatal\",\"p41_autofinanciamento\":\"Autofinanciamento\",\"p42_meiodedivulgacaoproprio\":\"Sim\",\"p43_email\":\"E-mail\",\"p43_facebook\":\"Facebook\",\"p43_instagram\":\"Instagram\",\"p43_twitter\":\"Twitter\",\"p43_sitesblogs\":\"Blogs\\\/sites\",\"p43_youtube\":\"YouTube\",\"p44_jornaisimpressosdebairro\":\"Jornais impressos de bairro\",\"p44_redessociais\":\"Redes sociais (Facebook, YouTube, Instagram etc.)\",\"p44_sitesblogs\":\"Sites ou Blogs\",\"p39_publico\":\"PERIFERIA\",\"p45_bandeira\":\"FEMINISMO ARTE CIRCO\",\"p46_hashtags\":\"#AARTENAOPODESERCALADA #TEATRODEGRACANAPRACA #ORISOLAVA\"},{\"p1_eixo\":\"Cultura\",\"p9_tipoorganizacao\":\"Coletivo Art\\u00edstico\",\"p12_uf\":\"SP\",\"p13_cidade\":\"S\\u00c3O PAULO\",\"p16_cidade\":\"Cidade\",\"p16_nacional\":\"Nacional\",\"p17_ano\":\"2005\",\"p18_comunicacao\":\"Comunica\\u00e7\\u00e3o\",\"p18_difusaoartistica\":\"Difus\\u00e3o Art\\u00edstica\",\"p18_desenvolvimentoterritorial\":\"Desenvolvimento territorial\",\"p18_direitoshumanos\":\"Direitos humanos\",\"p18_educacao\":\"Educa\\u00e7\\u00e3o\",\"p18_feminismos\":\"Feminismos\",\"p18_lgbtqi\":\"LGBTQI\",\"p18_lutaantirracismo\":\"Luta antirracismo\",\"p18_mobilidade\":\"Mobilidade\",\"p18_moradia\":\"Moradia\",\"p18_povosecomunidadestradicionais\":\"Povos e comunidades tradicionais\",\"p18_trabalho\":\"Trabalho\",\"p18_religiao\":\"Religi\\u00e3o\",\"p18_violencia\":\"Viol\\u00eancia\",\"p18_politicasculturais\":\"Pol\\u00edticas Culturais\",\"p19_direitoshumanos\":\"Direitos humanos\",\"p19_educacao\":\"Educa\\u00e7\\u00e3o\",\"p19_lutaantirracismo\":\"Luta antirracismo\",\"p19_trabalho\":\"Trabalho\",\"p19_religiao\":\"Religi\\u00e3o\",\"p19_difusaoartistica\":\"Difus\\u00e3o Art\\u00edstica\",\"p20_atendimento\":\"Atendimento\",\"p20_oficinasaulasartisticas\":\"Ensaios\\\/Oficinas\\\/Aulas art\\u00edsticas\",\"p21_intoleranciareligiosa\":\"Fundamentalismo\\\/intoler\\u00e2ncia religiosa\",\"p21_xenofobia\":\"Xenofobia\",\"p21_machismo\":\"Machismo\",\"p21_racismo\":\"Racismo\",\"p21_lgbtqifobia\":\"LGBTIfobia\",\"p21_nenhum\":\"Nenhum\",\"p22_numerodeparticipantes\":\"1  - 15\",\"p23_atendimento\":\"Atendimento\",\"p23_oficinasaulasartisticas\":\"Ensaio\\\/Oficinas\\\/Aulas Art\\u00edsticas\",\"p23_excursoes\":\"Excurs\\u00f5es\",\"p23_outros\":\"Outros\",\"p24_reunioes\":\"Reuni\\u00f5es\",\"p24_oficinas\":\"Oficinas\",\"p24_outros\":\"Outros\",\"p25_numerodepessoas\":\"400 - 500\",\"p26_numerodepessoas\":\"1 - 20\",\"p27_espacopublico\":\"Espa\\u00e7o p\\u00fablico\",\"p27_espacoproprio\":\"Espa\\u00e7o pr\\u00f3prio\",\"p28_territorios\":\"Cidade\",\"p30_outrasorganizacoes\":\"Sim\",\"p32_campanhadelongaduracao\":\"Sim\",\"p34_nacional\":\"Nacional\",\"p34_nenhuma\":\"Nenhuma\",\"p36_conselhosdeparticipacaoecontrolesocial\":\"N\\u00e3o\",\"p38_sim\":\"Sim\",\"p38_nenhum\":\"Nenhum\",\"p40_editais\":\"Sim\",\"p41_autofinanciamento\":\"Autofinanciamento\",\"p42_meiodedivulgacaoproprio\":\"Sim\",\"p43_email\":\"E-mail\",\"p43_facebook\":\"Facebook\",\"p43_instagram\":\"Instagram\",\"p43_twitter\":\"Twitter\",\"p43_sitesblogs\":\"Blogs\\\/sites\",\"p43_youtube\":\"YouTube\",\"p44_radio\":\"TV\",\"p44_jornaisimpressosdegrandecirculacao\":\"Jornais impressos de grande circula\\u00e7\\u00e3o\",\"p44_jornaisimpressosdebairro\":\"Jornais impressos de bairro\",\"p44_redessociais\":\"Redes sociais (Facebook, YouTube, Instagram etc.)\",\"p44_sitesblogs\":\"Sites ou Blogs\",\"p39_publico\":\"TODAS GERA\\u00c7\\u00d5ES\",\"p45_bandeira\":\"DIREITOS IGUAIS\",\"p46_hashtags\":\"#IGUALDADE #SAMBACOMOINSTRUMENTOSOCIAL   #FAVELADEPOETAS\"},{\"p1_eixo\":\"Viol\\u00eancia\",\"p9_tipoorganizacao\":\"Coletivo\",\"p12_uf\":\"RJ\",\"p13_cidade\":\"RIO DE JANEIRO\",\"p16_cidade\":\"Cidade\",\"p16_nacional\":\"Nacional\",\"p17_ano\":\"2007\",\"p18_agrario\":\"Agr\\u00e1rio\\\/ruralidades\",\"p18_comunicacao\":\"Comunica\\u00e7\\u00e3o\",\"p18_difusaoartistica\":\"Difus\\u00e3o Art\\u00edstica\",\"p18_desenvolvimentoterritorial\":\"Desenvolvimento territorial\",\"p18_direitoshumanos\":\"Direitos humanos\",\"p18_educacao\":\"Educa\\u00e7\\u00e3o\",\"p18_feminismos\":\"Feminismos\",\"p18_lgbtqi\":\"LGBTQI\",\"p18_lutaantirracismo\":\"Luta antirracismo\",\"p18_mobilidade\":\"Mobilidade\",\"p18_moradia\":\"Moradia\",\"p18_povosecomunidadestradicionais\":\"Povos e comunidades tradicionais\",\"p18_trabalho\":\"Trabalho\",\"p18_religiao\":\"Religi\\u00e3o\",\"p18_saude\":\"Sa\\u00fade\",\"p18_violencia\":\"Viol\\u00eancia\",\"p18_politicasculturais\":\"Pol\\u00edticas Culturais\",\"p19_direitoshumanos\":\"Direitos humanos\",\"p19_lgbtqi\":\"LGBTQI\",\"p19_lutaantirracismo\":\"Luta antirracismo\",\"p19_religiao\":\"Religi\\u00e3o\",\"p19_saude\":\"Sa\\u00fade\",\"p19_violencia\":\"Viol\\u00eancia\",\"p20_reunioes\":\"Reuni\\u00f5es\",\"p20_atendimento\":\"Atendimento\",\"p20_oficinas\":\"Oficinas\",\"p20_oficinasaulasartisticas\":\"Ensaios\\\/Oficinas\\\/Aulas art\\u00edsticas\",\"p20_formacao\":\"Forma\\u00e7\\u00e3o\",\"p20_profissionalizacao\":\"Profissionaliza\\u00e7\\u00e3o\",\"p21_repressaopolicial\":\"Repress\\u00e3o policial\",\"p21_intoleranciareligiosa\":\"Fundamentalismo\\\/intoler\\u00e2ncia religiosa\",\"p21_xenofobia\":\"Xenofobia\",\"p21_machismo\":\"Machismo\",\"p21_racismo\":\"Racismo\",\"p21_lgbtqifobia\":\"LGBTIfobia\",\"p21_enfrentamentocomgruposprivadosarmados\":\"Enfrentamento com grupos privados armados\",\"p22_numerodeparticipantes\":\"1  - 15\",\"p23_atendimento\":\"Atendimento\",\"p23_oficinas\":\"Oficinas\",\"p23_oficinasaulasartisticas\":\"Ensaio\\\/Oficinas\\\/Aulas Art\\u00edsticas\",\"p23_apresentacoesartisticas\":\"Apresenta\\u00e7\\u00f5es Art\\u00edsticas\",\"p23_outros\":\"Outros\",\"p24_reunioes\":\"Reuni\\u00f5es\",\"p24_oficinas\":\"Oficinas\",\"p24_oficinasaulasartisticas\":\"Ensaios\\\/Oficinas\\\/Aulas art\\u00edsticas\",\"p24_formacao\":\"Forma\\u00e7\\u00e3o\",\"p24_outros\":\"Outros\",\"p25_numerodepessoas\":\"Mais de 500\",\"p26_numerodepessoas\":\"100 - 200\",\"p27_espacopublico\":\"Espa\\u00e7o p\\u00fablico\",\"p27_espacoproprio\":\"Espa\\u00e7o pr\\u00f3prio\",\"p28_territorios\":\"Atua\\u00e7\\u00e3o Nacional\",\"p30_outrasorganizacoes\":\"Sim\",\"p32_campanhadelongaduracao\":\"N\\u00e3o\",\"p34_nacional\":\"Nacional\",\"p36_conselhosdeparticipacaoecontrolesocial\":\"Sim\",\"p38_nenhum\":\"Nenhum\",\"p40_editais\":\"Sim\",\"p41_autofinanciamento\":\"Autofinanciamento\",\"p41_financiamentocoletivo0\":\"Financiamento coletivo\",\"p42_meiodedivulgacaoproprio\":\"Sim\",\"p43_email\":\"E-mail\",\"p43_facebook\":\"Facebook\",\"p43_whatsapp\":\"WhatsApp\",\"p43_instagram\":\"Instagram\",\"p43_sitesblogs\":\"Blogs\\\/sites\",\"p44_radio\":\"TV\",\"p44_jornaisimpressosdegrandecirculacao\":\"Jornais impressos de grande circula\\u00e7\\u00e3o\",\"p44_jornaisimpressosdebairro\":\"Jornais impressos de bairro\",\"p44_redessociais\":\"Redes sociais (Facebook, YouTube, Instagram etc.)\",\"p44_sitesblogs\":\"Sites ou Blogs\",\"p39_publico\":\"CASAS-MATRIZ-AFRICANA\",\"p45_bandeira\":\"RELIGI\\u00c3O RACISMO DIREITOS HUMANOS\",\"p46_hashtags\":\"#NAOAINTOLERANCIA #NAOAORACISMO #DIREITOSHUMANOS\"},{\"p1_eixo\":\"Viol\\u00eancia\",\"p9_tipoorganizacao\":\"ONG\",\"p12_uf\":\"DF\",\"p13_cidade\":\"BRAS\\u00cdLIA\",\"p16_cidade\":\"Cidade\",\"p17_ano\":\"2005\",\"p16_estado\":\"Estado\",\"p18_agrario\":\"Agr\\u00e1rio\\\/ruralidades\",\"p18_comunicacao\":\"Comunica\\u00e7\\u00e3o\",\"p18_difusaoartistica\":\"Difus\\u00e3o Art\\u00edstica\",\"p18_desenvolvimentoterritorial\":\"Desenvolvimento territorial\",\"p18_direitoshumanos\":\"Direitos humanos\",\"p18_educacao\":\"Educa\\u00e7\\u00e3o\",\"p18_feminismos\":\"Feminismos\",\"p18_lgbtqi\":\"LGBTQI\",\"p18_lutaantirracismo\":\"Luta antirracismo\",\"p18_mobilidade\":\"Mobilidade\",\"p18_moradia\":\"Moradia\",\"p18_povosecomunidadestradicionais\":\"Povos e comunidades tradicionais\",\"p18_trabalho\":\"Trabalho\",\"p18_religiao\":\"Religi\\u00e3o\",\"p18_saude\":\"Sa\\u00fade\",\"p18_violencia\":\"Viol\\u00eancia\",\"p18_politicasculturais\":\"Pol\\u00edticas Culturais\",\"p19_direitoshumanos\":\"Direitos humanos\",\"p19_educacao\":\"Educa\\u00e7\\u00e3o\",\"p19_lgbtqi\":\"LGBTQI\",\"p19_saude\":\"Sa\\u00fade\",\"p19_violencia\":\"Viol\\u00eancia\",\"p19_difusaoartistica\":\"Difus\\u00e3o Art\\u00edstica\",\"p20_reunioes\":\"Reuni\\u00f5es\",\"p20_atendimento\":\"Atendimento\",\"p20_oficinas\":\"Oficinas\",\"p20_oficinasaulasartisticas\":\"Ensaios\\\/Oficinas\\\/Aulas art\\u00edsticas\",\"p20_formacao\":\"Forma\\u00e7\\u00e3o\",\"p20_profissionalizacao\":\"Profissionaliza\\u00e7\\u00e3o\",\"p21_repressaopolicial\":\"Repress\\u00e3o policial\",\"p21_racismo\":\"Racismo\",\"p21_lgbtqifobia\":\"LGBTIfobia\",\"p21_enfrentamentocomgruposprivadosarmados\":\"Enfrentamento com grupos privados armados\",\"p22_numerodeparticipantes\":\"1  - 15\",\"p23_reunioes\":\"Reuni\\u00f5es\",\"p23_atendimento\":\"Atendimento\",\"p23_oficinas\":\"Oficinas\",\"p23_oficinasaulasartisticas\":\"Ensaio\\\/Oficinas\\\/Aulas Art\\u00edsticas\",\"p23_apresentacoesartisticas\":\"Apresenta\\u00e7\\u00f5es Art\\u00edsticas\",\"p23_outros\":\"Outros\",\"p24_reunioes\":\"Reuni\\u00f5es\",\"p24_oficinasaulasartisticas\":\"Ensaios\\\/Oficinas\\\/Aulas art\\u00edsticas\",\"p24_formacao\":\"Forma\\u00e7\\u00e3o\",\"p24_outros\":\"Outros\",\"p25_numerodepessoas\":\"Mais de 500\",\"p26_numerodepessoas\":\"400 - 500\",\"p27_espacopublico\":\"Espa\\u00e7o p\\u00fablico\",\"p27_espacoemprestadocedido\":\"Espa\\u00e7o emprestado\\\/cedido\",\"p28_territorios\":\"Regi\\u00e3o da Cidade\",\"p30_outrasorganizacoes\":\"Sim\",\"p32_campanhadelongaduracao\":\"Sim\",\"p34_estadual\":\"Estadual\",\"p34_nacional\":\"Nacional\",\"p36_conselhosdeparticipacaoecontrolesocial\":\"N\\u00e3o\",\"p38_sim\":\"Sim\",\"p38_nenhum\":\"Nenhum\",\"p40_editais\":\"Sim\",\"p41_autofinanciamento\":\"Autofinanciamento\",\"p41_financiamentocoletivo0\":\"Financiamento coletivo\",\"p42_meiodedivulgacaoproprio\":\"Sim\",\"p43_impressoes\":\"Impressos\",\"p43_email\":\"E-mail\",\"p43_facebook\":\"Facebook\",\"p43_whatsapp\":\"WhatsApp\",\"p43_instagram\":\"Instagram\",\"p43_radio\":\"R\\u00e1dio\",\"p44_radio\":\"TV\",\"p44_jornaisimpressosdegrandecirculacao\":\"Jornais impressos de grande circula\\u00e7\\u00e3o\",\"p44_jornaisimpressosdebairro\":\"Jornais impressos de bairro\",\"p44_redessociais\":\"Redes sociais (Facebook, YouTube, Instagram etc.)\",\"p44_sitesblogs\":\"Sites ou Blogs\",\"p39_publico\":\"L\\u00cdCITAS IL\\u00cdCITAS MULHER AGRESS\\u00c3O\",\"p45_bandeira\":\"DIREITOS HUMANOS OCUPA\\u00c7\\u00c3O-ESPA\\u00c7OS PESSOAS-SITUA\\u00c7\\u00c3O-DE-RUA\",\"p46_hashtags\":\"#OCUPACAODEESPACO #DIREITOSHUMANOS #REDUCAODEDANOS\"},{\"p1_eixo\":\"Cultura\",\"p9_tipoorganizacao\":\"Coletivo Art\\u00edstico\",\"p12_uf\":\"BA\",\"p13_cidade\":\"SALVADOR\",\"p17_ano\":\"2011\",\"p16_estado\":\"Estado\",\"p18_comunicacao\":\"Comunica\\u00e7\\u00e3o\",\"p18_difusaoartistica\":\"Difus\\u00e3o Art\\u00edstica\",\"p18_desenvolvimentoterritorial\":\"Desenvolvimento territorial\",\"p18_direitoshumanos\":\"Direitos humanos\",\"p18_educacao\":\"Educa\\u00e7\\u00e3o\",\"p18_feminismos\":\"Feminismos\",\"p18_lgbtqi\":\"LGBTQI\",\"p18_lutaantirracismo\":\"Luta antirracismo\",\"p18_mobilidade\":\"Mobilidade\",\"p18_moradia\":\"Moradia\",\"p18_trabalho\":\"Trabalho\",\"p18_saude\":\"Sa\\u00fade\",\"p18_violencia\":\"Viol\\u00eancia\",\"p18_politicasculturais\":\"Pol\\u00edticas Culturais\",\"p19_direitoshumanos\":\"Direitos humanos\",\"p19_educacao\":\"Educa\\u00e7\\u00e3o\",\"p19_feminismos\":\"Feminismos\",\"p19_difusaoartistica\":\"Difus\\u00e3o Art\\u00edstica\",\"p20_reunioes\":\"Reuni\\u00f5es\",\"p20_oficinas\":\"Oficinas\",\"p20_oficinasaulasartisticas\":\"Ensaios\\\/Oficinas\\\/Aulas art\\u00edsticas\",\"p20_apresentacoesartisticas\":\"Apresenta\\u00e7\\u00f5es art\\u00edsticas\",\"p21_repressaopolicial\":\"Repress\\u00e3o policial\",\"p21_machismo\":\"Machismo\",\"p21_racismo\":\"Racismo\",\"p21_lgbtqifobia\":\"LGBTIfobia\",\"p21_enfrentamentocomgruposprivadosarmados\":\"Enfrentamento com grupos privados armados\",\"p22_numerodeparticipantes\":\"1  - 15\",\"p23_reunioes\":\"Reuni\\u00f5es\",\"p23_oficinas\":\"Oficinas\",\"p23_oficinasaulasartisticas\":\"Ensaio\\\/Oficinas\\\/Aulas Art\\u00edsticas\",\"p23_apresentacoesartisticas\":\"Apresenta\\u00e7\\u00f5es Art\\u00edsticas\",\"p23_outros\":\"Outros\",\"p24_reunioes\":\"Reuni\\u00f5es\",\"p24_oficinasaulasartisticas\":\"Ensaios\\\/Oficinas\\\/Aulas art\\u00edsticas\",\"p24_outros\":\"Outros\",\"p25_numerodepessoas\":\"1 - 20\",\"p26_numerodepessoas\":\"100 - 200\",\"p27_espacopublico\":\"Espa\\u00e7o p\\u00fablico\",\"p27_espacoemprestadocedido\":\"Espa\\u00e7o emprestado\\\/cedido\",\"p28_territorios\":\"Estado\",\"p30_outrasorganizacoes\":\"Sim\",\"p32_campanhadelongaduracao\":\"N\\u00e3o\",\"p34_estadual\":\"Estadual\",\"p34_nenhuma\":\"Nenhuma\",\"p36_conselhosdeparticipacaoecontrolesocial\":\"N\\u00e3o\",\"p38_sim\":\"Sim\",\"p38_nenhum\":\"Nenhum\",\"p40_editais\":\"N\\u00e3o\",\"p41_publicoestatal\":\"P\\u00fablico-Estatal\",\"p41_autofinanciamento\":\"Autofinanciamento\",\"p41_financiamentocoletivo0\":\"Financiamento coletivo\",\"p42_meiodedivulgacaoproprio\":\"N\\u00e3o\",\"p43_impressoes\":\"Impressos\",\"p43_facebook\":\"Facebook\",\"p43_instagram\":\"Instagram\",\"p43_sitesblogs\":\"Blogs\\\/sites\",\"p43_radio\":\"R\\u00e1dio\",\"p44_redessociais\":\"Redes sociais (Facebook, YouTube, Instagram etc.)\",\"p44_sitesblogs\":\"Sites ou Blogs\",\"p39_publico\":\"JUVENTUDE\",\"p45_bandeira\":\"DIREITOS HUMANOS COMUNICA\\u00c7\\u00c3O ARTE CULTURA\",\"p46_hashtags\":\"#CARAVANADETEATROITINERANTEDACHAPADADIAMANTINA #CONTRAREPRESSAOPOLICIAL #TEATRODECOMUNIDADE\"},{\"p1_eixo\":\"Cultura\",\"p9_tipoorganizacao\":\"Coletivo Art\\u00edstico\",\"p12_uf\":\"SP\",\"p13_cidade\":\"S\\u00c3O PAULO\",\"p16_nacional\":\"Nacional\",\"p17_ano\":\"2007\",\"p16_estado\":\"Estado\",\"p18_comunicacao\":\"Comunica\\u00e7\\u00e3o\",\"p18_difusaoartistica\":\"Difus\\u00e3o Art\\u00edstica\",\"p18_desenvolvimentoterritorial\":\"Desenvolvimento territorial\",\"p18_direitoshumanos\":\"Direitos humanos\",\"p18_educacao\":\"Educa\\u00e7\\u00e3o\",\"p18_feminismos\":\"Feminismos\",\"p18_lgbtqi\":\"LGBTQI\",\"p18_lutaantirracismo\":\"Luta antirracismo\",\"p18_mobilidade\":\"Mobilidade\",\"p18_moradia\":\"Moradia\",\"p18_povosecomunidadestradicionais\":\"Povos e comunidades tradicionais\",\"p18_trabalho\":\"Trabalho\",\"p18_religiao\":\"Religi\\u00e3o\",\"p18_saude\":\"Sa\\u00fade\",\"p18_violencia\":\"Viol\\u00eancia\",\"p18_politicasculturais\":\"Pol\\u00edticas Culturais\",\"p19_educacao\":\"Educa\\u00e7\\u00e3o\",\"p19_feminismos\":\"Feminismos\",\"p19_lgbtqi\":\"LGBTQI\",\"p19_religiao\":\"Religi\\u00e3o\",\"p19_difusaoartistica\":\"Difus\\u00e3o Art\\u00edstica\",\"p20_reunioes\":\"Reuni\\u00f5es\",\"p20_oficinas\":\"Oficinas\",\"p20_oficinasaulasartisticas\":\"Ensaios\\\/Oficinas\\\/Aulas art\\u00edsticas\",\"p20_apresentacoesartisticas\":\"Apresenta\\u00e7\\u00f5es art\\u00edsticas\",\"p21_repressaopolicial\":\"Repress\\u00e3o policial\",\"p21_intoleranciareligiosa\":\"Fundamentalismo\\\/intoler\\u00e2ncia religiosa\",\"p21_machismo\":\"Machismo\",\"p21_racismo\":\"Racismo\",\"p21_lgbtqifobia\":\"LGBTIfobia\",\"p21_enfrentamentocomgruposprivadosarmados\":\"Enfrentamento com grupos privados armados\",\"p22_numerodeparticipantes\":\"1  - 15\",\"p23_reunioes\":\"Reuni\\u00f5es\",\"p23_oficinas\":\"Oficinas\",\"p23_oficinasaulasartisticas\":\"Ensaio\\\/Oficinas\\\/Aulas Art\\u00edsticas\",\"p23_apresentacoesartisticas\":\"Apresenta\\u00e7\\u00f5es Art\\u00edsticas\",\"p24_oficinasaulasartisticas\":\"Ensaios\\\/Oficinas\\\/Aulas art\\u00edsticas\",\"p24_outros\":\"Outros\",\"p25_numerodepessoas\":\"100 - 200\",\"p26_numerodepessoas\":\"1 - 20\",\"p27_espacopublico\":\"Espa\\u00e7o p\\u00fablico\",\"p27_espacoemprestadocedido\":\"Espa\\u00e7o emprestado\\\/cedido\",\"p28_territorios\":\"Estado\",\"p30_outrasorganizacoes\":\"N\\u00e3o\",\"p32_campanhadelongaduracao\":\"N\\u00e3o\",\"p34_nenhuma\":\"Nenhuma\",\"p36_conselhosdeparticipacaoecontrolesocial\":\"N\\u00e3o\",\"p38_nenhum\":\"Nenhum\",\"p40_editais\":\"Sim\",\"p41_publicoestatal\":\"P\\u00fablico-Estatal\",\"p41_autofinanciamento\":\"Autofinanciamento\",\"p42_meiodedivulgacaoproprio\":\"Sim\",\"p43_email\":\"E-mail\",\"p43_facebook\":\"Facebook\",\"p43_instagram\":\"Instagram\",\"p43_sitesblogs\":\"Blogs\\\/sites\",\"p44_jornaisimpressosdebairro\":\"Jornais impressos de bairro\",\"p44_redessociais\":\"Redes sociais (Facebook, YouTube, Instagram etc.)\",\"p44_sitesblogs\":\"Sites ou Blogs\",\"p39_publico\":\"TODOS\",\"p45_bandeira\":\"FEMINISMO TEATRO CONSCIENCIA CLASSE\",\"p46_hashtags\":\"#MULHERESPALHACAS #COMICIDADEFEMININA #FEMINISMO\"},{\"p1_eixo\":\"Cultura\",\"p9_tipoorganizacao\":\"Coletivo\",\"p12_uf\":\"SP\",\"p13_cidade\":\"S\\u00c3O PAULO\",\"p16_bairro\":\"Bairro\",\"p16_nacional\":\"Nacional\",\"p17_ano\":\"2016\",\"p18_comunicacao\":\"Comunica\\u00e7\\u00e3o\",\"p18_difusaoartistica\":\"Difus\\u00e3o Art\\u00edstica\",\"p18_desenvolvimentoterritorial\":\"Desenvolvimento territorial\",\"p18_direitoshumanos\":\"Direitos humanos\",\"p18_educacao\":\"Educa\\u00e7\\u00e3o\",\"p18_feminismos\":\"Feminismos\",\"p18_lgbtqi\":\"LGBTQI\",\"p18_lutaantirracismo\":\"Luta antirracismo\",\"p18_moradia\":\"Moradia\",\"p18_povosecomunidadestradicionais\":\"Povos e comunidades tradicionais\",\"p18_trabalho\":\"Trabalho\",\"p18_religiao\":\"Religi\\u00e3o\",\"p18_saude\":\"Sa\\u00fade\",\"p18_violencia\":\"Viol\\u00eancia\",\"p18_politicasculturais\":\"Pol\\u00edticas Culturais\",\"p19_desenvolvimentoterritorial\":\"Desenvolvimento territorial\",\"p19_educacao\":\"Educa\\u00e7\\u00e3o\",\"p19_feminismos\":\"Feminismos\",\"p19_lgbtqi\":\"LGBTQI\",\"p19_religiao\":\"Religi\\u00e3o\",\"p19_politicasculturais\":\"Pol\\u00edticas Culturais\",\"p20_oficinas\":\"Oficinas\",\"p20_oficinasaulasartisticas\":\"Ensaios\\\/Oficinas\\\/Aulas art\\u00edsticas\",\"p20_apresentacoesartisticas\":\"Apresenta\\u00e7\\u00f5es art\\u00edsticas\",\"p21_repressaopolicial\":\"Repress\\u00e3o policial\",\"p21_intoleranciareligiosa\":\"Fundamentalismo\\\/intoler\\u00e2ncia religiosa\",\"p21_machismo\":\"Machismo\",\"p21_racismo\":\"Racismo\",\"p21_lgbtqifobia\":\"LGBTIfobia\",\"p21_enfrentamentocomgruposprivadosarmados\":\"Enfrentamento com grupos privados armados\",\"p22_numerodeparticipantes\":\"1  - 15\",\"p23_oficinas\":\"Oficinas\",\"p23_oficinasaulasartisticas\":\"Ensaio\\\/Oficinas\\\/Aulas Art\\u00edsticas\",\"p23_apresentacoesartisticas\":\"Apresenta\\u00e7\\u00f5es Art\\u00edsticas\",\"p24_apresentacoesartisticas\":\"Apresenta\\u00e7\\u00f5es art\\u00edsticas\",\"p24_outros\":\"Outros\",\"p25_numerodepessoas\":\"80 - 100\",\"p26_numerodepessoas\":\"40 - 60\",\"p27_espacopublico\":\"Espa\\u00e7o p\\u00fablico\",\"p27_espacoemprestadocedido\":\"Espa\\u00e7o emprestado\\\/cedido\",\"p28_territorios\":\"Atua\\u00e7\\u00e3o Nacional\",\"p30_outrasorganizacoes\":\"Sim\",\"p32_campanhadelongaduracao\":\"N\\u00e3o\",\"p34_nenhuma\":\"Nenhuma\",\"p36_conselhosdeparticipacaoecontrolesocial\":\"N\\u00e3o\",\"p38_nenhum\":\"Nenhum\",\"p40_editais\":\"N\\u00e3o\",\"p41_privadopj\":\"Privado (P. Jur\\u00eddica)\",\"p41_autofinanciamento\":\"Autofinanciamento\",\"p42_meiodedivulgacaoproprio\":\"Sim\",\"p43_email\":\"E-mail\",\"p43_facebook\":\"Facebook\",\"p43_instagram\":\"Instagram\",\"p44_jornaisimpressosdebairro\":\"Jornais impressos de bairro\",\"p44_redessociais\":\"Redes sociais (Facebook, YouTube, Instagram etc.)\",\"p44_sitesblogs\":\"Sites ou Blogs\",\"p39_publico\":\"POPULA\\u00c7\\u00c3O PERIF\\u00c9RICA\",\"p45_bandeira\":\"LUTA ANTIRRACISMO ANTI-MACHISMO LUTA ANTI-REPRESS\\u00c3O\",\"p46_hashtags\":\"#HIPHOPEDOPRETO #PROJETOPRETOVAI\"},{\"p1_eixo\":\"Cultura\",\"p9_tipoorganizacao\":\"Coletivo Art\\u00edstico\",\"p12_uf\":\"SP\",\"p13_cidade\":\"S\\u00c3O PAULO\",\"p16_bairro\":\"Bairro\",\"p17_ano\":\"2015\",\"p16_estado\":\"Estado\",\"p18_comunicacao\":\"Comunica\\u00e7\\u00e3o\",\"p18_difusaoartistica\":\"Difus\\u00e3o Art\\u00edstica\",\"p18_desenvolvimentoterritorial\":\"Desenvolvimento territorial\",\"p18_direitoshumanos\":\"Direitos humanos\",\"p18_educacao\":\"Educa\\u00e7\\u00e3o\",\"p18_feminismos\":\"Feminismos\",\"p18_lgbtqi\":\"LGBTQI\",\"p18_lutaantirracismo\":\"Luta antirracismo\",\"p18_mobilidade\":\"Mobilidade\",\"p18_povosecomunidadestradicionais\":\"Povos e comunidades tradicionais\",\"p18_religiao\":\"Religi\\u00e3o\",\"p18_saude\":\"Sa\\u00fade\",\"p18_violencia\":\"Viol\\u00eancia\",\"p18_politicasculturais\":\"Pol\\u00edticas Culturais\",\"p19_desenvolvimentoterritorial\":\"Desenvolvimento territorial\",\"p19_direitoshumanos\":\"Direitos humanos\",\"p19_educacao\":\"Educa\\u00e7\\u00e3o\",\"p19_feminismos\":\"Feminismos\",\"p19_violencia\":\"Viol\\u00eancia\",\"p19_politicasculturais\":\"Pol\\u00edticas Culturais\",\"p20_atendimento\":\"Atendimento\",\"p20_apresentacoesartisticas\":\"Apresenta\\u00e7\\u00f5es art\\u00edsticas\",\"p21_intoleranciareligiosa\":\"Fundamentalismo\\\/intoler\\u00e2ncia religiosa\",\"p21_racismo\":\"Racismo\",\"p22_numerodeparticipantes\":\"1  - 15\",\"p23_atendimento\":\"Atendimento\",\"p23_apresentacoesartisticas\":\"Apresenta\\u00e7\\u00f5es Art\\u00edsticas\",\"p23_outros\":\"Outros\",\"p24_apresentacoesartisticas\":\"Apresenta\\u00e7\\u00f5es art\\u00edsticas\",\"p24_outros\":\"Outros\",\"p25_numerodepessoas\":\"Mais de 500\",\"p26_numerodepessoas\":\"Mais de 500\",\"p27_espacopublico\":\"Espa\\u00e7o p\\u00fablico\",\"p27_espacoproprio\":\"Espa\\u00e7o pr\\u00f3prio\",\"p28_territorios\":\"Cidade\",\"p30_outrasorganizacoes\":\"Sim\",\"p32_campanhadelongaduracao\":\"N\\u00e3o\",\"p34_nacional\":\"Nacional\",\"p34_nenhuma\":\"Nenhuma\",\"p36_conselhosdeparticipacaoecontrolesocial\":\"N\\u00e3o\",\"p38_sim\":\"Sim\",\"p38_nenhum\":\"Nenhum\",\"p40_editais\":\"N\\u00e3o\",\"p41_publicoestatal\":\"P\\u00fablico-Estatal\",\"p41_privadopj\":\"Privado (P. Jur\\u00eddica)\",\"p41_autofinanciamento\":\"Autofinanciamento\",\"p42_meiodedivulgacaoproprio\":\"N\\u00e3o\",\"p43_email\":\"E-mail\",\"p43_facebook\":\"Facebook\",\"p43_sitesblogs\":\"Blogs\\\/sites\",\"p43_radio\":\"R\\u00e1dio\",\"p44_radio\":\"R\\u00e1dio\",\"p44_redessociais\":\"Redes sociais (Facebook, YouTube, Instagram etc.)\",\"p44_sitesblogs\":\"Sites ou Blogs\",\"p39_publico\":\"FAMILIAR\",\"p45_bandeira\":\"ENTRETENIMENTO ESPA\\u00c7O-CULTURA M\\u00daSICA\",\"p46_hashtags\":\"#PODEVALERAPENA #PARTICIPACAO\"},{\"p1_eixo\":\"Viol\\u00eancia\",\"p9_tipoorganizacao\":\"Associa\\u00e7\\u00e3o\",\"p12_uf\":\"AC\",\"p13_cidade\":\"RIO BRANCO\",\"p16_cidade\":\"Cidade\",\"p17_ano\":\"Anterior a 1980\",\"p16_estado\":\"Estado\",\"p18_comunicacao\":\"Comunica\\u00e7\\u00e3o\",\"p18_direitoshumanos\":\"Direitos humanos\",\"p18_educacao\":\"Educa\\u00e7\\u00e3o\",\"p18_feminismos\":\"Feminismos\",\"p18_lgbtqi\":\"LGBTQI\",\"p18_lutaantirracismo\":\"Luta antirracismo\",\"p18_mobilidade\":\"Mobilidade\",\"p18_saude\":\"Sa\\u00fade\",\"p18_violencia\":\"Viol\\u00eancia\",\"p18_politicasculturais\":\"Pol\\u00edticas Culturais\",\"p19_direitoshumanos\":\"Direitos humanos\",\"p19_feminismos\":\"Feminismos\",\"p19_saude\":\"Sa\\u00fade\",\"p19_violencia\":\"Viol\\u00eancia\",\"p20_reunioes\":\"Reuni\\u00f5es\",\"p20_atendimento\":\"Atendimento\",\"p20_oficinas\":\"Oficinas\",\"p20_oficinasaulasartisticas\":\"Ensaios\\\/Oficinas\\\/Aulas art\\u00edsticas\",\"p20_formacao\":\"Forma\\u00e7\\u00e3o\",\"p20_profissionalizacao\":\"Profissionaliza\\u00e7\\u00e3o\",\"p20_visitasexcursoes\":\"Visitas\\\/Excurs\\u00f5es\",\"p21_intoleranciareligiosa\":\"Fundamentalismo\\\/intoler\\u00e2ncia religiosa\",\"p21_machismo\":\"Machismo\",\"p22_numerodeparticipantes\":\"15 - 30\",\"p23_reunioes\":\"Reuni\\u00f5es\",\"p23_atendimento\":\"Atendimento\",\"p23_oficinas\":\"Oficinas\",\"p23_cursos\":\"Cursos\",\"p23_formacao\":\"Forma\\u00e7\\u00e3o\",\"p23_profissionalizacao\":\"Profissionaliza\\u00e7\\u00e3o\",\"p23_visitas\":\"Visitas\",\"p23_outros\":\"Outros\",\"p24_reunioes\":\"Reuni\\u00f5es\",\"p24_atendimento\":\"Atendimentos\",\"p24_oficinas\":\"Oficinas\",\"p24_curso\":\"Curso\",\"p24_formacao\":\"Forma\\u00e7\\u00e3o\",\"p24_profissionalizacao\":\"Profissionaliza\\u00e7\\u00e3o\",\"p24_outros\":\"Outros\",\"p25_numerodepessoas\":\"1 - 20\",\"p26_numerodepessoas\":\"1 - 20\",\"p27_espacopublico\":\"Espa\\u00e7o p\\u00fablico\",\"p27_espacoemprestadocedido\":\"Espa\\u00e7o emprestado\\\/cedido\",\"p27_espacoproprio\":\"Espa\\u00e7o pr\\u00f3prio\",\"p28_territorios\":\"Estado\",\"p30_outrasorganizacoes\":\"Sim\",\"p32_campanhadelongaduracao\":\"Sim\",\"p34_nacional\":\"Nacional\",\"p34_nenhuma\":\"Nenhuma\",\"p36_conselhosdeparticipacaoecontrolesocial\":\"Sim\",\"p38_sim\":\"Sim\",\"p38_nenhum\":\"Nenhum\",\"p40_editais\":\"Sim\",\"p41_publicoestatal\":\"P\\u00fablico-Estatal\",\"p41_privadopf\":\"Privado (P. F\\u00edsica)\",\"p42_meiodedivulgacaoproprio\":\"Sim\",\"p43_email\":\"E-mail\",\"p43_facebook\":\"Facebook\",\"p43_whatsapp\":\"WhatsApp\",\"p43_instagram\":\"Instagram\",\"p43_sitesblogs\":\"Blogs\\\/sites\",\"p43_radio\":\"R\\u00e1dio\",\"p44_radio\":\"R\\u00e1dio\",\"p44_redessociais\":\"Redes sociais (Facebook, YouTube, Instagram etc.)\",\"p44_sitesblogs\":\"Sites ou Blogs\",\"p39_publico\":\"MULHERES TESTEMUNHAS VIOLA\\u00c7\\u00d5ES DIREITOS HUMANOS CRIAN\\u00c7AS ADOLESCENTES\",\"p45_bandeira\":\"EDUCA\\u00c7\\u00c3O DIREITOS HUMANOS\",\"p46_hashtags\":\"#EDUCACAOEMDIREITOSHUMANOS\"},{\"p1_eixo\":\"Viol\\u00eancia\",\"p9_tipoorganizacao\":\"Coletivo\",\"p12_uf\":\"MG\",\"p13_cidade\":\"MONTES CLAROS\",\"p16_cidade\":\"Cidade\",\"p17_ano\":\"2019\",\"p18_direitoshumanos\":\"Direitos humanos\",\"p18_educacao\":\"Educa\\u00e7\\u00e3o\",\"p18_feminismos\":\"Feminismos\",\"p18_lutaantirracismo\":\"Luta antirracismo\",\"p18_povosecomunidadestradicionais\":\"Povos e comunidades tradicionais\",\"p18_trabalho\":\"Trabalho\",\"p18_religiao\":\"Religi\\u00e3o\",\"p18_saude\":\"Sa\\u00fade\",\"p18_violencia\":\"Viol\\u00eancia\",\"p18_politicasculturais\":\"Pol\\u00edticas Culturais\",\"p19_direitoshumanos\":\"Direitos humanos\",\"p19_educacao\":\"Educa\\u00e7\\u00e3o\",\"p19_lutaantirracismo\":\"Luta antirracismo\",\"p19_saude\":\"Sa\\u00fade\",\"p19_violencia\":\"Viol\\u00eancia\",\"p20_reunioes\":\"Reuni\\u00f5es\",\"p20_atendimento\":\"Atendimento\",\"p20_oficinas\":\"Oficinas\",\"p20_oficinasaulasartisticas\":\"Ensaios\\\/Oficinas\\\/Aulas art\\u00edsticas\",\"p20_formacao\":\"Forma\\u00e7\\u00e3o\",\"p20_profissionalizacao\":\"Profissionaliza\\u00e7\\u00e3o\",\"p20_visitasexcursoes\":\"Visitas\\\/Excurs\\u00f5es\",\"p21_intoleranciareligiosa\":\"Fundamentalismo\\\/intoler\\u00e2ncia religiosa\",\"p21_xenofobia\":\"Xenofobia\",\"p21_machismo\":\"Machismo\",\"p21_racismo\":\"Racismo\",\"p22_numerodeparticipantes\":\"15 - 30\",\"p23_reunioes\":\"Reuni\\u00f5es\",\"p23_atendimento\":\"Atendimento\",\"p23_oficinas\":\"Oficinas\",\"p23_oficinasaulasartisticas\":\"Ensaio\\\/Oficinas\\\/Aulas Art\\u00edsticas\",\"p23_cursos\":\"Cursos\",\"p23_formacao\":\"Forma\\u00e7\\u00e3o\",\"p23_profissionalizacao\":\"Profissionaliza\\u00e7\\u00e3o\",\"p23_visitas\":\"Visitas\",\"p23_outros\":\"Outros\",\"p24_reunioes\":\"Reuni\\u00f5es\",\"p24_atendimento\":\"Atendimentos\",\"p24_oficinas\":\"Oficinas\",\"p24_curso\":\"Curso\",\"p24_formacao\":\"Forma\\u00e7\\u00e3o\",\"p24_profissionalizacao\":\"Profissionaliza\\u00e7\\u00e3o\",\"p24_outros\":\"Outros\",\"p25_numerodepessoas\":\"20 - 40\",\"p26_numerodepessoas\":\"20 - 40\",\"p27_espacoemprestadocedido\":\"Espa\\u00e7o emprestado\\\/cedido\",\"p28_territorios\":\"Cidade\",\"p30_outrasorganizacoes\":\"Sim\",\"p32_campanhadelongaduracao\":\"Sim\",\"p34_nenhuma\":\"Nenhuma\",\"p36_conselhosdeparticipacaoecontrolesocial\":\"N\\u00e3o\",\"p38_sim\":\"Sim\",\"p38_nenhum\":\"Nenhum\",\"p40_editais\":\"N\\u00e3o\",\"p41_privadopf\":\"Privado (P. F\\u00edsica)\",\"p41_autofinanciamento\":\"Autofinanciamento\",\"p41_financiamentocoletivo0\":\"Financiamento coletivo\",\"p42_meiodedivulgacaoproprio\":\"Sim\",\"p43_email\":\"E-mail\",\"p43_facebook\":\"Facebook\",\"p43_whatsapp\":\"WhatsApp\",\"p43_instagram\":\"Instagram\",\"p44_radio\":\"TV\",\"p44_jornaisimpressosdegrandecirculacao\":\"Jornais impressos de grande circula\\u00e7\\u00e3o\",\"p44_jornaisimpressosdebairro\":\"Jornais impressos de bairro\",\"p44_redessociais\":\"Redes sociais (Facebook, YouTube, Instagram etc.)\",\"p44_sitesblogs\":\"Sites ou Blogs\",\"p39_publico\":\"MULHERES\",\"p45_bandeira\":\"FEMINISMO EMPREENDEDORISMO EMPODERAMENTO\",\"p46_hashtags\":\"#AUTOESTIMA #EMPODERAMENTO #SORORIDADE\"},{\"p1_eixo\":\"Viol\\u00eancia\",\"p9_tipoorganizacao\":\"ONG\",\"p12_uf\":\"SC\",\"p13_cidade\":\"CRICI\\u00daMA\",\"p16_cidade\":\"Cidade\",\"p17_ano\":\"1998\",\"p16_estado\":\"Estado\",\"p18_comunicacao\":\"Comunica\\u00e7\\u00e3o\",\"p18_difusaoartistica\":\"Difus\\u00e3o Art\\u00edstica\",\"p18_direitoshumanos\":\"Direitos humanos\",\"p18_educacao\":\"Educa\\u00e7\\u00e3o\",\"p18_feminismos\":\"Feminismos\",\"p18_lgbtqi\":\"LGBTQI\",\"p18_lutaantirracismo\":\"Luta antirracismo\",\"p18_mobilidade\":\"Mobilidade\",\"p18_moradia\":\"Moradia\",\"p18_povosecomunidadestradicionais\":\"Povos e comunidades tradicionais\",\"p18_trabalho\":\"Trabalho\",\"p18_religiao\":\"Religi\\u00e3o\",\"p18_saude\":\"Sa\\u00fade\",\"p18_violencia\":\"Viol\\u00eancia\",\"p18_politicasculturais\":\"Pol\\u00edticas Culturais\",\"p19_direitoshumanos\":\"Direitos humanos\",\"p19_educacao\":\"Educa\\u00e7\\u00e3o\",\"p19_feminismos\":\"Feminismos\",\"p19_lutaantirracismo\":\"Luta antirracismo\",\"p19_saude\":\"Sa\\u00fade\",\"p19_difusaoartistica\":\"Difus\\u00e3o Art\\u00edstica\",\"p20_reunioes\":\"Reuni\\u00f5es\",\"p20_oficinas\":\"Oficinas\",\"p20_oficinasaulasartisticas\":\"Ensaios\\\/Oficinas\\\/Aulas art\\u00edsticas\",\"p20_formacao\":\"Forma\\u00e7\\u00e3o\",\"p20_apresentacoesartisticas\":\"Apresenta\\u00e7\\u00f5es art\\u00edsticas\",\"p20_visitasexcursoes\":\"Visitas\\\/Excurs\\u00f5es\",\"p21_intoleranciareligiosa\":\"Fundamentalismo\\\/intoler\\u00e2ncia religiosa\",\"p21_xenofobia\":\"Xenofobia\",\"p21_machismo\":\"Machismo\",\"p21_racismo\":\"Racismo\",\"p22_numerodeparticipantes\":\"1  - 15\",\"p23_reunioes\":\"Reuni\\u00f5es\",\"p23_oficinas\":\"Oficinas\",\"p23_oficinasaulasartisticas\":\"Ensaio\\\/Oficinas\\\/Aulas Art\\u00edsticas\",\"p23_cursos\":\"Cursos\",\"p23_formacao\":\"Forma\\u00e7\\u00e3o\",\"p23_visitas\":\"Visitas\",\"p23_outros\":\"Outros\",\"p24_reunioes\":\"Reuni\\u00f5es\",\"p24_apresentacoesartisticas\":\"Apresenta\\u00e7\\u00f5es art\\u00edsticas\",\"p24_visitasexcursoes\":\"Visitas\\\/Excurs\\u00f5es\",\"p24_outros\":\"Outros\",\"p25_numerodepessoas\":\"40 - 60\",\"p26_numerodepessoas\":\"100 - 200\",\"p27_espacopublico\":\"Espa\\u00e7o p\\u00fablico\",\"p27_espacoemprestadocedido\":\"Espa\\u00e7o emprestado\\\/cedido\",\"p27_ocupacao\":\"Ocupa\\u00e7\\u00e3o\",\"p28_territorios\":\"Cidade\",\"p30_outrasorganizacoes\":\"Sim\",\"p32_campanhadelongaduracao\":\"Sim\",\"p34_internacional\":\"Internacional\",\"p34_nenhuma\":\"Nenhuma\",\"p36_conselhosdeparticipacaoecontrolesocial\":\"Sim\",\"p38_sim\":\"Sim\",\"p40_editais\":\"Sim\",\"p41_autofinanciamento\":\"Autofinanciamento\",\"p41_financiamentocoletivo0\":\"Financiamento coletivo\",\"p42_meiodedivulgacaoproprio\":\"Sim\",\"p43_email\":\"E-mail\",\"p43_facebook\":\"Facebook\",\"p43_nenhum\":\"Nenhum\",\"p44_radio\":\"TV\",\"p44_jornaisimpressosdegrandecirculacao\":\"Jornais impressos de grande circula\\u00e7\\u00e3o\",\"p44_jornaisimpressosdebairro\":\"Jornais impressos de bairro\",\"p44_redessociais\":\"Redes sociais (Facebook, YouTube, Instagram etc.)\",\"p44_sitesblogs\":\"Sites ou Blogs\",\"p39_publico\":\"POPULA\\u00c7\\u00c3O NEGRA\",\"p45_bandeira\":\"COMBATE RACISMO LUTA LUTA SA\\u00daDE LUTA EDUCA\\u00c7\\u00c3O COMBATE VIOL\\u00caNCIA\",\"p46_hashtags\":\"#LUTA #RESISTENCIA #MULHER\"},{\"p1_eixo\":\"Trabalho\",\"p9_tipoorganizacao\":\"Coletivo Art\\u00edstico\",\"p12_uf\":\"MG\",\"p13_cidade\":\"BELO HORIZONTE, S\\u00c3O BR\\u00c1S DO SUA\\u00c7U\\u00cd, ENTRE RIOS DE MINAS, SANTA LUZIA, BRUMADINHO\",\"p16_cidade\":\"Cidade\",\"p17_ano\":\"2015\",\"p16_estado\":\"Estado\",\"p18_comunicacao\":\"Comunica\\u00e7\\u00e3o\",\"p18_difusaoartistica\":\"Difus\\u00e3o Art\\u00edstica\",\"p18_direitoshumanos\":\"Direitos humanos\",\"p18_educacao\":\"Educa\\u00e7\\u00e3o\",\"p18_feminismos\":\"Feminismos\",\"p18_lgbtqi\":\"LGBTQI\",\"p18_lutaantirracismo\":\"Luta antirracismo\",\"p18_mobilidade\":\"Mobilidade\",\"p18_moradia\":\"Moradia\",\"p18_povosecomunidadestradicionais\":\"Povos e comunidades tradicionais\",\"p18_trabalho\":\"Trabalho\",\"p18_religiao\":\"Religi\\u00e3o\",\"p18_saude\":\"Sa\\u00fade\",\"p18_violencia\":\"Viol\\u00eancia\",\"p18_politicasculturais\":\"Pol\\u00edticas Culturais\",\"p19_direitoshumanos\":\"Direitos humanos\",\"p19_feminismos\":\"Feminismos\",\"p19_difusaoartistica\":\"Difus\\u00e3o Art\\u00edstica\",\"p19_politicasculturais\":\"Pol\\u00edticas Culturais\",\"p20_reunioes\":\"Reuni\\u00f5es\",\"p20_oficinas\":\"Oficinas\",\"p20_oficinasaulasartisticas\":\"Ensaios\\\/Oficinas\\\/Aulas art\\u00edsticas\",\"p20_apresentacoesartisticas\":\"Apresenta\\u00e7\\u00f5es art\\u00edsticas\",\"p20_visitasexcursoes\":\"Visitas\\\/Excurs\\u00f5es\",\"p21_repressaopolicial\":\"Repress\\u00e3o policial\",\"p21_intoleranciareligiosa\":\"Fundamentalismo\\\/intoler\\u00e2ncia religiosa\",\"p21_xenofobia\":\"Xenofobia\",\"p21_machismo\":\"Machismo\",\"p21_racismo\":\"Racismo\",\"p21_lgbtqifobia\":\"LGBTIfobia\",\"p22_numerodeparticipantes\":\"15 - 30\",\"p23_oficinas\":\"Oficinas\",\"p23_oficinasaulasartisticas\":\"Ensaio\\\/Oficinas\\\/Aulas Art\\u00edsticas\",\"p23_apresentacoesartisticas\":\"Apresenta\\u00e7\\u00f5es Art\\u00edsticas\",\"p23_visitas\":\"Visitas\",\"p23_outros\":\"Outros\",\"p24_reunioes\":\"Reuni\\u00f5es\",\"p24_apresentacoesartisticas\":\"Apresenta\\u00e7\\u00f5es art\\u00edsticas\",\"p24_visitasexcursoes\":\"Visitas\\\/Excurs\\u00f5es\",\"p24_outros\":\"Outros\",\"p25_numerodepessoas\":\"20 - 40\",\"p26_numerodepessoas\":\"100 - 200\",\"p27_espacopublico\":\"Espa\\u00e7o p\\u00fablico\",\"p27_espacoemprestadocedido\":\"Espa\\u00e7o emprestado\\\/cedido\",\"p27_espacoproprio\":\"Espa\\u00e7o pr\\u00f3prio\",\"p27_ocupacao\":\"Ocupa\\u00e7\\u00e3o\",\"p28_territorios\":\"Cidade\",\"p30_outrasorganizacoes\":\"Sim\",\"p32_campanhadelongaduracao\":\"Sim\",\"p34_estadual\":\"Estadual\",\"p34_nacional\":\"Nacional\",\"p34_internacional\":\"Internacional\",\"p36_conselhosdeparticipacaoecontrolesocial\":\"N\\u00e3o\",\"p38_sim\":\"Sim\",\"p38_nenhum\":\"Nenhum\",\"p40_editais\":\"Sim\",\"p41_publicoestatal\":\"P\\u00fablico-Estatal\",\"p41_privadopj\":\"Privado (P. Jur\\u00eddica)\",\"p41_autofinanciamento\":\"Autofinanciamento\",\"p41_financiamentocoletivo0\":\"Financiamento coletivo\",\"p42_meiodedivulgacaoproprio\":\"Sim\",\"p43_impressoes\":\"Impressos\",\"p43_email\":\"E-mail\",\"p43_facebook\":\"Facebook\",\"p43_instagram\":\"Instagram\",\"p43_nenhum\":\"Nenhum\",\"p44_radio\":\"TV\",\"p44_jornaisimpressosdegrandecirculacao\":\"Jornais impressos de grande circula\\u00e7\\u00e3o\",\"p44_jornaisimpressosdebairro\":\"Jornais impressos de bairro\",\"p44_redessociais\":\"Redes sociais (Facebook, YouTube, Instagram etc.)\",\"p44_sitesblogs\":\"Sites ou Blogs\",\"p39_publico\":\"MULHERES\",\"p45_bandeira\":\"FEMINISMO VEGETARIANISMO DIFUS\\u00c3O ARTE\",\"p46_hashtags\":\"#FEMINISMO #VEGETARIANISMO #DIFUSAODAARTE\"},{\"p1_eixo\":\"Cultura\",\"p9_tipoorganizacao\":\"Associa\\u00e7\\u00e3o\",\"p12_uf\":\"RR\",\"p13_cidade\":\"BOA VISTA\",\"p16_cidade\":\"Cidade\",\"p17_ano\":\"1993\",\"p16_estado\":\"Estado\",\"p18_comunicacao\":\"Comunica\\u00e7\\u00e3o\",\"p18_difusaoartistica\":\"Difus\\u00e3o Art\\u00edstica\",\"p18_desenvolvimentoterritorial\":\"Desenvolvimento territorial\",\"p18_direitoshumanos\":\"Direitos humanos\",\"p18_educacao\":\"Educa\\u00e7\\u00e3o\",\"p18_feminismos\":\"Feminismos\",\"p18_lgbtqi\":\"LGBTQI\",\"p18_lutaantirracismo\":\"Luta antirracismo\",\"p18_mobilidade\":\"Mobilidade\",\"p18_povosecomunidadestradicionais\":\"Povos e comunidades tradicionais\",\"p18_trabalho\":\"Trabalho\",\"p18_saude\":\"Sa\\u00fade\",\"p18_violencia\":\"Viol\\u00eancia\",\"p18_politicasculturais\":\"Pol\\u00edticas Culturais\",\"p19_educacao\":\"Educa\\u00e7\\u00e3o\",\"p19_feminismos\":\"Feminismos\",\"p19_difusaoartistica\":\"Difus\\u00e3o Art\\u00edstica\",\"p19_politicasculturais\":\"Pol\\u00edticas Culturais\",\"p20_oficinas\":\"Oficinas\",\"p20_oficinasaulasartisticas\":\"Ensaios\\\/Oficinas\\\/Aulas art\\u00edsticas\",\"p20_apresentacoesartisticas\":\"Apresenta\\u00e7\\u00f5es art\\u00edsticas\",\"p20_visitasexcursoes\":\"Visitas\\\/Excurs\\u00f5es\",\"p21_repressaopolicial\":\"Repress\\u00e3o policial\",\"p21_intoleranciareligiosa\":\"Fundamentalismo\\\/intoler\\u00e2ncia religiosa\",\"p21_machismo\":\"Machismo\",\"p21_racismo\":\"Racismo\",\"p21_lgbtqifobia\":\"LGBTIfobia\",\"p22_numerodeparticipantes\":\"1  - 15\",\"p23_oficinas\":\"Oficinas\",\"p23_oficinasaulasartisticas\":\"Ensaio\\\/Oficinas\\\/Aulas Art\\u00edsticas\",\"p23_apresentacoesartisticas\":\"Apresenta\\u00e7\\u00f5es Art\\u00edsticas\",\"p23_visitas\":\"Visitas\",\"p23_outros\":\"Outros\",\"p24_oficinas\":\"Oficinas\",\"p24_oficinasaulasartisticas\":\"Ensaios\\\/Oficinas\\\/Aulas art\\u00edsticas\",\"p24_outros\":\"Outros\",\"p25_numerodepessoas\":\"20 - 40\",\"p26_numerodepessoas\":\"40 - 60\",\"p27_espacoemprestadocedido\":\"Espa\\u00e7o emprestado\\\/cedido\",\"p27_espacoproprio\":\"Espa\\u00e7o pr\\u00f3prio\",\"p28_territorios\":\"Regi\\u00e3o da Cidade\",\"p30_outrasorganizacoes\":\"Sim\",\"p32_campanhadelongaduracao\":\"N\\u00e3o\",\"p34_estadual\":\"Estadual\",\"p34_nacional\":\"Nacional\",\"p36_conselhosdeparticipacaoecontrolesocial\":\"Sim\",\"p38_nenhum\":\"Nenhum\",\"p40_editais\":\"Sim\",\"p41_publicoestatal\":\"P\\u00fablico-Estatal\",\"p41_privadopf\":\"Privado (P. F\\u00edsica)\",\"p41_privadopj\":\"Privado (P. Jur\\u00eddica)\",\"p41_autofinanciamento\":\"Autofinanciamento\",\"p41_financiamentocoletivo0\":\"Financiamento coletivo\",\"p42_meiodedivulgacaoproprio\":\"Sim\",\"p43_impressoes\":\"Impressos\",\"p43_email\":\"E-mail\",\"p43_facebook\":\"Facebook\",\"p43_instagram\":\"Instagram\",\"p43_sitesblogs\":\"Blogs\\\/sites\",\"p44_radio\":\"TV\",\"p44_jornaisimpressosdegrandecirculacao\":\"Jornais impressos de grande circula\\u00e7\\u00e3o\",\"p44_jornaisimpressosdebairro\":\"Jornais impressos de bairro\",\"p44_redessociais\":\"Redes sociais (Facebook, YouTube, Instagram etc.)\",\"p44_sitesblogs\":\"Sites ou Blogs\",\"p39_publico\":\"PERIF\\u00c9RICO\",\"p45_bandeira\":\"ACESSO DEMOCRATIZA\\u00c7\\u00c3O CULTURA IGUALDADE G\\u00c9NERO IDENTIDADE\",\"p46_hashtags\":\"#DEMOCRATIZACAODACULTURA #VAAOTEATRO\"},{\"p1_eixo\":\"Cultura\",\"p9_tipoorganizacao\":\"Associa\\u00e7\\u00e3o\",\"p12_uf\":\"SC\",\"p13_cidade\":\"CRICI\\u00daMA\",\"p16_cidade\":\"Cidade\",\"p17_ano\":\"2006\",\"p16_estado\":\"Estado\",\"p18_comunicacao\":\"Comunica\\u00e7\\u00e3o\",\"p18_difusaoartistica\":\"Difus\\u00e3o Art\\u00edstica\",\"p18_desenvolvimentoterritorial\":\"Desenvolvimento territorial\",\"p18_direitoshumanos\":\"Direitos humanos\",\"p18_educacao\":\"Educa\\u00e7\\u00e3o\",\"p18_feminismos\":\"Feminismos\",\"p18_lgbtqi\":\"LGBTQI\",\"p18_lutaantirracismo\":\"Luta antirracismo\",\"p18_mobilidade\":\"Mobilidade\",\"p18_povosecomunidadestradicionais\":\"Povos e comunidades tradicionais\",\"p18_trabalho\":\"Trabalho\",\"p18_religiao\":\"Religi\\u00e3o\",\"p18_saude\":\"Sa\\u00fade\",\"p18_violencia\":\"Viol\\u00eancia\",\"p18_politicasculturais\":\"Pol\\u00edticas Culturais\",\"p19_direitoshumanos\":\"Direitos humanos\",\"p19_educacao\":\"Educa\\u00e7\\u00e3o\",\"p19_feminismos\":\"Feminismos\",\"p19_lutaantirracismo\":\"Luta antirracismo\",\"p19_difusaoartistica\":\"Difus\\u00e3o Art\\u00edstica\",\"p19_politicasculturais\":\"Pol\\u00edticas Culturais\",\"p20_reunioes\":\"Reuni\\u00f5es\",\"p20_oficinas\":\"Oficinas\",\"p20_oficinasaulasartisticas\":\"Ensaios\\\/Oficinas\\\/Aulas art\\u00edsticas\",\"p20_apresentacoesartisticas\":\"Apresenta\\u00e7\\u00f5es art\\u00edsticas\",\"p20_visitasexcursoes\":\"Visitas\\\/Excurs\\u00f5es\",\"p21_repressaopolicial\":\"Repress\\u00e3o policial\",\"p21_intoleranciareligiosa\":\"Fundamentalismo\\\/intoler\\u00e2ncia religiosa\",\"p21_xenofobia\":\"Xenofobia\",\"p21_machismo\":\"Machismo\",\"p21_racismo\":\"Racismo\",\"p21_lgbtqifobia\":\"LGBTIfobia\",\"p22_numerodeparticipantes\":\"1  - 15\",\"p23_reunioes\":\"Reuni\\u00f5es\",\"p23_oficinas\":\"Oficinas\",\"p23_oficinasaulasartisticas\":\"Ensaio\\\/Oficinas\\\/Aulas Art\\u00edsticas\",\"p23_apresentacoesartisticas\":\"Apresenta\\u00e7\\u00f5es Art\\u00edsticas\",\"p23_visitas\":\"Visitas\",\"p23_outros\":\"Outros\",\"p24_reunioes\":\"Reuni\\u00f5es\",\"p24_oficinas\":\"Oficinas\",\"p24_oficinasaulasartisticas\":\"Ensaios\\\/Oficinas\\\/Aulas art\\u00edsticas\",\"p24_apresentacoesartisticas\":\"Apresenta\\u00e7\\u00f5es art\\u00edsticas\",\"p24_outros\":\"Outros\",\"p25_numerodepessoas\":\"Mais de 500\",\"p26_numerodepessoas\":\"1 - 20\",\"p27_espacopublico\":\"Espa\\u00e7o p\\u00fablico\",\"p27_espacoemprestadocedido\":\"Espa\\u00e7o emprestado\\\/cedido\",\"p27_ocupacao\":\"Ocupa\\u00e7\\u00e3o\",\"p28_territorios\":\"Cidade\",\"p30_outrasorganizacoes\":\"Sim\",\"p32_campanhadelongaduracao\":\"Sim\",\"p34_estadual\":\"Estadual\",\"p34_nenhuma\":\"Nenhuma\",\"p36_conselhosdeparticipacaoecontrolesocial\":\"Sim\",\"p38_sim\":\"Sim\",\"p38_nenhum\":\"Nenhum\",\"p40_editais\":\"Sim\",\"p41_publicoestatal\":\"P\\u00fablico-Estatal\",\"p41_privadopf\":\"Privado (P. F\\u00edsica)\",\"p41_autofinanciamento\":\"Autofinanciamento\",\"p41_financiamentocoletivo0\":\"Financiamento coletivo\",\"p42_meiodedivulgacaoproprio\":\"Sim\",\"p43_impressoes\":\"Impressos\",\"p43_email\":\"E-mail\",\"p43_facebook\":\"Facebook\",\"p43_instagram\":\"Instagram\",\"p43_sitesblogs\":\"Blogs\\\/sites\",\"p44_radio\":\"R\\u00e1dio\",\"p44_jornaisimpressosdegrandecirculacao\":\"Jornais impressos de grande circula\\u00e7\\u00e3o\",\"p44_jornaisimpressosdebairro\":\"Jornais impressos de bairro\",\"p44_redessociais\":\"Redes sociais (Facebook, YouTube, Instagram etc.)\",\"p44_sitesblogs\":\"Sites ou Blogs\",\"p39_publico\":\"ADOLESCENTES CONFLITO LEI CRIAN\\u00c7AS ADOLESCENTES COMUNIDADE JOVENS ARTISTAS\",\"p45_bandeira\":\"LUTA COMUNIT\\u00c1RIA CULTURA DESCENTRALIZADA RESIST\\u00caNCIA CULTURAL CULTURA COMUNIDADES LINGUAGEM DAN\\u00c7A LINGUAGEM CULTURA HIPHOP\",\"p46_hashtags\":\"#POLITICASDECULTURA #MAISCULTURACRICIUMA #CULTURANASCOMUNIDADES\"},{\"p1_eixo\":\"Viol\\u00eancia\",\"p9_tipoorganizacao\":\"Coletivo\",\"p12_uf\":\"MA\",\"p13_cidade\":\"S\\u00c3O LU\\u00cdS\",\"p16_bairro\":\"Bairro\",\"p16_cidade\":\"Cidade\",\"p17_ano\":\"2019\",\"p18_agrario\":\"Agr\\u00e1rio\\\/ruralidades\",\"p18_comunicacao\":\"Comunica\\u00e7\\u00e3o\",\"p18_difusaoartistica\":\"Difus\\u00e3o Art\\u00edstica\",\"p18_desenvolvimentoterritorial\":\"Desenvolvimento territorial\",\"p18_direitoshumanos\":\"Direitos humanos\",\"p18_educacao\":\"Educa\\u00e7\\u00e3o\",\"p18_feminismos\":\"Feminismos\",\"p18_lgbtqi\":\"LGBTQI\",\"p18_lutaantirracismo\":\"Luta antirracismo\",\"p18_mobilidade\":\"Mobilidade\",\"p18_moradia\":\"Moradia\",\"p18_povosecomunidadestradicionais\":\"Povos e comunidades tradicionais\",\"p18_trabalho\":\"Trabalho\",\"p18_religiao\":\"Religi\\u00e3o\",\"p18_saude\":\"Sa\\u00fade\",\"p18_violencia\":\"Viol\\u00eancia\",\"p18_politicasculturais\":\"Pol\\u00edticas Culturais\",\"p19_direitoshumanos\":\"Direitos humanos\",\"p19_educacao\":\"Educa\\u00e7\\u00e3o\",\"p19_feminismos\":\"Feminismos\",\"p19_lutaantirracismo\":\"Luta antirracismo\",\"p19_povosecomunidadestradicionais\":\"Povos e comunidades tradicionais\",\"p19_saude\":\"Sa\\u00fade\",\"p20_reunioes\":\"Reuni\\u00f5es\",\"p20_oficinas\":\"Oficinas\",\"p20_apresentacoesartisticas\":\"Apresenta\\u00e7\\u00f5es art\\u00edsticas\",\"p20_visitasexcursoes\":\"Visitas\\\/Excurs\\u00f5es\",\"p21_repressaopolicial\":\"Repress\\u00e3o policial\",\"p21_intoleranciareligiosa\":\"Fundamentalismo\\\/intoler\\u00e2ncia religiosa\",\"p21_xenofobia\":\"Xenofobia\",\"p21_machismo\":\"Machismo\",\"p21_racismo\":\"Racismo\",\"p21_lgbtqifobia\":\"LGBTIfobia\",\"p22_numerodeparticipantes\":\"30 - 45\",\"p23_reunioes\":\"Reuni\\u00f5es\",\"p23_atendimento\":\"Atendimento\",\"p23_oficinas\":\"Oficinas\",\"p23_excursoes\":\"Excurs\\u00f5es\",\"p23_outros\":\"Outros\",\"p24_reunioes\":\"Reuni\\u00f5es\",\"p24_apresentacoesartisticas\":\"Apresenta\\u00e7\\u00f5es art\\u00edsticas\",\"p24_visitasexcursoes\":\"Visitas\\\/Excurs\\u00f5es\",\"p24_outros\":\"Outros\",\"p25_numerodepessoas\":\"20 - 40\",\"p26_numerodepessoas\":\"Mais de 500\",\"p27_espacopublico\":\"Espa\\u00e7o p\\u00fablico\",\"p27_espacoemprestadocedido\":\"Espa\\u00e7o emprestado\\\/cedido\",\"p27_espacoproprio\":\"Espa\\u00e7o pr\\u00f3prio\",\"p27_ocupacao\":\"Ocupa\\u00e7\\u00e3o\",\"p28_territorios\":\"Regi\\u00e3o da Cidade\",\"p30_outrasorganizacoes\":\"Sim\",\"p32_campanhadelongaduracao\":\"Sim\",\"p34_estadual\":\"Estadual\",\"p34_nenhuma\":\"Nenhuma\",\"p36_conselhosdeparticipacaoecontrolesocial\":\"N\\u00e3o\",\"p38_sim\":\"Sim\",\"p40_editais\":\"N\\u00e3o\",\"p41_autofinanciamento\":\"Autofinanciamento\",\"p41_financiamentocoletivo0\":\"Financiamento coletivo\",\"p42_meiodedivulgacaoproprio\":\"Sim\",\"p43_impressoes\":\"Impressos\",\"p43_email\":\"E-mail\",\"p43_instagram\":\"Instagram\",\"p43_youtube\":\"YouTube\",\"p44_radio\":\"R\\u00e1dio\",\"p44_jornaisimpressosdegrandecirculacao\":\"Jornais impressos de grande circula\\u00e7\\u00e3o\",\"p44_jornaisimpressosdebairro\":\"Jornais impressos de bairro\",\"p44_sitesblogs\":\"Sites ou Blogs\",\"p44_nenhum\":\"Nenhum\",\"p39_publico\":\"MULHERES NEGRAS JUVENTUDE LGBT\",\"p45_bandeira\":\"IGUALDADE RACIAL FEMINISMO NEGRO DIREITOS HUMANOS\",\"p46_hashtags\":\"#IGUALDADERACIAL #FEMINISMONEGRO #DIREITOSHUMANOS\"},{\"p1_eixo\":\"Viol\\u00eancia\",\"p9_tipoorganizacao\":\"Coletivo\",\"p12_uf\":\"PA\",\"p13_cidade\":\"SANTAR\\u00c9M\",\"p16_bairro\":\"Bairro\",\"p17_ano\":\"2005\",\"p16_estado\":\"Estado\",\"p18_agrario\":\"Agr\\u00e1rio\\\/ruralidades\",\"p18_comunicacao\":\"Comunica\\u00e7\\u00e3o\",\"p18_difusaoartistica\":\"Difus\\u00e3o Art\\u00edstica\",\"p18_desenvolvimentoterritorial\":\"Desenvolvimento territorial\",\"p18_direitoshumanos\":\"Direitos humanos\",\"p18_educacao\":\"Educa\\u00e7\\u00e3o\",\"p18_feminismos\":\"Feminismos\",\"p18_lgbtqi\":\"LGBTQI\",\"p18_lutaantirracismo\":\"Luta antirracismo\",\"p18_mobilidade\":\"Mobilidade\",\"p18_moradia\":\"Moradia\",\"p18_povosecomunidadestradicionais\":\"Povos e comunidades tradicionais\",\"p18_trabalho\":\"Trabalho\",\"p18_religiao\":\"Religi\\u00e3o\",\"p18_saude\":\"Sa\\u00fade\",\"p18_violencia\":\"Viol\\u00eancia\",\"p18_politicasculturais\":\"Pol\\u00edticas Culturais\",\"p19_educacao\":\"Educa\\u00e7\\u00e3o\",\"p19_feminismos\":\"Feminismos\",\"p19_lutaantirracismo\":\"Luta antirracismo\",\"p19_povosecomunidadestradicionais\":\"Povos e comunidades tradicionais\",\"p19_saude\":\"Sa\\u00fade\",\"p19_difusaoartistica\":\"Difus\\u00e3o Art\\u00edstica\",\"p20_reunioes\":\"Reuni\\u00f5es\",\"p20_oficinas\":\"Oficinas\",\"p20_apresentacoesartisticas\":\"Apresenta\\u00e7\\u00f5es art\\u00edsticas\",\"p20_visitasexcursoes\":\"Visitas\\\/Excurs\\u00f5es\",\"p21_repressaopolicial\":\"Repress\\u00e3o policial\",\"p21_machismo\":\"Machismo\",\"p21_racismo\":\"Racismo\",\"p21_lgbtqifobia\":\"LGBTIfobia\",\"p22_numerodeparticipantes\":\"1  - 15\",\"p23_reunioes\":\"Reuni\\u00f5es\",\"p23_atendimento\":\"Atendimento\",\"p23_oficinas\":\"Oficinas\",\"p23_apresentacoesartisticas\":\"Apresenta\\u00e7\\u00f5es Art\\u00edsticas\",\"p23_excursoes\":\"Excurs\\u00f5es\",\"p23_outros\":\"Outros\",\"p24_formacao\":\"Forma\\u00e7\\u00e3o\",\"p24_profissionalizacao\":\"Profissionaliza\\u00e7\\u00e3o\",\"p24_visitasexcursoes\":\"Visitas\\\/Excurs\\u00f5es\",\"p24_outros\":\"Outros\",\"p25_numerodepessoas\":\"60 - 80\",\"p26_numerodepessoas\":\"200 - 300\",\"p27_espacopublico\":\"Espa\\u00e7o p\\u00fablico\",\"p27_espacoemprestadocedido\":\"Espa\\u00e7o emprestado\\\/cedido\",\"p27_espacoproprio\":\"Espa\\u00e7o pr\\u00f3prio\",\"p27_virtual\":\"Virtual\",\"p27_ocupacao\":\"Ocupa\\u00e7\\u00e3o\",\"p28_territorios\":\"Regi\\u00e3o da Cidade\",\"p30_outrasorganizacoes\":\"Sim\",\"p32_campanhadelongaduracao\":\"N\\u00e3o\",\"p34_estadual\":\"Estadual\",\"p34_nenhuma\":\"Nenhuma\",\"p36_conselhosdeparticipacaoecontrolesocial\":\"Sim\",\"p38_sim\":\"Sim\",\"p40_editais\":\"N\\u00e3o\",\"p41_autofinanciamento\":\"Autofinanciamento\",\"p42_meiodedivulgacaoproprio\":\"Sim\",\"p43_email\":\"E-mail\",\"p43_facebook\":\"Facebook\",\"p43_instagram\":\"Instagram\",\"p43_youtube\":\"YouTube\",\"p44_radio\":\"TV\",\"p44_jornaisimpressosdegrandecirculacao\":\"Jornais impressos de grande circula\\u00e7\\u00e3o\",\"p44_jornaisimpressosdebairro\":\"Jornais impressos de bairro\",\"p44_sitesblogs\":\"Sites ou Blogs\",\"p44_nenhum\":\"Nenhum\",\"p39_publico\":\"QUILOMBOLAS\",\"p45_bandeira\":\"CONTRA  CONTRA-VIOL\\u00caNCIA MULHER\",\"p46_hashtags\":\"#SAUDE #VIOLENCIA #CONTRAMACHISMO\"},{\"p1_eixo\":\"Cultura\",\"p9_tipoorganizacao\":\"Coletivo Art\\u00edstico\",\"p12_uf\":\"PA\",\"p13_cidade\":\"BEL\\u00c9M\",\"p17_ano\":\"2017\",\"p16_estado\":\"Estado\",\"p18_agrario\":\"Agr\\u00e1rio\\\/ruralidades\",\"p18_comunicacao\":\"Comunica\\u00e7\\u00e3o\",\"p18_difusaoartistica\":\"Difus\\u00e3o Art\\u00edstica\",\"p18_desenvolvimentoterritorial\":\"Desenvolvimento territorial\",\"p18_direitoshumanos\":\"Direitos humanos\",\"p18_educacao\":\"Educa\\u00e7\\u00e3o\",\"p18_feminismos\":\"Feminismos\",\"p18_lgbtqi\":\"LGBTQI\",\"p18_lutaantirracismo\":\"Luta antirracismo\",\"p18_mobilidade\":\"Mobilidade\",\"p18_povosecomunidadestradicionais\":\"Povos e comunidades tradicionais\",\"p18_trabalho\":\"Trabalho\",\"p18_religiao\":\"Religi\\u00e3o\",\"p18_saude\":\"Sa\\u00fade\",\"p18_violencia\":\"Viol\\u00eancia\",\"p18_politicasculturais\":\"Pol\\u00edticas Culturais\",\"p19_comunicacao\":\"Comunica\\u00e7\\u00e3o\",\"p19_feminismos\":\"Feminismos\",\"p19_lutaantirracismo\":\"Luta antirracismo\",\"p19_povosecomunidadestradicionais\":\"Povos e comunidades tradicionais\",\"p19_difusaoartistica\":\"Difus\\u00e3o Art\\u00edstica\",\"p20_reunioes\":\"Reuni\\u00f5es\",\"p20_atendimento\":\"Atendimento\",\"p20_oficinas\":\"Oficinas\",\"p20_oficinasaulasartisticas\":\"Ensaios\\\/Oficinas\\\/Aulas art\\u00edsticas\",\"p20_cursos\":\"Cursos\",\"p20_apresentacoesartisticas\":\"Apresenta\\u00e7\\u00f5es art\\u00edsticas\",\"p20_visitasexcursoes\":\"Visitas\\\/Excurs\\u00f5es\",\"p21_repressaopolicial\":\"Repress\\u00e3o policial\",\"p21_intoleranciareligiosa\":\"Fundamentalismo\\\/intoler\\u00e2ncia religiosa\",\"p21_xenofobia\":\"Xenofobia\",\"p21_machismo\":\"Machismo\",\"p21_racismo\":\"Racismo\",\"p21_lgbtqifobia\":\"LGBTIfobia\",\"p22_numerodeparticipantes\":\"1  - 15\",\"p23_reunioes\":\"Reuni\\u00f5es\",\"p23_atendimento\":\"Atendimento\",\"p23_oficinas\":\"Oficinas\",\"p23_oficinasaulasartisticas\":\"Ensaio\\\/Oficinas\\\/Aulas Art\\u00edsticas\",\"p23_cursos\":\"Cursos\",\"p23_apresentacoesartisticas\":\"Apresenta\\u00e7\\u00f5es Art\\u00edsticas\",\"p23_visitas\":\"Visitas\",\"p23_outros\":\"Outros\",\"p24_atendimento\":\"Atendimentos\",\"p24_oficinas\":\"Oficinas\",\"p24_oficinasaulasartisticas\":\"Ensaios\\\/Oficinas\\\/Aulas art\\u00edsticas\",\"p24_curso\":\"Curso\",\"p24_formacao\":\"Forma\\u00e7\\u00e3o\",\"p24_profissionalizacao\":\"Profissionaliza\\u00e7\\u00e3o\",\"p24_outros\":\"Outros\",\"p25_numerodepessoas\":\"40 - 60\",\"p26_numerodepessoas\":\"40 - 60\",\"p27_espacopublico\":\"Espa\\u00e7o p\\u00fablico\",\"p27_espacoemprestadocedido\":\"Espa\\u00e7o emprestado\\\/cedido\",\"p27_espacoproprio\":\"Espa\\u00e7o pr\\u00f3prio\",\"p27_virtual\":\"Virtual\",\"p27_ocupacao\":\"Ocupa\\u00e7\\u00e3o\",\"p28_territorios\":\"Atua\\u00e7\\u00e3o Nacional\",\"p30_outrasorganizacoes\":\"Sim\",\"p32_campanhadelongaduracao\":\"Sim\",\"p34_estadual\":\"Estadual\",\"p34_nenhuma\":\"Nenhuma\",\"p36_conselhosdeparticipacaoecontrolesocial\":\"N\\u00e3o\",\"p38_sim\":\"Sim\",\"p38_nenhum\":\"Nenhum\",\"p40_editais\":\"Sim\",\"p41_publicoestatal\":\"P\\u00fablico-Estatal\",\"p41_privadopj\":\"Privado (P. Jur\\u00eddica)\",\"p41_autofinanciamento\":\"Autofinanciamento\",\"p42_meiodedivulgacaoproprio\":\"Sim\",\"p43_impressoes\":\"Impressos\",\"p43_email\":\"E-mail\",\"p43_facebook\":\"Facebook\",\"p43_instagram\":\"Instagram\",\"p43_sitesblogs\":\"Blogs\\\/sites\",\"p43_radio\":\"R\\u00e1dio\",\"p43_youtube\":\"YouTube\",\"p44_radio\":\"TV\",\"p44_jornaisimpressosdegrandecirculacao\":\"Jornais impressos de grande circula\\u00e7\\u00e3o\",\"p44_jornaisimpressosdebairro\":\"Jornais impressos de bairro\",\"p44_redessociais\":\"Redes sociais (Facebook, YouTube, Instagram etc.)\",\"p44_sitesblogs\":\"Sites ou Blogs\",\"p39_publico\":\"MULHERES REGI\\u00c3O NORTE\",\"p45_bandeira\":\"CONTRA-OPRESS\\u00c3O UNIAO MULHERES\",\"p46_hashtags\":\"#MULHERESNOTOPO #SLAMDANDARASDONORTE #POESIAVIVE\"},{\"p1_eixo\":\"Cultura\",\"p9_tipoorganizacao\":\"Associa\\u00e7\\u00e3o\",\"p12_uf\":\"PA\",\"p13_cidade\":\"BEL\\u00c9M\",\"p16_cidade\":\"Cidade\",\"p17_ano\":\"2009\",\"p16_estado\":\"Estado\",\"p18_agrario\":\"Agr\\u00e1rio\\\/ruralidades\",\"p18_comunicacao\":\"Comunica\\u00e7\\u00e3o\",\"p18_difusaoartistica\":\"Difus\\u00e3o Art\\u00edstica\",\"p18_desenvolvimentoterritorial\":\"Desenvolvimento territorial\",\"p18_direitoshumanos\":\"Direitos humanos\",\"p18_educacao\":\"Educa\\u00e7\\u00e3o\",\"p18_feminismos\":\"Feminismos\",\"p18_lgbtqi\":\"LGBTQI\",\"p18_lutaantirracismo\":\"Luta antirracismo\",\"p18_moradia\":\"Moradia\",\"p18_povosecomunidadestradicionais\":\"Povos e comunidades tradicionais\",\"p18_trabalho\":\"Trabalho\",\"p18_saude\":\"Sa\\u00fade\",\"p18_violencia\":\"Viol\\u00eancia\",\"p18_politicasculturais\":\"Pol\\u00edticas Culturais\",\"p19_comunicacao\":\"Comunica\\u00e7\\u00e3o\",\"p19_educacao\":\"Educa\\u00e7\\u00e3o\",\"p19_lutaantirracismo\":\"Luta antirracismo\",\"p19_povosecomunidadestradicionais\":\"Povos e comunidades tradicionais\",\"p19_saude\":\"Sa\\u00fade\",\"p20_reunioes\":\"Reuni\\u00f5es\",\"p20_atendimento\":\"Atendimento\",\"p20_oficinas\":\"Oficinas\",\"p20_oficinasaulasartisticas\":\"Ensaios\\\/Oficinas\\\/Aulas art\\u00edsticas\",\"p20_cursos\":\"Cursos\",\"p20_visitasexcursoes\":\"Visitas\\\/Excurs\\u00f5es\",\"p21_repressaopolicial\":\"Repress\\u00e3o policial\",\"p21_intoleranciareligiosa\":\"Fundamentalismo\\\/intoler\\u00e2ncia religiosa\",\"p21_xenofobia\":\"Xenofobia\",\"p21_machismo\":\"Machismo\",\"p21_racismo\":\"Racismo\",\"p21_lgbtqifobia\":\"LGBTIfobia\",\"p21_nenhum\":\"Nenhum\",\"p22_numerodeparticipantes\":\"1  - 15\",\"p23_reunioes\":\"Reuni\\u00f5es\",\"p23_atendimento\":\"Atendimento\",\"p23_oficinas\":\"Oficinas\",\"p23_oficinasaulasartisticas\":\"Ensaio\\\/Oficinas\\\/Aulas Art\\u00edsticas\",\"p23_cursos\":\"Cursos\",\"p23_visitas\":\"Visitas\",\"p23_outros\":\"Outros\",\"p24_atendimento\":\"Atendimentos\",\"p24_oficinas\":\"Oficinas\",\"p24_oficinasaulasartisticas\":\"Ensaios\\\/Oficinas\\\/Aulas art\\u00edsticas\",\"p24_curso\":\"Curso\",\"p24_outros\":\"Outros\",\"p25_numerodepessoas\":\"60 - 80\",\"p26_numerodepessoas\":\"20 - 40\",\"p27_espacoemprestadocedido\":\"Espa\\u00e7o emprestado\\\/cedido\",\"p27_espacoproprio\":\"Espa\\u00e7o pr\\u00f3prio\",\"p28_territorios\":\"Estado\",\"p30_outrasorganizacoes\":\"Sim\",\"p32_campanhadelongaduracao\":\"N\\u00e3o\",\"p34_estadual\":\"Estadual\",\"p34_nenhuma\":\"Nenhuma\",\"p36_conselhosdeparticipacaoecontrolesocial\":\"Sim\",\"p38_sim\":\"Sim\",\"p38_nenhum\":\"Nenhum\",\"p40_editais\":\"Sim\",\"p41_publicoestatal\":\"P\\u00fablico-Estatal\",\"p41_privadopj\":\"Privado (P. Jur\\u00eddica)\",\"p41_autofinanciamento\":\"Autofinanciamento\",\"p41_financiamentocoletivo0\":\"Financiamento coletivo\",\"p42_meiodedivulgacaoproprio\":\"Sim\",\"p43_impressoes\":\"Impressos\",\"p43_email\":\"E-mail\",\"p43_facebook\":\"Facebook\",\"p43_instagram\":\"Instagram\",\"p43_sitesblogs\":\"Blogs\\\/sites\",\"p43_radio\":\"R\\u00e1dio\",\"p44_radio\":\"R\\u00e1dio\",\"p44_redessociais\":\"Redes sociais (Facebook, YouTube, Instagram etc.)\",\"p44_sitesblogs\":\"Sites ou Blogs\",\"p39_publico\":\"JUVENTUDE NEGRA\",\"p45_bandeira\":\"COMBATE RACISMO AFRICANIDADE ANCESTRALIDADE\",\"p46_hashtags\":\"#CASAPRETA10ANOS #PANAFRICANISMO #BAOBA\"},{\"p1_eixo\":\"Cultura\",\"p9_tipoorganizacao\":\"Instituto\",\"p12_uf\":\"MA\",\"p13_cidade\":\"S\\u00c3O LU\\u00cdS\",\"p16_cidade\":\"Cidade\",\"p17_ano\":\"2019\",\"p16_estado\":\"Estado\",\"p18_agrario\":\"Agr\\u00e1rio\\\/ruralidades\",\"p18_comunicacao\":\"Comunica\\u00e7\\u00e3o\",\"p18_difusaoartistica\":\"Difus\\u00e3o Art\\u00edstica\",\"p18_desenvolvimentoterritorial\":\"Desenvolvimento territorial\",\"p18_direitoshumanos\":\"Direitos humanos\",\"p18_educacao\":\"Educa\\u00e7\\u00e3o\",\"p18_feminismos\":\"Feminismos\",\"p18_lgbtqi\":\"LGBTQI\",\"p18_lutaantirracismo\":\"Luta antirracismo\",\"p18_moradia\":\"Moradia\",\"p18_povosecomunidadestradicionais\":\"Povos e comunidades tradicionais\",\"p18_trabalho\":\"Trabalho\",\"p18_religiao\":\"Religi\\u00e3o\",\"p18_saude\":\"Sa\\u00fade\",\"p18_violencia\":\"Viol\\u00eancia\",\"p18_politicasculturais\":\"Pol\\u00edticas Culturais\",\"p19_desenvolvimentoterritorial\":\"Desenvolvimento territorial\",\"p19_educacao\":\"Educa\\u00e7\\u00e3o\",\"p19_povosecomunidadestradicionais\":\"Povos e comunidades tradicionais\",\"p19_saude\":\"Sa\\u00fade\",\"p19_violencia\":\"Viol\\u00eancia\",\"p20_reunioes\":\"Reuni\\u00f5es\",\"p20_atendimento\":\"Atendimento\",\"p20_oficinas\":\"Oficinas\",\"p20_oficinasaulasartisticas\":\"Ensaios\\\/Oficinas\\\/Aulas art\\u00edsticas\",\"p20_cursos\":\"Cursos\",\"p20_apresentacoesartisticas\":\"Apresenta\\u00e7\\u00f5es art\\u00edsticas\",\"p20_visitasexcursoes\":\"Visitas\\\/Excurs\\u00f5es\",\"p21_repressaopolicial\":\"Repress\\u00e3o policial\",\"p21_intoleranciareligiosa\":\"Fundamentalismo\\\/intoler\\u00e2ncia religiosa\",\"p21_machismo\":\"Machismo\",\"p21_racismo\":\"Racismo\",\"p21_enfrentamentocomgruposprivadosarmados\":\"Enfrentamento com grupos privados armados\",\"p21_nenhum\":\"Nenhum\",\"p22_numerodeparticipantes\":\"1  - 15\",\"p23_reunioes\":\"Reuni\\u00f5es\",\"p23_oficinas\":\"Oficinas\",\"p23_oficinasaulasartisticas\":\"Ensaio\\\/Oficinas\\\/Aulas Art\\u00edsticas\",\"p23_cursos\":\"Cursos\",\"p23_visitas\":\"Visitas\",\"p23_outros\":\"Outros\",\"p24_atendimento\":\"Atendimentos\",\"p24_apresentacoesartisticas\":\"Apresenta\\u00e7\\u00f5es art\\u00edsticas\",\"p24_visitasexcursoes\":\"Visitas\\\/Excurs\\u00f5es\",\"p24_outros\":\"Outros\",\"p25_numerodepessoas\":\"40 - 60\",\"p26_numerodepessoas\":\"Mais de 500\",\"p27_espacoemprestadocedido\":\"Espa\\u00e7o emprestado\\\/cedido\",\"p28_territorios\":\"Regi\\u00e3o da Cidade\",\"p30_outrasorganizacoes\":\"Sim\",\"p32_campanhadelongaduracao\":\"N\\u00e3o\",\"p34_estadual\":\"Estadual\",\"p34_nacional\":\"Nacional\",\"p34_nenhuma\":\"Nenhuma\",\"p36_conselhosdeparticipacaoecontrolesocial\":\"N\\u00e3o\",\"p38_sim\":\"Sim\",\"p40_editais\":\"N\\u00e3o\",\"p41_publicoestatal\":\"P\\u00fablico-Estatal\",\"p41_privadopj\":\"Privado (P. Jur\\u00eddica)\",\"p41_autofinanciamento\":\"Autofinanciamento\",\"p41_financiamentocoletivo0\":\"Financiamento coletivo\",\"p42_meiodedivulgacaoproprio\":\"Sim\",\"p43_impressoes\":\"Impressos\",\"p43_email\":\"E-mail\",\"p43_instagram\":\"Instagram\",\"p44_redessociais\":\"Redes sociais (Facebook, YouTube, Instagram etc.)\",\"p44_sitesblogs\":\"Sites ou Blogs\",\"p39_publico\":\"TODOS\",\"p45_bandeira\":\"EDUCA\\u00c7\\u00c3O SA\\u00daDE MOVIMENTA\\u00c7\\u00c3O POLITICA\",\"p46_hashtags\":\"#DICAFERREIRAVIVE #AMOOPOLOCOCOROADINHO\"},{\"p1_eixo\":\"Viol\\u00eancia\",\"p9_tipoorganizacao\":\"Movimento Social\",\"p12_uf\":\"MT\",\"p13_cidade\":\"CUIAB\\u00c1\",\"p16_bairro\":\"Bairro\",\"p17_ano\":\"1996\",\"p16_estado\":\"Estado\",\"p18_agrario\":\"Agr\\u00e1rio\\\/ruralidades\",\"p18_comunicacao\":\"Comunica\\u00e7\\u00e3o\",\"p18_difusaoartistica\":\"Difus\\u00e3o Art\\u00edstica\",\"p18_desenvolvimentoterritorial\":\"Desenvolvimento territorial\",\"p18_direitoshumanos\":\"Direitos humanos\",\"p18_educacao\":\"Educa\\u00e7\\u00e3o\",\"p18_feminismos\":\"Feminismos\",\"p18_lgbtqi\":\"LGBTQI\",\"p18_lutaantirracismo\":\"Luta antirracismo\",\"p18_moradia\":\"Moradia\",\"p18_povosecomunidadestradicionais\":\"Povos e comunidades tradicionais\",\"p18_trabalho\":\"Trabalho\",\"p18_religiao\":\"Religi\\u00e3o\",\"p18_saude\":\"Sa\\u00fade\",\"p18_violencia\":\"Viol\\u00eancia\",\"p18_politicasculturais\":\"Pol\\u00edticas Culturais\",\"p19_desenvolvimentoterritorial\":\"Desenvolvimento territorial\",\"p19_educacao\":\"Educa\\u00e7\\u00e3o\",\"p19_lutaantirracismo\":\"Luta antirracismo\",\"p19_trabalho\":\"Trabalho\",\"p19_violencia\":\"Viol\\u00eancia\",\"p20_reunioes\":\"Reuni\\u00f5es\",\"p20_oficinas\":\"Oficinas\",\"p20_oficinasaulasartisticas\":\"Ensaios\\\/Oficinas\\\/Aulas art\\u00edsticas\",\"p20_apresentacoesartisticas\":\"Apresenta\\u00e7\\u00f5es art\\u00edsticas\",\"p20_visitasexcursoes\":\"Visitas\\\/Excurs\\u00f5es\",\"p21_repressaopolicial\":\"Repress\\u00e3o policial\",\"p21_intoleranciareligiosa\":\"Fundamentalismo\\\/intoler\\u00e2ncia religiosa\",\"p21_xenofobia\":\"Xenofobia\",\"p21_machismo\":\"Machismo\",\"p21_racismo\":\"Racismo\",\"p21_enfrentamentocomgruposprivadosarmados\":\"Enfrentamento com grupos privados armados\",\"p22_numerodeparticipantes\":\"1  - 15\",\"p23_reunioes\":\"Reuni\\u00f5es\",\"p23_visitas\":\"Visitas\",\"p23_outros\":\"Outros\",\"p24_apresentacoesartisticas\":\"Apresenta\\u00e7\\u00f5es art\\u00edsticas\",\"p24_visitasexcursoes\":\"Visitas\\\/Excurs\\u00f5es\",\"p24_outros\":\"Outros\",\"p25_numerodepessoas\":\"Mais de 500\",\"p26_numerodepessoas\":\"Mais de 500\",\"p27_espacoemprestadocedido\":\"Espa\\u00e7o emprestado\\\/cedido\",\"p27_espacoproprio\":\"Espa\\u00e7o pr\\u00f3prio\",\"p27_ocupacao\":\"Ocupa\\u00e7\\u00e3o\",\"p28_territorios\":\"Estado\",\"p30_outrasorganizacoes\":\"Sim\",\"p32_campanhadelongaduracao\":\"N\\u00e3o\",\"p34_estadual\":\"Estadual\",\"p34_nacional\":\"Nacional\",\"p34_nenhuma\":\"Nenhuma\",\"p36_conselhosdeparticipacaoecontrolesocial\":\"Sim\",\"p38_sim\":\"Sim\",\"p40_editais\":\"Sim\",\"p41_publicoestatal\":\"P\\u00fablico-Estatal\",\"p41_privadopj\":\"Privado (P. Jur\\u00eddica)\",\"p41_autofinanciamento\":\"Autofinanciamento\",\"p41_financiamentocoletivo0\":\"Financiamento coletivo\",\"p42_meiodedivulgacaoproprio\":\"N\\u00e3o\",\"p43_impressoes\":\"Impressos\",\"p43_nenhum\":\"Nenhum\",\"p44_redessociais\":\"Redes sociais (Facebook, YouTube, Instagram etc.)\",\"p44_sitesblogs\":\"Sites ou Blogs\",\"p39_publico\":\"COMUNIDADES TRADICIONAIS NEGRAS RURAIS\",\"p45_bandeira\":\"LUTA LUTA DOCUMENTA\\u00c7\\u00c3O TERRA\",\"p46_hashtags\":\"#IDENTIDADE #LUTAPELOSDIREITOS #LUTAPELATERRA\"},{\"p1_eixo\":\"Trabalho\",\"p9_tipoorganizacao\":\"Movimento Social\",\"p12_uf\":\"MT\",\"p13_cidade\":\"POCON\\u00c9\",\"p16_bairro\":\"Bairro\",\"p17_ano\":\"Anterior a 1980\",\"p16_estado\":\"Estado\",\"p18_agrario\":\"Agr\\u00e1rio\\\/ruralidades\",\"p18_comunicacao\":\"Comunica\\u00e7\\u00e3o\",\"p18_difusaoartistica\":\"Difus\\u00e3o Art\\u00edstica\",\"p18_desenvolvimentoterritorial\":\"Desenvolvimento territorial\",\"p18_direitoshumanos\":\"Direitos humanos\",\"p18_educacao\":\"Educa\\u00e7\\u00e3o\",\"p18_feminismos\":\"Feminismos\",\"p18_lgbtqi\":\"LGBTQI\",\"p18_lutaantirracismo\":\"Luta antirracismo\",\"p18_moradia\":\"Moradia\",\"p18_povosecomunidadestradicionais\":\"Povos e comunidades tradicionais\",\"p18_trabalho\":\"Trabalho\",\"p18_religiao\":\"Religi\\u00e3o\",\"p18_saude\":\"Sa\\u00fade\",\"p18_violencia\":\"Viol\\u00eancia\",\"p18_politicasculturais\":\"Pol\\u00edticas Culturais\",\"p19_desenvolvimentoterritorial\":\"Desenvolvimento territorial\",\"p19_educacao\":\"Educa\\u00e7\\u00e3o\",\"p19_lutaantirracismo\":\"Luta antirracismo\",\"p19_povosecomunidadestradicionais\":\"Povos e comunidades tradicionais\",\"p19_trabalho\":\"Trabalho\",\"p20_reunioes\":\"Reuni\\u00f5es\",\"p20_oficinas\":\"Oficinas\",\"p20_oficinasaulasartisticas\":\"Ensaios\\\/Oficinas\\\/Aulas art\\u00edsticas\",\"p20_apresentacoesartisticas\":\"Apresenta\\u00e7\\u00f5es art\\u00edsticas\",\"p20_visitasexcursoes\":\"Visitas\\\/Excurs\\u00f5es\",\"p21_repressaopolicial\":\"Repress\\u00e3o policial\",\"p21_intoleranciareligiosa\":\"Fundamentalismo\\\/intoler\\u00e2ncia religiosa\",\"p21_xenofobia\":\"Xenofobia\",\"p21_machismo\":\"Machismo\",\"p21_racismo\":\"Racismo\",\"p21_enfrentamentocomgruposprivadosarmados\":\"Enfrentamento com grupos privados armados\",\"p22_numerodeparticipantes\":\"Mais de 90\",\"p23_reunioes\":\"Reuni\\u00f5es\",\"p23_oficinas\":\"Oficinas\",\"p23_oficinasaulasartisticas\":\"Ensaio\\\/Oficinas\\\/Aulas Art\\u00edsticas\",\"p23_apresentacoesartisticas\":\"Apresenta\\u00e7\\u00f5es Art\\u00edsticas\",\"p23_visitas\":\"Visitas\",\"p23_outros\":\"Outros\",\"p24_outros\":\"Outros\",\"p25_numerodepessoas\":\"20 - 40\",\"p26_numerodepessoas\":\"20 - 40\",\"p27_espacoproprio\":\"Espa\\u00e7o pr\\u00f3prio\",\"p27_ocupacao\":\"Ocupa\\u00e7\\u00e3o\",\"p28_territorios\":\"Pr\\u00f3prio bairro\",\"p30_outrasorganizacoes\":\"Sim\",\"p32_campanhadelongaduracao\":\"Sim\",\"p34_estadual\":\"Estadual\",\"p34_nenhuma\":\"Nenhuma\",\"p36_conselhosdeparticipacaoecontrolesocial\":\"Sim\",\"p38_sim\":\"Sim\",\"p40_editais\":\"N\\u00e3o\",\"p41_autofinanciamento\":\"Autofinanciamento\",\"p41_financiamentocoletivo0\":\"Financiamento coletivo\",\"p42_meiodedivulgacaoproprio\":\"N\\u00e3o\",\"p43_facebook\":\"Facebook\",\"p43_nenhum\":\"Nenhum\",\"p44_redessociais\":\"Redes sociais (Facebook, YouTube, Instagram etc.)\",\"p44_sitesblogs\":\"Sites ou Blogs\",\"p39_publico\":\"QUILOMBOLAS\",\"p45_bandeira\":\"ESTADUALIZA\\u00c7\\u00c3O ESCOLA COMUNIDADE\",\"p46_hashtags\":\"#ESPERANCA #FORCA #UNIAO\"},{\"p1_eixo\":\"Cultura\",\"p9_tipoorganizacao\":\"Associa\\u00e7\\u00e3o\",\"p12_uf\":\"MT\",\"p13_cidade\":\"NOSSA SENHORA DO LIVRAMENTO\",\"p16_nacional\":\"Nacional\",\"p17_ano\":\"Anterior a 1980\",\"p16_estado\":\"Estado\",\"p18_agrario\":\"Agr\\u00e1rio\\\/ruralidades\",\"p18_difusaoartistica\":\"Difus\\u00e3o Art\\u00edstica\",\"p18_desenvolvimentoterritorial\":\"Desenvolvimento territorial\",\"p18_direitoshumanos\":\"Direitos humanos\",\"p18_educacao\":\"Educa\\u00e7\\u00e3o\",\"p18_feminismos\":\"Feminismos\",\"p18_lutaantirracismo\":\"Luta antirracismo\",\"p18_moradia\":\"Moradia\",\"p18_povosecomunidadestradicionais\":\"Povos e comunidades tradicionais\",\"p18_trabalho\":\"Trabalho\",\"p18_religiao\":\"Religi\\u00e3o\",\"p18_saude\":\"Sa\\u00fade\",\"p18_violencia\":\"Viol\\u00eancia\",\"p18_politicasculturais\":\"Pol\\u00edticas Culturais\",\"p19_desenvolvimentoterritorial\":\"Desenvolvimento territorial\",\"p19_direitoshumanos\":\"Direitos humanos\",\"p19_educacao\":\"Educa\\u00e7\\u00e3o\",\"p19_moradia\":\"Moradia\",\"p19_povosecomunidadestradicionais\":\"Povos e comunidades tradicionais\",\"p19_saude\":\"Sa\\u00fade\",\"p20_atendimento\":\"Atendimento\",\"p20_oficinas\":\"Oficinas\",\"p20_oficinasaulasartisticas\":\"Ensaios\\\/Oficinas\\\/Aulas art\\u00edsticas\",\"p20_apresentacoesartisticas\":\"Apresenta\\u00e7\\u00f5es art\\u00edsticas\",\"p20_visitasexcursoes\":\"Visitas\\\/Excurs\\u00f5es\",\"p21_repressaopolicial\":\"Repress\\u00e3o policial\",\"p21_intoleranciareligiosa\":\"Fundamentalismo\\\/intoler\\u00e2ncia religiosa\",\"p21_xenofobia\":\"Xenofobia\",\"p21_machismo\":\"Machismo\",\"p21_racismo\":\"Racismo\",\"p21_enfrentamentocomgruposprivadosarmados\":\"Enfrentamento com grupos privados armados\",\"p22_numerodeparticipantes\":\"Mais de 90\",\"p23_atendimento\":\"Atendimento\",\"p23_oficinas\":\"Oficinas\",\"p23_oficinasaulasartisticas\":\"Ensaio\\\/Oficinas\\\/Aulas Art\\u00edsticas\",\"p23_apresentacoesartisticas\":\"Apresenta\\u00e7\\u00f5es Art\\u00edsticas\",\"p23_visitas\":\"Visitas\",\"p23_outros\":\"Outros\",\"p24_outros\":\"Outros\",\"p25_numerodepessoas\":\"Mais de 500\",\"p26_numerodepessoas\":\"100 - 200\",\"p27_espacoemprestadocedido\":\"Espa\\u00e7o emprestado\\\/cedido\",\"p27_ocupacao\":\"Ocupa\\u00e7\\u00e3o\",\"p28_territorios\":\"Pr\\u00f3prio bairro\",\"p30_outrasorganizacoes\":\"Sim\",\"p32_campanhadelongaduracao\":\"N\\u00e3o\",\"p34_estadual\":\"Estadual\",\"p34_nenhuma\":\"Nenhuma\",\"p36_conselhosdeparticipacaoecontrolesocial\":\"Sim\",\"p38_sim\":\"Sim\",\"p38_nenhum\":\"Nenhum\",\"p40_editais\":\"Sim\",\"p41_privadopf\":\"Privado (P. F\\u00edsica)\",\"p41_privadopj\":\"Privado (P. Jur\\u00eddica)\",\"p41_autofinanciamento\":\"Autofinanciamento\",\"p41_financiamentocoletivo0\":\"Financiamento coletivo\",\"p42_meiodedivulgacaoproprio\":\"Sim\",\"p43_facebook\":\"Facebook\",\"p43_instagram\":\"Instagram\",\"p43_sitesblogs\":\"Blogs\\\/sites\",\"p44_radio\":\"TV\",\"p44_redessociais\":\"Redes sociais (Facebook, YouTube, Instagram etc.)\",\"p44_sitesblogs\":\"Sites ou Blogs\",\"p39_publico\":\"FAM\\u00cdLIAS QUILOMBOLAS\",\"p45_bandeira\":\"REGULARIZA\\u00c7\\u00c3O FUNDI\\u00c1RIA EDUCA\\u00c7\\u00c3O FORTALECIMENTO RESIST\\u00caNCIA QUILOMBOLA\",\"p46_hashtags\":\"#RESISTENCIA #MULHERESQUILOMBOLAS #ESPERANCA\"},{\"p1_eixo\":\"Trabalho\",\"p9_tipoorganizacao\":\"ONG\",\"p12_uf\":\"PR\",\"p13_cidade\":\"PONTA GROSSA, CURITIBA\",\"p16_bairro\":\"Bairro\",\"p16_nacional\":\"Nacional\",\"p17_ano\":\"2015\",\"p18_comunicacao\":\"Comunica\\u00e7\\u00e3o\",\"p18_difusaoartistica\":\"Difus\\u00e3o Art\\u00edstica\",\"p18_direitoshumanos\":\"Direitos humanos\",\"p18_educacao\":\"Educa\\u00e7\\u00e3o\",\"p18_moradia\":\"Moradia\",\"p18_trabalho\":\"Trabalho\",\"p18_saude\":\"Sa\\u00fade\",\"p19_direitoshumanos\":\"Direitos humanos\",\"p19_educacao\":\"Educa\\u00e7\\u00e3o\",\"p19_moradia\":\"Moradia\",\"p19_saude\":\"Sa\\u00fade\",\"p19_difusaoartistica\":\"Difus\\u00e3o Art\\u00edstica\",\"p19_politicasculturais\":\"Pol\\u00edticas Culturais\",\"p20_reunioes\":\"Reuni\\u00f5es\",\"p20_atendimento\":\"Atendimento\",\"p20_oficinas\":\"Oficinas\",\"p20_apresentacoesartisticas\":\"Apresenta\\u00e7\\u00f5es art\\u00edsticas\",\"p21_repressaopolicial\":\"Repress\\u00e3o policial\",\"p21_machismo\":\"Machismo\",\"p21_racismo\":\"Racismo\",\"p21_nenhum\":\"Nenhum\",\"p22_numerodeparticipantes\":\"30 - 45\",\"p23_reunioes\":\"Reuni\\u00f5es\",\"p23_atendimento\":\"Atendimento\",\"p23_oficinas\":\"Oficinas\",\"p23_apresentacoesartisticas\":\"Apresenta\\u00e7\\u00f5es Art\\u00edsticas\",\"p23_outros\":\"Outros\",\"p24_reunioes\":\"Reuni\\u00f5es\",\"p24_oficinas\":\"Oficinas\",\"p24_apresentacoesartisticas\":\"Apresenta\\u00e7\\u00f5es art\\u00edsticas\",\"p24_outros\":\"Outros\",\"p25_numerodepessoas\":\"300 - 400\",\"p26_numerodepessoas\":\"300 - 400\",\"p27_espacopublico\":\"Espa\\u00e7o p\\u00fablico\",\"p27_espacoemprestadocedido\":\"Espa\\u00e7o emprestado\\\/cedido\",\"p27_espacoproprio\":\"Espa\\u00e7o pr\\u00f3prio\",\"p28_territorios\":\"Regi\\u00e3o da Cidade\",\"p30_outrasorganizacoes\":\"Sim\",\"p32_campanhadelongaduracao\":\"Sim\",\"p34_municipal\":\"Municipal\",\"p34_estadual\":\"Estadual\",\"p34_nenhuma\":\"Nenhuma\",\"p36_conselhosdeparticipacaoecontrolesocial\":\"N\\u00e3o\",\"p38_nenhum\":\"Nenhum\",\"p40_editais\":\"Sim\",\"p41_publicoestatal\":\"P\\u00fablico-Estatal\",\"p41_privadopf\":\"Privado (P. F\\u00edsica)\",\"p41_privadopj\":\"Privado (P. Jur\\u00eddica)\",\"p42_meiodedivulgacaoproprio\":\"Sim\",\"p43_impressoes\":\"Impressos\",\"p43_facebook\":\"Facebook\",\"p43_whatsapp\":\"WhatsApp\",\"p43_instagram\":\"Instagram\",\"p43_sitesblogs\":\"Blogs\\\/sites\",\"p44_radio\":\"TV\",\"p44_redessociais\":\"Redes sociais (Facebook, YouTube, Instagram etc.)\",\"p44_sitesblogs\":\"Sites ou Blogs\",\"p39_publico\":\"TRANS NEGROS POPULA\\u00c7\\u00c3O LGBTQIA+\",\"p45_bandeira\":\"SA\\u00daDE DIGNA POPULA\\u00c7\\u00c3O SITUA\\u00c7\\u00c3O-DE-RUA\",\"p46_hashtags\":\"#SAUDEDIGNA #POPRUA #SAUDENARUA\"},{\"p1_eixo\":\"Cultura\",\"p9_tipoorganizacao\":\"Instituto\",\"p12_uf\":\"MT\",\"p13_cidade\":\"CUIAB\\u00c1\",\"p16_bairro\":\"Bairro\",\"p16_nacional\":\"Nacional\",\"p17_ano\":\"2013\",\"p18_agrario\":\"Agr\\u00e1rio\\\/ruralidades\",\"p18_comunicacao\":\"Comunica\\u00e7\\u00e3o\",\"p18_difusaoartistica\":\"Difus\\u00e3o Art\\u00edstica\",\"p18_desenvolvimentoterritorial\":\"Desenvolvimento territorial\",\"p18_direitoshumanos\":\"Direitos humanos\",\"p18_educacao\":\"Educa\\u00e7\\u00e3o\",\"p18_feminismos\":\"Feminismos\",\"p18_lgbtqi\":\"LGBTQI\",\"p18_lutaantirracismo\":\"Luta antirracismo\",\"p18_povosecomunidadestradicionais\":\"Povos e comunidades tradicionais\",\"p18_trabalho\":\"Trabalho\",\"p18_religiao\":\"Religi\\u00e3o\",\"p18_saude\":\"Sa\\u00fade\",\"p18_violencia\":\"Viol\\u00eancia\",\"p19_educacao\":\"Educa\\u00e7\\u00e3o\",\"p19_feminismos\":\"Feminismos\",\"p19_lutaantirracismo\":\"Luta antirracismo\",\"p19_povosecomunidadestradicionais\":\"Povos e comunidades tradicionais\",\"p19_difusaoartistica\":\"Difus\\u00e3o Art\\u00edstica\",\"p19_politicasculturais\":\"Pol\\u00edticas Culturais\",\"p20_reunioes\":\"Reuni\\u00f5es\",\"p20_oficinas\":\"Oficinas\",\"p20_formacao\":\"Forma\\u00e7\\u00e3o\",\"p20_apresentacoesartisticas\":\"Apresenta\\u00e7\\u00f5es art\\u00edsticas\",\"p21_intoleranciareligiosa\":\"Fundamentalismo\\\/intoler\\u00e2ncia religiosa\",\"p21_xenofobia\":\"Xenofobia\",\"p21_machismo\":\"Machismo\",\"p21_racismo\":\"Racismo\",\"p21_lgbtqifobia\":\"LGBTIfobia\",\"p21_nenhum\":\"Nenhum\",\"p22_numerodeparticipantes\":\"15 - 30\",\"p23_reunioes\":\"Reuni\\u00f5es\",\"p23_oficinas\":\"Oficinas\",\"p23_oficinasaulasartisticas\":\"Ensaio\\\/Oficinas\\\/Aulas Art\\u00edsticas\",\"p23_apresentacoesartisticas\":\"Apresenta\\u00e7\\u00f5es Art\\u00edsticas\",\"p24_reunioes\":\"Reuni\\u00f5es\",\"p24_oficinas\":\"Oficinas\",\"p24_curso\":\"Curso\",\"p24_formacao\":\"Forma\\u00e7\\u00e3o\",\"p24_apresentacoesartisticas\":\"Apresenta\\u00e7\\u00f5es art\\u00edsticas\",\"p24_outros\":\"Outros\",\"p25_numerodepessoas\":\"20 - 40\",\"p26_numerodepessoas\":\"40 - 60\",\"p27_espacopublico\":\"Espa\\u00e7o p\\u00fablico\",\"p27_espacoemprestadocedido\":\"Espa\\u00e7o emprestado\\\/cedido\",\"p27_espacoproprio\":\"Espa\\u00e7o pr\\u00f3prio\",\"p28_territorios\":\"Pr\\u00f3prio bairro\",\"p30_outrasorganizacoes\":\"Sim\",\"p32_campanhadelongaduracao\":\"Sim\",\"p34_municipal\":\"Municipal\",\"p34_estadual\":\"Estadual\",\"p34_nacional\":\"Nacional\",\"p36_conselhosdeparticipacaoecontrolesocial\":\"Sim\",\"p38_sim\":\"Sim\",\"p38_nenhum\":\"Nenhum\",\"p40_editais\":\"Sim\",\"p41_publicoestatal\":\"P\\u00fablico-Estatal\",\"p42_meiodedivulgacaoproprio\":\"Sim\",\"p43_impressoes\":\"Impressos\",\"p43_email\":\"E-mail\",\"p43_facebook\":\"Facebook\",\"p43_whatsapp\":\"WhatsApp\",\"p43_instagram\":\"Instagram\",\"p43_sitesblogs\":\"Blogs\\\/sites\",\"p44_radio\":\"TV\",\"p44_jornaisimpressosdebairro\":\"Jornais impressos de bairro\",\"p44_redessociais\":\"Redes sociais (Facebook, YouTube, Instagram etc.)\",\"p39_publico\":\"TODA COMUNIDADE\",\"p45_bandeira\":\"ACESSO BENS SOCIAIS CULTURAIS ART\\u00cdSTICOS\",\"p46_hashtags\":\"#ARTE #CULTURA #COMUNIDADE\"},{\"p1_eixo\":\"Trabalho\",\"p9_tipoorganizacao\":\"Associa\\u00e7\\u00e3o\",\"p12_uf\":\"RJ\",\"p13_cidade\":\"RIO DE JANEIRO\",\"p16_cidade\":\"Cidade\",\"p16_nacional\":\"Nacional\",\"p17_ano\":\"2014\",\"p18_agrario\":\"Agr\\u00e1rio\\\/ruralidades\",\"p18_comunicacao\":\"Comunica\\u00e7\\u00e3o\",\"p18_desenvolvimentoterritorial\":\"Desenvolvimento territorial\",\"p18_direitoshumanos\":\"Direitos humanos\",\"p18_educacao\":\"Educa\\u00e7\\u00e3o\",\"p18_feminismos\":\"Feminismos\",\"p18_lgbtqi\":\"LGBTQI\",\"p18_lutaantirracismo\":\"Luta antirracismo\",\"p18_mobilidade\":\"Mobilidade\",\"p18_povosecomunidadestradicionais\":\"Povos e comunidades tradicionais\",\"p18_trabalho\":\"Trabalho\",\"p18_religiao\":\"Religi\\u00e3o\",\"p18_saude\":\"Sa\\u00fade\",\"p18_violencia\":\"Viol\\u00eancia\",\"p19_agrario\":\"Agr\\u00e1rio\\\/ruralidades\",\"p19_desenvolvimentoterritorial\":\"Desenvolvimento territorial\",\"p19_feminismos\":\"Feminismos\",\"p19_lutaantirracismo\":\"Luta antirracismo\",\"p19_povosecomunidadestradicionais\":\"Povos e comunidades tradicionais\",\"p20_reunioes\":\"Reuni\\u00f5es\",\"p20_atendimento\":\"Atendimento\",\"p20_oficinas\":\"Oficinas\",\"p20_formacao\":\"Forma\\u00e7\\u00e3o\",\"p20_visitasexcursoes\":\"Visitas\\\/Excurs\\u00f5es\",\"p21_repressaopolicial\":\"Repress\\u00e3o policial\",\"p21_intoleranciareligiosa\":\"Fundamentalismo\\\/intoler\\u00e2ncia religiosa\",\"p21_xenofobia\":\"Xenofobia\",\"p21_machismo\":\"Machismo\",\"p21_racismo\":\"Racismo\",\"p21_lgbtqifobia\":\"LGBTIfobia\",\"p22_numerodeparticipantes\":\"Mais de 90\",\"p23_reunioes\":\"Reuni\\u00f5es\",\"p23_atendimento\":\"Atendimento\",\"p23_oficinas\":\"Oficinas\",\"p23_oficinasaulasartisticas\":\"Ensaio\\\/Oficinas\\\/Aulas Art\\u00edsticas\",\"p23_apresentacoesartisticas\":\"Apresenta\\u00e7\\u00f5es Art\\u00edsticas\",\"p23_visitas\":\"Visitas\",\"p24_reunioes\":\"Reuni\\u00f5es\",\"p24_atendimento\":\"Atendimentos\",\"p24_curso\":\"Curso\",\"p24_formacao\":\"Forma\\u00e7\\u00e3o\",\"p24_visitasexcursoes\":\"Visitas\\\/Excurs\\u00f5es\",\"p24_outros\":\"Outros\",\"p25_numerodepessoas\":\"20 - 40\",\"p26_numerodepessoas\":\"20 - 40\",\"p27_espacopublico\":\"Espa\\u00e7o p\\u00fablico\",\"p27_espacoemprestadocedido\":\"Espa\\u00e7o emprestado\\\/cedido\",\"p27_espacoproprio\":\"Espa\\u00e7o pr\\u00f3prio\",\"p28_territorios\":\"Atua\\u00e7\\u00e3o Nacional\",\"p30_outrasorganizacoes\":\"Sim\",\"p32_campanhadelongaduracao\":\"N\\u00e3o\",\"p34_estadual\":\"Estadual\",\"p34_nacional\":\"Nacional\",\"p36_conselhosdeparticipacaoecontrolesocial\":\"Sim\",\"p38_sim\":\"Sim\",\"p40_editais\":\"Sim\",\"p41_publicoestatal\":\"P\\u00fablico-Estatal\",\"p41_privadopj\":\"Privado (P. Jur\\u00eddica)\",\"p42_meiodedivulgacaoproprio\":\"Sim\",\"p43_impressoes\":\"Impressos\",\"p43_email\":\"E-mail\",\"p43_facebook\":\"Facebook\",\"p43_sitesblogs\":\"Blogs\\\/sites\",\"p44_radio\":\"TV\",\"p44_jornaisimpressosdebairro\":\"Jornais impressos de bairro\",\"p44_redessociais\":\"Redes sociais (Facebook, YouTube, Instagram etc.)\",\"p39_publico\":\"AFRO EMPREENDEDORES\",\"p45_bandeira\":\"FORMA\\u00c7\\u00c3O POLITICA P\\u00daBLICA\",\"p46_hashtags\":\"#ESPERANCA\"},{\"p1_eixo\":\"Trabalho\",\"p9_tipoorganizacao\":\"Associa\\u00e7\\u00e3o\",\"p12_uf\":\"BA\",\"p13_cidade\":\"SENHOR DO BONFIM\",\"p16_cidade\":\"Cidade\",\"p17_ano\":\"1998\",\"p16_estado\":\"Estado\",\"p18_agrario\":\"Agr\\u00e1rio\\\/ruralidades\",\"p18_comunicacao\":\"Comunica\\u00e7\\u00e3o\",\"p18_desenvolvimentoterritorial\":\"Desenvolvimento territorial\",\"p18_educacao\":\"Educa\\u00e7\\u00e3o\",\"p18_lutaantirracismo\":\"Luta antirracismo\",\"p18_mobilidade\":\"Mobilidade\",\"p18_povosecomunidadestradicionais\":\"Povos e comunidades tradicionais\",\"p18_trabalho\":\"Trabalho\",\"p18_violencia\":\"Viol\\u00eancia\",\"p19_agrario\":\"Agr\\u00e1rio\\\/ruralidades\",\"p19_desenvolvimentoterritorial\":\"Desenvolvimento territorial\",\"p19_educacao\":\"Educa\\u00e7\\u00e3o\",\"p19_povosecomunidadestradicionais\":\"Povos e comunidades tradicionais\",\"p20_reunioes\":\"Reuni\\u00f5es\",\"p20_atendimento\":\"Atendimento\",\"p20_visitasexcursoes\":\"Visitas\\\/Excurs\\u00f5es\",\"p21_repressaopolicial\":\"Repress\\u00e3o policial\",\"p21_intoleranciareligiosa\":\"Fundamentalismo\\\/intoler\\u00e2ncia religiosa\",\"p21_machismo\":\"Machismo\",\"p21_racismo\":\"Racismo\",\"p21_lgbtqifobia\":\"LGBTIfobia\",\"p21_nenhum\":\"Nenhum\",\"p22_numerodeparticipantes\":\"30 - 45\",\"p23_atendimento\":\"Atendimento\",\"p23_visitas\":\"Visitas\",\"p23_outros\":\"Outros\",\"p24_reunioes\":\"Reuni\\u00f5es\",\"p24_atendimento\":\"Atendimentos\",\"p24_visitasexcursoes\":\"Visitas\\\/Excurs\\u00f5es\",\"p24_outros\":\"Outros\",\"p25_numerodepessoas\":\"Mais de 500\",\"p26_numerodepessoas\":\"Mais de 500\",\"p27_espacopublico\":\"Espa\\u00e7o p\\u00fablico\",\"p27_espacoemprestadocedido\":\"Espa\\u00e7o emprestado\\\/cedido\",\"p27_espacoproprio\":\"Espa\\u00e7o pr\\u00f3prio\",\"p28_territorios\":\"Estado\",\"p30_outrasorganizacoes\":\"Sim\",\"p32_campanhadelongaduracao\":\"N\\u00e3o\",\"p34_estadual\":\"Estadual\",\"p34_nacional\":\"Nacional\",\"p36_conselhosdeparticipacaoecontrolesocial\":\"N\\u00e3o\",\"p38_sim\":\"Sim\",\"p38_nenhum\":\"Nenhum\",\"p40_editais\":\"Sim\",\"p41_publicoestatal\":\"P\\u00fablico-Estatal\",\"p41_privadopj\":\"Privado (P. Jur\\u00eddica)\",\"p41_financiamentocoletivo0\":\"Financiamento coletivo\",\"p42_meiodedivulgacaoproprio\":\"Sim\",\"p43_email\":\"E-mail\",\"p43_facebook\":\"Facebook\",\"p43_sitesblogs\":\"Blogs\\\/sites\",\"p44_radio\":\"TV\",\"p44_redessociais\":\"Redes sociais (Facebook, YouTube, Instagram etc.)\",\"p44_sitesblogs\":\"Sites ou Blogs\",\"p39_publico\":\"AGRICULTOR AGRICULTORA FAMILIAR\",\"p45_bandeira\":\"FORTALECIMENTO PESSOA APOIO ASSENTAMENTOS\",\"p46_hashtags\":\"#ESPERANCA\"},{\"p1_eixo\":\"Trabalho\",\"p9_tipoorganizacao\":\"Cooperativa\",\"p12_uf\":\"GO\",\"p13_cidade\":\"CERES\",\"p17_ano\":\"2011\",\"p16_estado\":\"Estado\",\"p18_agrario\":\"Agr\\u00e1rio\\\/ruralidades\",\"p18_comunicacao\":\"Comunica\\u00e7\\u00e3o\",\"p18_desenvolvimentoterritorial\":\"Desenvolvimento territorial\",\"p18_direitoshumanos\":\"Direitos humanos\",\"p18_educacao\":\"Educa\\u00e7\\u00e3o\",\"p18_feminismos\":\"Feminismos\",\"p18_lutaantirracismo\":\"Luta antirracismo\",\"p18_povosecomunidadestradicionais\":\"Povos e comunidades tradicionais\",\"p18_trabalho\":\"Trabalho\",\"p18_violencia\":\"Viol\\u00eancia\",\"p18_politicasculturais\":\"Pol\\u00edticas Culturais\",\"p19_agrario\":\"Agr\\u00e1rio\\\/ruralidades\",\"p19_educacao\":\"Educa\\u00e7\\u00e3o\",\"p19_feminismos\":\"Feminismos\",\"p19_povosecomunidadestradicionais\":\"Povos e comunidades tradicionais\",\"p19_trabalho\":\"Trabalho\",\"p19_violencia\":\"Viol\\u00eancia\",\"p20_reunioes\":\"Reuni\\u00f5es\",\"p20_oficinas\":\"Oficinas\",\"p20_oficinasaulasartisticas\":\"Ensaios\\\/Oficinas\\\/Aulas art\\u00edsticas\",\"p20_formacao\":\"Forma\\u00e7\\u00e3o\",\"p20_visitasexcursoes\":\"Visitas\\\/Excurs\\u00f5es\",\"p21_machismo\":\"Machismo\",\"p21_racismo\":\"Racismo\",\"p21_nenhum\":\"Nenhum\",\"p22_numerodeparticipantes\":\"15 - 30\",\"p23_reunioes\":\"Reuni\\u00f5es\",\"p23_oficinas\":\"Oficinas\",\"p23_cursos\":\"Cursos\",\"p23_formacao\":\"Forma\\u00e7\\u00e3o\",\"p23_visitas\":\"Visitas\",\"p23_outros\":\"Outros\",\"p24_reunioes\":\"Reuni\\u00f5es\",\"p24_atendimento\":\"Atendimentos\",\"p24_oficinas\":\"Oficinas\",\"p24_curso\":\"Curso\",\"p24_formacao\":\"Forma\\u00e7\\u00e3o\",\"p24_outros\":\"Outros\",\"p25_numerodepessoas\":\"200 - 300\",\"p26_numerodepessoas\":\"20 - 40\",\"p27_espacopublico\":\"Espa\\u00e7o p\\u00fablico\",\"p27_espacoemprestadocedido\":\"Espa\\u00e7o emprestado\\\/cedido\",\"p27_espacoproprio\":\"Espa\\u00e7o pr\\u00f3prio\",\"p28_territorios\":\"Estado\",\"p30_outrasorganizacoes\":\"N\\u00e3o\",\"p32_campanhadelongaduracao\":\"Sim\",\"p34_municipal\":\"Municipal\",\"p34_estadual\":\"Estadual\",\"p34_nacional\":\"Nacional\",\"p36_conselhosdeparticipacaoecontrolesocial\":\"Sim\",\"p38_sim\":\"Sim\",\"p38_nenhum\":\"Nenhum\",\"p40_editais\":\"Sim\",\"p41_publicoestatal\":\"P\\u00fablico-Estatal\",\"p41_autofinanciamento\":\"Autofinanciamento\",\"p41_financiamentocoletivo0\":\"Financiamento coletivo\",\"p42_meiodedivulgacaoproprio\":\"Sim\",\"p43_email\":\"E-mail\",\"p43_whatsapp\":\"WhatsApp\",\"p44_redessociais\":\"Redes sociais (Facebook, YouTube, Instagram etc.)\",\"p44_sitesblogs\":\"Sites ou Blogs\",\"p39_publico\":\"AGRICULTURA FAMILIAR POVOS COMUNIDADES TRADICIONAIS JOVENS MULHERES\",\"p45_bandeira\":\"DEFESA BIOMA CERRADO AGROECOLOGIA POVOS CERRADO\",\"p46_hashtags\":\"#SEMCERRADOSEMVIDA #CONTRAOSAGROTOXICOS #ELENAO\"},{\"p1_eixo\":\"Trabalho\",\"p9_tipoorganizacao\":\"Coletivo\",\"p12_uf\":\"ES\",\"p13_cidade\":\"SERRA\",\"p16_internacional\":\"Internacional\",\"p17_ano\":\"2010\",\"p16_estado\":\"Estado\",\"p18_agrario\":\"Agr\\u00e1rio\\\/ruralidades\",\"p18_comunicacao\":\"Comunica\\u00e7\\u00e3o\",\"p18_difusaoartistica\":\"Difus\\u00e3o Art\\u00edstica\",\"p18_desenvolvimentoterritorial\":\"Desenvolvimento territorial\",\"p18_direitoshumanos\":\"Direitos humanos\",\"p18_educacao\":\"Educa\\u00e7\\u00e3o\",\"p18_feminismos\":\"Feminismos\",\"p18_lgbtqi\":\"LGBTQI\",\"p18_lutaantirracismo\":\"Luta antirracismo\",\"p18_moradia\":\"Moradia\",\"p18_trabalho\":\"Trabalho\",\"p18_religiao\":\"Religi\\u00e3o\",\"p18_saude\":\"Sa\\u00fade\",\"p18_violencia\":\"Viol\\u00eancia\",\"p18_politicasculturais\":\"Pol\\u00edticas Culturais\",\"p19_direitoshumanos\":\"Direitos humanos\",\"p19_feminismos\":\"Feminismos\",\"p19_lutaantirracismo\":\"Luta antirracismo\",\"p19_trabalho\":\"Trabalho\",\"p19_violencia\":\"Viol\\u00eancia\",\"p20_reunioes\":\"Reuni\\u00f5es\",\"p20_oficinas\":\"Oficinas\",\"p20_oficinasaulasartisticas\":\"Ensaios\\\/Oficinas\\\/Aulas art\\u00edsticas\",\"p20_formacao\":\"Forma\\u00e7\\u00e3o\",\"p20_apresentacoesartisticas\":\"Apresenta\\u00e7\\u00f5es art\\u00edsticas\",\"p20_visitasexcursoes\":\"Visitas\\\/Excurs\\u00f5es\",\"p21_repressaopolicial\":\"Repress\\u00e3o policial\",\"p21_intoleranciareligiosa\":\"Fundamentalismo\\\/intoler\\u00e2ncia religiosa\",\"p21_xenofobia\":\"Xenofobia\",\"p21_machismo\":\"Machismo\",\"p21_racismo\":\"Racismo\",\"p21_lgbtqifobia\":\"LGBTIfobia\",\"p22_numerodeparticipantes\":\"15 - 30\",\"p23_reunioes\":\"Reuni\\u00f5es\",\"p23_oficinas\":\"Oficinas\",\"p23_cursos\":\"Cursos\",\"p23_formacao\":\"Forma\\u00e7\\u00e3o\",\"p23_visitas\":\"Visitas\",\"p23_outros\":\"Outros\",\"p24_reunioes\":\"Reuni\\u00f5es\",\"p24_oficinas\":\"Oficinas\",\"p24_oficinasaulasartisticas\":\"Ensaios\\\/Oficinas\\\/Aulas art\\u00edsticas\",\"p24_curso\":\"Curso\",\"p24_formacao\":\"Forma\\u00e7\\u00e3o\",\"p24_apresentacoesartisticas\":\"Apresenta\\u00e7\\u00f5es art\\u00edsticas\",\"p24_outros\":\"Outros\",\"p25_numerodepessoas\":\"40 - 60\",\"p26_numerodepessoas\":\"1 - 20\",\"p27_espacoemprestadocedido\":\"Espa\\u00e7o emprestado\\\/cedido\",\"p28_territorios\":\"Regi\\u00e3o da Cidade\",\"p30_outrasorganizacoes\":\"Sim\",\"p32_campanhadelongaduracao\":\"Sim\",\"p34_municipal\":\"Municipal\",\"p34_estadual\":\"Estadual\",\"p34_nacional\":\"Nacional\",\"p34_nenhuma\":\"Nenhuma\",\"p36_conselhosdeparticipacaoecontrolesocial\":\"Sim\",\"p38_sim\":\"Sim\",\"p40_editais\":\"N\\u00e3o\",\"p41_privadopf\":\"Privado (P. F\\u00edsica)\",\"p41_privadopj\":\"Privado (P. Jur\\u00eddica)\",\"p41_autofinanciamento\":\"Autofinanciamento\",\"p41_financiamentocoletivo0\":\"Financiamento coletivo\",\"p42_meiodedivulgacaoproprio\":\"Sim\",\"p43_facebook\":\"Facebook\",\"p43_whatsapp\":\"WhatsApp\",\"p43_instagram\":\"Instagram\",\"p44_radio\":\"TV\",\"p44_jornaisimpressosdebairro\":\"Jornais impressos de bairro\",\"p44_redessociais\":\"Redes sociais (Facebook, YouTube, Instagram etc.)\",\"p44_sitesblogs\":\"Sites ou Blogs\",\"p39_publico\":\"MULHERES M\\u00c3ES FAM\\u00cdLIA VULNERABILIDADE\",\"p45_bandeira\":\"RENDA CONTRA MULHER IGUALDADE G\\u00caNERO VALORIZA\\u00c7\\u00c3O PR\\u00c1TICAS ARTESANAIS COLETIVAS\",\"p46_hashtags\":\"#ARRTESANATOCOMVOZEIDENTIDADE #QUALQUERCOISAMENOSOCOISO #COMPREENDEQUEMFAZSEMEAR\"},{\"p1_eixo\":\"Trabalho\",\"p9_tipoorganizacao\":\"Coletivo\",\"p12_uf\":\"BA\",\"p13_cidade\":\"ITACAR\\u00c9\",\"p16_nacional\":\"Nacional\",\"p16_internacional\":\"Internacional\",\"p17_ano\":\"2016\",\"p18_agrario\":\"Agr\\u00e1rio\\\/ruralidades\",\"p18_comunicacao\":\"Comunica\\u00e7\\u00e3o\",\"p18_difusaoartistica\":\"Difus\\u00e3o Art\\u00edstica\",\"p18_desenvolvimentoterritorial\":\"Desenvolvimento territorial\",\"p18_direitoshumanos\":\"Direitos humanos\",\"p18_educacao\":\"Educa\\u00e7\\u00e3o\",\"p18_feminismos\":\"Feminismos\",\"p18_lgbtqi\":\"LGBTQI\",\"p18_lutaantirracismo\":\"Luta antirracismo\",\"p18_moradia\":\"Moradia\",\"p18_trabalho\":\"Trabalho\",\"p18_religiao\":\"Religi\\u00e3o\",\"p18_saude\":\"Sa\\u00fade\",\"p18_violencia\":\"Viol\\u00eancia\",\"p18_politicasculturais\":\"Pol\\u00edticas Culturais\",\"p19_desenvolvimentoterritorial\":\"Desenvolvimento territorial\",\"p19_direitoshumanos\":\"Direitos humanos\",\"p19_feminismos\":\"Feminismos\",\"p19_lutaantirracismo\":\"Luta antirracismo\",\"p19_moradia\":\"Moradia\",\"p19_politicasculturais\":\"Pol\\u00edticas Culturais\",\"p20_reunioes\":\"Reuni\\u00f5es\",\"p20_atendimento\":\"Atendimento\",\"p20_oficinas\":\"Oficinas\",\"p20_oficinasaulasartisticas\":\"Ensaios\\\/Oficinas\\\/Aulas art\\u00edsticas\",\"p20_apresentacoesartisticas\":\"Apresenta\\u00e7\\u00f5es art\\u00edsticas\",\"p21_repressaopolicial\":\"Repress\\u00e3o policial\",\"p21_intoleranciareligiosa\":\"Fundamentalismo\\\/intoler\\u00e2ncia religiosa\",\"p21_xenofobia\":\"Xenofobia\",\"p21_machismo\":\"Machismo\",\"p21_racismo\":\"Racismo\",\"p21_lgbtqifobia\":\"LGBTIfobia\",\"p22_numerodeparticipantes\":\"1  - 15\",\"p23_oficinas\":\"Oficinas\",\"p23_oficinasaulasartisticas\":\"Ensaio\\\/Oficinas\\\/Aulas Art\\u00edsticas\",\"p23_outros\":\"Outros\",\"p24_reunioes\":\"Reuni\\u00f5es\",\"p24_oficinas\":\"Oficinas\",\"p24_oficinasaulasartisticas\":\"Ensaios\\\/Oficinas\\\/Aulas art\\u00edsticas\",\"p24_apresentacoesartisticas\":\"Apresenta\\u00e7\\u00f5es art\\u00edsticas\",\"p24_visitasexcursoes\":\"Visitas\\\/Excurs\\u00f5es\",\"p24_outros\":\"Outros\",\"p25_numerodepessoas\":\"1 - 20\",\"p26_numerodepessoas\":\"1 - 20\",\"p27_espacoemprestadocedido\":\"Espa\\u00e7o emprestado\\\/cedido\",\"p27_espacoproprio\":\"Espa\\u00e7o pr\\u00f3prio\",\"p28_territorios\":\"Regi\\u00e3o da Cidade\",\"p30_outrasorganizacoes\":\"Sim\",\"p32_campanhadelongaduracao\":\"N\\u00e3o\",\"p34_nacional\":\"Nacional\",\"p34_nenhuma\":\"Nenhuma\",\"p36_conselhosdeparticipacaoecontrolesocial\":\"N\\u00e3o\",\"p38_sim\":\"Sim\",\"p40_editais\":\"Sim\",\"p41_publicoestatal\":\"P\\u00fablico-Estatal\",\"p41_privadopf\":\"Privado (P. F\\u00edsica)\",\"p41_privadopj\":\"Privado (P. Jur\\u00eddica)\",\"p41_autofinanciamento\":\"Autofinanciamento\",\"p41_financiamentocoletivo0\":\"Financiamento coletivo\",\"p42_meiodedivulgacaoproprio\":\"Sim\",\"p43_email\":\"E-mail\",\"p43_facebook\":\"Facebook\",\"p43_whatsapp\":\"WhatsApp\",\"p43_instagram\":\"Instagram\",\"p43_sitesblogs\":\"Blogs\\\/sites\",\"p44_radio\":\"TV\",\"p44_jornaisimpressosdegrandecirculacao\":\"Jornais impressos de grande circula\\u00e7\\u00e3o\",\"p44_jornaisimpressosdebairro\":\"Jornais impressos de bairro\",\"p44_redessociais\":\"Redes sociais (Facebook, YouTube, Instagram etc.)\",\"p44_sitesblogs\":\"Sites ou Blogs\",\"p39_publico\":\"MULHERES\",\"p45_bandeira\":\"FEMINISMO INTERSECCIONAL\",\"p46_hashtags\":\"#EUSOUPORQUENOSSOMOS #VAMOSJUNTAS #ME2\"},{\"p1_eixo\":\"Trabalho\",\"p9_tipoorganizacao\":\"ONG\",\"p12_uf\":\"ES\",\"p13_cidade\":\"VIT\\u00d3RIA\",\"p16_bairro\":\"Bairro\",\"p16_nacional\":\"Nacional\",\"p17_ano\":\"2002\",\"p18_comunicacao\":\"Comunica\\u00e7\\u00e3o\",\"p18_difusaoartistica\":\"Difus\\u00e3o Art\\u00edstica\",\"p18_desenvolvimentoterritorial\":\"Desenvolvimento territorial\",\"p18_direitoshumanos\":\"Direitos humanos\",\"p18_educacao\":\"Educa\\u00e7\\u00e3o\",\"p18_feminismos\":\"Feminismos\",\"p18_mobilidade\":\"Mobilidade\",\"p18_moradia\":\"Moradia\",\"p18_povosecomunidadestradicionais\":\"Povos e comunidades tradicionais\",\"p18_trabalho\":\"Trabalho\",\"p18_saude\":\"Sa\\u00fade\",\"p18_violencia\":\"Viol\\u00eancia\",\"p18_politicasculturais\":\"Pol\\u00edticas Culturais\",\"p19_comunicacao\":\"Comunica\\u00e7\\u00e3o\",\"p19_desenvolvimentoterritorial\":\"Desenvolvimento territorial\",\"p19_direitoshumanos\":\"Direitos humanos\",\"p19_moradia\":\"Moradia\",\"p19_trabalho\":\"Trabalho\",\"p19_politicasculturais\":\"Pol\\u00edticas Culturais\",\"p20_atendimento\":\"Atendimento\",\"p20_oficinas\":\"Oficinas\",\"p20_oficinasaulasartisticas\":\"Ensaios\\\/Oficinas\\\/Aulas art\\u00edsticas\",\"p21_intoleranciareligiosa\":\"Fundamentalismo\\\/intoler\\u00e2ncia religiosa\",\"p21_nenhum\":\"Nenhum\",\"p22_numerodeparticipantes\":\"15 - 30\",\"p23_oficinas\":\"Oficinas\",\"p23_oficinasaulasartisticas\":\"Ensaio\\\/Oficinas\\\/Aulas Art\\u00edsticas\",\"p23_outros\":\"Outros\",\"p24_visitasexcursoes\":\"Visitas\\\/Excurs\\u00f5es\",\"p24_outros\":\"Outros\",\"p25_numerodepessoas\":\"1 - 20\",\"p26_numerodepessoas\":\"40 - 60\",\"p27_espacoemprestadocedido\":\"Espa\\u00e7o emprestado\\\/cedido\",\"p27_espacoproprio\":\"Espa\\u00e7o pr\\u00f3prio\",\"p28_territorios\":\"Atua\\u00e7\\u00e3o Nacional\",\"p30_outrasorganizacoes\":\"Sim\",\"p32_campanhadelongaduracao\":\"Sim\",\"p34_municipal\":\"Municipal\",\"p34_estadual\":\"Estadual\",\"p34_nacional\":\"Nacional\",\"p36_conselhosdeparticipacaoecontrolesocial\":\"Sim\",\"p38_sim\":\"Sim\",\"p38_nenhum\":\"Nenhum\",\"p40_editais\":\"Sim\",\"p41_publicoestatal\":\"P\\u00fablico-Estatal\",\"p41_privadopj\":\"Privado (P. Jur\\u00eddica)\",\"p41_financiamentocoletivo0\":\"Financiamento coletivo\",\"p42_meiodedivulgacaoproprio\":\"Sim\",\"p43_email\":\"E-mail\",\"p43_facebook\":\"Facebook\",\"p43_whatsapp\":\"WhatsApp\",\"p43_sitesblogs\":\"Blogs\\\/sites\",\"p44_radio\":\"TV\",\"p44_jornaisimpressosdegrandecirculacao\":\"Jornais impressos de grande circula\\u00e7\\u00e3o\",\"p44_jornaisimpressosdebairro\":\"Jornais impressos de bairro\",\"p44_redessociais\":\"Redes sociais (Facebook, YouTube, Instagram etc.)\",\"p44_sitesblogs\":\"Sites ou Blogs\",\"p39_publico\":\"FAM\\u00cdLIAS COMUNIDADES VULNERABILIDADE\",\"p45_bandeira\":\"ECONOMIA SOLID\\u00c1RIA MORADIA\",\"p46_hashtags\":\"#LUTAPELAECONOMIASOLIDARIA #FIMDADESIGUALDADEOSCIAL #DIGNIDADEDEMORADIA\"},{\"p1_eixo\":\"Trabalho\",\"p9_tipoorganizacao\":\"Coletivo\",\"p12_uf\":\"RR\",\"p13_cidade\":\"BOA VISTA\",\"p16_bairro\":\"Bairro\",\"p17_ano\":\"2008\",\"p16_estado\":\"Estado\",\"p18_agrario\":\"Agr\\u00e1rio\\\/ruralidades\",\"p18_comunicacao\":\"Comunica\\u00e7\\u00e3o\",\"p18_difusaoartistica\":\"Difus\\u00e3o Art\\u00edstica\",\"p18_desenvolvimentoterritorial\":\"Desenvolvimento territorial\",\"p18_direitoshumanos\":\"Direitos humanos\",\"p18_educacao\":\"Educa\\u00e7\\u00e3o\",\"p18_feminismos\":\"Feminismos\",\"p18_lgbtqi\":\"LGBTQI\",\"p18_lutaantirracismo\":\"Luta antirracismo\",\"p18_mobilidade\":\"Mobilidade\",\"p18_moradia\":\"Moradia\",\"p18_povosecomunidadestradicionais\":\"Povos e comunidades tradicionais\",\"p18_trabalho\":\"Trabalho\",\"p18_religiao\":\"Religi\\u00e3o\",\"p18_saude\":\"Sa\\u00fade\",\"p18_violencia\":\"Viol\\u00eancia\",\"p18_politicasculturais\":\"Pol\\u00edticas Culturais\",\"p19_comunicacao\":\"Comunica\\u00e7\\u00e3o\",\"p19_direitoshumanos\":\"Direitos humanos\",\"p19_trabalho\":\"Trabalho\",\"p19_politicasculturais\":\"Pol\\u00edticas Culturais\",\"p20_reunioes\":\"Reuni\\u00f5es\",\"p20_oficinas\":\"Oficinas\",\"p20_oficinasaulasartisticas\":\"Ensaios\\\/Oficinas\\\/Aulas art\\u00edsticas\",\"p20_formacao\":\"Forma\\u00e7\\u00e3o\",\"p20_apresentacoesartisticas\":\"Apresenta\\u00e7\\u00f5es art\\u00edsticas\",\"p21_repressaopolicial\":\"Repress\\u00e3o policial\",\"p21_nenhum\":\"Nenhum\",\"p22_numerodeparticipantes\":\"15 - 30\",\"p23_oficinas\":\"Oficinas\",\"p23_oficinasaulasartisticas\":\"Ensaio\\\/Oficinas\\\/Aulas Art\\u00edsticas\",\"p23_outros\":\"Outros\",\"p24_reunioes\":\"Reuni\\u00f5es\",\"p24_formacao\":\"Forma\\u00e7\\u00e3o\",\"p24_outros\":\"Outros\",\"p25_numerodepessoas\":\"100 - 200\",\"p26_numerodepessoas\":\"200 - 300\",\"p27_espacoemprestadocedido\":\"Espa\\u00e7o emprestado\\\/cedido\",\"p28_territorios\":\"Pr\\u00f3prio bairro\",\"p30_outrasorganizacoes\":\"N\\u00e3o\",\"p32_campanhadelongaduracao\":\"N\\u00e3o\",\"p34_municipal\":\"Municipal\",\"p34_estadual\":\"Estadual\",\"p34_nacional\":\"Nacional\",\"p36_conselhosdeparticipacaoecontrolesocial\":\"Sim\",\"p38_nenhum\":\"Nenhum\",\"p40_editais\":\"N\\u00e3o\",\"p41_publicoestatal\":\"P\\u00fablico-Estatal\",\"p41_financiamentocoletivo0\":\"Financiamento coletivo\",\"p42_meiodedivulgacaoproprio\":\"Sim\",\"p43_facebook\":\"Facebook\",\"p43_whatsapp\":\"WhatsApp\",\"p44_jornaisimpressosdebairro\":\"Jornais impressos de bairro\",\"p44_sitesblogs\":\"Sites ou Blogs\",\"p39_publico\":\"SOCIEDADE ASSOCIA\\u00c7\\u00d5ES\",\"p45_bandeira\":\"LUTANDO ECONOMIA SOLID\\u00c1RIA CONTRA LATIF\\u00daNDIO\",\"p46_hashtags\":\"#ECONOMIASOLIDARIA  #SOCIEDADECIVIL\"},{\"p1_eixo\":\"Trabalho\",\"p9_tipoorganizacao\":\"Coletivo\",\"p12_uf\":\"MS\",\"p13_cidade\":\"CAMPO GRANDE\",\"p16_bairro\":\"Bairro\",\"p17_ano\":\"2008\",\"p16_estado\":\"Estado\",\"p18_agrario\":\"Agr\\u00e1rio\\\/ruralidades\",\"p18_comunicacao\":\"Comunica\\u00e7\\u00e3o\",\"p18_difusaoartistica\":\"Difus\\u00e3o Art\\u00edstica\",\"p18_desenvolvimentoterritorial\":\"Desenvolvimento territorial\",\"p18_direitoshumanos\":\"Direitos humanos\",\"p18_educacao\":\"Educa\\u00e7\\u00e3o\",\"p18_feminismos\":\"Feminismos\",\"p18_lgbtqi\":\"LGBTQI\",\"p18_lutaantirracismo\":\"Luta antirracismo\",\"p18_mobilidade\":\"Mobilidade\",\"p18_moradia\":\"Moradia\",\"p18_povosecomunidadestradicionais\":\"Povos e comunidades tradicionais\",\"p18_trabalho\":\"Trabalho\",\"p18_religiao\":\"Religi\\u00e3o\",\"p18_saude\":\"Sa\\u00fade\",\"p18_violencia\":\"Viol\\u00eancia\",\"p18_politicasculturais\":\"Pol\\u00edticas Culturais\",\"p19_direitoshumanos\":\"Direitos humanos\",\"p19_educacao\":\"Educa\\u00e7\\u00e3o\",\"p19_moradia\":\"Moradia\",\"p19_trabalho\":\"Trabalho\",\"p19_saude\":\"Sa\\u00fade\",\"p19_politicasculturais\":\"Pol\\u00edticas Culturais\",\"p20_reunioes\":\"Reuni\\u00f5es\",\"p20_oficinas\":\"Oficinas\",\"p20_oficinasaulasartisticas\":\"Ensaios\\\/Oficinas\\\/Aulas art\\u00edsticas\",\"p20_formacao\":\"Forma\\u00e7\\u00e3o\",\"p20_apresentacoesartisticas\":\"Apresenta\\u00e7\\u00f5es art\\u00edsticas\",\"p21_repressaopolicial\":\"Repress\\u00e3o policial\",\"p21_racismo\":\"Racismo\",\"p22_numerodeparticipantes\":\"Mais de 90\",\"p23_oficinas\":\"Oficinas\",\"p23_oficinasaulasartisticas\":\"Ensaio\\\/Oficinas\\\/Aulas Art\\u00edsticas\",\"p23_outros\":\"Outros\",\"p24_reunioes\":\"Reuni\\u00f5es\",\"p24_oficinas\":\"Oficinas\",\"p24_oficinasaulasartisticas\":\"Ensaios\\\/Oficinas\\\/Aulas art\\u00edsticas\",\"p24_formacao\":\"Forma\\u00e7\\u00e3o\",\"p24_outros\":\"Outros\",\"p25_numerodepessoas\":\"20 - 40\",\"p26_numerodepessoas\":\"1 - 20\",\"p27_espacopublico\":\"Espa\\u00e7o p\\u00fablico\",\"p27_espacoemprestadocedido\":\"Espa\\u00e7o emprestado\\\/cedido\",\"p27_ocupacao\":\"Ocupa\\u00e7\\u00e3o\",\"p28_territorios\":\"Estado\",\"p30_outrasorganizacoes\":\"N\\u00e3o\",\"p32_campanhadelongaduracao\":\"N\\u00e3o\",\"p34_estadual\":\"Estadual\",\"p34_nacional\":\"Nacional\",\"p36_conselhosdeparticipacaoecontrolesocial\":\"N\\u00e3o\",\"p38_nenhum\":\"Nenhum\",\"p40_editais\":\"Sim\",\"p41_publicoestatal\":\"P\\u00fablico-Estatal\",\"p41_autofinanciamento\":\"Autofinanciamento\",\"p42_meiodedivulgacaoproprio\":\"Sim\",\"p43_facebook\":\"Facebook\",\"p43_nenhum\":\"Nenhum\",\"p44_redessociais\":\"Redes sociais (Facebook, YouTube, Instagram etc.)\",\"p44_sitesblogs\":\"Sites ou Blogs\",\"p39_publico\":\"ECONOMIA-SOLID\\u00c1RIA\",\"p45_bandeira\":\"UNI\\u00c3O POVO IGUALDADE DISTRIBUI\\u00c7\\u00c3O AGRICULTURA FAMILIAR DIREITO MULHERES PARTICIPA\\u00c7\\u00c3O\",\"p46_hashtags\":\"#FORTALECERECONOMIASOLIDARIA  #MELHORIADASRELACOESINTERPESSOAIS  #SERESPACODEREFERENCIANAECONOMIASOLIDARIA\"},{\"p1_eixo\":\"Trabalho\",\"p9_tipoorganizacao\":\"Movimento Social\",\"p12_uf\":\"SC\",\"p13_cidade\":\"PAULO LOPES\",\"p16_bairro\":\"Bairro\",\"p16_cidade\":\"Cidade\",\"p17_ano\":\"1990\",\"p18_agrario\":\"Agr\\u00e1rio\\\/ruralidades\",\"p18_comunicacao\":\"Comunica\\u00e7\\u00e3o\",\"p18_difusaoartistica\":\"Difus\\u00e3o Art\\u00edstica\",\"p18_desenvolvimentoterritorial\":\"Desenvolvimento territorial\",\"p18_direitoshumanos\":\"Direitos humanos\",\"p18_educacao\":\"Educa\\u00e7\\u00e3o\",\"p18_feminismos\":\"Feminismos\",\"p18_lgbtqi\":\"LGBTQI\",\"p18_lutaantirracismo\":\"Luta antirracismo\",\"p18_mobilidade\":\"Mobilidade\",\"p18_moradia\":\"Moradia\",\"p18_povosecomunidadestradicionais\":\"Povos e comunidades tradicionais\",\"p18_trabalho\":\"Trabalho\",\"p18_religiao\":\"Religi\\u00e3o\",\"p18_saude\":\"Sa\\u00fade\",\"p18_violencia\":\"Viol\\u00eancia\",\"p18_politicasculturais\":\"Pol\\u00edticas Culturais\",\"p19_educacao\":\"Educa\\u00e7\\u00e3o\",\"p19_feminismos\":\"Feminismos\",\"p19_moradia\":\"Moradia\",\"p19_trabalho\":\"Trabalho\",\"p19_saude\":\"Sa\\u00fade\",\"p19_violencia\":\"Viol\\u00eancia\",\"p20_reunioes\":\"Reuni\\u00f5es\",\"p20_oficinas\":\"Oficinas\",\"p20_oficinasaulasartisticas\":\"Ensaios\\\/Oficinas\\\/Aulas art\\u00edsticas\",\"p21_xenofobia\":\"Xenofobia\",\"p21_machismo\":\"Machismo\",\"p21_racismo\":\"Racismo\",\"p22_numerodeparticipantes\":\"Mais de 90\",\"p23_reunioes\":\"Reuni\\u00f5es\",\"p23_apresentacoesartisticas\":\"Apresenta\\u00e7\\u00f5es Art\\u00edsticas\",\"p23_outros\":\"Outros\",\"p24_reunioes\":\"Reuni\\u00f5es\",\"p24_oficinas\":\"Oficinas\",\"p24_oficinasaulasartisticas\":\"Ensaios\\\/Oficinas\\\/Aulas art\\u00edsticas\",\"p24_apresentacoesartisticas\":\"Apresenta\\u00e7\\u00f5es art\\u00edsticas\",\"p24_outros\":\"Outros\",\"p25_numerodepessoas\":\"100 - 200\",\"p26_numerodepessoas\":\"100 - 200\",\"p27_espacopublico\":\"Espa\\u00e7o p\\u00fablico\",\"p27_ocupacao\":\"Ocupa\\u00e7\\u00e3o\",\"p28_territorios\":\"Pr\\u00f3prio bairro\",\"p30_outrasorganizacoes\":\"N\\u00e3o\",\"p32_campanhadelongaduracao\":\"N\\u00e3o\",\"p34_estadual\":\"Estadual\",\"p34_nenhuma\":\"Nenhuma\",\"p36_conselhosdeparticipacaoecontrolesocial\":\"Sim\",\"p38_nenhum\":\"Nenhum\",\"p40_editais\":\"N\\u00e3o\",\"p41_autofinanciamento\":\"Autofinanciamento\",\"p41_financiamentocoletivo0\":\"Financiamento coletivo\",\"p42_meiodedivulgacaoproprio\":\"N\\u00e3o\",\"p43_impressoes\":\"Impressos\",\"p43_email\":\"E-mail\",\"p43_facebook\":\"Facebook\",\"p43_whatsapp\":\"WhatsApp\",\"p43_instagram\":\"Instagram\",\"p43_nenhum\":\"Nenhum\",\"p44_radio\":\"TV\",\"p44_jornaisimpressosdegrandecirculacao\":\"Jornais impressos de grande circula\\u00e7\\u00e3o\",\"p44_jornaisimpressosdebairro\":\"Jornais impressos de bairro\",\"p44_redessociais\":\"Redes sociais (Facebook, YouTube, Instagram etc.)\",\"p44_sitesblogs\":\"Sites ou Blogs\",\"p39_publico\":\"QUILOMBOLAS\",\"p45_bandeira\":\"LUTA ANTIRRACISMO CONTRA \",\"p46_hashtags\":\"#LUTAPELOESPACO #LUTAPELOTRABALHODIGNO #LUTAPELAEDUCACAOESAUDE\"},{\"p1_eixo\":\"Trabalho\",\"p9_tipoorganizacao\":\"Coletivo\",\"p12_uf\":\"TO\",\"p13_cidade\":\"PALMAS\",\"p16_cidade\":\"Cidade\",\"p17_ano\":\"2019\",\"p18_comunicacao\":\"Comunica\\u00e7\\u00e3o\",\"p18_difusaoartistica\":\"Difus\\u00e3o Art\\u00edstica\",\"p18_desenvolvimentoterritorial\":\"Desenvolvimento territorial\",\"p18_direitoshumanos\":\"Direitos humanos\",\"p18_educacao\":\"Educa\\u00e7\\u00e3o\",\"p18_feminismos\":\"Feminismos\",\"p18_lgbtqi\":\"LGBTQI\",\"p18_lutaantirracismo\":\"Luta antirracismo\",\"p18_mobilidade\":\"Mobilidade\",\"p18_moradia\":\"Moradia\",\"p18_povosecomunidadestradicionais\":\"Povos e comunidades tradicionais\",\"p18_trabalho\":\"Trabalho\",\"p18_religiao\":\"Religi\\u00e3o\",\"p18_saude\":\"Sa\\u00fade\",\"p18_violencia\":\"Viol\\u00eancia\",\"p18_politicasculturais\":\"Pol\\u00edticas Culturais\",\"p19_direitoshumanos\":\"Direitos humanos\",\"p19_feminismos\":\"Feminismos\",\"p19_lutaantirracismo\":\"Luta antirracismo\",\"p19_trabalho\":\"Trabalho\",\"p19_violencia\":\"Viol\\u00eancia\",\"p19_difusaoartistica\":\"Difus\\u00e3o Art\\u00edstica\",\"p20_reunioes\":\"Reuni\\u00f5es\",\"p20_oficinas\":\"Oficinas\",\"p20_oficinasaulasartisticas\":\"Ensaios\\\/Oficinas\\\/Aulas art\\u00edsticas\",\"p20_formacao\":\"Forma\\u00e7\\u00e3o\",\"p20_apresentacoesartisticas\":\"Apresenta\\u00e7\\u00f5es art\\u00edsticas\",\"p21_repressaopolicial\":\"Repress\\u00e3o policial\",\"p21_xenofobia\":\"Xenofobia\",\"p21_machismo\":\"Machismo\",\"p21_racismo\":\"Racismo\",\"p22_numerodeparticipantes\":\"1  - 15\",\"p23_reunioes\":\"Reuni\\u00f5es\",\"p23_oficinas\":\"Oficinas\",\"p23_oficinasaulasartisticas\":\"Ensaio\\\/Oficinas\\\/Aulas Art\\u00edsticas\",\"p23_formacao\":\"Forma\\u00e7\\u00e3o\",\"p23_apresentacoesartisticas\":\"Apresenta\\u00e7\\u00f5es Art\\u00edsticas\",\"p23_outros\":\"Outros\",\"p24_formacao\":\"Forma\\u00e7\\u00e3o\",\"p24_apresentacoesartisticas\":\"Apresenta\\u00e7\\u00f5es art\\u00edsticas\",\"p24_outros\":\"Outros\",\"p25_numerodepessoas\":\"100 - 200\",\"p26_numerodepessoas\":\"100 - 200\",\"p27_espacopublico\":\"Espa\\u00e7o p\\u00fablico\",\"p28_territorios\":\"Cidade\",\"p30_outrasorganizacoes\":\"Sim\",\"p32_campanhadelongaduracao\":\"Sim\",\"p34_estadual\":\"Estadual\",\"p34_nenhuma\":\"Nenhuma\",\"p36_conselhosdeparticipacaoecontrolesocial\":\"Sim\",\"p38_sim\":\"Sim\",\"p38_nenhum\":\"Nenhum\",\"p40_editais\":\"Sim\",\"p41_publicoestatal\":\"P\\u00fablico-Estatal\",\"p41_autofinanciamento\":\"Autofinanciamento\",\"p41_financiamentocoletivo0\":\"Financiamento coletivo\",\"p42_meiodedivulgacaoproprio\":\"Sim\",\"p43_impressoes\":\"Impressos\",\"p43_email\":\"E-mail\",\"p43_facebook\":\"Facebook\",\"p43_whatsapp\":\"WhatsApp\",\"p43_instagram\":\"Instagram\",\"p44_radio\":\"TV\",\"p44_jornaisimpressosdegrandecirculacao\":\"Jornais impressos de grande circula\\u00e7\\u00e3o\",\"p44_jornaisimpressosdebairro\":\"Jornais impressos de bairro\",\"p44_redessociais\":\"Redes sociais (Facebook, YouTube, Instagram etc.)\",\"p44_sitesblogs\":\"Sites ou Blogs\",\"p39_publico\":\"MULHERES\",\"p45_bandeira\":\"UNIAO FORTALECIMENTO MULHERES MULHERES RIVAIS LUGAR MULHERES MULHERES FORTES\",\"p46_hashtags\":\"#FORCAEUNIAO #ECONOMIASOLIDARIA #ENGAJAMENTOSOCIAL\"},{\"p1_eixo\":\"Cultura\",\"p9_tipoorganizacao\":\"Coletivo Art\\u00edstico\",\"p12_uf\":\"MT\",\"p13_cidade\":\"CUIAB\\u00c1\",\"p16_cidade\":\"Cidade\",\"p17_ano\":\"2007\",\"p16_estado\":\"Estado\",\"p18_comunicacao\":\"Comunica\\u00e7\\u00e3o\",\"p18_difusaoartistica\":\"Difus\\u00e3o Art\\u00edstica\",\"p18_desenvolvimentoterritorial\":\"Desenvolvimento territorial\",\"p18_direitoshumanos\":\"Direitos humanos\",\"p18_educacao\":\"Educa\\u00e7\\u00e3o\",\"p18_feminismos\":\"Feminismos\",\"p18_lgbtqi\":\"LGBTQI\",\"p18_lutaantirracismo\":\"Luta antirracismo\",\"p18_mobilidade\":\"Mobilidade\",\"p18_moradia\":\"Moradia\",\"p18_povosecomunidadestradicionais\":\"Povos e comunidades tradicionais\",\"p18_trabalho\":\"Trabalho\",\"p18_religiao\":\"Religi\\u00e3o\",\"p18_saude\":\"Sa\\u00fade\",\"p18_violencia\":\"Viol\\u00eancia\",\"p18_politicasculturais\":\"Pol\\u00edticas Culturais\",\"p19_direitoshumanos\":\"Direitos humanos\",\"p19_educacao\":\"Educa\\u00e7\\u00e3o\",\"p19_lutaantirracismo\":\"Luta antirracismo\",\"p19_difusaoartistica\":\"Difus\\u00e3o Art\\u00edstica\",\"p19_politicasculturais\":\"Pol\\u00edticas Culturais\",\"p20_reunioes\":\"Reuni\\u00f5es\",\"p20_oficinas\":\"Oficinas\",\"p20_oficinasaulasartisticas\":\"Ensaios\\\/Oficinas\\\/Aulas art\\u00edsticas\",\"p20_formacao\":\"Forma\\u00e7\\u00e3o\",\"p20_apresentacoesartisticas\":\"Apresenta\\u00e7\\u00f5es art\\u00edsticas\",\"p20_visitasexcursoes\":\"Visitas\\\/Excurs\\u00f5es\",\"p21_repressaopolicial\":\"Repress\\u00e3o policial\",\"p21_intoleranciareligiosa\":\"Fundamentalismo\\\/intoler\\u00e2ncia religiosa\",\"p21_machismo\":\"Machismo\",\"p21_racismo\":\"Racismo\",\"p21_lgbtqifobia\":\"LGBTIfobia\",\"p22_numerodeparticipantes\":\"1  - 15\",\"p23_oficinas\":\"Oficinas\",\"p23_oficinasaulasartisticas\":\"Ensaio\\\/Oficinas\\\/Aulas Art\\u00edsticas\",\"p23_formacao\":\"Forma\\u00e7\\u00e3o\",\"p24_formacao\":\"Forma\\u00e7\\u00e3o\",\"p24_apresentacoesartisticas\":\"Apresenta\\u00e7\\u00f5es art\\u00edsticas\",\"p24_outros\":\"Outros\",\"p25_numerodepessoas\":\"60 - 80\",\"p26_numerodepessoas\":\"Mais de 500\",\"p27_espacopublico\":\"Espa\\u00e7o p\\u00fablico\",\"p27_espacoemprestadocedido\":\"Espa\\u00e7o emprestado\\\/cedido\",\"p28_territorios\":\"Cidade\",\"p30_outrasorganizacoes\":\"Sim\",\"p32_campanhadelongaduracao\":\"N\\u00e3o\",\"p34_estadual\":\"Estadual\",\"p34_nenhuma\":\"Nenhuma\",\"p36_conselhosdeparticipacaoecontrolesocial\":\"Sim\",\"p38_sim\":\"Sim\",\"p38_nenhum\":\"Nenhum\",\"p40_editais\":\"Sim\",\"p41_publicoestatal\":\"P\\u00fablico-Estatal\",\"p41_privadopf\":\"Privado (P. F\\u00edsica)\",\"p41_financiamentocoletivo0\":\"Financiamento coletivo\",\"p42_meiodedivulgacaoproprio\":\"Sim\",\"p43_email\":\"E-mail\",\"p43_facebook\":\"Facebook\",\"p43_instagram\":\"Instagram\",\"p44_redessociais\":\"Redes sociais (Facebook, YouTube, Instagram etc.)\",\"p44_sitesblogs\":\"Sites ou Blogs\",\"p39_publico\":\"PERIFERIA\",\"p45_bandeira\":\"ACESSO CULTURA DISCUSS\\u00c3O RACISMO SOCIEDADE DIREITOS HUMANOS\",\"p46_hashtags\":\"#PEDAGOGIADERUA #MULHERESNOPODER #EMPODERAMENTONEGRA\"},{\"p1_eixo\":\"Trabalho\",\"p9_tipoorganizacao\":\"Movimento Social\",\"p12_uf\":\"SC\",\"p13_cidade\":\"FLORIAN\\u00d3POLIS\",\"p17_ano\":\"2014\",\"p16_estado\":\"Estado\",\"p18_comunicacao\":\"Comunica\\u00e7\\u00e3o\",\"p18_difusaoartistica\":\"Difus\\u00e3o Art\\u00edstica\",\"p18_desenvolvimentoterritorial\":\"Desenvolvimento territorial\",\"p18_direitoshumanos\":\"Direitos humanos\",\"p18_educacao\":\"Educa\\u00e7\\u00e3o\",\"p18_feminismos\":\"Feminismos\",\"p18_lutaantirracismo\":\"Luta antirracismo\",\"p18_mobilidade\":\"Mobilidade\",\"p18_moradia\":\"Moradia\",\"p18_povosecomunidadestradicionais\":\"Povos e comunidades tradicionais\",\"p18_trabalho\":\"Trabalho\",\"p18_religiao\":\"Religi\\u00e3o\",\"p18_saude\":\"Sa\\u00fade\",\"p18_violencia\":\"Viol\\u00eancia\",\"p18_politicasculturais\":\"Pol\\u00edticas Culturais\",\"p19_direitoshumanos\":\"Direitos humanos\",\"p19_educacao\":\"Educa\\u00e7\\u00e3o\",\"p19_lutaantirracismo\":\"Luta antirracismo\",\"p19_povosecomunidadestradicionais\":\"Povos e comunidades tradicionais\",\"p19_trabalho\":\"Trabalho\",\"p19_politicasculturais\":\"Pol\\u00edticas Culturais\",\"p20_reunioes\":\"Reuni\\u00f5es\",\"p20_oficinas\":\"Oficinas\",\"p20_cursos\":\"Cursos\",\"p20_formacao\":\"Forma\\u00e7\\u00e3o\",\"p20_apresentacoesartisticas\":\"Apresenta\\u00e7\\u00f5es art\\u00edsticas\",\"p20_visitasexcursoes\":\"Visitas\\\/Excurs\\u00f5es\",\"p21_intoleranciareligiosa\":\"Fundamentalismo\\\/intoler\\u00e2ncia religiosa\",\"p21_racismo\":\"Racismo\",\"p21_lgbtqifobia\":\"LGBTIfobia\",\"p21_nenhum\":\"Nenhum\",\"p22_numerodeparticipantes\":\"30 - 45\",\"p23_reunioes\":\"Reuni\\u00f5es\",\"p23_oficinas\":\"Oficinas\",\"p23_oficinasaulasartisticas\":\"Ensaio\\\/Oficinas\\\/Aulas Art\\u00edsticas\",\"p23_outros\":\"Outros\",\"p24_reunioes\":\"Reuni\\u00f5es\",\"p24_formacao\":\"Forma\\u00e7\\u00e3o\",\"p24_outros\":\"Outros\",\"p25_numerodepessoas\":\"20 - 40\",\"p26_numerodepessoas\":\"60 - 80\",\"p27_espacoemprestadocedido\":\"Espa\\u00e7o emprestado\\\/cedido\",\"p28_territorios\":\"Estado\",\"p30_outrasorganizacoes\":\"Sim\",\"p32_campanhadelongaduracao\":\"Sim\",\"p34_nenhuma\":\"Nenhuma\",\"p36_conselhosdeparticipacaoecontrolesocial\":\"N\\u00e3o\",\"p38_sim\":\"Sim\",\"p38_nenhum\":\"Nenhum\",\"p40_editais\":\"N\\u00e3o\",\"p41_privadopf\":\"Privado (P. F\\u00edsica)\",\"p41_financiamentocoletivo0\":\"Financiamento coletivo\",\"p42_meiodedivulgacaoproprio\":\"Sim\",\"p43_email\":\"E-mail\",\"p43_facebook\":\"Facebook\",\"p43_instagram\":\"Instagram\",\"p44_redessociais\":\"Redes sociais (Facebook, YouTube, Instagram etc.)\",\"p44_sitesblogs\":\"Sites ou Blogs\",\"p44_nenhum\":\"Nenhum\",\"p39_publico\":\"CRIAN\\u00c7AS ADOLESCENTES\",\"p45_bandeira\":\"LUTA EDUCA\\u00c7\\u00c3O CULTURA\",\"p46_hashtags\":\"#EMPODERAMENTO #PROTAGONISMOSOCIAL #CULTURAAFROBRASILEIRA\"},{\"p1_eixo\":\"Trabalho\",\"p9_tipoorganizacao\":\"Movimento Social\",\"p12_uf\":\"AM\",\"p13_cidade\":\"MANAUS\",\"p16_cidade\":\"Cidade\",\"p17_ano\":\"2018\",\"p16_estado\":\"Estado\",\"p18_agrario\":\"Agr\\u00e1rio\\\/ruralidades\",\"p18_desenvolvimentoterritorial\":\"Desenvolvimento territorial\",\"p18_direitoshumanos\":\"Direitos humanos\",\"p18_educacao\":\"Educa\\u00e7\\u00e3o\",\"p18_feminismos\":\"Feminismos\",\"p18_mobilidade\":\"Mobilidade\",\"p18_moradia\":\"Moradia\",\"p18_povosecomunidadestradicionais\":\"Povos e comunidades tradicionais\",\"p18_trabalho\":\"Trabalho\",\"p18_saude\":\"Sa\\u00fade\",\"p18_violencia\":\"Viol\\u00eancia\",\"p19_direitoshumanos\":\"Direitos humanos\",\"p19_educacao\":\"Educa\\u00e7\\u00e3o\",\"p19_povosecomunidadestradicionais\":\"Povos e comunidades tradicionais\",\"p19_trabalho\":\"Trabalho\",\"p19_saude\":\"Sa\\u00fade\",\"p20_reunioes\":\"Reuni\\u00f5es\",\"p20_oficinas\":\"Oficinas\",\"p20_cursos\":\"Cursos\",\"p20_formacao\":\"Forma\\u00e7\\u00e3o\",\"p20_profissionalizacao\":\"Profissionaliza\\u00e7\\u00e3o\",\"p21_nenhum\":\"Nenhum\",\"p22_numerodeparticipantes\":\"15 - 30\",\"p23_reunioes\":\"Reuni\\u00f5es\",\"p23_profissionalizacao\":\"Profissionaliza\\u00e7\\u00e3o\",\"p23_outros\":\"Outros\",\"p24_reunioes\":\"Reuni\\u00f5es\",\"p24_formacao\":\"Forma\\u00e7\\u00e3o\",\"p24_profissionalizacao\":\"Profissionaliza\\u00e7\\u00e3o\",\"p24_outros\":\"Outros\",\"p25_numerodepessoas\":\"1 - 20\",\"p26_numerodepessoas\":\"20 - 40\",\"p27_espacoemprestadocedido\":\"Espa\\u00e7o emprestado\\\/cedido\",\"p27_espacoproprio\":\"Espa\\u00e7o pr\\u00f3prio\",\"p28_territorios\":\"Estado\",\"p30_outrasorganizacoes\":\"Sim\",\"p32_campanhadelongaduracao\":\"N\\u00e3o\",\"p34_municipal\":\"Municipal\",\"p34_estadual\":\"Estadual\",\"p34_nenhuma\":\"Nenhuma\",\"p36_conselhosdeparticipacaoecontrolesocial\":\"N\\u00e3o\",\"p38_sim\":\"Sim\",\"p38_nenhum\":\"Nenhum\",\"p40_editais\":\"N\\u00e3o\",\"p41_financiamentocoletivo0\":\"Financiamento coletivo\",\"p42_meiodedivulgacaoproprio\":\"Sim\",\"p43_impressoes\":\"Impressos\",\"p43_email\":\"E-mail\",\"p43_facebook\":\"Facebook\",\"p43_whatsapp\":\"WhatsApp\",\"p43_instagram\":\"Instagram\",\"p44_radio\":\"TV\",\"p44_jornaisimpressosdegrandecirculacao\":\"Jornais impressos de grande circula\\u00e7\\u00e3o\",\"p44_redessociais\":\"Redes sociais (Facebook, YouTube, Instagram etc.)\",\"p44_sitesblogs\":\"Sites ou Blogs\",\"p44_nenhum\":\"Nenhum\",\"p39_publico\":\"ASSISTENTES SOCIAIS USU\\u00c1RIOS \",\"p45_bandeira\":\"DIREITOS HUMANOS POVOS TRADICIONAIS IND\\u00cdGENAS G\\u00caNERO ANIMAIS SA\\u00daDE ASSIST\\u00caNCIA SOCIAL\",\"p46_hashtags\":\"#ALUTAECOLETIVA\"},{\"p1_eixo\":\"Trabalho\",\"p9_tipoorganizacao\":\"Instituto\",\"p12_uf\":\"SC\",\"p13_cidade\":\"FLORIAN\\u00d3POLIS\",\"p16_cidade\":\"Cidade\",\"p16_nacional\":\"Nacional\",\"p17_ano\":\"2004\",\"p18_agrario\":\"Agr\\u00e1rio\\\/ruralidades\",\"p18_comunicacao\":\"Comunica\\u00e7\\u00e3o\",\"p18_difusaoartistica\":\"Difus\\u00e3o Art\\u00edstica\",\"p18_desenvolvimentoterritorial\":\"Desenvolvimento territorial\",\"p18_direitoshumanos\":\"Direitos humanos\",\"p18_educacao\":\"Educa\\u00e7\\u00e3o\",\"p18_feminismos\":\"Feminismos\",\"p18_lgbtqi\":\"LGBTQI\",\"p18_lutaantirracismo\":\"Luta antirracismo\",\"p18_mobilidade\":\"Mobilidade\",\"p18_moradia\":\"Moradia\",\"p18_povosecomunidadestradicionais\":\"Povos e comunidades tradicionais\",\"p18_trabalho\":\"Trabalho\",\"p18_religiao\":\"Religi\\u00e3o\",\"p18_saude\":\"Sa\\u00fade\",\"p18_violencia\":\"Viol\\u00eancia\",\"p18_politicasculturais\":\"Pol\\u00edticas Culturais\",\"p19_comunicacao\":\"Comunica\\u00e7\\u00e3o\",\"p19_desenvolvimentoterritorial\":\"Desenvolvimento territorial\",\"p19_direitoshumanos\":\"Direitos humanos\",\"p19_educacao\":\"Educa\\u00e7\\u00e3o\",\"p19_lutaantirracismo\":\"Luta antirracismo\",\"p19_saude\":\"Sa\\u00fade\",\"p20_oficinasaulasartisticas\":\"Ensaios\\\/Oficinas\\\/Aulas art\\u00edsticas\",\"p20_profissionalizacao\":\"Profissionaliza\\u00e7\\u00e3o\",\"p21_repressaopolicial\":\"Repress\\u00e3o policial\",\"p21_intoleranciareligiosa\":\"Fundamentalismo\\\/intoler\\u00e2ncia religiosa\",\"p21_xenofobia\":\"Xenofobia\",\"p21_machismo\":\"Machismo\",\"p21_racismo\":\"Racismo\",\"p21_lgbtqifobia\":\"LGBTIfobia\",\"p21_nenhum\":\"Nenhum\",\"p22_numerodeparticipantes\":\"30 - 45\",\"p23_oficinasaulasartisticas\":\"Ensaio\\\/Oficinas\\\/Aulas Art\\u00edsticas\",\"p23_profissionalizacao\":\"Profissionaliza\\u00e7\\u00e3o\",\"p23_visitas\":\"Visitas\",\"p23_outros\":\"Outros\",\"p24_reunioes\":\"Reuni\\u00f5es\",\"p24_profissionalizacao\":\"Profissionaliza\\u00e7\\u00e3o\",\"p24_visitasexcursoes\":\"Visitas\\\/Excurs\\u00f5es\",\"p25_numerodepessoas\":\"60 - 80\",\"p26_numerodepessoas\":\"60 - 80\",\"p27_espacopublico\":\"Espa\\u00e7o p\\u00fablico\",\"p27_espacoemprestadocedido\":\"Espa\\u00e7o emprestado\\\/cedido\",\"p27_espacoproprio\":\"Espa\\u00e7o pr\\u00f3prio\",\"p28_territorios\":\"Cidade\",\"p30_outrasorganizacoes\":\"N\\u00e3o\",\"p32_campanhadelongaduracao\":\"Sim\",\"p34_municipal\":\"Municipal\",\"p34_estadual\":\"Estadual\",\"p34_nacional\":\"Nacional\",\"p36_conselhosdeparticipacaoecontrolesocial\":\"N\\u00e3o\",\"p38_sim\":\"Sim\",\"p38_nenhum\":\"Nenhum\",\"p40_editais\":\"Sim\",\"p41_publicoestatal\":\"P\\u00fablico-Estatal\",\"p41_autofinanciamento\":\"Autofinanciamento\",\"p41_financiamentocoletivo0\":\"Financiamento coletivo\",\"p42_meiodedivulgacaoproprio\":\"Sim\",\"p43_impressoes\":\"Impressos\",\"p43_email\":\"E-mail\",\"p43_facebook\":\"Facebook\",\"p43_whatsapp\":\"WhatsApp\",\"p43_instagram\":\"Instagram\",\"p43_sitesblogs\":\"Blogs\\\/sites\",\"p44_radio\":\"TV\",\"p44_jornaisimpressosdegrandecirculacao\":\"Jornais impressos de grande circula\\u00e7\\u00e3o\",\"p44_redessociais\":\"Redes sociais (Facebook, YouTube, Instagram etc.)\",\"p44_sitesblogs\":\"Sites ou Blogs\",\"p39_publico\":\"JOVENS ADULTOS PESSOAS-COM-DEFICI\\u00caNCIA MERCADO TRABALHO\",\"p45_bandeira\":\"IGUALDADE LIBERDADE FRATERNIDADE\",\"p46_hashtags\":\"#INCLUSAO #EDUCACAO #INDEPENDENCIA\"},{\"p1_eixo\":\"Cultura\",\"p9_tipoorganizacao\":\"Coletivo\",\"p12_uf\":\"SP\",\"p13_cidade\":\"TABO\\u00c3O DA SERRA\",\"p16_nacional\":\"Nacional\",\"p17_ano\":\"2015\",\"p16_estado\":\"Estado\",\"p18_agrario\":\"Agr\\u00e1rio\\\/ruralidades\",\"p18_comunicacao\":\"Comunica\\u00e7\\u00e3o\",\"p18_difusaoartistica\":\"Difus\\u00e3o Art\\u00edstica\",\"p18_desenvolvimentoterritorial\":\"Desenvolvimento territorial\",\"p18_direitoshumanos\":\"Direitos humanos\",\"p18_educacao\":\"Educa\\u00e7\\u00e3o\",\"p18_feminismos\":\"Feminismos\",\"p18_lgbtqi\":\"LGBTQI\",\"p18_lutaantirracismo\":\"Luta antirracismo\",\"p18_mobilidade\":\"Mobilidade\",\"p18_moradia\":\"Moradia\",\"p18_povosecomunidadestradicionais\":\"Povos e comunidades tradicionais\",\"p18_trabalho\":\"Trabalho\",\"p18_religiao\":\"Religi\\u00e3o\",\"p18_saude\":\"Sa\\u00fade\",\"p18_violencia\":\"Viol\\u00eancia\",\"p18_politicasculturais\":\"Pol\\u00edticas Culturais\",\"p19_comunicacao\":\"Comunica\\u00e7\\u00e3o\",\"p19_desenvolvimentoterritorial\":\"Desenvolvimento territorial\",\"p19_educacao\":\"Educa\\u00e7\\u00e3o\",\"p19_feminismos\":\"Feminismos\",\"p19_lutaantirracismo\":\"Luta antirracismo\",\"p20_reunioes\":\"Reuni\\u00f5es\",\"p20_oficinas\":\"Oficinas\",\"p20_oficinasaulasartisticas\":\"Ensaios\\\/Oficinas\\\/Aulas art\\u00edsticas\",\"p20_cursos\":\"Cursos\",\"p20_formacao\":\"Forma\\u00e7\\u00e3o\",\"p21_repressaopolicial\":\"Repress\\u00e3o policial\",\"p21_intoleranciareligiosa\":\"Fundamentalismo\\\/intoler\\u00e2ncia religiosa\",\"p21_xenofobia\":\"Xenofobia\",\"p21_machismo\":\"Machismo\",\"p21_racismo\":\"Racismo\",\"p21_lgbtqifobia\":\"LGBTIfobia\",\"p22_numerodeparticipantes\":\"1  - 15\",\"p23_reunioes\":\"Reuni\\u00f5es\",\"p23_oficinas\":\"Oficinas\",\"p23_oficinasaulasartisticas\":\"Ensaio\\\/Oficinas\\\/Aulas Art\\u00edsticas\",\"p23_visitas\":\"Visitas\",\"p23_outros\":\"Outros\",\"p24_reunioes\":\"Reuni\\u00f5es\",\"p24_formacao\":\"Forma\\u00e7\\u00e3o\",\"p24_visitasexcursoes\":\"Visitas\\\/Excurs\\u00f5es\",\"p24_outros\":\"Outros\",\"p25_numerodepessoas\":\"Mais de 500\",\"p26_numerodepessoas\":\"20 - 40\",\"p27_espacopublico\":\"Espa\\u00e7o p\\u00fablico\",\"p27_espacoemprestadocedido\":\"Espa\\u00e7o emprestado\\\/cedido\",\"p27_espacoproprio\":\"Espa\\u00e7o pr\\u00f3prio\",\"p28_territorios\":\"Regi\\u00e3o da Cidade\",\"p30_outrasorganizacoes\":\"Sim\",\"p32_campanhadelongaduracao\":\"N\\u00e3o\",\"p34_nacional\":\"Nacional\",\"p36_conselhosdeparticipacaoecontrolesocial\":\"N\\u00e3o\",\"p38_sim\":\"Sim\",\"p38_nenhum\":\"Nenhum\",\"p40_editais\":\"Sim\",\"p41_publicoestatal\":\"P\\u00fablico-Estatal\",\"p41_privadopj\":\"Privado (P. Jur\\u00eddica)\",\"p41_autofinanciamento\":\"Autofinanciamento\",\"p41_financiamentocoletivo0\":\"Financiamento coletivo\",\"p42_meiodedivulgacaoproprio\":\"Sim\",\"p43_email\":\"E-mail\",\"p43_facebook\":\"Facebook\",\"p43_instagram\":\"Instagram\",\"p43_sitesblogs\":\"Blogs\\\/sites\",\"p44_radio\":\"TV\",\"p44_jornaisimpressosdegrandecirculacao\":\"Jornais impressos de grande circula\\u00e7\\u00e3o\",\"p44_jornaisimpressosdebairro\":\"Jornais impressos de bairro\",\"p44_redessociais\":\"Redes sociais (Facebook, YouTube, Instagram etc.)\",\"p44_sitesblogs\":\"Sites ou Blogs\",\"p39_publico\":\"POPULA\\u00c7\\u00c3O PRETA PERIF\\u00c9RICA\",\"p45_bandeira\":\" ANTIRRACISMO  TERRITORIALISMO\",\"p46_hashtags\":\"#NOSPORNOS\"},{\"p1_eixo\":\"Viol\\u00eancia\",\"p9_tipoorganizacao\":\"Instituto\",\"p12_uf\":\"MT\",\"p13_cidade\":\"CUIAB\\u00c1\",\"p16_cidade\":\"Cidade\",\"p17_ano\":\"2002\",\"p16_estado\":\"Estado\",\"p18_agrario\":\"Agr\\u00e1rio\\\/ruralidades\",\"p18_comunicacao\":\"Comunica\\u00e7\\u00e3o\",\"p18_difusaoartistica\":\"Difus\\u00e3o Art\\u00edstica\",\"p18_desenvolvimentoterritorial\":\"Desenvolvimento territorial\",\"p18_direitoshumanos\":\"Direitos humanos\",\"p18_educacao\":\"Educa\\u00e7\\u00e3o\",\"p18_feminismos\":\"Feminismos\",\"p18_lgbtqi\":\"LGBTQI\",\"p18_lutaantirracismo\":\"Luta antirracismo\",\"p18_moradia\":\"Moradia\",\"p18_povosecomunidadestradicionais\":\"Povos e comunidades tradicionais\",\"p18_trabalho\":\"Trabalho\",\"p18_religiao\":\"Religi\\u00e3o\",\"p18_saude\":\"Sa\\u00fade\",\"p18_violencia\":\"Viol\\u00eancia\",\"p18_politicasculturais\":\"Pol\\u00edticas Culturais\",\"p19_educacao\":\"Educa\\u00e7\\u00e3o\",\"p19_feminismos\":\"Feminismos\",\"p19_lgbtqi\":\"LGBTQI\",\"p19_lutaantirracismo\":\"Luta antirracismo\",\"p20_reunioes\":\"Reuni\\u00f5es\",\"p20_oficinas\":\"Oficinas\",\"p20_oficinasaulasartisticas\":\"Ensaios\\\/Oficinas\\\/Aulas art\\u00edsticas\",\"p20_cursos\":\"Cursos\",\"p20_formacao\":\"Forma\\u00e7\\u00e3o\",\"p21_repressaopolicial\":\"Repress\\u00e3o policial\",\"p21_intoleranciareligiosa\":\"Fundamentalismo\\\/intoler\\u00e2ncia religiosa\",\"p21_xenofobia\":\"Xenofobia\",\"p21_machismo\":\"Machismo\",\"p21_racismo\":\"Racismo\",\"p21_lgbtqifobia\":\"LGBTIfobia\",\"p22_numerodeparticipantes\":\"1  - 15\",\"p23_reunioes\":\"Reuni\\u00f5es\",\"p23_oficinas\":\"Oficinas\",\"p23_oficinasaulasartisticas\":\"Ensaio\\\/Oficinas\\\/Aulas Art\\u00edsticas\",\"p23_apresentacoesartisticas\":\"Apresenta\\u00e7\\u00f5es Art\\u00edsticas\",\"p24_formacao\":\"Forma\\u00e7\\u00e3o\",\"p24_outros\":\"Outros\",\"p25_numerodepessoas\":\"80 - 100\",\"p26_numerodepessoas\":\"80 - 100\",\"p27_espacopublico\":\"Espa\\u00e7o p\\u00fablico\",\"p27_espacoemprestadocedido\":\"Espa\\u00e7o emprestado\\\/cedido\",\"p28_territorios\":\"Cidade\",\"p30_outrasorganizacoes\":\"Sim\",\"p32_campanhadelongaduracao\":\"N\\u00e3o\",\"p34_municipal\":\"Municipal\",\"p34_nacional\":\"Nacional\",\"p36_conselhosdeparticipacaoecontrolesocial\":\"Sim\",\"p38_sim\":\"Sim\",\"p38_nenhum\":\"Nenhum\",\"p40_editais\":\"Sim\",\"p41_publicoestatal\":\"P\\u00fablico-Estatal\",\"p41_privadopj\":\"Privado (P. Jur\\u00eddica)\",\"p41_autofinanciamento\":\"Autofinanciamento\",\"p41_financiamentocoletivo0\":\"Financiamento coletivo\",\"p42_meiodedivulgacaoproprio\":\"Sim\",\"p43_impressoes\":\"Impressos\",\"p43_email\":\"E-mail\",\"p43_facebook\":\"Facebook\",\"p43_instagram\":\"Instagram\",\"p43_sitesblogs\":\"Blogs\\\/sites\",\"p44_radio\":\"TV\",\"p44_jornaisimpressosdegrandecirculacao\":\"Jornais impressos de grande circula\\u00e7\\u00e3o\",\"p44_jornaisimpressosdebairro\":\"Jornais impressos de bairro\",\"p44_redessociais\":\"Redes sociais (Facebook, YouTube, Instagram etc.)\",\"p44_sitesblogs\":\"Sites ou Blogs\",\"p39_publico\":\"MULHERES NEGRAS\",\"p45_bandeira\":\"LUTA ANTIRRACISTA FEMINISMO NEGRO SA\\u00daDE POPULA\\u00c7\\u00c3O NEGRA DIREITOS HUMANOS\",\"p46_hashtags\":\"#MULHERESNEGRASMOVEMOMUNDO #NAOBASTANAOSERRACISTAPRECISASERANTIRRACISTA #VIVERERESISTIR\"},{\"p1_eixo\":\"Cultura\",\"p9_tipoorganizacao\":\"Coletivo Art\\u00edstico\",\"p12_uf\":\"GO\",\"p13_cidade\":\"CERES\",\"p16_cidade\":\"Cidade\",\"p17_ano\":\"2019\",\"p18_comunicacao\":\"Comunica\\u00e7\\u00e3o\",\"p18_difusaoartistica\":\"Difus\\u00e3o Art\\u00edstica\",\"p18_direitoshumanos\":\"Direitos humanos\",\"p18_educacao\":\"Educa\\u00e7\\u00e3o\",\"p18_feminismos\":\"Feminismos\",\"p18_lgbtqi\":\"LGBTQI\",\"p18_lutaantirracismo\":\"Luta antirracismo\",\"p18_mobilidade\":\"Mobilidade\",\"p18_povosecomunidadestradicionais\":\"Povos e comunidades tradicionais\",\"p18_religiao\":\"Religi\\u00e3o\",\"p18_saude\":\"Sa\\u00fade\",\"p18_violencia\":\"Viol\\u00eancia\",\"p18_politicasculturais\":\"Pol\\u00edticas Culturais\",\"p19_feminismos\":\"Feminismos\",\"p19_lgbtqi\":\"LGBTQI\",\"p19_lutaantirracismo\":\"Luta antirracismo\",\"p19_difusaoartistica\":\"Difus\\u00e3o Art\\u00edstica\",\"p19_politicasculturais\":\"Pol\\u00edticas Culturais\",\"p20_reunioes\":\"Reuni\\u00f5es\",\"p20_apresentacoesartisticas\":\"Apresenta\\u00e7\\u00f5es art\\u00edsticas\",\"p21_repressaopolicial\":\"Repress\\u00e3o policial\",\"p21_intoleranciareligiosa\":\"Fundamentalismo\\\/intoler\\u00e2ncia religiosa\",\"p21_xenofobia\":\"Xenofobia\",\"p21_machismo\":\"Machismo\",\"p21_racismo\":\"Racismo\",\"p21_lgbtqifobia\":\"LGBTIfobia\",\"p21_nenhum\":\"Nenhum\",\"p22_numerodeparticipantes\":\"1  - 15\",\"p23_reunioes\":\"Reuni\\u00f5es\",\"p23_apresentacoesartisticas\":\"Apresenta\\u00e7\\u00f5es Art\\u00edsticas\",\"p24_apresentacoesartisticas\":\"Apresenta\\u00e7\\u00f5es art\\u00edsticas\",\"p24_outros\":\"Outros\",\"p25_numerodepessoas\":\"20 - 40\",\"p26_numerodepessoas\":\"20 - 40\",\"p27_espacopublico\":\"Espa\\u00e7o p\\u00fablico\",\"p28_territorios\":\"Cidade\",\"p30_outrasorganizacoes\":\"Sim\",\"p32_campanhadelongaduracao\":\"Sim\",\"p34_municipal\":\"Municipal\",\"p34_nenhuma\":\"Nenhuma\",\"p36_conselhosdeparticipacaoecontrolesocial\":\"N\\u00e3o\",\"p38_sim\":\"Sim\",\"p40_editais\":\"N\\u00e3o\",\"p41_autofinanciamento\":\"Autofinanciamento\",\"p42_meiodedivulgacaoproprio\":\"Sim\",\"p43_impressoes\":\"Impressos\",\"p43_email\":\"E-mail\",\"p43_facebook\":\"Facebook\",\"p43_whatsapp\":\"WhatsApp\",\"p43_instagram\":\"Instagram\",\"p43_youtube\":\"YouTube\",\"p44_redessociais\":\"Redes sociais (Facebook, YouTube, Instagram etc.)\",\"p39_publico\":\"JOVENS LGBTQI JOVENS NEGROS\",\"p45_bandeira\":\"CONTRA-VIOL\\u00caNCIA-POLICIAL LUTAS SOCIAIS\",\"p46_hashtags\":\"#CONTRAVIOLENCIAPOLICIAL #CONTRARACISMO #CONTRAHOMOFOBIA\"},{\"p1_eixo\":\"Cultura\",\"p9_tipoorganizacao\":\"Coletivo Art\\u00edstico\",\"p12_uf\":\"GO\",\"p13_cidade\":\"LUZI\\u00c2NIA\",\"p16_cidade\":\"Cidade\",\"p17_ano\":\"2017\",\"p18_comunicacao\":\"Comunica\\u00e7\\u00e3o\",\"p18_difusaoartistica\":\"Difus\\u00e3o Art\\u00edstica\",\"p18_direitoshumanos\":\"Direitos humanos\",\"p18_educacao\":\"Educa\\u00e7\\u00e3o\",\"p18_feminismos\":\"Feminismos\",\"p18_lgbtqi\":\"LGBTQI\",\"p18_lutaantirracismo\":\"Luta antirracismo\",\"p18_mobilidade\":\"Mobilidade\",\"p18_povosecomunidadestradicionais\":\"Povos e comunidades tradicionais\",\"p18_trabalho\":\"Trabalho\",\"p18_religiao\":\"Religi\\u00e3o\",\"p18_violencia\":\"Viol\\u00eancia\",\"p18_politicasculturais\":\"Pol\\u00edticas Culturais\",\"p19_direitoshumanos\":\"Direitos humanos\",\"p19_lutaantirracismo\":\"Luta antirracismo\",\"p19_difusaoartistica\":\"Difus\\u00e3o Art\\u00edstica\",\"p19_politicasculturais\":\"Pol\\u00edticas Culturais\",\"p20_reunioes\":\"Reuni\\u00f5es\",\"p20_apresentacoesartisticas\":\"Apresenta\\u00e7\\u00f5es art\\u00edsticas\",\"p21_repressaopolicial\":\"Repress\\u00e3o policial\",\"p21_machismo\":\"Machismo\",\"p21_nenhum\":\"Nenhum\",\"p22_numerodeparticipantes\":\"1  - 15\",\"p23_reunioes\":\"Reuni\\u00f5es\",\"p23_oficinas\":\"Oficinas\",\"p23_oficinasaulasartisticas\":\"Ensaio\\\/Oficinas\\\/Aulas Art\\u00edsticas\",\"p23_apresentacoesartisticas\":\"Apresenta\\u00e7\\u00f5es Art\\u00edsticas\",\"p24_apresentacoesartisticas\":\"Apresenta\\u00e7\\u00f5es art\\u00edsticas\",\"p24_outros\":\"Outros\",\"p25_numerodepessoas\":\"20 - 40\",\"p26_numerodepessoas\":\"20 - 40\",\"p27_espacopublico\":\"Espa\\u00e7o p\\u00fablico\",\"p27_ocupacao\":\"Ocupa\\u00e7\\u00e3o\",\"p28_territorios\":\"Cidade\",\"p30_outrasorganizacoes\":\"N\\u00e3o\",\"p32_campanhadelongaduracao\":\"N\\u00e3o\",\"p34_nenhuma\":\"Nenhuma\",\"p36_conselhosdeparticipacaoecontrolesocial\":\"N\\u00e3o\",\"p38_sim\":\"Sim\",\"p40_editais\":\"N\\u00e3o\",\"p41_autofinanciamento\":\"Autofinanciamento\",\"p41_financiamentocoletivo0\":\"Financiamento coletivo\",\"p42_meiodedivulgacaoproprio\":\"Sim\",\"p43_email\":\"E-mail\",\"p43_facebook\":\"Facebook\",\"p43_whatsapp\":\"WhatsApp\",\"p43_instagram\":\"Instagram\",\"p43_youtube\":\"YouTube\",\"p44_redessociais\":\"Redes sociais (Facebook, YouTube, Instagram etc.)\",\"p44_sitesblogs\":\"Sites ou Blogs\",\"p39_publico\":\"JUVENTUDE\",\"p45_bandeira\":\"LUTA  ANTIRRACISMO  MOVIMENTO NEGRO OCUPA\\u00c7\\u00c3O-ESPA\\u00c7O URBANO CULTURA URBANA HIPHOP\",\"p46_hashtags\":\"#RACISMONAO #ACIDADEENOSSA #HIPHOP\"},{\"p1_eixo\":\"Cultura\",\"p9_tipoorganizacao\":\"Coletivo Art\\u00edstico\",\"p12_uf\":\"GO\",\"p13_cidade\":\"URUA\\u00c7U\",\"p16_cidade\":\"Cidade\",\"p16_nacional\":\"Nacional\",\"p17_ano\":\"2016\",\"p18_comunicacao\":\"Comunica\\u00e7\\u00e3o\",\"p18_difusaoartistica\":\"Difus\\u00e3o Art\\u00edstica\",\"p18_desenvolvimentoterritorial\":\"Desenvolvimento territorial\",\"p18_direitoshumanos\":\"Direitos humanos\",\"p18_educacao\":\"Educa\\u00e7\\u00e3o\",\"p18_feminismos\":\"Feminismos\",\"p18_lgbtqi\":\"LGBTQI\",\"p18_lutaantirracismo\":\"Luta antirracismo\",\"p18_mobilidade\":\"Mobilidade\",\"p18_moradia\":\"Moradia\",\"p18_povosecomunidadestradicionais\":\"Povos e comunidades tradicionais\",\"p18_trabalho\":\"Trabalho\",\"p18_religiao\":\"Religi\\u00e3o\",\"p18_violencia\":\"Viol\\u00eancia\",\"p18_politicasculturais\":\"Pol\\u00edticas Culturais\",\"p19_direitoshumanos\":\"Direitos humanos\",\"p19_educacao\":\"Educa\\u00e7\\u00e3o\",\"p19_feminismos\":\"Feminismos\",\"p19_lutaantirracismo\":\"Luta antirracismo\",\"p19_difusaoartistica\":\"Difus\\u00e3o Art\\u00edstica\",\"p19_politicasculturais\":\"Pol\\u00edticas Culturais\",\"p20_reunioes\":\"Reuni\\u00f5es\",\"p20_oficinas\":\"Oficinas\",\"p20_oficinasaulasartisticas\":\"Ensaios\\\/Oficinas\\\/Aulas art\\u00edsticas\",\"p20_apresentacoesartisticas\":\"Apresenta\\u00e7\\u00f5es art\\u00edsticas\",\"p21_repressaopolicial\":\"Repress\\u00e3o policial\",\"p21_xenofobia\":\"Xenofobia\",\"p21_machismo\":\"Machismo\",\"p21_racismo\":\"Racismo\",\"p21_lgbtqifobia\":\"LGBTIfobia\",\"p21_enfrentamentocomgruposprivadosarmados\":\"Enfrentamento com grupos privados armados\",\"p22_numerodeparticipantes\":\"1  - 15\",\"p23_oficinas\":\"Oficinas\",\"p23_oficinasaulasartisticas\":\"Ensaio\\\/Oficinas\\\/Aulas Art\\u00edsticas\",\"p23_apresentacoesartisticas\":\"Apresenta\\u00e7\\u00f5es Art\\u00edsticas\",\"p23_outros\":\"Outros\",\"p24_reunioes\":\"Reuni\\u00f5es\",\"p24_oficinas\":\"Oficinas\",\"p24_oficinasaulasartisticas\":\"Ensaios\\\/Oficinas\\\/Aulas art\\u00edsticas\",\"p24_outros\":\"Outros\",\"p25_numerodepessoas\":\"40 - 60\",\"p26_numerodepessoas\":\"40 - 60\",\"p27_espacopublico\":\"Espa\\u00e7o p\\u00fablico\",\"p27_espacoproprio\":\"Espa\\u00e7o pr\\u00f3prio\",\"p27_ocupacao\":\"Ocupa\\u00e7\\u00e3o\",\"p28_territorios\":\"Cidade\",\"p30_outrasorganizacoes\":\"Sim\",\"p32_campanhadelongaduracao\":\"Sim\",\"p34_estadual\":\"Estadual\",\"p34_nacional\":\"Nacional\",\"p34_nenhuma\":\"Nenhuma\",\"p36_conselhosdeparticipacaoecontrolesocial\":\"N\\u00e3o\",\"p38_sim\":\"Sim\",\"p40_editais\":\"N\\u00e3o\",\"p41_privadopj\":\"Privado (P. Jur\\u00eddica)\",\"p41_autofinanciamento\":\"Autofinanciamento\",\"p41_financiamentocoletivo0\":\"Financiamento coletivo\",\"p42_meiodedivulgacaoproprio\":\"Sim\",\"p43_impressoes\":\"Impressos\",\"p43_email\":\"E-mail\",\"p43_facebook\":\"Facebook\",\"p43_instagram\":\"Instagram\",\"p43_youtube\":\"YouTube\",\"p44_radio\":\"R\\u00e1dio\",\"p44_redessociais\":\"Redes sociais (Facebook, YouTube, Instagram etc.)\",\"p44_sitesblogs\":\"Sites ou Blogs\",\"p39_publico\":\"JOVEM PERIFERIA\",\"p45_bandeira\":\"TRANSFORMA\\u00c7\\u00c3O REALIDADE HIPHOP LUTA ANTIRRACISTA CONTRA DESIGUALDADE SOCIAL EDUCA\\u00c7\\u00c3O\",\"p46_hashtags\":\"#HIPHOPSALVA #CONTRAADESIGUALDADE #MAISEDUCACAO\"},{\"p1_eixo\":\"Cultura\",\"p9_tipoorganizacao\":\"Coletivo\",\"p12_uf\":\"GO\",\"p13_cidade\":\"GOI\\u00c2NIA, TRINDADE, CATAL\\u00c3O\",\"p16_nacional\":\"Nacional\",\"p17_ano\":\"2015\",\"p16_estado\":\"Estado\",\"p18_comunicacao\":\"Comunica\\u00e7\\u00e3o\",\"p18_difusaoartistica\":\"Difus\\u00e3o Art\\u00edstica\",\"p18_desenvolvimentoterritorial\":\"Desenvolvimento territorial\",\"p18_direitoshumanos\":\"Direitos humanos\",\"p18_educacao\":\"Educa\\u00e7\\u00e3o\",\"p18_feminismos\":\"Feminismos\",\"p18_lgbtqi\":\"LGBTQI\",\"p18_lutaantirracismo\":\"Luta antirracismo\",\"p18_mobilidade\":\"Mobilidade\",\"p18_moradia\":\"Moradia\",\"p18_povosecomunidadestradicionais\":\"Povos e comunidades tradicionais\",\"p18_trabalho\":\"Trabalho\",\"p18_violencia\":\"Viol\\u00eancia\",\"p18_politicasculturais\":\"Pol\\u00edticas Culturais\",\"p19_educacao\":\"Educa\\u00e7\\u00e3o\",\"p19_feminismos\":\"Feminismos\",\"p19_lutaantirracismo\":\"Luta antirracismo\",\"p19_politicasculturais\":\"Pol\\u00edticas Culturais\",\"p20_reunioes\":\"Reuni\\u00f5es\",\"p20_atendimento\":\"Atendimento\",\"p20_oficinas\":\"Oficinas\",\"p20_oficinasaulasartisticas\":\"Ensaios\\\/Oficinas\\\/Aulas art\\u00edsticas\",\"p20_cursos\":\"Cursos\",\"p20_formacao\":\"Forma\\u00e7\\u00e3o\",\"p20_apresentacoesartisticas\":\"Apresenta\\u00e7\\u00f5es art\\u00edsticas\",\"p21_repressaopolicial\":\"Repress\\u00e3o policial\",\"p21_xenofobia\":\"Xenofobia\",\"p21_machismo\":\"Machismo\",\"p21_racismo\":\"Racismo\",\"p21_lgbtqifobia\":\"LGBTIfobia\",\"p21_enfrentamentocomgruposprivadosarmados\":\"Enfrentamento com grupos privados armados\",\"p22_numerodeparticipantes\":\"30 - 45\",\"p23_reunioes\":\"Reuni\\u00f5es\",\"p23_atendimento\":\"Atendimento\",\"p23_oficinas\":\"Oficinas\",\"p23_oficinasaulasartisticas\":\"Ensaio\\\/Oficinas\\\/Aulas Art\\u00edsticas\",\"p23_cursos\":\"Cursos\",\"p23_apresentacoesartisticas\":\"Apresenta\\u00e7\\u00f5es Art\\u00edsticas\",\"p23_outros\":\"Outros\",\"p24_reunioes\":\"Reuni\\u00f5es\",\"p24_oficinas\":\"Oficinas\",\"p24_oficinasaulasartisticas\":\"Ensaios\\\/Oficinas\\\/Aulas art\\u00edsticas\",\"p24_formacao\":\"Forma\\u00e7\\u00e3o\",\"p24_outros\":\"Outros\",\"p25_numerodepessoas\":\"100 - 200\",\"p26_numerodepessoas\":\"20 - 40\",\"p27_espacopublico\":\"Espa\\u00e7o p\\u00fablico\",\"p27_espacoproprio\":\"Espa\\u00e7o pr\\u00f3prio\",\"p28_territorios\":\"Cidade\",\"p30_outrasorganizacoes\":\"Sim\",\"p32_campanhadelongaduracao\":\"Sim\",\"p34_municipal\":\"Municipal\",\"p34_estadual\":\"Estadual\",\"p34_nacional\":\"Nacional\",\"p36_conselhosdeparticipacaoecontrolesocial\":\"Sim\",\"p38_sim\":\"Sim\",\"p40_editais\":\"N\\u00e3o\",\"p41_privadopj\":\"Privado (P. Jur\\u00eddica)\",\"p41_autofinanciamento\":\"Autofinanciamento\",\"p41_financiamentocoletivo0\":\"Financiamento coletivo\",\"p42_meiodedivulgacaoproprio\":\"Sim\",\"p43_impressoes\":\"Impressos\",\"p43_email\":\"E-mail\",\"p43_facebook\":\"Facebook\",\"p43_whatsapp\":\"WhatsApp\",\"p43_instagram\":\"Instagram\",\"p43_twitter\":\"Twitter\",\"p43_sitesblogs\":\"Blogs\\\/sites\",\"p43_youtube\":\"YouTube\",\"p44_radio\":\"TV\",\"p44_redessociais\":\"Redes sociais (Facebook, YouTube, Instagram etc.)\",\"p39_publico\":\"JUVENTUDE TRABALHADORES\",\"p45_bandeira\":\"EDUCA\\u00c7\\u00c3O FEMINISMO ANTIRRACISMO CULTURA COMUNICA\\u00c7\\u00c3O ORGANIZA\\u00c7\\u00c3O POPULAR\",\"p46_hashtags\":\"#EDUCACAONAOEMERCADORIA #RACISMONAO #PODERPOPULAR\"},{\"p1_eixo\":\"Cultura\",\"p9_tipoorganizacao\":\"Movimento Social\",\"p12_uf\":\"MA\",\"p13_cidade\":\"PEDREIRAS\",\"p16_cidade\":\"Cidade\",\"p17_ano\":\"1996\",\"p16_estado\":\"Estado\",\"p18_comunicacao\":\"Comunica\\u00e7\\u00e3o\",\"p18_difusaoartistica\":\"Difus\\u00e3o Art\\u00edstica\",\"p18_desenvolvimentoterritorial\":\"Desenvolvimento territorial\",\"p18_direitoshumanos\":\"Direitos humanos\",\"p18_educacao\":\"Educa\\u00e7\\u00e3o\",\"p18_feminismos\":\"Feminismos\",\"p18_lgbtqi\":\"LGBTQI\",\"p18_lutaantirracismo\":\"Luta antirracismo\",\"p18_mobilidade\":\"Mobilidade\",\"p18_moradia\":\"Moradia\",\"p18_povosecomunidadestradicionais\":\"Povos e comunidades tradicionais\",\"p18_trabalho\":\"Trabalho\",\"p18_saude\":\"Sa\\u00fade\",\"p18_violencia\":\"Viol\\u00eancia\",\"p18_politicasculturais\":\"Pol\\u00edticas Culturais\",\"p19_comunicacao\":\"Comunica\\u00e7\\u00e3o\",\"p19_educacao\":\"Educa\\u00e7\\u00e3o\",\"p19_lutaantirracismo\":\"Luta antirracismo\",\"p19_saude\":\"Sa\\u00fade\",\"p19_politicasculturais\":\"Pol\\u00edticas Culturais\",\"p20_reunioes\":\"Reuni\\u00f5es\",\"p20_atendimento\":\"Atendimento\",\"p20_oficinas\":\"Oficinas\",\"p20_oficinasaulasartisticas\":\"Ensaios\\\/Oficinas\\\/Aulas art\\u00edsticas\",\"p20_cursos\":\"Cursos\",\"p20_formacao\":\"Forma\\u00e7\\u00e3o\",\"p20_apresentacoesartisticas\":\"Apresenta\\u00e7\\u00f5es art\\u00edsticas\",\"p21_enfrentamentocomgruposprivadosarmados\":\"Enfrentamento com grupos privados armados\",\"p21_nenhum\":\"Nenhum\",\"p22_numerodeparticipantes\":\"Mais de 90\",\"p23_reunioes\":\"Reuni\\u00f5es\",\"p23_atendimento\":\"Atendimento\",\"p23_oficinas\":\"Oficinas\",\"p23_oficinasaulasartisticas\":\"Ensaio\\\/Oficinas\\\/Aulas Art\\u00edsticas\",\"p23_cursos\":\"Cursos\",\"p23_apresentacoesartisticas\":\"Apresenta\\u00e7\\u00f5es Art\\u00edsticas\",\"p24_reunioes\":\"Reuni\\u00f5es\",\"p24_oficinasaulasartisticas\":\"Ensaios\\\/Oficinas\\\/Aulas art\\u00edsticas\",\"p24_formacao\":\"Forma\\u00e7\\u00e3o\",\"p24_apresentacoesartisticas\":\"Apresenta\\u00e7\\u00f5es art\\u00edsticas\",\"p24_outros\":\"Outros\",\"p25_numerodepessoas\":\"80 - 100\",\"p26_numerodepessoas\":\"80 - 100\",\"p27_espacopublico\":\"Espa\\u00e7o p\\u00fablico\",\"p28_territorios\":\"Estado\",\"p30_outrasorganizacoes\":\"Sim\",\"p32_campanhadelongaduracao\":\"Sim\",\"p34_municipal\":\"Municipal\",\"p36_conselhosdeparticipacaoecontrolesocial\":\"Sim\",\"p38_sim\":\"Sim\",\"p40_editais\":\"N\\u00e3o\",\"p41_privadopj\":\"Privado (P. Jur\\u00eddica)\",\"p41_autofinanciamento\":\"Autofinanciamento\",\"p42_meiodedivulgacaoproprio\":\"Sim\",\"p43_impressoes\":\"Impressos\",\"p43_email\":\"E-mail\",\"p43_facebook\":\"Facebook\",\"p43_whatsapp\":\"WhatsApp\",\"p43_instagram\":\"Instagram\",\"p43_twitter\":\"Twitter\",\"p43_sitesblogs\":\"Blogs\\\/sites\",\"p43_radio\":\"R\\u00e1dio\",\"p43_youtube\":\"YouTube\",\"p44_radio\":\"TV\",\"p44_jornaisimpressosdebairro\":\"Jornais impressos de bairro\",\"p44_redessociais\":\"Redes sociais (Facebook, YouTube, Instagram etc.)\",\"p39_publico\":\"COMUNIDADES TRADICIONAIS COMUNIDADES QUILOMBOLAS\",\"p45_bandeira\":\"CONTRA  RACIAL RELIGIOSO SEXUAL\",\"p46_hashtags\":\"#BASTADERACISMO #CHEGADEVIOLENCIACONTRAAMULHER #CHEGADEEXTERINIODEJOVENSNEGROS\"},{\"p1_eixo\":\"Cultura\",\"p9_tipoorganizacao\":\"Coletivo\",\"p12_uf\":\"ES\",\"p13_cidade\":\"VIT\\u00d3RIA\",\"p16_cidade\":\"Cidade\",\"p17_ano\":\"2014\",\"p18_comunicacao\":\"Comunica\\u00e7\\u00e3o\",\"p18_difusaoartistica\":\"Difus\\u00e3o Art\\u00edstica\",\"p18_desenvolvimentoterritorial\":\"Desenvolvimento territorial\",\"p18_direitoshumanos\":\"Direitos humanos\",\"p18_educacao\":\"Educa\\u00e7\\u00e3o\",\"p18_feminismos\":\"Feminismos\",\"p18_lgbtqi\":\"LGBTQI\",\"p18_lutaantirracismo\":\"Luta antirracismo\",\"p18_mobilidade\":\"Mobilidade\",\"p18_moradia\":\"Moradia\",\"p18_povosecomunidadestradicionais\":\"Povos e comunidades tradicionais\",\"p18_trabalho\":\"Trabalho\",\"p18_saude\":\"Sa\\u00fade\",\"p18_violencia\":\"Viol\\u00eancia\",\"p18_politicasculturais\":\"Pol\\u00edticas Culturais\",\"p19_comunicacao\":\"Comunica\\u00e7\\u00e3o\",\"p19_direitoshumanos\":\"Direitos humanos\",\"p19_educacao\":\"Educa\\u00e7\\u00e3o\",\"p19_saude\":\"Sa\\u00fade\",\"p19_politicasculturais\":\"Pol\\u00edticas Culturais\",\"p20_reunioes\":\"Reuni\\u00f5es\",\"p20_atendimento\":\"Atendimento\",\"p20_oficinas\":\"Oficinas\",\"p20_formacao\":\"Forma\\u00e7\\u00e3o\",\"p20_apresentacoesartisticas\":\"Apresenta\\u00e7\\u00f5es art\\u00edsticas\",\"p21_nenhum\":\"Nenhum\",\"p22_numerodeparticipantes\":\"1  - 15\",\"p23_reunioes\":\"Reuni\\u00f5es\",\"p23_oficinas\":\"Oficinas\",\"p23_apresentacoesartisticas\":\"Apresenta\\u00e7\\u00f5es Art\\u00edsticas\",\"p23_visitas\":\"Visitas\",\"p24_reunioes\":\"Reuni\\u00f5es\",\"p24_oficinas\":\"Oficinas\",\"p24_apresentacoesartisticas\":\"Apresenta\\u00e7\\u00f5es art\\u00edsticas\",\"p24_outros\":\"Outros\",\"p25_numerodepessoas\":\"80 - 100\",\"p26_numerodepessoas\":\"60 - 80\",\"p27_espacopublico\":\"Espa\\u00e7o p\\u00fablico\",\"p27_espacoemprestadocedido\":\"Espa\\u00e7o emprestado\\\/cedido\",\"p28_territorios\":\"Regi\\u00e3o da Cidade\",\"p30_outrasorganizacoes\":\"Sim\",\"p32_campanhadelongaduracao\":\"Sim\",\"p34_municipal\":\"Municipal\",\"p34_internacional\":\"Internacional\",\"p36_conselhosdeparticipacaoecontrolesocial\":\"N\\u00e3o\",\"p38_sim\":\"Sim\",\"p40_editais\":\"Sim\",\"p41_publicoestatal\":\"P\\u00fablico-Estatal\",\"p41_privadopj\":\"Privado (P. Jur\\u00eddica)\",\"p41_autofinanciamento\":\"Autofinanciamento\",\"p42_meiodedivulgacaoproprio\":\"Sim\",\"p43_impressoes\":\"Impressos\",\"p43_email\":\"E-mail\",\"p43_facebook\":\"Facebook\",\"p43_whatsapp\":\"WhatsApp\",\"p43_radio\":\"R\\u00e1dio\",\"p44_radio\":\"R\\u00e1dio\",\"p44_jornaisimpressosdegrandecirculacao\":\"Jornais impressos de grande circula\\u00e7\\u00e3o\",\"p44_jornaisimpressosdebairro\":\"Jornais impressos de bairro\",\"p44_redessociais\":\"Redes sociais (Facebook, YouTube, Instagram etc.)\",\"p44_sitesblogs\":\"Sites ou Blogs\",\"p39_publico\":\"CRIAN\\u00c7AS JOVENS ADULTOS\",\"p45_bandeira\":\"FAVELA LIMPA COMUNIDADE FELIZ LUTA BATALHA TRAVADA LIXO LIXO\",\"p46_hashtags\":\"#ECOCINE #FAVELALIMPACOMUNIDADEFELIZ #UMPORTODOSETODOSPORUM\"},{\"p1_eixo\":\"Cultura\",\"p9_tipoorganizacao\":\"Movimento Social\",\"p12_uf\":\"RS\",\"p13_cidade\":\"S\\u00c3O LEOPOLDO\",\"p16_cidade\":\"Cidade\",\"p17_ano\":\"2019\",\"p18_comunicacao\":\"Comunica\\u00e7\\u00e3o\",\"p18_difusaoartistica\":\"Difus\\u00e3o Art\\u00edstica\",\"p18_direitoshumanos\":\"Direitos humanos\",\"p18_educacao\":\"Educa\\u00e7\\u00e3o\",\"p18_lutaantirracismo\":\"Luta antirracismo\",\"p18_saude\":\"Sa\\u00fade\",\"p18_violencia\":\"Viol\\u00eancia\",\"p18_politicasculturais\":\"Pol\\u00edticas Culturais\",\"p19_comunicacao\":\"Comunica\\u00e7\\u00e3o\",\"p19_direitoshumanos\":\"Direitos humanos\",\"p19_lutaantirracismo\":\"Luta antirracismo\",\"p19_saude\":\"Sa\\u00fade\",\"p19_politicasculturais\":\"Pol\\u00edticas Culturais\",\"p20_reunioes\":\"Reuni\\u00f5es\",\"p20_atendimento\":\"Atendimento\",\"p20_oficinas\":\"Oficinas\",\"p21_repressaopolicial\":\"Repress\\u00e3o policial\",\"p21_racismo\":\"Racismo\",\"p21_nenhum\":\"Nenhum\",\"p22_numerodeparticipantes\":\"15 - 30\",\"p23_reunioes\":\"Reuni\\u00f5es\",\"p23_atendimento\":\"Atendimento\",\"p23_oficinas\":\"Oficinas\",\"p23_apresentacoesartisticas\":\"Apresenta\\u00e7\\u00f5es Art\\u00edsticas\",\"p23_visitas\":\"Visitas\",\"p24_reunioes\":\"Reuni\\u00f5es\",\"p24_oficinas\":\"Oficinas\",\"p25_numerodepessoas\":\"200 - 300\",\"p26_numerodepessoas\":\"80 - 100\",\"p27_espacopublico\":\"Espa\\u00e7o p\\u00fablico\",\"p27_espacoemprestadocedido\":\"Espa\\u00e7o emprestado\\\/cedido\",\"p28_territorios\":\"Regi\\u00e3o da Cidade\",\"p30_outrasorganizacoes\":\"N\\u00e3o\",\"p32_campanhadelongaduracao\":\"Sim\",\"p34_estadual\":\"Estadual\",\"p34_internacional\":\"Internacional\",\"p36_conselhosdeparticipacaoecontrolesocial\":\"Sim\",\"p38_sim\":\"Sim\",\"p40_editais\":\"Sim\",\"p41_publicoestatal\":\"P\\u00fablico-Estatal\",\"p41_financiamentocoletivo0\":\"Financiamento coletivo\",\"p42_meiodedivulgacaoproprio\":\"Sim\",\"p43_impressoes\":\"Impressos\",\"p43_email\":\"E-mail\",\"p43_facebook\":\"Facebook\",\"p43_whatsapp\":\"WhatsApp\",\"p43_instagram\":\"Instagram\",\"p43_sitesblogs\":\"Blogs\\\/sites\",\"p44_jornaisimpressosdegrandecirculacao\":\"Jornais impressos de grande circula\\u00e7\\u00e3o\",\"p44_redessociais\":\"Redes sociais (Facebook, YouTube, Instagram etc.)\",\"p44_sitesblogs\":\"Sites ou Blogs\",\"p39_publico\":\"JOVENS \",\"p45_bandeira\":\"FORMA\\u00c7\\u00c3O CIDADANIA DEFESA MEIO-AMBIENTE\",\"p46_hashtags\":\"#DEFESAMABIENTAL\"},{\"p1_eixo\":\"Viol\\u00eancia\",\"p9_tipoorganizacao\":\"ONG\",\"p12_uf\":\"RJ\",\"p13_cidade\":\"RIO DE JANEIRO\",\"p16_cidade\":\"Cidade\",\"p17_ano\":\"2017\",\"p18_comunicacao\":\"Comunica\\u00e7\\u00e3o\",\"p18_direitoshumanos\":\"Direitos humanos\",\"p18_educacao\":\"Educa\\u00e7\\u00e3o\",\"p18_lutaantirracismo\":\"Luta antirracismo\",\"p18_trabalho\":\"Trabalho\",\"p18_saude\":\"Sa\\u00fade\",\"p18_violencia\":\"Viol\\u00eancia\",\"p19_desenvolvimentoterritorial\":\"Desenvolvimento territorial\",\"p19_direitoshumanos\":\"Direitos humanos\",\"p19_educacao\":\"Educa\\u00e7\\u00e3o\",\"p19_lutaantirracismo\":\"Luta antirracismo\",\"p19_saude\":\"Sa\\u00fade\",\"p20_reunioes\":\"Reuni\\u00f5es\",\"p20_atendimento\":\"Atendimento\",\"p20_oficinas\":\"Oficinas\",\"p20_oficinasaulasartisticas\":\"Ensaios\\\/Oficinas\\\/Aulas art\\u00edsticas\",\"p20_cursos\":\"Cursos\",\"p20_formacao\":\"Forma\\u00e7\\u00e3o\",\"p20_apresentacoesartisticas\":\"Apresenta\\u00e7\\u00f5es art\\u00edsticas\",\"p20_visitasexcursoes\":\"Visitas\\\/Excurs\\u00f5es\",\"p21_repressaopolicial\":\"Repress\\u00e3o policial\",\"p21_intoleranciareligiosa\":\"Fundamentalismo\\\/intoler\\u00e2ncia religiosa\",\"p21_racismo\":\"Racismo\",\"p22_numerodeparticipantes\":\"1  - 15\",\"p23_reunioes\":\"Reuni\\u00f5es\",\"p23_atendimento\":\"Atendimento\",\"p23_oficinas\":\"Oficinas\",\"p23_cursos\":\"Cursos\",\"p23_formacao\":\"Forma\\u00e7\\u00e3o\",\"p23_apresentacoesartisticas\":\"Apresenta\\u00e7\\u00f5es Art\\u00edsticas\",\"p23_visitas\":\"Visitas\",\"p23_excursoes\":\"Excurs\\u00f5es\",\"p24_reunioes\":\"Reuni\\u00f5es\",\"p24_oficinas\":\"Oficinas\",\"p24_oficinasaulasartisticas\":\"Ensaios\\\/Oficinas\\\/Aulas art\\u00edsticas\",\"p24_formacao\":\"Forma\\u00e7\\u00e3o\",\"p24_apresentacoesartisticas\":\"Apresenta\\u00e7\\u00f5es art\\u00edsticas\",\"p24_visitasexcursoes\":\"Visitas\\\/Excurs\\u00f5es\",\"p25_numerodepessoas\":\"1 - 20\",\"p26_numerodepessoas\":\"40 - 60\",\"p27_espacopublico\":\"Espa\\u00e7o p\\u00fablico\",\"p27_espacoemprestadocedido\":\"Espa\\u00e7o emprestado\\\/cedido\",\"p28_territorios\":\"Regi\\u00e3o da Cidade\",\"p30_outrasorganizacoes\":\"Sim\",\"p32_campanhadelongaduracao\":\"Sim\",\"p34_estadual\":\"Estadual\",\"p34_nenhuma\":\"Nenhuma\",\"p36_conselhosdeparticipacaoecontrolesocial\":\"N\\u00e3o\",\"p38_sim\":\"Sim\",\"p40_editais\":\"Sim\",\"p41_financiamentocoletivo0\":\"Financiamento coletivo\",\"p42_meiodedivulgacaoproprio\":\"Sim\",\"p43_impressoes\":\"Impressos\",\"p43_email\":\"E-mail\",\"p43_facebook\":\"Facebook\",\"p43_whatsapp\":\"WhatsApp\",\"p43_instagram\":\"Instagram\",\"p43_sitesblogs\":\"Blogs\\\/sites\",\"p43_radio\":\"R\\u00e1dio\",\"p43_youtube\":\"YouTube\",\"p44_radio\":\"TV\",\"p44_redessociais\":\"Redes sociais (Facebook, YouTube, Instagram etc.)\",\"p44_sitesblogs\":\"Sites ou Blogs\",\"p39_publico\":\"FAMILIARES SOBREVIVENTES ENCARCERAMENTO PENAL\",\"p45_bandeira\":\"DESENCARCERAMENTO RACISMO INSTITUCIONAL VIOLA\\u00c7\\u00d5ES DIREITO ESPA\\u00c7OS-PRIVA\\u00c7\\u00c3O LIBERDADE\",\"p46_hashtags\":\"#SOBREVIVENTES #OCUPANDOESPACOS #FALOPORMIM\"},{\"p1_eixo\":\"Cultura\",\"p9_tipoorganizacao\":\"Associa\\u00e7\\u00e3o\",\"p12_uf\":\"PI\",\"p13_cidade\":\"TERESINA\",\"p16_cidade\":\"Cidade\",\"p17_ano\":\"Anterior a 1980\",\"p16_estado\":\"Estado\",\"p18_agrario\":\"Agr\\u00e1rio\\\/ruralidades\",\"p18_comunicacao\":\"Comunica\\u00e7\\u00e3o\",\"p18_difusaoartistica\":\"Difus\\u00e3o Art\\u00edstica\",\"p18_direitoshumanos\":\"Direitos humanos\",\"p18_educacao\":\"Educa\\u00e7\\u00e3o\",\"p18_feminismos\":\"Feminismos\",\"p18_lgbtqi\":\"LGBTQI\",\"p18_lutaantirracismo\":\"Luta antirracismo\",\"p18_mobilidade\":\"Mobilidade\",\"p18_moradia\":\"Moradia\",\"p18_trabalho\":\"Trabalho\",\"p18_religiao\":\"Religi\\u00e3o\",\"p18_saude\":\"Sa\\u00fade\",\"p18_violencia\":\"Viol\\u00eancia\",\"p18_politicasculturais\":\"Pol\\u00edticas Culturais\",\"p19_desenvolvimentoterritorial\":\"Desenvolvimento territorial\",\"p19_direitoshumanos\":\"Direitos humanos\",\"p19_educacao\":\"Educa\\u00e7\\u00e3o\",\"p19_feminismos\":\"Feminismos\",\"p19_lutaantirracismo\":\"Luta antirracismo\",\"p19_saude\":\"Sa\\u00fade\",\"p20_reunioes\":\"Reuni\\u00f5es\",\"p20_oficinas\":\"Oficinas\",\"p20_oficinasaulasartisticas\":\"Ensaios\\\/Oficinas\\\/Aulas art\\u00edsticas\",\"p20_cursos\":\"Cursos\",\"p20_formacao\":\"Forma\\u00e7\\u00e3o\",\"p20_apresentacoesartisticas\":\"Apresenta\\u00e7\\u00f5es art\\u00edsticas\",\"p20_visitasexcursoes\":\"Visitas\\\/Excurs\\u00f5es\",\"p21_repressaopolicial\":\"Repress\\u00e3o policial\",\"p21_intoleranciareligiosa\":\"Fundamentalismo\\\/intoler\\u00e2ncia religiosa\",\"p21_xenofobia\":\"Xenofobia\",\"p21_machismo\":\"Machismo\",\"p21_racismo\":\"Racismo\",\"p21_lgbtqifobia\":\"LGBTIfobia\",\"p21_enfrentamentocomgruposprivadosarmados\":\"Enfrentamento com grupos privados armados\",\"p22_numerodeparticipantes\":\"15 - 30\",\"p23_reunioes\":\"Reuni\\u00f5es\",\"p23_oficinas\":\"Oficinas\",\"p23_cursos\":\"Cursos\",\"p23_formacao\":\"Forma\\u00e7\\u00e3o\",\"p23_apresentacoesartisticas\":\"Apresenta\\u00e7\\u00f5es Art\\u00edsticas\",\"p23_visitas\":\"Visitas\",\"p23_excursoes\":\"Excurs\\u00f5es\",\"p23_outros\":\"Outros\",\"p24_reunioes\":\"Reuni\\u00f5es\",\"p24_oficinas\":\"Oficinas\",\"p24_oficinasaulasartisticas\":\"Ensaios\\\/Oficinas\\\/Aulas art\\u00edsticas\",\"p24_curso\":\"Curso\",\"p24_formacao\":\"Forma\\u00e7\\u00e3o\",\"p24_apresentacoesartisticas\":\"Apresenta\\u00e7\\u00f5es art\\u00edsticas\",\"p24_visitasexcursoes\":\"Visitas\\\/Excurs\\u00f5es\",\"p25_numerodepessoas\":\"80 - 100\",\"p26_numerodepessoas\":\"20 - 40\",\"p27_espacopublico\":\"Espa\\u00e7o p\\u00fablico\",\"p27_espacoemprestadocedido\":\"Espa\\u00e7o emprestado\\\/cedido\",\"p28_territorios\":\"Atua\\u00e7\\u00e3o Internacional\",\"p30_outrasorganizacoes\":\"N\\u00e3o\",\"p32_campanhadelongaduracao\":\"N\\u00e3o\",\"p34_nacional\":\"Nacional\",\"p34_internacional\":\"Internacional\",\"p34_nenhuma\":\"Nenhuma\",\"p36_conselhosdeparticipacaoecontrolesocial\":\"Sim\",\"p38_sim\":\"Sim\",\"p38_nenhum\":\"Nenhum\",\"p40_editais\":\"N\\u00e3o\",\"p41_autofinanciamento\":\"Autofinanciamento\",\"p41_financiamentocoletivo0\":\"Financiamento coletivo\",\"p42_meiodedivulgacaoproprio\":\"Sim\",\"p43_impressoes\":\"Impressos\",\"p43_email\":\"E-mail\",\"p43_facebook\":\"Facebook\",\"p43_whatsapp\":\"WhatsApp\",\"p43_instagram\":\"Instagram\",\"p43_radio\":\"R\\u00e1dio\",\"p43_youtube\":\"YouTube\",\"p44_radio\":\"TV\",\"p44_jornaisimpressosdegrandecirculacao\":\"Jornais impressos de grande circula\\u00e7\\u00e3o\",\"p44_redessociais\":\"Redes sociais (Facebook, YouTube, Instagram etc.)\",\"p44_sitesblogs\":\"Sites ou Blogs\",\"p39_publico\":\"TODOS\",\"p45_bandeira\":\"CAPOEIRA \",\"p46_hashtags\":\"#DROGASFORACAPOEIRADENTRO #ONDEHAMOVIMENTOHAVIDA #CORDAODEOUROCAPOEIRASERTAO\"},{\"p1_eixo\":\"Cultura\",\"p9_tipoorganizacao\":\"Coletivo\",\"p12_uf\":\"SP\",\"p13_cidade\":\"JACARE\\u00cd\",\"p16_bairro\":\"Bairro\",\"p17_ano\":\"2016\",\"p16_estado\":\"Estado\",\"p18_agrario\":\"Agr\\u00e1rio\\\/ruralidades\",\"p18_comunicacao\":\"Comunica\\u00e7\\u00e3o\",\"p18_difusaoartistica\":\"Difus\\u00e3o Art\\u00edstica\",\"p18_desenvolvimentoterritorial\":\"Desenvolvimento territorial\",\"p18_direitoshumanos\":\"Direitos humanos\",\"p18_educacao\":\"Educa\\u00e7\\u00e3o\",\"p18_feminismos\":\"Feminismos\",\"p18_lgbtqi\":\"LGBTQI\",\"p18_lutaantirracismo\":\"Luta antirracismo\",\"p18_mobilidade\":\"Mobilidade\",\"p18_moradia\":\"Moradia\",\"p18_trabalho\":\"Trabalho\",\"p18_religiao\":\"Religi\\u00e3o\",\"p18_saude\":\"Sa\\u00fade\",\"p18_violencia\":\"Viol\\u00eancia\",\"p18_politicasculturais\":\"Pol\\u00edticas Culturais\",\"p19_desenvolvimentoterritorial\":\"Desenvolvimento territorial\",\"p19_direitoshumanos\":\"Direitos humanos\",\"p19_feminismos\":\"Feminismos\",\"p19_lutaantirracismo\":\"Luta antirracismo\",\"p19_mobilidade\":\"Mobilidade\",\"p19_difusaoartistica\":\"Difus\\u00e3o Art\\u00edstica\",\"p20_reunioes\":\"Reuni\\u00f5es\",\"p20_oficinas\":\"Oficinas\",\"p20_oficinasaulasartisticas\":\"Ensaios\\\/Oficinas\\\/Aulas art\\u00edsticas\",\"p20_formacao\":\"Forma\\u00e7\\u00e3o\",\"p20_apresentacoesartisticas\":\"Apresenta\\u00e7\\u00f5es art\\u00edsticas\",\"p21_repressaopolicial\":\"Repress\\u00e3o policial\",\"p21_intoleranciareligiosa\":\"Fundamentalismo\\\/intoler\\u00e2ncia religiosa\",\"p21_xenofobia\":\"Xenofobia\",\"p21_machismo\":\"Machismo\",\"p21_racismo\":\"Racismo\",\"p21_lgbtqifobia\":\"LGBTIfobia\",\"p21_enfrentamentocomgruposprivadosarmados\":\"Enfrentamento com grupos privados armados\",\"p22_numerodeparticipantes\":\"1  - 15\",\"p23_reunioes\":\"Reuni\\u00f5es\",\"p23_oficinas\":\"Oficinas\",\"p23_oficinasaulasartisticas\":\"Ensaio\\\/Oficinas\\\/Aulas Art\\u00edsticas\",\"p23_formacao\":\"Forma\\u00e7\\u00e3o\",\"p23_apresentacoesartisticas\":\"Apresenta\\u00e7\\u00f5es Art\\u00edsticas\",\"p23_outros\":\"Outros\",\"p24_reunioes\":\"Reuni\\u00f5es\",\"p24_oficinas\":\"Oficinas\",\"p24_oficinasaulasartisticas\":\"Ensaios\\\/Oficinas\\\/Aulas art\\u00edsticas\",\"p24_curso\":\"Curso\",\"p25_numerodepessoas\":\"100 - 200\",\"p26_numerodepessoas\":\"1 - 20\",\"p27_espacopublico\":\"Espa\\u00e7o p\\u00fablico\",\"p27_espacoemprestadocedido\":\"Espa\\u00e7o emprestado\\\/cedido\",\"p28_territorios\":\"Regi\\u00e3o da Cidade\",\"p30_outrasorganizacoes\":\"Sim\",\"p32_campanhadelongaduracao\":\"Sim\",\"p34_estadual\":\"Estadual\",\"p34_nacional\":\"Nacional\",\"p34_internacional\":\"Internacional\",\"p36_conselhosdeparticipacaoecontrolesocial\":\"Sim\",\"p38_nenhum\":\"Nenhum\",\"p40_editais\":\"N\\u00e3o\",\"p41_autofinanciamento\":\"Autofinanciamento\",\"p41_financiamentocoletivo0\":\"Financiamento coletivo\",\"p42_meiodedivulgacaoproprio\":\"Sim\",\"p43_email\":\"E-mail\",\"p43_facebook\":\"Facebook\",\"p43_instagram\":\"Instagram\",\"p43_youtube\":\"YouTube\",\"p44_jornaisimpressosdegrandecirculacao\":\"Jornais impressos de grande circula\\u00e7\\u00e3o\",\"p44_redessociais\":\"Redes sociais (Facebook, YouTube, Instagram etc.)\",\"p44_sitesblogs\":\"Sites ou Blogs\",\"p39_publico\":\"MULHERES NEGRAS PERIF\\u00c9RICAS\",\"p45_bandeira\":\"LUTA ANTIRRACISMO MULHERES MULHERES NEGRAS\",\"p46_hashtags\":\"#ACESTRALIDADE #RESISTENCIA #ESPERANCA\"},{\"p1_eixo\":\"Viol\\u00eancia\",\"p9_tipoorganizacao\":\"Coletivo\",\"p12_uf\":\"PE\",\"p13_cidade\":\"RECIFE\",\"p16_bairro\":\"Bairro\",\"p17_ano\":\"2007\",\"p16_estado\":\"Estado\",\"p18_agrario\":\"Agr\\u00e1rio\\\/ruralidades\",\"p18_comunicacao\":\"Comunica\\u00e7\\u00e3o\",\"p18_desenvolvimentoterritorial\":\"Desenvolvimento territorial\",\"p18_direitoshumanos\":\"Direitos humanos\",\"p18_educacao\":\"Educa\\u00e7\\u00e3o\",\"p18_feminismos\":\"Feminismos\",\"p18_lutaantirracismo\":\"Luta antirracismo\",\"p18_trabalho\":\"Trabalho\",\"p18_religiao\":\"Religi\\u00e3o\",\"p18_saude\":\"Sa\\u00fade\",\"p18_politicasculturais\":\"Pol\\u00edticas Culturais\",\"p19_desenvolvimentoterritorial\":\"Desenvolvimento territorial\",\"p19_feminismos\":\"Feminismos\",\"p19_lutaantirracismo\":\"Luta antirracismo\",\"p19_mobilidade\":\"Mobilidade\",\"p19_difusaoartistica\":\"Difus\\u00e3o Art\\u00edstica\",\"p19_politicasculturais\":\"Pol\\u00edticas Culturais\",\"p20_reunioes\":\"Reuni\\u00f5es\",\"p20_oficinas\":\"Oficinas\",\"p20_formacao\":\"Forma\\u00e7\\u00e3o\",\"p20_apresentacoesartisticas\":\"Apresenta\\u00e7\\u00f5es art\\u00edsticas\",\"p21_repressaopolicial\":\"Repress\\u00e3o policial\",\"p21_machismo\":\"Machismo\",\"p21_racismo\":\"Racismo\",\"p22_numerodeparticipantes\":\"1  - 15\",\"p23_reunioes\":\"Reuni\\u00f5es\",\"p23_oficinas\":\"Oficinas\",\"p23_oficinasaulasartisticas\":\"Ensaio\\\/Oficinas\\\/Aulas Art\\u00edsticas\",\"p23_outros\":\"Outros\",\"p24_reunioes\":\"Reuni\\u00f5es\",\"p25_numerodepessoas\":\"60 - 80\",\"p26_numerodepessoas\":\"1 - 20\",\"p27_espacopublico\":\"Espa\\u00e7o p\\u00fablico\",\"p27_espacoemprestadocedido\":\"Espa\\u00e7o emprestado\\\/cedido\",\"p28_territorios\":\"Pr\\u00f3prio bairro\",\"p30_outrasorganizacoes\":\"Sim\",\"p32_campanhadelongaduracao\":\"N\\u00e3o\",\"p34_estadual\":\"Estadual\",\"p36_conselhosdeparticipacaoecontrolesocial\":\"N\\u00e3o\",\"p38_sim\":\"Sim\",\"p38_nenhum\":\"Nenhum\",\"p40_editais\":\"Sim\",\"p41_autofinanciamento\":\"Autofinanciamento\",\"p42_meiodedivulgacaoproprio\":\"Sim\",\"p43_email\":\"E-mail\",\"p43_facebook\":\"Facebook\",\"p43_whatsapp\":\"WhatsApp\",\"p43_instagram\":\"Instagram\",\"p43_youtube\":\"YouTube\",\"p44_radio\":\"R\\u00e1dio\",\"p44_redessociais\":\"Redes sociais (Facebook, YouTube, Instagram etc.)\",\"p39_publico\":\"JUVENTUDE NEGRA\",\"p45_bandeira\":\"ANTIRRACISTA LGBTQI SEGURAN\\u00c7A P\\u00daBLICA CULTURA\",\"p46_hashtags\":\"#IBURAPELAPAZ #IBURAMAISCULTURA #IBURAVIVE\"},{\"p1_eixo\":\"Cultura\",\"p9_tipoorganizacao\":\"F\\u00f3rum\",\"p12_uf\":\"MS\",\"p13_cidade\":\"CAMPO GRANDE\",\"p16_cidade\":\"Cidade\",\"p17_ano\":\"2001\",\"p16_estado\":\"Estado\",\"p18_desenvolvimentoterritorial\":\"Desenvolvimento territorial\",\"p18_direitoshumanos\":\"Direitos humanos\",\"p18_educacao\":\"Educa\\u00e7\\u00e3o\",\"p18_feminismos\":\"Feminismos\",\"p18_lutaantirracismo\":\"Luta antirracismo\",\"p18_trabalho\":\"Trabalho\",\"p18_violencia\":\"Viol\\u00eancia\",\"p18_politicasculturais\":\"Pol\\u00edticas Culturais\",\"p19_direitoshumanos\":\"Direitos humanos\",\"p19_feminismos\":\"Feminismos\",\"p19_lutaantirracismo\":\"Luta antirracismo\",\"p19_trabalho\":\"Trabalho\",\"p19_politicasculturais\":\"Pol\\u00edticas Culturais\",\"p20_reunioes\":\"Reuni\\u00f5es\",\"p20_oficinas\":\"Oficinas\",\"p20_oficinasaulasartisticas\":\"Ensaios\\\/Oficinas\\\/Aulas art\\u00edsticas\",\"p20_cursos\":\"Cursos\",\"p20_formacao\":\"Forma\\u00e7\\u00e3o\",\"p21_repressaopolicial\":\"Repress\\u00e3o policial\",\"p21_machismo\":\"Machismo\",\"p21_racismo\":\"Racismo\",\"p22_numerodeparticipantes\":\"30 - 45\",\"p23_reunioes\":\"Reuni\\u00f5es\",\"p23_outros\":\"Outros\",\"p24_reunioes\":\"Reuni\\u00f5es\",\"p24_oficinas\":\"Oficinas\",\"p24_oficinasaulasartisticas\":\"Ensaios\\\/Oficinas\\\/Aulas art\\u00edsticas\",\"p24_curso\":\"Curso\",\"p25_numerodepessoas\":\"20 - 40\",\"p26_numerodepessoas\":\"80 - 100\",\"p27_espacoemprestadocedido\":\"Espa\\u00e7o emprestado\\\/cedido\",\"p27_espacoproprio\":\"Espa\\u00e7o pr\\u00f3prio\",\"p28_territorios\":\"Regi\\u00e3o da Cidade\",\"p30_outrasorganizacoes\":\"Sim\",\"p32_campanhadelongaduracao\":\"Sim\",\"p34_municipal\":\"Municipal\",\"p34_estadual\":\"Estadual\",\"p36_conselhosdeparticipacaoecontrolesocial\":\"Sim\",\"p38_sim\":\"Sim\",\"p40_editais\":\"N\\u00e3o\",\"p41_publicoestatal\":\"P\\u00fablico-Estatal\",\"p41_privadopj\":\"Privado (P. Jur\\u00eddica)\",\"p41_autofinanciamento\":\"Autofinanciamento\",\"p42_meiodedivulgacaoproprio\":\"Sim\",\"p43_email\":\"E-mail\",\"p43_facebook\":\"Facebook\",\"p43_whatsapp\":\"WhatsApp\",\"p43_instagram\":\"Instagram\",\"p44_radio\":\"R\\u00e1dio\",\"p44_redessociais\":\"Redes sociais (Facebook, YouTube, Instagram etc.)\",\"p44_sitesblogs\":\"Sites ou Blogs\",\"p39_publico\":\"POPULA\\u00c7\\u00c3O NEGRA\",\"p45_bandeira\":\"FORMA\\u00c7\\u00c3O POLITICA G\\u00caNERO EDUCA\\u00c7\\u00c3O RACISMO\",\"p46_hashtags\":\"#CONTRAGENOCIDIODAJUVENTUDENEGRA #ONEGRONOPODER #EDUCACAOEPOPULACAONEGRA\"},{\"p1_eixo\":\"Trabalho\",\"p9_tipoorganizacao\":\"Associa\\u00e7\\u00e3o\",\"p12_uf\":\"RJ\",\"p13_cidade\":\"S\\u00c3O GON\\u00c7ALO\",\"p16_cidade\":\"Cidade\",\"p17_ano\":\"2006\",\"p16_estado\":\"Estado\",\"p18_comunicacao\":\"Comunica\\u00e7\\u00e3o\",\"p18_difusaoartistica\":\"Difus\\u00e3o Art\\u00edstica\",\"p18_desenvolvimentoterritorial\":\"Desenvolvimento territorial\",\"p18_direitoshumanos\":\"Direitos humanos\",\"p18_educacao\":\"Educa\\u00e7\\u00e3o\",\"p18_feminismos\":\"Feminismos\",\"p18_lgbtqi\":\"LGBTQI\",\"p18_lutaantirracismo\":\"Luta antirracismo\",\"p18_mobilidade\":\"Mobilidade\",\"p18_povosecomunidadestradicionais\":\"Povos e comunidades tradicionais\",\"p18_trabalho\":\"Trabalho\",\"p18_violencia\":\"Viol\\u00eancia\",\"p18_politicasculturais\":\"Pol\\u00edticas Culturais\",\"p19_direitoshumanos\":\"Direitos humanos\",\"p19_educacao\":\"Educa\\u00e7\\u00e3o\",\"p19_feminismos\":\"Feminismos\",\"p19_trabalho\":\"Trabalho\",\"p19_difusaoartistica\":\"Difus\\u00e3o Art\\u00edstica\",\"p19_politicasculturais\":\"Pol\\u00edticas Culturais\",\"p20_oficinas\":\"Oficinas\",\"p20_oficinasaulasartisticas\":\"Ensaios\\\/Oficinas\\\/Aulas art\\u00edsticas\",\"p20_cursos\":\"Cursos\",\"p20_apresentacoesartisticas\":\"Apresenta\\u00e7\\u00f5es art\\u00edsticas\",\"p20_visitasexcursoes\":\"Visitas\\\/Excurs\\u00f5es\",\"p21_repressaopolicial\":\"Repress\\u00e3o policial\",\"p21_intoleranciareligiosa\":\"Fundamentalismo\\\/intoler\\u00e2ncia religiosa\",\"p21_machismo\":\"Machismo\",\"p21_racismo\":\"Racismo\",\"p21_lgbtqifobia\":\"LGBTIfobia\",\"p22_numerodeparticipantes\":\"1  - 15\",\"p23_cursos\":\"Cursos\",\"p23_apresentacoesartisticas\":\"Apresenta\\u00e7\\u00f5es Art\\u00edsticas\",\"p23_outros\":\"Outros\",\"p24_oficinas\":\"Oficinas\",\"p24_oficinasaulasartisticas\":\"Ensaios\\\/Oficinas\\\/Aulas art\\u00edsticas\",\"p24_curso\":\"Curso\",\"p24_visitasexcursoes\":\"Visitas\\\/Excurs\\u00f5es\",\"p24_outros\":\"Outros\",\"p25_numerodepessoas\":\"1 - 20\",\"p26_numerodepessoas\":\"100 - 200\",\"p27_espacoemprestadocedido\":\"Espa\\u00e7o emprestado\\\/cedido\",\"p27_espacoproprio\":\"Espa\\u00e7o pr\\u00f3prio\",\"p28_territorios\":\"Cidade\",\"p30_outrasorganizacoes\":\"Sim\",\"p32_campanhadelongaduracao\":\"N\\u00e3o\",\"p34_municipal\":\"Municipal\",\"p34_estadual\":\"Estadual\",\"p36_conselhosdeparticipacaoecontrolesocial\":\"Sim\",\"p38_sim\":\"Sim\",\"p40_editais\":\"Sim\",\"p41_publicoestatal\":\"P\\u00fablico-Estatal\",\"p41_privadopf\":\"Privado (P. F\\u00edsica)\",\"p41_privadopj\":\"Privado (P. Jur\\u00eddica)\",\"p41_autofinanciamento\":\"Autofinanciamento\",\"p41_financiamentocoletivo0\":\"Financiamento coletivo\",\"p42_meiodedivulgacaoproprio\":\"Sim\",\"p43_email\":\"E-mail\",\"p43_facebook\":\"Facebook\",\"p43_instagram\":\"Instagram\",\"p43_twitter\":\"Twitter\",\"p43_youtube\":\"YouTube\",\"p44_radio\":\"TV\",\"p44_jornaisimpressosdegrandecirculacao\":\"Jornais impressos de grande circula\\u00e7\\u00e3o\",\"p44_jornaisimpressosdebairro\":\"Jornais impressos de bairro\",\"p44_redessociais\":\"Redes sociais (Facebook, YouTube, Instagram etc.)\",\"p44_sitesblogs\":\"Sites ou Blogs\",\"p39_publico\":\"MULHERES VULNERABILIDADE SOCIAL\",\"p45_bandeira\":\"FEMINISMO EMPODERAR MULHERES RENDA\",\"p46_hashtags\":\"#FEMINISMO #GERACAODETRABALHOERENDA #DIREITODASMULHERES\"},{\"p1_eixo\":\"Cultura\",\"p9_tipoorganizacao\":\"Coletivo\",\"p12_uf\":\"RJ\",\"p13_cidade\":\"S\\u00c3O GON\\u00c7ALO, ITABORA\\u00cd\",\"p16_cidade\":\"Cidade\",\"p17_ano\":\"2016\",\"p16_estado\":\"Estado\",\"p18_comunicacao\":\"Comunica\\u00e7\\u00e3o\",\"p18_difusaoartistica\":\"Difus\\u00e3o Art\\u00edstica\",\"p18_desenvolvimentoterritorial\":\"Desenvolvimento territorial\",\"p18_direitoshumanos\":\"Direitos humanos\",\"p18_educacao\":\"Educa\\u00e7\\u00e3o\",\"p18_feminismos\":\"Feminismos\",\"p18_lgbtqi\":\"LGBTQI\",\"p18_lutaantirracismo\":\"Luta antirracismo\",\"p18_mobilidade\":\"Mobilidade\",\"p18_povosecomunidadestradicionais\":\"Povos e comunidades tradicionais\",\"p18_trabalho\":\"Trabalho\",\"p18_violencia\":\"Viol\\u00eancia\",\"p18_politicasculturais\":\"Pol\\u00edticas Culturais\",\"p19_educacao\":\"Educa\\u00e7\\u00e3o\",\"p19_feminismos\":\"Feminismos\",\"p19_violencia\":\"Viol\\u00eancia\",\"p19_difusaoartistica\":\"Difus\\u00e3o Art\\u00edstica\",\"p19_politicasculturais\":\"Pol\\u00edticas Culturais\",\"p20_reunioes\":\"Reuni\\u00f5es\",\"p20_oficinas\":\"Oficinas\",\"p20_oficinasaulasartisticas\":\"Ensaios\\\/Oficinas\\\/Aulas art\\u00edsticas\",\"p20_cursos\":\"Cursos\",\"p20_apresentacoesartisticas\":\"Apresenta\\u00e7\\u00f5es art\\u00edsticas\",\"p20_visitasexcursoes\":\"Visitas\\\/Excurs\\u00f5es\",\"p21_intoleranciareligiosa\":\"Fundamentalismo\\\/intoler\\u00e2ncia religiosa\",\"p21_machismo\":\"Machismo\",\"p21_racismo\":\"Racismo\",\"p21_lgbtqifobia\":\"LGBTIfobia\",\"p21_nenhum\":\"Nenhum\",\"p22_numerodeparticipantes\":\"1  - 15\",\"p23_reunioes\":\"Reuni\\u00f5es\",\"p23_cursos\":\"Cursos\",\"p23_apresentacoesartisticas\":\"Apresenta\\u00e7\\u00f5es Art\\u00edsticas\",\"p24_reunioes\":\"Reuni\\u00f5es\",\"p24_oficinas\":\"Oficinas\",\"p24_oficinasaulasartisticas\":\"Ensaios\\\/Oficinas\\\/Aulas art\\u00edsticas\",\"p24_visitasexcursoes\":\"Visitas\\\/Excurs\\u00f5es\",\"p24_outros\":\"Outros\",\"p25_numerodepessoas\":\"60 - 80\",\"p26_numerodepessoas\":\"60 - 80\",\"p27_espacoemprestadocedido\":\"Espa\\u00e7o emprestado\\\/cedido\",\"p27_virtual\":\"Virtual\",\"p28_territorios\":\"Regi\\u00e3o da Cidade\",\"p30_outrasorganizacoes\":\"Sim\",\"p32_campanhadelongaduracao\":\"N\\u00e3o\",\"p34_estadual\":\"Estadual\",\"p34_nenhuma\":\"Nenhuma\",\"p36_conselhosdeparticipacaoecontrolesocial\":\"Sim\",\"p38_sim\":\"Sim\",\"p40_editais\":\"N\\u00e3o\",\"p41_privadopf\":\"Privado (P. F\\u00edsica)\",\"p41_privadopj\":\"Privado (P. Jur\\u00eddica)\",\"p41_autofinanciamento\":\"Autofinanciamento\",\"p41_financiamentocoletivo0\":\"Financiamento coletivo\",\"p42_meiodedivulgacaoproprio\":\"Sim\",\"p43_email\":\"E-mail\",\"p43_facebook\":\"Facebook\",\"p43_twitter\":\"Twitter\",\"p43_youtube\":\"YouTube\",\"p43_nenhum\":\"Nenhum\",\"p44_radio\":\"TV\",\"p44_jornaisimpressosdegrandecirculacao\":\"Jornais impressos de grande circula\\u00e7\\u00e3o\",\"p44_jornaisimpressosdebairro\":\"Jornais impressos de bairro\",\"p44_redessociais\":\"Redes sociais (Facebook, YouTube, Instagram etc.)\",\"p44_sitesblogs\":\"Sites ou Blogs\",\"p44_nenhum\":\"Nenhum\",\"p39_publico\":\"JOVENS\",\"p45_bandeira\":\"CULTURA ELABORA\\u00c7\\u00c3O POL\\u00cdTICAS P\\u00daBLICAS CULTURA CULTURA MUNICIPAL\",\"p46_hashtags\":\"#INCLUSAOSOCIAL #POLITICASPUBLICASPARACULTURA #EDUCACAO\"},{\"p1_eixo\":\"Trabalho\",\"p9_tipoorganizacao\":\"Coletivo\",\"p12_uf\":\"MA\",\"p13_cidade\":\"LAGO DA PEDRA\",\"p16_cidade\":\"Cidade\",\"p17_ano\":\"2018\",\"p18_difusaoartistica\":\"Difus\\u00e3o Art\\u00edstica\",\"p18_direitoshumanos\":\"Direitos humanos\",\"p18_educacao\":\"Educa\\u00e7\\u00e3o\",\"p18_lgbtqi\":\"LGBTQI\",\"p18_lutaantirracismo\":\"Luta antirracismo\",\"p18_trabalho\":\"Trabalho\",\"p18_saude\":\"Sa\\u00fade\",\"p18_violencia\":\"Viol\\u00eancia\",\"p19_educacao\":\"Educa\\u00e7\\u00e3o\",\"p19_feminismos\":\"Feminismos\",\"p19_trabalho\":\"Trabalho\",\"p19_saude\":\"Sa\\u00fade\",\"p19_violencia\":\"Viol\\u00eancia\",\"p20_reunioes\":\"Reuni\\u00f5es\",\"p20_oficinas\":\"Oficinas\",\"p20_oficinasaulasartisticas\":\"Ensaios\\\/Oficinas\\\/Aulas art\\u00edsticas\",\"p20_apresentacoesartisticas\":\"Apresenta\\u00e7\\u00f5es art\\u00edsticas\",\"p21_nenhum\":\"Nenhum\",\"p22_numerodeparticipantes\":\"1  - 15\",\"p23_reunioes\":\"Reuni\\u00f5es\",\"p24_reunioes\":\"Reuni\\u00f5es\",\"p24_atendimento\":\"Atendimentos\",\"p24_curso\":\"Curso\",\"p24_formacao\":\"Forma\\u00e7\\u00e3o\",\"p24_visitasexcursoes\":\"Visitas\\\/Excurs\\u00f5es\",\"p24_outros\":\"Outros\",\"p25_numerodepessoas\":\"1 - 20\",\"p26_numerodepessoas\":\"20 - 40\",\"p27_espacopublico\":\"Espa\\u00e7o p\\u00fablico\",\"p27_espacoemprestadocedido\":\"Espa\\u00e7o emprestado\\\/cedido\",\"p27_virtual\":\"Virtual\",\"p28_territorios\":\"Pr\\u00f3prio bairro\",\"p30_outrasorganizacoes\":\"N\\u00e3o\",\"p32_campanhadelongaduracao\":\"N\\u00e3o\",\"p34_municipal\":\"Municipal\",\"p34_nenhuma\":\"Nenhuma\",\"p36_conselhosdeparticipacaoecontrolesocial\":\"N\\u00e3o\",\"p38_sim\":\"Sim\",\"p40_editais\":\"N\\u00e3o\",\"p41_privadopj\":\"Privado (P. Jur\\u00eddica)\",\"p41_financiamentocoletivo0\":\"Financiamento coletivo\",\"p42_meiodedivulgacaoproprio\":\"N\\u00e3o\",\"p43_email\":\"E-mail\",\"p43_facebook\":\"Facebook\",\"p43_whatsapp\":\"WhatsApp\",\"p43_instagram\":\"Instagram\",\"p43_nenhum\":\"Nenhum\",\"p44_redessociais\":\"Redes sociais (Facebook, YouTube, Instagram etc.)\",\"p44_nenhum\":\"Nenhum\",\"p39_publico\":\"MULHERES\",\"p45_bandeira\":\"FEMINISMO LGBTS IGUALDADE DIREITOS\",\"p46_hashtags\":\"#MULHERESTRABALHADORAS #FEMINISMOSIM\"},{\"p1_eixo\":\"Trabalho\",\"p9_tipoorganizacao\":\"Coletivo\",\"p12_uf\":\"RO\",\"p13_cidade\":\"PORTO VELHO\",\"p16_bairro\":\"Bairro\",\"p16_cidade\":\"Cidade\",\"p17_ano\":\"2018\",\"p18_comunicacao\":\"Comunica\\u00e7\\u00e3o\",\"p18_difusaoartistica\":\"Difus\\u00e3o Art\\u00edstica\",\"p18_desenvolvimentoterritorial\":\"Desenvolvimento territorial\",\"p18_direitoshumanos\":\"Direitos humanos\",\"p18_educacao\":\"Educa\\u00e7\\u00e3o\",\"p18_feminismos\":\"Feminismos\",\"p18_lgbtqi\":\"LGBTQI\",\"p18_lutaantirracismo\":\"Luta antirracismo\",\"p18_mobilidade\":\"Mobilidade\",\"p18_moradia\":\"Moradia\",\"p18_povosecomunidadestradicionais\":\"Povos e comunidades tradicionais\",\"p18_trabalho\":\"Trabalho\",\"p18_religiao\":\"Religi\\u00e3o\",\"p18_saude\":\"Sa\\u00fade\",\"p18_violencia\":\"Viol\\u00eancia\",\"p18_politicasculturais\":\"Pol\\u00edticas Culturais\",\"p19_direitoshumanos\":\"Direitos humanos\",\"p19_educacao\":\"Educa\\u00e7\\u00e3o\",\"p19_lutaantirracismo\":\"Luta antirracismo\",\"p19_trabalho\":\"Trabalho\",\"p19_saude\":\"Sa\\u00fade\",\"p19_violencia\":\"Viol\\u00eancia\",\"p20_reunioes\":\"Reuni\\u00f5es\",\"p20_atendimento\":\"Atendimento\",\"p20_oficinas\":\"Oficinas\",\"p20_formacao\":\"Forma\\u00e7\\u00e3o\",\"p20_apresentacoesartisticas\":\"Apresenta\\u00e7\\u00f5es art\\u00edsticas\",\"p20_visitasexcursoes\":\"Visitas\\\/Excurs\\u00f5es\",\"p21_repressaopolicial\":\"Repress\\u00e3o policial\",\"p21_intoleranciareligiosa\":\"Fundamentalismo\\\/intoler\\u00e2ncia religiosa\",\"p21_machismo\":\"Machismo\",\"p21_racismo\":\"Racismo\",\"p21_lgbtqifobia\":\"LGBTIfobia\",\"p21_nenhum\":\"Nenhum\",\"p22_numerodeparticipantes\":\"1  - 15\",\"p23_reunioes\":\"Reuni\\u00f5es\",\"p23_atendimento\":\"Atendimento\",\"p24_atendimento\":\"Atendimentos\",\"p24_oficinas\":\"Oficinas\",\"p24_curso\":\"Curso\",\"p24_formacao\":\"Forma\\u00e7\\u00e3o\",\"p24_apresentacoesartisticas\":\"Apresenta\\u00e7\\u00f5es art\\u00edsticas\",\"p24_visitasexcursoes\":\"Visitas\\\/Excurs\\u00f5es\",\"p24_outros\":\"Outros\",\"p25_numerodepessoas\":\"20 - 40\",\"p26_numerodepessoas\":\"100 - 200\",\"p27_espacopublico\":\"Espa\\u00e7o p\\u00fablico\",\"p27_espacoemprestadocedido\":\"Espa\\u00e7o emprestado\\\/cedido\",\"p27_ocupacao\":\"Ocupa\\u00e7\\u00e3o\",\"p28_territorios\":\"Cidade\",\"p30_outrasorganizacoes\":\"N\\u00e3o\",\"p32_campanhadelongaduracao\":\"N\\u00e3o\",\"p34_municipal\":\"Municipal\",\"p34_estadual\":\"Estadual\",\"p36_conselhosdeparticipacaoecontrolesocial\":\"N\\u00e3o\",\"p38_sim\":\"Sim\",\"p40_editais\":\"N\\u00e3o\",\"p41_privadopj\":\"Privado (P. Jur\\u00eddica)\",\"p41_autofinanciamento\":\"Autofinanciamento\",\"p41_financiamentocoletivo0\":\"Financiamento coletivo\",\"p42_meiodedivulgacaoproprio\":\"Sim\",\"p43_impressoes\":\"Impressos\",\"p43_email\":\"E-mail\",\"p43_facebook\":\"Facebook\",\"p43_whatsapp\":\"WhatsApp\",\"p43_instagram\":\"Instagram\",\"p44_jornaisimpressosdebairro\":\"Jornais impressos de bairro\",\"p44_redessociais\":\"Redes sociais (Facebook, YouTube, Instagram etc.)\",\"p39_publico\":\"MULHERES CRIAN\\u00c7AS\",\"p45_bandeira\":\"TRABALHO EDUCA\\u00c7\\u00c3O ECONOMIA SOLID\\u00c1RIA\",\"p46_hashtags\":\"#ECOSOL #MULHERESEMPODERADAS #CRIANCASENDOCRIANCA\"},{\"p1_eixo\":\"Cultura\",\"p9_tipoorganizacao\":\"Movimento Social\",\"p12_uf\":\"PE\",\"p13_cidade\":\"JABOAT\\u00c3O DOS GUARARAPES\",\"p16_bairro\":\"Bairro\",\"p16_cidade\":\"Cidade\",\"p17_ano\":\"2018\",\"p18_comunicacao\":\"Comunica\\u00e7\\u00e3o\",\"p18_difusaoartistica\":\"Difus\\u00e3o Art\\u00edstica\",\"p18_desenvolvimentoterritorial\":\"Desenvolvimento territorial\",\"p18_direitoshumanos\":\"Direitos humanos\",\"p18_educacao\":\"Educa\\u00e7\\u00e3o\",\"p18_feminismos\":\"Feminismos\",\"p18_lgbtqi\":\"LGBTQI\",\"p18_lutaantirracismo\":\"Luta antirracismo\",\"p18_mobilidade\":\"Mobilidade\",\"p18_moradia\":\"Moradia\",\"p18_povosecomunidadestradicionais\":\"Povos e comunidades tradicionais\",\"p18_trabalho\":\"Trabalho\",\"p18_religiao\":\"Religi\\u00e3o\",\"p18_saude\":\"Sa\\u00fade\",\"p18_violencia\":\"Viol\\u00eancia\",\"p18_politicasculturais\":\"Pol\\u00edticas Culturais\",\"p19_comunicacao\":\"Comunica\\u00e7\\u00e3o\",\"p19_desenvolvimentoterritorial\":\"Desenvolvimento territorial\",\"p19_direitoshumanos\":\"Direitos humanos\",\"p19_lutaantirracismo\":\"Luta antirracismo\",\"p19_religiao\":\"Religi\\u00e3o\",\"p19_violencia\":\"Viol\\u00eancia\",\"p20_reunioes\":\"Reuni\\u00f5es\",\"p20_atendimento\":\"Atendimento\",\"p20_oficinas\":\"Oficinas\",\"p20_formacao\":\"Forma\\u00e7\\u00e3o\",\"p20_apresentacoesartisticas\":\"Apresenta\\u00e7\\u00f5es art\\u00edsticas\",\"p20_visitasexcursoes\":\"Visitas\\\/Excurs\\u00f5es\",\"p21_repressaopolicial\":\"Repress\\u00e3o policial\",\"p21_intoleranciareligiosa\":\"Fundamentalismo\\\/intoler\\u00e2ncia religiosa\",\"p21_machismo\":\"Machismo\",\"p21_racismo\":\"Racismo\",\"p21_lgbtqifobia\":\"LGBTIfobia\",\"p22_numerodeparticipantes\":\"1  - 15\",\"p23_reunioes\":\"Reuni\\u00f5es\",\"p23_atendimento\":\"Atendimento\",\"p23_oficinas\":\"Oficinas\",\"p23_formacao\":\"Forma\\u00e7\\u00e3o\",\"p23_visitas\":\"Visitas\",\"p23_outros\":\"Outros\",\"p24_reunioes\":\"Reuni\\u00f5es\",\"p24_oficinas\":\"Oficinas\",\"p24_formacao\":\"Forma\\u00e7\\u00e3o\",\"p24_apresentacoesartisticas\":\"Apresenta\\u00e7\\u00f5es art\\u00edsticas\",\"p24_visitasexcursoes\":\"Visitas\\\/Excurs\\u00f5es\",\"p25_numerodepessoas\":\"1 - 20\",\"p26_numerodepessoas\":\"100 - 200\",\"p27_espacopublico\":\"Espa\\u00e7o p\\u00fablico\",\"p27_espacoemprestadocedido\":\"Espa\\u00e7o emprestado\\\/cedido\",\"p27_virtual\":\"Virtual\",\"p27_ocupacao\":\"Ocupa\\u00e7\\u00e3o\",\"p28_territorios\":\"Regi\\u00e3o da Cidade\",\"p30_outrasorganizacoes\":\"Sim\",\"p32_campanhadelongaduracao\":\"N\\u00e3o\",\"p34_estadual\":\"Estadual\",\"p36_conselhosdeparticipacaoecontrolesocial\":\"Sim\",\"p38_sim\":\"Sim\",\"p38_nenhum\":\"Nenhum\",\"p40_editais\":\"N\\u00e3o\",\"p41_privadopj\":\"Privado (P. Jur\\u00eddica)\",\"p41_autofinanciamento\":\"Autofinanciamento\",\"p42_meiodedivulgacaoproprio\":\"N\\u00e3o\",\"p43_impressoes\":\"Impressos\",\"p43_email\":\"E-mail\",\"p43_facebook\":\"Facebook\",\"p43_whatsapp\":\"WhatsApp\",\"p43_instagram\":\"Instagram\",\"p44_radio\":\"R\\u00e1dio\",\"p44_jornaisimpressosdegrandecirculacao\":\"Jornais impressos de grande circula\\u00e7\\u00e3o\",\"p44_jornaisimpressosdebairro\":\"Jornais impressos de bairro\",\"p44_redessociais\":\"Redes sociais (Facebook, YouTube, Instagram etc.)\",\"p39_publico\":\"JOVENS 15 23 USU\\u00c1RIOS M\\u00daLTIPLAS DROGAS\",\"p45_bandeira\":\"GENOC\\u00cdDIO JOVENS NEGROS PERIFERIA CORPO POL\\u00cdTICO SA\\u00daDE MENTAL ENCARCERAMENTO DESCRIMINALIZA\\u00c7\\u00c3O-DROGAS\",\"p46_hashtags\":\"#GENOCIDIODOSJOVENSNEGROS #REDUCAODEDANOS #PERIFERIAEPOLITICA\"},{\"p1_eixo\":\"Trabalho\",\"p9_tipoorganizacao\":\"Coletivo\",\"p12_uf\":\"CE\",\"p13_cidade\":\"ITAPIPOCA\",\"p16_cidade\":\"Cidade\",\"p17_ano\":\"Anterior a 1980\",\"p18_comunicacao\":\"Comunica\\u00e7\\u00e3o\",\"p18_difusaoartistica\":\"Difus\\u00e3o Art\\u00edstica\",\"p18_desenvolvimentoterritorial\":\"Desenvolvimento territorial\",\"p18_direitoshumanos\":\"Direitos humanos\",\"p18_educacao\":\"Educa\\u00e7\\u00e3o\",\"p18_moradia\":\"Moradia\",\"p18_trabalho\":\"Trabalho\",\"p18_religiao\":\"Religi\\u00e3o\",\"p18_violencia\":\"Viol\\u00eancia\",\"p19_comunicacao\":\"Comunica\\u00e7\\u00e3o\",\"p19_desenvolvimentoterritorial\":\"Desenvolvimento territorial\",\"p19_moradia\":\"Moradia\",\"p19_trabalho\":\"Trabalho\",\"p19_religiao\":\"Religi\\u00e3o\",\"p20_reunioes\":\"Reuni\\u00f5es\",\"p20_oficinas\":\"Oficinas\",\"p20_formacao\":\"Forma\\u00e7\\u00e3o\",\"p20_visitasexcursoes\":\"Visitas\\\/Excurs\\u00f5es\",\"p21_intoleranciareligiosa\":\"Fundamentalismo\\\/intoler\\u00e2ncia religiosa\",\"p21_machismo\":\"Machismo\",\"p21_racismo\":\"Racismo\",\"p21_lgbtqifobia\":\"LGBTIfobia\",\"p22_numerodeparticipantes\":\"15 - 30\",\"p23_reunioes\":\"Reuni\\u00f5es\",\"p23_oficinas\":\"Oficinas\",\"p23_formacao\":\"Forma\\u00e7\\u00e3o\",\"p23_visitas\":\"Visitas\",\"p23_outros\":\"Outros\",\"p24_reunioes\":\"Reuni\\u00f5es\",\"p24_formacao\":\"Forma\\u00e7\\u00e3o\",\"p24_visitasexcursoes\":\"Visitas\\\/Excurs\\u00f5es\",\"p25_numerodepessoas\":\"40 - 60\",\"p26_numerodepessoas\":\"20 - 40\",\"p27_espacopublico\":\"Espa\\u00e7o p\\u00fablico\",\"p27_espacoemprestadocedido\":\"Espa\\u00e7o emprestado\\\/cedido\",\"p27_virtual\":\"Virtual\",\"p28_territorios\":\"Cidade\",\"p30_outrasorganizacoes\":\"Sim\",\"p32_campanhadelongaduracao\":\"Sim\",\"p34_estadual\":\"Estadual\",\"p34_nenhuma\":\"Nenhuma\",\"p36_conselhosdeparticipacaoecontrolesocial\":\"Sim\",\"p38_sim\":\"Sim\",\"p38_nenhum\":\"Nenhum\",\"p40_editais\":\"Sim\",\"p41_privadopj\":\"Privado (P. Jur\\u00eddica)\",\"p41_autofinanciamento\":\"Autofinanciamento\",\"p42_meiodedivulgacaoproprio\":\"Sim\",\"p43_impressoes\":\"Impressos\",\"p43_email\":\"E-mail\",\"p43_facebook\":\"Facebook\",\"p43_whatsapp\":\"WhatsApp\",\"p43_instagram\":\"Instagram\",\"p44_radio\":\"R\\u00e1dio\",\"p44_jornaisimpressosdegrandecirculacao\":\"Jornais impressos de grande circula\\u00e7\\u00e3o\",\"p44_redessociais\":\"Redes sociais (Facebook, YouTube, Instagram etc.)\",\"p39_publico\":\"JOVENS ADOLESCENTES\",\"p45_bandeira\":\"JOVENS EVANGELIZANDO JOVENS VIDA PRIMEIRO LUGAR\",\"p46_hashtags\":\"#AJUVENTUDEQUERVIVER #SOMOSIGREJAJOVEM #PROTAGONISMOJUVENIL\"},{\"p1_eixo\":\"Trabalho\",\"p9_tipoorganizacao\":\"Movimento Social\",\"p12_uf\":\"CE\",\"p13_cidade\":\"JUAZEIRO DO NORTE\",\"p16_bairro\":\"Bairro\",\"p16_cidade\":\"Cidade\",\"p17_ano\":\"2018\",\"p18_desenvolvimentoterritorial\":\"Desenvolvimento territorial\",\"p18_direitoshumanos\":\"Direitos humanos\",\"p18_moradia\":\"Moradia\",\"p18_povosecomunidadestradicionais\":\"Povos e comunidades tradicionais\",\"p18_trabalho\":\"Trabalho\",\"p18_politicasculturais\":\"Pol\\u00edticas Culturais\",\"p19_desenvolvimentoterritorial\":\"Desenvolvimento territorial\",\"p19_direitoshumanos\":\"Direitos humanos\",\"p19_moradia\":\"Moradia\",\"p19_povosecomunidadestradicionais\":\"Povos e comunidades tradicionais\",\"p19_trabalho\":\"Trabalho\",\"p19_politicasculturais\":\"Pol\\u00edticas Culturais\",\"p20_reunioes\":\"Reuni\\u00f5es\",\"p20_oficinasaulasartisticas\":\"Ensaios\\\/Oficinas\\\/Aulas art\\u00edsticas\",\"p20_apresentacoesartisticas\":\"Apresenta\\u00e7\\u00f5es art\\u00edsticas\",\"p21_intoleranciareligiosa\":\"Fundamentalismo\\\/intoler\\u00e2ncia religiosa\",\"p21_machismo\":\"Machismo\",\"p21_racismo\":\"Racismo\",\"p22_numerodeparticipantes\":\"Mais de 90\",\"p23_reunioes\":\"Reuni\\u00f5es\",\"p23_formacao\":\"Forma\\u00e7\\u00e3o\",\"p24_reunioes\":\"Reuni\\u00f5es\",\"p24_apresentacoesartisticas\":\"Apresenta\\u00e7\\u00f5es art\\u00edsticas\",\"p24_visitasexcursoes\":\"Visitas\\\/Excurs\\u00f5es\",\"p25_numerodepessoas\":\"100 - 200\",\"p26_numerodepessoas\":\"100 - 200\",\"p27_espacopublico\":\"Espa\\u00e7o p\\u00fablico\",\"p27_espacoemprestadocedido\":\"Espa\\u00e7o emprestado\\\/cedido\",\"p27_espacoproprio\":\"Espa\\u00e7o pr\\u00f3prio\",\"p28_territorios\":\"Cidade\",\"p30_outrasorganizacoes\":\"Sim\",\"p32_campanhadelongaduracao\":\"N\\u00e3o\",\"p34_nenhuma\":\"Nenhuma\",\"p36_conselhosdeparticipacaoecontrolesocial\":\"N\\u00e3o\",\"p38_sim\":\"Sim\",\"p40_editais\":\"N\\u00e3o\",\"p41_autofinanciamento\":\"Autofinanciamento\",\"p41_financiamentocoletivo0\":\"Financiamento coletivo\",\"p42_meiodedivulgacaoproprio\":\"Sim\",\"p43_facebook\":\"Facebook\",\"p43_whatsapp\":\"WhatsApp\",\"p43_instagram\":\"Instagram\",\"p44_redessociais\":\"Redes sociais (Facebook, YouTube, Instagram etc.)\",\"p39_publico\":\"MULHERES\",\"p45_bandeira\":\"MORADIA TRABALHO RENDA\",\"p46_hashtags\":\"#MORADIAPOPULAR #MORADIAEDIREITONAOLUXO\"},{\"p1_eixo\":\"Cultura\",\"p9_tipoorganizacao\":\"Instituto\",\"p12_uf\":\"MA\",\"p13_cidade\":\"S\\u00c3O LU\\u00cdS\",\"p16_bairro\":\"Bairro\",\"p17_ano\":\"2003\",\"p18_difusaoartistica\":\"Difus\\u00e3o Art\\u00edstica\",\"p18_desenvolvimentoterritorial\":\"Desenvolvimento territorial\",\"p18_direitoshumanos\":\"Direitos humanos\",\"p18_povosecomunidadestradicionais\":\"Povos e comunidades tradicionais\",\"p18_politicasculturais\":\"Pol\\u00edticas Culturais\",\"p19_desenvolvimentoterritorial\":\"Desenvolvimento territorial\",\"p19_direitoshumanos\":\"Direitos humanos\",\"p19_povosecomunidadestradicionais\":\"Povos e comunidades tradicionais\",\"p19_politicasculturais\":\"Pol\\u00edticas Culturais\",\"p20_reunioes\":\"Reuni\\u00f5es\",\"p20_oficinas\":\"Oficinas\",\"p20_oficinasaulasartisticas\":\"Ensaios\\\/Oficinas\\\/Aulas art\\u00edsticas\",\"p20_formacao\":\"Forma\\u00e7\\u00e3o\",\"p20_apresentacoesartisticas\":\"Apresenta\\u00e7\\u00f5es art\\u00edsticas\",\"p20_visitasexcursoes\":\"Visitas\\\/Excurs\\u00f5es\",\"p21_intoleranciareligiosa\":\"Fundamentalismo\\\/intoler\\u00e2ncia religiosa\",\"p21_machismo\":\"Machismo\",\"p21_racismo\":\"Racismo\",\"p21_nenhum\":\"Nenhum\",\"p22_numerodeparticipantes\":\"30 - 45\",\"p23_reunioes\":\"Reuni\\u00f5es\",\"p23_oficinas\":\"Oficinas\",\"p23_formacao\":\"Forma\\u00e7\\u00e3o\",\"p23_apresentacoesartisticas\":\"Apresenta\\u00e7\\u00f5es Art\\u00edsticas\",\"p23_visitas\":\"Visitas\",\"p23_excursoes\":\"Excurs\\u00f5es\",\"p24_reunioes\":\"Reuni\\u00f5es\",\"p24_oficinas\":\"Oficinas\",\"p24_formacao\":\"Forma\\u00e7\\u00e3o\",\"p24_apresentacoesartisticas\":\"Apresenta\\u00e7\\u00f5es art\\u00edsticas\",\"p24_visitasexcursoes\":\"Visitas\\\/Excurs\\u00f5es\",\"p25_numerodepessoas\":\"20 - 40\",\"p26_numerodepessoas\":\"20 - 40\",\"p27_espacopublico\":\"Espa\\u00e7o p\\u00fablico\",\"p27_espacoemprestadocedido\":\"Espa\\u00e7o emprestado\\\/cedido\",\"p27_espacoproprio\":\"Espa\\u00e7o pr\\u00f3prio\",\"p27_virtual\":\"Virtual\",\"p28_territorios\":\"Atua\\u00e7\\u00e3o Nacional\",\"p30_outrasorganizacoes\":\"N\\u00e3o\",\"p32_campanhadelongaduracao\":\"N\\u00e3o\",\"p34_municipal\":\"Municipal\",\"p34_nenhuma\":\"Nenhuma\",\"p36_conselhosdeparticipacaoecontrolesocial\":\"N\\u00e3o\",\"p38_sim\":\"Sim\",\"p40_editais\":\"N\\u00e3o\",\"p41_publicoestatal\":\"P\\u00fablico-Estatal\",\"p41_financiamentocoletivo0\":\"Financiamento coletivo\",\"p42_meiodedivulgacaoproprio\":\"Sim\",\"p43_impressoes\":\"Impressos\",\"p43_email\":\"E-mail\",\"p43_facebook\":\"Facebook\",\"p43_whatsapp\":\"WhatsApp\",\"p43_instagram\":\"Instagram\",\"p43_twitter\":\"Twitter\",\"p43_radio\":\"R\\u00e1dio\",\"p43_youtube\":\"YouTube\",\"p44_radio\":\"TV\",\"p44_jornaisimpressosdegrandecirculacao\":\"Jornais impressos de grande circula\\u00e7\\u00e3o\",\"p44_redessociais\":\"Redes sociais (Facebook, YouTube, Instagram etc.)\",\"p44_sitesblogs\":\"Sites ou Blogs\",\"p39_publico\":\"QUILOMBOLAS\",\"p45_bandeira\":\"ENFRENTAMENTO  ANTIRRACISMO \",\"p46_hashtags\":\"#EMPODERAMENTO #SENTIMENTODEPERTENCA #ACEITACAO\"},{\"p1_eixo\":\"Cultura\",\"p9_tipoorganizacao\":\"Coletivo\",\"p12_uf\":\"ES\",\"p13_cidade\":\"VILA VELHA\",\"p16_bairro\":\"Bairro\",\"p16_cidade\":\"Cidade\",\"p17_ano\":\"2012\",\"p18_comunicacao\":\"Comunica\\u00e7\\u00e3o\",\"p18_difusaoartistica\":\"Difus\\u00e3o Art\\u00edstica\",\"p18_desenvolvimentoterritorial\":\"Desenvolvimento territorial\",\"p18_lgbtqi\":\"LGBTQI\",\"p18_violencia\":\"Viol\\u00eancia\",\"p18_politicasculturais\":\"Pol\\u00edticas Culturais\",\"p19_comunicacao\":\"Comunica\\u00e7\\u00e3o\",\"p19_desenvolvimentoterritorial\":\"Desenvolvimento territorial\",\"p19_direitoshumanos\":\"Direitos humanos\",\"p19_lgbtqi\":\"LGBTQI\",\"p19_violencia\":\"Viol\\u00eancia\",\"p19_politicasculturais\":\"Pol\\u00edticas Culturais\",\"p20_reunioes\":\"Reuni\\u00f5es\",\"p20_oficinas\":\"Oficinas\",\"p20_oficinasaulasartisticas\":\"Ensaios\\\/Oficinas\\\/Aulas art\\u00edsticas\",\"p20_formacao\":\"Forma\\u00e7\\u00e3o\",\"p20_apresentacoesartisticas\":\"Apresenta\\u00e7\\u00f5es art\\u00edsticas\",\"p20_visitasexcursoes\":\"Visitas\\\/Excurs\\u00f5es\",\"p21_lgbtqifobia\":\"LGBTIfobia\",\"p21_nenhum\":\"Nenhum\",\"p22_numerodeparticipantes\":\"1  - 15\",\"p23_reunioes\":\"Reuni\\u00f5es\",\"p23_oficinas\":\"Oficinas\",\"p23_formacao\":\"Forma\\u00e7\\u00e3o\",\"p23_apresentacoesartisticas\":\"Apresenta\\u00e7\\u00f5es Art\\u00edsticas\",\"p23_visitas\":\"Visitas\",\"p23_excursoes\":\"Excurs\\u00f5es\",\"p24_reunioes\":\"Reuni\\u00f5es\",\"p24_oficinas\":\"Oficinas\",\"p24_oficinasaulasartisticas\":\"Ensaios\\\/Oficinas\\\/Aulas art\\u00edsticas\",\"p24_formacao\":\"Forma\\u00e7\\u00e3o\",\"p24_apresentacoesartisticas\":\"Apresenta\\u00e7\\u00f5es art\\u00edsticas\",\"p24_visitasexcursoes\":\"Visitas\\\/Excurs\\u00f5es\",\"p24_outros\":\"Outros\",\"p25_numerodepessoas\":\"80 - 100\",\"p26_numerodepessoas\":\"20 - 40\",\"p27_espacopublico\":\"Espa\\u00e7o p\\u00fablico\",\"p27_espacoemprestadocedido\":\"Espa\\u00e7o emprestado\\\/cedido\",\"p27_espacoproprio\":\"Espa\\u00e7o pr\\u00f3prio\",\"p27_virtual\":\"Virtual\",\"p28_territorios\":\"Regi\\u00e3o da Cidade\",\"p30_outrasorganizacoes\":\"Sim\",\"p32_campanhadelongaduracao\":\"Sim\",\"p34_municipal\":\"Municipal\",\"p34_nenhuma\":\"Nenhuma\",\"p36_conselhosdeparticipacaoecontrolesocial\":\"Sim\",\"p38_sim\":\"Sim\",\"p38_nenhum\":\"Nenhum\",\"p40_editais\":\"Sim\",\"p41_publicoestatal\":\"P\\u00fablico-Estatal\",\"p41_financiamentocoletivo0\":\"Financiamento coletivo\",\"p42_meiodedivulgacaoproprio\":\"Sim\",\"p43_impressoes\":\"Impressos\",\"p43_email\":\"E-mail\",\"p43_facebook\":\"Facebook\",\"p43_whatsapp\":\"WhatsApp\",\"p43_instagram\":\"Instagram\",\"p43_twitter\":\"Twitter\",\"p43_radio\":\"R\\u00e1dio\",\"p43_youtube\":\"YouTube\",\"p44_radio\":\"TV\",\"p44_jornaisimpressosdegrandecirculacao\":\"Jornais impressos de grande circula\\u00e7\\u00e3o\",\"p44_redessociais\":\"Redes sociais (Facebook, YouTube, Instagram etc.)\",\"p44_sitesblogs\":\"Sites ou Blogs\",\"p39_publico\":\"JOVENS MORADORES TERRIT\\u00d3RIOS PERIF\\u00c9RICOS\",\"p45_bandeira\":\"CULTURA ESPORTE LAZER TERRIT\\u00d3RIOS PERIF\\u00c9RICOS\",\"p46_hashtags\":\"#CULTURA #ESPORTE #LAZER\"},{\"p1_eixo\":\"Cultura\",\"p9_tipoorganizacao\":\"Coletivo\",\"p12_uf\":\"CE\",\"p13_cidade\":\"FORTALEZA\",\"p16_cidade\":\"Cidade\",\"p17_ano\":\"2018\",\"p16_estado\":\"Estado\",\"p18_comunicacao\":\"Comunica\\u00e7\\u00e3o\",\"p18_difusaoartistica\":\"Difus\\u00e3o Art\\u00edstica\",\"p18_direitoshumanos\":\"Direitos humanos\",\"p18_educacao\":\"Educa\\u00e7\\u00e3o\",\"p18_feminismos\":\"Feminismos\",\"p18_lgbtqi\":\"LGBTQI\",\"p18_lutaantirracismo\":\"Luta antirracismo\",\"p18_mobilidade\":\"Mobilidade\",\"p18_trabalho\":\"Trabalho\",\"p18_religiao\":\"Religi\\u00e3o\",\"p18_saude\":\"Sa\\u00fade\",\"p18_violencia\":\"Viol\\u00eancia\",\"p18_politicasculturais\":\"Pol\\u00edticas Culturais\",\"p19_comunicacao\":\"Comunica\\u00e7\\u00e3o\",\"p19_lgbtqi\":\"LGBTQI\",\"p19_saude\":\"Sa\\u00fade\",\"p19_violencia\":\"Viol\\u00eancia\",\"p19_difusaoartistica\":\"Difus\\u00e3o Art\\u00edstica\",\"p20_reunioes\":\"Reuni\\u00f5es\",\"p20_oficinas\":\"Oficinas\",\"p20_oficinasaulasartisticas\":\"Ensaios\\\/Oficinas\\\/Aulas art\\u00edsticas\",\"p20_formacao\":\"Forma\\u00e7\\u00e3o\",\"p20_apresentacoesartisticas\":\"Apresenta\\u00e7\\u00f5es art\\u00edsticas\",\"p21_repressaopolicial\":\"Repress\\u00e3o policial\",\"p21_machismo\":\"Machismo\",\"p21_racismo\":\"Racismo\",\"p21_lgbtqifobia\":\"LGBTIfobia\",\"p22_numerodeparticipantes\":\"1  - 15\",\"p23_reunioes\":\"Reuni\\u00f5es\",\"p23_oficinas\":\"Oficinas\",\"p23_oficinasaulasartisticas\":\"Ensaio\\\/Oficinas\\\/Aulas Art\\u00edsticas\",\"p23_apresentacoesartisticas\":\"Apresenta\\u00e7\\u00f5es Art\\u00edsticas\",\"p24_reunioes\":\"Reuni\\u00f5es\",\"p24_oficinasaulasartisticas\":\"Ensaios\\\/Oficinas\\\/Aulas art\\u00edsticas\",\"p24_outros\":\"Outros\",\"p25_numerodepessoas\":\"100 - 200\",\"p26_numerodepessoas\":\"80 - 100\",\"p27_espacopublico\":\"Espa\\u00e7o p\\u00fablico\",\"p27_espacoemprestadocedido\":\"Espa\\u00e7o emprestado\\\/cedido\",\"p27_espacoproprio\":\"Espa\\u00e7o pr\\u00f3prio\",\"p28_territorios\":\"Cidade\",\"p30_outrasorganizacoes\":\"Sim\",\"p32_campanhadelongaduracao\":\"N\\u00e3o\",\"p34_nenhuma\":\"Nenhuma\",\"p36_conselhosdeparticipacaoecontrolesocial\":\"N\\u00e3o\",\"p38_sim\":\"Sim\",\"p38_nenhum\":\"Nenhum\",\"p40_editais\":\"N\\u00e3o\",\"p41_publicoestatal\":\"P\\u00fablico-Estatal\",\"p41_privadopj\":\"Privado (P. Jur\\u00eddica)\",\"p41_autofinanciamento\":\"Autofinanciamento\",\"p41_financiamentocoletivo0\":\"Financiamento coletivo\",\"p42_meiodedivulgacaoproprio\":\"Sim\",\"p43_impressoes\":\"Impressos\",\"p43_email\":\"E-mail\",\"p43_facebook\":\"Facebook\",\"p43_instagram\":\"Instagram\",\"p44_radio\":\"TV\",\"p44_jornaisimpressosdegrandecirculacao\":\"Jornais impressos de grande circula\\u00e7\\u00e3o\",\"p44_jornaisimpressosdebairro\":\"Jornais impressos de bairro\",\"p44_redessociais\":\"Redes sociais (Facebook, YouTube, Instagram etc.)\",\"p44_sitesblogs\":\"Sites ou Blogs\",\"p39_publico\":\"LBBTQI+ FAIXAS\",\"p45_bandeira\":\"LGBTQI+\",\"p46_hashtags\":\"#RESISTENCIA #LGBTQI+ #TRANSFORMACAO\"},{\"p1_eixo\":\"Cultura\",\"p9_tipoorganizacao\":\"Coletivo Art\\u00edstico\",\"p12_uf\":\"RS\",\"p13_cidade\":\"NOVO HAMBURGO\",\"p16_cidade\":\"Cidade\",\"p17_ano\":\"Anterior a 1980\",\"p16_estado\":\"Estado\",\"p18_comunicacao\":\"Comunica\\u00e7\\u00e3o\",\"p18_difusaoartistica\":\"Difus\\u00e3o Art\\u00edstica\",\"p18_direitoshumanos\":\"Direitos humanos\",\"p18_educacao\":\"Educa\\u00e7\\u00e3o\",\"p18_feminismos\":\"Feminismos\",\"p18_lgbtqi\":\"LGBTQI\",\"p18_lutaantirracismo\":\"Luta antirracismo\",\"p18_mobilidade\":\"Mobilidade\",\"p18_povosecomunidadestradicionais\":\"Povos e comunidades tradicionais\",\"p18_trabalho\":\"Trabalho\",\"p18_religiao\":\"Religi\\u00e3o\",\"p18_saude\":\"Sa\\u00fade\",\"p18_politicasculturais\":\"Pol\\u00edticas Culturais\",\"p19_lgbtqi\":\"LGBTQI\",\"p19_lutaantirracismo\":\"Luta antirracismo\",\"p19_povosecomunidadestradicionais\":\"Povos e comunidades tradicionais\",\"p19_religiao\":\"Religi\\u00e3o\",\"p19_saude\":\"Sa\\u00fade\",\"p19_difusaoartistica\":\"Difus\\u00e3o Art\\u00edstica\",\"p20_reunioes\":\"Reuni\\u00f5es\",\"p20_oficinas\":\"Oficinas\",\"p20_oficinasaulasartisticas\":\"Ensaios\\\/Oficinas\\\/Aulas art\\u00edsticas\",\"p20_apresentacoesartisticas\":\"Apresenta\\u00e7\\u00f5es art\\u00edsticas\",\"p21_repressaopolicial\":\"Repress\\u00e3o policial\",\"p21_intoleranciareligiosa\":\"Fundamentalismo\\\/intoler\\u00e2ncia religiosa\",\"p21_machismo\":\"Machismo\",\"p21_racismo\":\"Racismo\",\"p22_numerodeparticipantes\":\"15 - 30\",\"p23_reunioes\":\"Reuni\\u00f5es\",\"p23_oficinasaulasartisticas\":\"Ensaio\\\/Oficinas\\\/Aulas Art\\u00edsticas\",\"p23_apresentacoesartisticas\":\"Apresenta\\u00e7\\u00f5es Art\\u00edsticas\",\"p24_reunioes\":\"Reuni\\u00f5es\",\"p24_oficinasaulasartisticas\":\"Ensaios\\\/Oficinas\\\/Aulas art\\u00edsticas\",\"p24_apresentacoesartisticas\":\"Apresenta\\u00e7\\u00f5es art\\u00edsticas\",\"p24_outros\":\"Outros\",\"p25_numerodepessoas\":\"200 - 300\",\"p26_numerodepessoas\":\"100 - 200\",\"p27_espacopublico\":\"Espa\\u00e7o p\\u00fablico\",\"p27_espacoproprio\":\"Espa\\u00e7o pr\\u00f3prio\",\"p28_territorios\":\"Estado\",\"p30_outrasorganizacoes\":\"Sim\",\"p32_campanhadelongaduracao\":\"Sim\",\"p34_nenhuma\":\"Nenhuma\",\"p36_conselhosdeparticipacaoecontrolesocial\":\"Sim\",\"p38_sim\":\"Sim\",\"p40_editais\":\"N\\u00e3o\",\"p41_publicoestatal\":\"P\\u00fablico-Estatal\",\"p41_privadopj\":\"Privado (P. Jur\\u00eddica)\",\"p41_autofinanciamento\":\"Autofinanciamento\",\"p41_financiamentocoletivo0\":\"Financiamento coletivo\",\"p42_meiodedivulgacaoproprio\":\"Sim\",\"p43_impressoes\":\"Impressos\",\"p43_facebook\":\"Facebook\",\"p43_instagram\":\"Instagram\",\"p44_radio\":\"TV\",\"p44_jornaisimpressosdegrandecirculacao\":\"Jornais impressos de grande circula\\u00e7\\u00e3o\",\"p44_jornaisimpressosdebairro\":\"Jornais impressos de bairro\",\"p44_redessociais\":\"Redes sociais (Facebook, YouTube, Instagram etc.)\",\"p44_sitesblogs\":\"Sites ou Blogs\",\"p39_publico\":\"TODOS\",\"p45_bandeira\":\"DIVERTIMENTO CULTURA AUTOESTIMA\",\"p46_hashtags\":\"#GARRA #COMPAIXAO #LUTA\"},{\"p1_eixo\":\"Cultura\",\"p9_tipoorganizacao\":\"Instituto\",\"p12_uf\":\"PE\",\"p13_cidade\":\"RECIFE\",\"p16_cidade\":\"Cidade\",\"p16_nacional\":\"Nacional\",\"p17_ano\":\"1992\",\"p18_direitoshumanos\":\"Direitos humanos\",\"p18_educacao\":\"Educa\\u00e7\\u00e3o\",\"p18_lgbtqi\":\"LGBTQI\",\"p18_lutaantirracismo\":\"Luta antirracismo\",\"p18_povosecomunidadestradicionais\":\"Povos e comunidades tradicionais\",\"p18_religiao\":\"Religi\\u00e3o\",\"p18_politicasculturais\":\"Pol\\u00edticas Culturais\",\"p19_direitoshumanos\":\"Direitos humanos\",\"p19_lgbtqi\":\"LGBTQI\",\"p19_lutaantirracismo\":\"Luta antirracismo\",\"p19_povosecomunidadestradicionais\":\"Povos e comunidades tradicionais\",\"p19_religiao\":\"Religi\\u00e3o\",\"p19_saude\":\"Sa\\u00fade\",\"p20_reunioes\":\"Reuni\\u00f5es\",\"p20_oficinas\":\"Oficinas\",\"p20_oficinasaulasartisticas\":\"Ensaios\\\/Oficinas\\\/Aulas art\\u00edsticas\",\"p20_formacao\":\"Forma\\u00e7\\u00e3o\",\"p20_apresentacoesartisticas\":\"Apresenta\\u00e7\\u00f5es art\\u00edsticas\",\"p21_intoleranciareligiosa\":\"Fundamentalismo\\\/intoler\\u00e2ncia religiosa\",\"p21_lgbtqifobia\":\"LGBTIfobia\",\"p22_numerodeparticipantes\":\"45 - 60\",\"p23_reunioes\":\"Reuni\\u00f5es\",\"p23_oficinasaulasartisticas\":\"Ensaio\\\/Oficinas\\\/Aulas Art\\u00edsticas\",\"p23_apresentacoesartisticas\":\"Apresenta\\u00e7\\u00f5es Art\\u00edsticas\",\"p23_outros\":\"Outros\",\"p24_reunioes\":\"Reuni\\u00f5es\",\"p24_oficinasaulasartisticas\":\"Ensaios\\\/Oficinas\\\/Aulas art\\u00edsticas\",\"p24_formacao\":\"Forma\\u00e7\\u00e3o\",\"p24_apresentacoesartisticas\":\"Apresenta\\u00e7\\u00f5es art\\u00edsticas\",\"p25_numerodepessoas\":\"60 - 80\",\"p26_numerodepessoas\":\"20 - 40\",\"p27_espacopublico\":\"Espa\\u00e7o p\\u00fablico\",\"p27_virtual\":\"Virtual\",\"p28_territorios\":\"Regi\\u00e3o da Cidade\",\"p30_outrasorganizacoes\":\"N\\u00e3o\",\"p32_campanhadelongaduracao\":\"N\\u00e3o\",\"p34_nenhuma\":\"Nenhuma\",\"p36_conselhosdeparticipacaoecontrolesocial\":\"N\\u00e3o\",\"p38_sim\":\"Sim\",\"p40_editais\":\"N\\u00e3o\",\"p41_autofinanciamento\":\"Autofinanciamento\",\"p41_financiamentocoletivo0\":\"Financiamento coletivo\",\"p42_meiodedivulgacaoproprio\":\"Sim\",\"p43_email\":\"E-mail\",\"p43_facebook\":\"Facebook\",\"p43_whatsapp\":\"WhatsApp\",\"p43_instagram\":\"Instagram\",\"p43_twitter\":\"Twitter\",\"p43_sitesblogs\":\"Blogs\\\/sites\",\"p44_redessociais\":\"Redes sociais (Facebook, YouTube, Instagram etc.)\",\"p44_sitesblogs\":\"Sites ou Blogs\",\"p39_publico\":\"BAIRRO\",\"p45_bandeira\":\"LUTA CONTRA  RELIGIOSA\",\"p46_hashtags\":\"#CANDOMBLE #NAOAINTOLERANCIA #AXEAJAGUNA\"},{\"p1_eixo\":\"Viol\\u00eancia\",\"p9_tipoorganizacao\":\"Movimento Social\",\"p12_uf\":\"AM\",\"p13_cidade\":\"MANAUS\",\"p16_nacional\":\"Nacional\",\"p16_internacional\":\"Internacional\",\"p17_ano\":\"2010\",\"p18_direitoshumanos\":\"Direitos humanos\",\"p18_educacao\":\"Educa\\u00e7\\u00e3o\",\"p18_feminismos\":\"Feminismos\",\"p18_lgbtqi\":\"LGBTQI\",\"p18_violencia\":\"Viol\\u00eancia\",\"p19_direitoshumanos\":\"Direitos humanos\",\"p19_lgbtqi\":\"LGBTQI\",\"p19_saude\":\"Sa\\u00fade\",\"p19_violencia\":\"Viol\\u00eancia\",\"p20_reunioes\":\"Reuni\\u00f5es\",\"p20_oficinas\":\"Oficinas\",\"p20_cursos\":\"Cursos\",\"p20_formacao\":\"Forma\\u00e7\\u00e3o\",\"p21_intoleranciareligiosa\":\"Fundamentalismo\\\/intoler\\u00e2ncia religiosa\",\"p21_lgbtqifobia\":\"LGBTIfobia\",\"p21_nenhum\":\"Nenhum\",\"p22_numerodeparticipantes\":\"Mais de 90\",\"p23_reunioes\":\"Reuni\\u00f5es\",\"p23_cursos\":\"Cursos\",\"p23_outros\":\"Outros\",\"p24_reunioes\":\"Reuni\\u00f5es\",\"p24_curso\":\"Curso\",\"p24_formacao\":\"Forma\\u00e7\\u00e3o\",\"p25_numerodepessoas\":\"20 - 40\",\"p26_numerodepessoas\":\"40 - 60\",\"p27_espacopublico\":\"Espa\\u00e7o p\\u00fablico\",\"p27_virtual\":\"Virtual\",\"p28_territorios\":\"Atua\\u00e7\\u00e3o Nacional\",\"p30_outrasorganizacoes\":\"N\\u00e3o\",\"p32_campanhadelongaduracao\":\"N\\u00e3o\",\"p34_nenhuma\":\"Nenhuma\",\"p36_conselhosdeparticipacaoecontrolesocial\":\"Sim\",\"p38_sim\":\"Sim\",\"p38_nenhum\":\"Nenhum\",\"p40_editais\":\"Sim\",\"p41_autofinanciamento\":\"Autofinanciamento\",\"p41_financiamentocoletivo0\":\"Financiamento coletivo\",\"p42_meiodedivulgacaoproprio\":\"Sim\",\"p43_email\":\"E-mail\",\"p43_facebook\":\"Facebook\",\"p43_whatsapp\":\"WhatsApp\",\"p43_instagram\":\"Instagram\",\"p43_twitter\":\"Twitter\",\"p43_sitesblogs\":\"Blogs\\\/sites\",\"p44_redessociais\":\"Redes sociais (Facebook, YouTube, Instagram etc.)\",\"p44_sitesblogs\":\"Sites ou Blogs\",\"p44_nenhum\":\"Nenhum\",\"p39_publico\":\"COMUNIDADE\",\"p45_bandeira\":\"DEFENDER DIREITOS HOMENS GAYS BISSEXUAIS TRANS TERRIT\\u00d3RIO NACIONAL\",\"p46_hashtags\":\"#ARTGAY #LUTADIREITOSHUMANOS #SAUDELGBT\"},{\"p1_eixo\":\"Viol\\u00eancia\",\"p9_tipoorganizacao\":\"Coletivo\",\"p12_uf\":\"CE\",\"p13_cidade\":\"ACARAPE\",\"p16_cidade\":\"Cidade\",\"p16_internacional\":\"Internacional\",\"p17_ano\":\"2019\",\"p18_comunicacao\":\"Comunica\\u00e7\\u00e3o\",\"p18_difusaoartistica\":\"Difus\\u00e3o Art\\u00edstica\",\"p18_desenvolvimentoterritorial\":\"Desenvolvimento territorial\",\"p18_direitoshumanos\":\"Direitos humanos\",\"p18_educacao\":\"Educa\\u00e7\\u00e3o\",\"p18_feminismos\":\"Feminismos\",\"p18_lgbtqi\":\"LGBTQI\",\"p18_lutaantirracismo\":\"Luta antirracismo\",\"p18_mobilidade\":\"Mobilidade\",\"p18_moradia\":\"Moradia\",\"p18_povosecomunidadestradicionais\":\"Povos e comunidades tradicionais\",\"p18_trabalho\":\"Trabalho\",\"p18_religiao\":\"Religi\\u00e3o\",\"p18_saude\":\"Sa\\u00fade\",\"p18_violencia\":\"Viol\\u00eancia\",\"p18_politicasculturais\":\"Pol\\u00edticas Culturais\",\"p19_lutaantirracismo\":\"Luta antirracismo\",\"p19_religiao\":\"Religi\\u00e3o\",\"p19_violencia\":\"Viol\\u00eancia\",\"p20_reunioes\":\"Reuni\\u00f5es\",\"p20_oficinas\":\"Oficinas\",\"p20_oficinasaulasartisticas\":\"Ensaios\\\/Oficinas\\\/Aulas art\\u00edsticas\",\"p20_cursos\":\"Cursos\",\"p20_apresentacoesartisticas\":\"Apresenta\\u00e7\\u00f5es art\\u00edsticas\",\"p21_repressaopolicial\":\"Repress\\u00e3o policial\",\"p21_intoleranciareligiosa\":\"Fundamentalismo\\\/intoler\\u00e2ncia religiosa\",\"p21_machismo\":\"Machismo\",\"p21_racismo\":\"Racismo\",\"p21_lgbtqifobia\":\"LGBTIfobia\",\"p21_nenhum\":\"Nenhum\",\"p22_numerodeparticipantes\":\"30 - 45\",\"p23_reunioes\":\"Reuni\\u00f5es\",\"p23_oficinas\":\"Oficinas\",\"p23_oficinasaulasartisticas\":\"Ensaio\\\/Oficinas\\\/Aulas Art\\u00edsticas\",\"p23_cursos\":\"Cursos\",\"p23_apresentacoesartisticas\":\"Apresenta\\u00e7\\u00f5es Art\\u00edsticas\",\"p23_outros\":\"Outros\",\"p24_reunioes\":\"Reuni\\u00f5es\",\"p24_curso\":\"Curso\",\"p24_outros\":\"Outros\",\"p25_numerodepessoas\":\"40 - 60\",\"p26_numerodepessoas\":\"40 - 60\",\"p27_espacopublico\":\"Espa\\u00e7o p\\u00fablico\",\"p27_espacoemprestadocedido\":\"Espa\\u00e7o emprestado\\\/cedido\",\"p28_territorios\":\"Pr\\u00f3prio bairro\",\"p30_outrasorganizacoes\":\"N\\u00e3o\",\"p32_campanhadelongaduracao\":\"N\\u00e3o\",\"p34_estadual\":\"Estadual\",\"p34_nenhuma\":\"Nenhuma\",\"p36_conselhosdeparticipacaoecontrolesocial\":\"N\\u00e3o\",\"p38_sim\":\"Sim\",\"p38_nenhum\":\"Nenhum\",\"p40_editais\":\"N\\u00e3o\",\"p41_autofinanciamento\":\"Autofinanciamento\",\"p41_financiamentocoletivo0\":\"Financiamento coletivo\",\"p42_meiodedivulgacaoproprio\":\"Sim\",\"p43_email\":\"E-mail\",\"p43_facebook\":\"Facebook\",\"p43_whatsapp\":\"WhatsApp\",\"p43_instagram\":\"Instagram\",\"p44_jornaisimpressosdebairro\":\"Jornais impressos de bairro\",\"p44_redessociais\":\"Redes sociais (Facebook, YouTube, Instagram etc.)\",\"p44_sitesblogs\":\"Sites ou Blogs\",\"p44_nenhum\":\"Nenhum\",\"p39_publico\":\"MULHERES\",\"p45_bandeira\":\"UNI\\u00c3O AFRICANA DI\\u00c1SPORA\",\"p46_hashtags\":\"#NONA #IANDA #DJUNTO\"},{\"p1_eixo\":\"Cultura\",\"p9_tipoorganizacao\":\"Coletivo Art\\u00edstico\",\"p12_uf\":\"ES\",\"p13_cidade\":\"SERRA\",\"p16_cidade\":\"Cidade\",\"p17_ano\":\"1995\",\"p18_comunicacao\":\"Comunica\\u00e7\\u00e3o\",\"p18_difusaoartistica\":\"Difus\\u00e3o Art\\u00edstica\",\"p18_desenvolvimentoterritorial\":\"Desenvolvimento territorial\",\"p18_direitoshumanos\":\"Direitos humanos\",\"p18_educacao\":\"Educa\\u00e7\\u00e3o\",\"p18_feminismos\":\"Feminismos\",\"p18_lgbtqi\":\"LGBTQI\",\"p18_lutaantirracismo\":\"Luta antirracismo\",\"p18_mobilidade\":\"Mobilidade\",\"p18_moradia\":\"Moradia\",\"p18_povosecomunidadestradicionais\":\"Povos e comunidades tradicionais\",\"p18_trabalho\":\"Trabalho\",\"p18_religiao\":\"Religi\\u00e3o\",\"p18_saude\":\"Sa\\u00fade\",\"p18_violencia\":\"Viol\\u00eancia\",\"p18_politicasculturais\":\"Pol\\u00edticas Culturais\",\"p19_direitoshumanos\":\"Direitos humanos\",\"p19_lutaantirracismo\":\"Luta antirracismo\",\"p19_moradia\":\"Moradia\",\"p19_trabalho\":\"Trabalho\",\"p19_religiao\":\"Religi\\u00e3o\",\"p19_violencia\":\"Viol\\u00eancia\",\"p20_reunioes\":\"Reuni\\u00f5es\",\"p20_atendimento\":\"Atendimento\",\"p20_oficinas\":\"Oficinas\",\"p20_oficinasaulasartisticas\":\"Ensaios\\\/Oficinas\\\/Aulas art\\u00edsticas\",\"p20_cursos\":\"Cursos\",\"p20_apresentacoesartisticas\":\"Apresenta\\u00e7\\u00f5es art\\u00edsticas\",\"p21_repressaopolicial\":\"Repress\\u00e3o policial\",\"p21_intoleranciareligiosa\":\"Fundamentalismo\\\/intoler\\u00e2ncia religiosa\",\"p21_machismo\":\"Machismo\",\"p21_racismo\":\"Racismo\",\"p21_lgbtqifobia\":\"LGBTIfobia\",\"p22_numerodeparticipantes\":\"30 - 45\",\"p23_atendimento\":\"Atendimento\",\"p23_oficinas\":\"Oficinas\",\"p23_oficinasaulasartisticas\":\"Ensaio\\\/Oficinas\\\/Aulas Art\\u00edsticas\",\"p23_cursos\":\"Cursos\",\"p23_apresentacoesartisticas\":\"Apresenta\\u00e7\\u00f5es Art\\u00edsticas\",\"p23_outros\":\"Outros\",\"p24_reunioes\":\"Reuni\\u00f5es\",\"p24_oficinasaulasartisticas\":\"Ensaios\\\/Oficinas\\\/Aulas art\\u00edsticas\",\"p24_curso\":\"Curso\",\"p24_apresentacoesartisticas\":\"Apresenta\\u00e7\\u00f5es art\\u00edsticas\",\"p24_outros\":\"Outros\",\"p25_numerodepessoas\":\"40 - 60\",\"p26_numerodepessoas\":\"200 - 300\",\"p27_espacopublico\":\"Espa\\u00e7o p\\u00fablico\",\"p27_espacoemprestadocedido\":\"Espa\\u00e7o emprestado\\\/cedido\",\"p27_espacoproprio\":\"Espa\\u00e7o pr\\u00f3prio\",\"p28_territorios\":\"Regi\\u00e3o da Cidade\",\"p30_outrasorganizacoes\":\"Sim\",\"p32_campanhadelongaduracao\":\"N\\u00e3o\",\"p34_estadual\":\"Estadual\",\"p34_nenhuma\":\"Nenhuma\",\"p36_conselhosdeparticipacaoecontrolesocial\":\"Sim\",\"p38_sim\":\"Sim\",\"p38_nenhum\":\"Nenhum\",\"p40_editais\":\"N\\u00e3o\",\"p41_autofinanciamento\":\"Autofinanciamento\",\"p41_financiamentocoletivo0\":\"Financiamento coletivo\",\"p42_meiodedivulgacaoproprio\":\"Sim\",\"p43_email\":\"E-mail\",\"p43_facebook\":\"Facebook\",\"p43_whatsapp\":\"WhatsApp\",\"p43_instagram\":\"Instagram\",\"p44_jornaisimpressosdebairro\":\"Jornais impressos de bairro\",\"p44_redessociais\":\"Redes sociais (Facebook, YouTube, Instagram etc.)\",\"p44_sitesblogs\":\"Sites ou Blogs\",\"p39_publico\":\"POBRES PERIFERIA\",\"p45_bandeira\":\"FORTALECIMENTO POVO NEGRO AUTOAFIRMA\\u00c7\\u00c3O CONSCI\\u00caNCIA NEGRA\",\"p46_hashtags\":\"#FORTALECIMENTODOPOVONEGRO #FOGONOSRACISTA\"},{\"p1_eixo\":\"Trabalho\",\"p9_tipoorganizacao\":\"ONG\",\"p12_uf\":\"PR\",\"p13_cidade\":\"CURITIBA\",\"p16_cidade\":\"Cidade\",\"p17_ano\":\"2018\",\"p16_estado\":\"Estado\",\"p18_desenvolvimentoterritorial\":\"Desenvolvimento territorial\",\"p18_direitoshumanos\":\"Direitos humanos\",\"p18_educacao\":\"Educa\\u00e7\\u00e3o\",\"p18_feminismos\":\"Feminismos\",\"p18_moradia\":\"Moradia\",\"p18_trabalho\":\"Trabalho\",\"p18_violencia\":\"Viol\\u00eancia\",\"p19_direitoshumanos\":\"Direitos humanos\",\"p19_lutaantirracismo\":\"Luta antirracismo\",\"p19_moradia\":\"Moradia\",\"p19_trabalho\":\"Trabalho\",\"p19_violencia\":\"Viol\\u00eancia\",\"p20_reunioes\":\"Reuni\\u00f5es\",\"p20_atendimento\":\"Atendimento\",\"p20_oficinas\":\"Oficinas\",\"p20_cursos\":\"Cursos\",\"p20_formacao\":\"Forma\\u00e7\\u00e3o\",\"p21_repressaopolicial\":\"Repress\\u00e3o policial\",\"p21_machismo\":\"Machismo\",\"p21_racismo\":\"Racismo\",\"p22_numerodeparticipantes\":\"15 - 30\",\"p23_atendimento\":\"Atendimento\",\"p23_oficinas\":\"Oficinas\",\"p23_oficinasaulasartisticas\":\"Ensaio\\\/Oficinas\\\/Aulas Art\\u00edsticas\",\"p23_cursos\":\"Cursos\",\"p23_formacao\":\"Forma\\u00e7\\u00e3o\",\"p24_reunioes\":\"Reuni\\u00f5es\",\"p24_oficinasaulasartisticas\":\"Ensaios\\\/Oficinas\\\/Aulas art\\u00edsticas\",\"p24_curso\":\"Curso\",\"p24_apresentacoesartisticas\":\"Apresenta\\u00e7\\u00f5es art\\u00edsticas\",\"p25_numerodepessoas\":\"1 - 20\",\"p26_numerodepessoas\":\"20 - 40\",\"p27_espacopublico\":\"Espa\\u00e7o p\\u00fablico\",\"p27_espacoemprestadocedido\":\"Espa\\u00e7o emprestado\\\/cedido\",\"p27_espacoproprio\":\"Espa\\u00e7o pr\\u00f3prio\",\"p28_territorios\":\"Cidade\",\"p30_outrasorganizacoes\":\"N\\u00e3o\",\"p32_campanhadelongaduracao\":\"Sim\",\"p34_nenhuma\":\"Nenhuma\",\"p36_conselhosdeparticipacaoecontrolesocial\":\"N\\u00e3o\",\"p38_sim\":\"Sim\",\"p38_nenhum\":\"Nenhum\",\"p40_editais\":\"N\\u00e3o\",\"p41_autofinanciamento\":\"Autofinanciamento\",\"p41_financiamentocoletivo0\":\"Financiamento coletivo\",\"p42_meiodedivulgacaoproprio\":\"Sim\",\"p43_email\":\"E-mail\",\"p43_facebook\":\"Facebook\",\"p43_whatsapp\":\"WhatsApp\",\"p43_instagram\":\"Instagram\",\"p44_redessociais\":\"Redes sociais (Facebook, YouTube, Instagram etc.)\",\"p44_sitesblogs\":\"Sites ou Blogs\",\"p39_publico\":\"FAM\\u00cdLIAS VULNERABILIDADE SOCIAL\",\"p45_bandeira\":\"MORADIA DIREITOS HUMANOS GERA\\u00c7\\u00c3O RENDA REPRESENTATIVIDADE VISIBILIDADE\",\"p46_hashtags\":\"#MORADIAPRIMEIRO #PORUMASOCIEDADEMAISCONSCIENTE #GERACAODERENDA\"},{\"p1_eixo\":\"Viol\\u00eancia\",\"p9_tipoorganizacao\":\"Coletivo\",\"p12_uf\":\"AL\",\"p13_cidade\":\"MACEI\\u00d3\",\"p16_bairro\":\"Bairro\",\"p17_ano\":\"2014\",\"p16_estado\":\"Estado\",\"p18_desenvolvimentoterritorial\":\"Desenvolvimento territorial\",\"p18_direitoshumanos\":\"Direitos humanos\",\"p19_desenvolvimentoterritorial\":\"Desenvolvimento territorial\",\"p19_direitoshumanos\":\"Direitos humanos\",\"p19_lutaantirracismo\":\"Luta antirracismo\",\"p19_violencia\":\"Viol\\u00eancia\",\"p20_reunioes\":\"Reuni\\u00f5es\",\"p20_formacao\":\"Forma\\u00e7\\u00e3o\",\"p21_repressaopolicial\":\"Repress\\u00e3o policial\",\"p21_machismo\":\"Machismo\",\"p21_racismo\":\"Racismo\",\"p22_numerodeparticipantes\":\"1  - 15\",\"p23_reunioes\":\"Reuni\\u00f5es\",\"p23_formacao\":\"Forma\\u00e7\\u00e3o\",\"p24_reunioes\":\"Reuni\\u00f5es\",\"p25_numerodepessoas\":\"20 - 40\",\"p26_numerodepessoas\":\"20 - 40\",\"p27_espacopublico\":\"Espa\\u00e7o p\\u00fablico\",\"p27_ocupacao\":\"Ocupa\\u00e7\\u00e3o\",\"p28_territorios\":\"Estado\",\"p30_outrasorganizacoes\":\"Sim\",\"p32_campanhadelongaduracao\":\"N\\u00e3o\",\"p34_nenhuma\":\"Nenhuma\",\"p36_conselhosdeparticipacaoecontrolesocial\":\"N\\u00e3o\",\"p38_sim\":\"Sim\",\"p40_editais\":\"N\\u00e3o\",\"p41_autofinanciamento\":\"Autofinanciamento\",\"p41_financiamentocoletivo0\":\"Financiamento coletivo\",\"p42_meiodedivulgacaoproprio\":\"Sim\",\"p43_email\":\"E-mail\",\"p43_facebook\":\"Facebook\",\"p43_instagram\":\"Instagram\",\"p43_youtube\":\"YouTube\",\"p44_redessociais\":\"Redes sociais (Facebook, YouTube, Instagram etc.)\",\"p39_publico\":\"JUVENTUDE NEGRA\",\"p45_bandeira\":\"ANTIPROIBICIONISTA\",\"p46_hashtags\":\"#FIMDAGUERRAASDROGAS #ANTIPROIBICIONISTA #ANTIRRACISTA\"},{\"p1_eixo\":\"Cultura\",\"p9_tipoorganizacao\":\"Coletivo Art\\u00edstico\",\"p12_uf\":\"PE\",\"p13_cidade\":\"RECIFE\",\"p16_bairro\":\"Bairro\",\"p17_ano\":\"2002\",\"p18_agrario\":\"Agr\\u00e1rio\\\/ruralidades\",\"p18_comunicacao\":\"Comunica\\u00e7\\u00e3o\",\"p18_difusaoartistica\":\"Difus\\u00e3o Art\\u00edstica\",\"p18_desenvolvimentoterritorial\":\"Desenvolvimento territorial\",\"p18_direitoshumanos\":\"Direitos humanos\",\"p18_educacao\":\"Educa\\u00e7\\u00e3o\",\"p18_feminismos\":\"Feminismos\",\"p18_mobilidade\":\"Mobilidade\",\"p18_moradia\":\"Moradia\",\"p18_trabalho\":\"Trabalho\",\"p18_religiao\":\"Religi\\u00e3o\",\"p18_saude\":\"Sa\\u00fade\",\"p18_politicasculturais\":\"Pol\\u00edticas Culturais\",\"p19_desenvolvimentoterritorial\":\"Desenvolvimento territorial\",\"p19_trabalho\":\"Trabalho\",\"p19_saude\":\"Sa\\u00fade\",\"p19_politicasculturais\":\"Pol\\u00edticas Culturais\",\"p20_reunioes\":\"Reuni\\u00f5es\",\"p21_repressaopolicial\":\"Repress\\u00e3o policial\",\"p21_racismo\":\"Racismo\",\"p22_numerodeparticipantes\":\"1  - 15\",\"p23_reunioes\":\"Reuni\\u00f5es\",\"p23_outros\":\"Outros\",\"p24_reunioes\":\"Reuni\\u00f5es\",\"p24_outros\":\"Outros\",\"p25_numerodepessoas\":\"1 - 20\",\"p26_numerodepessoas\":\"1 - 20\",\"p27_espacoproprio\":\"Espa\\u00e7o pr\\u00f3prio\",\"p27_ocupacao\":\"Ocupa\\u00e7\\u00e3o\",\"p28_territorios\":\"Regi\\u00e3o da Cidade\",\"p30_outrasorganizacoes\":\"Sim\",\"p32_campanhadelongaduracao\":\"Sim\",\"p34_nenhuma\":\"Nenhuma\",\"p36_conselhosdeparticipacaoecontrolesocial\":\"N\\u00e3o\",\"p38_sim\":\"Sim\",\"p38_nenhum\":\"Nenhum\",\"p40_editais\":\"N\\u00e3o\",\"p41_autofinanciamento\":\"Autofinanciamento\",\"p41_financiamentocoletivo0\":\"Financiamento coletivo\",\"p42_meiodedivulgacaoproprio\":\"N\\u00e3o\",\"p43_email\":\"E-mail\",\"p43_facebook\":\"Facebook\",\"p43_instagram\":\"Instagram\",\"p43_youtube\":\"YouTube\",\"p43_nenhum\":\"Nenhum\",\"p44_radio\":\"TV\",\"p44_jornaisimpressosdegrandecirculacao\":\"Jornais impressos de grande circula\\u00e7\\u00e3o\",\"p44_jornaisimpressosdebairro\":\"Jornais impressos de bairro\",\"p44_redessociais\":\"Redes sociais (Facebook, YouTube, Instagram etc.)\",\"p44_sitesblogs\":\"Sites ou Blogs\",\"p39_publico\":\"JOVEM ADULTOS NEGROS\",\"p45_bandeira\":\"GDR\",\"p46_hashtags\":\"#PERSISTIRNAREVOLUCAO #RAPNASRUAS #REVOLUCAOSEMPRE\"},{\"p1_eixo\":\"Cultura\",\"p9_tipoorganizacao\":\"Coletivo Art\\u00edstico\",\"p12_uf\":\"PE\",\"p13_cidade\":\"LAGOA GRANDE\",\"p16_bairro\":\"Bairro\",\"p17_ano\":\"Anterior a 1980\",\"p18_agrario\":\"Agr\\u00e1rio\\\/ruralidades\",\"p18_comunicacao\":\"Comunica\\u00e7\\u00e3o\",\"p18_difusaoartistica\":\"Difus\\u00e3o Art\\u00edstica\",\"p18_direitoshumanos\":\"Direitos humanos\",\"p18_educacao\":\"Educa\\u00e7\\u00e3o\",\"p18_feminismos\":\"Feminismos\",\"p18_mobilidade\":\"Mobilidade\",\"p18_moradia\":\"Moradia\",\"p18_trabalho\":\"Trabalho\",\"p18_religiao\":\"Religi\\u00e3o\",\"p18_saude\":\"Sa\\u00fade\",\"p18_violencia\":\"Viol\\u00eancia\",\"p18_politicasculturais\":\"Pol\\u00edticas Culturais\",\"p19_educacao\":\"Educa\\u00e7\\u00e3o\",\"p19_moradia\":\"Moradia\",\"p19_trabalho\":\"Trabalho\",\"p19_saude\":\"Sa\\u00fade\",\"p19_politicasculturais\":\"Pol\\u00edticas Culturais\",\"p20_reunioes\":\"Reuni\\u00f5es\",\"p20_atendimento\":\"Atendimento\",\"p20_oficinas\":\"Oficinas\",\"p20_oficinasaulasartisticas\":\"Ensaios\\\/Oficinas\\\/Aulas art\\u00edsticas\",\"p20_cursos\":\"Cursos\",\"p20_apresentacoesartisticas\":\"Apresenta\\u00e7\\u00f5es art\\u00edsticas\",\"p20_visitasexcursoes\":\"Visitas\\\/Excurs\\u00f5es\",\"p21_intoleranciareligiosa\":\"Fundamentalismo\\\/intoler\\u00e2ncia religiosa\",\"p21_racismo\":\"Racismo\",\"p22_numerodeparticipantes\":\"1  - 15\",\"p23_reunioes\":\"Reuni\\u00f5es\",\"p23_oficinas\":\"Oficinas\",\"p23_oficinasaulasartisticas\":\"Ensaio\\\/Oficinas\\\/Aulas Art\\u00edsticas\",\"p23_cursos\":\"Cursos\",\"p23_apresentacoesartisticas\":\"Apresenta\\u00e7\\u00f5es Art\\u00edsticas\",\"p23_outros\":\"Outros\",\"p24_reunioes\":\"Reuni\\u00f5es\",\"p24_atendimento\":\"Atendimentos\",\"p24_oficinas\":\"Oficinas\",\"p24_oficinasaulasartisticas\":\"Ensaios\\\/Oficinas\\\/Aulas art\\u00edsticas\",\"p24_curso\":\"Curso\",\"p24_apresentacoesartisticas\":\"Apresenta\\u00e7\\u00f5es art\\u00edsticas\",\"p24_outros\":\"Outros\",\"p25_numerodepessoas\":\"1 - 20\",\"p26_numerodepessoas\":\"1 - 20\",\"p27_espacoemprestadocedido\":\"Espa\\u00e7o emprestado\\\/cedido\",\"p27_espacoproprio\":\"Espa\\u00e7o pr\\u00f3prio\",\"p28_territorios\":\"Pr\\u00f3prio bairro\",\"p30_outrasorganizacoes\":\"Sim\",\"p32_campanhadelongaduracao\":\"N\\u00e3o\",\"p34_nenhuma\":\"Nenhuma\",\"p36_conselhosdeparticipacaoecontrolesocial\":\"Sim\",\"p38_nenhum\":\"Nenhum\",\"p40_editais\":\"N\\u00e3o\",\"p41_autofinanciamento\":\"Autofinanciamento\",\"p42_meiodedivulgacaoproprio\":\"Sim\",\"p43_email\":\"E-mail\",\"p43_facebook\":\"Facebook\",\"p43_nenhum\":\"Nenhum\",\"p44_radio\":\"TV\",\"p44_jornaisimpressosdegrandecirculacao\":\"Jornais impressos de grande circula\\u00e7\\u00e3o\",\"p44_jornaisimpressosdebairro\":\"Jornais impressos de bairro\",\"p44_redessociais\":\"Redes sociais (Facebook, YouTube, Instagram etc.)\",\"p44_sitesblogs\":\"Sites ou Blogs\",\"p39_publico\":\"MESTRES COCO\",\"p45_bandeira\":\"PRESERVA\\u00c7\\u00c3O CULTURA POPULAR\",\"p46_hashtags\":\"#PRESERVACAODACULUTAPOPULAR #CORAGEM #ENFRENTAMENTO\"},{\"p1_eixo\":\"Cultura\",\"p9_tipoorganizacao\":\"Associa\\u00e7\\u00e3o\",\"p12_uf\":\"PR\",\"p13_cidade\":\"CURITIBA\",\"p16_bairro\":\"Bairro\",\"p16_cidade\":\"Cidade\",\"p17_ano\":\"1994\",\"p18_comunicacao\":\"Comunica\\u00e7\\u00e3o\",\"p18_difusaoartistica\":\"Difus\\u00e3o Art\\u00edstica\",\"p18_desenvolvimentoterritorial\":\"Desenvolvimento territorial\",\"p18_direitoshumanos\":\"Direitos humanos\",\"p18_educacao\":\"Educa\\u00e7\\u00e3o\",\"p18_mobilidade\":\"Mobilidade\",\"p18_moradia\":\"Moradia\",\"p18_trabalho\":\"Trabalho\",\"p18_violencia\":\"Viol\\u00eancia\",\"p18_politicasculturais\":\"Pol\\u00edticas Culturais\",\"p19_comunicacao\":\"Comunica\\u00e7\\u00e3o\",\"p19_educacao\":\"Educa\\u00e7\\u00e3o\",\"p19_moradia\":\"Moradia\",\"p19_difusaoartistica\":\"Difus\\u00e3o Art\\u00edstica\",\"p19_politicasculturais\":\"Pol\\u00edticas Culturais\",\"p20_reunioes\":\"Reuni\\u00f5es\",\"p20_atendimento\":\"Atendimento\",\"p20_oficinas\":\"Oficinas\",\"p20_oficinasaulasartisticas\":\"Ensaios\\\/Oficinas\\\/Aulas art\\u00edsticas\",\"p20_cursos\":\"Cursos\",\"p20_formacao\":\"Forma\\u00e7\\u00e3o\",\"p20_apresentacoesartisticas\":\"Apresenta\\u00e7\\u00f5es art\\u00edsticas\",\"p20_visitasexcursoes\":\"Visitas\\\/Excurs\\u00f5es\",\"p21_intoleranciareligiosa\":\"Fundamentalismo\\\/intoler\\u00e2ncia religiosa\",\"p21_racismo\":\"Racismo\",\"p21_nenhum\":\"Nenhum\",\"p22_numerodeparticipantes\":\"15 - 30\",\"p23_reunioes\":\"Reuni\\u00f5es\",\"p23_oficinas\":\"Oficinas\",\"p23_oficinasaulasartisticas\":\"Ensaio\\\/Oficinas\\\/Aulas Art\\u00edsticas\",\"p23_cursos\":\"Cursos\",\"p23_apresentacoesartisticas\":\"Apresenta\\u00e7\\u00f5es Art\\u00edsticas\",\"p24_reunioes\":\"Reuni\\u00f5es\",\"p24_atendimento\":\"Atendimentos\",\"p24_oficinas\":\"Oficinas\",\"p24_oficinasaulasartisticas\":\"Ensaios\\\/Oficinas\\\/Aulas art\\u00edsticas\",\"p24_curso\":\"Curso\",\"p24_apresentacoesartisticas\":\"Apresenta\\u00e7\\u00f5es art\\u00edsticas\",\"p25_numerodepessoas\":\"1 - 20\",\"p26_numerodepessoas\":\"20 - 40\",\"p27_espacoemprestadocedido\":\"Espa\\u00e7o emprestado\\\/cedido\",\"p27_espacoproprio\":\"Espa\\u00e7o pr\\u00f3prio\",\"p27_virtual\":\"Virtual\",\"p28_territorios\":\"Pr\\u00f3prio bairro\",\"p30_outrasorganizacoes\":\"Sim\",\"p32_campanhadelongaduracao\":\"N\\u00e3o\",\"p34_municipal\":\"Municipal\",\"p34_estadual\":\"Estadual\",\"p34_nenhuma\":\"Nenhuma\",\"p36_conselhosdeparticipacaoecontrolesocial\":\"Sim\",\"p38_nenhum\":\"Nenhum\",\"p40_editais\":\"N\\u00e3o\",\"p41_autofinanciamento\":\"Autofinanciamento\",\"p42_meiodedivulgacaoproprio\":\"Sim\",\"p43_email\":\"E-mail\",\"p43_facebook\":\"Facebook\",\"p43_whatsapp\":\"WhatsApp\",\"p43_instagram\":\"Instagram\",\"p44_radio\":\"R\\u00e1dio\",\"p44_redessociais\":\"Redes sociais (Facebook, YouTube, Instagram etc.)\",\"p44_sitesblogs\":\"Sites ou Blogs\",\"p39_publico\":\"CRIAN\\u00c7AS ADOLESCENTES\",\"p45_bandeira\":\"LUTA MORADIA LUTA DIREITOS HUMANOS CULTURA EDUCA\\u00c7\\u00c3O QUALIDADE\",\"p46_hashtags\":\"#CULTURAEEDUCACAO #MORADIADIGNA #DIREITOSHUMANOS\"},{\"p1_eixo\":\"Trabalho\",\"p9_tipoorganizacao\":\"Coletivo\",\"p12_uf\":\"CE\",\"p13_cidade\":\"ITAPIPOCA\",\"p16_cidade\":\"Cidade\",\"p17_ano\":\"2018\",\"p18_agrario\":\"Agr\\u00e1rio\\\/ruralidades\",\"p18_comunicacao\":\"Comunica\\u00e7\\u00e3o\",\"p18_difusaoartistica\":\"Difus\\u00e3o Art\\u00edstica\",\"p18_desenvolvimentoterritorial\":\"Desenvolvimento territorial\",\"p18_direitoshumanos\":\"Direitos humanos\",\"p18_educacao\":\"Educa\\u00e7\\u00e3o\",\"p18_feminismos\":\"Feminismos\",\"p18_lutaantirracismo\":\"Luta antirracismo\",\"p18_mobilidade\":\"Mobilidade\",\"p18_moradia\":\"Moradia\",\"p18_povosecomunidadestradicionais\":\"Povos e comunidades tradicionais\",\"p18_trabalho\":\"Trabalho\",\"p18_religiao\":\"Religi\\u00e3o\",\"p18_saude\":\"Sa\\u00fade\",\"p18_violencia\":\"Viol\\u00eancia\",\"p18_politicasculturais\":\"Pol\\u00edticas Culturais\",\"p19_comunicacao\":\"Comunica\\u00e7\\u00e3o\",\"p19_educacao\":\"Educa\\u00e7\\u00e3o\",\"p19_moradia\":\"Moradia\",\"p19_saude\":\"Sa\\u00fade\",\"p19_difusaoartistica\":\"Difus\\u00e3o Art\\u00edstica\",\"p20_reunioes\":\"Reuni\\u00f5es\",\"p20_atendimento\":\"Atendimento\",\"p20_oficinas\":\"Oficinas\",\"p20_cursos\":\"Cursos\",\"p20_formacao\":\"Forma\\u00e7\\u00e3o\",\"p20_profissionalizacao\":\"Profissionaliza\\u00e7\\u00e3o\",\"p21_nenhum\":\"Nenhum\",\"p22_numerodeparticipantes\":\"1  - 15\",\"p23_reunioes\":\"Reuni\\u00f5es\",\"p23_oficinas\":\"Oficinas\",\"p23_outros\":\"Outros\",\"p24_reunioes\":\"Reuni\\u00f5es\",\"p24_atendimento\":\"Atendimentos\",\"p24_oficinas\":\"Oficinas\",\"p24_curso\":\"Curso\",\"p24_profissionalizacao\":\"Profissionaliza\\u00e7\\u00e3o\",\"p24_outros\":\"Outros\",\"p25_numerodepessoas\":\"20 - 40\",\"p26_numerodepessoas\":\"20 - 40\",\"p27_espacopublico\":\"Espa\\u00e7o p\\u00fablico\",\"p27_espacoemprestadocedido\":\"Espa\\u00e7o emprestado\\\/cedido\",\"p27_espacoproprio\":\"Espa\\u00e7o pr\\u00f3prio\",\"p27_virtual\":\"Virtual\",\"p28_territorios\":\"Cidade\",\"p30_outrasorganizacoes\":\"Sim\",\"p32_campanhadelongaduracao\":\"Sim\",\"p34_municipal\":\"Municipal\",\"p34_estadual\":\"Estadual\",\"p36_conselhosdeparticipacaoecontrolesocial\":\"Sim\",\"p38_sim\":\"Sim\",\"p38_nenhum\":\"Nenhum\",\"p40_editais\":\"N\\u00e3o\",\"p41_autofinanciamento\":\"Autofinanciamento\",\"p41_financiamentocoletivo0\":\"Financiamento coletivo\",\"p42_meiodedivulgacaoproprio\":\"Sim\",\"p43_email\":\"E-mail\",\"p43_facebook\":\"Facebook\",\"p43_whatsapp\":\"WhatsApp\",\"p43_instagram\":\"Instagram\",\"p43_sitesblogs\":\"Blogs\\\/sites\",\"p44_radio\":\"TV\",\"p44_jornaisimpressosdegrandecirculacao\":\"Jornais impressos de grande circula\\u00e7\\u00e3o\",\"p44_jornaisimpressosdebairro\":\"Jornais impressos de bairro\",\"p44_redessociais\":\"Redes sociais (Facebook, YouTube, Instagram etc.)\",\"p44_sitesblogs\":\"Sites ou Blogs\",\"p39_publico\":\"CRIAN\\u00c7AS JOVENS\",\"p45_bandeira\":\"EMPODERAMENTO PESSOAL COMUNIT\\u00c1RIO PROTAGONISMO JUVENIL\",\"p46_hashtags\":\"#MICRORREVOLUCOES #PODERESERVICO #TRANSFORMACAOCOMUNITARIA=\"},{\"p1_eixo\":\"Trabalho\",\"p9_tipoorganizacao\":\"Associa\\u00e7\\u00e3o\",\"p12_uf\":\"RO\",\"p13_cidade\":\"ARIQUEMES\",\"p16_cidade\":\"Cidade\",\"p17_ano\":\"1992\",\"p16_estado\":\"Estado\",\"p18_agrario\":\"Agr\\u00e1rio\\\/ruralidades\",\"p18_comunicacao\":\"Comunica\\u00e7\\u00e3o\",\"p18_difusaoartistica\":\"Difus\\u00e3o Art\\u00edstica\",\"p18_desenvolvimentoterritorial\":\"Desenvolvimento territorial\",\"p18_direitoshumanos\":\"Direitos humanos\",\"p18_educacao\":\"Educa\\u00e7\\u00e3o\",\"p18_feminismos\":\"Feminismos\",\"p18_lgbtqi\":\"LGBTQI\",\"p18_lutaantirracismo\":\"Luta antirracismo\",\"p18_mobilidade\":\"Mobilidade\",\"p18_moradia\":\"Moradia\",\"p18_povosecomunidadestradicionais\":\"Povos e comunidades tradicionais\",\"p18_trabalho\":\"Trabalho\",\"p18_religiao\":\"Religi\\u00e3o\",\"p18_saude\":\"Sa\\u00fade\",\"p18_violencia\":\"Viol\\u00eancia\",\"p18_politicasculturais\":\"Pol\\u00edticas Culturais\",\"p19_educacao\":\"Educa\\u00e7\\u00e3o\",\"p19_feminismos\":\"Feminismos\",\"p19_lutaantirracismo\":\"Luta antirracismo\",\"p19_moradia\":\"Moradia\",\"p19_saude\":\"Sa\\u00fade\",\"p20_reunioes\":\"Reuni\\u00f5es\",\"p20_atendimento\":\"Atendimento\",\"p20_cursos\":\"Cursos\",\"p20_formacao\":\"Forma\\u00e7\\u00e3o\",\"p20_profissionalizacao\":\"Profissionaliza\\u00e7\\u00e3o\",\"p21_intoleranciareligiosa\":\"Fundamentalismo\\\/intoler\\u00e2ncia religiosa\",\"p21_xenofobia\":\"Xenofobia\",\"p21_machismo\":\"Machismo\",\"p21_racismo\":\"Racismo\",\"p21_lgbtqifobia\":\"LGBTIfobia\",\"p21_nenhum\":\"Nenhum\",\"p22_numerodeparticipantes\":\"1  - 15\",\"p23_reunioes\":\"Reuni\\u00f5es\",\"p23_outros\":\"Outros\",\"p24_reunioes\":\"Reuni\\u00f5es\",\"p24_atendimento\":\"Atendimentos\",\"p24_oficinas\":\"Oficinas\",\"p24_curso\":\"Curso\",\"p24_formacao\":\"Forma\\u00e7\\u00e3o\",\"p24_profissionalizacao\":\"Profissionaliza\\u00e7\\u00e3o\",\"p24_outros\":\"Outros\",\"p25_numerodepessoas\":\"1 - 20\",\"p26_numerodepessoas\":\"1 - 20\",\"p27_espacopublico\":\"Espa\\u00e7o p\\u00fablico\",\"p27_espacoemprestadocedido\":\"Espa\\u00e7o emprestado\\\/cedido\",\"p27_espacoproprio\":\"Espa\\u00e7o pr\\u00f3prio\",\"p28_territorios\":\"Cidade\",\"p30_outrasorganizacoes\":\"Sim\",\"p32_campanhadelongaduracao\":\"Sim\",\"p34_municipal\":\"Municipal\",\"p34_nenhuma\":\"Nenhuma\",\"p36_conselhosdeparticipacaoecontrolesocial\":\"Sim\",\"p38_sim\":\"Sim\",\"p40_editais\":\"Sim\",\"p41_autofinanciamento\":\"Autofinanciamento\",\"p41_financiamentocoletivo0\":\"Financiamento coletivo\",\"p42_meiodedivulgacaoproprio\":\"Sim\",\"p43_impressoes\":\"Impressos\",\"p43_email\":\"E-mail\",\"p43_facebook\":\"Facebook\",\"p43_sitesblogs\":\"Blogs\\\/sites\",\"p44_radio\":\"TV\",\"p44_jornaisimpressosdegrandecirculacao\":\"Jornais impressos de grande circula\\u00e7\\u00e3o\",\"p44_jornaisimpressosdebairro\":\"Jornais impressos de bairro\",\"p44_redessociais\":\"Redes sociais (Facebook, YouTube, Instagram etc.)\",\"p44_sitesblogs\":\"Sites ou Blogs\",\"p39_publico\":\"TODOS\",\"p45_bandeira\":\"LUTA POVO LUTA COMUNIDADE LUTA ENERGIA LUTA MORADIA URBANA\",\"p46_hashtags\":\"#NAOESTAMOSSOS #ESTAMOSJUNTOS #PORUMASOCIEDADEMAISJUSTA\"},{\"p1_eixo\":\"Viol\\u00eancia\",\"p9_tipoorganizacao\":\"ONG\",\"p12_uf\":\"MS\",\"p13_cidade\":\"CAMPO GRANDE\",\"p16_bairro\":\"Bairro\",\"p17_ano\":\"1985\",\"p16_estado\":\"Estado\",\"p18_agrario\":\"Agr\\u00e1rio\\\/ruralidades\",\"p18_comunicacao\":\"Comunica\\u00e7\\u00e3o\",\"p18_difusaoartistica\":\"Difus\\u00e3o Art\\u00edstica\",\"p18_desenvolvimentoterritorial\":\"Desenvolvimento territorial\",\"p18_direitoshumanos\":\"Direitos humanos\",\"p18_educacao\":\"Educa\\u00e7\\u00e3o\",\"p18_feminismos\":\"Feminismos\",\"p18_lgbtqi\":\"LGBTQI\",\"p18_lutaantirracismo\":\"Luta antirracismo\",\"p18_moradia\":\"Moradia\",\"p18_povosecomunidadestradicionais\":\"Povos e comunidades tradicionais\",\"p18_trabalho\":\"Trabalho\",\"p18_religiao\":\"Religi\\u00e3o\",\"p18_saude\":\"Sa\\u00fade\",\"p18_violencia\":\"Viol\\u00eancia\",\"p18_politicasculturais\":\"Pol\\u00edticas Culturais\",\"p19_desenvolvimentoterritorial\":\"Desenvolvimento territorial\",\"p19_educacao\":\"Educa\\u00e7\\u00e3o\",\"p19_feminismos\":\"Feminismos\",\"p19_lutaantirracismo\":\"Luta antirracismo\",\"p19_povosecomunidadestradicionais\":\"Povos e comunidades tradicionais\",\"p19_religiao\":\"Religi\\u00e3o\",\"p20_reunioes\":\"Reuni\\u00f5es\",\"p20_cursos\":\"Cursos\",\"p20_formacao\":\"Forma\\u00e7\\u00e3o\",\"p21_repressaopolicial\":\"Repress\\u00e3o policial\",\"p21_intoleranciareligiosa\":\"Fundamentalismo\\\/intoler\\u00e2ncia religiosa\",\"p21_xenofobia\":\"Xenofobia\",\"p21_machismo\":\"Machismo\",\"p21_racismo\":\"Racismo\",\"p21_lgbtqifobia\":\"LGBTIfobia\",\"p22_numerodeparticipantes\":\"15 - 30\",\"p23_reunioes\":\"Reuni\\u00f5es\",\"p23_formacao\":\"Forma\\u00e7\\u00e3o\",\"p24_curso\":\"Curso\",\"p24_formacao\":\"Forma\\u00e7\\u00e3o\",\"p24_outros\":\"Outros\",\"p25_numerodepessoas\":\"20 - 40\",\"p26_numerodepessoas\":\"40 - 60\",\"p27_espacopublico\":\"Espa\\u00e7o p\\u00fablico\",\"p27_espacoemprestadocedido\":\"Espa\\u00e7o emprestado\\\/cedido\",\"p27_espacoproprio\":\"Espa\\u00e7o pr\\u00f3prio\",\"p28_territorios\":\"Estado\",\"p30_outrasorganizacoes\":\"Sim\",\"p32_campanhadelongaduracao\":\"Sim\",\"p34_nenhuma\":\"Nenhuma\",\"p36_conselhosdeparticipacaoecontrolesocial\":\"Sim\",\"p38_sim\":\"Sim\",\"p38_nenhum\":\"Nenhum\",\"p40_editais\":\"Sim\",\"p41_publicoestatal\":\"P\\u00fablico-Estatal\",\"p41_financiamentocoletivo0\":\"Financiamento coletivo\",\"p42_meiodedivulgacaoproprio\":\"Sim\",\"p43_impressoes\":\"Impressos\",\"p43_email\":\"E-mail\",\"p43_facebook\":\"Facebook\",\"p43_nenhum\":\"Nenhum\",\"p44_radio\":\"TV\",\"p44_jornaisimpressosdegrandecirculacao\":\"Jornais impressos de grande circula\\u00e7\\u00e3o\",\"p44_jornaisimpressosdebairro\":\"Jornais impressos de bairro\",\"p44_redessociais\":\"Redes sociais (Facebook, YouTube, Instagram etc.)\",\"p44_sitesblogs\":\"Sites ou Blogs\",\"p39_publico\":\"NEGROS NEGRAS\",\"p45_bandeira\":\"PROVOCAR REFLEX\\u00c3O SOCIEDADE  RACIAL VISIBILIDADE RACISMO POPULA\\u00c7\\u00c3O-NEGRA\",\"p46_hashtags\":\"#EDUCACAO #INSERCAO #CULTURA\"},{\"p1_eixo\":\"Viol\\u00eancia\",\"p9_tipoorganizacao\":\"Movimento Social\",\"p12_uf\":\"RS\",\"p13_cidade\":\"CANOAS\",\"p16_bairro\":\"Bairro\",\"p16_cidade\":\"Cidade\",\"p17_ano\":\"Anterior a 1980\",\"p18_agrario\":\"Agr\\u00e1rio\\\/ruralidades\",\"p18_comunicacao\":\"Comunica\\u00e7\\u00e3o\",\"p18_difusaoartistica\":\"Difus\\u00e3o Art\\u00edstica\",\"p18_desenvolvimentoterritorial\":\"Desenvolvimento territorial\",\"p18_direitoshumanos\":\"Direitos humanos\",\"p18_educacao\":\"Educa\\u00e7\\u00e3o\",\"p18_feminismos\":\"Feminismos\",\"p18_lgbtqi\":\"LGBTQI\",\"p18_lutaantirracismo\":\"Luta antirracismo\",\"p18_mobilidade\":\"Mobilidade\",\"p18_moradia\":\"Moradia\",\"p18_povosecomunidadestradicionais\":\"Povos e comunidades tradicionais\",\"p18_trabalho\":\"Trabalho\",\"p18_religiao\":\"Religi\\u00e3o\",\"p18_saude\":\"Sa\\u00fade\",\"p18_violencia\":\"Viol\\u00eancia\",\"p18_politicasculturais\":\"Pol\\u00edticas Culturais\",\"p19_desenvolvimentoterritorial\":\"Desenvolvimento territorial\",\"p19_educacao\":\"Educa\\u00e7\\u00e3o\",\"p19_povosecomunidadestradicionais\":\"Povos e comunidades tradicionais\",\"p19_trabalho\":\"Trabalho\",\"p19_religiao\":\"Religi\\u00e3o\",\"p19_saude\":\"Sa\\u00fade\",\"p20_reunioes\":\"Reuni\\u00f5es\",\"p20_oficinas\":\"Oficinas\",\"p20_cursos\":\"Cursos\",\"p20_formacao\":\"Forma\\u00e7\\u00e3o\",\"p20_apresentacoesartisticas\":\"Apresenta\\u00e7\\u00f5es art\\u00edsticas\",\"p21_repressaopolicial\":\"Repress\\u00e3o policial\",\"p21_intoleranciareligiosa\":\"Fundamentalismo\\\/intoler\\u00e2ncia religiosa\",\"p21_machismo\":\"Machismo\",\"p21_racismo\":\"Racismo\",\"p22_numerodeparticipantes\":\"Mais de 90\",\"p23_reunioes\":\"Reuni\\u00f5es\",\"p23_formacao\":\"Forma\\u00e7\\u00e3o\",\"p24_reunioes\":\"Reuni\\u00f5es\",\"p24_outros\":\"Outros\",\"p25_numerodepessoas\":\"60 - 80\",\"p26_numerodepessoas\":\"60 - 80\",\"p27_espacoemprestadocedido\":\"Espa\\u00e7o emprestado\\\/cedido\",\"p27_espacoproprio\":\"Espa\\u00e7o pr\\u00f3prio\",\"p27_virtual\":\"Virtual\",\"p28_territorios\":\"Pr\\u00f3prio bairro\",\"p30_outrasorganizacoes\":\"Sim\",\"p32_campanhadelongaduracao\":\"Sim\",\"p34_municipal\":\"Municipal\",\"p34_nenhuma\":\"Nenhuma\",\"p36_conselhosdeparticipacaoecontrolesocial\":\"Sim\",\"p38_nenhum\":\"Nenhum\",\"p40_editais\":\"Sim\",\"p41_publicoestatal\":\"P\\u00fablico-Estatal\",\"p41_privadopf\":\"Privado (P. F\\u00edsica)\",\"p41_privadopj\":\"Privado (P. Jur\\u00eddica)\",\"p41_autofinanciamento\":\"Autofinanciamento\",\"p41_financiamentocoletivo0\":\"Financiamento coletivo\",\"p42_meiodedivulgacaoproprio\":\"N\\u00e3o\",\"p43_impressoes\":\"Impressos\",\"p43_facebook\":\"Facebook\",\"p43_whatsapp\":\"WhatsApp\",\"p43_instagram\":\"Instagram\",\"p43_nenhum\":\"Nenhum\",\"p44_radio\":\"TV\",\"p44_jornaisimpressosdegrandecirculacao\":\"Jornais impressos de grande circula\\u00e7\\u00e3o\",\"p44_jornaisimpressosdebairro\":\"Jornais impressos de bairro\",\"p44_redessociais\":\"Redes sociais (Facebook, YouTube, Instagram etc.)\",\"p44_sitesblogs\":\"Sites ou Blogs\",\"p39_publico\":\"MULHERES JOVENS QUILOMBO\",\"p45_bandeira\":\"LUTA MORADIA LUTA PELAS DIFEREN\\u00c7AS LUTA PODER FEMININO LUTA- MULHER LUTA PELOS LGTQI LUTA LIBERDADE LUTA JUVENTUDE LUTA CRIAN\\u00c7A LUTA ADOLESCENTE\",\"p46_hashtags\":\"#ESCRAVOSDEONTEMDONOSDONOSSOAMANHA\"},{\"p1_eixo\":\"Cultura\",\"p9_tipoorganizacao\":\"Coletivo\",\"p12_uf\":\"RS\",\"p13_cidade\":\"S\\u00c3O LEOPOLDO\",\"p16_cidade\":\"Cidade\",\"p16_nacional\":\"Nacional\",\"p17_ano\":\"2019\",\"p18_comunicacao\":\"Comunica\\u00e7\\u00e3o\",\"p18_difusaoartistica\":\"Difus\\u00e3o Art\\u00edstica\",\"p18_direitoshumanos\":\"Direitos humanos\",\"p18_educacao\":\"Educa\\u00e7\\u00e3o\",\"p18_feminismos\":\"Feminismos\",\"p18_lgbtqi\":\"LGBTQI\",\"p18_lutaantirracismo\":\"Luta antirracismo\",\"p18_mobilidade\":\"Mobilidade\",\"p18_povosecomunidadestradicionais\":\"Povos e comunidades tradicionais\",\"p18_trabalho\":\"Trabalho\",\"p18_religiao\":\"Religi\\u00e3o\",\"p18_saude\":\"Sa\\u00fade\",\"p18_violencia\":\"Viol\\u00eancia\",\"p18_politicasculturais\":\"Pol\\u00edticas Culturais\",\"p19_direitoshumanos\":\"Direitos humanos\",\"p19_educacao\":\"Educa\\u00e7\\u00e3o\",\"p19_lutaantirracismo\":\"Luta antirracismo\",\"p19_trabalho\":\"Trabalho\",\"p19_saude\":\"Sa\\u00fade\",\"p19_politicasculturais\":\"Pol\\u00edticas Culturais\",\"p20_reunioes\":\"Reuni\\u00f5es\",\"p20_oficinas\":\"Oficinas\",\"p20_cursos\":\"Cursos\",\"p20_formacao\":\"Forma\\u00e7\\u00e3o\",\"p20_apresentacoesartisticas\":\"Apresenta\\u00e7\\u00f5es art\\u00edsticas\",\"p21_repressaopolicial\":\"Repress\\u00e3o policial\",\"p21_machismo\":\"Machismo\",\"p21_racismo\":\"Racismo\",\"p21_nenhum\":\"Nenhum\",\"p22_numerodeparticipantes\":\"1  - 15\",\"p23_reunioes\":\"Reuni\\u00f5es\",\"p23_apresentacoesartisticas\":\"Apresenta\\u00e7\\u00f5es Art\\u00edsticas\",\"p24_reunioes\":\"Reuni\\u00f5es\",\"p24_apresentacoesartisticas\":\"Apresenta\\u00e7\\u00f5es art\\u00edsticas\",\"p25_numerodepessoas\":\"20 - 40\",\"p26_numerodepessoas\":\"20 - 40\",\"p27_espacopublico\":\"Espa\\u00e7o p\\u00fablico\",\"p27_espacoemprestadocedido\":\"Espa\\u00e7o emprestado\\\/cedido\",\"p27_virtual\":\"Virtual\",\"p28_territorios\":\"Cidade\",\"p30_outrasorganizacoes\":\"N\\u00e3o\",\"p32_campanhadelongaduracao\":\"N\\u00e3o\",\"p34_municipal\":\"Municipal\",\"p34_nenhuma\":\"Nenhuma\",\"p36_conselhosdeparticipacaoecontrolesocial\":\"N\\u00e3o\",\"p38_nenhum\":\"Nenhum\",\"p40_editais\":\"N\\u00e3o\",\"p41_privadopf\":\"Privado (P. F\\u00edsica)\",\"p41_privadopj\":\"Privado (P. Jur\\u00eddica)\",\"p41_autofinanciamento\":\"Autofinanciamento\",\"p41_financiamentocoletivo0\":\"Financiamento coletivo\",\"p42_meiodedivulgacaoproprio\":\"Sim\",\"p43_impressoes\":\"Impressos\",\"p43_email\":\"E-mail\",\"p43_facebook\":\"Facebook\",\"p43_whatsapp\":\"WhatsApp\",\"p43_instagram\":\"Instagram\",\"p44_radio\":\"TV\",\"p44_jornaisimpressosdebairro\":\"Jornais impressos de bairro\",\"p44_redessociais\":\"Redes sociais (Facebook, YouTube, Instagram etc.)\",\"p44_sitesblogs\":\"Sites ou Blogs\",\"p39_publico\":\"FEMININO JOVEM\",\"p45_bandeira\":\"PAN AFRICANISTA RACIAL\",\"p46_hashtags\":\"#RACIAL  #EDUCACIONAL  #CAPITAL\"},{\"p1_eixo\":\"Cultura\",\"p9_tipoorganizacao\":\"Coletivo\",\"p12_uf\":\"RS\",\"p13_cidade\":\"ALVORADA\",\"p16_bairro\":\"Bairro\",\"p16_nacional\":\"Nacional\",\"p17_ano\":\"2019\",\"p18_difusaoartistica\":\"Difus\\u00e3o Art\\u00edstica\",\"p18_direitoshumanos\":\"Direitos humanos\",\"p18_educacao\":\"Educa\\u00e7\\u00e3o\",\"p18_lutaantirracismo\":\"Luta antirracismo\",\"p18_politicasculturais\":\"Pol\\u00edticas Culturais\",\"p19_comunicacao\":\"Comunica\\u00e7\\u00e3o\",\"p19_direitoshumanos\":\"Direitos humanos\",\"p19_lutaantirracismo\":\"Luta antirracismo\",\"p19_trabalho\":\"Trabalho\",\"p19_violencia\":\"Viol\\u00eancia\",\"p19_politicasculturais\":\"Pol\\u00edticas Culturais\",\"p20_oficinas\":\"Oficinas\",\"p20_apresentacoesartisticas\":\"Apresenta\\u00e7\\u00f5es art\\u00edsticas\",\"p21_repressaopolicial\":\"Repress\\u00e3o policial\",\"p21_enfrentamentocomgruposprivadosarmados\":\"Enfrentamento com grupos privados armados\",\"p21_nenhum\":\"Nenhum\",\"p22_numerodeparticipantes\":\"1  - 15\",\"p23_oficinas\":\"Oficinas\",\"p23_apresentacoesartisticas\":\"Apresenta\\u00e7\\u00f5es Art\\u00edsticas\",\"p24_reunioes\":\"Reuni\\u00f5es\",\"p24_oficinasaulasartisticas\":\"Ensaios\\\/Oficinas\\\/Aulas art\\u00edsticas\",\"p24_apresentacoesartisticas\":\"Apresenta\\u00e7\\u00f5es art\\u00edsticas\",\"p25_numerodepessoas\":\"200 - 300\",\"p26_numerodepessoas\":\"200 - 300\",\"p27_espacopublico\":\"Espa\\u00e7o p\\u00fablico\",\"p27_espacoemprestadocedido\":\"Espa\\u00e7o emprestado\\\/cedido\",\"p27_espacoproprio\":\"Espa\\u00e7o pr\\u00f3prio\",\"p28_territorios\":\"Regi\\u00e3o da Cidade\",\"p30_outrasorganizacoes\":\"N\\u00e3o\",\"p32_campanhadelongaduracao\":\"N\\u00e3o\",\"p34_nenhuma\":\"Nenhuma\",\"p36_conselhosdeparticipacaoecontrolesocial\":\"N\\u00e3o\",\"p38_sim\":\"Sim\",\"p38_nenhum\":\"Nenhum\",\"p40_editais\":\"N\\u00e3o\",\"p41_financiamentocoletivo0\":\"Financiamento coletivo\",\"p42_meiodedivulgacaoproprio\":\"Sim\",\"p43_email\":\"E-mail\",\"p43_facebook\":\"Facebook\",\"p43_whatsapp\":\"WhatsApp\",\"p43_instagram\":\"Instagram\",\"p43_nenhum\":\"Nenhum\",\"p44_radio\":\"TV\",\"p44_jornaisimpressosdebairro\":\"Jornais impressos de bairro\",\"p44_redessociais\":\"Redes sociais (Facebook, YouTube, Instagram etc.)\",\"p44_sitesblogs\":\"Sites ou Blogs\",\"p39_publico\":\"JOVENS\",\"p45_bandeira\":\"LITERATURA\",\"p46_hashtags\":\"#LITERATURANAQUEBRADAPARAQUEMEDEQUEBRADA #CONEXOESNATINGA #SLAMCONEXOES\"},{\"p1_eixo\":\"Cultura\",\"p9_tipoorganizacao\":\"Coletivo Art\\u00edstico\",\"p12_uf\":\"PR\",\"p13_cidade\":\"CURITIBA\",\"p16_bairro\":\"Bairro\",\"p16_nacional\":\"Nacional\",\"p17_ano\":\"2008\",\"p18_difusaoartistica\":\"Difus\\u00e3o Art\\u00edstica\",\"p18_direitoshumanos\":\"Direitos humanos\",\"p18_educacao\":\"Educa\\u00e7\\u00e3o\",\"p18_feminismos\":\"Feminismos\",\"p18_lgbtqi\":\"LGBTQI\",\"p18_lutaantirracismo\":\"Luta antirracismo\",\"p18_politicasculturais\":\"Pol\\u00edticas Culturais\",\"p19_comunicacao\":\"Comunica\\u00e7\\u00e3o\",\"p19_direitoshumanos\":\"Direitos humanos\",\"p19_educacao\":\"Educa\\u00e7\\u00e3o\",\"p19_trabalho\":\"Trabalho\",\"p19_violencia\":\"Viol\\u00eancia\",\"p19_difusaoartistica\":\"Difus\\u00e3o Art\\u00edstica\",\"p20_reunioes\":\"Reuni\\u00f5es\",\"p20_oficinas\":\"Oficinas\",\"p20_formacao\":\"Forma\\u00e7\\u00e3o\",\"p21_repressaopolicial\":\"Repress\\u00e3o policial\",\"p21_intoleranciareligiosa\":\"Fundamentalismo\\\/intoler\\u00e2ncia religiosa\",\"p21_xenofobia\":\"Xenofobia\",\"p21_machismo\":\"Machismo\",\"p21_racismo\":\"Racismo\",\"p21_lgbtqifobia\":\"LGBTIfobia\",\"p21_enfrentamentocomgruposprivadosarmados\":\"Enfrentamento com grupos privados armados\",\"p22_numerodeparticipantes\":\"1  - 15\",\"p23_reunioes\":\"Reuni\\u00f5es\",\"p23_oficinas\":\"Oficinas\",\"p23_formacao\":\"Forma\\u00e7\\u00e3o\",\"p24_reunioes\":\"Reuni\\u00f5es\",\"p24_oficinasaulasartisticas\":\"Ensaios\\\/Oficinas\\\/Aulas art\\u00edsticas\",\"p24_formacao\":\"Forma\\u00e7\\u00e3o\",\"p25_numerodepessoas\":\"1 - 20\",\"p26_numerodepessoas\":\"1 - 20\",\"p27_espacopublico\":\"Espa\\u00e7o p\\u00fablico\",\"p27_espacoemprestadocedido\":\"Espa\\u00e7o emprestado\\\/cedido\",\"p27_espacoproprio\":\"Espa\\u00e7o pr\\u00f3prio\",\"p28_territorios\":\"Pr\\u00f3prio bairro\",\"p30_outrasorganizacoes\":\"N\\u00e3o\",\"p32_campanhadelongaduracao\":\"Sim\",\"p34_nacional\":\"Nacional\",\"p34_nenhuma\":\"Nenhuma\",\"p36_conselhosdeparticipacaoecontrolesocial\":\"N\\u00e3o\",\"p38_sim\":\"Sim\",\"p40_editais\":\"N\\u00e3o\",\"p41_autofinanciamento\":\"Autofinanciamento\",\"p41_financiamentocoletivo0\":\"Financiamento coletivo\",\"p42_meiodedivulgacaoproprio\":\"N\\u00e3o\",\"p43_whatsapp\":\"WhatsApp\",\"p43_instagram\":\"Instagram\",\"p43_twitter\":\"Twitter\",\"p43_nenhum\":\"Nenhum\",\"p44_redessociais\":\"Redes sociais (Facebook, YouTube, Instagram etc.)\",\"p44_sitesblogs\":\"Sites ou Blogs\",\"p39_publico\":\"CRIAN\\u00c7AS JOVENS\",\"p45_bandeira\":\"DESPERTAR NOVA CONSCI\\u00caNCIA\",\"p46_hashtags\":\"#QUALIDADEDEVIDAPARAPERIFERICOS #CONTRAREPRESSAODOESTADO #AMAIORRELIGIAOEOBEMDETODOS\"},{\"p1_eixo\":\"Trabalho\",\"p9_tipoorganizacao\":\"Coletivo\",\"p12_uf\":\"MA\",\"p13_cidade\":\"S\\u00c3O LU\\u00cdS\",\"p16_cidade\":\"Cidade\",\"p16_nacional\":\"Nacional\",\"p17_ano\":\"2009\",\"p18_difusaoartistica\":\"Difus\\u00e3o Art\\u00edstica\",\"p18_direitoshumanos\":\"Direitos humanos\",\"p18_educacao\":\"Educa\\u00e7\\u00e3o\",\"p18_feminismos\":\"Feminismos\",\"p18_lgbtqi\":\"LGBTQI\",\"p18_lutaantirracismo\":\"Luta antirracismo\",\"p18_trabalho\":\"Trabalho\",\"p18_violencia\":\"Viol\\u00eancia\",\"p18_politicasculturais\":\"Pol\\u00edticas Culturais\",\"p19_direitoshumanos\":\"Direitos humanos\",\"p19_educacao\":\"Educa\\u00e7\\u00e3o\",\"p19_lutaantirracismo\":\"Luta antirracismo\",\"p19_difusaoartistica\":\"Difus\\u00e3o Art\\u00edstica\",\"p20_reunioes\":\"Reuni\\u00f5es\",\"p20_oficinas\":\"Oficinas\",\"p20_formacao\":\"Forma\\u00e7\\u00e3o\",\"p20_apresentacoesartisticas\":\"Apresenta\\u00e7\\u00f5es art\\u00edsticas\",\"p21_repressaopolicial\":\"Repress\\u00e3o policial\",\"p21_intoleranciareligiosa\":\"Fundamentalismo\\\/intoler\\u00e2ncia religiosa\",\"p21_xenofobia\":\"Xenofobia\",\"p21_machismo\":\"Machismo\",\"p21_racismo\":\"Racismo\",\"p21_lgbtqifobia\":\"LGBTIfobia\",\"p22_numerodeparticipantes\":\"Mais de 90\",\"p23_reunioes\":\"Reuni\\u00f5es\",\"p23_oficinas\":\"Oficinas\",\"p23_formacao\":\"Forma\\u00e7\\u00e3o\",\"p23_apresentacoesartisticas\":\"Apresenta\\u00e7\\u00f5es Art\\u00edsticas\",\"p24_reunioes\":\"Reuni\\u00f5es\",\"p24_oficinas\":\"Oficinas\",\"p24_formacao\":\"Forma\\u00e7\\u00e3o\",\"p25_numerodepessoas\":\"60 - 80\",\"p26_numerodepessoas\":\"40 - 60\",\"p27_espacopublico\":\"Espa\\u00e7o p\\u00fablico\",\"p27_espacoemprestadocedido\":\"Espa\\u00e7o emprestado\\\/cedido\",\"p28_territorios\":\"Atua\\u00e7\\u00e3o Nacional\",\"p30_outrasorganizacoes\":\"Sim\",\"p32_campanhadelongaduracao\":\"N\\u00e3o\",\"p34_nacional\":\"Nacional\",\"p34_nenhuma\":\"Nenhuma\",\"p36_conselhosdeparticipacaoecontrolesocial\":\"Sim\",\"p38_sim\":\"Sim\",\"p40_editais\":\"Sim\",\"p41_autofinanciamento\":\"Autofinanciamento\",\"p41_financiamentocoletivo0\":\"Financiamento coletivo\",\"p42_meiodedivulgacaoproprio\":\"Sim\",\"p43_email\":\"E-mail\",\"p43_facebook\":\"Facebook\",\"p43_whatsapp\":\"WhatsApp\",\"p43_instagram\":\"Instagram\",\"p43_twitter\":\"Twitter\",\"p44_redessociais\":\"Redes sociais (Facebook, YouTube, Instagram etc.)\",\"p39_publico\":\"JOVENS ESTUDANTES\",\"p45_bandeira\":\"DEFENDER EDUCA\\u00c7\\u00c3O-P\\u00daBLICA-GRATUITA QUALIDADE\",\"p46_hashtags\":\"#EDUCACAOPARATODOS #EDUCACAONAOEMERCADORIA\"},{\"p1_eixo\":\"Cultura\",\"p9_tipoorganizacao\":\"Coletivo\",\"p12_uf\":\"SE\",\"p13_cidade\":\"ARACAJU\",\"p16_cidade\":\"Cidade\",\"p17_ano\":\"2015\",\"p16_estado\":\"Estado\",\"p18_difusaoartistica\":\"Difus\\u00e3o Art\\u00edstica\",\"p18_direitoshumanos\":\"Direitos humanos\",\"p18_educacao\":\"Educa\\u00e7\\u00e3o\",\"p18_feminismos\":\"Feminismos\",\"p18_lgbtqi\":\"LGBTQI\",\"p18_trabalho\":\"Trabalho\",\"p18_violencia\":\"Viol\\u00eancia\",\"p18_politicasculturais\":\"Pol\\u00edticas Culturais\",\"p19_direitoshumanos\":\"Direitos humanos\",\"p19_educacao\":\"Educa\\u00e7\\u00e3o\",\"p19_lutaantirracismo\":\"Luta antirracismo\",\"p19_difusaoartistica\":\"Difus\\u00e3o Art\\u00edstica\",\"p20_oficinas\":\"Oficinas\",\"p20_apresentacoesartisticas\":\"Apresenta\\u00e7\\u00f5es art\\u00edsticas\",\"p21_repressaopolicial\":\"Repress\\u00e3o policial\",\"p21_nenhum\":\"Nenhum\",\"p22_numerodeparticipantes\":\"1  - 15\",\"p23_apresentacoesartisticas\":\"Apresenta\\u00e7\\u00f5es Art\\u00edsticas\",\"p24_oficinas\":\"Oficinas\",\"p24_apresentacoesartisticas\":\"Apresenta\\u00e7\\u00f5es art\\u00edsticas\",\"p25_numerodepessoas\":\"60 - 80\",\"p26_numerodepessoas\":\"1 - 20\",\"p27_espacopublico\":\"Espa\\u00e7o p\\u00fablico\",\"p27_espacoemprestadocedido\":\"Espa\\u00e7o emprestado\\\/cedido\",\"p28_territorios\":\"Regi\\u00e3o da Cidade\",\"p30_outrasorganizacoes\":\"N\\u00e3o\",\"p32_campanhadelongaduracao\":\"N\\u00e3o\",\"p34_nenhuma\":\"Nenhuma\",\"p36_conselhosdeparticipacaoecontrolesocial\":\"N\\u00e3o\",\"p38_sim\":\"Sim\",\"p40_editais\":\"N\\u00e3o\",\"p41_autofinanciamento\":\"Autofinanciamento\",\"p42_meiodedivulgacaoproprio\":\"Sim\",\"p43_email\":\"E-mail\",\"p43_facebook\":\"Facebook\",\"p43_whatsapp\":\"WhatsApp\",\"p43_instagram\":\"Instagram\",\"p43_radio\":\"R\\u00e1dio\",\"p43_youtube\":\"YouTube\",\"p44_redessociais\":\"Redes sociais (Facebook, YouTube, Instagram etc.)\",\"p39_publico\":\"PERIF\\u00c9RICO\",\"p45_bandeira\":\"LUTA CLASSES LUTA ANTIRRACISMO LUTA ANTIFASCISTA LUTA CONTRA LGBTIQ FOBIA DIREITOS HUMANOS\",\"p46_hashtags\":\"#RACISMO #FORABOZO #COMUNISMO\"},{\"p1_eixo\":\"Cultura\",\"p9_tipoorganizacao\":\"Coletivo Art\\u00edstico\",\"p12_uf\":\"RS\",\"p13_cidade\":\"VIAM\\u00c3O\",\"p17_ano\":\"2000\",\"p16_estado\":\"Estado\",\"p18_agrario\":\"Agr\\u00e1rio\\\/ruralidades\",\"p18_comunicacao\":\"Comunica\\u00e7\\u00e3o\",\"p18_difusaoartistica\":\"Difus\\u00e3o Art\\u00edstica\",\"p18_desenvolvimentoterritorial\":\"Desenvolvimento territorial\",\"p18_direitoshumanos\":\"Direitos humanos\",\"p18_educacao\":\"Educa\\u00e7\\u00e3o\",\"p18_feminismos\":\"Feminismos\",\"p18_lgbtqi\":\"LGBTQI\",\"p18_lutaantirracismo\":\"Luta antirracismo\",\"p18_mobilidade\":\"Mobilidade\",\"p18_moradia\":\"Moradia\",\"p18_povosecomunidadestradicionais\":\"Povos e comunidades tradicionais\",\"p18_trabalho\":\"Trabalho\",\"p18_religiao\":\"Religi\\u00e3o\",\"p18_saude\":\"Sa\\u00fade\",\"p18_violencia\":\"Viol\\u00eancia\",\"p18_politicasculturais\":\"Pol\\u00edticas Culturais\",\"p19_educacao\":\"Educa\\u00e7\\u00e3o\",\"p19_saude\":\"Sa\\u00fade\",\"p19_difusaoartistica\":\"Difus\\u00e3o Art\\u00edstica\",\"p19_politicasculturais\":\"Pol\\u00edticas Culturais\",\"p20_reunioes\":\"Reuni\\u00f5es\",\"p20_oficinas\":\"Oficinas\",\"p20_oficinasaulasartisticas\":\"Ensaios\\\/Oficinas\\\/Aulas art\\u00edsticas\",\"p20_apresentacoesartisticas\":\"Apresenta\\u00e7\\u00f5es art\\u00edsticas\",\"p21_machismo\":\"Machismo\",\"p21_lgbtqifobia\":\"LGBTIfobia\",\"p21_nenhum\":\"Nenhum\",\"p22_numerodeparticipantes\":\"60 - 75\",\"p23_oficinas\":\"Oficinas\",\"p23_oficinasaulasartisticas\":\"Ensaio\\\/Oficinas\\\/Aulas Art\\u00edsticas\",\"p23_apresentacoesartisticas\":\"Apresenta\\u00e7\\u00f5es Art\\u00edsticas\",\"p23_outros\":\"Outros\",\"p24_oficinas\":\"Oficinas\",\"p24_oficinasaulasartisticas\":\"Ensaios\\\/Oficinas\\\/Aulas art\\u00edsticas\",\"p24_apresentacoesartisticas\":\"Apresenta\\u00e7\\u00f5es art\\u00edsticas\",\"p24_outros\":\"Outros\",\"p25_numerodepessoas\":\"40 - 60\",\"p26_numerodepessoas\":\"40 - 60\",\"p27_espacopublico\":\"Espa\\u00e7o p\\u00fablico\",\"p27_espacoemprestadocedido\":\"Espa\\u00e7o emprestado\\\/cedido\",\"p28_territorios\":\"Cidade\",\"p30_outrasorganizacoes\":\"N\\u00e3o\",\"p32_campanhadelongaduracao\":\"N\\u00e3o\",\"p34_nenhuma\":\"Nenhuma\",\"p36_conselhosdeparticipacaoecontrolesocial\":\"N\\u00e3o\",\"p38_sim\":\"Sim\",\"p38_nenhum\":\"Nenhum\",\"p40_editais\":\"N\\u00e3o\",\"p41_autofinanciamento\":\"Autofinanciamento\",\"p42_meiodedivulgacaoproprio\":\"Sim\",\"p43_email\":\"E-mail\",\"p43_facebook\":\"Facebook\",\"p43_whatsapp\":\"WhatsApp\",\"p43_instagram\":\"Instagram\",\"p43_radio\":\"R\\u00e1dio\",\"p43_youtube\":\"YouTube\",\"p44_redessociais\":\"Redes sociais (Facebook, YouTube, Instagram etc.)\",\"p39_publico\":\"POBRES CLASSE-M\\u00c9DIA CIDADE\",\"p45_bandeira\":\"CARNAVAL CULTURA NEGRA\",\"p46_hashtags\":\"#CARNAVAL #CULTURAPOPULAR #VIVAOSAMBA\"},{\"p1_eixo\":\"Cultura\",\"p9_tipoorganizacao\":\"Associa\\u00e7\\u00e3o\",\"p12_uf\":\"PE\",\"p13_cidade\":\"RECIFE\",\"p16_cidade\":\"Cidade\",\"p17_ano\":\"2000\",\"p16_estado\":\"Estado\",\"p18_agrario\":\"Agr\\u00e1rio\\\/ruralidades\",\"p18_comunicacao\":\"Comunica\\u00e7\\u00e3o\",\"p18_difusaoartistica\":\"Difus\\u00e3o Art\\u00edstica\",\"p18_desenvolvimentoterritorial\":\"Desenvolvimento territorial\",\"p18_direitoshumanos\":\"Direitos humanos\",\"p18_educacao\":\"Educa\\u00e7\\u00e3o\",\"p18_feminismos\":\"Feminismos\",\"p18_lgbtqi\":\"LGBTQI\",\"p18_lutaantirracismo\":\"Luta antirracismo\",\"p18_mobilidade\":\"Mobilidade\",\"p18_moradia\":\"Moradia\",\"p18_povosecomunidadestradicionais\":\"Povos e comunidades tradicionais\",\"p18_trabalho\":\"Trabalho\",\"p18_religiao\":\"Religi\\u00e3o\",\"p18_saude\":\"Sa\\u00fade\",\"p18_violencia\":\"Viol\\u00eancia\",\"p18_politicasculturais\":\"Pol\\u00edticas Culturais\",\"p19_direitoshumanos\":\"Direitos humanos\",\"p19_educacao\":\"Educa\\u00e7\\u00e3o\",\"p19_saude\":\"Sa\\u00fade\",\"p19_violencia\":\"Viol\\u00eancia\",\"p19_politicasculturais\":\"Pol\\u00edticas Culturais\",\"p20_reunioes\":\"Reuni\\u00f5es\",\"p20_atendimento\":\"Atendimento\",\"p20_oficinas\":\"Oficinas\",\"p20_oficinasaulasartisticas\":\"Ensaios\\\/Oficinas\\\/Aulas art\\u00edsticas\",\"p20_cursos\":\"Cursos\",\"p20_apresentacoesartisticas\":\"Apresenta\\u00e7\\u00f5es art\\u00edsticas\",\"p20_visitasexcursoes\":\"Visitas\\\/Excurs\\u00f5es\",\"p21_repressaopolicial\":\"Repress\\u00e3o policial\",\"p21_machismo\":\"Machismo\",\"p21_racismo\":\"Racismo\",\"p21_lgbtqifobia\":\"LGBTIfobia\",\"p21_enfrentamentocomgruposprivadosarmados\":\"Enfrentamento com grupos privados armados\",\"p22_numerodeparticipantes\":\"1  - 15\",\"p23_reunioes\":\"Reuni\\u00f5es\",\"p23_atendimento\":\"Atendimento\",\"p23_oficinas\":\"Oficinas\",\"p23_oficinasaulasartisticas\":\"Ensaio\\\/Oficinas\\\/Aulas Art\\u00edsticas\",\"p23_apresentacoesartisticas\":\"Apresenta\\u00e7\\u00f5es Art\\u00edsticas\",\"p23_outros\":\"Outros\",\"p24_atendimento\":\"Atendimentos\",\"p24_oficinas\":\"Oficinas\",\"p24_oficinasaulasartisticas\":\"Ensaios\\\/Oficinas\\\/Aulas art\\u00edsticas\",\"p24_apresentacoesartisticas\":\"Apresenta\\u00e7\\u00f5es art\\u00edsticas\",\"p24_visitasexcursoes\":\"Visitas\\\/Excurs\\u00f5es\",\"p24_outros\":\"Outros\",\"p25_numerodepessoas\":\"20 - 40\",\"p26_numerodepessoas\":\"100 - 200\",\"p27_espacopublico\":\"Espa\\u00e7o p\\u00fablico\",\"p27_espacoemprestadocedido\":\"Espa\\u00e7o emprestado\\\/cedido\",\"p28_territorios\":\"Estado\",\"p30_outrasorganizacoes\":\"Sim\",\"p32_campanhadelongaduracao\":\"Sim\",\"p34_nenhuma\":\"Nenhuma\",\"p36_conselhosdeparticipacaoecontrolesocial\":\"Sim\",\"p38_nenhum\":\"Nenhum\",\"p40_editais\":\"N\\u00e3o\",\"p41_publicoestatal\":\"P\\u00fablico-Estatal\",\"p41_privadopf\":\"Privado (P. F\\u00edsica)\",\"p41_privadopj\":\"Privado (P. Jur\\u00eddica)\",\"p41_autofinanciamento\":\"Autofinanciamento\",\"p42_meiodedivulgacaoproprio\":\"Sim\",\"p43_email\":\"E-mail\",\"p43_facebook\":\"Facebook\",\"p43_instagram\":\"Instagram\",\"p44_radio\":\"TV\",\"p44_jornaisimpressosdegrandecirculacao\":\"Jornais impressos de grande circula\\u00e7\\u00e3o\",\"p44_jornaisimpressosdebairro\":\"Jornais impressos de bairro\",\"p44_redessociais\":\"Redes sociais (Facebook, YouTube, Instagram etc.)\",\"p44_sitesblogs\":\"Sites ou Blogs\",\"p39_publico\":\"JUVENTUDE\",\"p45_bandeira\":\"AFOX\\u00c9 CULTURA PERNAMBUCO RECONHECIMENTO RESPEITO\",\"p46_hashtags\":\"#AFOXEPERNAMBUCO #RESPEITO #RECONHECIMENTO\"},{\"p1_eixo\":\"Viol\\u00eancia\",\"p9_tipoorganizacao\":\"Movimento Social\",\"p12_uf\":\"TO\",\"p13_cidade\":\"PALMAS\",\"p16_cidade\":\"Cidade\",\"p16_internacional\":\"Internacional\",\"p17_ano\":\"2013\",\"p18_agrario\":\"Agr\\u00e1rio\\\/ruralidades\",\"p18_comunicacao\":\"Comunica\\u00e7\\u00e3o\",\"p18_difusaoartistica\":\"Difus\\u00e3o Art\\u00edstica\",\"p18_desenvolvimentoterritorial\":\"Desenvolvimento territorial\",\"p18_direitoshumanos\":\"Direitos humanos\",\"p18_educacao\":\"Educa\\u00e7\\u00e3o\",\"p18_feminismos\":\"Feminismos\",\"p18_lgbtqi\":\"LGBTQI\",\"p18_lutaantirracismo\":\"Luta antirracismo\",\"p18_moradia\":\"Moradia\",\"p18_povosecomunidadestradicionais\":\"Povos e comunidades tradicionais\",\"p18_trabalho\":\"Trabalho\",\"p18_religiao\":\"Religi\\u00e3o\",\"p18_saude\":\"Sa\\u00fade\",\"p18_violencia\":\"Viol\\u00eancia\",\"p18_politicasculturais\":\"Pol\\u00edticas Culturais\",\"p19_agrario\":\"Agr\\u00e1rio\\\/ruralidades\",\"p19_desenvolvimentoterritorial\":\"Desenvolvimento territorial\",\"p19_direitoshumanos\":\"Direitos humanos\",\"p19_violencia\":\"Viol\\u00eancia\",\"p19_politicasculturais\":\"Pol\\u00edticas Culturais\",\"p20_reunioes\":\"Reuni\\u00f5es\",\"p20_atendimento\":\"Atendimento\",\"p20_oficinas\":\"Oficinas\",\"p20_oficinasaulasartisticas\":\"Ensaios\\\/Oficinas\\\/Aulas art\\u00edsticas\",\"p20_cursos\":\"Cursos\",\"p20_apresentacoesartisticas\":\"Apresenta\\u00e7\\u00f5es art\\u00edsticas\",\"p20_visitasexcursoes\":\"Visitas\\\/Excurs\\u00f5es\",\"p21_repressaopolicial\":\"Repress\\u00e3o policial\",\"p21_intoleranciareligiosa\":\"Fundamentalismo\\\/intoler\\u00e2ncia religiosa\",\"p21_xenofobia\":\"Xenofobia\",\"p21_machismo\":\"Machismo\",\"p21_racismo\":\"Racismo\",\"p21_lgbtqifobia\":\"LGBTIfobia\",\"p21_enfrentamentocomgruposprivadosarmados\":\"Enfrentamento com grupos privados armados\",\"p22_numerodeparticipantes\":\"15 - 30\",\"p23_reunioes\":\"Reuni\\u00f5es\",\"p23_atendimento\":\"Atendimento\",\"p23_oficinas\":\"Oficinas\",\"p23_oficinasaulasartisticas\":\"Ensaio\\\/Oficinas\\\/Aulas Art\\u00edsticas\",\"p23_apresentacoesartisticas\":\"Apresenta\\u00e7\\u00f5es Art\\u00edsticas\",\"p23_outros\":\"Outros\",\"p24_atendimento\":\"Atendimentos\",\"p24_oficinas\":\"Oficinas\",\"p24_oficinasaulasartisticas\":\"Ensaios\\\/Oficinas\\\/Aulas art\\u00edsticas\",\"p24_apresentacoesartisticas\":\"Apresenta\\u00e7\\u00f5es art\\u00edsticas\",\"p24_visitasexcursoes\":\"Visitas\\\/Excurs\\u00f5es\",\"p24_outros\":\"Outros\",\"p25_numerodepessoas\":\"Mais de 500\",\"p26_numerodepessoas\":\"Mais de 500\",\"p27_espacopublico\":\"Espa\\u00e7o p\\u00fablico\",\"p27_espacoemprestadocedido\":\"Espa\\u00e7o emprestado\\\/cedido\",\"p27_espacoproprio\":\"Espa\\u00e7o pr\\u00f3prio\",\"p28_territorios\":\"Regi\\u00e3o da Cidade\",\"p30_outrasorganizacoes\":\"Sim\",\"p32_campanhadelongaduracao\":\"Sim\",\"p34_estadual\":\"Estadual\",\"p34_nacional\":\"Nacional\",\"p34_nenhuma\":\"Nenhuma\",\"p36_conselhosdeparticipacaoecontrolesocial\":\"N\\u00e3o\",\"p38_sim\":\"Sim\",\"p38_nenhum\":\"Nenhum\",\"p40_editais\":\"Sim\",\"p41_publicoestatal\":\"P\\u00fablico-Estatal\",\"p41_privadopf\":\"Privado (P. F\\u00edsica)\",\"p41_privadopj\":\"Privado (P. Jur\\u00eddica)\",\"p42_meiodedivulgacaoproprio\":\"Sim\",\"p43_email\":\"E-mail\",\"p43_facebook\":\"Facebook\",\"p43_instagram\":\"Instagram\",\"p43_sitesblogs\":\"Blogs\\\/sites\",\"p44_radio\":\"TV\",\"p44_jornaisimpressosdegrandecirculacao\":\"Jornais impressos de grande circula\\u00e7\\u00e3o\",\"p44_jornaisimpressosdebairro\":\"Jornais impressos de bairro\",\"p44_redessociais\":\"Redes sociais (Facebook, YouTube, Instagram etc.)\",\"p44_sitesblogs\":\"Sites ou Blogs\",\"p39_publico\":\"CRIAN\\u00c7AS\",\"p45_bandeira\":\"DIREITO CRIAN\\u00c7A ADOLESCENTE MULHER NEGRA MULHER ABANDONADA MULHER VIOLADA DIREITOS VIOLADOS\",\"p46_hashtags\":\"#INCENTIVOADOACAO #DIREITO #OFERTARALGOPARAOPROXIMO\"},{\"p1_eixo\":\"Cultura\",\"p9_tipoorganizacao\":\"Movimento Social\",\"p12_uf\":\"MA\",\"p13_cidade\":\"S\\u00c3O LU\\u00cdS\",\"p16_cidade\":\"Cidade\",\"p16_internacional\":\"Internacional\",\"p17_ano\":\"Anterior a 1980\",\"p18_agrario\":\"Agr\\u00e1rio\\\/ruralidades\",\"p18_comunicacao\":\"Comunica\\u00e7\\u00e3o\",\"p18_difusaoartistica\":\"Difus\\u00e3o Art\\u00edstica\",\"p18_desenvolvimentoterritorial\":\"Desenvolvimento territorial\",\"p18_direitoshumanos\":\"Direitos humanos\",\"p18_educacao\":\"Educa\\u00e7\\u00e3o\",\"p18_feminismos\":\"Feminismos\",\"p18_lgbtqi\":\"LGBTQI\",\"p18_lutaantirracismo\":\"Luta antirracismo\",\"p18_moradia\":\"Moradia\",\"p18_povosecomunidadestradicionais\":\"Povos e comunidades tradicionais\",\"p18_trabalho\":\"Trabalho\",\"p18_religiao\":\"Religi\\u00e3o\",\"p18_saude\":\"Sa\\u00fade\",\"p18_violencia\":\"Viol\\u00eancia\",\"p18_politicasculturais\":\"Pol\\u00edticas Culturais\",\"p19_agrario\":\"Agr\\u00e1rio\\\/ruralidades\",\"p19_desenvolvimentoterritorial\":\"Desenvolvimento territorial\",\"p19_direitoshumanos\":\"Direitos humanos\",\"p19_educacao\":\"Educa\\u00e7\\u00e3o\",\"p19_trabalho\":\"Trabalho\",\"p19_saude\":\"Sa\\u00fade\",\"p20_reunioes\":\"Reuni\\u00f5es\",\"p20_oficinas\":\"Oficinas\",\"p20_oficinasaulasartisticas\":\"Ensaios\\\/Oficinas\\\/Aulas art\\u00edsticas\",\"p20_cursos\":\"Cursos\",\"p20_formacao\":\"Forma\\u00e7\\u00e3o\",\"p20_profissionalizacao\":\"Profissionaliza\\u00e7\\u00e3o\",\"p20_apresentacoesartisticas\":\"Apresenta\\u00e7\\u00f5es art\\u00edsticas\",\"p20_visitasexcursoes\":\"Visitas\\\/Excurs\\u00f5es\",\"p21_repressaopolicial\":\"Repress\\u00e3o policial\",\"p21_intoleranciareligiosa\":\"Fundamentalismo\\\/intoler\\u00e2ncia religiosa\",\"p21_xenofobia\":\"Xenofobia\",\"p21_machismo\":\"Machismo\",\"p21_racismo\":\"Racismo\",\"p21_lgbtqifobia\":\"LGBTIfobia\",\"p21_nenhum\":\"Nenhum\",\"p22_numerodeparticipantes\":\"Mais de 90\",\"p23_reunioes\":\"Reuni\\u00f5es\",\"p23_apresentacoesartisticas\":\"Apresenta\\u00e7\\u00f5es Art\\u00edsticas\",\"p23_outros\":\"Outros\",\"p24_reunioes\":\"Reuni\\u00f5es\",\"p24_atendimento\":\"Atendimentos\",\"p24_oficinas\":\"Oficinas\",\"p24_oficinasaulasartisticas\":\"Ensaios\\\/Oficinas\\\/Aulas art\\u00edsticas\",\"p24_formacao\":\"Forma\\u00e7\\u00e3o\",\"p24_apresentacoesartisticas\":\"Apresenta\\u00e7\\u00f5es art\\u00edsticas\",\"p24_outros\":\"Outros\",\"p25_numerodepessoas\":\"20 - 40\",\"p26_numerodepessoas\":\"80 - 100\",\"p27_espacoproprio\":\"Espa\\u00e7o pr\\u00f3prio\",\"p27_virtual\":\"Virtual\",\"p28_territorios\":\"Atua\\u00e7\\u00e3o Nacional\",\"p30_outrasorganizacoes\":\"Sim\",\"p32_campanhadelongaduracao\":\"Sim\",\"p34_municipal\":\"Municipal\",\"p34_estadual\":\"Estadual\",\"p34_nacional\":\"Nacional\",\"p36_conselhosdeparticipacaoecontrolesocial\":\"Sim\",\"p38_sim\":\"Sim\",\"p38_nenhum\":\"Nenhum\",\"p40_editais\":\"Sim\",\"p41_publicoestatal\":\"P\\u00fablico-Estatal\",\"p41_privadopj\":\"Privado (P. Jur\\u00eddica)\",\"p41_autofinanciamento\":\"Autofinanciamento\",\"p41_financiamentocoletivo0\":\"Financiamento coletivo\",\"p42_meiodedivulgacaoproprio\":\"Sim\",\"p43_email\":\"E-mail\",\"p43_facebook\":\"Facebook\",\"p43_instagram\":\"Instagram\",\"p43_twitter\":\"Twitter\",\"p43_sitesblogs\":\"Blogs\\\/sites\",\"p43_youtube\":\"YouTube\",\"p44_radio\":\"TV\",\"p44_jornaisimpressosdegrandecirculacao\":\"Jornais impressos de grande circula\\u00e7\\u00e3o\",\"p44_jornaisimpressosdebairro\":\"Jornais impressos de bairro\",\"p44_redessociais\":\"Redes sociais (Facebook, YouTube, Instagram etc.)\",\"p44_sitesblogs\":\"Sites ou Blogs\",\"p39_publico\":\"NEGROS NEGRAS\",\"p45_bandeira\":\"GARANTIA DIREITOS \\u00c9TNICOS BRASIL EDUCA\\u00c7\\u00c3O\",\"p46_hashtags\":\"#DIREITOSTERRITORIAIS #LUTAANTIRRACISTA #JUVENTUDENEGRAVIVA\"},{\"p1_eixo\":\"Cultura\",\"p9_tipoorganizacao\":\"Coletivo\",\"p12_uf\":\"RS\",\"p13_cidade\":\"S\\u00c3O LEOPOLDO\",\"p16_cidade\":\"Cidade\",\"p17_ano\":\"2019\",\"p16_estado\":\"Estado\",\"p18_comunicacao\":\"Comunica\\u00e7\\u00e3o\",\"p18_difusaoartistica\":\"Difus\\u00e3o Art\\u00edstica\",\"p18_desenvolvimentoterritorial\":\"Desenvolvimento territorial\",\"p18_direitoshumanos\":\"Direitos humanos\",\"p18_educacao\":\"Educa\\u00e7\\u00e3o\",\"p18_feminismos\":\"Feminismos\",\"p18_lgbtqi\":\"LGBTQI\",\"p18_lutaantirracismo\":\"Luta antirracismo\",\"p18_moradia\":\"Moradia\",\"p18_povosecomunidadestradicionais\":\"Povos e comunidades tradicionais\",\"p18_trabalho\":\"Trabalho\",\"p18_religiao\":\"Religi\\u00e3o\",\"p18_saude\":\"Sa\\u00fade\",\"p18_violencia\":\"Viol\\u00eancia\",\"p18_politicasculturais\":\"Pol\\u00edticas Culturais\",\"p19_educacao\":\"Educa\\u00e7\\u00e3o\",\"p19_feminismos\":\"Feminismos\",\"p19_lgbtqi\":\"LGBTQI\",\"p19_trabalho\":\"Trabalho\",\"p19_saude\":\"Sa\\u00fade\",\"p20_reunioes\":\"Reuni\\u00f5es\",\"p20_oficinasaulasartisticas\":\"Ensaios\\\/Oficinas\\\/Aulas art\\u00edsticas\",\"p20_cursos\":\"Cursos\",\"p20_formacao\":\"Forma\\u00e7\\u00e3o\",\"p20_profissionalizacao\":\"Profissionaliza\\u00e7\\u00e3o\",\"p20_apresentacoesartisticas\":\"Apresenta\\u00e7\\u00f5es art\\u00edsticas\",\"p21_intoleranciareligiosa\":\"Fundamentalismo\\\/intoler\\u00e2ncia religiosa\",\"p21_xenofobia\":\"Xenofobia\",\"p21_machismo\":\"Machismo\",\"p21_racismo\":\"Racismo\",\"p21_lgbtqifobia\":\"LGBTIfobia\",\"p21_nenhum\":\"Nenhum\",\"p22_numerodeparticipantes\":\"1  - 15\",\"p23_reunioes\":\"Reuni\\u00f5es\",\"p23_outros\":\"Outros\",\"p24_reunioes\":\"Reuni\\u00f5es\",\"p24_oficinas\":\"Oficinas\",\"p24_formacao\":\"Forma\\u00e7\\u00e3o\",\"p24_outros\":\"Outros\",\"p25_numerodepessoas\":\"80 - 100\",\"p26_numerodepessoas\":\"60 - 80\",\"p27_espacopublico\":\"Espa\\u00e7o p\\u00fablico\",\"p27_espacoemprestadocedido\":\"Espa\\u00e7o emprestado\\\/cedido\",\"p27_espacoproprio\":\"Espa\\u00e7o pr\\u00f3prio\",\"p27_virtual\":\"Virtual\",\"p27_ocupacao\":\"Ocupa\\u00e7\\u00e3o\",\"p28_territorios\":\"Cidade\",\"p30_outrasorganizacoes\":\"N\\u00e3o\",\"p32_campanhadelongaduracao\":\"N\\u00e3o\",\"p34_municipal\":\"Municipal\",\"p34_estadual\":\"Estadual\",\"p34_nacional\":\"Nacional\",\"p36_conselhosdeparticipacaoecontrolesocial\":\"N\\u00e3o\",\"p38_sim\":\"Sim\",\"p38_nenhum\":\"Nenhum\",\"p40_editais\":\"N\\u00e3o\",\"p41_autofinanciamento\":\"Autofinanciamento\",\"p41_financiamentocoletivo0\":\"Financiamento coletivo\",\"p42_meiodedivulgacaoproprio\":\"Sim\",\"p43_email\":\"E-mail\",\"p43_facebook\":\"Facebook\",\"p43_whatsapp\":\"WhatsApp\",\"p43_instagram\":\"Instagram\",\"p43_twitter\":\"Twitter\",\"p43_youtube\":\"YouTube\",\"p44_redessociais\":\"Redes sociais (Facebook, YouTube, Instagram etc.)\",\"p39_publico\":\"JUVENTUDE\",\"p45_bandeira\":\"PAN AFRIKANISTA\",\"p46_hashtags\":\"#LUTARACIAL\"},{\"p1_eixo\":\"Viol\\u00eancia\",\"p9_tipoorganizacao\":\"F\\u00f3rum\",\"p12_uf\":\"PE\",\"p13_cidade\":\"RECIFE\",\"p16_nacional\":\"Nacional\",\"p17_ano\":\"2001\",\"p16_estado\":\"Estado\",\"p18_comunicacao\":\"Comunica\\u00e7\\u00e3o\",\"p18_difusaoartistica\":\"Difus\\u00e3o Art\\u00edstica\",\"p18_direitoshumanos\":\"Direitos humanos\",\"p18_educacao\":\"Educa\\u00e7\\u00e3o\",\"p18_feminismos\":\"Feminismos\",\"p18_lgbtqi\":\"LGBTQI\",\"p18_lutaantirracismo\":\"Luta antirracismo\",\"p18_moradia\":\"Moradia\",\"p18_povosecomunidadestradicionais\":\"Povos e comunidades tradicionais\",\"p18_trabalho\":\"Trabalho\",\"p18_saude\":\"Sa\\u00fade\",\"p18_violencia\":\"Viol\\u00eancia\",\"p18_politicasculturais\":\"Pol\\u00edticas Culturais\",\"p19_direitoshumanos\":\"Direitos humanos\",\"p19_educacao\":\"Educa\\u00e7\\u00e3o\",\"p19_feminismos\":\"Feminismos\",\"p19_lgbtqi\":\"LGBTQI\",\"p19_politicasculturais\":\"Pol\\u00edticas Culturais\",\"p20_reunioes\":\"Reuni\\u00f5es\",\"p20_atendimento\":\"Atendimento\",\"p20_oficinas\":\"Oficinas\",\"p20_oficinasaulasartisticas\":\"Ensaios\\\/Oficinas\\\/Aulas art\\u00edsticas\",\"p20_cursos\":\"Cursos\",\"p20_formacao\":\"Forma\\u00e7\\u00e3o\",\"p20_profissionalizacao\":\"Profissionaliza\\u00e7\\u00e3o\",\"p20_apresentacoesartisticas\":\"Apresenta\\u00e7\\u00f5es art\\u00edsticas\",\"p20_visitasexcursoes\":\"Visitas\\\/Excurs\\u00f5es\",\"p21_intoleranciareligiosa\":\"Fundamentalismo\\\/intoler\\u00e2ncia religiosa\",\"p21_xenofobia\":\"Xenofobia\",\"p21_machismo\":\"Machismo\",\"p21_racismo\":\"Racismo\",\"p21_lgbtqifobia\":\"LGBTIfobia\",\"p22_numerodeparticipantes\":\"30 - 45\",\"p23_reunioes\":\"Reuni\\u00f5es\",\"p23_oficinasaulasartisticas\":\"Ensaio\\\/Oficinas\\\/Aulas Art\\u00edsticas\",\"p23_outros\":\"Outros\",\"p24_reunioes\":\"Reuni\\u00f5es\",\"p24_oficinas\":\"Oficinas\",\"p24_formacao\":\"Forma\\u00e7\\u00e3o\",\"p24_outros\":\"Outros\",\"p25_numerodepessoas\":\"1 - 20\",\"p26_numerodepessoas\":\"1 - 20\",\"p27_espacopublico\":\"Espa\\u00e7o p\\u00fablico\",\"p27_espacoemprestadocedido\":\"Espa\\u00e7o emprestado\\\/cedido\",\"p27_espacoproprio\":\"Espa\\u00e7o pr\\u00f3prio\",\"p27_virtual\":\"Virtual\",\"p27_ocupacao\":\"Ocupa\\u00e7\\u00e3o\",\"p28_territorios\":\"Estado\",\"p30_outrasorganizacoes\":\"Sim\",\"p32_campanhadelongaduracao\":\"Sim\",\"p34_municipal\":\"Municipal\",\"p34_estadual\":\"Estadual\",\"p34_nacional\":\"Nacional\",\"p36_conselhosdeparticipacaoecontrolesocial\":\"Sim\",\"p38_sim\":\"Sim\",\"p38_nenhum\":\"Nenhum\",\"p40_editais\":\"N\\u00e3o\",\"p41_publicoestatal\":\"P\\u00fablico-Estatal\",\"p41_privadopf\":\"Privado (P. F\\u00edsica)\",\"p41_privadopj\":\"Privado (P. Jur\\u00eddica)\",\"p41_autofinanciamento\":\"Autofinanciamento\",\"p41_financiamentocoletivo0\":\"Financiamento coletivo\",\"p42_meiodedivulgacaoproprio\":\"Sim\",\"p43_impressoes\":\"Impressos\",\"p43_email\":\"E-mail\",\"p43_facebook\":\"Facebook\",\"p43_whatsapp\":\"WhatsApp\",\"p43_instagram\":\"Instagram\",\"p43_twitter\":\"Twitter\",\"p43_sitesblogs\":\"Blogs\\\/sites\",\"p43_radio\":\"R\\u00e1dio\",\"p43_youtube\":\"YouTube\",\"p44_radio\":\"TV\",\"p44_jornaisimpressosdegrandecirculacao\":\"Jornais impressos de grande circula\\u00e7\\u00e3o\",\"p44_jornaisimpressosdebairro\":\"Jornais impressos de bairro\",\"p44_redessociais\":\"Redes sociais (Facebook, YouTube, Instagram etc.)\",\"p44_sitesblogs\":\"Sites ou Blogs\",\"p39_publico\":\"LGBT\",\"p45_bandeira\":\"POL\\u00cdTICAS P\\u00daBLICAS POPULA\\u00c7\\u00c3O LGBT\",\"p46_hashtags\":\"#DIREITOSIGUAIS\"},{\"p1_eixo\":\"Cultura\",\"p9_tipoorganizacao\":\"ONG\",\"p12_uf\":\"SC\",\"p13_cidade\":\"FLORIAN\\u00d3POLIS\",\"p16_nacional\":\"Nacional\",\"p17_ano\":\"1999\",\"p18_comunicacao\":\"Comunica\\u00e7\\u00e3o\",\"p18_difusaoartistica\":\"Difus\\u00e3o Art\\u00edstica\",\"p18_direitoshumanos\":\"Direitos humanos\",\"p18_educacao\":\"Educa\\u00e7\\u00e3o\",\"p18_lgbtqi\":\"LGBTQI\",\"p18_lutaantirracismo\":\"Luta antirracismo\",\"p18_moradia\":\"Moradia\",\"p18_povosecomunidadestradicionais\":\"Povos e comunidades tradicionais\",\"p18_trabalho\":\"Trabalho\",\"p18_violencia\":\"Viol\\u00eancia\",\"p18_politicasculturais\":\"Pol\\u00edticas Culturais\",\"p19_direitoshumanos\":\"Direitos humanos\",\"p19_educacao\":\"Educa\\u00e7\\u00e3o\",\"p19_lutaantirracismo\":\"Luta antirracismo\",\"p19_difusaoartistica\":\"Difus\\u00e3o Art\\u00edstica\",\"p19_politicasculturais\":\"Pol\\u00edticas Culturais\",\"p20_reunioes\":\"Reuni\\u00f5es\",\"p20_atendimento\":\"Atendimento\",\"p20_oficinas\":\"Oficinas\",\"p20_oficinasaulasartisticas\":\"Ensaios\\\/Oficinas\\\/Aulas art\\u00edsticas\",\"p20_cursos\":\"Cursos\",\"p20_formacao\":\"Forma\\u00e7\\u00e3o\",\"p20_profissionalizacao\":\"Profissionaliza\\u00e7\\u00e3o\",\"p20_apresentacoesartisticas\":\"Apresenta\\u00e7\\u00f5es art\\u00edsticas\",\"p20_visitasexcursoes\":\"Visitas\\\/Excurs\\u00f5es\",\"p21_repressaopolicial\":\"Repress\\u00e3o policial\",\"p21_intoleranciareligiosa\":\"Fundamentalismo\\\/intoler\\u00e2ncia religiosa\",\"p21_xenofobia\":\"Xenofobia\",\"p21_machismo\":\"Machismo\",\"p21_racismo\":\"Racismo\",\"p21_lgbtqifobia\":\"LGBTIfobia\",\"p21_enfrentamentocomgruposprivadosarmados\":\"Enfrentamento com grupos privados armados\",\"p22_numerodeparticipantes\":\"1  - 15\",\"p23_oficinas\":\"Oficinas\",\"p23_oficinasaulasartisticas\":\"Ensaio\\\/Oficinas\\\/Aulas Art\\u00edsticas\",\"p23_formacao\":\"Forma\\u00e7\\u00e3o\",\"p23_profissionalizacao\":\"Profissionaliza\\u00e7\\u00e3o\",\"p23_apresentacoesartisticas\":\"Apresenta\\u00e7\\u00f5es Art\\u00edsticas\",\"p24_atendimento\":\"Atendimentos\",\"p24_formacao\":\"Forma\\u00e7\\u00e3o\",\"p24_profissionalizacao\":\"Profissionaliza\\u00e7\\u00e3o\",\"p24_visitasexcursoes\":\"Visitas\\\/Excurs\\u00f5es\",\"p25_numerodepessoas\":\"20 - 40\",\"p26_numerodepessoas\":\"40 - 60\",\"p27_espacopublico\":\"Espa\\u00e7o p\\u00fablico\",\"p27_espacoemprestadocedido\":\"Espa\\u00e7o emprestado\\\/cedido\",\"p27_espacoproprio\":\"Espa\\u00e7o pr\\u00f3prio\",\"p27_virtual\":\"Virtual\",\"p27_ocupacao\":\"Ocupa\\u00e7\\u00e3o\",\"p28_territorios\":\"Regi\\u00e3o da Cidade\",\"p30_outrasorganizacoes\":\"Sim\",\"p32_campanhadelongaduracao\":\"Sim\",\"p34_municipal\":\"Municipal\",\"p34_estadual\":\"Estadual\",\"p34_nacional\":\"Nacional\",\"p36_conselhosdeparticipacaoecontrolesocial\":\"Sim\",\"p38_sim\":\"Sim\",\"p38_nenhum\":\"Nenhum\",\"p40_editais\":\"N\\u00e3o\",\"p41_publicoestatal\":\"P\\u00fablico-Estatal\",\"p41_privadopf\":\"Privado (P. F\\u00edsica)\",\"p41_privadopj\":\"Privado (P. Jur\\u00eddica)\",\"p41_autofinanciamento\":\"Autofinanciamento\",\"p41_financiamentocoletivo0\":\"Financiamento coletivo\",\"p42_meiodedivulgacaoproprio\":\"Sim\",\"p43_impressoes\":\"Impressos\",\"p43_email\":\"E-mail\",\"p43_facebook\":\"Facebook\",\"p43_whatsapp\":\"WhatsApp\",\"p43_instagram\":\"Instagram\",\"p43_twitter\":\"Twitter\",\"p43_sitesblogs\":\"Blogs\\\/sites\",\"p43_radio\":\"R\\u00e1dio\",\"p43_youtube\":\"YouTube\",\"p44_radio\":\"TV\",\"p44_jornaisimpressosdegrandecirculacao\":\"Jornais impressos de grande circula\\u00e7\\u00e3o\",\"p44_jornaisimpressosdebairro\":\"Jornais impressos de bairro\",\"p44_redessociais\":\"Redes sociais (Facebook, YouTube, Instagram etc.)\",\"p44_sitesblogs\":\"Sites ou Blogs\",\"p39_publico\":\"MORADORES COMUNIDADES PERIF\\u00c9RICAS PESSOAS-EM-SITUA\\u00c7\\u00c3O-DE-RUA\",\"p45_bandeira\":\"DIREITOS HUMANOS\",\"p46_hashtags\":\"#FAZENDODONOSSOJEITO #PORNOSMESMOS #OCUPARERESISTIR\"},{\"p1_eixo\":\"Cultura\",\"p9_tipoorganizacao\":\"Movimento Social\",\"p12_uf\":\"CE\",\"p13_cidade\":\"FORTALEZA\",\"p16_cidade\":\"Cidade\",\"p16_nacional\":\"Nacional\",\"p17_ano\":\"2007\",\"p18_agrario\":\"Agr\\u00e1rio\\\/ruralidades\",\"p18_comunicacao\":\"Comunica\\u00e7\\u00e3o\",\"p18_difusaoartistica\":\"Difus\\u00e3o Art\\u00edstica\",\"p18_desenvolvimentoterritorial\":\"Desenvolvimento territorial\",\"p18_direitoshumanos\":\"Direitos humanos\",\"p18_educacao\":\"Educa\\u00e7\\u00e3o\",\"p18_feminismos\":\"Feminismos\",\"p18_lgbtqi\":\"LGBTQI\",\"p18_lutaantirracismo\":\"Luta antirracismo\",\"p18_povosecomunidadestradicionais\":\"Povos e comunidades tradicionais\",\"p18_trabalho\":\"Trabalho\",\"p18_violencia\":\"Viol\\u00eancia\",\"p18_politicasculturais\":\"Pol\\u00edticas Culturais\",\"p19_comunicacao\":\"Comunica\\u00e7\\u00e3o\",\"p19_direitoshumanos\":\"Direitos humanos\",\"p19_feminismos\":\"Feminismos\",\"p19_lutaantirracismo\":\"Luta antirracismo\",\"p19_difusaoartistica\":\"Difus\\u00e3o Art\\u00edstica\",\"p19_politicasculturais\":\"Pol\\u00edticas Culturais\",\"p20_oficinas\":\"Oficinas\",\"p20_oficinasaulasartisticas\":\"Ensaios\\\/Oficinas\\\/Aulas art\\u00edsticas\",\"p20_cursos\":\"Cursos\",\"p20_formacao\":\"Forma\\u00e7\\u00e3o\",\"p20_apresentacoesartisticas\":\"Apresenta\\u00e7\\u00f5es art\\u00edsticas\",\"p21_repressaopolicial\":\"Repress\\u00e3o policial\",\"p21_intoleranciareligiosa\":\"Fundamentalismo\\\/intoler\\u00e2ncia religiosa\",\"p21_xenofobia\":\"Xenofobia\",\"p21_machismo\":\"Machismo\",\"p21_racismo\":\"Racismo\",\"p21_lgbtqifobia\":\"LGBTIfobia\",\"p21_enfrentamentocomgruposprivadosarmados\":\"Enfrentamento com grupos privados armados\",\"p22_numerodeparticipantes\":\"45 - 60\",\"p23_oficinas\":\"Oficinas\",\"p23_oficinasaulasartisticas\":\"Ensaio\\\/Oficinas\\\/Aulas Art\\u00edsticas\",\"p23_formacao\":\"Forma\\u00e7\\u00e3o\",\"p23_profissionalizacao\":\"Profissionaliza\\u00e7\\u00e3o\",\"p23_apresentacoesartisticas\":\"Apresenta\\u00e7\\u00f5es Art\\u00edsticas\",\"p24_atendimento\":\"Atendimentos\",\"p24_oficinasaulasartisticas\":\"Ensaios\\\/Oficinas\\\/Aulas art\\u00edsticas\",\"p24_profissionalizacao\":\"Profissionaliza\\u00e7\\u00e3o\",\"p24_visitasexcursoes\":\"Visitas\\\/Excurs\\u00f5es\",\"p25_numerodepessoas\":\"40 - 60\",\"p26_numerodepessoas\":\"60 - 80\",\"p27_espacopublico\":\"Espa\\u00e7o p\\u00fablico\",\"p27_espacoemprestadocedido\":\"Espa\\u00e7o emprestado\\\/cedido\",\"p27_espacoproprio\":\"Espa\\u00e7o pr\\u00f3prio\",\"p27_virtual\":\"Virtual\",\"p27_ocupacao\":\"Ocupa\\u00e7\\u00e3o\",\"p28_territorios\":\"Atua\\u00e7\\u00e3o Nacional\",\"p30_outrasorganizacoes\":\"N\\u00e3o\",\"p32_campanhadelongaduracao\":\"Sim\",\"p34_estadual\":\"Estadual\",\"p36_conselhosdeparticipacaoecontrolesocial\":\"Sim\",\"p38_sim\":\"Sim\",\"p40_editais\":\"N\\u00e3o\",\"p41_publicoestatal\":\"P\\u00fablico-Estatal\",\"p41_privadopf\":\"Privado (P. F\\u00edsica)\",\"p41_privadopj\":\"Privado (P. Jur\\u00eddica)\",\"p41_autofinanciamento\":\"Autofinanciamento\",\"p41_financiamentocoletivo0\":\"Financiamento coletivo\",\"p42_meiodedivulgacaoproprio\":\"Sim\",\"p43_impressoes\":\"Impressos\",\"p43_email\":\"E-mail\",\"p43_facebook\":\"Facebook\",\"p43_whatsapp\":\"WhatsApp\",\"p43_instagram\":\"Instagram\",\"p43_sitesblogs\":\"Blogs\\\/sites\",\"p43_youtube\":\"YouTube\",\"p44_radio\":\"R\\u00e1dio\",\"p44_jornaisimpressosdegrandecirculacao\":\"Jornais impressos de grande circula\\u00e7\\u00e3o\",\"p44_jornaisimpressosdebairro\":\"Jornais impressos de bairro\",\"p44_redessociais\":\"Redes sociais (Facebook, YouTube, Instagram etc.)\",\"p44_sitesblogs\":\"Sites ou Blogs\",\"p39_publico\":\"PERIFERIA\",\"p45_bandeira\":\"CONTRA EXTERM\\u00cdNIO PERIFERIAS FOMENTO ARTE CRESCIMENTO MOVIMENTO HIPHOP POLITIZADO\",\"p46_hashtags\":\"#HIPHOPVIVE #VIDASNEGRASIMPORTAM #UMASONACAO\"},{\"p1_eixo\":\"Cultura\",\"p9_tipoorganizacao\":\"Coletivo Art\\u00edstico\",\"p12_uf\":\"CE\",\"p13_cidade\":\"ITAPIPOCA\",\"p16_cidade\":\"Cidade\",\"p17_ano\":\"2010\",\"p18_agrario\":\"Agr\\u00e1rio\\\/ruralidades\",\"p18_comunicacao\":\"Comunica\\u00e7\\u00e3o\",\"p18_difusaoartistica\":\"Difus\\u00e3o Art\\u00edstica\",\"p18_desenvolvimentoterritorial\":\"Desenvolvimento territorial\",\"p18_direitoshumanos\":\"Direitos humanos\",\"p18_educacao\":\"Educa\\u00e7\\u00e3o\",\"p18_feminismos\":\"Feminismos\",\"p18_lutaantirracismo\":\"Luta antirracismo\",\"p18_povosecomunidadestradicionais\":\"Povos e comunidades tradicionais\",\"p18_trabalho\":\"Trabalho\",\"p18_violencia\":\"Viol\\u00eancia\",\"p18_politicasculturais\":\"Pol\\u00edticas Culturais\",\"p19_comunicacao\":\"Comunica\\u00e7\\u00e3o\",\"p19_direitoshumanos\":\"Direitos humanos\",\"p19_feminismos\":\"Feminismos\",\"p19_difusaoartistica\":\"Difus\\u00e3o Art\\u00edstica\",\"p20_reunioes\":\"Reuni\\u00f5es\",\"p20_oficinas\":\"Oficinas\",\"p20_oficinasaulasartisticas\":\"Ensaios\\\/Oficinas\\\/Aulas art\\u00edsticas\",\"p20_formacao\":\"Forma\\u00e7\\u00e3o\",\"p20_profissionalizacao\":\"Profissionaliza\\u00e7\\u00e3o\",\"p20_apresentacoesartisticas\":\"Apresenta\\u00e7\\u00f5es art\\u00edsticas\",\"p20_visitasexcursoes\":\"Visitas\\\/Excurs\\u00f5es\",\"p21_repressaopolicial\":\"Repress\\u00e3o policial\",\"p21_intoleranciareligiosa\":\"Fundamentalismo\\\/intoler\\u00e2ncia religiosa\",\"p21_xenofobia\":\"Xenofobia\",\"p21_machismo\":\"Machismo\",\"p21_racismo\":\"Racismo\",\"p22_numerodeparticipantes\":\"1  - 15\",\"p23_reunioes\":\"Reuni\\u00f5es\",\"p23_formacao\":\"Forma\\u00e7\\u00e3o\",\"p23_apresentacoesartisticas\":\"Apresenta\\u00e7\\u00f5es Art\\u00edsticas\",\"p24_oficinas\":\"Oficinas\",\"p24_oficinasaulasartisticas\":\"Ensaios\\\/Oficinas\\\/Aulas art\\u00edsticas\",\"p24_curso\":\"Curso\",\"p24_profissionalizacao\":\"Profissionaliza\\u00e7\\u00e3o\",\"p24_visitasexcursoes\":\"Visitas\\\/Excurs\\u00f5es\",\"p25_numerodepessoas\":\"1 - 20\",\"p26_numerodepessoas\":\"40 - 60\",\"p27_espacopublico\":\"Espa\\u00e7o p\\u00fablico\",\"p27_espacoemprestadocedido\":\"Espa\\u00e7o emprestado\\\/cedido\",\"p27_espacoproprio\":\"Espa\\u00e7o pr\\u00f3prio\",\"p28_territorios\":\"Regi\\u00e3o da Cidade\",\"p30_outrasorganizacoes\":\"Sim\",\"p32_campanhadelongaduracao\":\"Sim\",\"p34_municipal\":\"Municipal\",\"p34_estadual\":\"Estadual\",\"p36_conselhosdeparticipacaoecontrolesocial\":\"N\\u00e3o\",\"p38_sim\":\"Sim\",\"p40_editais\":\"Sim\",\"p41_autofinanciamento\":\"Autofinanciamento\",\"p41_financiamentocoletivo0\":\"Financiamento coletivo\",\"p42_meiodedivulgacaoproprio\":\"Sim\",\"p43_email\":\"E-mail\",\"p43_facebook\":\"Facebook\",\"p43_whatsapp\":\"WhatsApp\",\"p43_instagram\":\"Instagram\",\"p43_twitter\":\"Twitter\",\"p43_sitesblogs\":\"Blogs\\\/sites\",\"p43_radio\":\"R\\u00e1dio\",\"p43_youtube\":\"YouTube\",\"p44_radio\":\"R\\u00e1dio\",\"p44_jornaisimpressosdegrandecirculacao\":\"Jornais impressos de grande circula\\u00e7\\u00e3o\",\"p44_redessociais\":\"Redes sociais (Facebook, YouTube, Instagram etc.)\",\"p44_sitesblogs\":\"Sites ou Blogs\",\"p39_publico\":\"JUVENTUDE\",\"p45_bandeira\":\"FEMINISMOS LGBTQI ANTIRRACISMO MOVIMENTO TRABALHADORES RURAIS AGROECOLOGIA\",\"p46_hashtags\":\"#SEMFEMINISMONAOHAAGROECOLOGIA #SEMRESPEITONAOHAVIDA #SEMJUVENTUDENAOHAAGROECOLOGIA\"},{\"p1_eixo\":\"Cultura\",\"p9_tipoorganizacao\":\"Movimento Social\",\"p12_uf\":\"RN\",\"p13_cidade\":\"NATAL\",\"p16_bairro\":\"Bairro\",\"p16_cidade\":\"Cidade\",\"p17_ano\":\"2015\",\"p18_agrario\":\"Agr\\u00e1rio\\\/ruralidades\",\"p18_comunicacao\":\"Comunica\\u00e7\\u00e3o\",\"p18_difusaoartistica\":\"Difus\\u00e3o Art\\u00edstica\",\"p18_desenvolvimentoterritorial\":\"Desenvolvimento territorial\",\"p18_direitoshumanos\":\"Direitos humanos\",\"p18_educacao\":\"Educa\\u00e7\\u00e3o\",\"p18_feminismos\":\"Feminismos\",\"p18_lgbtqi\":\"LGBTQI\",\"p18_lutaantirracismo\":\"Luta antirracismo\",\"p18_povosecomunidadestradicionais\":\"Povos e comunidades tradicionais\",\"p18_trabalho\":\"Trabalho\",\"p18_violencia\":\"Viol\\u00eancia\",\"p18_politicasculturais\":\"Pol\\u00edticas Culturais\",\"p19_comunicacao\":\"Comunica\\u00e7\\u00e3o\",\"p19_direitoshumanos\":\"Direitos humanos\",\"p19_feminismos\":\"Feminismos\",\"p19_lutaantirracismo\":\"Luta antirracismo\",\"p19_violencia\":\"Viol\\u00eancia\",\"p19_difusaoartistica\":\"Difus\\u00e3o Art\\u00edstica\",\"p20_reunioes\":\"Reuni\\u00f5es\",\"p20_oficinas\":\"Oficinas\",\"p20_formacao\":\"Forma\\u00e7\\u00e3o\",\"p20_profissionalizacao\":\"Profissionaliza\\u00e7\\u00e3o\",\"p20_apresentacoesartisticas\":\"Apresenta\\u00e7\\u00f5es art\\u00edsticas\",\"p20_visitasexcursoes\":\"Visitas\\\/Excurs\\u00f5es\",\"p21_repressaopolicial\":\"Repress\\u00e3o policial\",\"p21_intoleranciareligiosa\":\"Fundamentalismo\\\/intoler\\u00e2ncia religiosa\",\"p21_machismo\":\"Machismo\",\"p21_nenhum\":\"Nenhum\",\"p22_numerodeparticipantes\":\"1  - 15\",\"p23_reunioes\":\"Reuni\\u00f5es\",\"p23_formacao\":\"Forma\\u00e7\\u00e3o\",\"p24_reunioes\":\"Reuni\\u00f5es\",\"p24_oficinas\":\"Oficinas\",\"p24_curso\":\"Curso\",\"p24_profissionalizacao\":\"Profissionaliza\\u00e7\\u00e3o\",\"p24_visitasexcursoes\":\"Visitas\\\/Excurs\\u00f5es\",\"p25_numerodepessoas\":\"60 - 80\",\"p26_numerodepessoas\":\"20 - 40\",\"p27_espacopublico\":\"Espa\\u00e7o p\\u00fablico\",\"p27_espacoproprio\":\"Espa\\u00e7o pr\\u00f3prio\",\"p28_territorios\":\"Cidade\",\"p30_outrasorganizacoes\":\"Sim\",\"p32_campanhadelongaduracao\":\"Sim\",\"p34_municipal\":\"Municipal\",\"p34_nenhuma\":\"Nenhuma\",\"p36_conselhosdeparticipacaoecontrolesocial\":\"Sim\",\"p38_sim\":\"Sim\",\"p38_nenhum\":\"Nenhum\",\"p40_editais\":\"Sim\",\"p41_autofinanciamento\":\"Autofinanciamento\",\"p41_financiamentocoletivo0\":\"Financiamento coletivo\",\"p42_meiodedivulgacaoproprio\":\"Sim\",\"p43_email\":\"E-mail\",\"p43_facebook\":\"Facebook\",\"p43_whatsapp\":\"WhatsApp\",\"p43_instagram\":\"Instagram\",\"p43_twitter\":\"Twitter\",\"p43_sitesblogs\":\"Blogs\\\/sites\",\"p43_radio\":\"R\\u00e1dio\",\"p43_youtube\":\"YouTube\",\"p44_radio\":\"R\\u00e1dio\",\"p44_jornaisimpressosdegrandecirculacao\":\"Jornais impressos de grande circula\\u00e7\\u00e3o\",\"p44_redessociais\":\"Redes sociais (Facebook, YouTube, Instagram etc.)\",\"p44_sitesblogs\":\"Sites ou Blogs\",\"p39_publico\":\"JUVENTUDE PERIF\\u00c9RICA\",\"p45_bandeira\":\"AUTONOMIA MEIOS PRODU\\u00c7\\u00c3O DEFESA DEMOCRACIA DEFESA DIREITOS HUMANOS UNIVERSALIZA\\u00c7\\u00c3O SERVI\\u00c7OS P\\u00daBLICOS EMPODERAMENTO PERIF\\u00c9RICO\",\"p46_hashtags\":\"#CRIARPRODUZIRCOMPARTILHAR #EMDEFESADADEMOCRACIA #ZNATIVA\"},{\"p1_eixo\":\"Viol\\u00eancia\",\"p9_tipoorganizacao\":\"Coletivo\",\"p12_uf\":\"BA\",\"p13_cidade\":\"FEIRA DE SANTANA\",\"p16_bairro\":\"Bairro\",\"p16_nacional\":\"Nacional\",\"p17_ano\":\"2015\",\"p18_agrario\":\"Agr\\u00e1rio\\\/ruralidades\",\"p18_comunicacao\":\"Comunica\\u00e7\\u00e3o\",\"p18_difusaoartistica\":\"Difus\\u00e3o Art\\u00edstica\",\"p18_desenvolvimentoterritorial\":\"Desenvolvimento territorial\",\"p18_direitoshumanos\":\"Direitos humanos\",\"p18_educacao\":\"Educa\\u00e7\\u00e3o\",\"p18_feminismos\":\"Feminismos\",\"p18_lgbtqi\":\"LGBTQI\",\"p18_lutaantirracismo\":\"Luta antirracismo\",\"p18_mobilidade\":\"Mobilidade\",\"p18_moradia\":\"Moradia\",\"p18_povosecomunidadestradicionais\":\"Povos e comunidades tradicionais\",\"p18_trabalho\":\"Trabalho\",\"p18_religiao\":\"Religi\\u00e3o\",\"p18_saude\":\"Sa\\u00fade\",\"p18_violencia\":\"Viol\\u00eancia\",\"p18_politicasculturais\":\"Pol\\u00edticas Culturais\",\"p19_agrario\":\"Agr\\u00e1rio\\\/ruralidades\",\"p19_comunicacao\":\"Comunica\\u00e7\\u00e3o\",\"p19_feminismos\":\"Feminismos\",\"p19_lutaantirracismo\":\"Luta antirracismo\",\"p19_violencia\":\"Viol\\u00eancia\",\"p19_politicasculturais\":\"Pol\\u00edticas Culturais\",\"p20_reunioes\":\"Reuni\\u00f5es\",\"p20_oficinas\":\"Oficinas\",\"p20_oficinasaulasartisticas\":\"Ensaios\\\/Oficinas\\\/Aulas art\\u00edsticas\",\"p20_cursos\":\"Cursos\",\"p20_apresentacoesartisticas\":\"Apresenta\\u00e7\\u00f5es art\\u00edsticas\",\"p21_machismo\":\"Machismo\",\"p21_racismo\":\"Racismo\",\"p21_lgbtqifobia\":\"LGBTIfobia\",\"p21_nenhum\":\"Nenhum\",\"p22_numerodeparticipantes\":\"1  - 15\",\"p23_reunioes\":\"Reuni\\u00f5es\",\"p23_oficinas\":\"Oficinas\",\"p23_apresentacoesartisticas\":\"Apresenta\\u00e7\\u00f5es Art\\u00edsticas\",\"p23_outros\":\"Outros\",\"p24_reunioes\":\"Reuni\\u00f5es\",\"p24_apresentacoesartisticas\":\"Apresenta\\u00e7\\u00f5es art\\u00edsticas\",\"p24_outros\":\"Outros\",\"p25_numerodepessoas\":\"1 - 20\",\"p26_numerodepessoas\":\"1 - 20\",\"p27_espacopublico\":\"Espa\\u00e7o p\\u00fablico\",\"p27_espacoproprio\":\"Espa\\u00e7o pr\\u00f3prio\",\"p28_territorios\":\"Regi\\u00e3o da Cidade\",\"p30_outrasorganizacoes\":\"Sim\",\"p32_campanhadelongaduracao\":\"N\\u00e3o\",\"p34_nenhuma\":\"Nenhuma\",\"p36_conselhosdeparticipacaoecontrolesocial\":\"N\\u00e3o\",\"p38_sim\":\"Sim\",\"p38_nenhum\":\"Nenhum\",\"p40_editais\":\"N\\u00e3o\",\"p41_privadopf\":\"Privado (P. F\\u00edsica)\",\"p41_autofinanciamento\":\"Autofinanciamento\",\"p41_financiamentocoletivo0\":\"Financiamento coletivo\",\"p42_meiodedivulgacaoproprio\":\"Sim\",\"p43_facebook\":\"Facebook\",\"p43_whatsapp\":\"WhatsApp\",\"p43_instagram\":\"Instagram\",\"p44_radio\":\"TV\",\"p44_redessociais\":\"Redes sociais (Facebook, YouTube, Instagram etc.)\",\"p44_sitesblogs\":\"Sites ou Blogs\",\"p39_publico\":\"VULNERABILIDADE MULHERES VIOL\\u00caNCIA\",\"p45_bandeira\":\"VIOL\\u00caNCIA CONTRA MULHER LUTA  ANTIRRACISMO  LGBTQI+ AJUDAR SITUA\\u00c7\\u00c3O-DE-VULNERABILIDADE\",\"p46_hashtags\":\"#NAOAVIOLENCIACONTRAAMULHER #POVONEGROVIVELUTARESISTEPERSISTE   #NINGUEMSOLTAAMAODENINGUEM\"},{\"p1_eixo\":\"Cultura\",\"p9_tipoorganizacao\":\"Coletivo\",\"p12_uf\":\"MA\",\"p13_cidade\":\"S\\u00c3O LU\\u00cdS\",\"p16_nacional\":\"Nacional\",\"p17_ano\":\"2019\",\"p16_estado\":\"Estado\",\"p18_agrario\":\"Agr\\u00e1rio\\\/ruralidades\",\"p18_comunicacao\":\"Comunica\\u00e7\\u00e3o\",\"p18_difusaoartistica\":\"Difus\\u00e3o Art\\u00edstica\",\"p18_desenvolvimentoterritorial\":\"Desenvolvimento territorial\",\"p18_direitoshumanos\":\"Direitos humanos\",\"p18_educacao\":\"Educa\\u00e7\\u00e3o\",\"p18_feminismos\":\"Feminismos\",\"p18_lgbtqi\":\"LGBTQI\",\"p18_lutaantirracismo\":\"Luta antirracismo\",\"p18_mobilidade\":\"Mobilidade\",\"p18_moradia\":\"Moradia\",\"p18_povosecomunidadestradicionais\":\"Povos e comunidades tradicionais\",\"p18_trabalho\":\"Trabalho\",\"p18_religiao\":\"Religi\\u00e3o\",\"p18_saude\":\"Sa\\u00fade\",\"p18_violencia\":\"Viol\\u00eancia\",\"p18_politicasculturais\":\"Pol\\u00edticas Culturais\",\"p19_agrario\":\"Agr\\u00e1rio\\\/ruralidades\",\"p19_comunicacao\":\"Comunica\\u00e7\\u00e3o\",\"p19_educacao\":\"Educa\\u00e7\\u00e3o\",\"p19_povosecomunidadestradicionais\":\"Povos e comunidades tradicionais\",\"p19_politicasculturais\":\"Pol\\u00edticas Culturais\",\"p20_reunioes\":\"Reuni\\u00f5es\",\"p20_oficinas\":\"Oficinas\",\"p20_oficinasaulasartisticas\":\"Ensaios\\\/Oficinas\\\/Aulas art\\u00edsticas\",\"p20_cursos\":\"Cursos\",\"p20_apresentacoesartisticas\":\"Apresenta\\u00e7\\u00f5es art\\u00edsticas\",\"p21_intoleranciareligiosa\":\"Fundamentalismo\\\/intoler\\u00e2ncia religiosa\",\"p21_machismo\":\"Machismo\",\"p21_racismo\":\"Racismo\",\"p21_lgbtqifobia\":\"LGBTIfobia\",\"p22_numerodeparticipantes\":\"1  - 15\",\"p23_reunioes\":\"Reuni\\u00f5es\",\"p23_oficinas\":\"Oficinas\",\"p23_apresentacoesartisticas\":\"Apresenta\\u00e7\\u00f5es Art\\u00edsticas\",\"p23_outros\":\"Outros\",\"p24_atendimento\":\"Atendimentos\",\"p24_apresentacoesartisticas\":\"Apresenta\\u00e7\\u00f5es art\\u00edsticas\",\"p24_outros\":\"Outros\",\"p25_numerodepessoas\":\"100 - 200\",\"p26_numerodepessoas\":\"100 - 200\",\"p27_espacoemprestadocedido\":\"Espa\\u00e7o emprestado\\\/cedido\",\"p27_espacoproprio\":\"Espa\\u00e7o pr\\u00f3prio\",\"p28_territorios\":\"Estado\",\"p30_outrasorganizacoes\":\"Sim\",\"p32_campanhadelongaduracao\":\"N\\u00e3o\",\"p34_nenhuma\":\"Nenhuma\",\"p36_conselhosdeparticipacaoecontrolesocial\":\"N\\u00e3o\",\"p38_sim\":\"Sim\",\"p40_editais\":\"N\\u00e3o\",\"p41_publicoestatal\":\"P\\u00fablico-Estatal\",\"p41_privadopf\":\"Privado (P. F\\u00edsica)\",\"p41_privadopj\":\"Privado (P. Jur\\u00eddica)\",\"p41_autofinanciamento\":\"Autofinanciamento\",\"p41_financiamentocoletivo0\":\"Financiamento coletivo\",\"p42_meiodedivulgacaoproprio\":\"Sim\",\"p43_impressoes\":\"Impressos\",\"p43_facebook\":\"Facebook\",\"p43_instagram\":\"Instagram\",\"p44_radio\":\"TV\",\"p44_redessociais\":\"Redes sociais (Facebook, YouTube, Instagram etc.)\",\"p44_sitesblogs\":\"Sites ou Blogs\",\"p39_publico\":\"ACAMPAMENTOS JUVENTUDE ESTUDANTES\",\"p45_bandeira\":\"REFORMA AGR\\u00c1RIA ALIMENTA\\u00c7\\u00c3O SAUD\\u00c1VEL EMANCIPA\\u00c7\\u00c3O MULHERES LUTA MST\",\"p46_hashtags\":\"#CULTURA #POLITICA #RESISTENCIA f\"},{\"p1_eixo\":\"Trabalho\",\"p9_tipoorganizacao\":\"Coletivo\",\"p12_uf\":\"MT\",\"p13_cidade\":\"N\\u00c3O SE APLICA\",\"p16_bairro\":\"Bairro\",\"p17_ano\":\"2008\",\"p16_estado\":\"Estado\",\"p18_agrario\":\"Agr\\u00e1rio\\\/ruralidades\",\"p18_desenvolvimentoterritorial\":\"Desenvolvimento territorial\",\"p18_direitoshumanos\":\"Direitos humanos\",\"p18_educacao\":\"Educa\\u00e7\\u00e3o\",\"p18_feminismos\":\"Feminismos\",\"p18_lutaantirracismo\":\"Luta antirracismo\",\"p18_moradia\":\"Moradia\",\"p18_povosecomunidadestradicionais\":\"Povos e comunidades tradicionais\",\"p18_trabalho\":\"Trabalho\",\"p18_religiao\":\"Religi\\u00e3o\",\"p18_violencia\":\"Viol\\u00eancia\",\"p18_politicasculturais\":\"Pol\\u00edticas Culturais\",\"p19_agrario\":\"Agr\\u00e1rio\\\/ruralidades\",\"p19_direitoshumanos\":\"Direitos humanos\",\"p19_educacao\":\"Educa\\u00e7\\u00e3o\",\"p19_feminismos\":\"Feminismos\",\"p19_povosecomunidadestradicionais\":\"Povos e comunidades tradicionais\",\"p19_violencia\":\"Viol\\u00eancia\",\"p20_reunioes\":\"Reuni\\u00f5es\",\"p20_oficinas\":\"Oficinas\",\"p20_oficinasaulasartisticas\":\"Ensaios\\\/Oficinas\\\/Aulas art\\u00edsticas\",\"p20_formacao\":\"Forma\\u00e7\\u00e3o\",\"p20_visitasexcursoes\":\"Visitas\\\/Excurs\\u00f5es\",\"p21_intoleranciareligiosa\":\"Fundamentalismo\\\/intoler\\u00e2ncia religiosa\",\"p21_machismo\":\"Machismo\",\"p21_racismo\":\"Racismo\",\"p21_lgbtqifobia\":\"LGBTIfobia\",\"p22_numerodeparticipantes\":\"45 - 60\",\"p23_reunioes\":\"Reuni\\u00f5es\",\"p23_oficinas\":\"Oficinas\",\"p23_formacao\":\"Forma\\u00e7\\u00e3o\",\"p23_outros\":\"Outros\",\"p24_atendimento\":\"Atendimentos\",\"p24_visitasexcursoes\":\"Visitas\\\/Excurs\\u00f5es\",\"p24_outros\":\"Outros\",\"p25_numerodepessoas\":\"Mais de 500\",\"p26_numerodepessoas\":\"40 - 60\",\"p27_espacoemprestadocedido\":\"Espa\\u00e7o emprestado\\\/cedido\",\"p27_espacoproprio\":\"Espa\\u00e7o pr\\u00f3prio\",\"p28_territorios\":\"Estado\",\"p30_outrasorganizacoes\":\"Sim\",\"p32_campanhadelongaduracao\":\"N\\u00e3o\",\"p34_estadual\":\"Estadual\",\"p34_nenhuma\":\"Nenhuma\",\"p36_conselhosdeparticipacaoecontrolesocial\":\"N\\u00e3o\",\"p38_sim\":\"Sim\",\"p40_editais\":\"Sim\",\"p41_publicoestatal\":\"P\\u00fablico-Estatal\",\"p41_privadopj\":\"Privado (P. Jur\\u00eddica)\",\"p41_autofinanciamento\":\"Autofinanciamento\",\"p42_meiodedivulgacaoproprio\":\"Sim\",\"p43_impressoes\":\"Impressos\",\"p43_facebook\":\"Facebook\",\"p43_whatsapp\":\"WhatsApp\",\"p44_radio\":\"TV\",\"p44_redessociais\":\"Redes sociais (Facebook, YouTube, Instagram etc.)\",\"p44_sitesblogs\":\"Sites ou Blogs\",\"p39_publico\":\"PROFESSORES\",\"p45_bandeira\":\"LUTA PERMAN\\u00caNCIA PROJETO EDUCA\\u00c7\\u00c3O TERRA\",\"p46_hashtags\":\"#LUTAPELATERRA #LUTAPELAPERMANENCIANATERRA #SABERESTRADICIONAISECOLETIVOS\"},{\"p1_eixo\":\"Trabalho\",\"p9_tipoorganizacao\":\"Associa\\u00e7\\u00e3o\",\"p12_uf\":\"CE\",\"p13_cidade\":\"FORTALEZA\",\"p16_bairro\":\"Bairro\",\"p17_ano\":\"1998\",\"p18_comunicacao\":\"Comunica\\u00e7\\u00e3o\",\"p18_difusaoartistica\":\"Difus\\u00e3o Art\\u00edstica\",\"p18_desenvolvimentoterritorial\":\"Desenvolvimento territorial\",\"p18_direitoshumanos\":\"Direitos humanos\",\"p18_educacao\":\"Educa\\u00e7\\u00e3o\",\"p18_feminismos\":\"Feminismos\",\"p18_lgbtqi\":\"LGBTQI\",\"p18_lutaantirracismo\":\"Luta antirracismo\",\"p18_mobilidade\":\"Mobilidade\",\"p18_moradia\":\"Moradia\",\"p18_povosecomunidadestradicionais\":\"Povos e comunidades tradicionais\",\"p18_trabalho\":\"Trabalho\",\"p18_religiao\":\"Religi\\u00e3o\",\"p18_saude\":\"Sa\\u00fade\",\"p18_violencia\":\"Viol\\u00eancia\",\"p18_politicasculturais\":\"Pol\\u00edticas Culturais\",\"p19_direitoshumanos\":\"Direitos humanos\",\"p19_feminismos\":\"Feminismos\",\"p19_violencia\":\"Viol\\u00eancia\",\"p19_politicasculturais\":\"Pol\\u00edticas Culturais\",\"p20_reunioes\":\"Reuni\\u00f5es\",\"p20_atendimento\":\"Atendimento\",\"p20_oficinas\":\"Oficinas\",\"p20_oficinasaulasartisticas\":\"Ensaios\\\/Oficinas\\\/Aulas art\\u00edsticas\",\"p20_formacao\":\"Forma\\u00e7\\u00e3o\",\"p20_apresentacoesartisticas\":\"Apresenta\\u00e7\\u00f5es art\\u00edsticas\",\"p20_visitasexcursoes\":\"Visitas\\\/Excurs\\u00f5es\",\"p21_machismo\":\"Machismo\",\"p21_racismo\":\"Racismo\",\"p21_lgbtqifobia\":\"LGBTIfobia\",\"p22_numerodeparticipantes\":\"30 - 45\",\"p23_reunioes\":\"Reuni\\u00f5es\",\"p23_oficinas\":\"Oficinas\",\"p23_cursos\":\"Cursos\",\"p23_formacao\":\"Forma\\u00e7\\u00e3o\",\"p23_apresentacoesartisticas\":\"Apresenta\\u00e7\\u00f5es Art\\u00edsticas\",\"p24_reunioes\":\"Reuni\\u00f5es\",\"p24_visitasexcursoes\":\"Visitas\\\/Excurs\\u00f5es\",\"p25_numerodepessoas\":\"20 - 40\",\"p26_numerodepessoas\":\"40 - 60\",\"p27_espacopublico\":\"Espa\\u00e7o p\\u00fablico\",\"p27_espacoemprestadocedido\":\"Espa\\u00e7o emprestado\\\/cedido\",\"p27_espacoproprio\":\"Espa\\u00e7o pr\\u00f3prio\",\"p28_territorios\":\"Pr\\u00f3prio bairro\",\"p30_outrasorganizacoes\":\"Sim\",\"p32_campanhadelongaduracao\":\"N\\u00e3o\",\"p34_estadual\":\"Estadual\",\"p34_nenhuma\":\"Nenhuma\",\"p36_conselhosdeparticipacaoecontrolesocial\":\"N\\u00e3o\",\"p38_sim\":\"Sim\",\"p40_editais\":\"Sim\",\"p41_autofinanciamento\":\"Autofinanciamento\",\"p41_financiamentocoletivo0\":\"Financiamento coletivo\",\"p42_meiodedivulgacaoproprio\":\"Sim\",\"p43_email\":\"E-mail\",\"p43_facebook\":\"Facebook\",\"p43_whatsapp\":\"WhatsApp\",\"p44_redessociais\":\"Redes sociais (Facebook, YouTube, Instagram etc.)\",\"p39_publico\":\"MULHERES\",\"p45_bandeira\":\"FEMINISMO DIREITOS HUMANOS ANTIRRACISMO CONTRALGBTFOBIA ANTICAPITALISTA\",\"p46_hashtags\":\"#PELAVIDADASMULHERES #MULHERESCONTRAOFASCISMO #PELASOBERANIADOSPOVOS\"},{\"p1_eixo\":\"Cultura\",\"p9_tipoorganizacao\":\"Associa\\u00e7\\u00e3o\",\"p12_uf\":\"PR\",\"p13_cidade\":\"CURITIBA\",\"p16_bairro\":\"Bairro\",\"p17_ano\":\"2015\",\"p18_comunicacao\":\"Comunica\\u00e7\\u00e3o\",\"p18_difusaoartistica\":\"Difus\\u00e3o Art\\u00edstica\",\"p18_desenvolvimentoterritorial\":\"Desenvolvimento territorial\",\"p18_direitoshumanos\":\"Direitos humanos\",\"p18_educacao\":\"Educa\\u00e7\\u00e3o\",\"p18_feminismos\":\"Feminismos\",\"p18_lgbtqi\":\"LGBTQI\",\"p18_lutaantirracismo\":\"Luta antirracismo\",\"p18_mobilidade\":\"Mobilidade\",\"p18_moradia\":\"Moradia\",\"p18_trabalho\":\"Trabalho\",\"p18_religiao\":\"Religi\\u00e3o\",\"p18_saude\":\"Sa\\u00fade\",\"p18_violencia\":\"Viol\\u00eancia\",\"p18_politicasculturais\":\"Pol\\u00edticas Culturais\",\"p19_comunicacao\":\"Comunica\\u00e7\\u00e3o\",\"p19_desenvolvimentoterritorial\":\"Desenvolvimento territorial\",\"p19_direitoshumanos\":\"Direitos humanos\",\"p19_feminismos\":\"Feminismos\",\"p19_politicasculturais\":\"Pol\\u00edticas Culturais\",\"p20_reunioes\":\"Reuni\\u00f5es\",\"p20_atendimento\":\"Atendimento\",\"p20_oficinas\":\"Oficinas\",\"p20_apresentacoesartisticas\":\"Apresenta\\u00e7\\u00f5es art\\u00edsticas\",\"p20_visitasexcursoes\":\"Visitas\\\/Excurs\\u00f5es\",\"p21_repressaopolicial\":\"Repress\\u00e3o policial\",\"p21_machismo\":\"Machismo\",\"p21_racismo\":\"Racismo\",\"p22_numerodeparticipantes\":\"1  - 15\",\"p23_reunioes\":\"Reuni\\u00f5es\",\"p23_oficinas\":\"Oficinas\",\"p23_cursos\":\"Cursos\",\"p23_apresentacoesartisticas\":\"Apresenta\\u00e7\\u00f5es Art\\u00edsticas\",\"p23_outros\":\"Outros\",\"p24_reunioes\":\"Reuni\\u00f5es\",\"p24_oficinas\":\"Oficinas\",\"p24_outros\":\"Outros\",\"p25_numerodepessoas\":\"20 - 40\",\"p26_numerodepessoas\":\"1 - 20\",\"p27_espacopublico\":\"Espa\\u00e7o p\\u00fablico\",\"p27_espacoemprestadocedido\":\"Espa\\u00e7o emprestado\\\/cedido\",\"p27_virtual\":\"Virtual\",\"p27_ocupacao\":\"Ocupa\\u00e7\\u00e3o\",\"p28_territorios\":\"Pr\\u00f3prio bairro\",\"p30_outrasorganizacoes\":\"Sim\",\"p32_campanhadelongaduracao\":\"N\\u00e3o\",\"p34_estadual\":\"Estadual\",\"p34_nenhuma\":\"Nenhuma\",\"p36_conselhosdeparticipacaoecontrolesocial\":\"N\\u00e3o\",\"p38_sim\":\"Sim\",\"p38_nenhum\":\"Nenhum\",\"p40_editais\":\"N\\u00e3o\",\"p41_autofinanciamento\":\"Autofinanciamento\",\"p41_financiamentocoletivo0\":\"Financiamento coletivo\",\"p42_meiodedivulgacaoproprio\":\"Sim\",\"p43_email\":\"E-mail\",\"p43_facebook\":\"Facebook\",\"p43_whatsapp\":\"WhatsApp\",\"p43_instagram\":\"Instagram\",\"p43_youtube\":\"YouTube\",\"p44_redessociais\":\"Redes sociais (Facebook, YouTube, Instagram etc.)\",\"p39_publico\":\"VULNERABILIDADES CRIAN\\u00c7AS IDOSOS MULHERES PESSOAS-EM-SITUA\\u00c7\\u00c3O-DE-RUA\",\"p45_bandeira\":\"DIREITOS HUMANOS\",\"p46_hashtags\":\"#USINADEIDEIASPELAFAVELA  #UDIRESISTENCIA #FAVELARESISTE\"},{\"p1_eixo\":\"Cultura\",\"p9_tipoorganizacao\":\"Coletivo\",\"p12_uf\":\"ES\",\"p13_cidade\":\"VIT\\u00d3RIA\",\"p16_bairro\":\"Bairro\",\"p17_ano\":\"2009\",\"p18_comunicacao\":\"Comunica\\u00e7\\u00e3o\",\"p18_desenvolvimentoterritorial\":\"Desenvolvimento territorial\",\"p18_direitoshumanos\":\"Direitos humanos\",\"p18_educacao\":\"Educa\\u00e7\\u00e3o\",\"p18_moradia\":\"Moradia\",\"p18_trabalho\":\"Trabalho\",\"p18_saude\":\"Sa\\u00fade\",\"p18_politicasculturais\":\"Pol\\u00edticas Culturais\",\"p19_comunicacao\":\"Comunica\\u00e7\\u00e3o\",\"p19_desenvolvimentoterritorial\":\"Desenvolvimento territorial\",\"p19_moradia\":\"Moradia\",\"p19_trabalho\":\"Trabalho\",\"p19_politicasculturais\":\"Pol\\u00edticas Culturais\",\"p20_reunioes\":\"Reuni\\u00f5es\",\"p20_atendimento\":\"Atendimento\",\"p20_oficinas\":\"Oficinas\",\"p20_formacao\":\"Forma\\u00e7\\u00e3o\",\"p21_repressaopolicial\":\"Repress\\u00e3o policial\",\"p21_racismo\":\"Racismo\",\"p22_numerodeparticipantes\":\"1  - 15\",\"p23_reunioes\":\"Reuni\\u00f5es\",\"p23_oficinas\":\"Oficinas\",\"p23_formacao\":\"Forma\\u00e7\\u00e3o\",\"p23_visitas\":\"Visitas\",\"p23_outros\":\"Outros\",\"p24_oficinas\":\"Oficinas\",\"p24_curso\":\"Curso\",\"p24_profissionalizacao\":\"Profissionaliza\\u00e7\\u00e3o\",\"p24_outros\":\"Outros\",\"p25_numerodepessoas\":\"40 - 60\",\"p26_numerodepessoas\":\"20 - 40\",\"p27_espacopublico\":\"Espa\\u00e7o p\\u00fablico\",\"p27_espacoemprestadocedido\":\"Espa\\u00e7o emprestado\\\/cedido\",\"p27_virtual\":\"Virtual\",\"p27_ocupacao\":\"Ocupa\\u00e7\\u00e3o\",\"p28_territorios\":\"Cidade\",\"p30_outrasorganizacoes\":\"Sim\",\"p32_campanhadelongaduracao\":\"N\\u00e3o\",\"p34_municipal\":\"Municipal\",\"p34_estadual\":\"Estadual\",\"p34_nacional\":\"Nacional\",\"p36_conselhosdeparticipacaoecontrolesocial\":\"Sim\",\"p38_sim\":\"Sim\",\"p38_nenhum\":\"Nenhum\",\"p40_editais\":\"Sim\",\"p41_autofinanciamento\":\"Autofinanciamento\",\"p42_meiodedivulgacaoproprio\":\"Sim\",\"p43_email\":\"E-mail\",\"p43_facebook\":\"Facebook\",\"p43_whatsapp\":\"WhatsApp\",\"p43_instagram\":\"Instagram\",\"p43_radio\":\"R\\u00e1dio\",\"p43_youtube\":\"YouTube\",\"p44_radio\":\"R\\u00e1dio\",\"p44_redessociais\":\"Redes sociais (Facebook, YouTube, Instagram etc.)\",\"p39_publico\":\"ADOLESCENTES JOVENS ADULTOS\",\"p45_bandeira\":\"DESENVOLVIMENTO COMUNIT\\u00c1RIO EDUCA\\u00c7\\u00c3O POL\\u00cdTICAS P\\u00daBLICA\",\"p46_hashtags\":\"#FAVELAEPOTENCIA #VIELLAFILMS #TERRITORIODOBEM\"},{\"p1_eixo\":\"Trabalho\",\"p9_tipoorganizacao\":\"Movimento Social\",\"p12_uf\":\"CE\",\"p13_cidade\":\"JUAZEIRO DO NORTE\",\"p16_bairro\":\"Bairro\",\"p17_ano\":\"2018\",\"p16_estado\":\"Estado\",\"p18_desenvolvimentoterritorial\":\"Desenvolvimento territorial\",\"p18_direitoshumanos\":\"Direitos humanos\",\"p18_educacao\":\"Educa\\u00e7\\u00e3o\",\"p18_feminismos\":\"Feminismos\",\"p18_lgbtqi\":\"LGBTQI\",\"p18_lutaantirracismo\":\"Luta antirracismo\",\"p18_moradia\":\"Moradia\",\"p18_povosecomunidadestradicionais\":\"Povos e comunidades tradicionais\",\"p18_trabalho\":\"Trabalho\",\"p18_religiao\":\"Religi\\u00e3o\",\"p18_saude\":\"Sa\\u00fade\",\"p18_politicasculturais\":\"Pol\\u00edticas Culturais\",\"p19_desenvolvimentoterritorial\":\"Desenvolvimento territorial\",\"p19_educacao\":\"Educa\\u00e7\\u00e3o\",\"p19_lgbtqi\":\"LGBTQI\",\"p19_moradia\":\"Moradia\",\"p19_trabalho\":\"Trabalho\",\"p19_religiao\":\"Religi\\u00e3o\",\"p20_cursos\":\"Cursos\",\"p20_formacao\":\"Forma\\u00e7\\u00e3o\",\"p21_repressaopolicial\":\"Repress\\u00e3o policial\",\"p21_lgbtqifobia\":\"LGBTIfobia\",\"p22_numerodeparticipantes\":\"15 - 30\",\"p23_reunioes\":\"Reuni\\u00f5es\",\"p23_cursos\":\"Cursos\",\"p23_formacao\":\"Forma\\u00e7\\u00e3o\",\"p23_visitas\":\"Visitas\",\"p24_reunioes\":\"Reuni\\u00f5es\",\"p24_curso\":\"Curso\",\"p24_profissionalizacao\":\"Profissionaliza\\u00e7\\u00e3o\",\"p25_numerodepessoas\":\"20 - 40\",\"p26_numerodepessoas\":\"80 - 100\",\"p27_espacopublico\":\"Espa\\u00e7o p\\u00fablico\",\"p27_espacoemprestadocedido\":\"Espa\\u00e7o emprestado\\\/cedido\",\"p27_espacoproprio\":\"Espa\\u00e7o pr\\u00f3prio\",\"p27_virtual\":\"Virtual\",\"p28_territorios\":\"Regi\\u00e3o da Cidade\",\"p30_outrasorganizacoes\":\"Sim\",\"p32_campanhadelongaduracao\":\"Sim\",\"p34_municipal\":\"Municipal\",\"p34_estadual\":\"Estadual\",\"p34_nacional\":\"Nacional\",\"p34_nenhuma\":\"Nenhuma\",\"p36_conselhosdeparticipacaoecontrolesocial\":\"N\\u00e3o\",\"p38_sim\":\"Sim\",\"p40_editais\":\"Sim\",\"p41_autofinanciamento\":\"Autofinanciamento\",\"p41_financiamentocoletivo0\":\"Financiamento coletivo\",\"p42_meiodedivulgacaoproprio\":\"Sim\",\"p43_facebook\":\"Facebook\",\"p43_whatsapp\":\"WhatsApp\",\"p43_instagram\":\"Instagram\",\"p43_radio\":\"R\\u00e1dio\",\"p44_radio\":\"R\\u00e1dio\",\"p44_redessociais\":\"Redes sociais (Facebook, YouTube, Instagram etc.)\",\"p39_publico\":\"POPULA\\u00c7\\u00c3O NEGRA LGBTQIA+ IND\\u00cdGENAS\",\"p45_bandeira\":\"TRABALHO SA\\u00daDE RENDA MORADIA TRABALHADORA TRABALHADOR URBANO\",\"p46_hashtags\":\"#LUTAPORDIREITOS #DIREITODETRABALHAR #MORADIAPOPULAR\"},{\"p1_eixo\":\"Cultura\",\"p9_tipoorganizacao\":\"Coletivo\",\"p12_uf\":\"MA\",\"p13_cidade\":\"S\\u00c3O LU\\u00cdS\",\"p17_ano\":\"2019\",\"p16_estado\":\"Estado\",\"p18_agrario\":\"Agr\\u00e1rio\\\/ruralidades\",\"p18_desenvolvimentoterritorial\":\"Desenvolvimento territorial\",\"p18_direitoshumanos\":\"Direitos humanos\",\"p18_educacao\":\"Educa\\u00e7\\u00e3o\",\"p18_feminismos\":\"Feminismos\",\"p18_lgbtqi\":\"LGBTQI\",\"p18_lutaantirracismo\":\"Luta antirracismo\",\"p18_povosecomunidadestradicionais\":\"Povos e comunidades tradicionais\",\"p18_trabalho\":\"Trabalho\",\"p18_religiao\":\"Religi\\u00e3o\",\"p18_politicasculturais\":\"Pol\\u00edticas Culturais\",\"p19_agrario\":\"Agr\\u00e1rio\\\/ruralidades\",\"p19_desenvolvimentoterritorial\":\"Desenvolvimento territorial\",\"p19_educacao\":\"Educa\\u00e7\\u00e3o\",\"p19_lgbtqi\":\"LGBTQI\",\"p19_religiao\":\"Religi\\u00e3o\",\"p19_politicasculturais\":\"Pol\\u00edticas Culturais\",\"p20_reunioes\":\"Reuni\\u00f5es\",\"p20_atendimento\":\"Atendimento\",\"p20_cursos\":\"Cursos\",\"p20_formacao\":\"Forma\\u00e7\\u00e3o\",\"p20_visitasexcursoes\":\"Visitas\\\/Excurs\\u00f5es\",\"p21_racismo\":\"Racismo\",\"p21_lgbtqifobia\":\"LGBTIfobia\",\"p22_numerodeparticipantes\":\"1  - 15\",\"p23_cursos\":\"Cursos\",\"p24_reunioes\":\"Reuni\\u00f5es\",\"p24_formacao\":\"Forma\\u00e7\\u00e3o\",\"p25_numerodepessoas\":\"1 - 20\",\"p26_numerodepessoas\":\"1 - 20\",\"p27_espacopublico\":\"Espa\\u00e7o p\\u00fablico\",\"p27_espacoproprio\":\"Espa\\u00e7o pr\\u00f3prio\",\"p27_virtual\":\"Virtual\",\"p28_territorios\":\"Estado\",\"p30_outrasorganizacoes\":\"N\\u00e3o\",\"p32_campanhadelongaduracao\":\"N\\u00e3o\",\"p34_municipal\":\"Municipal\",\"p34_nenhuma\":\"Nenhuma\",\"p36_conselhosdeparticipacaoecontrolesocial\":\"N\\u00e3o\",\"p38_sim\":\"Sim\",\"p40_editais\":\"N\\u00e3o\",\"p41_publicoestatal\":\"P\\u00fablico-Estatal\",\"p41_financiamentocoletivo0\":\"Financiamento coletivo\",\"p42_meiodedivulgacaoproprio\":\"Sim\",\"p43_email\":\"E-mail\",\"p43_facebook\":\"Facebook\",\"p43_whatsapp\":\"WhatsApp\",\"p43_radio\":\"R\\u00e1dio\",\"p44_radio\":\"R\\u00e1dio\",\"p44_redessociais\":\"Redes sociais (Facebook, YouTube, Instagram etc.)\",\"p39_publico\":\"MINORIAS\",\"p45_bandeira\":\"LUTA MENOS FAVORECIDOS\",\"p46_hashtags\":\"#PELODIREITOTODOS #NAOAVIOLENCIASEXUALINFANTIL #NAOAOFEMINICIDIO\"},{\"p1_eixo\":\"Cultura\",\"p9_tipoorganizacao\":\"Cooperativa\",\"p12_uf\":\"BA\",\"p13_cidade\":\"\\u00c1GUA FRIA\",\"p16_bairro\":\"Bairro\",\"p17_ano\":\"2011\",\"p16_estado\":\"Estado\",\"p18_agrario\":\"Agr\\u00e1rio\\\/ruralidades\",\"p18_comunicacao\":\"Comunica\\u00e7\\u00e3o\",\"p18_desenvolvimentoterritorial\":\"Desenvolvimento territorial\",\"p18_direitoshumanos\":\"Direitos humanos\",\"p18_educacao\":\"Educa\\u00e7\\u00e3o\",\"p18_lgbtqi\":\"LGBTQI\",\"p18_moradia\":\"Moradia\",\"p18_povosecomunidadestradicionais\":\"Povos e comunidades tradicionais\",\"p18_trabalho\":\"Trabalho\",\"p18_saude\":\"Sa\\u00fade\",\"p18_politicasculturais\":\"Pol\\u00edticas Culturais\",\"p19_agrario\":\"Agr\\u00e1rio\\\/ruralidades\",\"p19_desenvolvimentoterritorial\":\"Desenvolvimento territorial\",\"p19_direitoshumanos\":\"Direitos humanos\",\"p19_feminismos\":\"Feminismos\",\"p19_moradia\":\"Moradia\",\"p19_politicasculturais\":\"Pol\\u00edticas Culturais\",\"p20_reunioes\":\"Reuni\\u00f5es\",\"p20_atendimento\":\"Atendimento\",\"p20_oficinas\":\"Oficinas\",\"p20_cursos\":\"Cursos\",\"p20_formacao\":\"Forma\\u00e7\\u00e3o\",\"p20_visitasexcursoes\":\"Visitas\\\/Excurs\\u00f5es\",\"p21_repressaopolicial\":\"Repress\\u00e3o policial\",\"p21_racismo\":\"Racismo\",\"p21_enfrentamentocomgruposprivadosarmados\":\"Enfrentamento com grupos privados armados\",\"p22_numerodeparticipantes\":\"15 - 30\",\"p23_reunioes\":\"Reuni\\u00f5es\",\"p23_oficinas\":\"Oficinas\",\"p23_cursos\":\"Cursos\",\"p23_formacao\":\"Forma\\u00e7\\u00e3o\",\"p23_outros\":\"Outros\",\"p24_reunioes\":\"Reuni\\u00f5es\",\"p24_oficinas\":\"Oficinas\",\"p24_formacao\":\"Forma\\u00e7\\u00e3o\",\"p25_numerodepessoas\":\"40 - 60\",\"p26_numerodepessoas\":\"40 - 60\",\"p27_espacopublico\":\"Espa\\u00e7o p\\u00fablico\",\"p27_espacoemprestadocedido\":\"Espa\\u00e7o emprestado\\\/cedido\",\"p27_espacoproprio\":\"Espa\\u00e7o pr\\u00f3prio\",\"p28_territorios\":\"Regi\\u00e3o da Cidade\",\"p30_outrasorganizacoes\":\"Sim\",\"p32_campanhadelongaduracao\":\"Sim\",\"p34_municipal\":\"Municipal\",\"p34_nacional\":\"Nacional\",\"p36_conselhosdeparticipacaoecontrolesocial\":\"Sim\",\"p38_sim\":\"Sim\",\"p40_editais\":\"Sim\",\"p41_publicoestatal\":\"P\\u00fablico-Estatal\",\"p41_financiamentocoletivo0\":\"Financiamento coletivo\",\"p42_meiodedivulgacaoproprio\":\"Sim\",\"p43_email\":\"E-mail\",\"p43_facebook\":\"Facebook\",\"p43_whatsapp\":\"WhatsApp\",\"p43_instagram\":\"Instagram\",\"p43_radio\":\"R\\u00e1dio\",\"p44_radio\":\"R\\u00e1dio\",\"p44_redessociais\":\"Redes sociais (Facebook, YouTube, Instagram etc.)\",\"p39_publico\":\"AGRICULTORES FAMILIARES ASSENTADOS REFORMA-AGR\\u00c1RIA QUILOMBOLAS\",\"p45_bandeira\":\"JUVENTUDE RURAL MULHERES NEGRAS\",\"p46_hashtags\":\"#JUVENTUDERURAL #MULHERESRURAIS #AGRICULTURAFAMILIAR\"},{\"p1_eixo\":\"Cultura\",\"p9_tipoorganizacao\":\"Movimento Social\",\"p12_uf\":\"AM\",\"p13_cidade\":\"MANAUS\",\"p16_bairro\":\"Bairro\",\"p17_ano\":\"1993\",\"p18_agrario\":\"Agr\\u00e1rio\\\/ruralidades\",\"p18_comunicacao\":\"Comunica\\u00e7\\u00e3o\",\"p18_direitoshumanos\":\"Direitos humanos\",\"p18_educacao\":\"Educa\\u00e7\\u00e3o\",\"p18_lgbtqi\":\"LGBTQI\",\"p18_moradia\":\"Moradia\",\"p18_religiao\":\"Religi\\u00e3o\",\"p18_saude\":\"Sa\\u00fade\",\"p18_politicasculturais\":\"Pol\\u00edticas Culturais\",\"p19_direitoshumanos\":\"Direitos humanos\",\"p19_feminismos\":\"Feminismos\",\"p19_lgbtqi\":\"LGBTQI\",\"p19_moradia\":\"Moradia\",\"p19_religiao\":\"Religi\\u00e3o\",\"p20_reunioes\":\"Reuni\\u00f5es\",\"p20_oficinas\":\"Oficinas\",\"p20_formacao\":\"Forma\\u00e7\\u00e3o\",\"p21_repressaopolicial\":\"Repress\\u00e3o policial\",\"p21_enfrentamentocomgruposprivadosarmados\":\"Enfrentamento com grupos privados armados\",\"p21_nenhum\":\"Nenhum\",\"p22_numerodeparticipantes\":\"75 - 90\",\"p23_reunioes\":\"Reuni\\u00f5es\",\"p23_oficinas\":\"Oficinas\",\"p23_formacao\":\"Forma\\u00e7\\u00e3o\",\"p23_outros\":\"Outros\",\"p24_reunioes\":\"Reuni\\u00f5es\",\"p24_oficinas\":\"Oficinas\",\"p24_formacao\":\"Forma\\u00e7\\u00e3o\",\"p25_numerodepessoas\":\"40 - 60\",\"p26_numerodepessoas\":\"1 - 20\",\"p27_espacopublico\":\"Espa\\u00e7o p\\u00fablico\",\"p27_espacoemprestadocedido\":\"Espa\\u00e7o emprestado\\\/cedido\",\"p27_espacoproprio\":\"Espa\\u00e7o pr\\u00f3prio\",\"p28_territorios\":\"Estado\",\"p30_outrasorganizacoes\":\"Sim\",\"p32_campanhadelongaduracao\":\"Sim\",\"p34_nacional\":\"Nacional\",\"p34_nenhuma\":\"Nenhuma\",\"p36_conselhosdeparticipacaoecontrolesocial\":\"Sim\",\"p38_sim\":\"Sim\",\"p40_editais\":\"Sim\",\"p41_autofinanciamento\":\"Autofinanciamento\",\"p41_financiamentocoletivo0\":\"Financiamento coletivo\",\"p42_meiodedivulgacaoproprio\":\"Sim\",\"p43_email\":\"E-mail\",\"p43_facebook\":\"Facebook\",\"p43_whatsapp\":\"WhatsApp\",\"p43_instagram\":\"Instagram\",\"p44_redessociais\":\"Redes sociais (Facebook, YouTube, Instagram etc.)\",\"p39_publico\":\"MILITANTES MOVIMENTOS POPULARES SOCIAIS\",\"p45_bandeira\":\"POLITICA P\\u00daBLICA PARTICIPA\\u00c7\\u00c3O POPULAR\",\"p46_hashtags\":\"#POLITICASPUBLICASCOMPARTICIPACAOPOPULAR #MORADIA #JUVENTUDEEMULHERES\"},{\"p1_eixo\":\"Viol\\u00eancia\",\"p9_tipoorganizacao\":\"Coletivo\",\"p12_uf\":\"AC\",\"p13_cidade\":\"RIO BRANCO\",\"p16_bairro\":\"Bairro\",\"p16_nacional\":\"Nacional\",\"p17_ano\":\"1999\",\"p18_difusaoartistica\":\"Difus\\u00e3o Art\\u00edstica\",\"p18_educacao\":\"Educa\\u00e7\\u00e3o\",\"p18_lgbtqi\":\"LGBTQI\",\"p18_lutaantirracismo\":\"Luta antirracismo\",\"p18_religiao\":\"Religi\\u00e3o\",\"p18_saude\":\"Sa\\u00fade\",\"p18_politicasculturais\":\"Pol\\u00edticas Culturais\",\"p19_direitoshumanos\":\"Direitos humanos\",\"p19_lgbtqi\":\"LGBTQI\",\"p19_lutaantirracismo\":\"Luta antirracismo\",\"p19_religiao\":\"Religi\\u00e3o\",\"p19_difusaoartistica\":\"Difus\\u00e3o Art\\u00edstica\",\"p19_politicasculturais\":\"Pol\\u00edticas Culturais\",\"p20_reunioes\":\"Reuni\\u00f5es\",\"p20_formacao\":\"Forma\\u00e7\\u00e3o\",\"p21_repressaopolicial\":\"Repress\\u00e3o policial\",\"p21_racismo\":\"Racismo\",\"p21_nenhum\":\"Nenhum\",\"p22_numerodeparticipantes\":\"15 - 30\",\"p23_reunioes\":\"Reuni\\u00f5es\",\"p23_apresentacoesartisticas\":\"Apresenta\\u00e7\\u00f5es Art\\u00edsticas\",\"p24_reunioes\":\"Reuni\\u00f5es\",\"p24_formacao\":\"Forma\\u00e7\\u00e3o\",\"p25_numerodepessoas\":\"20 - 40\",\"p26_numerodepessoas\":\"40 - 60\",\"p27_espacopublico\":\"Espa\\u00e7o p\\u00fablico\",\"p27_espacoproprio\":\"Espa\\u00e7o pr\\u00f3prio\",\"p28_territorios\":\"Regi\\u00e3o da Cidade\",\"p30_outrasorganizacoes\":\"N\\u00e3o\",\"p32_campanhadelongaduracao\":\"N\\u00e3o\",\"p34_nenhuma\":\"Nenhuma\",\"p36_conselhosdeparticipacaoecontrolesocial\":\"N\\u00e3o\",\"p38_sim\":\"Sim\",\"p40_editais\":\"N\\u00e3o\",\"p41_autofinanciamento\":\"Autofinanciamento\",\"p41_financiamentocoletivo0\":\"Financiamento coletivo\",\"p42_meiodedivulgacaoproprio\":\"Sim\",\"p43_facebook\":\"Facebook\",\"p43_instagram\":\"Instagram\",\"p43_twitter\":\"Twitter\",\"p43_youtube\":\"YouTube\",\"p44_redessociais\":\"Redes sociais (Facebook, YouTube, Instagram etc.)\",\"p39_publico\":\"TODOS\",\"p45_bandeira\":\"LUTA  RELIGIOSA ANTIRRACISMO\",\"p46_hashtags\":\"#DIGANAOAINTOLERANCIARELIGIOSA #NAOAHOMOFOBIA #MAISJOVENS\"},{\"p1_eixo\":\"Cultura\",\"p9_tipoorganizacao\":\"Movimento Social\",\"p12_uf\":\"RJ\",\"p13_cidade\":\"MARIC\\u00c1\",\"p16_nacional\":\"Nacional\",\"p16_internacional\":\"Internacional\",\"p17_ano\":\"2017\",\"p18_comunicacao\":\"Comunica\\u00e7\\u00e3o\",\"p18_difusaoartistica\":\"Difus\\u00e3o Art\\u00edstica\",\"p18_direitoshumanos\":\"Direitos humanos\",\"p18_educacao\":\"Educa\\u00e7\\u00e3o\",\"p18_feminismos\":\"Feminismos\",\"p18_lgbtqi\":\"LGBTQI\",\"p18_lutaantirracismo\":\"Luta antirracismo\",\"p18_moradia\":\"Moradia\",\"p18_povosecomunidadestradicionais\":\"Povos e comunidades tradicionais\",\"p18_trabalho\":\"Trabalho\",\"p18_religiao\":\"Religi\\u00e3o\",\"p18_violencia\":\"Viol\\u00eancia\",\"p18_politicasculturais\":\"Pol\\u00edticas Culturais\",\"p19_feminismos\":\"Feminismos\",\"p19_lutaantirracismo\":\"Luta antirracismo\",\"p19_difusaoartistica\":\"Difus\\u00e3o Art\\u00edstica\",\"p19_politicasculturais\":\"Pol\\u00edticas Culturais\",\"p20_reunioes\":\"Reuni\\u00f5es\",\"p20_atendimento\":\"Atendimento\",\"p20_oficinas\":\"Oficinas\",\"p20_oficinasaulasartisticas\":\"Ensaios\\\/Oficinas\\\/Aulas art\\u00edsticas\",\"p20_cursos\":\"Cursos\",\"p20_formacao\":\"Forma\\u00e7\\u00e3o\",\"p20_profissionalizacao\":\"Profissionaliza\\u00e7\\u00e3o\",\"p20_apresentacoesartisticas\":\"Apresenta\\u00e7\\u00f5es art\\u00edsticas\",\"p20_visitasexcursoes\":\"Visitas\\\/Excurs\\u00f5es\",\"p21_repressaopolicial\":\"Repress\\u00e3o policial\",\"p21_intoleranciareligiosa\":\"Fundamentalismo\\\/intoler\\u00e2ncia religiosa\",\"p21_racismo\":\"Racismo\",\"p22_numerodeparticipantes\":\"30 - 45\",\"p23_reunioes\":\"Reuni\\u00f5es\",\"p23_atendimento\":\"Atendimento\",\"p23_oficinas\":\"Oficinas\",\"p23_oficinasaulasartisticas\":\"Ensaio\\\/Oficinas\\\/Aulas Art\\u00edsticas\",\"p23_cursos\":\"Cursos\",\"p23_formacao\":\"Forma\\u00e7\\u00e3o\",\"p23_profissionalizacao\":\"Profissionaliza\\u00e7\\u00e3o\",\"p23_apresentacoesartisticas\":\"Apresenta\\u00e7\\u00f5es Art\\u00edsticas\",\"p23_visitas\":\"Visitas\",\"p24_atendimento\":\"Atendimentos\",\"p24_oficinasaulasartisticas\":\"Ensaios\\\/Oficinas\\\/Aulas art\\u00edsticas\",\"p24_curso\":\"Curso\",\"p24_formacao\":\"Forma\\u00e7\\u00e3o\",\"p24_profissionalizacao\":\"Profissionaliza\\u00e7\\u00e3o\",\"p24_apresentacoesartisticas\":\"Apresenta\\u00e7\\u00f5es art\\u00edsticas\",\"p25_numerodepessoas\":\"20 - 40\",\"p26_numerodepessoas\":\"1 - 20\",\"p27_espacopublico\":\"Espa\\u00e7o p\\u00fablico\",\"p27_espacoemprestadocedido\":\"Espa\\u00e7o emprestado\\\/cedido\",\"p27_virtual\":\"Virtual\",\"p28_territorios\":\"Cidade\",\"p30_outrasorganizacoes\":\"Sim\",\"p32_campanhadelongaduracao\":\"N\\u00e3o\",\"p34_nacional\":\"Nacional\",\"p34_nenhuma\":\"Nenhuma\",\"p36_conselhosdeparticipacaoecontrolesocial\":\"Sim\",\"p38_sim\":\"Sim\",\"p40_editais\":\"N\\u00e3o\",\"p41_autofinanciamento\":\"Autofinanciamento\",\"p41_financiamentocoletivo0\":\"Financiamento coletivo\",\"p42_meiodedivulgacaoproprio\":\"Sim\",\"p43_impressoes\":\"Impressos\",\"p43_email\":\"E-mail\",\"p43_facebook\":\"Facebook\",\"p43_whatsapp\":\"WhatsApp\",\"p43_instagram\":\"Instagram\",\"p43_twitter\":\"Twitter\",\"p43_youtube\":\"YouTube\",\"p44_redessociais\":\"Redes sociais (Facebook, YouTube, Instagram etc.)\",\"p39_publico\":\"JOVENS PRETOS FAVELADOS\",\"p45_bandeira\":\"POLITICA CULTURAL\",\"p46_hashtags\":\"#FOGONOSRACISTAS #CULTURA\"},{\"p1_eixo\":\"Cultura\",\"p9_tipoorganizacao\":\"Associa\\u00e7\\u00e3o\",\"p12_uf\":\"RS\",\"p13_cidade\":\"SANTA MARIA\",\"p16_nacional\":\"Nacional\",\"p16_internacional\":\"Internacional\",\"p17_ano\":\"2014\",\"p18_agrario\":\"Agr\\u00e1rio\\\/ruralidades\",\"p18_comunicacao\":\"Comunica\\u00e7\\u00e3o\",\"p18_difusaoartistica\":\"Difus\\u00e3o Art\\u00edstica\",\"p18_desenvolvimentoterritorial\":\"Desenvolvimento territorial\",\"p18_direitoshumanos\":\"Direitos humanos\",\"p18_educacao\":\"Educa\\u00e7\\u00e3o\",\"p18_feminismos\":\"Feminismos\",\"p18_lgbtqi\":\"LGBTQI\",\"p18_lutaantirracismo\":\"Luta antirracismo\",\"p18_mobilidade\":\"Mobilidade\",\"p18_moradia\":\"Moradia\",\"p18_povosecomunidadestradicionais\":\"Povos e comunidades tradicionais\",\"p18_trabalho\":\"Trabalho\",\"p18_religiao\":\"Religi\\u00e3o\",\"p18_saude\":\"Sa\\u00fade\",\"p18_violencia\":\"Viol\\u00eancia\",\"p18_politicasculturais\":\"Pol\\u00edticas Culturais\",\"p19_desenvolvimentoterritorial\":\"Desenvolvimento territorial\",\"p19_direitoshumanos\":\"Direitos humanos\",\"p19_feminismos\":\"Feminismos\",\"p19_lutaantirracismo\":\"Luta antirracismo\",\"p19_moradia\":\"Moradia\",\"p19_politicasculturais\":\"Pol\\u00edticas Culturais\",\"p20_reunioes\":\"Reuni\\u00f5es\",\"p20_atendimento\":\"Atendimento\",\"p20_oficinas\":\"Oficinas\",\"p20_oficinasaulasartisticas\":\"Ensaios\\\/Oficinas\\\/Aulas art\\u00edsticas\",\"p20_cursos\":\"Cursos\",\"p20_formacao\":\"Forma\\u00e7\\u00e3o\",\"p20_profissionalizacao\":\"Profissionaliza\\u00e7\\u00e3o\",\"p20_apresentacoesartisticas\":\"Apresenta\\u00e7\\u00f5es art\\u00edsticas\",\"p20_visitasexcursoes\":\"Visitas\\\/Excurs\\u00f5es\",\"p21_repressaopolicial\":\"Repress\\u00e3o policial\",\"p21_intoleranciareligiosa\":\"Fundamentalismo\\\/intoler\\u00e2ncia religiosa\",\"p21_racismo\":\"Racismo\",\"p21_enfrentamentocomgruposprivadosarmados\":\"Enfrentamento com grupos privados armados\",\"p22_numerodeparticipantes\":\"15 - 30\",\"p23_reunioes\":\"Reuni\\u00f5es\",\"p23_atendimento\":\"Atendimento\",\"p23_oficinas\":\"Oficinas\",\"p23_oficinasaulasartisticas\":\"Ensaio\\\/Oficinas\\\/Aulas Art\\u00edsticas\",\"p23_cursos\":\"Cursos\",\"p23_formacao\":\"Forma\\u00e7\\u00e3o\",\"p23_profissionalizacao\":\"Profissionaliza\\u00e7\\u00e3o\",\"p23_apresentacoesartisticas\":\"Apresenta\\u00e7\\u00f5es Art\\u00edsticas\",\"p23_visitas\":\"Visitas\",\"p23_excursoes\":\"Excurs\\u00f5es\",\"p24_reunioes\":\"Reuni\\u00f5es\",\"p24_atendimento\":\"Atendimentos\",\"p24_oficinasaulasartisticas\":\"Ensaios\\\/Oficinas\\\/Aulas art\\u00edsticas\",\"p24_curso\":\"Curso\",\"p24_formacao\":\"Forma\\u00e7\\u00e3o\",\"p24_profissionalizacao\":\"Profissionaliza\\u00e7\\u00e3o\",\"p24_apresentacoesartisticas\":\"Apresenta\\u00e7\\u00f5es art\\u00edsticas\",\"p24_visitasexcursoes\":\"Visitas\\\/Excurs\\u00f5es\",\"p24_outros\":\"Outros\",\"p25_numerodepessoas\":\"40 - 60\",\"p26_numerodepessoas\":\"Mais de 500\",\"p27_espacopublico\":\"Espa\\u00e7o p\\u00fablico\",\"p27_espacoemprestadocedido\":\"Espa\\u00e7o emprestado\\\/cedido\",\"p27_virtual\":\"Virtual\",\"p27_ocupacao\":\"Ocupa\\u00e7\\u00e3o\",\"p28_territorios\":\"Atua\\u00e7\\u00e3o Nacional\",\"p30_outrasorganizacoes\":\"Sim\",\"p32_campanhadelongaduracao\":\"Sim\",\"p34_estadual\":\"Estadual\",\"p34_nacional\":\"Nacional\",\"p36_conselhosdeparticipacaoecontrolesocial\":\"Sim\",\"p38_sim\":\"Sim\",\"p40_editais\":\"Sim\",\"p41_autofinanciamento\":\"Autofinanciamento\",\"p42_meiodedivulgacaoproprio\":\"Sim\",\"p43_impressoes\":\"Impressos\",\"p43_email\":\"E-mail\",\"p43_facebook\":\"Facebook\",\"p43_whatsapp\":\"WhatsApp\",\"p44_redessociais\":\"Redes sociais (Facebook, YouTube, Instagram etc.)\",\"p44_sitesblogs\":\"Sites ou Blogs\",\"p39_publico\":\"POPULA\\u00c7\\u00c3O NEGRA PERIF\\u00c9RICA\",\"p45_bandeira\":\" ANTIRRACISMO  CONTRA  CONTRA  RELIGIOSA CONTRALGBTFOBIA POR JUVENTUDE PRETA VIVA\",\"p46_hashtags\":\"#PRETASNOPODER #PODERAOPOVOPRETO #OBIRINFEMININAMODANEGRA\"},{\"p1_eixo\":\"Cultura\",\"p9_tipoorganizacao\":\"Movimento Social\",\"p12_uf\":\"AM\",\"p13_cidade\":\"MANAUS\",\"p16_cidade\":\"Cidade\",\"p16_nacional\":\"Nacional\",\"p17_ano\":\"1990\",\"p18_agrario\":\"Agr\\u00e1rio\\\/ruralidades\",\"p18_desenvolvimentoterritorial\":\"Desenvolvimento territorial\",\"p18_direitoshumanos\":\"Direitos humanos\",\"p18_feminismos\":\"Feminismos\",\"p18_mobilidade\":\"Mobilidade\",\"p18_moradia\":\"Moradia\",\"p18_povosecomunidadestradicionais\":\"Povos e comunidades tradicionais\",\"p18_trabalho\":\"Trabalho\",\"p18_saude\":\"Sa\\u00fade\",\"p18_politicasculturais\":\"Pol\\u00edticas Culturais\",\"p19_desenvolvimentoterritorial\":\"Desenvolvimento territorial\",\"p19_direitoshumanos\":\"Direitos humanos\",\"p19_moradia\":\"Moradia\",\"p19_violencia\":\"Viol\\u00eancia\",\"p19_politicasculturais\":\"Pol\\u00edticas Culturais\",\"p20_reunioes\":\"Reuni\\u00f5es\",\"p20_oficinas\":\"Oficinas\",\"p20_cursos\":\"Cursos\",\"p20_formacao\":\"Forma\\u00e7\\u00e3o\",\"p20_profissionalizacao\":\"Profissionaliza\\u00e7\\u00e3o\",\"p20_apresentacoesartisticas\":\"Apresenta\\u00e7\\u00f5es art\\u00edsticas\",\"p20_visitasexcursoes\":\"Visitas\\\/Excurs\\u00f5es\",\"p21_repressaopolicial\":\"Repress\\u00e3o policial\",\"p21_enfrentamentocomgruposprivadosarmados\":\"Enfrentamento com grupos privados armados\",\"p21_nenhum\":\"Nenhum\",\"p22_numerodeparticipantes\":\"Mais de 90\",\"p23_reunioes\":\"Reuni\\u00f5es\",\"p23_atendimento\":\"Atendimento\",\"p23_oficinas\":\"Oficinas\",\"p23_oficinasaulasartisticas\":\"Ensaio\\\/Oficinas\\\/Aulas Art\\u00edsticas\",\"p23_cursos\":\"Cursos\",\"p23_formacao\":\"Forma\\u00e7\\u00e3o\",\"p23_profissionalizacao\":\"Profissionaliza\\u00e7\\u00e3o\",\"p23_apresentacoesartisticas\":\"Apresenta\\u00e7\\u00f5es Art\\u00edsticas\",\"p23_visitas\":\"Visitas\",\"p23_excursoes\":\"Excurs\\u00f5es\",\"p24_reunioes\":\"Reuni\\u00f5es\",\"p24_oficinasaulasartisticas\":\"Ensaios\\\/Oficinas\\\/Aulas art\\u00edsticas\",\"p24_apresentacoesartisticas\":\"Apresenta\\u00e7\\u00f5es art\\u00edsticas\",\"p24_visitasexcursoes\":\"Visitas\\\/Excurs\\u00f5es\",\"p24_outros\":\"Outros\",\"p25_numerodepessoas\":\"40 - 60\",\"p26_numerodepessoas\":\"Mais de 500\",\"p27_espacopublico\":\"Espa\\u00e7o p\\u00fablico\",\"p27_espacoemprestadocedido\":\"Espa\\u00e7o emprestado\\\/cedido\",\"p27_ocupacao\":\"Ocupa\\u00e7\\u00e3o\",\"p28_territorios\":\"Atua\\u00e7\\u00e3o Nacional\",\"p30_outrasorganizacoes\":\"Sim\",\"p32_campanhadelongaduracao\":\"Sim\",\"p34_estadual\":\"Estadual\",\"p34_nacional\":\"Nacional\",\"p34_nenhuma\":\"Nenhuma\",\"p36_conselhosdeparticipacaoecontrolesocial\":\"Sim\",\"p38_sim\":\"Sim\",\"p40_editais\":\"Sim\",\"p41_autofinanciamento\":\"Autofinanciamento\",\"p42_meiodedivulgacaoproprio\":\"Sim\",\"p43_email\":\"E-mail\",\"p43_facebook\":\"Facebook\",\"p43_whatsapp\":\"WhatsApp\",\"p43_instagram\":\"Instagram\",\"p43_sitesblogs\":\"Blogs\\\/sites\",\"p44_radio\":\"TV\",\"p44_jornaisimpressosdegrandecirculacao\":\"Jornais impressos de grande circula\\u00e7\\u00e3o\",\"p44_redessociais\":\"Redes sociais (Facebook, YouTube, Instagram etc.)\",\"p44_sitesblogs\":\"Sites ou Blogs\",\"p39_publico\":\"FAM\\u00cdLIAS SEM-TETO FAIXA 1\",\"p45_bandeira\":\"TERRITORIALIDADE DIREITO MORADIA DIREITO CIDADE CONTROLE-SOCIAL POLITICA CIDADES\",\"p46_hashtags\":\"#DIREITOAMORADIA #REFORMAURBANA #FNRU\"},{\"p1_eixo\":\"Cultura\",\"p9_tipoorganizacao\":\"ONG\",\"p12_uf\":\"BA\",\"p13_cidade\":\"TEIXEIRA DE FREITAS\",\"p16_cidade\":\"Cidade\",\"p16_nacional\":\"Nacional\",\"p17_ano\":\"2012\",\"p18_difusaoartistica\":\"Difus\\u00e3o Art\\u00edstica\",\"p18_desenvolvimentoterritorial\":\"Desenvolvimento territorial\",\"p18_direitoshumanos\":\"Direitos humanos\",\"p18_educacao\":\"Educa\\u00e7\\u00e3o\",\"p18_feminismos\":\"Feminismos\",\"p18_lgbtqi\":\"LGBTQI\",\"p18_lutaantirracismo\":\"Luta antirracismo\",\"p18_povosecomunidadestradicionais\":\"Povos e comunidades tradicionais\",\"p18_trabalho\":\"Trabalho\",\"p18_religiao\":\"Religi\\u00e3o\",\"p18_violencia\":\"Viol\\u00eancia\",\"p18_politicasculturais\":\"Pol\\u00edticas Culturais\",\"p19_desenvolvimentoterritorial\":\"Desenvolvimento territorial\",\"p19_lutaantirracismo\":\"Luta antirracismo\",\"p19_povosecomunidadestradicionais\":\"Povos e comunidades tradicionais\",\"p19_religiao\":\"Religi\\u00e3o\",\"p19_violencia\":\"Viol\\u00eancia\",\"p19_politicasculturais\":\"Pol\\u00edticas Culturais\",\"p20_reunioes\":\"Reuni\\u00f5es\",\"p20_atendimento\":\"Atendimento\",\"p20_oficinas\":\"Oficinas\",\"p20_cursos\":\"Cursos\",\"p20_formacao\":\"Forma\\u00e7\\u00e3o\",\"p20_apresentacoesartisticas\":\"Apresenta\\u00e7\\u00f5es art\\u00edsticas\",\"p21_intoleranciareligiosa\":\"Fundamentalismo\\\/intoler\\u00e2ncia religiosa\",\"p21_racismo\":\"Racismo\",\"p21_nenhum\":\"Nenhum\",\"p22_numerodeparticipantes\":\"15 - 30\",\"p23_reunioes\":\"Reuni\\u00f5es\",\"p23_atendimento\":\"Atendimento\",\"p23_oficinasaulasartisticas\":\"Ensaio\\\/Oficinas\\\/Aulas Art\\u00edsticas\",\"p23_cursos\":\"Cursos\",\"p23_formacao\":\"Forma\\u00e7\\u00e3o\",\"p23_apresentacoesartisticas\":\"Apresenta\\u00e7\\u00f5es Art\\u00edsticas\",\"p23_outros\":\"Outros\",\"p24_reunioes\":\"Reuni\\u00f5es\",\"p24_atendimento\":\"Atendimentos\",\"p24_oficinasaulasartisticas\":\"Ensaios\\\/Oficinas\\\/Aulas art\\u00edsticas\",\"p24_apresentacoesartisticas\":\"Apresenta\\u00e7\\u00f5es art\\u00edsticas\",\"p25_numerodepessoas\":\"20 - 40\",\"p26_numerodepessoas\":\"40 - 60\",\"p27_espacopublico\":\"Espa\\u00e7o p\\u00fablico\",\"p27_espacoemprestadocedido\":\"Espa\\u00e7o emprestado\\\/cedido\",\"p27_espacoproprio\":\"Espa\\u00e7o pr\\u00f3prio\",\"p28_territorios\":\"Cidade\",\"p30_outrasorganizacoes\":\"Sim\",\"p32_campanhadelongaduracao\":\"N\\u00e3o\",\"p34_nacional\":\"Nacional\",\"p34_nenhuma\":\"Nenhuma\",\"p36_conselhosdeparticipacaoecontrolesocial\":\"Sim\",\"p38_sim\":\"Sim\",\"p40_editais\":\"N\\u00e3o\",\"p41_autofinanciamento\":\"Autofinanciamento\",\"p42_meiodedivulgacaoproprio\":\"Sim\",\"p43_email\":\"E-mail\",\"p43_facebook\":\"Facebook\",\"p43_whatsapp\":\"WhatsApp\",\"p43_instagram\":\"Instagram\",\"p43_sitesblogs\":\"Blogs\\\/sites\",\"p44_radio\":\"TV\",\"p44_jornaisimpressosdegrandecirculacao\":\"Jornais impressos de grande circula\\u00e7\\u00e3o\",\"p44_redessociais\":\"Redes sociais (Facebook, YouTube, Instagram etc.)\",\"p44_sitesblogs\":\"Sites ou Blogs\",\"p39_publico\":\"CRIAN\\u00c7AS ADOLESCENTES JOVENS\",\"p45_bandeira\":\"PROMOVER-IGUALDADE-SOCIAL PODER TRANSFORMA\\u00c7\\u00c3O ARTE CULTURA MOVIMENTO\",\"p46_hashtags\":\"#ARTE #CULTURA #RESISTENCIA\"},{\"p1_eixo\":\"Cultura\",\"p9_tipoorganizacao\":\"Movimento Social\",\"p12_uf\":\"SE\",\"p13_cidade\":\"ARACAJU\",\"p16_bairro\":\"Bairro\",\"p16_nacional\":\"Nacional\",\"p17_ano\":\"2009\",\"p18_difusaoartistica\":\"Difus\\u00e3o Art\\u00edstica\",\"p18_direitoshumanos\":\"Direitos humanos\",\"p18_educacao\":\"Educa\\u00e7\\u00e3o\",\"p18_feminismos\":\"Feminismos\",\"p18_lgbtqi\":\"LGBTQI\",\"p18_lutaantirracismo\":\"Luta antirracismo\",\"p18_povosecomunidadestradicionais\":\"Povos e comunidades tradicionais\",\"p18_trabalho\":\"Trabalho\",\"p18_religiao\":\"Religi\\u00e3o\",\"p18_violencia\":\"Viol\\u00eancia\",\"p18_politicasculturais\":\"Pol\\u00edticas Culturais\",\"p19_lutaantirracismo\":\"Luta antirracismo\",\"p19_povosecomunidadestradicionais\":\"Povos e comunidades tradicionais\",\"p19_religiao\":\"Religi\\u00e3o\",\"p19_politicasculturais\":\"Pol\\u00edticas Culturais\",\"p20_reunioes\":\"Reuni\\u00f5es\",\"p20_atendimento\":\"Atendimento\",\"p20_oficinas\":\"Oficinas\",\"p20_formacao\":\"Forma\\u00e7\\u00e3o\",\"p20_apresentacoesartisticas\":\"Apresenta\\u00e7\\u00f5es art\\u00edsticas\",\"p21_intoleranciareligiosa\":\"Fundamentalismo\\\/intoler\\u00e2ncia religiosa\",\"p21_racismo\":\"Racismo\",\"p22_numerodeparticipantes\":\"15 - 30\",\"p23_reunioes\":\"Reuni\\u00f5es\",\"p23_atendimento\":\"Atendimento\",\"p23_visitas\":\"Visitas\",\"p23_outros\":\"Outros\",\"p24_reunioes\":\"Reuni\\u00f5es\",\"p24_atendimento\":\"Atendimentos\",\"p24_visitasexcursoes\":\"Visitas\\\/Excurs\\u00f5es\",\"p25_numerodepessoas\":\"20 - 40\",\"p26_numerodepessoas\":\"100 - 200\",\"p27_espacoemprestadocedido\":\"Espa\\u00e7o emprestado\\\/cedido\",\"p27_espacoproprio\":\"Espa\\u00e7o pr\\u00f3prio\",\"p28_territorios\":\"Cidade\",\"p30_outrasorganizacoes\":\"Sim\",\"p32_campanhadelongaduracao\":\"N\\u00e3o\",\"p34_municipal\":\"Municipal\",\"p34_estadual\":\"Estadual\",\"p34_nacional\":\"Nacional\",\"p36_conselhosdeparticipacaoecontrolesocial\":\"Sim\",\"p38_sim\":\"Sim\",\"p40_editais\":\"Sim\",\"p41_autofinanciamento\":\"Autofinanciamento\",\"p42_meiodedivulgacaoproprio\":\"Sim\",\"p43_email\":\"E-mail\",\"p43_facebook\":\"Facebook\",\"p43_whatsapp\":\"WhatsApp\",\"p43_instagram\":\"Instagram\",\"p44_jornaisimpressosdebairro\":\"Jornais impressos de bairro\",\"p44_redessociais\":\"Redes sociais (Facebook, YouTube, Instagram etc.)\",\"p39_publico\":\"TODOS\",\"p45_bandeira\":\"ANTIRRACISTA  RELIGIOSA\",\"p46_hashtags\":\"#VIDASNEGRASIMPORTAM #NAOAINTOLERANCIARELIGIOSA\"},{\"p1_eixo\":\"Cultura\",\"p9_tipoorganizacao\":\"ONG\",\"p12_uf\":\"MG\",\"p13_cidade\":\"ESMERALDAS\",\"p16_bairro\":\"Bairro\",\"p17_ano\":\"2019\",\"p16_estado\":\"Estado\",\"p18_direitoshumanos\":\"Direitos humanos\",\"p18_educacao\":\"Educa\\u00e7\\u00e3o\",\"p18_feminismos\":\"Feminismos\",\"p18_lgbtqi\":\"LGBTQI\",\"p18_lutaantirracismo\":\"Luta antirracismo\",\"p18_povosecomunidadestradicionais\":\"Povos e comunidades tradicionais\",\"p18_saude\":\"Sa\\u00fade\",\"p18_violencia\":\"Viol\\u00eancia\",\"p18_politicasculturais\":\"Pol\\u00edticas Culturais\",\"p19_direitoshumanos\":\"Direitos humanos\",\"p19_lutaantirracismo\":\"Luta antirracismo\",\"p19_religiao\":\"Religi\\u00e3o\",\"p19_saude\":\"Sa\\u00fade\",\"p19_politicasculturais\":\"Pol\\u00edticas Culturais\",\"p20_reunioes\":\"Reuni\\u00f5es\",\"p20_atendimento\":\"Atendimento\",\"p20_oficinas\":\"Oficinas\",\"p20_oficinasaulasartisticas\":\"Ensaios\\\/Oficinas\\\/Aulas art\\u00edsticas\",\"p20_cursos\":\"Cursos\",\"p20_formacao\":\"Forma\\u00e7\\u00e3o\",\"p20_apresentacoesartisticas\":\"Apresenta\\u00e7\\u00f5es art\\u00edsticas\",\"p21_repressaopolicial\":\"Repress\\u00e3o policial\",\"p21_intoleranciareligiosa\":\"Fundamentalismo\\\/intoler\\u00e2ncia religiosa\",\"p21_racismo\":\"Racismo\",\"p22_numerodeparticipantes\":\"Mais de 90\",\"p23_reunioes\":\"Reuni\\u00f5es\",\"p23_atendimento\":\"Atendimento\",\"p23_oficinas\":\"Oficinas\",\"p23_formacao\":\"Forma\\u00e7\\u00e3o\",\"p23_visitas\":\"Visitas\",\"p24_reunioes\":\"Reuni\\u00f5es\",\"p24_atendimento\":\"Atendimentos\",\"p24_oficinasaulasartisticas\":\"Ensaios\\\/Oficinas\\\/Aulas art\\u00edsticas\",\"p24_curso\":\"Curso\",\"p24_apresentacoesartisticas\":\"Apresenta\\u00e7\\u00f5es art\\u00edsticas\",\"p24_visitasexcursoes\":\"Visitas\\\/Excurs\\u00f5es\",\"p25_numerodepessoas\":\"80 - 100\",\"p26_numerodepessoas\":\"80 - 100\",\"p27_espacopublico\":\"Espa\\u00e7o p\\u00fablico\",\"p27_espacoemprestadocedido\":\"Espa\\u00e7o emprestado\\\/cedido\",\"p27_ocupacao\":\"Ocupa\\u00e7\\u00e3o\",\"p28_territorios\":\"Regi\\u00e3o da Cidade\",\"p30_outrasorganizacoes\":\"Sim\",\"p32_campanhadelongaduracao\":\"Sim\",\"p34_municipal\":\"Municipal\",\"p34_estadual\":\"Estadual\",\"p34_nacional\":\"Nacional\",\"p36_conselhosdeparticipacaoecontrolesocial\":\"Sim\",\"p38_sim\":\"Sim\",\"p40_editais\":\"Sim\",\"p41_autofinanciamento\":\"Autofinanciamento\",\"p42_meiodedivulgacaoproprio\":\"Sim\",\"p43_email\":\"E-mail\",\"p43_facebook\":\"Facebook\",\"p43_whatsapp\":\"WhatsApp\",\"p43_instagram\":\"Instagram\",\"p44_jornaisimpressosdebairro\":\"Jornais impressos de bairro\",\"p44_redessociais\":\"Redes sociais (Facebook, YouTube, Instagram etc.)\",\"p39_publico\":\"RELIGI\\u00d5ES MATRIZ AFRICANA\",\"p45_bandeira\":\" ANTIRRACISMO  RELIGIOSO\",\"p46_hashtags\":\"#SANCOFA  #N\\u00c3OCALARAMNOSSOSTAMBORES  #MINHARELIGIAOALIMENTA\"},{\"p1_eixo\":\"Cultura\",\"p9_tipoorganizacao\":\"Coletivo\",\"p12_uf\":\"AL\",\"p13_cidade\":\"MACEI\\u00d3\",\"p16_cidade\":\"Cidade\",\"p17_ano\":\"2013\",\"p16_estado\":\"Estado\",\"p18_direitoshumanos\":\"Direitos humanos\",\"p18_educacao\":\"Educa\\u00e7\\u00e3o\",\"p18_feminismos\":\"Feminismos\",\"p18_lgbtqi\":\"LGBTQI\",\"p18_lutaantirracismo\":\"Luta antirracismo\",\"p18_saude\":\"Sa\\u00fade\",\"p18_violencia\":\"Viol\\u00eancia\",\"p18_politicasculturais\":\"Pol\\u00edticas Culturais\",\"p19_direitoshumanos\":\"Direitos humanos\",\"p19_educacao\":\"Educa\\u00e7\\u00e3o\",\"p19_lutaantirracismo\":\"Luta antirracismo\",\"p19_mobilidade\":\"Mobilidade\",\"p19_saude\":\"Sa\\u00fade\",\"p20_reunioes\":\"Reuni\\u00f5es\",\"p20_atendimento\":\"Atendimento\",\"p20_oficinas\":\"Oficinas\",\"p20_oficinasaulasartisticas\":\"Ensaios\\\/Oficinas\\\/Aulas art\\u00edsticas\",\"p20_cursos\":\"Cursos\",\"p20_formacao\":\"Forma\\u00e7\\u00e3o\",\"p20_apresentacoesartisticas\":\"Apresenta\\u00e7\\u00f5es art\\u00edsticas\",\"p21_repressaopolicial\":\"Repress\\u00e3o policial\",\"p21_intoleranciareligiosa\":\"Fundamentalismo\\\/intoler\\u00e2ncia religiosa\",\"p22_numerodeparticipantes\":\"15 - 30\",\"p23_reunioes\":\"Reuni\\u00f5es\",\"p23_atendimento\":\"Atendimento\",\"p23_oficinas\":\"Oficinas\",\"p23_formacao\":\"Forma\\u00e7\\u00e3o\",\"p24_reunioes\":\"Reuni\\u00f5es\",\"p24_oficinasaulasartisticas\":\"Ensaios\\\/Oficinas\\\/Aulas art\\u00edsticas\",\"p24_curso\":\"Curso\",\"p24_apresentacoesartisticas\":\"Apresenta\\u00e7\\u00f5es art\\u00edsticas\",\"p25_numerodepessoas\":\"40 - 60\",\"p26_numerodepessoas\":\"20 - 40\",\"p27_espacopublico\":\"Espa\\u00e7o p\\u00fablico\",\"p27_espacoemprestadocedido\":\"Espa\\u00e7o emprestado\\\/cedido\",\"p27_ocupacao\":\"Ocupa\\u00e7\\u00e3o\",\"p28_territorios\":\"Cidade\",\"p30_outrasorganizacoes\":\"Sim\",\"p32_campanhadelongaduracao\":\"Sim\",\"p34_estadual\":\"Estadual\",\"p34_nacional\":\"Nacional\",\"p36_conselhosdeparticipacaoecontrolesocial\":\"Sim\",\"p38_sim\":\"Sim\",\"p40_editais\":\"N\\u00e3o\",\"p41_autofinanciamento\":\"Autofinanciamento\",\"p42_meiodedivulgacaoproprio\":\"Sim\",\"p43_email\":\"E-mail\",\"p43_facebook\":\"Facebook\",\"p43_whatsapp\":\"WhatsApp\",\"p43_instagram\":\"Instagram\",\"p44_redessociais\":\"Redes sociais (Facebook, YouTube, Instagram etc.)\",\"p39_publico\":\"JOVENS ABUSIVO SUBST\\u00c2NCIAS PSICOTR\\u00d3PICAS USU\\u00c1RIOS VULNERABILIDADE SOCIAL\",\"p45_bandeira\":\"SA\\u00daDE MENTAL CONTRA EXTERM\\u00cdNIO ENCARCERAMENTO JUVENTUDE PERIFERIA CUIDADO ATEN\\u00c7\\u00c3O B\\u00c1SICA USUARIOS-DROGAS DESENCARCERAMENTO FEMININO PROMOVIDO POLITICA CONSCIENTIZA\\u00c7\\u00c3O RISCOS CUIDADOS REALIZAR SUBST\\u00c2NCIAS PSICOTR\\u00d3PICAS\",\"p46_hashtags\":\"#AUTONOMIA #VIDA #CUIDADO\"},{\"p1_eixo\":\"Viol\\u00eancia\",\"p9_tipoorganizacao\":\"Associa\\u00e7\\u00e3o\",\"p12_uf\":\"SC\",\"p13_cidade\":\"FLORIAN\\u00d3POLIS\",\"p16_cidade\":\"Cidade\",\"p17_ano\":\"1990\",\"p16_estado\":\"Estado\",\"p18_direitoshumanos\":\"Direitos humanos\",\"p18_lgbtqi\":\"LGBTQI\",\"p18_lutaantirracismo\":\"Luta antirracismo\",\"p18_politicasculturais\":\"Pol\\u00edticas Culturais\",\"p19_educacao\":\"Educa\\u00e7\\u00e3o\",\"p19_lgbtqi\":\"LGBTQI\",\"p19_mobilidade\":\"Mobilidade\",\"p19_saude\":\"Sa\\u00fade\",\"p19_difusaoartistica\":\"Difus\\u00e3o Art\\u00edstica\",\"p19_politicasculturais\":\"Pol\\u00edticas Culturais\",\"p20_reunioes\":\"Reuni\\u00f5es\",\"p20_oficinas\":\"Oficinas\",\"p20_oficinasaulasartisticas\":\"Ensaios\\\/Oficinas\\\/Aulas art\\u00edsticas\",\"p20_apresentacoesartisticas\":\"Apresenta\\u00e7\\u00f5es art\\u00edsticas\",\"p21_repressaopolicial\":\"Repress\\u00e3o policial\",\"p21_nenhum\":\"Nenhum\",\"p22_numerodeparticipantes\":\"1  - 15\",\"p23_reunioes\":\"Reuni\\u00f5es\",\"p23_atendimento\":\"Atendimento\",\"p23_oficinas\":\"Oficinas\",\"p23_oficinasaulasartisticas\":\"Ensaio\\\/Oficinas\\\/Aulas Art\\u00edsticas\",\"p23_formacao\":\"Forma\\u00e7\\u00e3o\",\"p23_apresentacoesartisticas\":\"Apresenta\\u00e7\\u00f5es Art\\u00edsticas\",\"p24_reunioes\":\"Reuni\\u00f5es\",\"p24_oficinas\":\"Oficinas\",\"p24_oficinasaulasartisticas\":\"Ensaios\\\/Oficinas\\\/Aulas art\\u00edsticas\",\"p24_apresentacoesartisticas\":\"Apresenta\\u00e7\\u00f5es art\\u00edsticas\",\"p25_numerodepessoas\":\"20 - 40\",\"p26_numerodepessoas\":\"60 - 80\",\"p27_espacoemprestadocedido\":\"Espa\\u00e7o emprestado\\\/cedido\",\"p27_espacoproprio\":\"Espa\\u00e7o pr\\u00f3prio\",\"p28_territorios\":\"Cidade\",\"p30_outrasorganizacoes\":\"Sim\",\"p32_campanhadelongaduracao\":\"N\\u00e3o\",\"p34_estadual\":\"Estadual\",\"p34_nenhuma\":\"Nenhuma\",\"p36_conselhosdeparticipacaoecontrolesocial\":\"Sim\",\"p38_sim\":\"Sim\",\"p40_editais\":\"N\\u00e3o\",\"p41_autofinanciamento\":\"Autofinanciamento\",\"p42_meiodedivulgacaoproprio\":\"Sim\",\"p43_email\":\"E-mail\",\"p43_facebook\":\"Facebook\",\"p43_whatsapp\":\"WhatsApp\",\"p43_instagram\":\"Instagram\",\"p44_radio\":\"R\\u00e1dio\",\"p44_redessociais\":\"Redes sociais (Facebook, YouTube, Instagram etc.)\",\"p39_publico\":\"ASSOCIA\\u00c7\\u00d5ES MORADORES\",\"p45_bandeira\":\"POL\\u00cdTICAS P\\u00daBLICAS COMUNIDADES\",\"p46_hashtags\":\"#ORGANIZACAOCOMUNITARIA #EDUCACAO #SAUDE\"},{\"p1_eixo\":\"Cultura\",\"p9_tipoorganizacao\":\"Coletivo Art\\u00edstico\",\"p12_uf\":\"BA\",\"p13_cidade\":\"CRUZ DAS ALMAS\",\"p17_ano\":\"1983\",\"p16_estado\":\"Estado\",\"p18_lgbtqi\":\"LGBTQI\",\"p18_lutaantirracismo\":\"Luta antirracismo\",\"p18_povosecomunidadestradicionais\":\"Povos e comunidades tradicionais\",\"p18_religiao\":\"Religi\\u00e3o\",\"p18_politicasculturais\":\"Pol\\u00edticas Culturais\",\"p19_lgbtqi\":\"LGBTQI\",\"p19_lutaantirracismo\":\"Luta antirracismo\",\"p19_povosecomunidadestradicionais\":\"Povos e comunidades tradicionais\",\"p19_religiao\":\"Religi\\u00e3o\",\"p19_difusaoartistica\":\"Difus\\u00e3o Art\\u00edstica\",\"p19_politicasculturais\":\"Pol\\u00edticas Culturais\",\"p20_reunioes\":\"Reuni\\u00f5es\",\"p20_atendimento\":\"Atendimento\",\"p20_oficinas\":\"Oficinas\",\"p20_oficinasaulasartisticas\":\"Ensaios\\\/Oficinas\\\/Aulas art\\u00edsticas\",\"p20_cursos\":\"Cursos\",\"p20_formacao\":\"Forma\\u00e7\\u00e3o\",\"p20_profissionalizacao\":\"Profissionaliza\\u00e7\\u00e3o\",\"p20_apresentacoesartisticas\":\"Apresenta\\u00e7\\u00f5es art\\u00edsticas\",\"p20_visitasexcursoes\":\"Visitas\\\/Excurs\\u00f5es\",\"p21_repressaopolicial\":\"Repress\\u00e3o policial\",\"p21_intoleranciareligiosa\":\"Fundamentalismo\\\/intoler\\u00e2ncia religiosa\",\"p21_machismo\":\"Machismo\",\"p21_racismo\":\"Racismo\",\"p21_nenhum\":\"Nenhum\",\"p22_numerodeparticipantes\":\"1  - 15\",\"p23_reunioes\":\"Reuni\\u00f5es\",\"p23_atendimento\":\"Atendimento\",\"p23_oficinas\":\"Oficinas\",\"p23_oficinasaulasartisticas\":\"Ensaio\\\/Oficinas\\\/Aulas Art\\u00edsticas\",\"p23_cursos\":\"Cursos\",\"p23_formacao\":\"Forma\\u00e7\\u00e3o\",\"p23_apresentacoesartisticas\":\"Apresenta\\u00e7\\u00f5es Art\\u00edsticas\",\"p23_visitas\":\"Visitas\",\"p24_reunioes\":\"Reuni\\u00f5es\",\"p24_atendimento\":\"Atendimentos\",\"p24_oficinas\":\"Oficinas\",\"p24_oficinasaulasartisticas\":\"Ensaios\\\/Oficinas\\\/Aulas art\\u00edsticas\",\"p24_apresentacoesartisticas\":\"Apresenta\\u00e7\\u00f5es art\\u00edsticas\",\"p25_numerodepessoas\":\"80 - 100\",\"p26_numerodepessoas\":\"100 - 200\",\"p27_espacoproprio\":\"Espa\\u00e7o pr\\u00f3prio\",\"p28_territorios\":\"Cidade\",\"p30_outrasorganizacoes\":\"Sim\",\"p32_campanhadelongaduracao\":\"Sim\",\"p34_nacional\":\"Nacional\",\"p34_internacional\":\"Internacional\",\"p34_nenhuma\":\"Nenhuma\",\"p36_conselhosdeparticipacaoecontrolesocial\":\"N\\u00e3o\",\"p38_sim\":\"Sim\",\"p40_editais\":\"N\\u00e3o\",\"p41_privadopf\":\"Privado (P. F\\u00edsica)\",\"p41_autofinanciamento\":\"Autofinanciamento\",\"p42_meiodedivulgacaoproprio\":\"Sim\",\"p43_email\":\"E-mail\",\"p43_facebook\":\"Facebook\",\"p43_whatsapp\":\"WhatsApp\",\"p43_instagram\":\"Instagram\",\"p44_radio\":\"R\\u00e1dio\",\"p44_redessociais\":\"Redes sociais (Facebook, YouTube, Instagram etc.)\",\"p39_publico\":\"JOVENS ADULTOS\",\"p45_bandeira\":\"MARCADORES DESIGUALDADE SOCIAL\",\"p46_hashtags\":\"#LEVARESPETACULOSAQUEMNAOPODEIRAOTEATRO #LINGUAGEMPARADISCUTIRPROBLEMASSOCIAIS\"},{\"p1_eixo\":\"Cultura\",\"p9_tipoorganizacao\":\"Associa\\u00e7\\u00e3o\",\"p12_uf\":\"AM\",\"p13_cidade\":\"MANAUS\",\"p16_nacional\":\"Nacional\",\"p17_ano\":\"1985\",\"p16_estado\":\"Estado\",\"p18_lutaantirracismo\":\"Luta antirracismo\",\"p18_povosecomunidadestradicionais\":\"Povos e comunidades tradicionais\",\"p18_religiao\":\"Religi\\u00e3o\",\"p18_violencia\":\"Viol\\u00eancia\",\"p18_politicasculturais\":\"Pol\\u00edticas Culturais\",\"p19_direitoshumanos\":\"Direitos humanos\",\"p19_lutaantirracismo\":\"Luta antirracismo\",\"p19_povosecomunidadestradicionais\":\"Povos e comunidades tradicionais\",\"p19_religiao\":\"Religi\\u00e3o\",\"p20_reunioes\":\"Reuni\\u00f5es\",\"p20_atendimento\":\"Atendimento\",\"p20_oficinas\":\"Oficinas\",\"p20_oficinasaulasartisticas\":\"Ensaios\\\/Oficinas\\\/Aulas art\\u00edsticas\",\"p20_cursos\":\"Cursos\",\"p20_formacao\":\"Forma\\u00e7\\u00e3o\",\"p20_profissionalizacao\":\"Profissionaliza\\u00e7\\u00e3o\",\"p20_apresentacoesartisticas\":\"Apresenta\\u00e7\\u00f5es art\\u00edsticas\",\"p20_visitasexcursoes\":\"Visitas\\\/Excurs\\u00f5es\",\"p21_repressaopolicial\":\"Repress\\u00e3o policial\",\"p21_intoleranciareligiosa\":\"Fundamentalismo\\\/intoler\\u00e2ncia religiosa\",\"p21_machismo\":\"Machismo\",\"p21_racismo\":\"Racismo\",\"p22_numerodeparticipantes\":\"Mais de 90\",\"p23_reunioes\":\"Reuni\\u00f5es\",\"p23_atendimento\":\"Atendimento\",\"p23_oficinas\":\"Oficinas\",\"p23_oficinasaulasartisticas\":\"Ensaio\\\/Oficinas\\\/Aulas Art\\u00edsticas\",\"p23_cursos\":\"Cursos\",\"p23_formacao\":\"Forma\\u00e7\\u00e3o\",\"p23_apresentacoesartisticas\":\"Apresenta\\u00e7\\u00f5es Art\\u00edsticas\",\"p23_visitas\":\"Visitas\",\"p24_reunioes\":\"Reuni\\u00f5es\",\"p24_atendimento\":\"Atendimentos\",\"p24_oficinasaulasartisticas\":\"Ensaios\\\/Oficinas\\\/Aulas art\\u00edsticas\",\"p24_apresentacoesartisticas\":\"Apresenta\\u00e7\\u00f5es art\\u00edsticas\",\"p25_numerodepessoas\":\"80 - 100\",\"p26_numerodepessoas\":\"100 - 200\",\"p27_espacopublico\":\"Espa\\u00e7o p\\u00fablico\",\"p27_espacoproprio\":\"Espa\\u00e7o pr\\u00f3prio\",\"p27_virtual\":\"Virtual\",\"p27_ocupacao\":\"Ocupa\\u00e7\\u00e3o\",\"p28_territorios\":\"Atua\\u00e7\\u00e3o Nacional\",\"p30_outrasorganizacoes\":\"Sim\",\"p32_campanhadelongaduracao\":\"Sim\",\"p34_nacional\":\"Nacional\",\"p34_internacional\":\"Internacional\",\"p36_conselhosdeparticipacaoecontrolesocial\":\"Sim\",\"p38_sim\":\"Sim\",\"p40_editais\":\"Sim\",\"p41_privadopf\":\"Privado (P. F\\u00edsica)\",\"p41_autofinanciamento\":\"Autofinanciamento\",\"p41_financiamentocoletivo0\":\"Financiamento coletivo\",\"p42_meiodedivulgacaoproprio\":\"Sim\",\"p43_facebook\":\"Facebook\",\"p43_whatsapp\":\"WhatsApp\",\"p43_instagram\":\"Instagram\",\"p43_youtube\":\"YouTube\",\"p44_radio\":\"TV\",\"p44_jornaisimpressosdegrandecirculacao\":\"Jornais impressos de grande circula\\u00e7\\u00e3o\",\"p44_jornaisimpressosdebairro\":\"Jornais impressos de bairro\",\"p44_redessociais\":\"Redes sociais (Facebook, YouTube, Instagram etc.)\",\"p44_sitesblogs\":\"Sites ou Blogs\",\"p39_publico\":\"POVO TERREIROS MILITANTES MOVIMENTO NEGRO MILITANTES\",\"p45_bandeira\":\"COMBATE RACISMO  RELIGIOSA DESENVOLVIMENTO CULTURAL\",\"p46_hashtags\":\"#DEFESADEDIREITOSDOPOVODETERREIRO #COMBATEAINTOLERANCIARELIGIOSA  #DESENVOLVIMENTOCULTURALDENTRODOTEMAAFROAMERINDIOECARIBENHO\"},{\"p1_eixo\":\"Viol\\u00eancia\",\"p9_tipoorganizacao\":\"Coletivo Art\\u00edstico\",\"p12_uf\":\"RS\",\"p13_cidade\":\"NOVO HAMBURGO\",\"p16_cidade\":\"Cidade\",\"p16_nacional\":\"Nacional\",\"p17_ano\":\"1996\",\"p18_direitoshumanos\":\"Direitos humanos\",\"p18_lutaantirracismo\":\"Luta antirracismo\",\"p18_povosecomunidadestradicionais\":\"Povos e comunidades tradicionais\",\"p18_religiao\":\"Religi\\u00e3o\",\"p18_violencia\":\"Viol\\u00eancia\",\"p18_politicasculturais\":\"Pol\\u00edticas Culturais\",\"p19_direitoshumanos\":\"Direitos humanos\",\"p19_povosecomunidadestradicionais\":\"Povos e comunidades tradicionais\",\"p19_religiao\":\"Religi\\u00e3o\",\"p20_oficinas\":\"Oficinas\",\"p20_apresentacoesartisticas\":\"Apresenta\\u00e7\\u00f5es art\\u00edsticas\",\"p21_repressaopolicial\":\"Repress\\u00e3o policial\",\"p21_intoleranciareligiosa\":\"Fundamentalismo\\\/intoler\\u00e2ncia religiosa\",\"p21_racismo\":\"Racismo\",\"p22_numerodeparticipantes\":\"1  - 15\",\"p23_reunioes\":\"Reuni\\u00f5es\",\"p23_oficinasaulasartisticas\":\"Ensaio\\\/Oficinas\\\/Aulas Art\\u00edsticas\",\"p24_reunioes\":\"Reuni\\u00f5es\",\"p24_oficinasaulasartisticas\":\"Ensaios\\\/Oficinas\\\/Aulas art\\u00edsticas\",\"p24_formacao\":\"Forma\\u00e7\\u00e3o\",\"p24_apresentacoesartisticas\":\"Apresenta\\u00e7\\u00f5es art\\u00edsticas\",\"p24_outros\":\"Outros\",\"p25_numerodepessoas\":\"Mais de 500\",\"p26_numerodepessoas\":\"40 - 60\",\"p27_espacopublico\":\"Espa\\u00e7o p\\u00fablico\",\"p27_espacoproprio\":\"Espa\\u00e7o pr\\u00f3prio\",\"p27_virtual\":\"Virtual\",\"p27_ocupacao\":\"Ocupa\\u00e7\\u00e3o\",\"p28_territorios\":\"Estado\",\"p30_outrasorganizacoes\":\"Sim\",\"p32_campanhadelongaduracao\":\"Sim\",\"p34_estadual\":\"Estadual\",\"p34_nacional\":\"Nacional\",\"p36_conselhosdeparticipacaoecontrolesocial\":\"N\\u00e3o\",\"p38_sim\":\"Sim\",\"p40_editais\":\"N\\u00e3o\",\"p41_autofinanciamento\":\"Autofinanciamento\",\"p41_financiamentocoletivo0\":\"Financiamento coletivo\",\"p42_meiodedivulgacaoproprio\":\"Sim\",\"p43_facebook\":\"Facebook\",\"p43_instagram\":\"Instagram\",\"p43_youtube\":\"YouTube\",\"p43_nenhum\":\"Nenhum\",\"p44_radio\":\"TV\",\"p44_jornaisimpressosdegrandecirculacao\":\"Jornais impressos de grande circula\\u00e7\\u00e3o\",\"p44_jornaisimpressosdebairro\":\"Jornais impressos de bairro\",\"p44_redessociais\":\"Redes sociais (Facebook, YouTube, Instagram etc.)\",\"p44_sitesblogs\":\"Sites ou Blogs\",\"p44_nenhum\":\"Nenhum\",\"p39_publico\":\"JOVENS PERIFERIA MULHERES NEGRAS POVOS TERREIROS\",\"p45_bandeira\":\"COMBATE RACISMO URBANA FEMINISMO ERRADICA\\u00c7\\u00c3O FOME POBREZA DEFESA S MATRIZ AFRICANA DIREITOS HUMANOS MEIO-AMBIENTE\",\"p46_hashtags\":\"#JUVENTUDEVIVA #PRECONCEITOZERO #NAOSOMOSAPENASCORPOSNEGROS\"},{\"p1_eixo\":\"Cultura\",\"p9_tipoorganizacao\":\"ONG\",\"p12_uf\":\"RN\",\"p13_cidade\":\"EXTREMOZ\",\"p16_cidade\":\"Cidade\",\"p17_ano\":\"1990\",\"p18_direitoshumanos\":\"Direitos humanos\",\"p18_educacao\":\"Educa\\u00e7\\u00e3o\",\"p18_mobilidade\":\"Mobilidade\",\"p18_moradia\":\"Moradia\",\"p18_povosecomunidadestradicionais\":\"Povos e comunidades tradicionais\",\"p18_religiao\":\"Religi\\u00e3o\",\"p18_saude\":\"Sa\\u00fade\",\"p18_violencia\":\"Viol\\u00eancia\",\"p19_direitoshumanos\":\"Direitos humanos\",\"p19_educacao\":\"Educa\\u00e7\\u00e3o\",\"p19_povosecomunidadestradicionais\":\"Povos e comunidades tradicionais\",\"p19_religiao\":\"Religi\\u00e3o\",\"p19_saude\":\"Sa\\u00fade\",\"p21_intoleranciareligiosa\":\"Fundamentalismo\\\/intoler\\u00e2ncia religiosa\",\"p21_nenhum\":\"Nenhum\",\"p22_numerodeparticipantes\":\"30 - 45\",\"p23_reunioes\":\"Reuni\\u00f5es\",\"p24_reunioes\":\"Reuni\\u00f5es\",\"p24_oficinas\":\"Oficinas\",\"p24_formacao\":\"Forma\\u00e7\\u00e3o\",\"p24_outros\":\"Outros\",\"p25_numerodepessoas\":\"40 - 60\",\"p26_numerodepessoas\":\"100 - 200\",\"p27_espacoemprestadocedido\":\"Espa\\u00e7o emprestado\\\/cedido\",\"p27_espacoproprio\":\"Espa\\u00e7o pr\\u00f3prio\",\"p28_territorios\":\"Cidade\",\"p30_outrasorganizacoes\":\"Sim\",\"p32_campanhadelongaduracao\":\"N\\u00e3o\",\"p34_estadual\":\"Estadual\",\"p34_nenhuma\":\"Nenhuma\",\"p36_conselhosdeparticipacaoecontrolesocial\":\"Sim\",\"p38_sim\":\"Sim\",\"p40_editais\":\"Sim\",\"p41_privadopf\":\"Privado (P. F\\u00edsica)\",\"p41_financiamentocoletivo0\":\"Financiamento coletivo\",\"p42_meiodedivulgacaoproprio\":\"N\\u00e3o\",\"p43_facebook\":\"Facebook\",\"p43_whatsapp\":\"WhatsApp\",\"p43_instagram\":\"Instagram\",\"p43_nenhum\":\"Nenhum\",\"p44_nenhum\":\"Nenhum\",\"p39_publico\":\"CARENTES  \",\"p45_bandeira\":\"COMBATE  RELIGIOSA MOVIMENTO LGBT COMBATE RACISMO FEMINISMO JUVENTUDE IDOSOS\",\"p46_hashtags\":\"#CHEGADEINTOLERANCIARELIGIOSA #DIREITOSHUMANOS #FORABOLSONARO\"},{\"p1_eixo\":\"Cultura\",\"p9_tipoorganizacao\":\"Movimento Social\",\"p12_uf\":\"PI\",\"p13_cidade\":\"TERESINA\",\"p16_bairro\":\"Bairro\",\"p16_cidade\":\"Cidade\",\"p17_ano\":\"2013\",\"p18_direitoshumanos\":\"Direitos humanos\",\"p18_educacao\":\"Educa\\u00e7\\u00e3o\",\"p18_lutaantirracismo\":\"Luta antirracismo\",\"p18_mobilidade\":\"Mobilidade\",\"p18_moradia\":\"Moradia\",\"p18_trabalho\":\"Trabalho\",\"p18_saude\":\"Sa\\u00fade\",\"p18_violencia\":\"Viol\\u00eancia\",\"p18_politicasculturais\":\"Pol\\u00edticas Culturais\",\"p19_direitoshumanos\":\"Direitos humanos\",\"p19_educacao\":\"Educa\\u00e7\\u00e3o\",\"p19_saude\":\"Sa\\u00fade\",\"p19_politicasculturais\":\"Pol\\u00edticas Culturais\",\"p20_reunioes\":\"Reuni\\u00f5es\",\"p20_atendimento\":\"Atendimento\",\"p20_oficinas\":\"Oficinas\",\"p20_oficinasaulasartisticas\":\"Ensaios\\\/Oficinas\\\/Aulas art\\u00edsticas\",\"p20_cursos\":\"Cursos\",\"p21_nenhum\":\"Nenhum\",\"p22_numerodeparticipantes\":\"15 - 30\",\"p23_reunioes\":\"Reuni\\u00f5es\",\"p23_atendimento\":\"Atendimento\",\"p23_oficinas\":\"Oficinas\",\"p23_cursos\":\"Cursos\",\"p24_reunioes\":\"Reuni\\u00f5es\",\"p24_atendimento\":\"Atendimentos\",\"p24_oficinas\":\"Oficinas\",\"p24_curso\":\"Curso\",\"p24_formacao\":\"Forma\\u00e7\\u00e3o\",\"p25_numerodepessoas\":\"20 - 40\",\"p26_numerodepessoas\":\"40 - 60\",\"p27_espacoemprestadocedido\":\"Espa\\u00e7o emprestado\\\/cedido\",\"p28_territorios\":\"Pr\\u00f3prio bairro\",\"p30_outrasorganizacoes\":\"N\\u00e3o\",\"p32_campanhadelongaduracao\":\"Sim\",\"p34_nenhuma\":\"Nenhuma\",\"p36_conselhosdeparticipacaoecontrolesocial\":\"N\\u00e3o\",\"p38_sim\":\"Sim\",\"p38_nenhum\":\"Nenhum\",\"p40_editais\":\"N\\u00e3o\",\"p41_privadopf\":\"Privado (P. F\\u00edsica)\",\"p41_financiamentocoletivo0\":\"Financiamento coletivo\",\"p42_meiodedivulgacaoproprio\":\"Sim\",\"p43_facebook\":\"Facebook\",\"p43_whatsapp\":\"WhatsApp\",\"p43_instagram\":\"Instagram\",\"p44_redessociais\":\"Redes sociais (Facebook, YouTube, Instagram etc.)\",\"p44_nenhum\":\"Nenhum\",\"p39_publico\":\"CARENTES\",\"p45_bandeira\":\"PESSOA CARENTE FELIZ\",\"p46_hashtags\":\"#MAOSSOLIDARIAS\"},{\"p1_eixo\":\"Cultura\",\"p9_tipoorganizacao\":\"ONG\",\"p12_uf\":\"RN\",\"p13_cidade\":\"NATAL\",\"p16_bairro\":\"Bairro\",\"p17_ano\":\"2012\",\"p18_difusaoartistica\":\"Difus\\u00e3o Art\\u00edstica\",\"p18_direitoshumanos\":\"Direitos humanos\",\"p18_educacao\":\"Educa\\u00e7\\u00e3o\",\"p18_feminismos\":\"Feminismos\",\"p18_lutaantirracismo\":\"Luta antirracismo\",\"p18_moradia\":\"Moradia\",\"p18_trabalho\":\"Trabalho\",\"p18_saude\":\"Sa\\u00fade\",\"p18_violencia\":\"Viol\\u00eancia\",\"p18_politicasculturais\":\"Pol\\u00edticas Culturais\",\"p19_direitoshumanos\":\"Direitos humanos\",\"p19_educacao\":\"Educa\\u00e7\\u00e3o\",\"p19_violencia\":\"Viol\\u00eancia\",\"p19_politicasculturais\":\"Pol\\u00edticas Culturais\",\"p20_reunioes\":\"Reuni\\u00f5es\",\"p20_atendimento\":\"Atendimento\",\"p20_oficinas\":\"Oficinas\",\"p20_oficinasaulasartisticas\":\"Ensaios\\\/Oficinas\\\/Aulas art\\u00edsticas\",\"p20_cursos\":\"Cursos\",\"p20_apresentacoesartisticas\":\"Apresenta\\u00e7\\u00f5es art\\u00edsticas\",\"p21_nenhum\":\"Nenhum\",\"p22_numerodeparticipantes\":\"15 - 30\",\"p23_reunioes\":\"Reuni\\u00f5es\",\"p23_atendimento\":\"Atendimento\",\"p23_oficinas\":\"Oficinas\",\"p23_cursos\":\"Cursos\",\"p23_apresentacoesartisticas\":\"Apresenta\\u00e7\\u00f5es Art\\u00edsticas\",\"p24_reunioes\":\"Reuni\\u00f5es\",\"p24_atendimento\":\"Atendimentos\",\"p24_oficinas\":\"Oficinas\",\"p24_oficinasaulasartisticas\":\"Ensaios\\\/Oficinas\\\/Aulas art\\u00edsticas\",\"p24_curso\":\"Curso\",\"p25_numerodepessoas\":\"60 - 80\",\"p26_numerodepessoas\":\"60 - 80\",\"p27_espacopublico\":\"Espa\\u00e7o p\\u00fablico\",\"p27_espacoemprestadocedido\":\"Espa\\u00e7o emprestado\\\/cedido\",\"p28_territorios\":\"Pr\\u00f3prio bairro\",\"p30_outrasorganizacoes\":\"Sim\",\"p32_campanhadelongaduracao\":\"N\\u00e3o\",\"p34_nacional\":\"Nacional\",\"p34_nenhuma\":\"Nenhuma\",\"p36_conselhosdeparticipacaoecontrolesocial\":\"N\\u00e3o\",\"p38_sim\":\"Sim\",\"p38_nenhum\":\"Nenhum\",\"p40_editais\":\"N\\u00e3o\",\"p41_privadopj\":\"Privado (P. Jur\\u00eddica)\",\"p41_financiamentocoletivo0\":\"Financiamento coletivo\",\"p42_meiodedivulgacaoproprio\":\"Sim\",\"p43_facebook\":\"Facebook\",\"p43_nenhum\":\"Nenhum\",\"p44_redessociais\":\"Redes sociais (Facebook, YouTube, Instagram etc.)\",\"p39_publico\":\"CRIAN\\u00c7AS ADOLESCENTES\",\"p45_bandeira\":\"ANTIRRACISTA LUTA DIREITOS\",\"p46_hashtags\":\"#FILHOSMAELUIZA #BASTADERACISMO #JUNTOSSOMOSMUITOS\"},{\"p1_eixo\":\"Cultura\",\"p9_tipoorganizacao\":\"Associa\\u00e7\\u00e3o\",\"p12_uf\":\"PE\",\"p13_cidade\":\"RECIFE\",\"p16_bairro\":\"Bairro\",\"p16_cidade\":\"Cidade\",\"p17_ano\":\"2000\",\"p18_difusaoartistica\":\"Difus\\u00e3o Art\\u00edstica\",\"p18_direitoshumanos\":\"Direitos humanos\",\"p18_educacao\":\"Educa\\u00e7\\u00e3o\",\"p18_feminismos\":\"Feminismos\",\"p18_lgbtqi\":\"LGBTQI\",\"p18_lutaantirracismo\":\"Luta antirracismo\",\"p18_mobilidade\":\"Mobilidade\",\"p18_moradia\":\"Moradia\",\"p18_povosecomunidadestradicionais\":\"Povos e comunidades tradicionais\",\"p18_trabalho\":\"Trabalho\",\"p18_saude\":\"Sa\\u00fade\",\"p18_violencia\":\"Viol\\u00eancia\",\"p18_politicasculturais\":\"Pol\\u00edticas Culturais\",\"p19_direitoshumanos\":\"Direitos humanos\",\"p19_educacao\":\"Educa\\u00e7\\u00e3o\",\"p19_violencia\":\"Viol\\u00eancia\",\"p19_politicasculturais\":\"Pol\\u00edticas Culturais\",\"p20_reunioes\":\"Reuni\\u00f5es\",\"p20_oficinasaulasartisticas\":\"Ensaios\\\/Oficinas\\\/Aulas art\\u00edsticas\",\"p20_cursos\":\"Cursos\",\"p20_formacao\":\"Forma\\u00e7\\u00e3o\",\"p20_apresentacoesartisticas\":\"Apresenta\\u00e7\\u00f5es art\\u00edsticas\",\"p21_repressaopolicial\":\"Repress\\u00e3o policial\",\"p21_racismo\":\"Racismo\",\"p21_nenhum\":\"Nenhum\",\"p22_numerodeparticipantes\":\"1  - 15\",\"p23_reunioes\":\"Reuni\\u00f5es\",\"p23_atendimento\":\"Atendimento\",\"p23_oficinas\":\"Oficinas\",\"p23_oficinasaulasartisticas\":\"Ensaio\\\/Oficinas\\\/Aulas Art\\u00edsticas\",\"p23_cursos\":\"Cursos\",\"p23_apresentacoesartisticas\":\"Apresenta\\u00e7\\u00f5es Art\\u00edsticas\",\"p24_reunioes\":\"Reuni\\u00f5es\",\"p24_oficinasaulasartisticas\":\"Ensaios\\\/Oficinas\\\/Aulas art\\u00edsticas\",\"p25_numerodepessoas\":\"20 - 40\",\"p26_numerodepessoas\":\"20 - 40\",\"p27_espacopublico\":\"Espa\\u00e7o p\\u00fablico\",\"p27_espacoemprestadocedido\":\"Espa\\u00e7o emprestado\\\/cedido\",\"p28_territorios\":\"Pr\\u00f3prio bairro\",\"p30_outrasorganizacoes\":\"Sim\",\"p32_campanhadelongaduracao\":\"N\\u00e3o\",\"p34_estadual\":\"Estadual\",\"p34_nacional\":\"Nacional\",\"p36_conselhosdeparticipacaoecontrolesocial\":\"Sim\",\"p38_sim\":\"Sim\",\"p40_editais\":\"N\\u00e3o\",\"p41_privadopj\":\"Privado (P. Jur\\u00eddica)\",\"p41_financiamentocoletivo0\":\"Financiamento coletivo\",\"p42_meiodedivulgacaoproprio\":\"N\\u00e3o\",\"p43_facebook\":\"Facebook\",\"p43_whatsapp\":\"WhatsApp\",\"p43_nenhum\":\"Nenhum\",\"p44_redessociais\":\"Redes sociais (Facebook, YouTube, Instagram etc.)\",\"p39_publico\":\"CRIAN\\u00c7AS ADOLESCENTES JOVENS\",\"p45_bandeira\":\"IGUALDADE DIREITOS\",\"p46_hashtags\":\"#CULTURAPARATODOS #DIREITOSHUMANOSPARATODOS #NAOAVIOLENCIA\"},{\"p1_eixo\":\"Viol\\u00eancia\",\"p9_tipoorganizacao\":\"Associa\\u00e7\\u00e3o\",\"p12_uf\":\"RJ\",\"p13_cidade\":\"S\\u00c3O GON\\u00c7ALO\",\"p16_cidade\":\"Cidade\",\"p16_nacional\":\"Nacional\",\"p17_ano\":\"2018\",\"p18_comunicacao\":\"Comunica\\u00e7\\u00e3o\",\"p18_difusaoartistica\":\"Difus\\u00e3o Art\\u00edstica\",\"p18_direitoshumanos\":\"Direitos humanos\",\"p18_educacao\":\"Educa\\u00e7\\u00e3o\",\"p18_feminismos\":\"Feminismos\",\"p18_lgbtqi\":\"LGBTQI\",\"p18_lutaantirracismo\":\"Luta antirracismo\",\"p18_mobilidade\":\"Mobilidade\",\"p18_povosecomunidadestradicionais\":\"Povos e comunidades tradicionais\",\"p18_trabalho\":\"Trabalho\",\"p18_saude\":\"Sa\\u00fade\",\"p18_violencia\":\"Viol\\u00eancia\",\"p18_politicasculturais\":\"Pol\\u00edticas Culturais\",\"p19_direitoshumanos\":\"Direitos humanos\",\"p19_educacao\":\"Educa\\u00e7\\u00e3o\",\"p19_feminismos\":\"Feminismos\",\"p19_violencia\":\"Viol\\u00eancia\",\"p19_difusaoartistica\":\"Difus\\u00e3o Art\\u00edstica\",\"p20_reunioes\":\"Reuni\\u00f5es\",\"p20_oficinasaulasartisticas\":\"Ensaios\\\/Oficinas\\\/Aulas art\\u00edsticas\",\"p20_cursos\":\"Cursos\",\"p20_formacao\":\"Forma\\u00e7\\u00e3o\",\"p20_apresentacoesartisticas\":\"Apresenta\\u00e7\\u00f5es art\\u00edsticas\",\"p21_repressaopolicial\":\"Repress\\u00e3o policial\",\"p21_machismo\":\"Machismo\",\"p21_racismo\":\"Racismo\",\"p22_numerodeparticipantes\":\"1  - 15\",\"p23_reunioes\":\"Reuni\\u00f5es\",\"p23_atendimento\":\"Atendimento\",\"p23_oficinas\":\"Oficinas\",\"p23_oficinasaulasartisticas\":\"Ensaio\\\/Oficinas\\\/Aulas Art\\u00edsticas\",\"p23_cursos\":\"Cursos\",\"p23_apresentacoesartisticas\":\"Apresenta\\u00e7\\u00f5es Art\\u00edsticas\",\"p24_reunioes\":\"Reuni\\u00f5es\",\"p24_oficinasaulasartisticas\":\"Ensaios\\\/Oficinas\\\/Aulas art\\u00edsticas\",\"p24_apresentacoesartisticas\":\"Apresenta\\u00e7\\u00f5es art\\u00edsticas\",\"p25_numerodepessoas\":\"40 - 60\",\"p26_numerodepessoas\":\"200 - 300\",\"p27_espacopublico\":\"Espa\\u00e7o p\\u00fablico\",\"p27_espacoemprestadocedido\":\"Espa\\u00e7o emprestado\\\/cedido\",\"p28_territorios\":\"Regi\\u00e3o da Cidade\",\"p30_outrasorganizacoes\":\"Sim\",\"p32_campanhadelongaduracao\":\"Sim\",\"p34_estadual\":\"Estadual\",\"p34_nacional\":\"Nacional\",\"p36_conselhosdeparticipacaoecontrolesocial\":\"N\\u00e3o\",\"p38_sim\":\"Sim\",\"p40_editais\":\"N\\u00e3o\",\"p41_financiamentocoletivo0\":\"Financiamento coletivo\",\"p42_meiodedivulgacaoproprio\":\"Sim\",\"p43_facebook\":\"Facebook\",\"p43_whatsapp\":\"WhatsApp\",\"p43_radio\":\"R\\u00e1dio\",\"p44_radio\":\"R\\u00e1dio\",\"p44_jornaisimpressosdegrandecirculacao\":\"Jornais impressos de grande circula\\u00e7\\u00e3o\",\"p44_redessociais\":\"Redes sociais (Facebook, YouTube, Instagram etc.)\",\"p44_sitesblogs\":\"Sites ou Blogs\",\"p39_publico\":\"JOVENS\",\"p45_bandeira\":\"EDUCA\\u00c7\\u00c3O  RACISMO\",\"p46_hashtags\":\"#PAREMDENOSMATAR #NAOAOFUTURESE #COMBATEAORACISMO\"},{\"p1_eixo\":\"Cultura\",\"p9_tipoorganizacao\":\"Coletivo\",\"p12_uf\":\"AM\",\"p13_cidade\":\"MANAUS\",\"p16_nacional\":\"Nacional\",\"p17_ano\":\"2017\",\"p16_estado\":\"Estado\",\"p18_comunicacao\":\"Comunica\\u00e7\\u00e3o\",\"p18_difusaoartistica\":\"Difus\\u00e3o Art\\u00edstica\",\"p18_direitoshumanos\":\"Direitos humanos\",\"p18_educacao\":\"Educa\\u00e7\\u00e3o\",\"p18_feminismos\":\"Feminismos\",\"p18_lutaantirracismo\":\"Luta antirracismo\",\"p18_violencia\":\"Viol\\u00eancia\",\"p18_politicasculturais\":\"Pol\\u00edticas Culturais\",\"p19_direitoshumanos\":\"Direitos humanos\",\"p19_educacao\":\"Educa\\u00e7\\u00e3o\",\"p19_feminismos\":\"Feminismos\",\"p19_difusaoartistica\":\"Difus\\u00e3o Art\\u00edstica\",\"p19_politicasculturais\":\"Pol\\u00edticas Culturais\",\"p20_reunioes\":\"Reuni\\u00f5es\",\"p20_oficinas\":\"Oficinas\",\"p20_oficinasaulasartisticas\":\"Ensaios\\\/Oficinas\\\/Aulas art\\u00edsticas\",\"p20_formacao\":\"Forma\\u00e7\\u00e3o\",\"p20_apresentacoesartisticas\":\"Apresenta\\u00e7\\u00f5es art\\u00edsticas\",\"p21_repressaopolicial\":\"Repress\\u00e3o policial\",\"p21_machismo\":\"Machismo\",\"p21_nenhum\":\"Nenhum\",\"p22_numerodeparticipantes\":\"1  - 15\",\"p23_reunioes\":\"Reuni\\u00f5es\",\"p23_oficinasaulasartisticas\":\"Ensaio\\\/Oficinas\\\/Aulas Art\\u00edsticas\",\"p23_apresentacoesartisticas\":\"Apresenta\\u00e7\\u00f5es Art\\u00edsticas\",\"p24_reunioes\":\"Reuni\\u00f5es\",\"p24_oficinasaulasartisticas\":\"Ensaios\\\/Oficinas\\\/Aulas art\\u00edsticas\",\"p24_apresentacoesartisticas\":\"Apresenta\\u00e7\\u00f5es art\\u00edsticas\",\"p25_numerodepessoas\":\"100 - 200\",\"p26_numerodepessoas\":\"100 - 200\",\"p27_espacopublico\":\"Espa\\u00e7o p\\u00fablico\",\"p27_espacoemprestadocedido\":\"Espa\\u00e7o emprestado\\\/cedido\",\"p28_territorios\":\"Atua\\u00e7\\u00e3o Nacional\",\"p30_outrasorganizacoes\":\"Sim\",\"p32_campanhadelongaduracao\":\"Sim\",\"p34_estadual\":\"Estadual\",\"p34_nacional\":\"Nacional\",\"p34_nenhuma\":\"Nenhuma\",\"p36_conselhosdeparticipacaoecontrolesocial\":\"Sim\",\"p38_sim\":\"Sim\",\"p38_nenhum\":\"Nenhum\",\"p40_editais\":\"Sim\",\"p41_autofinanciamento\":\"Autofinanciamento\",\"p41_financiamentocoletivo0\":\"Financiamento coletivo\",\"p42_meiodedivulgacaoproprio\":\"Sim\",\"p43_facebook\":\"Facebook\",\"p43_whatsapp\":\"WhatsApp\",\"p43_instagram\":\"Instagram\",\"p43_radio\":\"R\\u00e1dio\",\"p44_radio\":\"R\\u00e1dio\",\"p44_jornaisimpressosdegrandecirculacao\":\"Jornais impressos de grande circula\\u00e7\\u00e3o\",\"p44_redessociais\":\"Redes sociais (Facebook, YouTube, Instagram etc.)\",\"p44_sitesblogs\":\"Sites ou Blogs\",\"p39_publico\":\"MULHERES\",\"p45_bandeira\":\"DIREITOS MULHERES ENFRENTAMENTO CONTRA  JUVENTUDE POPULA\\u00c7\\u00c3O NEGRA IND\\u00cdGENA FEMINISMO HIPHOP COMUNICA\\u00c7\\u00c3O POPULAR\",\"p46_hashtags\":\"#FEMINISMO #HIPHOP #CIDADANIA\"},{\"p1_eixo\":\"Cultura\",\"p9_tipoorganizacao\":\"Coletivo\",\"p12_uf\":\"ES\",\"p13_cidade\":\"VILA VELHA\",\"p17_ano\":\"2017\",\"p16_estado\":\"Estado\",\"p18_difusaoartistica\":\"Difus\\u00e3o Art\\u00edstica\",\"p18_educacao\":\"Educa\\u00e7\\u00e3o\",\"p18_lutaantirracismo\":\"Luta antirracismo\",\"p18_violencia\":\"Viol\\u00eancia\",\"p18_politicasculturais\":\"Pol\\u00edticas Culturais\",\"p19_educacao\":\"Educa\\u00e7\\u00e3o\",\"p19_lutaantirracismo\":\"Luta antirracismo\",\"p19_difusaoartistica\":\"Difus\\u00e3o Art\\u00edstica\",\"p19_politicasculturais\":\"Pol\\u00edticas Culturais\",\"p20_oficinas\":\"Oficinas\",\"p20_oficinasaulasartisticas\":\"Ensaios\\\/Oficinas\\\/Aulas art\\u00edsticas\",\"p20_apresentacoesartisticas\":\"Apresenta\\u00e7\\u00f5es art\\u00edsticas\",\"p21_repressaopolicial\":\"Repress\\u00e3o policial\",\"p21_racismo\":\"Racismo\",\"p21_nenhum\":\"Nenhum\",\"p22_numerodeparticipantes\":\"15 - 30\",\"p23_oficinasaulasartisticas\":\"Ensaio\\\/Oficinas\\\/Aulas Art\\u00edsticas\",\"p23_apresentacoesartisticas\":\"Apresenta\\u00e7\\u00f5es Art\\u00edsticas\",\"p24_oficinasaulasartisticas\":\"Ensaios\\\/Oficinas\\\/Aulas art\\u00edsticas\",\"p24_apresentacoesartisticas\":\"Apresenta\\u00e7\\u00f5es art\\u00edsticas\",\"p25_numerodepessoas\":\"20 - 40\",\"p26_numerodepessoas\":\"20 - 40\",\"p27_espacopublico\":\"Espa\\u00e7o p\\u00fablico\",\"p27_espacoemprestadocedido\":\"Espa\\u00e7o emprestado\\\/cedido\",\"p28_territorios\":\"Estado\",\"p30_outrasorganizacoes\":\"N\\u00e3o\",\"p32_campanhadelongaduracao\":\"Sim\",\"p34_estadual\":\"Estadual\",\"p34_nenhuma\":\"Nenhuma\",\"p36_conselhosdeparticipacaoecontrolesocial\":\"N\\u00e3o\",\"p38_sim\":\"Sim\",\"p38_nenhum\":\"Nenhum\",\"p40_editais\":\"Sim\",\"p41_autofinanciamento\":\"Autofinanciamento\",\"p42_meiodedivulgacaoproprio\":\"Sim\",\"p43_facebook\":\"Facebook\",\"p43_whatsapp\":\"WhatsApp\",\"p43_instagram\":\"Instagram\",\"p43_twitter\":\"Twitter\",\"p43_radio\":\"R\\u00e1dio\",\"p44_radio\":\"R\\u00e1dio\",\"p44_redessociais\":\"Redes sociais (Facebook, YouTube, Instagram etc.)\",\"p39_publico\":\"JOVENS CRIAN\\u00c7AS\",\"p45_bandeira\":\"POESIA LINGUAGENS RACISMO S MINORIAS\",\"p46_hashtags\":\"#POESIA #RESISTENCIA #CULTURA\"},{\"p1_eixo\":\"Cultura\",\"p9_tipoorganizacao\":\"Coletivo\",\"p12_uf\":\"PE\",\"p13_cidade\":\"CABO DE SANTO AGOSTINHO\",\"p16_bairro\":\"Bairro\",\"p17_ano\":\"2016\",\"p16_estado\":\"Estado\",\"p18_difusaoartistica\":\"Difus\\u00e3o Art\\u00edstica\",\"p18_desenvolvimentoterritorial\":\"Desenvolvimento territorial\",\"p18_direitoshumanos\":\"Direitos humanos\",\"p18_lutaantirracismo\":\"Luta antirracismo\",\"p18_trabalho\":\"Trabalho\",\"p18_violencia\":\"Viol\\u00eancia\",\"p18_politicasculturais\":\"Pol\\u00edticas Culturais\",\"p19_direitoshumanos\":\"Direitos humanos\",\"p19_lutaantirracismo\":\"Luta antirracismo\",\"p19_violencia\":\"Viol\\u00eancia\",\"p19_difusaoartistica\":\"Difus\\u00e3o Art\\u00edstica\",\"p19_politicasculturais\":\"Pol\\u00edticas Culturais\",\"p20_reunioes\":\"Reuni\\u00f5es\",\"p20_oficinasaulasartisticas\":\"Ensaios\\\/Oficinas\\\/Aulas art\\u00edsticas\",\"p20_cursos\":\"Cursos\",\"p20_formacao\":\"Forma\\u00e7\\u00e3o\",\"p20_apresentacoesartisticas\":\"Apresenta\\u00e7\\u00f5es art\\u00edsticas\",\"p21_repressaopolicial\":\"Repress\\u00e3o policial\",\"p21_racismo\":\"Racismo\",\"p21_nenhum\":\"Nenhum\",\"p22_numerodeparticipantes\":\"1  - 15\",\"p23_reunioes\":\"Reuni\\u00f5es\",\"p23_formacao\":\"Forma\\u00e7\\u00e3o\",\"p23_apresentacoesartisticas\":\"Apresenta\\u00e7\\u00f5es Art\\u00edsticas\",\"p24_atendimento\":\"Atendimentos\",\"p24_curso\":\"Curso\",\"p24_apresentacoesartisticas\":\"Apresenta\\u00e7\\u00f5es art\\u00edsticas\",\"p25_numerodepessoas\":\"20 - 40\",\"p26_numerodepessoas\":\"20 - 40\",\"p27_espacopublico\":\"Espa\\u00e7o p\\u00fablico\",\"p27_espacoemprestadocedido\":\"Espa\\u00e7o emprestado\\\/cedido\",\"p28_territorios\":\"Pr\\u00f3prio bairro\",\"p30_outrasorganizacoes\":\"Sim\",\"p32_campanhadelongaduracao\":\"N\\u00e3o\",\"p34_estadual\":\"Estadual\",\"p34_nenhuma\":\"Nenhuma\",\"p36_conselhosdeparticipacaoecontrolesocial\":\"Sim\",\"p38_sim\":\"Sim\",\"p40_editais\":\"N\\u00e3o\",\"p41_autofinanciamento\":\"Autofinanciamento\",\"p42_meiodedivulgacaoproprio\":\"Sim\",\"p43_facebook\":\"Facebook\",\"p43_whatsapp\":\"WhatsApp\",\"p43_instagram\":\"Instagram\",\"p43_twitter\":\"Twitter\",\"p43_radio\":\"R\\u00e1dio\",\"p44_radio\":\"R\\u00e1dio\",\"p44_redessociais\":\"Redes sociais (Facebook, YouTube, Instagram etc.)\",\"p39_publico\":\"JUVENTUDE\",\"p45_bandeira\":\"LIBERDADE ART\\u00cdSTICA CONTRA DESIGUALDADE CLASSE RA\\u00c7A G\\u00caNERO CONTRA  JUVENTUDE NEGRA\",\"p46_hashtags\":\"#JUVENTUDEQUERVIVER   #ACULTURAMERECERESPEITO   #PAREMDENOSMATAR\"},{\"p1_eixo\":\"Viol\\u00eancia\",\"p9_tipoorganizacao\":\"Coletivo\",\"p12_uf\":\"PE\",\"p13_cidade\":\"RECIFE\",\"p16_bairro\":\"Bairro\",\"p16_cidade\":\"Cidade\",\"p17_ano\":\"2018\",\"p18_agrario\":\"Agr\\u00e1rio\\\/ruralidades\",\"p18_comunicacao\":\"Comunica\\u00e7\\u00e3o\",\"p18_difusaoartistica\":\"Difus\\u00e3o Art\\u00edstica\",\"p18_desenvolvimentoterritorial\":\"Desenvolvimento territorial\",\"p18_direitoshumanos\":\"Direitos humanos\",\"p18_educacao\":\"Educa\\u00e7\\u00e3o\",\"p18_feminismos\":\"Feminismos\",\"p18_lgbtqi\":\"LGBTQI\",\"p18_lutaantirracismo\":\"Luta antirracismo\",\"p18_mobilidade\":\"Mobilidade\",\"p18_moradia\":\"Moradia\",\"p18_povosecomunidadestradicionais\":\"Povos e comunidades tradicionais\",\"p18_trabalho\":\"Trabalho\",\"p18_religiao\":\"Religi\\u00e3o\",\"p18_saude\":\"Sa\\u00fade\",\"p18_violencia\":\"Viol\\u00eancia\",\"p18_politicasculturais\":\"Pol\\u00edticas Culturais\",\"p19_direitoshumanos\":\"Direitos humanos\",\"p19_educacao\":\"Educa\\u00e7\\u00e3o\",\"p19_lutaantirracismo\":\"Luta antirracismo\",\"p19_povosecomunidadestradicionais\":\"Povos e comunidades tradicionais\",\"p19_violencia\":\"Viol\\u00eancia\",\"p19_difusaoartistica\":\"Difus\\u00e3o Art\\u00edstica\",\"p20_reunioes\":\"Reuni\\u00f5es\",\"p20_oficinas\":\"Oficinas\",\"p20_oficinasaulasartisticas\":\"Ensaios\\\/Oficinas\\\/Aulas art\\u00edsticas\",\"p20_cursos\":\"Cursos\",\"p20_formacao\":\"Forma\\u00e7\\u00e3o\",\"p20_apresentacoesartisticas\":\"Apresenta\\u00e7\\u00f5es art\\u00edsticas\",\"p21_repressaopolicial\":\"Repress\\u00e3o policial\",\"p21_machismo\":\"Machismo\",\"p21_nenhum\":\"Nenhum\",\"p22_numerodeparticipantes\":\"1  - 15\",\"p23_reunioes\":\"Reuni\\u00f5es\",\"p23_oficinas\":\"Oficinas\",\"p23_oficinasaulasartisticas\":\"Ensaio\\\/Oficinas\\\/Aulas Art\\u00edsticas\",\"p23_formacao\":\"Forma\\u00e7\\u00e3o\",\"p24_atendimento\":\"Atendimentos\",\"p24_curso\":\"Curso\",\"p24_apresentacoesartisticas\":\"Apresenta\\u00e7\\u00f5es art\\u00edsticas\",\"p25_numerodepessoas\":\"20 - 40\",\"p26_numerodepessoas\":\"40 - 60\",\"p27_espacopublico\":\"Espa\\u00e7o p\\u00fablico\",\"p27_espacoemprestadocedido\":\"Espa\\u00e7o emprestado\\\/cedido\",\"p28_territorios\":\"Pr\\u00f3prio bairro\",\"p30_outrasorganizacoes\":\"Sim\",\"p32_campanhadelongaduracao\":\"Sim\",\"p34_municipal\":\"Municipal\",\"p34_nenhuma\":\"Nenhuma\",\"p36_conselhosdeparticipacaoecontrolesocial\":\"N\\u00e3o\",\"p38_sim\":\"Sim\",\"p38_nenhum\":\"Nenhum\",\"p40_editais\":\"N\\u00e3o\",\"p41_autofinanciamento\":\"Autofinanciamento\",\"p42_meiodedivulgacaoproprio\":\"Sim\",\"p43_email\":\"E-mail\",\"p43_facebook\":\"Facebook\",\"p43_whatsapp\":\"WhatsApp\",\"p43_instagram\":\"Instagram\",\"p44_redessociais\":\"Redes sociais (Facebook, YouTube, Instagram etc.)\",\"p44_sitesblogs\":\"Sites ou Blogs\",\"p39_publico\":\"MORADORES COMUNIDADE\",\"p45_bandeira\":\"ANTIRRACISMO SOCIALISMO\",\"p46_hashtags\":\"#SOCIALISMO #MARXISMO #ANTIRRACISMO\"},{\"p1_eixo\":\"Cultura\",\"p9_tipoorganizacao\":\"Coletivo Art\\u00edstico\",\"p12_uf\":\"RJ\",\"p13_cidade\":\"RIO DE JANEIRO\",\"p16_cidade\":\"Cidade\",\"p16_nacional\":\"Nacional\",\"p17_ano\":\"2005\",\"p18_agrario\":\"Agr\\u00e1rio\\\/ruralidades\",\"p18_comunicacao\":\"Comunica\\u00e7\\u00e3o\",\"p18_difusaoartistica\":\"Difus\\u00e3o Art\\u00edstica\",\"p18_desenvolvimentoterritorial\":\"Desenvolvimento territorial\",\"p18_direitoshumanos\":\"Direitos humanos\",\"p18_educacao\":\"Educa\\u00e7\\u00e3o\",\"p18_feminismos\":\"Feminismos\",\"p18_lgbtqi\":\"LGBTQI\",\"p18_lutaantirracismo\":\"Luta antirracismo\",\"p18_mobilidade\":\"Mobilidade\",\"p18_moradia\":\"Moradia\",\"p18_povosecomunidadestradicionais\":\"Povos e comunidades tradicionais\",\"p18_trabalho\":\"Trabalho\",\"p18_religiao\":\"Religi\\u00e3o\",\"p18_saude\":\"Sa\\u00fade\",\"p18_violencia\":\"Viol\\u00eancia\",\"p18_politicasculturais\":\"Pol\\u00edticas Culturais\",\"p19_educacao\":\"Educa\\u00e7\\u00e3o\",\"p19_povosecomunidadestradicionais\":\"Povos e comunidades tradicionais\",\"p19_trabalho\":\"Trabalho\",\"p19_difusaoartistica\":\"Difus\\u00e3o Art\\u00edstica\",\"p20_oficinas\":\"Oficinas\",\"p20_oficinasaulasartisticas\":\"Ensaios\\\/Oficinas\\\/Aulas art\\u00edsticas\",\"p20_formacao\":\"Forma\\u00e7\\u00e3o\",\"p20_apresentacoesartisticas\":\"Apresenta\\u00e7\\u00f5es art\\u00edsticas\",\"p21_repressaopolicial\":\"Repress\\u00e3o policial\",\"p21_machismo\":\"Machismo\",\"p21_racismo\":\"Racismo\",\"p22_numerodeparticipantes\":\"1  - 15\",\"p23_oficinas\":\"Oficinas\",\"p23_oficinasaulasartisticas\":\"Ensaio\\\/Oficinas\\\/Aulas Art\\u00edsticas\",\"p23_formacao\":\"Forma\\u00e7\\u00e3o\",\"p24_apresentacoesartisticas\":\"Apresenta\\u00e7\\u00f5es art\\u00edsticas\",\"p25_numerodepessoas\":\"40 - 60\",\"p26_numerodepessoas\":\"40 - 60\",\"p27_espacoemprestadocedido\":\"Espa\\u00e7o emprestado\\\/cedido\",\"p28_territorios\":\"Cidade\",\"p30_outrasorganizacoes\":\"N\\u00e3o\",\"p32_campanhadelongaduracao\":\"N\\u00e3o\",\"p34_municipal\":\"Municipal\",\"p34_nenhuma\":\"Nenhuma\",\"p36_conselhosdeparticipacaoecontrolesocial\":\"N\\u00e3o\",\"p38_nenhum\":\"Nenhum\",\"p40_editais\":\"Sim\",\"p41_autofinanciamento\":\"Autofinanciamento\",\"p42_meiodedivulgacaoproprio\":\"Sim\",\"p43_email\":\"E-mail\",\"p43_facebook\":\"Facebook\",\"p43_instagram\":\"Instagram\",\"p44_redessociais\":\"Redes sociais (Facebook, YouTube, Instagram etc.)\",\"p44_sitesblogs\":\"Sites ou Blogs\",\"p44_nenhum\":\"Nenhum\",\"p39_publico\":\"TODOS\",\"p45_bandeira\":\"COLABORA\\u00c7\\u00c3O DIFUS\\u00c3O ART\\u00cdSTICA TRADICIONAL BRASILEIRA ORAIS CORPORAIS CR\\u00cdTICA CIDAD\\u00c3\",\"p46_hashtags\":\"#SALVEASMESTRASEMESTRESPOPULARES #SIMBORANAPISADA #ATUACAOCRITICASENSIVELECIDADA\"},{\"p1_eixo\":\"Cultura\",\"p9_tipoorganizacao\":\"Movimento Social\",\"p12_uf\":\"RJ\",\"p13_cidade\":\"VOLTA REDONDA\",\"p16_nacional\":\"Nacional\",\"p17_ano\":\"2009\",\"p16_estado\":\"Estado\",\"p18_difusaoartistica\":\"Difus\\u00e3o Art\\u00edstica\",\"p18_desenvolvimentoterritorial\":\"Desenvolvimento territorial\",\"p18_direitoshumanos\":\"Direitos humanos\",\"p18_educacao\":\"Educa\\u00e7\\u00e3o\",\"p18_lutaantirracismo\":\"Luta antirracismo\",\"p18_mobilidade\":\"Mobilidade\",\"p18_povosecomunidadestradicionais\":\"Povos e comunidades tradicionais\",\"p18_trabalho\":\"Trabalho\",\"p18_saude\":\"Sa\\u00fade\",\"p18_violencia\":\"Viol\\u00eancia\",\"p18_politicasculturais\":\"Pol\\u00edticas Culturais\",\"p19_direitoshumanos\":\"Direitos humanos\",\"p19_educacao\":\"Educa\\u00e7\\u00e3o\",\"p19_trabalho\":\"Trabalho\",\"p19_saude\":\"Sa\\u00fade\",\"p19_difusaoartistica\":\"Difus\\u00e3o Art\\u00edstica\",\"p20_reunioes\":\"Reuni\\u00f5es\",\"p20_atendimento\":\"Atendimento\",\"p20_oficinas\":\"Oficinas\",\"p20_oficinasaulasartisticas\":\"Ensaios\\\/Oficinas\\\/Aulas art\\u00edsticas\",\"p20_formacao\":\"Forma\\u00e7\\u00e3o\",\"p20_apresentacoesartisticas\":\"Apresenta\\u00e7\\u00f5es art\\u00edsticas\",\"p21_intoleranciareligiosa\":\"Fundamentalismo\\\/intoler\\u00e2ncia religiosa\",\"p21_racismo\":\"Racismo\",\"p22_numerodeparticipantes\":\"1  - 15\",\"p23_atendimento\":\"Atendimento\",\"p23_oficinas\":\"Oficinas\",\"p23_oficinasaulasartisticas\":\"Ensaio\\\/Oficinas\\\/Aulas Art\\u00edsticas\",\"p23_formacao\":\"Forma\\u00e7\\u00e3o\",\"p23_outros\":\"Outros\",\"p24_apresentacoesartisticas\":\"Apresenta\\u00e7\\u00f5es art\\u00edsticas\",\"p24_outros\":\"Outros\",\"p25_numerodepessoas\":\"40 - 60\",\"p26_numerodepessoas\":\"100 - 200\",\"p27_espacoemprestadocedido\":\"Espa\\u00e7o emprestado\\\/cedido\",\"p28_territorios\":\"Cidade\",\"p30_outrasorganizacoes\":\"Sim\",\"p32_campanhadelongaduracao\":\"N\\u00e3o\",\"p34_municipal\":\"Municipal\",\"p34_estadual\":\"Estadual\",\"p34_nacional\":\"Nacional\",\"p34_nenhuma\":\"Nenhuma\",\"p36_conselhosdeparticipacaoecontrolesocial\":\"Sim\",\"p38_sim\":\"Sim\",\"p38_nenhum\":\"Nenhum\",\"p40_editais\":\"N\\u00e3o\",\"p41_privadopf\":\"Privado (P. F\\u00edsica)\",\"p41_autofinanciamento\":\"Autofinanciamento\",\"p42_meiodedivulgacaoproprio\":\"Sim\",\"p43_facebook\":\"Facebook\",\"p43_whatsapp\":\"WhatsApp\",\"p44_redessociais\":\"Redes sociais (Facebook, YouTube, Instagram etc.)\",\"p44_sitesblogs\":\"Sites ou Blogs\",\"p44_nenhum\":\"Nenhum\",\"p39_publico\":\"CRIAN\\u00c7A\",\"p45_bandeira\":\"PREVEN\\u00c7\\u00c3O-USO-DROGAS NOVA VIS\\u00c3O VIDA CRIAN\\u00c7AS VULNERABILIDADE SOCIAL\",\"p46_hashtags\":\"#BATUQUE #LATA #FUTURO\"},{\"p1_eixo\":\"Trabalho\",\"p9_tipoorganizacao\":\"Associa\\u00e7\\u00e3o\",\"p12_uf\":\"MS\",\"p13_cidade\":\"CORUMB\\u00c1\",\"p17_ano\":\"2011\",\"p16_estado\":\"Estado\",\"p18_comunicacao\":\"Comunica\\u00e7\\u00e3o\",\"p18_difusaoartistica\":\"Difus\\u00e3o Art\\u00edstica\",\"p18_desenvolvimentoterritorial\":\"Desenvolvimento territorial\",\"p18_direitoshumanos\":\"Direitos humanos\",\"p18_educacao\":\"Educa\\u00e7\\u00e3o\",\"p18_feminismos\":\"Feminismos\",\"p18_lgbtqi\":\"LGBTQI\",\"p18_lutaantirracismo\":\"Luta antirracismo\",\"p18_povosecomunidadestradicionais\":\"Povos e comunidades tradicionais\",\"p18_trabalho\":\"Trabalho\",\"p18_saude\":\"Sa\\u00fade\",\"p18_violencia\":\"Viol\\u00eancia\",\"p18_politicasculturais\":\"Pol\\u00edticas Culturais\",\"p19_direitoshumanos\":\"Direitos humanos\",\"p19_educacao\":\"Educa\\u00e7\\u00e3o\",\"p19_feminismos\":\"Feminismos\",\"p19_saude\":\"Sa\\u00fade\",\"p19_difusaoartistica\":\"Difus\\u00e3o Art\\u00edstica\",\"p19_politicasculturais\":\"Pol\\u00edticas Culturais\",\"p20_reunioes\":\"Reuni\\u00f5es\",\"p20_atendimento\":\"Atendimento\",\"p20_oficinas\":\"Oficinas\",\"p20_oficinasaulasartisticas\":\"Ensaios\\\/Oficinas\\\/Aulas art\\u00edsticas\",\"p20_apresentacoesartisticas\":\"Apresenta\\u00e7\\u00f5es art\\u00edsticas\",\"p21_intoleranciareligiosa\":\"Fundamentalismo\\\/intoler\\u00e2ncia religiosa\",\"p21_machismo\":\"Machismo\",\"p21_racismo\":\"Racismo\",\"p22_numerodeparticipantes\":\"15 - 30\",\"p23_atendimento\":\"Atendimento\",\"p23_apresentacoesartisticas\":\"Apresenta\\u00e7\\u00f5es Art\\u00edsticas\",\"p23_outros\":\"Outros\",\"p24_oficinas\":\"Oficinas\",\"p24_oficinasaulasartisticas\":\"Ensaios\\\/Oficinas\\\/Aulas art\\u00edsticas\",\"p24_outros\":\"Outros\",\"p25_numerodepessoas\":\"100 - 200\",\"p26_numerodepessoas\":\"1 - 20\",\"p27_espacoemprestadocedido\":\"Espa\\u00e7o emprestado\\\/cedido\",\"p28_territorios\":\"Cidade\",\"p30_outrasorganizacoes\":\"Sim\",\"p32_campanhadelongaduracao\":\"N\\u00e3o\",\"p34_municipal\":\"Municipal\",\"p34_estadual\":\"Estadual\",\"p34_nacional\":\"Nacional\",\"p34_nenhuma\":\"Nenhuma\",\"p36_conselhosdeparticipacaoecontrolesocial\":\"Sim\",\"p38_sim\":\"Sim\",\"p38_nenhum\":\"Nenhum\",\"p40_editais\":\"Sim\",\"p41_privadopf\":\"Privado (P. F\\u00edsica)\",\"p41_autofinanciamento\":\"Autofinanciamento\",\"p42_meiodedivulgacaoproprio\":\"Sim\",\"p43_facebook\":\"Facebook\",\"p43_whatsapp\":\"WhatsApp\",\"p43_instagram\":\"Instagram\",\"p44_jornaisimpressosdegrandecirculacao\":\"Jornais impressos de grande circula\\u00e7\\u00e3o\",\"p44_jornaisimpressosdebairro\":\"Jornais impressos de bairro\",\"p44_redessociais\":\"Redes sociais (Facebook, YouTube, Instagram etc.)\",\"p44_sitesblogs\":\"Sites ou Blogs\",\"p39_publico\":\"DOENCA FALCIFORME FAMILIARES\",\"p45_bandeira\":\"SA\\u00daDE DIREITO LUTA SUS\",\"p46_hashtags\":\"#DOENCAFALSIFORME #SAUDECOMODIREITO #LUTOOULUTA\"},{\"p1_eixo\":\"Cultura\",\"p9_tipoorganizacao\":\"Coletivo Art\\u00edstico\",\"p12_uf\":\"MG\",\"p13_cidade\":\"IPATINGA\",\"p16_internacional\":\"Internacional\",\"p17_ano\":\"2014\",\"p16_estado\":\"Estado\",\"p18_comunicacao\":\"Comunica\\u00e7\\u00e3o\",\"p18_difusaoartistica\":\"Difus\\u00e3o Art\\u00edstica\",\"p18_desenvolvimentoterritorial\":\"Desenvolvimento territorial\",\"p18_direitoshumanos\":\"Direitos humanos\",\"p18_educacao\":\"Educa\\u00e7\\u00e3o\",\"p18_feminismos\":\"Feminismos\",\"p18_lgbtqi\":\"LGBTQI\",\"p18_lutaantirracismo\":\"Luta antirracismo\",\"p18_trabalho\":\"Trabalho\",\"p18_violencia\":\"Viol\\u00eancia\",\"p18_politicasculturais\":\"Pol\\u00edticas Culturais\",\"p19_desenvolvimentoterritorial\":\"Desenvolvimento territorial\",\"p19_feminismos\":\"Feminismos\",\"p19_difusaoartistica\":\"Difus\\u00e3o Art\\u00edstica\",\"p19_politicasculturais\":\"Pol\\u00edticas Culturais\",\"p20_reunioes\":\"Reuni\\u00f5es\",\"p20_oficinas\":\"Oficinas\",\"p20_oficinasaulasartisticas\":\"Ensaios\\\/Oficinas\\\/Aulas art\\u00edsticas\",\"p20_apresentacoesartisticas\":\"Apresenta\\u00e7\\u00f5es art\\u00edsticas\",\"p21_machismo\":\"Machismo\",\"p21_racismo\":\"Racismo\",\"p21_lgbtqifobia\":\"LGBTIfobia\",\"p22_numerodeparticipantes\":\"1  - 15\",\"p23_oficinas\":\"Oficinas\",\"p23_oficinasaulasartisticas\":\"Ensaio\\\/Oficinas\\\/Aulas Art\\u00edsticas\",\"p23_apresentacoesartisticas\":\"Apresenta\\u00e7\\u00f5es Art\\u00edsticas\",\"p24_oficinas\":\"Oficinas\",\"p24_oficinasaulasartisticas\":\"Ensaios\\\/Oficinas\\\/Aulas art\\u00edsticas\",\"p24_apresentacoesartisticas\":\"Apresenta\\u00e7\\u00f5es art\\u00edsticas\",\"p24_outros\":\"Outros\",\"p25_numerodepessoas\":\"300 - 400\",\"p26_numerodepessoas\":\"20 - 40\",\"p27_espacopublico\":\"Espa\\u00e7o p\\u00fablico\",\"p27_espacoemprestadocedido\":\"Espa\\u00e7o emprestado\\\/cedido\",\"p28_territorios\":\"Estado\",\"p30_outrasorganizacoes\":\"Sim\",\"p32_campanhadelongaduracao\":\"N\\u00e3o\",\"p34_estadual\":\"Estadual\",\"p34_nenhuma\":\"Nenhuma\",\"p36_conselhosdeparticipacaoecontrolesocial\":\"N\\u00e3o\",\"p38_sim\":\"Sim\",\"p38_nenhum\":\"Nenhum\",\"p40_editais\":\"Sim\",\"p41_publicoestatal\":\"P\\u00fablico-Estatal\",\"p41_privadopj\":\"Privado (P. Jur\\u00eddica)\",\"p41_autofinanciamento\":\"Autofinanciamento\",\"p42_meiodedivulgacaoproprio\":\"Sim\",\"p43_facebook\":\"Facebook\",\"p43_instagram\":\"Instagram\",\"p43_sitesblogs\":\"Blogs\\\/sites\",\"p44_jornaisimpressosdegrandecirculacao\":\"Jornais impressos de grande circula\\u00e7\\u00e3o\",\"p44_jornaisimpressosdebairro\":\"Jornais impressos de bairro\",\"p44_redessociais\":\"Redes sociais (Facebook, YouTube, Instagram etc.)\",\"p44_sitesblogs\":\"Sites ou Blogs\",\"p39_publico\":\"TODOS\",\"p45_bandeira\":\"IGUALDADE G\\u00caNERO\",\"p46_hashtags\":\"#IGUALDADEDEGENERO #LIBERDADEDEEXPRESSAO #FEMINISMO\"},{\"p1_eixo\":\"Cultura\",\"p9_tipoorganizacao\":\"Associa\\u00e7\\u00e3o\",\"p12_uf\":\"MG\",\"p13_cidade\":\"IPATINGA\",\"p16_cidade\":\"Cidade\",\"p16_internacional\":\"Internacional\",\"p17_ano\":\"2002\",\"p18_comunicacao\":\"Comunica\\u00e7\\u00e3o\",\"p18_difusaoartistica\":\"Difus\\u00e3o Art\\u00edstica\",\"p18_desenvolvimentoterritorial\":\"Desenvolvimento territorial\",\"p18_direitoshumanos\":\"Direitos humanos\",\"p18_educacao\":\"Educa\\u00e7\\u00e3o\",\"p18_feminismos\":\"Feminismos\",\"p18_lgbtqi\":\"LGBTQI\",\"p18_mobilidade\":\"Mobilidade\",\"p18_moradia\":\"Moradia\",\"p18_trabalho\":\"Trabalho\",\"p18_saude\":\"Sa\\u00fade\",\"p18_violencia\":\"Viol\\u00eancia\",\"p18_politicasculturais\":\"Pol\\u00edticas Culturais\",\"p19_desenvolvimentoterritorial\":\"Desenvolvimento territorial\",\"p19_mobilidade\":\"Mobilidade\",\"p19_moradia\":\"Moradia\",\"p19_saude\":\"Sa\\u00fade\",\"p19_difusaoartistica\":\"Difus\\u00e3o Art\\u00edstica\",\"p19_politicasculturais\":\"Pol\\u00edticas Culturais\",\"p20_reunioes\":\"Reuni\\u00f5es\",\"p20_oficinas\":\"Oficinas\",\"p20_oficinasaulasartisticas\":\"Ensaios\\\/Oficinas\\\/Aulas art\\u00edsticas\",\"p20_apresentacoesartisticas\":\"Apresenta\\u00e7\\u00f5es art\\u00edsticas\",\"p21_repressaopolicial\":\"Repress\\u00e3o policial\",\"p21_xenofobia\":\"Xenofobia\",\"p21_machismo\":\"Machismo\",\"p21_racismo\":\"Racismo\",\"p21_lgbtqifobia\":\"LGBTIfobia\",\"p21_enfrentamentocomgruposprivadosarmados\":\"Enfrentamento com grupos privados armados\",\"p22_numerodeparticipantes\":\"1  - 15\",\"p23_reunioes\":\"Reuni\\u00f5es\",\"p23_oficinas\":\"Oficinas\",\"p23_oficinasaulasartisticas\":\"Ensaio\\\/Oficinas\\\/Aulas Art\\u00edsticas\",\"p23_apresentacoesartisticas\":\"Apresenta\\u00e7\\u00f5es Art\\u00edsticas\",\"p23_outros\":\"Outros\",\"p24_apresentacoesartisticas\":\"Apresenta\\u00e7\\u00f5es art\\u00edsticas\",\"p24_outros\":\"Outros\",\"p25_numerodepessoas\":\"20 - 40\",\"p26_numerodepessoas\":\"Mais de 500\",\"p27_espacopublico\":\"Espa\\u00e7o p\\u00fablico\",\"p27_espacoproprio\":\"Espa\\u00e7o pr\\u00f3prio\",\"p28_territorios\":\"Cidade\",\"p30_outrasorganizacoes\":\"Sim\",\"p32_campanhadelongaduracao\":\"Sim\",\"p34_municipal\":\"Municipal\",\"p34_estadual\":\"Estadual\",\"p34_nacional\":\"Nacional\",\"p36_conselhosdeparticipacaoecontrolesocial\":\"Sim\",\"p38_sim\":\"Sim\",\"p40_editais\":\"Sim\",\"p41_publicoestatal\":\"P\\u00fablico-Estatal\",\"p41_privadopf\":\"Privado (P. F\\u00edsica)\",\"p41_privadopj\":\"Privado (P. Jur\\u00eddica)\",\"p41_autofinanciamento\":\"Autofinanciamento\",\"p42_meiodedivulgacaoproprio\":\"Sim\",\"p43_impressoes\":\"Impressos\",\"p43_facebook\":\"Facebook\",\"p43_instagram\":\"Instagram\",\"p43_sitesblogs\":\"Blogs\\\/sites\",\"p43_nenhum\":\"Nenhum\",\"p44_radio\":\"R\\u00e1dio\",\"p44_jornaisimpressosdegrandecirculacao\":\"Jornais impressos de grande circula\\u00e7\\u00e3o\",\"p44_jornaisimpressosdebairro\":\"Jornais impressos de bairro\",\"p44_redessociais\":\"Redes sociais (Facebook, YouTube, Instagram etc.)\",\"p44_sitesblogs\":\"Sites ou Blogs\",\"p39_publico\":\"JOVENS ADULTOS IDOSOS\",\"p45_bandeira\":\"CONSTRU\\u00c7\\u00c3O POL\\u00cdTICAS CULTURAIS MUNIC\\u00cdPIO\",\"p46_hashtags\":\"#MOVIMENTO #POLITICAPUBLICADECULTURAPARATODOS #DANCAPRATODOMUNDO\"},{\"p1_eixo\":\"Trabalho\",\"p9_tipoorganizacao\":\"Associa\\u00e7\\u00e3o\",\"p12_uf\":\"RS\",\"p13_cidade\":\"CANOAS\",\"p16_cidade\":\"Cidade\",\"p16_nacional\":\"Nacional\",\"p17_ano\":\"1980\",\"p18_agrario\":\"Agr\\u00e1rio\\\/ruralidades\",\"p18_comunicacao\":\"Comunica\\u00e7\\u00e3o\",\"p18_difusaoartistica\":\"Difus\\u00e3o Art\\u00edstica\",\"p18_desenvolvimentoterritorial\":\"Desenvolvimento territorial\",\"p18_direitoshumanos\":\"Direitos humanos\",\"p18_educacao\":\"Educa\\u00e7\\u00e3o\",\"p18_feminismos\":\"Feminismos\",\"p18_lgbtqi\":\"LGBTQI\",\"p18_lutaantirracismo\":\"Luta antirracismo\",\"p18_mobilidade\":\"Mobilidade\",\"p18_moradia\":\"Moradia\",\"p18_povosecomunidadestradicionais\":\"Povos e comunidades tradicionais\",\"p18_trabalho\":\"Trabalho\",\"p18_religiao\":\"Religi\\u00e3o\",\"p18_saude\":\"Sa\\u00fade\",\"p18_violencia\":\"Viol\\u00eancia\",\"p18_politicasculturais\":\"Pol\\u00edticas Culturais\",\"p19_agrario\":\"Agr\\u00e1rio\\\/ruralidades\",\"p19_educacao\":\"Educa\\u00e7\\u00e3o\",\"p19_feminismos\":\"Feminismos\",\"p19_mobilidade\":\"Mobilidade\",\"p19_moradia\":\"Moradia\",\"p19_saude\":\"Sa\\u00fade\",\"p20_reunioes\":\"Reuni\\u00f5es\",\"p20_oficinas\":\"Oficinas\",\"p20_cursos\":\"Cursos\",\"p20_formacao\":\"Forma\\u00e7\\u00e3o\",\"p21_repressaopolicial\":\"Repress\\u00e3o policial\",\"p21_intoleranciareligiosa\":\"Fundamentalismo\\\/intoler\\u00e2ncia religiosa\",\"p21_xenofobia\":\"Xenofobia\",\"p21_machismo\":\"Machismo\",\"p21_racismo\":\"Racismo\",\"p21_lgbtqifobia\":\"LGBTIfobia\",\"p21_enfrentamentocomgruposprivadosarmados\":\"Enfrentamento com grupos privados armados\",\"p22_numerodeparticipantes\":\"30 - 45\",\"p23_reunioes\":\"Reuni\\u00f5es\",\"p23_oficinas\":\"Oficinas\",\"p23_oficinasaulasartisticas\":\"Ensaio\\\/Oficinas\\\/Aulas Art\\u00edsticas\",\"p23_cursos\":\"Cursos\",\"p23_formacao\":\"Forma\\u00e7\\u00e3o\",\"p23_outros\":\"Outros\",\"p24_outros\":\"Outros\",\"p25_numerodepessoas\":\"Mais de 500\",\"p26_numerodepessoas\":\"1 - 20\",\"p27_espacoproprio\":\"Espa\\u00e7o pr\\u00f3prio\",\"p28_territorios\":\"Pr\\u00f3prio bairro\",\"p30_outrasorganizacoes\":\"Sim\",\"p32_campanhadelongaduracao\":\"Sim\",\"p34_municipal\":\"Municipal\",\"p34_estadual\":\"Estadual\",\"p34_nacional\":\"Nacional\",\"p36_conselhosdeparticipacaoecontrolesocial\":\"Sim\",\"p38_sim\":\"Sim\",\"p40_editais\":\"Sim\",\"p41_privadopf\":\"Privado (P. F\\u00edsica)\",\"p41_autofinanciamento\":\"Autofinanciamento\",\"p42_meiodedivulgacaoproprio\":\"Sim\",\"p43_impressoes\":\"Impressos\",\"p43_email\":\"E-mail\",\"p43_sitesblogs\":\"Blogs\\\/sites\",\"p43_nenhum\":\"Nenhum\",\"p44_radio\":\"R\\u00e1dio\",\"p44_jornaisimpressosdegrandecirculacao\":\"Jornais impressos de grande circula\\u00e7\\u00e3o\",\"p44_jornaisimpressosdebairro\":\"Jornais impressos de bairro\",\"p44_redessociais\":\"Redes sociais (Facebook, YouTube, Instagram etc.)\",\"p44_sitesblogs\":\"Sites ou Blogs\",\"p39_publico\":\"MORADORES\",\"p45_bandeira\":\"MORADIA TITULARIZA\\u00c7\\u00c3O TERRENOS EDUCA\\u00c7\\u00c3O\",\"p46_hashtags\":\"#LUTARCONSTRUIRSEMPRE\"},{\"p1_eixo\":\"Trabalho\",\"p9_tipoorganizacao\":\"ONG\",\"p12_uf\":\"PR\",\"p13_cidade\":\"CURITIBA\",\"p16_nacional\":\"Nacional\",\"p16_internacional\":\"Internacional\",\"p17_ano\":\"1982\",\"p18_agrario\":\"Agr\\u00e1rio\\\/ruralidades\",\"p18_comunicacao\":\"Comunica\\u00e7\\u00e3o\",\"p18_difusaoartistica\":\"Difus\\u00e3o Art\\u00edstica\",\"p18_desenvolvimentoterritorial\":\"Desenvolvimento territorial\",\"p18_direitoshumanos\":\"Direitos humanos\",\"p18_educacao\":\"Educa\\u00e7\\u00e3o\",\"p18_feminismos\":\"Feminismos\",\"p18_lgbtqi\":\"LGBTQI\",\"p18_lutaantirracismo\":\"Luta antirracismo\",\"p18_mobilidade\":\"Mobilidade\",\"p18_moradia\":\"Moradia\",\"p18_povosecomunidadestradicionais\":\"Povos e comunidades tradicionais\",\"p18_trabalho\":\"Trabalho\",\"p18_religiao\":\"Religi\\u00e3o\",\"p18_saude\":\"Sa\\u00fade\",\"p18_violencia\":\"Viol\\u00eancia\",\"p18_politicasculturais\":\"Pol\\u00edticas Culturais\",\"p19_agrario\":\"Agr\\u00e1rio\\\/ruralidades\",\"p19_direitoshumanos\":\"Direitos humanos\",\"p19_educacao\":\"Educa\\u00e7\\u00e3o\",\"p19_feminismos\":\"Feminismos\",\"p19_difusaoartistica\":\"Difus\\u00e3o Art\\u00edstica\",\"p19_politicasculturais\":\"Pol\\u00edticas Culturais\",\"p20_oficinas\":\"Oficinas\",\"p20_oficinasaulasartisticas\":\"Ensaios\\\/Oficinas\\\/Aulas art\\u00edsticas\",\"p20_cursos\":\"Cursos\",\"p20_formacao\":\"Forma\\u00e7\\u00e3o\",\"p20_apresentacoesartisticas\":\"Apresenta\\u00e7\\u00f5es art\\u00edsticas\",\"p21_repressaopolicial\":\"Repress\\u00e3o policial\",\"p21_intoleranciareligiosa\":\"Fundamentalismo\\\/intoler\\u00e2ncia religiosa\",\"p21_xenofobia\":\"Xenofobia\",\"p21_machismo\":\"Machismo\",\"p21_racismo\":\"Racismo\",\"p21_lgbtqifobia\":\"LGBTIfobia\",\"p21_enfrentamentocomgruposprivadosarmados\":\"Enfrentamento com grupos privados armados\",\"p22_numerodeparticipantes\":\"1  - 15\",\"p23_oficinas\":\"Oficinas\",\"p23_oficinasaulasartisticas\":\"Ensaio\\\/Oficinas\\\/Aulas Art\\u00edsticas\",\"p23_cursos\":\"Cursos\",\"p23_formacao\":\"Forma\\u00e7\\u00e3o\",\"p23_apresentacoesartisticas\":\"Apresenta\\u00e7\\u00f5es Art\\u00edsticas\",\"p24_oficinas\":\"Oficinas\",\"p24_oficinasaulasartisticas\":\"Ensaios\\\/Oficinas\\\/Aulas art\\u00edsticas\",\"p24_outros\":\"Outros\",\"p25_numerodepessoas\":\"1 - 20\",\"p26_numerodepessoas\":\"100 - 200\",\"p27_espacoemprestadocedido\":\"Espa\\u00e7o emprestado\\\/cedido\",\"p27_espacoproprio\":\"Espa\\u00e7o pr\\u00f3prio\",\"p28_territorios\":\"Cidade\",\"p30_outrasorganizacoes\":\"Sim\",\"p32_campanhadelongaduracao\":\"Sim\",\"p34_estadual\":\"Estadual\",\"p34_nenhuma\":\"Nenhuma\",\"p36_conselhosdeparticipacaoecontrolesocial\":\"Sim\",\"p38_sim\":\"Sim\",\"p40_editais\":\"Sim\",\"p41_privadopf\":\"Privado (P. F\\u00edsica)\",\"p41_autofinanciamento\":\"Autofinanciamento\",\"p42_meiodedivulgacaoproprio\":\"Sim\",\"p43_email\":\"E-mail\",\"p43_facebook\":\"Facebook\",\"p43_instagram\":\"Instagram\",\"p43_sitesblogs\":\"Blogs\\\/sites\",\"p44_radio\":\"R\\u00e1dio\",\"p44_jornaisimpressosdegrandecirculacao\":\"Jornais impressos de grande circula\\u00e7\\u00e3o\",\"p44_jornaisimpressosdebairro\":\"Jornais impressos de bairro\",\"p44_redessociais\":\"Redes sociais (Facebook, YouTube, Instagram etc.)\",\"p44_sitesblogs\":\"Sites ou Blogs\",\"p39_publico\":\"JOVENS MULHERES\",\"p45_bandeira\":\"DIREITOS HUMANOS REFORMA AGR\\u00c1RIA ECONOMIA SOLID\\u00c1RIA DEFESA DIREITOS LUTAS MINORIAS\",\"p46_hashtags\":\"#DIREITOSDASMINORIAS\"},{\"p1_eixo\":\"Cultura\",\"p9_tipoorganizacao\":\"Coletivo Art\\u00edstico\",\"p12_uf\":\"PR\",\"p13_cidade\":\"CURITIBA\",\"p16_internacional\":\"Internacional\",\"p17_ano\":\"2012\",\"p16_estado\":\"Estado\",\"p18_agrario\":\"Agr\\u00e1rio\\\/ruralidades\",\"p18_comunicacao\":\"Comunica\\u00e7\\u00e3o\",\"p18_difusaoartistica\":\"Difus\\u00e3o Art\\u00edstica\",\"p18_desenvolvimentoterritorial\":\"Desenvolvimento territorial\",\"p18_direitoshumanos\":\"Direitos humanos\",\"p18_educacao\":\"Educa\\u00e7\\u00e3o\",\"p18_feminismos\":\"Feminismos\",\"p18_lgbtqi\":\"LGBTQI\",\"p18_lutaantirracismo\":\"Luta antirracismo\",\"p18_mobilidade\":\"Mobilidade\",\"p18_moradia\":\"Moradia\",\"p18_povosecomunidadestradicionais\":\"Povos e comunidades tradicionais\",\"p18_trabalho\":\"Trabalho\",\"p18_religiao\":\"Religi\\u00e3o\",\"p18_saude\":\"Sa\\u00fade\",\"p18_violencia\":\"Viol\\u00eancia\",\"p18_politicasculturais\":\"Pol\\u00edticas Culturais\",\"p19_direitoshumanos\":\"Direitos humanos\",\"p19_educacao\":\"Educa\\u00e7\\u00e3o\",\"p19_lutaantirracismo\":\"Luta antirracismo\",\"p19_saude\":\"Sa\\u00fade\",\"p19_difusaoartistica\":\"Difus\\u00e3o Art\\u00edstica\",\"p19_politicasculturais\":\"Pol\\u00edticas Culturais\",\"p20_oficinas\":\"Oficinas\",\"p20_oficinasaulasartisticas\":\"Ensaios\\\/Oficinas\\\/Aulas art\\u00edsticas\",\"p20_cursos\":\"Cursos\",\"p20_apresentacoesartisticas\":\"Apresenta\\u00e7\\u00f5es art\\u00edsticas\",\"p21_repressaopolicial\":\"Repress\\u00e3o policial\",\"p21_intoleranciareligiosa\":\"Fundamentalismo\\\/intoler\\u00e2ncia religiosa\",\"p21_machismo\":\"Machismo\",\"p21_racismo\":\"Racismo\",\"p21_lgbtqifobia\":\"LGBTIfobia\",\"p21_enfrentamentocomgruposprivadosarmados\":\"Enfrentamento com grupos privados armados\",\"p22_numerodeparticipantes\":\"1  - 15\",\"p23_cursos\":\"Cursos\",\"p23_apresentacoesartisticas\":\"Apresenta\\u00e7\\u00f5es Art\\u00edsticas\",\"p23_outros\":\"Outros\",\"p24_oficinas\":\"Oficinas\",\"p24_oficinasaulasartisticas\":\"Ensaios\\\/Oficinas\\\/Aulas art\\u00edsticas\",\"p24_outros\":\"Outros\",\"p25_numerodepessoas\":\"100 - 200\",\"p26_numerodepessoas\":\"100 - 200\",\"p27_espacoemprestadocedido\":\"Espa\\u00e7o emprestado\\\/cedido\",\"p27_espacoproprio\":\"Espa\\u00e7o pr\\u00f3prio\",\"p28_territorios\":\"Cidade\",\"p30_outrasorganizacoes\":\"Sim\",\"p32_campanhadelongaduracao\":\"N\\u00e3o\",\"p34_estadual\":\"Estadual\",\"p34_nacional\":\"Nacional\",\"p34_nenhuma\":\"Nenhuma\",\"p36_conselhosdeparticipacaoecontrolesocial\":\"Sim\",\"p38_sim\":\"Sim\",\"p40_editais\":\"N\\u00e3o\",\"p41_privadopf\":\"Privado (P. F\\u00edsica)\",\"p41_autofinanciamento\":\"Autofinanciamento\",\"p42_meiodedivulgacaoproprio\":\"Sim\",\"p43_email\":\"E-mail\",\"p43_facebook\":\"Facebook\",\"p43_instagram\":\"Instagram\",\"p44_radio\":\"R\\u00e1dio\",\"p44_jornaisimpressosdegrandecirculacao\":\"Jornais impressos de grande circula\\u00e7\\u00e3o\",\"p44_jornaisimpressosdebairro\":\"Jornais impressos de bairro\",\"p44_redessociais\":\"Redes sociais (Facebook, YouTube, Instagram etc.)\",\"p44_sitesblogs\":\"Sites ou Blogs\",\"p39_publico\":\"ADOLESCENTES JOVENS ADULTOS\",\"p45_bandeira\":\"VOZ CLASSES OPRIMIDAS TRABALHO ART\\u00cdSTICO\",\"p46_hashtags\":\"#RESISTENCIA #DIREITOSHUMANOS #ARTE\"},{\"p1_eixo\":\"Trabalho\",\"p9_tipoorganizacao\":\"Sindicato\",\"p12_uf\":\"MS\",\"p13_cidade\":\"CAMPO GRANDE\",\"p16_cidade\":\"Cidade\",\"p17_ano\":\"1992\",\"p16_estado\":\"Estado\",\"p18_agrario\":\"Agr\\u00e1rio\\\/ruralidades\",\"p18_comunicacao\":\"Comunica\\u00e7\\u00e3o\",\"p18_difusaoartistica\":\"Difus\\u00e3o Art\\u00edstica\",\"p18_desenvolvimentoterritorial\":\"Desenvolvimento territorial\",\"p18_direitoshumanos\":\"Direitos humanos\",\"p18_educacao\":\"Educa\\u00e7\\u00e3o\",\"p18_feminismos\":\"Feminismos\",\"p18_lgbtqi\":\"LGBTQI\",\"p18_lutaantirracismo\":\"Luta antirracismo\",\"p18_mobilidade\":\"Mobilidade\",\"p18_moradia\":\"Moradia\",\"p18_povosecomunidadestradicionais\":\"Povos e comunidades tradicionais\",\"p18_trabalho\":\"Trabalho\",\"p18_religiao\":\"Religi\\u00e3o\",\"p18_saude\":\"Sa\\u00fade\",\"p18_violencia\":\"Viol\\u00eancia\",\"p18_politicasculturais\":\"Pol\\u00edticas Culturais\",\"p19_educacao\":\"Educa\\u00e7\\u00e3o\",\"p19_lutaantirracismo\":\"Luta antirracismo\",\"p19_povosecomunidadestradicionais\":\"Povos e comunidades tradicionais\",\"p19_saude\":\"Sa\\u00fade\",\"p19_violencia\":\"Viol\\u00eancia\",\"p19_politicasculturais\":\"Pol\\u00edticas Culturais\",\"p20_reunioes\":\"Reuni\\u00f5es\",\"p20_oficinas\":\"Oficinas\",\"p20_oficinasaulasartisticas\":\"Ensaios\\\/Oficinas\\\/Aulas art\\u00edsticas\",\"p21_repressaopolicial\":\"Repress\\u00e3o policial\",\"p21_intoleranciareligiosa\":\"Fundamentalismo\\\/intoler\\u00e2ncia religiosa\",\"p21_machismo\":\"Machismo\",\"p21_racismo\":\"Racismo\",\"p21_lgbtqifobia\":\"LGBTIfobia\",\"p21_enfrentamentocomgruposprivadosarmados\":\"Enfrentamento com grupos privados armados\",\"p22_numerodeparticipantes\":\"Mais de 90\",\"p23_oficinas\":\"Oficinas\",\"p23_oficinasaulasartisticas\":\"Ensaio\\\/Oficinas\\\/Aulas Art\\u00edsticas\",\"p23_outros\":\"Outros\",\"p24_apresentacoesartisticas\":\"Apresenta\\u00e7\\u00f5es art\\u00edsticas\",\"p24_outros\":\"Outros\",\"p25_numerodepessoas\":\"Mais de 500\",\"p26_numerodepessoas\":\"Mais de 500\",\"p27_espacoemprestadocedido\":\"Espa\\u00e7o emprestado\\\/cedido\",\"p27_espacoproprio\":\"Espa\\u00e7o pr\\u00f3prio\",\"p28_territorios\":\"Estado\",\"p30_outrasorganizacoes\":\"N\\u00e3o\",\"p32_campanhadelongaduracao\":\"N\\u00e3o\",\"p34_municipal\":\"Municipal\",\"p34_estadual\":\"Estadual\",\"p34_nacional\":\"Nacional\",\"p36_conselhosdeparticipacaoecontrolesocial\":\"Sim\",\"p38_sim\":\"Sim\",\"p40_editais\":\"Sim\",\"p41_privadopf\":\"Privado (P. F\\u00edsica)\",\"p41_autofinanciamento\":\"Autofinanciamento\",\"p42_meiodedivulgacaoproprio\":\"Sim\",\"p43_email\":\"E-mail\",\"p43_facebook\":\"Facebook\",\"p43_nenhum\":\"Nenhum\",\"p44_radio\":\"R\\u00e1dio\",\"p44_jornaisimpressosdebairro\":\"Jornais impressos de bairro\",\"p44_redessociais\":\"Redes sociais (Facebook, YouTube, Instagram etc.)\",\"p44_sitesblogs\":\"Sites ou Blogs\",\"p39_publico\":\"TRABALHADORES SA\\u00daDE\",\"p45_bandeira\":\"REIVINDICA\\u00c7\\u00c3O SALARIAL ENFRENTAMENTO CONTRA MULHER MORADIA LUTA ANTIRRACISMO\",\"p46_hashtags\":\"#CONTRATODASASDISCRIMINACOESEOPERESSORES\"},{\"p1_eixo\":\"Cultura\",\"p9_tipoorganizacao\":\"Instituto\",\"p12_uf\":\"MS\",\"p13_cidade\":\"CORUMB\\u00c1\",\"p16_cidade\":\"Cidade\",\"p17_ano\":\"2011\",\"p16_estado\":\"Estado\",\"p18_agrario\":\"Agr\\u00e1rio\\\/ruralidades\",\"p18_comunicacao\":\"Comunica\\u00e7\\u00e3o\",\"p18_difusaoartistica\":\"Difus\\u00e3o Art\\u00edstica\",\"p18_desenvolvimentoterritorial\":\"Desenvolvimento territorial\",\"p18_direitoshumanos\":\"Direitos humanos\",\"p18_educacao\":\"Educa\\u00e7\\u00e3o\",\"p18_feminismos\":\"Feminismos\",\"p18_lgbtqi\":\"LGBTQI\",\"p18_lutaantirracismo\":\"Luta antirracismo\",\"p18_mobilidade\":\"Mobilidade\",\"p18_moradia\":\"Moradia\",\"p18_povosecomunidadestradicionais\":\"Povos e comunidades tradicionais\",\"p18_trabalho\":\"Trabalho\",\"p18_religiao\":\"Religi\\u00e3o\",\"p18_saude\":\"Sa\\u00fade\",\"p18_violencia\":\"Viol\\u00eancia\",\"p18_politicasculturais\":\"Pol\\u00edticas Culturais\",\"p19_educacao\":\"Educa\\u00e7\\u00e3o\",\"p19_povosecomunidadestradicionais\":\"Povos e comunidades tradicionais\",\"p19_trabalho\":\"Trabalho\",\"p19_violencia\":\"Viol\\u00eancia\",\"p19_politicasculturais\":\"Pol\\u00edticas Culturais\",\"p20_reunioes\":\"Reuni\\u00f5es\",\"p20_oficinas\":\"Oficinas\",\"p20_oficinasaulasartisticas\":\"Ensaios\\\/Oficinas\\\/Aulas art\\u00edsticas\",\"p20_profissionalizacao\":\"Profissionaliza\\u00e7\\u00e3o\",\"p21_repressaopolicial\":\"Repress\\u00e3o policial\",\"p21_intoleranciareligiosa\":\"Fundamentalismo\\\/intoler\\u00e2ncia religiosa\",\"p21_xenofobia\":\"Xenofobia\",\"p21_machismo\":\"Machismo\",\"p21_racismo\":\"Racismo\",\"p21_lgbtqifobia\":\"LGBTIfobia\",\"p21_enfrentamentocomgruposprivadosarmados\":\"Enfrentamento com grupos privados armados\",\"p22_numerodeparticipantes\":\"1  - 15\",\"p23_oficinas\":\"Oficinas\",\"p23_oficinasaulasartisticas\":\"Ensaio\\\/Oficinas\\\/Aulas Art\\u00edsticas\",\"p23_apresentacoesartisticas\":\"Apresenta\\u00e7\\u00f5es Art\\u00edsticas\",\"p23_outros\":\"Outros\",\"p24_oficinas\":\"Oficinas\",\"p24_apresentacoesartisticas\":\"Apresenta\\u00e7\\u00f5es art\\u00edsticas\",\"p24_outros\":\"Outros\",\"p25_numerodepessoas\":\"1 - 20\",\"p26_numerodepessoas\":\"Mais de 500\",\"p27_espacoemprestadocedido\":\"Espa\\u00e7o emprestado\\\/cedido\",\"p27_espacoproprio\":\"Espa\\u00e7o pr\\u00f3prio\",\"p28_territorios\":\"Regi\\u00e3o da Cidade\",\"p30_outrasorganizacoes\":\"Sim\",\"p32_campanhadelongaduracao\":\"N\\u00e3o\",\"p34_municipal\":\"Municipal\",\"p34_nenhuma\":\"Nenhuma\",\"p36_conselhosdeparticipacaoecontrolesocial\":\"Sim\",\"p38_sim\":\"Sim\",\"p38_nenhum\":\"Nenhum\",\"p40_editais\":\"Sim\",\"p41_autofinanciamento\":\"Autofinanciamento\",\"p42_meiodedivulgacaoproprio\":\"Sim\",\"p43_facebook\":\"Facebook\",\"p43_nenhum\":\"Nenhum\",\"p44_radio\":\"TV\",\"p44_jornaisimpressosdegrandecirculacao\":\"Jornais impressos de grande circula\\u00e7\\u00e3o\",\"p44_jornaisimpressosdebairro\":\"Jornais impressos de bairro\",\"p44_redessociais\":\"Redes sociais (Facebook, YouTube, Instagram etc.)\",\"p39_publico\":\"JOVENS ADOLESCENTES\",\"p45_bandeira\":\"LUTA CONTRA MULHER NEGRA VISIBILIDADE MULHER NEGRA AUTOESTIMA MULHER NEGRA\",\"p46_hashtags\":\"#EMPODERAMENTO #MULHERNEGRA #RESISTENCIA\"},{\"p1_eixo\":\"Cultura\",\"p9_tipoorganizacao\":\"Coletivo\",\"p12_uf\":\"RJ\",\"p13_cidade\":\"VOLTA REDONDA\",\"p17_ano\":\"2006\",\"p16_estado\":\"Estado\",\"p18_agrario\":\"Agr\\u00e1rio\\\/ruralidades\",\"p18_comunicacao\":\"Comunica\\u00e7\\u00e3o\",\"p18_difusaoartistica\":\"Difus\\u00e3o Art\\u00edstica\",\"p18_desenvolvimentoterritorial\":\"Desenvolvimento territorial\",\"p18_direitoshumanos\":\"Direitos humanos\",\"p18_educacao\":\"Educa\\u00e7\\u00e3o\",\"p18_feminismos\":\"Feminismos\",\"p18_lgbtqi\":\"LGBTQI\",\"p18_lutaantirracismo\":\"Luta antirracismo\",\"p18_mobilidade\":\"Mobilidade\",\"p18_moradia\":\"Moradia\",\"p18_povosecomunidadestradicionais\":\"Povos e comunidades tradicionais\",\"p18_trabalho\":\"Trabalho\",\"p18_religiao\":\"Religi\\u00e3o\",\"p18_saude\":\"Sa\\u00fade\",\"p18_violencia\":\"Viol\\u00eancia\",\"p18_politicasculturais\":\"Pol\\u00edticas Culturais\",\"p19_direitoshumanos\":\"Direitos humanos\",\"p19_educacao\":\"Educa\\u00e7\\u00e3o\",\"p19_lutaantirracismo\":\"Luta antirracismo\",\"p19_trabalho\":\"Trabalho\",\"p19_violencia\":\"Viol\\u00eancia\",\"p19_politicasculturais\":\"Pol\\u00edticas Culturais\",\"p20_oficinas\":\"Oficinas\",\"p20_oficinasaulasartisticas\":\"Ensaios\\\/Oficinas\\\/Aulas art\\u00edsticas\",\"p20_profissionalizacao\":\"Profissionaliza\\u00e7\\u00e3o\",\"p20_apresentacoesartisticas\":\"Apresenta\\u00e7\\u00f5es art\\u00edsticas\",\"p21_repressaopolicial\":\"Repress\\u00e3o policial\",\"p21_intoleranciareligiosa\":\"Fundamentalismo\\\/intoler\\u00e2ncia religiosa\",\"p21_xenofobia\":\"Xenofobia\",\"p21_machismo\":\"Machismo\",\"p21_racismo\":\"Racismo\",\"p21_lgbtqifobia\":\"LGBTIfobia\",\"p21_enfrentamentocomgruposprivadosarmados\":\"Enfrentamento com grupos privados armados\",\"p22_numerodeparticipantes\":\"1  - 15\",\"p23_oficinas\":\"Oficinas\",\"p23_oficinasaulasartisticas\":\"Ensaio\\\/Oficinas\\\/Aulas Art\\u00edsticas\",\"p23_apresentacoesartisticas\":\"Apresenta\\u00e7\\u00f5es Art\\u00edsticas\",\"p23_outros\":\"Outros\",\"p24_oficinas\":\"Oficinas\",\"p24_apresentacoesartisticas\":\"Apresenta\\u00e7\\u00f5es art\\u00edsticas\",\"p24_outros\":\"Outros\",\"p25_numerodepessoas\":\"80 - 100\",\"p26_numerodepessoas\":\"20 - 40\",\"p27_espacopublico\":\"Espa\\u00e7o p\\u00fablico\",\"p27_espacoemprestadocedido\":\"Espa\\u00e7o emprestado\\\/cedido\",\"p27_espacoproprio\":\"Espa\\u00e7o pr\\u00f3prio\",\"p28_territorios\":\"Cidade\",\"p30_outrasorganizacoes\":\"Sim\",\"p32_campanhadelongaduracao\":\"Sim\",\"p34_estadual\":\"Estadual\",\"p34_nenhuma\":\"Nenhuma\",\"p36_conselhosdeparticipacaoecontrolesocial\":\"Sim\",\"p38_sim\":\"Sim\",\"p38_nenhum\":\"Nenhum\",\"p40_editais\":\"Sim\",\"p41_autofinanciamento\":\"Autofinanciamento\",\"p42_meiodedivulgacaoproprio\":\"Sim\",\"p43_facebook\":\"Facebook\",\"p44_radio\":\"TV\",\"p44_jornaisimpressosdegrandecirculacao\":\"Jornais impressos de grande circula\\u00e7\\u00e3o\",\"p44_jornaisimpressosdebairro\":\"Jornais impressos de bairro\",\"p44_redessociais\":\"Redes sociais (Facebook, YouTube, Instagram etc.)\",\"p44_nenhum\":\"Nenhum\",\"p39_publico\":\"ESPA\\u00c7OS CULTURAIS MINORIAS\",\"p45_bandeira\":\"VIOL\\u00caNCIA ERRADICA\\u00c7\\u00c3O  RACISMO IGUALDADE G\\u00caNERO\",\"p46_hashtags\":\"#EUSOUMENINODOBATUQUE #BATEDORDELATA #SOMDESUCATA\"},{\"p1_eixo\":\"Cultura\",\"p9_tipoorganizacao\":\"Coletivo Art\\u00edstico\",\"p12_uf\":\"RJ\",\"p13_cidade\":\"RIO DE JANEIRO, NOVA IGUA\\u00c7U\",\"p17_ano\":\"2014\",\"p16_estado\":\"Estado\",\"p18_agrario\":\"Agr\\u00e1rio\\\/ruralidades\",\"p18_comunicacao\":\"Comunica\\u00e7\\u00e3o\",\"p18_difusaoartistica\":\"Difus\\u00e3o Art\\u00edstica\",\"p18_desenvolvimentoterritorial\":\"Desenvolvimento territorial\",\"p18_direitoshumanos\":\"Direitos humanos\",\"p18_educacao\":\"Educa\\u00e7\\u00e3o\",\"p18_feminismos\":\"Feminismos\",\"p18_lgbtqi\":\"LGBTQI\",\"p18_lutaantirracismo\":\"Luta antirracismo\",\"p18_mobilidade\":\"Mobilidade\",\"p18_moradia\":\"Moradia\",\"p18_povosecomunidadestradicionais\":\"Povos e comunidades tradicionais\",\"p18_trabalho\":\"Trabalho\",\"p18_religiao\":\"Religi\\u00e3o\",\"p18_saude\":\"Sa\\u00fade\",\"p18_violencia\":\"Viol\\u00eancia\",\"p18_politicasculturais\":\"Pol\\u00edticas Culturais\",\"p19_direitoshumanos\":\"Direitos humanos\",\"p19_feminismos\":\"Feminismos\",\"p19_lgbtqi\":\"LGBTQI\",\"p19_lutaantirracismo\":\"Luta antirracismo\",\"p19_politicasculturais\":\"Pol\\u00edticas Culturais\",\"p20_reunioes\":\"Reuni\\u00f5es\",\"p20_oficinas\":\"Oficinas\",\"p20_oficinasaulasartisticas\":\"Ensaios\\\/Oficinas\\\/Aulas art\\u00edsticas\",\"p20_apresentacoesartisticas\":\"Apresenta\\u00e7\\u00f5es art\\u00edsticas\",\"p20_visitasexcursoes\":\"Visitas\\\/Excurs\\u00f5es\",\"p21_repressaopolicial\":\"Repress\\u00e3o policial\",\"p21_intoleranciareligiosa\":\"Fundamentalismo\\\/intoler\\u00e2ncia religiosa\",\"p21_xenofobia\":\"Xenofobia\",\"p21_machismo\":\"Machismo\",\"p21_racismo\":\"Racismo\",\"p21_lgbtqifobia\":\"LGBTIfobia\",\"p22_numerodeparticipantes\":\"1  - 15\",\"p23_oficinas\":\"Oficinas\",\"p23_oficinasaulasartisticas\":\"Ensaio\\\/Oficinas\\\/Aulas Art\\u00edsticas\",\"p23_apresentacoesartisticas\":\"Apresenta\\u00e7\\u00f5es Art\\u00edsticas\",\"p23_outros\":\"Outros\",\"p24_apresentacoesartisticas\":\"Apresenta\\u00e7\\u00f5es art\\u00edsticas\",\"p24_visitasexcursoes\":\"Visitas\\\/Excurs\\u00f5es\",\"p24_outros\":\"Outros\",\"p25_numerodepessoas\":\"Mais de 500\",\"p26_numerodepessoas\":\"Mais de 500\",\"p27_espacopublico\":\"Espa\\u00e7o p\\u00fablico\",\"p27_espacoemprestadocedido\":\"Espa\\u00e7o emprestado\\\/cedido\",\"p28_territorios\":\"Estado\",\"p30_outrasorganizacoes\":\"Sim\",\"p32_campanhadelongaduracao\":\"Sim\",\"p34_municipal\":\"Municipal\",\"p34_estadual\":\"Estadual\",\"p36_conselhosdeparticipacaoecontrolesocial\":\"N\\u00e3o\",\"p38_sim\":\"Sim\",\"p40_editais\":\"N\\u00e3o\",\"p41_publicoestatal\":\"P\\u00fablico-Estatal\",\"p41_privadopj\":\"Privado (P. Jur\\u00eddica)\",\"p41_autofinanciamento\":\"Autofinanciamento\",\"p42_meiodedivulgacaoproprio\":\"Sim\",\"p43_email\":\"E-mail\",\"p43_facebook\":\"Facebook\",\"p43_whatsapp\":\"WhatsApp\",\"p43_instagram\":\"Instagram\",\"p44_radio\":\"TV\",\"p44_jornaisimpressosdegrandecirculacao\":\"Jornais impressos de grande circula\\u00e7\\u00e3o\",\"p44_jornaisimpressosdebairro\":\"Jornais impressos de bairro\",\"p44_redessociais\":\"Redes sociais (Facebook, YouTube, Instagram etc.)\",\"p44_sitesblogs\":\"Sites ou Blogs\",\"p44_nenhum\":\"Nenhum\",\"p39_publico\":\"JOVENS ALUNOS PROFESSORES ESCOLAS\",\"p45_bandeira\":\"DIREITOS HUMANOS LUTA-CONTRA-RACISMO LUTA-CONTRA-GENOC\\u00cdDIO CONSCIENTIZA\\u00c7\\u00c3O IDENTIDADE CULTURAL FAZER VALER LEI 10639\",\"p46_hashtags\":\"#HISTORIADACULTURAAFRICANANASESCOLAS  #DIREITOSHUMANOSPARAPOPULACAONEGRAEINDIGENA #FIMDORACISMO #FIMDOGENOCIDIO\"},{\"p1_eixo\":\"Viol\\u00eancia\",\"p9_tipoorganizacao\":\"Coletivo\",\"p12_uf\":\"MS\",\"p13_cidade\":\"DOURADOS\",\"p16_cidade\":\"Cidade\",\"p17_ano\":\"1995\",\"p16_estado\":\"Estado\",\"p18_agrario\":\"Agr\\u00e1rio\\\/ruralidades\",\"p18_comunicacao\":\"Comunica\\u00e7\\u00e3o\",\"p18_difusaoartistica\":\"Difus\\u00e3o Art\\u00edstica\",\"p18_desenvolvimentoterritorial\":\"Desenvolvimento territorial\",\"p18_direitoshumanos\":\"Direitos humanos\",\"p18_educacao\":\"Educa\\u00e7\\u00e3o\",\"p18_feminismos\":\"Feminismos\",\"p18_lgbtqi\":\"LGBTQI\",\"p18_lutaantirracismo\":\"Luta antirracismo\",\"p18_mobilidade\":\"Mobilidade\",\"p18_moradia\":\"Moradia\",\"p18_povosecomunidadestradicionais\":\"Povos e comunidades tradicionais\",\"p18_trabalho\":\"Trabalho\",\"p18_religiao\":\"Religi\\u00e3o\",\"p18_saude\":\"Sa\\u00fade\",\"p18_violencia\":\"Viol\\u00eancia\",\"p19_agrario\":\"Agr\\u00e1rio\\\/ruralidades\",\"p19_direitoshumanos\":\"Direitos humanos\",\"p19_educacao\":\"Educa\\u00e7\\u00e3o\",\"p19_feminismos\":\"Feminismos\",\"p19_lgbtqi\":\"LGBTQI\",\"p19_lutaantirracismo\":\"Luta antirracismo\",\"p20_reunioes\":\"Reuni\\u00f5es\",\"p20_oficinas\":\"Oficinas\",\"p20_formacao\":\"Forma\\u00e7\\u00e3o\",\"p20_visitasexcursoes\":\"Visitas\\\/Excurs\\u00f5es\",\"p21_repressaopolicial\":\"Repress\\u00e3o policial\",\"p21_intoleranciareligiosa\":\"Fundamentalismo\\\/intoler\\u00e2ncia religiosa\",\"p21_xenofobia\":\"Xenofobia\",\"p21_machismo\":\"Machismo\",\"p21_racismo\":\"Racismo\",\"p21_lgbtqifobia\":\"LGBTIfobia\",\"p21_nenhum\":\"Nenhum\",\"p22_numerodeparticipantes\":\"1  - 15\",\"p23_oficinas\":\"Oficinas\",\"p23_outros\":\"Outros\",\"p24_formacao\":\"Forma\\u00e7\\u00e3o\",\"p24_visitasexcursoes\":\"Visitas\\\/Excurs\\u00f5es\",\"p24_outros\":\"Outros\",\"p25_numerodepessoas\":\"20 - 40\",\"p26_numerodepessoas\":\"100 - 200\",\"p27_espacopublico\":\"Espa\\u00e7o p\\u00fablico\",\"p27_espacoemprestadocedido\":\"Espa\\u00e7o emprestado\\\/cedido\",\"p28_territorios\":\"Cidade\",\"p30_outrasorganizacoes\":\"Sim\",\"p32_campanhadelongaduracao\":\"N\\u00e3o\",\"p34_municipal\":\"Municipal\",\"p34_estadual\":\"Estadual\",\"p34_nacional\":\"Nacional\",\"p36_conselhosdeparticipacaoecontrolesocial\":\"Sim\",\"p38_sim\":\"Sim\",\"p40_editais\":\"Sim\",\"p41_publicoestatal\":\"P\\u00fablico-Estatal\",\"p41_privadopj\":\"Privado (P. Jur\\u00eddica)\",\"p41_autofinanciamento\":\"Autofinanciamento\",\"p41_financiamentocoletivo0\":\"Financiamento coletivo\",\"p42_meiodedivulgacaoproprio\":\"Sim\",\"p43_email\":\"E-mail\",\"p43_whatsapp\":\"WhatsApp\",\"p43_instagram\":\"Instagram\",\"p43_nenhum\":\"Nenhum\",\"p44_radio\":\"TV\",\"p44_jornaisimpressosdegrandecirculacao\":\"Jornais impressos de grande circula\\u00e7\\u00e3o\",\"p44_jornaisimpressosdebairro\":\"Jornais impressos de bairro\",\"p44_redessociais\":\"Redes sociais (Facebook, YouTube, Instagram etc.)\",\"p44_sitesblogs\":\"Sites ou Blogs\",\"p39_publico\":\"MULHERES MULHERES JOVENS NEGRAS\",\"p45_bandeira\":\"DEFESA DIREITOS DEFESA DESENVOLVIMENTO MULHERES MENINAS NEGRAS FEMINISMO NEGRO\",\"p46_hashtags\":\"#FEIRAAFROMS #SORORIDADE #MULHERESNEGRAS\"},{\"p1_eixo\":\"Trabalho\",\"p9_tipoorganizacao\":\"ONG\",\"p12_uf\":\"PR\",\"p13_cidade\":\"CURITIBA\",\"p16_cidade\":\"Cidade\",\"p17_ano\":\"2003\",\"p16_estado\":\"Estado\",\"p18_agrario\":\"Agr\\u00e1rio\\\/ruralidades\",\"p18_comunicacao\":\"Comunica\\u00e7\\u00e3o\",\"p18_difusaoartistica\":\"Difus\\u00e3o Art\\u00edstica\",\"p18_desenvolvimentoterritorial\":\"Desenvolvimento territorial\",\"p18_direitoshumanos\":\"Direitos humanos\",\"p18_educacao\":\"Educa\\u00e7\\u00e3o\",\"p18_feminismos\":\"Feminismos\",\"p18_lgbtqi\":\"LGBTQI\",\"p18_lutaantirracismo\":\"Luta antirracismo\",\"p18_mobilidade\":\"Mobilidade\",\"p18_moradia\":\"Moradia\",\"p18_povosecomunidadestradicionais\":\"Povos e comunidades tradicionais\",\"p18_trabalho\":\"Trabalho\",\"p18_religiao\":\"Religi\\u00e3o\",\"p18_saude\":\"Sa\\u00fade\",\"p18_violencia\":\"Viol\\u00eancia\",\"p18_politicasculturais\":\"Pol\\u00edticas Culturais\",\"p19_agrario\":\"Agr\\u00e1rio\\\/ruralidades\",\"p19_direitoshumanos\":\"Direitos humanos\",\"p19_educacao\":\"Educa\\u00e7\\u00e3o\",\"p19_lutaantirracismo\":\"Luta antirracismo\",\"p19_povosecomunidadestradicionais\":\"Povos e comunidades tradicionais\",\"p20_reunioes\":\"Reuni\\u00f5es\",\"p20_oficinas\":\"Oficinas\",\"p20_formacao\":\"Forma\\u00e7\\u00e3o\",\"p20_apresentacoesartisticas\":\"Apresenta\\u00e7\\u00f5es art\\u00edsticas\",\"p21_intoleranciareligiosa\":\"Fundamentalismo\\\/intoler\\u00e2ncia religiosa\",\"p21_machismo\":\"Machismo\",\"p21_racismo\":\"Racismo\",\"p21_lgbtqifobia\":\"LGBTIfobia\",\"p21_nenhum\":\"Nenhum\",\"p22_numerodeparticipantes\":\"1  - 15\",\"p23_apresentacoesartisticas\":\"Apresenta\\u00e7\\u00f5es Art\\u00edsticas\",\"p23_outros\":\"Outros\",\"p24_reunioes\":\"Reuni\\u00f5es\",\"p24_formacao\":\"Forma\\u00e7\\u00e3o\",\"p24_visitasexcursoes\":\"Visitas\\\/Excurs\\u00f5es\",\"p25_numerodepessoas\":\"1 - 20\",\"p26_numerodepessoas\":\"20 - 40\",\"p27_espacopublico\":\"Espa\\u00e7o p\\u00fablico\",\"p27_espacoemprestadocedido\":\"Espa\\u00e7o emprestado\\\/cedido\",\"p28_territorios\":\"Cidade\",\"p30_outrasorganizacoes\":\"Sim\",\"p32_campanhadelongaduracao\":\"Sim\",\"p34_estadual\":\"Estadual\",\"p34_nacional\":\"Nacional\",\"p36_conselhosdeparticipacaoecontrolesocial\":\"N\\u00e3o\",\"p38_sim\":\"Sim\",\"p38_nenhum\":\"Nenhum\",\"p40_editais\":\"N\\u00e3o\",\"p41_privadopj\":\"Privado (P. Jur\\u00eddica)\",\"p41_autofinanciamento\":\"Autofinanciamento\",\"p41_financiamentocoletivo0\":\"Financiamento coletivo\",\"p42_meiodedivulgacaoproprio\":\"Sim\",\"p43_facebook\":\"Facebook\",\"p43_nenhum\":\"Nenhum\",\"p44_radio\":\"TV\",\"p44_jornaisimpressosdegrandecirculacao\":\"Jornais impressos de grande circula\\u00e7\\u00e3o\",\"p44_jornaisimpressosdebairro\":\"Jornais impressos de bairro\",\"p44_redessociais\":\"Redes sociais (Facebook, YouTube, Instagram etc.)\",\"p44_sitesblogs\":\"Sites ou Blogs\",\"p39_publico\":\"MOVIMENTOS SOCIAIS FORMA\\u00c7\\u00c3O-POL\\u00cdTICA FORMA\\u00c7\\u00c3O ECON\\u00d4MICA\",\"p45_bandeira\":\"DIREITOS HUMANOS LUTA CORPORATIVISTA\",\"p46_hashtags\":\"#SOMOSTODOSHUMANOS #SOOSOCIALAJUDA #COPERACAOACIMADETUDO\"},{\"p1_eixo\":\"Cultura\",\"p9_tipoorganizacao\":\"Coletivo\",\"p12_uf\":\"RJ\",\"p13_cidade\":\"VOLTA REDONDA\",\"p16_bairro\":\"Bairro\",\"p17_ano\":\"2015\",\"p16_estado\":\"Estado\",\"p18_agrario\":\"Agr\\u00e1rio\\\/ruralidades\",\"p18_comunicacao\":\"Comunica\\u00e7\\u00e3o\",\"p18_difusaoartistica\":\"Difus\\u00e3o Art\\u00edstica\",\"p18_desenvolvimentoterritorial\":\"Desenvolvimento territorial\",\"p18_direitoshumanos\":\"Direitos humanos\",\"p18_educacao\":\"Educa\\u00e7\\u00e3o\",\"p18_feminismos\":\"Feminismos\",\"p18_lgbtqi\":\"LGBTQI\",\"p18_lutaantirracismo\":\"Luta antirracismo\",\"p18_mobilidade\":\"Mobilidade\",\"p18_moradia\":\"Moradia\",\"p18_povosecomunidadestradicionais\":\"Povos e comunidades tradicionais\",\"p18_trabalho\":\"Trabalho\",\"p18_religiao\":\"Religi\\u00e3o\",\"p18_saude\":\"Sa\\u00fade\",\"p18_violencia\":\"Viol\\u00eancia\",\"p18_politicasculturais\":\"Pol\\u00edticas Culturais\",\"p19_agrario\":\"Agr\\u00e1rio\\\/ruralidades\",\"p19_direitoshumanos\":\"Direitos humanos\",\"p19_educacao\":\"Educa\\u00e7\\u00e3o\",\"p19_lutaantirracismo\":\"Luta antirracismo\",\"p19_povosecomunidadestradicionais\":\"Povos e comunidades tradicionais\",\"p19_trabalho\":\"Trabalho\",\"p20_reunioes\":\"Reuni\\u00f5es\",\"p20_atendimento\":\"Atendimento\",\"p20_oficinas\":\"Oficinas\",\"p20_apresentacoesartisticas\":\"Apresenta\\u00e7\\u00f5es art\\u00edsticas\",\"p21_intoleranciareligiosa\":\"Fundamentalismo\\\/intoler\\u00e2ncia religiosa\",\"p21_machismo\":\"Machismo\",\"p21_racismo\":\"Racismo\",\"p21_lgbtqifobia\":\"LGBTIfobia\",\"p21_nenhum\":\"Nenhum\",\"p22_numerodeparticipantes\":\"15 - 30\",\"p23_reunioes\":\"Reuni\\u00f5es\",\"p23_atendimento\":\"Atendimento\",\"p23_apresentacoesartisticas\":\"Apresenta\\u00e7\\u00f5es Art\\u00edsticas\",\"p23_outros\":\"Outros\",\"p24_reunioes\":\"Reuni\\u00f5es\",\"p24_atendimento\":\"Atendimentos\",\"p24_visitasexcursoes\":\"Visitas\\\/Excurs\\u00f5es\",\"p24_outros\":\"Outros\",\"p25_numerodepessoas\":\"20 - 40\",\"p26_numerodepessoas\":\"300 - 400\",\"p27_espacopublico\":\"Espa\\u00e7o p\\u00fablico\",\"p27_espacoemprestadocedido\":\"Espa\\u00e7o emprestado\\\/cedido\",\"p27_espacoproprio\":\"Espa\\u00e7o pr\\u00f3prio\",\"p28_territorios\":\"Cidade\",\"p30_outrasorganizacoes\":\"Sim\",\"p32_campanhadelongaduracao\":\"Sim\",\"p34_estadual\":\"Estadual\",\"p34_nenhuma\":\"Nenhuma\",\"p36_conselhosdeparticipacaoecontrolesocial\":\"N\\u00e3o\",\"p38_nenhum\":\"Nenhum\",\"p40_editais\":\"Sim\",\"p41_privadopj\":\"Privado (P. Jur\\u00eddica)\",\"p41_autofinanciamento\":\"Autofinanciamento\",\"p41_financiamentocoletivo0\":\"Financiamento coletivo\",\"p42_meiodedivulgacaoproprio\":\"Sim\",\"p43_email\":\"E-mail\",\"p43_facebook\":\"Facebook\",\"p43_whatsapp\":\"WhatsApp\",\"p43_instagram\":\"Instagram\",\"p44_radio\":\"TV\",\"p44_jornaisimpressosdegrandecirculacao\":\"Jornais impressos de grande circula\\u00e7\\u00e3o\",\"p44_jornaisimpressosdebairro\":\"Jornais impressos de bairro\",\"p44_redessociais\":\"Redes sociais (Facebook, YouTube, Instagram etc.)\",\"p39_publico\":\"COMUNIDADE NEGRA\",\"p45_bandeira\":\"LUTA ANTIRRACISTA LUTA ANTI-HOMOFOBIA PRESERVA\\u00c7\\u00c3O CULTURA JONGO\",\"p46_hashtags\":\"#LUTAANTIRRACISTA #LUTAANTIHOMOFOBIA #PRESERVACAODACULTURADOJONGO\"},{\"p1_eixo\":\"Cultura\",\"p9_tipoorganizacao\":\"Movimento Social\",\"p12_uf\":\"PI\",\"p13_cidade\":\"TERESINA\",\"p16_bairro\":\"Bairro\",\"p16_nacional\":\"Nacional\",\"p17_ano\":\"2018\",\"p18_comunicacao\":\"Comunica\\u00e7\\u00e3o\",\"p18_difusaoartistica\":\"Difus\\u00e3o Art\\u00edstica\",\"p18_desenvolvimentoterritorial\":\"Desenvolvimento territorial\",\"p18_direitoshumanos\":\"Direitos humanos\",\"p18_educacao\":\"Educa\\u00e7\\u00e3o\",\"p18_lutaantirracismo\":\"Luta antirracismo\",\"p18_moradia\":\"Moradia\",\"p18_trabalho\":\"Trabalho\",\"p18_religiao\":\"Religi\\u00e3o\",\"p18_violencia\":\"Viol\\u00eancia\",\"p19_direitoshumanos\":\"Direitos humanos\",\"p19_educacao\":\"Educa\\u00e7\\u00e3o\",\"p19_moradia\":\"Moradia\",\"p19_trabalho\":\"Trabalho\",\"p19_religiao\":\"Religi\\u00e3o\",\"p19_difusaoartistica\":\"Difus\\u00e3o Art\\u00edstica\",\"p20_reunioes\":\"Reuni\\u00f5es\",\"p20_atendimento\":\"Atendimento\",\"p21_repressaopolicial\":\"Repress\\u00e3o policial\",\"p21_nenhum\":\"Nenhum\",\"p22_numerodeparticipantes\":\"1  - 15\",\"p23_reunioes\":\"Reuni\\u00f5es\",\"p23_atendimento\":\"Atendimento\",\"p23_outros\":\"Outros\",\"p24_reunioes\":\"Reuni\\u00f5es\",\"p24_atendimento\":\"Atendimentos\",\"p24_outros\":\"Outros\",\"p25_numerodepessoas\":\"20 - 40\",\"p26_numerodepessoas\":\"20 - 40\",\"p27_espacopublico\":\"Espa\\u00e7o p\\u00fablico\",\"p27_espacoemprestadocedido\":\"Espa\\u00e7o emprestado\\\/cedido\",\"p27_espacoproprio\":\"Espa\\u00e7o pr\\u00f3prio\",\"p27_ocupacao\":\"Ocupa\\u00e7\\u00e3o\",\"p28_territorios\":\"Regi\\u00e3o da Cidade\",\"p30_outrasorganizacoes\":\"N\\u00e3o\",\"p32_campanhadelongaduracao\":\"N\\u00e3o\",\"p34_nacional\":\"Nacional\",\"p34_nenhuma\":\"Nenhuma\",\"p36_conselhosdeparticipacaoecontrolesocial\":\"N\\u00e3o\",\"p38_sim\":\"Sim\",\"p38_nenhum\":\"Nenhum\",\"p40_editais\":\"N\\u00e3o\",\"p41_autofinanciamento\":\"Autofinanciamento\",\"p42_meiodedivulgacaoproprio\":\"Sim\",\"p43_email\":\"E-mail\",\"p43_facebook\":\"Facebook\",\"p43_whatsapp\":\"WhatsApp\",\"p43_instagram\":\"Instagram\",\"p43_nenhum\":\"Nenhum\",\"p44_radio\":\"TV\",\"p44_jornaisimpressosdegrandecirculacao\":\"Jornais impressos de grande circula\\u00e7\\u00e3o\",\"p44_jornaisimpressosdebairro\":\"Jornais impressos de bairro\",\"p44_redessociais\":\"Redes sociais (Facebook, YouTube, Instagram etc.)\",\"p44_sitesblogs\":\"Sites ou Blogs\",\"p39_publico\":\"MORADORES M\\u00c3ES SOLTEIRAS PERIFERIA\",\"p45_bandeira\":\"FAZER-BEM-SEM-OLHAR-QUEM  FAZER-BEM-FAZ-BEM\",\"p46_hashtags\":\"#LUTAPELOAMANHAMELHOR #UMBRAZILSEMFOME #UMBRAZILMELHOR\"},{\"p1_eixo\":\"Trabalho\",\"p9_tipoorganizacao\":\"Movimento Social\",\"p12_uf\":\"PR\",\"p13_cidade\":\"CURITIBA\",\"p16_nacional\":\"Nacional\",\"p17_ano\":\"2008\",\"p16_estado\":\"Estado\",\"p18_comunicacao\":\"Comunica\\u00e7\\u00e3o\",\"p18_difusaoartistica\":\"Difus\\u00e3o Art\\u00edstica\",\"p18_desenvolvimentoterritorial\":\"Desenvolvimento territorial\",\"p18_direitoshumanos\":\"Direitos humanos\",\"p18_educacao\":\"Educa\\u00e7\\u00e3o\",\"p18_lgbtqi\":\"LGBTQI\",\"p18_lutaantirracismo\":\"Luta antirracismo\",\"p18_moradia\":\"Moradia\",\"p18_religiao\":\"Religi\\u00e3o\",\"p18_violencia\":\"Viol\\u00eancia\",\"p19_direitoshumanos\":\"Direitos humanos\",\"p19_lutaantirracismo\":\"Luta antirracismo\",\"p19_moradia\":\"Moradia\",\"p19_religiao\":\"Religi\\u00e3o\",\"p19_violencia\":\"Viol\\u00eancia\",\"p19_difusaoartistica\":\"Difus\\u00e3o Art\\u00edstica\",\"p20_reunioes\":\"Reuni\\u00f5es\",\"p20_visitasexcursoes\":\"Visitas\\\/Excurs\\u00f5es\",\"p21_repressaopolicial\":\"Repress\\u00e3o policial\",\"p21_racismo\":\"Racismo\",\"p22_numerodeparticipantes\":\"1  - 15\",\"p23_outros\":\"Outros\",\"p24_reunioes\":\"Reuni\\u00f5es\",\"p24_outros\":\"Outros\",\"p25_numerodepessoas\":\"1 - 20\",\"p26_numerodepessoas\":\"200 - 300\",\"p27_espacopublico\":\"Espa\\u00e7o p\\u00fablico\",\"p27_espacoemprestadocedido\":\"Espa\\u00e7o emprestado\\\/cedido\",\"p27_ocupacao\":\"Ocupa\\u00e7\\u00e3o\",\"p28_territorios\":\"Cidade\",\"p30_outrasorganizacoes\":\"Sim\",\"p32_campanhadelongaduracao\":\"N\\u00e3o\",\"p34_estadual\":\"Estadual\",\"p34_nacional\":\"Nacional\",\"p36_conselhosdeparticipacaoecontrolesocial\":\"Sim\",\"p38_sim\":\"Sim\",\"p38_nenhum\":\"Nenhum\",\"p40_editais\":\"N\\u00e3o\",\"p41_autofinanciamento\":\"Autofinanciamento\",\"p41_financiamentocoletivo0\":\"Financiamento coletivo\",\"p42_meiodedivulgacaoproprio\":\"Sim\",\"p43_facebook\":\"Facebook\",\"p43_nenhum\":\"Nenhum\",\"p44_radio\":\"TV\",\"p44_jornaisimpressosdegrandecirculacao\":\"Jornais impressos de grande circula\\u00e7\\u00e3o\",\"p44_jornaisimpressosdebairro\":\"Jornais impressos de bairro\",\"p44_redessociais\":\"Redes sociais (Facebook, YouTube, Instagram etc.)\",\"p44_sitesblogs\":\"Sites ou Blogs\",\"p39_publico\":\"POPULA\\u00c7\\u00c3O OCUPA\\u00c7\\u00d5ES\",\"p45_bandeira\":\"ACESSO MORADIA DIGNA ORGANIZA\\u00c7\\u00c3O CLASSE TRABALHADORA\",\"p46_hashtags\":\"#ACESSOAMORADIADIGNA #TENATIVADEORGANIZACAODACLASSETRABALHADORA #PODERPOPULAR\"},{\"p1_eixo\":\"Viol\\u00eancia\",\"p9_tipoorganizacao\":\"Coletivo\",\"p12_uf\":\"SP\",\"p13_cidade\":\"S\\u00c3O PAULO\",\"p16_cidade\":\"Cidade\",\"p17_ano\":\"2015\",\"p16_estado\":\"Estado\",\"p18_comunicacao\":\"Comunica\\u00e7\\u00e3o\",\"p18_difusaoartistica\":\"Difus\\u00e3o Art\\u00edstica\",\"p18_desenvolvimentoterritorial\":\"Desenvolvimento territorial\",\"p18_direitoshumanos\":\"Direitos humanos\",\"p18_educacao\":\"Educa\\u00e7\\u00e3o\",\"p18_feminismos\":\"Feminismos\",\"p18_lgbtqi\":\"LGBTQI\",\"p18_lutaantirracismo\":\"Luta antirracismo\",\"p18_mobilidade\":\"Mobilidade\",\"p18_moradia\":\"Moradia\",\"p18_trabalho\":\"Trabalho\",\"p18_religiao\":\"Religi\\u00e3o\",\"p18_saude\":\"Sa\\u00fade\",\"p18_violencia\":\"Viol\\u00eancia\",\"p18_politicasculturais\":\"Pol\\u00edticas Culturais\",\"p19_direitoshumanos\":\"Direitos humanos\",\"p19_lutaantirracismo\":\"Luta antirracismo\",\"p19_moradia\":\"Moradia\",\"p19_violencia\":\"Viol\\u00eancia\",\"p20_reunioes\":\"Reuni\\u00f5es\",\"p20_apresentacoesartisticas\":\"Apresenta\\u00e7\\u00f5es art\\u00edsticas\",\"p20_visitasexcursoes\":\"Visitas\\\/Excurs\\u00f5es\",\"p21_repressaopolicial\":\"Repress\\u00e3o policial\",\"p21_intoleranciareligiosa\":\"Fundamentalismo\\\/intoler\\u00e2ncia religiosa\",\"p21_xenofobia\":\"Xenofobia\",\"p21_machismo\":\"Machismo\",\"p21_racismo\":\"Racismo\",\"p21_lgbtqifobia\":\"LGBTIfobia\",\"p21_enfrentamentocomgruposprivadosarmados\":\"Enfrentamento com grupos privados armados\",\"p22_numerodeparticipantes\":\"1  - 15\",\"p23_apresentacoesartisticas\":\"Apresenta\\u00e7\\u00f5es Art\\u00edsticas\",\"p23_outros\":\"Outros\",\"p24_reunioes\":\"Reuni\\u00f5es\",\"p24_apresentacoesartisticas\":\"Apresenta\\u00e7\\u00f5es art\\u00edsticas\",\"p24_outros\":\"Outros\",\"p25_numerodepessoas\":\"1 - 20\",\"p26_numerodepessoas\":\"1 - 20\",\"p27_espacopublico\":\"Espa\\u00e7o p\\u00fablico\",\"p27_espacoemprestadocedido\":\"Espa\\u00e7o emprestado\\\/cedido\",\"p28_territorios\":\"Estado\",\"p30_outrasorganizacoes\":\"Sim\",\"p32_campanhadelongaduracao\":\"N\\u00e3o\",\"p34_estadual\":\"Estadual\",\"p34_nacional\":\"Nacional\",\"p34_nenhuma\":\"Nenhuma\",\"p36_conselhosdeparticipacaoecontrolesocial\":\"N\\u00e3o\",\"p38_sim\":\"Sim\",\"p38_nenhum\":\"Nenhum\",\"p40_editais\":\"N\\u00e3o\",\"p41_privadopf\":\"Privado (P. F\\u00edsica)\",\"p41_privadopj\":\"Privado (P. Jur\\u00eddica)\",\"p41_autofinanciamento\":\"Autofinanciamento\",\"p41_financiamentocoletivo0\":\"Financiamento coletivo\",\"p42_meiodedivulgacaoproprio\":\"Sim\",\"p43_facebook\":\"Facebook\",\"p43_instagram\":\"Instagram\",\"p43_sitesblogs\":\"Blogs\\\/sites\",\"p44_radio\":\"TV\",\"p44_jornaisimpressosdegrandecirculacao\":\"Jornais impressos de grande circula\\u00e7\\u00e3o\",\"p44_jornaisimpressosdebairro\":\"Jornais impressos de bairro\",\"p44_redessociais\":\"Redes sociais (Facebook, YouTube, Instagram etc.)\",\"p44_sitesblogs\":\"Sites ou Blogs\",\"p39_publico\":\"FAM\\u00cdLIAS\",\"p45_bandeira\":\"LUTA JUSTI\\u00c7A LUTA JULGAMENTO LUTA\",\"p46_hashtags\":\"#LUTAPORJUSTICA\"},{\"p1_eixo\":\"Viol\\u00eancia\",\"p9_tipoorganizacao\":\"Coletivo\",\"p12_uf\":\"PR\",\"p13_cidade\":\"CURITIBA\",\"p16_cidade\":\"Cidade\",\"p16_nacional\":\"Nacional\",\"p17_ano\":\"2012\",\"p18_comunicacao\":\"Comunica\\u00e7\\u00e3o\",\"p18_difusaoartistica\":\"Difus\\u00e3o Art\\u00edstica\",\"p18_desenvolvimentoterritorial\":\"Desenvolvimento territorial\",\"p18_direitoshumanos\":\"Direitos humanos\",\"p18_educacao\":\"Educa\\u00e7\\u00e3o\",\"p18_feminismos\":\"Feminismos\",\"p18_lgbtqi\":\"LGBTQI\",\"p18_lutaantirracismo\":\"Luta antirracismo\",\"p18_mobilidade\":\"Mobilidade\",\"p18_moradia\":\"Moradia\",\"p18_trabalho\":\"Trabalho\",\"p18_religiao\":\"Religi\\u00e3o\",\"p18_saude\":\"Sa\\u00fade\",\"p18_violencia\":\"Viol\\u00eancia\",\"p18_politicasculturais\":\"Pol\\u00edticas Culturais\",\"p19_lutaantirracismo\":\"Luta antirracismo\",\"p19_moradia\":\"Moradia\",\"p19_saude\":\"Sa\\u00fade\",\"p19_violencia\":\"Viol\\u00eancia\",\"p20_reunioes\":\"Reuni\\u00f5es\",\"p20_atendimento\":\"Atendimento\",\"p20_apresentacoesartisticas\":\"Apresenta\\u00e7\\u00f5es art\\u00edsticas\",\"p21_repressaopolicial\":\"Repress\\u00e3o policial\",\"p21_intoleranciareligiosa\":\"Fundamentalismo\\\/intoler\\u00e2ncia religiosa\",\"p21_xenofobia\":\"Xenofobia\",\"p21_machismo\":\"Machismo\",\"p21_racismo\":\"Racismo\",\"p21_lgbtqifobia\":\"LGBTIfobia\",\"p21_enfrentamentocomgruposprivadosarmados\":\"Enfrentamento com grupos privados armados\",\"p22_numerodeparticipantes\":\"15 - 30\",\"p23_reunioes\":\"Reuni\\u00f5es\",\"p23_apresentacoesartisticas\":\"Apresenta\\u00e7\\u00f5es Art\\u00edsticas\",\"p24_reunioes\":\"Reuni\\u00f5es\",\"p24_atendimento\":\"Atendimentos\",\"p24_apresentacoesartisticas\":\"Apresenta\\u00e7\\u00f5es art\\u00edsticas\",\"p24_outros\":\"Outros\",\"p25_numerodepessoas\":\"Mais de 500\",\"p26_numerodepessoas\":\"Mais de 500\",\"p27_espacoemprestadocedido\":\"Espa\\u00e7o emprestado\\\/cedido\",\"p28_territorios\":\"Regi\\u00e3o da Cidade\",\"p30_outrasorganizacoes\":\"Sim\",\"p32_campanhadelongaduracao\":\"N\\u00e3o\",\"p34_nacional\":\"Nacional\",\"p34_nenhuma\":\"Nenhuma\",\"p36_conselhosdeparticipacaoecontrolesocial\":\"N\\u00e3o\",\"p38_sim\":\"Sim\",\"p38_nenhum\":\"Nenhum\",\"p40_editais\":\"N\\u00e3o\",\"p41_privadopf\":\"Privado (P. F\\u00edsica)\",\"p41_privadopj\":\"Privado (P. Jur\\u00eddica)\",\"p41_autofinanciamento\":\"Autofinanciamento\",\"p42_meiodedivulgacaoproprio\":\"Sim\",\"p43_email\":\"E-mail\",\"p43_facebook\":\"Facebook\",\"p43_instagram\":\"Instagram\",\"p43_sitesblogs\":\"Blogs\\\/sites\",\"p44_radio\":\"TV\",\"p44_jornaisimpressosdegrandecirculacao\":\"Jornais impressos de grande circula\\u00e7\\u00e3o\",\"p44_jornaisimpressosdebairro\":\"Jornais impressos de bairro\",\"p44_redessociais\":\"Redes sociais (Facebook, YouTube, Instagram etc.)\",\"p44_sitesblogs\":\"Sites ou Blogs\",\"p39_publico\":\"POPULA\\u00c7\\u00c3O PERIF\\u00c9RICA\",\"p45_bandeira\":\"VIOL\\u00caNCIA-POLICIAL CRIMINALIZA\\u00c7\\u00c3O POBREZA LUTA MORADIA CULTURA PERIF\\u00c9RICA\",\"p46_hashtags\":\"#NOSPORNOS #AARTEQUELIBERTANAOVEMDAMAOQUEESCRAVIZA #TODOPODERAOPOVO\"},{\"p1_eixo\":\"Viol\\u00eancia\",\"p9_tipoorganizacao\":\"Movimento Social\",\"p12_uf\":\"SP\",\"p13_cidade\":\"S\\u00c3O PAULO\",\"p16_cidade\":\"Cidade\",\"p16_nacional\":\"Nacional\",\"p17_ano\":\"2016\",\"p18_comunicacao\":\"Comunica\\u00e7\\u00e3o\",\"p18_difusaoartistica\":\"Difus\\u00e3o Art\\u00edstica\",\"p18_desenvolvimentoterritorial\":\"Desenvolvimento territorial\",\"p18_direitoshumanos\":\"Direitos humanos\",\"p18_educacao\":\"Educa\\u00e7\\u00e3o\",\"p18_feminismos\":\"Feminismos\",\"p18_lgbtqi\":\"LGBTQI\",\"p18_lutaantirracismo\":\"Luta antirracismo\",\"p18_mobilidade\":\"Mobilidade\",\"p18_moradia\":\"Moradia\",\"p18_povosecomunidadestradicionais\":\"Povos e comunidades tradicionais\",\"p18_trabalho\":\"Trabalho\",\"p18_religiao\":\"Religi\\u00e3o\",\"p18_saude\":\"Sa\\u00fade\",\"p18_violencia\":\"Viol\\u00eancia\",\"p18_politicasculturais\":\"Pol\\u00edticas Culturais\",\"p19_comunicacao\":\"Comunica\\u00e7\\u00e3o\",\"p19_educacao\":\"Educa\\u00e7\\u00e3o\",\"p19_lutaantirracismo\":\"Luta antirracismo\",\"p19_saude\":\"Sa\\u00fade\",\"p19_violencia\":\"Viol\\u00eancia\",\"p19_difusaoartistica\":\"Difus\\u00e3o Art\\u00edstica\",\"p20_reunioes\":\"Reuni\\u00f5es\",\"p20_atendimento\":\"Atendimento\",\"p20_oficinasaulasartisticas\":\"Ensaios\\\/Oficinas\\\/Aulas art\\u00edsticas\",\"p20_apresentacoesartisticas\":\"Apresenta\\u00e7\\u00f5es art\\u00edsticas\",\"p21_repressaopolicial\":\"Repress\\u00e3o policial\",\"p21_intoleranciareligiosa\":\"Fundamentalismo\\\/intoler\\u00e2ncia religiosa\",\"p21_racismo\":\"Racismo\",\"p21_enfrentamentocomgruposprivadosarmados\":\"Enfrentamento com grupos privados armados\",\"p22_numerodeparticipantes\":\"1  - 15\",\"p23_reunioes\":\"Reuni\\u00f5es\",\"p23_apresentacoesartisticas\":\"Apresenta\\u00e7\\u00f5es Art\\u00edsticas\",\"p24_reunioes\":\"Reuni\\u00f5es\",\"p24_atendimento\":\"Atendimentos\",\"p24_apresentacoesartisticas\":\"Apresenta\\u00e7\\u00f5es art\\u00edsticas\",\"p24_outros\":\"Outros\",\"p25_numerodepessoas\":\"1 - 20\",\"p26_numerodepessoas\":\"1 - 20\",\"p27_espacoemprestadocedido\":\"Espa\\u00e7o emprestado\\\/cedido\",\"p28_territorios\":\"Regi\\u00e3o da Cidade\",\"p30_outrasorganizacoes\":\"Sim\",\"p32_campanhadelongaduracao\":\"N\\u00e3o\",\"p34_nacional\":\"Nacional\",\"p34_nenhuma\":\"Nenhuma\",\"p36_conselhosdeparticipacaoecontrolesocial\":\"Sim\",\"p38_sim\":\"Sim\",\"p38_nenhum\":\"Nenhum\",\"p40_editais\":\"N\\u00e3o\",\"p41_privadopf\":\"Privado (P. F\\u00edsica)\",\"p41_autofinanciamento\":\"Autofinanciamento\",\"p42_meiodedivulgacaoproprio\":\"Sim\",\"p43_email\":\"E-mail\",\"p43_facebook\":\"Facebook\",\"p43_instagram\":\"Instagram\",\"p44_radio\":\"TV\",\"p44_jornaisimpressosdegrandecirculacao\":\"Jornais impressos de grande circula\\u00e7\\u00e3o\",\"p44_jornaisimpressosdebairro\":\"Jornais impressos de bairro\",\"p44_redessociais\":\"Redes sociais (Facebook, YouTube, Instagram etc.)\",\"p44_sitesblogs\":\"Sites ou Blogs\",\"p39_publico\":\"M\\u00c3ES FILHOS POLICIA\",\"p45_bandeira\":\"JUSTI\\u00c7A\",\"p46_hashtags\":\"#JUSTICA #SOBREVIVENCIA #LUTA\"},{\"p1_eixo\":\"Cultura\",\"p9_tipoorganizacao\":\"Associa\\u00e7\\u00e3o\",\"p12_uf\":\"PR\",\"p13_cidade\":\"CAMPO MAGRO\",\"p16_cidade\":\"Cidade\",\"p16_internacional\":\"Internacional\",\"p17_ano\":\"2014\",\"p18_agrario\":\"Agr\\u00e1rio\\\/ruralidades\",\"p18_comunicacao\":\"Comunica\\u00e7\\u00e3o\",\"p18_difusaoartistica\":\"Difus\\u00e3o Art\\u00edstica\",\"p18_desenvolvimentoterritorial\":\"Desenvolvimento territorial\",\"p18_direitoshumanos\":\"Direitos humanos\",\"p18_educacao\":\"Educa\\u00e7\\u00e3o\",\"p18_feminismos\":\"Feminismos\",\"p18_lgbtqi\":\"LGBTQI\",\"p18_lutaantirracismo\":\"Luta antirracismo\",\"p18_mobilidade\":\"Mobilidade\",\"p18_moradia\":\"Moradia\",\"p18_povosecomunidadestradicionais\":\"Povos e comunidades tradicionais\",\"p18_trabalho\":\"Trabalho\",\"p18_religiao\":\"Religi\\u00e3o\",\"p18_saude\":\"Sa\\u00fade\",\"p18_violencia\":\"Viol\\u00eancia\",\"p18_politicasculturais\":\"Pol\\u00edticas Culturais\",\"p19_comunicacao\":\"Comunica\\u00e7\\u00e3o\",\"p19_direitoshumanos\":\"Direitos humanos\",\"p19_educacao\":\"Educa\\u00e7\\u00e3o\",\"p19_difusaoartistica\":\"Difus\\u00e3o Art\\u00edstica\",\"p19_politicasculturais\":\"Pol\\u00edticas Culturais\",\"p20_reunioes\":\"Reuni\\u00f5es\",\"p20_oficinas\":\"Oficinas\",\"p20_oficinasaulasartisticas\":\"Ensaios\\\/Oficinas\\\/Aulas art\\u00edsticas\",\"p20_apresentacoesartisticas\":\"Apresenta\\u00e7\\u00f5es art\\u00edsticas\",\"p21_repressaopolicial\":\"Repress\\u00e3o policial\",\"p21_intoleranciareligiosa\":\"Fundamentalismo\\\/intoler\\u00e2ncia religiosa\",\"p21_machismo\":\"Machismo\",\"p21_racismo\":\"Racismo\",\"p21_lgbtqifobia\":\"LGBTIfobia\",\"p22_numerodeparticipantes\":\"1  - 15\",\"p23_apresentacoesartisticas\":\"Apresenta\\u00e7\\u00f5es Art\\u00edsticas\",\"p23_outros\":\"Outros\",\"p24_reunioes\":\"Reuni\\u00f5es\",\"p24_oficinas\":\"Oficinas\",\"p24_oficinasaulasartisticas\":\"Ensaios\\\/Oficinas\\\/Aulas art\\u00edsticas\",\"p24_apresentacoesartisticas\":\"Apresenta\\u00e7\\u00f5es art\\u00edsticas\",\"p24_outros\":\"Outros\",\"p25_numerodepessoas\":\"80 - 100\",\"p26_numerodepessoas\":\"100 - 200\",\"p27_espacoemprestadocedido\":\"Espa\\u00e7o emprestado\\\/cedido\",\"p27_espacoproprio\":\"Espa\\u00e7o pr\\u00f3prio\",\"p28_territorios\":\"Cidade\",\"p30_outrasorganizacoes\":\"Sim\",\"p32_campanhadelongaduracao\":\"Sim\",\"p34_nenhuma\":\"Nenhuma\",\"p36_conselhosdeparticipacaoecontrolesocial\":\"Sim\",\"p38_sim\":\"Sim\",\"p38_nenhum\":\"Nenhum\",\"p40_editais\":\"Sim\",\"p41_publicoestatal\":\"P\\u00fablico-Estatal\",\"p41_privadopf\":\"Privado (P. F\\u00edsica)\",\"p41_privadopj\":\"Privado (P. Jur\\u00eddica)\",\"p41_autofinanciamento\":\"Autofinanciamento\",\"p42_meiodedivulgacaoproprio\":\"Sim\",\"p43_facebook\":\"Facebook\",\"p43_instagram\":\"Instagram\",\"p44_radio\":\"TV\",\"p44_jornaisimpressosdegrandecirculacao\":\"Jornais impressos de grande circula\\u00e7\\u00e3o\",\"p44_jornaisimpressosdebairro\":\"Jornais impressos de bairro\",\"p44_redessociais\":\"Redes sociais (Facebook, YouTube, Instagram etc.)\",\"p44_sitesblogs\":\"Sites ou Blogs\",\"p39_publico\":\"JOVENS\",\"p45_bandeira\":\"DESCRIMINALIZA\\u00c7\\u00c3O SKATE HIPHOP IGUALDADE\",\"p46_hashtags\":\"#LIBERDADEEXPRESSAO #IGUALDADE #RESPEITO\"},{\"p1_eixo\":\"Cultura\",\"p9_tipoorganizacao\":\"ONG\",\"p12_uf\":\"PI\",\"p13_cidade\":\"TERESINA\",\"p16_internacional\":\"Internacional\",\"p17_ano\":\"2016\",\"p16_estado\":\"Estado\",\"p18_agrario\":\"Agr\\u00e1rio\\\/ruralidades\",\"p18_comunicacao\":\"Comunica\\u00e7\\u00e3o\",\"p18_difusaoartistica\":\"Difus\\u00e3o Art\\u00edstica\",\"p18_desenvolvimentoterritorial\":\"Desenvolvimento territorial\",\"p18_direitoshumanos\":\"Direitos humanos\",\"p18_educacao\":\"Educa\\u00e7\\u00e3o\",\"p18_feminismos\":\"Feminismos\",\"p18_lgbtqi\":\"LGBTQI\",\"p18_lutaantirracismo\":\"Luta antirracismo\",\"p18_mobilidade\":\"Mobilidade\",\"p18_moradia\":\"Moradia\",\"p18_povosecomunidadestradicionais\":\"Povos e comunidades tradicionais\",\"p18_trabalho\":\"Trabalho\",\"p18_religiao\":\"Religi\\u00e3o\",\"p18_saude\":\"Sa\\u00fade\",\"p18_violencia\":\"Viol\\u00eancia\",\"p18_politicasculturais\":\"Pol\\u00edticas Culturais\",\"p19_desenvolvimentoterritorial\":\"Desenvolvimento territorial\",\"p19_direitoshumanos\":\"Direitos humanos\",\"p19_educacao\":\"Educa\\u00e7\\u00e3o\",\"p19_moradia\":\"Moradia\",\"p19_difusaoartistica\":\"Difus\\u00e3o Art\\u00edstica\",\"p19_politicasculturais\":\"Pol\\u00edticas Culturais\",\"p20_reunioes\":\"Reuni\\u00f5es\",\"p20_oficinas\":\"Oficinas\",\"p20_oficinasaulasartisticas\":\"Ensaios\\\/Oficinas\\\/Aulas art\\u00edsticas\",\"p20_formacao\":\"Forma\\u00e7\\u00e3o\",\"p20_apresentacoesartisticas\":\"Apresenta\\u00e7\\u00f5es art\\u00edsticas\",\"p21_repressaopolicial\":\"Repress\\u00e3o policial\",\"p21_intoleranciareligiosa\":\"Fundamentalismo\\\/intoler\\u00e2ncia religiosa\",\"p21_xenofobia\":\"Xenofobia\",\"p21_machismo\":\"Machismo\",\"p21_racismo\":\"Racismo\",\"p21_lgbtqifobia\":\"LGBTIfobia\",\"p22_numerodeparticipantes\":\"1  - 15\",\"p23_reunioes\":\"Reuni\\u00f5es\",\"p23_apresentacoesartisticas\":\"Apresenta\\u00e7\\u00f5es Art\\u00edsticas\",\"p23_outros\":\"Outros\",\"p24_reunioes\":\"Reuni\\u00f5es\",\"p24_oficinas\":\"Oficinas\",\"p24_oficinasaulasartisticas\":\"Ensaios\\\/Oficinas\\\/Aulas art\\u00edsticas\",\"p24_apresentacoesartisticas\":\"Apresenta\\u00e7\\u00f5es art\\u00edsticas\",\"p24_outros\":\"Outros\",\"p25_numerodepessoas\":\"1 - 20\",\"p26_numerodepessoas\":\"60 - 80\",\"p27_espacoemprestadocedido\":\"Espa\\u00e7o emprestado\\\/cedido\",\"p27_espacoproprio\":\"Espa\\u00e7o pr\\u00f3prio\",\"p28_territorios\":\"Atua\\u00e7\\u00e3o Internacional\",\"p30_outrasorganizacoes\":\"Sim\",\"p32_campanhadelongaduracao\":\"N\\u00e3o\",\"p34_estadual\":\"Estadual\",\"p34_nenhuma\":\"Nenhuma\",\"p36_conselhosdeparticipacaoecontrolesocial\":\"Sim\",\"p38_sim\":\"Sim\",\"p38_nenhum\":\"Nenhum\",\"p40_editais\":\"Sim\",\"p41_publicoestatal\":\"P\\u00fablico-Estatal\",\"p41_privadopf\":\"Privado (P. F\\u00edsica)\",\"p41_privadopj\":\"Privado (P. Jur\\u00eddica)\",\"p41_autofinanciamento\":\"Autofinanciamento\",\"p41_financiamentocoletivo0\":\"Financiamento coletivo\",\"p42_meiodedivulgacaoproprio\":\"Sim\",\"p43_facebook\":\"Facebook\",\"p43_instagram\":\"Instagram\",\"p43_nenhum\":\"Nenhum\",\"p44_radio\":\"TV\",\"p44_jornaisimpressosdegrandecirculacao\":\"Jornais impressos de grande circula\\u00e7\\u00e3o\",\"p44_jornaisimpressosdebairro\":\"Jornais impressos de bairro\",\"p44_redessociais\":\"Redes sociais (Facebook, YouTube, Instagram etc.)\",\"p44_sitesblogs\":\"Sites ou Blogs\",\"p39_publico\":\"ESTUDANTES ARTISTAS INTERESSADOS ARTE LOCAIS\",\"p45_bandeira\":\"DIREITO ARTE INSTRUMENTO AUTONOMIA CIDADANIA\",\"p46_hashtags\":\"#SUSTENTABILIDADEDEVIDA #VIDADIGNA #AUTOAFIRMACAOQUILOMBOLA\"},{\"p1_eixo\":\"Cultura\",\"p9_tipoorganizacao\":\"Coletivo Art\\u00edstico\",\"p12_uf\":\"PI\",\"p13_cidade\":\"PAQUET\\u00c1\",\"p17_ano\":\"Anterior a 1980\",\"p16_estado\":\"Estado\",\"p18_agrario\":\"Agr\\u00e1rio\\\/ruralidades\",\"p18_comunicacao\":\"Comunica\\u00e7\\u00e3o\",\"p18_difusaoartistica\":\"Difus\\u00e3o Art\\u00edstica\",\"p18_desenvolvimentoterritorial\":\"Desenvolvimento territorial\",\"p18_direitoshumanos\":\"Direitos humanos\",\"p18_educacao\":\"Educa\\u00e7\\u00e3o\",\"p18_feminismos\":\"Feminismos\",\"p18_lgbtqi\":\"LGBTQI\",\"p18_lutaantirracismo\":\"Luta antirracismo\",\"p18_mobilidade\":\"Mobilidade\",\"p18_moradia\":\"Moradia\",\"p18_povosecomunidadestradicionais\":\"Povos e comunidades tradicionais\",\"p18_trabalho\":\"Trabalho\",\"p18_religiao\":\"Religi\\u00e3o\",\"p18_saude\":\"Sa\\u00fade\",\"p18_violencia\":\"Viol\\u00eancia\",\"p18_politicasculturais\":\"Pol\\u00edticas Culturais\",\"p19_desenvolvimentoterritorial\":\"Desenvolvimento territorial\",\"p19_educacao\":\"Educa\\u00e7\\u00e3o\",\"p19_moradia\":\"Moradia\",\"p19_trabalho\":\"Trabalho\",\"p20_reunioes\":\"Reuni\\u00f5es\",\"p20_oficinas\":\"Oficinas\",\"p20_formacao\":\"Forma\\u00e7\\u00e3o\",\"p20_apresentacoesartisticas\":\"Apresenta\\u00e7\\u00f5es art\\u00edsticas\",\"p21_intoleranciareligiosa\":\"Fundamentalismo\\\/intoler\\u00e2ncia religiosa\",\"p21_xenofobia\":\"Xenofobia\",\"p21_machismo\":\"Machismo\",\"p21_racismo\":\"Racismo\",\"p21_lgbtqifobia\":\"LGBTIfobia\",\"p21_enfrentamentocomgruposprivadosarmados\":\"Enfrentamento com grupos privados armados\",\"p22_numerodeparticipantes\":\"45 - 60\",\"p23_reunioes\":\"Reuni\\u00f5es\",\"p23_apresentacoesartisticas\":\"Apresenta\\u00e7\\u00f5es Art\\u00edsticas\",\"p23_outros\":\"Outros\",\"p24_reunioes\":\"Reuni\\u00f5es\",\"p24_oficinas\":\"Oficinas\",\"p24_apresentacoesartisticas\":\"Apresenta\\u00e7\\u00f5es art\\u00edsticas\",\"p24_outros\":\"Outros\",\"p25_numerodepessoas\":\"200 - 300\",\"p26_numerodepessoas\":\"300 - 400\",\"p27_espacoproprio\":\"Espa\\u00e7o pr\\u00f3prio\",\"p27_ocupacao\":\"Ocupa\\u00e7\\u00e3o\",\"p28_territorios\":\"Pr\\u00f3prio bairro\",\"p30_outrasorganizacoes\":\"Sim\",\"p32_campanhadelongaduracao\":\"N\\u00e3o\",\"p34_estadual\":\"Estadual\",\"p34_nenhuma\":\"Nenhuma\",\"p36_conselhosdeparticipacaoecontrolesocial\":\"Sim\",\"p38_sim\":\"Sim\",\"p40_editais\":\"Sim\",\"p41_autofinanciamento\":\"Autofinanciamento\",\"p41_financiamentocoletivo0\":\"Financiamento coletivo\",\"p42_meiodedivulgacaoproprio\":\"Sim\",\"p43_nenhum\":\"Nenhum\",\"p44_radio\":\"TV\",\"p44_jornaisimpressosdegrandecirculacao\":\"Jornais impressos de grande circula\\u00e7\\u00e3o\",\"p44_jornaisimpressosdebairro\":\"Jornais impressos de bairro\",\"p44_redessociais\":\"Redes sociais (Facebook, YouTube, Instagram etc.)\",\"p44_sitesblogs\":\"Sites ou Blogs\",\"p44_nenhum\":\"Nenhum\",\"p39_publico\":\"QUILOMBOLAS\",\"p45_bandeira\":\"AUTO AFIRMA\\u00c7\\u00c3O QUILOMBOLAS DIREITOS SOCIAIS LUTA MORADIA LUTA TERRA\",\"p46_hashtags\":\"#SUSTENTABILIDADEDEVIDA #VIDADIGNA #AUTOAFIRMACAOQUILOMBOLA\"},{\"p1_eixo\":\"Trabalho\",\"p9_tipoorganizacao\":\"Movimento Social\",\"p12_uf\":\"SP\",\"p13_cidade\":\"S\\u00c3O PAULO\",\"p16_nacional\":\"Nacional\",\"p17_ano\":\"1993\",\"p16_estado\":\"Estado\",\"p18_agrario\":\"Agr\\u00e1rio\\\/ruralidades\",\"p18_comunicacao\":\"Comunica\\u00e7\\u00e3o\",\"p18_difusaoartistica\":\"Difus\\u00e3o Art\\u00edstica\",\"p18_desenvolvimentoterritorial\":\"Desenvolvimento territorial\",\"p18_direitoshumanos\":\"Direitos humanos\",\"p18_educacao\":\"Educa\\u00e7\\u00e3o\",\"p18_feminismos\":\"Feminismos\",\"p18_lgbtqi\":\"LGBTQI\",\"p18_lutaantirracismo\":\"Luta antirracismo\",\"p18_mobilidade\":\"Mobilidade\",\"p18_moradia\":\"Moradia\",\"p18_povosecomunidadestradicionais\":\"Povos e comunidades tradicionais\",\"p18_trabalho\":\"Trabalho\",\"p18_saude\":\"Sa\\u00fade\",\"p18_violencia\":\"Viol\\u00eancia\",\"p18_politicasculturais\":\"Pol\\u00edticas Culturais\",\"p19_agrario\":\"Agr\\u00e1rio\\\/ruralidades\",\"p19_desenvolvimentoterritorial\":\"Desenvolvimento territorial\",\"p19_moradia\":\"Moradia\",\"p19_trabalho\":\"Trabalho\",\"p19_politicasculturais\":\"Pol\\u00edticas Culturais\",\"p20_reunioes\":\"Reuni\\u00f5es\",\"p20_oficinas\":\"Oficinas\",\"p20_apresentacoesartisticas\":\"Apresenta\\u00e7\\u00f5es art\\u00edsticas\",\"p21_enfrentamentocomgruposprivadosarmados\":\"Enfrentamento com grupos privados armados\",\"p21_nenhum\":\"Nenhum\",\"p22_numerodeparticipantes\":\"Mais de 90\",\"p23_apresentacoesartisticas\":\"Apresenta\\u00e7\\u00f5es Art\\u00edsticas\",\"p23_outros\":\"Outros\",\"p24_reunioes\":\"Reuni\\u00f5es\",\"p24_oficinas\":\"Oficinas\",\"p24_outros\":\"Outros\",\"p25_numerodepessoas\":\"1 - 20\",\"p26_numerodepessoas\":\"20 - 40\",\"p27_espacoproprio\":\"Espa\\u00e7o pr\\u00f3prio\",\"p27_ocupacao\":\"Ocupa\\u00e7\\u00e3o\",\"p28_territorios\":\"Estado\",\"p30_outrasorganizacoes\":\"Sim\",\"p32_campanhadelongaduracao\":\"Sim\",\"p34_nenhuma\":\"Nenhuma\",\"p36_conselhosdeparticipacaoecontrolesocial\":\"N\\u00e3o\",\"p38_sim\":\"Sim\",\"p38_nenhum\":\"Nenhum\",\"p40_editais\":\"Sim\",\"p41_autofinanciamento\":\"Autofinanciamento\",\"p42_meiodedivulgacaoproprio\":\"Sim\",\"p43_email\":\"E-mail\",\"p43_facebook\":\"Facebook\",\"p43_instagram\":\"Instagram\",\"p43_nenhum\":\"Nenhum\",\"p44_radio\":\"TV\",\"p44_jornaisimpressosdegrandecirculacao\":\"Jornais impressos de grande circula\\u00e7\\u00e3o\",\"p44_jornaisimpressosdebairro\":\"Jornais impressos de bairro\",\"p44_redessociais\":\"Redes sociais (Facebook, YouTube, Instagram etc.)\",\"p44_sitesblogs\":\"Sites ou Blogs\",\"p44_nenhum\":\"Nenhum\",\"p39_publico\":\"ASSENTADOS\",\"p45_bandeira\":\"MST PT\",\"p46_hashtags\":\"#AGRICULTURAFAMILIAR #AGROECOLOGIA #ORGANICOS\"},{\"p1_eixo\":\"Trabalho\",\"p9_tipoorganizacao\":\"Movimento Social\",\"p12_uf\":\"SP\",\"p13_cidade\":\"S\\u00c3O PAULO\",\"p16_cidade\":\"Cidade\",\"p16_nacional\":\"Nacional\",\"p17_ano\":\"2016\",\"p18_agrario\":\"Agr\\u00e1rio\\\/ruralidades\",\"p18_comunicacao\":\"Comunica\\u00e7\\u00e3o\",\"p18_difusaoartistica\":\"Difus\\u00e3o Art\\u00edstica\",\"p18_desenvolvimentoterritorial\":\"Desenvolvimento territorial\",\"p18_direitoshumanos\":\"Direitos humanos\",\"p18_educacao\":\"Educa\\u00e7\\u00e3o\",\"p18_feminismos\":\"Feminismos\",\"p18_lgbtqi\":\"LGBTQI\",\"p18_lutaantirracismo\":\"Luta antirracismo\",\"p18_mobilidade\":\"Mobilidade\",\"p18_moradia\":\"Moradia\",\"p18_povosecomunidadestradicionais\":\"Povos e comunidades tradicionais\",\"p18_trabalho\":\"Trabalho\",\"p18_saude\":\"Sa\\u00fade\",\"p18_violencia\":\"Viol\\u00eancia\",\"p18_politicasculturais\":\"Pol\\u00edticas Culturais\",\"p19_agrario\":\"Agr\\u00e1rio\\\/ruralidades\",\"p19_desenvolvimentoterritorial\":\"Desenvolvimento territorial\",\"p19_educacao\":\"Educa\\u00e7\\u00e3o\",\"p19_lgbtqi\":\"LGBTQI\",\"p19_difusaoartistica\":\"Difus\\u00e3o Art\\u00edstica\",\"p19_politicasculturais\":\"Pol\\u00edticas Culturais\",\"p20_oficinas\":\"Oficinas\",\"p20_apresentacoesartisticas\":\"Apresenta\\u00e7\\u00f5es art\\u00edsticas\",\"p21_nenhum\":\"Nenhum\",\"p22_numerodeparticipantes\":\"1  - 15\",\"p23_apresentacoesartisticas\":\"Apresenta\\u00e7\\u00f5es Art\\u00edsticas\",\"p23_outros\":\"Outros\",\"p24_oficinas\":\"Oficinas\",\"p24_curso\":\"Curso\",\"p25_numerodepessoas\":\"80 - 100\",\"p26_numerodepessoas\":\"100 - 200\",\"p27_espacoproprio\":\"Espa\\u00e7o pr\\u00f3prio\",\"p28_territorios\":\"Estado\",\"p30_outrasorganizacoes\":\"Sim\",\"p32_campanhadelongaduracao\":\"Sim\",\"p34_nenhuma\":\"Nenhuma\",\"p36_conselhosdeparticipacaoecontrolesocial\":\"N\\u00e3o\",\"p38_nenhum\":\"Nenhum\",\"p40_editais\":\"N\\u00e3o\",\"p41_autofinanciamento\":\"Autofinanciamento\",\"p41_financiamentocoletivo0\":\"Financiamento coletivo\",\"p42_meiodedivulgacaoproprio\":\"Sim\",\"p43_email\":\"E-mail\",\"p43_facebook\":\"Facebook\",\"p43_instagram\":\"Instagram\",\"p44_radio\":\"TV\",\"p44_jornaisimpressosdegrandecirculacao\":\"Jornais impressos de grande circula\\u00e7\\u00e3o\",\"p44_jornaisimpressosdebairro\":\"Jornais impressos de bairro\",\"p44_redessociais\":\"Redes sociais (Facebook, YouTube, Instagram etc.)\",\"p44_sitesblogs\":\"Sites ou Blogs\",\"p44_nenhum\":\"Nenhum\",\"p39_publico\":\"CLASSE-TRABALHADORA ESQUERDA CLASSE-M\\u00c9DIA-ALTA\",\"p45_bandeira\":\"REFORMA AGR\\u00c1RIA SOBERANIA ALIMENTAR ALIMENTOS SAUD\\u00c1VEIS\",\"p46_hashtags\":\"#REFORMAAGRARIAPOPULAR #CONTRAOAGRONEGOCIO #AGRICULTURACAMPONESA\"},{\"p1_eixo\":\"Cultura\",\"p9_tipoorganizacao\":\"Coletivo\",\"p12_uf\":\"PI\",\"p13_cidade\":\"TERESINA\",\"p16_cidade\":\"Cidade\",\"p16_nacional\":\"Nacional\",\"p17_ano\":\"2016\",\"p18_agrario\":\"Agr\\u00e1rio\\\/ruralidades\",\"p18_comunicacao\":\"Comunica\\u00e7\\u00e3o\",\"p18_difusaoartistica\":\"Difus\\u00e3o Art\\u00edstica\",\"p18_desenvolvimentoterritorial\":\"Desenvolvimento territorial\",\"p18_direitoshumanos\":\"Direitos humanos\",\"p18_educacao\":\"Educa\\u00e7\\u00e3o\",\"p18_feminismos\":\"Feminismos\",\"p18_lutaantirracismo\":\"Luta antirracismo\",\"p18_mobilidade\":\"Mobilidade\",\"p18_moradia\":\"Moradia\",\"p18_povosecomunidadestradicionais\":\"Povos e comunidades tradicionais\",\"p18_trabalho\":\"Trabalho\",\"p18_religiao\":\"Religi\\u00e3o\",\"p18_saude\":\"Sa\\u00fade\",\"p18_violencia\":\"Viol\\u00eancia\",\"p18_politicasculturais\":\"Pol\\u00edticas Culturais\",\"p19_comunicacao\":\"Comunica\\u00e7\\u00e3o\",\"p19_direitoshumanos\":\"Direitos humanos\",\"p19_educacao\":\"Educa\\u00e7\\u00e3o\",\"p19_lgbtqi\":\"LGBTQI\",\"p19_saude\":\"Sa\\u00fade\",\"p19_difusaoartistica\":\"Difus\\u00e3o Art\\u00edstica\",\"p20_reunioes\":\"Reuni\\u00f5es\",\"p20_atendimento\":\"Atendimento\",\"p20_oficinas\":\"Oficinas\",\"p20_apresentacoesartisticas\":\"Apresenta\\u00e7\\u00f5es art\\u00edsticas\",\"p20_visitasexcursoes\":\"Visitas\\\/Excurs\\u00f5es\",\"p21_racismo\":\"Racismo\",\"p21_nenhum\":\"Nenhum\",\"p22_numerodeparticipantes\":\"1  - 15\",\"p23_apresentacoesartisticas\":\"Apresenta\\u00e7\\u00f5es Art\\u00edsticas\",\"p23_visitas\":\"Visitas\",\"p24_reunioes\":\"Reuni\\u00f5es\",\"p24_oficinas\":\"Oficinas\",\"p24_curso\":\"Curso\",\"p24_outros\":\"Outros\",\"p25_numerodepessoas\":\"20 - 40\",\"p26_numerodepessoas\":\"40 - 60\",\"p27_espacoemprestadocedido\":\"Espa\\u00e7o emprestado\\\/cedido\",\"p27_espacoproprio\":\"Espa\\u00e7o pr\\u00f3prio\",\"p28_territorios\":\"Regi\\u00e3o da Cidade\",\"p30_outrasorganizacoes\":\"N\\u00e3o\",\"p32_campanhadelongaduracao\":\"Sim\",\"p34_nenhuma\":\"Nenhuma\",\"p36_conselhosdeparticipacaoecontrolesocial\":\"N\\u00e3o\",\"p38_sim\":\"Sim\",\"p38_nenhum\":\"Nenhum\",\"p40_editais\":\"Sim\",\"p41_privadopj\":\"Privado (P. Jur\\u00eddica)\",\"p41_autofinanciamento\":\"Autofinanciamento\",\"p41_financiamentocoletivo0\":\"Financiamento coletivo\",\"p42_meiodedivulgacaoproprio\":\"Sim\",\"p43_impressoes\":\"Impressos\",\"p43_email\":\"E-mail\",\"p43_facebook\":\"Facebook\",\"p43_instagram\":\"Instagram\",\"p44_jornaisimpressosdegrandecirculacao\":\"Jornais impressos de grande circula\\u00e7\\u00e3o\",\"p44_jornaisimpressosdebairro\":\"Jornais impressos de bairro\",\"p44_nenhum\":\"Nenhum\",\"p39_publico\":\"ARTS ARTE CULTURA\",\"p45_bandeira\":\"DEFESA MINORIAS PERIF\\u00c9RICAS VALORIZA\\u00c7\\u00c3O ARTE PERIF\\u00c9RICA\",\"p46_hashtags\":\"#VEMPROBALDE #AMOSTRADETODASCOISAS\"},{\"p1_eixo\":\"Trabalho\",\"p9_tipoorganizacao\":\"Movimento Social\",\"p12_uf\":\"PI\",\"p13_cidade\":\"TERESINA\",\"p16_nacional\":\"Nacional\",\"p17_ano\":\"1984\",\"p18_agrario\":\"Agr\\u00e1rio\\\/ruralidades\",\"p18_comunicacao\":\"Comunica\\u00e7\\u00e3o\",\"p18_desenvolvimentoterritorial\":\"Desenvolvimento territorial\",\"p18_direitoshumanos\":\"Direitos humanos\",\"p18_educacao\":\"Educa\\u00e7\\u00e3o\",\"p18_feminismos\":\"Feminismos\",\"p18_lutaantirracismo\":\"Luta antirracismo\",\"p18_moradia\":\"Moradia\",\"p18_povosecomunidadestradicionais\":\"Povos e comunidades tradicionais\",\"p18_trabalho\":\"Trabalho\",\"p18_religiao\":\"Religi\\u00e3o\",\"p18_saude\":\"Sa\\u00fade\",\"p18_politicasculturais\":\"Pol\\u00edticas Culturais\",\"p19_agrario\":\"Agr\\u00e1rio\\\/ruralidades\",\"p19_comunicacao\":\"Comunica\\u00e7\\u00e3o\",\"p19_direitoshumanos\":\"Direitos humanos\",\"p19_educacao\":\"Educa\\u00e7\\u00e3o\",\"p19_trabalho\":\"Trabalho\",\"p19_saude\":\"Sa\\u00fade\",\"p20_reunioes\":\"Reuni\\u00f5es\",\"p20_atendimento\":\"Atendimento\",\"p20_oficinas\":\"Oficinas\",\"p20_cursos\":\"Cursos\",\"p20_formacao\":\"Forma\\u00e7\\u00e3o\",\"p20_apresentacoesartisticas\":\"Apresenta\\u00e7\\u00f5es art\\u00edsticas\",\"p20_visitasexcursoes\":\"Visitas\\\/Excurs\\u00f5es\",\"p21_machismo\":\"Machismo\",\"p21_racismo\":\"Racismo\",\"p22_numerodeparticipantes\":\"30 - 45\",\"p23_atendimento\":\"Atendimento\",\"p23_formacao\":\"Forma\\u00e7\\u00e3o\",\"p23_visitas\":\"Visitas\",\"p23_outros\":\"Outros\",\"p24_reunioes\":\"Reuni\\u00f5es\",\"p24_oficinas\":\"Oficinas\",\"p24_apresentacoesartisticas\":\"Apresenta\\u00e7\\u00f5es art\\u00edsticas\",\"p24_outros\":\"Outros\",\"p25_numerodepessoas\":\"1 - 20\",\"p26_numerodepessoas\":\"60 - 80\",\"p27_espacoemprestadocedido\":\"Espa\\u00e7o emprestado\\\/cedido\",\"p28_territorios\":\"Estado\",\"p30_outrasorganizacoes\":\"Sim\",\"p32_campanhadelongaduracao\":\"Sim\",\"p34_nenhuma\":\"Nenhuma\",\"p36_conselhosdeparticipacaoecontrolesocial\":\"Sim\",\"p38_sim\":\"Sim\",\"p38_nenhum\":\"Nenhum\",\"p40_editais\":\"Sim\",\"p41_privadopf\":\"Privado (P. F\\u00edsica)\",\"p41_privadopj\":\"Privado (P. Jur\\u00eddica)\",\"p41_autofinanciamento\":\"Autofinanciamento\",\"p42_meiodedivulgacaoproprio\":\"Sim\",\"p43_impressoes\":\"Impressos\",\"p43_email\":\"E-mail\",\"p43_facebook\":\"Facebook\",\"p43_instagram\":\"Instagram\",\"p43_sitesblogs\":\"Blogs\\\/sites\",\"p44_radio\":\"TV\",\"p44_jornaisimpressosdegrandecirculacao\":\"Jornais impressos de grande circula\\u00e7\\u00e3o\",\"p44_jornaisimpressosdebairro\":\"Jornais impressos de bairro\",\"p44_redessociais\":\"Redes sociais (Facebook, YouTube, Instagram etc.)\",\"p44_sitesblogs\":\"Sites ou Blogs\",\"p39_publico\":\"HANSENIASE FAMILIARES\",\"p45_bandeira\":\"ACESSO INFORMA\\u00c7\\u00c3O DIAGNOSTICO PRECOCE DIREITOS HUMANOS MOHAN MULHERES\",\"p46_hashtags\":\"#HANSENIASETEMCURAPRECONCEITOTAMBEM #MORHANPIAUIEMACAO #MILITANCIAMOHAN\"},{\"p1_eixo\":\"Trabalho\",\"p9_tipoorganizacao\":\"Associa\\u00e7\\u00e3o\",\"p12_uf\":\"SP\",\"p13_cidade\":\"S\\u00c3O PAULO\",\"p16_nacional\":\"Nacional\",\"p17_ano\":\"2015\",\"p16_estado\":\"Estado\",\"p18_agrario\":\"Agr\\u00e1rio\\\/ruralidades\",\"p18_difusaoartistica\":\"Difus\\u00e3o Art\\u00edstica\",\"p18_desenvolvimentoterritorial\":\"Desenvolvimento territorial\",\"p18_direitoshumanos\":\"Direitos humanos\",\"p18_educacao\":\"Educa\\u00e7\\u00e3o\",\"p18_feminismos\":\"Feminismos\",\"p18_lutaantirracismo\":\"Luta antirracismo\",\"p18_povosecomunidadestradicionais\":\"Povos e comunidades tradicionais\",\"p18_trabalho\":\"Trabalho\",\"p18_religiao\":\"Religi\\u00e3o\",\"p18_saude\":\"Sa\\u00fade\",\"p18_violencia\":\"Viol\\u00eancia\",\"p18_politicasculturais\":\"Pol\\u00edticas Culturais\",\"p19_agrario\":\"Agr\\u00e1rio\\\/ruralidades\",\"p19_educacao\":\"Educa\\u00e7\\u00e3o\",\"p19_lutaantirracismo\":\"Luta antirracismo\",\"p19_trabalho\":\"Trabalho\",\"p19_religiao\":\"Religi\\u00e3o\",\"p19_politicasculturais\":\"Pol\\u00edticas Culturais\",\"p20_reunioes\":\"Reuni\\u00f5es\",\"p20_atendimento\":\"Atendimento\",\"p20_oficinas\":\"Oficinas\",\"p20_oficinasaulasartisticas\":\"Ensaios\\\/Oficinas\\\/Aulas art\\u00edsticas\",\"p20_cursos\":\"Cursos\",\"p20_formacao\":\"Forma\\u00e7\\u00e3o\",\"p20_apresentacoesartisticas\":\"Apresenta\\u00e7\\u00f5es art\\u00edsticas\",\"p21_repressaopolicial\":\"Repress\\u00e3o policial\",\"p21_intoleranciareligiosa\":\"Fundamentalismo\\\/intoler\\u00e2ncia religiosa\",\"p21_xenofobia\":\"Xenofobia\",\"p21_machismo\":\"Machismo\",\"p21_racismo\":\"Racismo\",\"p21_lgbtqifobia\":\"LGBTIfobia\",\"p22_numerodeparticipantes\":\"15 - 30\",\"p23_reunioes\":\"Reuni\\u00f5es\",\"p23_atendimento\":\"Atendimento\",\"p23_oficinas\":\"Oficinas\",\"p23_oficinasaulasartisticas\":\"Ensaio\\\/Oficinas\\\/Aulas Art\\u00edsticas\",\"p23_formacao\":\"Forma\\u00e7\\u00e3o\",\"p23_apresentacoesartisticas\":\"Apresenta\\u00e7\\u00f5es Art\\u00edsticas\",\"p23_outros\":\"Outros\",\"p24_oficinas\":\"Oficinas\",\"p24_oficinasaulasartisticas\":\"Ensaios\\\/Oficinas\\\/Aulas art\\u00edsticas\",\"p24_apresentacoesartisticas\":\"Apresenta\\u00e7\\u00f5es art\\u00edsticas\",\"p24_outros\":\"Outros\",\"p25_numerodepessoas\":\"300 - 400\",\"p26_numerodepessoas\":\"60 - 80\",\"p27_espacoemprestadocedido\":\"Espa\\u00e7o emprestado\\\/cedido\",\"p28_territorios\":\"Estado\",\"p30_outrasorganizacoes\":\"Sim\",\"p32_campanhadelongaduracao\":\"N\\u00e3o\",\"p34_nenhuma\":\"Nenhuma\",\"p36_conselhosdeparticipacaoecontrolesocial\":\"N\\u00e3o\",\"p38_sim\":\"Sim\",\"p38_nenhum\":\"Nenhum\",\"p40_editais\":\"N\\u00e3o\",\"p41_publicoestatal\":\"P\\u00fablico-Estatal\",\"p41_privadopf\":\"Privado (P. F\\u00edsica)\",\"p41_autofinanciamento\":\"Autofinanciamento\",\"p42_meiodedivulgacaoproprio\":\"Sim\",\"p43_impressoes\":\"Impressos\",\"p43_email\":\"E-mail\",\"p43_facebook\":\"Facebook\",\"p43_instagram\":\"Instagram\",\"p43_sitesblogs\":\"Blogs\\\/sites\",\"p44_radio\":\"TV\",\"p44_jornaisimpressosdegrandecirculacao\":\"Jornais impressos de grande circula\\u00e7\\u00e3o\",\"p44_jornaisimpressosdebairro\":\"Jornais impressos de bairro\",\"p44_redessociais\":\"Redes sociais (Facebook, YouTube, Instagram etc.)\",\"p44_sitesblogs\":\"Sites ou Blogs\",\"p39_publico\":\"FREQUENTADORES CH\\u00c3O AGRICULTORES\",\"p45_bandeira\":\"REFORMA AGR\\u00c1RIA AUTOGEST\\u00c3O AGROECOLOGIA\",\"p46_hashtags\":\"#EXPLORACAONAO #TERRAPRATODOS #COMIDADEVERDADEPRATODOS\"},{\"p1_eixo\":\"Cultura\",\"p9_tipoorganizacao\":\"Movimento Social\",\"p12_uf\":\"PI\",\"p13_cidade\":\"TERESINA\",\"p16_nacional\":\"Nacional\",\"p17_ano\":\"1990\",\"p16_estado\":\"Estado\",\"p18_agrario\":\"Agr\\u00e1rio\\\/ruralidades\",\"p18_difusaoartistica\":\"Difus\\u00e3o Art\\u00edstica\",\"p18_direitoshumanos\":\"Direitos humanos\",\"p18_educacao\":\"Educa\\u00e7\\u00e3o\",\"p18_feminismos\":\"Feminismos\",\"p18_lutaantirracismo\":\"Luta antirracismo\",\"p18_povosecomunidadestradicionais\":\"Povos e comunidades tradicionais\",\"p18_religiao\":\"Religi\\u00e3o\",\"p18_saude\":\"Sa\\u00fade\",\"p18_violencia\":\"Viol\\u00eancia\",\"p18_politicasculturais\":\"Pol\\u00edticas Culturais\",\"p19_direitoshumanos\":\"Direitos humanos\",\"p19_lutaantirracismo\":\"Luta antirracismo\",\"p19_povosecomunidadestradicionais\":\"Povos e comunidades tradicionais\",\"p19_religiao\":\"Religi\\u00e3o\",\"p19_difusaoartistica\":\"Difus\\u00e3o Art\\u00edstica\",\"p19_politicasculturais\":\"Pol\\u00edticas Culturais\",\"p20_reunioes\":\"Reuni\\u00f5es\",\"p20_oficinas\":\"Oficinas\",\"p20_oficinasaulasartisticas\":\"Ensaios\\\/Oficinas\\\/Aulas art\\u00edsticas\",\"p20_cursos\":\"Cursos\",\"p20_formacao\":\"Forma\\u00e7\\u00e3o\",\"p20_apresentacoesartisticas\":\"Apresenta\\u00e7\\u00f5es art\\u00edsticas\",\"p21_repressaopolicial\":\"Repress\\u00e3o policial\",\"p21_intoleranciareligiosa\":\"Fundamentalismo\\\/intoler\\u00e2ncia religiosa\",\"p21_xenofobia\":\"Xenofobia\",\"p21_machismo\":\"Machismo\",\"p21_racismo\":\"Racismo\",\"p21_lgbtqifobia\":\"LGBTIfobia\",\"p21_nenhum\":\"Nenhum\",\"p22_numerodeparticipantes\":\"15 - 30\",\"p23_reunioes\":\"Reuni\\u00f5es\",\"p23_oficinas\":\"Oficinas\",\"p23_oficinasaulasartisticas\":\"Ensaio\\\/Oficinas\\\/Aulas Art\\u00edsticas\",\"p23_formacao\":\"Forma\\u00e7\\u00e3o\",\"p23_apresentacoesartisticas\":\"Apresenta\\u00e7\\u00f5es Art\\u00edsticas\",\"p24_reunioes\":\"Reuni\\u00f5es\",\"p24_oficinas\":\"Oficinas\",\"p24_oficinasaulasartisticas\":\"Ensaios\\\/Oficinas\\\/Aulas art\\u00edsticas\",\"p24_apresentacoesartisticas\":\"Apresenta\\u00e7\\u00f5es art\\u00edsticas\",\"p25_numerodepessoas\":\"60 - 80\",\"p26_numerodepessoas\":\"300 - 400\",\"p27_espacopublico\":\"Espa\\u00e7o p\\u00fablico\",\"p27_espacoemprestadocedido\":\"Espa\\u00e7o emprestado\\\/cedido\",\"p27_espacoproprio\":\"Espa\\u00e7o pr\\u00f3prio\",\"p28_territorios\":\"Estado\",\"p30_outrasorganizacoes\":\"Sim\",\"p32_campanhadelongaduracao\":\"Sim\",\"p34_municipal\":\"Municipal\",\"p34_estadual\":\"Estadual\",\"p34_nacional\":\"Nacional\",\"p34_nenhuma\":\"Nenhuma\",\"p36_conselhosdeparticipacaoecontrolesocial\":\"Sim\",\"p38_sim\":\"Sim\",\"p38_nenhum\":\"Nenhum\",\"p40_editais\":\"Sim\",\"p41_publicoestatal\":\"P\\u00fablico-Estatal\",\"p41_privadopf\":\"Privado (P. F\\u00edsica)\",\"p41_financiamentocoletivo0\":\"Financiamento coletivo\",\"p42_meiodedivulgacaoproprio\":\"Sim\",\"p43_email\":\"E-mail\",\"p43_facebook\":\"Facebook\",\"p43_whatsapp\":\"WhatsApp\",\"p43_instagram\":\"Instagram\",\"p43_twitter\":\"Twitter\",\"p43_sitesblogs\":\"Blogs\\\/sites\",\"p43_youtube\":\"YouTube\",\"p44_radio\":\"TV\",\"p44_jornaisimpressosdegrandecirculacao\":\"Jornais impressos de grande circula\\u00e7\\u00e3o\",\"p44_jornaisimpressosdebairro\":\"Jornais impressos de bairro\",\"p44_redessociais\":\"Redes sociais (Facebook, YouTube, Instagram etc.)\",\"p44_sitesblogs\":\"Sites ou Blogs\",\"p39_publico\":\"CRIAN\\u00c7AS JOVENS ADOLESCENTES ADULTOS\",\"p45_bandeira\":\"COMBATE RACISMO COMBATE  RELIGIOSA CONTRA QUALQUER TIPO VIOL\\u00caNCIA\",\"p46_hashtags\":\"#RACISMOECRIME #RESPEITOADIVERSIDADERELIGIOSA #CONTRAAVIOLENCIA\"},{\"p1_eixo\":\"Cultura\",\"p9_tipoorganizacao\":\"ONG\",\"p12_uf\":\"MS\",\"p13_cidade\":\"CAMPO GRANDE\",\"p16_nacional\":\"Nacional\",\"p16_internacional\":\"Internacional\",\"p17_ano\":\"2000\",\"p18_agrario\":\"Agr\\u00e1rio\\\/ruralidades\",\"p18_difusaoartistica\":\"Difus\\u00e3o Art\\u00edstica\",\"p18_desenvolvimentoterritorial\":\"Desenvolvimento territorial\",\"p18_direitoshumanos\":\"Direitos humanos\",\"p18_educacao\":\"Educa\\u00e7\\u00e3o\",\"p18_feminismos\":\"Feminismos\",\"p18_lgbtqi\":\"LGBTQI\",\"p18_lutaantirracismo\":\"Luta antirracismo\",\"p18_povosecomunidadestradicionais\":\"Povos e comunidades tradicionais\",\"p18_saude\":\"Sa\\u00fade\",\"p18_violencia\":\"Viol\\u00eancia\",\"p18_politicasculturais\":\"Pol\\u00edticas Culturais\",\"p19_direitoshumanos\":\"Direitos humanos\",\"p19_lgbtqi\":\"LGBTQI\",\"p19_povosecomunidadestradicionais\":\"Povos e comunidades tradicionais\",\"p19_saude\":\"Sa\\u00fade\",\"p19_difusaoartistica\":\"Difus\\u00e3o Art\\u00edstica\",\"p20_reunioes\":\"Reuni\\u00f5es\",\"p20_atendimento\":\"Atendimento\",\"p20_oficinas\":\"Oficinas\",\"p20_oficinasaulasartisticas\":\"Ensaios\\\/Oficinas\\\/Aulas art\\u00edsticas\",\"p20_cursos\":\"Cursos\",\"p20_formacao\":\"Forma\\u00e7\\u00e3o\",\"p20_apresentacoesartisticas\":\"Apresenta\\u00e7\\u00f5es art\\u00edsticas\",\"p21_repressaopolicial\":\"Repress\\u00e3o policial\",\"p21_intoleranciareligiosa\":\"Fundamentalismo\\\/intoler\\u00e2ncia religiosa\",\"p21_xenofobia\":\"Xenofobia\",\"p21_machismo\":\"Machismo\",\"p21_racismo\":\"Racismo\",\"p21_lgbtqifobia\":\"LGBTIfobia\",\"p21_nenhum\":\"Nenhum\",\"p22_numerodeparticipantes\":\"Mais de 90\",\"p23_reunioes\":\"Reuni\\u00f5es\",\"p23_atendimento\":\"Atendimento\",\"p23_oficinas\":\"Oficinas\",\"p23_oficinasaulasartisticas\":\"Ensaio\\\/Oficinas\\\/Aulas Art\\u00edsticas\",\"p23_cursos\":\"Cursos\",\"p23_formacao\":\"Forma\\u00e7\\u00e3o\",\"p23_outros\":\"Outros\",\"p24_reunioes\":\"Reuni\\u00f5es\",\"p24_oficinasaulasartisticas\":\"Ensaios\\\/Oficinas\\\/Aulas art\\u00edsticas\",\"p24_visitasexcursoes\":\"Visitas\\\/Excurs\\u00f5es\",\"p25_numerodepessoas\":\"40 - 60\",\"p26_numerodepessoas\":\"80 - 100\",\"p27_espacopublico\":\"Espa\\u00e7o p\\u00fablico\",\"p27_espacoemprestadocedido\":\"Espa\\u00e7o emprestado\\\/cedido\",\"p27_espacoproprio\":\"Espa\\u00e7o pr\\u00f3prio\",\"p28_territorios\":\"Atua\\u00e7\\u00e3o Nacional\",\"p30_outrasorganizacoes\":\"Sim\",\"p32_campanhadelongaduracao\":\"N\\u00e3o\",\"p34_municipal\":\"Municipal\",\"p34_estadual\":\"Estadual\",\"p34_nacional\":\"Nacional\",\"p36_conselhosdeparticipacaoecontrolesocial\":\"Sim\",\"p38_nenhum\":\"Nenhum\",\"p40_editais\":\"N\\u00e3o\",\"p41_publicoestatal\":\"P\\u00fablico-Estatal\",\"p41_privadopj\":\"Privado (P. Jur\\u00eddica)\",\"p41_financiamentocoletivo0\":\"Financiamento coletivo\",\"p42_meiodedivulgacaoproprio\":\"Sim\",\"p43_email\":\"E-mail\",\"p43_facebook\":\"Facebook\",\"p43_whatsapp\":\"WhatsApp\",\"p43_instagram\":\"Instagram\",\"p43_twitter\":\"Twitter\",\"p43_sitesblogs\":\"Blogs\\\/sites\",\"p43_youtube\":\"YouTube\",\"p44_radio\":\"TV\",\"p44_jornaisimpressosdegrandecirculacao\":\"Jornais impressos de grande circula\\u00e7\\u00e3o\",\"p44_jornaisimpressosdebairro\":\"Jornais impressos de bairro\",\"p44_redessociais\":\"Redes sociais (Facebook, YouTube, Instagram etc.)\",\"p44_sitesblogs\":\"Sites ou Blogs\",\"p39_publico\":\"BAIRROS CARENTES\",\"p45_bandeira\":\"CAPOEIRA\",\"p46_hashtags\":\"LUTAR EM DEFESA E LIBERDADE DE EXPRESS\\u00c3O DA CAPOEIRA\"},{\"p1_eixo\":\"Viol\\u00eancia\",\"p9_tipoorganizacao\":\"Instituto\",\"p12_uf\":\"MS\",\"p13_cidade\":\"CAMPO GRANDE\",\"p16_nacional\":\"Nacional\",\"p16_internacional\":\"Internacional\",\"p17_ano\":\"1993\",\"p18_agrario\":\"Agr\\u00e1rio\\\/ruralidades\",\"p18_comunicacao\":\"Comunica\\u00e7\\u00e3o\",\"p18_difusaoartistica\":\"Difus\\u00e3o Art\\u00edstica\",\"p18_desenvolvimentoterritorial\":\"Desenvolvimento territorial\",\"p18_direitoshumanos\":\"Direitos humanos\",\"p18_educacao\":\"Educa\\u00e7\\u00e3o\",\"p18_feminismos\":\"Feminismos\",\"p18_lgbtqi\":\"LGBTQI\",\"p18_lutaantirracismo\":\"Luta antirracismo\",\"p18_povosecomunidadestradicionais\":\"Povos e comunidades tradicionais\",\"p18_trabalho\":\"Trabalho\",\"p18_saude\":\"Sa\\u00fade\",\"p18_violencia\":\"Viol\\u00eancia\",\"p18_politicasculturais\":\"Pol\\u00edticas Culturais\",\"p19_direitoshumanos\":\"Direitos humanos\",\"p19_educacao\":\"Educa\\u00e7\\u00e3o\",\"p19_lgbtqi\":\"LGBTQI\",\"p19_saude\":\"Sa\\u00fade\",\"p20_reunioes\":\"Reuni\\u00f5es\",\"p20_atendimento\":\"Atendimento\",\"p20_oficinas\":\"Oficinas\",\"p20_oficinasaulasartisticas\":\"Ensaios\\\/Oficinas\\\/Aulas art\\u00edsticas\",\"p20_cursos\":\"Cursos\",\"p20_formacao\":\"Forma\\u00e7\\u00e3o\",\"p20_apresentacoesartisticas\":\"Apresenta\\u00e7\\u00f5es art\\u00edsticas\",\"p21_repressaopolicial\":\"Repress\\u00e3o policial\",\"p21_intoleranciareligiosa\":\"Fundamentalismo\\\/intoler\\u00e2ncia religiosa\",\"p21_xenofobia\":\"Xenofobia\",\"p21_machismo\":\"Machismo\",\"p21_racismo\":\"Racismo\",\"p21_lgbtqifobia\":\"LGBTIfobia\",\"p22_numerodeparticipantes\":\"1  - 15\",\"p23_reunioes\":\"Reuni\\u00f5es\",\"p23_atendimento\":\"Atendimento\",\"p23_oficinas\":\"Oficinas\",\"p23_oficinasaulasartisticas\":\"Ensaio\\\/Oficinas\\\/Aulas Art\\u00edsticas\",\"p23_cursos\":\"Cursos\",\"p23_outros\":\"Outros\",\"p24_reunioes\":\"Reuni\\u00f5es\",\"p24_oficinas\":\"Oficinas\",\"p24_visitasexcursoes\":\"Visitas\\\/Excurs\\u00f5es\",\"p25_numerodepessoas\":\"20 - 40\",\"p26_numerodepessoas\":\"1 - 20\",\"p27_espacoemprestadocedido\":\"Espa\\u00e7o emprestado\\\/cedido\",\"p27_espacoproprio\":\"Espa\\u00e7o pr\\u00f3prio\",\"p28_territorios\":\"Atua\\u00e7\\u00e3o Nacional\",\"p30_outrasorganizacoes\":\"Sim\",\"p32_campanhadelongaduracao\":\"Sim\",\"p34_municipal\":\"Municipal\",\"p34_estadual\":\"Estadual\",\"p36_conselhosdeparticipacaoecontrolesocial\":\"Sim\",\"p38_sim\":\"Sim\",\"p38_nenhum\":\"Nenhum\",\"p40_editais\":\"Sim\",\"p41_publicoestatal\":\"P\\u00fablico-Estatal\",\"p41_privadopj\":\"Privado (P. Jur\\u00eddica)\",\"p41_autofinanciamento\":\"Autofinanciamento\",\"p41_financiamentocoletivo0\":\"Financiamento coletivo\",\"p42_meiodedivulgacaoproprio\":\"Sim\",\"p43_email\":\"E-mail\",\"p43_facebook\":\"Facebook\",\"p43_whatsapp\":\"WhatsApp\",\"p43_instagram\":\"Instagram\",\"p43_twitter\":\"Twitter\",\"p43_sitesblogs\":\"Blogs\\\/sites\",\"p44_radio\":\"R\\u00e1dio\",\"p44_jornaisimpressosdebairro\":\"Jornais impressos de bairro\",\"p44_redessociais\":\"Redes sociais (Facebook, YouTube, Instagram etc.)\",\"p44_sitesblogs\":\"Sites ou Blogs\",\"p39_publico\":\"VULNERABILIDADE\",\"p45_bandeira\":\" RACIAL LGBTQI  HIV\",\"p46_hashtags\":\"#RESISTENCIANOCENTROOESTE\"},{\"p1_eixo\":\"Viol\\u00eancia\",\"p9_tipoorganizacao\":\"Coletivo\",\"p12_uf\":\"RN\",\"p13_cidade\":\"NATAL\",\"p16_cidade\":\"Cidade\",\"p16_nacional\":\"Nacional\",\"p17_ano\":\"2003\",\"p18_comunicacao\":\"Comunica\\u00e7\\u00e3o\",\"p18_difusaoartistica\":\"Difus\\u00e3o Art\\u00edstica\",\"p18_desenvolvimentoterritorial\":\"Desenvolvimento territorial\",\"p18_direitoshumanos\":\"Direitos humanos\",\"p18_educacao\":\"Educa\\u00e7\\u00e3o\",\"p18_feminismos\":\"Feminismos\",\"p18_lgbtqi\":\"LGBTQI\",\"p18_lutaantirracismo\":\"Luta antirracismo\",\"p18_mobilidade\":\"Mobilidade\",\"p18_moradia\":\"Moradia\",\"p18_povosecomunidadestradicionais\":\"Povos e comunidades tradicionais\",\"p18_trabalho\":\"Trabalho\",\"p18_saude\":\"Sa\\u00fade\",\"p18_violencia\":\"Viol\\u00eancia\",\"p18_politicasculturais\":\"Pol\\u00edticas Culturais\",\"p19_desenvolvimentoterritorial\":\"Desenvolvimento territorial\",\"p19_direitoshumanos\":\"Direitos humanos\",\"p19_educacao\":\"Educa\\u00e7\\u00e3o\",\"p19_lgbtqi\":\"LGBTQI\",\"p19_moradia\":\"Moradia\",\"p20_reunioes\":\"Reuni\\u00f5es\",\"p20_oficinas\":\"Oficinas\",\"p20_oficinasaulasartisticas\":\"Ensaios\\\/Oficinas\\\/Aulas art\\u00edsticas\",\"p20_cursos\":\"Cursos\",\"p20_formacao\":\"Forma\\u00e7\\u00e3o\",\"p20_apresentacoesartisticas\":\"Apresenta\\u00e7\\u00f5es art\\u00edsticas\",\"p21_repressaopolicial\":\"Repress\\u00e3o policial\",\"p21_intoleranciareligiosa\":\"Fundamentalismo\\\/intoler\\u00e2ncia religiosa\",\"p21_machismo\":\"Machismo\",\"p21_racismo\":\"Racismo\",\"p21_lgbtqifobia\":\"LGBTIfobia\",\"p22_numerodeparticipantes\":\"1  - 15\",\"p23_reunioes\":\"Reuni\\u00f5es\",\"p23_atendimento\":\"Atendimento\",\"p23_oficinas\":\"Oficinas\",\"p23_cursos\":\"Cursos\",\"p23_outros\":\"Outros\",\"p24_reunioes\":\"Reuni\\u00f5es\",\"p24_oficinas\":\"Oficinas\",\"p24_formacao\":\"Forma\\u00e7\\u00e3o\",\"p24_visitasexcursoes\":\"Visitas\\\/Excurs\\u00f5es\",\"p24_outros\":\"Outros\",\"p25_numerodepessoas\":\"20 - 40\",\"p26_numerodepessoas\":\"20 - 40\",\"p27_espacoemprestadocedido\":\"Espa\\u00e7o emprestado\\\/cedido\",\"p27_espacoproprio\":\"Espa\\u00e7o pr\\u00f3prio\",\"p28_territorios\":\"Cidade\",\"p30_outrasorganizacoes\":\"Sim\",\"p32_campanhadelongaduracao\":\"Sim\",\"p34_municipal\":\"Municipal\",\"p34_estadual\":\"Estadual\",\"p34_nacional\":\"Nacional\",\"p36_conselhosdeparticipacaoecontrolesocial\":\"Sim\",\"p38_sim\":\"Sim\",\"p40_editais\":\"Sim\",\"p41_publicoestatal\":\"P\\u00fablico-Estatal\",\"p41_privadopf\":\"Privado (P. F\\u00edsica)\",\"p41_privadopj\":\"Privado (P. Jur\\u00eddica)\",\"p41_autofinanciamento\":\"Autofinanciamento\",\"p41_financiamentocoletivo0\":\"Financiamento coletivo\",\"p42_meiodedivulgacaoproprio\":\"Sim\",\"p43_email\":\"E-mail\",\"p43_facebook\":\"Facebook\",\"p43_whatsapp\":\"WhatsApp\",\"p43_instagram\":\"Instagram\",\"p43_twitter\":\"Twitter\",\"p43_sitesblogs\":\"Blogs\\\/sites\",\"p44_radio\":\"R\\u00e1dio\",\"p44_redessociais\":\"Redes sociais (Facebook, YouTube, Instagram etc.)\",\"p44_sitesblogs\":\"Sites ou Blogs\",\"p44_nenhum\":\"Nenhum\",\"p39_publico\":\"MULHERES L\\u00c9SBICAS BISSEXUAIS\",\"p45_bandeira\":\"FEMINISTA ANTIRRACISTA ANTILGBTFOBICA\",\"p46_hashtags\":\"#LESBICAS #BISSEXUAIS #MULHERES\"},{\"p1_eixo\":\"Trabalho\",\"p9_tipoorganizacao\":\"ONG\",\"p12_uf\":\"CE\",\"p13_cidade\":\"FORTALEZA\",\"p16_cidade\":\"Cidade\",\"p16_internacional\":\"Internacional\",\"p17_ano\":\"1994\",\"p18_agrario\":\"Agr\\u00e1rio\\\/ruralidades\",\"p18_comunicacao\":\"Comunica\\u00e7\\u00e3o\",\"p18_difusaoartistica\":\"Difus\\u00e3o Art\\u00edstica\",\"p18_desenvolvimentoterritorial\":\"Desenvolvimento territorial\",\"p18_direitoshumanos\":\"Direitos humanos\",\"p18_educacao\":\"Educa\\u00e7\\u00e3o\",\"p18_feminismos\":\"Feminismos\",\"p18_lgbtqi\":\"LGBTQI\",\"p18_lutaantirracismo\":\"Luta antirracismo\",\"p18_mobilidade\":\"Mobilidade\",\"p18_moradia\":\"Moradia\",\"p18_povosecomunidadestradicionais\":\"Povos e comunidades tradicionais\",\"p18_trabalho\":\"Trabalho\",\"p18_religiao\":\"Religi\\u00e3o\",\"p18_saude\":\"Sa\\u00fade\",\"p18_violencia\":\"Viol\\u00eancia\",\"p18_politicasculturais\":\"Pol\\u00edticas Culturais\",\"p19_desenvolvimentoterritorial\":\"Desenvolvimento territorial\",\"p19_direitoshumanos\":\"Direitos humanos\",\"p19_lutaantirracismo\":\"Luta antirracismo\",\"p19_moradia\":\"Moradia\",\"p19_povosecomunidadestradicionais\":\"Povos e comunidades tradicionais\",\"p20_reunioes\":\"Reuni\\u00f5es\",\"p20_cursos\":\"Cursos\",\"p20_formacao\":\"Forma\\u00e7\\u00e3o\",\"p20_visitasexcursoes\":\"Visitas\\\/Excurs\\u00f5es\",\"p21_repressaopolicial\":\"Repress\\u00e3o policial\",\"p21_intoleranciareligiosa\":\"Fundamentalismo\\\/intoler\\u00e2ncia religiosa\",\"p21_xenofobia\":\"Xenofobia\",\"p21_machismo\":\"Machismo\",\"p21_racismo\":\"Racismo\",\"p22_numerodeparticipantes\":\"30 - 45\",\"p23_reunioes\":\"Reuni\\u00f5es\",\"p23_atendimento\":\"Atendimento\",\"p23_cursos\":\"Cursos\",\"p23_apresentacoesartisticas\":\"Apresenta\\u00e7\\u00f5es Art\\u00edsticas\",\"p23_visitas\":\"Visitas\",\"p23_outros\":\"Outros\",\"p24_formacao\":\"Forma\\u00e7\\u00e3o\",\"p24_apresentacoesartisticas\":\"Apresenta\\u00e7\\u00f5es art\\u00edsticas\",\"p24_visitasexcursoes\":\"Visitas\\\/Excurs\\u00f5es\",\"p24_outros\":\"Outros\",\"p25_numerodepessoas\":\"100 - 200\",\"p26_numerodepessoas\":\"20 - 40\",\"p27_espacoemprestadocedido\":\"Espa\\u00e7o emprestado\\\/cedido\",\"p27_espacoproprio\":\"Espa\\u00e7o pr\\u00f3prio\",\"p28_territorios\":\"Regi\\u00e3o da Cidade\",\"p30_outrasorganizacoes\":\"Sim\",\"p32_campanhadelongaduracao\":\"N\\u00e3o\",\"p34_municipal\":\"Municipal\",\"p34_nacional\":\"Nacional\",\"p34_nenhuma\":\"Nenhuma\",\"p36_conselhosdeparticipacaoecontrolesocial\":\"Sim\",\"p38_sim\":\"Sim\",\"p40_editais\":\"Sim\",\"p41_publicoestatal\":\"P\\u00fablico-Estatal\",\"p41_privadopf\":\"Privado (P. F\\u00edsica)\",\"p41_privadopj\":\"Privado (P. Jur\\u00eddica)\",\"p41_autofinanciamento\":\"Autofinanciamento\",\"p42_meiodedivulgacaoproprio\":\"Sim\",\"p43_facebook\":\"Facebook\",\"p43_whatsapp\":\"WhatsApp\",\"p43_sitesblogs\":\"Blogs\\\/sites\",\"p43_nenhum\":\"Nenhum\",\"p44_radio\":\"TV\",\"p44_jornaisimpressosdegrandecirculacao\":\"Jornais impressos de grande circula\\u00e7\\u00e3o\",\"p44_jornaisimpressosdebairro\":\"Jornais impressos de bairro\",\"p44_redessociais\":\"Redes sociais (Facebook, YouTube, Instagram etc.)\",\"p44_sitesblogs\":\"Sites ou Blogs\",\"p44_nenhum\":\"Nenhum\",\"p39_publico\":\"JUVENTUDE PERSPECTIVA ORGANIZA\\u00c7\\u00c3O POPULAR DEFENDER VIDA DIREITOS\",\"p45_bandeira\":\"DIREITOS HUMANOS JUVENTUDES MORADIA ORGANIZA\\u00c7\\u00c3O POPULAR\",\"p46_hashtags\":\"#VIDADASJUVENTUDES #ACESSOACCIDADE #EDUACAOEDIREITOSHUMANOS\"},{\"p1_eixo\":\"Cultura\",\"p9_tipoorganizacao\":\"Movimento Social\",\"p12_uf\":\"RR\",\"p13_cidade\":\"BOA VISTA\",\"p16_internacional\":\"Internacional\",\"p17_ano\":\"1984\",\"p16_estado\":\"Estado\",\"p18_agrario\":\"Agr\\u00e1rio\\\/ruralidades\",\"p18_comunicacao\":\"Comunica\\u00e7\\u00e3o\",\"p18_difusaoartistica\":\"Difus\\u00e3o Art\\u00edstica\",\"p18_desenvolvimentoterritorial\":\"Desenvolvimento territorial\",\"p18_direitoshumanos\":\"Direitos humanos\",\"p18_educacao\":\"Educa\\u00e7\\u00e3o\",\"p18_feminismos\":\"Feminismos\",\"p18_lutaantirracismo\":\"Luta antirracismo\",\"p18_mobilidade\":\"Mobilidade\",\"p18_moradia\":\"Moradia\",\"p18_povosecomunidadestradicionais\":\"Povos e comunidades tradicionais\",\"p18_trabalho\":\"Trabalho\",\"p18_religiao\":\"Religi\\u00e3o\",\"p18_saude\":\"Sa\\u00fade\",\"p18_violencia\":\"Viol\\u00eancia\",\"p18_politicasculturais\":\"Pol\\u00edticas Culturais\",\"p19_agrario\":\"Agr\\u00e1rio\\\/ruralidades\",\"p19_desenvolvimentoterritorial\":\"Desenvolvimento territorial\",\"p19_direitoshumanos\":\"Direitos humanos\",\"p19_lutaantirracismo\":\"Luta antirracismo\",\"p19_povosecomunidadestradicionais\":\"Povos e comunidades tradicionais\",\"p19_trabalho\":\"Trabalho\",\"p20_visitasexcursoes\":\"Visitas\\\/Excurs\\u00f5es\",\"p21_repressaopolicial\":\"Repress\\u00e3o policial\",\"p21_intoleranciareligiosa\":\"Fundamentalismo\\\/intoler\\u00e2ncia religiosa\",\"p21_xenofobia\":\"Xenofobia\",\"p21_racismo\":\"Racismo\",\"p21_nenhum\":\"Nenhum\",\"p22_numerodeparticipantes\":\"1  - 15\",\"p23_apresentacoesartisticas\":\"Apresenta\\u00e7\\u00f5es Art\\u00edsticas\",\"p23_visitas\":\"Visitas\",\"p23_outros\":\"Outros\",\"p24_oficinas\":\"Oficinas\",\"p24_formacao\":\"Forma\\u00e7\\u00e3o\",\"p24_apresentacoesartisticas\":\"Apresenta\\u00e7\\u00f5es art\\u00edsticas\",\"p25_numerodepessoas\":\"Mais de 500\",\"p26_numerodepessoas\":\"Mais de 500\",\"p27_espacoemprestadocedido\":\"Espa\\u00e7o emprestado\\\/cedido\",\"p27_espacoproprio\":\"Espa\\u00e7o pr\\u00f3prio\",\"p28_territorios\":\"Estado\",\"p30_outrasorganizacoes\":\"Sim\",\"p32_campanhadelongaduracao\":\"Sim\",\"p34_municipal\":\"Municipal\",\"p34_nenhuma\":\"Nenhuma\",\"p36_conselhosdeparticipacaoecontrolesocial\":\"Sim\",\"p38_sim\":\"Sim\",\"p38_nenhum\":\"Nenhum\",\"p40_editais\":\"Sim\",\"p41_privadopf\":\"Privado (P. F\\u00edsica)\",\"p41_autofinanciamento\":\"Autofinanciamento\",\"p42_meiodedivulgacaoproprio\":\"Sim\",\"p43_facebook\":\"Facebook\",\"p43_instagram\":\"Instagram\",\"p43_sitesblogs\":\"Blogs\\\/sites\",\"p43_nenhum\":\"Nenhum\",\"p44_radio\":\"TV\",\"p44_jornaisimpressosdegrandecirculacao\":\"Jornais impressos de grande circula\\u00e7\\u00e3o\",\"p44_jornaisimpressosdebairro\":\"Jornais impressos de bairro\",\"p44_redessociais\":\"Redes sociais (Facebook, YouTube, Instagram etc.)\",\"p44_sitesblogs\":\"Sites ou Blogs\",\"p39_publico\":\"TODOS\",\"p45_bandeira\":\"LUTA ANTIRRACISMO LUTA POVOS COMUNIDADES TRADICIONAIS DEFESA MEIO-AMBIENTE IDENTIDADE CULTURAL\",\"p46_hashtags\":\"#VIDA #LIBERDADE #IDENTIDADE\"},{\"p1_eixo\":\"Trabalho\",\"p9_tipoorganizacao\":\"ONG\",\"p12_uf\":\"AL\",\"p13_cidade\":\"MACEI\\u00d3\",\"p16_cidade\":\"Cidade\",\"p17_ano\":\"Anterior a 1980\",\"p16_estado\":\"Estado\",\"p18_agrario\":\"Agr\\u00e1rio\\\/ruralidades\",\"p18_comunicacao\":\"Comunica\\u00e7\\u00e3o\",\"p18_difusaoartistica\":\"Difus\\u00e3o Art\\u00edstica\",\"p18_desenvolvimentoterritorial\":\"Desenvolvimento territorial\",\"p18_direitoshumanos\":\"Direitos humanos\",\"p18_educacao\":\"Educa\\u00e7\\u00e3o\",\"p18_feminismos\":\"Feminismos\",\"p18_lutaantirracismo\":\"Luta antirracismo\",\"p18_mobilidade\":\"Mobilidade\",\"p18_moradia\":\"Moradia\",\"p18_povosecomunidadestradicionais\":\"Povos e comunidades tradicionais\",\"p18_trabalho\":\"Trabalho\",\"p18_saude\":\"Sa\\u00fade\",\"p18_violencia\":\"Viol\\u00eancia\",\"p18_politicasculturais\":\"Pol\\u00edticas Culturais\",\"p19_agrario\":\"Agr\\u00e1rio\\\/ruralidades\",\"p19_desenvolvimentoterritorial\":\"Desenvolvimento territorial\",\"p19_direitoshumanos\":\"Direitos humanos\",\"p19_educacao\":\"Educa\\u00e7\\u00e3o\",\"p19_feminismos\":\"Feminismos\",\"p19_trabalho\":\"Trabalho\",\"p21_nenhum\":\"Nenhum\",\"p22_numerodeparticipantes\":\"1  - 15\",\"p23_outros\":\"Outros\",\"p24_oficinas\":\"Oficinas\",\"p24_formacao\":\"Forma\\u00e7\\u00e3o\",\"p25_numerodepessoas\":\"1 - 20\",\"p26_numerodepessoas\":\"20 - 40\",\"p27_espacoproprio\":\"Espa\\u00e7o pr\\u00f3prio\",\"p28_territorios\":\"Estado\",\"p30_outrasorganizacoes\":\"Sim\",\"p32_campanhadelongaduracao\":\"N\\u00e3o\",\"p34_municipal\":\"Municipal\",\"p34_estadual\":\"Estadual\",\"p36_conselhosdeparticipacaoecontrolesocial\":\"Sim\",\"p38_nenhum\":\"Nenhum\",\"p40_editais\":\"N\\u00e3o\",\"p41_publicoestatal\":\"P\\u00fablico-Estatal\",\"p41_autofinanciamento\":\"Autofinanciamento\",\"p42_meiodedivulgacaoproprio\":\"Sim\",\"p43_facebook\":\"Facebook\",\"p43_instagram\":\"Instagram\",\"p43_sitesblogs\":\"Blogs\\\/sites\",\"p44_radio\":\"R\\u00e1dio\",\"p44_jornaisimpressosdebairro\":\"Jornais impressos de bairro\",\"p39_publico\":\"TRABALHADORES RURAIS\",\"p45_bandeira\":\"DEFESA DIREITOS TRABALHADORES RURAIS MELHOR DISTRIBUI\\u00c7\\u00c3O TERRA MELHORES CONDI\\u00c7\\u00d5ES TRABALHO\",\"p46_hashtags\":\"#AGRICULTURASUSTENTAVEL  #TRABALHADORDOCAMPO  #AGRICULTURAFAMILIAR\"},{\"p1_eixo\":\"Trabalho\",\"p9_tipoorganizacao\":\"Associa\\u00e7\\u00e3o\",\"p12_uf\":\"DF\",\"p13_cidade\":\"CIDADE ESTRUTURAL\",\"p16_cidade\":\"Cidade\",\"p17_ano\":\"2011\",\"p18_comunicacao\":\"Comunica\\u00e7\\u00e3o\",\"p18_difusaoartistica\":\"Difus\\u00e3o Art\\u00edstica\",\"p18_desenvolvimentoterritorial\":\"Desenvolvimento territorial\",\"p18_direitoshumanos\":\"Direitos humanos\",\"p18_educacao\":\"Educa\\u00e7\\u00e3o\",\"p18_feminismos\":\"Feminismos\",\"p18_lgbtqi\":\"LGBTQI\",\"p18_lutaantirracismo\":\"Luta antirracismo\",\"p18_trabalho\":\"Trabalho\",\"p18_saude\":\"Sa\\u00fade\",\"p18_violencia\":\"Viol\\u00eancia\",\"p18_politicasculturais\":\"Pol\\u00edticas Culturais\",\"p19_direitoshumanos\":\"Direitos humanos\",\"p19_educacao\":\"Educa\\u00e7\\u00e3o\",\"p19_feminismos\":\"Feminismos\",\"p19_lutaantirracismo\":\"Luta antirracismo\",\"p19_violencia\":\"Viol\\u00eancia\",\"p21_machismo\":\"Machismo\",\"p21_racismo\":\"Racismo\",\"p21_nenhum\":\"Nenhum\",\"p22_numerodeparticipantes\":\"30 - 45\",\"p23_reunioes\":\"Reuni\\u00f5es\",\"p23_outros\":\"Outros\",\"p24_oficinas\":\"Oficinas\",\"p24_outros\":\"Outros\",\"p25_numerodepessoas\":\"40 - 60\",\"p26_numerodepessoas\":\"20 - 40\",\"p27_espacoemprestadocedido\":\"Espa\\u00e7o emprestado\\\/cedido\",\"p27_espacoproprio\":\"Espa\\u00e7o pr\\u00f3prio\",\"p28_territorios\":\"Cidade\",\"p30_outrasorganizacoes\":\"N\\u00e3o\",\"p32_campanhadelongaduracao\":\"N\\u00e3o\",\"p34_estadual\":\"Estadual\",\"p34_nenhuma\":\"Nenhuma\",\"p36_conselhosdeparticipacaoecontrolesocial\":\"N\\u00e3o\",\"p38_nenhum\":\"Nenhum\",\"p40_editais\":\"Sim\",\"p41_publicoestatal\":\"P\\u00fablico-Estatal\",\"p41_autofinanciamento\":\"Autofinanciamento\",\"p42_meiodedivulgacaoproprio\":\"Sim\",\"p43_email\":\"E-mail\",\"p43_facebook\":\"Facebook\",\"p43_instagram\":\"Instagram\",\"p43_sitesblogs\":\"Blogs\\\/sites\",\"p44_radio\":\"R\\u00e1dio\",\"p44_redessociais\":\"Redes sociais (Facebook, YouTube, Instagram etc.)\",\"p39_publico\":\"ATIVIDADES MULHERES CRIAN\\u00c7AS ADOLESCENTES\",\"p45_bandeira\":\"DIREITO CRIAN\\u00c7AS ADOLESCENTE COMBATE CONTRA MULHER IGUALDADE G\\u00caNERO DIREITOS HUMANOS\",\"p46_hashtags\":\"#EDUCACAOPOPULAR   #IGUALDADEDEGENERO   #DIREITOSHUMANOS\"},{\"p1_eixo\":\"Viol\\u00eancia\",\"p9_tipoorganizacao\":\"ONG\",\"p12_uf\":\"RJ\",\"p13_cidade\":\"RIO DE JANEIRO\",\"p16_bairro\":\"Bairro\",\"p16_cidade\":\"Cidade\",\"p17_ano\":\"2016\",\"p18_comunicacao\":\"Comunica\\u00e7\\u00e3o\",\"p18_difusaoartistica\":\"Difus\\u00e3o Art\\u00edstica\",\"p18_desenvolvimentoterritorial\":\"Desenvolvimento territorial\",\"p18_direitoshumanos\":\"Direitos humanos\",\"p18_educacao\":\"Educa\\u00e7\\u00e3o\",\"p18_feminismos\":\"Feminismos\",\"p18_lgbtqi\":\"LGBTQI\",\"p18_lutaantirracismo\":\"Luta antirracismo\",\"p18_mobilidade\":\"Mobilidade\",\"p18_moradia\":\"Moradia\",\"p18_povosecomunidadestradicionais\":\"Povos e comunidades tradicionais\",\"p18_trabalho\":\"Trabalho\",\"p18_religiao\":\"Religi\\u00e3o\",\"p18_saude\":\"Sa\\u00fade\",\"p18_violencia\":\"Viol\\u00eancia\",\"p18_politicasculturais\":\"Pol\\u00edticas Culturais\",\"p19_feminismos\":\"Feminismos\",\"p19_lutaantirracismo\":\"Luta antirracismo\",\"p19_religiao\":\"Religi\\u00e3o\",\"p19_violencia\":\"Viol\\u00eancia\",\"p19_difusaoartistica\":\"Difus\\u00e3o Art\\u00edstica\",\"p19_politicasculturais\":\"Pol\\u00edticas Culturais\",\"p21_repressaopolicial\":\"Repress\\u00e3o policial\",\"p21_intoleranciareligiosa\":\"Fundamentalismo\\\/intoler\\u00e2ncia religiosa\",\"p21_machismo\":\"Machismo\",\"p21_racismo\":\"Racismo\",\"p22_numerodeparticipantes\":\"15 - 30\",\"p23_reunioes\":\"Reuni\\u00f5es\",\"p23_oficinasaulasartisticas\":\"Ensaio\\\/Oficinas\\\/Aulas Art\\u00edsticas\",\"p23_outros\":\"Outros\",\"p24_oficinas\":\"Oficinas\",\"p24_formacao\":\"Forma\\u00e7\\u00e3o\",\"p24_outros\":\"Outros\",\"p25_numerodepessoas\":\"20 - 40\",\"p26_numerodepessoas\":\"100 - 200\",\"p27_espacoemprestadocedido\":\"Espa\\u00e7o emprestado\\\/cedido\",\"p28_territorios\":\"Cidade\",\"p30_outrasorganizacoes\":\"Sim\",\"p32_campanhadelongaduracao\":\"N\\u00e3o\",\"p34_nenhuma\":\"Nenhuma\",\"p36_conselhosdeparticipacaoecontrolesocial\":\"N\\u00e3o\",\"p38_nenhum\":\"Nenhum\",\"p40_editais\":\"Sim\",\"p41_autofinanciamento\":\"Autofinanciamento\",\"p42_meiodedivulgacaoproprio\":\"Sim\",\"p43_email\":\"E-mail\",\"p43_facebook\":\"Facebook\",\"p43_sitesblogs\":\"Blogs\\\/sites\",\"p44_radio\":\"R\\u00e1dio\",\"p44_redessociais\":\"Redes sociais (Facebook, YouTube, Instagram etc.)\",\"p39_publico\":\"ESTUDANTES DIREITO FAMILIARES PRESAS\",\"p45_bandeira\":\"PRES\\u00cdDIOS ABOLICIONISMO PENAL LUTA ANTIRRACISMO INSTITUCIONAL ESTRUTURAL LUTA-CONTRA-HOMOFOBIA\",\"p46_hashtags\":\"#NAOAORACISMOINSTITUCIONAL #FIMDASPRISOES #ELASEXISTEM\"},{\"p1_eixo\":\"Cultura\",\"p9_tipoorganizacao\":\"Coletivo\",\"p12_uf\":\"AL\",\"p13_cidade\":\"MACEI\\u00d3\",\"p16_bairro\":\"Bairro\",\"p17_ano\":\"2008\",\"p18_agrario\":\"Agr\\u00e1rio\\\/ruralidades\",\"p18_comunicacao\":\"Comunica\\u00e7\\u00e3o\",\"p18_difusaoartistica\":\"Difus\\u00e3o Art\\u00edstica\",\"p18_desenvolvimentoterritorial\":\"Desenvolvimento territorial\",\"p18_direitoshumanos\":\"Direitos humanos\",\"p18_educacao\":\"Educa\\u00e7\\u00e3o\",\"p18_feminismos\":\"Feminismos\",\"p18_lgbtqi\":\"LGBTQI\",\"p18_lutaantirracismo\":\"Luta antirracismo\",\"p18_mobilidade\":\"Mobilidade\",\"p18_moradia\":\"Moradia\",\"p18_povosecomunidadestradicionais\":\"Povos e comunidades tradicionais\",\"p18_trabalho\":\"Trabalho\",\"p18_religiao\":\"Religi\\u00e3o\",\"p18_saude\":\"Sa\\u00fade\",\"p18_violencia\":\"Viol\\u00eancia\",\"p18_politicasculturais\":\"Pol\\u00edticas Culturais\",\"p19_agrario\":\"Agr\\u00e1rio\\\/ruralidades\",\"p19_desenvolvimentoterritorial\":\"Desenvolvimento territorial\",\"p19_povosecomunidadestradicionais\":\"Povos e comunidades tradicionais\",\"p19_religiao\":\"Religi\\u00e3o\",\"p19_difusaoartistica\":\"Difus\\u00e3o Art\\u00edstica\",\"p19_politicasculturais\":\"Pol\\u00edticas Culturais\",\"p21_repressaopolicial\":\"Repress\\u00e3o policial\",\"p21_intoleranciareligiosa\":\"Fundamentalismo\\\/intoler\\u00e2ncia religiosa\",\"p21_xenofobia\":\"Xenofobia\",\"p21_machismo\":\"Machismo\",\"p21_racismo\":\"Racismo\",\"p22_numerodeparticipantes\":\"1  - 15\",\"p23_oficinasaulasartisticas\":\"Ensaio\\\/Oficinas\\\/Aulas Art\\u00edsticas\",\"p23_outros\":\"Outros\",\"p24_oficinas\":\"Oficinas\",\"p24_formacao\":\"Forma\\u00e7\\u00e3o\",\"p24_outros\":\"Outros\",\"p25_numerodepessoas\":\"100 - 200\",\"p26_numerodepessoas\":\"80 - 100\",\"p27_espacopublico\":\"Espa\\u00e7o p\\u00fablico\",\"p27_espacoemprestadocedido\":\"Espa\\u00e7o emprestado\\\/cedido\",\"p27_ocupacao\":\"Ocupa\\u00e7\\u00e3o\",\"p28_territorios\":\"Pr\\u00f3prio bairro\",\"p30_outrasorganizacoes\":\"Sim\",\"p32_campanhadelongaduracao\":\"N\\u00e3o\",\"p34_estadual\":\"Estadual\",\"p34_nacional\":\"Nacional\",\"p34_nenhuma\":\"Nenhuma\",\"p36_conselhosdeparticipacaoecontrolesocial\":\"N\\u00e3o\",\"p38_nenhum\":\"Nenhum\",\"p40_editais\":\"N\\u00e3o\",\"p41_publicoestatal\":\"P\\u00fablico-Estatal\",\"p41_autofinanciamento\":\"Autofinanciamento\",\"p42_meiodedivulgacaoproprio\":\"Sim\",\"p43_facebook\":\"Facebook\",\"p43_sitesblogs\":\"Blogs\\\/sites\",\"p43_nenhum\":\"Nenhum\",\"p44_radio\":\"R\\u00e1dio\",\"p44_redessociais\":\"Redes sociais (Facebook, YouTube, Instagram etc.)\",\"p39_publico\":\"POPULA\\u00c7\\u00c3O BAIRRO CRUZ ALMAS\",\"p45_bandeira\":\"RESIST\\u00caNCIA\",\"p46_hashtags\":\"#AMOR #FE #RESISTENCIA\"},{\"p1_eixo\":\"Trabalho\",\"p9_tipoorganizacao\":\"ONG\",\"p12_uf\":\"TO\",\"p13_cidade\":\"PONTE ALTA DO TOCANTINS\",\"p16_bairro\":\"Bairro\",\"p17_ano\":\"2006\",\"p18_agrario\":\"Agr\\u00e1rio\\\/ruralidades\",\"p18_comunicacao\":\"Comunica\\u00e7\\u00e3o\",\"p18_difusaoartistica\":\"Difus\\u00e3o Art\\u00edstica\",\"p18_desenvolvimentoterritorial\":\"Desenvolvimento territorial\",\"p18_direitoshumanos\":\"Direitos humanos\",\"p18_educacao\":\"Educa\\u00e7\\u00e3o\",\"p18_feminismos\":\"Feminismos\",\"p18_lgbtqi\":\"LGBTQI\",\"p18_lutaantirracismo\":\"Luta antirracismo\",\"p18_mobilidade\":\"Mobilidade\",\"p18_moradia\":\"Moradia\",\"p18_povosecomunidadestradicionais\":\"Povos e comunidades tradicionais\",\"p18_trabalho\":\"Trabalho\",\"p18_religiao\":\"Religi\\u00e3o\",\"p18_saude\":\"Sa\\u00fade\",\"p18_violencia\":\"Viol\\u00eancia\",\"p18_politicasculturais\":\"Pol\\u00edticas Culturais\",\"p19_agrario\":\"Agr\\u00e1rio\\\/ruralidades\",\"p19_desenvolvimentoterritorial\":\"Desenvolvimento territorial\",\"p19_direitoshumanos\":\"Direitos humanos\",\"p19_povosecomunidadestradicionais\":\"Povos e comunidades tradicionais\",\"p20_oficinas\":\"Oficinas\",\"p20_oficinasaulasartisticas\":\"Ensaios\\\/Oficinas\\\/Aulas art\\u00edsticas\",\"p20_profissionalizacao\":\"Profissionaliza\\u00e7\\u00e3o\",\"p21_repressaopolicial\":\"Repress\\u00e3o policial\",\"p21_intoleranciareligiosa\":\"Fundamentalismo\\\/intoler\\u00e2ncia religiosa\",\"p21_xenofobia\":\"Xenofobia\",\"p21_machismo\":\"Machismo\",\"p21_racismo\":\"Racismo\",\"p22_numerodeparticipantes\":\"15 - 30\",\"p23_oficinas\":\"Oficinas\",\"p23_oficinasaulasartisticas\":\"Ensaio\\\/Oficinas\\\/Aulas Art\\u00edsticas\",\"p23_profissionalizacao\":\"Profissionaliza\\u00e7\\u00e3o\",\"p23_outros\":\"Outros\",\"p24_outros\":\"Outros\",\"p25_numerodepessoas\":\"1 - 20\",\"p26_numerodepessoas\":\"1 - 20\",\"p27_espacopublico\":\"Espa\\u00e7o p\\u00fablico\",\"p27_espacoemprestadocedido\":\"Espa\\u00e7o emprestado\\\/cedido\",\"p27_ocupacao\":\"Ocupa\\u00e7\\u00e3o\",\"p28_territorios\":\"Pr\\u00f3prio bairro\",\"p30_outrasorganizacoes\":\"Sim\",\"p32_campanhadelongaduracao\":\"Sim\",\"p34_municipal\":\"Municipal\",\"p34_estadual\":\"Estadual\",\"p34_nacional\":\"Nacional\",\"p36_conselhosdeparticipacaoecontrolesocial\":\"Sim\",\"p38_nenhum\":\"Nenhum\",\"p40_editais\":\"Sim\",\"p41_publicoestatal\":\"P\\u00fablico-Estatal\",\"p41_autofinanciamento\":\"Autofinanciamento\",\"p42_meiodedivulgacaoproprio\":\"N\\u00e3o\",\"p43_email\":\"E-mail\",\"p43_facebook\":\"Facebook\",\"p43_sitesblogs\":\"Blogs\\\/sites\",\"p43_radio\":\"R\\u00e1dio\",\"p43_nenhum\":\"Nenhum\",\"p44_radio\":\"R\\u00e1dio\",\"p44_jornaisimpressosdebairro\":\"Jornais impressos de bairro\",\"p44_redessociais\":\"Redes sociais (Facebook, YouTube, Instagram etc.)\",\"p39_publico\":\"TRABALHADORES AGRICULTURA FAMILIAR MULHERES\",\"p45_bandeira\":\"MULHERES REFORMA AGR\\u00c1RIA\",\"p46_hashtags\":\"#RESISTIRECRIAR #MULHERESNAOSAOMERCADORIA\"},{\"p1_eixo\":\"Cultura\",\"p9_tipoorganizacao\":\"ONG\",\"p12_uf\":\"PB\",\"p13_cidade\":\"JO\\u00c3O PESSOA\",\"p16_bairro\":\"Bairro\",\"p17_ano\":\"2005\",\"p18_agrario\":\"Agr\\u00e1rio\\\/ruralidades\",\"p18_comunicacao\":\"Comunica\\u00e7\\u00e3o\",\"p18_difusaoartistica\":\"Difus\\u00e3o Art\\u00edstica\",\"p18_desenvolvimentoterritorial\":\"Desenvolvimento territorial\",\"p18_direitoshumanos\":\"Direitos humanos\",\"p18_educacao\":\"Educa\\u00e7\\u00e3o\",\"p18_feminismos\":\"Feminismos\",\"p18_lutaantirracismo\":\"Luta antirracismo\",\"p18_povosecomunidadestradicionais\":\"Povos e comunidades tradicionais\",\"p18_trabalho\":\"Trabalho\",\"p18_saude\":\"Sa\\u00fade\",\"p18_violencia\":\"Viol\\u00eancia\",\"p18_politicasculturais\":\"Pol\\u00edticas Culturais\",\"p19_agrario\":\"Agr\\u00e1rio\\\/ruralidades\",\"p19_desenvolvimentoterritorial\":\"Desenvolvimento territorial\",\"p19_direitoshumanos\":\"Direitos humanos\",\"p19_saude\":\"Sa\\u00fade\",\"p19_violencia\":\"Viol\\u00eancia\",\"p20_oficinas\":\"Oficinas\",\"p20_oficinasaulasartisticas\":\"Ensaios\\\/Oficinas\\\/Aulas art\\u00edsticas\",\"p20_profissionalizacao\":\"Profissionaliza\\u00e7\\u00e3o\",\"p20_apresentacoesartisticas\":\"Apresenta\\u00e7\\u00f5es art\\u00edsticas\",\"p21_repressaopolicial\":\"Repress\\u00e3o policial\",\"p21_machismo\":\"Machismo\",\"p21_enfrentamentocomgruposprivadosarmados\":\"Enfrentamento com grupos privados armados\",\"p22_numerodeparticipantes\":\"1  - 15\",\"p23_oficinas\":\"Oficinas\",\"p23_oficinasaulasartisticas\":\"Ensaio\\\/Oficinas\\\/Aulas Art\\u00edsticas\",\"p23_profissionalizacao\":\"Profissionaliza\\u00e7\\u00e3o\",\"p23_outros\":\"Outros\",\"p24_oficinas\":\"Oficinas\",\"p24_outros\":\"Outros\",\"p25_numerodepessoas\":\"100 - 200\",\"p26_numerodepessoas\":\"40 - 60\",\"p27_espacopublico\":\"Espa\\u00e7o p\\u00fablico\",\"p27_espacoproprio\":\"Espa\\u00e7o pr\\u00f3prio\",\"p27_virtual\":\"Virtual\",\"p27_ocupacao\":\"Ocupa\\u00e7\\u00e3o\",\"p28_territorios\":\"Estado\",\"p30_outrasorganizacoes\":\"N\\u00e3o\",\"p32_campanhadelongaduracao\":\"Sim\",\"p34_municipal\":\"Municipal\",\"p34_estadual\":\"Estadual\",\"p34_nacional\":\"Nacional\",\"p34_internacional\":\"Internacional\",\"p36_conselhosdeparticipacaoecontrolesocial\":\"Sim\",\"p38_nenhum\":\"Nenhum\",\"p40_editais\":\"Sim\",\"p41_publicoestatal\":\"P\\u00fablico-Estatal\",\"p41_privadopf\":\"Privado (P. F\\u00edsica)\",\"p41_privadopj\":\"Privado (P. Jur\\u00eddica)\",\"p41_autofinanciamento\":\"Autofinanciamento\",\"p42_meiodedivulgacaoproprio\":\"Sim\",\"p43_impressoes\":\"Impressos\",\"p43_email\":\"E-mail\",\"p43_facebook\":\"Facebook\",\"p43_instagram\":\"Instagram\",\"p43_sitesblogs\":\"Blogs\\\/sites\",\"p43_radio\":\"R\\u00e1dio\",\"p44_radio\":\"R\\u00e1dio\",\"p44_jornaisimpressosdebairro\":\"Jornais impressos de bairro\",\"p44_redessociais\":\"Redes sociais (Facebook, YouTube, Instagram etc.)\",\"p44_sitesblogs\":\"Sites ou Blogs\",\"p39_publico\":\"JOVENS CRIAN\\u00c7AS ADULTOS\",\"p45_bandeira\":\"ECONOMIA SOLID\\u00c1RIA PROTE\\u00c7\\u00c3O CRIAN\\u00c7A ADOLESCENTE BANDEIRAS DIREITOS HUMANOS\",\"p46_hashtags\":\"#ECONOMIASOLIDARIA #CRIANCAEADOLESCENTE #DIREITOSHUMANOS\"},{\"p1_eixo\":\"Cultura\",\"p9_tipoorganizacao\":\"ONG\",\"p12_uf\":\"MS\",\"p13_cidade\":\"N\\u00c3O SE APLICA\",\"p16_bairro\":\"Bairro\",\"p16_cidade\":\"Cidade\",\"p17_ano\":\"2001\",\"p18_comunicacao\":\"Comunica\\u00e7\\u00e3o\",\"p18_difusaoartistica\":\"Difus\\u00e3o Art\\u00edstica\",\"p18_desenvolvimentoterritorial\":\"Desenvolvimento territorial\",\"p18_direitoshumanos\":\"Direitos humanos\",\"p18_educacao\":\"Educa\\u00e7\\u00e3o\",\"p18_feminismos\":\"Feminismos\",\"p18_lgbtqi\":\"LGBTQI\",\"p18_lutaantirracismo\":\"Luta antirracismo\",\"p18_moradia\":\"Moradia\",\"p18_povosecomunidadestradicionais\":\"Povos e comunidades tradicionais\",\"p18_trabalho\":\"Trabalho\",\"p18_religiao\":\"Religi\\u00e3o\",\"p18_saude\":\"Sa\\u00fade\",\"p18_violencia\":\"Viol\\u00eancia\",\"p18_politicasculturais\":\"Pol\\u00edticas Culturais\",\"p19_direitoshumanos\":\"Direitos humanos\",\"p19_lgbtqi\":\"LGBTQI\",\"p19_saude\":\"Sa\\u00fade\",\"p19_violencia\":\"Viol\\u00eancia\",\"p19_difusaoartistica\":\"Difus\\u00e3o Art\\u00edstica\",\"p20_oficinas\":\"Oficinas\",\"p20_formacao\":\"Forma\\u00e7\\u00e3o\",\"p20_apresentacoesartisticas\":\"Apresenta\\u00e7\\u00f5es art\\u00edsticas\",\"p21_repressaopolicial\":\"Repress\\u00e3o policial\",\"p21_machismo\":\"Machismo\",\"p21_lgbtqifobia\":\"LGBTIfobia\",\"p21_enfrentamentocomgruposprivadosarmados\":\"Enfrentamento com grupos privados armados\",\"p22_numerodeparticipantes\":\"1  - 15\",\"p23_oficinas\":\"Oficinas\",\"p23_apresentacoesartisticas\":\"Apresenta\\u00e7\\u00f5es Art\\u00edsticas\",\"p24_oficinas\":\"Oficinas\",\"p24_apresentacoesartisticas\":\"Apresenta\\u00e7\\u00f5es art\\u00edsticas\",\"p25_numerodepessoas\":\"40 - 60\",\"p26_numerodepessoas\":\"40 - 60\",\"p27_espacopublico\":\"Espa\\u00e7o p\\u00fablico\",\"p27_espacoproprio\":\"Espa\\u00e7o pr\\u00f3prio\",\"p27_virtual\":\"Virtual\",\"p28_territorios\":\"Pr\\u00f3prio bairro\",\"p30_outrasorganizacoes\":\"Sim\",\"p32_campanhadelongaduracao\":\"Sim\",\"p34_municipal\":\"Municipal\",\"p34_nacional\":\"Nacional\",\"p34_internacional\":\"Internacional\",\"p36_conselhosdeparticipacaoecontrolesocial\":\"Sim\",\"p38_nenhum\":\"Nenhum\",\"p40_editais\":\"Sim\",\"p41_privadopf\":\"Privado (P. F\\u00edsica)\",\"p41_privadopj\":\"Privado (P. Jur\\u00eddica)\",\"p41_autofinanciamento\":\"Autofinanciamento\",\"p42_meiodedivulgacaoproprio\":\"Sim\",\"p43_impressoes\":\"Impressos\",\"p43_email\":\"E-mail\",\"p43_facebook\":\"Facebook\",\"p43_instagram\":\"Instagram\",\"p43_sitesblogs\":\"Blogs\\\/sites\",\"p44_radio\":\"TV\",\"p44_jornaisimpressosdebairro\":\"Jornais impressos de bairro\",\"p44_redessociais\":\"Redes sociais (Facebook, YouTube, Instagram etc.)\",\"p44_sitesblogs\":\"Sites ou Blogs\",\"p39_publico\":\"JOVENS DOURADOS\",\"p45_bandeira\":\"DIREITO IND\\u00cdGENA SA\\u00daDE EDUCA\\u00c7\\u00c3O\",\"p46_hashtags\":\"#CONSCIENTIZACAODOSINDIGENAS #FIMDASDROGAS #CHEGA DEVIOLENCIA\"},{\"p1_eixo\":\"Cultura\",\"p9_tipoorganizacao\":\"ONG\",\"p12_uf\":\"RN\",\"p13_cidade\":\"NATAL\",\"p16_cidade\":\"Cidade\",\"p16_nacional\":\"Nacional\",\"p17_ano\":\"2013\",\"p18_agrario\":\"Agr\\u00e1rio\\\/ruralidades\",\"p18_comunicacao\":\"Comunica\\u00e7\\u00e3o\",\"p18_difusaoartistica\":\"Difus\\u00e3o Art\\u00edstica\",\"p18_desenvolvimentoterritorial\":\"Desenvolvimento territorial\",\"p18_direitoshumanos\":\"Direitos humanos\",\"p18_educacao\":\"Educa\\u00e7\\u00e3o\",\"p18_feminismos\":\"Feminismos\",\"p18_lgbtqi\":\"LGBTQI\",\"p18_lutaantirracismo\":\"Luta antirracismo\",\"p18_moradia\":\"Moradia\",\"p18_povosecomunidadestradicionais\":\"Povos e comunidades tradicionais\",\"p18_trabalho\":\"Trabalho\",\"p18_religiao\":\"Religi\\u00e3o\",\"p18_saude\":\"Sa\\u00fade\",\"p18_violencia\":\"Viol\\u00eancia\",\"p18_politicasculturais\":\"Pol\\u00edticas Culturais\",\"p19_comunicacao\":\"Comunica\\u00e7\\u00e3o\",\"p19_direitoshumanos\":\"Direitos humanos\",\"p19_lgbtqi\":\"LGBTQI\",\"p19_difusaoartistica\":\"Difus\\u00e3o Art\\u00edstica\",\"p19_politicasculturais\":\"Pol\\u00edticas Culturais\",\"p20_oficinas\":\"Oficinas\",\"p20_formacao\":\"Forma\\u00e7\\u00e3o\",\"p20_apresentacoesartisticas\":\"Apresenta\\u00e7\\u00f5es art\\u00edsticas\",\"p20_visitasexcursoes\":\"Visitas\\\/Excurs\\u00f5es\",\"p21_lgbtqifobia\":\"LGBTIfobia\",\"p21_nenhum\":\"Nenhum\",\"p22_numerodeparticipantes\":\"15 - 30\",\"p23_formacao\":\"Forma\\u00e7\\u00e3o\",\"p23_apresentacoesartisticas\":\"Apresenta\\u00e7\\u00f5es Art\\u00edsticas\",\"p24_oficinas\":\"Oficinas\",\"p24_apresentacoesartisticas\":\"Apresenta\\u00e7\\u00f5es art\\u00edsticas\",\"p24_visitasexcursoes\":\"Visitas\\\/Excurs\\u00f5es\",\"p25_numerodepessoas\":\"300 - 400\",\"p26_numerodepessoas\":\"400 - 500\",\"p27_espacopublico\":\"Espa\\u00e7o p\\u00fablico\",\"p27_espacoproprio\":\"Espa\\u00e7o pr\\u00f3prio\",\"p27_virtual\":\"Virtual\",\"p28_territorios\":\"Cidade\",\"p30_outrasorganizacoes\":\"Sim\",\"p32_campanhadelongaduracao\":\"N\\u00e3o\",\"p34_municipal\":\"Municipal\",\"p36_conselhosdeparticipacaoecontrolesocial\":\"N\\u00e3o\",\"p38_sim\":\"Sim\",\"p38_nenhum\":\"Nenhum\",\"p40_editais\":\"Sim\",\"p41_publicoestatal\":\"P\\u00fablico-Estatal\",\"p41_autofinanciamento\":\"Autofinanciamento\",\"p42_meiodedivulgacaoproprio\":\"Sim\",\"p43_email\":\"E-mail\",\"p43_facebook\":\"Facebook\",\"p43_instagram\":\"Instagram\",\"p44_radio\":\"TV\",\"p44_jornaisimpressosdegrandecirculacao\":\"Jornais impressos de grande circula\\u00e7\\u00e3o\",\"p44_jornaisimpressosdebairro\":\"Jornais impressos de bairro\",\"p44_redessociais\":\"Redes sociais (Facebook, YouTube, Instagram etc.)\",\"p44_sitesblogs\":\"Sites ou Blogs\",\"p39_publico\":\"OFICINAS ESPEC\\u00cdFICAS\",\"p45_bandeira\":\"FOMENTO ARTES CIRCULA\\u00c7\\u00c3O PRODU\\u00c7\\u00c3O ART\\u00cdSTICA DEMOCR\\u00c1TICA ESPA\\u00c7O-ABERTO DIVERSIDADE\",\"p46_hashtags\":\"#RESISTENCIANARIBEIRA #DIVERSIDADENABOCA #MOVIMENTONABOCA\"},{\"p1_eixo\":\"Cultura\",\"p9_tipoorganizacao\":\"Coletivo\",\"p12_uf\":\"AM\",\"p13_cidade\":\"MANAUS\",\"p16_nacional\":\"Nacional\",\"p16_internacional\":\"Internacional\",\"p17_ano\":\"2016\",\"p18_agrario\":\"Agr\\u00e1rio\\\/ruralidades\",\"p18_comunicacao\":\"Comunica\\u00e7\\u00e3o\",\"p18_difusaoartistica\":\"Difus\\u00e3o Art\\u00edstica\",\"p18_desenvolvimentoterritorial\":\"Desenvolvimento territorial\",\"p18_direitoshumanos\":\"Direitos humanos\",\"p18_educacao\":\"Educa\\u00e7\\u00e3o\",\"p18_feminismos\":\"Feminismos\",\"p18_lgbtqi\":\"LGBTQI\",\"p18_lutaantirracismo\":\"Luta antirracismo\",\"p18_mobilidade\":\"Mobilidade\",\"p18_moradia\":\"Moradia\",\"p18_povosecomunidadestradicionais\":\"Povos e comunidades tradicionais\",\"p18_trabalho\":\"Trabalho\",\"p18_saude\":\"Sa\\u00fade\",\"p18_violencia\":\"Viol\\u00eancia\",\"p18_politicasculturais\":\"Pol\\u00edticas Culturais\",\"p19_comunicacao\":\"Comunica\\u00e7\\u00e3o\",\"p19_direitoshumanos\":\"Direitos humanos\",\"p19_educacao\":\"Educa\\u00e7\\u00e3o\",\"p19_politicasculturais\":\"Pol\\u00edticas Culturais\",\"p20_oficinas\":\"Oficinas\",\"p20_formacao\":\"Forma\\u00e7\\u00e3o\",\"p20_apresentacoesartisticas\":\"Apresenta\\u00e7\\u00f5es art\\u00edsticas\",\"p20_visitasexcursoes\":\"Visitas\\\/Excurs\\u00f5es\",\"p21_xenofobia\":\"Xenofobia\",\"p21_racismo\":\"Racismo\",\"p21_nenhum\":\"Nenhum\",\"p22_numerodeparticipantes\":\"1  - 15\",\"p23_formacao\":\"Forma\\u00e7\\u00e3o\",\"p23_apresentacoesartisticas\":\"Apresenta\\u00e7\\u00f5es Art\\u00edsticas\",\"p24_oficinas\":\"Oficinas\",\"p24_visitasexcursoes\":\"Visitas\\\/Excurs\\u00f5es\",\"p24_outros\":\"Outros\",\"p25_numerodepessoas\":\"1 - 20\",\"p26_numerodepessoas\":\"200 - 300\",\"p27_espacopublico\":\"Espa\\u00e7o p\\u00fablico\",\"p27_espacoproprio\":\"Espa\\u00e7o pr\\u00f3prio\",\"p27_virtual\":\"Virtual\",\"p28_territorios\":\"Estado\",\"p30_outrasorganizacoes\":\"Sim\",\"p32_campanhadelongaduracao\":\"Sim\",\"p34_municipal\":\"Municipal\",\"p34_nenhuma\":\"Nenhuma\",\"p36_conselhosdeparticipacaoecontrolesocial\":\"N\\u00e3o\",\"p38_sim\":\"Sim\",\"p38_nenhum\":\"Nenhum\",\"p40_editais\":\"N\\u00e3o\",\"p41_publicoestatal\":\"P\\u00fablico-Estatal\",\"p41_autofinanciamento\":\"Autofinanciamento\",\"p42_meiodedivulgacaoproprio\":\"Sim\",\"p43_impressoes\":\"Impressos\",\"p43_email\":\"E-mail\",\"p43_facebook\":\"Facebook\",\"p43_instagram\":\"Instagram\",\"p43_sitesblogs\":\"Blogs\\\/sites\",\"p44_jornaisimpressosdegrandecirculacao\":\"Jornais impressos de grande circula\\u00e7\\u00e3o\",\"p44_jornaisimpressosdebairro\":\"Jornais impressos de bairro\",\"p44_redessociais\":\"Redes sociais (Facebook, YouTube, Instagram etc.)\",\"p44_sitesblogs\":\"Sites ou Blogs\",\"p39_publico\":\"JUVENTUDE PERIF\\u00c9RICA\",\"p45_bandeira\":\"DIREITOS HUMANOS\",\"p46_hashtags\":\"#DIREITOSHUMANOS #COMUNICACAOPOPULAR #AUDIOVISUAL\"},{\"p1_eixo\":\"Cultura\",\"p9_tipoorganizacao\":\"Coletivo\",\"p12_uf\":\"RR\",\"p13_cidade\":\"BOA VISTA\",\"p16_nacional\":\"Nacional\",\"p16_internacional\":\"Internacional\",\"p17_ano\":\"2007\",\"p18_comunicacao\":\"Comunica\\u00e7\\u00e3o\",\"p18_difusaoartistica\":\"Difus\\u00e3o Art\\u00edstica\",\"p18_desenvolvimentoterritorial\":\"Desenvolvimento territorial\",\"p18_direitoshumanos\":\"Direitos humanos\",\"p18_educacao\":\"Educa\\u00e7\\u00e3o\",\"p18_feminismos\":\"Feminismos\",\"p18_lgbtqi\":\"LGBTQI\",\"p18_lutaantirracismo\":\"Luta antirracismo\",\"p18_mobilidade\":\"Mobilidade\",\"p18_moradia\":\"Moradia\",\"p18_povosecomunidadestradicionais\":\"Povos e comunidades tradicionais\",\"p18_trabalho\":\"Trabalho\",\"p18_saude\":\"Sa\\u00fade\",\"p18_violencia\":\"Viol\\u00eancia\",\"p18_politicasculturais\":\"Pol\\u00edticas Culturais\",\"p19_comunicacao\":\"Comunica\\u00e7\\u00e3o\",\"p19_educacao\":\"Educa\\u00e7\\u00e3o\",\"p19_feminismos\":\"Feminismos\",\"p19_violencia\":\"Viol\\u00eancia\",\"p19_politicasculturais\":\"Pol\\u00edticas Culturais\",\"p20_oficinas\":\"Oficinas\",\"p20_formacao\":\"Forma\\u00e7\\u00e3o\",\"p20_apresentacoesartisticas\":\"Apresenta\\u00e7\\u00f5es art\\u00edsticas\",\"p21_xenofobia\":\"Xenofobia\",\"p21_machismo\":\"Machismo\",\"p21_racismo\":\"Racismo\",\"p22_numerodeparticipantes\":\"1  - 15\",\"p23_oficinas\":\"Oficinas\",\"p23_formacao\":\"Forma\\u00e7\\u00e3o\",\"p23_apresentacoesartisticas\":\"Apresenta\\u00e7\\u00f5es Art\\u00edsticas\",\"p24_oficinas\":\"Oficinas\",\"p24_outros\":\"Outros\",\"p25_numerodepessoas\":\"40 - 60\",\"p26_numerodepessoas\":\"100 - 200\",\"p27_espacopublico\":\"Espa\\u00e7o p\\u00fablico\",\"p27_espacoproprio\":\"Espa\\u00e7o pr\\u00f3prio\",\"p28_territorios\":\"Cidade\",\"p30_outrasorganizacoes\":\"N\\u00e3o\",\"p32_campanhadelongaduracao\":\"N\\u00e3o\",\"p34_municipal\":\"Municipal\",\"p34_estadual\":\"Estadual\",\"p34_nacional\":\"Nacional\",\"p34_nenhuma\":\"Nenhuma\",\"p36_conselhosdeparticipacaoecontrolesocial\":\"N\\u00e3o\",\"p38_nenhum\":\"Nenhum\",\"p40_editais\":\"Sim\",\"p41_publicoestatal\":\"P\\u00fablico-Estatal\",\"p41_autofinanciamento\":\"Autofinanciamento\",\"p41_financiamentocoletivo0\":\"Financiamento coletivo\",\"p42_meiodedivulgacaoproprio\":\"Sim\",\"p43_impressoes\":\"Impressos\",\"p43_facebook\":\"Facebook\",\"p43_instagram\":\"Instagram\",\"p43_twitter\":\"Twitter\",\"p43_sitesblogs\":\"Blogs\\\/sites\",\"p44_radio\":\"TV\",\"p44_jornaisimpressosdegrandecirculacao\":\"Jornais impressos de grande circula\\u00e7\\u00e3o\",\"p44_jornaisimpressosdebairro\":\"Jornais impressos de bairro\",\"p44_sitesblogs\":\"Sites ou Blogs\",\"p39_publico\":\"COMUNIDADE\",\"p45_bandeira\":\"SOCIALISMO LIBERDADE EXPRESS\\u00c3O G\\u00caNERO IGUAL G\\u00caNERO LIVRE AOS BENS CULTURAIS MAIOR EDUCA\\u00c7\\u00c3O QUALIDADE EDUCA\\u00c7\\u00c3O-GRATUITA\",\"p46_hashtags\":\"#CIDADAOMULTIMIDIA #TRANSOFRMACAOSOCIALATRAVESDACULTURA #ATISTAPEDREIRO\"},{\"p1_eixo\":\"Trabalho\",\"p9_tipoorganizacao\":\"ONG\",\"p12_uf\":\"RJ\",\"p13_cidade\":\"RIO DE JANEIRO\",\"p16_cidade\":\"Cidade\",\"p16_nacional\":\"Nacional\",\"p17_ano\":\"1997\",\"p18_agrario\":\"Agr\\u00e1rio\\\/ruralidades\",\"p18_comunicacao\":\"Comunica\\u00e7\\u00e3o\",\"p18_difusaoartistica\":\"Difus\\u00e3o Art\\u00edstica\",\"p18_desenvolvimentoterritorial\":\"Desenvolvimento territorial\",\"p18_direitoshumanos\":\"Direitos humanos\",\"p18_educacao\":\"Educa\\u00e7\\u00e3o\",\"p18_feminismos\":\"Feminismos\",\"p18_lgbtqi\":\"LGBTQI\",\"p18_lutaantirracismo\":\"Luta antirracismo\",\"p18_mobilidade\":\"Mobilidade\",\"p18_moradia\":\"Moradia\",\"p18_trabalho\":\"Trabalho\",\"p18_saude\":\"Sa\\u00fade\",\"p18_violencia\":\"Viol\\u00eancia\",\"p18_politicasculturais\":\"Pol\\u00edticas Culturais\",\"p19_direitoshumanos\":\"Direitos humanos\",\"p19_educacao\":\"Educa\\u00e7\\u00e3o\",\"p19_feminismos\":\"Feminismos\",\"p19_moradia\":\"Moradia\",\"p19_violencia\":\"Viol\\u00eancia\",\"p20_oficinas\":\"Oficinas\",\"p20_formacao\":\"Forma\\u00e7\\u00e3o\",\"p20_apresentacoesartisticas\":\"Apresenta\\u00e7\\u00f5es art\\u00edsticas\",\"p21_machismo\":\"Machismo\",\"p21_lgbtqifobia\":\"LGBTIfobia\",\"p22_numerodeparticipantes\":\"1  - 15\",\"p23_oficinas\":\"Oficinas\",\"p23_formacao\":\"Forma\\u00e7\\u00e3o\",\"p23_apresentacoesartisticas\":\"Apresenta\\u00e7\\u00f5es Art\\u00edsticas\",\"p24_outros\":\"Outros\",\"p25_numerodepessoas\":\"40 - 60\",\"p26_numerodepessoas\":\"200 - 300\",\"p27_espacopublico\":\"Espa\\u00e7o p\\u00fablico\",\"p27_espacoproprio\":\"Espa\\u00e7o pr\\u00f3prio\",\"p28_territorios\":\"Estado\",\"p30_outrasorganizacoes\":\"Sim\",\"p32_campanhadelongaduracao\":\"Sim\",\"p34_municipal\":\"Municipal\",\"p34_estadual\":\"Estadual\",\"p34_nacional\":\"Nacional\",\"p36_conselhosdeparticipacaoecontrolesocial\":\"Sim\",\"p38_nenhum\":\"Nenhum\",\"p40_editais\":\"Sim\",\"p41_publicoestatal\":\"P\\u00fablico-Estatal\",\"p41_autofinanciamento\":\"Autofinanciamento\",\"p41_financiamentocoletivo0\":\"Financiamento coletivo\",\"p42_meiodedivulgacaoproprio\":\"Sim\",\"p43_email\":\"E-mail\",\"p43_facebook\":\"Facebook\",\"p43_instagram\":\"Instagram\",\"p43_twitter\":\"Twitter\",\"p43_sitesblogs\":\"Blogs\\\/sites\",\"p44_radio\":\"TV\",\"p44_jornaisimpressosdegrandecirculacao\":\"Jornais impressos de grande circula\\u00e7\\u00e3o\",\"p44_jornaisimpressosdebairro\":\"Jornais impressos de bairro\",\"p44_redessociais\":\"Redes sociais (Facebook, YouTube, Instagram etc.)\",\"p44_sitesblogs\":\"Sites ou Blogs\",\"p39_publico\":\"MULHERES VULNERABILIDADE\",\"p45_bandeira\":\"FEMINISMO\",\"p46_hashtags\":\"#DIREITO #NAOAVIOLENCIACONTRAASMULHERES #VISIBILIDADEDOTRABALHODASMULHERES\"},{\"p1_eixo\":\"Cultura\",\"p9_tipoorganizacao\":\"Coletivo\",\"p12_uf\":\"TO\",\"p13_cidade\":\"PALMAS\",\"p16_cidade\":\"Cidade\",\"p17_ano\":\"2018\",\"p16_estado\":\"Estado\",\"p18_agrario\":\"Agr\\u00e1rio\\\/ruralidades\",\"p18_comunicacao\":\"Comunica\\u00e7\\u00e3o\",\"p18_difusaoartistica\":\"Difus\\u00e3o Art\\u00edstica\",\"p18_desenvolvimentoterritorial\":\"Desenvolvimento territorial\",\"p18_direitoshumanos\":\"Direitos humanos\",\"p18_educacao\":\"Educa\\u00e7\\u00e3o\",\"p18_feminismos\":\"Feminismos\",\"p18_lgbtqi\":\"LGBTQI\",\"p18_lutaantirracismo\":\"Luta antirracismo\",\"p18_mobilidade\":\"Mobilidade\",\"p18_moradia\":\"Moradia\",\"p18_povosecomunidadestradicionais\":\"Povos e comunidades tradicionais\",\"p18_trabalho\":\"Trabalho\",\"p18_religiao\":\"Religi\\u00e3o\",\"p18_saude\":\"Sa\\u00fade\",\"p18_violencia\":\"Viol\\u00eancia\",\"p18_politicasculturais\":\"Pol\\u00edticas Culturais\",\"p19_direitoshumanos\":\"Direitos humanos\",\"p19_educacao\":\"Educa\\u00e7\\u00e3o\",\"p19_feminismos\":\"Feminismos\",\"p19_lutaantirracismo\":\"Luta antirracismo\",\"p19_moradia\":\"Moradia\",\"p19_saude\":\"Sa\\u00fade\",\"p20_formacao\":\"Forma\\u00e7\\u00e3o\",\"p20_apresentacoesartisticas\":\"Apresenta\\u00e7\\u00f5es art\\u00edsticas\",\"p20_visitasexcursoes\":\"Visitas\\\/Excurs\\u00f5es\",\"p21_repressaopolicial\":\"Repress\\u00e3o policial\",\"p21_intoleranciareligiosa\":\"Fundamentalismo\\\/intoler\\u00e2ncia religiosa\",\"p21_machismo\":\"Machismo\",\"p21_racismo\":\"Racismo\",\"p21_lgbtqifobia\":\"LGBTIfobia\",\"p22_numerodeparticipantes\":\"1  - 15\",\"p23_apresentacoesartisticas\":\"Apresenta\\u00e7\\u00f5es Art\\u00edsticas\",\"p23_outros\":\"Outros\",\"p24_apresentacoesartisticas\":\"Apresenta\\u00e7\\u00f5es art\\u00edsticas\",\"p24_outros\":\"Outros\",\"p25_numerodepessoas\":\"400 - 500\",\"p26_numerodepessoas\":\"1 - 20\",\"p27_espacopublico\":\"Espa\\u00e7o p\\u00fablico\",\"p27_espacoemprestadocedido\":\"Espa\\u00e7o emprestado\\\/cedido\",\"p27_espacoproprio\":\"Espa\\u00e7o pr\\u00f3prio\",\"p28_territorios\":\"Regi\\u00e3o da Cidade\",\"p30_outrasorganizacoes\":\"Sim\",\"p32_campanhadelongaduracao\":\"N\\u00e3o\",\"p34_municipal\":\"Municipal\",\"p34_nacional\":\"Nacional\",\"p36_conselhosdeparticipacaoecontrolesocial\":\"N\\u00e3o\",\"p38_sim\":\"Sim\",\"p38_nenhum\":\"Nenhum\",\"p40_editais\":\"Sim\",\"p41_publicoestatal\":\"P\\u00fablico-Estatal\",\"p41_privadopf\":\"Privado (P. F\\u00edsica)\",\"p41_autofinanciamento\":\"Autofinanciamento\",\"p41_financiamentocoletivo0\":\"Financiamento coletivo\",\"p42_meiodedivulgacaoproprio\":\"Sim\",\"p43_email\":\"E-mail\",\"p43_facebook\":\"Facebook\",\"p43_instagram\":\"Instagram\",\"p43_sitesblogs\":\"Blogs\\\/sites\",\"p44_radio\":\"TV\",\"p44_jornaisimpressosdegrandecirculacao\":\"Jornais impressos de grande circula\\u00e7\\u00e3o\",\"p44_jornaisimpressosdebairro\":\"Jornais impressos de bairro\",\"p44_redessociais\":\"Redes sociais (Facebook, YouTube, Instagram etc.)\",\"p44_sitesblogs\":\"Sites ou Blogs\",\"p39_publico\":\"CRIAN\\u00c7AS ADOLESCENTES\",\"p45_bandeira\":\"FAVOR DIREITOS HUMANOS LGBT FEMINISMO\",\"p46_hashtags\":\"#CIRCOTOCANTINS #MULHERESDOCIRCO #PALMASEPICADEIRO\"},{\"p1_eixo\":\"Cultura\",\"p9_tipoorganizacao\":\"ONG\",\"p12_uf\":\"AL\",\"p13_cidade\":\"MACEI\\u00d3\",\"p16_nacional\":\"Nacional\",\"p17_ano\":\"1980\",\"p16_estado\":\"Estado\",\"p18_agrario\":\"Agr\\u00e1rio\\\/ruralidades\",\"p18_comunicacao\":\"Comunica\\u00e7\\u00e3o\",\"p18_difusaoartistica\":\"Difus\\u00e3o Art\\u00edstica\",\"p18_desenvolvimentoterritorial\":\"Desenvolvimento territorial\",\"p18_direitoshumanos\":\"Direitos humanos\",\"p18_educacao\":\"Educa\\u00e7\\u00e3o\",\"p18_feminismos\":\"Feminismos\",\"p18_lgbtqi\":\"LGBTQI\",\"p18_lutaantirracismo\":\"Luta antirracismo\",\"p18_mobilidade\":\"Mobilidade\",\"p18_moradia\":\"Moradia\",\"p18_povosecomunidadestradicionais\":\"Povos e comunidades tradicionais\",\"p18_trabalho\":\"Trabalho\",\"p18_religiao\":\"Religi\\u00e3o\",\"p18_saude\":\"Sa\\u00fade\",\"p18_violencia\":\"Viol\\u00eancia\",\"p18_politicasculturais\":\"Pol\\u00edticas Culturais\",\"p19_direitoshumanos\":\"Direitos humanos\",\"p19_educacao\":\"Educa\\u00e7\\u00e3o\",\"p19_feminismos\":\"Feminismos\",\"p19_lutaantirracismo\":\"Luta antirracismo\",\"p19_saude\":\"Sa\\u00fade\",\"p19_violencia\":\"Viol\\u00eancia\",\"p20_formacao\":\"Forma\\u00e7\\u00e3o\",\"p20_apresentacoesartisticas\":\"Apresenta\\u00e7\\u00f5es art\\u00edsticas\",\"p20_visitasexcursoes\":\"Visitas\\\/Excurs\\u00f5es\",\"p21_repressaopolicial\":\"Repress\\u00e3o policial\",\"p21_intoleranciareligiosa\":\"Fundamentalismo\\\/intoler\\u00e2ncia religiosa\",\"p21_xenofobia\":\"Xenofobia\",\"p21_machismo\":\"Machismo\",\"p21_racismo\":\"Racismo\",\"p21_lgbtqifobia\":\"LGBTIfobia\",\"p21_enfrentamentocomgruposprivadosarmados\":\"Enfrentamento com grupos privados armados\",\"p22_numerodeparticipantes\":\"1  - 15\",\"p23_oficinas\":\"Oficinas\",\"p23_outros\":\"Outros\",\"p24_apresentacoesartisticas\":\"Apresenta\\u00e7\\u00f5es art\\u00edsticas\",\"p24_outros\":\"Outros\",\"p25_numerodepessoas\":\"Mais de 500\",\"p26_numerodepessoas\":\"200 - 300\",\"p27_espacopublico\":\"Espa\\u00e7o p\\u00fablico\",\"p27_espacoemprestadocedido\":\"Espa\\u00e7o emprestado\\\/cedido\",\"p27_espacoproprio\":\"Espa\\u00e7o pr\\u00f3prio\",\"p28_territorios\":\"Pr\\u00f3prio bairro\",\"p30_outrasorganizacoes\":\"Sim\",\"p32_campanhadelongaduracao\":\"N\\u00e3o\",\"p34_nacional\":\"Nacional\",\"p34_nenhuma\":\"Nenhuma\",\"p36_conselhosdeparticipacaoecontrolesocial\":\"Sim\",\"p38_sim\":\"Sim\",\"p38_nenhum\":\"Nenhum\",\"p40_editais\":\"Sim\",\"p41_publicoestatal\":\"P\\u00fablico-Estatal\",\"p41_privadopf\":\"Privado (P. F\\u00edsica)\",\"p41_autofinanciamento\":\"Autofinanciamento\",\"p41_financiamentocoletivo0\":\"Financiamento coletivo\",\"p42_meiodedivulgacaoproprio\":\"Sim\",\"p43_email\":\"E-mail\",\"p43_facebook\":\"Facebook\",\"p43_sitesblogs\":\"Blogs\\\/sites\",\"p44_radio\":\"TV\",\"p44_jornaisimpressosdegrandecirculacao\":\"Jornais impressos de grande circula\\u00e7\\u00e3o\",\"p44_jornaisimpressosdebairro\":\"Jornais impressos de bairro\",\"p44_redessociais\":\"Redes sociais (Facebook, YouTube, Instagram etc.)\",\"p44_sitesblogs\":\"Sites ou Blogs\",\"p39_publico\":\"PERIF\\u00c9RICO\",\"p45_bandeira\":\"AUTOCONHECIMENTO EDUCA\\u00c7\\u00c3O\",\"p46_hashtags\":\"#PERTENCIMENTO #CONHECIMENTO #RESPEITO\"},{\"p1_eixo\":\"Viol\\u00eancia\",\"p9_tipoorganizacao\":\"Coletivo\",\"p12_uf\":\"SP\",\"p13_cidade\":\"SANTOS\",\"p16_nacional\":\"Nacional\",\"p17_ano\":\"2006\",\"p18_agrario\":\"Agr\\u00e1rio\\\/ruralidades\",\"p18_comunicacao\":\"Comunica\\u00e7\\u00e3o\",\"p18_difusaoartistica\":\"Difus\\u00e3o Art\\u00edstica\",\"p18_desenvolvimentoterritorial\":\"Desenvolvimento territorial\",\"p18_direitoshumanos\":\"Direitos humanos\",\"p18_educacao\":\"Educa\\u00e7\\u00e3o\",\"p18_feminismos\":\"Feminismos\",\"p18_lgbtqi\":\"LGBTQI\",\"p18_lutaantirracismo\":\"Luta antirracismo\",\"p18_mobilidade\":\"Mobilidade\",\"p18_moradia\":\"Moradia\",\"p18_povosecomunidadestradicionais\":\"Povos e comunidades tradicionais\",\"p18_trabalho\":\"Trabalho\",\"p18_religiao\":\"Religi\\u00e3o\",\"p18_saude\":\"Sa\\u00fade\",\"p18_violencia\":\"Viol\\u00eancia\",\"p18_politicasculturais\":\"Pol\\u00edticas Culturais\",\"p19_direitoshumanos\":\"Direitos humanos\",\"p19_feminismos\":\"Feminismos\",\"p19_lutaantirracismo\":\"Luta antirracismo\",\"p19_violencia\":\"Viol\\u00eancia\",\"p20_reunioes\":\"Reuni\\u00f5es\",\"p20_apresentacoesartisticas\":\"Apresenta\\u00e7\\u00f5es art\\u00edsticas\",\"p21_repressaopolicial\":\"Repress\\u00e3o policial\",\"p21_intoleranciareligiosa\":\"Fundamentalismo\\\/intoler\\u00e2ncia religiosa\",\"p21_xenofobia\":\"Xenofobia\",\"p21_machismo\":\"Machismo\",\"p21_racismo\":\"Racismo\",\"p21_lgbtqifobia\":\"LGBTIfobia\",\"p21_enfrentamentocomgruposprivadosarmados\":\"Enfrentamento com grupos privados armados\",\"p22_numerodeparticipantes\":\"Mais de 90\",\"p23_oficinas\":\"Oficinas\",\"p23_outros\":\"Outros\",\"p24_outros\":\"Outros\",\"p25_numerodepessoas\":\"Mais de 500\",\"p26_numerodepessoas\":\"Mais de 500\",\"p27_espacopublico\":\"Espa\\u00e7o p\\u00fablico\",\"p27_virtual\":\"Virtual\",\"p28_territorios\":\"Atua\\u00e7\\u00e3o Nacional\",\"p30_outrasorganizacoes\":\"N\\u00e3o\",\"p32_campanhadelongaduracao\":\"N\\u00e3o\",\"p34_nacional\":\"Nacional\",\"p34_nenhuma\":\"Nenhuma\",\"p36_conselhosdeparticipacaoecontrolesocial\":\"N\\u00e3o\",\"p38_sim\":\"Sim\",\"p38_nenhum\":\"Nenhum\",\"p40_editais\":\"N\\u00e3o\",\"p41_privadopj\":\"Privado (P. Jur\\u00eddica)\",\"p41_financiamentocoletivo0\":\"Financiamento coletivo\",\"p42_meiodedivulgacaoproprio\":\"Sim\",\"p43_email\":\"E-mail\",\"p43_facebook\":\"Facebook\",\"p43_sitesblogs\":\"Blogs\\\/sites\",\"p44_radio\":\"TV\",\"p44_jornaisimpressosdegrandecirculacao\":\"Jornais impressos de grande circula\\u00e7\\u00e3o\",\"p44_jornaisimpressosdebairro\":\"Jornais impressos de bairro\",\"p44_redessociais\":\"Redes sociais (Facebook, YouTube, Instagram etc.)\",\"p44_sitesblogs\":\"Sites ou Blogs\",\"p39_publico\":\"TODOS\",\"p45_bandeira\":\"REFORMA-POLITICA-DE-DROGAS EFEITOS RACISMO BRASIL\",\"p46_hashtags\":\"#PELOFIMDAGUERRAASDROGAS #HIPOCRISIAEGUERRAMATAGENTEPRETATODODIA #NAOAGUERRRAASDROGASEGUERRAAOSPRETOS\"},{\"p1_eixo\":\"Viol\\u00eancia\",\"p9_tipoorganizacao\":\"Coletivo\",\"p12_uf\":\"SP\",\"p13_cidade\":\"S\\u00c3O PAULO\",\"p16_nacional\":\"Nacional\",\"p17_ano\":\"2015\",\"p18_comunicacao\":\"Comunica\\u00e7\\u00e3o\",\"p18_difusaoartistica\":\"Difus\\u00e3o Art\\u00edstica\",\"p18_desenvolvimentoterritorial\":\"Desenvolvimento territorial\",\"p18_direitoshumanos\":\"Direitos humanos\",\"p18_educacao\":\"Educa\\u00e7\\u00e3o\",\"p18_feminismos\":\"Feminismos\",\"p18_lgbtqi\":\"LGBTQI\",\"p18_lutaantirracismo\":\"Luta antirracismo\",\"p18_mobilidade\":\"Mobilidade\",\"p18_moradia\":\"Moradia\",\"p18_povosecomunidadestradicionais\":\"Povos e comunidades tradicionais\",\"p18_religiao\":\"Religi\\u00e3o\",\"p18_saude\":\"Sa\\u00fade\",\"p18_violencia\":\"Viol\\u00eancia\",\"p18_politicasculturais\":\"Pol\\u00edticas Culturais\",\"p19_comunicacao\":\"Comunica\\u00e7\\u00e3o\",\"p19_direitoshumanos\":\"Direitos humanos\",\"p19_lutaantirracismo\":\"Luta antirracismo\",\"p19_violencia\":\"Viol\\u00eancia\",\"p20_reunioes\":\"Reuni\\u00f5es\",\"p20_visitasexcursoes\":\"Visitas\\\/Excurs\\u00f5es\",\"p21_repressaopolicial\":\"Repress\\u00e3o policial\",\"p21_intoleranciareligiosa\":\"Fundamentalismo\\\/intoler\\u00e2ncia religiosa\",\"p21_racismo\":\"Racismo\",\"p22_numerodeparticipantes\":\"1  - 15\",\"p23_outros\":\"Outros\",\"p24_apresentacoesartisticas\":\"Apresenta\\u00e7\\u00f5es art\\u00edsticas\",\"p24_visitasexcursoes\":\"Visitas\\\/Excurs\\u00f5es\",\"p24_outros\":\"Outros\",\"p25_numerodepessoas\":\"1 - 20\",\"p26_numerodepessoas\":\"100 - 200\",\"p27_espacoemprestadocedido\":\"Espa\\u00e7o emprestado\\\/cedido\",\"p27_virtual\":\"Virtual\",\"p28_territorios\":\"Atua\\u00e7\\u00e3o Nacional\",\"p30_outrasorganizacoes\":\"Sim\",\"p32_campanhadelongaduracao\":\"Sim\",\"p34_nacional\":\"Nacional\",\"p36_conselhosdeparticipacaoecontrolesocial\":\"Sim\",\"p38_sim\":\"Sim\",\"p40_editais\":\"N\\u00e3o\",\"p41_privadopj\":\"Privado (P. Jur\\u00eddica)\",\"p41_autofinanciamento\":\"Autofinanciamento\",\"p41_financiamentocoletivo0\":\"Financiamento coletivo\",\"p42_meiodedivulgacaoproprio\":\"Sim\",\"p43_impressoes\":\"Impressos\",\"p43_email\":\"E-mail\",\"p43_facebook\":\"Facebook\",\"p43_instagram\":\"Instagram\",\"p43_twitter\":\"Twitter\",\"p43_sitesblogs\":\"Blogs\\\/sites\",\"p43_youtube\":\"YouTube\",\"p44_radio\":\"TV\",\"p44_jornaisimpressosdegrandecirculacao\":\"Jornais impressos de grande circula\\u00e7\\u00e3o\",\"p44_jornaisimpressosdebairro\":\"Jornais impressos de bairro\",\"p44_redessociais\":\"Redes sociais (Facebook, YouTube, Instagram etc.)\",\"p44_sitesblogs\":\"Sites ou Blogs\",\"p39_publico\":\"PESQUISADORES NEGROS FORMADORES INSTITUICOES DIREITOS HUMANOS NEGRAS\",\"p45_bandeira\":\"REFORMA-POLITICA-DE-DROGAS EFEITOS RACISMO BRASIL\",\"p46_hashtags\":\"#PELOFIMDAGUERRAASDROGAS #HIPOCRISIAEGUERRAMATAGENTEPRETATODODIA #NAOAGUERRRAASDROGASEGUERRAAOSPRETOS\"},{\"p1_eixo\":\"Viol\\u00eancia\",\"p9_tipoorganizacao\":\"Coletivo\",\"p12_uf\":\"BA\",\"p13_cidade\":\"SALVADOR\",\"p16_nacional\":\"Nacional\",\"p17_ano\":\"2010\",\"p18_comunicacao\":\"Comunica\\u00e7\\u00e3o\",\"p18_difusaoartistica\":\"Difus\\u00e3o Art\\u00edstica\",\"p18_desenvolvimentoterritorial\":\"Desenvolvimento territorial\",\"p18_direitoshumanos\":\"Direitos humanos\",\"p18_educacao\":\"Educa\\u00e7\\u00e3o\",\"p18_feminismos\":\"Feminismos\",\"p18_lgbtqi\":\"LGBTQI\",\"p18_lutaantirracismo\":\"Luta antirracismo\",\"p18_mobilidade\":\"Mobilidade\",\"p18_moradia\":\"Moradia\",\"p18_povosecomunidadestradicionais\":\"Povos e comunidades tradicionais\",\"p18_religiao\":\"Religi\\u00e3o\",\"p18_violencia\":\"Viol\\u00eancia\",\"p18_politicasculturais\":\"Pol\\u00edticas Culturais\",\"p19_comunicacao\":\"Comunica\\u00e7\\u00e3o\",\"p19_direitoshumanos\":\"Direitos humanos\",\"p19_educacao\":\"Educa\\u00e7\\u00e3o\",\"p19_lutaantirracismo\":\"Luta antirracismo\",\"p19_violencia\":\"Viol\\u00eancia\",\"p19_politicasculturais\":\"Pol\\u00edticas Culturais\",\"p20_atendimento\":\"Atendimento\",\"p20_oficinas\":\"Oficinas\",\"p20_oficinasaulasartisticas\":\"Ensaios\\\/Oficinas\\\/Aulas art\\u00edsticas\",\"p20_cursos\":\"Cursos\",\"p20_apresentacoesartisticas\":\"Apresenta\\u00e7\\u00f5es art\\u00edsticas\",\"p20_visitasexcursoes\":\"Visitas\\\/Excurs\\u00f5es\",\"p21_repressaopolicial\":\"Repress\\u00e3o policial\",\"p21_intoleranciareligiosa\":\"Fundamentalismo\\\/intoler\\u00e2ncia religiosa\",\"p21_racismo\":\"Racismo\",\"p21_lgbtqifobia\":\"LGBTIfobia\",\"p22_numerodeparticipantes\":\"1  - 15\",\"p23_apresentacoesartisticas\":\"Apresenta\\u00e7\\u00f5es Art\\u00edsticas\",\"p23_outros\":\"Outros\",\"p24_apresentacoesartisticas\":\"Apresenta\\u00e7\\u00f5es art\\u00edsticas\",\"p24_visitasexcursoes\":\"Visitas\\\/Excurs\\u00f5es\",\"p24_outros\":\"Outros\",\"p25_numerodepessoas\":\"1 - 20\",\"p26_numerodepessoas\":\"80 - 100\",\"p27_espacoemprestadocedido\":\"Espa\\u00e7o emprestado\\\/cedido\",\"p27_virtual\":\"Virtual\",\"p28_territorios\":\"Pr\\u00f3prio bairro\",\"p30_outrasorganizacoes\":\"Sim\",\"p32_campanhadelongaduracao\":\"Sim\",\"p34_estadual\":\"Estadual\",\"p34_nacional\":\"Nacional\",\"p36_conselhosdeparticipacaoecontrolesocial\":\"Sim\",\"p38_sim\":\"Sim\",\"p38_nenhum\":\"Nenhum\",\"p40_editais\":\"N\\u00e3o\",\"p41_autofinanciamento\":\"Autofinanciamento\",\"p41_financiamentocoletivo0\":\"Financiamento coletivo\",\"p42_meiodedivulgacaoproprio\":\"Sim\",\"p43_impressoes\":\"Impressos\",\"p43_email\":\"E-mail\",\"p43_facebook\":\"Facebook\",\"p43_whatsapp\":\"WhatsApp\",\"p43_instagram\":\"Instagram\",\"p43_twitter\":\"Twitter\",\"p43_sitesblogs\":\"Blogs\\\/sites\",\"p43_radio\":\"R\\u00e1dio\",\"p43_youtube\":\"YouTube\",\"p44_radio\":\"TV\",\"p44_jornaisimpressosdegrandecirculacao\":\"Jornais impressos de grande circula\\u00e7\\u00e3o\",\"p44_jornaisimpressosdebairro\":\"Jornais impressos de bairro\",\"p44_redessociais\":\"Redes sociais (Facebook, YouTube, Instagram etc.)\",\"p44_sitesblogs\":\"Sites ou Blogs\",\"p39_publico\":\"JOVENS COMUNIDADES NEGRAS NEGROS\",\"p45_bandeira\":\"CONTRA-RACISMO CONTRA-INTOLER\\u00c2NCIA-RELIGIOSA CONTRA-MACHISMO CONTRA-HOMOFOBIA DI\\u00c1LOGO CONTRA-CRIMINALIZACAO-DAS-DROGAS\",\"p46_hashtags\":\"#NAOVIOLENCIACONTRAAJUVENTUDE #COMUNICACAOPARATODXS #CONTRAORACISMO\"},{\"p1_eixo\":\"Cultura\",\"p9_tipoorganizacao\":\"Coletivo\",\"p12_uf\":\"ES\",\"p13_cidade\":\"VIT\\u00d3RIA, VILA VELHA\",\"p16_nacional\":\"Nacional\",\"p17_ano\":\"2012\",\"p16_estado\":\"Estado\",\"p18_agrario\":\"Agr\\u00e1rio\\\/ruralidades\",\"p18_comunicacao\":\"Comunica\\u00e7\\u00e3o\",\"p18_difusaoartistica\":\"Difus\\u00e3o Art\\u00edstica\",\"p18_desenvolvimentoterritorial\":\"Desenvolvimento territorial\",\"p18_direitoshumanos\":\"Direitos humanos\",\"p18_educacao\":\"Educa\\u00e7\\u00e3o\",\"p18_feminismos\":\"Feminismos\",\"p18_lgbtqi\":\"LGBTQI\",\"p18_lutaantirracismo\":\"Luta antirracismo\",\"p18_mobilidade\":\"Mobilidade\",\"p18_moradia\":\"Moradia\",\"p18_trabalho\":\"Trabalho\",\"p18_saude\":\"Sa\\u00fade\",\"p18_violencia\":\"Viol\\u00eancia\",\"p18_politicasculturais\":\"Pol\\u00edticas Culturais\",\"p19_direitoshumanos\":\"Direitos humanos\",\"p19_educacao\":\"Educa\\u00e7\\u00e3o\",\"p19_lutaantirracismo\":\"Luta antirracismo\",\"p19_violencia\":\"Viol\\u00eancia\",\"p19_politicasculturais\":\"Pol\\u00edticas Culturais\",\"p20_atendimento\":\"Atendimento\",\"p20_oficinas\":\"Oficinas\",\"p20_oficinasaulasartisticas\":\"Ensaios\\\/Oficinas\\\/Aulas art\\u00edsticas\",\"p20_cursos\":\"Cursos\",\"p20_formacao\":\"Forma\\u00e7\\u00e3o\",\"p20_apresentacoesartisticas\":\"Apresenta\\u00e7\\u00f5es art\\u00edsticas\",\"p21_intoleranciareligiosa\":\"Fundamentalismo\\\/intoler\\u00e2ncia religiosa\",\"p21_machismo\":\"Machismo\",\"p21_racismo\":\"Racismo\",\"p21_lgbtqifobia\":\"LGBTIfobia\",\"p22_numerodeparticipantes\":\"1  - 15\",\"p23_reunioes\":\"Reuni\\u00f5es\",\"p23_atendimento\":\"Atendimento\",\"p23_apresentacoesartisticas\":\"Apresenta\\u00e7\\u00f5es Art\\u00edsticas\",\"p23_outros\":\"Outros\",\"p24_outros\":\"Outros\",\"p25_numerodepessoas\":\"1 - 20\",\"p26_numerodepessoas\":\"1 - 20\",\"p27_espacoproprio\":\"Espa\\u00e7o pr\\u00f3prio\",\"p27_virtual\":\"Virtual\",\"p28_territorios\":\"Estado\",\"p30_outrasorganizacoes\":\"Sim\",\"p32_campanhadelongaduracao\":\"Sim\",\"p34_municipal\":\"Municipal\",\"p34_estadual\":\"Estadual\",\"p34_nacional\":\"Nacional\",\"p36_conselhosdeparticipacaoecontrolesocial\":\"Sim\",\"p38_sim\":\"Sim\",\"p38_nenhum\":\"Nenhum\",\"p40_editais\":\"Sim\",\"p41_publicoestatal\":\"P\\u00fablico-Estatal\",\"p41_financiamentocoletivo0\":\"Financiamento coletivo\",\"p42_meiodedivulgacaoproprio\":\"Sim\",\"p43_impressoes\":\"Impressos\",\"p43_email\":\"E-mail\",\"p43_facebook\":\"Facebook\",\"p43_whatsapp\":\"WhatsApp\",\"p43_instagram\":\"Instagram\",\"p43_twitter\":\"Twitter\",\"p43_sitesblogs\":\"Blogs\\\/sites\",\"p43_radio\":\"R\\u00e1dio\",\"p44_radio\":\"TV\",\"p44_jornaisimpressosdegrandecirculacao\":\"Jornais impressos de grande circula\\u00e7\\u00e3o\",\"p44_jornaisimpressosdebairro\":\"Jornais impressos de bairro\",\"p44_redessociais\":\"Redes sociais (Facebook, YouTube, Instagram etc.)\",\"p44_sitesblogs\":\"Sites ou Blogs\",\"p39_publico\":\"POPULA\\u00c7\\u00c3O NEGRA\",\"p45_bandeira\":\"LUTA  ANTIRRACISMO \",\"p46_hashtags\":\"#DIREITOAOACESSOAOENSINOPUBLICO  #ACEITACAO\"},{\"p1_eixo\":\"Trabalho\",\"p9_tipoorganizacao\":\"ONG\",\"p12_uf\":\"MA\",\"p13_cidade\":\"A\\u00c7AIL\\u00c2NDIA\",\"p16_nacional\":\"Nacional\",\"p17_ano\":\"1996\",\"p16_estado\":\"Estado\",\"p18_agrario\":\"Agr\\u00e1rio\\\/ruralidades\",\"p18_comunicacao\":\"Comunica\\u00e7\\u00e3o\",\"p18_difusaoartistica\":\"Difus\\u00e3o Art\\u00edstica\",\"p18_desenvolvimentoterritorial\":\"Desenvolvimento territorial\",\"p18_direitoshumanos\":\"Direitos humanos\",\"p18_educacao\":\"Educa\\u00e7\\u00e3o\",\"p18_feminismos\":\"Feminismos\",\"p18_lgbtqi\":\"LGBTQI\",\"p18_lutaantirracismo\":\"Luta antirracismo\",\"p18_mobilidade\":\"Mobilidade\",\"p18_moradia\":\"Moradia\",\"p18_trabalho\":\"Trabalho\",\"p18_saude\":\"Sa\\u00fade\",\"p18_violencia\":\"Viol\\u00eancia\",\"p18_politicasculturais\":\"Pol\\u00edticas Culturais\",\"p19_comunicacao\":\"Comunica\\u00e7\\u00e3o\",\"p19_direitoshumanos\":\"Direitos humanos\",\"p19_violencia\":\"Viol\\u00eancia\",\"p19_politicasculturais\":\"Pol\\u00edticas Culturais\",\"p20_oficinas\":\"Oficinas\",\"p20_oficinasaulasartisticas\":\"Ensaios\\\/Oficinas\\\/Aulas art\\u00edsticas\",\"p20_formacao\":\"Forma\\u00e7\\u00e3o\",\"p20_apresentacoesartisticas\":\"Apresenta\\u00e7\\u00f5es art\\u00edsticas\",\"p21_repressaopolicial\":\"Repress\\u00e3o policial\",\"p21_intoleranciareligiosa\":\"Fundamentalismo\\\/intoler\\u00e2ncia religiosa\",\"p21_xenofobia\":\"Xenofobia\",\"p21_machismo\":\"Machismo\",\"p21_racismo\":\"Racismo\",\"p21_lgbtqifobia\":\"LGBTIfobia\",\"p21_enfrentamentocomgruposprivadosarmados\":\"Enfrentamento com grupos privados armados\",\"p22_numerodeparticipantes\":\"1  - 15\",\"p23_reunioes\":\"Reuni\\u00f5es\",\"p23_atendimento\":\"Atendimento\",\"p23_apresentacoesartisticas\":\"Apresenta\\u00e7\\u00f5es Art\\u00edsticas\",\"p23_outros\":\"Outros\",\"p24_oficinas\":\"Oficinas\",\"p24_oficinasaulasartisticas\":\"Ensaios\\\/Oficinas\\\/Aulas art\\u00edsticas\",\"p24_outros\":\"Outros\",\"p25_numerodepessoas\":\"400 - 500\",\"p26_numerodepessoas\":\"400 - 500\",\"p27_espacopublico\":\"Espa\\u00e7o p\\u00fablico\",\"p27_espacoproprio\":\"Espa\\u00e7o pr\\u00f3prio\",\"p27_ocupacao\":\"Ocupa\\u00e7\\u00e3o\",\"p28_territorios\":\"Estado\",\"p30_outrasorganizacoes\":\"N\\u00e3o\",\"p32_campanhadelongaduracao\":\"Sim\",\"p34_municipal\":\"Municipal\",\"p34_estadual\":\"Estadual\",\"p34_nacional\":\"Nacional\",\"p36_conselhosdeparticipacaoecontrolesocial\":\"Sim\",\"p38_sim\":\"Sim\",\"p38_nenhum\":\"Nenhum\",\"p40_editais\":\"N\\u00e3o\",\"p41_publicoestatal\":\"P\\u00fablico-Estatal\",\"p41_autofinanciamento\":\"Autofinanciamento\",\"p41_financiamentocoletivo0\":\"Financiamento coletivo\",\"p42_meiodedivulgacaoproprio\":\"Sim\",\"p43_impressoes\":\"Impressos\",\"p43_email\":\"E-mail\",\"p43_facebook\":\"Facebook\",\"p43_instagram\":\"Instagram\",\"p43_sitesblogs\":\"Blogs\\\/sites\",\"p43_radio\":\"R\\u00e1dio\",\"p44_radio\":\"TV\",\"p44_jornaisimpressosdegrandecirculacao\":\"Jornais impressos de grande circula\\u00e7\\u00e3o\",\"p44_jornaisimpressosdebairro\":\"Jornais impressos de bairro\",\"p44_redessociais\":\"Redes sociais (Facebook, YouTube, Instagram etc.)\",\"p44_sitesblogs\":\"Sites ou Blogs\",\"p39_publico\":\"TODAS\",\"p45_bandeira\":\"TRABALHO ESCRAVO FORMA\\u00c7\\u00c3O EMPODERAMENTO COMUNIDADE\",\"p46_hashtags\":\"#RESISTENCIA   #CORAGEM   #DEDICACAO\"},{\"p1_eixo\":\"Cultura\",\"p9_tipoorganizacao\":\"ONG\",\"p12_uf\":\"PI\",\"p13_cidade\":\"TERESINA\",\"p16_nacional\":\"Nacional\",\"p17_ano\":\"1994\",\"p18_comunicacao\":\"Comunica\\u00e7\\u00e3o\",\"p18_difusaoartistica\":\"Difus\\u00e3o Art\\u00edstica\",\"p18_desenvolvimentoterritorial\":\"Desenvolvimento territorial\",\"p18_direitoshumanos\":\"Direitos humanos\",\"p18_educacao\":\"Educa\\u00e7\\u00e3o\",\"p18_feminismos\":\"Feminismos\",\"p18_lutaantirracismo\":\"Luta antirracismo\",\"p18_mobilidade\":\"Mobilidade\",\"p18_moradia\":\"Moradia\",\"p18_povosecomunidadestradicionais\":\"Povos e comunidades tradicionais\",\"p18_trabalho\":\"Trabalho\",\"p18_saude\":\"Sa\\u00fade\",\"p18_politicasculturais\":\"Pol\\u00edticas Culturais\",\"p19_comunicacao\":\"Comunica\\u00e7\\u00e3o\",\"p19_desenvolvimentoterritorial\":\"Desenvolvimento territorial\",\"p19_direitoshumanos\":\"Direitos humanos\",\"p19_educacao\":\"Educa\\u00e7\\u00e3o\",\"p19_lutaantirracismo\":\"Luta antirracismo\",\"p19_politicasculturais\":\"Pol\\u00edticas Culturais\",\"p20_oficinas\":\"Oficinas\",\"p20_oficinasaulasartisticas\":\"Ensaios\\\/Oficinas\\\/Aulas art\\u00edsticas\",\"p20_apresentacoesartisticas\":\"Apresenta\\u00e7\\u00f5es art\\u00edsticas\",\"p21_repressaopolicial\":\"Repress\\u00e3o policial\",\"p21_intoleranciareligiosa\":\"Fundamentalismo\\\/intoler\\u00e2ncia religiosa\",\"p21_xenofobia\":\"Xenofobia\",\"p21_machismo\":\"Machismo\",\"p21_racismo\":\"Racismo\",\"p21_lgbtqifobia\":\"LGBTIfobia\",\"p21_enfrentamentocomgruposprivadosarmados\":\"Enfrentamento com grupos privados armados\",\"p21_nenhum\":\"Nenhum\",\"p22_numerodeparticipantes\":\"1  - 15\",\"p23_oficinas\":\"Oficinas\",\"p23_apresentacoesartisticas\":\"Apresenta\\u00e7\\u00f5es Art\\u00edsticas\",\"p24_oficinas\":\"Oficinas\",\"p24_oficinasaulasartisticas\":\"Ensaios\\\/Oficinas\\\/Aulas art\\u00edsticas\",\"p24_curso\":\"Curso\",\"p24_profissionalizacao\":\"Profissionaliza\\u00e7\\u00e3o\",\"p25_numerodepessoas\":\"100 - 200\",\"p26_numerodepessoas\":\"40 - 60\",\"p27_espacopublico\":\"Espa\\u00e7o p\\u00fablico\",\"p27_espacoemprestadocedido\":\"Espa\\u00e7o emprestado\\\/cedido\",\"p27_espacoproprio\":\"Espa\\u00e7o pr\\u00f3prio\",\"p27_virtual\":\"Virtual\",\"p27_ocupacao\":\"Ocupa\\u00e7\\u00e3o\",\"p28_territorios\":\"Cidade\",\"p30_outrasorganizacoes\":\"Sim\",\"p32_campanhadelongaduracao\":\"Sim\",\"p34_municipal\":\"Municipal\",\"p34_estadual\":\"Estadual\",\"p34_nenhuma\":\"Nenhuma\",\"p36_conselhosdeparticipacaoecontrolesocial\":\"N\\u00e3o\",\"p38_nenhum\":\"Nenhum\",\"p40_editais\":\"Sim\",\"p41_privadopf\":\"Privado (P. F\\u00edsica)\",\"p41_autofinanciamento\":\"Autofinanciamento\",\"p41_financiamentocoletivo0\":\"Financiamento coletivo\",\"p42_meiodedivulgacaoproprio\":\"Sim\",\"p43_email\":\"E-mail\",\"p43_facebook\":\"Facebook\",\"p43_instagram\":\"Instagram\",\"p43_sitesblogs\":\"Blogs\\\/sites\",\"p43_radio\":\"R\\u00e1dio\",\"p44_radio\":\"TV\",\"p44_jornaisimpressosdebairro\":\"Jornais impressos de bairro\",\"p44_redessociais\":\"Redes sociais (Facebook, YouTube, Instagram etc.)\",\"p44_sitesblogs\":\"Sites ou Blogs\",\"p39_publico\":\"ADOLESCENTES ADULTOS TERESINA\",\"p45_bandeira\":\" ANTIRRACISMO   OCUPA\\u00c7\\u00c3O HIPHOP\",\"p46_hashtags\":\"#FACAAOCUPACAOEXISTIR #JUNTOSSOMOSMAISFORTES #ESPACOPRATODOS\"},{\"p1_eixo\":\"Trabalho\",\"p9_tipoorganizacao\":\"Instituto\",\"p12_uf\":\"PR\",\"p13_cidade\":\"CURITIBA\",\"p16_cidade\":\"Cidade\",\"p16_nacional\":\"Nacional\",\"p17_ano\":\"2012\",\"p18_comunicacao\":\"Comunica\\u00e7\\u00e3o\",\"p18_difusaoartistica\":\"Difus\\u00e3o Art\\u00edstica\",\"p18_desenvolvimentoterritorial\":\"Desenvolvimento territorial\",\"p18_direitoshumanos\":\"Direitos humanos\",\"p18_educacao\":\"Educa\\u00e7\\u00e3o\",\"p18_feminismos\":\"Feminismos\",\"p18_lgbtqi\":\"LGBTQI\",\"p18_lutaantirracismo\":\"Luta antirracismo\",\"p18_mobilidade\":\"Mobilidade\",\"p18_moradia\":\"Moradia\",\"p18_povosecomunidadestradicionais\":\"Povos e comunidades tradicionais\",\"p18_trabalho\":\"Trabalho\",\"p18_religiao\":\"Religi\\u00e3o\",\"p18_saude\":\"Sa\\u00fade\",\"p18_violencia\":\"Viol\\u00eancia\",\"p18_politicasculturais\":\"Pol\\u00edticas Culturais\",\"p19_desenvolvimentoterritorial\":\"Desenvolvimento territorial\",\"p19_educacao\":\"Educa\\u00e7\\u00e3o\",\"p19_lutaantirracismo\":\"Luta antirracismo\",\"p19_difusaoartistica\":\"Difus\\u00e3o Art\\u00edstica\",\"p19_politicasculturais\":\"Pol\\u00edticas Culturais\",\"p20_oficinas\":\"Oficinas\",\"p20_oficinasaulasartisticas\":\"Ensaios\\\/Oficinas\\\/Aulas art\\u00edsticas\",\"p20_apresentacoesartisticas\":\"Apresenta\\u00e7\\u00f5es art\\u00edsticas\",\"p21_repressaopolicial\":\"Repress\\u00e3o policial\",\"p21_intoleranciareligiosa\":\"Fundamentalismo\\\/intoler\\u00e2ncia religiosa\",\"p21_xenofobia\":\"Xenofobia\",\"p21_racismo\":\"Racismo\",\"p21_lgbtqifobia\":\"LGBTIfobia\",\"p21_enfrentamentocomgruposprivadosarmados\":\"Enfrentamento com grupos privados armados\",\"p21_nenhum\":\"Nenhum\",\"p22_numerodeparticipantes\":\"1  - 15\",\"p23_oficinas\":\"Oficinas\",\"p23_apresentacoesartisticas\":\"Apresenta\\u00e7\\u00f5es Art\\u00edsticas\",\"p24_oficinas\":\"Oficinas\",\"p24_oficinasaulasartisticas\":\"Ensaios\\\/Oficinas\\\/Aulas art\\u00edsticas\",\"p24_curso\":\"Curso\",\"p24_profissionalizacao\":\"Profissionaliza\\u00e7\\u00e3o\",\"p24_apresentacoesartisticas\":\"Apresenta\\u00e7\\u00f5es art\\u00edsticas\",\"p24_visitasexcursoes\":\"Visitas\\\/Excurs\\u00f5es\",\"p25_numerodepessoas\":\"400 - 500\",\"p26_numerodepessoas\":\"100 - 200\",\"p27_espacopublico\":\"Espa\\u00e7o p\\u00fablico\",\"p27_espacoemprestadocedido\":\"Espa\\u00e7o emprestado\\\/cedido\",\"p27_espacoproprio\":\"Espa\\u00e7o pr\\u00f3prio\",\"p27_virtual\":\"Virtual\",\"p28_territorios\":\"Atua\\u00e7\\u00e3o Nacional\",\"p30_outrasorganizacoes\":\"Sim\",\"p32_campanhadelongaduracao\":\"Sim\",\"p34_nenhuma\":\"Nenhuma\",\"p36_conselhosdeparticipacaoecontrolesocial\":\"N\\u00e3o\",\"p38_nenhum\":\"Nenhum\",\"p40_editais\":\"N\\u00e3o\",\"p41_privadopf\":\"Privado (P. F\\u00edsica)\",\"p41_autofinanciamento\":\"Autofinanciamento\",\"p41_financiamentocoletivo0\":\"Financiamento coletivo\",\"p42_meiodedivulgacaoproprio\":\"Sim\",\"p43_email\":\"E-mail\",\"p43_facebook\":\"Facebook\",\"p43_instagram\":\"Instagram\",\"p43_sitesblogs\":\"Blogs\\\/sites\",\"p43_youtube\":\"YouTube\",\"p44_radio\":\"TV\",\"p44_jornaisimpressosdebairro\":\"Jornais impressos de bairro\",\"p44_redessociais\":\"Redes sociais (Facebook, YouTube, Instagram etc.)\",\"p44_sitesblogs\":\"Sites ou Blogs\",\"p39_publico\":\"BAIXAS-CONDI\\u00c7\\u00d5ES SOCIOECON\\u00d4MICAS\",\"p45_bandeira\":\"BANDEIRA AFROEMPREENDEDOERA\",\"p46_hashtags\":\"#AFROEMPREENDEDORISMO\"},{\"p1_eixo\":\"Cultura\",\"p9_tipoorganizacao\":\"Coletivo\",\"p12_uf\":\"PA\",\"p13_cidade\":\"BEL\\u00c9M\",\"p16_cidade\":\"Cidade\",\"p16_internacional\":\"Internacional\",\"p17_ano\":\"2013\",\"p18_agrario\":\"Agr\\u00e1rio\\\/ruralidades\",\"p18_comunicacao\":\"Comunica\\u00e7\\u00e3o\",\"p18_difusaoartistica\":\"Difus\\u00e3o Art\\u00edstica\",\"p18_desenvolvimentoterritorial\":\"Desenvolvimento territorial\",\"p18_direitoshumanos\":\"Direitos humanos\",\"p18_educacao\":\"Educa\\u00e7\\u00e3o\",\"p18_feminismos\":\"Feminismos\",\"p18_lgbtqi\":\"LGBTQI\",\"p18_lutaantirracismo\":\"Luta antirracismo\",\"p18_mobilidade\":\"Mobilidade\",\"p18_moradia\":\"Moradia\",\"p18_povosecomunidadestradicionais\":\"Povos e comunidades tradicionais\",\"p18_trabalho\":\"Trabalho\",\"p18_religiao\":\"Religi\\u00e3o\",\"p18_saude\":\"Sa\\u00fade\",\"p18_violencia\":\"Viol\\u00eancia\",\"p18_politicasculturais\":\"Pol\\u00edticas Culturais\",\"p19_lutaantirracismo\":\"Luta antirracismo\",\"p19_saude\":\"Sa\\u00fade\",\"p19_violencia\":\"Viol\\u00eancia\",\"p19_difusaoartistica\":\"Difus\\u00e3o Art\\u00edstica\",\"p19_politicasculturais\":\"Pol\\u00edticas Culturais\",\"p20_reunioes\":\"Reuni\\u00f5es\",\"p20_oficinas\":\"Oficinas\",\"p20_oficinasaulasartisticas\":\"Ensaios\\\/Oficinas\\\/Aulas art\\u00edsticas\",\"p20_formacao\":\"Forma\\u00e7\\u00e3o\",\"p20_apresentacoesartisticas\":\"Apresenta\\u00e7\\u00f5es art\\u00edsticas\",\"p21_repressaopolicial\":\"Repress\\u00e3o policial\",\"p21_intoleranciareligiosa\":\"Fundamentalismo\\\/intoler\\u00e2ncia religiosa\",\"p21_xenofobia\":\"Xenofobia\",\"p21_machismo\":\"Machismo\",\"p21_racismo\":\"Racismo\",\"p21_lgbtqifobia\":\"LGBTIfobia\",\"p21_enfrentamentocomgruposprivadosarmados\":\"Enfrentamento com grupos privados armados\",\"p22_numerodeparticipantes\":\"1  - 15\",\"p23_reunioes\":\"Reuni\\u00f5es\",\"p23_apresentacoesartisticas\":\"Apresenta\\u00e7\\u00f5es Art\\u00edsticas\",\"p23_outros\":\"Outros\",\"p24_oficinas\":\"Oficinas\",\"p24_oficinasaulasartisticas\":\"Ensaios\\\/Oficinas\\\/Aulas art\\u00edsticas\",\"p24_formacao\":\"Forma\\u00e7\\u00e3o\",\"p24_apresentacoesartisticas\":\"Apresenta\\u00e7\\u00f5es art\\u00edsticas\",\"p24_visitasexcursoes\":\"Visitas\\\/Excurs\\u00f5es\",\"p24_outros\":\"Outros\",\"p25_numerodepessoas\":\"400 - 500\",\"p26_numerodepessoas\":\"80 - 100\",\"p27_espacopublico\":\"Espa\\u00e7o p\\u00fablico\",\"p27_espacoemprestadocedido\":\"Espa\\u00e7o emprestado\\\/cedido\",\"p27_espacoproprio\":\"Espa\\u00e7o pr\\u00f3prio\",\"p28_territorios\":\"Regi\\u00e3o da Cidade\",\"p30_outrasorganizacoes\":\"Sim\",\"p32_campanhadelongaduracao\":\"Sim\",\"p34_estadual\":\"Estadual\",\"p34_internacional\":\"Internacional\",\"p34_nenhuma\":\"Nenhuma\",\"p36_conselhosdeparticipacaoecontrolesocial\":\"N\\u00e3o\",\"p38_sim\":\"Sim\",\"p38_nenhum\":\"Nenhum\",\"p40_editais\":\"N\\u00e3o\",\"p41_publicoestatal\":\"P\\u00fablico-Estatal\",\"p41_privadopj\":\"Privado (P. Jur\\u00eddica)\",\"p41_autofinanciamento\":\"Autofinanciamento\",\"p41_financiamentocoletivo0\":\"Financiamento coletivo\",\"p42_meiodedivulgacaoproprio\":\"Sim\",\"p43_email\":\"E-mail\",\"p43_facebook\":\"Facebook\",\"p43_instagram\":\"Instagram\",\"p43_twitter\":\"Twitter\",\"p43_youtube\":\"YouTube\",\"p44_radio\":\"TV\",\"p44_jornaisimpressosdegrandecirculacao\":\"Jornais impressos de grande circula\\u00e7\\u00e3o\",\"p44_jornaisimpressosdebairro\":\"Jornais impressos de bairro\",\"p44_redessociais\":\"Redes sociais (Facebook, YouTube, Instagram etc.)\",\"p44_sitesblogs\":\"Sites ou Blogs\",\"p39_publico\":\"JOVEM PERIF\\u00c9RICO BEL\\u00c9M\",\"p45_bandeira\":\"ANTIRRACISMO EDUCA\\u00c7\\u00c3O\",\"p46_hashtags\":\"#LUTANTIPRECONCEITO #TEMQUESERSAGAZ\"},{\"p1_eixo\":\"Trabalho\",\"p9_tipoorganizacao\":\"Instituto\",\"p12_uf\":\"AP\",\"p13_cidade\":\"MACAP\\u00c1\",\"p16_internacional\":\"Internacional\",\"p17_ano\":\"2000\",\"p16_estado\":\"Estado\",\"p18_agrario\":\"Agr\\u00e1rio\\\/ruralidades\",\"p18_comunicacao\":\"Comunica\\u00e7\\u00e3o\",\"p18_difusaoartistica\":\"Difus\\u00e3o Art\\u00edstica\",\"p18_desenvolvimentoterritorial\":\"Desenvolvimento territorial\",\"p18_direitoshumanos\":\"Direitos humanos\",\"p18_educacao\":\"Educa\\u00e7\\u00e3o\",\"p18_feminismos\":\"Feminismos\",\"p18_lgbtqi\":\"LGBTQI\",\"p18_lutaantirracismo\":\"Luta antirracismo\",\"p18_mobilidade\":\"Mobilidade\",\"p18_moradia\":\"Moradia\",\"p18_povosecomunidadestradicionais\":\"Povos e comunidades tradicionais\",\"p18_trabalho\":\"Trabalho\",\"p18_religiao\":\"Religi\\u00e3o\",\"p18_saude\":\"Sa\\u00fade\",\"p18_violencia\":\"Viol\\u00eancia\",\"p18_politicasculturais\":\"Pol\\u00edticas Culturais\",\"p19_educacao\":\"Educa\\u00e7\\u00e3o\",\"p19_lutaantirracismo\":\"Luta antirracismo\",\"p19_povosecomunidadestradicionais\":\"Povos e comunidades tradicionais\",\"p19_saude\":\"Sa\\u00fade\",\"p19_violencia\":\"Viol\\u00eancia\",\"p20_reunioes\":\"Reuni\\u00f5es\",\"p20_oficinas\":\"Oficinas\",\"p20_formacao\":\"Forma\\u00e7\\u00e3o\",\"p21_repressaopolicial\":\"Repress\\u00e3o policial\",\"p21_intoleranciareligiosa\":\"Fundamentalismo\\\/intoler\\u00e2ncia religiosa\",\"p21_xenofobia\":\"Xenofobia\",\"p21_machismo\":\"Machismo\",\"p21_racismo\":\"Racismo\",\"p21_lgbtqifobia\":\"LGBTIfobia\",\"p21_enfrentamentocomgruposprivadosarmados\":\"Enfrentamento com grupos privados armados\",\"p22_numerodeparticipantes\":\"1  - 15\",\"p23_reunioes\":\"Reuni\\u00f5es\",\"p23_outros\":\"Outros\",\"p24_oficinas\":\"Oficinas\",\"p24_formacao\":\"Forma\\u00e7\\u00e3o\",\"p24_outros\":\"Outros\",\"p25_numerodepessoas\":\"1 - 20\",\"p26_numerodepessoas\":\"40 - 60\",\"p27_espacopublico\":\"Espa\\u00e7o p\\u00fablico\",\"p27_espacoemprestadocedido\":\"Espa\\u00e7o emprestado\\\/cedido\",\"p27_espacoproprio\":\"Espa\\u00e7o pr\\u00f3prio\",\"p28_territorios\":\"Estado\",\"p30_outrasorganizacoes\":\"Sim\",\"p32_campanhadelongaduracao\":\"Sim\",\"p34_estadual\":\"Estadual\",\"p34_internacional\":\"Internacional\",\"p34_nenhuma\":\"Nenhuma\",\"p36_conselhosdeparticipacaoecontrolesocial\":\"Sim\",\"p38_sim\":\"Sim\",\"p40_editais\":\"Sim\",\"p41_publicoestatal\":\"P\\u00fablico-Estatal\",\"p41_privadopj\":\"Privado (P. Jur\\u00eddica)\",\"p41_autofinanciamento\":\"Autofinanciamento\",\"p42_meiodedivulgacaoproprio\":\"Sim\",\"p43_email\":\"E-mail\",\"p43_facebook\":\"Facebook\",\"p43_whatsapp\":\"WhatsApp\",\"p43_twitter\":\"Twitter\",\"p43_sitesblogs\":\"Blogs\\\/sites\",\"p44_radio\":\"TV\",\"p44_jornaisimpressosdegrandecirculacao\":\"Jornais impressos de grande circula\\u00e7\\u00e3o\",\"p44_jornaisimpressosdebairro\":\"Jornais impressos de bairro\",\"p44_redessociais\":\"Redes sociais (Facebook, YouTube, Instagram etc.)\",\"p39_publico\":\"JOVENS MULHERES NEGRAS\",\"p45_bandeira\":\"CONTRA-RACISMO CONTRA-XENOFOBIA CONTRA-SEXISMO CONTRA-MACHISMO\",\"p46_hashtags\":\"#DIREITOSHUMANOS #JUSTICASOCIALNEGRA #NAOAORACISMO\"},{\"p1_eixo\":\"Cultura\",\"p9_tipoorganizacao\":\"Coletivo\",\"p12_uf\":\"MT\",\"p13_cidade\":\"CUIAB\\u00c1\",\"p16_cidade\":\"Cidade\",\"p17_ano\":\"1990\",\"p16_estado\":\"Estado\",\"p18_agrario\":\"Agr\\u00e1rio\\\/ruralidades\",\"p18_comunicacao\":\"Comunica\\u00e7\\u00e3o\",\"p18_difusaoartistica\":\"Difus\\u00e3o Art\\u00edstica\",\"p18_desenvolvimentoterritorial\":\"Desenvolvimento territorial\",\"p18_direitoshumanos\":\"Direitos humanos\",\"p18_educacao\":\"Educa\\u00e7\\u00e3o\",\"p18_feminismos\":\"Feminismos\",\"p18_lgbtqi\":\"LGBTQI\",\"p18_lutaantirracismo\":\"Luta antirracismo\",\"p18_mobilidade\":\"Mobilidade\",\"p18_moradia\":\"Moradia\",\"p18_povosecomunidadestradicionais\":\"Povos e comunidades tradicionais\",\"p18_trabalho\":\"Trabalho\",\"p18_religiao\":\"Religi\\u00e3o\",\"p18_saude\":\"Sa\\u00fade\",\"p18_violencia\":\"Viol\\u00eancia\",\"p18_politicasculturais\":\"Pol\\u00edticas Culturais\",\"p19_educacao\":\"Educa\\u00e7\\u00e3o\",\"p19_lutaantirracismo\":\"Luta antirracismo\",\"p19_povosecomunidadestradicionais\":\"Povos e comunidades tradicionais\",\"p19_politicasculturais\":\"Pol\\u00edticas Culturais\",\"p20_oficinas\":\"Oficinas\",\"p20_cursos\":\"Cursos\",\"p21_repressaopolicial\":\"Repress\\u00e3o policial\",\"p21_intoleranciareligiosa\":\"Fundamentalismo\\\/intoler\\u00e2ncia religiosa\",\"p21_xenofobia\":\"Xenofobia\",\"p21_machismo\":\"Machismo\",\"p21_racismo\":\"Racismo\",\"p21_lgbtqifobia\":\"LGBTIfobia\",\"p21_enfrentamentocomgruposprivadosarmados\":\"Enfrentamento com grupos privados armados\",\"p22_numerodeparticipantes\":\"15 - 30\",\"p23_reunioes\":\"Reuni\\u00f5es\",\"p23_cursos\":\"Cursos\",\"p24_oficinas\":\"Oficinas\",\"p24_outros\":\"Outros\",\"p25_numerodepessoas\":\"20 - 40\",\"p26_numerodepessoas\":\"80 - 100\",\"p27_espacopublico\":\"Espa\\u00e7o p\\u00fablico\",\"p27_espacoemprestadocedido\":\"Espa\\u00e7o emprestado\\\/cedido\",\"p27_espacoproprio\":\"Espa\\u00e7o pr\\u00f3prio\",\"p28_territorios\":\"Estado\",\"p30_outrasorganizacoes\":\"Sim\",\"p32_campanhadelongaduracao\":\"Sim\",\"p34_nenhuma\":\"Nenhuma\",\"p36_conselhosdeparticipacaoecontrolesocial\":\"Sim\",\"p38_sim\":\"Sim\",\"p40_editais\":\"N\\u00e3o\",\"p41_publicoestatal\":\"P\\u00fablico-Estatal\",\"p41_autofinanciamento\":\"Autofinanciamento\",\"p42_meiodedivulgacaoproprio\":\"Sim\",\"p43_email\":\"E-mail\",\"p43_facebook\":\"Facebook\",\"p43_whatsapp\":\"WhatsApp\",\"p43_instagram\":\"Instagram\",\"p43_sitesblogs\":\"Blogs\\\/sites\",\"p44_radio\":\"TV\",\"p44_jornaisimpressosdegrandecirculacao\":\"Jornais impressos de grande circula\\u00e7\\u00e3o\",\"p44_jornaisimpressosdebairro\":\"Jornais impressos de bairro\",\"p44_redessociais\":\"Redes sociais (Facebook, YouTube, Instagram etc.)\",\"p39_publico\":\"RELIGIOSOS AFRICANOS JUVENTUDE EDUCADORES\",\"p45_bandeira\":\"COMBATE RACISMO COMBATE  RELIGIOSA PROMO\\u00c7\\u00c3O LEI 10639\",\"p46_hashtags\":\"#LUTA #RESISTENCIA #ESPERANCA\"},{\"p1_eixo\":\"Trabalho\",\"p9_tipoorganizacao\":\"ONG\",\"p12_uf\":\"PI\",\"p13_cidade\":\"TERESINA\",\"p16_cidade\":\"Cidade\",\"p17_ano\":\"2004\",\"p16_estado\":\"Estado\",\"p18_agrario\":\"Agr\\u00e1rio\\\/ruralidades\",\"p18_comunicacao\":\"Comunica\\u00e7\\u00e3o\",\"p18_difusaoartistica\":\"Difus\\u00e3o Art\\u00edstica\",\"p18_desenvolvimentoterritorial\":\"Desenvolvimento territorial\",\"p18_direitoshumanos\":\"Direitos humanos\",\"p18_educacao\":\"Educa\\u00e7\\u00e3o\",\"p18_feminismos\":\"Feminismos\",\"p18_lgbtqi\":\"LGBTQI\",\"p18_lutaantirracismo\":\"Luta antirracismo\",\"p18_mobilidade\":\"Mobilidade\",\"p18_moradia\":\"Moradia\",\"p18_povosecomunidadestradicionais\":\"Povos e comunidades tradicionais\",\"p18_trabalho\":\"Trabalho\",\"p18_violencia\":\"Viol\\u00eancia\",\"p18_politicasculturais\":\"Pol\\u00edticas Culturais\",\"p19_direitoshumanos\":\"Direitos humanos\",\"p19_educacao\":\"Educa\\u00e7\\u00e3o\",\"p19_lutaantirracismo\":\"Luta antirracismo\",\"p19_difusaoartistica\":\"Difus\\u00e3o Art\\u00edstica\",\"p19_politicasculturais\":\"Pol\\u00edticas Culturais\",\"p20_oficinas\":\"Oficinas\",\"p20_oficinasaulasartisticas\":\"Ensaios\\\/Oficinas\\\/Aulas art\\u00edsticas\",\"p20_cursos\":\"Cursos\",\"p20_formacao\":\"Forma\\u00e7\\u00e3o\",\"p21_repressaopolicial\":\"Repress\\u00e3o policial\",\"p21_intoleranciareligiosa\":\"Fundamentalismo\\\/intoler\\u00e2ncia religiosa\",\"p21_xenofobia\":\"Xenofobia\",\"p21_machismo\":\"Machismo\",\"p21_racismo\":\"Racismo\",\"p21_lgbtqifobia\":\"LGBTIfobia\",\"p21_enfrentamentocomgruposprivadosarmados\":\"Enfrentamento com grupos privados armados\",\"p22_numerodeparticipantes\":\"30 - 45\",\"p23_atendimento\":\"Atendimento\",\"p23_oficinas\":\"Oficinas\",\"p23_oficinasaulasartisticas\":\"Ensaio\\\/Oficinas\\\/Aulas Art\\u00edsticas\",\"p23_cursos\":\"Cursos\",\"p23_formacao\":\"Forma\\u00e7\\u00e3o\",\"p24_outros\":\"Outros\",\"p25_numerodepessoas\":\"Mais de 500\",\"p26_numerodepessoas\":\"40 - 60\",\"p27_espacopublico\":\"Espa\\u00e7o p\\u00fablico\",\"p27_espacoemprestadocedido\":\"Espa\\u00e7o emprestado\\\/cedido\",\"p27_espacoproprio\":\"Espa\\u00e7o pr\\u00f3prio\",\"p28_territorios\":\"Estado\",\"p30_outrasorganizacoes\":\"Sim\",\"p32_campanhadelongaduracao\":\"Sim\",\"p34_nacional\":\"Nacional\",\"p34_nenhuma\":\"Nenhuma\",\"p36_conselhosdeparticipacaoecontrolesocial\":\"Sim\",\"p38_sim\":\"Sim\",\"p40_editais\":\"Sim\",\"p41_publicoestatal\":\"P\\u00fablico-Estatal\",\"p41_autofinanciamento\":\"Autofinanciamento\",\"p41_financiamentocoletivo0\":\"Financiamento coletivo\",\"p42_meiodedivulgacaoproprio\":\"Sim\",\"p43_email\":\"E-mail\",\"p43_facebook\":\"Facebook\",\"p43_whatsapp\":\"WhatsApp\",\"p43_instagram\":\"Instagram\",\"p43_sitesblogs\":\"Blogs\\\/sites\",\"p44_radio\":\"TV\",\"p44_jornaisimpressosdebairro\":\"Jornais impressos de bairro\",\"p44_redessociais\":\"Redes sociais (Facebook, YouTube, Instagram etc.)\",\"p44_sitesblogs\":\"Sites ou Blogs\",\"p39_publico\":\"JOVENS\",\"p45_bandeira\":\"BANDEIRA LGBT FEMINISTA ANTIRACISTA\",\"p46_hashtags\":\"#IGUALDADEDEDIREITOS #INCLUSAODOJOVEM #DIREITOSPRESERVADOS\"},{\"p1_eixo\":\"Viol\\u00eancia\",\"p9_tipoorganizacao\":\"ONG\",\"p12_uf\":\"SP\",\"p13_cidade\":\"S\\u00c3O PAULO\",\"p16_cidade\":\"Cidade\",\"p17_ano\":\"2012\",\"p16_estado\":\"Estado\",\"p18_comunicacao\":\"Comunica\\u00e7\\u00e3o\",\"p18_difusaoartistica\":\"Difus\\u00e3o Art\\u00edstica\",\"p18_desenvolvimentoterritorial\":\"Desenvolvimento territorial\",\"p18_direitoshumanos\":\"Direitos humanos\",\"p18_educacao\":\"Educa\\u00e7\\u00e3o\",\"p18_feminismos\":\"Feminismos\",\"p18_lgbtqi\":\"LGBTQI\",\"p18_lutaantirracismo\":\"Luta antirracismo\",\"p18_mobilidade\":\"Mobilidade\",\"p18_moradia\":\"Moradia\",\"p18_povosecomunidadestradicionais\":\"Povos e comunidades tradicionais\",\"p18_trabalho\":\"Trabalho\",\"p18_violencia\":\"Viol\\u00eancia\",\"p18_politicasculturais\":\"Pol\\u00edticas Culturais\",\"p19_comunicacao\":\"Comunica\\u00e7\\u00e3o\",\"p19_direitoshumanos\":\"Direitos humanos\",\"p19_educacao\":\"Educa\\u00e7\\u00e3o\",\"p19_difusaoartistica\":\"Difus\\u00e3o Art\\u00edstica\",\"p19_politicasculturais\":\"Pol\\u00edticas Culturais\",\"p20_oficinas\":\"Oficinas\",\"p20_oficinasaulasartisticas\":\"Ensaios\\\/Oficinas\\\/Aulas art\\u00edsticas\",\"p20_formacao\":\"Forma\\u00e7\\u00e3o\",\"p20_apresentacoesartisticas\":\"Apresenta\\u00e7\\u00f5es art\\u00edsticas\",\"p21_repressaopolicial\":\"Repress\\u00e3o policial\",\"p21_intoleranciareligiosa\":\"Fundamentalismo\\\/intoler\\u00e2ncia religiosa\",\"p21_xenofobia\":\"Xenofobia\",\"p21_machismo\":\"Machismo\",\"p21_racismo\":\"Racismo\",\"p21_lgbtqifobia\":\"LGBTIfobia\",\"p21_enfrentamentocomgruposprivadosarmados\":\"Enfrentamento com grupos privados armados\",\"p22_numerodeparticipantes\":\"1  - 15\",\"p23_atendimento\":\"Atendimento\",\"p23_oficinas\":\"Oficinas\",\"p23_oficinasaulasartisticas\":\"Ensaio\\\/Oficinas\\\/Aulas Art\\u00edsticas\",\"p23_formacao\":\"Forma\\u00e7\\u00e3o\",\"p23_outros\":\"Outros\",\"p24_formacao\":\"Forma\\u00e7\\u00e3o\",\"p24_apresentacoesartisticas\":\"Apresenta\\u00e7\\u00f5es art\\u00edsticas\",\"p24_outros\":\"Outros\",\"p25_numerodepessoas\":\"100 - 200\",\"p26_numerodepessoas\":\"Mais de 500\",\"p27_espacoemprestadocedido\":\"Espa\\u00e7o emprestado\\\/cedido\",\"p27_espacoproprio\":\"Espa\\u00e7o pr\\u00f3prio\",\"p28_territorios\":\"Regi\\u00e3o da Cidade\",\"p30_outrasorganizacoes\":\"Sim\",\"p32_campanhadelongaduracao\":\"Sim\",\"p34_nacional\":\"Nacional\",\"p34_nenhuma\":\"Nenhuma\",\"p36_conselhosdeparticipacaoecontrolesocial\":\"Sim\",\"p38_sim\":\"Sim\",\"p40_editais\":\"Sim\",\"p41_autofinanciamento\":\"Autofinanciamento\",\"p41_financiamentocoletivo0\":\"Financiamento coletivo\",\"p42_meiodedivulgacaoproprio\":\"Sim\",\"p43_email\":\"E-mail\",\"p43_facebook\":\"Facebook\",\"p43_instagram\":\"Instagram\",\"p43_sitesblogs\":\"Blogs\\\/sites\",\"p43_youtube\":\"YouTube\",\"p44_radio\":\"TV\",\"p44_jornaisimpressosdebairro\":\"Jornais impressos de bairro\",\"p44_redessociais\":\"Redes sociais (Facebook, YouTube, Instagram etc.)\",\"p44_sitesblogs\":\"Sites ou Blogs\",\"p39_publico\":\"JUVENTUDE\",\"p45_bandeira\":\"MOVIMENTO SOCIAL JUVENTUDE LUTA COMBATE RACISMO FEMINISMO LGBT\",\"p46_hashtags\":\"#CULTURA #PERIFERIA #JUVENTUDE\"},{\"p1_eixo\":\"Cultura\",\"p9_tipoorganizacao\":\"Coletivo\",\"p12_uf\":\"RO\",\"p13_cidade\":\"PORTO VELHO\",\"p16_cidade\":\"Cidade\",\"p17_ano\":\"2009\",\"p18_comunicacao\":\"Comunica\\u00e7\\u00e3o\",\"p18_difusaoartistica\":\"Difus\\u00e3o Art\\u00edstica\",\"p18_desenvolvimentoterritorial\":\"Desenvolvimento territorial\",\"p18_direitoshumanos\":\"Direitos humanos\",\"p18_educacao\":\"Educa\\u00e7\\u00e3o\",\"p18_feminismos\":\"Feminismos\",\"p18_lgbtqi\":\"LGBTQI\",\"p18_lutaantirracismo\":\"Luta antirracismo\",\"p18_mobilidade\":\"Mobilidade\",\"p18_moradia\":\"Moradia\",\"p18_povosecomunidadestradicionais\":\"Povos e comunidades tradicionais\",\"p18_trabalho\":\"Trabalho\",\"p18_violencia\":\"Viol\\u00eancia\",\"p18_politicasculturais\":\"Pol\\u00edticas Culturais\",\"p19_comunicacao\":\"Comunica\\u00e7\\u00e3o\",\"p19_educacao\":\"Educa\\u00e7\\u00e3o\",\"p19_trabalho\":\"Trabalho\",\"p19_violencia\":\"Viol\\u00eancia\",\"p19_politicasculturais\":\"Pol\\u00edticas Culturais\",\"p20_formacao\":\"Forma\\u00e7\\u00e3o\",\"p20_apresentacoesartisticas\":\"Apresenta\\u00e7\\u00f5es art\\u00edsticas\",\"p21_repressaopolicial\":\"Repress\\u00e3o policial\",\"p21_intoleranciareligiosa\":\"Fundamentalismo\\\/intoler\\u00e2ncia religiosa\",\"p21_xenofobia\":\"Xenofobia\",\"p21_machismo\":\"Machismo\",\"p21_racismo\":\"Racismo\",\"p21_lgbtqifobia\":\"LGBTIfobia\",\"p22_numerodeparticipantes\":\"1  - 15\",\"p23_reunioes\":\"Reuni\\u00f5es\",\"p23_apresentacoesartisticas\":\"Apresenta\\u00e7\\u00f5es Art\\u00edsticas\",\"p23_outros\":\"Outros\",\"p24_formacao\":\"Forma\\u00e7\\u00e3o\",\"p24_apresentacoesartisticas\":\"Apresenta\\u00e7\\u00f5es art\\u00edsticas\",\"p24_outros\":\"Outros\",\"p25_numerodepessoas\":\"1 - 20\",\"p26_numerodepessoas\":\"200 - 300\",\"p27_espacopublico\":\"Espa\\u00e7o p\\u00fablico\",\"p27_espacoproprio\":\"Espa\\u00e7o pr\\u00f3prio\",\"p28_territorios\":\"Cidade\",\"p30_outrasorganizacoes\":\"N\\u00e3o\",\"p32_campanhadelongaduracao\":\"N\\u00e3o\",\"p34_municipal\":\"Municipal\",\"p34_nenhuma\":\"Nenhuma\",\"p36_conselhosdeparticipacaoecontrolesocial\":\"N\\u00e3o\",\"p38_sim\":\"Sim\",\"p40_editais\":\"Sim\",\"p41_publicoestatal\":\"P\\u00fablico-Estatal\",\"p41_autofinanciamento\":\"Autofinanciamento\",\"p41_financiamentocoletivo0\":\"Financiamento coletivo\",\"p42_meiodedivulgacaoproprio\":\"Sim\",\"p43_impressoes\":\"Impressos\",\"p43_email\":\"E-mail\",\"p43_facebook\":\"Facebook\",\"p43_instagram\":\"Instagram\",\"p43_sitesblogs\":\"Blogs\\\/sites\",\"p43_youtube\":\"YouTube\",\"p44_radio\":\"TV\",\"p44_jornaisimpressosdebairro\":\"Jornais impressos de bairro\",\"p44_redessociais\":\"Redes sociais (Facebook, YouTube, Instagram etc.)\",\"p44_sitesblogs\":\"Sites ou Blogs\",\"p39_publico\":\"JOVEM TODOS\",\"p45_bandeira\":\"BANDEIRA CULTURAL CULTURA TRADICIONAL PORTO VELHO\",\"p46_hashtags\":\"#CULTURA #MEIOAMBIENTE #EDUCACAO\"},{\"p1_eixo\":\"Viol\\u00eancia\",\"p9_tipoorganizacao\":\"Coletivo\",\"p12_uf\":\"SP\",\"p13_cidade\":\"S\\u00c3O PAULO\",\"p16_cidade\":\"Cidade\",\"p17_ano\":\"2012\",\"p16_estado\":\"Estado\",\"p18_agrario\":\"Agr\\u00e1rio\\\/ruralidades\",\"p18_comunicacao\":\"Comunica\\u00e7\\u00e3o\",\"p18_difusaoartistica\":\"Difus\\u00e3o Art\\u00edstica\",\"p18_desenvolvimentoterritorial\":\"Desenvolvimento territorial\",\"p18_direitoshumanos\":\"Direitos humanos\",\"p18_educacao\":\"Educa\\u00e7\\u00e3o\",\"p18_feminismos\":\"Feminismos\",\"p18_lgbtqi\":\"LGBTQI\",\"p18_lutaantirracismo\":\"Luta antirracismo\",\"p18_mobilidade\":\"Mobilidade\",\"p18_moradia\":\"Moradia\",\"p18_povosecomunidadestradicionais\":\"Povos e comunidades tradicionais\",\"p18_trabalho\":\"Trabalho\",\"p18_religiao\":\"Religi\\u00e3o\",\"p18_violencia\":\"Viol\\u00eancia\",\"p18_politicasculturais\":\"Pol\\u00edticas Culturais\",\"p19_lutaantirracismo\":\"Luta antirracismo\",\"p19_moradia\":\"Moradia\",\"p19_trabalho\":\"Trabalho\",\"p19_violencia\":\"Viol\\u00eancia\",\"p19_politicasculturais\":\"Pol\\u00edticas Culturais\",\"p21_repressaopolicial\":\"Repress\\u00e3o policial\",\"p21_intoleranciareligiosa\":\"Fundamentalismo\\\/intoler\\u00e2ncia religiosa\",\"p21_xenofobia\":\"Xenofobia\",\"p21_machismo\":\"Machismo\",\"p21_racismo\":\"Racismo\",\"p21_lgbtqifobia\":\"LGBTIfobia\",\"p21_enfrentamentocomgruposprivadosarmados\":\"Enfrentamento com grupos privados armados\",\"p22_numerodeparticipantes\":\"1  - 15\",\"p23_reunioes\":\"Reuni\\u00f5es\",\"p23_formacao\":\"Forma\\u00e7\\u00e3o\",\"p23_apresentacoesartisticas\":\"Apresenta\\u00e7\\u00f5es Art\\u00edsticas\",\"p24_formacao\":\"Forma\\u00e7\\u00e3o\",\"p24_outros\":\"Outros\",\"p25_numerodepessoas\":\"200 - 300\",\"p26_numerodepessoas\":\"200 - 300\",\"p27_espacopublico\":\"Espa\\u00e7o p\\u00fablico\",\"p27_espacoproprio\":\"Espa\\u00e7o pr\\u00f3prio\",\"p28_territorios\":\"Regi\\u00e3o da Cidade\",\"p30_outrasorganizacoes\":\"Sim\",\"p32_campanhadelongaduracao\":\"Sim\",\"p34_municipal\":\"Municipal\",\"p34_nenhuma\":\"Nenhuma\",\"p36_conselhosdeparticipacaoecontrolesocial\":\"Sim\",\"p38_sim\":\"Sim\",\"p38_nenhum\":\"Nenhum\",\"p40_editais\":\"Sim\",\"p41_publicoestatal\":\"P\\u00fablico-Estatal\",\"p41_autofinanciamento\":\"Autofinanciamento\",\"p41_financiamentocoletivo0\":\"Financiamento coletivo\",\"p42_meiodedivulgacaoproprio\":\"Sim\",\"p43_impressoes\":\"Impressos\",\"p43_email\":\"E-mail\",\"p43_facebook\":\"Facebook\",\"p43_instagram\":\"Instagram\",\"p43_sitesblogs\":\"Blogs\\\/sites\",\"p43_youtube\":\"YouTube\",\"p44_radio\":\"TV\",\"p44_jornaisimpressosdebairro\":\"Jornais impressos de bairro\",\"p44_redessociais\":\"Redes sociais (Facebook, YouTube, Instagram etc.)\",\"p44_sitesblogs\":\"Sites ou Blogs\",\"p39_publico\":\"PERIF\\u00c9RICO CIDADE INTEIRA\",\"p45_bandeira\":\"ECONOMIA SOLID\\u00c1RIA PERIF\\u00c9RICA\",\"p46_hashtags\":\"#ECONOMIASOLIDARIA #CULTURAPERIFERICA #JUVENTUDE\"},{\"p1_eixo\":\"Viol\\u00eancia\",\"p9_tipoorganizacao\":\"ONG\",\"p12_uf\":\"BA\",\"p13_cidade\":\"SALVADOR\",\"p16_cidade\":\"Cidade\",\"p17_ano\":\"2012\",\"p16_estado\":\"Estado\",\"p18_agrario\":\"Agr\\u00e1rio\\\/ruralidades\",\"p18_comunicacao\":\"Comunica\\u00e7\\u00e3o\",\"p18_difusaoartistica\":\"Difus\\u00e3o Art\\u00edstica\",\"p18_desenvolvimentoterritorial\":\"Desenvolvimento territorial\",\"p18_direitoshumanos\":\"Direitos humanos\",\"p18_educacao\":\"Educa\\u00e7\\u00e3o\",\"p18_feminismos\":\"Feminismos\",\"p18_lgbtqi\":\"LGBTQI\",\"p18_lutaantirracismo\":\"Luta antirracismo\",\"p18_mobilidade\":\"Mobilidade\",\"p18_moradia\":\"Moradia\",\"p18_povosecomunidadestradicionais\":\"Povos e comunidades tradicionais\",\"p18_trabalho\":\"Trabalho\",\"p18_religiao\":\"Religi\\u00e3o\",\"p18_saude\":\"Sa\\u00fade\",\"p18_violencia\":\"Viol\\u00eancia\",\"p18_politicasculturais\":\"Pol\\u00edticas Culturais\",\"p19_educacao\":\"Educa\\u00e7\\u00e3o\",\"p19_lutaantirracismo\":\"Luta antirracismo\",\"p19_moradia\":\"Moradia\",\"p19_violencia\":\"Viol\\u00eancia\",\"p19_difusaoartistica\":\"Difus\\u00e3o Art\\u00edstica\",\"p19_politicasculturais\":\"Pol\\u00edticas Culturais\",\"p20_oficinas\":\"Oficinas\",\"p20_apresentacoesartisticas\":\"Apresenta\\u00e7\\u00f5es art\\u00edsticas\",\"p21_repressaopolicial\":\"Repress\\u00e3o policial\",\"p21_xenofobia\":\"Xenofobia\",\"p21_machismo\":\"Machismo\",\"p21_racismo\":\"Racismo\",\"p21_enfrentamentocomgruposprivadosarmados\":\"Enfrentamento com grupos privados armados\",\"p22_numerodeparticipantes\":\"1  - 15\",\"p23_oficinasaulasartisticas\":\"Ensaio\\\/Oficinas\\\/Aulas Art\\u00edsticas\",\"p23_formacao\":\"Forma\\u00e7\\u00e3o\",\"p24_formacao\":\"Forma\\u00e7\\u00e3o\",\"p24_apresentacoesartisticas\":\"Apresenta\\u00e7\\u00f5es art\\u00edsticas\",\"p24_outros\":\"Outros\",\"p25_numerodepessoas\":\"20 - 40\",\"p26_numerodepessoas\":\"100 - 200\",\"p27_espacopublico\":\"Espa\\u00e7o p\\u00fablico\",\"p27_espacoproprio\":\"Espa\\u00e7o pr\\u00f3prio\",\"p28_territorios\":\"Cidade\",\"p30_outrasorganizacoes\":\"N\\u00e3o\",\"p32_campanhadelongaduracao\":\"N\\u00e3o\",\"p34_nenhuma\":\"Nenhuma\",\"p36_conselhosdeparticipacaoecontrolesocial\":\"N\\u00e3o\",\"p38_nenhum\":\"Nenhum\",\"p40_editais\":\"N\\u00e3o\",\"p41_autofinanciamento\":\"Autofinanciamento\",\"p41_financiamentocoletivo0\":\"Financiamento coletivo\",\"p42_meiodedivulgacaoproprio\":\"Sim\",\"p43_facebook\":\"Facebook\",\"p43_whatsapp\":\"WhatsApp\",\"p44_radio\":\"R\\u00e1dio\",\"p44_redessociais\":\"Redes sociais (Facebook, YouTube, Instagram etc.)\",\"p39_publico\":\"PESCADORES QUILOMBOLAS TERREIROS\",\"p45_bandeira\":\"LUTA ANTIRRACISTA DIREITO MORADIA LUTA POR TRABALHOS CENTRO\",\"p46_hashtags\":\"#LUTAANTIRRACISMO  #DIREITOAMORADIA  #DIREITOSTRABALHISTAS\"},{\"p1_eixo\":\"Cultura\",\"p9_tipoorganizacao\":\"Associa\\u00e7\\u00e3o\",\"p12_uf\":\"AL\",\"p13_cidade\":\"MACEI\\u00d3\",\"p16_cidade\":\"Cidade\",\"p17_ano\":\"2017\",\"p18_comunicacao\":\"Comunica\\u00e7\\u00e3o\",\"p18_difusaoartistica\":\"Difus\\u00e3o Art\\u00edstica\",\"p18_desenvolvimentoterritorial\":\"Desenvolvimento territorial\",\"p18_direitoshumanos\":\"Direitos humanos\",\"p18_educacao\":\"Educa\\u00e7\\u00e3o\",\"p18_feminismos\":\"Feminismos\",\"p18_lgbtqi\":\"LGBTQI\",\"p18_lutaantirracismo\":\"Luta antirracismo\",\"p18_mobilidade\":\"Mobilidade\",\"p18_moradia\":\"Moradia\",\"p18_povosecomunidadestradicionais\":\"Povos e comunidades tradicionais\",\"p18_trabalho\":\"Trabalho\",\"p18_religiao\":\"Religi\\u00e3o\",\"p18_saude\":\"Sa\\u00fade\",\"p18_violencia\":\"Viol\\u00eancia\",\"p18_politicasculturais\":\"Pol\\u00edticas Culturais\",\"p19_educacao\":\"Educa\\u00e7\\u00e3o\",\"p19_povosecomunidadestradicionais\":\"Povos e comunidades tradicionais\",\"p19_difusaoartistica\":\"Difus\\u00e3o Art\\u00edstica\",\"p19_politicasculturais\":\"Pol\\u00edticas Culturais\",\"p20_oficinas\":\"Oficinas\",\"p20_oficinasaulasartisticas\":\"Ensaios\\\/Oficinas\\\/Aulas art\\u00edsticas\",\"p20_apresentacoesartisticas\":\"Apresenta\\u00e7\\u00f5es art\\u00edsticas\",\"p21_repressaopolicial\":\"Repress\\u00e3o policial\",\"p21_xenofobia\":\"Xenofobia\",\"p21_machismo\":\"Machismo\",\"p21_racismo\":\"Racismo\",\"p22_numerodeparticipantes\":\"1  - 15\",\"p23_oficinasaulasartisticas\":\"Ensaio\\\/Oficinas\\\/Aulas Art\\u00edsticas\",\"p23_apresentacoesartisticas\":\"Apresenta\\u00e7\\u00f5es Art\\u00edsticas\",\"p24_apresentacoesartisticas\":\"Apresenta\\u00e7\\u00f5es art\\u00edsticas\",\"p24_outros\":\"Outros\",\"p25_numerodepessoas\":\"20 - 40\",\"p26_numerodepessoas\":\"100 - 200\",\"p27_espacopublico\":\"Espa\\u00e7o p\\u00fablico\",\"p27_espacoemprestadocedido\":\"Espa\\u00e7o emprestado\\\/cedido\",\"p27_espacoproprio\":\"Espa\\u00e7o pr\\u00f3prio\",\"p28_territorios\":\"Pr\\u00f3prio bairro\",\"p30_outrasorganizacoes\":\"N\\u00e3o\",\"p32_campanhadelongaduracao\":\"N\\u00e3o\",\"p34_municipal\":\"Municipal\",\"p34_nacional\":\"Nacional\",\"p34_nenhuma\":\"Nenhuma\",\"p36_conselhosdeparticipacaoecontrolesocial\":\"N\\u00e3o\",\"p38_sim\":\"Sim\",\"p38_nenhum\":\"Nenhum\",\"p40_editais\":\"Sim\",\"p41_autofinanciamento\":\"Autofinanciamento\",\"p41_financiamentocoletivo0\":\"Financiamento coletivo\",\"p42_meiodedivulgacaoproprio\":\"Sim\",\"p43_impressoes\":\"Impressos\",\"p43_email\":\"E-mail\",\"p43_facebook\":\"Facebook\",\"p43_whatsapp\":\"WhatsApp\",\"p44_radio\":\"R\\u00e1dio\",\"p44_jornaisimpressosdebairro\":\"Jornais impressos de bairro\",\"p44_redessociais\":\"Redes sociais (Facebook, YouTube, Instagram etc.)\",\"p44_sitesblogs\":\"Sites ou Blogs\",\"p39_publico\":\"JOVENS ADOLESCENTES BAIRRO\",\"p45_bandeira\":\"DIREITO CRIAN\\u00c7AS ADOLESCENTES PROTE\\u00c7\\u00c3O JOVENS VULNERABILIDADE\",\"p46_hashtags\":\"#CULTURAPOPULAR #MUSICA #MARACATU\"},{\"p1_eixo\":\"Viol\\u00eancia\",\"p9_tipoorganizacao\":\"Coletivo\",\"p12_uf\":\"SP\",\"p13_cidade\":\"S\\u00c3O PAULO\",\"p16_cidade\":\"Cidade\",\"p16_internacional\":\"Internacional\",\"p17_ano\":\"2008\",\"p18_comunicacao\":\"Comunica\\u00e7\\u00e3o\",\"p18_difusaoartistica\":\"Difus\\u00e3o Art\\u00edstica\",\"p18_desenvolvimentoterritorial\":\"Desenvolvimento territorial\",\"p18_direitoshumanos\":\"Direitos humanos\",\"p18_educacao\":\"Educa\\u00e7\\u00e3o\",\"p18_feminismos\":\"Feminismos\",\"p18_lgbtqi\":\"LGBTQI\",\"p18_lutaantirracismo\":\"Luta antirracismo\",\"p18_mobilidade\":\"Mobilidade\",\"p18_moradia\":\"Moradia\",\"p18_povosecomunidadestradicionais\":\"Povos e comunidades tradicionais\",\"p18_trabalho\":\"Trabalho\",\"p18_religiao\":\"Religi\\u00e3o\",\"p18_saude\":\"Sa\\u00fade\",\"p18_violencia\":\"Viol\\u00eancia\",\"p18_politicasculturais\":\"Pol\\u00edticas Culturais\",\"p19_comunicacao\":\"Comunica\\u00e7\\u00e3o\",\"p19_direitoshumanos\":\"Direitos humanos\",\"p19_educacao\":\"Educa\\u00e7\\u00e3o\",\"p19_povosecomunidadestradicionais\":\"Povos e comunidades tradicionais\",\"p19_violencia\":\"Viol\\u00eancia\",\"p19_politicasculturais\":\"Pol\\u00edticas Culturais\",\"p20_oficinas\":\"Oficinas\",\"p20_oficinasaulasartisticas\":\"Ensaios\\\/Oficinas\\\/Aulas art\\u00edsticas\",\"p20_apresentacoesartisticas\":\"Apresenta\\u00e7\\u00f5es art\\u00edsticas\",\"p21_repressaopolicial\":\"Repress\\u00e3o policial\",\"p21_racismo\":\"Racismo\",\"p21_nenhum\":\"Nenhum\",\"p22_numerodeparticipantes\":\"30 - 45\",\"p23_apresentacoesartisticas\":\"Apresenta\\u00e7\\u00f5es Art\\u00edsticas\",\"p23_outros\":\"Outros\",\"p24_outros\":\"Outros\",\"p25_numerodepessoas\":\"100 - 200\",\"p26_numerodepessoas\":\"20 - 40\",\"p27_espacopublico\":\"Espa\\u00e7o p\\u00fablico\",\"p27_espacoemprestadocedido\":\"Espa\\u00e7o emprestado\\\/cedido\",\"p28_territorios\":\"Regi\\u00e3o da Cidade\",\"p30_outrasorganizacoes\":\"Sim\",\"p32_campanhadelongaduracao\":\"Sim\",\"p34_municipal\":\"Municipal\",\"p34_nacional\":\"Nacional\",\"p34_internacional\":\"Internacional\",\"p36_conselhosdeparticipacaoecontrolesocial\":\"N\\u00e3o\",\"p38_sim\":\"Sim\",\"p38_nenhum\":\"Nenhum\",\"p40_editais\":\"Sim\",\"p41_publicoestatal\":\"P\\u00fablico-Estatal\",\"p41_privadopj\":\"Privado (P. Jur\\u00eddica)\",\"p41_autofinanciamento\":\"Autofinanciamento\",\"p41_financiamentocoletivo0\":\"Financiamento coletivo\",\"p42_meiodedivulgacaoproprio\":\"Sim\",\"p43_impressoes\":\"Impressos\",\"p43_email\":\"E-mail\",\"p43_facebook\":\"Facebook\",\"p43_whatsapp\":\"WhatsApp\",\"p43_instagram\":\"Instagram\",\"p43_sitesblogs\":\"Blogs\\\/sites\",\"p44_radio\":\"TV\",\"p44_jornaisimpressosdegrandecirculacao\":\"Jornais impressos de grande circula\\u00e7\\u00e3o\",\"p44_jornaisimpressosdebairro\":\"Jornais impressos de bairro\",\"p44_redessociais\":\"Redes sociais (Facebook, YouTube, Instagram etc.)\",\"p44_sitesblogs\":\"Sites ou Blogs\",\"p39_publico\":\"QUEBRADA NEGROS MINORIAS\",\"p45_bandeira\":\"POVOS TRADICIONAIS AFRICANOS\",\"p46_hashtags\":\"#SAMBADOMONTE10ANOS #LULALIVRE #SAMBADOMONTE\"},{\"p1_eixo\":\"Viol\\u00eancia\",\"p9_tipoorganizacao\":\"ONG\",\"p12_uf\":\"SP\",\"p13_cidade\":\"S\\u00c3O PAULO\",\"p16_internacional\":\"Internacional\",\"p17_ano\":\"2001\",\"p16_estado\":\"Estado\",\"p18_comunicacao\":\"Comunica\\u00e7\\u00e3o\",\"p18_difusaoartistica\":\"Difus\\u00e3o Art\\u00edstica\",\"p18_desenvolvimentoterritorial\":\"Desenvolvimento territorial\",\"p18_direitoshumanos\":\"Direitos humanos\",\"p18_educacao\":\"Educa\\u00e7\\u00e3o\",\"p18_feminismos\":\"Feminismos\",\"p18_lgbtqi\":\"LGBTQI\",\"p18_lutaantirracismo\":\"Luta antirracismo\",\"p18_mobilidade\":\"Mobilidade\",\"p18_moradia\":\"Moradia\",\"p18_povosecomunidadestradicionais\":\"Povos e comunidades tradicionais\",\"p18_trabalho\":\"Trabalho\",\"p18_religiao\":\"Religi\\u00e3o\",\"p18_saude\":\"Sa\\u00fade\",\"p18_violencia\":\"Viol\\u00eancia\",\"p18_politicasculturais\":\"Pol\\u00edticas Culturais\",\"p19_comunicacao\":\"Comunica\\u00e7\\u00e3o\",\"p19_direitoshumanos\":\"Direitos humanos\",\"p19_lutaantirracismo\":\"Luta antirracismo\",\"p19_violencia\":\"Viol\\u00eancia\",\"p19_difusaoartistica\":\"Difus\\u00e3o Art\\u00edstica\",\"p19_politicasculturais\":\"Pol\\u00edticas Culturais\",\"p20_apresentacoesartisticas\":\"Apresenta\\u00e7\\u00f5es art\\u00edsticas\",\"p21_repressaopolicial\":\"Repress\\u00e3o policial\",\"p21_intoleranciareligiosa\":\"Fundamentalismo\\\/intoler\\u00e2ncia religiosa\",\"p21_xenofobia\":\"Xenofobia\",\"p21_machismo\":\"Machismo\",\"p21_racismo\":\"Racismo\",\"p21_lgbtqifobia\":\"LGBTIfobia\",\"p21_nenhum\":\"Nenhum\",\"p22_numerodeparticipantes\":\"15 - 30\",\"p23_apresentacoesartisticas\":\"Apresenta\\u00e7\\u00f5es Art\\u00edsticas\",\"p23_outros\":\"Outros\",\"p24_apresentacoesartisticas\":\"Apresenta\\u00e7\\u00f5es art\\u00edsticas\",\"p24_outros\":\"Outros\",\"p25_numerodepessoas\":\"100 - 200\",\"p26_numerodepessoas\":\"100 - 200\",\"p27_espacopublico\":\"Espa\\u00e7o p\\u00fablico\",\"p27_espacoemprestadocedido\":\"Espa\\u00e7o emprestado\\\/cedido\",\"p28_territorios\":\"Atua\\u00e7\\u00e3o Internacional\",\"p30_outrasorganizacoes\":\"Sim\",\"p32_campanhadelongaduracao\":\"N\\u00e3o\",\"p34_nacional\":\"Nacional\",\"p34_internacional\":\"Internacional\",\"p34_nenhuma\":\"Nenhuma\",\"p36_conselhosdeparticipacaoecontrolesocial\":\"N\\u00e3o\",\"p38_nenhum\":\"Nenhum\",\"p40_editais\":\"N\\u00e3o\",\"p41_publicoestatal\":\"P\\u00fablico-Estatal\",\"p41_privadopj\":\"Privado (P. Jur\\u00eddica)\",\"p41_autofinanciamento\":\"Autofinanciamento\",\"p41_financiamentocoletivo0\":\"Financiamento coletivo\",\"p42_meiodedivulgacaoproprio\":\"Sim\",\"p43_email\":\"E-mail\",\"p43_facebook\":\"Facebook\",\"p43_whatsapp\":\"WhatsApp\",\"p43_instagram\":\"Instagram\",\"p43_sitesblogs\":\"Blogs\\\/sites\",\"p43_youtube\":\"YouTube\",\"p44_radio\":\"TV\",\"p44_jornaisimpressosdegrandecirculacao\":\"Jornais impressos de grande circula\\u00e7\\u00e3o\",\"p44_jornaisimpressosdebairro\":\"Jornais impressos de bairro\",\"p44_redessociais\":\"Redes sociais (Facebook, YouTube, Instagram etc.)\",\"p44_sitesblogs\":\"Sites ou Blogs\",\"p39_publico\":\"DEFESA DIREITOS HUMANOS\",\"p45_bandeira\":\"PROTEGER AMPLIAR FOMENTAR OS DIREITOS HUMANOS\",\"p46_hashtags\":\"#PROTEGEROSDIREITOSHUMANOS #AMPLIAROSDIREITOSHUMANOS #FOMENTAROSDIREITOSHUMANOS\"},{\"p1_eixo\":\"Cultura\",\"p9_tipoorganizacao\":\"Coletivo\",\"p12_uf\":\"AP\",\"p13_cidade\":\"MACAP\\u00c1\",\"p16_internacional\":\"Internacional\",\"p17_ano\":\"2014\",\"p16_estado\":\"Estado\",\"p18_comunicacao\":\"Comunica\\u00e7\\u00e3o\",\"p18_difusaoartistica\":\"Difus\\u00e3o Art\\u00edstica\",\"p18_direitoshumanos\":\"Direitos humanos\",\"p18_educacao\":\"Educa\\u00e7\\u00e3o\",\"p18_feminismos\":\"Feminismos\",\"p18_lgbtqi\":\"LGBTQI\",\"p18_lutaantirracismo\":\"Luta antirracismo\",\"p18_mobilidade\":\"Mobilidade\",\"p18_moradia\":\"Moradia\",\"p18_trabalho\":\"Trabalho\",\"p18_religiao\":\"Religi\\u00e3o\",\"p18_saude\":\"Sa\\u00fade\",\"p18_violencia\":\"Viol\\u00eancia\",\"p18_politicasculturais\":\"Pol\\u00edticas Culturais\",\"p19_direitoshumanos\":\"Direitos humanos\",\"p19_lutaantirracismo\":\"Luta antirracismo\",\"p19_violencia\":\"Viol\\u00eancia\",\"p19_difusaoartistica\":\"Difus\\u00e3o Art\\u00edstica\",\"p19_politicasculturais\":\"Pol\\u00edticas Culturais\",\"p20_formacao\":\"Forma\\u00e7\\u00e3o\",\"p20_apresentacoesartisticas\":\"Apresenta\\u00e7\\u00f5es art\\u00edsticas\",\"p21_repressaopolicial\":\"Repress\\u00e3o policial\",\"p21_intoleranciareligiosa\":\"Fundamentalismo\\\/intoler\\u00e2ncia religiosa\",\"p21_xenofobia\":\"Xenofobia\",\"p21_machismo\":\"Machismo\",\"p21_racismo\":\"Racismo\",\"p21_lgbtqifobia\":\"LGBTIfobia\",\"p21_nenhum\":\"Nenhum\",\"p22_numerodeparticipantes\":\"1  - 15\",\"p23_formacao\":\"Forma\\u00e7\\u00e3o\",\"p23_apresentacoesartisticas\":\"Apresenta\\u00e7\\u00f5es Art\\u00edsticas\",\"p24_apresentacoesartisticas\":\"Apresenta\\u00e7\\u00f5es art\\u00edsticas\",\"p24_outros\":\"Outros\",\"p25_numerodepessoas\":\"100 - 200\",\"p26_numerodepessoas\":\"100 - 200\",\"p27_espacopublico\":\"Espa\\u00e7o p\\u00fablico\",\"p27_espacoemprestadocedido\":\"Espa\\u00e7o emprestado\\\/cedido\",\"p27_virtual\":\"Virtual\",\"p28_territorios\":\"Cidade\",\"p30_outrasorganizacoes\":\"Sim\",\"p32_campanhadelongaduracao\":\"N\\u00e3o\",\"p34_nenhuma\":\"Nenhuma\",\"p36_conselhosdeparticipacaoecontrolesocial\":\"Sim\",\"p38_sim\":\"Sim\",\"p38_nenhum\":\"Nenhum\",\"p40_editais\":\"N\\u00e3o\",\"p41_publicoestatal\":\"P\\u00fablico-Estatal\",\"p41_autofinanciamento\":\"Autofinanciamento\",\"p41_financiamentocoletivo0\":\"Financiamento coletivo\",\"p42_meiodedivulgacaoproprio\":\"Sim\",\"p43_email\":\"E-mail\",\"p43_facebook\":\"Facebook\",\"p43_instagram\":\"Instagram\",\"p43_sitesblogs\":\"Blogs\\\/sites\",\"p43_youtube\":\"YouTube\",\"p44_radio\":\"TV\",\"p44_jornaisimpressosdegrandecirculacao\":\"Jornais impressos de grande circula\\u00e7\\u00e3o\",\"p44_jornaisimpressosdebairro\":\"Jornais impressos de bairro\",\"p44_redessociais\":\"Redes sociais (Facebook, YouTube, Instagram etc.)\",\"p39_publico\":\"JUVENTUDE\",\"p45_bandeira\":\"COMBATE  EXPANS\\u00c3O ARTE RUA\",\"p46_hashtags\":\"#NAOAOPRECONCEITO #CULTURAPARATODOS #LUTAPELAIGGUALDADE\"},{\"p1_eixo\":\"Viol\\u00eancia\",\"p9_tipoorganizacao\":\"ONG\",\"p12_uf\":\"BA\",\"p13_cidade\":\"SALVADOR\",\"p16_internacional\":\"Internacional\",\"p17_ano\":\"2016\",\"p16_estado\":\"Estado\",\"p18_agrario\":\"Agr\\u00e1rio\\\/ruralidades\",\"p18_comunicacao\":\"Comunica\\u00e7\\u00e3o\",\"p18_difusaoartistica\":\"Difus\\u00e3o Art\\u00edstica\",\"p18_desenvolvimentoterritorial\":\"Desenvolvimento territorial\",\"p18_direitoshumanos\":\"Direitos humanos\",\"p18_educacao\":\"Educa\\u00e7\\u00e3o\",\"p18_feminismos\":\"Feminismos\",\"p18_lgbtqi\":\"LGBTQI\",\"p18_lutaantirracismo\":\"Luta antirracismo\",\"p18_mobilidade\":\"Mobilidade\",\"p18_moradia\":\"Moradia\",\"p18_povosecomunidadestradicionais\":\"Povos e comunidades tradicionais\",\"p18_trabalho\":\"Trabalho\",\"p18_religiao\":\"Religi\\u00e3o\",\"p18_saude\":\"Sa\\u00fade\",\"p18_violencia\":\"Viol\\u00eancia\",\"p18_politicasculturais\":\"Pol\\u00edticas Culturais\",\"p19_direitoshumanos\":\"Direitos humanos\",\"p19_educacao\":\"Educa\\u00e7\\u00e3o\",\"p19_feminismos\":\"Feminismos\",\"p19_lutaantirracismo\":\"Luta antirracismo\",\"p19_violencia\":\"Viol\\u00eancia\",\"p20_oficinas\":\"Oficinas\",\"p20_oficinasaulasartisticas\":\"Ensaios\\\/Oficinas\\\/Aulas art\\u00edsticas\",\"p20_formacao\":\"Forma\\u00e7\\u00e3o\",\"p20_apresentacoesartisticas\":\"Apresenta\\u00e7\\u00f5es art\\u00edsticas\",\"p21_repressaopolicial\":\"Repress\\u00e3o policial\",\"p21_racismo\":\"Racismo\",\"p21_nenhum\":\"Nenhum\",\"p22_numerodeparticipantes\":\"1  - 15\",\"p23_oficinas\":\"Oficinas\",\"p23_oficinasaulasartisticas\":\"Ensaio\\\/Oficinas\\\/Aulas Art\\u00edsticas\",\"p23_formacao\":\"Forma\\u00e7\\u00e3o\",\"p23_apresentacoesartisticas\":\"Apresenta\\u00e7\\u00f5es Art\\u00edsticas\",\"p24_oficinas\":\"Oficinas\",\"p24_apresentacoesartisticas\":\"Apresenta\\u00e7\\u00f5es art\\u00edsticas\",\"p24_outros\":\"Outros\",\"p25_numerodepessoas\":\"1 - 20\",\"p26_numerodepessoas\":\"1 - 20\",\"p27_espacopublico\":\"Espa\\u00e7o p\\u00fablico\",\"p27_espacoemprestadocedido\":\"Espa\\u00e7o emprestado\\\/cedido\",\"p27_virtual\":\"Virtual\",\"p27_ocupacao\":\"Ocupa\\u00e7\\u00e3o\",\"p28_territorios\":\"Cidade\",\"p30_outrasorganizacoes\":\"N\\u00e3o\",\"p32_campanhadelongaduracao\":\"Sim\",\"p34_nenhuma\":\"Nenhuma\",\"p36_conselhosdeparticipacaoecontrolesocial\":\"Sim\",\"p38_sim\":\"Sim\",\"p40_editais\":\"N\\u00e3o\",\"p41_publicoestatal\":\"P\\u00fablico-Estatal\",\"p41_autofinanciamento\":\"Autofinanciamento\",\"p41_financiamentocoletivo0\":\"Financiamento coletivo\",\"p42_meiodedivulgacaoproprio\":\"Sim\",\"p43_facebook\":\"Facebook\",\"p43_whatsapp\":\"WhatsApp\",\"p43_sitesblogs\":\"Blogs\\\/sites\",\"p43_youtube\":\"YouTube\",\"p44_radio\":\"R\\u00e1dio\",\"p44_redessociais\":\"Redes sociais (Facebook, YouTube, Instagram etc.)\",\"p44_sitesblogs\":\"Sites ou Blogs\",\"p39_publico\":\"JOVENS NEGROS NEGRAS GUERRA DROGAS\",\"p45_bandeira\":\"CONTRA  POPULA\\u00c7\\u00c3O NEGRA FIM-DA-GUERRA-AS-DROGAS INTERFERINDO DIREITOS HUMANOS\",\"p46_hashtags\":\"#POLITICADEDROGAS  #CONTRAGENOCIDIONEGRO  #REDUCAODEDANOS\"},{\"p1_eixo\":\"Cultura\",\"p9_tipoorganizacao\":\"ONG\",\"p12_uf\":\"AC\",\"p13_cidade\":\"RIO BRANCO\",\"p16_cidade\":\"Cidade\",\"p17_ano\":\"2014\",\"p16_estado\":\"Estado\",\"p18_agrario\":\"Agr\\u00e1rio\\\/ruralidades\",\"p18_comunicacao\":\"Comunica\\u00e7\\u00e3o\",\"p18_difusaoartistica\":\"Difus\\u00e3o Art\\u00edstica\",\"p18_desenvolvimentoterritorial\":\"Desenvolvimento territorial\",\"p18_direitoshumanos\":\"Direitos humanos\",\"p18_educacao\":\"Educa\\u00e7\\u00e3o\",\"p18_feminismos\":\"Feminismos\",\"p18_lgbtqi\":\"LGBTQI\",\"p18_lutaantirracismo\":\"Luta antirracismo\",\"p18_mobilidade\":\"Mobilidade\",\"p18_moradia\":\"Moradia\",\"p18_povosecomunidadestradicionais\":\"Povos e comunidades tradicionais\",\"p18_trabalho\":\"Trabalho\",\"p18_religiao\":\"Religi\\u00e3o\",\"p18_saude\":\"Sa\\u00fade\",\"p18_violencia\":\"Viol\\u00eancia\",\"p18_politicasculturais\":\"Pol\\u00edticas Culturais\",\"p19_comunicacao\":\"Comunica\\u00e7\\u00e3o\",\"p19_educacao\":\"Educa\\u00e7\\u00e3o\",\"p19_feminismos\":\"Feminismos\",\"p19_lutaantirracismo\":\"Luta antirracismo\",\"p19_violencia\":\"Viol\\u00eancia\",\"p19_politicasculturais\":\"Pol\\u00edticas Culturais\",\"p20_oficinas\":\"Oficinas\",\"p20_oficinasaulasartisticas\":\"Ensaios\\\/Oficinas\\\/Aulas art\\u00edsticas\",\"p20_apresentacoesartisticas\":\"Apresenta\\u00e7\\u00f5es art\\u00edsticas\",\"p21_repressaopolicial\":\"Repress\\u00e3o policial\",\"p21_machismo\":\"Machismo\",\"p21_racismo\":\"Racismo\",\"p22_numerodeparticipantes\":\"1  - 15\",\"p23_oficinas\":\"Oficinas\",\"p23_oficinasaulasartisticas\":\"Ensaio\\\/Oficinas\\\/Aulas Art\\u00edsticas\",\"p23_apresentacoesartisticas\":\"Apresenta\\u00e7\\u00f5es Art\\u00edsticas\",\"p23_outros\":\"Outros\",\"p24_oficinas\":\"Oficinas\",\"p24_apresentacoesartisticas\":\"Apresenta\\u00e7\\u00f5es art\\u00edsticas\",\"p24_outros\":\"Outros\",\"p25_numerodepessoas\":\"40 - 60\",\"p26_numerodepessoas\":\"40 - 60\",\"p27_espacopublico\":\"Espa\\u00e7o p\\u00fablico\",\"p27_espacoproprio\":\"Espa\\u00e7o pr\\u00f3prio\",\"p27_ocupacao\":\"Ocupa\\u00e7\\u00e3o\",\"p28_territorios\":\"Estado\",\"p30_outrasorganizacoes\":\"N\\u00e3o\",\"p32_campanhadelongaduracao\":\"N\\u00e3o\",\"p34_nenhuma\":\"Nenhuma\",\"p36_conselhosdeparticipacaoecontrolesocial\":\"N\\u00e3o\",\"p38_sim\":\"Sim\",\"p40_editais\":\"N\\u00e3o\",\"p41_autofinanciamento\":\"Autofinanciamento\",\"p41_financiamentocoletivo0\":\"Financiamento coletivo\",\"p42_meiodedivulgacaoproprio\":\"Sim\",\"p43_facebook\":\"Facebook\",\"p43_whatsapp\":\"WhatsApp\",\"p43_sitesblogs\":\"Blogs\\\/sites\",\"p43_youtube\":\"YouTube\",\"p44_radio\":\"R\\u00e1dio\",\"p44_redessociais\":\"Redes sociais (Facebook, YouTube, Instagram etc.)\",\"p44_sitesblogs\":\"Sites ou Blogs\",\"p39_publico\":\"TODOS\",\"p45_bandeira\":\"IGUALDADE SOCIAL\",\"p46_hashtags\":\"#TAMOJUNTO  #CORRENTERUIMDEQUEBRAR  #NOISPORNOSI\"},{\"p1_eixo\":\"Trabalho\",\"p9_tipoorganizacao\":\"ONG\",\"p12_uf\":\"SP\",\"p13_cidade\":\"S\\u00c3O PAULO\",\"p16_cidade\":\"Cidade\",\"p17_ano\":\"1987\",\"p18_comunicacao\":\"Comunica\\u00e7\\u00e3o\",\"p18_difusaoartistica\":\"Difus\\u00e3o Art\\u00edstica\",\"p18_desenvolvimentoterritorial\":\"Desenvolvimento territorial\",\"p18_direitoshumanos\":\"Direitos humanos\",\"p18_educacao\":\"Educa\\u00e7\\u00e3o\",\"p18_feminismos\":\"Feminismos\",\"p18_lgbtqi\":\"LGBTQI\",\"p18_lutaantirracismo\":\"Luta antirracismo\",\"p18_mobilidade\":\"Mobilidade\",\"p18_povosecomunidadestradicionais\":\"Povos e comunidades tradicionais\",\"p18_trabalho\":\"Trabalho\",\"p18_religiao\":\"Religi\\u00e3o\",\"p18_saude\":\"Sa\\u00fade\",\"p18_violencia\":\"Viol\\u00eancia\",\"p18_politicasculturais\":\"Pol\\u00edticas Culturais\",\"p19_comunicacao\":\"Comunica\\u00e7\\u00e3o\",\"p19_lutaantirracismo\":\"Luta antirracismo\",\"p19_violencia\":\"Viol\\u00eancia\",\"p19_politicasculturais\":\"Pol\\u00edticas Culturais\",\"p20_oficinas\":\"Oficinas\",\"p20_oficinasaulasartisticas\":\"Ensaios\\\/Oficinas\\\/Aulas art\\u00edsticas\",\"p20_formacao\":\"Forma\\u00e7\\u00e3o\",\"p20_apresentacoesartisticas\":\"Apresenta\\u00e7\\u00f5es art\\u00edsticas\",\"p21_repressaopolicial\":\"Repress\\u00e3o policial\",\"p21_machismo\":\"Machismo\",\"p21_racismo\":\"Racismo\",\"p21_lgbtqifobia\":\"LGBTIfobia\",\"p22_numerodeparticipantes\":\"1  - 15\",\"p23_oficinas\":\"Oficinas\",\"p23_oficinasaulasartisticas\":\"Ensaio\\\/Oficinas\\\/Aulas Art\\u00edsticas\",\"p23_formacao\":\"Forma\\u00e7\\u00e3o\",\"p23_apresentacoesartisticas\":\"Apresenta\\u00e7\\u00f5es Art\\u00edsticas\",\"p23_outros\":\"Outros\",\"p24_outros\":\"Outros\",\"p25_numerodepessoas\":\"60 - 80\",\"p26_numerodepessoas\":\"1 - 20\",\"p27_espacopublico\":\"Espa\\u00e7o p\\u00fablico\",\"p27_espacoproprio\":\"Espa\\u00e7o pr\\u00f3prio\",\"p28_territorios\":\"Pr\\u00f3prio bairro\",\"p30_outrasorganizacoes\":\"N\\u00e3o\",\"p32_campanhadelongaduracao\":\"N\\u00e3o\",\"p34_municipal\":\"Municipal\",\"p34_nenhuma\":\"Nenhuma\",\"p36_conselhosdeparticipacaoecontrolesocial\":\"Sim\",\"p38_sim\":\"Sim\",\"p40_editais\":\"N\\u00e3o\",\"p41_publicoestatal\":\"P\\u00fablico-Estatal\",\"p41_autofinanciamento\":\"Autofinanciamento\",\"p41_financiamentocoletivo0\":\"Financiamento coletivo\",\"p42_meiodedivulgacaoproprio\":\"Sim\",\"p43_facebook\":\"Facebook\",\"p43_instagram\":\"Instagram\",\"p43_radio\":\"R\\u00e1dio\",\"p44_radio\":\"R\\u00e1dio\",\"p44_jornaisimpressosdebairro\":\"Jornais impressos de bairro\",\"p44_redessociais\":\"Redes sociais (Facebook, YouTube, Instagram etc.)\",\"p39_publico\":\"JUVENTUDE NEGRA PERIF\\u00c9RICA\",\"p45_bandeira\":\"CONTRA  POPULA\\u00c7\\u00c3O NEGRA CONTRA-VIOL\\u00caNCIA DOM\\u00c9STICA FOMENTO CULTURA PERIF\\u00c9RICA\",\"p46_hashtags\":\"#JUVENTUVEVIVAEJUVENTUDEARTICULADA\"},{\"p1_eixo\":\"Trabalho\",\"p9_tipoorganizacao\":\"Coletivo\",\"p12_uf\":\"MG\",\"p13_cidade\":\"BELO HORIZONTE\",\"p16_cidade\":\"Cidade\",\"p16_internacional\":\"Internacional\",\"p17_ano\":\"2017\",\"p18_agrario\":\"Agr\\u00e1rio\\\/ruralidades\",\"p18_comunicacao\":\"Comunica\\u00e7\\u00e3o\",\"p18_difusaoartistica\":\"Difus\\u00e3o Art\\u00edstica\",\"p18_desenvolvimentoterritorial\":\"Desenvolvimento territorial\",\"p18_direitoshumanos\":\"Direitos humanos\",\"p18_educacao\":\"Educa\\u00e7\\u00e3o\",\"p18_feminismos\":\"Feminismos\",\"p18_lgbtqi\":\"LGBTQI\",\"p18_lutaantirracismo\":\"Luta antirracismo\",\"p18_mobilidade\":\"Mobilidade\",\"p18_moradia\":\"Moradia\",\"p18_povosecomunidadestradicionais\":\"Povos e comunidades tradicionais\",\"p18_trabalho\":\"Trabalho\",\"p18_religiao\":\"Religi\\u00e3o\",\"p18_saude\":\"Sa\\u00fade\",\"p18_violencia\":\"Viol\\u00eancia\",\"p18_politicasculturais\":\"Pol\\u00edticas Culturais\",\"p19_direitoshumanos\":\"Direitos humanos\",\"p19_lutaantirracismo\":\"Luta antirracismo\",\"p19_moradia\":\"Moradia\",\"p19_violencia\":\"Viol\\u00eancia\",\"p19_politicasculturais\":\"Pol\\u00edticas Culturais\",\"p20_oficinas\":\"Oficinas\",\"p20_oficinasaulasartisticas\":\"Ensaios\\\/Oficinas\\\/Aulas art\\u00edsticas\",\"p20_formacao\":\"Forma\\u00e7\\u00e3o\",\"p20_apresentacoesartisticas\":\"Apresenta\\u00e7\\u00f5es art\\u00edsticas\",\"p21_repressaopolicial\":\"Repress\\u00e3o policial\",\"p21_intoleranciareligiosa\":\"Fundamentalismo\\\/intoler\\u00e2ncia religiosa\",\"p21_xenofobia\":\"Xenofobia\",\"p21_machismo\":\"Machismo\",\"p21_racismo\":\"Racismo\",\"p21_lgbtqifobia\":\"LGBTIfobia\",\"p21_enfrentamentocomgruposprivadosarmados\":\"Enfrentamento com grupos privados armados\",\"p22_numerodeparticipantes\":\"1  - 15\",\"p23_oficinas\":\"Oficinas\",\"p23_oficinasaulasartisticas\":\"Ensaio\\\/Oficinas\\\/Aulas Art\\u00edsticas\",\"p23_formacao\":\"Forma\\u00e7\\u00e3o\",\"p23_apresentacoesartisticas\":\"Apresenta\\u00e7\\u00f5es Art\\u00edsticas\",\"p23_outros\":\"Outros\",\"p24_oficinas\":\"Oficinas\",\"p24_oficinasaulasartisticas\":\"Ensaios\\\/Oficinas\\\/Aulas art\\u00edsticas\",\"p24_outros\":\"Outros\",\"p25_numerodepessoas\":\"400 - 500\",\"p26_numerodepessoas\":\"1 - 20\",\"p27_espacopublico\":\"Espa\\u00e7o p\\u00fablico\",\"p27_espacoemprestadocedido\":\"Espa\\u00e7o emprestado\\\/cedido\",\"p28_territorios\":\"Cidade\",\"p30_outrasorganizacoes\":\"Sim\",\"p32_campanhadelongaduracao\":\"N\\u00e3o\",\"p34_municipal\":\"Municipal\",\"p34_nenhuma\":\"Nenhuma\",\"p36_conselhosdeparticipacaoecontrolesocial\":\"N\\u00e3o\",\"p38_sim\":\"Sim\",\"p38_nenhum\":\"Nenhum\",\"p40_editais\":\"Sim\",\"p41_publicoestatal\":\"P\\u00fablico-Estatal\",\"p41_autofinanciamento\":\"Autofinanciamento\",\"p41_financiamentocoletivo0\":\"Financiamento coletivo\",\"p42_meiodedivulgacaoproprio\":\"Sim\",\"p43_facebook\":\"Facebook\",\"p43_instagram\":\"Instagram\",\"p43_sitesblogs\":\"Blogs\\\/sites\",\"p43_radio\":\"R\\u00e1dio\",\"p44_radio\":\"R\\u00e1dio\",\"p44_jornaisimpressosdebairro\":\"Jornais impressos de bairro\",\"p44_redessociais\":\"Redes sociais (Facebook, YouTube, Instagram etc.)\",\"p39_publico\":\"JUVENTUDE\",\"p45_bandeira\":\"CRIMINALIZA\\u00c7\\u00c3O FUNK CONTRA MULHER CONTRA LGBT POLITICA REDU\\u00c7\\u00c3O DANOS\",\"p46_hashtags\":\"#CULTURA #IDENTIDADECOLETIVARACIAL #RESISTENCIAPERIFERICA\"},{\"p1_eixo\":\"Cultura\",\"p9_tipoorganizacao\":\"Coletivo\",\"p12_uf\":\"PE\",\"p13_cidade\":\"RECIFE\",\"p16_cidade\":\"Cidade\",\"p16_internacional\":\"Internacional\",\"p17_ano\":\"1980\",\"p18_agrario\":\"Agr\\u00e1rio\\\/ruralidades\",\"p18_comunicacao\":\"Comunica\\u00e7\\u00e3o\",\"p18_difusaoartistica\":\"Difus\\u00e3o Art\\u00edstica\",\"p18_desenvolvimentoterritorial\":\"Desenvolvimento territorial\",\"p18_direitoshumanos\":\"Direitos humanos\",\"p18_educacao\":\"Educa\\u00e7\\u00e3o\",\"p18_feminismos\":\"Feminismos\",\"p18_lgbtqi\":\"LGBTQI\",\"p18_lutaantirracismo\":\"Luta antirracismo\",\"p18_mobilidade\":\"Mobilidade\",\"p18_moradia\":\"Moradia\",\"p18_povosecomunidadestradicionais\":\"Povos e comunidades tradicionais\",\"p18_trabalho\":\"Trabalho\",\"p18_religiao\":\"Religi\\u00e3o\",\"p18_saude\":\"Sa\\u00fade\",\"p18_violencia\":\"Viol\\u00eancia\",\"p18_politicasculturais\":\"Pol\\u00edticas Culturais\",\"p19_direitoshumanos\":\"Direitos humanos\",\"p19_lutaantirracismo\":\"Luta antirracismo\",\"p19_moradia\":\"Moradia\",\"p19_politicasculturais\":\"Pol\\u00edticas Culturais\",\"p20_oficinas\":\"Oficinas\",\"p20_oficinasaulasartisticas\":\"Ensaios\\\/Oficinas\\\/Aulas art\\u00edsticas\",\"p20_apresentacoesartisticas\":\"Apresenta\\u00e7\\u00f5es art\\u00edsticas\",\"p21_repressaopolicial\":\"Repress\\u00e3o policial\",\"p21_intoleranciareligiosa\":\"Fundamentalismo\\\/intoler\\u00e2ncia religiosa\",\"p21_xenofobia\":\"Xenofobia\",\"p21_machismo\":\"Machismo\",\"p21_racismo\":\"Racismo\",\"p21_lgbtqifobia\":\"LGBTIfobia\",\"p21_enfrentamentocomgruposprivadosarmados\":\"Enfrentamento com grupos privados armados\",\"p22_numerodeparticipantes\":\"15 - 30\",\"p23_oficinas\":\"Oficinas\",\"p23_oficinasaulasartisticas\":\"Ensaio\\\/Oficinas\\\/Aulas Art\\u00edsticas\",\"p23_formacao\":\"Forma\\u00e7\\u00e3o\",\"p23_apresentacoesartisticas\":\"Apresenta\\u00e7\\u00f5es Art\\u00edsticas\",\"p23_outros\":\"Outros\",\"p24_oficinas\":\"Oficinas\",\"p24_oficinasaulasartisticas\":\"Ensaios\\\/Oficinas\\\/Aulas art\\u00edsticas\",\"p24_apresentacoesartisticas\":\"Apresenta\\u00e7\\u00f5es art\\u00edsticas\",\"p25_numerodepessoas\":\"20 - 40\",\"p26_numerodepessoas\":\"20 - 40\",\"p27_espacopublico\":\"Espa\\u00e7o p\\u00fablico\",\"p27_espacoemprestadocedido\":\"Espa\\u00e7o emprestado\\\/cedido\",\"p28_territorios\":\"Cidade\",\"p30_outrasorganizacoes\":\"N\\u00e3o\",\"p32_campanhadelongaduracao\":\"N\\u00e3o\",\"p34_nenhuma\":\"Nenhuma\",\"p36_conselhosdeparticipacaoecontrolesocial\":\"N\\u00e3o\",\"p38_nenhum\":\"Nenhum\",\"p40_editais\":\"N\\u00e3o\",\"p41_autofinanciamento\":\"Autofinanciamento\",\"p41_financiamentocoletivo0\":\"Financiamento coletivo\",\"p42_meiodedivulgacaoproprio\":\"Sim\",\"p43_facebook\":\"Facebook\",\"p43_instagram\":\"Instagram\",\"p43_twitter\":\"Twitter\",\"p43_sitesblogs\":\"Blogs\\\/sites\",\"p44_radio\":\"TV\",\"p44_jornaisimpressosdebairro\":\"Jornais impressos de bairro\",\"p44_redessociais\":\"Redes sociais (Facebook, YouTube, Instagram etc.)\",\"p39_publico\":\"TODA COMUNIDADE\",\"p45_bandeira\":\"PRESERVA\\u00c7\\u00c3O HISTORIA MATRIZ AFRICANA EMPODERAMENTO FEMININO\",\"p46_hashtags\":\"#FORMACAOSOCIAL  #EMPONDERAMENTOFEMININO  #COMBATEAORACISMO\"},{\"p1_eixo\":\"Cultura\",\"p9_tipoorganizacao\":\"Coletivo Art\\u00edstico\",\"p12_uf\":\"AL\",\"p13_cidade\":\"MACEI\\u00d3\",\"p16_cidade\":\"Cidade\",\"p17_ano\":\"2007\",\"p18_comunicacao\":\"Comunica\\u00e7\\u00e3o\",\"p18_difusaoartistica\":\"Difus\\u00e3o Art\\u00edstica\",\"p18_desenvolvimentoterritorial\":\"Desenvolvimento territorial\",\"p18_direitoshumanos\":\"Direitos humanos\",\"p18_educacao\":\"Educa\\u00e7\\u00e3o\",\"p18_feminismos\":\"Feminismos\",\"p18_lgbtqi\":\"LGBTQI\",\"p18_lutaantirracismo\":\"Luta antirracismo\",\"p18_mobilidade\":\"Mobilidade\",\"p18_moradia\":\"Moradia\",\"p18_povosecomunidadestradicionais\":\"Povos e comunidades tradicionais\",\"p18_trabalho\":\"Trabalho\",\"p18_religiao\":\"Religi\\u00e3o\",\"p18_saude\":\"Sa\\u00fade\",\"p18_violencia\":\"Viol\\u00eancia\",\"p18_politicasculturais\":\"Pol\\u00edticas Culturais\",\"p19_lutaantirracismo\":\"Luta antirracismo\",\"p19_povosecomunidadestradicionais\":\"Povos e comunidades tradicionais\",\"p19_politicasculturais\":\"Pol\\u00edticas Culturais\",\"p20_formacao\":\"Forma\\u00e7\\u00e3o\",\"p20_apresentacoesartisticas\":\"Apresenta\\u00e7\\u00f5es art\\u00edsticas\",\"p21_repressaopolicial\":\"Repress\\u00e3o policial\",\"p21_intoleranciareligiosa\":\"Fundamentalismo\\\/intoler\\u00e2ncia religiosa\",\"p21_machismo\":\"Machismo\",\"p21_racismo\":\"Racismo\",\"p21_lgbtqifobia\":\"LGBTIfobia\",\"p22_numerodeparticipantes\":\"1  - 15\",\"p23_formacao\":\"Forma\\u00e7\\u00e3o\",\"p23_apresentacoesartisticas\":\"Apresenta\\u00e7\\u00f5es Art\\u00edsticas\",\"p24_apresentacoesartisticas\":\"Apresenta\\u00e7\\u00f5es art\\u00edsticas\",\"p25_numerodepessoas\":\"100 - 200\",\"p26_numerodepessoas\":\"400 - 500\",\"p27_espacopublico\":\"Espa\\u00e7o p\\u00fablico\",\"p27_espacoproprio\":\"Espa\\u00e7o pr\\u00f3prio\",\"p28_territorios\":\"Pr\\u00f3prio bairro\",\"p30_outrasorganizacoes\":\"Sim\",\"p32_campanhadelongaduracao\":\"N\\u00e3o\",\"p34_nenhuma\":\"Nenhuma\",\"p36_conselhosdeparticipacaoecontrolesocial\":\"N\\u00e3o\",\"p38_nenhum\":\"Nenhum\",\"p40_editais\":\"Sim\",\"p41_autofinanciamento\":\"Autofinanciamento\",\"p41_financiamentocoletivo0\":\"Financiamento coletivo\",\"p42_meiodedivulgacaoproprio\":\"Sim\",\"p43_facebook\":\"Facebook\",\"p43_whatsapp\":\"WhatsApp\",\"p43_instagram\":\"Instagram\",\"p43_twitter\":\"Twitter\",\"p43_sitesblogs\":\"Blogs\\\/sites\",\"p44_radio\":\"TV\",\"p44_jornaisimpressosdegrandecirculacao\":\"Jornais impressos de grande circula\\u00e7\\u00e3o\",\"p44_jornaisimpressosdebairro\":\"Jornais impressos de bairro\",\"p39_publico\":\"JUVENTUDE NEGRA PERIF\\u00c9RICA CIDADE\",\"p45_bandeira\":\"CULTURA ANTIRACISTA   CONTRA  JUVENTUDE NEGRA\",\"p46_hashtags\":\"#COLETIVO #RESISTENCIA #PERIFERIA\"},{\"p1_eixo\":\"Cultura\",\"p9_tipoorganizacao\":\"Associa\\u00e7\\u00e3o\",\"p12_uf\":\"AL\",\"p13_cidade\":\"MACEI\\u00d3\",\"p16_cidade\":\"Cidade\",\"p17_ano\":\"2004\",\"p16_estado\":\"Estado\",\"p18_comunicacao\":\"Comunica\\u00e7\\u00e3o\",\"p18_difusaoartistica\":\"Difus\\u00e3o Art\\u00edstica\",\"p18_desenvolvimentoterritorial\":\"Desenvolvimento territorial\",\"p18_direitoshumanos\":\"Direitos humanos\",\"p18_educacao\":\"Educa\\u00e7\\u00e3o\",\"p18_feminismos\":\"Feminismos\",\"p18_lgbtqi\":\"LGBTQI\",\"p18_lutaantirracismo\":\"Luta antirracismo\",\"p18_moradia\":\"Moradia\",\"p18_povosecomunidadestradicionais\":\"Povos e comunidades tradicionais\",\"p18_trabalho\":\"Trabalho\",\"p18_religiao\":\"Religi\\u00e3o\",\"p18_saude\":\"Sa\\u00fade\",\"p18_violencia\":\"Viol\\u00eancia\",\"p18_politicasculturais\":\"Pol\\u00edticas Culturais\",\"p19_direitoshumanos\":\"Direitos humanos\",\"p19_lutaantirracismo\":\"Luta antirracismo\",\"p19_povosecomunidadestradicionais\":\"Povos e comunidades tradicionais\",\"p19_difusaoartistica\":\"Difus\\u00e3o Art\\u00edstica\",\"p19_politicasculturais\":\"Pol\\u00edticas Culturais\",\"p20_oficinasaulasartisticas\":\"Ensaios\\\/Oficinas\\\/Aulas art\\u00edsticas\",\"p20_formacao\":\"Forma\\u00e7\\u00e3o\",\"p20_apresentacoesartisticas\":\"Apresenta\\u00e7\\u00f5es art\\u00edsticas\",\"p21_intoleranciareligiosa\":\"Fundamentalismo\\\/intoler\\u00e2ncia religiosa\",\"p21_racismo\":\"Racismo\",\"p22_numerodeparticipantes\":\"1  - 15\",\"p23_oficinasaulasartisticas\":\"Ensaio\\\/Oficinas\\\/Aulas Art\\u00edsticas\",\"p23_formacao\":\"Forma\\u00e7\\u00e3o\",\"p24_apresentacoesartisticas\":\"Apresenta\\u00e7\\u00f5es art\\u00edsticas\",\"p25_numerodepessoas\":\"40 - 60\",\"p26_numerodepessoas\":\"100 - 200\",\"p27_espacoproprio\":\"Espa\\u00e7o pr\\u00f3prio\",\"p28_territorios\":\"Pr\\u00f3prio bairro\",\"p30_outrasorganizacoes\":\"N\\u00e3o\",\"p32_campanhadelongaduracao\":\"N\\u00e3o\",\"p34_municipal\":\"Municipal\",\"p34_nenhuma\":\"Nenhuma\",\"p36_conselhosdeparticipacaoecontrolesocial\":\"N\\u00e3o\",\"p38_sim\":\"Sim\",\"p38_nenhum\":\"Nenhum\",\"p40_editais\":\"N\\u00e3o\",\"p41_autofinanciamento\":\"Autofinanciamento\",\"p42_meiodedivulgacaoproprio\":\"Sim\",\"p43_facebook\":\"Facebook\",\"p43_whatsapp\":\"WhatsApp\",\"p43_instagram\":\"Instagram\",\"p43_sitesblogs\":\"Blogs\\\/sites\",\"p44_radio\":\"TV\",\"p44_jornaisimpressosdegrandecirculacao\":\"Jornais impressos de grande circula\\u00e7\\u00e3o\",\"p39_publico\":\"JOVENS NEGROS PERIF\\u00c9RICOS VULNERABILIDADE CULTURA ORIGEM\",\"p45_bandeira\":\"LUTA ANTIRRACISMO LUTA CONTRA  RELIGIOSA LUTA EMPODERAMENTO JOVENS NEGROS\",\"p46_hashtags\":\"#EMPONDERAMENTODOJOVEMNEGRO #ANTIRRACISMO #PELOFIMDOGENOCIDIOCONTRAAPOPULACAONEGRA\"},{\"p1_eixo\":\"Cultura\",\"p9_tipoorganizacao\":\"Coletivo\",\"p12_uf\":\"AL\",\"p13_cidade\":\"MACEI\\u00d3\",\"p17_ano\":\"2009\",\"p16_estado\":\"Estado\",\"p18_comunicacao\":\"Comunica\\u00e7\\u00e3o\",\"p18_difusaoartistica\":\"Difus\\u00e3o Art\\u00edstica\",\"p18_desenvolvimentoterritorial\":\"Desenvolvimento territorial\",\"p18_direitoshumanos\":\"Direitos humanos\",\"p18_educacao\":\"Educa\\u00e7\\u00e3o\",\"p18_feminismos\":\"Feminismos\",\"p18_lgbtqi\":\"LGBTQI\",\"p18_lutaantirracismo\":\"Luta antirracismo\",\"p18_moradia\":\"Moradia\",\"p18_povosecomunidadestradicionais\":\"Povos e comunidades tradicionais\",\"p18_religiao\":\"Religi\\u00e3o\",\"p18_saude\":\"Sa\\u00fade\",\"p18_violencia\":\"Viol\\u00eancia\",\"p18_politicasculturais\":\"Pol\\u00edticas Culturais\",\"p19_direitoshumanos\":\"Direitos humanos\",\"p19_educacao\":\"Educa\\u00e7\\u00e3o\",\"p19_violencia\":\"Viol\\u00eancia\",\"p19_difusaoartistica\":\"Difus\\u00e3o Art\\u00edstica\",\"p19_politicasculturais\":\"Pol\\u00edticas Culturais\",\"p20_reunioes\":\"Reuni\\u00f5es\",\"p20_oficinas\":\"Oficinas\",\"p20_oficinasaulasartisticas\":\"Ensaios\\\/Oficinas\\\/Aulas art\\u00edsticas\",\"p20_apresentacoesartisticas\":\"Apresenta\\u00e7\\u00f5es art\\u00edsticas\",\"p21_repressaopolicial\":\"Repress\\u00e3o policial\",\"p21_intoleranciareligiosa\":\"Fundamentalismo\\\/intoler\\u00e2ncia religiosa\",\"p21_machismo\":\"Machismo\",\"p21_racismo\":\"Racismo\",\"p22_numerodeparticipantes\":\"1  - 15\",\"p23_reunioes\":\"Reuni\\u00f5es\",\"p23_oficinas\":\"Oficinas\",\"p23_oficinasaulasartisticas\":\"Ensaio\\\/Oficinas\\\/Aulas Art\\u00edsticas\",\"p24_apresentacoesartisticas\":\"Apresenta\\u00e7\\u00f5es art\\u00edsticas\",\"p24_outros\":\"Outros\",\"p25_numerodepessoas\":\"300 - 400\",\"p26_numerodepessoas\":\"40 - 60\",\"p27_espacopublico\":\"Espa\\u00e7o p\\u00fablico\",\"p27_espacoproprio\":\"Espa\\u00e7o pr\\u00f3prio\",\"p28_territorios\":\"Pr\\u00f3prio bairro\",\"p30_outrasorganizacoes\":\"Sim\",\"p32_campanhadelongaduracao\":\"Sim\",\"p34_municipal\":\"Municipal\",\"p34_nenhuma\":\"Nenhuma\",\"p36_conselhosdeparticipacaoecontrolesocial\":\"N\\u00e3o\",\"p38_sim\":\"Sim\",\"p40_editais\":\"N\\u00e3o\",\"p41_publicoestatal\":\"P\\u00fablico-Estatal\",\"p41_autofinanciamento\":\"Autofinanciamento\",\"p42_meiodedivulgacaoproprio\":\"Sim\",\"p43_email\":\"E-mail\",\"p43_facebook\":\"Facebook\",\"p43_whatsapp\":\"WhatsApp\",\"p43_instagram\":\"Instagram\",\"p43_sitesblogs\":\"Blogs\\\/sites\",\"p44_radio\":\"TV\",\"p44_jornaisimpressosdegrandecirculacao\":\"Jornais impressos de grande circula\\u00e7\\u00e3o\",\"p44_jornaisimpressosdebairro\":\"Jornais impressos de bairro\",\"p44_redessociais\":\"Redes sociais (Facebook, YouTube, Instagram etc.)\",\"p44_sitesblogs\":\"Sites ou Blogs\",\"p39_publico\":\"POPULA\\u00c7\\u00c3O CIVIL\",\"p45_bandeira\":\"RESGATE CULTURA AFROALAGOANA\",\"p46_hashtags\":\"#CULTURA #ALAGOANIDADE #COLETIVO\"},{\"p1_eixo\":\"Viol\\u00eancia\",\"p9_tipoorganizacao\":\"Movimento Social\",\"p12_uf\":\"PA\",\"p13_cidade\":\"BEL\\u00c9M\",\"p16_nacional\":\"Nacional\",\"p17_ano\":\"2011\",\"p16_estado\":\"Estado\",\"p18_comunicacao\":\"Comunica\\u00e7\\u00e3o\",\"p18_difusaoartistica\":\"Difus\\u00e3o Art\\u00edstica\",\"p18_desenvolvimentoterritorial\":\"Desenvolvimento territorial\",\"p18_direitoshumanos\":\"Direitos humanos\",\"p18_educacao\":\"Educa\\u00e7\\u00e3o\",\"p18_feminismos\":\"Feminismos\",\"p18_lgbtqi\":\"LGBTQI\",\"p18_lutaantirracismo\":\"Luta antirracismo\",\"p18_mobilidade\":\"Mobilidade\",\"p18_moradia\":\"Moradia\",\"p18_povosecomunidadestradicionais\":\"Povos e comunidades tradicionais\",\"p18_trabalho\":\"Trabalho\",\"p18_religiao\":\"Religi\\u00e3o\",\"p18_saude\":\"Sa\\u00fade\",\"p18_violencia\":\"Viol\\u00eancia\",\"p18_politicasculturais\":\"Pol\\u00edticas Culturais\",\"p19_direitoshumanos\":\"Direitos humanos\",\"p19_educacao\":\"Educa\\u00e7\\u00e3o\",\"p19_lutaantirracismo\":\"Luta antirracismo\",\"p19_violencia\":\"Viol\\u00eancia\",\"p19_politicasculturais\":\"Pol\\u00edticas Culturais\",\"p20_reunioes\":\"Reuni\\u00f5es\",\"p20_oficinas\":\"Oficinas\",\"p20_oficinasaulasartisticas\":\"Ensaios\\\/Oficinas\\\/Aulas art\\u00edsticas\",\"p21_repressaopolicial\":\"Repress\\u00e3o policial\",\"p21_intoleranciareligiosa\":\"Fundamentalismo\\\/intoler\\u00e2ncia religiosa\",\"p21_machismo\":\"Machismo\",\"p21_racismo\":\"Racismo\",\"p22_numerodeparticipantes\":\"15 - 30\",\"p23_reunioes\":\"Reuni\\u00f5es\",\"p23_oficinas\":\"Oficinas\",\"p23_oficinasaulasartisticas\":\"Ensaio\\\/Oficinas\\\/Aulas Art\\u00edsticas\",\"p23_outros\":\"Outros\",\"p24_formacao\":\"Forma\\u00e7\\u00e3o\",\"p24_outros\":\"Outros\",\"p25_numerodepessoas\":\"200 - 300\",\"p26_numerodepessoas\":\"20 - 40\",\"p27_espacopublico\":\"Espa\\u00e7o p\\u00fablico\",\"p27_espacoproprio\":\"Espa\\u00e7o pr\\u00f3prio\",\"p28_territorios\":\"Estado\",\"p30_outrasorganizacoes\":\"Sim\",\"p32_campanhadelongaduracao\":\"Sim\",\"p34_nenhuma\":\"Nenhuma\",\"p36_conselhosdeparticipacaoecontrolesocial\":\"N\\u00e3o\",\"p38_sim\":\"Sim\",\"p40_editais\":\"Sim\",\"p41_publicoestatal\":\"P\\u00fablico-Estatal\",\"p41_autofinanciamento\":\"Autofinanciamento\",\"p42_meiodedivulgacaoproprio\":\"Sim\",\"p43_email\":\"E-mail\",\"p43_facebook\":\"Facebook\",\"p43_sitesblogs\":\"Blogs\\\/sites\",\"p44_jornaisimpressosdegrandecirculacao\":\"Jornais impressos de grande circula\\u00e7\\u00e3o\",\"p44_jornaisimpressosdebairro\":\"Jornais impressos de bairro\",\"p44_redessociais\":\"Redes sociais (Facebook, YouTube, Instagram etc.)\",\"p44_sitesblogs\":\"Sites ou Blogs\",\"p39_publico\":\"VULNERABILIDADE\",\"p45_bandeira\":\"DESCRIMINALIZA\\u00c7\\u00c3O-DROGAS DESCRIMINALIZA\\u00c7\\u00c3O-ABORTO POL\\u00cdTICAS SEGURAN\\u00c7A P\\u00daBLICA\",\"p46_hashtags\":\"#DEMOCRACIA #ANTIPROIBICIONISMO #ANTIPOLITIVISMO\"},{\"p1_eixo\":\"Trabalho\",\"p9_tipoorganizacao\":\"Instituto\",\"p12_uf\":\"DF\",\"p13_cidade\":\"BRAS\\u00cdLIA\",\"p16_nacional\":\"Nacional\",\"p17_ano\":\"2012\",\"p16_estado\":\"Estado\",\"p18_agrario\":\"Agr\\u00e1rio\\\/ruralidades\",\"p18_comunicacao\":\"Comunica\\u00e7\\u00e3o\",\"p18_difusaoartistica\":\"Difus\\u00e3o Art\\u00edstica\",\"p18_desenvolvimentoterritorial\":\"Desenvolvimento territorial\",\"p18_direitoshumanos\":\"Direitos humanos\",\"p18_educacao\":\"Educa\\u00e7\\u00e3o\",\"p18_feminismos\":\"Feminismos\",\"p18_lgbtqi\":\"LGBTQI\",\"p18_lutaantirracismo\":\"Luta antirracismo\",\"p18_mobilidade\":\"Mobilidade\",\"p18_moradia\":\"Moradia\",\"p18_povosecomunidadestradicionais\":\"Povos e comunidades tradicionais\",\"p18_trabalho\":\"Trabalho\",\"p18_religiao\":\"Religi\\u00e3o\",\"p18_saude\":\"Sa\\u00fade\",\"p18_violencia\":\"Viol\\u00eancia\",\"p18_politicasculturais\":\"Pol\\u00edticas Culturais\",\"p19_educacao\":\"Educa\\u00e7\\u00e3o\",\"p19_lutaantirracismo\":\"Luta antirracismo\",\"p19_trabalho\":\"Trabalho\",\"p19_saude\":\"Sa\\u00fade\",\"p19_politicasculturais\":\"Pol\\u00edticas Culturais\",\"p20_reunioes\":\"Reuni\\u00f5es\",\"p20_atendimento\":\"Atendimento\",\"p20_oficinas\":\"Oficinas\",\"p20_cursos\":\"Cursos\",\"p20_formacao\":\"Forma\\u00e7\\u00e3o\",\"p21_racismo\":\"Racismo\",\"p21_nenhum\":\"Nenhum\",\"p22_numerodeparticipantes\":\"1  - 15\",\"p23_reunioes\":\"Reuni\\u00f5es\",\"p23_atendimento\":\"Atendimento\",\"p23_formacao\":\"Forma\\u00e7\\u00e3o\",\"p23_outros\":\"Outros\",\"p24_oficinas\":\"Oficinas\",\"p24_curso\":\"Curso\",\"p24_formacao\":\"Forma\\u00e7\\u00e3o\",\"p25_numerodepessoas\":\"1 - 20\",\"p26_numerodepessoas\":\"1 - 20\",\"p27_espacoemprestadocedido\":\"Espa\\u00e7o emprestado\\\/cedido\",\"p27_espacoproprio\":\"Espa\\u00e7o pr\\u00f3prio\",\"p28_territorios\":\"Atua\\u00e7\\u00e3o Nacional\",\"p30_outrasorganizacoes\":\"N\\u00e3o\",\"p32_campanhadelongaduracao\":\"N\\u00e3o\",\"p34_nenhuma\":\"Nenhuma\",\"p36_conselhosdeparticipacaoecontrolesocial\":\"Sim\",\"p38_sim\":\"Sim\",\"p40_editais\":\"N\\u00e3o\",\"p41_autofinanciamento\":\"Autofinanciamento\",\"p41_financiamentocoletivo0\":\"Financiamento coletivo\",\"p42_meiodedivulgacaoproprio\":\"Sim\",\"p43_email\":\"E-mail\",\"p43_facebook\":\"Facebook\",\"p43_whatsapp\":\"WhatsApp\",\"p43_sitesblogs\":\"Blogs\\\/sites\",\"p44_jornaisimpressosdebairro\":\"Jornais impressos de bairro\",\"p44_redessociais\":\"Redes sociais (Facebook, YouTube, Instagram etc.)\",\"p39_publico\":\"JOVENS NEGRO POL\\u00cdTICOS\",\"p45_bandeira\":\"CI\\u00caNCIA TECNOLOGIA EDUCA\\u00c7\\u00c3O TRABALHO ASSIST\\u00caNCIA SOCIAL DEFESA JUVENTUDE NEGRA PROMO\\u00c7\\u00c3O DESENVOLVIMENTO ECON\\u00d4MICO DEFESA COOPERA\\u00c7\\u00c3O MEIO-AMBIENTE EDUCA\\u00c7\\u00c3O PROFISSIONAL DISTRIBUI\\u00c7\\u00c3O G\\u00caNEROS RA\\u00c7A\",\"p46_hashtags\":\"#EDUCACAO #CONTRAACORRUPCAO #CONTRAVIOLENCIA #CONTRAABUSOSEXUAL\"},{\"p1_eixo\":\"Trabalho\",\"p9_tipoorganizacao\":\"Coletivo\",\"p12_uf\":\"MG\",\"p13_cidade\":\"VI\\u00c7OSA\",\"p16_nacional\":\"Nacional\",\"p17_ano\":\"2015\",\"p16_estado\":\"Estado\",\"p18_agrario\":\"Agr\\u00e1rio\\\/ruralidades\",\"p18_comunicacao\":\"Comunica\\u00e7\\u00e3o\",\"p18_difusaoartistica\":\"Difus\\u00e3o Art\\u00edstica\",\"p18_desenvolvimentoterritorial\":\"Desenvolvimento territorial\",\"p18_direitoshumanos\":\"Direitos humanos\",\"p18_educacao\":\"Educa\\u00e7\\u00e3o\",\"p18_feminismos\":\"Feminismos\",\"p18_lgbtqi\":\"LGBTQI\",\"p18_lutaantirracismo\":\"Luta antirracismo\",\"p18_mobilidade\":\"Mobilidade\",\"p18_moradia\":\"Moradia\",\"p18_povosecomunidadestradicionais\":\"Povos e comunidades tradicionais\",\"p18_trabalho\":\"Trabalho\",\"p18_religiao\":\"Religi\\u00e3o\",\"p18_saude\":\"Sa\\u00fade\",\"p18_violencia\":\"Viol\\u00eancia\",\"p18_politicasculturais\":\"Pol\\u00edticas Culturais\",\"p19_direitoshumanos\":\"Direitos humanos\",\"p19_educacao\":\"Educa\\u00e7\\u00e3o\",\"p19_trabalho\":\"Trabalho\",\"p19_saude\":\"Sa\\u00fade\",\"p19_difusaoartistica\":\"Difus\\u00e3o Art\\u00edstica\",\"p19_politicasculturais\":\"Pol\\u00edticas Culturais\",\"p20_reunioes\":\"Reuni\\u00f5es\",\"p20_atendimento\":\"Atendimento\",\"p20_oficinas\":\"Oficinas\",\"p20_oficinasaulasartisticas\":\"Ensaios\\\/Oficinas\\\/Aulas art\\u00edsticas\",\"p20_cursos\":\"Cursos\",\"p20_formacao\":\"Forma\\u00e7\\u00e3o\",\"p20_apresentacoesartisticas\":\"Apresenta\\u00e7\\u00f5es art\\u00edsticas\",\"p21_repressaopolicial\":\"Repress\\u00e3o policial\",\"p21_intoleranciareligiosa\":\"Fundamentalismo\\\/intoler\\u00e2ncia religiosa\",\"p21_xenofobia\":\"Xenofobia\",\"p21_machismo\":\"Machismo\",\"p21_racismo\":\"Racismo\",\"p21_enfrentamentocomgruposprivadosarmados\":\"Enfrentamento com grupos privados armados\",\"p21_nenhum\":\"Nenhum\",\"p22_numerodeparticipantes\":\"45 - 60\",\"p23_reunioes\":\"Reuni\\u00f5es\",\"p23_atendimento\":\"Atendimento\",\"p23_formacao\":\"Forma\\u00e7\\u00e3o\",\"p23_apresentacoesartisticas\":\"Apresenta\\u00e7\\u00f5es Art\\u00edsticas\",\"p23_outros\":\"Outros\",\"p24_oficinas\":\"Oficinas\",\"p24_curso\":\"Curso\",\"p24_visitasexcursoes\":\"Visitas\\\/Excurs\\u00f5es\",\"p25_numerodepessoas\":\"20 - 40\",\"p26_numerodepessoas\":\"80 - 100\",\"p27_espacoemprestadocedido\":\"Espa\\u00e7o emprestado\\\/cedido\",\"p28_territorios\":\"Estado\",\"p30_outrasorganizacoes\":\"Sim\",\"p32_campanhadelongaduracao\":\"Sim\",\"p34_nenhuma\":\"Nenhuma\",\"p36_conselhosdeparticipacaoecontrolesocial\":\"N\\u00e3o\",\"p38_sim\":\"Sim\",\"p38_nenhum\":\"Nenhum\",\"p40_editais\":\"Sim\",\"p41_publicoestatal\":\"P\\u00fablico-Estatal\",\"p41_autofinanciamento\":\"Autofinanciamento\",\"p41_financiamentocoletivo0\":\"Financiamento coletivo\",\"p42_meiodedivulgacaoproprio\":\"Sim\",\"p43_email\":\"E-mail\",\"p43_facebook\":\"Facebook\",\"p43_whatsapp\":\"WhatsApp\",\"p43_instagram\":\"Instagram\",\"p43_sitesblogs\":\"Blogs\\\/sites\",\"p44_radio\":\"R\\u00e1dio\",\"p44_jornaisimpressosdebairro\":\"Jornais impressos de bairro\",\"p44_redessociais\":\"Redes sociais (Facebook, YouTube, Instagram etc.)\",\"p44_sitesblogs\":\"Sites ou Blogs\",\"p39_publico\":\"MILITANTES MOVIMENTOS SOCIAIS COMUNIDADES BASE\",\"p45_bandeira\":\"VALOR TRABALHO COLETIVO DETRIMENTO CAPITAL CONSTRU\\u00c7\\u00c3O MUTIR\\u00d5ES FORMA\\u00c7\\u00c3O POLITICA SUJEITOS ATORES SOCIAIS RESGATE VALORIZA\\u00c7\\u00c3O TECNOLOGIAS POPULARES VALORIZA\\u00c7\\u00c3O CULTURA POPULAR SABERES TRADICIONAIS TERAPIAS NATURAIS\",\"p46_hashtags\":\"#TRABALHOCOLETIVO #FORMACAODELIDEANCAS #SABERESTRADICIONAIS\"},{\"p1_eixo\":\"Cultura\",\"p9_tipoorganizacao\":\"Coletivo Art\\u00edstico\",\"p12_uf\":\"BA\",\"p13_cidade\":\"SALVADOR\",\"p16_nacional\":\"Nacional\",\"p17_ano\":\"2011\",\"p18_agrario\":\"Agr\\u00e1rio\\\/ruralidades\",\"p18_comunicacao\":\"Comunica\\u00e7\\u00e3o\",\"p18_difusaoartistica\":\"Difus\\u00e3o Art\\u00edstica\",\"p18_desenvolvimentoterritorial\":\"Desenvolvimento territorial\",\"p18_direitoshumanos\":\"Direitos humanos\",\"p18_educacao\":\"Educa\\u00e7\\u00e3o\",\"p18_feminismos\":\"Feminismos\",\"p18_lgbtqi\":\"LGBTQI\",\"p18_lutaantirracismo\":\"Luta antirracismo\",\"p18_mobilidade\":\"Mobilidade\",\"p18_moradia\":\"Moradia\",\"p18_povosecomunidadestradicionais\":\"Povos e comunidades tradicionais\",\"p18_trabalho\":\"Trabalho\",\"p18_religiao\":\"Religi\\u00e3o\",\"p18_saude\":\"Sa\\u00fade\",\"p18_violencia\":\"Viol\\u00eancia\",\"p18_politicasculturais\":\"Pol\\u00edticas Culturais\",\"p19_agrario\":\"Agr\\u00e1rio\\\/ruralidades\",\"p19_desenvolvimentoterritorial\":\"Desenvolvimento territorial\",\"p19_direitoshumanos\":\"Direitos humanos\",\"p19_feminismos\":\"Feminismos\",\"p19_difusaoartistica\":\"Difus\\u00e3o Art\\u00edstica\",\"p19_politicasculturais\":\"Pol\\u00edticas Culturais\",\"p20_oficinasaulasartisticas\":\"Ensaios\\\/Oficinas\\\/Aulas art\\u00edsticas\",\"p20_apresentacoesartisticas\":\"Apresenta\\u00e7\\u00f5es art\\u00edsticas\",\"p21_repressaopolicial\":\"Repress\\u00e3o policial\",\"p21_intoleranciareligiosa\":\"Fundamentalismo\\\/intoler\\u00e2ncia religiosa\",\"p21_xenofobia\":\"Xenofobia\",\"p21_machismo\":\"Machismo\",\"p21_racismo\":\"Racismo\",\"p21_lgbtqifobia\":\"LGBTIfobia\",\"p21_enfrentamentocomgruposprivadosarmados\":\"Enfrentamento com grupos privados armados\",\"p22_numerodeparticipantes\":\"1  - 15\",\"p23_reunioes\":\"Reuni\\u00f5es\",\"p23_apresentacoesartisticas\":\"Apresenta\\u00e7\\u00f5es Art\\u00edsticas\",\"p23_visitas\":\"Visitas\",\"p23_outros\":\"Outros\",\"p24_visitasexcursoes\":\"Visitas\\\/Excurs\\u00f5es\",\"p25_numerodepessoas\":\"200 - 300\",\"p26_numerodepessoas\":\"60 - 80\",\"p27_espacopublico\":\"Espa\\u00e7o p\\u00fablico\",\"p27_espacoemprestadocedido\":\"Espa\\u00e7o emprestado\\\/cedido\",\"p27_espacoproprio\":\"Espa\\u00e7o pr\\u00f3prio\",\"p28_territorios\":\"Regi\\u00e3o da Cidade\",\"p30_outrasorganizacoes\":\"Sim\",\"p32_campanhadelongaduracao\":\"Sim\",\"p34_municipal\":\"Municipal\",\"p34_nenhuma\":\"Nenhuma\",\"p36_conselhosdeparticipacaoecontrolesocial\":\"N\\u00e3o\",\"p38_sim\":\"Sim\",\"p38_nenhum\":\"Nenhum\",\"p40_editais\":\"Sim\",\"p41_publicoestatal\":\"P\\u00fablico-Estatal\",\"p41_privadopj\":\"Privado (P. Jur\\u00eddica)\",\"p41_autofinanciamento\":\"Autofinanciamento\",\"p41_financiamentocoletivo0\":\"Financiamento coletivo\",\"p42_meiodedivulgacaoproprio\":\"Sim\",\"p43_impressoes\":\"Impressos\",\"p43_email\":\"E-mail\",\"p43_facebook\":\"Facebook\",\"p43_instagram\":\"Instagram\",\"p43_sitesblogs\":\"Blogs\\\/sites\",\"p44_radio\":\"TV\",\"p44_jornaisimpressosdegrandecirculacao\":\"Jornais impressos de grande circula\\u00e7\\u00e3o\",\"p44_jornaisimpressosdebairro\":\"Jornais impressos de bairro\",\"p44_redessociais\":\"Redes sociais (Facebook, YouTube, Instagram etc.)\",\"p44_sitesblogs\":\"Sites ou Blogs\",\"p39_publico\":\"TODOS\",\"p45_bandeira\":\"DIREITOS HUMANOS\",\"p46_hashtags\":\"#POESIASALVA #QUERSERPERIGOSOABRAUMLIVRO #PERIFERIANAOPODESERESQUECIDA\"},{\"p1_eixo\":\"Trabalho\",\"p9_tipoorganizacao\":\"ONG\",\"p12_uf\":\"RN\",\"p13_cidade\":\"MOSSOR\\u00d3\",\"p16_nacional\":\"Nacional\",\"p16_internacional\":\"Internacional\",\"p17_ano\":\"1993\",\"p18_agrario\":\"Agr\\u00e1rio\\\/ruralidades\",\"p18_comunicacao\":\"Comunica\\u00e7\\u00e3o\",\"p18_difusaoartistica\":\"Difus\\u00e3o Art\\u00edstica\",\"p18_desenvolvimentoterritorial\":\"Desenvolvimento territorial\",\"p18_direitoshumanos\":\"Direitos humanos\",\"p18_educacao\":\"Educa\\u00e7\\u00e3o\",\"p18_feminismos\":\"Feminismos\",\"p18_lgbtqi\":\"LGBTQI\",\"p18_lutaantirracismo\":\"Luta antirracismo\",\"p18_mobilidade\":\"Mobilidade\",\"p18_moradia\":\"Moradia\",\"p18_povosecomunidadestradicionais\":\"Povos e comunidades tradicionais\",\"p18_trabalho\":\"Trabalho\",\"p18_religiao\":\"Religi\\u00e3o\",\"p18_saude\":\"Sa\\u00fade\",\"p18_violencia\":\"Viol\\u00eancia\",\"p18_politicasculturais\":\"Pol\\u00edticas Culturais\",\"p19_agrario\":\"Agr\\u00e1rio\\\/ruralidades\",\"p19_comunicacao\":\"Comunica\\u00e7\\u00e3o\",\"p19_desenvolvimentoterritorial\":\"Desenvolvimento territorial\",\"p19_direitoshumanos\":\"Direitos humanos\",\"p19_feminismos\":\"Feminismos\",\"p19_trabalho\":\"Trabalho\",\"p20_reunioes\":\"Reuni\\u00f5es\",\"p20_atendimento\":\"Atendimento\",\"p20_oficinas\":\"Oficinas\",\"p20_oficinasaulasartisticas\":\"Ensaios\\\/Oficinas\\\/Aulas art\\u00edsticas\",\"p20_formacao\":\"Forma\\u00e7\\u00e3o\",\"p20_apresentacoesartisticas\":\"Apresenta\\u00e7\\u00f5es art\\u00edsticas\",\"p20_visitasexcursoes\":\"Visitas\\\/Excurs\\u00f5es\",\"p21_intoleranciareligiosa\":\"Fundamentalismo\\\/intoler\\u00e2ncia religiosa\",\"p21_machismo\":\"Machismo\",\"p21_lgbtqifobia\":\"LGBTIfobia\",\"p22_numerodeparticipantes\":\"15 - 30\",\"p23_reunioes\":\"Reuni\\u00f5es\",\"p23_oficinas\":\"Oficinas\",\"p23_oficinasaulasartisticas\":\"Ensaio\\\/Oficinas\\\/Aulas Art\\u00edsticas\",\"p23_apresentacoesartisticas\":\"Apresenta\\u00e7\\u00f5es Art\\u00edsticas\",\"p23_visitas\":\"Visitas\",\"p23_excursoes\":\"Excurs\\u00f5es\",\"p23_outros\":\"Outros\",\"p24_reunioes\":\"Reuni\\u00f5es\",\"p24_atendimento\":\"Atendimentos\",\"p24_visitasexcursoes\":\"Visitas\\\/Excurs\\u00f5es\",\"p25_numerodepessoas\":\"40 - 60\",\"p26_numerodepessoas\":\"20 - 40\",\"p27_espacopublico\":\"Espa\\u00e7o p\\u00fablico\",\"p27_espacoemprestadocedido\":\"Espa\\u00e7o emprestado\\\/cedido\",\"p27_espacoproprio\":\"Espa\\u00e7o pr\\u00f3prio\",\"p27_virtual\":\"Virtual\",\"p27_ocupacao\":\"Ocupa\\u00e7\\u00e3o\",\"p28_territorios\":\"Estado\",\"p30_outrasorganizacoes\":\"Sim\",\"p32_campanhadelongaduracao\":\"Sim\",\"p34_municipal\":\"Municipal\",\"p34_estadual\":\"Estadual\",\"p34_nacional\":\"Nacional\",\"p36_conselhosdeparticipacaoecontrolesocial\":\"Sim\",\"p38_sim\":\"Sim\",\"p40_editais\":\"Sim\",\"p41_publicoestatal\":\"P\\u00fablico-Estatal\",\"p41_privadopj\":\"Privado (P. Jur\\u00eddica)\",\"p41_autofinanciamento\":\"Autofinanciamento\",\"p41_financiamentocoletivo0\":\"Financiamento coletivo\",\"p42_meiodedivulgacaoproprio\":\"Sim\",\"p43_impressoes\":\"Impressos\",\"p43_email\":\"E-mail\",\"p43_facebook\":\"Facebook\",\"p43_whatsapp\":\"WhatsApp\",\"p43_instagram\":\"Instagram\",\"p43_sitesblogs\":\"Blogs\\\/sites\",\"p43_youtube\":\"YouTube\",\"p44_radio\":\"TV\",\"p44_jornaisimpressosdegrandecirculacao\":\"Jornais impressos de grande circula\\u00e7\\u00e3o\",\"p44_jornaisimpressosdebairro\":\"Jornais impressos de bairro\",\"p44_redessociais\":\"Redes sociais (Facebook, YouTube, Instagram etc.)\",\"p44_sitesblogs\":\"Sites ou Blogs\",\"p39_publico\":\"MULHERES CAMPO\",\"p45_bandeira\":\"AUTO ORGANIZA\\u00c7\\u00c3O MULHERES CONVIV\\u00caNCIA SEMI\\u00c1RIDO AGROECOLOGIA ECONOMIA FEMINISTA SOLID\\u00c1RIA\",\"p46_hashtags\":\"#FEMINISMOEMMARCHA  #SEMIARIDOVIVO  #SEMFEMINISMONAOHAAGROECOLOGIA\"},{\"p1_eixo\":\"Cultura\",\"p9_tipoorganizacao\":\"ONG\",\"p12_uf\":\"RS\",\"p13_cidade\":\"SAPIRANGA\",\"p16_bairro\":\"Bairro\",\"p16_internacional\":\"Internacional\",\"p17_ano\":\"2009\",\"p18_comunicacao\":\"Comunica\\u00e7\\u00e3o\",\"p18_difusaoartistica\":\"Difus\\u00e3o Art\\u00edstica\",\"p18_desenvolvimentoterritorial\":\"Desenvolvimento territorial\",\"p18_direitoshumanos\":\"Direitos humanos\",\"p18_educacao\":\"Educa\\u00e7\\u00e3o\",\"p18_feminismos\":\"Feminismos\",\"p18_lgbtqi\":\"LGBTQI\",\"p18_lutaantirracismo\":\"Luta antirracismo\",\"p18_mobilidade\":\"Mobilidade\",\"p18_moradia\":\"Moradia\",\"p18_povosecomunidadestradicionais\":\"Povos e comunidades tradicionais\",\"p18_trabalho\":\"Trabalho\",\"p18_religiao\":\"Religi\\u00e3o\",\"p18_saude\":\"Sa\\u00fade\",\"p18_violencia\":\"Viol\\u00eancia\",\"p18_politicasculturais\":\"Pol\\u00edticas Culturais\",\"p19_comunicacao\":\"Comunica\\u00e7\\u00e3o\",\"p19_desenvolvimentoterritorial\":\"Desenvolvimento territorial\",\"p19_direitoshumanos\":\"Direitos humanos\",\"p19_educacao\":\"Educa\\u00e7\\u00e3o\",\"p19_trabalho\":\"Trabalho\",\"p19_saude\":\"Sa\\u00fade\",\"p20_reunioes\":\"Reuni\\u00f5es\",\"p20_atendimento\":\"Atendimento\",\"p20_oficinas\":\"Oficinas\",\"p20_oficinasaulasartisticas\":\"Ensaios\\\/Oficinas\\\/Aulas art\\u00edsticas\",\"p20_formacao\":\"Forma\\u00e7\\u00e3o\",\"p20_apresentacoesartisticas\":\"Apresenta\\u00e7\\u00f5es art\\u00edsticas\",\"p20_visitasexcursoes\":\"Visitas\\\/Excurs\\u00f5es\",\"p21_intoleranciareligiosa\":\"Fundamentalismo\\\/intoler\\u00e2ncia religiosa\",\"p21_machismo\":\"Machismo\",\"p21_racismo\":\"Racismo\",\"p21_lgbtqifobia\":\"LGBTIfobia\",\"p22_numerodeparticipantes\":\"1  - 15\",\"p23_reunioes\":\"Reuni\\u00f5es\",\"p23_atendimento\":\"Atendimento\",\"p23_oficinas\":\"Oficinas\",\"p23_oficinasaulasartisticas\":\"Ensaio\\\/Oficinas\\\/Aulas Art\\u00edsticas\",\"p23_cursos\":\"Cursos\",\"p23_formacao\":\"Forma\\u00e7\\u00e3o\",\"p23_apresentacoesartisticas\":\"Apresenta\\u00e7\\u00f5es Art\\u00edsticas\",\"p23_visitas\":\"Visitas\",\"p23_excursoes\":\"Excurs\\u00f5es\",\"p23_outros\":\"Outros\",\"p24_reunioes\":\"Reuni\\u00f5es\",\"p24_atendimento\":\"Atendimentos\",\"p24_oficinas\":\"Oficinas\",\"p24_formacao\":\"Forma\\u00e7\\u00e3o\",\"p24_visitasexcursoes\":\"Visitas\\\/Excurs\\u00f5es\",\"p25_numerodepessoas\":\"40 - 60\",\"p26_numerodepessoas\":\"300 - 400\",\"p27_espacopublico\":\"Espa\\u00e7o p\\u00fablico\",\"p27_espacoemprestadocedido\":\"Espa\\u00e7o emprestado\\\/cedido\",\"p27_espacoproprio\":\"Espa\\u00e7o pr\\u00f3prio\",\"p27_virtual\":\"Virtual\",\"p27_ocupacao\":\"Ocupa\\u00e7\\u00e3o\",\"p28_territorios\":\"Atua\\u00e7\\u00e3o Internacional\",\"p30_outrasorganizacoes\":\"Sim\",\"p32_campanhadelongaduracao\":\"N\\u00e3o\",\"p34_municipal\":\"Municipal\",\"p34_estadual\":\"Estadual\",\"p34_nacional\":\"Nacional\",\"p36_conselhosdeparticipacaoecontrolesocial\":\"N\\u00e3o\",\"p38_sim\":\"Sim\",\"p40_editais\":\"Sim\",\"p41_privadopf\":\"Privado (P. F\\u00edsica)\",\"p41_autofinanciamento\":\"Autofinanciamento\",\"p41_financiamentocoletivo0\":\"Financiamento coletivo\",\"p42_meiodedivulgacaoproprio\":\"Sim\",\"p43_email\":\"E-mail\",\"p43_facebook\":\"Facebook\",\"p43_whatsapp\":\"WhatsApp\",\"p43_instagram\":\"Instagram\",\"p43_youtube\":\"YouTube\",\"p44_radio\":\"R\\u00e1dio\",\"p44_redessociais\":\"Redes sociais (Facebook, YouTube, Instagram etc.)\",\"p44_sitesblogs\":\"Sites ou Blogs\",\"p39_publico\":\"POPULA\\u00c7\\u00c3O TRANS\",\"p45_bandeira\":\"PROTAGONISMO TRANS DIREITOS FEMININOS LGBTS\",\"p46_hashtags\":\"#MEUCORPOMINHASREGAS #REPRESENTATIVIDADETRANSJA #AMORERESPEITOACIMADETUDO\"},{\"p1_eixo\":\"Trabalho\",\"p9_tipoorganizacao\":\"Associa\\u00e7\\u00e3o\",\"p12_uf\":\"RS\",\"p13_cidade\":\"CANOAS\",\"p16_bairro\":\"Bairro\",\"p16_cidade\":\"Cidade\",\"p17_ano\":\"1990\",\"p18_desenvolvimentoterritorial\":\"Desenvolvimento territorial\",\"p18_direitoshumanos\":\"Direitos humanos\",\"p18_educacao\":\"Educa\\u00e7\\u00e3o\",\"p18_mobilidade\":\"Mobilidade\",\"p18_moradia\":\"Moradia\",\"p18_trabalho\":\"Trabalho\",\"p18_saude\":\"Sa\\u00fade\",\"p18_violencia\":\"Viol\\u00eancia\",\"p18_politicasculturais\":\"Pol\\u00edticas Culturais\",\"p19_desenvolvimentoterritorial\":\"Desenvolvimento territorial\",\"p19_direitoshumanos\":\"Direitos humanos\",\"p19_educacao\":\"Educa\\u00e7\\u00e3o\",\"p19_saude\":\"Sa\\u00fade\",\"p19_politicasculturais\":\"Pol\\u00edticas Culturais\",\"p20_oficinas\":\"Oficinas\",\"p20_cursos\":\"Cursos\",\"p20_formacao\":\"Forma\\u00e7\\u00e3o\",\"p20_apresentacoesartisticas\":\"Apresenta\\u00e7\\u00f5es art\\u00edsticas\",\"p21_machismo\":\"Machismo\",\"p21_racismo\":\"Racismo\",\"p21_nenhum\":\"Nenhum\",\"p22_numerodeparticipantes\":\"Mais de 90\",\"p23_reunioes\":\"Reuni\\u00f5es\",\"p23_atendimento\":\"Atendimento\",\"p23_oficinas\":\"Oficinas\",\"p23_cursos\":\"Cursos\",\"p23_formacao\":\"Forma\\u00e7\\u00e3o\",\"p23_visitas\":\"Visitas\",\"p24_atendimento\":\"Atendimentos\",\"p24_oficinas\":\"Oficinas\",\"p24_oficinasaulasartisticas\":\"Ensaios\\\/Oficinas\\\/Aulas art\\u00edsticas\",\"p24_formacao\":\"Forma\\u00e7\\u00e3o\",\"p24_apresentacoesartisticas\":\"Apresenta\\u00e7\\u00f5es art\\u00edsticas\",\"p25_numerodepessoas\":\"20 - 40\",\"p26_numerodepessoas\":\"80 - 100\",\"p27_espacoemprestadocedido\":\"Espa\\u00e7o emprestado\\\/cedido\",\"p27_espacoproprio\":\"Espa\\u00e7o pr\\u00f3prio\",\"p28_territorios\":\"Regi\\u00e3o da Cidade\",\"p30_outrasorganizacoes\":\"Sim\",\"p32_campanhadelongaduracao\":\"Sim\",\"p34_municipal\":\"Municipal\",\"p34_estadual\":\"Estadual\",\"p34_nenhuma\":\"Nenhuma\",\"p36_conselhosdeparticipacaoecontrolesocial\":\"Sim\",\"p38_sim\":\"Sim\",\"p40_editais\":\"Sim\",\"p41_privadopf\":\"Privado (P. F\\u00edsica)\",\"p41_financiamentocoletivo0\":\"Financiamento coletivo\",\"p42_meiodedivulgacaoproprio\":\"Sim\",\"p43_email\":\"E-mail\",\"p43_facebook\":\"Facebook\",\"p43_whatsapp\":\"WhatsApp\",\"p44_redessociais\":\"Redes sociais (Facebook, YouTube, Instagram etc.)\",\"p39_publico\":\"CRIAN\\u00c7AS ADOLESCENTES\",\"p45_bandeira\":\"DIMINUIR DESIGUALDADES COMUNIDADE\",\"p46_hashtags\":\"#AJUDARSEMOLHARAQUEM #UNIAOFAZAFORCA #JUNTOSSOMOSMAISFORTES\"},{\"p1_eixo\":\"Cultura\",\"p9_tipoorganizacao\":\"Associa\\u00e7\\u00e3o\",\"p12_uf\":\"GO\",\"p13_cidade\":\"GOI\\u00c2NIA\",\"p16_cidade\":\"Cidade\",\"p17_ano\":\"2009\",\"p18_direitoshumanos\":\"Direitos humanos\",\"p18_povosecomunidadestradicionais\":\"Povos e comunidades tradicionais\",\"p18_saude\":\"Sa\\u00fade\",\"p18_violencia\":\"Viol\\u00eancia\",\"p19_direitoshumanos\":\"Direitos humanos\",\"p19_educacao\":\"Educa\\u00e7\\u00e3o\",\"p19_lutaantirracismo\":\"Luta antirracismo\",\"p19_religiao\":\"Religi\\u00e3o\",\"p19_politicasculturais\":\"Pol\\u00edticas Culturais\",\"p20_reunioes\":\"Reuni\\u00f5es\",\"p20_cursos\":\"Cursos\",\"p20_formacao\":\"Forma\\u00e7\\u00e3o\",\"p20_apresentacoesartisticas\":\"Apresenta\\u00e7\\u00f5es art\\u00edsticas\",\"p21_repressaopolicial\":\"Repress\\u00e3o policial\",\"p21_intoleranciareligiosa\":\"Fundamentalismo\\\/intoler\\u00e2ncia religiosa\",\"p21_xenofobia\":\"Xenofobia\",\"p21_lgbtqifobia\":\"LGBTIfobia\",\"p21_nenhum\":\"Nenhum\",\"p22_numerodeparticipantes\":\"Mais de 90\",\"p23_reunioes\":\"Reuni\\u00f5es\",\"p23_oficinas\":\"Oficinas\",\"p23_oficinasaulasartisticas\":\"Ensaio\\\/Oficinas\\\/Aulas Art\\u00edsticas\",\"p23_cursos\":\"Cursos\",\"p23_formacao\":\"Forma\\u00e7\\u00e3o\",\"p24_reunioes\":\"Reuni\\u00f5es\",\"p24_oficinasaulasartisticas\":\"Ensaios\\\/Oficinas\\\/Aulas art\\u00edsticas\",\"p24_curso\":\"Curso\",\"p24_apresentacoesartisticas\":\"Apresenta\\u00e7\\u00f5es art\\u00edsticas\",\"p25_numerodepessoas\":\"20 - 40\",\"p26_numerodepessoas\":\"20 - 40\",\"p27_espacopublico\":\"Espa\\u00e7o p\\u00fablico\",\"p27_espacoemprestadocedido\":\"Espa\\u00e7o emprestado\\\/cedido\",\"p27_virtual\":\"Virtual\",\"p28_territorios\":\"Regi\\u00e3o da Cidade\",\"p30_outrasorganizacoes\":\"Sim\",\"p32_campanhadelongaduracao\":\"Sim\",\"p34_municipal\":\"Municipal\",\"p34_estadual\":\"Estadual\",\"p34_nenhuma\":\"Nenhuma\",\"p36_conselhosdeparticipacaoecontrolesocial\":\"N\\u00e3o\",\"p38_sim\":\"Sim\",\"p40_editais\":\"Sim\",\"p41_publicoestatal\":\"P\\u00fablico-Estatal\",\"p41_privadopf\":\"Privado (P. F\\u00edsica)\",\"p41_financiamentocoletivo0\":\"Financiamento coletivo\",\"p42_meiodedivulgacaoproprio\":\"Sim\",\"p43_email\":\"E-mail\",\"p43_facebook\":\"Facebook\",\"p43_whatsapp\":\"WhatsApp\",\"p44_radio\":\"R\\u00e1dio\",\"p44_jornaisimpressosdegrandecirculacao\":\"Jornais impressos de grande circula\\u00e7\\u00e3o\",\"p44_redessociais\":\"Redes sociais (Facebook, YouTube, Instagram etc.)\",\"p39_publico\":\"JOVENS ADULTOS\",\"p45_bandeira\":\"DIREITOS HUMANOS POL\\u00cdTICAS SOCIAIS PRECARIZADA PODER P\\u00daBLICO\",\"p46_hashtags\":\"#DIREITOSHUMANOS\"},{\"p1_eixo\":\"Cultura\",\"p9_tipoorganizacao\":\"Movimento Social\",\"p12_uf\":\"RS\",\"p13_cidade\":\"S\\u00c3O LEOPOLDO\",\"p16_cidade\":\"Cidade\",\"p17_ano\":\"1999\",\"p18_direitoshumanos\":\"Direitos humanos\",\"p18_educacao\":\"Educa\\u00e7\\u00e3o\",\"p18_feminismos\":\"Feminismos\",\"p18_lgbtqi\":\"LGBTQI\",\"p18_povosecomunidadestradicionais\":\"Povos e comunidades tradicionais\",\"p18_religiao\":\"Religi\\u00e3o\",\"p18_saude\":\"Sa\\u00fade\",\"p18_violencia\":\"Viol\\u00eancia\",\"p19_direitoshumanos\":\"Direitos humanos\",\"p19_lgbtqi\":\"LGBTQI\",\"p19_lutaantirracismo\":\"Luta antirracismo\",\"p19_religiao\":\"Religi\\u00e3o\",\"p20_reunioes\":\"Reuni\\u00f5es\",\"p20_oficinas\":\"Oficinas\",\"p20_cursos\":\"Cursos\",\"p20_formacao\":\"Forma\\u00e7\\u00e3o\",\"p20_visitasexcursoes\":\"Visitas\\\/Excurs\\u00f5es\",\"p21_repressaopolicial\":\"Repress\\u00e3o policial\",\"p21_intoleranciareligiosa\":\"Fundamentalismo\\\/intoler\\u00e2ncia religiosa\",\"p21_xenofobia\":\"Xenofobia\",\"p21_machismo\":\"Machismo\",\"p21_racismo\":\"Racismo\",\"p21_lgbtqifobia\":\"LGBTIfobia\",\"p22_numerodeparticipantes\":\"75 - 90\",\"p23_reunioes\":\"Reuni\\u00f5es\",\"p23_oficinas\":\"Oficinas\",\"p23_oficinasaulasartisticas\":\"Ensaio\\\/Oficinas\\\/Aulas Art\\u00edsticas\",\"p23_cursos\":\"Cursos\",\"p23_visitas\":\"Visitas\",\"p24_reunioes\":\"Reuni\\u00f5es\",\"p24_curso\":\"Curso\",\"p25_numerodepessoas\":\"40 - 60\",\"p26_numerodepessoas\":\"20 - 40\",\"p27_espacopublico\":\"Espa\\u00e7o p\\u00fablico\",\"p27_espacoproprio\":\"Espa\\u00e7o pr\\u00f3prio\",\"p27_virtual\":\"Virtual\",\"p28_territorios\":\"Cidade\",\"p30_outrasorganizacoes\":\"Sim\",\"p32_campanhadelongaduracao\":\"Sim\",\"p34_municipal\":\"Municipal\",\"p34_estadual\":\"Estadual\",\"p36_conselhosdeparticipacaoecontrolesocial\":\"Sim\",\"p38_sim\":\"Sim\",\"p40_editais\":\"N\\u00e3o\",\"p41_publicoestatal\":\"P\\u00fablico-Estatal\",\"p41_financiamentocoletivo0\":\"Financiamento coletivo\",\"p42_meiodedivulgacaoproprio\":\"N\\u00e3o\",\"p43_email\":\"E-mail\",\"p43_facebook\":\"Facebook\",\"p43_whatsapp\":\"WhatsApp\",\"p44_radio\":\"TV\",\"p44_jornaisimpressosdegrandecirculacao\":\"Jornais impressos de grande circula\\u00e7\\u00e3o\",\"p44_redessociais\":\"Redes sociais (Facebook, YouTube, Instagram etc.)\",\"p39_publico\":\"TODOS\",\"p45_bandeira\":\"MULHERES NEGROS RELIGIOSIDADE DIREITOS HUMANOS\",\"p46_hashtags\":\"#DIREITOSHUMANOS #DIREITOSAOCIDADAOBRASILEIRO\"},{\"p1_eixo\":\"Cultura\",\"p9_tipoorganizacao\":\"F\\u00f3rum\",\"p12_uf\":\"RS\",\"p13_cidade\":\"S\\u00c3O LEOPOLDO\",\"p16_cidade\":\"Cidade\",\"p17_ano\":\"2000\",\"p18_comunicacao\":\"Comunica\\u00e7\\u00e3o\",\"p18_difusaoartistica\":\"Difus\\u00e3o Art\\u00edstica\",\"p18_desenvolvimentoterritorial\":\"Desenvolvimento territorial\",\"p18_direitoshumanos\":\"Direitos humanos\",\"p18_educacao\":\"Educa\\u00e7\\u00e3o\",\"p18_feminismos\":\"Feminismos\",\"p18_lgbtqi\":\"LGBTQI\",\"p18_lutaantirracismo\":\"Luta antirracismo\",\"p18_mobilidade\":\"Mobilidade\",\"p18_moradia\":\"Moradia\",\"p18_povosecomunidadestradicionais\":\"Povos e comunidades tradicionais\",\"p18_trabalho\":\"Trabalho\",\"p18_religiao\":\"Religi\\u00e3o\",\"p18_saude\":\"Sa\\u00fade\",\"p18_violencia\":\"Viol\\u00eancia\",\"p18_politicasculturais\":\"Pol\\u00edticas Culturais\",\"p19_lgbtqi\":\"LGBTQI\",\"p19_lutaantirracismo\":\"Luta antirracismo\",\"p19_povosecomunidadestradicionais\":\"Povos e comunidades tradicionais\",\"p19_religiao\":\"Religi\\u00e3o\",\"p20_reunioes\":\"Reuni\\u00f5es\",\"p20_oficinas\":\"Oficinas\",\"p20_cursos\":\"Cursos\",\"p20_formacao\":\"Forma\\u00e7\\u00e3o\",\"p20_visitasexcursoes\":\"Visitas\\\/Excurs\\u00f5es\",\"p21_repressaopolicial\":\"Repress\\u00e3o policial\",\"p21_intoleranciareligiosa\":\"Fundamentalismo\\\/intoler\\u00e2ncia religiosa\",\"p21_xenofobia\":\"Xenofobia\",\"p21_machismo\":\"Machismo\",\"p21_racismo\":\"Racismo\",\"p21_lgbtqifobia\":\"LGBTIfobia\",\"p22_numerodeparticipantes\":\"30 - 45\",\"p23_reunioes\":\"Reuni\\u00f5es\",\"p23_oficinasaulasartisticas\":\"Ensaio\\\/Oficinas\\\/Aulas Art\\u00edsticas\",\"p23_cursos\":\"Cursos\",\"p23_visitas\":\"Visitas\",\"p23_outros\":\"Outros\",\"p24_reunioes\":\"Reuni\\u00f5es\",\"p24_formacao\":\"Forma\\u00e7\\u00e3o\",\"p24_outros\":\"Outros\",\"p25_numerodepessoas\":\"60 - 80\",\"p26_numerodepessoas\":\"40 - 60\",\"p27_espacopublico\":\"Espa\\u00e7o p\\u00fablico\",\"p27_espacoemprestadocedido\":\"Espa\\u00e7o emprestado\\\/cedido\",\"p27_espacoproprio\":\"Espa\\u00e7o pr\\u00f3prio\",\"p27_virtual\":\"Virtual\",\"p28_territorios\":\"Regi\\u00e3o da Cidade\",\"p30_outrasorganizacoes\":\"Sim\",\"p32_campanhadelongaduracao\":\"Sim\",\"p34_municipal\":\"Municipal\",\"p34_estadual\":\"Estadual\",\"p34_nacional\":\"Nacional\",\"p36_conselhosdeparticipacaoecontrolesocial\":\"Sim\",\"p38_sim\":\"Sim\",\"p40_editais\":\"N\\u00e3o\",\"p41_autofinanciamento\":\"Autofinanciamento\",\"p41_financiamentocoletivo0\":\"Financiamento coletivo\",\"p42_meiodedivulgacaoproprio\":\"Sim\",\"p43_email\":\"E-mail\",\"p43_facebook\":\"Facebook\",\"p43_whatsapp\":\"WhatsApp\",\"p44_radio\":\"TV\",\"p44_jornaisimpressosdegrandecirculacao\":\"Jornais impressos de grande circula\\u00e7\\u00e3o\",\"p44_jornaisimpressosdebairro\":\"Jornais impressos de bairro\",\"p44_redessociais\":\"Redes sociais (Facebook, YouTube, Instagram etc.)\",\"p39_publico\":\"TODOS\",\"p45_bandeira\":\"IGUALDADE RACIAL MULHERES NEGRAS JUVENTUDE IDOSOS DIREITOS HUMANOS\",\"p46_hashtags\":\"#ATIVIDADESOMASOCIEDADECIVIL\"},{\"p1_eixo\":\"Viol\\u00eancia\",\"p9_tipoorganizacao\":\"Coletivo\",\"p12_uf\":\"PA\",\"p13_cidade\":\"BEL\\u00c9M\",\"p16_cidade\":\"Cidade\",\"p17_ano\":\"2015\",\"p18_comunicacao\":\"Comunica\\u00e7\\u00e3o\",\"p18_difusaoartistica\":\"Difus\\u00e3o Art\\u00edstica\",\"p18_desenvolvimentoterritorial\":\"Desenvolvimento territorial\",\"p18_direitoshumanos\":\"Direitos humanos\",\"p18_educacao\":\"Educa\\u00e7\\u00e3o\",\"p18_feminismos\":\"Feminismos\",\"p18_lgbtqi\":\"LGBTQI\",\"p18_lutaantirracismo\":\"Luta antirracismo\",\"p18_mobilidade\":\"Mobilidade\",\"p18_moradia\":\"Moradia\",\"p18_povosecomunidadestradicionais\":\"Povos e comunidades tradicionais\",\"p18_trabalho\":\"Trabalho\",\"p18_religiao\":\"Religi\\u00e3o\",\"p18_saude\":\"Sa\\u00fade\",\"p18_violencia\":\"Viol\\u00eancia\",\"p18_politicasculturais\":\"Pol\\u00edticas Culturais\",\"p19_comunicacao\":\"Comunica\\u00e7\\u00e3o\",\"p19_direitoshumanos\":\"Direitos humanos\",\"p19_educacao\":\"Educa\\u00e7\\u00e3o\",\"p19_lgbtqi\":\"LGBTQI\",\"p19_lutaantirracismo\":\"Luta antirracismo\",\"p19_povosecomunidadestradicionais\":\"Povos e comunidades tradicionais\",\"p20_reunioes\":\"Reuni\\u00f5es\",\"p20_atendimento\":\"Atendimento\",\"p20_oficinas\":\"Oficinas\",\"p20_formacao\":\"Forma\\u00e7\\u00e3o\",\"p21_repressaopolicial\":\"Repress\\u00e3o policial\",\"p21_intoleranciareligiosa\":\"Fundamentalismo\\\/intoler\\u00e2ncia religiosa\",\"p21_xenofobia\":\"Xenofobia\",\"p21_machismo\":\"Machismo\",\"p21_racismo\":\"Racismo\",\"p21_lgbtqifobia\":\"LGBTIfobia\",\"p21_nenhum\":\"Nenhum\",\"p22_numerodeparticipantes\":\"15 - 30\",\"p23_reunioes\":\"Reuni\\u00f5es\",\"p23_atendimento\":\"Atendimento\",\"p23_oficinas\":\"Oficinas\",\"p23_outros\":\"Outros\",\"p24_reunioes\":\"Reuni\\u00f5es\",\"p24_formacao\":\"Forma\\u00e7\\u00e3o\",\"p24_profissionalizacao\":\"Profissionaliza\\u00e7\\u00e3o\",\"p24_outros\":\"Outros\",\"p25_numerodepessoas\":\"Mais de 500\",\"p26_numerodepessoas\":\"100 - 200\",\"p27_espacopublico\":\"Espa\\u00e7o p\\u00fablico\",\"p27_espacoemprestadocedido\":\"Espa\\u00e7o emprestado\\\/cedido\",\"p27_virtual\":\"Virtual\",\"p28_territorios\":\"Estado\",\"p30_outrasorganizacoes\":\"Sim\",\"p32_campanhadelongaduracao\":\"Sim\",\"p34_estadual\":\"Estadual\",\"p34_nacional\":\"Nacional\",\"p34_nenhuma\":\"Nenhuma\",\"p36_conselhosdeparticipacaoecontrolesocial\":\"Sim\",\"p38_sim\":\"Sim\",\"p38_nenhum\":\"Nenhum\",\"p40_editais\":\"N\\u00e3o\",\"p41_autofinanciamento\":\"Autofinanciamento\",\"p42_meiodedivulgacaoproprio\":\"Sim\",\"p43_impressoes\":\"Impressos\",\"p43_email\":\"E-mail\",\"p43_facebook\":\"Facebook\",\"p43_whatsapp\":\"WhatsApp\",\"p43_instagram\":\"Instagram\",\"p44_jornaisimpressosdegrandecirculacao\":\"Jornais impressos de grande circula\\u00e7\\u00e3o\",\"p44_jornaisimpressosdebairro\":\"Jornais impressos de bairro\",\"p44_redessociais\":\"Redes sociais (Facebook, YouTube, Instagram etc.)\",\"p39_publico\":\"MULHERES NEGRAS HOMENS NEGROS\",\"p45_bandeira\":\"LUTA ANTIRRACISTA SOB PERSPECTIVA FEMINISMO NEGRA LUTA CONTRA LGBTQIFOBIA CONTRA XENOFOBIA VIDA MULHERES QUILOMBOLAS COMUNIDADES TRADICIONAIS\",\"p46_hashtags\":\"#CONTRAORACISMOEOUTRASVIOLENCIAS #PELAVIDADASMULHERESNEGRAS #MULHERESNEGRASEMMOVIMENTONNOBRASIL\"},{\"p1_eixo\":\"Viol\\u00eancia\",\"p9_tipoorganizacao\":\"Coletivo\",\"p12_uf\":\"RJ\",\"p13_cidade\":\"PETR\\u00d3POLIS\",\"p16_cidade\":\"Cidade\",\"p17_ano\":\"2018\",\"p16_estado\":\"Estado\",\"p18_agrario\":\"Agr\\u00e1rio\\\/ruralidades\",\"p18_comunicacao\":\"Comunica\\u00e7\\u00e3o\",\"p18_desenvolvimentoterritorial\":\"Desenvolvimento territorial\",\"p18_direitoshumanos\":\"Direitos humanos\",\"p18_educacao\":\"Educa\\u00e7\\u00e3o\",\"p18_feminismos\":\"Feminismos\",\"p18_lgbtqi\":\"LGBTQI\",\"p18_lutaantirracismo\":\"Luta antirracismo\",\"p18_moradia\":\"Moradia\",\"p18_povosecomunidadestradicionais\":\"Povos e comunidades tradicionais\",\"p18_trabalho\":\"Trabalho\",\"p18_saude\":\"Sa\\u00fade\",\"p18_violencia\":\"Viol\\u00eancia\",\"p19_agrario\":\"Agr\\u00e1rio\\\/ruralidades\",\"p19_comunicacao\":\"Comunica\\u00e7\\u00e3o\",\"p19_direitoshumanos\":\"Direitos humanos\",\"p19_educacao\":\"Educa\\u00e7\\u00e3o\",\"p19_feminismos\":\"Feminismos\",\"p20_reunioes\":\"Reuni\\u00f5es\",\"p20_atendimento\":\"Atendimento\",\"p20_oficinas\":\"Oficinas\",\"p20_formacao\":\"Forma\\u00e7\\u00e3o\",\"p20_visitasexcursoes\":\"Visitas\\\/Excurs\\u00f5es\",\"p21_machismo\":\"Machismo\",\"p21_racismo\":\"Racismo\",\"p21_enfrentamentocomgruposprivadosarmados\":\"Enfrentamento com grupos privados armados\",\"p21_nenhum\":\"Nenhum\",\"p22_numerodeparticipantes\":\"1  - 15\",\"p23_reunioes\":\"Reuni\\u00f5es\",\"p23_atendimento\":\"Atendimento\",\"p23_oficinas\":\"Oficinas\",\"p23_cursos\":\"Cursos\",\"p23_formacao\":\"Forma\\u00e7\\u00e3o\",\"p23_visitas\":\"Visitas\",\"p23_excursoes\":\"Excurs\\u00f5es\",\"p23_outros\":\"Outros\",\"p24_atendimento\":\"Atendimentos\",\"p24_oficinas\":\"Oficinas\",\"p24_curso\":\"Curso\",\"p24_formacao\":\"Forma\\u00e7\\u00e3o\",\"p24_profissionalizacao\":\"Profissionaliza\\u00e7\\u00e3o\",\"p25_numerodepessoas\":\"20 - 40\",\"p26_numerodepessoas\":\"20 - 40\",\"p27_espacopublico\":\"Espa\\u00e7o p\\u00fablico\",\"p27_espacoemprestadocedido\":\"Espa\\u00e7o emprestado\\\/cedido\",\"p27_virtual\":\"Virtual\",\"p28_territorios\":\"Cidade\",\"p30_outrasorganizacoes\":\"N\\u00e3o\",\"p32_campanhadelongaduracao\":\"N\\u00e3o\",\"p34_estadual\":\"Estadual\",\"p34_nacional\":\"Nacional\",\"p34_nenhuma\":\"Nenhuma\",\"p36_conselhosdeparticipacaoecontrolesocial\":\"Sim\",\"p38_sim\":\"Sim\",\"p38_nenhum\":\"Nenhum\",\"p40_editais\":\"N\\u00e3o\",\"p41_publicoestatal\":\"P\\u00fablico-Estatal\",\"p41_privadopj\":\"Privado (P. Jur\\u00eddica)\",\"p41_autofinanciamento\":\"Autofinanciamento\",\"p41_financiamentocoletivo0\":\"Financiamento coletivo\",\"p42_meiodedivulgacaoproprio\":\"Sim\",\"p43_impressoes\":\"Impressos\",\"p43_email\":\"E-mail\",\"p43_facebook\":\"Facebook\",\"p43_whatsapp\":\"WhatsApp\",\"p43_instagram\":\"Instagram\",\"p43_twitter\":\"Twitter\",\"p43_sitesblogs\":\"Blogs\\\/sites\",\"p43_youtube\":\"YouTube\",\"p44_radio\":\"TV\",\"p44_jornaisimpressosdegrandecirculacao\":\"Jornais impressos de grande circula\\u00e7\\u00e3o\",\"p44_jornaisimpressosdebairro\":\"Jornais impressos de bairro\",\"p44_redessociais\":\"Redes sociais (Facebook, YouTube, Instagram etc.)\",\"p44_sitesblogs\":\"Sites ou Blogs\",\"p39_publico\":\"MOVIMENTOS SOCIAIS ATUANTES TERRIT\\u00d3RIOS CIDADE POPULA\\u00c7\\u00c3O PERIF\\u00c9RICA\",\"p45_bandeira\":\"DIREITOS HUMANOS\",\"p46_hashtags\":\"#DIREITOSHUMANOS #EDUCACAO #ORGANIZACAOPOPULAR\"},{\"p1_eixo\":\"Trabalho\",\"p9_tipoorganizacao\":\"ONG\",\"p12_uf\":\"CE\",\"p13_cidade\":\"FORTALEZA\",\"p17_ano\":\"1981\",\"p16_estado\":\"Estado\",\"p18_agrario\":\"Agr\\u00e1rio\\\/ruralidades\",\"p18_comunicacao\":\"Comunica\\u00e7\\u00e3o\",\"p18_difusaoartistica\":\"Difus\\u00e3o Art\\u00edstica\",\"p18_desenvolvimentoterritorial\":\"Desenvolvimento territorial\",\"p18_direitoshumanos\":\"Direitos humanos\",\"p18_educacao\":\"Educa\\u00e7\\u00e3o\",\"p18_feminismos\":\"Feminismos\",\"p18_lgbtqi\":\"LGBTQI\",\"p18_lutaantirracismo\":\"Luta antirracismo\",\"p18_mobilidade\":\"Mobilidade\",\"p18_moradia\":\"Moradia\",\"p18_povosecomunidadestradicionais\":\"Povos e comunidades tradicionais\",\"p18_trabalho\":\"Trabalho\",\"p18_religiao\":\"Religi\\u00e3o\",\"p18_saude\":\"Sa\\u00fade\",\"p18_violencia\":\"Viol\\u00eancia\",\"p18_politicasculturais\":\"Pol\\u00edticas Culturais\",\"p19_agrario\":\"Agr\\u00e1rio\\\/ruralidades\",\"p19_direitoshumanos\":\"Direitos humanos\",\"p19_educacao\":\"Educa\\u00e7\\u00e3o\",\"p19_feminismos\":\"Feminismos\",\"p19_lutaantirracismo\":\"Luta antirracismo\",\"p20_atendimento\":\"Atendimento\",\"p20_oficinas\":\"Oficinas\",\"p20_oficinasaulasartisticas\":\"Ensaios\\\/Oficinas\\\/Aulas art\\u00edsticas\",\"p20_formacao\":\"Forma\\u00e7\\u00e3o\",\"p20_apresentacoesartisticas\":\"Apresenta\\u00e7\\u00f5es art\\u00edsticas\",\"p20_visitasexcursoes\":\"Visitas\\\/Excurs\\u00f5es\",\"p21_repressaopolicial\":\"Repress\\u00e3o policial\",\"p21_intoleranciareligiosa\":\"Fundamentalismo\\\/intoler\\u00e2ncia religiosa\",\"p21_xenofobia\":\"Xenofobia\",\"p21_machismo\":\"Machismo\",\"p21_racismo\":\"Racismo\",\"p21_lgbtqifobia\":\"LGBTIfobia\",\"p21_enfrentamentocomgruposprivadosarmados\":\"Enfrentamento com grupos privados armados\",\"p22_numerodeparticipantes\":\"Mais de 90\",\"p23_atendimento\":\"Atendimento\",\"p23_oficinas\":\"Oficinas\",\"p23_oficinasaulasartisticas\":\"Ensaio\\\/Oficinas\\\/Aulas Art\\u00edsticas\",\"p23_cursos\":\"Cursos\",\"p23_formacao\":\"Forma\\u00e7\\u00e3o\",\"p23_apresentacoesartisticas\":\"Apresenta\\u00e7\\u00f5es Art\\u00edsticas\",\"p23_visitas\":\"Visitas\",\"p23_excursoes\":\"Excurs\\u00f5es\",\"p23_outros\":\"Outros\",\"p24_atendimento\":\"Atendimentos\",\"p24_oficinas\":\"Oficinas\",\"p24_curso\":\"Curso\",\"p24_formacao\":\"Forma\\u00e7\\u00e3o\",\"p24_apresentacoesartisticas\":\"Apresenta\\u00e7\\u00f5es art\\u00edsticas\",\"p25_numerodepessoas\":\"Mais de 500\",\"p26_numerodepessoas\":\"Mais de 500\",\"p27_espacopublico\":\"Espa\\u00e7o p\\u00fablico\",\"p27_espacoemprestadocedido\":\"Espa\\u00e7o emprestado\\\/cedido\",\"p28_territorios\":\"Estado\",\"p30_outrasorganizacoes\":\"Sim\",\"p32_campanhadelongaduracao\":\"Sim\",\"p34_estadual\":\"Estadual\",\"p34_nacional\":\"Nacional\",\"p36_conselhosdeparticipacaoecontrolesocial\":\"Sim\",\"p38_sim\":\"Sim\",\"p40_editais\":\"Sim\",\"p41_publicoestatal\":\"P\\u00fablico-Estatal\",\"p41_privadopf\":\"Privado (P. F\\u00edsica)\",\"p41_privadopj\":\"Privado (P. Jur\\u00eddica)\",\"p41_financiamentocoletivo0\":\"Financiamento coletivo\",\"p42_meiodedivulgacaoproprio\":\"Sim\",\"p43_email\":\"E-mail\",\"p43_facebook\":\"Facebook\",\"p43_instagram\":\"Instagram\",\"p43_twitter\":\"Twitter\",\"p43_sitesblogs\":\"Blogs\\\/sites\",\"p43_youtube\":\"YouTube\",\"p44_radio\":\"TV\",\"p44_jornaisimpressosdegrandecirculacao\":\"Jornais impressos de grande circula\\u00e7\\u00e3o\",\"p44_jornaisimpressosdebairro\":\"Jornais impressos de bairro\",\"p44_redessociais\":\"Redes sociais (Facebook, YouTube, Instagram etc.)\",\"p44_sitesblogs\":\"Sites ou Blogs\",\"p39_publico\":\"AGRICULTORES AGRICULTORAS FAMILIARES\",\"p45_bandeira\":\"LUTA REFORMA AGR\\u00c1RIA DEFESA PERMAN\\u00caNCIA AGRICULTORES AGRICULTORAS CONVIV\\u00caNCIA SEMI\\u00c1RIDO FEMINISMO LUTA PARTICIPA\\u00c7\\u00c3O VISIBILIDADE MULHERES DIN\\u00c2MICA ECON\\u00d4MICA LUTA CONTRA-VIOL\\u00caNCIA DIREITO POVOS\",\"p46_hashtags\":\"#SEMREFORMAAGRARIANAOHAAGROECOLOGIA #CONVIVENCIACOMOSEMIARIDO #SEMFEMINISMONAOHAAGROECOLOGIA\"},{\"p1_eixo\":\"Cultura\",\"p9_tipoorganizacao\":\"Coletivo Art\\u00edstico\",\"p12_uf\":\"AC\",\"p13_cidade\":\"RIO BRANCO\",\"p16_cidade\":\"Cidade\",\"p17_ano\":\"2017\",\"p16_estado\":\"Estado\",\"p18_agrario\":\"Agr\\u00e1rio\\\/ruralidades\",\"p18_comunicacao\":\"Comunica\\u00e7\\u00e3o\",\"p18_difusaoartistica\":\"Difus\\u00e3o Art\\u00edstica\",\"p18_desenvolvimentoterritorial\":\"Desenvolvimento territorial\",\"p18_direitoshumanos\":\"Direitos humanos\",\"p18_educacao\":\"Educa\\u00e7\\u00e3o\",\"p18_feminismos\":\"Feminismos\",\"p18_lgbtqi\":\"LGBTQI\",\"p18_lutaantirracismo\":\"Luta antirracismo\",\"p18_mobilidade\":\"Mobilidade\",\"p18_moradia\":\"Moradia\",\"p18_povosecomunidadestradicionais\":\"Povos e comunidades tradicionais\",\"p18_trabalho\":\"Trabalho\",\"p18_religiao\":\"Religi\\u00e3o\",\"p18_saude\":\"Sa\\u00fade\",\"p18_violencia\":\"Viol\\u00eancia\",\"p18_politicasculturais\":\"Pol\\u00edticas Culturais\",\"p19_direitoshumanos\":\"Direitos humanos\",\"p19_educacao\":\"Educa\\u00e7\\u00e3o\",\"p19_feminismos\":\"Feminismos\",\"p19_lutaantirracismo\":\"Luta antirracismo\",\"p19_mobilidade\":\"Mobilidade\",\"p19_moradia\":\"Moradia\",\"p20_reunioes\":\"Reuni\\u00f5es\",\"p20_oficinas\":\"Oficinas\",\"p20_oficinasaulasartisticas\":\"Ensaios\\\/Oficinas\\\/Aulas art\\u00edsticas\",\"p20_cursos\":\"Cursos\",\"p20_formacao\":\"Forma\\u00e7\\u00e3o\",\"p20_apresentacoesartisticas\":\"Apresenta\\u00e7\\u00f5es art\\u00edsticas\",\"p21_repressaopolicial\":\"Repress\\u00e3o policial\",\"p21_intoleranciareligiosa\":\"Fundamentalismo\\\/intoler\\u00e2ncia religiosa\",\"p21_xenofobia\":\"Xenofobia\",\"p21_machismo\":\"Machismo\",\"p21_racismo\":\"Racismo\",\"p21_lgbtqifobia\":\"LGBTIfobia\",\"p21_enfrentamentocomgruposprivadosarmados\":\"Enfrentamento com grupos privados armados\",\"p22_numerodeparticipantes\":\"1  - 15\",\"p23_reunioes\":\"Reuni\\u00f5es\",\"p23_oficinas\":\"Oficinas\",\"p23_oficinasaulasartisticas\":\"Ensaio\\\/Oficinas\\\/Aulas Art\\u00edsticas\",\"p23_formacao\":\"Forma\\u00e7\\u00e3o\",\"p23_apresentacoesartisticas\":\"Apresenta\\u00e7\\u00f5es Art\\u00edsticas\",\"p23_visitas\":\"Visitas\",\"p23_outros\":\"Outros\",\"p24_atendimento\":\"Atendimentos\",\"p24_apresentacoesartisticas\":\"Apresenta\\u00e7\\u00f5es art\\u00edsticas\",\"p25_numerodepessoas\":\"100 - 200\",\"p26_numerodepessoas\":\"200 - 300\",\"p27_espacopublico\":\"Espa\\u00e7o p\\u00fablico\",\"p27_espacoemprestadocedido\":\"Espa\\u00e7o emprestado\\\/cedido\",\"p28_territorios\":\"Estado\",\"p30_outrasorganizacoes\":\"Sim\",\"p32_campanhadelongaduracao\":\"Sim\",\"p34_estadual\":\"Estadual\",\"p34_nacional\":\"Nacional\",\"p36_conselhosdeparticipacaoecontrolesocial\":\"N\\u00e3o\",\"p38_sim\":\"Sim\",\"p40_editais\":\"N\\u00e3o\",\"p41_privadopf\":\"Privado (P. F\\u00edsica)\",\"p41_autofinanciamento\":\"Autofinanciamento\",\"p41_financiamentocoletivo0\":\"Financiamento coletivo\",\"p42_meiodedivulgacaoproprio\":\"Sim\",\"p43_email\":\"E-mail\",\"p43_facebook\":\"Facebook\",\"p43_whatsapp\":\"WhatsApp\",\"p43_instagram\":\"Instagram\",\"p44_radio\":\"R\\u00e1dio\",\"p44_redessociais\":\"Redes sociais (Facebook, YouTube, Instagram etc.)\",\"p44_sitesblogs\":\"Sites ou Blogs\",\"p39_publico\":\"CRIAN\\u00c7AS PERIF\\u00c9RICAS ADOLESCENTES PERIF\\u00c9RICOS\",\"p45_bandeira\":\"DIREITOS HUMANOS CIDADE\",\"p46_hashtags\":\"#IGUALDADESOCIAL #LITERATURAMARGINAL #PODERPOPULAR\"},{\"p1_eixo\":\"Viol\\u00eancia\",\"p9_tipoorganizacao\":\"Coletivo\",\"p12_uf\":\"RO\",\"p13_cidade\":\"PORTO VELHO\",\"p16_cidade\":\"Cidade\",\"p17_ano\":\"2015\",\"p16_estado\":\"Estado\",\"p18_desenvolvimentoterritorial\":\"Desenvolvimento territorial\",\"p18_direitoshumanos\":\"Direitos humanos\",\"p18_educacao\":\"Educa\\u00e7\\u00e3o\",\"p18_feminismos\":\"Feminismos\",\"p18_mobilidade\":\"Mobilidade\",\"p18_moradia\":\"Moradia\",\"p18_povosecomunidadestradicionais\":\"Povos e comunidades tradicionais\",\"p18_trabalho\":\"Trabalho\",\"p18_violencia\":\"Viol\\u00eancia\",\"p19_direitoshumanos\":\"Direitos humanos\",\"p19_feminismos\":\"Feminismos\",\"p19_mobilidade\":\"Mobilidade\",\"p19_moradia\":\"Moradia\",\"p19_trabalho\":\"Trabalho\",\"p20_reunioes\":\"Reuni\\u00f5es\",\"p20_oficinas\":\"Oficinas\",\"p20_cursos\":\"Cursos\",\"p20_formacao\":\"Forma\\u00e7\\u00e3o\",\"p21_repressaopolicial\":\"Repress\\u00e3o policial\",\"p21_machismo\":\"Machismo\",\"p21_racismo\":\"Racismo\",\"p22_numerodeparticipantes\":\"1  - 15\",\"p23_reunioes\":\"Reuni\\u00f5es\",\"p23_oficinas\":\"Oficinas\",\"p23_cursos\":\"Cursos\",\"p23_formacao\":\"Forma\\u00e7\\u00e3o\",\"p23_visitas\":\"Visitas\",\"p24_atendimento\":\"Atendimentos\",\"p24_apresentacoesartisticas\":\"Apresenta\\u00e7\\u00f5es art\\u00edsticas\",\"p24_visitasexcursoes\":\"Visitas\\\/Excurs\\u00f5es\",\"p25_numerodepessoas\":\"20 - 40\",\"p26_numerodepessoas\":\"1 - 20\",\"p27_espacopublico\":\"Espa\\u00e7o p\\u00fablico\",\"p27_espacoemprestadocedido\":\"Espa\\u00e7o emprestado\\\/cedido\",\"p27_espacoproprio\":\"Espa\\u00e7o pr\\u00f3prio\",\"p28_territorios\":\"Cidade\",\"p30_outrasorganizacoes\":\"Sim\",\"p32_campanhadelongaduracao\":\"Sim\",\"p34_municipal\":\"Municipal\",\"p34_estadual\":\"Estadual\",\"p34_nacional\":\"Nacional\",\"p36_conselhosdeparticipacaoecontrolesocial\":\"Sim\",\"p38_sim\":\"Sim\",\"p38_nenhum\":\"Nenhum\",\"p40_editais\":\"Sim\",\"p41_privadopj\":\"Privado (P. Jur\\u00eddica)\",\"p41_autofinanciamento\":\"Autofinanciamento\",\"p42_meiodedivulgacaoproprio\":\"Sim\",\"p43_email\":\"E-mail\",\"p43_facebook\":\"Facebook\",\"p43_whatsapp\":\"WhatsApp\",\"p43_instagram\":\"Instagram\",\"p44_redessociais\":\"Redes sociais (Facebook, YouTube, Instagram etc.)\",\"p44_sitesblogs\":\"Sites ou Blogs\",\"p39_publico\":\"MORADORES REGI\\u00d5ES PERIF\\u00c9RICAS PERIURBANAS OCUPA\\u00c7\\u00d5ES IMPACTADAS  EXPANS\\u00c3O URBANA CONSTRU\\u00c7\\u00c3O MEGA PROJETOS\",\"p45_bandeira\":\"DIREITOS HUMANOS CIDADE\",\"p46_hashtags\":\"#QUEMMUDAACIDADESOMOSNOS #ACIDADEENOSSA #DIREITOACIDADECOMPARTICIPACAOPOPULAR\"},{\"p1_eixo\":\"Trabalho\",\"p9_tipoorganizacao\":\"ONG\",\"p12_uf\":\"RN\",\"p13_cidade\":\"NATAL\",\"p17_ano\":\"2009\",\"p16_estado\":\"Estado\",\"p18_agrario\":\"Agr\\u00e1rio\\\/ruralidades\",\"p18_comunicacao\":\"Comunica\\u00e7\\u00e3o\",\"p18_difusaoartistica\":\"Difus\\u00e3o Art\\u00edstica\",\"p18_direitoshumanos\":\"Direitos humanos\",\"p18_educacao\":\"Educa\\u00e7\\u00e3o\",\"p18_feminismos\":\"Feminismos\",\"p18_lgbtqi\":\"LGBTQI\",\"p18_lutaantirracismo\":\"Luta antirracismo\",\"p18_povosecomunidadestradicionais\":\"Povos e comunidades tradicionais\",\"p18_trabalho\":\"Trabalho\",\"p18_religiao\":\"Religi\\u00e3o\",\"p18_saude\":\"Sa\\u00fade\",\"p18_violencia\":\"Viol\\u00eancia\",\"p18_politicasculturais\":\"Pol\\u00edticas Culturais\",\"p19_direitoshumanos\":\"Direitos humanos\",\"p19_feminismos\":\"Feminismos\",\"p19_lutaantirracismo\":\"Luta antirracismo\",\"p19_povosecomunidadestradicionais\":\"Povos e comunidades tradicionais\",\"p19_trabalho\":\"Trabalho\",\"p20_reunioes\":\"Reuni\\u00f5es\",\"p20_oficinas\":\"Oficinas\",\"p20_cursos\":\"Cursos\",\"p20_formacao\":\"Forma\\u00e7\\u00e3o\",\"p20_apresentacoesartisticas\":\"Apresenta\\u00e7\\u00f5es art\\u00edsticas\",\"p21_machismo\":\"Machismo\",\"p21_racismo\":\"Racismo\",\"p22_numerodeparticipantes\":\"1  - 15\",\"p23_reunioes\":\"Reuni\\u00f5es\",\"p23_oficinas\":\"Oficinas\",\"p23_cursos\":\"Cursos\",\"p24_oficinas\":\"Oficinas\",\"p24_formacao\":\"Forma\\u00e7\\u00e3o\",\"p24_apresentacoesartisticas\":\"Apresenta\\u00e7\\u00f5es art\\u00edsticas\",\"p24_visitasexcursoes\":\"Visitas\\\/Excurs\\u00f5es\",\"p25_numerodepessoas\":\"1 - 20\",\"p26_numerodepessoas\":\"1 - 20\",\"p27_espacopublico\":\"Espa\\u00e7o p\\u00fablico\",\"p27_espacoemprestadocedido\":\"Espa\\u00e7o emprestado\\\/cedido\",\"p27_espacoproprio\":\"Espa\\u00e7o pr\\u00f3prio\",\"p28_territorios\":\"Estado\",\"p30_outrasorganizacoes\":\"Sim\",\"p32_campanhadelongaduracao\":\"Sim\",\"p34_municipal\":\"Municipal\",\"p34_estadual\":\"Estadual\",\"p36_conselhosdeparticipacaoecontrolesocial\":\"N\\u00e3o\",\"p38_sim\":\"Sim\",\"p38_nenhum\":\"Nenhum\",\"p40_editais\":\"N\\u00e3o\",\"p41_privadopj\":\"Privado (P. Jur\\u00eddica)\",\"p41_autofinanciamento\":\"Autofinanciamento\",\"p42_meiodedivulgacaoproprio\":\"Sim\",\"p43_email\":\"E-mail\",\"p43_facebook\":\"Facebook\",\"p43_whatsapp\":\"WhatsApp\",\"p43_instagram\":\"Instagram\",\"p43_sitesblogs\":\"Blogs\\\/sites\",\"p44_redessociais\":\"Redes sociais (Facebook, YouTube, Instagram etc.)\",\"p44_sitesblogs\":\"Sites ou Blogs\",\"p39_publico\":\"MULHERES CRIAN\\u00c7AS VULNERABILIDADE\",\"p45_bandeira\":\"IGUALDADE G\\u00caNERO JUSTI\\u00c7A SOCIAL DIREITOS CRIAN\\u00c7AS ADOLESCENTES EDUCA\\u00c7\\u00c3O AMBIENTAL MEIO-AMBIENTE\",\"p46_hashtags\":\"#IGUALDADEDEDIREITOSEOPORTUNIDADES  #EMPODERAMENTO #MUNDOMAISJUSTO\"},{\"p1_eixo\":\"Cultura\",\"p9_tipoorganizacao\":\"ONG\",\"p12_uf\":\"MG\",\"p13_cidade\":\"MANHUMIRIM\",\"p17_ano\":\"2008\",\"p16_estado\":\"Estado\",\"p18_agrario\":\"Agr\\u00e1rio\\\/ruralidades\",\"p18_comunicacao\":\"Comunica\\u00e7\\u00e3o\",\"p18_difusaoartistica\":\"Difus\\u00e3o Art\\u00edstica\",\"p18_direitoshumanos\":\"Direitos humanos\",\"p18_educacao\":\"Educa\\u00e7\\u00e3o\",\"p18_feminismos\":\"Feminismos\",\"p18_lgbtqi\":\"LGBTQI\",\"p18_lutaantirracismo\":\"Luta antirracismo\",\"p18_povosecomunidadestradicionais\":\"Povos e comunidades tradicionais\",\"p18_religiao\":\"Religi\\u00e3o\",\"p18_saude\":\"Sa\\u00fade\",\"p18_violencia\":\"Viol\\u00eancia\",\"p18_politicasculturais\":\"Pol\\u00edticas Culturais\",\"p19_direitoshumanos\":\"Direitos humanos\",\"p19_lgbtqi\":\"LGBTQI\",\"p19_lutaantirracismo\":\"Luta antirracismo\",\"p19_povosecomunidadestradicionais\":\"Povos e comunidades tradicionais\",\"p19_difusaoartistica\":\"Difus\\u00e3o Art\\u00edstica\",\"p20_reunioes\":\"Reuni\\u00f5es\",\"p20_oficinas\":\"Oficinas\",\"p20_cursos\":\"Cursos\",\"p20_formacao\":\"Forma\\u00e7\\u00e3o\",\"p20_apresentacoesartisticas\":\"Apresenta\\u00e7\\u00f5es art\\u00edsticas\",\"p21_machismo\":\"Machismo\",\"p21_racismo\":\"Racismo\",\"p21_nenhum\":\"Nenhum\",\"p22_numerodeparticipantes\":\"30 - 45\",\"p23_reunioes\":\"Reuni\\u00f5es\",\"p23_atendimento\":\"Atendimento\",\"p24_oficinas\":\"Oficinas\",\"p24_formacao\":\"Forma\\u00e7\\u00e3o\",\"p24_apresentacoesartisticas\":\"Apresenta\\u00e7\\u00f5es art\\u00edsticas\",\"p25_numerodepessoas\":\"20 - 40\",\"p26_numerodepessoas\":\"100 - 200\",\"p27_espacopublico\":\"Espa\\u00e7o p\\u00fablico\",\"p27_espacoemprestadocedido\":\"Espa\\u00e7o emprestado\\\/cedido\",\"p27_espacoproprio\":\"Espa\\u00e7o pr\\u00f3prio\",\"p28_territorios\":\"Estado\",\"p30_outrasorganizacoes\":\"Sim\",\"p32_campanhadelongaduracao\":\"Sim\",\"p34_municipal\":\"Municipal\",\"p34_estadual\":\"Estadual\",\"p36_conselhosdeparticipacaoecontrolesocial\":\"Sim\",\"p38_sim\":\"Sim\",\"p40_editais\":\"N\\u00e3o\",\"p41_autofinanciamento\":\"Autofinanciamento\",\"p42_meiodedivulgacaoproprio\":\"Sim\",\"p43_email\":\"E-mail\",\"p43_facebook\":\"Facebook\",\"p43_whatsapp\":\"WhatsApp\",\"p43_instagram\":\"Instagram\",\"p43_sitesblogs\":\"Blogs\\\/sites\",\"p44_redessociais\":\"Redes sociais (Facebook, YouTube, Instagram etc.)\",\"p44_sitesblogs\":\"Sites ou Blogs\",\"p39_publico\":\"NEGROS NEGRAS\",\"p45_bandeira\":\"IGUALDADE RACIAL JUVENTUDE COMUNIDADES QUILOMBOLAS CULTURA ARTE EDUCA\\u00c7\\u00c3O SA\\u00daDE MEIO-AMBIENTE\",\"p46_hashtags\":\"#PERSISTENCIA #ORGANIZACAO #COMPROMISSO\"},{\"p1_eixo\":\"Trabalho\",\"p9_tipoorganizacao\":\"Sindicato\",\"p12_uf\":\"AM\",\"p13_cidade\":\"MANAUS\",\"p16_bairro\":\"Bairro\",\"p17_ano\":\"2012\",\"p16_estado\":\"Estado\",\"p18_agrario\":\"Agr\\u00e1rio\\\/ruralidades\",\"p18_educacao\":\"Educa\\u00e7\\u00e3o\",\"p18_religiao\":\"Religi\\u00e3o\",\"p18_politicasculturais\":\"Pol\\u00edticas Culturais\",\"p19_direitoshumanos\":\"Direitos humanos\",\"p19_educacao\":\"Educa\\u00e7\\u00e3o\",\"p19_lgbtqi\":\"LGBTQI\",\"p19_saude\":\"Sa\\u00fade\",\"p19_violencia\":\"Viol\\u00eancia\",\"p19_difusaoartistica\":\"Difus\\u00e3o Art\\u00edstica\",\"p20_reunioes\":\"Reuni\\u00f5es\",\"p20_atendimento\":\"Atendimento\",\"p20_oficinas\":\"Oficinas\",\"p20_cursos\":\"Cursos\",\"p20_formacao\":\"Forma\\u00e7\\u00e3o\",\"p21_nenhum\":\"Nenhum\",\"p22_numerodeparticipantes\":\"15 - 30\",\"p23_reunioes\":\"Reuni\\u00f5es\",\"p23_atendimento\":\"Atendimento\",\"p24_reunioes\":\"Reuni\\u00f5es\",\"p24_oficinas\":\"Oficinas\",\"p24_formacao\":\"Forma\\u00e7\\u00e3o\",\"p25_numerodepessoas\":\"20 - 40\",\"p26_numerodepessoas\":\"40 - 60\",\"p27_espacopublico\":\"Espa\\u00e7o p\\u00fablico\",\"p27_espacoemprestadocedido\":\"Espa\\u00e7o emprestado\\\/cedido\",\"p27_espacoproprio\":\"Espa\\u00e7o pr\\u00f3prio\",\"p28_territorios\":\"Estado\",\"p30_outrasorganizacoes\":\"Sim\",\"p32_campanhadelongaduracao\":\"N\\u00e3o\",\"p34_municipal\":\"Municipal\",\"p34_estadual\":\"Estadual\",\"p34_nenhuma\":\"Nenhuma\",\"p36_conselhosdeparticipacaoecontrolesocial\":\"Sim\",\"p38_sim\":\"Sim\",\"p38_nenhum\":\"Nenhum\",\"p40_editais\":\"N\\u00e3o\",\"p41_privadopf\":\"Privado (P. F\\u00edsica)\",\"p41_autofinanciamento\":\"Autofinanciamento\",\"p42_meiodedivulgacaoproprio\":\"Sim\",\"p43_email\":\"E-mail\",\"p43_facebook\":\"Facebook\",\"p43_whatsapp\":\"WhatsApp\",\"p43_instagram\":\"Instagram\",\"p43_youtube\":\"YouTube\",\"p44_redessociais\":\"Redes sociais (Facebook, YouTube, Instagram etc.)\",\"p39_publico\":\"ASSISTENTES SOCIAIS\",\"p45_bandeira\":\"CONTRA REFORMA TRABALHISTA CONTRA REFORMA PREVID\\u00caNCIA PISO SALARIAL CONCURSOS P\\u00daBLICOS\",\"p46_hashtags\":\"#CONTRAAREFORMATRABALHISTA #CONTRAAREFORMADAPREVIDENCIA #PELOSCONCURSOSPUBLICOS\"},{\"p1_eixo\":\"Cultura\",\"p9_tipoorganizacao\":\"ONG\",\"p12_uf\":\"RJ\",\"p13_cidade\":\"NITER\\u00d3I\",\"p16_bairro\":\"Bairro\",\"p17_ano\":\"2003\",\"p18_educacao\":\"Educa\\u00e7\\u00e3o\",\"p19_comunicacao\":\"Comunica\\u00e7\\u00e3o\",\"p19_educacao\":\"Educa\\u00e7\\u00e3o\",\"p19_saude\":\"Sa\\u00fade\",\"p19_violencia\":\"Viol\\u00eancia\",\"p19_difusaoartistica\":\"Difus\\u00e3o Art\\u00edstica\",\"p20_reunioes\":\"Reuni\\u00f5es\",\"p20_atendimento\":\"Atendimento\",\"p20_oficinas\":\"Oficinas\",\"p20_apresentacoesartisticas\":\"Apresenta\\u00e7\\u00f5es art\\u00edsticas\",\"p21_nenhum\":\"Nenhum\",\"p22_numerodeparticipantes\":\"1  - 15\",\"p23_atendimento\":\"Atendimento\",\"p23_oficinasaulasartisticas\":\"Ensaio\\\/Oficinas\\\/Aulas Art\\u00edsticas\",\"p24_reunioes\":\"Reuni\\u00f5es\",\"p24_oficinas\":\"Oficinas\",\"p25_numerodepessoas\":\"80 - 100\",\"p26_numerodepessoas\":\"60 - 80\",\"p27_espacoproprio\":\"Espa\\u00e7o pr\\u00f3prio\",\"p28_territorios\":\"Pr\\u00f3prio bairro\",\"p30_outrasorganizacoes\":\"Sim\",\"p32_campanhadelongaduracao\":\"N\\u00e3o\",\"p34_nenhuma\":\"Nenhuma\",\"p36_conselhosdeparticipacaoecontrolesocial\":\"Sim\",\"p38_nenhum\":\"Nenhum\",\"p40_editais\":\"N\\u00e3o\",\"p41_privadopf\":\"Privado (P. F\\u00edsica)\",\"p41_autofinanciamento\":\"Autofinanciamento\",\"p42_meiodedivulgacaoproprio\":\"Sim\",\"p43_email\":\"E-mail\",\"p43_facebook\":\"Facebook\",\"p43_whatsapp\":\"WhatsApp\",\"p43_instagram\":\"Instagram\",\"p43_youtube\":\"YouTube\",\"p44_redessociais\":\"Redes sociais (Facebook, YouTube, Instagram etc.)\",\"p39_publico\":\"CRIAN\\u00c7AS ADOLESCENTES JOVENS FAM\\u00cdLIAS\",\"p45_bandeira\":\" DEFESA ELEVA\\u00c7\\u00c3O MANUTEN\\u00c7\\u00c3O VIDA SER HUMANO MEIO-AMBIENTE S CULTURAIS S ASSISTENCIAIS SA\\u00daDE\",\"p46_hashtags\":\"#DETERMINACAO #FORCA #OBJETIVO\"},{\"p1_eixo\":\"Cultura\",\"p9_tipoorganizacao\":\"Coletivo\",\"p12_uf\":\"PA\",\"p13_cidade\":\"BEL\\u00c9M\",\"p16_bairro\":\"Bairro\",\"p16_cidade\":\"Cidade\",\"p17_ano\":\"2015\",\"p18_comunicacao\":\"Comunica\\u00e7\\u00e3o\",\"p18_direitoshumanos\":\"Direitos humanos\",\"p18_educacao\":\"Educa\\u00e7\\u00e3o\",\"p18_violencia\":\"Viol\\u00eancia\",\"p19_comunicacao\":\"Comunica\\u00e7\\u00e3o\",\"p19_direitoshumanos\":\"Direitos humanos\",\"p19_educacao\":\"Educa\\u00e7\\u00e3o\",\"p19_violencia\":\"Viol\\u00eancia\",\"p19_difusaoartistica\":\"Difus\\u00e3o Art\\u00edstica\",\"p20_reunioes\":\"Reuni\\u00f5es\",\"p20_oficinas\":\"Oficinas\",\"p20_cursos\":\"Cursos\",\"p20_formacao\":\"Forma\\u00e7\\u00e3o\",\"p20_apresentacoesartisticas\":\"Apresenta\\u00e7\\u00f5es art\\u00edsticas\",\"p21_intoleranciareligiosa\":\"Fundamentalismo\\\/intoler\\u00e2ncia religiosa\",\"p21_nenhum\":\"Nenhum\",\"p22_numerodeparticipantes\":\"1  - 15\",\"p23_reunioes\":\"Reuni\\u00f5es\",\"p23_oficinas\":\"Oficinas\",\"p23_oficinasaulasartisticas\":\"Ensaio\\\/Oficinas\\\/Aulas Art\\u00edsticas\",\"p23_cursos\":\"Cursos\",\"p23_formacao\":\"Forma\\u00e7\\u00e3o\",\"p23_outros\":\"Outros\",\"p24_reunioes\":\"Reuni\\u00f5es\",\"p24_oficinas\":\"Oficinas\",\"p25_numerodepessoas\":\"1 - 20\",\"p26_numerodepessoas\":\"1 - 20\",\"p27_espacoemprestadocedido\":\"Espa\\u00e7o emprestado\\\/cedido\",\"p27_espacoproprio\":\"Espa\\u00e7o pr\\u00f3prio\",\"p28_territorios\":\"Pr\\u00f3prio bairro\",\"p30_outrasorganizacoes\":\"N\\u00e3o\",\"p32_campanhadelongaduracao\":\"Sim\",\"p34_municipal\":\"Municipal\",\"p34_nenhuma\":\"Nenhuma\",\"p36_conselhosdeparticipacaoecontrolesocial\":\"N\\u00e3o\",\"p38_nenhum\":\"Nenhum\",\"p40_editais\":\"N\\u00e3o\",\"p41_privadopf\":\"Privado (P. F\\u00edsica)\",\"p41_privadopj\":\"Privado (P. Jur\\u00eddica)\",\"p41_autofinanciamento\":\"Autofinanciamento\",\"p42_meiodedivulgacaoproprio\":\"Sim\",\"p43_impressoes\":\"Impressos\",\"p43_email\":\"E-mail\",\"p43_facebook\":\"Facebook\",\"p43_whatsapp\":\"WhatsApp\",\"p43_instagram\":\"Instagram\",\"p43_sitesblogs\":\"Blogs\\\/sites\",\"p43_youtube\":\"YouTube\",\"p44_jornaisimpressosdebairro\":\"Jornais impressos de bairro\",\"p44_redessociais\":\"Redes sociais (Facebook, YouTube, Instagram etc.)\",\"p44_sitesblogs\":\"Sites ou Blogs\",\"p39_publico\":\"CRIAN\\u00c7AS FAM\\u00cdLIAS\",\"p45_bandeira\":\"LEITURA ARTE EDUCA\\u00c7\\u00c3O\",\"p46_hashtags\":\"#RESISTENCIA #ARTEEDUCACAO #AMAZONIALIVRE\"},{\"p1_eixo\":\"Viol\\u00eancia\",\"p9_tipoorganizacao\":\"Coletivo\",\"p12_uf\":\"PE\",\"p13_cidade\":\"PAULISTA\",\"p16_cidade\":\"Cidade\",\"p17_ano\":\"2008\",\"p16_estado\":\"Estado\",\"p18_agrario\":\"Agr\\u00e1rio\\\/ruralidades\",\"p18_comunicacao\":\"Comunica\\u00e7\\u00e3o\",\"p18_difusaoartistica\":\"Difus\\u00e3o Art\\u00edstica\",\"p18_desenvolvimentoterritorial\":\"Desenvolvimento territorial\",\"p18_direitoshumanos\":\"Direitos humanos\",\"p18_educacao\":\"Educa\\u00e7\\u00e3o\",\"p18_feminismos\":\"Feminismos\",\"p18_lgbtqi\":\"LGBTQI\",\"p18_lutaantirracismo\":\"Luta antirracismo\",\"p18_mobilidade\":\"Mobilidade\",\"p18_moradia\":\"Moradia\",\"p18_povosecomunidadestradicionais\":\"Povos e comunidades tradicionais\",\"p18_trabalho\":\"Trabalho\",\"p18_religiao\":\"Religi\\u00e3o\",\"p18_saude\":\"Sa\\u00fade\",\"p18_violencia\":\"Viol\\u00eancia\",\"p18_politicasculturais\":\"Pol\\u00edticas Culturais\",\"p19_comunicacao\":\"Comunica\\u00e7\\u00e3o\",\"p19_desenvolvimentoterritorial\":\"Desenvolvimento territorial\",\"p19_direitoshumanos\":\"Direitos humanos\",\"p19_religiao\":\"Religi\\u00e3o\",\"p19_violencia\":\"Viol\\u00eancia\",\"p19_politicasculturais\":\"Pol\\u00edticas Culturais\",\"p20_reunioes\":\"Reuni\\u00f5es\",\"p20_atendimento\":\"Atendimento\",\"p20_oficinas\":\"Oficinas\",\"p20_oficinasaulasartisticas\":\"Ensaios\\\/Oficinas\\\/Aulas art\\u00edsticas\",\"p20_cursos\":\"Cursos\",\"p20_formacao\":\"Forma\\u00e7\\u00e3o\",\"p20_apresentacoesartisticas\":\"Apresenta\\u00e7\\u00f5es art\\u00edsticas\",\"p21_repressaopolicial\":\"Repress\\u00e3o policial\",\"p21_intoleranciareligiosa\":\"Fundamentalismo\\\/intoler\\u00e2ncia religiosa\",\"p21_xenofobia\":\"Xenofobia\",\"p21_machismo\":\"Machismo\",\"p21_racismo\":\"Racismo\",\"p21_lgbtqifobia\":\"LGBTIfobia\",\"p21_enfrentamentocomgruposprivadosarmados\":\"Enfrentamento com grupos privados armados\",\"p22_numerodeparticipantes\":\"1  - 15\",\"p23_reunioes\":\"Reuni\\u00f5es\",\"p23_oficinas\":\"Oficinas\",\"p23_oficinasaulasartisticas\":\"Ensaio\\\/Oficinas\\\/Aulas Art\\u00edsticas\",\"p23_cursos\":\"Cursos\",\"p23_formacao\":\"Forma\\u00e7\\u00e3o\",\"p23_outros\":\"Outros\",\"p24_reunioes\":\"Reuni\\u00f5es\",\"p24_oficinas\":\"Oficinas\",\"p24_oficinasaulasartisticas\":\"Ensaios\\\/Oficinas\\\/Aulas art\\u00edsticas\",\"p24_apresentacoesartisticas\":\"Apresenta\\u00e7\\u00f5es art\\u00edsticas\",\"p24_outros\":\"Outros\",\"p25_numerodepessoas\":\"1 - 20\",\"p26_numerodepessoas\":\"60 - 80\",\"p27_espacoemprestadocedido\":\"Espa\\u00e7o emprestado\\\/cedido\",\"p27_espacoproprio\":\"Espa\\u00e7o pr\\u00f3prio\",\"p28_territorios\":\"Regi\\u00e3o da Cidade\",\"p30_outrasorganizacoes\":\"Sim\",\"p32_campanhadelongaduracao\":\"Sim\",\"p34_municipal\":\"Municipal\",\"p34_estadual\":\"Estadual\",\"p34_nacional\":\"Nacional\",\"p36_conselhosdeparticipacaoecontrolesocial\":\"N\\u00e3o\",\"p38_sim\":\"Sim\",\"p38_nenhum\":\"Nenhum\",\"p40_editais\":\"Sim\",\"p41_privadopj\":\"Privado (P. Jur\\u00eddica)\",\"p41_autofinanciamento\":\"Autofinanciamento\",\"p42_meiodedivulgacaoproprio\":\"Sim\",\"p43_impressoes\":\"Impressos\",\"p43_email\":\"E-mail\",\"p43_facebook\":\"Facebook\",\"p43_instagram\":\"Instagram\",\"p43_sitesblogs\":\"Blogs\\\/sites\",\"p43_youtube\":\"YouTube\",\"p44_radio\":\"TV\",\"p44_jornaisimpressosdegrandecirculacao\":\"Jornais impressos de grande circula\\u00e7\\u00e3o\",\"p44_jornaisimpressosdebairro\":\"Jornais impressos de bairro\",\"p44_redessociais\":\"Redes sociais (Facebook, YouTube, Instagram etc.)\",\"p44_sitesblogs\":\"Sites ou Blogs\",\"p39_publico\":\"TODOS\",\"p45_bandeira\":\"ENFRENTAMENTO VIOL\\u00caNCIAS COMUNICA\\u00c7\\u00c3O POPULAR COMUNIT\\u00c1RIA\",\"p46_hashtags\":\"#EMPODERAMENTO #EUSOUCOLETIVO #UMASOVIDA\"},{\"p1_eixo\":\"Cultura\",\"p9_tipoorganizacao\":\"Instituto\",\"p12_uf\":\"PA\",\"p13_cidade\":\"BEL\\u00c9M\",\"p16_cidade\":\"Cidade\",\"p17_ano\":\"1988\",\"p16_estado\":\"Estado\",\"p18_agrario\":\"Agr\\u00e1rio\\\/ruralidades\",\"p18_comunicacao\":\"Comunica\\u00e7\\u00e3o\",\"p18_difusaoartistica\":\"Difus\\u00e3o Art\\u00edstica\",\"p18_desenvolvimentoterritorial\":\"Desenvolvimento territorial\",\"p18_direitoshumanos\":\"Direitos humanos\",\"p18_educacao\":\"Educa\\u00e7\\u00e3o\",\"p18_feminismos\":\"Feminismos\",\"p18_lgbtqi\":\"LGBTQI\",\"p18_lutaantirracismo\":\"Luta antirracismo\",\"p18_mobilidade\":\"Mobilidade\",\"p18_moradia\":\"Moradia\",\"p18_povosecomunidadestradicionais\":\"Povos e comunidades tradicionais\",\"p18_trabalho\":\"Trabalho\",\"p18_religiao\":\"Religi\\u00e3o\",\"p18_saude\":\"Sa\\u00fade\",\"p18_violencia\":\"Viol\\u00eancia\",\"p18_politicasculturais\":\"Pol\\u00edticas Culturais\",\"p19_desenvolvimentoterritorial\":\"Desenvolvimento territorial\",\"p19_direitoshumanos\":\"Direitos humanos\",\"p19_mobilidade\":\"Mobilidade\",\"p19_religiao\":\"Religi\\u00e3o\",\"p19_difusaoartistica\":\"Difus\\u00e3o Art\\u00edstica\",\"p19_politicasculturais\":\"Pol\\u00edticas Culturais\",\"p20_reunioes\":\"Reuni\\u00f5es\",\"p20_atendimento\":\"Atendimento\",\"p20_oficinas\":\"Oficinas\",\"p20_oficinasaulasartisticas\":\"Ensaios\\\/Oficinas\\\/Aulas art\\u00edsticas\",\"p20_cursos\":\"Cursos\",\"p20_apresentacoesartisticas\":\"Apresenta\\u00e7\\u00f5es art\\u00edsticas\",\"p21_repressaopolicial\":\"Repress\\u00e3o policial\",\"p21_intoleranciareligiosa\":\"Fundamentalismo\\\/intoler\\u00e2ncia religiosa\",\"p21_xenofobia\":\"Xenofobia\",\"p21_machismo\":\"Machismo\",\"p21_racismo\":\"Racismo\",\"p21_lgbtqifobia\":\"LGBTIfobia\",\"p21_enfrentamentocomgruposprivadosarmados\":\"Enfrentamento com grupos privados armados\",\"p22_numerodeparticipantes\":\"1  - 15\",\"p23_oficinas\":\"Oficinas\",\"p23_oficinasaulasartisticas\":\"Ensaio\\\/Oficinas\\\/Aulas Art\\u00edsticas\",\"p23_apresentacoesartisticas\":\"Apresenta\\u00e7\\u00f5es Art\\u00edsticas\",\"p23_outros\":\"Outros\",\"p24_reunioes\":\"Reuni\\u00f5es\",\"p24_oficinas\":\"Oficinas\",\"p24_oficinasaulasartisticas\":\"Ensaios\\\/Oficinas\\\/Aulas art\\u00edsticas\",\"p24_apresentacoesartisticas\":\"Apresenta\\u00e7\\u00f5es art\\u00edsticas\",\"p24_outros\":\"Outros\",\"p25_numerodepessoas\":\"20 - 40\",\"p26_numerodepessoas\":\"40 - 60\",\"p27_espacopublico\":\"Espa\\u00e7o p\\u00fablico\",\"p27_espacoemprestadocedido\":\"Espa\\u00e7o emprestado\\\/cedido\",\"p27_espacoproprio\":\"Espa\\u00e7o pr\\u00f3prio\",\"p27_virtual\":\"Virtual\",\"p28_territorios\":\"Estado\",\"p30_outrasorganizacoes\":\"Sim\",\"p32_campanhadelongaduracao\":\"Sim\",\"p34_estadual\":\"Estadual\",\"p34_nacional\":\"Nacional\",\"p34_nenhuma\":\"Nenhuma\",\"p36_conselhosdeparticipacaoecontrolesocial\":\"Sim\",\"p38_sim\":\"Sim\",\"p38_nenhum\":\"Nenhum\",\"p40_editais\":\"N\\u00e3o\",\"p41_publicoestatal\":\"P\\u00fablico-Estatal\",\"p41_autofinanciamento\":\"Autofinanciamento\",\"p42_meiodedivulgacaoproprio\":\"Sim\",\"p43_email\":\"E-mail\",\"p43_facebook\":\"Facebook\",\"p43_whatsapp\":\"WhatsApp\",\"p43_instagram\":\"Instagram\",\"p43_twitter\":\"Twitter\",\"p43_sitesblogs\":\"Blogs\\\/sites\",\"p44_radio\":\"TV\",\"p44_jornaisimpressosdegrandecirculacao\":\"Jornais impressos de grande circula\\u00e7\\u00e3o\",\"p44_jornaisimpressosdebairro\":\"Jornais impressos de bairro\",\"p44_redessociais\":\"Redes sociais (Facebook, YouTube, Instagram etc.)\",\"p44_sitesblogs\":\"Sites ou Blogs\",\"p39_publico\":\"POVO TERREIRO MOVIMENTOS SOCIAIS CULTURA MOVIMENTOS SOCIAIS MULHERES MOVIMENTOS SOCIAIS SEGURAN\\u00c7A ALIMENTAR\",\"p45_bandeira\":\"RESPEITO DIREITOS HUMANOS  RELIGIOSA\",\"p46_hashtags\":\"#NAOAINTOLERANCIARELIGIOSA #VALORIZACAODOSPOVOSTRADICIONAIS #RESPEITO\"},{\"p1_eixo\":\"Cultura\",\"p9_tipoorganizacao\":\"Coletivo\",\"p12_uf\":\"MG\",\"p13_cidade\":\"POUSO ALEGRE\",\"p16_cidade\":\"Cidade\",\"p17_ano\":\"2015\",\"p16_estado\":\"Estado\",\"p18_agrario\":\"Agr\\u00e1rio\\\/ruralidades\",\"p18_difusaoartistica\":\"Difus\\u00e3o Art\\u00edstica\",\"p18_direitoshumanos\":\"Direitos humanos\",\"p18_educacao\":\"Educa\\u00e7\\u00e3o\",\"p18_feminismos\":\"Feminismos\",\"p18_lgbtqi\":\"LGBTQI\",\"p18_lutaantirracismo\":\"Luta antirracismo\",\"p18_mobilidade\":\"Mobilidade\",\"p18_povosecomunidadestradicionais\":\"Povos e comunidades tradicionais\",\"p18_trabalho\":\"Trabalho\",\"p18_violencia\":\"Viol\\u00eancia\",\"p19_direitoshumanos\":\"Direitos humanos\",\"p19_feminismos\":\"Feminismos\",\"p19_mobilidade\":\"Mobilidade\",\"p19_povosecomunidadestradicionais\":\"Povos e comunidades tradicionais\",\"p19_violencia\":\"Viol\\u00eancia\",\"p19_difusaoartistica\":\"Difus\\u00e3o Art\\u00edstica\",\"p20_reunioes\":\"Reuni\\u00f5es\",\"p20_oficinas\":\"Oficinas\",\"p20_oficinasaulasartisticas\":\"Ensaios\\\/Oficinas\\\/Aulas art\\u00edsticas\",\"p20_cursos\":\"Cursos\",\"p20_formacao\":\"Forma\\u00e7\\u00e3o\",\"p20_apresentacoesartisticas\":\"Apresenta\\u00e7\\u00f5es art\\u00edsticas\",\"p20_visitasexcursoes\":\"Visitas\\\/Excurs\\u00f5es\",\"p21_xenofobia\":\"Xenofobia\",\"p21_machismo\":\"Machismo\",\"p21_racismo\":\"Racismo\",\"p21_lgbtqifobia\":\"LGBTIfobia\",\"p22_numerodeparticipantes\":\"1  - 15\",\"p23_reunioes\":\"Reuni\\u00f5es\",\"p23_oficinas\":\"Oficinas\",\"p23_oficinasaulasartisticas\":\"Ensaio\\\/Oficinas\\\/Aulas Art\\u00edsticas\",\"p23_cursos\":\"Cursos\",\"p23_apresentacoesartisticas\":\"Apresenta\\u00e7\\u00f5es Art\\u00edsticas\",\"p23_visitas\":\"Visitas\",\"p23_excursoes\":\"Excurs\\u00f5es\",\"p23_outros\":\"Outros\",\"p24_oficinas\":\"Oficinas\",\"p24_oficinasaulasartisticas\":\"Ensaios\\\/Oficinas\\\/Aulas art\\u00edsticas\",\"p24_curso\":\"Curso\",\"p24_formacao\":\"Forma\\u00e7\\u00e3o\",\"p24_visitasexcursoes\":\"Visitas\\\/Excurs\\u00f5es\",\"p25_numerodepessoas\":\"40 - 60\",\"p26_numerodepessoas\":\"40 - 60\",\"p27_espacopublico\":\"Espa\\u00e7o p\\u00fablico\",\"p27_espacoemprestadocedido\":\"Espa\\u00e7o emprestado\\\/cedido\",\"p27_espacoproprio\":\"Espa\\u00e7o pr\\u00f3prio\",\"p27_virtual\":\"Virtual\",\"p28_territorios\":\"Cidade\",\"p30_outrasorganizacoes\":\"Sim\",\"p32_campanhadelongaduracao\":\"N\\u00e3o\",\"p34_nenhuma\":\"Nenhuma\",\"p36_conselhosdeparticipacaoecontrolesocial\":\"Sim\",\"p38_nenhum\":\"Nenhum\",\"p40_editais\":\"N\\u00e3o\",\"p41_publicoestatal\":\"P\\u00fablico-Estatal\",\"p41_autofinanciamento\":\"Autofinanciamento\",\"p42_meiodedivulgacaoproprio\":\"Sim\",\"p43_email\":\"E-mail\",\"p43_facebook\":\"Facebook\",\"p43_whatsapp\":\"WhatsApp\",\"p43_instagram\":\"Instagram\",\"p43_twitter\":\"Twitter\",\"p43_nenhum\":\"Nenhum\",\"p44_radio\":\"TV\",\"p44_redessociais\":\"Redes sociais (Facebook, YouTube, Instagram etc.)\",\"p44_sitesblogs\":\"Sites ou Blogs\",\"p39_publico\":\"CRIAN\\u00c7AS ADOLESCENTES JOVENS\",\"p45_bandeira\":\"CONTRIBUIR DESENVOLVIMENTO-SOCIOCULTURAL-LOCAL ARTES INTEGRADAS\",\"p46_hashtags\":\"#COMUNIDADE #ARTES #REVITALIZAR\"},{\"p1_eixo\":\"Viol\\u00eancia\",\"p9_tipoorganizacao\":\"Coletivo\",\"p12_uf\":\"RO\",\"p13_cidade\":\"PORTO VELHO\",\"p16_bairro\":\"Bairro\",\"p17_ano\":\"2004\",\"p16_estado\":\"Estado\",\"p18_agrario\":\"Agr\\u00e1rio\\\/ruralidades\",\"p18_direitoshumanos\":\"Direitos humanos\",\"p18_educacao\":\"Educa\\u00e7\\u00e3o\",\"p18_feminismos\":\"Feminismos\",\"p18_lgbtqi\":\"LGBTQI\",\"p18_lutaantirracismo\":\"Luta antirracismo\",\"p18_povosecomunidadestradicionais\":\"Povos e comunidades tradicionais\",\"p18_trabalho\":\"Trabalho\",\"p18_saude\":\"Sa\\u00fade\",\"p18_violencia\":\"Viol\\u00eancia\",\"p18_politicasculturais\":\"Pol\\u00edticas Culturais\",\"p19_educacao\":\"Educa\\u00e7\\u00e3o\",\"p19_feminismos\":\"Feminismos\",\"p19_povosecomunidadestradicionais\":\"Povos e comunidades tradicionais\",\"p19_saude\":\"Sa\\u00fade\",\"p19_violencia\":\"Viol\\u00eancia\",\"p19_politicasculturais\":\"Pol\\u00edticas Culturais\",\"p20_reunioes\":\"Reuni\\u00f5es\",\"p20_oficinas\":\"Oficinas\",\"p20_cursos\":\"Cursos\",\"p20_formacao\":\"Forma\\u00e7\\u00e3o\",\"p20_apresentacoesartisticas\":\"Apresenta\\u00e7\\u00f5es art\\u00edsticas\",\"p20_visitasexcursoes\":\"Visitas\\\/Excurs\\u00f5es\",\"p21_machismo\":\"Machismo\",\"p21_racismo\":\"Racismo\",\"p21_lgbtqifobia\":\"LGBTIfobia\",\"p21_nenhum\":\"Nenhum\",\"p22_numerodeparticipantes\":\"45 - 60\",\"p23_reunioes\":\"Reuni\\u00f5es\",\"p23_oficinas\":\"Oficinas\",\"p23_cursos\":\"Cursos\",\"p23_visitas\":\"Visitas\",\"p23_excursoes\":\"Excurs\\u00f5es\",\"p23_outros\":\"Outros\",\"p24_oficinas\":\"Oficinas\",\"p24_curso\":\"Curso\",\"p24_formacao\":\"Forma\\u00e7\\u00e3o\",\"p24_visitasexcursoes\":\"Visitas\\\/Excurs\\u00f5es\",\"p24_outros\":\"Outros\",\"p25_numerodepessoas\":\"1 - 20\",\"p26_numerodepessoas\":\"1 - 20\",\"p27_espacopublico\":\"Espa\\u00e7o p\\u00fablico\",\"p27_espacoemprestadocedido\":\"Espa\\u00e7o emprestado\\\/cedido\",\"p28_territorios\":\"Estado\",\"p30_outrasorganizacoes\":\"Sim\",\"p32_campanhadelongaduracao\":\"N\\u00e3o\",\"p34_nenhuma\":\"Nenhuma\",\"p36_conselhosdeparticipacaoecontrolesocial\":\"N\\u00e3o\",\"p38_nenhum\":\"Nenhum\",\"p40_editais\":\"Sim\",\"p41_autofinanciamento\":\"Autofinanciamento\",\"p42_meiodedivulgacaoproprio\":\"N\\u00e3o\",\"p43_email\":\"E-mail\",\"p43_facebook\":\"Facebook\",\"p43_whatsapp\":\"WhatsApp\",\"p43_instagram\":\"Instagram\",\"p43_nenhum\":\"Nenhum\",\"p44_radio\":\"TV\",\"p44_redessociais\":\"Redes sociais (Facebook, YouTube, Instagram etc.)\",\"p44_sitesblogs\":\"Sites ou Blogs\",\"p39_publico\":\"MULHERES JOVENS CRIAN\\u00c7AS IDOSOS ROND\\u00d4NIA MORADORES TERRAS-IND\\u00cdGENAS \\u00c1REA-RURAL COMUNIDADES TRADICIONAIS PERIFERIA MULHERES ENCARCERADAS\",\"p45_bandeira\":\"EQUIDADE G\\u00caNERO OPORTUNIDADE EXIST\\u00caNCIA\",\"p46_hashtags\":\"#LUTADASMULHERESDAFLORESTA  #N\\u00c3OAVIOLENCIACONTRAAMULHER  #EMPODEREUMAMULHER\"},{\"p1_eixo\":\"Cultura\",\"p9_tipoorganizacao\":\"Funda\\u00e7\\u00e3o\",\"p12_uf\":\"PA\",\"p13_cidade\":\"BEL\\u00c9M\",\"p16_bairro\":\"Bairro\",\"p16_cidade\":\"Cidade\",\"p17_ano\":\"1995\",\"p18_agrario\":\"Agr\\u00e1rio\\\/ruralidades\",\"p18_comunicacao\":\"Comunica\\u00e7\\u00e3o\",\"p18_difusaoartistica\":\"Difus\\u00e3o Art\\u00edstica\",\"p18_desenvolvimentoterritorial\":\"Desenvolvimento territorial\",\"p18_direitoshumanos\":\"Direitos humanos\",\"p18_educacao\":\"Educa\\u00e7\\u00e3o\",\"p18_feminismos\":\"Feminismos\",\"p18_lgbtqi\":\"LGBTQI\",\"p18_lutaantirracismo\":\"Luta antirracismo\",\"p18_mobilidade\":\"Mobilidade\",\"p18_moradia\":\"Moradia\",\"p18_povosecomunidadestradicionais\":\"Povos e comunidades tradicionais\",\"p18_trabalho\":\"Trabalho\",\"p18_religiao\":\"Religi\\u00e3o\",\"p18_saude\":\"Sa\\u00fade\",\"p18_violencia\":\"Viol\\u00eancia\",\"p18_politicasculturais\":\"Pol\\u00edticas Culturais\",\"p19_direitoshumanos\":\"Direitos humanos\",\"p19_educacao\":\"Educa\\u00e7\\u00e3o\",\"p19_lgbtqi\":\"LGBTQI\",\"p19_povosecomunidadestradicionais\":\"Povos e comunidades tradicionais\",\"p19_saude\":\"Sa\\u00fade\",\"p19_politicasculturais\":\"Pol\\u00edticas Culturais\",\"p20_reunioes\":\"Reuni\\u00f5es\",\"p20_atendimento\":\"Atendimento\",\"p20_oficinas\":\"Oficinas\",\"p21_nenhum\":\"Nenhum\",\"p22_numerodeparticipantes\":\"1  - 15\",\"p23_reunioes\":\"Reuni\\u00f5es\",\"p23_atendimento\":\"Atendimento\",\"p23_oficinas\":\"Oficinas\",\"p23_formacao\":\"Forma\\u00e7\\u00e3o\",\"p24_reunioes\":\"Reuni\\u00f5es\",\"p24_atendimento\":\"Atendimentos\",\"p24_oficinas\":\"Oficinas\",\"p24_formacao\":\"Forma\\u00e7\\u00e3o\",\"p24_outros\":\"Outros\",\"p25_numerodepessoas\":\"40 - 60\",\"p26_numerodepessoas\":\"40 - 60\",\"p27_espacoemprestadocedido\":\"Espa\\u00e7o emprestado\\\/cedido\",\"p28_territorios\":\"Pr\\u00f3prio bairro\",\"p30_outrasorganizacoes\":\"Sim\",\"p32_campanhadelongaduracao\":\"N\\u00e3o\",\"p34_nenhuma\":\"Nenhuma\",\"p36_conselhosdeparticipacaoecontrolesocial\":\"N\\u00e3o\",\"p38_nenhum\":\"Nenhum\",\"p40_editais\":\"N\\u00e3o\",\"p41_publicoestatal\":\"P\\u00fablico-Estatal\",\"p41_autofinanciamento\":\"Autofinanciamento\",\"p42_meiodedivulgacaoproprio\":\"N\\u00e3o\",\"p43_email\":\"E-mail\",\"p43_facebook\":\"Facebook\",\"p43_whatsapp\":\"WhatsApp\",\"p43_instagram\":\"Instagram\",\"p44_redessociais\":\"Redes sociais (Facebook, YouTube, Instagram etc.)\",\"p39_publico\":\"CRIAN\\u00c7AS JOVENS ADULTOS\",\"p45_bandeira\":\"COMUNIDADE ATENDIMENTO POSTOS SA\\u00daDE EDUCA\\u00c7\\u00c3O QUALIDADE CRIAN\\u00c7AS JOVENS INCLUS\\u00c3O CULTURAL DESVALORIZADO\",\"p46_hashtags\":\"#TODOSPOREDUCACAO #SAUDEDEQUALIDADE #VALORIZEACULTURA\"},{\"p1_eixo\":\"Trabalho\",\"p9_tipoorganizacao\":\"Movimento Social\",\"p12_uf\":\"MG\",\"p13_cidade\":\"TE\\u00d3FILO OTONI\",\"p16_cidade\":\"Cidade\",\"p17_ano\":\"2017\",\"p18_agrario\":\"Agr\\u00e1rio\\\/ruralidades\",\"p18_comunicacao\":\"Comunica\\u00e7\\u00e3o\",\"p18_difusaoartistica\":\"Difus\\u00e3o Art\\u00edstica\",\"p18_desenvolvimentoterritorial\":\"Desenvolvimento territorial\",\"p18_direitoshumanos\":\"Direitos humanos\",\"p18_educacao\":\"Educa\\u00e7\\u00e3o\",\"p18_feminismos\":\"Feminismos\",\"p18_lgbtqi\":\"LGBTQI\",\"p18_lutaantirracismo\":\"Luta antirracismo\",\"p18_mobilidade\":\"Mobilidade\",\"p18_moradia\":\"Moradia\",\"p18_povosecomunidadestradicionais\":\"Povos e comunidades tradicionais\",\"p18_trabalho\":\"Trabalho\",\"p18_religiao\":\"Religi\\u00e3o\",\"p18_saude\":\"Sa\\u00fade\",\"p18_violencia\":\"Viol\\u00eancia\",\"p18_politicasculturais\":\"Pol\\u00edticas Culturais\",\"p19_direitoshumanos\":\"Direitos humanos\",\"p19_educacao\":\"Educa\\u00e7\\u00e3o\",\"p19_lgbtqi\":\"LGBTQI\",\"p19_povosecomunidadestradicionais\":\"Povos e comunidades tradicionais\",\"p19_trabalho\":\"Trabalho\",\"p19_saude\":\"Sa\\u00fade\",\"p20_reunioes\":\"Reuni\\u00f5es\",\"p20_atendimento\":\"Atendimento\",\"p20_oficinas\":\"Oficinas\",\"p21_nenhum\":\"Nenhum\",\"p22_numerodeparticipantes\":\"1  - 15\",\"p23_reunioes\":\"Reuni\\u00f5es\",\"p23_atendimento\":\"Atendimento\",\"p23_oficinas\":\"Oficinas\",\"p23_formacao\":\"Forma\\u00e7\\u00e3o\",\"p23_visitas\":\"Visitas\",\"p24_reunioes\":\"Reuni\\u00f5es\",\"p24_atendimento\":\"Atendimentos\",\"p24_oficinas\":\"Oficinas\",\"p24_formacao\":\"Forma\\u00e7\\u00e3o\",\"p25_numerodepessoas\":\"40 - 60\",\"p26_numerodepessoas\":\"40 - 60\",\"p27_espacoemprestadocedido\":\"Espa\\u00e7o emprestado\\\/cedido\",\"p28_territorios\":\"Regi\\u00e3o da Cidade\",\"p30_outrasorganizacoes\":\"Sim\",\"p32_campanhadelongaduracao\":\"Sim\",\"p34_nenhuma\":\"Nenhuma\",\"p36_conselhosdeparticipacaoecontrolesocial\":\"Sim\",\"p38_sim\":\"Sim\",\"p38_nenhum\":\"Nenhum\",\"p40_editais\":\"Sim\",\"p41_publicoestatal\":\"P\\u00fablico-Estatal\",\"p41_autofinanciamento\":\"Autofinanciamento\",\"p42_meiodedivulgacaoproprio\":\"Sim\",\"p43_facebook\":\"Facebook\",\"p43_whatsapp\":\"WhatsApp\",\"p43_instagram\":\"Instagram\",\"p44_redessociais\":\"Redes sociais (Facebook, YouTube, Instagram etc.)\",\"p44_sitesblogs\":\"Sites ou Blogs\",\"p39_publico\":\"TODOS INDIV\\u00cdDUOS\",\"p45_bandeira\":\"DIREITOS HUMANOS\",\"p46_hashtags\":\"#RESISTIRSEMPREDESISTIRJAMAIS #QUANDOAMULHERAVANCAOMACHISTARETROCEDE\"},{\"p1_eixo\":\"Trabalho\",\"p9_tipoorganizacao\":\"Coletivo\",\"p12_uf\":\"CE\",\"p13_cidade\":\"FORTALEZA\",\"p16_cidade\":\"Cidade\",\"p17_ano\":\"2013\",\"p16_estado\":\"Estado\",\"p18_difusaoartistica\":\"Difus\\u00e3o Art\\u00edstica\",\"p18_direitoshumanos\":\"Direitos humanos\",\"p18_educacao\":\"Educa\\u00e7\\u00e3o\",\"p18_feminismos\":\"Feminismos\",\"p18_lgbtqi\":\"LGBTQI\",\"p18_trabalho\":\"Trabalho\",\"p18_saude\":\"Sa\\u00fade\",\"p18_violencia\":\"Viol\\u00eancia\",\"p18_politicasculturais\":\"Pol\\u00edticas Culturais\",\"p19_direitoshumanos\":\"Direitos humanos\",\"p19_educacao\":\"Educa\\u00e7\\u00e3o\",\"p19_feminismos\":\"Feminismos\",\"p19_lgbtqi\":\"LGBTQI\",\"p19_trabalho\":\"Trabalho\",\"p19_saude\":\"Sa\\u00fade\",\"p20_reunioes\":\"Reuni\\u00f5es\",\"p20_atendimento\":\"Atendimento\",\"p20_oficinas\":\"Oficinas\",\"p20_oficinasaulasartisticas\":\"Ensaios\\\/Oficinas\\\/Aulas art\\u00edsticas\",\"p20_cursos\":\"Cursos\",\"p20_formacao\":\"Forma\\u00e7\\u00e3o\",\"p20_apresentacoesartisticas\":\"Apresenta\\u00e7\\u00f5es art\\u00edsticas\",\"p21_machismo\":\"Machismo\",\"p21_lgbtqifobia\":\"LGBTIfobia\",\"p21_nenhum\":\"Nenhum\",\"p22_numerodeparticipantes\":\"15 - 30\",\"p23_reunioes\":\"Reuni\\u00f5es\",\"p23_oficinas\":\"Oficinas\",\"p23_visitas\":\"Visitas\",\"p23_outros\":\"Outros\",\"p24_reunioes\":\"Reuni\\u00f5es\",\"p24_oficinas\":\"Oficinas\",\"p24_oficinasaulasartisticas\":\"Ensaios\\\/Oficinas\\\/Aulas art\\u00edsticas\",\"p24_curso\":\"Curso\",\"p24_formacao\":\"Forma\\u00e7\\u00e3o\",\"p24_apresentacoesartisticas\":\"Apresenta\\u00e7\\u00f5es art\\u00edsticas\",\"p25_numerodepessoas\":\"20 - 40\",\"p26_numerodepessoas\":\"40 - 60\",\"p27_espacopublico\":\"Espa\\u00e7o p\\u00fablico\",\"p27_espacoemprestadocedido\":\"Espa\\u00e7o emprestado\\\/cedido\",\"p28_territorios\":\"Regi\\u00e3o da Cidade\",\"p30_outrasorganizacoes\":\"N\\u00e3o\",\"p32_campanhadelongaduracao\":\"N\\u00e3o\",\"p34_municipal\":\"Municipal\",\"p34_estadual\":\"Estadual\",\"p34_nacional\":\"Nacional\",\"p34_nenhuma\":\"Nenhuma\",\"p36_conselhosdeparticipacaoecontrolesocial\":\"N\\u00e3o\",\"p38_sim\":\"Sim\",\"p40_editais\":\"Sim\",\"p41_autofinanciamento\":\"Autofinanciamento\",\"p42_meiodedivulgacaoproprio\":\"Sim\",\"p43_email\":\"E-mail\",\"p43_facebook\":\"Facebook\",\"p43_whatsapp\":\"WhatsApp\",\"p43_instagram\":\"Instagram\",\"p43_sitesblogs\":\"Blogs\\\/sites\",\"p44_redessociais\":\"Redes sociais (Facebook, YouTube, Instagram etc.)\",\"p44_sitesblogs\":\"Sites ou Blogs\",\"p39_publico\":\"VULNERABILIDADE SOCIAL\",\"p45_bandeira\":\"TRABALHO INCLUS\\u00c3O RESPONSABILIDADE SOCIAL EMPREENDEDORISMO INCLUS\\u00c3O\",\"p46_hashtags\":\"#NOSSALUTAVAIDEENCONTROAOSNOSSOSSONHOS #NOSSAALEGRIADEINCLUSAO #DIREITOSEGARANTIASSOCIAIS\"},{\"p1_eixo\":\"Viol\\u00eancia\",\"p9_tipoorganizacao\":\"Associa\\u00e7\\u00e3o\",\"p12_uf\":\"SC\",\"p13_cidade\":\"FLORIAN\\u00d3POLIS\",\"p17_ano\":\"2013\",\"p16_estado\":\"Estado\",\"p18_difusaoartistica\":\"Difus\\u00e3o Art\\u00edstica\",\"p18_direitoshumanos\":\"Direitos humanos\",\"p18_educacao\":\"Educa\\u00e7\\u00e3o\",\"p18_feminismos\":\"Feminismos\",\"p18_lgbtqi\":\"LGBTQI\",\"p18_lutaantirracismo\":\"Luta antirracismo\",\"p18_religiao\":\"Religi\\u00e3o\",\"p18_violencia\":\"Viol\\u00eancia\",\"p18_politicasculturais\":\"Pol\\u00edticas Culturais\",\"p19_direitoshumanos\":\"Direitos humanos\",\"p19_feminismos\":\"Feminismos\",\"p19_lgbtqi\":\"LGBTQI\",\"p19_religiao\":\"Religi\\u00e3o\",\"p19_violencia\":\"Viol\\u00eancia\",\"p20_reunioes\":\"Reuni\\u00f5es\",\"p20_oficinas\":\"Oficinas\",\"p20_oficinasaulasartisticas\":\"Ensaios\\\/Oficinas\\\/Aulas art\\u00edsticas\",\"p20_cursos\":\"Cursos\",\"p20_formacao\":\"Forma\\u00e7\\u00e3o\",\"p20_apresentacoesartisticas\":\"Apresenta\\u00e7\\u00f5es art\\u00edsticas\",\"p20_visitasexcursoes\":\"Visitas\\\/Excurs\\u00f5es\",\"p21_machismo\":\"Machismo\",\"p21_racismo\":\"Racismo\",\"p21_lgbtqifobia\":\"LGBTIfobia\",\"p22_numerodeparticipantes\":\"1  - 15\",\"p23_reunioes\":\"Reuni\\u00f5es\",\"p23_cursos\":\"Cursos\",\"p23_formacao\":\"Forma\\u00e7\\u00e3o\",\"p23_visitas\":\"Visitas\",\"p23_outros\":\"Outros\",\"p24_reunioes\":\"Reuni\\u00f5es\",\"p24_oficinasaulasartisticas\":\"Ensaios\\\/Oficinas\\\/Aulas art\\u00edsticas\",\"p24_curso\":\"Curso\",\"p24_formacao\":\"Forma\\u00e7\\u00e3o\",\"p24_apresentacoesartisticas\":\"Apresenta\\u00e7\\u00f5es art\\u00edsticas\",\"p24_visitasexcursoes\":\"Visitas\\\/Excurs\\u00f5es\",\"p25_numerodepessoas\":\"20 - 40\",\"p26_numerodepessoas\":\"80 - 100\",\"p27_espacopublico\":\"Espa\\u00e7o p\\u00fablico\",\"p27_espacoemprestadocedido\":\"Espa\\u00e7o emprestado\\\/cedido\",\"p28_territorios\":\"Regi\\u00e3o da Cidade\",\"p30_outrasorganizacoes\":\"Sim\",\"p32_campanhadelongaduracao\":\"N\\u00e3o\",\"p34_municipal\":\"Municipal\",\"p34_estadual\":\"Estadual\",\"p34_nacional\":\"Nacional\",\"p34_nenhuma\":\"Nenhuma\",\"p36_conselhosdeparticipacaoecontrolesocial\":\"Sim\",\"p38_sim\":\"Sim\",\"p40_editais\":\"N\\u00e3o\",\"p41_autofinanciamento\":\"Autofinanciamento\",\"p41_financiamentocoletivo0\":\"Financiamento coletivo\",\"p42_meiodedivulgacaoproprio\":\"Sim\",\"p43_email\":\"E-mail\",\"p43_facebook\":\"Facebook\",\"p43_instagram\":\"Instagram\",\"p43_sitesblogs\":\"Blogs\\\/sites\",\"p44_redessociais\":\"Redes sociais (Facebook, YouTube, Instagram etc.)\",\"p44_sitesblogs\":\"Sites ou Blogs\",\"p39_publico\":\"POPULA\\u00c7\\u00c3O LGBTI POPULA\\u00c7\\u00c3O GESTORES PODER-POL\\u00cdTICO\",\"p45_bandeira\":\"DEFESA PROMO\\u00c7\\u00c3O DIREITOS CIDADANIA L\\u00c9SBICAS GAYS BISSEXUAIS TRAVESTIS TRANSEXUAIS INTERSEXUAIS IDENTIDADES SEXUALIDADES HEGEM\\u00d4NICAS\",\"p46_hashtags\":\"#VIDASLGBTIIMPORTAM #CONTRALGBTIFOBIA #PELOSDIREITOSLGBTI\"},{\"p1_eixo\":\"Viol\\u00eancia\",\"p9_tipoorganizacao\":\"ONG\",\"p12_uf\":\"RS\",\"p13_cidade\":\"BAG\\u00c9\",\"p16_cidade\":\"Cidade\",\"p17_ano\":\"Anterior a 1980\",\"p16_estado\":\"Estado\",\"p18_difusaoartistica\":\"Difus\\u00e3o Art\\u00edstica\",\"p18_desenvolvimentoterritorial\":\"Desenvolvimento territorial\",\"p18_direitoshumanos\":\"Direitos humanos\",\"p18_educacao\":\"Educa\\u00e7\\u00e3o\",\"p18_feminismos\":\"Feminismos\",\"p18_lgbtqi\":\"LGBTQI\",\"p18_lutaantirracismo\":\"Luta antirracismo\",\"p18_mobilidade\":\"Mobilidade\",\"p18_povosecomunidadestradicionais\":\"Povos e comunidades tradicionais\",\"p18_religiao\":\"Religi\\u00e3o\",\"p18_violencia\":\"Viol\\u00eancia\",\"p18_politicasculturais\":\"Pol\\u00edticas Culturais\",\"p19_direitoshumanos\":\"Direitos humanos\",\"p19_feminismos\":\"Feminismos\",\"p19_religiao\":\"Religi\\u00e3o\",\"p19_violencia\":\"Viol\\u00eancia\",\"p19_difusaoartistica\":\"Difus\\u00e3o Art\\u00edstica\",\"p19_politicasculturais\":\"Pol\\u00edticas Culturais\",\"p20_reunioes\":\"Reuni\\u00f5es\",\"p20_oficinas\":\"Oficinas\",\"p20_oficinasaulasartisticas\":\"Ensaios\\\/Oficinas\\\/Aulas art\\u00edsticas\",\"p20_cursos\":\"Cursos\",\"p20_formacao\":\"Forma\\u00e7\\u00e3o\",\"p20_apresentacoesartisticas\":\"Apresenta\\u00e7\\u00f5es art\\u00edsticas\",\"p20_visitasexcursoes\":\"Visitas\\\/Excurs\\u00f5es\",\"p21_machismo\":\"Machismo\",\"p21_racismo\":\"Racismo\",\"p21_nenhum\":\"Nenhum\",\"p22_numerodeparticipantes\":\"15 - 30\",\"p23_reunioes\":\"Reuni\\u00f5es\",\"p23_oficinasaulasartisticas\":\"Ensaio\\\/Oficinas\\\/Aulas Art\\u00edsticas\",\"p23_cursos\":\"Cursos\",\"p23_formacao\":\"Forma\\u00e7\\u00e3o\",\"p23_visitas\":\"Visitas\",\"p24_reunioes\":\"Reuni\\u00f5es\",\"p24_oficinas\":\"Oficinas\",\"p24_oficinasaulasartisticas\":\"Ensaios\\\/Oficinas\\\/Aulas art\\u00edsticas\",\"p24_curso\":\"Curso\",\"p24_formacao\":\"Forma\\u00e7\\u00e3o\",\"p24_apresentacoesartisticas\":\"Apresenta\\u00e7\\u00f5es art\\u00edsticas\",\"p24_visitasexcursoes\":\"Visitas\\\/Excurs\\u00f5es\",\"p24_outros\":\"Outros\",\"p25_numerodepessoas\":\"20 - 40\",\"p26_numerodepessoas\":\"80 - 100\",\"p27_espacoemprestadocedido\":\"Espa\\u00e7o emprestado\\\/cedido\",\"p28_territorios\":\"Estado\",\"p30_outrasorganizacoes\":\"Sim\",\"p32_campanhadelongaduracao\":\"Sim\",\"p34_nenhuma\":\"Nenhuma\",\"p36_conselhosdeparticipacaoecontrolesocial\":\"N\\u00e3o\",\"p38_sim\":\"Sim\",\"p40_editais\":\"N\\u00e3o\",\"p41_autofinanciamento\":\"Autofinanciamento\",\"p41_financiamentocoletivo0\":\"Financiamento coletivo\",\"p42_meiodedivulgacaoproprio\":\"Sim\",\"p43_impressoes\":\"Impressos\",\"p43_email\":\"E-mail\",\"p43_facebook\":\"Facebook\",\"p43_whatsapp\":\"WhatsApp\",\"p43_instagram\":\"Instagram\",\"p44_radio\":\"TV\",\"p44_jornaisimpressosdegrandecirculacao\":\"Jornais impressos de grande circula\\u00e7\\u00e3o\",\"p44_jornaisimpressosdebairro\":\"Jornais impressos de bairro\",\"p44_redessociais\":\"Redes sociais (Facebook, YouTube, Instagram etc.)\",\"p44_sitesblogs\":\"Sites ou Blogs\",\"p39_publico\":\"JUVENTUDE CIDADE\",\"p45_bandeira\":\"POL\\u00cdTICAS P\\u00daBLICAS JUVENTUDE POL\\u00cdTICAS P\\u00daBLICAS JUVENTUDE CIDADE POL\\u00cdTICAS P\\u00daBLICAS MULHERES EDUCA\\u00c7\\u00c3O SA\\u00daDE JUVENTUDE MOBILIDADE URBANA POL\\u00cdTICAS SEGURAN\\u00c7A VIDA JUVENTUDE\",\"p46_hashtags\":\"#CHEGADEEXTERMINIODEJOVENS #PELAVIDADASMULHERES #VIDAPLENAPARATODOS\"},{\"p1_eixo\":\"Cultura\",\"p9_tipoorganizacao\":\"Coletivo Art\\u00edstico\",\"p12_uf\":\"MG\",\"p13_cidade\":\"IPATINGA\",\"p16_cidade\":\"Cidade\",\"p16_nacional\":\"Nacional\",\"p17_ano\":\"2018\",\"p18_agrario\":\"Agr\\u00e1rio\\\/ruralidades\",\"p18_comunicacao\":\"Comunica\\u00e7\\u00e3o\",\"p18_difusaoartistica\":\"Difus\\u00e3o Art\\u00edstica\",\"p18_desenvolvimentoterritorial\":\"Desenvolvimento territorial\",\"p18_direitoshumanos\":\"Direitos humanos\",\"p18_educacao\":\"Educa\\u00e7\\u00e3o\",\"p18_feminismos\":\"Feminismos\",\"p18_lgbtqi\":\"LGBTQI\",\"p18_lutaantirracismo\":\"Luta antirracismo\",\"p18_mobilidade\":\"Mobilidade\",\"p18_moradia\":\"Moradia\",\"p18_povosecomunidadestradicionais\":\"Povos e comunidades tradicionais\",\"p18_trabalho\":\"Trabalho\",\"p18_saude\":\"Sa\\u00fade\",\"p18_violencia\":\"Viol\\u00eancia\",\"p18_politicasculturais\":\"Pol\\u00edticas Culturais\",\"p19_comunicacao\":\"Comunica\\u00e7\\u00e3o\",\"p19_direitoshumanos\":\"Direitos humanos\",\"p19_povosecomunidadestradicionais\":\"Povos e comunidades tradicionais\",\"p19_difusaoartistica\":\"Difus\\u00e3o Art\\u00edstica\",\"p19_politicasculturais\":\"Pol\\u00edticas Culturais\",\"p20_reunioes\":\"Reuni\\u00f5es\",\"p20_oficinasaulasartisticas\":\"Ensaios\\\/Oficinas\\\/Aulas art\\u00edsticas\",\"p20_cursos\":\"Cursos\",\"p20_apresentacoesartisticas\":\"Apresenta\\u00e7\\u00f5es art\\u00edsticas\",\"p21_nenhum\":\"Nenhum\",\"p22_numerodeparticipantes\":\"1  - 15\",\"p23_reunioes\":\"Reuni\\u00f5es\",\"p23_oficinasaulasartisticas\":\"Ensaio\\\/Oficinas\\\/Aulas Art\\u00edsticas\",\"p23_outros\":\"Outros\",\"p24_reunioes\":\"Reuni\\u00f5es\",\"p24_oficinas\":\"Oficinas\",\"p24_oficinasaulasartisticas\":\"Ensaios\\\/Oficinas\\\/Aulas art\\u00edsticas\",\"p24_curso\":\"Curso\",\"p24_apresentacoesartisticas\":\"Apresenta\\u00e7\\u00f5es art\\u00edsticas\",\"p24_visitasexcursoes\":\"Visitas\\\/Excurs\\u00f5es\",\"p24_outros\":\"Outros\",\"p25_numerodepessoas\":\"60 - 80\",\"p26_numerodepessoas\":\"300 - 400\",\"p27_espacopublico\":\"Espa\\u00e7o p\\u00fablico\",\"p27_espacoemprestadocedido\":\"Espa\\u00e7o emprestado\\\/cedido\",\"p27_espacoproprio\":\"Espa\\u00e7o pr\\u00f3prio\",\"p27_virtual\":\"Virtual\",\"p28_territorios\":\"Pr\\u00f3prio bairro\",\"p30_outrasorganizacoes\":\"Sim\",\"p32_campanhadelongaduracao\":\"N\\u00e3o\",\"p34_nenhuma\":\"Nenhuma\",\"p36_conselhosdeparticipacaoecontrolesocial\":\"Sim\",\"p38_sim\":\"Sim\",\"p38_nenhum\":\"Nenhum\",\"p40_editais\":\"Sim\",\"p41_privadopj\":\"Privado (P. Jur\\u00eddica)\",\"p41_autofinanciamento\":\"Autofinanciamento\",\"p42_meiodedivulgacaoproprio\":\"Sim\",\"p43_impressoes\":\"Impressos\",\"p43_email\":\"E-mail\",\"p43_facebook\":\"Facebook\",\"p43_whatsapp\":\"WhatsApp\",\"p43_instagram\":\"Instagram\",\"p43_sitesblogs\":\"Blogs\\\/sites\",\"p44_radio\":\"TV\",\"p44_jornaisimpressosdegrandecirculacao\":\"Jornais impressos de grande circula\\u00e7\\u00e3o\",\"p44_jornaisimpressosdebairro\":\"Jornais impressos de bairro\",\"p44_redessociais\":\"Redes sociais (Facebook, YouTube, Instagram etc.)\",\"p44_sitesblogs\":\"Sites ou Blogs\",\"p39_publico\":\"CRIAN\\u00c7AS ADOLESCENTES\",\"p45_bandeira\":\"LUTA CULTURA DIREITOS SOCIAIS\",\"p46_hashtags\":\"#CULTURAEMTODOLUGAR #DIREITOPARATODXS\"},{\"p1_eixo\":\"Cultura\",\"p9_tipoorganizacao\":\"Movimento Social\",\"p12_uf\":\"MG\",\"p13_cidade\":\"MARIANA\",\"p16_cidade\":\"Cidade\",\"p16_nacional\":\"Nacional\",\"p17_ano\":\"2016\",\"p18_agrario\":\"Agr\\u00e1rio\\\/ruralidades\",\"p18_comunicacao\":\"Comunica\\u00e7\\u00e3o\",\"p18_direitoshumanos\":\"Direitos humanos\",\"p18_educacao\":\"Educa\\u00e7\\u00e3o\",\"p18_feminismos\":\"Feminismos\",\"p18_moradia\":\"Moradia\",\"p18_povosecomunidadestradicionais\":\"Povos e comunidades tradicionais\",\"p18_trabalho\":\"Trabalho\",\"p18_saude\":\"Sa\\u00fade\",\"p18_violencia\":\"Viol\\u00eancia\",\"p18_politicasculturais\":\"Pol\\u00edticas Culturais\",\"p19_comunicacao\":\"Comunica\\u00e7\\u00e3o\",\"p19_direitoshumanos\":\"Direitos humanos\",\"p19_feminismos\":\"Feminismos\",\"p19_povosecomunidadestradicionais\":\"Povos e comunidades tradicionais\",\"p19_violencia\":\"Viol\\u00eancia\",\"p20_reunioes\":\"Reuni\\u00f5es\",\"p20_oficinas\":\"Oficinas\",\"p20_cursos\":\"Cursos\",\"p20_formacao\":\"Forma\\u00e7\\u00e3o\",\"p21_machismo\":\"Machismo\",\"p21_racismo\":\"Racismo\",\"p21_nenhum\":\"Nenhum\",\"p22_numerodeparticipantes\":\"1  - 15\",\"p23_reunioes\":\"Reuni\\u00f5es\",\"p23_atendimento\":\"Atendimento\",\"p23_oficinas\":\"Oficinas\",\"p23_cursos\":\"Cursos\",\"p23_formacao\":\"Forma\\u00e7\\u00e3o\",\"p23_outros\":\"Outros\",\"p24_reunioes\":\"Reuni\\u00f5es\",\"p24_curso\":\"Curso\",\"p24_formacao\":\"Forma\\u00e7\\u00e3o\",\"p24_visitasexcursoes\":\"Visitas\\\/Excurs\\u00f5es\",\"p25_numerodepessoas\":\"20 - 40\",\"p26_numerodepessoas\":\"1 - 20\",\"p27_espacopublico\":\"Espa\\u00e7o p\\u00fablico\",\"p27_espacoemprestadocedido\":\"Espa\\u00e7o emprestado\\\/cedido\",\"p27_espacoproprio\":\"Espa\\u00e7o pr\\u00f3prio\",\"p27_virtual\":\"Virtual\",\"p28_territorios\":\"Regi\\u00e3o da Cidade\",\"p30_outrasorganizacoes\":\"Sim\",\"p32_campanhadelongaduracao\":\"N\\u00e3o\",\"p34_estadual\":\"Estadual\",\"p34_nenhuma\":\"Nenhuma\",\"p36_conselhosdeparticipacaoecontrolesocial\":\"N\\u00e3o\",\"p38_sim\":\"Sim\",\"p38_nenhum\":\"Nenhum\",\"p40_editais\":\"Sim\",\"p41_privadopf\":\"Privado (P. F\\u00edsica)\",\"p41_privadopj\":\"Privado (P. Jur\\u00eddica)\",\"p41_autofinanciamento\":\"Autofinanciamento\",\"p42_meiodedivulgacaoproprio\":\"Sim\",\"p43_impressoes\":\"Impressos\",\"p43_email\":\"E-mail\",\"p43_facebook\":\"Facebook\",\"p43_whatsapp\":\"WhatsApp\",\"p43_instagram\":\"Instagram\",\"p43_sitesblogs\":\"Blogs\\\/sites\",\"p44_radio\":\"R\\u00e1dio\",\"p44_jornaisimpressosdegrandecirculacao\":\"Jornais impressos de grande circula\\u00e7\\u00e3o\",\"p44_redessociais\":\"Redes sociais (Facebook, YouTube, Instagram etc.)\",\"p44_sitesblogs\":\"Sites ou Blogs\",\"p39_publico\":\"ATINGIDOS BARRAGENS\",\"p45_bandeira\":\"TERRA QUILOMBOLA IGUALDADE G\\u00caNERO\",\"p46_hashtags\":\"#PARANAOESQUECER #CRIMEDAMINERACAO #ATINGIDOSPORBARRAGENS\"},{\"p1_eixo\":\"Viol\\u00eancia\",\"p9_tipoorganizacao\":\"ONG\",\"p12_uf\":\"RS\",\"p13_cidade\":\"PELOTAS\",\"p16_cidade\":\"Cidade\",\"p17_ano\":\"1998\",\"p18_direitoshumanos\":\"Direitos humanos\",\"p18_educacao\":\"Educa\\u00e7\\u00e3o\",\"p18_feminismos\":\"Feminismos\",\"p18_lutaantirracismo\":\"Luta antirracismo\",\"p18_violencia\":\"Viol\\u00eancia\",\"p19_direitoshumanos\":\"Direitos humanos\",\"p19_feminismos\":\"Feminismos\",\"p19_lutaantirracismo\":\"Luta antirracismo\",\"p19_violencia\":\"Viol\\u00eancia\",\"p20_reunioes\":\"Reuni\\u00f5es\",\"p20_oficinas\":\"Oficinas\",\"p20_cursos\":\"Cursos\",\"p20_formacao\":\"Forma\\u00e7\\u00e3o\",\"p21_machismo\":\"Machismo\",\"p21_racismo\":\"Racismo\",\"p21_nenhum\":\"Nenhum\",\"p22_numerodeparticipantes\":\"15 - 30\",\"p23_reunioes\":\"Reuni\\u00f5es\",\"p23_atendimento\":\"Atendimento\",\"p23_oficinas\":\"Oficinas\",\"p23_cursos\":\"Cursos\",\"p23_formacao\":\"Forma\\u00e7\\u00e3o\",\"p23_outros\":\"Outros\",\"p24_reunioes\":\"Reuni\\u00f5es\",\"p24_curso\":\"Curso\",\"p24_formacao\":\"Forma\\u00e7\\u00e3o\",\"p25_numerodepessoas\":\"80 - 100\",\"p26_numerodepessoas\":\"1 - 20\",\"p27_espacoemprestadocedido\":\"Espa\\u00e7o emprestado\\\/cedido\",\"p27_virtual\":\"Virtual\",\"p28_territorios\":\"Cidade\",\"p30_outrasorganizacoes\":\"Sim\",\"p32_campanhadelongaduracao\":\"Sim\",\"p34_estadual\":\"Estadual\",\"p34_nenhuma\":\"Nenhuma\",\"p36_conselhosdeparticipacaoecontrolesocial\":\"Sim\",\"p38_sim\":\"Sim\",\"p38_nenhum\":\"Nenhum\",\"p40_editais\":\"Sim\",\"p41_privadopf\":\"Privado (P. F\\u00edsica)\",\"p41_privadopj\":\"Privado (P. Jur\\u00eddica)\",\"p42_meiodedivulgacaoproprio\":\"Sim\",\"p43_email\":\"E-mail\",\"p43_facebook\":\"Facebook\",\"p43_whatsapp\":\"WhatsApp\",\"p43_instagram\":\"Instagram\",\"p44_radio\":\"R\\u00e1dio\",\"p44_jornaisimpressosdegrandecirculacao\":\"Jornais impressos de grande circula\\u00e7\\u00e3o\",\"p44_jornaisimpressosdebairro\":\"Jornais impressos de bairro\",\"p44_redessociais\":\"Redes sociais (Facebook, YouTube, Instagram etc.)\",\"p39_publico\":\"MULHERES MENINAS\",\"p45_bandeira\":\"VIOL\\u00caNCIA CONTRA MULHERES MENINAS\",\"p46_hashtags\":\"#PELOFIMDAVIOLENCIACONTRAMULHERES #ONGFEMINISTA #PELASAUDEDASMULHERES\"},{\"p1_eixo\":\"Viol\\u00eancia\",\"p9_tipoorganizacao\":\"Coletivo\",\"p12_uf\":\"RS\",\"p13_cidade\":\"VEN\\u00c2NCIO AIRES\",\"p16_cidade\":\"Cidade\",\"p17_ano\":\"2018\",\"p18_direitoshumanos\":\"Direitos humanos\",\"p18_educacao\":\"Educa\\u00e7\\u00e3o\",\"p18_feminismos\":\"Feminismos\",\"p18_lutaantirracismo\":\"Luta antirracismo\",\"p18_trabalho\":\"Trabalho\",\"p18_violencia\":\"Viol\\u00eancia\",\"p18_politicasculturais\":\"Pol\\u00edticas Culturais\",\"p19_direitoshumanos\":\"Direitos humanos\",\"p19_educacao\":\"Educa\\u00e7\\u00e3o\",\"p19_lutaantirracismo\":\"Luta antirracismo\",\"p19_trabalho\":\"Trabalho\",\"p19_violencia\":\"Viol\\u00eancia\",\"p20_reunioes\":\"Reuni\\u00f5es\",\"p20_oficinas\":\"Oficinas\",\"p20_oficinasaulasartisticas\":\"Ensaios\\\/Oficinas\\\/Aulas art\\u00edsticas\",\"p20_cursos\":\"Cursos\",\"p20_formacao\":\"Forma\\u00e7\\u00e3o\",\"p20_profissionalizacao\":\"Profissionaliza\\u00e7\\u00e3o\",\"p21_nenhum\":\"Nenhum\",\"p22_numerodeparticipantes\":\"15 - 30\",\"p23_reunioes\":\"Reuni\\u00f5es\",\"p23_oficinas\":\"Oficinas\",\"p23_formacao\":\"Forma\\u00e7\\u00e3o\",\"p23_profissionalizacao\":\"Profissionaliza\\u00e7\\u00e3o\",\"p23_outros\":\"Outros\",\"p24_reunioes\":\"Reuni\\u00f5es\",\"p25_numerodepessoas\":\"20 - 40\",\"p26_numerodepessoas\":\"40 - 60\",\"p27_espacoemprestadocedido\":\"Espa\\u00e7o emprestado\\\/cedido\",\"p28_territorios\":\"Cidade\",\"p30_outrasorganizacoes\":\"N\\u00e3o\",\"p32_campanhadelongaduracao\":\"N\\u00e3o\",\"p34_nenhuma\":\"Nenhuma\",\"p36_conselhosdeparticipacaoecontrolesocial\":\"N\\u00e3o\",\"p38_nenhum\":\"Nenhum\",\"p40_editais\":\"Sim\",\"p41_privadopj\":\"Privado (P. Jur\\u00eddica)\",\"p41_autofinanciamento\":\"Autofinanciamento\",\"p42_meiodedivulgacaoproprio\":\"Sim\",\"p43_email\":\"E-mail\",\"p43_facebook\":\"Facebook\",\"p43_instagram\":\"Instagram\",\"p44_jornaisimpressosdebairro\":\"Jornais impressos de bairro\",\"p44_redessociais\":\"Redes sociais (Facebook, YouTube, Instagram etc.)\",\"p39_publico\":\"MULHERES NEGRAS\",\"p45_bandeira\":\"ANTIRRACISMO EMPODERAMENTO MULHER NEGRA\",\"p46_hashtags\":\"#MULHERNEGRA #RESISTENCIA #EMPODERAMENTOAFRO\"},{\"p1_eixo\":\"Trabalho\",\"p9_tipoorganizacao\":\"Instituto\",\"p12_uf\":\"MG\",\"p13_cidade\":\"UBERL\\u00c2NDIA\",\"p16_cidade\":\"Cidade\",\"p17_ano\":\"2018\",\"p16_estado\":\"Estado\",\"p18_comunicacao\":\"Comunica\\u00e7\\u00e3o\",\"p18_difusaoartistica\":\"Difus\\u00e3o Art\\u00edstica\",\"p18_direitoshumanos\":\"Direitos humanos\",\"p18_educacao\":\"Educa\\u00e7\\u00e3o\",\"p18_lutaantirracismo\":\"Luta antirracismo\",\"p18_povosecomunidadestradicionais\":\"Povos e comunidades tradicionais\",\"p18_trabalho\":\"Trabalho\",\"p18_religiao\":\"Religi\\u00e3o\",\"p18_saude\":\"Sa\\u00fade\",\"p18_violencia\":\"Viol\\u00eancia\",\"p18_politicasculturais\":\"Pol\\u00edticas Culturais\",\"p19_direitoshumanos\":\"Direitos humanos\",\"p19_educacao\":\"Educa\\u00e7\\u00e3o\",\"p19_povosecomunidadestradicionais\":\"Povos e comunidades tradicionais\",\"p19_trabalho\":\"Trabalho\",\"p19_religiao\":\"Religi\\u00e3o\",\"p19_difusaoartistica\":\"Difus\\u00e3o Art\\u00edstica\",\"p20_reunioes\":\"Reuni\\u00f5es\",\"p20_oficinas\":\"Oficinas\",\"p20_oficinasaulasartisticas\":\"Ensaios\\\/Oficinas\\\/Aulas art\\u00edsticas\",\"p20_cursos\":\"Cursos\",\"p20_formacao\":\"Forma\\u00e7\\u00e3o\",\"p20_profissionalizacao\":\"Profissionaliza\\u00e7\\u00e3o\",\"p20_apresentacoesartisticas\":\"Apresenta\\u00e7\\u00f5es art\\u00edsticas\",\"p20_visitasexcursoes\":\"Visitas\\\/Excurs\\u00f5es\",\"p21_intoleranciareligiosa\":\"Fundamentalismo\\\/intoler\\u00e2ncia religiosa\",\"p21_racismo\":\"Racismo\",\"p21_nenhum\":\"Nenhum\",\"p22_numerodeparticipantes\":\"1  - 15\",\"p23_reunioes\":\"Reuni\\u00f5es\",\"p23_oficinas\":\"Oficinas\",\"p23_oficinasaulasartisticas\":\"Ensaio\\\/Oficinas\\\/Aulas Art\\u00edsticas\",\"p23_formacao\":\"Forma\\u00e7\\u00e3o\",\"p23_profissionalizacao\":\"Profissionaliza\\u00e7\\u00e3o\",\"p23_visitas\":\"Visitas\",\"p23_excursoes\":\"Excurs\\u00f5es\",\"p24_reunioes\":\"Reuni\\u00f5es\",\"p24_oficinas\":\"Oficinas\",\"p24_oficinasaulasartisticas\":\"Ensaios\\\/Oficinas\\\/Aulas art\\u00edsticas\",\"p24_visitasexcursoes\":\"Visitas\\\/Excurs\\u00f5es\",\"p25_numerodepessoas\":\"100 - 200\",\"p26_numerodepessoas\":\"40 - 60\",\"p27_espacopublico\":\"Espa\\u00e7o p\\u00fablico\",\"p27_espacoemprestadocedido\":\"Espa\\u00e7o emprestado\\\/cedido\",\"p28_territorios\":\"Cidade\",\"p30_outrasorganizacoes\":\"N\\u00e3o\",\"p32_campanhadelongaduracao\":\"N\\u00e3o\",\"p34_nenhuma\":\"Nenhuma\",\"p36_conselhosdeparticipacaoecontrolesocial\":\"N\\u00e3o\",\"p38_nenhum\":\"Nenhum\",\"p40_editais\":\"N\\u00e3o\",\"p41_privadopf\":\"Privado (P. F\\u00edsica)\",\"p41_autofinanciamento\":\"Autofinanciamento\",\"p42_meiodedivulgacaoproprio\":\"Sim\",\"p43_impressoes\":\"Impressos\",\"p43_email\":\"E-mail\",\"p43_facebook\":\"Facebook\",\"p43_whatsapp\":\"WhatsApp\",\"p43_instagram\":\"Instagram\",\"p43_radio\":\"R\\u00e1dio\",\"p43_youtube\":\"YouTube\",\"p44_radio\":\"R\\u00e1dio\",\"p44_redessociais\":\"Redes sociais (Facebook, YouTube, Instagram etc.)\",\"p39_publico\":\"CRIAN\\u00c7AS JOVENS MULHERES\",\"p45_bandeira\":\"IGUALDADE OPORTUNIDADE CONCORRER TRABALHO OPORTUNIDADE DESENVOLVIMENTO COMPET\\u00caNCIAS PESSOAIS DESENVOLVIMENTO COMUNIDADES SUSTENT\\u00c1VEIS DIMINUI\\u00c7\\u00c3O TRABALHO DESENVOLVIMENTO HABILIDADES COMPET\\u00caNCIAS INDIVIDUAIS DIREITO COLETIVO\",\"p46_hashtags\":\"#CONHECERETERPODER #HISTORIAEEMPODERAMENTO #MAISDIREITOIGUALDADEEOPORTUNIDADE\"},{\"p1_eixo\":\"Cultura\",\"p9_tipoorganizacao\":\"Associa\\u00e7\\u00e3o\",\"p12_uf\":\"MG\",\"p13_cidade\":\"ILIC\\u00cdNEA\",\"p16_nacional\":\"Nacional\",\"p17_ano\":\"Anterior a 1980\",\"p16_estado\":\"Estado\",\"p18_comunicacao\":\"Comunica\\u00e7\\u00e3o\",\"p18_difusaoartistica\":\"Difus\\u00e3o Art\\u00edstica\",\"p18_direitoshumanos\":\"Direitos humanos\",\"p18_educacao\":\"Educa\\u00e7\\u00e3o\",\"p18_lutaantirracismo\":\"Luta antirracismo\",\"p18_povosecomunidadestradicionais\":\"Povos e comunidades tradicionais\",\"p18_trabalho\":\"Trabalho\",\"p18_religiao\":\"Religi\\u00e3o\",\"p18_saude\":\"Sa\\u00fade\",\"p18_violencia\":\"Viol\\u00eancia\",\"p18_politicasculturais\":\"Pol\\u00edticas Culturais\",\"p19_direitoshumanos\":\"Direitos humanos\",\"p19_educacao\":\"Educa\\u00e7\\u00e3o\",\"p19_povosecomunidadestradicionais\":\"Povos e comunidades tradicionais\",\"p19_religiao\":\"Religi\\u00e3o\",\"p19_difusaoartistica\":\"Difus\\u00e3o Art\\u00edstica\",\"p20_reunioes\":\"Reuni\\u00f5es\",\"p20_oficinas\":\"Oficinas\",\"p20_oficinasaulasartisticas\":\"Ensaios\\\/Oficinas\\\/Aulas art\\u00edsticas\",\"p20_cursos\":\"Cursos\",\"p20_formacao\":\"Forma\\u00e7\\u00e3o\",\"p20_apresentacoesartisticas\":\"Apresenta\\u00e7\\u00f5es art\\u00edsticas\",\"p20_visitasexcursoes\":\"Visitas\\\/Excurs\\u00f5es\",\"p21_intoleranciareligiosa\":\"Fundamentalismo\\\/intoler\\u00e2ncia religiosa\",\"p21_racismo\":\"Racismo\",\"p22_numerodeparticipantes\":\"Mais de 90\",\"p23_reunioes\":\"Reuni\\u00f5es\",\"p23_oficinas\":\"Oficinas\",\"p23_oficinasaulasartisticas\":\"Ensaio\\\/Oficinas\\\/Aulas Art\\u00edsticas\",\"p23_formacao\":\"Forma\\u00e7\\u00e3o\",\"p23_visitas\":\"Visitas\",\"p23_excursoes\":\"Excurs\\u00f5es\",\"p24_reunioes\":\"Reuni\\u00f5es\",\"p24_oficinas\":\"Oficinas\",\"p24_oficinasaulasartisticas\":\"Ensaios\\\/Oficinas\\\/Aulas art\\u00edsticas\",\"p24_curso\":\"Curso\",\"p24_visitasexcursoes\":\"Visitas\\\/Excurs\\u00f5es\",\"p25_numerodepessoas\":\"80 - 100\",\"p26_numerodepessoas\":\"20 - 40\",\"p27_espacopublico\":\"Espa\\u00e7o p\\u00fablico\",\"p27_espacoemprestadocedido\":\"Espa\\u00e7o emprestado\\\/cedido\",\"p27_virtual\":\"Virtual\",\"p28_territorios\":\"Cidade\",\"p30_outrasorganizacoes\":\"Sim\",\"p32_campanhadelongaduracao\":\"N\\u00e3o\",\"p34_nacional\":\"Nacional\",\"p34_nenhuma\":\"Nenhuma\",\"p36_conselhosdeparticipacaoecontrolesocial\":\"N\\u00e3o\",\"p38_sim\":\"Sim\",\"p38_nenhum\":\"Nenhum\",\"p40_editais\":\"N\\u00e3o\",\"p41_privadopf\":\"Privado (P. F\\u00edsica)\",\"p41_autofinanciamento\":\"Autofinanciamento\",\"p42_meiodedivulgacaoproprio\":\"Sim\",\"p43_impressoes\":\"Impressos\",\"p43_facebook\":\"Facebook\",\"p43_whatsapp\":\"WhatsApp\",\"p43_sitesblogs\":\"Blogs\\\/sites\",\"p43_radio\":\"R\\u00e1dio\",\"p43_youtube\":\"YouTube\",\"p44_radio\":\"R\\u00e1dio\",\"p44_redessociais\":\"Redes sociais (Facebook, YouTube, Instagram etc.)\",\"p44_sitesblogs\":\"Sites ou Blogs\",\"p39_publico\":\"JOVENS CRIAN\\u00c7AS\",\"p45_bandeira\":\"LUTA F\\u00c9 TRADI\\u00c7\\u00c3O DEVO\\u00c7\\u00c3O SANTOS COMBATE DESIGUALDADE SOCIAL COMBATE RACISMO BANDEIRA BEM\",\"p46_hashtags\":\"#CULTURAEFE #ANCESTRALIDADE #DEVOCAO#culturaef\\u00e9  #ancestralidade   #devo\\u00e7\\u00e3o\"},{\"p1_eixo\":\"Viol\\u00eancia\",\"p9_tipoorganizacao\":\"Coletivo\",\"p12_uf\":\"RN\",\"p13_cidade\":\"S\\u00c3O GON\\u00c7ALO DO AMARANTE\",\"p16_nacional\":\"Nacional\",\"p17_ano\":\"Anterior a 1980\",\"p18_comunicacao\":\"Comunica\\u00e7\\u00e3o\",\"p18_direitoshumanos\":\"Direitos humanos\",\"p18_educacao\":\"Educa\\u00e7\\u00e3o\",\"p18_lutaantirracismo\":\"Luta antirracismo\",\"p18_trabalho\":\"Trabalho\",\"p18_religiao\":\"Religi\\u00e3o\",\"p18_violencia\":\"Viol\\u00eancia\",\"p18_politicasculturais\":\"Pol\\u00edticas Culturais\",\"p19_direitoshumanos\":\"Direitos humanos\",\"p19_educacao\":\"Educa\\u00e7\\u00e3o\",\"p19_religiao\":\"Religi\\u00e3o\",\"p19_violencia\":\"Viol\\u00eancia\",\"p20_reunioes\":\"Reuni\\u00f5es\",\"p20_atendimento\":\"Atendimento\",\"p20_oficinas\":\"Oficinas\",\"p20_cursos\":\"Cursos\",\"p20_formacao\":\"Forma\\u00e7\\u00e3o\",\"p21_intoleranciareligiosa\":\"Fundamentalismo\\\/intoler\\u00e2ncia religiosa\",\"p21_nenhum\":\"Nenhum\",\"p22_numerodeparticipantes\":\"Mais de 90\",\"p23_reunioes\":\"Reuni\\u00f5es\",\"p23_atendimento\":\"Atendimento\",\"p23_oficinas\":\"Oficinas\",\"p23_formacao\":\"Forma\\u00e7\\u00e3o\",\"p23_visitas\":\"Visitas\",\"p24_oficinas\":\"Oficinas\",\"p24_curso\":\"Curso\",\"p24_formacao\":\"Forma\\u00e7\\u00e3o\",\"p25_numerodepessoas\":\"20 - 40\",\"p26_numerodepessoas\":\"60 - 80\",\"p27_espacopublico\":\"Espa\\u00e7o p\\u00fablico\",\"p27_espacoemprestadocedido\":\"Espa\\u00e7o emprestado\\\/cedido\",\"p27_virtual\":\"Virtual\",\"p28_territorios\":\"Atua\\u00e7\\u00e3o Nacional\",\"p30_outrasorganizacoes\":\"Sim\",\"p32_campanhadelongaduracao\":\"Sim\",\"p34_nacional\":\"Nacional\",\"p36_conselhosdeparticipacaoecontrolesocial\":\"Sim\",\"p38_sim\":\"Sim\",\"p40_editais\":\"N\\u00e3o\",\"p41_autofinanciamento\":\"Autofinanciamento\",\"p41_financiamentocoletivo0\":\"Financiamento coletivo\",\"p42_meiodedivulgacaoproprio\":\"Sim\",\"p43_impressoes\":\"Impressos\",\"p43_email\":\"E-mail\",\"p43_facebook\":\"Facebook\",\"p43_whatsapp\":\"WhatsApp\",\"p43_instagram\":\"Instagram\",\"p43_sitesblogs\":\"Blogs\\\/sites\",\"p44_jornaisimpressosdegrandecirculacao\":\"Jornais impressos de grande circula\\u00e7\\u00e3o\",\"p44_redessociais\":\"Redes sociais (Facebook, YouTube, Instagram etc.)\",\"p44_sitesblogs\":\"Sites ou Blogs\",\"p39_publico\":\"ADOLESCENTES JOVENS\",\"p45_bandeira\":\"DIREITOS JUVENTUDES JUSTI\\u00c7A SOCIAL RESPEITO DIVERSIDADE RELIGIOSA\",\"p46_hashtags\":\"#PELAVIDADASJUVENTUDES #JUSTICAEIGUALDADE #EDUCACAOLIBERTADORA\"},{\"p1_eixo\":\"Viol\\u00eancia\",\"p9_tipoorganizacao\":\"ONG\",\"p12_uf\":\"AL\",\"p13_cidade\":\"MACEI\\u00d3\",\"p16_nacional\":\"Nacional\",\"p17_ano\":\"2006\",\"p18_direitoshumanos\":\"Direitos humanos\",\"p18_educacao\":\"Educa\\u00e7\\u00e3o\",\"p18_povosecomunidadestradicionais\":\"Povos e comunidades tradicionais\",\"p18_trabalho\":\"Trabalho\",\"p18_violencia\":\"Viol\\u00eancia\",\"p18_politicasculturais\":\"Pol\\u00edticas Culturais\",\"p19_direitoshumanos\":\"Direitos humanos\",\"p19_educacao\":\"Educa\\u00e7\\u00e3o\",\"p19_trabalho\":\"Trabalho\",\"p19_violencia\":\"Viol\\u00eancia\",\"p20_reunioes\":\"Reuni\\u00f5es\",\"p20_atendimento\":\"Atendimento\",\"p20_oficinas\":\"Oficinas\",\"p20_oficinasaulasartisticas\":\"Ensaios\\\/Oficinas\\\/Aulas art\\u00edsticas\",\"p20_cursos\":\"Cursos\",\"p20_formacao\":\"Forma\\u00e7\\u00e3o\",\"p20_profissionalizacao\":\"Profissionaliza\\u00e7\\u00e3o\",\"p20_apresentacoesartisticas\":\"Apresenta\\u00e7\\u00f5es art\\u00edsticas\",\"p20_visitasexcursoes\":\"Visitas\\\/Excurs\\u00f5es\",\"p21_intoleranciareligiosa\":\"Fundamentalismo\\\/intoler\\u00e2ncia religiosa\",\"p21_nenhum\":\"Nenhum\",\"p22_numerodeparticipantes\":\"1  - 15\",\"p23_reunioes\":\"Reuni\\u00f5es\",\"p23_atendimento\":\"Atendimento\",\"p23_oficinas\":\"Oficinas\",\"p23_cursos\":\"Cursos\",\"p23_formacao\":\"Forma\\u00e7\\u00e3o\",\"p23_profissionalizacao\":\"Profissionaliza\\u00e7\\u00e3o\",\"p23_visitas\":\"Visitas\",\"p24_oficinasaulasartisticas\":\"Ensaios\\\/Oficinas\\\/Aulas art\\u00edsticas\",\"p24_curso\":\"Curso\",\"p24_formacao\":\"Forma\\u00e7\\u00e3o\",\"p24_apresentacoesartisticas\":\"Apresenta\\u00e7\\u00f5es art\\u00edsticas\",\"p24_outros\":\"Outros\",\"p25_numerodepessoas\":\"20 - 40\",\"p26_numerodepessoas\":\"40 - 60\",\"p27_espacopublico\":\"Espa\\u00e7o p\\u00fablico\",\"p27_espacoemprestadocedido\":\"Espa\\u00e7o emprestado\\\/cedido\",\"p27_espacoproprio\":\"Espa\\u00e7o pr\\u00f3prio\",\"p28_territorios\":\"Cidade\",\"p30_outrasorganizacoes\":\"Sim\",\"p32_campanhadelongaduracao\":\"N\\u00e3o\",\"p34_municipal\":\"Municipal\",\"p34_nacional\":\"Nacional\",\"p36_conselhosdeparticipacaoecontrolesocial\":\"Sim\",\"p38_sim\":\"Sim\",\"p38_nenhum\":\"Nenhum\",\"p40_editais\":\"N\\u00e3o\",\"p41_publicoestatal\":\"P\\u00fablico-Estatal\",\"p41_privadopf\":\"Privado (P. F\\u00edsica)\",\"p41_privadopj\":\"Privado (P. Jur\\u00eddica)\",\"p41_autofinanciamento\":\"Autofinanciamento\",\"p41_financiamentocoletivo0\":\"Financiamento coletivo\",\"p42_meiodedivulgacaoproprio\":\"Sim\",\"p43_impressoes\":\"Impressos\",\"p43_email\":\"E-mail\",\"p43_facebook\":\"Facebook\",\"p43_whatsapp\":\"WhatsApp\",\"p43_instagram\":\"Instagram\",\"p43_sitesblogs\":\"Blogs\\\/sites\",\"p44_jornaisimpressosdegrandecirculacao\":\"Jornais impressos de grande circula\\u00e7\\u00e3o\",\"p44_redessociais\":\"Redes sociais (Facebook, YouTube, Instagram etc.)\",\"p44_sitesblogs\":\"Sites ou Blogs\",\"p39_publico\":\"VULNER\\u00c1VEIS V\\u00cdTIMAS ADOLESCENTES\",\"p45_bandeira\":\"PROMO\\u00c7\\u00c3O DIREITOS HUMANOS\",\"p46_hashtags\":\"#DIREITOSHUMANOS #CRIANCAEADOLESCENTE #GRUPOSSOCIALMENTEVULNERAVEIS\"},{\"p1_eixo\":\"Cultura\",\"p9_tipoorganizacao\":\"ONG\",\"p12_uf\":\"RJ\",\"p13_cidade\":\"PARATY\",\"p16_nacional\":\"Nacional\",\"p17_ano\":\"2007\",\"p16_estado\":\"Estado\",\"p18_direitoshumanos\":\"Direitos humanos\",\"p18_educacao\":\"Educa\\u00e7\\u00e3o\",\"p18_povosecomunidadestradicionais\":\"Povos e comunidades tradicionais\",\"p18_trabalho\":\"Trabalho\",\"p18_violencia\":\"Viol\\u00eancia\",\"p18_politicasculturais\":\"Pol\\u00edticas Culturais\",\"p19_direitoshumanos\":\"Direitos humanos\",\"p19_educacao\":\"Educa\\u00e7\\u00e3o\",\"p19_trabalho\":\"Trabalho\",\"p20_reunioes\":\"Reuni\\u00f5es\",\"p20_atendimento\":\"Atendimento\",\"p20_oficinas\":\"Oficinas\",\"p20_oficinasaulasartisticas\":\"Ensaios\\\/Oficinas\\\/Aulas art\\u00edsticas\",\"p20_cursos\":\"Cursos\",\"p20_formacao\":\"Forma\\u00e7\\u00e3o\",\"p20_profissionalizacao\":\"Profissionaliza\\u00e7\\u00e3o\",\"p20_apresentacoesartisticas\":\"Apresenta\\u00e7\\u00f5es art\\u00edsticas\",\"p20_visitasexcursoes\":\"Visitas\\\/Excurs\\u00f5es\",\"p21_intoleranciareligiosa\":\"Fundamentalismo\\\/intoler\\u00e2ncia religiosa\",\"p21_nenhum\":\"Nenhum\",\"p22_numerodeparticipantes\":\"1  - 15\",\"p23_reunioes\":\"Reuni\\u00f5es\",\"p23_atendimento\":\"Atendimento\",\"p23_cursos\":\"Cursos\",\"p23_formacao\":\"Forma\\u00e7\\u00e3o\",\"p23_profissionalizacao\":\"Profissionaliza\\u00e7\\u00e3o\",\"p24_oficinas\":\"Oficinas\",\"p24_oficinasaulasartisticas\":\"Ensaios\\\/Oficinas\\\/Aulas art\\u00edsticas\",\"p24_formacao\":\"Forma\\u00e7\\u00e3o\",\"p24_apresentacoesartisticas\":\"Apresenta\\u00e7\\u00f5es art\\u00edsticas\",\"p24_outros\":\"Outros\",\"p25_numerodepessoas\":\"Mais de 500\",\"p26_numerodepessoas\":\"Mais de 500\",\"p27_espacopublico\":\"Espa\\u00e7o p\\u00fablico\",\"p27_espacoemprestadocedido\":\"Espa\\u00e7o emprestado\\\/cedido\",\"p27_espacoproprio\":\"Espa\\u00e7o pr\\u00f3prio\",\"p28_territorios\":\"Atua\\u00e7\\u00e3o Nacional\",\"p30_outrasorganizacoes\":\"Sim\",\"p32_campanhadelongaduracao\":\"Sim\",\"p34_municipal\":\"Municipal\",\"p34_nacional\":\"Nacional\",\"p34_nenhuma\":\"Nenhuma\",\"p36_conselhosdeparticipacaoecontrolesocial\":\"Sim\",\"p38_sim\":\"Sim\",\"p38_nenhum\":\"Nenhum\",\"p40_editais\":\"Sim\",\"p41_publicoestatal\":\"P\\u00fablico-Estatal\",\"p41_privadopf\":\"Privado (P. F\\u00edsica)\",\"p41_privadopj\":\"Privado (P. Jur\\u00eddica)\",\"p41_autofinanciamento\":\"Autofinanciamento\",\"p41_financiamentocoletivo0\":\"Financiamento coletivo\",\"p42_meiodedivulgacaoproprio\":\"Sim\",\"p43_email\":\"E-mail\",\"p43_facebook\":\"Facebook\",\"p43_whatsapp\":\"WhatsApp\",\"p43_instagram\":\"Instagram\",\"p43_sitesblogs\":\"Blogs\\\/sites\",\"p44_redessociais\":\"Redes sociais (Facebook, YouTube, Instagram etc.)\",\"p44_sitesblogs\":\"Sites ou Blogs\",\"p39_publico\":\"ADOLESCENTES JOVENS DIREITOS VIOLADO ARTES\\u00c3OS ARTES\\u00c3S\",\"p45_bandeira\":\"QUALIDADE VIDA CRIAN\\u00c7AS JOVENS TERRIT\\u00d3RIOS ALTA VULNERABILIDADE FORTALECIMENTO SABERES COMUNIDADES PRESERVA\\u00c7\\u00c3O PATRIM\\u00d4NIO CULTURAL IMATERIAL BRASILEIRO INCLUS\\u00c3O EDUCA\\u00c7\\u00c3O QUALIDADE BENS CULTURAIS\",\"p46_hashtags\":\"#TODOSJUNTOSSOMOSFORTES #NENHUMDIREITOAMENOS #MARIELLEPRESENTE\"},{\"p1_eixo\":\"Cultura\",\"p9_tipoorganizacao\":\"ONG\",\"p12_uf\":\"MG\",\"p13_cidade\":\"BELO HORIZONTE\",\"p16_nacional\":\"Nacional\",\"p17_ano\":\"2017\",\"p16_estado\":\"Estado\",\"p18_comunicacao\":\"Comunica\\u00e7\\u00e3o\",\"p18_direitoshumanos\":\"Direitos humanos\",\"p18_educacao\":\"Educa\\u00e7\\u00e3o\",\"p18_feminismos\":\"Feminismos\",\"p18_povosecomunidadestradicionais\":\"Povos e comunidades tradicionais\",\"p18_religiao\":\"Religi\\u00e3o\",\"p18_saude\":\"Sa\\u00fade\",\"p18_politicasculturais\":\"Pol\\u00edticas Culturais\",\"p19_direitoshumanos\":\"Direitos humanos\",\"p19_educacao\":\"Educa\\u00e7\\u00e3o\",\"p19_povosecomunidadestradicionais\":\"Povos e comunidades tradicionais\",\"p19_saude\":\"Sa\\u00fade\",\"p19_politicasculturais\":\"Pol\\u00edticas Culturais\",\"p20_reunioes\":\"Reuni\\u00f5es\",\"p20_atendimento\":\"Atendimento\",\"p20_oficinas\":\"Oficinas\",\"p20_cursos\":\"Cursos\",\"p20_formacao\":\"Forma\\u00e7\\u00e3o\",\"p20_apresentacoesartisticas\":\"Apresenta\\u00e7\\u00f5es art\\u00edsticas\",\"p21_intoleranciareligiosa\":\"Fundamentalismo\\\/intoler\\u00e2ncia religiosa\",\"p21_xenofobia\":\"Xenofobia\",\"p21_racismo\":\"Racismo\",\"p21_nenhum\":\"Nenhum\",\"p22_numerodeparticipantes\":\"1  - 15\",\"p23_reunioes\":\"Reuni\\u00f5es\",\"p23_oficinas\":\"Oficinas\",\"p23_apresentacoesartisticas\":\"Apresenta\\u00e7\\u00f5es Art\\u00edsticas\",\"p23_visitas\":\"Visitas\",\"p24_atendimento\":\"Atendimentos\",\"p24_oficinas\":\"Oficinas\",\"p24_oficinasaulasartisticas\":\"Ensaios\\\/Oficinas\\\/Aulas art\\u00edsticas\",\"p24_formacao\":\"Forma\\u00e7\\u00e3o\",\"p25_numerodepessoas\":\"20 - 40\",\"p26_numerodepessoas\":\"20 - 40\",\"p27_espacopublico\":\"Espa\\u00e7o p\\u00fablico\",\"p27_espacoemprestadocedido\":\"Espa\\u00e7o emprestado\\\/cedido\",\"p27_espacoproprio\":\"Espa\\u00e7o pr\\u00f3prio\",\"p28_territorios\":\"Cidade\",\"p30_outrasorganizacoes\":\"Sim\",\"p32_campanhadelongaduracao\":\"Sim\",\"p34_nenhuma\":\"Nenhuma\",\"p36_conselhosdeparticipacaoecontrolesocial\":\"N\\u00e3o\",\"p38_sim\":\"Sim\",\"p38_nenhum\":\"Nenhum\",\"p40_editais\":\"N\\u00e3o\",\"p41_privadopf\":\"Privado (P. F\\u00edsica)\",\"p41_privadopj\":\"Privado (P. Jur\\u00eddica)\",\"p41_autofinanciamento\":\"Autofinanciamento\",\"p42_meiodedivulgacaoproprio\":\"Sim\",\"p43_email\":\"E-mail\",\"p43_facebook\":\"Facebook\",\"p43_whatsapp\":\"WhatsApp\",\"p43_instagram\":\"Instagram\",\"p43_sitesblogs\":\"Blogs\\\/sites\",\"p43_youtube\":\"YouTube\",\"p44_redessociais\":\"Redes sociais (Facebook, YouTube, Instagram etc.)\",\"p44_sitesblogs\":\"Sites ou Blogs\",\"p39_publico\":\"ESTUDANTES ESCOLA-P\\u00daBLICA BAIXA-RENDA COORDENADORES VOLUNT\\u00c1RIOS CURSINHOS POPULARES MINAS GERAIS\",\"p45_bandeira\":\"EDUCA\\u00c7\\u00c3O POPULAR TRANSPAR\\u00caNCIA CONTAS EDUCA\\u00c7\\u00c3O P\\u00daBLICA IGUALDADE\",\"p46_hashtags\":\"#OPORTUNIDADEIGUALPARATODOS  #EDUCACAONAOEMERCADORIA  #UMCURSINHOPOPULARPORBAIRRO\"},{\"p1_eixo\":\"Cultura\",\"p9_tipoorganizacao\":\"Associa\\u00e7\\u00e3o\",\"p12_uf\":\"CE\",\"p13_cidade\":\"FORTALEZA\",\"p16_cidade\":\"Cidade\",\"p16_nacional\":\"Nacional\",\"p17_ano\":\"2009\",\"p18_comunicacao\":\"Comunica\\u00e7\\u00e3o\",\"p18_difusaoartistica\":\"Difus\\u00e3o Art\\u00edstica\",\"p18_direitoshumanos\":\"Direitos humanos\",\"p18_educacao\":\"Educa\\u00e7\\u00e3o\",\"p18_feminismos\":\"Feminismos\",\"p18_lutaantirracismo\":\"Luta antirracismo\",\"p18_povosecomunidadestradicionais\":\"Povos e comunidades tradicionais\",\"p18_religiao\":\"Religi\\u00e3o\",\"p18_saude\":\"Sa\\u00fade\",\"p18_politicasculturais\":\"Pol\\u00edticas Culturais\",\"p19_direitoshumanos\":\"Direitos humanos\",\"p19_lutaantirracismo\":\"Luta antirracismo\",\"p19_povosecomunidadestradicionais\":\"Povos e comunidades tradicionais\",\"p19_saude\":\"Sa\\u00fade\",\"p19_politicasculturais\":\"Pol\\u00edticas Culturais\",\"p20_reunioes\":\"Reuni\\u00f5es\",\"p20_atendimento\":\"Atendimento\",\"p20_oficinas\":\"Oficinas\",\"p20_oficinasaulasartisticas\":\"Ensaios\\\/Oficinas\\\/Aulas art\\u00edsticas\",\"p20_apresentacoesartisticas\":\"Apresenta\\u00e7\\u00f5es art\\u00edsticas\",\"p21_intoleranciareligiosa\":\"Fundamentalismo\\\/intoler\\u00e2ncia religiosa\",\"p21_xenofobia\":\"Xenofobia\",\"p21_racismo\":\"Racismo\",\"p21_nenhum\":\"Nenhum\",\"p22_numerodeparticipantes\":\"30 - 45\",\"p23_reunioes\":\"Reuni\\u00f5es\",\"p23_oficinas\":\"Oficinas\",\"p23_oficinasaulasartisticas\":\"Ensaio\\\/Oficinas\\\/Aulas Art\\u00edsticas\",\"p23_apresentacoesartisticas\":\"Apresenta\\u00e7\\u00f5es Art\\u00edsticas\",\"p23_visitas\":\"Visitas\",\"p24_reunioes\":\"Reuni\\u00f5es\",\"p24_atendimento\":\"Atendimentos\",\"p24_oficinas\":\"Oficinas\",\"p24_oficinasaulasartisticas\":\"Ensaios\\\/Oficinas\\\/Aulas art\\u00edsticas\",\"p24_apresentacoesartisticas\":\"Apresenta\\u00e7\\u00f5es art\\u00edsticas\",\"p25_numerodepessoas\":\"40 - 60\",\"p26_numerodepessoas\":\"40 - 60\",\"p27_espacopublico\":\"Espa\\u00e7o p\\u00fablico\",\"p27_espacoproprio\":\"Espa\\u00e7o pr\\u00f3prio\",\"p28_territorios\":\"Pr\\u00f3prio bairro\",\"p30_outrasorganizacoes\":\"Sim\",\"p32_campanhadelongaduracao\":\"Sim\",\"p34_municipal\":\"Municipal\",\"p34_nenhuma\":\"Nenhuma\",\"p36_conselhosdeparticipacaoecontrolesocial\":\"Sim\",\"p38_nenhum\":\"Nenhum\",\"p40_editais\":\"Sim\",\"p41_publicoestatal\":\"P\\u00fablico-Estatal\",\"p41_autofinanciamento\":\"Autofinanciamento\",\"p41_financiamentocoletivo0\":\"Financiamento coletivo\",\"p42_meiodedivulgacaoproprio\":\"Sim\",\"p43_email\":\"E-mail\",\"p43_facebook\":\"Facebook\",\"p43_whatsapp\":\"WhatsApp\",\"p43_instagram\":\"Instagram\",\"p43_sitesblogs\":\"Blogs\\\/sites\",\"p43_youtube\":\"YouTube\",\"p44_radio\":\"R\\u00e1dio\",\"p44_redessociais\":\"Redes sociais (Facebook, YouTube, Instagram etc.)\",\"p44_sitesblogs\":\"Sites ou Blogs\",\"p39_publico\":\"TODOS\",\"p45_bandeira\":\"GARANTIA DEFESA DIREITOS COMUNIDADES TRADICIONAIS EXCLUIDADE\",\"p46_hashtags\":\"#LUTA #LIBERDADE #RESPEITO\"},{\"p1_eixo\":\"Cultura\",\"p9_tipoorganizacao\":\"ONG\",\"p12_uf\":\"RN\",\"p13_cidade\":\"ALEXANDRIA\",\"p16_cidade\":\"Cidade\",\"p17_ano\":\"2006\",\"p18_difusaoartistica\":\"Difus\\u00e3o Art\\u00edstica\",\"p18_desenvolvimentoterritorial\":\"Desenvolvimento territorial\",\"p18_direitoshumanos\":\"Direitos humanos\",\"p18_educacao\":\"Educa\\u00e7\\u00e3o\",\"p18_lutaantirracismo\":\"Luta antirracismo\",\"p18_povosecomunidadestradicionais\":\"Povos e comunidades tradicionais\",\"p18_trabalho\":\"Trabalho\",\"p18_saude\":\"Sa\\u00fade\",\"p18_politicasculturais\":\"Pol\\u00edticas Culturais\",\"p19_desenvolvimentoterritorial\":\"Desenvolvimento territorial\",\"p19_direitoshumanos\":\"Direitos humanos\",\"p19_lutaantirracismo\":\"Luta antirracismo\",\"p19_povosecomunidadestradicionais\":\"Povos e comunidades tradicionais\",\"p19_politicasculturais\":\"Pol\\u00edticas Culturais\",\"p20_reunioes\":\"Reuni\\u00f5es\",\"p20_atendimento\":\"Atendimento\",\"p20_oficinas\":\"Oficinas\",\"p20_oficinasaulasartisticas\":\"Ensaios\\\/Oficinas\\\/Aulas art\\u00edsticas\",\"p20_cursos\":\"Cursos\",\"p20_formacao\":\"Forma\\u00e7\\u00e3o\",\"p20_apresentacoesartisticas\":\"Apresenta\\u00e7\\u00f5es art\\u00edsticas\",\"p21_repressaopolicial\":\"Repress\\u00e3o policial\",\"p21_racismo\":\"Racismo\",\"p21_enfrentamentocomgruposprivadosarmados\":\"Enfrentamento com grupos privados armados\",\"p21_nenhum\":\"Nenhum\",\"p22_numerodeparticipantes\":\"Mais de 90\",\"p23_reunioes\":\"Reuni\\u00f5es\",\"p23_oficinas\":\"Oficinas\",\"p23_oficinasaulasartisticas\":\"Ensaio\\\/Oficinas\\\/Aulas Art\\u00edsticas\",\"p23_cursos\":\"Cursos\",\"p23_formacao\":\"Forma\\u00e7\\u00e3o\",\"p23_apresentacoesartisticas\":\"Apresenta\\u00e7\\u00f5es Art\\u00edsticas\",\"p23_outros\":\"Outros\",\"p24_reunioes\":\"Reuni\\u00f5es\",\"p24_oficinas\":\"Oficinas\",\"p24_oficinasaulasartisticas\":\"Ensaios\\\/Oficinas\\\/Aulas art\\u00edsticas\",\"p24_curso\":\"Curso\",\"p24_formacao\":\"Forma\\u00e7\\u00e3o\",\"p24_apresentacoesartisticas\":\"Apresenta\\u00e7\\u00f5es art\\u00edsticas\",\"p24_outros\":\"Outros\",\"p25_numerodepessoas\":\"40 - 60\",\"p26_numerodepessoas\":\"40 - 60\",\"p27_espacopublico\":\"Espa\\u00e7o p\\u00fablico\",\"p27_espacoemprestadocedido\":\"Espa\\u00e7o emprestado\\\/cedido\",\"p27_espacoproprio\":\"Espa\\u00e7o pr\\u00f3prio\",\"p28_territorios\":\"Atua\\u00e7\\u00e3o Nacional\",\"p30_outrasorganizacoes\":\"Sim\",\"p32_campanhadelongaduracao\":\"Sim\",\"p34_municipal\":\"Municipal\",\"p34_estadual\":\"Estadual\",\"p34_nacional\":\"Nacional\",\"p36_conselhosdeparticipacaoecontrolesocial\":\"Sim\",\"p38_sim\":\"Sim\",\"p38_nenhum\":\"Nenhum\",\"p40_editais\":\"Sim\",\"p41_publicoestatal\":\"P\\u00fablico-Estatal\",\"p41_autofinanciamento\":\"Autofinanciamento\",\"p41_financiamentocoletivo0\":\"Financiamento coletivo\",\"p42_meiodedivulgacaoproprio\":\"Sim\",\"p43_email\":\"E-mail\",\"p43_facebook\":\"Facebook\",\"p43_whatsapp\":\"WhatsApp\",\"p43_sitesblogs\":\"Blogs\\\/sites\",\"p44_radio\":\"R\\u00e1dio\",\"p44_redessociais\":\"Redes sociais (Facebook, YouTube, Instagram etc.)\",\"p44_sitesblogs\":\"Sites ou Blogs\",\"p39_publico\":\"CRIAN\\u00c7AS ADOLESCENTES MESTRES MESTRAS CULTURA POPULAR FAM\\u00cdLIAS BAIXA-RENDA\",\"p45_bandeira\":\"DIREITOS CULTURAIS SOCIAIS INCLUS\\u00c3O SOCIAL MINORIA OFERTA BENS SERVI\\u00c7OS CULTURAIS P\\u00daBLICOS GRATUITOS\",\"p46_hashtags\":\"#INCLUSAOSOCIAL #CULTURAPOPULAR #DIREITODASCRIANCASEADOLESCENTES\"},{\"p1_eixo\":\"Cultura\",\"p9_tipoorganizacao\":\"Associa\\u00e7\\u00e3o\",\"p12_uf\":\"PA\",\"p13_cidade\":\"SANTAR\\u00c9M\",\"p16_cidade\":\"Cidade\",\"p17_ano\":\"2000\",\"p16_estado\":\"Estado\",\"p18_comunicacao\":\"Comunica\\u00e7\\u00e3o\",\"p18_desenvolvimentoterritorial\":\"Desenvolvimento territorial\",\"p18_direitoshumanos\":\"Direitos humanos\",\"p18_educacao\":\"Educa\\u00e7\\u00e3o\",\"p18_feminismos\":\"Feminismos\",\"p18_lgbtqi\":\"LGBTQI\",\"p18_lutaantirracismo\":\"Luta antirracismo\",\"p18_povosecomunidadestradicionais\":\"Povos e comunidades tradicionais\",\"p18_trabalho\":\"Trabalho\",\"p18_saude\":\"Sa\\u00fade\",\"p18_politicasculturais\":\"Pol\\u00edticas Culturais\",\"p19_desenvolvimentoterritorial\":\"Desenvolvimento territorial\",\"p19_direitoshumanos\":\"Direitos humanos\",\"p19_educacao\":\"Educa\\u00e7\\u00e3o\",\"p19_lutaantirracismo\":\"Luta antirracismo\",\"p19_povosecomunidadestradicionais\":\"Povos e comunidades tradicionais\",\"p20_reunioes\":\"Reuni\\u00f5es\",\"p20_atendimento\":\"Atendimento\",\"p20_oficinas\":\"Oficinas\",\"p20_cursos\":\"Cursos\",\"p20_formacao\":\"Forma\\u00e7\\u00e3o\",\"p21_repressaopolicial\":\"Repress\\u00e3o policial\",\"p21_racismo\":\"Racismo\",\"p21_enfrentamentocomgruposprivadosarmados\":\"Enfrentamento com grupos privados armados\",\"p21_nenhum\":\"Nenhum\",\"p22_numerodeparticipantes\":\"Mais de 90\",\"p23_reunioes\":\"Reuni\\u00f5es\",\"p23_atendimento\":\"Atendimento\",\"p23_oficinas\":\"Oficinas\",\"p23_cursos\":\"Cursos\",\"p23_formacao\":\"Forma\\u00e7\\u00e3o\",\"p23_outros\":\"Outros\",\"p24_reunioes\":\"Reuni\\u00f5es\",\"p24_curso\":\"Curso\",\"p24_formacao\":\"Forma\\u00e7\\u00e3o\",\"p24_outros\":\"Outros\",\"p25_numerodepessoas\":\"80 - 100\",\"p26_numerodepessoas\":\"80 - 100\",\"p27_espacopublico\":\"Espa\\u00e7o p\\u00fablico\",\"p27_espacoemprestadocedido\":\"Espa\\u00e7o emprestado\\\/cedido\",\"p28_territorios\":\"Cidade\",\"p30_outrasorganizacoes\":\"N\\u00e3o\",\"p32_campanhadelongaduracao\":\"Sim\",\"p34_estadual\":\"Estadual\",\"p34_nacional\":\"Nacional\",\"p34_nenhuma\":\"Nenhuma\",\"p36_conselhosdeparticipacaoecontrolesocial\":\"Sim\",\"p38_sim\":\"Sim\",\"p40_editais\":\"N\\u00e3o\",\"p41_privadopf\":\"Privado (P. F\\u00edsica)\",\"p41_autofinanciamento\":\"Autofinanciamento\",\"p41_financiamentocoletivo0\":\"Financiamento coletivo\",\"p42_meiodedivulgacaoproprio\":\"Sim\",\"p43_facebook\":\"Facebook\",\"p43_whatsapp\":\"WhatsApp\",\"p43_instagram\":\"Instagram\",\"p44_redessociais\":\"Redes sociais (Facebook, YouTube, Instagram etc.)\",\"p39_publico\":\"IND\\u00cdGENAS ESTUDANTES ESCOLA-P\\u00daBLICA\",\"p45_bandeira\":\"DEMARCA\\u00c7\\u00c3O TERRIT\\u00d3RIOS IND\\u00cdGENAS DEMARCA\\u00c7\\u00c3O TERRIT\\u00d3RIOS IND\\u00cdGENAS EDUCA\\u00c7\\u00c3O SA\\u00daDE DIFERENCIADA QUALIDADE DESENVOLVIMENTO SOCIAL CULTURAL TERRA TERRIT\\u00d3RIOS IND\\u00cdGENAS\",\"p46_hashtags\":\"#LUTAPELADIGNIDADEDOSPOVOSINDIGENAS #RESPEITOAOSDIREITOSDOS13POVOSINDIGENAS\"},{\"p1_eixo\":\"Trabalho\",\"p9_tipoorganizacao\":\"Coletivo\",\"p12_uf\":\"RS\",\"p13_cidade\":\"ESTEIO\",\"p16_cidade\":\"Cidade\",\"p17_ano\":\"2018\",\"p16_estado\":\"Estado\",\"p18_agrario\":\"Agr\\u00e1rio\\\/ruralidades\",\"p18_comunicacao\":\"Comunica\\u00e7\\u00e3o\",\"p18_desenvolvimentoterritorial\":\"Desenvolvimento territorial\",\"p18_direitoshumanos\":\"Direitos humanos\",\"p18_educacao\":\"Educa\\u00e7\\u00e3o\",\"p18_feminismos\":\"Feminismos\",\"p18_lgbtqi\":\"LGBTQI\",\"p18_lutaantirracismo\":\"Luta antirracismo\",\"p18_povosecomunidadestradicionais\":\"Povos e comunidades tradicionais\",\"p18_trabalho\":\"Trabalho\",\"p18_saude\":\"Sa\\u00fade\",\"p18_violencia\":\"Viol\\u00eancia\",\"p18_politicasculturais\":\"Pol\\u00edticas Culturais\",\"p19_desenvolvimentoterritorial\":\"Desenvolvimento territorial\",\"p19_direitoshumanos\":\"Direitos humanos\",\"p19_educacao\":\"Educa\\u00e7\\u00e3o\",\"p19_lutaantirracismo\":\"Luta antirracismo\",\"p19_povosecomunidadestradicionais\":\"Povos e comunidades tradicionais\",\"p20_reunioes\":\"Reuni\\u00f5es\",\"p20_atendimento\":\"Atendimento\",\"p20_oficinas\":\"Oficinas\",\"p20_cursos\":\"Cursos\",\"p20_formacao\":\"Forma\\u00e7\\u00e3o\",\"p20_visitasexcursoes\":\"Visitas\\\/Excurs\\u00f5es\",\"p21_nenhum\":\"Nenhum\",\"p22_numerodeparticipantes\":\"60 - 75\",\"p23_reunioes\":\"Reuni\\u00f5es\",\"p23_atendimento\":\"Atendimento\",\"p23_oficinas\":\"Oficinas\",\"p23_cursos\":\"Cursos\",\"p23_formacao\":\"Forma\\u00e7\\u00e3o\",\"p23_excursoes\":\"Excurs\\u00f5es\",\"p24_reunioes\":\"Reuni\\u00f5es\",\"p24_oficinas\":\"Oficinas\",\"p24_curso\":\"Curso\",\"p24_formacao\":\"Forma\\u00e7\\u00e3o\",\"p24_visitasexcursoes\":\"Visitas\\\/Excurs\\u00f5es\",\"p24_outros\":\"Outros\",\"p25_numerodepessoas\":\"40 - 60\",\"p26_numerodepessoas\":\"100 - 200\",\"p27_espacopublico\":\"Espa\\u00e7o p\\u00fablico\",\"p27_espacoemprestadocedido\":\"Espa\\u00e7o emprestado\\\/cedido\",\"p28_territorios\":\"Estado\",\"p30_outrasorganizacoes\":\"N\\u00e3o\",\"p32_campanhadelongaduracao\":\"Sim\",\"p34_estadual\":\"Estadual\",\"p34_nacional\":\"Nacional\",\"p34_nenhuma\":\"Nenhuma\",\"p36_conselhosdeparticipacaoecontrolesocial\":\"N\\u00e3o\",\"p38_sim\":\"Sim\",\"p38_nenhum\":\"Nenhum\",\"p40_editais\":\"N\\u00e3o\",\"p41_privadopf\":\"Privado (P. F\\u00edsica)\",\"p41_privadopj\":\"Privado (P. Jur\\u00eddica)\",\"p41_financiamentocoletivo0\":\"Financiamento coletivo\",\"p42_meiodedivulgacaoproprio\":\"Sim\",\"p43_email\":\"E-mail\",\"p43_facebook\":\"Facebook\",\"p43_instagram\":\"Instagram\",\"p43_sitesblogs\":\"Blogs\\\/sites\",\"p44_redessociais\":\"Redes sociais (Facebook, YouTube, Instagram etc.)\",\"p44_sitesblogs\":\"Sites ou Blogs\",\"p39_publico\":\"JOVENS BAIXA-RENDA\",\"p45_bandeira\":\"EDUCA\\u00c7\\u00c3O-P\\u00daBLICA-GRATUITA LAICA QUALIDADE DEFESA PENSAMENTO CR\\u00cdTICO\",\"p46_hashtags\":\"#CHEGADEOPRESSAO #ESCOLASEMMORDACA #EDUCACAOPUBLICAPARATODOS\"},{\"p1_eixo\":\"Cultura\",\"p9_tipoorganizacao\":\"Associa\\u00e7\\u00e3o\",\"p12_uf\":\"SC\",\"p13_cidade\":\"FLORIAN\\u00d3POLIS\",\"p16_cidade\":\"Cidade\",\"p16_nacional\":\"Nacional\",\"p17_ano\":\"2011\",\"p18_agrario\":\"Agr\\u00e1rio\\\/ruralidades\",\"p18_comunicacao\":\"Comunica\\u00e7\\u00e3o\",\"p18_difusaoartistica\":\"Difus\\u00e3o Art\\u00edstica\",\"p18_desenvolvimentoterritorial\":\"Desenvolvimento territorial\",\"p18_direitoshumanos\":\"Direitos humanos\",\"p18_educacao\":\"Educa\\u00e7\\u00e3o\",\"p18_feminismos\":\"Feminismos\",\"p18_lgbtqi\":\"LGBTQI\",\"p18_lutaantirracismo\":\"Luta antirracismo\",\"p18_mobilidade\":\"Mobilidade\",\"p18_moradia\":\"Moradia\",\"p18_povosecomunidadestradicionais\":\"Povos e comunidades tradicionais\",\"p18_trabalho\":\"Trabalho\",\"p18_religiao\":\"Religi\\u00e3o\",\"p18_saude\":\"Sa\\u00fade\",\"p18_violencia\":\"Viol\\u00eancia\",\"p18_politicasculturais\":\"Pol\\u00edticas Culturais\",\"p19_desenvolvimentoterritorial\":\"Desenvolvimento territorial\",\"p19_educacao\":\"Educa\\u00e7\\u00e3o\",\"p19_povosecomunidadestradicionais\":\"Povos e comunidades tradicionais\",\"p19_violencia\":\"Viol\\u00eancia\",\"p20_reunioes\":\"Reuni\\u00f5es\",\"p20_atendimento\":\"Atendimento\",\"p20_oficinas\":\"Oficinas\",\"p20_oficinasaulasartisticas\":\"Ensaios\\\/Oficinas\\\/Aulas art\\u00edsticas\",\"p20_cursos\":\"Cursos\",\"p20_formacao\":\"Forma\\u00e7\\u00e3o\",\"p20_apresentacoesartisticas\":\"Apresenta\\u00e7\\u00f5es art\\u00edsticas\",\"p20_visitasexcursoes\":\"Visitas\\\/Excurs\\u00f5es\",\"p21_intoleranciareligiosa\":\"Fundamentalismo\\\/intoler\\u00e2ncia religiosa\",\"p21_xenofobia\":\"Xenofobia\",\"p21_machismo\":\"Machismo\",\"p21_racismo\":\"Racismo\",\"p21_lgbtqifobia\":\"LGBTIfobia\",\"p21_nenhum\":\"Nenhum\",\"p22_numerodeparticipantes\":\"45 - 60\",\"p23_reunioes\":\"Reuni\\u00f5es\",\"p23_oficinas\":\"Oficinas\",\"p23_oficinasaulasartisticas\":\"Ensaio\\\/Oficinas\\\/Aulas Art\\u00edsticas\",\"p23_cursos\":\"Cursos\",\"p23_formacao\":\"Forma\\u00e7\\u00e3o\",\"p23_apresentacoesartisticas\":\"Apresenta\\u00e7\\u00f5es Art\\u00edsticas\",\"p23_visitas\":\"Visitas\",\"p23_excursoes\":\"Excurs\\u00f5es\",\"p24_reunioes\":\"Reuni\\u00f5es\",\"p24_oficinas\":\"Oficinas\",\"p24_curso\":\"Curso\",\"p24_formacao\":\"Forma\\u00e7\\u00e3o\",\"p24_apresentacoesartisticas\":\"Apresenta\\u00e7\\u00f5es art\\u00edsticas\",\"p24_visitasexcursoes\":\"Visitas\\\/Excurs\\u00f5es\",\"p24_outros\":\"Outros\",\"p25_numerodepessoas\":\"100 - 200\",\"p26_numerodepessoas\":\"60 - 80\",\"p27_espacopublico\":\"Espa\\u00e7o p\\u00fablico\",\"p27_espacoemprestadocedido\":\"Espa\\u00e7o emprestado\\\/cedido\",\"p27_ocupacao\":\"Ocupa\\u00e7\\u00e3o\",\"p28_territorios\":\"Cidade\",\"p30_outrasorganizacoes\":\"Sim\",\"p32_campanhadelongaduracao\":\"N\\u00e3o\",\"p34_estadual\":\"Estadual\",\"p34_nacional\":\"Nacional\",\"p36_conselhosdeparticipacaoecontrolesocial\":\"N\\u00e3o\",\"p38_sim\":\"Sim\",\"p38_nenhum\":\"Nenhum\",\"p40_editais\":\"N\\u00e3o\",\"p41_publicoestatal\":\"P\\u00fablico-Estatal\",\"p41_privadopj\":\"Privado (P. Jur\\u00eddica)\",\"p41_autofinanciamento\":\"Autofinanciamento\",\"p42_meiodedivulgacaoproprio\":\"Sim\",\"p43_impressoes\":\"Impressos\",\"p43_email\":\"E-mail\",\"p43_facebook\":\"Facebook\",\"p43_instagram\":\"Instagram\",\"p43_sitesblogs\":\"Blogs\\\/sites\",\"p44_radio\":\"TV\",\"p44_jornaisimpressosdegrandecirculacao\":\"Jornais impressos de grande circula\\u00e7\\u00e3o\",\"p44_jornaisimpressosdebairro\":\"Jornais impressos de bairro\",\"p44_redessociais\":\"Redes sociais (Facebook, YouTube, Instagram etc.)\",\"p44_sitesblogs\":\"Sites ou Blogs\",\"p39_publico\":\"MULHERES NEGRAS MORADORAS PERIFERIA TRANSG\\u00caNERO\",\"p45_bandeira\":\"LUTAS COMBATE-RACISMO COMBATE-MACHISMO COMBATE-HOMOFOBIA UNIVERSIDADE-P\\u00daBLICA-GRATUITA POPULAR\",\"p46_hashtags\":\"#JUSTICASOCIAL #ANTIRRACISMO #FIMDOFEMINICIDIO\"},{\"p1_eixo\":\"Cultura\",\"p9_tipoorganizacao\":\"ONG\",\"p12_uf\":\"PE\",\"p13_cidade\":\"SERRA TALHADA\",\"p16_cidade\":\"Cidade\",\"p16_nacional\":\"Nacional\",\"p17_ano\":\"1995\",\"p18_agrario\":\"Agr\\u00e1rio\\\/ruralidades\",\"p18_comunicacao\":\"Comunica\\u00e7\\u00e3o\",\"p18_difusaoartistica\":\"Difus\\u00e3o Art\\u00edstica\",\"p18_desenvolvimentoterritorial\":\"Desenvolvimento territorial\",\"p18_direitoshumanos\":\"Direitos humanos\",\"p18_educacao\":\"Educa\\u00e7\\u00e3o\",\"p18_feminismos\":\"Feminismos\",\"p18_lgbtqi\":\"LGBTQI\",\"p18_lutaantirracismo\":\"Luta antirracismo\",\"p18_mobilidade\":\"Mobilidade\",\"p18_moradia\":\"Moradia\",\"p18_povosecomunidadestradicionais\":\"Povos e comunidades tradicionais\",\"p18_trabalho\":\"Trabalho\",\"p18_religiao\":\"Religi\\u00e3o\",\"p18_violencia\":\"Viol\\u00eancia\",\"p18_politicasculturais\":\"Pol\\u00edticas Culturais\",\"p19_direitoshumanos\":\"Direitos humanos\",\"p19_educacao\":\"Educa\\u00e7\\u00e3o\",\"p19_lutaantirracismo\":\"Luta antirracismo\",\"p19_povosecomunidadestradicionais\":\"Povos e comunidades tradicionais\",\"p19_violencia\":\"Viol\\u00eancia\",\"p20_atendimento\":\"Atendimento\",\"p20_oficinas\":\"Oficinas\",\"p20_oficinasaulasartisticas\":\"Ensaios\\\/Oficinas\\\/Aulas art\\u00edsticas\",\"p20_apresentacoesartisticas\":\"Apresenta\\u00e7\\u00f5es art\\u00edsticas\",\"p21_repressaopolicial\":\"Repress\\u00e3o policial\",\"p21_intoleranciareligiosa\":\"Fundamentalismo\\\/intoler\\u00e2ncia religiosa\",\"p21_xenofobia\":\"Xenofobia\",\"p21_machismo\":\"Machismo\",\"p21_racismo\":\"Racismo\",\"p21_lgbtqifobia\":\"LGBTIfobia\",\"p22_numerodeparticipantes\":\"15 - 30\",\"p23_oficinas\":\"Oficinas\",\"p23_oficinasaulasartisticas\":\"Ensaio\\\/Oficinas\\\/Aulas Art\\u00edsticas\",\"p23_formacao\":\"Forma\\u00e7\\u00e3o\",\"p23_apresentacoesartisticas\":\"Apresenta\\u00e7\\u00f5es Art\\u00edsticas\",\"p23_visitas\":\"Visitas\",\"p24_apresentacoesartisticas\":\"Apresenta\\u00e7\\u00f5es art\\u00edsticas\",\"p24_visitasexcursoes\":\"Visitas\\\/Excurs\\u00f5es\",\"p24_outros\":\"Outros\",\"p25_numerodepessoas\":\"100 - 200\",\"p26_numerodepessoas\":\"Mais de 500\",\"p27_espacopublico\":\"Espa\\u00e7o p\\u00fablico\",\"p27_espacoproprio\":\"Espa\\u00e7o pr\\u00f3prio\",\"p27_ocupacao\":\"Ocupa\\u00e7\\u00e3o\",\"p28_territorios\":\"Atua\\u00e7\\u00e3o Nacional\",\"p30_outrasorganizacoes\":\"Sim\",\"p32_campanhadelongaduracao\":\"Sim\",\"p34_estadual\":\"Estadual\",\"p34_nacional\":\"Nacional\",\"p36_conselhosdeparticipacaoecontrolesocial\":\"N\\u00e3o\",\"p38_sim\":\"Sim\",\"p38_nenhum\":\"Nenhum\",\"p40_editais\":\"Sim\",\"p41_publicoestatal\":\"P\\u00fablico-Estatal\",\"p41_privadopj\":\"Privado (P. Jur\\u00eddica)\",\"p41_autofinanciamento\":\"Autofinanciamento\",\"p42_meiodedivulgacaoproprio\":\"Sim\",\"p43_impressoes\":\"Impressos\",\"p43_email\":\"E-mail\",\"p43_facebook\":\"Facebook\",\"p43_instagram\":\"Instagram\",\"p43_sitesblogs\":\"Blogs\\\/sites\",\"p44_radio\":\"TV\",\"p44_jornaisimpressosdegrandecirculacao\":\"Jornais impressos de grande circula\\u00e7\\u00e3o\",\"p44_jornaisimpressosdebairro\":\"Jornais impressos de bairro\",\"p44_redessociais\":\"Redes sociais (Facebook, YouTube, Instagram etc.)\",\"p44_sitesblogs\":\"Sites ou Blogs\",\"p44_nenhum\":\"Nenhum\",\"p39_publico\":\"CRIAN\\u00c7AS ADOLESCENTES JOVENS\",\"p45_bandeira\":\"TERRA TRABALHO LIBERDADE\",\"p46_hashtags\":\"#RESISTENCIA #CORAGEM #PERSISTENCIA\"},{\"p1_eixo\":\"Cultura\",\"p9_tipoorganizacao\":\"Associa\\u00e7\\u00e3o\",\"p12_uf\":\"PE\",\"p13_cidade\":\"RECIFE\",\"p16_cidade\":\"Cidade\",\"p17_ano\":\"1994\",\"p16_estado\":\"Estado\",\"p18_comunicacao\":\"Comunica\\u00e7\\u00e3o\",\"p18_difusaoartistica\":\"Difus\\u00e3o Art\\u00edstica\",\"p18_direitoshumanos\":\"Direitos humanos\",\"p18_educacao\":\"Educa\\u00e7\\u00e3o\",\"p18_feminismos\":\"Feminismos\",\"p18_lgbtqi\":\"LGBTQI\",\"p18_lutaantirracismo\":\"Luta antirracismo\",\"p18_povosecomunidadestradicionais\":\"Povos e comunidades tradicionais\",\"p18_trabalho\":\"Trabalho\",\"p18_religiao\":\"Religi\\u00e3o\",\"p18_saude\":\"Sa\\u00fade\",\"p18_violencia\":\"Viol\\u00eancia\",\"p18_politicasculturais\":\"Pol\\u00edticas Culturais\",\"p19_direitoshumanos\":\"Direitos humanos\",\"p19_educacao\":\"Educa\\u00e7\\u00e3o\",\"p19_lutaantirracismo\":\"Luta antirracismo\",\"p19_politicasculturais\":\"Pol\\u00edticas Culturais\",\"p20_reunioes\":\"Reuni\\u00f5es\",\"p20_oficinas\":\"Oficinas\",\"p20_oficinasaulasartisticas\":\"Ensaios\\\/Oficinas\\\/Aulas art\\u00edsticas\",\"p20_cursos\":\"Cursos\",\"p20_profissionalizacao\":\"Profissionaliza\\u00e7\\u00e3o\",\"p20_apresentacoesartisticas\":\"Apresenta\\u00e7\\u00f5es art\\u00edsticas\",\"p21_repressaopolicial\":\"Repress\\u00e3o policial\",\"p21_racismo\":\"Racismo\",\"p21_nenhum\":\"Nenhum\",\"p22_numerodeparticipantes\":\"1  - 15\",\"p23_reunioes\":\"Reuni\\u00f5es\",\"p23_oficinas\":\"Oficinas\",\"p23_oficinasaulasartisticas\":\"Ensaio\\\/Oficinas\\\/Aulas Art\\u00edsticas\",\"p23_apresentacoesartisticas\":\"Apresenta\\u00e7\\u00f5es Art\\u00edsticas\",\"p23_outros\":\"Outros\",\"p24_curso\":\"Curso\",\"p24_profissionalizacao\":\"Profissionaliza\\u00e7\\u00e3o\",\"p24_apresentacoesartisticas\":\"Apresenta\\u00e7\\u00f5es art\\u00edsticas\",\"p24_outros\":\"Outros\",\"p25_numerodepessoas\":\"40 - 60\",\"p26_numerodepessoas\":\"Mais de 500\",\"p27_espacopublico\":\"Espa\\u00e7o p\\u00fablico\",\"p27_espacoproprio\":\"Espa\\u00e7o pr\\u00f3prio\",\"p28_territorios\":\"Cidade\",\"p30_outrasorganizacoes\":\"N\\u00e3o\",\"p32_campanhadelongaduracao\":\"N\\u00e3o\",\"p34_estadual\":\"Estadual\",\"p34_nacional\":\"Nacional\",\"p34_nenhuma\":\"Nenhuma\",\"p36_conselhosdeparticipacaoecontrolesocial\":\"Sim\",\"p38_nenhum\":\"Nenhum\",\"p40_editais\":\"Sim\",\"p41_privadopf\":\"Privado (P. F\\u00edsica)\",\"p41_privadopj\":\"Privado (P. Jur\\u00eddica)\",\"p41_financiamentocoletivo0\":\"Financiamento coletivo\",\"p42_meiodedivulgacaoproprio\":\"Sim\",\"p43_email\":\"E-mail\",\"p43_facebook\":\"Facebook\",\"p43_instagram\":\"Instagram\",\"p43_youtube\":\"YouTube\",\"p44_radio\":\"TV\",\"p44_jornaisimpressosdegrandecirculacao\":\"Jornais impressos de grande circula\\u00e7\\u00e3o\",\"p44_jornaisimpressosdebairro\":\"Jornais impressos de bairro\",\"p44_sitesblogs\":\"Sites ou Blogs\",\"p44_nenhum\":\"Nenhum\",\"p39_publico\":\"CRIAN\\u00c7AS ADOLESCENTES JOVENS VIOL\\u00caNCIA\",\"p45_bandeira\":\"LUTA ANTIRRACISMO LUTA ANTI-EXCLUS\\u00c3O SOCIAL PERIFERIA LUTA INCLUS\\u00c3O CULTURA POVOS PERIFERIA LUTA CONTRA POBREZA LUTA CONTRA-VIOL\\u00caNCIA\",\"p46_hashtags\":\"#CONTRAOFACISMO #EDUCACAOPARATODOS #CULTURAPARATODOS\"},{\"p1_eixo\":\"Viol\\u00eancia\",\"p9_tipoorganizacao\":\"ONG\",\"p12_uf\":\"PA\",\"p13_cidade\":\"BENEVIDES\",\"p16_cidade\":\"Cidade\",\"p17_ano\":\"2008\",\"p16_estado\":\"Estado\",\"p18_comunicacao\":\"Comunica\\u00e7\\u00e3o\",\"p18_difusaoartistica\":\"Difus\\u00e3o Art\\u00edstica\",\"p18_desenvolvimentoterritorial\":\"Desenvolvimento territorial\",\"p18_direitoshumanos\":\"Direitos humanos\",\"p18_educacao\":\"Educa\\u00e7\\u00e3o\",\"p18_feminismos\":\"Feminismos\",\"p18_lgbtqi\":\"LGBTQI\",\"p18_lutaantirracismo\":\"Luta antirracismo\",\"p18_mobilidade\":\"Mobilidade\",\"p18_moradia\":\"Moradia\",\"p18_povosecomunidadestradicionais\":\"Povos e comunidades tradicionais\",\"p18_trabalho\":\"Trabalho\",\"p18_religiao\":\"Religi\\u00e3o\",\"p18_saude\":\"Sa\\u00fade\",\"p18_violencia\":\"Viol\\u00eancia\",\"p18_politicasculturais\":\"Pol\\u00edticas Culturais\",\"p19_direitoshumanos\":\"Direitos humanos\",\"p19_educacao\":\"Educa\\u00e7\\u00e3o\",\"p19_moradia\":\"Moradia\",\"p19_trabalho\":\"Trabalho\",\"p19_politicasculturais\":\"Pol\\u00edticas Culturais\",\"p20_reunioes\":\"Reuni\\u00f5es\",\"p20_atendimento\":\"Atendimento\",\"p20_oficinas\":\"Oficinas\",\"p20_oficinasaulasartisticas\":\"Ensaios\\\/Oficinas\\\/Aulas art\\u00edsticas\",\"p20_cursos\":\"Cursos\",\"p20_formacao\":\"Forma\\u00e7\\u00e3o\",\"p20_profissionalizacao\":\"Profissionaliza\\u00e7\\u00e3o\",\"p20_visitasexcursoes\":\"Visitas\\\/Excurs\\u00f5es\",\"p21_repressaopolicial\":\"Repress\\u00e3o policial\",\"p21_xenofobia\":\"Xenofobia\",\"p21_racismo\":\"Racismo\",\"p21_lgbtqifobia\":\"LGBTIfobia\",\"p21_enfrentamentocomgruposprivadosarmados\":\"Enfrentamento com grupos privados armados\",\"p21_nenhum\":\"Nenhum\",\"p22_numerodeparticipantes\":\"1  - 15\",\"p23_reunioes\":\"Reuni\\u00f5es\",\"p23_atendimento\":\"Atendimento\",\"p23_oficinas\":\"Oficinas\",\"p23_oficinasaulasartisticas\":\"Ensaio\\\/Oficinas\\\/Aulas Art\\u00edsticas\",\"p23_cursos\":\"Cursos\",\"p23_formacao\":\"Forma\\u00e7\\u00e3o\",\"p23_profissionalizacao\":\"Profissionaliza\\u00e7\\u00e3o\",\"p23_apresentacoesartisticas\":\"Apresenta\\u00e7\\u00f5es Art\\u00edsticas\",\"p23_visitas\":\"Visitas\",\"p23_outros\":\"Outros\",\"p24_reunioes\":\"Reuni\\u00f5es\",\"p24_atendimento\":\"Atendimentos\",\"p24_oficinas\":\"Oficinas\",\"p24_curso\":\"Curso\",\"p24_profissionalizacao\":\"Profissionaliza\\u00e7\\u00e3o\",\"p24_outros\":\"Outros\",\"p25_numerodepessoas\":\"20 - 40\",\"p26_numerodepessoas\":\"1 - 20\",\"p27_espacoemprestadocedido\":\"Espa\\u00e7o emprestado\\\/cedido\",\"p27_espacoproprio\":\"Espa\\u00e7o pr\\u00f3prio\",\"p28_territorios\":\"Estado\",\"p30_outrasorganizacoes\":\"Sim\",\"p32_campanhadelongaduracao\":\"Sim\",\"p34_municipal\":\"Municipal\",\"p34_nenhuma\":\"Nenhuma\",\"p36_conselhosdeparticipacaoecontrolesocial\":\"Sim\",\"p38_nenhum\":\"Nenhum\",\"p40_editais\":\"Sim\",\"p41_privadopf\":\"Privado (P. F\\u00edsica)\",\"p41_privadopj\":\"Privado (P. Jur\\u00eddica)\",\"p41_autofinanciamento\":\"Autofinanciamento\",\"p41_financiamentocoletivo0\":\"Financiamento coletivo\",\"p42_meiodedivulgacaoproprio\":\"Sim\",\"p43_impressoes\":\"Impressos\",\"p43_email\":\"E-mail\",\"p43_facebook\":\"Facebook\",\"p43_whatsapp\":\"WhatsApp\",\"p43_instagram\":\"Instagram\",\"p43_youtube\":\"YouTube\",\"p44_radio\":\"TV\",\"p44_jornaisimpressosdegrandecirculacao\":\"Jornais impressos de grande circula\\u00e7\\u00e3o\",\"p44_jornaisimpressosdebairro\":\"Jornais impressos de bairro\",\"p44_redessociais\":\"Redes sociais (Facebook, YouTube, Instagram etc.)\",\"p44_sitesblogs\":\"Sites ou Blogs\",\"p39_publico\":\"FAM\\u00cdLIAS VULNERABILIDADE\",\"p45_bandeira\":\"DIREITO CRIAN\\u00c7A ADOLESCENTE DIREITO IGUALDADE G\\u00caNERO DIREITO PESSOA DEFICI\\u00caNCIA\",\"p46_hashtags\":\"#SUPERACAO #DIREITODACRIANCAEDOADOLESCENTE #GRATIDAO\"},{\"p1_eixo\":\"Viol\\u00eancia\",\"p9_tipoorganizacao\":\"ONG\",\"p12_uf\":\"PI\",\"p13_cidade\":\"TERESINA\",\"p16_cidade\":\"Cidade\",\"p17_ano\":\"2008\",\"p16_estado\":\"Estado\",\"p18_difusaoartistica\":\"Difus\\u00e3o Art\\u00edstica\",\"p18_desenvolvimentoterritorial\":\"Desenvolvimento territorial\",\"p18_direitoshumanos\":\"Direitos humanos\",\"p18_educacao\":\"Educa\\u00e7\\u00e3o\",\"p18_feminismos\":\"Feminismos\",\"p18_lgbtqi\":\"LGBTQI\",\"p18_lutaantirracismo\":\"Luta antirracismo\",\"p18_mobilidade\":\"Mobilidade\",\"p18_moradia\":\"Moradia\",\"p18_trabalho\":\"Trabalho\",\"p18_religiao\":\"Religi\\u00e3o\",\"p18_saude\":\"Sa\\u00fade\",\"p18_violencia\":\"Viol\\u00eancia\",\"p19_direitoshumanos\":\"Direitos humanos\",\"p19_educacao\":\"Educa\\u00e7\\u00e3o\",\"p19_moradia\":\"Moradia\",\"p19_trabalho\":\"Trabalho\",\"p19_violencia\":\"Viol\\u00eancia\",\"p20_reunioes\":\"Reuni\\u00f5es\",\"p20_atendimento\":\"Atendimento\",\"p20_oficinas\":\"Oficinas\",\"p20_oficinasaulasartisticas\":\"Ensaios\\\/Oficinas\\\/Aulas art\\u00edsticas\",\"p20_cursos\":\"Cursos\",\"p20_formacao\":\"Forma\\u00e7\\u00e3o\",\"p20_profissionalizacao\":\"Profissionaliza\\u00e7\\u00e3o\",\"p20_visitasexcursoes\":\"Visitas\\\/Excurs\\u00f5es\",\"p21_repressaopolicial\":\"Repress\\u00e3o policial\",\"p21_intoleranciareligiosa\":\"Fundamentalismo\\\/intoler\\u00e2ncia religiosa\",\"p21_xenofobia\":\"Xenofobia\",\"p21_machismo\":\"Machismo\",\"p21_racismo\":\"Racismo\",\"p21_lgbtqifobia\":\"LGBTIfobia\",\"p21_enfrentamentocomgruposprivadosarmados\":\"Enfrentamento com grupos privados armados\",\"p22_numerodeparticipantes\":\"15 - 30\",\"p23_reunioes\":\"Reuni\\u00f5es\",\"p23_atendimento\":\"Atendimento\",\"p23_oficinas\":\"Oficinas\",\"p23_oficinasaulasartisticas\":\"Ensaio\\\/Oficinas\\\/Aulas Art\\u00edsticas\",\"p23_cursos\":\"Cursos\",\"p23_formacao\":\"Forma\\u00e7\\u00e3o\",\"p23_profissionalizacao\":\"Profissionaliza\\u00e7\\u00e3o\",\"p23_apresentacoesartisticas\":\"Apresenta\\u00e7\\u00f5es Art\\u00edsticas\",\"p23_visitas\":\"Visitas\",\"p23_outros\":\"Outros\",\"p24_reunioes\":\"Reuni\\u00f5es\",\"p24_atendimento\":\"Atendimentos\",\"p24_oficinas\":\"Oficinas\",\"p24_outros\":\"Outros\",\"p25_numerodepessoas\":\"1 - 20\",\"p26_numerodepessoas\":\"20 - 40\",\"p27_espacopublico\":\"Espa\\u00e7o p\\u00fablico\",\"p27_espacoemprestadocedido\":\"Espa\\u00e7o emprestado\\\/cedido\",\"p27_espacoproprio\":\"Espa\\u00e7o pr\\u00f3prio\",\"p28_territorios\":\"Regi\\u00e3o da Cidade\",\"p30_outrasorganizacoes\":\"Sim\",\"p32_campanhadelongaduracao\":\"Sim\",\"p34_municipal\":\"Municipal\",\"p34_estadual\":\"Estadual\",\"p36_conselhosdeparticipacaoecontrolesocial\":\"Sim\",\"p38_sim\":\"Sim\",\"p38_nenhum\":\"Nenhum\",\"p40_editais\":\"Sim\",\"p41_publicoestatal\":\"P\\u00fablico-Estatal\",\"p41_privadopf\":\"Privado (P. F\\u00edsica)\",\"p41_autofinanciamento\":\"Autofinanciamento\",\"p41_financiamentocoletivo0\":\"Financiamento coletivo\",\"p42_meiodedivulgacaoproprio\":\"Sim\",\"p43_impressoes\":\"Impressos\",\"p43_email\":\"E-mail\",\"p43_facebook\":\"Facebook\",\"p43_whatsapp\":\"WhatsApp\",\"p43_instagram\":\"Instagram\",\"p43_sitesblogs\":\"Blogs\\\/sites\",\"p43_youtube\":\"YouTube\",\"p44_radio\":\"TV\",\"p44_redessociais\":\"Redes sociais (Facebook, YouTube, Instagram etc.)\",\"p44_sitesblogs\":\"Sites ou Blogs\",\"p39_publico\":\"PESSOAS-EM-SITUA\\u00c7\\u00c3O-DE-RUA\",\"p45_bandeira\":\"RESGATAR DIGNIDADE PESSOAS-EM-SITUACAO-DE-RUA INCLUSAO REINSERCAO AUTOESTIMA \",\"p46_hashtags\":\"# DIREITOS HUMANOS  # REDU\\u00c7\\u00c3O DE DANOS  # MORADIA\"},{\"p1_eixo\":\"Viol\\u00eancia\",\"p9_tipoorganizacao\":\"ONG\",\"p12_uf\":\"GO\",\"p13_cidade\":\"GOI\\u00c2NIA\",\"p16_nacional\":\"Nacional\",\"p17_ano\":\"1985\",\"p16_estado\":\"Estado\",\"p18_agrario\":\"Agr\\u00e1rio\\\/ruralidades\",\"p18_comunicacao\":\"Comunica\\u00e7\\u00e3o\",\"p18_difusaoartistica\":\"Difus\\u00e3o Art\\u00edstica\",\"p18_desenvolvimentoterritorial\":\"Desenvolvimento territorial\",\"p18_direitoshumanos\":\"Direitos humanos\",\"p18_educacao\":\"Educa\\u00e7\\u00e3o\",\"p18_feminismos\":\"Feminismos\",\"p18_lgbtqi\":\"LGBTQI\",\"p18_lutaantirracismo\":\"Luta antirracismo\",\"p18_mobilidade\":\"Mobilidade\",\"p18_moradia\":\"Moradia\",\"p18_povosecomunidadestradicionais\":\"Povos e comunidades tradicionais\",\"p18_trabalho\":\"Trabalho\",\"p18_religiao\":\"Religi\\u00e3o\",\"p18_saude\":\"Sa\\u00fade\",\"p18_violencia\":\"Viol\\u00eancia\",\"p18_politicasculturais\":\"Pol\\u00edticas Culturais\",\"p19_educacao\":\"Educa\\u00e7\\u00e3o\",\"p19_trabalho\":\"Trabalho\",\"p19_violencia\":\"Viol\\u00eancia\",\"p19_difusaoartistica\":\"Difus\\u00e3o Art\\u00edstica\",\"p20_atendimento\":\"Atendimento\",\"p20_oficinas\":\"Oficinas\",\"p20_oficinasaulasartisticas\":\"Ensaios\\\/Oficinas\\\/Aulas art\\u00edsticas\",\"p20_visitasexcursoes\":\"Visitas\\\/Excurs\\u00f5es\",\"p21_intoleranciareligiosa\":\"Fundamentalismo\\\/intoler\\u00e2ncia religiosa\",\"p21_machismo\":\"Machismo\",\"p21_racismo\":\"Racismo\",\"p21_lgbtqifobia\":\"LGBTIfobia\",\"p22_numerodeparticipantes\":\"15 - 30\",\"p23_atendimento\":\"Atendimento\",\"p23_oficinas\":\"Oficinas\",\"p23_oficinasaulasartisticas\":\"Ensaio\\\/Oficinas\\\/Aulas Art\\u00edsticas\",\"p23_apresentacoesartisticas\":\"Apresenta\\u00e7\\u00f5es Art\\u00edsticas\",\"p23_outros\":\"Outros\",\"p24_apresentacoesartisticas\":\"Apresenta\\u00e7\\u00f5es art\\u00edsticas\",\"p24_outros\":\"Outros\",\"p25_numerodepessoas\":\"1 - 20\",\"p26_numerodepessoas\":\"40 - 60\",\"p27_espacopublico\":\"Espa\\u00e7o p\\u00fablico\",\"p27_espacoemprestadocedido\":\"Espa\\u00e7o emprestado\\\/cedido\",\"p27_espacoproprio\":\"Espa\\u00e7o pr\\u00f3prio\",\"p28_territorios\":\"Estado\",\"p30_outrasorganizacoes\":\"Sim\",\"p32_campanhadelongaduracao\":\"N\\u00e3o\",\"p34_estadual\":\"Estadual\",\"p34_nenhuma\":\"Nenhuma\",\"p36_conselhosdeparticipacaoecontrolesocial\":\"Sim\",\"p38_sim\":\"Sim\",\"p40_editais\":\"Sim\",\"p41_publicoestatal\":\"P\\u00fablico-Estatal\",\"p41_privadopf\":\"Privado (P. F\\u00edsica)\",\"p41_financiamentocoletivo0\":\"Financiamento coletivo\",\"p42_meiodedivulgacaoproprio\":\"Sim\",\"p43_impressoes\":\"Impressos\",\"p43_email\":\"E-mail\",\"p43_facebook\":\"Facebook\",\"p43_instagram\":\"Instagram\",\"p43_sitesblogs\":\"Blogs\\\/sites\",\"p44_radio\":\"R\\u00e1dio\",\"p44_redessociais\":\"Redes sociais (Facebook, YouTube, Instagram etc.)\",\"p44_sitesblogs\":\"Sites ou Blogs\",\"p44_nenhum\":\"Nenhum\",\"p39_publico\":\"MULHERES V\\u00cdTIMAS DOM\\u00c9STICA\",\"p45_bandeira\":\"REFORMA PREVID\\u00caNCIA ELA ATINGE MULHERES\",\"p46_hashtags\":\"#MAISMULHERESNAPOLITICA #CONTRAAREFORMADAPREVIDENCIA #NENHUMAMENOS\"},{\"p1_eixo\":\"Cultura\",\"p9_tipoorganizacao\":\"Coletivo Art\\u00edstico\",\"p12_uf\":\"PB\",\"p13_cidade\":\"JO\\u00c3O PESSOA\",\"p16_nacional\":\"Nacional\",\"p17_ano\":\"2006\",\"p18_agrario\":\"Agr\\u00e1rio\\\/ruralidades\",\"p18_comunicacao\":\"Comunica\\u00e7\\u00e3o\",\"p18_difusaoartistica\":\"Difus\\u00e3o Art\\u00edstica\",\"p18_desenvolvimentoterritorial\":\"Desenvolvimento territorial\",\"p18_direitoshumanos\":\"Direitos humanos\",\"p18_educacao\":\"Educa\\u00e7\\u00e3o\",\"p18_feminismos\":\"Feminismos\",\"p18_lgbtqi\":\"LGBTQI\",\"p18_lutaantirracismo\":\"Luta antirracismo\",\"p18_mobilidade\":\"Mobilidade\",\"p18_moradia\":\"Moradia\",\"p18_povosecomunidadestradicionais\":\"Povos e comunidades tradicionais\",\"p18_trabalho\":\"Trabalho\",\"p18_religiao\":\"Religi\\u00e3o\",\"p18_saude\":\"Sa\\u00fade\",\"p18_violencia\":\"Viol\\u00eancia\",\"p18_politicasculturais\":\"Pol\\u00edticas Culturais\",\"p19_educacao\":\"Educa\\u00e7\\u00e3o\",\"p19_lutaantirracismo\":\"Luta antirracismo\",\"p19_povosecomunidadestradicionais\":\"Povos e comunidades tradicionais\",\"p19_violencia\":\"Viol\\u00eancia\",\"p19_difusaoartistica\":\"Difus\\u00e3o Art\\u00edstica\",\"p19_politicasculturais\":\"Pol\\u00edticas Culturais\",\"p20_reunioes\":\"Reuni\\u00f5es\",\"p20_oficinas\":\"Oficinas\",\"p20_oficinasaulasartisticas\":\"Ensaios\\\/Oficinas\\\/Aulas art\\u00edsticas\",\"p21_intoleranciareligiosa\":\"Fundamentalismo\\\/intoler\\u00e2ncia religiosa\",\"p21_machismo\":\"Machismo\",\"p21_racismo\":\"Racismo\",\"p21_lgbtqifobia\":\"LGBTIfobia\",\"p22_numerodeparticipantes\":\"15 - 30\",\"p23_reunioes\":\"Reuni\\u00f5es\",\"p23_oficinas\":\"Oficinas\",\"p23_oficinasaulasartisticas\":\"Ensaio\\\/Oficinas\\\/Aulas Art\\u00edsticas\",\"p23_apresentacoesartisticas\":\"Apresenta\\u00e7\\u00f5es Art\\u00edsticas\",\"p23_outros\":\"Outros\",\"p24_oficinas\":\"Oficinas\",\"p24_oficinasaulasartisticas\":\"Ensaios\\\/Oficinas\\\/Aulas art\\u00edsticas\",\"p24_apresentacoesartisticas\":\"Apresenta\\u00e7\\u00f5es art\\u00edsticas\",\"p24_outros\":\"Outros\",\"p25_numerodepessoas\":\"20 - 40\",\"p26_numerodepessoas\":\"60 - 80\",\"p27_espacopublico\":\"Espa\\u00e7o p\\u00fablico\",\"p27_espacoemprestadocedido\":\"Espa\\u00e7o emprestado\\\/cedido\",\"p28_territorios\":\"Cidade\",\"p30_outrasorganizacoes\":\"Sim\",\"p32_campanhadelongaduracao\":\"N\\u00e3o\",\"p34_nenhuma\":\"Nenhuma\",\"p36_conselhosdeparticipacaoecontrolesocial\":\"N\\u00e3o\",\"p38_sim\":\"Sim\",\"p40_editais\":\"N\\u00e3o\",\"p41_publicoestatal\":\"P\\u00fablico-Estatal\",\"p41_privadopf\":\"Privado (P. F\\u00edsica)\",\"p41_autofinanciamento\":\"Autofinanciamento\",\"p41_financiamentocoletivo0\":\"Financiamento coletivo\",\"p42_meiodedivulgacaoproprio\":\"Sim\",\"p43_impressoes\":\"Impressos\",\"p43_facebook\":\"Facebook\",\"p43_instagram\":\"Instagram\",\"p44_radio\":\"TV\",\"p44_nenhum\":\"Nenhum\",\"p39_publico\":\"PERIFERIA MOVIMENTOS SOCIAIS JUVENTUDES MOVIMENTO NEGRO\",\"p45_bandeira\":\"CULTURA POPULAR PERIFERIA\",\"p46_hashtags\":\"#RESISTENCIA #CULTURAPOPULAR #NORDESTE\"},{\"p1_eixo\":\"Cultura\",\"p9_tipoorganizacao\":\"Associa\\u00e7\\u00e3o\",\"p12_uf\":\"PA\",\"p13_cidade\":\"BEL\\u00c9M\",\"p16_nacional\":\"Nacional\",\"p16_internacional\":\"Internacional\",\"p17_ano\":\"2013\",\"p18_comunicacao\":\"Comunica\\u00e7\\u00e3o\",\"p18_difusaoartistica\":\"Difus\\u00e3o Art\\u00edstica\",\"p18_desenvolvimentoterritorial\":\"Desenvolvimento territorial\",\"p18_direitoshumanos\":\"Direitos humanos\",\"p18_educacao\":\"Educa\\u00e7\\u00e3o\",\"p18_feminismos\":\"Feminismos\",\"p18_lgbtqi\":\"LGBTQI\",\"p18_lutaantirracismo\":\"Luta antirracismo\",\"p18_mobilidade\":\"Mobilidade\",\"p18_moradia\":\"Moradia\",\"p18_povosecomunidadestradicionais\":\"Povos e comunidades tradicionais\",\"p18_trabalho\":\"Trabalho\",\"p18_religiao\":\"Religi\\u00e3o\",\"p18_saude\":\"Sa\\u00fade\",\"p18_violencia\":\"Viol\\u00eancia\",\"p18_politicasculturais\":\"Pol\\u00edticas Culturais\",\"p19_direitoshumanos\":\"Direitos humanos\",\"p19_educacao\":\"Educa\\u00e7\\u00e3o\",\"p19_lutaantirracismo\":\"Luta antirracismo\",\"p19_povosecomunidadestradicionais\":\"Povos e comunidades tradicionais\",\"p19_politicasculturais\":\"Pol\\u00edticas Culturais\",\"p20_reunioes\":\"Reuni\\u00f5es\",\"p20_oficinas\":\"Oficinas\",\"p20_oficinasaulasartisticas\":\"Ensaios\\\/Oficinas\\\/Aulas art\\u00edsticas\",\"p20_apresentacoesartisticas\":\"Apresenta\\u00e7\\u00f5es art\\u00edsticas\",\"p20_visitasexcursoes\":\"Visitas\\\/Excurs\\u00f5es\",\"p21_intoleranciareligiosa\":\"Fundamentalismo\\\/intoler\\u00e2ncia religiosa\",\"p21_machismo\":\"Machismo\",\"p21_racismo\":\"Racismo\",\"p21_lgbtqifobia\":\"LGBTIfobia\",\"p22_numerodeparticipantes\":\"1  - 15\",\"p23_reunioes\":\"Reuni\\u00f5es\",\"p23_atendimento\":\"Atendimento\",\"p23_oficinas\":\"Oficinas\",\"p23_oficinasaulasartisticas\":\"Ensaio\\\/Oficinas\\\/Aulas Art\\u00edsticas\",\"p23_cursos\":\"Cursos\",\"p23_apresentacoesartisticas\":\"Apresenta\\u00e7\\u00f5es Art\\u00edsticas\",\"p23_visitas\":\"Visitas\",\"p23_outros\":\"Outros\",\"p24_oficinas\":\"Oficinas\",\"p24_oficinasaulasartisticas\":\"Ensaios\\\/Oficinas\\\/Aulas art\\u00edsticas\",\"p24_apresentacoesartisticas\":\"Apresenta\\u00e7\\u00f5es art\\u00edsticas\",\"p24_outros\":\"Outros\",\"p25_numerodepessoas\":\"1 - 20\",\"p26_numerodepessoas\":\"40 - 60\",\"p27_espacoemprestadocedido\":\"Espa\\u00e7o emprestado\\\/cedido\",\"p28_territorios\":\"Pr\\u00f3prio bairro\",\"p30_outrasorganizacoes\":\"Sim\",\"p32_campanhadelongaduracao\":\"N\\u00e3o\",\"p34_municipal\":\"Municipal\",\"p34_estadual\":\"Estadual\",\"p34_nacional\":\"Nacional\",\"p34_nenhuma\":\"Nenhuma\",\"p36_conselhosdeparticipacaoecontrolesocial\":\"N\\u00e3o\",\"p38_sim\":\"Sim\",\"p40_editais\":\"Sim\",\"p41_publicoestatal\":\"P\\u00fablico-Estatal\",\"p41_privadopf\":\"Privado (P. F\\u00edsica)\",\"p41_autofinanciamento\":\"Autofinanciamento\",\"p41_financiamentocoletivo0\":\"Financiamento coletivo\",\"p42_meiodedivulgacaoproprio\":\"Sim\",\"p43_impressoes\":\"Impressos\",\"p43_email\":\"E-mail\",\"p43_facebook\":\"Facebook\",\"p43_whatsapp\":\"WhatsApp\",\"p43_sitesblogs\":\"Blogs\\\/sites\",\"p43_youtube\":\"YouTube\",\"p44_radio\":\"TV\",\"p44_jornaisimpressosdebairro\":\"Jornais impressos de bairro\",\"p44_redessociais\":\"Redes sociais (Facebook, YouTube, Instagram etc.)\",\"p44_sitesblogs\":\"Sites ou Blogs\",\"p39_publico\":\"CRIAN\\u00c7AS ADOLESCENTES BAIRRO\",\"p45_bandeira\":\"LUTA ANTIRRACISMO LUTA IGUALDADE G\\u00c9NERO\",\"p46_hashtags\":\"#LUTAANTIRRACISTA #PELAIGUALDADEDEGENERO #CULTURAPOPULAR\"},{\"p1_eixo\":\"Cultura\",\"p9_tipoorganizacao\":\"Coletivo\",\"p12_uf\":\"RJ\",\"p13_cidade\":\"RIO DE JANEIRO\",\"p16_internacional\":\"Internacional\",\"p17_ano\":\"2006\",\"p18_comunicacao\":\"Comunica\\u00e7\\u00e3o\",\"p18_difusaoartistica\":\"Difus\\u00e3o Art\\u00edstica\",\"p18_desenvolvimentoterritorial\":\"Desenvolvimento territorial\",\"p18_direitoshumanos\":\"Direitos humanos\",\"p18_educacao\":\"Educa\\u00e7\\u00e3o\",\"p18_feminismos\":\"Feminismos\",\"p18_lgbtqi\":\"LGBTQI\",\"p18_lutaantirracismo\":\"Luta antirracismo\",\"p18_mobilidade\":\"Mobilidade\",\"p18_moradia\":\"Moradia\",\"p18_povosecomunidadestradicionais\":\"Povos e comunidades tradicionais\",\"p18_trabalho\":\"Trabalho\",\"p18_religiao\":\"Religi\\u00e3o\",\"p18_saude\":\"Sa\\u00fade\",\"p18_violencia\":\"Viol\\u00eancia\",\"p18_politicasculturais\":\"Pol\\u00edticas Culturais\",\"p19_comunicacao\":\"Comunica\\u00e7\\u00e3o\",\"p19_direitoshumanos\":\"Direitos humanos\",\"p19_educacao\":\"Educa\\u00e7\\u00e3o\",\"p19_lutaantirracismo\":\"Luta antirracismo\",\"p19_povosecomunidadestradicionais\":\"Povos e comunidades tradicionais\",\"p19_politicasculturais\":\"Pol\\u00edticas Culturais\",\"p20_reunioes\":\"Reuni\\u00f5es\",\"p20_atendimento\":\"Atendimento\",\"p20_oficinas\":\"Oficinas\",\"p20_oficinasaulasartisticas\":\"Ensaios\\\/Oficinas\\\/Aulas art\\u00edsticas\",\"p20_cursos\":\"Cursos\",\"p20_formacao\":\"Forma\\u00e7\\u00e3o\",\"p20_profissionalizacao\":\"Profissionaliza\\u00e7\\u00e3o\",\"p20_apresentacoesartisticas\":\"Apresenta\\u00e7\\u00f5es art\\u00edsticas\",\"p20_visitasexcursoes\":\"Visitas\\\/Excurs\\u00f5es\",\"p21_repressaopolicial\":\"Repress\\u00e3o policial\",\"p21_intoleranciareligiosa\":\"Fundamentalismo\\\/intoler\\u00e2ncia religiosa\",\"p21_xenofobia\":\"Xenofobia\",\"p21_machismo\":\"Machismo\",\"p21_racismo\":\"Racismo\",\"p21_lgbtqifobia\":\"LGBTIfobia\",\"p22_numerodeparticipantes\":\"15 - 30\",\"p23_atendimento\":\"Atendimento\",\"p23_oficinas\":\"Oficinas\",\"p23_oficinasaulasartisticas\":\"Ensaio\\\/Oficinas\\\/Aulas Art\\u00edsticas\",\"p23_cursos\":\"Cursos\",\"p23_formacao\":\"Forma\\u00e7\\u00e3o\",\"p23_apresentacoesartisticas\":\"Apresenta\\u00e7\\u00f5es Art\\u00edsticas\",\"p23_visitas\":\"Visitas\",\"p23_outros\":\"Outros\",\"p24_apresentacoesartisticas\":\"Apresenta\\u00e7\\u00f5es art\\u00edsticas\",\"p24_visitasexcursoes\":\"Visitas\\\/Excurs\\u00f5es\",\"p24_outros\":\"Outros\",\"p25_numerodepessoas\":\"80 - 100\",\"p26_numerodepessoas\":\"200 - 300\",\"p27_espacoemprestadocedido\":\"Espa\\u00e7o emprestado\\\/cedido\",\"p27_espacoproprio\":\"Espa\\u00e7o pr\\u00f3prio\",\"p28_territorios\":\"Regi\\u00e3o da Cidade\",\"p30_outrasorganizacoes\":\"Sim\",\"p32_campanhadelongaduracao\":\"Sim\",\"p34_municipal\":\"Municipal\",\"p34_estadual\":\"Estadual\",\"p34_nacional\":\"Nacional\",\"p36_conselhosdeparticipacaoecontrolesocial\":\"Sim\",\"p38_sim\":\"Sim\",\"p38_nenhum\":\"Nenhum\",\"p40_editais\":\"Sim\",\"p41_publicoestatal\":\"P\\u00fablico-Estatal\",\"p41_privadopj\":\"Privado (P. Jur\\u00eddica)\",\"p42_meiodedivulgacaoproprio\":\"Sim\",\"p43_impressoes\":\"Impressos\",\"p43_email\":\"E-mail\",\"p43_facebook\":\"Facebook\",\"p43_whatsapp\":\"WhatsApp\",\"p43_instagram\":\"Instagram\",\"p43_sitesblogs\":\"Blogs\\\/sites\",\"p43_radio\":\"R\\u00e1dio\",\"p43_youtube\":\"YouTube\",\"p44_radio\":\"TV\",\"p44_jornaisimpressosdegrandecirculacao\":\"Jornais impressos de grande circula\\u00e7\\u00e3o\",\"p44_jornaisimpressosdebairro\":\"Jornais impressos de bairro\",\"p44_redessociais\":\"Redes sociais (Facebook, YouTube, Instagram etc.)\",\"p44_sitesblogs\":\"Sites ou Blogs\",\"p39_publico\":\"CRIAN\\u00c7AS ADOLESCENTES JOVENS ADULTOS\",\"p45_bandeira\":\"DIREITO MEM\\u00d3RIA DIREITO EDUCA\\u00c7\\u00c3O QUALIDADE REALIDADE-LOCAL SIGNIFICATIVA DIREITO CIDADE\",\"p46_hashtags\":\"#MARIELLEPRESENTE #DIREITOAMEMORIA\"},{\"p1_eixo\":\"Cultura\",\"p9_tipoorganizacao\":\"ONG\",\"p12_uf\":\"PE\",\"p13_cidade\":\"OLINDA\",\"p16_internacional\":\"Internacional\",\"p17_ano\":\"1998\",\"p16_estado\":\"Estado\",\"p18_comunicacao\":\"Comunica\\u00e7\\u00e3o\",\"p18_difusaoartistica\":\"Difus\\u00e3o Art\\u00edstica\",\"p18_desenvolvimentoterritorial\":\"Desenvolvimento territorial\",\"p18_direitoshumanos\":\"Direitos humanos\",\"p18_educacao\":\"Educa\\u00e7\\u00e3o\",\"p18_feminismos\":\"Feminismos\",\"p18_lgbtqi\":\"LGBTQI\",\"p18_lutaantirracismo\":\"Luta antirracismo\",\"p18_mobilidade\":\"Mobilidade\",\"p18_moradia\":\"Moradia\",\"p18_povosecomunidadestradicionais\":\"Povos e comunidades tradicionais\",\"p18_trabalho\":\"Trabalho\",\"p18_religiao\":\"Religi\\u00e3o\",\"p18_saude\":\"Sa\\u00fade\",\"p18_violencia\":\"Viol\\u00eancia\",\"p18_politicasculturais\":\"Pol\\u00edticas Culturais\",\"p19_comunicacao\":\"Comunica\\u00e7\\u00e3o\",\"p19_desenvolvimentoterritorial\":\"Desenvolvimento territorial\",\"p19_educacao\":\"Educa\\u00e7\\u00e3o\",\"p19_lutaantirracismo\":\"Luta antirracismo\",\"p19_moradia\":\"Moradia\",\"p19_povosecomunidadestradicionais\":\"Povos e comunidades tradicionais\",\"p20_reunioes\":\"Reuni\\u00f5es\",\"p20_atendimento\":\"Atendimento\",\"p20_oficinas\":\"Oficinas\",\"p20_oficinasaulasartisticas\":\"Ensaios\\\/Oficinas\\\/Aulas art\\u00edsticas\",\"p20_cursos\":\"Cursos\",\"p20_formacao\":\"Forma\\u00e7\\u00e3o\",\"p20_profissionalizacao\":\"Profissionaliza\\u00e7\\u00e3o\",\"p20_apresentacoesartisticas\":\"Apresenta\\u00e7\\u00f5es art\\u00edsticas\",\"p20_visitasexcursoes\":\"Visitas\\\/Excurs\\u00f5es\",\"p21_repressaopolicial\":\"Repress\\u00e3o policial\",\"p21_intoleranciareligiosa\":\"Fundamentalismo\\\/intoler\\u00e2ncia religiosa\",\"p21_xenofobia\":\"Xenofobia\",\"p21_machismo\":\"Machismo\",\"p21_racismo\":\"Racismo\",\"p21_lgbtqifobia\":\"LGBTIfobia\",\"p21_nenhum\":\"Nenhum\",\"p22_numerodeparticipantes\":\"1  - 15\",\"p23_reunioes\":\"Reuni\\u00f5es\",\"p23_cursos\":\"Cursos\",\"p23_formacao\":\"Forma\\u00e7\\u00e3o\",\"p23_apresentacoesartisticas\":\"Apresenta\\u00e7\\u00f5es Art\\u00edsticas\",\"p23_outros\":\"Outros\",\"p24_apresentacoesartisticas\":\"Apresenta\\u00e7\\u00f5es art\\u00edsticas\",\"p24_visitasexcursoes\":\"Visitas\\\/Excurs\\u00f5es\",\"p24_outros\":\"Outros\",\"p25_numerodepessoas\":\"Mais de 500\",\"p26_numerodepessoas\":\"Mais de 500\",\"p27_espacoproprio\":\"Espa\\u00e7o pr\\u00f3prio\",\"p28_territorios\":\"Atua\\u00e7\\u00e3o Internacional\",\"p30_outrasorganizacoes\":\"Sim\",\"p32_campanhadelongaduracao\":\"Sim\",\"p34_municipal\":\"Municipal\",\"p34_estadual\":\"Estadual\",\"p34_nacional\":\"Nacional\",\"p36_conselhosdeparticipacaoecontrolesocial\":\"Sim\",\"p38_nenhum\":\"Nenhum\",\"p40_editais\":\"Sim\",\"p41_publicoestatal\":\"P\\u00fablico-Estatal\",\"p41_privadopf\":\"Privado (P. F\\u00edsica)\",\"p41_privadopj\":\"Privado (P. Jur\\u00eddica)\",\"p42_meiodedivulgacaoproprio\":\"Sim\",\"p43_email\":\"E-mail\",\"p43_facebook\":\"Facebook\",\"p43_whatsapp\":\"WhatsApp\",\"p43_instagram\":\"Instagram\",\"p43_sitesblogs\":\"Blogs\\\/sites\",\"p43_radio\":\"R\\u00e1dio\",\"p44_radio\":\"TV\",\"p44_jornaisimpressosdegrandecirculacao\":\"Jornais impressos de grande circula\\u00e7\\u00e3o\",\"p44_jornaisimpressosdebairro\":\"Jornais impressos de bairro\",\"p44_redessociais\":\"Redes sociais (Facebook, YouTube, Instagram etc.)\",\"p44_sitesblogs\":\"Sites ou Blogs\",\"p39_publico\":\"JOVENS NEGROS MULHERES ESTUDANTES ESCOLA-P\\u00daBLICA\",\"p45_bandeira\":\"CONTRA-VIOL\\u00caNCIA MULHER CONTRA  POPULA\\u00c7\\u00c3O NEGRA CONTRA-VIOL\\u00caNCIA-POLICIAL  ANTIRRACISMO  INSTITUCIONAL  ANTIRRACISMO  POLICIAL CONTRA  RELIGIOSA\",\"p46_hashtags\":\"#CONTRAOEXTERMINIODAJUVENTUDENEGRA #CONTRAINTOLRANCIARELIGIOSADEMATRIZAFRICANA #CONTRAOMACHISMO #DEMOCRATIZACAODACOMUNIDADES\"},{\"p1_eixo\":\"Trabalho\",\"p9_tipoorganizacao\":\"ONG\",\"p12_uf\":\"ES\",\"p13_cidade\":\"VILA VELHA\",\"p17_ano\":\"1997\",\"p16_estado\":\"Estado\",\"p18_comunicacao\":\"Comunica\\u00e7\\u00e3o\",\"p18_difusaoartistica\":\"Difus\\u00e3o Art\\u00edstica\",\"p18_desenvolvimentoterritorial\":\"Desenvolvimento territorial\",\"p18_direitoshumanos\":\"Direitos humanos\",\"p18_educacao\":\"Educa\\u00e7\\u00e3o\",\"p18_lgbtqi\":\"LGBTQI\",\"p18_lutaantirracismo\":\"Luta antirracismo\",\"p18_mobilidade\":\"Mobilidade\",\"p18_moradia\":\"Moradia\",\"p18_trabalho\":\"Trabalho\",\"p18_saude\":\"Sa\\u00fade\",\"p18_violencia\":\"Viol\\u00eancia\",\"p18_politicasculturais\":\"Pol\\u00edticas Culturais\",\"p19_desenvolvimentoterritorial\":\"Desenvolvimento territorial\",\"p19_direitoshumanos\":\"Direitos humanos\",\"p19_educacao\":\"Educa\\u00e7\\u00e3o\",\"p19_moradia\":\"Moradia\",\"p19_politicasculturais\":\"Pol\\u00edticas Culturais\",\"p20_reunioes\":\"Reuni\\u00f5es\",\"p20_atendimento\":\"Atendimento\",\"p20_oficinas\":\"Oficinas\",\"p20_oficinasaulasartisticas\":\"Ensaios\\\/Oficinas\\\/Aulas art\\u00edsticas\",\"p20_apresentacoesartisticas\":\"Apresenta\\u00e7\\u00f5es art\\u00edsticas\",\"p20_visitasexcursoes\":\"Visitas\\\/Excurs\\u00f5es\",\"p21_nenhum\":\"Nenhum\",\"p22_numerodeparticipantes\":\"1  - 15\",\"p23_reunioes\":\"Reuni\\u00f5es\",\"p23_atendimento\":\"Atendimento\",\"p23_oficinas\":\"Oficinas\",\"p23_oficinasaulasartisticas\":\"Ensaio\\\/Oficinas\\\/Aulas Art\\u00edsticas\",\"p23_outros\":\"Outros\",\"p24_apresentacoesartisticas\":\"Apresenta\\u00e7\\u00f5es art\\u00edsticas\",\"p24_visitasexcursoes\":\"Visitas\\\/Excurs\\u00f5es\",\"p24_outros\":\"Outros\",\"p25_numerodepessoas\":\"1 - 20\",\"p26_numerodepessoas\":\"100 - 200\",\"p27_espacoemprestadocedido\":\"Espa\\u00e7o emprestado\\\/cedido\",\"p27_espacoproprio\":\"Espa\\u00e7o pr\\u00f3prio\",\"p28_territorios\":\"Cidade\",\"p30_outrasorganizacoes\":\"Sim\",\"p32_campanhadelongaduracao\":\"Sim\",\"p34_municipal\":\"Municipal\",\"p34_estadual\":\"Estadual\",\"p34_nacional\":\"Nacional\",\"p34_internacional\":\"Internacional\",\"p36_conselhosdeparticipacaoecontrolesocial\":\"Sim\",\"p38_nenhum\":\"Nenhum\",\"p40_editais\":\"Sim\",\"p41_publicoestatal\":\"P\\u00fablico-Estatal\",\"p41_privadopf\":\"Privado (P. F\\u00edsica)\",\"p41_privadopj\":\"Privado (P. Jur\\u00eddica)\",\"p42_meiodedivulgacaoproprio\":\"Sim\",\"p43_email\":\"E-mail\",\"p43_facebook\":\"Facebook\",\"p43_instagram\":\"Instagram\",\"p43_sitesblogs\":\"Blogs\\\/sites\",\"p44_radio\":\"TV\",\"p44_jornaisimpressosdegrandecirculacao\":\"Jornais impressos de grande circula\\u00e7\\u00e3o\",\"p44_jornaisimpressosdebairro\":\"Jornais impressos de bairro\",\"p44_redessociais\":\"Redes sociais (Facebook, YouTube, Instagram etc.)\",\"p44_sitesblogs\":\"Sites ou Blogs\",\"p39_publico\":\"SOCIEDADE-CIVIL GOVERNO SETOR PRODUTIVO\",\"p45_bandeira\":\"EDUCA\\u00c7\\u00c3O CIDAD\\u00c3\",\"p46_hashtags\":\"#AMIGOSDARESTINGA #QUEMAMACUIDA #MOVIVE\"},{\"p1_eixo\":\"Cultura\",\"p9_tipoorganizacao\":\"ONG\",\"p12_uf\":\"PB\",\"p13_cidade\":\"JO\\u00c3O PESSOA\",\"p16_bairro\":\"Bairro\",\"p17_ano\":\"Anterior a 1980\",\"p16_estado\":\"Estado\",\"p18_agrario\":\"Agr\\u00e1rio\\\/ruralidades\",\"p18_comunicacao\":\"Comunica\\u00e7\\u00e3o\",\"p18_difusaoartistica\":\"Difus\\u00e3o Art\\u00edstica\",\"p18_desenvolvimentoterritorial\":\"Desenvolvimento territorial\",\"p18_direitoshumanos\":\"Direitos humanos\",\"p18_educacao\":\"Educa\\u00e7\\u00e3o\",\"p18_feminismos\":\"Feminismos\",\"p18_lgbtqi\":\"LGBTQI\",\"p18_lutaantirracismo\":\"Luta antirracismo\",\"p18_mobilidade\":\"Mobilidade\",\"p18_moradia\":\"Moradia\",\"p18_povosecomunidadestradicionais\":\"Povos e comunidades tradicionais\",\"p18_trabalho\":\"Trabalho\",\"p18_religiao\":\"Religi\\u00e3o\",\"p18_saude\":\"Sa\\u00fade\",\"p18_violencia\":\"Viol\\u00eancia\",\"p18_politicasculturais\":\"Pol\\u00edticas Culturais\",\"p19_direitoshumanos\":\"Direitos humanos\",\"p19_educacao\":\"Educa\\u00e7\\u00e3o\",\"p19_lutaantirracismo\":\"Luta antirracismo\",\"p19_saude\":\"Sa\\u00fade\",\"p19_politicasculturais\":\"Pol\\u00edticas Culturais\",\"p20_atendimento\":\"Atendimento\",\"p20_oficinas\":\"Oficinas\",\"p20_oficinasaulasartisticas\":\"Ensaios\\\/Oficinas\\\/Aulas art\\u00edsticas\",\"p20_apresentacoesartisticas\":\"Apresenta\\u00e7\\u00f5es art\\u00edsticas\",\"p20_visitasexcursoes\":\"Visitas\\\/Excurs\\u00f5es\",\"p21_intoleranciareligiosa\":\"Fundamentalismo\\\/intoler\\u00e2ncia religiosa\",\"p21_machismo\":\"Machismo\",\"p21_racismo\":\"Racismo\",\"p21_nenhum\":\"Nenhum\",\"p22_numerodeparticipantes\":\"1  - 15\",\"p23_atendimento\":\"Atendimento\",\"p23_oficinas\":\"Oficinas\",\"p23_oficinasaulasartisticas\":\"Ensaio\\\/Oficinas\\\/Aulas Art\\u00edsticas\",\"p23_outros\":\"Outros\",\"p24_apresentacoesartisticas\":\"Apresenta\\u00e7\\u00f5es art\\u00edsticas\",\"p24_visitasexcursoes\":\"Visitas\\\/Excurs\\u00f5es\",\"p24_outros\":\"Outros\",\"p25_numerodepessoas\":\"80 - 100\",\"p26_numerodepessoas\":\"100 - 200\",\"p27_espacoemprestadocedido\":\"Espa\\u00e7o emprestado\\\/cedido\",\"p27_espacoproprio\":\"Espa\\u00e7o pr\\u00f3prio\",\"p28_territorios\":\"Estado\",\"p30_outrasorganizacoes\":\"Sim\",\"p32_campanhadelongaduracao\":\"Sim\",\"p34_municipal\":\"Municipal\",\"p34_internacional\":\"Internacional\",\"p34_nenhuma\":\"Nenhuma\",\"p36_conselhosdeparticipacaoecontrolesocial\":\"Sim\",\"p38_nenhum\":\"Nenhum\",\"p40_editais\":\"Sim\",\"p41_publicoestatal\":\"P\\u00fablico-Estatal\",\"p41_privadopj\":\"Privado (P. Jur\\u00eddica)\",\"p41_autofinanciamento\":\"Autofinanciamento\",\"p41_financiamentocoletivo0\":\"Financiamento coletivo\",\"p42_meiodedivulgacaoproprio\":\"Sim\",\"p43_email\":\"E-mail\",\"p43_facebook\":\"Facebook\",\"p43_instagram\":\"Instagram\",\"p43_sitesblogs\":\"Blogs\\\/sites\",\"p44_radio\":\"TV\",\"p44_jornaisimpressosdegrandecirculacao\":\"Jornais impressos de grande circula\\u00e7\\u00e3o\",\"p44_jornaisimpressosdebairro\":\"Jornais impressos de bairro\",\"p44_redessociais\":\"Redes sociais (Facebook, YouTube, Instagram etc.)\",\"p44_sitesblogs\":\"Sites ou Blogs\",\"p39_publico\":\"MORADORES\",\"p45_bandeira\":\"EDUCA\\u00c7\\u00c3O ARTE CULTURA\",\"p46_hashtags\":\"#EDUCACAO #ARTE #CULTURA\"},{\"p1_eixo\":\"Cultura\",\"p9_tipoorganizacao\":\"Associa\\u00e7\\u00e3o\",\"p12_uf\":\"BA\",\"p13_cidade\":\"FEIRA DE SANTANA\",\"p16_bairro\":\"Bairro\",\"p16_nacional\":\"Nacional\",\"p17_ano\":\"2016\",\"p18_agrario\":\"Agr\\u00e1rio\\\/ruralidades\",\"p18_comunicacao\":\"Comunica\\u00e7\\u00e3o\",\"p18_difusaoartistica\":\"Difus\\u00e3o Art\\u00edstica\",\"p18_desenvolvimentoterritorial\":\"Desenvolvimento territorial\",\"p18_direitoshumanos\":\"Direitos humanos\",\"p18_educacao\":\"Educa\\u00e7\\u00e3o\",\"p18_feminismos\":\"Feminismos\",\"p18_lutaantirracismo\":\"Luta antirracismo\",\"p18_mobilidade\":\"Mobilidade\",\"p18_moradia\":\"Moradia\",\"p18_povosecomunidadestradicionais\":\"Povos e comunidades tradicionais\",\"p18_trabalho\":\"Trabalho\",\"p18_religiao\":\"Religi\\u00e3o\",\"p18_saude\":\"Sa\\u00fade\",\"p18_violencia\":\"Viol\\u00eancia\",\"p18_politicasculturais\":\"Pol\\u00edticas Culturais\",\"p19_direitoshumanos\":\"Direitos humanos\",\"p19_educacao\":\"Educa\\u00e7\\u00e3o\",\"p19_lutaantirracismo\":\"Luta antirracismo\",\"p19_saude\":\"Sa\\u00fade\",\"p19_difusaoartistica\":\"Difus\\u00e3o Art\\u00edstica\",\"p20_oficinas\":\"Oficinas\",\"p20_oficinasaulasartisticas\":\"Ensaios\\\/Oficinas\\\/Aulas art\\u00edsticas\",\"p20_apresentacoesartisticas\":\"Apresenta\\u00e7\\u00f5es art\\u00edsticas\",\"p20_visitasexcursoes\":\"Visitas\\\/Excurs\\u00f5es\",\"p21_repressaopolicial\":\"Repress\\u00e3o policial\",\"p21_intoleranciareligiosa\":\"Fundamentalismo\\\/intoler\\u00e2ncia religiosa\",\"p21_machismo\":\"Machismo\",\"p21_racismo\":\"Racismo\",\"p22_numerodeparticipantes\":\"1  - 15\",\"p23_oficinas\":\"Oficinas\",\"p23_oficinasaulasartisticas\":\"Ensaio\\\/Oficinas\\\/Aulas Art\\u00edsticas\",\"p23_apresentacoesartisticas\":\"Apresenta\\u00e7\\u00f5es Art\\u00edsticas\",\"p24_apresentacoesartisticas\":\"Apresenta\\u00e7\\u00f5es art\\u00edsticas\",\"p24_outros\":\"Outros\",\"p25_numerodepessoas\":\"20 - 40\",\"p26_numerodepessoas\":\"200 - 300\",\"p27_espacoemprestadocedido\":\"Espa\\u00e7o emprestado\\\/cedido\",\"p27_espacoproprio\":\"Espa\\u00e7o pr\\u00f3prio\",\"p28_territorios\":\"Pr\\u00f3prio bairro\",\"p30_outrasorganizacoes\":\"Sim\",\"p32_campanhadelongaduracao\":\"N\\u00e3o\",\"p34_municipal\":\"Municipal\",\"p34_nenhuma\":\"Nenhuma\",\"p36_conselhosdeparticipacaoecontrolesocial\":\"N\\u00e3o\",\"p38_nenhum\":\"Nenhum\",\"p40_editais\":\"Sim\",\"p41_publicoestatal\":\"P\\u00fablico-Estatal\",\"p41_autofinanciamento\":\"Autofinanciamento\",\"p41_financiamentocoletivo0\":\"Financiamento coletivo\",\"p42_meiodedivulgacaoproprio\":\"Sim\",\"p43_email\":\"E-mail\",\"p43_facebook\":\"Facebook\",\"p43_instagram\":\"Instagram\",\"p43_sitesblogs\":\"Blogs\\\/sites\",\"p44_radio\":\"TV\",\"p44_redessociais\":\"Redes sociais (Facebook, YouTube, Instagram etc.)\",\"p44_sitesblogs\":\"Sites ou Blogs\",\"p39_publico\":\"JOVENS ADOLESCENTES\",\"p45_bandeira\":\"EMPODERAMENTO MULHER NEGRA DIREITO TERRA\",\"p46_hashtags\":\"#QUILOBORESISTE #EMPODERAQUILOMBO\"},{\"p1_eixo\":\"Cultura\",\"p9_tipoorganizacao\":\"Associa\\u00e7\\u00e3o\",\"p12_uf\":\"BA\",\"p13_cidade\":\"SALVADOR\",\"p16_cidade\":\"Cidade\",\"p16_nacional\":\"Nacional\",\"p17_ano\":\"1985\",\"p18_comunicacao\":\"Comunica\\u00e7\\u00e3o\",\"p18_difusaoartistica\":\"Difus\\u00e3o Art\\u00edstica\",\"p18_desenvolvimentoterritorial\":\"Desenvolvimento territorial\",\"p18_direitoshumanos\":\"Direitos humanos\",\"p18_educacao\":\"Educa\\u00e7\\u00e3o\",\"p18_feminismos\":\"Feminismos\",\"p18_lgbtqi\":\"LGBTQI\",\"p18_lutaantirracismo\":\"Luta antirracismo\",\"p18_mobilidade\":\"Mobilidade\",\"p18_moradia\":\"Moradia\",\"p18_povosecomunidadestradicionais\":\"Povos e comunidades tradicionais\",\"p18_trabalho\":\"Trabalho\",\"p18_religiao\":\"Religi\\u00e3o\",\"p18_saude\":\"Sa\\u00fade\",\"p18_violencia\":\"Viol\\u00eancia\",\"p18_politicasculturais\":\"Pol\\u00edticas Culturais\",\"p19_direitoshumanos\":\"Direitos humanos\",\"p19_educacao\":\"Educa\\u00e7\\u00e3o\",\"p19_violencia\":\"Viol\\u00eancia\",\"p19_difusaoartistica\":\"Difus\\u00e3o Art\\u00edstica\",\"p19_politicasculturais\":\"Pol\\u00edticas Culturais\",\"p20_reunioes\":\"Reuni\\u00f5es\",\"p20_oficinas\":\"Oficinas\",\"p20_oficinasaulasartisticas\":\"Ensaios\\\/Oficinas\\\/Aulas art\\u00edsticas\",\"p20_cursos\":\"Cursos\",\"p20_apresentacoesartisticas\":\"Apresenta\\u00e7\\u00f5es art\\u00edsticas\",\"p20_visitasexcursoes\":\"Visitas\\\/Excurs\\u00f5es\",\"p21_repressaopolicial\":\"Repress\\u00e3o policial\",\"p21_machismo\":\"Machismo\",\"p21_racismo\":\"Racismo\",\"p22_numerodeparticipantes\":\"1  - 15\",\"p23_oficinas\":\"Oficinas\",\"p23_oficinasaulasartisticas\":\"Ensaio\\\/Oficinas\\\/Aulas Art\\u00edsticas\",\"p23_cursos\":\"Cursos\",\"p23_apresentacoesartisticas\":\"Apresenta\\u00e7\\u00f5es Art\\u00edsticas\",\"p24_visitasexcursoes\":\"Visitas\\\/Excurs\\u00f5es\",\"p24_outros\":\"Outros\",\"p25_numerodepessoas\":\"20 - 40\",\"p26_numerodepessoas\":\"20 - 40\",\"p27_espacoemprestadocedido\":\"Espa\\u00e7o emprestado\\\/cedido\",\"p28_territorios\":\"Pr\\u00f3prio bairro\",\"p30_outrasorganizacoes\":\"Sim\",\"p32_campanhadelongaduracao\":\"N\\u00e3o\",\"p34_municipal\":\"Municipal\",\"p34_estadual\":\"Estadual\",\"p36_conselhosdeparticipacaoecontrolesocial\":\"Sim\",\"p38_sim\":\"Sim\",\"p38_nenhum\":\"Nenhum\",\"p40_editais\":\"Sim\",\"p41_publicoestatal\":\"P\\u00fablico-Estatal\",\"p41_privadopj\":\"Privado (P. Jur\\u00eddica)\",\"p41_autofinanciamento\":\"Autofinanciamento\",\"p41_financiamentocoletivo0\":\"Financiamento coletivo\",\"p42_meiodedivulgacaoproprio\":\"Sim\",\"p43_impressoes\":\"Impressos\",\"p43_email\":\"E-mail\",\"p43_facebook\":\"Facebook\",\"p43_instagram\":\"Instagram\",\"p43_sitesblogs\":\"Blogs\\\/sites\",\"p44_radio\":\"TV\",\"p44_redessociais\":\"Redes sociais (Facebook, YouTube, Instagram etc.)\",\"p39_publico\":\"TODOS\",\"p45_bandeira\":\"PAZ\",\"p46_hashtags\":\"#FENOQUEFAZ #FORCADEVONTADE\"},{\"p1_eixo\":\"Cultura\",\"p9_tipoorganizacao\":\"Associa\\u00e7\\u00e3o\",\"p12_uf\":\"BA\",\"p13_cidade\":\"SALVADOR\",\"p16_cidade\":\"Cidade\",\"p16_nacional\":\"Nacional\",\"p17_ano\":\"2003\",\"p18_comunicacao\":\"Comunica\\u00e7\\u00e3o\",\"p18_difusaoartistica\":\"Difus\\u00e3o Art\\u00edstica\",\"p18_desenvolvimentoterritorial\":\"Desenvolvimento territorial\",\"p18_direitoshumanos\":\"Direitos humanos\",\"p18_educacao\":\"Educa\\u00e7\\u00e3o\",\"p18_feminismos\":\"Feminismos\",\"p18_lgbtqi\":\"LGBTQI\",\"p18_lutaantirracismo\":\"Luta antirracismo\",\"p18_mobilidade\":\"Mobilidade\",\"p18_moradia\":\"Moradia\",\"p18_povosecomunidadestradicionais\":\"Povos e comunidades tradicionais\",\"p18_trabalho\":\"Trabalho\",\"p18_religiao\":\"Religi\\u00e3o\",\"p18_saude\":\"Sa\\u00fade\",\"p18_violencia\":\"Viol\\u00eancia\",\"p18_politicasculturais\":\"Pol\\u00edticas Culturais\",\"p19_educacao\":\"Educa\\u00e7\\u00e3o\",\"p19_lgbtqi\":\"LGBTQI\",\"p19_lutaantirracismo\":\"Luta antirracismo\",\"p19_violencia\":\"Viol\\u00eancia\",\"p19_politicasculturais\":\"Pol\\u00edticas Culturais\",\"p20_reunioes\":\"Reuni\\u00f5es\",\"p20_oficinas\":\"Oficinas\",\"p20_oficinasaulasartisticas\":\"Ensaios\\\/Oficinas\\\/Aulas art\\u00edsticas\",\"p20_cursos\":\"Cursos\",\"p20_formacao\":\"Forma\\u00e7\\u00e3o\",\"p20_apresentacoesartisticas\":\"Apresenta\\u00e7\\u00f5es art\\u00edsticas\",\"p20_visitasexcursoes\":\"Visitas\\\/Excurs\\u00f5es\",\"p21_repressaopolicial\":\"Repress\\u00e3o policial\",\"p21_intoleranciareligiosa\":\"Fundamentalismo\\\/intoler\\u00e2ncia religiosa\",\"p21_xenofobia\":\"Xenofobia\",\"p21_machismo\":\"Machismo\",\"p21_racismo\":\"Racismo\",\"p21_lgbtqifobia\":\"LGBTIfobia\",\"p21_enfrentamentocomgruposprivadosarmados\":\"Enfrentamento com grupos privados armados\",\"p22_numerodeparticipantes\":\"1  - 15\",\"p23_reunioes\":\"Reuni\\u00f5es\",\"p23_oficinas\":\"Oficinas\",\"p23_oficinasaulasartisticas\":\"Ensaio\\\/Oficinas\\\/Aulas Art\\u00edsticas\",\"p23_cursos\":\"Cursos\",\"p23_apresentacoesartisticas\":\"Apresenta\\u00e7\\u00f5es Art\\u00edsticas\",\"p23_visitas\":\"Visitas\",\"p23_outros\":\"Outros\",\"p24_formacao\":\"Forma\\u00e7\\u00e3o\",\"p24_visitasexcursoes\":\"Visitas\\\/Excurs\\u00f5es\",\"p24_outros\":\"Outros\",\"p25_numerodepessoas\":\"100 - 200\",\"p26_numerodepessoas\":\"Mais de 500\",\"p27_espacoemprestadocedido\":\"Espa\\u00e7o emprestado\\\/cedido\",\"p28_territorios\":\"Regi\\u00e3o da Cidade\",\"p30_outrasorganizacoes\":\"Sim\",\"p32_campanhadelongaduracao\":\"Sim\",\"p34_municipal\":\"Municipal\",\"p34_estadual\":\"Estadual\",\"p34_nacional\":\"Nacional\",\"p36_conselhosdeparticipacaoecontrolesocial\":\"Sim\",\"p38_sim\":\"Sim\",\"p38_nenhum\":\"Nenhum\",\"p40_editais\":\"Sim\",\"p41_publicoestatal\":\"P\\u00fablico-Estatal\",\"p41_privadopj\":\"Privado (P. Jur\\u00eddica)\",\"p41_autofinanciamento\":\"Autofinanciamento\",\"p41_financiamentocoletivo0\":\"Financiamento coletivo\",\"p42_meiodedivulgacaoproprio\":\"Sim\",\"p43_impressoes\":\"Impressos\",\"p43_email\":\"E-mail\",\"p43_facebook\":\"Facebook\",\"p43_instagram\":\"Instagram\",\"p43_sitesblogs\":\"Blogs\\\/sites\",\"p44_radio\":\"TV\",\"p44_jornaisimpressosdegrandecirculacao\":\"Jornais impressos de grande circula\\u00e7\\u00e3o\",\"p44_jornaisimpressosdebairro\":\"Jornais impressos de bairro\",\"p44_redessociais\":\"Redes sociais (Facebook, YouTube, Instagram etc.)\",\"p44_sitesblogs\":\"Sites ou Blogs\",\"p39_publico\":\"CRIAN\\u00c7AS JOVENS MULHERES ADOLESCENTES\",\"p45_bandeira\":\"COMBATE RACISMO COMBATE CONTRA MULHER COMBATE  JOVENS NEGROS AFIRMA\\u00c7\\u00c3O IDENTIDADE\",\"p46_hashtags\":\"#CONTRAASVIOLACOESDOSDIREITOSHUMANOS #CONTRAAVIOLENCIACONTRAAJUVENTUDENEGRA  #CONTRAAVIOLENCIACONTRAAMULHER\"},{\"p1_eixo\":\"Viol\\u00eancia\",\"p9_tipoorganizacao\":\"ONG\",\"p12_uf\":\"SC\",\"p13_cidade\":\"CRICI\\u00daMA\",\"p16_nacional\":\"Nacional\",\"p17_ano\":\"1992\",\"p16_estado\":\"Estado\",\"p18_agrario\":\"Agr\\u00e1rio\\\/ruralidades\",\"p18_comunicacao\":\"Comunica\\u00e7\\u00e3o\",\"p18_difusaoartistica\":\"Difus\\u00e3o Art\\u00edstica\",\"p18_desenvolvimentoterritorial\":\"Desenvolvimento territorial\",\"p18_direitoshumanos\":\"Direitos humanos\",\"p18_educacao\":\"Educa\\u00e7\\u00e3o\",\"p18_feminismos\":\"Feminismos\",\"p18_lgbtqi\":\"LGBTQI\",\"p18_lutaantirracismo\":\"Luta antirracismo\",\"p18_povosecomunidadestradicionais\":\"Povos e comunidades tradicionais\",\"p18_trabalho\":\"Trabalho\",\"p18_religiao\":\"Religi\\u00e3o\",\"p18_saude\":\"Sa\\u00fade\",\"p18_violencia\":\"Viol\\u00eancia\",\"p18_politicasculturais\":\"Pol\\u00edticas Culturais\",\"p19_agrario\":\"Agr\\u00e1rio\\\/ruralidades\",\"p19_direitoshumanos\":\"Direitos humanos\",\"p19_lgbtqi\":\"LGBTQI\",\"p19_lutaantirracismo\":\"Luta antirracismo\",\"p19_violencia\":\"Viol\\u00eancia\",\"p19_politicasculturais\":\"Pol\\u00edticas Culturais\",\"p20_reunioes\":\"Reuni\\u00f5es\",\"p20_oficinas\":\"Oficinas\",\"p20_oficinasaulasartisticas\":\"Ensaios\\\/Oficinas\\\/Aulas art\\u00edsticas\",\"p20_cursos\":\"Cursos\",\"p20_formacao\":\"Forma\\u00e7\\u00e3o\",\"p20_apresentacoesartisticas\":\"Apresenta\\u00e7\\u00f5es art\\u00edsticas\",\"p20_visitasexcursoes\":\"Visitas\\\/Excurs\\u00f5es\",\"p21_repressaopolicial\":\"Repress\\u00e3o policial\",\"p21_intoleranciareligiosa\":\"Fundamentalismo\\\/intoler\\u00e2ncia religiosa\",\"p21_xenofobia\":\"Xenofobia\",\"p21_machismo\":\"Machismo\",\"p21_racismo\":\"Racismo\",\"p21_lgbtqifobia\":\"LGBTIfobia\",\"p21_enfrentamentocomgruposprivadosarmados\":\"Enfrentamento com grupos privados armados\",\"p22_numerodeparticipantes\":\"1  - 15\",\"p23_reunioes\":\"Reuni\\u00f5es\",\"p23_formacao\":\"Forma\\u00e7\\u00e3o\",\"p23_apresentacoesartisticas\":\"Apresenta\\u00e7\\u00f5es Art\\u00edsticas\",\"p23_visitas\":\"Visitas\",\"p23_outros\":\"Outros\",\"p24_formacao\":\"Forma\\u00e7\\u00e3o\",\"p24_visitasexcursoes\":\"Visitas\\\/Excurs\\u00f5es\",\"p24_outros\":\"Outros\",\"p25_numerodepessoas\":\"300 - 400\",\"p26_numerodepessoas\":\"20 - 40\",\"p27_espacoemprestadocedido\":\"Espa\\u00e7o emprestado\\\/cedido\",\"p27_espacoproprio\":\"Espa\\u00e7o pr\\u00f3prio\",\"p28_territorios\":\"Atua\\u00e7\\u00e3o Nacional\",\"p30_outrasorganizacoes\":\"Sim\",\"p32_campanhadelongaduracao\":\"Sim\",\"p34_estadual\":\"Estadual\",\"p34_nacional\":\"Nacional\",\"p36_conselhosdeparticipacaoecontrolesocial\":\"Sim\",\"p38_nenhum\":\"Nenhum\",\"p40_editais\":\"Sim\",\"p41_publicoestatal\":\"P\\u00fablico-Estatal\",\"p41_privadopj\":\"Privado (P. Jur\\u00eddica)\",\"p42_meiodedivulgacaoproprio\":\"Sim\",\"p43_impressoes\":\"Impressos\",\"p43_email\":\"E-mail\",\"p43_facebook\":\"Facebook\",\"p43_instagram\":\"Instagram\",\"p43_twitter\":\"Twitter\",\"p43_sitesblogs\":\"Blogs\\\/sites\",\"p43_youtube\":\"YouTube\",\"p44_radio\":\"TV\",\"p44_jornaisimpressosdegrandecirculacao\":\"Jornais impressos de grande circula\\u00e7\\u00e3o\",\"p44_jornaisimpressosdebairro\":\"Jornais impressos de bairro\",\"p44_redessociais\":\"Redes sociais (Facebook, YouTube, Instagram etc.)\",\"p44_sitesblogs\":\"Sites ou Blogs\",\"p39_publico\":\"POPULA\\u00c7\\u00c3O NEGRA LGBTQI IND\\u00cdGENAS\",\"p45_bandeira\":\"PESQUISA ESTUDOS DIFUS\\u00c3O PRODU\\u00c7\\u00c3O CONHECIMENTO ANTIRRACISMO ORGANIZA\\u00c7\\u00c3O MOVIMENTOS SOCIAIS\",\"p46_hashtags\":\"#TODOSIGUAISTODOSDIFERENTES #DIVERSIDADESIMSEMPRE\"},{\"p1_eixo\":\"Cultura\",\"p9_tipoorganizacao\":\"ONG\",\"p12_uf\":\"PB\",\"p13_cidade\":\"CAMPINA GRANDE\",\"p16_cidade\":\"Cidade\",\"p17_ano\":\"1986\",\"p16_estado\":\"Estado\",\"p18_agrario\":\"Agr\\u00e1rio\\\/ruralidades\",\"p18_comunicacao\":\"Comunica\\u00e7\\u00e3o\",\"p18_difusaoartistica\":\"Difus\\u00e3o Art\\u00edstica\",\"p18_desenvolvimentoterritorial\":\"Desenvolvimento territorial\",\"p18_direitoshumanos\":\"Direitos humanos\",\"p18_educacao\":\"Educa\\u00e7\\u00e3o\",\"p18_feminismos\":\"Feminismos\",\"p18_lutaantirracismo\":\"Luta antirracismo\",\"p18_moradia\":\"Moradia\",\"p18_povosecomunidadestradicionais\":\"Povos e comunidades tradicionais\",\"p18_religiao\":\"Religi\\u00e3o\",\"p18_saude\":\"Sa\\u00fade\",\"p18_violencia\":\"Viol\\u00eancia\",\"p18_politicasculturais\":\"Pol\\u00edticas Culturais\",\"p19_agrario\":\"Agr\\u00e1rio\\\/ruralidades\",\"p19_direitoshumanos\":\"Direitos humanos\",\"p19_educacao\":\"Educa\\u00e7\\u00e3o\",\"p19_violencia\":\"Viol\\u00eancia\",\"p19_politicasculturais\":\"Pol\\u00edticas Culturais\",\"p20_atendimento\":\"Atendimento\",\"p20_oficinas\":\"Oficinas\",\"p20_oficinasaulasartisticas\":\"Ensaios\\\/Oficinas\\\/Aulas art\\u00edsticas\",\"p20_cursos\":\"Cursos\",\"p20_formacao\":\"Forma\\u00e7\\u00e3o\",\"p20_visitasexcursoes\":\"Visitas\\\/Excurs\\u00f5es\",\"p21_machismo\":\"Machismo\",\"p21_racismo\":\"Racismo\",\"p22_numerodeparticipantes\":\"1  - 15\",\"p23_atendimento\":\"Atendimento\",\"p23_oficinas\":\"Oficinas\",\"p23_oficinasaulasartisticas\":\"Ensaio\\\/Oficinas\\\/Aulas Art\\u00edsticas\",\"p23_formacao\":\"Forma\\u00e7\\u00e3o\",\"p23_visitas\":\"Visitas\",\"p23_outros\":\"Outros\",\"p24_visitasexcursoes\":\"Visitas\\\/Excurs\\u00f5es\",\"p24_outros\":\"Outros\",\"p25_numerodepessoas\":\"1 - 20\",\"p26_numerodepessoas\":\"40 - 60\",\"p27_espacoproprio\":\"Espa\\u00e7o pr\\u00f3prio\",\"p28_territorios\":\"Estado\",\"p30_outrasorganizacoes\":\"Sim\",\"p32_campanhadelongaduracao\":\"Sim\",\"p34_municipal\":\"Municipal\",\"p34_estadual\":\"Estadual\",\"p34_nacional\":\"Nacional\",\"p36_conselhosdeparticipacaoecontrolesocial\":\"Sim\",\"p38_nenhum\":\"Nenhum\",\"p40_editais\":\"Sim\",\"p41_publicoestatal\":\"P\\u00fablico-Estatal\",\"p41_privadopf\":\"Privado (P. F\\u00edsica)\",\"p41_privadopj\":\"Privado (P. Jur\\u00eddica)\",\"p41_autofinanciamento\":\"Autofinanciamento\",\"p42_meiodedivulgacaoproprio\":\"Sim\",\"p43_impressoes\":\"Impressos\",\"p43_email\":\"E-mail\",\"p43_facebook\":\"Facebook\",\"p43_whatsapp\":\"WhatsApp\",\"p43_instagram\":\"Instagram\",\"p43_twitter\":\"Twitter\",\"p43_sitesblogs\":\"Blogs\\\/sites\",\"p43_youtube\":\"YouTube\",\"p44_radio\":\"TV\",\"p44_jornaisimpressosdegrandecirculacao\":\"Jornais impressos de grande circula\\u00e7\\u00e3o\",\"p44_jornaisimpressosdebairro\":\"Jornais impressos de bairro\",\"p44_redessociais\":\"Redes sociais (Facebook, YouTube, Instagram etc.)\",\"p44_sitesblogs\":\"Sites ou Blogs\",\"p39_publico\":\"JUVENTUDES MULHERES\",\"p45_bandeira\":\"DEFESA DIREITO HUMANO ALIMENTA\\u00c7\\u00c3O DEFESA CONVIV\\u00caNCIA SEMI\\u00c1RIDO HARM\\u00d4NICA AGROECOLOGIA ECONOMIA SOLID\\u00c1RIA EQUIDADE G\\u00caNERO\",\"p46_hashtags\":\"#DEFESADOESTADODEMOCRATICODEDIREITO #NENHUMDIREITOAMENOS #MUDANCANOCENARIOPOLITICO\"},{\"p1_eixo\":\"Trabalho\",\"p9_tipoorganizacao\":\"Associa\\u00e7\\u00e3o\",\"p12_uf\":\"PB\",\"p13_cidade\":\"SAP\\u00c9\",\"p16_cidade\":\"Cidade\",\"p17_ano\":\"1996\",\"p16_estado\":\"Estado\",\"p18_comunicacao\":\"Comunica\\u00e7\\u00e3o\",\"p18_difusaoartistica\":\"Difus\\u00e3o Art\\u00edstica\",\"p18_desenvolvimentoterritorial\":\"Desenvolvimento territorial\",\"p18_direitoshumanos\":\"Direitos humanos\",\"p18_educacao\":\"Educa\\u00e7\\u00e3o\",\"p18_feminismos\":\"Feminismos\",\"p18_lutaantirracismo\":\"Luta antirracismo\",\"p18_mobilidade\":\"Mobilidade\",\"p18_moradia\":\"Moradia\",\"p18_povosecomunidadestradicionais\":\"Povos e comunidades tradicionais\",\"p18_trabalho\":\"Trabalho\",\"p18_religiao\":\"Religi\\u00e3o\",\"p18_saude\":\"Sa\\u00fade\",\"p18_violencia\":\"Viol\\u00eancia\",\"p18_politicasculturais\":\"Pol\\u00edticas Culturais\",\"p19_desenvolvimentoterritorial\":\"Desenvolvimento territorial\",\"p19_direitoshumanos\":\"Direitos humanos\",\"p19_educacao\":\"Educa\\u00e7\\u00e3o\",\"p19_politicasculturais\":\"Pol\\u00edticas Culturais\",\"p20_atendimento\":\"Atendimento\",\"p20_oficinas\":\"Oficinas\",\"p20_oficinasaulasartisticas\":\"Ensaios\\\/Oficinas\\\/Aulas art\\u00edsticas\",\"p20_visitasexcursoes\":\"Visitas\\\/Excurs\\u00f5es\",\"p21_repressaopolicial\":\"Repress\\u00e3o policial\",\"p21_machismo\":\"Machismo\",\"p21_racismo\":\"Racismo\",\"p22_numerodeparticipantes\":\"30 - 45\",\"p23_atendimento\":\"Atendimento\",\"p23_oficinas\":\"Oficinas\",\"p23_oficinasaulasartisticas\":\"Ensaio\\\/Oficinas\\\/Aulas Art\\u00edsticas\",\"p23_outros\":\"Outros\",\"p24_reunioes\":\"Reuni\\u00f5es\",\"p24_visitasexcursoes\":\"Visitas\\\/Excurs\\u00f5es\",\"p24_outros\":\"Outros\",\"p25_numerodepessoas\":\"100 - 200\",\"p26_numerodepessoas\":\"1 - 20\",\"p27_espacoproprio\":\"Espa\\u00e7o pr\\u00f3prio\",\"p28_territorios\":\"Cidade\",\"p30_outrasorganizacoes\":\"Sim\",\"p32_campanhadelongaduracao\":\"Sim\",\"p34_municipal\":\"Municipal\",\"p34_estadual\":\"Estadual\",\"p36_conselhosdeparticipacaoecontrolesocial\":\"Sim\",\"p38_nenhum\":\"Nenhum\",\"p40_editais\":\"Sim\",\"p41_publicoestatal\":\"P\\u00fablico-Estatal\",\"p41_privadopf\":\"Privado (P. F\\u00edsica)\",\"p41_privadopj\":\"Privado (P. Jur\\u00eddica)\",\"p41_autofinanciamento\":\"Autofinanciamento\",\"p42_meiodedivulgacaoproprio\":\"Sim\",\"p43_email\":\"E-mail\",\"p43_facebook\":\"Facebook\",\"p43_whatsapp\":\"WhatsApp\",\"p43_instagram\":\"Instagram\",\"p43_sitesblogs\":\"Blogs\\\/sites\",\"p44_radio\":\"TV\",\"p44_jornaisimpressosdegrandecirculacao\":\"Jornais impressos de grande circula\\u00e7\\u00e3o\",\"p44_jornaisimpressosdebairro\":\"Jornais impressos de bairro\",\"p44_redessociais\":\"Redes sociais (Facebook, YouTube, Instagram etc.)\",\"p44_sitesblogs\":\"Sites ou Blogs\",\"p39_publico\":\"CRIAN\\u00c7AS ADOLESCENTES\",\"p45_bandeira\":\"LUTA MULHERES COMBATE ABUSO EXPLORA\\u00c7\\u00c3O SEXUAL CRIAN\\u00c7AS ADOLESCENTES CONTRA TRABALHO INFANTIL DEFESA DIREITOS HUMANOS\",\"p46_hashtags\":\"#FORTALECIMENTODAMINORIA #MELHORIADAQUALIDADEDEVIDA #DESENVOLVIMENTODEHABILIDADES\"},{\"p1_eixo\":\"Cultura\",\"p9_tipoorganizacao\":\"ONG\",\"p12_uf\":\"BA\",\"p13_cidade\":\"SALVADOR\",\"p17_ano\":\"2004\",\"p16_estado\":\"Estado\",\"p18_comunicacao\":\"Comunica\\u00e7\\u00e3o\",\"p18_difusaoartistica\":\"Difus\\u00e3o Art\\u00edstica\",\"p18_desenvolvimentoterritorial\":\"Desenvolvimento territorial\",\"p18_direitoshumanos\":\"Direitos humanos\",\"p18_educacao\":\"Educa\\u00e7\\u00e3o\",\"p18_feminismos\":\"Feminismos\",\"p18_lgbtqi\":\"LGBTQI\",\"p18_lutaantirracismo\":\"Luta antirracismo\",\"p18_mobilidade\":\"Mobilidade\",\"p18_moradia\":\"Moradia\",\"p18_povosecomunidadestradicionais\":\"Povos e comunidades tradicionais\",\"p18_trabalho\":\"Trabalho\",\"p18_religiao\":\"Religi\\u00e3o\",\"p18_saude\":\"Sa\\u00fade\",\"p18_violencia\":\"Viol\\u00eancia\",\"p18_politicasculturais\":\"Pol\\u00edticas Culturais\",\"p19_desenvolvimentoterritorial\":\"Desenvolvimento territorial\",\"p19_educacao\":\"Educa\\u00e7\\u00e3o\",\"p19_lutaantirracismo\":\"Luta antirracismo\",\"p19_politicasculturais\":\"Pol\\u00edticas Culturais\",\"p20_reunioes\":\"Reuni\\u00f5es\",\"p20_atendimento\":\"Atendimento\",\"p20_oficinas\":\"Oficinas\",\"p20_oficinasaulasartisticas\":\"Ensaios\\\/Oficinas\\\/Aulas art\\u00edsticas\",\"p20_cursos\":\"Cursos\",\"p20_visitasexcursoes\":\"Visitas\\\/Excurs\\u00f5es\",\"p21_repressaopolicial\":\"Repress\\u00e3o policial\",\"p21_intoleranciareligiosa\":\"Fundamentalismo\\\/intoler\\u00e2ncia religiosa\",\"p21_machismo\":\"Machismo\",\"p21_racismo\":\"Racismo\",\"p22_numerodeparticipantes\":\"15 - 30\",\"p23_reunioes\":\"Reuni\\u00f5es\",\"p23_oficinas\":\"Oficinas\",\"p23_oficinasaulasartisticas\":\"Ensaio\\\/Oficinas\\\/Aulas Art\\u00edsticas\",\"p23_visitas\":\"Visitas\",\"p23_outros\":\"Outros\",\"p24_reunioes\":\"Reuni\\u00f5es\",\"p24_curso\":\"Curso\",\"p24_outros\":\"Outros\",\"p25_numerodepessoas\":\"20 - 40\",\"p26_numerodepessoas\":\"1 - 20\",\"p27_espacoproprio\":\"Espa\\u00e7o pr\\u00f3prio\",\"p28_territorios\":\"Regi\\u00e3o da Cidade\",\"p30_outrasorganizacoes\":\"Sim\",\"p32_campanhadelongaduracao\":\"Sim\",\"p34_municipal\":\"Municipal\",\"p34_nacional\":\"Nacional\",\"p36_conselhosdeparticipacaoecontrolesocial\":\"Sim\",\"p38_sim\":\"Sim\",\"p38_nenhum\":\"Nenhum\",\"p40_editais\":\"Sim\",\"p41_publicoestatal\":\"P\\u00fablico-Estatal\",\"p41_autofinanciamento\":\"Autofinanciamento\",\"p42_meiodedivulgacaoproprio\":\"Sim\",\"p43_email\":\"E-mail\",\"p43_facebook\":\"Facebook\",\"p43_whatsapp\":\"WhatsApp\",\"p43_instagram\":\"Instagram\",\"p43_sitesblogs\":\"Blogs\\\/sites\",\"p43_youtube\":\"YouTube\",\"p44_radio\":\"TV\",\"p44_jornaisimpressosdegrandecirculacao\":\"Jornais impressos de grande circula\\u00e7\\u00e3o\",\"p44_jornaisimpressosdebairro\":\"Jornais impressos de bairro\",\"p44_redessociais\":\"Redes sociais (Facebook, YouTube, Instagram etc.)\",\"p44_sitesblogs\":\"Sites ou Blogs\",\"p39_publico\":\"TODOS\",\"p45_bandeira\":\"CULTURA MANIFESTA\\u00c7OES POPULARES CULTURA RA\\u00c7A G\\u00caNERO EXTERM\\u00cdNIO JUVENTUDE NEGRA\",\"p46_hashtags\":\"#MOVIMENTODECULTURAPOPULARDOSUBURBIO #PELODIREITOAOESPORTE #NADEFESADOPARQUESAOBARTOLOMEU\"},{\"p1_eixo\":\"Cultura\",\"p9_tipoorganizacao\":\"ONG\",\"p12_uf\":\"RS\",\"p13_cidade\":\"PORTO ALEGRE\",\"p17_ano\":\"2001\",\"p16_estado\":\"Estado\",\"p18_comunicacao\":\"Comunica\\u00e7\\u00e3o\",\"p18_difusaoartistica\":\"Difus\\u00e3o Art\\u00edstica\",\"p18_desenvolvimentoterritorial\":\"Desenvolvimento territorial\",\"p18_direitoshumanos\":\"Direitos humanos\",\"p18_educacao\":\"Educa\\u00e7\\u00e3o\",\"p18_feminismos\":\"Feminismos\",\"p18_lgbtqi\":\"LGBTQI\",\"p18_lutaantirracismo\":\"Luta antirracismo\",\"p18_povosecomunidadestradicionais\":\"Povos e comunidades tradicionais\",\"p18_trabalho\":\"Trabalho\",\"p18_religiao\":\"Religi\\u00e3o\",\"p18_saude\":\"Sa\\u00fade\",\"p18_violencia\":\"Viol\\u00eancia\",\"p18_politicasculturais\":\"Pol\\u00edticas Culturais\",\"p19_direitoshumanos\":\"Direitos humanos\",\"p19_educacao\":\"Educa\\u00e7\\u00e3o\",\"p19_lutaantirracismo\":\"Luta antirracismo\",\"p19_trabalho\":\"Trabalho\",\"p19_saude\":\"Sa\\u00fade\",\"p19_politicasculturais\":\"Pol\\u00edticas Culturais\",\"p20_reunioes\":\"Reuni\\u00f5es\",\"p20_atendimento\":\"Atendimento\",\"p20_oficinas\":\"Oficinas\",\"p20_oficinasaulasartisticas\":\"Ensaios\\\/Oficinas\\\/Aulas art\\u00edsticas\",\"p20_cursos\":\"Cursos\",\"p20_formacao\":\"Forma\\u00e7\\u00e3o\",\"p20_profissionalizacao\":\"Profissionaliza\\u00e7\\u00e3o\",\"p20_visitasexcursoes\":\"Visitas\\\/Excurs\\u00f5es\",\"p21_intoleranciareligiosa\":\"Fundamentalismo\\\/intoler\\u00e2ncia religiosa\",\"p21_xenofobia\":\"Xenofobia\",\"p21_machismo\":\"Machismo\",\"p21_racismo\":\"Racismo\",\"p21_lgbtqifobia\":\"LGBTIfobia\",\"p22_numerodeparticipantes\":\"15 - 30\",\"p23_reunioes\":\"Reuni\\u00f5es\",\"p23_oficinas\":\"Oficinas\",\"p23_oficinasaulasartisticas\":\"Ensaio\\\/Oficinas\\\/Aulas Art\\u00edsticas\",\"p23_cursos\":\"Cursos\",\"p23_formacao\":\"Forma\\u00e7\\u00e3o\",\"p23_profissionalizacao\":\"Profissionaliza\\u00e7\\u00e3o\",\"p23_visitas\":\"Visitas\",\"p23_outros\":\"Outros\",\"p24_oficinas\":\"Oficinas\",\"p24_oficinasaulasartisticas\":\"Ensaios\\\/Oficinas\\\/Aulas art\\u00edsticas\",\"p24_curso\":\"Curso\",\"p24_outros\":\"Outros\",\"p25_numerodepessoas\":\"20 - 40\",\"p26_numerodepessoas\":\"100 - 200\",\"p27_espacoproprio\":\"Espa\\u00e7o pr\\u00f3prio\",\"p28_territorios\":\"Estado\",\"p30_outrasorganizacoes\":\"Sim\",\"p32_campanhadelongaduracao\":\"N\\u00e3o\",\"p34_municipal\":\"Municipal\",\"p34_estadual\":\"Estadual\",\"p34_nacional\":\"Nacional\",\"p36_conselhosdeparticipacaoecontrolesocial\":\"Sim\",\"p38_sim\":\"Sim\",\"p40_editais\":\"Sim\",\"p41_publicoestatal\":\"P\\u00fablico-Estatal\",\"p41_privadopj\":\"Privado (P. Jur\\u00eddica)\",\"p41_autofinanciamento\":\"Autofinanciamento\",\"p42_meiodedivulgacaoproprio\":\"Sim\",\"p43_impressoes\":\"Impressos\",\"p43_email\":\"E-mail\",\"p43_facebook\":\"Facebook\",\"p43_instagram\":\"Instagram\",\"p43_sitesblogs\":\"Blogs\\\/sites\",\"p43_youtube\":\"YouTube\",\"p44_radio\":\"TV\",\"p44_jornaisimpressosdegrandecirculacao\":\"Jornais impressos de grande circula\\u00e7\\u00e3o\",\"p44_jornaisimpressosdebairro\":\"Jornais impressos de bairro\",\"p44_redessociais\":\"Redes sociais (Facebook, YouTube, Instagram etc.)\",\"p44_sitesblogs\":\"Sites ou Blogs\",\"p39_publico\":\"CRIAN\\u00c7AS ADOLESCENTES ADULTOS\",\"p45_bandeira\":\"LUTA ANTIRRACISTA\",\"p46_hashtags\":\"#RACISMONAO #IDENTIDADENEGRAPOSITIVA #EDUCACAOLIBERTARIA\"},{\"p1_eixo\":\"Trabalho\",\"p9_tipoorganizacao\":\"Associa\\u00e7\\u00e3o\",\"p12_uf\":\"PB\",\"p13_cidade\":\"JO\\u00c3O PESSOA\",\"p17_ano\":\"1998\",\"p16_estado\":\"Estado\",\"p18_agrario\":\"Agr\\u00e1rio\\\/ruralidades\",\"p18_comunicacao\":\"Comunica\\u00e7\\u00e3o\",\"p18_difusaoartistica\":\"Difus\\u00e3o Art\\u00edstica\",\"p18_desenvolvimentoterritorial\":\"Desenvolvimento territorial\",\"p18_direitoshumanos\":\"Direitos humanos\",\"p18_educacao\":\"Educa\\u00e7\\u00e3o\",\"p18_feminismos\":\"Feminismos\",\"p18_lgbtqi\":\"LGBTQI\",\"p18_lutaantirracismo\":\"Luta antirracismo\",\"p18_mobilidade\":\"Mobilidade\",\"p18_moradia\":\"Moradia\",\"p18_povosecomunidadestradicionais\":\"Povos e comunidades tradicionais\",\"p18_trabalho\":\"Trabalho\",\"p18_religiao\":\"Religi\\u00e3o\",\"p18_saude\":\"Sa\\u00fade\",\"p18_violencia\":\"Viol\\u00eancia\",\"p18_politicasculturais\":\"Pol\\u00edticas Culturais\",\"p19_desenvolvimentoterritorial\":\"Desenvolvimento territorial\",\"p19_direitoshumanos\":\"Direitos humanos\",\"p19_trabalho\":\"Trabalho\",\"p19_saude\":\"Sa\\u00fade\",\"p20_oficinas\":\"Oficinas\",\"p20_oficinasaulasartisticas\":\"Ensaios\\\/Oficinas\\\/Aulas art\\u00edsticas\",\"p20_cursos\":\"Cursos\",\"p20_formacao\":\"Forma\\u00e7\\u00e3o\",\"p20_profissionalizacao\":\"Profissionaliza\\u00e7\\u00e3o\",\"p20_visitasexcursoes\":\"Visitas\\\/Excurs\\u00f5es\",\"p21_intoleranciareligiosa\":\"Fundamentalismo\\\/intoler\\u00e2ncia religiosa\",\"p21_xenofobia\":\"Xenofobia\",\"p21_machismo\":\"Machismo\",\"p21_racismo\":\"Racismo\",\"p21_lgbtqifobia\":\"LGBTIfobia\",\"p21_enfrentamentocomgruposprivadosarmados\":\"Enfrentamento com grupos privados armados\",\"p22_numerodeparticipantes\":\"1  - 15\",\"p23_oficinas\":\"Oficinas\",\"p23_oficinasaulasartisticas\":\"Ensaio\\\/Oficinas\\\/Aulas Art\\u00edsticas\",\"p23_cursos\":\"Cursos\",\"p23_formacao\":\"Forma\\u00e7\\u00e3o\",\"p23_profissionalizacao\":\"Profissionaliza\\u00e7\\u00e3o\",\"p23_visitas\":\"Visitas\",\"p23_outros\":\"Outros\",\"p24_oficinas\":\"Oficinas\",\"p24_oficinasaulasartisticas\":\"Ensaios\\\/Oficinas\\\/Aulas art\\u00edsticas\",\"p24_curso\":\"Curso\",\"p24_outros\":\"Outros\",\"p25_numerodepessoas\":\"20 - 40\",\"p26_numerodepessoas\":\"20 - 40\",\"p27_espacoproprio\":\"Espa\\u00e7o pr\\u00f3prio\",\"p28_territorios\":\"Estado\",\"p30_outrasorganizacoes\":\"Sim\",\"p32_campanhadelongaduracao\":\"Sim\",\"p34_municipal\":\"Municipal\",\"p34_estadual\":\"Estadual\",\"p34_nacional\":\"Nacional\",\"p36_conselhosdeparticipacaoecontrolesocial\":\"Sim\",\"p38_sim\":\"Sim\",\"p38_nenhum\":\"Nenhum\",\"p40_editais\":\"Sim\",\"p41_publicoestatal\":\"P\\u00fablico-Estatal\",\"p41_privadopj\":\"Privado (P. Jur\\u00eddica)\",\"p42_meiodedivulgacaoproprio\":\"Sim\",\"p43_impressoes\":\"Impressos\",\"p43_email\":\"E-mail\",\"p43_facebook\":\"Facebook\",\"p43_whatsapp\":\"WhatsApp\",\"p43_sitesblogs\":\"Blogs\\\/sites\",\"p44_radio\":\"TV\",\"p44_jornaisimpressosdegrandecirculacao\":\"Jornais impressos de grande circula\\u00e7\\u00e3o\",\"p44_jornaisimpressosdebairro\":\"Jornais impressos de bairro\",\"p44_redessociais\":\"Redes sociais (Facebook, YouTube, Instagram etc.)\",\"p44_sitesblogs\":\"Sites ou Blogs\",\"p39_publico\":\"ADOLESCENTES JOVENS SOCIALMENTE VULNER\\u00c1VEIS FAM\\u00cdLIAS\",\"p45_bandeira\":\"ENFRENTAMENTO LUTA CONTRA AIDS G\\u00caNERO DEFESA DIREITOS CRIAN\\u00c7A ADOLESCENTE\",\"p46_hashtags\":\"#LUTACONTRAAIDS #DEFESADOSDIREITOSDACRIANCAEDOADOLESCENTES #PELOSDIREITOSDASMULHERES\"},{\"p1_eixo\":\"Viol\\u00eancia\",\"p9_tipoorganizacao\":\"Associa\\u00e7\\u00e3o\",\"p12_uf\":\"RO\",\"p13_cidade\":\"CACOAL\",\"p16_nacional\":\"Nacional\",\"p17_ano\":\"2015\",\"p16_estado\":\"Estado\",\"p18_agrario\":\"Agr\\u00e1rio\\\/ruralidades\",\"p18_comunicacao\":\"Comunica\\u00e7\\u00e3o\",\"p18_difusaoartistica\":\"Difus\\u00e3o Art\\u00edstica\",\"p18_desenvolvimentoterritorial\":\"Desenvolvimento territorial\",\"p18_direitoshumanos\":\"Direitos humanos\",\"p18_educacao\":\"Educa\\u00e7\\u00e3o\",\"p18_feminismos\":\"Feminismos\",\"p18_lgbtqi\":\"LGBTQI\",\"p18_lutaantirracismo\":\"Luta antirracismo\",\"p18_mobilidade\":\"Mobilidade\",\"p18_moradia\":\"Moradia\",\"p18_povosecomunidadestradicionais\":\"Povos e comunidades tradicionais\",\"p18_trabalho\":\"Trabalho\",\"p18_religiao\":\"Religi\\u00e3o\",\"p18_saude\":\"Sa\\u00fade\",\"p18_violencia\":\"Viol\\u00eancia\",\"p18_politicasculturais\":\"Pol\\u00edticas Culturais\",\"p19_desenvolvimentoterritorial\":\"Desenvolvimento territorial\",\"p19_lutaantirracismo\":\"Luta antirracismo\",\"p19_saude\":\"Sa\\u00fade\",\"p19_politicasculturais\":\"Pol\\u00edticas Culturais\",\"p20_oficinas\":\"Oficinas\",\"p20_oficinasaulasartisticas\":\"Ensaios\\\/Oficinas\\\/Aulas art\\u00edsticas\",\"p21_intoleranciareligiosa\":\"Fundamentalismo\\\/intoler\\u00e2ncia religiosa\",\"p21_xenofobia\":\"Xenofobia\",\"p21_machismo\":\"Machismo\",\"p21_racismo\":\"Racismo\",\"p21_lgbtqifobia\":\"LGBTIfobia\",\"p21_enfrentamentocomgruposprivadosarmados\":\"Enfrentamento com grupos privados armados\",\"p21_nenhum\":\"Nenhum\",\"p22_numerodeparticipantes\":\"1  - 15\",\"p23_reunioes\":\"Reuni\\u00f5es\",\"p23_outros\":\"Outros\",\"p24_oficinas\":\"Oficinas\",\"p24_oficinasaulasartisticas\":\"Ensaios\\\/Oficinas\\\/Aulas art\\u00edsticas\",\"p24_curso\":\"Curso\",\"p24_outros\":\"Outros\",\"p25_numerodepessoas\":\"200 - 300\",\"p26_numerodepessoas\":\"40 - 60\",\"p27_espacopublico\":\"Espa\\u00e7o p\\u00fablico\",\"p27_espacoemprestadocedido\":\"Espa\\u00e7o emprestado\\\/cedido\",\"p27_espacoproprio\":\"Espa\\u00e7o pr\\u00f3prio\",\"p28_territorios\":\"Estado\",\"p30_outrasorganizacoes\":\"Sim\",\"p32_campanhadelongaduracao\":\"N\\u00e3o\",\"p34_nacional\":\"Nacional\",\"p34_nenhuma\":\"Nenhuma\",\"p36_conselhosdeparticipacaoecontrolesocial\":\"N\\u00e3o\",\"p38_nenhum\":\"Nenhum\",\"p40_editais\":\"N\\u00e3o\",\"p41_privadopj\":\"Privado (P. Jur\\u00eddica)\",\"p41_autofinanciamento\":\"Autofinanciamento\",\"p42_meiodedivulgacaoproprio\":\"Sim\",\"p43_impressoes\":\"Impressos\",\"p43_email\":\"E-mail\",\"p43_facebook\":\"Facebook\",\"p43_whatsapp\":\"WhatsApp\",\"p43_instagram\":\"Instagram\",\"p43_twitter\":\"Twitter\",\"p43_sitesblogs\":\"Blogs\\\/sites\",\"p43_youtube\":\"YouTube\",\"p44_radio\":\"TV\",\"p44_jornaisimpressosdegrandecirculacao\":\"Jornais impressos de grande circula\\u00e7\\u00e3o\",\"p44_jornaisimpressosdebairro\":\"Jornais impressos de bairro\",\"p44_redessociais\":\"Redes sociais (Facebook, YouTube, Instagram etc.)\",\"p44_sitesblogs\":\"Sites ou Blogs\",\"p39_publico\":\"MULHERES IND\\u00cdGENAS\",\"p45_bandeira\":\"DEFESA DIREITOS MULHERES IND\\u00cdGENAS ROND\\u00d4NIA DEMARCA\\u00c7\\u00c3O TERRA IND\\u00cdGENAS LUTA CONTRA-VIOL\\u00caNCIA MULHER\",\"p46_hashtags\":\"#AGIRNALUTAPELADEFESADOSDIREITOSDOSPOVOSINDIGENAS #EMPODERAMENTODASMULHERESINDIGENASDERONDONIA\"},{\"p1_eixo\":\"Cultura\",\"p9_tipoorganizacao\":\"Coletivo\",\"p12_uf\":\"MG\",\"p13_cidade\":\"BELO HORIZONTE\",\"p16_nacional\":\"Nacional\",\"p17_ano\":\"2017\",\"p16_estado\":\"Estado\",\"p18_agrario\":\"Agr\\u00e1rio\\\/ruralidades\",\"p18_comunicacao\":\"Comunica\\u00e7\\u00e3o\",\"p18_difusaoartistica\":\"Difus\\u00e3o Art\\u00edstica\",\"p18_desenvolvimentoterritorial\":\"Desenvolvimento territorial\",\"p18_direitoshumanos\":\"Direitos humanos\",\"p18_educacao\":\"Educa\\u00e7\\u00e3o\",\"p18_feminismos\":\"Feminismos\",\"p18_lgbtqi\":\"LGBTQI\",\"p18_lutaantirracismo\":\"Luta antirracismo\",\"p18_mobilidade\":\"Mobilidade\",\"p18_moradia\":\"Moradia\",\"p18_povosecomunidadestradicionais\":\"Povos e comunidades tradicionais\",\"p18_trabalho\":\"Trabalho\",\"p18_religiao\":\"Religi\\u00e3o\",\"p18_saude\":\"Sa\\u00fade\",\"p18_violencia\":\"Viol\\u00eancia\",\"p18_politicasculturais\":\"Pol\\u00edticas Culturais\",\"p19_desenvolvimentoterritorial\":\"Desenvolvimento territorial\",\"p19_educacao\":\"Educa\\u00e7\\u00e3o\",\"p19_lutaantirracismo\":\"Luta antirracismo\",\"p19_moradia\":\"Moradia\",\"p19_politicasculturais\":\"Pol\\u00edticas Culturais\",\"p20_atendimento\":\"Atendimento\",\"p20_oficinas\":\"Oficinas\",\"p20_oficinasaulasartisticas\":\"Ensaios\\\/Oficinas\\\/Aulas art\\u00edsticas\",\"p21_repressaopolicial\":\"Repress\\u00e3o policial\",\"p21_intoleranciareligiosa\":\"Fundamentalismo\\\/intoler\\u00e2ncia religiosa\",\"p21_machismo\":\"Machismo\",\"p21_racismo\":\"Racismo\",\"p21_lgbtqifobia\":\"LGBTIfobia\",\"p21_nenhum\":\"Nenhum\",\"p22_numerodeparticipantes\":\"1  - 15\",\"p23_reunioes\":\"Reuni\\u00f5es\",\"p23_atendimento\":\"Atendimento\",\"p23_oficinasaulasartisticas\":\"Ensaio\\\/Oficinas\\\/Aulas Art\\u00edsticas\",\"p23_outros\":\"Outros\",\"p24_oficinas\":\"Oficinas\",\"p24_oficinasaulasartisticas\":\"Ensaios\\\/Oficinas\\\/Aulas art\\u00edsticas\",\"p24_curso\":\"Curso\",\"p24_outros\":\"Outros\",\"p25_numerodepessoas\":\"60 - 80\",\"p26_numerodepessoas\":\"100 - 200\",\"p27_espacopublico\":\"Espa\\u00e7o p\\u00fablico\",\"p27_espacoemprestadocedido\":\"Espa\\u00e7o emprestado\\\/cedido\",\"p28_territorios\":\"Cidade\",\"p30_outrasorganizacoes\":\"Sim\",\"p32_campanhadelongaduracao\":\"N\\u00e3o\",\"p34_nenhuma\":\"Nenhuma\",\"p36_conselhosdeparticipacaoecontrolesocial\":\"N\\u00e3o\",\"p38_nenhum\":\"Nenhum\",\"p40_editais\":\"N\\u00e3o\",\"p41_privadopf\":\"Privado (P. F\\u00edsica)\",\"p41_privadopj\":\"Privado (P. Jur\\u00eddica)\",\"p41_autofinanciamento\":\"Autofinanciamento\",\"p42_meiodedivulgacaoproprio\":\"Sim\",\"p43_impressoes\":\"Impressos\",\"p43_email\":\"E-mail\",\"p43_facebook\":\"Facebook\",\"p43_whatsapp\":\"WhatsApp\",\"p43_instagram\":\"Instagram\",\"p43_twitter\":\"Twitter\",\"p43_sitesblogs\":\"Blogs\\\/sites\",\"p43_youtube\":\"YouTube\",\"p44_radio\":\"R\\u00e1dio\",\"p44_redessociais\":\"Redes sociais (Facebook, YouTube, Instagram etc.)\",\"p44_sitesblogs\":\"Sites ou Blogs\",\"p39_publico\":\"TODOS\",\"p45_bandeira\":\"FORTALECER CULTURA NEGRA\",\"p46_hashtags\":\"#FORTALECERACULTURANEGRA #NEGRITUDEEMPAUTANOAUDIOVISUAL #CINEMANEGRO\"},{\"p1_eixo\":\"Cultura\",\"p9_tipoorganizacao\":\"Associa\\u00e7\\u00e3o\",\"p12_uf\":\"MG\",\"p13_cidade\":\"BELO HORIZONTE\",\"p16_cidade\":\"Cidade\",\"p17_ano\":\"2008\",\"p16_estado\":\"Estado\",\"p18_agrario\":\"Agr\\u00e1rio\\\/ruralidades\",\"p18_comunicacao\":\"Comunica\\u00e7\\u00e3o\",\"p18_difusaoartistica\":\"Difus\\u00e3o Art\\u00edstica\",\"p18_desenvolvimentoterritorial\":\"Desenvolvimento territorial\",\"p18_direitoshumanos\":\"Direitos humanos\",\"p18_educacao\":\"Educa\\u00e7\\u00e3o\",\"p18_feminismos\":\"Feminismos\",\"p18_lgbtqi\":\"LGBTQI\",\"p18_lutaantirracismo\":\"Luta antirracismo\",\"p18_mobilidade\":\"Mobilidade\",\"p18_moradia\":\"Moradia\",\"p18_povosecomunidadestradicionais\":\"Povos e comunidades tradicionais\",\"p18_religiao\":\"Religi\\u00e3o\",\"p18_saude\":\"Sa\\u00fade\",\"p18_violencia\":\"Viol\\u00eancia\",\"p18_politicasculturais\":\"Pol\\u00edticas Culturais\",\"p19_educacao\":\"Educa\\u00e7\\u00e3o\",\"p19_lutaantirracismo\":\"Luta antirracismo\",\"p19_moradia\":\"Moradia\",\"p19_violencia\":\"Viol\\u00eancia\",\"p19_politicasculturais\":\"Pol\\u00edticas Culturais\",\"p20_reunioes\":\"Reuni\\u00f5es\",\"p20_atendimento\":\"Atendimento\",\"p20_oficinas\":\"Oficinas\",\"p20_oficinasaulasartisticas\":\"Ensaios\\\/Oficinas\\\/Aulas art\\u00edsticas\",\"p21_repressaopolicial\":\"Repress\\u00e3o policial\",\"p21_intoleranciareligiosa\":\"Fundamentalismo\\\/intoler\\u00e2ncia religiosa\",\"p21_machismo\":\"Machismo\",\"p21_racismo\":\"Racismo\",\"p21_lgbtqifobia\":\"LGBTIfobia\",\"p22_numerodeparticipantes\":\"1  - 15\",\"p23_reunioes\":\"Reuni\\u00f5es\",\"p23_atendimento\":\"Atendimento\",\"p23_oficinasaulasartisticas\":\"Ensaio\\\/Oficinas\\\/Aulas Art\\u00edsticas\",\"p23_outros\":\"Outros\",\"p24_reunioes\":\"Reuni\\u00f5es\",\"p24_oficinas\":\"Oficinas\",\"p24_oficinasaulasartisticas\":\"Ensaios\\\/Oficinas\\\/Aulas art\\u00edsticas\",\"p24_outros\":\"Outros\",\"p25_numerodepessoas\":\"80 - 100\",\"p26_numerodepessoas\":\"40 - 60\",\"p27_espacopublico\":\"Espa\\u00e7o p\\u00fablico\",\"p27_espacoemprestadocedido\":\"Espa\\u00e7o emprestado\\\/cedido\",\"p28_territorios\":\"Regi\\u00e3o da Cidade\",\"p30_outrasorganizacoes\":\"Sim\",\"p32_campanhadelongaduracao\":\"N\\u00e3o\",\"p34_nenhuma\":\"Nenhuma\",\"p36_conselhosdeparticipacaoecontrolesocial\":\"Sim\",\"p38_sim\":\"Sim\",\"p38_nenhum\":\"Nenhum\",\"p40_editais\":\"N\\u00e3o\",\"p41_privadopf\":\"Privado (P. F\\u00edsica)\",\"p41_privadopj\":\"Privado (P. Jur\\u00eddica)\",\"p41_autofinanciamento\":\"Autofinanciamento\",\"p42_meiodedivulgacaoproprio\":\"Sim\",\"p43_impressoes\":\"Impressos\",\"p43_facebook\":\"Facebook\",\"p43_whatsapp\":\"WhatsApp\",\"p43_instagram\":\"Instagram\",\"p44_radio\":\"TV\",\"p44_jornaisimpressosdegrandecirculacao\":\"Jornais impressos de grande circula\\u00e7\\u00e3o\",\"p44_jornaisimpressosdebairro\":\"Jornais impressos de bairro\",\"p44_redessociais\":\"Redes sociais (Facebook, YouTube, Instagram etc.)\",\"p44_sitesblogs\":\"Sites ou Blogs\",\"p39_publico\":\"CRIAN\\u00c7AS ADOLESCENTES JOVENS\",\"p45_bandeira\":\"IDENTIDADE MEM\\u00d3RIA TERRIT\\u00d3RIO PERTENCIMENTO CULTURA\",\"p46_hashtags\":\"#CULTURA #MEMORIA #TERRITORIO\"},{\"p1_eixo\":\"Viol\\u00eancia\",\"p9_tipoorganizacao\":\"Coletivo\",\"p12_uf\":\"SE\",\"p13_cidade\":\"ARACAJU\",\"p16_cidade\":\"Cidade\",\"p17_ano\":\"2018\",\"p16_estado\":\"Estado\",\"p18_agrario\":\"Agr\\u00e1rio\\\/ruralidades\",\"p18_comunicacao\":\"Comunica\\u00e7\\u00e3o\",\"p18_difusaoartistica\":\"Difus\\u00e3o Art\\u00edstica\",\"p18_desenvolvimentoterritorial\":\"Desenvolvimento territorial\",\"p18_direitoshumanos\":\"Direitos humanos\",\"p18_educacao\":\"Educa\\u00e7\\u00e3o\",\"p18_feminismos\":\"Feminismos\",\"p18_lgbtqi\":\"LGBTQI\",\"p18_lutaantirracismo\":\"Luta antirracismo\",\"p18_moradia\":\"Moradia\",\"p18_povosecomunidadestradicionais\":\"Povos e comunidades tradicionais\",\"p18_trabalho\":\"Trabalho\",\"p18_religiao\":\"Religi\\u00e3o\",\"p18_saude\":\"Sa\\u00fade\",\"p18_violencia\":\"Viol\\u00eancia\",\"p18_politicasculturais\":\"Pol\\u00edticas Culturais\",\"p19_desenvolvimentoterritorial\":\"Desenvolvimento territorial\",\"p19_educacao\":\"Educa\\u00e7\\u00e3o\",\"p19_lutaantirracismo\":\"Luta antirracismo\",\"p19_povosecomunidadestradicionais\":\"Povos e comunidades tradicionais\",\"p19_violencia\":\"Viol\\u00eancia\",\"p20_reunioes\":\"Reuni\\u00f5es\",\"p20_visitasexcursoes\":\"Visitas\\\/Excurs\\u00f5es\",\"p21_repressaopolicial\":\"Repress\\u00e3o policial\",\"p21_machismo\":\"Machismo\",\"p21_racismo\":\"Racismo\",\"p22_numerodeparticipantes\":\"15 - 30\",\"p23_reunioes\":\"Reuni\\u00f5es\",\"p23_visitas\":\"Visitas\",\"p24_reunioes\":\"Reuni\\u00f5es\",\"p24_outros\":\"Outros\",\"p25_numerodepessoas\":\"20 - 40\",\"p26_numerodepessoas\":\"80 - 100\",\"p27_espacopublico\":\"Espa\\u00e7o p\\u00fablico\",\"p27_espacoemprestadocedido\":\"Espa\\u00e7o emprestado\\\/cedido\",\"p27_espacoproprio\":\"Espa\\u00e7o pr\\u00f3prio\",\"p28_territorios\":\"Cidade\",\"p30_outrasorganizacoes\":\"Sim\",\"p32_campanhadelongaduracao\":\"N\\u00e3o\",\"p34_nenhuma\":\"Nenhuma\",\"p36_conselhosdeparticipacaoecontrolesocial\":\"N\\u00e3o\",\"p38_sim\":\"Sim\",\"p40_editais\":\"Sim\",\"p41_publicoestatal\":\"P\\u00fablico-Estatal\",\"p41_privadopf\":\"Privado (P. F\\u00edsica)\",\"p41_privadopj\":\"Privado (P. Jur\\u00eddica)\",\"p41_autofinanciamento\":\"Autofinanciamento\",\"p42_meiodedivulgacaoproprio\":\"Sim\",\"p43_impressoes\":\"Impressos\",\"p43_facebook\":\"Facebook\",\"p43_whatsapp\":\"WhatsApp\",\"p43_instagram\":\"Instagram\",\"p43_sitesblogs\":\"Blogs\\\/sites\",\"p44_radio\":\"TV\",\"p44_jornaisimpressosdegrandecirculacao\":\"Jornais impressos de grande circula\\u00e7\\u00e3o\",\"p44_jornaisimpressosdebairro\":\"Jornais impressos de bairro\",\"p44_redessociais\":\"Redes sociais (Facebook, YouTube, Instagram etc.)\",\"p44_sitesblogs\":\"Sites ou Blogs\",\"p39_publico\":\"ESTUDANTES NEGROS\",\"p45_bandeira\":\"LUTA ANTIRRACISTA LUTA  RELIGIOSA\",\"p46_hashtags\":\"#PORMAISNEGROSNAUNIVERSIDADE #PORUMPROTAGONISMONEGRO #PORUMAPESQUISANEGRANAUNIVERSADE\"},{\"p1_eixo\":\"Trabalho\",\"p9_tipoorganizacao\":\"Instituto\",\"p12_uf\":\"PA\",\"p13_cidade\":\"IGARAP\\u00c9-A\\u00c7U\",\"p17_ano\":\"2006\",\"p16_estado\":\"Estado\",\"p18_agrario\":\"Agr\\u00e1rio\\\/ruralidades\",\"p18_comunicacao\":\"Comunica\\u00e7\\u00e3o\",\"p18_difusaoartistica\":\"Difus\\u00e3o Art\\u00edstica\",\"p18_desenvolvimentoterritorial\":\"Desenvolvimento territorial\",\"p18_direitoshumanos\":\"Direitos humanos\",\"p18_educacao\":\"Educa\\u00e7\\u00e3o\",\"p18_feminismos\":\"Feminismos\",\"p18_lgbtqi\":\"LGBTQI\",\"p18_lutaantirracismo\":\"Luta antirracismo\",\"p18_moradia\":\"Moradia\",\"p18_povosecomunidadestradicionais\":\"Povos e comunidades tradicionais\",\"p18_trabalho\":\"Trabalho\",\"p18_religiao\":\"Religi\\u00e3o\",\"p18_violencia\":\"Viol\\u00eancia\",\"p18_politicasculturais\":\"Pol\\u00edticas Culturais\",\"p19_comunicacao\":\"Comunica\\u00e7\\u00e3o\",\"p19_desenvolvimentoterritorial\":\"Desenvolvimento territorial\",\"p19_educacao\":\"Educa\\u00e7\\u00e3o\",\"p19_povosecomunidadestradicionais\":\"Povos e comunidades tradicionais\",\"p19_religiao\":\"Religi\\u00e3o\",\"p20_visitasexcursoes\":\"Visitas\\\/Excurs\\u00f5es\",\"p21_repressaopolicial\":\"Repress\\u00e3o policial\",\"p21_machismo\":\"Machismo\",\"p21_nenhum\":\"Nenhum\",\"p22_numerodeparticipantes\":\"1  - 15\",\"p23_visitas\":\"Visitas\",\"p23_outros\":\"Outros\",\"p24_outros\":\"Outros\",\"p25_numerodepessoas\":\"1 - 20\",\"p26_numerodepessoas\":\"200 - 300\",\"p27_espacoemprestadocedido\":\"Espa\\u00e7o emprestado\\\/cedido\",\"p27_espacoproprio\":\"Espa\\u00e7o pr\\u00f3prio\",\"p28_territorios\":\"Estado\",\"p30_outrasorganizacoes\":\"Sim\",\"p32_campanhadelongaduracao\":\"Sim\",\"p34_nenhuma\":\"Nenhuma\",\"p36_conselhosdeparticipacaoecontrolesocial\":\"Sim\",\"p38_sim\":\"Sim\",\"p40_editais\":\"Sim\",\"p41_publicoestatal\":\"P\\u00fablico-Estatal\",\"p41_privadopf\":\"Privado (P. F\\u00edsica)\",\"p41_privadopj\":\"Privado (P. Jur\\u00eddica)\",\"p41_autofinanciamento\":\"Autofinanciamento\",\"p42_meiodedivulgacaoproprio\":\"Sim\",\"p43_facebook\":\"Facebook\",\"p43_whatsapp\":\"WhatsApp\",\"p43_instagram\":\"Instagram\",\"p43_sitesblogs\":\"Blogs\\\/sites\",\"p44_radio\":\"TV\",\"p44_jornaisimpressosdegrandecirculacao\":\"Jornais impressos de grande circula\\u00e7\\u00e3o\",\"p44_jornaisimpressosdebairro\":\"Jornais impressos de bairro\",\"p44_redessociais\":\"Redes sociais (Facebook, YouTube, Instagram etc.)\",\"p44_sitesblogs\":\"Sites ou Blogs\",\"p39_publico\":\"TODOS TERRIT\\u00d3RIO\",\"p45_bandeira\":\"EDUCA\\u00c7\\u00c3O AMBIENTAL GEST\\u00c3O RES\\u00cdDUOS S\\u00d3LIDOS INCLUS\\u00c3O CATADORES\",\"p46_hashtags\":\"#EDUCACAOAMBIENTAL #INCLUSAOECONOMICASOCIAL #RECICLAGEM\"},{\"p1_eixo\":\"Viol\\u00eancia\",\"p9_tipoorganizacao\":\"Coletivo\",\"p12_uf\":\"SC\",\"p13_cidade\":\"FLORIAN\\u00d3POLIS\",\"p17_ano\":\"2015\",\"p16_estado\":\"Estado\",\"p18_comunicacao\":\"Comunica\\u00e7\\u00e3o\",\"p18_difusaoartistica\":\"Difus\\u00e3o Art\\u00edstica\",\"p18_desenvolvimentoterritorial\":\"Desenvolvimento territorial\",\"p18_direitoshumanos\":\"Direitos humanos\",\"p18_educacao\":\"Educa\\u00e7\\u00e3o\",\"p18_feminismos\":\"Feminismos\",\"p18_lgbtqi\":\"LGBTQI\",\"p18_lutaantirracismo\":\"Luta antirracismo\",\"p18_moradia\":\"Moradia\",\"p18_povosecomunidadestradicionais\":\"Povos e comunidades tradicionais\",\"p18_trabalho\":\"Trabalho\",\"p18_religiao\":\"Religi\\u00e3o\",\"p18_saude\":\"Sa\\u00fade\",\"p18_violencia\":\"Viol\\u00eancia\",\"p18_politicasculturais\":\"Pol\\u00edticas Culturais\",\"p19_comunicacao\":\"Comunica\\u00e7\\u00e3o\",\"p19_direitoshumanos\":\"Direitos humanos\",\"p19_lutaantirracismo\":\"Luta antirracismo\",\"p19_povosecomunidadestradicionais\":\"Povos e comunidades tradicionais\",\"p19_religiao\":\"Religi\\u00e3o\",\"p19_politicasculturais\":\"Pol\\u00edticas Culturais\",\"p20_apresentacoesartisticas\":\"Apresenta\\u00e7\\u00f5es art\\u00edsticas\",\"p20_visitasexcursoes\":\"Visitas\\\/Excurs\\u00f5es\",\"p21_intoleranciareligiosa\":\"Fundamentalismo\\\/intoler\\u00e2ncia religiosa\",\"p21_machismo\":\"Machismo\",\"p21_racismo\":\"Racismo\",\"p21_nenhum\":\"Nenhum\",\"p22_numerodeparticipantes\":\"1  - 15\",\"p23_oficinas\":\"Oficinas\",\"p23_oficinasaulasartisticas\":\"Ensaio\\\/Oficinas\\\/Aulas Art\\u00edsticas\",\"p23_apresentacoesartisticas\":\"Apresenta\\u00e7\\u00f5es Art\\u00edsticas\",\"p23_outros\":\"Outros\",\"p24_apresentacoesartisticas\":\"Apresenta\\u00e7\\u00f5es art\\u00edsticas\",\"p24_visitasexcursoes\":\"Visitas\\\/Excurs\\u00f5es\",\"p24_outros\":\"Outros\",\"p25_numerodepessoas\":\"Mais de 500\",\"p26_numerodepessoas\":\"1 - 20\",\"p27_espacoemprestadocedido\":\"Espa\\u00e7o emprestado\\\/cedido\",\"p28_territorios\":\"Estado\",\"p30_outrasorganizacoes\":\"Sim\",\"p32_campanhadelongaduracao\":\"N\\u00e3o\",\"p34_nenhuma\":\"Nenhuma\",\"p36_conselhosdeparticipacaoecontrolesocial\":\"Sim\",\"p38_sim\":\"Sim\",\"p40_editais\":\"Sim\",\"p41_publicoestatal\":\"P\\u00fablico-Estatal\",\"p41_autofinanciamento\":\"Autofinanciamento\",\"p42_meiodedivulgacaoproprio\":\"Sim\",\"p43_email\":\"E-mail\",\"p43_facebook\":\"Facebook\",\"p43_whatsapp\":\"WhatsApp\",\"p43_sitesblogs\":\"Blogs\\\/sites\",\"p44_jornaisimpressosdegrandecirculacao\":\"Jornais impressos de grande circula\\u00e7\\u00e3o\",\"p44_jornaisimpressosdebairro\":\"Jornais impressos de bairro\",\"p44_redessociais\":\"Redes sociais (Facebook, YouTube, Instagram etc.)\",\"p44_sitesblogs\":\"Sites ou Blogs\",\"p39_publico\":\"CASAS-ANGOLA\",\"p45_bandeira\":\"PATRIM\\u00d4NIO IMATERIAL MEM\\u00d3RIAS NARRATIVAS TERREIROS\",\"p46_hashtags\":\"#ALMASEANGOLA #NARRATIVAS #PATRIMONIOMATERIAL\"},{\"p1_eixo\":\"Cultura\",\"p9_tipoorganizacao\":\"Coletivo\",\"p12_uf\":\"RS\",\"p13_cidade\":\"PORTO ALEGRE\",\"p17_ano\":\"2012\",\"p16_estado\":\"Estado\",\"p18_agrario\":\"Agr\\u00e1rio\\\/ruralidades\",\"p18_comunicacao\":\"Comunica\\u00e7\\u00e3o\",\"p18_difusaoartistica\":\"Difus\\u00e3o Art\\u00edstica\",\"p18_desenvolvimentoterritorial\":\"Desenvolvimento territorial\",\"p18_direitoshumanos\":\"Direitos humanos\",\"p18_educacao\":\"Educa\\u00e7\\u00e3o\",\"p18_feminismos\":\"Feminismos\",\"p18_lgbtqi\":\"LGBTQI\",\"p18_lutaantirracismo\":\"Luta antirracismo\",\"p18_mobilidade\":\"Mobilidade\",\"p18_povosecomunidadestradicionais\":\"Povos e comunidades tradicionais\",\"p18_trabalho\":\"Trabalho\",\"p18_religiao\":\"Religi\\u00e3o\",\"p18_saude\":\"Sa\\u00fade\",\"p18_violencia\":\"Viol\\u00eancia\",\"p18_politicasculturais\":\"Pol\\u00edticas Culturais\",\"p19_direitoshumanos\":\"Direitos humanos\",\"p19_educacao\":\"Educa\\u00e7\\u00e3o\",\"p19_lutaantirracismo\":\"Luta antirracismo\",\"p19_difusaoartistica\":\"Difus\\u00e3o Art\\u00edstica\",\"p19_politicasculturais\":\"Pol\\u00edticas Culturais\",\"p20_oficinas\":\"Oficinas\",\"p20_oficinasaulasartisticas\":\"Ensaios\\\/Oficinas\\\/Aulas art\\u00edsticas\",\"p20_apresentacoesartisticas\":\"Apresenta\\u00e7\\u00f5es art\\u00edsticas\",\"p20_visitasexcursoes\":\"Visitas\\\/Excurs\\u00f5es\",\"p21_intoleranciareligiosa\":\"Fundamentalismo\\\/intoler\\u00e2ncia religiosa\",\"p21_machismo\":\"Machismo\",\"p21_racismo\":\"Racismo\",\"p21_lgbtqifobia\":\"LGBTIfobia\",\"p22_numerodeparticipantes\":\"1  - 15\",\"p23_oficinas\":\"Oficinas\",\"p23_oficinasaulasartisticas\":\"Ensaio\\\/Oficinas\\\/Aulas Art\\u00edsticas\",\"p23_profissionalizacao\":\"Profissionaliza\\u00e7\\u00e3o\",\"p23_apresentacoesartisticas\":\"Apresenta\\u00e7\\u00f5es Art\\u00edsticas\",\"p23_outros\":\"Outros\",\"p24_apresentacoesartisticas\":\"Apresenta\\u00e7\\u00f5es art\\u00edsticas\",\"p24_visitasexcursoes\":\"Visitas\\\/Excurs\\u00f5es\",\"p24_outros\":\"Outros\",\"p25_numerodepessoas\":\"80 - 100\",\"p26_numerodepessoas\":\"80 - 100\",\"p27_espacoemprestadocedido\":\"Espa\\u00e7o emprestado\\\/cedido\",\"p27_espacoproprio\":\"Espa\\u00e7o pr\\u00f3prio\",\"p28_territorios\":\"Estado\",\"p30_outrasorganizacoes\":\"Sim\",\"p32_campanhadelongaduracao\":\"N\\u00e3o\",\"p34_internacional\":\"Internacional\",\"p34_nenhuma\":\"Nenhuma\",\"p36_conselhosdeparticipacaoecontrolesocial\":\"Sim\",\"p38_sim\":\"Sim\",\"p40_editais\":\"Sim\",\"p41_publicoestatal\":\"P\\u00fablico-Estatal\",\"p41_privadopj\":\"Privado (P. Jur\\u00eddica)\",\"p41_autofinanciamento\":\"Autofinanciamento\",\"p42_meiodedivulgacaoproprio\":\"Sim\",\"p43_impressoes\":\"Impressos\",\"p43_email\":\"E-mail\",\"p43_facebook\":\"Facebook\",\"p43_whatsapp\":\"WhatsApp\",\"p43_sitesblogs\":\"Blogs\\\/sites\",\"p43_radio\":\"R\\u00e1dio\",\"p43_youtube\":\"YouTube\",\"p44_radio\":\"TV\",\"p44_jornaisimpressosdegrandecirculacao\":\"Jornais impressos de grande circula\\u00e7\\u00e3o\",\"p44_jornaisimpressosdebairro\":\"Jornais impressos de bairro\",\"p44_redessociais\":\"Redes sociais (Facebook, YouTube, Instagram etc.)\",\"p44_sitesblogs\":\"Sites ou Blogs\",\"p39_publico\":\"POPULA\\u00c7\\u00d5ES NEGRAS\",\"p45_bandeira\":\"LUTA ANTIRRACISTA VISIBILIDADE EMPODERAMENTO\",\"p46_hashtags\":\"#LEIAAUTORESNEGROS #PRESTIGIOANEGROS\"},{\"p1_eixo\":\"Cultura\",\"p9_tipoorganizacao\":\"Associa\\u00e7\\u00e3o\",\"p12_uf\":\"GO\",\"p13_cidade\":\"N\\u00c3O SE APLICA\",\"p16_internacional\":\"Internacional\",\"p17_ano\":\"1992\",\"p16_estado\":\"Estado\",\"p18_agrario\":\"Agr\\u00e1rio\\\/ruralidades\",\"p18_comunicacao\":\"Comunica\\u00e7\\u00e3o\",\"p18_difusaoartistica\":\"Difus\\u00e3o Art\\u00edstica\",\"p18_desenvolvimentoterritorial\":\"Desenvolvimento territorial\",\"p18_direitoshumanos\":\"Direitos humanos\",\"p18_educacao\":\"Educa\\u00e7\\u00e3o\",\"p18_feminismos\":\"Feminismos\",\"p18_lgbtqi\":\"LGBTQI\",\"p18_lutaantirracismo\":\"Luta antirracismo\",\"p18_mobilidade\":\"Mobilidade\",\"p18_moradia\":\"Moradia\",\"p18_povosecomunidadestradicionais\":\"Povos e comunidades tradicionais\",\"p18_trabalho\":\"Trabalho\",\"p18_religiao\":\"Religi\\u00e3o\",\"p18_saude\":\"Sa\\u00fade\",\"p18_violencia\":\"Viol\\u00eancia\",\"p18_politicasculturais\":\"Pol\\u00edticas Culturais\",\"p19_direitoshumanos\":\"Direitos humanos\",\"p19_educacao\":\"Educa\\u00e7\\u00e3o\",\"p19_lutaantirracismo\":\"Luta antirracismo\",\"p19_mobilidade\":\"Mobilidade\",\"p19_trabalho\":\"Trabalho\",\"p19_difusaoartistica\":\"Difus\\u00e3o Art\\u00edstica\",\"p20_oficinas\":\"Oficinas\",\"p20_oficinasaulasartisticas\":\"Ensaios\\\/Oficinas\\\/Aulas art\\u00edsticas\",\"p20_cursos\":\"Cursos\",\"p20_formacao\":\"Forma\\u00e7\\u00e3o\",\"p20_apresentacoesartisticas\":\"Apresenta\\u00e7\\u00f5es art\\u00edsticas\",\"p20_visitasexcursoes\":\"Visitas\\\/Excurs\\u00f5es\",\"p21_repressaopolicial\":\"Repress\\u00e3o policial\",\"p21_intoleranciareligiosa\":\"Fundamentalismo\\\/intoler\\u00e2ncia religiosa\",\"p21_xenofobia\":\"Xenofobia\",\"p21_machismo\":\"Machismo\",\"p21_racismo\":\"Racismo\",\"p21_lgbtqifobia\":\"LGBTIfobia\",\"p22_numerodeparticipantes\":\"15 - 30\",\"p23_atendimento\":\"Atendimento\",\"p23_oficinas\":\"Oficinas\",\"p23_oficinasaulasartisticas\":\"Ensaio\\\/Oficinas\\\/Aulas Art\\u00edsticas\",\"p23_cursos\":\"Cursos\",\"p23_formacao\":\"Forma\\u00e7\\u00e3o\",\"p23_profissionalizacao\":\"Profissionaliza\\u00e7\\u00e3o\",\"p23_visitas\":\"Visitas\",\"p23_outros\":\"Outros\",\"p24_atendimento\":\"Atendimentos\",\"p24_oficinas\":\"Oficinas\",\"p24_apresentacoesartisticas\":\"Apresenta\\u00e7\\u00f5es art\\u00edsticas\",\"p24_visitasexcursoes\":\"Visitas\\\/Excurs\\u00f5es\",\"p24_outros\":\"Outros\",\"p25_numerodepessoas\":\"100 - 200\",\"p26_numerodepessoas\":\"100 - 200\",\"p27_espacoemprestadocedido\":\"Espa\\u00e7o emprestado\\\/cedido\",\"p27_espacoproprio\":\"Espa\\u00e7o pr\\u00f3prio\",\"p28_territorios\":\"Cidade\",\"p30_outrasorganizacoes\":\"Sim\",\"p32_campanhadelongaduracao\":\"N\\u00e3o\",\"p34_internacional\":\"Internacional\",\"p36_conselhosdeparticipacaoecontrolesocial\":\"Sim\",\"p38_sim\":\"Sim\",\"p38_nenhum\":\"Nenhum\",\"p40_editais\":\"Sim\",\"p41_publicoestatal\":\"P\\u00fablico-Estatal\",\"p41_privadopj\":\"Privado (P. Jur\\u00eddica)\",\"p41_autofinanciamento\":\"Autofinanciamento\",\"p42_meiodedivulgacaoproprio\":\"Sim\",\"p43_impressoes\":\"Impressos\",\"p43_email\":\"E-mail\",\"p43_facebook\":\"Facebook\",\"p43_whatsapp\":\"WhatsApp\",\"p43_instagram\":\"Instagram\",\"p43_sitesblogs\":\"Blogs\\\/sites\",\"p43_radio\":\"R\\u00e1dio\",\"p43_youtube\":\"YouTube\",\"p44_radio\":\"TV\",\"p44_jornaisimpressosdegrandecirculacao\":\"Jornais impressos de grande circula\\u00e7\\u00e3o\",\"p44_jornaisimpressosdebairro\":\"Jornais impressos de bairro\",\"p44_redessociais\":\"Redes sociais (Facebook, YouTube, Instagram etc.)\",\"p44_sitesblogs\":\"Sites ou Blogs\",\"p39_publico\":\"CRIAN\\u00c7AS JOVENS\",\"p45_bandeira\":\"CONSCI\\u00caNCIA EDUCA\\u00c7\\u00c3O CULTURA CONQUISTA PERMAN\\u00caNCIA DIREITOS CONTRA IGNOR\\u00c2NCIA\",\"p46_hashtags\":\"#EDUCACAO #CULTURA\"},{\"p1_eixo\":\"Trabalho\",\"p9_tipoorganizacao\":\"ONG\",\"p12_uf\":\"AM\",\"p13_cidade\":\"MANAUS\",\"p16_internacional\":\"Internacional\",\"p17_ano\":\"2014\",\"p16_estado\":\"Estado\",\"p18_agrario\":\"Agr\\u00e1rio\\\/ruralidades\",\"p18_comunicacao\":\"Comunica\\u00e7\\u00e3o\",\"p18_difusaoartistica\":\"Difus\\u00e3o Art\\u00edstica\",\"p18_desenvolvimentoterritorial\":\"Desenvolvimento territorial\",\"p18_direitoshumanos\":\"Direitos humanos\",\"p18_educacao\":\"Educa\\u00e7\\u00e3o\",\"p18_feminismos\":\"Feminismos\",\"p18_lgbtqi\":\"LGBTQI\",\"p18_lutaantirracismo\":\"Luta antirracismo\",\"p18_mobilidade\":\"Mobilidade\",\"p18_moradia\":\"Moradia\",\"p18_povosecomunidadestradicionais\":\"Povos e comunidades tradicionais\",\"p18_trabalho\":\"Trabalho\",\"p18_religiao\":\"Religi\\u00e3o\",\"p18_saude\":\"Sa\\u00fade\",\"p18_violencia\":\"Viol\\u00eancia\",\"p18_politicasculturais\":\"Pol\\u00edticas Culturais\",\"p19_direitoshumanos\":\"Direitos humanos\",\"p19_feminismos\":\"Feminismos\",\"p19_lutaantirracismo\":\"Luta antirracismo\",\"p19_mobilidade\":\"Mobilidade\",\"p19_moradia\":\"Moradia\",\"p19_trabalho\":\"Trabalho\",\"p20_atendimento\":\"Atendimento\",\"p20_oficinas\":\"Oficinas\",\"p20_oficinasaulasartisticas\":\"Ensaios\\\/Oficinas\\\/Aulas art\\u00edsticas\",\"p20_cursos\":\"Cursos\",\"p20_formacao\":\"Forma\\u00e7\\u00e3o\",\"p20_visitasexcursoes\":\"Visitas\\\/Excurs\\u00f5es\",\"p21_repressaopolicial\":\"Repress\\u00e3o policial\",\"p21_intoleranciareligiosa\":\"Fundamentalismo\\\/intoler\\u00e2ncia religiosa\",\"p21_xenofobia\":\"Xenofobia\",\"p21_machismo\":\"Machismo\",\"p21_racismo\":\"Racismo\",\"p21_lgbtqifobia\":\"LGBTIfobia\",\"p21_enfrentamentocomgruposprivadosarmados\":\"Enfrentamento com grupos privados armados\",\"p22_numerodeparticipantes\":\"15 - 30\",\"p23_atendimento\":\"Atendimento\",\"p23_oficinas\":\"Oficinas\",\"p23_oficinasaulasartisticas\":\"Ensaio\\\/Oficinas\\\/Aulas Art\\u00edsticas\",\"p23_cursos\":\"Cursos\",\"p23_formacao\":\"Forma\\u00e7\\u00e3o\",\"p23_visitas\":\"Visitas\",\"p23_outros\":\"Outros\",\"p24_atendimento\":\"Atendimentos\",\"p24_oficinas\":\"Oficinas\",\"p24_visitasexcursoes\":\"Visitas\\\/Excurs\\u00f5es\",\"p24_outros\":\"Outros\",\"p25_numerodepessoas\":\"1 - 20\",\"p26_numerodepessoas\":\"1 - 20\",\"p27_espacoemprestadocedido\":\"Espa\\u00e7o emprestado\\\/cedido\",\"p28_territorios\":\"Cidade\",\"p30_outrasorganizacoes\":\"Sim\",\"p32_campanhadelongaduracao\":\"N\\u00e3o\",\"p34_internacional\":\"Internacional\",\"p34_nenhuma\":\"Nenhuma\",\"p36_conselhosdeparticipacaoecontrolesocial\":\"N\\u00e3o\",\"p38_nenhum\":\"Nenhum\",\"p40_editais\":\"Sim\",\"p41_privadopj\":\"Privado (P. Jur\\u00eddica)\",\"p41_autofinanciamento\":\"Autofinanciamento\",\"p42_meiodedivulgacaoproprio\":\"Sim\",\"p43_email\":\"E-mail\",\"p43_facebook\":\"Facebook\",\"p43_whatsapp\":\"WhatsApp\",\"p43_instagram\":\"Instagram\",\"p43_sitesblogs\":\"Blogs\\\/sites\",\"p43_nenhum\":\"Nenhum\",\"p44_radio\":\"TV\",\"p44_jornaisimpressosdegrandecirculacao\":\"Jornais impressos de grande circula\\u00e7\\u00e3o\",\"p44_jornaisimpressosdebairro\":\"Jornais impressos de bairro\",\"p44_redessociais\":\"Redes sociais (Facebook, YouTube, Instagram etc.)\",\"p44_sitesblogs\":\"Sites ou Blogs\",\"p39_publico\":\"COMUNIDADE CLASSE-C VULNER\\u00c1VEIS\",\"p45_bandeira\":\"IGUALDADE SOCIAL GARANTIR RENDA AUTO-SUSTENT\\u00c1VEL\",\"p46_hashtags\":\"#EMPREENDEDORISMOSOCIAL #JUNTOSSOMOSMAISFORTES\"},{\"p1_eixo\":\"Viol\\u00eancia\",\"p9_tipoorganizacao\":\"Movimento Social\",\"p12_uf\":\"MG\",\"p13_cidade\":\"BELO HORIZONTE\",\"p17_ano\":\"2016\",\"p16_estado\":\"Estado\",\"p18_agrario\":\"Agr\\u00e1rio\\\/ruralidades\",\"p18_comunicacao\":\"Comunica\\u00e7\\u00e3o\",\"p18_difusaoartistica\":\"Difus\\u00e3o Art\\u00edstica\",\"p18_desenvolvimentoterritorial\":\"Desenvolvimento territorial\",\"p18_direitoshumanos\":\"Direitos humanos\",\"p18_educacao\":\"Educa\\u00e7\\u00e3o\",\"p18_feminismos\":\"Feminismos\",\"p18_lgbtqi\":\"LGBTQI\",\"p18_lutaantirracismo\":\"Luta antirracismo\",\"p18_mobilidade\":\"Mobilidade\",\"p18_moradia\":\"Moradia\",\"p18_povosecomunidadestradicionais\":\"Povos e comunidades tradicionais\",\"p18_trabalho\":\"Trabalho\",\"p18_religiao\":\"Religi\\u00e3o\",\"p18_saude\":\"Sa\\u00fade\",\"p18_violencia\":\"Viol\\u00eancia\",\"p18_politicasculturais\":\"Pol\\u00edticas Culturais\",\"p19_direitoshumanos\":\"Direitos humanos\",\"p19_feminismos\":\"Feminismos\",\"p19_lutaantirracismo\":\"Luta antirracismo\",\"p19_moradia\":\"Moradia\",\"p19_violencia\":\"Viol\\u00eancia\",\"p20_reunioes\":\"Reuni\\u00f5es\",\"p20_atendimento\":\"Atendimento\",\"p20_oficinas\":\"Oficinas\",\"p20_oficinasaulasartisticas\":\"Ensaios\\\/Oficinas\\\/Aulas art\\u00edsticas\",\"p20_cursos\":\"Cursos\",\"p20_formacao\":\"Forma\\u00e7\\u00e3o\",\"p20_apresentacoesartisticas\":\"Apresenta\\u00e7\\u00f5es art\\u00edsticas\",\"p21_repressaopolicial\":\"Repress\\u00e3o policial\",\"p21_intoleranciareligiosa\":\"Fundamentalismo\\\/intoler\\u00e2ncia religiosa\",\"p21_xenofobia\":\"Xenofobia\",\"p21_machismo\":\"Machismo\",\"p21_racismo\":\"Racismo\",\"p21_lgbtqifobia\":\"LGBTIfobia\",\"p21_enfrentamentocomgruposprivadosarmados\":\"Enfrentamento com grupos privados armados\",\"p22_numerodeparticipantes\":\"75 - 90\",\"p23_atendimento\":\"Atendimento\",\"p23_cursos\":\"Cursos\",\"p23_formacao\":\"Forma\\u00e7\\u00e3o\",\"p23_visitas\":\"Visitas\",\"p23_outros\":\"Outros\",\"p24_reunioes\":\"Reuni\\u00f5es\",\"p24_atendimento\":\"Atendimentos\",\"p24_curso\":\"Curso\",\"p24_formacao\":\"Forma\\u00e7\\u00e3o\",\"p24_profissionalizacao\":\"Profissionaliza\\u00e7\\u00e3o\",\"p24_outros\":\"Outros\",\"p25_numerodepessoas\":\"1 - 20\",\"p26_numerodepessoas\":\"1 - 20\",\"p27_espacoemprestadocedido\":\"Espa\\u00e7o emprestado\\\/cedido\",\"p28_territorios\":\"Estado\",\"p30_outrasorganizacoes\":\"N\\u00e3o\",\"p32_campanhadelongaduracao\":\"Sim\",\"p34_estadual\":\"Estadual\",\"p34_nacional\":\"Nacional\",\"p34_nenhuma\":\"Nenhuma\",\"p36_conselhosdeparticipacaoecontrolesocial\":\"Sim\",\"p38_nenhum\":\"Nenhum\",\"p40_editais\":\"Sim\",\"p41_publicoestatal\":\"P\\u00fablico-Estatal\",\"p41_privadopj\":\"Privado (P. Jur\\u00eddica)\",\"p41_autofinanciamento\":\"Autofinanciamento\",\"p42_meiodedivulgacaoproprio\":\"Sim\",\"p43_email\":\"E-mail\",\"p43_facebook\":\"Facebook\",\"p43_instagram\":\"Instagram\",\"p43_sitesblogs\":\"Blogs\\\/sites\",\"p43_nenhum\":\"Nenhum\",\"p44_radio\":\"R\\u00e1dio\",\"p44_jornaisimpressosdegrandecirculacao\":\"Jornais impressos de grande circula\\u00e7\\u00e3o\",\"p44_jornaisimpressosdebairro\":\"Jornais impressos de bairro\",\"p44_redessociais\":\"Redes sociais (Facebook, YouTube, Instagram etc.)\",\"p44_sitesblogs\":\"Sites ou Blogs\",\"p39_publico\":\"MULHERES\",\"p45_bandeira\":\"ENFRENTAMENTO DOM\\u00c9STICA PERMAN\\u00caNCIA DIREITOS HUMANOS FEMINISMO\",\"p46_hashtags\":\"#JUNTASSOMOSMAISFORTES #AMORAVIDA #FEMINISMO\"},{\"p1_eixo\":\"Viol\\u00eancia\",\"p9_tipoorganizacao\":\"Coletivo\",\"p12_uf\":\"RS\",\"p13_cidade\":\"PORTO ALEGRE\",\"p17_ano\":\"1996\",\"p16_estado\":\"Estado\",\"p18_agrario\":\"Agr\\u00e1rio\\\/ruralidades\",\"p18_comunicacao\":\"Comunica\\u00e7\\u00e3o\",\"p18_difusaoartistica\":\"Difus\\u00e3o Art\\u00edstica\",\"p18_desenvolvimentoterritorial\":\"Desenvolvimento territorial\",\"p18_direitoshumanos\":\"Direitos humanos\",\"p18_educacao\":\"Educa\\u00e7\\u00e3o\",\"p18_feminismos\":\"Feminismos\",\"p18_lgbtqi\":\"LGBTQI\",\"p18_lutaantirracismo\":\"Luta antirracismo\",\"p18_mobilidade\":\"Mobilidade\",\"p18_moradia\":\"Moradia\",\"p18_povosecomunidadestradicionais\":\"Povos e comunidades tradicionais\",\"p18_trabalho\":\"Trabalho\",\"p18_religiao\":\"Religi\\u00e3o\",\"p18_saude\":\"Sa\\u00fade\",\"p18_violencia\":\"Viol\\u00eancia\",\"p18_politicasculturais\":\"Pol\\u00edticas Culturais\",\"p19_agrario\":\"Agr\\u00e1rio\\\/ruralidades\",\"p19_desenvolvimentoterritorial\":\"Desenvolvimento territorial\",\"p19_direitoshumanos\":\"Direitos humanos\",\"p19_feminismos\":\"Feminismos\",\"p19_trabalho\":\"Trabalho\",\"p19_violencia\":\"Viol\\u00eancia\",\"p20_reunioes\":\"Reuni\\u00f5es\",\"p20_atendimento\":\"Atendimento\",\"p20_oficinas\":\"Oficinas\",\"p20_oficinasaulasartisticas\":\"Ensaios\\\/Oficinas\\\/Aulas art\\u00edsticas\",\"p20_cursos\":\"Cursos\",\"p20_formacao\":\"Forma\\u00e7\\u00e3o\",\"p20_apresentacoesartisticas\":\"Apresenta\\u00e7\\u00f5es art\\u00edsticas\",\"p20_visitasexcursoes\":\"Visitas\\\/Excurs\\u00f5es\",\"p21_repressaopolicial\":\"Repress\\u00e3o policial\",\"p21_intoleranciareligiosa\":\"Fundamentalismo\\\/intoler\\u00e2ncia religiosa\",\"p21_machismo\":\"Machismo\",\"p21_racismo\":\"Racismo\",\"p21_lgbtqifobia\":\"LGBTIfobia\",\"p21_enfrentamentocomgruposprivadosarmados\":\"Enfrentamento com grupos privados armados\",\"p22_numerodeparticipantes\":\"15 - 30\",\"p23_reunioes\":\"Reuni\\u00f5es\",\"p23_atendimento\":\"Atendimento\",\"p23_oficinas\":\"Oficinas\",\"p23_cursos\":\"Cursos\",\"p23_formacao\":\"Forma\\u00e7\\u00e3o\",\"p23_visitas\":\"Visitas\",\"p23_outros\":\"Outros\",\"p24_reunioes\":\"Reuni\\u00f5es\",\"p24_curso\":\"Curso\",\"p24_formacao\":\"Forma\\u00e7\\u00e3o\",\"p24_profissionalizacao\":\"Profissionaliza\\u00e7\\u00e3o\",\"p24_outros\":\"Outros\",\"p25_numerodepessoas\":\"1 - 20\",\"p26_numerodepessoas\":\"80 - 100\",\"p27_espacoemprestadocedido\":\"Espa\\u00e7o emprestado\\\/cedido\",\"p27_espacoproprio\":\"Espa\\u00e7o pr\\u00f3prio\",\"p28_territorios\":\"Estado\",\"p30_outrasorganizacoes\":\"N\\u00e3o\",\"p32_campanhadelongaduracao\":\"Sim\",\"p34_estadual\":\"Estadual\",\"p34_nacional\":\"Nacional\",\"p36_conselhosdeparticipacaoecontrolesocial\":\"Sim\",\"p38_sim\":\"Sim\",\"p38_nenhum\":\"Nenhum\",\"p40_editais\":\"Sim\",\"p41_publicoestatal\":\"P\\u00fablico-Estatal\",\"p41_privadopj\":\"Privado (P. Jur\\u00eddica)\",\"p41_autofinanciamento\":\"Autofinanciamento\",\"p41_financiamentocoletivo0\":\"Financiamento coletivo\",\"p42_meiodedivulgacaoproprio\":\"Sim\",\"p43_impressoes\":\"Impressos\",\"p43_email\":\"E-mail\",\"p43_facebook\":\"Facebook\",\"p43_whatsapp\":\"WhatsApp\",\"p43_instagram\":\"Instagram\",\"p43_sitesblogs\":\"Blogs\\\/sites\",\"p44_radio\":\"TV\",\"p44_jornaisimpressosdegrandecirculacao\":\"Jornais impressos de grande circula\\u00e7\\u00e3o\",\"p44_jornaisimpressosdebairro\":\"Jornais impressos de bairro\",\"p44_redessociais\":\"Redes sociais (Facebook, YouTube, Instagram etc.)\",\"p44_sitesblogs\":\"Sites ou Blogs\",\"p39_publico\":\"MENINAS MULHERES\",\"p45_bandeira\":\"FORTALECIMENTO MULHERES JOVENS ATIVISMOS FEMINISTAS ERRADICA\\u00c7\\u00c3O DIREITOS POR FORTALECIMENTO POL\\u00cdTICAS P\\u00daBLICAS ENFRENTAMENTO\",\"p46_hashtags\":\"#PELOFIMDAVIOLENCIA #PELOFIMDADISCRIMINACAOEDESIGUALDADE #PORUMASOCIEDADEMAISJUSTA\"},{\"p1_eixo\":\"Trabalho\",\"p9_tipoorganizacao\":\"Cooperativa\",\"p12_uf\":\"RS\",\"p13_cidade\":\"SANTA MARIA\",\"p16_nacional\":\"Nacional\",\"p17_ano\":\"1987\",\"p16_estado\":\"Estado\",\"p18_agrario\":\"Agr\\u00e1rio\\\/ruralidades\",\"p18_comunicacao\":\"Comunica\\u00e7\\u00e3o\",\"p18_difusaoartistica\":\"Difus\\u00e3o Art\\u00edstica\",\"p18_desenvolvimentoterritorial\":\"Desenvolvimento territorial\",\"p18_direitoshumanos\":\"Direitos humanos\",\"p18_educacao\":\"Educa\\u00e7\\u00e3o\",\"p18_feminismos\":\"Feminismos\",\"p18_lgbtqi\":\"LGBTQI\",\"p18_lutaantirracismo\":\"Luta antirracismo\",\"p18_mobilidade\":\"Mobilidade\",\"p18_povosecomunidadestradicionais\":\"Povos e comunidades tradicionais\",\"p18_trabalho\":\"Trabalho\",\"p18_religiao\":\"Religi\\u00e3o\",\"p18_saude\":\"Sa\\u00fade\",\"p18_violencia\":\"Viol\\u00eancia\",\"p18_politicasculturais\":\"Pol\\u00edticas Culturais\",\"p19_agrario\":\"Agr\\u00e1rio\\\/ruralidades\",\"p19_comunicacao\":\"Comunica\\u00e7\\u00e3o\",\"p19_desenvolvimentoterritorial\":\"Desenvolvimento territorial\",\"p19_educacao\":\"Educa\\u00e7\\u00e3o\",\"p19_feminismos\":\"Feminismos\",\"p19_trabalho\":\"Trabalho\",\"p20_reunioes\":\"Reuni\\u00f5es\",\"p20_atendimento\":\"Atendimento\",\"p20_oficinas\":\"Oficinas\",\"p20_oficinasaulasartisticas\":\"Ensaios\\\/Oficinas\\\/Aulas art\\u00edsticas\",\"p20_cursos\":\"Cursos\",\"p20_formacao\":\"Forma\\u00e7\\u00e3o\",\"p20_visitasexcursoes\":\"Visitas\\\/Excurs\\u00f5es\",\"p21_repressaopolicial\":\"Repress\\u00e3o policial\",\"p21_intoleranciareligiosa\":\"Fundamentalismo\\\/intoler\\u00e2ncia religiosa\",\"p21_machismo\":\"Machismo\",\"p21_racismo\":\"Racismo\",\"p21_lgbtqifobia\":\"LGBTIfobia\",\"p21_enfrentamentocomgruposprivadosarmados\":\"Enfrentamento com grupos privados armados\",\"p22_numerodeparticipantes\":\"Mais de 90\",\"p23_reunioes\":\"Reuni\\u00f5es\",\"p23_atendimento\":\"Atendimento\",\"p23_oficinas\":\"Oficinas\",\"p23_cursos\":\"Cursos\",\"p23_formacao\":\"Forma\\u00e7\\u00e3o\",\"p23_visitas\":\"Visitas\",\"p23_outros\":\"Outros\",\"p24_reunioes\":\"Reuni\\u00f5es\",\"p24_oficinas\":\"Oficinas\",\"p24_oficinasaulasartisticas\":\"Ensaios\\\/Oficinas\\\/Aulas art\\u00edsticas\",\"p24_curso\":\"Curso\",\"p24_formacao\":\"Forma\\u00e7\\u00e3o\",\"p24_outros\":\"Outros\",\"p25_numerodepessoas\":\"100 - 200\",\"p26_numerodepessoas\":\"100 - 200\",\"p27_espacoemprestadocedido\":\"Espa\\u00e7o emprestado\\\/cedido\",\"p27_espacoproprio\":\"Espa\\u00e7o pr\\u00f3prio\",\"p28_territorios\":\"Estado\",\"p30_outrasorganizacoes\":\"Sim\",\"p32_campanhadelongaduracao\":\"Sim\",\"p34_nacional\":\"Nacional\",\"p34_internacional\":\"Internacional\",\"p36_conselhosdeparticipacaoecontrolesocial\":\"Sim\",\"p38_sim\":\"Sim\",\"p40_editais\":\"Sim\",\"p41_autofinanciamento\":\"Autofinanciamento\",\"p41_financiamentocoletivo0\":\"Financiamento coletivo\",\"p42_meiodedivulgacaoproprio\":\"Sim\",\"p43_impressoes\":\"Impressos\",\"p43_email\":\"E-mail\",\"p43_facebook\":\"Facebook\",\"p43_whatsapp\":\"WhatsApp\",\"p43_instagram\":\"Instagram\",\"p43_sitesblogs\":\"Blogs\\\/sites\",\"p44_radio\":\"TV\",\"p44_jornaisimpressosdegrandecirculacao\":\"Jornais impressos de grande circula\\u00e7\\u00e3o\",\"p44_jornaisimpressosdebairro\":\"Jornais impressos de bairro\",\"p44_redessociais\":\"Redes sociais (Facebook, YouTube, Instagram etc.)\",\"p44_sitesblogs\":\"Sites ou Blogs\",\"p39_publico\":\"AGRICULTORES FAMILIARES ARTES\\u00c3OS POVOS IND\\u00cdGENAS QUILOMBOLAS CATADORES\",\"p45_bandeira\":\"FORMAR CIDAD\\u00c3OS DIREITO TRABALHO DIREITO MORADIA DIREITO EDUCA\\u00c7\\u00c3O\",\"p46_hashtags\":\"#ORGANIZACAO #RESISTENCIA #AUTOGESTAO\"},{\"p1_eixo\":\"Trabalho\",\"p9_tipoorganizacao\":\"Associa\\u00e7\\u00e3o\",\"p12_uf\":\"GO\",\"p13_cidade\":\"GOI\\u00c2NIA\",\"p16_bairro\":\"Bairro\",\"p16_nacional\":\"Nacional\",\"p17_ano\":\"2004\",\"p18_agrario\":\"Agr\\u00e1rio\\\/ruralidades\",\"p18_comunicacao\":\"Comunica\\u00e7\\u00e3o\",\"p18_difusaoartistica\":\"Difus\\u00e3o Art\\u00edstica\",\"p18_desenvolvimentoterritorial\":\"Desenvolvimento territorial\",\"p18_direitoshumanos\":\"Direitos humanos\",\"p18_educacao\":\"Educa\\u00e7\\u00e3o\",\"p18_feminismos\":\"Feminismos\",\"p18_lgbtqi\":\"LGBTQI\",\"p18_lutaantirracismo\":\"Luta antirracismo\",\"p18_mobilidade\":\"Mobilidade\",\"p18_moradia\":\"Moradia\",\"p18_povosecomunidadestradicionais\":\"Povos e comunidades tradicionais\",\"p18_trabalho\":\"Trabalho\",\"p18_religiao\":\"Religi\\u00e3o\",\"p18_saude\":\"Sa\\u00fade\",\"p18_violencia\":\"Viol\\u00eancia\",\"p18_politicasculturais\":\"Pol\\u00edticas Culturais\",\"p19_comunicacao\":\"Comunica\\u00e7\\u00e3o\",\"p19_educacao\":\"Educa\\u00e7\\u00e3o\",\"p19_feminismos\":\"Feminismos\",\"p19_lgbtqi\":\"LGBTQI\",\"p19_lutaantirracismo\":\"Luta antirracismo\",\"p20_reunioes\":\"Reuni\\u00f5es\",\"p20_oficinas\":\"Oficinas\",\"p20_oficinasaulasartisticas\":\"Ensaios\\\/Oficinas\\\/Aulas art\\u00edsticas\",\"p20_cursos\":\"Cursos\",\"p20_apresentacoesartisticas\":\"Apresenta\\u00e7\\u00f5es art\\u00edsticas\",\"p21_intoleranciareligiosa\":\"Fundamentalismo\\\/intoler\\u00e2ncia religiosa\",\"p21_machismo\":\"Machismo\",\"p21_racismo\":\"Racismo\",\"p21_lgbtqifobia\":\"LGBTIfobia\",\"p22_numerodeparticipantes\":\"1  - 15\",\"p23_outros\":\"Outros\",\"p24_reunioes\":\"Reuni\\u00f5es\",\"p24_oficinas\":\"Oficinas\",\"p24_oficinasaulasartisticas\":\"Ensaios\\\/Oficinas\\\/Aulas art\\u00edsticas\",\"p24_curso\":\"Curso\",\"p24_formacao\":\"Forma\\u00e7\\u00e3o\",\"p24_apresentacoesartisticas\":\"Apresenta\\u00e7\\u00f5es art\\u00edsticas\",\"p24_outros\":\"Outros\",\"p25_numerodepessoas\":\"80 - 100\",\"p26_numerodepessoas\":\"40 - 60\",\"p27_espacoemprestadocedido\":\"Espa\\u00e7o emprestado\\\/cedido\",\"p27_espacoproprio\":\"Espa\\u00e7o pr\\u00f3prio\",\"p28_territorios\":\"Cidade\",\"p30_outrasorganizacoes\":\"Sim\",\"p32_campanhadelongaduracao\":\"Sim\",\"p34_nacional\":\"Nacional\",\"p34_internacional\":\"Internacional\",\"p34_nenhuma\":\"Nenhuma\",\"p36_conselhosdeparticipacaoecontrolesocial\":\"Sim\",\"p38_sim\":\"Sim\",\"p38_nenhum\":\"Nenhum\",\"p40_editais\":\"N\\u00e3o\",\"p41_autofinanciamento\":\"Autofinanciamento\",\"p41_financiamentocoletivo0\":\"Financiamento coletivo\",\"p42_meiodedivulgacaoproprio\":\"Sim\",\"p43_email\":\"E-mail\",\"p43_facebook\":\"Facebook\",\"p43_instagram\":\"Instagram\",\"p43_sitesblogs\":\"Blogs\\\/sites\",\"p44_radio\":\"TV\",\"p44_jornaisimpressosdegrandecirculacao\":\"Jornais impressos de grande circula\\u00e7\\u00e3o\",\"p44_jornaisimpressosdebairro\":\"Jornais impressos de bairro\",\"p44_redessociais\":\"Redes sociais (Facebook, YouTube, Instagram etc.)\",\"p44_sitesblogs\":\"Sites ou Blogs\",\"p39_publico\":\"MULHERES PERIFERIA\",\"p45_bandeira\":\"DIREITOS MULHERES MINORIAS EDUCA\\u00c7\\u00c3O COMUNICA\\u00c7\\u00c3O PERSPECTIVA COMUNICA\\u00c7\\u00c3O INDEPENDENTE TRANSFORMADA\",\"p46_hashtags\":\"#MULHER #COMUNICACAO #EDUCACAO\"},{\"p1_eixo\":\"Viol\\u00eancia\",\"p9_tipoorganizacao\":\"Coletivo\",\"p12_uf\":\"RS\",\"p13_cidade\":\"PORTO ALEGRE\",\"p16_bairro\":\"Bairro\",\"p16_nacional\":\"Nacional\",\"p17_ano\":\"2017\",\"p18_agrario\":\"Agr\\u00e1rio\\\/ruralidades\",\"p18_comunicacao\":\"Comunica\\u00e7\\u00e3o\",\"p18_difusaoartistica\":\"Difus\\u00e3o Art\\u00edstica\",\"p18_desenvolvimentoterritorial\":\"Desenvolvimento territorial\",\"p18_direitoshumanos\":\"Direitos humanos\",\"p18_educacao\":\"Educa\\u00e7\\u00e3o\",\"p18_feminismos\":\"Feminismos\",\"p18_lgbtqi\":\"LGBTQI\",\"p18_lutaantirracismo\":\"Luta antirracismo\",\"p18_mobilidade\":\"Mobilidade\",\"p18_moradia\":\"Moradia\",\"p18_povosecomunidadestradicionais\":\"Povos e comunidades tradicionais\",\"p18_trabalho\":\"Trabalho\",\"p18_religiao\":\"Religi\\u00e3o\",\"p18_saude\":\"Sa\\u00fade\",\"p18_violencia\":\"Viol\\u00eancia\",\"p18_politicasculturais\":\"Pol\\u00edticas Culturais\",\"p19_educacao\":\"Educa\\u00e7\\u00e3o\",\"p19_feminismos\":\"Feminismos\",\"p19_lgbtqi\":\"LGBTQI\",\"p19_lutaantirracismo\":\"Luta antirracismo\",\"p19_saude\":\"Sa\\u00fade\",\"p19_violencia\":\"Viol\\u00eancia\",\"p20_reunioes\":\"Reuni\\u00f5es\",\"p20_atendimento\":\"Atendimento\",\"p20_oficinasaulasartisticas\":\"Ensaios\\\/Oficinas\\\/Aulas art\\u00edsticas\",\"p20_formacao\":\"Forma\\u00e7\\u00e3o\",\"p20_apresentacoesartisticas\":\"Apresenta\\u00e7\\u00f5es art\\u00edsticas\",\"p20_visitasexcursoes\":\"Visitas\\\/Excurs\\u00f5es\",\"p21_intoleranciareligiosa\":\"Fundamentalismo\\\/intoler\\u00e2ncia religiosa\",\"p21_machismo\":\"Machismo\",\"p21_racismo\":\"Racismo\",\"p21_lgbtqifobia\":\"LGBTIfobia\",\"p22_numerodeparticipantes\":\"1  - 15\",\"p23_reunioes\":\"Reuni\\u00f5es\",\"p23_atendimento\":\"Atendimento\",\"p23_formacao\":\"Forma\\u00e7\\u00e3o\",\"p23_visitas\":\"Visitas\",\"p23_outros\":\"Outros\",\"p24_reunioes\":\"Reuni\\u00f5es\",\"p24_oficinas\":\"Oficinas\",\"p24_oficinasaulasartisticas\":\"Ensaios\\\/Oficinas\\\/Aulas art\\u00edsticas\",\"p24_apresentacoesartisticas\":\"Apresenta\\u00e7\\u00f5es art\\u00edsticas\",\"p24_outros\":\"Outros\",\"p25_numerodepessoas\":\"80 - 100\",\"p26_numerodepessoas\":\"80 - 100\",\"p27_espacoemprestadocedido\":\"Espa\\u00e7o emprestado\\\/cedido\",\"p27_espacoproprio\":\"Espa\\u00e7o pr\\u00f3prio\",\"p28_territorios\":\"Regi\\u00e3o da Cidade\",\"p30_outrasorganizacoes\":\"Sim\",\"p32_campanhadelongaduracao\":\"N\\u00e3o\",\"p34_estadual\":\"Estadual\",\"p34_nacional\":\"Nacional\",\"p34_nenhuma\":\"Nenhuma\",\"p36_conselhosdeparticipacaoecontrolesocial\":\"N\\u00e3o\",\"p38_nenhum\":\"Nenhum\",\"p40_editais\":\"N\\u00e3o\",\"p41_publicoestatal\":\"P\\u00fablico-Estatal\",\"p41_privadopj\":\"Privado (P. Jur\\u00eddica)\",\"p41_autofinanciamento\":\"Autofinanciamento\",\"p41_financiamentocoletivo0\":\"Financiamento coletivo\",\"p42_meiodedivulgacaoproprio\":\"Sim\",\"p43_email\":\"E-mail\",\"p43_facebook\":\"Facebook\",\"p43_twitter\":\"Twitter\",\"p43_sitesblogs\":\"Blogs\\\/sites\",\"p43_radio\":\"R\\u00e1dio\",\"p44_radio\":\"TV\",\"p44_jornaisimpressosdegrandecirculacao\":\"Jornais impressos de grande circula\\u00e7\\u00e3o\",\"p44_jornaisimpressosdebairro\":\"Jornais impressos de bairro\",\"p44_redessociais\":\"Redes sociais (Facebook, YouTube, Instagram etc.)\",\"p44_sitesblogs\":\"Sites ou Blogs\",\"p39_publico\":\"ALUNOS COMUNIDADE\",\"p45_bandeira\":\"G\\u00caNERO LUTA ANTIRRACISMO\",\"p46_hashtags\":\"#TODAMULHERNEGRAEUMQUILOMBO #AQUIEOLUGARDEVOCES #AGENTECOMBINAMOSDENAOMORRER\"},{\"p1_eixo\":\"Viol\\u00eancia\",\"p9_tipoorganizacao\":\"ONG\",\"p12_uf\":\"MA\",\"p13_cidade\":\"S\\u00c3O LU\\u00cdS\",\"p16_nacional\":\"Nacional\",\"p17_ano\":\"1983\",\"p16_estado\":\"Estado\",\"p18_agrario\":\"Agr\\u00e1rio\\\/ruralidades\",\"p18_comunicacao\":\"Comunica\\u00e7\\u00e3o\",\"p18_difusaoartistica\":\"Difus\\u00e3o Art\\u00edstica\",\"p18_desenvolvimentoterritorial\":\"Desenvolvimento territorial\",\"p18_direitoshumanos\":\"Direitos humanos\",\"p18_educacao\":\"Educa\\u00e7\\u00e3o\",\"p18_lutaantirracismo\":\"Luta antirracismo\",\"p18_mobilidade\":\"Mobilidade\",\"p18_moradia\":\"Moradia\",\"p18_povosecomunidadestradicionais\":\"Povos e comunidades tradicionais\",\"p18_trabalho\":\"Trabalho\",\"p18_religiao\":\"Religi\\u00e3o\",\"p18_saude\":\"Sa\\u00fade\",\"p18_violencia\":\"Viol\\u00eancia\",\"p18_politicasculturais\":\"Pol\\u00edticas Culturais\",\"p19_direitoshumanos\":\"Direitos humanos\",\"p19_educacao\":\"Educa\\u00e7\\u00e3o\",\"p19_saude\":\"Sa\\u00fade\",\"p19_violencia\":\"Viol\\u00eancia\",\"p19_politicasculturais\":\"Pol\\u00edticas Culturais\",\"p20_reunioes\":\"Reuni\\u00f5es\",\"p20_atendimento\":\"Atendimento\",\"p20_oficinas\":\"Oficinas\",\"p20_oficinasaulasartisticas\":\"Ensaios\\\/Oficinas\\\/Aulas art\\u00edsticas\",\"p20_cursos\":\"Cursos\",\"p20_formacao\":\"Forma\\u00e7\\u00e3o\",\"p20_visitasexcursoes\":\"Visitas\\\/Excurs\\u00f5es\",\"p21_intoleranciareligiosa\":\"Fundamentalismo\\\/intoler\\u00e2ncia religiosa\",\"p21_machismo\":\"Machismo\",\"p21_racismo\":\"Racismo\",\"p22_numerodeparticipantes\":\"Mais de 90\",\"p23_reunioes\":\"Reuni\\u00f5es\",\"p23_atendimento\":\"Atendimento\",\"p23_oficinas\":\"Oficinas\",\"p23_oficinasaulasartisticas\":\"Ensaio\\\/Oficinas\\\/Aulas Art\\u00edsticas\",\"p23_cursos\":\"Cursos\",\"p23_formacao\":\"Forma\\u00e7\\u00e3o\",\"p23_visitas\":\"Visitas\",\"p23_outros\":\"Outros\",\"p24_atendimento\":\"Atendimentos\",\"p24_visitasexcursoes\":\"Visitas\\\/Excurs\\u00f5es\",\"p24_outros\":\"Outros\",\"p25_numerodepessoas\":\"Mais de 500\",\"p26_numerodepessoas\":\"Mais de 500\",\"p27_espacoemprestadocedido\":\"Espa\\u00e7o emprestado\\\/cedido\",\"p27_espacoproprio\":\"Espa\\u00e7o pr\\u00f3prio\",\"p28_territorios\":\"Estado\",\"p30_outrasorganizacoes\":\"Sim\",\"p32_campanhadelongaduracao\":\"Sim\",\"p34_estadual\":\"Estadual\",\"p34_nacional\":\"Nacional\",\"p36_conselhosdeparticipacaoecontrolesocial\":\"Sim\",\"p38_sim\":\"Sim\",\"p38_nenhum\":\"Nenhum\",\"p40_editais\":\"Sim\",\"p41_publicoestatal\":\"P\\u00fablico-Estatal\",\"p41_privadopj\":\"Privado (P. Jur\\u00eddica)\",\"p41_autofinanciamento\":\"Autofinanciamento\",\"p41_financiamentocoletivo0\":\"Financiamento coletivo\",\"p42_meiodedivulgacaoproprio\":\"Sim\",\"p43_email\":\"E-mail\",\"p43_facebook\":\"Facebook\",\"p43_whatsapp\":\"WhatsApp\",\"p43_twitter\":\"Twitter\",\"p43_sitesblogs\":\"Blogs\\\/sites\",\"p43_radio\":\"R\\u00e1dio\",\"p44_radio\":\"TV\",\"p44_jornaisimpressosdegrandecirculacao\":\"Jornais impressos de grande circula\\u00e7\\u00e3o\",\"p44_jornaisimpressosdebairro\":\"Jornais impressos de bairro\",\"p44_redessociais\":\"Redes sociais (Facebook, YouTube, Instagram etc.)\",\"p44_sitesblogs\":\"Sites ou Blogs\",\"p39_publico\":\"GESTANTES CRIAN\\u00c7AS \",\"p45_bandeira\":\"DEFESA VIDA MELHORIA VIDA CUIDADO PRIMEIRA INF\\u00c2NCIA\",\"p46_hashtags\":\"#PROMOCAODASAUDE #PROMOCAODANUTRICAO #PROMOCAODACIDADANIA\"},{\"p1_eixo\":\"Trabalho\",\"p9_tipoorganizacao\":\"ONG\",\"p12_uf\":\"PB\",\"p13_cidade\":\"JO\\u00c3O PESSOA\",\"p17_ano\":\"1985\",\"p16_estado\":\"Estado\",\"p18_comunicacao\":\"Comunica\\u00e7\\u00e3o\",\"p18_difusaoartistica\":\"Difus\\u00e3o Art\\u00edstica\",\"p18_desenvolvimentoterritorial\":\"Desenvolvimento territorial\",\"p18_direitoshumanos\":\"Direitos humanos\",\"p18_educacao\":\"Educa\\u00e7\\u00e3o\",\"p18_feminismos\":\"Feminismos\",\"p18_lgbtqi\":\"LGBTQI\",\"p18_lutaantirracismo\":\"Luta antirracismo\",\"p18_mobilidade\":\"Mobilidade\",\"p18_povosecomunidadestradicionais\":\"Povos e comunidades tradicionais\",\"p18_trabalho\":\"Trabalho\",\"p18_religiao\":\"Religi\\u00e3o\",\"p18_saude\":\"Sa\\u00fade\",\"p18_violencia\":\"Viol\\u00eancia\",\"p18_politicasculturais\":\"Pol\\u00edticas Culturais\",\"p19_direitoshumanos\":\"Direitos humanos\",\"p19_educacao\":\"Educa\\u00e7\\u00e3o\",\"p19_lutaantirracismo\":\"Luta antirracismo\",\"p19_religiao\":\"Religi\\u00e3o\",\"p19_violencia\":\"Viol\\u00eancia\",\"p19_politicasculturais\":\"Pol\\u00edticas Culturais\",\"p20_reunioes\":\"Reuni\\u00f5es\",\"p20_atendimento\":\"Atendimento\",\"p20_oficinas\":\"Oficinas\",\"p20_oficinasaulasartisticas\":\"Ensaios\\\/Oficinas\\\/Aulas art\\u00edsticas\",\"p20_cursos\":\"Cursos\",\"p20_formacao\":\"Forma\\u00e7\\u00e3o\",\"p20_visitasexcursoes\":\"Visitas\\\/Excurs\\u00f5es\",\"p21_intoleranciareligiosa\":\"Fundamentalismo\\\/intoler\\u00e2ncia religiosa\",\"p21_machismo\":\"Machismo\",\"p21_racismo\":\"Racismo\",\"p21_lgbtqifobia\":\"LGBTIfobia\",\"p22_numerodeparticipantes\":\"60 - 75\",\"p23_reunioes\":\"Reuni\\u00f5es\",\"p23_atendimento\":\"Atendimento\",\"p23_oficinas\":\"Oficinas\",\"p23_oficinasaulasartisticas\":\"Ensaio\\\/Oficinas\\\/Aulas Art\\u00edsticas\",\"p23_cursos\":\"Cursos\",\"p23_visitas\":\"Visitas\",\"p23_outros\":\"Outros\",\"p24_reunioes\":\"Reuni\\u00f5es\",\"p24_atendimento\":\"Atendimentos\",\"p24_visitasexcursoes\":\"Visitas\\\/Excurs\\u00f5es\",\"p24_outros\":\"Outros\",\"p25_numerodepessoas\":\"200 - 300\",\"p26_numerodepessoas\":\"Mais de 500\",\"p27_espacopublico\":\"Espa\\u00e7o p\\u00fablico\",\"p27_espacoemprestadocedido\":\"Espa\\u00e7o emprestado\\\/cedido\",\"p27_espacoproprio\":\"Espa\\u00e7o pr\\u00f3prio\",\"p27_ocupacao\":\"Ocupa\\u00e7\\u00e3o\",\"p28_territorios\":\"Estado\",\"p30_outrasorganizacoes\":\"N\\u00e3o\",\"p32_campanhadelongaduracao\":\"Sim\",\"p34_estadual\":\"Estadual\",\"p36_conselhosdeparticipacaoecontrolesocial\":\"Sim\",\"p38_sim\":\"Sim\",\"p40_editais\":\"Sim\",\"p41_publicoestatal\":\"P\\u00fablico-Estatal\",\"p41_privadopf\":\"Privado (P. F\\u00edsica)\",\"p41_privadopj\":\"Privado (P. Jur\\u00eddica)\",\"p41_autofinanciamento\":\"Autofinanciamento\",\"p41_financiamentocoletivo0\":\"Financiamento coletivo\",\"p42_meiodedivulgacaoproprio\":\"Sim\",\"p43_email\":\"E-mail\",\"p43_facebook\":\"Facebook\",\"p43_whatsapp\":\"WhatsApp\",\"p43_instagram\":\"Instagram\",\"p43_twitter\":\"Twitter\",\"p43_sitesblogs\":\"Blogs\\\/sites\",\"p44_radio\":\"TV\",\"p44_jornaisimpressosdegrandecirculacao\":\"Jornais impressos de grande circula\\u00e7\\u00e3o\",\"p44_jornaisimpressosdebairro\":\"Jornais impressos de bairro\",\"p44_redessociais\":\"Redes sociais (Facebook, YouTube, Instagram etc.)\",\"p44_sitesblogs\":\"Sites ou Blogs\",\"p39_publico\":\"JOVENS CRIAN\\u00c7AS\",\"p45_bandeira\":\"EXPLORA\\u00c7\\u00c3O SEXUAL VIOL\\u00caNCIAS TRABALHO INFANTIL\",\"p46_hashtags\":\"#DEFESADOSDIREITOSDECRIANCAEADOLESCENTE #ENFRENTAMENTOASVIOLENCIAS  #LUTAPELADIVERSIDADE\"},{\"p1_eixo\":\"Viol\\u00eancia\",\"p9_tipoorganizacao\":\"Movimento Social\",\"p12_uf\":\"SE\",\"p13_cidade\":\"ITINERANTE\",\"p17_ano\":\"2009\",\"p16_estado\":\"Estado\",\"p18_comunicacao\":\"Comunica\\u00e7\\u00e3o\",\"p18_difusaoartistica\":\"Difus\\u00e3o Art\\u00edstica\",\"p18_desenvolvimentoterritorial\":\"Desenvolvimento territorial\",\"p18_direitoshumanos\":\"Direitos humanos\",\"p18_educacao\":\"Educa\\u00e7\\u00e3o\",\"p18_feminismos\":\"Feminismos\",\"p18_lgbtqi\":\"LGBTQI\",\"p18_lutaantirracismo\":\"Luta antirracismo\",\"p18_mobilidade\":\"Mobilidade\",\"p18_povosecomunidadestradicionais\":\"Povos e comunidades tradicionais\",\"p18_trabalho\":\"Trabalho\",\"p18_religiao\":\"Religi\\u00e3o\",\"p18_saude\":\"Sa\\u00fade\",\"p18_violencia\":\"Viol\\u00eancia\",\"p18_politicasculturais\":\"Pol\\u00edticas Culturais\",\"p19_lutaantirracismo\":\"Luta antirracismo\",\"p19_povosecomunidadestradicionais\":\"Povos e comunidades tradicionais\",\"p19_religiao\":\"Religi\\u00e3o\",\"p19_violencia\":\"Viol\\u00eancia\",\"p19_difusaoartistica\":\"Difus\\u00e3o Art\\u00edstica\",\"p19_politicasculturais\":\"Pol\\u00edticas Culturais\",\"p20_reunioes\":\"Reuni\\u00f5es\",\"p20_oficinasaulasartisticas\":\"Ensaios\\\/Oficinas\\\/Aulas art\\u00edsticas\",\"p20_apresentacoesartisticas\":\"Apresenta\\u00e7\\u00f5es art\\u00edsticas\",\"p21_repressaopolicial\":\"Repress\\u00e3o policial\",\"p21_intoleranciareligiosa\":\"Fundamentalismo\\\/intoler\\u00e2ncia religiosa\",\"p21_machismo\":\"Machismo\",\"p21_racismo\":\"Racismo\",\"p21_lgbtqifobia\":\"LGBTIfobia\",\"p22_numerodeparticipantes\":\"1  - 15\",\"p23_reunioes\":\"Reuni\\u00f5es\",\"p23_oficinasaulasartisticas\":\"Ensaio\\\/Oficinas\\\/Aulas Art\\u00edsticas\",\"p23_apresentacoesartisticas\":\"Apresenta\\u00e7\\u00f5es Art\\u00edsticas\",\"p23_visitas\":\"Visitas\",\"p23_outros\":\"Outros\",\"p24_reunioes\":\"Reuni\\u00f5es\",\"p24_oficinasaulasartisticas\":\"Ensaios\\\/Oficinas\\\/Aulas art\\u00edsticas\",\"p24_outros\":\"Outros\",\"p25_numerodepessoas\":\"40 - 60\",\"p26_numerodepessoas\":\"40 - 60\",\"p27_espacopublico\":\"Espa\\u00e7o p\\u00fablico\",\"p27_espacoemprestadocedido\":\"Espa\\u00e7o emprestado\\\/cedido\",\"p27_ocupacao\":\"Ocupa\\u00e7\\u00e3o\",\"p28_territorios\":\"Estado\",\"p30_outrasorganizacoes\":\"Sim\",\"p32_campanhadelongaduracao\":\"N\\u00e3o\",\"p34_estadual\":\"Estadual\",\"p36_conselhosdeparticipacaoecontrolesocial\":\"Sim\",\"p38_sim\":\"Sim\",\"p40_editais\":\"Sim\",\"p41_privadopf\":\"Privado (P. F\\u00edsica)\",\"p41_autofinanciamento\":\"Autofinanciamento\",\"p41_financiamentocoletivo0\":\"Financiamento coletivo\",\"p42_meiodedivulgacaoproprio\":\"Sim\",\"p43_email\":\"E-mail\",\"p43_facebook\":\"Facebook\",\"p43_whatsapp\":\"WhatsApp\",\"p43_instagram\":\"Instagram\",\"p43_youtube\":\"YouTube\",\"p44_redessociais\":\"Redes sociais (Facebook, YouTube, Instagram etc.)\",\"p44_sitesblogs\":\"Sites ou Blogs\",\"p39_publico\":\"POPULA\\u00c7\\u00c3O NEGRA\",\"p45_bandeira\":\"PROMO\\u00c7\\u00c3O IGUALDADE RACIAL VALORIZA\\u00c7\\u00c3O IDENTIDADE NEGRA\",\"p46_hashtags\":\"#PODERPARAOPOVOPRETO #VALORIZACAODAIDENTIDADENEGRA #PROMOCAODAIGUALDADERACIAL\"},{\"p1_eixo\":\"Cultura\",\"p9_tipoorganizacao\":\"Coletivo Art\\u00edstico\",\"p12_uf\":\"SP\",\"p13_cidade\":\"SANTANA DE PARNA\\u00cdBA\",\"p17_ano\":\"2017\",\"p16_estado\":\"Estado\",\"p18_agrario\":\"Agr\\u00e1rio\\\/ruralidades\",\"p18_comunicacao\":\"Comunica\\u00e7\\u00e3o\",\"p18_difusaoartistica\":\"Difus\\u00e3o Art\\u00edstica\",\"p18_desenvolvimentoterritorial\":\"Desenvolvimento territorial\",\"p18_direitoshumanos\":\"Direitos humanos\",\"p18_educacao\":\"Educa\\u00e7\\u00e3o\",\"p18_feminismos\":\"Feminismos\",\"p18_lgbtqi\":\"LGBTQI\",\"p18_lutaantirracismo\":\"Luta antirracismo\",\"p18_mobilidade\":\"Mobilidade\",\"p18_moradia\":\"Moradia\",\"p18_povosecomunidadestradicionais\":\"Povos e comunidades tradicionais\",\"p18_violencia\":\"Viol\\u00eancia\",\"p18_politicasculturais\":\"Pol\\u00edticas Culturais\",\"p19_direitoshumanos\":\"Direitos humanos\",\"p19_mobilidade\":\"Mobilidade\",\"p19_moradia\":\"Moradia\",\"p19_povosecomunidadestradicionais\":\"Povos e comunidades tradicionais\",\"p19_difusaoartistica\":\"Difus\\u00e3o Art\\u00edstica\",\"p19_politicasculturais\":\"Pol\\u00edticas Culturais\",\"p20_reunioes\":\"Reuni\\u00f5es\",\"p20_oficinasaulasartisticas\":\"Ensaios\\\/Oficinas\\\/Aulas art\\u00edsticas\",\"p20_cursos\":\"Cursos\",\"p20_formacao\":\"Forma\\u00e7\\u00e3o\",\"p20_apresentacoesartisticas\":\"Apresenta\\u00e7\\u00f5es art\\u00edsticas\",\"p21_repressaopolicial\":\"Repress\\u00e3o policial\",\"p21_intoleranciareligiosa\":\"Fundamentalismo\\\/intoler\\u00e2ncia religiosa\",\"p21_racismo\":\"Racismo\",\"p22_numerodeparticipantes\":\"1  - 15\",\"p23_reunioes\":\"Reuni\\u00f5es\",\"p23_oficinasaulasartisticas\":\"Ensaio\\\/Oficinas\\\/Aulas Art\\u00edsticas\",\"p23_cursos\":\"Cursos\",\"p23_formacao\":\"Forma\\u00e7\\u00e3o\",\"p23_apresentacoesartisticas\":\"Apresenta\\u00e7\\u00f5es Art\\u00edsticas\",\"p24_oficinasaulasartisticas\":\"Ensaios\\\/Oficinas\\\/Aulas art\\u00edsticas\",\"p24_curso\":\"Curso\",\"p24_formacao\":\"Forma\\u00e7\\u00e3o\",\"p24_visitasexcursoes\":\"Visitas\\\/Excurs\\u00f5es\",\"p25_numerodepessoas\":\"40 - 60\",\"p26_numerodepessoas\":\"60 - 80\",\"p27_espacopublico\":\"Espa\\u00e7o p\\u00fablico\",\"p27_espacoproprio\":\"Espa\\u00e7o pr\\u00f3prio\",\"p28_territorios\":\"Cidade\",\"p30_outrasorganizacoes\":\"Sim\",\"p32_campanhadelongaduracao\":\"N\\u00e3o\",\"p34_estadual\":\"Estadual\",\"p34_nacional\":\"Nacional\",\"p36_conselhosdeparticipacaoecontrolesocial\":\"Sim\",\"p38_sim\":\"Sim\",\"p38_nenhum\":\"Nenhum\",\"p40_editais\":\"Sim\",\"p41_privadopf\":\"Privado (P. F\\u00edsica)\",\"p41_financiamentocoletivo0\":\"Financiamento coletivo\",\"p42_meiodedivulgacaoproprio\":\"Sim\",\"p43_email\":\"E-mail\",\"p43_facebook\":\"Facebook\",\"p43_whatsapp\":\"WhatsApp\",\"p43_instagram\":\"Instagram\",\"p43_twitter\":\"Twitter\",\"p43_sitesblogs\":\"Blogs\\\/sites\",\"p43_youtube\":\"YouTube\",\"p44_radio\":\"TV\",\"p44_jornaisimpressosdegrandecirculacao\":\"Jornais impressos de grande circula\\u00e7\\u00e3o\",\"p44_jornaisimpressosdebairro\":\"Jornais impressos de bairro\",\"p44_redessociais\":\"Redes sociais (Facebook, YouTube, Instagram etc.)\",\"p44_sitesblogs\":\"Sites ou Blogs\",\"p39_publico\":\"JOVENS\",\"p45_bandeira\":\"DEFESA CULTURA POPULAR\",\"p46_hashtags\":\"#emdefesadaculturaperifericaepopular  #arteeresistencia  #sambaruralpaulista\"},{\"p1_eixo\":\"Viol\\u00eancia\",\"p9_tipoorganizacao\":\"Funda\\u00e7\\u00e3o\",\"p12_uf\":\"PB\",\"p13_cidade\":\"JO\\u00c3O PESSOA\",\"p16_cidade\":\"Cidade\",\"p17_ano\":\"1994\",\"p16_estado\":\"Estado\",\"p18_agrario\":\"Agr\\u00e1rio\\\/ruralidades\",\"p18_comunicacao\":\"Comunica\\u00e7\\u00e3o\",\"p18_difusaoartistica\":\"Difus\\u00e3o Art\\u00edstica\",\"p18_desenvolvimentoterritorial\":\"Desenvolvimento territorial\",\"p18_direitoshumanos\":\"Direitos humanos\",\"p18_educacao\":\"Educa\\u00e7\\u00e3o\",\"p18_feminismos\":\"Feminismos\",\"p18_lgbtqi\":\"LGBTQI\",\"p18_lutaantirracismo\":\"Luta antirracismo\",\"p18_mobilidade\":\"Mobilidade\",\"p18_moradia\":\"Moradia\",\"p18_povosecomunidadestradicionais\":\"Povos e comunidades tradicionais\",\"p18_trabalho\":\"Trabalho\",\"p18_religiao\":\"Religi\\u00e3o\",\"p18_saude\":\"Sa\\u00fade\",\"p18_violencia\":\"Viol\\u00eancia\",\"p18_politicasculturais\":\"Pol\\u00edticas Culturais\",\"p19_direitoshumanos\":\"Direitos humanos\",\"p19_feminismos\":\"Feminismos\",\"p19_mobilidade\":\"Mobilidade\",\"p19_moradia\":\"Moradia\",\"p19_povosecomunidadestradicionais\":\"Povos e comunidades tradicionais\",\"p20_cursos\":\"Cursos\",\"p20_formacao\":\"Forma\\u00e7\\u00e3o\",\"p21_intoleranciareligiosa\":\"Fundamentalismo\\\/intoler\\u00e2ncia religiosa\",\"p21_machismo\":\"Machismo\",\"p21_racismo\":\"Racismo\",\"p21_lgbtqifobia\":\"LGBTIfobia\",\"p22_numerodeparticipantes\":\"1  - 15\",\"p23_cursos\":\"Cursos\",\"p23_formacao\":\"Forma\\u00e7\\u00e3o\",\"p23_outros\":\"Outros\",\"p24_curso\":\"Curso\",\"p24_formacao\":\"Forma\\u00e7\\u00e3o\",\"p24_visitasexcursoes\":\"Visitas\\\/Excurs\\u00f5es\",\"p24_outros\":\"Outros\",\"p25_numerodepessoas\":\"20 - 40\",\"p26_numerodepessoas\":\"Mais de 500\",\"p27_espacoproprio\":\"Espa\\u00e7o pr\\u00f3prio\",\"p28_territorios\":\"Estado\",\"p30_outrasorganizacoes\":\"Sim\",\"p32_campanhadelongaduracao\":\"N\\u00e3o\",\"p34_estadual\":\"Estadual\",\"p34_nacional\":\"Nacional\",\"p36_conselhosdeparticipacaoecontrolesocial\":\"Sim\",\"p38_nenhum\":\"Nenhum\",\"p40_editais\":\"N\\u00e3o\",\"p41_publicoestatal\":\"P\\u00fablico-Estatal\",\"p41_privadopf\":\"Privado (P. F\\u00edsica)\",\"p41_financiamentocoletivo0\":\"Financiamento coletivo\",\"p42_meiodedivulgacaoproprio\":\"Sim\",\"p43_impressoes\":\"Impressos\",\"p43_email\":\"E-mail\",\"p43_facebook\":\"Facebook\",\"p43_instagram\":\"Instagram\",\"p43_twitter\":\"Twitter\",\"p43_sitesblogs\":\"Blogs\\\/sites\",\"p44_radio\":\"TV\",\"p44_jornaisimpressosdegrandecirculacao\":\"Jornais impressos de grande circula\\u00e7\\u00e3o\",\"p44_jornaisimpressosdebairro\":\"Jornais impressos de bairro\",\"p44_redessociais\":\"Redes sociais (Facebook, YouTube, Instagram etc.)\",\"p44_sitesblogs\":\"Sites ou Blogs\",\"p39_publico\":\"COMUNIDADES CARENTES MOVIMENTOS SOCIAIS\",\"p45_bandeira\":\"DIREITOS HUMANOS EDUCA\\u00c7\\u00c3O POPULAR\",\"p46_hashtags\":\"#DIREITOSHUMANOS #MORADIA\"},{\"p1_eixo\":\"Trabalho\",\"p9_tipoorganizacao\":\"Instituto\",\"p12_uf\":\"PA\",\"p13_cidade\":\"BRAGAN\\u00c7A\",\"p16_cidade\":\"Cidade\",\"p17_ano\":\"2008\",\"p16_estado\":\"Estado\",\"p18_agrario\":\"Agr\\u00e1rio\\\/ruralidades\",\"p18_comunicacao\":\"Comunica\\u00e7\\u00e3o\",\"p18_difusaoartistica\":\"Difus\\u00e3o Art\\u00edstica\",\"p18_desenvolvimentoterritorial\":\"Desenvolvimento territorial\",\"p18_direitoshumanos\":\"Direitos humanos\",\"p18_educacao\":\"Educa\\u00e7\\u00e3o\",\"p18_feminismos\":\"Feminismos\",\"p18_lgbtqi\":\"LGBTQI\",\"p18_lutaantirracismo\":\"Luta antirracismo\",\"p18_mobilidade\":\"Mobilidade\",\"p18_moradia\":\"Moradia\",\"p18_povosecomunidadestradicionais\":\"Povos e comunidades tradicionais\",\"p18_trabalho\":\"Trabalho\",\"p18_religiao\":\"Religi\\u00e3o\",\"p18_saude\":\"Sa\\u00fade\",\"p18_violencia\":\"Viol\\u00eancia\",\"p18_politicasculturais\":\"Pol\\u00edticas Culturais\",\"p19_direitoshumanos\":\"Direitos humanos\",\"p19_feminismos\":\"Feminismos\",\"p19_lutaantirracismo\":\"Luta antirracismo\",\"p19_povosecomunidadestradicionais\":\"Povos e comunidades tradicionais\",\"p19_religiao\":\"Religi\\u00e3o\",\"p19_politicasculturais\":\"Pol\\u00edticas Culturais\",\"p20_oficinas\":\"Oficinas\",\"p20_oficinasaulasartisticas\":\"Ensaios\\\/Oficinas\\\/Aulas art\\u00edsticas\",\"p20_cursos\":\"Cursos\",\"p20_formacao\":\"Forma\\u00e7\\u00e3o\",\"p21_machismo\":\"Machismo\",\"p21_racismo\":\"Racismo\",\"p21_lgbtqifobia\":\"LGBTIfobia\",\"p22_numerodeparticipantes\":\"1  - 15\",\"p23_oficinasaulasartisticas\":\"Ensaio\\\/Oficinas\\\/Aulas Art\\u00edsticas\",\"p23_cursos\":\"Cursos\",\"p23_formacao\":\"Forma\\u00e7\\u00e3o\",\"p23_outros\":\"Outros\",\"p24_oficinas\":\"Oficinas\",\"p24_oficinasaulasartisticas\":\"Ensaios\\\/Oficinas\\\/Aulas art\\u00edsticas\",\"p24_outros\":\"Outros\",\"p25_numerodepessoas\":\"1 - 20\",\"p26_numerodepessoas\":\"40 - 60\",\"p27_espacoproprio\":\"Espa\\u00e7o pr\\u00f3prio\",\"p27_ocupacao\":\"Ocupa\\u00e7\\u00e3o\",\"p28_territorios\":\"Estado\",\"p30_outrasorganizacoes\":\"Sim\",\"p32_campanhadelongaduracao\":\"Sim\",\"p34_estadual\":\"Estadual\",\"p34_nenhuma\":\"Nenhuma\",\"p36_conselhosdeparticipacaoecontrolesocial\":\"N\\u00e3o\",\"p38_nenhum\":\"Nenhum\",\"p40_editais\":\"Sim\",\"p41_publicoestatal\":\"P\\u00fablico-Estatal\",\"p41_autofinanciamento\":\"Autofinanciamento\",\"p41_financiamentocoletivo0\":\"Financiamento coletivo\",\"p42_meiodedivulgacaoproprio\":\"Sim\",\"p43_impressoes\":\"Impressos\",\"p43_email\":\"E-mail\",\"p43_facebook\":\"Facebook\",\"p43_instagram\":\"Instagram\",\"p43_sitesblogs\":\"Blogs\\\/sites\",\"p43_nenhum\":\"Nenhum\",\"p44_redessociais\":\"Redes sociais (Facebook, YouTube, Instagram etc.)\",\"p44_sitesblogs\":\"Sites ou Blogs\",\"p44_nenhum\":\"Nenhum\",\"p39_publico\":\"PESCADOR ARTESANAL MULHER POPULA\\u00c7\\u00c3O TRADICIONAL MULHER NEGRA\",\"p45_bandeira\":\"TRABALHAR AMAZ\\u00d4NIA SUSTENT\\u00c1VEL DIREITOS HUMANOS DIGNIDADE TRABALHO\",\"p46_hashtags\":\"#CONSTRUINDOUMANOVAAMAZONIA #CONSTRUIRUMFUTUROMELHOR\"},{\"p1_eixo\":\"Cultura\",\"p9_tipoorganizacao\":\"ONG\",\"p12_uf\":\"TO\",\"p13_cidade\":\"MIRACEMA DO TOCANTINS\",\"p16_nacional\":\"Nacional\",\"p17_ano\":\"2008\",\"p16_estado\":\"Estado\",\"p18_agrario\":\"Agr\\u00e1rio\\\/ruralidades\",\"p18_comunicacao\":\"Comunica\\u00e7\\u00e3o\",\"p18_difusaoartistica\":\"Difus\\u00e3o Art\\u00edstica\",\"p18_desenvolvimentoterritorial\":\"Desenvolvimento territorial\",\"p18_direitoshumanos\":\"Direitos humanos\",\"p18_educacao\":\"Educa\\u00e7\\u00e3o\",\"p18_feminismos\":\"Feminismos\",\"p18_lgbtqi\":\"LGBTQI\",\"p18_lutaantirracismo\":\"Luta antirracismo\",\"p18_mobilidade\":\"Mobilidade\",\"p18_moradia\":\"Moradia\",\"p18_povosecomunidadestradicionais\":\"Povos e comunidades tradicionais\",\"p18_trabalho\":\"Trabalho\",\"p18_religiao\":\"Religi\\u00e3o\",\"p18_saude\":\"Sa\\u00fade\",\"p18_violencia\":\"Viol\\u00eancia\",\"p18_politicasculturais\":\"Pol\\u00edticas Culturais\",\"p19_direitoshumanos\":\"Direitos humanos\",\"p19_educacao\":\"Educa\\u00e7\\u00e3o\",\"p19_lutaantirracismo\":\"Luta antirracismo\",\"p19_religiao\":\"Religi\\u00e3o\",\"p19_saude\":\"Sa\\u00fade\",\"p19_politicasculturais\":\"Pol\\u00edticas Culturais\",\"p20_reunioes\":\"Reuni\\u00f5es\",\"p20_oficinas\":\"Oficinas\",\"p20_oficinasaulasartisticas\":\"Ensaios\\\/Oficinas\\\/Aulas art\\u00edsticas\",\"p20_formacao\":\"Forma\\u00e7\\u00e3o\",\"p20_visitasexcursoes\":\"Visitas\\\/Excurs\\u00f5es\",\"p21_machismo\":\"Machismo\",\"p21_racismo\":\"Racismo\",\"p21_lgbtqifobia\":\"LGBTIfobia\",\"p22_numerodeparticipantes\":\"1  - 15\",\"p23_oficinas\":\"Oficinas\",\"p23_oficinasaulasartisticas\":\"Ensaio\\\/Oficinas\\\/Aulas Art\\u00edsticas\",\"p23_outros\":\"Outros\",\"p24_oficinas\":\"Oficinas\",\"p24_oficinasaulasartisticas\":\"Ensaios\\\/Oficinas\\\/Aulas art\\u00edsticas\",\"p24_visitasexcursoes\":\"Visitas\\\/Excurs\\u00f5es\",\"p24_outros\":\"Outros\",\"p25_numerodepessoas\":\"20 - 40\",\"p26_numerodepessoas\":\"40 - 60\",\"p27_espacoemprestadocedido\":\"Espa\\u00e7o emprestado\\\/cedido\",\"p27_espacoproprio\":\"Espa\\u00e7o pr\\u00f3prio\",\"p27_ocupacao\":\"Ocupa\\u00e7\\u00e3o\",\"p28_territorios\":\"Cidade\",\"p30_outrasorganizacoes\":\"Sim\",\"p32_campanhadelongaduracao\":\"N\\u00e3o\",\"p34_municipal\":\"Municipal\",\"p34_estadual\":\"Estadual\",\"p34_nacional\":\"Nacional\",\"p34_nenhuma\":\"Nenhuma\",\"p36_conselhosdeparticipacaoecontrolesocial\":\"Sim\",\"p38_nenhum\":\"Nenhum\",\"p40_editais\":\"Sim\",\"p41_privadopj\":\"Privado (P. Jur\\u00eddica)\",\"p41_autofinanciamento\":\"Autofinanciamento\",\"p41_financiamentocoletivo0\":\"Financiamento coletivo\",\"p42_meiodedivulgacaoproprio\":\"Sim\",\"p43_email\":\"E-mail\",\"p43_facebook\":\"Facebook\",\"p43_sitesblogs\":\"Blogs\\\/sites\",\"p43_nenhum\":\"Nenhum\",\"p44_redessociais\":\"Redes sociais (Facebook, YouTube, Instagram etc.)\",\"p44_sitesblogs\":\"Sites ou Blogs\",\"p44_nenhum\":\"Nenhum\",\"p39_publico\":\"ADOLESCENTES BAIRRO\",\"p45_bandeira\":\"PROPAGAR ARTE ARTE POPULAR\",\"p46_hashtags\":\"#RESISTENCIA #CAPOEIRAANGOLA #CULTURAAFROBRASILEIRO\"},{\"p1_eixo\":\"Viol\\u00eancia\",\"p9_tipoorganizacao\":\"Associa\\u00e7\\u00e3o\",\"p12_uf\":\"RS\",\"p13_cidade\":\"PORTO ALEGRE\",\"p16_nacional\":\"Nacional\",\"p17_ano\":\"1994\",\"p18_agrario\":\"Agr\\u00e1rio\\\/ruralidades\",\"p18_comunicacao\":\"Comunica\\u00e7\\u00e3o\",\"p18_difusaoartistica\":\"Difus\\u00e3o Art\\u00edstica\",\"p18_desenvolvimentoterritorial\":\"Desenvolvimento territorial\",\"p18_direitoshumanos\":\"Direitos humanos\",\"p18_educacao\":\"Educa\\u00e7\\u00e3o\",\"p18_feminismos\":\"Feminismos\",\"p18_lgbtqi\":\"LGBTQI\",\"p18_lutaantirracismo\":\"Luta antirracismo\",\"p18_mobilidade\":\"Mobilidade\",\"p18_moradia\":\"Moradia\",\"p18_povosecomunidadestradicionais\":\"Povos e comunidades tradicionais\",\"p18_trabalho\":\"Trabalho\",\"p18_religiao\":\"Religi\\u00e3o\",\"p18_saude\":\"Sa\\u00fade\",\"p18_violencia\":\"Viol\\u00eancia\",\"p18_politicasculturais\":\"Pol\\u00edticas Culturais\",\"p19_direitoshumanos\":\"Direitos humanos\",\"p19_educacao\":\"Educa\\u00e7\\u00e3o\",\"p19_povosecomunidadestradicionais\":\"Povos e comunidades tradicionais\",\"p19_saude\":\"Sa\\u00fade\",\"p19_violencia\":\"Viol\\u00eancia\",\"p20_reunioes\":\"Reuni\\u00f5es\",\"p20_oficinas\":\"Oficinas\",\"p20_oficinasaulasartisticas\":\"Ensaios\\\/Oficinas\\\/Aulas art\\u00edsticas\",\"p20_formacao\":\"Forma\\u00e7\\u00e3o\",\"p20_visitasexcursoes\":\"Visitas\\\/Excurs\\u00f5es\",\"p21_intoleranciareligiosa\":\"Fundamentalismo\\\/intoler\\u00e2ncia religiosa\",\"p21_xenofobia\":\"Xenofobia\",\"p21_machismo\":\"Machismo\",\"p21_racismo\":\"Racismo\",\"p21_lgbtqifobia\":\"LGBTIfobia\",\"p22_numerodeparticipantes\":\"1  - 15\",\"p23_atendimento\":\"Atendimento\",\"p23_oficinas\":\"Oficinas\",\"p23_oficinasaulasartisticas\":\"Ensaio\\\/Oficinas\\\/Aulas Art\\u00edsticas\",\"p23_outros\":\"Outros\",\"p24_oficinas\":\"Oficinas\",\"p24_visitasexcursoes\":\"Visitas\\\/Excurs\\u00f5es\",\"p24_outros\":\"Outros\",\"p25_numerodepessoas\":\"1 - 20\",\"p26_numerodepessoas\":\"20 - 40\",\"p27_espacoemprestadocedido\":\"Espa\\u00e7o emprestado\\\/cedido\",\"p27_espacoproprio\":\"Espa\\u00e7o pr\\u00f3prio\",\"p28_territorios\":\"Cidade\",\"p30_outrasorganizacoes\":\"Sim\",\"p32_campanhadelongaduracao\":\"Sim\",\"p34_municipal\":\"Municipal\",\"p34_estadual\":\"Estadual\",\"p34_nacional\":\"Nacional\",\"p34_internacional\":\"Internacional\",\"p36_conselhosdeparticipacaoecontrolesocial\":\"Sim\",\"p38_sim\":\"Sim\",\"p38_nenhum\":\"Nenhum\",\"p40_editais\":\"Sim\",\"p41_privadopj\":\"Privado (P. Jur\\u00eddica)\",\"p41_autofinanciamento\":\"Autofinanciamento\",\"p41_financiamentocoletivo0\":\"Financiamento coletivo\",\"p42_meiodedivulgacaoproprio\":\"Sim\",\"p43_email\":\"E-mail\",\"p43_facebook\":\"Facebook\",\"p43_sitesblogs\":\"Blogs\\\/sites\",\"p44_radio\":\"R\\u00e1dio\",\"p44_redessociais\":\"Redes sociais (Facebook, YouTube, Instagram etc.)\",\"p44_sitesblogs\":\"Sites ou Blogs\",\"p39_publico\":\"MULHERES NEGRAS POPULA\\u00c7\\u00c3O NEGRA\",\"p45_bandeira\":\"SA\\u00daDE POPULA\\u00c7\\u00c3O NEGRA CONTRA  CONTRA  ANTIRRACISMO  CONTRA-VIOL\\u00caNCIA CONTRA ENCARCERAMENTO MASSA\",\"p46_hashtags\":\"#NEGRASIM #DIGANAOAOEXTERMINIO #NAOAORACISMO\"},{\"p1_eixo\":\"Viol\\u00eancia\",\"p9_tipoorganizacao\":\"ONG\",\"p12_uf\":\"GO\",\"p13_cidade\":\"GOI\\u00c2NIA\",\"p16_nacional\":\"Nacional\",\"p17_ano\":\"1999\",\"p18_agrario\":\"Agr\\u00e1rio\\\/ruralidades\",\"p18_comunicacao\":\"Comunica\\u00e7\\u00e3o\",\"p18_difusaoartistica\":\"Difus\\u00e3o Art\\u00edstica\",\"p18_desenvolvimentoterritorial\":\"Desenvolvimento territorial\",\"p18_direitoshumanos\":\"Direitos humanos\",\"p18_educacao\":\"Educa\\u00e7\\u00e3o\",\"p18_feminismos\":\"Feminismos\",\"p18_lgbtqi\":\"LGBTQI\",\"p18_lutaantirracismo\":\"Luta antirracismo\",\"p18_mobilidade\":\"Mobilidade\",\"p18_moradia\":\"Moradia\",\"p18_povosecomunidadestradicionais\":\"Povos e comunidades tradicionais\",\"p18_trabalho\":\"Trabalho\",\"p18_religiao\":\"Religi\\u00e3o\",\"p18_saude\":\"Sa\\u00fade\",\"p18_violencia\":\"Viol\\u00eancia\",\"p18_politicasculturais\":\"Pol\\u00edticas Culturais\",\"p19_direitoshumanos\":\"Direitos humanos\",\"p19_educacao\":\"Educa\\u00e7\\u00e3o\",\"p19_povosecomunidadestradicionais\":\"Povos e comunidades tradicionais\",\"p19_saude\":\"Sa\\u00fade\",\"p19_violencia\":\"Viol\\u00eancia\",\"p20_atendimento\":\"Atendimento\",\"p20_oficinas\":\"Oficinas\",\"p20_oficinasaulasartisticas\":\"Ensaios\\\/Oficinas\\\/Aulas art\\u00edsticas\",\"p20_apresentacoesartisticas\":\"Apresenta\\u00e7\\u00f5es art\\u00edsticas\",\"p21_intoleranciareligiosa\":\"Fundamentalismo\\\/intoler\\u00e2ncia religiosa\",\"p21_xenofobia\":\"Xenofobia\",\"p21_machismo\":\"Machismo\",\"p21_racismo\":\"Racismo\",\"p21_lgbtqifobia\":\"LGBTIfobia\",\"p22_numerodeparticipantes\":\"1  - 15\",\"p23_atendimento\":\"Atendimento\",\"p23_oficinas\":\"Oficinas\",\"p23_oficinasaulasartisticas\":\"Ensaio\\\/Oficinas\\\/Aulas Art\\u00edsticas\",\"p23_outros\":\"Outros\",\"p24_outros\":\"Outros\",\"p25_numerodepessoas\":\"20 - 40\",\"p26_numerodepessoas\":\"60 - 80\",\"p27_espacoemprestadocedido\":\"Espa\\u00e7o emprestado\\\/cedido\",\"p27_espacoproprio\":\"Espa\\u00e7o pr\\u00f3prio\",\"p28_territorios\":\"Estado\",\"p30_outrasorganizacoes\":\"Sim\",\"p32_campanhadelongaduracao\":\"N\\u00e3o\",\"p34_estadual\":\"Estadual\",\"p34_nacional\":\"Nacional\",\"p34_internacional\":\"Internacional\",\"p36_conselhosdeparticipacaoecontrolesocial\":\"Sim\",\"p38_sim\":\"Sim\",\"p38_nenhum\":\"Nenhum\",\"p40_editais\":\"Sim\",\"p41_autofinanciamento\":\"Autofinanciamento\",\"p41_financiamentocoletivo0\":\"Financiamento coletivo\",\"p42_meiodedivulgacaoproprio\":\"Sim\",\"p43_email\":\"E-mail\",\"p43_facebook\":\"Facebook\",\"p43_instagram\":\"Instagram\",\"p43_sitesblogs\":\"Blogs\\\/sites\",\"p44_radio\":\"R\\u00e1dio\",\"p44_jornaisimpressosdegrandecirculacao\":\"Jornais impressos de grande circula\\u00e7\\u00e3o\",\"p44_redessociais\":\"Redes sociais (Facebook, YouTube, Instagram etc.)\",\"p44_sitesblogs\":\"Sites ou Blogs\",\"p39_publico\":\"MULHERES NEGRAS PERIF\\u00c9RICAS COMUNIDADE RURAL QUILOMBOLA\",\"p45_bandeira\":\"COMBATE-RACISMO COMBATE-SEXISMO COMBATE-MACHISMO\",\"p46_hashtags\":\"#MULHERESNEGRAS #TRABALHOPOREDUCACAODEBASE #COMBATEAORACISMOSEXISMOEMACHISMO\"},{\"p1_eixo\":\"Trabalho\",\"p9_tipoorganizacao\":\"Instituto\",\"p12_uf\":\"RJ\",\"p13_cidade\":\"RIO DE JANEIRO\",\"p16_cidade\":\"Cidade\",\"p16_nacional\":\"Nacional\",\"p17_ano\":\"2000\",\"p18_agrario\":\"Agr\\u00e1rio\\\/ruralidades\",\"p18_comunicacao\":\"Comunica\\u00e7\\u00e3o\",\"p18_difusaoartistica\":\"Difus\\u00e3o Art\\u00edstica\",\"p18_desenvolvimentoterritorial\":\"Desenvolvimento territorial\",\"p18_direitoshumanos\":\"Direitos humanos\",\"p18_educacao\":\"Educa\\u00e7\\u00e3o\",\"p18_feminismos\":\"Feminismos\",\"p18_lgbtqi\":\"LGBTQI\",\"p18_lutaantirracismo\":\"Luta antirracismo\",\"p18_mobilidade\":\"Mobilidade\",\"p18_moradia\":\"Moradia\",\"p18_povosecomunidadestradicionais\":\"Povos e comunidades tradicionais\",\"p18_trabalho\":\"Trabalho\",\"p18_religiao\":\"Religi\\u00e3o\",\"p18_saude\":\"Sa\\u00fade\",\"p18_violencia\":\"Viol\\u00eancia\",\"p18_politicasculturais\":\"Pol\\u00edticas Culturais\",\"p19_direitoshumanos\":\"Direitos humanos\",\"p19_educacao\":\"Educa\\u00e7\\u00e3o\",\"p19_moradia\":\"Moradia\",\"p19_povosecomunidadestradicionais\":\"Povos e comunidades tradicionais\",\"p19_violencia\":\"Viol\\u00eancia\",\"p20_atendimento\":\"Atendimento\",\"p20_oficinas\":\"Oficinas\",\"p20_oficinasaulasartisticas\":\"Ensaios\\\/Oficinas\\\/Aulas art\\u00edsticas\",\"p20_apresentacoesartisticas\":\"Apresenta\\u00e7\\u00f5es art\\u00edsticas\",\"p21_intoleranciareligiosa\":\"Fundamentalismo\\\/intoler\\u00e2ncia religiosa\",\"p21_racismo\":\"Racismo\",\"p21_enfrentamentocomgruposprivadosarmados\":\"Enfrentamento com grupos privados armados\",\"p22_numerodeparticipantes\":\"1  - 15\",\"p23_atendimento\":\"Atendimento\",\"p23_oficinas\":\"Oficinas\",\"p23_oficinasaulasartisticas\":\"Ensaio\\\/Oficinas\\\/Aulas Art\\u00edsticas\",\"p23_cursos\":\"Cursos\",\"p23_outros\":\"Outros\",\"p24_reunioes\":\"Reuni\\u00f5es\",\"p24_apresentacoesartisticas\":\"Apresenta\\u00e7\\u00f5es art\\u00edsticas\",\"p24_outros\":\"Outros\",\"p25_numerodepessoas\":\"1 - 20\",\"p26_numerodepessoas\":\"1 - 20\",\"p27_espacoproprio\":\"Espa\\u00e7o pr\\u00f3prio\",\"p28_territorios\":\"Estado\",\"p30_outrasorganizacoes\":\"N\\u00e3o\",\"p32_campanhadelongaduracao\":\"Sim\",\"p34_estadual\":\"Estadual\",\"p34_nenhuma\":\"Nenhuma\",\"p36_conselhosdeparticipacaoecontrolesocial\":\"Sim\",\"p38_nenhum\":\"Nenhum\",\"p40_editais\":\"Sim\",\"p41_publicoestatal\":\"P\\u00fablico-Estatal\",\"p41_privadopj\":\"Privado (P. Jur\\u00eddica)\",\"p41_autofinanciamento\":\"Autofinanciamento\",\"p41_financiamentocoletivo0\":\"Financiamento coletivo\",\"p42_meiodedivulgacaoproprio\":\"Sim\",\"p43_email\":\"E-mail\",\"p43_facebook\":\"Facebook\",\"p43_instagram\":\"Instagram\",\"p43_sitesblogs\":\"Blogs\\\/sites\",\"p44_radio\":\"TV\",\"p44_jornaisimpressosdegrandecirculacao\":\"Jornais impressos de grande circula\\u00e7\\u00e3o\",\"p44_jornaisimpressosdebairro\":\"Jornais impressos de bairro\",\"p39_publico\":\"IDOSOS VULNERABILIDADE SOCIAL\",\"p45_bandeira\":\"INCLUS\\u00c3O SOCIAL\",\"p46_hashtags\":\"#HERANCACULTURALAFRICANA #ACOLHIMENTO #IGUALDADESOCIAL\"},{\"p1_eixo\":\"Viol\\u00eancia\",\"p9_tipoorganizacao\":\"Instituto\",\"p12_uf\":\"ES\",\"p13_cidade\":\"SERRA\",\"p16_cidade\":\"Cidade\",\"p17_ano\":\"1980\",\"p16_estado\":\"Estado\",\"p18_agrario\":\"Agr\\u00e1rio\\\/ruralidades\",\"p18_comunicacao\":\"Comunica\\u00e7\\u00e3o\",\"p18_difusaoartistica\":\"Difus\\u00e3o Art\\u00edstica\",\"p18_desenvolvimentoterritorial\":\"Desenvolvimento territorial\",\"p18_direitoshumanos\":\"Direitos humanos\",\"p18_educacao\":\"Educa\\u00e7\\u00e3o\",\"p18_feminismos\":\"Feminismos\",\"p18_lutaantirracismo\":\"Luta antirracismo\",\"p18_mobilidade\":\"Mobilidade\",\"p18_moradia\":\"Moradia\",\"p18_povosecomunidadestradicionais\":\"Povos e comunidades tradicionais\",\"p18_trabalho\":\"Trabalho\",\"p18_religiao\":\"Religi\\u00e3o\",\"p18_saude\":\"Sa\\u00fade\",\"p18_violencia\":\"Viol\\u00eancia\",\"p18_politicasculturais\":\"Pol\\u00edticas Culturais\",\"p19_educacao\":\"Educa\\u00e7\\u00e3o\",\"p19_moradia\":\"Moradia\",\"p19_violencia\":\"Viol\\u00eancia\",\"p19_difusaoartistica\":\"Difus\\u00e3o Art\\u00edstica\",\"p19_politicasculturais\":\"Pol\\u00edticas Culturais\",\"p20_reunioes\":\"Reuni\\u00f5es\",\"p20_atendimento\":\"Atendimento\",\"p20_oficinas\":\"Oficinas\",\"p20_oficinasaulasartisticas\":\"Ensaios\\\/Oficinas\\\/Aulas art\\u00edsticas\",\"p20_visitasexcursoes\":\"Visitas\\\/Excurs\\u00f5es\",\"p21_machismo\":\"Machismo\",\"p21_racismo\":\"Racismo\",\"p21_enfrentamentocomgruposprivadosarmados\":\"Enfrentamento com grupos privados armados\",\"p22_numerodeparticipantes\":\"1  - 15\",\"p23_reunioes\":\"Reuni\\u00f5es\",\"p23_oficinas\":\"Oficinas\",\"p23_oficinasaulasartisticas\":\"Ensaio\\\/Oficinas\\\/Aulas Art\\u00edsticas\",\"p23_cursos\":\"Cursos\",\"p23_outros\":\"Outros\",\"p24_reunioes\":\"Reuni\\u00f5es\",\"p24_apresentacoesartisticas\":\"Apresenta\\u00e7\\u00f5es art\\u00edsticas\",\"p24_outros\":\"Outros\",\"p25_numerodepessoas\":\"60 - 80\",\"p26_numerodepessoas\":\"40 - 60\",\"p27_espacopublico\":\"Espa\\u00e7o p\\u00fablico\",\"p27_espacoemprestadocedido\":\"Espa\\u00e7o emprestado\\\/cedido\",\"p27_espacoproprio\":\"Espa\\u00e7o pr\\u00f3prio\",\"p28_territorios\":\"Cidade\",\"p30_outrasorganizacoes\":\"Sim\",\"p32_campanhadelongaduracao\":\"N\\u00e3o\",\"p34_nenhuma\":\"Nenhuma\",\"p36_conselhosdeparticipacaoecontrolesocial\":\"Sim\",\"p38_nenhum\":\"Nenhum\",\"p40_editais\":\"Sim\",\"p41_publicoestatal\":\"P\\u00fablico-Estatal\",\"p41_privadopf\":\"Privado (P. F\\u00edsica)\",\"p41_privadopj\":\"Privado (P. Jur\\u00eddica)\",\"p42_meiodedivulgacaoproprio\":\"Sim\",\"p43_email\":\"E-mail\",\"p43_facebook\":\"Facebook\",\"p43_instagram\":\"Instagram\",\"p43_sitesblogs\":\"Blogs\\\/sites\",\"p44_radio\":\"TV\",\"p44_jornaisimpressosdegrandecirculacao\":\"Jornais impressos de grande circula\\u00e7\\u00e3o\",\"p44_jornaisimpressosdebairro\":\"Jornais impressos de bairro\",\"p44_redessociais\":\"Redes sociais (Facebook, YouTube, Instagram etc.)\",\"p44_sitesblogs\":\"Sites ou Blogs\",\"p39_publico\":\"CRIAN\\u00c7AS ADOLESCENTES JOVENS\",\"p45_bandeira\":\"RECURSOS PROJETO A\\u00c7\\u00d5ES-SOCIAIS\",\"p46_hashtags\":\"#VIDAS #LUTAQUEVALEAPENA\"},{\"p1_eixo\":\"Cultura\",\"p9_tipoorganizacao\":\"Movimento Social\",\"p12_uf\":\"SE\",\"p13_cidade\":\"NOSSA SENHORA DO SOCORRO\",\"p16_nacional\":\"Nacional\",\"p17_ano\":\"2012\",\"p16_estado\":\"Estado\",\"p18_comunicacao\":\"Comunica\\u00e7\\u00e3o\",\"p18_difusaoartistica\":\"Difus\\u00e3o Art\\u00edstica\",\"p18_direitoshumanos\":\"Direitos humanos\",\"p18_educacao\":\"Educa\\u00e7\\u00e3o\",\"p18_lutaantirracismo\":\"Luta antirracismo\",\"p18_trabalho\":\"Trabalho\",\"p18_saude\":\"Sa\\u00fade\",\"p18_violencia\":\"Viol\\u00eancia\",\"p18_politicasculturais\":\"Pol\\u00edticas Culturais\",\"p19_educacao\":\"Educa\\u00e7\\u00e3o\",\"p19_trabalho\":\"Trabalho\",\"p19_violencia\":\"Viol\\u00eancia\",\"p19_difusaoartistica\":\"Difus\\u00e3o Art\\u00edstica\",\"p19_politicasculturais\":\"Pol\\u00edticas Culturais\",\"p20_reunioes\":\"Reuni\\u00f5es\",\"p20_oficinas\":\"Oficinas\",\"p20_cursos\":\"Cursos\",\"p20_formacao\":\"Forma\\u00e7\\u00e3o\",\"p20_profissionalizacao\":\"Profissionaliza\\u00e7\\u00e3o\",\"p20_visitasexcursoes\":\"Visitas\\\/Excurs\\u00f5es\",\"p21_machismo\":\"Machismo\",\"p21_racismo\":\"Racismo\",\"p21_nenhum\":\"Nenhum\",\"p22_numerodeparticipantes\":\"1  - 15\",\"p23_reunioes\":\"Reuni\\u00f5es\",\"p23_oficinas\":\"Oficinas\",\"p23_cursos\":\"Cursos\",\"p23_formacao\":\"Forma\\u00e7\\u00e3o\",\"p23_profissionalizacao\":\"Profissionaliza\\u00e7\\u00e3o\",\"p23_outros\":\"Outros\",\"p24_atendimento\":\"Atendimentos\",\"p24_oficinas\":\"Oficinas\",\"p24_apresentacoesartisticas\":\"Apresenta\\u00e7\\u00f5es art\\u00edsticas\",\"p24_visitasexcursoes\":\"Visitas\\\/Excurs\\u00f5es\",\"p24_outros\":\"Outros\",\"p25_numerodepessoas\":\"200 - 300\",\"p26_numerodepessoas\":\"Mais de 500\",\"p27_espacopublico\":\"Espa\\u00e7o p\\u00fablico\",\"p27_espacoemprestadocedido\":\"Espa\\u00e7o emprestado\\\/cedido\",\"p27_espacoproprio\":\"Espa\\u00e7o pr\\u00f3prio\",\"p28_territorios\":\"Estado\",\"p30_outrasorganizacoes\":\"Sim\",\"p32_campanhadelongaduracao\":\"Sim\",\"p34_nenhuma\":\"Nenhuma\",\"p36_conselhosdeparticipacaoecontrolesocial\":\"N\\u00e3o\",\"p38_nenhum\":\"Nenhum\",\"p40_editais\":\"N\\u00e3o\",\"p41_publicoestatal\":\"P\\u00fablico-Estatal\",\"p41_privadopf\":\"Privado (P. F\\u00edsica)\",\"p41_privadopj\":\"Privado (P. Jur\\u00eddica)\",\"p41_autofinanciamento\":\"Autofinanciamento\",\"p42_meiodedivulgacaoproprio\":\"Sim\",\"p43_impressoes\":\"Impressos\",\"p43_email\":\"E-mail\",\"p43_facebook\":\"Facebook\",\"p43_whatsapp\":\"WhatsApp\",\"p43_instagram\":\"Instagram\",\"p43_sitesblogs\":\"Blogs\\\/sites\",\"p44_radio\":\"TV\",\"p44_jornaisimpressosdegrandecirculacao\":\"Jornais impressos de grande circula\\u00e7\\u00e3o\",\"p44_jornaisimpressosdebairro\":\"Jornais impressos de bairro\",\"p44_redessociais\":\"Redes sociais (Facebook, YouTube, Instagram etc.)\",\"p44_sitesblogs\":\"Sites ou Blogs\",\"p39_publico\":\"MULHERES\",\"p45_bandeira\":\"MACHISMO VALORIZA\\u00c7\\u00c3O AUTOESTIMA MULHER PROTAGONISMO FEMININO\",\"p46_hashtags\":\"#NAOAOMACHISMO #MULHERNAOESEXOFRAGIL #UNICOSERQUECARREGAOUTRO\"},{\"p1_eixo\":\"Trabalho\",\"p9_tipoorganizacao\":\"Instituto\",\"p12_uf\":\"MA\",\"p13_cidade\":\"S\\u00c3O JOS\\u00c9 DE RIBAMAR\",\"p16_nacional\":\"Nacional\",\"p17_ano\":\"2000\",\"p18_comunicacao\":\"Comunica\\u00e7\\u00e3o\",\"p18_difusaoartistica\":\"Difus\\u00e3o Art\\u00edstica\",\"p18_desenvolvimentoterritorial\":\"Desenvolvimento territorial\",\"p18_direitoshumanos\":\"Direitos humanos\",\"p18_educacao\":\"Educa\\u00e7\\u00e3o\",\"p18_feminismos\":\"Feminismos\",\"p18_lutaantirracismo\":\"Luta antirracismo\",\"p18_povosecomunidadestradicionais\":\"Povos e comunidades tradicionais\",\"p18_trabalho\":\"Trabalho\",\"p18_religiao\":\"Religi\\u00e3o\",\"p18_violencia\":\"Viol\\u00eancia\",\"p18_politicasculturais\":\"Pol\\u00edticas Culturais\",\"p19_educacao\":\"Educa\\u00e7\\u00e3o\",\"p19_lutaantirracismo\":\"Luta antirracismo\",\"p19_trabalho\":\"Trabalho\",\"p19_religiao\":\"Religi\\u00e3o\",\"p19_politicasculturais\":\"Pol\\u00edticas Culturais\",\"p20_reunioes\":\"Reuni\\u00f5es\",\"p20_oficinas\":\"Oficinas\",\"p20_cursos\":\"Cursos\",\"p20_formacao\":\"Forma\\u00e7\\u00e3o\",\"p20_profissionalizacao\":\"Profissionaliza\\u00e7\\u00e3o\",\"p20_visitasexcursoes\":\"Visitas\\\/Excurs\\u00f5es\",\"p21_intoleranciareligiosa\":\"Fundamentalismo\\\/intoler\\u00e2ncia religiosa\",\"p21_machismo\":\"Machismo\",\"p21_racismo\":\"Racismo\",\"p21_nenhum\":\"Nenhum\",\"p22_numerodeparticipantes\":\"Mais de 90\",\"p23_reunioes\":\"Reuni\\u00f5es\",\"p23_oficinas\":\"Oficinas\",\"p23_cursos\":\"Cursos\",\"p23_formacao\":\"Forma\\u00e7\\u00e3o\",\"p23_profissionalizacao\":\"Profissionaliza\\u00e7\\u00e3o\",\"p24_reunioes\":\"Reuni\\u00f5es\",\"p24_atendimento\":\"Atendimentos\",\"p24_oficinas\":\"Oficinas\",\"p24_apresentacoesartisticas\":\"Apresenta\\u00e7\\u00f5es art\\u00edsticas\",\"p24_visitasexcursoes\":\"Visitas\\\/Excurs\\u00f5es\",\"p24_outros\":\"Outros\",\"p25_numerodepessoas\":\"100 - 200\",\"p26_numerodepessoas\":\"80 - 100\",\"p27_espacoemprestadocedido\":\"Espa\\u00e7o emprestado\\\/cedido\",\"p27_espacoproprio\":\"Espa\\u00e7o pr\\u00f3prio\",\"p28_territorios\":\"Estado\",\"p30_outrasorganizacoes\":\"Sim\",\"p32_campanhadelongaduracao\":\"Sim\",\"p34_nenhuma\":\"Nenhuma\",\"p36_conselhosdeparticipacaoecontrolesocial\":\"Sim\",\"p38_sim\":\"Sim\",\"p38_nenhum\":\"Nenhum\",\"p40_editais\":\"Sim\",\"p41_privadopj\":\"Privado (P. Jur\\u00eddica)\",\"p41_autofinanciamento\":\"Autofinanciamento\",\"p42_meiodedivulgacaoproprio\":\"Sim\",\"p43_impressoes\":\"Impressos\",\"p43_email\":\"E-mail\",\"p43_facebook\":\"Facebook\",\"p43_whatsapp\":\"WhatsApp\",\"p43_sitesblogs\":\"Blogs\\\/sites\",\"p44_radio\":\"R\\u00e1dio\",\"p44_redessociais\":\"Redes sociais (Facebook, YouTube, Instagram etc.)\",\"p44_sitesblogs\":\"Sites ou Blogs\",\"p39_publico\":\"ADOLESCENTES JOVENS ADULTOS\",\"p45_bandeira\":\"DEFESA DIREITOS SOCIAIS\",\"p46_hashtags\":\"DESENVOLVEMOS POL\\u00cdTICA DE DIREITOS SOCIAIS, INSERCAO NO MERCADO DE TRABALHO, EDUCACAO, S SOCIOEDUCATIVA, DEFESA DO MEIO AMBIENTE, ESPORTE E LAZER.\"},{\"p1_eixo\":\"Cultura\",\"p9_tipoorganizacao\":\"Coletivo\",\"p12_uf\":\"SC\",\"p13_cidade\":\"S\\u00c3O JOS\\u00c9\",\"p16_nacional\":\"Nacional\",\"p17_ano\":\"2013\",\"p16_estado\":\"Estado\",\"p18_comunicacao\":\"Comunica\\u00e7\\u00e3o\",\"p18_difusaoartistica\":\"Difus\\u00e3o Art\\u00edstica\",\"p18_desenvolvimentoterritorial\":\"Desenvolvimento territorial\",\"p18_direitoshumanos\":\"Direitos humanos\",\"p18_educacao\":\"Educa\\u00e7\\u00e3o\",\"p18_feminismos\":\"Feminismos\",\"p18_lgbtqi\":\"LGBTQI\",\"p18_lutaantirracismo\":\"Luta antirracismo\",\"p18_mobilidade\":\"Mobilidade\",\"p18_povosecomunidadestradicionais\":\"Povos e comunidades tradicionais\",\"p18_trabalho\":\"Trabalho\",\"p18_religiao\":\"Religi\\u00e3o\",\"p18_saude\":\"Sa\\u00fade\",\"p18_violencia\":\"Viol\\u00eancia\",\"p18_politicasculturais\":\"Pol\\u00edticas Culturais\",\"p19_educacao\":\"Educa\\u00e7\\u00e3o\",\"p19_feminismos\":\"Feminismos\",\"p19_lutaantirracismo\":\"Luta antirracismo\",\"p19_religiao\":\"Religi\\u00e3o\",\"p19_politicasculturais\":\"Pol\\u00edticas Culturais\",\"p20_reunioes\":\"Reuni\\u00f5es\",\"p20_cursos\":\"Cursos\",\"p20_formacao\":\"Forma\\u00e7\\u00e3o\",\"p20_visitasexcursoes\":\"Visitas\\\/Excurs\\u00f5es\",\"p21_intoleranciareligiosa\":\"Fundamentalismo\\\/intoler\\u00e2ncia religiosa\",\"p21_machismo\":\"Machismo\",\"p21_racismo\":\"Racismo\",\"p22_numerodeparticipantes\":\"1  - 15\",\"p23_reunioes\":\"Reuni\\u00f5es\",\"p23_formacao\":\"Forma\\u00e7\\u00e3o\",\"p24_reunioes\":\"Reuni\\u00f5es\",\"p24_formacao\":\"Forma\\u00e7\\u00e3o\",\"p24_visitasexcursoes\":\"Visitas\\\/Excurs\\u00f5es\",\"p24_outros\":\"Outros\",\"p25_numerodepessoas\":\"1 - 20\",\"p26_numerodepessoas\":\"200 - 300\",\"p27_espacoemprestadocedido\":\"Espa\\u00e7o emprestado\\\/cedido\",\"p28_territorios\":\"Atua\\u00e7\\u00e3o Nacional\",\"p30_outrasorganizacoes\":\"Sim\",\"p32_campanhadelongaduracao\":\"N\\u00e3o\",\"p34_estadual\":\"Estadual\",\"p34_nenhuma\":\"Nenhuma\",\"p36_conselhosdeparticipacaoecontrolesocial\":\"Sim\",\"p38_sim\":\"Sim\",\"p40_editais\":\"N\\u00e3o\",\"p41_autofinanciamento\":\"Autofinanciamento\",\"p42_meiodedivulgacaoproprio\":\"Sim\",\"p43_facebook\":\"Facebook\",\"p43_instagram\":\"Instagram\",\"p43_sitesblogs\":\"Blogs\\\/sites\",\"p44_redessociais\":\"Redes sociais (Facebook, YouTube, Instagram etc.)\",\"p44_sitesblogs\":\"Sites ou Blogs\",\"p39_publico\":\"JOVENS LIGADOS RELIGI\\u00d5ES MATRIZ AFRICANA\",\"p45_bandeira\":\"DEFENDER RELIGI\\u00d5ES MATRIZ AFRICANA  RELIGIOSA VALORIZA\\u00c7\\u00c3O ANCESTRALIDADES TRANSMISSORAS\",\"p46_hashtags\":\"#POVONEGRO #NAOAINTOLERANCIARELIGIOSA #VALORIZACAODAANCESTRALIDADE\"},{\"p1_eixo\":\"Trabalho\",\"p9_tipoorganizacao\":\"Coletivo\",\"p12_uf\":\"RS\",\"p13_cidade\":\"PORTO ALEGRE\",\"p16_cidade\":\"Cidade\",\"p17_ano\":\"2017\",\"p16_estado\":\"Estado\",\"p18_agrario\":\"Agr\\u00e1rio\\\/ruralidades\",\"p18_comunicacao\":\"Comunica\\u00e7\\u00e3o\",\"p18_difusaoartistica\":\"Difus\\u00e3o Art\\u00edstica\",\"p18_desenvolvimentoterritorial\":\"Desenvolvimento territorial\",\"p18_direitoshumanos\":\"Direitos humanos\",\"p18_educacao\":\"Educa\\u00e7\\u00e3o\",\"p18_feminismos\":\"Feminismos\",\"p18_lgbtqi\":\"LGBTQI\",\"p18_lutaantirracismo\":\"Luta antirracismo\",\"p18_mobilidade\":\"Mobilidade\",\"p18_povosecomunidadestradicionais\":\"Povos e comunidades tradicionais\",\"p18_trabalho\":\"Trabalho\",\"p18_religiao\":\"Religi\\u00e3o\",\"p18_saude\":\"Sa\\u00fade\",\"p18_violencia\":\"Viol\\u00eancia\",\"p18_politicasculturais\":\"Pol\\u00edticas Culturais\",\"p19_agrario\":\"Agr\\u00e1rio\\\/ruralidades\",\"p19_direitoshumanos\":\"Direitos humanos\",\"p19_educacao\":\"Educa\\u00e7\\u00e3o\",\"p19_feminismos\":\"Feminismos\",\"p19_lutaantirracismo\":\"Luta antirracismo\",\"p19_trabalho\":\"Trabalho\",\"p20_reunioes\":\"Reuni\\u00f5es\",\"p20_atendimento\":\"Atendimento\",\"p20_oficinasaulasartisticas\":\"Ensaios\\\/Oficinas\\\/Aulas art\\u00edsticas\",\"p20_cursos\":\"Cursos\",\"p20_formacao\":\"Forma\\u00e7\\u00e3o\",\"p20_visitasexcursoes\":\"Visitas\\\/Excurs\\u00f5es\",\"p21_xenofobia\":\"Xenofobia\",\"p21_machismo\":\"Machismo\",\"p21_racismo\":\"Racismo\",\"p22_numerodeparticipantes\":\"15 - 30\",\"p23_reunioes\":\"Reuni\\u00f5es\",\"p23_cursos\":\"Cursos\",\"p23_formacao\":\"Forma\\u00e7\\u00e3o\",\"p23_outros\":\"Outros\",\"p24_reunioes\":\"Reuni\\u00f5es\",\"p24_atendimento\":\"Atendimentos\",\"p24_curso\":\"Curso\",\"p24_formacao\":\"Forma\\u00e7\\u00e3o\",\"p24_profissionalizacao\":\"Profissionaliza\\u00e7\\u00e3o\",\"p24_visitasexcursoes\":\"Visitas\\\/Excurs\\u00f5es\",\"p24_outros\":\"Outros\",\"p25_numerodepessoas\":\"20 - 40\",\"p26_numerodepessoas\":\"100 - 200\",\"p27_espacoemprestadocedido\":\"Espa\\u00e7o emprestado\\\/cedido\",\"p28_territorios\":\"Estado\",\"p30_outrasorganizacoes\":\"Sim\",\"p32_campanhadelongaduracao\":\"N\\u00e3o\",\"p34_estadual\":\"Estadual\",\"p36_conselhosdeparticipacaoecontrolesocial\":\"N\\u00e3o\",\"p38_sim\":\"Sim\",\"p38_nenhum\":\"Nenhum\",\"p40_editais\":\"N\\u00e3o\",\"p41_publicoestatal\":\"P\\u00fablico-Estatal\",\"p41_autofinanciamento\":\"Autofinanciamento\",\"p42_meiodedivulgacaoproprio\":\"Sim\",\"p43_facebook\":\"Facebook\",\"p43_instagram\":\"Instagram\",\"p44_redessociais\":\"Redes sociais (Facebook, YouTube, Instagram etc.)\",\"p44_sitesblogs\":\"Sites ou Blogs\",\"p39_publico\":\"MULHERES NEGRAS ACAD\\u00caMICAS\",\"p45_bandeira\":\"RACISMO  INTERSECCIONALIDADE COTAS UNIVERSIDADE PERMAN\\u00caNCIA DEMOCRACIA\",\"p46_hashtags\":\"#PENSAMENTODEMULHERESNEGRAS #MULHERESNEGRASACADEMICAS #ATINUKE\"},{\"p1_eixo\":\"Trabalho\",\"p9_tipoorganizacao\":\"Instituto\",\"p12_uf\":\"RJ\",\"p13_cidade\":\"RIO DE JANEIRO\",\"p16_cidade\":\"Cidade\",\"p16_nacional\":\"Nacional\",\"p17_ano\":\"2017\",\"p18_agrario\":\"Agr\\u00e1rio\\\/ruralidades\",\"p18_comunicacao\":\"Comunica\\u00e7\\u00e3o\",\"p18_difusaoartistica\":\"Difus\\u00e3o Art\\u00edstica\",\"p18_desenvolvimentoterritorial\":\"Desenvolvimento territorial\",\"p18_direitoshumanos\":\"Direitos humanos\",\"p18_educacao\":\"Educa\\u00e7\\u00e3o\",\"p18_feminismos\":\"Feminismos\",\"p18_lgbtqi\":\"LGBTQI\",\"p18_lutaantirracismo\":\"Luta antirracismo\",\"p18_mobilidade\":\"Mobilidade\",\"p18_povosecomunidadestradicionais\":\"Povos e comunidades tradicionais\",\"p18_trabalho\":\"Trabalho\",\"p18_saude\":\"Sa\\u00fade\",\"p18_violencia\":\"Viol\\u00eancia\",\"p18_politicasculturais\":\"Pol\\u00edticas Culturais\",\"p19_agrario\":\"Agr\\u00e1rio\\\/ruralidades\",\"p19_direitoshumanos\":\"Direitos humanos\",\"p19_educacao\":\"Educa\\u00e7\\u00e3o\",\"p19_lutaantirracismo\":\"Luta antirracismo\",\"p19_trabalho\":\"Trabalho\",\"p20_reunioes\":\"Reuni\\u00f5es\",\"p20_atendimento\":\"Atendimento\",\"p20_oficinasaulasartisticas\":\"Ensaios\\\/Oficinas\\\/Aulas art\\u00edsticas\",\"p20_formacao\":\"Forma\\u00e7\\u00e3o\",\"p20_visitasexcursoes\":\"Visitas\\\/Excurs\\u00f5es\",\"p21_xenofobia\":\"Xenofobia\",\"p21_machismo\":\"Machismo\",\"p21_racismo\":\"Racismo\",\"p22_numerodeparticipantes\":\"1  - 15\",\"p23_cursos\":\"Cursos\",\"p23_formacao\":\"Forma\\u00e7\\u00e3o\",\"p23_outros\":\"Outros\",\"p24_reunioes\":\"Reuni\\u00f5es\",\"p24_atendimento\":\"Atendimentos\",\"p24_curso\":\"Curso\",\"p24_profissionalizacao\":\"Profissionaliza\\u00e7\\u00e3o\",\"p24_visitasexcursoes\":\"Visitas\\\/Excurs\\u00f5es\",\"p24_outros\":\"Outros\",\"p25_numerodepessoas\":\"20 - 40\",\"p26_numerodepessoas\":\"400 - 500\",\"p27_espacoemprestadocedido\":\"Espa\\u00e7o emprestado\\\/cedido\",\"p27_virtual\":\"Virtual\",\"p28_territorios\":\"Regi\\u00e3o da Cidade\",\"p30_outrasorganizacoes\":\"Sim\",\"p32_campanhadelongaduracao\":\"N\\u00e3o\",\"p34_municipal\":\"Municipal\",\"p34_estadual\":\"Estadual\",\"p36_conselhosdeparticipacaoecontrolesocial\":\"N\\u00e3o\",\"p38_nenhum\":\"Nenhum\",\"p40_editais\":\"Sim\",\"p41_publicoestatal\":\"P\\u00fablico-Estatal\",\"p41_autofinanciamento\":\"Autofinanciamento\",\"p41_financiamentocoletivo0\":\"Financiamento coletivo\",\"p42_meiodedivulgacaoproprio\":\"Sim\",\"p43_facebook\":\"Facebook\",\"p43_instagram\":\"Instagram\",\"p43_youtube\":\"YouTube\",\"p44_redessociais\":\"Redes sociais (Facebook, YouTube, Instagram etc.)\",\"p44_sitesblogs\":\"Sites ou Blogs\",\"p44_nenhum\":\"Nenhum\",\"p39_publico\":\"CATADORES\",\"p45_bandeira\":\"GERA\\u00c7\\u00c3O RENDA IGUALDADE EMPREENDEDORISMO\",\"p46_hashtags\":\"#CATADORES #RECICLAGEM #FAZENDOESPERANCA\"},{\"p1_eixo\":\"Cultura\",\"p9_tipoorganizacao\":\"Coletivo\",\"p12_uf\":\"PR\",\"p13_cidade\":\"CURITIBA\",\"p16_nacional\":\"Nacional\",\"p17_ano\":\"2017\",\"p18_agrario\":\"Agr\\u00e1rio\\\/ruralidades\",\"p18_comunicacao\":\"Comunica\\u00e7\\u00e3o\",\"p18_difusaoartistica\":\"Difus\\u00e3o Art\\u00edstica\",\"p18_desenvolvimentoterritorial\":\"Desenvolvimento territorial\",\"p18_direitoshumanos\":\"Direitos humanos\",\"p18_educacao\":\"Educa\\u00e7\\u00e3o\",\"p18_feminismos\":\"Feminismos\",\"p18_lgbtqi\":\"LGBTQI\",\"p18_lutaantirracismo\":\"Luta antirracismo\",\"p18_moradia\":\"Moradia\",\"p18_povosecomunidadestradicionais\":\"Povos e comunidades tradicionais\",\"p18_trabalho\":\"Trabalho\",\"p18_saude\":\"Sa\\u00fade\",\"p18_violencia\":\"Viol\\u00eancia\",\"p18_politicasculturais\":\"Pol\\u00edticas Culturais\",\"p19_desenvolvimentoterritorial\":\"Desenvolvimento territorial\",\"p19_direitoshumanos\":\"Direitos humanos\",\"p19_educacao\":\"Educa\\u00e7\\u00e3o\",\"p19_lutaantirracismo\":\"Luta antirracismo\",\"p19_povosecomunidadestradicionais\":\"Povos e comunidades tradicionais\",\"p19_violencia\":\"Viol\\u00eancia\",\"p20_reunioes\":\"Reuni\\u00f5es\",\"p20_atendimento\":\"Atendimento\",\"p20_oficinas\":\"Oficinas\",\"p20_oficinasaulasartisticas\":\"Ensaios\\\/Oficinas\\\/Aulas art\\u00edsticas\",\"p20_formacao\":\"Forma\\u00e7\\u00e3o\",\"p20_profissionalizacao\":\"Profissionaliza\\u00e7\\u00e3o\",\"p21_racismo\":\"Racismo\",\"p21_nenhum\":\"Nenhum\",\"p22_numerodeparticipantes\":\"1  - 15\",\"p23_reunioes\":\"Reuni\\u00f5es\",\"p23_atendimento\":\"Atendimento\",\"p23_formacao\":\"Forma\\u00e7\\u00e3o\",\"p23_profissionalizacao\":\"Profissionaliza\\u00e7\\u00e3o\",\"p24_visitasexcursoes\":\"Visitas\\\/Excurs\\u00f5es\",\"p24_outros\":\"Outros\",\"p25_numerodepessoas\":\"Mais de 500\",\"p26_numerodepessoas\":\"1 - 20\",\"p27_espacoproprio\":\"Espa\\u00e7o pr\\u00f3prio\",\"p27_virtual\":\"Virtual\",\"p28_territorios\":\"Atua\\u00e7\\u00e3o Nacional\",\"p30_outrasorganizacoes\":\"N\\u00e3o\",\"p32_campanhadelongaduracao\":\"N\\u00e3o\",\"p34_municipal\":\"Municipal\",\"p34_estadual\":\"Estadual\",\"p36_conselhosdeparticipacaoecontrolesocial\":\"Sim\",\"p38_nenhum\":\"Nenhum\",\"p40_editais\":\"Sim\",\"p41_publicoestatal\":\"P\\u00fablico-Estatal\",\"p41_privadopf\":\"Privado (P. F\\u00edsica)\",\"p41_privadopj\":\"Privado (P. Jur\\u00eddica)\",\"p41_autofinanciamento\":\"Autofinanciamento\",\"p41_financiamentocoletivo0\":\"Financiamento coletivo\",\"p42_meiodedivulgacaoproprio\":\"Sim\",\"p43_facebook\":\"Facebook\",\"p43_instagram\":\"Instagram\",\"p43_youtube\":\"YouTube\",\"p44_nenhum\":\"Nenhum\",\"p39_publico\":\"TODOS\",\"p45_bandeira\":\"MILIT\\u00c2NCIA NEGRA MINORIAS\",\"p46_hashtags\":\"#RACISMOECRIME #PRETOSNOTOPO\"},{\"p1_eixo\":\"Trabalho\",\"p9_tipoorganizacao\":\"ONG\",\"p12_uf\":\"MA\",\"p13_cidade\":\"BACABAL\",\"p16_cidade\":\"Cidade\",\"p16_nacional\":\"Nacional\",\"p17_ano\":\"2011\",\"p18_agrario\":\"Agr\\u00e1rio\\\/ruralidades\",\"p18_comunicacao\":\"Comunica\\u00e7\\u00e3o\",\"p18_difusaoartistica\":\"Difus\\u00e3o Art\\u00edstica\",\"p18_desenvolvimentoterritorial\":\"Desenvolvimento territorial\",\"p18_direitoshumanos\":\"Direitos humanos\",\"p18_educacao\":\"Educa\\u00e7\\u00e3o\",\"p18_feminismos\":\"Feminismos\",\"p18_lgbtqi\":\"LGBTQI\",\"p18_lutaantirracismo\":\"Luta antirracismo\",\"p18_moradia\":\"Moradia\",\"p18_povosecomunidadestradicionais\":\"Povos e comunidades tradicionais\",\"p18_trabalho\":\"Trabalho\",\"p18_religiao\":\"Religi\\u00e3o\",\"p18_saude\":\"Sa\\u00fade\",\"p18_violencia\":\"Viol\\u00eancia\",\"p18_politicasculturais\":\"Pol\\u00edticas Culturais\",\"p19_desenvolvimentoterritorial\":\"Desenvolvimento territorial\",\"p19_educacao\":\"Educa\\u00e7\\u00e3o\",\"p19_lutaantirracismo\":\"Luta antirracismo\",\"p19_povosecomunidadestradicionais\":\"Povos e comunidades tradicionais\",\"p19_violencia\":\"Viol\\u00eancia\",\"p20_reunioes\":\"Reuni\\u00f5es\",\"p20_atendimento\":\"Atendimento\",\"p20_oficinas\":\"Oficinas\",\"p20_oficinasaulasartisticas\":\"Ensaios\\\/Oficinas\\\/Aulas art\\u00edsticas\",\"p20_formacao\":\"Forma\\u00e7\\u00e3o\",\"p20_profissionalizacao\":\"Profissionaliza\\u00e7\\u00e3o\",\"p21_racismo\":\"Racismo\",\"p21_nenhum\":\"Nenhum\",\"p22_numerodeparticipantes\":\"1  - 15\",\"p23_reunioes\":\"Reuni\\u00f5es\",\"p23_atendimento\":\"Atendimento\",\"p23_oficinasaulasartisticas\":\"Ensaio\\\/Oficinas\\\/Aulas Art\\u00edsticas\",\"p23_formacao\":\"Forma\\u00e7\\u00e3o\",\"p23_profissionalizacao\":\"Profissionaliza\\u00e7\\u00e3o\",\"p23_apresentacoesartisticas\":\"Apresenta\\u00e7\\u00f5es Art\\u00edsticas\",\"p24_formacao\":\"Forma\\u00e7\\u00e3o\",\"p24_visitasexcursoes\":\"Visitas\\\/Excurs\\u00f5es\",\"p24_outros\":\"Outros\",\"p25_numerodepessoas\":\"60 - 80\",\"p26_numerodepessoas\":\"20 - 40\",\"p27_espacopublico\":\"Espa\\u00e7o p\\u00fablico\",\"p27_espacoemprestadocedido\":\"Espa\\u00e7o emprestado\\\/cedido\",\"p27_espacoproprio\":\"Espa\\u00e7o pr\\u00f3prio\",\"p28_territorios\":\"Regi\\u00e3o da Cidade\",\"p30_outrasorganizacoes\":\"Sim\",\"p32_campanhadelongaduracao\":\"N\\u00e3o\",\"p34_estadual\":\"Estadual\",\"p36_conselhosdeparticipacaoecontrolesocial\":\"Sim\",\"p38_nenhum\":\"Nenhum\",\"p40_editais\":\"Sim\",\"p41_publicoestatal\":\"P\\u00fablico-Estatal\",\"p41_privadopf\":\"Privado (P. F\\u00edsica)\",\"p41_privadopj\":\"Privado (P. Jur\\u00eddica)\",\"p41_autofinanciamento\":\"Autofinanciamento\",\"p41_financiamentocoletivo0\":\"Financiamento coletivo\",\"p42_meiodedivulgacaoproprio\":\"Sim\",\"p43_facebook\":\"Facebook\",\"p43_sitesblogs\":\"Blogs\\\/sites\",\"p44_nenhum\":\"Nenhum\",\"p39_publico\":\"COMUNIDADES RURAIS\",\"p45_bandeira\":\"SUJEITOS DIREITO DIREITO EDUCA\\u00c7\\u00c3O EMANCIPA\\u00c7\\u00c3O\",\"p46_hashtags\":\"#ECONOMIASOLIDARIA #EDUCACAODOCAMPO #FUNDOROTATIVOSOLIDARIO\"},{\"p1_eixo\":\"Cultura\",\"p9_tipoorganizacao\":\"Coletivo\",\"p12_uf\":\"SP\",\"p13_cidade\":\"SANTOS\",\"p16_bairro\":\"Bairro\",\"p16_cidade\":\"Cidade\",\"p17_ano\":\"2018\",\"p18_comunicacao\":\"Comunica\\u00e7\\u00e3o\",\"p18_difusaoartistica\":\"Difus\\u00e3o Art\\u00edstica\",\"p18_direitoshumanos\":\"Direitos humanos\",\"p18_educacao\":\"Educa\\u00e7\\u00e3o\",\"p18_feminismos\":\"Feminismos\",\"p18_lgbtqi\":\"LGBTQI\",\"p18_lutaantirracismo\":\"Luta antirracismo\",\"p18_mobilidade\":\"Mobilidade\",\"p18_moradia\":\"Moradia\",\"p18_povosecomunidadestradicionais\":\"Povos e comunidades tradicionais\",\"p18_trabalho\":\"Trabalho\",\"p18_religiao\":\"Religi\\u00e3o\",\"p18_saude\":\"Sa\\u00fade\",\"p18_violencia\":\"Viol\\u00eancia\",\"p18_politicasculturais\":\"Pol\\u00edticas Culturais\",\"p19_direitoshumanos\":\"Direitos humanos\",\"p19_educacao\":\"Educa\\u00e7\\u00e3o\",\"p19_lutaantirracismo\":\"Luta antirracismo\",\"p19_povosecomunidadestradicionais\":\"Povos e comunidades tradicionais\",\"p19_politicasculturais\":\"Pol\\u00edticas Culturais\",\"p20_reunioes\":\"Reuni\\u00f5es\",\"p20_atendimento\":\"Atendimento\",\"p20_oficinas\":\"Oficinas\",\"p20_oficinasaulasartisticas\":\"Ensaios\\\/Oficinas\\\/Aulas art\\u00edsticas\",\"p20_formacao\":\"Forma\\u00e7\\u00e3o\",\"p20_profissionalizacao\":\"Profissionaliza\\u00e7\\u00e3o\",\"p21_racismo\":\"Racismo\",\"p21_nenhum\":\"Nenhum\",\"p22_numerodeparticipantes\":\"1  - 15\",\"p23_reunioes\":\"Reuni\\u00f5es\",\"p23_atendimento\":\"Atendimento\",\"p23_oficinas\":\"Oficinas\",\"p23_oficinasaulasartisticas\":\"Ensaio\\\/Oficinas\\\/Aulas Art\\u00edsticas\",\"p23_profissionalizacao\":\"Profissionaliza\\u00e7\\u00e3o\",\"p23_apresentacoesartisticas\":\"Apresenta\\u00e7\\u00f5es Art\\u00edsticas\",\"p24_formacao\":\"Forma\\u00e7\\u00e3o\",\"p24_apresentacoesartisticas\":\"Apresenta\\u00e7\\u00f5es art\\u00edsticas\",\"p24_outros\":\"Outros\",\"p25_numerodepessoas\":\"100 - 200\",\"p26_numerodepessoas\":\"40 - 60\",\"p27_espacopublico\":\"Espa\\u00e7o p\\u00fablico\",\"p27_espacoemprestadocedido\":\"Espa\\u00e7o emprestado\\\/cedido\",\"p28_territorios\":\"Regi\\u00e3o da Cidade\",\"p30_outrasorganizacoes\":\"Sim\",\"p32_campanhadelongaduracao\":\"N\\u00e3o\",\"p34_estadual\":\"Estadual\",\"p34_nenhuma\":\"Nenhuma\",\"p36_conselhosdeparticipacaoecontrolesocial\":\"N\\u00e3o\",\"p38_nenhum\":\"Nenhum\",\"p40_editais\":\"Sim\",\"p41_publicoestatal\":\"P\\u00fablico-Estatal\",\"p41_privadopj\":\"Privado (P. Jur\\u00eddica)\",\"p41_autofinanciamento\":\"Autofinanciamento\",\"p41_financiamentocoletivo0\":\"Financiamento coletivo\",\"p42_meiodedivulgacaoproprio\":\"Sim\",\"p43_facebook\":\"Facebook\",\"p43_sitesblogs\":\"Blogs\\\/sites\",\"p44_sitesblogs\":\"Sites ou Blogs\",\"p44_nenhum\":\"Nenhum\",\"p39_publico\":\"POPULA\\u00c7\\u00c3O NEGRA\",\"p45_bandeira\":\" RA\\u00c7A DEBATE\",\"p46_hashtags\":\"#RACISMO #MULHERESNEGRAS #MEMORIA\"},{\"p1_eixo\":\"Cultura\",\"p9_tipoorganizacao\":\"Coletivo\",\"p12_uf\":\"SP\",\"p13_cidade\":\"S\\u00c3O PAULO\",\"p16_bairro\":\"Bairro\",\"p17_ano\":\"2015\",\"p16_estado\":\"Estado\",\"p18_agrario\":\"Agr\\u00e1rio\\\/ruralidades\",\"p18_comunicacao\":\"Comunica\\u00e7\\u00e3o\",\"p18_difusaoartistica\":\"Difus\\u00e3o Art\\u00edstica\",\"p18_desenvolvimentoterritorial\":\"Desenvolvimento territorial\",\"p18_direitoshumanos\":\"Direitos humanos\",\"p18_educacao\":\"Educa\\u00e7\\u00e3o\",\"p18_feminismos\":\"Feminismos\",\"p18_lgbtqi\":\"LGBTQI\",\"p18_lutaantirracismo\":\"Luta antirracismo\",\"p18_mobilidade\":\"Mobilidade\",\"p18_moradia\":\"Moradia\",\"p18_povosecomunidadestradicionais\":\"Povos e comunidades tradicionais\",\"p18_trabalho\":\"Trabalho\",\"p18_saude\":\"Sa\\u00fade\",\"p18_violencia\":\"Viol\\u00eancia\",\"p18_politicasculturais\":\"Pol\\u00edticas Culturais\",\"p19_direitoshumanos\":\"Direitos humanos\",\"p19_educacao\":\"Educa\\u00e7\\u00e3o\",\"p19_lutaantirracismo\":\"Luta antirracismo\",\"p19_povosecomunidadestradicionais\":\"Povos e comunidades tradicionais\",\"p19_politicasculturais\":\"Pol\\u00edticas Culturais\",\"p20_reunioes\":\"Reuni\\u00f5es\",\"p20_atendimento\":\"Atendimento\",\"p20_oficinasaulasartisticas\":\"Ensaios\\\/Oficinas\\\/Aulas art\\u00edsticas\",\"p20_cursos\":\"Cursos\",\"p20_formacao\":\"Forma\\u00e7\\u00e3o\",\"p20_profissionalizacao\":\"Profissionaliza\\u00e7\\u00e3o\",\"p20_apresentacoesartisticas\":\"Apresenta\\u00e7\\u00f5es art\\u00edsticas\",\"p21_racismo\":\"Racismo\",\"p21_nenhum\":\"Nenhum\",\"p22_numerodeparticipantes\":\"1  - 15\",\"p23_reunioes\":\"Reuni\\u00f5es\",\"p23_atendimento\":\"Atendimento\",\"p23_oficinas\":\"Oficinas\",\"p23_formacao\":\"Forma\\u00e7\\u00e3o\",\"p23_profissionalizacao\":\"Profissionaliza\\u00e7\\u00e3o\",\"p23_apresentacoesartisticas\":\"Apresenta\\u00e7\\u00f5es Art\\u00edsticas\",\"p24_reunioes\":\"Reuni\\u00f5es\",\"p24_atendimento\":\"Atendimentos\",\"p24_oficinas\":\"Oficinas\",\"p24_oficinasaulasartisticas\":\"Ensaios\\\/Oficinas\\\/Aulas art\\u00edsticas\",\"p24_curso\":\"Curso\",\"p24_profissionalizacao\":\"Profissionaliza\\u00e7\\u00e3o\",\"p24_apresentacoesartisticas\":\"Apresenta\\u00e7\\u00f5es art\\u00edsticas\",\"p24_outros\":\"Outros\",\"p25_numerodepessoas\":\"20 - 40\",\"p26_numerodepessoas\":\"300 - 400\",\"p27_espacopublico\":\"Espa\\u00e7o p\\u00fablico\",\"p27_espacoemprestadocedido\":\"Espa\\u00e7o emprestado\\\/cedido\",\"p28_territorios\":\"Regi\\u00e3o da Cidade\",\"p30_outrasorganizacoes\":\"N\\u00e3o\",\"p32_campanhadelongaduracao\":\"N\\u00e3o\",\"p34_nacional\":\"Nacional\",\"p34_nenhuma\":\"Nenhuma\",\"p36_conselhosdeparticipacaoecontrolesocial\":\"N\\u00e3o\",\"p38_sim\":\"Sim\",\"p38_nenhum\":\"Nenhum\",\"p40_editais\":\"N\\u00e3o\",\"p41_privadopj\":\"Privado (P. Jur\\u00eddica)\",\"p41_autofinanciamento\":\"Autofinanciamento\",\"p41_financiamentocoletivo0\":\"Financiamento coletivo\",\"p42_meiodedivulgacaoproprio\":\"Sim\",\"p43_email\":\"E-mail\",\"p43_facebook\":\"Facebook\",\"p44_radio\":\"R\\u00e1dio\",\"p44_redessociais\":\"Redes sociais (Facebook, YouTube, Instagram etc.)\",\"p44_sitesblogs\":\"Sites ou Blogs\",\"p39_publico\":\"LEVAR A\\u00c7\\u00d5ES CIDADANIA POPULA\\u00c7\\u00c3O\",\"p45_bandeira\":\"PROMOVER-A\\u00c7\\u00d5ES CIDADANIA POPULA\\u00c7\\u00c3O-EM-SITUA\\u00c7\\u00c3O-DE-VULNERABILIDADE\",\"p46_hashtags\":\"#CIDADANIA #EDUCACAO #SAUDE\"},{\"p1_eixo\":\"Cultura\",\"p9_tipoorganizacao\":\"Movimento Social\",\"p12_uf\":\"SC\",\"p13_cidade\":\"CAPIVARI DE BAIXO\",\"p16_cidade\":\"Cidade\",\"p17_ano\":\"1994\",\"p16_estado\":\"Estado\",\"p18_agrario\":\"Agr\\u00e1rio\\\/ruralidades\",\"p18_comunicacao\":\"Comunica\\u00e7\\u00e3o\",\"p18_difusaoartistica\":\"Difus\\u00e3o Art\\u00edstica\",\"p18_desenvolvimentoterritorial\":\"Desenvolvimento territorial\",\"p18_direitoshumanos\":\"Direitos humanos\",\"p18_educacao\":\"Educa\\u00e7\\u00e3o\",\"p18_feminismos\":\"Feminismos\",\"p18_lgbtqi\":\"LGBTQI\",\"p18_lutaantirracismo\":\"Luta antirracismo\",\"p18_mobilidade\":\"Mobilidade\",\"p18_povosecomunidadestradicionais\":\"Povos e comunidades tradicionais\",\"p18_trabalho\":\"Trabalho\",\"p18_saude\":\"Sa\\u00fade\",\"p18_violencia\":\"Viol\\u00eancia\",\"p18_politicasculturais\":\"Pol\\u00edticas Culturais\",\"p19_educacao\":\"Educa\\u00e7\\u00e3o\",\"p19_lutaantirracismo\":\"Luta antirracismo\",\"p19_povosecomunidadestradicionais\":\"Povos e comunidades tradicionais\",\"p19_difusaoartistica\":\"Difus\\u00e3o Art\\u00edstica\",\"p20_reunioes\":\"Reuni\\u00f5es\",\"p20_atendimento\":\"Atendimento\",\"p20_oficinas\":\"Oficinas\",\"p20_oficinasaulasartisticas\":\"Ensaios\\\/Oficinas\\\/Aulas art\\u00edsticas\",\"p20_cursos\":\"Cursos\",\"p20_formacao\":\"Forma\\u00e7\\u00e3o\",\"p20_profissionalizacao\":\"Profissionaliza\\u00e7\\u00e3o\",\"p20_apresentacoesartisticas\":\"Apresenta\\u00e7\\u00f5es art\\u00edsticas\",\"p21_racismo\":\"Racismo\",\"p21_nenhum\":\"Nenhum\",\"p22_numerodeparticipantes\":\"30 - 45\",\"p23_reunioes\":\"Reuni\\u00f5es\",\"p23_atendimento\":\"Atendimento\",\"p23_oficinas\":\"Oficinas\",\"p23_formacao\":\"Forma\\u00e7\\u00e3o\",\"p24_reunioes\":\"Reuni\\u00f5es\",\"p24_atendimento\":\"Atendimentos\",\"p24_oficinas\":\"Oficinas\",\"p24_oficinasaulasartisticas\":\"Ensaios\\\/Oficinas\\\/Aulas art\\u00edsticas\",\"p24_curso\":\"Curso\",\"p24_profissionalizacao\":\"Profissionaliza\\u00e7\\u00e3o\",\"p24_apresentacoesartisticas\":\"Apresenta\\u00e7\\u00f5es art\\u00edsticas\",\"p24_outros\":\"Outros\",\"p25_numerodepessoas\":\"60 - 80\",\"p26_numerodepessoas\":\"20 - 40\",\"p27_espacoemprestadocedido\":\"Espa\\u00e7o emprestado\\\/cedido\",\"p28_territorios\":\"Regi\\u00e3o da Cidade\",\"p30_outrasorganizacoes\":\"Sim\",\"p32_campanhadelongaduracao\":\"Sim\",\"p34_nacional\":\"Nacional\",\"p34_nenhuma\":\"Nenhuma\",\"p36_conselhosdeparticipacaoecontrolesocial\":\"Sim\",\"p38_sim\":\"Sim\",\"p38_nenhum\":\"Nenhum\",\"p40_editais\":\"N\\u00e3o\",\"p41_privadopj\":\"Privado (P. Jur\\u00eddica)\",\"p41_autofinanciamento\":\"Autofinanciamento\",\"p41_financiamentocoletivo0\":\"Financiamento coletivo\",\"p42_meiodedivulgacaoproprio\":\"Sim\",\"p43_email\":\"E-mail\",\"p43_facebook\":\"Facebook\",\"p43_instagram\":\"Instagram\",\"p43_twitter\":\"Twitter\",\"p44_radio\":\"TV\",\"p44_jornaisimpressosdegrandecirculacao\":\"Jornais impressos de grande circula\\u00e7\\u00e3o\",\"p44_redessociais\":\"Redes sociais (Facebook, YouTube, Instagram etc.)\",\"p39_publico\":\"JUVENTUDE QUILOMBOLA\",\"p45_bandeira\":\"RECONHECIMENTO ANCESTRALIDADE FORTALECER IDENTIDADE VIV\\u00caNCIA CULTURAL\",\"p46_hashtags\":\"#RESISTENCIA  #EMPODERAMENTO  #SOLIDARIEDADE\"},{\"p1_eixo\":\"Cultura\",\"p9_tipoorganizacao\":\"Coletivo\",\"p12_uf\":\"RJ\",\"p13_cidade\":\"BARRA DO PIRA\\u00cd\",\"p16_cidade\":\"Cidade\",\"p16_nacional\":\"Nacional\",\"p17_ano\":\"2002\",\"p18_agrario\":\"Agr\\u00e1rio\\\/ruralidades\",\"p18_comunicacao\":\"Comunica\\u00e7\\u00e3o\",\"p18_difusaoartistica\":\"Difus\\u00e3o Art\\u00edstica\",\"p18_direitoshumanos\":\"Direitos humanos\",\"p18_educacao\":\"Educa\\u00e7\\u00e3o\",\"p18_feminismos\":\"Feminismos\",\"p18_lgbtqi\":\"LGBTQI\",\"p18_lutaantirracismo\":\"Luta antirracismo\",\"p18_mobilidade\":\"Mobilidade\",\"p18_trabalho\":\"Trabalho\",\"p18_religiao\":\"Religi\\u00e3o\",\"p18_saude\":\"Sa\\u00fade\",\"p18_violencia\":\"Viol\\u00eancia\",\"p18_politicasculturais\":\"Pol\\u00edticas Culturais\",\"p19_educacao\":\"Educa\\u00e7\\u00e3o\",\"p19_lutaantirracismo\":\"Luta antirracismo\",\"p19_povosecomunidadestradicionais\":\"Povos e comunidades tradicionais\",\"p19_religiao\":\"Religi\\u00e3o\",\"p19_difusaoartistica\":\"Difus\\u00e3o Art\\u00edstica\",\"p20_reunioes\":\"Reuni\\u00f5es\",\"p20_atendimento\":\"Atendimento\",\"p20_oficinas\":\"Oficinas\",\"p20_oficinasaulasartisticas\":\"Ensaios\\\/Oficinas\\\/Aulas art\\u00edsticas\",\"p20_formacao\":\"Forma\\u00e7\\u00e3o\",\"p20_profissionalizacao\":\"Profissionaliza\\u00e7\\u00e3o\",\"p20_apresentacoesartisticas\":\"Apresenta\\u00e7\\u00f5es art\\u00edsticas\",\"p21_intoleranciareligiosa\":\"Fundamentalismo\\\/intoler\\u00e2ncia religiosa\",\"p21_racismo\":\"Racismo\",\"p21_enfrentamentocomgruposprivadosarmados\":\"Enfrentamento com grupos privados armados\",\"p21_nenhum\":\"Nenhum\",\"p22_numerodeparticipantes\":\"1  - 15\",\"p23_reunioes\":\"Reuni\\u00f5es\",\"p23_atendimento\":\"Atendimento\",\"p23_oficinas\":\"Oficinas\",\"p24_oficinasaulasartisticas\":\"Ensaios\\\/Oficinas\\\/Aulas art\\u00edsticas\",\"p24_apresentacoesartisticas\":\"Apresenta\\u00e7\\u00f5es art\\u00edsticas\",\"p24_outros\":\"Outros\",\"p25_numerodepessoas\":\"200 - 300\",\"p26_numerodepessoas\":\"Mais de 500\",\"p27_espacopublico\":\"Espa\\u00e7o p\\u00fablico\",\"p27_espacoemprestadocedido\":\"Espa\\u00e7o emprestado\\\/cedido\",\"p28_territorios\":\"Cidade\",\"p30_outrasorganizacoes\":\"Sim\",\"p32_campanhadelongaduracao\":\"Sim\",\"p34_municipal\":\"Municipal\",\"p34_estadual\":\"Estadual\",\"p34_nacional\":\"Nacional\",\"p34_nenhuma\":\"Nenhuma\",\"p36_conselhosdeparticipacaoecontrolesocial\":\"Sim\",\"p38_nenhum\":\"Nenhum\",\"p40_editais\":\"Sim\",\"p41_autofinanciamento\":\"Autofinanciamento\",\"p41_financiamentocoletivo0\":\"Financiamento coletivo\",\"p42_meiodedivulgacaoproprio\":\"Sim\",\"p43_facebook\":\"Facebook\",\"p43_whatsapp\":\"WhatsApp\",\"p43_instagram\":\"Instagram\",\"p43_twitter\":\"Twitter\",\"p43_sitesblogs\":\"Blogs\\\/sites\",\"p44_radio\":\"TV\",\"p44_jornaisimpressosdegrandecirculacao\":\"Jornais impressos de grande circula\\u00e7\\u00e3o\",\"p44_jornaisimpressosdebairro\":\"Jornais impressos de bairro\",\"p44_redessociais\":\"Redes sociais (Facebook, YouTube, Instagram etc.)\",\"p44_sitesblogs\":\"Sites ou Blogs\",\"p39_publico\":\"POPULA\\u00c7\\u00c3O NEGRA\",\"p45_bandeira\":\"IGUALDADE RACIAL POL\\u00cdTICAS SOCIAIS P\\u00daBLICOS VULNERABILIZADOS\",\"p46_hashtags\":\"#RACISMO #PRECONCEITO #POLITICASSOCIAIS\"},{\"p1_eixo\":\"Cultura\",\"p9_tipoorganizacao\":\"F\\u00f3rum\",\"p12_uf\":\"RJ\",\"p13_cidade\":\"CAMPOS DOS GOYTACAZES\",\"p16_nacional\":\"Nacional\",\"p17_ano\":\"2010\",\"p18_agrario\":\"Agr\\u00e1rio\\\/ruralidades\",\"p18_comunicacao\":\"Comunica\\u00e7\\u00e3o\",\"p18_difusaoartistica\":\"Difus\\u00e3o Art\\u00edstica\",\"p18_direitoshumanos\":\"Direitos humanos\",\"p18_educacao\":\"Educa\\u00e7\\u00e3o\",\"p18_feminismos\":\"Feminismos\",\"p18_lutaantirracismo\":\"Luta antirracismo\",\"p18_mobilidade\":\"Mobilidade\",\"p18_trabalho\":\"Trabalho\",\"p18_religiao\":\"Religi\\u00e3o\",\"p18_saude\":\"Sa\\u00fade\",\"p18_violencia\":\"Viol\\u00eancia\",\"p18_politicasculturais\":\"Pol\\u00edticas Culturais\",\"p19_direitoshumanos\":\"Direitos humanos\",\"p19_educacao\":\"Educa\\u00e7\\u00e3o\",\"p19_lutaantirracismo\":\"Luta antirracismo\",\"p19_povosecomunidadestradicionais\":\"Povos e comunidades tradicionais\",\"p19_religiao\":\"Religi\\u00e3o\",\"p19_politicasculturais\":\"Pol\\u00edticas Culturais\",\"p20_atendimento\":\"Atendimento\",\"p20_oficinasaulasartisticas\":\"Ensaios\\\/Oficinas\\\/Aulas art\\u00edsticas\",\"p20_formacao\":\"Forma\\u00e7\\u00e3o\",\"p20_profissionalizacao\":\"Profissionaliza\\u00e7\\u00e3o\",\"p20_apresentacoesartisticas\":\"Apresenta\\u00e7\\u00f5es art\\u00edsticas\",\"p21_intoleranciareligiosa\":\"Fundamentalismo\\\/intoler\\u00e2ncia religiosa\",\"p21_racismo\":\"Racismo\",\"p21_enfrentamentocomgruposprivadosarmados\":\"Enfrentamento com grupos privados armados\",\"p21_nenhum\":\"Nenhum\",\"p22_numerodeparticipantes\":\"1  - 15\",\"p23_reunioes\":\"Reuni\\u00f5es\",\"p23_apresentacoesartisticas\":\"Apresenta\\u00e7\\u00f5es Art\\u00edsticas\",\"p24_oficinasaulasartisticas\":\"Ensaios\\\/Oficinas\\\/Aulas art\\u00edsticas\",\"p24_apresentacoesartisticas\":\"Apresenta\\u00e7\\u00f5es art\\u00edsticas\",\"p25_numerodepessoas\":\"Mais de 500\",\"p26_numerodepessoas\":\"Mais de 500\",\"p27_espacopublico\":\"Espa\\u00e7o p\\u00fablico\",\"p27_virtual\":\"Virtual\",\"p28_territorios\":\"Atua\\u00e7\\u00e3o Nacional\",\"p30_outrasorganizacoes\":\"Sim\",\"p32_campanhadelongaduracao\":\"N\\u00e3o\",\"p34_municipal\":\"Municipal\",\"p34_estadual\":\"Estadual\",\"p34_nacional\":\"Nacional\",\"p36_conselhosdeparticipacaoecontrolesocial\":\"Sim\",\"p38_nenhum\":\"Nenhum\",\"p40_editais\":\"Sim\",\"p41_publicoestatal\":\"P\\u00fablico-Estatal\",\"p41_privadopf\":\"Privado (P. F\\u00edsica)\",\"p41_autofinanciamento\":\"Autofinanciamento\",\"p41_financiamentocoletivo0\":\"Financiamento coletivo\",\"p42_meiodedivulgacaoproprio\":\"Sim\",\"p43_email\":\"E-mail\",\"p43_facebook\":\"Facebook\",\"p43_whatsapp\":\"WhatsApp\",\"p43_instagram\":\"Instagram\",\"p43_twitter\":\"Twitter\",\"p43_sitesblogs\":\"Blogs\\\/sites\",\"p43_youtube\":\"YouTube\",\"p44_radio\":\"TV\",\"p44_jornaisimpressosdegrandecirculacao\":\"Jornais impressos de grande circula\\u00e7\\u00e3o\",\"p44_jornaisimpressosdebairro\":\"Jornais impressos de bairro\",\"p44_redessociais\":\"Redes sociais (Facebook, YouTube, Instagram etc.)\",\"p44_sitesblogs\":\"Sites ou Blogs\",\"p39_publico\":\"COMUNIDADES TRADICIONAIS\",\"p45_bandeira\":\"DEFESA ESSES GRUPOS MARGINALIZADOS\",\"p46_hashtags\":\"#NOSPORNOS\"},{\"p1_eixo\":\"Cultura\",\"p9_tipoorganizacao\":\"Coletivo\",\"p12_uf\":\"ES\",\"p13_cidade\":\"ARACRUZ\",\"p16_cidade\":\"Cidade\",\"p16_nacional\":\"Nacional\",\"p17_ano\":\"2015\",\"p18_comunicacao\":\"Comunica\\u00e7\\u00e3o\",\"p18_difusaoartistica\":\"Difus\\u00e3o Art\\u00edstica\",\"p18_direitoshumanos\":\"Direitos humanos\",\"p18_educacao\":\"Educa\\u00e7\\u00e3o\",\"p18_feminismos\":\"Feminismos\",\"p18_lutaantirracismo\":\"Luta antirracismo\",\"p18_trabalho\":\"Trabalho\",\"p18_violencia\":\"Viol\\u00eancia\",\"p18_politicasculturais\":\"Pol\\u00edticas Culturais\",\"p19_direitoshumanos\":\"Direitos humanos\",\"p19_educacao\":\"Educa\\u00e7\\u00e3o\",\"p19_feminismos\":\"Feminismos\",\"p19_difusaoartistica\":\"Difus\\u00e3o Art\\u00edstica\",\"p19_politicasculturais\":\"Pol\\u00edticas Culturais\",\"p20_reunioes\":\"Reuni\\u00f5es\",\"p20_oficinas\":\"Oficinas\",\"p20_oficinasaulasartisticas\":\"Ensaios\\\/Oficinas\\\/Aulas art\\u00edsticas\",\"p20_apresentacoesartisticas\":\"Apresenta\\u00e7\\u00f5es art\\u00edsticas\",\"p21_nenhum\":\"Nenhum\",\"p22_numerodeparticipantes\":\"1  - 15\",\"p23_reunioes\":\"Reuni\\u00f5es\",\"p23_apresentacoesartisticas\":\"Apresenta\\u00e7\\u00f5es Art\\u00edsticas\",\"p24_reunioes\":\"Reuni\\u00f5es\",\"p24_oficinasaulasartisticas\":\"Ensaios\\\/Oficinas\\\/Aulas art\\u00edsticas\",\"p24_apresentacoesartisticas\":\"Apresenta\\u00e7\\u00f5es art\\u00edsticas\",\"p25_numerodepessoas\":\"100 - 200\",\"p26_numerodepessoas\":\"100 - 200\",\"p27_espacopublico\":\"Espa\\u00e7o p\\u00fablico\",\"p27_espacoemprestadocedido\":\"Espa\\u00e7o emprestado\\\/cedido\",\"p27_virtual\":\"Virtual\",\"p27_ocupacao\":\"Ocupa\\u00e7\\u00e3o\",\"p28_territorios\":\"Regi\\u00e3o da Cidade\",\"p30_outrasorganizacoes\":\"N\\u00e3o\",\"p32_campanhadelongaduracao\":\"N\\u00e3o\",\"p34_nacional\":\"Nacional\",\"p34_internacional\":\"Internacional\",\"p36_conselhosdeparticipacaoecontrolesocial\":\"N\\u00e3o\",\"p38_sim\":\"Sim\",\"p38_nenhum\":\"Nenhum\",\"p40_editais\":\"Sim\",\"p41_publicoestatal\":\"P\\u00fablico-Estatal\",\"p41_privadopf\":\"Privado (P. F\\u00edsica)\",\"p41_autofinanciamento\":\"Autofinanciamento\",\"p42_meiodedivulgacaoproprio\":\"Sim\",\"p43_impressoes\":\"Impressos\",\"p43_email\":\"E-mail\",\"p43_facebook\":\"Facebook\",\"p43_whatsapp\":\"WhatsApp\",\"p43_instagram\":\"Instagram\",\"p43_twitter\":\"Twitter\",\"p43_youtube\":\"YouTube\",\"p44_redessociais\":\"Redes sociais (Facebook, YouTube, Instagram etc.)\",\"p39_publico\":\"JOVENS\",\"p45_bandeira\":\"VIVO \\u00daTIL PRODUTIVO\",\"p46_hashtags\":\"#VIVO  #UTIL  #PRODUTIVO\"},{\"p1_eixo\":\"Cultura\",\"p9_tipoorganizacao\":\"Coletivo\",\"p12_uf\":\"SP\",\"p13_cidade\":\"OSASCO\",\"p16_cidade\":\"Cidade\",\"p17_ano\":\"2014\",\"p16_estado\":\"Estado\",\"p18_comunicacao\":\"Comunica\\u00e7\\u00e3o\",\"p18_difusaoartistica\":\"Difus\\u00e3o Art\\u00edstica\",\"p18_direitoshumanos\":\"Direitos humanos\",\"p18_feminismos\":\"Feminismos\",\"p18_povosecomunidadestradicionais\":\"Povos e comunidades tradicionais\",\"p18_politicasculturais\":\"Pol\\u00edticas Culturais\",\"p19_educacao\":\"Educa\\u00e7\\u00e3o\",\"p19_feminismos\":\"Feminismos\",\"p19_povosecomunidadestradicionais\":\"Povos e comunidades tradicionais\",\"p19_difusaoartistica\":\"Difus\\u00e3o Art\\u00edstica\",\"p19_politicasculturais\":\"Pol\\u00edticas Culturais\",\"p20_reunioes\":\"Reuni\\u00f5es\",\"p20_oficinas\":\"Oficinas\",\"p20_oficinasaulasartisticas\":\"Ensaios\\\/Oficinas\\\/Aulas art\\u00edsticas\",\"p20_cursos\":\"Cursos\",\"p20_formacao\":\"Forma\\u00e7\\u00e3o\",\"p20_apresentacoesartisticas\":\"Apresenta\\u00e7\\u00f5es art\\u00edsticas\",\"p20_visitasexcursoes\":\"Visitas\\\/Excurs\\u00f5es\",\"p21_nenhum\":\"Nenhum\",\"p22_numerodeparticipantes\":\"15 - 30\",\"p23_reunioes\":\"Reuni\\u00f5es\",\"p23_atendimento\":\"Atendimento\",\"p23_oficinas\":\"Oficinas\",\"p23_oficinasaulasartisticas\":\"Ensaio\\\/Oficinas\\\/Aulas Art\\u00edsticas\",\"p23_apresentacoesartisticas\":\"Apresenta\\u00e7\\u00f5es Art\\u00edsticas\",\"p23_excursoes\":\"Excurs\\u00f5es\",\"p24_reunioes\":\"Reuni\\u00f5es\",\"p24_oficinas\":\"Oficinas\",\"p24_oficinasaulasartisticas\":\"Ensaios\\\/Oficinas\\\/Aulas art\\u00edsticas\",\"p25_numerodepessoas\":\"20 - 40\",\"p26_numerodepessoas\":\"80 - 100\",\"p27_espacopublico\":\"Espa\\u00e7o p\\u00fablico\",\"p27_espacoemprestadocedido\":\"Espa\\u00e7o emprestado\\\/cedido\",\"p27_virtual\":\"Virtual\",\"p27_ocupacao\":\"Ocupa\\u00e7\\u00e3o\",\"p28_territorios\":\"Cidade\",\"p30_outrasorganizacoes\":\"Sim\",\"p32_campanhadelongaduracao\":\"N\\u00e3o\",\"p34_internacional\":\"Internacional\",\"p34_nenhuma\":\"Nenhuma\",\"p36_conselhosdeparticipacaoecontrolesocial\":\"Sim\",\"p38_sim\":\"Sim\",\"p38_nenhum\":\"Nenhum\",\"p40_editais\":\"Sim\",\"p41_autofinanciamento\":\"Autofinanciamento\",\"p41_financiamentocoletivo0\":\"Financiamento coletivo\",\"p42_meiodedivulgacaoproprio\":\"Sim\",\"p43_impressoes\":\"Impressos\",\"p43_email\":\"E-mail\",\"p43_facebook\":\"Facebook\",\"p43_whatsapp\":\"WhatsApp\",\"p43_instagram\":\"Instagram\",\"p43_twitter\":\"Twitter\",\"p43_sitesblogs\":\"Blogs\\\/sites\",\"p43_youtube\":\"YouTube\",\"p44_redessociais\":\"Redes sociais (Facebook, YouTube, Instagram etc.)\",\"p39_publico\":\"JOVENS ADULTOS\",\"p45_bandeira\":\"CULTURA PERIF\\u00c9RICA POL\\u00cdTICAS P\\u00daBLICAS CULTURA\",\"p46_hashtags\":\"#PORUMANOVACULTURAPOLITICA\"},{\"p1_eixo\":\"Cultura\",\"p9_tipoorganizacao\":\"ONG\",\"p12_uf\":\"RN\",\"p13_cidade\":\"NATAL\",\"p17_ano\":\"1986\",\"p16_estado\":\"Estado\",\"p18_comunicacao\":\"Comunica\\u00e7\\u00e3o\",\"p18_difusaoartistica\":\"Difus\\u00e3o Art\\u00edstica\",\"p18_desenvolvimentoterritorial\":\"Desenvolvimento territorial\",\"p18_direitoshumanos\":\"Direitos humanos\",\"p18_educacao\":\"Educa\\u00e7\\u00e3o\",\"p18_feminismos\":\"Feminismos\",\"p18_lgbtqi\":\"LGBTQI\",\"p18_lutaantirracismo\":\"Luta antirracismo\",\"p18_mobilidade\":\"Mobilidade\",\"p18_moradia\":\"Moradia\",\"p18_povosecomunidadestradicionais\":\"Povos e comunidades tradicionais\",\"p18_trabalho\":\"Trabalho\",\"p18_religiao\":\"Religi\\u00e3o\",\"p18_saude\":\"Sa\\u00fade\",\"p18_violencia\":\"Viol\\u00eancia\",\"p18_politicasculturais\":\"Pol\\u00edticas Culturais\",\"p19_direitoshumanos\":\"Direitos humanos\",\"p19_educacao\":\"Educa\\u00e7\\u00e3o\",\"p19_lutaantirracismo\":\"Luta antirracismo\",\"p19_povosecomunidadestradicionais\":\"Povos e comunidades tradicionais\",\"p19_saude\":\"Sa\\u00fade\",\"p19_politicasculturais\":\"Pol\\u00edticas Culturais\",\"p20_reunioes\":\"Reuni\\u00f5es\",\"p20_atendimento\":\"Atendimento\",\"p20_oficinas\":\"Oficinas\",\"p20_oficinasaulasartisticas\":\"Ensaios\\\/Oficinas\\\/Aulas art\\u00edsticas\",\"p20_cursos\":\"Cursos\",\"p20_formacao\":\"Forma\\u00e7\\u00e3o\",\"p20_apresentacoesartisticas\":\"Apresenta\\u00e7\\u00f5es art\\u00edsticas\",\"p20_visitasexcursoes\":\"Visitas\\\/Excurs\\u00f5es\",\"p21_repressaopolicial\":\"Repress\\u00e3o policial\",\"p21_nenhum\":\"Nenhum\",\"p22_numerodeparticipantes\":\"Mais de 90\",\"p23_reunioes\":\"Reuni\\u00f5es\",\"p23_atendimento\":\"Atendimento\",\"p23_oficinas\":\"Oficinas\",\"p23_oficinasaulasartisticas\":\"Ensaio\\\/Oficinas\\\/Aulas Art\\u00edsticas\",\"p23_apresentacoesartisticas\":\"Apresenta\\u00e7\\u00f5es Art\\u00edsticas\",\"p23_excursoes\":\"Excurs\\u00f5es\",\"p24_reunioes\":\"Reuni\\u00f5es\",\"p24_atendimento\":\"Atendimentos\",\"p24_oficinas\":\"Oficinas\",\"p24_oficinasaulasartisticas\":\"Ensaios\\\/Oficinas\\\/Aulas art\\u00edsticas\",\"p25_numerodepessoas\":\"80 - 100\",\"p26_numerodepessoas\":\"80 - 100\",\"p27_espacopublico\":\"Espa\\u00e7o p\\u00fablico\",\"p28_territorios\":\"Estado\",\"p30_outrasorganizacoes\":\"Sim\",\"p32_campanhadelongaduracao\":\"Sim\",\"p34_nenhuma\":\"Nenhuma\",\"p36_conselhosdeparticipacaoecontrolesocial\":\"N\\u00e3o\",\"p38_nenhum\":\"Nenhum\",\"p40_editais\":\"N\\u00e3o\",\"p41_financiamentocoletivo0\":\"Financiamento coletivo\",\"p42_meiodedivulgacaoproprio\":\"Sim\",\"p43_email\":\"E-mail\",\"p43_facebook\":\"Facebook\",\"p43_whatsapp\":\"WhatsApp\",\"p43_instagram\":\"Instagram\",\"p43_twitter\":\"Twitter\",\"p43_sitesblogs\":\"Blogs\\\/sites\",\"p43_youtube\":\"YouTube\",\"p44_redessociais\":\"Redes sociais (Facebook, YouTube, Instagram etc.)\",\"p39_publico\":\"CRIAN\\u00c7AS JOVENS \",\"p45_bandeira\":\"BEM-ESTAR JOVENS\",\"p46_hashtags\":\"#SERVIR  #LAZER  #FORMACAO\"},{\"p1_eixo\":\"Cultura\",\"p9_tipoorganizacao\":\"Coletivo\",\"p12_uf\":\"RJ\",\"p13_cidade\":\"VOLTA REDONDA\",\"p16_bairro\":\"Bairro\",\"p17_ano\":\"2017\",\"p16_estado\":\"Estado\",\"p18_comunicacao\":\"Comunica\\u00e7\\u00e3o\",\"p18_difusaoartistica\":\"Difus\\u00e3o Art\\u00edstica\",\"p18_desenvolvimentoterritorial\":\"Desenvolvimento territorial\",\"p18_direitoshumanos\":\"Direitos humanos\",\"p18_educacao\":\"Educa\\u00e7\\u00e3o\",\"p18_feminismos\":\"Feminismos\",\"p18_lgbtqi\":\"LGBTQI\",\"p18_lutaantirracismo\":\"Luta antirracismo\",\"p18_mobilidade\":\"Mobilidade\",\"p18_moradia\":\"Moradia\",\"p18_povosecomunidadestradicionais\":\"Povos e comunidades tradicionais\",\"p18_trabalho\":\"Trabalho\",\"p18_religiao\":\"Religi\\u00e3o\",\"p18_saude\":\"Sa\\u00fade\",\"p18_violencia\":\"Viol\\u00eancia\",\"p18_politicasculturais\":\"Pol\\u00edticas Culturais\",\"p19_direitoshumanos\":\"Direitos humanos\",\"p19_lutaantirracismo\":\"Luta antirracismo\",\"p19_povosecomunidadestradicionais\":\"Povos e comunidades tradicionais\",\"p19_saude\":\"Sa\\u00fade\",\"p19_politicasculturais\":\"Pol\\u00edticas Culturais\",\"p20_reunioes\":\"Reuni\\u00f5es\",\"p20_atendimento\":\"Atendimento\",\"p20_oficinas\":\"Oficinas\",\"p20_oficinasaulasartisticas\":\"Ensaios\\\/Oficinas\\\/Aulas art\\u00edsticas\",\"p20_apresentacoesartisticas\":\"Apresenta\\u00e7\\u00f5es art\\u00edsticas\",\"p20_visitasexcursoes\":\"Visitas\\\/Excurs\\u00f5es\",\"p21_repressaopolicial\":\"Repress\\u00e3o policial\",\"p21_intoleranciareligiosa\":\"Fundamentalismo\\\/intoler\\u00e2ncia religiosa\",\"p21_machismo\":\"Machismo\",\"p22_numerodeparticipantes\":\"1  - 15\",\"p23_reunioes\":\"Reuni\\u00f5es\",\"p23_atendimento\":\"Atendimento\",\"p23_oficinasaulasartisticas\":\"Ensaio\\\/Oficinas\\\/Aulas Art\\u00edsticas\",\"p23_apresentacoesartisticas\":\"Apresenta\\u00e7\\u00f5es Art\\u00edsticas\",\"p23_visitas\":\"Visitas\",\"p24_reunioes\":\"Reuni\\u00f5es\",\"p24_atendimento\":\"Atendimentos\",\"p24_oficinas\":\"Oficinas\",\"p24_oficinasaulasartisticas\":\"Ensaios\\\/Oficinas\\\/Aulas art\\u00edsticas\",\"p24_apresentacoesartisticas\":\"Apresenta\\u00e7\\u00f5es art\\u00edsticas\",\"p25_numerodepessoas\":\"1 - 20\",\"p26_numerodepessoas\":\"1 - 20\",\"p27_espacopublico\":\"Espa\\u00e7o p\\u00fablico\",\"p27_espacoemprestadocedido\":\"Espa\\u00e7o emprestado\\\/cedido\",\"p28_territorios\":\"Regi\\u00e3o da Cidade\",\"p30_outrasorganizacoes\":\"Sim\",\"p32_campanhadelongaduracao\":\"Sim\",\"p34_nenhuma\":\"Nenhuma\",\"p36_conselhosdeparticipacaoecontrolesocial\":\"Sim\",\"p38_nenhum\":\"Nenhum\",\"p40_editais\":\"Sim\",\"p41_autofinanciamento\":\"Autofinanciamento\",\"p41_financiamentocoletivo0\":\"Financiamento coletivo\",\"p42_meiodedivulgacaoproprio\":\"Sim\",\"p43_email\":\"E-mail\",\"p43_facebook\":\"Facebook\",\"p43_instagram\":\"Instagram\",\"p43_youtube\":\"YouTube\",\"p44_redessociais\":\"Redes sociais (Facebook, YouTube, Instagram etc.)\",\"p44_sitesblogs\":\"Sites ou Blogs\",\"p39_publico\":\"NEGROS LGBTS MORADORES PERIF\\u00c9RICOS PESSOAS-COM-DEFICI\\u00caNCIA\",\"p45_bandeira\":\"HUMANIZAR\",\"p46_hashtags\":\"#HUMANIZAR\"},{\"p1_eixo\":\"Cultura\",\"p9_tipoorganizacao\":\"ONG\",\"p12_uf\":\"AL\",\"p13_cidade\":\"MACEI\\u00d3\",\"p16_bairro\":\"Bairro\",\"p16_nacional\":\"Nacional\",\"p17_ano\":\"2013\",\"p18_comunicacao\":\"Comunica\\u00e7\\u00e3o\",\"p18_difusaoartistica\":\"Difus\\u00e3o Art\\u00edstica\",\"p18_desenvolvimentoterritorial\":\"Desenvolvimento territorial\",\"p18_direitoshumanos\":\"Direitos humanos\",\"p18_educacao\":\"Educa\\u00e7\\u00e3o\",\"p18_feminismos\":\"Feminismos\",\"p18_lgbtqi\":\"LGBTQI\",\"p18_lutaantirracismo\":\"Luta antirracismo\",\"p18_mobilidade\":\"Mobilidade\",\"p18_povosecomunidadestradicionais\":\"Povos e comunidades tradicionais\",\"p18_trabalho\":\"Trabalho\",\"p18_religiao\":\"Religi\\u00e3o\",\"p18_saude\":\"Sa\\u00fade\",\"p18_violencia\":\"Viol\\u00eancia\",\"p18_politicasculturais\":\"Pol\\u00edticas Culturais\",\"p19_feminismos\":\"Feminismos\",\"p19_lgbtqi\":\"LGBTQI\",\"p19_lutaantirracismo\":\"Luta antirracismo\",\"p19_povosecomunidadestradicionais\":\"Povos e comunidades tradicionais\",\"p19_saude\":\"Sa\\u00fade\",\"p19_politicasculturais\":\"Pol\\u00edticas Culturais\",\"p20_reunioes\":\"Reuni\\u00f5es\",\"p20_atendimento\":\"Atendimento\",\"p20_oficinas\":\"Oficinas\",\"p20_oficinasaulasartisticas\":\"Ensaios\\\/Oficinas\\\/Aulas art\\u00edsticas\",\"p20_formacao\":\"Forma\\u00e7\\u00e3o\",\"p20_apresentacoesartisticas\":\"Apresenta\\u00e7\\u00f5es art\\u00edsticas\",\"p20_visitasexcursoes\":\"Visitas\\\/Excurs\\u00f5es\",\"p21_repressaopolicial\":\"Repress\\u00e3o policial\",\"p21_intoleranciareligiosa\":\"Fundamentalismo\\\/intoler\\u00e2ncia religiosa\",\"p21_xenofobia\":\"Xenofobia\",\"p21_machismo\":\"Machismo\",\"p21_racismo\":\"Racismo\",\"p21_lgbtqifobia\":\"LGBTIfobia\",\"p22_numerodeparticipantes\":\"15 - 30\",\"p23_oficinasaulasartisticas\":\"Ensaio\\\/Oficinas\\\/Aulas Art\\u00edsticas\",\"p23_visitas\":\"Visitas\",\"p23_outros\":\"Outros\",\"p24_atendimento\":\"Atendimentos\",\"p24_oficinas\":\"Oficinas\",\"p24_oficinasaulasartisticas\":\"Ensaios\\\/Oficinas\\\/Aulas art\\u00edsticas\",\"p24_formacao\":\"Forma\\u00e7\\u00e3o\",\"p24_apresentacoesartisticas\":\"Apresenta\\u00e7\\u00f5es art\\u00edsticas\",\"p25_numerodepessoas\":\"60 - 80\",\"p26_numerodepessoas\":\"80 - 100\",\"p27_espacoemprestadocedido\":\"Espa\\u00e7o emprestado\\\/cedido\",\"p28_territorios\":\"Pr\\u00f3prio bairro\",\"p30_outrasorganizacoes\":\"Sim\",\"p32_campanhadelongaduracao\":\"N\\u00e3o\",\"p34_nacional\":\"Nacional\",\"p34_nenhuma\":\"Nenhuma\",\"p36_conselhosdeparticipacaoecontrolesocial\":\"Sim\",\"p38_sim\":\"Sim\",\"p38_nenhum\":\"Nenhum\",\"p40_editais\":\"N\\u00e3o\",\"p41_privadopf\":\"Privado (P. F\\u00edsica)\",\"p41_autofinanciamento\":\"Autofinanciamento\",\"p41_financiamentocoletivo0\":\"Financiamento coletivo\",\"p42_meiodedivulgacaoproprio\":\"Sim\",\"p43_impressoes\":\"Impressos\",\"p43_email\":\"E-mail\",\"p43_facebook\":\"Facebook\",\"p43_instagram\":\"Instagram\",\"p43_youtube\":\"YouTube\",\"p44_radio\":\"TV\",\"p44_jornaisimpressosdegrandecirculacao\":\"Jornais impressos de grande circula\\u00e7\\u00e3o\",\"p44_jornaisimpressosdebairro\":\"Jornais impressos de bairro\",\"p44_redessociais\":\"Redes sociais (Facebook, YouTube, Instagram etc.)\",\"p44_sitesblogs\":\"Sites ou Blogs\",\"p39_publico\":\"CRIAN\\u00c7AS ADOLESCENTES ADULTOS IDOSOS\",\"p45_bandeira\":\"CRIAN\\u00c7A ADOLESCENTES LGBT CULTURA SA\\u00daDE\",\"p46_hashtags\":\"#CRIANCAEADOLESCENTE  #CULTURANAPERIFERIA  #TALENTONASCOMUNIDADES\"},{\"p1_eixo\":\"Viol\\u00eancia\",\"p9_tipoorganizacao\":\"Movimento Social\",\"p12_uf\":\"SP\",\"p13_cidade\":\"S\\u00c3O PAULO\",\"p16_cidade\":\"Cidade\",\"p16_nacional\":\"Nacional\",\"p17_ano\":\"2016\",\"p18_agrario\":\"Agr\\u00e1rio\\\/ruralidades\",\"p18_comunicacao\":\"Comunica\\u00e7\\u00e3o\",\"p18_difusaoartistica\":\"Difus\\u00e3o Art\\u00edstica\",\"p18_desenvolvimentoterritorial\":\"Desenvolvimento territorial\",\"p18_direitoshumanos\":\"Direitos humanos\",\"p18_educacao\":\"Educa\\u00e7\\u00e3o\",\"p18_feminismos\":\"Feminismos\",\"p18_lgbtqi\":\"LGBTQI\",\"p18_lutaantirracismo\":\"Luta antirracismo\",\"p18_mobilidade\":\"Mobilidade\",\"p18_moradia\":\"Moradia\",\"p18_povosecomunidadestradicionais\":\"Povos e comunidades tradicionais\",\"p18_trabalho\":\"Trabalho\",\"p18_religiao\":\"Religi\\u00e3o\",\"p18_saude\":\"Sa\\u00fade\",\"p18_violencia\":\"Viol\\u00eancia\",\"p18_politicasculturais\":\"Pol\\u00edticas Culturais\",\"p19_feminismos\":\"Feminismos\",\"p19_lgbtqi\":\"LGBTQI\",\"p19_lutaantirracismo\":\"Luta antirracismo\",\"p19_difusaoartistica\":\"Difus\\u00e3o Art\\u00edstica\",\"p19_politicasculturais\":\"Pol\\u00edticas Culturais\",\"p20_reunioes\":\"Reuni\\u00f5es\",\"p20_atendimento\":\"Atendimento\",\"p20_oficinas\":\"Oficinas\",\"p20_oficinasaulasartisticas\":\"Ensaios\\\/Oficinas\\\/Aulas art\\u00edsticas\",\"p20_formacao\":\"Forma\\u00e7\\u00e3o\",\"p20_visitasexcursoes\":\"Visitas\\\/Excurs\\u00f5es\",\"p21_repressaopolicial\":\"Repress\\u00e3o policial\",\"p21_intoleranciareligiosa\":\"Fundamentalismo\\\/intoler\\u00e2ncia religiosa\",\"p21_xenofobia\":\"Xenofobia\",\"p21_machismo\":\"Machismo\",\"p21_racismo\":\"Racismo\",\"p21_lgbtqifobia\":\"LGBTIfobia\",\"p21_nenhum\":\"Nenhum\",\"p22_numerodeparticipantes\":\"1  - 15\",\"p23_oficinas\":\"Oficinas\",\"p23_oficinasaulasartisticas\":\"Ensaio\\\/Oficinas\\\/Aulas Art\\u00edsticas\",\"p23_outros\":\"Outros\",\"p24_atendimento\":\"Atendimentos\",\"p24_formacao\":\"Forma\\u00e7\\u00e3o\",\"p24_visitasexcursoes\":\"Visitas\\\/Excurs\\u00f5es\",\"p24_outros\":\"Outros\",\"p25_numerodepessoas\":\"Mais de 500\",\"p26_numerodepessoas\":\"100 - 200\",\"p27_espacoemprestadocedido\":\"Espa\\u00e7o emprestado\\\/cedido\",\"p27_espacoproprio\":\"Espa\\u00e7o pr\\u00f3prio\",\"p28_territorios\":\"Estado\",\"p30_outrasorganizacoes\":\"Sim\",\"p32_campanhadelongaduracao\":\"N\\u00e3o\",\"p34_estadual\":\"Estadual\",\"p34_nacional\":\"Nacional\",\"p36_conselhosdeparticipacaoecontrolesocial\":\"N\\u00e3o\",\"p38_sim\":\"Sim\",\"p38_nenhum\":\"Nenhum\",\"p40_editais\":\"Sim\",\"p41_publicoestatal\":\"P\\u00fablico-Estatal\",\"p41_privadopf\":\"Privado (P. F\\u00edsica)\",\"p41_autofinanciamento\":\"Autofinanciamento\",\"p41_financiamentocoletivo0\":\"Financiamento coletivo\",\"p42_meiodedivulgacaoproprio\":\"Sim\",\"p43_impressoes\":\"Impressos\",\"p43_facebook\":\"Facebook\",\"p43_sitesblogs\":\"Blogs\\\/sites\",\"p44_radio\":\"TV\",\"p44_jornaisimpressosdegrandecirculacao\":\"Jornais impressos de grande circula\\u00e7\\u00e3o\",\"p44_jornaisimpressosdebairro\":\"Jornais impressos de bairro\",\"p44_redessociais\":\"Redes sociais (Facebook, YouTube, Instagram etc.)\",\"p44_sitesblogs\":\"Sites ou Blogs\",\"p39_publico\":\"MULHERES NEGRAS DIVERSAS\",\"p45_bandeira\":\"COMBATE RACISMO LUTA CONTRA  LUTA CONTRALGBTFOBIA LUTA CONTRA XENOFOBIA\",\"p46_hashtags\":\"#NOSSOESPACOVEMDELONGE #UMASOBEPUXAAOUTRA\"},{\"p1_eixo\":\"Trabalho\",\"p9_tipoorganizacao\":\"Associa\\u00e7\\u00e3o\",\"p12_uf\":\"MG\",\"p13_cidade\":\"CHAPADA DO NORTE\",\"p16_cidade\":\"Cidade\",\"p17_ano\":\"1982\",\"p18_agrario\":\"Agr\\u00e1rio\\\/ruralidades\",\"p18_comunicacao\":\"Comunica\\u00e7\\u00e3o\",\"p18_difusaoartistica\":\"Difus\\u00e3o Art\\u00edstica\",\"p18_desenvolvimentoterritorial\":\"Desenvolvimento territorial\",\"p18_direitoshumanos\":\"Direitos humanos\",\"p18_educacao\":\"Educa\\u00e7\\u00e3o\",\"p18_feminismos\":\"Feminismos\",\"p18_lgbtqi\":\"LGBTQI\",\"p18_lutaantirracismo\":\"Luta antirracismo\",\"p18_mobilidade\":\"Mobilidade\",\"p18_moradia\":\"Moradia\",\"p18_povosecomunidadestradicionais\":\"Povos e comunidades tradicionais\",\"p18_trabalho\":\"Trabalho\",\"p18_religiao\":\"Religi\\u00e3o\",\"p18_saude\":\"Sa\\u00fade\",\"p18_violencia\":\"Viol\\u00eancia\",\"p18_politicasculturais\":\"Pol\\u00edticas Culturais\",\"p19_educacao\":\"Educa\\u00e7\\u00e3o\",\"p19_feminismos\":\"Feminismos\",\"p19_lutaantirracismo\":\"Luta antirracismo\",\"p19_difusaoartistica\":\"Difus\\u00e3o Art\\u00edstica\",\"p19_politicasculturais\":\"Pol\\u00edticas Culturais\",\"p20_reunioes\":\"Reuni\\u00f5es\",\"p20_atendimento\":\"Atendimento\",\"p20_oficinas\":\"Oficinas\",\"p20_oficinasaulasartisticas\":\"Ensaios\\\/Oficinas\\\/Aulas art\\u00edsticas\",\"p20_cursos\":\"Cursos\",\"p20_formacao\":\"Forma\\u00e7\\u00e3o\",\"p20_profissionalizacao\":\"Profissionaliza\\u00e7\\u00e3o\",\"p20_visitasexcursoes\":\"Visitas\\\/Excurs\\u00f5es\",\"p21_racismo\":\"Racismo\",\"p21_nenhum\":\"Nenhum\",\"p22_numerodeparticipantes\":\"45 - 60\",\"p23_oficinas\":\"Oficinas\",\"p23_oficinasaulasartisticas\":\"Ensaio\\\/Oficinas\\\/Aulas Art\\u00edsticas\",\"p23_cursos\":\"Cursos\",\"p23_formacao\":\"Forma\\u00e7\\u00e3o\",\"p23_profissionalizacao\":\"Profissionaliza\\u00e7\\u00e3o\",\"p24_atendimento\":\"Atendimentos\",\"p24_oficinas\":\"Oficinas\",\"p24_visitasexcursoes\":\"Visitas\\\/Excurs\\u00f5es\",\"p24_outros\":\"Outros\",\"p25_numerodepessoas\":\"20 - 40\",\"p26_numerodepessoas\":\"Mais de 500\",\"p27_espacopublico\":\"Espa\\u00e7o p\\u00fablico\",\"p27_espacoproprio\":\"Espa\\u00e7o pr\\u00f3prio\",\"p28_territorios\":\"Regi\\u00e3o da Cidade\",\"p30_outrasorganizacoes\":\"Sim\",\"p32_campanhadelongaduracao\":\"N\\u00e3o\",\"p34_estadual\":\"Estadual\",\"p34_nacional\":\"Nacional\",\"p36_conselhosdeparticipacaoecontrolesocial\":\"Sim\",\"p38_nenhum\":\"Nenhum\",\"p40_editais\":\"N\\u00e3o\",\"p41_publicoestatal\":\"P\\u00fablico-Estatal\",\"p42_meiodedivulgacaoproprio\":\"Sim\",\"p43_impressoes\":\"Impressos\",\"p43_email\":\"E-mail\",\"p43_facebook\":\"Facebook\",\"p43_instagram\":\"Instagram\",\"p43_sitesblogs\":\"Blogs\\\/sites\",\"p43_youtube\":\"YouTube\",\"p44_radio\":\"TV\",\"p44_jornaisimpressosdebairro\":\"Jornais impressos de bairro\",\"p44_redessociais\":\"Redes sociais (Facebook, YouTube, Instagram etc.)\",\"p44_sitesblogs\":\"Sites ou Blogs\",\"p39_publico\":\"CRIAN\\u00c7AS \",\"p45_bandeira\":\"UNIVERSIDADE FEDERAL MINAS GERAIS CULTURA DIREITO CRIAN\\u00c7A ADOLESCENTE\",\"p46_hashtags\":\"#DIREITOS #CIDADANIA\"},{\"p1_eixo\":\"Viol\\u00eancia\",\"p9_tipoorganizacao\":\"Movimento Social\",\"p12_uf\":\"MG\",\"p13_cidade\":\"UBERL\\u00c2NDIA\",\"p16_cidade\":\"Cidade\",\"p17_ano\":\"2006\",\"p16_estado\":\"Estado\",\"p18_comunicacao\":\"Comunica\\u00e7\\u00e3o\",\"p18_difusaoartistica\":\"Difus\\u00e3o Art\\u00edstica\",\"p18_desenvolvimentoterritorial\":\"Desenvolvimento territorial\",\"p18_direitoshumanos\":\"Direitos humanos\",\"p18_educacao\":\"Educa\\u00e7\\u00e3o\",\"p18_feminismos\":\"Feminismos\",\"p18_lgbtqi\":\"LGBTQI\",\"p18_lutaantirracismo\":\"Luta antirracismo\",\"p18_mobilidade\":\"Mobilidade\",\"p18_moradia\":\"Moradia\",\"p18_povosecomunidadestradicionais\":\"Povos e comunidades tradicionais\",\"p18_trabalho\":\"Trabalho\",\"p18_religiao\":\"Religi\\u00e3o\",\"p18_saude\":\"Sa\\u00fade\",\"p18_violencia\":\"Viol\\u00eancia\",\"p18_politicasculturais\":\"Pol\\u00edticas Culturais\",\"p19_educacao\":\"Educa\\u00e7\\u00e3o\",\"p19_feminismos\":\"Feminismos\",\"p19_lutaantirracismo\":\"Luta antirracismo\",\"p19_moradia\":\"Moradia\",\"p19_saude\":\"Sa\\u00fade\",\"p19_politicasculturais\":\"Pol\\u00edticas Culturais\",\"p20_reunioes\":\"Reuni\\u00f5es\",\"p20_atendimento\":\"Atendimento\",\"p20_oficinas\":\"Oficinas\",\"p20_oficinasaulasartisticas\":\"Ensaios\\\/Oficinas\\\/Aulas art\\u00edsticas\",\"p20_cursos\":\"Cursos\",\"p20_formacao\":\"Forma\\u00e7\\u00e3o\",\"p20_profissionalizacao\":\"Profissionaliza\\u00e7\\u00e3o\",\"p21_racismo\":\"Racismo\",\"p21_nenhum\":\"Nenhum\",\"p22_numerodeparticipantes\":\"1  - 15\",\"p23_reunioes\":\"Reuni\\u00f5es\",\"p23_atendimento\":\"Atendimento\",\"p23_oficinas\":\"Oficinas\",\"p23_oficinasaulasartisticas\":\"Ensaio\\\/Oficinas\\\/Aulas Art\\u00edsticas\",\"p23_cursos\":\"Cursos\",\"p23_formacao\":\"Forma\\u00e7\\u00e3o\",\"p23_profissionalizacao\":\"Profissionaliza\\u00e7\\u00e3o\",\"p24_reunioes\":\"Reuni\\u00f5es\",\"p24_atendimento\":\"Atendimentos\",\"p24_oficinas\":\"Oficinas\",\"p24_oficinasaulasartisticas\":\"Ensaios\\\/Oficinas\\\/Aulas art\\u00edsticas\",\"p24_curso\":\"Curso\",\"p24_formacao\":\"Forma\\u00e7\\u00e3o\",\"p25_numerodepessoas\":\"80 - 100\",\"p26_numerodepessoas\":\"40 - 60\",\"p27_espacopublico\":\"Espa\\u00e7o p\\u00fablico\",\"p27_espacoproprio\":\"Espa\\u00e7o pr\\u00f3prio\",\"p28_territorios\":\"Cidade\",\"p30_outrasorganizacoes\":\"Sim\",\"p32_campanhadelongaduracao\":\"Sim\",\"p34_municipal\":\"Municipal\",\"p34_estadual\":\"Estadual\",\"p34_nacional\":\"Nacional\",\"p34_internacional\":\"Internacional\",\"p36_conselhosdeparticipacaoecontrolesocial\":\"N\\u00e3o\",\"p38_nenhum\":\"Nenhum\",\"p40_editais\":\"Sim\",\"p41_publicoestatal\":\"P\\u00fablico-Estatal\",\"p41_privadopj\":\"Privado (P. Jur\\u00eddica)\",\"p42_meiodedivulgacaoproprio\":\"Sim\",\"p43_impressoes\":\"Impressos\",\"p43_email\":\"E-mail\",\"p43_facebook\":\"Facebook\",\"p43_whatsapp\":\"WhatsApp\",\"p43_instagram\":\"Instagram\",\"p43_sitesblogs\":\"Blogs\\\/sites\",\"p43_youtube\":\"YouTube\",\"p44_redessociais\":\"Redes sociais (Facebook, YouTube, Instagram etc.)\",\"p39_publico\":\"ALUNOS ALUNAS NEGRAS\",\"p45_bandeira\":\"COMBATE RACISMO FORMA\\u00c7\\u00c3O\",\"p46_hashtags\":\"#EDUCA\\u00c7\\u00c3O #FORMA\\u00c7\\u00c3O #ANTIRRACISMO\"},{\"p1_eixo\":\"Cultura\",\"p9_tipoorganizacao\":\"ONG\",\"p12_uf\":\"AL\",\"p13_cidade\":\"MACEI\\u00d3\",\"p16_bairro\":\"Bairro\",\"p17_ano\":\"2010\",\"p16_estado\":\"Estado\",\"p18_comunicacao\":\"Comunica\\u00e7\\u00e3o\",\"p18_desenvolvimentoterritorial\":\"Desenvolvimento territorial\",\"p18_direitoshumanos\":\"Direitos humanos\",\"p18_educacao\":\"Educa\\u00e7\\u00e3o\",\"p18_lgbtqi\":\"LGBTQI\",\"p18_lutaantirracismo\":\"Luta antirracismo\",\"p18_moradia\":\"Moradia\",\"p18_povosecomunidadestradicionais\":\"Povos e comunidades tradicionais\",\"p18_trabalho\":\"Trabalho\",\"p18_saude\":\"Sa\\u00fade\",\"p18_violencia\":\"Viol\\u00eancia\",\"p18_politicasculturais\":\"Pol\\u00edticas Culturais\",\"p19_desenvolvimentoterritorial\":\"Desenvolvimento territorial\",\"p19_lutaantirracismo\":\"Luta antirracismo\",\"p19_moradia\":\"Moradia\",\"p19_saude\":\"Sa\\u00fade\",\"p19_violencia\":\"Viol\\u00eancia\",\"p19_politicasculturais\":\"Pol\\u00edticas Culturais\",\"p20_reunioes\":\"Reuni\\u00f5es\",\"p20_atendimento\":\"Atendimento\",\"p20_oficinas\":\"Oficinas\",\"p20_oficinasaulasartisticas\":\"Ensaios\\\/Oficinas\\\/Aulas art\\u00edsticas\",\"p20_cursos\":\"Cursos\",\"p20_formacao\":\"Forma\\u00e7\\u00e3o\",\"p20_profissionalizacao\":\"Profissionaliza\\u00e7\\u00e3o\",\"p20_apresentacoesartisticas\":\"Apresenta\\u00e7\\u00f5es art\\u00edsticas\",\"p21_repressaopolicial\":\"Repress\\u00e3o policial\",\"p21_machismo\":\"Machismo\",\"p21_racismo\":\"Racismo\",\"p21_enfrentamentocomgruposprivadosarmados\":\"Enfrentamento com grupos privados armados\",\"p21_nenhum\":\"Nenhum\",\"p22_numerodeparticipantes\":\"15 - 30\",\"p23_reunioes\":\"Reuni\\u00f5es\",\"p23_atendimento\":\"Atendimento\",\"p23_oficinas\":\"Oficinas\",\"p23_oficinasaulasartisticas\":\"Ensaio\\\/Oficinas\\\/Aulas Art\\u00edsticas\",\"p23_cursos\":\"Cursos\",\"p23_apresentacoesartisticas\":\"Apresenta\\u00e7\\u00f5es Art\\u00edsticas\",\"p24_reunioes\":\"Reuni\\u00f5es\",\"p24_atendimento\":\"Atendimentos\",\"p24_oficinas\":\"Oficinas\",\"p24_oficinasaulasartisticas\":\"Ensaios\\\/Oficinas\\\/Aulas art\\u00edsticas\",\"p24_curso\":\"Curso\",\"p24_formacao\":\"Forma\\u00e7\\u00e3o\",\"p25_numerodepessoas\":\"20 - 40\",\"p26_numerodepessoas\":\"20 - 40\",\"p27_espacopublico\":\"Espa\\u00e7o p\\u00fablico\",\"p27_espacoemprestadocedido\":\"Espa\\u00e7o emprestado\\\/cedido\",\"p27_espacoproprio\":\"Espa\\u00e7o pr\\u00f3prio\",\"p28_territorios\":\"Pr\\u00f3prio bairro\",\"p30_outrasorganizacoes\":\"Sim\",\"p32_campanhadelongaduracao\":\"Sim\",\"p34_municipal\":\"Municipal\",\"p34_estadual\":\"Estadual\",\"p34_nacional\":\"Nacional\",\"p34_internacional\":\"Internacional\",\"p36_conselhosdeparticipacaoecontrolesocial\":\"Sim\",\"p38_nenhum\":\"Nenhum\",\"p40_editais\":\"N\\u00e3o\",\"p41_privadopj\":\"Privado (P. Jur\\u00eddica)\",\"p41_autofinanciamento\":\"Autofinanciamento\",\"p42_meiodedivulgacaoproprio\":\"Sim\",\"p43_impressoes\":\"Impressos\",\"p43_email\":\"E-mail\",\"p43_facebook\":\"Facebook\",\"p43_whatsapp\":\"WhatsApp\",\"p44_redessociais\":\"Redes sociais (Facebook, YouTube, Instagram etc.)\",\"p39_publico\":\"AGREGADOS CODEBENTES POPULA\\u00c7\\u00d5ES CHAVES PREVEN\\u00c7\\u00c3O\",\"p45_bandeira\":\"MORADIA SA\\u00daDE EDUCA\\u00c7\\u00c3O\",\"p46_hashtags\":\"MAIS MORADIAS PARA AS FAMILIAS CARENTES..  PREVEN\\u00c7\\u00c3O SEMPRE PARA  DIMINUIR O INDICE DE INFECCTADOS NO BRASIL SEJA AIDS SIFILIS HEPATITES  ETC...  MENOS ANALFABETOS\"},{\"p1_eixo\":\"Viol\\u00eancia\",\"p9_tipoorganizacao\":\"Movimento Social\",\"p12_uf\":\"MG\",\"p13_cidade\":\"RIBEIR\\u00c3O DAS NEVES\",\"p16_bairro\":\"Bairro\",\"p17_ano\":\"2017\",\"p16_estado\":\"Estado\",\"p18_comunicacao\":\"Comunica\\u00e7\\u00e3o\",\"p18_desenvolvimentoterritorial\":\"Desenvolvimento territorial\",\"p18_direitoshumanos\":\"Direitos humanos\",\"p18_educacao\":\"Educa\\u00e7\\u00e3o\",\"p18_feminismos\":\"Feminismos\",\"p18_lgbtqi\":\"LGBTQI\",\"p18_lutaantirracismo\":\"Luta antirracismo\",\"p18_moradia\":\"Moradia\",\"p18_povosecomunidadestradicionais\":\"Povos e comunidades tradicionais\",\"p18_trabalho\":\"Trabalho\",\"p18_saude\":\"Sa\\u00fade\",\"p18_violencia\":\"Viol\\u00eancia\",\"p18_politicasculturais\":\"Pol\\u00edticas Culturais\",\"p19_desenvolvimentoterritorial\":\"Desenvolvimento territorial\",\"p19_feminismos\":\"Feminismos\",\"p19_lgbtqi\":\"LGBTQI\",\"p19_lutaantirracismo\":\"Luta antirracismo\",\"p19_violencia\":\"Viol\\u00eancia\",\"p20_reunioes\":\"Reuni\\u00f5es\",\"p20_atendimento\":\"Atendimento\",\"p20_oficinas\":\"Oficinas\",\"p20_oficinasaulasartisticas\":\"Ensaios\\\/Oficinas\\\/Aulas art\\u00edsticas\",\"p20_cursos\":\"Cursos\",\"p20_formacao\":\"Forma\\u00e7\\u00e3o\",\"p20_apresentacoesartisticas\":\"Apresenta\\u00e7\\u00f5es art\\u00edsticas\",\"p21_repressaopolicial\":\"Repress\\u00e3o policial\",\"p21_intoleranciareligiosa\":\"Fundamentalismo\\\/intoler\\u00e2ncia religiosa\",\"p21_machismo\":\"Machismo\",\"p21_racismo\":\"Racismo\",\"p21_lgbtqifobia\":\"LGBTIfobia\",\"p21_enfrentamentocomgruposprivadosarmados\":\"Enfrentamento com grupos privados armados\",\"p22_numerodeparticipantes\":\"30 - 45\",\"p23_reunioes\":\"Reuni\\u00f5es\",\"p23_atendimento\":\"Atendimento\",\"p23_oficinas\":\"Oficinas\",\"p23_oficinasaulasartisticas\":\"Ensaio\\\/Oficinas\\\/Aulas Art\\u00edsticas\",\"p23_formacao\":\"Forma\\u00e7\\u00e3o\",\"p23_apresentacoesartisticas\":\"Apresenta\\u00e7\\u00f5es Art\\u00edsticas\",\"p24_reunioes\":\"Reuni\\u00f5es\",\"p24_atendimento\":\"Atendimentos\",\"p24_oficinas\":\"Oficinas\",\"p24_oficinasaulasartisticas\":\"Ensaios\\\/Oficinas\\\/Aulas art\\u00edsticas\",\"p24_formacao\":\"Forma\\u00e7\\u00e3o\",\"p25_numerodepessoas\":\"40 - 60\",\"p26_numerodepessoas\":\"20 - 40\",\"p27_espacopublico\":\"Espa\\u00e7o p\\u00fablico\",\"p27_espacoemprestadocedido\":\"Espa\\u00e7o emprestado\\\/cedido\",\"p28_territorios\":\"Pr\\u00f3prio bairro\",\"p30_outrasorganizacoes\":\"N\\u00e3o\",\"p32_campanhadelongaduracao\":\"N\\u00e3o\",\"p34_municipal\":\"Municipal\",\"p34_estadual\":\"Estadual\",\"p34_nacional\":\"Nacional\",\"p36_conselhosdeparticipacaoecontrolesocial\":\"Sim\",\"p38_sim\":\"Sim\",\"p38_nenhum\":\"Nenhum\",\"p40_editais\":\"Sim\",\"p41_privadopf\":\"Privado (P. F\\u00edsica)\",\"p41_autofinanciamento\":\"Autofinanciamento\",\"p42_meiodedivulgacaoproprio\":\"Sim\",\"p43_email\":\"E-mail\",\"p43_facebook\":\"Facebook\",\"p43_whatsapp\":\"WhatsApp\",\"p43_instagram\":\"Instagram\",\"p43_twitter\":\"Twitter\",\"p43_sitesblogs\":\"Blogs\\\/sites\",\"p43_youtube\":\"YouTube\",\"p44_redessociais\":\"Redes sociais (Facebook, YouTube, Instagram etc.)\",\"p39_publico\":\"JOVENS MULHERES IDOSOS\",\"p45_bandeira\":\"MELHORAR CONDI\\u00c7\\u00d5ES VIDA MORADORES RESIDENCIAL ALTEROSA\",\"p46_hashtags\":\"#MAESDOALTEROSA  #MAISRESPEITOCOMOALTEROSA  #SOUALTEROSA  N\\u00d3S MORADORES DO RESIDENCIAL ALTEROSA PASSAMOS POR SITUA\\u00c7\\u00d5ES EXTREMAMENTE CONSTRANGEDORAS. AQUI \\u00c9 UM EMPREENDIMENTO DO PROGRAMA MINHA CASA MINHA VIDA, CONSTITU\\u00cdDO POR 11 QUADRAS, 82 BLOCOS E 1640 APARTAMENTOS. QUANDO FOI FEITO A SELE\\u00c7\\u00c3O PARA REECEBER ESSES APARTARMENOS 95% ERAM MULHERES E OS OUTROS 5% IDOSOS. DEPOIS DA ENTREGA QUE OCORREU NO ANO DE 2013  ANTES FORAM ESCOLHIDOS SINDICOS PARA GERIR CADA QUADRA MAS N\\u00c3O DEU CERTO, QUASE TODOS OS S\\u00cdNDICOS ROUBARAM E CRIARAM UMA INSEGURAN\\u00c7A ENORME ENTRE OS MORADORES, NO ANO DE 2013 COM AS MULHERER E IDOSOS VIERAM SEUS FAMILIARES, ALGUNS DESSES COM RIXAS, QUANDO SE ENCONTRARM AQUI NO RESIDENCIAL ALTEROSA SE FORMOU UMA VERDADEIRA GUERRA, ERA TIRO PRA LADO, TIVERAM V\\u00c1RIOS HOMIC\\u00cdDIOS. DESSES QUE TINHAM RIXAS ALGUNS MORRERAM, OUTROS FORAM EMBORA E OUTROS EST\\u00c3O PRESOS. ENFRENTAMOS TAMB\\u00c9M A  POLICIAL. POLICIAIS CHEGAM ARREBENTAM PORTAS DE MORADORES DO BEM A PROCURA DE BANDIDOS. J\\u00c1 MATARAM UM JOVEM E RECENTEMENTE DERAM UM TIRO NA PANTURRILHA DE OUTRO JOVEM. POLICIAIS QUE DEVERIAM TRAZER A SEGURAN\\u00c7A, FAZEM O TERROR. ESTAMOS VIVENDO EM MEIO AO FOGO CRUZADO. COMO SE N\\u00c3O BASTASSE TUDO QUE PASSAMOS AQUI APELIDARAM O RESIDENCIAL ALTEROSA DE CARANDIRU, TRAVAMOS UMA LUTA PARA DESMISTIFICAR ESSE NOME DAQUI.  QUANDO RECEBEMOS ESSE CONDOMINIO ACHAMOS QUE SERIA UM LUGAR MARAVILHOSO DE SE MORAR. PASSADOS POQUISSIMOS TEMPOS PARA MUITOS VIROU UM PESADELO. MUITOS MORADORES N\\u00c3O SUPORTARAM ESSA SITUA\\u00c7\\u00c3O E VENDERAM OS APARTAMENTO PRATICAMENTE DE GRA\\u00c7A. HOUVE-SE MUITA DEPREDA\\u00c7\\u00c3O TANTO DENTRO COMO FORA DAS QUADRAS. MORADORES TINHAM MEDO DE SAIR NAS RUAS AT\\u00c9 QUE NO ANO DE 2016 VEIO UM PROJETO CUSTEADO PELO SOCIOAMBIENTAL DA CAIXA ECONOMICA FEDERAL CHAMADO DIST-DESENVOLVIMENTO INTEGRADO E SUSTENT\\u00c1VEL DO TERRIT\\u00d3RIO, COM DURABILIDADE DE 24 MESES. DENTRO DESSE PROJETO FOI DISPONIBILIZADO V\\u00c1RIOS CURSOS DE CAPACITA\\u00c7\\u00c3O, FORAM CRIADOS OS GRUPOS DE MEDIA\\u00c7\\u00c3O COMUNIT\\u00c1RIA, FEIRA CULTURAL COM 20  BARRACAS, AS ARTES\\u00c3S TIVERAM APRIMORAMENTO EM SEUS ARTESANATOS E AS CULINARISTAS CURSO DE SEGURAN\\u00c7A ALIMENTAR, TEATRO COM PE\\u00c7AS QUE RETRATAM A NOSSA REALIDADE, PERCURSS\\u00c3O COM CRIAN\\u00c7AS A PARTIR DE 9 QUE FORAM CAPACITADOS A TOCAR, NUCLEO DE COMUNICA\\u00c7\\u00c3O QUE FIZERAM OS CURSOS DE INFORM\\u00c1TICA, COMUNICA\\u00c7\\u00c3O, DESIGNER GR\\u00c1FICO, MARKETING, REDES SOCIAIS, FOTOGRAFIA E \\u00c1UDIOVISUAL. GANHARAM UMA M\\u00c1QUINA QUE PRODUZEM SILK EM CANECAS DE PORCELANAS, ACR\\u00cdLICO, CAMISETAS E OUTROS. E O CONSELHO COMUNIT\\u00c1RIO QUE FOI ESCOLHIDO PELOS MORADORES PARA REPRESENTAR A COMUNIDADE. FIZERAM TAMB\\u00c9M AL\\u00c9M DOS CURSOS DE CAPACITA\\u00c7\\u00c3O TRABALHO VOLTADO A EDUCA\\u00c7\\u00c3O AMBIENTAL, MULTIR\\u00c3O DE LIMPEZA, PLANTIO DE \\u00c1RVORES, INSTALA\\u00c7\\u00c3O DE 11 LIXEIRAS, COLOCOU ILUMINA\\u00c7\\u00c3O EM AS QUADRAS E BLOCOS, REFORMOU OS 11 CENTROS COMUNIT\\u00c1RIOS. INFELIZMENTE COMO PROJETO TEM INICIO MEIO E FIM, EM DEZEMBRO DE 2018 ENCERROU AS S DO PROJETO DEIXANDO UM GRANDE LEGADO QUE PRECISAMOS DAR CONTINUIDADE.\"},{\"p1_eixo\":\"Viol\\u00eancia\",\"p9_tipoorganizacao\":\"ONG\",\"p12_uf\":\"RN\",\"p13_cidade\":\"NATAL\",\"p16_nacional\":\"Nacional\",\"p17_ano\":\"2003\",\"p16_estado\":\"Estado\",\"p18_direitoshumanos\":\"Direitos humanos\",\"p18_educacao\":\"Educa\\u00e7\\u00e3o\",\"p18_feminismos\":\"Feminismos\",\"p18_lgbtqi\":\"LGBTQI\",\"p18_lutaantirracismo\":\"Luta antirracismo\",\"p18_povosecomunidadestradicionais\":\"Povos e comunidades tradicionais\",\"p18_trabalho\":\"Trabalho\",\"p18_saude\":\"Sa\\u00fade\",\"p18_violencia\":\"Viol\\u00eancia\",\"p18_politicasculturais\":\"Pol\\u00edticas Culturais\",\"p19_feminismos\":\"Feminismos\",\"p19_lgbtqi\":\"LGBTQI\",\"p19_lutaantirracismo\":\"Luta antirracismo\",\"p19_saude\":\"Sa\\u00fade\",\"p19_violencia\":\"Viol\\u00eancia\",\"p20_reunioes\":\"Reuni\\u00f5es\",\"p20_atendimento\":\"Atendimento\",\"p20_oficinas\":\"Oficinas\",\"p20_oficinasaulasartisticas\":\"Ensaios\\\/Oficinas\\\/Aulas art\\u00edsticas\",\"p20_formacao\":\"Forma\\u00e7\\u00e3o\",\"p21_intoleranciareligiosa\":\"Fundamentalismo\\\/intoler\\u00e2ncia religiosa\",\"p21_machismo\":\"Machismo\",\"p21_racismo\":\"Racismo\",\"p21_lgbtqifobia\":\"LGBTIfobia\",\"p22_numerodeparticipantes\":\"15 - 30\",\"p23_reunioes\":\"Reuni\\u00f5es\",\"p23_oficinas\":\"Oficinas\",\"p23_formacao\":\"Forma\\u00e7\\u00e3o\",\"p24_reunioes\":\"Reuni\\u00f5es\",\"p24_atendimento\":\"Atendimentos\",\"p24_oficinas\":\"Oficinas\",\"p24_formacao\":\"Forma\\u00e7\\u00e3o\",\"p24_outros\":\"Outros\",\"p25_numerodepessoas\":\"60 - 80\",\"p26_numerodepessoas\":\"200 - 300\",\"p27_espacopublico\":\"Espa\\u00e7o p\\u00fablico\",\"p27_espacoemprestadocedido\":\"Espa\\u00e7o emprestado\\\/cedido\",\"p28_territorios\":\"Pr\\u00f3prio bairro\",\"p30_outrasorganizacoes\":\"Sim\",\"p32_campanhadelongaduracao\":\"Sim\",\"p34_estadual\":\"Estadual\",\"p34_nacional\":\"Nacional\",\"p36_conselhosdeparticipacaoecontrolesocial\":\"Sim\",\"p38_sim\":\"Sim\",\"p40_editais\":\"Sim\",\"p41_publicoestatal\":\"P\\u00fablico-Estatal\",\"p41_privadopf\":\"Privado (P. F\\u00edsica)\",\"p41_privadopj\":\"Privado (P. Jur\\u00eddica)\",\"p42_meiodedivulgacaoproprio\":\"Sim\",\"p43_email\":\"E-mail\",\"p43_facebook\":\"Facebook\",\"p43_whatsapp\":\"WhatsApp\",\"p43_instagram\":\"Instagram\",\"p43_twitter\":\"Twitter\",\"p43_sitesblogs\":\"Blogs\\\/sites\",\"p43_youtube\":\"YouTube\",\"p44_redessociais\":\"Redes sociais (Facebook, YouTube, Instagram etc.)\",\"p44_nenhum\":\"Nenhum\",\"p39_publico\":\"LESBICAS NEGRAS\",\"p45_bandeira\":\"ENFRENTAMENTO RACISMO  LESBOFOBIA\",\"p46_hashtags\":\"ENFRENTAMENTO A VIOLENCIA E AS FORMAS DE  DAS MULHERES.\"},{\"p1_eixo\":\"Viol\\u00eancia\",\"p9_tipoorganizacao\":\"ONG\",\"p12_uf\":\"RS\",\"p13_cidade\":\"PORTO ALEGRE\",\"p16_nacional\":\"Nacional\",\"p17_ano\":\"1987\",\"p18_comunicacao\":\"Comunica\\u00e7\\u00e3o\",\"p18_difusaoartistica\":\"Difus\\u00e3o Art\\u00edstica\",\"p18_desenvolvimentoterritorial\":\"Desenvolvimento territorial\",\"p18_direitoshumanos\":\"Direitos humanos\",\"p18_educacao\":\"Educa\\u00e7\\u00e3o\",\"p18_feminismos\":\"Feminismos\",\"p18_lgbtqi\":\"LGBTQI\",\"p18_lutaantirracismo\":\"Luta antirracismo\",\"p18_mobilidade\":\"Mobilidade\",\"p18_povosecomunidadestradicionais\":\"Povos e comunidades tradicionais\",\"p18_trabalho\":\"Trabalho\",\"p18_religiao\":\"Religi\\u00e3o\",\"p18_saude\":\"Sa\\u00fade\",\"p18_violencia\":\"Viol\\u00eancia\",\"p18_politicasculturais\":\"Pol\\u00edticas Culturais\",\"p19_feminismos\":\"Feminismos\",\"p19_lgbtqi\":\"LGBTQI\",\"p19_lutaantirracismo\":\"Luta antirracismo\",\"p19_saude\":\"Sa\\u00fade\",\"p20_reunioes\":\"Reuni\\u00f5es\",\"p20_atendimento\":\"Atendimento\",\"p20_oficinas\":\"Oficinas\",\"p20_formacao\":\"Forma\\u00e7\\u00e3o\",\"p20_visitasexcursoes\":\"Visitas\\\/Excurs\\u00f5es\",\"p21_repressaopolicial\":\"Repress\\u00e3o policial\",\"p21_intoleranciareligiosa\":\"Fundamentalismo\\\/intoler\\u00e2ncia religiosa\",\"p21_machismo\":\"Machismo\",\"p21_racismo\":\"Racismo\",\"p21_lgbtqifobia\":\"LGBTIfobia\",\"p22_numerodeparticipantes\":\"1  - 15\",\"p23_reunioes\":\"Reuni\\u00f5es\",\"p23_outros\":\"Outros\",\"p24_reunioes\":\"Reuni\\u00f5es\",\"p24_atendimento\":\"Atendimentos\",\"p24_apresentacoesartisticas\":\"Apresenta\\u00e7\\u00f5es art\\u00edsticas\",\"p24_visitasexcursoes\":\"Visitas\\\/Excurs\\u00f5es\",\"p24_outros\":\"Outros\",\"p25_numerodepessoas\":\"20 - 40\",\"p26_numerodepessoas\":\"40 - 60\",\"p27_espacoemprestadocedido\":\"Espa\\u00e7o emprestado\\\/cedido\",\"p28_territorios\":\"Cidade\",\"p30_outrasorganizacoes\":\"Sim\",\"p32_campanhadelongaduracao\":\"N\\u00e3o\",\"p34_estadual\":\"Estadual\",\"p34_nacional\":\"Nacional\",\"p36_conselhosdeparticipacaoecontrolesocial\":\"Sim\",\"p38_sim\":\"Sim\",\"p40_editais\":\"Sim\",\"p41_publicoestatal\":\"P\\u00fablico-Estatal\",\"p41_privadopf\":\"Privado (P. F\\u00edsica)\",\"p41_privadopj\":\"Privado (P. Jur\\u00eddica)\",\"p41_autofinanciamento\":\"Autofinanciamento\",\"p41_financiamentocoletivo0\":\"Financiamento coletivo\",\"p42_meiodedivulgacaoproprio\":\"Sim\",\"p43_email\":\"E-mail\",\"p43_facebook\":\"Facebook\",\"p43_whatsapp\":\"WhatsApp\",\"p43_sitesblogs\":\"Blogs\\\/sites\",\"p44_radio\":\"TV\",\"p44_redessociais\":\"Redes sociais (Facebook, YouTube, Instagram etc.)\",\"p44_nenhum\":\"Nenhum\",\"p39_publico\":\"MULHERES MENINAS NEGRAS\",\"p45_bandeira\":\"COMBATE RACISMO VIOL\\u00caNCIA\",\"p46_hashtags\":\"#COMBATEAORACISMO\"},{\"p1_eixo\":\"Viol\\u00eancia\",\"p9_tipoorganizacao\":\"Movimento Social\",\"p12_uf\":\"CE\",\"p13_cidade\":\"FORTALEZA\",\"p16_nacional\":\"Nacional\",\"p17_ano\":\"2003\",\"p16_estado\":\"Estado\",\"p18_agrario\":\"Agr\\u00e1rio\\\/ruralidades\",\"p18_comunicacao\":\"Comunica\\u00e7\\u00e3o\",\"p18_difusaoartistica\":\"Difus\\u00e3o Art\\u00edstica\",\"p18_desenvolvimentoterritorial\":\"Desenvolvimento territorial\",\"p18_direitoshumanos\":\"Direitos humanos\",\"p18_educacao\":\"Educa\\u00e7\\u00e3o\",\"p18_feminismos\":\"Feminismos\",\"p18_lgbtqi\":\"LGBTQI\",\"p18_lutaantirracismo\":\"Luta antirracismo\",\"p18_mobilidade\":\"Mobilidade\",\"p18_moradia\":\"Moradia\",\"p18_povosecomunidadestradicionais\":\"Povos e comunidades tradicionais\",\"p18_trabalho\":\"Trabalho\",\"p18_religiao\":\"Religi\\u00e3o\",\"p18_saude\":\"Sa\\u00fade\",\"p18_violencia\":\"Viol\\u00eancia\",\"p18_politicasculturais\":\"Pol\\u00edticas Culturais\",\"p19_desenvolvimentoterritorial\":\"Desenvolvimento territorial\",\"p19_direitoshumanos\":\"Direitos humanos\",\"p19_lgbtqi\":\"LGBTQI\",\"p19_lutaantirracismo\":\"Luta antirracismo\",\"p19_saude\":\"Sa\\u00fade\",\"p19_violencia\":\"Viol\\u00eancia\",\"p20_reunioes\":\"Reuni\\u00f5es\",\"p20_atendimento\":\"Atendimento\",\"p20_formacao\":\"Forma\\u00e7\\u00e3o\",\"p20_visitasexcursoes\":\"Visitas\\\/Excurs\\u00f5es\",\"p21_repressaopolicial\":\"Repress\\u00e3o policial\",\"p21_intoleranciareligiosa\":\"Fundamentalismo\\\/intoler\\u00e2ncia religiosa\",\"p21_machismo\":\"Machismo\",\"p21_racismo\":\"Racismo\",\"p21_lgbtqifobia\":\"LGBTIfobia\",\"p21_enfrentamentocomgruposprivadosarmados\":\"Enfrentamento com grupos privados armados\",\"p22_numerodeparticipantes\":\"1  - 15\",\"p23_reunioes\":\"Reuni\\u00f5es\",\"p23_atendimento\":\"Atendimento\",\"p23_outros\":\"Outros\",\"p24_curso\":\"Curso\",\"p24_apresentacoesartisticas\":\"Apresenta\\u00e7\\u00f5es art\\u00edsticas\",\"p24_visitasexcursoes\":\"Visitas\\\/Excurs\\u00f5es\",\"p24_outros\":\"Outros\",\"p25_numerodepessoas\":\"1 - 20\",\"p26_numerodepessoas\":\"100 - 200\",\"p27_espacoemprestadocedido\":\"Espa\\u00e7o emprestado\\\/cedido\",\"p28_territorios\":\"Cidade\",\"p30_outrasorganizacoes\":\"Sim\",\"p32_campanhadelongaduracao\":\"Sim\",\"p34_estadual\":\"Estadual\",\"p34_nacional\":\"Nacional\",\"p34_nenhuma\":\"Nenhuma\",\"p36_conselhosdeparticipacaoecontrolesocial\":\"Sim\",\"p38_sim\":\"Sim\",\"p40_editais\":\"Sim\",\"p41_privadopf\":\"Privado (P. F\\u00edsica)\",\"p41_autofinanciamento\":\"Autofinanciamento\",\"p41_financiamentocoletivo0\":\"Financiamento coletivo\",\"p42_meiodedivulgacaoproprio\":\"Sim\",\"p43_email\":\"E-mail\",\"p43_facebook\":\"Facebook\",\"p43_whatsapp\":\"WhatsApp\",\"p43_sitesblogs\":\"Blogs\\\/sites\",\"p44_radio\":\"TV\",\"p44_redessociais\":\"Redes sociais (Facebook, YouTube, Instagram etc.)\",\"p39_publico\":\"COMUNIDADES TERREIROS\",\"p45_bandeira\":\"COMBATE RACISMO COMBATE  MISOGINIA EMPODERAMENTO FEMININO\",\"p46_hashtags\":\"#COMBATEAORACISMO #COMBATEAOMACHISMO\"},{\"p1_eixo\":\"Viol\\u00eancia\",\"p9_tipoorganizacao\":\"Associa\\u00e7\\u00e3o\",\"p12_uf\":\"RJ\",\"p13_cidade\":\"RIO DE JANEIRO\",\"p16_cidade\":\"Cidade\",\"p17_ano\":\"2003\",\"p16_estado\":\"Estado\",\"p18_agrario\":\"Agr\\u00e1rio\\\/ruralidades\",\"p18_comunicacao\":\"Comunica\\u00e7\\u00e3o\",\"p18_difusaoartistica\":\"Difus\\u00e3o Art\\u00edstica\",\"p18_desenvolvimentoterritorial\":\"Desenvolvimento territorial\",\"p18_direitoshumanos\":\"Direitos humanos\",\"p18_educacao\":\"Educa\\u00e7\\u00e3o\",\"p18_feminismos\":\"Feminismos\",\"p18_lgbtqi\":\"LGBTQI\",\"p18_lutaantirracismo\":\"Luta antirracismo\",\"p18_mobilidade\":\"Mobilidade\",\"p18_moradia\":\"Moradia\",\"p18_povosecomunidadestradicionais\":\"Povos e comunidades tradicionais\",\"p18_trabalho\":\"Trabalho\",\"p18_religiao\":\"Religi\\u00e3o\",\"p18_saude\":\"Sa\\u00fade\",\"p18_violencia\":\"Viol\\u00eancia\",\"p18_politicasculturais\":\"Pol\\u00edticas Culturais\",\"p19_desenvolvimentoterritorial\":\"Desenvolvimento territorial\",\"p19_direitoshumanos\":\"Direitos humanos\",\"p19_educacao\":\"Educa\\u00e7\\u00e3o\",\"p19_lgbtqi\":\"LGBTQI\",\"p19_violencia\":\"Viol\\u00eancia\",\"p19_politicasculturais\":\"Pol\\u00edticas Culturais\",\"p20_reunioes\":\"Reuni\\u00f5es\",\"p20_atendimento\":\"Atendimento\",\"p20_oficinas\":\"Oficinas\",\"p20_oficinasaulasartisticas\":\"Ensaios\\\/Oficinas\\\/Aulas art\\u00edsticas\",\"p20_apresentacoesartisticas\":\"Apresenta\\u00e7\\u00f5es art\\u00edsticas\",\"p20_visitasexcursoes\":\"Visitas\\\/Excurs\\u00f5es\",\"p21_intoleranciareligiosa\":\"Fundamentalismo\\\/intoler\\u00e2ncia religiosa\",\"p21_machismo\":\"Machismo\",\"p21_racismo\":\"Racismo\",\"p21_enfrentamentocomgruposprivadosarmados\":\"Enfrentamento com grupos privados armados\",\"p22_numerodeparticipantes\":\"1  - 15\",\"p23_atendimento\":\"Atendimento\",\"p23_oficinas\":\"Oficinas\",\"p23_oficinasaulasartisticas\":\"Ensaio\\\/Oficinas\\\/Aulas Art\\u00edsticas\",\"p23_outros\":\"Outros\",\"p24_oficinas\":\"Oficinas\",\"p24_oficinasaulasartisticas\":\"Ensaios\\\/Oficinas\\\/Aulas art\\u00edsticas\",\"p24_curso\":\"Curso\",\"p24_apresentacoesartisticas\":\"Apresenta\\u00e7\\u00f5es art\\u00edsticas\",\"p25_numerodepessoas\":\"Mais de 500\",\"p26_numerodepessoas\":\"200 - 300\",\"p27_espacoemprestadocedido\":\"Espa\\u00e7o emprestado\\\/cedido\",\"p28_territorios\":\"Estado\",\"p30_outrasorganizacoes\":\"Sim\",\"p32_campanhadelongaduracao\":\"Sim\",\"p34_nenhuma\":\"Nenhuma\",\"p36_conselhosdeparticipacaoecontrolesocial\":\"Sim\",\"p38_sim\":\"Sim\",\"p38_nenhum\":\"Nenhum\",\"p40_editais\":\"N\\u00e3o\",\"p41_privadopj\":\"Privado (P. Jur\\u00eddica)\",\"p41_autofinanciamento\":\"Autofinanciamento\",\"p41_financiamentocoletivo0\":\"Financiamento coletivo\",\"p42_meiodedivulgacaoproprio\":\"Sim\",\"p43_email\":\"E-mail\",\"p43_facebook\":\"Facebook\",\"p44_redessociais\":\"Redes sociais (Facebook, YouTube, Instagram etc.)\",\"p44_nenhum\":\"Nenhum\",\"p39_publico\":\"QUILOMBOLAS\",\"p45_bandeira\":\"TERRIT\\u00d3RIO QUILOMBOLA\",\"p46_hashtags\":\"#TERRITORIOQUILOMBOLA #LUTAPELASOBREVIVENCIA #RESISTENCIA\"},{\"p1_eixo\":\"Cultura\",\"p9_tipoorganizacao\":\"Coletivo\",\"p12_uf\":\"RS\",\"p13_cidade\":\"PELOTAS\",\"p16_cidade\":\"Cidade\",\"p17_ano\":\"2018\",\"p18_comunicacao\":\"Comunica\\u00e7\\u00e3o\",\"p18_difusaoartistica\":\"Difus\\u00e3o Art\\u00edstica\",\"p18_desenvolvimentoterritorial\":\"Desenvolvimento territorial\",\"p18_direitoshumanos\":\"Direitos humanos\",\"p18_educacao\":\"Educa\\u00e7\\u00e3o\",\"p18_feminismos\":\"Feminismos\",\"p18_lgbtqi\":\"LGBTQI\",\"p18_lutaantirracismo\":\"Luta antirracismo\",\"p18_mobilidade\":\"Mobilidade\",\"p18_moradia\":\"Moradia\",\"p18_povosecomunidadestradicionais\":\"Povos e comunidades tradicionais\",\"p18_trabalho\":\"Trabalho\",\"p18_religiao\":\"Religi\\u00e3o\",\"p18_saude\":\"Sa\\u00fade\",\"p18_violencia\":\"Viol\\u00eancia\",\"p18_politicasculturais\":\"Pol\\u00edticas Culturais\",\"p19_educacao\":\"Educa\\u00e7\\u00e3o\",\"p19_lgbtqi\":\"LGBTQI\",\"p19_difusaoartistica\":\"Difus\\u00e3o Art\\u00edstica\",\"p19_politicasculturais\":\"Pol\\u00edticas Culturais\",\"p20_reunioes\":\"Reuni\\u00f5es\",\"p20_atendimento\":\"Atendimento\",\"p20_oficinas\":\"Oficinas\",\"p20_oficinasaulasartisticas\":\"Ensaios\\\/Oficinas\\\/Aulas art\\u00edsticas\",\"p20_cursos\":\"Cursos\",\"p20_apresentacoesartisticas\":\"Apresenta\\u00e7\\u00f5es art\\u00edsticas\",\"p20_visitasexcursoes\":\"Visitas\\\/Excurs\\u00f5es\",\"p21_intoleranciareligiosa\":\"Fundamentalismo\\\/intoler\\u00e2ncia religiosa\",\"p21_machismo\":\"Machismo\",\"p21_racismo\":\"Racismo\",\"p22_numerodeparticipantes\":\"1  - 15\",\"p23_reunioes\":\"Reuni\\u00f5es\",\"p23_atendimento\":\"Atendimento\",\"p23_oficinas\":\"Oficinas\",\"p23_oficinasaulasartisticas\":\"Ensaio\\\/Oficinas\\\/Aulas Art\\u00edsticas\",\"p23_cursos\":\"Cursos\",\"p23_outros\":\"Outros\",\"p24_oficinas\":\"Oficinas\",\"p24_oficinasaulasartisticas\":\"Ensaios\\\/Oficinas\\\/Aulas art\\u00edsticas\",\"p24_apresentacoesartisticas\":\"Apresenta\\u00e7\\u00f5es art\\u00edsticas\",\"p24_visitasexcursoes\":\"Visitas\\\/Excurs\\u00f5es\",\"p24_outros\":\"Outros\",\"p25_numerodepessoas\":\"1 - 20\",\"p26_numerodepessoas\":\"40 - 60\",\"p27_espacopublico\":\"Espa\\u00e7o p\\u00fablico\",\"p27_espacoemprestadocedido\":\"Espa\\u00e7o emprestado\\\/cedido\",\"p27_espacoproprio\":\"Espa\\u00e7o pr\\u00f3prio\",\"p28_territorios\":\"Pr\\u00f3prio bairro\",\"p30_outrasorganizacoes\":\"N\\u00e3o\",\"p32_campanhadelongaduracao\":\"N\\u00e3o\",\"p34_nenhuma\":\"Nenhuma\",\"p36_conselhosdeparticipacaoecontrolesocial\":\"Sim\",\"p38_nenhum\":\"Nenhum\",\"p40_editais\":\"N\\u00e3o\",\"p41_publicoestatal\":\"P\\u00fablico-Estatal\",\"p41_privadopf\":\"Privado (P. F\\u00edsica)\",\"p41_privadopj\":\"Privado (P. Jur\\u00eddica)\",\"p41_autofinanciamento\":\"Autofinanciamento\",\"p42_meiodedivulgacaoproprio\":\"Sim\",\"p43_email\":\"E-mail\",\"p43_facebook\":\"Facebook\",\"p43_instagram\":\"Instagram\",\"p43_sitesblogs\":\"Blogs\\\/sites\",\"p44_nenhum\":\"Nenhum\",\"p39_publico\":\"ADOLESCENTES\",\"p45_bandeira\":\"INTOLER\\u00c2NCIA RELIGIOSA CULTURA EDUCA\\u00c7\\u00c3O\",\"p46_hashtags\":\"#VALORIZACAODOSERHUMANO\"},{\"p1_eixo\":\"Viol\\u00eancia\",\"p9_tipoorganizacao\":\"ONG\",\"p12_uf\":\"SP\",\"p13_cidade\":\"S\\u00c3O PAULO\",\"p16_cidade\":\"Cidade\",\"p17_ano\":\"Anterior a 1980\",\"p16_estado\":\"Estado\",\"p18_comunicacao\":\"Comunica\\u00e7\\u00e3o\",\"p18_difusaoartistica\":\"Difus\\u00e3o Art\\u00edstica\",\"p18_desenvolvimentoterritorial\":\"Desenvolvimento territorial\",\"p18_direitoshumanos\":\"Direitos humanos\",\"p18_educacao\":\"Educa\\u00e7\\u00e3o\",\"p18_feminismos\":\"Feminismos\",\"p18_lgbtqi\":\"LGBTQI\",\"p18_lutaantirracismo\":\"Luta antirracismo\",\"p18_mobilidade\":\"Mobilidade\",\"p18_moradia\":\"Moradia\",\"p18_povosecomunidadestradicionais\":\"Povos e comunidades tradicionais\",\"p18_trabalho\":\"Trabalho\",\"p18_religiao\":\"Religi\\u00e3o\",\"p18_saude\":\"Sa\\u00fade\",\"p18_violencia\":\"Viol\\u00eancia\",\"p18_politicasculturais\":\"Pol\\u00edticas Culturais\",\"p19_desenvolvimentoterritorial\":\"Desenvolvimento territorial\",\"p19_educacao\":\"Educa\\u00e7\\u00e3o\",\"p19_difusaoartistica\":\"Difus\\u00e3o Art\\u00edstica\",\"p19_politicasculturais\":\"Pol\\u00edticas Culturais\",\"p20_reunioes\":\"Reuni\\u00f5es\",\"p20_atendimento\":\"Atendimento\",\"p20_oficinas\":\"Oficinas\",\"p20_oficinasaulasartisticas\":\"Ensaios\\\/Oficinas\\\/Aulas art\\u00edsticas\",\"p20_cursos\":\"Cursos\",\"p20_visitasexcursoes\":\"Visitas\\\/Excurs\\u00f5es\",\"p21_repressaopolicial\":\"Repress\\u00e3o policial\",\"p21_intoleranciareligiosa\":\"Fundamentalismo\\\/intoler\\u00e2ncia religiosa\",\"p21_xenofobia\":\"Xenofobia\",\"p21_machismo\":\"Machismo\",\"p21_racismo\":\"Racismo\",\"p21_lgbtqifobia\":\"LGBTIfobia\",\"p22_numerodeparticipantes\":\"30 - 45\",\"p23_reunioes\":\"Reuni\\u00f5es\",\"p23_atendimento\":\"Atendimento\",\"p23_oficinas\":\"Oficinas\",\"p23_oficinasaulasartisticas\":\"Ensaio\\\/Oficinas\\\/Aulas Art\\u00edsticas\",\"p23_cursos\":\"Cursos\",\"p23_visitas\":\"Visitas\",\"p23_excursoes\":\"Excurs\\u00f5es\",\"p23_outros\":\"Outros\",\"p24_reunioes\":\"Reuni\\u00f5es\",\"p24_oficinas\":\"Oficinas\",\"p24_curso\":\"Curso\",\"p24_visitasexcursoes\":\"Visitas\\\/Excurs\\u00f5es\",\"p24_outros\":\"Outros\",\"p25_numerodepessoas\":\"300 - 400\",\"p26_numerodepessoas\":\"300 - 400\",\"p27_espacopublico\":\"Espa\\u00e7o p\\u00fablico\",\"p27_espacoemprestadocedido\":\"Espa\\u00e7o emprestado\\\/cedido\",\"p27_espacoproprio\":\"Espa\\u00e7o pr\\u00f3prio\",\"p28_territorios\":\"Cidade\",\"p30_outrasorganizacoes\":\"Sim\",\"p32_campanhadelongaduracao\":\"Sim\",\"p34_nacional\":\"Nacional\",\"p34_nenhuma\":\"Nenhuma\",\"p36_conselhosdeparticipacaoecontrolesocial\":\"N\\u00e3o\",\"p38_nenhum\":\"Nenhum\",\"p40_editais\":\"Sim\",\"p41_publicoestatal\":\"P\\u00fablico-Estatal\",\"p41_privadopf\":\"Privado (P. F\\u00edsica)\",\"p41_privadopj\":\"Privado (P. Jur\\u00eddica)\",\"p42_meiodedivulgacaoproprio\":\"Sim\",\"p43_email\":\"E-mail\",\"p43_facebook\":\"Facebook\",\"p43_whatsapp\":\"WhatsApp\",\"p43_instagram\":\"Instagram\",\"p43_sitesblogs\":\"Blogs\\\/sites\",\"p44_radio\":\"TV\",\"p44_jornaisimpressosdebairro\":\"Jornais impressos de bairro\",\"p44_redessociais\":\"Redes sociais (Facebook, YouTube, Instagram etc.)\",\"p44_nenhum\":\"Nenhum\",\"p39_publico\":\"CRIAN\\u00c7AS\",\"p45_bandeira\":\"IGUALDADE\",\"p46_hashtags\":\"#LIBERDADE #DIGANAOASEGREGACAO #PARAPERIFERIAS\"},{\"p1_eixo\":\"Viol\\u00eancia\",\"p9_tipoorganizacao\":\"Associa\\u00e7\\u00e3o\",\"p12_uf\":\"SC\",\"p13_cidade\":\"BLUMENAU\",\"p16_nacional\":\"Nacional\",\"p17_ano\":\"2018\",\"p16_estado\":\"Estado\",\"p18_agrario\":\"Agr\\u00e1rio\\\/ruralidades\",\"p18_comunicacao\":\"Comunica\\u00e7\\u00e3o\",\"p18_difusaoartistica\":\"Difus\\u00e3o Art\\u00edstica\",\"p18_desenvolvimentoterritorial\":\"Desenvolvimento territorial\",\"p18_direitoshumanos\":\"Direitos humanos\",\"p18_educacao\":\"Educa\\u00e7\\u00e3o\",\"p18_feminismos\":\"Feminismos\",\"p18_lgbtqi\":\"LGBTQI\",\"p18_lutaantirracismo\":\"Luta antirracismo\",\"p18_mobilidade\":\"Mobilidade\",\"p18_moradia\":\"Moradia\",\"p18_povosecomunidadestradicionais\":\"Povos e comunidades tradicionais\",\"p18_trabalho\":\"Trabalho\",\"p18_religiao\":\"Religi\\u00e3o\",\"p18_saude\":\"Sa\\u00fade\",\"p18_violencia\":\"Viol\\u00eancia\",\"p18_politicasculturais\":\"Pol\\u00edticas Culturais\",\"p19_desenvolvimentoterritorial\":\"Desenvolvimento territorial\",\"p19_direitoshumanos\":\"Direitos humanos\",\"p19_educacao\":\"Educa\\u00e7\\u00e3o\",\"p19_feminismos\":\"Feminismos\",\"p19_violencia\":\"Viol\\u00eancia\",\"p19_politicasculturais\":\"Pol\\u00edticas Culturais\",\"p20_reunioes\":\"Reuni\\u00f5es\",\"p20_atendimento\":\"Atendimento\",\"p20_cursos\":\"Cursos\",\"p20_formacao\":\"Forma\\u00e7\\u00e3o\",\"p20_visitasexcursoes\":\"Visitas\\\/Excurs\\u00f5es\",\"p21_repressaopolicial\":\"Repress\\u00e3o policial\",\"p21_intoleranciareligiosa\":\"Fundamentalismo\\\/intoler\\u00e2ncia religiosa\",\"p21_xenofobia\":\"Xenofobia\",\"p21_machismo\":\"Machismo\",\"p21_racismo\":\"Racismo\",\"p21_lgbtqifobia\":\"LGBTIfobia\",\"p22_numerodeparticipantes\":\"1  - 15\",\"p23_reunioes\":\"Reuni\\u00f5es\",\"p23_cursos\":\"Cursos\",\"p23_formacao\":\"Forma\\u00e7\\u00e3o\",\"p23_visitas\":\"Visitas\",\"p23_excursoes\":\"Excurs\\u00f5es\",\"p23_outros\":\"Outros\",\"p24_reunioes\":\"Reuni\\u00f5es\",\"p24_atendimento\":\"Atendimentos\",\"p24_curso\":\"Curso\",\"p24_visitasexcursoes\":\"Visitas\\\/Excurs\\u00f5es\",\"p25_numerodepessoas\":\"1 - 20\",\"p26_numerodepessoas\":\"100 - 200\",\"p27_espacoemprestadocedido\":\"Espa\\u00e7o emprestado\\\/cedido\",\"p28_territorios\":\"Pr\\u00f3prio bairro\",\"p30_outrasorganizacoes\":\"Sim\",\"p32_campanhadelongaduracao\":\"N\\u00e3o\",\"p34_nacional\":\"Nacional\",\"p36_conselhosdeparticipacaoecontrolesocial\":\"N\\u00e3o\",\"p38_sim\":\"Sim\",\"p38_nenhum\":\"Nenhum\",\"p40_editais\":\"N\\u00e3o\",\"p41_privadopf\":\"Privado (P. F\\u00edsica)\",\"p41_privadopj\":\"Privado (P. Jur\\u00eddica)\",\"p41_autofinanciamento\":\"Autofinanciamento\",\"p42_meiodedivulgacaoproprio\":\"Sim\",\"p43_email\":\"E-mail\",\"p43_facebook\":\"Facebook\",\"p43_whatsapp\":\"WhatsApp\",\"p43_instagram\":\"Instagram\",\"p43_twitter\":\"Twitter\",\"p44_radio\":\"TV\",\"p44_jornaisimpressosdebairro\":\"Jornais impressos de bairro\",\"p44_redessociais\":\"Redes sociais (Facebook, YouTube, Instagram etc.)\",\"p44_sitesblogs\":\"Sites ou Blogs\",\"p39_publico\":\"IND\\u00cdGENAS CONTEXTO URBANO\",\"p45_bandeira\":\"VULNERABILIDADE IND\\u00cdGENA CONTEXTO URBANO DIREITO EDUCA\\u00c7\\u00c3O DIREITO SA\\u00daDE DIREITO TERRIT\\u00d3RIO\",\"p46_hashtags\":\"#RESISTENCIA #NINGUEMSOLTAAMAODENINGUEM\"},{\"p1_eixo\":\"Viol\\u00eancia\",\"p9_tipoorganizacao\":\"Associa\\u00e7\\u00e3o\",\"p12_uf\":\"PB\",\"p13_cidade\":\"JO\\u00c3O PESSOA\",\"p16_cidade\":\"Cidade\",\"p16_nacional\":\"Nacional\",\"p17_ano\":\"1990\",\"p18_agrario\":\"Agr\\u00e1rio\\\/ruralidades\",\"p18_comunicacao\":\"Comunica\\u00e7\\u00e3o\",\"p18_difusaoartistica\":\"Difus\\u00e3o Art\\u00edstica\",\"p18_desenvolvimentoterritorial\":\"Desenvolvimento territorial\",\"p18_direitoshumanos\":\"Direitos humanos\",\"p18_educacao\":\"Educa\\u00e7\\u00e3o\",\"p18_feminismos\":\"Feminismos\",\"p18_lgbtqi\":\"LGBTQI\",\"p18_lutaantirracismo\":\"Luta antirracismo\",\"p18_moradia\":\"Moradia\",\"p18_povosecomunidadestradicionais\":\"Povos e comunidades tradicionais\",\"p18_trabalho\":\"Trabalho\",\"p18_religiao\":\"Religi\\u00e3o\",\"p18_saude\":\"Sa\\u00fade\",\"p18_violencia\":\"Viol\\u00eancia\",\"p18_politicasculturais\":\"Pol\\u00edticas Culturais\",\"p19_direitoshumanos\":\"Direitos humanos\",\"p19_educacao\":\"Educa\\u00e7\\u00e3o\",\"p19_feminismos\":\"Feminismos\",\"p19_saude\":\"Sa\\u00fade\",\"p19_violencia\":\"Viol\\u00eancia\",\"p20_reunioes\":\"Reuni\\u00f5es\",\"p20_atendimento\":\"Atendimento\",\"p20_oficinas\":\"Oficinas\",\"p20_cursos\":\"Cursos\",\"p20_formacao\":\"Forma\\u00e7\\u00e3o\",\"p20_apresentacoesartisticas\":\"Apresenta\\u00e7\\u00f5es art\\u00edsticas\",\"p20_visitasexcursoes\":\"Visitas\\\/Excurs\\u00f5es\",\"p21_intoleranciareligiosa\":\"Fundamentalismo\\\/intoler\\u00e2ncia religiosa\",\"p21_xenofobia\":\"Xenofobia\",\"p21_machismo\":\"Machismo\",\"p21_racismo\":\"Racismo\",\"p21_lgbtqifobia\":\"LGBTIfobia\",\"p22_numerodeparticipantes\":\"1  - 15\",\"p23_reunioes\":\"Reuni\\u00f5es\",\"p23_cursos\":\"Cursos\",\"p23_formacao\":\"Forma\\u00e7\\u00e3o\",\"p23_apresentacoesartisticas\":\"Apresenta\\u00e7\\u00f5es Art\\u00edsticas\",\"p24_atendimento\":\"Atendimentos\",\"p24_oficinas\":\"Oficinas\",\"p24_formacao\":\"Forma\\u00e7\\u00e3o\",\"p24_visitasexcursoes\":\"Visitas\\\/Excurs\\u00f5es\",\"p25_numerodepessoas\":\"20 - 40\",\"p26_numerodepessoas\":\"20 - 40\",\"p27_espacopublico\":\"Espa\\u00e7o p\\u00fablico\",\"p27_espacoemprestadocedido\":\"Espa\\u00e7o emprestado\\\/cedido\",\"p28_territorios\":\"Atua\\u00e7\\u00e3o Nacional\",\"p30_outrasorganizacoes\":\"Sim\",\"p32_campanhadelongaduracao\":\"Sim\",\"p34_estadual\":\"Estadual\",\"p34_nacional\":\"Nacional\",\"p36_conselhosdeparticipacaoecontrolesocial\":\"Sim\",\"p38_sim\":\"Sim\",\"p38_nenhum\":\"Nenhum\",\"p40_editais\":\"Sim\",\"p41_privadopf\":\"Privado (P. F\\u00edsica)\",\"p41_privadopj\":\"Privado (P. Jur\\u00eddica)\",\"p41_autofinanciamento\":\"Autofinanciamento\",\"p42_meiodedivulgacaoproprio\":\"Sim\",\"p43_email\":\"E-mail\",\"p43_facebook\":\"Facebook\",\"p43_whatsapp\":\"WhatsApp\",\"p43_instagram\":\"Instagram\",\"p43_twitter\":\"Twitter\",\"p44_radio\":\"TV\",\"p44_jornaisimpressosdebairro\":\"Jornais impressos de bairro\",\"p44_redessociais\":\"Redes sociais (Facebook, YouTube, Instagram etc.)\",\"p44_sitesblogs\":\"Sites ou Blogs\",\"p39_publico\":\"MULHERES CAMADA POPULAR JOVENS NEGRAS COMUNIDADE L\\u00c9SBICA TRANS TRABALHADORAS RURAIS\",\"p45_bandeira\":\"RESIST\\u00caNCIA DIREITOS RESIST\\u00caNCIA PA\\u00cdS DEMOCR\\u00c1TICO COMBATE AUTONOMIA TRABALHO DIGNO MULHERES\",\"p46_hashtags\":\"#DIREITOSHUMANOS #DEMOCRACIA #FEMINISMO\"},{\"p1_eixo\":\"Viol\\u00eancia\",\"p9_tipoorganizacao\":\"ONG\",\"p12_uf\":\"BA\",\"p13_cidade\":\"CASTRO ALVES\",\"p16_cidade\":\"Cidade\",\"p17_ano\":\"2008\",\"p18_direitoshumanos\":\"Direitos humanos\",\"p18_educacao\":\"Educa\\u00e7\\u00e3o\",\"p18_feminismos\":\"Feminismos\",\"p18_lgbtqi\":\"LGBTQI\",\"p18_lutaantirracismo\":\"Luta antirracismo\",\"p18_povosecomunidadestradicionais\":\"Povos e comunidades tradicionais\",\"p18_religiao\":\"Religi\\u00e3o\",\"p18_saude\":\"Sa\\u00fade\",\"p18_violencia\":\"Viol\\u00eancia\",\"p19_direitoshumanos\":\"Direitos humanos\",\"p19_educacao\":\"Educa\\u00e7\\u00e3o\",\"p19_feminismos\":\"Feminismos\",\"p19_lutaantirracismo\":\"Luta antirracismo\",\"p19_saude\":\"Sa\\u00fade\",\"p20_reunioes\":\"Reuni\\u00f5es\",\"p20_oficinas\":\"Oficinas\",\"p20_formacao\":\"Forma\\u00e7\\u00e3o\",\"p20_apresentacoesartisticas\":\"Apresenta\\u00e7\\u00f5es art\\u00edsticas\",\"p21_intoleranciareligiosa\":\"Fundamentalismo\\\/intoler\\u00e2ncia religiosa\",\"p21_machismo\":\"Machismo\",\"p21_racismo\":\"Racismo\",\"p21_lgbtqifobia\":\"LGBTIfobia\",\"p22_numerodeparticipantes\":\"15 - 30\",\"p23_reunioes\":\"Reuni\\u00f5es\",\"p23_formacao\":\"Forma\\u00e7\\u00e3o\",\"p23_apresentacoesartisticas\":\"Apresenta\\u00e7\\u00f5es Art\\u00edsticas\",\"p24_reunioes\":\"Reuni\\u00f5es\",\"p24_oficinas\":\"Oficinas\",\"p24_formacao\":\"Forma\\u00e7\\u00e3o\",\"p24_apresentacoesartisticas\":\"Apresenta\\u00e7\\u00f5es art\\u00edsticas\",\"p25_numerodepessoas\":\"60 - 80\",\"p26_numerodepessoas\":\"80 - 100\",\"p27_espacopublico\":\"Espa\\u00e7o p\\u00fablico\",\"p27_espacoemprestadocedido\":\"Espa\\u00e7o emprestado\\\/cedido\",\"p28_territorios\":\"Regi\\u00e3o da Cidade\",\"p30_outrasorganizacoes\":\"Sim\",\"p32_campanhadelongaduracao\":\"N\\u00e3o\",\"p34_estadual\":\"Estadual\",\"p34_nacional\":\"Nacional\",\"p34_nenhuma\":\"Nenhuma\",\"p36_conselhosdeparticipacaoecontrolesocial\":\"Sim\",\"p38_nenhum\":\"Nenhum\",\"p40_editais\":\"N\\u00e3o\",\"p41_privadopj\":\"Privado (P. Jur\\u00eddica)\",\"p41_autofinanciamento\":\"Autofinanciamento\",\"p42_meiodedivulgacaoproprio\":\"Sim\",\"p43_email\":\"E-mail\",\"p43_facebook\":\"Facebook\",\"p43_whatsapp\":\"WhatsApp\",\"p43_instagram\":\"Instagram\",\"p44_redessociais\":\"Redes sociais (Facebook, YouTube, Instagram etc.)\",\"p39_publico\":\"ADOLESCENTES JOVENS NEGROS LGBTQIA+\",\"p45_bandeira\":\"DIREITOS HUMANOS\",\"p46_hashtags\":\"#SAUDE #EDUCACAO #DIREITOSHUMANOS\"},{\"p1_eixo\":\"Cultura\",\"p9_tipoorganizacao\":\"Coletivo\",\"p12_uf\":\"CE\",\"p13_cidade\":\"FORTALEZA\",\"p16_bairro\":\"Bairro\",\"p16_cidade\":\"Cidade\",\"p17_ano\":\"2018\",\"p18_comunicacao\":\"Comunica\\u00e7\\u00e3o\",\"p18_direitoshumanos\":\"Direitos humanos\",\"p18_educacao\":\"Educa\\u00e7\\u00e3o\",\"p18_feminismos\":\"Feminismos\",\"p18_lutaantirracismo\":\"Luta antirracismo\",\"p18_saude\":\"Sa\\u00fade\",\"p18_violencia\":\"Viol\\u00eancia\",\"p19_direitoshumanos\":\"Direitos humanos\",\"p19_educacao\":\"Educa\\u00e7\\u00e3o\",\"p19_feminismos\":\"Feminismos\",\"p19_lutaantirracismo\":\"Luta antirracismo\",\"p19_difusaoartistica\":\"Difus\\u00e3o Art\\u00edstica\",\"p20_oficinas\":\"Oficinas\",\"p20_oficinasaulasartisticas\":\"Ensaios\\\/Oficinas\\\/Aulas art\\u00edsticas\",\"p20_formacao\":\"Forma\\u00e7\\u00e3o\",\"p21_machismo\":\"Machismo\",\"p21_racismo\":\"Racismo\",\"p21_nenhum\":\"Nenhum\",\"p22_numerodeparticipantes\":\"15 - 30\",\"p23_oficinasaulasartisticas\":\"Ensaio\\\/Oficinas\\\/Aulas Art\\u00edsticas\",\"p23_formacao\":\"Forma\\u00e7\\u00e3o\",\"p24_reunioes\":\"Reuni\\u00f5es\",\"p24_atendimento\":\"Atendimentos\",\"p24_formacao\":\"Forma\\u00e7\\u00e3o\",\"p24_apresentacoesartisticas\":\"Apresenta\\u00e7\\u00f5es art\\u00edsticas\",\"p25_numerodepessoas\":\"40 - 60\",\"p26_numerodepessoas\":\"20 - 40\",\"p27_espacoemprestadocedido\":\"Espa\\u00e7o emprestado\\\/cedido\",\"p28_territorios\":\"Cidade\",\"p30_outrasorganizacoes\":\"Sim\",\"p32_campanhadelongaduracao\":\"N\\u00e3o\",\"p34_municipal\":\"Municipal\",\"p34_nenhuma\":\"Nenhuma\",\"p36_conselhosdeparticipacaoecontrolesocial\":\"N\\u00e3o\",\"p38_nenhum\":\"Nenhum\",\"p40_editais\":\"Sim\",\"p41_privadopf\":\"Privado (P. F\\u00edsica)\",\"p41_privadopj\":\"Privado (P. Jur\\u00eddica)\",\"p41_autofinanciamento\":\"Autofinanciamento\",\"p41_financiamentocoletivo0\":\"Financiamento coletivo\",\"p42_meiodedivulgacaoproprio\":\"Sim\",\"p43_email\":\"E-mail\",\"p43_facebook\":\"Facebook\",\"p43_whatsapp\":\"WhatsApp\",\"p43_instagram\":\"Instagram\",\"p44_redessociais\":\"Redes sociais (Facebook, YouTube, Instagram etc.)\",\"p44_nenhum\":\"Nenhum\",\"p39_publico\":\"MULHERES NEGRAS\",\"p45_bandeira\":\"FEMINISMO NEGRO LUTA ANTIRRACISTA\",\"p46_hashtags\":\"#MULHERESNEGRASRESISTEM #PROTAGONISMOFEMININONEGRO #SEMENTES\"},{\"p1_eixo\":\"Cultura\",\"p9_tipoorganizacao\":\"Associa\\u00e7\\u00e3o\",\"p12_uf\":\"CE\",\"p13_cidade\":\"FORTALEZA\",\"p16_bairro\":\"Bairro\",\"p17_ano\":\"2007\",\"p18_comunicacao\":\"Comunica\\u00e7\\u00e3o\",\"p18_difusaoartistica\":\"Difus\\u00e3o Art\\u00edstica\",\"p18_desenvolvimentoterritorial\":\"Desenvolvimento territorial\",\"p18_direitoshumanos\":\"Direitos humanos\",\"p18_educacao\":\"Educa\\u00e7\\u00e3o\",\"p18_feminismos\":\"Feminismos\",\"p18_lgbtqi\":\"LGBTQI\",\"p18_lutaantirracismo\":\"Luta antirracismo\",\"p18_mobilidade\":\"Mobilidade\",\"p18_povosecomunidadestradicionais\":\"Povos e comunidades tradicionais\",\"p18_trabalho\":\"Trabalho\",\"p18_religiao\":\"Religi\\u00e3o\",\"p18_saude\":\"Sa\\u00fade\",\"p18_violencia\":\"Viol\\u00eancia\",\"p18_politicasculturais\":\"Pol\\u00edticas Culturais\",\"p19_direitoshumanos\":\"Direitos humanos\",\"p19_educacao\":\"Educa\\u00e7\\u00e3o\",\"p19_feminismos\":\"Feminismos\",\"p19_violencia\":\"Viol\\u00eancia\",\"p19_difusaoartistica\":\"Difus\\u00e3o Art\\u00edstica\",\"p20_oficinas\":\"Oficinas\",\"p20_oficinasaulasartisticas\":\"Ensaios\\\/Oficinas\\\/Aulas art\\u00edsticas\",\"p20_apresentacoesartisticas\":\"Apresenta\\u00e7\\u00f5es art\\u00edsticas\",\"p21_repressaopolicial\":\"Repress\\u00e3o policial\",\"p21_nenhum\":\"Nenhum\",\"p22_numerodeparticipantes\":\"1  - 15\",\"p23_oficinasaulasartisticas\":\"Ensaio\\\/Oficinas\\\/Aulas Art\\u00edsticas\",\"p23_apresentacoesartisticas\":\"Apresenta\\u00e7\\u00f5es Art\\u00edsticas\",\"p24_reunioes\":\"Reuni\\u00f5es\",\"p24_atendimento\":\"Atendimentos\",\"p24_formacao\":\"Forma\\u00e7\\u00e3o\",\"p25_numerodepessoas\":\"20 - 40\",\"p26_numerodepessoas\":\"60 - 80\",\"p27_espacoemprestadocedido\":\"Espa\\u00e7o emprestado\\\/cedido\",\"p28_territorios\":\"Pr\\u00f3prio bairro\",\"p30_outrasorganizacoes\":\"N\\u00e3o\",\"p32_campanhadelongaduracao\":\"N\\u00e3o\",\"p34_municipal\":\"Municipal\",\"p34_nenhuma\":\"Nenhuma\",\"p36_conselhosdeparticipacaoecontrolesocial\":\"N\\u00e3o\",\"p38_nenhum\":\"Nenhum\",\"p40_editais\":\"N\\u00e3o\",\"p41_privadopf\":\"Privado (P. F\\u00edsica)\",\"p41_privadopj\":\"Privado (P. Jur\\u00eddica)\",\"p41_autofinanciamento\":\"Autofinanciamento\",\"p41_financiamentocoletivo0\":\"Financiamento coletivo\",\"p42_meiodedivulgacaoproprio\":\"Sim\",\"p43_impressoes\":\"Impressos\",\"p43_facebook\":\"Facebook\",\"p43_instagram\":\"Instagram\",\"p44_nenhum\":\"Nenhum\",\"p39_publico\":\"CRIAN\\u00c7AS ADOLESCENTES\",\"p45_bandeira\":\"PROTE\\u00c7\\u00c3O CRIAN\\u00c7A PROTAGONISMO JUVENIL\",\"p46_hashtags\":\"#JUVENTUDEVIVA #EDUCACAO #SAUDE\"},{\"p1_eixo\":\"Cultura\",\"p9_tipoorganizacao\":\"Coletivo Art\\u00edstico\",\"p12_uf\":\"AP\",\"p13_cidade\":\"SANTANA\",\"p16_bairro\":\"Bairro\",\"p17_ano\":\"2017\",\"p16_estado\":\"Estado\",\"p18_comunicacao\":\"Comunica\\u00e7\\u00e3o\",\"p18_difusaoartistica\":\"Difus\\u00e3o Art\\u00edstica\",\"p18_desenvolvimentoterritorial\":\"Desenvolvimento territorial\",\"p18_direitoshumanos\":\"Direitos humanos\",\"p18_educacao\":\"Educa\\u00e7\\u00e3o\",\"p18_feminismos\":\"Feminismos\",\"p18_lgbtqi\":\"LGBTQI\",\"p18_lutaantirracismo\":\"Luta antirracismo\",\"p18_mobilidade\":\"Mobilidade\",\"p18_povosecomunidadestradicionais\":\"Povos e comunidades tradicionais\",\"p18_trabalho\":\"Trabalho\",\"p18_religiao\":\"Religi\\u00e3o\",\"p18_saude\":\"Sa\\u00fade\",\"p18_violencia\":\"Viol\\u00eancia\",\"p18_politicasculturais\":\"Pol\\u00edticas Culturais\",\"p19_feminismos\":\"Feminismos\",\"p19_lutaantirracismo\":\"Luta antirracismo\",\"p19_povosecomunidadestradicionais\":\"Povos e comunidades tradicionais\",\"p19_religiao\":\"Religi\\u00e3o\",\"p19_violencia\":\"Viol\\u00eancia\",\"p19_difusaoartistica\":\"Difus\\u00e3o Art\\u00edstica\",\"p20_reunioes\":\"Reuni\\u00f5es\",\"p20_atendimento\":\"Atendimento\",\"p20_oficinasaulasartisticas\":\"Ensaios\\\/Oficinas\\\/Aulas art\\u00edsticas\",\"p20_cursos\":\"Cursos\",\"p20_apresentacoesartisticas\":\"Apresenta\\u00e7\\u00f5es art\\u00edsticas\",\"p21_repressaopolicial\":\"Repress\\u00e3o policial\",\"p21_intoleranciareligiosa\":\"Fundamentalismo\\\/intoler\\u00e2ncia religiosa\",\"p21_racismo\":\"Racismo\",\"p22_numerodeparticipantes\":\"1  - 15\",\"p23_reunioes\":\"Reuni\\u00f5es\",\"p23_atendimento\":\"Atendimento\",\"p23_oficinasaulasartisticas\":\"Ensaio\\\/Oficinas\\\/Aulas Art\\u00edsticas\",\"p23_cursos\":\"Cursos\",\"p23_apresentacoesartisticas\":\"Apresenta\\u00e7\\u00f5es Art\\u00edsticas\",\"p24_reunioes\":\"Reuni\\u00f5es\",\"p24_atendimento\":\"Atendimentos\",\"p24_oficinasaulasartisticas\":\"Ensaios\\\/Oficinas\\\/Aulas art\\u00edsticas\",\"p24_curso\":\"Curso\",\"p24_apresentacoesartisticas\":\"Apresenta\\u00e7\\u00f5es art\\u00edsticas\",\"p25_numerodepessoas\":\"100 - 200\",\"p26_numerodepessoas\":\"1 - 20\",\"p27_espacoemprestadocedido\":\"Espa\\u00e7o emprestado\\\/cedido\",\"p27_espacoproprio\":\"Espa\\u00e7o pr\\u00f3prio\",\"p28_territorios\":\"Pr\\u00f3prio bairro\",\"p30_outrasorganizacoes\":\"N\\u00e3o\",\"p32_campanhadelongaduracao\":\"N\\u00e3o\",\"p34_municipal\":\"Municipal\",\"p34_nacional\":\"Nacional\",\"p34_nenhuma\":\"Nenhuma\",\"p36_conselhosdeparticipacaoecontrolesocial\":\"N\\u00e3o\",\"p38_nenhum\":\"Nenhum\",\"p40_editais\":\"N\\u00e3o\",\"p41_autofinanciamento\":\"Autofinanciamento\",\"p41_financiamentocoletivo0\":\"Financiamento coletivo\",\"p42_meiodedivulgacaoproprio\":\"Sim\",\"p43_impressoes\":\"Impressos\",\"p43_email\":\"E-mail\",\"p43_facebook\":\"Facebook\",\"p43_whatsapp\":\"WhatsApp\",\"p43_instagram\":\"Instagram\",\"p43_sitesblogs\":\"Blogs\\\/sites\",\"p44_jornaisimpressosdegrandecirculacao\":\"Jornais impressos de grande circula\\u00e7\\u00e3o\",\"p44_jornaisimpressosdebairro\":\"Jornais impressos de bairro\",\"p44_redessociais\":\"Redes sociais (Facebook, YouTube, Instagram etc.)\",\"p44_sitesblogs\":\"Sites ou Blogs\",\"p44_nenhum\":\"Nenhum\",\"p39_publico\":\"OLHAR\",\"p45_bandeira\":\"RAP HIPHOP CONTRA-VIOL\\u00caNCIA\",\"p46_hashtags\":\"#FORCAPRANOSSAFAVELA #HIPHOPEPRATODOS #RAPSOPRARIMA\"},{\"p1_eixo\":\"Cultura\",\"p9_tipoorganizacao\":\"Associa\\u00e7\\u00e3o\",\"p12_uf\":\"RJ\",\"p13_cidade\":\"S\\u00c3O GON\\u00c7ALO\",\"p17_ano\":\"1994\",\"p16_estado\":\"Estado\",\"p18_comunicacao\":\"Comunica\\u00e7\\u00e3o\",\"p18_difusaoartistica\":\"Difus\\u00e3o Art\\u00edstica\",\"p18_desenvolvimentoterritorial\":\"Desenvolvimento territorial\",\"p18_direitoshumanos\":\"Direitos humanos\",\"p18_educacao\":\"Educa\\u00e7\\u00e3o\",\"p18_feminismos\":\"Feminismos\",\"p18_lutaantirracismo\":\"Luta antirracismo\",\"p18_povosecomunidadestradicionais\":\"Povos e comunidades tradicionais\",\"p18_religiao\":\"Religi\\u00e3o\",\"p18_politicasculturais\":\"Pol\\u00edticas Culturais\",\"p19_comunicacao\":\"Comunica\\u00e7\\u00e3o\",\"p19_direitoshumanos\":\"Direitos humanos\",\"p19_lutaantirracismo\":\"Luta antirracismo\",\"p19_povosecomunidadestradicionais\":\"Povos e comunidades tradicionais\",\"p19_religiao\":\"Religi\\u00e3o\",\"p19_politicasculturais\":\"Pol\\u00edticas Culturais\",\"p20_reunioes\":\"Reuni\\u00f5es\",\"p20_atendimento\":\"Atendimento\",\"p20_oficinas\":\"Oficinas\",\"p20_oficinasaulasartisticas\":\"Ensaios\\\/Oficinas\\\/Aulas art\\u00edsticas\",\"p20_cursos\":\"Cursos\",\"p20_formacao\":\"Forma\\u00e7\\u00e3o\",\"p20_apresentacoesartisticas\":\"Apresenta\\u00e7\\u00f5es art\\u00edsticas\",\"p20_visitasexcursoes\":\"Visitas\\\/Excurs\\u00f5es\",\"p21_intoleranciareligiosa\":\"Fundamentalismo\\\/intoler\\u00e2ncia religiosa\",\"p21_racismo\":\"Racismo\",\"p21_enfrentamentocomgruposprivadosarmados\":\"Enfrentamento com grupos privados armados\",\"p22_numerodeparticipantes\":\"Mais de 90\",\"p23_reunioes\":\"Reuni\\u00f5es\",\"p23_atendimento\":\"Atendimento\",\"p23_oficinas\":\"Oficinas\",\"p23_oficinasaulasartisticas\":\"Ensaio\\\/Oficinas\\\/Aulas Art\\u00edsticas\",\"p23_cursos\":\"Cursos\",\"p23_apresentacoesartisticas\":\"Apresenta\\u00e7\\u00f5es Art\\u00edsticas\",\"p23_visitas\":\"Visitas\",\"p24_reunioes\":\"Reuni\\u00f5es\",\"p24_atendimento\":\"Atendimentos\",\"p24_oficinas\":\"Oficinas\",\"p24_oficinasaulasartisticas\":\"Ensaios\\\/Oficinas\\\/Aulas art\\u00edsticas\",\"p24_curso\":\"Curso\",\"p24_apresentacoesartisticas\":\"Apresenta\\u00e7\\u00f5es art\\u00edsticas\",\"p24_visitasexcursoes\":\"Visitas\\\/Excurs\\u00f5es\",\"p25_numerodepessoas\":\"80 - 100\",\"p26_numerodepessoas\":\"60 - 80\",\"p27_espacopublico\":\"Espa\\u00e7o p\\u00fablico\",\"p27_espacoemprestadocedido\":\"Espa\\u00e7o emprestado\\\/cedido\",\"p27_espacoproprio\":\"Espa\\u00e7o pr\\u00f3prio\",\"p27_virtual\":\"Virtual\",\"p28_territorios\":\"Regi\\u00e3o da Cidade\",\"p30_outrasorganizacoes\":\"Sim\",\"p32_campanhadelongaduracao\":\"Sim\",\"p34_municipal\":\"Municipal\",\"p34_nacional\":\"Nacional\",\"p36_conselhosdeparticipacaoecontrolesocial\":\"N\\u00e3o\",\"p38_sim\":\"Sim\",\"p38_nenhum\":\"Nenhum\",\"p40_editais\":\"Sim\",\"p41_autofinanciamento\":\"Autofinanciamento\",\"p42_meiodedivulgacaoproprio\":\"Sim\",\"p43_impressoes\":\"Impressos\",\"p43_email\":\"E-mail\",\"p43_facebook\":\"Facebook\",\"p43_whatsapp\":\"WhatsApp\",\"p43_instagram\":\"Instagram\",\"p43_sitesblogs\":\"Blogs\\\/sites\",\"p43_youtube\":\"YouTube\",\"p44_jornaisimpressosdegrandecirculacao\":\"Jornais impressos de grande circula\\u00e7\\u00e3o\",\"p44_jornaisimpressosdebairro\":\"Jornais impressos de bairro\",\"p44_redessociais\":\"Redes sociais (Facebook, YouTube, Instagram etc.)\",\"p44_sitesblogs\":\"Sites ou Blogs\",\"p39_publico\":\"COMUNIDADE TERREIRO QUILOMBOLAS ESTUDANTES\",\"p45_bandeira\":\"PROMO\\u00c7\\u00c3O IGUALDADE RACIAL COMBATE RELIGIOSA PROMO\\u00c7\\u00c3O TRABALHO RENDA MULHERES COMBATE RACISMO\",\"p46_hashtags\":\"#CANDOMBLE  #NAOAORACISMORELIGIOSO  #CHEGADERACISMO\"},{\"p1_eixo\":\"Cultura\",\"p9_tipoorganizacao\":\"ONG\",\"p12_uf\":\"SE\",\"p13_cidade\":\"ARACAJU\",\"p16_cidade\":\"Cidade\",\"p17_ano\":\"2004\",\"p16_estado\":\"Estado\",\"p18_comunicacao\":\"Comunica\\u00e7\\u00e3o\",\"p18_difusaoartistica\":\"Difus\\u00e3o Art\\u00edstica\",\"p18_direitoshumanos\":\"Direitos humanos\",\"p18_educacao\":\"Educa\\u00e7\\u00e3o\",\"p18_trabalho\":\"Trabalho\",\"p18_violencia\":\"Viol\\u00eancia\",\"p18_politicasculturais\":\"Pol\\u00edticas Culturais\",\"p19_comunicacao\":\"Comunica\\u00e7\\u00e3o\",\"p19_direitoshumanos\":\"Direitos humanos\",\"p19_trabalho\":\"Trabalho\",\"p19_violencia\":\"Viol\\u00eancia\",\"p19_politicasculturais\":\"Pol\\u00edticas Culturais\",\"p20_reunioes\":\"Reuni\\u00f5es\",\"p20_atendimento\":\"Atendimento\",\"p20_oficinas\":\"Oficinas\",\"p20_oficinasaulasartisticas\":\"Ensaios\\\/Oficinas\\\/Aulas art\\u00edsticas\",\"p20_formacao\":\"Forma\\u00e7\\u00e3o\",\"p20_profissionalizacao\":\"Profissionaliza\\u00e7\\u00e3o\",\"p20_apresentacoesartisticas\":\"Apresenta\\u00e7\\u00f5es art\\u00edsticas\",\"p20_visitasexcursoes\":\"Visitas\\\/Excurs\\u00f5es\",\"p21_enfrentamentocomgruposprivadosarmados\":\"Enfrentamento com grupos privados armados\",\"p21_nenhum\":\"Nenhum\",\"p22_numerodeparticipantes\":\"1  - 15\",\"p23_reunioes\":\"Reuni\\u00f5es\",\"p23_atendimento\":\"Atendimento\",\"p23_oficinas\":\"Oficinas\",\"p23_oficinasaulasartisticas\":\"Ensaio\\\/Oficinas\\\/Aulas Art\\u00edsticas\",\"p23_formacao\":\"Forma\\u00e7\\u00e3o\",\"p23_apresentacoesartisticas\":\"Apresenta\\u00e7\\u00f5es Art\\u00edsticas\",\"p23_visitas\":\"Visitas\",\"p24_reunioes\":\"Reuni\\u00f5es\",\"p24_oficinas\":\"Oficinas\",\"p24_curso\":\"Curso\",\"p24_apresentacoesartisticas\":\"Apresenta\\u00e7\\u00f5es art\\u00edsticas\",\"p24_visitasexcursoes\":\"Visitas\\\/Excurs\\u00f5es\",\"p25_numerodepessoas\":\"1 - 20\",\"p26_numerodepessoas\":\"20 - 40\",\"p27_espacopublico\":\"Espa\\u00e7o p\\u00fablico\",\"p27_espacoemprestadocedido\":\"Espa\\u00e7o emprestado\\\/cedido\",\"p27_espacoproprio\":\"Espa\\u00e7o pr\\u00f3prio\",\"p27_virtual\":\"Virtual\",\"p28_territorios\":\"Cidade\",\"p30_outrasorganizacoes\":\"Sim\",\"p32_campanhadelongaduracao\":\"Sim\",\"p34_municipal\":\"Municipal\",\"p34_estadual\":\"Estadual\",\"p34_nacional\":\"Nacional\",\"p36_conselhosdeparticipacaoecontrolesocial\":\"N\\u00e3o\",\"p38_sim\":\"Sim\",\"p38_nenhum\":\"Nenhum\",\"p40_editais\":\"Sim\",\"p41_autofinanciamento\":\"Autofinanciamento\",\"p41_financiamentocoletivo0\":\"Financiamento coletivo\",\"p42_meiodedivulgacaoproprio\":\"Sim\",\"p43_impressoes\":\"Impressos\",\"p43_email\":\"E-mail\",\"p43_facebook\":\"Facebook\",\"p43_whatsapp\":\"WhatsApp\",\"p43_instagram\":\"Instagram\",\"p43_sitesblogs\":\"Blogs\\\/sites\",\"p43_youtube\":\"YouTube\",\"p44_redessociais\":\"Redes sociais (Facebook, YouTube, Instagram etc.)\",\"p44_sitesblogs\":\"Sites ou Blogs\",\"p39_publico\":\"JOVENS PERIFERIA\",\"p45_bandeira\":\"PARTICIPA\\u00c7\\u00c3O CIDAD\\u00c3 CONTROLE-SOCIAL CULTURA OR\\u00c7AMENTO CULTURA CULTURA ESCOLAS\",\"p46_hashtags\":\"#CULTURADEBASECOMUNITARIA #PROTAGONISMOJUVENIL #VIDASNEGRASIMPORTAM\"},{\"p1_eixo\":\"Viol\\u00eancia\",\"p9_tipoorganizacao\":\"ONG\",\"p12_uf\":\"PE\",\"p13_cidade\":\"RECIFE\",\"p16_cidade\":\"Cidade\",\"p16_nacional\":\"Nacional\",\"p17_ano\":\"1994\",\"p18_comunicacao\":\"Comunica\\u00e7\\u00e3o\",\"p18_difusaoartistica\":\"Difus\\u00e3o Art\\u00edstica\",\"p18_desenvolvimentoterritorial\":\"Desenvolvimento territorial\",\"p18_direitoshumanos\":\"Direitos humanos\",\"p18_educacao\":\"Educa\\u00e7\\u00e3o\",\"p18_feminismos\":\"Feminismos\",\"p18_lgbtqi\":\"LGBTQI\",\"p18_lutaantirracismo\":\"Luta antirracismo\",\"p18_mobilidade\":\"Mobilidade\",\"p18_moradia\":\"Moradia\",\"p18_povosecomunidadestradicionais\":\"Povos e comunidades tradicionais\",\"p18_trabalho\":\"Trabalho\",\"p18_saude\":\"Sa\\u00fade\",\"p18_violencia\":\"Viol\\u00eancia\",\"p18_politicasculturais\":\"Pol\\u00edticas Culturais\",\"p19_direitoshumanos\":\"Direitos humanos\",\"p19_moradia\":\"Moradia\",\"p19_trabalho\":\"Trabalho\",\"p19_violencia\":\"Viol\\u00eancia\",\"p19_difusaoartistica\":\"Difus\\u00e3o Art\\u00edstica\",\"p20_reunioes\":\"Reuni\\u00f5es\",\"p20_atendimento\":\"Atendimento\",\"p20_oficinas\":\"Oficinas\",\"p20_oficinasaulasartisticas\":\"Ensaios\\\/Oficinas\\\/Aulas art\\u00edsticas\",\"p20_cursos\":\"Cursos\",\"p20_formacao\":\"Forma\\u00e7\\u00e3o\",\"p20_profissionalizacao\":\"Profissionaliza\\u00e7\\u00e3o\",\"p20_apresentacoesartisticas\":\"Apresenta\\u00e7\\u00f5es art\\u00edsticas\",\"p20_visitasexcursoes\":\"Visitas\\\/Excurs\\u00f5es\",\"p21_repressaopolicial\":\"Repress\\u00e3o policial\",\"p21_intoleranciareligiosa\":\"Fundamentalismo\\\/intoler\\u00e2ncia religiosa\",\"p21_machismo\":\"Machismo\",\"p21_racismo\":\"Racismo\",\"p21_lgbtqifobia\":\"LGBTIfobia\",\"p21_nenhum\":\"Nenhum\",\"p22_numerodeparticipantes\":\"1  - 15\",\"p23_reunioes\":\"Reuni\\u00f5es\",\"p23_atendimento\":\"Atendimento\",\"p23_oficinas\":\"Oficinas\",\"p23_oficinasaulasartisticas\":\"Ensaio\\\/Oficinas\\\/Aulas Art\\u00edsticas\",\"p23_cursos\":\"Cursos\",\"p23_formacao\":\"Forma\\u00e7\\u00e3o\",\"p23_apresentacoesartisticas\":\"Apresenta\\u00e7\\u00f5es Art\\u00edsticas\",\"p23_outros\":\"Outros\",\"p24_reunioes\":\"Reuni\\u00f5es\",\"p24_curso\":\"Curso\",\"p24_apresentacoesartisticas\":\"Apresenta\\u00e7\\u00f5es art\\u00edsticas\",\"p24_visitasexcursoes\":\"Visitas\\\/Excurs\\u00f5es\",\"p24_outros\":\"Outros\",\"p25_numerodepessoas\":\"80 - 100\",\"p26_numerodepessoas\":\"20 - 40\",\"p27_espacopublico\":\"Espa\\u00e7o p\\u00fablico\",\"p27_espacoemprestadocedido\":\"Espa\\u00e7o emprestado\\\/cedido\",\"p27_espacoproprio\":\"Espa\\u00e7o pr\\u00f3prio\",\"p27_ocupacao\":\"Ocupa\\u00e7\\u00e3o\",\"p28_territorios\":\"Cidade\",\"p30_outrasorganizacoes\":\"N\\u00e3o\",\"p32_campanhadelongaduracao\":\"N\\u00e3o\",\"p34_municipal\":\"Municipal\",\"p34_estadual\":\"Estadual\",\"p36_conselhosdeparticipacaoecontrolesocial\":\"Sim\",\"p38_nenhum\":\"Nenhum\",\"p40_editais\":\"Sim\",\"p41_publicoestatal\":\"P\\u00fablico-Estatal\",\"p41_autofinanciamento\":\"Autofinanciamento\",\"p41_financiamentocoletivo0\":\"Financiamento coletivo\",\"p42_meiodedivulgacaoproprio\":\"Sim\",\"p43_impressoes\":\"Impressos\",\"p43_email\":\"E-mail\",\"p43_facebook\":\"Facebook\",\"p43_whatsapp\":\"WhatsApp\",\"p43_instagram\":\"Instagram\",\"p44_jornaisimpressosdebairro\":\"Jornais impressos de bairro\",\"p44_redessociais\":\"Redes sociais (Facebook, YouTube, Instagram etc.)\",\"p44_sitesblogs\":\"Sites ou Blogs\",\"p39_publico\":\"CRIAN\\u00c7AS ADOLESCENTES JOVENS\",\"p45_bandeira\":\"INCLUS\\u00c3O SOCIAL ENFRENTAMENTO INCID\\u00caNCIA POL\\u00cdTICA ESPA\\u00c7OS-CONTROLE SOCIAL\",\"p46_hashtags\":\"#ACESSO #EDUCACAODEQUALIDADE\"},{\"p1_eixo\":\"Cultura\",\"p9_tipoorganizacao\":\"Coletivo\",\"p12_uf\":\"CE\",\"p13_cidade\":\"FORTALEZA\",\"p16_bairro\":\"Bairro\",\"p16_nacional\":\"Nacional\",\"p17_ano\":\"2016\",\"p18_comunicacao\":\"Comunica\\u00e7\\u00e3o\",\"p18_difusaoartistica\":\"Difus\\u00e3o Art\\u00edstica\",\"p18_desenvolvimentoterritorial\":\"Desenvolvimento territorial\",\"p18_direitoshumanos\":\"Direitos humanos\",\"p18_educacao\":\"Educa\\u00e7\\u00e3o\",\"p18_feminismos\":\"Feminismos\",\"p18_lgbtqi\":\"LGBTQI\",\"p18_lutaantirracismo\":\"Luta antirracismo\",\"p18_mobilidade\":\"Mobilidade\",\"p18_moradia\":\"Moradia\",\"p18_povosecomunidadestradicionais\":\"Povos e comunidades tradicionais\",\"p18_trabalho\":\"Trabalho\",\"p18_religiao\":\"Religi\\u00e3o\",\"p18_saude\":\"Sa\\u00fade\",\"p18_violencia\":\"Viol\\u00eancia\",\"p18_politicasculturais\":\"Pol\\u00edticas Culturais\",\"p19_educacao\":\"Educa\\u00e7\\u00e3o\",\"p19_lgbtqi\":\"LGBTQI\",\"p19_moradia\":\"Moradia\",\"p19_violencia\":\"Viol\\u00eancia\",\"p19_difusaoartistica\":\"Difus\\u00e3o Art\\u00edstica\",\"p20_reunioes\":\"Reuni\\u00f5es\",\"p20_oficinas\":\"Oficinas\",\"p20_oficinasaulasartisticas\":\"Ensaios\\\/Oficinas\\\/Aulas art\\u00edsticas\",\"p20_cursos\":\"Cursos\",\"p20_apresentacoesartisticas\":\"Apresenta\\u00e7\\u00f5es art\\u00edsticas\",\"p20_visitasexcursoes\":\"Visitas\\\/Excurs\\u00f5es\",\"p21_repressaopolicial\":\"Repress\\u00e3o policial\",\"p21_intoleranciareligiosa\":\"Fundamentalismo\\\/intoler\\u00e2ncia religiosa\",\"p21_xenofobia\":\"Xenofobia\",\"p21_machismo\":\"Machismo\",\"p21_racismo\":\"Racismo\",\"p21_lgbtqifobia\":\"LGBTIfobia\",\"p22_numerodeparticipantes\":\"1  - 15\",\"p23_reunioes\":\"Reuni\\u00f5es\",\"p23_oficinas\":\"Oficinas\",\"p23_oficinasaulasartisticas\":\"Ensaio\\\/Oficinas\\\/Aulas Art\\u00edsticas\",\"p23_cursos\":\"Cursos\",\"p23_apresentacoesartisticas\":\"Apresenta\\u00e7\\u00f5es Art\\u00edsticas\",\"p23_outros\":\"Outros\",\"p24_reunioes\":\"Reuni\\u00f5es\",\"p24_apresentacoesartisticas\":\"Apresenta\\u00e7\\u00f5es art\\u00edsticas\",\"p24_visitasexcursoes\":\"Visitas\\\/Excurs\\u00f5es\",\"p24_outros\":\"Outros\",\"p25_numerodepessoas\":\"40 - 60\",\"p26_numerodepessoas\":\"40 - 60\",\"p27_espacopublico\":\"Espa\\u00e7o p\\u00fablico\",\"p27_espacoemprestadocedido\":\"Espa\\u00e7o emprestado\\\/cedido\",\"p27_espacoproprio\":\"Espa\\u00e7o pr\\u00f3prio\",\"p27_ocupacao\":\"Ocupa\\u00e7\\u00e3o\",\"p28_territorios\":\"Pr\\u00f3prio bairro\",\"p30_outrasorganizacoes\":\"Sim\",\"p32_campanhadelongaduracao\":\"N\\u00e3o\",\"p34_municipal\":\"Municipal\",\"p34_estadual\":\"Estadual\",\"p34_internacional\":\"Internacional\",\"p36_conselhosdeparticipacaoecontrolesocial\":\"Sim\",\"p38_nenhum\":\"Nenhum\",\"p40_editais\":\"Sim\",\"p41_publicoestatal\":\"P\\u00fablico-Estatal\",\"p41_autofinanciamento\":\"Autofinanciamento\",\"p41_financiamentocoletivo0\":\"Financiamento coletivo\",\"p42_meiodedivulgacaoproprio\":\"Sim\",\"p43_impressoes\":\"Impressos\",\"p43_facebook\":\"Facebook\",\"p43_instagram\":\"Instagram\",\"p44_radio\":\"R\\u00e1dio\",\"p44_jornaisimpressosdebairro\":\"Jornais impressos de bairro\",\"p44_redessociais\":\"Redes sociais (Facebook, YouTube, Instagram etc.)\",\"p44_sitesblogs\":\"Sites ou Blogs\",\"p39_publico\":\"JUVENTUDE\",\"p45_bandeira\":\"DIREITOS HUMANOS COMBATE RACISMO  JUVENTUDE\",\"p46_hashtags\":\"#SERVILUZNAOSEVENDE #VAMOTITA #SERVILOST\"},{\"p1_eixo\":\"Cultura\",\"p9_tipoorganizacao\":\"Associa\\u00e7\\u00e3o\",\"p12_uf\":\"MA\",\"p13_cidade\":\"S\\u00c3O LU\\u00cdS\",\"p16_bairro\":\"Bairro\",\"p17_ano\":\"1993\",\"p16_estado\":\"Estado\",\"p18_comunicacao\":\"Comunica\\u00e7\\u00e3o\",\"p18_difusaoartistica\":\"Difus\\u00e3o Art\\u00edstica\",\"p18_desenvolvimentoterritorial\":\"Desenvolvimento territorial\",\"p18_direitoshumanos\":\"Direitos humanos\",\"p18_educacao\":\"Educa\\u00e7\\u00e3o\",\"p18_feminismos\":\"Feminismos\",\"p18_lgbtqi\":\"LGBTQI\",\"p18_lutaantirracismo\":\"Luta antirracismo\",\"p18_mobilidade\":\"Mobilidade\",\"p18_moradia\":\"Moradia\",\"p18_povosecomunidadestradicionais\":\"Povos e comunidades tradicionais\",\"p18_trabalho\":\"Trabalho\",\"p18_religiao\":\"Religi\\u00e3o\",\"p18_saude\":\"Sa\\u00fade\",\"p18_violencia\":\"Viol\\u00eancia\",\"p18_politicasculturais\":\"Pol\\u00edticas Culturais\",\"p19_direitoshumanos\":\"Direitos humanos\",\"p19_educacao\":\"Educa\\u00e7\\u00e3o\",\"p19_feminismos\":\"Feminismos\",\"p19_lgbtqi\":\"LGBTQI\",\"p19_lutaantirracismo\":\"Luta antirracismo\",\"p19_difusaoartistica\":\"Difus\\u00e3o Art\\u00edstica\",\"p20_reunioes\":\"Reuni\\u00f5es\",\"p20_atendimento\":\"Atendimento\",\"p20_oficinas\":\"Oficinas\",\"p20_oficinasaulasartisticas\":\"Ensaios\\\/Oficinas\\\/Aulas art\\u00edsticas\",\"p20_apresentacoesartisticas\":\"Apresenta\\u00e7\\u00f5es art\\u00edsticas\",\"p21_intoleranciareligiosa\":\"Fundamentalismo\\\/intoler\\u00e2ncia religiosa\",\"p21_xenofobia\":\"Xenofobia\",\"p21_machismo\":\"Machismo\",\"p21_racismo\":\"Racismo\",\"p21_enfrentamentocomgruposprivadosarmados\":\"Enfrentamento com grupos privados armados\",\"p22_numerodeparticipantes\":\"1  - 15\",\"p23_atendimento\":\"Atendimento\",\"p23_oficinas\":\"Oficinas\",\"p23_oficinasaulasartisticas\":\"Ensaio\\\/Oficinas\\\/Aulas Art\\u00edsticas\",\"p23_apresentacoesartisticas\":\"Apresenta\\u00e7\\u00f5es Art\\u00edsticas\",\"p23_outros\":\"Outros\",\"p24_reunioes\":\"Reuni\\u00f5es\",\"p24_apresentacoesartisticas\":\"Apresenta\\u00e7\\u00f5es art\\u00edsticas\",\"p24_outros\":\"Outros\",\"p25_numerodepessoas\":\"1 - 20\",\"p26_numerodepessoas\":\"1 - 20\",\"p27_espacoemprestadocedido\":\"Espa\\u00e7o emprestado\\\/cedido\",\"p27_espacoproprio\":\"Espa\\u00e7o pr\\u00f3prio\",\"p28_territorios\":\"Pr\\u00f3prio bairro\",\"p30_outrasorganizacoes\":\"Sim\",\"p32_campanhadelongaduracao\":\"N\\u00e3o\",\"p34_municipal\":\"Municipal\",\"p34_estadual\":\"Estadual\",\"p34_nacional\":\"Nacional\",\"p34_internacional\":\"Internacional\",\"p36_conselhosdeparticipacaoecontrolesocial\":\"N\\u00e3o\",\"p38_nenhum\":\"Nenhum\",\"p40_editais\":\"Sim\",\"p41_publicoestatal\":\"P\\u00fablico-Estatal\",\"p41_privadopf\":\"Privado (P. F\\u00edsica)\",\"p41_autofinanciamento\":\"Autofinanciamento\",\"p41_financiamentocoletivo0\":\"Financiamento coletivo\",\"p42_meiodedivulgacaoproprio\":\"Sim\",\"p43_impressoes\":\"Impressos\",\"p43_facebook\":\"Facebook\",\"p43_instagram\":\"Instagram\",\"p44_radio\":\"R\\u00e1dio\",\"p44_redessociais\":\"Redes sociais (Facebook, YouTube, Instagram etc.)\",\"p44_sitesblogs\":\"Sites ou Blogs\",\"p39_publico\":\"CRIAN\\u00c7AS ADOLESCENTES\",\"p45_bandeira\":\"EDUCA\\u00c7\\u00c3O ACOLHIMENTO MULHERES\",\"p46_hashtags\":\"#LUTARPELAEDUCACAODAMULHER #EDUCACAOCOMOFERRAMENTADECRESCIMENTO\"},{\"p1_eixo\":\"Cultura\",\"p9_tipoorganizacao\":\"Coletivo\",\"p12_uf\":\"RJ\",\"p13_cidade\":\"RIO DE JANEIRO\",\"p16_bairro\":\"Bairro\",\"p17_ano\":\"2016\",\"p16_estado\":\"Estado\",\"p18_agrario\":\"Agr\\u00e1rio\\\/ruralidades\",\"p18_difusaoartistica\":\"Difus\\u00e3o Art\\u00edstica\",\"p18_desenvolvimentoterritorial\":\"Desenvolvimento territorial\",\"p18_direitoshumanos\":\"Direitos humanos\",\"p18_educacao\":\"Educa\\u00e7\\u00e3o\",\"p18_feminismos\":\"Feminismos\",\"p18_lgbtqi\":\"LGBTQI\",\"p18_lutaantirracismo\":\"Luta antirracismo\",\"p18_mobilidade\":\"Mobilidade\",\"p18_trabalho\":\"Trabalho\",\"p18_saude\":\"Sa\\u00fade\",\"p18_violencia\":\"Viol\\u00eancia\",\"p18_politicasculturais\":\"Pol\\u00edticas Culturais\",\"p19_direitoshumanos\":\"Direitos humanos\",\"p19_feminismos\":\"Feminismos\",\"p19_lutaantirracismo\":\"Luta antirracismo\",\"p19_saude\":\"Sa\\u00fade\",\"p19_politicasculturais\":\"Pol\\u00edticas Culturais\",\"p20_reunioes\":\"Reuni\\u00f5es\",\"p20_atendimento\":\"Atendimento\",\"p20_oficinas\":\"Oficinas\",\"p20_oficinasaulasartisticas\":\"Ensaios\\\/Oficinas\\\/Aulas art\\u00edsticas\",\"p20_apresentacoesartisticas\":\"Apresenta\\u00e7\\u00f5es art\\u00edsticas\",\"p20_visitasexcursoes\":\"Visitas\\\/Excurs\\u00f5es\",\"p21_intoleranciareligiosa\":\"Fundamentalismo\\\/intoler\\u00e2ncia religiosa\",\"p21_machismo\":\"Machismo\",\"p21_racismo\":\"Racismo\",\"p21_enfrentamentocomgruposprivadosarmados\":\"Enfrentamento com grupos privados armados\",\"p21_nenhum\":\"Nenhum\",\"p22_numerodeparticipantes\":\"1  - 15\",\"p23_reunioes\":\"Reuni\\u00f5es\",\"p23_atendimento\":\"Atendimento\",\"p23_oficinas\":\"Oficinas\",\"p23_oficinasaulasartisticas\":\"Ensaio\\\/Oficinas\\\/Aulas Art\\u00edsticas\",\"p23_apresentacoesartisticas\":\"Apresenta\\u00e7\\u00f5es Art\\u00edsticas\",\"p23_outros\":\"Outros\",\"p24_oficinas\":\"Oficinas\",\"p24_apresentacoesartisticas\":\"Apresenta\\u00e7\\u00f5es art\\u00edsticas\",\"p24_outros\":\"Outros\",\"p25_numerodepessoas\":\"1 - 20\",\"p26_numerodepessoas\":\"100 - 200\",\"p27_espacopublico\":\"Espa\\u00e7o p\\u00fablico\",\"p27_espacoemprestadocedido\":\"Espa\\u00e7o emprestado\\\/cedido\",\"p28_territorios\":\"Pr\\u00f3prio bairro\",\"p30_outrasorganizacoes\":\"Sim\",\"p32_campanhadelongaduracao\":\"N\\u00e3o\",\"p34_nacional\":\"Nacional\",\"p34_nenhuma\":\"Nenhuma\",\"p36_conselhosdeparticipacaoecontrolesocial\":\"N\\u00e3o\",\"p38_nenhum\":\"Nenhum\",\"p40_editais\":\"Sim\",\"p41_publicoestatal\":\"P\\u00fablico-Estatal\",\"p41_privadopf\":\"Privado (P. F\\u00edsica)\",\"p41_autofinanciamento\":\"Autofinanciamento\",\"p41_financiamentocoletivo0\":\"Financiamento coletivo\",\"p42_meiodedivulgacaoproprio\":\"Sim\",\"p43_email\":\"E-mail\",\"p43_facebook\":\"Facebook\",\"p43_whatsapp\":\"WhatsApp\",\"p43_instagram\":\"Instagram\",\"p43_youtube\":\"YouTube\",\"p44_redessociais\":\"Redes sociais (Facebook, YouTube, Instagram etc.)\",\"p44_sitesblogs\":\"Sites ou Blogs\",\"p39_publico\":\"MULHERES MAR\\u00c9\",\"p45_bandeira\":\"MULHERES LUTA ANTIRRACISTA\",\"p46_hashtags\":\"#ANTIRRACISTA #ANTIMACHISTA #CONTRAOPRESSOESINTERSECCIONAIS\"},{\"p1_eixo\":\"Cultura\",\"p9_tipoorganizacao\":\"Associa\\u00e7\\u00e3o\",\"p12_uf\":\"BA\",\"p13_cidade\":\"JUAZEIRO\",\"p16_bairro\":\"Bairro\",\"p17_ano\":\"2017\",\"p16_estado\":\"Estado\",\"p18_agrario\":\"Agr\\u00e1rio\\\/ruralidades\",\"p18_direitoshumanos\":\"Direitos humanos\",\"p18_educacao\":\"Educa\\u00e7\\u00e3o\",\"p18_lutaantirracismo\":\"Luta antirracismo\",\"p18_mobilidade\":\"Mobilidade\",\"p18_trabalho\":\"Trabalho\",\"p18_saude\":\"Sa\\u00fade\",\"p18_violencia\":\"Viol\\u00eancia\",\"p18_politicasculturais\":\"Pol\\u00edticas Culturais\",\"p19_direitoshumanos\":\"Direitos humanos\",\"p19_lutaantirracismo\":\"Luta antirracismo\",\"p19_saude\":\"Sa\\u00fade\",\"p19_politicasculturais\":\"Pol\\u00edticas Culturais\",\"p20_reunioes\":\"Reuni\\u00f5es\",\"p20_oficinas\":\"Oficinas\",\"p20_oficinasaulasartisticas\":\"Ensaios\\\/Oficinas\\\/Aulas art\\u00edsticas\",\"p20_apresentacoesartisticas\":\"Apresenta\\u00e7\\u00f5es art\\u00edsticas\",\"p20_visitasexcursoes\":\"Visitas\\\/Excurs\\u00f5es\",\"p21_nenhum\":\"Nenhum\",\"p22_numerodeparticipantes\":\"30 - 45\",\"p23_reunioes\":\"Reuni\\u00f5es\",\"p23_outros\":\"Outros\",\"p24_oficinas\":\"Oficinas\",\"p24_visitasexcursoes\":\"Visitas\\\/Excurs\\u00f5es\",\"p25_numerodepessoas\":\"20 - 40\",\"p26_numerodepessoas\":\"60 - 80\",\"p27_espacopublico\":\"Espa\\u00e7o p\\u00fablico\",\"p27_espacoemprestadocedido\":\"Espa\\u00e7o emprestado\\\/cedido\",\"p27_espacoproprio\":\"Espa\\u00e7o pr\\u00f3prio\",\"p28_territorios\":\"Pr\\u00f3prio bairro\",\"p30_outrasorganizacoes\":\"N\\u00e3o\",\"p32_campanhadelongaduracao\":\"Sim\",\"p34_nenhuma\":\"Nenhuma\",\"p36_conselhosdeparticipacaoecontrolesocial\":\"N\\u00e3o\",\"p38_sim\":\"Sim\",\"p38_nenhum\":\"Nenhum\",\"p40_editais\":\"N\\u00e3o\",\"p41_autofinanciamento\":\"Autofinanciamento\",\"p42_meiodedivulgacaoproprio\":\"Sim\",\"p43_impressoes\":\"Impressos\",\"p43_email\":\"E-mail\",\"p43_facebook\":\"Facebook\",\"p43_whatsapp\":\"WhatsApp\",\"p43_radio\":\"R\\u00e1dio\",\"p43_youtube\":\"YouTube\",\"p44_radio\":\"R\\u00e1dio\",\"p44_jornaisimpressosdebairro\":\"Jornais impressos de bairro\",\"p44_redessociais\":\"Redes sociais (Facebook, YouTube, Instagram etc.)\",\"p39_publico\":\"PRODUTORES RURAIS FUNCION\\u00c1RIOS-P\\u00daBLICOS ESTUDANTES\",\"p45_bandeira\":\"DESENVOLVIMENTO SOCIAL\",\"p46_hashtags\":\"#DESENVOLVIMENTODOCOLETIVODEMORADORES  #JUNTOSSOMOSFORTES  #LUTARPARACRESCER\"},{\"p1_eixo\":\"Cultura\",\"p9_tipoorganizacao\":\"Movimento Social\",\"p12_uf\":\"MG\",\"p13_cidade\":\"LEOPOLDINA\",\"p16_cidade\":\"Cidade\",\"p17_ano\":\"Anterior a 1980\",\"p16_estado\":\"Estado\",\"p18_agrario\":\"Agr\\u00e1rio\\\/ruralidades\",\"p18_comunicacao\":\"Comunica\\u00e7\\u00e3o\",\"p18_difusaoartistica\":\"Difus\\u00e3o Art\\u00edstica\",\"p18_desenvolvimentoterritorial\":\"Desenvolvimento territorial\",\"p18_direitoshumanos\":\"Direitos humanos\",\"p18_educacao\":\"Educa\\u00e7\\u00e3o\",\"p18_lgbtqi\":\"LGBTQI\",\"p18_lutaantirracismo\":\"Luta antirracismo\",\"p18_mobilidade\":\"Mobilidade\",\"p18_moradia\":\"Moradia\",\"p18_povosecomunidadestradicionais\":\"Povos e comunidades tradicionais\",\"p18_trabalho\":\"Trabalho\",\"p18_religiao\":\"Religi\\u00e3o\",\"p18_saude\":\"Sa\\u00fade\",\"p18_violencia\":\"Viol\\u00eancia\",\"p18_politicasculturais\":\"Pol\\u00edticas Culturais\",\"p19_direitoshumanos\":\"Direitos humanos\",\"p19_educacao\":\"Educa\\u00e7\\u00e3o\",\"p19_lutaantirracismo\":\"Luta antirracismo\",\"p19_saude\":\"Sa\\u00fade\",\"p19_politicasculturais\":\"Pol\\u00edticas Culturais\",\"p20_reunioes\":\"Reuni\\u00f5es\",\"p20_oficinas\":\"Oficinas\",\"p20_oficinasaulasartisticas\":\"Ensaios\\\/Oficinas\\\/Aulas art\\u00edsticas\",\"p20_apresentacoesartisticas\":\"Apresenta\\u00e7\\u00f5es art\\u00edsticas\",\"p20_visitasexcursoes\":\"Visitas\\\/Excurs\\u00f5es\",\"p21_intoleranciareligiosa\":\"Fundamentalismo\\\/intoler\\u00e2ncia religiosa\",\"p21_machismo\":\"Machismo\",\"p21_racismo\":\"Racismo\",\"p21_lgbtqifobia\":\"LGBTIfobia\",\"p21_nenhum\":\"Nenhum\",\"p22_numerodeparticipantes\":\"15 - 30\",\"p23_reunioes\":\"Reuni\\u00f5es\",\"p23_outros\":\"Outros\",\"p24_reunioes\":\"Reuni\\u00f5es\",\"p24_visitasexcursoes\":\"Visitas\\\/Excurs\\u00f5es\",\"p24_outros\":\"Outros\",\"p25_numerodepessoas\":\"20 - 40\",\"p26_numerodepessoas\":\"20 - 40\",\"p27_espacoproprio\":\"Espa\\u00e7o pr\\u00f3prio\",\"p28_territorios\":\"Cidade\",\"p30_outrasorganizacoes\":\"N\\u00e3o\",\"p32_campanhadelongaduracao\":\"N\\u00e3o\",\"p34_nacional\":\"Nacional\",\"p34_nenhuma\":\"Nenhuma\",\"p36_conselhosdeparticipacaoecontrolesocial\":\"Sim\",\"p38_sim\":\"Sim\",\"p40_editais\":\"Sim\",\"p41_autofinanciamento\":\"Autofinanciamento\",\"p41_financiamentocoletivo0\":\"Financiamento coletivo\",\"p42_meiodedivulgacaoproprio\":\"Sim\",\"p43_impressoes\":\"Impressos\",\"p43_email\":\"E-mail\",\"p43_facebook\":\"Facebook\",\"p43_whatsapp\":\"WhatsApp\",\"p43_radio\":\"R\\u00e1dio\",\"p44_radio\":\"R\\u00e1dio\",\"p44_jornaisimpressosdebairro\":\"Jornais impressos de bairro\",\"p44_redessociais\":\"Redes sociais (Facebook, YouTube, Instagram etc.)\",\"p44_sitesblogs\":\"Sites ou Blogs\",\"p39_publico\":\"TODOS\",\"p45_bandeira\":\"BRASIL CLUBE CUTUBAS PT PESSOAS-COM-DEFICI\\u00caNCIAOB\",\"p46_hashtags\":\"#CLUBEDOSNEGROSLEOPOLDINA #LUTACUTUBASVITORIA #BOAPARCERIAPERSEUABRAMO\"},{\"p1_eixo\":\"Cultura\",\"p9_tipoorganizacao\":\"Movimento Social\",\"p12_uf\":\"RS\",\"p13_cidade\":\"VIAM\\u00c3O\",\"p16_cidade\":\"Cidade\",\"p17_ano\":\"2012\",\"p16_estado\":\"Estado\",\"p18_agrario\":\"Agr\\u00e1rio\\\/ruralidades\",\"p18_comunicacao\":\"Comunica\\u00e7\\u00e3o\",\"p18_difusaoartistica\":\"Difus\\u00e3o Art\\u00edstica\",\"p18_desenvolvimentoterritorial\":\"Desenvolvimento territorial\",\"p18_direitoshumanos\":\"Direitos humanos\",\"p18_educacao\":\"Educa\\u00e7\\u00e3o\",\"p18_feminismos\":\"Feminismos\",\"p18_lgbtqi\":\"LGBTQI\",\"p18_lutaantirracismo\":\"Luta antirracismo\",\"p18_mobilidade\":\"Mobilidade\",\"p18_moradia\":\"Moradia\",\"p18_povosecomunidadestradicionais\":\"Povos e comunidades tradicionais\",\"p18_trabalho\":\"Trabalho\",\"p18_religiao\":\"Religi\\u00e3o\",\"p18_saude\":\"Sa\\u00fade\",\"p18_violencia\":\"Viol\\u00eancia\",\"p18_politicasculturais\":\"Pol\\u00edticas Culturais\",\"p19_direitoshumanos\":\"Direitos humanos\",\"p19_educacao\":\"Educa\\u00e7\\u00e3o\",\"p19_lgbtqi\":\"LGBTQI\",\"p19_saude\":\"Sa\\u00fade\",\"p20_reunioes\":\"Reuni\\u00f5es\",\"p20_atendimento\":\"Atendimento\",\"p20_oficinas\":\"Oficinas\",\"p20_oficinasaulasartisticas\":\"Ensaios\\\/Oficinas\\\/Aulas art\\u00edsticas\",\"p20_cursos\":\"Cursos\",\"p20_formacao\":\"Forma\\u00e7\\u00e3o\",\"p20_apresentacoesartisticas\":\"Apresenta\\u00e7\\u00f5es art\\u00edsticas\",\"p21_intoleranciareligiosa\":\"Fundamentalismo\\\/intoler\\u00e2ncia religiosa\",\"p21_xenofobia\":\"Xenofobia\",\"p21_machismo\":\"Machismo\",\"p21_racismo\":\"Racismo\",\"p21_lgbtqifobia\":\"LGBTIfobia\",\"p22_numerodeparticipantes\":\"1  - 15\",\"p23_reunioes\":\"Reuni\\u00f5es\",\"p23_oficinas\":\"Oficinas\",\"p23_cursos\":\"Cursos\",\"p23_formacao\":\"Forma\\u00e7\\u00e3o\",\"p23_outros\":\"Outros\",\"p24_reunioes\":\"Reuni\\u00f5es\",\"p24_outros\":\"Outros\",\"p25_numerodepessoas\":\"1 - 20\",\"p26_numerodepessoas\":\"40 - 60\",\"p27_espacopublico\":\"Espa\\u00e7o p\\u00fablico\",\"p27_espacoemprestadocedido\":\"Espa\\u00e7o emprestado\\\/cedido\",\"p27_espacoproprio\":\"Espa\\u00e7o pr\\u00f3prio\",\"p28_territorios\":\"Regi\\u00e3o da Cidade\",\"p30_outrasorganizacoes\":\"Sim\",\"p32_campanhadelongaduracao\":\"N\\u00e3o\",\"p34_nacional\":\"Nacional\",\"p36_conselhosdeparticipacaoecontrolesocial\":\"N\\u00e3o\",\"p38_sim\":\"Sim\",\"p40_editais\":\"N\\u00e3o\",\"p41_publicoestatal\":\"P\\u00fablico-Estatal\",\"p41_autofinanciamento\":\"Autofinanciamento\",\"p41_financiamentocoletivo0\":\"Financiamento coletivo\",\"p42_meiodedivulgacaoproprio\":\"Sim\",\"p43_email\":\"E-mail\",\"p43_facebook\":\"Facebook\",\"p44_radio\":\"TV\",\"p44_jornaisimpressosdegrandecirculacao\":\"Jornais impressos de grande circula\\u00e7\\u00e3o\",\"p44_jornaisimpressosdebairro\":\"Jornais impressos de bairro\",\"p44_redessociais\":\"Redes sociais (Facebook, YouTube, Instagram etc.)\",\"p44_sitesblogs\":\"Sites ou Blogs\",\"p39_publico\":\"PERIF\\u00c9RICOS\",\"p45_bandeira\":\"IGUALDADE RACIAL IGUALDADE SALARIAL HUMANA\",\"p46_hashtags\":\"#VALORIZACAO #EDUCACAO #DIREITOSHUMANOS\"},{\"p1_eixo\":\"Viol\\u00eancia\",\"p9_tipoorganizacao\":\"Associa\\u00e7\\u00e3o\",\"p12_uf\":\"ES\",\"p13_cidade\":\"VIT\\u00d3RIA\",\"p16_cidade\":\"Cidade\",\"p17_ano\":\"2005\",\"p16_estado\":\"Estado\",\"p18_comunicacao\":\"Comunica\\u00e7\\u00e3o\",\"p18_difusaoartistica\":\"Difus\\u00e3o Art\\u00edstica\",\"p18_direitoshumanos\":\"Direitos humanos\",\"p18_educacao\":\"Educa\\u00e7\\u00e3o\",\"p18_feminismos\":\"Feminismos\",\"p18_lgbtqi\":\"LGBTQI\",\"p18_lutaantirracismo\":\"Luta antirracismo\",\"p18_trabalho\":\"Trabalho\",\"p18_saude\":\"Sa\\u00fade\",\"p18_violencia\":\"Viol\\u00eancia\",\"p18_politicasculturais\":\"Pol\\u00edticas Culturais\",\"p19_direitoshumanos\":\"Direitos humanos\",\"p19_lgbtqi\":\"LGBTQI\",\"p19_lutaantirracismo\":\"Luta antirracismo\",\"p19_saude\":\"Sa\\u00fade\",\"p19_violencia\":\"Viol\\u00eancia\",\"p20_reunioes\":\"Reuni\\u00f5es\",\"p20_atendimento\":\"Atendimento\",\"p20_oficinas\":\"Oficinas\",\"p20_oficinasaulasartisticas\":\"Ensaios\\\/Oficinas\\\/Aulas art\\u00edsticas\",\"p20_cursos\":\"Cursos\",\"p20_formacao\":\"Forma\\u00e7\\u00e3o\",\"p20_apresentacoesartisticas\":\"Apresenta\\u00e7\\u00f5es art\\u00edsticas\",\"p21_intoleranciareligiosa\":\"Fundamentalismo\\\/intoler\\u00e2ncia religiosa\",\"p21_xenofobia\":\"Xenofobia\",\"p21_machismo\":\"Machismo\",\"p21_racismo\":\"Racismo\",\"p21_lgbtqifobia\":\"LGBTIfobia\",\"p22_numerodeparticipantes\":\"1  - 15\",\"p23_reunioes\":\"Reuni\\u00f5es\",\"p23_oficinas\":\"Oficinas\",\"p23_cursos\":\"Cursos\",\"p23_formacao\":\"Forma\\u00e7\\u00e3o\",\"p23_outros\":\"Outros\",\"p24_outros\":\"Outros\",\"p25_numerodepessoas\":\"20 - 40\",\"p26_numerodepessoas\":\"200 - 300\",\"p27_espacopublico\":\"Espa\\u00e7o p\\u00fablico\",\"p27_espacoemprestadocedido\":\"Espa\\u00e7o emprestado\\\/cedido\",\"p27_espacoproprio\":\"Espa\\u00e7o pr\\u00f3prio\",\"p28_territorios\":\"Estado\",\"p30_outrasorganizacoes\":\"Sim\",\"p32_campanhadelongaduracao\":\"N\\u00e3o\",\"p34_nacional\":\"Nacional\",\"p34_nenhuma\":\"Nenhuma\",\"p36_conselhosdeparticipacaoecontrolesocial\":\"Sim\",\"p38_sim\":\"Sim\",\"p38_nenhum\":\"Nenhum\",\"p40_editais\":\"Sim\",\"p41_publicoestatal\":\"P\\u00fablico-Estatal\",\"p41_autofinanciamento\":\"Autofinanciamento\",\"p41_financiamentocoletivo0\":\"Financiamento coletivo\",\"p42_meiodedivulgacaoproprio\":\"Sim\",\"p43_email\":\"E-mail\",\"p43_facebook\":\"Facebook\",\"p43_sitesblogs\":\"Blogs\\\/sites\",\"p44_radio\":\"TV\",\"p44_jornaisimpressosdegrandecirculacao\":\"Jornais impressos de grande circula\\u00e7\\u00e3o\",\"p44_jornaisimpressosdebairro\":\"Jornais impressos de bairro\",\"p44_redessociais\":\"Redes sociais (Facebook, YouTube, Instagram etc.)\",\"p44_sitesblogs\":\"Sites ou Blogs\",\"p39_publico\":\"LGBT\",\"p45_bandeira\":\"DIREITOS HUMANOS LGBT\",\"p46_hashtags\":\"#GOLDLGBT #GOLDCONTRAAREDUCAODAMAIORIDADEOENAL #DIREITOSHUMANOSGOLD\"},{\"p1_eixo\":\"Viol\\u00eancia\",\"p9_tipoorganizacao\":\"Movimento Social\",\"p12_uf\":\"RJ\",\"p13_cidade\":\"CACHOEIRAS DE MACACU\",\"p16_cidade\":\"Cidade\",\"p17_ano\":\"2011\",\"p16_estado\":\"Estado\",\"p18_agrario\":\"Agr\\u00e1rio\\\/ruralidades\",\"p18_comunicacao\":\"Comunica\\u00e7\\u00e3o\",\"p18_difusaoartistica\":\"Difus\\u00e3o Art\\u00edstica\",\"p18_desenvolvimentoterritorial\":\"Desenvolvimento territorial\",\"p18_direitoshumanos\":\"Direitos humanos\",\"p18_educacao\":\"Educa\\u00e7\\u00e3o\",\"p18_feminismos\":\"Feminismos\",\"p18_lgbtqi\":\"LGBTQI\",\"p18_lutaantirracismo\":\"Luta antirracismo\",\"p18_mobilidade\":\"Mobilidade\",\"p18_moradia\":\"Moradia\",\"p18_povosecomunidadestradicionais\":\"Povos e comunidades tradicionais\",\"p18_trabalho\":\"Trabalho\",\"p18_religiao\":\"Religi\\u00e3o\",\"p18_saude\":\"Sa\\u00fade\",\"p18_violencia\":\"Viol\\u00eancia\",\"p18_politicasculturais\":\"Pol\\u00edticas Culturais\",\"p19_educacao\":\"Educa\\u00e7\\u00e3o\",\"p19_lgbtqi\":\"LGBTQI\",\"p19_lutaantirracismo\":\"Luta antirracismo\",\"p19_povosecomunidadestradicionais\":\"Povos e comunidades tradicionais\",\"p19_saude\":\"Sa\\u00fade\",\"p19_violencia\":\"Viol\\u00eancia\",\"p20_reunioes\":\"Reuni\\u00f5es\",\"p20_atendimento\":\"Atendimento\",\"p20_formacao\":\"Forma\\u00e7\\u00e3o\",\"p20_visitasexcursoes\":\"Visitas\\\/Excurs\\u00f5es\",\"p21_machismo\":\"Machismo\",\"p21_racismo\":\"Racismo\",\"p21_enfrentamentocomgruposprivadosarmados\":\"Enfrentamento com grupos privados armados\",\"p22_numerodeparticipantes\":\"1  - 15\",\"p23_reunioes\":\"Reuni\\u00f5es\",\"p23_cursos\":\"Cursos\",\"p23_formacao\":\"Forma\\u00e7\\u00e3o\",\"p23_visitas\":\"Visitas\",\"p23_excursoes\":\"Excurs\\u00f5es\",\"p23_outros\":\"Outros\",\"p24_visitasexcursoes\":\"Visitas\\\/Excurs\\u00f5es\",\"p24_outros\":\"Outros\",\"p25_numerodepessoas\":\"1 - 20\",\"p26_numerodepessoas\":\"20 - 40\",\"p27_espacopublico\":\"Espa\\u00e7o p\\u00fablico\",\"p27_espacoemprestadocedido\":\"Espa\\u00e7o emprestado\\\/cedido\",\"p27_espacoproprio\":\"Espa\\u00e7o pr\\u00f3prio\",\"p28_territorios\":\"Regi\\u00e3o da Cidade\",\"p30_outrasorganizacoes\":\"N\\u00e3o\",\"p32_campanhadelongaduracao\":\"N\\u00e3o\",\"p34_estadual\":\"Estadual\",\"p34_nenhuma\":\"Nenhuma\",\"p36_conselhosdeparticipacaoecontrolesocial\":\"Sim\",\"p38_nenhum\":\"Nenhum\",\"p40_editais\":\"N\\u00e3o\",\"p41_publicoestatal\":\"P\\u00fablico-Estatal\",\"p41_privadopf\":\"Privado (P. F\\u00edsica)\",\"p41_privadopj\":\"Privado (P. Jur\\u00eddica)\",\"p41_autofinanciamento\":\"Autofinanciamento\",\"p41_financiamentocoletivo0\":\"Financiamento coletivo\",\"p42_meiodedivulgacaoproprio\":\"Sim\",\"p43_facebook\":\"Facebook\",\"p43_sitesblogs\":\"Blogs\\\/sites\",\"p44_radio\":\"TV\",\"p44_jornaisimpressosdegrandecirculacao\":\"Jornais impressos de grande circula\\u00e7\\u00e3o\",\"p44_jornaisimpressosdebairro\":\"Jornais impressos de bairro\",\"p44_redessociais\":\"Redes sociais (Facebook, YouTube, Instagram etc.)\",\"p44_sitesblogs\":\"Sites ou Blogs\",\"p39_publico\":\"MULHERES\",\"p45_bandeira\":\"VIOL\\u00caNCIA CONTRA MULHER DESEMPREGO SA\\u00daDE MULHER\",\"p46_hashtags\":\"#DESNATURALIZACAODAVIOLENCIACONTRAAMULHER #MULHERNEGRATAMBEMTEMVALOR\"},{\"p1_eixo\":\"Trabalho\",\"p9_tipoorganizacao\":\"Coletivo\",\"p12_uf\":\"MA\",\"p13_cidade\":\"ITAPECURU MIRIM\",\"p17_ano\":\"2017\",\"p16_estado\":\"Estado\",\"p18_agrario\":\"Agr\\u00e1rio\\\/ruralidades\",\"p18_comunicacao\":\"Comunica\\u00e7\\u00e3o\",\"p18_difusaoartistica\":\"Difus\\u00e3o Art\\u00edstica\",\"p18_desenvolvimentoterritorial\":\"Desenvolvimento territorial\",\"p18_direitoshumanos\":\"Direitos humanos\",\"p18_educacao\":\"Educa\\u00e7\\u00e3o\",\"p18_feminismos\":\"Feminismos\",\"p18_lgbtqi\":\"LGBTQI\",\"p18_lutaantirracismo\":\"Luta antirracismo\",\"p18_mobilidade\":\"Mobilidade\",\"p18_moradia\":\"Moradia\",\"p18_povosecomunidadestradicionais\":\"Povos e comunidades tradicionais\",\"p18_trabalho\":\"Trabalho\",\"p18_religiao\":\"Religi\\u00e3o\",\"p18_saude\":\"Sa\\u00fade\",\"p18_violencia\":\"Viol\\u00eancia\",\"p18_politicasculturais\":\"Pol\\u00edticas Culturais\",\"p19_direitoshumanos\":\"Direitos humanos\",\"p19_educacao\":\"Educa\\u00e7\\u00e3o\",\"p19_feminismos\":\"Feminismos\",\"p19_lgbtqi\":\"LGBTQI\",\"p19_lutaantirracismo\":\"Luta antirracismo\",\"p19_povosecomunidadestradicionais\":\"Povos e comunidades tradicionais\",\"p20_reunioes\":\"Reuni\\u00f5es\",\"p20_atendimento\":\"Atendimento\",\"p20_oficinasaulasartisticas\":\"Ensaios\\\/Oficinas\\\/Aulas art\\u00edsticas\",\"p20_formacao\":\"Forma\\u00e7\\u00e3o\",\"p20_apresentacoesartisticas\":\"Apresenta\\u00e7\\u00f5es art\\u00edsticas\",\"p20_visitasexcursoes\":\"Visitas\\\/Excurs\\u00f5es\",\"p21_machismo\":\"Machismo\",\"p21_enfrentamentocomgruposprivadosarmados\":\"Enfrentamento com grupos privados armados\",\"p21_nenhum\":\"Nenhum\",\"p22_numerodeparticipantes\":\"15 - 30\",\"p23_reunioes\":\"Reuni\\u00f5es\",\"p23_cursos\":\"Cursos\",\"p23_formacao\":\"Forma\\u00e7\\u00e3o\",\"p23_apresentacoesartisticas\":\"Apresenta\\u00e7\\u00f5es Art\\u00edsticas\",\"p23_visitas\":\"Visitas\",\"p23_excursoes\":\"Excurs\\u00f5es\",\"p23_outros\":\"Outros\",\"p24_visitasexcursoes\":\"Visitas\\\/Excurs\\u00f5es\",\"p24_outros\":\"Outros\",\"p25_numerodepessoas\":\"20 - 40\",\"p26_numerodepessoas\":\"20 - 40\",\"p27_espacoemprestadocedido\":\"Espa\\u00e7o emprestado\\\/cedido\",\"p27_espacoproprio\":\"Espa\\u00e7o pr\\u00f3prio\",\"p28_territorios\":\"Estado\",\"p30_outrasorganizacoes\":\"Sim\",\"p32_campanhadelongaduracao\":\"N\\u00e3o\",\"p34_estadual\":\"Estadual\",\"p36_conselhosdeparticipacaoecontrolesocial\":\"Sim\",\"p38_nenhum\":\"Nenhum\",\"p40_editais\":\"Sim\",\"p41_publicoestatal\":\"P\\u00fablico-Estatal\",\"p41_privadopf\":\"Privado (P. F\\u00edsica)\",\"p41_privadopj\":\"Privado (P. Jur\\u00eddica)\",\"p41_autofinanciamento\":\"Autofinanciamento\",\"p41_financiamentocoletivo0\":\"Financiamento coletivo\",\"p42_meiodedivulgacaoproprio\":\"Sim\",\"p43_facebook\":\"Facebook\",\"p43_sitesblogs\":\"Blogs\\\/sites\",\"p44_radio\":\"TV\",\"p44_jornaisimpressosdegrandecirculacao\":\"Jornais impressos de grande circula\\u00e7\\u00e3o\",\"p44_jornaisimpressosdebairro\":\"Jornais impressos de bairro\",\"p44_redessociais\":\"Redes sociais (Facebook, YouTube, Instagram etc.)\",\"p44_sitesblogs\":\"Sites ou Blogs\",\"p39_publico\":\"JOVENS CRIAN\\u00c7AS QUILOMBOLAS\",\"p45_bandeira\":\"AUTONOMIA ANCESTRALIDADE PERMAN\\u00caNCIA REEXIST\\u00caNCIA\",\"p46_hashtags\":\"#AUTONOMIA #ANCESTRALIDADEEPERMANENCIA #REEXISTENCIA\"},{\"p1_eixo\":\"Cultura\",\"p9_tipoorganizacao\":\"Coletivo\",\"p12_uf\":\"RJ\",\"p13_cidade\":\"MAG\\u00c9\",\"p16_bairro\":\"Bairro\",\"p17_ano\":\"2014\",\"p16_estado\":\"Estado\",\"p18_comunicacao\":\"Comunica\\u00e7\\u00e3o\",\"p18_difusaoartistica\":\"Difus\\u00e3o Art\\u00edstica\",\"p18_desenvolvimentoterritorial\":\"Desenvolvimento territorial\",\"p18_direitoshumanos\":\"Direitos humanos\",\"p18_educacao\":\"Educa\\u00e7\\u00e3o\",\"p18_feminismos\":\"Feminismos\",\"p18_lgbtqi\":\"LGBTQI\",\"p18_lutaantirracismo\":\"Luta antirracismo\",\"p18_mobilidade\":\"Mobilidade\",\"p18_moradia\":\"Moradia\",\"p18_povosecomunidadestradicionais\":\"Povos e comunidades tradicionais\",\"p18_trabalho\":\"Trabalho\",\"p18_religiao\":\"Religi\\u00e3o\",\"p18_saude\":\"Sa\\u00fade\",\"p18_violencia\":\"Viol\\u00eancia\",\"p18_politicasculturais\":\"Pol\\u00edticas Culturais\",\"p19_direitoshumanos\":\"Direitos humanos\",\"p19_feminismos\":\"Feminismos\",\"p19_lutaantirracismo\":\"Luta antirracismo\",\"p19_difusaoartistica\":\"Difus\\u00e3o Art\\u00edstica\",\"p20_oficinasaulasartisticas\":\"Ensaios\\\/Oficinas\\\/Aulas art\\u00edsticas\",\"p20_apresentacoesartisticas\":\"Apresenta\\u00e7\\u00f5es art\\u00edsticas\",\"p21_nenhum\":\"Nenhum\",\"p22_numerodeparticipantes\":\"1  - 15\",\"p23_oficinasaulasartisticas\":\"Ensaio\\\/Oficinas\\\/Aulas Art\\u00edsticas\",\"p23_apresentacoesartisticas\":\"Apresenta\\u00e7\\u00f5es Art\\u00edsticas\",\"p23_outros\":\"Outros\",\"p24_outros\":\"Outros\",\"p25_numerodepessoas\":\"60 - 80\",\"p26_numerodepessoas\":\"40 - 60\",\"p27_espacopublico\":\"Espa\\u00e7o p\\u00fablico\",\"p27_espacoproprio\":\"Espa\\u00e7o pr\\u00f3prio\",\"p28_territorios\":\"Regi\\u00e3o da Cidade\",\"p30_outrasorganizacoes\":\"N\\u00e3o\",\"p32_campanhadelongaduracao\":\"N\\u00e3o\",\"p34_estadual\":\"Estadual\",\"p34_nenhuma\":\"Nenhuma\",\"p36_conselhosdeparticipacaoecontrolesocial\":\"Sim\",\"p38_sim\":\"Sim\",\"p38_nenhum\":\"Nenhum\",\"p40_editais\":\"Sim\",\"p41_publicoestatal\":\"P\\u00fablico-Estatal\",\"p41_autofinanciamento\":\"Autofinanciamento\",\"p41_financiamentocoletivo0\":\"Financiamento coletivo\",\"p42_meiodedivulgacaoproprio\":\"Sim\",\"p43_facebook\":\"Facebook\",\"p43_instagram\":\"Instagram\",\"p43_sitesblogs\":\"Blogs\\\/sites\",\"p44_radio\":\"TV\",\"p44_jornaisimpressosdegrandecirculacao\":\"Jornais impressos de grande circula\\u00e7\\u00e3o\",\"p44_jornaisimpressosdebairro\":\"Jornais impressos de bairro\",\"p44_redessociais\":\"Redes sociais (Facebook, YouTube, Instagram etc.)\",\"p44_sitesblogs\":\"Sites ou Blogs\",\"p39_publico\":\"CRIAN\\u00c7AS ADOLESCENTES MULHERES\",\"p45_bandeira\":\"DEFESA CRIAN\\u00c7A ADOLESCENTE  RACIAL\",\"p46_hashtags\":\"#RESISTENCIA #CONTRAOPRECONCEITOSOCIAL #MUITACORAGEM\"},{\"p1_eixo\":\"Cultura\",\"p9_tipoorganizacao\":\"Coletivo\",\"p12_uf\":\"ES\",\"p13_cidade\":\"VIT\\u00d3RIA\",\"p16_bairro\":\"Bairro\",\"p16_cidade\":\"Cidade\",\"p17_ano\":\"2016\",\"p18_agrario\":\"Agr\\u00e1rio\\\/ruralidades\",\"p18_comunicacao\":\"Comunica\\u00e7\\u00e3o\",\"p18_difusaoartistica\":\"Difus\\u00e3o Art\\u00edstica\",\"p18_desenvolvimentoterritorial\":\"Desenvolvimento territorial\",\"p18_direitoshumanos\":\"Direitos humanos\",\"p18_educacao\":\"Educa\\u00e7\\u00e3o\",\"p18_feminismos\":\"Feminismos\",\"p18_lgbtqi\":\"LGBTQI\",\"p18_lutaantirracismo\":\"Luta antirracismo\",\"p18_mobilidade\":\"Mobilidade\",\"p18_moradia\":\"Moradia\",\"p18_povosecomunidadestradicionais\":\"Povos e comunidades tradicionais\",\"p18_trabalho\":\"Trabalho\",\"p18_religiao\":\"Religi\\u00e3o\",\"p18_saude\":\"Sa\\u00fade\",\"p18_violencia\":\"Viol\\u00eancia\",\"p18_politicasculturais\":\"Pol\\u00edticas Culturais\",\"p19_feminismos\":\"Feminismos\",\"p19_lutaantirracismo\":\"Luta antirracismo\",\"p19_saude\":\"Sa\\u00fade\",\"p19_difusaoartistica\":\"Difus\\u00e3o Art\\u00edstica\",\"p19_politicasculturais\":\"Pol\\u00edticas Culturais\",\"p20_atendimento\":\"Atendimento\",\"p20_oficinas\":\"Oficinas\",\"p20_oficinasaulasartisticas\":\"Ensaios\\\/Oficinas\\\/Aulas art\\u00edsticas\",\"p20_cursos\":\"Cursos\",\"p20_profissionalizacao\":\"Profissionaliza\\u00e7\\u00e3o\",\"p20_apresentacoesartisticas\":\"Apresenta\\u00e7\\u00f5es art\\u00edsticas\",\"p21_machismo\":\"Machismo\",\"p21_racismo\":\"Racismo\",\"p21_nenhum\":\"Nenhum\",\"p22_numerodeparticipantes\":\"1  - 15\",\"p23_atendimento\":\"Atendimento\",\"p23_oficinas\":\"Oficinas\",\"p23_oficinasaulasartisticas\":\"Ensaio\\\/Oficinas\\\/Aulas Art\\u00edsticas\",\"p23_cursos\":\"Cursos\",\"p23_formacao\":\"Forma\\u00e7\\u00e3o\",\"p23_profissionalizacao\":\"Profissionaliza\\u00e7\\u00e3o\",\"p23_apresentacoesartisticas\":\"Apresenta\\u00e7\\u00f5es Art\\u00edsticas\",\"p23_outros\":\"Outros\",\"p24_oficinasaulasartisticas\":\"Ensaios\\\/Oficinas\\\/Aulas art\\u00edsticas\",\"p24_apresentacoesartisticas\":\"Apresenta\\u00e7\\u00f5es art\\u00edsticas\",\"p24_outros\":\"Outros\",\"p25_numerodepessoas\":\"20 - 40\",\"p26_numerodepessoas\":\"40 - 60\",\"p27_espacopublico\":\"Espa\\u00e7o p\\u00fablico\",\"p27_espacoproprio\":\"Espa\\u00e7o pr\\u00f3prio\",\"p28_territorios\":\"Regi\\u00e3o da Cidade\",\"p30_outrasorganizacoes\":\"Sim\",\"p32_campanhadelongaduracao\":\"N\\u00e3o\",\"p34_nenhuma\":\"Nenhuma\",\"p36_conselhosdeparticipacaoecontrolesocial\":\"Sim\",\"p38_sim\":\"Sim\",\"p38_nenhum\":\"Nenhum\",\"p40_editais\":\"Sim\",\"p41_publicoestatal\":\"P\\u00fablico-Estatal\",\"p41_privadopf\":\"Privado (P. F\\u00edsica)\",\"p41_autofinanciamento\":\"Autofinanciamento\",\"p41_financiamentocoletivo0\":\"Financiamento coletivo\",\"p42_meiodedivulgacaoproprio\":\"Sim\",\"p43_facebook\":\"Facebook\",\"p43_instagram\":\"Instagram\",\"p43_sitesblogs\":\"Blogs\\\/sites\",\"p44_jornaisimpressosdegrandecirculacao\":\"Jornais impressos de grande circula\\u00e7\\u00e3o\",\"p44_jornaisimpressosdebairro\":\"Jornais impressos de bairro\",\"p44_redessociais\":\"Redes sociais (Facebook, YouTube, Instagram etc.)\",\"p44_sitesblogs\":\"Sites ou Blogs\",\"p44_nenhum\":\"Nenhum\",\"p39_publico\":\"MULHERES CENTRO VIT\\u00d3RIA VISITANTES CIDADE\",\"p45_bandeira\":\"MULHER CULTURA AFRO BRASILEIRA\",\"p46_hashtags\":\"#MULHERNEGRA #CULTURAAFROBRASILEIRA\"},{\"p1_eixo\":\"Viol\\u00eancia\",\"p9_tipoorganizacao\":\"Associa\\u00e7\\u00e3o\",\"p12_uf\":\"RJ\",\"p13_cidade\":\"RIO DE JANEIRO\",\"p16_cidade\":\"Cidade\",\"p17_ano\":\"2010\",\"p18_agrario\":\"Agr\\u00e1rio\\\/ruralidades\",\"p18_comunicacao\":\"Comunica\\u00e7\\u00e3o\",\"p18_difusaoartistica\":\"Difus\\u00e3o Art\\u00edstica\",\"p18_desenvolvimentoterritorial\":\"Desenvolvimento territorial\",\"p18_direitoshumanos\":\"Direitos humanos\",\"p18_educacao\":\"Educa\\u00e7\\u00e3o\",\"p18_feminismos\":\"Feminismos\",\"p18_lgbtqi\":\"LGBTQI\",\"p18_lutaantirracismo\":\"Luta antirracismo\",\"p18_mobilidade\":\"Mobilidade\",\"p18_moradia\":\"Moradia\",\"p18_povosecomunidadestradicionais\":\"Povos e comunidades tradicionais\",\"p18_trabalho\":\"Trabalho\",\"p18_religiao\":\"Religi\\u00e3o\",\"p18_saude\":\"Sa\\u00fade\",\"p18_violencia\":\"Viol\\u00eancia\",\"p18_politicasculturais\":\"Pol\\u00edticas Culturais\",\"p19_feminismos\":\"Feminismos\",\"p19_lutaantirracismo\":\"Luta antirracismo\",\"p19_moradia\":\"Moradia\",\"p19_saude\":\"Sa\\u00fade\",\"p19_difusaoartistica\":\"Difus\\u00e3o Art\\u00edstica\",\"p19_politicasculturais\":\"Pol\\u00edticas Culturais\",\"p20_reunioes\":\"Reuni\\u00f5es\",\"p20_atendimento\":\"Atendimento\",\"p20_oficinas\":\"Oficinas\",\"p20_oficinasaulasartisticas\":\"Ensaios\\\/Oficinas\\\/Aulas art\\u00edsticas\",\"p20_cursos\":\"Cursos\",\"p20_formacao\":\"Forma\\u00e7\\u00e3o\",\"p20_profissionalizacao\":\"Profissionaliza\\u00e7\\u00e3o\",\"p20_visitasexcursoes\":\"Visitas\\\/Excurs\\u00f5es\",\"p21_repressaopolicial\":\"Repress\\u00e3o policial\",\"p21_intoleranciareligiosa\":\"Fundamentalismo\\\/intoler\\u00e2ncia religiosa\",\"p21_xenofobia\":\"Xenofobia\",\"p21_machismo\":\"Machismo\",\"p21_racismo\":\"Racismo\",\"p21_lgbtqifobia\":\"LGBTIfobia\",\"p22_numerodeparticipantes\":\"15 - 30\",\"p23_reunioes\":\"Reuni\\u00f5es\",\"p23_atendimento\":\"Atendimento\",\"p23_oficinas\":\"Oficinas\",\"p23_oficinasaulasartisticas\":\"Ensaio\\\/Oficinas\\\/Aulas Art\\u00edsticas\",\"p23_cursos\":\"Cursos\",\"p23_formacao\":\"Forma\\u00e7\\u00e3o\",\"p23_profissionalizacao\":\"Profissionaliza\\u00e7\\u00e3o\",\"p23_visitas\":\"Visitas\",\"p23_outros\":\"Outros\",\"p24_oficinasaulasartisticas\":\"Ensaios\\\/Oficinas\\\/Aulas art\\u00edsticas\",\"p24_apresentacoesartisticas\":\"Apresenta\\u00e7\\u00f5es art\\u00edsticas\",\"p24_outros\":\"Outros\",\"p25_numerodepessoas\":\"Mais de 500\",\"p26_numerodepessoas\":\"Mais de 500\",\"p27_espacopublico\":\"Espa\\u00e7o p\\u00fablico\",\"p27_espacoemprestadocedido\":\"Espa\\u00e7o emprestado\\\/cedido\",\"p27_espacoproprio\":\"Espa\\u00e7o pr\\u00f3prio\",\"p27_ocupacao\":\"Ocupa\\u00e7\\u00e3o\",\"p28_territorios\":\"Cidade\",\"p30_outrasorganizacoes\":\"Sim\",\"p32_campanhadelongaduracao\":\"N\\u00e3o\",\"p34_municipal\":\"Municipal\",\"p34_estadual\":\"Estadual\",\"p34_nenhuma\":\"Nenhuma\",\"p36_conselhosdeparticipacaoecontrolesocial\":\"N\\u00e3o\",\"p38_nenhum\":\"Nenhum\",\"p40_editais\":\"Sim\",\"p41_privadopf\":\"Privado (P. F\\u00edsica)\",\"p41_autofinanciamento\":\"Autofinanciamento\",\"p41_financiamentocoletivo0\":\"Financiamento coletivo\",\"p42_meiodedivulgacaoproprio\":\"Sim\",\"p43_facebook\":\"Facebook\",\"p43_whatsapp\":\"WhatsApp\",\"p43_twitter\":\"Twitter\",\"p44_radio\":\"R\\u00e1dio\",\"p44_jornaisimpressosdegrandecirculacao\":\"Jornais impressos de grande circula\\u00e7\\u00e3o\",\"p44_jornaisimpressosdebairro\":\"Jornais impressos de bairro\",\"p44_redessociais\":\"Redes sociais (Facebook, YouTube, Instagram etc.)\",\"p44_sitesblogs\":\"Sites ou Blogs\",\"p44_nenhum\":\"Nenhum\",\"p39_publico\":\"MULHERES\",\"p45_bandeira\":\"ENFRENTAMENTO  RACISMO BANDEIRA MOVIMENTO NEGRO\",\"p46_hashtags\":\"#SAUDEDAMULHER #MOVIMENTONEGRO #PATRIMONIOCULTURALAFROBRASILEIRO\"},{\"p1_eixo\":\"Trabalho\",\"p9_tipoorganizacao\":\"Associa\\u00e7\\u00e3o\",\"p12_uf\":\"PE\",\"p13_cidade\":\"CAMARAGIBE\",\"p16_cidade\":\"Cidade\",\"p17_ano\":\"2015\",\"p16_estado\":\"Estado\",\"p18_agrario\":\"Agr\\u00e1rio\\\/ruralidades\",\"p18_comunicacao\":\"Comunica\\u00e7\\u00e3o\",\"p18_difusaoartistica\":\"Difus\\u00e3o Art\\u00edstica\",\"p18_desenvolvimentoterritorial\":\"Desenvolvimento territorial\",\"p18_direitoshumanos\":\"Direitos humanos\",\"p18_educacao\":\"Educa\\u00e7\\u00e3o\",\"p18_feminismos\":\"Feminismos\",\"p18_lgbtqi\":\"LGBTQI\",\"p18_lutaantirracismo\":\"Luta antirracismo\",\"p18_moradia\":\"Moradia\",\"p18_povosecomunidadestradicionais\":\"Povos e comunidades tradicionais\",\"p18_trabalho\":\"Trabalho\",\"p18_religiao\":\"Religi\\u00e3o\",\"p18_saude\":\"Sa\\u00fade\",\"p18_violencia\":\"Viol\\u00eancia\",\"p18_politicasculturais\":\"Pol\\u00edticas Culturais\",\"p19_feminismos\":\"Feminismos\",\"p19_lutaantirracismo\":\"Luta antirracismo\",\"p19_moradia\":\"Moradia\",\"p19_povosecomunidadestradicionais\":\"Povos e comunidades tradicionais\",\"p19_politicasculturais\":\"Pol\\u00edticas Culturais\",\"p20_reunioes\":\"Reuni\\u00f5es\",\"p20_atendimento\":\"Atendimento\",\"p20_oficinas\":\"Oficinas\",\"p20_oficinasaulasartisticas\":\"Ensaios\\\/Oficinas\\\/Aulas art\\u00edsticas\",\"p20_cursos\":\"Cursos\",\"p20_formacao\":\"Forma\\u00e7\\u00e3o\",\"p20_profissionalizacao\":\"Profissionaliza\\u00e7\\u00e3o\",\"p20_apresentacoesartisticas\":\"Apresenta\\u00e7\\u00f5es art\\u00edsticas\",\"p20_visitasexcursoes\":\"Visitas\\\/Excurs\\u00f5es\",\"p21_repressaopolicial\":\"Repress\\u00e3o policial\",\"p21_intoleranciareligiosa\":\"Fundamentalismo\\\/intoler\\u00e2ncia religiosa\",\"p21_xenofobia\":\"Xenofobia\",\"p21_machismo\":\"Machismo\",\"p21_racismo\":\"Racismo\",\"p21_lgbtqifobia\":\"LGBTIfobia\",\"p22_numerodeparticipantes\":\"1  - 15\",\"p23_reunioes\":\"Reuni\\u00f5es\",\"p23_atendimento\":\"Atendimento\",\"p23_oficinas\":\"Oficinas\",\"p23_oficinasaulasartisticas\":\"Ensaio\\\/Oficinas\\\/Aulas Art\\u00edsticas\",\"p23_cursos\":\"Cursos\",\"p23_formacao\":\"Forma\\u00e7\\u00e3o\",\"p23_apresentacoesartisticas\":\"Apresenta\\u00e7\\u00f5es Art\\u00edsticas\",\"p23_visitas\":\"Visitas\",\"p24_reunioes\":\"Reuni\\u00f5es\",\"p24_oficinas\":\"Oficinas\",\"p24_oficinasaulasartisticas\":\"Ensaios\\\/Oficinas\\\/Aulas art\\u00edsticas\",\"p24_outros\":\"Outros\",\"p25_numerodepessoas\":\"100 - 200\",\"p26_numerodepessoas\":\"Mais de 500\",\"p27_espacopublico\":\"Espa\\u00e7o p\\u00fablico\",\"p27_espacoemprestadocedido\":\"Espa\\u00e7o emprestado\\\/cedido\",\"p27_espacoproprio\":\"Espa\\u00e7o pr\\u00f3prio\",\"p27_ocupacao\":\"Ocupa\\u00e7\\u00e3o\",\"p28_territorios\":\"Cidade\",\"p30_outrasorganizacoes\":\"Sim\",\"p32_campanhadelongaduracao\":\"Sim\",\"p34_municipal\":\"Municipal\",\"p34_estadual\":\"Estadual\",\"p34_nacional\":\"Nacional\",\"p34_internacional\":\"Internacional\",\"p36_conselhosdeparticipacaoecontrolesocial\":\"Sim\",\"p38_sim\":\"Sim\",\"p38_nenhum\":\"Nenhum\",\"p40_editais\":\"N\\u00e3o\",\"p41_privadopf\":\"Privado (P. F\\u00edsica)\",\"p41_autofinanciamento\":\"Autofinanciamento\",\"p41_financiamentocoletivo0\":\"Financiamento coletivo\",\"p42_meiodedivulgacaoproprio\":\"Sim\",\"p43_impressoes\":\"Impressos\",\"p43_email\":\"E-mail\",\"p43_facebook\":\"Facebook\",\"p43_whatsapp\":\"WhatsApp\",\"p43_instagram\":\"Instagram\",\"p43_twitter\":\"Twitter\",\"p43_sitesblogs\":\"Blogs\\\/sites\",\"p44_radio\":\"R\\u00e1dio\",\"p44_jornaisimpressosdegrandecirculacao\":\"Jornais impressos de grande circula\\u00e7\\u00e3o\",\"p44_jornaisimpressosdebairro\":\"Jornais impressos de bairro\",\"p44_redessociais\":\"Redes sociais (Facebook, YouTube, Instagram etc.)\",\"p44_sitesblogs\":\"Sites ou Blogs\",\"p44_nenhum\":\"Nenhum\",\"p39_publico\":\"MULHERES\",\"p45_bandeira\":\"MORADIA FEMINISMO COMBATE FOME IMIGRANTES\",\"p46_hashtags\":\"#MORADIA #FEMINISMO #COMBATEAFOME\"},{\"p1_eixo\":\"Cultura\",\"p9_tipoorganizacao\":\"ONG\",\"p12_uf\":\"PA\",\"p13_cidade\":\"BEL\\u00c9M\",\"p17_ano\":\"1987\",\"p16_estado\":\"Estado\",\"p18_agrario\":\"Agr\\u00e1rio\\\/ruralidades\",\"p18_comunicacao\":\"Comunica\\u00e7\\u00e3o\",\"p18_difusaoartistica\":\"Difus\\u00e3o Art\\u00edstica\",\"p18_desenvolvimentoterritorial\":\"Desenvolvimento territorial\",\"p18_direitoshumanos\":\"Direitos humanos\",\"p18_educacao\":\"Educa\\u00e7\\u00e3o\",\"p18_feminismos\":\"Feminismos\",\"p18_lgbtqi\":\"LGBTQI\",\"p18_lutaantirracismo\":\"Luta antirracismo\",\"p18_mobilidade\":\"Mobilidade\",\"p18_moradia\":\"Moradia\",\"p18_povosecomunidadestradicionais\":\"Povos e comunidades tradicionais\",\"p18_trabalho\":\"Trabalho\",\"p18_religiao\":\"Religi\\u00e3o\",\"p18_saude\":\"Sa\\u00fade\",\"p18_violencia\":\"Viol\\u00eancia\",\"p18_politicasculturais\":\"Pol\\u00edticas Culturais\",\"p19_direitoshumanos\":\"Direitos humanos\",\"p19_feminismos\":\"Feminismos\",\"p19_lutaantirracismo\":\"Luta antirracismo\",\"p19_povosecomunidadestradicionais\":\"Povos e comunidades tradicionais\",\"p19_violencia\":\"Viol\\u00eancia\",\"p19_politicasculturais\":\"Pol\\u00edticas Culturais\",\"p20_reunioes\":\"Reuni\\u00f5es\",\"p20_atendimento\":\"Atendimento\",\"p20_oficinas\":\"Oficinas\",\"p20_oficinasaulasartisticas\":\"Ensaios\\\/Oficinas\\\/Aulas art\\u00edsticas\",\"p20_cursos\":\"Cursos\",\"p20_formacao\":\"Forma\\u00e7\\u00e3o\",\"p20_profissionalizacao\":\"Profissionaliza\\u00e7\\u00e3o\",\"p20_apresentacoesartisticas\":\"Apresenta\\u00e7\\u00f5es art\\u00edsticas\",\"p20_visitasexcursoes\":\"Visitas\\\/Excurs\\u00f5es\",\"p21_intoleranciareligiosa\":\"Fundamentalismo\\\/intoler\\u00e2ncia religiosa\",\"p21_machismo\":\"Machismo\",\"p21_racismo\":\"Racismo\",\"p22_numerodeparticipantes\":\"Mais de 90\",\"p23_reunioes\":\"Reuni\\u00f5es\",\"p23_oficinasaulasartisticas\":\"Ensaio\\\/Oficinas\\\/Aulas Art\\u00edsticas\",\"p23_cursos\":\"Cursos\",\"p23_formacao\":\"Forma\\u00e7\\u00e3o\",\"p23_apresentacoesartisticas\":\"Apresenta\\u00e7\\u00f5es Art\\u00edsticas\",\"p23_outros\":\"Outros\",\"p24_reunioes\":\"Reuni\\u00f5es\",\"p24_oficinas\":\"Oficinas\",\"p24_oficinasaulasartisticas\":\"Ensaios\\\/Oficinas\\\/Aulas art\\u00edsticas\",\"p24_visitasexcursoes\":\"Visitas\\\/Excurs\\u00f5es\",\"p25_numerodepessoas\":\"80 - 100\",\"p26_numerodepessoas\":\"40 - 60\",\"p27_espacopublico\":\"Espa\\u00e7o p\\u00fablico\",\"p27_espacoemprestadocedido\":\"Espa\\u00e7o emprestado\\\/cedido\",\"p27_espacoproprio\":\"Espa\\u00e7o pr\\u00f3prio\",\"p28_territorios\":\"Cidade\",\"p30_outrasorganizacoes\":\"Sim\",\"p32_campanhadelongaduracao\":\"Sim\",\"p34_municipal\":\"Municipal\",\"p34_estadual\":\"Estadual\",\"p34_nacional\":\"Nacional\",\"p34_internacional\":\"Internacional\",\"p36_conselhosdeparticipacaoecontrolesocial\":\"Sim\",\"p38_sim\":\"Sim\",\"p40_editais\":\"Sim\",\"p41_publicoestatal\":\"P\\u00fablico-Estatal\",\"p41_autofinanciamento\":\"Autofinanciamento\",\"p41_financiamentocoletivo0\":\"Financiamento coletivo\",\"p42_meiodedivulgacaoproprio\":\"Sim\",\"p43_impressoes\":\"Impressos\",\"p43_email\":\"E-mail\",\"p43_facebook\":\"Facebook\",\"p43_instagram\":\"Instagram\",\"p43_twitter\":\"Twitter\",\"p43_sitesblogs\":\"Blogs\\\/sites\",\"p43_nenhum\":\"Nenhum\",\"p44_radio\":\"R\\u00e1dio\",\"p44_jornaisimpressosdegrandecirculacao\":\"Jornais impressos de grande circula\\u00e7\\u00e3o\",\"p44_redessociais\":\"Redes sociais (Facebook, YouTube, Instagram etc.)\",\"p44_sitesblogs\":\"Sites ou Blogs\",\"p39_publico\":\"NEGROS NEGRAS JOVENS CRIAN\\u00c7AS MELHOR QUILOMBOLA ETC\",\"p45_bandeira\":\"DIREITOS HUMANOS POLITICA ARTICULA\\u00c7\\u00c3O MOVIMENTOS SOCIAIS DIFUS\\u00c3O INFORMA\\u00c7\\u00d5ES DOCUMENTA\\u00c7\\u00c3O DESENVOLVIMENTO PRODU\\u00c7\\u00c3O-CULTURAL \",\"p46_hashtags\":\"#AFAIA NEGRITUDE EM MOVIMENTO  # NEGRO E NEGRA SIM  #TRADI\\u00c7\\u00c3O DA NEGRITUDE \\u00c9 AFAIA\"},{\"p1_eixo\":\"Viol\\u00eancia\",\"p9_tipoorganizacao\":\"Coletivo\",\"p12_uf\":\"PA\",\"p13_cidade\":\"BREVES\",\"p16_nacional\":\"Nacional\",\"p17_ano\":\"2018\",\"p16_estado\":\"Estado\",\"p18_agrario\":\"Agr\\u00e1rio\\\/ruralidades\",\"p18_comunicacao\":\"Comunica\\u00e7\\u00e3o\",\"p18_difusaoartistica\":\"Difus\\u00e3o Art\\u00edstica\",\"p18_desenvolvimentoterritorial\":\"Desenvolvimento territorial\",\"p18_direitoshumanos\":\"Direitos humanos\",\"p18_educacao\":\"Educa\\u00e7\\u00e3o\",\"p18_feminismos\":\"Feminismos\",\"p18_lgbtqi\":\"LGBTQI\",\"p18_lutaantirracismo\":\"Luta antirracismo\",\"p18_mobilidade\":\"Mobilidade\",\"p18_moradia\":\"Moradia\",\"p18_povosecomunidadestradicionais\":\"Povos e comunidades tradicionais\",\"p18_trabalho\":\"Trabalho\",\"p18_religiao\":\"Religi\\u00e3o\",\"p18_saude\":\"Sa\\u00fade\",\"p18_violencia\":\"Viol\\u00eancia\",\"p18_politicasculturais\":\"Pol\\u00edticas Culturais\",\"p19_direitoshumanos\":\"Direitos humanos\",\"p19_educacao\":\"Educa\\u00e7\\u00e3o\",\"p19_feminismos\":\"Feminismos\",\"p19_lutaantirracismo\":\"Luta antirracismo\",\"p19_saude\":\"Sa\\u00fade\",\"p19_violencia\":\"Viol\\u00eancia\",\"p20_reunioes\":\"Reuni\\u00f5es\",\"p21_intoleranciareligiosa\":\"Fundamentalismo\\\/intoler\\u00e2ncia religiosa\",\"p21_machismo\":\"Machismo\",\"p21_racismo\":\"Racismo\",\"p22_numerodeparticipantes\":\"1  - 15\",\"p23_reunioes\":\"Reuni\\u00f5es\",\"p23_outros\":\"Outros\",\"p24_reunioes\":\"Reuni\\u00f5es\",\"p24_atendimento\":\"Atendimentos\",\"p24_oficinas\":\"Oficinas\",\"p24_oficinasaulasartisticas\":\"Ensaios\\\/Oficinas\\\/Aulas art\\u00edsticas\",\"p24_visitasexcursoes\":\"Visitas\\\/Excurs\\u00f5es\",\"p24_outros\":\"Outros\",\"p25_numerodepessoas\":\"1 - 20\",\"p26_numerodepessoas\":\"60 - 80\",\"p27_espacopublico\":\"Espa\\u00e7o p\\u00fablico\",\"p27_espacoemprestadocedido\":\"Espa\\u00e7o emprestado\\\/cedido\",\"p28_territorios\":\"Regi\\u00e3o da Cidade\",\"p30_outrasorganizacoes\":\"Sim\",\"p32_campanhadelongaduracao\":\"N\\u00e3o\",\"p34_estadual\":\"Estadual\",\"p34_nenhuma\":\"Nenhuma\",\"p36_conselhosdeparticipacaoecontrolesocial\":\"N\\u00e3o\",\"p38_sim\":\"Sim\",\"p38_nenhum\":\"Nenhum\",\"p40_editais\":\"N\\u00e3o\",\"p41_publicoestatal\":\"P\\u00fablico-Estatal\",\"p41_autofinanciamento\":\"Autofinanciamento\",\"p41_financiamentocoletivo0\":\"Financiamento coletivo\",\"p42_meiodedivulgacaoproprio\":\"N\\u00e3o\",\"p43_facebook\":\"Facebook\",\"p43_nenhum\":\"Nenhum\",\"p44_radio\":\"TV\",\"p44_jornaisimpressosdegrandecirculacao\":\"Jornais impressos de grande circula\\u00e7\\u00e3o\",\"p44_jornaisimpressosdebairro\":\"Jornais impressos de bairro\",\"p44_redessociais\":\"Redes sociais (Facebook, YouTube, Instagram etc.)\",\"p44_sitesblogs\":\"Sites ou Blogs\",\"p39_publico\":\"PROFISSIONAIS EDUCA\\u00c7\\u00c3O ALUNOS ESCOLA-P\\u00daBLICA UNIVERSIDADE-P\\u00daBLICA\",\"p45_bandeira\":\"COMBATE RACISMO REGI\\u00c3O MARAJ\\u00d3 FORTALECER IDENTIDADE NEGRA\",\"p46_hashtags\":\"#DIREITOAMEMORIAEIDENTIDADE\"},{\"p1_eixo\":\"Viol\\u00eancia\",\"p9_tipoorganizacao\":\"Movimento Social\",\"p12_uf\":\"PB\",\"p13_cidade\":\"ALAGOA GRANDE\",\"p16_nacional\":\"Nacional\",\"p17_ano\":\"Anterior a 1980\",\"p16_estado\":\"Estado\",\"p18_agrario\":\"Agr\\u00e1rio\\\/ruralidades\",\"p18_comunicacao\":\"Comunica\\u00e7\\u00e3o\",\"p18_difusaoartistica\":\"Difus\\u00e3o Art\\u00edstica\",\"p18_desenvolvimentoterritorial\":\"Desenvolvimento territorial\",\"p18_direitoshumanos\":\"Direitos humanos\",\"p18_educacao\":\"Educa\\u00e7\\u00e3o\",\"p18_feminismos\":\"Feminismos\",\"p18_lgbtqi\":\"LGBTQI\",\"p18_lutaantirracismo\":\"Luta antirracismo\",\"p18_mobilidade\":\"Mobilidade\",\"p18_moradia\":\"Moradia\",\"p18_povosecomunidadestradicionais\":\"Povos e comunidades tradicionais\",\"p18_trabalho\":\"Trabalho\",\"p18_religiao\":\"Religi\\u00e3o\",\"p18_saude\":\"Sa\\u00fade\",\"p18_violencia\":\"Viol\\u00eancia\",\"p18_politicasculturais\":\"Pol\\u00edticas Culturais\",\"p19_educacao\":\"Educa\\u00e7\\u00e3o\",\"p19_lutaantirracismo\":\"Luta antirracismo\",\"p19_povosecomunidadestradicionais\":\"Povos e comunidades tradicionais\",\"p19_saude\":\"Sa\\u00fade\",\"p19_violencia\":\"Viol\\u00eancia\",\"p20_atendimento\":\"Atendimento\",\"p20_oficinasaulasartisticas\":\"Ensaios\\\/Oficinas\\\/Aulas art\\u00edsticas\",\"p20_visitasexcursoes\":\"Visitas\\\/Excurs\\u00f5es\",\"p21_intoleranciareligiosa\":\"Fundamentalismo\\\/intoler\\u00e2ncia religiosa\",\"p21_xenofobia\":\"Xenofobia\",\"p21_machismo\":\"Machismo\",\"p21_racismo\":\"Racismo\",\"p22_numerodeparticipantes\":\"1  - 15\",\"p23_atendimento\":\"Atendimento\",\"p23_oficinas\":\"Oficinas\",\"p23_oficinasaulasartisticas\":\"Ensaio\\\/Oficinas\\\/Aulas Art\\u00edsticas\",\"p23_outros\":\"Outros\",\"p24_reunioes\":\"Reuni\\u00f5es\",\"p24_atendimento\":\"Atendimentos\",\"p24_oficinas\":\"Oficinas\",\"p24_oficinasaulasartisticas\":\"Ensaios\\\/Oficinas\\\/Aulas art\\u00edsticas\",\"p24_visitasexcursoes\":\"Visitas\\\/Excurs\\u00f5es\",\"p24_outros\":\"Outros\",\"p25_numerodepessoas\":\"Mais de 500\",\"p26_numerodepessoas\":\"40 - 60\",\"p27_espacopublico\":\"Espa\\u00e7o p\\u00fablico\",\"p27_espacoemprestadocedido\":\"Espa\\u00e7o emprestado\\\/cedido\",\"p27_espacoproprio\":\"Espa\\u00e7o pr\\u00f3prio\",\"p28_territorios\":\"Pr\\u00f3prio bairro\",\"p30_outrasorganizacoes\":\"Sim\",\"p32_campanhadelongaduracao\":\"Sim\",\"p34_nenhuma\":\"Nenhuma\",\"p36_conselhosdeparticipacaoecontrolesocial\":\"N\\u00e3o\",\"p38_nenhum\":\"Nenhum\",\"p40_editais\":\"Sim\",\"p41_privadopj\":\"Privado (P. Jur\\u00eddica)\",\"p41_autofinanciamento\":\"Autofinanciamento\",\"p41_financiamentocoletivo0\":\"Financiamento coletivo\",\"p42_meiodedivulgacaoproprio\":\"Sim\",\"p43_impressoes\":\"Impressos\",\"p43_email\":\"E-mail\",\"p43_facebook\":\"Facebook\",\"p44_radio\":\"TV\",\"p44_jornaisimpressosdegrandecirculacao\":\"Jornais impressos de grande circula\\u00e7\\u00e3o\",\"p44_jornaisimpressosdebairro\":\"Jornais impressos de bairro\",\"p44_redessociais\":\"Redes sociais (Facebook, YouTube, Instagram etc.)\",\"p44_sitesblogs\":\"Sites ou Blogs\",\"p44_nenhum\":\"Nenhum\",\"p39_publico\":\"QUILOMBOLA\",\"p45_bandeira\":\"VALORIZA\\u00c7\\u00c3O-CULTURA-LOCAL TRABALHAR DESCONSTRU\\u00c7\\u00c3O RACISMO VALORIZA\\u00c7\\u00c3O\",\"p46_hashtags\":\"#VALORIZACAODACULTURALOCAL #DESCONSTRUICAODORACISMO\"},{\"p1_eixo\":\"Cultura\",\"p9_tipoorganizacao\":\"Coletivo\",\"p12_uf\":\"MG\",\"p13_cidade\":\"MILHO VERDE\",\"p16_nacional\":\"Nacional\",\"p17_ano\":\"2017\",\"p16_estado\":\"Estado\",\"p18_agrario\":\"Agr\\u00e1rio\\\/ruralidades\",\"p18_comunicacao\":\"Comunica\\u00e7\\u00e3o\",\"p18_difusaoartistica\":\"Difus\\u00e3o Art\\u00edstica\",\"p18_desenvolvimentoterritorial\":\"Desenvolvimento territorial\",\"p18_direitoshumanos\":\"Direitos humanos\",\"p18_educacao\":\"Educa\\u00e7\\u00e3o\",\"p18_feminismos\":\"Feminismos\",\"p18_lgbtqi\":\"LGBTQI\",\"p18_lutaantirracismo\":\"Luta antirracismo\",\"p18_povosecomunidadestradicionais\":\"Povos e comunidades tradicionais\",\"p18_trabalho\":\"Trabalho\",\"p18_religiao\":\"Religi\\u00e3o\",\"p18_saude\":\"Sa\\u00fade\",\"p18_violencia\":\"Viol\\u00eancia\",\"p18_politicasculturais\":\"Pol\\u00edticas Culturais\",\"p19_direitoshumanos\":\"Direitos humanos\",\"p19_educacao\":\"Educa\\u00e7\\u00e3o\",\"p19_povosecomunidadestradicionais\":\"Povos e comunidades tradicionais\",\"p19_violencia\":\"Viol\\u00eancia\",\"p20_reunioes\":\"Reuni\\u00f5es\",\"p20_atendimento\":\"Atendimento\",\"p20_oficinas\":\"Oficinas\",\"p20_oficinasaulasartisticas\":\"Ensaios\\\/Oficinas\\\/Aulas art\\u00edsticas\",\"p20_cursos\":\"Cursos\",\"p20_formacao\":\"Forma\\u00e7\\u00e3o\",\"p20_apresentacoesartisticas\":\"Apresenta\\u00e7\\u00f5es art\\u00edsticas\",\"p20_visitasexcursoes\":\"Visitas\\\/Excurs\\u00f5es\",\"p21_intoleranciareligiosa\":\"Fundamentalismo\\\/intoler\\u00e2ncia religiosa\",\"p21_xenofobia\":\"Xenofobia\",\"p21_machismo\":\"Machismo\",\"p21_racismo\":\"Racismo\",\"p21_nenhum\":\"Nenhum\",\"p22_numerodeparticipantes\":\"1  - 15\",\"p23_reunioes\":\"Reuni\\u00f5es\",\"p23_atendimento\":\"Atendimento\",\"p23_oficinas\":\"Oficinas\",\"p23_oficinasaulasartisticas\":\"Ensaio\\\/Oficinas\\\/Aulas Art\\u00edsticas\",\"p23_cursos\":\"Cursos\",\"p23_formacao\":\"Forma\\u00e7\\u00e3o\",\"p23_outros\":\"Outros\",\"p24_reunioes\":\"Reuni\\u00f5es\",\"p24_atendimento\":\"Atendimentos\",\"p24_oficinas\":\"Oficinas\",\"p24_oficinasaulasartisticas\":\"Ensaios\\\/Oficinas\\\/Aulas art\\u00edsticas\",\"p24_visitasexcursoes\":\"Visitas\\\/Excurs\\u00f5es\",\"p25_numerodepessoas\":\"40 - 60\",\"p26_numerodepessoas\":\"20 - 40\",\"p27_espacopublico\":\"Espa\\u00e7o p\\u00fablico\",\"p27_espacoemprestadocedido\":\"Espa\\u00e7o emprestado\\\/cedido\",\"p27_espacoproprio\":\"Espa\\u00e7o pr\\u00f3prio\",\"p28_territorios\":\"Regi\\u00e3o da Cidade\",\"p30_outrasorganizacoes\":\"Sim\",\"p32_campanhadelongaduracao\":\"Sim\",\"p34_nenhuma\":\"Nenhuma\",\"p36_conselhosdeparticipacaoecontrolesocial\":\"N\\u00e3o\",\"p38_sim\":\"Sim\",\"p38_nenhum\":\"Nenhum\",\"p40_editais\":\"Sim\",\"p41_privadopf\":\"Privado (P. F\\u00edsica)\",\"p41_privadopj\":\"Privado (P. Jur\\u00eddica)\",\"p42_meiodedivulgacaoproprio\":\"Sim\",\"p43_impressoes\":\"Impressos\",\"p43_email\":\"E-mail\",\"p43_facebook\":\"Facebook\",\"p43_whatsapp\":\"WhatsApp\",\"p43_sitesblogs\":\"Blogs\\\/sites\",\"p44_redessociais\":\"Redes sociais (Facebook, YouTube, Instagram etc.)\",\"p44_sitesblogs\":\"Sites ou Blogs\",\"p44_nenhum\":\"Nenhum\",\"p39_publico\":\"CRIAN\\u00c7AS ADOLESCENTES SOCIAL \\u00c1REA-RURAL QUILOMBOLA\",\"p45_bandeira\":\"EDUCA\\u00c7\\u00c3O RESPEITOSA RELA\\u00c7\\u00c3O SAUD\\u00c1VEL MEIO-AMBIENTE AGRICULTORA\",\"p46_hashtags\":\"#EDUCACAO #PERMACULTURA #EUDCACAODOCAMPO\"},{\"p1_eixo\":\"Cultura\",\"p9_tipoorganizacao\":\"ONG\",\"p12_uf\":\"MG\",\"p13_cidade\":\"ALMENARA\",\"p16_cidade\":\"Cidade\",\"p16_nacional\":\"Nacional\",\"p17_ano\":\"1995\",\"p18_difusaoartistica\":\"Difus\\u00e3o Art\\u00edstica\",\"p18_direitoshumanos\":\"Direitos humanos\",\"p18_educacao\":\"Educa\\u00e7\\u00e3o\",\"p18_feminismos\":\"Feminismos\",\"p18_lgbtqi\":\"LGBTQI\",\"p18_lutaantirracismo\":\"Luta antirracismo\",\"p18_povosecomunidadestradicionais\":\"Povos e comunidades tradicionais\",\"p18_religiao\":\"Religi\\u00e3o\",\"p18_violencia\":\"Viol\\u00eancia\",\"p18_politicasculturais\":\"Pol\\u00edticas Culturais\",\"p19_direitoshumanos\":\"Direitos humanos\",\"p19_educacao\":\"Educa\\u00e7\\u00e3o\",\"p19_lutaantirracismo\":\"Luta antirracismo\",\"p19_povosecomunidadestradicionais\":\"Povos e comunidades tradicionais\",\"p20_reunioes\":\"Reuni\\u00f5es\",\"p20_atendimento\":\"Atendimento\",\"p20_oficinas\":\"Oficinas\",\"p20_oficinasaulasartisticas\":\"Ensaios\\\/Oficinas\\\/Aulas art\\u00edsticas\",\"p20_cursos\":\"Cursos\",\"p20_formacao\":\"Forma\\u00e7\\u00e3o\",\"p20_apresentacoesartisticas\":\"Apresenta\\u00e7\\u00f5es art\\u00edsticas\",\"p21_nenhum\":\"Nenhum\",\"p22_numerodeparticipantes\":\"15 - 30\",\"p23_reunioes\":\"Reuni\\u00f5es\",\"p23_oficinas\":\"Oficinas\",\"p23_oficinasaulasartisticas\":\"Ensaio\\\/Oficinas\\\/Aulas Art\\u00edsticas\",\"p23_cursos\":\"Cursos\",\"p23_formacao\":\"Forma\\u00e7\\u00e3o\",\"p24_reunioes\":\"Reuni\\u00f5es\",\"p24_atendimento\":\"Atendimentos\",\"p24_oficinas\":\"Oficinas\",\"p24_visitasexcursoes\":\"Visitas\\\/Excurs\\u00f5es\",\"p25_numerodepessoas\":\"20 - 40\",\"p26_numerodepessoas\":\"1 - 20\",\"p27_espacoemprestadocedido\":\"Espa\\u00e7o emprestado\\\/cedido\",\"p28_territorios\":\"Atua\\u00e7\\u00e3o Nacional\",\"p30_outrasorganizacoes\":\"Sim\",\"p32_campanhadelongaduracao\":\"N\\u00e3o\",\"p34_nenhuma\":\"Nenhuma\",\"p36_conselhosdeparticipacaoecontrolesocial\":\"Sim\",\"p38_sim\":\"Sim\",\"p38_nenhum\":\"Nenhum\",\"p40_editais\":\"Sim\",\"p41_privadopf\":\"Privado (P. F\\u00edsica)\",\"p41_autofinanciamento\":\"Autofinanciamento\",\"p42_meiodedivulgacaoproprio\":\"Sim\",\"p43_impressoes\":\"Impressos\",\"p43_email\":\"E-mail\",\"p43_facebook\":\"Facebook\",\"p43_whatsapp\":\"WhatsApp\",\"p43_instagram\":\"Instagram\",\"p43_sitesblogs\":\"Blogs\\\/sites\",\"p44_radio\":\"R\\u00e1dio\",\"p44_redessociais\":\"Redes sociais (Facebook, YouTube, Instagram etc.)\",\"p44_sitesblogs\":\"Sites ou Blogs\",\"p39_publico\":\"CRIAN\\u00c7AS ADOLESCENTES FAM\\u00cdLIAS\",\"p45_bandeira\":\"ORGANIZAR CONQUISTAR LUTAR SOBREVIVER\",\"p46_hashtags\":\"PROTE\\u00c7\\u00c3O A CRIAN\\u00c7A E AO ADOLESCENTE  FORMA\\u00c7\\u00c3O DE PUBLICO PARA PARTICIPA\\u00c7\\u00c3O EM CONSELHOS.\"},{\"p1_eixo\":\"Viol\\u00eancia\",\"p9_tipoorganizacao\":\"Coletivo\",\"p12_uf\":\"BA\",\"p13_cidade\":\"CACHOEIRA\",\"p16_cidade\":\"Cidade\",\"p17_ano\":\"2017\",\"p18_difusaoartistica\":\"Difus\\u00e3o Art\\u00edstica\",\"p18_direitoshumanos\":\"Direitos humanos\",\"p18_educacao\":\"Educa\\u00e7\\u00e3o\",\"p18_feminismos\":\"Feminismos\",\"p18_lgbtqi\":\"LGBTQI\",\"p18_lutaantirracismo\":\"Luta antirracismo\",\"p18_povosecomunidadestradicionais\":\"Povos e comunidades tradicionais\",\"p18_religiao\":\"Religi\\u00e3o\",\"p18_violencia\":\"Viol\\u00eancia\",\"p18_politicasculturais\":\"Pol\\u00edticas Culturais\",\"p19_direitoshumanos\":\"Direitos humanos\",\"p19_educacao\":\"Educa\\u00e7\\u00e3o\",\"p19_lutaantirracismo\":\"Luta antirracismo\",\"p19_povosecomunidadestradicionais\":\"Povos e comunidades tradicionais\",\"p19_politicasculturais\":\"Pol\\u00edticas Culturais\",\"p20_reunioes\":\"Reuni\\u00f5es\",\"p20_oficinas\":\"Oficinas\",\"p20_oficinasaulasartisticas\":\"Ensaios\\\/Oficinas\\\/Aulas art\\u00edsticas\",\"p20_cursos\":\"Cursos\",\"p20_formacao\":\"Forma\\u00e7\\u00e3o\",\"p20_apresentacoesartisticas\":\"Apresenta\\u00e7\\u00f5es art\\u00edsticas\",\"p20_visitasexcursoes\":\"Visitas\\\/Excurs\\u00f5es\",\"p21_racismo\":\"Racismo\",\"p21_nenhum\":\"Nenhum\",\"p22_numerodeparticipantes\":\"1  - 15\",\"p23_reunioes\":\"Reuni\\u00f5es\",\"p23_oficinas\":\"Oficinas\",\"p23_oficinasaulasartisticas\":\"Ensaio\\\/Oficinas\\\/Aulas Art\\u00edsticas\",\"p23_cursos\":\"Cursos\",\"p23_formacao\":\"Forma\\u00e7\\u00e3o\",\"p23_apresentacoesartisticas\":\"Apresenta\\u00e7\\u00f5es Art\\u00edsticas\",\"p23_visitas\":\"Visitas\",\"p24_reunioes\":\"Reuni\\u00f5es\",\"p24_oficinas\":\"Oficinas\",\"p24_visitasexcursoes\":\"Visitas\\\/Excurs\\u00f5es\",\"p25_numerodepessoas\":\"40 - 60\",\"p26_numerodepessoas\":\"60 - 80\",\"p27_espacopublico\":\"Espa\\u00e7o p\\u00fablico\",\"p27_espacoemprestadocedido\":\"Espa\\u00e7o emprestado\\\/cedido\",\"p28_territorios\":\"Cidade\",\"p30_outrasorganizacoes\":\"Sim\",\"p32_campanhadelongaduracao\":\"Sim\",\"p34_municipal\":\"Municipal\",\"p34_nenhuma\":\"Nenhuma\",\"p36_conselhosdeparticipacaoecontrolesocial\":\"Sim\",\"p38_sim\":\"Sim\",\"p38_nenhum\":\"Nenhum\",\"p40_editais\":\"N\\u00e3o\",\"p41_publicoestatal\":\"P\\u00fablico-Estatal\",\"p41_autofinanciamento\":\"Autofinanciamento\",\"p42_meiodedivulgacaoproprio\":\"Sim\",\"p43_email\":\"E-mail\",\"p43_facebook\":\"Facebook\",\"p43_whatsapp\":\"WhatsApp\",\"p43_instagram\":\"Instagram\",\"p44_radio\":\"R\\u00e1dio\",\"p44_redessociais\":\"Redes sociais (Facebook, YouTube, Instagram etc.)\",\"p44_sitesblogs\":\"Sites ou Blogs\",\"p39_publico\":\"JOVENS NEGRAS NEGROS\",\"p45_bandeira\":\"LUTA ANTIRRACISTA LUTA CONTRA  POPULA\\u00c7\\u00c3O NEGRA\",\"p46_hashtags\":\"#N\\u00c3OAOGENOC\\u00cdDIODAPOPULA\\u00c7\\u00c3ONEGRA  #RACISMOAQUIN\\u00c3O  #POVOPRETONAUNIVERSIDADE\"},{\"p1_eixo\":\"Cultura\",\"p9_tipoorganizacao\":\"ONG\",\"p12_uf\":\"BA\",\"p13_cidade\":\"CONCEI\\u00c7\\u00c3O DO COIT\\u00c9\",\"p16_cidade\":\"Cidade\",\"p17_ano\":\"2003\",\"p16_estado\":\"Estado\",\"p18_agrario\":\"Agr\\u00e1rio\\\/ruralidades\",\"p18_difusaoartistica\":\"Difus\\u00e3o Art\\u00edstica\",\"p18_direitoshumanos\":\"Direitos humanos\",\"p18_educacao\":\"Educa\\u00e7\\u00e3o\",\"p18_feminismos\":\"Feminismos\",\"p18_lgbtqi\":\"LGBTQI\",\"p18_lutaantirracismo\":\"Luta antirracismo\",\"p18_mobilidade\":\"Mobilidade\",\"p18_povosecomunidadestradicionais\":\"Povos e comunidades tradicionais\",\"p18_trabalho\":\"Trabalho\",\"p18_religiao\":\"Religi\\u00e3o\",\"p18_saude\":\"Sa\\u00fade\",\"p18_violencia\":\"Viol\\u00eancia\",\"p18_politicasculturais\":\"Pol\\u00edticas Culturais\",\"p19_direitoshumanos\":\"Direitos humanos\",\"p19_educacao\":\"Educa\\u00e7\\u00e3o\",\"p19_povosecomunidadestradicionais\":\"Povos e comunidades tradicionais\",\"p19_trabalho\":\"Trabalho\",\"p19_religiao\":\"Religi\\u00e3o\",\"p19_politicasculturais\":\"Pol\\u00edticas Culturais\",\"p20_reunioes\":\"Reuni\\u00f5es\",\"p20_oficinas\":\"Oficinas\",\"p20_oficinasaulasartisticas\":\"Ensaios\\\/Oficinas\\\/Aulas art\\u00edsticas\",\"p20_cursos\":\"Cursos\",\"p20_formacao\":\"Forma\\u00e7\\u00e3o\",\"p20_apresentacoesartisticas\":\"Apresenta\\u00e7\\u00f5es art\\u00edsticas\",\"p20_visitasexcursoes\":\"Visitas\\\/Excurs\\u00f5es\",\"p21_intoleranciareligiosa\":\"Fundamentalismo\\\/intoler\\u00e2ncia religiosa\",\"p21_machismo\":\"Machismo\",\"p21_racismo\":\"Racismo\",\"p21_lgbtqifobia\":\"LGBTIfobia\",\"p22_numerodeparticipantes\":\"1  - 15\",\"p23_reunioes\":\"Reuni\\u00f5es\",\"p23_atendimento\":\"Atendimento\",\"p23_oficinas\":\"Oficinas\",\"p23_oficinasaulasartisticas\":\"Ensaio\\\/Oficinas\\\/Aulas Art\\u00edsticas\",\"p23_formacao\":\"Forma\\u00e7\\u00e3o\",\"p23_apresentacoesartisticas\":\"Apresenta\\u00e7\\u00f5es Art\\u00edsticas\",\"p23_visitas\":\"Visitas\",\"p24_oficinas\":\"Oficinas\",\"p24_curso\":\"Curso\",\"p24_visitasexcursoes\":\"Visitas\\\/Excurs\\u00f5es\",\"p25_numerodepessoas\":\"200 - 300\",\"p26_numerodepessoas\":\"1 - 20\",\"p27_espacopublico\":\"Espa\\u00e7o p\\u00fablico\",\"p27_espacoemprestadocedido\":\"Espa\\u00e7o emprestado\\\/cedido\",\"p27_espacoproprio\":\"Espa\\u00e7o pr\\u00f3prio\",\"p28_territorios\":\"Cidade\",\"p30_outrasorganizacoes\":\"Sim\",\"p32_campanhadelongaduracao\":\"N\\u00e3o\",\"p34_municipal\":\"Municipal\",\"p34_estadual\":\"Estadual\",\"p36_conselhosdeparticipacaoecontrolesocial\":\"Sim\",\"p38_sim\":\"Sim\",\"p40_editais\":\"Sim\",\"p41_publicoestatal\":\"P\\u00fablico-Estatal\",\"p41_privadopf\":\"Privado (P. F\\u00edsica)\",\"p41_autofinanciamento\":\"Autofinanciamento\",\"p41_financiamentocoletivo0\":\"Financiamento coletivo\",\"p42_meiodedivulgacaoproprio\":\"Sim\",\"p43_email\":\"E-mail\",\"p43_facebook\":\"Facebook\",\"p43_whatsapp\":\"WhatsApp\",\"p43_instagram\":\"Instagram\",\"p44_redessociais\":\"Redes sociais (Facebook, YouTube, Instagram etc.)\",\"p44_sitesblogs\":\"Sites ou Blogs\",\"p39_publico\":\"CRIAN\\u00c7AS ADOLESCENTES ADULTOS IDOSOS VULNERABILIDADE SOCIAL\",\"p45_bandeira\":\"DIREITOS HUMANOS CULTURA SUSTENTABILIDADE CULTURA CRIATIVA EDUCA\\u00c7\\u00c3O CIDADANIA POLITICA PARTICIPATIVA ORGANIZA\\u00c7\\u00c3O SOCIAL\",\"p46_hashtags\":\"#EDUCACAO #CULTURA #CIDADANIA\"},{\"p1_eixo\":\"Cultura\",\"p9_tipoorganizacao\":\"Movimento Social\",\"p12_uf\":\"PE\",\"p13_cidade\":\"PAULISTA\",\"p16_cidade\":\"Cidade\",\"p17_ano\":\"2003\",\"p16_estado\":\"Estado\",\"p18_agrario\":\"Agr\\u00e1rio\\\/ruralidades\",\"p18_comunicacao\":\"Comunica\\u00e7\\u00e3o\",\"p18_difusaoartistica\":\"Difus\\u00e3o Art\\u00edstica\",\"p18_direitoshumanos\":\"Direitos humanos\",\"p18_educacao\":\"Educa\\u00e7\\u00e3o\",\"p18_feminismos\":\"Feminismos\",\"p18_lgbtqi\":\"LGBTQI\",\"p18_lutaantirracismo\":\"Luta antirracismo\",\"p18_mobilidade\":\"Mobilidade\",\"p18_povosecomunidadestradicionais\":\"Povos e comunidades tradicionais\",\"p18_trabalho\":\"Trabalho\",\"p18_religiao\":\"Religi\\u00e3o\",\"p18_saude\":\"Sa\\u00fade\",\"p18_violencia\":\"Viol\\u00eancia\",\"p18_politicasculturais\":\"Pol\\u00edticas Culturais\",\"p19_direitoshumanos\":\"Direitos humanos\",\"p19_educacao\":\"Educa\\u00e7\\u00e3o\",\"p19_trabalho\":\"Trabalho\",\"p19_religiao\":\"Religi\\u00e3o\",\"p19_saude\":\"Sa\\u00fade\",\"p19_difusaoartistica\":\"Difus\\u00e3o Art\\u00edstica\",\"p20_reunioes\":\"Reuni\\u00f5es\",\"p20_apresentacoesartisticas\":\"Apresenta\\u00e7\\u00f5es art\\u00edsticas\",\"p20_visitasexcursoes\":\"Visitas\\\/Excurs\\u00f5es\",\"p21_intoleranciareligiosa\":\"Fundamentalismo\\\/intoler\\u00e2ncia religiosa\",\"p21_machismo\":\"Machismo\",\"p21_racismo\":\"Racismo\",\"p21_lgbtqifobia\":\"LGBTIfobia\",\"p21_nenhum\":\"Nenhum\",\"p22_numerodeparticipantes\":\"1  - 15\",\"p23_reunioes\":\"Reuni\\u00f5es\",\"p23_atendimento\":\"Atendimento\",\"p23_oficinasaulasartisticas\":\"Ensaio\\\/Oficinas\\\/Aulas Art\\u00edsticas\",\"p23_apresentacoesartisticas\":\"Apresenta\\u00e7\\u00f5es Art\\u00edsticas\",\"p23_visitas\":\"Visitas\",\"p23_excursoes\":\"Excurs\\u00f5es\",\"p23_outros\":\"Outros\",\"p24_reunioes\":\"Reuni\\u00f5es\",\"p24_oficinas\":\"Oficinas\",\"p24_curso\":\"Curso\",\"p24_apresentacoesartisticas\":\"Apresenta\\u00e7\\u00f5es art\\u00edsticas\",\"p24_visitasexcursoes\":\"Visitas\\\/Excurs\\u00f5es\",\"p24_outros\":\"Outros\",\"p25_numerodepessoas\":\"80 - 100\",\"p26_numerodepessoas\":\"20 - 40\",\"p27_espacopublico\":\"Espa\\u00e7o p\\u00fablico\",\"p27_espacoemprestadocedido\":\"Espa\\u00e7o emprestado\\\/cedido\",\"p27_espacoproprio\":\"Espa\\u00e7o pr\\u00f3prio\",\"p27_ocupacao\":\"Ocupa\\u00e7\\u00e3o\",\"p28_territorios\":\"Estado\",\"p30_outrasorganizacoes\":\"Sim\",\"p32_campanhadelongaduracao\":\"N\\u00e3o\",\"p34_municipal\":\"Municipal\",\"p34_estadual\":\"Estadual\",\"p36_conselhosdeparticipacaoecontrolesocial\":\"N\\u00e3o\",\"p38_sim\":\"Sim\",\"p38_nenhum\":\"Nenhum\",\"p40_editais\":\"N\\u00e3o\",\"p41_privadopf\":\"Privado (P. F\\u00edsica)\",\"p41_privadopj\":\"Privado (P. Jur\\u00eddica)\",\"p41_autofinanciamento\":\"Autofinanciamento\",\"p41_financiamentocoletivo0\":\"Financiamento coletivo\",\"p42_meiodedivulgacaoproprio\":\"Sim\",\"p43_impressoes\":\"Impressos\",\"p43_email\":\"E-mail\",\"p43_facebook\":\"Facebook\",\"p43_whatsapp\":\"WhatsApp\",\"p43_instagram\":\"Instagram\",\"p43_radio\":\"R\\u00e1dio\",\"p43_youtube\":\"YouTube\",\"p44_radio\":\"TV\",\"p44_jornaisimpressosdegrandecirculacao\":\"Jornais impressos de grande circula\\u00e7\\u00e3o\",\"p44_redessociais\":\"Redes sociais (Facebook, YouTube, Instagram etc.)\",\"p44_sitesblogs\":\"Sites ou Blogs\",\"p39_publico\":\"TODOS\",\"p45_bandeira\":\"LUTA ANTIRRACISMO LUTA LGBT  RELIGIOSA FEMINIC\\u00cdDIO\",\"p46_hashtags\":\"#INTOLERANCIARELIGIOSA #CONTRAQUALQUERFORMADEVIOLENCIA #FIMDALGBTFOBIA\"},{\"p1_eixo\":\"Cultura\",\"p9_tipoorganizacao\":\"Coletivo\",\"p12_uf\":\"AC\",\"p13_cidade\":\"RIO BRANCO\",\"p16_cidade\":\"Cidade\",\"p17_ano\":\"2016\",\"p18_comunicacao\":\"Comunica\\u00e7\\u00e3o\",\"p18_difusaoartistica\":\"Difus\\u00e3o Art\\u00edstica\",\"p18_desenvolvimentoterritorial\":\"Desenvolvimento territorial\",\"p18_direitoshumanos\":\"Direitos humanos\",\"p18_educacao\":\"Educa\\u00e7\\u00e3o\",\"p18_feminismos\":\"Feminismos\",\"p18_lgbtqi\":\"LGBTQI\",\"p18_lutaantirracismo\":\"Luta antirracismo\",\"p18_mobilidade\":\"Mobilidade\",\"p18_moradia\":\"Moradia\",\"p18_povosecomunidadestradicionais\":\"Povos e comunidades tradicionais\",\"p18_trabalho\":\"Trabalho\",\"p18_religiao\":\"Religi\\u00e3o\",\"p18_saude\":\"Sa\\u00fade\",\"p18_violencia\":\"Viol\\u00eancia\",\"p18_politicasculturais\":\"Pol\\u00edticas Culturais\",\"p19_direitoshumanos\":\"Direitos humanos\",\"p19_educacao\":\"Educa\\u00e7\\u00e3o\",\"p19_saude\":\"Sa\\u00fade\",\"p19_difusaoartistica\":\"Difus\\u00e3o Art\\u00edstica\",\"p20_reunioes\":\"Reuni\\u00f5es\",\"p20_atendimento\":\"Atendimento\",\"p20_oficinas\":\"Oficinas\",\"p20_formacao\":\"Forma\\u00e7\\u00e3o\",\"p20_profissionalizacao\":\"Profissionaliza\\u00e7\\u00e3o\",\"p20_apresentacoesartisticas\":\"Apresenta\\u00e7\\u00f5es art\\u00edsticas\",\"p20_visitasexcursoes\":\"Visitas\\\/Excurs\\u00f5es\",\"p21_nenhum\":\"Nenhum\",\"p22_numerodeparticipantes\":\"1  - 15\",\"p23_reunioes\":\"Reuni\\u00f5es\",\"p23_cursos\":\"Cursos\",\"p23_formacao\":\"Forma\\u00e7\\u00e3o\",\"p23_apresentacoesartisticas\":\"Apresenta\\u00e7\\u00f5es Art\\u00edsticas\",\"p23_visitas\":\"Visitas\",\"p23_excursoes\":\"Excurs\\u00f5es\",\"p23_outros\":\"Outros\",\"p24_reunioes\":\"Reuni\\u00f5es\",\"p24_apresentacoesartisticas\":\"Apresenta\\u00e7\\u00f5es art\\u00edsticas\",\"p24_visitasexcursoes\":\"Visitas\\\/Excurs\\u00f5es\",\"p24_outros\":\"Outros\",\"p25_numerodepessoas\":\"100 - 200\",\"p26_numerodepessoas\":\"100 - 200\",\"p27_espacopublico\":\"Espa\\u00e7o p\\u00fablico\",\"p27_espacoemprestadocedido\":\"Espa\\u00e7o emprestado\\\/cedido\",\"p27_ocupacao\":\"Ocupa\\u00e7\\u00e3o\",\"p28_territorios\":\"Cidade\",\"p30_outrasorganizacoes\":\"N\\u00e3o\",\"p32_campanhadelongaduracao\":\"Sim\",\"p34_municipal\":\"Municipal\",\"p34_nenhuma\":\"Nenhuma\",\"p36_conselhosdeparticipacaoecontrolesocial\":\"Sim\",\"p38_nenhum\":\"Nenhum\",\"p40_editais\":\"Sim\",\"p41_privadopj\":\"Privado (P. Jur\\u00eddica)\",\"p41_autofinanciamento\":\"Autofinanciamento\",\"p41_financiamentocoletivo0\":\"Financiamento coletivo\",\"p42_meiodedivulgacaoproprio\":\"Sim\",\"p43_impressoes\":\"Impressos\",\"p43_email\":\"E-mail\",\"p43_facebook\":\"Facebook\",\"p43_whatsapp\":\"WhatsApp\",\"p43_instagram\":\"Instagram\",\"p43_sitesblogs\":\"Blogs\\\/sites\",\"p43_radio\":\"R\\u00e1dio\",\"p43_youtube\":\"YouTube\",\"p44_radio\":\"TV\",\"p44_jornaisimpressosdegrandecirculacao\":\"Jornais impressos de grande circula\\u00e7\\u00e3o\",\"p44_redessociais\":\"Redes sociais (Facebook, YouTube, Instagram etc.)\",\"p44_sitesblogs\":\"Sites ou Blogs\",\"p39_publico\":\"VULNERABILIDADE SOCIAL\",\"p45_bandeira\":\"COMBATER DESIGUALDADE SOCIAL VULNERABILIDADE SOCIAL\",\"p46_hashtags\":\"#CONTRADESIGUALDADE #ALEGRIACURA #AMOREFELICIDADE\"},{\"p1_eixo\":\"Cultura\",\"p9_tipoorganizacao\":\"Coletivo\",\"p12_uf\":\"PA\",\"p13_cidade\":\"PARAUAPEBAS\",\"p16_bairro\":\"Bairro\",\"p16_cidade\":\"Cidade\",\"p17_ano\":\"2017\",\"p18_desenvolvimentoterritorial\":\"Desenvolvimento territorial\",\"p18_direitoshumanos\":\"Direitos humanos\",\"p18_educacao\":\"Educa\\u00e7\\u00e3o\",\"p18_feminismos\":\"Feminismos\",\"p18_lgbtqi\":\"LGBTQI\",\"p18_lutaantirracismo\":\"Luta antirracismo\",\"p18_mobilidade\":\"Mobilidade\",\"p18_moradia\":\"Moradia\",\"p18_povosecomunidadestradicionais\":\"Povos e comunidades tradicionais\",\"p18_trabalho\":\"Trabalho\",\"p18_religiao\":\"Religi\\u00e3o\",\"p18_saude\":\"Sa\\u00fade\",\"p18_violencia\":\"Viol\\u00eancia\",\"p18_politicasculturais\":\"Pol\\u00edticas Culturais\",\"p19_direitoshumanos\":\"Direitos humanos\",\"p19_educacao\":\"Educa\\u00e7\\u00e3o\",\"p19_moradia\":\"Moradia\",\"p19_trabalho\":\"Trabalho\",\"p19_saude\":\"Sa\\u00fade\",\"p20_reunioes\":\"Reuni\\u00f5es\",\"p20_atendimento\":\"Atendimento\",\"p20_oficinas\":\"Oficinas\",\"p20_oficinasaulasartisticas\":\"Ensaios\\\/Oficinas\\\/Aulas art\\u00edsticas\",\"p20_cursos\":\"Cursos\",\"p20_formacao\":\"Forma\\u00e7\\u00e3o\",\"p20_profissionalizacao\":\"Profissionaliza\\u00e7\\u00e3o\",\"p20_apresentacoesartisticas\":\"Apresenta\\u00e7\\u00f5es art\\u00edsticas\",\"p20_visitasexcursoes\":\"Visitas\\\/Excurs\\u00f5es\",\"p21_repressaopolicial\":\"Repress\\u00e3o policial\",\"p21_nenhum\":\"Nenhum\",\"p22_numerodeparticipantes\":\"1  - 15\",\"p23_reunioes\":\"Reuni\\u00f5es\",\"p23_atendimento\":\"Atendimento\",\"p23_oficinas\":\"Oficinas\",\"p23_oficinasaulasartisticas\":\"Ensaio\\\/Oficinas\\\/Aulas Art\\u00edsticas\",\"p23_cursos\":\"Cursos\",\"p23_formacao\":\"Forma\\u00e7\\u00e3o\",\"p23_apresentacoesartisticas\":\"Apresenta\\u00e7\\u00f5es Art\\u00edsticas\",\"p23_visitas\":\"Visitas\",\"p23_excursoes\":\"Excurs\\u00f5es\",\"p24_curso\":\"Curso\",\"p24_formacao\":\"Forma\\u00e7\\u00e3o\",\"p24_profissionalizacao\":\"Profissionaliza\\u00e7\\u00e3o\",\"p24_outros\":\"Outros\",\"p25_numerodepessoas\":\"80 - 100\",\"p26_numerodepessoas\":\"80 - 100\",\"p27_espacopublico\":\"Espa\\u00e7o p\\u00fablico\",\"p27_espacoemprestadocedido\":\"Espa\\u00e7o emprestado\\\/cedido\",\"p27_espacoproprio\":\"Espa\\u00e7o pr\\u00f3prio\",\"p28_territorios\":\"Regi\\u00e3o da Cidade\",\"p30_outrasorganizacoes\":\"Sim\",\"p32_campanhadelongaduracao\":\"N\\u00e3o\",\"p34_municipal\":\"Municipal\",\"p34_estadual\":\"Estadual\",\"p34_nenhuma\":\"Nenhuma\",\"p36_conselhosdeparticipacaoecontrolesocial\":\"Sim\",\"p38_sim\":\"Sim\",\"p38_nenhum\":\"Nenhum\",\"p40_editais\":\"N\\u00e3o\",\"p41_privadopj\":\"Privado (P. Jur\\u00eddica)\",\"p41_autofinanciamento\":\"Autofinanciamento\",\"p41_financiamentocoletivo0\":\"Financiamento coletivo\",\"p42_meiodedivulgacaoproprio\":\"Sim\",\"p43_impressoes\":\"Impressos\",\"p43_email\":\"E-mail\",\"p43_facebook\":\"Facebook\",\"p43_whatsapp\":\"WhatsApp\",\"p43_instagram\":\"Instagram\",\"p43_sitesblogs\":\"Blogs\\\/sites\",\"p43_youtube\":\"YouTube\",\"p44_radio\":\"TV\",\"p44_jornaisimpressosdegrandecirculacao\":\"Jornais impressos de grande circula\\u00e7\\u00e3o\",\"p44_redessociais\":\"Redes sociais (Facebook, YouTube, Instagram etc.)\",\"p44_sitesblogs\":\"Sites ou Blogs\",\"p39_publico\":\"MULHERES IDOSAS\",\"p45_bandeira\":\"EMPODERAMENTO MULHERES NECESSITADAS\",\"p46_hashtags\":\"#MULHEREMACAO #UNIDASPELASOCIEDADEMELHOR #IGUALDADEDEGENERO\"},{\"p1_eixo\":\"Trabalho\",\"p9_tipoorganizacao\":\"Funda\\u00e7\\u00e3o\",\"p12_uf\":\"CE\",\"p13_cidade\":\"FORTALEZA\",\"p16_bairro\":\"Bairro\",\"p16_cidade\":\"Cidade\",\"p17_ano\":\"1992\",\"p18_agrario\":\"Agr\\u00e1rio\\\/ruralidades\",\"p18_comunicacao\":\"Comunica\\u00e7\\u00e3o\",\"p18_desenvolvimentoterritorial\":\"Desenvolvimento territorial\",\"p18_direitoshumanos\":\"Direitos humanos\",\"p18_educacao\":\"Educa\\u00e7\\u00e3o\",\"p18_feminismos\":\"Feminismos\",\"p18_lgbtqi\":\"LGBTQI\",\"p18_lutaantirracismo\":\"Luta antirracismo\",\"p18_mobilidade\":\"Mobilidade\",\"p18_moradia\":\"Moradia\",\"p18_povosecomunidadestradicionais\":\"Povos e comunidades tradicionais\",\"p18_trabalho\":\"Trabalho\",\"p18_religiao\":\"Religi\\u00e3o\",\"p18_saude\":\"Sa\\u00fade\",\"p18_violencia\":\"Viol\\u00eancia\",\"p18_politicasculturais\":\"Pol\\u00edticas Culturais\",\"p19_direitoshumanos\":\"Direitos humanos\",\"p19_feminismos\":\"Feminismos\",\"p19_lutaantirracismo\":\"Luta antirracismo\",\"p19_moradia\":\"Moradia\",\"p19_trabalho\":\"Trabalho\",\"p19_religiao\":\"Religi\\u00e3o\",\"p20_reunioes\":\"Reuni\\u00f5es\",\"p20_atendimento\":\"Atendimento\",\"p20_oficinas\":\"Oficinas\",\"p20_oficinasaulasartisticas\":\"Ensaios\\\/Oficinas\\\/Aulas art\\u00edsticas\",\"p20_cursos\":\"Cursos\",\"p20_formacao\":\"Forma\\u00e7\\u00e3o\",\"p20_profissionalizacao\":\"Profissionaliza\\u00e7\\u00e3o\",\"p20_apresentacoesartisticas\":\"Apresenta\\u00e7\\u00f5es art\\u00edsticas\",\"p20_visitasexcursoes\":\"Visitas\\\/Excurs\\u00f5es\",\"p21_repressaopolicial\":\"Repress\\u00e3o policial\",\"p21_intoleranciareligiosa\":\"Fundamentalismo\\\/intoler\\u00e2ncia religiosa\",\"p21_xenofobia\":\"Xenofobia\",\"p21_machismo\":\"Machismo\",\"p21_racismo\":\"Racismo\",\"p21_lgbtqifobia\":\"LGBTIfobia\",\"p22_numerodeparticipantes\":\"Mais de 90\",\"p23_reunioes\":\"Reuni\\u00f5es\",\"p23_atendimento\":\"Atendimento\",\"p23_oficinas\":\"Oficinas\",\"p23_oficinasaulasartisticas\":\"Ensaio\\\/Oficinas\\\/Aulas Art\\u00edsticas\",\"p23_apresentacoesartisticas\":\"Apresenta\\u00e7\\u00f5es Art\\u00edsticas\",\"p23_visitas\":\"Visitas\",\"p23_excursoes\":\"Excurs\\u00f5es\",\"p23_outros\":\"Outros\",\"p24_oficinas\":\"Oficinas\",\"p24_curso\":\"Curso\",\"p24_formacao\":\"Forma\\u00e7\\u00e3o\",\"p24_profissionalizacao\":\"Profissionaliza\\u00e7\\u00e3o\",\"p25_numerodepessoas\":\"20 - 40\",\"p26_numerodepessoas\":\"40 - 60\",\"p27_espacopublico\":\"Espa\\u00e7o p\\u00fablico\",\"p27_espacoemprestadocedido\":\"Espa\\u00e7o emprestado\\\/cedido\",\"p27_espacoproprio\":\"Espa\\u00e7o pr\\u00f3prio\",\"p28_territorios\":\"Pr\\u00f3prio bairro\",\"p30_outrasorganizacoes\":\"Sim\",\"p32_campanhadelongaduracao\":\"Sim\",\"p34_municipal\":\"Municipal\",\"p34_estadual\":\"Estadual\",\"p34_nacional\":\"Nacional\",\"p36_conselhosdeparticipacaoecontrolesocial\":\"Sim\",\"p38_sim\":\"Sim\",\"p40_editais\":\"N\\u00e3o\",\"p41_privadopj\":\"Privado (P. Jur\\u00eddica)\",\"p41_autofinanciamento\":\"Autofinanciamento\",\"p41_financiamentocoletivo0\":\"Financiamento coletivo\",\"p42_meiodedivulgacaoproprio\":\"Sim\",\"p43_impressoes\":\"Impressos\",\"p43_email\":\"E-mail\",\"p43_facebook\":\"Facebook\",\"p43_whatsapp\":\"WhatsApp\",\"p43_instagram\":\"Instagram\",\"p43_twitter\":\"Twitter\",\"p43_sitesblogs\":\"Blogs\\\/sites\",\"p43_youtube\":\"YouTube\",\"p44_radio\":\"TV\",\"p44_jornaisimpressosdegrandecirculacao\":\"Jornais impressos de grande circula\\u00e7\\u00e3o\",\"p44_redessociais\":\"Redes sociais (Facebook, YouTube, Instagram etc.)\",\"p44_sitesblogs\":\"Sites ou Blogs\",\"p39_publico\":\"FAM\\u00cdLIAS CRIAN\\u00c7AS ADOLESCENTES MULHERES LGBTQ+\",\"p45_bandeira\":\"DIREITOS HUMANOS EDUCA\\u00c7\\u00c3O DIREITOS CRIAN\\u00c7AS ADOLESCENTES MORADIA LGBTQ+\",\"p46_hashtags\":\"#ZEIS #LAGAMAR #VIDA\"},{\"p1_eixo\":\"Viol\\u00eancia\",\"p9_tipoorganizacao\":\"Coletivo\",\"p12_uf\":\"BA\",\"p13_cidade\":\"SALVADOR\",\"p16_cidade\":\"Cidade\",\"p16_nacional\":\"Nacional\",\"p17_ano\":\"2016\",\"p18_agrario\":\"Agr\\u00e1rio\\\/ruralidades\",\"p18_comunicacao\":\"Comunica\\u00e7\\u00e3o\",\"p18_desenvolvimentoterritorial\":\"Desenvolvimento territorial\",\"p18_direitoshumanos\":\"Direitos humanos\",\"p18_educacao\":\"Educa\\u00e7\\u00e3o\",\"p18_feminismos\":\"Feminismos\",\"p18_lgbtqi\":\"LGBTQI\",\"p18_lutaantirracismo\":\"Luta antirracismo\",\"p18_mobilidade\":\"Mobilidade\",\"p18_moradia\":\"Moradia\",\"p18_povosecomunidadestradicionais\":\"Povos e comunidades tradicionais\",\"p18_trabalho\":\"Trabalho\",\"p18_religiao\":\"Religi\\u00e3o\",\"p18_saude\":\"Sa\\u00fade\",\"p18_violencia\":\"Viol\\u00eancia\",\"p18_politicasculturais\":\"Pol\\u00edticas Culturais\",\"p19_desenvolvimentoterritorial\":\"Desenvolvimento territorial\",\"p19_direitoshumanos\":\"Direitos humanos\",\"p19_feminismos\":\"Feminismos\",\"p19_lutaantirracismo\":\"Luta antirracismo\",\"p19_trabalho\":\"Trabalho\",\"p19_religiao\":\"Religi\\u00e3o\",\"p20_reunioes\":\"Reuni\\u00f5es\",\"p20_atendimento\":\"Atendimento\",\"p20_oficinas\":\"Oficinas\",\"p20_oficinasaulasartisticas\":\"Ensaios\\\/Oficinas\\\/Aulas art\\u00edsticas\",\"p20_cursos\":\"Cursos\",\"p20_formacao\":\"Forma\\u00e7\\u00e3o\",\"p21_intoleranciareligiosa\":\"Fundamentalismo\\\/intoler\\u00e2ncia religiosa\",\"p21_xenofobia\":\"Xenofobia\",\"p21_machismo\":\"Machismo\",\"p21_racismo\":\"Racismo\",\"p21_lgbtqifobia\":\"LGBTIfobia\",\"p21_nenhum\":\"Nenhum\",\"p22_numerodeparticipantes\":\"1  - 15\",\"p23_reunioes\":\"Reuni\\u00f5es\",\"p23_atendimento\":\"Atendimento\",\"p23_oficinas\":\"Oficinas\",\"p23_cursos\":\"Cursos\",\"p23_formacao\":\"Forma\\u00e7\\u00e3o\",\"p23_outros\":\"Outros\",\"p24_reunioes\":\"Reuni\\u00f5es\",\"p24_atendimento\":\"Atendimentos\",\"p24_oficinas\":\"Oficinas\",\"p24_curso\":\"Curso\",\"p24_formacao\":\"Forma\\u00e7\\u00e3o\",\"p25_numerodepessoas\":\"1 - 20\",\"p26_numerodepessoas\":\"1 - 20\",\"p27_espacopublico\":\"Espa\\u00e7o p\\u00fablico\",\"p27_espacoemprestadocedido\":\"Espa\\u00e7o emprestado\\\/cedido\",\"p27_espacoproprio\":\"Espa\\u00e7o pr\\u00f3prio\",\"p28_territorios\":\"Regi\\u00e3o da Cidade\",\"p30_outrasorganizacoes\":\"Sim\",\"p32_campanhadelongaduracao\":\"Sim\",\"p34_municipal\":\"Municipal\",\"p34_estadual\":\"Estadual\",\"p34_nacional\":\"Nacional\",\"p36_conselhosdeparticipacaoecontrolesocial\":\"N\\u00e3o\",\"p38_sim\":\"Sim\",\"p38_nenhum\":\"Nenhum\",\"p40_editais\":\"Sim\",\"p41_privadopf\":\"Privado (P. F\\u00edsica)\",\"p41_autofinanciamento\":\"Autofinanciamento\",\"p41_financiamentocoletivo0\":\"Financiamento coletivo\",\"p42_meiodedivulgacaoproprio\":\"Sim\",\"p43_impressoes\":\"Impressos\",\"p43_email\":\"E-mail\",\"p43_facebook\":\"Facebook\",\"p43_whatsapp\":\"WhatsApp\",\"p43_instagram\":\"Instagram\",\"p43_twitter\":\"Twitter\",\"p43_sitesblogs\":\"Blogs\\\/sites\",\"p44_radio\":\"R\\u00e1dio\",\"p44_redessociais\":\"Redes sociais (Facebook, YouTube, Instagram etc.)\",\"p44_sitesblogs\":\"Sites ou Blogs\",\"p39_publico\":\"MULHERES PERIFERIA SALVADOR\",\"p45_bandeira\":\"FEMINISMO ANTIRRACISMO RELIGI\\u00c3O\",\"p46_hashtags\":\"#FEMINISMO #FIMDORACISMO #TOLERANCIA RELIGIOSA\"},{\"p1_eixo\":\"Trabalho\",\"p9_tipoorganizacao\":\"ONG\",\"p12_uf\":\"SE\",\"p13_cidade\":\"SIM\\u00c3O DIAS\",\"p16_nacional\":\"Nacional\",\"p17_ano\":\"2002\",\"p18_agrario\":\"Agr\\u00e1rio\\\/ruralidades\",\"p18_comunicacao\":\"Comunica\\u00e7\\u00e3o\",\"p18_difusaoartistica\":\"Difus\\u00e3o Art\\u00edstica\",\"p18_desenvolvimentoterritorial\":\"Desenvolvimento territorial\",\"p18_direitoshumanos\":\"Direitos humanos\",\"p18_educacao\":\"Educa\\u00e7\\u00e3o\",\"p18_feminismos\":\"Feminismos\",\"p18_lgbtqi\":\"LGBTQI\",\"p18_lutaantirracismo\":\"Luta antirracismo\",\"p18_mobilidade\":\"Mobilidade\",\"p18_moradia\":\"Moradia\",\"p18_povosecomunidadestradicionais\":\"Povos e comunidades tradicionais\",\"p18_trabalho\":\"Trabalho\",\"p18_religiao\":\"Religi\\u00e3o\",\"p18_saude\":\"Sa\\u00fade\",\"p18_violencia\":\"Viol\\u00eancia\",\"p18_politicasculturais\":\"Pol\\u00edticas Culturais\",\"p19_agrario\":\"Agr\\u00e1rio\\\/ruralidades\",\"p19_desenvolvimentoterritorial\":\"Desenvolvimento territorial\",\"p19_direitoshumanos\":\"Direitos humanos\",\"p19_lutaantirracismo\":\"Luta antirracismo\",\"p19_trabalho\":\"Trabalho\",\"p19_religiao\":\"Religi\\u00e3o\",\"p20_reunioes\":\"Reuni\\u00f5es\",\"p20_atendimento\":\"Atendimento\",\"p20_oficinas\":\"Oficinas\",\"p20_oficinasaulasartisticas\":\"Ensaios\\\/Oficinas\\\/Aulas art\\u00edsticas\",\"p20_cursos\":\"Cursos\",\"p20_formacao\":\"Forma\\u00e7\\u00e3o\",\"p21_racismo\":\"Racismo\",\"p21_lgbtqifobia\":\"LGBTIfobia\",\"p21_nenhum\":\"Nenhum\",\"p22_numerodeparticipantes\":\"15 - 30\",\"p23_reunioes\":\"Reuni\\u00f5es\",\"p23_atendimento\":\"Atendimento\",\"p23_oficinas\":\"Oficinas\",\"p23_cursos\":\"Cursos\",\"p23_formacao\":\"Forma\\u00e7\\u00e3o\",\"p23_outros\":\"Outros\",\"p24_reunioes\":\"Reuni\\u00f5es\",\"p24_atendimento\":\"Atendimentos\",\"p24_curso\":\"Curso\",\"p24_formacao\":\"Forma\\u00e7\\u00e3o\",\"p24_outros\":\"Outros\",\"p25_numerodepessoas\":\"100 - 200\",\"p26_numerodepessoas\":\"100 - 200\",\"p27_espacoemprestadocedido\":\"Espa\\u00e7o emprestado\\\/cedido\",\"p27_espacoproprio\":\"Espa\\u00e7o pr\\u00f3prio\",\"p28_territorios\":\"Atua\\u00e7\\u00e3o Nacional\",\"p30_outrasorganizacoes\":\"Sim\",\"p32_campanhadelongaduracao\":\"Sim\",\"p34_municipal\":\"Municipal\",\"p34_estadual\":\"Estadual\",\"p34_nacional\":\"Nacional\",\"p34_nenhuma\":\"Nenhuma\",\"p36_conselhosdeparticipacaoecontrolesocial\":\"Sim\",\"p38_sim\":\"Sim\",\"p38_nenhum\":\"Nenhum\",\"p40_editais\":\"Sim\",\"p41_privadopf\":\"Privado (P. F\\u00edsica)\",\"p41_autofinanciamento\":\"Autofinanciamento\",\"p42_meiodedivulgacaoproprio\":\"Sim\",\"p43_impressoes\":\"Impressos\",\"p43_email\":\"E-mail\",\"p43_facebook\":\"Facebook\",\"p43_instagram\":\"Instagram\",\"p43_sitesblogs\":\"Blogs\\\/sites\",\"p44_radio\":\"R\\u00e1dio\",\"p44_redessociais\":\"Redes sociais (Facebook, YouTube, Instagram etc.)\",\"p44_sitesblogs\":\"Sites ou Blogs\",\"p44_nenhum\":\"Nenhum\",\"p39_publico\":\"JOVENS ADULTOS IDOSOS CRIAN\\u00c7AS\",\"p45_bandeira\":\"MULHER JUVENTUDE AGRICULTOR APOIO\",\"p46_hashtags\":\"#companheirismo  #resist\\u00eancia  #social\"},{\"p1_eixo\":\"Cultura\",\"p9_tipoorganizacao\":\"Associa\\u00e7\\u00e3o\",\"p12_uf\":\"GO\",\"p13_cidade\":\"LUZI\\u00c2NIA\",\"p16_bairro\":\"Bairro\",\"p16_nacional\":\"Nacional\",\"p17_ano\":\"2018\",\"p18_agrario\":\"Agr\\u00e1rio\\\/ruralidades\",\"p18_comunicacao\":\"Comunica\\u00e7\\u00e3o\",\"p18_difusaoartistica\":\"Difus\\u00e3o Art\\u00edstica\",\"p18_desenvolvimentoterritorial\":\"Desenvolvimento territorial\",\"p18_direitoshumanos\":\"Direitos humanos\",\"p18_educacao\":\"Educa\\u00e7\\u00e3o\",\"p18_feminismos\":\"Feminismos\",\"p18_lgbtqi\":\"LGBTQI\",\"p18_lutaantirracismo\":\"Luta antirracismo\",\"p18_mobilidade\":\"Mobilidade\",\"p18_moradia\":\"Moradia\",\"p18_povosecomunidadestradicionais\":\"Povos e comunidades tradicionais\",\"p18_trabalho\":\"Trabalho\",\"p18_religiao\":\"Religi\\u00e3o\",\"p18_saude\":\"Sa\\u00fade\",\"p18_violencia\":\"Viol\\u00eancia\",\"p18_politicasculturais\":\"Pol\\u00edticas Culturais\",\"p19_agrario\":\"Agr\\u00e1rio\\\/ruralidades\",\"p19_comunicacao\":\"Comunica\\u00e7\\u00e3o\",\"p19_direitoshumanos\":\"Direitos humanos\",\"p19_educacao\":\"Educa\\u00e7\\u00e3o\",\"p19_lutaantirracismo\":\"Luta antirracismo\",\"p19_religiao\":\"Religi\\u00e3o\",\"p20_oficinas\":\"Oficinas\",\"p21_machismo\":\"Machismo\",\"p21_racismo\":\"Racismo\",\"p21_lgbtqifobia\":\"LGBTIfobia\",\"p22_numerodeparticipantes\":\"1  - 15\",\"p23_oficinas\":\"Oficinas\",\"p23_formacao\":\"Forma\\u00e7\\u00e3o\",\"p23_outros\":\"Outros\",\"p24_reunioes\":\"Reuni\\u00f5es\",\"p24_outros\":\"Outros\",\"p25_numerodepessoas\":\"20 - 40\",\"p26_numerodepessoas\":\"1 - 20\",\"p27_espacoemprestadocedido\":\"Espa\\u00e7o emprestado\\\/cedido\",\"p27_ocupacao\":\"Ocupa\\u00e7\\u00e3o\",\"p28_territorios\":\"Regi\\u00e3o da Cidade\",\"p30_outrasorganizacoes\":\"N\\u00e3o\",\"p32_campanhadelongaduracao\":\"N\\u00e3o\",\"p34_municipal\":\"Municipal\",\"p34_nacional\":\"Nacional\",\"p34_nenhuma\":\"Nenhuma\",\"p36_conselhosdeparticipacaoecontrolesocial\":\"N\\u00e3o\",\"p38_sim\":\"Sim\",\"p38_nenhum\":\"Nenhum\",\"p40_editais\":\"N\\u00e3o\",\"p41_publicoestatal\":\"P\\u00fablico-Estatal\",\"p41_privadopf\":\"Privado (P. F\\u00edsica)\",\"p41_privadopj\":\"Privado (P. Jur\\u00eddica)\",\"p41_autofinanciamento\":\"Autofinanciamento\",\"p42_meiodedivulgacaoproprio\":\"Sim\",\"p43_email\":\"E-mail\",\"p43_facebook\":\"Facebook\",\"p43_instagram\":\"Instagram\",\"p43_sitesblogs\":\"Blogs\\\/sites\",\"p44_radio\":\"TV\",\"p44_jornaisimpressosdegrandecirculacao\":\"Jornais impressos de grande circula\\u00e7\\u00e3o\",\"p44_jornaisimpressosdebairro\":\"Jornais impressos de bairro\",\"p44_redessociais\":\"Redes sociais (Facebook, YouTube, Instagram etc.)\",\"p44_sitesblogs\":\"Sites ou Blogs\",\"p44_nenhum\":\"Nenhum\",\"p39_publico\":\"RELIGI\\u00d5ES MATRIZ AFRICANA\",\"p45_bandeira\":\"CONSERVA\\u00c7\\u00c3O RELIGI\\u00d5ES MATRIZ AFRICANA VALORIZA\\u00c7\\u00c3O POVOS NEGROS RESPEITO SER HUMANO\",\"p46_hashtags\":\"#RESPEITO #DIVERSIDADE #PRESERVACAO\"},{\"p1_eixo\":\"Trabalho\",\"p9_tipoorganizacao\":\"Associa\\u00e7\\u00e3o\",\"p12_uf\":\"SP\",\"p13_cidade\":\"S\\u00c3O PAULO\",\"p16_bairro\":\"Bairro\",\"p17_ano\":\"2013\",\"p16_estado\":\"Estado\",\"p18_comunicacao\":\"Comunica\\u00e7\\u00e3o\",\"p18_difusaoartistica\":\"Difus\\u00e3o Art\\u00edstica\",\"p18_desenvolvimentoterritorial\":\"Desenvolvimento territorial\",\"p18_direitoshumanos\":\"Direitos humanos\",\"p18_educacao\":\"Educa\\u00e7\\u00e3o\",\"p18_feminismos\":\"Feminismos\",\"p18_lgbtqi\":\"LGBTQI\",\"p18_lutaantirracismo\":\"Luta antirracismo\",\"p18_moradia\":\"Moradia\",\"p18_povosecomunidadestradicionais\":\"Povos e comunidades tradicionais\",\"p18_trabalho\":\"Trabalho\",\"p18_saude\":\"Sa\\u00fade\",\"p18_violencia\":\"Viol\\u00eancia\",\"p18_politicasculturais\":\"Pol\\u00edticas Culturais\",\"p19_comunicacao\":\"Comunica\\u00e7\\u00e3o\",\"p19_direitoshumanos\":\"Direitos humanos\",\"p19_educacao\":\"Educa\\u00e7\\u00e3o\",\"p19_feminismos\":\"Feminismos\",\"p19_lutaantirracismo\":\"Luta antirracismo\",\"p19_violencia\":\"Viol\\u00eancia\",\"p20_reunioes\":\"Reuni\\u00f5es\",\"p20_oficinas\":\"Oficinas\",\"p20_cursos\":\"Cursos\",\"p20_formacao\":\"Forma\\u00e7\\u00e3o\",\"p21_intoleranciareligiosa\":\"Fundamentalismo\\\/intoler\\u00e2ncia religiosa\",\"p21_machismo\":\"Machismo\",\"p21_racismo\":\"Racismo\",\"p21_lgbtqifobia\":\"LGBTIfobia\",\"p22_numerodeparticipantes\":\"1  - 15\",\"p23_reunioes\":\"Reuni\\u00f5es\",\"p23_oficinas\":\"Oficinas\",\"p23_cursos\":\"Cursos\",\"p23_formacao\":\"Forma\\u00e7\\u00e3o\",\"p23_outros\":\"Outros\",\"p24_reunioes\":\"Reuni\\u00f5es\",\"p24_outros\":\"Outros\",\"p25_numerodepessoas\":\"20 - 40\",\"p26_numerodepessoas\":\"20 - 40\",\"p27_espacopublico\":\"Espa\\u00e7o p\\u00fablico\",\"p27_espacoemprestadocedido\":\"Espa\\u00e7o emprestado\\\/cedido\",\"p27_espacoproprio\":\"Espa\\u00e7o pr\\u00f3prio\",\"p27_ocupacao\":\"Ocupa\\u00e7\\u00e3o\",\"p28_territorios\":\"Pr\\u00f3prio bairro\",\"p30_outrasorganizacoes\":\"N\\u00e3o\",\"p32_campanhadelongaduracao\":\"N\\u00e3o\",\"p34_municipal\":\"Municipal\",\"p34_estadual\":\"Estadual\",\"p34_nacional\":\"Nacional\",\"p36_conselhosdeparticipacaoecontrolesocial\":\"N\\u00e3o\",\"p38_sim\":\"Sim\",\"p38_nenhum\":\"Nenhum\",\"p40_editais\":\"Sim\",\"p41_publicoestatal\":\"P\\u00fablico-Estatal\",\"p41_privadopf\":\"Privado (P. F\\u00edsica)\",\"p41_privadopj\":\"Privado (P. Jur\\u00eddica)\",\"p42_meiodedivulgacaoproprio\":\"Sim\",\"p43_email\":\"E-mail\",\"p43_facebook\":\"Facebook\",\"p43_instagram\":\"Instagram\",\"p43_sitesblogs\":\"Blogs\\\/sites\",\"p44_radio\":\"TV\",\"p44_jornaisimpressosdegrandecirculacao\":\"Jornais impressos de grande circula\\u00e7\\u00e3o\",\"p44_jornaisimpressosdebairro\":\"Jornais impressos de bairro\",\"p44_redessociais\":\"Redes sociais (Facebook, YouTube, Instagram etc.)\",\"p44_sitesblogs\":\"Sites ou Blogs\",\"p39_publico\":\"JOVENS ESCOLA-P\\u00daBLICA REGI\\u00c3O\",\"p45_bandeira\":\"ENTENDER EDUCA\\u00c7\\u00c3O INTEGRAL HISTORIA VIDA\",\"p46_hashtags\":\"#EDUCACAO #JUVENTUDE #COMUNICACAO\"},{\"p1_eixo\":\"Viol\\u00eancia\",\"p9_tipoorganizacao\":\"Movimento Social\",\"p12_uf\":\"PE\",\"p13_cidade\":\"RECIFE\",\"p16_cidade\":\"Cidade\",\"p17_ano\":\"2016\",\"p16_estado\":\"Estado\",\"p18_comunicacao\":\"Comunica\\u00e7\\u00e3o\",\"p18_difusaoartistica\":\"Difus\\u00e3o Art\\u00edstica\",\"p18_direitoshumanos\":\"Direitos humanos\",\"p18_educacao\":\"Educa\\u00e7\\u00e3o\",\"p18_feminismos\":\"Feminismos\",\"p18_lgbtqi\":\"LGBTQI\",\"p18_lutaantirracismo\":\"Luta antirracismo\",\"p18_moradia\":\"Moradia\",\"p18_povosecomunidadestradicionais\":\"Povos e comunidades tradicionais\",\"p18_trabalho\":\"Trabalho\",\"p18_saude\":\"Sa\\u00fade\",\"p18_violencia\":\"Viol\\u00eancia\",\"p18_politicasculturais\":\"Pol\\u00edticas Culturais\",\"p19_comunicacao\":\"Comunica\\u00e7\\u00e3o\",\"p19_direitoshumanos\":\"Direitos humanos\",\"p19_feminismos\":\"Feminismos\",\"p19_lutaantirracismo\":\"Luta antirracismo\",\"p19_violencia\":\"Viol\\u00eancia\",\"p20_reunioes\":\"Reuni\\u00f5es\",\"p20_oficinas\":\"Oficinas\",\"p20_cursos\":\"Cursos\",\"p20_formacao\":\"Forma\\u00e7\\u00e3o\",\"p21_repressaopolicial\":\"Repress\\u00e3o policial\",\"p21_intoleranciareligiosa\":\"Fundamentalismo\\\/intoler\\u00e2ncia religiosa\",\"p21_machismo\":\"Machismo\",\"p21_racismo\":\"Racismo\",\"p21_lgbtqifobia\":\"LGBTIfobia\",\"p22_numerodeparticipantes\":\"Mais de 90\",\"p23_reunioes\":\"Reuni\\u00f5es\",\"p23_oficinas\":\"Oficinas\",\"p23_cursos\":\"Cursos\",\"p23_formacao\":\"Forma\\u00e7\\u00e3o\",\"p23_outros\":\"Outros\",\"p24_formacao\":\"Forma\\u00e7\\u00e3o\",\"p24_outros\":\"Outros\",\"p25_numerodepessoas\":\"20 - 40\",\"p26_numerodepessoas\":\"1 - 20\",\"p27_espacopublico\":\"Espa\\u00e7o p\\u00fablico\",\"p27_espacoemprestadocedido\":\"Espa\\u00e7o emprestado\\\/cedido\",\"p27_espacoproprio\":\"Espa\\u00e7o pr\\u00f3prio\",\"p28_territorios\":\"Estado\",\"p30_outrasorganizacoes\":\"Sim\",\"p32_campanhadelongaduracao\":\"N\\u00e3o\",\"p34_estadual\":\"Estadual\",\"p36_conselhosdeparticipacaoecontrolesocial\":\"N\\u00e3o\",\"p38_sim\":\"Sim\",\"p38_nenhum\":\"Nenhum\",\"p40_editais\":\"Sim\",\"p41_privadopj\":\"Privado (P. Jur\\u00eddica)\",\"p41_financiamentocoletivo0\":\"Financiamento coletivo\",\"p42_meiodedivulgacaoproprio\":\"Sim\",\"p43_facebook\":\"Facebook\",\"p43_instagram\":\"Instagram\",\"p44_radio\":\"TV\",\"p44_jornaisimpressosdebairro\":\"Jornais impressos de bairro\",\"p44_redessociais\":\"Redes sociais (Facebook, YouTube, Instagram etc.)\",\"p44_sitesblogs\":\"Sites ou Blogs\",\"p39_publico\":\"MULHERES NEGRAS\",\"p45_bandeira\":\"ENFRENTAMENTO-AO-RACISMO ENRENTAMENTO-AO-SEXISMO\",\"p46_hashtags\":\"#CONTRAORACISMO #CONTRAAVIOLENCIA #PELOBEMVIVER\"},{\"p1_eixo\":\"Viol\\u00eancia\",\"p9_tipoorganizacao\":\"Associa\\u00e7\\u00e3o\",\"p12_uf\":\"PE\",\"p13_cidade\":\"RECIFE\",\"p16_cidade\":\"Cidade\",\"p17_ano\":\"2006\",\"p16_estado\":\"Estado\",\"p18_agrario\":\"Agr\\u00e1rio\\\/ruralidades\",\"p18_comunicacao\":\"Comunica\\u00e7\\u00e3o\",\"p18_desenvolvimentoterritorial\":\"Desenvolvimento territorial\",\"p18_direitoshumanos\":\"Direitos humanos\",\"p18_educacao\":\"Educa\\u00e7\\u00e3o\",\"p18_feminismos\":\"Feminismos\",\"p18_lgbtqi\":\"LGBTQI\",\"p18_lutaantirracismo\":\"Luta antirracismo\",\"p18_mobilidade\":\"Mobilidade\",\"p18_moradia\":\"Moradia\",\"p18_povosecomunidadestradicionais\":\"Povos e comunidades tradicionais\",\"p18_trabalho\":\"Trabalho\",\"p18_saude\":\"Sa\\u00fade\",\"p18_violencia\":\"Viol\\u00eancia\",\"p18_politicasculturais\":\"Pol\\u00edticas Culturais\",\"p19_agrario\":\"Agr\\u00e1rio\\\/ruralidades\",\"p19_comunicacao\":\"Comunica\\u00e7\\u00e3o\",\"p19_direitoshumanos\":\"Direitos humanos\",\"p19_feminismos\":\"Feminismos\",\"p19_lutaantirracismo\":\"Luta antirracismo\",\"p20_oficinas\":\"Oficinas\",\"p20_formacao\":\"Forma\\u00e7\\u00e3o\",\"p21_repressaopolicial\":\"Repress\\u00e3o policial\",\"p21_intoleranciareligiosa\":\"Fundamentalismo\\\/intoler\\u00e2ncia religiosa\",\"p21_xenofobia\":\"Xenofobia\",\"p21_machismo\":\"Machismo\",\"p21_racismo\":\"Racismo\",\"p21_lgbtqifobia\":\"LGBTIfobia\",\"p22_numerodeparticipantes\":\"1  - 15\",\"p23_reunioes\":\"Reuni\\u00f5es\",\"p23_atendimento\":\"Atendimento\",\"p23_outros\":\"Outros\",\"p24_formacao\":\"Forma\\u00e7\\u00e3o\",\"p24_outros\":\"Outros\",\"p25_numerodepessoas\":\"1 - 20\",\"p26_numerodepessoas\":\"1 - 20\",\"p27_espacopublico\":\"Espa\\u00e7o p\\u00fablico\",\"p27_espacoemprestadocedido\":\"Espa\\u00e7o emprestado\\\/cedido\",\"p27_espacoproprio\":\"Espa\\u00e7o pr\\u00f3prio\",\"p28_territorios\":\"Pr\\u00f3prio bairro\",\"p30_outrasorganizacoes\":\"Sim\",\"p32_campanhadelongaduracao\":\"N\\u00e3o\",\"p34_municipal\":\"Municipal\",\"p34_estadual\":\"Estadual\",\"p34_nacional\":\"Nacional\",\"p36_conselhosdeparticipacaoecontrolesocial\":\"Sim\",\"p38_nenhum\":\"Nenhum\",\"p40_editais\":\"N\\u00e3o\",\"p41_publicoestatal\":\"P\\u00fablico-Estatal\",\"p41_financiamentocoletivo0\":\"Financiamento coletivo\",\"p42_meiodedivulgacaoproprio\":\"Sim\",\"p43_email\":\"E-mail\",\"p43_facebook\":\"Facebook\",\"p43_instagram\":\"Instagram\",\"p43_twitter\":\"Twitter\",\"p44_radio\":\"TV\",\"p44_jornaisimpressosdegrandecirculacao\":\"Jornais impressos de grande circula\\u00e7\\u00e3o\",\"p44_jornaisimpressosdebairro\":\"Jornais impressos de bairro\",\"p44_redessociais\":\"Redes sociais (Facebook, YouTube, Instagram etc.)\",\"p39_publico\":\"JOVENS-NEGROS \",\"p45_bandeira\":\"POL\\u00cdTICAS P\\u00daBLICAS JUVENTUDE DIREITOS HUMANOS LGBTQI COMUNICA\\u00c7\\u00c3O POPULAR LUTA ANTIRRACISMO FEMINISMO\",\"p46_hashtags\":\"#JUVENTUDENEGRAVIVA  #DIREITOACOMUNICA\\u00c7AOPOVOPRETO  #DIREITOSHUMANOS\"},{\"p1_eixo\":\"Trabalho\",\"p9_tipoorganizacao\":\"ONG\",\"p12_uf\":\"PE\",\"p13_cidade\":\"RECIFE\",\"p16_cidade\":\"Cidade\",\"p17_ano\":\"1980\",\"p16_estado\":\"Estado\",\"p18_agrario\":\"Agr\\u00e1rio\\\/ruralidades\",\"p18_comunicacao\":\"Comunica\\u00e7\\u00e3o\",\"p18_difusaoartistica\":\"Difus\\u00e3o Art\\u00edstica\",\"p18_desenvolvimentoterritorial\":\"Desenvolvimento territorial\",\"p18_direitoshumanos\":\"Direitos humanos\",\"p18_educacao\":\"Educa\\u00e7\\u00e3o\",\"p18_feminismos\":\"Feminismos\",\"p18_lgbtqi\":\"LGBTQI\",\"p18_lutaantirracismo\":\"Luta antirracismo\",\"p18_mobilidade\":\"Mobilidade\",\"p18_moradia\":\"Moradia\",\"p18_povosecomunidadestradicionais\":\"Povos e comunidades tradicionais\",\"p18_trabalho\":\"Trabalho\",\"p18_saude\":\"Sa\\u00fade\",\"p18_violencia\":\"Viol\\u00eancia\",\"p18_politicasculturais\":\"Pol\\u00edticas Culturais\",\"p19_agrario\":\"Agr\\u00e1rio\\\/ruralidades\",\"p19_direitoshumanos\":\"Direitos humanos\",\"p19_educacao\":\"Educa\\u00e7\\u00e3o\",\"p19_feminismos\":\"Feminismos\",\"p19_lutaantirracismo\":\"Luta antirracismo\",\"p19_saude\":\"Sa\\u00fade\",\"p20_reunioes\":\"Reuni\\u00f5es\",\"p20_atendimento\":\"Atendimento\",\"p20_oficinas\":\"Oficinas\",\"p20_oficinasaulasartisticas\":\"Ensaios\\\/Oficinas\\\/Aulas art\\u00edsticas\",\"p20_cursos\":\"Cursos\",\"p20_formacao\":\"Forma\\u00e7\\u00e3o\",\"p20_profissionalizacao\":\"Profissionaliza\\u00e7\\u00e3o\",\"p21_intoleranciareligiosa\":\"Fundamentalismo\\\/intoler\\u00e2ncia religiosa\",\"p21_xenofobia\":\"Xenofobia\",\"p21_machismo\":\"Machismo\",\"p21_racismo\":\"Racismo\",\"p21_lgbtqifobia\":\"LGBTIfobia\",\"p21_nenhum\":\"Nenhum\",\"p22_numerodeparticipantes\":\"1  - 15\",\"p23_reunioes\":\"Reuni\\u00f5es\",\"p23_atendimento\":\"Atendimento\",\"p23_oficinas\":\"Oficinas\",\"p23_oficinasaulasartisticas\":\"Ensaio\\\/Oficinas\\\/Aulas Art\\u00edsticas\",\"p23_cursos\":\"Cursos\",\"p23_outros\":\"Outros\",\"p24_visitasexcursoes\":\"Visitas\\\/Excurs\\u00f5es\",\"p24_outros\":\"Outros\",\"p25_numerodepessoas\":\"80 - 100\",\"p26_numerodepessoas\":\"100 - 200\",\"p27_espacopublico\":\"Espa\\u00e7o p\\u00fablico\",\"p27_espacoemprestadocedido\":\"Espa\\u00e7o emprestado\\\/cedido\",\"p27_espacoproprio\":\"Espa\\u00e7o pr\\u00f3prio\",\"p28_territorios\":\"Estado\",\"p30_outrasorganizacoes\":\"Sim\",\"p32_campanhadelongaduracao\":\"Sim\",\"p34_municipal\":\"Municipal\",\"p34_estadual\":\"Estadual\",\"p34_nacional\":\"Nacional\",\"p36_conselhosdeparticipacaoecontrolesocial\":\"Sim\",\"p38_nenhum\":\"Nenhum\",\"p40_editais\":\"Sim\",\"p41_publicoestatal\":\"P\\u00fablico-Estatal\",\"p41_autofinanciamento\":\"Autofinanciamento\",\"p42_meiodedivulgacaoproprio\":\"Sim\",\"p43_email\":\"E-mail\",\"p43_facebook\":\"Facebook\",\"p43_instagram\":\"Instagram\",\"p43_twitter\":\"Twitter\",\"p43_sitesblogs\":\"Blogs\\\/sites\",\"p44_radio\":\"TV\",\"p44_jornaisimpressosdegrandecirculacao\":\"Jornais impressos de grande circula\\u00e7\\u00e3o\",\"p44_jornaisimpressosdebairro\":\"Jornais impressos de bairro\",\"p44_redessociais\":\"Redes sociais (Facebook, YouTube, Instagram etc.)\",\"p44_sitesblogs\":\"Sites ou Blogs\",\"p39_publico\":\"MULHERES\",\"p45_bandeira\":\"FEMINISMO DIREITO MULHERES AGROECOLOGIA\",\"p46_hashtags\":\"#FEMINISMO #AGROECOLOGIA #DIREITOAGUA\"},{\"p1_eixo\":\"Trabalho\",\"p9_tipoorganizacao\":\"ONG\",\"p12_uf\":\"RJ\",\"p13_cidade\":\"RIO DE JANEIRO\",\"p16_bairro\":\"Bairro\",\"p16_cidade\":\"Cidade\",\"p17_ano\":\"2008\",\"p18_difusaoartistica\":\"Difus\\u00e3o Art\\u00edstica\",\"p18_desenvolvimentoterritorial\":\"Desenvolvimento territorial\",\"p18_direitoshumanos\":\"Direitos humanos\",\"p18_educacao\":\"Educa\\u00e7\\u00e3o\",\"p18_feminismos\":\"Feminismos\",\"p18_lgbtqi\":\"LGBTQI\",\"p18_lutaantirracismo\":\"Luta antirracismo\",\"p18_mobilidade\":\"Mobilidade\",\"p18_moradia\":\"Moradia\",\"p18_povosecomunidadestradicionais\":\"Povos e comunidades tradicionais\",\"p18_trabalho\":\"Trabalho\",\"p18_religiao\":\"Religi\\u00e3o\",\"p18_saude\":\"Sa\\u00fade\",\"p18_violencia\":\"Viol\\u00eancia\",\"p18_politicasculturais\":\"Pol\\u00edticas Culturais\",\"p19_direitoshumanos\":\"Direitos humanos\",\"p19_educacao\":\"Educa\\u00e7\\u00e3o\",\"p19_povosecomunidadestradicionais\":\"Povos e comunidades tradicionais\",\"p19_saude\":\"Sa\\u00fade\",\"p19_difusaoartistica\":\"Difus\\u00e3o Art\\u00edstica\",\"p19_politicasculturais\":\"Pol\\u00edticas Culturais\",\"p20_reunioes\":\"Reuni\\u00f5es\",\"p20_atendimento\":\"Atendimento\",\"p20_oficinas\":\"Oficinas\",\"p20_oficinasaulasartisticas\":\"Ensaios\\\/Oficinas\\\/Aulas art\\u00edsticas\",\"p20_cursos\":\"Cursos\",\"p20_formacao\":\"Forma\\u00e7\\u00e3o\",\"p20_profissionalizacao\":\"Profissionaliza\\u00e7\\u00e3o\",\"p20_apresentacoesartisticas\":\"Apresenta\\u00e7\\u00f5es art\\u00edsticas\",\"p20_visitasexcursoes\":\"Visitas\\\/Excurs\\u00f5es\",\"p21_intoleranciareligiosa\":\"Fundamentalismo\\\/intoler\\u00e2ncia religiosa\",\"p21_machismo\":\"Machismo\",\"p21_racismo\":\"Racismo\",\"p21_lgbtqifobia\":\"LGBTIfobia\",\"p21_nenhum\":\"Nenhum\",\"p22_numerodeparticipantes\":\"1  - 15\",\"p23_reunioes\":\"Reuni\\u00f5es\",\"p23_atendimento\":\"Atendimento\",\"p23_oficinas\":\"Oficinas\",\"p23_oficinasaulasartisticas\":\"Ensaio\\\/Oficinas\\\/Aulas Art\\u00edsticas\",\"p23_cursos\":\"Cursos\",\"p23_visitas\":\"Visitas\",\"p23_excursoes\":\"Excurs\\u00f5es\",\"p23_outros\":\"Outros\",\"p24_reunioes\":\"Reuni\\u00f5es\",\"p24_oficinas\":\"Oficinas\",\"p24_visitasexcursoes\":\"Visitas\\\/Excurs\\u00f5es\",\"p24_outros\":\"Outros\",\"p25_numerodepessoas\":\"20 - 40\",\"p26_numerodepessoas\":\"100 - 200\",\"p27_espacoproprio\":\"Espa\\u00e7o pr\\u00f3prio\",\"p28_territorios\":\"Pr\\u00f3prio bairro\",\"p30_outrasorganizacoes\":\"Sim\",\"p32_campanhadelongaduracao\":\"Sim\",\"p34_municipal\":\"Municipal\",\"p34_estadual\":\"Estadual\",\"p34_nacional\":\"Nacional\",\"p34_internacional\":\"Internacional\",\"p36_conselhosdeparticipacaoecontrolesocial\":\"Sim\",\"p38_nenhum\":\"Nenhum\",\"p40_editais\":\"N\\u00e3o\",\"p41_privadopf\":\"Privado (P. F\\u00edsica)\",\"p41_privadopj\":\"Privado (P. Jur\\u00eddica)\",\"p41_autofinanciamento\":\"Autofinanciamento\",\"p41_financiamentocoletivo0\":\"Financiamento coletivo\",\"p42_meiodedivulgacaoproprio\":\"Sim\",\"p43_impressoes\":\"Impressos\",\"p43_email\":\"E-mail\",\"p43_facebook\":\"Facebook\",\"p43_whatsapp\":\"WhatsApp\",\"p43_sitesblogs\":\"Blogs\\\/sites\",\"p44_radio\":\"TV\",\"p44_jornaisimpressosdegrandecirculacao\":\"Jornais impressos de grande circula\\u00e7\\u00e3o\",\"p44_jornaisimpressosdebairro\":\"Jornais impressos de bairro\",\"p44_redessociais\":\"Redes sociais (Facebook, YouTube, Instagram etc.)\",\"p44_sitesblogs\":\"Sites ou Blogs\",\"p39_publico\":\"MORADORES MORRO ALEM\\u00c3O\",\"p45_bandeira\":\"DIREITOS\",\"p46_hashtags\":\"#RESPEITOAPOPULACAO #CONHECERSEUSDIREITOS\"},{\"p1_eixo\":\"Cultura\",\"p9_tipoorganizacao\":\"Associa\\u00e7\\u00e3o\",\"p12_uf\":\"BA\",\"p13_cidade\":\"ITABUNA\",\"p16_bairro\":\"Bairro\",\"p16_cidade\":\"Cidade\",\"p17_ano\":\"1986\",\"p18_difusaoartistica\":\"Difus\\u00e3o Art\\u00edstica\",\"p18_direitoshumanos\":\"Direitos humanos\",\"p18_lutaantirracismo\":\"Luta antirracismo\",\"p18_povosecomunidadestradicionais\":\"Povos e comunidades tradicionais\",\"p18_religiao\":\"Religi\\u00e3o\",\"p18_politicasculturais\":\"Pol\\u00edticas Culturais\",\"p19_povosecomunidadestradicionais\":\"Povos e comunidades tradicionais\",\"p19_difusaoartistica\":\"Difus\\u00e3o Art\\u00edstica\",\"p19_politicasculturais\":\"Pol\\u00edticas Culturais\",\"p20_reunioes\":\"Reuni\\u00f5es\",\"p20_oficinas\":\"Oficinas\",\"p20_oficinasaulasartisticas\":\"Ensaios\\\/Oficinas\\\/Aulas art\\u00edsticas\",\"p20_cursos\":\"Cursos\",\"p20_formacao\":\"Forma\\u00e7\\u00e3o\",\"p20_apresentacoesartisticas\":\"Apresenta\\u00e7\\u00f5es art\\u00edsticas\",\"p20_visitasexcursoes\":\"Visitas\\\/Excurs\\u00f5es\",\"p21_intoleranciareligiosa\":\"Fundamentalismo\\\/intoler\\u00e2ncia religiosa\",\"p21_machismo\":\"Machismo\",\"p21_racismo\":\"Racismo\",\"p21_lgbtqifobia\":\"LGBTIfobia\",\"p22_numerodeparticipantes\":\"15 - 30\",\"p23_reunioes\":\"Reuni\\u00f5es\",\"p23_oficinas\":\"Oficinas\",\"p23_oficinasaulasartisticas\":\"Ensaio\\\/Oficinas\\\/Aulas Art\\u00edsticas\",\"p23_cursos\":\"Cursos\",\"p23_formacao\":\"Forma\\u00e7\\u00e3o\",\"p23_visitas\":\"Visitas\",\"p23_excursoes\":\"Excurs\\u00f5es\",\"p23_outros\":\"Outros\",\"p24_reunioes\":\"Reuni\\u00f5es\",\"p24_oficinas\":\"Oficinas\",\"p24_oficinasaulasartisticas\":\"Ensaios\\\/Oficinas\\\/Aulas art\\u00edsticas\",\"p24_apresentacoesartisticas\":\"Apresenta\\u00e7\\u00f5es art\\u00edsticas\",\"p24_visitasexcursoes\":\"Visitas\\\/Excurs\\u00f5es\",\"p25_numerodepessoas\":\"80 - 100\",\"p26_numerodepessoas\":\"Mais de 500\",\"p27_espacopublico\":\"Espa\\u00e7o p\\u00fablico\",\"p27_espacoproprio\":\"Espa\\u00e7o pr\\u00f3prio\",\"p28_territorios\":\"Cidade\",\"p30_outrasorganizacoes\":\"Sim\",\"p32_campanhadelongaduracao\":\"Sim\",\"p34_municipal\":\"Municipal\",\"p34_estadual\":\"Estadual\",\"p34_nacional\":\"Nacional\",\"p34_internacional\":\"Internacional\",\"p36_conselhosdeparticipacaoecontrolesocial\":\"Sim\",\"p38_nenhum\":\"Nenhum\",\"p40_editais\":\"Sim\",\"p41_publicoestatal\":\"P\\u00fablico-Estatal\",\"p41_privadopf\":\"Privado (P. F\\u00edsica)\",\"p41_privadopj\":\"Privado (P. Jur\\u00eddica)\",\"p41_autofinanciamento\":\"Autofinanciamento\",\"p41_financiamentocoletivo0\":\"Financiamento coletivo\",\"p42_meiodedivulgacaoproprio\":\"Sim\",\"p43_impressoes\":\"Impressos\",\"p43_email\":\"E-mail\",\"p43_facebook\":\"Facebook\",\"p43_whatsapp\":\"WhatsApp\",\"p43_instagram\":\"Instagram\",\"p43_sitesblogs\":\"Blogs\\\/sites\",\"p44_radio\":\"TV\",\"p44_redessociais\":\"Redes sociais (Facebook, YouTube, Instagram etc.)\",\"p44_sitesblogs\":\"Sites ou Blogs\",\"p39_publico\":\"POVOS COLETIVOS CULTURAIS COMUNIDADES TRADICIONAIS MATRIZ AFRICANA\",\"p45_bandeira\":\"PROMO\\u00c7\\u00c3O CULTURA CIDADANIA POVOS TRADICIONAIS TERREIRO DEFESA DIREITOS HUMANOS\",\"p46_hashtags\":\"#CIDADANIACULTURAL #CULTURAVIVA #AINDALUTAMOSPORDIREITOS\"},{\"p1_eixo\":\"Cultura\",\"p9_tipoorganizacao\":\"Movimento Social\",\"p12_uf\":\"MG\",\"p13_cidade\":\"UBERL\\u00c2NDIA\",\"p16_cidade\":\"Cidade\",\"p17_ano\":\"1999\",\"p16_estado\":\"Estado\",\"p18_difusaoartistica\":\"Difus\\u00e3o Art\\u00edstica\",\"p18_direitoshumanos\":\"Direitos humanos\",\"p18_educacao\":\"Educa\\u00e7\\u00e3o\",\"p18_feminismos\":\"Feminismos\",\"p18_lutaantirracismo\":\"Luta antirracismo\",\"p18_religiao\":\"Religi\\u00e3o\",\"p18_saude\":\"Sa\\u00fade\",\"p18_violencia\":\"Viol\\u00eancia\",\"p18_politicasculturais\":\"Pol\\u00edticas Culturais\",\"p19_direitoshumanos\":\"Direitos humanos\",\"p19_feminismos\":\"Feminismos\",\"p19_lutaantirracismo\":\"Luta antirracismo\",\"p19_povosecomunidadestradicionais\":\"Povos e comunidades tradicionais\",\"p19_difusaoartistica\":\"Difus\\u00e3o Art\\u00edstica\",\"p19_politicasculturais\":\"Pol\\u00edticas Culturais\",\"p20_reunioes\":\"Reuni\\u00f5es\",\"p20_oficinas\":\"Oficinas\",\"p20_oficinasaulasartisticas\":\"Ensaios\\\/Oficinas\\\/Aulas art\\u00edsticas\",\"p20_formacao\":\"Forma\\u00e7\\u00e3o\",\"p20_apresentacoesartisticas\":\"Apresenta\\u00e7\\u00f5es art\\u00edsticas\",\"p20_visitasexcursoes\":\"Visitas\\\/Excurs\\u00f5es\",\"p21_machismo\":\"Machismo\",\"p21_racismo\":\"Racismo\",\"p22_numerodeparticipantes\":\"Mais de 90\",\"p23_reunioes\":\"Reuni\\u00f5es\",\"p23_oficinas\":\"Oficinas\",\"p23_oficinasaulasartisticas\":\"Ensaio\\\/Oficinas\\\/Aulas Art\\u00edsticas\",\"p23_cursos\":\"Cursos\",\"p23_formacao\":\"Forma\\u00e7\\u00e3o\",\"p23_visitas\":\"Visitas\",\"p23_excursoes\":\"Excurs\\u00f5es\",\"p24_reunioes\":\"Reuni\\u00f5es\",\"p24_oficinas\":\"Oficinas\",\"p24_oficinasaulasartisticas\":\"Ensaios\\\/Oficinas\\\/Aulas art\\u00edsticas\",\"p24_formacao\":\"Forma\\u00e7\\u00e3o\",\"p24_apresentacoesartisticas\":\"Apresenta\\u00e7\\u00f5es art\\u00edsticas\",\"p24_visitasexcursoes\":\"Visitas\\\/Excurs\\u00f5es\",\"p25_numerodepessoas\":\"100 - 200\",\"p26_numerodepessoas\":\"400 - 500\",\"p27_espacopublico\":\"Espa\\u00e7o p\\u00fablico\",\"p27_espacoproprio\":\"Espa\\u00e7o pr\\u00f3prio\",\"p28_territorios\":\"Cidade\",\"p30_outrasorganizacoes\":\"Sim\",\"p32_campanhadelongaduracao\":\"Sim\",\"p34_nacional\":\"Nacional\",\"p34_internacional\":\"Internacional\",\"p36_conselhosdeparticipacaoecontrolesocial\":\"Sim\",\"p38_sim\":\"Sim\",\"p38_nenhum\":\"Nenhum\",\"p40_editais\":\"Sim\",\"p41_publicoestatal\":\"P\\u00fablico-Estatal\",\"p41_financiamentocoletivo0\":\"Financiamento coletivo\",\"p42_meiodedivulgacaoproprio\":\"Sim\",\"p43_email\":\"E-mail\",\"p43_facebook\":\"Facebook\",\"p43_whatsapp\":\"WhatsApp\",\"p43_instagram\":\"Instagram\",\"p43_sitesblogs\":\"Blogs\\\/sites\",\"p44_radio\":\"TV\",\"p44_redessociais\":\"Redes sociais (Facebook, YouTube, Instagram etc.)\",\"p39_publico\":\"CRIAN\\u00c7AS 6 ADOLESCENTES ADULTOS\",\"p45_bandeira\":\"CULTURA CAPOEIRA IDENTIDADE POVO\",\"p46_hashtags\":\"#CONTRAADESIGUALDADE #VIOLENCIA #DROGAS\"},{\"p1_eixo\":\"Viol\\u00eancia\",\"p9_tipoorganizacao\":\"Instituto\",\"p12_uf\":\"PI\",\"p13_cidade\":\"TERESINA\",\"p17_ano\":\"2006\",\"p16_estado\":\"Estado\",\"p18_difusaoartistica\":\"Difus\\u00e3o Art\\u00edstica\",\"p18_desenvolvimentoterritorial\":\"Desenvolvimento territorial\",\"p18_direitoshumanos\":\"Direitos humanos\",\"p18_educacao\":\"Educa\\u00e7\\u00e3o\",\"p18_feminismos\":\"Feminismos\",\"p18_lutaantirracismo\":\"Luta antirracismo\",\"p18_povosecomunidadestradicionais\":\"Povos e comunidades tradicionais\",\"p18_religiao\":\"Religi\\u00e3o\",\"p18_saude\":\"Sa\\u00fade\",\"p18_violencia\":\"Viol\\u00eancia\",\"p18_politicasculturais\":\"Pol\\u00edticas Culturais\",\"p19_direitoshumanos\":\"Direitos humanos\",\"p19_feminismos\":\"Feminismos\",\"p19_lutaantirracismo\":\"Luta antirracismo\",\"p19_violencia\":\"Viol\\u00eancia\",\"p19_politicasculturais\":\"Pol\\u00edticas Culturais\",\"p20_reunioes\":\"Reuni\\u00f5es\",\"p20_oficinas\":\"Oficinas\",\"p20_oficinasaulasartisticas\":\"Ensaios\\\/Oficinas\\\/Aulas art\\u00edsticas\",\"p20_cursos\":\"Cursos\",\"p20_formacao\":\"Forma\\u00e7\\u00e3o\",\"p20_apresentacoesartisticas\":\"Apresenta\\u00e7\\u00f5es art\\u00edsticas\",\"p21_repressaopolicial\":\"Repress\\u00e3o policial\",\"p21_machismo\":\"Machismo\",\"p21_racismo\":\"Racismo\",\"p22_numerodeparticipantes\":\"15 - 30\",\"p23_reunioes\":\"Reuni\\u00f5es\",\"p23_oficinas\":\"Oficinas\",\"p23_oficinasaulasartisticas\":\"Ensaio\\\/Oficinas\\\/Aulas Art\\u00edsticas\",\"p23_cursos\":\"Cursos\",\"p23_formacao\":\"Forma\\u00e7\\u00e3o\",\"p24_reunioes\":\"Reuni\\u00f5es\",\"p24_oficinas\":\"Oficinas\",\"p24_curso\":\"Curso\",\"p24_formacao\":\"Forma\\u00e7\\u00e3o\",\"p24_apresentacoesartisticas\":\"Apresenta\\u00e7\\u00f5es art\\u00edsticas\",\"p25_numerodepessoas\":\"20 - 40\",\"p26_numerodepessoas\":\"60 - 80\",\"p27_espacopublico\":\"Espa\\u00e7o p\\u00fablico\",\"p28_territorios\":\"Estado\",\"p30_outrasorganizacoes\":\"Sim\",\"p32_campanhadelongaduracao\":\"N\\u00e3o\",\"p34_nacional\":\"Nacional\",\"p36_conselhosdeparticipacaoecontrolesocial\":\"Sim\",\"p38_sim\":\"Sim\",\"p38_nenhum\":\"Nenhum\",\"p40_editais\":\"N\\u00e3o\",\"p41_autofinanciamento\":\"Autofinanciamento\",\"p41_financiamentocoletivo0\":\"Financiamento coletivo\",\"p42_meiodedivulgacaoproprio\":\"Sim\",\"p43_email\":\"E-mail\",\"p43_facebook\":\"Facebook\",\"p43_whatsapp\":\"WhatsApp\",\"p43_instagram\":\"Instagram\",\"p43_sitesblogs\":\"Blogs\\\/sites\",\"p44_redessociais\":\"Redes sociais (Facebook, YouTube, Instagram etc.)\",\"p39_publico\":\"MOVIMENTO NEGRO\",\"p45_bandeira\":\"LUTA ANTIRRACISMO CONTRA-SEXISMO  MULHER  MULHER-NEGRA\",\"p46_hashtags\":\"#JUVENTUDENEGRAVIVA  #SOMOSDIVERSOS  #BEMVIVERAOPOVONEGRO\"},{\"p1_eixo\":\"Viol\\u00eancia\",\"p9_tipoorganizacao\":\"ONG\",\"p12_uf\":\"MG\",\"p13_cidade\":\"DIAMANTINA\",\"p16_cidade\":\"Cidade\",\"p17_ano\":\"2012\",\"p16_estado\":\"Estado\",\"p18_comunicacao\":\"Comunica\\u00e7\\u00e3o\",\"p18_difusaoartistica\":\"Difus\\u00e3o Art\\u00edstica\",\"p18_desenvolvimentoterritorial\":\"Desenvolvimento territorial\",\"p18_direitoshumanos\":\"Direitos humanos\",\"p18_educacao\":\"Educa\\u00e7\\u00e3o\",\"p18_lutaantirracismo\":\"Luta antirracismo\",\"p18_povosecomunidadestradicionais\":\"Povos e comunidades tradicionais\",\"p18_saude\":\"Sa\\u00fade\",\"p18_violencia\":\"Viol\\u00eancia\",\"p18_politicasculturais\":\"Pol\\u00edticas Culturais\",\"p19_comunicacao\":\"Comunica\\u00e7\\u00e3o\",\"p19_lutaantirracismo\":\"Luta antirracismo\",\"p19_violencia\":\"Viol\\u00eancia\",\"p19_difusaoartistica\":\"Difus\\u00e3o Art\\u00edstica\",\"p19_politicasculturais\":\"Pol\\u00edticas Culturais\",\"p20_reunioes\":\"Reuni\\u00f5es\",\"p20_oficinas\":\"Oficinas\",\"p20_oficinasaulasartisticas\":\"Ensaios\\\/Oficinas\\\/Aulas art\\u00edsticas\",\"p20_cursos\":\"Cursos\",\"p20_formacao\":\"Forma\\u00e7\\u00e3o\",\"p20_profissionalizacao\":\"Profissionaliza\\u00e7\\u00e3o\",\"p20_apresentacoesartisticas\":\"Apresenta\\u00e7\\u00f5es art\\u00edsticas\",\"p20_visitasexcursoes\":\"Visitas\\\/Excurs\\u00f5es\",\"p21_repressaopolicial\":\"Repress\\u00e3o policial\",\"p21_racismo\":\"Racismo\",\"p21_nenhum\":\"Nenhum\",\"p22_numerodeparticipantes\":\"1  - 15\",\"p23_reunioes\":\"Reuni\\u00f5es\",\"p23_oficinas\":\"Oficinas\",\"p23_oficinasaulasartisticas\":\"Ensaio\\\/Oficinas\\\/Aulas Art\\u00edsticas\",\"p23_cursos\":\"Cursos\",\"p23_formacao\":\"Forma\\u00e7\\u00e3o\",\"p23_profissionalizacao\":\"Profissionaliza\\u00e7\\u00e3o\",\"p23_apresentacoesartisticas\":\"Apresenta\\u00e7\\u00f5es Art\\u00edsticas\",\"p23_visitas\":\"Visitas\",\"p24_reunioes\":\"Reuni\\u00f5es\",\"p24_oficinas\":\"Oficinas\",\"p24_oficinasaulasartisticas\":\"Ensaios\\\/Oficinas\\\/Aulas art\\u00edsticas\",\"p24_curso\":\"Curso\",\"p24_profissionalizacao\":\"Profissionaliza\\u00e7\\u00e3o\",\"p24_apresentacoesartisticas\":\"Apresenta\\u00e7\\u00f5es art\\u00edsticas\",\"p25_numerodepessoas\":\"1 - 20\",\"p26_numerodepessoas\":\"1 - 20\",\"p27_espacopublico\":\"Espa\\u00e7o p\\u00fablico\",\"p27_espacoproprio\":\"Espa\\u00e7o pr\\u00f3prio\",\"p28_territorios\":\"Cidade\",\"p30_outrasorganizacoes\":\"Sim\",\"p32_campanhadelongaduracao\":\"Sim\",\"p34_nacional\":\"Nacional\",\"p34_nenhuma\":\"Nenhuma\",\"p36_conselhosdeparticipacaoecontrolesocial\":\"Sim\",\"p38_sim\":\"Sim\",\"p38_nenhum\":\"Nenhum\",\"p40_editais\":\"N\\u00e3o\",\"p41_autofinanciamento\":\"Autofinanciamento\",\"p42_meiodedivulgacaoproprio\":\"Sim\",\"p43_email\":\"E-mail\",\"p43_facebook\":\"Facebook\",\"p43_whatsapp\":\"WhatsApp\",\"p43_sitesblogs\":\"Blogs\\\/sites\",\"p44_redessociais\":\"Redes sociais (Facebook, YouTube, Instagram etc.)\",\"p44_nenhum\":\"Nenhum\",\"p39_publico\":\"ADOLESCENTES JOVENS PROFESSORES\",\"p45_bandeira\":\"PR\\u00d3 BEM VIVER POPULA\\u00c7\\u00c3O NEGRA ADOLESCENTES JOVENS DIREITO DIVERSIDADE\",\"p46_hashtags\":\"#JUVENTUDENEGRAVIVA  #SOMOSDIVERSOS  #BEMVIVERAOPOVONEGRO\"},{\"p1_eixo\":\"Cultura\",\"p9_tipoorganizacao\":\"ONG\",\"p12_uf\":\"MG\",\"p13_cidade\":\"UNA\\u00cd\",\"p16_bairro\":\"Bairro\",\"p16_cidade\":\"Cidade\",\"p17_ano\":\"1996\",\"p18_comunicacao\":\"Comunica\\u00e7\\u00e3o\",\"p18_difusaoartistica\":\"Difus\\u00e3o Art\\u00edstica\",\"p18_direitoshumanos\":\"Direitos humanos\",\"p18_educacao\":\"Educa\\u00e7\\u00e3o\",\"p18_violencia\":\"Viol\\u00eancia\",\"p18_politicasculturais\":\"Pol\\u00edticas Culturais\",\"p19_comunicacao\":\"Comunica\\u00e7\\u00e3o\",\"p19_educacao\":\"Educa\\u00e7\\u00e3o\",\"p19_saude\":\"Sa\\u00fade\",\"p19_difusaoartistica\":\"Difus\\u00e3o Art\\u00edstica\",\"p19_politicasculturais\":\"Pol\\u00edticas Culturais\",\"p20_reunioes\":\"Reuni\\u00f5es\",\"p20_oficinas\":\"Oficinas\",\"p20_oficinasaulasartisticas\":\"Ensaios\\\/Oficinas\\\/Aulas art\\u00edsticas\",\"p20_cursos\":\"Cursos\",\"p20_formacao\":\"Forma\\u00e7\\u00e3o\",\"p20_profissionalizacao\":\"Profissionaliza\\u00e7\\u00e3o\",\"p20_apresentacoesartisticas\":\"Apresenta\\u00e7\\u00f5es art\\u00edsticas\",\"p20_visitasexcursoes\":\"Visitas\\\/Excurs\\u00f5es\",\"p21_repressaopolicial\":\"Repress\\u00e3o policial\",\"p21_nenhum\":\"Nenhum\",\"p22_numerodeparticipantes\":\"15 - 30\",\"p23_reunioes\":\"Reuni\\u00f5es\",\"p23_oficinas\":\"Oficinas\",\"p23_oficinasaulasartisticas\":\"Ensaio\\\/Oficinas\\\/Aulas Art\\u00edsticas\",\"p23_cursos\":\"Cursos\",\"p23_formacao\":\"Forma\\u00e7\\u00e3o\",\"p23_profissionalizacao\":\"Profissionaliza\\u00e7\\u00e3o\",\"p23_apresentacoesartisticas\":\"Apresenta\\u00e7\\u00f5es Art\\u00edsticas\",\"p23_visitas\":\"Visitas\",\"p24_reunioes\":\"Reuni\\u00f5es\",\"p24_oficinas\":\"Oficinas\",\"p24_oficinasaulasartisticas\":\"Ensaios\\\/Oficinas\\\/Aulas art\\u00edsticas\",\"p24_curso\":\"Curso\",\"p24_profissionalizacao\":\"Profissionaliza\\u00e7\\u00e3o\",\"p24_apresentacoesartisticas\":\"Apresenta\\u00e7\\u00f5es art\\u00edsticas\",\"p25_numerodepessoas\":\"1 - 20\",\"p26_numerodepessoas\":\"1 - 20\",\"p27_espacoproprio\":\"Espa\\u00e7o pr\\u00f3prio\",\"p28_territorios\":\"Cidade\",\"p30_outrasorganizacoes\":\"Sim\",\"p32_campanhadelongaduracao\":\"Sim\",\"p34_nenhuma\":\"Nenhuma\",\"p36_conselhosdeparticipacaoecontrolesocial\":\"N\\u00e3o\",\"p38_sim\":\"Sim\",\"p40_editais\":\"Sim\",\"p41_autofinanciamento\":\"Autofinanciamento\",\"p42_meiodedivulgacaoproprio\":\"Sim\",\"p43_facebook\":\"Facebook\",\"p43_whatsapp\":\"WhatsApp\",\"p43_sitesblogs\":\"Blogs\\\/sites\",\"p44_redessociais\":\"Redes sociais (Facebook, YouTube, Instagram etc.)\",\"p44_nenhum\":\"Nenhum\",\"p39_publico\":\"CRIAN\\u00c7AS ADOLESCENTES VULNERABILIDADE SOCIAL\",\"p45_bandeira\":\"CULTURA EDUCA\\u00c7\\u00c3O\",\"p46_hashtags\":\"#CULTURA  #EDUCACAO  #CIDADANIA\"},{\"p1_eixo\":\"Viol\\u00eancia\",\"p9_tipoorganizacao\":\"Instituto\",\"p12_uf\":\"AL\",\"p13_cidade\":\"MACEI\\u00d3\",\"p16_bairro\":\"Bairro\",\"p16_cidade\":\"Cidade\",\"p17_ano\":\"2002\",\"p18_difusaoartistica\":\"Difus\\u00e3o Art\\u00edstica\",\"p18_educacao\":\"Educa\\u00e7\\u00e3o\",\"p18_politicasculturais\":\"Pol\\u00edticas Culturais\",\"p19_educacao\":\"Educa\\u00e7\\u00e3o\",\"p19_trabalho\":\"Trabalho\",\"p19_saude\":\"Sa\\u00fade\",\"p19_difusaoartistica\":\"Difus\\u00e3o Art\\u00edstica\",\"p19_politicasculturais\":\"Pol\\u00edticas Culturais\",\"p20_reunioes\":\"Reuni\\u00f5es\",\"p20_oficinas\":\"Oficinas\",\"p20_oficinasaulasartisticas\":\"Ensaios\\\/Oficinas\\\/Aulas art\\u00edsticas\",\"p20_cursos\":\"Cursos\",\"p20_apresentacoesartisticas\":\"Apresenta\\u00e7\\u00f5es art\\u00edsticas\",\"p21_repressaopolicial\":\"Repress\\u00e3o policial\",\"p21_nenhum\":\"Nenhum\",\"p22_numerodeparticipantes\":\"15 - 30\",\"p23_reunioes\":\"Reuni\\u00f5es\",\"p23_oficinas\":\"Oficinas\",\"p23_oficinasaulasartisticas\":\"Ensaio\\\/Oficinas\\\/Aulas Art\\u00edsticas\",\"p23_cursos\":\"Cursos\",\"p24_reunioes\":\"Reuni\\u00f5es\",\"p24_oficinas\":\"Oficinas\",\"p24_apresentacoesartisticas\":\"Apresenta\\u00e7\\u00f5es art\\u00edsticas\",\"p25_numerodepessoas\":\"60 - 80\",\"p26_numerodepessoas\":\"100 - 200\",\"p27_espacopublico\":\"Espa\\u00e7o p\\u00fablico\",\"p27_espacoproprio\":\"Espa\\u00e7o pr\\u00f3prio\",\"p28_territorios\":\"Pr\\u00f3prio bairro\",\"p30_outrasorganizacoes\":\"N\\u00e3o\",\"p32_campanhadelongaduracao\":\"N\\u00e3o\",\"p34_nenhuma\":\"Nenhuma\",\"p36_conselhosdeparticipacaoecontrolesocial\":\"Sim\",\"p38_sim\":\"Sim\",\"p40_editais\":\"N\\u00e3o\",\"p41_autofinanciamento\":\"Autofinanciamento\",\"p42_meiodedivulgacaoproprio\":\"Sim\",\"p43_facebook\":\"Facebook\",\"p43_whatsapp\":\"WhatsApp\",\"p43_nenhum\":\"Nenhum\",\"p44_radio\":\"R\\u00e1dio\",\"p44_redessociais\":\"Redes sociais (Facebook, YouTube, Instagram etc.)\",\"p39_publico\":\"JUVENTUDE\",\"p45_bandeira\":\"EDUCA\\u00c7\\u00c3O\",\"p46_hashtags\":\"#EDUCACAO  #JUVENTUDE  #LUTA\"},{\"p1_eixo\":\"Cultura\",\"p9_tipoorganizacao\":\"Associa\\u00e7\\u00e3o\",\"p12_uf\":\"PE\",\"p13_cidade\":\"PASSIRA\",\"p16_cidade\":\"Cidade\",\"p17_ano\":\"2006\",\"p16_estado\":\"Estado\",\"p18_agrario\":\"Agr\\u00e1rio\\\/ruralidades\",\"p18_difusaoartistica\":\"Difus\\u00e3o Art\\u00edstica\",\"p18_direitoshumanos\":\"Direitos humanos\",\"p18_educacao\":\"Educa\\u00e7\\u00e3o\",\"p18_feminismos\":\"Feminismos\",\"p18_lgbtqi\":\"LGBTQI\",\"p18_lutaantirracismo\":\"Luta antirracismo\",\"p18_povosecomunidadestradicionais\":\"Povos e comunidades tradicionais\",\"p18_trabalho\":\"Trabalho\",\"p18_violencia\":\"Viol\\u00eancia\",\"p18_politicasculturais\":\"Pol\\u00edticas Culturais\",\"p19_direitoshumanos\":\"Direitos humanos\",\"p19_educacao\":\"Educa\\u00e7\\u00e3o\",\"p19_trabalho\":\"Trabalho\",\"p19_difusaoartistica\":\"Difus\\u00e3o Art\\u00edstica\",\"p19_politicasculturais\":\"Pol\\u00edticas Culturais\",\"p20_reunioes\":\"Reuni\\u00f5es\",\"p20_oficinas\":\"Oficinas\",\"p20_oficinasaulasartisticas\":\"Ensaios\\\/Oficinas\\\/Aulas art\\u00edsticas\",\"p20_cursos\":\"Cursos\",\"p20_formacao\":\"Forma\\u00e7\\u00e3o\",\"p20_apresentacoesartisticas\":\"Apresenta\\u00e7\\u00f5es art\\u00edsticas\",\"p21_machismo\":\"Machismo\",\"p21_racismo\":\"Racismo\",\"p21_lgbtqifobia\":\"LGBTIfobia\",\"p21_nenhum\":\"Nenhum\",\"p22_numerodeparticipantes\":\"30 - 45\",\"p23_reunioes\":\"Reuni\\u00f5es\",\"p23_oficinas\":\"Oficinas\",\"p23_oficinasaulasartisticas\":\"Ensaio\\\/Oficinas\\\/Aulas Art\\u00edsticas\",\"p23_cursos\":\"Cursos\",\"p23_formacao\":\"Forma\\u00e7\\u00e3o\",\"p24_reunioes\":\"Reuni\\u00f5es\",\"p24_oficinas\":\"Oficinas\",\"p24_apresentacoesartisticas\":\"Apresenta\\u00e7\\u00f5es art\\u00edsticas\",\"p25_numerodepessoas\":\"20 - 40\",\"p26_numerodepessoas\":\"1 - 20\",\"p27_espacopublico\":\"Espa\\u00e7o p\\u00fablico\",\"p27_virtual\":\"Virtual\",\"p28_territorios\":\"Cidade\",\"p30_outrasorganizacoes\":\"N\\u00e3o\",\"p32_campanhadelongaduracao\":\"N\\u00e3o\",\"p34_nenhuma\":\"Nenhuma\",\"p36_conselhosdeparticipacaoecontrolesocial\":\"N\\u00e3o\",\"p38_sim\":\"Sim\",\"p40_editais\":\"N\\u00e3o\",\"p41_autofinanciamento\":\"Autofinanciamento\",\"p42_meiodedivulgacaoproprio\":\"N\\u00e3o\",\"p43_email\":\"E-mail\",\"p43_facebook\":\"Facebook\",\"p43_whatsapp\":\"WhatsApp\",\"p43_nenhum\":\"Nenhum\",\"p44_radio\":\"R\\u00e1dio\",\"p44_redessociais\":\"Redes sociais (Facebook, YouTube, Instagram etc.)\",\"p44_sitesblogs\":\"Sites ou Blogs\",\"p39_publico\":\"POPULA\\u00c7\\u00c3O TRABALHE ARTE\",\"p45_bandeira\":\"VALORIZA\\u00c7\\u00c3O ARTE MUNIC\\u00cdPIO\",\"p46_hashtags\":\"#CULTURA  #LUTASOCIAL   #POVOSEMMEDO\"},{\"p1_eixo\":\"Cultura\",\"p9_tipoorganizacao\":\"ONG\",\"p12_uf\":\"PE\",\"p13_cidade\":\"OLINDA\",\"p16_cidade\":\"Cidade\",\"p17_ano\":\"1998\",\"p16_estado\":\"Estado\",\"p18_agrario\":\"Agr\\u00e1rio\\\/ruralidades\",\"p18_comunicacao\":\"Comunica\\u00e7\\u00e3o\",\"p18_desenvolvimentoterritorial\":\"Desenvolvimento territorial\",\"p18_direitoshumanos\":\"Direitos humanos\",\"p18_educacao\":\"Educa\\u00e7\\u00e3o\",\"p18_feminismos\":\"Feminismos\",\"p18_lgbtqi\":\"LGBTQI\",\"p18_lutaantirracismo\":\"Luta antirracismo\",\"p18_povosecomunidadestradicionais\":\"Povos e comunidades tradicionais\",\"p18_trabalho\":\"Trabalho\",\"p18_violencia\":\"Viol\\u00eancia\",\"p18_politicasculturais\":\"Pol\\u00edticas Culturais\",\"p19_desenvolvimentoterritorial\":\"Desenvolvimento territorial\",\"p19_direitoshumanos\":\"Direitos humanos\",\"p19_educacao\":\"Educa\\u00e7\\u00e3o\",\"p19_feminismos\":\"Feminismos\",\"p19_politicasculturais\":\"Pol\\u00edticas Culturais\",\"p20_reunioes\":\"Reuni\\u00f5es\",\"p20_atendimento\":\"Atendimento\",\"p20_oficinas\":\"Oficinas\",\"p20_formacao\":\"Forma\\u00e7\\u00e3o\",\"p20_apresentacoesartisticas\":\"Apresenta\\u00e7\\u00f5es art\\u00edsticas\",\"p21_machismo\":\"Machismo\",\"p21_racismo\":\"Racismo\",\"p21_lgbtqifobia\":\"LGBTIfobia\",\"p21_nenhum\":\"Nenhum\",\"p22_numerodeparticipantes\":\"45 - 60\",\"p23_reunioes\":\"Reuni\\u00f5es\",\"p23_oficinas\":\"Oficinas\",\"p23_formacao\":\"Forma\\u00e7\\u00e3o\",\"p23_outros\":\"Outros\",\"p24_atendimento\":\"Atendimentos\",\"p24_apresentacoesartisticas\":\"Apresenta\\u00e7\\u00f5es art\\u00edsticas\",\"p25_numerodepessoas\":\"20 - 40\",\"p26_numerodepessoas\":\"80 - 100\",\"p27_espacopublico\":\"Espa\\u00e7o p\\u00fablico\",\"p27_espacoproprio\":\"Espa\\u00e7o pr\\u00f3prio\",\"p27_virtual\":\"Virtual\",\"p28_territorios\":\"Estado\",\"p30_outrasorganizacoes\":\"Sim\",\"p32_campanhadelongaduracao\":\"N\\u00e3o\",\"p34_nenhuma\":\"Nenhuma\",\"p36_conselhosdeparticipacaoecontrolesocial\":\"Sim\",\"p38_sim\":\"Sim\",\"p38_nenhum\":\"Nenhum\",\"p40_editais\":\"N\\u00e3o\",\"p41_privadopf\":\"Privado (P. F\\u00edsica)\",\"p41_privadopj\":\"Privado (P. Jur\\u00eddica)\",\"p41_autofinanciamento\":\"Autofinanciamento\",\"p42_meiodedivulgacaoproprio\":\"Sim\",\"p43_impressoes\":\"Impressos\",\"p43_email\":\"E-mail\",\"p43_facebook\":\"Facebook\",\"p43_whatsapp\":\"WhatsApp\",\"p44_radio\":\"TV\",\"p44_jornaisimpressosdegrandecirculacao\":\"Jornais impressos de grande circula\\u00e7\\u00e3o\",\"p44_jornaisimpressosdebairro\":\"Jornais impressos de bairro\",\"p44_redessociais\":\"Redes sociais (Facebook, YouTube, Instagram etc.)\",\"p44_sitesblogs\":\"Sites ou Blogs\",\"p39_publico\":\"JUVENTUDE\",\"p45_bandeira\":\"POL\\u00cdTICAS P\\u00daBLICAS JUVENTUDE\",\"p46_hashtags\":\"#JUVENTUDEEMPODERADA #JUVENTUDESERTANEJAMAISFORTE  #COLETIVIDADE\"},{\"p1_eixo\":\"Trabalho\",\"p9_tipoorganizacao\":\"Associa\\u00e7\\u00e3o\",\"p12_uf\":\"RJ\",\"p13_cidade\":\"NOVA IGUA\\u00c7U\",\"p16_bairro\":\"Bairro\",\"p16_cidade\":\"Cidade\",\"p17_ano\":\"1987\",\"p18_comunicacao\":\"Comunica\\u00e7\\u00e3o\",\"p18_desenvolvimentoterritorial\":\"Desenvolvimento territorial\",\"p18_educacao\":\"Educa\\u00e7\\u00e3o\",\"p18_feminismos\":\"Feminismos\",\"p18_mobilidade\":\"Mobilidade\",\"p18_moradia\":\"Moradia\",\"p18_saude\":\"Sa\\u00fade\",\"p18_violencia\":\"Viol\\u00eancia\",\"p18_politicasculturais\":\"Pol\\u00edticas Culturais\",\"p19_comunicacao\":\"Comunica\\u00e7\\u00e3o\",\"p19_desenvolvimentoterritorial\":\"Desenvolvimento territorial\",\"p19_educacao\":\"Educa\\u00e7\\u00e3o\",\"p19_feminismos\":\"Feminismos\",\"p20_reunioes\":\"Reuni\\u00f5es\",\"p20_atendimento\":\"Atendimento\",\"p20_formacao\":\"Forma\\u00e7\\u00e3o\",\"p21_nenhum\":\"Nenhum\",\"p22_numerodeparticipantes\":\"1  - 15\",\"p23_atendimento\":\"Atendimento\",\"p23_visitas\":\"Visitas\",\"p23_outros\":\"Outros\",\"p24_atendimento\":\"Atendimentos\",\"p24_oficinas\":\"Oficinas\",\"p24_curso\":\"Curso\",\"p24_formacao\":\"Forma\\u00e7\\u00e3o\",\"p25_numerodepessoas\":\"100 - 200\",\"p26_numerodepessoas\":\"Mais de 500\",\"p27_espacopublico\":\"Espa\\u00e7o p\\u00fablico\",\"p27_espacoemprestadocedido\":\"Espa\\u00e7o emprestado\\\/cedido\",\"p27_espacoproprio\":\"Espa\\u00e7o pr\\u00f3prio\",\"p27_virtual\":\"Virtual\",\"p28_territorios\":\"Pr\\u00f3prio bairro\",\"p30_outrasorganizacoes\":\"N\\u00e3o\",\"p32_campanhadelongaduracao\":\"N\\u00e3o\",\"p34_nacional\":\"Nacional\",\"p34_nenhuma\":\"Nenhuma\",\"p36_conselhosdeparticipacaoecontrolesocial\":\"N\\u00e3o\",\"p38_nenhum\":\"Nenhum\",\"p40_editais\":\"N\\u00e3o\",\"p41_privadopf\":\"Privado (P. F\\u00edsica)\",\"p41_privadopj\":\"Privado (P. Jur\\u00eddica)\",\"p41_autofinanciamento\":\"Autofinanciamento\",\"p41_financiamentocoletivo0\":\"Financiamento coletivo\",\"p42_meiodedivulgacaoproprio\":\"Sim\",\"p43_impressoes\":\"Impressos\",\"p43_email\":\"E-mail\",\"p43_facebook\":\"Facebook\",\"p43_whatsapp\":\"WhatsApp\",\"p43_instagram\":\"Instagram\",\"p43_twitter\":\"Twitter\",\"p43_sitesblogs\":\"Blogs\\\/sites\",\"p43_radio\":\"R\\u00e1dio\",\"p44_radio\":\"TV\",\"p44_jornaisimpressosdegrandecirculacao\":\"Jornais impressos de grande circula\\u00e7\\u00e3o\",\"p44_jornaisimpressosdebairro\":\"Jornais impressos de bairro\",\"p44_redessociais\":\"Redes sociais (Facebook, YouTube, Instagram etc.)\",\"p44_sitesblogs\":\"Sites ou Blogs\",\"p39_publico\":\"MORADORES BAIRRO\",\"p45_bandeira\":\"TIRAR CRIAN\\u00c7A MARGINALIDADE SA\\u00daDE BARRO\",\"p46_hashtags\":\"#CRIANCASEMMARGINALIDADE\"},{\"p1_eixo\":\"Viol\\u00eancia\",\"p9_tipoorganizacao\":\"Coletivo\",\"p12_uf\":\"PE\",\"p13_cidade\":\"RECIFE\",\"p16_bairro\":\"Bairro\",\"p17_ano\":\"2003\",\"p16_estado\":\"Estado\",\"p18_comunicacao\":\"Comunica\\u00e7\\u00e3o\",\"p18_difusaoartistica\":\"Difus\\u00e3o Art\\u00edstica\",\"p18_desenvolvimentoterritorial\":\"Desenvolvimento territorial\",\"p18_direitoshumanos\":\"Direitos humanos\",\"p18_educacao\":\"Educa\\u00e7\\u00e3o\",\"p18_mobilidade\":\"Mobilidade\",\"p18_moradia\":\"Moradia\",\"p18_trabalho\":\"Trabalho\",\"p18_saude\":\"Sa\\u00fade\",\"p18_violencia\":\"Viol\\u00eancia\",\"p18_politicasculturais\":\"Pol\\u00edticas Culturais\",\"p19_comunicacao\":\"Comunica\\u00e7\\u00e3o\",\"p19_desenvolvimentoterritorial\":\"Desenvolvimento territorial\",\"p19_educacao\":\"Educa\\u00e7\\u00e3o\",\"p19_politicasculturais\":\"Pol\\u00edticas Culturais\",\"p20_reunioes\":\"Reuni\\u00f5es\",\"p20_atendimento\":\"Atendimento\",\"p20_oficinas\":\"Oficinas\",\"p20_oficinasaulasartisticas\":\"Ensaios\\\/Oficinas\\\/Aulas art\\u00edsticas\",\"p20_formacao\":\"Forma\\u00e7\\u00e3o\",\"p20_apresentacoesartisticas\":\"Apresenta\\u00e7\\u00f5es art\\u00edsticas\",\"p20_visitasexcursoes\":\"Visitas\\\/Excurs\\u00f5es\",\"p21_nenhum\":\"Nenhum\",\"p22_numerodeparticipantes\":\"15 - 30\",\"p23_reunioes\":\"Reuni\\u00f5es\",\"p23_atendimento\":\"Atendimento\",\"p23_oficinas\":\"Oficinas\",\"p23_oficinasaulasartisticas\":\"Ensaio\\\/Oficinas\\\/Aulas Art\\u00edsticas\",\"p23_formacao\":\"Forma\\u00e7\\u00e3o\",\"p23_apresentacoesartisticas\":\"Apresenta\\u00e7\\u00f5es Art\\u00edsticas\",\"p23_visitas\":\"Visitas\",\"p24_oficinas\":\"Oficinas\",\"p24_oficinasaulasartisticas\":\"Ensaios\\\/Oficinas\\\/Aulas art\\u00edsticas\",\"p24_curso\":\"Curso\",\"p24_formacao\":\"Forma\\u00e7\\u00e3o\",\"p24_apresentacoesartisticas\":\"Apresenta\\u00e7\\u00f5es art\\u00edsticas\",\"p24_visitasexcursoes\":\"Visitas\\\/Excurs\\u00f5es\",\"p25_numerodepessoas\":\"60 - 80\",\"p26_numerodepessoas\":\"20 - 40\",\"p27_espacopublico\":\"Espa\\u00e7o p\\u00fablico\",\"p27_espacoemprestadocedido\":\"Espa\\u00e7o emprestado\\\/cedido\",\"p27_virtual\":\"Virtual\",\"p28_territorios\":\"Pr\\u00f3prio bairro\",\"p30_outrasorganizacoes\":\"Sim\",\"p32_campanhadelongaduracao\":\"Sim\",\"p34_estadual\":\"Estadual\",\"p34_nacional\":\"Nacional\",\"p36_conselhosdeparticipacaoecontrolesocial\":\"Sim\",\"p38_sim\":\"Sim\",\"p38_nenhum\":\"Nenhum\",\"p40_editais\":\"Sim\",\"p41_publicoestatal\":\"P\\u00fablico-Estatal\",\"p41_privadopf\":\"Privado (P. F\\u00edsica)\",\"p41_autofinanciamento\":\"Autofinanciamento\",\"p41_financiamentocoletivo0\":\"Financiamento coletivo\",\"p42_meiodedivulgacaoproprio\":\"Sim\",\"p43_impressoes\":\"Impressos\",\"p43_email\":\"E-mail\",\"p43_facebook\":\"Facebook\",\"p43_whatsapp\":\"WhatsApp\",\"p43_instagram\":\"Instagram\",\"p43_twitter\":\"Twitter\",\"p43_sitesblogs\":\"Blogs\\\/sites\",\"p43_radio\":\"R\\u00e1dio\",\"p43_youtube\":\"YouTube\",\"p44_radio\":\"TV\",\"p44_jornaisimpressosdegrandecirculacao\":\"Jornais impressos de grande circula\\u00e7\\u00e3o\",\"p44_redessociais\":\"Redes sociais (Facebook, YouTube, Instagram etc.)\",\"p44_sitesblogs\":\"Sites ou Blogs\",\"p39_publico\":\"MORADORES MULHERES HOMENS JUVENTUDE\",\"p45_bandeira\":\"DIREITOS CULTIVA RELA\\u00c7\\u00d5ES SOLID\\u00c1RIAS RESGATE IDENTIDADE SOCIAL PROMO\\u00c7\\u00c3O CIDADANIA\",\"p46_hashtags\":\"#EUAMOMEUBAIRRO #SALVESITIODOSPINTOS #AVOZDACOMUNIDADE\"},{\"p1_eixo\":\"Cultura\",\"p9_tipoorganizacao\":\"Associa\\u00e7\\u00e3o\",\"p12_uf\":\"BA\",\"p13_cidade\":\"P\\u00c9 DE SERRA\",\"p16_nacional\":\"Nacional\",\"p17_ano\":\"Anterior a 1980\",\"p16_estado\":\"Estado\",\"p18_comunicacao\":\"Comunica\\u00e7\\u00e3o\",\"p18_difusaoartistica\":\"Difus\\u00e3o Art\\u00edstica\",\"p18_desenvolvimentoterritorial\":\"Desenvolvimento territorial\",\"p18_direitoshumanos\":\"Direitos humanos\",\"p18_educacao\":\"Educa\\u00e7\\u00e3o\",\"p18_lutaantirracismo\":\"Luta antirracismo\",\"p18_moradia\":\"Moradia\",\"p18_trabalho\":\"Trabalho\",\"p18_violencia\":\"Viol\\u00eancia\",\"p18_politicasculturais\":\"Pol\\u00edticas Culturais\",\"p19_desenvolvimentoterritorial\":\"Desenvolvimento territorial\",\"p19_educacao\":\"Educa\\u00e7\\u00e3o\",\"p19_lutaantirracismo\":\"Luta antirracismo\",\"p19_politicasculturais\":\"Pol\\u00edticas Culturais\",\"p20_reunioes\":\"Reuni\\u00f5es\",\"p20_oficinas\":\"Oficinas\",\"p20_oficinasaulasartisticas\":\"Ensaios\\\/Oficinas\\\/Aulas art\\u00edsticas\",\"p20_cursos\":\"Cursos\",\"p20_formacao\":\"Forma\\u00e7\\u00e3o\",\"p20_profissionalizacao\":\"Profissionaliza\\u00e7\\u00e3o\",\"p20_apresentacoesartisticas\":\"Apresenta\\u00e7\\u00f5es art\\u00edsticas\",\"p20_visitasexcursoes\":\"Visitas\\\/Excurs\\u00f5es\",\"p21_repressaopolicial\":\"Repress\\u00e3o policial\",\"p21_racismo\":\"Racismo\",\"p21_nenhum\":\"Nenhum\",\"p22_numerodeparticipantes\":\"15 - 30\",\"p23_reunioes\":\"Reuni\\u00f5es\",\"p23_oficinas\":\"Oficinas\",\"p23_oficinasaulasartisticas\":\"Ensaio\\\/Oficinas\\\/Aulas Art\\u00edsticas\",\"p23_formacao\":\"Forma\\u00e7\\u00e3o\",\"p23_apresentacoesartisticas\":\"Apresenta\\u00e7\\u00f5es Art\\u00edsticas\",\"p23_visitas\":\"Visitas\",\"p24_reunioes\":\"Reuni\\u00f5es\",\"p24_oficinas\":\"Oficinas\",\"p24_oficinasaulasartisticas\":\"Ensaios\\\/Oficinas\\\/Aulas art\\u00edsticas\",\"p24_formacao\":\"Forma\\u00e7\\u00e3o\",\"p24_apresentacoesartisticas\":\"Apresenta\\u00e7\\u00f5es art\\u00edsticas\",\"p24_visitasexcursoes\":\"Visitas\\\/Excurs\\u00f5es\",\"p25_numerodepessoas\":\"40 - 60\",\"p26_numerodepessoas\":\"20 - 40\",\"p27_espacopublico\":\"Espa\\u00e7o p\\u00fablico\",\"p27_espacoemprestadocedido\":\"Espa\\u00e7o emprestado\\\/cedido\",\"p27_virtual\":\"Virtual\",\"p27_ocupacao\":\"Ocupa\\u00e7\\u00e3o\",\"p28_territorios\":\"Regi\\u00e3o da Cidade\",\"p30_outrasorganizacoes\":\"N\\u00e3o\",\"p32_campanhadelongaduracao\":\"N\\u00e3o\",\"p34_municipal\":\"Municipal\",\"p34_estadual\":\"Estadual\",\"p36_conselhosdeparticipacaoecontrolesocial\":\"N\\u00e3o\",\"p38_sim\":\"Sim\",\"p38_nenhum\":\"Nenhum\",\"p40_editais\":\"Sim\",\"p41_publicoestatal\":\"P\\u00fablico-Estatal\",\"p42_meiodedivulgacaoproprio\":\"Sim\",\"p43_impressoes\":\"Impressos\",\"p43_email\":\"E-mail\",\"p43_facebook\":\"Facebook\",\"p43_whatsapp\":\"WhatsApp\",\"p43_instagram\":\"Instagram\",\"p43_radio\":\"R\\u00e1dio\",\"p43_youtube\":\"YouTube\",\"p44_radio\":\"TV\",\"p44_redessociais\":\"Redes sociais (Facebook, YouTube, Instagram etc.)\",\"p44_sitesblogs\":\"Sites ou Blogs\",\"p39_publico\":\"CRIAN\\u00c7AS JOVENS ADOLESCENTES\",\"p45_bandeira\":\"DESENVOLVIMENTO TRANSFORMA\\u00c7\\u00c3O SOCIAL\",\"p46_hashtags\":\"#MAISRECURSOSPRAMUSICA #MAISAPOIOACULTURA\"},{\"p1_eixo\":\"Cultura\",\"p9_tipoorganizacao\":\"Movimento Social\",\"p12_uf\":\"RS\",\"p13_cidade\":\"CANOAS\",\"p16_cidade\":\"Cidade\",\"p16_nacional\":\"Nacional\",\"p17_ano\":\"2016\",\"p18_comunicacao\":\"Comunica\\u00e7\\u00e3o\",\"p18_difusaoartistica\":\"Difus\\u00e3o Art\\u00edstica\",\"p18_desenvolvimentoterritorial\":\"Desenvolvimento territorial\",\"p18_direitoshumanos\":\"Direitos humanos\",\"p18_educacao\":\"Educa\\u00e7\\u00e3o\",\"p18_lutaantirracismo\":\"Luta antirracismo\",\"p18_mobilidade\":\"Mobilidade\",\"p18_moradia\":\"Moradia\",\"p18_trabalho\":\"Trabalho\",\"p18_saude\":\"Sa\\u00fade\",\"p18_violencia\":\"Viol\\u00eancia\",\"p18_politicasculturais\":\"Pol\\u00edticas Culturais\",\"p19_direitoshumanos\":\"Direitos humanos\",\"p19_educacao\":\"Educa\\u00e7\\u00e3o\",\"p19_lutaantirracismo\":\"Luta antirracismo\",\"p19_politicasculturais\":\"Pol\\u00edticas Culturais\",\"p20_reunioes\":\"Reuni\\u00f5es\",\"p20_oficinas\":\"Oficinas\",\"p20_oficinasaulasartisticas\":\"Ensaios\\\/Oficinas\\\/Aulas art\\u00edsticas\",\"p20_cursos\":\"Cursos\",\"p20_formacao\":\"Forma\\u00e7\\u00e3o\",\"p20_profissionalizacao\":\"Profissionaliza\\u00e7\\u00e3o\",\"p20_apresentacoesartisticas\":\"Apresenta\\u00e7\\u00f5es art\\u00edsticas\",\"p20_visitasexcursoes\":\"Visitas\\\/Excurs\\u00f5es\",\"p21_repressaopolicial\":\"Repress\\u00e3o policial\",\"p21_machismo\":\"Machismo\",\"p21_racismo\":\"Racismo\",\"p21_nenhum\":\"Nenhum\",\"p22_numerodeparticipantes\":\"Mais de 90\",\"p23_reunioes\":\"Reuni\\u00f5es\",\"p23_oficinas\":\"Oficinas\",\"p23_oficinasaulasartisticas\":\"Ensaio\\\/Oficinas\\\/Aulas Art\\u00edsticas\",\"p23_cursos\":\"Cursos\",\"p23_formacao\":\"Forma\\u00e7\\u00e3o\",\"p23_apresentacoesartisticas\":\"Apresenta\\u00e7\\u00f5es Art\\u00edsticas\",\"p23_outros\":\"Outros\",\"p24_reunioes\":\"Reuni\\u00f5es\",\"p24_oficinasaulasartisticas\":\"Ensaios\\\/Oficinas\\\/Aulas art\\u00edsticas\",\"p24_curso\":\"Curso\",\"p24_apresentacoesartisticas\":\"Apresenta\\u00e7\\u00f5es art\\u00edsticas\",\"p24_visitasexcursoes\":\"Visitas\\\/Excurs\\u00f5es\",\"p25_numerodepessoas\":\"80 - 100\",\"p26_numerodepessoas\":\"40 - 60\",\"p27_espacopublico\":\"Espa\\u00e7o p\\u00fablico\",\"p27_espacoemprestadocedido\":\"Espa\\u00e7o emprestado\\\/cedido\",\"p27_espacoproprio\":\"Espa\\u00e7o pr\\u00f3prio\",\"p27_virtual\":\"Virtual\",\"p27_ocupacao\":\"Ocupa\\u00e7\\u00e3o\",\"p28_territorios\":\"Atua\\u00e7\\u00e3o Nacional\",\"p30_outrasorganizacoes\":\"N\\u00e3o\",\"p32_campanhadelongaduracao\":\"N\\u00e3o\",\"p34_municipal\":\"Municipal\",\"p34_estadual\":\"Estadual\",\"p34_nacional\":\"Nacional\",\"p36_conselhosdeparticipacaoecontrolesocial\":\"Sim\",\"p38_sim\":\"Sim\",\"p38_nenhum\":\"Nenhum\",\"p40_editais\":\"Sim\",\"p41_publicoestatal\":\"P\\u00fablico-Estatal\",\"p41_autofinanciamento\":\"Autofinanciamento\",\"p42_meiodedivulgacaoproprio\":\"Sim\",\"p43_email\":\"E-mail\",\"p43_facebook\":\"Facebook\",\"p43_whatsapp\":\"WhatsApp\",\"p43_instagram\":\"Instagram\",\"p44_radio\":\"TV\",\"p44_redessociais\":\"Redes sociais (Facebook, YouTube, Instagram etc.)\",\"p44_sitesblogs\":\"Sites ou Blogs\",\"p39_publico\":\"JOVENS RISCO\",\"p45_bandeira\":\"JUVENTUDE RACISMO CULTURA\",\"p46_hashtags\":\"#PROTAGONISMODOJOVEMNEGRO\"},{\"p1_eixo\":\"Cultura\",\"p9_tipoorganizacao\":\"Associa\\u00e7\\u00e3o\",\"p12_uf\":\"MG\",\"p13_cidade\":\"MONTE ALEGRE DE MINAS\",\"p16_cidade\":\"Cidade\",\"p17_ano\":\"2014\",\"p18_comunicacao\":\"Comunica\\u00e7\\u00e3o\",\"p18_difusaoartistica\":\"Difus\\u00e3o Art\\u00edstica\",\"p18_desenvolvimentoterritorial\":\"Desenvolvimento territorial\",\"p18_direitoshumanos\":\"Direitos humanos\",\"p18_educacao\":\"Educa\\u00e7\\u00e3o\",\"p18_feminismos\":\"Feminismos\",\"p18_lgbtqi\":\"LGBTQI\",\"p18_lutaantirracismo\":\"Luta antirracismo\",\"p18_mobilidade\":\"Mobilidade\",\"p18_trabalho\":\"Trabalho\",\"p18_religiao\":\"Religi\\u00e3o\",\"p18_saude\":\"Sa\\u00fade\",\"p18_violencia\":\"Viol\\u00eancia\",\"p18_politicasculturais\":\"Pol\\u00edticas Culturais\",\"p19_direitoshumanos\":\"Direitos humanos\",\"p19_educacao\":\"Educa\\u00e7\\u00e3o\",\"p19_feminismos\":\"Feminismos\",\"p19_lutaantirracismo\":\"Luta antirracismo\",\"p19_politicasculturais\":\"Pol\\u00edticas Culturais\",\"p20_reunioes\":\"Reuni\\u00f5es\",\"p20_oficinas\":\"Oficinas\",\"p20_oficinasaulasartisticas\":\"Ensaios\\\/Oficinas\\\/Aulas art\\u00edsticas\",\"p20_cursos\":\"Cursos\",\"p20_formacao\":\"Forma\\u00e7\\u00e3o\",\"p20_visitasexcursoes\":\"Visitas\\\/Excurs\\u00f5es\",\"p21_machismo\":\"Machismo\",\"p21_racismo\":\"Racismo\",\"p21_nenhum\":\"Nenhum\",\"p22_numerodeparticipantes\":\"1  - 15\",\"p23_reunioes\":\"Reuni\\u00f5es\",\"p23_oficinas\":\"Oficinas\",\"p23_oficinasaulasartisticas\":\"Ensaio\\\/Oficinas\\\/Aulas Art\\u00edsticas\",\"p23_cursos\":\"Cursos\",\"p23_formacao\":\"Forma\\u00e7\\u00e3o\",\"p23_apresentacoesartisticas\":\"Apresenta\\u00e7\\u00f5es Art\\u00edsticas\",\"p23_outros\":\"Outros\",\"p24_reunioes\":\"Reuni\\u00f5es\",\"p24_oficinas\":\"Oficinas\",\"p24_oficinasaulasartisticas\":\"Ensaios\\\/Oficinas\\\/Aulas art\\u00edsticas\",\"p24_curso\":\"Curso\",\"p24_visitasexcursoes\":\"Visitas\\\/Excurs\\u00f5es\",\"p25_numerodepessoas\":\"Mais de 500\",\"p26_numerodepessoas\":\"Mais de 500\",\"p27_espacopublico\":\"Espa\\u00e7o p\\u00fablico\",\"p27_espacoemprestadocedido\":\"Espa\\u00e7o emprestado\\\/cedido\",\"p27_espacoproprio\":\"Espa\\u00e7o pr\\u00f3prio\",\"p27_virtual\":\"Virtual\",\"p28_territorios\":\"Atua\\u00e7\\u00e3o Nacional\",\"p30_outrasorganizacoes\":\"Sim\",\"p32_campanhadelongaduracao\":\"N\\u00e3o\",\"p34_municipal\":\"Municipal\",\"p34_estadual\":\"Estadual\",\"p34_nacional\":\"Nacional\",\"p34_nenhuma\":\"Nenhuma\",\"p36_conselhosdeparticipacaoecontrolesocial\":\"Sim\",\"p38_sim\":\"Sim\",\"p38_nenhum\":\"Nenhum\",\"p40_editais\":\"N\\u00e3o\",\"p41_autofinanciamento\":\"Autofinanciamento\",\"p41_financiamentocoletivo0\":\"Financiamento coletivo\",\"p42_meiodedivulgacaoproprio\":\"Sim\",\"p43_email\":\"E-mail\",\"p43_facebook\":\"Facebook\",\"p43_whatsapp\":\"WhatsApp\",\"p43_instagram\":\"Instagram\",\"p44_radio\":\"TV\",\"p44_jornaisimpressosdegrandecirculacao\":\"Jornais impressos de grande circula\\u00e7\\u00e3o\",\"p44_redessociais\":\"Redes sociais (Facebook, YouTube, Instagram etc.)\",\"p44_sitesblogs\":\"Sites ou Blogs\",\"p39_publico\":\"CRIAN\\u00c7AS ADOLESCENTES JOVENS MULHERES HOMENS NEGRAS NEGROS\",\"p45_bandeira\":\"DIREITOS HUMANOS\",\"p46_hashtags\":\"PERSEVERAN\\u00c7A, AMOR FRATERNAL, COMPREENS\\u00c3O, SINCERIDADE, HUMILDADE, DESPRENDIMENTO.\"},{\"p1_eixo\":\"Viol\\u00eancia\",\"p9_tipoorganizacao\":\"Coletivo\",\"p12_uf\":\"SP\",\"p13_cidade\":\"PIRACICABA\",\"p16_cidade\":\"Cidade\",\"p17_ano\":\"2018\",\"p18_agrario\":\"Agr\\u00e1rio\\\/ruralidades\",\"p18_comunicacao\":\"Comunica\\u00e7\\u00e3o\",\"p18_desenvolvimentoterritorial\":\"Desenvolvimento territorial\",\"p18_direitoshumanos\":\"Direitos humanos\",\"p18_educacao\":\"Educa\\u00e7\\u00e3o\",\"p18_feminismos\":\"Feminismos\",\"p18_lgbtqi\":\"LGBTQI\",\"p18_lutaantirracismo\":\"Luta antirracismo\",\"p18_mobilidade\":\"Mobilidade\",\"p18_povosecomunidadestradicionais\":\"Povos e comunidades tradicionais\",\"p18_trabalho\":\"Trabalho\",\"p18_religiao\":\"Religi\\u00e3o\",\"p18_saude\":\"Sa\\u00fade\",\"p18_violencia\":\"Viol\\u00eancia\",\"p18_politicasculturais\":\"Pol\\u00edticas Culturais\",\"p19_desenvolvimentoterritorial\":\"Desenvolvimento territorial\",\"p19_feminismos\":\"Feminismos\",\"p19_lutaantirracismo\":\"Luta antirracismo\",\"p19_povosecomunidadestradicionais\":\"Povos e comunidades tradicionais\",\"p19_politicasculturais\":\"Pol\\u00edticas Culturais\",\"p20_reunioes\":\"Reuni\\u00f5es\",\"p20_atendimento\":\"Atendimento\",\"p20_oficinas\":\"Oficinas\",\"p20_oficinasaulasartisticas\":\"Ensaios\\\/Oficinas\\\/Aulas art\\u00edsticas\",\"p20_cursos\":\"Cursos\",\"p20_visitasexcursoes\":\"Visitas\\\/Excurs\\u00f5es\",\"p21_intoleranciareligiosa\":\"Fundamentalismo\\\/intoler\\u00e2ncia religiosa\",\"p21_machismo\":\"Machismo\",\"p21_racismo\":\"Racismo\",\"p22_numerodeparticipantes\":\"15 - 30\",\"p23_reunioes\":\"Reuni\\u00f5es\",\"p23_atendimento\":\"Atendimento\",\"p23_oficinas\":\"Oficinas\",\"p23_oficinasaulasartisticas\":\"Ensaio\\\/Oficinas\\\/Aulas Art\\u00edsticas\",\"p24_reunioes\":\"Reuni\\u00f5es\",\"p24_atendimento\":\"Atendimentos\",\"p24_oficinas\":\"Oficinas\",\"p24_curso\":\"Curso\",\"p24_visitasexcursoes\":\"Visitas\\\/Excurs\\u00f5es\",\"p24_outros\":\"Outros\",\"p25_numerodepessoas\":\"40 - 60\",\"p26_numerodepessoas\":\"200 - 300\",\"p27_espacopublico\":\"Espa\\u00e7o p\\u00fablico\",\"p27_espacoemprestadocedido\":\"Espa\\u00e7o emprestado\\\/cedido\",\"p27_espacoproprio\":\"Espa\\u00e7o pr\\u00f3prio\",\"p28_territorios\":\"Cidade\",\"p30_outrasorganizacoes\":\"Sim\",\"p32_campanhadelongaduracao\":\"N\\u00e3o\",\"p34_nenhuma\":\"Nenhuma\",\"p36_conselhosdeparticipacaoecontrolesocial\":\"N\\u00e3o\",\"p38_sim\":\"Sim\",\"p38_nenhum\":\"Nenhum\",\"p40_editais\":\"N\\u00e3o\",\"p41_publicoestatal\":\"P\\u00fablico-Estatal\",\"p41_privadopf\":\"Privado (P. F\\u00edsica)\",\"p41_autofinanciamento\":\"Autofinanciamento\",\"p41_financiamentocoletivo0\":\"Financiamento coletivo\",\"p42_meiodedivulgacaoproprio\":\"Sim\",\"p43_facebook\":\"Facebook\",\"p43_instagram\":\"Instagram\",\"p44_jornaisimpressosdegrandecirculacao\":\"Jornais impressos de grande circula\\u00e7\\u00e3o\",\"p44_redessociais\":\"Redes sociais (Facebook, YouTube, Instagram etc.)\",\"p44_sitesblogs\":\"Sites ou Blogs\",\"p39_publico\":\"ADOLESCENTES NEGROS\",\"p45_bandeira\":\"INTERVEN\\u00c7\\u00d5ES DEBATE\",\"p46_hashtags\":\"#RESISTENCIA #EMPODERAMENTO #LUTA\"},{\"p1_eixo\":\"Viol\\u00eancia\",\"p9_tipoorganizacao\":\"Associa\\u00e7\\u00e3o\",\"p12_uf\":\"BA\",\"p13_cidade\":\"FEIRA DE SANTANA\",\"p16_cidade\":\"Cidade\",\"p17_ano\":\"1999\",\"p16_estado\":\"Estado\",\"p18_agrario\":\"Agr\\u00e1rio\\\/ruralidades\",\"p18_comunicacao\":\"Comunica\\u00e7\\u00e3o\",\"p18_difusaoartistica\":\"Difus\\u00e3o Art\\u00edstica\",\"p18_desenvolvimentoterritorial\":\"Desenvolvimento territorial\",\"p18_direitoshumanos\":\"Direitos humanos\",\"p18_educacao\":\"Educa\\u00e7\\u00e3o\",\"p18_feminismos\":\"Feminismos\",\"p18_lgbtqi\":\"LGBTQI\",\"p18_lutaantirracismo\":\"Luta antirracismo\",\"p18_povosecomunidadestradicionais\":\"Povos e comunidades tradicionais\",\"p18_trabalho\":\"Trabalho\",\"p18_religiao\":\"Religi\\u00e3o\",\"p18_saude\":\"Sa\\u00fade\",\"p18_violencia\":\"Viol\\u00eancia\",\"p18_politicasculturais\":\"Pol\\u00edticas Culturais\",\"p19_desenvolvimentoterritorial\":\"Desenvolvimento territorial\",\"p19_lutaantirracismo\":\"Luta antirracismo\",\"p19_povosecomunidadestradicionais\":\"Povos e comunidades tradicionais\",\"p19_difusaoartistica\":\"Difus\\u00e3o Art\\u00edstica\",\"p20_reunioes\":\"Reuni\\u00f5es\",\"p20_atendimento\":\"Atendimento\",\"p20_oficinas\":\"Oficinas\",\"p20_oficinasaulasartisticas\":\"Ensaios\\\/Oficinas\\\/Aulas art\\u00edsticas\",\"p20_cursos\":\"Cursos\",\"p20_formacao\":\"Forma\\u00e7\\u00e3o\",\"p20_profissionalizacao\":\"Profissionaliza\\u00e7\\u00e3o\",\"p20_apresentacoesartisticas\":\"Apresenta\\u00e7\\u00f5es art\\u00edsticas\",\"p20_visitasexcursoes\":\"Visitas\\\/Excurs\\u00f5es\",\"p21_repressaopolicial\":\"Repress\\u00e3o policial\",\"p21_intoleranciareligiosa\":\"Fundamentalismo\\\/intoler\\u00e2ncia religiosa\",\"p21_machismo\":\"Machismo\",\"p21_racismo\":\"Racismo\",\"p21_lgbtqifobia\":\"LGBTIfobia\",\"p22_numerodeparticipantes\":\"Mais de 90\",\"p23_reunioes\":\"Reuni\\u00f5es\",\"p23_atendimento\":\"Atendimento\",\"p23_cursos\":\"Cursos\",\"p23_outros\":\"Outros\",\"p24_reunioes\":\"Reuni\\u00f5es\",\"p24_atendimento\":\"Atendimentos\",\"p24_oficinas\":\"Oficinas\",\"p24_oficinasaulasartisticas\":\"Ensaios\\\/Oficinas\\\/Aulas art\\u00edsticas\",\"p24_curso\":\"Curso\",\"p24_formacao\":\"Forma\\u00e7\\u00e3o\",\"p24_profissionalizacao\":\"Profissionaliza\\u00e7\\u00e3o\",\"p24_apresentacoesartisticas\":\"Apresenta\\u00e7\\u00f5es art\\u00edsticas\",\"p24_outros\":\"Outros\",\"p25_numerodepessoas\":\"40 - 60\",\"p26_numerodepessoas\":\"Mais de 500\",\"p27_espacopublico\":\"Espa\\u00e7o p\\u00fablico\",\"p27_espacoemprestadocedido\":\"Espa\\u00e7o emprestado\\\/cedido\",\"p27_espacoproprio\":\"Espa\\u00e7o pr\\u00f3prio\",\"p28_territorios\":\"Estado\",\"p30_outrasorganizacoes\":\"Sim\",\"p32_campanhadelongaduracao\":\"N\\u00e3o\",\"p34_nenhuma\":\"Nenhuma\",\"p36_conselhosdeparticipacaoecontrolesocial\":\"Sim\",\"p38_sim\":\"Sim\",\"p38_nenhum\":\"Nenhum\",\"p40_editais\":\"Sim\",\"p41_publicoestatal\":\"P\\u00fablico-Estatal\",\"p41_privadopf\":\"Privado (P. F\\u00edsica)\",\"p41_privadopj\":\"Privado (P. Jur\\u00eddica)\",\"p41_autofinanciamento\":\"Autofinanciamento\",\"p41_financiamentocoletivo0\":\"Financiamento coletivo\",\"p42_meiodedivulgacaoproprio\":\"Sim\",\"p43_facebook\":\"Facebook\",\"p43_instagram\":\"Instagram\",\"p43_sitesblogs\":\"Blogs\\\/sites\",\"p44_redessociais\":\"Redes sociais (Facebook, YouTube, Instagram etc.)\",\"p44_sitesblogs\":\"Sites ou Blogs\",\"p39_publico\":\"POVOS COMUNIDADES TRADICIONAIS\",\"p45_bandeira\":\"IGUALDADE RACIAL\",\"p46_hashtags\":\"#EMPODERAQUILOMBO\"},{\"p1_eixo\":\"Trabalho\",\"p9_tipoorganizacao\":\"Associa\\u00e7\\u00e3o\",\"p12_uf\":\"BA\",\"p13_cidade\":\"CAPIM GROSSO\",\"p17_ano\":\"2017\",\"p16_estado\":\"Estado\",\"p18_comunicacao\":\"Comunica\\u00e7\\u00e3o\",\"p18_difusaoartistica\":\"Difus\\u00e3o Art\\u00edstica\",\"p18_desenvolvimentoterritorial\":\"Desenvolvimento territorial\",\"p18_direitoshumanos\":\"Direitos humanos\",\"p18_educacao\":\"Educa\\u00e7\\u00e3o\",\"p18_feminismos\":\"Feminismos\",\"p18_lgbtqi\":\"LGBTQI\",\"p18_lutaantirracismo\":\"Luta antirracismo\",\"p18_mobilidade\":\"Mobilidade\",\"p18_moradia\":\"Moradia\",\"p18_povosecomunidadestradicionais\":\"Povos e comunidades tradicionais\",\"p18_trabalho\":\"Trabalho\",\"p18_religiao\":\"Religi\\u00e3o\",\"p18_saude\":\"Sa\\u00fade\",\"p18_violencia\":\"Viol\\u00eancia\",\"p18_politicasculturais\":\"Pol\\u00edticas Culturais\",\"p19_desenvolvimentoterritorial\":\"Desenvolvimento territorial\",\"p19_feminismos\":\"Feminismos\",\"p19_lutaantirracismo\":\"Luta antirracismo\",\"p19_violencia\":\"Viol\\u00eancia\",\"p19_difusaoartistica\":\"Difus\\u00e3o Art\\u00edstica\",\"p20_reunioes\":\"Reuni\\u00f5es\",\"p20_atendimento\":\"Atendimento\",\"p20_oficinas\":\"Oficinas\",\"p20_cursos\":\"Cursos\",\"p20_formacao\":\"Forma\\u00e7\\u00e3o\",\"p20_profissionalizacao\":\"Profissionaliza\\u00e7\\u00e3o\",\"p20_apresentacoesartisticas\":\"Apresenta\\u00e7\\u00f5es art\\u00edsticas\",\"p21_repressaopolicial\":\"Repress\\u00e3o policial\",\"p21_intoleranciareligiosa\":\"Fundamentalismo\\\/intoler\\u00e2ncia religiosa\",\"p21_machismo\":\"Machismo\",\"p21_lgbtqifobia\":\"LGBTIfobia\",\"p21_nenhum\":\"Nenhum\",\"p22_numerodeparticipantes\":\"1  - 15\",\"p23_atendimento\":\"Atendimento\",\"p23_cursos\":\"Cursos\",\"p23_formacao\":\"Forma\\u00e7\\u00e3o\",\"p23_outros\":\"Outros\",\"p24_atendimento\":\"Atendimentos\",\"p24_oficinas\":\"Oficinas\",\"p24_oficinasaulasartisticas\":\"Ensaios\\\/Oficinas\\\/Aulas art\\u00edsticas\",\"p24_curso\":\"Curso\",\"p24_formacao\":\"Forma\\u00e7\\u00e3o\",\"p24_profissionalizacao\":\"Profissionaliza\\u00e7\\u00e3o\",\"p24_apresentacoesartisticas\":\"Apresenta\\u00e7\\u00f5es art\\u00edsticas\",\"p24_outros\":\"Outros\",\"p25_numerodepessoas\":\"40 - 60\",\"p26_numerodepessoas\":\"400 - 500\",\"p27_espacopublico\":\"Espa\\u00e7o p\\u00fablico\",\"p27_espacoemprestadocedido\":\"Espa\\u00e7o emprestado\\\/cedido\",\"p27_espacoproprio\":\"Espa\\u00e7o pr\\u00f3prio\",\"p27_virtual\":\"Virtual\",\"p28_territorios\":\"Estado\",\"p30_outrasorganizacoes\":\"Sim\",\"p32_campanhadelongaduracao\":\"Sim\",\"p34_municipal\":\"Municipal\",\"p34_nenhuma\":\"Nenhuma\",\"p36_conselhosdeparticipacaoecontrolesocial\":\"N\\u00e3o\",\"p38_nenhum\":\"Nenhum\",\"p40_editais\":\"Sim\",\"p41_publicoestatal\":\"P\\u00fablico-Estatal\",\"p41_privadopf\":\"Privado (P. F\\u00edsica)\",\"p41_privadopj\":\"Privado (P. Jur\\u00eddica)\",\"p41_autofinanciamento\":\"Autofinanciamento\",\"p41_financiamentocoletivo0\":\"Financiamento coletivo\",\"p42_meiodedivulgacaoproprio\":\"Sim\",\"p43_facebook\":\"Facebook\",\"p43_whatsapp\":\"WhatsApp\",\"p43_instagram\":\"Instagram\",\"p43_sitesblogs\":\"Blogs\\\/sites\",\"p44_radio\":\"R\\u00e1dio\",\"p44_jornaisimpressosdegrandecirculacao\":\"Jornais impressos de grande circula\\u00e7\\u00e3o\",\"p44_jornaisimpressosdebairro\":\"Jornais impressos de bairro\",\"p44_redessociais\":\"Redes sociais (Facebook, YouTube, Instagram etc.)\",\"p44_sitesblogs\":\"Sites ou Blogs\",\"p39_publico\":\"VULNERABILIDADE SOCIAL\",\"p45_bandeira\":\"DEFESA DIREITOS EFETIVA\\u00c7\\u00c3O POL\\u00cdTICAS P\\u00daBLICAS\",\"p46_hashtags\":\"#DESENVOLVIMENTOTERRITORIAL #MAISCULTURA #ADS\"},{\"p1_eixo\":\"Viol\\u00eancia\",\"p9_tipoorganizacao\":\"Coletivo\",\"p12_uf\":\"BA\",\"p13_cidade\":\"SALVADOR\",\"p17_ano\":\"2013\",\"p16_estado\":\"Estado\",\"p18_agrario\":\"Agr\\u00e1rio\\\/ruralidades\",\"p18_comunicacao\":\"Comunica\\u00e7\\u00e3o\",\"p18_difusaoartistica\":\"Difus\\u00e3o Art\\u00edstica\",\"p18_desenvolvimentoterritorial\":\"Desenvolvimento territorial\",\"p18_direitoshumanos\":\"Direitos humanos\",\"p18_educacao\":\"Educa\\u00e7\\u00e3o\",\"p18_feminismos\":\"Feminismos\",\"p18_lgbtqi\":\"LGBTQI\",\"p18_lutaantirracismo\":\"Luta antirracismo\",\"p18_mobilidade\":\"Mobilidade\",\"p18_moradia\":\"Moradia\",\"p18_povosecomunidadestradicionais\":\"Povos e comunidades tradicionais\",\"p18_trabalho\":\"Trabalho\",\"p18_saude\":\"Sa\\u00fade\",\"p18_violencia\":\"Viol\\u00eancia\",\"p18_politicasculturais\":\"Pol\\u00edticas Culturais\",\"p19_desenvolvimentoterritorial\":\"Desenvolvimento territorial\",\"p19_direitoshumanos\":\"Direitos humanos\",\"p19_feminismos\":\"Feminismos\",\"p19_lutaantirracismo\":\"Luta antirracismo\",\"p19_povosecomunidadestradicionais\":\"Povos e comunidades tradicionais\",\"p19_violencia\":\"Viol\\u00eancia\",\"p20_reunioes\":\"Reuni\\u00f5es\",\"p20_atendimento\":\"Atendimento\",\"p20_oficinas\":\"Oficinas\",\"p20_oficinasaulasartisticas\":\"Ensaios\\\/Oficinas\\\/Aulas art\\u00edsticas\",\"p20_formacao\":\"Forma\\u00e7\\u00e3o\",\"p20_apresentacoesartisticas\":\"Apresenta\\u00e7\\u00f5es art\\u00edsticas\",\"p20_visitasexcursoes\":\"Visitas\\\/Excurs\\u00f5es\",\"p21_repressaopolicial\":\"Repress\\u00e3o policial\",\"p21_machismo\":\"Machismo\",\"p21_racismo\":\"Racismo\",\"p21_lgbtqifobia\":\"LGBTIfobia\",\"p21_nenhum\":\"Nenhum\",\"p22_numerodeparticipantes\":\"1  - 15\",\"p23_atendimento\":\"Atendimento\",\"p23_formacao\":\"Forma\\u00e7\\u00e3o\",\"p23_visitas\":\"Visitas\",\"p24_atendimento\":\"Atendimentos\",\"p24_oficinas\":\"Oficinas\",\"p24_oficinasaulasartisticas\":\"Ensaios\\\/Oficinas\\\/Aulas art\\u00edsticas\",\"p24_visitasexcursoes\":\"Visitas\\\/Excurs\\u00f5es\",\"p24_outros\":\"Outros\",\"p25_numerodepessoas\":\"40 - 60\",\"p26_numerodepessoas\":\"20 - 40\",\"p27_espacopublico\":\"Espa\\u00e7o p\\u00fablico\",\"p27_espacoemprestadocedido\":\"Espa\\u00e7o emprestado\\\/cedido\",\"p27_espacoproprio\":\"Espa\\u00e7o pr\\u00f3prio\",\"p27_virtual\":\"Virtual\",\"p28_territorios\":\"Atua\\u00e7\\u00e3o Nacional\",\"p30_outrasorganizacoes\":\"N\\u00e3o\",\"p32_campanhadelongaduracao\":\"N\\u00e3o\",\"p34_municipal\":\"Municipal\",\"p34_estadual\":\"Estadual\",\"p34_nacional\":\"Nacional\",\"p36_conselhosdeparticipacaoecontrolesocial\":\"N\\u00e3o\",\"p38_sim\":\"Sim\",\"p38_nenhum\":\"Nenhum\",\"p40_editais\":\"Sim\",\"p41_publicoestatal\":\"P\\u00fablico-Estatal\",\"p41_autofinanciamento\":\"Autofinanciamento\",\"p41_financiamentocoletivo0\":\"Financiamento coletivo\",\"p42_meiodedivulgacaoproprio\":\"Sim\",\"p43_facebook\":\"Facebook\",\"p43_whatsapp\":\"WhatsApp\",\"p43_instagram\":\"Instagram\",\"p43_sitesblogs\":\"Blogs\\\/sites\",\"p44_radio\":\"TV\",\"p44_jornaisimpressosdegrandecirculacao\":\"Jornais impressos de grande circula\\u00e7\\u00e3o\",\"p44_jornaisimpressosdebairro\":\"Jornais impressos de bairro\",\"p44_redessociais\":\"Redes sociais (Facebook, YouTube, Instagram etc.)\",\"p44_sitesblogs\":\"Sites ou Blogs\",\"p39_publico\":\"MULHERES GERA\\u00c7\\u00d5ES\",\"p45_bandeira\":\"VIOL\\u00caNCIA CULTURA FEMINISMO EMPREENDEDORISMO EMPODERAMENTO CONTRA  POPULA\\u00c7\\u00c3O NEGRA EMANCIPA\\u00c7\\u00c3O AFETO EMANCIPA\\u00c7\\u00c3O FINANCEIRA\",\"p46_hashtags\":\"#VIVAMAIS #EMANCIPACAOPELOOAFETO #PEROLASNRGAS\"},{\"p1_eixo\":\"Viol\\u00eancia\",\"p9_tipoorganizacao\":\"Instituto\",\"p12_uf\":\"SE\",\"p13_cidade\":\"ARACAJU\",\"p17_ano\":\"2008\",\"p16_estado\":\"Estado\",\"p18_agrario\":\"Agr\\u00e1rio\\\/ruralidades\",\"p18_difusaoartistica\":\"Difus\\u00e3o Art\\u00edstica\",\"p18_desenvolvimentoterritorial\":\"Desenvolvimento territorial\",\"p18_direitoshumanos\":\"Direitos humanos\",\"p18_educacao\":\"Educa\\u00e7\\u00e3o\",\"p18_feminismos\":\"Feminismos\",\"p18_lgbtqi\":\"LGBTQI\",\"p18_lutaantirracismo\":\"Luta antirracismo\",\"p18_moradia\":\"Moradia\",\"p18_povosecomunidadestradicionais\":\"Povos e comunidades tradicionais\",\"p18_trabalho\":\"Trabalho\",\"p18_religiao\":\"Religi\\u00e3o\",\"p18_saude\":\"Sa\\u00fade\",\"p18_violencia\":\"Viol\\u00eancia\",\"p18_politicasculturais\":\"Pol\\u00edticas Culturais\",\"p19_agrario\":\"Agr\\u00e1rio\\\/ruralidades\",\"p19_desenvolvimentoterritorial\":\"Desenvolvimento territorial\",\"p19_direitoshumanos\":\"Direitos humanos\",\"p19_feminismos\":\"Feminismos\",\"p19_povosecomunidadestradicionais\":\"Povos e comunidades tradicionais\",\"p20_atendimento\":\"Atendimento\",\"p20_oficinas\":\"Oficinas\",\"p20_oficinasaulasartisticas\":\"Ensaios\\\/Oficinas\\\/Aulas art\\u00edsticas\",\"p20_visitasexcursoes\":\"Visitas\\\/Excurs\\u00f5es\",\"p21_repressaopolicial\":\"Repress\\u00e3o policial\",\"p21_intoleranciareligiosa\":\"Fundamentalismo\\\/intoler\\u00e2ncia religiosa\",\"p21_machismo\":\"Machismo\",\"p21_racismo\":\"Racismo\",\"p21_lgbtqifobia\":\"LGBTIfobia\",\"p22_numerodeparticipantes\":\"1  - 15\",\"p23_atendimento\":\"Atendimento\",\"p23_oficinas\":\"Oficinas\",\"p23_oficinasaulasartisticas\":\"Ensaio\\\/Oficinas\\\/Aulas Art\\u00edsticas\",\"p23_visitas\":\"Visitas\",\"p24_oficinas\":\"Oficinas\",\"p24_oficinasaulasartisticas\":\"Ensaios\\\/Oficinas\\\/Aulas art\\u00edsticas\",\"p24_visitasexcursoes\":\"Visitas\\\/Excurs\\u00f5es\",\"p24_outros\":\"Outros\",\"p25_numerodepessoas\":\"60 - 80\",\"p26_numerodepessoas\":\"200 - 300\",\"p27_espacopublico\":\"Espa\\u00e7o p\\u00fablico\",\"p27_espacoemprestadocedido\":\"Espa\\u00e7o emprestado\\\/cedido\",\"p27_espacoproprio\":\"Espa\\u00e7o pr\\u00f3prio\",\"p28_territorios\":\"Regi\\u00e3o da Cidade\",\"p30_outrasorganizacoes\":\"Sim\",\"p32_campanhadelongaduracao\":\"Sim\",\"p34_municipal\":\"Municipal\",\"p34_estadual\":\"Estadual\",\"p34_nacional\":\"Nacional\",\"p34_nenhuma\":\"Nenhuma\",\"p36_conselhosdeparticipacaoecontrolesocial\":\"Sim\",\"p38_sim\":\"Sim\",\"p38_nenhum\":\"Nenhum\",\"p40_editais\":\"Sim\",\"p41_publicoestatal\":\"P\\u00fablico-Estatal\",\"p41_privadopj\":\"Privado (P. Jur\\u00eddica)\",\"p42_meiodedivulgacaoproprio\":\"Sim\",\"p43_facebook\":\"Facebook\",\"p43_sitesblogs\":\"Blogs\\\/sites\",\"p43_nenhum\":\"Nenhum\",\"p44_radio\":\"TV\",\"p44_jornaisimpressosdegrandecirculacao\":\"Jornais impressos de grande circula\\u00e7\\u00e3o\",\"p44_jornaisimpressosdebairro\":\"Jornais impressos de bairro\",\"p44_redessociais\":\"Redes sociais (Facebook, YouTube, Instagram etc.)\",\"p44_sitesblogs\":\"Sites ou Blogs\",\"p39_publico\":\"QUILOMBOLAS ADOLESCENTES\",\"p45_bandeira\":\"EXTERM\\u00cdNIO JUVENTUDE NEGRA SOCIOEDUCATIVO\",\"p46_hashtags\":\"#FIMDOEXTERMINIO #SISTEMSOCIOEDUCATIVO  #RESPEITOADIVERSIDADE\"},{\"p1_eixo\":\"Trabalho\",\"p9_tipoorganizacao\":\"Associa\\u00e7\\u00e3o\",\"p12_uf\":\"SE\",\"p13_cidade\":\"JAPARATUBA\",\"p16_cidade\":\"Cidade\",\"p17_ano\":\"2009\",\"p16_estado\":\"Estado\",\"p18_agrario\":\"Agr\\u00e1rio\\\/ruralidades\",\"p18_difusaoartistica\":\"Difus\\u00e3o Art\\u00edstica\",\"p18_desenvolvimentoterritorial\":\"Desenvolvimento territorial\",\"p18_direitoshumanos\":\"Direitos humanos\",\"p18_educacao\":\"Educa\\u00e7\\u00e3o\",\"p18_feminismos\":\"Feminismos\",\"p18_lgbtqi\":\"LGBTQI\",\"p18_lutaantirracismo\":\"Luta antirracismo\",\"p18_mobilidade\":\"Mobilidade\",\"p18_moradia\":\"Moradia\",\"p18_povosecomunidadestradicionais\":\"Povos e comunidades tradicionais\",\"p18_trabalho\":\"Trabalho\",\"p18_religiao\":\"Religi\\u00e3o\",\"p18_saude\":\"Sa\\u00fade\",\"p18_violencia\":\"Viol\\u00eancia\",\"p18_politicasculturais\":\"Pol\\u00edticas Culturais\",\"p19_agrario\":\"Agr\\u00e1rio\\\/ruralidades\",\"p19_direitoshumanos\":\"Direitos humanos\",\"p19_feminismos\":\"Feminismos\",\"p19_lutaantirracismo\":\"Luta antirracismo\",\"p19_moradia\":\"Moradia\",\"p19_povosecomunidadestradicionais\":\"Povos e comunidades tradicionais\",\"p20_oficinas\":\"Oficinas\",\"p20_oficinasaulasartisticas\":\"Ensaios\\\/Oficinas\\\/Aulas art\\u00edsticas\",\"p20_formacao\":\"Forma\\u00e7\\u00e3o\",\"p21_intoleranciareligiosa\":\"Fundamentalismo\\\/intoler\\u00e2ncia religiosa\",\"p21_machismo\":\"Machismo\",\"p21_racismo\":\"Racismo\",\"p21_lgbtqifobia\":\"LGBTIfobia\",\"p21_nenhum\":\"Nenhum\",\"p22_numerodeparticipantes\":\"Mais de 90\",\"p23_oficinas\":\"Oficinas\",\"p23_oficinasaulasartisticas\":\"Ensaio\\\/Oficinas\\\/Aulas Art\\u00edsticas\",\"p24_oficinas\":\"Oficinas\",\"p24_formacao\":\"Forma\\u00e7\\u00e3o\",\"p24_outros\":\"Outros\",\"p25_numerodepessoas\":\"20 - 40\",\"p26_numerodepessoas\":\"40 - 60\",\"p27_espacoproprio\":\"Espa\\u00e7o pr\\u00f3prio\",\"p27_ocupacao\":\"Ocupa\\u00e7\\u00e3o\",\"p28_territorios\":\"Pr\\u00f3prio bairro\",\"p30_outrasorganizacoes\":\"Sim\",\"p32_campanhadelongaduracao\":\"Sim\",\"p34_nenhuma\":\"Nenhuma\",\"p36_conselhosdeparticipacaoecontrolesocial\":\"Sim\",\"p38_sim\":\"Sim\",\"p38_nenhum\":\"Nenhum\",\"p40_editais\":\"Sim\",\"p41_privadopj\":\"Privado (P. Jur\\u00eddica)\",\"p41_autofinanciamento\":\"Autofinanciamento\",\"p41_financiamentocoletivo0\":\"Financiamento coletivo\",\"p42_meiodedivulgacaoproprio\":\"Sim\",\"p43_whatsapp\":\"WhatsApp\",\"p43_nenhum\":\"Nenhum\",\"p44_redessociais\":\"Redes sociais (Facebook, YouTube, Instagram etc.)\",\"p44_nenhum\":\"Nenhum\",\"p39_publico\":\"MULHERES JOVENS\",\"p45_bandeira\":\"TERRA QUILOMBOLA IGUALDADE G\\u00caNERO\",\"p46_hashtags\":\"#TERRAQUILOMBOLA #QUILOMBOPATIOBA\"},{\"p1_eixo\":\"Trabalho\",\"p9_tipoorganizacao\":\"Associa\\u00e7\\u00e3o\",\"p12_uf\":\"GO\",\"p13_cidade\":\"GOI\\u00c2NIA\",\"p16_bairro\":\"Bairro\",\"p16_cidade\":\"Cidade\",\"p17_ano\":\"2016\",\"p18_comunicacao\":\"Comunica\\u00e7\\u00e3o\",\"p18_difusaoartistica\":\"Difus\\u00e3o Art\\u00edstica\",\"p18_direitoshumanos\":\"Direitos humanos\",\"p18_educacao\":\"Educa\\u00e7\\u00e3o\",\"p18_lutaantirracismo\":\"Luta antirracismo\",\"p18_mobilidade\":\"Mobilidade\",\"p18_moradia\":\"Moradia\",\"p18_povosecomunidadestradicionais\":\"Povos e comunidades tradicionais\",\"p18_trabalho\":\"Trabalho\",\"p18_politicasculturais\":\"Pol\\u00edticas Culturais\",\"p19_direitoshumanos\":\"Direitos humanos\",\"p19_educacao\":\"Educa\\u00e7\\u00e3o\",\"p19_lutaantirracismo\":\"Luta antirracismo\",\"p19_moradia\":\"Moradia\",\"p19_trabalho\":\"Trabalho\",\"p19_difusaoartistica\":\"Difus\\u00e3o Art\\u00edstica\",\"p20_oficinas\":\"Oficinas\",\"p20_oficinasaulasartisticas\":\"Ensaios\\\/Oficinas\\\/Aulas art\\u00edsticas\",\"p20_formacao\":\"Forma\\u00e7\\u00e3o\",\"p20_apresentacoesartisticas\":\"Apresenta\\u00e7\\u00f5es art\\u00edsticas\",\"p21_nenhum\":\"Nenhum\",\"p22_numerodeparticipantes\":\"1  - 15\",\"p23_oficinas\":\"Oficinas\",\"p23_oficinasaulasartisticas\":\"Ensaio\\\/Oficinas\\\/Aulas Art\\u00edsticas\",\"p23_apresentacoesartisticas\":\"Apresenta\\u00e7\\u00f5es Art\\u00edsticas\",\"p24_oficinasaulasartisticas\":\"Ensaios\\\/Oficinas\\\/Aulas art\\u00edsticas\",\"p24_formacao\":\"Forma\\u00e7\\u00e3o\",\"p24_apresentacoesartisticas\":\"Apresenta\\u00e7\\u00f5es art\\u00edsticas\",\"p25_numerodepessoas\":\"100 - 200\",\"p26_numerodepessoas\":\"300 - 400\",\"p27_ocupacao\":\"Ocupa\\u00e7\\u00e3o\",\"p28_territorios\":\"Pr\\u00f3prio bairro\",\"p30_outrasorganizacoes\":\"N\\u00e3o\",\"p32_campanhadelongaduracao\":\"N\\u00e3o\",\"p34_municipal\":\"Municipal\",\"p34_nenhuma\":\"Nenhuma\",\"p36_conselhosdeparticipacaoecontrolesocial\":\"N\\u00e3o\",\"p38_sim\":\"Sim\",\"p38_nenhum\":\"Nenhum\",\"p40_editais\":\"N\\u00e3o\",\"p41_privadopf\":\"Privado (P. F\\u00edsica)\",\"p41_autofinanciamento\":\"Autofinanciamento\",\"p41_financiamentocoletivo0\":\"Financiamento coletivo\",\"p42_meiodedivulgacaoproprio\":\"Sim\",\"p43_email\":\"E-mail\",\"p43_facebook\":\"Facebook\",\"p43_whatsapp\":\"WhatsApp\",\"p43_instagram\":\"Instagram\",\"p43_youtube\":\"YouTube\",\"p44_redessociais\":\"Redes sociais (Facebook, YouTube, Instagram etc.)\",\"p44_sitesblogs\":\"Sites ou Blogs\",\"p44_nenhum\":\"Nenhum\",\"p39_publico\":\"PROCESSO SELE\\u00c7\\u00c3O MEMBROS\",\"p45_bandeira\":\"BANDEIRAS REFORMA AGR\\u00c1RIA DEMOCRACIA\",\"p46_hashtags\":\"#REFORMAGRARIA #COMUNHAO #ORGANIZACAO\"},{\"p1_eixo\":\"Cultura\",\"p9_tipoorganizacao\":\"Coletivo\",\"p12_uf\":\"SP\",\"p13_cidade\":\"S\\u00c3O PAULO\",\"p16_bairro\":\"Bairro\",\"p16_cidade\":\"Cidade\",\"p17_ano\":\"2017\",\"p18_comunicacao\":\"Comunica\\u00e7\\u00e3o\",\"p18_difusaoartistica\":\"Difus\\u00e3o Art\\u00edstica\",\"p18_direitoshumanos\":\"Direitos humanos\",\"p18_educacao\":\"Educa\\u00e7\\u00e3o\",\"p18_lgbtqi\":\"LGBTQI\",\"p18_povosecomunidadestradicionais\":\"Povos e comunidades tradicionais\",\"p18_trabalho\":\"Trabalho\",\"p18_politicasculturais\":\"Pol\\u00edticas Culturais\",\"p19_direitoshumanos\":\"Direitos humanos\",\"p19_educacao\":\"Educa\\u00e7\\u00e3o\",\"p19_trabalho\":\"Trabalho\",\"p19_difusaoartistica\":\"Difus\\u00e3o Art\\u00edstica\",\"p19_politicasculturais\":\"Pol\\u00edticas Culturais\",\"p20_oficinas\":\"Oficinas\",\"p20_oficinasaulasartisticas\":\"Ensaios\\\/Oficinas\\\/Aulas art\\u00edsticas\",\"p20_apresentacoesartisticas\":\"Apresenta\\u00e7\\u00f5es art\\u00edsticas\",\"p20_visitasexcursoes\":\"Visitas\\\/Excurs\\u00f5es\",\"p21_machismo\":\"Machismo\",\"p21_racismo\":\"Racismo\",\"p21_nenhum\":\"Nenhum\",\"p22_numerodeparticipantes\":\"1  - 15\",\"p23_reunioes\":\"Reuni\\u00f5es\",\"p23_oficinas\":\"Oficinas\",\"p23_oficinasaulasartisticas\":\"Ensaio\\\/Oficinas\\\/Aulas Art\\u00edsticas\",\"p23_apresentacoesartisticas\":\"Apresenta\\u00e7\\u00f5es Art\\u00edsticas\",\"p24_atendimento\":\"Atendimentos\",\"p24_oficinasaulasartisticas\":\"Ensaios\\\/Oficinas\\\/Aulas art\\u00edsticas\",\"p24_formacao\":\"Forma\\u00e7\\u00e3o\",\"p24_apresentacoesartisticas\":\"Apresenta\\u00e7\\u00f5es art\\u00edsticas\",\"p25_numerodepessoas\":\"20 - 40\",\"p26_numerodepessoas\":\"1 - 20\",\"p27_espacopublico\":\"Espa\\u00e7o p\\u00fablico\",\"p27_espacoemprestadocedido\":\"Espa\\u00e7o emprestado\\\/cedido\",\"p27_ocupacao\":\"Ocupa\\u00e7\\u00e3o\",\"p28_territorios\":\"Pr\\u00f3prio bairro\",\"p30_outrasorganizacoes\":\"Sim\",\"p32_campanhadelongaduracao\":\"N\\u00e3o\",\"p34_municipal\":\"Municipal\",\"p34_estadual\":\"Estadual\",\"p34_nenhuma\":\"Nenhuma\",\"p36_conselhosdeparticipacaoecontrolesocial\":\"N\\u00e3o\",\"p38_sim\":\"Sim\",\"p38_nenhum\":\"Nenhum\",\"p40_editais\":\"Sim\",\"p41_privadopf\":\"Privado (P. F\\u00edsica)\",\"p41_autofinanciamento\":\"Autofinanciamento\",\"p42_meiodedivulgacaoproprio\":\"Sim\",\"p43_email\":\"E-mail\",\"p43_facebook\":\"Facebook\",\"p43_whatsapp\":\"WhatsApp\",\"p43_instagram\":\"Instagram\",\"p43_sitesblogs\":\"Blogs\\\/sites\",\"p43_youtube\":\"YouTube\",\"p44_redessociais\":\"Redes sociais (Facebook, YouTube, Instagram etc.)\",\"p44_sitesblogs\":\"Sites ou Blogs\",\"p39_publico\":\"CRIAN\\u00c7AS ADOLESCENTES JOVENS\",\"p45_bandeira\":\"JUVENTUDE DESCENTRALIZA\\u00c7\\u00c3O RECURSOS CULTURA CULTURA  TRANSFORMA\\u00c7\\u00c3O SOCIAL\",\"p46_hashtags\":\"#EDUCACAO #ARTE #CULTURA\"},{\"p1_eixo\":\"Cultura\",\"p9_tipoorganizacao\":\"Coletivo\",\"p12_uf\":\"AM\",\"p13_cidade\":\"MANAUS\",\"p16_cidade\":\"Cidade\",\"p17_ano\":\"2016\",\"p16_estado\":\"Estado\",\"p18_difusaoartistica\":\"Difus\\u00e3o Art\\u00edstica\",\"p18_direitoshumanos\":\"Direitos humanos\",\"p18_educacao\":\"Educa\\u00e7\\u00e3o\",\"p18_feminismos\":\"Feminismos\",\"p18_lgbtqi\":\"LGBTQI\",\"p18_povosecomunidadestradicionais\":\"Povos e comunidades tradicionais\",\"p18_violencia\":\"Viol\\u00eancia\",\"p18_politicasculturais\":\"Pol\\u00edticas Culturais\",\"p19_direitoshumanos\":\"Direitos humanos\",\"p19_educacao\":\"Educa\\u00e7\\u00e3o\",\"p19_violencia\":\"Viol\\u00eancia\",\"p19_difusaoartistica\":\"Difus\\u00e3o Art\\u00edstica\",\"p19_politicasculturais\":\"Pol\\u00edticas Culturais\",\"p20_reunioes\":\"Reuni\\u00f5es\",\"p20_atendimento\":\"Atendimento\",\"p20_oficinas\":\"Oficinas\",\"p20_oficinasaulasartisticas\":\"Ensaios\\\/Oficinas\\\/Aulas art\\u00edsticas\",\"p20_cursos\":\"Cursos\",\"p20_formacao\":\"Forma\\u00e7\\u00e3o\",\"p20_apresentacoesartisticas\":\"Apresenta\\u00e7\\u00f5es art\\u00edsticas\",\"p20_visitasexcursoes\":\"Visitas\\\/Excurs\\u00f5es\",\"p21_intoleranciareligiosa\":\"Fundamentalismo\\\/intoler\\u00e2ncia religiosa\",\"p21_machismo\":\"Machismo\",\"p21_racismo\":\"Racismo\",\"p22_numerodeparticipantes\":\"15 - 30\",\"p23_reunioes\":\"Reuni\\u00f5es\",\"p23_atendimento\":\"Atendimento\",\"p23_oficinas\":\"Oficinas\",\"p23_cursos\":\"Cursos\",\"p23_formacao\":\"Forma\\u00e7\\u00e3o\",\"p23_apresentacoesartisticas\":\"Apresenta\\u00e7\\u00f5es Art\\u00edsticas\",\"p23_outros\":\"Outros\",\"p24_atendimento\":\"Atendimentos\",\"p24_curso\":\"Curso\",\"p24_formacao\":\"Forma\\u00e7\\u00e3o\",\"p25_numerodepessoas\":\"80 - 100\",\"p26_numerodepessoas\":\"40 - 60\",\"p27_espacopublico\":\"Espa\\u00e7o p\\u00fablico\",\"p27_espacoemprestadocedido\":\"Espa\\u00e7o emprestado\\\/cedido\",\"p27_espacoproprio\":\"Espa\\u00e7o pr\\u00f3prio\",\"p28_territorios\":\"Regi\\u00e3o da Cidade\",\"p30_outrasorganizacoes\":\"Sim\",\"p32_campanhadelongaduracao\":\"N\\u00e3o\",\"p34_municipal\":\"Municipal\",\"p34_estadual\":\"Estadual\",\"p34_nacional\":\"Nacional\",\"p36_conselhosdeparticipacaoecontrolesocial\":\"Sim\",\"p38_sim\":\"Sim\",\"p38_nenhum\":\"Nenhum\",\"p40_editais\":\"Sim\",\"p41_autofinanciamento\":\"Autofinanciamento\",\"p42_meiodedivulgacaoproprio\":\"Sim\",\"p43_email\":\"E-mail\",\"p43_facebook\":\"Facebook\",\"p43_whatsapp\":\"WhatsApp\",\"p43_instagram\":\"Instagram\",\"p43_sitesblogs\":\"Blogs\\\/sites\",\"p44_redessociais\":\"Redes sociais (Facebook, YouTube, Instagram etc.)\",\"p44_sitesblogs\":\"Sites ou Blogs\",\"p39_publico\":\"BAIXA-RENDA PERIFERIA MANAUS\",\"p45_bandeira\":\"FAM\\u00cdLIAS PESSOAS-COM-DEFICI\\u00caNCIA\",\"p46_hashtags\":\"#EMPREENDEDORISMODAPERIFERIA #JOVEMCULTURA #DIREITOSHUMANOSMANAUS\"},{\"p1_eixo\":\"Viol\\u00eancia\",\"p9_tipoorganizacao\":\"Coletivo\",\"p12_uf\":\"PE\",\"p13_cidade\":\"OLINDA\",\"p16_cidade\":\"Cidade\",\"p17_ano\":\"2014\",\"p16_estado\":\"Estado\",\"p18_direitoshumanos\":\"Direitos humanos\",\"p18_feminismos\":\"Feminismos\",\"p18_lgbtqi\":\"LGBTQI\",\"p18_violencia\":\"Viol\\u00eancia\",\"p18_politicasculturais\":\"Pol\\u00edticas Culturais\",\"p19_direitoshumanos\":\"Direitos humanos\",\"p19_educacao\":\"Educa\\u00e7\\u00e3o\",\"p19_violencia\":\"Viol\\u00eancia\",\"p19_difusaoartistica\":\"Difus\\u00e3o Art\\u00edstica\",\"p20_reunioes\":\"Reuni\\u00f5es\",\"p20_atendimento\":\"Atendimento\",\"p20_oficinas\":\"Oficinas\",\"p20_cursos\":\"Cursos\",\"p20_formacao\":\"Forma\\u00e7\\u00e3o\",\"p20_apresentacoesartisticas\":\"Apresenta\\u00e7\\u00f5es art\\u00edsticas\",\"p21_intoleranciareligiosa\":\"Fundamentalismo\\\/intoler\\u00e2ncia religiosa\",\"p21_racismo\":\"Racismo\",\"p21_nenhum\":\"Nenhum\",\"p22_numerodeparticipantes\":\"1  - 15\",\"p23_reunioes\":\"Reuni\\u00f5es\",\"p23_atendimento\":\"Atendimento\",\"p23_oficinas\":\"Oficinas\",\"p23_cursos\":\"Cursos\",\"p23_formacao\":\"Forma\\u00e7\\u00e3o\",\"p23_outros\":\"Outros\",\"p24_curso\":\"Curso\",\"p24_apresentacoesartisticas\":\"Apresenta\\u00e7\\u00f5es art\\u00edsticas\",\"p25_numerodepessoas\":\"100 - 200\",\"p26_numerodepessoas\":\"40 - 60\",\"p27_espacoproprio\":\"Espa\\u00e7o pr\\u00f3prio\",\"p28_territorios\":\"Estado\",\"p30_outrasorganizacoes\":\"Sim\",\"p32_campanhadelongaduracao\":\"N\\u00e3o\",\"p34_nacional\":\"Nacional\",\"p34_nenhuma\":\"Nenhuma\",\"p36_conselhosdeparticipacaoecontrolesocial\":\"N\\u00e3o\",\"p38_sim\":\"Sim\",\"p38_nenhum\":\"Nenhum\",\"p40_editais\":\"N\\u00e3o\",\"p41_autofinanciamento\":\"Autofinanciamento\",\"p42_meiodedivulgacaoproprio\":\"Sim\",\"p43_email\":\"E-mail\",\"p43_facebook\":\"Facebook\",\"p43_whatsapp\":\"WhatsApp\",\"p43_instagram\":\"Instagram\",\"p44_redessociais\":\"Redes sociais (Facebook, YouTube, Instagram etc.)\",\"p44_sitesblogs\":\"Sites ou Blogs\",\"p44_nenhum\":\"Nenhum\",\"p39_publico\":\"PESSOAS C\\u00c1RCERE EGRESSOS ESTUDANTES ADOLESCENTES MEDIDA SOCIOEDUCATIVA\",\"p45_bandeira\":\"DIREITOS HUMANOS RESGATAR CULTURA POVOS MATRIZ AFRICANA DISCUSS\\u00c3O TRANSVERSALIDADE POL\\u00cdTICAS P\\u00daBLICAS\",\"p46_hashtags\":\"#DIREITOSHUMANOS #CARCERE #VIOLENCIA\"},{\"p1_eixo\":\"Cultura\",\"p9_tipoorganizacao\":\"Coletivo Art\\u00edstico\",\"p12_uf\":\"RN\",\"p13_cidade\":\"MACA\\u00cdBA\",\"p16_cidade\":\"Cidade\",\"p17_ano\":\"2005\",\"p18_comunicacao\":\"Comunica\\u00e7\\u00e3o\",\"p18_difusaoartistica\":\"Difus\\u00e3o Art\\u00edstica\",\"p18_desenvolvimentoterritorial\":\"Desenvolvimento territorial\",\"p18_direitoshumanos\":\"Direitos humanos\",\"p18_educacao\":\"Educa\\u00e7\\u00e3o\",\"p18_feminismos\":\"Feminismos\",\"p18_lgbtqi\":\"LGBTQI\",\"p18_lutaantirracismo\":\"Luta antirracismo\",\"p18_povosecomunidadestradicionais\":\"Povos e comunidades tradicionais\",\"p18_trabalho\":\"Trabalho\",\"p18_religiao\":\"Religi\\u00e3o\",\"p18_saude\":\"Sa\\u00fade\",\"p18_violencia\":\"Viol\\u00eancia\",\"p18_politicasculturais\":\"Pol\\u00edticas Culturais\",\"p19_educacao\":\"Educa\\u00e7\\u00e3o\",\"p19_povosecomunidadestradicionais\":\"Povos e comunidades tradicionais\",\"p19_difusaoartistica\":\"Difus\\u00e3o Art\\u00edstica\",\"p20_reunioes\":\"Reuni\\u00f5es\",\"p20_oficinas\":\"Oficinas\",\"p20_oficinasaulasartisticas\":\"Ensaios\\\/Oficinas\\\/Aulas art\\u00edsticas\",\"p20_apresentacoesartisticas\":\"Apresenta\\u00e7\\u00f5es art\\u00edsticas\",\"p21_nenhum\":\"Nenhum\",\"p22_numerodeparticipantes\":\"15 - 30\",\"p23_reunioes\":\"Reuni\\u00f5es\",\"p23_oficinasaulasartisticas\":\"Ensaio\\\/Oficinas\\\/Aulas Art\\u00edsticas\",\"p24_apresentacoesartisticas\":\"Apresenta\\u00e7\\u00f5es art\\u00edsticas\",\"p25_numerodepessoas\":\"20 - 40\",\"p26_numerodepessoas\":\"40 - 60\",\"p27_espacoproprio\":\"Espa\\u00e7o pr\\u00f3prio\",\"p28_territorios\":\"Cidade\",\"p30_outrasorganizacoes\":\"N\\u00e3o\",\"p32_campanhadelongaduracao\":\"N\\u00e3o\",\"p34_municipal\":\"Municipal\",\"p34_nenhuma\":\"Nenhuma\",\"p36_conselhosdeparticipacaoecontrolesocial\":\"Sim\",\"p38_sim\":\"Sim\",\"p38_nenhum\":\"Nenhum\",\"p40_editais\":\"Sim\",\"p41_autofinanciamento\":\"Autofinanciamento\",\"p41_financiamentocoletivo0\":\"Financiamento coletivo\",\"p42_meiodedivulgacaoproprio\":\"Sim\",\"p43_email\":\"E-mail\",\"p43_facebook\":\"Facebook\",\"p43_whatsapp\":\"WhatsApp\",\"p43_instagram\":\"Instagram\",\"p43_youtube\":\"YouTube\",\"p44_radio\":\"R\\u00e1dio\",\"p44_redessociais\":\"Redes sociais (Facebook, YouTube, Instagram etc.)\",\"p44_sitesblogs\":\"Sites ou Blogs\",\"p44_nenhum\":\"Nenhum\",\"p39_publico\":\"JOVENS PERIF\\u00c9RICOS\",\"p45_bandeira\":\"REGULARIZA\\u00c7\\u00c3O FUNDI\\u00c1RIA SA\\u00daDE EDUCA\\u00c7\\u00c3O CULTURA\",\"p46_hashtags\":\"#LITERATURA #SARAU #MACAIBA\"},{\"p1_eixo\":\"Cultura\",\"p9_tipoorganizacao\":\"Coletivo Art\\u00edstico\",\"p12_uf\":\"PE\",\"p13_cidade\":\"RECIFE\",\"p16_cidade\":\"Cidade\",\"p17_ano\":\"2005\",\"p18_comunicacao\":\"Comunica\\u00e7\\u00e3o\",\"p18_difusaoartistica\":\"Difus\\u00e3o Art\\u00edstica\",\"p18_desenvolvimentoterritorial\":\"Desenvolvimento territorial\",\"p18_direitoshumanos\":\"Direitos humanos\",\"p18_educacao\":\"Educa\\u00e7\\u00e3o\",\"p18_feminismos\":\"Feminismos\",\"p18_lgbtqi\":\"LGBTQI\",\"p18_lutaantirracismo\":\"Luta antirracismo\",\"p18_povosecomunidadestradicionais\":\"Povos e comunidades tradicionais\",\"p18_trabalho\":\"Trabalho\",\"p18_religiao\":\"Religi\\u00e3o\",\"p18_saude\":\"Sa\\u00fade\",\"p18_violencia\":\"Viol\\u00eancia\",\"p18_politicasculturais\":\"Pol\\u00edticas Culturais\",\"p19_educacao\":\"Educa\\u00e7\\u00e3o\",\"p19_povosecomunidadestradicionais\":\"Povos e comunidades tradicionais\",\"p19_difusaoartistica\":\"Difus\\u00e3o Art\\u00edstica\",\"p19_politicasculturais\":\"Pol\\u00edticas Culturais\",\"p20_oficinas\":\"Oficinas\",\"p20_oficinasaulasartisticas\":\"Ensaios\\\/Oficinas\\\/Aulas art\\u00edsticas\",\"p20_cursos\":\"Cursos\",\"p20_profissionalizacao\":\"Profissionaliza\\u00e7\\u00e3o\",\"p20_apresentacoesartisticas\":\"Apresenta\\u00e7\\u00f5es art\\u00edsticas\",\"p21_nenhum\":\"Nenhum\",\"p22_numerodeparticipantes\":\"1  - 15\",\"p23_oficinasaulasartisticas\":\"Ensaio\\\/Oficinas\\\/Aulas Art\\u00edsticas\",\"p23_apresentacoesartisticas\":\"Apresenta\\u00e7\\u00f5es Art\\u00edsticas\",\"p24_oficinasaulasartisticas\":\"Ensaios\\\/Oficinas\\\/Aulas art\\u00edsticas\",\"p24_profissionalizacao\":\"Profissionaliza\\u00e7\\u00e3o\",\"p24_apresentacoesartisticas\":\"Apresenta\\u00e7\\u00f5es art\\u00edsticas\",\"p25_numerodepessoas\":\"20 - 40\",\"p26_numerodepessoas\":\"100 - 200\",\"p27_espacopublico\":\"Espa\\u00e7o p\\u00fablico\",\"p27_espacoemprestadocedido\":\"Espa\\u00e7o emprestado\\\/cedido\",\"p27_espacoproprio\":\"Espa\\u00e7o pr\\u00f3prio\",\"p28_territorios\":\"Regi\\u00e3o da Cidade\",\"p30_outrasorganizacoes\":\"Sim\",\"p32_campanhadelongaduracao\":\"N\\u00e3o\",\"p34_municipal\":\"Municipal\",\"p36_conselhosdeparticipacaoecontrolesocial\":\"N\\u00e3o\",\"p38_sim\":\"Sim\",\"p38_nenhum\":\"Nenhum\",\"p40_editais\":\"N\\u00e3o\",\"p41_autofinanciamento\":\"Autofinanciamento\",\"p41_financiamentocoletivo0\":\"Financiamento coletivo\",\"p42_meiodedivulgacaoproprio\":\"Sim\",\"p43_email\":\"E-mail\",\"p43_facebook\":\"Facebook\",\"p43_whatsapp\":\"WhatsApp\",\"p43_instagram\":\"Instagram\",\"p43_sitesblogs\":\"Blogs\\\/sites\",\"p43_youtube\":\"YouTube\",\"p44_radio\":\"R\\u00e1dio\",\"p44_redessociais\":\"Redes sociais (Facebook, YouTube, Instagram etc.)\",\"p44_sitesblogs\":\"Sites ou Blogs\",\"p39_publico\":\"TODOS CULTURA AFRO RESPEITAR AMBIENTE\",\"p45_bandeira\":\"LUTA IGUALDADE DIREITOS LUTA ANTIRRACISMO\",\"p46_hashtags\":\"#MARACATUVIVE #FORCADOTAMBOR #TAMBORESDERECIFE\"},{\"p1_eixo\":\"Cultura\",\"p9_tipoorganizacao\":\"Associa\\u00e7\\u00e3o\",\"p12_uf\":\"BA\",\"p13_cidade\":\"ARACI\",\"p16_bairro\":\"Bairro\",\"p16_cidade\":\"Cidade\",\"p17_ano\":\"2009\",\"p18_comunicacao\":\"Comunica\\u00e7\\u00e3o\",\"p18_difusaoartistica\":\"Difus\\u00e3o Art\\u00edstica\",\"p18_desenvolvimentoterritorial\":\"Desenvolvimento territorial\",\"p18_direitoshumanos\":\"Direitos humanos\",\"p18_educacao\":\"Educa\\u00e7\\u00e3o\",\"p18_feminismos\":\"Feminismos\",\"p18_lgbtqi\":\"LGBTQI\",\"p18_lutaantirracismo\":\"Luta antirracismo\",\"p18_mobilidade\":\"Mobilidade\",\"p18_moradia\":\"Moradia\",\"p18_povosecomunidadestradicionais\":\"Povos e comunidades tradicionais\",\"p18_trabalho\":\"Trabalho\",\"p18_religiao\":\"Religi\\u00e3o\",\"p18_saude\":\"Sa\\u00fade\",\"p18_violencia\":\"Viol\\u00eancia\",\"p18_politicasculturais\":\"Pol\\u00edticas Culturais\",\"p19_direitoshumanos\":\"Direitos humanos\",\"p19_educacao\":\"Educa\\u00e7\\u00e3o\",\"p19_povosecomunidadestradicionais\":\"Povos e comunidades tradicionais\",\"p19_violencia\":\"Viol\\u00eancia\",\"p19_difusaoartistica\":\"Difus\\u00e3o Art\\u00edstica\",\"p19_politicasculturais\":\"Pol\\u00edticas Culturais\",\"p20_oficinas\":\"Oficinas\",\"p20_oficinasaulasartisticas\":\"Ensaios\\\/Oficinas\\\/Aulas art\\u00edsticas\",\"p20_cursos\":\"Cursos\",\"p20_profissionalizacao\":\"Profissionaliza\\u00e7\\u00e3o\",\"p20_apresentacoesartisticas\":\"Apresenta\\u00e7\\u00f5es art\\u00edsticas\",\"p21_repressaopolicial\":\"Repress\\u00e3o policial\",\"p21_intoleranciareligiosa\":\"Fundamentalismo\\\/intoler\\u00e2ncia religiosa\",\"p21_xenofobia\":\"Xenofobia\",\"p21_machismo\":\"Machismo\",\"p21_racismo\":\"Racismo\",\"p21_lgbtqifobia\":\"LGBTIfobia\",\"p21_nenhum\":\"Nenhum\",\"p22_numerodeparticipantes\":\"Mais de 90\",\"p23_oficinasaulasartisticas\":\"Ensaio\\\/Oficinas\\\/Aulas Art\\u00edsticas\",\"p23_apresentacoesartisticas\":\"Apresenta\\u00e7\\u00f5es Art\\u00edsticas\",\"p23_outros\":\"Outros\",\"p24_oficinasaulasartisticas\":\"Ensaios\\\/Oficinas\\\/Aulas art\\u00edsticas\",\"p24_profissionalizacao\":\"Profissionaliza\\u00e7\\u00e3o\",\"p24_apresentacoesartisticas\":\"Apresenta\\u00e7\\u00f5es art\\u00edsticas\",\"p25_numerodepessoas\":\"300 - 400\",\"p26_numerodepessoas\":\"100 - 200\",\"p27_espacopublico\":\"Espa\\u00e7o p\\u00fablico\",\"p27_espacoemprestadocedido\":\"Espa\\u00e7o emprestado\\\/cedido\",\"p27_espacoproprio\":\"Espa\\u00e7o pr\\u00f3prio\",\"p28_territorios\":\"Cidade\",\"p30_outrasorganizacoes\":\"Sim\",\"p32_campanhadelongaduracao\":\"N\\u00e3o\",\"p34_municipal\":\"Municipal\",\"p34_nenhuma\":\"Nenhuma\",\"p36_conselhosdeparticipacaoecontrolesocial\":\"Sim\",\"p38_sim\":\"Sim\",\"p38_nenhum\":\"Nenhum\",\"p40_editais\":\"Sim\",\"p41_publicoestatal\":\"P\\u00fablico-Estatal\",\"p41_privadopf\":\"Privado (P. F\\u00edsica)\",\"p41_autofinanciamento\":\"Autofinanciamento\",\"p42_meiodedivulgacaoproprio\":\"Sim\",\"p43_email\":\"E-mail\",\"p43_facebook\":\"Facebook\",\"p43_whatsapp\":\"WhatsApp\",\"p43_sitesblogs\":\"Blogs\\\/sites\",\"p44_radio\":\"R\\u00e1dio\",\"p44_jornaisimpressosdegrandecirculacao\":\"Jornais impressos de grande circula\\u00e7\\u00e3o\",\"p44_jornaisimpressosdebairro\":\"Jornais impressos de bairro\",\"p44_redessociais\":\"Redes sociais (Facebook, YouTube, Instagram etc.)\",\"p44_sitesblogs\":\"Sites ou Blogs\",\"p39_publico\":\"CRIAN\\u00c7AS JOVENS ADULTOS\",\"p45_bandeira\":\"CONTRA  RELIGIOSA  ANTIRRACISMO  FEMINISMO LUTA LGBTQI\",\"p46_hashtags\":\"#M\\u00fasicaParaTodos #CulturaeArte #CulturadeTodos\"},{\"p1_eixo\":\"Viol\\u00eancia\",\"p9_tipoorganizacao\":\"Coletivo Art\\u00edstico\",\"p12_uf\":\"BA\",\"p13_cidade\":\"SALVADOR\",\"p16_bairro\":\"Bairro\",\"p16_cidade\":\"Cidade\",\"p17_ano\":\"2003\",\"p18_agrario\":\"Agr\\u00e1rio\\\/ruralidades\",\"p18_comunicacao\":\"Comunica\\u00e7\\u00e3o\",\"p18_difusaoartistica\":\"Difus\\u00e3o Art\\u00edstica\",\"p18_desenvolvimentoterritorial\":\"Desenvolvimento territorial\",\"p18_direitoshumanos\":\"Direitos humanos\",\"p18_educacao\":\"Educa\\u00e7\\u00e3o\",\"p18_feminismos\":\"Feminismos\",\"p18_lgbtqi\":\"LGBTQI\",\"p18_lutaantirracismo\":\"Luta antirracismo\",\"p18_mobilidade\":\"Mobilidade\",\"p18_moradia\":\"Moradia\",\"p18_povosecomunidadestradicionais\":\"Povos e comunidades tradicionais\",\"p18_trabalho\":\"Trabalho\",\"p18_religiao\":\"Religi\\u00e3o\",\"p18_saude\":\"Sa\\u00fade\",\"p18_violencia\":\"Viol\\u00eancia\",\"p18_politicasculturais\":\"Pol\\u00edticas Culturais\",\"p19_direitoshumanos\":\"Direitos humanos\",\"p19_povosecomunidadestradicionais\":\"Povos e comunidades tradicionais\",\"p19_trabalho\":\"Trabalho\",\"p19_violencia\":\"Viol\\u00eancia\",\"p19_politicasculturais\":\"Pol\\u00edticas Culturais\",\"p20_oficinas\":\"Oficinas\",\"p20_oficinasaulasartisticas\":\"Ensaios\\\/Oficinas\\\/Aulas art\\u00edsticas\",\"p20_apresentacoesartisticas\":\"Apresenta\\u00e7\\u00f5es art\\u00edsticas\",\"p21_repressaopolicial\":\"Repress\\u00e3o policial\",\"p21_intoleranciareligiosa\":\"Fundamentalismo\\\/intoler\\u00e2ncia religiosa\",\"p21_xenofobia\":\"Xenofobia\",\"p21_machismo\":\"Machismo\",\"p21_racismo\":\"Racismo\",\"p21_lgbtqifobia\":\"LGBTIfobia\",\"p22_numerodeparticipantes\":\"30 - 45\",\"p23_oficinas\":\"Oficinas\",\"p23_oficinasaulasartisticas\":\"Ensaio\\\/Oficinas\\\/Aulas Art\\u00edsticas\",\"p23_apresentacoesartisticas\":\"Apresenta\\u00e7\\u00f5es Art\\u00edsticas\",\"p23_outros\":\"Outros\",\"p24_apresentacoesartisticas\":\"Apresenta\\u00e7\\u00f5es art\\u00edsticas\",\"p24_outros\":\"Outros\",\"p25_numerodepessoas\":\"100 - 200\",\"p26_numerodepessoas\":\"300 - 400\",\"p27_espacopublico\":\"Espa\\u00e7o p\\u00fablico\",\"p27_espacoproprio\":\"Espa\\u00e7o pr\\u00f3prio\",\"p28_territorios\":\"Cidade\",\"p30_outrasorganizacoes\":\"Sim\",\"p32_campanhadelongaduracao\":\"N\\u00e3o\",\"p34_nenhuma\":\"Nenhuma\",\"p36_conselhosdeparticipacaoecontrolesocial\":\"N\\u00e3o\",\"p38_nenhum\":\"Nenhum\",\"p40_editais\":\"N\\u00e3o\",\"p41_publicoestatal\":\"P\\u00fablico-Estatal\",\"p41_privadopf\":\"Privado (P. F\\u00edsica)\",\"p41_privadopj\":\"Privado (P. Jur\\u00eddica)\",\"p41_autofinanciamento\":\"Autofinanciamento\",\"p41_financiamentocoletivo0\":\"Financiamento coletivo\",\"p42_meiodedivulgacaoproprio\":\"Sim\",\"p43_email\":\"E-mail\",\"p43_facebook\":\"Facebook\",\"p43_sitesblogs\":\"Blogs\\\/sites\",\"p44_radio\":\"TV\",\"p44_jornaisimpressosdegrandecirculacao\":\"Jornais impressos de grande circula\\u00e7\\u00e3o\",\"p44_jornaisimpressosdebairro\":\"Jornais impressos de bairro\",\"p44_redessociais\":\"Redes sociais (Facebook, YouTube, Instagram etc.)\",\"p39_publico\":\"ADULTOS JOVENS\",\"p45_bandeira\":\"DIREITOS HUMANOS DIREITO VIDA DIREITO TERRIT\\u00d3RIO CONTRA MULHERES IND\\u00cdGENAS\",\"p46_hashtags\":\"#LUTARSEMPREDESISTIRNUNCA #RESISTENCIA #FORCADEVONTADE\"},{\"p1_eixo\":\"Cultura\",\"p9_tipoorganizacao\":\"Coletivo Art\\u00edstico\",\"p12_uf\":\"AL\",\"p13_cidade\":\"MACEI\\u00d3\",\"p16_cidade\":\"Cidade\",\"p17_ano\":\"2014\",\"p18_agrario\":\"Agr\\u00e1rio\\\/ruralidades\",\"p18_comunicacao\":\"Comunica\\u00e7\\u00e3o\",\"p18_difusaoartistica\":\"Difus\\u00e3o Art\\u00edstica\",\"p18_desenvolvimentoterritorial\":\"Desenvolvimento territorial\",\"p18_direitoshumanos\":\"Direitos humanos\",\"p18_educacao\":\"Educa\\u00e7\\u00e3o\",\"p18_feminismos\":\"Feminismos\",\"p18_lgbtqi\":\"LGBTQI\",\"p18_lutaantirracismo\":\"Luta antirracismo\",\"p18_mobilidade\":\"Mobilidade\",\"p18_moradia\":\"Moradia\",\"p18_povosecomunidadestradicionais\":\"Povos e comunidades tradicionais\",\"p18_trabalho\":\"Trabalho\",\"p18_religiao\":\"Religi\\u00e3o\",\"p18_saude\":\"Sa\\u00fade\",\"p18_violencia\":\"Viol\\u00eancia\",\"p18_politicasculturais\":\"Pol\\u00edticas Culturais\",\"p19_direitoshumanos\":\"Direitos humanos\",\"p19_lutaantirracismo\":\"Luta antirracismo\",\"p19_trabalho\":\"Trabalho\",\"p19_violencia\":\"Viol\\u00eancia\",\"p19_politicasculturais\":\"Pol\\u00edticas Culturais\",\"p20_oficinas\":\"Oficinas\",\"p20_oficinasaulasartisticas\":\"Ensaios\\\/Oficinas\\\/Aulas art\\u00edsticas\",\"p20_cursos\":\"Cursos\",\"p20_apresentacoesartisticas\":\"Apresenta\\u00e7\\u00f5es art\\u00edsticas\",\"p21_repressaopolicial\":\"Repress\\u00e3o policial\",\"p21_intoleranciareligiosa\":\"Fundamentalismo\\\/intoler\\u00e2ncia religiosa\",\"p21_xenofobia\":\"Xenofobia\",\"p21_machismo\":\"Machismo\",\"p21_racismo\":\"Racismo\",\"p21_lgbtqifobia\":\"LGBTIfobia\",\"p22_numerodeparticipantes\":\"1  - 15\",\"p23_oficinas\":\"Oficinas\",\"p23_oficinasaulasartisticas\":\"Ensaio\\\/Oficinas\\\/Aulas Art\\u00edsticas\",\"p23_apresentacoesartisticas\":\"Apresenta\\u00e7\\u00f5es Art\\u00edsticas\",\"p24_oficinas\":\"Oficinas\",\"p24_oficinasaulasartisticas\":\"Ensaios\\\/Oficinas\\\/Aulas art\\u00edsticas\",\"p24_formacao\":\"Forma\\u00e7\\u00e3o\",\"p24_apresentacoesartisticas\":\"Apresenta\\u00e7\\u00f5es art\\u00edsticas\",\"p24_outros\":\"Outros\",\"p25_numerodepessoas\":\"100 - 200\",\"p26_numerodepessoas\":\"Mais de 500\",\"p27_espacopublico\":\"Espa\\u00e7o p\\u00fablico\",\"p27_espacoproprio\":\"Espa\\u00e7o pr\\u00f3prio\",\"p28_territorios\":\"Cidade\",\"p30_outrasorganizacoes\":\"N\\u00e3o\",\"p32_campanhadelongaduracao\":\"N\\u00e3o\",\"p34_nenhuma\":\"Nenhuma\",\"p36_conselhosdeparticipacaoecontrolesocial\":\"Sim\",\"p38_nenhum\":\"Nenhum\",\"p40_editais\":\"Sim\",\"p41_privadopj\":\"Privado (P. Jur\\u00eddica)\",\"p41_autofinanciamento\":\"Autofinanciamento\",\"p41_financiamentocoletivo0\":\"Financiamento coletivo\",\"p42_meiodedivulgacaoproprio\":\"Sim\",\"p43_email\":\"E-mail\",\"p43_facebook\":\"Facebook\",\"p43_whatsapp\":\"WhatsApp\",\"p43_instagram\":\"Instagram\",\"p43_sitesblogs\":\"Blogs\\\/sites\",\"p44_radio\":\"TV\",\"p44_jornaisimpressosdegrandecirculacao\":\"Jornais impressos de grande circula\\u00e7\\u00e3o\",\"p44_jornaisimpressosdebairro\":\"Jornais impressos de bairro\",\"p44_redessociais\":\"Redes sociais (Facebook, YouTube, Instagram etc.)\",\"p44_sitesblogs\":\"Sites ou Blogs\",\"p39_publico\":\"CRIAN\\u00c7AS JOVENS\",\"p45_bandeira\":\"ACOLHIMENTO VULNERABILIDADE SOCIAL DESENVOLVIMENTO EDUCA\\u00c7\\u00c3O ARTE RESGATE CIDADANIA\",\"p46_hashtags\":\"#NUNCAPARAR #AJUDARMUITO\"},{\"p1_eixo\":\"Cultura\",\"p9_tipoorganizacao\":\"Coletivo Art\\u00edstico\",\"p12_uf\":\"SP\",\"p13_cidade\":\"S\\u00c3O PAULO\",\"p16_cidade\":\"Cidade\",\"p17_ano\":\"2001\",\"p18_comunicacao\":\"Comunica\\u00e7\\u00e3o\",\"p18_difusaoartistica\":\"Difus\\u00e3o Art\\u00edstica\",\"p18_desenvolvimentoterritorial\":\"Desenvolvimento territorial\",\"p18_direitoshumanos\":\"Direitos humanos\",\"p18_educacao\":\"Educa\\u00e7\\u00e3o\",\"p18_feminismos\":\"Feminismos\",\"p18_lgbtqi\":\"LGBTQI\",\"p18_lutaantirracismo\":\"Luta antirracismo\",\"p18_mobilidade\":\"Mobilidade\",\"p18_moradia\":\"Moradia\",\"p18_povosecomunidadestradicionais\":\"Povos e comunidades tradicionais\",\"p18_trabalho\":\"Trabalho\",\"p18_saude\":\"Sa\\u00fade\",\"p18_violencia\":\"Viol\\u00eancia\",\"p18_politicasculturais\":\"Pol\\u00edticas Culturais\",\"p19_desenvolvimentoterritorial\":\"Desenvolvimento territorial\",\"p19_direitoshumanos\":\"Direitos humanos\",\"p19_lutaantirracismo\":\"Luta antirracismo\",\"p19_politicasculturais\":\"Pol\\u00edticas Culturais\",\"p20_oficinas\":\"Oficinas\",\"p20_oficinasaulasartisticas\":\"Ensaios\\\/Oficinas\\\/Aulas art\\u00edsticas\",\"p20_cursos\":\"Cursos\",\"p20_apresentacoesartisticas\":\"Apresenta\\u00e7\\u00f5es art\\u00edsticas\",\"p21_repressaopolicial\":\"Repress\\u00e3o policial\",\"p21_intoleranciareligiosa\":\"Fundamentalismo\\\/intoler\\u00e2ncia religiosa\",\"p21_xenofobia\":\"Xenofobia\",\"p21_machismo\":\"Machismo\",\"p21_racismo\":\"Racismo\",\"p21_lgbtqifobia\":\"LGBTIfobia\",\"p22_numerodeparticipantes\":\"15 - 30\",\"p23_oficinas\":\"Oficinas\",\"p23_oficinasaulasartisticas\":\"Ensaio\\\/Oficinas\\\/Aulas Art\\u00edsticas\",\"p23_apresentacoesartisticas\":\"Apresenta\\u00e7\\u00f5es Art\\u00edsticas\",\"p24_oficinas\":\"Oficinas\",\"p24_oficinasaulasartisticas\":\"Ensaios\\\/Oficinas\\\/Aulas art\\u00edsticas\",\"p24_formacao\":\"Forma\\u00e7\\u00e3o\",\"p24_apresentacoesartisticas\":\"Apresenta\\u00e7\\u00f5es art\\u00edsticas\",\"p24_outros\":\"Outros\",\"p25_numerodepessoas\":\"80 - 100\",\"p26_numerodepessoas\":\"200 - 300\",\"p27_espacopublico\":\"Espa\\u00e7o p\\u00fablico\",\"p27_espacoemprestadocedido\":\"Espa\\u00e7o emprestado\\\/cedido\",\"p27_espacoproprio\":\"Espa\\u00e7o pr\\u00f3prio\",\"p28_territorios\":\"Regi\\u00e3o da Cidade\",\"p30_outrasorganizacoes\":\"Sim\",\"p32_campanhadelongaduracao\":\"N\\u00e3o\",\"p34_nenhuma\":\"Nenhuma\",\"p36_conselhosdeparticipacaoecontrolesocial\":\"N\\u00e3o\",\"p38_nenhum\":\"Nenhum\",\"p40_editais\":\"Sim\",\"p41_privadopj\":\"Privado (P. Jur\\u00eddica)\",\"p41_autofinanciamento\":\"Autofinanciamento\",\"p41_financiamentocoletivo0\":\"Financiamento coletivo\",\"p42_meiodedivulgacaoproprio\":\"Sim\",\"p43_email\":\"E-mail\",\"p43_facebook\":\"Facebook\",\"p43_whatsapp\":\"WhatsApp\",\"p43_instagram\":\"Instagram\",\"p43_youtube\":\"YouTube\",\"p44_radio\":\"TV\",\"p44_jornaisimpressosdegrandecirculacao\":\"Jornais impressos de grande circula\\u00e7\\u00e3o\",\"p44_jornaisimpressosdebairro\":\"Jornais impressos de bairro\",\"p44_redessociais\":\"Redes sociais (Facebook, YouTube, Instagram etc.)\",\"p44_sitesblogs\":\"Sites ou Blogs\",\"p39_publico\":\"JOVENS CRIAN\\u00c7AS\",\"p45_bandeira\":\"DEFESA POPULA\\u00c7\\u00c3O MATRIZ AFRICANA DEFESA POPULA\\u00c7\\u00c3O NEGRA DEFESA POPULA\\u00c7\\u00c3O QUILOMBOLA DEFESA POPULA\\u00c7\\u00c3O IND\\u00cdGENA\",\"p46_hashtags\":\"#PROGRESSO #COMPARTILHAR #PERIFERIA\"},{\"p1_eixo\":\"Cultura\",\"p9_tipoorganizacao\":\"Coletivo Art\\u00edstico\",\"p12_uf\":\"SP\",\"p13_cidade\":\"S\\u00c3O PAULO\",\"p16_bairro\":\"Bairro\",\"p16_cidade\":\"Cidade\",\"p17_ano\":\"2000\",\"p18_comunicacao\":\"Comunica\\u00e7\\u00e3o\",\"p18_difusaoartistica\":\"Difus\\u00e3o Art\\u00edstica\",\"p18_desenvolvimentoterritorial\":\"Desenvolvimento territorial\",\"p18_direitoshumanos\":\"Direitos humanos\",\"p18_educacao\":\"Educa\\u00e7\\u00e3o\",\"p18_feminismos\":\"Feminismos\",\"p18_lgbtqi\":\"LGBTQI\",\"p18_lutaantirracismo\":\"Luta antirracismo\",\"p18_mobilidade\":\"Mobilidade\",\"p18_moradia\":\"Moradia\",\"p18_povosecomunidadestradicionais\":\"Povos e comunidades tradicionais\",\"p18_trabalho\":\"Trabalho\",\"p18_saude\":\"Sa\\u00fade\",\"p18_violencia\":\"Viol\\u00eancia\",\"p18_politicasculturais\":\"Pol\\u00edticas Culturais\",\"p19_desenvolvimentoterritorial\":\"Desenvolvimento territorial\",\"p19_lutaantirracismo\":\"Luta antirracismo\",\"p19_difusaoartistica\":\"Difus\\u00e3o Art\\u00edstica\",\"p19_politicasculturais\":\"Pol\\u00edticas Culturais\",\"p20_apresentacoesartisticas\":\"Apresenta\\u00e7\\u00f5es art\\u00edsticas\",\"p21_repressaopolicial\":\"Repress\\u00e3o policial\",\"p21_intoleranciareligiosa\":\"Fundamentalismo\\\/intoler\\u00e2ncia religiosa\",\"p21_xenofobia\":\"Xenofobia\",\"p21_machismo\":\"Machismo\",\"p21_racismo\":\"Racismo\",\"p21_lgbtqifobia\":\"LGBTIfobia\",\"p22_numerodeparticipantes\":\"1  - 15\",\"p23_apresentacoesartisticas\":\"Apresenta\\u00e7\\u00f5es Art\\u00edsticas\",\"p24_outros\":\"Outros\",\"p25_numerodepessoas\":\"100 - 200\",\"p26_numerodepessoas\":\"1 - 20\",\"p27_espacopublico\":\"Espa\\u00e7o p\\u00fablico\",\"p27_espacoemprestadocedido\":\"Espa\\u00e7o emprestado\\\/cedido\",\"p28_territorios\":\"Cidade\",\"p30_outrasorganizacoes\":\"Sim\",\"p32_campanhadelongaduracao\":\"N\\u00e3o\",\"p34_nenhuma\":\"Nenhuma\",\"p36_conselhosdeparticipacaoecontrolesocial\":\"N\\u00e3o\",\"p38_nenhum\":\"Nenhum\",\"p40_editais\":\"Sim\",\"p41_autofinanciamento\":\"Autofinanciamento\",\"p41_financiamentocoletivo0\":\"Financiamento coletivo\",\"p42_meiodedivulgacaoproprio\":\"Sim\",\"p43_email\":\"E-mail\",\"p43_facebook\":\"Facebook\",\"p43_instagram\":\"Instagram\",\"p43_youtube\":\"YouTube\",\"p44_jornaisimpressosdegrandecirculacao\":\"Jornais impressos de grande circula\\u00e7\\u00e3o\",\"p44_jornaisimpressosdebairro\":\"Jornais impressos de bairro\",\"p44_redessociais\":\"Redes sociais (Facebook, YouTube, Instagram etc.)\",\"p44_sitesblogs\":\"Sites ou Blogs\",\"p39_publico\":\"TODOS\",\"p45_bandeira\":\"LUTA IND\\u00cdGENA LUTA TOLER\\u00c2NCIA RELIGIOSA LUTA IGUALDADE RACIAL  LUTA PROPRIEDADE\",\"p46_hashtags\":\"#SALVEOSAMBA\"},{\"p1_eixo\":\"Cultura\",\"p9_tipoorganizacao\":\"Coletivo Art\\u00edstico\",\"p12_uf\":\"SP\",\"p13_cidade\":\"S\\u00c3O PAULO\",\"p16_bairro\":\"Bairro\",\"p16_cidade\":\"Cidade\",\"p17_ano\":\"2013\",\"p18_comunicacao\":\"Comunica\\u00e7\\u00e3o\",\"p18_difusaoartistica\":\"Difus\\u00e3o Art\\u00edstica\",\"p18_desenvolvimentoterritorial\":\"Desenvolvimento territorial\",\"p18_direitoshumanos\":\"Direitos humanos\",\"p18_educacao\":\"Educa\\u00e7\\u00e3o\",\"p18_feminismos\":\"Feminismos\",\"p18_lgbtqi\":\"LGBTQI\",\"p18_lutaantirracismo\":\"Luta antirracismo\",\"p18_mobilidade\":\"Mobilidade\",\"p18_moradia\":\"Moradia\",\"p18_povosecomunidadestradicionais\":\"Povos e comunidades tradicionais\",\"p18_trabalho\":\"Trabalho\",\"p18_saude\":\"Sa\\u00fade\",\"p18_violencia\":\"Viol\\u00eancia\",\"p18_politicasculturais\":\"Pol\\u00edticas Culturais\",\"p19_educacao\":\"Educa\\u00e7\\u00e3o\",\"p19_lutaantirracismo\":\"Luta antirracismo\",\"p19_difusaoartistica\":\"Difus\\u00e3o Art\\u00edstica\",\"p19_politicasculturais\":\"Pol\\u00edticas Culturais\",\"p20_oficinas\":\"Oficinas\",\"p20_apresentacoesartisticas\":\"Apresenta\\u00e7\\u00f5es art\\u00edsticas\",\"p21_repressaopolicial\":\"Repress\\u00e3o policial\",\"p21_intoleranciareligiosa\":\"Fundamentalismo\\\/intoler\\u00e2ncia religiosa\",\"p21_machismo\":\"Machismo\",\"p21_racismo\":\"Racismo\",\"p21_lgbtqifobia\":\"LGBTIfobia\",\"p22_numerodeparticipantes\":\"15 - 30\",\"p23_reunioes\":\"Reuni\\u00f5es\",\"p23_oficinas\":\"Oficinas\",\"p23_apresentacoesartisticas\":\"Apresenta\\u00e7\\u00f5es Art\\u00edsticas\",\"p24_atendimento\":\"Atendimentos\",\"p24_oficinas\":\"Oficinas\",\"p24_outros\":\"Outros\",\"p25_numerodepessoas\":\"Mais de 500\",\"p26_numerodepessoas\":\"20 - 40\",\"p27_espacopublico\":\"Espa\\u00e7o p\\u00fablico\",\"p27_espacoemprestadocedido\":\"Espa\\u00e7o emprestado\\\/cedido\",\"p28_territorios\":\"Pr\\u00f3prio bairro\",\"p30_outrasorganizacoes\":\"Sim\",\"p32_campanhadelongaduracao\":\"Sim\",\"p34_nenhuma\":\"Nenhuma\",\"p36_conselhosdeparticipacaoecontrolesocial\":\"Sim\",\"p38_nenhum\":\"Nenhum\",\"p40_editais\":\"N\\u00e3o\",\"p41_publicoestatal\":\"P\\u00fablico-Estatal\",\"p41_autofinanciamento\":\"Autofinanciamento\",\"p41_financiamentocoletivo0\":\"Financiamento coletivo\",\"p42_meiodedivulgacaoproprio\":\"Sim\",\"p43_impressoes\":\"Impressos\",\"p43_email\":\"E-mail\",\"p43_facebook\":\"Facebook\",\"p43_whatsapp\":\"WhatsApp\",\"p43_instagram\":\"Instagram\",\"p43_youtube\":\"YouTube\",\"p44_radio\":\"TV\",\"p44_jornaisimpressosdegrandecirculacao\":\"Jornais impressos de grande circula\\u00e7\\u00e3o\",\"p44_jornaisimpressosdebairro\":\"Jornais impressos de bairro\",\"p44_redessociais\":\"Redes sociais (Facebook, YouTube, Instagram etc.)\",\"p44_sitesblogs\":\"Sites ou Blogs\",\"p39_publico\":\"TODOS\",\"p45_bandeira\":\"BEM-ESTAR IND\\u00cdGENAS\",\"p46_hashtags\":\"#SOUFRUTODAMISCIGENACAO #SOUFRUTOGRAJAU #SAMBAGRAJAU\"},{\"p1_eixo\":\"Cultura\",\"p9_tipoorganizacao\":\"Coletivo Art\\u00edstico\",\"p12_uf\":\"MG\",\"p13_cidade\":\"BELO HORIZONTE\",\"p16_cidade\":\"Cidade\",\"p17_ano\":\"2014\",\"p18_comunicacao\":\"Comunica\\u00e7\\u00e3o\",\"p18_difusaoartistica\":\"Difus\\u00e3o Art\\u00edstica\",\"p18_desenvolvimentoterritorial\":\"Desenvolvimento territorial\",\"p18_direitoshumanos\":\"Direitos humanos\",\"p18_educacao\":\"Educa\\u00e7\\u00e3o\",\"p18_feminismos\":\"Feminismos\",\"p18_lgbtqi\":\"LGBTQI\",\"p18_mobilidade\":\"Mobilidade\",\"p18_moradia\":\"Moradia\",\"p18_povosecomunidadestradicionais\":\"Povos e comunidades tradicionais\",\"p18_trabalho\":\"Trabalho\",\"p18_saude\":\"Sa\\u00fade\",\"p18_violencia\":\"Viol\\u00eancia\",\"p18_politicasculturais\":\"Pol\\u00edticas Culturais\",\"p19_comunicacao\":\"Comunica\\u00e7\\u00e3o\",\"p19_educacao\":\"Educa\\u00e7\\u00e3o\",\"p19_mobilidade\":\"Mobilidade\",\"p19_difusaoartistica\":\"Difus\\u00e3o Art\\u00edstica\",\"p19_politicasculturais\":\"Pol\\u00edticas Culturais\",\"p20_reunioes\":\"Reuni\\u00f5es\",\"p20_oficinas\":\"Oficinas\",\"p20_oficinasaulasartisticas\":\"Ensaios\\\/Oficinas\\\/Aulas art\\u00edsticas\",\"p20_apresentacoesartisticas\":\"Apresenta\\u00e7\\u00f5es art\\u00edsticas\",\"p21_repressaopolicial\":\"Repress\\u00e3o policial\",\"p21_intoleranciareligiosa\":\"Fundamentalismo\\\/intoler\\u00e2ncia religiosa\",\"p21_machismo\":\"Machismo\",\"p21_racismo\":\"Racismo\",\"p21_lgbtqifobia\":\"LGBTIfobia\",\"p21_nenhum\":\"Nenhum\",\"p22_numerodeparticipantes\":\"1  - 15\",\"p23_reunioes\":\"Reuni\\u00f5es\",\"p23_oficinas\":\"Oficinas\",\"p23_oficinasaulasartisticas\":\"Ensaio\\\/Oficinas\\\/Aulas Art\\u00edsticas\",\"p23_apresentacoesartisticas\":\"Apresenta\\u00e7\\u00f5es Art\\u00edsticas\",\"p23_outros\":\"Outros\",\"p24_atendimento\":\"Atendimentos\",\"p24_oficinas\":\"Oficinas\",\"p24_visitasexcursoes\":\"Visitas\\\/Excurs\\u00f5es\",\"p24_outros\":\"Outros\",\"p25_numerodepessoas\":\"Mais de 500\",\"p26_numerodepessoas\":\"40 - 60\",\"p27_espacopublico\":\"Espa\\u00e7o p\\u00fablico\",\"p27_espacoemprestadocedido\":\"Espa\\u00e7o emprestado\\\/cedido\",\"p27_espacoproprio\":\"Espa\\u00e7o pr\\u00f3prio\",\"p28_territorios\":\"Regi\\u00e3o da Cidade\",\"p30_outrasorganizacoes\":\"Sim\",\"p32_campanhadelongaduracao\":\"N\\u00e3o\",\"p34_nenhuma\":\"Nenhuma\",\"p36_conselhosdeparticipacaoecontrolesocial\":\"N\\u00e3o\",\"p38_nenhum\":\"Nenhum\",\"p40_editais\":\"Sim\",\"p41_publicoestatal\":\"P\\u00fablico-Estatal\",\"p41_autofinanciamento\":\"Autofinanciamento\",\"p41_financiamentocoletivo0\":\"Financiamento coletivo\",\"p42_meiodedivulgacaoproprio\":\"Sim\",\"p43_impressoes\":\"Impressos\",\"p43_email\":\"E-mail\",\"p43_facebook\":\"Facebook\",\"p43_whatsapp\":\"WhatsApp\",\"p43_instagram\":\"Instagram\",\"p43_sitesblogs\":\"Blogs\\\/sites\",\"p43_youtube\":\"YouTube\",\"p44_radio\":\"TV\",\"p44_jornaisimpressosdegrandecirculacao\":\"Jornais impressos de grande circula\\u00e7\\u00e3o\",\"p44_jornaisimpressosdebairro\":\"Jornais impressos de bairro\",\"p44_redessociais\":\"Redes sociais (Facebook, YouTube, Instagram etc.)\",\"p44_sitesblogs\":\"Sites ou Blogs\",\"p44_nenhum\":\"Nenhum\",\"p39_publico\":\"MORADORES AGLOMERADO-SERRA\",\"p45_bandeira\":\"ANTIRRACISMO CONTRA APOROFOBIA\",\"p46_hashtags\":\"#TODOMUNDOJUNTOEAGLOMERADO #CARNAVALDOPOVO #AGLOMERADODASERRA\"},{\"p1_eixo\":\"Cultura\",\"p9_tipoorganizacao\":\"Coletivo Art\\u00edstico\",\"p12_uf\":\"SP\",\"p13_cidade\":\"S\\u00c3O PAULO\",\"p16_cidade\":\"Cidade\",\"p16_nacional\":\"Nacional\",\"p17_ano\":\"Anterior a 1980\",\"p18_agrario\":\"Agr\\u00e1rio\\\/ruralidades\",\"p18_comunicacao\":\"Comunica\\u00e7\\u00e3o\",\"p18_difusaoartistica\":\"Difus\\u00e3o Art\\u00edstica\",\"p18_desenvolvimentoterritorial\":\"Desenvolvimento territorial\",\"p18_direitoshumanos\":\"Direitos humanos\",\"p18_educacao\":\"Educa\\u00e7\\u00e3o\",\"p18_feminismos\":\"Feminismos\",\"p18_lgbtqi\":\"LGBTQI\",\"p18_lutaantirracismo\":\"Luta antirracismo\",\"p18_mobilidade\":\"Mobilidade\",\"p18_moradia\":\"Moradia\",\"p18_povosecomunidadestradicionais\":\"Povos e comunidades tradicionais\",\"p18_trabalho\":\"Trabalho\",\"p18_religiao\":\"Religi\\u00e3o\",\"p18_saude\":\"Sa\\u00fade\",\"p18_violencia\":\"Viol\\u00eancia\",\"p18_politicasculturais\":\"Pol\\u00edticas Culturais\",\"p19_comunicacao\":\"Comunica\\u00e7\\u00e3o\",\"p19_feminismos\":\"Feminismos\",\"p19_mobilidade\":\"Mobilidade\",\"p19_violencia\":\"Viol\\u00eancia\",\"p19_difusaoartistica\":\"Difus\\u00e3o Art\\u00edstica\",\"p19_politicasculturais\":\"Pol\\u00edticas Culturais\",\"p20_reunioes\":\"Reuni\\u00f5es\",\"p20_oficinas\":\"Oficinas\",\"p20_oficinasaulasartisticas\":\"Ensaios\\\/Oficinas\\\/Aulas art\\u00edsticas\",\"p20_cursos\":\"Cursos\",\"p20_apresentacoesartisticas\":\"Apresenta\\u00e7\\u00f5es art\\u00edsticas\",\"p21_repressaopolicial\":\"Repress\\u00e3o policial\",\"p21_intoleranciareligiosa\":\"Fundamentalismo\\\/intoler\\u00e2ncia religiosa\",\"p21_xenofobia\":\"Xenofobia\",\"p21_machismo\":\"Machismo\",\"p21_racismo\":\"Racismo\",\"p21_lgbtqifobia\":\"LGBTIfobia\",\"p21_nenhum\":\"Nenhum\",\"p22_numerodeparticipantes\":\"1  - 15\",\"p23_reunioes\":\"Reuni\\u00f5es\",\"p23_atendimento\":\"Atendimento\",\"p23_oficinas\":\"Oficinas\",\"p23_oficinasaulasartisticas\":\"Ensaio\\\/Oficinas\\\/Aulas Art\\u00edsticas\",\"p23_apresentacoesartisticas\":\"Apresenta\\u00e7\\u00f5es Art\\u00edsticas\",\"p23_outros\":\"Outros\",\"p24_curso\":\"Curso\",\"p24_visitasexcursoes\":\"Visitas\\\/Excurs\\u00f5es\",\"p24_outros\":\"Outros\",\"p25_numerodepessoas\":\"20 - 40\",\"p26_numerodepessoas\":\"100 - 200\",\"p27_espacopublico\":\"Espa\\u00e7o p\\u00fablico\",\"p27_espacoemprestadocedido\":\"Espa\\u00e7o emprestado\\\/cedido\",\"p27_espacoproprio\":\"Espa\\u00e7o pr\\u00f3prio\",\"p27_ocupacao\":\"Ocupa\\u00e7\\u00e3o\",\"p28_territorios\":\"Pr\\u00f3prio bairro\",\"p30_outrasorganizacoes\":\"Sim\",\"p32_campanhadelongaduracao\":\"N\\u00e3o\",\"p34_municipal\":\"Municipal\",\"p34_estadual\":\"Estadual\",\"p34_nacional\":\"Nacional\",\"p34_nenhuma\":\"Nenhuma\",\"p36_conselhosdeparticipacaoecontrolesocial\":\"N\\u00e3o\",\"p38_sim\":\"Sim\",\"p38_nenhum\":\"Nenhum\",\"p40_editais\":\"Sim\",\"p41_publicoestatal\":\"P\\u00fablico-Estatal\",\"p41_autofinanciamento\":\"Autofinanciamento\",\"p41_financiamentocoletivo0\":\"Financiamento coletivo\",\"p42_meiodedivulgacaoproprio\":\"Sim\",\"p43_impressoes\":\"Impressos\",\"p43_email\":\"E-mail\",\"p43_facebook\":\"Facebook\",\"p43_instagram\":\"Instagram\",\"p43_sitesblogs\":\"Blogs\\\/sites\",\"p43_youtube\":\"YouTube\",\"p44_redessociais\":\"Redes sociais (Facebook, YouTube, Instagram etc.)\",\"p44_sitesblogs\":\"Sites ou Blogs\",\"p44_nenhum\":\"Nenhum\",\"p39_publico\":\"COMUNIDADE REGI\\u00c3O CAMPO-LIMPO\",\"p45_bandeira\":\"MELHORIA EDUCA\\u00c7\\u00c3O LUTA TERRIT\\u00d3RIO\",\"p46_hashtags\":\"#ARTEEARTE #CULTURA\"},{\"p1_eixo\":\"Viol\\u00eancia\",\"p9_tipoorganizacao\":\"Coletivo\",\"p12_uf\":\"DF\",\"p13_cidade\":\"S\\u00c3O SEBASTI\\u00c3O\",\"p16_nacional\":\"Nacional\",\"p17_ano\":\"2014\",\"p16_estado\":\"Estado\",\"p18_agrario\":\"Agr\\u00e1rio\\\/ruralidades\",\"p18_comunicacao\":\"Comunica\\u00e7\\u00e3o\",\"p18_difusaoartistica\":\"Difus\\u00e3o Art\\u00edstica\",\"p18_desenvolvimentoterritorial\":\"Desenvolvimento territorial\",\"p18_direitoshumanos\":\"Direitos humanos\",\"p18_educacao\":\"Educa\\u00e7\\u00e3o\",\"p18_feminismos\":\"Feminismos\",\"p18_lgbtqi\":\"LGBTQI\",\"p18_lutaantirracismo\":\"Luta antirracismo\",\"p18_mobilidade\":\"Mobilidade\",\"p18_moradia\":\"Moradia\",\"p18_povosecomunidadestradicionais\":\"Povos e comunidades tradicionais\",\"p18_trabalho\":\"Trabalho\",\"p18_religiao\":\"Religi\\u00e3o\",\"p18_saude\":\"Sa\\u00fade\",\"p18_violencia\":\"Viol\\u00eancia\",\"p18_politicasculturais\":\"Pol\\u00edticas Culturais\",\"p19_desenvolvimentoterritorial\":\"Desenvolvimento territorial\",\"p19_feminismos\":\"Feminismos\",\"p19_lutaantirracismo\":\"Luta antirracismo\",\"p19_religiao\":\"Religi\\u00e3o\",\"p19_violencia\":\"Viol\\u00eancia\",\"p19_difusaoartistica\":\"Difus\\u00e3o Art\\u00edstica\",\"p20_reunioes\":\"Reuni\\u00f5es\",\"p20_oficinas\":\"Oficinas\",\"p20_oficinasaulasartisticas\":\"Ensaios\\\/Oficinas\\\/Aulas art\\u00edsticas\",\"p20_cursos\":\"Cursos\",\"p20_apresentacoesartisticas\":\"Apresenta\\u00e7\\u00f5es art\\u00edsticas\",\"p21_repressaopolicial\":\"Repress\\u00e3o policial\",\"p21_intoleranciareligiosa\":\"Fundamentalismo\\\/intoler\\u00e2ncia religiosa\",\"p21_xenofobia\":\"Xenofobia\",\"p21_machismo\":\"Machismo\",\"p21_racismo\":\"Racismo\",\"p21_lgbtqifobia\":\"LGBTIfobia\",\"p22_numerodeparticipantes\":\"1  - 15\",\"p23_reunioes\":\"Reuni\\u00f5es\",\"p23_atendimento\":\"Atendimento\",\"p23_oficinas\":\"Oficinas\",\"p23_oficinasaulasartisticas\":\"Ensaio\\\/Oficinas\\\/Aulas Art\\u00edsticas\",\"p23_apresentacoesartisticas\":\"Apresenta\\u00e7\\u00f5es Art\\u00edsticas\",\"p24_reunioes\":\"Reuni\\u00f5es\",\"p24_curso\":\"Curso\",\"p24_visitasexcursoes\":\"Visitas\\\/Excurs\\u00f5es\",\"p24_outros\":\"Outros\",\"p25_numerodepessoas\":\"40 - 60\",\"p26_numerodepessoas\":\"40 - 60\",\"p27_espacopublico\":\"Espa\\u00e7o p\\u00fablico\",\"p27_espacoemprestadocedido\":\"Espa\\u00e7o emprestado\\\/cedido\",\"p27_espacoproprio\":\"Espa\\u00e7o pr\\u00f3prio\",\"p27_ocupacao\":\"Ocupa\\u00e7\\u00e3o\",\"p28_territorios\":\"Cidade\",\"p30_outrasorganizacoes\":\"Sim\",\"p32_campanhadelongaduracao\":\"N\\u00e3o\",\"p34_municipal\":\"Municipal\",\"p34_estadual\":\"Estadual\",\"p34_nacional\":\"Nacional\",\"p34_nenhuma\":\"Nenhuma\",\"p36_conselhosdeparticipacaoecontrolesocial\":\"Sim\",\"p38_sim\":\"Sim\",\"p38_nenhum\":\"Nenhum\",\"p40_editais\":\"Sim\",\"p41_publicoestatal\":\"P\\u00fablico-Estatal\",\"p41_autofinanciamento\":\"Autofinanciamento\",\"p41_financiamentocoletivo0\":\"Financiamento coletivo\",\"p42_meiodedivulgacaoproprio\":\"Sim\",\"p43_impressoes\":\"Impressos\",\"p43_email\":\"E-mail\",\"p43_facebook\":\"Facebook\",\"p43_instagram\":\"Instagram\",\"p43_youtube\":\"YouTube\",\"p44_redessociais\":\"Redes sociais (Facebook, YouTube, Instagram etc.)\",\"p44_sitesblogs\":\"Sites ou Blogs\",\"p44_nenhum\":\"Nenhum\",\"p39_publico\":\"MULHERES TRANS\",\"p45_bandeira\":\"LUTA  ANTIRRACISMO  DEFESA QUILOMBOS DEFESA TERRITORIAL REFORMA AGR\\u00c1RIA\",\"p46_hashtags\":\"#FEMINISMO #AUTOCUIDADO #ARTE\"},{\"p1_eixo\":\"Cultura\",\"p9_tipoorganizacao\":\"Coletivo\",\"p12_uf\":\"SP\",\"p13_cidade\":\"S\\u00c3O PAULO\",\"p16_internacional\":\"Internacional\",\"p17_ano\":\"2010\",\"p16_estado\":\"Estado\",\"p18_agrario\":\"Agr\\u00e1rio\\\/ruralidades\",\"p18_comunicacao\":\"Comunica\\u00e7\\u00e3o\",\"p18_difusaoartistica\":\"Difus\\u00e3o Art\\u00edstica\",\"p18_desenvolvimentoterritorial\":\"Desenvolvimento territorial\",\"p18_direitoshumanos\":\"Direitos humanos\",\"p18_educacao\":\"Educa\\u00e7\\u00e3o\",\"p18_feminismos\":\"Feminismos\",\"p18_lgbtqi\":\"LGBTQI\",\"p18_lutaantirracismo\":\"Luta antirracismo\",\"p18_mobilidade\":\"Mobilidade\",\"p18_moradia\":\"Moradia\",\"p18_povosecomunidadestradicionais\":\"Povos e comunidades tradicionais\",\"p18_trabalho\":\"Trabalho\",\"p18_religiao\":\"Religi\\u00e3o\",\"p18_saude\":\"Sa\\u00fade\",\"p18_violencia\":\"Viol\\u00eancia\",\"p18_politicasculturais\":\"Pol\\u00edticas Culturais\",\"p19_desenvolvimentoterritorial\":\"Desenvolvimento territorial\",\"p19_lutaantirracismo\":\"Luta antirracismo\",\"p19_trabalho\":\"Trabalho\",\"p19_religiao\":\"Religi\\u00e3o\",\"p19_saude\":\"Sa\\u00fade\",\"p19_difusaoartistica\":\"Difus\\u00e3o Art\\u00edstica\",\"p20_reunioes\":\"Reuni\\u00f5es\",\"p20_atendimento\":\"Atendimento\",\"p20_oficinas\":\"Oficinas\",\"p20_oficinasaulasartisticas\":\"Ensaios\\\/Oficinas\\\/Aulas art\\u00edsticas\",\"p20_cursos\":\"Cursos\",\"p20_profissionalizacao\":\"Profissionaliza\\u00e7\\u00e3o\",\"p20_apresentacoesartisticas\":\"Apresenta\\u00e7\\u00f5es art\\u00edsticas\",\"p20_visitasexcursoes\":\"Visitas\\\/Excurs\\u00f5es\",\"p21_intoleranciareligiosa\":\"Fundamentalismo\\\/intoler\\u00e2ncia religiosa\",\"p21_xenofobia\":\"Xenofobia\",\"p21_racismo\":\"Racismo\",\"p21_nenhum\":\"Nenhum\",\"p22_numerodeparticipantes\":\"1  - 15\",\"p23_atendimento\":\"Atendimento\",\"p23_oficinas\":\"Oficinas\",\"p23_oficinasaulasartisticas\":\"Ensaio\\\/Oficinas\\\/Aulas Art\\u00edsticas\",\"p23_cursos\":\"Cursos\",\"p23_profissionalizacao\":\"Profissionaliza\\u00e7\\u00e3o\",\"p23_apresentacoesartisticas\":\"Apresenta\\u00e7\\u00f5es Art\\u00edsticas\",\"p23_visitas\":\"Visitas\",\"p24_reunioes\":\"Reuni\\u00f5es\",\"p24_oficinas\":\"Oficinas\",\"p24_curso\":\"Curso\",\"p24_outros\":\"Outros\",\"p25_numerodepessoas\":\"100 - 200\",\"p26_numerodepessoas\":\"40 - 60\",\"p27_espacopublico\":\"Espa\\u00e7o p\\u00fablico\",\"p27_espacoemprestadocedido\":\"Espa\\u00e7o emprestado\\\/cedido\",\"p27_espacoproprio\":\"Espa\\u00e7o pr\\u00f3prio\",\"p28_territorios\":\"Regi\\u00e3o da Cidade\",\"p30_outrasorganizacoes\":\"Sim\",\"p32_campanhadelongaduracao\":\"N\\u00e3o\",\"p34_nacional\":\"Nacional\",\"p34_nenhuma\":\"Nenhuma\",\"p36_conselhosdeparticipacaoecontrolesocial\":\"N\\u00e3o\",\"p38_sim\":\"Sim\",\"p38_nenhum\":\"Nenhum\",\"p40_editais\":\"Sim\",\"p41_publicoestatal\":\"P\\u00fablico-Estatal\",\"p41_privadopj\":\"Privado (P. Jur\\u00eddica)\",\"p41_autofinanciamento\":\"Autofinanciamento\",\"p42_meiodedivulgacaoproprio\":\"Sim\",\"p43_facebook\":\"Facebook\",\"p43_instagram\":\"Instagram\",\"p43_sitesblogs\":\"Blogs\\\/sites\",\"p43_youtube\":\"YouTube\",\"p44_radio\":\"TV\",\"p44_jornaisimpressosdegrandecirculacao\":\"Jornais impressos de grande circula\\u00e7\\u00e3o\",\"p44_jornaisimpressosdebairro\":\"Jornais impressos de bairro\",\"p44_redessociais\":\"Redes sociais (Facebook, YouTube, Instagram etc.)\",\"p44_sitesblogs\":\"Sites ou Blogs\",\"p44_nenhum\":\"Nenhum\",\"p39_publico\":\"COMUNIDADE PERIFERIA\",\"p45_bandeira\":\"DEFESA DIREITOS COLETIVOS POVOS COMUNIDADE TRADICIONAIS CONFORME DECRETO 6040 DIREITOS HUMANOS ENFRENTAMENTOS DIREITO MULHER\",\"p46_hashtags\":\"#ANTIRRACISMO #RELIGIAO #IGUALDADE\"},{\"p1_eixo\":\"Trabalho\",\"p9_tipoorganizacao\":\"Movimento Social\",\"p12_uf\":\"CE\",\"p13_cidade\":\"FORTALEZA\",\"p16_cidade\":\"Cidade\",\"p16_internacional\":\"Internacional\",\"p17_ano\":\"1996\",\"p18_agrario\":\"Agr\\u00e1rio\\\/ruralidades\",\"p18_comunicacao\":\"Comunica\\u00e7\\u00e3o\",\"p18_difusaoartistica\":\"Difus\\u00e3o Art\\u00edstica\",\"p18_desenvolvimentoterritorial\":\"Desenvolvimento territorial\",\"p18_direitoshumanos\":\"Direitos humanos\",\"p18_educacao\":\"Educa\\u00e7\\u00e3o\",\"p18_feminismos\":\"Feminismos\",\"p18_lgbtqi\":\"LGBTQI\",\"p18_lutaantirracismo\":\"Luta antirracismo\",\"p18_mobilidade\":\"Mobilidade\",\"p18_moradia\":\"Moradia\",\"p18_povosecomunidadestradicionais\":\"Povos e comunidades tradicionais\",\"p18_trabalho\":\"Trabalho\",\"p18_religiao\":\"Religi\\u00e3o\",\"p18_saude\":\"Sa\\u00fade\",\"p18_violencia\":\"Viol\\u00eancia\",\"p18_politicasculturais\":\"Pol\\u00edticas Culturais\",\"p19_agrario\":\"Agr\\u00e1rio\\\/ruralidades\",\"p19_desenvolvimentoterritorial\":\"Desenvolvimento territorial\",\"p19_feminismos\":\"Feminismos\",\"p19_trabalho\":\"Trabalho\",\"p19_saude\":\"Sa\\u00fade\",\"p19_difusaoartistica\":\"Difus\\u00e3o Art\\u00edstica\",\"p20_reunioes\":\"Reuni\\u00f5es\",\"p20_atendimento\":\"Atendimento\",\"p20_oficinas\":\"Oficinas\",\"p20_oficinasaulasartisticas\":\"Ensaios\\\/Oficinas\\\/Aulas art\\u00edsticas\",\"p20_cursos\":\"Cursos\",\"p20_formacao\":\"Forma\\u00e7\\u00e3o\",\"p20_profissionalizacao\":\"Profissionaliza\\u00e7\\u00e3o\",\"p20_apresentacoesartisticas\":\"Apresenta\\u00e7\\u00f5es art\\u00edsticas\",\"p20_visitasexcursoes\":\"Visitas\\\/Excurs\\u00f5es\",\"p21_nenhum\":\"Nenhum\",\"p22_numerodeparticipantes\":\"30 - 45\",\"p23_reunioes\":\"Reuni\\u00f5es\",\"p23_atendimento\":\"Atendimento\",\"p23_oficinas\":\"Oficinas\",\"p23_oficinasaulasartisticas\":\"Ensaio\\\/Oficinas\\\/Aulas Art\\u00edsticas\",\"p23_cursos\":\"Cursos\",\"p23_formacao\":\"Forma\\u00e7\\u00e3o\",\"p23_profissionalizacao\":\"Profissionaliza\\u00e7\\u00e3o\",\"p23_apresentacoesartisticas\":\"Apresenta\\u00e7\\u00f5es Art\\u00edsticas\",\"p23_visitas\":\"Visitas\",\"p23_excursoes\":\"Excurs\\u00f5es\",\"p24_reunioes\":\"Reuni\\u00f5es\",\"p24_oficinas\":\"Oficinas\",\"p24_curso\":\"Curso\",\"p24_formacao\":\"Forma\\u00e7\\u00e3o\",\"p24_outros\":\"Outros\",\"p25_numerodepessoas\":\"80 - 100\",\"p26_numerodepessoas\":\"1 - 20\",\"p27_espacopublico\":\"Espa\\u00e7o p\\u00fablico\",\"p27_espacoemprestadocedido\":\"Espa\\u00e7o emprestado\\\/cedido\",\"p27_espacoproprio\":\"Espa\\u00e7o pr\\u00f3prio\",\"p28_territorios\":\"Atua\\u00e7\\u00e3o Internacional\",\"p30_outrasorganizacoes\":\"Sim\",\"p32_campanhadelongaduracao\":\"Sim\",\"p34_municipal\":\"Municipal\",\"p34_estadual\":\"Estadual\",\"p34_nacional\":\"Nacional\",\"p36_conselhosdeparticipacaoecontrolesocial\":\"Sim\",\"p38_sim\":\"Sim\",\"p38_nenhum\":\"Nenhum\",\"p40_editais\":\"Sim\",\"p41_publicoestatal\":\"P\\u00fablico-Estatal\",\"p41_privadopf\":\"Privado (P. F\\u00edsica)\",\"p41_privadopj\":\"Privado (P. Jur\\u00eddica)\",\"p42_meiodedivulgacaoproprio\":\"Sim\",\"p43_facebook\":\"Facebook\",\"p43_whatsapp\":\"WhatsApp\",\"p43_instagram\":\"Instagram\",\"p43_sitesblogs\":\"Blogs\\\/sites\",\"p43_youtube\":\"YouTube\",\"p44_radio\":\"TV\",\"p44_jornaisimpressosdegrandecirculacao\":\"Jornais impressos de grande circula\\u00e7\\u00e3o\",\"p44_jornaisimpressosdebairro\":\"Jornais impressos de bairro\",\"p44_redessociais\":\"Redes sociais (Facebook, YouTube, Instagram etc.)\",\"p44_sitesblogs\":\"Sites ou Blogs\",\"p39_publico\":\"POPULA\\u00c7\\u00c3O GRANDE BOM PERIFERIA\",\"p45_bandeira\":\" ANTIRRACISMO  CULTURA\",\"p46_hashtags\":\"#CONSERVANDOASAUDEMENTAL #SAUDEMENTALINTEGRAL #AUTOPOIESECOMUNITARIA\"},{\"p1_eixo\":\"Trabalho\",\"p9_tipoorganizacao\":\"Associa\\u00e7\\u00e3o\",\"p12_uf\":\"AL\",\"p13_cidade\":\"MINADOR DO NEGR\\u00c3O\",\"p16_cidade\":\"Cidade\",\"p17_ano\":\"2013\",\"p18_agrario\":\"Agr\\u00e1rio\\\/ruralidades\",\"p18_desenvolvimentoterritorial\":\"Desenvolvimento territorial\",\"p18_direitoshumanos\":\"Direitos humanos\",\"p18_educacao\":\"Educa\\u00e7\\u00e3o\",\"p18_feminismos\":\"Feminismos\",\"p18_lgbtqi\":\"LGBTQI\",\"p18_lutaantirracismo\":\"Luta antirracismo\",\"p18_moradia\":\"Moradia\",\"p18_povosecomunidadestradicionais\":\"Povos e comunidades tradicionais\",\"p18_trabalho\":\"Trabalho\",\"p18_violencia\":\"Viol\\u00eancia\",\"p18_politicasculturais\":\"Pol\\u00edticas Culturais\",\"p19_agrario\":\"Agr\\u00e1rio\\\/ruralidades\",\"p19_desenvolvimentoterritorial\":\"Desenvolvimento territorial\",\"p19_direitoshumanos\":\"Direitos humanos\",\"p19_feminismos\":\"Feminismos\",\"p19_politicasculturais\":\"Pol\\u00edticas Culturais\",\"p20_reunioes\":\"Reuni\\u00f5es\",\"p20_oficinas\":\"Oficinas\",\"p20_oficinasaulasartisticas\":\"Ensaios\\\/Oficinas\\\/Aulas art\\u00edsticas\",\"p20_cursos\":\"Cursos\",\"p20_formacao\":\"Forma\\u00e7\\u00e3o\",\"p20_apresentacoesartisticas\":\"Apresenta\\u00e7\\u00f5es art\\u00edsticas\",\"p20_visitasexcursoes\":\"Visitas\\\/Excurs\\u00f5es\",\"p21_intoleranciareligiosa\":\"Fundamentalismo\\\/intoler\\u00e2ncia religiosa\",\"p21_machismo\":\"Machismo\",\"p21_nenhum\":\"Nenhum\",\"p22_numerodeparticipantes\":\"Mais de 90\",\"p23_reunioes\":\"Reuni\\u00f5es\",\"p23_oficinas\":\"Oficinas\",\"p23_oficinasaulasartisticas\":\"Ensaio\\\/Oficinas\\\/Aulas Art\\u00edsticas\",\"p23_cursos\":\"Cursos\",\"p23_formacao\":\"Forma\\u00e7\\u00e3o\",\"p23_profissionalizacao\":\"Profissionaliza\\u00e7\\u00e3o\",\"p23_apresentacoesartisticas\":\"Apresenta\\u00e7\\u00f5es Art\\u00edsticas\",\"p23_visitas\":\"Visitas\",\"p23_excursoes\":\"Excurs\\u00f5es\",\"p24_reunioes\":\"Reuni\\u00f5es\",\"p24_oficinas\":\"Oficinas\",\"p24_curso\":\"Curso\",\"p24_formacao\":\"Forma\\u00e7\\u00e3o\",\"p25_numerodepessoas\":\"200 - 300\",\"p26_numerodepessoas\":\"100 - 200\",\"p27_espacopublico\":\"Espa\\u00e7o p\\u00fablico\",\"p27_espacoemprestadocedido\":\"Espa\\u00e7o emprestado\\\/cedido\",\"p27_virtual\":\"Virtual\",\"p28_territorios\":\"Regi\\u00e3o da Cidade\",\"p30_outrasorganizacoes\":\"N\\u00e3o\",\"p32_campanhadelongaduracao\":\"N\\u00e3o\",\"p34_municipal\":\"Municipal\",\"p34_estadual\":\"Estadual\",\"p34_nacional\":\"Nacional\",\"p34_nenhuma\":\"Nenhuma\",\"p36_conselhosdeparticipacaoecontrolesocial\":\"Sim\",\"p38_nenhum\":\"Nenhum\",\"p40_editais\":\"N\\u00e3o\",\"p41_privadopf\":\"Privado (P. F\\u00edsica)\",\"p41_autofinanciamento\":\"Autofinanciamento\",\"p42_meiodedivulgacaoproprio\":\"Sim\",\"p43_email\":\"E-mail\",\"p43_facebook\":\"Facebook\",\"p43_whatsapp\":\"WhatsApp\",\"p43_instagram\":\"Instagram\",\"p43_sitesblogs\":\"Blogs\\\/sites\",\"p44_redessociais\":\"Redes sociais (Facebook, YouTube, Instagram etc.)\",\"p44_sitesblogs\":\"Sites ou Blogs\",\"p39_publico\":\"PESSOAS BAIXA-RENDA VULNERABILIDADE RA\\u00c7A ETNIA RACIAL\",\"p45_bandeira\":\"COMBATE  RELIGIOSA COMBATE RACISMO COMBATE  MASCULINIDADE T\\u00d3XICA COMBATE LGBTQIA+FOBIA TRABALHO JUVENTUDE TRABALHO MULHERES LUTA \\u00c1GUA PARA\\u00cdSO SUL\",\"p46_hashtags\":\"#EMPODERAMENTO  #CULTURA  #AGRICULTURA\"},{\"p1_eixo\":\"Cultura\",\"p9_tipoorganizacao\":\"Coletivo\",\"p12_uf\":\"AL\",\"p13_cidade\":\"PALMEIRA DOS \\u00cdNDIOS\",\"p16_bairro\":\"Bairro\",\"p16_cidade\":\"Cidade\",\"p17_ano\":\"2015\",\"p18_comunicacao\":\"Comunica\\u00e7\\u00e3o\",\"p18_difusaoartistica\":\"Difus\\u00e3o Art\\u00edstica\",\"p18_desenvolvimentoterritorial\":\"Desenvolvimento territorial\",\"p18_direitoshumanos\":\"Direitos humanos\",\"p18_educacao\":\"Educa\\u00e7\\u00e3o\",\"p18_feminismos\":\"Feminismos\",\"p18_lgbtqi\":\"LGBTQI\",\"p18_lutaantirracismo\":\"Luta antirracismo\",\"p18_mobilidade\":\"Mobilidade\",\"p18_moradia\":\"Moradia\",\"p18_povosecomunidadestradicionais\":\"Povos e comunidades tradicionais\",\"p18_trabalho\":\"Trabalho\",\"p18_saude\":\"Sa\\u00fade\",\"p18_violencia\":\"Viol\\u00eancia\",\"p18_politicasculturais\":\"Pol\\u00edticas Culturais\",\"p19_direitoshumanos\":\"Direitos humanos\",\"p19_feminismos\":\"Feminismos\",\"p19_lutaantirracismo\":\"Luta antirracismo\",\"p19_politicasculturais\":\"Pol\\u00edticas Culturais\",\"p20_reunioes\":\"Reuni\\u00f5es\",\"p20_oficinas\":\"Oficinas\",\"p20_oficinasaulasartisticas\":\"Ensaios\\\/Oficinas\\\/Aulas art\\u00edsticas\",\"p20_formacao\":\"Forma\\u00e7\\u00e3o\",\"p20_apresentacoesartisticas\":\"Apresenta\\u00e7\\u00f5es art\\u00edsticas\",\"p20_visitasexcursoes\":\"Visitas\\\/Excurs\\u00f5es\",\"p21_repressaopolicial\":\"Repress\\u00e3o policial\",\"p21_intoleranciareligiosa\":\"Fundamentalismo\\\/intoler\\u00e2ncia religiosa\",\"p21_xenofobia\":\"Xenofobia\",\"p21_machismo\":\"Machismo\",\"p22_numerodeparticipantes\":\"1  - 15\",\"p23_reunioes\":\"Reuni\\u00f5es\",\"p23_oficinas\":\"Oficinas\",\"p23_oficinasaulasartisticas\":\"Ensaio\\\/Oficinas\\\/Aulas Art\\u00edsticas\",\"p23_formacao\":\"Forma\\u00e7\\u00e3o\",\"p23_apresentacoesartisticas\":\"Apresenta\\u00e7\\u00f5es Art\\u00edsticas\",\"p23_visitas\":\"Visitas\",\"p23_excursoes\":\"Excurs\\u00f5es\",\"p23_outros\":\"Outros\",\"p24_reunioes\":\"Reuni\\u00f5es\",\"p24_atendimento\":\"Atendimentos\",\"p24_formacao\":\"Forma\\u00e7\\u00e3o\",\"p24_apresentacoesartisticas\":\"Apresenta\\u00e7\\u00f5es art\\u00edsticas\",\"p24_outros\":\"Outros\",\"p25_numerodepessoas\":\"1 - 20\",\"p26_numerodepessoas\":\"20 - 40\",\"p27_espacopublico\":\"Espa\\u00e7o p\\u00fablico\",\"p27_espacoemprestadocedido\":\"Espa\\u00e7o emprestado\\\/cedido\",\"p27_virtual\":\"Virtual\",\"p28_territorios\":\"Cidade\",\"p30_outrasorganizacoes\":\"Sim\",\"p32_campanhadelongaduracao\":\"N\\u00e3o\",\"p34_nenhuma\":\"Nenhuma\",\"p36_conselhosdeparticipacaoecontrolesocial\":\"N\\u00e3o\",\"p38_nenhum\":\"Nenhum\",\"p40_editais\":\"N\\u00e3o\",\"p41_publicoestatal\":\"P\\u00fablico-Estatal\",\"p41_autofinanciamento\":\"Autofinanciamento\",\"p42_meiodedivulgacaoproprio\":\"Sim\",\"p43_impressoes\":\"Impressos\",\"p43_email\":\"E-mail\",\"p43_facebook\":\"Facebook\",\"p43_whatsapp\":\"WhatsApp\",\"p43_instagram\":\"Instagram\",\"p44_redessociais\":\"Redes sociais (Facebook, YouTube, Instagram etc.)\",\"p39_publico\":\"MULHERES JOVENS ADULTAS\",\"p45_bandeira\":\"EDUCA\\u00c7\\u00c3O PRECURSORA TRANSFORMA\\u00c7\\u00c3O SOCIEDADE\",\"p46_hashtags\":\"#FEMINISMO  #N\\u00d3SPORN\\u00d3S  #ANOSSALUTA\\u00c9TODODIA\"},{\"p1_eixo\":\"Viol\\u00eancia\",\"p9_tipoorganizacao\":\"Coletivo\",\"p12_uf\":\"SP\",\"p13_cidade\":\"S\\u00c3O PAULO\",\"p16_bairro\":\"Bairro\",\"p17_ano\":\"2016\",\"p16_estado\":\"Estado\",\"p18_agrario\":\"Agr\\u00e1rio\\\/ruralidades\",\"p18_comunicacao\":\"Comunica\\u00e7\\u00e3o\",\"p18_difusaoartistica\":\"Difus\\u00e3o Art\\u00edstica\",\"p18_desenvolvimentoterritorial\":\"Desenvolvimento territorial\",\"p18_direitoshumanos\":\"Direitos humanos\",\"p18_educacao\":\"Educa\\u00e7\\u00e3o\",\"p18_feminismos\":\"Feminismos\",\"p18_lgbtqi\":\"LGBTQI\",\"p18_lutaantirracismo\":\"Luta antirracismo\",\"p18_mobilidade\":\"Mobilidade\",\"p18_moradia\":\"Moradia\",\"p18_povosecomunidadestradicionais\":\"Povos e comunidades tradicionais\",\"p18_trabalho\":\"Trabalho\",\"p18_saude\":\"Sa\\u00fade\",\"p18_violencia\":\"Viol\\u00eancia\",\"p18_politicasculturais\":\"Pol\\u00edticas Culturais\",\"p19_agrario\":\"Agr\\u00e1rio\\\/ruralidades\",\"p19_desenvolvimentoterritorial\":\"Desenvolvimento territorial\",\"p19_feminismos\":\"Feminismos\",\"p19_lutaantirracismo\":\"Luta antirracismo\",\"p19_trabalho\":\"Trabalho\",\"p19_politicasculturais\":\"Pol\\u00edticas Culturais\",\"p20_reunioes\":\"Reuni\\u00f5es\",\"p20_atendimento\":\"Atendimento\",\"p20_oficinas\":\"Oficinas\",\"p20_cursos\":\"Cursos\",\"p20_formacao\":\"Forma\\u00e7\\u00e3o\",\"p20_profissionalizacao\":\"Profissionaliza\\u00e7\\u00e3o\",\"p21_repressaopolicial\":\"Repress\\u00e3o policial\",\"p21_intoleranciareligiosa\":\"Fundamentalismo\\\/intoler\\u00e2ncia religiosa\",\"p21_xenofobia\":\"Xenofobia\",\"p21_machismo\":\"Machismo\",\"p21_nenhum\":\"Nenhum\",\"p22_numerodeparticipantes\":\"1  - 15\",\"p23_atendimento\":\"Atendimento\",\"p23_cursos\":\"Cursos\",\"p23_formacao\":\"Forma\\u00e7\\u00e3o\",\"p23_profissionalizacao\":\"Profissionaliza\\u00e7\\u00e3o\",\"p23_outros\":\"Outros\",\"p24_reunioes\":\"Reuni\\u00f5es\",\"p24_atendimento\":\"Atendimentos\",\"p24_apresentacoesartisticas\":\"Apresenta\\u00e7\\u00f5es art\\u00edsticas\",\"p24_visitasexcursoes\":\"Visitas\\\/Excurs\\u00f5es\",\"p24_outros\":\"Outros\",\"p25_numerodepessoas\":\"1 - 20\",\"p26_numerodepessoas\":\"20 - 40\",\"p27_espacopublico\":\"Espa\\u00e7o p\\u00fablico\",\"p27_espacoemprestadocedido\":\"Espa\\u00e7o emprestado\\\/cedido\",\"p27_espacoproprio\":\"Espa\\u00e7o pr\\u00f3prio\",\"p28_territorios\":\"Pr\\u00f3prio bairro\",\"p30_outrasorganizacoes\":\"Sim\",\"p32_campanhadelongaduracao\":\"N\\u00e3o\",\"p34_estadual\":\"Estadual\",\"p34_nacional\":\"Nacional\",\"p34_nenhuma\":\"Nenhuma\",\"p36_conselhosdeparticipacaoecontrolesocial\":\"Sim\",\"p38_nenhum\":\"Nenhum\",\"p40_editais\":\"Sim\",\"p41_publicoestatal\":\"P\\u00fablico-Estatal\",\"p41_privadopf\":\"Privado (P. F\\u00edsica)\",\"p41_privadopj\":\"Privado (P. Jur\\u00eddica)\",\"p41_autofinanciamento\":\"Autofinanciamento\",\"p41_financiamentocoletivo0\":\"Financiamento coletivo\",\"p42_meiodedivulgacaoproprio\":\"Sim\",\"p43_impressoes\":\"Impressos\",\"p43_email\":\"E-mail\",\"p43_facebook\":\"Facebook\",\"p44_radio\":\"TV\",\"p44_jornaisimpressosdegrandecirculacao\":\"Jornais impressos de grande circula\\u00e7\\u00e3o\",\"p44_jornaisimpressosdebairro\":\"Jornais impressos de bairro\",\"p44_redessociais\":\"Redes sociais (Facebook, YouTube, Instagram etc.)\",\"p44_sitesblogs\":\"Sites ou Blogs\",\"p39_publico\":\"MULHERES\",\"p45_bandeira\":\"MORADIA GERA\\u00c7\\u00c3O EMPREGO INFRAESTRUTURA QUALIDADE VIDA UTILIZA\\u00c7\\u00c3O CIDADE\",\"p46_hashtags\":\"#LUTECOMOUMAMULHER #ELENAO\"},{\"p1_eixo\":\"Trabalho\",\"p9_tipoorganizacao\":\"ONG\",\"p12_uf\":\"PE\",\"p13_cidade\":\"RECIFE\",\"p17_ano\":\"1993\",\"p16_estado\":\"Estado\",\"p18_agrario\":\"Agr\\u00e1rio\\\/ruralidades\",\"p18_comunicacao\":\"Comunica\\u00e7\\u00e3o\",\"p18_difusaoartistica\":\"Difus\\u00e3o Art\\u00edstica\",\"p18_desenvolvimentoterritorial\":\"Desenvolvimento territorial\",\"p18_direitoshumanos\":\"Direitos humanos\",\"p18_educacao\":\"Educa\\u00e7\\u00e3o\",\"p18_feminismos\":\"Feminismos\",\"p18_lgbtqi\":\"LGBTQI\",\"p18_lutaantirracismo\":\"Luta antirracismo\",\"p18_mobilidade\":\"Mobilidade\",\"p18_moradia\":\"Moradia\",\"p18_povosecomunidadestradicionais\":\"Povos e comunidades tradicionais\",\"p18_trabalho\":\"Trabalho\",\"p18_religiao\":\"Religi\\u00e3o\",\"p18_saude\":\"Sa\\u00fade\",\"p18_violencia\":\"Viol\\u00eancia\",\"p18_politicasculturais\":\"Pol\\u00edticas Culturais\",\"p19_agrario\":\"Agr\\u00e1rio\\\/ruralidades\",\"p19_desenvolvimentoterritorial\":\"Desenvolvimento territorial\",\"p19_lutaantirracismo\":\"Luta antirracismo\",\"p19_trabalho\":\"Trabalho\",\"p19_difusaoartistica\":\"Difus\\u00e3o Art\\u00edstica\",\"p19_politicasculturais\":\"Pol\\u00edticas Culturais\",\"p20_reunioes\":\"Reuni\\u00f5es\",\"p20_atendimento\":\"Atendimento\",\"p20_oficinas\":\"Oficinas\",\"p20_oficinasaulasartisticas\":\"Ensaios\\\/Oficinas\\\/Aulas art\\u00edsticas\",\"p20_cursos\":\"Cursos\",\"p20_formacao\":\"Forma\\u00e7\\u00e3o\",\"p20_profissionalizacao\":\"Profissionaliza\\u00e7\\u00e3o\",\"p20_apresentacoesartisticas\":\"Apresenta\\u00e7\\u00f5es art\\u00edsticas\",\"p21_intoleranciareligiosa\":\"Fundamentalismo\\\/intoler\\u00e2ncia religiosa\",\"p21_machismo\":\"Machismo\",\"p21_racismo\":\"Racismo\",\"p21_lgbtqifobia\":\"LGBTIfobia\",\"p21_nenhum\":\"Nenhum\",\"p22_numerodeparticipantes\":\"15 - 30\",\"p23_atendimento\":\"Atendimento\",\"p23_oficinasaulasartisticas\":\"Ensaio\\\/Oficinas\\\/Aulas Art\\u00edsticas\",\"p23_cursos\":\"Cursos\",\"p23_formacao\":\"Forma\\u00e7\\u00e3o\",\"p23_profissionalizacao\":\"Profissionaliza\\u00e7\\u00e3o\",\"p24_reunioes\":\"Reuni\\u00f5es\",\"p24_oficinasaulasartisticas\":\"Ensaios\\\/Oficinas\\\/Aulas art\\u00edsticas\",\"p24_apresentacoesartisticas\":\"Apresenta\\u00e7\\u00f5es art\\u00edsticas\",\"p24_visitasexcursoes\":\"Visitas\\\/Excurs\\u00f5es\",\"p24_outros\":\"Outros\",\"p25_numerodepessoas\":\"400 - 500\",\"p26_numerodepessoas\":\"100 - 200\",\"p27_espacopublico\":\"Espa\\u00e7o p\\u00fablico\",\"p27_espacoemprestadocedido\":\"Espa\\u00e7o emprestado\\\/cedido\",\"p27_espacoproprio\":\"Espa\\u00e7o pr\\u00f3prio\",\"p28_territorios\":\"Estado\",\"p30_outrasorganizacoes\":\"N\\u00e3o\",\"p32_campanhadelongaduracao\":\"N\\u00e3o\",\"p34_estadual\":\"Estadual\",\"p34_nacional\":\"Nacional\",\"p36_conselhosdeparticipacaoecontrolesocial\":\"N\\u00e3o\",\"p38_nenhum\":\"Nenhum\",\"p40_editais\":\"Sim\",\"p41_publicoestatal\":\"P\\u00fablico-Estatal\",\"p41_privadopf\":\"Privado (P. F\\u00edsica)\",\"p41_privadopj\":\"Privado (P. Jur\\u00eddica)\",\"p41_autofinanciamento\":\"Autofinanciamento\",\"p41_financiamentocoletivo0\":\"Financiamento coletivo\",\"p42_meiodedivulgacaoproprio\":\"Sim\",\"p43_email\":\"E-mail\",\"p43_facebook\":\"Facebook\",\"p43_instagram\":\"Instagram\",\"p44_radio\":\"TV\",\"p44_jornaisimpressosdegrandecirculacao\":\"Jornais impressos de grande circula\\u00e7\\u00e3o\",\"p44_jornaisimpressosdebairro\":\"Jornais impressos de bairro\",\"p44_redessociais\":\"Redes sociais (Facebook, YouTube, Instagram etc.)\",\"p44_sitesblogs\":\"Sites ou Blogs\",\"p39_publico\":\"TODOS DIGNA RESPEITO CUIDADO-TERRA\",\"p45_bandeira\":\"REGULARIZA\\u00c7\\u00c3O FUNDI\\u00c1RIA REDE ESGOTO \\u00c1GUA ESCOLAS COMUNIDADE LUTA INFRAESTRUTURA REDE ASFALTOS \\u00c1REA LAZER PRA\\u00c7AS CENTRO COMUNIT\\u00c1RIO\",\"p46_hashtags\":\"#AGRICULTURAFAMILIAR #CUIDADOCOMATERRA #REFORMAAGRARIA\"},{\"p1_eixo\":\"Viol\\u00eancia\",\"p9_tipoorganizacao\":\"Coletivo Art\\u00edstico\",\"p12_uf\":\"SP\",\"p13_cidade\":\"S\\u00c3O PAULO\",\"p16_cidade\":\"Cidade\",\"p17_ano\":\"2017\",\"p16_estado\":\"Estado\",\"p18_agrario\":\"Agr\\u00e1rio\\\/ruralidades\",\"p18_comunicacao\":\"Comunica\\u00e7\\u00e3o\",\"p18_difusaoartistica\":\"Difus\\u00e3o Art\\u00edstica\",\"p18_desenvolvimentoterritorial\":\"Desenvolvimento territorial\",\"p18_direitoshumanos\":\"Direitos humanos\",\"p18_educacao\":\"Educa\\u00e7\\u00e3o\",\"p18_feminismos\":\"Feminismos\",\"p18_lgbtqi\":\"LGBTQI\",\"p18_lutaantirracismo\":\"Luta antirracismo\",\"p18_mobilidade\":\"Mobilidade\",\"p18_moradia\":\"Moradia\",\"p18_povosecomunidadestradicionais\":\"Povos e comunidades tradicionais\",\"p18_trabalho\":\"Trabalho\",\"p18_religiao\":\"Religi\\u00e3o\",\"p18_saude\":\"Sa\\u00fade\",\"p18_violencia\":\"Viol\\u00eancia\",\"p18_politicasculturais\":\"Pol\\u00edticas Culturais\",\"p19_direitoshumanos\":\"Direitos humanos\",\"p19_lgbtqi\":\"LGBTQI\",\"p19_lutaantirracismo\":\"Luta antirracismo\",\"p19_violencia\":\"Viol\\u00eancia\",\"p19_difusaoartistica\":\"Difus\\u00e3o Art\\u00edstica\",\"p19_politicasculturais\":\"Pol\\u00edticas Culturais\",\"p20_reunioes\":\"Reuni\\u00f5es\",\"p20_oficinas\":\"Oficinas\",\"p20_oficinasaulasartisticas\":\"Ensaios\\\/Oficinas\\\/Aulas art\\u00edsticas\",\"p20_apresentacoesartisticas\":\"Apresenta\\u00e7\\u00f5es art\\u00edsticas\",\"p20_visitasexcursoes\":\"Visitas\\\/Excurs\\u00f5es\",\"p21_intoleranciareligiosa\":\"Fundamentalismo\\\/intoler\\u00e2ncia religiosa\",\"p21_xenofobia\":\"Xenofobia\",\"p21_machismo\":\"Machismo\",\"p21_racismo\":\"Racismo\",\"p21_lgbtqifobia\":\"LGBTIfobia\",\"p22_numerodeparticipantes\":\"1  - 15\",\"p23_oficinasaulasartisticas\":\"Ensaio\\\/Oficinas\\\/Aulas Art\\u00edsticas\",\"p23_apresentacoesartisticas\":\"Apresenta\\u00e7\\u00f5es Art\\u00edsticas\",\"p24_reunioes\":\"Reuni\\u00f5es\",\"p24_oficinas\":\"Oficinas\",\"p24_oficinasaulasartisticas\":\"Ensaios\\\/Oficinas\\\/Aulas art\\u00edsticas\",\"p24_apresentacoesartisticas\":\"Apresenta\\u00e7\\u00f5es art\\u00edsticas\",\"p24_visitasexcursoes\":\"Visitas\\\/Excurs\\u00f5es\",\"p24_outros\":\"Outros\",\"p25_numerodepessoas\":\"1 - 20\",\"p26_numerodepessoas\":\"40 - 60\",\"p27_espacopublico\":\"Espa\\u00e7o p\\u00fablico\",\"p27_espacoemprestadocedido\":\"Espa\\u00e7o emprestado\\\/cedido\",\"p28_territorios\":\"Estado\",\"p30_outrasorganizacoes\":\"Sim\",\"p32_campanhadelongaduracao\":\"N\\u00e3o\",\"p34_estadual\":\"Estadual\",\"p34_nenhuma\":\"Nenhuma\",\"p36_conselhosdeparticipacaoecontrolesocial\":\"N\\u00e3o\",\"p38_nenhum\":\"Nenhum\",\"p40_editais\":\"Sim\",\"p41_publicoestatal\":\"P\\u00fablico-Estatal\",\"p41_autofinanciamento\":\"Autofinanciamento\",\"p42_meiodedivulgacaoproprio\":\"Sim\",\"p43_email\":\"E-mail\",\"p43_facebook\":\"Facebook\",\"p43_instagram\":\"Instagram\",\"p43_youtube\":\"YouTube\",\"p44_radio\":\"R\\u00e1dio\",\"p44_jornaisimpressosdebairro\":\"Jornais impressos de bairro\",\"p44_redessociais\":\"Redes sociais (Facebook, YouTube, Instagram etc.)\",\"p44_sitesblogs\":\"Sites ou Blogs\",\"p39_publico\":\"MULHERES NEGRAS\",\"p45_bandeira\":\"CONSCI\\u00caNCIA INICIATIVA PR\\u00d3PRIA EDUCA\\u00c7\\u00c3O RESPEITO\",\"p46_hashtags\":\"#VAITERMUITAGORDAHOJE #SOMOSPRETASEGORDAS\"},{\"p1_eixo\":\"Viol\\u00eancia\",\"p9_tipoorganizacao\":\"Coletivo Art\\u00edstico\",\"p12_uf\":\"MG\",\"p13_cidade\":\"BELO HORIZONTE\",\"p16_cidade\":\"Cidade\",\"p16_nacional\":\"Nacional\",\"p17_ano\":\"2004\",\"p18_agrario\":\"Agr\\u00e1rio\\\/ruralidades\",\"p18_comunicacao\":\"Comunica\\u00e7\\u00e3o\",\"p18_difusaoartistica\":\"Difus\\u00e3o Art\\u00edstica\",\"p18_desenvolvimentoterritorial\":\"Desenvolvimento territorial\",\"p18_direitoshumanos\":\"Direitos humanos\",\"p18_educacao\":\"Educa\\u00e7\\u00e3o\",\"p18_feminismos\":\"Feminismos\",\"p18_lgbtqi\":\"LGBTQI\",\"p18_lutaantirracismo\":\"Luta antirracismo\",\"p18_mobilidade\":\"Mobilidade\",\"p18_moradia\":\"Moradia\",\"p18_povosecomunidadestradicionais\":\"Povos e comunidades tradicionais\",\"p18_trabalho\":\"Trabalho\",\"p18_religiao\":\"Religi\\u00e3o\",\"p18_saude\":\"Sa\\u00fade\",\"p18_violencia\":\"Viol\\u00eancia\",\"p18_politicasculturais\":\"Pol\\u00edticas Culturais\",\"p19_agrario\":\"Agr\\u00e1rio\\\/ruralidades\",\"p19_desenvolvimentoterritorial\":\"Desenvolvimento territorial\",\"p19_direitoshumanos\":\"Direitos humanos\",\"p19_educacao\":\"Educa\\u00e7\\u00e3o\",\"p19_lgbtqi\":\"LGBTQI\",\"p19_violencia\":\"Viol\\u00eancia\",\"p20_reunioes\":\"Reuni\\u00f5es\",\"p20_atendimento\":\"Atendimento\",\"p20_oficinas\":\"Oficinas\",\"p20_oficinasaulasartisticas\":\"Ensaios\\\/Oficinas\\\/Aulas art\\u00edsticas\",\"p20_cursos\":\"Cursos\",\"p20_formacao\":\"Forma\\u00e7\\u00e3o\",\"p20_apresentacoesartisticas\":\"Apresenta\\u00e7\\u00f5es art\\u00edsticas\",\"p20_visitasexcursoes\":\"Visitas\\\/Excurs\\u00f5es\",\"p21_intoleranciareligiosa\":\"Fundamentalismo\\\/intoler\\u00e2ncia religiosa\",\"p21_xenofobia\":\"Xenofobia\",\"p21_machismo\":\"Machismo\",\"p21_racismo\":\"Racismo\",\"p21_lgbtqifobia\":\"LGBTIfobia\",\"p22_numerodeparticipantes\":\"1  - 15\",\"p23_reunioes\":\"Reuni\\u00f5es\",\"p23_cursos\":\"Cursos\",\"p23_formacao\":\"Forma\\u00e7\\u00e3o\",\"p23_apresentacoesartisticas\":\"Apresenta\\u00e7\\u00f5es Art\\u00edsticas\",\"p23_visitas\":\"Visitas\",\"p24_reunioes\":\"Reuni\\u00f5es\",\"p24_oficinas\":\"Oficinas\",\"p24_oficinasaulasartisticas\":\"Ensaios\\\/Oficinas\\\/Aulas art\\u00edsticas\",\"p24_apresentacoesartisticas\":\"Apresenta\\u00e7\\u00f5es art\\u00edsticas\",\"p24_visitasexcursoes\":\"Visitas\\\/Excurs\\u00f5es\",\"p24_outros\":\"Outros\",\"p25_numerodepessoas\":\"100 - 200\",\"p26_numerodepessoas\":\"20 - 40\",\"p27_espacopublico\":\"Espa\\u00e7o p\\u00fablico\",\"p27_espacoemprestadocedido\":\"Espa\\u00e7o emprestado\\\/cedido\",\"p27_espacoproprio\":\"Espa\\u00e7o pr\\u00f3prio\",\"p28_territorios\":\"Regi\\u00e3o da Cidade\",\"p30_outrasorganizacoes\":\"Sim\",\"p32_campanhadelongaduracao\":\"N\\u00e3o\",\"p34_estadual\":\"Estadual\",\"p34_nacional\":\"Nacional\",\"p34_internacional\":\"Internacional\",\"p34_nenhuma\":\"Nenhuma\",\"p36_conselhosdeparticipacaoecontrolesocial\":\"N\\u00e3o\",\"p38_sim\":\"Sim\",\"p38_nenhum\":\"Nenhum\",\"p40_editais\":\"Sim\",\"p41_publicoestatal\":\"P\\u00fablico-Estatal\",\"p41_privadopj\":\"Privado (P. Jur\\u00eddica)\",\"p42_meiodedivulgacaoproprio\":\"Sim\",\"p43_email\":\"E-mail\",\"p43_facebook\":\"Facebook\",\"p43_whatsapp\":\"WhatsApp\",\"p43_instagram\":\"Instagram\",\"p43_radio\":\"R\\u00e1dio\",\"p43_youtube\":\"YouTube\",\"p44_radio\":\"R\\u00e1dio\",\"p44_jornaisimpressosdebairro\":\"Jornais impressos de bairro\",\"p44_redessociais\":\"Redes sociais (Facebook, YouTube, Instagram etc.)\",\"p44_sitesblogs\":\"Sites ou Blogs\",\"p39_publico\":\"PERIFERIA\",\"p45_bandeira\":\"ESTADO RECONHE\\u00c7A PORTO VELHO RIO MADEIRA TERRIT\\u00d3RIO MEM\\u00d3RIA ANCESTRAL MURA DEFESA VIDA LUTA CONTRA INSTALA\\u00c7\\u00c3O HIDREL\\u00c9TRICAS\",\"p46_hashtags\":\"#IDENTIDADE #PERIFERIA #LUTASOCIAL\"},{\"p1_eixo\":\"Trabalho\",\"p9_tipoorganizacao\":\"ONG\",\"p12_uf\":\"PE\",\"p13_cidade\":\"OURICURI\",\"p16_nacional\":\"Nacional\",\"p17_ano\":\"1988\",\"p18_agrario\":\"Agr\\u00e1rio\\\/ruralidades\",\"p18_comunicacao\":\"Comunica\\u00e7\\u00e3o\",\"p18_difusaoartistica\":\"Difus\\u00e3o Art\\u00edstica\",\"p18_desenvolvimentoterritorial\":\"Desenvolvimento territorial\",\"p18_direitoshumanos\":\"Direitos humanos\",\"p18_educacao\":\"Educa\\u00e7\\u00e3o\",\"p18_feminismos\":\"Feminismos\",\"p18_lgbtqi\":\"LGBTQI\",\"p18_lutaantirracismo\":\"Luta antirracismo\",\"p18_povosecomunidadestradicionais\":\"Povos e comunidades tradicionais\",\"p18_trabalho\":\"Trabalho\",\"p18_saude\":\"Sa\\u00fade\",\"p18_violencia\":\"Viol\\u00eancia\",\"p18_politicasculturais\":\"Pol\\u00edticas Culturais\",\"p19_agrario\":\"Agr\\u00e1rio\\\/ruralidades\",\"p19_desenvolvimentoterritorial\":\"Desenvolvimento territorial\",\"p19_direitoshumanos\":\"Direitos humanos\",\"p19_educacao\":\"Educa\\u00e7\\u00e3o\",\"p19_feminismos\":\"Feminismos\",\"p19_violencia\":\"Viol\\u00eancia\",\"p20_reunioes\":\"Reuni\\u00f5es\",\"p20_atendimento\":\"Atendimento\",\"p20_oficinas\":\"Oficinas\",\"p20_cursos\":\"Cursos\",\"p20_formacao\":\"Forma\\u00e7\\u00e3o\",\"p20_visitasexcursoes\":\"Visitas\\\/Excurs\\u00f5es\",\"p21_repressaopolicial\":\"Repress\\u00e3o policial\",\"p21_machismo\":\"Machismo\",\"p21_racismo\":\"Racismo\",\"p21_lgbtqifobia\":\"LGBTIfobia\",\"p21_enfrentamentocomgruposprivadosarmados\":\"Enfrentamento com grupos privados armados\",\"p22_numerodeparticipantes\":\"15 - 30\",\"p23_reunioes\":\"Reuni\\u00f5es\",\"p23_atendimento\":\"Atendimento\",\"p23_oficinas\":\"Oficinas\",\"p23_cursos\":\"Cursos\",\"p23_formacao\":\"Forma\\u00e7\\u00e3o\",\"p23_visitas\":\"Visitas\",\"p24_reunioes\":\"Reuni\\u00f5es\",\"p24_oficinas\":\"Oficinas\",\"p24_visitasexcursoes\":\"Visitas\\\/Excurs\\u00f5es\",\"p24_outros\":\"Outros\",\"p25_numerodepessoas\":\"20 - 40\",\"p26_numerodepessoas\":\"40 - 60\",\"p27_espacoemprestadocedido\":\"Espa\\u00e7o emprestado\\\/cedido\",\"p27_espacoproprio\":\"Espa\\u00e7o pr\\u00f3prio\",\"p28_territorios\":\"Estado\",\"p30_outrasorganizacoes\":\"Sim\",\"p32_campanhadelongaduracao\":\"N\\u00e3o\",\"p34_estadual\":\"Estadual\",\"p34_nacional\":\"Nacional\",\"p34_internacional\":\"Internacional\",\"p36_conselhosdeparticipacaoecontrolesocial\":\"Sim\",\"p38_sim\":\"Sim\",\"p40_editais\":\"Sim\",\"p41_privadopj\":\"Privado (P. Jur\\u00eddica)\",\"p42_meiodedivulgacaoproprio\":\"Sim\",\"p43_email\":\"E-mail\",\"p43_facebook\":\"Facebook\",\"p43_whatsapp\":\"WhatsApp\",\"p43_sitesblogs\":\"Blogs\\\/sites\",\"p43_radio\":\"R\\u00e1dio\",\"p44_radio\":\"TV\",\"p44_jornaisimpressosdegrandecirculacao\":\"Jornais impressos de grande circula\\u00e7\\u00e3o\",\"p44_jornaisimpressosdebairro\":\"Jornais impressos de bairro\",\"p44_redessociais\":\"Redes sociais (Facebook, YouTube, Instagram etc.)\",\"p44_sitesblogs\":\"Sites ou Blogs\",\"p39_publico\":\"FAM\\u00cdLIAS AGRICULTORAS SEMI\\u00c1RIDO\",\"p45_bandeira\":\" ANTIRRACISMO  CONTRA POSS\\u00cdVEIS DISCRIMINA\\u00c7\\u00d5ES IMPLEMENTA\\u00c7\\u00c3O IGUALDADE RACIAL SA\\u00daDE POPULA\\u00c7\\u00c3O NEGRA SEGURAN\\u00c7A ALIMENTAR DIREITO PROFESSAR RELIGI\\u00c3O MATRIZ AFRICANA LUTA EMPREGO\",\"p46_hashtags\":\"#AGROECOLOGIA #CONVIVENCIACOMSEMIARIDO #DIREITODASMULHERES\"},{\"p1_eixo\":\"Viol\\u00eancia\",\"p9_tipoorganizacao\":\"ONG\",\"p12_uf\":\"RS\",\"p13_cidade\":\"PORTO ALEGRE\",\"p16_cidade\":\"Cidade\",\"p16_nacional\":\"Nacional\",\"p17_ano\":\"1993\",\"p18_comunicacao\":\"Comunica\\u00e7\\u00e3o\",\"p18_difusaoartistica\":\"Difus\\u00e3o Art\\u00edstica\",\"p18_direitoshumanos\":\"Direitos humanos\",\"p18_educacao\":\"Educa\\u00e7\\u00e3o\",\"p18_feminismos\":\"Feminismos\",\"p18_lgbtqi\":\"LGBTQI\",\"p18_lutaantirracismo\":\"Luta antirracismo\",\"p18_mobilidade\":\"Mobilidade\",\"p18_moradia\":\"Moradia\",\"p18_trabalho\":\"Trabalho\",\"p18_saude\":\"Sa\\u00fade\",\"p18_violencia\":\"Viol\\u00eancia\",\"p18_politicasculturais\":\"Pol\\u00edticas Culturais\",\"p19_direitoshumanos\":\"Direitos humanos\",\"p19_educacao\":\"Educa\\u00e7\\u00e3o\",\"p19_feminismos\":\"Feminismos\",\"p19_violencia\":\"Viol\\u00eancia\",\"p19_difusaoartistica\":\"Difus\\u00e3o Art\\u00edstica\",\"p20_atendimento\":\"Atendimento\",\"p20_oficinas\":\"Oficinas\",\"p20_cursos\":\"Cursos\",\"p20_formacao\":\"Forma\\u00e7\\u00e3o\",\"p20_apresentacoesartisticas\":\"Apresenta\\u00e7\\u00f5es art\\u00edsticas\",\"p20_visitasexcursoes\":\"Visitas\\\/Excurs\\u00f5es\",\"p21_repressaopolicial\":\"Repress\\u00e3o policial\",\"p21_machismo\":\"Machismo\",\"p21_racismo\":\"Racismo\",\"p21_lgbtqifobia\":\"LGBTIfobia\",\"p21_enfrentamentocomgruposprivadosarmados\":\"Enfrentamento com grupos privados armados\",\"p22_numerodeparticipantes\":\"15 - 30\",\"p23_atendimento\":\"Atendimento\",\"p23_oficinas\":\"Oficinas\",\"p23_cursos\":\"Cursos\",\"p23_formacao\":\"Forma\\u00e7\\u00e3o\",\"p23_apresentacoesartisticas\":\"Apresenta\\u00e7\\u00f5es Art\\u00edsticas\",\"p23_visitas\":\"Visitas\",\"p24_oficinas\":\"Oficinas\",\"p24_apresentacoesartisticas\":\"Apresenta\\u00e7\\u00f5es art\\u00edsticas\",\"p24_visitasexcursoes\":\"Visitas\\\/Excurs\\u00f5es\",\"p25_numerodepessoas\":\"40 - 60\",\"p26_numerodepessoas\":\"80 - 100\",\"p27_espacoemprestadocedido\":\"Espa\\u00e7o emprestado\\\/cedido\",\"p27_espacoproprio\":\"Espa\\u00e7o pr\\u00f3prio\",\"p28_territorios\":\"Atua\\u00e7\\u00e3o Nacional\",\"p30_outrasorganizacoes\":\"Sim\",\"p32_campanhadelongaduracao\":\"Sim\",\"p34_estadual\":\"Estadual\",\"p34_nacional\":\"Nacional\",\"p34_internacional\":\"Internacional\",\"p34_nenhuma\":\"Nenhuma\",\"p36_conselhosdeparticipacaoecontrolesocial\":\"Sim\",\"p38_sim\":\"Sim\",\"p40_editais\":\"Sim\",\"p41_publicoestatal\":\"P\\u00fablico-Estatal\",\"p41_privadopj\":\"Privado (P. Jur\\u00eddica)\",\"p41_autofinanciamento\":\"Autofinanciamento\",\"p41_financiamentocoletivo0\":\"Financiamento coletivo\",\"p42_meiodedivulgacaoproprio\":\"Sim\",\"p43_email\":\"E-mail\",\"p43_facebook\":\"Facebook\",\"p43_whatsapp\":\"WhatsApp\",\"p43_sitesblogs\":\"Blogs\\\/sites\",\"p44_radio\":\"TV\",\"p44_jornaisimpressosdegrandecirculacao\":\"Jornais impressos de grande circula\\u00e7\\u00e3o\",\"p44_jornaisimpressosdebairro\":\"Jornais impressos de bairro\",\"p44_redessociais\":\"Redes sociais (Facebook, YouTube, Instagram etc.)\",\"p44_sitesblogs\":\"Sites ou Blogs\",\"p39_publico\":\"MULHERES COMUNIDADES JUDICI\\u00c1RIO\",\"p45_bandeira\":\"JUVENTUDE DIREITOS HUMANOS CULTURA\",\"p46_hashtags\":\"#JUSTICAPARATODAS #VIOLENCIANAOEQUEAGENTEQUER #TRABALHODOMESTICODIGNO\"},{\"p1_eixo\":\"Cultura\",\"p9_tipoorganizacao\":\"Coletivo Art\\u00edstico\",\"p12_uf\":\"SP\",\"p13_cidade\":\"S\\u00c3O PAULO\",\"p16_cidade\":\"Cidade\",\"p17_ano\":\"2013\",\"p16_estado\":\"Estado\",\"p18_comunicacao\":\"Comunica\\u00e7\\u00e3o\",\"p18_difusaoartistica\":\"Difus\\u00e3o Art\\u00edstica\",\"p18_desenvolvimentoterritorial\":\"Desenvolvimento territorial\",\"p18_direitoshumanos\":\"Direitos humanos\",\"p18_educacao\":\"Educa\\u00e7\\u00e3o\",\"p18_feminismos\":\"Feminismos\",\"p18_lgbtqi\":\"LGBTQI\",\"p18_lutaantirracismo\":\"Luta antirracismo\",\"p18_mobilidade\":\"Mobilidade\",\"p18_moradia\":\"Moradia\",\"p18_povosecomunidadestradicionais\":\"Povos e comunidades tradicionais\",\"p18_trabalho\":\"Trabalho\",\"p18_saude\":\"Sa\\u00fade\",\"p18_violencia\":\"Viol\\u00eancia\",\"p18_politicasculturais\":\"Pol\\u00edticas Culturais\",\"p19_direitoshumanos\":\"Direitos humanos\",\"p19_educacao\":\"Educa\\u00e7\\u00e3o\",\"p19_difusaoartistica\":\"Difus\\u00e3o Art\\u00edstica\",\"p19_politicasculturais\":\"Pol\\u00edticas Culturais\",\"p20_atendimento\":\"Atendimento\",\"p20_oficinas\":\"Oficinas\",\"p20_oficinasaulasartisticas\":\"Ensaios\\\/Oficinas\\\/Aulas art\\u00edsticas\",\"p20_apresentacoesartisticas\":\"Apresenta\\u00e7\\u00f5es art\\u00edsticas\",\"p21_machismo\":\"Machismo\",\"p21_racismo\":\"Racismo\",\"p22_numerodeparticipantes\":\"1  - 15\",\"p23_atendimento\":\"Atendimento\",\"p23_oficinas\":\"Oficinas\",\"p23_oficinasaulasartisticas\":\"Ensaio\\\/Oficinas\\\/Aulas Art\\u00edsticas\",\"p23_apresentacoesartisticas\":\"Apresenta\\u00e7\\u00f5es Art\\u00edsticas\",\"p24_reunioes\":\"Reuni\\u00f5es\",\"p24_apresentacoesartisticas\":\"Apresenta\\u00e7\\u00f5es art\\u00edsticas\",\"p24_outros\":\"Outros\",\"p25_numerodepessoas\":\"60 - 80\",\"p26_numerodepessoas\":\"60 - 80\",\"p27_espacopublico\":\"Espa\\u00e7o p\\u00fablico\",\"p27_espacoemprestadocedido\":\"Espa\\u00e7o emprestado\\\/cedido\",\"p27_espacoproprio\":\"Espa\\u00e7o pr\\u00f3prio\",\"p28_territorios\":\"Cidade\",\"p30_outrasorganizacoes\":\"Sim\",\"p32_campanhadelongaduracao\":\"Sim\",\"p34_municipal\":\"Municipal\",\"p34_estadual\":\"Estadual\",\"p34_nenhuma\":\"Nenhuma\",\"p36_conselhosdeparticipacaoecontrolesocial\":\"N\\u00e3o\",\"p38_sim\":\"Sim\",\"p38_nenhum\":\"Nenhum\",\"p40_editais\":\"N\\u00e3o\",\"p41_publicoestatal\":\"P\\u00fablico-Estatal\",\"p41_privadopj\":\"Privado (P. Jur\\u00eddica)\",\"p41_autofinanciamento\":\"Autofinanciamento\",\"p41_financiamentocoletivo0\":\"Financiamento coletivo\",\"p42_meiodedivulgacaoproprio\":\"Sim\",\"p43_email\":\"E-mail\",\"p43_facebook\":\"Facebook\",\"p43_instagram\":\"Instagram\",\"p43_twitter\":\"Twitter\",\"p43_sitesblogs\":\"Blogs\\\/sites\",\"p44_radio\":\"TV\",\"p44_jornaisimpressosdegrandecirculacao\":\"Jornais impressos de grande circula\\u00e7\\u00e3o\",\"p44_jornaisimpressosdebairro\":\"Jornais impressos de bairro\",\"p44_redessociais\":\"Redes sociais (Facebook, YouTube, Instagram etc.)\",\"p39_publico\":\"ADULTOS ARTISTAS\",\"p45_bandeira\":\"IND\\u00cdGENAS\",\"p46_hashtags\":\"#POESIA #MUSICA #LIVROS #ARTE\"},{\"p1_eixo\":\"Cultura\",\"p9_tipoorganizacao\":\"Funda\\u00e7\\u00e3o\",\"p12_uf\":\"BA\",\"p13_cidade\":\"SALVADOR\",\"p16_bairro\":\"Bairro\",\"p17_ano\":\"2007\",\"p16_estado\":\"Estado\",\"p18_comunicacao\":\"Comunica\\u00e7\\u00e3o\",\"p18_difusaoartistica\":\"Difus\\u00e3o Art\\u00edstica\",\"p18_desenvolvimentoterritorial\":\"Desenvolvimento territorial\",\"p18_direitoshumanos\":\"Direitos humanos\",\"p18_educacao\":\"Educa\\u00e7\\u00e3o\",\"p18_feminismos\":\"Feminismos\",\"p18_lgbtqi\":\"LGBTQI\",\"p18_lutaantirracismo\":\"Luta antirracismo\",\"p18_mobilidade\":\"Mobilidade\",\"p18_moradia\":\"Moradia\",\"p18_povosecomunidadestradicionais\":\"Povos e comunidades tradicionais\",\"p18_trabalho\":\"Trabalho\",\"p18_religiao\":\"Religi\\u00e3o\",\"p18_saude\":\"Sa\\u00fade\",\"p18_violencia\":\"Viol\\u00eancia\",\"p18_politicasculturais\":\"Pol\\u00edticas Culturais\",\"p19_direitoshumanos\":\"Direitos humanos\",\"p19_educacao\":\"Educa\\u00e7\\u00e3o\",\"p19_saude\":\"Sa\\u00fade\",\"p19_difusaoartistica\":\"Difus\\u00e3o Art\\u00edstica\",\"p19_politicasculturais\":\"Pol\\u00edticas Culturais\",\"p20_atendimento\":\"Atendimento\",\"p20_oficinas\":\"Oficinas\",\"p20_oficinasaulasartisticas\":\"Ensaios\\\/Oficinas\\\/Aulas art\\u00edsticas\",\"p20_formacao\":\"Forma\\u00e7\\u00e3o\",\"p20_profissionalizacao\":\"Profissionaliza\\u00e7\\u00e3o\",\"p20_apresentacoesartisticas\":\"Apresenta\\u00e7\\u00f5es art\\u00edsticas\",\"p21_machismo\":\"Machismo\",\"p21_racismo\":\"Racismo\",\"p21_nenhum\":\"Nenhum\",\"p22_numerodeparticipantes\":\"1  - 15\",\"p23_atendimento\":\"Atendimento\",\"p23_oficinas\":\"Oficinas\",\"p23_oficinasaulasartisticas\":\"Ensaio\\\/Oficinas\\\/Aulas Art\\u00edsticas\",\"p23_cursos\":\"Cursos\",\"p23_formacao\":\"Forma\\u00e7\\u00e3o\",\"p23_apresentacoesartisticas\":\"Apresenta\\u00e7\\u00f5es Art\\u00edsticas\",\"p24_reunioes\":\"Reuni\\u00f5es\",\"p24_oficinas\":\"Oficinas\",\"p24_apresentacoesartisticas\":\"Apresenta\\u00e7\\u00f5es art\\u00edsticas\",\"p24_outros\":\"Outros\",\"p25_numerodepessoas\":\"300 - 400\",\"p26_numerodepessoas\":\"40 - 60\",\"p27_espacopublico\":\"Espa\\u00e7o p\\u00fablico\",\"p27_espacoemprestadocedido\":\"Espa\\u00e7o emprestado\\\/cedido\",\"p27_espacoproprio\":\"Espa\\u00e7o pr\\u00f3prio\",\"p28_territorios\":\"Regi\\u00e3o da Cidade\",\"p30_outrasorganizacoes\":\"Sim\",\"p32_campanhadelongaduracao\":\"Sim\",\"p34_municipal\":\"Municipal\",\"p34_estadual\":\"Estadual\",\"p36_conselhosdeparticipacaoecontrolesocial\":\"Sim\",\"p38_nenhum\":\"Nenhum\",\"p40_editais\":\"Sim\",\"p41_publicoestatal\":\"P\\u00fablico-Estatal\",\"p41_privadopf\":\"Privado (P. F\\u00edsica)\",\"p41_privadopj\":\"Privado (P. Jur\\u00eddica)\",\"p41_financiamentocoletivo0\":\"Financiamento coletivo\",\"p42_meiodedivulgacaoproprio\":\"Sim\",\"p43_email\":\"E-mail\",\"p43_facebook\":\"Facebook\",\"p43_instagram\":\"Instagram\",\"p43_twitter\":\"Twitter\",\"p43_sitesblogs\":\"Blogs\\\/sites\",\"p43_youtube\":\"YouTube\",\"p44_radio\":\"TV\",\"p44_jornaisimpressosdegrandecirculacao\":\"Jornais impressos de grande circula\\u00e7\\u00e3o\",\"p44_jornaisimpressosdebairro\":\"Jornais impressos de bairro\",\"p44_redessociais\":\"Redes sociais (Facebook, YouTube, Instagram etc.)\",\"p44_sitesblogs\":\"Sites ou Blogs\",\"p39_publico\":\"JUVENTUDE INF\\u00c2NCIA\",\"p45_bandeira\":\"DEMARCA\\u00c7\\u00c3O TERRIT\\u00d3RIOS CONTRA MULHER IND\\u00cdGENA  ANTIRRACISMO  DEFESA MEIO-AMBIENTE\",\"p46_hashtags\":\"#GESTAOPARTICIPATIVA #NOSSOMOSFEITOSDEGENTE #ARTECULTURACOMOPOTENCIA\"},{\"p1_eixo\":\"Viol\\u00eancia\",\"p9_tipoorganizacao\":\"ONG\",\"p12_uf\":\"SP\",\"p13_cidade\":\"S\\u00c3O PAULO\",\"p16_bairro\":\"Bairro\",\"p16_cidade\":\"Cidade\",\"p17_ano\":\"1988\",\"p18_comunicacao\":\"Comunica\\u00e7\\u00e3o\",\"p18_difusaoartistica\":\"Difus\\u00e3o Art\\u00edstica\",\"p18_desenvolvimentoterritorial\":\"Desenvolvimento territorial\",\"p18_direitoshumanos\":\"Direitos humanos\",\"p18_educacao\":\"Educa\\u00e7\\u00e3o\",\"p18_feminismos\":\"Feminismos\",\"p18_lgbtqi\":\"LGBTQI\",\"p18_lutaantirracismo\":\"Luta antirracismo\",\"p18_mobilidade\":\"Mobilidade\",\"p18_moradia\":\"Moradia\",\"p18_povosecomunidadestradicionais\":\"Povos e comunidades tradicionais\",\"p18_trabalho\":\"Trabalho\",\"p18_religiao\":\"Religi\\u00e3o\",\"p18_saude\":\"Sa\\u00fade\",\"p18_violencia\":\"Viol\\u00eancia\",\"p18_politicasculturais\":\"Pol\\u00edticas Culturais\",\"p19_direitoshumanos\":\"Direitos humanos\",\"p19_educacao\":\"Educa\\u00e7\\u00e3o\",\"p19_feminismos\":\"Feminismos\",\"p19_saude\":\"Sa\\u00fade\",\"p19_violencia\":\"Viol\\u00eancia\",\"p20_reunioes\":\"Reuni\\u00f5es\",\"p20_atendimento\":\"Atendimento\",\"p20_oficinas\":\"Oficinas\",\"p20_oficinasaulasartisticas\":\"Ensaios\\\/Oficinas\\\/Aulas art\\u00edsticas\",\"p20_formacao\":\"Forma\\u00e7\\u00e3o\",\"p20_profissionalizacao\":\"Profissionaliza\\u00e7\\u00e3o\",\"p20_apresentacoesartisticas\":\"Apresenta\\u00e7\\u00f5es art\\u00edsticas\",\"p21_machismo\":\"Machismo\",\"p21_nenhum\":\"Nenhum\",\"p22_numerodeparticipantes\":\"Mais de 90\",\"p23_oficinas\":\"Oficinas\",\"p23_cursos\":\"Cursos\",\"p23_formacao\":\"Forma\\u00e7\\u00e3o\",\"p24_oficinas\":\"Oficinas\",\"p24_apresentacoesartisticas\":\"Apresenta\\u00e7\\u00f5es art\\u00edsticas\",\"p25_numerodepessoas\":\"Mais de 500\",\"p26_numerodepessoas\":\"Mais de 500\",\"p27_espacopublico\":\"Espa\\u00e7o p\\u00fablico\",\"p27_espacoemprestadocedido\":\"Espa\\u00e7o emprestado\\\/cedido\",\"p27_espacoproprio\":\"Espa\\u00e7o pr\\u00f3prio\",\"p27_virtual\":\"Virtual\",\"p28_territorios\":\"Regi\\u00e3o da Cidade\",\"p30_outrasorganizacoes\":\"N\\u00e3o\",\"p32_campanhadelongaduracao\":\"Sim\",\"p34_municipal\":\"Municipal\",\"p34_nenhuma\":\"Nenhuma\",\"p36_conselhosdeparticipacaoecontrolesocial\":\"Sim\",\"p38_nenhum\":\"Nenhum\",\"p40_editais\":\"N\\u00e3o\",\"p41_publicoestatal\":\"P\\u00fablico-Estatal\",\"p41_privadopf\":\"Privado (P. F\\u00edsica)\",\"p41_privadopj\":\"Privado (P. Jur\\u00eddica)\",\"p41_autofinanciamento\":\"Autofinanciamento\",\"p41_financiamentocoletivo0\":\"Financiamento coletivo\",\"p42_meiodedivulgacaoproprio\":\"Sim\",\"p43_email\":\"E-mail\",\"p43_facebook\":\"Facebook\",\"p43_whatsapp\":\"WhatsApp\",\"p43_instagram\":\"Instagram\",\"p43_sitesblogs\":\"Blogs\\\/sites\",\"p43_youtube\":\"YouTube\",\"p44_radio\":\"TV\",\"p44_sitesblogs\":\"Sites ou Blogs\",\"p39_publico\":\"SOCIEDADE-CIVIL LUTAS ORGANIZA\\u00c7\\u00d5ES\",\"p45_bandeira\":\"OFERECIMENTO QUALIDADE VIDA M\\u00cdNIMA CRIAN\\u00c7AS FAM\\u00cdLIAS\",\"p46_hashtags\":\"#MOBILIZACAOSOCIAL #GARANTIADOSDIREITOS #CHAMADEESPERANCA\"},{\"p1_eixo\":\"Cultura\",\"p9_tipoorganizacao\":\"Coletivo\",\"p12_uf\":\"MG\",\"p13_cidade\":\"BELO HORIZONTE\",\"p16_cidade\":\"Cidade\",\"p17_ano\":\"2016\",\"p16_estado\":\"Estado\",\"p18_agrario\":\"Agr\\u00e1rio\\\/ruralidades\",\"p18_comunicacao\":\"Comunica\\u00e7\\u00e3o\",\"p18_difusaoartistica\":\"Difus\\u00e3o Art\\u00edstica\",\"p18_desenvolvimentoterritorial\":\"Desenvolvimento territorial\",\"p18_direitoshumanos\":\"Direitos humanos\",\"p18_educacao\":\"Educa\\u00e7\\u00e3o\",\"p18_feminismos\":\"Feminismos\",\"p18_lgbtqi\":\"LGBTQI\",\"p18_lutaantirracismo\":\"Luta antirracismo\",\"p18_mobilidade\":\"Mobilidade\",\"p18_moradia\":\"Moradia\",\"p18_povosecomunidadestradicionais\":\"Povos e comunidades tradicionais\",\"p18_trabalho\":\"Trabalho\",\"p18_saude\":\"Sa\\u00fade\",\"p18_violencia\":\"Viol\\u00eancia\",\"p18_politicasculturais\":\"Pol\\u00edticas Culturais\",\"p19_direitoshumanos\":\"Direitos humanos\",\"p19_feminismos\":\"Feminismos\",\"p19_povosecomunidadestradicionais\":\"Povos e comunidades tradicionais\",\"p19_saude\":\"Sa\\u00fade\",\"p19_violencia\":\"Viol\\u00eancia\",\"p20_reunioes\":\"Reuni\\u00f5es\",\"p20_atendimento\":\"Atendimento\",\"p20_oficinas\":\"Oficinas\",\"p20_oficinasaulasartisticas\":\"Ensaios\\\/Oficinas\\\/Aulas art\\u00edsticas\",\"p20_formacao\":\"Forma\\u00e7\\u00e3o\",\"p21_repressaopolicial\":\"Repress\\u00e3o policial\",\"p21_machismo\":\"Machismo\",\"p21_racismo\":\"Racismo\",\"p21_lgbtqifobia\":\"LGBTIfobia\",\"p21_enfrentamentocomgruposprivadosarmados\":\"Enfrentamento com grupos privados armados\",\"p22_numerodeparticipantes\":\"1  - 15\",\"p23_atendimento\":\"Atendimento\",\"p23_oficinas\":\"Oficinas\",\"p23_formacao\":\"Forma\\u00e7\\u00e3o\",\"p23_visitas\":\"Visitas\",\"p24_atendimento\":\"Atendimentos\",\"p24_formacao\":\"Forma\\u00e7\\u00e3o\",\"p24_apresentacoesartisticas\":\"Apresenta\\u00e7\\u00f5es art\\u00edsticas\",\"p24_outros\":\"Outros\",\"p25_numerodepessoas\":\"60 - 80\",\"p26_numerodepessoas\":\"40 - 60\",\"p27_espacopublico\":\"Espa\\u00e7o p\\u00fablico\",\"p27_espacoemprestadocedido\":\"Espa\\u00e7o emprestado\\\/cedido\",\"p27_espacoproprio\":\"Espa\\u00e7o pr\\u00f3prio\",\"p27_virtual\":\"Virtual\",\"p28_territorios\":\"Cidade\",\"p30_outrasorganizacoes\":\"Sim\",\"p32_campanhadelongaduracao\":\"N\\u00e3o\",\"p34_municipal\":\"Municipal\",\"p34_estadual\":\"Estadual\",\"p34_nacional\":\"Nacional\",\"p34_nenhuma\":\"Nenhuma\",\"p36_conselhosdeparticipacaoecontrolesocial\":\"N\\u00e3o\",\"p38_nenhum\":\"Nenhum\",\"p40_editais\":\"N\\u00e3o\",\"p41_publicoestatal\":\"P\\u00fablico-Estatal\",\"p41_privadopf\":\"Privado (P. F\\u00edsica)\",\"p41_autofinanciamento\":\"Autofinanciamento\",\"p41_financiamentocoletivo0\":\"Financiamento coletivo\",\"p42_meiodedivulgacaoproprio\":\"Sim\",\"p43_impressoes\":\"Impressos\",\"p43_email\":\"E-mail\",\"p43_facebook\":\"Facebook\",\"p43_whatsapp\":\"WhatsApp\",\"p43_sitesblogs\":\"Blogs\\\/sites\",\"p44_radio\":\"TV\",\"p44_jornaisimpressosdebairro\":\"Jornais impressos de bairro\",\"p44_sitesblogs\":\"Sites ou Blogs\",\"p39_publico\":\"MULHERES\",\"p45_bandeira\":\"DEFESA DIREITOS MULHERES Z FEMININO VALORIZA\\u00c7\\u00c3O PERIFERIA DIREITOS MULHER COMBATE DISCURSO HEGEM\\u00d4NICO M\\u00cdDIA\",\"p46_hashtags\":\"#MULHERESDELUTA #MANAS #COLETIVIDADE\"},{\"p1_eixo\":\"Trabalho\",\"p9_tipoorganizacao\":\"ONG\",\"p12_uf\":\"SE\",\"p13_cidade\":\"ARACAJU\",\"p16_bairro\":\"Bairro\",\"p17_ano\":\"1995\",\"p16_estado\":\"Estado\",\"p18_agrario\":\"Agr\\u00e1rio\\\/ruralidades\",\"p18_comunicacao\":\"Comunica\\u00e7\\u00e3o\",\"p18_difusaoartistica\":\"Difus\\u00e3o Art\\u00edstica\",\"p18_desenvolvimentoterritorial\":\"Desenvolvimento territorial\",\"p18_direitoshumanos\":\"Direitos humanos\",\"p18_educacao\":\"Educa\\u00e7\\u00e3o\",\"p18_feminismos\":\"Feminismos\",\"p18_lgbtqi\":\"LGBTQI\",\"p18_lutaantirracismo\":\"Luta antirracismo\",\"p18_mobilidade\":\"Mobilidade\",\"p18_povosecomunidadestradicionais\":\"Povos e comunidades tradicionais\",\"p18_trabalho\":\"Trabalho\",\"p18_saude\":\"Sa\\u00fade\",\"p18_violencia\":\"Viol\\u00eancia\",\"p18_politicasculturais\":\"Pol\\u00edticas Culturais\",\"p19_desenvolvimentoterritorial\":\"Desenvolvimento territorial\",\"p19_direitoshumanos\":\"Direitos humanos\",\"p19_educacao\":\"Educa\\u00e7\\u00e3o\",\"p19_feminismos\":\"Feminismos\",\"p19_povosecomunidadestradicionais\":\"Povos e comunidades tradicionais\",\"p20_atendimento\":\"Atendimento\",\"p20_oficinas\":\"Oficinas\",\"p20_formacao\":\"Forma\\u00e7\\u00e3o\",\"p20_profissionalizacao\":\"Profissionaliza\\u00e7\\u00e3o\",\"p21_repressaopolicial\":\"Repress\\u00e3o policial\",\"p21_intoleranciareligiosa\":\"Fundamentalismo\\\/intoler\\u00e2ncia religiosa\",\"p21_xenofobia\":\"Xenofobia\",\"p21_machismo\":\"Machismo\",\"p21_racismo\":\"Racismo\",\"p21_lgbtqifobia\":\"LGBTIfobia\",\"p21_enfrentamentocomgruposprivadosarmados\":\"Enfrentamento com grupos privados armados\",\"p22_numerodeparticipantes\":\"1  - 15\",\"p23_atendimento\":\"Atendimento\",\"p23_oficinas\":\"Oficinas\",\"p23_formacao\":\"Forma\\u00e7\\u00e3o\",\"p23_profissionalizacao\":\"Profissionaliza\\u00e7\\u00e3o\",\"p23_visitas\":\"Visitas\",\"p23_outros\":\"Outros\",\"p24_atendimento\":\"Atendimentos\",\"p24_formacao\":\"Forma\\u00e7\\u00e3o\",\"p24_apresentacoesartisticas\":\"Apresenta\\u00e7\\u00f5es art\\u00edsticas\",\"p24_outros\":\"Outros\",\"p25_numerodepessoas\":\"Mais de 500\",\"p26_numerodepessoas\":\"20 - 40\",\"p27_espacoemprestadocedido\":\"Espa\\u00e7o emprestado\\\/cedido\",\"p27_espacoproprio\":\"Espa\\u00e7o pr\\u00f3prio\",\"p28_territorios\":\"Estado\",\"p30_outrasorganizacoes\":\"Sim\",\"p32_campanhadelongaduracao\":\"Sim\",\"p34_municipal\":\"Municipal\",\"p34_estadual\":\"Estadual\",\"p34_nacional\":\"Nacional\",\"p36_conselhosdeparticipacaoecontrolesocial\":\"Sim\",\"p38_nenhum\":\"Nenhum\",\"p40_editais\":\"Sim\",\"p41_publicoestatal\":\"P\\u00fablico-Estatal\",\"p41_privadopf\":\"Privado (P. F\\u00edsica)\",\"p41_privadopj\":\"Privado (P. Jur\\u00eddica)\",\"p42_meiodedivulgacaoproprio\":\"Sim\",\"p43_impressoes\":\"Impressos\",\"p43_email\":\"E-mail\",\"p43_facebook\":\"Facebook\",\"p43_instagram\":\"Instagram\",\"p43_sitesblogs\":\"Blogs\\\/sites\",\"p43_youtube\":\"YouTube\",\"p44_radio\":\"TV\",\"p44_jornaisimpressosdebairro\":\"Jornais impressos de bairro\",\"p44_sitesblogs\":\"Sites ou Blogs\",\"p39_publico\":\"CRIAN\\u00c7AS ADOLESCENTES IDOSOS MULHERES BENEFICI\\u00c1RIOS NIS\",\"p45_bandeira\":\"DIREITOS HUMANOS VIDA DIGNA AGRICULTORES\",\"p46_hashtags\":\"#DIREITOSHUMANOS #PERSISTENCIA #FORTALECIMENTO\"},{\"p1_eixo\":\"Trabalho\",\"p9_tipoorganizacao\":\"Funda\\u00e7\\u00e3o\",\"p12_uf\":\"SP\",\"p13_cidade\":\"S\\u00c3O PAULO\",\"p16_bairro\":\"Bairro\",\"p16_nacional\":\"Nacional\",\"p17_ano\":\"Anterior a 1980\",\"p18_agrario\":\"Agr\\u00e1rio\\\/ruralidades\",\"p18_comunicacao\":\"Comunica\\u00e7\\u00e3o\",\"p18_difusaoartistica\":\"Difus\\u00e3o Art\\u00edstica\",\"p18_desenvolvimentoterritorial\":\"Desenvolvimento territorial\",\"p18_direitoshumanos\":\"Direitos humanos\",\"p18_educacao\":\"Educa\\u00e7\\u00e3o\",\"p18_feminismos\":\"Feminismos\",\"p18_lgbtqi\":\"LGBTQI\",\"p18_lutaantirracismo\":\"Luta antirracismo\",\"p18_mobilidade\":\"Mobilidade\",\"p18_moradia\":\"Moradia\",\"p18_povosecomunidadestradicionais\":\"Povos e comunidades tradicionais\",\"p18_trabalho\":\"Trabalho\",\"p18_saude\":\"Sa\\u00fade\",\"p18_violencia\":\"Viol\\u00eancia\",\"p18_politicasculturais\":\"Pol\\u00edticas Culturais\",\"p19_agrario\":\"Agr\\u00e1rio\\\/ruralidades\",\"p19_desenvolvimentoterritorial\":\"Desenvolvimento territorial\",\"p19_direitoshumanos\":\"Direitos humanos\",\"p19_educacao\":\"Educa\\u00e7\\u00e3o\",\"p19_povosecomunidadestradicionais\":\"Povos e comunidades tradicionais\",\"p19_saude\":\"Sa\\u00fade\",\"p20_reunioes\":\"Reuni\\u00f5es\",\"p20_atendimento\":\"Atendimento\",\"p20_oficinas\":\"Oficinas\",\"p20_cursos\":\"Cursos\",\"p20_formacao\":\"Forma\\u00e7\\u00e3o\",\"p20_profissionalizacao\":\"Profissionaliza\\u00e7\\u00e3o\",\"p20_visitasexcursoes\":\"Visitas\\\/Excurs\\u00f5es\",\"p21_repressaopolicial\":\"Repress\\u00e3o policial\",\"p21_intoleranciareligiosa\":\"Fundamentalismo\\\/intoler\\u00e2ncia religiosa\",\"p21_xenofobia\":\"Xenofobia\",\"p21_machismo\":\"Machismo\",\"p21_racismo\":\"Racismo\",\"p21_lgbtqifobia\":\"LGBTIfobia\",\"p22_numerodeparticipantes\":\"Mais de 90\",\"p23_reunioes\":\"Reuni\\u00f5es\",\"p23_atendimento\":\"Atendimento\",\"p23_oficinas\":\"Oficinas\",\"p23_formacao\":\"Forma\\u00e7\\u00e3o\",\"p23_profissionalizacao\":\"Profissionaliza\\u00e7\\u00e3o\",\"p23_visitas\":\"Visitas\",\"p23_outros\":\"Outros\",\"p24_atendimento\":\"Atendimentos\",\"p24_curso\":\"Curso\",\"p24_apresentacoesartisticas\":\"Apresenta\\u00e7\\u00f5es art\\u00edsticas\",\"p24_outros\":\"Outros\",\"p25_numerodepessoas\":\"Mais de 500\",\"p26_numerodepessoas\":\"Mais de 500\",\"p27_espacoemprestadocedido\":\"Espa\\u00e7o emprestado\\\/cedido\",\"p27_espacoproprio\":\"Espa\\u00e7o pr\\u00f3prio\",\"p28_territorios\":\"Pr\\u00f3prio bairro\",\"p30_outrasorganizacoes\":\"Sim\",\"p32_campanhadelongaduracao\":\"Sim\",\"p34_municipal\":\"Municipal\",\"p34_estadual\":\"Estadual\",\"p34_nacional\":\"Nacional\",\"p36_conselhosdeparticipacaoecontrolesocial\":\"Sim\",\"p38_sim\":\"Sim\",\"p38_nenhum\":\"Nenhum\",\"p40_editais\":\"Sim\",\"p41_publicoestatal\":\"P\\u00fablico-Estatal\",\"p41_privadopf\":\"Privado (P. F\\u00edsica)\",\"p41_privadopj\":\"Privado (P. Jur\\u00eddica)\",\"p41_financiamentocoletivo0\":\"Financiamento coletivo\",\"p42_meiodedivulgacaoproprio\":\"Sim\",\"p43_impressoes\":\"Impressos\",\"p43_email\":\"E-mail\",\"p43_facebook\":\"Facebook\",\"p43_instagram\":\"Instagram\",\"p43_sitesblogs\":\"Blogs\\\/sites\",\"p43_radio\":\"R\\u00e1dio\",\"p43_youtube\":\"YouTube\",\"p44_radio\":\"TV\",\"p44_sitesblogs\":\"Sites ou Blogs\",\"p39_publico\":\"CRIAN\\u00c7AS ADOLESCENTES\",\"p45_bandeira\":\"ASSIST\\u00caNCIA SOCIAL GARANTIA DIREITOS EDUCA\\u00c7\\u00c3O DESENVOLVIMENTO-LOCAL\",\"p46_hashtags\":\"#GARANTIADEDIREITOS #EMPODERAMENTO #DESENVOLVIMENTOLOCAL\"},{\"p1_eixo\":\"Trabalho\",\"p9_tipoorganizacao\":\"Sindicato\",\"p12_uf\":\"PA\",\"p13_cidade\":\"SANTAR\\u00c9M\",\"p16_nacional\":\"Nacional\",\"p17_ano\":\"Anterior a 1980\",\"p16_estado\":\"Estado\",\"p18_agrario\":\"Agr\\u00e1rio\\\/ruralidades\",\"p18_comunicacao\":\"Comunica\\u00e7\\u00e3o\",\"p18_difusaoartistica\":\"Difus\\u00e3o Art\\u00edstica\",\"p18_desenvolvimentoterritorial\":\"Desenvolvimento territorial\",\"p18_direitoshumanos\":\"Direitos humanos\",\"p18_educacao\":\"Educa\\u00e7\\u00e3o\",\"p18_feminismos\":\"Feminismos\",\"p18_lgbtqi\":\"LGBTQI\",\"p18_lutaantirracismo\":\"Luta antirracismo\",\"p18_mobilidade\":\"Mobilidade\",\"p18_moradia\":\"Moradia\",\"p18_povosecomunidadestradicionais\":\"Povos e comunidades tradicionais\",\"p18_trabalho\":\"Trabalho\",\"p18_saude\":\"Sa\\u00fade\",\"p18_violencia\":\"Viol\\u00eancia\",\"p19_agrario\":\"Agr\\u00e1rio\\\/ruralidades\",\"p19_direitoshumanos\":\"Direitos humanos\",\"p19_feminismos\":\"Feminismos\",\"p19_povosecomunidadestradicionais\":\"Povos e comunidades tradicionais\",\"p19_saude\":\"Sa\\u00fade\",\"p19_difusaoartistica\":\"Difus\\u00e3o Art\\u00edstica\",\"p20_reunioes\":\"Reuni\\u00f5es\",\"p20_atendimento\":\"Atendimento\",\"p20_oficinas\":\"Oficinas\",\"p20_oficinasaulasartisticas\":\"Ensaios\\\/Oficinas\\\/Aulas art\\u00edsticas\",\"p20_cursos\":\"Cursos\",\"p20_formacao\":\"Forma\\u00e7\\u00e3o\",\"p20_apresentacoesartisticas\":\"Apresenta\\u00e7\\u00f5es art\\u00edsticas\",\"p20_visitasexcursoes\":\"Visitas\\\/Excurs\\u00f5es\",\"p21_machismo\":\"Machismo\",\"p21_racismo\":\"Racismo\",\"p21_lgbtqifobia\":\"LGBTIfobia\",\"p22_numerodeparticipantes\":\"15 - 30\",\"p23_reunioes\":\"Reuni\\u00f5es\",\"p23_atendimento\":\"Atendimento\",\"p23_oficinas\":\"Oficinas\",\"p23_oficinasaulasartisticas\":\"Ensaio\\\/Oficinas\\\/Aulas Art\\u00edsticas\",\"p23_formacao\":\"Forma\\u00e7\\u00e3o\",\"p23_visitas\":\"Visitas\",\"p23_outros\":\"Outros\",\"p24_atendimento\":\"Atendimentos\",\"p24_oficinas\":\"Oficinas\",\"p24_curso\":\"Curso\",\"p24_apresentacoesartisticas\":\"Apresenta\\u00e7\\u00f5es art\\u00edsticas\",\"p24_visitasexcursoes\":\"Visitas\\\/Excurs\\u00f5es\",\"p25_numerodepessoas\":\"60 - 80\",\"p26_numerodepessoas\":\"60 - 80\",\"p27_espacopublico\":\"Espa\\u00e7o p\\u00fablico\",\"p27_espacoemprestadocedido\":\"Espa\\u00e7o emprestado\\\/cedido\",\"p27_espacoproprio\":\"Espa\\u00e7o pr\\u00f3prio\",\"p28_territorios\":\"Estado\",\"p30_outrasorganizacoes\":\"Sim\",\"p32_campanhadelongaduracao\":\"Sim\",\"p34_municipal\":\"Municipal\",\"p34_estadual\":\"Estadual\",\"p34_nacional\":\"Nacional\",\"p36_conselhosdeparticipacaoecontrolesocial\":\"Sim\",\"p38_sim\":\"Sim\",\"p38_nenhum\":\"Nenhum\",\"p40_editais\":\"Sim\",\"p41_publicoestatal\":\"P\\u00fablico-Estatal\",\"p41_privadopf\":\"Privado (P. F\\u00edsica)\",\"p41_privadopj\":\"Privado (P. Jur\\u00eddica)\",\"p41_financiamentocoletivo0\":\"Financiamento coletivo\",\"p42_meiodedivulgacaoproprio\":\"Sim\",\"p43_impressoes\":\"Impressos\",\"p43_email\":\"E-mail\",\"p43_facebook\":\"Facebook\",\"p43_instagram\":\"Instagram\",\"p43_twitter\":\"Twitter\",\"p43_radio\":\"R\\u00e1dio\",\"p44_radio\":\"TV\",\"p44_jornaisimpressosdegrandecirculacao\":\"Jornais impressos de grande circula\\u00e7\\u00e3o\",\"p44_jornaisimpressosdebairro\":\"Jornais impressos de bairro\",\"p44_redessociais\":\"Redes sociais (Facebook, YouTube, Instagram etc.)\",\"p39_publico\":\"TRABALHADORAS TRABALHADORES RURAIS AGRICULTORES FAMILIARES\",\"p45_bandeira\":\"GARANTIA TERRIT\\u00d3RIO SA\\u00daDE EDUCA\\u00c7\\u00c3O DIFERENCIADA ORGANIZA\\u00c7\\u00c3O PRODU\\u00c7\\u00c3O APOIO T\\u00c9CNICO\",\"p46_hashtags\":\"#GARANTIADATERRAETERRITORIO #EDUCACAODIFERENCIADA\"},{\"p1_eixo\":\"Cultura\",\"p9_tipoorganizacao\":\"Coletivo Art\\u00edstico\",\"p12_uf\":\"SP\",\"p13_cidade\":\"S\\u00c3O PAULO\",\"p16_cidade\":\"Cidade\",\"p17_ano\":\"2008\",\"p16_estado\":\"Estado\",\"p18_comunicacao\":\"Comunica\\u00e7\\u00e3o\",\"p18_difusaoartistica\":\"Difus\\u00e3o Art\\u00edstica\",\"p18_desenvolvimentoterritorial\":\"Desenvolvimento territorial\",\"p18_direitoshumanos\":\"Direitos humanos\",\"p18_educacao\":\"Educa\\u00e7\\u00e3o\",\"p18_feminismos\":\"Feminismos\",\"p18_lgbtqi\":\"LGBTQI\",\"p18_lutaantirracismo\":\"Luta antirracismo\",\"p18_povosecomunidadestradicionais\":\"Povos e comunidades tradicionais\",\"p18_saude\":\"Sa\\u00fade\",\"p18_violencia\":\"Viol\\u00eancia\",\"p18_politicasculturais\":\"Pol\\u00edticas Culturais\",\"p19_direitoshumanos\":\"Direitos humanos\",\"p19_feminismos\":\"Feminismos\",\"p19_difusaoartistica\":\"Difus\\u00e3o Art\\u00edstica\",\"p19_politicasculturais\":\"Pol\\u00edticas Culturais\",\"p20_oficinas\":\"Oficinas\",\"p20_oficinasaulasartisticas\":\"Ensaios\\\/Oficinas\\\/Aulas art\\u00edsticas\",\"p20_apresentacoesartisticas\":\"Apresenta\\u00e7\\u00f5es art\\u00edsticas\",\"p20_visitasexcursoes\":\"Visitas\\\/Excurs\\u00f5es\",\"p21_machismo\":\"Machismo\",\"p21_racismo\":\"Racismo\",\"p21_lgbtqifobia\":\"LGBTIfobia\",\"p22_numerodeparticipantes\":\"15 - 30\",\"p23_oficinas\":\"Oficinas\",\"p23_oficinasaulasartisticas\":\"Ensaio\\\/Oficinas\\\/Aulas Art\\u00edsticas\",\"p23_apresentacoesartisticas\":\"Apresenta\\u00e7\\u00f5es Art\\u00edsticas\",\"p23_visitas\":\"Visitas\",\"p24_oficinas\":\"Oficinas\",\"p24_oficinasaulasartisticas\":\"Ensaios\\\/Oficinas\\\/Aulas art\\u00edsticas\",\"p24_apresentacoesartisticas\":\"Apresenta\\u00e7\\u00f5es art\\u00edsticas\",\"p24_visitasexcursoes\":\"Visitas\\\/Excurs\\u00f5es\",\"p25_numerodepessoas\":\"20 - 40\",\"p26_numerodepessoas\":\"40 - 60\",\"p27_espacopublico\":\"Espa\\u00e7o p\\u00fablico\",\"p28_territorios\":\"Estado\",\"p30_outrasorganizacoes\":\"Sim\",\"p32_campanhadelongaduracao\":\"N\\u00e3o\",\"p34_municipal\":\"Municipal\",\"p34_nenhuma\":\"Nenhuma\",\"p36_conselhosdeparticipacaoecontrolesocial\":\"N\\u00e3o\",\"p38_nenhum\":\"Nenhum\",\"p40_editais\":\"Sim\",\"p41_publicoestatal\":\"P\\u00fablico-Estatal\",\"p41_autofinanciamento\":\"Autofinanciamento\",\"p42_meiodedivulgacaoproprio\":\"Sim\",\"p43_email\":\"E-mail\",\"p43_facebook\":\"Facebook\",\"p43_instagram\":\"Instagram\",\"p43_twitter\":\"Twitter\",\"p44_radio\":\"TV\",\"p44_jornaisimpressosdegrandecirculacao\":\"Jornais impressos de grande circula\\u00e7\\u00e3o\",\"p44_jornaisimpressosdebairro\":\"Jornais impressos de bairro\",\"p44_redessociais\":\"Redes sociais (Facebook, YouTube, Instagram etc.)\",\"p44_sitesblogs\":\"Sites ou Blogs\",\"p39_publico\":\"PESSOAS CULTURA\",\"p45_bandeira\":\"DIVULGA\\u00c7\\u00c3O POESIA QUEBRAR S POESIA\",\"p46_hashtags\":\"#POESIAEINLCUSAOSOCIAL #POESIANARUA #POESIANACADEIA\"},{\"p1_eixo\":\"Cultura\",\"p9_tipoorganizacao\":\"Coletivo Art\\u00edstico\",\"p12_uf\":\"SP\",\"p13_cidade\":\"S\\u00c3O PAULO\",\"p16_cidade\":\"Cidade\",\"p17_ano\":\"2016\",\"p16_estado\":\"Estado\",\"p18_agrario\":\"Agr\\u00e1rio\\\/ruralidades\",\"p18_comunicacao\":\"Comunica\\u00e7\\u00e3o\",\"p18_difusaoartistica\":\"Difus\\u00e3o Art\\u00edstica\",\"p18_desenvolvimentoterritorial\":\"Desenvolvimento territorial\",\"p18_direitoshumanos\":\"Direitos humanos\",\"p18_educacao\":\"Educa\\u00e7\\u00e3o\",\"p18_feminismos\":\"Feminismos\",\"p18_lgbtqi\":\"LGBTQI\",\"p18_lutaantirracismo\":\"Luta antirracismo\",\"p18_moradia\":\"Moradia\",\"p18_povosecomunidadestradicionais\":\"Povos e comunidades tradicionais\",\"p18_trabalho\":\"Trabalho\",\"p18_saude\":\"Sa\\u00fade\",\"p18_politicasculturais\":\"Pol\\u00edticas Culturais\",\"p19_direitoshumanos\":\"Direitos humanos\",\"p19_feminismos\":\"Feminismos\",\"p19_saude\":\"Sa\\u00fade\",\"p19_difusaoartistica\":\"Difus\\u00e3o Art\\u00edstica\",\"p19_politicasculturais\":\"Pol\\u00edticas Culturais\",\"p20_oficinas\":\"Oficinas\",\"p20_oficinasaulasartisticas\":\"Ensaios\\\/Oficinas\\\/Aulas art\\u00edsticas\",\"p20_formacao\":\"Forma\\u00e7\\u00e3o\",\"p20_apresentacoesartisticas\":\"Apresenta\\u00e7\\u00f5es art\\u00edsticas\",\"p20_visitasexcursoes\":\"Visitas\\\/Excurs\\u00f5es\",\"p21_repressaopolicial\":\"Repress\\u00e3o policial\",\"p21_xenofobia\":\"Xenofobia\",\"p21_machismo\":\"Machismo\",\"p21_racismo\":\"Racismo\",\"p21_lgbtqifobia\":\"LGBTIfobia\",\"p21_enfrentamentocomgruposprivadosarmados\":\"Enfrentamento com grupos privados armados\",\"p22_numerodeparticipantes\":\"1  - 15\",\"p23_apresentacoesartisticas\":\"Apresenta\\u00e7\\u00f5es Art\\u00edsticas\",\"p24_oficinas\":\"Oficinas\",\"p24_oficinasaulasartisticas\":\"Ensaios\\\/Oficinas\\\/Aulas art\\u00edsticas\",\"p24_visitasexcursoes\":\"Visitas\\\/Excurs\\u00f5es\",\"p25_numerodepessoas\":\"Mais de 500\",\"p26_numerodepessoas\":\"100 - 200\",\"p27_espacopublico\":\"Espa\\u00e7o p\\u00fablico\",\"p27_espacoproprio\":\"Espa\\u00e7o pr\\u00f3prio\",\"p28_territorios\":\"Regi\\u00e3o da Cidade\",\"p30_outrasorganizacoes\":\"Sim\",\"p32_campanhadelongaduracao\":\"N\\u00e3o\",\"p34_nacional\":\"Nacional\",\"p34_nenhuma\":\"Nenhuma\",\"p36_conselhosdeparticipacaoecontrolesocial\":\"N\\u00e3o\",\"p38_nenhum\":\"Nenhum\",\"p40_editais\":\"N\\u00e3o\",\"p41_publicoestatal\":\"P\\u00fablico-Estatal\",\"p41_autofinanciamento\":\"Autofinanciamento\",\"p42_meiodedivulgacaoproprio\":\"Sim\",\"p43_impressoes\":\"Impressos\",\"p43_email\":\"E-mail\",\"p43_facebook\":\"Facebook\",\"p43_instagram\":\"Instagram\",\"p44_redessociais\":\"Redes sociais (Facebook, YouTube, Instagram etc.)\",\"p44_sitesblogs\":\"Sites ou Blogs\",\"p39_publico\":\"JOVENS PERIF\\u00c9RICOS\",\"p45_bandeira\":\"GENOC\\u00cdDIO POPULA\\u00c7\\u00c3O PERIF\\u00c9RICA ANTI-RACISMO CONTRALGBTFOBIA FEMINISMO\",\"p46_hashtags\":\"#BALCKLIVEMETTER #LGBT #FEMINISMO\"},{\"p1_eixo\":\"Cultura\",\"p9_tipoorganizacao\":\"Coletivo Art\\u00edstico\",\"p12_uf\":\"SP\",\"p13_cidade\":\"S\\u00c3O PAULO\",\"p16_bairro\":\"Bairro\",\"p17_ano\":\"1998\",\"p16_estado\":\"Estado\",\"p18_agrario\":\"Agr\\u00e1rio\\\/ruralidades\",\"p18_comunicacao\":\"Comunica\\u00e7\\u00e3o\",\"p18_difusaoartistica\":\"Difus\\u00e3o Art\\u00edstica\",\"p18_desenvolvimentoterritorial\":\"Desenvolvimento territorial\",\"p18_direitoshumanos\":\"Direitos humanos\",\"p18_educacao\":\"Educa\\u00e7\\u00e3o\",\"p18_feminismos\":\"Feminismos\",\"p18_lgbtqi\":\"LGBTQI\",\"p18_lutaantirracismo\":\"Luta antirracismo\",\"p18_moradia\":\"Moradia\",\"p18_povosecomunidadestradicionais\":\"Povos e comunidades tradicionais\",\"p18_trabalho\":\"Trabalho\",\"p18_saude\":\"Sa\\u00fade\",\"p18_violencia\":\"Viol\\u00eancia\",\"p18_politicasculturais\":\"Pol\\u00edticas Culturais\",\"p19_direitoshumanos\":\"Direitos humanos\",\"p19_feminismos\":\"Feminismos\",\"p19_lutaantirracismo\":\"Luta antirracismo\",\"p19_saude\":\"Sa\\u00fade\",\"p19_difusaoartistica\":\"Difus\\u00e3o Art\\u00edstica\",\"p19_politicasculturais\":\"Pol\\u00edticas Culturais\",\"p20_oficinas\":\"Oficinas\",\"p20_oficinasaulasartisticas\":\"Ensaios\\\/Oficinas\\\/Aulas art\\u00edsticas\",\"p20_formacao\":\"Forma\\u00e7\\u00e3o\",\"p20_apresentacoesartisticas\":\"Apresenta\\u00e7\\u00f5es art\\u00edsticas\",\"p21_repressaopolicial\":\"Repress\\u00e3o policial\",\"p21_xenofobia\":\"Xenofobia\",\"p21_enfrentamentocomgruposprivadosarmados\":\"Enfrentamento com grupos privados armados\",\"p21_nenhum\":\"Nenhum\",\"p22_numerodeparticipantes\":\"1  - 15\",\"p23_apresentacoesartisticas\":\"Apresenta\\u00e7\\u00f5es Art\\u00edsticas\",\"p24_reunioes\":\"Reuni\\u00f5es\",\"p24_oficinas\":\"Oficinas\",\"p25_numerodepessoas\":\"100 - 200\",\"p26_numerodepessoas\":\"1 - 20\",\"p27_espacopublico\":\"Espa\\u00e7o p\\u00fablico\",\"p27_espacoproprio\":\"Espa\\u00e7o pr\\u00f3prio\",\"p28_territorios\":\"Regi\\u00e3o da Cidade\",\"p30_outrasorganizacoes\":\"Sim\",\"p32_campanhadelongaduracao\":\"N\\u00e3o\",\"p34_nacional\":\"Nacional\",\"p34_nenhuma\":\"Nenhuma\",\"p36_conselhosdeparticipacaoecontrolesocial\":\"N\\u00e3o\",\"p38_nenhum\":\"Nenhum\",\"p40_editais\":\"Sim\",\"p41_publicoestatal\":\"P\\u00fablico-Estatal\",\"p41_autofinanciamento\":\"Autofinanciamento\",\"p41_financiamentocoletivo0\":\"Financiamento coletivo\",\"p42_meiodedivulgacaoproprio\":\"Sim\",\"p43_impressoes\":\"Impressos\",\"p43_facebook\":\"Facebook\",\"p43_whatsapp\":\"WhatsApp\",\"p44_redessociais\":\"Redes sociais (Facebook, YouTube, Instagram etc.)\",\"p44_sitesblogs\":\"Sites ou Blogs\",\"p39_publico\":\"TRABALHADORAS TRABALHADORES RESIDENTES REGI\\u00c3O PERIF\\u00c9RICA \",\"p45_bandeira\":\"LIBERDADE EXPRESS\\u00c3O CULTURA POPULAR TEATRO FERRAMENTA BEM CULTURAL\",\"p46_hashtags\":\"#TEATROCOMOFERRAMENTADELUTA #TEATROCOMOSAUDE #TEATROPOPULAR\"},{\"p1_eixo\":\"Cultura\",\"p9_tipoorganizacao\":\"Coletivo\",\"p12_uf\":\"PE\",\"p13_cidade\":\"RECIFE\",\"p16_bairro\":\"Bairro\",\"p16_cidade\":\"Cidade\",\"p17_ano\":\"2017\",\"p18_agrario\":\"Agr\\u00e1rio\\\/ruralidades\",\"p18_comunicacao\":\"Comunica\\u00e7\\u00e3o\",\"p18_difusaoartistica\":\"Difus\\u00e3o Art\\u00edstica\",\"p18_desenvolvimentoterritorial\":\"Desenvolvimento territorial\",\"p18_direitoshumanos\":\"Direitos humanos\",\"p18_educacao\":\"Educa\\u00e7\\u00e3o\",\"p18_feminismos\":\"Feminismos\",\"p18_lgbtqi\":\"LGBTQI\",\"p18_lutaantirracismo\":\"Luta antirracismo\",\"p18_moradia\":\"Moradia\",\"p18_povosecomunidadestradicionais\":\"Povos e comunidades tradicionais\",\"p18_trabalho\":\"Trabalho\",\"p18_religiao\":\"Religi\\u00e3o\",\"p18_saude\":\"Sa\\u00fade\",\"p18_violencia\":\"Viol\\u00eancia\",\"p18_politicasculturais\":\"Pol\\u00edticas Culturais\",\"p19_desenvolvimentoterritorial\":\"Desenvolvimento territorial\",\"p19_direitoshumanos\":\"Direitos humanos\",\"p19_lutaantirracismo\":\"Luta antirracismo\",\"p19_povosecomunidadestradicionais\":\"Povos e comunidades tradicionais\",\"p19_trabalho\":\"Trabalho\",\"p19_difusaoartistica\":\"Difus\\u00e3o Art\\u00edstica\",\"p20_oficinas\":\"Oficinas\",\"p20_cursos\":\"Cursos\",\"p20_formacao\":\"Forma\\u00e7\\u00e3o\",\"p20_apresentacoesartisticas\":\"Apresenta\\u00e7\\u00f5es art\\u00edsticas\",\"p21_machismo\":\"Machismo\",\"p21_racismo\":\"Racismo\",\"p21_lgbtqifobia\":\"LGBTIfobia\",\"p21_nenhum\":\"Nenhum\",\"p22_numerodeparticipantes\":\"1  - 15\",\"p23_atendimento\":\"Atendimento\",\"p23_apresentacoesartisticas\":\"Apresenta\\u00e7\\u00f5es Art\\u00edsticas\",\"p24_reunioes\":\"Reuni\\u00f5es\",\"p24_atendimento\":\"Atendimentos\",\"p24_oficinasaulasartisticas\":\"Ensaios\\\/Oficinas\\\/Aulas art\\u00edsticas\",\"p25_numerodepessoas\":\"60 - 80\",\"p26_numerodepessoas\":\"1 - 20\",\"p27_espacopublico\":\"Espa\\u00e7o p\\u00fablico\",\"p27_espacoemprestadocedido\":\"Espa\\u00e7o emprestado\\\/cedido\",\"p27_espacoproprio\":\"Espa\\u00e7o pr\\u00f3prio\",\"p28_territorios\":\"Pr\\u00f3prio bairro\",\"p30_outrasorganizacoes\":\"N\\u00e3o\",\"p32_campanhadelongaduracao\":\"N\\u00e3o\",\"p34_municipal\":\"Municipal\",\"p34_nenhuma\":\"Nenhuma\",\"p36_conselhosdeparticipacaoecontrolesocial\":\"N\\u00e3o\",\"p38_sim\":\"Sim\",\"p38_nenhum\":\"Nenhum\",\"p40_editais\":\"N\\u00e3o\",\"p41_publicoestatal\":\"P\\u00fablico-Estatal\",\"p41_autofinanciamento\":\"Autofinanciamento\",\"p41_financiamentocoletivo0\":\"Financiamento coletivo\",\"p42_meiodedivulgacaoproprio\":\"Sim\",\"p43_email\":\"E-mail\",\"p43_facebook\":\"Facebook\",\"p43_whatsapp\":\"WhatsApp\",\"p43_sitesblogs\":\"Blogs\\\/sites\",\"p44_jornaisimpressosdebairro\":\"Jornais impressos de bairro\",\"p44_redessociais\":\"Redes sociais (Facebook, YouTube, Instagram etc.)\",\"p44_sitesblogs\":\"Sites ou Blogs\",\"p39_publico\":\"MEMBROS BAIRRO \\u00c1GUA FRIA CULTURA POESIA\",\"p45_bandeira\":\"CULTURA LIBERTA\\u00c7\\u00c3O POESIA\",\"p46_hashtags\":\"#RECITALRECIFE #POESIAPERIFERICA #ARTEDERUA\"},{\"p1_eixo\":\"Trabalho\",\"p9_tipoorganizacao\":\"ONG\",\"p12_uf\":\"BA\",\"p13_cidade\":\"SENHOR DO BONFIM\",\"p16_cidade\":\"Cidade\",\"p16_nacional\":\"Nacional\",\"p17_ano\":\"2007\",\"p18_agrario\":\"Agr\\u00e1rio\\\/ruralidades\",\"p18_comunicacao\":\"Comunica\\u00e7\\u00e3o\",\"p18_difusaoartistica\":\"Difus\\u00e3o Art\\u00edstica\",\"p18_desenvolvimentoterritorial\":\"Desenvolvimento territorial\",\"p18_direitoshumanos\":\"Direitos humanos\",\"p18_educacao\":\"Educa\\u00e7\\u00e3o\",\"p18_feminismos\":\"Feminismos\",\"p18_lgbtqi\":\"LGBTQI\",\"p18_lutaantirracismo\":\"Luta antirracismo\",\"p18_mobilidade\":\"Mobilidade\",\"p18_moradia\":\"Moradia\",\"p18_povosecomunidadestradicionais\":\"Povos e comunidades tradicionais\",\"p18_trabalho\":\"Trabalho\",\"p18_religiao\":\"Religi\\u00e3o\",\"p18_saude\":\"Sa\\u00fade\",\"p18_violencia\":\"Viol\\u00eancia\",\"p18_politicasculturais\":\"Pol\\u00edticas Culturais\",\"p19_desenvolvimentoterritorial\":\"Desenvolvimento territorial\",\"p19_feminismos\":\"Feminismos\",\"p19_povosecomunidadestradicionais\":\"Povos e comunidades tradicionais\",\"p19_trabalho\":\"Trabalho\",\"p19_saude\":\"Sa\\u00fade\",\"p19_violencia\":\"Viol\\u00eancia\",\"p20_reunioes\":\"Reuni\\u00f5es\",\"p20_oficinas\":\"Oficinas\",\"p20_cursos\":\"Cursos\",\"p20_formacao\":\"Forma\\u00e7\\u00e3o\",\"p21_repressaopolicial\":\"Repress\\u00e3o policial\",\"p21_xenofobia\":\"Xenofobia\",\"p21_machismo\":\"Machismo\",\"p21_racismo\":\"Racismo\",\"p21_lgbtqifobia\":\"LGBTIfobia\",\"p22_numerodeparticipantes\":\"15 - 30\",\"p23_reunioes\":\"Reuni\\u00f5es\",\"p23_atendimento\":\"Atendimento\",\"p23_outros\":\"Outros\",\"p24_atendimento\":\"Atendimentos\",\"p24_oficinas\":\"Oficinas\",\"p24_oficinasaulasartisticas\":\"Ensaios\\\/Oficinas\\\/Aulas art\\u00edsticas\",\"p24_curso\":\"Curso\",\"p25_numerodepessoas\":\"Mais de 500\",\"p26_numerodepessoas\":\"20 - 40\",\"p27_espacoemprestadocedido\":\"Espa\\u00e7o emprestado\\\/cedido\",\"p27_espacoproprio\":\"Espa\\u00e7o pr\\u00f3prio\",\"p28_territorios\":\"Cidade\",\"p30_outrasorganizacoes\":\"Sim\",\"p32_campanhadelongaduracao\":\"N\\u00e3o\",\"p34_municipal\":\"Municipal\",\"p34_estadual\":\"Estadual\",\"p36_conselhosdeparticipacaoecontrolesocial\":\"Sim\",\"p38_sim\":\"Sim\",\"p38_nenhum\":\"Nenhum\",\"p40_editais\":\"Sim\",\"p41_publicoestatal\":\"P\\u00fablico-Estatal\",\"p41_privadopf\":\"Privado (P. F\\u00edsica)\",\"p41_privadopj\":\"Privado (P. Jur\\u00eddica)\",\"p41_financiamentocoletivo0\":\"Financiamento coletivo\",\"p42_meiodedivulgacaoproprio\":\"Sim\",\"p43_email\":\"E-mail\",\"p43_facebook\":\"Facebook\",\"p43_sitesblogs\":\"Blogs\\\/sites\",\"p44_jornaisimpressosdebairro\":\"Jornais impressos de bairro\",\"p44_redessociais\":\"Redes sociais (Facebook, YouTube, Instagram etc.)\",\"p44_sitesblogs\":\"Sites ou Blogs\",\"p39_publico\":\"AGRICULTORES FAMILIARES\",\"p45_bandeira\":\"FOMENTO INCENTIVO AGRICULTURA FAMILIAR GERA\\u00c7\\u00c3O RENDA MELHORIA PRODU\\u00c7\\u00c3O\",\"p46_hashtags\":\"#ECONOMIASOLIDARIA #PRODUCAOECOMERCIALIZACAOJUSTA #AGRICULTURA\"},{\"p1_eixo\":\"Viol\\u00eancia\",\"p9_tipoorganizacao\":\"Movimento Social\",\"p12_uf\":\"AL\",\"p13_cidade\":\"UNI\\u00c3O DOS PALMARES\",\"p16_nacional\":\"Nacional\",\"p17_ano\":\"1983\",\"p18_agrario\":\"Agr\\u00e1rio\\\/ruralidades\",\"p18_comunicacao\":\"Comunica\\u00e7\\u00e3o\",\"p18_difusaoartistica\":\"Difus\\u00e3o Art\\u00edstica\",\"p18_desenvolvimentoterritorial\":\"Desenvolvimento territorial\",\"p18_direitoshumanos\":\"Direitos humanos\",\"p18_educacao\":\"Educa\\u00e7\\u00e3o\",\"p18_feminismos\":\"Feminismos\",\"p18_lgbtqi\":\"LGBTQI\",\"p18_lutaantirracismo\":\"Luta antirracismo\",\"p18_mobilidade\":\"Mobilidade\",\"p18_moradia\":\"Moradia\",\"p18_povosecomunidadestradicionais\":\"Povos e comunidades tradicionais\",\"p18_trabalho\":\"Trabalho\",\"p18_saude\":\"Sa\\u00fade\",\"p18_violencia\":\"Viol\\u00eancia\",\"p18_politicasculturais\":\"Pol\\u00edticas Culturais\",\"p19_desenvolvimentoterritorial\":\"Desenvolvimento territorial\",\"p19_feminismos\":\"Feminismos\",\"p19_lgbtqi\":\"LGBTQI\",\"p19_saude\":\"Sa\\u00fade\",\"p19_violencia\":\"Viol\\u00eancia\",\"p20_reunioes\":\"Reuni\\u00f5es\",\"p20_atendimento\":\"Atendimento\",\"p20_oficinas\":\"Oficinas\",\"p20_cursos\":\"Cursos\",\"p20_apresentacoesartisticas\":\"Apresenta\\u00e7\\u00f5es art\\u00edsticas\",\"p21_repressaopolicial\":\"Repress\\u00e3o policial\",\"p21_intoleranciareligiosa\":\"Fundamentalismo\\\/intoler\\u00e2ncia religiosa\",\"p21_xenofobia\":\"Xenofobia\",\"p21_machismo\":\"Machismo\",\"p21_racismo\":\"Racismo\",\"p21_lgbtqifobia\":\"LGBTIfobia\",\"p21_enfrentamentocomgruposprivadosarmados\":\"Enfrentamento com grupos privados armados\",\"p22_numerodeparticipantes\":\"15 - 30\",\"p23_reunioes\":\"Reuni\\u00f5es\",\"p23_apresentacoesartisticas\":\"Apresenta\\u00e7\\u00f5es Art\\u00edsticas\",\"p23_outros\":\"Outros\",\"p24_reunioes\":\"Reuni\\u00f5es\",\"p24_atendimento\":\"Atendimentos\",\"p24_oficinas\":\"Oficinas\",\"p24_curso\":\"Curso\",\"p24_outros\":\"Outros\",\"p25_numerodepessoas\":\"40 - 60\",\"p26_numerodepessoas\":\"1 - 20\",\"p27_espacoemprestadocedido\":\"Espa\\u00e7o emprestado\\\/cedido\",\"p28_territorios\":\"Estado\",\"p30_outrasorganizacoes\":\"Sim\",\"p32_campanhadelongaduracao\":\"Sim\",\"p34_municipal\":\"Municipal\",\"p34_estadual\":\"Estadual\",\"p36_conselhosdeparticipacaoecontrolesocial\":\"Sim\",\"p38_nenhum\":\"Nenhum\",\"p40_editais\":\"N\\u00e3o\",\"p41_publicoestatal\":\"P\\u00fablico-Estatal\",\"p41_privadopf\":\"Privado (P. F\\u00edsica)\",\"p41_privadopj\":\"Privado (P. Jur\\u00eddica)\",\"p41_autofinanciamento\":\"Autofinanciamento\",\"p41_financiamentocoletivo0\":\"Financiamento coletivo\",\"p42_meiodedivulgacaoproprio\":\"Sim\",\"p43_email\":\"E-mail\",\"p43_facebook\":\"Facebook\",\"p43_instagram\":\"Instagram\",\"p43_sitesblogs\":\"Blogs\\\/sites\",\"p44_redessociais\":\"Redes sociais (Facebook, YouTube, Instagram etc.)\",\"p44_sitesblogs\":\"Sites ou Blogs\",\"p39_publico\":\"MULHERES CAMPO\",\"p45_bandeira\":\"AUTONOMIA MULHER FEMINISMO CAMPON\\u00caS POPULAR\",\"p46_hashtags\":\"#BAIXADEVIOLENCIA #FEMINISMOSERTANEJOPOPULAR #PELAAGROECOLOGIA\"},{\"p1_eixo\":\"Viol\\u00eancia\",\"p9_tipoorganizacao\":\"Coletivo Art\\u00edstico\",\"p12_uf\":\"DF\",\"p13_cidade\":\"CEIL\\u00c2NDIA\",\"p16_cidade\":\"Cidade\",\"p16_nacional\":\"Nacional\",\"p17_ano\":\"2016\",\"p18_agrario\":\"Agr\\u00e1rio\\\/ruralidades\",\"p18_comunicacao\":\"Comunica\\u00e7\\u00e3o\",\"p18_difusaoartistica\":\"Difus\\u00e3o Art\\u00edstica\",\"p18_desenvolvimentoterritorial\":\"Desenvolvimento territorial\",\"p18_direitoshumanos\":\"Direitos humanos\",\"p18_educacao\":\"Educa\\u00e7\\u00e3o\",\"p18_feminismos\":\"Feminismos\",\"p18_lgbtqi\":\"LGBTQI\",\"p18_lutaantirracismo\":\"Luta antirracismo\",\"p18_mobilidade\":\"Mobilidade\",\"p18_moradia\":\"Moradia\",\"p18_povosecomunidadestradicionais\":\"Povos e comunidades tradicionais\",\"p18_trabalho\":\"Trabalho\",\"p18_religiao\":\"Religi\\u00e3o\",\"p18_saude\":\"Sa\\u00fade\",\"p18_violencia\":\"Viol\\u00eancia\",\"p18_politicasculturais\":\"Pol\\u00edticas Culturais\",\"p19_desenvolvimentoterritorial\":\"Desenvolvimento territorial\",\"p19_feminismos\":\"Feminismos\",\"p19_lgbtqi\":\"LGBTQI\",\"p19_lutaantirracismo\":\"Luta antirracismo\",\"p19_violencia\":\"Viol\\u00eancia\",\"p19_politicasculturais\":\"Pol\\u00edticas Culturais\",\"p20_reunioes\":\"Reuni\\u00f5es\",\"p20_atendimento\":\"Atendimento\",\"p20_oficinas\":\"Oficinas\",\"p20_formacao\":\"Forma\\u00e7\\u00e3o\",\"p20_apresentacoesartisticas\":\"Apresenta\\u00e7\\u00f5es art\\u00edsticas\",\"p20_visitasexcursoes\":\"Visitas\\\/Excurs\\u00f5es\",\"p21_repressaopolicial\":\"Repress\\u00e3o policial\",\"p21_intoleranciareligiosa\":\"Fundamentalismo\\\/intoler\\u00e2ncia religiosa\",\"p21_xenofobia\":\"Xenofobia\",\"p21_machismo\":\"Machismo\",\"p21_racismo\":\"Racismo\",\"p21_lgbtqifobia\":\"LGBTIfobia\",\"p21_enfrentamentocomgruposprivadosarmados\":\"Enfrentamento com grupos privados armados\",\"p22_numerodeparticipantes\":\"1  - 15\",\"p23_oficinas\":\"Oficinas\",\"p23_oficinasaulasartisticas\":\"Ensaio\\\/Oficinas\\\/Aulas Art\\u00edsticas\",\"p23_formacao\":\"Forma\\u00e7\\u00e3o\",\"p23_apresentacoesartisticas\":\"Apresenta\\u00e7\\u00f5es Art\\u00edsticas\",\"p23_outros\":\"Outros\",\"p24_reunioes\":\"Reuni\\u00f5es\",\"p24_atendimento\":\"Atendimentos\",\"p24_oficinas\":\"Oficinas\",\"p24_visitasexcursoes\":\"Visitas\\\/Excurs\\u00f5es\",\"p24_outros\":\"Outros\",\"p25_numerodepessoas\":\"20 - 40\",\"p26_numerodepessoas\":\"20 - 40\",\"p27_espacoemprestadocedido\":\"Espa\\u00e7o emprestado\\\/cedido\",\"p28_territorios\":\"Pr\\u00f3prio bairro\",\"p30_outrasorganizacoes\":\"N\\u00e3o\",\"p32_campanhadelongaduracao\":\"N\\u00e3o\",\"p34_municipal\":\"Municipal\",\"p34_nacional\":\"Nacional\",\"p36_conselhosdeparticipacaoecontrolesocial\":\"Sim\",\"p38_nenhum\":\"Nenhum\",\"p40_editais\":\"Sim\",\"p41_publicoestatal\":\"P\\u00fablico-Estatal\",\"p41_privadopj\":\"Privado (P. Jur\\u00eddica)\",\"p41_autofinanciamento\":\"Autofinanciamento\",\"p42_meiodedivulgacaoproprio\":\"Sim\",\"p43_email\":\"E-mail\",\"p43_facebook\":\"Facebook\",\"p43_instagram\":\"Instagram\",\"p43_radio\":\"R\\u00e1dio\",\"p44_radio\":\"TV\",\"p44_jornaisimpressosdegrandecirculacao\":\"Jornais impressos de grande circula\\u00e7\\u00e3o\",\"p44_jornaisimpressosdebairro\":\"Jornais impressos de bairro\",\"p44_redessociais\":\"Redes sociais (Facebook, YouTube, Instagram etc.)\",\"p44_sitesblogs\":\"Sites ou Blogs\",\"p39_publico\":\"MULHERES NEGRAS POPULA\\u00c7\\u00c3O LGBTQI\",\"p45_bandeira\":\"FEMINISMO LGBTQIA+ TERRITORIAL LEGITIMIDADE EXIST\\u00caNCIA EDUCA\\u00c7\\u00c3O CONTINUADA\",\"p46_hashtags\":\"#LGBTQI #FEMINISMO #TERRITORIOVIVO\"},{\"p1_eixo\":\"Viol\\u00eancia\",\"p9_tipoorganizacao\":\"ONG\",\"p12_uf\":\"BA\",\"p13_cidade\":\"SALVADOR\",\"p16_cidade\":\"Cidade\",\"p16_nacional\":\"Nacional\",\"p17_ano\":\"2003\",\"p18_agrario\":\"Agr\\u00e1rio\\\/ruralidades\",\"p18_comunicacao\":\"Comunica\\u00e7\\u00e3o\",\"p18_difusaoartistica\":\"Difus\\u00e3o Art\\u00edstica\",\"p18_desenvolvimentoterritorial\":\"Desenvolvimento territorial\",\"p18_direitoshumanos\":\"Direitos humanos\",\"p18_educacao\":\"Educa\\u00e7\\u00e3o\",\"p18_feminismos\":\"Feminismos\",\"p18_lgbtqi\":\"LGBTQI\",\"p18_lutaantirracismo\":\"Luta antirracismo\",\"p18_mobilidade\":\"Mobilidade\",\"p18_moradia\":\"Moradia\",\"p18_povosecomunidadestradicionais\":\"Povos e comunidades tradicionais\",\"p18_trabalho\":\"Trabalho\",\"p18_religiao\":\"Religi\\u00e3o\",\"p18_saude\":\"Sa\\u00fade\",\"p18_violencia\":\"Viol\\u00eancia\",\"p18_politicasculturais\":\"Pol\\u00edticas Culturais\",\"p19_lutaantirracismo\":\"Luta antirracismo\",\"p19_trabalho\":\"Trabalho\",\"p19_violencia\":\"Viol\\u00eancia\",\"p19_difusaoartistica\":\"Difus\\u00e3o Art\\u00edstica\",\"p19_politicasculturais\":\"Pol\\u00edticas Culturais\",\"p20_reunioes\":\"Reuni\\u00f5es\",\"p20_oficinas\":\"Oficinas\",\"p20_oficinasaulasartisticas\":\"Ensaios\\\/Oficinas\\\/Aulas art\\u00edsticas\",\"p20_formacao\":\"Forma\\u00e7\\u00e3o\",\"p20_visitasexcursoes\":\"Visitas\\\/Excurs\\u00f5es\",\"p21_repressaopolicial\":\"Repress\\u00e3o policial\",\"p21_intoleranciareligiosa\":\"Fundamentalismo\\\/intoler\\u00e2ncia religiosa\",\"p21_xenofobia\":\"Xenofobia\",\"p21_machismo\":\"Machismo\",\"p21_racismo\":\"Racismo\",\"p21_lgbtqifobia\":\"LGBTIfobia\",\"p22_numerodeparticipantes\":\"60 - 75\",\"p23_oficinas\":\"Oficinas\",\"p23_oficinasaulasartisticas\":\"Ensaio\\\/Oficinas\\\/Aulas Art\\u00edsticas\",\"p23_formacao\":\"Forma\\u00e7\\u00e3o\",\"p23_apresentacoesartisticas\":\"Apresenta\\u00e7\\u00f5es Art\\u00edsticas\",\"p23_outros\":\"Outros\",\"p24_reunioes\":\"Reuni\\u00f5es\",\"p24_oficinas\":\"Oficinas\",\"p24_oficinasaulasartisticas\":\"Ensaios\\\/Oficinas\\\/Aulas art\\u00edsticas\",\"p24_visitasexcursoes\":\"Visitas\\\/Excurs\\u00f5es\",\"p25_numerodepessoas\":\"20 - 40\",\"p26_numerodepessoas\":\"40 - 60\",\"p27_espacopublico\":\"Espa\\u00e7o p\\u00fablico\",\"p27_espacoemprestadocedido\":\"Espa\\u00e7o emprestado\\\/cedido\",\"p28_territorios\":\"Cidade\",\"p30_outrasorganizacoes\":\"Sim\",\"p32_campanhadelongaduracao\":\"Sim\",\"p34_municipal\":\"Municipal\",\"p34_nacional\":\"Nacional\",\"p36_conselhosdeparticipacaoecontrolesocial\":\"N\\u00e3o\",\"p38_nenhum\":\"Nenhum\",\"p40_editais\":\"Sim\",\"p41_publicoestatal\":\"P\\u00fablico-Estatal\",\"p41_privadopj\":\"Privado (P. Jur\\u00eddica)\",\"p41_financiamentocoletivo0\":\"Financiamento coletivo\",\"p42_meiodedivulgacaoproprio\":\"Sim\",\"p43_email\":\"E-mail\",\"p43_facebook\":\"Facebook\",\"p43_instagram\":\"Instagram\",\"p43_radio\":\"R\\u00e1dio\",\"p44_radio\":\"TV\",\"p44_jornaisimpressosdegrandecirculacao\":\"Jornais impressos de grande circula\\u00e7\\u00e3o\",\"p44_jornaisimpressosdebairro\":\"Jornais impressos de bairro\",\"p44_redessociais\":\"Redes sociais (Facebook, YouTube, Instagram etc.)\",\"p44_sitesblogs\":\"Sites ou Blogs\",\"p44_nenhum\":\"Nenhum\",\"p39_publico\":\"CRIAN\\u00c7AS JOVENS ADOLESCENTES\",\"p45_bandeira\":\"CONTRA-VIOL\\u00caNCIA EDUCA\\u00c7\\u00c3O ESTATUTO CRIAN\\u00c7A ADOLESCENTE GARANTIDO\",\"p46_hashtags\":\"#LIBERDADEDEEXPRESSOES #DANCANDOCONTRAAVIOLENCIA #EUSINTONAPELE\"},{\"p1_eixo\":\"Cultura\",\"p9_tipoorganizacao\":\"Coletivo\",\"p12_uf\":\"ES\",\"p13_cidade\":\"VIT\\u00d3RIA\",\"p16_nacional\":\"Nacional\",\"p17_ano\":\"2015\",\"p16_estado\":\"Estado\",\"p18_agrario\":\"Agr\\u00e1rio\\\/ruralidades\",\"p18_comunicacao\":\"Comunica\\u00e7\\u00e3o\",\"p18_difusaoartistica\":\"Difus\\u00e3o Art\\u00edstica\",\"p18_desenvolvimentoterritorial\":\"Desenvolvimento territorial\",\"p18_direitoshumanos\":\"Direitos humanos\",\"p18_educacao\":\"Educa\\u00e7\\u00e3o\",\"p18_feminismos\":\"Feminismos\",\"p18_lgbtqi\":\"LGBTQI\",\"p18_lutaantirracismo\":\"Luta antirracismo\",\"p18_mobilidade\":\"Mobilidade\",\"p18_moradia\":\"Moradia\",\"p18_povosecomunidadestradicionais\":\"Povos e comunidades tradicionais\",\"p18_trabalho\":\"Trabalho\",\"p18_religiao\":\"Religi\\u00e3o\",\"p18_saude\":\"Sa\\u00fade\",\"p18_violencia\":\"Viol\\u00eancia\",\"p18_politicasculturais\":\"Pol\\u00edticas Culturais\",\"p19_direitoshumanos\":\"Direitos humanos\",\"p19_lutaantirracismo\":\"Luta antirracismo\",\"p19_povosecomunidadestradicionais\":\"Povos e comunidades tradicionais\",\"p19_trabalho\":\"Trabalho\",\"p19_difusaoartistica\":\"Difus\\u00e3o Art\\u00edstica\",\"p20_reunioes\":\"Reuni\\u00f5es\",\"p20_oficinas\":\"Oficinas\",\"p20_oficinasaulasartisticas\":\"Ensaios\\\/Oficinas\\\/Aulas art\\u00edsticas\",\"p20_apresentacoesartisticas\":\"Apresenta\\u00e7\\u00f5es art\\u00edsticas\",\"p21_repressaopolicial\":\"Repress\\u00e3o policial\",\"p21_intoleranciareligiosa\":\"Fundamentalismo\\\/intoler\\u00e2ncia religiosa\",\"p21_xenofobia\":\"Xenofobia\",\"p21_machismo\":\"Machismo\",\"p21_racismo\":\"Racismo\",\"p21_lgbtqifobia\":\"LGBTIfobia\",\"p22_numerodeparticipantes\":\"1  - 15\",\"p23_apresentacoesartisticas\":\"Apresenta\\u00e7\\u00f5es Art\\u00edsticas\",\"p23_outros\":\"Outros\",\"p24_reunioes\":\"Reuni\\u00f5es\",\"p24_oficinas\":\"Oficinas\",\"p24_oficinasaulasartisticas\":\"Ensaios\\\/Oficinas\\\/Aulas art\\u00edsticas\",\"p25_numerodepessoas\":\"200 - 300\",\"p26_numerodepessoas\":\"20 - 40\",\"p27_espacopublico\":\"Espa\\u00e7o p\\u00fablico\",\"p27_espacoemprestadocedido\":\"Espa\\u00e7o emprestado\\\/cedido\",\"p27_ocupacao\":\"Ocupa\\u00e7\\u00e3o\",\"p28_territorios\":\"Atua\\u00e7\\u00e3o Nacional\",\"p30_outrasorganizacoes\":\"Sim\",\"p32_campanhadelongaduracao\":\"N\\u00e3o\",\"p34_municipal\":\"Municipal\",\"p34_estadual\":\"Estadual\",\"p36_conselhosdeparticipacaoecontrolesocial\":\"Sim\",\"p38_nenhum\":\"Nenhum\",\"p40_editais\":\"Sim\",\"p41_publicoestatal\":\"P\\u00fablico-Estatal\",\"p41_privadopj\":\"Privado (P. Jur\\u00eddica)\",\"p41_autofinanciamento\":\"Autofinanciamento\",\"p41_financiamentocoletivo0\":\"Financiamento coletivo\",\"p42_meiodedivulgacaoproprio\":\"Sim\",\"p43_impressoes\":\"Impressos\",\"p43_email\":\"E-mail\",\"p43_facebook\":\"Facebook\",\"p43_instagram\":\"Instagram\",\"p44_radio\":\"TV\",\"p44_jornaisimpressosdegrandecirculacao\":\"Jornais impressos de grande circula\\u00e7\\u00e3o\",\"p44_jornaisimpressosdebairro\":\"Jornais impressos de bairro\",\"p44_redessociais\":\"Redes sociais (Facebook, YouTube, Instagram etc.)\",\"p44_sitesblogs\":\"Sites ou Blogs\",\"p44_nenhum\":\"Nenhum\",\"p39_publico\":\"JOVEM ADOLESCENTE MORADOR COMUNIDADE PERIFERIA\",\"p45_bandeira\":\"PROLIFERA\\u00c7\\u00c3O ARTE LUTA  ANTIRRACISMO \",\"p46_hashtags\":\"#ARUAENOSSA #CUMPRINDOOIDE #DONAS\"},{\"p1_eixo\":\"Cultura\",\"p9_tipoorganizacao\":\"Coletivo\",\"p12_uf\":\"SP\",\"p13_cidade\":\"S\\u00c3O PAULO\",\"p16_nacional\":\"Nacional\",\"p17_ano\":\"2007\",\"p16_estado\":\"Estado\",\"p18_agrario\":\"Agr\\u00e1rio\\\/ruralidades\",\"p18_comunicacao\":\"Comunica\\u00e7\\u00e3o\",\"p18_difusaoartistica\":\"Difus\\u00e3o Art\\u00edstica\",\"p18_desenvolvimentoterritorial\":\"Desenvolvimento territorial\",\"p18_direitoshumanos\":\"Direitos humanos\",\"p18_educacao\":\"Educa\\u00e7\\u00e3o\",\"p18_feminismos\":\"Feminismos\",\"p18_lgbtqi\":\"LGBTQI\",\"p18_lutaantirracismo\":\"Luta antirracismo\",\"p18_mobilidade\":\"Mobilidade\",\"p18_moradia\":\"Moradia\",\"p18_povosecomunidadestradicionais\":\"Povos e comunidades tradicionais\",\"p18_trabalho\":\"Trabalho\",\"p18_religiao\":\"Religi\\u00e3o\",\"p18_saude\":\"Sa\\u00fade\",\"p18_violencia\":\"Viol\\u00eancia\",\"p18_politicasculturais\":\"Pol\\u00edticas Culturais\",\"p19_direitoshumanos\":\"Direitos humanos\",\"p19_feminismos\":\"Feminismos\",\"p19_lgbtqi\":\"LGBTQI\",\"p19_povosecomunidadestradicionais\":\"Povos e comunidades tradicionais\",\"p19_difusaoartistica\":\"Difus\\u00e3o Art\\u00edstica\",\"p20_reunioes\":\"Reuni\\u00f5es\",\"p20_oficinas\":\"Oficinas\",\"p20_oficinasaulasartisticas\":\"Ensaios\\\/Oficinas\\\/Aulas art\\u00edsticas\",\"p20_apresentacoesartisticas\":\"Apresenta\\u00e7\\u00f5es art\\u00edsticas\",\"p21_repressaopolicial\":\"Repress\\u00e3o policial\",\"p21_intoleranciareligiosa\":\"Fundamentalismo\\\/intoler\\u00e2ncia religiosa\",\"p21_xenofobia\":\"Xenofobia\",\"p21_machismo\":\"Machismo\",\"p21_racismo\":\"Racismo\",\"p21_lgbtqifobia\":\"LGBTIfobia\",\"p22_numerodeparticipantes\":\"1  - 15\",\"p23_apresentacoesartisticas\":\"Apresenta\\u00e7\\u00f5es Art\\u00edsticas\",\"p24_reunioes\":\"Reuni\\u00f5es\",\"p24_oficinas\":\"Oficinas\",\"p24_oficinasaulasartisticas\":\"Ensaios\\\/Oficinas\\\/Aulas art\\u00edsticas\",\"p24_outros\":\"Outros\",\"p25_numerodepessoas\":\"Mais de 500\",\"p26_numerodepessoas\":\"1 - 20\",\"p27_espacopublico\":\"Espa\\u00e7o p\\u00fablico\",\"p27_espacoemprestadocedido\":\"Espa\\u00e7o emprestado\\\/cedido\",\"p27_ocupacao\":\"Ocupa\\u00e7\\u00e3o\",\"p28_territorios\":\"Regi\\u00e3o da Cidade\",\"p30_outrasorganizacoes\":\"Sim\",\"p32_campanhadelongaduracao\":\"N\\u00e3o\",\"p34_estadual\":\"Estadual\",\"p34_nacional\":\"Nacional\",\"p36_conselhosdeparticipacaoecontrolesocial\":\"N\\u00e3o\",\"p38_nenhum\":\"Nenhum\",\"p40_editais\":\"Sim\",\"p41_publicoestatal\":\"P\\u00fablico-Estatal\",\"p41_autofinanciamento\":\"Autofinanciamento\",\"p41_financiamentocoletivo0\":\"Financiamento coletivo\",\"p42_meiodedivulgacaoproprio\":\"Sim\",\"p43_impressoes\":\"Impressos\",\"p43_email\":\"E-mail\",\"p43_facebook\":\"Facebook\",\"p43_whatsapp\":\"WhatsApp\",\"p43_instagram\":\"Instagram\",\"p43_twitter\":\"Twitter\",\"p43_youtube\":\"YouTube\",\"p44_radio\":\"TV\",\"p44_jornaisimpressosdegrandecirculacao\":\"Jornais impressos de grande circula\\u00e7\\u00e3o\",\"p44_jornaisimpressosdebairro\":\"Jornais impressos de bairro\",\"p44_redessociais\":\"Redes sociais (Facebook, YouTube, Instagram etc.)\",\"p44_sitesblogs\":\"Sites ou Blogs\",\"p39_publico\":\"FAM\\u00cdLIA\",\"p45_bandeira\":\"DIREITOS HUMANOS FEMINISMO ANTIRRACISMO EDUCA\\u00c7\\u00c3O QUALIDADE\",\"p46_hashtags\":\"#ANCESTRALIDADE #CULTURADEPAZ\"},{\"p1_eixo\":\"Viol\\u00eancia\",\"p9_tipoorganizacao\":\"Coletivo Art\\u00edstico\",\"p12_uf\":\"SP\",\"p13_cidade\":\"S\\u00c3O PAULO\",\"p16_cidade\":\"Cidade\",\"p16_nacional\":\"Nacional\",\"p17_ano\":\"2016\",\"p18_agrario\":\"Agr\\u00e1rio\\\/ruralidades\",\"p18_comunicacao\":\"Comunica\\u00e7\\u00e3o\",\"p18_difusaoartistica\":\"Difus\\u00e3o Art\\u00edstica\",\"p18_desenvolvimentoterritorial\":\"Desenvolvimento territorial\",\"p18_direitoshumanos\":\"Direitos humanos\",\"p18_educacao\":\"Educa\\u00e7\\u00e3o\",\"p18_feminismos\":\"Feminismos\",\"p18_lgbtqi\":\"LGBTQI\",\"p18_lutaantirracismo\":\"Luta antirracismo\",\"p18_povosecomunidadestradicionais\":\"Povos e comunidades tradicionais\",\"p18_trabalho\":\"Trabalho\",\"p18_saude\":\"Sa\\u00fade\",\"p18_violencia\":\"Viol\\u00eancia\",\"p18_politicasculturais\":\"Pol\\u00edticas Culturais\",\"p19_comunicacao\":\"Comunica\\u00e7\\u00e3o\",\"p19_desenvolvimentoterritorial\":\"Desenvolvimento territorial\",\"p19_direitoshumanos\":\"Direitos humanos\",\"p19_feminismos\":\"Feminismos\",\"p19_lgbtqi\":\"LGBTQI\",\"p19_politicasculturais\":\"Pol\\u00edticas Culturais\",\"p20_reunioes\":\"Reuni\\u00f5es\",\"p20_oficinas\":\"Oficinas\",\"p20_oficinasaulasartisticas\":\"Ensaios\\\/Oficinas\\\/Aulas art\\u00edsticas\",\"p20_apresentacoesartisticas\":\"Apresenta\\u00e7\\u00f5es art\\u00edsticas\",\"p20_visitasexcursoes\":\"Visitas\\\/Excurs\\u00f5es\",\"p21_repressaopolicial\":\"Repress\\u00e3o policial\",\"p21_intoleranciareligiosa\":\"Fundamentalismo\\\/intoler\\u00e2ncia religiosa\",\"p21_xenofobia\":\"Xenofobia\",\"p21_machismo\":\"Machismo\",\"p21_racismo\":\"Racismo\",\"p21_lgbtqifobia\":\"LGBTIfobia\",\"p22_numerodeparticipantes\":\"1  - 15\",\"p23_apresentacoesartisticas\":\"Apresenta\\u00e7\\u00f5es Art\\u00edsticas\",\"p23_outros\":\"Outros\",\"p24_reunioes\":\"Reuni\\u00f5es\",\"p24_oficinas\":\"Oficinas\",\"p24_visitasexcursoes\":\"Visitas\\\/Excurs\\u00f5es\",\"p24_outros\":\"Outros\",\"p25_numerodepessoas\":\"40 - 60\",\"p26_numerodepessoas\":\"40 - 60\",\"p27_espacopublico\":\"Espa\\u00e7o p\\u00fablico\",\"p27_espacoemprestadocedido\":\"Espa\\u00e7o emprestado\\\/cedido\",\"p27_ocupacao\":\"Ocupa\\u00e7\\u00e3o\",\"p28_territorios\":\"Atua\\u00e7\\u00e3o Nacional\",\"p30_outrasorganizacoes\":\"Sim\",\"p32_campanhadelongaduracao\":\"N\\u00e3o\",\"p34_municipal\":\"Municipal\",\"p34_nacional\":\"Nacional\",\"p36_conselhosdeparticipacaoecontrolesocial\":\"N\\u00e3o\",\"p38_nenhum\":\"Nenhum\",\"p40_editais\":\"Sim\",\"p41_publicoestatal\":\"P\\u00fablico-Estatal\",\"p41_autofinanciamento\":\"Autofinanciamento\",\"p41_financiamentocoletivo0\":\"Financiamento coletivo\",\"p42_meiodedivulgacaoproprio\":\"Sim\",\"p43_facebook\":\"Facebook\",\"p43_whatsapp\":\"WhatsApp\",\"p43_instagram\":\"Instagram\",\"p43_twitter\":\"Twitter\",\"p43_sitesblogs\":\"Blogs\\\/sites\",\"p43_youtube\":\"YouTube\",\"p44_jornaisimpressosdebairro\":\"Jornais impressos de bairro\",\"p44_redessociais\":\"Redes sociais (Facebook, YouTube, Instagram etc.)\",\"p44_sitesblogs\":\"Sites ou Blogs\",\"p39_publico\":\"MULHERES PERIF\\u00c9RICAS\",\"p45_bandeira\":\"FEMINISMO LGBTQIA+ CAUSA NEGRA ANTI-GORDOFOBIA\",\"p46_hashtags\":\"#BODEPOSITIVE #FEMINISMO #EMPODERAMENTODAMULHER\"},{\"p1_eixo\":\"Trabalho\",\"p9_tipoorganizacao\":\"Coletivo\",\"p12_uf\":\"SP\",\"p13_cidade\":\"S\\u00c3O PAULO\",\"p16_cidade\":\"Cidade\",\"p17_ano\":\"2016\",\"p18_agrario\":\"Agr\\u00e1rio\\\/ruralidades\",\"p18_comunicacao\":\"Comunica\\u00e7\\u00e3o\",\"p18_difusaoartistica\":\"Difus\\u00e3o Art\\u00edstica\",\"p18_desenvolvimentoterritorial\":\"Desenvolvimento territorial\",\"p18_direitoshumanos\":\"Direitos humanos\",\"p18_educacao\":\"Educa\\u00e7\\u00e3o\",\"p18_feminismos\":\"Feminismos\",\"p18_lgbtqi\":\"LGBTQI\",\"p18_lutaantirracismo\":\"Luta antirracismo\",\"p18_mobilidade\":\"Mobilidade\",\"p18_moradia\":\"Moradia\",\"p18_povosecomunidadestradicionais\":\"Povos e comunidades tradicionais\",\"p18_trabalho\":\"Trabalho\",\"p18_saude\":\"Sa\\u00fade\",\"p18_violencia\":\"Viol\\u00eancia\",\"p18_politicasculturais\":\"Pol\\u00edticas Culturais\",\"p19_comunicacao\":\"Comunica\\u00e7\\u00e3o\",\"p19_desenvolvimentoterritorial\":\"Desenvolvimento territorial\",\"p19_direitoshumanos\":\"Direitos humanos\",\"p19_educacao\":\"Educa\\u00e7\\u00e3o\",\"p19_politicasculturais\":\"Pol\\u00edticas Culturais\",\"p20_atendimento\":\"Atendimento\",\"p20_oficinas\":\"Oficinas\",\"p20_oficinasaulasartisticas\":\"Ensaios\\\/Oficinas\\\/Aulas art\\u00edsticas\",\"p20_cursos\":\"Cursos\",\"p20_visitasexcursoes\":\"Visitas\\\/Excurs\\u00f5es\",\"p21_repressaopolicial\":\"Repress\\u00e3o policial\",\"p21_intoleranciareligiosa\":\"Fundamentalismo\\\/intoler\\u00e2ncia religiosa\",\"p21_machismo\":\"Machismo\",\"p21_racismo\":\"Racismo\",\"p21_lgbtqifobia\":\"LGBTIfobia\",\"p22_numerodeparticipantes\":\"1  - 15\",\"p23_atendimento\":\"Atendimento\",\"p23_oficinasaulasartisticas\":\"Ensaio\\\/Oficinas\\\/Aulas Art\\u00edsticas\",\"p23_visitas\":\"Visitas\",\"p23_outros\":\"Outros\",\"p24_oficinas\":\"Oficinas\",\"p24_oficinasaulasartisticas\":\"Ensaios\\\/Oficinas\\\/Aulas art\\u00edsticas\",\"p24_visitasexcursoes\":\"Visitas\\\/Excurs\\u00f5es\",\"p24_outros\":\"Outros\",\"p25_numerodepessoas\":\"40 - 60\",\"p26_numerodepessoas\":\"100 - 200\",\"p27_espacopublico\":\"Espa\\u00e7o p\\u00fablico\",\"p27_espacoemprestadocedido\":\"Espa\\u00e7o emprestado\\\/cedido\",\"p27_espacoproprio\":\"Espa\\u00e7o pr\\u00f3prio\",\"p28_territorios\":\"Pr\\u00f3prio bairro\",\"p30_outrasorganizacoes\":\"Sim\",\"p32_campanhadelongaduracao\":\"Sim\",\"p34_municipal\":\"Municipal\",\"p34_nenhuma\":\"Nenhuma\",\"p36_conselhosdeparticipacaoecontrolesocial\":\"N\\u00e3o\",\"p38_nenhum\":\"Nenhum\",\"p40_editais\":\"Sim\",\"p41_publicoestatal\":\"P\\u00fablico-Estatal\",\"p41_privadopf\":\"Privado (P. F\\u00edsica)\",\"p41_privadopj\":\"Privado (P. Jur\\u00eddica)\",\"p41_financiamentocoletivo0\":\"Financiamento coletivo\",\"p42_meiodedivulgacaoproprio\":\"Sim\",\"p43_impressoes\":\"Impressos\",\"p43_facebook\":\"Facebook\",\"p43_whatsapp\":\"WhatsApp\",\"p43_sitesblogs\":\"Blogs\\\/sites\",\"p44_radio\":\"TV\",\"p44_jornaisimpressosdebairro\":\"Jornais impressos de bairro\",\"p44_redessociais\":\"Redes sociais (Facebook, YouTube, Instagram etc.)\",\"p44_sitesblogs\":\"Sites ou Blogs\",\"p39_publico\":\"COMUNIDADE PARELHEIROS\",\"p45_bandeira\":\"FOMENTO PARELHEIROS EMPREENDEDORISMO ECONOMIA SOLID\\u00c1RIA SUSTENTABILIDADE LUTA NEGRA LUTA TEATRO RUA\",\"p46_hashtags\":\"#PARELHEIROSEPERIFERIA #MATAATLANTICA #COMUNICACAO\"},{\"p1_eixo\":\"Cultura\",\"p9_tipoorganizacao\":\"Movimento Social\",\"p12_uf\":\"CE\",\"p13_cidade\":\"FORTALEZA\",\"p16_cidade\":\"Cidade\",\"p17_ano\":\"2018\",\"p18_agrario\":\"Agr\\u00e1rio\\\/ruralidades\",\"p18_comunicacao\":\"Comunica\\u00e7\\u00e3o\",\"p18_difusaoartistica\":\"Difus\\u00e3o Art\\u00edstica\",\"p18_desenvolvimentoterritorial\":\"Desenvolvimento territorial\",\"p18_direitoshumanos\":\"Direitos humanos\",\"p18_educacao\":\"Educa\\u00e7\\u00e3o\",\"p18_feminismos\":\"Feminismos\",\"p18_lgbtqi\":\"LGBTQI\",\"p18_lutaantirracismo\":\"Luta antirracismo\",\"p18_mobilidade\":\"Mobilidade\",\"p18_moradia\":\"Moradia\",\"p18_povosecomunidadestradicionais\":\"Povos e comunidades tradicionais\",\"p18_trabalho\":\"Trabalho\",\"p18_religiao\":\"Religi\\u00e3o\",\"p18_saude\":\"Sa\\u00fade\",\"p18_violencia\":\"Viol\\u00eancia\",\"p18_politicasculturais\":\"Pol\\u00edticas Culturais\",\"p19_desenvolvimentoterritorial\":\"Desenvolvimento territorial\",\"p19_direitoshumanos\":\"Direitos humanos\",\"p19_educacao\":\"Educa\\u00e7\\u00e3o\",\"p19_feminismos\":\"Feminismos\",\"p20_atendimento\":\"Atendimento\",\"p20_oficinas\":\"Oficinas\",\"p20_oficinasaulasartisticas\":\"Ensaios\\\/Oficinas\\\/Aulas art\\u00edsticas\",\"p20_cursos\":\"Cursos\",\"p20_apresentacoesartisticas\":\"Apresenta\\u00e7\\u00f5es art\\u00edsticas\",\"p20_visitasexcursoes\":\"Visitas\\\/Excurs\\u00f5es\",\"p21_repressaopolicial\":\"Repress\\u00e3o policial\",\"p21_intoleranciareligiosa\":\"Fundamentalismo\\\/intoler\\u00e2ncia religiosa\",\"p21_xenofobia\":\"Xenofobia\",\"p21_machismo\":\"Machismo\",\"p21_racismo\":\"Racismo\",\"p21_lgbtqifobia\":\"LGBTIfobia\",\"p22_numerodeparticipantes\":\"15 - 30\",\"p23_atendimento\":\"Atendimento\",\"p23_oficinasaulasartisticas\":\"Ensaio\\\/Oficinas\\\/Aulas Art\\u00edsticas\",\"p23_visitas\":\"Visitas\",\"p23_outros\":\"Outros\",\"p24_reunioes\":\"Reuni\\u00f5es\",\"p24_oficinas\":\"Oficinas\",\"p24_oficinasaulasartisticas\":\"Ensaios\\\/Oficinas\\\/Aulas art\\u00edsticas\",\"p24_visitasexcursoes\":\"Visitas\\\/Excurs\\u00f5es\",\"p25_numerodepessoas\":\"20 - 40\",\"p26_numerodepessoas\":\"80 - 100\",\"p27_espacopublico\":\"Espa\\u00e7o p\\u00fablico\",\"p27_espacoemprestadocedido\":\"Espa\\u00e7o emprestado\\\/cedido\",\"p27_espacoproprio\":\"Espa\\u00e7o pr\\u00f3prio\",\"p28_territorios\":\"Regi\\u00e3o da Cidade\",\"p30_outrasorganizacoes\":\"Sim\",\"p32_campanhadelongaduracao\":\"Sim\",\"p34_municipal\":\"Municipal\",\"p34_nenhuma\":\"Nenhuma\",\"p36_conselhosdeparticipacaoecontrolesocial\":\"Sim\",\"p38_nenhum\":\"Nenhum\",\"p40_editais\":\"N\\u00e3o\",\"p41_privadopf\":\"Privado (P. F\\u00edsica)\",\"p41_privadopj\":\"Privado (P. Jur\\u00eddica)\",\"p41_autofinanciamento\":\"Autofinanciamento\",\"p41_financiamentocoletivo0\":\"Financiamento coletivo\",\"p42_meiodedivulgacaoproprio\":\"Sim\",\"p43_impressoes\":\"Impressos\",\"p43_facebook\":\"Facebook\",\"p43_whatsapp\":\"WhatsApp\",\"p43_instagram\":\"Instagram\",\"p44_radio\":\"TV\",\"p44_jornaisimpressosdegrandecirculacao\":\"Jornais impressos de grande circula\\u00e7\\u00e3o\",\"p44_jornaisimpressosdebairro\":\"Jornais impressos de bairro\",\"p44_redessociais\":\"Redes sociais (Facebook, YouTube, Instagram etc.)\",\"p44_sitesblogs\":\"Sites ou Blogs\",\"p39_publico\":\"CRIAN\\u00c7AS\",\"p45_bandeira\":\"LIBERDADE CONHECIMENTO DIREITO LEITURA DIREITOS HUMANOS\",\"p46_hashtags\":\"#DIREITOAASLEITURAS  #DIREITOSHUMANOS #LIVROSLIVRES\"},{\"p1_eixo\":\"Cultura\",\"p9_tipoorganizacao\":\"Coletivo Art\\u00edstico\",\"p12_uf\":\"SP\",\"p13_cidade\":\"S\\u00c3O PAULO\",\"p16_cidade\":\"Cidade\",\"p17_ano\":\"2013\",\"p16_estado\":\"Estado\",\"p18_agrario\":\"Agr\\u00e1rio\\\/ruralidades\",\"p18_comunicacao\":\"Comunica\\u00e7\\u00e3o\",\"p18_difusaoartistica\":\"Difus\\u00e3o Art\\u00edstica\",\"p18_desenvolvimentoterritorial\":\"Desenvolvimento territorial\",\"p18_direitoshumanos\":\"Direitos humanos\",\"p18_educacao\":\"Educa\\u00e7\\u00e3o\",\"p18_feminismos\":\"Feminismos\",\"p18_lgbtqi\":\"LGBTQI\",\"p18_lutaantirracismo\":\"Luta antirracismo\",\"p18_mobilidade\":\"Mobilidade\",\"p18_moradia\":\"Moradia\",\"p18_povosecomunidadestradicionais\":\"Povos e comunidades tradicionais\",\"p18_trabalho\":\"Trabalho\",\"p18_religiao\":\"Religi\\u00e3o\",\"p18_saude\":\"Sa\\u00fade\",\"p18_violencia\":\"Viol\\u00eancia\",\"p18_politicasculturais\":\"Pol\\u00edticas Culturais\",\"p19_comunicacao\":\"Comunica\\u00e7\\u00e3o\",\"p19_direitoshumanos\":\"Direitos humanos\",\"p19_educacao\":\"Educa\\u00e7\\u00e3o\",\"p19_feminismos\":\"Feminismos\",\"p19_difusaoartistica\":\"Difus\\u00e3o Art\\u00edstica\",\"p20_reunioes\":\"Reuni\\u00f5es\",\"p20_oficinasaulasartisticas\":\"Ensaios\\\/Oficinas\\\/Aulas art\\u00edsticas\",\"p20_apresentacoesartisticas\":\"Apresenta\\u00e7\\u00f5es art\\u00edsticas\",\"p21_intoleranciareligiosa\":\"Fundamentalismo\\\/intoler\\u00e2ncia religiosa\",\"p21_xenofobia\":\"Xenofobia\",\"p21_machismo\":\"Machismo\",\"p21_racismo\":\"Racismo\",\"p21_lgbtqifobia\":\"LGBTIfobia\",\"p22_numerodeparticipantes\":\"1  - 15\",\"p23_oficinasaulasartisticas\":\"Ensaio\\\/Oficinas\\\/Aulas Art\\u00edsticas\",\"p23_apresentacoesartisticas\":\"Apresenta\\u00e7\\u00f5es Art\\u00edsticas\",\"p24_reunioes\":\"Reuni\\u00f5es\",\"p24_apresentacoesartisticas\":\"Apresenta\\u00e7\\u00f5es art\\u00edsticas\",\"p24_outros\":\"Outros\",\"p25_numerodepessoas\":\"40 - 60\",\"p26_numerodepessoas\":\"20 - 40\",\"p27_espacopublico\":\"Espa\\u00e7o p\\u00fablico\",\"p27_espacoemprestadocedido\":\"Espa\\u00e7o emprestado\\\/cedido\",\"p28_territorios\":\"Pr\\u00f3prio bairro\",\"p30_outrasorganizacoes\":\"Sim\",\"p32_campanhadelongaduracao\":\"N\\u00e3o\",\"p34_municipal\":\"Municipal\",\"p34_nenhuma\":\"Nenhuma\",\"p36_conselhosdeparticipacaoecontrolesocial\":\"N\\u00e3o\",\"p38_nenhum\":\"Nenhum\",\"p40_editais\":\"N\\u00e3o\",\"p41_autofinanciamento\":\"Autofinanciamento\",\"p41_financiamentocoletivo0\":\"Financiamento coletivo\",\"p42_meiodedivulgacaoproprio\":\"Sim\",\"p43_email\":\"E-mail\",\"p43_facebook\":\"Facebook\",\"p43_instagram\":\"Instagram\",\"p43_sitesblogs\":\"Blogs\\\/sites\",\"p43_youtube\":\"YouTube\",\"p44_radio\":\"TV\",\"p44_jornaisimpressosdegrandecirculacao\":\"Jornais impressos de grande circula\\u00e7\\u00e3o\",\"p44_jornaisimpressosdebairro\":\"Jornais impressos de bairro\",\"p44_redessociais\":\"Redes sociais (Facebook, YouTube, Instagram etc.)\",\"p39_publico\":\"TODOS\",\"p45_bandeira\":\"RESIST\\u00caNCIA BARREIRAS S ACESSIBILIDADE\",\"p46_hashtags\":\"#RESISTENCIA\"},{\"p1_eixo\":\"Cultura\",\"p9_tipoorganizacao\":\"Coletivo Art\\u00edstico\",\"p12_uf\":\"SP\",\"p13_cidade\":\"S\\u00c3O PAULO\",\"p16_cidade\":\"Cidade\",\"p17_ano\":\"2010\",\"p16_estado\":\"Estado\",\"p18_comunicacao\":\"Comunica\\u00e7\\u00e3o\",\"p18_difusaoartistica\":\"Difus\\u00e3o Art\\u00edstica\",\"p18_desenvolvimentoterritorial\":\"Desenvolvimento territorial\",\"p18_direitoshumanos\":\"Direitos humanos\",\"p18_educacao\":\"Educa\\u00e7\\u00e3o\",\"p18_feminismos\":\"Feminismos\",\"p18_lutaantirracismo\":\"Luta antirracismo\",\"p18_mobilidade\":\"Mobilidade\",\"p18_moradia\":\"Moradia\",\"p18_trabalho\":\"Trabalho\",\"p18_saude\":\"Sa\\u00fade\",\"p18_violencia\":\"Viol\\u00eancia\",\"p18_politicasculturais\":\"Pol\\u00edticas Culturais\",\"p19_comunicacao\":\"Comunica\\u00e7\\u00e3o\",\"p19_desenvolvimentoterritorial\":\"Desenvolvimento territorial\",\"p19_educacao\":\"Educa\\u00e7\\u00e3o\",\"p19_trabalho\":\"Trabalho\",\"p19_difusaoartistica\":\"Difus\\u00e3o Art\\u00edstica\",\"p20_reunioes\":\"Reuni\\u00f5es\",\"p20_oficinas\":\"Oficinas\",\"p20_cursos\":\"Cursos\",\"p20_formacao\":\"Forma\\u00e7\\u00e3o\",\"p20_apresentacoesartisticas\":\"Apresenta\\u00e7\\u00f5es art\\u00edsticas\",\"p21_intoleranciareligiosa\":\"Fundamentalismo\\\/intoler\\u00e2ncia religiosa\",\"p21_machismo\":\"Machismo\",\"p21_racismo\":\"Racismo\",\"p21_nenhum\":\"Nenhum\",\"p22_numerodeparticipantes\":\"1  - 15\",\"p23_reunioes\":\"Reuni\\u00f5es\",\"p23_formacao\":\"Forma\\u00e7\\u00e3o\",\"p23_apresentacoesartisticas\":\"Apresenta\\u00e7\\u00f5es Art\\u00edsticas\",\"p24_reunioes\":\"Reuni\\u00f5es\",\"p24_oficinas\":\"Oficinas\",\"p24_curso\":\"Curso\",\"p24_apresentacoesartisticas\":\"Apresenta\\u00e7\\u00f5es art\\u00edsticas\",\"p24_outros\":\"Outros\",\"p25_numerodepessoas\":\"80 - 100\",\"p26_numerodepessoas\":\"20 - 40\",\"p27_espacopublico\":\"Espa\\u00e7o p\\u00fablico\",\"p27_espacoemprestadocedido\":\"Espa\\u00e7o emprestado\\\/cedido\",\"p27_espacoproprio\":\"Espa\\u00e7o pr\\u00f3prio\",\"p28_territorios\":\"Estado\",\"p30_outrasorganizacoes\":\"Sim\",\"p32_campanhadelongaduracao\":\"N\\u00e3o\",\"p34_municipal\":\"Municipal\",\"p34_nenhuma\":\"Nenhuma\",\"p36_conselhosdeparticipacaoecontrolesocial\":\"N\\u00e3o\",\"p38_nenhum\":\"Nenhum\",\"p40_editais\":\"Sim\",\"p41_publicoestatal\":\"P\\u00fablico-Estatal\",\"p41_autofinanciamento\":\"Autofinanciamento\",\"p42_meiodedivulgacaoproprio\":\"Sim\",\"p43_email\":\"E-mail\",\"p43_facebook\":\"Facebook\",\"p43_instagram\":\"Instagram\",\"p43_sitesblogs\":\"Blogs\\\/sites\",\"p43_youtube\":\"YouTube\",\"p44_radio\":\"TV\",\"p44_jornaisimpressosdegrandecirculacao\":\"Jornais impressos de grande circula\\u00e7\\u00e3o\",\"p44_jornaisimpressosdebairro\":\"Jornais impressos de bairro\",\"p44_redessociais\":\"Redes sociais (Facebook, YouTube, Instagram etc.)\",\"p39_publico\":\"CRIAN\\u00c7AS\",\"p45_bandeira\":\"LUTA DESIGUALDADE SOCIAL\",\"p46_hashtags\":\"#ARUAEPRATODOS #ARTEDERUA\"},{\"p1_eixo\":\"Trabalho\",\"p9_tipoorganizacao\":\"Instituto\",\"p12_uf\":\"RJ\",\"p13_cidade\":\"NITER\\u00d3I\",\"p16_bairro\":\"Bairro\",\"p16_cidade\":\"Cidade\",\"p17_ano\":\"1993\",\"p18_comunicacao\":\"Comunica\\u00e7\\u00e3o\",\"p18_difusaoartistica\":\"Difus\\u00e3o Art\\u00edstica\",\"p18_desenvolvimentoterritorial\":\"Desenvolvimento territorial\",\"p18_direitoshumanos\":\"Direitos humanos\",\"p18_educacao\":\"Educa\\u00e7\\u00e3o\",\"p18_feminismos\":\"Feminismos\",\"p18_lgbtqi\":\"LGBTQI\",\"p18_lutaantirracismo\":\"Luta antirracismo\",\"p18_mobilidade\":\"Mobilidade\",\"p18_moradia\":\"Moradia\",\"p18_povosecomunidadestradicionais\":\"Povos e comunidades tradicionais\",\"p18_trabalho\":\"Trabalho\",\"p18_saude\":\"Sa\\u00fade\",\"p18_violencia\":\"Viol\\u00eancia\",\"p18_politicasculturais\":\"Pol\\u00edticas Culturais\",\"p19_desenvolvimentoterritorial\":\"Desenvolvimento territorial\",\"p19_educacao\":\"Educa\\u00e7\\u00e3o\",\"p19_trabalho\":\"Trabalho\",\"p19_difusaoartistica\":\"Difus\\u00e3o Art\\u00edstica\",\"p19_politicasculturais\":\"Pol\\u00edticas Culturais\",\"p20_reunioes\":\"Reuni\\u00f5es\",\"p20_oficinas\":\"Oficinas\",\"p20_oficinasaulasartisticas\":\"Ensaios\\\/Oficinas\\\/Aulas art\\u00edsticas\",\"p20_cursos\":\"Cursos\",\"p20_formacao\":\"Forma\\u00e7\\u00e3o\",\"p20_apresentacoesartisticas\":\"Apresenta\\u00e7\\u00f5es art\\u00edsticas\",\"p21_repressaopolicial\":\"Repress\\u00e3o policial\",\"p21_intoleranciareligiosa\":\"Fundamentalismo\\\/intoler\\u00e2ncia religiosa\",\"p21_lgbtqifobia\":\"LGBTIfobia\",\"p21_nenhum\":\"Nenhum\",\"p22_numerodeparticipantes\":\"1  - 15\",\"p23_reunioes\":\"Reuni\\u00f5es\",\"p23_oficinasaulasartisticas\":\"Ensaio\\\/Oficinas\\\/Aulas Art\\u00edsticas\",\"p23_formacao\":\"Forma\\u00e7\\u00e3o\",\"p23_apresentacoesartisticas\":\"Apresenta\\u00e7\\u00f5es Art\\u00edsticas\",\"p24_reunioes\":\"Reuni\\u00f5es\",\"p24_oficinas\":\"Oficinas\",\"p24_curso\":\"Curso\",\"p24_apresentacoesartisticas\":\"Apresenta\\u00e7\\u00f5es art\\u00edsticas\",\"p25_numerodepessoas\":\"40 - 60\",\"p26_numerodepessoas\":\"40 - 60\",\"p27_espacopublico\":\"Espa\\u00e7o p\\u00fablico\",\"p27_espacoproprio\":\"Espa\\u00e7o pr\\u00f3prio\",\"p27_ocupacao\":\"Ocupa\\u00e7\\u00e3o\",\"p28_territorios\":\"Regi\\u00e3o da Cidade\",\"p30_outrasorganizacoes\":\"N\\u00e3o\",\"p32_campanhadelongaduracao\":\"N\\u00e3o\",\"p34_municipal\":\"Municipal\",\"p36_conselhosdeparticipacaoecontrolesocial\":\"Sim\",\"p38_nenhum\":\"Nenhum\",\"p40_editais\":\"Sim\",\"p41_publicoestatal\":\"P\\u00fablico-Estatal\",\"p41_autofinanciamento\":\"Autofinanciamento\",\"p41_financiamentocoletivo0\":\"Financiamento coletivo\",\"p42_meiodedivulgacaoproprio\":\"Sim\",\"p43_email\":\"E-mail\",\"p43_facebook\":\"Facebook\",\"p43_instagram\":\"Instagram\",\"p43_youtube\":\"YouTube\",\"p44_radio\":\"R\\u00e1dio\",\"p44_jornaisimpressosdegrandecirculacao\":\"Jornais impressos de grande circula\\u00e7\\u00e3o\",\"p44_redessociais\":\"Redes sociais (Facebook, YouTube, Instagram etc.)\",\"p44_sitesblogs\":\"Sites ou Blogs\",\"p39_publico\":\"ATIVIDADE FORMA\\u00c7\\u00c3O ADULTA JOVENS CRIAN\\u00c7AS\",\"p45_bandeira\":\"BA\\u00cdA GUANABARA SUSTENT\\u00c1VEL PONTO VISTA ECON\\u00d4MICO SOCIAL AMBIENTAL\",\"p46_hashtags\":\"#MARDELIXONAO #INSTITUTOBAIADEGUANABARA #ABAIA\\u00c9NOSSA\"},{\"p1_eixo\":\"Cultura\",\"p9_tipoorganizacao\":\"Coletivo\",\"p12_uf\":\"SP\",\"p13_cidade\":\"S\\u00c3O PAULO\",\"p16_bairro\":\"Bairro\",\"p17_ano\":\"2010\",\"p18_comunicacao\":\"Comunica\\u00e7\\u00e3o\",\"p18_difusaoartistica\":\"Difus\\u00e3o Art\\u00edstica\",\"p18_desenvolvimentoterritorial\":\"Desenvolvimento territorial\",\"p18_direitoshumanos\":\"Direitos humanos\",\"p18_educacao\":\"Educa\\u00e7\\u00e3o\",\"p18_feminismos\":\"Feminismos\",\"p18_lgbtqi\":\"LGBTQI\",\"p18_lutaantirracismo\":\"Luta antirracismo\",\"p18_mobilidade\":\"Mobilidade\",\"p18_moradia\":\"Moradia\",\"p18_povosecomunidadestradicionais\":\"Povos e comunidades tradicionais\",\"p18_trabalho\":\"Trabalho\",\"p18_violencia\":\"Viol\\u00eancia\",\"p18_politicasculturais\":\"Pol\\u00edticas Culturais\",\"p19_desenvolvimentoterritorial\":\"Desenvolvimento territorial\",\"p19_educacao\":\"Educa\\u00e7\\u00e3o\",\"p19_lutaantirracismo\":\"Luta antirracismo\",\"p19_violencia\":\"Viol\\u00eancia\",\"p19_difusaoartistica\":\"Difus\\u00e3o Art\\u00edstica\",\"p19_politicasculturais\":\"Pol\\u00edticas Culturais\",\"p20_reunioes\":\"Reuni\\u00f5es\",\"p20_oficinas\":\"Oficinas\",\"p20_oficinasaulasartisticas\":\"Ensaios\\\/Oficinas\\\/Aulas art\\u00edsticas\",\"p20_apresentacoesartisticas\":\"Apresenta\\u00e7\\u00f5es art\\u00edsticas\",\"p21_repressaopolicial\":\"Repress\\u00e3o policial\",\"p21_intoleranciareligiosa\":\"Fundamentalismo\\\/intoler\\u00e2ncia religiosa\",\"p21_xenofobia\":\"Xenofobia\",\"p21_racismo\":\"Racismo\",\"p21_lgbtqifobia\":\"LGBTIfobia\",\"p22_numerodeparticipantes\":\"1  - 15\",\"p23_oficinasaulasartisticas\":\"Ensaio\\\/Oficinas\\\/Aulas Art\\u00edsticas\",\"p23_apresentacoesartisticas\":\"Apresenta\\u00e7\\u00f5es Art\\u00edsticas\",\"p23_outros\":\"Outros\",\"p24_reunioes\":\"Reuni\\u00f5es\",\"p24_oficinas\":\"Oficinas\",\"p24_apresentacoesartisticas\":\"Apresenta\\u00e7\\u00f5es art\\u00edsticas\",\"p25_numerodepessoas\":\"100 - 200\",\"p26_numerodepessoas\":\"1 - 20\",\"p27_espacopublico\":\"Espa\\u00e7o p\\u00fablico\",\"p27_espacoproprio\":\"Espa\\u00e7o pr\\u00f3prio\",\"p27_virtual\":\"Virtual\",\"p27_ocupacao\":\"Ocupa\\u00e7\\u00e3o\",\"p28_territorios\":\"Pr\\u00f3prio bairro\",\"p30_outrasorganizacoes\":\"Sim\",\"p32_campanhadelongaduracao\":\"Sim\",\"p34_municipal\":\"Municipal\",\"p34_nenhuma\":\"Nenhuma\",\"p36_conselhosdeparticipacaoecontrolesocial\":\"N\\u00e3o\",\"p38_nenhum\":\"Nenhum\",\"p40_editais\":\"Sim\",\"p41_autofinanciamento\":\"Autofinanciamento\",\"p41_financiamentocoletivo0\":\"Financiamento coletivo\",\"p42_meiodedivulgacaoproprio\":\"Sim\",\"p43_facebook\":\"Facebook\",\"p43_whatsapp\":\"WhatsApp\",\"p43_instagram\":\"Instagram\",\"p43_youtube\":\"YouTube\",\"p44_redessociais\":\"Redes sociais (Facebook, YouTube, Instagram etc.)\",\"p44_sitesblogs\":\"Sites ou Blogs\",\"p44_nenhum\":\"Nenhum\",\"p39_publico\":\"TODOS\",\"p45_bandeira\":\"LUTAR VALORIZA\\u00c7\\u00c3O CLASSE ART\\u00cdSTICA IGUALDADE SOCIAL\",\"p46_hashtags\":\"#ELENAO #ITAQUERANACENA #LUTACONTINUA #UNIAO\"},{\"p1_eixo\":\"Cultura\",\"p9_tipoorganizacao\":\"Coletivo\",\"p12_uf\":\"PE\",\"p13_cidade\":\"RECIFE\",\"p16_bairro\":\"Bairro\",\"p17_ano\":\"2016\",\"p18_agrario\":\"Agr\\u00e1rio\\\/ruralidades\",\"p18_comunicacao\":\"Comunica\\u00e7\\u00e3o\",\"p18_difusaoartistica\":\"Difus\\u00e3o Art\\u00edstica\",\"p18_desenvolvimentoterritorial\":\"Desenvolvimento territorial\",\"p18_direitoshumanos\":\"Direitos humanos\",\"p18_educacao\":\"Educa\\u00e7\\u00e3o\",\"p18_feminismos\":\"Feminismos\",\"p18_lgbtqi\":\"LGBTQI\",\"p18_lutaantirracismo\":\"Luta antirracismo\",\"p18_mobilidade\":\"Mobilidade\",\"p18_moradia\":\"Moradia\",\"p18_povosecomunidadestradicionais\":\"Povos e comunidades tradicionais\",\"p18_trabalho\":\"Trabalho\",\"p18_saude\":\"Sa\\u00fade\",\"p18_violencia\":\"Viol\\u00eancia\",\"p18_politicasculturais\":\"Pol\\u00edticas Culturais\",\"p19_agrario\":\"Agr\\u00e1rio\\\/ruralidades\",\"p19_desenvolvimentoterritorial\":\"Desenvolvimento territorial\",\"p19_educacao\":\"Educa\\u00e7\\u00e3o\",\"p19_lutaantirracismo\":\"Luta antirracismo\",\"p19_violencia\":\"Viol\\u00eancia\",\"p19_politicasculturais\":\"Pol\\u00edticas Culturais\",\"p20_reunioes\":\"Reuni\\u00f5es\",\"p20_oficinas\":\"Oficinas\",\"p20_oficinasaulasartisticas\":\"Ensaios\\\/Oficinas\\\/Aulas art\\u00edsticas\",\"p20_apresentacoesartisticas\":\"Apresenta\\u00e7\\u00f5es art\\u00edsticas\",\"p21_intoleranciareligiosa\":\"Fundamentalismo\\\/intoler\\u00e2ncia religiosa\",\"p21_xenofobia\":\"Xenofobia\",\"p21_machismo\":\"Machismo\",\"p21_racismo\":\"Racismo\",\"p21_lgbtqifobia\":\"LGBTIfobia\",\"p22_numerodeparticipantes\":\"1  - 15\",\"p23_apresentacoesartisticas\":\"Apresenta\\u00e7\\u00f5es Art\\u00edsticas\",\"p23_outros\":\"Outros\",\"p24_reunioes\":\"Reuni\\u00f5es\",\"p24_oficinasaulasartisticas\":\"Ensaios\\\/Oficinas\\\/Aulas art\\u00edsticas\",\"p24_apresentacoesartisticas\":\"Apresenta\\u00e7\\u00f5es art\\u00edsticas\",\"p25_numerodepessoas\":\"1 - 20\",\"p26_numerodepessoas\":\"1 - 20\",\"p27_espacopublico\":\"Espa\\u00e7o p\\u00fablico\",\"p27_espacoemprestadocedido\":\"Espa\\u00e7o emprestado\\\/cedido\",\"p27_virtual\":\"Virtual\",\"p27_ocupacao\":\"Ocupa\\u00e7\\u00e3o\",\"p28_territorios\":\"Atua\\u00e7\\u00e3o Nacional\",\"p30_outrasorganizacoes\":\"N\\u00e3o\",\"p32_campanhadelongaduracao\":\"N\\u00e3o\",\"p34_municipal\":\"Municipal\",\"p34_nenhuma\":\"Nenhuma\",\"p36_conselhosdeparticipacaoecontrolesocial\":\"N\\u00e3o\",\"p38_sim\":\"Sim\",\"p38_nenhum\":\"Nenhum\",\"p40_editais\":\"N\\u00e3o\",\"p41_autofinanciamento\":\"Autofinanciamento\",\"p41_financiamentocoletivo0\":\"Financiamento coletivo\",\"p42_meiodedivulgacaoproprio\":\"Sim\",\"p43_impressoes\":\"Impressos\",\"p43_email\":\"E-mail\",\"p43_facebook\":\"Facebook\",\"p43_whatsapp\":\"WhatsApp\",\"p43_instagram\":\"Instagram\",\"p43_youtube\":\"YouTube\",\"p44_jornaisimpressosdegrandecirculacao\":\"Jornais impressos de grande circula\\u00e7\\u00e3o\",\"p44_jornaisimpressosdebairro\":\"Jornais impressos de bairro\",\"p44_sitesblogs\":\"Sites ou Blogs\",\"p44_nenhum\":\"Nenhum\",\"p39_publico\":\"JUVENTUDE NEGRA JUVENTUDE NEGRA PERIF\\u00c9RICA\",\"p45_bandeira\":\"DIFUNDIR INTERNET CULTURA AFRO EMPODERAR JOVEM NEGRO CONHECIMENTO\",\"p46_hashtags\":\"#NAOAORACISMO #ELENAO #JUVENTUDENEGRAATIVA\"},{\"p1_eixo\":\"Cultura\",\"p9_tipoorganizacao\":\"Coletivo Art\\u00edstico\",\"p12_uf\":\"SP\",\"p13_cidade\":\"S\\u00c3O PAULO\",\"p16_bairro\":\"Bairro\",\"p17_ano\":\"2015\",\"p18_agrario\":\"Agr\\u00e1rio\\\/ruralidades\",\"p18_comunicacao\":\"Comunica\\u00e7\\u00e3o\",\"p18_difusaoartistica\":\"Difus\\u00e3o Art\\u00edstica\",\"p18_desenvolvimentoterritorial\":\"Desenvolvimento territorial\",\"p18_direitoshumanos\":\"Direitos humanos\",\"p18_educacao\":\"Educa\\u00e7\\u00e3o\",\"p18_feminismos\":\"Feminismos\",\"p18_lgbtqi\":\"LGBTQI\",\"p18_lutaantirracismo\":\"Luta antirracismo\",\"p18_mobilidade\":\"Mobilidade\",\"p18_moradia\":\"Moradia\",\"p18_povosecomunidadestradicionais\":\"Povos e comunidades tradicionais\",\"p18_trabalho\":\"Trabalho\",\"p18_saude\":\"Sa\\u00fade\",\"p18_violencia\":\"Viol\\u00eancia\",\"p18_politicasculturais\":\"Pol\\u00edticas Culturais\",\"p19_agrario\":\"Agr\\u00e1rio\\\/ruralidades\",\"p19_comunicacao\":\"Comunica\\u00e7\\u00e3o\",\"p19_desenvolvimentoterritorial\":\"Desenvolvimento territorial\",\"p19_lgbtqi\":\"LGBTQI\",\"p19_lutaantirracismo\":\"Luta antirracismo\",\"p19_politicasculturais\":\"Pol\\u00edticas Culturais\",\"p20_oficinas\":\"Oficinas\",\"p20_oficinasaulasartisticas\":\"Ensaios\\\/Oficinas\\\/Aulas art\\u00edsticas\",\"p20_apresentacoesartisticas\":\"Apresenta\\u00e7\\u00f5es art\\u00edsticas\",\"p21_intoleranciareligiosa\":\"Fundamentalismo\\\/intoler\\u00e2ncia religiosa\",\"p21_machismo\":\"Machismo\",\"p21_racismo\":\"Racismo\",\"p21_lgbtqifobia\":\"LGBTIfobia\",\"p22_numerodeparticipantes\":\"1  - 15\",\"p23_apresentacoesartisticas\":\"Apresenta\\u00e7\\u00f5es Art\\u00edsticas\",\"p23_outros\":\"Outros\",\"p24_oficinas\":\"Oficinas\",\"p24_oficinasaulasartisticas\":\"Ensaios\\\/Oficinas\\\/Aulas art\\u00edsticas\",\"p24_apresentacoesartisticas\":\"Apresenta\\u00e7\\u00f5es art\\u00edsticas\",\"p25_numerodepessoas\":\"60 - 80\",\"p26_numerodepessoas\":\"20 - 40\",\"p27_espacopublico\":\"Espa\\u00e7o p\\u00fablico\",\"p27_espacoemprestadocedido\":\"Espa\\u00e7o emprestado\\\/cedido\",\"p27_ocupacao\":\"Ocupa\\u00e7\\u00e3o\",\"p28_territorios\":\"Pr\\u00f3prio bairro\",\"p30_outrasorganizacoes\":\"Sim\",\"p32_campanhadelongaduracao\":\"N\\u00e3o\",\"p34_municipal\":\"Municipal\",\"p36_conselhosdeparticipacaoecontrolesocial\":\"Sim\",\"p38_sim\":\"Sim\",\"p38_nenhum\":\"Nenhum\",\"p40_editais\":\"N\\u00e3o\",\"p41_privadopf\":\"Privado (P. F\\u00edsica)\",\"p41_privadopj\":\"Privado (P. Jur\\u00eddica)\",\"p41_autofinanciamento\":\"Autofinanciamento\",\"p42_meiodedivulgacaoproprio\":\"Sim\",\"p43_impressoes\":\"Impressos\",\"p43_email\":\"E-mail\",\"p43_facebook\":\"Facebook\",\"p44_radio\":\"TV\",\"p44_jornaisimpressosdegrandecirculacao\":\"Jornais impressos de grande circula\\u00e7\\u00e3o\",\"p44_jornaisimpressosdebairro\":\"Jornais impressos de bairro\",\"p44_sitesblogs\":\"Sites ou Blogs\",\"p39_publico\":\"COMUNIDADE PERIFERIAS\",\"p45_bandeira\":\"EMPODERAMENTO PERIFERIA DESCENTRALIZA\\u00c7\\u00c3O CULTURA POESIA MARGINAL\",\"p46_hashtags\":\"#CULTURAZL #SAOMATHEUSPRAVIDA #ARTENAQUEBRADA\"},{\"p1_eixo\":\"Cultura\",\"p9_tipoorganizacao\":\"Coletivo\",\"p12_uf\":\"MG\",\"p13_cidade\":\"BELO HORIZONTE\",\"p16_bairro\":\"Bairro\",\"p16_nacional\":\"Nacional\",\"p17_ano\":\"2014\",\"p18_agrario\":\"Agr\\u00e1rio\\\/ruralidades\",\"p18_comunicacao\":\"Comunica\\u00e7\\u00e3o\",\"p18_difusaoartistica\":\"Difus\\u00e3o Art\\u00edstica\",\"p18_desenvolvimentoterritorial\":\"Desenvolvimento territorial\",\"p18_direitoshumanos\":\"Direitos humanos\",\"p18_educacao\":\"Educa\\u00e7\\u00e3o\",\"p18_feminismos\":\"Feminismos\",\"p18_lgbtqi\":\"LGBTQI\",\"p18_lutaantirracismo\":\"Luta antirracismo\",\"p18_mobilidade\":\"Mobilidade\",\"p18_moradia\":\"Moradia\",\"p18_povosecomunidadestradicionais\":\"Povos e comunidades tradicionais\",\"p18_trabalho\":\"Trabalho\",\"p18_saude\":\"Sa\\u00fade\",\"p18_violencia\":\"Viol\\u00eancia\",\"p18_politicasculturais\":\"Pol\\u00edticas Culturais\",\"p19_comunicacao\":\"Comunica\\u00e7\\u00e3o\",\"p19_desenvolvimentoterritorial\":\"Desenvolvimento territorial\",\"p19_lgbtqi\":\"LGBTQI\",\"p19_lutaantirracismo\":\"Luta antirracismo\",\"p19_moradia\":\"Moradia\",\"p19_povosecomunidadestradicionais\":\"Povos e comunidades tradicionais\",\"p20_reunioes\":\"Reuni\\u00f5es\",\"p20_atendimento\":\"Atendimento\",\"p20_oficinas\":\"Oficinas\",\"p20_oficinasaulasartisticas\":\"Ensaios\\\/Oficinas\\\/Aulas art\\u00edsticas\",\"p20_cursos\":\"Cursos\",\"p20_formacao\":\"Forma\\u00e7\\u00e3o\",\"p20_apresentacoesartisticas\":\"Apresenta\\u00e7\\u00f5es art\\u00edsticas\",\"p20_visitasexcursoes\":\"Visitas\\\/Excurs\\u00f5es\",\"p21_repressaopolicial\":\"Repress\\u00e3o policial\",\"p21_intoleranciareligiosa\":\"Fundamentalismo\\\/intoler\\u00e2ncia religiosa\",\"p21_xenofobia\":\"Xenofobia\",\"p21_machismo\":\"Machismo\",\"p21_racismo\":\"Racismo\",\"p21_lgbtqifobia\":\"LGBTIfobia\",\"p21_enfrentamentocomgruposprivadosarmados\":\"Enfrentamento com grupos privados armados\",\"p22_numerodeparticipantes\":\"1  - 15\",\"p23_reunioes\":\"Reuni\\u00f5es\",\"p23_atendimento\":\"Atendimento\",\"p23_oficinas\":\"Oficinas\",\"p23_formacao\":\"Forma\\u00e7\\u00e3o\",\"p23_apresentacoesartisticas\":\"Apresenta\\u00e7\\u00f5es Art\\u00edsticas\",\"p23_visitas\":\"Visitas\",\"p23_outros\":\"Outros\",\"p24_reunioes\":\"Reuni\\u00f5es\",\"p24_atendimento\":\"Atendimentos\",\"p24_oficinas\":\"Oficinas\",\"p24_oficinasaulasartisticas\":\"Ensaios\\\/Oficinas\\\/Aulas art\\u00edsticas\",\"p24_curso\":\"Curso\",\"p24_apresentacoesartisticas\":\"Apresenta\\u00e7\\u00f5es art\\u00edsticas\",\"p24_outros\":\"Outros\",\"p25_numerodepessoas\":\"20 - 40\",\"p26_numerodepessoas\":\"40 - 60\",\"p27_espacoemprestadocedido\":\"Espa\\u00e7o emprestado\\\/cedido\",\"p27_espacoproprio\":\"Espa\\u00e7o pr\\u00f3prio\",\"p28_territorios\":\"Regi\\u00e3o da Cidade\",\"p30_outrasorganizacoes\":\"Sim\",\"p32_campanhadelongaduracao\":\"Sim\",\"p34_municipal\":\"Municipal\",\"p34_estadual\":\"Estadual\",\"p34_nacional\":\"Nacional\",\"p36_conselhosdeparticipacaoecontrolesocial\":\"N\\u00e3o\",\"p38_sim\":\"Sim\",\"p38_nenhum\":\"Nenhum\",\"p40_editais\":\"Sim\",\"p41_publicoestatal\":\"P\\u00fablico-Estatal\",\"p41_privadopf\":\"Privado (P. F\\u00edsica)\",\"p41_privadopj\":\"Privado (P. Jur\\u00eddica)\",\"p42_meiodedivulgacaoproprio\":\"Sim\",\"p43_email\":\"E-mail\",\"p43_facebook\":\"Facebook\",\"p43_instagram\":\"Instagram\",\"p43_twitter\":\"Twitter\",\"p43_sitesblogs\":\"Blogs\\\/sites\",\"p44_radio\":\"TV\",\"p44_jornaisimpressosdegrandecirculacao\":\"Jornais impressos de grande circula\\u00e7\\u00e3o\",\"p44_jornaisimpressosdebairro\":\"Jornais impressos de bairro\",\"p44_redessociais\":\"Redes sociais (Facebook, YouTube, Instagram etc.)\",\"p44_sitesblogs\":\"Sites ou Blogs\",\"p39_publico\":\"JUVENTUDE PERIF\\u00c9RICA\",\"p45_bandeira\":\"AMOR JUVENTUDE CULTURA FEMINISMO\",\"p46_hashtags\":\"#POESIACONTRAORACISMO #POESIACONTRAOMACHISMO #ALUTAVOZ\"},{\"p1_eixo\":\"Viol\\u00eancia\",\"p9_tipoorganizacao\":\"Associa\\u00e7\\u00e3o\",\"p12_uf\":\"RO\",\"p13_cidade\":\"PORTO VELHO\",\"p16_cidade\":\"Cidade\",\"p16_nacional\":\"Nacional\",\"p17_ano\":\"1992\",\"p18_agrario\":\"Agr\\u00e1rio\\\/ruralidades\",\"p18_comunicacao\":\"Comunica\\u00e7\\u00e3o\",\"p18_difusaoartistica\":\"Difus\\u00e3o Art\\u00edstica\",\"p18_desenvolvimentoterritorial\":\"Desenvolvimento territorial\",\"p18_direitoshumanos\":\"Direitos humanos\",\"p18_educacao\":\"Educa\\u00e7\\u00e3o\",\"p18_feminismos\":\"Feminismos\",\"p18_lgbtqi\":\"LGBTQI\",\"p18_lutaantirracismo\":\"Luta antirracismo\",\"p18_mobilidade\":\"Mobilidade\",\"p18_moradia\":\"Moradia\",\"p18_povosecomunidadestradicionais\":\"Povos e comunidades tradicionais\",\"p18_trabalho\":\"Trabalho\",\"p18_saude\":\"Sa\\u00fade\",\"p18_violencia\":\"Viol\\u00eancia\",\"p18_politicasculturais\":\"Pol\\u00edticas Culturais\",\"p19_desenvolvimentoterritorial\":\"Desenvolvimento territorial\",\"p19_educacao\":\"Educa\\u00e7\\u00e3o\",\"p19_moradia\":\"Moradia\",\"p19_povosecomunidadestradicionais\":\"Povos e comunidades tradicionais\",\"p19_violencia\":\"Viol\\u00eancia\",\"p20_reunioes\":\"Reuni\\u00f5es\",\"p20_atendimento\":\"Atendimento\",\"p20_oficinas\":\"Oficinas\",\"p20_oficinasaulasartisticas\":\"Ensaios\\\/Oficinas\\\/Aulas art\\u00edsticas\",\"p20_cursos\":\"Cursos\",\"p20_formacao\":\"Forma\\u00e7\\u00e3o\",\"p20_profissionalizacao\":\"Profissionaliza\\u00e7\\u00e3o\",\"p20_apresentacoesartisticas\":\"Apresenta\\u00e7\\u00f5es art\\u00edsticas\",\"p20_visitasexcursoes\":\"Visitas\\\/Excurs\\u00f5es\",\"p21_repressaopolicial\":\"Repress\\u00e3o policial\",\"p21_intoleranciareligiosa\":\"Fundamentalismo\\\/intoler\\u00e2ncia religiosa\",\"p21_xenofobia\":\"Xenofobia\",\"p21_machismo\":\"Machismo\",\"p21_racismo\":\"Racismo\",\"p21_lgbtqifobia\":\"LGBTIfobia\",\"p21_enfrentamentocomgruposprivadosarmados\":\"Enfrentamento com grupos privados armados\",\"p21_nenhum\":\"Nenhum\",\"p22_numerodeparticipantes\":\"60 - 75\",\"p23_reunioes\":\"Reuni\\u00f5es\",\"p23_atendimento\":\"Atendimento\",\"p23_oficinas\":\"Oficinas\",\"p23_formacao\":\"Forma\\u00e7\\u00e3o\",\"p23_profissionalizacao\":\"Profissionaliza\\u00e7\\u00e3o\",\"p23_visitas\":\"Visitas\",\"p23_outros\":\"Outros\",\"p24_reunioes\":\"Reuni\\u00f5es\",\"p24_atendimento\":\"Atendimentos\",\"p24_oficinas\":\"Oficinas\",\"p24_oficinasaulasartisticas\":\"Ensaios\\\/Oficinas\\\/Aulas art\\u00edsticas\",\"p24_curso\":\"Curso\",\"p24_apresentacoesartisticas\":\"Apresenta\\u00e7\\u00f5es art\\u00edsticas\",\"p24_outros\":\"Outros\",\"p25_numerodepessoas\":\"20 - 40\",\"p26_numerodepessoas\":\"80 - 100\",\"p27_espacopublico\":\"Espa\\u00e7o p\\u00fablico\",\"p27_espacoemprestadocedido\":\"Espa\\u00e7o emprestado\\\/cedido\",\"p27_espacoproprio\":\"Espa\\u00e7o pr\\u00f3prio\",\"p28_territorios\":\"Estado\",\"p30_outrasorganizacoes\":\"Sim\",\"p32_campanhadelongaduracao\":\"Sim\",\"p34_municipal\":\"Municipal\",\"p34_estadual\":\"Estadual\",\"p34_nacional\":\"Nacional\",\"p36_conselhosdeparticipacaoecontrolesocial\":\"Sim\",\"p38_sim\":\"Sim\",\"p38_nenhum\":\"Nenhum\",\"p40_editais\":\"Sim\",\"p41_publicoestatal\":\"P\\u00fablico-Estatal\",\"p41_privadopf\":\"Privado (P. F\\u00edsica)\",\"p41_privadopj\":\"Privado (P. Jur\\u00eddica)\",\"p41_autofinanciamento\":\"Autofinanciamento\",\"p41_financiamentocoletivo0\":\"Financiamento coletivo\",\"p42_meiodedivulgacaoproprio\":\"Sim\",\"p43_email\":\"E-mail\",\"p43_facebook\":\"Facebook\",\"p43_instagram\":\"Instagram\",\"p43_twitter\":\"Twitter\",\"p43_sitesblogs\":\"Blogs\\\/sites\",\"p43_youtube\":\"YouTube\",\"p44_radio\":\"TV\",\"p44_jornaisimpressosdegrandecirculacao\":\"Jornais impressos de grande circula\\u00e7\\u00e3o\",\"p44_jornaisimpressosdebairro\":\"Jornais impressos de bairro\",\"p44_redessociais\":\"Redes sociais (Facebook, YouTube, Instagram etc.)\",\"p44_sitesblogs\":\"Sites ou Blogs\",\"p39_publico\":\"IND\\u00cdGENAS\",\"p45_bandeira\":\"DESENVOLVIMENTO TERRA IND\\u00cdGENAS\",\"p46_hashtags\":\"#DEMARCACAOTERRITORIAL #LUTADOSPOVOSINDIGENAS #DIREITOSINDIGENAS\"},{\"p1_eixo\":\"Viol\\u00eancia\",\"p9_tipoorganizacao\":\"ONG\",\"p12_uf\":\"SP\",\"p13_cidade\":\"S\\u00c3O PAULO\",\"p16_cidade\":\"Cidade\",\"p17_ano\":\"Anterior a 1980\",\"p18_agrario\":\"Agr\\u00e1rio\\\/ruralidades\",\"p18_comunicacao\":\"Comunica\\u00e7\\u00e3o\",\"p18_difusaoartistica\":\"Difus\\u00e3o Art\\u00edstica\",\"p18_desenvolvimentoterritorial\":\"Desenvolvimento territorial\",\"p18_direitoshumanos\":\"Direitos humanos\",\"p18_educacao\":\"Educa\\u00e7\\u00e3o\",\"p18_feminismos\":\"Feminismos\",\"p18_lgbtqi\":\"LGBTQI\",\"p18_lutaantirracismo\":\"Luta antirracismo\",\"p18_mobilidade\":\"Mobilidade\",\"p18_moradia\":\"Moradia\",\"p18_povosecomunidadestradicionais\":\"Povos e comunidades tradicionais\",\"p18_trabalho\":\"Trabalho\",\"p18_religiao\":\"Religi\\u00e3o\",\"p18_saude\":\"Sa\\u00fade\",\"p18_violencia\":\"Viol\\u00eancia\",\"p18_politicasculturais\":\"Pol\\u00edticas Culturais\",\"p19_desenvolvimentoterritorial\":\"Desenvolvimento territorial\",\"p19_direitoshumanos\":\"Direitos humanos\",\"p19_educacao\":\"Educa\\u00e7\\u00e3o\",\"p19_violencia\":\"Viol\\u00eancia\",\"p19_difusaoartistica\":\"Difus\\u00e3o Art\\u00edstica\",\"p19_politicasculturais\":\"Pol\\u00edticas Culturais\",\"p20_reunioes\":\"Reuni\\u00f5es\",\"p20_atendimento\":\"Atendimento\",\"p20_oficinas\":\"Oficinas\",\"p20_oficinasaulasartisticas\":\"Ensaios\\\/Oficinas\\\/Aulas art\\u00edsticas\",\"p20_cursos\":\"Cursos\",\"p20_formacao\":\"Forma\\u00e7\\u00e3o\",\"p20_profissionalizacao\":\"Profissionaliza\\u00e7\\u00e3o\",\"p20_apresentacoesartisticas\":\"Apresenta\\u00e7\\u00f5es art\\u00edsticas\",\"p20_visitasexcursoes\":\"Visitas\\\/Excurs\\u00f5es\",\"p21_repressaopolicial\":\"Repress\\u00e3o policial\",\"p21_intoleranciareligiosa\":\"Fundamentalismo\\\/intoler\\u00e2ncia religiosa\",\"p21_machismo\":\"Machismo\",\"p21_racismo\":\"Racismo\",\"p21_lgbtqifobia\":\"LGBTIfobia\",\"p21_nenhum\":\"Nenhum\",\"p22_numerodeparticipantes\":\"Mais de 90\",\"p23_reunioes\":\"Reuni\\u00f5es\",\"p23_atendimento\":\"Atendimento\",\"p23_oficinas\":\"Oficinas\",\"p23_profissionalizacao\":\"Profissionaliza\\u00e7\\u00e3o\",\"p23_visitas\":\"Visitas\",\"p23_outros\":\"Outros\",\"p24_apresentacoesartisticas\":\"Apresenta\\u00e7\\u00f5es art\\u00edsticas\",\"p24_visitasexcursoes\":\"Visitas\\\/Excurs\\u00f5es\",\"p24_outros\":\"Outros\",\"p25_numerodepessoas\":\"Mais de 500\",\"p26_numerodepessoas\":\"Mais de 500\",\"p27_espacopublico\":\"Espa\\u00e7o p\\u00fablico\",\"p27_espacoemprestadocedido\":\"Espa\\u00e7o emprestado\\\/cedido\",\"p27_espacoproprio\":\"Espa\\u00e7o pr\\u00f3prio\",\"p28_territorios\":\"Pr\\u00f3prio bairro\",\"p30_outrasorganizacoes\":\"Sim\",\"p32_campanhadelongaduracao\":\"Sim\",\"p34_municipal\":\"Municipal\",\"p34_estadual\":\"Estadual\",\"p34_nacional\":\"Nacional\",\"p36_conselhosdeparticipacaoecontrolesocial\":\"Sim\",\"p38_nenhum\":\"Nenhum\",\"p40_editais\":\"Sim\",\"p41_publicoestatal\":\"P\\u00fablico-Estatal\",\"p41_privadopf\":\"Privado (P. F\\u00edsica)\",\"p41_privadopj\":\"Privado (P. Jur\\u00eddica)\",\"p41_autofinanciamento\":\"Autofinanciamento\",\"p41_financiamentocoletivo0\":\"Financiamento coletivo\",\"p42_meiodedivulgacaoproprio\":\"Sim\",\"p43_impressoes\":\"Impressos\",\"p43_email\":\"E-mail\",\"p43_facebook\":\"Facebook\",\"p43_instagram\":\"Instagram\",\"p43_sitesblogs\":\"Blogs\\\/sites\",\"p43_youtube\":\"YouTube\",\"p44_radio\":\"TV\",\"p44_jornaisimpressosdegrandecirculacao\":\"Jornais impressos de grande circula\\u00e7\\u00e3o\",\"p44_jornaisimpressosdebairro\":\"Jornais impressos de bairro\",\"p44_redessociais\":\"Redes sociais (Facebook, YouTube, Instagram etc.)\",\"p44_sitesblogs\":\"Sites ou Blogs\",\"p39_publico\":\"FAM\\u00cdLIAS VULNERABILIDADE SOCIAL REGI\\u00c3O CAMPO-LIMPO CAP\\u00c3O REDONDO VILA-ANDRADE\",\"p45_bandeira\":\"COMBATE POBREZA EDUCA\\u00c7\\u00c3O DESENVOLVIMENTO EMPODERAMENTO COMUNIDADES\",\"p46_hashtags\":\"#EMPODERAMENTO #DESENVOLVIMENTOSOCIAL #EDUCACAO\"},{\"p1_eixo\":\"Cultura\",\"p9_tipoorganizacao\":\"Coletivo Art\\u00edstico\",\"p12_uf\":\"SP\",\"p13_cidade\":\"SUZANO\",\"p16_cidade\":\"Cidade\",\"p17_ano\":\"1995\",\"p18_agrario\":\"Agr\\u00e1rio\\\/ruralidades\",\"p18_comunicacao\":\"Comunica\\u00e7\\u00e3o\",\"p18_difusaoartistica\":\"Difus\\u00e3o Art\\u00edstica\",\"p18_desenvolvimentoterritorial\":\"Desenvolvimento territorial\",\"p18_direitoshumanos\":\"Direitos humanos\",\"p18_educacao\":\"Educa\\u00e7\\u00e3o\",\"p18_feminismos\":\"Feminismos\",\"p18_lgbtqi\":\"LGBTQI\",\"p18_lutaantirracismo\":\"Luta antirracismo\",\"p18_mobilidade\":\"Mobilidade\",\"p18_moradia\":\"Moradia\",\"p18_povosecomunidadestradicionais\":\"Povos e comunidades tradicionais\",\"p18_trabalho\":\"Trabalho\",\"p18_religiao\":\"Religi\\u00e3o\",\"p18_saude\":\"Sa\\u00fade\",\"p18_violencia\":\"Viol\\u00eancia\",\"p18_politicasculturais\":\"Pol\\u00edticas Culturais\",\"p19_direitoshumanos\":\"Direitos humanos\",\"p19_educacao\":\"Educa\\u00e7\\u00e3o\",\"p19_lutaantirracismo\":\"Luta antirracismo\",\"p19_difusaoartistica\":\"Difus\\u00e3o Art\\u00edstica\",\"p19_politicasculturais\":\"Pol\\u00edticas Culturais\",\"p20_reunioes\":\"Reuni\\u00f5es\",\"p20_atendimento\":\"Atendimento\",\"p20_oficinas\":\"Oficinas\",\"p20_oficinasaulasartisticas\":\"Ensaios\\\/Oficinas\\\/Aulas art\\u00edsticas\",\"p20_cursos\":\"Cursos\",\"p20_apresentacoesartisticas\":\"Apresenta\\u00e7\\u00f5es art\\u00edsticas\",\"p21_repressaopolicial\":\"Repress\\u00e3o policial\",\"p21_intoleranciareligiosa\":\"Fundamentalismo\\\/intoler\\u00e2ncia religiosa\",\"p21_xenofobia\":\"Xenofobia\",\"p21_machismo\":\"Machismo\",\"p21_racismo\":\"Racismo\",\"p21_lgbtqifobia\":\"LGBTIfobia\",\"p21_enfrentamentocomgruposprivadosarmados\":\"Enfrentamento com grupos privados armados\",\"p22_numerodeparticipantes\":\"1  - 15\",\"p23_reunioes\":\"Reuni\\u00f5es\",\"p23_atendimento\":\"Atendimento\",\"p23_oficinas\":\"Oficinas\",\"p23_oficinasaulasartisticas\":\"Ensaio\\\/Oficinas\\\/Aulas Art\\u00edsticas\",\"p23_outros\":\"Outros\",\"p24_oficinasaulasartisticas\":\"Ensaios\\\/Oficinas\\\/Aulas art\\u00edsticas\",\"p24_apresentacoesartisticas\":\"Apresenta\\u00e7\\u00f5es art\\u00edsticas\",\"p24_visitasexcursoes\":\"Visitas\\\/Excurs\\u00f5es\",\"p25_numerodepessoas\":\"200 - 300\",\"p26_numerodepessoas\":\"20 - 40\",\"p27_espacopublico\":\"Espa\\u00e7o p\\u00fablico\",\"p27_espacoemprestadocedido\":\"Espa\\u00e7o emprestado\\\/cedido\",\"p27_espacoproprio\":\"Espa\\u00e7o pr\\u00f3prio\",\"p27_ocupacao\":\"Ocupa\\u00e7\\u00e3o\",\"p28_territorios\":\"Pr\\u00f3prio bairro\",\"p30_outrasorganizacoes\":\"Sim\",\"p32_campanhadelongaduracao\":\"N\\u00e3o\",\"p34_estadual\":\"Estadual\",\"p36_conselhosdeparticipacaoecontrolesocial\":\"N\\u00e3o\",\"p38_nenhum\":\"Nenhum\",\"p40_editais\":\"Sim\",\"p41_publicoestatal\":\"P\\u00fablico-Estatal\",\"p41_autofinanciamento\":\"Autofinanciamento\",\"p41_financiamentocoletivo0\":\"Financiamento coletivo\",\"p42_meiodedivulgacaoproprio\":\"Sim\",\"p43_impressoes\":\"Impressos\",\"p43_email\":\"E-mail\",\"p43_facebook\":\"Facebook\",\"p43_instagram\":\"Instagram\",\"p43_sitesblogs\":\"Blogs\\\/sites\",\"p43_nenhum\":\"Nenhum\",\"p44_radio\":\"TV\",\"p44_jornaisimpressosdegrandecirculacao\":\"Jornais impressos de grande circula\\u00e7\\u00e3o\",\"p44_jornaisimpressosdebairro\":\"Jornais impressos de bairro\",\"p44_redessociais\":\"Redes sociais (Facebook, YouTube, Instagram etc.)\",\"p44_sitesblogs\":\"Sites ou Blogs\",\"p39_publico\":\"TODOS\",\"p45_bandeira\":\"LUTA DIREITOS HUMANOS LUTA ANTIRRACISMO CONTRA-LGBTFOBIA\",\"p46_hashtags\":\"#HUMANIDADE #EXISTENCIA #ENCONTRO\"},{\"p1_eixo\":\"Cultura\",\"p9_tipoorganizacao\":\"ONG\",\"p12_uf\":\"BA\",\"p13_cidade\":\"SALVADOR\",\"p16_cidade\":\"Cidade\",\"p17_ano\":\"2008\",\"p18_difusaoartistica\":\"Difus\\u00e3o Art\\u00edstica\",\"p18_direitoshumanos\":\"Direitos humanos\",\"p18_educacao\":\"Educa\\u00e7\\u00e3o\",\"p18_trabalho\":\"Trabalho\",\"p18_saude\":\"Sa\\u00fade\",\"p18_violencia\":\"Viol\\u00eancia\",\"p18_politicasculturais\":\"Pol\\u00edticas Culturais\",\"p19_direitoshumanos\":\"Direitos humanos\",\"p19_educacao\":\"Educa\\u00e7\\u00e3o\",\"p19_lutaantirracismo\":\"Luta antirracismo\",\"p19_saude\":\"Sa\\u00fade\",\"p19_difusaoartistica\":\"Difus\\u00e3o Art\\u00edstica\",\"p20_reunioes\":\"Reuni\\u00f5es\",\"p20_atendimento\":\"Atendimento\",\"p20_oficinas\":\"Oficinas\",\"p20_oficinasaulasartisticas\":\"Ensaios\\\/Oficinas\\\/Aulas art\\u00edsticas\",\"p20_apresentacoesartisticas\":\"Apresenta\\u00e7\\u00f5es art\\u00edsticas\",\"p21_repressaopolicial\":\"Repress\\u00e3o policial\",\"p21_xenofobia\":\"Xenofobia\",\"p21_machismo\":\"Machismo\",\"p21_racismo\":\"Racismo\",\"p21_lgbtqifobia\":\"LGBTIfobia\",\"p21_enfrentamentocomgruposprivadosarmados\":\"Enfrentamento com grupos privados armados\",\"p22_numerodeparticipantes\":\"1  - 15\",\"p23_reunioes\":\"Reuni\\u00f5es\",\"p23_atendimento\":\"Atendimento\",\"p23_oficinas\":\"Oficinas\",\"p23_oficinasaulasartisticas\":\"Ensaio\\\/Oficinas\\\/Aulas Art\\u00edsticas\",\"p23_apresentacoesartisticas\":\"Apresenta\\u00e7\\u00f5es Art\\u00edsticas\",\"p23_outros\":\"Outros\",\"p24_reunioes\":\"Reuni\\u00f5es\",\"p24_atendimento\":\"Atendimentos\",\"p24_oficinasaulasartisticas\":\"Ensaios\\\/Oficinas\\\/Aulas art\\u00edsticas\",\"p24_apresentacoesartisticas\":\"Apresenta\\u00e7\\u00f5es art\\u00edsticas\",\"p25_numerodepessoas\":\"80 - 100\",\"p26_numerodepessoas\":\"80 - 100\",\"p27_espacopublico\":\"Espa\\u00e7o p\\u00fablico\",\"p27_espacoproprio\":\"Espa\\u00e7o pr\\u00f3prio\",\"p27_ocupacao\":\"Ocupa\\u00e7\\u00e3o\",\"p28_territorios\":\"Cidade\",\"p30_outrasorganizacoes\":\"Sim\",\"p32_campanhadelongaduracao\":\"Sim\",\"p34_estadual\":\"Estadual\",\"p34_nenhuma\":\"Nenhuma\",\"p36_conselhosdeparticipacaoecontrolesocial\":\"Sim\",\"p38_nenhum\":\"Nenhum\",\"p40_editais\":\"Sim\",\"p41_publicoestatal\":\"P\\u00fablico-Estatal\",\"p41_privadopf\":\"Privado (P. F\\u00edsica)\",\"p41_privadopj\":\"Privado (P. Jur\\u00eddica)\",\"p41_financiamentocoletivo0\":\"Financiamento coletivo\",\"p42_meiodedivulgacaoproprio\":\"Sim\",\"p43_email\":\"E-mail\",\"p43_facebook\":\"Facebook\",\"p43_instagram\":\"Instagram\",\"p43_sitesblogs\":\"Blogs\\\/sites\",\"p43_nenhum\":\"Nenhum\",\"p44_radio\":\"TV\",\"p44_jornaisimpressosdebairro\":\"Jornais impressos de bairro\",\"p44_redessociais\":\"Redes sociais (Facebook, YouTube, Instagram etc.)\",\"p44_nenhum\":\"Nenhum\",\"p39_publico\":\"JOVENS ADOLESCENTES\",\"p45_bandeira\":\"JOVEM CULTURA TEATRO JOVEM PROCESSO DI\\u00c1LOGO\",\"p46_hashtags\":\"#ORITMODAVIDA #PERCURSSAOECIDADANIA #LUTADIARIA\"},{\"p1_eixo\":\"Trabalho\",\"p9_tipoorganizacao\":\"ONG\",\"p12_uf\":\"SP\",\"p13_cidade\":\"TABO\\u00c3O DA SERRA\",\"p16_cidade\":\"Cidade\",\"p16_nacional\":\"Nacional\",\"p17_ano\":\"Anterior a 1980\",\"p18_agrario\":\"Agr\\u00e1rio\\\/ruralidades\",\"p18_desenvolvimentoterritorial\":\"Desenvolvimento territorial\",\"p18_direitoshumanos\":\"Direitos humanos\",\"p18_educacao\":\"Educa\\u00e7\\u00e3o\",\"p18_moradia\":\"Moradia\",\"p18_povosecomunidadestradicionais\":\"Povos e comunidades tradicionais\",\"p18_trabalho\":\"Trabalho\",\"p18_saude\":\"Sa\\u00fade\",\"p18_politicasculturais\":\"Pol\\u00edticas Culturais\",\"p19_desenvolvimentoterritorial\":\"Desenvolvimento territorial\",\"p19_direitoshumanos\":\"Direitos humanos\",\"p19_educacao\":\"Educa\\u00e7\\u00e3o\",\"p19_povosecomunidadestradicionais\":\"Povos e comunidades tradicionais\",\"p19_trabalho\":\"Trabalho\",\"p19_saude\":\"Sa\\u00fade\",\"p20_atendimento\":\"Atendimento\",\"p20_oficinas\":\"Oficinas\",\"p20_apresentacoesartisticas\":\"Apresenta\\u00e7\\u00f5es art\\u00edsticas\",\"p20_visitasexcursoes\":\"Visitas\\\/Excurs\\u00f5es\",\"p21_machismo\":\"Machismo\",\"p21_racismo\":\"Racismo\",\"p21_enfrentamentocomgruposprivadosarmados\":\"Enfrentamento com grupos privados armados\",\"p22_numerodeparticipantes\":\"1  - 15\",\"p23_atendimento\":\"Atendimento\",\"p23_oficinas\":\"Oficinas\",\"p23_apresentacoesartisticas\":\"Apresenta\\u00e7\\u00f5es Art\\u00edsticas\",\"p23_visitas\":\"Visitas\",\"p23_outros\":\"Outros\",\"p24_reunioes\":\"Reuni\\u00f5es\",\"p24_atendimento\":\"Atendimentos\",\"p24_oficinas\":\"Oficinas\",\"p24_oficinasaulasartisticas\":\"Ensaios\\\/Oficinas\\\/Aulas art\\u00edsticas\",\"p24_apresentacoesartisticas\":\"Apresenta\\u00e7\\u00f5es art\\u00edsticas\",\"p24_visitasexcursoes\":\"Visitas\\\/Excurs\\u00f5es\",\"p25_numerodepessoas\":\"40 - 60\",\"p26_numerodepessoas\":\"Mais de 500\",\"p27_espacoemprestadocedido\":\"Espa\\u00e7o emprestado\\\/cedido\",\"p27_espacoproprio\":\"Espa\\u00e7o pr\\u00f3prio\",\"p28_territorios\":\"Cidade\",\"p30_outrasorganizacoes\":\"Sim\",\"p32_campanhadelongaduracao\":\"Sim\",\"p34_estadual\":\"Estadual\",\"p34_nenhuma\":\"Nenhuma\",\"p36_conselhosdeparticipacaoecontrolesocial\":\"N\\u00e3o\",\"p38_nenhum\":\"Nenhum\",\"p40_editais\":\"N\\u00e3o\",\"p41_publicoestatal\":\"P\\u00fablico-Estatal\",\"p41_privadopf\":\"Privado (P. F\\u00edsica)\",\"p41_privadopj\":\"Privado (P. Jur\\u00eddica)\",\"p42_meiodedivulgacaoproprio\":\"Sim\",\"p43_email\":\"E-mail\",\"p43_facebook\":\"Facebook\",\"p43_instagram\":\"Instagram\",\"p43_sitesblogs\":\"Blogs\\\/sites\",\"p44_radio\":\"TV\",\"p44_jornaisimpressosdegrandecirculacao\":\"Jornais impressos de grande circula\\u00e7\\u00e3o\",\"p44_jornaisimpressosdebairro\":\"Jornais impressos de bairro\",\"p44_nenhum\":\"Nenhum\",\"p39_publico\":\"CRIAN\\u00c7AS VULNERABILIDADE SOCIAL\",\"p45_bandeira\":\"CRIAN\\u00c7AS EDUCA\\u00c7\\u00c3O INFANTIL\",\"p46_hashtags\":\"#MANTERAFLORESTAEMPE #FACAFLORESCER\"},{\"p1_eixo\":\"Trabalho\",\"p9_tipoorganizacao\":\"ONG\",\"p12_uf\":\"AC\",\"p13_cidade\":\"RIO BRANCO\",\"p16_bairro\":\"Bairro\",\"p16_nacional\":\"Nacional\",\"p17_ano\":\"1988\",\"p18_agrario\":\"Agr\\u00e1rio\\\/ruralidades\",\"p18_difusaoartistica\":\"Difus\\u00e3o Art\\u00edstica\",\"p18_desenvolvimentoterritorial\":\"Desenvolvimento territorial\",\"p18_direitoshumanos\":\"Direitos humanos\",\"p18_moradia\":\"Moradia\",\"p18_povosecomunidadestradicionais\":\"Povos e comunidades tradicionais\",\"p18_trabalho\":\"Trabalho\",\"p18_saude\":\"Sa\\u00fade\",\"p18_politicasculturais\":\"Pol\\u00edticas Culturais\",\"p19_desenvolvimentoterritorial\":\"Desenvolvimento territorial\",\"p19_educacao\":\"Educa\\u00e7\\u00e3o\",\"p19_povosecomunidadestradicionais\":\"Povos e comunidades tradicionais\",\"p19_trabalho\":\"Trabalho\",\"p19_violencia\":\"Viol\\u00eancia\",\"p19_difusaoartistica\":\"Difus\\u00e3o Art\\u00edstica\",\"p20_reunioes\":\"Reuni\\u00f5es\",\"p20_atendimento\":\"Atendimento\",\"p20_oficinas\":\"Oficinas\",\"p20_oficinasaulasartisticas\":\"Ensaios\\\/Oficinas\\\/Aulas art\\u00edsticas\",\"p20_cursos\":\"Cursos\",\"p20_apresentacoesartisticas\":\"Apresenta\\u00e7\\u00f5es art\\u00edsticas\",\"p20_visitasexcursoes\":\"Visitas\\\/Excurs\\u00f5es\",\"p21_enfrentamentocomgruposprivadosarmados\":\"Enfrentamento com grupos privados armados\",\"p21_nenhum\":\"Nenhum\",\"p22_numerodeparticipantes\":\"15 - 30\",\"p23_reunioes\":\"Reuni\\u00f5es\",\"p23_atendimento\":\"Atendimento\",\"p23_oficinas\":\"Oficinas\",\"p23_oficinasaulasartisticas\":\"Ensaio\\\/Oficinas\\\/Aulas Art\\u00edsticas\",\"p23_cursos\":\"Cursos\",\"p23_apresentacoesartisticas\":\"Apresenta\\u00e7\\u00f5es Art\\u00edsticas\",\"p23_visitas\":\"Visitas\",\"p23_excursoes\":\"Excurs\\u00f5es\",\"p24_reunioes\":\"Reuni\\u00f5es\",\"p24_atendimento\":\"Atendimentos\",\"p24_oficinas\":\"Oficinas\",\"p24_oficinasaulasartisticas\":\"Ensaios\\\/Oficinas\\\/Aulas art\\u00edsticas\",\"p24_curso\":\"Curso\",\"p24_apresentacoesartisticas\":\"Apresenta\\u00e7\\u00f5es art\\u00edsticas\",\"p24_visitasexcursoes\":\"Visitas\\\/Excurs\\u00f5es\",\"p25_numerodepessoas\":\"Mais de 500\",\"p26_numerodepessoas\":\"Mais de 500\",\"p27_espacopublico\":\"Espa\\u00e7o p\\u00fablico\",\"p27_espacoemprestadocedido\":\"Espa\\u00e7o emprestado\\\/cedido\",\"p27_espacoproprio\":\"Espa\\u00e7o pr\\u00f3prio\",\"p28_territorios\":\"Atua\\u00e7\\u00e3o Nacional\",\"p30_outrasorganizacoes\":\"Sim\",\"p32_campanhadelongaduracao\":\"Sim\",\"p34_estadual\":\"Estadual\",\"p36_conselhosdeparticipacaoecontrolesocial\":\"Sim\",\"p38_sim\":\"Sim\",\"p38_nenhum\":\"Nenhum\",\"p40_editais\":\"Sim\",\"p41_publicoestatal\":\"P\\u00fablico-Estatal\",\"p41_privadopf\":\"Privado (P. F\\u00edsica)\",\"p41_privadopj\":\"Privado (P. Jur\\u00eddica)\",\"p42_meiodedivulgacaoproprio\":\"Sim\",\"p43_impressoes\":\"Impressos\",\"p43_email\":\"E-mail\",\"p43_facebook\":\"Facebook\",\"p43_whatsapp\":\"WhatsApp\",\"p43_instagram\":\"Instagram\",\"p43_twitter\":\"Twitter\",\"p43_sitesblogs\":\"Blogs\\\/sites\",\"p43_youtube\":\"YouTube\",\"p44_radio\":\"TV\",\"p44_jornaisimpressosdegrandecirculacao\":\"Jornais impressos de grande circula\\u00e7\\u00e3o\",\"p44_jornaisimpressosdebairro\":\"Jornais impressos de bairro\",\"p44_redessociais\":\"Redes sociais (Facebook, YouTube, Instagram etc.)\",\"p44_sitesblogs\":\"Sites ou Blogs\",\"p39_publico\":\"COMUNIT\\u00c1RIOS RIBEIRINHOS IND\\u00cdGENAS\",\"p45_bandeira\":\"CAUSAS MEIO-AMBIENTE MANTER FLORESTA PE\",\"p46_hashtags\":\"#MANTERAFLORESTAEMPE #FACAFLORESCER\"},{\"p1_eixo\":\"Cultura\",\"p9_tipoorganizacao\":\"Movimento Social\",\"p12_uf\":\"SP\",\"p13_cidade\":\"S\\u00c3O PAULO\",\"p16_bairro\":\"Bairro\",\"p17_ano\":\"2013\",\"p16_estado\":\"Estado\",\"p18_difusaoartistica\":\"Difus\\u00e3o Art\\u00edstica\",\"p18_desenvolvimentoterritorial\":\"Desenvolvimento territorial\",\"p18_direitoshumanos\":\"Direitos humanos\",\"p18_educacao\":\"Educa\\u00e7\\u00e3o\",\"p18_feminismos\":\"Feminismos\",\"p18_lgbtqi\":\"LGBTQI\",\"p18_lutaantirracismo\":\"Luta antirracismo\",\"p18_mobilidade\":\"Mobilidade\",\"p18_moradia\":\"Moradia\",\"p18_povosecomunidadestradicionais\":\"Povos e comunidades tradicionais\",\"p18_trabalho\":\"Trabalho\",\"p18_religiao\":\"Religi\\u00e3o\",\"p18_saude\":\"Sa\\u00fade\",\"p18_violencia\":\"Viol\\u00eancia\",\"p18_politicasculturais\":\"Pol\\u00edticas Culturais\",\"p19_educacao\":\"Educa\\u00e7\\u00e3o\",\"p19_feminismos\":\"Feminismos\",\"p19_lutaantirracismo\":\"Luta antirracismo\",\"p19_violencia\":\"Viol\\u00eancia\",\"p19_difusaoartistica\":\"Difus\\u00e3o Art\\u00edstica\",\"p19_politicasculturais\":\"Pol\\u00edticas Culturais\",\"p20_reunioes\":\"Reuni\\u00f5es\",\"p20_atendimento\":\"Atendimento\",\"p20_oficinas\":\"Oficinas\",\"p20_oficinasaulasartisticas\":\"Ensaios\\\/Oficinas\\\/Aulas art\\u00edsticas\",\"p20_cursos\":\"Cursos\",\"p20_apresentacoesartisticas\":\"Apresenta\\u00e7\\u00f5es art\\u00edsticas\",\"p20_visitasexcursoes\":\"Visitas\\\/Excurs\\u00f5es\",\"p21_repressaopolicial\":\"Repress\\u00e3o policial\",\"p21_intoleranciareligiosa\":\"Fundamentalismo\\\/intoler\\u00e2ncia religiosa\",\"p21_machismo\":\"Machismo\",\"p21_racismo\":\"Racismo\",\"p21_lgbtqifobia\":\"LGBTIfobia\",\"p21_nenhum\":\"Nenhum\",\"p22_numerodeparticipantes\":\"Mais de 90\",\"p23_reunioes\":\"Reuni\\u00f5es\",\"p23_atendimento\":\"Atendimento\",\"p23_oficinas\":\"Oficinas\",\"p23_oficinasaulasartisticas\":\"Ensaio\\\/Oficinas\\\/Aulas Art\\u00edsticas\",\"p23_cursos\":\"Cursos\",\"p23_apresentacoesartisticas\":\"Apresenta\\u00e7\\u00f5es Art\\u00edsticas\",\"p23_visitas\":\"Visitas\",\"p23_excursoes\":\"Excurs\\u00f5es\",\"p23_outros\":\"Outros\",\"p24_atendimento\":\"Atendimentos\",\"p24_oficinas\":\"Oficinas\",\"p24_oficinasaulasartisticas\":\"Ensaios\\\/Oficinas\\\/Aulas art\\u00edsticas\",\"p24_curso\":\"Curso\",\"p24_apresentacoesartisticas\":\"Apresenta\\u00e7\\u00f5es art\\u00edsticas\",\"p24_visitasexcursoes\":\"Visitas\\\/Excurs\\u00f5es\",\"p24_outros\":\"Outros\",\"p25_numerodepessoas\":\"20 - 40\",\"p26_numerodepessoas\":\"20 - 40\",\"p27_espacopublico\":\"Espa\\u00e7o p\\u00fablico\",\"p27_espacoproprio\":\"Espa\\u00e7o pr\\u00f3prio\",\"p28_territorios\":\"Pr\\u00f3prio bairro\",\"p30_outrasorganizacoes\":\"Sim\",\"p32_campanhadelongaduracao\":\"Sim\",\"p34_estadual\":\"Estadual\",\"p34_nenhuma\":\"Nenhuma\",\"p36_conselhosdeparticipacaoecontrolesocial\":\"N\\u00e3o\",\"p38_sim\":\"Sim\",\"p40_editais\":\"N\\u00e3o\",\"p41_publicoestatal\":\"P\\u00fablico-Estatal\",\"p41_autofinanciamento\":\"Autofinanciamento\",\"p42_meiodedivulgacaoproprio\":\"Sim\",\"p43_impressoes\":\"Impressos\",\"p43_email\":\"E-mail\",\"p43_facebook\":\"Facebook\",\"p43_whatsapp\":\"WhatsApp\",\"p43_instagram\":\"Instagram\",\"p43_twitter\":\"Twitter\",\"p43_sitesblogs\":\"Blogs\\\/sites\",\"p43_youtube\":\"YouTube\",\"p44_redessociais\":\"Redes sociais (Facebook, YouTube, Instagram etc.)\",\"p44_sitesblogs\":\"Sites ou Blogs\",\"p44_nenhum\":\"Nenhum\",\"p39_publico\":\"CRIAN\\u00c7AS JOVENS PERIF\\u00c9RICOS\",\"p45_bandeira\":\"MINORIAS\",\"p46_hashtags\":\"#PERIFERICOS #MINORIAS #JOVENS\"},{\"p1_eixo\":\"Viol\\u00eancia\",\"p9_tipoorganizacao\":\"Movimento Social\",\"p12_uf\":\"DF\",\"p13_cidade\":\"BRAS\\u00cdLIA\",\"p16_nacional\":\"Nacional\",\"p17_ano\":\"Anterior a 1980\",\"p16_estado\":\"Estado\",\"p18_agrario\":\"Agr\\u00e1rio\\\/ruralidades\",\"p18_comunicacao\":\"Comunica\\u00e7\\u00e3o\",\"p18_difusaoartistica\":\"Difus\\u00e3o Art\\u00edstica\",\"p18_desenvolvimentoterritorial\":\"Desenvolvimento territorial\",\"p18_direitoshumanos\":\"Direitos humanos\",\"p18_educacao\":\"Educa\\u00e7\\u00e3o\",\"p18_feminismos\":\"Feminismos\",\"p18_lgbtqi\":\"LGBTQI\",\"p18_lutaantirracismo\":\"Luta antirracismo\",\"p18_mobilidade\":\"Mobilidade\",\"p18_moradia\":\"Moradia\",\"p18_povosecomunidadestradicionais\":\"Povos e comunidades tradicionais\",\"p18_trabalho\":\"Trabalho\",\"p18_religiao\":\"Religi\\u00e3o\",\"p18_saude\":\"Sa\\u00fade\",\"p18_violencia\":\"Viol\\u00eancia\",\"p18_politicasculturais\":\"Pol\\u00edticas Culturais\",\"p19_agrario\":\"Agr\\u00e1rio\\\/ruralidades\",\"p19_direitoshumanos\":\"Direitos humanos\",\"p19_feminismos\":\"Feminismos\",\"p19_lutaantirracismo\":\"Luta antirracismo\",\"p19_povosecomunidadestradicionais\":\"Povos e comunidades tradicionais\",\"p19_politicasculturais\":\"Pol\\u00edticas Culturais\",\"p20_reunioes\":\"Reuni\\u00f5es\",\"p20_atendimento\":\"Atendimento\",\"p20_formacao\":\"Forma\\u00e7\\u00e3o\",\"p20_visitasexcursoes\":\"Visitas\\\/Excurs\\u00f5es\",\"p21_repressaopolicial\":\"Repress\\u00e3o policial\",\"p21_intoleranciareligiosa\":\"Fundamentalismo\\\/intoler\\u00e2ncia religiosa\",\"p21_xenofobia\":\"Xenofobia\",\"p21_machismo\":\"Machismo\",\"p21_racismo\":\"Racismo\",\"p21_lgbtqifobia\":\"LGBTIfobia\",\"p22_numerodeparticipantes\":\"30 - 45\",\"p23_reunioes\":\"Reuni\\u00f5es\",\"p23_formacao\":\"Forma\\u00e7\\u00e3o\",\"p23_outros\":\"Outros\",\"p24_reunioes\":\"Reuni\\u00f5es\",\"p24_visitasexcursoes\":\"Visitas\\\/Excurs\\u00f5es\",\"p24_outros\":\"Outros\",\"p25_numerodepessoas\":\"1 - 20\",\"p26_numerodepessoas\":\"1 - 20\",\"p27_espacopublico\":\"Espa\\u00e7o p\\u00fablico\",\"p27_espacoemprestadocedido\":\"Espa\\u00e7o emprestado\\\/cedido\",\"p27_espacoproprio\":\"Espa\\u00e7o pr\\u00f3prio\",\"p28_territorios\":\"Estado\",\"p30_outrasorganizacoes\":\"Sim\",\"p32_campanhadelongaduracao\":\"N\\u00e3o\",\"p34_nacional\":\"Nacional\",\"p34_internacional\":\"Internacional\",\"p34_nenhuma\":\"Nenhuma\",\"p36_conselhosdeparticipacaoecontrolesocial\":\"Sim\",\"p38_sim\":\"Sim\",\"p38_nenhum\":\"Nenhum\",\"p40_editais\":\"N\\u00e3o\",\"p41_privadopf\":\"Privado (P. F\\u00edsica)\",\"p41_privadopj\":\"Privado (P. Jur\\u00eddica)\",\"p41_autofinanciamento\":\"Autofinanciamento\",\"p42_meiodedivulgacaoproprio\":\"Sim\",\"p43_impressoes\":\"Impressos\",\"p43_email\":\"E-mail\",\"p43_facebook\":\"Facebook\",\"p43_instagram\":\"Instagram\",\"p43_sitesblogs\":\"Blogs\\\/sites\",\"p44_radio\":\"TV\",\"p44_jornaisimpressosdegrandecirculacao\":\"Jornais impressos de grande circula\\u00e7\\u00e3o\",\"p44_redessociais\":\"Redes sociais (Facebook, YouTube, Instagram etc.)\",\"p44_nenhum\":\"Nenhum\",\"p39_publico\":\"NEGROS MULHERES NEGRAS\",\"p45_bandeira\":\"LUTA CONTRA-GENOC\\u00cdDIO POPULA\\u00c7\\u00c3O NEGRA DEMARCA\\u00c7\\u00c3O TERRA QUILOMBOLAS  ANTIRRACISMO  INSTITUCIONAL DIREITO EXISTIR\",\"p46_hashtags\":\"#NOSSOESPACOVEMDELONGE #ANTIRRACISMO #PARAALEMDERELACOESETICORACIAIS\"},{\"p1_eixo\":\"Viol\\u00eancia\",\"p9_tipoorganizacao\":\"ONG\",\"p12_uf\":\"BA\",\"p13_cidade\":\"SALVADOR\",\"p16_nacional\":\"Nacional\",\"p17_ano\":\"Anterior a 1980\",\"p18_agrario\":\"Agr\\u00e1rio\\\/ruralidades\",\"p18_comunicacao\":\"Comunica\\u00e7\\u00e3o\",\"p18_difusaoartistica\":\"Difus\\u00e3o Art\\u00edstica\",\"p18_desenvolvimentoterritorial\":\"Desenvolvimento territorial\",\"p18_direitoshumanos\":\"Direitos humanos\",\"p18_educacao\":\"Educa\\u00e7\\u00e3o\",\"p18_feminismos\":\"Feminismos\",\"p18_lgbtqi\":\"LGBTQI\",\"p18_lutaantirracismo\":\"Luta antirracismo\",\"p18_mobilidade\":\"Mobilidade\",\"p18_moradia\":\"Moradia\",\"p18_povosecomunidadestradicionais\":\"Povos e comunidades tradicionais\",\"p18_trabalho\":\"Trabalho\",\"p18_religiao\":\"Religi\\u00e3o\",\"p18_saude\":\"Sa\\u00fade\",\"p18_violencia\":\"Viol\\u00eancia\",\"p19_agrario\":\"Agr\\u00e1rio\\\/ruralidades\",\"p19_desenvolvimentoterritorial\":\"Desenvolvimento territorial\",\"p19_direitoshumanos\":\"Direitos humanos\",\"p19_educacao\":\"Educa\\u00e7\\u00e3o\",\"p19_povosecomunidadestradicionais\":\"Povos e comunidades tradicionais\",\"p20_reunioes\":\"Reuni\\u00f5es\",\"p20_atendimento\":\"Atendimento\",\"p20_oficinas\":\"Oficinas\",\"p20_formacao\":\"Forma\\u00e7\\u00e3o\",\"p21_repressaopolicial\":\"Repress\\u00e3o policial\",\"p21_intoleranciareligiosa\":\"Fundamentalismo\\\/intoler\\u00e2ncia religiosa\",\"p21_xenofobia\":\"Xenofobia\",\"p21_machismo\":\"Machismo\",\"p21_racismo\":\"Racismo\",\"p21_lgbtqifobia\":\"LGBTIfobia\",\"p22_numerodeparticipantes\":\"15 - 30\",\"p23_reunioes\":\"Reuni\\u00f5es\",\"p23_oficinas\":\"Oficinas\",\"p23_formacao\":\"Forma\\u00e7\\u00e3o\",\"p23_outros\":\"Outros\",\"p24_reunioes\":\"Reuni\\u00f5es\",\"p24_visitasexcursoes\":\"Visitas\\\/Excurs\\u00f5es\",\"p24_outros\":\"Outros\",\"p25_numerodepessoas\":\"Mais de 500\",\"p26_numerodepessoas\":\"60 - 80\",\"p27_espacopublico\":\"Espa\\u00e7o p\\u00fablico\",\"p27_espacoemprestadocedido\":\"Espa\\u00e7o emprestado\\\/cedido\",\"p27_espacoproprio\":\"Espa\\u00e7o pr\\u00f3prio\",\"p28_territorios\":\"Atua\\u00e7\\u00e3o Nacional\",\"p30_outrasorganizacoes\":\"N\\u00e3o\",\"p32_campanhadelongaduracao\":\"Sim\",\"p34_municipal\":\"Municipal\",\"p34_estadual\":\"Estadual\",\"p34_nacional\":\"Nacional\",\"p34_internacional\":\"Internacional\",\"p36_conselhosdeparticipacaoecontrolesocial\":\"N\\u00e3o\",\"p38_sim\":\"Sim\",\"p38_nenhum\":\"Nenhum\",\"p40_editais\":\"Sim\",\"p41_publicoestatal\":\"P\\u00fablico-Estatal\",\"p41_privadopf\":\"Privado (P. F\\u00edsica)\",\"p41_privadopj\":\"Privado (P. Jur\\u00eddica)\",\"p41_autofinanciamento\":\"Autofinanciamento\",\"p41_financiamentocoletivo0\":\"Financiamento coletivo\",\"p42_meiodedivulgacaoproprio\":\"Sim\",\"p43_impressoes\":\"Impressos\",\"p43_email\":\"E-mail\",\"p43_facebook\":\"Facebook\",\"p43_instagram\":\"Instagram\",\"p43_sitesblogs\":\"Blogs\\\/sites\",\"p44_radio\":\"TV\",\"p44_jornaisimpressosdegrandecirculacao\":\"Jornais impressos de grande circula\\u00e7\\u00e3o\",\"p44_jornaisimpressosdebairro\":\"Jornais impressos de bairro\",\"p44_redessociais\":\"Redes sociais (Facebook, YouTube, Instagram etc.)\",\"p39_publico\":\"MOVIMENTOS SOCIAIS LUTAM DIREITOS RURAIS URBANOS JUVENTUDE MULHERES IND\\u00cdGENAS\",\"p45_bandeira\":\"APOIAR MOVIMENTOS SOCIAIS DIREITOS HUMANOS SUAS BANDEIRAS LUTA\",\"p46_hashtags\":\"#PELATOLERANCIARELIGIOSA #VOTECERTO #LUTAPORTERRITORIO\"},{\"p1_eixo\":\"Trabalho\",\"p9_tipoorganizacao\":\"Coletivo\",\"p12_uf\":\"MG\",\"p13_cidade\":\"BELO HORIZONTE\",\"p16_cidade\":\"Cidade\",\"p16_nacional\":\"Nacional\",\"p17_ano\":\"2006\",\"p18_agrario\":\"Agr\\u00e1rio\\\/ruralidades\",\"p18_comunicacao\":\"Comunica\\u00e7\\u00e3o\",\"p18_difusaoartistica\":\"Difus\\u00e3o Art\\u00edstica\",\"p18_desenvolvimentoterritorial\":\"Desenvolvimento territorial\",\"p18_direitoshumanos\":\"Direitos humanos\",\"p18_educacao\":\"Educa\\u00e7\\u00e3o\",\"p18_feminismos\":\"Feminismos\",\"p18_lgbtqi\":\"LGBTQI\",\"p18_lutaantirracismo\":\"Luta antirracismo\",\"p18_moradia\":\"Moradia\",\"p18_povosecomunidadestradicionais\":\"Povos e comunidades tradicionais\",\"p18_trabalho\":\"Trabalho\",\"p18_religiao\":\"Religi\\u00e3o\",\"p18_saude\":\"Sa\\u00fade\",\"p18_violencia\":\"Viol\\u00eancia\",\"p18_politicasculturais\":\"Pol\\u00edticas Culturais\",\"p19_desenvolvimentoterritorial\":\"Desenvolvimento territorial\",\"p19_direitoshumanos\":\"Direitos humanos\",\"p19_educacao\":\"Educa\\u00e7\\u00e3o\",\"p19_feminismos\":\"Feminismos\",\"p19_lutaantirracismo\":\"Luta antirracismo\",\"p20_reunioes\":\"Reuni\\u00f5es\",\"p20_oficinas\":\"Oficinas\",\"p20_oficinasaulasartisticas\":\"Ensaios\\\/Oficinas\\\/Aulas art\\u00edsticas\",\"p20_cursos\":\"Cursos\",\"p20_profissionalizacao\":\"Profissionaliza\\u00e7\\u00e3o\",\"p20_visitasexcursoes\":\"Visitas\\\/Excurs\\u00f5es\",\"p21_repressaopolicial\":\"Repress\\u00e3o policial\",\"p21_intoleranciareligiosa\":\"Fundamentalismo\\\/intoler\\u00e2ncia religiosa\",\"p21_machismo\":\"Machismo\",\"p21_racismo\":\"Racismo\",\"p21_lgbtqifobia\":\"LGBTIfobia\",\"p22_numerodeparticipantes\":\"1  - 15\",\"p23_reunioes\":\"Reuni\\u00f5es\",\"p23_oficinas\":\"Oficinas\",\"p23_apresentacoesartisticas\":\"Apresenta\\u00e7\\u00f5es Art\\u00edsticas\",\"p23_outros\":\"Outros\",\"p24_oficinasaulasartisticas\":\"Ensaios\\\/Oficinas\\\/Aulas art\\u00edsticas\",\"p24_curso\":\"Curso\",\"p24_formacao\":\"Forma\\u00e7\\u00e3o\",\"p24_profissionalizacao\":\"Profissionaliza\\u00e7\\u00e3o\",\"p24_apresentacoesartisticas\":\"Apresenta\\u00e7\\u00f5es art\\u00edsticas\",\"p24_visitasexcursoes\":\"Visitas\\\/Excurs\\u00f5es\",\"p24_outros\":\"Outros\",\"p25_numerodepessoas\":\"300 - 400\",\"p26_numerodepessoas\":\"20 - 40\",\"p27_espacopublico\":\"Espa\\u00e7o p\\u00fablico\",\"p27_espacoemprestadocedido\":\"Espa\\u00e7o emprestado\\\/cedido\",\"p27_espacoproprio\":\"Espa\\u00e7o pr\\u00f3prio\",\"p27_ocupacao\":\"Ocupa\\u00e7\\u00e3o\",\"p28_territorios\":\"Regi\\u00e3o da Cidade\",\"p30_outrasorganizacoes\":\"Sim\",\"p32_campanhadelongaduracao\":\"Sim\",\"p34_municipal\":\"Municipal\",\"p34_estadual\":\"Estadual\",\"p34_nacional\":\"Nacional\",\"p34_nenhuma\":\"Nenhuma\",\"p36_conselhosdeparticipacaoecontrolesocial\":\"N\\u00e3o\",\"p38_sim\":\"Sim\",\"p38_nenhum\":\"Nenhum\",\"p40_editais\":\"N\\u00e3o\",\"p41_publicoestatal\":\"P\\u00fablico-Estatal\",\"p41_privadopf\":\"Privado (P. F\\u00edsica)\",\"p41_autofinanciamento\":\"Autofinanciamento\",\"p41_financiamentocoletivo0\":\"Financiamento coletivo\",\"p42_meiodedivulgacaoproprio\":\"Sim\",\"p43_impressoes\":\"Impressos\",\"p43_email\":\"E-mail\",\"p43_facebook\":\"Facebook\",\"p43_whatsapp\":\"WhatsApp\",\"p43_instagram\":\"Instagram\",\"p43_sitesblogs\":\"Blogs\\\/sites\",\"p44_jornaisimpressosdebairro\":\"Jornais impressos de bairro\",\"p44_redessociais\":\"Redes sociais (Facebook, YouTube, Instagram etc.)\",\"p44_sitesblogs\":\"Sites ou Blogs\",\"p39_publico\":\"COMUNIDADE ENTORNO\",\"p45_bandeira\":\"RESTAURA\\u00c7\\u00c3O REPATRIA\\u00c7\\u00c3O REDEN\\u00c7\\u00c3O\",\"p46_hashtags\":\"#TODOSJUNTOSROOTSATIVA\"},{\"p1_eixo\":\"Viol\\u00eancia\",\"p9_tipoorganizacao\":\"ONG\",\"p12_uf\":\"GO\",\"p13_cidade\":\"CIDADE OCIDENTAL\",\"p16_cidade\":\"Cidade\",\"p17_ano\":\"2016\",\"p18_comunicacao\":\"Comunica\\u00e7\\u00e3o\",\"p18_difusaoartistica\":\"Difus\\u00e3o Art\\u00edstica\",\"p18_direitoshumanos\":\"Direitos humanos\",\"p18_educacao\":\"Educa\\u00e7\\u00e3o\",\"p18_feminismos\":\"Feminismos\",\"p18_lgbtqi\":\"LGBTQI\",\"p18_lutaantirracismo\":\"Luta antirracismo\",\"p18_mobilidade\":\"Mobilidade\",\"p18_moradia\":\"Moradia\",\"p18_povosecomunidadestradicionais\":\"Povos e comunidades tradicionais\",\"p18_trabalho\":\"Trabalho\",\"p18_religiao\":\"Religi\\u00e3o\",\"p18_saude\":\"Sa\\u00fade\",\"p18_violencia\":\"Viol\\u00eancia\",\"p18_politicasculturais\":\"Pol\\u00edticas Culturais\",\"p19_direitoshumanos\":\"Direitos humanos\",\"p19_feminismos\":\"Feminismos\",\"p19_lutaantirracismo\":\"Luta antirracismo\",\"p19_politicasculturais\":\"Pol\\u00edticas Culturais\",\"p20_reunioes\":\"Reuni\\u00f5es\",\"p20_oficinasaulasartisticas\":\"Ensaios\\\/Oficinas\\\/Aulas art\\u00edsticas\",\"p20_cursos\":\"Cursos\",\"p20_formacao\":\"Forma\\u00e7\\u00e3o\",\"p20_profissionalizacao\":\"Profissionaliza\\u00e7\\u00e3o\",\"p20_visitasexcursoes\":\"Visitas\\\/Excurs\\u00f5es\",\"p21_intoleranciareligiosa\":\"Fundamentalismo\\\/intoler\\u00e2ncia religiosa\",\"p21_machismo\":\"Machismo\",\"p21_racismo\":\"Racismo\",\"p21_lgbtqifobia\":\"LGBTIfobia\",\"p21_nenhum\":\"Nenhum\",\"p22_numerodeparticipantes\":\"1  - 15\",\"p23_reunioes\":\"Reuni\\u00f5es\",\"p23_apresentacoesartisticas\":\"Apresenta\\u00e7\\u00f5es Art\\u00edsticas\",\"p23_outros\":\"Outros\",\"p24_oficinas\":\"Oficinas\",\"p24_oficinasaulasartisticas\":\"Ensaios\\\/Oficinas\\\/Aulas art\\u00edsticas\",\"p24_curso\":\"Curso\",\"p24_formacao\":\"Forma\\u00e7\\u00e3o\",\"p24_profissionalizacao\":\"Profissionaliza\\u00e7\\u00e3o\",\"p24_apresentacoesartisticas\":\"Apresenta\\u00e7\\u00f5es art\\u00edsticas\",\"p25_numerodepessoas\":\"100 - 200\",\"p26_numerodepessoas\":\"40 - 60\",\"p27_espacopublico\":\"Espa\\u00e7o p\\u00fablico\",\"p27_espacoemprestadocedido\":\"Espa\\u00e7o emprestado\\\/cedido\",\"p27_espacoproprio\":\"Espa\\u00e7o pr\\u00f3prio\",\"p27_ocupacao\":\"Ocupa\\u00e7\\u00e3o\",\"p28_territorios\":\"Regi\\u00e3o da Cidade\",\"p30_outrasorganizacoes\":\"Sim\",\"p32_campanhadelongaduracao\":\"Sim\",\"p34_nenhuma\":\"Nenhuma\",\"p36_conselhosdeparticipacaoecontrolesocial\":\"Sim\",\"p38_nenhum\":\"Nenhum\",\"p40_editais\":\"Sim\",\"p41_privadopf\":\"Privado (P. F\\u00edsica)\",\"p41_autofinanciamento\":\"Autofinanciamento\",\"p41_financiamentocoletivo0\":\"Financiamento coletivo\",\"p42_meiodedivulgacaoproprio\":\"Sim\",\"p43_impressoes\":\"Impressos\",\"p43_email\":\"E-mail\",\"p43_facebook\":\"Facebook\",\"p43_whatsapp\":\"WhatsApp\",\"p43_instagram\":\"Instagram\",\"p43_sitesblogs\":\"Blogs\\\/sites\",\"p44_jornaisimpressosdebairro\":\"Jornais impressos de bairro\",\"p44_redessociais\":\"Redes sociais (Facebook, YouTube, Instagram etc.)\",\"p44_sitesblogs\":\"Sites ou Blogs\",\"p44_nenhum\":\"Nenhum\",\"p39_publico\":\"MULHERES JOVENS\",\"p45_bandeira\":\"IGUALDADE MULHERES EMPODERAMENTO FEMININO DI\\u00c1LOGO FEMINISMO\",\"p46_hashtags\":\"#NOSPORNOS #EMPODERAMENTOFEMININO #MULHERESNOPODER #REPRESENTATIVIDADEIMPORTA #PELAVIDADASMULHERES\"},{\"p1_eixo\":\"Cultura\",\"p9_tipoorganizacao\":\"Coletivo Art\\u00edstico\",\"p12_uf\":\"SP\",\"p13_cidade\":\"TABO\\u00c3O DA SERRA\",\"p16_cidade\":\"Cidade\",\"p16_nacional\":\"Nacional\",\"p17_ano\":\"2003\",\"p18_agrario\":\"Agr\\u00e1rio\\\/ruralidades\",\"p18_comunicacao\":\"Comunica\\u00e7\\u00e3o\",\"p18_difusaoartistica\":\"Difus\\u00e3o Art\\u00edstica\",\"p18_desenvolvimentoterritorial\":\"Desenvolvimento territorial\",\"p18_direitoshumanos\":\"Direitos humanos\",\"p18_educacao\":\"Educa\\u00e7\\u00e3o\",\"p18_feminismos\":\"Feminismos\",\"p18_lgbtqi\":\"LGBTQI\",\"p18_lutaantirracismo\":\"Luta antirracismo\",\"p18_mobilidade\":\"Mobilidade\",\"p18_moradia\":\"Moradia\",\"p18_povosecomunidadestradicionais\":\"Povos e comunidades tradicionais\",\"p18_trabalho\":\"Trabalho\",\"p18_religiao\":\"Religi\\u00e3o\",\"p18_saude\":\"Sa\\u00fade\",\"p18_violencia\":\"Viol\\u00eancia\",\"p18_politicasculturais\":\"Pol\\u00edticas Culturais\",\"p19_agrario\":\"Agr\\u00e1rio\\\/ruralidades\",\"p19_direitoshumanos\":\"Direitos humanos\",\"p19_feminismos\":\"Feminismos\",\"p19_lutaantirracismo\":\"Luta antirracismo\",\"p19_povosecomunidadestradicionais\":\"Povos e comunidades tradicionais\",\"p19_politicasculturais\":\"Pol\\u00edticas Culturais\",\"p20_reunioes\":\"Reuni\\u00f5es\",\"p20_atendimento\":\"Atendimento\",\"p20_oficinasaulasartisticas\":\"Ensaios\\\/Oficinas\\\/Aulas art\\u00edsticas\",\"p20_formacao\":\"Forma\\u00e7\\u00e3o\",\"p21_repressaopolicial\":\"Repress\\u00e3o policial\",\"p21_machismo\":\"Machismo\",\"p21_racismo\":\"Racismo\",\"p21_enfrentamentocomgruposprivadosarmados\":\"Enfrentamento com grupos privados armados\",\"p21_nenhum\":\"Nenhum\",\"p22_numerodeparticipantes\":\"1  - 15\",\"p23_atendimento\":\"Atendimento\",\"p23_formacao\":\"Forma\\u00e7\\u00e3o\",\"p23_apresentacoesartisticas\":\"Apresenta\\u00e7\\u00f5es Art\\u00edsticas\",\"p23_outros\":\"Outros\",\"p24_atendimento\":\"Atendimentos\",\"p24_oficinas\":\"Oficinas\",\"p24_visitasexcursoes\":\"Visitas\\\/Excurs\\u00f5es\",\"p24_outros\":\"Outros\",\"p25_numerodepessoas\":\"40 - 60\",\"p26_numerodepessoas\":\"20 - 40\",\"p27_espacopublico\":\"Espa\\u00e7o p\\u00fablico\",\"p27_espacoemprestadocedido\":\"Espa\\u00e7o emprestado\\\/cedido\",\"p27_espacoproprio\":\"Espa\\u00e7o pr\\u00f3prio\",\"p28_territorios\":\"Cidade\",\"p30_outrasorganizacoes\":\"N\\u00e3o\",\"p32_campanhadelongaduracao\":\"N\\u00e3o\",\"p34_nacional\":\"Nacional\",\"p34_nenhuma\":\"Nenhuma\",\"p36_conselhosdeparticipacaoecontrolesocial\":\"N\\u00e3o\",\"p38_sim\":\"Sim\",\"p38_nenhum\":\"Nenhum\",\"p40_editais\":\"Sim\",\"p41_publicoestatal\":\"P\\u00fablico-Estatal\",\"p41_privadopf\":\"Privado (P. F\\u00edsica)\",\"p41_privadopj\":\"Privado (P. Jur\\u00eddica)\",\"p41_autofinanciamento\":\"Autofinanciamento\",\"p41_financiamentocoletivo0\":\"Financiamento coletivo\",\"p42_meiodedivulgacaoproprio\":\"Sim\",\"p43_email\":\"E-mail\",\"p43_facebook\":\"Facebook\",\"p43_instagram\":\"Instagram\",\"p43_sitesblogs\":\"Blogs\\\/sites\",\"p44_radio\":\"TV\",\"p44_jornaisimpressosdegrandecirculacao\":\"Jornais impressos de grande circula\\u00e7\\u00e3o\",\"p44_nenhum\":\"Nenhum\",\"p39_publico\":\" PRIORIT\\u00c1RIO\",\"p45_bandeira\":\"DEFESA LUTA NEGRA MULHERES PRINCIPALMENTE DEFESA PERIFERIA\",\"p46_hashtags\":\"#PELAPERIFERIA #NAPERIFERIA #PARAAPERIFERIA\"},{\"p1_eixo\":\"Viol\\u00eancia\",\"p9_tipoorganizacao\":\"ONG\",\"p12_uf\":\"PR\",\"p13_cidade\":\"CURITIBA\",\"p16_cidade\":\"Cidade\",\"p16_nacional\":\"Nacional\",\"p17_ano\":\"2002\",\"p18_agrario\":\"Agr\\u00e1rio\\\/ruralidades\",\"p18_comunicacao\":\"Comunica\\u00e7\\u00e3o\",\"p18_difusaoartistica\":\"Difus\\u00e3o Art\\u00edstica\",\"p18_desenvolvimentoterritorial\":\"Desenvolvimento territorial\",\"p18_direitoshumanos\":\"Direitos humanos\",\"p18_educacao\":\"Educa\\u00e7\\u00e3o\",\"p18_feminismos\":\"Feminismos\",\"p18_lgbtqi\":\"LGBTQI\",\"p18_lutaantirracismo\":\"Luta antirracismo\",\"p18_mobilidade\":\"Mobilidade\",\"p18_moradia\":\"Moradia\",\"p18_povosecomunidadestradicionais\":\"Povos e comunidades tradicionais\",\"p18_trabalho\":\"Trabalho\",\"p18_religiao\":\"Religi\\u00e3o\",\"p18_saude\":\"Sa\\u00fade\",\"p18_violencia\":\"Viol\\u00eancia\",\"p18_politicasculturais\":\"Pol\\u00edticas Culturais\",\"p19_agrario\":\"Agr\\u00e1rio\\\/ruralidades\",\"p19_comunicacao\":\"Comunica\\u00e7\\u00e3o\",\"p19_direitoshumanos\":\"Direitos humanos\",\"p19_lgbtqi\":\"LGBTQI\",\"p19_lutaantirracismo\":\"Luta antirracismo\",\"p19_povosecomunidadestradicionais\":\"Povos e comunidades tradicionais\",\"p20_reunioes\":\"Reuni\\u00f5es\",\"p20_atendimento\":\"Atendimento\",\"p20_oficinasaulasartisticas\":\"Ensaios\\\/Oficinas\\\/Aulas art\\u00edsticas\",\"p20_formacao\":\"Forma\\u00e7\\u00e3o\",\"p20_apresentacoesartisticas\":\"Apresenta\\u00e7\\u00f5es art\\u00edsticas\",\"p21_repressaopolicial\":\"Repress\\u00e3o policial\",\"p21_machismo\":\"Machismo\",\"p21_racismo\":\"Racismo\",\"p21_lgbtqifobia\":\"LGBTIfobia\",\"p21_enfrentamentocomgruposprivadosarmados\":\"Enfrentamento com grupos privados armados\",\"p22_numerodeparticipantes\":\"15 - 30\",\"p23_reunioes\":\"Reuni\\u00f5es\",\"p23_atendimento\":\"Atendimento\",\"p23_formacao\":\"Forma\\u00e7\\u00e3o\",\"p23_apresentacoesartisticas\":\"Apresenta\\u00e7\\u00f5es Art\\u00edsticas\",\"p23_outros\":\"Outros\",\"p24_atendimento\":\"Atendimentos\",\"p24_apresentacoesartisticas\":\"Apresenta\\u00e7\\u00f5es art\\u00edsticas\",\"p24_visitasexcursoes\":\"Visitas\\\/Excurs\\u00f5es\",\"p24_outros\":\"Outros\",\"p25_numerodepessoas\":\"40 - 60\",\"p26_numerodepessoas\":\"60 - 80\",\"p27_espacopublico\":\"Espa\\u00e7o p\\u00fablico\",\"p27_espacoemprestadocedido\":\"Espa\\u00e7o emprestado\\\/cedido\",\"p27_espacoproprio\":\"Espa\\u00e7o pr\\u00f3prio\",\"p27_ocupacao\":\"Ocupa\\u00e7\\u00e3o\",\"p28_territorios\":\"Atua\\u00e7\\u00e3o Nacional\",\"p30_outrasorganizacoes\":\"Sim\",\"p32_campanhadelongaduracao\":\"Sim\",\"p34_nacional\":\"Nacional\",\"p34_nenhuma\":\"Nenhuma\",\"p36_conselhosdeparticipacaoecontrolesocial\":\"Sim\",\"p38_sim\":\"Sim\",\"p38_nenhum\":\"Nenhum\",\"p40_editais\":\"Sim\",\"p41_publicoestatal\":\"P\\u00fablico-Estatal\",\"p41_privadopf\":\"Privado (P. F\\u00edsica)\",\"p41_privadopj\":\"Privado (P. Jur\\u00eddica)\",\"p41_autofinanciamento\":\"Autofinanciamento\",\"p42_meiodedivulgacaoproprio\":\"Sim\",\"p43_email\":\"E-mail\",\"p43_facebook\":\"Facebook\",\"p43_instagram\":\"Instagram\",\"p43_twitter\":\"Twitter\",\"p43_sitesblogs\":\"Blogs\\\/sites\",\"p44_radio\":\"TV\",\"p44_jornaisimpressosdegrandecirculacao\":\"Jornais impressos de grande circula\\u00e7\\u00e3o\",\"p44_nenhum\":\"Nenhum\",\"p39_publico\":\"MOVIMENTOS SOCIAIS ORGANIZA\\u00c7\\u00d5ES DEFENSORES MILITANTES DIREITOS HUMANOS\",\"p45_bandeira\":\"DEFESA DIREITOS HUMANOS DIREITO MORADIA DIREITO ALIMENTA\\u00c7\\u00c3O QUALIDADE CONTRA AGROT\\u00d3XICOS TRANSG\\u00caNICOS DIREITO TERRIT\\u00d3RIO DEMOCRATIZA\\u00c7\\u00c3O JUDICI\\u00c1RIO\",\"p46_hashtags\":\"#DIREITOSVALEMMAIS\"},{\"p1_eixo\":\"Cultura\",\"p9_tipoorganizacao\":\"Coletivo Art\\u00edstico\",\"p12_uf\":\"SP\",\"p13_cidade\":\"S\\u00c3O PAULO\",\"p16_cidade\":\"Cidade\",\"p17_ano\":\"2017\",\"p16_estado\":\"Estado\",\"p18_agrario\":\"Agr\\u00e1rio\\\/ruralidades\",\"p18_comunicacao\":\"Comunica\\u00e7\\u00e3o\",\"p18_difusaoartistica\":\"Difus\\u00e3o Art\\u00edstica\",\"p18_desenvolvimentoterritorial\":\"Desenvolvimento territorial\",\"p18_direitoshumanos\":\"Direitos humanos\",\"p18_educacao\":\"Educa\\u00e7\\u00e3o\",\"p18_feminismos\":\"Feminismos\",\"p18_lgbtqi\":\"LGBTQI\",\"p18_lutaantirracismo\":\"Luta antirracismo\",\"p18_mobilidade\":\"Mobilidade\",\"p18_moradia\":\"Moradia\",\"p18_povosecomunidadestradicionais\":\"Povos e comunidades tradicionais\",\"p18_trabalho\":\"Trabalho\",\"p18_religiao\":\"Religi\\u00e3o\",\"p18_saude\":\"Sa\\u00fade\",\"p18_violencia\":\"Viol\\u00eancia\",\"p18_politicasculturais\":\"Pol\\u00edticas Culturais\",\"p19_comunicacao\":\"Comunica\\u00e7\\u00e3o\",\"p19_educacao\":\"Educa\\u00e7\\u00e3o\",\"p19_feminismos\":\"Feminismos\",\"p19_lgbtqi\":\"LGBTQI\",\"p19_lutaantirracismo\":\"Luta antirracismo\",\"p19_trabalho\":\"Trabalho\",\"p20_reunioes\":\"Reuni\\u00f5es\",\"p20_atendimento\":\"Atendimento\",\"p20_oficinas\":\"Oficinas\",\"p20_oficinasaulasartisticas\":\"Ensaios\\\/Oficinas\\\/Aulas art\\u00edsticas\",\"p20_formacao\":\"Forma\\u00e7\\u00e3o\",\"p20_profissionalizacao\":\"Profissionaliza\\u00e7\\u00e3o\",\"p20_apresentacoesartisticas\":\"Apresenta\\u00e7\\u00f5es art\\u00edsticas\",\"p21_repressaopolicial\":\"Repress\\u00e3o policial\",\"p21_intoleranciareligiosa\":\"Fundamentalismo\\\/intoler\\u00e2ncia religiosa\",\"p21_xenofobia\":\"Xenofobia\",\"p21_machismo\":\"Machismo\",\"p21_racismo\":\"Racismo\",\"p21_lgbtqifobia\":\"LGBTIfobia\",\"p22_numerodeparticipantes\":\"1  - 15\",\"p23_reunioes\":\"Reuni\\u00f5es\",\"p23_oficinas\":\"Oficinas\",\"p23_profissionalizacao\":\"Profissionaliza\\u00e7\\u00e3o\",\"p23_apresentacoesartisticas\":\"Apresenta\\u00e7\\u00f5es Art\\u00edsticas\",\"p23_outros\":\"Outros\",\"p24_reunioes\":\"Reuni\\u00f5es\",\"p24_apresentacoesartisticas\":\"Apresenta\\u00e7\\u00f5es art\\u00edsticas\",\"p24_visitasexcursoes\":\"Visitas\\\/Excurs\\u00f5es\",\"p24_outros\":\"Outros\",\"p25_numerodepessoas\":\"60 - 80\",\"p26_numerodepessoas\":\"60 - 80\",\"p27_espacopublico\":\"Espa\\u00e7o p\\u00fablico\",\"p27_espacoemprestadocedido\":\"Espa\\u00e7o emprestado\\\/cedido\",\"p27_espacoproprio\":\"Espa\\u00e7o pr\\u00f3prio\",\"p27_ocupacao\":\"Ocupa\\u00e7\\u00e3o\",\"p28_territorios\":\"Pr\\u00f3prio bairro\",\"p30_outrasorganizacoes\":\"Sim\",\"p32_campanhadelongaduracao\":\"Sim\",\"p34_nenhuma\":\"Nenhuma\",\"p36_conselhosdeparticipacaoecontrolesocial\":\"N\\u00e3o\",\"p38_sim\":\"Sim\",\"p38_nenhum\":\"Nenhum\",\"p40_editais\":\"N\\u00e3o\",\"p41_publicoestatal\":\"P\\u00fablico-Estatal\",\"p41_autofinanciamento\":\"Autofinanciamento\",\"p42_meiodedivulgacaoproprio\":\"Sim\",\"p43_impressoes\":\"Impressos\",\"p43_email\":\"E-mail\",\"p43_facebook\":\"Facebook\",\"p43_instagram\":\"Instagram\",\"p43_twitter\":\"Twitter\",\"p43_sitesblogs\":\"Blogs\\\/sites\",\"p44_radio\":\"TV\",\"p44_jornaisimpressosdegrandecirculacao\":\"Jornais impressos de grande circula\\u00e7\\u00e3o\",\"p44_jornaisimpressosdebairro\":\"Jornais impressos de bairro\",\"p44_redessociais\":\"Redes sociais (Facebook, YouTube, Instagram etc.)\",\"p44_sitesblogs\":\"Sites ou Blogs\",\"p44_nenhum\":\"Nenhum\",\"p39_publico\":\"JUVENTUDE\",\"p45_bandeira\":\"DI\\u00c1LOGO JUVENTUDE\",\"p46_hashtags\":\"#CAVE #EOHYPE #FOGONOSRACISTAS\"},{\"p1_eixo\":\"Trabalho\",\"p9_tipoorganizacao\":\"Associa\\u00e7\\u00e3o\",\"p12_uf\":\"SE\",\"p13_cidade\":\"ARACAJU\",\"p16_cidade\":\"Cidade\",\"p17_ano\":\"2009\",\"p16_estado\":\"Estado\",\"p18_agrario\":\"Agr\\u00e1rio\\\/ruralidades\",\"p18_comunicacao\":\"Comunica\\u00e7\\u00e3o\",\"p18_difusaoartistica\":\"Difus\\u00e3o Art\\u00edstica\",\"p18_desenvolvimentoterritorial\":\"Desenvolvimento territorial\",\"p18_direitoshumanos\":\"Direitos humanos\",\"p18_educacao\":\"Educa\\u00e7\\u00e3o\",\"p18_feminismos\":\"Feminismos\",\"p18_lgbtqi\":\"LGBTQI\",\"p18_lutaantirracismo\":\"Luta antirracismo\",\"p18_mobilidade\":\"Mobilidade\",\"p18_povosecomunidadestradicionais\":\"Povos e comunidades tradicionais\",\"p18_trabalho\":\"Trabalho\",\"p18_saude\":\"Sa\\u00fade\",\"p18_violencia\":\"Viol\\u00eancia\",\"p18_politicasculturais\":\"Pol\\u00edticas Culturais\",\"p19_educacao\":\"Educa\\u00e7\\u00e3o\",\"p19_feminismos\":\"Feminismos\",\"p19_lgbtqi\":\"LGBTQI\",\"p19_lutaantirracismo\":\"Luta antirracismo\",\"p19_trabalho\":\"Trabalho\",\"p19_difusaoartistica\":\"Difus\\u00e3o Art\\u00edstica\",\"p20_reunioes\":\"Reuni\\u00f5es\",\"p20_atendimento\":\"Atendimento\",\"p20_oficinas\":\"Oficinas\",\"p20_oficinasaulasartisticas\":\"Ensaios\\\/Oficinas\\\/Aulas art\\u00edsticas\",\"p20_formacao\":\"Forma\\u00e7\\u00e3o\",\"p20_profissionalizacao\":\"Profissionaliza\\u00e7\\u00e3o\",\"p20_apresentacoesartisticas\":\"Apresenta\\u00e7\\u00f5es art\\u00edsticas\",\"p21_repressaopolicial\":\"Repress\\u00e3o policial\",\"p21_intoleranciareligiosa\":\"Fundamentalismo\\\/intoler\\u00e2ncia religiosa\",\"p21_xenofobia\":\"Xenofobia\",\"p21_machismo\":\"Machismo\",\"p21_racismo\":\"Racismo\",\"p21_lgbtqifobia\":\"LGBTIfobia\",\"p22_numerodeparticipantes\":\"15 - 30\",\"p23_oficinas\":\"Oficinas\",\"p23_oficinasaulasartisticas\":\"Ensaio\\\/Oficinas\\\/Aulas Art\\u00edsticas\",\"p23_profissionalizacao\":\"Profissionaliza\\u00e7\\u00e3o\",\"p23_outros\":\"Outros\",\"p24_reunioes\":\"Reuni\\u00f5es\",\"p24_apresentacoesartisticas\":\"Apresenta\\u00e7\\u00f5es art\\u00edsticas\",\"p24_visitasexcursoes\":\"Visitas\\\/Excurs\\u00f5es\",\"p24_outros\":\"Outros\",\"p25_numerodepessoas\":\"20 - 40\",\"p26_numerodepessoas\":\"1 - 20\",\"p27_espacopublico\":\"Espa\\u00e7o p\\u00fablico\",\"p27_espacoemprestadocedido\":\"Espa\\u00e7o emprestado\\\/cedido\",\"p27_espacoproprio\":\"Espa\\u00e7o pr\\u00f3prio\",\"p27_ocupacao\":\"Ocupa\\u00e7\\u00e3o\",\"p28_territorios\":\"Regi\\u00e3o da Cidade\",\"p30_outrasorganizacoes\":\"Sim\",\"p32_campanhadelongaduracao\":\"Sim\",\"p34_nenhuma\":\"Nenhuma\",\"p36_conselhosdeparticipacaoecontrolesocial\":\"N\\u00e3o\",\"p38_sim\":\"Sim\",\"p38_nenhum\":\"Nenhum\",\"p40_editais\":\"Sim\",\"p41_publicoestatal\":\"P\\u00fablico-Estatal\",\"p41_privadopf\":\"Privado (P. F\\u00edsica)\",\"p41_privadopj\":\"Privado (P. Jur\\u00eddica)\",\"p42_meiodedivulgacaoproprio\":\"Sim\",\"p43_impressoes\":\"Impressos\",\"p43_email\":\"E-mail\",\"p43_facebook\":\"Facebook\",\"p43_instagram\":\"Instagram\",\"p43_sitesblogs\":\"Blogs\\\/sites\",\"p43_youtube\":\"YouTube\",\"p44_radio\":\"TV\",\"p44_jornaisimpressosdegrandecirculacao\":\"Jornais impressos de grande circula\\u00e7\\u00e3o\",\"p44_jornaisimpressosdebairro\":\"Jornais impressos de bairro\",\"p44_redessociais\":\"Redes sociais (Facebook, YouTube, Instagram etc.)\",\"p44_sitesblogs\":\"Sites ou Blogs\",\"p44_nenhum\":\"Nenhum\",\"p39_publico\":\"MULHERES COMUNIDADES TRADICIONAIS MULHERES VULNERABILIDADE SOCIAL  MISTO \",\"p45_bandeira\":\"VENCER POBREZA EDUCA\\u00c7\\u00c3O MAIORIA MULHERES FORTALECER MULHERES ENQUANTO MULHERES VENCER DOM\\u00c9STICA INCENTIVO FORTALECIMENTO SABER TRADICIONAL RENDA OPORTUNIDADES\",\"p46_hashtags\":\"#UMAPOBREPUXAOUTRA #FORTALECIMENTODASMULHERES #ELENAO\"},{\"p1_eixo\":\"Cultura\",\"p9_tipoorganizacao\":\"Coletivo Art\\u00edstico\",\"p12_uf\":\"MG\",\"p13_cidade\":\"BELO HORIZONTE\",\"p16_cidade\":\"Cidade\",\"p17_ano\":\"2015\",\"p18_agrario\":\"Agr\\u00e1rio\\\/ruralidades\",\"p18_comunicacao\":\"Comunica\\u00e7\\u00e3o\",\"p18_difusaoartistica\":\"Difus\\u00e3o Art\\u00edstica\",\"p18_desenvolvimentoterritorial\":\"Desenvolvimento territorial\",\"p18_direitoshumanos\":\"Direitos humanos\",\"p18_educacao\":\"Educa\\u00e7\\u00e3o\",\"p18_feminismos\":\"Feminismos\",\"p18_lgbtqi\":\"LGBTQI\",\"p18_lutaantirracismo\":\"Luta antirracismo\",\"p18_mobilidade\":\"Mobilidade\",\"p18_povosecomunidadestradicionais\":\"Povos e comunidades tradicionais\",\"p18_trabalho\":\"Trabalho\",\"p18_saude\":\"Sa\\u00fade\",\"p18_violencia\":\"Viol\\u00eancia\",\"p18_politicasculturais\":\"Pol\\u00edticas Culturais\",\"p19_agrario\":\"Agr\\u00e1rio\\\/ruralidades\",\"p19_direitoshumanos\":\"Direitos humanos\",\"p19_lgbtqi\":\"LGBTQI\",\"p19_lutaantirracismo\":\"Luta antirracismo\",\"p19_trabalho\":\"Trabalho\",\"p19_difusaoartistica\":\"Difus\\u00e3o Art\\u00edstica\",\"p20_reunioes\":\"Reuni\\u00f5es\",\"p20_atendimento\":\"Atendimento\",\"p20_oficinas\":\"Oficinas\",\"p20_oficinasaulasartisticas\":\"Ensaios\\\/Oficinas\\\/Aulas art\\u00edsticas\",\"p20_formacao\":\"Forma\\u00e7\\u00e3o\",\"p20_apresentacoesartisticas\":\"Apresenta\\u00e7\\u00f5es art\\u00edsticas\",\"p20_visitasexcursoes\":\"Visitas\\\/Excurs\\u00f5es\",\"p21_repressaopolicial\":\"Repress\\u00e3o policial\",\"p21_xenofobia\":\"Xenofobia\",\"p21_machismo\":\"Machismo\",\"p21_racismo\":\"Racismo\",\"p21_lgbtqifobia\":\"LGBTIfobia\",\"p21_enfrentamentocomgruposprivadosarmados\":\"Enfrentamento com grupos privados armados\",\"p22_numerodeparticipantes\":\"1  - 15\",\"p23_reunioes\":\"Reuni\\u00f5es\",\"p23_atendimento\":\"Atendimento\",\"p23_oficinasaulasartisticas\":\"Ensaio\\\/Oficinas\\\/Aulas Art\\u00edsticas\",\"p23_formacao\":\"Forma\\u00e7\\u00e3o\",\"p23_visitas\":\"Visitas\",\"p23_outros\":\"Outros\",\"p24_reunioes\":\"Reuni\\u00f5es\",\"p24_oficinas\":\"Oficinas\",\"p24_apresentacoesartisticas\":\"Apresenta\\u00e7\\u00f5es art\\u00edsticas\",\"p24_outros\":\"Outros\",\"p25_numerodepessoas\":\"200 - 300\",\"p26_numerodepessoas\":\"Mais de 500\",\"p27_espacopublico\":\"Espa\\u00e7o p\\u00fablico\",\"p27_espacoemprestadocedido\":\"Espa\\u00e7o emprestado\\\/cedido\",\"p27_espacoproprio\":\"Espa\\u00e7o pr\\u00f3prio\",\"p27_ocupacao\":\"Ocupa\\u00e7\\u00e3o\",\"p28_territorios\":\"Pr\\u00f3prio bairro\",\"p30_outrasorganizacoes\":\"Sim\",\"p32_campanhadelongaduracao\":\"Sim\",\"p34_estadual\":\"Estadual\",\"p34_nacional\":\"Nacional\",\"p34_nenhuma\":\"Nenhuma\",\"p36_conselhosdeparticipacaoecontrolesocial\":\"Sim\",\"p38_nenhum\":\"Nenhum\",\"p40_editais\":\"N\\u00e3o\",\"p41_publicoestatal\":\"P\\u00fablico-Estatal\",\"p41_privadopf\":\"Privado (P. F\\u00edsica)\",\"p41_privadopj\":\"Privado (P. Jur\\u00eddica)\",\"p42_meiodedivulgacaoproprio\":\"Sim\",\"p43_impressoes\":\"Impressos\",\"p43_email\":\"E-mail\",\"p43_facebook\":\"Facebook\",\"p43_instagram\":\"Instagram\",\"p43_sitesblogs\":\"Blogs\\\/sites\",\"p43_youtube\":\"YouTube\",\"p44_radio\":\"R\\u00e1dio\",\"p44_jornaisimpressosdebairro\":\"Jornais impressos de bairro\",\"p44_redessociais\":\"Redes sociais (Facebook, YouTube, Instagram etc.)\",\"p44_sitesblogs\":\"Sites ou Blogs\",\"p44_nenhum\":\"Nenhum\",\"p39_publico\":\"TODOS\",\"p45_bandeira\":\"LUTA ANTIRRACISMO CULTURA FUNK\",\"p46_hashtags\":\"#VAITERFUNKSIM #FUNKECULTURA #FAVELAVIVE\"},{\"p1_eixo\":\"Trabalho\",\"p9_tipoorganizacao\":\"ONG\",\"p12_uf\":\"BA\",\"p13_cidade\":\"SALVADOR\",\"p16_cidade\":\"Cidade\",\"p16_nacional\":\"Nacional\",\"p17_ano\":\"1989\",\"p18_agrario\":\"Agr\\u00e1rio\\\/ruralidades\",\"p18_comunicacao\":\"Comunica\\u00e7\\u00e3o\",\"p18_desenvolvimentoterritorial\":\"Desenvolvimento territorial\",\"p18_direitoshumanos\":\"Direitos humanos\",\"p18_educacao\":\"Educa\\u00e7\\u00e3o\",\"p18_feminismos\":\"Feminismos\",\"p18_lutaantirracismo\":\"Luta antirracismo\",\"p18_povosecomunidadestradicionais\":\"Povos e comunidades tradicionais\",\"p18_trabalho\":\"Trabalho\",\"p18_saude\":\"Sa\\u00fade\",\"p18_violencia\":\"Viol\\u00eancia\",\"p19_agrario\":\"Agr\\u00e1rio\\\/ruralidades\",\"p19_desenvolvimentoterritorial\":\"Desenvolvimento territorial\",\"p19_direitoshumanos\":\"Direitos humanos\",\"p19_povosecomunidadestradicionais\":\"Povos e comunidades tradicionais\",\"p19_trabalho\":\"Trabalho\",\"p20_reunioes\":\"Reuni\\u00f5es\",\"p20_atendimento\":\"Atendimento\",\"p20_oficinas\":\"Oficinas\",\"p20_formacao\":\"Forma\\u00e7\\u00e3o\",\"p20_visitasexcursoes\":\"Visitas\\\/Excurs\\u00f5es\",\"p21_machismo\":\"Machismo\",\"p21_enfrentamentocomgruposprivadosarmados\":\"Enfrentamento com grupos privados armados\",\"p21_nenhum\":\"Nenhum\",\"p22_numerodeparticipantes\":\"45 - 60\",\"p23_reunioes\":\"Reuni\\u00f5es\",\"p23_atendimento\":\"Atendimento\",\"p23_formacao\":\"Forma\\u00e7\\u00e3o\",\"p23_visitas\":\"Visitas\",\"p23_outros\":\"Outros\",\"p24_reunioes\":\"Reuni\\u00f5es\",\"p24_atendimento\":\"Atendimentos\",\"p24_oficinas\":\"Oficinas\",\"p24_visitasexcursoes\":\"Visitas\\\/Excurs\\u00f5es\",\"p24_outros\":\"Outros\",\"p25_numerodepessoas\":\"100 - 200\",\"p26_numerodepessoas\":\"100 - 200\",\"p27_espacoemprestadocedido\":\"Espa\\u00e7o emprestado\\\/cedido\",\"p27_espacoproprio\":\"Espa\\u00e7o pr\\u00f3prio\",\"p28_territorios\":\"Regi\\u00e3o da Cidade\",\"p30_outrasorganizacoes\":\"Sim\",\"p32_campanhadelongaduracao\":\"N\\u00e3o\",\"p34_estadual\":\"Estadual\",\"p34_nacional\":\"Nacional\",\"p36_conselhosdeparticipacaoecontrolesocial\":\"Sim\",\"p38_sim\":\"Sim\",\"p38_nenhum\":\"Nenhum\",\"p40_editais\":\"Sim\",\"p41_publicoestatal\":\"P\\u00fablico-Estatal\",\"p41_privadopj\":\"Privado (P. Jur\\u00eddica)\",\"p42_meiodedivulgacaoproprio\":\"Sim\",\"p43_impressoes\":\"Impressos\",\"p43_email\":\"E-mail\",\"p43_facebook\":\"Facebook\",\"p43_instagram\":\"Instagram\",\"p43_twitter\":\"Twitter\",\"p43_sitesblogs\":\"Blogs\\\/sites\",\"p43_youtube\":\"YouTube\",\"p44_radio\":\"TV\",\"p44_jornaisimpressosdegrandecirculacao\":\"Jornais impressos de grande circula\\u00e7\\u00e3o\",\"p44_jornaisimpressosdebairro\":\"Jornais impressos de bairro\",\"p44_redessociais\":\"Redes sociais (Facebook, YouTube, Instagram etc.)\",\"p44_sitesblogs\":\"Sites ou Blogs\",\"p39_publico\":\"AGRICULTORES FAMILIARES COMUNIDADES TRADICIONAIS ASSOCIA\\u00c7\\u00d5ES QUILOMBOLAS MULHERES JUVENTUDE RURAL\",\"p45_bandeira\":\"PROMO\\u00c7\\u00c3O AGROECOLOGIA DEMOCRACIA GARANTIA DIREITOS\",\"p46_hashtags\":\"#SEMDEMOCRACIANAOHAAGROECOLOGIA #AGROECOLOGIAUNINDOCAMPOECIDADE\"},{\"p1_eixo\":\"Trabalho\",\"p9_tipoorganizacao\":\"ONG\",\"p12_uf\":\"MT\",\"p13_cidade\":\"ARIPUAN\\u00c3\",\"p16_nacional\":\"Nacional\",\"p17_ano\":\"2013\",\"p16_estado\":\"Estado\",\"p18_agrario\":\"Agr\\u00e1rio\\\/ruralidades\",\"p18_comunicacao\":\"Comunica\\u00e7\\u00e3o\",\"p18_desenvolvimentoterritorial\":\"Desenvolvimento territorial\",\"p18_direitoshumanos\":\"Direitos humanos\",\"p18_educacao\":\"Educa\\u00e7\\u00e3o\",\"p18_feminismos\":\"Feminismos\",\"p18_lutaantirracismo\":\"Luta antirracismo\",\"p18_moradia\":\"Moradia\",\"p18_povosecomunidadestradicionais\":\"Povos e comunidades tradicionais\",\"p18_trabalho\":\"Trabalho\",\"p18_saude\":\"Sa\\u00fade\",\"p18_violencia\":\"Viol\\u00eancia\",\"p18_politicasculturais\":\"Pol\\u00edticas Culturais\",\"p19_agrario\":\"Agr\\u00e1rio\\\/ruralidades\",\"p19_desenvolvimentoterritorial\":\"Desenvolvimento territorial\",\"p19_educacao\":\"Educa\\u00e7\\u00e3o\",\"p19_povosecomunidadestradicionais\":\"Povos e comunidades tradicionais\",\"p20_reunioes\":\"Reuni\\u00f5es\",\"p20_atendimento\":\"Atendimento\",\"p20_oficinas\":\"Oficinas\",\"p20_visitasexcursoes\":\"Visitas\\\/Excurs\\u00f5es\",\"p21_intoleranciareligiosa\":\"Fundamentalismo\\\/intoler\\u00e2ncia religiosa\",\"p21_machismo\":\"Machismo\",\"p21_racismo\":\"Racismo\",\"p21_lgbtqifobia\":\"LGBTIfobia\",\"p21_nenhum\":\"Nenhum\",\"p22_numerodeparticipantes\":\"1  - 15\",\"p23_reunioes\":\"Reuni\\u00f5es\",\"p23_atendimento\":\"Atendimento\",\"p23_visitas\":\"Visitas\",\"p23_outros\":\"Outros\",\"p24_reunioes\":\"Reuni\\u00f5es\",\"p24_atendimento\":\"Atendimentos\",\"p24_oficinas\":\"Oficinas\",\"p24_visitasexcursoes\":\"Visitas\\\/Excurs\\u00f5es\",\"p24_outros\":\"Outros\",\"p25_numerodepessoas\":\"Mais de 500\",\"p26_numerodepessoas\":\"Mais de 500\",\"p27_espacoemprestadocedido\":\"Espa\\u00e7o emprestado\\\/cedido\",\"p27_espacoproprio\":\"Espa\\u00e7o pr\\u00f3prio\",\"p28_territorios\":\"Atua\\u00e7\\u00e3o Nacional\",\"p30_outrasorganizacoes\":\"Sim\",\"p32_campanhadelongaduracao\":\"N\\u00e3o\",\"p34_estadual\":\"Estadual\",\"p34_nacional\":\"Nacional\",\"p36_conselhosdeparticipacaoecontrolesocial\":\"Sim\",\"p38_sim\":\"Sim\",\"p38_nenhum\":\"Nenhum\",\"p40_editais\":\"Sim\",\"p41_publicoestatal\":\"P\\u00fablico-Estatal\",\"p41_privadopj\":\"Privado (P. Jur\\u00eddica)\",\"p42_meiodedivulgacaoproprio\":\"Sim\",\"p43_email\":\"E-mail\",\"p43_facebook\":\"Facebook\",\"p43_whatsapp\":\"WhatsApp\",\"p43_instagram\":\"Instagram\",\"p43_twitter\":\"Twitter\",\"p43_sitesblogs\":\"Blogs\\\/sites\",\"p44_radio\":\"TV\",\"p44_jornaisimpressosdegrandecirculacao\":\"Jornais impressos de grande circula\\u00e7\\u00e3o\",\"p44_jornaisimpressosdebairro\":\"Jornais impressos de bairro\",\"p44_redessociais\":\"Redes sociais (Facebook, YouTube, Instagram etc.)\",\"p44_sitesblogs\":\"Sites ou Blogs\",\"p39_publico\":\"COMUNIDADES IND\\u00cdGENAS POVOS TRADICIONAIS\",\"p45_bandeira\":\"DIREITOS POVOS ORIGIN\\u00c1RIOS DIREITO DIREITO MODO VIDA TRADICIONAL DIREITO MANUTEN\\u00c7\\u00c3O CULTURAL POVOS GERA\\u00c7\\u00c3O RENDA SUSTENT\\u00c1VEL COMUNIDADES TRADICIONAIS\",\"p46_hashtags\":\"#FLORESTAETERRA #MATNTERFLORESTAEMPEEUMBOMNEGOCIO #SOCIOBIODIVERSIDADE\"},{\"p1_eixo\":\"Trabalho\",\"p9_tipoorganizacao\":\"ONG\",\"p12_uf\":\"PA\",\"p13_cidade\":\"BEL\\u00c9M\",\"p17_ano\":\"2004\",\"p16_estado\":\"Estado\",\"p18_agrario\":\"Agr\\u00e1rio\\\/ruralidades\",\"p18_comunicacao\":\"Comunica\\u00e7\\u00e3o\",\"p18_difusaoartistica\":\"Difus\\u00e3o Art\\u00edstica\",\"p18_desenvolvimentoterritorial\":\"Desenvolvimento territorial\",\"p18_direitoshumanos\":\"Direitos humanos\",\"p18_educacao\":\"Educa\\u00e7\\u00e3o\",\"p18_feminismos\":\"Feminismos\",\"p18_lgbtqi\":\"LGBTQI\",\"p18_lutaantirracismo\":\"Luta antirracismo\",\"p18_moradia\":\"Moradia\",\"p18_povosecomunidadestradicionais\":\"Povos e comunidades tradicionais\",\"p18_trabalho\":\"Trabalho\",\"p18_religiao\":\"Religi\\u00e3o\",\"p18_saude\":\"Sa\\u00fade\",\"p18_violencia\":\"Viol\\u00eancia\",\"p18_politicasculturais\":\"Pol\\u00edticas Culturais\",\"p19_agrario\":\"Agr\\u00e1rio\\\/ruralidades\",\"p19_desenvolvimentoterritorial\":\"Desenvolvimento territorial\",\"p19_educacao\":\"Educa\\u00e7\\u00e3o\",\"p19_feminismos\":\"Feminismos\",\"p19_difusaoartistica\":\"Difus\\u00e3o Art\\u00edstica\",\"p20_reunioes\":\"Reuni\\u00f5es\",\"p20_atendimento\":\"Atendimento\",\"p20_oficinas\":\"Oficinas\",\"p20_oficinasaulasartisticas\":\"Ensaios\\\/Oficinas\\\/Aulas art\\u00edsticas\",\"p20_apresentacoesartisticas\":\"Apresenta\\u00e7\\u00f5es art\\u00edsticas\",\"p20_visitasexcursoes\":\"Visitas\\\/Excurs\\u00f5es\",\"p21_intoleranciareligiosa\":\"Fundamentalismo\\\/intoler\\u00e2ncia religiosa\",\"p21_machismo\":\"Machismo\",\"p21_racismo\":\"Racismo\",\"p21_lgbtqifobia\":\"LGBTIfobia\",\"p22_numerodeparticipantes\":\"15 - 30\",\"p23_reunioes\":\"Reuni\\u00f5es\",\"p23_atendimento\":\"Atendimento\",\"p23_oficinasaulasartisticas\":\"Ensaio\\\/Oficinas\\\/Aulas Art\\u00edsticas\",\"p23_apresentacoesartisticas\":\"Apresenta\\u00e7\\u00f5es Art\\u00edsticas\",\"p23_visitas\":\"Visitas\",\"p23_outros\":\"Outros\",\"p24_reunioes\":\"Reuni\\u00f5es\",\"p24_oficinas\":\"Oficinas\",\"p24_visitasexcursoes\":\"Visitas\\\/Excurs\\u00f5es\",\"p24_outros\":\"Outros\",\"p25_numerodepessoas\":\"20 - 40\",\"p26_numerodepessoas\":\"300 - 400\",\"p27_espacopublico\":\"Espa\\u00e7o p\\u00fablico\",\"p27_espacoemprestadocedido\":\"Espa\\u00e7o emprestado\\\/cedido\",\"p27_espacoproprio\":\"Espa\\u00e7o pr\\u00f3prio\",\"p28_territorios\":\"Regi\\u00e3o da Cidade\",\"p30_outrasorganizacoes\":\"Sim\",\"p32_campanhadelongaduracao\":\"N\\u00e3o\",\"p34_estadual\":\"Estadual\",\"p34_nacional\":\"Nacional\",\"p36_conselhosdeparticipacaoecontrolesocial\":\"N\\u00e3o\",\"p38_nenhum\":\"Nenhum\",\"p40_editais\":\"N\\u00e3o\",\"p41_publicoestatal\":\"P\\u00fablico-Estatal\",\"p41_privadopj\":\"Privado (P. Jur\\u00eddica)\",\"p41_autofinanciamento\":\"Autofinanciamento\",\"p41_financiamentocoletivo0\":\"Financiamento coletivo\",\"p42_meiodedivulgacaoproprio\":\"Sim\",\"p43_impressoes\":\"Impressos\",\"p43_email\":\"E-mail\",\"p43_facebook\":\"Facebook\",\"p43_whatsapp\":\"WhatsApp\",\"p44_radio\":\"TV\",\"p44_jornaisimpressosdegrandecirculacao\":\"Jornais impressos de grande circula\\u00e7\\u00e3o\",\"p44_jornaisimpressosdebairro\":\"Jornais impressos de bairro\",\"p44_redessociais\":\"Redes sociais (Facebook, YouTube, Instagram etc.)\",\"p44_sitesblogs\":\"Sites ou Blogs\",\"p39_publico\":\"QUILOMBOLAS TODO\",\"p45_bandeira\":\"REGULARIZA\\u00c7\\u00c3O TERRIT\\u00d3RIO POL\\u00cdTICAS MULHERES EDUCA\\u00c7\\u00c3O SA\\u00daDE MORADIA\",\"p46_hashtags\":\"#TITULODATERRAPARAAUTORONIA\"},{\"p1_eixo\":\"Cultura\",\"p9_tipoorganizacao\":\"Instituto\",\"p12_uf\":\"SP\",\"p13_cidade\":\"S\\u00c3O PAULO\",\"p16_nacional\":\"Nacional\",\"p17_ano\":\"2011\",\"p16_estado\":\"Estado\",\"p18_agrario\":\"Agr\\u00e1rio\\\/ruralidades\",\"p18_comunicacao\":\"Comunica\\u00e7\\u00e3o\",\"p18_difusaoartistica\":\"Difus\\u00e3o Art\\u00edstica\",\"p18_desenvolvimentoterritorial\":\"Desenvolvimento territorial\",\"p18_direitoshumanos\":\"Direitos humanos\",\"p18_educacao\":\"Educa\\u00e7\\u00e3o\",\"p18_feminismos\":\"Feminismos\",\"p18_lgbtqi\":\"LGBTQI\",\"p18_lutaantirracismo\":\"Luta antirracismo\",\"p18_mobilidade\":\"Mobilidade\",\"p18_povosecomunidadestradicionais\":\"Povos e comunidades tradicionais\",\"p18_trabalho\":\"Trabalho\",\"p18_religiao\":\"Religi\\u00e3o\",\"p18_violencia\":\"Viol\\u00eancia\",\"p18_politicasculturais\":\"Pol\\u00edticas Culturais\",\"p19_desenvolvimentoterritorial\":\"Desenvolvimento territorial\",\"p19_direitoshumanos\":\"Direitos humanos\",\"p19_feminismos\":\"Feminismos\",\"p19_lutaantirracismo\":\"Luta antirracismo\",\"p19_difusaoartistica\":\"Difus\\u00e3o Art\\u00edstica\",\"p20_atendimento\":\"Atendimento\",\"p20_oficinas\":\"Oficinas\",\"p20_oficinasaulasartisticas\":\"Ensaios\\\/Oficinas\\\/Aulas art\\u00edsticas\",\"p20_apresentacoesartisticas\":\"Apresenta\\u00e7\\u00f5es art\\u00edsticas\",\"p20_visitasexcursoes\":\"Visitas\\\/Excurs\\u00f5es\",\"p21_repressaopolicial\":\"Repress\\u00e3o policial\",\"p21_intoleranciareligiosa\":\"Fundamentalismo\\\/intoler\\u00e2ncia religiosa\",\"p21_xenofobia\":\"Xenofobia\",\"p21_machismo\":\"Machismo\",\"p21_racismo\":\"Racismo\",\"p21_lgbtqifobia\":\"LGBTIfobia\",\"p21_enfrentamentocomgruposprivadosarmados\":\"Enfrentamento com grupos privados armados\",\"p22_numerodeparticipantes\":\"60 - 75\",\"p23_reunioes\":\"Reuni\\u00f5es\",\"p23_atendimento\":\"Atendimento\",\"p23_oficinasaulasartisticas\":\"Ensaio\\\/Oficinas\\\/Aulas Art\\u00edsticas\",\"p23_apresentacoesartisticas\":\"Apresenta\\u00e7\\u00f5es Art\\u00edsticas\",\"p23_outros\":\"Outros\",\"p24_reunioes\":\"Reuni\\u00f5es\",\"p24_oficinas\":\"Oficinas\",\"p24_oficinasaulasartisticas\":\"Ensaios\\\/Oficinas\\\/Aulas art\\u00edsticas\",\"p24_apresentacoesartisticas\":\"Apresenta\\u00e7\\u00f5es art\\u00edsticas\",\"p24_visitasexcursoes\":\"Visitas\\\/Excurs\\u00f5es\",\"p25_numerodepessoas\":\"100 - 200\",\"p26_numerodepessoas\":\"20 - 40\",\"p27_espacopublico\":\"Espa\\u00e7o p\\u00fablico\",\"p27_espacoproprio\":\"Espa\\u00e7o pr\\u00f3prio\",\"p28_territorios\":\"Pr\\u00f3prio bairro\",\"p30_outrasorganizacoes\":\"Sim\",\"p32_campanhadelongaduracao\":\"N\\u00e3o\",\"p34_estadual\":\"Estadual\",\"p34_nacional\":\"Nacional\",\"p36_conselhosdeparticipacaoecontrolesocial\":\"Sim\",\"p38_nenhum\":\"Nenhum\",\"p40_editais\":\"Sim\",\"p41_publicoestatal\":\"P\\u00fablico-Estatal\",\"p41_autofinanciamento\":\"Autofinanciamento\",\"p41_financiamentocoletivo0\":\"Financiamento coletivo\",\"p42_meiodedivulgacaoproprio\":\"Sim\",\"p43_impressoes\":\"Impressos\",\"p43_email\":\"E-mail\",\"p43_facebook\":\"Facebook\",\"p43_instagram\":\"Instagram\",\"p43_sitesblogs\":\"Blogs\\\/sites\",\"p44_radio\":\"TV\",\"p44_jornaisimpressosdegrandecirculacao\":\"Jornais impressos de grande circula\\u00e7\\u00e3o\",\"p44_jornaisimpressosdebairro\":\"Jornais impressos de bairro\",\"p44_redessociais\":\"Redes sociais (Facebook, YouTube, Instagram etc.)\",\"p44_sitesblogs\":\"Sites ou Blogs\",\"p39_publico\":\"CAMPO-LIMPO\",\"p45_bandeira\":\"ACESSO USUFRUTO PRODU\\u00c7\\u00c3O CULTURAL PERIFERIA DIREITO OCUPAR-ESPA\\u00c7OS PRODUZIR\",\"p46_hashtags\":\"#OCUPANDOTERRITORIOSEIMAGINARIOS #OCAMPOLIMPOENOSSOQUINTAL #SINCAROSPESNOBAIRROQUENOSACOLHE\"},{\"p1_eixo\":\"Cultura\",\"p9_tipoorganizacao\":\"Coletivo Art\\u00edstico\",\"p12_uf\":\"SP\",\"p13_cidade\":\"S\\u00c3O PAULO\",\"p16_nacional\":\"Nacional\",\"p17_ano\":\"2002\",\"p18_agrario\":\"Agr\\u00e1rio\\\/ruralidades\",\"p18_comunicacao\":\"Comunica\\u00e7\\u00e3o\",\"p18_difusaoartistica\":\"Difus\\u00e3o Art\\u00edstica\",\"p18_desenvolvimentoterritorial\":\"Desenvolvimento territorial\",\"p18_direitoshumanos\":\"Direitos humanos\",\"p18_educacao\":\"Educa\\u00e7\\u00e3o\",\"p18_feminismos\":\"Feminismos\",\"p18_lgbtqi\":\"LGBTQI\",\"p18_lutaantirracismo\":\"Luta antirracismo\",\"p18_mobilidade\":\"Mobilidade\",\"p18_moradia\":\"Moradia\",\"p18_povosecomunidadestradicionais\":\"Povos e comunidades tradicionais\",\"p18_trabalho\":\"Trabalho\",\"p18_saude\":\"Sa\\u00fade\",\"p18_violencia\":\"Viol\\u00eancia\",\"p18_politicasculturais\":\"Pol\\u00edticas Culturais\",\"p19_direitoshumanos\":\"Direitos humanos\",\"p19_feminismos\":\"Feminismos\",\"p19_lutaantirracismo\":\"Luta antirracismo\",\"p19_violencia\":\"Viol\\u00eancia\",\"p19_difusaoartistica\":\"Difus\\u00e3o Art\\u00edstica\",\"p20_reunioes\":\"Reuni\\u00f5es\",\"p20_atendimento\":\"Atendimento\",\"p20_oficinasaulasartisticas\":\"Ensaios\\\/Oficinas\\\/Aulas art\\u00edsticas\",\"p20_cursos\":\"Cursos\",\"p20_formacao\":\"Forma\\u00e7\\u00e3o\",\"p20_apresentacoesartisticas\":\"Apresenta\\u00e7\\u00f5es art\\u00edsticas\",\"p21_repressaopolicial\":\"Repress\\u00e3o policial\",\"p21_intoleranciareligiosa\":\"Fundamentalismo\\\/intoler\\u00e2ncia religiosa\",\"p21_xenofobia\":\"Xenofobia\",\"p21_machismo\":\"Machismo\",\"p21_racismo\":\"Racismo\",\"p21_lgbtqifobia\":\"LGBTIfobia\",\"p21_enfrentamentocomgruposprivadosarmados\":\"Enfrentamento com grupos privados armados\",\"p22_numerodeparticipantes\":\"1  - 15\",\"p23_reunioes\":\"Reuni\\u00f5es\",\"p23_oficinasaulasartisticas\":\"Ensaio\\\/Oficinas\\\/Aulas Art\\u00edsticas\",\"p23_outros\":\"Outros\",\"p24_oficinasaulasartisticas\":\"Ensaios\\\/Oficinas\\\/Aulas art\\u00edsticas\",\"p24_formacao\":\"Forma\\u00e7\\u00e3o\",\"p24_apresentacoesartisticas\":\"Apresenta\\u00e7\\u00f5es art\\u00edsticas\",\"p25_numerodepessoas\":\"1 - 20\",\"p26_numerodepessoas\":\"100 - 200\",\"p27_espacopublico\":\"Espa\\u00e7o p\\u00fablico\",\"p27_espacoemprestadocedido\":\"Espa\\u00e7o emprestado\\\/cedido\",\"p27_espacoproprio\":\"Espa\\u00e7o pr\\u00f3prio\",\"p28_territorios\":\"Atua\\u00e7\\u00e3o Nacional\",\"p30_outrasorganizacoes\":\"Sim\",\"p32_campanhadelongaduracao\":\"N\\u00e3o\",\"p34_estadual\":\"Estadual\",\"p34_nacional\":\"Nacional\",\"p36_conselhosdeparticipacaoecontrolesocial\":\"N\\u00e3o\",\"p38_nenhum\":\"Nenhum\",\"p40_editais\":\"Sim\",\"p41_publicoestatal\":\"P\\u00fablico-Estatal\",\"p41_privadopj\":\"Privado (P. Jur\\u00eddica)\",\"p41_autofinanciamento\":\"Autofinanciamento\",\"p42_meiodedivulgacaoproprio\":\"Sim\",\"p43_impressoes\":\"Impressos\",\"p43_email\":\"E-mail\",\"p43_facebook\":\"Facebook\",\"p43_instagram\":\"Instagram\",\"p43_sitesblogs\":\"Blogs\\\/sites\",\"p44_radio\":\"TV\",\"p44_jornaisimpressosdegrandecirculacao\":\"Jornais impressos de grande circula\\u00e7\\u00e3o\",\"p44_jornaisimpressosdebairro\":\"Jornais impressos de bairro\",\"p44_redessociais\":\"Redes sociais (Facebook, YouTube, Instagram etc.)\",\"p44_sitesblogs\":\"Sites ou Blogs\",\"p39_publico\":\"JOVENS ADULTOS\",\"p45_bandeira\":\" RACIAL EMPODERAMENTO PERIF\\u00c9RICO RECONHECIMENTO CULTURA BRASILEIRA PLURALIDADE\",\"p46_hashtags\":\"#CORPOSNEGROSEMCENA #TEMPOSDIFICEISEXIGEMDANCASFURIOSAS #VIDASNEGRASIMPORTAM\"},{\"p1_eixo\":\"Trabalho\",\"p9_tipoorganizacao\":\"Instituto\",\"p12_uf\":\"PE\",\"p13_cidade\":\"RECIFE\",\"p16_cidade\":\"Cidade\",\"p16_nacional\":\"Nacional\",\"p17_ano\":\"1981\",\"p18_agrario\":\"Agr\\u00e1rio\\\/ruralidades\",\"p18_comunicacao\":\"Comunica\\u00e7\\u00e3o\",\"p18_difusaoartistica\":\"Difus\\u00e3o Art\\u00edstica\",\"p18_desenvolvimentoterritorial\":\"Desenvolvimento territorial\",\"p18_direitoshumanos\":\"Direitos humanos\",\"p18_educacao\":\"Educa\\u00e7\\u00e3o\",\"p18_feminismos\":\"Feminismos\",\"p18_lgbtqi\":\"LGBTQI\",\"p18_lutaantirracismo\":\"Luta antirracismo\",\"p18_mobilidade\":\"Mobilidade\",\"p18_moradia\":\"Moradia\",\"p18_povosecomunidadestradicionais\":\"Povos e comunidades tradicionais\",\"p18_trabalho\":\"Trabalho\",\"p18_religiao\":\"Religi\\u00e3o\",\"p18_saude\":\"Sa\\u00fade\",\"p18_violencia\":\"Viol\\u00eancia\",\"p18_politicasculturais\":\"Pol\\u00edticas Culturais\",\"p19_direitoshumanos\":\"Direitos humanos\",\"p19_feminismos\":\"Feminismos\",\"p19_lutaantirracismo\":\"Luta antirracismo\",\"p19_violencia\":\"Viol\\u00eancia\",\"p20_reunioes\":\"Reuni\\u00f5es\",\"p20_atendimento\":\"Atendimento\",\"p20_oficinas\":\"Oficinas\",\"p20_cursos\":\"Cursos\",\"p20_formacao\":\"Forma\\u00e7\\u00e3o\",\"p20_visitasexcursoes\":\"Visitas\\\/Excurs\\u00f5es\",\"p21_repressaopolicial\":\"Repress\\u00e3o policial\",\"p21_intoleranciareligiosa\":\"Fundamentalismo\\\/intoler\\u00e2ncia religiosa\",\"p21_xenofobia\":\"Xenofobia\",\"p21_machismo\":\"Machismo\",\"p21_racismo\":\"Racismo\",\"p21_lgbtqifobia\":\"LGBTIfobia\",\"p22_numerodeparticipantes\":\"1  - 15\",\"p23_reunioes\":\"Reuni\\u00f5es\",\"p23_outros\":\"Outros\",\"p24_reunioes\":\"Reuni\\u00f5es\",\"p24_oficinas\":\"Oficinas\",\"p24_formacao\":\"Forma\\u00e7\\u00e3o\",\"p24_apresentacoesartisticas\":\"Apresenta\\u00e7\\u00f5es art\\u00edsticas\",\"p24_visitasexcursoes\":\"Visitas\\\/Excurs\\u00f5es\",\"p25_numerodepessoas\":\"100 - 200\",\"p26_numerodepessoas\":\"200 - 300\",\"p27_espacopublico\":\"Espa\\u00e7o p\\u00fablico\",\"p27_espacoemprestadocedido\":\"Espa\\u00e7o emprestado\\\/cedido\",\"p27_espacoproprio\":\"Espa\\u00e7o pr\\u00f3prio\",\"p27_ocupacao\":\"Ocupa\\u00e7\\u00e3o\",\"p28_territorios\":\"Estado\",\"p30_outrasorganizacoes\":\"Sim\",\"p32_campanhadelongaduracao\":\"N\\u00e3o\",\"p34_estadual\":\"Estadual\",\"p34_nacional\":\"Nacional\",\"p34_nenhuma\":\"Nenhuma\",\"p36_conselhosdeparticipacaoecontrolesocial\":\"Sim\",\"p38_nenhum\":\"Nenhum\",\"p40_editais\":\"Sim\",\"p41_privadopj\":\"Privado (P. Jur\\u00eddica)\",\"p41_autofinanciamento\":\"Autofinanciamento\",\"p42_meiodedivulgacaoproprio\":\"Sim\",\"p43_impressoes\":\"Impressos\",\"p43_email\":\"E-mail\",\"p43_facebook\":\"Facebook\",\"p43_sitesblogs\":\"Blogs\\\/sites\",\"p44_radio\":\"TV\",\"p44_jornaisimpressosdegrandecirculacao\":\"Jornais impressos de grande circula\\u00e7\\u00e3o\",\"p44_jornaisimpressosdebairro\":\"Jornais impressos de bairro\",\"p44_redessociais\":\"Redes sociais (Facebook, YouTube, Instagram etc.)\",\"p44_sitesblogs\":\"Sites ou Blogs\",\"p39_publico\":\"MULHERES MOVIMENTOS SOCIAIS\",\"p45_bandeira\":\"CONTRA-POBREZA ANTIRRACISMO CONTRA-HOMOFOBIA DIMENS\\u00d5ES FEMINISMO TRANSFORMA\\u00c7\\u00c3O ENFRENTAMENTOanticapitalismo  PATRIARCAL\",\"p46_hashtags\":\"#FEMISMOEAREVOLUCAO #FEMINISMOCOMOTRANSFORMACAO\"},{\"p1_eixo\":\"Viol\\u00eancia\",\"p9_tipoorganizacao\":\"Coletivo\",\"p12_uf\":\"PE\",\"p13_cidade\":\"RECIFE\",\"p16_cidade\":\"Cidade\",\"p17_ano\":\"2016\",\"p18_comunicacao\":\"Comunica\\u00e7\\u00e3o\",\"p18_desenvolvimentoterritorial\":\"Desenvolvimento territorial\",\"p18_direitoshumanos\":\"Direitos humanos\",\"p18_educacao\":\"Educa\\u00e7\\u00e3o\",\"p18_feminismos\":\"Feminismos\",\"p18_lgbtqi\":\"LGBTQI\",\"p18_lutaantirracismo\":\"Luta antirracismo\",\"p18_mobilidade\":\"Mobilidade\",\"p18_moradia\":\"Moradia\",\"p18_povosecomunidadestradicionais\":\"Povos e comunidades tradicionais\",\"p18_trabalho\":\"Trabalho\",\"p18_religiao\":\"Religi\\u00e3o\",\"p18_saude\":\"Sa\\u00fade\",\"p18_violencia\":\"Viol\\u00eancia\",\"p18_politicasculturais\":\"Pol\\u00edticas Culturais\",\"p19_comunicacao\":\"Comunica\\u00e7\\u00e3o\",\"p19_direitoshumanos\":\"Direitos humanos\",\"p19_feminismos\":\"Feminismos\",\"p19_lutaantirracismo\":\"Luta antirracismo\",\"p20_reunioes\":\"Reuni\\u00f5es\",\"p20_oficinas\":\"Oficinas\",\"p20_visitasexcursoes\":\"Visitas\\\/Excurs\\u00f5es\",\"p21_repressaopolicial\":\"Repress\\u00e3o policial\",\"p21_intoleranciareligiosa\":\"Fundamentalismo\\\/intoler\\u00e2ncia religiosa\",\"p21_xenofobia\":\"Xenofobia\",\"p21_machismo\":\"Machismo\",\"p21_racismo\":\"Racismo\",\"p21_lgbtqifobia\":\"LGBTIfobia\",\"p22_numerodeparticipantes\":\"1  - 15\",\"p23_reunioes\":\"Reuni\\u00f5es\",\"p23_visitas\":\"Visitas\",\"p23_outros\":\"Outros\",\"p24_reunioes\":\"Reuni\\u00f5es\",\"p24_oficinas\":\"Oficinas\",\"p24_visitasexcursoes\":\"Visitas\\\/Excurs\\u00f5es\",\"p24_outros\":\"Outros\",\"p25_numerodepessoas\":\"1 - 20\",\"p26_numerodepessoas\":\"40 - 60\",\"p27_espacopublico\":\"Espa\\u00e7o p\\u00fablico\",\"p27_espacoemprestadocedido\":\"Espa\\u00e7o emprestado\\\/cedido\",\"p27_ocupacao\":\"Ocupa\\u00e7\\u00e3o\",\"p28_territorios\":\"Cidade\",\"p30_outrasorganizacoes\":\"Sim\",\"p32_campanhadelongaduracao\":\"N\\u00e3o\",\"p34_estadual\":\"Estadual\",\"p34_nenhuma\":\"Nenhuma\",\"p36_conselhosdeparticipacaoecontrolesocial\":\"N\\u00e3o\",\"p38_nenhum\":\"Nenhum\",\"p40_editais\":\"N\\u00e3o\",\"p41_privadopj\":\"Privado (P. Jur\\u00eddica)\",\"p41_autofinanciamento\":\"Autofinanciamento\",\"p42_meiodedivulgacaoproprio\":\"Sim\",\"p43_impressoes\":\"Impressos\",\"p43_email\":\"E-mail\",\"p43_facebook\":\"Facebook\",\"p43_instagram\":\"Instagram\",\"p43_sitesblogs\":\"Blogs\\\/sites\",\"p43_youtube\":\"YouTube\",\"p44_jornaisimpressosdebairro\":\"Jornais impressos de bairro\",\"p44_redessociais\":\"Redes sociais (Facebook, YouTube, Instagram etc.)\",\"p44_sitesblogs\":\"Sites ou Blogs\",\"p39_publico\":\"MULHERES NEGRAS\",\"p45_bandeira\":\"LUTA SOCIEDADE ANTIRRACISTA SEM-SEXISMO\",\"p46_hashtags\":\"#MULHERESNEGRASNOPODER #PORUMASOCIEDADESEMRACISMO\"},{\"p1_eixo\":\"Viol\\u00eancia\",\"p9_tipoorganizacao\":\"Coletivo\",\"p12_uf\":\"PE\",\"p13_cidade\":\"RECIFE\",\"p16_cidade\":\"Cidade\",\"p16_nacional\":\"Nacional\",\"p17_ano\":\"2016\",\"p18_comunicacao\":\"Comunica\\u00e7\\u00e3o\",\"p18_desenvolvimentoterritorial\":\"Desenvolvimento territorial\",\"p18_direitoshumanos\":\"Direitos humanos\",\"p18_educacao\":\"Educa\\u00e7\\u00e3o\",\"p18_feminismos\":\"Feminismos\",\"p18_lgbtqi\":\"LGBTQI\",\"p18_lutaantirracismo\":\"Luta antirracismo\",\"p18_mobilidade\":\"Mobilidade\",\"p18_moradia\":\"Moradia\",\"p18_povosecomunidadestradicionais\":\"Povos e comunidades tradicionais\",\"p18_trabalho\":\"Trabalho\",\"p18_religiao\":\"Religi\\u00e3o\",\"p18_saude\":\"Sa\\u00fade\",\"p18_violencia\":\"Viol\\u00eancia\",\"p18_politicasculturais\":\"Pol\\u00edticas Culturais\",\"p19_agrario\":\"Agr\\u00e1rio\\\/ruralidades\",\"p19_comunicacao\":\"Comunica\\u00e7\\u00e3o\",\"p19_desenvolvimentoterritorial\":\"Desenvolvimento territorial\",\"p19_direitoshumanos\":\"Direitos humanos\",\"p19_lutaantirracismo\":\"Luta antirracismo\",\"p19_trabalho\":\"Trabalho\",\"p20_reunioes\":\"Reuni\\u00f5es\",\"p20_atendimento\":\"Atendimento\",\"p20_oficinas\":\"Oficinas\",\"p20_formacao\":\"Forma\\u00e7\\u00e3o\",\"p21_intoleranciareligiosa\":\"Fundamentalismo\\\/intoler\\u00e2ncia religiosa\",\"p21_machismo\":\"Machismo\",\"p21_racismo\":\"Racismo\",\"p21_lgbtqifobia\":\"LGBTIfobia\",\"p21_nenhum\":\"Nenhum\",\"p22_numerodeparticipantes\":\"1  - 15\",\"p23_reunioes\":\"Reuni\\u00f5es\",\"p23_atendimento\":\"Atendimento\",\"p23_formacao\":\"Forma\\u00e7\\u00e3o\",\"p23_visitas\":\"Visitas\",\"p24_reunioes\":\"Reuni\\u00f5es\",\"p24_oficinas\":\"Oficinas\",\"p24_formacao\":\"Forma\\u00e7\\u00e3o\",\"p24_outros\":\"Outros\",\"p25_numerodepessoas\":\"40 - 60\",\"p26_numerodepessoas\":\"80 - 100\",\"p27_espacopublico\":\"Espa\\u00e7o p\\u00fablico\",\"p27_espacoemprestadocedido\":\"Espa\\u00e7o emprestado\\\/cedido\",\"p27_espacoproprio\":\"Espa\\u00e7o pr\\u00f3prio\",\"p27_ocupacao\":\"Ocupa\\u00e7\\u00e3o\",\"p28_territorios\":\"Cidade\",\"p30_outrasorganizacoes\":\"Sim\",\"p32_campanhadelongaduracao\":\"Sim\",\"p34_estadual\":\"Estadual\",\"p36_conselhosdeparticipacaoecontrolesocial\":\"N\\u00e3o\",\"p38_nenhum\":\"Nenhum\",\"p40_editais\":\"Sim\",\"p41_publicoestatal\":\"P\\u00fablico-Estatal\",\"p41_privadopf\":\"Privado (P. F\\u00edsica)\",\"p41_privadopj\":\"Privado (P. Jur\\u00eddica)\",\"p41_autofinanciamento\":\"Autofinanciamento\",\"p41_financiamentocoletivo0\":\"Financiamento coletivo\",\"p42_meiodedivulgacaoproprio\":\"Sim\",\"p43_impressoes\":\"Impressos\",\"p43_email\":\"E-mail\",\"p43_facebook\":\"Facebook\",\"p43_instagram\":\"Instagram\",\"p43_sitesblogs\":\"Blogs\\\/sites\",\"p43_youtube\":\"YouTube\",\"p44_radio\":\"TV\",\"p44_jornaisimpressosdegrandecirculacao\":\"Jornais impressos de grande circula\\u00e7\\u00e3o\",\"p44_jornaisimpressosdebairro\":\"Jornais impressos de bairro\",\"p44_redessociais\":\"Redes sociais (Facebook, YouTube, Instagram etc.)\",\"p44_sitesblogs\":\"Sites ou Blogs\",\"p39_publico\":\"JUVENTUDE NEGRA\",\"p45_bandeira\":\"COMBATE-AO-EXTERM\\u00cdNIO JUVENTUDE-NEGRA COMBATE RACISMO\",\"p46_hashtags\":\"#COMBATEAOEXTERMINIODAJUVENTUDENEGRA #RACAECLASSE #COMBATEAORACISMO\"},{\"p1_eixo\":\"Trabalho\",\"p9_tipoorganizacao\":\"ONG\",\"p12_uf\":\"RS\",\"p13_cidade\":\"PORTO ALEGRE\",\"p16_cidade\":\"Cidade\",\"p16_nacional\":\"Nacional\",\"p17_ano\":\"2001\",\"p18_comunicacao\":\"Comunica\\u00e7\\u00e3o\",\"p18_difusaoartistica\":\"Difus\\u00e3o Art\\u00edstica\",\"p18_desenvolvimentoterritorial\":\"Desenvolvimento territorial\",\"p18_direitoshumanos\":\"Direitos humanos\",\"p18_educacao\":\"Educa\\u00e7\\u00e3o\",\"p18_feminismos\":\"Feminismos\",\"p18_lgbtqi\":\"LGBTQI\",\"p18_lutaantirracismo\":\"Luta antirracismo\",\"p18_mobilidade\":\"Mobilidade\",\"p18_moradia\":\"Moradia\",\"p18_povosecomunidadestradicionais\":\"Povos e comunidades tradicionais\",\"p18_trabalho\":\"Trabalho\",\"p18_saude\":\"Sa\\u00fade\",\"p18_violencia\":\"Viol\\u00eancia\",\"p18_politicasculturais\":\"Pol\\u00edticas Culturais\",\"p19_agrario\":\"Agr\\u00e1rio\\\/ruralidades\",\"p19_desenvolvimentoterritorial\":\"Desenvolvimento territorial\",\"p19_feminismos\":\"Feminismos\",\"p19_trabalho\":\"Trabalho\",\"p19_violencia\":\"Viol\\u00eancia\",\"p19_politicasculturais\":\"Pol\\u00edticas Culturais\",\"p20_atendimento\":\"Atendimento\",\"p20_formacao\":\"Forma\\u00e7\\u00e3o\",\"p20_apresentacoesartisticas\":\"Apresenta\\u00e7\\u00f5es art\\u00edsticas\",\"p21_nenhum\":\"Nenhum\",\"p22_numerodeparticipantes\":\"15 - 30\",\"p23_atendimento\":\"Atendimento\",\"p23_formacao\":\"Forma\\u00e7\\u00e3o\",\"p23_apresentacoesartisticas\":\"Apresenta\\u00e7\\u00f5es Art\\u00edsticas\",\"p24_formacao\":\"Forma\\u00e7\\u00e3o\",\"p25_numerodepessoas\":\"100 - 200\",\"p26_numerodepessoas\":\"40 - 60\",\"p27_espacoemprestadocedido\":\"Espa\\u00e7o emprestado\\\/cedido\",\"p27_espacoproprio\":\"Espa\\u00e7o pr\\u00f3prio\",\"p28_territorios\":\"Atua\\u00e7\\u00e3o Nacional\",\"p30_outrasorganizacoes\":\"N\\u00e3o\",\"p32_campanhadelongaduracao\":\"N\\u00e3o\",\"p34_municipal\":\"Municipal\",\"p34_estadual\":\"Estadual\",\"p36_conselhosdeparticipacaoecontrolesocial\":\"Sim\",\"p38_nenhum\":\"Nenhum\",\"p40_editais\":\"Sim\",\"p41_publicoestatal\":\"P\\u00fablico-Estatal\",\"p41_privadopf\":\"Privado (P. F\\u00edsica)\",\"p41_privadopj\":\"Privado (P. Jur\\u00eddica)\",\"p41_autofinanciamento\":\"Autofinanciamento\",\"p41_financiamentocoletivo0\":\"Financiamento coletivo\",\"p42_meiodedivulgacaoproprio\":\"Sim\",\"p43_email\":\"E-mail\",\"p43_facebook\":\"Facebook\",\"p43_instagram\":\"Instagram\",\"p43_sitesblogs\":\"Blogs\\\/sites\",\"p44_radio\":\"TV\",\"p44_jornaisimpressosdegrandecirculacao\":\"Jornais impressos de grande circula\\u00e7\\u00e3o\",\"p44_jornaisimpressosdebairro\":\"Jornais impressos de bairro\",\"p44_redessociais\":\"Redes sociais (Facebook, YouTube, Instagram etc.)\",\"p44_sitesblogs\":\"Sites ou Blogs\",\"p39_publico\":\"TODOS MEMBROS SOCIEDADE CIVIL\",\"p45_bandeira\":\"PA\\u00cdS DESENVOLVIMENTO SUSTENT\\u00c1VEL\",\"p46_hashtags\":\"#GUAYI #ECONOMIASOLIDARIA #DESENVOLVIMENTOSUSTENTAVEL\"},{\"p1_eixo\":\"Cultura\",\"p9_tipoorganizacao\":\"Coletivo Art\\u00edstico\",\"p12_uf\":\"SP\",\"p13_cidade\":\"S\\u00c3O PAULO\",\"p16_bairro\":\"Bairro\",\"p16_cidade\":\"Cidade\",\"p17_ano\":\"2017\",\"p18_agrario\":\"Agr\\u00e1rio\\\/ruralidades\",\"p18_comunicacao\":\"Comunica\\u00e7\\u00e3o\",\"p18_difusaoartistica\":\"Difus\\u00e3o Art\\u00edstica\",\"p18_desenvolvimentoterritorial\":\"Desenvolvimento territorial\",\"p18_direitoshumanos\":\"Direitos humanos\",\"p18_educacao\":\"Educa\\u00e7\\u00e3o\",\"p18_feminismos\":\"Feminismos\",\"p18_lgbtqi\":\"LGBTQI\",\"p18_lutaantirracismo\":\"Luta antirracismo\",\"p18_mobilidade\":\"Mobilidade\",\"p18_moradia\":\"Moradia\",\"p18_povosecomunidadestradicionais\":\"Povos e comunidades tradicionais\",\"p18_trabalho\":\"Trabalho\",\"p18_saude\":\"Sa\\u00fade\",\"p18_violencia\":\"Viol\\u00eancia\",\"p18_politicasculturais\":\"Pol\\u00edticas Culturais\",\"p19_comunicacao\":\"Comunica\\u00e7\\u00e3o\",\"p19_feminismos\":\"Feminismos\",\"p19_trabalho\":\"Trabalho\",\"p19_violencia\":\"Viol\\u00eancia\",\"p19_politicasculturais\":\"Pol\\u00edticas Culturais\",\"p20_reunioes\":\"Reuni\\u00f5es\",\"p20_oficinas\":\"Oficinas\",\"p20_oficinasaulasartisticas\":\"Ensaios\\\/Oficinas\\\/Aulas art\\u00edsticas\",\"p20_formacao\":\"Forma\\u00e7\\u00e3o\",\"p20_apresentacoesartisticas\":\"Apresenta\\u00e7\\u00f5es art\\u00edsticas\",\"p21_repressaopolicial\":\"Repress\\u00e3o policial\",\"p21_intoleranciareligiosa\":\"Fundamentalismo\\\/intoler\\u00e2ncia religiosa\",\"p21_xenofobia\":\"Xenofobia\",\"p21_machismo\":\"Machismo\",\"p21_racismo\":\"Racismo\",\"p21_lgbtqifobia\":\"LGBTIfobia\",\"p21_enfrentamentocomgruposprivadosarmados\":\"Enfrentamento com grupos privados armados\",\"p21_nenhum\":\"Nenhum\",\"p22_numerodeparticipantes\":\"1  - 15\",\"p23_reunioes\":\"Reuni\\u00f5es\",\"p23_oficinas\":\"Oficinas\",\"p23_oficinasaulasartisticas\":\"Ensaio\\\/Oficinas\\\/Aulas Art\\u00edsticas\",\"p23_apresentacoesartisticas\":\"Apresenta\\u00e7\\u00f5es Art\\u00edsticas\",\"p24_formacao\":\"Forma\\u00e7\\u00e3o\",\"p24_visitasexcursoes\":\"Visitas\\\/Excurs\\u00f5es\",\"p24_outros\":\"Outros\",\"p25_numerodepessoas\":\"80 - 100\",\"p26_numerodepessoas\":\"80 - 100\",\"p27_espacopublico\":\"Espa\\u00e7o p\\u00fablico\",\"p27_espacoemprestadocedido\":\"Espa\\u00e7o emprestado\\\/cedido\",\"p27_espacoproprio\":\"Espa\\u00e7o pr\\u00f3prio\",\"p27_ocupacao\":\"Ocupa\\u00e7\\u00e3o\",\"p28_territorios\":\"Cidade\",\"p30_outrasorganizacoes\":\"Sim\",\"p32_campanhadelongaduracao\":\"N\\u00e3o\",\"p34_municipal\":\"Municipal\",\"p36_conselhosdeparticipacaoecontrolesocial\":\"N\\u00e3o\",\"p38_sim\":\"Sim\",\"p38_nenhum\":\"Nenhum\",\"p40_editais\":\"N\\u00e3o\",\"p41_autofinanciamento\":\"Autofinanciamento\",\"p41_financiamentocoletivo0\":\"Financiamento coletivo\",\"p42_meiodedivulgacaoproprio\":\"Sim\",\"p43_facebook\":\"Facebook\",\"p43_instagram\":\"Instagram\",\"p44_jornaisimpressosdebairro\":\"Jornais impressos de bairro\",\"p44_redessociais\":\"Redes sociais (Facebook, YouTube, Instagram etc.)\",\"p44_sitesblogs\":\"Sites ou Blogs\",\"p39_publico\":\"MULHERES MAJORITARIAMENTE NEGRAS\",\"p45_bandeira\":\"DEFENDER-ESPA\\u00c7O MULHERES AGIREM COLETIVAMENTE\",\"p46_hashtags\":\"#BORAPRODUCAO #PAPODEMINA #LGBT\"},{\"p1_eixo\":\"Cultura\",\"p9_tipoorganizacao\":\"Coletivo Art\\u00edstico\",\"p12_uf\":\"AM\",\"p13_cidade\":\"MANAUS\",\"p16_bairro\":\"Bairro\",\"p16_nacional\":\"Nacional\",\"p17_ano\":\"2003\",\"p18_agrario\":\"Agr\\u00e1rio\\\/ruralidades\",\"p18_comunicacao\":\"Comunica\\u00e7\\u00e3o\",\"p18_difusaoartistica\":\"Difus\\u00e3o Art\\u00edstica\",\"p18_desenvolvimentoterritorial\":\"Desenvolvimento territorial\",\"p18_direitoshumanos\":\"Direitos humanos\",\"p18_educacao\":\"Educa\\u00e7\\u00e3o\",\"p18_feminismos\":\"Feminismos\",\"p18_lgbtqi\":\"LGBTQI\",\"p18_lutaantirracismo\":\"Luta antirracismo\",\"p18_mobilidade\":\"Mobilidade\",\"p18_moradia\":\"Moradia\",\"p18_povosecomunidadestradicionais\":\"Povos e comunidades tradicionais\",\"p18_trabalho\":\"Trabalho\",\"p18_religiao\":\"Religi\\u00e3o\",\"p18_saude\":\"Sa\\u00fade\",\"p18_violencia\":\"Viol\\u00eancia\",\"p18_politicasculturais\":\"Pol\\u00edticas Culturais\",\"p19_comunicacao\":\"Comunica\\u00e7\\u00e3o\",\"p19_lutaantirracismo\":\"Luta antirracismo\",\"p19_trabalho\":\"Trabalho\",\"p19_violencia\":\"Viol\\u00eancia\",\"p19_politicasculturais\":\"Pol\\u00edticas Culturais\",\"p20_reunioes\":\"Reuni\\u00f5es\",\"p20_atendimento\":\"Atendimento\",\"p20_oficinas\":\"Oficinas\",\"p20_oficinasaulasartisticas\":\"Ensaios\\\/Oficinas\\\/Aulas art\\u00edsticas\",\"p20_apresentacoesartisticas\":\"Apresenta\\u00e7\\u00f5es art\\u00edsticas\",\"p21_repressaopolicial\":\"Repress\\u00e3o policial\",\"p21_intoleranciareligiosa\":\"Fundamentalismo\\\/intoler\\u00e2ncia religiosa\",\"p21_xenofobia\":\"Xenofobia\",\"p21_machismo\":\"Machismo\",\"p21_racismo\":\"Racismo\",\"p21_lgbtqifobia\":\"LGBTIfobia\",\"p21_enfrentamentocomgruposprivadosarmados\":\"Enfrentamento com grupos privados armados\",\"p22_numerodeparticipantes\":\"1  - 15\",\"p23_reunioes\":\"Reuni\\u00f5es\",\"p23_oficinas\":\"Oficinas\",\"p23_oficinasaulasartisticas\":\"Ensaio\\\/Oficinas\\\/Aulas Art\\u00edsticas\",\"p23_apresentacoesartisticas\":\"Apresenta\\u00e7\\u00f5es Art\\u00edsticas\",\"p24_reunioes\":\"Reuni\\u00f5es\",\"p24_atendimento\":\"Atendimentos\",\"p24_oficinas\":\"Oficinas\",\"p24_visitasexcursoes\":\"Visitas\\\/Excurs\\u00f5es\",\"p24_outros\":\"Outros\",\"p25_numerodepessoas\":\"20 - 40\",\"p26_numerodepessoas\":\"40 - 60\",\"p27_espacopublico\":\"Espa\\u00e7o p\\u00fablico\",\"p27_espacoemprestadocedido\":\"Espa\\u00e7o emprestado\\\/cedido\",\"p27_ocupacao\":\"Ocupa\\u00e7\\u00e3o\",\"p28_territorios\":\"Pr\\u00f3prio bairro\",\"p30_outrasorganizacoes\":\"Sim\",\"p32_campanhadelongaduracao\":\"Sim\",\"p34_municipal\":\"Municipal\",\"p34_nenhuma\":\"Nenhuma\",\"p36_conselhosdeparticipacaoecontrolesocial\":\"N\\u00e3o\",\"p38_sim\":\"Sim\",\"p40_editais\":\"Sim\",\"p41_autofinanciamento\":\"Autofinanciamento\",\"p42_meiodedivulgacaoproprio\":\"Sim\",\"p43_email\":\"E-mail\",\"p43_facebook\":\"Facebook\",\"p43_instagram\":\"Instagram\",\"p44_jornaisimpressosdegrandecirculacao\":\"Jornais impressos de grande circula\\u00e7\\u00e3o\",\"p44_jornaisimpressosdebairro\":\"Jornais impressos de bairro\",\"p44_redessociais\":\"Redes sociais (Facebook, YouTube, Instagram etc.)\",\"p44_sitesblogs\":\"Sites ou Blogs\",\"p39_publico\":\"JUVENTUDE ADOLESCENTES PERIFERIA\",\"p45_bandeira\":\"ENFRENTAMENTO URBANA PERIFERIAS\",\"p46_hashtags\":\"#VIVEPERIFERIA #EDUCACAONAPERIFERIA #FICAVIVO\"},{\"p1_eixo\":\"Cultura\",\"p9_tipoorganizacao\":\"Coletivo\",\"p12_uf\":\"SP\",\"p13_cidade\":\"S\\u00c3O PAULO\",\"p16_cidade\":\"Cidade\",\"p16_nacional\":\"Nacional\",\"p17_ano\":\"2017\",\"p18_comunicacao\":\"Comunica\\u00e7\\u00e3o\",\"p18_difusaoartistica\":\"Difus\\u00e3o Art\\u00edstica\",\"p18_desenvolvimentoterritorial\":\"Desenvolvimento territorial\",\"p18_direitoshumanos\":\"Direitos humanos\",\"p18_educacao\":\"Educa\\u00e7\\u00e3o\",\"p18_feminismos\":\"Feminismos\",\"p18_lgbtqi\":\"LGBTQI\",\"p18_lutaantirracismo\":\"Luta antirracismo\",\"p18_mobilidade\":\"Mobilidade\",\"p18_moradia\":\"Moradia\",\"p18_trabalho\":\"Trabalho\",\"p18_religiao\":\"Religi\\u00e3o\",\"p18_saude\":\"Sa\\u00fade\",\"p18_violencia\":\"Viol\\u00eancia\",\"p18_politicasculturais\":\"Pol\\u00edticas Culturais\",\"p19_direitoshumanos\":\"Direitos humanos\",\"p19_feminismos\":\"Feminismos\",\"p19_lutaantirracismo\":\"Luta antirracismo\",\"p19_violencia\":\"Viol\\u00eancia\",\"p19_politicasculturais\":\"Pol\\u00edticas Culturais\",\"p20_reunioes\":\"Reuni\\u00f5es\",\"p20_atendimento\":\"Atendimento\",\"p20_oficinas\":\"Oficinas\",\"p20_formacao\":\"Forma\\u00e7\\u00e3o\",\"p20_apresentacoesartisticas\":\"Apresenta\\u00e7\\u00f5es art\\u00edsticas\",\"p21_repressaopolicial\":\"Repress\\u00e3o policial\",\"p21_intoleranciareligiosa\":\"Fundamentalismo\\\/intoler\\u00e2ncia religiosa\",\"p21_xenofobia\":\"Xenofobia\",\"p21_machismo\":\"Machismo\",\"p21_racismo\":\"Racismo\",\"p21_lgbtqifobia\":\"LGBTIfobia\",\"p22_numerodeparticipantes\":\"1  - 15\",\"p23_reunioes\":\"Reuni\\u00f5es\",\"p23_oficinasaulasartisticas\":\"Ensaio\\\/Oficinas\\\/Aulas Art\\u00edsticas\",\"p23_apresentacoesartisticas\":\"Apresenta\\u00e7\\u00f5es Art\\u00edsticas\",\"p23_outros\":\"Outros\",\"p24_reunioes\":\"Reuni\\u00f5es\",\"p24_atendimento\":\"Atendimentos\",\"p24_oficinas\":\"Oficinas\",\"p25_numerodepessoas\":\"200 - 300\",\"p26_numerodepessoas\":\"40 - 60\",\"p27_espacopublico\":\"Espa\\u00e7o p\\u00fablico\",\"p27_espacoemprestadocedido\":\"Espa\\u00e7o emprestado\\\/cedido\",\"p27_ocupacao\":\"Ocupa\\u00e7\\u00e3o\",\"p28_territorios\":\"Atua\\u00e7\\u00e3o Nacional\",\"p30_outrasorganizacoes\":\"Sim\",\"p32_campanhadelongaduracao\":\"N\\u00e3o\",\"p34_municipal\":\"Municipal\",\"p34_estadual\":\"Estadual\",\"p34_nenhuma\":\"Nenhuma\",\"p36_conselhosdeparticipacaoecontrolesocial\":\"N\\u00e3o\",\"p38_sim\":\"Sim\",\"p40_editais\":\"N\\u00e3o\",\"p41_publicoestatal\":\"P\\u00fablico-Estatal\",\"p41_privadopj\":\"Privado (P. Jur\\u00eddica)\",\"p41_autofinanciamento\":\"Autofinanciamento\",\"p41_financiamentocoletivo0\":\"Financiamento coletivo\",\"p42_meiodedivulgacaoproprio\":\"Sim\",\"p43_impressoes\":\"Impressos\",\"p43_email\":\"E-mail\",\"p43_facebook\":\"Facebook\",\"p43_instagram\":\"Instagram\",\"p43_twitter\":\"Twitter\",\"p44_jornaisimpressosdegrandecirculacao\":\"Jornais impressos de grande circula\\u00e7\\u00e3o\",\"p44_jornaisimpressosdebairro\":\"Jornais impressos de bairro\",\"p44_redessociais\":\"Redes sociais (Facebook, YouTube, Instagram etc.)\",\"p39_publico\":\"MULHERES PERIFERIA\",\"p45_bandeira\":\"LUTA LGBT LUTA RACIAL FEMINISMO\",\"p46_hashtags\":\"#RESISTIREPRECISO\"},{\"p1_eixo\":\"Cultura\",\"p9_tipoorganizacao\":\"Coletivo\",\"p12_uf\":\"ES\",\"p13_cidade\":\"VIT\\u00d3RIA\",\"p16_cidade\":\"Cidade\",\"p16_nacional\":\"Nacional\",\"p17_ano\":\"2018\",\"p18_comunicacao\":\"Comunica\\u00e7\\u00e3o\",\"p18_difusaoartistica\":\"Difus\\u00e3o Art\\u00edstica\",\"p18_desenvolvimentoterritorial\":\"Desenvolvimento territorial\",\"p18_direitoshumanos\":\"Direitos humanos\",\"p18_educacao\":\"Educa\\u00e7\\u00e3o\",\"p18_feminismos\":\"Feminismos\",\"p18_lgbtqi\":\"LGBTQI\",\"p18_lutaantirracismo\":\"Luta antirracismo\",\"p18_mobilidade\":\"Mobilidade\",\"p18_moradia\":\"Moradia\",\"p18_povosecomunidadestradicionais\":\"Povos e comunidades tradicionais\",\"p18_trabalho\":\"Trabalho\",\"p18_religiao\":\"Religi\\u00e3o\",\"p18_saude\":\"Sa\\u00fade\",\"p18_violencia\":\"Viol\\u00eancia\",\"p18_politicasculturais\":\"Pol\\u00edticas Culturais\",\"p19_direitoshumanos\":\"Direitos humanos\",\"p19_educacao\":\"Educa\\u00e7\\u00e3o\",\"p19_feminismos\":\"Feminismos\",\"p19_lutaantirracismo\":\"Luta antirracismo\",\"p19_saude\":\"Sa\\u00fade\",\"p20_reunioes\":\"Reuni\\u00f5es\",\"p20_cursos\":\"Cursos\",\"p20_formacao\":\"Forma\\u00e7\\u00e3o\",\"p21_repressaopolicial\":\"Repress\\u00e3o policial\",\"p21_intoleranciareligiosa\":\"Fundamentalismo\\\/intoler\\u00e2ncia religiosa\",\"p21_xenofobia\":\"Xenofobia\",\"p21_machismo\":\"Machismo\",\"p21_racismo\":\"Racismo\",\"p21_lgbtqifobia\":\"LGBTIfobia\",\"p22_numerodeparticipantes\":\"1  - 15\",\"p23_reunioes\":\"Reuni\\u00f5es\",\"p23_oficinasaulasartisticas\":\"Ensaio\\\/Oficinas\\\/Aulas Art\\u00edsticas\",\"p23_apresentacoesartisticas\":\"Apresenta\\u00e7\\u00f5es Art\\u00edsticas\",\"p23_outros\":\"Outros\",\"p24_reunioes\":\"Reuni\\u00f5es\",\"p24_curso\":\"Curso\",\"p24_formacao\":\"Forma\\u00e7\\u00e3o\",\"p24_visitasexcursoes\":\"Visitas\\\/Excurs\\u00f5es\",\"p24_outros\":\"Outros\",\"p25_numerodepessoas\":\"80 - 100\",\"p26_numerodepessoas\":\"1 - 20\",\"p27_espacopublico\":\"Espa\\u00e7o p\\u00fablico\",\"p27_espacoemprestadocedido\":\"Espa\\u00e7o emprestado\\\/cedido\",\"p28_territorios\":\"Regi\\u00e3o da Cidade\",\"p30_outrasorganizacoes\":\"Sim\",\"p32_campanhadelongaduracao\":\"Sim\",\"p34_municipal\":\"Municipal\",\"p34_estadual\":\"Estadual\",\"p34_nenhuma\":\"Nenhuma\",\"p36_conselhosdeparticipacaoecontrolesocial\":\"Sim\",\"p38_sim\":\"Sim\",\"p40_editais\":\"Sim\",\"p41_publicoestatal\":\"P\\u00fablico-Estatal\",\"p41_privadopj\":\"Privado (P. Jur\\u00eddica)\",\"p41_autofinanciamento\":\"Autofinanciamento\",\"p41_financiamentocoletivo0\":\"Financiamento coletivo\",\"p42_meiodedivulgacaoproprio\":\"Sim\",\"p43_impressoes\":\"Impressos\",\"p43_email\":\"E-mail\",\"p43_facebook\":\"Facebook\",\"p43_instagram\":\"Instagram\",\"p43_twitter\":\"Twitter\",\"p43_sitesblogs\":\"Blogs\\\/sites\",\"p44_redessociais\":\"Redes sociais (Facebook, YouTube, Instagram etc.)\",\"p44_nenhum\":\"Nenhum\",\"p39_publico\":\"JOVENS\",\"p45_bandeira\":\"NEGROS CULTURA LGBTQIA+ MULHERES\",\"p46_hashtags\":\"#CUTURA #TERRITORIODOBEM #FAVELA #ENGENHARIA\"},{\"p1_eixo\":\"Viol\\u00eancia\",\"p9_tipoorganizacao\":\"Movimento Social\",\"p12_uf\":\"ES\",\"p13_cidade\":\"VIT\\u00d3RIA\",\"p16_cidade\":\"Cidade\",\"p16_nacional\":\"Nacional\",\"p17_ano\":\"1983\",\"p18_agrario\":\"Agr\\u00e1rio\\\/ruralidades\",\"p18_desenvolvimentoterritorial\":\"Desenvolvimento territorial\",\"p18_direitoshumanos\":\"Direitos humanos\",\"p18_educacao\":\"Educa\\u00e7\\u00e3o\",\"p18_feminismos\":\"Feminismos\",\"p18_lgbtqi\":\"LGBTQI\",\"p18_lutaantirracismo\":\"Luta antirracismo\",\"p18_mobilidade\":\"Mobilidade\",\"p18_moradia\":\"Moradia\",\"p18_povosecomunidadestradicionais\":\"Povos e comunidades tradicionais\",\"p18_trabalho\":\"Trabalho\",\"p18_religiao\":\"Religi\\u00e3o\",\"p18_saude\":\"Sa\\u00fade\",\"p18_violencia\":\"Viol\\u00eancia\",\"p18_politicasculturais\":\"Pol\\u00edticas Culturais\",\"p19_desenvolvimentoterritorial\":\"Desenvolvimento territorial\",\"p19_direitoshumanos\":\"Direitos humanos\",\"p19_educacao\":\"Educa\\u00e7\\u00e3o\",\"p19_lutaantirracismo\":\"Luta antirracismo\",\"p19_mobilidade\":\"Mobilidade\",\"p19_saude\":\"Sa\\u00fade\",\"p20_reunioes\":\"Reuni\\u00f5es\",\"p20_cursos\":\"Cursos\",\"p20_formacao\":\"Forma\\u00e7\\u00e3o\",\"p21_machismo\":\"Machismo\",\"p21_racismo\":\"Racismo\",\"p21_lgbtqifobia\":\"LGBTIfobia\",\"p22_numerodeparticipantes\":\"1  - 15\",\"p23_reunioes\":\"Reuni\\u00f5es\",\"p23_cursos\":\"Cursos\",\"p23_outros\":\"Outros\",\"p24_reunioes\":\"Reuni\\u00f5es\",\"p24_curso\":\"Curso\",\"p24_formacao\":\"Forma\\u00e7\\u00e3o\",\"p24_visitasexcursoes\":\"Visitas\\\/Excurs\\u00f5es\",\"p24_outros\":\"Outros\",\"p25_numerodepessoas\":\"Mais de 500\",\"p26_numerodepessoas\":\"1 - 20\",\"p27_espacopublico\":\"Espa\\u00e7o p\\u00fablico\",\"p27_espacoemprestadocedido\":\"Espa\\u00e7o emprestado\\\/cedido\",\"p27_espacoproprio\":\"Espa\\u00e7o pr\\u00f3prio\",\"p28_territorios\":\"Estado\",\"p30_outrasorganizacoes\":\"Sim\",\"p32_campanhadelongaduracao\":\"Sim\",\"p34_municipal\":\"Municipal\",\"p34_estadual\":\"Estadual\",\"p34_nenhuma\":\"Nenhuma\",\"p36_conselhosdeparticipacaoecontrolesocial\":\"Sim\",\"p38_sim\":\"Sim\",\"p38_nenhum\":\"Nenhum\",\"p40_editais\":\"N\\u00e3o\",\"p41_publicoestatal\":\"P\\u00fablico-Estatal\",\"p41_privadopj\":\"Privado (P. Jur\\u00eddica)\",\"p41_autofinanciamento\":\"Autofinanciamento\",\"p42_meiodedivulgacaoproprio\":\"Sim\",\"p43_impressoes\":\"Impressos\",\"p43_email\":\"E-mail\",\"p43_facebook\":\"Facebook\",\"p43_instagram\":\"Instagram\",\"p43_twitter\":\"Twitter\",\"p43_sitesblogs\":\"Blogs\\\/sites\",\"p44_radio\":\"TV\",\"p44_jornaisimpressosdegrandecirculacao\":\"Jornais impressos de grande circula\\u00e7\\u00e3o\",\"p44_jornaisimpressosdebairro\":\"Jornais impressos de bairro\",\"p44_redessociais\":\"Redes sociais (Facebook, YouTube, Instagram etc.)\",\"p44_sitesblogs\":\"Sites ou Blogs\",\"p44_nenhum\":\"Nenhum\",\"p39_publico\":\"PROFESSORES\",\"p45_bandeira\":\"COBRAR GOVERNOS POLITICA EQUIDADE RACISMO EDUCA\\u00c7\\u00c3O ANTIRRACISMO INSTITUCIONAL ESTRUTURAL SOCIAL\",\"p46_hashtags\":\"#COBRARDOSGOVERNOS #EDUCACAO\"},{\"p1_eixo\":\"Trabalho\",\"p9_tipoorganizacao\":\"ONG\",\"p12_uf\":\"RJ\",\"p13_cidade\":\"RIO DE JANEIRO\",\"p16_bairro\":\"Bairro\",\"p16_cidade\":\"Cidade\",\"p17_ano\":\"2013\",\"p18_agrario\":\"Agr\\u00e1rio\\\/ruralidades\",\"p18_comunicacao\":\"Comunica\\u00e7\\u00e3o\",\"p18_difusaoartistica\":\"Difus\\u00e3o Art\\u00edstica\",\"p18_desenvolvimentoterritorial\":\"Desenvolvimento territorial\",\"p18_direitoshumanos\":\"Direitos humanos\",\"p18_educacao\":\"Educa\\u00e7\\u00e3o\",\"p18_feminismos\":\"Feminismos\",\"p18_lgbtqi\":\"LGBTQI\",\"p18_lutaantirracismo\":\"Luta antirracismo\",\"p18_mobilidade\":\"Mobilidade\",\"p18_moradia\":\"Moradia\",\"p18_povosecomunidadestradicionais\":\"Povos e comunidades tradicionais\",\"p18_trabalho\":\"Trabalho\",\"p18_saude\":\"Sa\\u00fade\",\"p18_violencia\":\"Viol\\u00eancia\",\"p18_politicasculturais\":\"Pol\\u00edticas Culturais\",\"p19_desenvolvimentoterritorial\":\"Desenvolvimento territorial\",\"p19_direitoshumanos\":\"Direitos humanos\",\"p19_mobilidade\":\"Mobilidade\",\"p19_moradia\":\"Moradia\",\"p19_difusaoartistica\":\"Difus\\u00e3o Art\\u00edstica\",\"p19_politicasculturais\":\"Pol\\u00edticas Culturais\",\"p20_reunioes\":\"Reuni\\u00f5es\",\"p20_oficinasaulasartisticas\":\"Ensaios\\\/Oficinas\\\/Aulas art\\u00edsticas\",\"p20_cursos\":\"Cursos\",\"p20_apresentacoesartisticas\":\"Apresenta\\u00e7\\u00f5es art\\u00edsticas\",\"p21_machismo\":\"Machismo\",\"p21_racismo\":\"Racismo\",\"p21_lgbtqifobia\":\"LGBTIfobia\",\"p21_nenhum\":\"Nenhum\",\"p22_numerodeparticipantes\":\"1  - 15\",\"p23_reunioes\":\"Reuni\\u00f5es\",\"p23_atendimento\":\"Atendimento\",\"p23_oficinasaulasartisticas\":\"Ensaio\\\/Oficinas\\\/Aulas Art\\u00edsticas\",\"p23_cursos\":\"Cursos\",\"p23_apresentacoesartisticas\":\"Apresenta\\u00e7\\u00f5es Art\\u00edsticas\",\"p23_outros\":\"Outros\",\"p24_reunioes\":\"Reuni\\u00f5es\",\"p24_outros\":\"Outros\",\"p25_numerodepessoas\":\"20 - 40\",\"p26_numerodepessoas\":\"20 - 40\",\"p27_espacopublico\":\"Espa\\u00e7o p\\u00fablico\",\"p27_espacoemprestadocedido\":\"Espa\\u00e7o emprestado\\\/cedido\",\"p27_espacoproprio\":\"Espa\\u00e7o pr\\u00f3prio\",\"p27_ocupacao\":\"Ocupa\\u00e7\\u00e3o\",\"p28_territorios\":\"Regi\\u00e3o da Cidade\",\"p30_outrasorganizacoes\":\"N\\u00e3o\",\"p32_campanhadelongaduracao\":\"Sim\",\"p34_municipal\":\"Municipal\",\"p34_estadual\":\"Estadual\",\"p34_nacional\":\"Nacional\",\"p36_conselhosdeparticipacaoecontrolesocial\":\"Sim\",\"p38_sim\":\"Sim\",\"p38_nenhum\":\"Nenhum\",\"p40_editais\":\"Sim\",\"p41_privadopf\":\"Privado (P. F\\u00edsica)\",\"p41_privadopj\":\"Privado (P. Jur\\u00eddica)\",\"p41_autofinanciamento\":\"Autofinanciamento\",\"p41_financiamentocoletivo0\":\"Financiamento coletivo\",\"p42_meiodedivulgacaoproprio\":\"Sim\",\"p43_impressoes\":\"Impressos\",\"p43_email\":\"E-mail\",\"p43_facebook\":\"Facebook\",\"p43_whatsapp\":\"WhatsApp\",\"p43_instagram\":\"Instagram\",\"p43_twitter\":\"Twitter\",\"p43_sitesblogs\":\"Blogs\\\/sites\",\"p44_radio\":\"TV\",\"p44_jornaisimpressosdegrandecirculacao\":\"Jornais impressos de grande circula\\u00e7\\u00e3o\",\"p44_jornaisimpressosdebairro\":\"Jornais impressos de bairro\",\"p44_redessociais\":\"Redes sociais (Facebook, YouTube, Instagram etc.)\",\"p44_sitesblogs\":\"Sites ou Blogs\",\"p39_publico\":\"ATIVISTAS SOCIEDADE-CIVIL JOVENS MORADORES PERIFERIAS METROPOLITANAS GESTORES-P\\u00daBLICOS\",\"p45_bandeira\":\"REDU\\u00c7\\u00c3O DESIGUALDADE SERVI\\u00c7OS P\\u00daBLICOS BENS CULTURAIS\",\"p46_hashtags\":\"#RIOPORINTEIRO #MAISOPORTUNIDADE #MENOSDESIGUALDADE\"},{\"p1_eixo\":\"Cultura\",\"p9_tipoorganizacao\":\"Coletivo\",\"p12_uf\":\"SP\",\"p13_cidade\":\"S\\u00c3O PAULO\",\"p16_bairro\":\"Bairro\",\"p17_ano\":\"2016\",\"p18_comunicacao\":\"Comunica\\u00e7\\u00e3o\",\"p18_difusaoartistica\":\"Difus\\u00e3o Art\\u00edstica\",\"p18_desenvolvimentoterritorial\":\"Desenvolvimento territorial\",\"p18_direitoshumanos\":\"Direitos humanos\",\"p18_educacao\":\"Educa\\u00e7\\u00e3o\",\"p18_feminismos\":\"Feminismos\",\"p18_lgbtqi\":\"LGBTQI\",\"p18_lutaantirracismo\":\"Luta antirracismo\",\"p18_mobilidade\":\"Mobilidade\",\"p18_moradia\":\"Moradia\",\"p18_trabalho\":\"Trabalho\",\"p18_saude\":\"Sa\\u00fade\",\"p18_violencia\":\"Viol\\u00eancia\",\"p18_politicasculturais\":\"Pol\\u00edticas Culturais\",\"p19_educacao\":\"Educa\\u00e7\\u00e3o\",\"p19_moradia\":\"Moradia\",\"p19_violencia\":\"Viol\\u00eancia\",\"p19_difusaoartistica\":\"Difus\\u00e3o Art\\u00edstica\",\"p19_politicasculturais\":\"Pol\\u00edticas Culturais\",\"p20_reunioes\":\"Reuni\\u00f5es\",\"p20_oficinasaulasartisticas\":\"Ensaios\\\/Oficinas\\\/Aulas art\\u00edsticas\",\"p20_apresentacoesartisticas\":\"Apresenta\\u00e7\\u00f5es art\\u00edsticas\",\"p21_xenofobia\":\"Xenofobia\",\"p21_machismo\":\"Machismo\",\"p21_racismo\":\"Racismo\",\"p21_lgbtqifobia\":\"LGBTIfobia\",\"p21_nenhum\":\"Nenhum\",\"p22_numerodeparticipantes\":\"15 - 30\",\"p23_reunioes\":\"Reuni\\u00f5es\",\"p23_atendimento\":\"Atendimento\",\"p23_oficinasaulasartisticas\":\"Ensaio\\\/Oficinas\\\/Aulas Art\\u00edsticas\",\"p23_apresentacoesartisticas\":\"Apresenta\\u00e7\\u00f5es Art\\u00edsticas\",\"p23_outros\":\"Outros\",\"p24_reunioes\":\"Reuni\\u00f5es\",\"p24_atendimento\":\"Atendimentos\",\"p24_visitasexcursoes\":\"Visitas\\\/Excurs\\u00f5es\",\"p24_outros\":\"Outros\",\"p25_numerodepessoas\":\"60 - 80\",\"p26_numerodepessoas\":\"20 - 40\",\"p27_espacopublico\":\"Espa\\u00e7o p\\u00fablico\",\"p27_espacoemprestadocedido\":\"Espa\\u00e7o emprestado\\\/cedido\",\"p27_espacoproprio\":\"Espa\\u00e7o pr\\u00f3prio\",\"p27_ocupacao\":\"Ocupa\\u00e7\\u00e3o\",\"p28_territorios\":\"Pr\\u00f3prio bairro\",\"p30_outrasorganizacoes\":\"Sim\",\"p32_campanhadelongaduracao\":\"N\\u00e3o\",\"p34_estadual\":\"Estadual\",\"p34_nacional\":\"Nacional\",\"p36_conselhosdeparticipacaoecontrolesocial\":\"N\\u00e3o\",\"p38_sim\":\"Sim\",\"p38_nenhum\":\"Nenhum\",\"p40_editais\":\"N\\u00e3o\",\"p41_privadopf\":\"Privado (P. F\\u00edsica)\",\"p41_privadopj\":\"Privado (P. Jur\\u00eddica)\",\"p41_autofinanciamento\":\"Autofinanciamento\",\"p41_financiamentocoletivo0\":\"Financiamento coletivo\",\"p42_meiodedivulgacaoproprio\":\"Sim\",\"p43_impressoes\":\"Impressos\",\"p43_email\":\"E-mail\",\"p43_facebook\":\"Facebook\",\"p43_whatsapp\":\"WhatsApp\",\"p43_instagram\":\"Instagram\",\"p44_radio\":\"TV\",\"p44_jornaisimpressosdegrandecirculacao\":\"Jornais impressos de grande circula\\u00e7\\u00e3o\",\"p44_jornaisimpressosdebairro\":\"Jornais impressos de bairro\",\"p44_redessociais\":\"Redes sociais (Facebook, YouTube, Instagram etc.)\",\"p44_sitesblogs\":\"Sites ou Blogs\",\"p39_publico\":\"ADOLESCENTES JOVENS\",\"p45_bandeira\":\"JOVENS FORMAR CIDAD\\u00c3OS EDUCA\\u00c7\\u00c3O ESPORTE LAZER\",\"p46_hashtags\":\"#DESORBITANDOASENZALA\"},{\"p1_eixo\":\"Trabalho\",\"p9_tipoorganizacao\":\"Coletivo\",\"p12_uf\":\"PE\",\"p13_cidade\":\"RECIFE\",\"p16_bairro\":\"Bairro\",\"p17_ano\":\"2015\",\"p18_desenvolvimentoterritorial\":\"Desenvolvimento territorial\",\"p18_direitoshumanos\":\"Direitos humanos\",\"p18_educacao\":\"Educa\\u00e7\\u00e3o\",\"p18_feminismos\":\"Feminismos\",\"p18_lgbtqi\":\"LGBTQI\",\"p18_lutaantirracismo\":\"Luta antirracismo\",\"p18_mobilidade\":\"Mobilidade\",\"p18_moradia\":\"Moradia\",\"p18_trabalho\":\"Trabalho\",\"p18_saude\":\"Sa\\u00fade\",\"p18_violencia\":\"Viol\\u00eancia\",\"p18_politicasculturais\":\"Pol\\u00edticas Culturais\",\"p19_direitoshumanos\":\"Direitos humanos\",\"p19_educacao\":\"Educa\\u00e7\\u00e3o\",\"p19_moradia\":\"Moradia\",\"p19_violencia\":\"Viol\\u00eancia\",\"p20_reunioes\":\"Reuni\\u00f5es\",\"p20_atendimento\":\"Atendimento\",\"p20_oficinas\":\"Oficinas\",\"p20_visitasexcursoes\":\"Visitas\\\/Excurs\\u00f5es\",\"p21_xenofobia\":\"Xenofobia\",\"p21_machismo\":\"Machismo\",\"p21_racismo\":\"Racismo\",\"p21_lgbtqifobia\":\"LGBTIfobia\",\"p21_nenhum\":\"Nenhum\",\"p22_numerodeparticipantes\":\"Mais de 90\",\"p23_reunioes\":\"Reuni\\u00f5es\",\"p23_atendimento\":\"Atendimento\",\"p23_outros\":\"Outros\",\"p24_atendimento\":\"Atendimentos\",\"p24_oficinas\":\"Oficinas\",\"p24_apresentacoesartisticas\":\"Apresenta\\u00e7\\u00f5es art\\u00edsticas\",\"p24_visitasexcursoes\":\"Visitas\\\/Excurs\\u00f5es\",\"p24_outros\":\"Outros\",\"p25_numerodepessoas\":\"Mais de 500\",\"p26_numerodepessoas\":\"Mais de 500\",\"p27_espacopublico\":\"Espa\\u00e7o p\\u00fablico\",\"p27_espacoemprestadocedido\":\"Espa\\u00e7o emprestado\\\/cedido\",\"p27_espacoproprio\":\"Espa\\u00e7o pr\\u00f3prio\",\"p27_ocupacao\":\"Ocupa\\u00e7\\u00e3o\",\"p28_territorios\":\"Pr\\u00f3prio bairro\",\"p30_outrasorganizacoes\":\"Sim\",\"p32_campanhadelongaduracao\":\"Sim\",\"p34_municipal\":\"Municipal\",\"p34_estadual\":\"Estadual\",\"p34_nacional\":\"Nacional\",\"p36_conselhosdeparticipacaoecontrolesocial\":\"Sim\",\"p38_nenhum\":\"Nenhum\",\"p40_editais\":\"N\\u00e3o\",\"p41_privadopf\":\"Privado (P. F\\u00edsica)\",\"p41_privadopj\":\"Privado (P. Jur\\u00eddica)\",\"p41_financiamentocoletivo0\":\"Financiamento coletivo\",\"p42_meiodedivulgacaoproprio\":\"Sim\",\"p43_email\":\"E-mail\",\"p43_facebook\":\"Facebook\",\"p43_whatsapp\":\"WhatsApp\",\"p43_sitesblogs\":\"Blogs\\\/sites\",\"p44_radio\":\"TV\",\"p44_jornaisimpressosdegrandecirculacao\":\"Jornais impressos de grande circula\\u00e7\\u00e3o\",\"p44_jornaisimpressosdebairro\":\"Jornais impressos de bairro\",\"p44_redessociais\":\"Redes sociais (Facebook, YouTube, Instagram etc.)\",\"p44_sitesblogs\":\"Sites ou Blogs\",\"p39_publico\":\"COMUNIDADE PASSARINHO TODO\",\"p45_bandeira\":\"FORTALECIMENTO COMUNIDADE\",\"p46_hashtags\":\"#SEGURANCA #TRABALHO #JOVENS\"},{\"p1_eixo\":\"Viol\\u00eancia\",\"p9_tipoorganizacao\":\"Instituto\",\"p12_uf\":\"SP\",\"p13_cidade\":\"S\\u00c3O PAULO\",\"p16_bairro\":\"Bairro\",\"p17_ano\":\"2012\",\"p16_estado\":\"Estado\",\"p18_comunicacao\":\"Comunica\\u00e7\\u00e3o\",\"p18_difusaoartistica\":\"Difus\\u00e3o Art\\u00edstica\",\"p18_desenvolvimentoterritorial\":\"Desenvolvimento territorial\",\"p18_direitoshumanos\":\"Direitos humanos\",\"p18_educacao\":\"Educa\\u00e7\\u00e3o\",\"p18_feminismos\":\"Feminismos\",\"p18_lgbtqi\":\"LGBTQI\",\"p18_lutaantirracismo\":\"Luta antirracismo\",\"p18_mobilidade\":\"Mobilidade\",\"p18_moradia\":\"Moradia\",\"p18_povosecomunidadestradicionais\":\"Povos e comunidades tradicionais\",\"p18_trabalho\":\"Trabalho\",\"p18_saude\":\"Sa\\u00fade\",\"p18_violencia\":\"Viol\\u00eancia\",\"p18_politicasculturais\":\"Pol\\u00edticas Culturais\",\"p19_comunicacao\":\"Comunica\\u00e7\\u00e3o\",\"p19_direitoshumanos\":\"Direitos humanos\",\"p19_educacao\":\"Educa\\u00e7\\u00e3o\",\"p19_lutaantirracismo\":\"Luta antirracismo\",\"p19_moradia\":\"Moradia\",\"p19_politicasculturais\":\"Pol\\u00edticas Culturais\",\"p20_reunioes\":\"Reuni\\u00f5es\",\"p20_atendimento\":\"Atendimento\",\"p20_oficinas\":\"Oficinas\",\"p20_apresentacoesartisticas\":\"Apresenta\\u00e7\\u00f5es art\\u00edsticas\",\"p20_visitasexcursoes\":\"Visitas\\\/Excurs\\u00f5es\",\"p21_repressaopolicial\":\"Repress\\u00e3o policial\",\"p21_nenhum\":\"Nenhum\",\"p22_numerodeparticipantes\":\"1  - 15\",\"p23_reunioes\":\"Reuni\\u00f5es\",\"p23_atendimento\":\"Atendimento\",\"p23_oficinasaulasartisticas\":\"Ensaio\\\/Oficinas\\\/Aulas Art\\u00edsticas\",\"p23_apresentacoesartisticas\":\"Apresenta\\u00e7\\u00f5es Art\\u00edsticas\",\"p23_outros\":\"Outros\",\"p24_oficinas\":\"Oficinas\",\"p24_apresentacoesartisticas\":\"Apresenta\\u00e7\\u00f5es art\\u00edsticas\",\"p24_visitasexcursoes\":\"Visitas\\\/Excurs\\u00f5es\",\"p24_outros\":\"Outros\",\"p25_numerodepessoas\":\"100 - 200\",\"p26_numerodepessoas\":\"100 - 200\",\"p27_espacopublico\":\"Espa\\u00e7o p\\u00fablico\",\"p27_espacoemprestadocedido\":\"Espa\\u00e7o emprestado\\\/cedido\",\"p27_espacoproprio\":\"Espa\\u00e7o pr\\u00f3prio\",\"p27_ocupacao\":\"Ocupa\\u00e7\\u00e3o\",\"p28_territorios\":\"Regi\\u00e3o da Cidade\",\"p30_outrasorganizacoes\":\"Sim\",\"p32_campanhadelongaduracao\":\"Sim\",\"p34_municipal\":\"Municipal\",\"p36_conselhosdeparticipacaoecontrolesocial\":\"N\\u00e3o\",\"p38_sim\":\"Sim\",\"p38_nenhum\":\"Nenhum\",\"p40_editais\":\"Sim\",\"p41_publicoestatal\":\"P\\u00fablico-Estatal\",\"p41_privadopf\":\"Privado (P. F\\u00edsica)\",\"p41_privadopj\":\"Privado (P. Jur\\u00eddica)\",\"p41_autofinanciamento\":\"Autofinanciamento\",\"p42_meiodedivulgacaoproprio\":\"Sim\",\"p43_impressoes\":\"Impressos\",\"p43_email\":\"E-mail\",\"p43_facebook\":\"Facebook\",\"p43_instagram\":\"Instagram\",\"p43_sitesblogs\":\"Blogs\\\/sites\",\"p43_youtube\":\"YouTube\",\"p44_jornaisimpressosdegrandecirculacao\":\"Jornais impressos de grande circula\\u00e7\\u00e3o\",\"p44_jornaisimpressosdebairro\":\"Jornais impressos de bairro\",\"p44_redessociais\":\"Redes sociais (Facebook, YouTube, Instagram etc.)\",\"p44_sitesblogs\":\"Sites ou Blogs\",\"p39_publico\":\"TODOS FAM\\u00cdLIA\",\"p45_bandeira\":\"DEFESA DIREITOS\",\"p46_hashtags\":\"#VOCEEPROBLEMANOSSO\"},{\"p1_eixo\":\"Cultura\",\"p9_tipoorganizacao\":\"Coletivo\",\"p12_uf\":\"SP\",\"p13_cidade\":\"S\\u00c3O PAULO\",\"p16_nacional\":\"Nacional\",\"p17_ano\":\"2007\",\"p16_estado\":\"Estado\",\"p18_comunicacao\":\"Comunica\\u00e7\\u00e3o\",\"p18_difusaoartistica\":\"Difus\\u00e3o Art\\u00edstica\",\"p18_desenvolvimentoterritorial\":\"Desenvolvimento territorial\",\"p18_direitoshumanos\":\"Direitos humanos\",\"p18_educacao\":\"Educa\\u00e7\\u00e3o\",\"p18_feminismos\":\"Feminismos\",\"p18_lgbtqi\":\"LGBTQI\",\"p18_lutaantirracismo\":\"Luta antirracismo\",\"p18_mobilidade\":\"Mobilidade\",\"p18_moradia\":\"Moradia\",\"p18_povosecomunidadestradicionais\":\"Povos e comunidades tradicionais\",\"p18_trabalho\":\"Trabalho\",\"p18_violencia\":\"Viol\\u00eancia\",\"p18_politicasculturais\":\"Pol\\u00edticas Culturais\",\"p19_comunicacao\":\"Comunica\\u00e7\\u00e3o\",\"p19_desenvolvimentoterritorial\":\"Desenvolvimento territorial\",\"p19_feminismos\":\"Feminismos\",\"p19_lutaantirracismo\":\"Luta antirracismo\",\"p19_moradia\":\"Moradia\",\"p19_politicasculturais\":\"Pol\\u00edticas Culturais\",\"p20_reunioes\":\"Reuni\\u00f5es\",\"p20_atendimento\":\"Atendimento\",\"p20_oficinas\":\"Oficinas\",\"p20_formacao\":\"Forma\\u00e7\\u00e3o\",\"p20_apresentacoesartisticas\":\"Apresenta\\u00e7\\u00f5es art\\u00edsticas\",\"p20_visitasexcursoes\":\"Visitas\\\/Excurs\\u00f5es\",\"p21_repressaopolicial\":\"Repress\\u00e3o policial\",\"p21_intoleranciareligiosa\":\"Fundamentalismo\\\/intoler\\u00e2ncia religiosa\",\"p21_machismo\":\"Machismo\",\"p21_racismo\":\"Racismo\",\"p21_lgbtqifobia\":\"LGBTIfobia\",\"p21_nenhum\":\"Nenhum\",\"p22_numerodeparticipantes\":\"1  - 15\",\"p23_reunioes\":\"Reuni\\u00f5es\",\"p23_atendimento\":\"Atendimento\",\"p23_oficinas\":\"Oficinas\",\"p23_oficinasaulasartisticas\":\"Ensaio\\\/Oficinas\\\/Aulas Art\\u00edsticas\",\"p23_formacao\":\"Forma\\u00e7\\u00e3o\",\"p23_apresentacoesartisticas\":\"Apresenta\\u00e7\\u00f5es Art\\u00edsticas\",\"p23_outros\":\"Outros\",\"p24_reunioes\":\"Reuni\\u00f5es\",\"p24_visitasexcursoes\":\"Visitas\\\/Excurs\\u00f5es\",\"p24_outros\":\"Outros\",\"p25_numerodepessoas\":\"200 - 300\",\"p26_numerodepessoas\":\"40 - 60\",\"p27_espacopublico\":\"Espa\\u00e7o p\\u00fablico\",\"p27_espacoemprestadocedido\":\"Espa\\u00e7o emprestado\\\/cedido\",\"p27_espacoproprio\":\"Espa\\u00e7o pr\\u00f3prio\",\"p27_ocupacao\":\"Ocupa\\u00e7\\u00e3o\",\"p28_territorios\":\"Estado\",\"p30_outrasorganizacoes\":\"Sim\",\"p32_campanhadelongaduracao\":\"Sim\",\"p34_municipal\":\"Municipal\",\"p34_estadual\":\"Estadual\",\"p36_conselhosdeparticipacaoecontrolesocial\":\"Sim\",\"p38_sim\":\"Sim\",\"p40_editais\":\"Sim\",\"p41_publicoestatal\":\"P\\u00fablico-Estatal\",\"p41_privadopj\":\"Privado (P. Jur\\u00eddica)\",\"p41_autofinanciamento\":\"Autofinanciamento\",\"p41_financiamentocoletivo0\":\"Financiamento coletivo\",\"p42_meiodedivulgacaoproprio\":\"Sim\",\"p43_impressoes\":\"Impressos\",\"p43_email\":\"E-mail\",\"p43_facebook\":\"Facebook\",\"p43_instagram\":\"Instagram\",\"p43_sitesblogs\":\"Blogs\\\/sites\",\"p43_youtube\":\"YouTube\",\"p44_jornaisimpressosdegrandecirculacao\":\"Jornais impressos de grande circula\\u00e7\\u00e3o\",\"p44_jornaisimpressosdebairro\":\"Jornais impressos de bairro\",\"p44_redessociais\":\"Redes sociais (Facebook, YouTube, Instagram etc.)\",\"p44_sitesblogs\":\"Sites ou Blogs\",\"p39_publico\":\"JOVENS\",\"p45_bandeira\":\"JUVENTUDE POBRE PERIF\\u00c9RICA DISCUSS\\u00c3O RACIAL IND\\u00cdGENA FEMINISMO\",\"p46_hashtags\":\"#LUTARERESISTIR #AUDIOVISUALPERIFERICO\"},{\"p1_eixo\":\"Trabalho\",\"p9_tipoorganizacao\":\"ONG\",\"p12_uf\":\"PE\",\"p13_cidade\":\"RECIFE\",\"p16_nacional\":\"Nacional\",\"p17_ano\":\"Anterior a 1980\",\"p16_estado\":\"Estado\",\"p18_agrario\":\"Agr\\u00e1rio\\\/ruralidades\",\"p18_comunicacao\":\"Comunica\\u00e7\\u00e3o\",\"p18_difusaoartistica\":\"Difus\\u00e3o Art\\u00edstica\",\"p18_desenvolvimentoterritorial\":\"Desenvolvimento territorial\",\"p18_direitoshumanos\":\"Direitos humanos\",\"p18_educacao\":\"Educa\\u00e7\\u00e3o\",\"p18_feminismos\":\"Feminismos\",\"p18_lgbtqi\":\"LGBTQI\",\"p18_lutaantirracismo\":\"Luta antirracismo\",\"p18_mobilidade\":\"Mobilidade\",\"p18_moradia\":\"Moradia\",\"p18_povosecomunidadestradicionais\":\"Povos e comunidades tradicionais\",\"p18_trabalho\":\"Trabalho\",\"p18_saude\":\"Sa\\u00fade\",\"p18_violencia\":\"Viol\\u00eancia\",\"p18_politicasculturais\":\"Pol\\u00edticas Culturais\",\"p19_desenvolvimentoterritorial\":\"Desenvolvimento territorial\",\"p19_educacao\":\"Educa\\u00e7\\u00e3o\",\"p19_feminismos\":\"Feminismos\",\"p19_lutaantirracismo\":\"Luta antirracismo\",\"p19_moradia\":\"Moradia\",\"p20_reunioes\":\"Reuni\\u00f5es\",\"p20_atendimento\":\"Atendimento\",\"p20_oficinas\":\"Oficinas\",\"p20_cursos\":\"Cursos\",\"p20_formacao\":\"Forma\\u00e7\\u00e3o\",\"p20_visitasexcursoes\":\"Visitas\\\/Excurs\\u00f5es\",\"p21_repressaopolicial\":\"Repress\\u00e3o policial\",\"p21_intoleranciareligiosa\":\"Fundamentalismo\\\/intoler\\u00e2ncia religiosa\",\"p21_machismo\":\"Machismo\",\"p21_racismo\":\"Racismo\",\"p21_lgbtqifobia\":\"LGBTIfobia\",\"p21_nenhum\":\"Nenhum\",\"p22_numerodeparticipantes\":\"1  - 15\",\"p23_reunioes\":\"Reuni\\u00f5es\",\"p23_atendimento\":\"Atendimento\",\"p23_oficinas\":\"Oficinas\",\"p23_formacao\":\"Forma\\u00e7\\u00e3o\",\"p23_outros\":\"Outros\",\"p24_reunioes\":\"Reuni\\u00f5es\",\"p24_atendimento\":\"Atendimentos\",\"p24_outros\":\"Outros\",\"p25_numerodepessoas\":\"20 - 40\",\"p26_numerodepessoas\":\"80 - 100\",\"p27_espacopublico\":\"Espa\\u00e7o p\\u00fablico\",\"p27_espacoemprestadocedido\":\"Espa\\u00e7o emprestado\\\/cedido\",\"p27_espacoproprio\":\"Espa\\u00e7o pr\\u00f3prio\",\"p28_territorios\":\"Estado\",\"p30_outrasorganizacoes\":\"Sim\",\"p32_campanhadelongaduracao\":\"Sim\",\"p34_estadual\":\"Estadual\",\"p36_conselhosdeparticipacaoecontrolesocial\":\"Sim\",\"p38_sim\":\"Sim\",\"p40_editais\":\"Sim\",\"p41_publicoestatal\":\"P\\u00fablico-Estatal\",\"p41_privadopj\":\"Privado (P. Jur\\u00eddica)\",\"p41_autofinanciamento\":\"Autofinanciamento\",\"p41_financiamentocoletivo0\":\"Financiamento coletivo\",\"p42_meiodedivulgacaoproprio\":\"Sim\",\"p43_email\":\"E-mail\",\"p43_facebook\":\"Facebook\",\"p43_whatsapp\":\"WhatsApp\",\"p43_sitesblogs\":\"Blogs\\\/sites\",\"p44_jornaisimpressosdebairro\":\"Jornais impressos de bairro\",\"p44_redessociais\":\"Redes sociais (Facebook, YouTube, Instagram etc.)\",\"p44_sitesblogs\":\"Sites ou Blogs\",\"p39_publico\":\"JOVENS NEGROS MULHERES NEGRAS POBRES RECIFE MOVIMENTOS LUTA MORADIA\",\"p45_bandeira\":\"DIREITO CIDADE CONSIDERE SUJEITO INTERESSES DEMOCRATIZA\\u00c7\\u00c3O ESPA\\u00c7OS-P\\u00daBLICO GEST\\u00c3O PARTICIPATIVA LUTA CONTRA-SEXISMO ANTIRRACISMO MORADIA POL\\u00cdTICAS JUVENTUDE\",\"p46_hashtags\":\"#UMACIDADEPARATODOS #CIDADESEMRACISMO\"},{\"p1_eixo\":\"Viol\\u00eancia\",\"p9_tipoorganizacao\":\"Associa\\u00e7\\u00e3o\",\"p12_uf\":\"PA\",\"p13_cidade\":\"BEL\\u00c9M\",\"p16_bairro\":\"Bairro\",\"p17_ano\":\"1980\",\"p16_estado\":\"Estado\",\"p18_agrario\":\"Agr\\u00e1rio\\\/ruralidades\",\"p18_comunicacao\":\"Comunica\\u00e7\\u00e3o\",\"p18_difusaoartistica\":\"Difus\\u00e3o Art\\u00edstica\",\"p18_desenvolvimentoterritorial\":\"Desenvolvimento territorial\",\"p18_direitoshumanos\":\"Direitos humanos\",\"p18_educacao\":\"Educa\\u00e7\\u00e3o\",\"p18_feminismos\":\"Feminismos\",\"p18_lgbtqi\":\"LGBTQI\",\"p18_lutaantirracismo\":\"Luta antirracismo\",\"p18_mobilidade\":\"Mobilidade\",\"p18_moradia\":\"Moradia\",\"p18_povosecomunidadestradicionais\":\"Povos e comunidades tradicionais\",\"p18_trabalho\":\"Trabalho\",\"p18_religiao\":\"Religi\\u00e3o\",\"p18_saude\":\"Sa\\u00fade\",\"p18_violencia\":\"Viol\\u00eancia\",\"p18_politicasculturais\":\"Pol\\u00edticas Culturais\",\"p19_educacao\":\"Educa\\u00e7\\u00e3o\",\"p19_feminismos\":\"Feminismos\",\"p19_lutaantirracismo\":\"Luta antirracismo\",\"p19_difusaoartistica\":\"Difus\\u00e3o Art\\u00edstica\",\"p19_politicasculturais\":\"Pol\\u00edticas Culturais\",\"p20_atendimento\":\"Atendimento\",\"p20_oficinas\":\"Oficinas\",\"p20_oficinasaulasartisticas\":\"Ensaios\\\/Oficinas\\\/Aulas art\\u00edsticas\",\"p20_cursos\":\"Cursos\",\"p20_formacao\":\"Forma\\u00e7\\u00e3o\",\"p20_apresentacoesartisticas\":\"Apresenta\\u00e7\\u00f5es art\\u00edsticas\",\"p21_repressaopolicial\":\"Repress\\u00e3o policial\",\"p21_machismo\":\"Machismo\",\"p21_lgbtqifobia\":\"LGBTIfobia\",\"p21_nenhum\":\"Nenhum\",\"p22_numerodeparticipantes\":\"60 - 75\",\"p23_oficinas\":\"Oficinas\",\"p23_oficinasaulasartisticas\":\"Ensaio\\\/Oficinas\\\/Aulas Art\\u00edsticas\",\"p23_formacao\":\"Forma\\u00e7\\u00e3o\",\"p24_reunioes\":\"Reuni\\u00f5es\",\"p24_atendimento\":\"Atendimentos\",\"p24_apresentacoesartisticas\":\"Apresenta\\u00e7\\u00f5es art\\u00edsticas\",\"p24_outros\":\"Outros\",\"p25_numerodepessoas\":\"20 - 40\",\"p26_numerodepessoas\":\"20 - 40\",\"p27_espacopublico\":\"Espa\\u00e7o p\\u00fablico\",\"p27_espacoemprestadocedido\":\"Espa\\u00e7o emprestado\\\/cedido\",\"p27_espacoproprio\":\"Espa\\u00e7o pr\\u00f3prio\",\"p28_territorios\":\"Estado\",\"p30_outrasorganizacoes\":\"N\\u00e3o\",\"p32_campanhadelongaduracao\":\"Sim\",\"p34_estadual\":\"Estadual\",\"p34_nenhuma\":\"Nenhuma\",\"p36_conselhosdeparticipacaoecontrolesocial\":\"Sim\",\"p38_sim\":\"Sim\",\"p38_nenhum\":\"Nenhum\",\"p40_editais\":\"Sim\",\"p41_publicoestatal\":\"P\\u00fablico-Estatal\",\"p41_privadopj\":\"Privado (P. Jur\\u00eddica)\",\"p41_autofinanciamento\":\"Autofinanciamento\",\"p41_financiamentocoletivo0\":\"Financiamento coletivo\",\"p42_meiodedivulgacaoproprio\":\"Sim\",\"p43_email\":\"E-mail\",\"p43_facebook\":\"Facebook\",\"p43_whatsapp\":\"WhatsApp\",\"p43_sitesblogs\":\"Blogs\\\/sites\",\"p44_jornaisimpressosdebairro\":\"Jornais impressos de bairro\",\"p44_redessociais\":\"Redes sociais (Facebook, YouTube, Instagram etc.)\",\"p44_sitesblogs\":\"Sites ou Blogs\",\"p39_publico\":\"MULHERES NEGRAS JUVENTUDE NEGRA\",\"p45_bandeira\":\"COMBATE-RACISMO COMBATE-SEXISMO COMBATE-POBREZA COMBATE-HOMOFOBIA\",\"p46_hashtags\":\"#CONTRAORACISMOAVIOLENCIA #PELOBEMVIVER\"},{\"p1_eixo\":\"Cultura\",\"p9_tipoorganizacao\":\"Coletivo Art\\u00edstico\",\"p12_uf\":\"AP\",\"p13_cidade\":\"SANTANA\",\"p16_bairro\":\"Bairro\",\"p16_nacional\":\"Nacional\",\"p17_ano\":\"2015\",\"p18_agrario\":\"Agr\\u00e1rio\\\/ruralidades\",\"p18_comunicacao\":\"Comunica\\u00e7\\u00e3o\",\"p18_difusaoartistica\":\"Difus\\u00e3o Art\\u00edstica\",\"p18_desenvolvimentoterritorial\":\"Desenvolvimento territorial\",\"p18_direitoshumanos\":\"Direitos humanos\",\"p18_educacao\":\"Educa\\u00e7\\u00e3o\",\"p18_feminismos\":\"Feminismos\",\"p18_lgbtqi\":\"LGBTQI\",\"p18_lutaantirracismo\":\"Luta antirracismo\",\"p18_mobilidade\":\"Mobilidade\",\"p18_moradia\":\"Moradia\",\"p18_trabalho\":\"Trabalho\",\"p18_religiao\":\"Religi\\u00e3o\",\"p18_saude\":\"Sa\\u00fade\",\"p18_violencia\":\"Viol\\u00eancia\",\"p18_politicasculturais\":\"Pol\\u00edticas Culturais\",\"p19_direitoshumanos\":\"Direitos humanos\",\"p19_educacao\":\"Educa\\u00e7\\u00e3o\",\"p19_feminismos\":\"Feminismos\",\"p19_difusaoartistica\":\"Difus\\u00e3o Art\\u00edstica\",\"p19_politicasculturais\":\"Pol\\u00edticas Culturais\",\"p20_reunioes\":\"Reuni\\u00f5es\",\"p20_atendimento\":\"Atendimento\",\"p20_oficinasaulasartisticas\":\"Ensaios\\\/Oficinas\\\/Aulas art\\u00edsticas\",\"p20_formacao\":\"Forma\\u00e7\\u00e3o\",\"p20_profissionalizacao\":\"Profissionaliza\\u00e7\\u00e3o\",\"p20_apresentacoesartisticas\":\"Apresenta\\u00e7\\u00f5es art\\u00edsticas\",\"p21_nenhum\":\"Nenhum\",\"p22_numerodeparticipantes\":\"1  - 15\",\"p23_reunioes\":\"Reuni\\u00f5es\",\"p23_atendimento\":\"Atendimento\",\"p23_oficinasaulasartisticas\":\"Ensaio\\\/Oficinas\\\/Aulas Art\\u00edsticas\",\"p23_formacao\":\"Forma\\u00e7\\u00e3o\",\"p23_profissionalizacao\":\"Profissionaliza\\u00e7\\u00e3o\",\"p24_reunioes\":\"Reuni\\u00f5es\",\"p24_apresentacoesartisticas\":\"Apresenta\\u00e7\\u00f5es art\\u00edsticas\",\"p24_outros\":\"Outros\",\"p25_numerodepessoas\":\"20 - 40\",\"p26_numerodepessoas\":\"40 - 60\",\"p27_espacopublico\":\"Espa\\u00e7o p\\u00fablico\",\"p27_espacoemprestadocedido\":\"Espa\\u00e7o emprestado\\\/cedido\",\"p27_espacoproprio\":\"Espa\\u00e7o pr\\u00f3prio\",\"p28_territorios\":\"Regi\\u00e3o da Cidade\",\"p30_outrasorganizacoes\":\"N\\u00e3o\",\"p32_campanhadelongaduracao\":\"N\\u00e3o\",\"p34_estadual\":\"Estadual\",\"p34_nenhuma\":\"Nenhuma\",\"p36_conselhosdeparticipacaoecontrolesocial\":\"N\\u00e3o\",\"p38_nenhum\":\"Nenhum\",\"p40_editais\":\"N\\u00e3o\",\"p41_privadopj\":\"Privado (P. Jur\\u00eddica)\",\"p41_autofinanciamento\":\"Autofinanciamento\",\"p41_financiamentocoletivo0\":\"Financiamento coletivo\",\"p42_meiodedivulgacaoproprio\":\"Sim\",\"p43_email\":\"E-mail\",\"p43_facebook\":\"Facebook\",\"p43_instagram\":\"Instagram\",\"p43_twitter\":\"Twitter\",\"p43_sitesblogs\":\"Blogs\\\/sites\",\"p44_radio\":\"TV\",\"p44_jornaisimpressosdegrandecirculacao\":\"Jornais impressos de grande circula\\u00e7\\u00e3o\",\"p44_jornaisimpressosdebairro\":\"Jornais impressos de bairro\",\"p44_redessociais\":\"Redes sociais (Facebook, YouTube, Instagram etc.)\",\"p39_publico\":\"HOMENS MULHERES ARTE DAN\\u00c7A\",\"p45_bandeira\":\"DEFENDER DAN\\u00c7A RESIST\\u00caNCIA DIGNIDADE\",\"p46_hashtags\":\"#DIGNIDADEPELADAN\\u00c7A #DANCADOBEM #SANTANA\"},{\"p1_eixo\":\"Viol\\u00eancia\",\"p9_tipoorganizacao\":\"Instituto\",\"p12_uf\":\"CE\",\"p13_cidade\":\"FORTALEZA\",\"p16_nacional\":\"Nacional\",\"p17_ano\":\"1987\",\"p18_agrario\":\"Agr\\u00e1rio\\\/ruralidades\",\"p18_comunicacao\":\"Comunica\\u00e7\\u00e3o\",\"p18_difusaoartistica\":\"Difus\\u00e3o Art\\u00edstica\",\"p18_desenvolvimentoterritorial\":\"Desenvolvimento territorial\",\"p18_direitoshumanos\":\"Direitos humanos\",\"p18_educacao\":\"Educa\\u00e7\\u00e3o\",\"p18_feminismos\":\"Feminismos\",\"p18_lgbtqi\":\"LGBTQI\",\"p18_lutaantirracismo\":\"Luta antirracismo\",\"p18_mobilidade\":\"Mobilidade\",\"p18_moradia\":\"Moradia\",\"p18_povosecomunidadestradicionais\":\"Povos e comunidades tradicionais\",\"p18_trabalho\":\"Trabalho\",\"p18_religiao\":\"Religi\\u00e3o\",\"p18_saude\":\"Sa\\u00fade\",\"p18_violencia\":\"Viol\\u00eancia\",\"p18_politicasculturais\":\"Pol\\u00edticas Culturais\",\"p19_direitoshumanos\":\"Direitos humanos\",\"p19_educacao\":\"Educa\\u00e7\\u00e3o\",\"p19_feminismos\":\"Feminismos\",\"p19_lutaantirracismo\":\"Luta antirracismo\",\"p19_politicasculturais\":\"Pol\\u00edticas Culturais\",\"p20_reunioes\":\"Reuni\\u00f5es\",\"p20_atendimento\":\"Atendimento\",\"p20_formacao\":\"Forma\\u00e7\\u00e3o\",\"p20_profissionalizacao\":\"Profissionaliza\\u00e7\\u00e3o\",\"p21_nenhum\":\"Nenhum\",\"p22_numerodeparticipantes\":\"1  - 15\",\"p23_reunioes\":\"Reuni\\u00f5es\",\"p23_atendimento\":\"Atendimento\",\"p23_formacao\":\"Forma\\u00e7\\u00e3o\",\"p23_profissionalizacao\":\"Profissionaliza\\u00e7\\u00e3o\",\"p24_reunioes\":\"Reuni\\u00f5es\",\"p24_formacao\":\"Forma\\u00e7\\u00e3o\",\"p24_outros\":\"Outros\",\"p25_numerodepessoas\":\"20 - 40\",\"p26_numerodepessoas\":\"80 - 100\",\"p27_espacopublico\":\"Espa\\u00e7o p\\u00fablico\",\"p27_espacoemprestadocedido\":\"Espa\\u00e7o emprestado\\\/cedido\",\"p27_espacoproprio\":\"Espa\\u00e7o pr\\u00f3prio\",\"p28_territorios\":\"Cidade\",\"p30_outrasorganizacoes\":\"Sim\",\"p32_campanhadelongaduracao\":\"Sim\",\"p34_municipal\":\"Municipal\",\"p34_estadual\":\"Estadual\",\"p36_conselhosdeparticipacaoecontrolesocial\":\"Sim\",\"p38_sim\":\"Sim\",\"p38_nenhum\":\"Nenhum\",\"p40_editais\":\"Sim\",\"p41_privadopj\":\"Privado (P. Jur\\u00eddica)\",\"p41_autofinanciamento\":\"Autofinanciamento\",\"p41_financiamentocoletivo0\":\"Financiamento coletivo\",\"p42_meiodedivulgacaoproprio\":\"Sim\",\"p43_email\":\"E-mail\",\"p43_facebook\":\"Facebook\",\"p43_whatsapp\":\"WhatsApp\",\"p43_instagram\":\"Instagram\",\"p43_twitter\":\"Twitter\",\"p43_sitesblogs\":\"Blogs\\\/sites\",\"p44_radio\":\"TV\",\"p44_jornaisimpressosdegrandecirculacao\":\"Jornais impressos de grande circula\\u00e7\\u00e3o\",\"p44_jornaisimpressosdebairro\":\"Jornais impressos de bairro\",\"p39_publico\":\"CRIAN\\u00c7AS ADOLESCENTES\",\"p45_bandeira\":\"DIREITOS CRIAN\\u00c7A ADOLESCENTE\",\"p46_hashtags\":\"#MELHORIADEVIDACRIANCAEADOLESCENTEEMSITUACAODEVULNERABILIDADESOCIAL\"},{\"p1_eixo\":\"Cultura\",\"p9_tipoorganizacao\":\"Coletivo\",\"p12_uf\":\"DF\",\"p13_cidade\":\"BRAS\\u00cdLIA\",\"p16_nacional\":\"Nacional\",\"p17_ano\":\"2001\",\"p18_agrario\":\"Agr\\u00e1rio\\\/ruralidades\",\"p18_comunicacao\":\"Comunica\\u00e7\\u00e3o\",\"p18_difusaoartistica\":\"Difus\\u00e3o Art\\u00edstica\",\"p18_desenvolvimentoterritorial\":\"Desenvolvimento territorial\",\"p18_direitoshumanos\":\"Direitos humanos\",\"p18_educacao\":\"Educa\\u00e7\\u00e3o\",\"p18_feminismos\":\"Feminismos\",\"p18_lgbtqi\":\"LGBTQI\",\"p18_lutaantirracismo\":\"Luta antirracismo\",\"p18_mobilidade\":\"Mobilidade\",\"p18_moradia\":\"Moradia\",\"p18_povosecomunidadestradicionais\":\"Povos e comunidades tradicionais\",\"p18_trabalho\":\"Trabalho\",\"p18_religiao\":\"Religi\\u00e3o\",\"p18_saude\":\"Sa\\u00fade\",\"p18_violencia\":\"Viol\\u00eancia\",\"p18_politicasculturais\":\"Pol\\u00edticas Culturais\",\"p19_comunicacao\":\"Comunica\\u00e7\\u00e3o\",\"p19_direitoshumanos\":\"Direitos humanos\",\"p19_educacao\":\"Educa\\u00e7\\u00e3o\",\"p19_feminismos\":\"Feminismos\",\"p19_lutaantirracismo\":\"Luta antirracismo\",\"p20_reunioes\":\"Reuni\\u00f5es\",\"p20_atendimento\":\"Atendimento\",\"p20_formacao\":\"Forma\\u00e7\\u00e3o\",\"p21_nenhum\":\"Nenhum\",\"p22_numerodeparticipantes\":\"15 - 30\",\"p23_atendimento\":\"Atendimento\",\"p23_formacao\":\"Forma\\u00e7\\u00e3o\",\"p24_atendimento\":\"Atendimentos\",\"p24_formacao\":\"Forma\\u00e7\\u00e3o\",\"p25_numerodepessoas\":\"400 - 500\",\"p26_numerodepessoas\":\"400 - 500\",\"p27_espacoemprestadocedido\":\"Espa\\u00e7o emprestado\\\/cedido\",\"p27_espacoproprio\":\"Espa\\u00e7o pr\\u00f3prio\",\"p28_territorios\":\"Estado\",\"p30_outrasorganizacoes\":\"N\\u00e3o\",\"p32_campanhadelongaduracao\":\"N\\u00e3o\",\"p34_municipal\":\"Municipal\",\"p34_estadual\":\"Estadual\",\"p34_nacional\":\"Nacional\",\"p36_conselhosdeparticipacaoecontrolesocial\":\"Sim\",\"p38_sim\":\"Sim\",\"p38_nenhum\":\"Nenhum\",\"p40_editais\":\"N\\u00e3o\",\"p41_publicoestatal\":\"P\\u00fablico-Estatal\",\"p41_privadopf\":\"Privado (P. F\\u00edsica)\",\"p41_privadopj\":\"Privado (P. Jur\\u00eddica)\",\"p41_autofinanciamento\":\"Autofinanciamento\",\"p41_financiamentocoletivo0\":\"Financiamento coletivo\",\"p42_meiodedivulgacaoproprio\":\"Sim\",\"p43_impressoes\":\"Impressos\",\"p43_email\":\"E-mail\",\"p43_facebook\":\"Facebook\",\"p43_whatsapp\":\"WhatsApp\",\"p43_sitesblogs\":\"Blogs\\\/sites\",\"p44_radio\":\"TV\",\"p44_jornaisimpressosdegrandecirculacao\":\"Jornais impressos de grande circula\\u00e7\\u00e3o\",\"p44_jornaisimpressosdebairro\":\"Jornais impressos de bairro\",\"p44_redessociais\":\"Redes sociais (Facebook, YouTube, Instagram etc.)\",\"p44_sitesblogs\":\"Sites ou Blogs\",\"p39_publico\":\"JOVENS 15 29 UNIVERSIDADE UNIVERSIDADE\",\"p45_bandeira\":\"EDUCA\\u00c7\\u00c3O P\\u00daBLICA QUALIDADE DIREITO ALUNOS DENTRO UNIVERSIDADE\",\"p46_hashtags\":\"#EDUCACAOPUBLICADEQUALIDADEGRATUITAEUNIVERSAL #MUNDOSEMPRECONCEITOS #RADICALIZACAODADEMOCRACIA\"},{\"p1_eixo\":\"Viol\\u00eancia\",\"p9_tipoorganizacao\":\"Instituto\",\"p12_uf\":\"RJ\",\"p13_cidade\":\"RIO DE JANEIRO\",\"p16_nacional\":\"Nacional\",\"p17_ano\":\"Anterior a 1980\",\"p16_estado\":\"Estado\",\"p18_agrario\":\"Agr\\u00e1rio\\\/ruralidades\",\"p18_comunicacao\":\"Comunica\\u00e7\\u00e3o\",\"p18_difusaoartistica\":\"Difus\\u00e3o Art\\u00edstica\",\"p18_desenvolvimentoterritorial\":\"Desenvolvimento territorial\",\"p18_direitoshumanos\":\"Direitos humanos\",\"p18_educacao\":\"Educa\\u00e7\\u00e3o\",\"p18_feminismos\":\"Feminismos\",\"p18_lgbtqi\":\"LGBTQI\",\"p18_lutaantirracismo\":\"Luta antirracismo\",\"p18_mobilidade\":\"Mobilidade\",\"p18_moradia\":\"Moradia\",\"p18_povosecomunidadestradicionais\":\"Povos e comunidades tradicionais\",\"p18_trabalho\":\"Trabalho\",\"p18_religiao\":\"Religi\\u00e3o\",\"p18_saude\":\"Sa\\u00fade\",\"p18_violencia\":\"Viol\\u00eancia\",\"p18_politicasculturais\":\"Pol\\u00edticas Culturais\",\"p19_comunicacao\":\"Comunica\\u00e7\\u00e3o\",\"p19_direitoshumanos\":\"Direitos humanos\",\"p19_educacao\":\"Educa\\u00e7\\u00e3o\",\"p19_trabalho\":\"Trabalho\",\"p20_atendimento\":\"Atendimento\",\"p20_formacao\":\"Forma\\u00e7\\u00e3o\",\"p21_intoleranciareligiosa\":\"Fundamentalismo\\\/intoler\\u00e2ncia religiosa\",\"p21_machismo\":\"Machismo\",\"p21_racismo\":\"Racismo\",\"p21_lgbtqifobia\":\"LGBTIfobia\",\"p21_enfrentamentocomgruposprivadosarmados\":\"Enfrentamento com grupos privados armados\",\"p21_nenhum\":\"Nenhum\",\"p22_numerodeparticipantes\":\"30 - 45\",\"p23_oficinas\":\"Oficinas\",\"p23_formacao\":\"Forma\\u00e7\\u00e3o\",\"p24_reunioes\":\"Reuni\\u00f5es\",\"p24_atendimento\":\"Atendimentos\",\"p24_outros\":\"Outros\",\"p25_numerodepessoas\":\"1 - 20\",\"p26_numerodepessoas\":\"1 - 20\",\"p27_espacopublico\":\"Espa\\u00e7o p\\u00fablico\",\"p27_espacoemprestadocedido\":\"Espa\\u00e7o emprestado\\\/cedido\",\"p27_espacoproprio\":\"Espa\\u00e7o pr\\u00f3prio\",\"p28_territorios\":\"Atua\\u00e7\\u00e3o Nacional\",\"p30_outrasorganizacoes\":\"N\\u00e3o\",\"p32_campanhadelongaduracao\":\"Sim\",\"p34_nacional\":\"Nacional\",\"p34_nenhuma\":\"Nenhuma\",\"p36_conselhosdeparticipacaoecontrolesocial\":\"Sim\",\"p38_nenhum\":\"Nenhum\",\"p40_editais\":\"Sim\",\"p41_publicoestatal\":\"P\\u00fablico-Estatal\",\"p41_privadopf\":\"Privado (P. F\\u00edsica)\",\"p41_privadopj\":\"Privado (P. Jur\\u00eddica)\",\"p41_autofinanciamento\":\"Autofinanciamento\",\"p41_financiamentocoletivo0\":\"Financiamento coletivo\",\"p42_meiodedivulgacaoproprio\":\"Sim\",\"p43_impressoes\":\"Impressos\",\"p43_email\":\"E-mail\",\"p43_facebook\":\"Facebook\",\"p43_instagram\":\"Instagram\",\"p43_sitesblogs\":\"Blogs\\\/sites\",\"p44_radio\":\"TV\",\"p44_jornaisimpressosdegrandecirculacao\":\"Jornais impressos de grande circula\\u00e7\\u00e3o\",\"p44_jornaisimpressosdebairro\":\"Jornais impressos de bairro\",\"p44_redessociais\":\"Redes sociais (Facebook, YouTube, Instagram etc.)\",\"p44_sitesblogs\":\"Sites ou Blogs\",\"p39_publico\":\"TODOS\",\"p45_bandeira\":\"COMPROMETIMENTO LUTA CAUSAS DIREITOS HUMANOS DEMOCRACIA TRANSVERSALIDADE\",\"p46_hashtags\":\"#DEMOCRACIA #DIREITOSHUMANOS #SOCIEDADECIVIL\"},{\"p1_eixo\":\"Trabalho\",\"p9_tipoorganizacao\":\"ONG\",\"p12_uf\":\"AL\",\"p13_cidade\":\"MACEI\\u00d3\",\"p16_cidade\":\"Cidade\",\"p17_ano\":\"2000\",\"p16_estado\":\"Estado\",\"p18_comunicacao\":\"Comunica\\u00e7\\u00e3o\",\"p18_difusaoartistica\":\"Difus\\u00e3o Art\\u00edstica\",\"p18_direitoshumanos\":\"Direitos humanos\",\"p18_educacao\":\"Educa\\u00e7\\u00e3o\",\"p18_feminismos\":\"Feminismos\",\"p18_lgbtqi\":\"LGBTQI\",\"p18_lutaantirracismo\":\"Luta antirracismo\",\"p18_moradia\":\"Moradia\",\"p18_povosecomunidadestradicionais\":\"Povos e comunidades tradicionais\",\"p18_trabalho\":\"Trabalho\",\"p18_saude\":\"Sa\\u00fade\",\"p18_violencia\":\"Viol\\u00eancia\",\"p18_politicasculturais\":\"Pol\\u00edticas Culturais\",\"p19_direitoshumanos\":\"Direitos humanos\",\"p19_educacao\":\"Educa\\u00e7\\u00e3o\",\"p19_lgbtqi\":\"LGBTQI\",\"p19_trabalho\":\"Trabalho\",\"p19_politicasculturais\":\"Pol\\u00edticas Culturais\",\"p20_formacao\":\"Forma\\u00e7\\u00e3o\",\"p20_apresentacoesartisticas\":\"Apresenta\\u00e7\\u00f5es art\\u00edsticas\",\"p21_repressaopolicial\":\"Repress\\u00e3o policial\",\"p21_intoleranciareligiosa\":\"Fundamentalismo\\\/intoler\\u00e2ncia religiosa\",\"p21_machismo\":\"Machismo\",\"p21_racismo\":\"Racismo\",\"p21_lgbtqifobia\":\"LGBTIfobia\",\"p21_enfrentamentocomgruposprivadosarmados\":\"Enfrentamento com grupos privados armados\",\"p22_numerodeparticipantes\":\"1  - 15\",\"p23_oficinas\":\"Oficinas\",\"p23_apresentacoesartisticas\":\"Apresenta\\u00e7\\u00f5es Art\\u00edsticas\",\"p24_reunioes\":\"Reuni\\u00f5es\",\"p24_formacao\":\"Forma\\u00e7\\u00e3o\",\"p24_outros\":\"Outros\",\"p25_numerodepessoas\":\"40 - 60\",\"p26_numerodepessoas\":\"20 - 40\",\"p27_espacopublico\":\"Espa\\u00e7o p\\u00fablico\",\"p27_espacoemprestadocedido\":\"Espa\\u00e7o emprestado\\\/cedido\",\"p27_espacoproprio\":\"Espa\\u00e7o pr\\u00f3prio\",\"p28_territorios\":\"Estado\",\"p30_outrasorganizacoes\":\"Sim\",\"p32_campanhadelongaduracao\":\"N\\u00e3o\",\"p34_municipal\":\"Municipal\",\"p34_nenhuma\":\"Nenhuma\",\"p36_conselhosdeparticipacaoecontrolesocial\":\"N\\u00e3o\",\"p38_nenhum\":\"Nenhum\",\"p40_editais\":\"N\\u00e3o\",\"p41_publicoestatal\":\"P\\u00fablico-Estatal\",\"p41_privadopf\":\"Privado (P. F\\u00edsica)\",\"p41_privadopj\":\"Privado (P. Jur\\u00eddica)\",\"p41_autofinanciamento\":\"Autofinanciamento\",\"p42_meiodedivulgacaoproprio\":\"Sim\",\"p43_email\":\"E-mail\",\"p43_facebook\":\"Facebook\",\"p43_instagram\":\"Instagram\",\"p43_sitesblogs\":\"Blogs\\\/sites\",\"p44_radio\":\"TV\",\"p44_jornaisimpressosdebairro\":\"Jornais impressos de bairro\",\"p44_redessociais\":\"Redes sociais (Facebook, YouTube, Instagram etc.)\",\"p44_sitesblogs\":\"Sites ou Blogs\",\"p39_publico\":\"PESSOAS VULNERABILIDADE SOCIAL\",\"p45_bandeira\":\"IGUALDADE SOCIAL QUEBRAR S\",\"p46_hashtags\":\"#SOALUTAQUEGARANTE\"},{\"p1_eixo\":\"Cultura\",\"p9_tipoorganizacao\":\"Coletivo Art\\u00edstico\",\"p12_uf\":\"CE\",\"p13_cidade\":\"FORTALEZA\",\"p16_cidade\":\"Cidade\",\"p17_ano\":\"2013\",\"p16_estado\":\"Estado\",\"p18_comunicacao\":\"Comunica\\u00e7\\u00e3o\",\"p18_difusaoartistica\":\"Difus\\u00e3o Art\\u00edstica\",\"p18_desenvolvimentoterritorial\":\"Desenvolvimento territorial\",\"p18_direitoshumanos\":\"Direitos humanos\",\"p18_educacao\":\"Educa\\u00e7\\u00e3o\",\"p18_feminismos\":\"Feminismos\",\"p18_lgbtqi\":\"LGBTQI\",\"p18_lutaantirracismo\":\"Luta antirracismo\",\"p18_mobilidade\":\"Mobilidade\",\"p18_povosecomunidadestradicionais\":\"Povos e comunidades tradicionais\",\"p18_trabalho\":\"Trabalho\",\"p18_religiao\":\"Religi\\u00e3o\",\"p18_saude\":\"Sa\\u00fade\",\"p18_violencia\":\"Viol\\u00eancia\",\"p18_politicasculturais\":\"Pol\\u00edticas Culturais\",\"p19_educacao\":\"Educa\\u00e7\\u00e3o\",\"p19_lgbtqi\":\"LGBTQI\",\"p19_lutaantirracismo\":\"Luta antirracismo\",\"p19_povosecomunidadestradicionais\":\"Povos e comunidades tradicionais\",\"p19_politicasculturais\":\"Pol\\u00edticas Culturais\",\"p20_formacao\":\"Forma\\u00e7\\u00e3o\",\"p20_apresentacoesartisticas\":\"Apresenta\\u00e7\\u00f5es art\\u00edsticas\",\"p21_repressaopolicial\":\"Repress\\u00e3o policial\",\"p21_intoleranciareligiosa\":\"Fundamentalismo\\\/intoler\\u00e2ncia religiosa\",\"p21_machismo\":\"Machismo\",\"p21_racismo\":\"Racismo\",\"p22_numerodeparticipantes\":\"1  - 15\",\"p23_cursos\":\"Cursos\",\"p23_formacao\":\"Forma\\u00e7\\u00e3o\",\"p23_apresentacoesartisticas\":\"Apresenta\\u00e7\\u00f5es Art\\u00edsticas\",\"p24_reunioes\":\"Reuni\\u00f5es\",\"p24_formacao\":\"Forma\\u00e7\\u00e3o\",\"p24_outros\":\"Outros\",\"p25_numerodepessoas\":\"300 - 400\",\"p26_numerodepessoas\":\"100 - 200\",\"p27_espacopublico\":\"Espa\\u00e7o p\\u00fablico\",\"p27_espacoemprestadocedido\":\"Espa\\u00e7o emprestado\\\/cedido\",\"p27_espacoproprio\":\"Espa\\u00e7o pr\\u00f3prio\",\"p28_territorios\":\"Pr\\u00f3prio bairro\",\"p30_outrasorganizacoes\":\"Sim\",\"p32_campanhadelongaduracao\":\"N\\u00e3o\",\"p34_municipal\":\"Municipal\",\"p34_nenhuma\":\"Nenhuma\",\"p36_conselhosdeparticipacaoecontrolesocial\":\"N\\u00e3o\",\"p38_nenhum\":\"Nenhum\",\"p40_editais\":\"Sim\",\"p41_publicoestatal\":\"P\\u00fablico-Estatal\",\"p41_privadopf\":\"Privado (P. F\\u00edsica)\",\"p41_autofinanciamento\":\"Autofinanciamento\",\"p42_meiodedivulgacaoproprio\":\"Sim\",\"p43_email\":\"E-mail\",\"p43_facebook\":\"Facebook\",\"p44_redessociais\":\"Redes sociais (Facebook, YouTube, Instagram etc.)\",\"p39_publico\":\"CRIAN\\u00c7AS\",\"p45_bandeira\":\"DIREITO CRIAN\\u00c7A ALEGRIA PAZ SORRISO CRIAN\\u00c7A CULTURA PERIFERIA\",\"p46_hashtags\":\"#UMRISOALHEIOMEFORTALECE #RISODACRIANCAEAPAZDOMUNDO #PERIFERIAAOCENTRO\"},{\"p1_eixo\":\"Cultura\",\"p9_tipoorganizacao\":\"ONG\",\"p12_uf\":\"AL\",\"p13_cidade\":\"MACEI\\u00d3\",\"p16_nacional\":\"Nacional\",\"p17_ano\":\"2006\",\"p16_estado\":\"Estado\",\"p18_agrario\":\"Agr\\u00e1rio\\\/ruralidades\",\"p18_comunicacao\":\"Comunica\\u00e7\\u00e3o\",\"p18_difusaoartistica\":\"Difus\\u00e3o Art\\u00edstica\",\"p18_desenvolvimentoterritorial\":\"Desenvolvimento territorial\",\"p18_direitoshumanos\":\"Direitos humanos\",\"p18_educacao\":\"Educa\\u00e7\\u00e3o\",\"p18_feminismos\":\"Feminismos\",\"p18_lgbtqi\":\"LGBTQI\",\"p18_lutaantirracismo\":\"Luta antirracismo\",\"p18_mobilidade\":\"Mobilidade\",\"p18_moradia\":\"Moradia\",\"p18_povosecomunidadestradicionais\":\"Povos e comunidades tradicionais\",\"p18_trabalho\":\"Trabalho\",\"p18_religiao\":\"Religi\\u00e3o\",\"p18_saude\":\"Sa\\u00fade\",\"p18_violencia\":\"Viol\\u00eancia\",\"p18_politicasculturais\":\"Pol\\u00edticas Culturais\",\"p19_desenvolvimentoterritorial\":\"Desenvolvimento territorial\",\"p19_educacao\":\"Educa\\u00e7\\u00e3o\",\"p19_lutaantirracismo\":\"Luta antirracismo\",\"p19_povosecomunidadestradicionais\":\"Povos e comunidades tradicionais\",\"p19_politicasculturais\":\"Pol\\u00edticas Culturais\",\"p20_reunioes\":\"Reuni\\u00f5es\",\"p20_oficinas\":\"Oficinas\",\"p20_formacao\":\"Forma\\u00e7\\u00e3o\",\"p21_machismo\":\"Machismo\",\"p21_racismo\":\"Racismo\",\"p21_nenhum\":\"Nenhum\",\"p22_numerodeparticipantes\":\"1  - 15\",\"p23_oficinas\":\"Oficinas\",\"p23_cursos\":\"Cursos\",\"p23_formacao\":\"Forma\\u00e7\\u00e3o\",\"p24_reunioes\":\"Reuni\\u00f5es\",\"p24_outros\":\"Outros\",\"p25_numerodepessoas\":\"20 - 40\",\"p26_numerodepessoas\":\"20 - 40\",\"p27_espacopublico\":\"Espa\\u00e7o p\\u00fablico\",\"p27_espacoemprestadocedido\":\"Espa\\u00e7o emprestado\\\/cedido\",\"p27_espacoproprio\":\"Espa\\u00e7o pr\\u00f3prio\",\"p28_territorios\":\"Regi\\u00e3o da Cidade\",\"p30_outrasorganizacoes\":\"Sim\",\"p32_campanhadelongaduracao\":\"Sim\",\"p34_nenhuma\":\"Nenhuma\",\"p36_conselhosdeparticipacaoecontrolesocial\":\"Sim\",\"p38_nenhum\":\"Nenhum\",\"p40_editais\":\"Sim\",\"p41_publicoestatal\":\"P\\u00fablico-Estatal\",\"p41_privadopf\":\"Privado (P. F\\u00edsica)\",\"p42_meiodedivulgacaoproprio\":\"Sim\",\"p43_impressoes\":\"Impressos\",\"p43_email\":\"E-mail\",\"p43_facebook\":\"Facebook\",\"p43_sitesblogs\":\"Blogs\\\/sites\",\"p44_radio\":\"TV\",\"p44_jornaisimpressosdebairro\":\"Jornais impressos de bairro\",\"p44_redessociais\":\"Redes sociais (Facebook, YouTube, Instagram etc.)\",\"p39_publico\":\"CAPOEIRISTAS\",\"p45_bandeira\":\"POL\\u00cdTICAS P\\u00daBLICAS CAPOEIRA\",\"p46_hashtags\":\"#CAPOEIRANAESCOLA #CAPOEIRAPARATODOS\"},{\"p1_eixo\":\"Trabalho\",\"p9_tipoorganizacao\":\"Instituto\",\"p12_uf\":\"PA\",\"p13_cidade\":\"BEL\\u00c9M\",\"p16_cidade\":\"Cidade\",\"p16_nacional\":\"Nacional\",\"p17_ano\":\"1996\",\"p18_agrario\":\"Agr\\u00e1rio\\\/ruralidades\",\"p18_comunicacao\":\"Comunica\\u00e7\\u00e3o\",\"p18_difusaoartistica\":\"Difus\\u00e3o Art\\u00edstica\",\"p18_desenvolvimentoterritorial\":\"Desenvolvimento territorial\",\"p18_direitoshumanos\":\"Direitos humanos\",\"p18_educacao\":\"Educa\\u00e7\\u00e3o\",\"p18_feminismos\":\"Feminismos\",\"p18_lgbtqi\":\"LGBTQI\",\"p18_lutaantirracismo\":\"Luta antirracismo\",\"p18_mobilidade\":\"Mobilidade\",\"p18_moradia\":\"Moradia\",\"p18_povosecomunidadestradicionais\":\"Povos e comunidades tradicionais\",\"p18_trabalho\":\"Trabalho\",\"p18_religiao\":\"Religi\\u00e3o\",\"p18_saude\":\"Sa\\u00fade\",\"p18_violencia\":\"Viol\\u00eancia\",\"p18_politicasculturais\":\"Pol\\u00edticas Culturais\",\"p19_desenvolvimentoterritorial\":\"Desenvolvimento territorial\",\"p19_educacao\":\"Educa\\u00e7\\u00e3o\",\"p19_lutaantirracismo\":\"Luta antirracismo\",\"p19_povosecomunidadestradicionais\":\"Povos e comunidades tradicionais\",\"p19_violencia\":\"Viol\\u00eancia\",\"p20_reunioes\":\"Reuni\\u00f5es\",\"p20_oficinas\":\"Oficinas\",\"p20_formacao\":\"Forma\\u00e7\\u00e3o\",\"p20_apresentacoesartisticas\":\"Apresenta\\u00e7\\u00f5es art\\u00edsticas\",\"p21_nenhum\":\"Nenhum\",\"p22_numerodeparticipantes\":\"1  - 15\",\"p23_oficinas\":\"Oficinas\",\"p23_formacao\":\"Forma\\u00e7\\u00e3o\",\"p23_apresentacoesartisticas\":\"Apresenta\\u00e7\\u00f5es Art\\u00edsticas\",\"p24_reunioes\":\"Reuni\\u00f5es\",\"p24_outros\":\"Outros\",\"p25_numerodepessoas\":\"20 - 40\",\"p26_numerodepessoas\":\"20 - 40\",\"p27_espacopublico\":\"Espa\\u00e7o p\\u00fablico\",\"p27_espacoemprestadocedido\":\"Espa\\u00e7o emprestado\\\/cedido\",\"p27_espacoproprio\":\"Espa\\u00e7o pr\\u00f3prio\",\"p28_territorios\":\"Atua\\u00e7\\u00e3o Nacional\",\"p30_outrasorganizacoes\":\"Sim\",\"p32_campanhadelongaduracao\":\"N\\u00e3o\",\"p34_nenhuma\":\"Nenhuma\",\"p36_conselhosdeparticipacaoecontrolesocial\":\"Sim\",\"p38_nenhum\":\"Nenhum\",\"p40_editais\":\"Sim\",\"p41_publicoestatal\":\"P\\u00fablico-Estatal\",\"p41_financiamentocoletivo0\":\"Financiamento coletivo\",\"p42_meiodedivulgacaoproprio\":\"Sim\",\"p43_impressoes\":\"Impressos\",\"p43_email\":\"E-mail\",\"p43_facebook\":\"Facebook\",\"p43_whatsapp\":\"WhatsApp\",\"p43_sitesblogs\":\"Blogs\\\/sites\",\"p44_radio\":\"TV\",\"p44_jornaisimpressosdebairro\":\"Jornais impressos de bairro\",\"p44_redessociais\":\"Redes sociais (Facebook, YouTube, Instagram etc.)\",\"p44_nenhum\":\"Nenhum\",\"p39_publico\":\"POVOS TRADICIONAIS\",\"p45_bandeira\":\"FAM\\u00cdLIAS TRADICIONAIS\",\"p46_hashtags\":\"#MANEJOFLORESTALCOMUNITARIO #OBSERVATORIODAPOLITICA #OBERVATORIODOMANEJOCOMUNITARIOFAMILIAR\"},{\"p1_eixo\":\"Cultura\",\"p9_tipoorganizacao\":\"Coletivo Art\\u00edstico\",\"p12_uf\":\"AP\",\"p13_cidade\":\"MACAP\\u00c1\",\"p16_cidade\":\"Cidade\",\"p17_ano\":\"2017\",\"p16_estado\":\"Estado\",\"p18_agrario\":\"Agr\\u00e1rio\\\/ruralidades\",\"p18_comunicacao\":\"Comunica\\u00e7\\u00e3o\",\"p18_difusaoartistica\":\"Difus\\u00e3o Art\\u00edstica\",\"p18_desenvolvimentoterritorial\":\"Desenvolvimento territorial\",\"p18_direitoshumanos\":\"Direitos humanos\",\"p18_educacao\":\"Educa\\u00e7\\u00e3o\",\"p18_feminismos\":\"Feminismos\",\"p18_lutaantirracismo\":\"Luta antirracismo\",\"p18_povosecomunidadestradicionais\":\"Povos e comunidades tradicionais\",\"p18_trabalho\":\"Trabalho\",\"p18_saude\":\"Sa\\u00fade\",\"p18_violencia\":\"Viol\\u00eancia\",\"p19_agrario\":\"Agr\\u00e1rio\\\/ruralidades\",\"p19_desenvolvimentoterritorial\":\"Desenvolvimento territorial\",\"p19_educacao\":\"Educa\\u00e7\\u00e3o\",\"p19_lutaantirracismo\":\"Luta antirracismo\",\"p19_violencia\":\"Viol\\u00eancia\",\"p20_reunioes\":\"Reuni\\u00f5es\",\"p20_apresentacoesartisticas\":\"Apresenta\\u00e7\\u00f5es art\\u00edsticas\",\"p21_racismo\":\"Racismo\",\"p21_nenhum\":\"Nenhum\",\"p22_numerodeparticipantes\":\"1  - 15\",\"p23_reunioes\":\"Reuni\\u00f5es\",\"p23_apresentacoesartisticas\":\"Apresenta\\u00e7\\u00f5es Art\\u00edsticas\",\"p23_outros\":\"Outros\",\"p24_reunioes\":\"Reuni\\u00f5es\",\"p24_outros\":\"Outros\",\"p25_numerodepessoas\":\"20 - 40\",\"p26_numerodepessoas\":\"20 - 40\",\"p27_espacopublico\":\"Espa\\u00e7o p\\u00fablico\",\"p27_espacoproprio\":\"Espa\\u00e7o pr\\u00f3prio\",\"p27_virtual\":\"Virtual\",\"p28_territorios\":\"Regi\\u00e3o da Cidade\",\"p30_outrasorganizacoes\":\"N\\u00e3o\",\"p32_campanhadelongaduracao\":\"N\\u00e3o\",\"p34_estadual\":\"Estadual\",\"p34_nacional\":\"Nacional\",\"p34_nenhuma\":\"Nenhuma\",\"p36_conselhosdeparticipacaoecontrolesocial\":\"N\\u00e3o\",\"p38_sim\":\"Sim\",\"p38_nenhum\":\"Nenhum\",\"p40_editais\":\"N\\u00e3o\",\"p41_publicoestatal\":\"P\\u00fablico-Estatal\",\"p41_privadopj\":\"Privado (P. Jur\\u00eddica)\",\"p41_financiamentocoletivo0\":\"Financiamento coletivo\",\"p42_meiodedivulgacaoproprio\":\"Sim\",\"p43_impressoes\":\"Impressos\",\"p43_email\":\"E-mail\",\"p43_facebook\":\"Facebook\",\"p43_whatsapp\":\"WhatsApp\",\"p43_sitesblogs\":\"Blogs\\\/sites\",\"p43_radio\":\"R\\u00e1dio\",\"p44_radio\":\"TV\",\"p44_jornaisimpressosdebairro\":\"Jornais impressos de bairro\",\"p44_redessociais\":\"Redes sociais (Facebook, YouTube, Instagram etc.)\",\"p44_nenhum\":\"Nenhum\",\"p39_publico\":\"JOVENS MARGINALIZADOS\",\"p45_bandeira\":\"DEFENDER CULTURA HIPHOP SALVA VIDAS\",\"p46_hashtags\":\"#HIPHOPSALVAVIDAS #BATA\\u00c7HASDESANGUE #AMORALUTA\"},{\"p1_eixo\":\"Trabalho\",\"p9_tipoorganizacao\":\"Associa\\u00e7\\u00e3o\",\"p12_uf\":\"RO\",\"p13_cidade\":\"PORTO VELHO\",\"p16_cidade\":\"Cidade\",\"p17_ano\":\"1988\",\"p16_estado\":\"Estado\",\"p18_agrario\":\"Agr\\u00e1rio\\\/ruralidades\",\"p18_comunicacao\":\"Comunica\\u00e7\\u00e3o\",\"p18_difusaoartistica\":\"Difus\\u00e3o Art\\u00edstica\",\"p18_desenvolvimentoterritorial\":\"Desenvolvimento territorial\",\"p18_direitoshumanos\":\"Direitos humanos\",\"p18_educacao\":\"Educa\\u00e7\\u00e3o\",\"p18_feminismos\":\"Feminismos\",\"p18_lgbtqi\":\"LGBTQI\",\"p18_lutaantirracismo\":\"Luta antirracismo\",\"p18_mobilidade\":\"Mobilidade\",\"p18_moradia\":\"Moradia\",\"p18_povosecomunidadestradicionais\":\"Povos e comunidades tradicionais\",\"p18_trabalho\":\"Trabalho\",\"p18_religiao\":\"Religi\\u00e3o\",\"p18_saude\":\"Sa\\u00fade\",\"p18_violencia\":\"Viol\\u00eancia\",\"p18_politicasculturais\":\"Pol\\u00edticas Culturais\",\"p19_agrario\":\"Agr\\u00e1rio\\\/ruralidades\",\"p19_desenvolvimentoterritorial\":\"Desenvolvimento territorial\",\"p19_direitoshumanos\":\"Direitos humanos\",\"p19_educacao\":\"Educa\\u00e7\\u00e3o\",\"p19_moradia\":\"Moradia\",\"p19_violencia\":\"Viol\\u00eancia\",\"p20_reunioes\":\"Reuni\\u00f5es\",\"p20_atendimento\":\"Atendimento\",\"p20_oficinas\":\"Oficinas\",\"p20_oficinasaulasartisticas\":\"Ensaios\\\/Oficinas\\\/Aulas art\\u00edsticas\",\"p21_repressaopolicial\":\"Repress\\u00e3o policial\",\"p21_intoleranciareligiosa\":\"Fundamentalismo\\\/intoler\\u00e2ncia religiosa\",\"p21_xenofobia\":\"Xenofobia\",\"p21_machismo\":\"Machismo\",\"p21_racismo\":\"Racismo\",\"p22_numerodeparticipantes\":\"15 - 30\",\"p23_reunioes\":\"Reuni\\u00f5es\",\"p23_atendimento\":\"Atendimento\",\"p23_oficinas\":\"Oficinas\",\"p23_oficinasaulasartisticas\":\"Ensaio\\\/Oficinas\\\/Aulas Art\\u00edsticas\",\"p23_outros\":\"Outros\",\"p24_reunioes\":\"Reuni\\u00f5es\",\"p24_outros\":\"Outros\",\"p25_numerodepessoas\":\"40 - 60\",\"p26_numerodepessoas\":\"40 - 60\",\"p27_espacopublico\":\"Espa\\u00e7o p\\u00fablico\",\"p27_espacoemprestadocedido\":\"Espa\\u00e7o emprestado\\\/cedido\",\"p27_espacoproprio\":\"Espa\\u00e7o pr\\u00f3prio\",\"p27_virtual\":\"Virtual\",\"p27_ocupacao\":\"Ocupa\\u00e7\\u00e3o\",\"p28_territorios\":\"Estado\",\"p30_outrasorganizacoes\":\"Sim\",\"p32_campanhadelongaduracao\":\"N\\u00e3o\",\"p34_estadual\":\"Estadual\",\"p34_nacional\":\"Nacional\",\"p34_nenhuma\":\"Nenhuma\",\"p36_conselhosdeparticipacaoecontrolesocial\":\"Sim\",\"p38_sim\":\"Sim\",\"p38_nenhum\":\"Nenhum\",\"p40_editais\":\"Sim\",\"p41_publicoestatal\":\"P\\u00fablico-Estatal\",\"p41_privadopf\":\"Privado (P. F\\u00edsica)\",\"p41_privadopj\":\"Privado (P. Jur\\u00eddica)\",\"p41_autofinanciamento\":\"Autofinanciamento\",\"p41_financiamentocoletivo0\":\"Financiamento coletivo\",\"p42_meiodedivulgacaoproprio\":\"Sim\",\"p43_impressoes\":\"Impressos\",\"p43_email\":\"E-mail\",\"p43_facebook\":\"Facebook\",\"p43_sitesblogs\":\"Blogs\\\/sites\",\"p43_radio\":\"R\\u00e1dio\",\"p44_radio\":\"TV\",\"p44_jornaisimpressosdebairro\":\"Jornais impressos de bairro\",\"p44_redessociais\":\"Redes sociais (Facebook, YouTube, Instagram etc.)\",\"p44_sitesblogs\":\"Sites ou Blogs\",\"p39_publico\":\"AGRICULTURA FAMILIAR POVOS TRADICIONAIS\",\"p45_bandeira\":\"AGRICULTURA DESENVOLVIMENTO TERRITORIAL MEIO-AMBIENTE NATUREZA \\u00c1GUA DEFESA POVOS COMUNIDADES TRADICIONAIS\",\"p46_hashtags\":\"#AGRICULTURAFAMILIAR #AMAZONASSUSTENTAVEL #FLORESTASECOMUNIDADES\"},{\"p1_eixo\":\"Cultura\",\"p9_tipoorganizacao\":\"Coletivo\",\"p12_uf\":\"BA\",\"p13_cidade\":\"SALVADOR\",\"p16_cidade\":\"Cidade\",\"p17_ano\":\"2013\",\"p16_estado\":\"Estado\",\"p18_agrario\":\"Agr\\u00e1rio\\\/ruralidades\",\"p18_comunicacao\":\"Comunica\\u00e7\\u00e3o\",\"p18_difusaoartistica\":\"Difus\\u00e3o Art\\u00edstica\",\"p18_desenvolvimentoterritorial\":\"Desenvolvimento territorial\",\"p18_direitoshumanos\":\"Direitos humanos\",\"p18_educacao\":\"Educa\\u00e7\\u00e3o\",\"p18_feminismos\":\"Feminismos\",\"p18_lgbtqi\":\"LGBTQI\",\"p18_lutaantirracismo\":\"Luta antirracismo\",\"p18_mobilidade\":\"Mobilidade\",\"p18_moradia\":\"Moradia\",\"p18_povosecomunidadestradicionais\":\"Povos e comunidades tradicionais\",\"p18_trabalho\":\"Trabalho\",\"p18_religiao\":\"Religi\\u00e3o\",\"p18_saude\":\"Sa\\u00fade\",\"p18_violencia\":\"Viol\\u00eancia\",\"p18_politicasculturais\":\"Pol\\u00edticas Culturais\",\"p19_direitoshumanos\":\"Direitos humanos\",\"p19_educacao\":\"Educa\\u00e7\\u00e3o\",\"p19_moradia\":\"Moradia\",\"p19_violencia\":\"Viol\\u00eancia\",\"p20_reunioes\":\"Reuni\\u00f5es\",\"p20_atendimento\":\"Atendimento\",\"p20_oficinas\":\"Oficinas\",\"p20_oficinasaulasartisticas\":\"Ensaios\\\/Oficinas\\\/Aulas art\\u00edsticas\",\"p20_cursos\":\"Cursos\",\"p20_formacao\":\"Forma\\u00e7\\u00e3o\",\"p20_visitasexcursoes\":\"Visitas\\\/Excurs\\u00f5es\",\"p21_repressaopolicial\":\"Repress\\u00e3o policial\",\"p21_intoleranciareligiosa\":\"Fundamentalismo\\\/intoler\\u00e2ncia religiosa\",\"p21_xenofobia\":\"Xenofobia\",\"p21_machismo\":\"Machismo\",\"p21_racismo\":\"Racismo\",\"p21_lgbtqifobia\":\"LGBTIfobia\",\"p21_enfrentamentocomgruposprivadosarmados\":\"Enfrentamento com grupos privados armados\",\"p22_numerodeparticipantes\":\"1  - 15\",\"p23_atendimento\":\"Atendimento\",\"p23_oficinas\":\"Oficinas\",\"p23_oficinasaulasartisticas\":\"Ensaio\\\/Oficinas\\\/Aulas Art\\u00edsticas\",\"p23_formacao\":\"Forma\\u00e7\\u00e3o\",\"p24_reunioes\":\"Reuni\\u00f5es\",\"p24_outros\":\"Outros\",\"p25_numerodepessoas\":\"1 - 20\",\"p26_numerodepessoas\":\"20 - 40\",\"p27_espacopublico\":\"Espa\\u00e7o p\\u00fablico\",\"p27_espacoemprestadocedido\":\"Espa\\u00e7o emprestado\\\/cedido\",\"p27_espacoproprio\":\"Espa\\u00e7o pr\\u00f3prio\",\"p27_virtual\":\"Virtual\",\"p27_ocupacao\":\"Ocupa\\u00e7\\u00e3o\",\"p28_territorios\":\"Cidade\",\"p30_outrasorganizacoes\":\"Sim\",\"p32_campanhadelongaduracao\":\"Sim\",\"p34_estadual\":\"Estadual\",\"p34_nacional\":\"Nacional\",\"p34_nenhuma\":\"Nenhuma\",\"p36_conselhosdeparticipacaoecontrolesocial\":\"N\\u00e3o\",\"p38_nenhum\":\"Nenhum\",\"p40_editais\":\"N\\u00e3o\",\"p41_publicoestatal\":\"P\\u00fablico-Estatal\",\"p41_privadopf\":\"Privado (P. F\\u00edsica)\",\"p41_privadopj\":\"Privado (P. Jur\\u00eddica)\",\"p41_autofinanciamento\":\"Autofinanciamento\",\"p41_financiamentocoletivo0\":\"Financiamento coletivo\",\"p42_meiodedivulgacaoproprio\":\"Sim\",\"p43_email\":\"E-mail\",\"p43_facebook\":\"Facebook\",\"p43_sitesblogs\":\"Blogs\\\/sites\",\"p43_radio\":\"R\\u00e1dio\",\"p43_youtube\":\"YouTube\",\"p44_radio\":\"TV\",\"p44_jornaisimpressosdebairro\":\"Jornais impressos de bairro\",\"p44_redessociais\":\"Redes sociais (Facebook, YouTube, Instagram etc.)\",\"p44_sitesblogs\":\"Sites ou Blogs\",\"p39_publico\":\"COMUNIDADE COLETIVOS\",\"p45_bandeira\":\"MORADIA SA\\u00daDE INFRAESTRUTURA\",\"p46_hashtags\":\"#EUAMOALADEIRADAPREGUICA #DAQUINAOSAIODAQUININGUEMMETIRA #ALUTACONTINUA\"},{\"p1_eixo\":\"Viol\\u00eancia\",\"p9_tipoorganizacao\":\"ONG\",\"p12_uf\":\"CE\",\"p13_cidade\":\"FORTALEZA\",\"p16_nacional\":\"Nacional\",\"p17_ano\":\"1994\",\"p16_estado\":\"Estado\",\"p18_agrario\":\"Agr\\u00e1rio\\\/ruralidades\",\"p18_comunicacao\":\"Comunica\\u00e7\\u00e3o\",\"p18_difusaoartistica\":\"Difus\\u00e3o Art\\u00edstica\",\"p18_desenvolvimentoterritorial\":\"Desenvolvimento territorial\",\"p18_direitoshumanos\":\"Direitos humanos\",\"p18_educacao\":\"Educa\\u00e7\\u00e3o\",\"p18_feminismos\":\"Feminismos\",\"p18_lutaantirracismo\":\"Luta antirracismo\",\"p18_povosecomunidadestradicionais\":\"Povos e comunidades tradicionais\",\"p18_trabalho\":\"Trabalho\",\"p18_religiao\":\"Religi\\u00e3o\",\"p18_saude\":\"Sa\\u00fade\",\"p18_violencia\":\"Viol\\u00eancia\",\"p18_politicasculturais\":\"Pol\\u00edticas Culturais\",\"p19_agrario\":\"Agr\\u00e1rio\\\/ruralidades\",\"p19_direitoshumanos\":\"Direitos humanos\",\"p19_educacao\":\"Educa\\u00e7\\u00e3o\",\"p19_povosecomunidadestradicionais\":\"Povos e comunidades tradicionais\",\"p19_violencia\":\"Viol\\u00eancia\",\"p20_reunioes\":\"Reuni\\u00f5es\",\"p20_atendimento\":\"Atendimento\",\"p20_oficinasaulasartisticas\":\"Ensaios\\\/Oficinas\\\/Aulas art\\u00edsticas\",\"p20_cursos\":\"Cursos\",\"p20_formacao\":\"Forma\\u00e7\\u00e3o\",\"p20_visitasexcursoes\":\"Visitas\\\/Excurs\\u00f5es\",\"p21_repressaopolicial\":\"Repress\\u00e3o policial\",\"p21_machismo\":\"Machismo\",\"p21_racismo\":\"Racismo\",\"p21_lgbtqifobia\":\"LGBTIfobia\",\"p21_enfrentamentocomgruposprivadosarmados\":\"Enfrentamento com grupos privados armados\",\"p22_numerodeparticipantes\":\"15 - 30\",\"p23_reunioes\":\"Reuni\\u00f5es\",\"p23_atendimento\":\"Atendimento\",\"p23_oficinasaulasartisticas\":\"Ensaio\\\/Oficinas\\\/Aulas Art\\u00edsticas\",\"p23_formacao\":\"Forma\\u00e7\\u00e3o\",\"p23_visitas\":\"Visitas\",\"p23_outros\":\"Outros\",\"p24_reunioes\":\"Reuni\\u00f5es\",\"p24_outros\":\"Outros\",\"p25_numerodepessoas\":\"40 - 60\",\"p26_numerodepessoas\":\"20 - 40\",\"p27_espacopublico\":\"Espa\\u00e7o p\\u00fablico\",\"p27_espacoemprestadocedido\":\"Espa\\u00e7o emprestado\\\/cedido\",\"p27_espacoproprio\":\"Espa\\u00e7o pr\\u00f3prio\",\"p27_virtual\":\"Virtual\",\"p28_territorios\":\"Estado\",\"p30_outrasorganizacoes\":\"Sim\",\"p32_campanhadelongaduracao\":\"Sim\",\"p34_estadual\":\"Estadual\",\"p34_nacional\":\"Nacional\",\"p36_conselhosdeparticipacaoecontrolesocial\":\"Sim\",\"p38_nenhum\":\"Nenhum\",\"p40_editais\":\"Sim\",\"p41_publicoestatal\":\"P\\u00fablico-Estatal\",\"p41_privadopf\":\"Privado (P. F\\u00edsica)\",\"p41_privadopj\":\"Privado (P. Jur\\u00eddica)\",\"p41_autofinanciamento\":\"Autofinanciamento\",\"p41_financiamentocoletivo0\":\"Financiamento coletivo\",\"p42_meiodedivulgacaoproprio\":\"Sim\",\"p43_email\":\"E-mail\",\"p43_facebook\":\"Facebook\",\"p43_sitesblogs\":\"Blogs\\\/sites\",\"p43_radio\":\"R\\u00e1dio\",\"p43_youtube\":\"YouTube\",\"p44_radio\":\"TV\",\"p44_jornaisimpressosdebairro\":\"Jornais impressos de bairro\",\"p44_redessociais\":\"Redes sociais (Facebook, YouTube, Instagram etc.)\",\"p44_sitesblogs\":\"Sites ou Blogs\",\"p39_publico\":\"CRIAN\\u00c7A ADOLESCENTE JOVENS\",\"p45_bandeira\":\"DEFESA POL\\u00cdTICAS P\\u00daBLICAS GARANTIA DIREITOS CRIAN\\u00c7AS ADOLESCENTES SITUA\\u00c7\\u00c3O-DE-VULNERABILIDADE\",\"p46_hashtags\":\"#CADAVIDAIMPORTA #PRIORIDADEABSOLUTA #DIREITOSVALEMMAIS\"},{\"p1_eixo\":\"Trabalho\",\"p9_tipoorganizacao\":\"Associa\\u00e7\\u00e3o\",\"p12_uf\":\"BA\",\"p13_cidade\":\"SALVADOR\",\"p16_cidade\":\"Cidade\",\"p16_nacional\":\"Nacional\",\"p17_ano\":\"Anterior a 1980\",\"p18_agrario\":\"Agr\\u00e1rio\\\/ruralidades\",\"p18_comunicacao\":\"Comunica\\u00e7\\u00e3o\",\"p18_difusaoartistica\":\"Difus\\u00e3o Art\\u00edstica\",\"p18_desenvolvimentoterritorial\":\"Desenvolvimento territorial\",\"p18_direitoshumanos\":\"Direitos humanos\",\"p18_educacao\":\"Educa\\u00e7\\u00e3o\",\"p18_feminismos\":\"Feminismos\",\"p18_lgbtqi\":\"LGBTQI\",\"p18_lutaantirracismo\":\"Luta antirracismo\",\"p18_mobilidade\":\"Mobilidade\",\"p18_povosecomunidadestradicionais\":\"Povos e comunidades tradicionais\",\"p18_trabalho\":\"Trabalho\",\"p18_religiao\":\"Religi\\u00e3o\",\"p18_saude\":\"Sa\\u00fade\",\"p18_violencia\":\"Viol\\u00eancia\",\"p18_politicasculturais\":\"Pol\\u00edticas Culturais\",\"p19_agrario\":\"Agr\\u00e1rio\\\/ruralidades\",\"p19_desenvolvimentoterritorial\":\"Desenvolvimento territorial\",\"p19_educacao\":\"Educa\\u00e7\\u00e3o\",\"p19_povosecomunidadestradicionais\":\"Povos e comunidades tradicionais\",\"p19_violencia\":\"Viol\\u00eancia\",\"p19_difusaoartistica\":\"Difus\\u00e3o Art\\u00edstica\",\"p20_reunioes\":\"Reuni\\u00f5es\",\"p20_atendimento\":\"Atendimento\",\"p20_oficinasaulasartisticas\":\"Ensaios\\\/Oficinas\\\/Aulas art\\u00edsticas\",\"p20_formacao\":\"Forma\\u00e7\\u00e3o\",\"p20_apresentacoesartisticas\":\"Apresenta\\u00e7\\u00f5es art\\u00edsticas\",\"p20_visitasexcursoes\":\"Visitas\\\/Excurs\\u00f5es\",\"p21_repressaopolicial\":\"Repress\\u00e3o policial\",\"p21_machismo\":\"Machismo\",\"p21_racismo\":\"Racismo\",\"p21_enfrentamentocomgruposprivadosarmados\":\"Enfrentamento com grupos privados armados\",\"p21_nenhum\":\"Nenhum\",\"p22_numerodeparticipantes\":\"30 - 45\",\"p23_reunioes\":\"Reuni\\u00f5es\",\"p23_atendimento\":\"Atendimento\",\"p23_formacao\":\"Forma\\u00e7\\u00e3o\",\"p23_apresentacoesartisticas\":\"Apresenta\\u00e7\\u00f5es Art\\u00edsticas\",\"p23_visitas\":\"Visitas\",\"p23_outros\":\"Outros\",\"p24_reunioes\":\"Reuni\\u00f5es\",\"p24_atendimento\":\"Atendimentos\",\"p24_oficinasaulasartisticas\":\"Ensaios\\\/Oficinas\\\/Aulas art\\u00edsticas\",\"p24_outros\":\"Outros\",\"p25_numerodepessoas\":\"20 - 40\",\"p26_numerodepessoas\":\"40 - 60\",\"p27_espacopublico\":\"Espa\\u00e7o p\\u00fablico\",\"p27_espacoemprestadocedido\":\"Espa\\u00e7o emprestado\\\/cedido\",\"p27_espacoproprio\":\"Espa\\u00e7o pr\\u00f3prio\",\"p28_territorios\":\"Atua\\u00e7\\u00e3o Nacional\",\"p30_outrasorganizacoes\":\"Sim\",\"p32_campanhadelongaduracao\":\"Sim\",\"p34_nacional\":\"Nacional\",\"p34_nenhuma\":\"Nenhuma\",\"p36_conselhosdeparticipacaoecontrolesocial\":\"N\\u00e3o\",\"p38_nenhum\":\"Nenhum\",\"p40_editais\":\"N\\u00e3o\",\"p41_privadopf\":\"Privado (P. F\\u00edsica)\",\"p41_privadopj\":\"Privado (P. Jur\\u00eddica)\",\"p41_autofinanciamento\":\"Autofinanciamento\",\"p41_financiamentocoletivo0\":\"Financiamento coletivo\",\"p42_meiodedivulgacaoproprio\":\"Sim\",\"p43_impressoes\":\"Impressos\",\"p43_email\":\"E-mail\",\"p43_facebook\":\"Facebook\",\"p43_sitesblogs\":\"Blogs\\\/sites\",\"p43_radio\":\"R\\u00e1dio\",\"p44_radio\":\"R\\u00e1dio\",\"p44_jornaisimpressosdebairro\":\"Jornais impressos de bairro\",\"p44_redessociais\":\"Redes sociais (Facebook, YouTube, Instagram etc.)\",\"p44_sitesblogs\":\"Sites ou Blogs\",\"p39_publico\":\"CAMPONESES QUILOMBOLAS COMUNIDADES TRADICIONAIS ASSENTAMENTOS TRABALHADORES PEQUENOS AGRICULTORES\",\"p45_bandeira\":\"DEFESA TERRIT\\u00d3RIO MEIO-AMBIENTE ANTIRRACISMO CONTRA-MACHISMO\",\"p46_hashtags\":\"#DEFESADATERRAEDOTERRITORIO #MEIOAMBIENTE #DEFESADOSDIREITOSAPESSOA\"},{\"p1_eixo\":\"Cultura\",\"p9_tipoorganizacao\":\"Coletivo\",\"p12_uf\":\"SP\",\"p13_cidade\":\"S\\u00c3O PAULO\",\"p16_cidade\":\"Cidade\",\"p17_ano\":\"2011\",\"p18_agrario\":\"Agr\\u00e1rio\\\/ruralidades\",\"p18_difusaoartistica\":\"Difus\\u00e3o Art\\u00edstica\",\"p18_desenvolvimentoterritorial\":\"Desenvolvimento territorial\",\"p18_direitoshumanos\":\"Direitos humanos\",\"p18_educacao\":\"Educa\\u00e7\\u00e3o\",\"p18_feminismos\":\"Feminismos\",\"p18_lgbtqi\":\"LGBTQI\",\"p18_lutaantirracismo\":\"Luta antirracismo\",\"p18_mobilidade\":\"Mobilidade\",\"p18_moradia\":\"Moradia\",\"p18_trabalho\":\"Trabalho\",\"p18_saude\":\"Sa\\u00fade\",\"p18_violencia\":\"Viol\\u00eancia\",\"p18_politicasculturais\":\"Pol\\u00edticas Culturais\",\"p19_desenvolvimentoterritorial\":\"Desenvolvimento territorial\",\"p19_educacao\":\"Educa\\u00e7\\u00e3o\",\"p19_feminismos\":\"Feminismos\",\"p19_trabalho\":\"Trabalho\",\"p19_difusaoartistica\":\"Difus\\u00e3o Art\\u00edstica\",\"p20_reunioes\":\"Reuni\\u00f5es\",\"p20_atendimento\":\"Atendimento\",\"p20_oficinasaulasartisticas\":\"Ensaios\\\/Oficinas\\\/Aulas art\\u00edsticas\",\"p20_apresentacoesartisticas\":\"Apresenta\\u00e7\\u00f5es art\\u00edsticas\",\"p21_machismo\":\"Machismo\",\"p21_nenhum\":\"Nenhum\",\"p22_numerodeparticipantes\":\"1  - 15\",\"p23_reunioes\":\"Reuni\\u00f5es\",\"p23_atendimento\":\"Atendimento\",\"p23_apresentacoesartisticas\":\"Apresenta\\u00e7\\u00f5es Art\\u00edsticas\",\"p23_outros\":\"Outros\",\"p24_reunioes\":\"Reuni\\u00f5es\",\"p24_atendimento\":\"Atendimentos\",\"p24_oficinas\":\"Oficinas\",\"p24_oficinasaulasartisticas\":\"Ensaios\\\/Oficinas\\\/Aulas art\\u00edsticas\",\"p24_curso\":\"Curso\",\"p25_numerodepessoas\":\"40 - 60\",\"p26_numerodepessoas\":\"1 - 20\",\"p27_espacoemprestadocedido\":\"Espa\\u00e7o emprestado\\\/cedido\",\"p27_espacoproprio\":\"Espa\\u00e7o pr\\u00f3prio\",\"p28_territorios\":\"Pr\\u00f3prio bairro\",\"p30_outrasorganizacoes\":\"Sim\",\"p32_campanhadelongaduracao\":\"N\\u00e3o\",\"p34_municipal\":\"Municipal\",\"p34_nenhuma\":\"Nenhuma\",\"p36_conselhosdeparticipacaoecontrolesocial\":\"N\\u00e3o\",\"p38_nenhum\":\"Nenhum\",\"p40_editais\":\"N\\u00e3o\",\"p41_privadopf\":\"Privado (P. F\\u00edsica)\",\"p41_autofinanciamento\":\"Autofinanciamento\",\"p41_financiamentocoletivo0\":\"Financiamento coletivo\",\"p42_meiodedivulgacaoproprio\":\"Sim\",\"p43_impressoes\":\"Impressos\",\"p43_facebook\":\"Facebook\",\"p43_sitesblogs\":\"Blogs\\\/sites\",\"p44_radio\":\"TV\",\"p44_jornaisimpressosdegrandecirculacao\":\"Jornais impressos de grande circula\\u00e7\\u00e3o\",\"p44_jornaisimpressosdebairro\":\"Jornais impressos de bairro\",\"p44_redessociais\":\"Redes sociais (Facebook, YouTube, Instagram etc.)\",\"p44_sitesblogs\":\"Sites ou Blogs\",\"p39_publico\":\"TODOS\",\"p45_bandeira\":\"ARTE INDEPENDENTE FORMA\\u00c7\\u00c3O CRITICA ARTISTAS DIFERENCIADOS PRESERVAR VISIBILIDADE TALENTOS LOCAIS ARTISTA CRIADOR\",\"p46_hashtags\":\"#ARTEINDEPENDENTE #ARTEMARGINAL #CULTURAPERIFERICA\"},{\"p1_eixo\":\"Trabalho\",\"p9_tipoorganizacao\":\"Cooperativa\",\"p12_uf\":\"SE\",\"p13_cidade\":\"INDIAROBA\",\"p16_cidade\":\"Cidade\",\"p17_ano\":\"2009\",\"p16_estado\":\"Estado\",\"p18_agrario\":\"Agr\\u00e1rio\\\/ruralidades\",\"p18_comunicacao\":\"Comunica\\u00e7\\u00e3o\",\"p18_difusaoartistica\":\"Difus\\u00e3o Art\\u00edstica\",\"p18_desenvolvimentoterritorial\":\"Desenvolvimento territorial\",\"p18_direitoshumanos\":\"Direitos humanos\",\"p18_educacao\":\"Educa\\u00e7\\u00e3o\",\"p18_feminismos\":\"Feminismos\",\"p18_lgbtqi\":\"LGBTQI\",\"p18_lutaantirracismo\":\"Luta antirracismo\",\"p18_mobilidade\":\"Mobilidade\",\"p18_moradia\":\"Moradia\",\"p18_povosecomunidadestradicionais\":\"Povos e comunidades tradicionais\",\"p18_trabalho\":\"Trabalho\",\"p18_saude\":\"Sa\\u00fade\",\"p18_violencia\":\"Viol\\u00eancia\",\"p18_politicasculturais\":\"Pol\\u00edticas Culturais\",\"p19_desenvolvimentoterritorial\":\"Desenvolvimento territorial\",\"p19_educacao\":\"Educa\\u00e7\\u00e3o\",\"p19_feminismos\":\"Feminismos\",\"p19_trabalho\":\"Trabalho\",\"p19_difusaoartistica\":\"Difus\\u00e3o Art\\u00edstica\",\"p19_politicasculturais\":\"Pol\\u00edticas Culturais\",\"p20_reunioes\":\"Reuni\\u00f5es\",\"p20_atendimento\":\"Atendimento\",\"p20_oficinas\":\"Oficinas\",\"p20_oficinasaulasartisticas\":\"Ensaios\\\/Oficinas\\\/Aulas art\\u00edsticas\",\"p20_cursos\":\"Cursos\",\"p20_formacao\":\"Forma\\u00e7\\u00e3o\",\"p20_apresentacoesartisticas\":\"Apresenta\\u00e7\\u00f5es art\\u00edsticas\",\"p21_repressaopolicial\":\"Repress\\u00e3o policial\",\"p21_intoleranciareligiosa\":\"Fundamentalismo\\\/intoler\\u00e2ncia religiosa\",\"p21_xenofobia\":\"Xenofobia\",\"p21_machismo\":\"Machismo\",\"p21_racismo\":\"Racismo\",\"p21_lgbtqifobia\":\"LGBTIfobia\",\"p22_numerodeparticipantes\":\"1  - 15\",\"p23_atendimento\":\"Atendimento\",\"p23_oficinas\":\"Oficinas\",\"p24_oficinas\":\"Oficinas\",\"p24_oficinasaulasartisticas\":\"Ensaios\\\/Oficinas\\\/Aulas art\\u00edsticas\",\"p24_curso\":\"Curso\",\"p24_apresentacoesartisticas\":\"Apresenta\\u00e7\\u00f5es art\\u00edsticas\",\"p25_numerodepessoas\":\"20 - 40\",\"p26_numerodepessoas\":\"20 - 40\",\"p27_espacopublico\":\"Espa\\u00e7o p\\u00fablico\",\"p27_espacoemprestadocedido\":\"Espa\\u00e7o emprestado\\\/cedido\",\"p27_espacoproprio\":\"Espa\\u00e7o pr\\u00f3prio\",\"p27_ocupacao\":\"Ocupa\\u00e7\\u00e3o\",\"p28_territorios\":\"Pr\\u00f3prio bairro\",\"p30_outrasorganizacoes\":\"N\\u00e3o\",\"p32_campanhadelongaduracao\":\"N\\u00e3o\",\"p34_municipal\":\"Municipal\",\"p34_nenhuma\":\"Nenhuma\",\"p36_conselhosdeparticipacaoecontrolesocial\":\"N\\u00e3o\",\"p38_nenhum\":\"Nenhum\",\"p40_editais\":\"N\\u00e3o\",\"p41_publicoestatal\":\"P\\u00fablico-Estatal\",\"p41_privadopf\":\"Privado (P. F\\u00edsica)\",\"p41_autofinanciamento\":\"Autofinanciamento\",\"p41_financiamentocoletivo0\":\"Financiamento coletivo\",\"p42_meiodedivulgacaoproprio\":\"Sim\",\"p43_facebook\":\"Facebook\",\"p43_instagram\":\"Instagram\",\"p43_sitesblogs\":\"Blogs\\\/sites\",\"p44_radio\":\"TV\",\"p44_jornaisimpressosdegrandecirculacao\":\"Jornais impressos de grande circula\\u00e7\\u00e3o\",\"p44_jornaisimpressosdebairro\":\"Jornais impressos de bairro\",\"p44_redessociais\":\"Redes sociais (Facebook, YouTube, Instagram etc.)\",\"p44_sitesblogs\":\"Sites ou Blogs\",\"p39_publico\":\"MULHERES COLHEITA MANGABA\",\"p45_bandeira\":\"DEFENDER CATADORAS MANGABA TRANSFORMAR EMPREGO EMPREGO DIGNO SAL\\u00c1RIO CONDI\\u00c7\\u00d5ES DIGNAS\",\"p46_hashtags\":\"#TRABALHO #MULHERESCATADORAS #EMANCIPA\\u00c7AO\"},{\"p1_eixo\":\"Cultura\",\"p9_tipoorganizacao\":\"Coletivo\",\"p12_uf\":\"MG\",\"p13_cidade\":\"BELO HORIZONTE\",\"p17_ano\":\"2015\",\"p16_estado\":\"Estado\",\"p18_agrario\":\"Agr\\u00e1rio\\\/ruralidades\",\"p18_comunicacao\":\"Comunica\\u00e7\\u00e3o\",\"p18_difusaoartistica\":\"Difus\\u00e3o Art\\u00edstica\",\"p18_desenvolvimentoterritorial\":\"Desenvolvimento territorial\",\"p18_direitoshumanos\":\"Direitos humanos\",\"p18_educacao\":\"Educa\\u00e7\\u00e3o\",\"p18_feminismos\":\"Feminismos\",\"p18_lgbtqi\":\"LGBTQI\",\"p18_lutaantirracismo\":\"Luta antirracismo\",\"p18_mobilidade\":\"Mobilidade\",\"p18_moradia\":\"Moradia\",\"p18_povosecomunidadestradicionais\":\"Povos e comunidades tradicionais\",\"p18_trabalho\":\"Trabalho\",\"p18_religiao\":\"Religi\\u00e3o\",\"p18_saude\":\"Sa\\u00fade\",\"p18_violencia\":\"Viol\\u00eancia\",\"p18_politicasculturais\":\"Pol\\u00edticas Culturais\",\"p19_desenvolvimentoterritorial\":\"Desenvolvimento territorial\",\"p19_educacao\":\"Educa\\u00e7\\u00e3o\",\"p19_lutaantirracismo\":\"Luta antirracismo\",\"p19_difusaoartistica\":\"Difus\\u00e3o Art\\u00edstica\",\"p19_politicasculturais\":\"Pol\\u00edticas Culturais\",\"p20_reunioes\":\"Reuni\\u00f5es\",\"p20_atendimento\":\"Atendimento\",\"p20_oficinas\":\"Oficinas\",\"p20_oficinasaulasartisticas\":\"Ensaios\\\/Oficinas\\\/Aulas art\\u00edsticas\",\"p20_cursos\":\"Cursos\",\"p20_formacao\":\"Forma\\u00e7\\u00e3o\",\"p20_apresentacoesartisticas\":\"Apresenta\\u00e7\\u00f5es art\\u00edsticas\",\"p21_repressaopolicial\":\"Repress\\u00e3o policial\",\"p21_intoleranciareligiosa\":\"Fundamentalismo\\\/intoler\\u00e2ncia religiosa\",\"p21_xenofobia\":\"Xenofobia\",\"p21_machismo\":\"Machismo\",\"p21_racismo\":\"Racismo\",\"p21_lgbtqifobia\":\"LGBTIfobia\",\"p22_numerodeparticipantes\":\"15 - 30\",\"p23_oficinas\":\"Oficinas\",\"p23_formacao\":\"Forma\\u00e7\\u00e3o\",\"p23_outros\":\"Outros\",\"p24_reunioes\":\"Reuni\\u00f5es\",\"p24_oficinasaulasartisticas\":\"Ensaios\\\/Oficinas\\\/Aulas art\\u00edsticas\",\"p24_apresentacoesartisticas\":\"Apresenta\\u00e7\\u00f5es art\\u00edsticas\",\"p24_outros\":\"Outros\",\"p25_numerodepessoas\":\"100 - 200\",\"p26_numerodepessoas\":\"Mais de 500\",\"p27_espacopublico\":\"Espa\\u00e7o p\\u00fablico\",\"p27_espacoemprestadocedido\":\"Espa\\u00e7o emprestado\\\/cedido\",\"p27_espacoproprio\":\"Espa\\u00e7o pr\\u00f3prio\",\"p27_ocupacao\":\"Ocupa\\u00e7\\u00e3o\",\"p28_territorios\":\"Regi\\u00e3o da Cidade\",\"p30_outrasorganizacoes\":\"Sim\",\"p32_campanhadelongaduracao\":\"Sim\",\"p34_nenhuma\":\"Nenhuma\",\"p36_conselhosdeparticipacaoecontrolesocial\":\"N\\u00e3o\",\"p38_sim\":\"Sim\",\"p38_nenhum\":\"Nenhum\",\"p40_editais\":\"Sim\",\"p41_publicoestatal\":\"P\\u00fablico-Estatal\",\"p41_autofinanciamento\":\"Autofinanciamento\",\"p41_financiamentocoletivo0\":\"Financiamento coletivo\",\"p42_meiodedivulgacaoproprio\":\"Sim\",\"p43_impressoes\":\"Impressos\",\"p43_email\":\"E-mail\",\"p43_facebook\":\"Facebook\",\"p43_instagram\":\"Instagram\",\"p43_sitesblogs\":\"Blogs\\\/sites\",\"p44_radio\":\"TV\",\"p44_jornaisimpressosdegrandecirculacao\":\"Jornais impressos de grande circula\\u00e7\\u00e3o\",\"p44_jornaisimpressosdebairro\":\"Jornais impressos de bairro\",\"p44_redessociais\":\"Redes sociais (Facebook, YouTube, Instagram etc.)\",\"p44_sitesblogs\":\"Sites ou Blogs\",\"p39_publico\":\"CRIAN\\u00c7AS JOVENS ADULTOS MORADORES-AGLOMERADO\",\"p45_bandeira\":\"COMEMORA\\u00c7\\u00d5ES INCENTIVOS BAIRRO AMOR TUDO DIVERS\\u00c3O GERA\\u00c7\\u00c3O RENDA\",\"p46_hashtags\":\"#OPORTUNIDADE #FESTA #ACESSO\"},{\"p1_eixo\":\"Viol\\u00eancia\",\"p9_tipoorganizacao\":\"F\\u00f3rum\",\"p12_uf\":\"ES\",\"p13_cidade\":\"VIT\\u00d3RIA\",\"p17_ano\":\"2007\",\"p16_estado\":\"Estado\",\"p18_agrario\":\"Agr\\u00e1rio\\\/ruralidades\",\"p18_comunicacao\":\"Comunica\\u00e7\\u00e3o\",\"p18_difusaoartistica\":\"Difus\\u00e3o Art\\u00edstica\",\"p18_desenvolvimentoterritorial\":\"Desenvolvimento territorial\",\"p18_direitoshumanos\":\"Direitos humanos\",\"p18_educacao\":\"Educa\\u00e7\\u00e3o\",\"p18_feminismos\":\"Feminismos\",\"p18_lgbtqi\":\"LGBTQI\",\"p18_lutaantirracismo\":\"Luta antirracismo\",\"p18_mobilidade\":\"Mobilidade\",\"p18_moradia\":\"Moradia\",\"p18_povosecomunidadestradicionais\":\"Povos e comunidades tradicionais\",\"p18_trabalho\":\"Trabalho\",\"p18_religiao\":\"Religi\\u00e3o\",\"p18_saude\":\"Sa\\u00fade\",\"p18_violencia\":\"Viol\\u00eancia\",\"p18_politicasculturais\":\"Pol\\u00edticas Culturais\",\"p19_desenvolvimentoterritorial\":\"Desenvolvimento territorial\",\"p19_direitoshumanos\":\"Direitos humanos\",\"p19_feminismos\":\"Feminismos\",\"p19_lutaantirracismo\":\"Luta antirracismo\",\"p19_violencia\":\"Viol\\u00eancia\",\"p19_politicasculturais\":\"Pol\\u00edticas Culturais\",\"p20_reunioes\":\"Reuni\\u00f5es\",\"p20_atendimento\":\"Atendimento\",\"p20_oficinas\":\"Oficinas\",\"p20_formacao\":\"Forma\\u00e7\\u00e3o\",\"p20_apresentacoesartisticas\":\"Apresenta\\u00e7\\u00f5es art\\u00edsticas\",\"p21_repressaopolicial\":\"Repress\\u00e3o policial\",\"p21_intoleranciareligiosa\":\"Fundamentalismo\\\/intoler\\u00e2ncia religiosa\",\"p21_xenofobia\":\"Xenofobia\",\"p21_machismo\":\"Machismo\",\"p21_racismo\":\"Racismo\",\"p21_lgbtqifobia\":\"LGBTIfobia\",\"p22_numerodeparticipantes\":\"1  - 15\",\"p23_atendimento\":\"Atendimento\",\"p23_oficinas\":\"Oficinas\",\"p23_formacao\":\"Forma\\u00e7\\u00e3o\",\"p23_outros\":\"Outros\",\"p24_reunioes\":\"Reuni\\u00f5es\",\"p24_outros\":\"Outros\",\"p25_numerodepessoas\":\"80 - 100\",\"p26_numerodepessoas\":\"40 - 60\",\"p27_espacopublico\":\"Espa\\u00e7o p\\u00fablico\",\"p27_espacoemprestadocedido\":\"Espa\\u00e7o emprestado\\\/cedido\",\"p28_territorios\":\"Estado\",\"p30_outrasorganizacoes\":\"Sim\",\"p32_campanhadelongaduracao\":\"Sim\",\"p34_nenhuma\":\"Nenhuma\",\"p36_conselhosdeparticipacaoecontrolesocial\":\"Sim\",\"p38_sim\":\"Sim\",\"p38_nenhum\":\"Nenhum\",\"p40_editais\":\"Sim\",\"p41_publicoestatal\":\"P\\u00fablico-Estatal\",\"p41_autofinanciamento\":\"Autofinanciamento\",\"p41_financiamentocoletivo0\":\"Financiamento coletivo\",\"p42_meiodedivulgacaoproprio\":\"Sim\",\"p43_impressoes\":\"Impressos\",\"p43_email\":\"E-mail\",\"p43_facebook\":\"Facebook\",\"p43_instagram\":\"Instagram\",\"p43_sitesblogs\":\"Blogs\\\/sites\",\"p44_radio\":\"R\\u00e1dio\",\"p44_jornaisimpressosdebairro\":\"Jornais impressos de bairro\",\"p44_redessociais\":\"Redes sociais (Facebook, YouTube, Instagram etc.)\",\"p44_sitesblogs\":\"Sites ou Blogs\",\"p39_publico\":\"JUVENTUDE\",\"p45_bandeira\":\"DENUNCIAR-EXTERM\\u00cdNIO JUVENTUDE NEGRA\",\"p46_hashtags\":\"#TODOSCONTRAOEXTERMINIODAJUVENTUDENEGRA #PRETOSEPRETASNOSESPACOSDEPODER #SEGURANCAPUBLICAPAREMDENOSMATAR\"},{\"p1_eixo\":\"Viol\\u00eancia\",\"p9_tipoorganizacao\":\"Coletivo\",\"p12_uf\":\"PE\",\"p13_cidade\":\"RECIFE\",\"p16_cidade\":\"Cidade\",\"p17_ano\":\"2013\",\"p16_estado\":\"Estado\",\"p18_comunicacao\":\"Comunica\\u00e7\\u00e3o\",\"p18_difusaoartistica\":\"Difus\\u00e3o Art\\u00edstica\",\"p18_desenvolvimentoterritorial\":\"Desenvolvimento territorial\",\"p18_direitoshumanos\":\"Direitos humanos\",\"p18_educacao\":\"Educa\\u00e7\\u00e3o\",\"p18_feminismos\":\"Feminismos\",\"p18_lgbtqi\":\"LGBTQI\",\"p18_lutaantirracismo\":\"Luta antirracismo\",\"p18_mobilidade\":\"Mobilidade\",\"p18_moradia\":\"Moradia\",\"p18_povosecomunidadestradicionais\":\"Povos e comunidades tradicionais\",\"p18_trabalho\":\"Trabalho\",\"p18_religiao\":\"Religi\\u00e3o\",\"p18_saude\":\"Sa\\u00fade\",\"p18_violencia\":\"Viol\\u00eancia\",\"p18_politicasculturais\":\"Pol\\u00edticas Culturais\",\"p19_direitoshumanos\":\"Direitos humanos\",\"p19_educacao\":\"Educa\\u00e7\\u00e3o\",\"p19_feminismos\":\"Feminismos\",\"p19_violencia\":\"Viol\\u00eancia\",\"p19_difusaoartistica\":\"Difus\\u00e3o Art\\u00edstica\",\"p20_reunioes\":\"Reuni\\u00f5es\",\"p20_atendimento\":\"Atendimento\",\"p20_oficinas\":\"Oficinas\",\"p20_oficinasaulasartisticas\":\"Ensaios\\\/Oficinas\\\/Aulas art\\u00edsticas\",\"p20_formacao\":\"Forma\\u00e7\\u00e3o\",\"p20_apresentacoesartisticas\":\"Apresenta\\u00e7\\u00f5es art\\u00edsticas\",\"p21_repressaopolicial\":\"Repress\\u00e3o policial\",\"p21_machismo\":\"Machismo\",\"p21_racismo\":\"Racismo\",\"p21_lgbtqifobia\":\"LGBTIfobia\",\"p22_numerodeparticipantes\":\"1  - 15\",\"p23_atendimento\":\"Atendimento\",\"p23_formacao\":\"Forma\\u00e7\\u00e3o\",\"p23_apresentacoesartisticas\":\"Apresenta\\u00e7\\u00f5es Art\\u00edsticas\",\"p23_outros\":\"Outros\",\"p24_reunioes\":\"Reuni\\u00f5es\",\"p24_oficinas\":\"Oficinas\",\"p24_formacao\":\"Forma\\u00e7\\u00e3o\",\"p24_outros\":\"Outros\",\"p25_numerodepessoas\":\"20 - 40\",\"p26_numerodepessoas\":\"40 - 60\",\"p27_espacopublico\":\"Espa\\u00e7o p\\u00fablico\",\"p27_espacoemprestadocedido\":\"Espa\\u00e7o emprestado\\\/cedido\",\"p27_ocupacao\":\"Ocupa\\u00e7\\u00e3o\",\"p28_territorios\":\"Regi\\u00e3o da Cidade\",\"p30_outrasorganizacoes\":\"N\\u00e3o\",\"p32_campanhadelongaduracao\":\"Sim\",\"p34_nenhuma\":\"Nenhuma\",\"p36_conselhosdeparticipacaoecontrolesocial\":\"Sim\",\"p38_nenhum\":\"Nenhum\",\"p40_editais\":\"Sim\",\"p41_publicoestatal\":\"P\\u00fablico-Estatal\",\"p41_privadopj\":\"Privado (P. Jur\\u00eddica)\",\"p41_autofinanciamento\":\"Autofinanciamento\",\"p41_financiamentocoletivo0\":\"Financiamento coletivo\",\"p42_meiodedivulgacaoproprio\":\"Sim\",\"p43_email\":\"E-mail\",\"p43_facebook\":\"Facebook\",\"p43_instagram\":\"Instagram\",\"p43_sitesblogs\":\"Blogs\\\/sites\",\"p44_radio\":\"TV\",\"p44_jornaisimpressosdegrandecirculacao\":\"Jornais impressos de grande circula\\u00e7\\u00e3o\",\"p44_jornaisimpressosdebairro\":\"Jornais impressos de bairro\",\"p44_redessociais\":\"Redes sociais (Facebook, YouTube, Instagram etc.)\",\"p44_sitesblogs\":\"Sites ou Blogs\",\"p39_publico\":\"MULHERES\",\"p45_bandeira\":\"S COMETIDAS MULHERES\",\"p46_hashtags\":\"#FEMINISMOREVOLUCAO #PELAVIDADASMULHERES #VIVASOUMORTASNUNCASUBMISSAS\"},{\"p1_eixo\":\"Cultura\",\"p9_tipoorganizacao\":\"Coletivo Art\\u00edstico\",\"p12_uf\":\"PE\",\"p13_cidade\":\"RECIFE\",\"p16_cidade\":\"Cidade\",\"p17_ano\":\"2017\",\"p16_estado\":\"Estado\",\"p18_agrario\":\"Agr\\u00e1rio\\\/ruralidades\",\"p18_comunicacao\":\"Comunica\\u00e7\\u00e3o\",\"p18_difusaoartistica\":\"Difus\\u00e3o Art\\u00edstica\",\"p18_desenvolvimentoterritorial\":\"Desenvolvimento territorial\",\"p18_direitoshumanos\":\"Direitos humanos\",\"p18_educacao\":\"Educa\\u00e7\\u00e3o\",\"p18_feminismos\":\"Feminismos\",\"p18_lgbtqi\":\"LGBTQI\",\"p18_lutaantirracismo\":\"Luta antirracismo\",\"p18_mobilidade\":\"Mobilidade\",\"p18_moradia\":\"Moradia\",\"p18_povosecomunidadestradicionais\":\"Povos e comunidades tradicionais\",\"p18_trabalho\":\"Trabalho\",\"p18_violencia\":\"Viol\\u00eancia\",\"p18_politicasculturais\":\"Pol\\u00edticas Culturais\",\"p19_desenvolvimentoterritorial\":\"Desenvolvimento territorial\",\"p19_direitoshumanos\":\"Direitos humanos\",\"p19_educacao\":\"Educa\\u00e7\\u00e3o\",\"p19_feminismos\":\"Feminismos\",\"p19_moradia\":\"Moradia\",\"p19_difusaoartistica\":\"Difus\\u00e3o Art\\u00edstica\",\"p20_reunioes\":\"Reuni\\u00f5es\",\"p20_atendimento\":\"Atendimento\",\"p20_oficinas\":\"Oficinas\",\"p20_oficinasaulasartisticas\":\"Ensaios\\\/Oficinas\\\/Aulas art\\u00edsticas\",\"p20_formacao\":\"Forma\\u00e7\\u00e3o\",\"p20_apresentacoesartisticas\":\"Apresenta\\u00e7\\u00f5es art\\u00edsticas\",\"p21_repressaopolicial\":\"Repress\\u00e3o policial\",\"p21_machismo\":\"Machismo\",\"p21_racismo\":\"Racismo\",\"p21_enfrentamentocomgruposprivadosarmados\":\"Enfrentamento com grupos privados armados\",\"p22_numerodeparticipantes\":\"1  - 15\",\"p23_reunioes\":\"Reuni\\u00f5es\",\"p23_atendimento\":\"Atendimento\",\"p23_apresentacoesartisticas\":\"Apresenta\\u00e7\\u00f5es Art\\u00edsticas\",\"p23_outros\":\"Outros\",\"p24_reunioes\":\"Reuni\\u00f5es\",\"p24_atendimento\":\"Atendimentos\",\"p24_oficinas\":\"Oficinas\",\"p24_formacao\":\"Forma\\u00e7\\u00e3o\",\"p24_outros\":\"Outros\",\"p25_numerodepessoas\":\"100 - 200\",\"p26_numerodepessoas\":\"1 - 20\",\"p27_espacopublico\":\"Espa\\u00e7o p\\u00fablico\",\"p27_espacoemprestadocedido\":\"Espa\\u00e7o emprestado\\\/cedido\",\"p27_espacoproprio\":\"Espa\\u00e7o pr\\u00f3prio\",\"p27_ocupacao\":\"Ocupa\\u00e7\\u00e3o\",\"p28_territorios\":\"Estado\",\"p30_outrasorganizacoes\":\"Sim\",\"p32_campanhadelongaduracao\":\"N\\u00e3o\",\"p34_municipal\":\"Municipal\",\"p34_nenhuma\":\"Nenhuma\",\"p36_conselhosdeparticipacaoecontrolesocial\":\"N\\u00e3o\",\"p38_sim\":\"Sim\",\"p38_nenhum\":\"Nenhum\",\"p40_editais\":\"Sim\",\"p41_privadopj\":\"Privado (P. Jur\\u00eddica)\",\"p41_autofinanciamento\":\"Autofinanciamento\",\"p41_financiamentocoletivo0\":\"Financiamento coletivo\",\"p42_meiodedivulgacaoproprio\":\"Sim\",\"p43_email\":\"E-mail\",\"p43_facebook\":\"Facebook\",\"p43_instagram\":\"Instagram\",\"p43_sitesblogs\":\"Blogs\\\/sites\",\"p44_radio\":\"TV\",\"p44_jornaisimpressosdegrandecirculacao\":\"Jornais impressos de grande circula\\u00e7\\u00e3o\",\"p44_jornaisimpressosdebairro\":\"Jornais impressos de bairro\",\"p44_redessociais\":\"Redes sociais (Facebook, YouTube, Instagram etc.)\",\"p44_sitesblogs\":\"Sites ou Blogs\",\"p39_publico\":\"MULHER\",\"p45_bandeira\":\"DIREITO MULHER ESPA\\u00c7O-P\\u00daBLICO LITERATURA CULTURA\",\"p46_hashtags\":\"#LUTAANTIRRACISMO #ANTIMACHISMO #ANTIPROIBICIONISTA\"},{\"p1_eixo\":\"Trabalho\",\"p9_tipoorganizacao\":\"ONG\",\"p12_uf\":\"PE\",\"p13_cidade\":\"RECIFE\",\"p16_nacional\":\"Nacional\",\"p17_ano\":\"2013\",\"p16_estado\":\"Estado\",\"p18_agrario\":\"Agr\\u00e1rio\\\/ruralidades\",\"p18_comunicacao\":\"Comunica\\u00e7\\u00e3o\",\"p18_difusaoartistica\":\"Difus\\u00e3o Art\\u00edstica\",\"p18_desenvolvimentoterritorial\":\"Desenvolvimento territorial\",\"p18_direitoshumanos\":\"Direitos humanos\",\"p18_educacao\":\"Educa\\u00e7\\u00e3o\",\"p18_feminismos\":\"Feminismos\",\"p18_lgbtqi\":\"LGBTQI\",\"p18_lutaantirracismo\":\"Luta antirracismo\",\"p18_mobilidade\":\"Mobilidade\",\"p18_moradia\":\"Moradia\",\"p18_trabalho\":\"Trabalho\",\"p18_saude\":\"Sa\\u00fade\",\"p18_violencia\":\"Viol\\u00eancia\",\"p18_politicasculturais\":\"Pol\\u00edticas Culturais\",\"p19_desenvolvimentoterritorial\":\"Desenvolvimento territorial\",\"p19_direitoshumanos\":\"Direitos humanos\",\"p19_moradia\":\"Moradia\",\"p19_trabalho\":\"Trabalho\",\"p20_reunioes\":\"Reuni\\u00f5es\",\"p20_atendimento\":\"Atendimento\",\"p20_oficinas\":\"Oficinas\",\"p20_oficinasaulasartisticas\":\"Ensaios\\\/Oficinas\\\/Aulas art\\u00edsticas\",\"p20_cursos\":\"Cursos\",\"p20_formacao\":\"Forma\\u00e7\\u00e3o\",\"p20_apresentacoesartisticas\":\"Apresenta\\u00e7\\u00f5es art\\u00edsticas\",\"p21_repressaopolicial\":\"Repress\\u00e3o policial\",\"p21_intoleranciareligiosa\":\"Fundamentalismo\\\/intoler\\u00e2ncia religiosa\",\"p21_machismo\":\"Machismo\",\"p21_racismo\":\"Racismo\",\"p21_enfrentamentocomgruposprivadosarmados\":\"Enfrentamento com grupos privados armados\",\"p22_numerodeparticipantes\":\"1  - 15\",\"p23_reunioes\":\"Reuni\\u00f5es\",\"p23_atendimento\":\"Atendimento\",\"p23_formacao\":\"Forma\\u00e7\\u00e3o\",\"p23_apresentacoesartisticas\":\"Apresenta\\u00e7\\u00f5es Art\\u00edsticas\",\"p23_outros\":\"Outros\",\"p24_reunioes\":\"Reuni\\u00f5es\",\"p24_atendimento\":\"Atendimentos\",\"p24_oficinas\":\"Oficinas\",\"p24_oficinasaulasartisticas\":\"Ensaios\\\/Oficinas\\\/Aulas art\\u00edsticas\",\"p24_formacao\":\"Forma\\u00e7\\u00e3o\",\"p24_outros\":\"Outros\",\"p25_numerodepessoas\":\"20 - 40\",\"p26_numerodepessoas\":\"80 - 100\",\"p27_espacopublico\":\"Espa\\u00e7o p\\u00fablico\",\"p27_espacoemprestadocedido\":\"Espa\\u00e7o emprestado\\\/cedido\",\"p27_espacoproprio\":\"Espa\\u00e7o pr\\u00f3prio\",\"p27_ocupacao\":\"Ocupa\\u00e7\\u00e3o\",\"p28_territorios\":\"Regi\\u00e3o da Cidade\",\"p30_outrasorganizacoes\":\"Sim\",\"p32_campanhadelongaduracao\":\"Sim\",\"p34_municipal\":\"Municipal\",\"p34_nenhuma\":\"Nenhuma\",\"p36_conselhosdeparticipacaoecontrolesocial\":\"N\\u00e3o\",\"p38_sim\":\"Sim\",\"p40_editais\":\"Sim\",\"p41_privadopf\":\"Privado (P. F\\u00edsica)\",\"p41_privadopj\":\"Privado (P. Jur\\u00eddica)\",\"p41_autofinanciamento\":\"Autofinanciamento\",\"p41_financiamentocoletivo0\":\"Financiamento coletivo\",\"p42_meiodedivulgacaoproprio\":\"Sim\",\"p43_email\":\"E-mail\",\"p43_facebook\":\"Facebook\",\"p43_instagram\":\"Instagram\",\"p43_sitesblogs\":\"Blogs\\\/sites\",\"p44_radio\":\"TV\",\"p44_jornaisimpressosdebairro\":\"Jornais impressos de bairro\",\"p44_redessociais\":\"Redes sociais (Facebook, YouTube, Instagram etc.)\",\"p44_sitesblogs\":\"Sites ou Blogs\",\"p39_publico\":\"COMUNIDADES\",\"p45_bandeira\":\"DIREITO CIDADE LIBERDADE EXPRESS\\u00c3O\",\"p46_hashtags\":\"#ALUTAEPRAVALER #OFOGONOPAVIO #NEGOCIAPREFEIRO\"},{\"p1_eixo\":\"Trabalho\",\"p9_tipoorganizacao\":\"Movimento Social\",\"p12_uf\":\"PE\",\"p13_cidade\":\"RECIFE\",\"p16_nacional\":\"Nacional\",\"p17_ano\":\"2015\",\"p18_comunicacao\":\"Comunica\\u00e7\\u00e3o\",\"p18_difusaoartistica\":\"Difus\\u00e3o Art\\u00edstica\",\"p18_desenvolvimentoterritorial\":\"Desenvolvimento territorial\",\"p18_direitoshumanos\":\"Direitos humanos\",\"p18_educacao\":\"Educa\\u00e7\\u00e3o\",\"p18_feminismos\":\"Feminismos\",\"p18_lgbtqi\":\"LGBTQI\",\"p18_lutaantirracismo\":\"Luta antirracismo\",\"p18_mobilidade\":\"Mobilidade\",\"p18_moradia\":\"Moradia\",\"p18_povosecomunidadestradicionais\":\"Povos e comunidades tradicionais\",\"p18_trabalho\":\"Trabalho\",\"p18_saude\":\"Sa\\u00fade\",\"p18_violencia\":\"Viol\\u00eancia\",\"p18_politicasculturais\":\"Pol\\u00edticas Culturais\",\"p19_desenvolvimentoterritorial\":\"Desenvolvimento territorial\",\"p19_educacao\":\"Educa\\u00e7\\u00e3o\",\"p19_moradia\":\"Moradia\",\"p19_trabalho\":\"Trabalho\",\"p19_saude\":\"Sa\\u00fade\",\"p19_difusaoartistica\":\"Difus\\u00e3o Art\\u00edstica\",\"p20_reunioes\":\"Reuni\\u00f5es\",\"p20_atendimento\":\"Atendimento\",\"p20_oficinas\":\"Oficinas\",\"p20_oficinasaulasartisticas\":\"Ensaios\\\/Oficinas\\\/Aulas art\\u00edsticas\",\"p20_cursos\":\"Cursos\",\"p20_formacao\":\"Forma\\u00e7\\u00e3o\",\"p20_apresentacoesartisticas\":\"Apresenta\\u00e7\\u00f5es art\\u00edsticas\",\"p21_repressaopolicial\":\"Repress\\u00e3o policial\",\"p21_intoleranciareligiosa\":\"Fundamentalismo\\\/intoler\\u00e2ncia religiosa\",\"p21_machismo\":\"Machismo\",\"p21_racismo\":\"Racismo\",\"p21_enfrentamentocomgruposprivadosarmados\":\"Enfrentamento com grupos privados armados\",\"p21_nenhum\":\"Nenhum\",\"p22_numerodeparticipantes\":\"1  - 15\",\"p23_reunioes\":\"Reuni\\u00f5es\",\"p23_atendimento\":\"Atendimento\",\"p23_oficinas\":\"Oficinas\",\"p23_oficinasaulasartisticas\":\"Ensaio\\\/Oficinas\\\/Aulas Art\\u00edsticas\",\"p23_formacao\":\"Forma\\u00e7\\u00e3o\",\"p23_apresentacoesartisticas\":\"Apresenta\\u00e7\\u00f5es Art\\u00edsticas\",\"p23_outros\":\"Outros\",\"p24_reunioes\":\"Reuni\\u00f5es\",\"p24_oficinas\":\"Oficinas\",\"p24_oficinasaulasartisticas\":\"Ensaios\\\/Oficinas\\\/Aulas art\\u00edsticas\",\"p24_outros\":\"Outros\",\"p25_numerodepessoas\":\"20 - 40\",\"p26_numerodepessoas\":\"20 - 40\",\"p27_espacopublico\":\"Espa\\u00e7o p\\u00fablico\",\"p27_espacoemprestadocedido\":\"Espa\\u00e7o emprestado\\\/cedido\",\"p27_ocupacao\":\"Ocupa\\u00e7\\u00e3o\",\"p28_territorios\":\"Regi\\u00e3o da Cidade\",\"p30_outrasorganizacoes\":\"Sim\",\"p32_campanhadelongaduracao\":\"Sim\",\"p34_nenhuma\":\"Nenhuma\",\"p36_conselhosdeparticipacaoecontrolesocial\":\"Sim\",\"p38_sim\":\"Sim\",\"p40_editais\":\"Sim\",\"p41_privadopf\":\"Privado (P. F\\u00edsica)\",\"p41_privadopj\":\"Privado (P. Jur\\u00eddica)\",\"p41_autofinanciamento\":\"Autofinanciamento\",\"p41_financiamentocoletivo0\":\"Financiamento coletivo\",\"p42_meiodedivulgacaoproprio\":\"Sim\",\"p43_email\":\"E-mail\",\"p43_facebook\":\"Facebook\",\"p43_whatsapp\":\"WhatsApp\",\"p43_instagram\":\"Instagram\",\"p43_sitesblogs\":\"Blogs\\\/sites\",\"p43_radio\":\"R\\u00e1dio\",\"p44_jornaisimpressosdebairro\":\"Jornais impressos de bairro\",\"p44_redessociais\":\"Redes sociais (Facebook, YouTube, Instagram etc.)\",\"p39_publico\":\"POPULA\\u00c7\\u00c3O MORADIA PERIF\\u00c9RICA MORADORES OCUPA\\u00c7\\u00d5ES\",\"p45_bandeira\":\"LUTA MORADIA DISCUSS\\u00c3O G\\u00caNERO MOBILIDADE URBANA CULTURA DIREITO LAZER\",\"p46_hashtags\":\"#ALUTAEPRAVALER #OFOGONOPAVIO #NEGOCIAPREFEIRO\"},{\"p1_eixo\":\"Cultura\",\"p9_tipoorganizacao\":\"Associa\\u00e7\\u00e3o\",\"p12_uf\":\"BA\",\"p13_cidade\":\"SALVADOR\",\"p16_nacional\":\"Nacional\",\"p17_ano\":\"2012\",\"p16_estado\":\"Estado\",\"p18_agrario\":\"Agr\\u00e1rio\\\/ruralidades\",\"p18_comunicacao\":\"Comunica\\u00e7\\u00e3o\",\"p18_difusaoartistica\":\"Difus\\u00e3o Art\\u00edstica\",\"p18_desenvolvimentoterritorial\":\"Desenvolvimento territorial\",\"p18_direitoshumanos\":\"Direitos humanos\",\"p18_educacao\":\"Educa\\u00e7\\u00e3o\",\"p18_feminismos\":\"Feminismos\",\"p18_lgbtqi\":\"LGBTQI\",\"p18_lutaantirracismo\":\"Luta antirracismo\",\"p18_mobilidade\":\"Mobilidade\",\"p18_moradia\":\"Moradia\",\"p18_povosecomunidadestradicionais\":\"Povos e comunidades tradicionais\",\"p18_trabalho\":\"Trabalho\",\"p18_religiao\":\"Religi\\u00e3o\",\"p18_saude\":\"Sa\\u00fade\",\"p18_violencia\":\"Viol\\u00eancia\",\"p18_politicasculturais\":\"Pol\\u00edticas Culturais\",\"p19_direitoshumanos\":\"Direitos humanos\",\"p19_educacao\":\"Educa\\u00e7\\u00e3o\",\"p19_povosecomunidadestradicionais\":\"Povos e comunidades tradicionais\",\"p19_saude\":\"Sa\\u00fade\",\"p19_difusaoartistica\":\"Difus\\u00e3o Art\\u00edstica\",\"p19_politicasculturais\":\"Pol\\u00edticas Culturais\",\"p20_reunioes\":\"Reuni\\u00f5es\",\"p20_atendimento\":\"Atendimento\",\"p20_oficinas\":\"Oficinas\",\"p20_oficinasaulasartisticas\":\"Ensaios\\\/Oficinas\\\/Aulas art\\u00edsticas\",\"p20_cursos\":\"Cursos\",\"p20_apresentacoesartisticas\":\"Apresenta\\u00e7\\u00f5es art\\u00edsticas\",\"p21_repressaopolicial\":\"Repress\\u00e3o policial\",\"p21_intoleranciareligiosa\":\"Fundamentalismo\\\/intoler\\u00e2ncia religiosa\",\"p21_machismo\":\"Machismo\",\"p21_racismo\":\"Racismo\",\"p21_lgbtqifobia\":\"LGBTIfobia\",\"p21_nenhum\":\"Nenhum\",\"p22_numerodeparticipantes\":\"1  - 15\",\"p23_atendimento\":\"Atendimento\",\"p23_oficinas\":\"Oficinas\",\"p23_oficinasaulasartisticas\":\"Ensaio\\\/Oficinas\\\/Aulas Art\\u00edsticas\",\"p23_apresentacoesartisticas\":\"Apresenta\\u00e7\\u00f5es Art\\u00edsticas\",\"p24_reunioes\":\"Reuni\\u00f5es\",\"p24_apresentacoesartisticas\":\"Apresenta\\u00e7\\u00f5es art\\u00edsticas\",\"p24_visitasexcursoes\":\"Visitas\\\/Excurs\\u00f5es\",\"p24_outros\":\"Outros\",\"p25_numerodepessoas\":\"100 - 200\",\"p26_numerodepessoas\":\"300 - 400\",\"p27_espacopublico\":\"Espa\\u00e7o p\\u00fablico\",\"p27_espacoemprestadocedido\":\"Espa\\u00e7o emprestado\\\/cedido\",\"p27_espacoproprio\":\"Espa\\u00e7o pr\\u00f3prio\",\"p27_ocupacao\":\"Ocupa\\u00e7\\u00e3o\",\"p28_territorios\":\"Pr\\u00f3prio bairro\",\"p30_outrasorganizacoes\":\"Sim\",\"p32_campanhadelongaduracao\":\"Sim\",\"p34_municipal\":\"Municipal\",\"p34_nenhuma\":\"Nenhuma\",\"p36_conselhosdeparticipacaoecontrolesocial\":\"N\\u00e3o\",\"p38_sim\":\"Sim\",\"p40_editais\":\"N\\u00e3o\",\"p41_publicoestatal\":\"P\\u00fablico-Estatal\",\"p41_privadopf\":\"Privado (P. F\\u00edsica)\",\"p41_privadopj\":\"Privado (P. Jur\\u00eddica)\",\"p41_autofinanciamento\":\"Autofinanciamento\",\"p41_financiamentocoletivo0\":\"Financiamento coletivo\",\"p42_meiodedivulgacaoproprio\":\"Sim\",\"p43_email\":\"E-mail\",\"p43_facebook\":\"Facebook\",\"p43_whatsapp\":\"WhatsApp\",\"p43_sitesblogs\":\"Blogs\\\/sites\",\"p43_radio\":\"R\\u00e1dio\",\"p44_jornaisimpressosdebairro\":\"Jornais impressos de bairro\",\"p44_redessociais\":\"Redes sociais (Facebook, YouTube, Instagram etc.)\",\"p44_sitesblogs\":\"Sites ou Blogs\",\"p39_publico\":\"CRIAN\\u00c7AS IDOSOS\",\"p45_bandeira\":\"BANDEIRA NEGRA CONTRA-RACISMO\",\"p46_hashtags\":\"#SAUDE #EDUCACAO #CULTURA\"},{\"p1_eixo\":\"Cultura\",\"p9_tipoorganizacao\":\"Coletivo\",\"p12_uf\":\"SP\",\"p13_cidade\":\"S\\u00c3O PAULO\",\"p17_ano\":\"2007\",\"p16_estado\":\"Estado\",\"p18_agrario\":\"Agr\\u00e1rio\\\/ruralidades\",\"p18_comunicacao\":\"Comunica\\u00e7\\u00e3o\",\"p18_difusaoartistica\":\"Difus\\u00e3o Art\\u00edstica\",\"p18_desenvolvimentoterritorial\":\"Desenvolvimento territorial\",\"p18_direitoshumanos\":\"Direitos humanos\",\"p18_educacao\":\"Educa\\u00e7\\u00e3o\",\"p18_feminismos\":\"Feminismos\",\"p18_lgbtqi\":\"LGBTQI\",\"p18_lutaantirracismo\":\"Luta antirracismo\",\"p18_mobilidade\":\"Mobilidade\",\"p18_moradia\":\"Moradia\",\"p18_povosecomunidadestradicionais\":\"Povos e comunidades tradicionais\",\"p18_trabalho\":\"Trabalho\",\"p18_religiao\":\"Religi\\u00e3o\",\"p18_saude\":\"Sa\\u00fade\",\"p18_violencia\":\"Viol\\u00eancia\",\"p18_politicasculturais\":\"Pol\\u00edticas Culturais\",\"p19_direitoshumanos\":\"Direitos humanos\",\"p19_educacao\":\"Educa\\u00e7\\u00e3o\",\"p19_povosecomunidadestradicionais\":\"Povos e comunidades tradicionais\",\"p19_violencia\":\"Viol\\u00eancia\",\"p19_politicasculturais\":\"Pol\\u00edticas Culturais\",\"p20_reunioes\":\"Reuni\\u00f5es\",\"p20_oficinas\":\"Oficinas\",\"p20_formacao\":\"Forma\\u00e7\\u00e3o\",\"p20_apresentacoesartisticas\":\"Apresenta\\u00e7\\u00f5es art\\u00edsticas\",\"p20_visitasexcursoes\":\"Visitas\\\/Excurs\\u00f5es\",\"p21_repressaopolicial\":\"Repress\\u00e3o policial\",\"p21_intoleranciareligiosa\":\"Fundamentalismo\\\/intoler\\u00e2ncia religiosa\",\"p21_xenofobia\":\"Xenofobia\",\"p21_machismo\":\"Machismo\",\"p21_racismo\":\"Racismo\",\"p21_lgbtqifobia\":\"LGBTIfobia\",\"p21_enfrentamentocomgruposprivadosarmados\":\"Enfrentamento com grupos privados armados\",\"p22_numerodeparticipantes\":\"1  - 15\",\"p23_formacao\":\"Forma\\u00e7\\u00e3o\",\"p23_apresentacoesartisticas\":\"Apresenta\\u00e7\\u00f5es Art\\u00edsticas\",\"p24_reunioes\":\"Reuni\\u00f5es\",\"p24_atendimento\":\"Atendimentos\",\"p24_apresentacoesartisticas\":\"Apresenta\\u00e7\\u00f5es art\\u00edsticas\",\"p24_visitasexcursoes\":\"Visitas\\\/Excurs\\u00f5es\",\"p25_numerodepessoas\":\"100 - 200\",\"p26_numerodepessoas\":\"80 - 100\",\"p27_espacopublico\":\"Espa\\u00e7o p\\u00fablico\",\"p27_espacoemprestadocedido\":\"Espa\\u00e7o emprestado\\\/cedido\",\"p27_espacoproprio\":\"Espa\\u00e7o pr\\u00f3prio\",\"p27_ocupacao\":\"Ocupa\\u00e7\\u00e3o\",\"p28_territorios\":\"Regi\\u00e3o da Cidade\",\"p30_outrasorganizacoes\":\"Sim\",\"p32_campanhadelongaduracao\":\"N\\u00e3o\",\"p34_municipal\":\"Municipal\",\"p34_nenhuma\":\"Nenhuma\",\"p36_conselhosdeparticipacaoecontrolesocial\":\"Sim\",\"p38_sim\":\"Sim\",\"p40_editais\":\"Sim\",\"p41_publicoestatal\":\"P\\u00fablico-Estatal\",\"p41_privadopf\":\"Privado (P. F\\u00edsica)\",\"p41_privadopj\":\"Privado (P. Jur\\u00eddica)\",\"p41_financiamentocoletivo0\":\"Financiamento coletivo\",\"p42_meiodedivulgacaoproprio\":\"Sim\",\"p43_email\":\"E-mail\",\"p43_facebook\":\"Facebook\",\"p44_radio\":\"R\\u00e1dio\",\"p44_jornaisimpressosdebairro\":\"Jornais impressos de bairro\",\"p44_redessociais\":\"Redes sociais (Facebook, YouTube, Instagram etc.)\",\"p44_sitesblogs\":\"Sites ou Blogs\",\"p39_publico\":\"TODOS\",\"p45_bandeira\":\"LUTA RACISMO DESIGUALDADE SOCIAL POL\\u00cdTICAS P\\u00daBLICAS PERIFERIA\",\"p46_hashtags\":\"#CULTURAPOPULAR #LULALIVRE #IGUALDADEDEGENERO\"},{\"p1_eixo\":\"Trabalho\",\"p9_tipoorganizacao\":\"Associa\\u00e7\\u00e3o\",\"p12_uf\":\"BA\",\"p13_cidade\":\"SENHOR DO BONFIM\",\"p16_nacional\":\"Nacional\",\"p17_ano\":\"1993\",\"p16_estado\":\"Estado\",\"p18_agrario\":\"Agr\\u00e1rio\\\/ruralidades\",\"p18_comunicacao\":\"Comunica\\u00e7\\u00e3o\",\"p18_difusaoartistica\":\"Difus\\u00e3o Art\\u00edstica\",\"p18_desenvolvimentoterritorial\":\"Desenvolvimento territorial\",\"p18_direitoshumanos\":\"Direitos humanos\",\"p18_educacao\":\"Educa\\u00e7\\u00e3o\",\"p18_feminismos\":\"Feminismos\",\"p18_lgbtqi\":\"LGBTQI\",\"p18_lutaantirracismo\":\"Luta antirracismo\",\"p18_mobilidade\":\"Mobilidade\",\"p18_moradia\":\"Moradia\",\"p18_povosecomunidadestradicionais\":\"Povos e comunidades tradicionais\",\"p18_trabalho\":\"Trabalho\",\"p18_religiao\":\"Religi\\u00e3o\",\"p18_saude\":\"Sa\\u00fade\",\"p18_violencia\":\"Viol\\u00eancia\",\"p18_politicasculturais\":\"Pol\\u00edticas Culturais\",\"p19_direitoshumanos\":\"Direitos humanos\",\"p19_educacao\":\"Educa\\u00e7\\u00e3o\",\"p19_lutaantirracismo\":\"Luta antirracismo\",\"p19_povosecomunidadestradicionais\":\"Povos e comunidades tradicionais\",\"p19_violencia\":\"Viol\\u00eancia\",\"p19_difusaoartistica\":\"Difus\\u00e3o Art\\u00edstica\",\"p20_oficinas\":\"Oficinas\",\"p20_oficinasaulasartisticas\":\"Ensaios\\\/Oficinas\\\/Aulas art\\u00edsticas\",\"p20_formacao\":\"Forma\\u00e7\\u00e3o\",\"p20_visitasexcursoes\":\"Visitas\\\/Excurs\\u00f5es\",\"p21_repressaopolicial\":\"Repress\\u00e3o policial\",\"p21_intoleranciareligiosa\":\"Fundamentalismo\\\/intoler\\u00e2ncia religiosa\",\"p21_xenofobia\":\"Xenofobia\",\"p21_machismo\":\"Machismo\",\"p21_racismo\":\"Racismo\",\"p21_lgbtqifobia\":\"LGBTIfobia\",\"p21_enfrentamentocomgruposprivadosarmados\":\"Enfrentamento com grupos privados armados\",\"p22_numerodeparticipantes\":\"1  - 15\",\"p23_oficinasaulasartisticas\":\"Ensaio\\\/Oficinas\\\/Aulas Art\\u00edsticas\",\"p23_formacao\":\"Forma\\u00e7\\u00e3o\",\"p24_reunioes\":\"Reuni\\u00f5es\",\"p24_atendimento\":\"Atendimentos\",\"p24_formacao\":\"Forma\\u00e7\\u00e3o\",\"p24_visitasexcursoes\":\"Visitas\\\/Excurs\\u00f5es\",\"p25_numerodepessoas\":\"20 - 40\",\"p26_numerodepessoas\":\"20 - 40\",\"p27_espacopublico\":\"Espa\\u00e7o p\\u00fablico\",\"p27_espacoemprestadocedido\":\"Espa\\u00e7o emprestado\\\/cedido\",\"p27_espacoproprio\":\"Espa\\u00e7o pr\\u00f3prio\",\"p28_territorios\":\"Estado\",\"p30_outrasorganizacoes\":\"N\\u00e3o\",\"p32_campanhadelongaduracao\":\"Sim\",\"p34_municipal\":\"Municipal\",\"p34_nenhuma\":\"Nenhuma\",\"p36_conselhosdeparticipacaoecontrolesocial\":\"Sim\",\"p38_sim\":\"Sim\",\"p40_editais\":\"Sim\",\"p41_publicoestatal\":\"P\\u00fablico-Estatal\",\"p41_privadopf\":\"Privado (P. F\\u00edsica)\",\"p41_privadopj\":\"Privado (P. Jur\\u00eddica)\",\"p41_autofinanciamento\":\"Autofinanciamento\",\"p41_financiamentocoletivo0\":\"Financiamento coletivo\",\"p42_meiodedivulgacaoproprio\":\"Sim\",\"p43_email\":\"E-mail\",\"p43_facebook\":\"Facebook\",\"p43_sitesblogs\":\"Blogs\\\/sites\",\"p44_radio\":\"R\\u00e1dio\",\"p44_jornaisimpressosdegrandecirculacao\":\"Jornais impressos de grande circula\\u00e7\\u00e3o\",\"p44_jornaisimpressosdebairro\":\"Jornais impressos de bairro\",\"p44_redessociais\":\"Redes sociais (Facebook, YouTube, Instagram etc.)\",\"p44_sitesblogs\":\"Sites ou Blogs\",\"p39_publico\":\"MORADORES FAM\\u00cdLIAS COMUNIDADES-TRADICIONAIS-PASTO\",\"p45_bandeira\":\"RESIST\\u00caNCIA PERMAN\\u00caNCIA COMUNIDADES TRADICIONAIS AGR\\u00c1RIA DEFESA TERRA\",\"p46_hashtags\":\"#LULALIVRE #DEFESADASCOMUNIDADESTRADICIONAIS #LIBERDADEDEEXPRESSAO\"},{\"p1_eixo\":\"Cultura\",\"p9_tipoorganizacao\":\"Coletivo Art\\u00edstico\",\"p12_uf\":\"MG\",\"p13_cidade\":\"BELO HORIZONTE\",\"p16_bairro\":\"Bairro\",\"p16_nacional\":\"Nacional\",\"p17_ano\":\"1995\",\"p18_comunicacao\":\"Comunica\\u00e7\\u00e3o\",\"p18_difusaoartistica\":\"Difus\\u00e3o Art\\u00edstica\",\"p18_desenvolvimentoterritorial\":\"Desenvolvimento territorial\",\"p18_direitoshumanos\":\"Direitos humanos\",\"p18_educacao\":\"Educa\\u00e7\\u00e3o\",\"p18_feminismos\":\"Feminismos\",\"p18_lgbtqi\":\"LGBTQI\",\"p18_lutaantirracismo\":\"Luta antirracismo\",\"p18_mobilidade\":\"Mobilidade\",\"p18_moradia\":\"Moradia\",\"p18_povosecomunidadestradicionais\":\"Povos e comunidades tradicionais\",\"p18_trabalho\":\"Trabalho\",\"p18_religiao\":\"Religi\\u00e3o\",\"p18_saude\":\"Sa\\u00fade\",\"p18_violencia\":\"Viol\\u00eancia\",\"p18_politicasculturais\":\"Pol\\u00edticas Culturais\",\"p19_direitoshumanos\":\"Direitos humanos\",\"p19_educacao\":\"Educa\\u00e7\\u00e3o\",\"p19_feminismos\":\"Feminismos\",\"p19_lgbtqi\":\"LGBTQI\",\"p19_lutaantirracismo\":\"Luta antirracismo\",\"p19_difusaoartistica\":\"Difus\\u00e3o Art\\u00edstica\",\"p20_oficinasaulasartisticas\":\"Ensaios\\\/Oficinas\\\/Aulas art\\u00edsticas\",\"p20_apresentacoesartisticas\":\"Apresenta\\u00e7\\u00f5es art\\u00edsticas\",\"p21_repressaopolicial\":\"Repress\\u00e3o policial\",\"p21_machismo\":\"Machismo\",\"p21_racismo\":\"Racismo\",\"p21_lgbtqifobia\":\"LGBTIfobia\",\"p22_numerodeparticipantes\":\"1  - 15\",\"p23_oficinasaulasartisticas\":\"Ensaio\\\/Oficinas\\\/Aulas Art\\u00edsticas\",\"p23_apresentacoesartisticas\":\"Apresenta\\u00e7\\u00f5es Art\\u00edsticas\",\"p24_formacao\":\"Forma\\u00e7\\u00e3o\",\"p24_apresentacoesartisticas\":\"Apresenta\\u00e7\\u00f5es art\\u00edsticas\",\"p25_numerodepessoas\":\"100 - 200\",\"p26_numerodepessoas\":\"40 - 60\",\"p27_espacopublico\":\"Espa\\u00e7o p\\u00fablico\",\"p28_territorios\":\"Pr\\u00f3prio bairro\",\"p30_outrasorganizacoes\":\"Sim\",\"p32_campanhadelongaduracao\":\"N\\u00e3o\",\"p34_municipal\":\"Municipal\",\"p34_nenhuma\":\"Nenhuma\",\"p36_conselhosdeparticipacaoecontrolesocial\":\"N\\u00e3o\",\"p38_sim\":\"Sim\",\"p40_editais\":\"Sim\",\"p41_publicoestatal\":\"P\\u00fablico-Estatal\",\"p41_autofinanciamento\":\"Autofinanciamento\",\"p41_financiamentocoletivo0\":\"Financiamento coletivo\",\"p42_meiodedivulgacaoproprio\":\"Sim\",\"p43_email\":\"E-mail\",\"p43_facebook\":\"Facebook\",\"p43_whatsapp\":\"WhatsApp\",\"p43_sitesblogs\":\"Blogs\\\/sites\",\"p44_radio\":\"R\\u00e1dio\",\"p44_jornaisimpressosdegrandecirculacao\":\"Jornais impressos de grande circula\\u00e7\\u00e3o\",\"p44_jornaisimpressosdebairro\":\"Jornais impressos de bairro\",\"p39_publico\":\"JOVENS COMUNIDADE TEATRO\",\"p45_bandeira\":\"GARANTIA DIREITOS B\\u00c1SICOS TEATRO MECANISMO DEN\\u00daNCIA METAMORFOSE SOCIAL\",\"p46_hashtags\":\"#TEATROVIVE #TEATROCIDADAO #ESPETACULODAVIDA\"},{\"p1_eixo\":\"Cultura\",\"p9_tipoorganizacao\":\"Coletivo Art\\u00edstico\",\"p12_uf\":\"BA\",\"p13_cidade\":\"SALVADOR\",\"p16_bairro\":\"Bairro\",\"p17_ano\":\"2017\",\"p18_comunicacao\":\"Comunica\\u00e7\\u00e3o\",\"p18_difusaoartistica\":\"Difus\\u00e3o Art\\u00edstica\",\"p18_desenvolvimentoterritorial\":\"Desenvolvimento territorial\",\"p18_direitoshumanos\":\"Direitos humanos\",\"p18_educacao\":\"Educa\\u00e7\\u00e3o\",\"p18_feminismos\":\"Feminismos\",\"p18_lgbtqi\":\"LGBTQI\",\"p18_lutaantirracismo\":\"Luta antirracismo\",\"p18_mobilidade\":\"Mobilidade\",\"p18_povosecomunidadestradicionais\":\"Povos e comunidades tradicionais\",\"p18_trabalho\":\"Trabalho\",\"p18_religiao\":\"Religi\\u00e3o\",\"p18_saude\":\"Sa\\u00fade\",\"p18_violencia\":\"Viol\\u00eancia\",\"p18_politicasculturais\":\"Pol\\u00edticas Culturais\",\"p19_educacao\":\"Educa\\u00e7\\u00e3o\",\"p19_feminismos\":\"Feminismos\",\"p19_lgbtqi\":\"LGBTQI\",\"p19_lutaantirracismo\":\"Luta antirracismo\",\"p19_trabalho\":\"Trabalho\",\"p19_politicasculturais\":\"Pol\\u00edticas Culturais\",\"p20_oficinas\":\"Oficinas\",\"p20_formacao\":\"Forma\\u00e7\\u00e3o\",\"p20_apresentacoesartisticas\":\"Apresenta\\u00e7\\u00f5es art\\u00edsticas\",\"p21_repressaopolicial\":\"Repress\\u00e3o policial\",\"p21_machismo\":\"Machismo\",\"p21_racismo\":\"Racismo\",\"p21_lgbtqifobia\":\"LGBTIfobia\",\"p22_numerodeparticipantes\":\"15 - 30\",\"p23_formacao\":\"Forma\\u00e7\\u00e3o\",\"p23_apresentacoesartisticas\":\"Apresenta\\u00e7\\u00f5es Art\\u00edsticas\",\"p23_outros\":\"Outros\",\"p24_oficinas\":\"Oficinas\",\"p24_apresentacoesartisticas\":\"Apresenta\\u00e7\\u00f5es art\\u00edsticas\",\"p25_numerodepessoas\":\"40 - 60\",\"p26_numerodepessoas\":\"200 - 300\",\"p27_espacopublico\":\"Espa\\u00e7o p\\u00fablico\",\"p27_espacoemprestadocedido\":\"Espa\\u00e7o emprestado\\\/cedido\",\"p27_ocupacao\":\"Ocupa\\u00e7\\u00e3o\",\"p28_territorios\":\"Pr\\u00f3prio bairro\",\"p30_outrasorganizacoes\":\"Sim\",\"p32_campanhadelongaduracao\":\"N\\u00e3o\",\"p34_nenhuma\":\"Nenhuma\",\"p36_conselhosdeparticipacaoecontrolesocial\":\"N\\u00e3o\",\"p38_sim\":\"Sim\",\"p40_editais\":\"N\\u00e3o\",\"p41_privadopf\":\"Privado (P. F\\u00edsica)\",\"p41_privadopj\":\"Privado (P. Jur\\u00eddica)\",\"p41_financiamentocoletivo0\":\"Financiamento coletivo\",\"p42_meiodedivulgacaoproprio\":\"Sim\",\"p43_impressoes\":\"Impressos\",\"p43_facebook\":\"Facebook\",\"p43_whatsapp\":\"WhatsApp\",\"p44_radio\":\"R\\u00e1dio\",\"p44_jornaisimpressosdegrandecirculacao\":\"Jornais impressos de grande circula\\u00e7\\u00e3o\",\"p44_jornaisimpressosdebairro\":\"Jornais impressos de bairro\",\"p39_publico\":\"MENINAS POETAS ARTE\",\"p45_bandeira\":\"IGUALDADE G\\u00caNEROS LUTAR PROTAGONISMO MULHERES ARTE DEN\\u00daNCIAS POSS\\u00cdVEIS DEFESAS\",\"p46_hashtags\":\"#FEMINISMO #SLAMEPOESIA #CULTURADERUA\"},{\"p1_eixo\":\"Trabalho\",\"p9_tipoorganizacao\":\"Coletivo\",\"p12_uf\":\"SP\",\"p13_cidade\":\"S\\u00c3O PAULO\",\"p16_bairro\":\"Bairro\",\"p17_ano\":\"2006\",\"p18_comunicacao\":\"Comunica\\u00e7\\u00e3o\",\"p18_difusaoartistica\":\"Difus\\u00e3o Art\\u00edstica\",\"p18_desenvolvimentoterritorial\":\"Desenvolvimento territorial\",\"p18_direitoshumanos\":\"Direitos humanos\",\"p18_educacao\":\"Educa\\u00e7\\u00e3o\",\"p18_feminismos\":\"Feminismos\",\"p18_lgbtqi\":\"LGBTQI\",\"p18_lutaantirracismo\":\"Luta antirracismo\",\"p18_mobilidade\":\"Mobilidade\",\"p18_povosecomunidadestradicionais\":\"Povos e comunidades tradicionais\",\"p18_trabalho\":\"Trabalho\",\"p18_violencia\":\"Viol\\u00eancia\",\"p18_politicasculturais\":\"Pol\\u00edticas Culturais\",\"p19_educacao\":\"Educa\\u00e7\\u00e3o\",\"p19_lutaantirracismo\":\"Luta antirracismo\",\"p19_trabalho\":\"Trabalho\",\"p19_politicasculturais\":\"Pol\\u00edticas Culturais\",\"p20_oficinas\":\"Oficinas\",\"p20_oficinasaulasartisticas\":\"Ensaios\\\/Oficinas\\\/Aulas art\\u00edsticas\",\"p20_formacao\":\"Forma\\u00e7\\u00e3o\",\"p21_repressaopolicial\":\"Repress\\u00e3o policial\",\"p21_intoleranciareligiosa\":\"Fundamentalismo\\\/intoler\\u00e2ncia religiosa\",\"p21_xenofobia\":\"Xenofobia\",\"p21_machismo\":\"Machismo\",\"p21_racismo\":\"Racismo\",\"p21_lgbtqifobia\":\"LGBTIfobia\",\"p22_numerodeparticipantes\":\"1  - 15\",\"p23_formacao\":\"Forma\\u00e7\\u00e3o\",\"p23_apresentacoesartisticas\":\"Apresenta\\u00e7\\u00f5es Art\\u00edsticas\",\"p23_outros\":\"Outros\",\"p24_oficinas\":\"Oficinas\",\"p24_outros\":\"Outros\",\"p25_numerodepessoas\":\"Mais de 500\",\"p26_numerodepessoas\":\"1 - 20\",\"p27_espacopublico\":\"Espa\\u00e7o p\\u00fablico\",\"p27_espacoemprestadocedido\":\"Espa\\u00e7o emprestado\\\/cedido\",\"p27_ocupacao\":\"Ocupa\\u00e7\\u00e3o\",\"p28_territorios\":\"Pr\\u00f3prio bairro\",\"p30_outrasorganizacoes\":\"N\\u00e3o\",\"p32_campanhadelongaduracao\":\"N\\u00e3o\",\"p34_nenhuma\":\"Nenhuma\",\"p36_conselhosdeparticipacaoecontrolesocial\":\"N\\u00e3o\",\"p38_sim\":\"Sim\",\"p38_nenhum\":\"Nenhum\",\"p40_editais\":\"N\\u00e3o\",\"p41_privadopf\":\"Privado (P. F\\u00edsica)\",\"p41_privadopj\":\"Privado (P. Jur\\u00eddica)\",\"p41_autofinanciamento\":\"Autofinanciamento\",\"p41_financiamentocoletivo0\":\"Financiamento coletivo\",\"p42_meiodedivulgacaoproprio\":\"Sim\",\"p43_impressoes\":\"Impressos\",\"p43_email\":\"E-mail\",\"p43_facebook\":\"Facebook\",\"p43_instagram\":\"Instagram\",\"p43_sitesblogs\":\"Blogs\\\/sites\",\"p43_youtube\":\"YouTube\",\"p44_radio\":\"TV\",\"p44_jornaisimpressosdebairro\":\"Jornais impressos de bairro\",\"p39_publico\":\"PESSOAS-BAIRRO-LU\\u00cdS\",\"p45_bandeira\":\"EMPREENDEDORISMO CULTURA\",\"p46_hashtags\":\"#EMPREENDEDORISMO #ARTE #CULTURA\"},{\"p1_eixo\":\"Cultura\",\"p9_tipoorganizacao\":\"Coletivo Art\\u00edstico\",\"p12_uf\":\"AP\",\"p13_cidade\":\"MACAP\\u00c1\",\"p16_bairro\":\"Bairro\",\"p16_nacional\":\"Nacional\",\"p17_ano\":\"2016\",\"p18_comunicacao\":\"Comunica\\u00e7\\u00e3o\",\"p18_difusaoartistica\":\"Difus\\u00e3o Art\\u00edstica\",\"p18_desenvolvimentoterritorial\":\"Desenvolvimento territorial\",\"p18_direitoshumanos\":\"Direitos humanos\",\"p18_educacao\":\"Educa\\u00e7\\u00e3o\",\"p18_feminismos\":\"Feminismos\",\"p18_lgbtqi\":\"LGBTQI\",\"p18_lutaantirracismo\":\"Luta antirracismo\",\"p18_mobilidade\":\"Mobilidade\",\"p18_moradia\":\"Moradia\",\"p18_povosecomunidadestradicionais\":\"Povos e comunidades tradicionais\",\"p18_trabalho\":\"Trabalho\",\"p18_religiao\":\"Religi\\u00e3o\",\"p18_saude\":\"Sa\\u00fade\",\"p18_violencia\":\"Viol\\u00eancia\",\"p18_politicasculturais\":\"Pol\\u00edticas Culturais\",\"p19_desenvolvimentoterritorial\":\"Desenvolvimento territorial\",\"p19_educacao\":\"Educa\\u00e7\\u00e3o\",\"p19_feminismos\":\"Feminismos\",\"p19_lutaantirracismo\":\"Luta antirracismo\",\"p19_politicasculturais\":\"Pol\\u00edticas Culturais\",\"p20_reunioes\":\"Reuni\\u00f5es\",\"p20_oficinasaulasartisticas\":\"Ensaios\\\/Oficinas\\\/Aulas art\\u00edsticas\",\"p20_formacao\":\"Forma\\u00e7\\u00e3o\",\"p21_repressaopolicial\":\"Repress\\u00e3o policial\",\"p21_intoleranciareligiosa\":\"Fundamentalismo\\\/intoler\\u00e2ncia religiosa\",\"p21_xenofobia\":\"Xenofobia\",\"p21_machismo\":\"Machismo\",\"p21_racismo\":\"Racismo\",\"p21_lgbtqifobia\":\"LGBTIfobia\",\"p21_enfrentamentocomgruposprivadosarmados\":\"Enfrentamento com grupos privados armados\",\"p22_numerodeparticipantes\":\"1  - 15\",\"p23_reunioes\":\"Reuni\\u00f5es\",\"p23_formacao\":\"Forma\\u00e7\\u00e3o\",\"p23_apresentacoesartisticas\":\"Apresenta\\u00e7\\u00f5es Art\\u00edsticas\",\"p23_visitas\":\"Visitas\",\"p23_outros\":\"Outros\",\"p24_outros\":\"Outros\",\"p25_numerodepessoas\":\"60 - 80\",\"p26_numerodepessoas\":\"80 - 100\",\"p27_espacopublico\":\"Espa\\u00e7o p\\u00fablico\",\"p27_espacoemprestadocedido\":\"Espa\\u00e7o emprestado\\\/cedido\",\"p27_espacoproprio\":\"Espa\\u00e7o pr\\u00f3prio\",\"p28_territorios\":\"Regi\\u00e3o da Cidade\",\"p30_outrasorganizacoes\":\"Sim\",\"p32_campanhadelongaduracao\":\"Sim\",\"p34_nacional\":\"Nacional\",\"p34_nenhuma\":\"Nenhuma\",\"p36_conselhosdeparticipacaoecontrolesocial\":\"Sim\",\"p38_sim\":\"Sim\",\"p38_nenhum\":\"Nenhum\",\"p40_editais\":\"N\\u00e3o\",\"p41_privadopj\":\"Privado (P. Jur\\u00eddica)\",\"p41_autofinanciamento\":\"Autofinanciamento\",\"p41_financiamentocoletivo0\":\"Financiamento coletivo\",\"p42_meiodedivulgacaoproprio\":\"Sim\",\"p43_email\":\"E-mail\",\"p43_facebook\":\"Facebook\",\"p43_whatsapp\":\"WhatsApp\",\"p43_instagram\":\"Instagram\",\"p43_twitter\":\"Twitter\",\"p43_sitesblogs\":\"Blogs\\\/sites\",\"p43_youtube\":\"YouTube\",\"p44_radio\":\"TV\",\"p44_jornaisimpressosdegrandecirculacao\":\"Jornais impressos de grande circula\\u00e7\\u00e3o\",\"p44_jornaisimpressosdebairro\":\"Jornais impressos de bairro\",\"p44_redessociais\":\"Redes sociais (Facebook, YouTube, Instagram etc.)\",\"p44_sitesblogs\":\"Sites ou Blogs\",\"p39_publico\":\"HOMENS ADOLESCENTES JOVENS\",\"p45_bandeira\":\"LIBERDADE EXPRESS\\u00c3O CONTRA-PRECONCEITO POSSIBILIDADE ASCENS\\u00c3O SOCIAL ARTE\",\"p46_hashtags\":\"#LIBERDADEDEEXPRESSAO #NAOAOPRECONCEITO #OHIPHOPFALA\"},{\"p1_eixo\":\"Viol\\u00eancia\",\"p9_tipoorganizacao\":\"Coletivo\",\"p12_uf\":\"PE\",\"p13_cidade\":\"RECIFE\",\"p16_cidade\":\"Cidade\",\"p16_nacional\":\"Nacional\",\"p17_ano\":\"2011\",\"p18_agrario\":\"Agr\\u00e1rio\\\/ruralidades\",\"p18_comunicacao\":\"Comunica\\u00e7\\u00e3o\",\"p18_difusaoartistica\":\"Difus\\u00e3o Art\\u00edstica\",\"p18_desenvolvimentoterritorial\":\"Desenvolvimento territorial\",\"p18_direitoshumanos\":\"Direitos humanos\",\"p18_educacao\":\"Educa\\u00e7\\u00e3o\",\"p18_feminismos\":\"Feminismos\",\"p18_lgbtqi\":\"LGBTQI\",\"p18_lutaantirracismo\":\"Luta antirracismo\",\"p18_mobilidade\":\"Mobilidade\",\"p18_moradia\":\"Moradia\",\"p18_povosecomunidadestradicionais\":\"Povos e comunidades tradicionais\",\"p18_trabalho\":\"Trabalho\",\"p18_religiao\":\"Religi\\u00e3o\",\"p18_saude\":\"Sa\\u00fade\",\"p18_violencia\":\"Viol\\u00eancia\",\"p18_politicasculturais\":\"Pol\\u00edticas Culturais\",\"p19_desenvolvimentoterritorial\":\"Desenvolvimento territorial\",\"p19_direitoshumanos\":\"Direitos humanos\",\"p19_educacao\":\"Educa\\u00e7\\u00e3o\",\"p19_feminismos\":\"Feminismos\",\"p19_lutaantirracismo\":\"Luta antirracismo\",\"p19_politicasculturais\":\"Pol\\u00edticas Culturais\",\"p20_reunioes\":\"Reuni\\u00f5es\",\"p20_atendimento\":\"Atendimento\",\"p20_oficinas\":\"Oficinas\",\"p20_oficinasaulasartisticas\":\"Ensaios\\\/Oficinas\\\/Aulas art\\u00edsticas\",\"p20_cursos\":\"Cursos\",\"p20_formacao\":\"Forma\\u00e7\\u00e3o\",\"p20_apresentacoesartisticas\":\"Apresenta\\u00e7\\u00f5es art\\u00edsticas\",\"p21_repressaopolicial\":\"Repress\\u00e3o policial\",\"p21_intoleranciareligiosa\":\"Fundamentalismo\\\/intoler\\u00e2ncia religiosa\",\"p21_xenofobia\":\"Xenofobia\",\"p21_machismo\":\"Machismo\",\"p21_racismo\":\"Racismo\",\"p21_lgbtqifobia\":\"LGBTIfobia\",\"p21_enfrentamentocomgruposprivadosarmados\":\"Enfrentamento com grupos privados armados\",\"p22_numerodeparticipantes\":\"Mais de 90\",\"p23_reunioes\":\"Reuni\\u00f5es\",\"p23_oficinasaulasartisticas\":\"Ensaio\\\/Oficinas\\\/Aulas Art\\u00edsticas\",\"p23_formacao\":\"Forma\\u00e7\\u00e3o\",\"p23_apresentacoesartisticas\":\"Apresenta\\u00e7\\u00f5es Art\\u00edsticas\",\"p23_visitas\":\"Visitas\",\"p23_excursoes\":\"Excurs\\u00f5es\",\"p23_outros\":\"Outros\",\"p24_reunioes\":\"Reuni\\u00f5es\",\"p24_outros\":\"Outros\",\"p25_numerodepessoas\":\"60 - 80\",\"p26_numerodepessoas\":\"Mais de 500\",\"p27_espacopublico\":\"Espa\\u00e7o p\\u00fablico\",\"p27_espacoemprestadocedido\":\"Espa\\u00e7o emprestado\\\/cedido\",\"p27_espacoproprio\":\"Espa\\u00e7o pr\\u00f3prio\",\"p28_territorios\":\"Atua\\u00e7\\u00e3o Nacional\",\"p30_outrasorganizacoes\":\"Sim\",\"p32_campanhadelongaduracao\":\"Sim\",\"p34_municipal\":\"Municipal\",\"p34_nacional\":\"Nacional\",\"p36_conselhosdeparticipacaoecontrolesocial\":\"Sim\",\"p38_sim\":\"Sim\",\"p40_editais\":\"Sim\",\"p41_privadopj\":\"Privado (P. Jur\\u00eddica)\",\"p41_autofinanciamento\":\"Autofinanciamento\",\"p41_financiamentocoletivo0\":\"Financiamento coletivo\",\"p42_meiodedivulgacaoproprio\":\"Sim\",\"p43_email\":\"E-mail\",\"p43_facebook\":\"Facebook\",\"p43_whatsapp\":\"WhatsApp\",\"p43_instagram\":\"Instagram\",\"p43_twitter\":\"Twitter\",\"p43_sitesblogs\":\"Blogs\\\/sites\",\"p44_radio\":\"TV\",\"p44_jornaisimpressosdegrandecirculacao\":\"Jornais impressos de grande circula\\u00e7\\u00e3o\",\"p44_jornaisimpressosdebairro\":\"Jornais impressos de bairro\",\"p44_redessociais\":\"Redes sociais (Facebook, YouTube, Instagram etc.)\",\"p44_sitesblogs\":\"Sites ou Blogs\",\"p39_publico\":\"MULHERES VULNERABILIDADE SOCIAL MULHERES NEGRAS POPULARES\",\"p45_bandeira\":\"FEMINISMO ANTI-RACISMO AUTOCUIDADO VIDA MULHERES PRETAS\",\"p46_hashtags\":\"#BUCETASINGOVERNAVEIS #FEMINISTASNTIPROIBICIONISTAS #PRETASNOPODER\"},{\"p1_eixo\":\"Cultura\",\"p9_tipoorganizacao\":\"Coletivo Art\\u00edstico\",\"p12_uf\":\"SP\",\"p13_cidade\":\"S\\u00c3O PAULO\",\"p16_bairro\":\"Bairro\",\"p16_cidade\":\"Cidade\",\"p17_ano\":\"2012\",\"p18_agrario\":\"Agr\\u00e1rio\\\/ruralidades\",\"p18_comunicacao\":\"Comunica\\u00e7\\u00e3o\",\"p18_difusaoartistica\":\"Difus\\u00e3o Art\\u00edstica\",\"p18_desenvolvimentoterritorial\":\"Desenvolvimento territorial\",\"p18_direitoshumanos\":\"Direitos humanos\",\"p18_educacao\":\"Educa\\u00e7\\u00e3o\",\"p18_feminismos\":\"Feminismos\",\"p18_lgbtqi\":\"LGBTQI\",\"p18_lutaantirracismo\":\"Luta antirracismo\",\"p18_mobilidade\":\"Mobilidade\",\"p18_moradia\":\"Moradia\",\"p18_povosecomunidadestradicionais\":\"Povos e comunidades tradicionais\",\"p18_trabalho\":\"Trabalho\",\"p18_saude\":\"Sa\\u00fade\",\"p18_violencia\":\"Viol\\u00eancia\",\"p18_politicasculturais\":\"Pol\\u00edticas Culturais\",\"p19_direitoshumanos\":\"Direitos humanos\",\"p19_educacao\":\"Educa\\u00e7\\u00e3o\",\"p19_feminismos\":\"Feminismos\",\"p19_politicasculturais\":\"Pol\\u00edticas Culturais\",\"p20_reunioes\":\"Reuni\\u00f5es\",\"p20_atendimento\":\"Atendimento\",\"p20_oficinas\":\"Oficinas\",\"p20_oficinasaulasartisticas\":\"Ensaios\\\/Oficinas\\\/Aulas art\\u00edsticas\",\"p20_cursos\":\"Cursos\",\"p20_formacao\":\"Forma\\u00e7\\u00e3o\",\"p20_apresentacoesartisticas\":\"Apresenta\\u00e7\\u00f5es art\\u00edsticas\",\"p21_repressaopolicial\":\"Repress\\u00e3o policial\",\"p21_xenofobia\":\"Xenofobia\",\"p21_machismo\":\"Machismo\",\"p21_racismo\":\"Racismo\",\"p21_lgbtqifobia\":\"LGBTIfobia\",\"p22_numerodeparticipantes\":\"15 - 30\",\"p23_oficinasaulasartisticas\":\"Ensaio\\\/Oficinas\\\/Aulas Art\\u00edsticas\",\"p23_formacao\":\"Forma\\u00e7\\u00e3o\",\"p23_apresentacoesartisticas\":\"Apresenta\\u00e7\\u00f5es Art\\u00edsticas\",\"p23_visitas\":\"Visitas\",\"p23_excursoes\":\"Excurs\\u00f5es\",\"p23_outros\":\"Outros\",\"p24_reunioes\":\"Reuni\\u00f5es\",\"p24_outros\":\"Outros\",\"p25_numerodepessoas\":\"400 - 500\",\"p26_numerodepessoas\":\"1 - 20\",\"p27_espacoemprestadocedido\":\"Espa\\u00e7o emprestado\\\/cedido\",\"p28_territorios\":\"Regi\\u00e3o da Cidade\",\"p30_outrasorganizacoes\":\"N\\u00e3o\",\"p32_campanhadelongaduracao\":\"N\\u00e3o\",\"p34_municipal\":\"Municipal\",\"p34_nacional\":\"Nacional\",\"p36_conselhosdeparticipacaoecontrolesocial\":\"N\\u00e3o\",\"p38_sim\":\"Sim\",\"p40_editais\":\"Sim\",\"p41_autofinanciamento\":\"Autofinanciamento\",\"p41_financiamentocoletivo0\":\"Financiamento coletivo\",\"p42_meiodedivulgacaoproprio\":\"Sim\",\"p43_email\":\"E-mail\",\"p43_facebook\":\"Facebook\",\"p43_instagram\":\"Instagram\",\"p43_twitter\":\"Twitter\",\"p43_sitesblogs\":\"Blogs\\\/sites\",\"p44_radio\":\"R\\u00e1dio\",\"p44_jornaisimpressosdebairro\":\"Jornais impressos de bairro\",\"p44_redessociais\":\"Redes sociais (Facebook, YouTube, Instagram etc.)\",\"p44_sitesblogs\":\"Sites ou Blogs\",\"p39_publico\":\"COLETIVOS CRIAN\\u00c7AS IDOSOS\",\"p45_bandeira\":\"EDUCA\\u00c7\\u00c3O IGUALDADE RACIAL IGUALDADE G\\u00caNERO\",\"p46_hashtags\":\"#LULALIVRE #BRASILFELIZDENOVO #FAREMOSPALMARESDENOVO\"},{\"p1_eixo\":\"Cultura\",\"p9_tipoorganizacao\":\"Coletivo Art\\u00edstico\",\"p12_uf\":\"SP\",\"p13_cidade\":\"S\\u00c3O PAULO\",\"p16_bairro\":\"Bairro\",\"p17_ano\":\"2012\",\"p16_estado\":\"Estado\",\"p18_agrario\":\"Agr\\u00e1rio\\\/ruralidades\",\"p18_comunicacao\":\"Comunica\\u00e7\\u00e3o\",\"p18_difusaoartistica\":\"Difus\\u00e3o Art\\u00edstica\",\"p18_desenvolvimentoterritorial\":\"Desenvolvimento territorial\",\"p18_direitoshumanos\":\"Direitos humanos\",\"p18_educacao\":\"Educa\\u00e7\\u00e3o\",\"p18_feminismos\":\"Feminismos\",\"p18_lgbtqi\":\"LGBTQI\",\"p18_lutaantirracismo\":\"Luta antirracismo\",\"p18_povosecomunidadestradicionais\":\"Povos e comunidades tradicionais\",\"p18_trabalho\":\"Trabalho\",\"p18_saude\":\"Sa\\u00fade\",\"p18_politicasculturais\":\"Pol\\u00edticas Culturais\",\"p19_desenvolvimentoterritorial\":\"Desenvolvimento territorial\",\"p19_direitoshumanos\":\"Direitos humanos\",\"p19_educacao\":\"Educa\\u00e7\\u00e3o\",\"p19_feminismos\":\"Feminismos\",\"p19_trabalho\":\"Trabalho\",\"p19_politicasculturais\":\"Pol\\u00edticas Culturais\",\"p20_reunioes\":\"Reuni\\u00f5es\",\"p20_atendimento\":\"Atendimento\",\"p20_oficinasaulasartisticas\":\"Ensaios\\\/Oficinas\\\/Aulas art\\u00edsticas\",\"p20_formacao\":\"Forma\\u00e7\\u00e3o\",\"p20_profissionalizacao\":\"Profissionaliza\\u00e7\\u00e3o\",\"p20_apresentacoesartisticas\":\"Apresenta\\u00e7\\u00f5es art\\u00edsticas\",\"p21_xenofobia\":\"Xenofobia\",\"p21_machismo\":\"Machismo\",\"p21_racismo\":\"Racismo\",\"p21_lgbtqifobia\":\"LGBTIfobia\",\"p21_nenhum\":\"Nenhum\",\"p22_numerodeparticipantes\":\"1  - 15\",\"p23_reunioes\":\"Reuni\\u00f5es\",\"p23_oficinasaulasartisticas\":\"Ensaio\\\/Oficinas\\\/Aulas Art\\u00edsticas\",\"p23_formacao\":\"Forma\\u00e7\\u00e3o\",\"p23_apresentacoesartisticas\":\"Apresenta\\u00e7\\u00f5es Art\\u00edsticas\",\"p24_reunioes\":\"Reuni\\u00f5es\",\"p24_oficinas\":\"Oficinas\",\"p25_numerodepessoas\":\"40 - 60\",\"p26_numerodepessoas\":\"1 - 20\",\"p27_espacoemprestadocedido\":\"Espa\\u00e7o emprestado\\\/cedido\",\"p27_espacoproprio\":\"Espa\\u00e7o pr\\u00f3prio\",\"p28_territorios\":\"Regi\\u00e3o da Cidade\",\"p30_outrasorganizacoes\":\"N\\u00e3o\",\"p32_campanhadelongaduracao\":\"N\\u00e3o\",\"p34_municipal\":\"Municipal\",\"p34_nacional\":\"Nacional\",\"p36_conselhosdeparticipacaoecontrolesocial\":\"N\\u00e3o\",\"p38_sim\":\"Sim\",\"p40_editais\":\"N\\u00e3o\",\"p41_autofinanciamento\":\"Autofinanciamento\",\"p41_financiamentocoletivo0\":\"Financiamento coletivo\",\"p42_meiodedivulgacaoproprio\":\"Sim\",\"p43_email\":\"E-mail\",\"p43_facebook\":\"Facebook\",\"p43_instagram\":\"Instagram\",\"p43_twitter\":\"Twitter\",\"p43_sitesblogs\":\"Blogs\\\/sites\",\"p44_radio\":\"R\\u00e1dio\",\"p44_jornaisimpressosdebairro\":\"Jornais impressos de bairro\",\"p44_redessociais\":\"Redes sociais (Facebook, YouTube, Instagram etc.)\",\"p44_sitesblogs\":\"Sites ou Blogs\",\"p39_publico\":\"JOVENS\",\"p45_bandeira\":\"FEMINISMO CONTRA-INTOLER\\u00c2NCIA NORDESTINA CONTRA-INTOLER\\u00c2NCIA-RACIAL\",\"p46_hashtags\":\"#LULALIVRE #MULHERESQUECONDUZEM #FORRODAQUEBRADA\"},{\"p1_eixo\":\"Trabalho\",\"p9_tipoorganizacao\":\"Cooperativa\",\"p12_uf\":\"SP\",\"p13_cidade\":\"CAMPINAS\",\"p16_nacional\":\"Nacional\",\"p17_ano\":\"2011\",\"p16_estado\":\"Estado\",\"p18_agrario\":\"Agr\\u00e1rio\\\/ruralidades\",\"p18_comunicacao\":\"Comunica\\u00e7\\u00e3o\",\"p18_desenvolvimentoterritorial\":\"Desenvolvimento territorial\",\"p18_direitoshumanos\":\"Direitos humanos\",\"p18_educacao\":\"Educa\\u00e7\\u00e3o\",\"p18_feminismos\":\"Feminismos\",\"p18_lgbtqi\":\"LGBTQI\",\"p18_lutaantirracismo\":\"Luta antirracismo\",\"p18_moradia\":\"Moradia\",\"p18_povosecomunidadestradicionais\":\"Povos e comunidades tradicionais\",\"p18_trabalho\":\"Trabalho\",\"p18_religiao\":\"Religi\\u00e3o\",\"p18_saude\":\"Sa\\u00fade\",\"p18_violencia\":\"Viol\\u00eancia\",\"p18_politicasculturais\":\"Pol\\u00edticas Culturais\",\"p19_desenvolvimentoterritorial\":\"Desenvolvimento territorial\",\"p19_direitoshumanos\":\"Direitos humanos\",\"p19_educacao\":\"Educa\\u00e7\\u00e3o\",\"p19_trabalho\":\"Trabalho\",\"p19_violencia\":\"Viol\\u00eancia\",\"p20_reunioes\":\"Reuni\\u00f5es\",\"p20_atendimento\":\"Atendimento\",\"p20_oficinas\":\"Oficinas\",\"p20_cursos\":\"Cursos\",\"p20_formacao\":\"Forma\\u00e7\\u00e3o\",\"p20_profissionalizacao\":\"Profissionaliza\\u00e7\\u00e3o\",\"p21_nenhum\":\"Nenhum\",\"p22_numerodeparticipantes\":\"1  - 15\",\"p23_reunioes\":\"Reuni\\u00f5es\",\"p23_atendimento\":\"Atendimento\",\"p23_formacao\":\"Forma\\u00e7\\u00e3o\",\"p24_oficinas\":\"Oficinas\",\"p24_formacao\":\"Forma\\u00e7\\u00e3o\",\"p25_numerodepessoas\":\"20 - 40\",\"p26_numerodepessoas\":\"60 - 80\",\"p27_espacoproprio\":\"Espa\\u00e7o pr\\u00f3prio\",\"p28_territorios\":\"Estado\",\"p30_outrasorganizacoes\":\"Sim\",\"p32_campanhadelongaduracao\":\"Sim\",\"p34_municipal\":\"Municipal\",\"p34_nenhuma\":\"Nenhuma\",\"p36_conselhosdeparticipacaoecontrolesocial\":\"Sim\",\"p38_sim\":\"Sim\",\"p38_nenhum\":\"Nenhum\",\"p40_editais\":\"Sim\",\"p41_autofinanciamento\":\"Autofinanciamento\",\"p41_financiamentocoletivo0\":\"Financiamento coletivo\",\"p42_meiodedivulgacaoproprio\":\"Sim\",\"p43_email\":\"E-mail\",\"p43_facebook\":\"Facebook\",\"p43_instagram\":\"Instagram\",\"p43_twitter\":\"Twitter\",\"p43_sitesblogs\":\"Blogs\\\/sites\",\"p44_radio\":\"TV\",\"p44_jornaisimpressosdegrandecirculacao\":\"Jornais impressos de grande circula\\u00e7\\u00e3o\",\"p44_jornaisimpressosdebairro\":\"Jornais impressos de bairro\",\"p44_sitesblogs\":\"Sites ou Blogs\",\"p39_publico\":\"PEQUENOS AGRICULTORES RURAIS URBANOS ESTUDANTES ENGAJADAS\",\"p45_bandeira\":\"ALIMENTA\\u00c7\\u00c3O SAUD\\u00c1VEL PRODU\\u00c7\\u00c3O ORG\\u00c2NICA ECONOMIA SOLID\\u00c1RIA COOPERATIVISMO REFORMA AGR\\u00c1RIA\",\"p46_hashtags\":\"#AGROECOLOGIA #ECONOMIASOLIDARIA #SEGURANCALIMENTAR\"},{\"p1_eixo\":\"Viol\\u00eancia\",\"p9_tipoorganizacao\":\"ONG\",\"p12_uf\":\"RS\",\"p13_cidade\":\"S\\u00c3O LEOPOLDO\",\"p16_nacional\":\"Nacional\",\"p17_ano\":\"1996\",\"p16_estado\":\"Estado\",\"p18_agrario\":\"Agr\\u00e1rio\\\/ruralidades\",\"p18_comunicacao\":\"Comunica\\u00e7\\u00e3o\",\"p18_desenvolvimentoterritorial\":\"Desenvolvimento territorial\",\"p18_direitoshumanos\":\"Direitos humanos\",\"p18_educacao\":\"Educa\\u00e7\\u00e3o\",\"p18_feminismos\":\"Feminismos\",\"p18_lgbtqi\":\"LGBTQI\",\"p18_lutaantirracismo\":\"Luta antirracismo\",\"p18_mobilidade\":\"Mobilidade\",\"p18_moradia\":\"Moradia\",\"p18_trabalho\":\"Trabalho\",\"p18_religiao\":\"Religi\\u00e3o\",\"p18_saude\":\"Sa\\u00fade\",\"p18_violencia\":\"Viol\\u00eancia\",\"p18_politicasculturais\":\"Pol\\u00edticas Culturais\",\"p19_direitoshumanos\":\"Direitos humanos\",\"p19_trabalho\":\"Trabalho\",\"p19_saude\":\"Sa\\u00fade\",\"p19_violencia\":\"Viol\\u00eancia\",\"p20_reunioes\":\"Reuni\\u00f5es\",\"p20_atendimento\":\"Atendimento\",\"p20_oficinas\":\"Oficinas\",\"p20_cursos\":\"Cursos\",\"p20_formacao\":\"Forma\\u00e7\\u00e3o\",\"p21_repressaopolicial\":\"Repress\\u00e3o policial\",\"p21_machismo\":\"Machismo\",\"p21_racismo\":\"Racismo\",\"p21_nenhum\":\"Nenhum\",\"p22_numerodeparticipantes\":\"1  - 15\",\"p23_atendimento\":\"Atendimento\",\"p23_outros\":\"Outros\",\"p24_reunioes\":\"Reuni\\u00f5es\",\"p24_atendimento\":\"Atendimentos\",\"p24_oficinasaulasartisticas\":\"Ensaios\\\/Oficinas\\\/Aulas art\\u00edsticas\",\"p24_formacao\":\"Forma\\u00e7\\u00e3o\",\"p24_visitasexcursoes\":\"Visitas\\\/Excurs\\u00f5es\",\"p25_numerodepessoas\":\"20 - 40\",\"p26_numerodepessoas\":\"40 - 60\",\"p27_espacopublico\":\"Espa\\u00e7o p\\u00fablico\",\"p27_espacoemprestadocedido\":\"Espa\\u00e7o emprestado\\\/cedido\",\"p27_espacoproprio\":\"Espa\\u00e7o pr\\u00f3prio\",\"p28_territorios\":\"Estado\",\"p30_outrasorganizacoes\":\"N\\u00e3o\",\"p32_campanhadelongaduracao\":\"N\\u00e3o\",\"p34_nacional\":\"Nacional\",\"p34_nenhuma\":\"Nenhuma\",\"p36_conselhosdeparticipacaoecontrolesocial\":\"N\\u00e3o\",\"p38_nenhum\":\"Nenhum\",\"p40_editais\":\"Sim\",\"p41_publicoestatal\":\"P\\u00fablico-Estatal\",\"p41_autofinanciamento\":\"Autofinanciamento\",\"p41_financiamentocoletivo0\":\"Financiamento coletivo\",\"p42_meiodedivulgacaoproprio\":\"Sim\",\"p43_email\":\"E-mail\",\"p43_facebook\":\"Facebook\",\"p43_whatsapp\":\"WhatsApp\",\"p43_sitesblogs\":\"Blogs\\\/sites\",\"p44_radio\":\"TV\",\"p44_jornaisimpressosdegrandecirculacao\":\"Jornais impressos de grande circula\\u00e7\\u00e3o\",\"p44_jornaisimpressosdebairro\":\"Jornais impressos de bairro\",\"p44_redessociais\":\"Redes sociais (Facebook, YouTube, Instagram etc.)\",\"p44_sitesblogs\":\"Sites ou Blogs\",\"p39_publico\":\"PESSOAS LIBERDADE FAMILIARES\",\"p45_bandeira\":\"DEFENDER BANDEIRAS POPULARES LUTA TRABALHADORES CLASSE EXCLU\\u00cdDA DEBATES SOCIAIS\",\"p46_hashtags\":\"#CRESCERCOMPAZ #DESENVOLVIMENTO #BRASILSEMVIOLENCIA\"},{\"p1_eixo\":\"Viol\\u00eancia\",\"p9_tipoorganizacao\":\"Coletivo\",\"p12_uf\":\"RJ\",\"p13_cidade\":\"RIO DE JANEIRO\",\"p17_ano\":\"2011\",\"p16_estado\":\"Estado\",\"p18_agrario\":\"Agr\\u00e1rio\\\/ruralidades\",\"p18_comunicacao\":\"Comunica\\u00e7\\u00e3o\",\"p18_difusaoartistica\":\"Difus\\u00e3o Art\\u00edstica\",\"p18_desenvolvimentoterritorial\":\"Desenvolvimento territorial\",\"p18_direitoshumanos\":\"Direitos humanos\",\"p18_educacao\":\"Educa\\u00e7\\u00e3o\",\"p18_feminismos\":\"Feminismos\",\"p18_lgbtqi\":\"LGBTQI\",\"p18_lutaantirracismo\":\"Luta antirracismo\",\"p18_mobilidade\":\"Mobilidade\",\"p18_moradia\":\"Moradia\",\"p18_povosecomunidadestradicionais\":\"Povos e comunidades tradicionais\",\"p18_trabalho\":\"Trabalho\",\"p18_saude\":\"Sa\\u00fade\",\"p18_violencia\":\"Viol\\u00eancia\",\"p19_desenvolvimentoterritorial\":\"Desenvolvimento territorial\",\"p19_direitoshumanos\":\"Direitos humanos\",\"p19_educacao\":\"Educa\\u00e7\\u00e3o\",\"p19_trabalho\":\"Trabalho\",\"p19_saude\":\"Sa\\u00fade\",\"p19_violencia\":\"Viol\\u00eancia\",\"p20_reunioes\":\"Reuni\\u00f5es\",\"p20_atendimento\":\"Atendimento\",\"p20_cursos\":\"Cursos\",\"p20_formacao\":\"Forma\\u00e7\\u00e3o\",\"p21_repressaopolicial\":\"Repress\\u00e3o policial\",\"p21_machismo\":\"Machismo\",\"p21_racismo\":\"Racismo\",\"p21_nenhum\":\"Nenhum\",\"p22_numerodeparticipantes\":\"1  - 15\",\"p23_atendimento\":\"Atendimento\",\"p23_oficinas\":\"Oficinas\",\"p23_formacao\":\"Forma\\u00e7\\u00e3o\",\"p23_outros\":\"Outros\",\"p24_reunioes\":\"Reuni\\u00f5es\",\"p24_atendimento\":\"Atendimentos\",\"p24_oficinas\":\"Oficinas\",\"p24_oficinasaulasartisticas\":\"Ensaios\\\/Oficinas\\\/Aulas art\\u00edsticas\",\"p24_curso\":\"Curso\",\"p24_formacao\":\"Forma\\u00e7\\u00e3o\",\"p24_visitasexcursoes\":\"Visitas\\\/Excurs\\u00f5es\",\"p25_numerodepessoas\":\"1 - 20\",\"p26_numerodepessoas\":\"80 - 100\",\"p27_espacopublico\":\"Espa\\u00e7o p\\u00fablico\",\"p27_espacoemprestadocedido\":\"Espa\\u00e7o emprestado\\\/cedido\",\"p27_espacoproprio\":\"Espa\\u00e7o pr\\u00f3prio\",\"p28_territorios\":\"Estado\",\"p30_outrasorganizacoes\":\"Sim\",\"p32_campanhadelongaduracao\":\"Sim\",\"p34_municipal\":\"Municipal\",\"p34_estadual\":\"Estadual\",\"p34_nacional\":\"Nacional\",\"p36_conselhosdeparticipacaoecontrolesocial\":\"Sim\",\"p38_sim\":\"Sim\",\"p38_nenhum\":\"Nenhum\",\"p40_editais\":\"Sim\",\"p41_publicoestatal\":\"P\\u00fablico-Estatal\",\"p41_privadopj\":\"Privado (P. Jur\\u00eddica)\",\"p41_autofinanciamento\":\"Autofinanciamento\",\"p42_meiodedivulgacaoproprio\":\"Sim\",\"p43_email\":\"E-mail\",\"p43_facebook\":\"Facebook\",\"p43_whatsapp\":\"WhatsApp\",\"p43_twitter\":\"Twitter\",\"p43_sitesblogs\":\"Blogs\\\/sites\",\"p44_radio\":\"TV\",\"p44_jornaisimpressosdegrandecirculacao\":\"Jornais impressos de grande circula\\u00e7\\u00e3o\",\"p44_jornaisimpressosdebairro\":\"Jornais impressos de bairro\",\"p44_redessociais\":\"Redes sociais (Facebook, YouTube, Instagram etc.)\",\"p44_sitesblogs\":\"Sites ou Blogs\",\"p39_publico\":\"PESSOAS LIBERDADE FAMILIARES\",\"p45_bandeira\":\"DIREITOS HUMANOS JUSTI\\u00c7A INSTITUCIONAL RACISMO G\\u00caNERO FIM-DA-GUERRA-AS-DROGAS\",\"p46_hashtags\":\"#JOVEMNEGROVIVO #ELASEXISTEM #TORTURANUNCAMAIS\"},{\"p1_eixo\":\"Trabalho\",\"p9_tipoorganizacao\":\"Instituto\",\"p12_uf\":\"PA\",\"p13_cidade\":\"BEL\\u00c9M\",\"p16_cidade\":\"Cidade\",\"p17_ano\":\"2005\",\"p16_estado\":\"Estado\",\"p18_agrario\":\"Agr\\u00e1rio\\\/ruralidades\",\"p18_comunicacao\":\"Comunica\\u00e7\\u00e3o\",\"p18_difusaoartistica\":\"Difus\\u00e3o Art\\u00edstica\",\"p18_desenvolvimentoterritorial\":\"Desenvolvimento territorial\",\"p18_direitoshumanos\":\"Direitos humanos\",\"p18_educacao\":\"Educa\\u00e7\\u00e3o\",\"p18_feminismos\":\"Feminismos\",\"p18_lgbtqi\":\"LGBTQI\",\"p18_lutaantirracismo\":\"Luta antirracismo\",\"p18_mobilidade\":\"Mobilidade\",\"p18_moradia\":\"Moradia\",\"p18_povosecomunidadestradicionais\":\"Povos e comunidades tradicionais\",\"p18_trabalho\":\"Trabalho\",\"p18_violencia\":\"Viol\\u00eancia\",\"p18_politicasculturais\":\"Pol\\u00edticas Culturais\",\"p19_desenvolvimentoterritorial\":\"Desenvolvimento territorial\",\"p19_educacao\":\"Educa\\u00e7\\u00e3o\",\"p19_lutaantirracismo\":\"Luta antirracismo\",\"p19_trabalho\":\"Trabalho\",\"p19_difusaoartistica\":\"Difus\\u00e3o Art\\u00edstica\",\"p20_reunioes\":\"Reuni\\u00f5es\",\"p20_cursos\":\"Cursos\",\"p20_formacao\":\"Forma\\u00e7\\u00e3o\",\"p20_apresentacoesartisticas\":\"Apresenta\\u00e7\\u00f5es art\\u00edsticas\",\"p21_repressaopolicial\":\"Repress\\u00e3o policial\",\"p21_machismo\":\"Machismo\",\"p21_nenhum\":\"Nenhum\",\"p22_numerodeparticipantes\":\"15 - 30\",\"p23_atendimento\":\"Atendimento\",\"p23_oficinas\":\"Oficinas\",\"p23_formacao\":\"Forma\\u00e7\\u00e3o\",\"p23_apresentacoesartisticas\":\"Apresenta\\u00e7\\u00f5es Art\\u00edsticas\",\"p24_reunioes\":\"Reuni\\u00f5es\",\"p24_oficinas\":\"Oficinas\",\"p24_curso\":\"Curso\",\"p24_formacao\":\"Forma\\u00e7\\u00e3o\",\"p24_outros\":\"Outros\",\"p25_numerodepessoas\":\"40 - 60\",\"p26_numerodepessoas\":\"20 - 40\",\"p27_espacopublico\":\"Espa\\u00e7o p\\u00fablico\",\"p27_espacoemprestadocedido\":\"Espa\\u00e7o emprestado\\\/cedido\",\"p27_espacoproprio\":\"Espa\\u00e7o pr\\u00f3prio\",\"p28_territorios\":\"Estado\",\"p30_outrasorganizacoes\":\"Sim\",\"p32_campanhadelongaduracao\":\"N\\u00e3o\",\"p34_municipal\":\"Municipal\",\"p34_estadual\":\"Estadual\",\"p34_nacional\":\"Nacional\",\"p36_conselhosdeparticipacaoecontrolesocial\":\"N\\u00e3o\",\"p38_sim\":\"Sim\",\"p40_editais\":\"Sim\",\"p41_publicoestatal\":\"P\\u00fablico-Estatal\",\"p41_privadopj\":\"Privado (P. Jur\\u00eddica)\",\"p41_autofinanciamento\":\"Autofinanciamento\",\"p42_meiodedivulgacaoproprio\":\"Sim\",\"p43_email\":\"E-mail\",\"p43_facebook\":\"Facebook\",\"p43_instagram\":\"Instagram\",\"p43_twitter\":\"Twitter\",\"p43_sitesblogs\":\"Blogs\\\/sites\",\"p43_youtube\":\"YouTube\",\"p44_radio\":\"TV\",\"p44_jornaisimpressosdegrandecirculacao\":\"Jornais impressos de grande circula\\u00e7\\u00e3o\",\"p44_jornaisimpressosdebairro\":\"Jornais impressos de bairro\",\"p44_redessociais\":\"Redes sociais (Facebook, YouTube, Instagram etc.)\",\"p44_sitesblogs\":\"Sites ou Blogs\",\"p39_publico\":\"EMPREENDEDORES COLETIVOS FAMILIARES ASSOCIA\\u00c7\\u00d5ES MICRO EMPRES\\u00c1RIOS JOVENS PRIMEIRO EMPREGO\",\"p45_bandeira\":\"EDUCA\\u00c7\\u00c3O TRABALHO RENDA\",\"p46_hashtags\":\"#EDUCACAOAMBIENTAL #TRABALHO #RENDA\"},{\"p1_eixo\":\"Cultura\",\"p9_tipoorganizacao\":\"Coletivo Art\\u00edstico\",\"p12_uf\":\"SP\",\"p13_cidade\":\"S\\u00c3O PAULO\",\"p16_bairro\":\"Bairro\",\"p16_cidade\":\"Cidade\",\"p17_ano\":\"2012\",\"p18_comunicacao\":\"Comunica\\u00e7\\u00e3o\",\"p18_difusaoartistica\":\"Difus\\u00e3o Art\\u00edstica\",\"p18_desenvolvimentoterritorial\":\"Desenvolvimento territorial\",\"p18_direitoshumanos\":\"Direitos humanos\",\"p18_educacao\":\"Educa\\u00e7\\u00e3o\",\"p18_feminismos\":\"Feminismos\",\"p18_lgbtqi\":\"LGBTQI\",\"p18_lutaantirracismo\":\"Luta antirracismo\",\"p18_mobilidade\":\"Mobilidade\",\"p18_trabalho\":\"Trabalho\",\"p18_saude\":\"Sa\\u00fade\",\"p18_violencia\":\"Viol\\u00eancia\",\"p18_politicasculturais\":\"Pol\\u00edticas Culturais\",\"p19_desenvolvimentoterritorial\":\"Desenvolvimento territorial\",\"p19_direitoshumanos\":\"Direitos humanos\",\"p19_lutaantirracismo\":\"Luta antirracismo\",\"p19_difusaoartistica\":\"Difus\\u00e3o Art\\u00edstica\",\"p20_oficinasaulasartisticas\":\"Ensaios\\\/Oficinas\\\/Aulas art\\u00edsticas\",\"p20_apresentacoesartisticas\":\"Apresenta\\u00e7\\u00f5es art\\u00edsticas\",\"p21_repressaopolicial\":\"Repress\\u00e3o policial\",\"p21_machismo\":\"Machismo\",\"p21_racismo\":\"Racismo\",\"p22_numerodeparticipantes\":\"1  - 15\",\"p23_apresentacoesartisticas\":\"Apresenta\\u00e7\\u00f5es Art\\u00edsticas\",\"p24_oficinas\":\"Oficinas\",\"p24_outros\":\"Outros\",\"p25_numerodepessoas\":\"200 - 300\",\"p26_numerodepessoas\":\"80 - 100\",\"p27_espacopublico\":\"Espa\\u00e7o p\\u00fablico\",\"p28_territorios\":\"Regi\\u00e3o da Cidade\",\"p30_outrasorganizacoes\":\"Sim\",\"p32_campanhadelongaduracao\":\"N\\u00e3o\",\"p34_estadual\":\"Estadual\",\"p34_nenhuma\":\"Nenhuma\",\"p36_conselhosdeparticipacaoecontrolesocial\":\"Sim\",\"p38_sim\":\"Sim\",\"p38_nenhum\":\"Nenhum\",\"p40_editais\":\"Sim\",\"p41_autofinanciamento\":\"Autofinanciamento\",\"p41_financiamentocoletivo0\":\"Financiamento coletivo\",\"p42_meiodedivulgacaoproprio\":\"Sim\",\"p43_email\":\"E-mail\",\"p43_facebook\":\"Facebook\",\"p43_whatsapp\":\"WhatsApp\",\"p43_instagram\":\"Instagram\",\"p43_twitter\":\"Twitter\",\"p43_youtube\":\"YouTube\",\"p44_radio\":\"TV\",\"p44_jornaisimpressosdegrandecirculacao\":\"Jornais impressos de grande circula\\u00e7\\u00e3o\",\"p44_jornaisimpressosdebairro\":\"Jornais impressos de bairro\",\"p44_redessociais\":\"Redes sociais (Facebook, YouTube, Instagram etc.)\",\"p44_sitesblogs\":\"Sites ou Blogs\",\"p39_publico\":\"JOVENS BAIXA-RENDA\",\"p45_bandeira\":\"RESIST\\u00caNCIA CULTURAL CAUSAS SOCIAIS PERIFERIA OUVIDA\",\"p46_hashtags\":\"#ARTEPERIFERICA #LITERATURAMARGINAL #ESQUERDA\"},{\"p1_eixo\":\"Cultura\",\"p9_tipoorganizacao\":\"Coletivo Art\\u00edstico\",\"p12_uf\":\"AP\",\"p13_cidade\":\"MACAP\\u00c1\",\"p16_bairro\":\"Bairro\",\"p16_cidade\":\"Cidade\",\"p17_ano\":\"2017\",\"p18_comunicacao\":\"Comunica\\u00e7\\u00e3o\",\"p18_difusaoartistica\":\"Difus\\u00e3o Art\\u00edstica\",\"p18_desenvolvimentoterritorial\":\"Desenvolvimento territorial\",\"p18_direitoshumanos\":\"Direitos humanos\",\"p18_educacao\":\"Educa\\u00e7\\u00e3o\",\"p18_feminismos\":\"Feminismos\",\"p18_lgbtqi\":\"LGBTQI\",\"p18_lutaantirracismo\":\"Luta antirracismo\",\"p18_mobilidade\":\"Mobilidade\",\"p18_moradia\":\"Moradia\",\"p18_trabalho\":\"Trabalho\",\"p18_religiao\":\"Religi\\u00e3o\",\"p18_saude\":\"Sa\\u00fade\",\"p18_violencia\":\"Viol\\u00eancia\",\"p18_politicasculturais\":\"Pol\\u00edticas Culturais\",\"p19_direitoshumanos\":\"Direitos humanos\",\"p19_educacao\":\"Educa\\u00e7\\u00e3o\",\"p19_lutaantirracismo\":\"Luta antirracismo\",\"p19_saude\":\"Sa\\u00fade\",\"p19_difusaoartistica\":\"Difus\\u00e3o Art\\u00edstica\",\"p20_oficinas\":\"Oficinas\",\"p20_oficinasaulasartisticas\":\"Ensaios\\\/Oficinas\\\/Aulas art\\u00edsticas\",\"p20_formacao\":\"Forma\\u00e7\\u00e3o\",\"p20_apresentacoesartisticas\":\"Apresenta\\u00e7\\u00f5es art\\u00edsticas\",\"p21_repressaopolicial\":\"Repress\\u00e3o policial\",\"p21_intoleranciareligiosa\":\"Fundamentalismo\\\/intoler\\u00e2ncia religiosa\",\"p21_machismo\":\"Machismo\",\"p21_racismo\":\"Racismo\",\"p22_numerodeparticipantes\":\"1  - 15\",\"p23_oficinasaulasartisticas\":\"Ensaio\\\/Oficinas\\\/Aulas Art\\u00edsticas\",\"p23_apresentacoesartisticas\":\"Apresenta\\u00e7\\u00f5es Art\\u00edsticas\",\"p24_oficinas\":\"Oficinas\",\"p24_oficinasaulasartisticas\":\"Ensaios\\\/Oficinas\\\/Aulas art\\u00edsticas\",\"p24_outros\":\"Outros\",\"p25_numerodepessoas\":\"40 - 60\",\"p26_numerodepessoas\":\"20 - 40\",\"p27_espacopublico\":\"Espa\\u00e7o p\\u00fablico\",\"p27_espacoproprio\":\"Espa\\u00e7o pr\\u00f3prio\",\"p28_territorios\":\"Pr\\u00f3prio bairro\",\"p30_outrasorganizacoes\":\"N\\u00e3o\",\"p32_campanhadelongaduracao\":\"N\\u00e3o\",\"p34_nenhuma\":\"Nenhuma\",\"p36_conselhosdeparticipacaoecontrolesocial\":\"N\\u00e3o\",\"p38_nenhum\":\"Nenhum\",\"p40_editais\":\"N\\u00e3o\",\"p41_autofinanciamento\":\"Autofinanciamento\",\"p41_financiamentocoletivo0\":\"Financiamento coletivo\",\"p42_meiodedivulgacaoproprio\":\"Sim\",\"p43_impressoes\":\"Impressos\",\"p43_email\":\"E-mail\",\"p43_facebook\":\"Facebook\",\"p43_whatsapp\":\"WhatsApp\",\"p43_instagram\":\"Instagram\",\"p43_youtube\":\"YouTube\",\"p44_redessociais\":\"Redes sociais (Facebook, YouTube, Instagram etc.)\",\"p44_sitesblogs\":\"Sites ou Blogs\",\"p39_publico\":\"JOVENS CULTURA HIPHOP\",\"p45_bandeira\":\"DEFENDER CULTURA HIPHOP USANDO ELA MECANISMO DENUNCIA  POPULA\\u00c7\\u00c3O NEGRA BRASIL\",\"p46_hashtags\":\"#HIPHOPVIVE #CULTURAHIPHOP #BATALHASDERUA\"},{\"p1_eixo\":\"Cultura\",\"p9_tipoorganizacao\":\"Coletivo\",\"p12_uf\":\"SP\",\"p13_cidade\":\"S\\u00c3O PAULO\",\"p16_bairro\":\"Bairro\",\"p16_cidade\":\"Cidade\",\"p17_ano\":\"1992\",\"p18_agrario\":\"Agr\\u00e1rio\\\/ruralidades\",\"p18_comunicacao\":\"Comunica\\u00e7\\u00e3o\",\"p18_difusaoartistica\":\"Difus\\u00e3o Art\\u00edstica\",\"p18_desenvolvimentoterritorial\":\"Desenvolvimento territorial\",\"p18_direitoshumanos\":\"Direitos humanos\",\"p18_educacao\":\"Educa\\u00e7\\u00e3o\",\"p18_feminismos\":\"Feminismos\",\"p18_lgbtqi\":\"LGBTQI\",\"p18_lutaantirracismo\":\"Luta antirracismo\",\"p18_mobilidade\":\"Mobilidade\",\"p18_moradia\":\"Moradia\",\"p18_povosecomunidadestradicionais\":\"Povos e comunidades tradicionais\",\"p18_trabalho\":\"Trabalho\",\"p18_religiao\":\"Religi\\u00e3o\",\"p18_saude\":\"Sa\\u00fade\",\"p18_violencia\":\"Viol\\u00eancia\",\"p18_politicasculturais\":\"Pol\\u00edticas Culturais\",\"p19_educacao\":\"Educa\\u00e7\\u00e3o\",\"p19_feminismos\":\"Feminismos\",\"p19_lgbtqi\":\"LGBTQI\",\"p19_saude\":\"Sa\\u00fade\",\"p19_violencia\":\"Viol\\u00eancia\",\"p19_difusaoartistica\":\"Difus\\u00e3o Art\\u00edstica\",\"p20_oficinas\":\"Oficinas\",\"p20_oficinasaulasartisticas\":\"Ensaios\\\/Oficinas\\\/Aulas art\\u00edsticas\",\"p20_formacao\":\"Forma\\u00e7\\u00e3o\",\"p20_apresentacoesartisticas\":\"Apresenta\\u00e7\\u00f5es art\\u00edsticas\",\"p21_repressaopolicial\":\"Repress\\u00e3o policial\",\"p21_intoleranciareligiosa\":\"Fundamentalismo\\\/intoler\\u00e2ncia religiosa\",\"p21_xenofobia\":\"Xenofobia\",\"p21_machismo\":\"Machismo\",\"p21_racismo\":\"Racismo\",\"p21_lgbtqifobia\":\"LGBTIfobia\",\"p22_numerodeparticipantes\":\"1  - 15\",\"p23_oficinasaulasartisticas\":\"Ensaio\\\/Oficinas\\\/Aulas Art\\u00edsticas\",\"p23_apresentacoesartisticas\":\"Apresenta\\u00e7\\u00f5es Art\\u00edsticas\",\"p24_oficinasaulasartisticas\":\"Ensaios\\\/Oficinas\\\/Aulas art\\u00edsticas\",\"p24_outros\":\"Outros\",\"p25_numerodepessoas\":\"200 - 300\",\"p26_numerodepessoas\":\"1 - 20\",\"p27_espacopublico\":\"Espa\\u00e7o p\\u00fablico\",\"p27_espacoproprio\":\"Espa\\u00e7o pr\\u00f3prio\",\"p28_territorios\":\"Cidade\",\"p30_outrasorganizacoes\":\"Sim\",\"p32_campanhadelongaduracao\":\"N\\u00e3o\",\"p34_nenhuma\":\"Nenhuma\",\"p36_conselhosdeparticipacaoecontrolesocial\":\"N\\u00e3o\",\"p38_nenhum\":\"Nenhum\",\"p40_editais\":\"Sim\",\"p41_autofinanciamento\":\"Autofinanciamento\",\"p41_financiamentocoletivo0\":\"Financiamento coletivo\",\"p42_meiodedivulgacaoproprio\":\"Sim\",\"p43_impressoes\":\"Impressos\",\"p43_email\":\"E-mail\",\"p43_facebook\":\"Facebook\",\"p43_whatsapp\":\"WhatsApp\",\"p43_instagram\":\"Instagram\",\"p43_youtube\":\"YouTube\",\"p44_redessociais\":\"Redes sociais (Facebook, YouTube, Instagram etc.)\",\"p44_sitesblogs\":\"Sites ou Blogs\",\"p39_publico\":\"TODOS\",\"p45_bandeira\":\"PREVENIR INFORMAR REALIDADE CONTE\\u00daDO\",\"p46_hashtags\":\"#LUTARSEMPRE #INFORMACAO\"},{\"p1_eixo\":\"Cultura\",\"p9_tipoorganizacao\":\"Coletivo Art\\u00edstico\",\"p12_uf\":\"AP\",\"p13_cidade\":\"MACAP\\u00c1\",\"p16_bairro\":\"Bairro\",\"p17_ano\":\"2018\",\"p16_estado\":\"Estado\",\"p18_agrario\":\"Agr\\u00e1rio\\\/ruralidades\",\"p18_comunicacao\":\"Comunica\\u00e7\\u00e3o\",\"p18_difusaoartistica\":\"Difus\\u00e3o Art\\u00edstica\",\"p18_desenvolvimentoterritorial\":\"Desenvolvimento territorial\",\"p18_direitoshumanos\":\"Direitos humanos\",\"p18_educacao\":\"Educa\\u00e7\\u00e3o\",\"p18_feminismos\":\"Feminismos\",\"p18_lgbtqi\":\"LGBTQI\",\"p18_lutaantirracismo\":\"Luta antirracismo\",\"p18_mobilidade\":\"Mobilidade\",\"p18_moradia\":\"Moradia\",\"p18_povosecomunidadestradicionais\":\"Povos e comunidades tradicionais\",\"p18_trabalho\":\"Trabalho\",\"p18_saude\":\"Sa\\u00fade\",\"p18_violencia\":\"Viol\\u00eancia\",\"p18_politicasculturais\":\"Pol\\u00edticas Culturais\",\"p19_feminismos\":\"Feminismos\",\"p19_lgbtqi\":\"LGBTQI\",\"p19_saude\":\"Sa\\u00fade\",\"p19_violencia\":\"Viol\\u00eancia\",\"p20_reunioes\":\"Reuni\\u00f5es\",\"p20_oficinasaulasartisticas\":\"Ensaios\\\/Oficinas\\\/Aulas art\\u00edsticas\",\"p20_cursos\":\"Cursos\",\"p20_apresentacoesartisticas\":\"Apresenta\\u00e7\\u00f5es art\\u00edsticas\",\"p21_repressaopolicial\":\"Repress\\u00e3o policial\",\"p21_intoleranciareligiosa\":\"Fundamentalismo\\\/intoler\\u00e2ncia religiosa\",\"p21_xenofobia\":\"Xenofobia\",\"p21_machismo\":\"Machismo\",\"p21_racismo\":\"Racismo\",\"p21_lgbtqifobia\":\"LGBTIfobia\",\"p22_numerodeparticipantes\":\"1  - 15\",\"p23_reunioes\":\"Reuni\\u00f5es\",\"p23_atendimento\":\"Atendimento\",\"p23_apresentacoesartisticas\":\"Apresenta\\u00e7\\u00f5es Art\\u00edsticas\",\"p24_reunioes\":\"Reuni\\u00f5es\",\"p24_formacao\":\"Forma\\u00e7\\u00e3o\",\"p24_outros\":\"Outros\",\"p25_numerodepessoas\":\"80 - 100\",\"p26_numerodepessoas\":\"1 - 20\",\"p27_espacopublico\":\"Espa\\u00e7o p\\u00fablico\",\"p27_espacoemprestadocedido\":\"Espa\\u00e7o emprestado\\\/cedido\",\"p28_territorios\":\"Pr\\u00f3prio bairro\",\"p30_outrasorganizacoes\":\"Sim\",\"p32_campanhadelongaduracao\":\"N\\u00e3o\",\"p34_nenhuma\":\"Nenhuma\",\"p36_conselhosdeparticipacaoecontrolesocial\":\"N\\u00e3o\",\"p38_sim\":\"Sim\",\"p38_nenhum\":\"Nenhum\",\"p40_editais\":\"N\\u00e3o\",\"p41_publicoestatal\":\"P\\u00fablico-Estatal\",\"p41_autofinanciamento\":\"Autofinanciamento\",\"p41_financiamentocoletivo0\":\"Financiamento coletivo\",\"p42_meiodedivulgacaoproprio\":\"Sim\",\"p43_email\":\"E-mail\",\"p43_facebook\":\"Facebook\",\"p44_redessociais\":\"Redes sociais (Facebook, YouTube, Instagram etc.)\",\"p44_sitesblogs\":\"Sites ou Blogs\",\"p39_publico\":\"TODOS JOVENS ADULTOS\",\"p45_bandeira\":\"CONTRA-OPRESS\\u00c3O HIPHOP\",\"p46_hashtags\":\"#HIPHOPAMAPA #BBZ #BATALHARAIZ\"},{\"p1_eixo\":\"Trabalho\",\"p9_tipoorganizacao\":\"Cooperativa\",\"p12_uf\":\"SP\",\"p13_cidade\":\"SOROCABA\",\"p16_cidade\":\"Cidade\",\"p17_ano\":\"2012\",\"p16_estado\":\"Estado\",\"p18_agrario\":\"Agr\\u00e1rio\\\/ruralidades\",\"p18_comunicacao\":\"Comunica\\u00e7\\u00e3o\",\"p18_desenvolvimentoterritorial\":\"Desenvolvimento territorial\",\"p18_direitoshumanos\":\"Direitos humanos\",\"p18_educacao\":\"Educa\\u00e7\\u00e3o\",\"p18_feminismos\":\"Feminismos\",\"p18_lgbtqi\":\"LGBTQI\",\"p18_lutaantirracismo\":\"Luta antirracismo\",\"p18_trabalho\":\"Trabalho\",\"p18_saude\":\"Sa\\u00fade\",\"p18_violencia\":\"Viol\\u00eancia\",\"p18_politicasculturais\":\"Pol\\u00edticas Culturais\",\"p19_agrario\":\"Agr\\u00e1rio\\\/ruralidades\",\"p19_educacao\":\"Educa\\u00e7\\u00e3o\",\"p19_feminismos\":\"Feminismos\",\"p19_lgbtqi\":\"LGBTQI\",\"p19_saude\":\"Sa\\u00fade\",\"p20_reunioes\":\"Reuni\\u00f5es\",\"p20_oficinasaulasartisticas\":\"Ensaios\\\/Oficinas\\\/Aulas art\\u00edsticas\",\"p20_cursos\":\"Cursos\",\"p20_formacao\":\"Forma\\u00e7\\u00e3o\",\"p20_profissionalizacao\":\"Profissionaliza\\u00e7\\u00e3o\",\"p21_repressaopolicial\":\"Repress\\u00e3o policial\",\"p21_machismo\":\"Machismo\",\"p21_racismo\":\"Racismo\",\"p21_lgbtqifobia\":\"LGBTIfobia\",\"p21_nenhum\":\"Nenhum\",\"p22_numerodeparticipantes\":\"30 - 45\",\"p23_reunioes\":\"Reuni\\u00f5es\",\"p23_atendimento\":\"Atendimento\",\"p23_profissionalizacao\":\"Profissionaliza\\u00e7\\u00e3o\",\"p24_reunioes\":\"Reuni\\u00f5es\",\"p24_formacao\":\"Forma\\u00e7\\u00e3o\",\"p25_numerodepessoas\":\"40 - 60\",\"p26_numerodepessoas\":\"40 - 60\",\"p27_espacoemprestadocedido\":\"Espa\\u00e7o emprestado\\\/cedido\",\"p28_territorios\":\"Regi\\u00e3o da Cidade\",\"p30_outrasorganizacoes\":\"Sim\",\"p32_campanhadelongaduracao\":\"N\\u00e3o\",\"p34_municipal\":\"Municipal\",\"p34_nenhuma\":\"Nenhuma\",\"p36_conselhosdeparticipacaoecontrolesocial\":\"N\\u00e3o\",\"p38_sim\":\"Sim\",\"p38_nenhum\":\"Nenhum\",\"p40_editais\":\"Sim\",\"p41_publicoestatal\":\"P\\u00fablico-Estatal\",\"p41_autofinanciamento\":\"Autofinanciamento\",\"p41_financiamentocoletivo0\":\"Financiamento coletivo\",\"p42_meiodedivulgacaoproprio\":\"Sim\",\"p43_email\":\"E-mail\",\"p43_facebook\":\"Facebook\",\"p44_redessociais\":\"Redes sociais (Facebook, YouTube, Instagram etc.)\",\"p44_sitesblogs\":\"Sites ou Blogs\",\"p44_nenhum\":\"Nenhum\",\"p39_publico\":\"JOVENS MULHERES REFORMA-AGR\\u00c1RIA\",\"p45_bandeira\":\"ORGANIZA\\u00c7\\u00c3O PRODU\\u00c7\\u00c3O FORMA\\u00c7\\u00c3O CAMPO\",\"p46_hashtags\":\"#REFORMAAGRARIA #LULALIVRE #RESPEITOASDIFERENCAS\"},{\"p1_eixo\":\"Trabalho\",\"p9_tipoorganizacao\":\"Coletivo\",\"p12_uf\":\"SP\",\"p13_cidade\":\"S\\u00c3O PAULO\",\"p16_cidade\":\"Cidade\",\"p17_ano\":\"2016\",\"p16_estado\":\"Estado\",\"p18_agrario\":\"Agr\\u00e1rio\\\/ruralidades\",\"p18_comunicacao\":\"Comunica\\u00e7\\u00e3o\",\"p18_difusaoartistica\":\"Difus\\u00e3o Art\\u00edstica\",\"p18_desenvolvimentoterritorial\":\"Desenvolvimento territorial\",\"p18_direitoshumanos\":\"Direitos humanos\",\"p18_educacao\":\"Educa\\u00e7\\u00e3o\",\"p18_feminismos\":\"Feminismos\",\"p18_lgbtqi\":\"LGBTQI\",\"p18_lutaantirracismo\":\"Luta antirracismo\",\"p18_mobilidade\":\"Mobilidade\",\"p18_moradia\":\"Moradia\",\"p18_povosecomunidadestradicionais\":\"Povos e comunidades tradicionais\",\"p18_trabalho\":\"Trabalho\",\"p18_religiao\":\"Religi\\u00e3o\",\"p18_saude\":\"Sa\\u00fade\",\"p18_violencia\":\"Viol\\u00eancia\",\"p18_politicasculturais\":\"Pol\\u00edticas Culturais\",\"p19_agrario\":\"Agr\\u00e1rio\\\/ruralidades\",\"p19_educacao\":\"Educa\\u00e7\\u00e3o\",\"p19_moradia\":\"Moradia\",\"p19_politicasculturais\":\"Pol\\u00edticas Culturais\",\"p20_oficinas\":\"Oficinas\",\"p20_oficinasaulasartisticas\":\"Ensaios\\\/Oficinas\\\/Aulas art\\u00edsticas\",\"p20_cursos\":\"Cursos\",\"p20_formacao\":\"Forma\\u00e7\\u00e3o\",\"p20_profissionalizacao\":\"Profissionaliza\\u00e7\\u00e3o\",\"p21_nenhum\":\"Nenhum\",\"p22_numerodeparticipantes\":\"1  - 15\",\"p23_formacao\":\"Forma\\u00e7\\u00e3o\",\"p23_profissionalizacao\":\"Profissionaliza\\u00e7\\u00e3o\",\"p24_formacao\":\"Forma\\u00e7\\u00e3o\",\"p24_outros\":\"Outros\",\"p25_numerodepessoas\":\"1 - 20\",\"p26_numerodepessoas\":\"1 - 20\",\"p27_espacoemprestadocedido\":\"Espa\\u00e7o emprestado\\\/cedido\",\"p27_espacoproprio\":\"Espa\\u00e7o pr\\u00f3prio\",\"p28_territorios\":\"Regi\\u00e3o da Cidade\",\"p30_outrasorganizacoes\":\"N\\u00e3o\",\"p32_campanhadelongaduracao\":\"N\\u00e3o\",\"p34_municipal\":\"Municipal\",\"p34_nacional\":\"Nacional\",\"p36_conselhosdeparticipacaoecontrolesocial\":\"N\\u00e3o\",\"p38_nenhum\":\"Nenhum\",\"p40_editais\":\"Sim\",\"p41_publicoestatal\":\"P\\u00fablico-Estatal\",\"p41_privadopf\":\"Privado (P. F\\u00edsica)\",\"p41_privadopj\":\"Privado (P. Jur\\u00eddica)\",\"p41_autofinanciamento\":\"Autofinanciamento\",\"p41_financiamentocoletivo0\":\"Financiamento coletivo\",\"p42_meiodedivulgacaoproprio\":\"Sim\",\"p43_facebook\":\"Facebook\",\"p43_instagram\":\"Instagram\",\"p43_twitter\":\"Twitter\",\"p43_sitesblogs\":\"Blogs\\\/sites\",\"p44_radio\":\"TV\",\"p44_jornaisimpressosdegrandecirculacao\":\"Jornais impressos de grande circula\\u00e7\\u00e3o\",\"p44_jornaisimpressosdebairro\":\"Jornais impressos de bairro\",\"p44_redessociais\":\"Redes sociais (Facebook, YouTube, Instagram etc.)\",\"p44_sitesblogs\":\"Sites ou Blogs\",\"p44_nenhum\":\"Nenhum\",\"p39_publico\":\"PESSOAS MERCADO TRABALHO\",\"p45_bandeira\":\"PRESERVA\\u00c7\\u00c3O AMBIENTAL CONSERVA\\u00c7\\u00c3O MEIO-AMBIENTE\",\"p46_hashtags\":\"#TRABALHO #HORTA #MEIOAMBIENTE\"},{\"p1_eixo\":\"Trabalho\",\"p9_tipoorganizacao\":\"ONG\",\"p12_uf\":\"BA\",\"p13_cidade\":\"SALVADOR\",\"p17_ano\":\"1988\",\"p16_estado\":\"Estado\",\"p18_agrario\":\"Agr\\u00e1rio\\\/ruralidades\",\"p18_comunicacao\":\"Comunica\\u00e7\\u00e3o\",\"p18_difusaoartistica\":\"Difus\\u00e3o Art\\u00edstica\",\"p18_desenvolvimentoterritorial\":\"Desenvolvimento territorial\",\"p18_direitoshumanos\":\"Direitos humanos\",\"p18_educacao\":\"Educa\\u00e7\\u00e3o\",\"p18_feminismos\":\"Feminismos\",\"p18_lgbtqi\":\"LGBTQI\",\"p18_lutaantirracismo\":\"Luta antirracismo\",\"p18_mobilidade\":\"Mobilidade\",\"p18_moradia\":\"Moradia\",\"p18_povosecomunidadestradicionais\":\"Povos e comunidades tradicionais\",\"p18_trabalho\":\"Trabalho\",\"p18_religiao\":\"Religi\\u00e3o\",\"p18_saude\":\"Sa\\u00fade\",\"p18_violencia\":\"Viol\\u00eancia\",\"p18_politicasculturais\":\"Pol\\u00edticas Culturais\",\"p19_direitoshumanos\":\"Direitos humanos\",\"p19_educacao\":\"Educa\\u00e7\\u00e3o\",\"p19_moradia\":\"Moradia\",\"p19_difusaoartistica\":\"Difus\\u00e3o Art\\u00edstica\",\"p19_politicasculturais\":\"Pol\\u00edticas Culturais\",\"p20_oficinas\":\"Oficinas\",\"p20_oficinasaulasartisticas\":\"Ensaios\\\/Oficinas\\\/Aulas art\\u00edsticas\",\"p20_cursos\":\"Cursos\",\"p20_formacao\":\"Forma\\u00e7\\u00e3o\",\"p20_profissionalizacao\":\"Profissionaliza\\u00e7\\u00e3o\",\"p20_apresentacoesartisticas\":\"Apresenta\\u00e7\\u00f5es art\\u00edsticas\",\"p21_repressaopolicial\":\"Repress\\u00e3o policial\",\"p21_intoleranciareligiosa\":\"Fundamentalismo\\\/intoler\\u00e2ncia religiosa\",\"p21_xenofobia\":\"Xenofobia\",\"p21_machismo\":\"Machismo\",\"p21_racismo\":\"Racismo\",\"p21_lgbtqifobia\":\"LGBTIfobia\",\"p21_nenhum\":\"Nenhum\",\"p22_numerodeparticipantes\":\"30 - 45\",\"p23_formacao\":\"Forma\\u00e7\\u00e3o\",\"p23_profissionalizacao\":\"Profissionaliza\\u00e7\\u00e3o\",\"p23_apresentacoesartisticas\":\"Apresenta\\u00e7\\u00f5es Art\\u00edsticas\",\"p24_apresentacoesartisticas\":\"Apresenta\\u00e7\\u00f5es art\\u00edsticas\",\"p24_outros\":\"Outros\",\"p25_numerodepessoas\":\"20 - 40\",\"p26_numerodepessoas\":\"20 - 40\",\"p27_espacopublico\":\"Espa\\u00e7o p\\u00fablico\",\"p27_espacoproprio\":\"Espa\\u00e7o pr\\u00f3prio\",\"p28_territorios\":\"Atua\\u00e7\\u00e3o Nacional\",\"p30_outrasorganizacoes\":\"Sim\",\"p32_campanhadelongaduracao\":\"N\\u00e3o\",\"p34_nacional\":\"Nacional\",\"p34_nenhuma\":\"Nenhuma\",\"p36_conselhosdeparticipacaoecontrolesocial\":\"Sim\",\"p38_nenhum\":\"Nenhum\",\"p40_editais\":\"Sim\",\"p41_publicoestatal\":\"P\\u00fablico-Estatal\",\"p41_privadopf\":\"Privado (P. F\\u00edsica)\",\"p41_privadopj\":\"Privado (P. Jur\\u00eddica)\",\"p41_autofinanciamento\":\"Autofinanciamento\",\"p41_financiamentocoletivo0\":\"Financiamento coletivo\",\"p42_meiodedivulgacaoproprio\":\"Sim\",\"p43_email\":\"E-mail\",\"p43_facebook\":\"Facebook\",\"p43_instagram\":\"Instagram\",\"p43_twitter\":\"Twitter\",\"p43_sitesblogs\":\"Blogs\\\/sites\",\"p44_radio\":\"TV\",\"p44_jornaisimpressosdegrandecirculacao\":\"Jornais impressos de grande circula\\u00e7\\u00e3o\",\"p44_jornaisimpressosdebairro\":\"Jornais impressos de bairro\",\"p44_redessociais\":\"Redes sociais (Facebook, YouTube, Instagram etc.)\",\"p44_sitesblogs\":\"Sites ou Blogs\",\"p39_publico\":\"AQUELES-EXCLU\\u00cdDOS  SOCIAIS ECON\\u00d4MICAS POL\\u00cdTICAS HIST\\u00d3RIA\",\"p45_bandeira\":\"TRABALHO COLETIVO A\\u00c7\\u00d5ES-FOCAIS COMUNIDADES INDIV\\u00cdDUOS GRUPOS INDIV\\u00cdDUOS CONSIGAM EMANCIPA\\u00c7\\u00c3O\",\"p46_hashtags\":\"#SOLIDARIEDADE #TRANSFORMACAO #COMUNIDADE\"},{\"p1_eixo\":\"Cultura\",\"p9_tipoorganizacao\":\"Coletivo\",\"p12_uf\":\"SP\",\"p13_cidade\":\"S\\u00c3O PAULO\",\"p16_cidade\":\"Cidade\",\"p17_ano\":\"2013\",\"p16_estado\":\"Estado\",\"p18_agrario\":\"Agr\\u00e1rio\\\/ruralidades\",\"p18_comunicacao\":\"Comunica\\u00e7\\u00e3o\",\"p18_difusaoartistica\":\"Difus\\u00e3o Art\\u00edstica\",\"p18_desenvolvimentoterritorial\":\"Desenvolvimento territorial\",\"p18_direitoshumanos\":\"Direitos humanos\",\"p18_educacao\":\"Educa\\u00e7\\u00e3o\",\"p18_feminismos\":\"Feminismos\",\"p18_lgbtqi\":\"LGBTQI\",\"p18_lutaantirracismo\":\"Luta antirracismo\",\"p18_mobilidade\":\"Mobilidade\",\"p18_moradia\":\"Moradia\",\"p18_povosecomunidadestradicionais\":\"Povos e comunidades tradicionais\",\"p18_trabalho\":\"Trabalho\",\"p18_religiao\":\"Religi\\u00e3o\",\"p18_saude\":\"Sa\\u00fade\",\"p18_violencia\":\"Viol\\u00eancia\",\"p18_politicasculturais\":\"Pol\\u00edticas Culturais\",\"p19_direitoshumanos\":\"Direitos humanos\",\"p19_educacao\":\"Educa\\u00e7\\u00e3o\",\"p19_lutaantirracismo\":\"Luta antirracismo\",\"p19_difusaoartistica\":\"Difus\\u00e3o Art\\u00edstica\",\"p19_politicasculturais\":\"Pol\\u00edticas Culturais\",\"p20_apresentacoesartisticas\":\"Apresenta\\u00e7\\u00f5es art\\u00edsticas\",\"p21_repressaopolicial\":\"Repress\\u00e3o policial\",\"p21_intoleranciareligiosa\":\"Fundamentalismo\\\/intoler\\u00e2ncia religiosa\",\"p21_xenofobia\":\"Xenofobia\",\"p21_machismo\":\"Machismo\",\"p21_racismo\":\"Racismo\",\"p21_lgbtqifobia\":\"LGBTIfobia\",\"p21_enfrentamentocomgruposprivadosarmados\":\"Enfrentamento com grupos privados armados\",\"p22_numerodeparticipantes\":\"1  - 15\",\"p23_oficinas\":\"Oficinas\",\"p23_apresentacoesartisticas\":\"Apresenta\\u00e7\\u00f5es Art\\u00edsticas\",\"p24_apresentacoesartisticas\":\"Apresenta\\u00e7\\u00f5es art\\u00edsticas\",\"p24_outros\":\"Outros\",\"p25_numerodepessoas\":\"100 - 200\",\"p26_numerodepessoas\":\"100 - 200\",\"p27_espacopublico\":\"Espa\\u00e7o p\\u00fablico\",\"p27_espacoemprestadocedido\":\"Espa\\u00e7o emprestado\\\/cedido\",\"p28_territorios\":\"Cidade\",\"p30_outrasorganizacoes\":\"Sim\",\"p32_campanhadelongaduracao\":\"N\\u00e3o\",\"p34_nenhuma\":\"Nenhuma\",\"p36_conselhosdeparticipacaoecontrolesocial\":\"N\\u00e3o\",\"p38_nenhum\":\"Nenhum\",\"p40_editais\":\"Sim\",\"p41_autofinanciamento\":\"Autofinanciamento\",\"p41_financiamentocoletivo0\":\"Financiamento coletivo\",\"p42_meiodedivulgacaoproprio\":\"Sim\",\"p43_email\":\"E-mail\",\"p43_facebook\":\"Facebook\",\"p43_instagram\":\"Instagram\",\"p44_jornaisimpressosdebairro\":\"Jornais impressos de bairro\",\"p44_redessociais\":\"Redes sociais (Facebook, YouTube, Instagram etc.)\",\"p44_sitesblogs\":\"Sites ou Blogs\",\"p39_publico\":\"JOVENS ESTUDANTES MORADORES RUA\",\"p45_bandeira\":\"INTEGRA\\u00c7\\u00c3O ARTE SOCIAL VALORIZA\\u00c7\\u00c3O ARTE CONTRA-OPRESS\\u00d5ES POVOS PERIF\\u00c9RICOS PRETOS MULHERES\",\"p46_hashtags\":\"#PODERAOPOVO #RESPEITOAOPRETO #RESPEITOAOESTUDANTE\"},{\"p1_eixo\":\"Cultura\",\"p9_tipoorganizacao\":\"Coletivo Art\\u00edstico\",\"p12_uf\":\"SP\",\"p13_cidade\":\"S\\u00c3O PAULO\",\"p16_bairro\":\"Bairro\",\"p16_cidade\":\"Cidade\",\"p17_ano\":\"2015\",\"p18_agrario\":\"Agr\\u00e1rio\\\/ruralidades\",\"p18_comunicacao\":\"Comunica\\u00e7\\u00e3o\",\"p18_difusaoartistica\":\"Difus\\u00e3o Art\\u00edstica\",\"p18_desenvolvimentoterritorial\":\"Desenvolvimento territorial\",\"p18_direitoshumanos\":\"Direitos humanos\",\"p18_educacao\":\"Educa\\u00e7\\u00e3o\",\"p18_feminismos\":\"Feminismos\",\"p18_lgbtqi\":\"LGBTQI\",\"p18_lutaantirracismo\":\"Luta antirracismo\",\"p18_mobilidade\":\"Mobilidade\",\"p18_moradia\":\"Moradia\",\"p18_povosecomunidadestradicionais\":\"Povos e comunidades tradicionais\",\"p18_trabalho\":\"Trabalho\",\"p18_religiao\":\"Religi\\u00e3o\",\"p18_saude\":\"Sa\\u00fade\",\"p18_violencia\":\"Viol\\u00eancia\",\"p18_politicasculturais\":\"Pol\\u00edticas Culturais\",\"p19_direitoshumanos\":\"Direitos humanos\",\"p19_educacao\":\"Educa\\u00e7\\u00e3o\",\"p19_lutaantirracismo\":\"Luta antirracismo\",\"p19_difusaoartistica\":\"Difus\\u00e3o Art\\u00edstica\",\"p19_politicasculturais\":\"Pol\\u00edticas Culturais\",\"p20_oficinas\":\"Oficinas\",\"p20_oficinasaulasartisticas\":\"Ensaios\\\/Oficinas\\\/Aulas art\\u00edsticas\",\"p20_apresentacoesartisticas\":\"Apresenta\\u00e7\\u00f5es art\\u00edsticas\",\"p21_repressaopolicial\":\"Repress\\u00e3o policial\",\"p21_intoleranciareligiosa\":\"Fundamentalismo\\\/intoler\\u00e2ncia religiosa\",\"p21_xenofobia\":\"Xenofobia\",\"p21_machismo\":\"Machismo\",\"p21_racismo\":\"Racismo\",\"p21_lgbtqifobia\":\"LGBTIfobia\",\"p21_enfrentamentocomgruposprivadosarmados\":\"Enfrentamento com grupos privados armados\",\"p21_nenhum\":\"Nenhum\",\"p22_numerodeparticipantes\":\"1  - 15\",\"p23_oficinas\":\"Oficinas\",\"p23_oficinasaulasartisticas\":\"Ensaio\\\/Oficinas\\\/Aulas Art\\u00edsticas\",\"p23_apresentacoesartisticas\":\"Apresenta\\u00e7\\u00f5es Art\\u00edsticas\",\"p24_curso\":\"Curso\",\"p24_outros\":\"Outros\",\"p25_numerodepessoas\":\"80 - 100\",\"p26_numerodepessoas\":\"300 - 400\",\"p27_espacopublico\":\"Espa\\u00e7o p\\u00fablico\",\"p27_espacoemprestadocedido\":\"Espa\\u00e7o emprestado\\\/cedido\",\"p27_espacoproprio\":\"Espa\\u00e7o pr\\u00f3prio\",\"p28_territorios\":\"Regi\\u00e3o da Cidade\",\"p30_outrasorganizacoes\":\"Sim\",\"p32_campanhadelongaduracao\":\"N\\u00e3o\",\"p34_nenhuma\":\"Nenhuma\",\"p36_conselhosdeparticipacaoecontrolesocial\":\"Sim\",\"p38_nenhum\":\"Nenhum\",\"p40_editais\":\"N\\u00e3o\",\"p41_autofinanciamento\":\"Autofinanciamento\",\"p41_financiamentocoletivo0\":\"Financiamento coletivo\",\"p42_meiodedivulgacaoproprio\":\"Sim\",\"p43_email\":\"E-mail\",\"p43_facebook\":\"Facebook\",\"p43_sitesblogs\":\"Blogs\\\/sites\",\"p44_radio\":\"R\\u00e1dio\",\"p44_jornaisimpressosdegrandecirculacao\":\"Jornais impressos de grande circula\\u00e7\\u00e3o\",\"p44_redessociais\":\"Redes sociais (Facebook, YouTube, Instagram etc.)\",\"p39_publico\":\"JOVENS NEGROS\",\"p45_bandeira\":\"POVO PRETO LUTA PERIF\\u00c9RICA RESIST\\u00caNCIA CULTURAL\",\"p46_hashtags\":\"#CONSCIENCIAPERIFERICA #TRAFICODEINFORMACAO #TRAFICODEUNIAO\"},{\"p1_eixo\":\"Cultura\",\"p9_tipoorganizacao\":\"Coletivo Art\\u00edstico\",\"p12_uf\":\"AL\",\"p13_cidade\":\"MACEI\\u00d3\",\"p16_bairro\":\"Bairro\",\"p16_cidade\":\"Cidade\",\"p17_ano\":\"1997\",\"p18_agrario\":\"Agr\\u00e1rio\\\/ruralidades\",\"p18_comunicacao\":\"Comunica\\u00e7\\u00e3o\",\"p18_difusaoartistica\":\"Difus\\u00e3o Art\\u00edstica\",\"p18_desenvolvimentoterritorial\":\"Desenvolvimento territorial\",\"p18_direitoshumanos\":\"Direitos humanos\",\"p18_educacao\":\"Educa\\u00e7\\u00e3o\",\"p18_feminismos\":\"Feminismos\",\"p18_lgbtqi\":\"LGBTQI\",\"p18_lutaantirracismo\":\"Luta antirracismo\",\"p18_mobilidade\":\"Mobilidade\",\"p18_moradia\":\"Moradia\",\"p18_povosecomunidadestradicionais\":\"Povos e comunidades tradicionais\",\"p18_religiao\":\"Religi\\u00e3o\",\"p18_violencia\":\"Viol\\u00eancia\",\"p18_politicasculturais\":\"Pol\\u00edticas Culturais\",\"p19_direitoshumanos\":\"Direitos humanos\",\"p19_educacao\":\"Educa\\u00e7\\u00e3o\",\"p19_lgbtqi\":\"LGBTQI\",\"p19_lutaantirracismo\":\"Luta antirracismo\",\"p19_religiao\":\"Religi\\u00e3o\",\"p19_difusaoartistica\":\"Difus\\u00e3o Art\\u00edstica\",\"p20_reunioes\":\"Reuni\\u00f5es\",\"p20_oficinas\":\"Oficinas\",\"p20_oficinasaulasartisticas\":\"Ensaios\\\/Oficinas\\\/Aulas art\\u00edsticas\",\"p20_apresentacoesartisticas\":\"Apresenta\\u00e7\\u00f5es art\\u00edsticas\",\"p21_repressaopolicial\":\"Repress\\u00e3o policial\",\"p21_intoleranciareligiosa\":\"Fundamentalismo\\\/intoler\\u00e2ncia religiosa\",\"p21_xenofobia\":\"Xenofobia\",\"p21_machismo\":\"Machismo\",\"p21_racismo\":\"Racismo\",\"p21_lgbtqifobia\":\"LGBTIfobia\",\"p21_nenhum\":\"Nenhum\",\"p22_numerodeparticipantes\":\"1  - 15\",\"p23_oficinasaulasartisticas\":\"Ensaio\\\/Oficinas\\\/Aulas Art\\u00edsticas\",\"p23_apresentacoesartisticas\":\"Apresenta\\u00e7\\u00f5es Art\\u00edsticas\",\"p24_reunioes\":\"Reuni\\u00f5es\",\"p24_curso\":\"Curso\",\"p24_outros\":\"Outros\",\"p25_numerodepessoas\":\"40 - 60\",\"p26_numerodepessoas\":\"20 - 40\",\"p27_espacopublico\":\"Espa\\u00e7o p\\u00fablico\",\"p27_espacoproprio\":\"Espa\\u00e7o pr\\u00f3prio\",\"p28_territorios\":\"Pr\\u00f3prio bairro\",\"p30_outrasorganizacoes\":\"N\\u00e3o\",\"p32_campanhadelongaduracao\":\"N\\u00e3o\",\"p34_nenhuma\":\"Nenhuma\",\"p36_conselhosdeparticipacaoecontrolesocial\":\"N\\u00e3o\",\"p38_nenhum\":\"Nenhum\",\"p40_editais\":\"N\\u00e3o\",\"p41_autofinanciamento\":\"Autofinanciamento\",\"p41_financiamentocoletivo0\":\"Financiamento coletivo\",\"p42_meiodedivulgacaoproprio\":\"N\\u00e3o\",\"p43_facebook\":\"Facebook\",\"p43_sitesblogs\":\"Blogs\\\/sites\",\"p43_youtube\":\"YouTube\",\"p44_radio\":\"R\\u00e1dio\",\"p44_jornaisimpressosdegrandecirculacao\":\"Jornais impressos de grande circula\\u00e7\\u00e3o\",\"p44_redessociais\":\"Redes sociais (Facebook, YouTube, Instagram etc.)\",\"p44_sitesblogs\":\"Sites ou Blogs\",\"p39_publico\":\"MEMBROS BAIRRO JACINTINHO\",\"p45_bandeira\":\"DIFUNDIR CULTURA AFRO-BRASILEIRA RESPEITANDO TRADI\\u00c7\\u00d5ES REDUZINDO S PRESENTES\",\"p46_hashtags\":\"#CULTURAFROBRASIL #AFROALAGOAS #AFRONORDESTE\"},{\"p1_eixo\":\"Trabalho\",\"p9_tipoorganizacao\":\"Coletivo Art\\u00edstico\",\"p12_uf\":\"AP\",\"p13_cidade\":\"MACAP\\u00c1\",\"p16_cidade\":\"Cidade\",\"p17_ano\":\"2017\",\"p18_agrario\":\"Agr\\u00e1rio\\\/ruralidades\",\"p18_comunicacao\":\"Comunica\\u00e7\\u00e3o\",\"p18_difusaoartistica\":\"Difus\\u00e3o Art\\u00edstica\",\"p18_desenvolvimentoterritorial\":\"Desenvolvimento territorial\",\"p18_direitoshumanos\":\"Direitos humanos\",\"p18_educacao\":\"Educa\\u00e7\\u00e3o\",\"p18_feminismos\":\"Feminismos\",\"p18_lgbtqi\":\"LGBTQI\",\"p18_lutaantirracismo\":\"Luta antirracismo\",\"p18_mobilidade\":\"Mobilidade\",\"p18_moradia\":\"Moradia\",\"p18_povosecomunidadestradicionais\":\"Povos e comunidades tradicionais\",\"p18_trabalho\":\"Trabalho\",\"p18_religiao\":\"Religi\\u00e3o\",\"p18_saude\":\"Sa\\u00fade\",\"p18_violencia\":\"Viol\\u00eancia\",\"p18_politicasculturais\":\"Pol\\u00edticas Culturais\",\"p19_comunicacao\":\"Comunica\\u00e7\\u00e3o\",\"p19_lgbtqi\":\"LGBTQI\",\"p19_lutaantirracismo\":\"Luta antirracismo\",\"p19_trabalho\":\"Trabalho\",\"p19_religiao\":\"Religi\\u00e3o\",\"p19_politicasculturais\":\"Pol\\u00edticas Culturais\",\"p20_reunioes\":\"Reuni\\u00f5es\",\"p20_apresentacoesartisticas\":\"Apresenta\\u00e7\\u00f5es art\\u00edsticas\",\"p21_repressaopolicial\":\"Repress\\u00e3o policial\",\"p21_intoleranciareligiosa\":\"Fundamentalismo\\\/intoler\\u00e2ncia religiosa\",\"p21_xenofobia\":\"Xenofobia\",\"p21_machismo\":\"Machismo\",\"p21_racismo\":\"Racismo\",\"p21_lgbtqifobia\":\"LGBTIfobia\",\"p21_enfrentamentocomgruposprivadosarmados\":\"Enfrentamento com grupos privados armados\",\"p22_numerodeparticipantes\":\"1  - 15\",\"p23_apresentacoesartisticas\":\"Apresenta\\u00e7\\u00f5es Art\\u00edsticas\",\"p24_reunioes\":\"Reuni\\u00f5es\",\"p24_atendimento\":\"Atendimentos\",\"p24_apresentacoesartisticas\":\"Apresenta\\u00e7\\u00f5es art\\u00edsticas\",\"p24_outros\":\"Outros\",\"p25_numerodepessoas\":\"100 - 200\",\"p26_numerodepessoas\":\"20 - 40\",\"p27_espacopublico\":\"Espa\\u00e7o p\\u00fablico\",\"p28_territorios\":\"Regi\\u00e3o da Cidade\",\"p30_outrasorganizacoes\":\"Sim\",\"p32_campanhadelongaduracao\":\"N\\u00e3o\",\"p34_nenhuma\":\"Nenhuma\",\"p36_conselhosdeparticipacaoecontrolesocial\":\"N\\u00e3o\",\"p38_nenhum\":\"Nenhum\",\"p40_editais\":\"N\\u00e3o\",\"p41_autofinanciamento\":\"Autofinanciamento\",\"p41_financiamentocoletivo0\":\"Financiamento coletivo\",\"p42_meiodedivulgacaoproprio\":\"Sim\",\"p43_facebook\":\"Facebook\",\"p43_instagram\":\"Instagram\",\"p43_youtube\":\"YouTube\",\"p44_redessociais\":\"Redes sociais (Facebook, YouTube, Instagram etc.)\",\"p44_sitesblogs\":\"Sites ou Blogs\",\"p39_publico\":\"JOVENS\",\"p45_bandeira\":\" LGBT  RACIAL CONTRA-XENOFOBIA\",\"p46_hashtags\":\"#SUPERACAO #ORGANIZACAO #EVOLUCAO\"},{\"p1_eixo\":\"Cultura\",\"p9_tipoorganizacao\":\"Coletivo Art\\u00edstico\",\"p12_uf\":\"AP\",\"p13_cidade\":\"SANTANA\",\"p16_cidade\":\"Cidade\",\"p16_nacional\":\"Nacional\",\"p17_ano\":\"2016\",\"p18_agrario\":\"Agr\\u00e1rio\\\/ruralidades\",\"p18_comunicacao\":\"Comunica\\u00e7\\u00e3o\",\"p18_difusaoartistica\":\"Difus\\u00e3o Art\\u00edstica\",\"p18_desenvolvimentoterritorial\":\"Desenvolvimento territorial\",\"p18_direitoshumanos\":\"Direitos humanos\",\"p18_educacao\":\"Educa\\u00e7\\u00e3o\",\"p18_feminismos\":\"Feminismos\",\"p18_lgbtqi\":\"LGBTQI\",\"p18_lutaantirracismo\":\"Luta antirracismo\",\"p18_mobilidade\":\"Mobilidade\",\"p18_moradia\":\"Moradia\",\"p18_povosecomunidadestradicionais\":\"Povos e comunidades tradicionais\",\"p18_trabalho\":\"Trabalho\",\"p18_religiao\":\"Religi\\u00e3o\",\"p18_saude\":\"Sa\\u00fade\",\"p18_violencia\":\"Viol\\u00eancia\",\"p18_politicasculturais\":\"Pol\\u00edticas Culturais\",\"p19_agrario\":\"Agr\\u00e1rio\\\/ruralidades\",\"p19_comunicacao\":\"Comunica\\u00e7\\u00e3o\",\"p19_desenvolvimentoterritorial\":\"Desenvolvimento territorial\",\"p19_povosecomunidadestradicionais\":\"Povos e comunidades tradicionais\",\"p19_trabalho\":\"Trabalho\",\"p19_politicasculturais\":\"Pol\\u00edticas Culturais\",\"p20_reunioes\":\"Reuni\\u00f5es\",\"p20_atendimento\":\"Atendimento\",\"p20_oficinas\":\"Oficinas\",\"p20_oficinasaulasartisticas\":\"Ensaios\\\/Oficinas\\\/Aulas art\\u00edsticas\",\"p20_cursos\":\"Cursos\",\"p20_formacao\":\"Forma\\u00e7\\u00e3o\",\"p20_apresentacoesartisticas\":\"Apresenta\\u00e7\\u00f5es art\\u00edsticas\",\"p21_repressaopolicial\":\"Repress\\u00e3o policial\",\"p21_intoleranciareligiosa\":\"Fundamentalismo\\\/intoler\\u00e2ncia religiosa\",\"p21_xenofobia\":\"Xenofobia\",\"p21_machismo\":\"Machismo\",\"p21_racismo\":\"Racismo\",\"p21_enfrentamentocomgruposprivadosarmados\":\"Enfrentamento com grupos privados armados\",\"p21_nenhum\":\"Nenhum\",\"p22_numerodeparticipantes\":\"1  - 15\",\"p23_cursos\":\"Cursos\",\"p23_formacao\":\"Forma\\u00e7\\u00e3o\",\"p23_apresentacoesartisticas\":\"Apresenta\\u00e7\\u00f5es Art\\u00edsticas\",\"p24_atendimento\":\"Atendimentos\",\"p24_apresentacoesartisticas\":\"Apresenta\\u00e7\\u00f5es art\\u00edsticas\",\"p24_outros\":\"Outros\",\"p25_numerodepessoas\":\"80 - 100\",\"p26_numerodepessoas\":\"40 - 60\",\"p27_espacopublico\":\"Espa\\u00e7o p\\u00fablico\",\"p27_virtual\":\"Virtual\",\"p28_territorios\":\"Cidade\",\"p30_outrasorganizacoes\":\"Sim\",\"p32_campanhadelongaduracao\":\"Sim\",\"p34_nacional\":\"Nacional\",\"p34_nenhuma\":\"Nenhuma\",\"p36_conselhosdeparticipacaoecontrolesocial\":\"N\\u00e3o\",\"p38_nenhum\":\"Nenhum\",\"p40_editais\":\"N\\u00e3o\",\"p41_publicoestatal\":\"P\\u00fablico-Estatal\",\"p41_privadopf\":\"Privado (P. F\\u00edsica)\",\"p41_privadopj\":\"Privado (P. Jur\\u00eddica)\",\"p41_autofinanciamento\":\"Autofinanciamento\",\"p41_financiamentocoletivo0\":\"Financiamento coletivo\",\"p42_meiodedivulgacaoproprio\":\"Sim\",\"p43_facebook\":\"Facebook\",\"p43_instagram\":\"Instagram\",\"p43_twitter\":\"Twitter\",\"p43_youtube\":\"YouTube\",\"p44_radio\":\"TV\",\"p44_jornaisimpressosdegrandecirculacao\":\"Jornais impressos de grande circula\\u00e7\\u00e3o\",\"p44_redessociais\":\"Redes sociais (Facebook, YouTube, Instagram etc.)\",\"p44_sitesblogs\":\"Sites ou Blogs\",\"p39_publico\":\"JUVENTUDE\",\"p45_bandeira\":\"REIVINDICA\\u00c7\\u00d5ES MINORIAS INTERA\\u00c7\\u00c3O MINORIAS EDUCA\\u00c7\\u00c3O FORMA\\u00c7\\u00c3O PESSOAL MC TRABALHO\",\"p46_hashtags\":\"#TODOSIGUAIS #TALENTOETRABALHO #UMAPESSOAMELHOR\"},{\"p1_eixo\":\"Cultura\",\"p9_tipoorganizacao\":\"ONG\",\"p12_uf\":\"PA\",\"p13_cidade\":\"N\\u00c3O SE APLICA\",\"p16_nacional\":\"Nacional\",\"p17_ano\":\"2009\",\"p16_estado\":\"Estado\",\"p18_agrario\":\"Agr\\u00e1rio\\\/ruralidades\",\"p18_comunicacao\":\"Comunica\\u00e7\\u00e3o\",\"p18_difusaoartistica\":\"Difus\\u00e3o Art\\u00edstica\",\"p18_desenvolvimentoterritorial\":\"Desenvolvimento territorial\",\"p18_direitoshumanos\":\"Direitos humanos\",\"p18_educacao\":\"Educa\\u00e7\\u00e3o\",\"p18_feminismos\":\"Feminismos\",\"p18_lgbtqi\":\"LGBTQI\",\"p18_lutaantirracismo\":\"Luta antirracismo\",\"p18_mobilidade\":\"Mobilidade\",\"p18_moradia\":\"Moradia\",\"p18_povosecomunidadestradicionais\":\"Povos e comunidades tradicionais\",\"p18_trabalho\":\"Trabalho\",\"p18_religiao\":\"Religi\\u00e3o\",\"p18_saude\":\"Sa\\u00fade\",\"p18_violencia\":\"Viol\\u00eancia\",\"p18_politicasculturais\":\"Pol\\u00edticas Culturais\",\"p19_agrario\":\"Agr\\u00e1rio\\\/ruralidades\",\"p19_desenvolvimentoterritorial\":\"Desenvolvimento territorial\",\"p19_educacao\":\"Educa\\u00e7\\u00e3o\",\"p19_povosecomunidadestradicionais\":\"Povos e comunidades tradicionais\",\"p19_saude\":\"Sa\\u00fade\",\"p20_reunioes\":\"Reuni\\u00f5es\",\"p20_atendimento\":\"Atendimento\",\"p20_oficinas\":\"Oficinas\",\"p20_oficinasaulasartisticas\":\"Ensaios\\\/Oficinas\\\/Aulas art\\u00edsticas\",\"p20_cursos\":\"Cursos\",\"p20_formacao\":\"Forma\\u00e7\\u00e3o\",\"p20_apresentacoesartisticas\":\"Apresenta\\u00e7\\u00f5es art\\u00edsticas\",\"p21_machismo\":\"Machismo\",\"p21_enfrentamentocomgruposprivadosarmados\":\"Enfrentamento com grupos privados armados\",\"p21_nenhum\":\"Nenhum\",\"p22_numerodeparticipantes\":\"45 - 60\",\"p23_cursos\":\"Cursos\",\"p23_formacao\":\"Forma\\u00e7\\u00e3o\",\"p23_outros\":\"Outros\",\"p24_apresentacoesartisticas\":\"Apresenta\\u00e7\\u00f5es art\\u00edsticas\",\"p24_outros\":\"Outros\",\"p25_numerodepessoas\":\"40 - 60\",\"p26_numerodepessoas\":\"20 - 40\",\"p27_espacopublico\":\"Espa\\u00e7o p\\u00fablico\",\"p27_espacoemprestadocedido\":\"Espa\\u00e7o emprestado\\\/cedido\",\"p27_virtual\":\"Virtual\",\"p28_territorios\":\"Atua\\u00e7\\u00e3o Nacional\",\"p30_outrasorganizacoes\":\"Sim\",\"p32_campanhadelongaduracao\":\"N\\u00e3o\",\"p34_nacional\":\"Nacional\",\"p34_nenhuma\":\"Nenhuma\",\"p36_conselhosdeparticipacaoecontrolesocial\":\"Sim\",\"p38_nenhum\":\"Nenhum\",\"p40_editais\":\"N\\u00e3o\",\"p41_publicoestatal\":\"P\\u00fablico-Estatal\",\"p41_privadopf\":\"Privado (P. F\\u00edsica)\",\"p41_privadopj\":\"Privado (P. Jur\\u00eddica)\",\"p41_autofinanciamento\":\"Autofinanciamento\",\"p41_financiamentocoletivo0\":\"Financiamento coletivo\",\"p42_meiodedivulgacaoproprio\":\"Sim\",\"p43_email\":\"E-mail\",\"p43_facebook\":\"Facebook\",\"p43_instagram\":\"Instagram\",\"p43_twitter\":\"Twitter\",\"p44_radio\":\"TV\",\"p44_jornaisimpressosdegrandecirculacao\":\"Jornais impressos de grande circula\\u00e7\\u00e3o\",\"p44_jornaisimpressosdebairro\":\"Jornais impressos de bairro\",\"p44_redessociais\":\"Redes sociais (Facebook, YouTube, Instagram etc.)\",\"p44_sitesblogs\":\"Sites ou Blogs\",\"p39_publico\":\"JOVENS IND\\u00cdGENAS\",\"p45_bandeira\":\"DEFENDER DIFUNDIR CULTURA IND\\u00cdGENA PROMOVER-BEM-ESTAR SOCIAL JOVENS IND\\u00cdGENAS\",\"p46_hashtags\":\"#LUTAINDIGENA #RESPEITOATERRA #RESPEITOASTRADICOES\"},{\"p1_eixo\":\"Trabalho\",\"p9_tipoorganizacao\":\"Associa\\u00e7\\u00e3o\",\"p12_uf\":\"SP\",\"p13_cidade\":\"S\\u00c3O PAULO\",\"p16_nacional\":\"Nacional\",\"p17_ano\":\"2013\",\"p16_estado\":\"Estado\",\"p18_agrario\":\"Agr\\u00e1rio\\\/ruralidades\",\"p18_comunicacao\":\"Comunica\\u00e7\\u00e3o\",\"p18_difusaoartistica\":\"Difus\\u00e3o Art\\u00edstica\",\"p18_desenvolvimentoterritorial\":\"Desenvolvimento territorial\",\"p18_direitoshumanos\":\"Direitos humanos\",\"p18_educacao\":\"Educa\\u00e7\\u00e3o\",\"p18_feminismos\":\"Feminismos\",\"p18_lgbtqi\":\"LGBTQI\",\"p18_lutaantirracismo\":\"Luta antirracismo\",\"p18_mobilidade\":\"Mobilidade\",\"p18_moradia\":\"Moradia\",\"p18_povosecomunidadestradicionais\":\"Povos e comunidades tradicionais\",\"p18_trabalho\":\"Trabalho\",\"p18_religiao\":\"Religi\\u00e3o\",\"p18_saude\":\"Sa\\u00fade\",\"p18_violencia\":\"Viol\\u00eancia\",\"p18_politicasculturais\":\"Pol\\u00edticas Culturais\",\"p19_desenvolvimentoterritorial\":\"Desenvolvimento territorial\",\"p19_direitoshumanos\":\"Direitos humanos\",\"p19_educacao\":\"Educa\\u00e7\\u00e3o\",\"p19_trabalho\":\"Trabalho\",\"p19_saude\":\"Sa\\u00fade\",\"p20_reunioes\":\"Reuni\\u00f5es\",\"p20_oficinas\":\"Oficinas\",\"p20_visitasexcursoes\":\"Visitas\\\/Excurs\\u00f5es\",\"p21_machismo\":\"Machismo\",\"p21_racismo\":\"Racismo\",\"p21_lgbtqifobia\":\"LGBTIfobia\",\"p21_enfrentamentocomgruposprivadosarmados\":\"Enfrentamento com grupos privados armados\",\"p22_numerodeparticipantes\":\"1  - 15\",\"p23_reunioes\":\"Reuni\\u00f5es\",\"p23_atendimento\":\"Atendimento\",\"p23_outros\":\"Outros\",\"p24_oficinas\":\"Oficinas\",\"p24_outros\":\"Outros\",\"p25_numerodepessoas\":\"100 - 200\",\"p26_numerodepessoas\":\"40 - 60\",\"p27_espacopublico\":\"Espa\\u00e7o p\\u00fablico\",\"p27_espacoemprestadocedido\":\"Espa\\u00e7o emprestado\\\/cedido\",\"p28_territorios\":\"Cidade\",\"p30_outrasorganizacoes\":\"Sim\",\"p32_campanhadelongaduracao\":\"Sim\",\"p34_nenhuma\":\"Nenhuma\",\"p36_conselhosdeparticipacaoecontrolesocial\":\"Sim\",\"p38_nenhum\":\"Nenhum\",\"p40_editais\":\"N\\u00e3o\",\"p41_privadopf\":\"Privado (P. F\\u00edsica)\",\"p41_privadopj\":\"Privado (P. Jur\\u00eddica)\",\"p41_autofinanciamento\":\"Autofinanciamento\",\"p41_financiamentocoletivo0\":\"Financiamento coletivo\",\"p42_meiodedivulgacaoproprio\":\"Sim\",\"p43_email\":\"E-mail\",\"p43_facebook\":\"Facebook\",\"p43_instagram\":\"Instagram\",\"p44_radio\":\"R\\u00e1dio\",\"p44_jornaisimpressosdebairro\":\"Jornais impressos de bairro\",\"p44_redessociais\":\"Redes sociais (Facebook, YouTube, Instagram etc.)\",\"p44_sitesblogs\":\"Sites ou Blogs\",\"p39_publico\":\"JOVEM FACULDADE MORADORES\",\"p45_bandeira\":\"VILA NOVA ESPERAN\\u00c7A COMUNIDADE-SUSTENT\\u00c1VEL ECOL\\u00d3GICA\",\"p46_hashtags\":\"#UNIAO #MAONAMASSA #LUTA\"},{\"p1_eixo\":\"Trabalho\",\"p9_tipoorganizacao\":\"Associa\\u00e7\\u00e3o\",\"p12_uf\":\"PI\",\"p13_cidade\":\"TERESINA\",\"p16_cidade\":\"Cidade\",\"p16_nacional\":\"Nacional\",\"p17_ano\":\"1989\",\"p18_comunicacao\":\"Comunica\\u00e7\\u00e3o\",\"p18_difusaoartistica\":\"Difus\\u00e3o Art\\u00edstica\",\"p18_desenvolvimentoterritorial\":\"Desenvolvimento territorial\",\"p18_direitoshumanos\":\"Direitos humanos\",\"p18_educacao\":\"Educa\\u00e7\\u00e3o\",\"p18_feminismos\":\"Feminismos\",\"p18_lgbtqi\":\"LGBTQI\",\"p18_lutaantirracismo\":\"Luta antirracismo\",\"p18_mobilidade\":\"Mobilidade\",\"p18_moradia\":\"Moradia\",\"p18_povosecomunidadestradicionais\":\"Povos e comunidades tradicionais\",\"p18_trabalho\":\"Trabalho\",\"p18_religiao\":\"Religi\\u00e3o\",\"p18_saude\":\"Sa\\u00fade\",\"p18_violencia\":\"Viol\\u00eancia\",\"p18_politicasculturais\":\"Pol\\u00edticas Culturais\",\"p19_direitoshumanos\":\"Direitos humanos\",\"p19_lutaantirracismo\":\"Luta antirracismo\",\"p19_povosecomunidadestradicionais\":\"Povos e comunidades tradicionais\",\"p19_trabalho\":\"Trabalho\",\"p19_religiao\":\"Religi\\u00e3o\",\"p19_saude\":\"Sa\\u00fade\",\"p20_reunioes\":\"Reuni\\u00f5es\",\"p20_oficinas\":\"Oficinas\",\"p20_oficinasaulasartisticas\":\"Ensaios\\\/Oficinas\\\/Aulas art\\u00edsticas\",\"p20_apresentacoesartisticas\":\"Apresenta\\u00e7\\u00f5es art\\u00edsticas\",\"p20_visitasexcursoes\":\"Visitas\\\/Excurs\\u00f5es\",\"p21_intoleranciareligiosa\":\"Fundamentalismo\\\/intoler\\u00e2ncia religiosa\",\"p21_machismo\":\"Machismo\",\"p21_racismo\":\"Racismo\",\"p21_lgbtqifobia\":\"LGBTIfobia\",\"p22_numerodeparticipantes\":\"1  - 15\",\"p23_reunioes\":\"Reuni\\u00f5es\",\"p23_atendimento\":\"Atendimento\",\"p23_outros\":\"Outros\",\"p24_oficinas\":\"Oficinas\",\"p24_oficinasaulasartisticas\":\"Ensaios\\\/Oficinas\\\/Aulas art\\u00edsticas\",\"p24_apresentacoesartisticas\":\"Apresenta\\u00e7\\u00f5es art\\u00edsticas\",\"p25_numerodepessoas\":\"40 - 60\",\"p26_numerodepessoas\":\"20 - 40\",\"p27_espacopublico\":\"Espa\\u00e7o p\\u00fablico\",\"p27_espacoproprio\":\"Espa\\u00e7o pr\\u00f3prio\",\"p28_territorios\":\"Pr\\u00f3prio bairro\",\"p30_outrasorganizacoes\":\"N\\u00e3o\",\"p32_campanhadelongaduracao\":\"N\\u00e3o\",\"p34_nenhuma\":\"Nenhuma\",\"p36_conselhosdeparticipacaoecontrolesocial\":\"N\\u00e3o\",\"p38_nenhum\":\"Nenhum\",\"p40_editais\":\"N\\u00e3o\",\"p41_privadopf\":\"Privado (P. F\\u00edsica)\",\"p41_autofinanciamento\":\"Autofinanciamento\",\"p41_financiamentocoletivo0\":\"Financiamento coletivo\",\"p42_meiodedivulgacaoproprio\":\"Sim\",\"p43_facebook\":\"Facebook\",\"p43_instagram\":\"Instagram\",\"p44_radio\":\"TV\",\"p44_jornaisimpressosdegrandecirculacao\":\"Jornais impressos de grande circula\\u00e7\\u00e3o\",\"p44_jornaisimpressosdebairro\":\"Jornais impressos de bairro\",\"p44_redessociais\":\"Redes sociais (Facebook, YouTube, Instagram etc.)\",\"p39_publico\":\"PESSOAS RUA\",\"p45_bandeira\":\"DEFENDER PESSOAS-EM-SITUA\\u00c7\\u00c3O-DE-RUA BRASIL\",\"p46_hashtags\":\"#DIREITOSHUMANOS #CIDADANIA\"},{\"p1_eixo\":\"Cultura\",\"p9_tipoorganizacao\":\"ONG\",\"p12_uf\":\"AL\",\"p13_cidade\":\"MACEI\\u00d3\",\"p16_cidade\":\"Cidade\",\"p17_ano\":\"2001\",\"p16_estado\":\"Estado\",\"p18_agrario\":\"Agr\\u00e1rio\\\/ruralidades\",\"p18_comunicacao\":\"Comunica\\u00e7\\u00e3o\",\"p18_difusaoartistica\":\"Difus\\u00e3o Art\\u00edstica\",\"p18_desenvolvimentoterritorial\":\"Desenvolvimento territorial\",\"p18_direitoshumanos\":\"Direitos humanos\",\"p18_educacao\":\"Educa\\u00e7\\u00e3o\",\"p18_feminismos\":\"Feminismos\",\"p18_lgbtqi\":\"LGBTQI\",\"p18_lutaantirracismo\":\"Luta antirracismo\",\"p18_moradia\":\"Moradia\",\"p18_povosecomunidadestradicionais\":\"Povos e comunidades tradicionais\",\"p18_trabalho\":\"Trabalho\",\"p18_religiao\":\"Religi\\u00e3o\",\"p18_saude\":\"Sa\\u00fade\",\"p18_violencia\":\"Viol\\u00eancia\",\"p18_politicasculturais\":\"Pol\\u00edticas Culturais\",\"p19_agrario\":\"Agr\\u00e1rio\\\/ruralidades\",\"p19_lutaantirracismo\":\"Luta antirracismo\",\"p19_povosecomunidadestradicionais\":\"Povos e comunidades tradicionais\",\"p19_religiao\":\"Religi\\u00e3o\",\"p19_violencia\":\"Viol\\u00eancia\",\"p20_reunioes\":\"Reuni\\u00f5es\",\"p20_atendimento\":\"Atendimento\",\"p20_oficinas\":\"Oficinas\",\"p20_oficinasaulasartisticas\":\"Ensaios\\\/Oficinas\\\/Aulas art\\u00edsticas\",\"p20_cursos\":\"Cursos\",\"p20_formacao\":\"Forma\\u00e7\\u00e3o\",\"p20_apresentacoesartisticas\":\"Apresenta\\u00e7\\u00f5es art\\u00edsticas\",\"p21_repressaopolicial\":\"Repress\\u00e3o policial\",\"p21_intoleranciareligiosa\":\"Fundamentalismo\\\/intoler\\u00e2ncia religiosa\",\"p21_machismo\":\"Machismo\",\"p21_racismo\":\"Racismo\",\"p21_enfrentamentocomgruposprivadosarmados\":\"Enfrentamento com grupos privados armados\",\"p22_numerodeparticipantes\":\"1  - 15\",\"p23_atendimento\":\"Atendimento\",\"p23_outros\":\"Outros\",\"p24_reunioes\":\"Reuni\\u00f5es\",\"p24_atendimento\":\"Atendimentos\",\"p24_oficinasaulasartisticas\":\"Ensaios\\\/Oficinas\\\/Aulas art\\u00edsticas\",\"p24_apresentacoesartisticas\":\"Apresenta\\u00e7\\u00f5es art\\u00edsticas\",\"p24_outros\":\"Outros\",\"p25_numerodepessoas\":\"40 - 60\",\"p26_numerodepessoas\":\"100 - 200\",\"p27_espacopublico\":\"Espa\\u00e7o p\\u00fablico\",\"p27_espacoemprestadocedido\":\"Espa\\u00e7o emprestado\\\/cedido\",\"p27_espacoproprio\":\"Espa\\u00e7o pr\\u00f3prio\",\"p27_ocupacao\":\"Ocupa\\u00e7\\u00e3o\",\"p28_territorios\":\"Regi\\u00e3o da Cidade\",\"p30_outrasorganizacoes\":\"N\\u00e3o\",\"p32_campanhadelongaduracao\":\"N\\u00e3o\",\"p34_nacional\":\"Nacional\",\"p34_nenhuma\":\"Nenhuma\",\"p36_conselhosdeparticipacaoecontrolesocial\":\"N\\u00e3o\",\"p38_sim\":\"Sim\",\"p38_nenhum\":\"Nenhum\",\"p40_editais\":\"N\\u00e3o\",\"p41_publicoestatal\":\"P\\u00fablico-Estatal\",\"p41_privadopj\":\"Privado (P. Jur\\u00eddica)\",\"p41_autofinanciamento\":\"Autofinanciamento\",\"p41_financiamentocoletivo0\":\"Financiamento coletivo\",\"p42_meiodedivulgacaoproprio\":\"Sim\",\"p43_impressoes\":\"Impressos\",\"p43_email\":\"E-mail\",\"p43_facebook\":\"Facebook\",\"p43_instagram\":\"Instagram\",\"p43_sitesblogs\":\"Blogs\\\/sites\",\"p44_radio\":\"TV\",\"p44_jornaisimpressosdegrandecirculacao\":\"Jornais impressos de grande circula\\u00e7\\u00e3o\",\"p44_jornaisimpressosdebairro\":\"Jornais impressos de bairro\",\"p44_redessociais\":\"Redes sociais (Facebook, YouTube, Instagram etc.)\",\"p44_sitesblogs\":\"Sites ou Blogs\",\"p39_publico\":\"TODOS\",\"p45_bandeira\":\"PRESERVAR HIST\\u00d3RIA ANTEPASSADOS NEGROS POVO BRASILEIRO POSSUI CULTO RELIGIOSO ARTES\",\"p46_hashtags\":\"#AFROBRASIL #RESISTENCIA #DIREITODEEXERCERAFE\"},{\"p1_eixo\":\"Trabalho\",\"p9_tipoorganizacao\":\"Associa\\u00e7\\u00e3o\",\"p12_uf\":\"BA\",\"p13_cidade\":\"SALVADOR\",\"p16_cidade\":\"Cidade\",\"p17_ano\":\"1982\",\"p16_estado\":\"Estado\",\"p18_agrario\":\"Agr\\u00e1rio\\\/ruralidades\",\"p18_comunicacao\":\"Comunica\\u00e7\\u00e3o\",\"p18_difusaoartistica\":\"Difus\\u00e3o Art\\u00edstica\",\"p18_desenvolvimentoterritorial\":\"Desenvolvimento territorial\",\"p18_direitoshumanos\":\"Direitos humanos\",\"p18_educacao\":\"Educa\\u00e7\\u00e3o\",\"p18_feminismos\":\"Feminismos\",\"p18_lgbtqi\":\"LGBTQI\",\"p18_lutaantirracismo\":\"Luta antirracismo\",\"p18_mobilidade\":\"Mobilidade\",\"p18_povosecomunidadestradicionais\":\"Povos e comunidades tradicionais\",\"p18_trabalho\":\"Trabalho\",\"p18_religiao\":\"Religi\\u00e3o\",\"p18_saude\":\"Sa\\u00fade\",\"p18_violencia\":\"Viol\\u00eancia\",\"p18_politicasculturais\":\"Pol\\u00edticas Culturais\",\"p19_agrario\":\"Agr\\u00e1rio\\\/ruralidades\",\"p19_direitoshumanos\":\"Direitos humanos\",\"p19_lutaantirracismo\":\"Luta antirracismo\",\"p19_povosecomunidadestradicionais\":\"Povos e comunidades tradicionais\",\"p19_violencia\":\"Viol\\u00eancia\",\"p19_politicasculturais\":\"Pol\\u00edticas Culturais\",\"p20_reunioes\":\"Reuni\\u00f5es\",\"p20_atendimento\":\"Atendimento\",\"p20_oficinas\":\"Oficinas\",\"p20_cursos\":\"Cursos\",\"p20_formacao\":\"Forma\\u00e7\\u00e3o\",\"p20_apresentacoesartisticas\":\"Apresenta\\u00e7\\u00f5es art\\u00edsticas\",\"p21_repressaopolicial\":\"Repress\\u00e3o policial\",\"p21_intoleranciareligiosa\":\"Fundamentalismo\\\/intoler\\u00e2ncia religiosa\",\"p21_machismo\":\"Machismo\",\"p21_racismo\":\"Racismo\",\"p21_lgbtqifobia\":\"LGBTIfobia\",\"p21_enfrentamentocomgruposprivadosarmados\":\"Enfrentamento com grupos privados armados\",\"p22_numerodeparticipantes\":\"45 - 60\",\"p23_atendimento\":\"Atendimento\",\"p23_apresentacoesartisticas\":\"Apresenta\\u00e7\\u00f5es Art\\u00edsticas\",\"p24_reunioes\":\"Reuni\\u00f5es\",\"p24_atendimento\":\"Atendimentos\",\"p24_oficinas\":\"Oficinas\",\"p24_outros\":\"Outros\",\"p25_numerodepessoas\":\"20 - 40\",\"p26_numerodepessoas\":\"1 - 20\",\"p27_espacopublico\":\"Espa\\u00e7o p\\u00fablico\",\"p27_espacoemprestadocedido\":\"Espa\\u00e7o emprestado\\\/cedido\",\"p27_espacoproprio\":\"Espa\\u00e7o pr\\u00f3prio\",\"p27_ocupacao\":\"Ocupa\\u00e7\\u00e3o\",\"p28_territorios\":\"Regi\\u00e3o da Cidade\",\"p30_outrasorganizacoes\":\"Sim\",\"p32_campanhadelongaduracao\":\"Sim\",\"p34_nacional\":\"Nacional\",\"p34_nenhuma\":\"Nenhuma\",\"p36_conselhosdeparticipacaoecontrolesocial\":\"Sim\",\"p38_sim\":\"Sim\",\"p40_editais\":\"Sim\",\"p41_publicoestatal\":\"P\\u00fablico-Estatal\",\"p41_privadopj\":\"Privado (P. Jur\\u00eddica)\",\"p41_autofinanciamento\":\"Autofinanciamento\",\"p42_meiodedivulgacaoproprio\":\"Sim\",\"p43_impressoes\":\"Impressos\",\"p43_email\":\"E-mail\",\"p43_facebook\":\"Facebook\",\"p43_whatsapp\":\"WhatsApp\",\"p43_sitesblogs\":\"Blogs\\\/sites\",\"p44_radio\":\"TV\",\"p44_jornaisimpressosdegrandecirculacao\":\"Jornais impressos de grande circula\\u00e7\\u00e3o\",\"p44_jornaisimpressosdebairro\":\"Jornais impressos de bairro\",\"p44_redessociais\":\"Redes sociais (Facebook, YouTube, Instagram etc.)\",\"p44_sitesblogs\":\"Sites ou Blogs\",\"p39_publico\":\"COMUNIDADES VULNERABILIDADE CONFLITOS-FUNDI\\u00c1RIOS\",\"p45_bandeira\":\"DEFESA REFORMA AGR\\u00c1RIA AMPLA MASSIVA TRANSFORME REALIDADE DIGNIDADE EDUCA\\u00c7\\u00c3O POL\\u00cdTICAS P\\u00daBLICAS CONTRIBUI\\u00c7\\u00c3O PAIS VIDA DIGNIDADE CAMPO\",\"p46_hashtags\":\"#BRASILSEMLATIFUNDIO #REFORMAAGRARIAJA #PELADEMARCACAODASTERRAS\"},{\"p1_eixo\":\"Cultura\",\"p9_tipoorganizacao\":\"Coletivo Art\\u00edstico\",\"p12_uf\":\"BA\",\"p13_cidade\":\"SALVADOR\",\"p16_cidade\":\"Cidade\",\"p17_ano\":\"2015\",\"p16_estado\":\"Estado\",\"p18_agrario\":\"Agr\\u00e1rio\\\/ruralidades\",\"p18_comunicacao\":\"Comunica\\u00e7\\u00e3o\",\"p18_difusaoartistica\":\"Difus\\u00e3o Art\\u00edstica\",\"p18_desenvolvimentoterritorial\":\"Desenvolvimento territorial\",\"p18_direitoshumanos\":\"Direitos humanos\",\"p18_educacao\":\"Educa\\u00e7\\u00e3o\",\"p18_feminismos\":\"Feminismos\",\"p18_lgbtqi\":\"LGBTQI\",\"p18_lutaantirracismo\":\"Luta antirracismo\",\"p18_mobilidade\":\"Mobilidade\",\"p18_povosecomunidadestradicionais\":\"Povos e comunidades tradicionais\",\"p18_trabalho\":\"Trabalho\",\"p18_religiao\":\"Religi\\u00e3o\",\"p18_saude\":\"Sa\\u00fade\",\"p18_violencia\":\"Viol\\u00eancia\",\"p18_politicasculturais\":\"Pol\\u00edticas Culturais\",\"p19_agrario\":\"Agr\\u00e1rio\\\/ruralidades\",\"p19_direitoshumanos\":\"Direitos humanos\",\"p19_lutaantirracismo\":\"Luta antirracismo\",\"p19_trabalho\":\"Trabalho\",\"p19_saude\":\"Sa\\u00fade\",\"p19_politicasculturais\":\"Pol\\u00edticas Culturais\",\"p20_reunioes\":\"Reuni\\u00f5es\",\"p20_oficinas\":\"Oficinas\",\"p20_apresentacoesartisticas\":\"Apresenta\\u00e7\\u00f5es art\\u00edsticas\",\"p21_repressaopolicial\":\"Repress\\u00e3o policial\",\"p21_intoleranciareligiosa\":\"Fundamentalismo\\\/intoler\\u00e2ncia religiosa\",\"p21_machismo\":\"Machismo\",\"p21_lgbtqifobia\":\"LGBTIfobia\",\"p21_nenhum\":\"Nenhum\",\"p22_numerodeparticipantes\":\"1  - 15\",\"p23_atendimento\":\"Atendimento\",\"p23_apresentacoesartisticas\":\"Apresenta\\u00e7\\u00f5es Art\\u00edsticas\",\"p23_outros\":\"Outros\",\"p24_reunioes\":\"Reuni\\u00f5es\",\"p24_atendimento\":\"Atendimentos\",\"p24_oficinas\":\"Oficinas\",\"p24_outros\":\"Outros\",\"p25_numerodepessoas\":\"60 - 80\",\"p26_numerodepessoas\":\"40 - 60\",\"p27_espacopublico\":\"Espa\\u00e7o p\\u00fablico\",\"p27_espacoemprestadocedido\":\"Espa\\u00e7o emprestado\\\/cedido\",\"p27_ocupacao\":\"Ocupa\\u00e7\\u00e3o\",\"p28_territorios\":\"Regi\\u00e3o da Cidade\",\"p30_outrasorganizacoes\":\"Sim\",\"p32_campanhadelongaduracao\":\"N\\u00e3o\",\"p34_nenhuma\":\"Nenhuma\",\"p36_conselhosdeparticipacaoecontrolesocial\":\"N\\u00e3o\",\"p38_sim\":\"Sim\",\"p40_editais\":\"N\\u00e3o\",\"p41_privadopj\":\"Privado (P. Jur\\u00eddica)\",\"p41_autofinanciamento\":\"Autofinanciamento\",\"p42_meiodedivulgacaoproprio\":\"Sim\",\"p43_email\":\"E-mail\",\"p43_facebook\":\"Facebook\",\"p43_whatsapp\":\"WhatsApp\",\"p43_twitter\":\"Twitter\",\"p44_radio\":\"TV\",\"p44_jornaisimpressosdebairro\":\"Jornais impressos de bairro\",\"p44_redessociais\":\"Redes sociais (Facebook, YouTube, Instagram etc.)\",\"p44_sitesblogs\":\"Sites ou Blogs\",\"p44_nenhum\":\"Nenhum\",\"p39_publico\":\"COMUNIDADE\",\"p45_bandeira\":\" RACIAL\",\"p46_hashtags\":\"#VIDASNEGRASIMPORTAM #ARTEEDUCACAO #DIREITOSHUMANOS\"},{\"p1_eixo\":\"Trabalho\",\"p9_tipoorganizacao\":\"Instituto\",\"p12_uf\":\"SP\",\"p13_cidade\":\"SOROCABA\",\"p16_nacional\":\"Nacional\",\"p17_ano\":\"2012\",\"p16_estado\":\"Estado\",\"p18_agrario\":\"Agr\\u00e1rio\\\/ruralidades\",\"p18_comunicacao\":\"Comunica\\u00e7\\u00e3o\",\"p18_difusaoartistica\":\"Difus\\u00e3o Art\\u00edstica\",\"p18_desenvolvimentoterritorial\":\"Desenvolvimento territorial\",\"p18_direitoshumanos\":\"Direitos humanos\",\"p18_educacao\":\"Educa\\u00e7\\u00e3o\",\"p18_feminismos\":\"Feminismos\",\"p18_lgbtqi\":\"LGBTQI\",\"p18_lutaantirracismo\":\"Luta antirracismo\",\"p18_mobilidade\":\"Mobilidade\",\"p18_moradia\":\"Moradia\",\"p18_povosecomunidadestradicionais\":\"Povos e comunidades tradicionais\",\"p18_trabalho\":\"Trabalho\",\"p18_saude\":\"Sa\\u00fade\",\"p18_violencia\":\"Viol\\u00eancia\",\"p18_politicasculturais\":\"Pol\\u00edticas Culturais\",\"p19_agrario\":\"Agr\\u00e1rio\\\/ruralidades\",\"p19_direitoshumanos\":\"Direitos humanos\",\"p19_lutaantirracismo\":\"Luta antirracismo\",\"p19_trabalho\":\"Trabalho\",\"p19_saude\":\"Sa\\u00fade\",\"p19_violencia\":\"Viol\\u00eancia\",\"p20_apresentacoesartisticas\":\"Apresenta\\u00e7\\u00f5es art\\u00edsticas\",\"p20_visitasexcursoes\":\"Visitas\\\/Excurs\\u00f5es\",\"p21_nenhum\":\"Nenhum\",\"p22_numerodeparticipantes\":\"1  - 15\",\"p23_atendimento\":\"Atendimento\",\"p23_apresentacoesartisticas\":\"Apresenta\\u00e7\\u00f5es Art\\u00edsticas\",\"p23_outros\":\"Outros\",\"p24_atendimento\":\"Atendimentos\",\"p24_apresentacoesartisticas\":\"Apresenta\\u00e7\\u00f5es art\\u00edsticas\",\"p24_visitasexcursoes\":\"Visitas\\\/Excurs\\u00f5es\",\"p24_outros\":\"Outros\",\"p25_numerodepessoas\":\"40 - 60\",\"p26_numerodepessoas\":\"20 - 40\",\"p27_espacopublico\":\"Espa\\u00e7o p\\u00fablico\",\"p27_espacoemprestadocedido\":\"Espa\\u00e7o emprestado\\\/cedido\",\"p28_territorios\":\"Regi\\u00e3o da Cidade\",\"p30_outrasorganizacoes\":\"Sim\",\"p32_campanhadelongaduracao\":\"N\\u00e3o\",\"p34_nenhuma\":\"Nenhuma\",\"p36_conselhosdeparticipacaoecontrolesocial\":\"Sim\",\"p38_sim\":\"Sim\",\"p38_nenhum\":\"Nenhum\",\"p40_editais\":\"Sim\",\"p41_publicoestatal\":\"P\\u00fablico-Estatal\",\"p41_autofinanciamento\":\"Autofinanciamento\",\"p42_meiodedivulgacaoproprio\":\"Sim\",\"p43_email\":\"E-mail\",\"p43_facebook\":\"Facebook\",\"p43_twitter\":\"Twitter\",\"p43_sitesblogs\":\"Blogs\\\/sites\",\"p44_radio\":\"TV\",\"p44_jornaisimpressosdegrandecirculacao\":\"Jornais impressos de grande circula\\u00e7\\u00e3o\",\"p44_jornaisimpressosdebairro\":\"Jornais impressos de bairro\",\"p44_redessociais\":\"Redes sociais (Facebook, YouTube, Instagram etc.)\",\"p44_sitesblogs\":\"Sites ou Blogs\",\"p44_nenhum\":\"Nenhum\",\"p39_publico\":\"AGRICULTORES\",\"p45_bandeira\":\"AGROECOLOGIA ECONOMIA-SOLID\\u00c1RIA SEGURAN\\u00c7A ALIMENTAR\",\"p46_hashtags\":\"#ECONOMIASOLIDARIA #AGROECOLOGIA #SEGURANCAALIMENTAR\"},{\"p1_eixo\":\"Cultura\",\"p9_tipoorganizacao\":\"Coletivo Art\\u00edstico\",\"p12_uf\":\"SP\",\"p13_cidade\":\"S\\u00c3O PAULO\",\"p16_nacional\":\"Nacional\",\"p17_ano\":\"2001\",\"p18_agrario\":\"Agr\\u00e1rio\\\/ruralidades\",\"p18_comunicacao\":\"Comunica\\u00e7\\u00e3o\",\"p18_difusaoartistica\":\"Difus\\u00e3o Art\\u00edstica\",\"p18_desenvolvimentoterritorial\":\"Desenvolvimento territorial\",\"p18_direitoshumanos\":\"Direitos humanos\",\"p18_educacao\":\"Educa\\u00e7\\u00e3o\",\"p18_feminismos\":\"Feminismos\",\"p18_lgbtqi\":\"LGBTQI\",\"p18_lutaantirracismo\":\"Luta antirracismo\",\"p18_mobilidade\":\"Mobilidade\",\"p18_moradia\":\"Moradia\",\"p18_povosecomunidadestradicionais\":\"Povos e comunidades tradicionais\",\"p18_trabalho\":\"Trabalho\",\"p18_violencia\":\"Viol\\u00eancia\",\"p18_politicasculturais\":\"Pol\\u00edticas Culturais\",\"p19_agrario\":\"Agr\\u00e1rio\\\/ruralidades\",\"p19_desenvolvimentoterritorial\":\"Desenvolvimento territorial\",\"p19_direitoshumanos\":\"Direitos humanos\",\"p19_lutaantirracismo\":\"Luta antirracismo\",\"p19_trabalho\":\"Trabalho\",\"p19_violencia\":\"Viol\\u00eancia\",\"p20_reunioes\":\"Reuni\\u00f5es\",\"p20_atendimento\":\"Atendimento\",\"p20_formacao\":\"Forma\\u00e7\\u00e3o\",\"p20_apresentacoesartisticas\":\"Apresenta\\u00e7\\u00f5es art\\u00edsticas\",\"p20_visitasexcursoes\":\"Visitas\\\/Excurs\\u00f5es\",\"p21_enfrentamentocomgruposprivadosarmados\":\"Enfrentamento com grupos privados armados\",\"p21_nenhum\":\"Nenhum\",\"p22_numerodeparticipantes\":\"15 - 30\",\"p23_atendimento\":\"Atendimento\",\"p23_oficinas\":\"Oficinas\",\"p23_formacao\":\"Forma\\u00e7\\u00e3o\",\"p23_profissionalizacao\":\"Profissionaliza\\u00e7\\u00e3o\",\"p23_apresentacoesartisticas\":\"Apresenta\\u00e7\\u00f5es Art\\u00edsticas\",\"p23_visitas\":\"Visitas\",\"p24_oficinas\":\"Oficinas\",\"p24_oficinasaulasartisticas\":\"Ensaios\\\/Oficinas\\\/Aulas art\\u00edsticas\",\"p24_apresentacoesartisticas\":\"Apresenta\\u00e7\\u00f5es art\\u00edsticas\",\"p24_visitasexcursoes\":\"Visitas\\\/Excurs\\u00f5es\",\"p24_outros\":\"Outros\",\"p25_numerodepessoas\":\"300 - 400\",\"p26_numerodepessoas\":\"Mais de 500\",\"p27_espacopublico\":\"Espa\\u00e7o p\\u00fablico\",\"p27_espacoemprestadocedido\":\"Espa\\u00e7o emprestado\\\/cedido\",\"p27_espacoproprio\":\"Espa\\u00e7o pr\\u00f3prio\",\"p28_territorios\":\"Cidade\",\"p30_outrasorganizacoes\":\"Sim\",\"p32_campanhadelongaduracao\":\"Sim\",\"p34_municipal\":\"Municipal\",\"p34_estadual\":\"Estadual\",\"p34_nacional\":\"Nacional\",\"p34_nenhuma\":\"Nenhuma\",\"p36_conselhosdeparticipacaoecontrolesocial\":\"N\\u00e3o\",\"p38_nenhum\":\"Nenhum\",\"p40_editais\":\"Sim\",\"p41_publicoestatal\":\"P\\u00fablico-Estatal\",\"p42_meiodedivulgacaoproprio\":\"Sim\",\"p43_impressoes\":\"Impressos\",\"p43_email\":\"E-mail\",\"p43_facebook\":\"Facebook\",\"p43_instagram\":\"Instagram\",\"p43_twitter\":\"Twitter\",\"p43_sitesblogs\":\"Blogs\\\/sites\",\"p43_youtube\":\"YouTube\",\"p44_radio\":\"TV\",\"p44_jornaisimpressosdegrandecirculacao\":\"Jornais impressos de grande circula\\u00e7\\u00e3o\",\"p44_jornaisimpressosdebairro\":\"Jornais impressos de bairro\",\"p44_redessociais\":\"Redes sociais (Facebook, YouTube, Instagram etc.)\",\"p44_sitesblogs\":\"Sites ou Blogs\",\"p39_publico\":\"ALUNOS PROFESSORES COMUNIDADE\",\"p45_bandeira\":\" SOCIAL LEITURA RACISMO\",\"p46_hashtags\":\"#QUEMLEENXERGAMELHOR #POESIACONTRAAVIOLENCIAS\"},{\"p1_eixo\":\"Trabalho\",\"p9_tipoorganizacao\":\"Associa\\u00e7\\u00e3o\",\"p12_uf\":\"RO\",\"p13_cidade\":\"PORTO VELHO\",\"p16_bairro\":\"Bairro\",\"p16_nacional\":\"Nacional\",\"p17_ano\":\"1999\",\"p18_agrario\":\"Agr\\u00e1rio\\\/ruralidades\",\"p18_comunicacao\":\"Comunica\\u00e7\\u00e3o\",\"p18_desenvolvimentoterritorial\":\"Desenvolvimento territorial\",\"p18_direitoshumanos\":\"Direitos humanos\",\"p18_educacao\":\"Educa\\u00e7\\u00e3o\",\"p18_feminismos\":\"Feminismos\",\"p18_lgbtqi\":\"LGBTQI\",\"p18_lutaantirracismo\":\"Luta antirracismo\",\"p18_mobilidade\":\"Mobilidade\",\"p18_moradia\":\"Moradia\",\"p18_povosecomunidadestradicionais\":\"Povos e comunidades tradicionais\",\"p18_trabalho\":\"Trabalho\",\"p18_saude\":\"Sa\\u00fade\",\"p18_violencia\":\"Viol\\u00eancia\",\"p18_politicasculturais\":\"Pol\\u00edticas Culturais\",\"p19_agrario\":\"Agr\\u00e1rio\\\/ruralidades\",\"p19_comunicacao\":\"Comunica\\u00e7\\u00e3o\",\"p19_desenvolvimentoterritorial\":\"Desenvolvimento territorial\",\"p19_direitoshumanos\":\"Direitos humanos\",\"p19_trabalho\":\"Trabalho\",\"p20_reunioes\":\"Reuni\\u00f5es\",\"p20_atendimento\":\"Atendimento\",\"p20_oficinasaulasartisticas\":\"Ensaios\\\/Oficinas\\\/Aulas art\\u00edsticas\",\"p20_formacao\":\"Forma\\u00e7\\u00e3o\",\"p20_visitasexcursoes\":\"Visitas\\\/Excurs\\u00f5es\",\"p21_repressaopolicial\":\"Repress\\u00e3o policial\",\"p21_enfrentamentocomgruposprivadosarmados\":\"Enfrentamento com grupos privados armados\",\"p22_numerodeparticipantes\":\"60 - 75\",\"p23_atendimento\":\"Atendimento\",\"p23_oficinas\":\"Oficinas\",\"p23_formacao\":\"Forma\\u00e7\\u00e3o\",\"p23_profissionalizacao\":\"Profissionaliza\\u00e7\\u00e3o\",\"p23_apresentacoesartisticas\":\"Apresenta\\u00e7\\u00f5es Art\\u00edsticas\",\"p23_visitas\":\"Visitas\",\"p24_oficinas\":\"Oficinas\",\"p24_oficinasaulasartisticas\":\"Ensaios\\\/Oficinas\\\/Aulas art\\u00edsticas\",\"p24_apresentacoesartisticas\":\"Apresenta\\u00e7\\u00f5es art\\u00edsticas\",\"p24_outros\":\"Outros\",\"p25_numerodepessoas\":\"Mais de 500\",\"p26_numerodepessoas\":\"Mais de 500\",\"p27_espacopublico\":\"Espa\\u00e7o p\\u00fablico\",\"p27_espacoproprio\":\"Espa\\u00e7o pr\\u00f3prio\",\"p27_ocupacao\":\"Ocupa\\u00e7\\u00e3o\",\"p28_territorios\":\"Estado\",\"p30_outrasorganizacoes\":\"N\\u00e3o\",\"p32_campanhadelongaduracao\":\"Sim\",\"p34_municipal\":\"Municipal\",\"p34_estadual\":\"Estadual\",\"p34_nacional\":\"Nacional\",\"p34_nenhuma\":\"Nenhuma\",\"p36_conselhosdeparticipacaoecontrolesocial\":\"Sim\",\"p38_nenhum\":\"Nenhum\",\"p40_editais\":\"Sim\",\"p41_publicoestatal\":\"P\\u00fablico-Estatal\",\"p41_autofinanciamento\":\"Autofinanciamento\",\"p41_financiamentocoletivo0\":\"Financiamento coletivo\",\"p42_meiodedivulgacaoproprio\":\"Sim\",\"p43_impressoes\":\"Impressos\",\"p43_email\":\"E-mail\",\"p43_facebook\":\"Facebook\",\"p43_instagram\":\"Instagram\",\"p43_twitter\":\"Twitter\",\"p43_sitesblogs\":\"Blogs\\\/sites\",\"p43_youtube\":\"YouTube\",\"p44_radio\":\"TV\",\"p44_jornaisimpressosdegrandecirculacao\":\"Jornais impressos de grande circula\\u00e7\\u00e3o\",\"p44_jornaisimpressosdebairro\":\"Jornais impressos de bairro\",\"p44_redessociais\":\"Redes sociais (Facebook, YouTube, Instagram etc.)\",\"p44_sitesblogs\":\"Sites ou Blogs\",\"p44_nenhum\":\"Nenhum\",\"p39_publico\":\"AGRICULTOR FAMILIAR\",\"p45_bandeira\":\"DESENVOLVIMENTO AGRICULTURA FAMILIAR CONSERVA\\u00c7\\u00c3O AMAZ\\u00d4NIA\",\"p46_hashtags\":\"#CONSERVACAODAAMAZONIA #DESENVOLVIMENTODAAGRICULTURANAAMAZONIA #EMPODERAMENTOSOCIAL\"},{\"p1_eixo\":\"Cultura\",\"p9_tipoorganizacao\":\"Coletivo Art\\u00edstico\",\"p12_uf\":\"AP\",\"p13_cidade\":\"SANTANA\",\"p16_bairro\":\"Bairro\",\"p17_ano\":\"2017\",\"p18_comunicacao\":\"Comunica\\u00e7\\u00e3o\",\"p18_difusaoartistica\":\"Difus\\u00e3o Art\\u00edstica\",\"p18_desenvolvimentoterritorial\":\"Desenvolvimento territorial\",\"p18_direitoshumanos\":\"Direitos humanos\",\"p18_educacao\":\"Educa\\u00e7\\u00e3o\",\"p18_feminismos\":\"Feminismos\",\"p18_lgbtqi\":\"LGBTQI\",\"p18_lutaantirracismo\":\"Luta antirracismo\",\"p18_mobilidade\":\"Mobilidade\",\"p18_moradia\":\"Moradia\",\"p18_trabalho\":\"Trabalho\",\"p18_religiao\":\"Religi\\u00e3o\",\"p18_saude\":\"Sa\\u00fade\",\"p18_violencia\":\"Viol\\u00eancia\",\"p18_politicasculturais\":\"Pol\\u00edticas Culturais\",\"p19_comunicacao\":\"Comunica\\u00e7\\u00e3o\",\"p19_direitoshumanos\":\"Direitos humanos\",\"p19_feminismos\":\"Feminismos\",\"p19_lgbtqi\":\"LGBTQI\",\"p19_lutaantirracismo\":\"Luta antirracismo\",\"p20_oficinasaulasartisticas\":\"Ensaios\\\/Oficinas\\\/Aulas art\\u00edsticas\",\"p20_apresentacoesartisticas\":\"Apresenta\\u00e7\\u00f5es art\\u00edsticas\",\"p21_repressaopolicial\":\"Repress\\u00e3o policial\",\"p21_xenofobia\":\"Xenofobia\",\"p21_machismo\":\"Machismo\",\"p21_racismo\":\"Racismo\",\"p21_lgbtqifobia\":\"LGBTIfobia\",\"p22_numerodeparticipantes\":\"45 - 60\",\"p23_apresentacoesartisticas\":\"Apresenta\\u00e7\\u00f5es Art\\u00edsticas\",\"p24_apresentacoesartisticas\":\"Apresenta\\u00e7\\u00f5es art\\u00edsticas\",\"p24_outros\":\"Outros\",\"p25_numerodepessoas\":\"60 - 80\",\"p26_numerodepessoas\":\"1 - 20\",\"p27_espacopublico\":\"Espa\\u00e7o p\\u00fablico\",\"p27_espacoemprestadocedido\":\"Espa\\u00e7o emprestado\\\/cedido\",\"p27_ocupacao\":\"Ocupa\\u00e7\\u00e3o\",\"p28_territorios\":\"Pr\\u00f3prio bairro\",\"p30_outrasorganizacoes\":\"N\\u00e3o\",\"p32_campanhadelongaduracao\":\"N\\u00e3o\",\"p34_nenhuma\":\"Nenhuma\",\"p36_conselhosdeparticipacaoecontrolesocial\":\"N\\u00e3o\",\"p38_nenhum\":\"Nenhum\",\"p40_editais\":\"N\\u00e3o\",\"p41_autofinanciamento\":\"Autofinanciamento\",\"p41_financiamentocoletivo0\":\"Financiamento coletivo\",\"p42_meiodedivulgacaoproprio\":\"Sim\",\"p43_email\":\"E-mail\",\"p43_facebook\":\"Facebook\",\"p43_instagram\":\"Instagram\",\"p43_sitesblogs\":\"Blogs\\\/sites\",\"p44_redessociais\":\"Redes sociais (Facebook, YouTube, Instagram etc.)\",\"p44_sitesblogs\":\"Sites ou Blogs\",\"p44_nenhum\":\"Nenhum\",\"p39_publico\":\"TODA COMUNIDADE\",\"p45_bandeira\":\"CULTURA HIPHOP RECONHECIMENTO\",\"p46_hashtags\":\"#CULTURA #EDUCACAO #DIVERSAO\"},{\"p1_eixo\":\"Cultura\",\"p9_tipoorganizacao\":\"Coletivo Art\\u00edstico\",\"p12_uf\":\"SP\",\"p13_cidade\":\"S\\u00c3O PAULO\",\"p16_bairro\":\"Bairro\",\"p17_ano\":\"2014\",\"p16_estado\":\"Estado\",\"p18_comunicacao\":\"Comunica\\u00e7\\u00e3o\",\"p18_difusaoartistica\":\"Difus\\u00e3o Art\\u00edstica\",\"p18_desenvolvimentoterritorial\":\"Desenvolvimento territorial\",\"p18_direitoshumanos\":\"Direitos humanos\",\"p18_educacao\":\"Educa\\u00e7\\u00e3o\",\"p18_feminismos\":\"Feminismos\",\"p18_lgbtqi\":\"LGBTQI\",\"p18_lutaantirracismo\":\"Luta antirracismo\",\"p18_mobilidade\":\"Mobilidade\",\"p18_moradia\":\"Moradia\",\"p18_povosecomunidadestradicionais\":\"Povos e comunidades tradicionais\",\"p18_trabalho\":\"Trabalho\",\"p18_religiao\":\"Religi\\u00e3o\",\"p18_saude\":\"Sa\\u00fade\",\"p18_violencia\":\"Viol\\u00eancia\",\"p18_politicasculturais\":\"Pol\\u00edticas Culturais\",\"p19_educacao\":\"Educa\\u00e7\\u00e3o\",\"p19_feminismos\":\"Feminismos\",\"p19_lgbtqi\":\"LGBTQI\",\"p19_lutaantirracismo\":\"Luta antirracismo\",\"p20_oficinas\":\"Oficinas\",\"p20_cursos\":\"Cursos\",\"p20_formacao\":\"Forma\\u00e7\\u00e3o\",\"p20_apresentacoesartisticas\":\"Apresenta\\u00e7\\u00f5es art\\u00edsticas\",\"p21_repressaopolicial\":\"Repress\\u00e3o policial\",\"p21_intoleranciareligiosa\":\"Fundamentalismo\\\/intoler\\u00e2ncia religiosa\",\"p21_xenofobia\":\"Xenofobia\",\"p21_machismo\":\"Machismo\",\"p21_racismo\":\"Racismo\",\"p21_lgbtqifobia\":\"LGBTIfobia\",\"p22_numerodeparticipantes\":\"1  - 15\",\"p23_apresentacoesartisticas\":\"Apresenta\\u00e7\\u00f5es Art\\u00edsticas\",\"p23_outros\":\"Outros\",\"p24_reunioes\":\"Reuni\\u00f5es\",\"p24_oficinas\":\"Oficinas\",\"p24_curso\":\"Curso\",\"p24_apresentacoesartisticas\":\"Apresenta\\u00e7\\u00f5es art\\u00edsticas\",\"p24_outros\":\"Outros\",\"p25_numerodepessoas\":\"80 - 100\",\"p26_numerodepessoas\":\"80 - 100\",\"p27_espacopublico\":\"Espa\\u00e7o p\\u00fablico\",\"p27_espacoemprestadocedido\":\"Espa\\u00e7o emprestado\\\/cedido\",\"p28_territorios\":\"Cidade\",\"p30_outrasorganizacoes\":\"N\\u00e3o\",\"p32_campanhadelongaduracao\":\"N\\u00e3o\",\"p34_estadual\":\"Estadual\",\"p34_nenhuma\":\"Nenhuma\",\"p36_conselhosdeparticipacaoecontrolesocial\":\"N\\u00e3o\",\"p38_nenhum\":\"Nenhum\",\"p40_editais\":\"Sim\",\"p41_publicoestatal\":\"P\\u00fablico-Estatal\",\"p41_privadopj\":\"Privado (P. Jur\\u00eddica)\",\"p41_autofinanciamento\":\"Autofinanciamento\",\"p42_meiodedivulgacaoproprio\":\"Sim\",\"p43_impressoes\":\"Impressos\",\"p43_email\":\"E-mail\",\"p43_facebook\":\"Facebook\",\"p43_instagram\":\"Instagram\",\"p43_sitesblogs\":\"Blogs\\\/sites\",\"p44_redessociais\":\"Redes sociais (Facebook, YouTube, Instagram etc.)\",\"p44_sitesblogs\":\"Sites ou Blogs\",\"p39_publico\":\"TODOS\",\"p45_bandeira\":\"DIVIS\\u00c3O CLASSES FEMINISMO\",\"p46_hashtags\":\"#PERIFERIA #PERIFUTURISMO #LGBT\"},{\"p1_eixo\":\"Viol\\u00eancia\",\"p9_tipoorganizacao\":\"ONG\",\"p12_uf\":\"CE\",\"p13_cidade\":\"FORTALEZA\",\"p17_ano\":\"2013\",\"p16_estado\":\"Estado\",\"p18_agrario\":\"Agr\\u00e1rio\\\/ruralidades\",\"p18_comunicacao\":\"Comunica\\u00e7\\u00e3o\",\"p18_desenvolvimentoterritorial\":\"Desenvolvimento territorial\",\"p18_direitoshumanos\":\"Direitos humanos\",\"p18_educacao\":\"Educa\\u00e7\\u00e3o\",\"p18_feminismos\":\"Feminismos\",\"p18_lgbtqi\":\"LGBTQI\",\"p18_lutaantirracismo\":\"Luta antirracismo\",\"p18_mobilidade\":\"Mobilidade\",\"p18_moradia\":\"Moradia\",\"p18_povosecomunidadestradicionais\":\"Povos e comunidades tradicionais\",\"p18_trabalho\":\"Trabalho\",\"p18_religiao\":\"Religi\\u00e3o\",\"p18_saude\":\"Sa\\u00fade\",\"p18_violencia\":\"Viol\\u00eancia\",\"p18_politicasculturais\":\"Pol\\u00edticas Culturais\",\"p19_educacao\":\"Educa\\u00e7\\u00e3o\",\"p19_feminismos\":\"Feminismos\",\"p19_lutaantirracismo\":\"Luta antirracismo\",\"p19_saude\":\"Sa\\u00fade\",\"p19_violencia\":\"Viol\\u00eancia\",\"p20_oficinas\":\"Oficinas\",\"p20_cursos\":\"Cursos\",\"p20_formacao\":\"Forma\\u00e7\\u00e3o\",\"p21_intoleranciareligiosa\":\"Fundamentalismo\\\/intoler\\u00e2ncia religiosa\",\"p21_machismo\":\"Machismo\",\"p21_racismo\":\"Racismo\",\"p21_lgbtqifobia\":\"LGBTIfobia\",\"p22_numerodeparticipantes\":\"15 - 30\",\"p23_reunioes\":\"Reuni\\u00f5es\",\"p23_formacao\":\"Forma\\u00e7\\u00e3o\",\"p23_outros\":\"Outros\",\"p24_reunioes\":\"Reuni\\u00f5es\",\"p24_oficinas\":\"Oficinas\",\"p24_curso\":\"Curso\",\"p24_outros\":\"Outros\",\"p25_numerodepessoas\":\"200 - 300\",\"p26_numerodepessoas\":\"1 - 20\",\"p27_espacopublico\":\"Espa\\u00e7o p\\u00fablico\",\"p27_espacoemprestadocedido\":\"Espa\\u00e7o emprestado\\\/cedido\",\"p28_territorios\":\"Regi\\u00e3o da Cidade\",\"p30_outrasorganizacoes\":\"N\\u00e3o\",\"p32_campanhadelongaduracao\":\"N\\u00e3o\",\"p34_estadual\":\"Estadual\",\"p34_nacional\":\"Nacional\",\"p36_conselhosdeparticipacaoecontrolesocial\":\"N\\u00e3o\",\"p38_sim\":\"Sim\",\"p38_nenhum\":\"Nenhum\",\"p40_editais\":\"N\\u00e3o\",\"p41_publicoestatal\":\"P\\u00fablico-Estatal\",\"p41_privadopj\":\"Privado (P. Jur\\u00eddica)\",\"p41_autofinanciamento\":\"Autofinanciamento\",\"p42_meiodedivulgacaoproprio\":\"Sim\",\"p43_impressoes\":\"Impressos\",\"p43_email\":\"E-mail\",\"p43_facebook\":\"Facebook\",\"p43_instagram\":\"Instagram\",\"p43_sitesblogs\":\"Blogs\\\/sites\",\"p44_radio\":\"R\\u00e1dio\",\"p44_redessociais\":\"Redes sociais (Facebook, YouTube, Instagram etc.)\",\"p44_sitesblogs\":\"Sites ou Blogs\",\"p39_publico\":\"ESTUDANTES POPULA\\u00c7\\u00c3O NEGRA\",\"p45_bandeira\":\"LUTA ANTIRRACISTA ANTILGBTQIFOBICA POVOS COMUNIDADES\",\"p46_hashtags\":\"#ANTIRRACISMO #VIDASNEGRASIMPORTAM #DIREITOSDAPOPULACAONEGRA\"},{\"p1_eixo\":\"Viol\\u00eancia\",\"p9_tipoorganizacao\":\"F\\u00f3rum\",\"p12_uf\":\"PE\",\"p13_cidade\":\"RECIFE\",\"p16_bairro\":\"Bairro\",\"p17_ano\":\"1988\",\"p16_estado\":\"Estado\",\"p18_agrario\":\"Agr\\u00e1rio\\\/ruralidades\",\"p18_comunicacao\":\"Comunica\\u00e7\\u00e3o\",\"p18_difusaoartistica\":\"Difus\\u00e3o Art\\u00edstica\",\"p18_desenvolvimentoterritorial\":\"Desenvolvimento territorial\",\"p18_direitoshumanos\":\"Direitos humanos\",\"p18_educacao\":\"Educa\\u00e7\\u00e3o\",\"p18_feminismos\":\"Feminismos\",\"p18_lgbtqi\":\"LGBTQI\",\"p18_lutaantirracismo\":\"Luta antirracismo\",\"p18_mobilidade\":\"Mobilidade\",\"p18_moradia\":\"Moradia\",\"p18_povosecomunidadestradicionais\":\"Povos e comunidades tradicionais\",\"p18_trabalho\":\"Trabalho\",\"p18_saude\":\"Sa\\u00fade\",\"p18_violencia\":\"Viol\\u00eancia\",\"p18_politicasculturais\":\"Pol\\u00edticas Culturais\",\"p19_direitoshumanos\":\"Direitos humanos\",\"p19_educacao\":\"Educa\\u00e7\\u00e3o\",\"p19_feminismos\":\"Feminismos\",\"p19_saude\":\"Sa\\u00fade\",\"p19_violencia\":\"Viol\\u00eancia\",\"p19_difusaoartistica\":\"Difus\\u00e3o Art\\u00edstica\",\"p20_oficinas\":\"Oficinas\",\"p20_oficinasaulasartisticas\":\"Ensaios\\\/Oficinas\\\/Aulas art\\u00edsticas\",\"p20_cursos\":\"Cursos\",\"p21_machismo\":\"Machismo\",\"p21_racismo\":\"Racismo\",\"p22_numerodeparticipantes\":\"1  - 15\",\"p23_reunioes\":\"Reuni\\u00f5es\",\"p23_oficinas\":\"Oficinas\",\"p23_oficinasaulasartisticas\":\"Ensaio\\\/Oficinas\\\/Aulas Art\\u00edsticas\",\"p23_cursos\":\"Cursos\",\"p23_formacao\":\"Forma\\u00e7\\u00e3o\",\"p23_outros\":\"Outros\",\"p24_oficinas\":\"Oficinas\",\"p24_outros\":\"Outros\",\"p25_numerodepessoas\":\"40 - 60\",\"p26_numerodepessoas\":\"80 - 100\",\"p27_espacoemprestadocedido\":\"Espa\\u00e7o emprestado\\\/cedido\",\"p27_espacoproprio\":\"Espa\\u00e7o pr\\u00f3prio\",\"p28_territorios\":\"Estado\",\"p30_outrasorganizacoes\":\"Sim\",\"p32_campanhadelongaduracao\":\"N\\u00e3o\",\"p34_nacional\":\"Nacional\",\"p34_nenhuma\":\"Nenhuma\",\"p36_conselhosdeparticipacaoecontrolesocial\":\"Sim\",\"p38_sim\":\"Sim\",\"p38_nenhum\":\"Nenhum\",\"p40_editais\":\"Sim\",\"p41_publicoestatal\":\"P\\u00fablico-Estatal\",\"p41_privadopj\":\"Privado (P. Jur\\u00eddica)\",\"p41_autofinanciamento\":\"Autofinanciamento\",\"p41_financiamentocoletivo0\":\"Financiamento coletivo\",\"p42_meiodedivulgacaoproprio\":\"Sim\",\"p43_email\":\"E-mail\",\"p43_facebook\":\"Facebook\",\"p43_instagram\":\"Instagram\",\"p43_sitesblogs\":\"Blogs\\\/sites\",\"p44_radio\":\"TV\",\"p44_jornaisimpressosdebairro\":\"Jornais impressos de bairro\",\"p44_redessociais\":\"Redes sociais (Facebook, YouTube, Instagram etc.)\",\"p39_publico\":\"MULHERES POPULARES\",\"p45_bandeira\":\" CONTRA-MULHER DIREITOS SEXUAIS MULHER ENFRENTAMENTO RACISMO JUSTI\\u00c7A S\\u00d3CIO AMBIENTAL\",\"p46_hashtags\":\"#PELAVIDADASMULHERES #NEMPRESASNEMMORTAS #SOMOSTODASASMULHERES\"},{\"p1_eixo\":\"Cultura\",\"p9_tipoorganizacao\":\"ONG\",\"p12_uf\":\"SP\",\"p13_cidade\":\"S\\u00c3O PAULO\",\"p16_bairro\":\"Bairro\",\"p16_cidade\":\"Cidade\",\"p17_ano\":\"2009\",\"p18_comunicacao\":\"Comunica\\u00e7\\u00e3o\",\"p18_difusaoartistica\":\"Difus\\u00e3o Art\\u00edstica\",\"p18_desenvolvimentoterritorial\":\"Desenvolvimento territorial\",\"p18_direitoshumanos\":\"Direitos humanos\",\"p18_educacao\":\"Educa\\u00e7\\u00e3o\",\"p18_lgbtqi\":\"LGBTQI\",\"p18_lutaantirracismo\":\"Luta antirracismo\",\"p18_trabalho\":\"Trabalho\",\"p18_violencia\":\"Viol\\u00eancia\",\"p18_politicasculturais\":\"Pol\\u00edticas Culturais\",\"p19_comunicacao\":\"Comunica\\u00e7\\u00e3o\",\"p19_direitoshumanos\":\"Direitos humanos\",\"p19_educacao\":\"Educa\\u00e7\\u00e3o\",\"p19_difusaoartistica\":\"Difus\\u00e3o Art\\u00edstica\",\"p19_politicasculturais\":\"Pol\\u00edticas Culturais\",\"p20_oficinas\":\"Oficinas\",\"p20_oficinasaulasartisticas\":\"Ensaios\\\/Oficinas\\\/Aulas art\\u00edsticas\",\"p20_cursos\":\"Cursos\",\"p21_racismo\":\"Racismo\",\"p21_lgbtqifobia\":\"LGBTIfobia\",\"p22_numerodeparticipantes\":\"1  - 15\",\"p23_reunioes\":\"Reuni\\u00f5es\",\"p23_oficinas\":\"Oficinas\",\"p23_oficinasaulasartisticas\":\"Ensaio\\\/Oficinas\\\/Aulas Art\\u00edsticas\",\"p23_cursos\":\"Cursos\",\"p23_formacao\":\"Forma\\u00e7\\u00e3o\",\"p23_outros\":\"Outros\",\"p24_oficinas\":\"Oficinas\",\"p24_outros\":\"Outros\",\"p25_numerodepessoas\":\"80 - 100\",\"p26_numerodepessoas\":\"80 - 100\",\"p27_espacopublico\":\"Espa\\u00e7o p\\u00fablico\",\"p27_espacoemprestadocedido\":\"Espa\\u00e7o emprestado\\\/cedido\",\"p27_espacoproprio\":\"Espa\\u00e7o pr\\u00f3prio\",\"p28_territorios\":\"Pr\\u00f3prio bairro\",\"p30_outrasorganizacoes\":\"N\\u00e3o\",\"p32_campanhadelongaduracao\":\"N\\u00e3o\",\"p34_nenhuma\":\"Nenhuma\",\"p36_conselhosdeparticipacaoecontrolesocial\":\"N\\u00e3o\",\"p38_nenhum\":\"Nenhum\",\"p40_editais\":\"N\\u00e3o\",\"p41_privadopj\":\"Privado (P. Jur\\u00eddica)\",\"p41_autofinanciamento\":\"Autofinanciamento\",\"p41_financiamentocoletivo0\":\"Financiamento coletivo\",\"p42_meiodedivulgacaoproprio\":\"Sim\",\"p43_email\":\"E-mail\",\"p43_facebook\":\"Facebook\",\"p43_instagram\":\"Instagram\",\"p43_sitesblogs\":\"Blogs\\\/sites\",\"p44_radio\":\"TV\",\"p44_jornaisimpressosdebairro\":\"Jornais impressos de bairro\",\"p44_redessociais\":\"Redes sociais (Facebook, YouTube, Instagram etc.)\",\"p39_publico\":\"CRIAN\\u00c7AS ADOLESCENTES\",\"p45_bandeira\":\"EDUCA\\u00c7\\u00c3O\",\"p46_hashtags\":\"#EDUCACAO #CULTURA #PERIFERIA\"},{\"p1_eixo\":\"Cultura\",\"p9_tipoorganizacao\":\"Coletivo\",\"p12_uf\":\"SP\",\"p13_cidade\":\"S\\u00c3O PAULO\",\"p16_bairro\":\"Bairro\",\"p16_cidade\":\"Cidade\",\"p17_ano\":\"2014\",\"p18_agrario\":\"Agr\\u00e1rio\\\/ruralidades\",\"p18_comunicacao\":\"Comunica\\u00e7\\u00e3o\",\"p18_difusaoartistica\":\"Difus\\u00e3o Art\\u00edstica\",\"p18_desenvolvimentoterritorial\":\"Desenvolvimento territorial\",\"p18_direitoshumanos\":\"Direitos humanos\",\"p18_educacao\":\"Educa\\u00e7\\u00e3o\",\"p18_feminismos\":\"Feminismos\",\"p18_lgbtqi\":\"LGBTQI\",\"p18_lutaantirracismo\":\"Luta antirracismo\",\"p18_mobilidade\":\"Mobilidade\",\"p18_moradia\":\"Moradia\",\"p18_povosecomunidadestradicionais\":\"Povos e comunidades tradicionais\",\"p18_trabalho\":\"Trabalho\",\"p18_religiao\":\"Religi\\u00e3o\",\"p18_saude\":\"Sa\\u00fade\",\"p18_violencia\":\"Viol\\u00eancia\",\"p18_politicasculturais\":\"Pol\\u00edticas Culturais\",\"p19_agrario\":\"Agr\\u00e1rio\\\/ruralidades\",\"p19_comunicacao\":\"Comunica\\u00e7\\u00e3o\",\"p19_desenvolvimentoterritorial\":\"Desenvolvimento territorial\",\"p19_educacao\":\"Educa\\u00e7\\u00e3o\",\"p19_trabalho\":\"Trabalho\",\"p19_politicasculturais\":\"Pol\\u00edticas Culturais\",\"p20_oficinas\":\"Oficinas\",\"p21_repressaopolicial\":\"Repress\\u00e3o policial\",\"p21_lgbtqifobia\":\"LGBTIfobia\",\"p22_numerodeparticipantes\":\"1  - 15\",\"p23_reunioes\":\"Reuni\\u00f5es\",\"p23_formacao\":\"Forma\\u00e7\\u00e3o\",\"p23_outros\":\"Outros\",\"p24_atendimento\":\"Atendimentos\",\"p24_oficinas\":\"Oficinas\",\"p24_formacao\":\"Forma\\u00e7\\u00e3o\",\"p24_outros\":\"Outros\",\"p25_numerodepessoas\":\"1 - 20\",\"p26_numerodepessoas\":\"1 - 20\",\"p27_espacopublico\":\"Espa\\u00e7o p\\u00fablico\",\"p27_espacoemprestadocedido\":\"Espa\\u00e7o emprestado\\\/cedido\",\"p27_ocupacao\":\"Ocupa\\u00e7\\u00e3o\",\"p28_territorios\":\"Cidade\",\"p30_outrasorganizacoes\":\"Sim\",\"p32_campanhadelongaduracao\":\"N\\u00e3o\",\"p34_municipal\":\"Municipal\",\"p34_estadual\":\"Estadual\",\"p34_nacional\":\"Nacional\",\"p34_nenhuma\":\"Nenhuma\",\"p36_conselhosdeparticipacaoecontrolesocial\":\"N\\u00e3o\",\"p38_sim\":\"Sim\",\"p38_nenhum\":\"Nenhum\",\"p40_editais\":\"Sim\",\"p41_autofinanciamento\":\"Autofinanciamento\",\"p41_financiamentocoletivo0\":\"Financiamento coletivo\",\"p42_meiodedivulgacaoproprio\":\"Sim\",\"p43_email\":\"E-mail\",\"p43_facebook\":\"Facebook\",\"p43_instagram\":\"Instagram\",\"p43_sitesblogs\":\"Blogs\\\/sites\",\"p43_nenhum\":\"Nenhum\",\"p44_radio\":\"TV\",\"p44_jornaisimpressosdebairro\":\"Jornais impressos de bairro\",\"p44_redessociais\":\"Redes sociais (Facebook, YouTube, Instagram etc.)\",\"p39_publico\":\"TODOS\",\"p45_bandeira\":\"OUVIR OUTRAS VOZES\",\"p46_hashtags\":\"#INVENTEUMMEIO #ACEITEOSERROS #OUTRASVOZES\"},{\"p1_eixo\":\"Trabalho\",\"p9_tipoorganizacao\":\"Coletivo\",\"p12_uf\":\"SP\",\"p13_cidade\":\"SOROCABA\",\"p16_bairro\":\"Bairro\",\"p16_cidade\":\"Cidade\",\"p17_ano\":\"1992\",\"p18_agrario\":\"Agr\\u00e1rio\\\/ruralidades\",\"p18_comunicacao\":\"Comunica\\u00e7\\u00e3o\",\"p18_difusaoartistica\":\"Difus\\u00e3o Art\\u00edstica\",\"p18_desenvolvimentoterritorial\":\"Desenvolvimento territorial\",\"p18_direitoshumanos\":\"Direitos humanos\",\"p18_educacao\":\"Educa\\u00e7\\u00e3o\",\"p18_feminismos\":\"Feminismos\",\"p18_lutaantirracismo\":\"Luta antirracismo\",\"p18_mobilidade\":\"Mobilidade\",\"p18_moradia\":\"Moradia\",\"p18_povosecomunidadestradicionais\":\"Povos e comunidades tradicionais\",\"p18_trabalho\":\"Trabalho\",\"p18_religiao\":\"Religi\\u00e3o\",\"p18_saude\":\"Sa\\u00fade\",\"p18_violencia\":\"Viol\\u00eancia\",\"p18_politicasculturais\":\"Pol\\u00edticas Culturais\",\"p19_agrario\":\"Agr\\u00e1rio\\\/ruralidades\",\"p19_desenvolvimentoterritorial\":\"Desenvolvimento territorial\",\"p19_trabalho\":\"Trabalho\",\"p19_violencia\":\"Viol\\u00eancia\",\"p19_difusaoartistica\":\"Difus\\u00e3o Art\\u00edstica\",\"p20_formacao\":\"Forma\\u00e7\\u00e3o\",\"p20_profissionalizacao\":\"Profissionaliza\\u00e7\\u00e3o\",\"p21_repressaopolicial\":\"Repress\\u00e3o policial\",\"p21_nenhum\":\"Nenhum\",\"p22_numerodeparticipantes\":\"1  - 15\",\"p23_formacao\":\"Forma\\u00e7\\u00e3o\",\"p23_profissionalizacao\":\"Profissionaliza\\u00e7\\u00e3o\",\"p23_outros\":\"Outros\",\"p24_atendimento\":\"Atendimentos\",\"p24_oficinasaulasartisticas\":\"Ensaios\\\/Oficinas\\\/Aulas art\\u00edsticas\",\"p24_formacao\":\"Forma\\u00e7\\u00e3o\",\"p24_apresentacoesartisticas\":\"Apresenta\\u00e7\\u00f5es art\\u00edsticas\",\"p25_numerodepessoas\":\"300 - 400\",\"p26_numerodepessoas\":\"300 - 400\",\"p27_espacopublico\":\"Espa\\u00e7o p\\u00fablico\",\"p27_ocupacao\":\"Ocupa\\u00e7\\u00e3o\",\"p28_territorios\":\"Pr\\u00f3prio bairro\",\"p30_outrasorganizacoes\":\"N\\u00e3o\",\"p32_campanhadelongaduracao\":\"N\\u00e3o\",\"p34_municipal\":\"Municipal\",\"p34_estadual\":\"Estadual\",\"p34_nacional\":\"Nacional\",\"p36_conselhosdeparticipacaoecontrolesocial\":\"Sim\",\"p38_sim\":\"Sim\",\"p38_nenhum\":\"Nenhum\",\"p40_editais\":\"N\\u00e3o\",\"p41_autofinanciamento\":\"Autofinanciamento\",\"p41_financiamentocoletivo0\":\"Financiamento coletivo\",\"p42_meiodedivulgacaoproprio\":\"N\\u00e3o\",\"p43_facebook\":\"Facebook\",\"p43_instagram\":\"Instagram\",\"p43_sitesblogs\":\"Blogs\\\/sites\",\"p43_nenhum\":\"Nenhum\",\"p44_radio\":\"TV\",\"p44_jornaisimpressosdegrandecirculacao\":\"Jornais impressos de grande circula\\u00e7\\u00e3o\",\"p44_jornaisimpressosdebairro\":\"Jornais impressos de bairro\",\"p39_publico\":\"FAM\\u00cdLIAS\",\"p45_bandeira\":\"PRODU\\u00c7\\u00c3O ORGANIZA\\u00c7\\u00c3O TRABALHADORES RURAIS\",\"p46_hashtags\":\"#TERRAPARATODOS #REFORMAAGRARIA\"},{\"p1_eixo\":\"Trabalho\",\"p9_tipoorganizacao\":\"ONG\",\"p12_uf\":\"SP\",\"p13_cidade\":\"S\\u00c3O PAULO\",\"p16_cidade\":\"Cidade\",\"p17_ano\":\"1997\",\"p16_estado\":\"Estado\",\"p18_agrario\":\"Agr\\u00e1rio\\\/ruralidades\",\"p18_comunicacao\":\"Comunica\\u00e7\\u00e3o\",\"p18_difusaoartistica\":\"Difus\\u00e3o Art\\u00edstica\",\"p18_desenvolvimentoterritorial\":\"Desenvolvimento territorial\",\"p18_direitoshumanos\":\"Direitos humanos\",\"p18_educacao\":\"Educa\\u00e7\\u00e3o\",\"p18_feminismos\":\"Feminismos\",\"p18_lgbtqi\":\"LGBTQI\",\"p18_lutaantirracismo\":\"Luta antirracismo\",\"p18_mobilidade\":\"Mobilidade\",\"p18_moradia\":\"Moradia\",\"p18_povosecomunidadestradicionais\":\"Povos e comunidades tradicionais\",\"p18_trabalho\":\"Trabalho\",\"p18_religiao\":\"Religi\\u00e3o\",\"p18_saude\":\"Sa\\u00fade\",\"p18_violencia\":\"Viol\\u00eancia\",\"p18_politicasculturais\":\"Pol\\u00edticas Culturais\",\"p19_comunicacao\":\"Comunica\\u00e7\\u00e3o\",\"p19_trabalho\":\"Trabalho\",\"p19_violencia\":\"Viol\\u00eancia\",\"p19_difusaoartistica\":\"Difus\\u00e3o Art\\u00edstica\",\"p19_politicasculturais\":\"Pol\\u00edticas Culturais\",\"p20_oficinasaulasartisticas\":\"Ensaios\\\/Oficinas\\\/Aulas art\\u00edsticas\",\"p20_formacao\":\"Forma\\u00e7\\u00e3o\",\"p20_profissionalizacao\":\"Profissionaliza\\u00e7\\u00e3o\",\"p21_machismo\":\"Machismo\",\"p21_racismo\":\"Racismo\",\"p21_lgbtqifobia\":\"LGBTIfobia\",\"p21_nenhum\":\"Nenhum\",\"p22_numerodeparticipantes\":\"1  - 15\",\"p23_oficinasaulasartisticas\":\"Ensaio\\\/Oficinas\\\/Aulas Art\\u00edsticas\",\"p23_formacao\":\"Forma\\u00e7\\u00e3o\",\"p23_profissionalizacao\":\"Profissionaliza\\u00e7\\u00e3o\",\"p24_atendimento\":\"Atendimentos\",\"p24_oficinas\":\"Oficinas\",\"p24_oficinasaulasartisticas\":\"Ensaios\\\/Oficinas\\\/Aulas art\\u00edsticas\",\"p24_formacao\":\"Forma\\u00e7\\u00e3o\",\"p24_apresentacoesartisticas\":\"Apresenta\\u00e7\\u00f5es art\\u00edsticas\",\"p25_numerodepessoas\":\"Mais de 500\",\"p26_numerodepessoas\":\"Mais de 500\",\"p27_espacopublico\":\"Espa\\u00e7o p\\u00fablico\",\"p27_espacoemprestadocedido\":\"Espa\\u00e7o emprestado\\\/cedido\",\"p28_territorios\":\"Regi\\u00e3o da Cidade\",\"p30_outrasorganizacoes\":\"Sim\",\"p32_campanhadelongaduracao\":\"N\\u00e3o\",\"p34_municipal\":\"Municipal\",\"p36_conselhosdeparticipacaoecontrolesocial\":\"N\\u00e3o\",\"p38_sim\":\"Sim\",\"p38_nenhum\":\"Nenhum\",\"p40_editais\":\"Sim\",\"p41_autofinanciamento\":\"Autofinanciamento\",\"p41_financiamentocoletivo0\":\"Financiamento coletivo\",\"p42_meiodedivulgacaoproprio\":\"Sim\",\"p43_facebook\":\"Facebook\",\"p43_whatsapp\":\"WhatsApp\",\"p43_instagram\":\"Instagram\",\"p43_sitesblogs\":\"Blogs\\\/sites\",\"p44_radio\":\"TV\",\"p44_jornaisimpressosdegrandecirculacao\":\"Jornais impressos de grande circula\\u00e7\\u00e3o\",\"p44_jornaisimpressosdebairro\":\"Jornais impressos de bairro\",\"p44_sitesblogs\":\"Sites ou Blogs\",\"p39_publico\":\"TODA COMUNIDADE\",\"p45_bandeira\":\"TRABALHO DIGNIDADE\",\"p46_hashtags\":\"#CULTURA #EMPREENDORISMO #SUSTENTABILIDADE\"},{\"p1_eixo\":\"Cultura\",\"p9_tipoorganizacao\":\"ONG\",\"p12_uf\":\"CE\",\"p13_cidade\":\"FORTALEZA\",\"p16_internacional\":\"Internacional\",\"p17_ano\":\"1999\",\"p16_estado\":\"Estado\",\"p18_agrario\":\"Agr\\u00e1rio\\\/ruralidades\",\"p18_comunicacao\":\"Comunica\\u00e7\\u00e3o\",\"p18_difusaoartistica\":\"Difus\\u00e3o Art\\u00edstica\",\"p18_desenvolvimentoterritorial\":\"Desenvolvimento territorial\",\"p18_direitoshumanos\":\"Direitos humanos\",\"p18_educacao\":\"Educa\\u00e7\\u00e3o\",\"p18_feminismos\":\"Feminismos\",\"p18_lgbtqi\":\"LGBTQI\",\"p18_lutaantirracismo\":\"Luta antirracismo\",\"p18_mobilidade\":\"Mobilidade\",\"p18_povosecomunidadestradicionais\":\"Povos e comunidades tradicionais\",\"p18_trabalho\":\"Trabalho\",\"p18_saude\":\"Sa\\u00fade\",\"p18_violencia\":\"Viol\\u00eancia\",\"p18_politicasculturais\":\"Pol\\u00edticas Culturais\",\"p19_comunicacao\":\"Comunica\\u00e7\\u00e3o\",\"p19_feminismos\":\"Feminismos\",\"p19_trabalho\":\"Trabalho\",\"p19_violencia\":\"Viol\\u00eancia\",\"p19_difusaoartistica\":\"Difus\\u00e3o Art\\u00edstica\",\"p19_politicasculturais\":\"Pol\\u00edticas Culturais\",\"p20_reunioes\":\"Reuni\\u00f5es\",\"p20_oficinasaulasartisticas\":\"Ensaios\\\/Oficinas\\\/Aulas art\\u00edsticas\",\"p21_repressaopolicial\":\"Repress\\u00e3o policial\",\"p21_intoleranciareligiosa\":\"Fundamentalismo\\\/intoler\\u00e2ncia religiosa\",\"p21_machismo\":\"Machismo\",\"p21_racismo\":\"Racismo\",\"p21_lgbtqifobia\":\"LGBTIfobia\",\"p22_numerodeparticipantes\":\"1  - 15\",\"p23_reunioes\":\"Reuni\\u00f5es\",\"p23_atendimento\":\"Atendimento\",\"p23_oficinasaulasartisticas\":\"Ensaio\\\/Oficinas\\\/Aulas Art\\u00edsticas\",\"p23_apresentacoesartisticas\":\"Apresenta\\u00e7\\u00f5es Art\\u00edsticas\",\"p24_oficinas\":\"Oficinas\",\"p24_formacao\":\"Forma\\u00e7\\u00e3o\",\"p24_apresentacoesartisticas\":\"Apresenta\\u00e7\\u00f5es art\\u00edsticas\",\"p25_numerodepessoas\":\"40 - 60\",\"p26_numerodepessoas\":\"20 - 40\",\"p27_espacopublico\":\"Espa\\u00e7o p\\u00fablico\",\"p27_espacoemprestadocedido\":\"Espa\\u00e7o emprestado\\\/cedido\",\"p27_espacoproprio\":\"Espa\\u00e7o pr\\u00f3prio\",\"p27_virtual\":\"Virtual\",\"p28_territorios\":\"Regi\\u00e3o da Cidade\",\"p30_outrasorganizacoes\":\"Sim\",\"p32_campanhadelongaduracao\":\"N\\u00e3o\",\"p34_municipal\":\"Municipal\",\"p34_nenhuma\":\"Nenhuma\",\"p36_conselhosdeparticipacaoecontrolesocial\":\"N\\u00e3o\",\"p38_sim\":\"Sim\",\"p40_editais\":\"Sim\",\"p41_privadopj\":\"Privado (P. Jur\\u00eddica)\",\"p41_autofinanciamento\":\"Autofinanciamento\",\"p41_financiamentocoletivo0\":\"Financiamento coletivo\",\"p42_meiodedivulgacaoproprio\":\"Sim\",\"p43_impressoes\":\"Impressos\",\"p43_facebook\":\"Facebook\",\"p43_whatsapp\":\"WhatsApp\",\"p43_instagram\":\"Instagram\",\"p43_sitesblogs\":\"Blogs\\\/sites\",\"p44_radio\":\"TV\",\"p44_jornaisimpressosdegrandecirculacao\":\"Jornais impressos de grande circula\\u00e7\\u00e3o\",\"p44_jornaisimpressosdebairro\":\"Jornais impressos de bairro\",\"p44_redessociais\":\"Redes sociais (Facebook, YouTube, Instagram etc.)\",\"p44_sitesblogs\":\"Sites ou Blogs\",\"p39_publico\":\"PESSOA G\\u00caNERO RA\\u00c7A ADOLESCENTE\",\"p45_bandeira\":\"DIREITOS HUMANOS BANDEIRA LUTA CIDADANIA JOVENS\",\"p46_hashtags\":\"#DEPRESSAOEREALEOSAMIGOSTAMBEM #FACOARTESOUVIVART #NENHUMDENOISETAOBOMQUANTOTODOSNOSJUNTOS\"},{\"p1_eixo\":\"Viol\\u00eancia\",\"p9_tipoorganizacao\":\"Coletivo\",\"p12_uf\":\"PE\",\"p13_cidade\":\"RECIFE, SERRA TALHADA, CARUARU, PETROLINA\",\"p16_cidade\":\"Cidade\",\"p16_internacional\":\"Internacional\",\"p17_ano\":\"2000\",\"p18_agrario\":\"Agr\\u00e1rio\\\/ruralidades\",\"p18_comunicacao\":\"Comunica\\u00e7\\u00e3o\",\"p18_difusaoartistica\":\"Difus\\u00e3o Art\\u00edstica\",\"p18_desenvolvimentoterritorial\":\"Desenvolvimento territorial\",\"p18_direitoshumanos\":\"Direitos humanos\",\"p18_educacao\":\"Educa\\u00e7\\u00e3o\",\"p18_feminismos\":\"Feminismos\",\"p18_lgbtqi\":\"LGBTQI\",\"p18_lutaantirracismo\":\"Luta antirracismo\",\"p18_mobilidade\":\"Mobilidade\",\"p18_povosecomunidadestradicionais\":\"Povos e comunidades tradicionais\",\"p18_trabalho\":\"Trabalho\",\"p18_religiao\":\"Religi\\u00e3o\",\"p18_saude\":\"Sa\\u00fade\",\"p18_violencia\":\"Viol\\u00eancia\",\"p18_politicasculturais\":\"Pol\\u00edticas Culturais\",\"p19_feminismos\":\"Feminismos\",\"p19_lutaantirracismo\":\"Luta antirracismo\",\"p19_povosecomunidadestradicionais\":\"Povos e comunidades tradicionais\",\"p19_trabalho\":\"Trabalho\",\"p19_violencia\":\"Viol\\u00eancia\",\"p20_reunioes\":\"Reuni\\u00f5es\",\"p20_formacao\":\"Forma\\u00e7\\u00e3o\",\"p21_repressaopolicial\":\"Repress\\u00e3o policial\",\"p21_intoleranciareligiosa\":\"Fundamentalismo\\\/intoler\\u00e2ncia religiosa\",\"p21_machismo\":\"Machismo\",\"p21_racismo\":\"Racismo\",\"p21_lgbtqifobia\":\"LGBTIfobia\",\"p22_numerodeparticipantes\":\"1  - 15\",\"p23_reunioes\":\"Reuni\\u00f5es\",\"p23_atendimento\":\"Atendimento\",\"p23_oficinasaulasartisticas\":\"Ensaio\\\/Oficinas\\\/Aulas Art\\u00edsticas\",\"p23_formacao\":\"Forma\\u00e7\\u00e3o\",\"p23_apresentacoesartisticas\":\"Apresenta\\u00e7\\u00f5es Art\\u00edsticas\",\"p24_atendimento\":\"Atendimentos\",\"p24_oficinas\":\"Oficinas\",\"p24_outros\":\"Outros\",\"p25_numerodepessoas\":\"1 - 20\",\"p26_numerodepessoas\":\"20 - 40\",\"p27_espacopublico\":\"Espa\\u00e7o p\\u00fablico\",\"p27_espacoemprestadocedido\":\"Espa\\u00e7o emprestado\\\/cedido\",\"p27_espacoproprio\":\"Espa\\u00e7o pr\\u00f3prio\",\"p27_virtual\":\"Virtual\",\"p28_territorios\":\"Atua\\u00e7\\u00e3o Internacional\",\"p30_outrasorganizacoes\":\"Sim\",\"p32_campanhadelongaduracao\":\"Sim\",\"p34_estadual\":\"Estadual\",\"p34_nacional\":\"Nacional\",\"p34_nenhuma\":\"Nenhuma\",\"p36_conselhosdeparticipacaoecontrolesocial\":\"Sim\",\"p38_sim\":\"Sim\",\"p40_editais\":\"N\\u00e3o\",\"p41_privadopj\":\"Privado (P. Jur\\u00eddica)\",\"p41_autofinanciamento\":\"Autofinanciamento\",\"p41_financiamentocoletivo0\":\"Financiamento coletivo\",\"p42_meiodedivulgacaoproprio\":\"Sim\",\"p43_impressoes\":\"Impressos\",\"p43_email\":\"E-mail\",\"p43_facebook\":\"Facebook\",\"p43_sitesblogs\":\"Blogs\\\/sites\",\"p44_radio\":\"TV\",\"p44_jornaisimpressosdegrandecirculacao\":\"Jornais impressos de grande circula\\u00e7\\u00e3o\",\"p44_jornaisimpressosdebairro\":\"Jornais impressos de bairro\",\"p44_redessociais\":\"Redes sociais (Facebook, YouTube, Instagram etc.)\",\"p44_sitesblogs\":\"Sites ou Blogs\",\"p39_publico\":\"MULHERES POPULARES\",\"p45_bandeira\":\"NEOLIBERALISMO  FEMINISTAS ANTISISTEMAS ANTICAPITALISTAS ANTI-LESBOFOBIA LUTA ECONOMIA-SOLID\\u00c1RIA TRABALHO\",\"p46_hashtags\":\"#SEGUIREMOSEMMARCHAATEQUESEJAMOSLIVRES #MUDAROMUNDOPARAMUDARAVIDADASMULHERES #MUDARAVIDADASMULHERSPARAMUDAROMUNDO\"},{\"p1_eixo\":\"Viol\\u00eancia\",\"p9_tipoorganizacao\":\"Instituto\",\"p12_uf\":\"CE\",\"p13_cidade\":\"FORTALEZA\",\"p16_bairro\":\"Bairro\",\"p16_cidade\":\"Cidade\",\"p17_ano\":\"2003\",\"p18_agrario\":\"Agr\\u00e1rio\\\/ruralidades\",\"p18_comunicacao\":\"Comunica\\u00e7\\u00e3o\",\"p18_direitoshumanos\":\"Direitos humanos\",\"p18_educacao\":\"Educa\\u00e7\\u00e3o\",\"p18_feminismos\":\"Feminismos\",\"p18_lgbtqi\":\"LGBTQI\",\"p18_lutaantirracismo\":\"Luta antirracismo\",\"p18_povosecomunidadestradicionais\":\"Povos e comunidades tradicionais\",\"p18_trabalho\":\"Trabalho\",\"p18_religiao\":\"Religi\\u00e3o\",\"p18_saude\":\"Sa\\u00fade\",\"p18_violencia\":\"Viol\\u00eancia\",\"p18_politicasculturais\":\"Pol\\u00edticas Culturais\",\"p19_comunicacao\":\"Comunica\\u00e7\\u00e3o\",\"p19_lgbtqi\":\"LGBTQI\",\"p19_lutaantirracismo\":\"Luta antirracismo\",\"p19_povosecomunidadestradicionais\":\"Povos e comunidades tradicionais\",\"p19_violencia\":\"Viol\\u00eancia\",\"p20_cursos\":\"Cursos\",\"p20_formacao\":\"Forma\\u00e7\\u00e3o\",\"p21_repressaopolicial\":\"Repress\\u00e3o policial\",\"p21_intoleranciareligiosa\":\"Fundamentalismo\\\/intoler\\u00e2ncia religiosa\",\"p21_machismo\":\"Machismo\",\"p21_racismo\":\"Racismo\",\"p21_lgbtqifobia\":\"LGBTIfobia\",\"p21_nenhum\":\"Nenhum\",\"p22_numerodeparticipantes\":\"1  - 15\",\"p23_cursos\":\"Cursos\",\"p23_formacao\":\"Forma\\u00e7\\u00e3o\",\"p24_atendimento\":\"Atendimentos\",\"p24_formacao\":\"Forma\\u00e7\\u00e3o\",\"p24_outros\":\"Outros\",\"p25_numerodepessoas\":\"20 - 40\",\"p26_numerodepessoas\":\"20 - 40\",\"p27_espacopublico\":\"Espa\\u00e7o p\\u00fablico\",\"p27_espacoemprestadocedido\":\"Espa\\u00e7o emprestado\\\/cedido\",\"p27_espacoproprio\":\"Espa\\u00e7o pr\\u00f3prio\",\"p28_territorios\":\"Cidade\",\"p30_outrasorganizacoes\":\"Sim\",\"p32_campanhadelongaduracao\":\"N\\u00e3o\",\"p34_estadual\":\"Estadual\",\"p34_nacional\":\"Nacional\",\"p34_nenhuma\":\"Nenhuma\",\"p36_conselhosdeparticipacaoecontrolesocial\":\"Sim\",\"p38_sim\":\"Sim\",\"p38_nenhum\":\"Nenhum\",\"p40_editais\":\"Sim\",\"p41_privadopj\":\"Privado (P. Jur\\u00eddica)\",\"p41_autofinanciamento\":\"Autofinanciamento\",\"p41_financiamentocoletivo0\":\"Financiamento coletivo\",\"p42_meiodedivulgacaoproprio\":\"Sim\",\"p43_email\":\"E-mail\",\"p43_facebook\":\"Facebook\",\"p43_sitesblogs\":\"Blogs\\\/sites\",\"p44_radio\":\"TV\",\"p44_jornaisimpressosdegrandecirculacao\":\"Jornais impressos de grande circula\\u00e7\\u00e3o\",\"p44_jornaisimpressosdebairro\":\"Jornais impressos de bairro\",\"p44_redessociais\":\"Redes sociais (Facebook, YouTube, Instagram etc.)\",\"p39_publico\":\"MULHERES NEGRAS\",\"p45_bandeira\":\"LUTA ANTIRRACISTA CONTRA-PATRIARCADO CONTRA-OPRESS\\u00c3O LUTA OUTRA SOCIEDADE\",\"p46_hashtags\":\"#FIMDOENCARCERAMENTO #MULHERESNEGRASLIVRES #OUTRASOCIEDADE\"},{\"p1_eixo\":\"Cultura\",\"p9_tipoorganizacao\":\"ONG\",\"p12_uf\":\"SP\",\"p13_cidade\":\"S\\u00c3O PAULO\",\"p16_bairro\":\"Bairro\",\"p16_cidade\":\"Cidade\",\"p17_ano\":\"2002\",\"p18_agrario\":\"Agr\\u00e1rio\\\/ruralidades\",\"p18_comunicacao\":\"Comunica\\u00e7\\u00e3o\",\"p18_difusaoartistica\":\"Difus\\u00e3o Art\\u00edstica\",\"p18_desenvolvimentoterritorial\":\"Desenvolvimento territorial\",\"p18_direitoshumanos\":\"Direitos humanos\",\"p18_educacao\":\"Educa\\u00e7\\u00e3o\",\"p18_feminismos\":\"Feminismos\",\"p18_lgbtqi\":\"LGBTQI\",\"p18_lutaantirracismo\":\"Luta antirracismo\",\"p18_mobilidade\":\"Mobilidade\",\"p18_moradia\":\"Moradia\",\"p18_povosecomunidadestradicionais\":\"Povos e comunidades tradicionais\",\"p18_trabalho\":\"Trabalho\",\"p18_religiao\":\"Religi\\u00e3o\",\"p18_saude\":\"Sa\\u00fade\",\"p18_violencia\":\"Viol\\u00eancia\",\"p18_politicasculturais\":\"Pol\\u00edticas Culturais\",\"p19_comunicacao\":\"Comunica\\u00e7\\u00e3o\",\"p19_educacao\":\"Educa\\u00e7\\u00e3o\",\"p19_lgbtqi\":\"LGBTQI\",\"p19_povosecomunidadestradicionais\":\"Povos e comunidades tradicionais\",\"p19_saude\":\"Sa\\u00fade\",\"p20_cursos\":\"Cursos\",\"p20_formacao\":\"Forma\\u00e7\\u00e3o\",\"p20_apresentacoesartisticas\":\"Apresenta\\u00e7\\u00f5es art\\u00edsticas\",\"p21_repressaopolicial\":\"Repress\\u00e3o policial\",\"p21_intoleranciareligiosa\":\"Fundamentalismo\\\/intoler\\u00e2ncia religiosa\",\"p21_xenofobia\":\"Xenofobia\",\"p21_machismo\":\"Machismo\",\"p21_racismo\":\"Racismo\",\"p21_lgbtqifobia\":\"LGBTIfobia\",\"p21_nenhum\":\"Nenhum\",\"p22_numerodeparticipantes\":\"1  - 15\",\"p23_cursos\":\"Cursos\",\"p23_apresentacoesartisticas\":\"Apresenta\\u00e7\\u00f5es Art\\u00edsticas\",\"p24_reunioes\":\"Reuni\\u00f5es\",\"p24_atendimento\":\"Atendimentos\",\"p24_formacao\":\"Forma\\u00e7\\u00e3o\",\"p24_apresentacoesartisticas\":\"Apresenta\\u00e7\\u00f5es art\\u00edsticas\",\"p24_visitasexcursoes\":\"Visitas\\\/Excurs\\u00f5es\",\"p24_outros\":\"Outros\",\"p25_numerodepessoas\":\"Mais de 500\",\"p26_numerodepessoas\":\"400 - 500\",\"p27_espacopublico\":\"Espa\\u00e7o p\\u00fablico\",\"p27_espacoemprestadocedido\":\"Espa\\u00e7o emprestado\\\/cedido\",\"p27_espacoproprio\":\"Espa\\u00e7o pr\\u00f3prio\",\"p28_territorios\":\"Regi\\u00e3o da Cidade\",\"p30_outrasorganizacoes\":\"N\\u00e3o\",\"p32_campanhadelongaduracao\":\"N\\u00e3o\",\"p34_nenhuma\":\"Nenhuma\",\"p36_conselhosdeparticipacaoecontrolesocial\":\"N\\u00e3o\",\"p38_sim\":\"Sim\",\"p38_nenhum\":\"Nenhum\",\"p40_editais\":\"N\\u00e3o\",\"p41_publicoestatal\":\"P\\u00fablico-Estatal\",\"p41_privadopj\":\"Privado (P. Jur\\u00eddica)\",\"p41_autofinanciamento\":\"Autofinanciamento\",\"p41_financiamentocoletivo0\":\"Financiamento coletivo\",\"p42_meiodedivulgacaoproprio\":\"Sim\",\"p43_facebook\":\"Facebook\",\"p44_radio\":\"TV\",\"p44_jornaisimpressosdegrandecirculacao\":\"Jornais impressos de grande circula\\u00e7\\u00e3o\",\"p44_jornaisimpressosdebairro\":\"Jornais impressos de bairro\",\"p44_redessociais\":\"Redes sociais (Facebook, YouTube, Instagram etc.)\",\"p39_publico\":\"JUVENIL ADULTOS\",\"p45_bandeira\":\"ATENDIMENTO JOVENS DIGNIDADE\",\"p46_hashtags\":\"#DIGNIDADE #AMORAOPROXIMO #COMPANHEIRISMO\"},{\"p1_eixo\":\"Cultura\",\"p9_tipoorganizacao\":\"Coletivo Art\\u00edstico\",\"p12_uf\":\"SP\",\"p13_cidade\":\"S\\u00c3O PAULO\",\"p16_cidade\":\"Cidade\",\"p17_ano\":\"1995\",\"p16_estado\":\"Estado\",\"p18_agrario\":\"Agr\\u00e1rio\\\/ruralidades\",\"p18_comunicacao\":\"Comunica\\u00e7\\u00e3o\",\"p18_difusaoartistica\":\"Difus\\u00e3o Art\\u00edstica\",\"p18_desenvolvimentoterritorial\":\"Desenvolvimento territorial\",\"p18_direitoshumanos\":\"Direitos humanos\",\"p18_educacao\":\"Educa\\u00e7\\u00e3o\",\"p18_feminismos\":\"Feminismos\",\"p18_lgbtqi\":\"LGBTQI\",\"p18_lutaantirracismo\":\"Luta antirracismo\",\"p18_mobilidade\":\"Mobilidade\",\"p18_moradia\":\"Moradia\",\"p18_povosecomunidadestradicionais\":\"Povos e comunidades tradicionais\",\"p18_trabalho\":\"Trabalho\",\"p18_religiao\":\"Religi\\u00e3o\",\"p18_saude\":\"Sa\\u00fade\",\"p18_violencia\":\"Viol\\u00eancia\",\"p18_politicasculturais\":\"Pol\\u00edticas Culturais\",\"p19_direitoshumanos\":\"Direitos humanos\",\"p19_educacao\":\"Educa\\u00e7\\u00e3o\",\"p19_povosecomunidadestradicionais\":\"Povos e comunidades tradicionais\",\"p19_saude\":\"Sa\\u00fade\",\"p20_atendimento\":\"Atendimento\",\"p20_profissionalizacao\":\"Profissionaliza\\u00e7\\u00e3o\",\"p20_apresentacoesartisticas\":\"Apresenta\\u00e7\\u00f5es art\\u00edsticas\",\"p20_visitasexcursoes\":\"Visitas\\\/Excurs\\u00f5es\",\"p21_repressaopolicial\":\"Repress\\u00e3o policial\",\"p21_intoleranciareligiosa\":\"Fundamentalismo\\\/intoler\\u00e2ncia religiosa\",\"p21_xenofobia\":\"Xenofobia\",\"p21_machismo\":\"Machismo\",\"p21_racismo\":\"Racismo\",\"p21_lgbtqifobia\":\"LGBTIfobia\",\"p22_numerodeparticipantes\":\"1  - 15\",\"p23_reunioes\":\"Reuni\\u00f5es\",\"p23_apresentacoesartisticas\":\"Apresenta\\u00e7\\u00f5es Art\\u00edsticas\",\"p23_outros\":\"Outros\",\"p24_reunioes\":\"Reuni\\u00f5es\",\"p24_atendimento\":\"Atendimentos\",\"p24_apresentacoesartisticas\":\"Apresenta\\u00e7\\u00f5es art\\u00edsticas\",\"p24_visitasexcursoes\":\"Visitas\\\/Excurs\\u00f5es\",\"p24_outros\":\"Outros\",\"p25_numerodepessoas\":\"200 - 300\",\"p26_numerodepessoas\":\"20 - 40\",\"p27_espacopublico\":\"Espa\\u00e7o p\\u00fablico\",\"p27_espacoemprestadocedido\":\"Espa\\u00e7o emprestado\\\/cedido\",\"p27_espacoproprio\":\"Espa\\u00e7o pr\\u00f3prio\",\"p27_ocupacao\":\"Ocupa\\u00e7\\u00e3o\",\"p28_territorios\":\"Pr\\u00f3prio bairro\",\"p30_outrasorganizacoes\":\"Sim\",\"p32_campanhadelongaduracao\":\"Sim\",\"p34_municipal\":\"Municipal\",\"p34_nenhuma\":\"Nenhuma\",\"p36_conselhosdeparticipacaoecontrolesocial\":\"N\\u00e3o\",\"p38_sim\":\"Sim\",\"p40_editais\":\"Sim\",\"p41_publicoestatal\":\"P\\u00fablico-Estatal\",\"p41_privadopj\":\"Privado (P. Jur\\u00eddica)\",\"p41_autofinanciamento\":\"Autofinanciamento\",\"p41_financiamentocoletivo0\":\"Financiamento coletivo\",\"p42_meiodedivulgacaoproprio\":\"Sim\",\"p43_email\":\"E-mail\",\"p43_facebook\":\"Facebook\",\"p43_instagram\":\"Instagram\",\"p44_radio\":\"TV\",\"p44_jornaisimpressosdebairro\":\"Jornais impressos de bairro\",\"p44_redessociais\":\"Redes sociais (Facebook, YouTube, Instagram etc.)\",\"p44_sitesblogs\":\"Sites ou Blogs\",\"p39_publico\":\"JUVENIL ADULTOS\",\"p45_bandeira\":\"\\u00c1REA CULTURAL EDUCA\\u00c7\\u00c3O SA\\u00daDE\",\"p46_hashtags\":\"#UMAANDORINHASONAOFAZVERAO #PODECHAMAROBONDETODO\"},{\"p1_eixo\":\"Trabalho\",\"p9_tipoorganizacao\":\"Coletivo\",\"p12_uf\":\"SP\",\"p13_cidade\":\"S\\u00c3O PAULO\",\"p16_internacional\":\"Internacional\",\"p17_ano\":\"2012\",\"p16_estado\":\"Estado\",\"p18_agrario\":\"Agr\\u00e1rio\\\/ruralidades\",\"p18_comunicacao\":\"Comunica\\u00e7\\u00e3o\",\"p18_desenvolvimentoterritorial\":\"Desenvolvimento territorial\",\"p18_direitoshumanos\":\"Direitos humanos\",\"p18_educacao\":\"Educa\\u00e7\\u00e3o\",\"p18_feminismos\":\"Feminismos\",\"p18_lgbtqi\":\"LGBTQI\",\"p18_lutaantirracismo\":\"Luta antirracismo\",\"p18_mobilidade\":\"Mobilidade\",\"p18_moradia\":\"Moradia\",\"p18_povosecomunidadestradicionais\":\"Povos e comunidades tradicionais\",\"p18_trabalho\":\"Trabalho\",\"p18_saude\":\"Sa\\u00fade\",\"p18_violencia\":\"Viol\\u00eancia\",\"p19_comunicacao\":\"Comunica\\u00e7\\u00e3o\",\"p19_direitoshumanos\":\"Direitos humanos\",\"p19_educacao\":\"Educa\\u00e7\\u00e3o\",\"p19_saude\":\"Sa\\u00fade\",\"p19_violencia\":\"Viol\\u00eancia\",\"p20_atendimento\":\"Atendimento\",\"p20_formacao\":\"Forma\\u00e7\\u00e3o\",\"p20_profissionalizacao\":\"Profissionaliza\\u00e7\\u00e3o\",\"p20_visitasexcursoes\":\"Visitas\\\/Excurs\\u00f5es\",\"p21_repressaopolicial\":\"Repress\\u00e3o policial\",\"p21_intoleranciareligiosa\":\"Fundamentalismo\\\/intoler\\u00e2ncia religiosa\",\"p21_xenofobia\":\"Xenofobia\",\"p21_machismo\":\"Machismo\",\"p21_racismo\":\"Racismo\",\"p21_lgbtqifobia\":\"LGBTIfobia\",\"p22_numerodeparticipantes\":\"1  - 15\",\"p23_reunioes\":\"Reuni\\u00f5es\",\"p23_atendimento\":\"Atendimento\",\"p23_oficinas\":\"Oficinas\",\"p23_formacao\":\"Forma\\u00e7\\u00e3o\",\"p23_outros\":\"Outros\",\"p24_reunioes\":\"Reuni\\u00f5es\",\"p24_atendimento\":\"Atendimentos\",\"p24_outros\":\"Outros\",\"p25_numerodepessoas\":\"300 - 400\",\"p26_numerodepessoas\":\"40 - 60\",\"p27_espacopublico\":\"Espa\\u00e7o p\\u00fablico\",\"p27_espacoemprestadocedido\":\"Espa\\u00e7o emprestado\\\/cedido\",\"p27_espacoproprio\":\"Espa\\u00e7o pr\\u00f3prio\",\"p27_ocupacao\":\"Ocupa\\u00e7\\u00e3o\",\"p28_territorios\":\"Regi\\u00e3o da Cidade\",\"p30_outrasorganizacoes\":\"N\\u00e3o\",\"p32_campanhadelongaduracao\":\"Sim\",\"p34_municipal\":\"Municipal\",\"p34_estadual\":\"Estadual\",\"p34_nacional\":\"Nacional\",\"p34_internacional\":\"Internacional\",\"p36_conselhosdeparticipacaoecontrolesocial\":\"Sim\",\"p38_sim\":\"Sim\",\"p40_editais\":\"N\\u00e3o\",\"p41_privadopj\":\"Privado (P. Jur\\u00eddica)\",\"p41_autofinanciamento\":\"Autofinanciamento\",\"p41_financiamentocoletivo0\":\"Financiamento coletivo\",\"p42_meiodedivulgacaoproprio\":\"Sim\",\"p43_email\":\"E-mail\",\"p43_facebook\":\"Facebook\",\"p43_instagram\":\"Instagram\",\"p43_twitter\":\"Twitter\",\"p43_sitesblogs\":\"Blogs\\\/sites\",\"p43_youtube\":\"YouTube\",\"p44_radio\":\"TV\",\"p44_jornaisimpressosdebairro\":\"Jornais impressos de bairro\",\"p44_redessociais\":\"Redes sociais (Facebook, YouTube, Instagram etc.)\",\"p44_sitesblogs\":\"Sites ou Blogs\",\"p39_publico\":\"CRIAN\\u00c7AS\",\"p45_bandeira\":\" EDUCA\\u00c7\\u00c3O AMBIENTAL DESENVOLVIMENTO SUSTENT\\u00c1VEL\",\"p46_hashtags\":\"#OLEOVIVO #ALMA #UNIHORTA\"},{\"p1_eixo\":\"Viol\\u00eancia\",\"p9_tipoorganizacao\":\"ONG\",\"p12_uf\":\"RJ\",\"p13_cidade\":\"RIO DE JANEIRO\",\"p16_internacional\":\"Internacional\",\"p17_ano\":\"1998\",\"p16_estado\":\"Estado\",\"p18_agrario\":\"Agr\\u00e1rio\\\/ruralidades\",\"p18_comunicacao\":\"Comunica\\u00e7\\u00e3o\",\"p18_desenvolvimentoterritorial\":\"Desenvolvimento territorial\",\"p18_direitoshumanos\":\"Direitos humanos\",\"p18_educacao\":\"Educa\\u00e7\\u00e3o\",\"p18_feminismos\":\"Feminismos\",\"p18_lgbtqi\":\"LGBTQI\",\"p18_lutaantirracismo\":\"Luta antirracismo\",\"p18_mobilidade\":\"Mobilidade\",\"p18_moradia\":\"Moradia\",\"p18_povosecomunidadestradicionais\":\"Povos e comunidades tradicionais\",\"p18_trabalho\":\"Trabalho\",\"p18_saude\":\"Sa\\u00fade\",\"p18_violencia\":\"Viol\\u00eancia\",\"p18_politicasculturais\":\"Pol\\u00edticas Culturais\",\"p19_agrario\":\"Agr\\u00e1rio\\\/ruralidades\",\"p19_comunicacao\":\"Comunica\\u00e7\\u00e3o\",\"p19_desenvolvimentoterritorial\":\"Desenvolvimento territorial\",\"p19_direitoshumanos\":\"Direitos humanos\",\"p19_trabalho\":\"Trabalho\",\"p19_violencia\":\"Viol\\u00eancia\",\"p20_reunioes\":\"Reuni\\u00f5es\",\"p20_atendimento\":\"Atendimento\",\"p20_cursos\":\"Cursos\",\"p20_formacao\":\"Forma\\u00e7\\u00e3o\",\"p21_repressaopolicial\":\"Repress\\u00e3o policial\",\"p21_machismo\":\"Machismo\",\"p21_racismo\":\"Racismo\",\"p21_nenhum\":\"Nenhum\",\"p22_numerodeparticipantes\":\"15 - 30\",\"p23_reunioes\":\"Reuni\\u00f5es\",\"p23_atendimento\":\"Atendimento\",\"p23_oficinas\":\"Oficinas\",\"p23_cursos\":\"Cursos\",\"p23_formacao\":\"Forma\\u00e7\\u00e3o\",\"p23_outros\":\"Outros\",\"p24_atendimento\":\"Atendimentos\",\"p24_profissionalizacao\":\"Profissionaliza\\u00e7\\u00e3o\",\"p24_outros\":\"Outros\",\"p25_numerodepessoas\":\"Mais de 500\",\"p26_numerodepessoas\":\"Mais de 500\",\"p27_espacopublico\":\"Espa\\u00e7o p\\u00fablico\",\"p27_espacoemprestadocedido\":\"Espa\\u00e7o emprestado\\\/cedido\",\"p27_espacoproprio\":\"Espa\\u00e7o pr\\u00f3prio\",\"p28_territorios\":\"Atua\\u00e7\\u00e3o Internacional\",\"p30_outrasorganizacoes\":\"Sim\",\"p32_campanhadelongaduracao\":\"Sim\",\"p34_municipal\":\"Municipal\",\"p34_estadual\":\"Estadual\",\"p34_nacional\":\"Nacional\",\"p34_internacional\":\"Internacional\",\"p36_conselhosdeparticipacaoecontrolesocial\":\"Sim\",\"p38_sim\":\"Sim\",\"p38_nenhum\":\"Nenhum\",\"p40_editais\":\"Sim\",\"p41_publicoestatal\":\"P\\u00fablico-Estatal\",\"p41_privadopj\":\"Privado (P. Jur\\u00eddica)\",\"p41_autofinanciamento\":\"Autofinanciamento\",\"p41_financiamentocoletivo0\":\"Financiamento coletivo\",\"p42_meiodedivulgacaoproprio\":\"Sim\",\"p43_email\":\"E-mail\",\"p43_facebook\":\"Facebook\",\"p43_instagram\":\"Instagram\",\"p43_twitter\":\"Twitter\",\"p43_sitesblogs\":\"Blogs\\\/sites\",\"p43_youtube\":\"YouTube\",\"p44_radio\":\"TV\",\"p44_jornaisimpressosdebairro\":\"Jornais impressos de bairro\",\"p44_redessociais\":\"Redes sociais (Facebook, YouTube, Instagram etc.)\",\"p44_nenhum\":\"Nenhum\",\"p39_publico\":\"COMUNIDADES POBRES LIBERDADE V\\u00cdTIMAS VIOLA\\u00c7\\u00c3O DIREITOS HUMANOS QUILOMBOLAS IND\\u00cdGENAS\",\"p45_bandeira\":\"DEFESA DIREITOS HUMANOS\",\"p46_hashtags\":\"#CONTRAINJUSTICASSOCIAIS #PORIGUALDADEDEDIREITOS #CONTRAVIOLENCIAINSTITUCIONAL\"},{\"p1_eixo\":\"Trabalho\",\"p9_tipoorganizacao\":\"Instituto\",\"p12_uf\":\"RS\",\"p13_cidade\":\"PORTO ALEGRE\",\"p16_cidade\":\"Cidade\",\"p17_ano\":\"2012\",\"p16_estado\":\"Estado\",\"p18_agrario\":\"Agr\\u00e1rio\\\/ruralidades\",\"p18_comunicacao\":\"Comunica\\u00e7\\u00e3o\",\"p18_desenvolvimentoterritorial\":\"Desenvolvimento territorial\",\"p18_direitoshumanos\":\"Direitos humanos\",\"p18_educacao\":\"Educa\\u00e7\\u00e3o\",\"p18_feminismos\":\"Feminismos\",\"p18_lgbtqi\":\"LGBTQI\",\"p18_lutaantirracismo\":\"Luta antirracismo\",\"p18_mobilidade\":\"Mobilidade\",\"p18_moradia\":\"Moradia\",\"p18_povosecomunidadestradicionais\":\"Povos e comunidades tradicionais\",\"p18_trabalho\":\"Trabalho\",\"p18_religiao\":\"Religi\\u00e3o\",\"p18_saude\":\"Sa\\u00fade\",\"p18_violencia\":\"Viol\\u00eancia\",\"p18_politicasculturais\":\"Pol\\u00edticas Culturais\",\"p19_agrario\":\"Agr\\u00e1rio\\\/ruralidades\",\"p19_desenvolvimentoterritorial\":\"Desenvolvimento territorial\",\"p19_educacao\":\"Educa\\u00e7\\u00e3o\",\"p19_feminismos\":\"Feminismos\",\"p19_trabalho\":\"Trabalho\",\"p19_difusaoartistica\":\"Difus\\u00e3o Art\\u00edstica\",\"p20_reunioes\":\"Reuni\\u00f5es\",\"p20_atendimento\":\"Atendimento\",\"p20_oficinasaulasartisticas\":\"Ensaios\\\/Oficinas\\\/Aulas art\\u00edsticas\",\"p20_cursos\":\"Cursos\",\"p20_formacao\":\"Forma\\u00e7\\u00e3o\",\"p20_apresentacoesartisticas\":\"Apresenta\\u00e7\\u00f5es art\\u00edsticas\",\"p21_nenhum\":\"Nenhum\",\"p22_numerodeparticipantes\":\"1  - 15\",\"p23_oficinas\":\"Oficinas\",\"p23_cursos\":\"Cursos\",\"p23_apresentacoesartisticas\":\"Apresenta\\u00e7\\u00f5es Art\\u00edsticas\",\"p24_oficinasaulasartisticas\":\"Ensaios\\\/Oficinas\\\/Aulas art\\u00edsticas\",\"p24_profissionalizacao\":\"Profissionaliza\\u00e7\\u00e3o\",\"p25_numerodepessoas\":\"80 - 100\",\"p26_numerodepessoas\":\"100 - 200\",\"p27_espacoemprestadocedido\":\"Espa\\u00e7o emprestado\\\/cedido\",\"p27_espacoproprio\":\"Espa\\u00e7o pr\\u00f3prio\",\"p28_territorios\":\"Estado\",\"p30_outrasorganizacoes\":\"N\\u00e3o\",\"p32_campanhadelongaduracao\":\"N\\u00e3o\",\"p34_municipal\":\"Municipal\",\"p34_nenhuma\":\"Nenhuma\",\"p36_conselhosdeparticipacaoecontrolesocial\":\"Sim\",\"p38_nenhum\":\"Nenhum\",\"p40_editais\":\"Sim\",\"p41_publicoestatal\":\"P\\u00fablico-Estatal\",\"p41_autofinanciamento\":\"Autofinanciamento\",\"p41_financiamentocoletivo0\":\"Financiamento coletivo\",\"p42_meiodedivulgacaoproprio\":\"Sim\",\"p43_facebook\":\"Facebook\",\"p43_instagram\":\"Instagram\",\"p43_sitesblogs\":\"Blogs\\\/sites\",\"p43_youtube\":\"YouTube\",\"p44_sitesblogs\":\"Sites ou Blogs\",\"p44_nenhum\":\"Nenhum\",\"p39_publico\":\"MULHERES JOVENS\",\"p45_bandeira\":\"FOMENTO ECONOMIA-SOLID\\u00c1RIA \",\"p46_hashtags\":\"#ECONOMIASOLIDARIA #MULHERES\"},{\"p1_eixo\":\"Cultura\",\"p9_tipoorganizacao\":\"Coletivo\",\"p12_uf\":\"SP\",\"p13_cidade\":\"S\\u00c3O PAULO\",\"p16_cidade\":\"Cidade\",\"p17_ano\":\"2017\",\"p18_comunicacao\":\"Comunica\\u00e7\\u00e3o\",\"p18_difusaoartistica\":\"Difus\\u00e3o Art\\u00edstica\",\"p18_desenvolvimentoterritorial\":\"Desenvolvimento territorial\",\"p18_direitoshumanos\":\"Direitos humanos\",\"p18_educacao\":\"Educa\\u00e7\\u00e3o\",\"p18_feminismos\":\"Feminismos\",\"p18_lgbtqi\":\"LGBTQI\",\"p18_lutaantirracismo\":\"Luta antirracismo\",\"p18_mobilidade\":\"Mobilidade\",\"p18_moradia\":\"Moradia\",\"p18_povosecomunidadestradicionais\":\"Povos e comunidades tradicionais\",\"p18_trabalho\":\"Trabalho\",\"p18_religiao\":\"Religi\\u00e3o\",\"p18_violencia\":\"Viol\\u00eancia\",\"p18_politicasculturais\":\"Pol\\u00edticas Culturais\",\"p19_direitoshumanos\":\"Direitos humanos\",\"p19_educacao\":\"Educa\\u00e7\\u00e3o\",\"p19_feminismos\":\"Feminismos\",\"p19_difusaoartistica\":\"Difus\\u00e3o Art\\u00edstica\",\"p19_politicasculturais\":\"Pol\\u00edticas Culturais\",\"p20_oficinasaulasartisticas\":\"Ensaios\\\/Oficinas\\\/Aulas art\\u00edsticas\",\"p20_apresentacoesartisticas\":\"Apresenta\\u00e7\\u00f5es art\\u00edsticas\",\"p21_intoleranciareligiosa\":\"Fundamentalismo\\\/intoler\\u00e2ncia religiosa\",\"p21_machismo\":\"Machismo\",\"p21_lgbtqifobia\":\"LGBTIfobia\",\"p21_nenhum\":\"Nenhum\",\"p22_numerodeparticipantes\":\"1  - 15\",\"p23_oficinasaulasartisticas\":\"Ensaio\\\/Oficinas\\\/Aulas Art\\u00edsticas\",\"p23_apresentacoesartisticas\":\"Apresenta\\u00e7\\u00f5es Art\\u00edsticas\",\"p23_visitas\":\"Visitas\",\"p23_outros\":\"Outros\",\"p24_oficinasaulasartisticas\":\"Ensaios\\\/Oficinas\\\/Aulas art\\u00edsticas\",\"p24_visitasexcursoes\":\"Visitas\\\/Excurs\\u00f5es\",\"p24_outros\":\"Outros\",\"p25_numerodepessoas\":\"60 - 80\",\"p26_numerodepessoas\":\"200 - 300\",\"p27_espacopublico\":\"Espa\\u00e7o p\\u00fablico\",\"p27_espacoemprestadocedido\":\"Espa\\u00e7o emprestado\\\/cedido\",\"p28_territorios\":\"Regi\\u00e3o da Cidade\",\"p30_outrasorganizacoes\":\"Sim\",\"p32_campanhadelongaduracao\":\"N\\u00e3o\",\"p34_nenhuma\":\"Nenhuma\",\"p36_conselhosdeparticipacaoecontrolesocial\":\"N\\u00e3o\",\"p38_sim\":\"Sim\",\"p38_nenhum\":\"Nenhum\",\"p40_editais\":\"Sim\",\"p41_publicoestatal\":\"P\\u00fablico-Estatal\",\"p41_privadopf\":\"Privado (P. F\\u00edsica)\",\"p41_autofinanciamento\":\"Autofinanciamento\",\"p41_financiamentocoletivo0\":\"Financiamento coletivo\",\"p42_meiodedivulgacaoproprio\":\"Sim\",\"p43_email\":\"E-mail\",\"p43_facebook\":\"Facebook\",\"p43_instagram\":\"Instagram\",\"p43_youtube\":\"YouTube\",\"p44_jornaisimpressosdebairro\":\"Jornais impressos de bairro\",\"p44_redessociais\":\"Redes sociais (Facebook, YouTube, Instagram etc.)\",\"p44_sitesblogs\":\"Sites ou Blogs\",\"p39_publico\":\"MULHERES PERIF\\u00c9RICAS\",\"p45_bandeira\":\"LUTA FEMINISTA DIREITO EXPRESS\\u00c3O RECONHECIMENTO IGUALDADE\",\"p46_hashtags\":\"#EMANCIPACAO #GRAFITTICOMOFERRAMENTEDEFALAELUTA #ESPA\\u00c7OAPRAMULHERESARTISTAS\"},{\"p1_eixo\":\"Cultura\",\"p9_tipoorganizacao\":\"Coletivo Art\\u00edstico\",\"p12_uf\":\"SP\",\"p13_cidade\":\"SUZANO\",\"p16_bairro\":\"Bairro\",\"p16_cidade\":\"Cidade\",\"p17_ano\":\"2013\",\"p18_comunicacao\":\"Comunica\\u00e7\\u00e3o\",\"p18_difusaoartistica\":\"Difus\\u00e3o Art\\u00edstica\",\"p18_desenvolvimentoterritorial\":\"Desenvolvimento territorial\",\"p18_direitoshumanos\":\"Direitos humanos\",\"p18_educacao\":\"Educa\\u00e7\\u00e3o\",\"p18_feminismos\":\"Feminismos\",\"p18_lgbtqi\":\"LGBTQI\",\"p18_lutaantirracismo\":\"Luta antirracismo\",\"p18_mobilidade\":\"Mobilidade\",\"p18_moradia\":\"Moradia\",\"p18_povosecomunidadestradicionais\":\"Povos e comunidades tradicionais\",\"p18_trabalho\":\"Trabalho\",\"p18_religiao\":\"Religi\\u00e3o\",\"p18_saude\":\"Sa\\u00fade\",\"p18_violencia\":\"Viol\\u00eancia\",\"p18_politicasculturais\":\"Pol\\u00edticas Culturais\",\"p19_direitoshumanos\":\"Direitos humanos\",\"p19_educacao\":\"Educa\\u00e7\\u00e3o\",\"p19_lutaantirracismo\":\"Luta antirracismo\",\"p19_violencia\":\"Viol\\u00eancia\",\"p19_politicasculturais\":\"Pol\\u00edticas Culturais\",\"p20_oficinasaulasartisticas\":\"Ensaios\\\/Oficinas\\\/Aulas art\\u00edsticas\",\"p20_apresentacoesartisticas\":\"Apresenta\\u00e7\\u00f5es art\\u00edsticas\",\"p21_repressaopolicial\":\"Repress\\u00e3o policial\",\"p21_intoleranciareligiosa\":\"Fundamentalismo\\\/intoler\\u00e2ncia religiosa\",\"p21_machismo\":\"Machismo\",\"p21_lgbtqifobia\":\"LGBTIfobia\",\"p22_numerodeparticipantes\":\"1  - 15\",\"p23_oficinasaulasartisticas\":\"Ensaio\\\/Oficinas\\\/Aulas Art\\u00edsticas\",\"p23_apresentacoesartisticas\":\"Apresenta\\u00e7\\u00f5es Art\\u00edsticas\",\"p23_visitas\":\"Visitas\",\"p23_outros\":\"Outros\",\"p24_visitasexcursoes\":\"Visitas\\\/Excurs\\u00f5es\",\"p24_outros\":\"Outros\",\"p25_numerodepessoas\":\"80 - 100\",\"p26_numerodepessoas\":\"1 - 20\",\"p27_espacopublico\":\"Espa\\u00e7o p\\u00fablico\",\"p28_territorios\":\"Cidade\",\"p30_outrasorganizacoes\":\"Sim\",\"p32_campanhadelongaduracao\":\"Sim\",\"p34_nenhuma\":\"Nenhuma\",\"p36_conselhosdeparticipacaoecontrolesocial\":\"Sim\",\"p38_sim\":\"Sim\",\"p38_nenhum\":\"Nenhum\",\"p40_editais\":\"N\\u00e3o\",\"p41_privadopf\":\"Privado (P. F\\u00edsica)\",\"p41_autofinanciamento\":\"Autofinanciamento\",\"p41_financiamentocoletivo0\":\"Financiamento coletivo\",\"p42_meiodedivulgacaoproprio\":\"Sim\",\"p43_email\":\"E-mail\",\"p43_facebook\":\"Facebook\",\"p43_whatsapp\":\"WhatsApp\",\"p43_instagram\":\"Instagram\",\"p44_jornaisimpressosdebairro\":\"Jornais impressos de bairro\",\"p44_redessociais\":\"Redes sociais (Facebook, YouTube, Instagram etc.)\",\"p44_sitesblogs\":\"Sites ou Blogs\",\"p44_nenhum\":\"Nenhum\",\"p39_publico\":\"JUVENTUDE ESTUDANTES\",\"p45_bandeira\":\"AMPLIA\\u00c7\\u00c3O ARTE INDEPENDENTE CULTURA FEMINISMO LGBTQIA+\",\"p46_hashtags\":\"#ARTEINDEPENDENTE #RESPEITO #MACHISTASNAOPASSARAM\"},{\"p1_eixo\":\"Cultura\",\"p9_tipoorganizacao\":\"Coletivo Art\\u00edstico\",\"p12_uf\":\"AP\",\"p13_cidade\":\"AMAP\\u00c1\",\"p16_bairro\":\"Bairro\",\"p17_ano\":\"2017\",\"p18_comunicacao\":\"Comunica\\u00e7\\u00e3o\",\"p18_difusaoartistica\":\"Difus\\u00e3o Art\\u00edstica\",\"p18_desenvolvimentoterritorial\":\"Desenvolvimento territorial\",\"p18_direitoshumanos\":\"Direitos humanos\",\"p18_educacao\":\"Educa\\u00e7\\u00e3o\",\"p18_feminismos\":\"Feminismos\",\"p18_lgbtqi\":\"LGBTQI\",\"p18_lutaantirracismo\":\"Luta antirracismo\",\"p18_mobilidade\":\"Mobilidade\",\"p18_moradia\":\"Moradia\",\"p18_povosecomunidadestradicionais\":\"Povos e comunidades tradicionais\",\"p18_trabalho\":\"Trabalho\",\"p18_saude\":\"Sa\\u00fade\",\"p18_violencia\":\"Viol\\u00eancia\",\"p18_politicasculturais\":\"Pol\\u00edticas Culturais\",\"p19_comunicacao\":\"Comunica\\u00e7\\u00e3o\",\"p19_direitoshumanos\":\"Direitos humanos\",\"p19_educacao\":\"Educa\\u00e7\\u00e3o\",\"p19_lutaantirracismo\":\"Luta antirracismo\",\"p19_violencia\":\"Viol\\u00eancia\",\"p19_difusaoartistica\":\"Difus\\u00e3o Art\\u00edstica\",\"p20_oficinas\":\"Oficinas\",\"p20_apresentacoesartisticas\":\"Apresenta\\u00e7\\u00f5es art\\u00edsticas\",\"p21_repressaopolicial\":\"Repress\\u00e3o policial\",\"p21_machismo\":\"Machismo\",\"p22_numerodeparticipantes\":\"1  - 15\",\"p23_apresentacoesartisticas\":\"Apresenta\\u00e7\\u00f5es Art\\u00edsticas\",\"p23_outros\":\"Outros\",\"p24_oficinas\":\"Oficinas\",\"p24_apresentacoesartisticas\":\"Apresenta\\u00e7\\u00f5es art\\u00edsticas\",\"p24_outros\":\"Outros\",\"p25_numerodepessoas\":\"80 - 100\",\"p26_numerodepessoas\":\"1 - 20\",\"p27_espacopublico\":\"Espa\\u00e7o p\\u00fablico\",\"p27_espacoemprestadocedido\":\"Espa\\u00e7o emprestado\\\/cedido\",\"p28_territorios\":\"Regi\\u00e3o da Cidade\",\"p30_outrasorganizacoes\":\"N\\u00e3o\",\"p32_campanhadelongaduracao\":\"N\\u00e3o\",\"p34_nenhuma\":\"Nenhuma\",\"p36_conselhosdeparticipacaoecontrolesocial\":\"N\\u00e3o\",\"p38_nenhum\":\"Nenhum\",\"p40_editais\":\"N\\u00e3o\",\"p41_privadopf\":\"Privado (P. F\\u00edsica)\",\"p41_autofinanciamento\":\"Autofinanciamento\",\"p42_meiodedivulgacaoproprio\":\"Sim\",\"p43_email\":\"E-mail\",\"p43_facebook\":\"Facebook\",\"p43_whatsapp\":\"WhatsApp\",\"p43_sitesblogs\":\"Blogs\\\/sites\",\"p44_nenhum\":\"Nenhum\",\"p39_publico\":\"MCS JOVENS\",\"p45_bandeira\":\"R.U.A RESIST\\u00caNCIA UNI\\u00c3O ATITUDE\",\"p46_hashtags\":\"#UNIAO #MINASNOTOPO #TODOSPELOHIPHOP\"},{\"p1_eixo\":\"Cultura\",\"p9_tipoorganizacao\":\"Coletivo\",\"p12_uf\":\"SP\",\"p13_cidade\":\"S\\u00c3O PAULO\",\"p16_bairro\":\"Bairro\",\"p17_ano\":\"2013\",\"p18_comunicacao\":\"Comunica\\u00e7\\u00e3o\",\"p18_difusaoartistica\":\"Difus\\u00e3o Art\\u00edstica\",\"p18_desenvolvimentoterritorial\":\"Desenvolvimento territorial\",\"p18_direitoshumanos\":\"Direitos humanos\",\"p18_educacao\":\"Educa\\u00e7\\u00e3o\",\"p18_feminismos\":\"Feminismos\",\"p18_lgbtqi\":\"LGBTQI\",\"p18_lutaantirracismo\":\"Luta antirracismo\",\"p18_mobilidade\":\"Mobilidade\",\"p18_moradia\":\"Moradia\",\"p18_povosecomunidadestradicionais\":\"Povos e comunidades tradicionais\",\"p18_saude\":\"Sa\\u00fade\",\"p18_violencia\":\"Viol\\u00eancia\",\"p18_politicasculturais\":\"Pol\\u00edticas Culturais\",\"p19_comunicacao\":\"Comunica\\u00e7\\u00e3o\",\"p19_direitoshumanos\":\"Direitos humanos\",\"p19_feminismos\":\"Feminismos\",\"p19_difusaoartistica\":\"Difus\\u00e3o Art\\u00edstica\",\"p19_politicasculturais\":\"Pol\\u00edticas Culturais\",\"p20_oficinas\":\"Oficinas\",\"p20_oficinasaulasartisticas\":\"Ensaios\\\/Oficinas\\\/Aulas art\\u00edsticas\",\"p20_apresentacoesartisticas\":\"Apresenta\\u00e7\\u00f5es art\\u00edsticas\",\"p21_machismo\":\"Machismo\",\"p22_numerodeparticipantes\":\"1  - 15\",\"p23_oficinasaulasartisticas\":\"Ensaio\\\/Oficinas\\\/Aulas Art\\u00edsticas\",\"p23_apresentacoesartisticas\":\"Apresenta\\u00e7\\u00f5es Art\\u00edsticas\",\"p23_outros\":\"Outros\",\"p24_reunioes\":\"Reuni\\u00f5es\",\"p24_atendimento\":\"Atendimentos\",\"p24_oficinas\":\"Oficinas\",\"p24_apresentacoesartisticas\":\"Apresenta\\u00e7\\u00f5es art\\u00edsticas\",\"p24_outros\":\"Outros\",\"p25_numerodepessoas\":\"1 - 20\",\"p26_numerodepessoas\":\"1 - 20\",\"p27_espacopublico\":\"Espa\\u00e7o p\\u00fablico\",\"p27_espacoemprestadocedido\":\"Espa\\u00e7o emprestado\\\/cedido\",\"p27_ocupacao\":\"Ocupa\\u00e7\\u00e3o\",\"p28_territorios\":\"Regi\\u00e3o da Cidade\",\"p30_outrasorganizacoes\":\"N\\u00e3o\",\"p32_campanhadelongaduracao\":\"N\\u00e3o\",\"p34_municipal\":\"Municipal\",\"p34_nenhuma\":\"Nenhuma\",\"p36_conselhosdeparticipacaoecontrolesocial\":\"Sim\",\"p38_sim\":\"Sim\",\"p38_nenhum\":\"Nenhum\",\"p40_editais\":\"Sim\",\"p41_privadopf\":\"Privado (P. F\\u00edsica)\",\"p41_autofinanciamento\":\"Autofinanciamento\",\"p41_financiamentocoletivo0\":\"Financiamento coletivo\",\"p42_meiodedivulgacaoproprio\":\"Sim\",\"p43_impressoes\":\"Impressos\",\"p43_email\":\"E-mail\",\"p43_facebook\":\"Facebook\",\"p43_instagram\":\"Instagram\",\"p43_sitesblogs\":\"Blogs\\\/sites\",\"p44_jornaisimpressosdebairro\":\"Jornais impressos de bairro\",\"p44_redessociais\":\"Redes sociais (Facebook, YouTube, Instagram etc.)\",\"p44_sitesblogs\":\"Sites ou Blogs\",\"p44_nenhum\":\"Nenhum\",\"p39_publico\":\"JOVENS\",\"p45_bandeira\":\"FEMINISMO INCLUS\\u00c3O ART\\u00cdSTICA\",\"p46_hashtags\":\"#CINEMAPERIFERICO #AUDIOVISUAL\"},{\"p1_eixo\":\"Cultura\",\"p9_tipoorganizacao\":\"Coletivo\",\"p12_uf\":\"SP\",\"p13_cidade\":\"S\\u00c3O PAULO\",\"p16_bairro\":\"Bairro\",\"p16_cidade\":\"Cidade\",\"p17_ano\":\"2016\",\"p18_agrario\":\"Agr\\u00e1rio\\\/ruralidades\",\"p18_comunicacao\":\"Comunica\\u00e7\\u00e3o\",\"p18_difusaoartistica\":\"Difus\\u00e3o Art\\u00edstica\",\"p18_desenvolvimentoterritorial\":\"Desenvolvimento territorial\",\"p18_direitoshumanos\":\"Direitos humanos\",\"p18_educacao\":\"Educa\\u00e7\\u00e3o\",\"p18_feminismos\":\"Feminismos\",\"p18_lgbtqi\":\"LGBTQI\",\"p18_lutaantirracismo\":\"Luta antirracismo\",\"p18_mobilidade\":\"Mobilidade\",\"p18_moradia\":\"Moradia\",\"p18_povosecomunidadestradicionais\":\"Povos e comunidades tradicionais\",\"p18_trabalho\":\"Trabalho\",\"p18_religiao\":\"Religi\\u00e3o\",\"p18_saude\":\"Sa\\u00fade\",\"p18_violencia\":\"Viol\\u00eancia\",\"p18_politicasculturais\":\"Pol\\u00edticas Culturais\",\"p19_feminismos\":\"Feminismos\",\"p19_lutaantirracismo\":\"Luta antirracismo\",\"p19_religiao\":\"Religi\\u00e3o\",\"p19_difusaoartistica\":\"Difus\\u00e3o Art\\u00edstica\",\"p19_politicasculturais\":\"Pol\\u00edticas Culturais\",\"p20_reunioes\":\"Reuni\\u00f5es\",\"p20_oficinas\":\"Oficinas\",\"p20_oficinasaulasartisticas\":\"Ensaios\\\/Oficinas\\\/Aulas art\\u00edsticas\",\"p20_formacao\":\"Forma\\u00e7\\u00e3o\",\"p20_apresentacoesartisticas\":\"Apresenta\\u00e7\\u00f5es art\\u00edsticas\",\"p21_repressaopolicial\":\"Repress\\u00e3o policial\",\"p21_intoleranciareligiosa\":\"Fundamentalismo\\\/intoler\\u00e2ncia religiosa\",\"p21_xenofobia\":\"Xenofobia\",\"p21_machismo\":\"Machismo\",\"p21_racismo\":\"Racismo\",\"p21_lgbtqifobia\":\"LGBTIfobia\",\"p21_enfrentamentocomgruposprivadosarmados\":\"Enfrentamento com grupos privados armados\",\"p22_numerodeparticipantes\":\"1  - 15\",\"p23_reunioes\":\"Reuni\\u00f5es\",\"p23_oficinas\":\"Oficinas\",\"p23_oficinasaulasartisticas\":\"Ensaio\\\/Oficinas\\\/Aulas Art\\u00edsticas\",\"p23_formacao\":\"Forma\\u00e7\\u00e3o\",\"p23_apresentacoesartisticas\":\"Apresenta\\u00e7\\u00f5es Art\\u00edsticas\",\"p23_outros\":\"Outros\",\"p24_reunioes\":\"Reuni\\u00f5es\",\"p24_atendimento\":\"Atendimentos\",\"p24_oficinas\":\"Oficinas\",\"p24_apresentacoesartisticas\":\"Apresenta\\u00e7\\u00f5es art\\u00edsticas\",\"p24_outros\":\"Outros\",\"p25_numerodepessoas\":\"100 - 200\",\"p26_numerodepessoas\":\"200 - 300\",\"p27_espacopublico\":\"Espa\\u00e7o p\\u00fablico\",\"p27_espacoemprestadocedido\":\"Espa\\u00e7o emprestado\\\/cedido\",\"p27_espacoproprio\":\"Espa\\u00e7o pr\\u00f3prio\",\"p27_ocupacao\":\"Ocupa\\u00e7\\u00e3o\",\"p28_territorios\":\"Regi\\u00e3o da Cidade\",\"p30_outrasorganizacoes\":\"Sim\",\"p32_campanhadelongaduracao\":\"N\\u00e3o\",\"p34_municipal\":\"Municipal\",\"p34_estadual\":\"Estadual\",\"p36_conselhosdeparticipacaoecontrolesocial\":\"N\\u00e3o\",\"p38_sim\":\"Sim\",\"p40_editais\":\"N\\u00e3o\",\"p41_privadopf\":\"Privado (P. F\\u00edsica)\",\"p41_privadopj\":\"Privado (P. Jur\\u00eddica)\",\"p41_autofinanciamento\":\"Autofinanciamento\",\"p41_financiamentocoletivo0\":\"Financiamento coletivo\",\"p42_meiodedivulgacaoproprio\":\"Sim\",\"p43_impressoes\":\"Impressos\",\"p43_email\":\"E-mail\",\"p43_facebook\":\"Facebook\",\"p43_instagram\":\"Instagram\",\"p43_sitesblogs\":\"Blogs\\\/sites\",\"p44_radio\":\"R\\u00e1dio\",\"p44_jornaisimpressosdebairro\":\"Jornais impressos de bairro\",\"p44_redessociais\":\"Redes sociais (Facebook, YouTube, Instagram etc.)\",\"p44_sitesblogs\":\"Sites ou Blogs\",\"p39_publico\":\"COMUNIDADE\",\"p45_bandeira\":\"CULTURA ARTE PERIFERIA\",\"p46_hashtags\":\"#RESISTENCIA #OCUPACAO #LUTA\"},{\"p1_eixo\":\"Viol\\u00eancia\",\"p9_tipoorganizacao\":\"Instituto\",\"p12_uf\":\"AM\",\"p13_cidade\":\"MANAUS\",\"p16_cidade\":\"Cidade\",\"p16_nacional\":\"Nacional\",\"p17_ano\":\"2007\",\"p18_agrario\":\"Agr\\u00e1rio\\\/ruralidades\",\"p18_comunicacao\":\"Comunica\\u00e7\\u00e3o\",\"p18_difusaoartistica\":\"Difus\\u00e3o Art\\u00edstica\",\"p18_desenvolvimentoterritorial\":\"Desenvolvimento territorial\",\"p18_direitoshumanos\":\"Direitos humanos\",\"p18_educacao\":\"Educa\\u00e7\\u00e3o\",\"p18_feminismos\":\"Feminismos\",\"p18_lgbtqi\":\"LGBTQI\",\"p18_lutaantirracismo\":\"Luta antirracismo\",\"p18_mobilidade\":\"Mobilidade\",\"p18_moradia\":\"Moradia\",\"p18_povosecomunidadestradicionais\":\"Povos e comunidades tradicionais\",\"p18_trabalho\":\"Trabalho\",\"p18_religiao\":\"Religi\\u00e3o\",\"p18_saude\":\"Sa\\u00fade\",\"p18_violencia\":\"Viol\\u00eancia\",\"p18_politicasculturais\":\"Pol\\u00edticas Culturais\",\"p19_direitoshumanos\":\"Direitos humanos\",\"p19_lutaantirracismo\":\"Luta antirracismo\",\"p19_religiao\":\"Religi\\u00e3o\",\"p19_violencia\":\"Viol\\u00eancia\",\"p19_politicasculturais\":\"Pol\\u00edticas Culturais\",\"p20_reunioes\":\"Reuni\\u00f5es\",\"p20_atendimento\":\"Atendimento\",\"p20_oficinas\":\"Oficinas\",\"p20_oficinasaulasartisticas\":\"Ensaios\\\/Oficinas\\\/Aulas art\\u00edsticas\",\"p20_formacao\":\"Forma\\u00e7\\u00e3o\",\"p20_apresentacoesartisticas\":\"Apresenta\\u00e7\\u00f5es art\\u00edsticas\",\"p21_repressaopolicial\":\"Repress\\u00e3o policial\",\"p21_intoleranciareligiosa\":\"Fundamentalismo\\\/intoler\\u00e2ncia religiosa\",\"p21_xenofobia\":\"Xenofobia\",\"p21_machismo\":\"Machismo\",\"p21_racismo\":\"Racismo\",\"p21_lgbtqifobia\":\"LGBTIfobia\",\"p21_enfrentamentocomgruposprivadosarmados\":\"Enfrentamento com grupos privados armados\",\"p22_numerodeparticipantes\":\"1  - 15\",\"p23_reunioes\":\"Reuni\\u00f5es\",\"p23_oficinas\":\"Oficinas\",\"p23_oficinasaulasartisticas\":\"Ensaio\\\/Oficinas\\\/Aulas Art\\u00edsticas\",\"p23_formacao\":\"Forma\\u00e7\\u00e3o\",\"p23_apresentacoesartisticas\":\"Apresenta\\u00e7\\u00f5es Art\\u00edsticas\",\"p23_outros\":\"Outros\",\"p24_reunioes\":\"Reuni\\u00f5es\",\"p24_atendimento\":\"Atendimentos\",\"p24_oficinas\":\"Oficinas\",\"p24_outros\":\"Outros\",\"p25_numerodepessoas\":\"Mais de 500\",\"p26_numerodepessoas\":\"20 - 40\",\"p27_espacopublico\":\"Espa\\u00e7o p\\u00fablico\",\"p27_espacoemprestadocedido\":\"Espa\\u00e7o emprestado\\\/cedido\",\"p27_espacoproprio\":\"Espa\\u00e7o pr\\u00f3prio\",\"p28_territorios\":\"Cidade\",\"p30_outrasorganizacoes\":\"Sim\",\"p32_campanhadelongaduracao\":\"Sim\",\"p34_municipal\":\"Municipal\",\"p34_estadual\":\"Estadual\",\"p34_nenhuma\":\"Nenhuma\",\"p36_conselhosdeparticipacaoecontrolesocial\":\"Sim\",\"p38_sim\":\"Sim\",\"p40_editais\":\"Sim\",\"p41_privadopf\":\"Privado (P. F\\u00edsica)\",\"p41_privadopj\":\"Privado (P. Jur\\u00eddica)\",\"p41_autofinanciamento\":\"Autofinanciamento\",\"p41_financiamentocoletivo0\":\"Financiamento coletivo\",\"p42_meiodedivulgacaoproprio\":\"Sim\",\"p43_impressoes\":\"Impressos\",\"p43_email\":\"E-mail\",\"p43_facebook\":\"Facebook\",\"p43_instagram\":\"Instagram\",\"p43_sitesblogs\":\"Blogs\\\/sites\",\"p44_radio\":\"R\\u00e1dio\",\"p44_jornaisimpressosdebairro\":\"Jornais impressos de bairro\",\"p44_redessociais\":\"Redes sociais (Facebook, YouTube, Instagram etc.)\",\"p44_sitesblogs\":\"Sites ou Blogs\",\"p39_publico\":\"NEGROS NEGRAS MOVIMENTOS SOCIAIS ESTUDANTES PROFESSORES UNIVERSIDADE\",\"p45_bandeira\":\"LUTA IND\\u00cdGENA LUTATOLER\\u00c2NCIA RELIGIOSA LUTA IGUALDADE RACIALMACHISMO LUTA PROPRIEDADE\",\"p46_hashtags\":\"#NAOAORACISMO #ENTENDAOQUEERACISMOINSTITUCIONAL #FIMDAVIOLENCIACONTRAASMULHERES\"},{\"p1_eixo\":\"Viol\\u00eancia\",\"p9_tipoorganizacao\":\"Coletivo\",\"p12_uf\":\"SP\",\"p13_cidade\":\"S\\u00c3O PAULO\",\"p16_nacional\":\"Nacional\",\"p17_ano\":\"2015\",\"p16_estado\":\"Estado\",\"p18_agrario\":\"Agr\\u00e1rio\\\/ruralidades\",\"p18_comunicacao\":\"Comunica\\u00e7\\u00e3o\",\"p18_difusaoartistica\":\"Difus\\u00e3o Art\\u00edstica\",\"p18_desenvolvimentoterritorial\":\"Desenvolvimento territorial\",\"p18_direitoshumanos\":\"Direitos humanos\",\"p18_educacao\":\"Educa\\u00e7\\u00e3o\",\"p18_feminismos\":\"Feminismos\",\"p18_lgbtqi\":\"LGBTQI\",\"p18_lutaantirracismo\":\"Luta antirracismo\",\"p18_povosecomunidadestradicionais\":\"Povos e comunidades tradicionais\",\"p18_trabalho\":\"Trabalho\",\"p18_religiao\":\"Religi\\u00e3o\",\"p18_saude\":\"Sa\\u00fade\",\"p18_violencia\":\"Viol\\u00eancia\",\"p18_politicasculturais\":\"Pol\\u00edticas Culturais\",\"p19_desenvolvimentoterritorial\":\"Desenvolvimento territorial\",\"p19_direitoshumanos\":\"Direitos humanos\",\"p19_educacao\":\"Educa\\u00e7\\u00e3o\",\"p19_violencia\":\"Viol\\u00eancia\",\"p19_politicasculturais\":\"Pol\\u00edticas Culturais\",\"p20_atendimento\":\"Atendimento\",\"p20_oficinas\":\"Oficinas\",\"p20_oficinasaulasartisticas\":\"Ensaios\\\/Oficinas\\\/Aulas art\\u00edsticas\",\"p21_repressaopolicial\":\"Repress\\u00e3o policial\",\"p21_intoleranciareligiosa\":\"Fundamentalismo\\\/intoler\\u00e2ncia religiosa\",\"p21_machismo\":\"Machismo\",\"p21_racismo\":\"Racismo\",\"p22_numerodeparticipantes\":\"1  - 15\",\"p23_oficinas\":\"Oficinas\",\"p23_apresentacoesartisticas\":\"Apresenta\\u00e7\\u00f5es Art\\u00edsticas\",\"p23_outros\":\"Outros\",\"p24_reunioes\":\"Reuni\\u00f5es\",\"p24_atendimento\":\"Atendimentos\",\"p24_outros\":\"Outros\",\"p25_numerodepessoas\":\"1 - 20\",\"p26_numerodepessoas\":\"20 - 40\",\"p27_espacopublico\":\"Espa\\u00e7o p\\u00fablico\",\"p27_espacoemprestadocedido\":\"Espa\\u00e7o emprestado\\\/cedido\",\"p27_espacoproprio\":\"Espa\\u00e7o pr\\u00f3prio\",\"p28_territorios\":\"Pr\\u00f3prio bairro\",\"p30_outrasorganizacoes\":\"Sim\",\"p32_campanhadelongaduracao\":\"Sim\",\"p34_municipal\":\"Municipal\",\"p34_nenhuma\":\"Nenhuma\",\"p36_conselhosdeparticipacaoecontrolesocial\":\"N\\u00e3o\",\"p38_sim\":\"Sim\",\"p38_nenhum\":\"Nenhum\",\"p40_editais\":\"N\\u00e3o\",\"p41_publicoestatal\":\"P\\u00fablico-Estatal\",\"p41_privadopj\":\"Privado (P. Jur\\u00eddica)\",\"p41_financiamentocoletivo0\":\"Financiamento coletivo\",\"p42_meiodedivulgacaoproprio\":\"Sim\",\"p43_impressoes\":\"Impressos\",\"p43_email\":\"E-mail\",\"p43_facebook\":\"Facebook\",\"p43_instagram\":\"Instagram\",\"p43_sitesblogs\":\"Blogs\\\/sites\",\"p44_jornaisimpressosdebairro\":\"Jornais impressos de bairro\",\"p44_redessociais\":\"Redes sociais (Facebook, YouTube, Instagram etc.)\",\"p44_sitesblogs\":\"Sites ou Blogs\",\"p44_nenhum\":\"Nenhum\",\"p39_publico\":\"MULHERES\",\"p45_bandeira\":\"ANTICAPITALISMO ANTIPATRIARCADO ANTIRRACISMO\",\"p46_hashtags\":\"#MINASAMARGEM #CULTURA #POLITICA\"},{\"p1_eixo\":\"Cultura\",\"p9_tipoorganizacao\":\"Associa\\u00e7\\u00e3o\",\"p12_uf\":\"SP\",\"p13_cidade\":\"S\\u00c3O PAULO\",\"p16_nacional\":\"Nacional\",\"p17_ano\":\"2004\",\"p16_estado\":\"Estado\",\"p18_agrario\":\"Agr\\u00e1rio\\\/ruralidades\",\"p18_comunicacao\":\"Comunica\\u00e7\\u00e3o\",\"p18_difusaoartistica\":\"Difus\\u00e3o Art\\u00edstica\",\"p18_desenvolvimentoterritorial\":\"Desenvolvimento territorial\",\"p18_direitoshumanos\":\"Direitos humanos\",\"p18_educacao\":\"Educa\\u00e7\\u00e3o\",\"p18_feminismos\":\"Feminismos\",\"p18_lutaantirracismo\":\"Luta antirracismo\",\"p18_moradia\":\"Moradia\",\"p18_povosecomunidadestradicionais\":\"Povos e comunidades tradicionais\",\"p18_trabalho\":\"Trabalho\",\"p18_saude\":\"Sa\\u00fade\",\"p18_violencia\":\"Viol\\u00eancia\",\"p18_politicasculturais\":\"Pol\\u00edticas Culturais\",\"p19_desenvolvimentoterritorial\":\"Desenvolvimento territorial\",\"p19_educacao\":\"Educa\\u00e7\\u00e3o\",\"p19_povosecomunidadestradicionais\":\"Povos e comunidades tradicionais\",\"p19_trabalho\":\"Trabalho\",\"p19_violencia\":\"Viol\\u00eancia\",\"p20_atendimento\":\"Atendimento\",\"p20_oficinas\":\"Oficinas\",\"p20_oficinasaulasartisticas\":\"Ensaios\\\/Oficinas\\\/Aulas art\\u00edsticas\",\"p21_repressaopolicial\":\"Repress\\u00e3o policial\",\"p21_intoleranciareligiosa\":\"Fundamentalismo\\\/intoler\\u00e2ncia religiosa\",\"p21_machismo\":\"Machismo\",\"p21_racismo\":\"Racismo\",\"p21_nenhum\":\"Nenhum\",\"p22_numerodeparticipantes\":\"15 - 30\",\"p23_atendimento\":\"Atendimento\",\"p23_oficinas\":\"Oficinas\",\"p24_atendimento\":\"Atendimentos\",\"p24_oficinas\":\"Oficinas\",\"p25_numerodepessoas\":\"100 - 200\",\"p26_numerodepessoas\":\"20 - 40\",\"p27_espacoproprio\":\"Espa\\u00e7o pr\\u00f3prio\",\"p28_territorios\":\"Pr\\u00f3prio bairro\",\"p30_outrasorganizacoes\":\"Sim\",\"p32_campanhadelongaduracao\":\"N\\u00e3o\",\"p34_municipal\":\"Municipal\",\"p34_nacional\":\"Nacional\",\"p36_conselhosdeparticipacaoecontrolesocial\":\"N\\u00e3o\",\"p38_nenhum\":\"Nenhum\",\"p40_editais\":\"Sim\",\"p41_publicoestatal\":\"P\\u00fablico-Estatal\",\"p41_privadopf\":\"Privado (P. F\\u00edsica)\",\"p41_privadopj\":\"Privado (P. Jur\\u00eddica)\",\"p41_financiamentocoletivo0\":\"Financiamento coletivo\",\"p42_meiodedivulgacaoproprio\":\"Sim\",\"p43_email\":\"E-mail\",\"p43_facebook\":\"Facebook\",\"p43_instagram\":\"Instagram\",\"p43_sitesblogs\":\"Blogs\\\/sites\",\"p44_radio\":\"TV\",\"p44_jornaisimpressosdegrandecirculacao\":\"Jornais impressos de grande circula\\u00e7\\u00e3o\",\"p44_jornaisimpressosdebairro\":\"Jornais impressos de bairro\",\"p44_redessociais\":\"Redes sociais (Facebook, YouTube, Instagram etc.)\",\"p44_sitesblogs\":\"Sites ou Blogs\",\"p44_nenhum\":\"Nenhum\",\"p39_publico\":\"CRIAN\\u00c7AS ADOLESCENTES\",\"p45_bandeira\":\" EDUCA\\u00c7\\u00c3O DIRETOS CRIAN\\u00c7AS\",\"p46_hashtags\":\"#CUIDADOCOMAINFANCIA #CONTRAAVIOLENCIA\"},{\"p1_eixo\":\"Trabalho\",\"p9_tipoorganizacao\":\"ONG\",\"p12_uf\":\"SP\",\"p13_cidade\":\"S\\u00c3O PAULO\",\"p16_cidade\":\"Cidade\",\"p16_nacional\":\"Nacional\",\"p17_ano\":\"2002\",\"p18_agrario\":\"Agr\\u00e1rio\\\/ruralidades\",\"p18_comunicacao\":\"Comunica\\u00e7\\u00e3o\",\"p18_difusaoartistica\":\"Difus\\u00e3o Art\\u00edstica\",\"p18_desenvolvimentoterritorial\":\"Desenvolvimento territorial\",\"p18_direitoshumanos\":\"Direitos humanos\",\"p18_educacao\":\"Educa\\u00e7\\u00e3o\",\"p18_feminismos\":\"Feminismos\",\"p18_lgbtqi\":\"LGBTQI\",\"p18_lutaantirracismo\":\"Luta antirracismo\",\"p18_moradia\":\"Moradia\",\"p18_povosecomunidadestradicionais\":\"Povos e comunidades tradicionais\",\"p18_trabalho\":\"Trabalho\",\"p18_religiao\":\"Religi\\u00e3o\",\"p18_saude\":\"Sa\\u00fade\",\"p18_violencia\":\"Viol\\u00eancia\",\"p18_politicasculturais\":\"Pol\\u00edticas Culturais\",\"p19_desenvolvimentoterritorial\":\"Desenvolvimento territorial\",\"p19_educacao\":\"Educa\\u00e7\\u00e3o\",\"p19_lutaantirracismo\":\"Luta antirracismo\",\"p19_povosecomunidadestradicionais\":\"Povos e comunidades tradicionais\",\"p19_trabalho\":\"Trabalho\",\"p20_atendimento\":\"Atendimento\",\"p20_oficinas\":\"Oficinas\",\"p20_oficinasaulasartisticas\":\"Ensaios\\\/Oficinas\\\/Aulas art\\u00edsticas\",\"p21_intoleranciareligiosa\":\"Fundamentalismo\\\/intoler\\u00e2ncia religiosa\",\"p21_nenhum\":\"Nenhum\",\"p22_numerodeparticipantes\":\"15 - 30\",\"p23_atendimento\":\"Atendimento\",\"p23_oficinasaulasartisticas\":\"Ensaio\\\/Oficinas\\\/Aulas Art\\u00edsticas\",\"p24_oficinas\":\"Oficinas\",\"p24_formacao\":\"Forma\\u00e7\\u00e3o\",\"p25_numerodepessoas\":\"20 - 40\",\"p26_numerodepessoas\":\"20 - 40\",\"p27_espacoproprio\":\"Espa\\u00e7o pr\\u00f3prio\",\"p28_territorios\":\"Atua\\u00e7\\u00e3o Nacional\",\"p30_outrasorganizacoes\":\"N\\u00e3o\",\"p32_campanhadelongaduracao\":\"N\\u00e3o\",\"p34_estadual\":\"Estadual\",\"p34_nacional\":\"Nacional\",\"p36_conselhosdeparticipacaoecontrolesocial\":\"N\\u00e3o\",\"p38_nenhum\":\"Nenhum\",\"p40_editais\":\"N\\u00e3o\",\"p41_publicoestatal\":\"P\\u00fablico-Estatal\",\"p41_privadopf\":\"Privado (P. F\\u00edsica)\",\"p41_privadopj\":\"Privado (P. Jur\\u00eddica)\",\"p41_autofinanciamento\":\"Autofinanciamento\",\"p42_meiodedivulgacaoproprio\":\"Sim\",\"p43_facebook\":\"Facebook\",\"p43_instagram\":\"Instagram\",\"p43_sitesblogs\":\"Blogs\\\/sites\",\"p44_radio\":\"TV\",\"p44_jornaisimpressosdegrandecirculacao\":\"Jornais impressos de grande circula\\u00e7\\u00e3o\",\"p44_jornaisimpressosdebairro\":\"Jornais impressos de bairro\",\"p44_redessociais\":\"Redes sociais (Facebook, YouTube, Instagram etc.)\",\"p44_sitesblogs\":\"Sites ou Blogs\",\"p39_publico\":\"PEQUENOS ARTES\\u00c3OS ARTE REGI\\u00c3O CULTURA\",\"p45_bandeira\":\"DEFENDER CULTURA ARTES\\u00c3O ARTE V\\u00cdNCULO DIRETO CULTURA REGI\\u00c3O\",\"p46_hashtags\":\"#ARTESANATO #CULTURATRADICIONALPOPULAR #DIREITOAOTRABALHO\"},{\"p1_eixo\":\"Cultura\",\"p9_tipoorganizacao\":\"Coletivo\",\"p12_uf\":\"AL\",\"p13_cidade\":\"MACEI\\u00d3\",\"p16_cidade\":\"Cidade\",\"p17_ano\":\"2004\",\"p18_comunicacao\":\"Comunica\\u00e7\\u00e3o\",\"p18_difusaoartistica\":\"Difus\\u00e3o Art\\u00edstica\",\"p18_desenvolvimentoterritorial\":\"Desenvolvimento territorial\",\"p18_direitoshumanos\":\"Direitos humanos\",\"p18_educacao\":\"Educa\\u00e7\\u00e3o\",\"p18_feminismos\":\"Feminismos\",\"p18_lgbtqi\":\"LGBTQI\",\"p18_lutaantirracismo\":\"Luta antirracismo\",\"p18_moradia\":\"Moradia\",\"p18_povosecomunidadestradicionais\":\"Povos e comunidades tradicionais\",\"p18_trabalho\":\"Trabalho\",\"p18_religiao\":\"Religi\\u00e3o\",\"p18_saude\":\"Sa\\u00fade\",\"p18_violencia\":\"Viol\\u00eancia\",\"p18_politicasculturais\":\"Pol\\u00edticas Culturais\",\"p19_direitoshumanos\":\"Direitos humanos\",\"p19_educacao\":\"Educa\\u00e7\\u00e3o\",\"p19_lutaantirracismo\":\"Luta antirracismo\",\"p19_povosecomunidadestradicionais\":\"Povos e comunidades tradicionais\",\"p19_politicasculturais\":\"Pol\\u00edticas Culturais\",\"p20_oficinasaulasartisticas\":\"Ensaios\\\/Oficinas\\\/Aulas art\\u00edsticas\",\"p21_intoleranciareligiosa\":\"Fundamentalismo\\\/intoler\\u00e2ncia religiosa\",\"p21_nenhum\":\"Nenhum\",\"p22_numerodeparticipantes\":\"15 - 30\",\"p23_oficinasaulasartisticas\":\"Ensaio\\\/Oficinas\\\/Aulas Art\\u00edsticas\",\"p23_apresentacoesartisticas\":\"Apresenta\\u00e7\\u00f5es Art\\u00edsticas\",\"p23_outros\":\"Outros\",\"p24_formacao\":\"Forma\\u00e7\\u00e3o\",\"p24_outros\":\"Outros\",\"p25_numerodepessoas\":\"20 - 40\",\"p26_numerodepessoas\":\"1 - 20\",\"p27_espacopublico\":\"Espa\\u00e7o p\\u00fablico\",\"p27_espacoemprestadocedido\":\"Espa\\u00e7o emprestado\\\/cedido\",\"p27_espacoproprio\":\"Espa\\u00e7o pr\\u00f3prio\",\"p28_territorios\":\"Regi\\u00e3o da Cidade\",\"p30_outrasorganizacoes\":\"N\\u00e3o\",\"p32_campanhadelongaduracao\":\"N\\u00e3o\",\"p34_estadual\":\"Estadual\",\"p34_nenhuma\":\"Nenhuma\",\"p36_conselhosdeparticipacaoecontrolesocial\":\"N\\u00e3o\",\"p38_sim\":\"Sim\",\"p38_nenhum\":\"Nenhum\",\"p40_editais\":\"N\\u00e3o\",\"p41_autofinanciamento\":\"Autofinanciamento\",\"p42_meiodedivulgacaoproprio\":\"Sim\",\"p43_email\":\"E-mail\",\"p43_facebook\":\"Facebook\",\"p43_instagram\":\"Instagram\",\"p43_twitter\":\"Twitter\",\"p43_sitesblogs\":\"Blogs\\\/sites\",\"p44_radio\":\"R\\u00e1dio\",\"p44_jornaisimpressosdebairro\":\"Jornais impressos de bairro\",\"p44_redessociais\":\"Redes sociais (Facebook, YouTube, Instagram etc.)\",\"p44_sitesblogs\":\"Sites ou Blogs\",\"p39_publico\":\"PESSOAS CULTURA AFRO CAPOEIRA\",\"p45_bandeira\":\"DEFENDER CULTURA AFRO PR\\u00c1TICAS CAPOEIRA MEIO-AMBIENTE RESPEITO COOPERA\\u00c7\\u00c3O\",\"p46_hashtags\":\"#CAPOEIRA #AFROBRASIL #CULTURAAFRO\"},{\"p1_eixo\":\"Cultura\",\"p9_tipoorganizacao\":\"Coletivo Art\\u00edstico\",\"p12_uf\":\"SP\",\"p13_cidade\":\"S\\u00c3O PAULO\",\"p16_cidade\":\"Cidade\",\"p16_nacional\":\"Nacional\",\"p17_ano\":\"2012\",\"p18_agrario\":\"Agr\\u00e1rio\\\/ruralidades\",\"p18_comunicacao\":\"Comunica\\u00e7\\u00e3o\",\"p18_difusaoartistica\":\"Difus\\u00e3o Art\\u00edstica\",\"p18_desenvolvimentoterritorial\":\"Desenvolvimento territorial\",\"p18_direitoshumanos\":\"Direitos humanos\",\"p18_educacao\":\"Educa\\u00e7\\u00e3o\",\"p18_feminismos\":\"Feminismos\",\"p18_lgbtqi\":\"LGBTQI\",\"p18_lutaantirracismo\":\"Luta antirracismo\",\"p18_mobilidade\":\"Mobilidade\",\"p18_moradia\":\"Moradia\",\"p18_povosecomunidadestradicionais\":\"Povos e comunidades tradicionais\",\"p18_trabalho\":\"Trabalho\",\"p18_saude\":\"Sa\\u00fade\",\"p18_violencia\":\"Viol\\u00eancia\",\"p18_politicasculturais\":\"Pol\\u00edticas Culturais\",\"p19_comunicacao\":\"Comunica\\u00e7\\u00e3o\",\"p19_direitoshumanos\":\"Direitos humanos\",\"p19_educacao\":\"Educa\\u00e7\\u00e3o\",\"p19_violencia\":\"Viol\\u00eancia\",\"p19_politicasculturais\":\"Pol\\u00edticas Culturais\",\"p20_oficinasaulasartisticas\":\"Ensaios\\\/Oficinas\\\/Aulas art\\u00edsticas\",\"p21_intoleranciareligiosa\":\"Fundamentalismo\\\/intoler\\u00e2ncia religiosa\",\"p21_lgbtqifobia\":\"LGBTIfobia\",\"p21_nenhum\":\"Nenhum\",\"p22_numerodeparticipantes\":\"1  - 15\",\"p23_oficinasaulasartisticas\":\"Ensaio\\\/Oficinas\\\/Aulas Art\\u00edsticas\",\"p23_apresentacoesartisticas\":\"Apresenta\\u00e7\\u00f5es Art\\u00edsticas\",\"p23_outros\":\"Outros\",\"p24_outros\":\"Outros\",\"p25_numerodepessoas\":\"80 - 100\",\"p26_numerodepessoas\":\"20 - 40\",\"p27_espacopublico\":\"Espa\\u00e7o p\\u00fablico\",\"p27_espacoemprestadocedido\":\"Espa\\u00e7o emprestado\\\/cedido\",\"p28_territorios\":\"Regi\\u00e3o da Cidade\",\"p30_outrasorganizacoes\":\"Sim\",\"p32_campanhadelongaduracao\":\"Sim\",\"p34_estadual\":\"Estadual\",\"p34_nenhuma\":\"Nenhuma\",\"p36_conselhosdeparticipacaoecontrolesocial\":\"N\\u00e3o\",\"p38_sim\":\"Sim\",\"p38_nenhum\":\"Nenhum\",\"p40_editais\":\"Sim\",\"p41_privadopf\":\"Privado (P. F\\u00edsica)\",\"p41_privadopj\":\"Privado (P. Jur\\u00eddica)\",\"p41_autofinanciamento\":\"Autofinanciamento\",\"p42_meiodedivulgacaoproprio\":\"Sim\",\"p43_email\":\"E-mail\",\"p43_facebook\":\"Facebook\",\"p43_whatsapp\":\"WhatsApp\",\"p43_instagram\":\"Instagram\",\"p43_twitter\":\"Twitter\",\"p43_sitesblogs\":\"Blogs\\\/sites\",\"p44_radio\":\"R\\u00e1dio\",\"p44_jornaisimpressosdegrandecirculacao\":\"Jornais impressos de grande circula\\u00e7\\u00e3o\",\"p44_jornaisimpressosdebairro\":\"Jornais impressos de bairro\",\"p44_redessociais\":\"Redes sociais (Facebook, YouTube, Instagram etc.)\",\"p44_sitesblogs\":\"Sites ou Blogs\",\"p39_publico\":\"JOVENS ADULTOS\",\"p45_bandeira\":\"INCENTIVO LEITURA EDUCA\\u00c7\\u00c3O\",\"p46_hashtags\":\"#LEREHDAORA  #LULALIVRE #VERSOEMVERSOS\"},{\"p1_eixo\":\"Cultura\",\"p9_tipoorganizacao\":\"Associa\\u00e7\\u00e3o\",\"p12_uf\":\"AL\",\"p13_cidade\":\"MACEI\\u00d3\",\"p16_nacional\":\"Nacional\",\"p17_ano\":\"1994\",\"p16_estado\":\"Estado\",\"p18_agrario\":\"Agr\\u00e1rio\\\/ruralidades\",\"p18_comunicacao\":\"Comunica\\u00e7\\u00e3o\",\"p18_difusaoartistica\":\"Difus\\u00e3o Art\\u00edstica\",\"p18_desenvolvimentoterritorial\":\"Desenvolvimento territorial\",\"p18_direitoshumanos\":\"Direitos humanos\",\"p18_educacao\":\"Educa\\u00e7\\u00e3o\",\"p18_feminismos\":\"Feminismos\",\"p18_lgbtqi\":\"LGBTQI\",\"p18_lutaantirracismo\":\"Luta antirracismo\",\"p18_mobilidade\":\"Mobilidade\",\"p18_moradia\":\"Moradia\",\"p18_povosecomunidadestradicionais\":\"Povos e comunidades tradicionais\",\"p18_trabalho\":\"Trabalho\",\"p18_religiao\":\"Religi\\u00e3o\",\"p18_saude\":\"Sa\\u00fade\",\"p18_violencia\":\"Viol\\u00eancia\",\"p18_politicasculturais\":\"Pol\\u00edticas Culturais\",\"p19_comunicacao\":\"Comunica\\u00e7\\u00e3o\",\"p19_educacao\":\"Educa\\u00e7\\u00e3o\",\"p19_feminismos\":\"Feminismos\",\"p19_trabalho\":\"Trabalho\",\"p19_violencia\":\"Viol\\u00eancia\",\"p20_reunioes\":\"Reuni\\u00f5es\",\"p20_oficinasaulasartisticas\":\"Ensaios\\\/Oficinas\\\/Aulas art\\u00edsticas\",\"p21_repressaopolicial\":\"Repress\\u00e3o policial\",\"p21_intoleranciareligiosa\":\"Fundamentalismo\\\/intoler\\u00e2ncia religiosa\",\"p21_machismo\":\"Machismo\",\"p21_lgbtqifobia\":\"LGBTIfobia\",\"p22_numerodeparticipantes\":\"1  - 15\",\"p23_reunioes\":\"Reuni\\u00f5es\",\"p23_oficinasaulasartisticas\":\"Ensaio\\\/Oficinas\\\/Aulas Art\\u00edsticas\",\"p24_reunioes\":\"Reuni\\u00f5es\",\"p24_outros\":\"Outros\",\"p25_numerodepessoas\":\"300 - 400\",\"p26_numerodepessoas\":\"20 - 40\",\"p27_espacopublico\":\"Espa\\u00e7o p\\u00fablico\",\"p27_espacoemprestadocedido\":\"Espa\\u00e7o emprestado\\\/cedido\",\"p28_territorios\":\"Atua\\u00e7\\u00e3o Nacional\",\"p30_outrasorganizacoes\":\"Sim\",\"p32_campanhadelongaduracao\":\"Sim\",\"p34_municipal\":\"Municipal\",\"p34_estadual\":\"Estadual\",\"p36_conselhosdeparticipacaoecontrolesocial\":\"N\\u00e3o\",\"p38_nenhum\":\"Nenhum\",\"p40_editais\":\"N\\u00e3o\",\"p41_privadopf\":\"Privado (P. F\\u00edsica)\",\"p41_privadopj\":\"Privado (P. Jur\\u00eddica)\",\"p41_financiamentocoletivo0\":\"Financiamento coletivo\",\"p42_meiodedivulgacaoproprio\":\"Sim\",\"p43_email\":\"E-mail\",\"p43_facebook\":\"Facebook\",\"p43_whatsapp\":\"WhatsApp\",\"p43_sitesblogs\":\"Blogs\\\/sites\",\"p44_radio\":\"TV\",\"p44_jornaisimpressosdegrandecirculacao\":\"Jornais impressos de grande circula\\u00e7\\u00e3o\",\"p44_jornaisimpressosdebairro\":\"Jornais impressos de bairro\",\"p44_redessociais\":\"Redes sociais (Facebook, YouTube, Instagram etc.)\",\"p44_sitesblogs\":\"Sites ou Blogs\",\"p39_publico\":\"CRIAN\\u00c7AS JOVENS CARENTES\",\"p45_bandeira\":\"CONTRA-RACISMO EDUCA\\u00c7\\u00c3O \\u00c9TNICO RACIAL CONTRA-HOMOFOBIA CONTRA-INTOLER\\u00c2NCIA RELIGIOSA\",\"p46_hashtags\":\"#CAPOEIRA #COMBATEASDROGAS #INCENTIVOAEDUCACAO\"},{\"p1_eixo\":\"Cultura\",\"p9_tipoorganizacao\":\"F\\u00f3rum\",\"p12_uf\":\"ES\",\"p13_cidade\":\"N\\u00c3O SE APLICA\",\"p16_bairro\":\"Bairro\",\"p17_ano\":\"1992\",\"p16_estado\":\"Estado\",\"p18_agrario\":\"Agr\\u00e1rio\\\/ruralidades\",\"p18_comunicacao\":\"Comunica\\u00e7\\u00e3o\",\"p18_difusaoartistica\":\"Difus\\u00e3o Art\\u00edstica\",\"p18_desenvolvimentoterritorial\":\"Desenvolvimento territorial\",\"p18_direitoshumanos\":\"Direitos humanos\",\"p18_educacao\":\"Educa\\u00e7\\u00e3o\",\"p18_feminismos\":\"Feminismos\",\"p18_lgbtqi\":\"LGBTQI\",\"p18_lutaantirracismo\":\"Luta antirracismo\",\"p18_mobilidade\":\"Mobilidade\",\"p18_moradia\":\"Moradia\",\"p18_povosecomunidadestradicionais\":\"Povos e comunidades tradicionais\",\"p18_trabalho\":\"Trabalho\",\"p18_religiao\":\"Religi\\u00e3o\",\"p18_saude\":\"Sa\\u00fade\",\"p18_violencia\":\"Viol\\u00eancia\",\"p18_politicasculturais\":\"Pol\\u00edticas Culturais\",\"p19_direitoshumanos\":\"Direitos humanos\",\"p19_educacao\":\"Educa\\u00e7\\u00e3o\",\"p19_feminismos\":\"Feminismos\",\"p19_trabalho\":\"Trabalho\",\"p19_violencia\":\"Viol\\u00eancia\",\"p20_reunioes\":\"Reuni\\u00f5es\",\"p20_atendimento\":\"Atendimento\",\"p20_oficinas\":\"Oficinas\",\"p20_formacao\":\"Forma\\u00e7\\u00e3o\",\"p20_profissionalizacao\":\"Profissionaliza\\u00e7\\u00e3o\",\"p21_repressaopolicial\":\"Repress\\u00e3o policial\",\"p21_machismo\":\"Machismo\",\"p21_nenhum\":\"Nenhum\",\"p22_numerodeparticipantes\":\"1  - 15\",\"p23_reunioes\":\"Reuni\\u00f5es\",\"p23_atendimento\":\"Atendimento\",\"p23_oficinas\":\"Oficinas\",\"p23_cursos\":\"Cursos\",\"p23_formacao\":\"Forma\\u00e7\\u00e3o\",\"p23_profissionalizacao\":\"Profissionaliza\\u00e7\\u00e3o\",\"p24_reunioes\":\"Reuni\\u00f5es\",\"p24_apresentacoesartisticas\":\"Apresenta\\u00e7\\u00f5es art\\u00edsticas\",\"p25_numerodepessoas\":\"20 - 40\",\"p26_numerodepessoas\":\"20 - 40\",\"p27_espacopublico\":\"Espa\\u00e7o p\\u00fablico\",\"p27_espacoproprio\":\"Espa\\u00e7o pr\\u00f3prio\",\"p28_territorios\":\"Estado\",\"p30_outrasorganizacoes\":\"Sim\",\"p32_campanhadelongaduracao\":\"Sim\",\"p34_municipal\":\"Municipal\",\"p34_nenhuma\":\"Nenhuma\",\"p36_conselhosdeparticipacaoecontrolesocial\":\"Sim\",\"p38_nenhum\":\"Nenhum\",\"p40_editais\":\"Sim\",\"p41_autofinanciamento\":\"Autofinanciamento\",\"p41_financiamentocoletivo0\":\"Financiamento coletivo\",\"p42_meiodedivulgacaoproprio\":\"Sim\",\"p43_email\":\"E-mail\",\"p43_facebook\":\"Facebook\",\"p43_whatsapp\":\"WhatsApp\",\"p44_radio\":\"TV\",\"p44_jornaisimpressosdegrandecirculacao\":\"Jornais impressos de grande circula\\u00e7\\u00e3o\",\"p44_jornaisimpressosdebairro\":\"Jornais impressos de bairro\",\"p44_sitesblogs\":\"Sites ou Blogs\",\"p39_publico\":\"MULHERES MULHERES\",\"p45_bandeira\":\"LUTAS ESTRUTURAIS: PATRIARCADOanticapitalismo  RACISMO\",\"p46_hashtags\":\"#FEMINISMO #FORUMDEMULHERES #FEMINISMOCLASSISTAEPOPULAR\"},{\"p1_eixo\":\"Cultura\",\"p9_tipoorganizacao\":\"ONG\",\"p12_uf\":\"PB\",\"p13_cidade\":\"CABEDELO\",\"p16_bairro\":\"Bairro\",\"p17_ano\":\"2010\",\"p16_estado\":\"Estado\",\"p18_comunicacao\":\"Comunica\\u00e7\\u00e3o\",\"p18_difusaoartistica\":\"Difus\\u00e3o Art\\u00edstica\",\"p18_desenvolvimentoterritorial\":\"Desenvolvimento territorial\",\"p18_direitoshumanos\":\"Direitos humanos\",\"p18_educacao\":\"Educa\\u00e7\\u00e3o\",\"p18_feminismos\":\"Feminismos\",\"p18_lgbtqi\":\"LGBTQI\",\"p18_lutaantirracismo\":\"Luta antirracismo\",\"p18_mobilidade\":\"Mobilidade\",\"p18_moradia\":\"Moradia\",\"p18_povosecomunidadestradicionais\":\"Povos e comunidades tradicionais\",\"p18_trabalho\":\"Trabalho\",\"p18_religiao\":\"Religi\\u00e3o\",\"p18_saude\":\"Sa\\u00fade\",\"p18_violencia\":\"Viol\\u00eancia\",\"p18_politicasculturais\":\"Pol\\u00edticas Culturais\",\"p19_comunicacao\":\"Comunica\\u00e7\\u00e3o\",\"p19_direitoshumanos\":\"Direitos humanos\",\"p19_educacao\":\"Educa\\u00e7\\u00e3o\",\"p19_trabalho\":\"Trabalho\",\"p19_difusaoartistica\":\"Difus\\u00e3o Art\\u00edstica\",\"p20_reunioes\":\"Reuni\\u00f5es\",\"p20_atendimento\":\"Atendimento\",\"p20_oficinas\":\"Oficinas\",\"p20_formacao\":\"Forma\\u00e7\\u00e3o\",\"p20_profissionalizacao\":\"Profissionaliza\\u00e7\\u00e3o\",\"p20_apresentacoesartisticas\":\"Apresenta\\u00e7\\u00f5es art\\u00edsticas\",\"p21_repressaopolicial\":\"Repress\\u00e3o policial\",\"p21_machismo\":\"Machismo\",\"p21_racismo\":\"Racismo\",\"p21_lgbtqifobia\":\"LGBTIfobia\",\"p21_nenhum\":\"Nenhum\",\"p22_numerodeparticipantes\":\"1  - 15\",\"p23_reunioes\":\"Reuni\\u00f5es\",\"p23_atendimento\":\"Atendimento\",\"p23_oficinas\":\"Oficinas\",\"p23_cursos\":\"Cursos\",\"p23_formacao\":\"Forma\\u00e7\\u00e3o\",\"p23_profissionalizacao\":\"Profissionaliza\\u00e7\\u00e3o\",\"p23_apresentacoesartisticas\":\"Apresenta\\u00e7\\u00f5es Art\\u00edsticas\",\"p23_visitas\":\"Visitas\",\"p23_outros\":\"Outros\",\"p24_reunioes\":\"Reuni\\u00f5es\",\"p24_apresentacoesartisticas\":\"Apresenta\\u00e7\\u00f5es art\\u00edsticas\",\"p24_outros\":\"Outros\",\"p25_numerodepessoas\":\"40 - 60\",\"p26_numerodepessoas\":\"80 - 100\",\"p27_espacopublico\":\"Espa\\u00e7o p\\u00fablico\",\"p27_espacoemprestadocedido\":\"Espa\\u00e7o emprestado\\\/cedido\",\"p27_espacoproprio\":\"Espa\\u00e7o pr\\u00f3prio\",\"p27_virtual\":\"Virtual\",\"p28_territorios\":\"Pr\\u00f3prio bairro\",\"p30_outrasorganizacoes\":\"Sim\",\"p32_campanhadelongaduracao\":\"N\\u00e3o\",\"p34_estadual\":\"Estadual\",\"p34_nenhuma\":\"Nenhuma\",\"p36_conselhosdeparticipacaoecontrolesocial\":\"N\\u00e3o\",\"p38_sim\":\"Sim\",\"p38_nenhum\":\"Nenhum\",\"p40_editais\":\"Sim\",\"p41_publicoestatal\":\"P\\u00fablico-Estatal\",\"p41_autofinanciamento\":\"Autofinanciamento\",\"p41_financiamentocoletivo0\":\"Financiamento coletivo\",\"p42_meiodedivulgacaoproprio\":\"Sim\",\"p43_email\":\"E-mail\",\"p43_facebook\":\"Facebook\",\"p43_whatsapp\":\"WhatsApp\",\"p43_instagram\":\"Instagram\",\"p43_twitter\":\"Twitter\",\"p43_sitesblogs\":\"Blogs\\\/sites\",\"p44_radio\":\"TV\",\"p44_jornaisimpressosdegrandecirculacao\":\"Jornais impressos de grande circula\\u00e7\\u00e3o\",\"p44_jornaisimpressosdebairro\":\"Jornais impressos de bairro\",\"p44_redessociais\":\"Redes sociais (Facebook, YouTube, Instagram etc.)\",\"p39_publico\":\"PESSOAS VULNERABILIDADE SOCIAL BAIRRO CAMBOINHA\",\"p45_bandeira\":\"DEFESA DIREITOS SITUA\\u00c7\\u00c3O-DE-VULNERABILIDADE RESGATE CIDADANIA\",\"p46_hashtags\":\"#CIDADANIA #COMUNIDADE #COLETIVO\"},{\"p1_eixo\":\"Cultura\",\"p9_tipoorganizacao\":\"Coletivo\",\"p12_uf\":\"BA\",\"p13_cidade\":\"SALVADOR\",\"p17_ano\":\"2011\",\"p16_estado\":\"Estado\",\"p18_comunicacao\":\"Comunica\\u00e7\\u00e3o\",\"p18_difusaoartistica\":\"Difus\\u00e3o Art\\u00edstica\",\"p18_desenvolvimentoterritorial\":\"Desenvolvimento territorial\",\"p18_direitoshumanos\":\"Direitos humanos\",\"p18_educacao\":\"Educa\\u00e7\\u00e3o\",\"p18_feminismos\":\"Feminismos\",\"p18_lgbtqi\":\"LGBTQI\",\"p18_lutaantirracismo\":\"Luta antirracismo\",\"p18_mobilidade\":\"Mobilidade\",\"p18_moradia\":\"Moradia\",\"p18_povosecomunidadestradicionais\":\"Povos e comunidades tradicionais\",\"p18_trabalho\":\"Trabalho\",\"p18_religiao\":\"Religi\\u00e3o\",\"p18_saude\":\"Sa\\u00fade\",\"p18_violencia\":\"Viol\\u00eancia\",\"p18_politicasculturais\":\"Pol\\u00edticas Culturais\",\"p19_comunicacao\":\"Comunica\\u00e7\\u00e3o\",\"p19_direitoshumanos\":\"Direitos humanos\",\"p19_educacao\":\"Educa\\u00e7\\u00e3o\",\"p19_lutaantirracismo\":\"Luta antirracismo\",\"p19_violencia\":\"Viol\\u00eancia\",\"p19_difusaoartistica\":\"Difus\\u00e3o Art\\u00edstica\",\"p20_oficinasaulasartisticas\":\"Ensaios\\\/Oficinas\\\/Aulas art\\u00edsticas\",\"p20_apresentacoesartisticas\":\"Apresenta\\u00e7\\u00f5es art\\u00edsticas\",\"p21_repressaopolicial\":\"Repress\\u00e3o policial\",\"p21_machismo\":\"Machismo\",\"p21_racismo\":\"Racismo\",\"p21_lgbtqifobia\":\"LGBTIfobia\",\"p21_nenhum\":\"Nenhum\",\"p22_numerodeparticipantes\":\"1  - 15\",\"p23_reunioes\":\"Reuni\\u00f5es\",\"p23_oficinas\":\"Oficinas\",\"p23_formacao\":\"Forma\\u00e7\\u00e3o\",\"p23_apresentacoesartisticas\":\"Apresenta\\u00e7\\u00f5es Art\\u00edsticas\",\"p23_visitas\":\"Visitas\",\"p23_outros\":\"Outros\",\"p24_reunioes\":\"Reuni\\u00f5es\",\"p24_curso\":\"Curso\",\"p24_outros\":\"Outros\",\"p25_numerodepessoas\":\"Mais de 500\",\"p26_numerodepessoas\":\"Mais de 500\",\"p27_espacopublico\":\"Espa\\u00e7o p\\u00fablico\",\"p27_espacoemprestadocedido\":\"Espa\\u00e7o emprestado\\\/cedido\",\"p27_espacoproprio\":\"Espa\\u00e7o pr\\u00f3prio\",\"p27_virtual\":\"Virtual\",\"p28_territorios\":\"Pr\\u00f3prio bairro\",\"p30_outrasorganizacoes\":\"Sim\",\"p32_campanhadelongaduracao\":\"Sim\",\"p34_municipal\":\"Municipal\",\"p34_estadual\":\"Estadual\",\"p36_conselhosdeparticipacaoecontrolesocial\":\"N\\u00e3o\",\"p38_sim\":\"Sim\",\"p38_nenhum\":\"Nenhum\",\"p40_editais\":\"N\\u00e3o\",\"p41_publicoestatal\":\"P\\u00fablico-Estatal\",\"p41_autofinanciamento\":\"Autofinanciamento\",\"p41_financiamentocoletivo0\":\"Financiamento coletivo\",\"p42_meiodedivulgacaoproprio\":\"Sim\",\"p43_email\":\"E-mail\",\"p43_facebook\":\"Facebook\",\"p43_instagram\":\"Instagram\",\"p43_twitter\":\"Twitter\",\"p43_sitesblogs\":\"Blogs\\\/sites\",\"p44_radio\":\"TV\",\"p44_jornaisimpressosdebairro\":\"Jornais impressos de bairro\",\"p44_redessociais\":\"Redes sociais (Facebook, YouTube, Instagram etc.)\",\"p39_publico\":\"A COMUNIDADE\",\"p45_bandeira\":\"IGUALDADE\",\"p46_hashtags\":\"#COMUNICACAOCOMUNITARIA #RESPEITO #AMORAONORDESTE\"},{\"p1_eixo\":\"Trabalho\",\"p9_tipoorganizacao\":\"ONG\",\"p12_uf\":\"SP\",\"p13_cidade\":\"EMBU DAS ARTES\",\"p16_bairro\":\"Bairro\",\"p17_ano\":\"2005\",\"p16_estado\":\"Estado\",\"p18_comunicacao\":\"Comunica\\u00e7\\u00e3o\",\"p18_difusaoartistica\":\"Difus\\u00e3o Art\\u00edstica\",\"p18_direitoshumanos\":\"Direitos humanos\",\"p18_educacao\":\"Educa\\u00e7\\u00e3o\",\"p18_feminismos\":\"Feminismos\",\"p18_lgbtqi\":\"LGBTQI\",\"p18_lutaantirracismo\":\"Luta antirracismo\",\"p18_moradia\":\"Moradia\",\"p18_povosecomunidadestradicionais\":\"Povos e comunidades tradicionais\",\"p18_trabalho\":\"Trabalho\",\"p18_saude\":\"Sa\\u00fade\",\"p18_violencia\":\"Viol\\u00eancia\",\"p18_politicasculturais\":\"Pol\\u00edticas Culturais\",\"p19_direitoshumanos\":\"Direitos humanos\",\"p19_educacao\":\"Educa\\u00e7\\u00e3o\",\"p19_lutaantirracismo\":\"Luta antirracismo\",\"p19_violencia\":\"Viol\\u00eancia\",\"p19_difusaoartistica\":\"Difus\\u00e3o Art\\u00edstica\",\"p20_oficinas\":\"Oficinas\",\"p20_oficinasaulasartisticas\":\"Ensaios\\\/Oficinas\\\/Aulas art\\u00edsticas\",\"p20_apresentacoesartisticas\":\"Apresenta\\u00e7\\u00f5es art\\u00edsticas\",\"p21_repressaopolicial\":\"Repress\\u00e3o policial\",\"p21_nenhum\":\"Nenhum\",\"p22_numerodeparticipantes\":\"15 - 30\",\"p23_oficinasaulasartisticas\":\"Ensaio\\\/Oficinas\\\/Aulas Art\\u00edsticas\",\"p23_formacao\":\"Forma\\u00e7\\u00e3o\",\"p23_apresentacoesartisticas\":\"Apresenta\\u00e7\\u00f5es Art\\u00edsticas\",\"p24_atendimento\":\"Atendimentos\",\"p24_curso\":\"Curso\",\"p24_profissionalizacao\":\"Profissionaliza\\u00e7\\u00e3o\",\"p25_numerodepessoas\":\"20 - 40\",\"p26_numerodepessoas\":\"80 - 100\",\"p27_espacoproprio\":\"Espa\\u00e7o pr\\u00f3prio\",\"p28_territorios\":\"Atua\\u00e7\\u00e3o Nacional\",\"p30_outrasorganizacoes\":\"Sim\",\"p32_campanhadelongaduracao\":\"Sim\",\"p34_municipal\":\"Municipal\",\"p34_nenhuma\":\"Nenhuma\",\"p36_conselhosdeparticipacaoecontrolesocial\":\"Sim\",\"p38_nenhum\":\"Nenhum\",\"p40_editais\":\"Sim\",\"p41_autofinanciamento\":\"Autofinanciamento\",\"p41_financiamentocoletivo0\":\"Financiamento coletivo\",\"p42_meiodedivulgacaoproprio\":\"Sim\",\"p43_facebook\":\"Facebook\",\"p43_whatsapp\":\"WhatsApp\",\"p43_sitesblogs\":\"Blogs\\\/sites\",\"p44_radio\":\"TV\",\"p44_jornaisimpressosdegrandecirculacao\":\"Jornais impressos de grande circula\\u00e7\\u00e3o\",\"p44_jornaisimpressosdebairro\":\"Jornais impressos de bairro\",\"p44_redessociais\":\"Redes sociais (Facebook, YouTube, Instagram etc.)\",\"p39_publico\":\"MEMBROS PERIFERIAS\",\"p45_bandeira\":\"COMBATE RACISMO ESTRUTURAL SUPERA\\u00c7\\u00c3O SUPERA\\u00c7\\u00c3Oanticapitalismo \",\"p46_hashtags\":\"#FORTALECERARESISTENCIANEGRAAONEOLIBERALISMO #CONTRAFAXINAETNICA #UMPOVOSEMMEMORIANAOEUMPOVOVIVO\"},{\"p1_eixo\":\"Cultura\",\"p9_tipoorganizacao\":\"ONG\",\"p12_uf\":\"BA\",\"p13_cidade\":\"SALVADOR\",\"p16_bairro\":\"Bairro\",\"p16_nacional\":\"Nacional\",\"p17_ano\":\"2010\",\"p18_agrario\":\"Agr\\u00e1rio\\\/ruralidades\",\"p18_comunicacao\":\"Comunica\\u00e7\\u00e3o\",\"p18_difusaoartistica\":\"Difus\\u00e3o Art\\u00edstica\",\"p18_desenvolvimentoterritorial\":\"Desenvolvimento territorial\",\"p18_direitoshumanos\":\"Direitos humanos\",\"p18_educacao\":\"Educa\\u00e7\\u00e3o\",\"p18_feminismos\":\"Feminismos\",\"p18_lgbtqi\":\"LGBTQI\",\"p18_lutaantirracismo\":\"Luta antirracismo\",\"p18_moradia\":\"Moradia\",\"p18_povosecomunidadestradicionais\":\"Povos e comunidades tradicionais\",\"p18_trabalho\":\"Trabalho\",\"p18_religiao\":\"Religi\\u00e3o\",\"p18_saude\":\"Sa\\u00fade\",\"p18_violencia\":\"Viol\\u00eancia\",\"p18_politicasculturais\":\"Pol\\u00edticas Culturais\",\"p19_desenvolvimentoterritorial\":\"Desenvolvimento territorial\",\"p19_direitoshumanos\":\"Direitos humanos\",\"p19_educacao\":\"Educa\\u00e7\\u00e3o\",\"p19_trabalho\":\"Trabalho\",\"p19_difusaoartistica\":\"Difus\\u00e3o Art\\u00edstica\",\"p20_reunioes\":\"Reuni\\u00f5es\",\"p20_atendimento\":\"Atendimento\",\"p20_oficinas\":\"Oficinas\",\"p20_oficinasaulasartisticas\":\"Ensaios\\\/Oficinas\\\/Aulas art\\u00edsticas\",\"p20_cursos\":\"Cursos\",\"p20_formacao\":\"Forma\\u00e7\\u00e3o\",\"p20_apresentacoesartisticas\":\"Apresenta\\u00e7\\u00f5es art\\u00edsticas\",\"p21_repressaopolicial\":\"Repress\\u00e3o policial\",\"p21_nenhum\":\"Nenhum\",\"p22_numerodeparticipantes\":\"1  - 15\",\"p23_reunioes\":\"Reuni\\u00f5es\",\"p23_atendimento\":\"Atendimento\",\"p23_oficinasaulasartisticas\":\"Ensaio\\\/Oficinas\\\/Aulas Art\\u00edsticas\",\"p23_formacao\":\"Forma\\u00e7\\u00e3o\",\"p23_apresentacoesartisticas\":\"Apresenta\\u00e7\\u00f5es Art\\u00edsticas\",\"p24_atendimento\":\"Atendimentos\",\"p24_oficinasaulasartisticas\":\"Ensaios\\\/Oficinas\\\/Aulas art\\u00edsticas\",\"p24_profissionalizacao\":\"Profissionaliza\\u00e7\\u00e3o\",\"p24_apresentacoesartisticas\":\"Apresenta\\u00e7\\u00f5es art\\u00edsticas\",\"p25_numerodepessoas\":\"40 - 60\",\"p26_numerodepessoas\":\"100 - 200\",\"p27_espacoproprio\":\"Espa\\u00e7o pr\\u00f3prio\",\"p28_territorios\":\"Pr\\u00f3prio bairro\",\"p30_outrasorganizacoes\":\"Sim\",\"p32_campanhadelongaduracao\":\"N\\u00e3o\",\"p34_estadual\":\"Estadual\",\"p34_nenhuma\":\"Nenhuma\",\"p36_conselhosdeparticipacaoecontrolesocial\":\"N\\u00e3o\",\"p38_nenhum\":\"Nenhum\",\"p40_editais\":\"N\\u00e3o\",\"p41_privadopj\":\"Privado (P. Jur\\u00eddica)\",\"p41_autofinanciamento\":\"Autofinanciamento\",\"p41_financiamentocoletivo0\":\"Financiamento coletivo\",\"p42_meiodedivulgacaoproprio\":\"Sim\",\"p43_email\":\"E-mail\",\"p43_facebook\":\"Facebook\",\"p43_whatsapp\":\"WhatsApp\",\"p43_instagram\":\"Instagram\",\"p43_sitesblogs\":\"Blogs\\\/sites\",\"p44_radio\":\"R\\u00e1dio\",\"p44_jornaisimpressosdegrandecirculacao\":\"Jornais impressos de grande circula\\u00e7\\u00e3o\",\"p44_jornaisimpressosdebairro\":\"Jornais impressos de bairro\",\"p44_redessociais\":\"Redes sociais (Facebook, YouTube, Instagram etc.)\",\"p44_sitesblogs\":\"Sites ou Blogs\",\"p39_publico\":\"TODOS MEMBROS BAIRRO CAJAZEIRA\",\"p45_bandeira\":\"LUTAR CONTRA-OPRESS\\u00d5ES DEFENDER BAIRRO ARMAS EDUCA\\u00c7\\u00c3O CULTURA\",\"p46_hashtags\":\"#RESISTENCIA #LUTACOMCULTURA\"},{\"p1_eixo\":\"Cultura\",\"p9_tipoorganizacao\":\"Coletivo Art\\u00edstico\",\"p12_uf\":\"CE\",\"p13_cidade\":\"FORTALEZA\",\"p17_ano\":\"2007\",\"p16_estado\":\"Estado\",\"p18_difusaoartistica\":\"Difus\\u00e3o Art\\u00edstica\",\"p18_desenvolvimentoterritorial\":\"Desenvolvimento territorial\",\"p18_direitoshumanos\":\"Direitos humanos\",\"p18_educacao\":\"Educa\\u00e7\\u00e3o\",\"p18_feminismos\":\"Feminismos\",\"p18_lgbtqi\":\"LGBTQI\",\"p18_lutaantirracismo\":\"Luta antirracismo\",\"p18_mobilidade\":\"Mobilidade\",\"p18_povosecomunidadestradicionais\":\"Povos e comunidades tradicionais\",\"p18_trabalho\":\"Trabalho\",\"p18_violencia\":\"Viol\\u00eancia\",\"p18_politicasculturais\":\"Pol\\u00edticas Culturais\",\"p19_educacao\":\"Educa\\u00e7\\u00e3o\",\"p19_lutaantirracismo\":\"Luta antirracismo\",\"p19_difusaoartistica\":\"Difus\\u00e3o Art\\u00edstica\",\"p20_oficinasaulasartisticas\":\"Ensaios\\\/Oficinas\\\/Aulas art\\u00edsticas\",\"p20_apresentacoesartisticas\":\"Apresenta\\u00e7\\u00f5es art\\u00edsticas\",\"p21_intoleranciareligiosa\":\"Fundamentalismo\\\/intoler\\u00e2ncia religiosa\",\"p21_xenofobia\":\"Xenofobia\",\"p21_machismo\":\"Machismo\",\"p21_racismo\":\"Racismo\",\"p21_lgbtqifobia\":\"LGBTIfobia\",\"p22_numerodeparticipantes\":\"1  - 15\",\"p23_oficinas\":\"Oficinas\",\"p23_oficinasaulasartisticas\":\"Ensaio\\\/Oficinas\\\/Aulas Art\\u00edsticas\",\"p24_oficinasaulasartisticas\":\"Ensaios\\\/Oficinas\\\/Aulas art\\u00edsticas\",\"p24_apresentacoesartisticas\":\"Apresenta\\u00e7\\u00f5es art\\u00edsticas\",\"p25_numerodepessoas\":\"20 - 40\",\"p26_numerodepessoas\":\"200 - 300\",\"p27_espacopublico\":\"Espa\\u00e7o p\\u00fablico\",\"p27_espacoproprio\":\"Espa\\u00e7o pr\\u00f3prio\",\"p28_territorios\":\"Estado\",\"p30_outrasorganizacoes\":\"Sim\",\"p32_campanhadelongaduracao\":\"N\\u00e3o\",\"p34_estadual\":\"Estadual\",\"p34_nacional\":\"Nacional\",\"p36_conselhosdeparticipacaoecontrolesocial\":\"N\\u00e3o\",\"p38_nenhum\":\"Nenhum\",\"p40_editais\":\"Sim\",\"p41_publicoestatal\":\"P\\u00fablico-Estatal\",\"p41_autofinanciamento\":\"Autofinanciamento\",\"p41_financiamentocoletivo0\":\"Financiamento coletivo\",\"p42_meiodedivulgacaoproprio\":\"Sim\",\"p43_impressoes\":\"Impressos\",\"p43_email\":\"E-mail\",\"p43_facebook\":\"Facebook\",\"p43_instagram\":\"Instagram\",\"p44_jornaisimpressosdegrandecirculacao\":\"Jornais impressos de grande circula\\u00e7\\u00e3o\",\"p44_jornaisimpressosdebairro\":\"Jornais impressos de bairro\",\"p44_sitesblogs\":\"Sites ou Blogs\",\"p39_publico\":\"POPULA\\u00c7\\u00d5ES PERIF\\u00c9RICAS ASSOCIA\\u00c7\\u00d5ES COMUNIT\\u00c1RIAS NEGRAS\",\"p45_bandeira\":\"NEGROS DAN\\u00c7A EDUCA\\u00c7\\u00c3O\",\"p46_hashtags\":\"#DANCANEGRACONTEMPORANEA #INTERCULTURALIDADECRITICA  #ENSINOAPRENDIZAGEM\"},{\"p1_eixo\":\"Viol\\u00eancia\",\"p9_tipoorganizacao\":\"Coletivo\",\"p12_uf\":\"SP\",\"p13_cidade\":\"S\\u00c3O PAULO\",\"p16_bairro\":\"Bairro\",\"p17_ano\":\"2012\",\"p18_comunicacao\":\"Comunica\\u00e7\\u00e3o\",\"p18_desenvolvimentoterritorial\":\"Desenvolvimento territorial\",\"p18_direitoshumanos\":\"Direitos humanos\",\"p18_educacao\":\"Educa\\u00e7\\u00e3o\",\"p18_feminismos\":\"Feminismos\",\"p18_lutaantirracismo\":\"Luta antirracismo\",\"p18_mobilidade\":\"Mobilidade\",\"p18_moradia\":\"Moradia\",\"p18_trabalho\":\"Trabalho\",\"p18_saude\":\"Sa\\u00fade\",\"p18_violencia\":\"Viol\\u00eancia\",\"p18_politicasculturais\":\"Pol\\u00edticas Culturais\",\"p19_educacao\":\"Educa\\u00e7\\u00e3o\",\"p19_moradia\":\"Moradia\",\"p19_violencia\":\"Viol\\u00eancia\",\"p20_atendimento\":\"Atendimento\",\"p20_oficinasaulasartisticas\":\"Ensaios\\\/Oficinas\\\/Aulas art\\u00edsticas\",\"p20_cursos\":\"Cursos\",\"p21_repressaopolicial\":\"Repress\\u00e3o policial\",\"p21_intoleranciareligiosa\":\"Fundamentalismo\\\/intoler\\u00e2ncia religiosa\",\"p21_xenofobia\":\"Xenofobia\",\"p21_machismo\":\"Machismo\",\"p21_racismo\":\"Racismo\",\"p21_lgbtqifobia\":\"LGBTIfobia\",\"p21_enfrentamentocomgruposprivadosarmados\":\"Enfrentamento com grupos privados armados\",\"p22_numerodeparticipantes\":\"1  - 15\",\"p23_oficinas\":\"Oficinas\",\"p23_cursos\":\"Cursos\",\"p24_reunioes\":\"Reuni\\u00f5es\",\"p24_outros\":\"Outros\",\"p25_numerodepessoas\":\"1 - 20\",\"p26_numerodepessoas\":\"1 - 20\",\"p27_espacoemprestadocedido\":\"Espa\\u00e7o emprestado\\\/cedido\",\"p28_territorios\":\"Pr\\u00f3prio bairro\",\"p30_outrasorganizacoes\":\"Sim\",\"p32_campanhadelongaduracao\":\"Sim\",\"p34_nenhuma\":\"Nenhuma\",\"p36_conselhosdeparticipacaoecontrolesocial\":\"N\\u00e3o\",\"p38_nenhum\":\"Nenhum\",\"p40_editais\":\"N\\u00e3o\",\"p41_privadopf\":\"Privado (P. F\\u00edsica)\",\"p41_privadopj\":\"Privado (P. Jur\\u00eddica)\",\"p41_autofinanciamento\":\"Autofinanciamento\",\"p41_financiamentocoletivo0\":\"Financiamento coletivo\",\"p42_meiodedivulgacaoproprio\":\"Sim\",\"p43_email\":\"E-mail\",\"p43_facebook\":\"Facebook\",\"p44_radio\":\"TV\",\"p44_redessociais\":\"Redes sociais (Facebook, YouTube, Instagram etc.)\",\"p44_sitesblogs\":\"Sites ou Blogs\",\"p39_publico\":\"MULHERES IDOSAS\",\"p45_bandeira\":\"EDUCA\\u00c7\\u00c3O\",\"p46_hashtags\":\"#EDUCACAO #SAUDE #RESPEITO\"},{\"p1_eixo\":\"Cultura\",\"p9_tipoorganizacao\":\"Associa\\u00e7\\u00e3o\",\"p12_uf\":\"PE\",\"p13_cidade\":\"SERRA TALHADA\",\"p16_nacional\":\"Nacional\",\"p17_ano\":\"1989\",\"p18_comunicacao\":\"Comunica\\u00e7\\u00e3o\",\"p18_difusaoartistica\":\"Difus\\u00e3o Art\\u00edstica\",\"p18_direitoshumanos\":\"Direitos humanos\",\"p18_educacao\":\"Educa\\u00e7\\u00e3o\",\"p18_lgbtqi\":\"LGBTQI\",\"p18_povosecomunidadestradicionais\":\"Povos e comunidades tradicionais\",\"p18_politicasculturais\":\"Pol\\u00edticas Culturais\",\"p19_direitoshumanos\":\"Direitos humanos\",\"p19_difusaoartistica\":\"Difus\\u00e3o Art\\u00edstica\",\"p19_politicasculturais\":\"Pol\\u00edticas Culturais\",\"p20_reunioes\":\"Reuni\\u00f5es\",\"p20_oficinas\":\"Oficinas\",\"p20_oficinasaulasartisticas\":\"Ensaios\\\/Oficinas\\\/Aulas art\\u00edsticas\",\"p20_formacao\":\"Forma\\u00e7\\u00e3o\",\"p21_nenhum\":\"Nenhum\",\"p22_numerodeparticipantes\":\"1  - 15\",\"p23_reunioes\":\"Reuni\\u00f5es\",\"p23_atendimento\":\"Atendimento\",\"p23_oficinas\":\"Oficinas\",\"p23_oficinasaulasartisticas\":\"Ensaio\\\/Oficinas\\\/Aulas Art\\u00edsticas\",\"p23_formacao\":\"Forma\\u00e7\\u00e3o\",\"p23_apresentacoesartisticas\":\"Apresenta\\u00e7\\u00f5es Art\\u00edsticas\",\"p24_reunioes\":\"Reuni\\u00f5es\",\"p24_atendimento\":\"Atendimentos\",\"p24_oficinas\":\"Oficinas\",\"p24_oficinasaulasartisticas\":\"Ensaios\\\/Oficinas\\\/Aulas art\\u00edsticas\",\"p24_curso\":\"Curso\",\"p24_formacao\":\"Forma\\u00e7\\u00e3o\",\"p24_profissionalizacao\":\"Profissionaliza\\u00e7\\u00e3o\",\"p25_numerodepessoas\":\"Mais de 500\",\"p26_numerodepessoas\":\"1 - 20\",\"p27_espacopublico\":\"Espa\\u00e7o p\\u00fablico\",\"p28_territorios\":\"Estado\",\"p30_outrasorganizacoes\":\"Sim\",\"p32_campanhadelongaduracao\":\"N\\u00e3o\",\"p34_estadual\":\"Estadual\",\"p36_conselhosdeparticipacaoecontrolesocial\":\"Sim\",\"p38_sim\":\"Sim\",\"p40_editais\":\"Sim\",\"p41_financiamentocoletivo0\":\"Financiamento coletivo\",\"p42_meiodedivulgacaoproprio\":\"Sim\",\"p43_email\":\"E-mail\",\"p44_radio\":\"R\\u00e1dio\",\"p44_jornaisimpressosdegrandecirculacao\":\"Jornais impressos de grande circula\\u00e7\\u00e3o\",\"p44_redessociais\":\"Redes sociais (Facebook, YouTube, Instagram etc.)\",\"p44_sitesblogs\":\"Sites ou Blogs\",\"p45_bandeira\":\"FORMA\\u00c7\\u00c3O DIVULGA\\u00c7\\u00c3O ART\\u00cdSTICA CULTURAL\",\"p46_hashtags\":\"RESIST\\u00caNCIA NA LUTA PELA FORMA\\u00c7\\u00c3O ART\\u00cdSTICA E CULTURAL DO NOSSO POVO.\"},{\"p1_eixo\":\"Cultura\",\"p9_tipoorganizacao\":\"Associa\\u00e7\\u00e3o\",\"p12_uf\":\"PB\",\"p13_cidade\":\"CAMPINA GRANDE\",\"p16_cidade\":\"Cidade\",\"p17_ano\":\"2004\",\"p18_agrario\":\"Agr\\u00e1rio\\\/ruralidades\",\"p18_comunicacao\":\"Comunica\\u00e7\\u00e3o\",\"p18_desenvolvimentoterritorial\":\"Desenvolvimento territorial\",\"p18_direitoshumanos\":\"Direitos humanos\",\"p18_educacao\":\"Educa\\u00e7\\u00e3o\",\"p18_feminismos\":\"Feminismos\",\"p18_lgbtqi\":\"LGBTQI\",\"p18_povosecomunidadestradicionais\":\"Povos e comunidades tradicionais\",\"p18_violencia\":\"Viol\\u00eancia\",\"p18_politicasculturais\":\"Pol\\u00edticas Culturais\",\"p19_agrario\":\"Agr\\u00e1rio\\\/ruralidades\",\"p19_educacao\":\"Educa\\u00e7\\u00e3o\",\"p19_politicasculturais\":\"Pol\\u00edticas Culturais\",\"p20_reunioes\":\"Reuni\\u00f5es\",\"p20_oficinas\":\"Oficinas\",\"p20_oficinasaulasartisticas\":\"Ensaios\\\/Oficinas\\\/Aulas art\\u00edsticas\",\"p20_cursos\":\"Cursos\",\"p20_formacao\":\"Forma\\u00e7\\u00e3o\",\"p20_apresentacoesartisticas\":\"Apresenta\\u00e7\\u00f5es art\\u00edsticas\",\"p21_intoleranciareligiosa\":\"Fundamentalismo\\\/intoler\\u00e2ncia religiosa\",\"p21_machismo\":\"Machismo\",\"p21_racismo\":\"Racismo\",\"p21_lgbtqifobia\":\"LGBTIfobia\",\"p22_numerodeparticipantes\":\"Mais de 90\",\"p23_reunioes\":\"Reuni\\u00f5es\",\"p23_oficinas\":\"Oficinas\",\"p23_oficinasaulasartisticas\":\"Ensaio\\\/Oficinas\\\/Aulas Art\\u00edsticas\",\"p23_cursos\":\"Cursos\",\"p23_formacao\":\"Forma\\u00e7\\u00e3o\",\"p23_apresentacoesartisticas\":\"Apresenta\\u00e7\\u00f5es Art\\u00edsticas\",\"p24_oficinasaulasartisticas\":\"Ensaios\\\/Oficinas\\\/Aulas art\\u00edsticas\",\"p24_apresentacoesartisticas\":\"Apresenta\\u00e7\\u00f5es art\\u00edsticas\",\"p25_numerodepessoas\":\"100 - 200\",\"p26_numerodepessoas\":\"200 - 300\",\"p27_espacoproprio\":\"Espa\\u00e7o pr\\u00f3prio\",\"p28_territorios\":\"Cidade\",\"p30_outrasorganizacoes\":\"Sim\",\"p32_campanhadelongaduracao\":\"N\\u00e3o\",\"p34_estadual\":\"Estadual\",\"p34_nacional\":\"Nacional\",\"p36_conselhosdeparticipacaoecontrolesocial\":\"Sim\",\"p38_sim\":\"Sim\",\"p40_editais\":\"N\\u00e3o\",\"p41_privadopj\":\"Privado (P. Jur\\u00eddica)\",\"p41_autofinanciamento\":\"Autofinanciamento\",\"p42_meiodedivulgacaoproprio\":\"Sim\",\"p43_impressoes\":\"Impressos\",\"p43_email\":\"E-mail\",\"p43_facebook\":\"Facebook\",\"p43_whatsapp\":\"WhatsApp\",\"p43_instagram\":\"Instagram\",\"p43_sitesblogs\":\"Blogs\\\/sites\",\"p43_youtube\":\"YouTube\",\"p44_redessociais\":\"Redes sociais (Facebook, YouTube, Instagram etc.)\",\"p44_sitesblogs\":\"Sites ou Blogs\",\"p39_publico\":\"Juventudes Mulheres agricultores diversidades\",\"p45_bandeira\":\"DIREITOS JUVENTUDES DIREITO CIDADES LUTAS CONTRA-MACHISMO CULTURA DEMOCRACIA PARTICIPACAO-POLITICA\",\"p46_hashtags\":\"A AJURCC organiza\\u00e7\\u00e3o sem  fins lucrativos miss\\u00e3o defesa direitos juventudes, mulheres, popula\\u00e7\\u00e3o negra povos tradicionais camponeses, popula\\u00e7\\u00e3o LGBT,  situa\\u00e7\\u00e3o social, desenvolvimento de s de cunho s\\u00f3cio-pol\\u00edtico, art\\u00edstico-cultural com \\u00eanfase na cultura popular e  desportivas, bem como o estimulo \\u00e0 interven\\u00e7\\u00e3o nos processos de formula\\u00e7\\u00e3o e monitoramento de pol\\u00edticas p\\u00fablicas, proporcionando o desenvolvimento do pensamento cr\\u00edtico para constru\\u00e7\\u00e3o de uma sociedade mais justa e igualit\\u00e1ria.\"},{\"p1_eixo\":\"Cultura\",\"p9_tipoorganizacao\":\"Associa\\u00e7\\u00e3o\",\"p12_uf\":\"MG\",\"p13_cidade\":\"IPATINGA\",\"p16_internacional\":\"Internacional\",\"p17_ano\":\"2019\",\"p18_comunicacao\":\"Comunica\\u00e7\\u00e3o\",\"p18_difusaoartistica\":\"Difus\\u00e3o Art\\u00edstica\",\"p18_desenvolvimentoterritorial\":\"Desenvolvimento territorial\",\"p18_direitoshumanos\":\"Direitos humanos\",\"p18_educacao\":\"Educa\\u00e7\\u00e3o\",\"p18_feminismos\":\"Feminismos\",\"p18_lgbtqi\":\"LGBTQI\",\"p18_lutaantirracismo\":\"Luta antirracismo\",\"p18_mobilidade\":\"Mobilidade\",\"p18_povosecomunidadestradicionais\":\"Povos e comunidades tradicionais\",\"p18_trabalho\":\"Trabalho\",\"p18_religiao\":\"Religi\\u00e3o\",\"p18_saude\":\"Sa\\u00fade\",\"p18_violencia\":\"Viol\\u00eancia\",\"p18_politicasculturais\":\"Pol\\u00edticas Culturais\",\"p19_lgbtqi\":\"LGBTQI\",\"p19_saude\":\"Sa\\u00fade\",\"p19_politicasculturais\":\"Pol\\u00edticas Culturais\",\"p20_reunioes\":\"Reuni\\u00f5es\",\"p20_oficinas\":\"Oficinas\",\"p20_oficinasaulasartisticas\":\"Ensaios\\\/Oficinas\\\/Aulas art\\u00edsticas\",\"p20_cursos\":\"Cursos\",\"p20_apresentacoesartisticas\":\"Apresenta\\u00e7\\u00f5es art\\u00edsticas\",\"p21_intoleranciareligiosa\":\"Fundamentalismo\\\/intoler\\u00e2ncia religiosa\",\"p21_machismo\":\"Machismo\",\"p21_racismo\":\"Racismo\",\"p21_lgbtqifobia\":\"LGBTIfobia\",\"p22_numerodeparticipantes\":\"1  - 15\",\"p23_reunioes\":\"Reuni\\u00f5es\",\"p23_atendimento\":\"Atendimento\",\"p23_cursos\":\"Cursos\",\"p24_reunioes\":\"Reuni\\u00f5es\",\"p24_apresentacoesartisticas\":\"Apresenta\\u00e7\\u00f5es art\\u00edsticas\",\"p25_numerodepessoas\":\"1 - 20\",\"p26_numerodepessoas\":\"1 - 20\",\"p27_espacoemprestadocedido\":\"Espa\\u00e7o emprestado\\\/cedido\",\"p28_territorios\":\"Regi\\u00e3o da Cidade\",\"p30_outrasorganizacoes\":\"Sim\",\"p32_campanhadelongaduracao\":\"N\\u00e3o\",\"p34_nenhuma\":\"Nenhuma\",\"p36_conselhosdeparticipacaoecontrolesocial\":\"N\\u00e3o\",\"p38_nenhum\":\"Nenhum\",\"p40_editais\":\"N\\u00e3o\",\"p41_autofinanciamento\":\"Autofinanciamento\",\"p42_meiodedivulgacaoproprio\":\"Sim\",\"p43_facebook\":\"Facebook\",\"p43_instagram\":\"Instagram\",\"p44_radio\":\"TV\",\"p44_jornaisimpressosdegrandecirculacao\":\"Jornais impressos de grande circula\\u00e7\\u00e3o\",\"p44_jornaisimpressosdebairro\":\"Jornais impressos de bairro\",\"p44_redessociais\":\"Redes sociais (Facebook, YouTube, Instagram etc.)\",\"p44_sitesblogs\":\"Sites ou Blogs\",\"p44_nenhum\":\"Nenhum\",\"p39_publico\":\"JOVENS\",\"p45_bandeira\":\"PERTENCIMENTO DIREITO DIREITO OCUPA\\u00c7\\u00c3O-ESPA\\u00c7OS CONTRA-PRECONCEITO-SOCIAL\",\"p46_hashtags\":\"#TERRITORIOCULTURAL #ACESSIBILIDADECULTURAL #IGUALDADE\"},{\"p1_eixo\":\"Trabalho\",\"p9_tipoorganizacao\":\"Movimento Social\",\"p12_uf\":\"TO\",\"p13_cidade\":\"PORTO NACIONAL\",\"p16_cidade\":\"Cidade\",\"p17_ano\":\"2020\",\"p18_comunicacao\":\"Comunica\\u00e7\\u00e3o\",\"p18_direitoshumanos\":\"Direitos humanos\",\"p18_educacao\":\"Educa\\u00e7\\u00e3o\",\"p18_lgbtqi\":\"LGBTQI\",\"p18_lutaantirracismo\":\"Luta antirracismo\",\"p18_moradia\":\"Moradia\",\"p18_trabalho\":\"Trabalho\",\"p18_saude\":\"Sa\\u00fade\",\"p18_politicasculturais\":\"Pol\\u00edticas Culturais\",\"p19_comunicacao\":\"Comunica\\u00e7\\u00e3o\",\"p19_direitoshumanos\":\"Direitos humanos\",\"p19_moradia\":\"Moradia\",\"p20_atendimento\":\"Atendimento\",\"p21_intoleranciareligiosa\":\"Fundamentalismo\\\/intoler\\u00e2ncia religiosa\",\"p21_racismo\":\"Racismo\",\"p21_lgbtqifobia\":\"LGBTIfobia\",\"p22_numerodeparticipantes\":\"1  - 15\",\"p23_atendimento\":\"Atendimento\",\"p23_outros\":\"Outros\",\"p24_atendimento\":\"Atendimentos\",\"p24_visitasexcursoes\":\"Visitas\\\/Excurs\\u00f5es\",\"p24_outros\":\"Outros\",\"p25_numerodepessoas\":\"1 - 20\",\"p26_numerodepessoas\":\"100 - 200\",\"p27_espacoemprestadocedido\":\"Espa\\u00e7o emprestado\\\/cedido\",\"p28_territorios\":\"Regi\\u00e3o da Cidade\",\"p30_outrasorganizacoes\":\"Sim\",\"p32_campanhadelongaduracao\":\"Sim\",\"p34_nenhuma\":\"Nenhuma\",\"p36_conselhosdeparticipacaoecontrolesocial\":\"N\\u00e3o\",\"p38_nenhum\":\"Nenhum\",\"p40_editais\":\"N\\u00e3o\",\"p41_autofinanciamento\":\"Autofinanciamento\",\"p41_financiamentocoletivo0\":\"Financiamento coletivo\",\"p42_meiodedivulgacaoproprio\":\"Sim\",\"p43_email\":\"E-mail\",\"p43_instagram\":\"Instagram\",\"p44_redessociais\":\"Redes sociais (Facebook, YouTube, Instagram etc.)\",\"p39_publico\":\"FAM\\u00cdLIAS VULNERABILIDADE\",\"p45_bandeira\":\"DIREITOS HUMANOS QUALIDADE VIDA EQUIDADE\",\"p46_hashtags\":\"#DIREITOSHUMANOS #QUALIDADEDEVIDADE #EQUIDADE\"},{\"p1_eixo\":\"Trabalho\",\"p9_tipoorganizacao\":\"Movimento Social\",\"p12_uf\":\"GO\",\"p13_cidade\":\"GOI\\u00c2NIA\",\"p17_ano\":\"2014\",\"p16_estado\":\"Estado\",\"p18_comunicacao\":\"Comunica\\u00e7\\u00e3o\",\"p18_desenvolvimentoterritorial\":\"Desenvolvimento territorial\",\"p18_direitoshumanos\":\"Direitos humanos\",\"p18_educacao\":\"Educa\\u00e7\\u00e3o\",\"p18_feminismos\":\"Feminismos\",\"p18_lgbtqi\":\"LGBTQI\",\"p18_lutaantirracismo\":\"Luta antirracismo\",\"p18_mobilidade\":\"Mobilidade\",\"p18_moradia\":\"Moradia\",\"p18_povosecomunidadestradicionais\":\"Povos e comunidades tradicionais\",\"p18_trabalho\":\"Trabalho\",\"p18_saude\":\"Sa\\u00fade\",\"p18_violencia\":\"Viol\\u00eancia\",\"p18_politicasculturais\":\"Pol\\u00edticas Culturais\",\"p19_educacao\":\"Educa\\u00e7\\u00e3o\",\"p19_moradia\":\"Moradia\",\"p19_trabalho\":\"Trabalho\",\"p20_reunioes\":\"Reuni\\u00f5es\",\"p20_formacao\":\"Forma\\u00e7\\u00e3o\",\"p21_repressaopolicial\":\"Repress\\u00e3o policial\",\"p21_intoleranciareligiosa\":\"Fundamentalismo\\\/intoler\\u00e2ncia religiosa\",\"p21_machismo\":\"Machismo\",\"p21_racismo\":\"Racismo\",\"p21_enfrentamentocomgruposprivadosarmados\":\"Enfrentamento com grupos privados armados\",\"p22_numerodeparticipantes\":\"15 - 30\",\"p23_reunioes\":\"Reuni\\u00f5es\",\"p23_formacao\":\"Forma\\u00e7\\u00e3o\",\"p24_outros\":\"Outros\",\"p25_numerodepessoas\":\"100 - 200\",\"p26_numerodepessoas\":\"200 - 300\",\"p27_espacopublico\":\"Espa\\u00e7o p\\u00fablico\",\"p27_ocupacao\":\"Ocupa\\u00e7\\u00e3o\",\"p28_territorios\":\"Estado\",\"p30_outrasorganizacoes\":\"Sim\",\"p32_campanhadelongaduracao\":\"Sim\",\"p34_nenhuma\":\"Nenhuma\",\"p36_conselhosdeparticipacaoecontrolesocial\":\"N\\u00e3o\",\"p38_sim\":\"Sim\",\"p40_editais\":\"N\\u00e3o\",\"p41_autofinanciamento\":\"Autofinanciamento\",\"p41_financiamentocoletivo0\":\"Financiamento coletivo\",\"p42_meiodedivulgacaoproprio\":\"Sim\",\"p43_email\":\"E-mail\",\"p43_facebook\":\"Facebook\",\"p44_redessociais\":\"Redes sociais (Facebook, YouTube, Instagram etc.)\",\"p39_publico\":\"POVO PERIFERIA\",\"p45_bandeira\":\"LUTA MORADIA LUTA INCLUS\\u00c3O SOCIAL DEFESA DIREITOS HUMANOS\",\"p46_hashtags\":\"#MORADIA #INCLUSAOSOCIAL #DIREITOSHUMANOS\"},{\"p1_eixo\":\"Cultura\",\"p9_tipoorganizacao\":\"Coletivo Art\\u00edstico\",\"p12_uf\":\"PR\",\"p13_cidade\":\"CURITIBA\",\"p16_cidade\":\"Cidade\",\"p17_ano\":\"2018\",\"p18_comunicacao\":\"Comunica\\u00e7\\u00e3o\",\"p18_difusaoartistica\":\"Difus\\u00e3o Art\\u00edstica\",\"p18_direitoshumanos\":\"Direitos humanos\",\"p18_educacao\":\"Educa\\u00e7\\u00e3o\",\"p18_feminismos\":\"Feminismos\",\"p18_lutaantirracismo\":\"Luta antirracismo\",\"p18_mobilidade\":\"Mobilidade\",\"p18_moradia\":\"Moradia\",\"p18_povosecomunidadestradicionais\":\"Povos e comunidades tradicionais\",\"p18_trabalho\":\"Trabalho\",\"p18_religiao\":\"Religi\\u00e3o\",\"p18_saude\":\"Sa\\u00fade\",\"p18_violencia\":\"Viol\\u00eancia\",\"p18_politicasculturais\":\"Pol\\u00edticas Culturais\",\"p19_direitoshumanos\":\"Direitos humanos\",\"p19_lutaantirracismo\":\"Luta antirracismo\",\"p19_religiao\":\"Religi\\u00e3o\",\"p20_oficinas\":\"Oficinas\",\"p20_oficinasaulasartisticas\":\"Ensaios\\\/Oficinas\\\/Aulas art\\u00edsticas\",\"p20_formacao\":\"Forma\\u00e7\\u00e3o\",\"p20_apresentacoesartisticas\":\"Apresenta\\u00e7\\u00f5es art\\u00edsticas\",\"p21_machismo\":\"Machismo\",\"p21_racismo\":\"Racismo\",\"p22_numerodeparticipantes\":\"30 - 45\",\"p23_atendimento\":\"Atendimento\",\"p23_oficinasaulasartisticas\":\"Ensaio\\\/Oficinas\\\/Aulas Art\\u00edsticas\",\"p23_formacao\":\"Forma\\u00e7\\u00e3o\",\"p24_apresentacoesartisticas\":\"Apresenta\\u00e7\\u00f5es art\\u00edsticas\",\"p24_outros\":\"Outros\",\"p25_numerodepessoas\":\"200 - 300\",\"p26_numerodepessoas\":\"60 - 80\",\"p27_espacopublico\":\"Espa\\u00e7o p\\u00fablico\",\"p27_espacoemprestadocedido\":\"Espa\\u00e7o emprestado\\\/cedido\",\"p27_espacoproprio\":\"Espa\\u00e7o pr\\u00f3prio\",\"p27_ocupacao\":\"Ocupa\\u00e7\\u00e3o\",\"p28_territorios\":\"Cidade\",\"p30_outrasorganizacoes\":\"Sim\",\"p32_campanhadelongaduracao\":\"Sim\",\"p34_nenhuma\":\"Nenhuma\",\"p36_conselhosdeparticipacaoecontrolesocial\":\"N\\u00e3o\",\"p38_sim\":\"Sim\",\"p40_editais\":\"N\\u00e3o\",\"p41_autofinanciamento\":\"Autofinanciamento\",\"p41_financiamentocoletivo0\":\"Financiamento coletivo\",\"p42_meiodedivulgacaoproprio\":\"Sim\",\"p43_email\":\"E-mail\",\"p43_facebook\":\"Facebook\",\"p43_instagram\":\"Instagram\",\"p44_redessociais\":\"Redes sociais (Facebook, YouTube, Instagram etc.)\",\"p39_publico\":\"COMUNIDADE FAM\\u00cdLIAS VULNERABILIDADE MULHERES NEGRAS\",\"p45_bandeira\":\"LUTA ANTIRRACISTA LUTA CONTRA-MACHISMO CONTRA-LGBTQIAFOBIA CONTRA-INTOLER\\u00c2NCIA-RELIGIOSA\",\"p46_hashtags\":\"#FORABOLSONARO #NAOAORACISMO #LULA2022\"},{\"p1_eixo\":\"Trabalho\",\"p9_tipoorganizacao\":\"Coletivo\",\"p12_uf\":\"PR\",\"p13_cidade\":\"CURITIBA\",\"p17_ano\":\"2018\",\"p16_estado\":\"Estado\",\"p18_agrario\":\"Agr\\u00e1rio\\\/ruralidades\",\"p18_comunicacao\":\"Comunica\\u00e7\\u00e3o\",\"p18_difusaoartistica\":\"Difus\\u00e3o Art\\u00edstica\",\"p18_desenvolvimentoterritorial\":\"Desenvolvimento territorial\",\"p18_direitoshumanos\":\"Direitos humanos\",\"p18_educacao\":\"Educa\\u00e7\\u00e3o\",\"p18_feminismos\":\"Feminismos\",\"p18_povosecomunidadestradicionais\":\"Povos e comunidades tradicionais\",\"p18_trabalho\":\"Trabalho\",\"p18_saude\":\"Sa\\u00fade\",\"p18_politicasculturais\":\"Pol\\u00edticas Culturais\",\"p19_agrario\":\"Agr\\u00e1rio\\\/ruralidades\",\"p19_desenvolvimentoterritorial\":\"Desenvolvimento territorial\",\"p19_trabalho\":\"Trabalho\",\"p20_reunioes\":\"Reuni\\u00f5es\",\"p20_atendimento\":\"Atendimento\",\"p20_oficinas\":\"Oficinas\",\"p20_cursos\":\"Cursos\",\"p20_formacao\":\"Forma\\u00e7\\u00e3o\",\"p20_profissionalizacao\":\"Profissionaliza\\u00e7\\u00e3o\",\"p20_visitasexcursoes\":\"Visitas\\\/Excurs\\u00f5es\",\"p21_repressaopolicial\":\"Repress\\u00e3o policial\",\"p21_machismo\":\"Machismo\",\"p21_racismo\":\"Racismo\",\"p21_lgbtqifobia\":\"LGBTIfobia\",\"p22_numerodeparticipantes\":\"Mais de 90\",\"p23_reunioes\":\"Reuni\\u00f5es\",\"p23_atendimento\":\"Atendimento\",\"p23_cursos\":\"Cursos\",\"p23_formacao\":\"Forma\\u00e7\\u00e3o\",\"p23_apresentacoesartisticas\":\"Apresenta\\u00e7\\u00f5es Art\\u00edsticas\",\"p23_visitas\":\"Visitas\",\"p24_profissionalizacao\":\"Profissionaliza\\u00e7\\u00e3o\",\"p24_apresentacoesartisticas\":\"Apresenta\\u00e7\\u00f5es art\\u00edsticas\",\"p24_visitasexcursoes\":\"Visitas\\\/Excurs\\u00f5es\",\"p24_outros\":\"Outros\",\"p25_numerodepessoas\":\"1 - 20\",\"p26_numerodepessoas\":\"20 - 40\",\"p27_espacopublico\":\"Espa\\u00e7o p\\u00fablico\",\"p27_espacoemprestadocedido\":\"Espa\\u00e7o emprestado\\\/cedido\",\"p27_espacoproprio\":\"Espa\\u00e7o pr\\u00f3prio\",\"p27_virtual\":\"Virtual\",\"p28_territorios\":\"Estado\",\"p30_outrasorganizacoes\":\"Sim\",\"p32_campanhadelongaduracao\":\"Sim\",\"p34_nenhuma\":\"Nenhuma\",\"p36_conselhosdeparticipacaoecontrolesocial\":\"Sim\",\"p38_sim\":\"Sim\",\"p40_editais\":\"N\\u00e3o\",\"p41_autofinanciamento\":\"Autofinanciamento\",\"p42_meiodedivulgacaoproprio\":\"Sim\",\"p43_facebook\":\"Facebook\",\"p43_whatsapp\":\"WhatsApp\",\"p43_instagram\":\"Instagram\",\"p44_radio\":\"TV\",\"p44_redessociais\":\"Redes sociais (Facebook, YouTube, Instagram etc.)\",\"p44_sitesblogs\":\"Sites ou Blogs\",\"p39_publico\":\"MULHERES CIDADE HOMENS MINORIA POTENCIAL JUVENIL ASCENS\\u00c3O\",\"p45_bandeira\":\"PROTAGONISMO FEMININO EMANCIPA\\u00c7\\u00c3O TRABALHO COLETIVO AUTOGESTION\\u00c1RIO RENDA BEM VIVER DEFESA INTRANSIGENTE REFORMA AGR\\u00c1RIA URBANA LUTA INCESSANTE COMBATER-TODA-VIOL\\u00caNCIA CONTRA-PRECONCEITO EQUIDADE G\\u00caNERO SUPERA\\u00c7\\u00c3O  DEFESA INTRANSIGENTE SOLIDARIEDADE PRINC\\u00cdPIOS ECONOMIA SOLID\\u00c1RIA CONTRAPOSI\\u00c7\\u00c3O-AO-CAPITALISMO SINERGIA COOPERA\\u00c7\\u00c3O M\\u00daTUA TRABALHADORES(AS) CIDADE CONTRIBUI\\u00c7\\u00c3O CULTURA CONSUMO CONSCIENTE CORRESPONS\\u00c1VEL DEFESA AGROECOLOGIA MODELO PRODU\\u00c7\\u00c3O PROMO\\u00c7\\u00c3O PERMANENTE FORMA\\u00c7\\u00c3O TROCA SABERES FAZERES GERAR TRABALHO RENDA COM\\u00c9RCIO JUSTO FORTALECER COMUNIDADES POVOS TRADICIONAIS ORIGIN\\u00c1RIOS PRIORIZAR SABERES SECULARES\",\"p46_hashtags\":\"#COMERCIOJUSTO #ECONOMIASOLIDARIA #REDEMANDALAPR\"},{\"p1_eixo\":\"Cultura\",\"p9_tipoorganizacao\":\"Instituto\",\"p12_uf\":\"AP\",\"p13_cidade\":\"MACAP\\u00c1\",\"p16_cidade\":\"Cidade\",\"p17_ano\":\"2019\",\"p18_agrario\":\"Agr\\u00e1rio\\\/ruralidades\",\"p18_comunicacao\":\"Comunica\\u00e7\\u00e3o\",\"p18_difusaoartistica\":\"Difus\\u00e3o Art\\u00edstica\",\"p18_desenvolvimentoterritorial\":\"Desenvolvimento territorial\",\"p18_direitoshumanos\":\"Direitos humanos\",\"p18_educacao\":\"Educa\\u00e7\\u00e3o\",\"p18_feminismos\":\"Feminismos\",\"p18_lgbtqi\":\"LGBTQI\",\"p18_lutaantirracismo\":\"Luta antirracismo\",\"p18_mobilidade\":\"Mobilidade\",\"p18_povosecomunidadestradicionais\":\"Povos e comunidades tradicionais\",\"p18_trabalho\":\"Trabalho\",\"p18_religiao\":\"Religi\\u00e3o\",\"p18_saude\":\"Sa\\u00fade\",\"p18_violencia\":\"Viol\\u00eancia\",\"p18_politicasculturais\":\"Pol\\u00edticas Culturais\",\"p19_direitoshumanos\":\"Direitos humanos\",\"p19_lutaantirracismo\":\"Luta antirracismo\",\"p19_religiao\":\"Religi\\u00e3o\",\"p20_atendimento\":\"Atendimento\",\"p20_oficinas\":\"Oficinas\",\"p20_oficinasaulasartisticas\":\"Ensaios\\\/Oficinas\\\/Aulas art\\u00edsticas\",\"p20_apresentacoesartisticas\":\"Apresenta\\u00e7\\u00f5es art\\u00edsticas\",\"p21_machismo\":\"Machismo\",\"p21_racismo\":\"Racismo\",\"p21_lgbtqifobia\":\"LGBTIfobia\",\"p22_numerodeparticipantes\":\"15 - 30\",\"p23_oficinas\":\"Oficinas\",\"p23_outros\":\"Outros\",\"p24_oficinas\":\"Oficinas\",\"p24_oficinasaulasartisticas\":\"Ensaios\\\/Oficinas\\\/Aulas art\\u00edsticas\",\"p24_apresentacoesartisticas\":\"Apresenta\\u00e7\\u00f5es art\\u00edsticas\",\"p24_outros\":\"Outros\",\"p25_numerodepessoas\":\"20 - 40\",\"p26_numerodepessoas\":\"1 - 20\",\"p27_espacoproprio\":\"Espa\\u00e7o pr\\u00f3prio\",\"p28_territorios\":\"Cidade\",\"p30_outrasorganizacoes\":\"Sim\",\"p32_campanhadelongaduracao\":\"N\\u00e3o\",\"p34_internacional\":\"Internacional\",\"p36_conselhosdeparticipacaoecontrolesocial\":\"Sim\",\"p38_sim\":\"Sim\",\"p40_editais\":\"Sim\",\"p41_autofinanciamento\":\"Autofinanciamento\",\"p41_financiamentocoletivo0\":\"Financiamento coletivo\",\"p42_meiodedivulgacaoproprio\":\"Sim\",\"p43_email\":\"E-mail\",\"p43_instagram\":\"Instagram\",\"p44_redessociais\":\"Redes sociais (Facebook, YouTube, Instagram etc.)\",\"p39_publico\":\"COMUNIDADE QUILOMBOLA\",\"p45_bandeira\":\"RACISMO RELIGIOSO LGBTQIA+ FOBIA POPULA\\u00c7\\u00c3O RUA\",\"p46_hashtags\":\"#ENFRENTAMENTOAORACISMORELIGIOSO #AQUILOMBAMENTOAFETIVOEESPIRITUAL  #RESISTENCIAEANCESTRALIDADE\"},{\"p1_eixo\":\"Viol\\u00eancia\",\"p9_tipoorganizacao\":\"Associa\\u00e7\\u00e3o\",\"p12_uf\":\"AP\",\"p13_cidade\":\"MACAP\\u00c1\",\"p16_cidade\":\"Cidade\",\"p17_ano\":\"1997\",\"p18_agrario\":\"Agr\\u00e1rio\\\/ruralidades\",\"p18_comunicacao\":\"Comunica\\u00e7\\u00e3o\",\"p18_difusaoartistica\":\"Difus\\u00e3o Art\\u00edstica\",\"p18_desenvolvimentoterritorial\":\"Desenvolvimento territorial\",\"p18_direitoshumanos\":\"Direitos humanos\",\"p18_educacao\":\"Educa\\u00e7\\u00e3o\",\"p18_feminismos\":\"Feminismos\",\"p18_lgbtqi\":\"LGBTQI\",\"p18_lutaantirracismo\":\"Luta antirracismo\",\"p18_moradia\":\"Moradia\",\"p18_povosecomunidadestradicionais\":\"Povos e comunidades tradicionais\",\"p18_trabalho\":\"Trabalho\",\"p18_religiao\":\"Religi\\u00e3o\",\"p18_saude\":\"Sa\\u00fade\",\"p18_violencia\":\"Viol\\u00eancia\",\"p18_politicasculturais\":\"Pol\\u00edticas Culturais\",\"p19_desenvolvimentoterritorial\":\"Desenvolvimento territorial\",\"p19_direitoshumanos\":\"Direitos humanos\",\"p19_violencia\":\"Viol\\u00eancia\",\"p20_reunioes\":\"Reuni\\u00f5es\",\"p20_oficinasaulasartisticas\":\"Ensaios\\\/Oficinas\\\/Aulas art\\u00edsticas\",\"p20_cursos\":\"Cursos\",\"p20_formacao\":\"Forma\\u00e7\\u00e3o\",\"p20_profissionalizacao\":\"Profissionaliza\\u00e7\\u00e3o\",\"p21_repressaopolicial\":\"Repress\\u00e3o policial\",\"p21_machismo\":\"Machismo\",\"p21_racismo\":\"Racismo\",\"p22_numerodeparticipantes\":\"45 - 60\",\"p23_reunioes\":\"Reuni\\u00f5es\",\"p24_reunioes\":\"Reuni\\u00f5es\",\"p24_curso\":\"Curso\",\"p24_outros\":\"Outros\",\"p25_numerodepessoas\":\"20 - 40\",\"p26_numerodepessoas\":\"40 - 60\",\"p27_espacopublico\":\"Espa\\u00e7o p\\u00fablico\",\"p27_espacoemprestadocedido\":\"Espa\\u00e7o emprestado\\\/cedido\",\"p28_territorios\":\"Pr\\u00f3prio bairro\",\"p30_outrasorganizacoes\":\"Sim\",\"p32_campanhadelongaduracao\":\"Sim\",\"p34_nacional\":\"Nacional\",\"p36_conselhosdeparticipacaoecontrolesocial\":\"N\\u00e3o\",\"p38_sim\":\"Sim\",\"p40_editais\":\"Sim\",\"p41_publicoestatal\":\"P\\u00fablico-Estatal\",\"p41_privadopj\":\"Privado (P. Jur\\u00eddica)\",\"p41_financiamentocoletivo0\":\"Financiamento coletivo\",\"p42_meiodedivulgacaoproprio\":\"Sim\",\"p43_email\":\"E-mail\",\"p43_facebook\":\"Facebook\",\"p43_whatsapp\":\"WhatsApp\",\"p44_radio\":\"TV\",\"p44_jornaisimpressosdegrandecirculacao\":\"Jornais impressos de grande circula\\u00e7\\u00e3o\",\"p44_jornaisimpressosdebairro\":\"Jornais impressos de bairro\",\"p44_redessociais\":\"Redes sociais (Facebook, YouTube, Instagram etc.)\",\"p44_sitesblogs\":\"Sites ou Blogs\",\"p39_publico\":\"MULHERES QUILOMBO\",\"p45_bandeira\":\"PRESERVA\\u00c7\\u00c3O TERRIT\\u00d3RIO  CONTRA-VULNERABILIDADE MULHER NEGRA\",\"p46_hashtags\":\"#PRESERVACAOEPROTECAODOTERRITORIO #CONTRAAVIOLENCIADAMULHERNEGRAQUILOMBOLA #PELOEMPODERAMENTODAMULHERPRETA\"},{\"p1_eixo\":\"Cultura\",\"p9_tipoorganizacao\":\"ONG\",\"p12_uf\":\"PR\",\"p13_cidade\":\"CURITIBA\",\"p16_bairro\":\"Bairro\",\"p17_ano\":\"2004\",\"p18_comunicacao\":\"Comunica\\u00e7\\u00e3o\",\"p18_difusaoartistica\":\"Difus\\u00e3o Art\\u00edstica\",\"p18_desenvolvimentoterritorial\":\"Desenvolvimento territorial\",\"p18_direitoshumanos\":\"Direitos humanos\",\"p18_educacao\":\"Educa\\u00e7\\u00e3o\",\"p18_lutaantirracismo\":\"Luta antirracismo\",\"p18_mobilidade\":\"Mobilidade\",\"p18_trabalho\":\"Trabalho\",\"p18_saude\":\"Sa\\u00fade\",\"p18_violencia\":\"Viol\\u00eancia\",\"p18_politicasculturais\":\"Pol\\u00edticas Culturais\",\"p19_direitoshumanos\":\"Direitos humanos\",\"p19_educacao\":\"Educa\\u00e7\\u00e3o\",\"p19_politicasculturais\":\"Pol\\u00edticas Culturais\",\"p20_atendimento\":\"Atendimento\",\"p20_oficinas\":\"Oficinas\",\"p20_oficinasaulasartisticas\":\"Ensaios\\\/Oficinas\\\/Aulas art\\u00edsticas\",\"p20_apresentacoesartisticas\":\"Apresenta\\u00e7\\u00f5es art\\u00edsticas\",\"p20_visitasexcursoes\":\"Visitas\\\/Excurs\\u00f5es\",\"p21_intoleranciareligiosa\":\"Fundamentalismo\\\/intoler\\u00e2ncia religiosa\",\"p21_machismo\":\"Machismo\",\"p21_racismo\":\"Racismo\",\"p22_numerodeparticipantes\":\"15 - 30\",\"p23_atendimento\":\"Atendimento\",\"p23_oficinasaulasartisticas\":\"Ensaio\\\/Oficinas\\\/Aulas Art\\u00edsticas\",\"p23_outros\":\"Outros\",\"p24_apresentacoesartisticas\":\"Apresenta\\u00e7\\u00f5es art\\u00edsticas\",\"p24_visitasexcursoes\":\"Visitas\\\/Excurs\\u00f5es\",\"p25_numerodepessoas\":\"40 - 60\",\"p26_numerodepessoas\":\"40 - 60\",\"p27_espacopublico\":\"Espa\\u00e7o p\\u00fablico\",\"p27_espacoemprestadocedido\":\"Espa\\u00e7o emprestado\\\/cedido\",\"p27_espacoproprio\":\"Espa\\u00e7o pr\\u00f3prio\",\"p27_virtual\":\"Virtual\",\"p28_territorios\":\"Pr\\u00f3prio bairro\",\"p30_outrasorganizacoes\":\"Sim\",\"p32_campanhadelongaduracao\":\"Sim\",\"p34_municipal\":\"Municipal\",\"p36_conselhosdeparticipacaoecontrolesocial\":\"Sim\",\"p38_nenhum\":\"Nenhum\",\"p40_editais\":\"Sim\",\"p41_publicoestatal\":\"P\\u00fablico-Estatal\",\"p41_privadopf\":\"Privado (P. F\\u00edsica)\",\"p41_privadopj\":\"Privado (P. Jur\\u00eddica)\",\"p42_meiodedivulgacaoproprio\":\"Sim\",\"p43_email\":\"E-mail\",\"p43_facebook\":\"Facebook\",\"p43_instagram\":\"Instagram\",\"p44_redessociais\":\"Redes sociais (Facebook, YouTube, Instagram etc.)\",\"p39_publico\":\"CRIAN\\u00c7AS\",\"p45_bandeira\":\"GARANTIA DIREITOS CRIAN\\u00c7AS ADOLESCENTES\",\"p46_hashtags\":\"#MOVIMENTOINTEGRAL #ARTECULTURAELAZER\"},{\"p1_eixo\":\"Trabalho\",\"p9_tipoorganizacao\":\"Coletivo\",\"p12_uf\":\"SC\",\"p13_cidade\":\"ITAPEMA\",\"p17_ano\":\"2013\",\"p16_estado\":\"Estado\",\"p18_desenvolvimentoterritorial\":\"Desenvolvimento territorial\",\"p18_direitoshumanos\":\"Direitos humanos\",\"p18_feminismos\":\"Feminismos\",\"p18_lgbtqi\":\"LGBTQI\",\"p18_lutaantirracismo\":\"Luta antirracismo\",\"p18_povosecomunidadestradicionais\":\"Povos e comunidades tradicionais\",\"p18_religiao\":\"Religi\\u00e3o\",\"p18_saude\":\"Sa\\u00fade\",\"p18_violencia\":\"Viol\\u00eancia\",\"p18_politicasculturais\":\"Pol\\u00edticas Culturais\",\"p19_lutaantirracismo\":\"Luta antirracismo\",\"p19_povosecomunidadestradicionais\":\"Povos e comunidades tradicionais\",\"p19_religiao\":\"Religi\\u00e3o\",\"p20_reunioes\":\"Reuni\\u00f5es\",\"p20_atendimento\":\"Atendimento\",\"p20_oficinas\":\"Oficinas\",\"p20_formacao\":\"Forma\\u00e7\\u00e3o\",\"p21_repressaopolicial\":\"Repress\\u00e3o policial\",\"p21_intoleranciareligiosa\":\"Fundamentalismo\\\/intoler\\u00e2ncia religiosa\",\"p21_machismo\":\"Machismo\",\"p21_racismo\":\"Racismo\",\"p21_lgbtqifobia\":\"LGBTIfobia\",\"p22_numerodeparticipantes\":\"1  - 15\",\"p23_reunioes\":\"Reuni\\u00f5es\",\"p23_atendimento\":\"Atendimento\",\"p23_oficinas\":\"Oficinas\",\"p23_visitas\":\"Visitas\",\"p23_outros\":\"Outros\",\"p24_reunioes\":\"Reuni\\u00f5es\",\"p24_atendimento\":\"Atendimentos\",\"p24_oficinas\":\"Oficinas\",\"p24_outros\":\"Outros\",\"p25_numerodepessoas\":\"40 - 60\",\"p26_numerodepessoas\":\"1 - 20\",\"p27_espacopublico\":\"Espa\\u00e7o p\\u00fablico\",\"p27_espacoemprestadocedido\":\"Espa\\u00e7o emprestado\\\/cedido\",\"p27_virtual\":\"Virtual\",\"p28_territorios\":\"Estado\",\"p30_outrasorganizacoes\":\"Sim\",\"p32_campanhadelongaduracao\":\"Sim\",\"p34_nenhuma\":\"Nenhuma\",\"p36_conselhosdeparticipacaoecontrolesocial\":\"Sim\",\"p38_sim\":\"Sim\",\"p40_editais\":\"N\\u00e3o\",\"p41_financiamentocoletivo0\":\"Financiamento coletivo\",\"p42_meiodedivulgacaoproprio\":\"Sim\",\"p43_impressoes\":\"Impressos\",\"p43_email\":\"E-mail\",\"p43_facebook\":\"Facebook\",\"p43_whatsapp\":\"WhatsApp\",\"p44_redessociais\":\"Redes sociais (Facebook, YouTube, Instagram etc.)\",\"p39_publico\":\"MEMBROS COMUNIDADES TRADICIONAIS TERREIRO\",\"p45_bandeira\":\"DEFESA DIREITOS HUMANOS ANTIRRACISMO CONTRA-HOMOFOBIAS CONTRA-MACHISMO DEFESA POVO SANTO\",\"p46_hashtags\":\"#POVODEAXE #LUTAANTIRRACISTA #NAOAVIOLENCIARELIGIOSA\"},{\"p1_eixo\":\"Cultura\",\"p9_tipoorganizacao\":\"Coletivo\",\"p12_uf\":\"AC\",\"p13_cidade\":\"RIO BRANCO\",\"p17_ano\":\"2003\",\"p16_estado\":\"Estado\",\"p18_agrario\":\"Agr\\u00e1rio\\\/ruralidades\",\"p18_comunicacao\":\"Comunica\\u00e7\\u00e3o\",\"p18_difusaoartistica\":\"Difus\\u00e3o Art\\u00edstica\",\"p18_desenvolvimentoterritorial\":\"Desenvolvimento territorial\",\"p18_direitoshumanos\":\"Direitos humanos\",\"p18_educacao\":\"Educa\\u00e7\\u00e3o\",\"p18_feminismos\":\"Feminismos\",\"p18_lgbtqi\":\"LGBTQI\",\"p18_lutaantirracismo\":\"Luta antirracismo\",\"p18_mobilidade\":\"Mobilidade\",\"p18_moradia\":\"Moradia\",\"p18_povosecomunidadestradicionais\":\"Povos e comunidades tradicionais\",\"p18_trabalho\":\"Trabalho\",\"p18_religiao\":\"Religi\\u00e3o\",\"p18_saude\":\"Sa\\u00fade\",\"p18_violencia\":\"Viol\\u00eancia\",\"p18_politicasculturais\":\"Pol\\u00edticas Culturais\",\"p19_direitoshumanos\":\"Direitos humanos\",\"p19_educacao\":\"Educa\\u00e7\\u00e3o\",\"p19_violencia\":\"Viol\\u00eancia\",\"p20_reunioes\":\"Reuni\\u00f5es\",\"p20_oficinas\":\"Oficinas\",\"p20_oficinasaulasartisticas\":\"Ensaios\\\/Oficinas\\\/Aulas art\\u00edsticas\",\"p20_cursos\":\"Cursos\",\"p20_formacao\":\"Forma\\u00e7\\u00e3o\",\"p20_profissionalizacao\":\"Profissionaliza\\u00e7\\u00e3o\",\"p20_apresentacoesartisticas\":\"Apresenta\\u00e7\\u00f5es art\\u00edsticas\",\"p20_visitasexcursoes\":\"Visitas\\\/Excurs\\u00f5es\",\"p21_repressaopolicial\":\"Repress\\u00e3o policial\",\"p22_numerodeparticipantes\":\"1  - 15\",\"p23_reunioes\":\"Reuni\\u00f5es\",\"p23_oficinas\":\"Oficinas\",\"p23_oficinasaulasartisticas\":\"Ensaio\\\/Oficinas\\\/Aulas Art\\u00edsticas\",\"p23_formacao\":\"Forma\\u00e7\\u00e3o\",\"p23_profissionalizacao\":\"Profissionaliza\\u00e7\\u00e3o\",\"p23_apresentacoesartisticas\":\"Apresenta\\u00e7\\u00f5es Art\\u00edsticas\",\"p24_reunioes\":\"Reuni\\u00f5es\",\"p24_oficinas\":\"Oficinas\",\"p24_oficinasaulasartisticas\":\"Ensaios\\\/Oficinas\\\/Aulas art\\u00edsticas\",\"p24_apresentacoesartisticas\":\"Apresenta\\u00e7\\u00f5es art\\u00edsticas\",\"p25_numerodepessoas\":\"100 - 200\",\"p26_numerodepessoas\":\"400 - 500\",\"p27_espacopublico\":\"Espa\\u00e7o p\\u00fablico\",\"p27_espacoproprio\":\"Espa\\u00e7o pr\\u00f3prio\",\"p27_virtual\":\"Virtual\",\"p27_ocupacao\":\"Ocupa\\u00e7\\u00e3o\",\"p28_territorios\":\"Estado\",\"p30_outrasorganizacoes\":\"Sim\",\"p32_campanhadelongaduracao\":\"Sim\",\"p34_nacional\":\"Nacional\",\"p34_nenhuma\":\"Nenhuma\",\"p36_conselhosdeparticipacaoecontrolesocial\":\"N\\u00e3o\",\"p38_sim\":\"Sim\",\"p40_editais\":\"N\\u00e3o\",\"p41_financiamentocoletivo0\":\"Financiamento coletivo\",\"p42_meiodedivulgacaoproprio\":\"Sim\",\"p43_sitesblogs\":\"Blogs\\\/sites\",\"p44_sitesblogs\":\"Sites ou Blogs\",\"p39_publico\":\"JOVENS ADULTOS\",\"p45_bandeira\":\"PODER POVO POBRE LIBERDADE IGUALDADE RESIST\\u00caNCIA ATIVISMO\",\"p46_hashtags\":\"#RESISTENCIAELIBERDADE #PODERPARAOPOVOPOBRE #JUSTICAELIBERDADE\"},{\"p1_eixo\":\"Viol\\u00eancia\",\"p9_tipoorganizacao\":\"Coletivo\",\"p12_uf\":\"AM\",\"p13_cidade\":\"MANAUS\",\"p16_cidade\":\"Cidade\",\"p17_ano\":\"2012\",\"p18_comunicacao\":\"Comunica\\u00e7\\u00e3o\",\"p18_difusaoartistica\":\"Difus\\u00e3o Art\\u00edstica\",\"p18_direitoshumanos\":\"Direitos humanos\",\"p18_educacao\":\"Educa\\u00e7\\u00e3o\",\"p18_feminismos\":\"Feminismos\",\"p18_lgbtqi\":\"LGBTQI\",\"p18_lutaantirracismo\":\"Luta antirracismo\",\"p18_mobilidade\":\"Mobilidade\",\"p18_povosecomunidadestradicionais\":\"Povos e comunidades tradicionais\",\"p18_trabalho\":\"Trabalho\",\"p18_saude\":\"Sa\\u00fade\",\"p18_violencia\":\"Viol\\u00eancia\",\"p19_comunicacao\":\"Comunica\\u00e7\\u00e3o\",\"p19_feminismos\":\"Feminismos\",\"p19_lutaantirracismo\":\"Luta antirracismo\",\"p20_reunioes\":\"Reuni\\u00f5es\",\"p20_visitasexcursoes\":\"Visitas\\\/Excurs\\u00f5es\",\"p21_repressaopolicial\":\"Repress\\u00e3o policial\",\"p21_intoleranciareligiosa\":\"Fundamentalismo\\\/intoler\\u00e2ncia religiosa\",\"p21_machismo\":\"Machismo\",\"p21_racismo\":\"Racismo\",\"p21_lgbtqifobia\":\"LGBTIfobia\",\"p22_numerodeparticipantes\":\"1  - 15\",\"p23_reunioes\":\"Reuni\\u00f5es\",\"p23_outros\":\"Outros\",\"p24_reunioes\":\"Reuni\\u00f5es\",\"p24_visitasexcursoes\":\"Visitas\\\/Excurs\\u00f5es\",\"p25_numerodepessoas\":\"20 - 40\",\"p26_numerodepessoas\":\"1 - 20\",\"p27_espacopublico\":\"Espa\\u00e7o p\\u00fablico\",\"p27_espacoemprestadocedido\":\"Espa\\u00e7o emprestado\\\/cedido\",\"p28_territorios\":\"Cidade\",\"p30_outrasorganizacoes\":\"Sim\",\"p32_campanhadelongaduracao\":\"N\\u00e3o\",\"p34_estadual\":\"Estadual\",\"p36_conselhosdeparticipacaoecontrolesocial\":\"N\\u00e3o\",\"p38_nenhum\":\"Nenhum\",\"p40_editais\":\"N\\u00e3o\",\"p41_autofinanciamento\":\"Autofinanciamento\",\"p41_financiamentocoletivo0\":\"Financiamento coletivo\",\"p42_meiodedivulgacaoproprio\":\"Sim\",\"p43_impressoes\":\"Impressos\",\"p43_facebook\":\"Facebook\",\"p43_whatsapp\":\"WhatsApp\",\"p43_instagram\":\"Instagram\",\"p44_jornaisimpressosdebairro\":\"Jornais impressos de bairro\",\"p44_redessociais\":\"Redes sociais (Facebook, YouTube, Instagram etc.)\",\"p39_publico\":\"MULHERES\",\"p45_bandeira\":\"FEMINISMO INTERSECCIONAL LUTA ANTI-RACISMO ABOLICIONISMO PENAL LEGALIZA\\u00c7\\u00c3O MACONHA LEGALIZA\\u00c7\\u00c3O ABORTO DEBATE AMPLO\"},{\"p1_eixo\":\"Viol\\u00eancia\",\"p9_tipoorganizacao\":\"ONG\",\"p12_uf\":\"TO\",\"p13_cidade\":\"PALMAS\",\"p17_ano\":\"1998\",\"p16_estado\":\"Estado\",\"p18_agrario\":\"Agr\\u00e1rio\\\/ruralidades\",\"p18_comunicacao\":\"Comunica\\u00e7\\u00e3o\",\"p18_difusaoartistica\":\"Difus\\u00e3o Art\\u00edstica\",\"p18_direitoshumanos\":\"Direitos humanos\",\"p18_educacao\":\"Educa\\u00e7\\u00e3o\",\"p18_feminismos\":\"Feminismos\",\"p18_lgbtqi\":\"LGBTQI\",\"p18_lutaantirracismo\":\"Luta antirracismo\",\"p18_moradia\":\"Moradia\",\"p18_trabalho\":\"Trabalho\",\"p18_saude\":\"Sa\\u00fade\",\"p18_violencia\":\"Viol\\u00eancia\",\"p19_trabalho\":\"Trabalho\",\"p19_saude\":\"Sa\\u00fade\",\"p19_violencia\":\"Viol\\u00eancia\",\"p20_reunioes\":\"Reuni\\u00f5es\",\"p20_atendimento\":\"Atendimento\",\"p20_oficinas\":\"Oficinas\",\"p20_cursos\":\"Cursos\",\"p20_visitasexcursoes\":\"Visitas\\\/Excurs\\u00f5es\",\"p21_repressaopolicial\":\"Repress\\u00e3o policial\",\"p21_intoleranciareligiosa\":\"Fundamentalismo\\\/intoler\\u00e2ncia religiosa\",\"p21_machismo\":\"Machismo\",\"p21_racismo\":\"Racismo\",\"p21_lgbtqifobia\":\"LGBTIfobia\",\"p21_enfrentamentocomgruposprivadosarmados\":\"Enfrentamento com grupos privados armados\",\"p22_numerodeparticipantes\":\"1  - 15\",\"p23_reunioes\":\"Reuni\\u00f5es\",\"p23_atendimento\":\"Atendimento\",\"p23_oficinas\":\"Oficinas\",\"p23_cursos\":\"Cursos\",\"p24_oficinas\":\"Oficinas\",\"p24_oficinasaulasartisticas\":\"Ensaios\\\/Oficinas\\\/Aulas art\\u00edsticas\",\"p25_numerodepessoas\":\"100 - 200\",\"p26_numerodepessoas\":\"100 - 200\",\"p27_espacoproprio\":\"Espa\\u00e7o pr\\u00f3prio\",\"p28_territorios\":\"Estado\",\"p30_outrasorganizacoes\":\"Sim\",\"p32_campanhadelongaduracao\":\"Sim\",\"p34_nacional\":\"Nacional\",\"p36_conselhosdeparticipacaoecontrolesocial\":\"Sim\",\"p38_sim\":\"Sim\",\"p40_editais\":\"Sim\",\"p41_autofinanciamento\":\"Autofinanciamento\",\"p41_financiamentocoletivo0\":\"Financiamento coletivo\",\"p42_meiodedivulgacaoproprio\":\"Sim\",\"p43_impressoes\":\"Impressos\",\"p43_facebook\":\"Facebook\",\"p43_whatsapp\":\"WhatsApp\",\"p43_instagram\":\"Instagram\",\"p43_sitesblogs\":\"Blogs\\\/sites\",\"p44_redessociais\":\"Redes sociais (Facebook, YouTube, Instagram etc.)\",\"p44_sitesblogs\":\"Sites ou Blogs\",\"p39_publico\":\"MULHERES TRANS\",\"p45_bandeira\":\"FEMINISMO CONTRA-VIOL\\u00caNCIA REDU\\u00c7\\u00c3O DANOS DIREITOS SEXUAIS REPRODUTIVOS ECONOMIA FEMINISTA SOLID\\u00c1RIA VALORIZA\\u00c7\\u00c3O TRABALHO MULHERES\",\"p46_hashtags\":\"#FELICIDADESIMVIOLENCIANAO #OACESSOREDUZDANOS #DIASMULHERESVIRAO\"},{\"p1_eixo\":\"Trabalho\",\"p9_tipoorganizacao\":\"Instituto\",\"p12_uf\":\"AC\",\"p13_cidade\":\"RIO BRANCO\",\"p17_ano\":\"2005\",\"p16_estado\":\"Estado\",\"p18_agrario\":\"Agr\\u00e1rio\\\/ruralidades\",\"p18_comunicacao\":\"Comunica\\u00e7\\u00e3o\",\"p18_difusaoartistica\":\"Difus\\u00e3o Art\\u00edstica\",\"p18_direitoshumanos\":\"Direitos humanos\",\"p18_educacao\":\"Educa\\u00e7\\u00e3o\",\"p18_feminismos\":\"Feminismos\",\"p18_lgbtqi\":\"LGBTQI\",\"p18_lutaantirracismo\":\"Luta antirracismo\",\"p18_mobilidade\":\"Mobilidade\",\"p18_moradia\":\"Moradia\",\"p18_povosecomunidadestradicionais\":\"Povos e comunidades tradicionais\",\"p18_trabalho\":\"Trabalho\",\"p18_religiao\":\"Religi\\u00e3o\",\"p18_saude\":\"Sa\\u00fade\",\"p18_violencia\":\"Viol\\u00eancia\",\"p18_politicasculturais\":\"Pol\\u00edticas Culturais\",\"p19_educacao\":\"Educa\\u00e7\\u00e3o\",\"p19_lgbtqi\":\"LGBTQI\",\"p19_povosecomunidadestradicionais\":\"Povos e comunidades tradicionais\",\"p20_reunioes\":\"Reuni\\u00f5es\",\"p20_oficinas\":\"Oficinas\",\"p20_oficinasaulasartisticas\":\"Ensaios\\\/Oficinas\\\/Aulas art\\u00edsticas\",\"p20_cursos\":\"Cursos\",\"p20_formacao\":\"Forma\\u00e7\\u00e3o\",\"p20_apresentacoesartisticas\":\"Apresenta\\u00e7\\u00f5es art\\u00edsticas\",\"p21_intoleranciareligiosa\":\"Fundamentalismo\\\/intoler\\u00e2ncia religiosa\",\"p21_xenofobia\":\"Xenofobia\",\"p21_machismo\":\"Machismo\",\"p21_racismo\":\"Racismo\",\"p21_lgbtqifobia\":\"LGBTIfobia\",\"p22_numerodeparticipantes\":\"1  - 15\",\"p23_reunioes\":\"Reuni\\u00f5es\",\"p23_cursos\":\"Cursos\",\"p23_apresentacoesartisticas\":\"Apresenta\\u00e7\\u00f5es Art\\u00edsticas\",\"p24_reunioes\":\"Reuni\\u00f5es\",\"p24_oficinas\":\"Oficinas\",\"p24_oficinasaulasartisticas\":\"Ensaios\\\/Oficinas\\\/Aulas art\\u00edsticas\",\"p24_curso\":\"Curso\",\"p24_formacao\":\"Forma\\u00e7\\u00e3o\",\"p24_apresentacoesartisticas\":\"Apresenta\\u00e7\\u00f5es art\\u00edsticas\",\"p25_numerodepessoas\":\"20 - 40\",\"p26_numerodepessoas\":\"100 - 200\",\"p27_espacoemprestadocedido\":\"Espa\\u00e7o emprestado\\\/cedido\",\"p28_territorios\":\"Estado\",\"p30_outrasorganizacoes\":\"Sim\",\"p32_campanhadelongaduracao\":\"Sim\",\"p34_internacional\":\"Internacional\",\"p36_conselhosdeparticipacaoecontrolesocial\":\"Sim\",\"p38_sim\":\"Sim\",\"p40_editais\":\"Sim\",\"p41_autofinanciamento\":\"Autofinanciamento\",\"p41_financiamentocoletivo0\":\"Financiamento coletivo\",\"p42_meiodedivulgacaoproprio\":\"Sim\",\"p43_nenhum\":\"Nenhum\",\"p44_radio\":\"TV\",\"p39_publico\":\"FORMADORES PODER-INSTITUCIONAL CAMPO\",\"p45_bandeira\":\"JUSTI\\u00c7A SOCIAL DIVERSIDADE RELIGIOSA CULTURAL\",\"p46_hashtags\":\"#JUSTICASOCIAL #DIVERSIDADERELIGIOSAECULTURAL #POLITICA\"},{\"p1_eixo\":\"Viol\\u00eancia\",\"p9_tipoorganizacao\":\"Movimento Social\",\"p12_uf\":\"RR\",\"p13_cidade\":\"BOA VISTA\",\"p16_bairro\":\"Bairro\",\"p17_ano\":\"2010\",\"p18_lgbtqi\":\"LGBTQI\",\"p18_saude\":\"Sa\\u00fade\",\"p18_violencia\":\"Viol\\u00eancia\",\"p19_lgbtqi\":\"LGBTQI\",\"p19_saude\":\"Sa\\u00fade\",\"p19_violencia\":\"Viol\\u00eancia\",\"p20_reunioes\":\"Reuni\\u00f5es\",\"p21_intoleranciareligiosa\":\"Fundamentalismo\\\/intoler\\u00e2ncia religiosa\",\"p21_lgbtqifobia\":\"LGBTIfobia\",\"p22_numerodeparticipantes\":\"15 - 30\",\"p23_reunioes\":\"Reuni\\u00f5es\",\"p24_reunioes\":\"Reuni\\u00f5es\",\"p25_numerodepessoas\":\"20 - 40\",\"p26_numerodepessoas\":\"1 - 20\",\"p27_espacopublico\":\"Espa\\u00e7o p\\u00fablico\",\"p27_espacoemprestadocedido\":\"Espa\\u00e7o emprestado\\\/cedido\",\"p28_territorios\":\"Estado\",\"p30_outrasorganizacoes\":\"Sim\",\"p32_campanhadelongaduracao\":\"N\\u00e3o\",\"p34_estadual\":\"Estadual\",\"p34_nacional\":\"Nacional\",\"p36_conselhosdeparticipacaoecontrolesocial\":\"N\\u00e3o\",\"p38_sim\":\"Sim\",\"p40_editais\":\"Sim\",\"p41_publicoestatal\":\"P\\u00fablico-Estatal\",\"p42_meiodedivulgacaoproprio\":\"Sim\",\"p43_impressoes\":\"Impressos\",\"p43_email\":\"E-mail\",\"p43_facebook\":\"Facebook\",\"p43_whatsapp\":\"WhatsApp\",\"p43_instagram\":\"Instagram\",\"p43_twitter\":\"Twitter\",\"p44_radio\":\"TV\",\"p44_jornaisimpressosdegrandecirculacao\":\"Jornais impressos de grande circula\\u00e7\\u00e3o\",\"p44_redessociais\":\"Redes sociais (Facebook, YouTube, Instagram etc.)\",\"p39_publico\":\"LGBTQIA+\",\"p45_bandeira\":\"ARTGAY LGBTQI+ PT\",\"p46_hashtags\":\"#ARTGAYNALUTA #ARTGAYPRESENTE #LULALIVRE\"},{\"p1_eixo\":\"Viol\\u00eancia\",\"p9_tipoorganizacao\":\"Coletivo\",\"p12_uf\":\"RR\",\"p13_cidade\":\"BOA VISTA\",\"p16_cidade\":\"Cidade\",\"p17_ano\":\"1998\",\"p18_comunicacao\":\"Comunica\\u00e7\\u00e3o\",\"p18_direitoshumanos\":\"Direitos humanos\",\"p18_educacao\":\"Educa\\u00e7\\u00e3o\",\"p18_feminismos\":\"Feminismos\",\"p18_lgbtqi\":\"LGBTQI\",\"p18_lutaantirracismo\":\"Luta antirracismo\",\"p18_povosecomunidadestradicionais\":\"Povos e comunidades tradicionais\",\"p18_trabalho\":\"Trabalho\",\"p18_saude\":\"Sa\\u00fade\",\"p18_violencia\":\"Viol\\u00eancia\",\"p19_direitoshumanos\":\"Direitos humanos\",\"p19_feminismos\":\"Feminismos\",\"p19_violencia\":\"Viol\\u00eancia\",\"p20_reunioes\":\"Reuni\\u00f5es\",\"p21_intoleranciareligiosa\":\"Fundamentalismo\\\/intoler\\u00e2ncia religiosa\",\"p21_xenofobia\":\"Xenofobia\",\"p21_machismo\":\"Machismo\",\"p21_racismo\":\"Racismo\",\"p21_lgbtqifobia\":\"LGBTIfobia\",\"p22_numerodeparticipantes\":\"15 - 30\",\"p23_reunioes\":\"Reuni\\u00f5es\",\"p23_outros\":\"Outros\",\"p24_outros\":\"Outros\",\"p25_numerodepessoas\":\"20 - 40\",\"p26_numerodepessoas\":\"200 - 300\",\"p27_espacopublico\":\"Espa\\u00e7o p\\u00fablico\",\"p27_espacoemprestadocedido\":\"Espa\\u00e7o emprestado\\\/cedido\",\"p28_territorios\":\"Cidade\",\"p30_outrasorganizacoes\":\"Sim\",\"p32_campanhadelongaduracao\":\"N\\u00e3o\",\"p34_nacional\":\"Nacional\",\"p36_conselhosdeparticipacaoecontrolesocial\":\"Sim\",\"p38_sim\":\"Sim\",\"p40_editais\":\"Sim\",\"p41_autofinanciamento\":\"Autofinanciamento\",\"p41_financiamentocoletivo0\":\"Financiamento coletivo\",\"p42_meiodedivulgacaoproprio\":\"Sim\",\"p43_impressoes\":\"Impressos\",\"p43_email\":\"E-mail\",\"p43_facebook\":\"Facebook\",\"p43_instagram\":\"Instagram\",\"p44_radio\":\"TV\",\"p44_jornaisimpressosdegrandecirculacao\":\"Jornais impressos de grande circula\\u00e7\\u00e3o\",\"p44_jornaisimpressosdebairro\":\"Jornais impressos de bairro\",\"p44_redessociais\":\"Redes sociais (Facebook, YouTube, Instagram etc.)\",\"p44_sitesblogs\":\"Sites ou Blogs\",\"p39_publico\":\"MULHERES\",\"p45_bandeira\":\"COMBATE LUTA ANTIRRACISTA LUTA ANTILESBOFOBIA\",\"p46_hashtags\":\"#COMBATEAVIOLENCIA #LUTAANTIRRACISTA #LUTAANTILESBOFOBIA\"},{\"p1_eixo\":\"Cultura\",\"p9_tipoorganizacao\":\"Coletivo\",\"p12_uf\":\"DF\",\"p13_cidade\":\"CIDADE ESTRUTURAL\",\"p16_internacional\":\"Internacional\",\"p17_ano\":\"2009\",\"p18_agrario\":\"Agr\\u00e1rio\\\/ruralidades\",\"p18_comunicacao\":\"Comunica\\u00e7\\u00e3o\",\"p18_difusaoartistica\":\"Difus\\u00e3o Art\\u00edstica\",\"p18_desenvolvimentoterritorial\":\"Desenvolvimento territorial\",\"p18_direitoshumanos\":\"Direitos humanos\",\"p18_educacao\":\"Educa\\u00e7\\u00e3o\",\"p18_feminismos\":\"Feminismos\",\"p18_lgbtqi\":\"LGBTQI\",\"p18_lutaantirracismo\":\"Luta antirracismo\",\"p18_moradia\":\"Moradia\",\"p18_povosecomunidadestradicionais\":\"Povos e comunidades tradicionais\",\"p18_trabalho\":\"Trabalho\",\"p18_saude\":\"Sa\\u00fade\",\"p18_violencia\":\"Viol\\u00eancia\",\"p18_politicasculturais\":\"Pol\\u00edticas Culturais\",\"p19_desenvolvimentoterritorial\":\"Desenvolvimento territorial\",\"p19_educacao\":\"Educa\\u00e7\\u00e3o\",\"p19_feminismos\":\"Feminismos\",\"p20_reunioes\":\"Reuni\\u00f5es\",\"p20_oficinasaulasartisticas\":\"Ensaios\\\/Oficinas\\\/Aulas art\\u00edsticas\",\"p20_cursos\":\"Cursos\",\"p21_repressaopolicial\":\"Repress\\u00e3o policial\",\"p21_intoleranciareligiosa\":\"Fundamentalismo\\\/intoler\\u00e2ncia religiosa\",\"p21_machismo\":\"Machismo\",\"p21_racismo\":\"Racismo\",\"p21_lgbtqifobia\":\"LGBTIfobia\",\"p22_numerodeparticipantes\":\"1  - 15\",\"p23_reunioes\":\"Reuni\\u00f5es\",\"p23_outros\":\"Outros\",\"p24_oficinasaulasartisticas\":\"Ensaios\\\/Oficinas\\\/Aulas art\\u00edsticas\",\"p24_curso\":\"Curso\",\"p24_outros\":\"Outros\",\"p25_numerodepessoas\":\"80 - 100\",\"p26_numerodepessoas\":\"20 - 40\",\"p27_espacopublico\":\"Espa\\u00e7o p\\u00fablico\",\"p27_espacoemprestadocedido\":\"Espa\\u00e7o emprestado\\\/cedido\",\"p28_territorios\":\"Estado\",\"p30_outrasorganizacoes\":\"Sim\",\"p32_campanhadelongaduracao\":\"N\\u00e3o\",\"p34_internacional\":\"Internacional\",\"p36_conselhosdeparticipacaoecontrolesocial\":\"Sim\",\"p38_sim\":\"Sim\",\"p40_editais\":\"N\\u00e3o\",\"p41_autofinanciamento\":\"Autofinanciamento\",\"p42_meiodedivulgacaoproprio\":\"Sim\",\"p43_impressoes\":\"Impressos\",\"p43_facebook\":\"Facebook\",\"p44_nenhum\":\"Nenhum\",\"p39_publico\":\"MULHERES\",\"p45_bandeira\":\"DIREITO CORPO DIREITOS SEXUAISVIOL\\u00caNCIA CONTRA MULHER DIREITO TERRA\",\"p46_hashtags\":\"#PELAVIDADASMULHERES #DIREITOAOCORPO #PELOFIMDAVIOLENCIA\"},{\"p1_eixo\":\"Cultura\",\"p9_tipoorganizacao\":\"Instituto\",\"p12_uf\":\"SP\",\"p13_cidade\":\"S\\u00c3O PAULO\",\"p16_bairro\":\"Bairro\",\"p17_ano\":\"2012\",\"p18_comunicacao\":\"Comunica\\u00e7\\u00e3o\",\"p18_difusaoartistica\":\"Difus\\u00e3o Art\\u00edstica\",\"p18_direitoshumanos\":\"Direitos humanos\",\"p18_educacao\":\"Educa\\u00e7\\u00e3o\",\"p18_feminismos\":\"Feminismos\",\"p18_lgbtqi\":\"LGBTQI\",\"p18_lutaantirracismo\":\"Luta antirracismo\",\"p18_mobilidade\":\"Mobilidade\",\"p18_trabalho\":\"Trabalho\",\"p18_politicasculturais\":\"Pol\\u00edticas Culturais\",\"p19_educacao\":\"Educa\\u00e7\\u00e3o\",\"p19_trabalho\":\"Trabalho\",\"p19_politicasculturais\":\"Pol\\u00edticas Culturais\",\"p20_oficinas\":\"Oficinas\",\"p20_oficinasaulasartisticas\":\"Ensaios\\\/Oficinas\\\/Aulas art\\u00edsticas\",\"p20_formacao\":\"Forma\\u00e7\\u00e3o\",\"p20_apresentacoesartisticas\":\"Apresenta\\u00e7\\u00f5es art\\u00edsticas\",\"p21_nenhum\":\"Nenhum\",\"p22_numerodeparticipantes\":\"1  - 15\",\"p23_apresentacoesartisticas\":\"Apresenta\\u00e7\\u00f5es Art\\u00edsticas\",\"p24_formacao\":\"Forma\\u00e7\\u00e3o\",\"p25_numerodepessoas\":\"80 - 100\",\"p26_numerodepessoas\":\"20 - 40\",\"p27_espacoproprio\":\"Espa\\u00e7o pr\\u00f3prio\",\"p28_territorios\":\"Regi\\u00e3o da Cidade\",\"p30_outrasorganizacoes\":\"Sim\",\"p32_campanhadelongaduracao\":\"N\\u00e3o\",\"p34_nacional\":\"Nacional\",\"p36_conselhosdeparticipacaoecontrolesocial\":\"N\\u00e3o\",\"p38_nenhum\":\"Nenhum\",\"p40_editais\":\"N\\u00e3o\",\"p41_autofinanciamento\":\"Autofinanciamento\",\"p41_financiamentocoletivo0\":\"Financiamento coletivo\",\"p42_meiodedivulgacaoproprio\":\"Sim\",\"p43_facebook\":\"Facebook\",\"p43_whatsapp\":\"WhatsApp\",\"p43_instagram\":\"Instagram\",\"p44_radio\":\"TV\",\"p44_redessociais\":\"Redes sociais (Facebook, YouTube, Instagram etc.)\",\"p39_publico\":\"JUVENTUDE NEGRA PERIF\\u00c9RICA EMPREENDEDORES PERIF\\u00c9RICOS\",\"p45_bandeira\":\"DEFESA JUVENTUDE MULHER NEGRA EMPREENDEDORES PERIF\\u00c9RICOS\",\"p46_hashtags\":\"#EDUCACAOEMPREENDEDORA #CULTURA #ELENAO\"},{\"p1_eixo\":\"Cultura\",\"p9_tipoorganizacao\":\"Coletivo Art\\u00edstico\",\"p12_uf\":\"SP\",\"p13_cidade\":\"S\\u00c3O PAULO\",\"p16_bairro\":\"Bairro\",\"p17_ano\":\"2014\",\"p18_comunicacao\":\"Comunica\\u00e7\\u00e3o\",\"p18_difusaoartistica\":\"Difus\\u00e3o Art\\u00edstica\",\"p18_direitoshumanos\":\"Direitos humanos\",\"p18_educacao\":\"Educa\\u00e7\\u00e3o\",\"p18_feminismos\":\"Feminismos\",\"p18_lgbtqi\":\"LGBTQI\",\"p18_lutaantirracismo\":\"Luta antirracismo\",\"p18_mobilidade\":\"Mobilidade\",\"p18_moradia\":\"Moradia\",\"p18_saude\":\"Sa\\u00fade\",\"p18_violencia\":\"Viol\\u00eancia\",\"p18_politicasculturais\":\"Pol\\u00edticas Culturais\",\"p19_comunicacao\":\"Comunica\\u00e7\\u00e3o\",\"p19_feminismos\":\"Feminismos\",\"p19_difusaoartistica\":\"Difus\\u00e3o Art\\u00edstica\",\"p20_oficinas\":\"Oficinas\",\"p20_oficinasaulasartisticas\":\"Ensaios\\\/Oficinas\\\/Aulas art\\u00edsticas\",\"p20_apresentacoesartisticas\":\"Apresenta\\u00e7\\u00f5es art\\u00edsticas\",\"p21_repressaopolicial\":\"Repress\\u00e3o policial\",\"p21_intoleranciareligiosa\":\"Fundamentalismo\\\/intoler\\u00e2ncia religiosa\",\"p22_numerodeparticipantes\":\"1  - 15\",\"p23_apresentacoesartisticas\":\"Apresenta\\u00e7\\u00f5es Art\\u00edsticas\",\"p24_reunioes\":\"Reuni\\u00f5es\",\"p25_numerodepessoas\":\"100 - 200\",\"p26_numerodepessoas\":\"20 - 40\",\"p27_espacopublico\":\"Espa\\u00e7o p\\u00fablico\",\"p28_territorios\":\"Pr\\u00f3prio bairro\",\"p30_outrasorganizacoes\":\"Sim\",\"p32_campanhadelongaduracao\":\"N\\u00e3o\",\"p34_municipal\":\"Municipal\",\"p36_conselhosdeparticipacaoecontrolesocial\":\"N\\u00e3o\",\"p38_nenhum\":\"Nenhum\",\"p40_editais\":\"Sim\",\"p41_publicoestatal\":\"P\\u00fablico-Estatal\",\"p41_autofinanciamento\":\"Autofinanciamento\",\"p41_financiamentocoletivo0\":\"Financiamento coletivo\",\"p42_meiodedivulgacaoproprio\":\"Sim\",\"p43_email\":\"E-mail\",\"p43_facebook\":\"Facebook\",\"p43_instagram\":\"Instagram\",\"p44_jornaisimpressosdebairro\":\"Jornais impressos de bairro\",\"p44_redessociais\":\"Redes sociais (Facebook, YouTube, Instagram etc.)\",\"p44_sitesblogs\":\"Sites ou Blogs\",\"p39_publico\":\"ABERTO SOCIEDADE-CIVIL MULHERES CRIAN\\u00c7AS IDOSOS EDUCADORES\",\"p45_bandeira\":\"ACESSIBILIDADE CULTURA DIVULGA\\u00c7\\u00c3O-CULTURA-LOCAL PRESERVA\\u00c7\\u00c3O-ESPA\\u00c7O REGI\\u00d5ES PERIF\\u00c9RICAS REGI\\u00d5ES AFASTADAS ARTE\",\"p46_hashtags\":\"#ACESSIBILIDADE #PERIFERIA #CULTURA\"},{\"p1_eixo\":\"Cultura\",\"p9_tipoorganizacao\":\"Associa\\u00e7\\u00e3o\",\"p12_uf\":\"SP\",\"p13_cidade\":\"S\\u00c3O PAULO\",\"p16_cidade\":\"Cidade\",\"p17_ano\":\"2012\",\"p18_comunicacao\":\"Comunica\\u00e7\\u00e3o\",\"p18_difusaoartistica\":\"Difus\\u00e3o Art\\u00edstica\",\"p18_direitoshumanos\":\"Direitos humanos\",\"p18_educacao\":\"Educa\\u00e7\\u00e3o\",\"p18_feminismos\":\"Feminismos\",\"p18_lgbtqi\":\"LGBTQI\",\"p18_lutaantirracismo\":\"Luta antirracismo\",\"p18_mobilidade\":\"Mobilidade\",\"p18_trabalho\":\"Trabalho\",\"p18_saude\":\"Sa\\u00fade\",\"p18_violencia\":\"Viol\\u00eancia\",\"p18_politicasculturais\":\"Pol\\u00edticas Culturais\",\"p19_direitoshumanos\":\"Direitos humanos\",\"p19_feminismos\":\"Feminismos\",\"p19_lutaantirracismo\":\"Luta antirracismo\",\"p20_oficinas\":\"Oficinas\",\"p20_oficinasaulasartisticas\":\"Ensaios\\\/Oficinas\\\/Aulas art\\u00edsticas\",\"p20_cursos\":\"Cursos\",\"p20_formacao\":\"Forma\\u00e7\\u00e3o\",\"p20_apresentacoesartisticas\":\"Apresenta\\u00e7\\u00f5es art\\u00edsticas\",\"p21_nenhum\":\"Nenhum\",\"p22_numerodeparticipantes\":\"1  - 15\",\"p23_oficinasaulasartisticas\":\"Ensaio\\\/Oficinas\\\/Aulas Art\\u00edsticas\",\"p23_apresentacoesartisticas\":\"Apresenta\\u00e7\\u00f5es Art\\u00edsticas\",\"p24_reunioes\":\"Reuni\\u00f5es\",\"p24_atendimento\":\"Atendimentos\",\"p24_formacao\":\"Forma\\u00e7\\u00e3o\",\"p25_numerodepessoas\":\"40 - 60\",\"p26_numerodepessoas\":\"1 - 20\",\"p27_espacoproprio\":\"Espa\\u00e7o pr\\u00f3prio\",\"p28_territorios\":\"Regi\\u00e3o da Cidade\",\"p30_outrasorganizacoes\":\"N\\u00e3o\",\"p32_campanhadelongaduracao\":\"N\\u00e3o\",\"p34_nenhuma\":\"Nenhuma\",\"p36_conselhosdeparticipacaoecontrolesocial\":\"N\\u00e3o\",\"p38_nenhum\":\"Nenhum\",\"p40_editais\":\"N\\u00e3o\",\"p41_privadopf\":\"Privado (P. F\\u00edsica)\",\"p41_privadopj\":\"Privado (P. Jur\\u00eddica)\",\"p41_autofinanciamento\":\"Autofinanciamento\",\"p41_financiamentocoletivo0\":\"Financiamento coletivo\",\"p42_meiodedivulgacaoproprio\":\"Sim\",\"p43_facebook\":\"Facebook\",\"p43_whatsapp\":\"WhatsApp\",\"p44_redessociais\":\"Redes sociais (Facebook, YouTube, Instagram etc.)\",\"p39_publico\":\"PRINCIPALMENTE JOVENS VULNERABILIDADE SOCIAL\",\"p45_bandeira\":\"DEFESA JUVENTUDE NEGRA PERIF\\u00c9RICA MARGINALIZADA DEFESA DIREITOS HUMANOS\",\"p46_hashtags\":\"#NAOAORACISMO #ELENAO #PERIFERIAVIVE\"},{\"p1_eixo\":\"Cultura\",\"p9_tipoorganizacao\":\"Coletivo\",\"p12_uf\":\"SP\",\"p13_cidade\":\"S\\u00c3O PAULO\",\"p16_cidade\":\"Cidade\",\"p17_ano\":\"2011\",\"p18_comunicacao\":\"Comunica\\u00e7\\u00e3o\",\"p18_difusaoartistica\":\"Difus\\u00e3o Art\\u00edstica\",\"p18_desenvolvimentoterritorial\":\"Desenvolvimento territorial\",\"p18_direitoshumanos\":\"Direitos humanos\",\"p18_educacao\":\"Educa\\u00e7\\u00e3o\",\"p18_feminismos\":\"Feminismos\",\"p18_lgbtqi\":\"LGBTQI\",\"p18_lutaantirracismo\":\"Luta antirracismo\",\"p18_mobilidade\":\"Mobilidade\",\"p18_moradia\":\"Moradia\",\"p18_povosecomunidadestradicionais\":\"Povos e comunidades tradicionais\",\"p18_trabalho\":\"Trabalho\",\"p18_religiao\":\"Religi\\u00e3o\",\"p18_saude\":\"Sa\\u00fade\",\"p18_violencia\":\"Viol\\u00eancia\",\"p18_politicasculturais\":\"Pol\\u00edticas Culturais\",\"p19_educacao\":\"Educa\\u00e7\\u00e3o\",\"p19_feminismos\":\"Feminismos\",\"p19_lutaantirracismo\":\"Luta antirracismo\",\"p20_oficinas\":\"Oficinas\",\"p20_oficinasaulasartisticas\":\"Ensaios\\\/Oficinas\\\/Aulas art\\u00edsticas\",\"p20_formacao\":\"Forma\\u00e7\\u00e3o\",\"p20_apresentacoesartisticas\":\"Apresenta\\u00e7\\u00f5es art\\u00edsticas\",\"p21_nenhum\":\"Nenhum\",\"p22_numerodeparticipantes\":\"1  - 15\",\"p23_oficinas\":\"Oficinas\",\"p24_oficinas\":\"Oficinas\",\"p24_apresentacoesartisticas\":\"Apresenta\\u00e7\\u00f5es art\\u00edsticas\",\"p25_numerodepessoas\":\"20 - 40\",\"p26_numerodepessoas\":\"20 - 40\",\"p27_espacoemprestadocedido\":\"Espa\\u00e7o emprestado\\\/cedido\",\"p28_territorios\":\"Atua\\u00e7\\u00e3o Nacional\",\"p30_outrasorganizacoes\":\"N\\u00e3o\",\"p32_campanhadelongaduracao\":\"N\\u00e3o\",\"p34_nenhuma\":\"Nenhuma\",\"p36_conselhosdeparticipacaoecontrolesocial\":\"N\\u00e3o\",\"p38_nenhum\":\"Nenhum\",\"p40_editais\":\"Sim\",\"p41_publicoestatal\":\"P\\u00fablico-Estatal\",\"p41_autofinanciamento\":\"Autofinanciamento\",\"p41_financiamentocoletivo0\":\"Financiamento coletivo\",\"p42_meiodedivulgacaoproprio\":\"Sim\",\"p43_facebook\":\"Facebook\",\"p43_instagram\":\"Instagram\",\"p43_youtube\":\"YouTube\",\"p44_radio\":\"TV\",\"p44_jornaisimpressosdegrandecirculacao\":\"Jornais impressos de grande circula\\u00e7\\u00e3o\",\"p44_redessociais\":\"Redes sociais (Facebook, YouTube, Instagram etc.)\",\"p44_sitesblogs\":\"Sites ou Blogs\",\"p39_publico\":\"NEGRO\",\"p45_bandeira\":\"RECONHECIMENTO FORTALECIMENTO IDENTIDADE EDUCA\\u00c7\\u00c3O MEM\\u00d3RIA POPULA\\u00c7\\u00c3O NEGRA DIFUS\\u00c3O ART\\u00cdSTICA PROTAGONISMO FEMININO\",\"p46_hashtags\":\"#NOSSOSPASSOSVEMDELONGE #RESISTENCIA #RESPEITAASMINA #CULTURAAFRICANA\"},{\"p1_eixo\":\"Trabalho\",\"p9_tipoorganizacao\":\"Associa\\u00e7\\u00e3o\",\"p12_uf\":\"AP\",\"p13_cidade\":\"MACAP\\u00c1\",\"p16_cidade\":\"Cidade\",\"p17_ano\":\"2015\",\"p18_comunicacao\":\"Comunica\\u00e7\\u00e3o\",\"p18_difusaoartistica\":\"Difus\\u00e3o Art\\u00edstica\",\"p18_desenvolvimentoterritorial\":\"Desenvolvimento territorial\",\"p18_direitoshumanos\":\"Direitos humanos\",\"p18_educacao\":\"Educa\\u00e7\\u00e3o\",\"p18_feminismos\":\"Feminismos\",\"p18_lgbtqi\":\"LGBTQI\",\"p18_lutaantirracismo\":\"Luta antirracismo\",\"p18_mobilidade\":\"Mobilidade\",\"p18_moradia\":\"Moradia\",\"p18_povosecomunidadestradicionais\":\"Povos e comunidades tradicionais\",\"p18_trabalho\":\"Trabalho\",\"p18_saude\":\"Sa\\u00fade\",\"p18_violencia\":\"Viol\\u00eancia\",\"p18_politicasculturais\":\"Pol\\u00edticas Culturais\",\"p19_educacao\":\"Educa\\u00e7\\u00e3o\",\"p19_trabalho\":\"Trabalho\",\"p19_saude\":\"Sa\\u00fade\",\"p20_atendimento\":\"Atendimento\",\"p20_oficinas\":\"Oficinas\",\"p20_oficinasaulasartisticas\":\"Ensaios\\\/Oficinas\\\/Aulas art\\u00edsticas\",\"p20_cursos\":\"Cursos\",\"p21_xenofobia\":\"Xenofobia\",\"p21_racismo\":\"Racismo\",\"p21_lgbtqifobia\":\"LGBTIfobia\",\"p22_numerodeparticipantes\":\"15 - 30\",\"p23_atendimento\":\"Atendimento\",\"p23_oficinas\":\"Oficinas\",\"p23_oficinasaulasartisticas\":\"Ensaio\\\/Oficinas\\\/Aulas Art\\u00edsticas\",\"p24_oficinas\":\"Oficinas\",\"p24_oficinasaulasartisticas\":\"Ensaios\\\/Oficinas\\\/Aulas art\\u00edsticas\",\"p24_curso\":\"Curso\",\"p25_numerodepessoas\":\"40 - 60\",\"p26_numerodepessoas\":\"Mais de 500\",\"p27_espacoemprestadocedido\":\"Espa\\u00e7o emprestado\\\/cedido\",\"p28_territorios\":\"Pr\\u00f3prio bairro\",\"p30_outrasorganizacoes\":\"N\\u00e3o\",\"p32_campanhadelongaduracao\":\"Sim\",\"p34_nenhuma\":\"Nenhuma\",\"p36_conselhosdeparticipacaoecontrolesocial\":\"Sim\",\"p38_nenhum\":\"Nenhum\",\"p40_editais\":\"N\\u00e3o\",\"p41_privadopf\":\"Privado (P. F\\u00edsica)\",\"p41_autofinanciamento\":\"Autofinanciamento\",\"p41_financiamentocoletivo0\":\"Financiamento coletivo\",\"p42_meiodedivulgacaoproprio\":\"Sim\",\"p43_facebook\":\"Facebook\",\"p43_instagram\":\"Instagram\",\"p44_radio\":\"TV\",\"p39_publico\":\"MULHERES\",\"p45_bandeira\":\"LUTA MULHERES LUTA INDEPEND\\u00caNCIA MULHERES LUTA CONTRA DESEMPREGO MULHERES CONTRA FALTA ESTRUTURA COMUNIDADE\",\"p46_hashtags\":\"#TRABALHO #EDUCACAO #SAUDE\"},{\"p1_eixo\":\"Cultura\",\"p9_tipoorganizacao\":\"Associa\\u00e7\\u00e3o\",\"p12_uf\":\"CE\",\"p13_cidade\":\"FORTALEZA\",\"p16_nacional\":\"Nacional\",\"p17_ano\":\"2002\",\"p18_comunicacao\":\"Comunica\\u00e7\\u00e3o\",\"p18_difusaoartistica\":\"Difus\\u00e3o Art\\u00edstica\",\"p18_direitoshumanos\":\"Direitos humanos\",\"p18_educacao\":\"Educa\\u00e7\\u00e3o\",\"p18_feminismos\":\"Feminismos\",\"p18_lutaantirracismo\":\"Luta antirracismo\",\"p18_violencia\":\"Viol\\u00eancia\",\"p18_politicasculturais\":\"Pol\\u00edticas Culturais\",\"p19_comunicacao\":\"Comunica\\u00e7\\u00e3o\",\"p19_difusaoartistica\":\"Difus\\u00e3o Art\\u00edstica\",\"p19_politicasculturais\":\"Pol\\u00edticas Culturais\",\"p20_reunioes\":\"Reuni\\u00f5es\",\"p20_oficinas\":\"Oficinas\",\"p20_oficinasaulasartisticas\":\"Ensaios\\\/Oficinas\\\/Aulas art\\u00edsticas\",\"p20_cursos\":\"Cursos\",\"p20_formacao\":\"Forma\\u00e7\\u00e3o\",\"p20_apresentacoesartisticas\":\"Apresenta\\u00e7\\u00f5es art\\u00edsticas\",\"p21_intoleranciareligiosa\":\"Fundamentalismo\\\/intoler\\u00e2ncia religiosa\",\"p21_machismo\":\"Machismo\",\"p21_racismo\":\"Racismo\",\"p22_numerodeparticipantes\":\"1  - 15\",\"p23_reunioes\":\"Reuni\\u00f5es\",\"p23_oficinas\":\"Oficinas\",\"p23_oficinasaulasartisticas\":\"Ensaio\\\/Oficinas\\\/Aulas Art\\u00edsticas\",\"p23_cursos\":\"Cursos\",\"p23_formacao\":\"Forma\\u00e7\\u00e3o\",\"p23_apresentacoesartisticas\":\"Apresenta\\u00e7\\u00f5es Art\\u00edsticas\",\"p24_apresentacoesartisticas\":\"Apresenta\\u00e7\\u00f5es art\\u00edsticas\",\"p25_numerodepessoas\":\"60 - 80\",\"p26_numerodepessoas\":\"60 - 80\",\"p27_espacopublico\":\"Espa\\u00e7o p\\u00fablico\",\"p27_espacoproprio\":\"Espa\\u00e7o pr\\u00f3prio\",\"p27_virtual\":\"Virtual\",\"p28_territorios\":\"Atua\\u00e7\\u00e3o Nacional\",\"p30_outrasorganizacoes\":\"Sim\",\"p32_campanhadelongaduracao\":\"N\\u00e3o\",\"p34_municipal\":\"Municipal\",\"p34_estadual\":\"Estadual\",\"p34_nacional\":\"Nacional\",\"p36_conselhosdeparticipacaoecontrolesocial\":\"Sim\",\"p38_nenhum\":\"Nenhum\",\"p40_editais\":\"Sim\",\"p41_publicoestatal\":\"P\\u00fablico-Estatal\",\"p42_meiodedivulgacaoproprio\":\"Sim\",\"p43_impressoes\":\"Impressos\",\"p43_email\":\"E-mail\",\"p43_facebook\":\"Facebook\",\"p43_whatsapp\":\"WhatsApp\",\"p43_instagram\":\"Instagram\",\"p43_twitter\":\"Twitter\",\"p43_sitesblogs\":\"Blogs\\\/sites\",\"p44_jornaisimpressosdegrandecirculacao\":\"Jornais impressos de grande circula\\u00e7\\u00e3o\",\"p44_jornaisimpressosdebairro\":\"Jornais impressos de bairro\",\"p44_redessociais\":\"Redes sociais (Facebook, YouTube, Instagram etc.)\",\"p44_sitesblogs\":\"Sites ou Blogs\",\"p39_publico\":\"CRIAN\\u00c7AS JOVENS ADULTOS\",\"p45_bandeira\":\"DIREITO ARTE CULTURA\",\"p46_hashtags\":\"#TEATROEPERIFERIA #TEATROPARATODOS #ARTECULTURAEEDUCA\\u00c7\\u00c3O\"},{\"p1_eixo\":\"Viol\\u00eancia\",\"p9_tipoorganizacao\":\"F\\u00f3rum\",\"p12_uf\":\"PE\",\"p13_cidade\":\"RECIFE\",\"p17_ano\":\"2007\",\"p16_estado\":\"Estado\",\"p18_comunicacao\":\"Comunica\\u00e7\\u00e3o\",\"p18_direitoshumanos\":\"Direitos humanos\",\"p18_educacao\":\"Educa\\u00e7\\u00e3o\",\"p18_feminismos\":\"Feminismos\",\"p18_lgbtqi\":\"LGBTQI\",\"p18_lutaantirracismo\":\"Luta antirracismo\",\"p18_mobilidade\":\"Mobilidade\",\"p18_moradia\":\"Moradia\",\"p18_povosecomunidadestradicionais\":\"Povos e comunidades tradicionais\",\"p18_trabalho\":\"Trabalho\",\"p18_religiao\":\"Religi\\u00e3o\",\"p18_violencia\":\"Viol\\u00eancia\",\"p18_politicasculturais\":\"Pol\\u00edticas Culturais\",\"p19_direitoshumanos\":\"Direitos humanos\",\"p19_lutaantirracismo\":\"Luta antirracismo\",\"p19_violencia\":\"Viol\\u00eancia\",\"p20_reunioes\":\"Reuni\\u00f5es\",\"p20_oficinas\":\"Oficinas\",\"p20_oficinasaulasartisticas\":\"Ensaios\\\/Oficinas\\\/Aulas art\\u00edsticas\",\"p20_visitasexcursoes\":\"Visitas\\\/Excurs\\u00f5es\",\"p21_repressaopolicial\":\"Repress\\u00e3o policial\",\"p21_intoleranciareligiosa\":\"Fundamentalismo\\\/intoler\\u00e2ncia religiosa\",\"p21_xenofobia\":\"Xenofobia\",\"p21_machismo\":\"Machismo\",\"p21_racismo\":\"Racismo\",\"p21_lgbtqifobia\":\"LGBTIfobia\",\"p22_numerodeparticipantes\":\"1  - 15\",\"p23_reunioes\":\"Reuni\\u00f5es\",\"p24_reunioes\":\"Reuni\\u00f5es\",\"p24_oficinas\":\"Oficinas\",\"p24_oficinasaulasartisticas\":\"Ensaios\\\/Oficinas\\\/Aulas art\\u00edsticas\",\"p24_visitasexcursoes\":\"Visitas\\\/Excurs\\u00f5es\",\"p25_numerodepessoas\":\"1 - 20\",\"p26_numerodepessoas\":\"100 - 200\",\"p27_espacopublico\":\"Espa\\u00e7o p\\u00fablico\",\"p27_espacoemprestadocedido\":\"Espa\\u00e7o emprestado\\\/cedido\",\"p28_territorios\":\"Estado\",\"p30_outrasorganizacoes\":\"Sim\",\"p32_campanhadelongaduracao\":\"Sim\",\"p34_estadual\":\"Estadual\",\"p36_conselhosdeparticipacaoecontrolesocial\":\"Sim\",\"p38_nenhum\":\"Nenhum\",\"p40_editais\":\"Sim\",\"p41_publicoestatal\":\"P\\u00fablico-Estatal\",\"p41_privadopj\":\"Privado (P. Jur\\u00eddica)\",\"p41_autofinanciamento\":\"Autofinanciamento\",\"p41_financiamentocoletivo0\":\"Financiamento coletivo\",\"p42_meiodedivulgacaoproprio\":\"Sim\",\"p43_email\":\"E-mail\",\"p43_facebook\":\"Facebook\",\"p43_instagram\":\"Instagram\",\"p44_nenhum\":\"Nenhum\",\"p39_publico\":\"JOVENS NEGROS\",\"p45_bandeira\":\"LUTA ANTIRRACISTA DEFESA DIREITOS HUMANOS COMBATE DESMANTELAMENTO POL\\u00cdTICAS SOCIAIS P\\u00daBLICAS COMBATE  JUVENTUDE NEGRA\",\"p46_hashtags\":\"#JUVENTUDENEGRAVIVA #DIREITOSHUMANOS #NAOAORACISMO\"},{\"p1_eixo\":\"Viol\\u00eancia\",\"p9_tipoorganizacao\":\"Coletivo\",\"p12_uf\":\"GO\",\"p13_cidade\":\"LUZI\\u00c2NIA\",\"p16_bairro\":\"Bairro\",\"p17_ano\":\"2014\",\"p18_agrario\":\"Agr\\u00e1rio\\\/ruralidades\",\"p18_feminismos\":\"Feminismos\",\"p18_lutaantirracismo\":\"Luta antirracismo\",\"p18_povosecomunidadestradicionais\":\"Povos e comunidades tradicionais\",\"p18_saude\":\"Sa\\u00fade\",\"p19_direitoshumanos\":\"Direitos humanos\",\"p19_educacao\":\"Educa\\u00e7\\u00e3o\",\"p19_lutaantirracismo\":\"Luta antirracismo\",\"p20_atendimento\":\"Atendimento\",\"p20_formacao\":\"Forma\\u00e7\\u00e3o\",\"p21_repressaopolicial\":\"Repress\\u00e3o policial\",\"p21_machismo\":\"Machismo\",\"p22_numerodeparticipantes\":\"1  - 15\",\"p23_atendimento\":\"Atendimento\",\"p24_apresentacoesartisticas\":\"Apresenta\\u00e7\\u00f5es art\\u00edsticas\",\"p25_numerodepessoas\":\"1 - 20\",\"p26_numerodepessoas\":\"20 - 40\",\"p27_ocupacao\":\"Ocupa\\u00e7\\u00e3o\",\"p28_territorios\":\"Regi\\u00e3o da Cidade\",\"p30_outrasorganizacoes\":\"N\\u00e3o\",\"p32_campanhadelongaduracao\":\"N\\u00e3o\",\"p34_municipal\":\"Municipal\",\"p36_conselhosdeparticipacaoecontrolesocial\":\"N\\u00e3o\",\"p38_sim\":\"Sim\",\"p40_editais\":\"Sim\",\"p41_autofinanciamento\":\"Autofinanciamento\",\"p41_financiamentocoletivo0\":\"Financiamento coletivo\",\"p42_meiodedivulgacaoproprio\":\"Sim\",\"p43_facebook\":\"Facebook\",\"p43_whatsapp\":\"WhatsApp\",\"p44_nenhum\":\"Nenhum\",\"p39_publico\":\"JOVENS COMUNIDADE\",\"p45_bandeira\":\"CULTURA COMBATE VIOL\\u00caNCIA\"},{\"p1_eixo\":\"Viol\\u00eancia\",\"p9_tipoorganizacao\":\"Coletivo\",\"p12_uf\":\"AP\",\"p13_cidade\":\"MACAP\\u00c1\",\"p17_ano\":\"2020\",\"p16_estado\":\"Estado\",\"p18_agrario\":\"Agr\\u00e1rio\\\/ruralidades\",\"p18_comunicacao\":\"Comunica\\u00e7\\u00e3o\",\"p18_difusaoartistica\":\"Difus\\u00e3o Art\\u00edstica\",\"p18_desenvolvimentoterritorial\":\"Desenvolvimento territorial\",\"p18_direitoshumanos\":\"Direitos humanos\",\"p18_educacao\":\"Educa\\u00e7\\u00e3o\",\"p18_feminismos\":\"Feminismos\",\"p18_lgbtqi\":\"LGBTQI\",\"p18_lutaantirracismo\":\"Luta antirracismo\",\"p18_mobilidade\":\"Mobilidade\",\"p18_moradia\":\"Moradia\",\"p18_povosecomunidadestradicionais\":\"Povos e comunidades tradicionais\",\"p18_trabalho\":\"Trabalho\",\"p18_religiao\":\"Religi\\u00e3o\",\"p18_saude\":\"Sa\\u00fade\",\"p18_violencia\":\"Viol\\u00eancia\",\"p18_politicasculturais\":\"Pol\\u00edticas Culturais\",\"p19_desenvolvimentoterritorial\":\"Desenvolvimento territorial\",\"p19_direitoshumanos\":\"Direitos humanos\",\"p19_lutaantirracismo\":\"Luta antirracismo\",\"p20_reunioes\":\"Reuni\\u00f5es\",\"p20_atendimento\":\"Atendimento\",\"p21_repressaopolicial\":\"Repress\\u00e3o policial\",\"p21_intoleranciareligiosa\":\"Fundamentalismo\\\/intoler\\u00e2ncia religiosa\",\"p21_xenofobia\":\"Xenofobia\",\"p21_machismo\":\"Machismo\",\"p21_racismo\":\"Racismo\",\"p21_lgbtqifobia\":\"LGBTIfobia\",\"p22_numerodeparticipantes\":\"1  - 15\",\"p23_reunioes\":\"Reuni\\u00f5es\",\"p23_atendimento\":\"Atendimento\",\"p23_outros\":\"Outros\",\"p24_outros\":\"Outros\",\"p25_numerodepessoas\":\"1 - 20\",\"p26_numerodepessoas\":\"100 - 200\",\"p27_espacopublico\":\"Espa\\u00e7o p\\u00fablico\",\"p27_espacoemprestadocedido\":\"Espa\\u00e7o emprestado\\\/cedido\",\"p27_virtual\":\"Virtual\",\"p28_territorios\":\"Estado\",\"p30_outrasorganizacoes\":\"Sim\",\"p32_campanhadelongaduracao\":\"Sim\",\"p34_nenhuma\":\"Nenhuma\",\"p36_conselhosdeparticipacaoecontrolesocial\":\"N\\u00e3o\",\"p38_sim\":\"Sim\",\"p40_editais\":\"Sim\",\"p41_publicoestatal\":\"P\\u00fablico-Estatal\",\"p41_autofinanciamento\":\"Autofinanciamento\",\"p41_financiamentocoletivo0\":\"Financiamento coletivo\",\"p42_meiodedivulgacaoproprio\":\"Sim\",\"p43_facebook\":\"Facebook\",\"p43_whatsapp\":\"WhatsApp\",\"p43_instagram\":\"Instagram\",\"p43_twitter\":\"Twitter\",\"p43_sitesblogs\":\"Blogs\\\/sites\",\"p43_youtube\":\"YouTube\",\"p44_redessociais\":\"Redes sociais (Facebook, YouTube, Instagram etc.)\",\"p44_sitesblogs\":\"Sites ou Blogs\",\"p39_publico\":\"PERIFERIA AMAP\\u00c1\",\"p45_bandeira\":\"LUTA ANTIRRACISTA LUTA CONTRA MIS\\u00c9RIA FOME AMAP\\u00c1 PROVOCAR DEBATE POL\\u00cdTICO SOCIAL EDUCACIONAL POPULA\\u00c7\\u00c3O PRETA AMAP\\u00c1\",\"p46_hashtags\":\"#ANTIRRACISMO #EDUCACAO #POLITICA\"},{\"p1_eixo\":\"Cultura\",\"p9_tipoorganizacao\":\"Instituto\",\"p12_uf\":\"PA\",\"p13_cidade\":\"BEL\\u00c9M\",\"p16_nacional\":\"Nacional\",\"p17_ano\":\"2011\",\"p18_desenvolvimentoterritorial\":\"Desenvolvimento territorial\",\"p19_comunicacao\":\"Comunica\\u00e7\\u00e3o\",\"p19_desenvolvimentoterritorial\":\"Desenvolvimento territorial\",\"p19_trabalho\":\"Trabalho\",\"p20_reunioes\":\"Reuni\\u00f5es\",\"p20_atendimento\":\"Atendimento\",\"p20_oficinas\":\"Oficinas\",\"p20_formacao\":\"Forma\\u00e7\\u00e3o\",\"p20_profissionalizacao\":\"Profissionaliza\\u00e7\\u00e3o\",\"p21_nenhum\":\"Nenhum\",\"p22_numerodeparticipantes\":\"30 - 45\",\"p23_reunioes\":\"Reuni\\u00f5es\",\"p23_atendimento\":\"Atendimento\",\"p23_formacao\":\"Forma\\u00e7\\u00e3o\",\"p24_reunioes\":\"Reuni\\u00f5es\",\"p24_oficinas\":\"Oficinas\",\"p24_formacao\":\"Forma\\u00e7\\u00e3o\",\"p25_numerodepessoas\":\"Mais de 500\",\"p26_numerodepessoas\":\"80 - 100\",\"p27_espacopublico\":\"Espa\\u00e7o p\\u00fablico\",\"p27_espacoemprestadocedido\":\"Espa\\u00e7o emprestado\\\/cedido\",\"p27_virtual\":\"Virtual\",\"p28_territorios\":\"Regi\\u00e3o da Cidade\",\"p30_outrasorganizacoes\":\"Sim\",\"p32_campanhadelongaduracao\":\"Sim\",\"p34_estadual\":\"Estadual\",\"p34_nacional\":\"Nacional\",\"p36_conselhosdeparticipacaoecontrolesocial\":\"Sim\",\"p38_nenhum\":\"Nenhum\",\"p40_editais\":\"N\\u00e3o\",\"p41_financiamentocoletivo0\":\"Financiamento coletivo\",\"p42_meiodedivulgacaoproprio\":\"Sim\",\"p43_email\":\"E-mail\",\"p43_facebook\":\"Facebook\",\"p43_whatsapp\":\"WhatsApp\",\"p43_instagram\":\"Instagram\",\"p43_sitesblogs\":\"Blogs\\\/sites\",\"p43_youtube\":\"YouTube\",\"p44_redessociais\":\"Redes sociais (Facebook, YouTube, Instagram etc.)\",\"p44_sitesblogs\":\"Sites ou Blogs\",\"p39_publico\":\"PESSOAS VULNERABILIDADE SOCIAL\",\"p45_bandeira\":\"DESENVOLVIMENTO-LOCAL\",\"p46_hashtags\":\"#ELEVACAODOCONSUMOINTERNO\"},{\"p1_eixo\":\"Trabalho\",\"p9_tipoorganizacao\":\"Associa\\u00e7\\u00e3o\",\"p12_uf\":\"MT\",\"p13_cidade\":\"CUIAB\\u00c1\",\"p17_ano\":\"2015\",\"p16_estado\":\"Estado\",\"p18_agrario\":\"Agr\\u00e1rio\\\/ruralidades\",\"p18_comunicacao\":\"Comunica\\u00e7\\u00e3o\",\"p18_difusaoartistica\":\"Difus\\u00e3o Art\\u00edstica\",\"p18_direitoshumanos\":\"Direitos humanos\",\"p18_educacao\":\"Educa\\u00e7\\u00e3o\",\"p18_feminismos\":\"Feminismos\",\"p18_lutaantirracismo\":\"Luta antirracismo\",\"p18_mobilidade\":\"Mobilidade\",\"p18_moradia\":\"Moradia\",\"p18_povosecomunidadestradicionais\":\"Povos e comunidades tradicionais\",\"p18_trabalho\":\"Trabalho\",\"p18_religiao\":\"Religi\\u00e3o\",\"p18_saude\":\"Sa\\u00fade\",\"p18_violencia\":\"Viol\\u00eancia\",\"p18_politicasculturais\":\"Pol\\u00edticas Culturais\",\"p19_trabalho\":\"Trabalho\",\"p19_religiao\":\"Religi\\u00e3o\",\"p19_violencia\":\"Viol\\u00eancia\",\"p20_atendimento\":\"Atendimento\",\"p20_oficinasaulasartisticas\":\"Ensaios\\\/Oficinas\\\/Aulas art\\u00edsticas\",\"p20_cursos\":\"Cursos\",\"p20_apresentacoesartisticas\":\"Apresenta\\u00e7\\u00f5es art\\u00edsticas\",\"p21_xenofobia\":\"Xenofobia\",\"p21_racismo\":\"Racismo\",\"p22_numerodeparticipantes\":\"15 - 30\",\"p23_apresentacoesartisticas\":\"Apresenta\\u00e7\\u00f5es Art\\u00edsticas\",\"p23_outros\":\"Outros\",\"p24_atendimento\":\"Atendimentos\",\"p24_oficinasaulasartisticas\":\"Ensaios\\\/Oficinas\\\/Aulas art\\u00edsticas\",\"p24_curso\":\"Curso\",\"p24_apresentacoesartisticas\":\"Apresenta\\u00e7\\u00f5es art\\u00edsticas\",\"p24_outros\":\"Outros\",\"p25_numerodepessoas\":\"100 - 200\",\"p26_numerodepessoas\":\"100 - 200\",\"p27_espacoemprestadocedido\":\"Espa\\u00e7o emprestado\\\/cedido\",\"p28_territorios\":\"Estado\",\"p30_outrasorganizacoes\":\"Sim\",\"p32_campanhadelongaduracao\":\"Sim\",\"p34_nenhuma\":\"Nenhuma\",\"p36_conselhosdeparticipacaoecontrolesocial\":\"N\\u00e3o\",\"p38_sim\":\"Sim\",\"p40_editais\":\"Sim\",\"p41_financiamentocoletivo0\":\"Financiamento coletivo\",\"p42_meiodedivulgacaoproprio\":\"N\\u00e3o\",\"p43_nenhum\":\"Nenhum\",\"p44_redessociais\":\"Redes sociais (Facebook, YouTube, Instagram etc.)\",\"p39_publico\":\"SENEGALESES MATO GROSSO\",\"p45_bandeira\":\"DOCUMENTOS IMIGRANTES SENEGALESES DOCUMENTA\\u00c7\\u00d5ES RESID\\u00caNCIA FLUXO IMIGRAT\\u00d3RIO\",\"p46_hashtags\":\"#DOCUMENTACAODOSIMIGRANTESSENEGALESES #INTEGRACAOBRASILSENEGAL #CONEXAODOSIMIGRANTESCOMSENEGAL\"},{\"p1_eixo\":\"Viol\\u00eancia\",\"p9_tipoorganizacao\":\"Movimento Social\",\"p12_uf\":\"DF\",\"p13_cidade\":\"BRAZL\\u00c2NDIA\",\"p17_ano\":\"Anterior a 1980\",\"p16_estado\":\"Estado\",\"p18_agrario\":\"Agr\\u00e1rio\\\/ruralidades\",\"p18_desenvolvimentoterritorial\":\"Desenvolvimento territorial\",\"p18_direitoshumanos\":\"Direitos humanos\",\"p18_educacao\":\"Educa\\u00e7\\u00e3o\",\"p18_feminismos\":\"Feminismos\",\"p18_lutaantirracismo\":\"Luta antirracismo\",\"p18_povosecomunidadestradicionais\":\"Povos e comunidades tradicionais\",\"p18_trabalho\":\"Trabalho\",\"p18_saude\":\"Sa\\u00fade\",\"p18_violencia\":\"Viol\\u00eancia\",\"p18_politicasculturais\":\"Pol\\u00edticas Culturais\",\"p19_direitoshumanos\":\"Direitos humanos\",\"p19_povosecomunidadestradicionais\":\"Povos e comunidades tradicionais\",\"p19_violencia\":\"Viol\\u00eancia\",\"p20_reunioes\":\"Reuni\\u00f5es\",\"p20_atendimento\":\"Atendimento\",\"p20_cursos\":\"Cursos\",\"p20_formacao\":\"Forma\\u00e7\\u00e3o\",\"p21_repressaopolicial\":\"Repress\\u00e3o policial\",\"p21_intoleranciareligiosa\":\"Fundamentalismo\\\/intoler\\u00e2ncia religiosa\",\"p21_machismo\":\"Machismo\",\"p21_racismo\":\"Racismo\",\"p22_numerodeparticipantes\":\"Mais de 90\",\"p23_reunioes\":\"Reuni\\u00f5es\",\"p24_reunioes\":\"Reuni\\u00f5es\",\"p24_oficinas\":\"Oficinas\",\"p24_curso\":\"Curso\",\"p24_formacao\":\"Forma\\u00e7\\u00e3o\",\"p24_profissionalizacao\":\"Profissionaliza\\u00e7\\u00e3o\",\"p25_numerodepessoas\":\"1 - 20\",\"p26_numerodepessoas\":\"1 - 20\",\"p27_espacopublico\":\"Espa\\u00e7o p\\u00fablico\",\"p27_espacoemprestadocedido\":\"Espa\\u00e7o emprestado\\\/cedido\",\"p27_espacoproprio\":\"Espa\\u00e7o pr\\u00f3prio\",\"p28_territorios\":\"Atua\\u00e7\\u00e3o Nacional\",\"p30_outrasorganizacoes\":\"Sim\",\"p32_campanhadelongaduracao\":\"N\\u00e3o\",\"p34_estadual\":\"Estadual\",\"p36_conselhosdeparticipacaoecontrolesocial\":\"Sim\",\"p38_sim\":\"Sim\",\"p40_editais\":\"N\\u00e3o\",\"p41_privadopf\":\"Privado (P. F\\u00edsica)\",\"p42_meiodedivulgacaoproprio\":\"Sim\",\"p43_email\":\"E-mail\",\"p43_facebook\":\"Facebook\",\"p43_whatsapp\":\"WhatsApp\",\"p43_sitesblogs\":\"Blogs\\\/sites\",\"p44_nenhum\":\"Nenhum\",\"p39_publico\":\"CIGANOS\",\"p45_bandeira\":\"CONTROLE-SOCIAL DIREITOS HUMANOS\",\"p46_hashtags\":\"#DIREITOSHUMANOS #PRECONCEITO #RACISMO\"},{\"p1_eixo\":\"Cultura\",\"p9_tipoorganizacao\":\"Coletivo\",\"p12_uf\":\"SP\",\"p13_cidade\":\"S\\u00c3O PAULO\",\"p16_internacional\":\"Internacional\",\"p17_ano\":\"2012\",\"p18_comunicacao\":\"Comunica\\u00e7\\u00e3o\",\"p18_difusaoartistica\":\"Difus\\u00e3o Art\\u00edstica\",\"p18_desenvolvimentoterritorial\":\"Desenvolvimento territorial\",\"p18_direitoshumanos\":\"Direitos humanos\",\"p18_educacao\":\"Educa\\u00e7\\u00e3o\",\"p18_feminismos\":\"Feminismos\",\"p18_lgbtqi\":\"LGBTQI\",\"p18_lutaantirracismo\":\"Luta antirracismo\",\"p18_povosecomunidadestradicionais\":\"Povos e comunidades tradicionais\",\"p18_religiao\":\"Religi\\u00e3o\",\"p18_saude\":\"Sa\\u00fade\",\"p18_violencia\":\"Viol\\u00eancia\",\"p18_politicasculturais\":\"Pol\\u00edticas Culturais\",\"p19_direitoshumanos\":\"Direitos humanos\",\"p19_educacao\":\"Educa\\u00e7\\u00e3o\",\"p19_lutaantirracismo\":\"Luta antirracismo\",\"p20_reunioes\":\"Reuni\\u00f5es\",\"p20_oficinas\":\"Oficinas\",\"p20_oficinasaulasartisticas\":\"Ensaios\\\/Oficinas\\\/Aulas art\\u00edsticas\",\"p20_cursos\":\"Cursos\",\"p20_formacao\":\"Forma\\u00e7\\u00e3o\",\"p20_apresentacoesartisticas\":\"Apresenta\\u00e7\\u00f5es art\\u00edsticas\",\"p21_racismo\":\"Racismo\",\"p22_numerodeparticipantes\":\"1  - 15\",\"p23_oficinas\":\"Oficinas\",\"p23_oficinasaulasartisticas\":\"Ensaio\\\/Oficinas\\\/Aulas Art\\u00edsticas\",\"p23_cursos\":\"Cursos\",\"p24_visitasexcursoes\":\"Visitas\\\/Excurs\\u00f5es\",\"p25_numerodepessoas\":\"40 - 60\",\"p26_numerodepessoas\":\"80 - 100\",\"p27_espacoemprestadocedido\":\"Espa\\u00e7o emprestado\\\/cedido\",\"p27_espacoproprio\":\"Espa\\u00e7o pr\\u00f3prio\",\"p28_territorios\":\"Atua\\u00e7\\u00e3o Nacional\",\"p30_outrasorganizacoes\":\"Sim\",\"p32_campanhadelongaduracao\":\"N\\u00e3o\",\"p34_municipal\":\"Municipal\",\"p36_conselhosdeparticipacaoecontrolesocial\":\"N\\u00e3o\",\"p38_nenhum\":\"Nenhum\",\"p40_editais\":\"Sim\",\"p41_autofinanciamento\":\"Autofinanciamento\",\"p41_financiamentocoletivo0\":\"Financiamento coletivo\",\"p42_meiodedivulgacaoproprio\":\"Sim\",\"p43_email\":\"E-mail\",\"p43_facebook\":\"Facebook\",\"p43_whatsapp\":\"WhatsApp\",\"p43_instagram\":\"Instagram\",\"p43_youtube\":\"YouTube\",\"p44_redessociais\":\"Redes sociais (Facebook, YouTube, Instagram etc.)\",\"p44_sitesblogs\":\"Sites ou Blogs\",\"p39_publico\":\"PESSOAS NEGRAS DIALOGAR FORTALECER LUTA ANTIRRACISTA\",\"p45_bandeira\":\"ANTIRRACISTA LGBTQ+ FEMINISMO NEGRO\",\"p46_hashtags\":\"#NOSPORNOS #QUILOMBO #4P\"},{\"p1_eixo\":\"Cultura\",\"p9_tipoorganizacao\":\"Instituto\",\"p12_uf\":\"SP\",\"p13_cidade\":\"S\\u00c3O PAULO\",\"p16_cidade\":\"Cidade\",\"p17_ano\":\"2009\",\"p18_difusaoartistica\":\"Difus\\u00e3o Art\\u00edstica\",\"p18_desenvolvimentoterritorial\":\"Desenvolvimento territorial\",\"p18_direitoshumanos\":\"Direitos humanos\",\"p18_educacao\":\"Educa\\u00e7\\u00e3o\",\"p18_feminismos\":\"Feminismos\",\"p18_lutaantirracismo\":\"Luta antirracismo\",\"p18_mobilidade\":\"Mobilidade\",\"p18_moradia\":\"Moradia\",\"p18_povosecomunidadestradicionais\":\"Povos e comunidades tradicionais\",\"p18_trabalho\":\"Trabalho\",\"p18_saude\":\"Sa\\u00fade\",\"p18_violencia\":\"Viol\\u00eancia\",\"p18_politicasculturais\":\"Pol\\u00edticas Culturais\",\"p19_direitoshumanos\":\"Direitos humanos\",\"p19_educacao\":\"Educa\\u00e7\\u00e3o\",\"p19_lutaantirracismo\":\"Luta antirracismo\",\"p20_atendimento\":\"Atendimento\",\"p20_oficinas\":\"Oficinas\",\"p20_oficinasaulasartisticas\":\"Ensaios\\\/Oficinas\\\/Aulas art\\u00edsticas\",\"p20_cursos\":\"Cursos\",\"p20_formacao\":\"Forma\\u00e7\\u00e3o\",\"p20_profissionalizacao\":\"Profissionaliza\\u00e7\\u00e3o\",\"p20_apresentacoesartisticas\":\"Apresenta\\u00e7\\u00f5es art\\u00edsticas\",\"p20_visitasexcursoes\":\"Visitas\\\/Excurs\\u00f5es\",\"p21_intoleranciareligiosa\":\"Fundamentalismo\\\/intoler\\u00e2ncia religiosa\",\"p21_racismo\":\"Racismo\",\"p22_numerodeparticipantes\":\"15 - 30\",\"p23_oficinas\":\"Oficinas\",\"p23_oficinasaulasartisticas\":\"Ensaio\\\/Oficinas\\\/Aulas Art\\u00edsticas\",\"p23_cursos\":\"Cursos\",\"p23_apresentacoesartisticas\":\"Apresenta\\u00e7\\u00f5es Art\\u00edsticas\",\"p24_atendimento\":\"Atendimentos\",\"p24_oficinas\":\"Oficinas\",\"p24_apresentacoesartisticas\":\"Apresenta\\u00e7\\u00f5es art\\u00edsticas\",\"p25_numerodepessoas\":\"Mais de 500\",\"p26_numerodepessoas\":\"60 - 80\",\"p27_espacoemprestadocedido\":\"Espa\\u00e7o emprestado\\\/cedido\",\"p28_territorios\":\"Pr\\u00f3prio bairro\",\"p30_outrasorganizacoes\":\"N\\u00e3o\",\"p32_campanhadelongaduracao\":\"N\\u00e3o\",\"p34_nenhuma\":\"Nenhuma\",\"p36_conselhosdeparticipacaoecontrolesocial\":\"N\\u00e3o\",\"p38_nenhum\":\"Nenhum\",\"p40_editais\":\"Sim\",\"p41_publicoestatal\":\"P\\u00fablico-Estatal\",\"p42_meiodedivulgacaoproprio\":\"Sim\",\"p43_email\":\"E-mail\",\"p43_facebook\":\"Facebook\",\"p43_whatsapp\":\"WhatsApp\",\"p43_instagram\":\"Instagram\",\"p43_sitesblogs\":\"Blogs\\\/sites\",\"p44_redessociais\":\"Redes sociais (Facebook, YouTube, Instagram etc.)\",\"p44_sitesblogs\":\"Sites ou Blogs\",\"p39_publico\":\"MULHERES ADOLESCENTES MENINAS CRIAN\\u00c7AS VULNERABILIDADE SOCIAL\",\"p45_bandeira\":\"EDUCA\\u00c7\\u00c3O ARTE CULTURA NEGRA MULHERES CRIAN\\u00c7AS ADOLESCENTES HOMENS SITUA\\u00c7\\u00c3O-DE-VULNERABILIDADE SOCIAL SOCIEDADE VALORES JUSTI\\u00c7A EQUIDADE SOLIDARIEDADE IGUALDADE MULHERES NEGRAS\",\"p46_hashtags\":\"#INSTRUMENTALIZARPARAENFRENTAMENTODORACISMO  E #MELHORIADASCONDICOESPARAPOPULACAONEGRA  #PROTAGONISMOPARAAMULHERNEGRA\"},{\"p1_eixo\":\"Cultura\",\"p9_tipoorganizacao\":\"Coletivo\",\"p12_uf\":\"SP\",\"p13_cidade\":\"S\\u00c3O PAULO\",\"p16_bairro\":\"Bairro\",\"p17_ano\":\"2013\",\"p18_difusaoartistica\":\"Difus\\u00e3o Art\\u00edstica\",\"p18_desenvolvimentoterritorial\":\"Desenvolvimento territorial\",\"p18_feminismos\":\"Feminismos\",\"p18_lgbtqi\":\"LGBTQI\",\"p18_lutaantirracismo\":\"Luta antirracismo\",\"p18_povosecomunidadestradicionais\":\"Povos e comunidades tradicionais\",\"p18_trabalho\":\"Trabalho\",\"p18_violencia\":\"Viol\\u00eancia\",\"p18_politicasculturais\":\"Pol\\u00edticas Culturais\",\"p19_lutaantirracismo\":\"Luta antirracismo\",\"p19_povosecomunidadestradicionais\":\"Povos e comunidades tradicionais\",\"p19_politicasculturais\":\"Pol\\u00edticas Culturais\",\"p20_reunioes\":\"Reuni\\u00f5es\",\"p20_oficinas\":\"Oficinas\",\"p20_oficinasaulasartisticas\":\"Ensaios\\\/Oficinas\\\/Aulas art\\u00edsticas\",\"p20_cursos\":\"Cursos\",\"p20_formacao\":\"Forma\\u00e7\\u00e3o\",\"p20_profissionalizacao\":\"Profissionaliza\\u00e7\\u00e3o\",\"p20_apresentacoesartisticas\":\"Apresenta\\u00e7\\u00f5es art\\u00edsticas\",\"p21_intoleranciareligiosa\":\"Fundamentalismo\\\/intoler\\u00e2ncia religiosa\",\"p21_xenofobia\":\"Xenofobia\",\"p21_lgbtqifobia\":\"LGBTIfobia\",\"p22_numerodeparticipantes\":\"15 - 30\",\"p23_reunioes\":\"Reuni\\u00f5es\",\"p23_oficinas\":\"Oficinas\",\"p23_oficinasaulasartisticas\":\"Ensaio\\\/Oficinas\\\/Aulas Art\\u00edsticas\",\"p23_apresentacoesartisticas\":\"Apresenta\\u00e7\\u00f5es Art\\u00edsticas\",\"p24_reunioes\":\"Reuni\\u00f5es\",\"p24_oficinasaulasartisticas\":\"Ensaios\\\/Oficinas\\\/Aulas art\\u00edsticas\",\"p24_apresentacoesartisticas\":\"Apresenta\\u00e7\\u00f5es art\\u00edsticas\",\"p25_numerodepessoas\":\"Mais de 500\",\"p26_numerodepessoas\":\"100 - 200\",\"p27_espacopublico\":\"Espa\\u00e7o p\\u00fablico\",\"p27_espacoemprestadocedido\":\"Espa\\u00e7o emprestado\\\/cedido\",\"p27_virtual\":\"Virtual\",\"p27_ocupacao\":\"Ocupa\\u00e7\\u00e3o\",\"p28_territorios\":\"Pr\\u00f3prio bairro\",\"p30_outrasorganizacoes\":\"Sim\",\"p32_campanhadelongaduracao\":\"N\\u00e3o\",\"p34_nenhuma\":\"Nenhuma\",\"p36_conselhosdeparticipacaoecontrolesocial\":\"N\\u00e3o\",\"p38_nenhum\":\"Nenhum\",\"p40_editais\":\"Sim\",\"p41_autofinanciamento\":\"Autofinanciamento\",\"p42_meiodedivulgacaoproprio\":\"Sim\",\"p43_facebook\":\"Facebook\",\"p43_whatsapp\":\"WhatsApp\",\"p43_instagram\":\"Instagram\",\"p44_redessociais\":\"Redes sociais (Facebook, YouTube, Instagram etc.)\",\"p39_publico\":\"CRIAN\\u00c7AS JOVENS MULHERES PRETAS\",\"p45_bandeira\":\"CONTRA-RACISMO CONTRA-MACHISMO CONTRA-LGBTFOBIA ANTIRRACISMO RELIGIOSO\",\"p46_hashtags\":\"#BATUCAFRORESISTE  #POVOPRETO  #ANCESTRALIDADE\"},{\"p1_eixo\":\"Cultura\",\"p9_tipoorganizacao\":\"Coletivo\",\"p12_uf\":\"SP\",\"p13_cidade\":\"S\\u00c3O PAULO\",\"p16_cidade\":\"Cidade\",\"p17_ano\":\"1991\",\"p18_difusaoartistica\":\"Difus\\u00e3o Art\\u00edstica\",\"p18_lutaantirracismo\":\"Luta antirracismo\",\"p18_povosecomunidadestradicionais\":\"Povos e comunidades tradicionais\",\"p18_religiao\":\"Religi\\u00e3o\",\"p19_lutaantirracismo\":\"Luta antirracismo\",\"p19_povosecomunidadestradicionais\":\"Povos e comunidades tradicionais\",\"p19_religiao\":\"Religi\\u00e3o\",\"p20_reunioes\":\"Reuni\\u00f5es\",\"p20_oficinas\":\"Oficinas\",\"p20_oficinasaulasartisticas\":\"Ensaios\\\/Oficinas\\\/Aulas art\\u00edsticas\",\"p20_cursos\":\"Cursos\",\"p20_profissionalizacao\":\"Profissionaliza\\u00e7\\u00e3o\",\"p20_apresentacoesartisticas\":\"Apresenta\\u00e7\\u00f5es art\\u00edsticas\",\"p21_intoleranciareligiosa\":\"Fundamentalismo\\\/intoler\\u00e2ncia religiosa\",\"p22_numerodeparticipantes\":\"1  - 15\",\"p23_reunioes\":\"Reuni\\u00f5es\",\"p23_oficinas\":\"Oficinas\",\"p23_oficinasaulasartisticas\":\"Ensaio\\\/Oficinas\\\/Aulas Art\\u00edsticas\",\"p23_cursos\":\"Cursos\",\"p23_apresentacoesartisticas\":\"Apresenta\\u00e7\\u00f5es Art\\u00edsticas\",\"p24_visitasexcursoes\":\"Visitas\\\/Excurs\\u00f5es\",\"p25_numerodepessoas\":\"20 - 40\",\"p26_numerodepessoas\":\"20 - 40\",\"p27_espacoproprio\":\"Espa\\u00e7o pr\\u00f3prio\",\"p28_territorios\":\"Regi\\u00e3o da Cidade\",\"p30_outrasorganizacoes\":\"N\\u00e3o\",\"p32_campanhadelongaduracao\":\"N\\u00e3o\",\"p34_estadual\":\"Estadual\",\"p36_conselhosdeparticipacaoecontrolesocial\":\"N\\u00e3o\",\"p38_nenhum\":\"Nenhum\",\"p40_editais\":\"Sim\",\"p41_publicoestatal\":\"P\\u00fablico-Estatal\",\"p42_meiodedivulgacaoproprio\":\"Sim\",\"p43_impressoes\":\"Impressos\",\"p43_email\":\"E-mail\",\"p43_facebook\":\"Facebook\",\"p43_whatsapp\":\"WhatsApp\",\"p44_redessociais\":\"Redes sociais (Facebook, YouTube, Instagram etc.)\",\"p39_publico\":\"JOVENS ADULTOS IDOSOS POPULA\\u00c7\\u00c3O NEGRA\",\"p45_bandeira\":\"ANTIRRACISMO  RELIGIOSA\",\"p46_hashtags\":\"#AFRODEACEDENTES #RELIGIOESAFRO #CULTURAAFRO\"},{\"p1_eixo\":\"Cultura\",\"p9_tipoorganizacao\":\"Movimento Social\",\"p12_uf\":\"SP\",\"p13_cidade\":\"S\\u00c3O PAULO\",\"p16_cidade\":\"Cidade\",\"p17_ano\":\"1983\",\"p18_difusaoartistica\":\"Difus\\u00e3o Art\\u00edstica\",\"p18_educacao\":\"Educa\\u00e7\\u00e3o\",\"p18_lutaantirracismo\":\"Luta antirracismo\",\"p18_povosecomunidadestradicionais\":\"Povos e comunidades tradicionais\",\"p18_religiao\":\"Religi\\u00e3o\",\"p19_educacao\":\"Educa\\u00e7\\u00e3o\",\"p19_lutaantirracismo\":\"Luta antirracismo\",\"p19_povosecomunidadestradicionais\":\"Povos e comunidades tradicionais\",\"p20_reunioes\":\"Reuni\\u00f5es\",\"p20_oficinas\":\"Oficinas\",\"p20_oficinasaulasartisticas\":\"Ensaios\\\/Oficinas\\\/Aulas art\\u00edsticas\",\"p20_cursos\":\"Cursos\",\"p21_nenhum\":\"Nenhum\",\"p22_numerodeparticipantes\":\"Mais de 90\",\"p23_oficinasaulasartisticas\":\"Ensaio\\\/Oficinas\\\/Aulas Art\\u00edsticas\",\"p23_cursos\":\"Cursos\",\"p23_apresentacoesartisticas\":\"Apresenta\\u00e7\\u00f5es Art\\u00edsticas\",\"p24_oficinas\":\"Oficinas\",\"p24_profissionalizacao\":\"Profissionaliza\\u00e7\\u00e3o\",\"p25_numerodepessoas\":\"100 - 200\",\"p26_numerodepessoas\":\"Mais de 500\",\"p27_espacoemprestadocedido\":\"Espa\\u00e7o emprestado\\\/cedido\",\"p28_territorios\":\"Pr\\u00f3prio bairro\",\"p30_outrasorganizacoes\":\"Sim\",\"p32_campanhadelongaduracao\":\"Sim\",\"p34_nenhuma\":\"Nenhuma\",\"p36_conselhosdeparticipacaoecontrolesocial\":\"N\\u00e3o\",\"p38_nenhum\":\"Nenhum\",\"p40_editais\":\"Sim\",\"p41_publicoestatal\":\"P\\u00fablico-Estatal\",\"p41_autofinanciamento\":\"Autofinanciamento\",\"p42_meiodedivulgacaoproprio\":\"Sim\",\"p43_impressoes\":\"Impressos\",\"p43_email\":\"E-mail\",\"p43_facebook\":\"Facebook\",\"p43_whatsapp\":\"WhatsApp\",\"p43_instagram\":\"Instagram\",\"p44_redessociais\":\"Redes sociais (Facebook, YouTube, Instagram etc.)\",\"p39_publico\":\"POPULA\\u00c7\\u00c3O BARRO\",\"p45_bandeira\":\"LUTAMOS BANDEIRA SAMBA SOCIAIS COMUNIDADE\",\"p46_hashtags\":\"#SAMBA\"},{\"p1_eixo\":\"Cultura\",\"p9_tipoorganizacao\":\"Associa\\u00e7\\u00e3o\",\"p12_uf\":\"RJ\",\"p13_cidade\":\"RIO DE JANEIRO\",\"p17_ano\":\"1986\",\"p16_estado\":\"Estado\",\"p18_agrario\":\"Agr\\u00e1rio\\\/ruralidades\",\"p18_comunicacao\":\"Comunica\\u00e7\\u00e3o\",\"p18_difusaoartistica\":\"Difus\\u00e3o Art\\u00edstica\",\"p18_desenvolvimentoterritorial\":\"Desenvolvimento territorial\",\"p18_direitoshumanos\":\"Direitos humanos\",\"p18_educacao\":\"Educa\\u00e7\\u00e3o\",\"p18_feminismos\":\"Feminismos\",\"p18_lgbtqi\":\"LGBTQI\",\"p18_lutaantirracismo\":\"Luta antirracismo\",\"p18_moradia\":\"Moradia\",\"p18_povosecomunidadestradicionais\":\"Povos e comunidades tradicionais\",\"p18_trabalho\":\"Trabalho\",\"p18_saude\":\"Sa\\u00fade\",\"p18_violencia\":\"Viol\\u00eancia\",\"p18_politicasculturais\":\"Pol\\u00edticas Culturais\",\"p19_feminismos\":\"Feminismos\",\"p19_lgbtqi\":\"LGBTQI\",\"p19_lutaantirracismo\":\"Luta antirracismo\",\"p20_oficinasaulasartisticas\":\"Ensaios\\\/Oficinas\\\/Aulas art\\u00edsticas\",\"p20_cursos\":\"Cursos\",\"p20_apresentacoesartisticas\":\"Apresenta\\u00e7\\u00f5es art\\u00edsticas\",\"p21_repressaopolicial\":\"Repress\\u00e3o policial\",\"p21_xenofobia\":\"Xenofobia\",\"p21_machismo\":\"Machismo\",\"p21_racismo\":\"Racismo\",\"p21_lgbtqifobia\":\"LGBTIfobia\",\"p22_numerodeparticipantes\":\"1  - 15\",\"p23_oficinasaulasartisticas\":\"Ensaio\\\/Oficinas\\\/Aulas Art\\u00edsticas\",\"p23_apresentacoesartisticas\":\"Apresenta\\u00e7\\u00f5es Art\\u00edsticas\",\"p24_curso\":\"Curso\",\"p24_outros\":\"Outros\",\"p25_numerodepessoas\":\"80 - 100\",\"p26_numerodepessoas\":\"100 - 200\",\"p27_espacopublico\":\"Espa\\u00e7o p\\u00fablico\",\"p28_territorios\":\"Estado\",\"p30_outrasorganizacoes\":\"Sim\",\"p32_campanhadelongaduracao\":\"N\\u00e3o\",\"p34_estadual\":\"Estadual\",\"p36_conselhosdeparticipacaoecontrolesocial\":\"Sim\",\"p38_sim\":\"Sim\",\"p40_editais\":\"Sim\",\"p41_publicoestatal\":\"P\\u00fablico-Estatal\",\"p41_privadopf\":\"Privado (P. F\\u00edsica)\",\"p41_privadopj\":\"Privado (P. Jur\\u00eddica)\",\"p42_meiodedivulgacaoproprio\":\"Sim\",\"p43_email\":\"E-mail\",\"p43_facebook\":\"Facebook\",\"p43_instagram\":\"Instagram\",\"p43_sitesblogs\":\"Blogs\\\/sites\",\"p44_jornaisimpressosdegrandecirculacao\":\"Jornais impressos de grande circula\\u00e7\\u00e3o\",\"p44_jornaisimpressosdebairro\":\"Jornais impressos de bairro\",\"p44_redessociais\":\"Redes sociais (Facebook, YouTube, Instagram etc.)\",\"p44_sitesblogs\":\"Sites ou Blogs\",\"p39_publico\":\"JUVENTUDE COMUNIDADE\",\"p45_bandeira\":\"LUTA CONTRA-MACHISMO ANTIRRACISMO CONTRA-HOMOFOBIA CONTRA-OPRESS\\u00c3O CONTRA-INJUSTI\\u00c7A\",\"p46_hashtags\":\"#VIDASNEGRASIMPORTAM #RESISTENCIA #MACHISTASNAOPASSARAO\"},{\"p1_eixo\":\"Viol\\u00eancia\",\"p9_tipoorganizacao\":\"Coletivo\",\"p12_uf\":\"RJ\",\"p13_cidade\":\"RIO DE JANEIRO\",\"p17_ano\":\"2018\",\"p16_estado\":\"Estado\",\"p18_direitoshumanos\":\"Direitos humanos\",\"p18_feminismos\":\"Feminismos\",\"p18_lgbtqi\":\"LGBTQI\",\"p18_lutaantirracismo\":\"Luta antirracismo\",\"p18_trabalho\":\"Trabalho\",\"p18_saude\":\"Sa\\u00fade\",\"p18_violencia\":\"Viol\\u00eancia\",\"p19_direitoshumanos\":\"Direitos humanos\",\"p19_lgbtqi\":\"LGBTQI\",\"p19_lutaantirracismo\":\"Luta antirracismo\",\"p20_reunioes\":\"Reuni\\u00f5es\",\"p20_oficinas\":\"Oficinas\",\"p20_cursos\":\"Cursos\",\"p20_formacao\":\"Forma\\u00e7\\u00e3o\",\"p21_machismo\":\"Machismo\",\"p21_racismo\":\"Racismo\",\"p21_lgbtqifobia\":\"LGBTIfobia\",\"p22_numerodeparticipantes\":\"1  - 15\",\"p23_reunioes\":\"Reuni\\u00f5es\",\"p23_oficinas\":\"Oficinas\",\"p23_formacao\":\"Forma\\u00e7\\u00e3o\",\"p24_reunioes\":\"Reuni\\u00f5es\",\"p24_oficinas\":\"Oficinas\",\"p24_curso\":\"Curso\",\"p25_numerodepessoas\":\"1 - 20\",\"p26_numerodepessoas\":\"20 - 40\",\"p27_espacopublico\":\"Espa\\u00e7o p\\u00fablico\",\"p27_espacoemprestadocedido\":\"Espa\\u00e7o emprestado\\\/cedido\",\"p28_territorios\":\"Cidade\",\"p30_outrasorganizacoes\":\"Sim\",\"p32_campanhadelongaduracao\":\"Sim\",\"p34_municipal\":\"Municipal\",\"p36_conselhosdeparticipacaoecontrolesocial\":\"N\\u00e3o\",\"p38_sim\":\"Sim\",\"p40_editais\":\"N\\u00e3o\",\"p41_autofinanciamento\":\"Autofinanciamento\",\"p42_meiodedivulgacaoproprio\":\"Sim\",\"p43_facebook\":\"Facebook\",\"p43_whatsapp\":\"WhatsApp\",\"p44_redessociais\":\"Redes sociais (Facebook, YouTube, Instagram etc.)\",\"p39_publico\":\"MULHERES EGRESSAS PENAL FLUMINENSE FAMILIARES\",\"p45_bandeira\":\"BRASIL PODEROSO PODER S \\u00cdNDIOS POBRES GOVERNANTES POVO\",\"p46_hashtags\":\"#LIBERDADE #SERFAMILIANAOECRIME #NINGUEMFALAPORNOS\"},{\"p1_eixo\":\"Viol\\u00eancia\",\"p9_tipoorganizacao\":\"Movimento Social\",\"p12_uf\":\"RJ\",\"p13_cidade\":\"RIO DE JANEIRO\",\"p16_cidade\":\"Cidade\",\"p17_ano\":\"2011\",\"p18_agrario\":\"Agr\\u00e1rio\\\/ruralidades\",\"p18_comunicacao\":\"Comunica\\u00e7\\u00e3o\",\"p18_desenvolvimentoterritorial\":\"Desenvolvimento territorial\",\"p18_direitoshumanos\":\"Direitos humanos\",\"p18_educacao\":\"Educa\\u00e7\\u00e3o\",\"p18_lutaantirracismo\":\"Luta antirracismo\",\"p18_mobilidade\":\"Mobilidade\",\"p18_moradia\":\"Moradia\",\"p18_povosecomunidadestradicionais\":\"Povos e comunidades tradicionais\",\"p18_trabalho\":\"Trabalho\",\"p18_religiao\":\"Religi\\u00e3o\",\"p18_saude\":\"Sa\\u00fade\",\"p18_violencia\":\"Viol\\u00eancia\",\"p19_direitoshumanos\":\"Direitos humanos\",\"p19_moradia\":\"Moradia\",\"p19_violencia\":\"Viol\\u00eancia\",\"p20_reunioes\":\"Reuni\\u00f5es\",\"p20_visitasexcursoes\":\"Visitas\\\/Excurs\\u00f5es\",\"p21_repressaopolicial\":\"Repress\\u00e3o policial\",\"p21_machismo\":\"Machismo\",\"p21_racismo\":\"Racismo\",\"p22_numerodeparticipantes\":\"1  - 15\",\"p23_outros\":\"Outros\",\"p24_visitasexcursoes\":\"Visitas\\\/Excurs\\u00f5es\",\"p25_numerodepessoas\":\"20 - 40\",\"p26_numerodepessoas\":\"20 - 40\",\"p27_espacopublico\":\"Espa\\u00e7o p\\u00fablico\",\"p27_espacoemprestadocedido\":\"Espa\\u00e7o emprestado\\\/cedido\",\"p28_territorios\":\"Cidade\",\"p30_outrasorganizacoes\":\"Sim\",\"p32_campanhadelongaduracao\":\"Sim\",\"p34_nenhuma\":\"Nenhuma\",\"p36_conselhosdeparticipacaoecontrolesocial\":\"Sim\",\"p38_sim\":\"Sim\",\"p40_editais\":\"N\\u00e3o\",\"p41_autofinanciamento\":\"Autofinanciamento\",\"p41_financiamentocoletivo0\":\"Financiamento coletivo\",\"p42_meiodedivulgacaoproprio\":\"Sim\",\"p43_facebook\":\"Facebook\",\"p44_radio\":\"R\\u00e1dio\",\"p44_redessociais\":\"Redes sociais (Facebook, YouTube, Instagram etc.)\",\"p44_sitesblogs\":\"Sites ou Blogs\",\"p39_publico\":\"FAVELA\",\"p45_bandeira\":\"LUTA DIREITO MORADIA LUTA DIREITO VIDA\",\"p46_hashtags\":\"#LUTAPELODIREITOAVIDA #LUTAPELODIREITOAMORADIADIGNA #LUTAPELAREVOLUCAOSOCIALISTA\"},{\"p1_eixo\":\"Cultura\",\"p9_tipoorganizacao\":\"Movimento Social\",\"p12_uf\":\"SP\",\"p13_cidade\":\"S\\u00c3O PAULO\",\"p16_nacional\":\"Nacional\",\"p17_ano\":\"2016\",\"p18_comunicacao\":\"Comunica\\u00e7\\u00e3o\",\"p18_difusaoartistica\":\"Difus\\u00e3o Art\\u00edstica\",\"p18_desenvolvimentoterritorial\":\"Desenvolvimento territorial\",\"p18_direitoshumanos\":\"Direitos humanos\",\"p18_educacao\":\"Educa\\u00e7\\u00e3o\",\"p18_feminismos\":\"Feminismos\",\"p18_lgbtqi\":\"LGBTQI\",\"p18_lutaantirracismo\":\"Luta antirracismo\",\"p18_povosecomunidadestradicionais\":\"Povos e comunidades tradicionais\",\"p18_trabalho\":\"Trabalho\",\"p18_saude\":\"Sa\\u00fade\",\"p18_politicasculturais\":\"Pol\\u00edticas Culturais\",\"p19_comunicacao\":\"Comunica\\u00e7\\u00e3o\",\"p19_desenvolvimentoterritorial\":\"Desenvolvimento territorial\",\"p19_politicasculturais\":\"Pol\\u00edticas Culturais\",\"p20_oficinas\":\"Oficinas\",\"p20_formacao\":\"Forma\\u00e7\\u00e3o\",\"p21_repressaopolicial\":\"Repress\\u00e3o policial\",\"p21_intoleranciareligiosa\":\"Fundamentalismo\\\/intoler\\u00e2ncia religiosa\",\"p21_xenofobia\":\"Xenofobia\",\"p21_machismo\":\"Machismo\",\"p21_racismo\":\"Racismo\",\"p21_lgbtqifobia\":\"LGBTIfobia\",\"p22_numerodeparticipantes\":\"15 - 30\",\"p23_oficinas\":\"Oficinas\",\"p23_formacao\":\"Forma\\u00e7\\u00e3o\",\"p24_reunioes\":\"Reuni\\u00f5es\",\"p24_formacao\":\"Forma\\u00e7\\u00e3o\",\"p25_numerodepessoas\":\"100 - 200\",\"p26_numerodepessoas\":\"100 - 200\",\"p27_espacopublico\":\"Espa\\u00e7o p\\u00fablico\",\"p27_espacoemprestadocedido\":\"Espa\\u00e7o emprestado\\\/cedido\",\"p27_espacoproprio\":\"Espa\\u00e7o pr\\u00f3prio\",\"p27_virtual\":\"Virtual\",\"p27_ocupacao\":\"Ocupa\\u00e7\\u00e3o\",\"p28_territorios\":\"Atua\\u00e7\\u00e3o Nacional\",\"p30_outrasorganizacoes\":\"Sim\",\"p32_campanhadelongaduracao\":\"Sim\",\"p34_nacional\":\"Nacional\",\"p36_conselhosdeparticipacaoecontrolesocial\":\"N\\u00e3o\",\"p38_sim\":\"Sim\",\"p40_editais\":\"N\\u00e3o\",\"p41_autofinanciamento\":\"Autofinanciamento\",\"p41_financiamentocoletivo0\":\"Financiamento coletivo\",\"p42_meiodedivulgacaoproprio\":\"Sim\",\"p43_impressoes\":\"Impressos\",\"p43_email\":\"E-mail\",\"p43_facebook\":\"Facebook\",\"p43_whatsapp\":\"WhatsApp\",\"p43_instagram\":\"Instagram\",\"p43_youtube\":\"YouTube\",\"p44_redessociais\":\"Redes sociais (Facebook, YouTube, Instagram etc.)\",\"p39_publico\":\"TODOS  EXCLUS\\u00c3O MOVIMENTOS DISPOSTOS CONSTRU\\u00c7\\u00c3O PLURAL COLETIVA\",\"p45_bandeira\":\"LGBT MOVIMENTO MOVIMENTO SINDICAL MOVIMENTO FEMINISTA MOVIMENTO MEIO-AMBIENTE MOVIMENTO IND\\u00cdGENA MOVIMENTO ANTIPROIBICIONISTA CULTURA COMUNICA\\u00c7\\u00c3O LULA LIVRE\",\"p46_hashtags\":\"#LULALIVRE #RESPEITAASMINA #MARIELLEVIVE\"},{\"p1_eixo\":\"Cultura\",\"p9_tipoorganizacao\":\"Associa\\u00e7\\u00e3o\",\"p12_uf\":\"RS\",\"p13_cidade\":\"PORTO ALEGRE\",\"p16_bairro\":\"Bairro\",\"p17_ano\":\"1982\",\"p18_difusaoartistica\":\"Difus\\u00e3o Art\\u00edstica\",\"p19_comunicacao\":\"Comunica\\u00e7\\u00e3o\",\"p19_educacao\":\"Educa\\u00e7\\u00e3o\",\"p19_politicasculturais\":\"Pol\\u00edticas Culturais\",\"p20_oficinas\":\"Oficinas\",\"p20_oficinasaulasartisticas\":\"Ensaios\\\/Oficinas\\\/Aulas art\\u00edsticas\",\"p21_nenhum\":\"Nenhum\",\"p22_numerodeparticipantes\":\"75 - 90\",\"p23_apresentacoesartisticas\":\"Apresenta\\u00e7\\u00f5es Art\\u00edsticas\",\"p23_outros\":\"Outros\",\"p24_oficinasaulasartisticas\":\"Ensaios\\\/Oficinas\\\/Aulas art\\u00edsticas\",\"p24_apresentacoesartisticas\":\"Apresenta\\u00e7\\u00f5es art\\u00edsticas\",\"p25_numerodepessoas\":\"80 - 100\",\"p26_numerodepessoas\":\"100 - 200\",\"p27_espacoemprestadocedido\":\"Espa\\u00e7o emprestado\\\/cedido\",\"p28_territorios\":\"Pr\\u00f3prio bairro\",\"p30_outrasorganizacoes\":\"Sim\",\"p32_campanhadelongaduracao\":\"Sim\",\"p34_estadual\":\"Estadual\",\"p36_conselhosdeparticipacaoecontrolesocial\":\"Sim\",\"p38_nenhum\":\"Nenhum\",\"p40_editais\":\"Sim\",\"p41_autofinanciamento\":\"Autofinanciamento\",\"p42_meiodedivulgacaoproprio\":\"N\\u00e3o\",\"p43_nenhum\":\"Nenhum\",\"p44_nenhum\":\"Nenhum\",\"p39_publico\":\"TODOS\",\"p45_bandeira\":\"MANTER DIVULGAR-TRADICIONALISMO GA\\u00daCHO AUXILIAR MANUTEN\\u00c7\\u00c3O EDUCA\\u00c7\\u00c3O CULTURA PREVEN\\u00c7\\u00c3O VIOL\\u00caNCIA\",\"p46_hashtags\":\"#LUTAPELACULTURAGAUCHA #VALORIZACAODOBAIRRORESPEITOACULTURAPOPULAR  #CONTRAQUALQUERTIPODEPRECONCEITO\"},{\"p1_eixo\":\"Viol\\u00eancia\",\"p9_tipoorganizacao\":\"Movimento Social\",\"p12_uf\":\"SP\",\"p13_cidade\":\"S\\u00c3O PAULO\",\"p17_ano\":\"2012\",\"p16_estado\":\"Estado\",\"p18_direitoshumanos\":\"Direitos humanos\",\"p18_lgbtqi\":\"LGBTQI\",\"p18_saude\":\"Sa\\u00fade\",\"p19_direitoshumanos\":\"Direitos humanos\",\"p19_lgbtqi\":\"LGBTQI\",\"p19_saude\":\"Sa\\u00fade\",\"p20_reunioes\":\"Reuni\\u00f5es\",\"p20_atendimento\":\"Atendimento\",\"p20_formacao\":\"Forma\\u00e7\\u00e3o\",\"p21_repressaopolicial\":\"Repress\\u00e3o policial\",\"p21_intoleranciareligiosa\":\"Fundamentalismo\\\/intoler\\u00e2ncia religiosa\",\"p21_machismo\":\"Machismo\",\"p21_racismo\":\"Racismo\",\"p21_lgbtqifobia\":\"LGBTIfobia\",\"p22_numerodeparticipantes\":\"1  - 15\",\"p23_reunioes\":\"Reuni\\u00f5es\",\"p23_atendimento\":\"Atendimento\",\"p23_formacao\":\"Forma\\u00e7\\u00e3o\",\"p23_visitas\":\"Visitas\",\"p24_reunioes\":\"Reuni\\u00f5es\",\"p24_formacao\":\"Forma\\u00e7\\u00e3o\",\"p25_numerodepessoas\":\"1 - 20\",\"p26_numerodepessoas\":\"1 - 20\",\"p27_espacopublico\":\"Espa\\u00e7o p\\u00fablico\",\"p27_virtual\":\"Virtual\",\"p28_territorios\":\"Estado\",\"p30_outrasorganizacoes\":\"Sim\",\"p32_campanhadelongaduracao\":\"N\\u00e3o\",\"p34_estadual\":\"Estadual\",\"p36_conselhosdeparticipacaoecontrolesocial\":\"Sim\",\"p38_sim\":\"Sim\",\"p40_editais\":\"N\\u00e3o\",\"p41_privadopf\":\"Privado (P. F\\u00edsica)\",\"p42_meiodedivulgacaoproprio\":\"Sim\",\"p43_email\":\"E-mail\",\"p43_facebook\":\"Facebook\",\"p43_instagram\":\"Instagram\",\"p43_twitter\":\"Twitter\",\"p44_redessociais\":\"Redes sociais (Facebook, YouTube, Instagram etc.)\",\"p39_publico\":\"HOMENS GAYS BISSEXUAIS\",\"p45_bandeira\":\"DEFESA DIREITOS HUMANOS HOMENS GAYS\",\"p46_hashtags\":\"#ARTGAYBRASIL #ARTGAYSAOPAULO\"},{\"p1_eixo\":\"Trabalho\",\"p9_tipoorganizacao\":\"Movimento Social\",\"p12_uf\":\"MG\",\"p13_cidade\":\"BELO HORIZONTE\",\"p16_nacional\":\"Nacional\",\"p17_ano\":\"1990\",\"p18_difusaoartistica\":\"Difus\\u00e3o Art\\u00edstica\",\"p18_direitoshumanos\":\"Direitos humanos\",\"p18_educacao\":\"Educa\\u00e7\\u00e3o\",\"p18_feminismos\":\"Feminismos\",\"p18_lgbtqi\":\"LGBTQI\",\"p18_lutaantirracismo\":\"Luta antirracismo\",\"p18_povosecomunidadestradicionais\":\"Povos e comunidades tradicionais\",\"p18_trabalho\":\"Trabalho\",\"p18_religiao\":\"Religi\\u00e3o\",\"p18_saude\":\"Sa\\u00fade\",\"p18_violencia\":\"Viol\\u00eancia\",\"p18_politicasculturais\":\"Pol\\u00edticas Culturais\",\"p19_lutaantirracismo\":\"Luta antirracismo\",\"p19_povosecomunidadestradicionais\":\"Povos e comunidades tradicionais\",\"p19_politicasculturais\":\"Pol\\u00edticas Culturais\",\"p20_reunioes\":\"Reuni\\u00f5es\",\"p20_oficinas\":\"Oficinas\",\"p21_repressaopolicial\":\"Repress\\u00e3o policial\",\"p21_intoleranciareligiosa\":\"Fundamentalismo\\\/intoler\\u00e2ncia religiosa\",\"p21_xenofobia\":\"Xenofobia\",\"p21_racismo\":\"Racismo\",\"p22_numerodeparticipantes\":\"Mais de 90\",\"p23_reunioes\":\"Reuni\\u00f5es\",\"p23_oficinas\":\"Oficinas\",\"p23_cursos\":\"Cursos\",\"p23_formacao\":\"Forma\\u00e7\\u00e3o\",\"p24_reunioes\":\"Reuni\\u00f5es\",\"p24_oficinas\":\"Oficinas\",\"p24_curso\":\"Curso\",\"p24_formacao\":\"Forma\\u00e7\\u00e3o\",\"p25_numerodepessoas\":\"20 - 40\",\"p26_numerodepessoas\":\"40 - 60\",\"p27_espacopublico\":\"Espa\\u00e7o p\\u00fablico\",\"p27_espacoemprestadocedido\":\"Espa\\u00e7o emprestado\\\/cedido\",\"p27_virtual\":\"Virtual\",\"p27_ocupacao\":\"Ocupa\\u00e7\\u00e3o\",\"p28_territorios\":\"Atua\\u00e7\\u00e3o Nacional\",\"p30_outrasorganizacoes\":\"Sim\",\"p32_campanhadelongaduracao\":\"Sim\",\"p34_nacional\":\"Nacional\",\"p36_conselhosdeparticipacaoecontrolesocial\":\"Sim\",\"p38_sim\":\"Sim\",\"p40_editais\":\"Sim\",\"p41_autofinanciamento\":\"Autofinanciamento\",\"p42_meiodedivulgacaoproprio\":\"Sim\",\"p43_impressoes\":\"Impressos\",\"p43_email\":\"E-mail\",\"p43_facebook\":\"Facebook\",\"p43_instagram\":\"Instagram\",\"p44_redessociais\":\"Redes sociais (Facebook, YouTube, Instagram etc.)\",\"p39_publico\":\"TODOS FILIADOS\",\"p45_bandeira\":\"COMBATE RACISMO CONTRA  RELIGIOSA\",\"p46_hashtags\":\"#CONTRAINTOLERANCIARELIGIOSA #FAVELARESISTE #MULHERESNEGRASNOPODER\"},{\"p1_eixo\":\"Cultura\",\"p9_tipoorganizacao\":\"Coletivo Art\\u00edstico\",\"p12_uf\":\"RS\",\"p13_cidade\":\"PORTO ALEGRE\",\"p16_nacional\":\"Nacional\",\"p17_ano\":\"2018\",\"p18_difusaoartistica\":\"Difus\\u00e3o Art\\u00edstica\",\"p18_educacao\":\"Educa\\u00e7\\u00e3o\",\"p18_feminismos\":\"Feminismos\",\"p18_lgbtqi\":\"LGBTQI\",\"p18_lutaantirracismo\":\"Luta antirracismo\",\"p18_violencia\":\"Viol\\u00eancia\",\"p18_politicasculturais\":\"Pol\\u00edticas Culturais\",\"p19_educacao\":\"Educa\\u00e7\\u00e3o\",\"p19_lutaantirracismo\":\"Luta antirracismo\",\"p19_difusaoartistica\":\"Difus\\u00e3o Art\\u00edstica\",\"p20_oficinas\":\"Oficinas\",\"p20_oficinasaulasartisticas\":\"Ensaios\\\/Oficinas\\\/Aulas art\\u00edsticas\",\"p20_apresentacoesartisticas\":\"Apresenta\\u00e7\\u00f5es art\\u00edsticas\",\"p21_repressaopolicial\":\"Repress\\u00e3o policial\",\"p21_machismo\":\"Machismo\",\"p21_racismo\":\"Racismo\",\"p21_lgbtqifobia\":\"LGBTIfobia\",\"p22_numerodeparticipantes\":\"1  - 15\",\"p23_oficinas\":\"Oficinas\",\"p23_apresentacoesartisticas\":\"Apresenta\\u00e7\\u00f5es Art\\u00edsticas\",\"p23_visitas\":\"Visitas\",\"p24_outros\":\"Outros\",\"p25_numerodepessoas\":\"40 - 60\",\"p26_numerodepessoas\":\"200 - 300\",\"p27_espacopublico\":\"Espa\\u00e7o p\\u00fablico\",\"p27_espacoemprestadocedido\":\"Espa\\u00e7o emprestado\\\/cedido\",\"p28_territorios\":\"Cidade\",\"p30_outrasorganizacoes\":\"Sim\",\"p32_campanhadelongaduracao\":\"N\\u00e3o\",\"p34_nenhuma\":\"Nenhuma\",\"p36_conselhosdeparticipacaoecontrolesocial\":\"N\\u00e3o\",\"p38_nenhum\":\"Nenhum\",\"p40_editais\":\"N\\u00e3o\",\"p41_autofinanciamento\":\"Autofinanciamento\",\"p42_meiodedivulgacaoproprio\":\"Sim\",\"p43_email\":\"E-mail\",\"p43_facebook\":\"Facebook\",\"p43_instagram\":\"Instagram\",\"p43_twitter\":\"Twitter\",\"p43_youtube\":\"YouTube\",\"p44_radio\":\"TV\",\"p44_redessociais\":\"Redes sociais (Facebook, YouTube, Instagram etc.)\",\"p44_sitesblogs\":\"Sites ou Blogs\",\"p39_publico\":\"JOVENS PERIF\\u00c9RICOS\",\"p45_bandeira\":\"ANTIRRACISMO LUTA ARTE CULTURA LAZER CONTRA-MACHISMO CONTRA-HOMOFOBIA CONTRA-XENOFOBIA\",\"p46_hashtags\":\"#POESIASALVAVIDAS #TEMPRETONOSUL #RACISTASNAOPASSARAO\"},{\"p1_eixo\":\"Cultura\",\"p9_tipoorganizacao\":\"Coletivo Art\\u00edstico\",\"p12_uf\":\"RS\",\"p13_cidade\":\"PORTO ALEGRE\",\"p16_cidade\":\"Cidade\",\"p17_ano\":\"2017\",\"p18_comunicacao\":\"Comunica\\u00e7\\u00e3o\",\"p18_difusaoartistica\":\"Difus\\u00e3o Art\\u00edstica\",\"p18_direitoshumanos\":\"Direitos humanos\",\"p18_educacao\":\"Educa\\u00e7\\u00e3o\",\"p18_feminismos\":\"Feminismos\",\"p18_lgbtqi\":\"LGBTQI\",\"p18_lutaantirracismo\":\"Luta antirracismo\",\"p18_moradia\":\"Moradia\",\"p18_povosecomunidadestradicionais\":\"Povos e comunidades tradicionais\",\"p18_religiao\":\"Religi\\u00e3o\",\"p18_violencia\":\"Viol\\u00eancia\",\"p18_politicasculturais\":\"Pol\\u00edticas Culturais\",\"p19_educacao\":\"Educa\\u00e7\\u00e3o\",\"p19_violencia\":\"Viol\\u00eancia\",\"p19_difusaoartistica\":\"Difus\\u00e3o Art\\u00edstica\",\"p20_apresentacoesartisticas\":\"Apresenta\\u00e7\\u00f5es art\\u00edsticas\",\"p21_intoleranciareligiosa\":\"Fundamentalismo\\\/intoler\\u00e2ncia religiosa\",\"p21_machismo\":\"Machismo\",\"p21_racismo\":\"Racismo\",\"p21_lgbtqifobia\":\"LGBTIfobia\",\"p22_numerodeparticipantes\":\"1  - 15\",\"p23_outros\":\"Outros\",\"p24_visitasexcursoes\":\"Visitas\\\/Excurs\\u00f5es\",\"p25_numerodepessoas\":\"200 - 300\",\"p26_numerodepessoas\":\"20 - 40\",\"p27_espacopublico\":\"Espa\\u00e7o p\\u00fablico\",\"p28_territorios\":\"Pr\\u00f3prio bairro\",\"p30_outrasorganizacoes\":\"Sim\",\"p32_campanhadelongaduracao\":\"Sim\",\"p34_nenhuma\":\"Nenhuma\",\"p36_conselhosdeparticipacaoecontrolesocial\":\"N\\u00e3o\",\"p38_nenhum\":\"Nenhum\",\"p40_editais\":\"N\\u00e3o\",\"p41_autofinanciamento\":\"Autofinanciamento\",\"p42_meiodedivulgacaoproprio\":\"Sim\",\"p43_email\":\"E-mail\",\"p43_facebook\":\"Facebook\",\"p43_instagram\":\"Instagram\",\"p44_redessociais\":\"Redes sociais (Facebook, YouTube, Instagram etc.)\",\"p44_sitesblogs\":\"Sites ou Blogs\",\"p39_publico\":\"TODOS\",\"p45_bandeira\":\"LIBERDADE EXPRESS\\u00c3O LUTA CONTRA LUTA ANTIRRACISTA LUTA ANTIFASCISTA LUTA CONTRA-OPRESS\\u00c3O\",\"p46_hashtags\":\"#RESISTENCIA #LIBERDADEDEEXPRESSAO #CONTRAOSISTEMA\"},{\"p1_eixo\":\"Cultura\",\"p9_tipoorganizacao\":\"Coletivo Art\\u00edstico\",\"p12_uf\":\"MG\",\"p13_cidade\":\"BELO HORIZONTE\",\"p16_internacional\":\"Internacional\",\"p17_ano\":\"2011\",\"p18_comunicacao\":\"Comunica\\u00e7\\u00e3o\",\"p18_difusaoartistica\":\"Difus\\u00e3o Art\\u00edstica\",\"p18_direitoshumanos\":\"Direitos humanos\",\"p18_educacao\":\"Educa\\u00e7\\u00e3o\",\"p18_saude\":\"Sa\\u00fade\",\"p19_direitoshumanos\":\"Direitos humanos\",\"p19_educacao\":\"Educa\\u00e7\\u00e3o\",\"p19_saude\":\"Sa\\u00fade\",\"p20_oficinas\":\"Oficinas\",\"p20_oficinasaulasartisticas\":\"Ensaios\\\/Oficinas\\\/Aulas art\\u00edsticas\",\"p20_cursos\":\"Cursos\",\"p20_formacao\":\"Forma\\u00e7\\u00e3o\",\"p20_profissionalizacao\":\"Profissionaliza\\u00e7\\u00e3o\",\"p20_apresentacoesartisticas\":\"Apresenta\\u00e7\\u00f5es art\\u00edsticas\",\"p21_nenhum\":\"Nenhum\",\"p22_numerodeparticipantes\":\"1  - 15\",\"p23_oficinas\":\"Oficinas\",\"p23_oficinasaulasartisticas\":\"Ensaio\\\/Oficinas\\\/Aulas Art\\u00edsticas\",\"p23_cursos\":\"Cursos\",\"p23_formacao\":\"Forma\\u00e7\\u00e3o\",\"p23_profissionalizacao\":\"Profissionaliza\\u00e7\\u00e3o\",\"p23_apresentacoesartisticas\":\"Apresenta\\u00e7\\u00f5es Art\\u00edsticas\",\"p24_oficinas\":\"Oficinas\",\"p24_oficinasaulasartisticas\":\"Ensaios\\\/Oficinas\\\/Aulas art\\u00edsticas\",\"p24_curso\":\"Curso\",\"p24_formacao\":\"Forma\\u00e7\\u00e3o\",\"p24_profissionalizacao\":\"Profissionaliza\\u00e7\\u00e3o\",\"p24_apresentacoesartisticas\":\"Apresenta\\u00e7\\u00f5es art\\u00edsticas\",\"p25_numerodepessoas\":\"Mais de 500\",\"p26_numerodepessoas\":\"100 - 200\",\"p27_espacoproprio\":\"Espa\\u00e7o pr\\u00f3prio\",\"p27_virtual\":\"Virtual\",\"p28_territorios\":\"Atua\\u00e7\\u00e3o Internacional\",\"p30_outrasorganizacoes\":\"Sim\",\"p32_campanhadelongaduracao\":\"Sim\",\"p34_nenhuma\":\"Nenhuma\",\"p36_conselhosdeparticipacaoecontrolesocial\":\"N\\u00e3o\",\"p38_nenhum\":\"Nenhum\",\"p40_editais\":\"Sim\",\"p41_autofinanciamento\":\"Autofinanciamento\",\"p42_meiodedivulgacaoproprio\":\"Sim\",\"p43_email\":\"E-mail\",\"p43_facebook\":\"Facebook\",\"p43_whatsapp\":\"WhatsApp\",\"p43_instagram\":\"Instagram\",\"p43_twitter\":\"Twitter\",\"p43_sitesblogs\":\"Blogs\\\/sites\",\"p43_radio\":\"R\\u00e1dio\",\"p43_youtube\":\"YouTube\",\"p44_radio\":\"TV\",\"p44_jornaisimpressosdegrandecirculacao\":\"Jornais impressos de grande circula\\u00e7\\u00e3o\",\"p44_jornaisimpressosdebairro\":\"Jornais impressos de bairro\",\"p44_redessociais\":\"Redes sociais (Facebook, YouTube, Instagram etc.)\",\"p44_sitesblogs\":\"Sites ou Blogs\",\"p39_publico\":\"PESSOAS M\\u00cdDIA DIFEREN\\u00c7A\",\"p45_bandeira\":\"BRASIL PODEROSO PODER S \\u00cdNDIOS POBRESGOVERNANTES POVO\",\"p46_hashtags\":\"#BUSCADEDIGNIDADE\"},{\"p1_eixo\":\"Viol\\u00eancia\",\"p9_tipoorganizacao\":\"Coletivo\",\"p12_uf\":\"PR\",\"p13_cidade\":\"CURITIBA\",\"p16_cidade\":\"Cidade\",\"p17_ano\":\"2011\",\"p18_agrario\":\"Agr\\u00e1rio\\\/ruralidades\",\"p18_comunicacao\":\"Comunica\\u00e7\\u00e3o\",\"p18_difusaoartistica\":\"Difus\\u00e3o Art\\u00edstica\",\"p18_desenvolvimentoterritorial\":\"Desenvolvimento territorial\",\"p18_direitoshumanos\":\"Direitos humanos\",\"p18_educacao\":\"Educa\\u00e7\\u00e3o\",\"p18_feminismos\":\"Feminismos\",\"p18_lutaantirracismo\":\"Luta antirracismo\",\"p18_mobilidade\":\"Mobilidade\",\"p18_moradia\":\"Moradia\",\"p18_trabalho\":\"Trabalho\",\"p18_religiao\":\"Religi\\u00e3o\",\"p18_saude\":\"Sa\\u00fade\",\"p18_violencia\":\"Viol\\u00eancia\",\"p18_politicasculturais\":\"Pol\\u00edticas Culturais\",\"p19_moradia\":\"Moradia\",\"p19_saude\":\"Sa\\u00fade\",\"p19_violencia\":\"Viol\\u00eancia\",\"p20_reunioes\":\"Reuni\\u00f5es\",\"p21_repressaopolicial\":\"Repress\\u00e3o policial\",\"p21_intoleranciareligiosa\":\"Fundamentalismo\\\/intoler\\u00e2ncia religiosa\",\"p21_xenofobia\":\"Xenofobia\",\"p21_machismo\":\"Machismo\",\"p21_racismo\":\"Racismo\",\"p21_lgbtqifobia\":\"LGBTIfobia\",\"p22_numerodeparticipantes\":\"15 - 30\",\"p23_reunioes\":\"Reuni\\u00f5es\",\"p23_outros\":\"Outros\",\"p24_apresentacoesartisticas\":\"Apresenta\\u00e7\\u00f5es art\\u00edsticas\",\"p24_outros\":\"Outros\",\"p25_numerodepessoas\":\"20 - 40\",\"p26_numerodepessoas\":\"100 - 200\",\"p27_espacopublico\":\"Espa\\u00e7o p\\u00fablico\",\"p27_virtual\":\"Virtual\",\"p27_ocupacao\":\"Ocupa\\u00e7\\u00e3o\",\"p28_territorios\":\"Pr\\u00f3prio bairro\",\"p30_outrasorganizacoes\":\"Sim\",\"p32_campanhadelongaduracao\":\"N\\u00e3o\",\"p34_nenhuma\":\"Nenhuma\",\"p36_conselhosdeparticipacaoecontrolesocial\":\"N\\u00e3o\",\"p38_sim\":\"Sim\",\"p40_editais\":\"N\\u00e3o\",\"p41_financiamentocoletivo0\":\"Financiamento coletivo\",\"p42_meiodedivulgacaoproprio\":\"Sim\",\"p43_facebook\":\"Facebook\",\"p43_instagram\":\"Instagram\",\"p43_youtube\":\"YouTube\",\"p44_redessociais\":\"Redes sociais (Facebook, YouTube, Instagram etc.)\",\"p44_sitesblogs\":\"Sites ou Blogs\",\"p39_publico\":\"JOVENS\",\"p45_bandeira\":\"MORADIA SA\\u00daDE EDUCA\\u00c7\\u00c3O CONTRA-VIOL\\u00caNCIA ESTADO\",\"p46_hashtags\":\"#LUTAPORMORADIA #LUTAPOREDUCACAO #CONTRAVIOLENCIA\"},{\"p1_eixo\":\"Cultura\",\"p9_tipoorganizacao\":\"Associa\\u00e7\\u00e3o\",\"p12_uf\":\"SP\",\"p13_cidade\":\"S\\u00c3O PAULO\",\"p16_bairro\":\"Bairro\",\"p17_ano\":\"2016\",\"p18_comunicacao\":\"Comunica\\u00e7\\u00e3o\",\"p18_desenvolvimentoterritorial\":\"Desenvolvimento territorial\",\"p18_direitoshumanos\":\"Direitos humanos\",\"p18_educacao\":\"Educa\\u00e7\\u00e3o\",\"p18_mobilidade\":\"Mobilidade\",\"p18_moradia\":\"Moradia\",\"p18_trabalho\":\"Trabalho\",\"p18_saude\":\"Sa\\u00fade\",\"p18_violencia\":\"Viol\\u00eancia\",\"p19_direitoshumanos\":\"Direitos humanos\",\"p19_educacao\":\"Educa\\u00e7\\u00e3o\",\"p19_saude\":\"Sa\\u00fade\",\"p20_reunioes\":\"Reuni\\u00f5es\",\"p20_atendimento\":\"Atendimento\",\"p20_profissionalizacao\":\"Profissionaliza\\u00e7\\u00e3o\",\"p21_nenhum\":\"Nenhum\",\"p22_numerodeparticipantes\":\"45 - 60\",\"p23_reunioes\":\"Reuni\\u00f5es\",\"p23_atendimento\":\"Atendimento\",\"p23_formacao\":\"Forma\\u00e7\\u00e3o\",\"p23_profissionalizacao\":\"Profissionaliza\\u00e7\\u00e3o\",\"p24_reunioes\":\"Reuni\\u00f5es\",\"p24_profissionalizacao\":\"Profissionaliza\\u00e7\\u00e3o\",\"p25_numerodepessoas\":\"20 - 40\",\"p26_numerodepessoas\":\"20 - 40\",\"p27_espacoproprio\":\"Espa\\u00e7o pr\\u00f3prio\",\"p28_territorios\":\"Pr\\u00f3prio bairro\",\"p30_outrasorganizacoes\":\"Sim\",\"p32_campanhadelongaduracao\":\"N\\u00e3o\",\"p34_municipal\":\"Municipal\",\"p36_conselhosdeparticipacaoecontrolesocial\":\"N\\u00e3o\",\"p38_nenhum\":\"Nenhum\",\"p40_editais\":\"Sim\",\"p41_privadopj\":\"Privado (P. Jur\\u00eddica)\",\"p42_meiodedivulgacaoproprio\":\"Sim\",\"p43_email\":\"E-mail\",\"p43_facebook\":\"Facebook\",\"p43_whatsapp\":\"WhatsApp\",\"p43_instagram\":\"Instagram\",\"p43_sitesblogs\":\"Blogs\\\/sites\",\"p44_sitesblogs\":\"Sites ou Blogs\",\"p39_publico\":\"PESSOAS BAIXA-RENDA CARENTES COMUNIDADES\",\"p45_bandeira\":\"RECICLAGEM MEIO-AMBIENTE\",\"p46_hashtags\":\"#MEIOAMBIENTE  #RECICLAGEM  #EDUCA\\u00c7\\u00c3O\"},{\"p1_eixo\":\"Cultura\",\"p9_tipoorganizacao\":\"Associa\\u00e7\\u00e3o\",\"p12_uf\":\"BA\",\"p13_cidade\":\"SALVADOR\",\"p16_bairro\":\"Bairro\",\"p17_ano\":\"2001\",\"p18_povosecomunidadestradicionais\":\"Povos e comunidades tradicionais\",\"p18_religiao\":\"Religi\\u00e3o\",\"p19_povosecomunidadestradicionais\":\"Povos e comunidades tradicionais\",\"p19_religiao\":\"Religi\\u00e3o\",\"p19_politicasculturais\":\"Pol\\u00edticas Culturais\",\"p20_reunioes\":\"Reuni\\u00f5es\",\"p20_oficinas\":\"Oficinas\",\"p20_cursos\":\"Cursos\",\"p20_formacao\":\"Forma\\u00e7\\u00e3o\",\"p21_nenhum\":\"Nenhum\",\"p22_numerodeparticipantes\":\"45 - 60\",\"p23_reunioes\":\"Reuni\\u00f5es\",\"p23_oficinas\":\"Oficinas\",\"p23_cursos\":\"Cursos\",\"p24_reunioes\":\"Reuni\\u00f5es\",\"p24_curso\":\"Curso\",\"p25_numerodepessoas\":\"60 - 80\",\"p26_numerodepessoas\":\"40 - 60\",\"p27_espacoproprio\":\"Espa\\u00e7o pr\\u00f3prio\",\"p28_territorios\":\"Pr\\u00f3prio bairro\",\"p30_outrasorganizacoes\":\"N\\u00e3o\",\"p32_campanhadelongaduracao\":\"N\\u00e3o\",\"p34_municipal\":\"Municipal\",\"p36_conselhosdeparticipacaoecontrolesocial\":\"N\\u00e3o\",\"p38_nenhum\":\"Nenhum\",\"p40_editais\":\"N\\u00e3o\",\"p41_autofinanciamento\":\"Autofinanciamento\",\"p42_meiodedivulgacaoproprio\":\"Sim\",\"p43_email\":\"E-mail\",\"p43_whatsapp\":\"WhatsApp\",\"p43_sitesblogs\":\"Blogs\\\/sites\",\"p44_redessociais\":\"Redes sociais (Facebook, YouTube, Instagram etc.)\",\"p39_publico\":\"POVOS MATRIZ AFRICANA CRIAN\\u00c7AS\",\"p45_bandeira\":\"CONTRA  RELIGIOSA RACISMO\",\"p46_hashtags\":\"MENOR APRENDENDO LETRAS\"},{\"p1_eixo\":\"Viol\\u00eancia\",\"p9_tipoorganizacao\":\"ONG\",\"p12_uf\":\"RJ\",\"p13_cidade\":\"RIO DE JANEIRO\",\"p16_nacional\":\"Nacional\",\"p17_ano\":\"2006\",\"p18_comunicacao\":\"Comunica\\u00e7\\u00e3o\",\"p18_desenvolvimentoterritorial\":\"Desenvolvimento territorial\",\"p18_direitoshumanos\":\"Direitos humanos\",\"p18_educacao\":\"Educa\\u00e7\\u00e3o\",\"p18_lgbtqi\":\"LGBTQI\",\"p18_lutaantirracismo\":\"Luta antirracismo\",\"p18_moradia\":\"Moradia\",\"p18_trabalho\":\"Trabalho\",\"p18_saude\":\"Sa\\u00fade\",\"p18_violencia\":\"Viol\\u00eancia\",\"p19_direitoshumanos\":\"Direitos humanos\",\"p19_lgbtqi\":\"LGBTQI\",\"p19_violencia\":\"Viol\\u00eancia\",\"p20_reunioes\":\"Reuni\\u00f5es\",\"p20_atendimento\":\"Atendimento\",\"p20_oficinas\":\"Oficinas\",\"p20_formacao\":\"Forma\\u00e7\\u00e3o\",\"p20_visitasexcursoes\":\"Visitas\\\/Excurs\\u00f5es\",\"p21_repressaopolicial\":\"Repress\\u00e3o policial\",\"p21_machismo\":\"Machismo\",\"p21_racismo\":\"Racismo\",\"p21_lgbtqifobia\":\"LGBTIfobia\",\"p21_enfrentamentocomgruposprivadosarmados\":\"Enfrentamento com grupos privados armados\",\"p22_numerodeparticipantes\":\"1  - 15\",\"p23_reunioes\":\"Reuni\\u00f5es\",\"p23_oficinas\":\"Oficinas\",\"p24_reunioes\":\"Reuni\\u00f5es\",\"p24_oficinas\":\"Oficinas\",\"p25_numerodepessoas\":\"100 - 200\",\"p26_numerodepessoas\":\"200 - 300\",\"p27_espacopublico\":\"Espa\\u00e7o p\\u00fablico\",\"p27_espacoemprestadocedido\":\"Espa\\u00e7o emprestado\\\/cedido\",\"p27_espacoproprio\":\"Espa\\u00e7o pr\\u00f3prio\",\"p27_virtual\":\"Virtual\",\"p28_territorios\":\"Estado\",\"p30_outrasorganizacoes\":\"Sim\",\"p32_campanhadelongaduracao\":\"Sim\",\"p34_nenhuma\":\"Nenhuma\",\"p36_conselhosdeparticipacaoecontrolesocial\":\"N\\u00e3o\",\"p38_nenhum\":\"Nenhum\",\"p40_editais\":\"N\\u00e3o\",\"p41_privadopj\":\"Privado (P. Jur\\u00eddica)\",\"p42_meiodedivulgacaoproprio\":\"Sim\",\"p43_impressoes\":\"Impressos\",\"p43_email\":\"E-mail\",\"p43_facebook\":\"Facebook\",\"p43_instagram\":\"Instagram\",\"p44_jornaisimpressosdebairro\":\"Jornais impressos de bairro\",\"p44_redessociais\":\"Redes sociais (Facebook, YouTube, Instagram etc.)\",\"p39_publico\":\"GRUPOS LGBT\",\"p45_bandeira\":\"BANDEIRA LGBT\",\"p46_hashtags\":\"#RESISTIRPARAEXISTIR  #SOMOSTODOSIGUAIS  #ALUTACONTINUA\"},{\"p1_eixo\":\"Cultura\",\"p9_tipoorganizacao\":\"ONG\",\"p12_uf\":\"MG\",\"p13_cidade\":\"BELO HORIZONTE\",\"p17_ano\":\"1985\",\"p16_estado\":\"Estado\",\"p18_agrario\":\"Agr\\u00e1rio\\\/ruralidades\",\"p18_povosecomunidadestradicionais\":\"Povos e comunidades tradicionais\",\"p18_politicasculturais\":\"Pol\\u00edticas Culturais\",\"p19_agrario\":\"Agr\\u00e1rio\\\/ruralidades\",\"p19_desenvolvimentoterritorial\":\"Desenvolvimento territorial\",\"p19_povosecomunidadestradicionais\":\"Povos e comunidades tradicionais\",\"p20_reunioes\":\"Reuni\\u00f5es\",\"p20_oficinas\":\"Oficinas\",\"p20_formacao\":\"Forma\\u00e7\\u00e3o\",\"p20_visitasexcursoes\":\"Visitas\\\/Excurs\\u00f5es\",\"p21_nenhum\":\"Nenhum\",\"p22_numerodeparticipantes\":\"1  - 15\",\"p23_reunioes\":\"Reuni\\u00f5es\",\"p23_atendimento\":\"Atendimento\",\"p23_outros\":\"Outros\",\"p24_oficinas\":\"Oficinas\",\"p24_formacao\":\"Forma\\u00e7\\u00e3o\",\"p24_visitasexcursoes\":\"Visitas\\\/Excurs\\u00f5es\",\"p25_numerodepessoas\":\"20 - 40\",\"p26_numerodepessoas\":\"40 - 60\",\"p27_espacoemprestadocedido\":\"Espa\\u00e7o emprestado\\\/cedido\",\"p28_territorios\":\"Estado\",\"p30_outrasorganizacoes\":\"Sim\",\"p32_campanhadelongaduracao\":\"N\\u00e3o\",\"p34_municipal\":\"Municipal\",\"p36_conselhosdeparticipacaoecontrolesocial\":\"Sim\",\"p38_sim\":\"Sim\",\"p40_editais\":\"Sim\",\"p41_financiamentocoletivo0\":\"Financiamento coletivo\",\"p42_meiodedivulgacaoproprio\":\"Sim\",\"p43_email\":\"E-mail\",\"p43_facebook\":\"Facebook\",\"p43_youtube\":\"YouTube\",\"p44_redessociais\":\"Redes sociais (Facebook, YouTube, Instagram etc.)\",\"p44_sitesblogs\":\"Sites ou Blogs\",\"p39_publico\":\"COMUNIDADES TRADICIONAIS ASSENTADOS REFORMA-AGR\\u00c1RIA ESTUDANTES ENSINO-M\\u00c9DIO UNIVERSIT\\u00c1RIO CEDEFES PESQUISAS\",\"p45_bandeira\":\"DIREITOS POVOS COMUNIDADES TRADICIONAIS\"},{\"p1_eixo\":\"Cultura\",\"p9_tipoorganizacao\":\"Associa\\u00e7\\u00e3o\",\"p12_uf\":\"BA\",\"p13_cidade\":\"SALVADOR\",\"p17_ano\":\"2015\",\"p16_estado\":\"Estado\",\"p18_agrario\":\"Agr\\u00e1rio\\\/ruralidades\",\"p18_comunicacao\":\"Comunica\\u00e7\\u00e3o\",\"p18_difusaoartistica\":\"Difus\\u00e3o Art\\u00edstica\",\"p18_desenvolvimentoterritorial\":\"Desenvolvimento territorial\",\"p18_direitoshumanos\":\"Direitos humanos\",\"p18_educacao\":\"Educa\\u00e7\\u00e3o\",\"p18_feminismos\":\"Feminismos\",\"p18_lgbtqi\":\"LGBTQI\",\"p18_lutaantirracismo\":\"Luta antirracismo\",\"p18_mobilidade\":\"Mobilidade\",\"p18_moradia\":\"Moradia\",\"p18_povosecomunidadestradicionais\":\"Povos e comunidades tradicionais\",\"p18_trabalho\":\"Trabalho\",\"p18_religiao\":\"Religi\\u00e3o\",\"p18_saude\":\"Sa\\u00fade\",\"p18_violencia\":\"Viol\\u00eancia\",\"p18_politicasculturais\":\"Pol\\u00edticas Culturais\",\"p19_comunicacao\":\"Comunica\\u00e7\\u00e3o\",\"p19_lutaantirracismo\":\"Luta antirracismo\",\"p19_povosecomunidadestradicionais\":\"Povos e comunidades tradicionais\",\"p20_reunioes\":\"Reuni\\u00f5es\",\"p20_atendimento\":\"Atendimento\",\"p20_oficinas\":\"Oficinas\",\"p20_formacao\":\"Forma\\u00e7\\u00e3o\",\"p20_profissionalizacao\":\"Profissionaliza\\u00e7\\u00e3o\",\"p21_racismo\":\"Racismo\",\"p22_numerodeparticipantes\":\"1  - 15\",\"p23_reunioes\":\"Reuni\\u00f5es\",\"p23_atendimento\":\"Atendimento\",\"p23_oficinas\":\"Oficinas\",\"p23_profissionalizacao\":\"Profissionaliza\\u00e7\\u00e3o\",\"p24_outros\":\"Outros\",\"p25_numerodepessoas\":\"400 - 500\",\"p26_numerodepessoas\":\"200 - 300\",\"p27_espacoemprestadocedido\":\"Espa\\u00e7o emprestado\\\/cedido\",\"p28_territorios\":\"Estado\",\"p30_outrasorganizacoes\":\"N\\u00e3o\",\"p32_campanhadelongaduracao\":\"N\\u00e3o\",\"p34_nenhuma\":\"Nenhuma\",\"p36_conselhosdeparticipacaoecontrolesocial\":\"N\\u00e3o\",\"p38_nenhum\":\"Nenhum\",\"p40_editais\":\"N\\u00e3o\",\"p41_autofinanciamento\":\"Autofinanciamento\",\"p41_financiamentocoletivo0\":\"Financiamento coletivo\",\"p42_meiodedivulgacaoproprio\":\"Sim\",\"p43_facebook\":\"Facebook\",\"p43_sitesblogs\":\"Blogs\\\/sites\",\"p44_radio\":\"TV\",\"p44_jornaisimpressosdegrandecirculacao\":\"Jornais impressos de grande circula\\u00e7\\u00e3o\",\"p44_jornaisimpressosdebairro\":\"Jornais impressos de bairro\",\"p39_publico\":\"POVOS COMUNIDADES TRADICIONAIS\",\"p45_bandeira\":\"EMANCIPA\\u00c7\\u00c3O AUTONOMIA DEMOCRACIA EQUIDADE SOCIAL\",\"p46_hashtags\":\"#EQUIDADESOCIAL #POVOSECOMUNIDADESTRADICIONAIS #QUALIDADEDEVIDA\"},{\"p1_eixo\":\"Viol\\u00eancia\",\"p9_tipoorganizacao\":\"ONG\",\"p12_uf\":\"DF\",\"p13_cidade\":\"DISTRITO FEDERAL\",\"p16_cidade\":\"Cidade\",\"p17_ano\":\"2009\",\"p18_comunicacao\":\"Comunica\\u00e7\\u00e3o\",\"p18_difusaoartistica\":\"Difus\\u00e3o Art\\u00edstica\",\"p18_direitoshumanos\":\"Direitos humanos\",\"p18_educacao\":\"Educa\\u00e7\\u00e3o\",\"p18_feminismos\":\"Feminismos\",\"p18_lgbtqi\":\"LGBTQI\",\"p18_lutaantirracismo\":\"Luta antirracismo\",\"p18_povosecomunidadestradicionais\":\"Povos e comunidades tradicionais\",\"p18_trabalho\":\"Trabalho\",\"p18_religiao\":\"Religi\\u00e3o\",\"p18_saude\":\"Sa\\u00fade\",\"p18_violencia\":\"Viol\\u00eancia\",\"p18_politicasculturais\":\"Pol\\u00edticas Culturais\",\"p19_feminismos\":\"Feminismos\",\"p19_lutaantirracismo\":\"Luta antirracismo\",\"p19_saude\":\"Sa\\u00fade\",\"p20_reunioes\":\"Reuni\\u00f5es\",\"p20_atendimento\":\"Atendimento\",\"p20_oficinas\":\"Oficinas\",\"p20_oficinasaulasartisticas\":\"Ensaios\\\/Oficinas\\\/Aulas art\\u00edsticas\",\"p20_formacao\":\"Forma\\u00e7\\u00e3o\",\"p20_profissionalizacao\":\"Profissionaliza\\u00e7\\u00e3o\",\"p20_apresentacoesartisticas\":\"Apresenta\\u00e7\\u00f5es art\\u00edsticas\",\"p21_machismo\":\"Machismo\",\"p21_racismo\":\"Racismo\",\"p22_numerodeparticipantes\":\"45 - 60\",\"p23_reunioes\":\"Reuni\\u00f5es\",\"p23_atendimento\":\"Atendimento\",\"p23_cursos\":\"Cursos\",\"p23_formacao\":\"Forma\\u00e7\\u00e3o\",\"p24_oficinasaulasartisticas\":\"Ensaios\\\/Oficinas\\\/Aulas art\\u00edsticas\",\"p24_visitasexcursoes\":\"Visitas\\\/Excurs\\u00f5es\",\"p25_numerodepessoas\":\"100 - 200\",\"p26_numerodepessoas\":\"Mais de 500\",\"p27_espacoproprio\":\"Espa\\u00e7o pr\\u00f3prio\",\"p28_territorios\":\"Regi\\u00e3o da Cidade\",\"p30_outrasorganizacoes\":\"Sim\",\"p32_campanhadelongaduracao\":\"N\\u00e3o\",\"p34_municipal\":\"Municipal\",\"p34_estadual\":\"Estadual\",\"p34_nacional\":\"Nacional\",\"p36_conselhosdeparticipacaoecontrolesocial\":\"Sim\",\"p38_sim\":\"Sim\",\"p40_editais\":\"Sim\",\"p41_autofinanciamento\":\"Autofinanciamento\",\"p41_financiamentocoletivo0\":\"Financiamento coletivo\",\"p42_meiodedivulgacaoproprio\":\"Sim\",\"p43_facebook\":\"Facebook\",\"p43_instagram\":\"Instagram\",\"p43_sitesblogs\":\"Blogs\\\/sites\",\"p44_nenhum\":\"Nenhum\",\"p39_publico\":\"MULHERES NEGRAS\",\"p45_bandeira\":\"PA\\u00cdS ALTO N\\u00cdVEL EQUIDADE PARTICIPA\\u00c7\\u00c3O\",\"p46_hashtags\":\"#IGUALDADERACIAL\"},{\"p1_eixo\":\"Cultura\",\"p9_tipoorganizacao\":\"F\\u00f3rum\",\"p12_uf\":\"RS\",\"p13_cidade\":\"PORTO ALEGRE\",\"p16_nacional\":\"Nacional\",\"p17_ano\":\"2007\",\"p18_comunicacao\":\"Comunica\\u00e7\\u00e3o\",\"p18_direitoshumanos\":\"Direitos humanos\",\"p18_educacao\":\"Educa\\u00e7\\u00e3o\",\"p18_lutaantirracismo\":\"Luta antirracismo\",\"p18_violencia\":\"Viol\\u00eancia\",\"p18_politicasculturais\":\"Pol\\u00edticas Culturais\",\"p19_comunicacao\":\"Comunica\\u00e7\\u00e3o\",\"p19_direitoshumanos\":\"Direitos humanos\",\"p19_lutaantirracismo\":\"Luta antirracismo\",\"p20_oficinasaulasartisticas\":\"Ensaios\\\/Oficinas\\\/Aulas art\\u00edsticas\",\"p21_repressaopolicial\":\"Repress\\u00e3o policial\",\"p21_racismo\":\"Racismo\",\"p22_numerodeparticipantes\":\"1  - 15\",\"p23_reunioes\":\"Reuni\\u00f5es\",\"p23_atendimento\":\"Atendimento\",\"p23_oficinas\":\"Oficinas\",\"p23_oficinasaulasartisticas\":\"Ensaio\\\/Oficinas\\\/Aulas Art\\u00edsticas\",\"p23_cursos\":\"Cursos\",\"p23_formacao\":\"Forma\\u00e7\\u00e3o\",\"p23_profissionalizacao\":\"Profissionaliza\\u00e7\\u00e3o\",\"p23_apresentacoesartisticas\":\"Apresenta\\u00e7\\u00f5es Art\\u00edsticas\",\"p23_visitas\":\"Visitas\",\"p23_excursoes\":\"Excurs\\u00f5es\",\"p24_reunioes\":\"Reuni\\u00f5es\",\"p24_atendimento\":\"Atendimentos\",\"p24_oficinas\":\"Oficinas\",\"p24_oficinasaulasartisticas\":\"Ensaios\\\/Oficinas\\\/Aulas art\\u00edsticas\",\"p24_curso\":\"Curso\",\"p24_formacao\":\"Forma\\u00e7\\u00e3o\",\"p24_profissionalizacao\":\"Profissionaliza\\u00e7\\u00e3o\",\"p24_apresentacoesartisticas\":\"Apresenta\\u00e7\\u00f5es art\\u00edsticas\",\"p24_visitasexcursoes\":\"Visitas\\\/Excurs\\u00f5es\",\"p24_outros\":\"Outros\",\"p25_numerodepessoas\":\"100 - 200\",\"p26_numerodepessoas\":\"1 - 20\",\"p27_espacopublico\":\"Espa\\u00e7o p\\u00fablico\",\"p27_espacoemprestadocedido\":\"Espa\\u00e7o emprestado\\\/cedido\",\"p28_territorios\":\"Atua\\u00e7\\u00e3o Nacional\",\"p30_outrasorganizacoes\":\"Sim\",\"p32_campanhadelongaduracao\":\"Sim\",\"p34_nenhuma\":\"Nenhuma\",\"p36_conselhosdeparticipacaoecontrolesocial\":\"N\\u00e3o\",\"p38_nenhum\":\"Nenhum\",\"p40_editais\":\"N\\u00e3o\",\"p41_autofinanciamento\":\"Autofinanciamento\",\"p41_financiamentocoletivo0\":\"Financiamento coletivo\",\"p42_meiodedivulgacaoproprio\":\"Sim\",\"p43_facebook\":\"Facebook\",\"p43_whatsapp\":\"WhatsApp\",\"p44_radio\":\"TV\",\"p44_jornaisimpressosdegrandecirculacao\":\"Jornais impressos de grande circula\\u00e7\\u00e3o\",\"p44_jornaisimpressosdebairro\":\"Jornais impressos de bairro\",\"p44_redessociais\":\"Redes sociais (Facebook, YouTube, Instagram etc.)\",\"p39_publico\":\"COMUNIDADES CARENTES\",\"p45_bandeira\":\"CULTURA RACISMO COMUNICA\\u00c7\\u00c3O\",\"p46_hashtags\":\"#CULTURA #RACISMO #COMUNICACAO\"},{\"p1_eixo\":\"Cultura\",\"p9_tipoorganizacao\":\"Coletivo\",\"p12_uf\":\"RS\",\"p13_cidade\":\"PORTO ALEGRE\",\"p16_nacional\":\"Nacional\",\"p17_ano\":\"2016\",\"p18_comunicacao\":\"Comunica\\u00e7\\u00e3o\",\"p18_difusaoartistica\":\"Difus\\u00e3o Art\\u00edstica\",\"p18_direitoshumanos\":\"Direitos humanos\",\"p18_educacao\":\"Educa\\u00e7\\u00e3o\",\"p18_lutaantirracismo\":\"Luta antirracismo\",\"p18_mobilidade\":\"Mobilidade\",\"p18_povosecomunidadestradicionais\":\"Povos e comunidades tradicionais\",\"p18_trabalho\":\"Trabalho\",\"p18_religiao\":\"Religi\\u00e3o\",\"p18_violencia\":\"Viol\\u00eancia\",\"p18_politicasculturais\":\"Pol\\u00edticas Culturais\",\"p19_comunicacao\":\"Comunica\\u00e7\\u00e3o\",\"p19_trabalho\":\"Trabalho\",\"p19_difusaoartistica\":\"Difus\\u00e3o Art\\u00edstica\",\"p20_apresentacoesartisticas\":\"Apresenta\\u00e7\\u00f5es art\\u00edsticas\",\"p21_intoleranciareligiosa\":\"Fundamentalismo\\\/intoler\\u00e2ncia religiosa\",\"p21_racismo\":\"Racismo\",\"p22_numerodeparticipantes\":\"1  - 15\",\"p23_apresentacoesartisticas\":\"Apresenta\\u00e7\\u00f5es Art\\u00edsticas\",\"p24_reunioes\":\"Reuni\\u00f5es\",\"p24_apresentacoesartisticas\":\"Apresenta\\u00e7\\u00f5es art\\u00edsticas\",\"p24_visitasexcursoes\":\"Visitas\\\/Excurs\\u00f5es\",\"p25_numerodepessoas\":\"Mais de 500\",\"p26_numerodepessoas\":\"Mais de 500\",\"p27_espacopublico\":\"Espa\\u00e7o p\\u00fablico\",\"p28_territorios\":\"Cidade\",\"p30_outrasorganizacoes\":\"Sim\",\"p32_campanhadelongaduracao\":\"Sim\",\"p34_nenhuma\":\"Nenhuma\",\"p36_conselhosdeparticipacaoecontrolesocial\":\"Sim\",\"p38_sim\":\"Sim\",\"p40_editais\":\"Sim\",\"p41_autofinanciamento\":\"Autofinanciamento\",\"p42_meiodedivulgacaoproprio\":\"Sim\",\"p43_email\":\"E-mail\",\"p43_facebook\":\"Facebook\",\"p43_whatsapp\":\"WhatsApp\",\"p43_sitesblogs\":\"Blogs\\\/sites\",\"p44_jornaisimpressosdegrandecirculacao\":\"Jornais impressos de grande circula\\u00e7\\u00e3o\",\"p44_redessociais\":\"Redes sociais (Facebook, YouTube, Instagram etc.)\",\"p44_sitesblogs\":\"Sites ou Blogs\",\"p39_publico\":\"NEGRAS NEGROS\",\"p45_bandeira\":\"DIREITOS HUMANOS PROMO\\u00c7\\u00c3O IGUALDADE RACIAL AFROEMPREENDEDORISMO COMUNICA\\u00c7\\u00c3O PRODU\\u00c7\\u00c3O CULTURAL AFRO OCUPA\\u00c7\\u00c3O-ESPA\\u00c7OS-P\\u00daBLICOS OCIOSOS\",\"p46_hashtags\":\"#PRESERVAR #VALORIZAR #RESGATAR\"},{\"p1_eixo\":\"Cultura\",\"p9_tipoorganizacao\":\"Coletivo\",\"p12_uf\":\"SP\",\"p13_cidade\":\"S\\u00c3O PAULO\",\"p17_ano\":\"2010\",\"p16_estado\":\"Estado\",\"p18_comunicacao\":\"Comunica\\u00e7\\u00e3o\",\"p18_difusaoartistica\":\"Difus\\u00e3o Art\\u00edstica\",\"p18_desenvolvimentoterritorial\":\"Desenvolvimento territorial\",\"p18_direitoshumanos\":\"Direitos humanos\",\"p18_educacao\":\"Educa\\u00e7\\u00e3o\",\"p18_feminismos\":\"Feminismos\",\"p18_lutaantirracismo\":\"Luta antirracismo\",\"p18_politicasculturais\":\"Pol\\u00edticas Culturais\",\"p19_direitoshumanos\":\"Direitos humanos\",\"p19_educacao\":\"Educa\\u00e7\\u00e3o\",\"p19_politicasculturais\":\"Pol\\u00edticas Culturais\",\"p20_reunioes\":\"Reuni\\u00f5es\",\"p20_atendimento\":\"Atendimento\",\"p20_oficinas\":\"Oficinas\",\"p20_oficinasaulasartisticas\":\"Ensaios\\\/Oficinas\\\/Aulas art\\u00edsticas\",\"p20_cursos\":\"Cursos\",\"p20_formacao\":\"Forma\\u00e7\\u00e3o\",\"p20_apresentacoesartisticas\":\"Apresenta\\u00e7\\u00f5es art\\u00edsticas\",\"p21_repressaopolicial\":\"Repress\\u00e3o policial\",\"p21_machismo\":\"Machismo\",\"p21_racismo\":\"Racismo\",\"p22_numerodeparticipantes\":\"1  - 15\",\"p23_reunioes\":\"Reuni\\u00f5es\",\"p23_atendimento\":\"Atendimento\",\"p23_oficinas\":\"Oficinas\",\"p23_oficinasaulasartisticas\":\"Ensaio\\\/Oficinas\\\/Aulas Art\\u00edsticas\",\"p23_cursos\":\"Cursos\",\"p23_apresentacoesartisticas\":\"Apresenta\\u00e7\\u00f5es Art\\u00edsticas\",\"p24_reunioes\":\"Reuni\\u00f5es\",\"p24_atendimento\":\"Atendimentos\",\"p24_oficinas\":\"Oficinas\",\"p24_oficinasaulasartisticas\":\"Ensaios\\\/Oficinas\\\/Aulas art\\u00edsticas\",\"p24_curso\":\"Curso\",\"p24_apresentacoesartisticas\":\"Apresenta\\u00e7\\u00f5es art\\u00edsticas\",\"p25_numerodepessoas\":\"40 - 60\",\"p26_numerodepessoas\":\"100 - 200\",\"p27_espacoemprestadocedido\":\"Espa\\u00e7o emprestado\\\/cedido\",\"p28_territorios\":\"Cidade\",\"p30_outrasorganizacoes\":\"Sim\",\"p32_campanhadelongaduracao\":\"N\\u00e3o\",\"p34_nenhuma\":\"Nenhuma\",\"p36_conselhosdeparticipacaoecontrolesocial\":\"Sim\",\"p38_sim\":\"Sim\",\"p40_editais\":\"Sim\",\"p41_publicoestatal\":\"P\\u00fablico-Estatal\",\"p41_privadopf\":\"Privado (P. F\\u00edsica)\",\"p42_meiodedivulgacaoproprio\":\"Sim\",\"p43_email\":\"E-mail\",\"p43_facebook\":\"Facebook\",\"p43_whatsapp\":\"WhatsApp\",\"p43_instagram\":\"Instagram\",\"p43_twitter\":\"Twitter\",\"p43_sitesblogs\":\"Blogs\\\/sites\",\"p43_youtube\":\"YouTube\",\"p44_redessociais\":\"Redes sociais (Facebook, YouTube, Instagram etc.)\",\"p44_sitesblogs\":\"Sites ou Blogs\",\"p39_publico\":\"MORADORES FUND\\u00c3O IPIRANGA PARQUE BRISTOL HELI\\u00d3POLIS RODOVIA ANCHIETA\",\"p45_bandeira\":\"CULTURA EDUCA\\u00c7\\u00c3O DIREITOS HUMANOS\",\"p46_hashtags\":\"#CULTURA #EDUCACAO #DIREITOSHUMANOS\"},{\"p1_eixo\":\"Viol\\u00eancia\",\"p9_tipoorganizacao\":\"Coletivo\",\"p12_uf\":\"SP\",\"p13_cidade\":\"S\\u00c3O PAULO\",\"p16_internacional\":\"Internacional\",\"p17_ano\":\"2017\",\"p18_comunicacao\":\"Comunica\\u00e7\\u00e3o\",\"p18_difusaoartistica\":\"Difus\\u00e3o Art\\u00edstica\",\"p18_desenvolvimentoterritorial\":\"Desenvolvimento territorial\",\"p18_direitoshumanos\":\"Direitos humanos\",\"p18_feminismos\":\"Feminismos\",\"p18_lgbtqi\":\"LGBTQI\",\"p18_lutaantirracismo\":\"Luta antirracismo\",\"p18_moradia\":\"Moradia\",\"p18_povosecomunidadestradicionais\":\"Povos e comunidades tradicionais\",\"p18_saude\":\"Sa\\u00fade\",\"p18_violencia\":\"Viol\\u00eancia\",\"p19_comunicacao\":\"Comunica\\u00e7\\u00e3o\",\"p19_feminismos\":\"Feminismos\",\"p19_lutaantirracismo\":\"Luta antirracismo\",\"p20_reunioes\":\"Reuni\\u00f5es\",\"p20_oficinas\":\"Oficinas\",\"p20_cursos\":\"Cursos\",\"p20_formacao\":\"Forma\\u00e7\\u00e3o\",\"p21_repressaopolicial\":\"Repress\\u00e3o policial\",\"p21_intoleranciareligiosa\":\"Fundamentalismo\\\/intoler\\u00e2ncia religiosa\",\"p21_machismo\":\"Machismo\",\"p21_racismo\":\"Racismo\",\"p21_lgbtqifobia\":\"LGBTIfobia\",\"p22_numerodeparticipantes\":\"Mais de 90\",\"p23_reunioes\":\"Reuni\\u00f5es\",\"p23_oficinas\":\"Oficinas\",\"p23_formacao\":\"Forma\\u00e7\\u00e3o\",\"p23_outros\":\"Outros\",\"p24_curso\":\"Curso\",\"p24_apresentacoesartisticas\":\"Apresenta\\u00e7\\u00f5es art\\u00edsticas\",\"p25_numerodepessoas\":\"40 - 60\",\"p26_numerodepessoas\":\"80 - 100\",\"p27_espacopublico\":\"Espa\\u00e7o p\\u00fablico\",\"p27_espacoemprestadocedido\":\"Espa\\u00e7o emprestado\\\/cedido\",\"p27_virtual\":\"Virtual\",\"p27_ocupacao\":\"Ocupa\\u00e7\\u00e3o\",\"p28_territorios\":\"Atua\\u00e7\\u00e3o Internacional\",\"p30_outrasorganizacoes\":\"Sim\",\"p32_campanhadelongaduracao\":\"Sim\",\"p34_nenhuma\":\"Nenhuma\",\"p36_conselhosdeparticipacaoecontrolesocial\":\"N\\u00e3o\",\"p38_nenhum\":\"Nenhum\",\"p40_editais\":\"N\\u00e3o\",\"p41_autofinanciamento\":\"Autofinanciamento\",\"p42_meiodedivulgacaoproprio\":\"Sim\",\"p43_email\":\"E-mail\",\"p43_facebook\":\"Facebook\",\"p43_instagram\":\"Instagram\",\"p43_twitter\":\"Twitter\",\"p43_sitesblogs\":\"Blogs\\\/sites\",\"p44_redessociais\":\"Redes sociais (Facebook, YouTube, Instagram etc.)\",\"p44_sitesblogs\":\"Sites ou Blogs\",\"p39_publico\":\"MULHERES PERIF\\u00c9RICAS\",\"p45_bandeira\":\"FEMINISMO AFRO IND\\u00cdGENA ANTICAPITALISTA DECOLONIAL\",\"p46_hashtags\":\"#FEMINISMOCOMUNITARIO #FEMINISMOCOMRAIZES #FEMINISMODEFAVELA\"},{\"p1_eixo\":\"Cultura\",\"p9_tipoorganizacao\":\"Coletivo\",\"p12_uf\":\"SP\",\"p13_cidade\":\"S\\u00c3O PAULO\",\"p16_bairro\":\"Bairro\",\"p17_ano\":\"2013\",\"p18_difusaoartistica\":\"Difus\\u00e3o Art\\u00edstica\",\"p18_direitoshumanos\":\"Direitos humanos\",\"p18_educacao\":\"Educa\\u00e7\\u00e3o\",\"p18_feminismos\":\"Feminismos\",\"p18_lgbtqi\":\"LGBTQI\",\"p18_povosecomunidadestradicionais\":\"Povos e comunidades tradicionais\",\"p18_trabalho\":\"Trabalho\",\"p18_politicasculturais\":\"Pol\\u00edticas Culturais\",\"p19_desenvolvimentoterritorial\":\"Desenvolvimento territorial\",\"p19_difusaoartistica\":\"Difus\\u00e3o Art\\u00edstica\",\"p19_politicasculturais\":\"Pol\\u00edticas Culturais\",\"p20_oficinas\":\"Oficinas\",\"p20_apresentacoesartisticas\":\"Apresenta\\u00e7\\u00f5es art\\u00edsticas\",\"p21_repressaopolicial\":\"Repress\\u00e3o policial\",\"p22_numerodeparticipantes\":\"1  - 15\",\"p23_oficinas\":\"Oficinas\",\"p23_apresentacoesartisticas\":\"Apresenta\\u00e7\\u00f5es Art\\u00edsticas\",\"p24_oficinas\":\"Oficinas\",\"p24_apresentacoesartisticas\":\"Apresenta\\u00e7\\u00f5es art\\u00edsticas\",\"p25_numerodepessoas\":\"60 - 80\",\"p26_numerodepessoas\":\"1 - 20\",\"p27_espacopublico\":\"Espa\\u00e7o p\\u00fablico\",\"p27_ocupacao\":\"Ocupa\\u00e7\\u00e3o\",\"p28_territorios\":\"Pr\\u00f3prio bairro\",\"p30_outrasorganizacoes\":\"N\\u00e3o\",\"p32_campanhadelongaduracao\":\"N\\u00e3o\",\"p34_nenhuma\":\"Nenhuma\",\"p36_conselhosdeparticipacaoecontrolesocial\":\"N\\u00e3o\",\"p38_nenhum\":\"Nenhum\",\"p40_editais\":\"N\\u00e3o\",\"p41_autofinanciamento\":\"Autofinanciamento\",\"p42_meiodedivulgacaoproprio\":\"Sim\",\"p43_facebook\":\"Facebook\",\"p43_whatsapp\":\"WhatsApp\",\"p43_instagram\":\"Instagram\",\"p43_twitter\":\"Twitter\",\"p43_radio\":\"R\\u00e1dio\",\"p44_redessociais\":\"Redes sociais (Facebook, YouTube, Instagram etc.)\",\"p39_publico\":\"A COMUNIDADE CRIAN\\u00c7AS IDOSOS JOVENS\",\"p45_bandeira\":\"IGUALDADE SOCIAL\",\"p46_hashtags\":\"#SOMOSPOBRES  #ARTENAPERIFERIA  #PERIFERIADASIDEIAS\"},{\"p1_eixo\":\"Viol\\u00eancia\",\"p9_tipoorganizacao\":\"Associa\\u00e7\\u00e3o\",\"p12_uf\":\"BA\",\"p13_cidade\":\"SALVADOR\",\"p16_bairro\":\"Bairro\",\"p17_ano\":\"2010\",\"p18_direitoshumanos\":\"Direitos humanos\",\"p18_educacao\":\"Educa\\u00e7\\u00e3o\",\"p18_feminismos\":\"Feminismos\",\"p18_trabalho\":\"Trabalho\",\"p18_saude\":\"Sa\\u00fade\",\"p19_direitoshumanos\":\"Direitos humanos\",\"p19_feminismos\":\"Feminismos\",\"p19_violencia\":\"Viol\\u00eancia\",\"p20_reunioes\":\"Reuni\\u00f5es\",\"p20_atendimento\":\"Atendimento\",\"p20_oficinas\":\"Oficinas\",\"p20_cursos\":\"Cursos\",\"p20_formacao\":\"Forma\\u00e7\\u00e3o\",\"p21_repressaopolicial\":\"Repress\\u00e3o policial\",\"p21_intoleranciareligiosa\":\"Fundamentalismo\\\/intoler\\u00e2ncia religiosa\",\"p21_machismo\":\"Machismo\",\"p21_racismo\":\"Racismo\",\"p22_numerodeparticipantes\":\"15 - 30\",\"p23_reunioes\":\"Reuni\\u00f5es\",\"p23_atendimento\":\"Atendimento\",\"p23_oficinas\":\"Oficinas\",\"p23_cursos\":\"Cursos\",\"p23_visitas\":\"Visitas\",\"p24_formacao\":\"Forma\\u00e7\\u00e3o\",\"p24_apresentacoesartisticas\":\"Apresenta\\u00e7\\u00f5es art\\u00edsticas\",\"p24_visitasexcursoes\":\"Visitas\\\/Excurs\\u00f5es\",\"p25_numerodepessoas\":\"1 - 20\",\"p26_numerodepessoas\":\"20 - 40\",\"p27_espacoemprestadocedido\":\"Espa\\u00e7o emprestado\\\/cedido\",\"p28_territorios\":\"Pr\\u00f3prio bairro\",\"p30_outrasorganizacoes\":\"Sim\",\"p32_campanhadelongaduracao\":\"N\\u00e3o\",\"p34_municipal\":\"Municipal\",\"p34_estadual\":\"Estadual\",\"p36_conselhosdeparticipacaoecontrolesocial\":\"N\\u00e3o\",\"p38_nenhum\":\"Nenhum\",\"p40_editais\":\"Sim\",\"p41_autofinanciamento\":\"Autofinanciamento\",\"p42_meiodedivulgacaoproprio\":\"Sim\",\"p43_email\":\"E-mail\",\"p43_facebook\":\"Facebook\",\"p43_instagram\":\"Instagram\",\"p43_twitter\":\"Twitter\",\"p44_redessociais\":\"Redes sociais (Facebook, YouTube, Instagram etc.)\",\"p39_publico\":\"MULHERES: ADULTAS JOVENS ADOLESCENTE MENINAS ESPECIAL NEGRAS\",\"p45_bandeira\":\"PROTE\\u00c7\\u00c3O ATENDIMENTO MULHERES V\\u00cdTIMAS AUTONOMIA FINANCEIRA EMOCIONAL PSICOL\\u00d3GICA MESMAS\",\"p46_hashtags\":\"#MULHERESEIGUALDADE  #AUTONOMIAFEMININA  #MULHERESNOPODER\"},{\"p1_eixo\":\"Cultura\",\"p9_tipoorganizacao\":\"ONG\",\"p12_uf\":\"RJ\",\"p13_cidade\":\"RIO DE JANEIRO\",\"p16_cidade\":\"Cidade\",\"p17_ano\":\"2000\",\"p18_direitoshumanos\":\"Direitos humanos\",\"p18_lutaantirracismo\":\"Luta antirracismo\",\"p18_povosecomunidadestradicionais\":\"Povos e comunidades tradicionais\",\"p18_saude\":\"Sa\\u00fade\",\"p18_politicasculturais\":\"Pol\\u00edticas Culturais\",\"p19_direitoshumanos\":\"Direitos humanos\",\"p19_saude\":\"Sa\\u00fade\",\"p19_politicasculturais\":\"Pol\\u00edticas Culturais\",\"p20_reunioes\":\"Reuni\\u00f5es\",\"p20_cursos\":\"Cursos\",\"p21_racismo\":\"Racismo\",\"p22_numerodeparticipantes\":\"45 - 60\",\"p23_reunioes\":\"Reuni\\u00f5es\",\"p23_oficinas\":\"Oficinas\",\"p24_atendimento\":\"Atendimentos\",\"p24_oficinasaulasartisticas\":\"Ensaios\\\/Oficinas\\\/Aulas art\\u00edsticas\",\"p24_apresentacoesartisticas\":\"Apresenta\\u00e7\\u00f5es art\\u00edsticas\",\"p25_numerodepessoas\":\"200 - 300\",\"p26_numerodepessoas\":\"80 - 100\",\"p27_espacoproprio\":\"Espa\\u00e7o pr\\u00f3prio\",\"p27_virtual\":\"Virtual\",\"p28_territorios\":\"Regi\\u00e3o da Cidade\",\"p30_outrasorganizacoes\":\"N\\u00e3o\",\"p32_campanhadelongaduracao\":\"N\\u00e3o\",\"p34_municipal\":\"Municipal\",\"p34_estadual\":\"Estadual\",\"p36_conselhosdeparticipacaoecontrolesocial\":\"Sim\",\"p38_sim\":\"Sim\",\"p40_editais\":\"N\\u00e3o\",\"p41_autofinanciamento\":\"Autofinanciamento\",\"p42_meiodedivulgacaoproprio\":\"Sim\",\"p43_facebook\":\"Facebook\",\"p43_whatsapp\":\"WhatsApp\",\"p44_nenhum\":\"Nenhum\",\"p39_publico\":\"CRIAN\\u00c7AS JOVENS GESTANTES MULHERES RISCO\",\"p45_bandeira\":\"CULTURA CUIDADOS SA\\u00daDE B\\u00c1SICA POPULA\\u00c7\\u00c3O ENTORNO MATRIZES\",\"p46_hashtags\":\"#FORCA #FOCO #F\\u00c9\"},{\"p1_eixo\":\"Cultura\",\"p9_tipoorganizacao\":\"ONG\",\"p12_uf\":\"MG\",\"p13_cidade\":\"BELO HORIZONTE\",\"p16_bairro\":\"Bairro\",\"p17_ano\":\"2016\",\"p18_agrario\":\"Agr\\u00e1rio\\\/ruralidades\",\"p18_desenvolvimentoterritorial\":\"Desenvolvimento territorial\",\"p18_educacao\":\"Educa\\u00e7\\u00e3o\",\"p18_feminismos\":\"Feminismos\",\"p18_lgbtqi\":\"LGBTQI\",\"p18_violencia\":\"Viol\\u00eancia\",\"p18_politicasculturais\":\"Pol\\u00edticas Culturais\",\"p19_desenvolvimentoterritorial\":\"Desenvolvimento territorial\",\"p19_direitoshumanos\":\"Direitos humanos\",\"p19_politicasculturais\":\"Pol\\u00edticas Culturais\",\"p20_reunioes\":\"Reuni\\u00f5es\",\"p20_atendimento\":\"Atendimento\",\"p20_oficinas\":\"Oficinas\",\"p20_oficinasaulasartisticas\":\"Ensaios\\\/Oficinas\\\/Aulas art\\u00edsticas\",\"p20_cursos\":\"Cursos\",\"p21_repressaopolicial\":\"Repress\\u00e3o policial\",\"p22_numerodeparticipantes\":\"15 - 30\",\"p23_reunioes\":\"Reuni\\u00f5es\",\"p23_oficinas\":\"Oficinas\",\"p23_oficinasaulasartisticas\":\"Ensaio\\\/Oficinas\\\/Aulas Art\\u00edsticas\",\"p23_cursos\":\"Cursos\",\"p23_visitas\":\"Visitas\",\"p24_atendimento\":\"Atendimentos\",\"p24_oficinas\":\"Oficinas\",\"p24_oficinasaulasartisticas\":\"Ensaios\\\/Oficinas\\\/Aulas art\\u00edsticas\",\"p24_curso\":\"Curso\",\"p25_numerodepessoas\":\"20 - 40\",\"p26_numerodepessoas\":\"1 - 20\",\"p27_espacoproprio\":\"Espa\\u00e7o pr\\u00f3prio\",\"p28_territorios\":\"Pr\\u00f3prio bairro\",\"p30_outrasorganizacoes\":\"Sim\",\"p32_campanhadelongaduracao\":\"Sim\",\"p34_nenhuma\":\"Nenhuma\",\"p36_conselhosdeparticipacaoecontrolesocial\":\"Sim\",\"p38_nenhum\":\"Nenhum\",\"p40_editais\":\"N\\u00e3o\",\"p41_privadopf\":\"Privado (P. F\\u00edsica)\",\"p42_meiodedivulgacaoproprio\":\"N\\u00e3o\",\"p43_whatsapp\":\"WhatsApp\",\"p44_redessociais\":\"Redes sociais (Facebook, YouTube, Instagram etc.)\",\"p39_publico\":\"CRIAN\\u00c7AS ADOLESCENTES MULHERES\",\"p45_bandeira\":\"IGUALDADE RACIAL CONTRA ENCARCERAMENTO MULHER AGROECOLOGIA URBANA\",\"p46_hashtags\":\"#MORROVERDE #FLORESNOCARCENRE #JUVENTUDEVIVA\"},{\"p1_eixo\":\"Trabalho\",\"p9_tipoorganizacao\":\"ONG\",\"p12_uf\":\"DF\",\"p13_cidade\":\"BRAS\\u00cdLIA\",\"p16_cidade\":\"Cidade\",\"p17_ano\":\"Anterior a 1980\",\"p18_direitoshumanos\":\"Direitos humanos\",\"p18_educacao\":\"Educa\\u00e7\\u00e3o\",\"p18_trabalho\":\"Trabalho\",\"p18_politicasculturais\":\"Pol\\u00edticas Culturais\",\"p19_educacao\":\"Educa\\u00e7\\u00e3o\",\"p19_trabalho\":\"Trabalho\",\"p19_politicasculturais\":\"Pol\\u00edticas Culturais\",\"p20_atendimento\":\"Atendimento\",\"p20_oficinasaulasartisticas\":\"Ensaios\\\/Oficinas\\\/Aulas art\\u00edsticas\",\"p20_formacao\":\"Forma\\u00e7\\u00e3o\",\"p21_nenhum\":\"Nenhum\",\"p22_numerodeparticipantes\":\"75 - 90\",\"p23_atendimento\":\"Atendimento\",\"p23_oficinasaulasartisticas\":\"Ensaio\\\/Oficinas\\\/Aulas Art\\u00edsticas\",\"p23_formacao\":\"Forma\\u00e7\\u00e3o\",\"p24_reunioes\":\"Reuni\\u00f5es\",\"p25_numerodepessoas\":\"Mais de 500\",\"p26_numerodepessoas\":\"400 - 500\",\"p27_espacoproprio\":\"Espa\\u00e7o pr\\u00f3prio\",\"p28_territorios\":\"Regi\\u00e3o da Cidade\",\"p30_outrasorganizacoes\":\"N\\u00e3o\",\"p32_campanhadelongaduracao\":\"N\\u00e3o\",\"p34_nacional\":\"Nacional\",\"p36_conselhosdeparticipacaoecontrolesocial\":\"N\\u00e3o\",\"p38_nenhum\":\"Nenhum\",\"p40_editais\":\"Sim\",\"p41_publicoestatal\":\"P\\u00fablico-Estatal\",\"p42_meiodedivulgacaoproprio\":\"Sim\",\"p43_impressoes\":\"Impressos\",\"p43_email\":\"E-mail\",\"p43_facebook\":\"Facebook\",\"p44_radio\":\"TV\",\"p44_redessociais\":\"Redes sociais (Facebook, YouTube, Instagram etc.)\",\"p39_publico\":\"CRIAN\\u00c7AS ADOLESCENTES VULNERABILIDADE ECON\\u00d4MICA SOCIAL\",\"p45_bandeira\":\"CONSTRU\\u00c7\\u00c3O CONHECIMENTO JUNTO FAM\\u00cdLIA ESCOLA ALUNO\",\"p46_hashtags\":\"#EDUCACAO #FAMILIA #SOCIAL\"},{\"p1_eixo\":\"Trabalho\",\"p9_tipoorganizacao\":\"ONG\",\"p12_uf\":\"MG\",\"p13_cidade\":\"BELO HORIZONTE\",\"p16_bairro\":\"Bairro\",\"p17_ano\":\"Anterior a 1980\",\"p18_direitoshumanos\":\"Direitos humanos\",\"p18_trabalho\":\"Trabalho\",\"p18_politicasculturais\":\"Pol\\u00edticas Culturais\",\"p19_direitoshumanos\":\"Direitos humanos\",\"p19_educacao\":\"Educa\\u00e7\\u00e3o\",\"p19_trabalho\":\"Trabalho\",\"p20_reunioes\":\"Reuni\\u00f5es\",\"p20_oficinas\":\"Oficinas\",\"p20_oficinasaulasartisticas\":\"Ensaios\\\/Oficinas\\\/Aulas art\\u00edsticas\",\"p20_cursos\":\"Cursos\",\"p20_formacao\":\"Forma\\u00e7\\u00e3o\",\"p20_visitasexcursoes\":\"Visitas\\\/Excurs\\u00f5es\",\"p21_nenhum\":\"Nenhum\",\"p22_numerodeparticipantes\":\"1  - 15\",\"p23_reunioes\":\"Reuni\\u00f5es\",\"p23_oficinas\":\"Oficinas\",\"p23_cursos\":\"Cursos\",\"p23_visitas\":\"Visitas\",\"p24_oficinas\":\"Oficinas\",\"p24_curso\":\"Curso\",\"p24_formacao\":\"Forma\\u00e7\\u00e3o\",\"p25_numerodepessoas\":\"80 - 100\",\"p26_numerodepessoas\":\"100 - 200\",\"p27_espacoproprio\":\"Espa\\u00e7o pr\\u00f3prio\",\"p28_territorios\":\"Pr\\u00f3prio bairro\",\"p30_outrasorganizacoes\":\"N\\u00e3o\",\"p32_campanhadelongaduracao\":\"N\\u00e3o\",\"p34_estadual\":\"Estadual\",\"p34_nacional\":\"Nacional\",\"p34_internacional\":\"Internacional\",\"p36_conselhosdeparticipacaoecontrolesocial\":\"Sim\",\"p38_nenhum\":\"Nenhum\",\"p40_editais\":\"Sim\",\"p41_privadopj\":\"Privado (P. Jur\\u00eddica)\",\"p42_meiodedivulgacaoproprio\":\"Sim\",\"p43_email\":\"E-mail\",\"p43_facebook\":\"Facebook\",\"p44_redessociais\":\"Redes sociais (Facebook, YouTube, Instagram etc.)\",\"p39_publico\":\"ADOLESCENTES JOVENS IDOSOS\",\"p45_bandeira\":\"FORTALECIMENTO V\\u00cdNCULOS COMUNIT\\u00c1RIOS ADOLESCENTES JOVENS IDOSO DEFESA GARANTIA DIREITOS ADOLESCENTES JOVENS IDOSO\",\"p46_hashtags\":\"#JUVENTUDE #SOMOSKOLPING #GRUPODECONVIVENCIA\"},{\"p1_eixo\":\"Cultura\",\"p9_tipoorganizacao\":\"ONG\",\"p12_uf\":\"RJ\",\"p13_cidade\":\"RIO DE JANEIRO\",\"p16_nacional\":\"Nacional\",\"p17_ano\":\"2002\",\"p18_comunicacao\":\"Comunica\\u00e7\\u00e3o\",\"p18_direitoshumanos\":\"Direitos humanos\",\"p19_comunicacao\":\"Comunica\\u00e7\\u00e3o\",\"p19_direitoshumanos\":\"Direitos humanos\",\"p19_educacao\":\"Educa\\u00e7\\u00e3o\",\"p20_oficinas\":\"Oficinas\",\"p20_formacao\":\"Forma\\u00e7\\u00e3o\",\"p20_apresentacoesartisticas\":\"Apresenta\\u00e7\\u00f5es art\\u00edsticas\",\"p21_nenhum\":\"Nenhum\",\"p22_numerodeparticipantes\":\"1  - 15\",\"p23_reunioes\":\"Reuni\\u00f5es\",\"p23_oficinas\":\"Oficinas\",\"p23_formacao\":\"Forma\\u00e7\\u00e3o\",\"p23_apresentacoesartisticas\":\"Apresenta\\u00e7\\u00f5es Art\\u00edsticas\",\"p24_reunioes\":\"Reuni\\u00f5es\",\"p24_oficinas\":\"Oficinas\",\"p24_formacao\":\"Forma\\u00e7\\u00e3o\",\"p24_apresentacoesartisticas\":\"Apresenta\\u00e7\\u00f5es art\\u00edsticas\",\"p25_numerodepessoas\":\"80 - 100\",\"p26_numerodepessoas\":\"80 - 100\",\"p27_espacopublico\":\"Espa\\u00e7o p\\u00fablico\",\"p27_espacoemprestadocedido\":\"Espa\\u00e7o emprestado\\\/cedido\",\"p28_territorios\":\"Cidade\",\"p30_outrasorganizacoes\":\"N\\u00e3o\",\"p32_campanhadelongaduracao\":\"Sim\",\"p34_internacional\":\"Internacional\",\"p36_conselhosdeparticipacaoecontrolesocial\":\"Sim\",\"p38_nenhum\":\"Nenhum\",\"p40_editais\":\"Sim\",\"p41_publicoestatal\":\"P\\u00fablico-Estatal\",\"p42_meiodedivulgacaoproprio\":\"Sim\",\"p43_email\":\"E-mail\",\"p43_facebook\":\"Facebook\",\"p43_instagram\":\"Instagram\",\"p44_radio\":\"TV\",\"p44_jornaisimpressosdegrandecirculacao\":\"Jornais impressos de grande circula\\u00e7\\u00e3o\",\"p44_redessociais\":\"Redes sociais (Facebook, YouTube, Instagram etc.)\",\"p44_sitesblogs\":\"Sites ou Blogs\",\"p39_publico\":\"JOVENS DEFICI\\u00caNCIA\",\"p45_bandeira\":\"INCLUS\\u00c3O ACESSIBILIDADE\",\"p46_hashtags\":\"#inclus\\u00e3o  #acessibilidade  #direitoshumanos\"},{\"p1_eixo\":\"Viol\\u00eancia\",\"p9_tipoorganizacao\":\"ONG\",\"p12_uf\":\"RJ\",\"p13_cidade\":\"RIO DE JANEIRO\",\"p16_cidade\":\"Cidade\",\"p17_ano\":\"2001\",\"p18_comunicacao\":\"Comunica\\u00e7\\u00e3o\",\"p18_difusaoartistica\":\"Difus\\u00e3o Art\\u00edstica\",\"p18_direitoshumanos\":\"Direitos humanos\",\"p18_educacao\":\"Educa\\u00e7\\u00e3o\",\"p18_feminismos\":\"Feminismos\",\"p18_lgbtqi\":\"LGBTQI\",\"p18_lutaantirracismo\":\"Luta antirracismo\",\"p18_mobilidade\":\"Mobilidade\",\"p18_violencia\":\"Viol\\u00eancia\",\"p18_politicasculturais\":\"Pol\\u00edticas Culturais\",\"p19_comunicacao\":\"Comunica\\u00e7\\u00e3o\",\"p19_direitoshumanos\":\"Direitos humanos\",\"p19_violencia\":\"Viol\\u00eancia\",\"p20_reunioes\":\"Reuni\\u00f5es\",\"p20_atendimento\":\"Atendimento\",\"p20_oficinas\":\"Oficinas\",\"p20_oficinasaulasartisticas\":\"Ensaios\\\/Oficinas\\\/Aulas art\\u00edsticas\",\"p20_cursos\":\"Cursos\",\"p20_formacao\":\"Forma\\u00e7\\u00e3o\",\"p20_profissionalizacao\":\"Profissionaliza\\u00e7\\u00e3o\",\"p20_apresentacoesartisticas\":\"Apresenta\\u00e7\\u00f5es art\\u00edsticas\",\"p20_visitasexcursoes\":\"Visitas\\\/Excurs\\u00f5es\",\"p21_machismo\":\"Machismo\",\"p21_racismo\":\"Racismo\",\"p21_lgbtqifobia\":\"LGBTIfobia\",\"p22_numerodeparticipantes\":\"45 - 60\",\"p23_reunioes\":\"Reuni\\u00f5es\",\"p23_atendimento\":\"Atendimento\",\"p23_oficinas\":\"Oficinas\",\"p23_oficinasaulasartisticas\":\"Ensaio\\\/Oficinas\\\/Aulas Art\\u00edsticas\",\"p23_cursos\":\"Cursos\",\"p23_apresentacoesartisticas\":\"Apresenta\\u00e7\\u00f5es Art\\u00edsticas\",\"p24_formacao\":\"Forma\\u00e7\\u00e3o\",\"p24_profissionalizacao\":\"Profissionaliza\\u00e7\\u00e3o\",\"p25_numerodepessoas\":\"40 - 60\",\"p26_numerodepessoas\":\"60 - 80\",\"p27_espacopublico\":\"Espa\\u00e7o p\\u00fablico\",\"p27_espacoproprio\":\"Espa\\u00e7o pr\\u00f3prio\",\"p28_territorios\":\"Cidade\",\"p30_outrasorganizacoes\":\"Sim\",\"p32_campanhadelongaduracao\":\"N\\u00e3o\",\"p34_municipal\":\"Municipal\",\"p36_conselhosdeparticipacaoecontrolesocial\":\"Sim\",\"p38_sim\":\"Sim\",\"p40_editais\":\"Sim\",\"p41_publicoestatal\":\"P\\u00fablico-Estatal\",\"p41_privadopf\":\"Privado (P. F\\u00edsica)\",\"p41_privadopj\":\"Privado (P. Jur\\u00eddica)\",\"p41_financiamentocoletivo0\":\"Financiamento coletivo\",\"p42_meiodedivulgacaoproprio\":\"Sim\",\"p43_email\":\"E-mail\",\"p43_facebook\":\"Facebook\",\"p43_whatsapp\":\"WhatsApp\",\"p43_instagram\":\"Instagram\",\"p43_twitter\":\"Twitter\",\"p43_sitesblogs\":\"Blogs\\\/sites\",\"p43_youtube\":\"YouTube\",\"p44_radio\":\"TV\",\"p44_jornaisimpressosdegrandecirculacao\":\"Jornais impressos de grande circula\\u00e7\\u00e3o\",\"p44_redessociais\":\"Redes sociais (Facebook, YouTube, Instagram etc.)\",\"p44_sitesblogs\":\"Sites ou Blogs\",\"p39_publico\":\"PESSOAS PERIF\\u00c9RICAS\",\"p45_bandeira\":\"COMUNICA\\u00c7\\u00c3O DIREITO VIDA SEGURAN\\u00c7A P\\u00daBLICA ARTE TERRIT\\u00d3RIO POL\\u00cdTICAS P\\u00daBLICAS PESQUISA\",\"p46_hashtags\":\"#COMUNICACAO #DIREITOAVIDAESEGURANCAPUBLICA #ARTEETERRITORIO\"},{\"p1_eixo\":\"Cultura\",\"p9_tipoorganizacao\":\"Instituto\",\"p12_uf\":\"RS\",\"p13_cidade\":\"PORTO ALEGRE\",\"p16_cidade\":\"Cidade\",\"p17_ano\":\"1996\",\"p18_difusaoartistica\":\"Difus\\u00e3o Art\\u00edstica\",\"p18_desenvolvimentoterritorial\":\"Desenvolvimento territorial\",\"p18_direitoshumanos\":\"Direitos humanos\",\"p18_educacao\":\"Educa\\u00e7\\u00e3o\",\"p18_feminismos\":\"Feminismos\",\"p18_lutaantirracismo\":\"Luta antirracismo\",\"p18_moradia\":\"Moradia\",\"p19_desenvolvimentoterritorial\":\"Desenvolvimento territorial\",\"p19_direitoshumanos\":\"Direitos humanos\",\"p19_difusaoartistica\":\"Difus\\u00e3o Art\\u00edstica\",\"p20_reunioes\":\"Reuni\\u00f5es\",\"p20_atendimento\":\"Atendimento\",\"p20_oficinas\":\"Oficinas\",\"p20_formacao\":\"Forma\\u00e7\\u00e3o\",\"p20_apresentacoesartisticas\":\"Apresenta\\u00e7\\u00f5es art\\u00edsticas\",\"p20_visitasexcursoes\":\"Visitas\\\/Excurs\\u00f5es\",\"p21_nenhum\":\"Nenhum\",\"p22_numerodeparticipantes\":\"Mais de 90\",\"p23_reunioes\":\"Reuni\\u00f5es\",\"p23_atendimento\":\"Atendimento\",\"p23_formacao\":\"Forma\\u00e7\\u00e3o\",\"p23_apresentacoesartisticas\":\"Apresenta\\u00e7\\u00f5es Art\\u00edsticas\",\"p24_reunioes\":\"Reuni\\u00f5es\",\"p24_atendimento\":\"Atendimentos\",\"p24_apresentacoesartisticas\":\"Apresenta\\u00e7\\u00f5es art\\u00edsticas\",\"p24_outros\":\"Outros\",\"p25_numerodepessoas\":\"20 - 40\",\"p26_numerodepessoas\":\"40 - 60\",\"p27_espacoemprestadocedido\":\"Espa\\u00e7o emprestado\\\/cedido\",\"p28_territorios\":\"Cidade\",\"p30_outrasorganizacoes\":\"Sim\",\"p32_campanhadelongaduracao\":\"N\\u00e3o\",\"p34_municipal\":\"Municipal\",\"p34_nenhuma\":\"Nenhuma\",\"p36_conselhosdeparticipacaoecontrolesocial\":\"Sim\",\"p38_sim\":\"Sim\",\"p40_editais\":\"Sim\",\"p41_publicoestatal\":\"P\\u00fablico-Estatal\",\"p41_privadopf\":\"Privado (P. F\\u00edsica)\",\"p41_privadopj\":\"Privado (P. Jur\\u00eddica)\",\"p42_meiodedivulgacaoproprio\":\"Sim\",\"p43_facebook\":\"Facebook\",\"p43_instagram\":\"Instagram\",\"p44_jornaisimpressosdegrandecirculacao\":\"Jornais impressos de grande circula\\u00e7\\u00e3o\",\"p44_redessociais\":\"Redes sociais (Facebook, YouTube, Instagram etc.)\",\"p44_sitesblogs\":\"Sites ou Blogs\",\"p39_publico\":\"CRIAN\\u00c7AS ADOLESCENTES MULHERES\",\"p45_bandeira\":\"DIREITOS HUMANOS SUSTENTABILIDADE AMBIENTAL ECON\\u00d4MICA DIREITOS MULHERES DIREITOS CRIAN\\u00c7A ADOLESCENTE DIREITO INFORMA\\u00c7\\u00c3O COMBATE RACISMO FORMA\\u00c7\\u00c3O POLITICA\",\"p46_hashtags\":\"#CEA #NENHUMDIREITOAMENOS #SEPARESEULIXO #SepareSeuLixo\"},{\"p1_eixo\":\"Trabalho\",\"p9_tipoorganizacao\":\"Sindicato\",\"p12_uf\":\"RS\",\"p13_cidade\":\"PORTO ALEGRE\",\"p16_bairro\":\"Bairro\",\"p17_ano\":\"1983\",\"p18_direitoshumanos\":\"Direitos humanos\",\"p18_educacao\":\"Educa\\u00e7\\u00e3o\",\"p18_trabalho\":\"Trabalho\",\"p18_politicasculturais\":\"Pol\\u00edticas Culturais\",\"p19_direitoshumanos\":\"Direitos humanos\",\"p19_educacao\":\"Educa\\u00e7\\u00e3o\",\"p19_trabalho\":\"Trabalho\",\"p20_reunioes\":\"Reuni\\u00f5es\",\"p20_atendimento\":\"Atendimento\",\"p20_formacao\":\"Forma\\u00e7\\u00e3o\",\"p21_nenhum\":\"Nenhum\",\"p22_numerodeparticipantes\":\"1  - 15\",\"p23_reunioes\":\"Reuni\\u00f5es\",\"p23_atendimento\":\"Atendimento\",\"p23_visitas\":\"Visitas\",\"p24_reunioes\":\"Reuni\\u00f5es\",\"p24_atendimento\":\"Atendimentos\",\"p24_visitasexcursoes\":\"Visitas\\\/Excurs\\u00f5es\",\"p25_numerodepessoas\":\"100 - 200\",\"p26_numerodepessoas\":\"1 - 20\",\"p27_espacoproprio\":\"Espa\\u00e7o pr\\u00f3prio\",\"p28_territorios\":\"Regi\\u00e3o da Cidade\",\"p30_outrasorganizacoes\":\"Sim\",\"p32_campanhadelongaduracao\":\"Sim\",\"p34_municipal\":\"Municipal\",\"p34_estadual\":\"Estadual\",\"p34_nacional\":\"Nacional\",\"p36_conselhosdeparticipacaoecontrolesocial\":\"Sim\",\"p38_sim\":\"Sim\",\"p40_editais\":\"Sim\",\"p41_autofinanciamento\":\"Autofinanciamento\",\"p42_meiodedivulgacaoproprio\":\"N\\u00e3o\",\"p43_impressoes\":\"Impressos\",\"p43_email\":\"E-mail\",\"p43_facebook\":\"Facebook\",\"p43_whatsapp\":\"WhatsApp\",\"p43_sitesblogs\":\"Blogs\\\/sites\",\"p44_redessociais\":\"Redes sociais (Facebook, YouTube, Instagram etc.)\",\"p44_sitesblogs\":\"Sites ou Blogs\",\"p39_publico\":\"TRABALHADORES ENSINO PRIVADO\",\"p45_bandeira\":\"GARANTIA DIRETOS TRABALHADORES\",\"p46_hashtags\":\"DIREITOS, CONVENCAO COLETIVA, REPOSICAO SALARIAL \"},{\"p1_eixo\":\"Cultura\",\"p9_tipoorganizacao\":\"Associa\\u00e7\\u00e3o\",\"p12_uf\":\"BA\",\"p13_cidade\":\"SALVADOR\",\"p16_cidade\":\"Cidade\",\"p17_ano\":\"2015\",\"p18_difusaoartistica\":\"Difus\\u00e3o Art\\u00edstica\",\"p18_povosecomunidadestradicionais\":\"Povos e comunidades tradicionais\",\"p18_religiao\":\"Religi\\u00e3o\",\"p18_politicasculturais\":\"Pol\\u00edticas Culturais\",\"p19_povosecomunidadestradicionais\":\"Povos e comunidades tradicionais\",\"p19_difusaoartistica\":\"Difus\\u00e3o Art\\u00edstica\",\"p19_politicasculturais\":\"Pol\\u00edticas Culturais\",\"p20_reunioes\":\"Reuni\\u00f5es\",\"p20_oficinas\":\"Oficinas\",\"p20_oficinasaulasartisticas\":\"Ensaios\\\/Oficinas\\\/Aulas art\\u00edsticas\",\"p21_nenhum\":\"Nenhum\",\"p22_numerodeparticipantes\":\"1  - 15\",\"p23_reunioes\":\"Reuni\\u00f5es\",\"p23_oficinas\":\"Oficinas\",\"p23_oficinasaulasartisticas\":\"Ensaio\\\/Oficinas\\\/Aulas Art\\u00edsticas\",\"p24_oficinasaulasartisticas\":\"Ensaios\\\/Oficinas\\\/Aulas art\\u00edsticas\",\"p25_numerodepessoas\":\"200 - 300\",\"p26_numerodepessoas\":\"1 - 20\",\"p27_espacopublico\":\"Espa\\u00e7o p\\u00fablico\",\"p27_espacoproprio\":\"Espa\\u00e7o pr\\u00f3prio\",\"p28_territorios\":\"Regi\\u00e3o da Cidade\",\"p30_outrasorganizacoes\":\"Sim\",\"p32_campanhadelongaduracao\":\"Sim\",\"p34_nenhuma\":\"Nenhuma\",\"p36_conselhosdeparticipacaoecontrolesocial\":\"N\\u00e3o\",\"p38_nenhum\":\"Nenhum\",\"p40_editais\":\"N\\u00e3o\",\"p41_autofinanciamento\":\"Autofinanciamento\",\"p42_meiodedivulgacaoproprio\":\"Sim\",\"p43_email\":\"E-mail\",\"p43_facebook\":\"Facebook\",\"p44_redessociais\":\"Redes sociais (Facebook, YouTube, Instagram etc.)\",\"p39_publico\":\"CRIAN\\u00c7AS ADOLESCENTES\",\"p45_bandeira\":\"FORTALECIMENTO EDUCA\\u00c7\\u00c3O CULTURA\",\"p46_hashtags\":\"#RESISTENCIA  #LUTA  #PERSISTENCIA\"},{\"p1_eixo\":\"Cultura\",\"p9_tipoorganizacao\":\"ONG\",\"p12_uf\":\"SP\",\"p13_cidade\":\"S\\u00c3O PAULO\",\"p16_bairro\":\"Bairro\",\"p17_ano\":\"2000\",\"p18_difusaoartistica\":\"Difus\\u00e3o Art\\u00edstica\",\"p18_desenvolvimentoterritorial\":\"Desenvolvimento territorial\",\"p18_direitoshumanos\":\"Direitos humanos\",\"p18_educacao\":\"Educa\\u00e7\\u00e3o\",\"p18_saude\":\"Sa\\u00fade\",\"p18_politicasculturais\":\"Pol\\u00edticas Culturais\",\"p19_educacao\":\"Educa\\u00e7\\u00e3o\",\"p19_saude\":\"Sa\\u00fade\",\"p19_politicasculturais\":\"Pol\\u00edticas Culturais\",\"p20_oficinas\":\"Oficinas\",\"p20_cursos\":\"Cursos\",\"p21_nenhum\":\"Nenhum\",\"p22_numerodeparticipantes\":\"Mais de 90\",\"p23_oficinas\":\"Oficinas\",\"p23_cursos\":\"Cursos\",\"p24_oficinas\":\"Oficinas\",\"p24_curso\":\"Curso\",\"p25_numerodepessoas\":\"20 - 40\",\"p26_numerodepessoas\":\"20 - 40\",\"p27_espacoproprio\":\"Espa\\u00e7o pr\\u00f3prio\",\"p28_territorios\":\"Pr\\u00f3prio bairro\",\"p30_outrasorganizacoes\":\"N\\u00e3o\",\"p32_campanhadelongaduracao\":\"N\\u00e3o\",\"p34_nenhuma\":\"Nenhuma\",\"p36_conselhosdeparticipacaoecontrolesocial\":\"N\\u00e3o\",\"p38_nenhum\":\"Nenhum\",\"p40_editais\":\"Sim\",\"p41_autofinanciamento\":\"Autofinanciamento\",\"p41_financiamentocoletivo0\":\"Financiamento coletivo\",\"p42_meiodedivulgacaoproprio\":\"Sim\",\"p43_facebook\":\"Facebook\",\"p44_redessociais\":\"Redes sociais (Facebook, YouTube, Instagram etc.)\",\"p39_publico\":\"CRIAN\\u00c7AS JOVENS ADULTOS MORADORES JD BOA VISTA\",\"p45_bandeira\":\"EDUCA\\u00c7\\u00c3O CULTURA SA\\u00daDE\",\"p46_hashtags\":\"#EDUCACAOCONTINUADA  #PROMOCAODASAUDE  #CULTURAPARATODOS\"},{\"p1_eixo\":\"Cultura\",\"p9_tipoorganizacao\":\"Coletivo\",\"p12_uf\":\"SP\",\"p13_cidade\":\"S\\u00c3O PAULO\",\"p16_bairro\":\"Bairro\",\"p17_ano\":\"1998\",\"p18_comunicacao\":\"Comunica\\u00e7\\u00e3o\",\"p18_difusaoartistica\":\"Difus\\u00e3o Art\\u00edstica\",\"p18_desenvolvimentoterritorial\":\"Desenvolvimento territorial\",\"p18_lutaantirracismo\":\"Luta antirracismo\",\"p18_politicasculturais\":\"Pol\\u00edticas Culturais\",\"p19_comunicacao\":\"Comunica\\u00e7\\u00e3o\",\"p19_lutaantirracismo\":\"Luta antirracismo\",\"p19_politicasculturais\":\"Pol\\u00edticas Culturais\",\"p20_oficinas\":\"Oficinas\",\"p20_formacao\":\"Forma\\u00e7\\u00e3o\",\"p20_apresentacoesartisticas\":\"Apresenta\\u00e7\\u00f5es art\\u00edsticas\",\"p21_repressaopolicial\":\"Repress\\u00e3o policial\",\"p21_machismo\":\"Machismo\",\"p22_numerodeparticipantes\":\"1  - 15\",\"p23_oficinas\":\"Oficinas\",\"p23_formacao\":\"Forma\\u00e7\\u00e3o\",\"p23_apresentacoesartisticas\":\"Apresenta\\u00e7\\u00f5es Art\\u00edsticas\",\"p24_formacao\":\"Forma\\u00e7\\u00e3o\",\"p24_apresentacoesartisticas\":\"Apresenta\\u00e7\\u00f5es art\\u00edsticas\",\"p25_numerodepessoas\":\"200 - 300\",\"p26_numerodepessoas\":\"20 - 40\",\"p27_espacopublico\":\"Espa\\u00e7o p\\u00fablico\",\"p27_ocupacao\":\"Ocupa\\u00e7\\u00e3o\",\"p28_territorios\":\"Pr\\u00f3prio bairro\",\"p30_outrasorganizacoes\":\"Sim\",\"p32_campanhadelongaduracao\":\"Sim\",\"p34_municipal\":\"Municipal\",\"p36_conselhosdeparticipacaoecontrolesocial\":\"N\\u00e3o\",\"p38_nenhum\":\"Nenhum\",\"p40_editais\":\"Sim\",\"p41_publicoestatal\":\"P\\u00fablico-Estatal\",\"p42_meiodedivulgacaoproprio\":\"Sim\",\"p43_email\":\"E-mail\",\"p43_facebook\":\"Facebook\",\"p43_whatsapp\":\"WhatsApp\",\"p43_instagram\":\"Instagram\",\"p43_sitesblogs\":\"Blogs\\\/sites\",\"p43_youtube\":\"YouTube\",\"p44_jornaisimpressosdegrandecirculacao\":\"Jornais impressos de grande circula\\u00e7\\u00e3o\",\"p44_jornaisimpressosdebairro\":\"Jornais impressos de bairro\",\"p44_redessociais\":\"Redes sociais (Facebook, YouTube, Instagram etc.)\",\"p44_sitesblogs\":\"Sites ou Blogs\",\"p39_publico\":\"JOVENS ADOLESCENTES\",\"p45_bandeira\":\"ANTIRRACISMO\",\"p46_hashtags\":\"#LUTAPELAVIDA  #DIREITOACULTURA  #RACISTASNAOPASSARAO\"},{\"p1_eixo\":\"Cultura\",\"p9_tipoorganizacao\":\"Coletivo\",\"p12_uf\":\"SP\",\"p13_cidade\":\"S\\u00c3O PAULO\",\"p16_cidade\":\"Cidade\",\"p17_ano\":\"2007\",\"p18_desenvolvimentoterritorial\":\"Desenvolvimento territorial\",\"p18_direitoshumanos\":\"Direitos humanos\",\"p18_educacao\":\"Educa\\u00e7\\u00e3o\",\"p18_feminismos\":\"Feminismos\",\"p18_lutaantirracismo\":\"Luta antirracismo\",\"p18_povosecomunidadestradicionais\":\"Povos e comunidades tradicionais\",\"p18_politicasculturais\":\"Pol\\u00edticas Culturais\",\"p19_educacao\":\"Educa\\u00e7\\u00e3o\",\"p19_feminismos\":\"Feminismos\",\"p19_lutaantirracismo\":\"Luta antirracismo\",\"p20_formacao\":\"Forma\\u00e7\\u00e3o\",\"p20_apresentacoesartisticas\":\"Apresenta\\u00e7\\u00f5es art\\u00edsticas\",\"p21_nenhum\":\"Nenhum\",\"p22_numerodeparticipantes\":\"1  - 15\",\"p23_outros\":\"Outros\",\"p24_outros\":\"Outros\",\"p25_numerodepessoas\":\"20 - 40\",\"p26_numerodepessoas\":\"20 - 40\",\"p27_espacopublico\":\"Espa\\u00e7o p\\u00fablico\",\"p27_espacoemprestadocedido\":\"Espa\\u00e7o emprestado\\\/cedido\",\"p28_territorios\":\"Regi\\u00e3o da Cidade\",\"p30_outrasorganizacoes\":\"Sim\",\"p32_campanhadelongaduracao\":\"Sim\",\"p34_nenhuma\":\"Nenhuma\",\"p36_conselhosdeparticipacaoecontrolesocial\":\"N\\u00e3o\",\"p38_nenhum\":\"Nenhum\",\"p40_editais\":\"Sim\",\"p41_autofinanciamento\":\"Autofinanciamento\",\"p42_meiodedivulgacaoproprio\":\"Sim\",\"p43_facebook\":\"Facebook\",\"p43_instagram\":\"Instagram\",\"p44_redessociais\":\"Redes sociais (Facebook, YouTube, Instagram etc.)\",\"p39_publico\":\"PERIF\\u00c9RICO\",\"p45_bandeira\":\"PERIFERIA PRETA NORDESTINA\",\"p46_hashtags\":\"#PERIFERIA #PRETA #NORDESTINA\"},{\"p1_eixo\":\"Trabalho\",\"p9_tipoorganizacao\":\"Associa\\u00e7\\u00e3o\",\"p12_uf\":\"BA\",\"p13_cidade\":\"SALVADOR\",\"p16_bairro\":\"Bairro\",\"p17_ano\":\"2007\",\"p18_desenvolvimentoterritorial\":\"Desenvolvimento territorial\",\"p18_direitoshumanos\":\"Direitos humanos\",\"p18_educacao\":\"Educa\\u00e7\\u00e3o\",\"p18_mobilidade\":\"Mobilidade\",\"p18_moradia\":\"Moradia\",\"p18_trabalho\":\"Trabalho\",\"p18_saude\":\"Sa\\u00fade\",\"p18_violencia\":\"Viol\\u00eancia\",\"p18_politicasculturais\":\"Pol\\u00edticas Culturais\",\"p19_direitoshumanos\":\"Direitos humanos\",\"p19_educacao\":\"Educa\\u00e7\\u00e3o\",\"p19_trabalho\":\"Trabalho\",\"p20_oficinas\":\"Oficinas\",\"p20_oficinasaulasartisticas\":\"Ensaios\\\/Oficinas\\\/Aulas art\\u00edsticas\",\"p20_cursos\":\"Cursos\",\"p20_profissionalizacao\":\"Profissionaliza\\u00e7\\u00e3o\",\"p21_repressaopolicial\":\"Repress\\u00e3o policial\",\"p21_racismo\":\"Racismo\",\"p22_numerodeparticipantes\":\"1  - 15\",\"p23_atendimento\":\"Atendimento\",\"p23_oficinasaulasartisticas\":\"Ensaio\\\/Oficinas\\\/Aulas Art\\u00edsticas\",\"p23_cursos\":\"Cursos\",\"p24_atendimento\":\"Atendimentos\",\"p24_oficinasaulasartisticas\":\"Ensaios\\\/Oficinas\\\/Aulas art\\u00edsticas\",\"p24_curso\":\"Curso\",\"p25_numerodepessoas\":\"20 - 40\",\"p26_numerodepessoas\":\"1 - 20\",\"p27_espacopublico\":\"Espa\\u00e7o p\\u00fablico\",\"p27_espacoproprio\":\"Espa\\u00e7o pr\\u00f3prio\",\"p28_territorios\":\"Pr\\u00f3prio bairro\",\"p30_outrasorganizacoes\":\"N\\u00e3o\",\"p32_campanhadelongaduracao\":\"Sim\",\"p34_estadual\":\"Estadual\",\"p36_conselhosdeparticipacaoecontrolesocial\":\"Sim\",\"p38_sim\":\"Sim\",\"p40_editais\":\"Sim\",\"p41_autofinanciamento\":\"Autofinanciamento\",\"p42_meiodedivulgacaoproprio\":\"Sim\",\"p43_impressoes\":\"Impressos\",\"p43_email\":\"E-mail\",\"p43_facebook\":\"Facebook\",\"p43_whatsapp\":\"WhatsApp\",\"p43_instagram\":\"Instagram\",\"p43_twitter\":\"Twitter\",\"p43_sitesblogs\":\"Blogs\\\/sites\",\"p44_radio\":\"TV\",\"p44_redessociais\":\"Redes sociais (Facebook, YouTube, Instagram etc.)\",\"p44_sitesblogs\":\"Sites ou Blogs\",\"p39_publico\":\"CRIAN\\u00c7AS ADOLESCENTES\",\"p45_bandeira\":\"SA\\u00daDE EDUCA\\u00c7\\u00c3O ESPORTES DIREITOS HUMANOS\",\"p46_hashtags\":\"#NOSSOSDIREITOS #SAUDECOLETIVA #EDUCACAOPARATODOS\"},{\"p1_eixo\":\"Cultura\",\"p9_tipoorganizacao\":\"ONG\",\"p12_uf\":\"DF\",\"p13_cidade\":\"BRAS\\u00cdLIA\",\"p16_nacional\":\"Nacional\",\"p17_ano\":\"Anterior a 1980\",\"p18_comunicacao\":\"Comunica\\u00e7\\u00e3o\",\"p18_direitoshumanos\":\"Direitos humanos\",\"p18_educacao\":\"Educa\\u00e7\\u00e3o\",\"p18_mobilidade\":\"Mobilidade\",\"p18_saude\":\"Sa\\u00fade\",\"p19_direitoshumanos\":\"Direitos humanos\",\"p19_educacao\":\"Educa\\u00e7\\u00e3o\",\"p19_saude\":\"Sa\\u00fade\",\"p20_reunioes\":\"Reuni\\u00f5es\",\"p20_oficinas\":\"Oficinas\",\"p20_cursos\":\"Cursos\",\"p20_formacao\":\"Forma\\u00e7\\u00e3o\",\"p21_nenhum\":\"Nenhum\",\"p22_numerodeparticipantes\":\"Mais de 90\",\"p23_reunioes\":\"Reuni\\u00f5es\",\"p23_excursoes\":\"Excurs\\u00f5es\",\"p24_reunioes\":\"Reuni\\u00f5es\",\"p24_visitasexcursoes\":\"Visitas\\\/Excurs\\u00f5es\",\"p25_numerodepessoas\":\"Mais de 500\",\"p26_numerodepessoas\":\"Mais de 500\",\"p27_espacopublico\":\"Espa\\u00e7o p\\u00fablico\",\"p27_espacoemprestadocedido\":\"Espa\\u00e7o emprestado\\\/cedido\",\"p28_territorios\":\"Atua\\u00e7\\u00e3o Nacional\",\"p30_outrasorganizacoes\":\"Sim\",\"p32_campanhadelongaduracao\":\"Sim\",\"p34_nenhuma\":\"Nenhuma\",\"p36_conselhosdeparticipacaoecontrolesocial\":\"Sim\",\"p38_nenhum\":\"Nenhum\",\"p40_editais\":\"Sim\",\"p41_privadopj\":\"Privado (P. Jur\\u00eddica)\",\"p42_meiodedivulgacaoproprio\":\"Sim\",\"p43_email\":\"E-mail\",\"p43_facebook\":\"Facebook\",\"p43_whatsapp\":\"WhatsApp\",\"p43_instagram\":\"Instagram\",\"p43_sitesblogs\":\"Blogs\\\/sites\",\"p44_redessociais\":\"Redes sociais (Facebook, YouTube, Instagram etc.)\",\"p44_sitesblogs\":\"Sites ou Blogs\",\"p39_publico\":\"JOVENS\",\"p45_bandeira\":\"MOVIMENTO JOVENS JOVENS\",\"p46_hashtags\":\"#ESCOTISMO PARA TODOS  #5\\u00b0DF  #ESCOTEIROSDOBRASIL\"},{\"p1_eixo\":\"Cultura\",\"p9_tipoorganizacao\":\"Coletivo\",\"p12_uf\":\"DF\",\"p13_cidade\":\"BRAS\\u00cdLIA\",\"p16_internacional\":\"Internacional\",\"p17_ano\":\"2006\",\"p18_difusaoartistica\":\"Difus\\u00e3o Art\\u00edstica\",\"p19_difusaoartistica\":\"Difus\\u00e3o Art\\u00edstica\",\"p20_oficinas\":\"Oficinas\",\"p20_oficinasaulasartisticas\":\"Ensaios\\\/Oficinas\\\/Aulas art\\u00edsticas\",\"p20_formacao\":\"Forma\\u00e7\\u00e3o\",\"p20_apresentacoesartisticas\":\"Apresenta\\u00e7\\u00f5es art\\u00edsticas\",\"p20_visitasexcursoes\":\"Visitas\\\/Excurs\\u00f5es\",\"p21_xenofobia\":\"Xenofobia\",\"p22_numerodeparticipantes\":\"30 - 45\",\"p23_oficinasaulasartisticas\":\"Ensaio\\\/Oficinas\\\/Aulas Art\\u00edsticas\",\"p24_apresentacoesartisticas\":\"Apresenta\\u00e7\\u00f5es art\\u00edsticas\",\"p25_numerodepessoas\":\"20 - 40\",\"p26_numerodepessoas\":\"1 - 20\",\"p27_espacopublico\":\"Espa\\u00e7o p\\u00fablico\",\"p28_territorios\":\"Atua\\u00e7\\u00e3o Internacional\",\"p30_outrasorganizacoes\":\"Sim\",\"p32_campanhadelongaduracao\":\"N\\u00e3o\",\"p34_nenhuma\":\"Nenhuma\",\"p36_conselhosdeparticipacaoecontrolesocial\":\"N\\u00e3o\",\"p38_nenhum\":\"Nenhum\",\"p40_editais\":\"N\\u00e3o\",\"p41_autofinanciamento\":\"Autofinanciamento\",\"p42_meiodedivulgacaoproprio\":\"Sim\",\"p43_facebook\":\"Facebook\",\"p43_instagram\":\"Instagram\",\"p44_redessociais\":\"Redes sociais (Facebook, YouTube, Instagram etc.)\",\"p39_publico\":\"PESSOAS COMUNIDADES M\\u00daSICA AFRO BRASILEIRA\",\"p45_bandeira\":\"DIVULGAR-CULTURA AFRO BRASILEIRA TAMBORES\",\"p46_hashtags\":\"#TAMBORES  #ARTEINCLUSIVA  #INCLUS\\u00c3O SOCIAL\"},{\"p1_eixo\":\"Viol\\u00eancia\",\"p9_tipoorganizacao\":\"Coletivo\",\"p12_uf\":\"RJ\",\"p13_cidade\":\"RIO DE JANEIRO\",\"p17_ano\":\"2005\",\"p16_estado\":\"Estado\",\"p18_agrario\":\"Agr\\u00e1rio\\\/ruralidades\",\"p18_direitoshumanos\":\"Direitos humanos\",\"p18_educacao\":\"Educa\\u00e7\\u00e3o\",\"p18_lgbtqi\":\"LGBTQI\",\"p18_lutaantirracismo\":\"Luta antirracismo\",\"p18_povosecomunidadestradicionais\":\"Povos e comunidades tradicionais\",\"p18_trabalho\":\"Trabalho\",\"p18_religiao\":\"Religi\\u00e3o\",\"p18_saude\":\"Sa\\u00fade\",\"p18_violencia\":\"Viol\\u00eancia\",\"p19_religiao\":\"Religi\\u00e3o\",\"p19_saude\":\"Sa\\u00fade\",\"p19_violencia\":\"Viol\\u00eancia\",\"p20_reunioes\":\"Reuni\\u00f5es\",\"p20_oficinas\":\"Oficinas\",\"p20_formacao\":\"Forma\\u00e7\\u00e3o\",\"p21_intoleranciareligiosa\":\"Fundamentalismo\\\/intoler\\u00e2ncia religiosa\",\"p21_machismo\":\"Machismo\",\"p21_racismo\":\"Racismo\",\"p22_numerodeparticipantes\":\"45 - 60\",\"p23_reunioes\":\"Reuni\\u00f5es\",\"p23_cursos\":\"Cursos\",\"p23_visitas\":\"Visitas\",\"p24_reunioes\":\"Reuni\\u00f5es\",\"p24_atendimento\":\"Atendimentos\",\"p24_oficinas\":\"Oficinas\",\"p25_numerodepessoas\":\"20 - 40\",\"p26_numerodepessoas\":\"1 - 20\",\"p27_espacoproprio\":\"Espa\\u00e7o pr\\u00f3prio\",\"p28_territorios\":\"Atua\\u00e7\\u00e3o Nacional\",\"p30_outrasorganizacoes\":\"Sim\",\"p32_campanhadelongaduracao\":\"N\\u00e3o\",\"p34_nacional\":\"Nacional\",\"p36_conselhosdeparticipacaoecontrolesocial\":\"Sim\",\"p38_sim\":\"Sim\",\"p40_editais\":\"N\\u00e3o\",\"p41_autofinanciamento\":\"Autofinanciamento\",\"p42_meiodedivulgacaoproprio\":\"Sim\",\"p43_email\":\"E-mail\",\"p43_facebook\":\"Facebook\",\"p43_whatsapp\":\"WhatsApp\",\"p44_radio\":\"TV\",\"p39_publico\":\"MULHERES HOMENS JOVENS\",\"p45_bandeira\":\"SA\\u00daDE JOVENS MULHERES TRABALHO EDUCA\\u00c7\\u00c3O\",\"p46_hashtags\":\"#QUEMEDEAXEDIZQUEE\"},{\"p1_eixo\":\"Cultura\",\"p9_tipoorganizacao\":\"ONG\",\"p12_uf\":\"RJ\",\"p13_cidade\":\"RIO DE JANEIRO\",\"p16_cidade\":\"Cidade\",\"p17_ano\":\"2000\",\"p18_comunicacao\":\"Comunica\\u00e7\\u00e3o\",\"p18_direitoshumanos\":\"Direitos humanos\",\"p18_educacao\":\"Educa\\u00e7\\u00e3o\",\"p18_lutaantirracismo\":\"Luta antirracismo\",\"p18_politicasculturais\":\"Pol\\u00edticas Culturais\",\"p19_comunicacao\":\"Comunica\\u00e7\\u00e3o\",\"p19_direitoshumanos\":\"Direitos humanos\",\"p19_educacao\":\"Educa\\u00e7\\u00e3o\",\"p20_reunioes\":\"Reuni\\u00f5es\",\"p20_oficinas\":\"Oficinas\",\"p20_cursos\":\"Cursos\",\"p21_nenhum\":\"Nenhum\",\"p22_numerodeparticipantes\":\"1  - 15\",\"p23_reunioes\":\"Reuni\\u00f5es\",\"p23_oficinas\":\"Oficinas\",\"p23_cursos\":\"Cursos\",\"p24_reunioes\":\"Reuni\\u00f5es\",\"p24_oficinas\":\"Oficinas\",\"p24_curso\":\"Curso\",\"p25_numerodepessoas\":\"40 - 60\",\"p26_numerodepessoas\":\"60 - 80\",\"p27_espacoemprestadocedido\":\"Espa\\u00e7o emprestado\\\/cedido\",\"p28_territorios\":\"Estado\",\"p30_outrasorganizacoes\":\"N\\u00e3o\",\"p32_campanhadelongaduracao\":\"N\\u00e3o\",\"p34_municipal\":\"Municipal\",\"p36_conselhosdeparticipacaoecontrolesocial\":\"N\\u00e3o\",\"p38_sim\":\"Sim\",\"p40_editais\":\"Sim\",\"p41_autofinanciamento\":\"Autofinanciamento\",\"p42_meiodedivulgacaoproprio\":\"Sim\",\"p43_impressoes\":\"Impressos\",\"p43_email\":\"E-mail\",\"p43_facebook\":\"Facebook\",\"p43_sitesblogs\":\"Blogs\\\/sites\",\"p44_jornaisimpressosdebairro\":\"Jornais impressos de bairro\",\"p44_redessociais\":\"Redes sociais (Facebook, YouTube, Instagram etc.)\",\"p44_sitesblogs\":\"Sites ou Blogs\",\"p39_publico\":\"AFRODESCENDENTES REGI\\u00d5ES PERIF\\u00c9RICAS\",\"p45_bandeira\":\"ASSESSORIA CONSULTORIA GRUPOS CULTURAIS POPULARES DEMOCRATIZAR CULTURA PUBLICAR ESTUDOS CULTURAS PERIF\\u00c9RICAS AMPLIAR INFORMA\\u00c7\\u00c3O CONHECIMENTO\",\"p46_hashtags\":\"#LUTARPELACULTURAPOPULAR, #CULTURALIVRE, #NEGROS NA CULTURA\"},{\"p1_eixo\":\"Trabalho\",\"p9_tipoorganizacao\":\"ONG\",\"p12_uf\":\"RJ\",\"p13_cidade\":\"RIO DE JANEIRO\",\"p16_nacional\":\"Nacional\",\"p17_ano\":\"2010\",\"p18_difusaoartistica\":\"Difus\\u00e3o Art\\u00edstica\",\"p18_direitoshumanos\":\"Direitos humanos\",\"p18_educacao\":\"Educa\\u00e7\\u00e3o\",\"p18_trabalho\":\"Trabalho\",\"p18_politicasculturais\":\"Pol\\u00edticas Culturais\",\"p19_direitoshumanos\":\"Direitos humanos\",\"p19_educacao\":\"Educa\\u00e7\\u00e3o\",\"p19_politicasculturais\":\"Pol\\u00edticas Culturais\",\"p20_atendimento\":\"Atendimento\",\"p20_oficinas\":\"Oficinas\",\"p20_cursos\":\"Cursos\",\"p20_formacao\":\"Forma\\u00e7\\u00e3o\",\"p20_profissionalizacao\":\"Profissionaliza\\u00e7\\u00e3o\",\"p21_nenhum\":\"Nenhum\",\"p22_numerodeparticipantes\":\"1  - 15\",\"p23_oficinas\":\"Oficinas\",\"p23_oficinasaulasartisticas\":\"Ensaio\\\/Oficinas\\\/Aulas Art\\u00edsticas\",\"p23_cursos\":\"Cursos\",\"p23_formacao\":\"Forma\\u00e7\\u00e3o\",\"p23_profissionalizacao\":\"Profissionaliza\\u00e7\\u00e3o\",\"p24_reunioes\":\"Reuni\\u00f5es\",\"p24_atendimento\":\"Atendimentos\",\"p24_curso\":\"Curso\",\"p24_profissionalizacao\":\"Profissionaliza\\u00e7\\u00e3o\",\"p24_apresentacoesartisticas\":\"Apresenta\\u00e7\\u00f5es art\\u00edsticas\",\"p25_numerodepessoas\":\"80 - 100\",\"p26_numerodepessoas\":\"80 - 100\",\"p27_espacoemprestadocedido\":\"Espa\\u00e7o emprestado\\\/cedido\",\"p27_espacoproprio\":\"Espa\\u00e7o pr\\u00f3prio\",\"p28_territorios\":\"Regi\\u00e3o da Cidade\",\"p30_outrasorganizacoes\":\"Sim\",\"p32_campanhadelongaduracao\":\"N\\u00e3o\",\"p34_nenhuma\":\"Nenhuma\",\"p36_conselhosdeparticipacaoecontrolesocial\":\"N\\u00e3o\",\"p38_nenhum\":\"Nenhum\",\"p40_editais\":\"N\\u00e3o\",\"p41_autofinanciamento\":\"Autofinanciamento\",\"p42_meiodedivulgacaoproprio\":\"Sim\",\"p43_impressoes\":\"Impressos\",\"p43_email\":\"E-mail\",\"p43_facebook\":\"Facebook\",\"p43_whatsapp\":\"WhatsApp\",\"p43_instagram\":\"Instagram\",\"p43_twitter\":\"Twitter\",\"p44_redessociais\":\"Redes sociais (Facebook, YouTube, Instagram etc.)\",\"p39_publico\":\"JOVENS ADULTOS\",\"p45_bandeira\":\"DIREITOS HUMANOS EMPREENDEDORISMO NEG\\u00d3CIOS SOCIAIS\",\"p46_hashtags\":\"#DIREITOSHUMANOS #EMPREENDEDORISMO #NEGOCIOSSOCIAIS\"},{\"p1_eixo\":\"Cultura\",\"p9_tipoorganizacao\":\"Coletivo Art\\u00edstico\",\"p12_uf\":\"RS\",\"p13_cidade\":\"PORTO ALEGRE\",\"p16_cidade\":\"Cidade\",\"p17_ano\":\"2018\",\"p18_politicasculturais\":\"Pol\\u00edticas Culturais\",\"p19_comunicacao\":\"Comunica\\u00e7\\u00e3o\",\"p19_difusaoartistica\":\"Difus\\u00e3o Art\\u00edstica\",\"p19_politicasculturais\":\"Pol\\u00edticas Culturais\",\"p20_apresentacoesartisticas\":\"Apresenta\\u00e7\\u00f5es art\\u00edsticas\",\"p21_nenhum\":\"Nenhum\",\"p22_numerodeparticipantes\":\"1  - 15\",\"p23_apresentacoesartisticas\":\"Apresenta\\u00e7\\u00f5es Art\\u00edsticas\",\"p24_apresentacoesartisticas\":\"Apresenta\\u00e7\\u00f5es art\\u00edsticas\",\"p25_numerodepessoas\":\"80 - 100\",\"p26_numerodepessoas\":\"1 - 20\",\"p27_ocupacao\":\"Ocupa\\u00e7\\u00e3o\",\"p28_territorios\":\"Cidade\",\"p30_outrasorganizacoes\":\"N\\u00e3o\",\"p32_campanhadelongaduracao\":\"Sim\",\"p34_nenhuma\":\"Nenhuma\",\"p36_conselhosdeparticipacaoecontrolesocial\":\"N\\u00e3o\",\"p38_nenhum\":\"Nenhum\",\"p40_editais\":\"Sim\",\"p41_autofinanciamento\":\"Autofinanciamento\",\"p42_meiodedivulgacaoproprio\":\"Sim\",\"p43_facebook\":\"Facebook\",\"p43_whatsapp\":\"WhatsApp\",\"p43_instagram\":\"Instagram\",\"p44_redessociais\":\"Redes sociais (Facebook, YouTube, Instagram etc.)\",\"p39_publico\":\"POVO IDENTIFICA SAMBA\",\"p45_bandeira\":\"PRESERVA\\u00c7\\u00c3O CULTURA ARTE EDUCA\\u00c7\\u00c3O SALVAM LUTA\",\"p46_hashtags\":\"#ARTISTASDEPERIFERIA\"},{\"p1_eixo\":\"Cultura\",\"p9_tipoorganizacao\":\"Coletivo Art\\u00edstico\",\"p12_uf\":\"SP\",\"p13_cidade\":\"S\\u00c3O PAULO\",\"p16_cidade\":\"Cidade\",\"p17_ano\":\"2013\",\"p18_comunicacao\":\"Comunica\\u00e7\\u00e3o\",\"p18_difusaoartistica\":\"Difus\\u00e3o Art\\u00edstica\",\"p18_desenvolvimentoterritorial\":\"Desenvolvimento territorial\",\"p18_direitoshumanos\":\"Direitos humanos\",\"p18_educacao\":\"Educa\\u00e7\\u00e3o\",\"p18_feminismos\":\"Feminismos\",\"p18_lgbtqi\":\"LGBTQI\",\"p18_lutaantirracismo\":\"Luta antirracismo\",\"p18_trabalho\":\"Trabalho\",\"p18_violencia\":\"Viol\\u00eancia\",\"p18_politicasculturais\":\"Pol\\u00edticas Culturais\",\"p19_direitoshumanos\":\"Direitos humanos\",\"p19_educacao\":\"Educa\\u00e7\\u00e3o\",\"p19_difusaoartistica\":\"Difus\\u00e3o Art\\u00edstica\",\"p20_reunioes\":\"Reuni\\u00f5es\",\"p20_apresentacoesartisticas\":\"Apresenta\\u00e7\\u00f5es art\\u00edsticas\",\"p21_machismo\":\"Machismo\",\"p21_racismo\":\"Racismo\",\"p22_numerodeparticipantes\":\"1  - 15\",\"p23_apresentacoesartisticas\":\"Apresenta\\u00e7\\u00f5es Art\\u00edsticas\",\"p24_reunioes\":\"Reuni\\u00f5es\",\"p25_numerodepessoas\":\"100 - 200\",\"p26_numerodepessoas\":\"1 - 20\",\"p27_espacoemprestadocedido\":\"Espa\\u00e7o emprestado\\\/cedido\",\"p28_territorios\":\"Pr\\u00f3prio bairro\",\"p30_outrasorganizacoes\":\"Sim\",\"p32_campanhadelongaduracao\":\"N\\u00e3o\",\"p34_nenhuma\":\"Nenhuma\",\"p36_conselhosdeparticipacaoecontrolesocial\":\"N\\u00e3o\",\"p38_sim\":\"Sim\",\"p40_editais\":\"N\\u00e3o\",\"p41_autofinanciamento\":\"Autofinanciamento\",\"p42_meiodedivulgacaoproprio\":\"Sim\",\"p43_facebook\":\"Facebook\",\"p43_whatsapp\":\"WhatsApp\",\"p43_sitesblogs\":\"Blogs\\\/sites\",\"p44_radio\":\"R\\u00e1dio\",\"p44_jornaisimpressosdebairro\":\"Jornais impressos de bairro\",\"p44_redessociais\":\"Redes sociais (Facebook, YouTube, Instagram etc.)\",\"p44_sitesblogs\":\"Sites ou Blogs\",\"p39_publico\":\"JOVENS ADULTOS\",\"p45_bandeira\":\"DIVULGAR-ARTE INDEPENDENTE RESPEITO DIVERSIDADE\",\"p46_hashtags\":\"#SOMOSTODOSMARIAS\"},{\"p1_eixo\":\"Viol\\u00eancia\",\"p9_tipoorganizacao\":\"ONG\",\"p12_uf\":\"MG\",\"p13_cidade\":\"BELO HORIZONTE\",\"p16_cidade\":\"Cidade\",\"p17_ano\":\"2009\",\"p18_desenvolvimentoterritorial\":\"Desenvolvimento territorial\",\"p18_direitoshumanos\":\"Direitos humanos\",\"p18_educacao\":\"Educa\\u00e7\\u00e3o\",\"p18_lutaantirracismo\":\"Luta antirracismo\",\"p18_saude\":\"Sa\\u00fade\",\"p18_violencia\":\"Viol\\u00eancia\",\"p18_politicasculturais\":\"Pol\\u00edticas Culturais\",\"p19_direitoshumanos\":\"Direitos humanos\",\"p19_educacao\":\"Educa\\u00e7\\u00e3o\",\"p19_violencia\":\"Viol\\u00eancia\",\"p20_reunioes\":\"Reuni\\u00f5es\",\"p20_atendimento\":\"Atendimento\",\"p20_oficinas\":\"Oficinas\",\"p20_apresentacoesartisticas\":\"Apresenta\\u00e7\\u00f5es art\\u00edsticas\",\"p20_visitasexcursoes\":\"Visitas\\\/Excurs\\u00f5es\",\"p21_nenhum\":\"Nenhum\",\"p22_numerodeparticipantes\":\"1  - 15\",\"p23_oficinas\":\"Oficinas\",\"p24_apresentacoesartisticas\":\"Apresenta\\u00e7\\u00f5es art\\u00edsticas\",\"p24_visitasexcursoes\":\"Visitas\\\/Excurs\\u00f5es\",\"p24_outros\":\"Outros\",\"p25_numerodepessoas\":\"20 - 40\",\"p26_numerodepessoas\":\"300 - 400\",\"p27_espacopublico\":\"Espa\\u00e7o p\\u00fablico\",\"p27_espacoemprestadocedido\":\"Espa\\u00e7o emprestado\\\/cedido\",\"p28_territorios\":\"Regi\\u00e3o da Cidade\",\"p30_outrasorganizacoes\":\"Sim\",\"p32_campanhadelongaduracao\":\"Sim\",\"p34_municipal\":\"Municipal\",\"p36_conselhosdeparticipacaoecontrolesocial\":\"Sim\",\"p38_nenhum\":\"Nenhum\",\"p40_editais\":\"N\\u00e3o\",\"p41_privadopf\":\"Privado (P. F\\u00edsica)\",\"p41_privadopj\":\"Privado (P. Jur\\u00eddica)\",\"p41_autofinanciamento\":\"Autofinanciamento\",\"p42_meiodedivulgacaoproprio\":\"Sim\",\"p43_impressoes\":\"Impressos\",\"p43_email\":\"E-mail\",\"p43_facebook\":\"Facebook\",\"p43_whatsapp\":\"WhatsApp\",\"p43_instagram\":\"Instagram\",\"p43_sitesblogs\":\"Blogs\\\/sites\",\"p44_jornaisimpressosdebairro\":\"Jornais impressos de bairro\",\"p44_redessociais\":\"Redes sociais (Facebook, YouTube, Instagram etc.)\",\"p44_sitesblogs\":\"Sites ou Blogs\",\"p39_publico\":\"CRIAN\\u00c7AS ADOLESCENTES G\\u00caNEROS\",\"p45_bandeira\":\"ESPORTE EDUCA\\u00c7\\u00c3O TRANSFORMA\\u00c7\\u00c3O SOCIAL\",\"p46_hashtags\":\"#CRIANCANAODATRABALHO #CRIANCADAFUTURO\"},{\"p1_eixo\":\"Cultura\",\"p9_tipoorganizacao\":\"Coletivo Art\\u00edstico\",\"p12_uf\":\"MG\",\"p13_cidade\":\"BELO HORIZONTE, TE\\u00d3FILO OTONI\",\"p16_nacional\":\"Nacional\",\"p17_ano\":\"2008\",\"p18_agrario\":\"Agr\\u00e1rio\\\/ruralidades\",\"p18_comunicacao\":\"Comunica\\u00e7\\u00e3o\",\"p18_difusaoartistica\":\"Difus\\u00e3o Art\\u00edstica\",\"p18_direitoshumanos\":\"Direitos humanos\",\"p18_educacao\":\"Educa\\u00e7\\u00e3o\",\"p18_feminismos\":\"Feminismos\",\"p18_lgbtqi\":\"LGBTQI\",\"p18_lutaantirracismo\":\"Luta antirracismo\",\"p18_povosecomunidadestradicionais\":\"Povos e comunidades tradicionais\",\"p18_religiao\":\"Religi\\u00e3o\",\"p18_violencia\":\"Viol\\u00eancia\",\"p18_politicasculturais\":\"Pol\\u00edticas Culturais\",\"p19_lutaantirracismo\":\"Luta antirracismo\",\"p19_difusaoartistica\":\"Difus\\u00e3o Art\\u00edstica\",\"p19_politicasculturais\":\"Pol\\u00edticas Culturais\",\"p20_reunioes\":\"Reuni\\u00f5es\",\"p20_oficinas\":\"Oficinas\",\"p20_oficinasaulasartisticas\":\"Ensaios\\\/Oficinas\\\/Aulas art\\u00edsticas\",\"p20_cursos\":\"Cursos\",\"p20_formacao\":\"Forma\\u00e7\\u00e3o\",\"p20_apresentacoesartisticas\":\"Apresenta\\u00e7\\u00f5es art\\u00edsticas\",\"p21_repressaopolicial\":\"Repress\\u00e3o policial\",\"p21_intoleranciareligiosa\":\"Fundamentalismo\\\/intoler\\u00e2ncia religiosa\",\"p21_racismo\":\"Racismo\",\"p21_lgbtqifobia\":\"LGBTIfobia\",\"p22_numerodeparticipantes\":\"15 - 30\",\"p23_reunioes\":\"Reuni\\u00f5es\",\"p23_oficinas\":\"Oficinas\",\"p23_oficinasaulasartisticas\":\"Ensaio\\\/Oficinas\\\/Aulas Art\\u00edsticas\",\"p23_cursos\":\"Cursos\",\"p23_formacao\":\"Forma\\u00e7\\u00e3o\",\"p23_apresentacoesartisticas\":\"Apresenta\\u00e7\\u00f5es Art\\u00edsticas\",\"p24_profissionalizacao\":\"Profissionaliza\\u00e7\\u00e3o\",\"p24_visitasexcursoes\":\"Visitas\\\/Excurs\\u00f5es\",\"p25_numerodepessoas\":\"400 - 500\",\"p26_numerodepessoas\":\"400 - 500\",\"p27_espacopublico\":\"Espa\\u00e7o p\\u00fablico\",\"p27_espacoproprio\":\"Espa\\u00e7o pr\\u00f3prio\",\"p27_virtual\":\"Virtual\",\"p28_territorios\":\"Atua\\u00e7\\u00e3o Internacional\",\"p30_outrasorganizacoes\":\"Sim\",\"p32_campanhadelongaduracao\":\"Sim\",\"p34_nenhuma\":\"Nenhuma\",\"p36_conselhosdeparticipacaoecontrolesocial\":\"Sim\",\"p38_nenhum\":\"Nenhum\",\"p40_editais\":\"N\\u00e3o\",\"p41_publicoestatal\":\"P\\u00fablico-Estatal\",\"p41_autofinanciamento\":\"Autofinanciamento\",\"p41_financiamentocoletivo0\":\"Financiamento coletivo\",\"p42_meiodedivulgacaoproprio\":\"Sim\",\"p43_email\":\"E-mail\",\"p43_facebook\":\"Facebook\",\"p43_whatsapp\":\"WhatsApp\",\"p43_instagram\":\"Instagram\",\"p44_radio\":\"TV\",\"p44_jornaisimpressosdegrandecirculacao\":\"Jornais impressos de grande circula\\u00e7\\u00e3o\",\"p44_jornaisimpressosdebairro\":\"Jornais impressos de bairro\",\"p44_redessociais\":\"Redes sociais (Facebook, YouTube, Instagram etc.)\",\"p44_sitesblogs\":\"Sites ou Blogs\",\"p39_publico\":\"ARTISTAS NEGROS POPULA\\u00c7\\u00c3O VULNERABILIDADE NEGROS TRANSG\\u00caNICOS\",\"p45_bandeira\":\"LUTA ANTIRRACISTA CONTRALGBTFOBIA TEATRO NEGRO\",\"p46_hashtags\":\"#RACISMOEUMPROBLEMADETODOS #TEATRONEGROEPOLITICO  #NAOALGBTIQFOBIA\"},{\"p1_eixo\":\"Cultura\",\"p9_tipoorganizacao\":\"Coletivo\",\"p12_uf\":\"RJ\",\"p13_cidade\":\"RIO DE JANEIRO\",\"p16_bairro\":\"Bairro\",\"p17_ano\":\"2014\",\"p18_comunicacao\":\"Comunica\\u00e7\\u00e3o\",\"p18_desenvolvimentoterritorial\":\"Desenvolvimento territorial\",\"p18_direitoshumanos\":\"Direitos humanos\",\"p18_educacao\":\"Educa\\u00e7\\u00e3o\",\"p18_feminismos\":\"Feminismos\",\"p18_lutaantirracismo\":\"Luta antirracismo\",\"p18_mobilidade\":\"Mobilidade\",\"p18_moradia\":\"Moradia\",\"p18_religiao\":\"Religi\\u00e3o\",\"p18_violencia\":\"Viol\\u00eancia\",\"p18_politicasculturais\":\"Pol\\u00edticas Culturais\",\"p19_direitoshumanos\":\"Direitos humanos\",\"p19_lutaantirracismo\":\"Luta antirracismo\",\"p19_politicasculturais\":\"Pol\\u00edticas Culturais\",\"p20_oficinas\":\"Oficinas\",\"p20_oficinasaulasartisticas\":\"Ensaios\\\/Oficinas\\\/Aulas art\\u00edsticas\",\"p20_cursos\":\"Cursos\",\"p20_formacao\":\"Forma\\u00e7\\u00e3o\",\"p20_apresentacoesartisticas\":\"Apresenta\\u00e7\\u00f5es art\\u00edsticas\",\"p21_machismo\":\"Machismo\",\"p21_racismo\":\"Racismo\",\"p22_numerodeparticipantes\":\"1  - 15\",\"p23_apresentacoesartisticas\":\"Apresenta\\u00e7\\u00f5es Art\\u00edsticas\",\"p24_oficinas\":\"Oficinas\",\"p24_oficinasaulasartisticas\":\"Ensaios\\\/Oficinas\\\/Aulas art\\u00edsticas\",\"p24_curso\":\"Curso\",\"p24_apresentacoesartisticas\":\"Apresenta\\u00e7\\u00f5es art\\u00edsticas\",\"p24_outros\":\"Outros\",\"p25_numerodepessoas\":\"20 - 40\",\"p26_numerodepessoas\":\"1 - 20\",\"p27_espacopublico\":\"Espa\\u00e7o p\\u00fablico\",\"p27_espacoemprestadocedido\":\"Espa\\u00e7o emprestado\\\/cedido\",\"p28_territorios\":\"Pr\\u00f3prio bairro\",\"p30_outrasorganizacoes\":\"Sim\",\"p32_campanhadelongaduracao\":\"Sim\",\"p34_nenhuma\":\"Nenhuma\",\"p36_conselhosdeparticipacaoecontrolesocial\":\"N\\u00e3o\",\"p38_nenhum\":\"Nenhum\",\"p40_editais\":\"Sim\",\"p41_autofinanciamento\":\"Autofinanciamento\",\"p42_meiodedivulgacaoproprio\":\"Sim\",\"p43_facebook\":\"Facebook\",\"p43_instagram\":\"Instagram\",\"p43_twitter\":\"Twitter\",\"p43_youtube\":\"YouTube\",\"p44_jornaisimpressosdebairro\":\"Jornais impressos de bairro\",\"p44_redessociais\":\"Redes sociais (Facebook, YouTube, Instagram etc.)\",\"p39_publico\":\"MORADORES MAR\\u00c9\",\"p45_bandeira\":\"LUTA ANTIRRACISMO MULHERES TERRIT\\u00d3RIO\",\"p46_hashtags\":\"#VIDASNEGRASIMPORTAM #FAVELARESISTE #NAOENAO\"},{\"p1_eixo\":\"Viol\\u00eancia\",\"p9_tipoorganizacao\":\"Movimento Social\",\"p12_uf\":\"MG\",\"p13_cidade\":\"BELO HORIZONTE\",\"p16_bairro\":\"Bairro\",\"p17_ano\":\"2001\",\"p18_comunicacao\":\"Comunica\\u00e7\\u00e3o\",\"p18_difusaoartistica\":\"Difus\\u00e3o Art\\u00edstica\",\"p18_desenvolvimentoterritorial\":\"Desenvolvimento territorial\",\"p18_direitoshumanos\":\"Direitos humanos\",\"p18_educacao\":\"Educa\\u00e7\\u00e3o\",\"p18_feminismos\":\"Feminismos\",\"p18_lutaantirracismo\":\"Luta antirracismo\",\"p18_moradia\":\"Moradia\",\"p18_trabalho\":\"Trabalho\",\"p18_saude\":\"Sa\\u00fade\",\"p18_violencia\":\"Viol\\u00eancia\",\"p18_politicasculturais\":\"Pol\\u00edticas Culturais\",\"p19_direitoshumanos\":\"Direitos humanos\",\"p19_violencia\":\"Viol\\u00eancia\",\"p19_politicasculturais\":\"Pol\\u00edticas Culturais\",\"p20_reunioes\":\"Reuni\\u00f5es\",\"p20_atendimento\":\"Atendimento\",\"p20_oficinas\":\"Oficinas\",\"p20_oficinasaulasartisticas\":\"Ensaios\\\/Oficinas\\\/Aulas art\\u00edsticas\",\"p20_cursos\":\"Cursos\",\"p20_formacao\":\"Forma\\u00e7\\u00e3o\",\"p20_profissionalizacao\":\"Profissionaliza\\u00e7\\u00e3o\",\"p20_apresentacoesartisticas\":\"Apresenta\\u00e7\\u00f5es art\\u00edsticas\",\"p20_visitasexcursoes\":\"Visitas\\\/Excurs\\u00f5es\",\"p21_nenhum\":\"Nenhum\",\"p22_numerodeparticipantes\":\"15 - 30\",\"p23_reunioes\":\"Reuni\\u00f5es\",\"p23_atendimento\":\"Atendimento\",\"p23_oficinas\":\"Oficinas\",\"p23_oficinasaulasartisticas\":\"Ensaio\\\/Oficinas\\\/Aulas Art\\u00edsticas\",\"p23_cursos\":\"Cursos\",\"p23_formacao\":\"Forma\\u00e7\\u00e3o\",\"p23_profissionalizacao\":\"Profissionaliza\\u00e7\\u00e3o\",\"p23_apresentacoesartisticas\":\"Apresenta\\u00e7\\u00f5es Art\\u00edsticas\",\"p23_visitas\":\"Visitas\",\"p23_outros\":\"Outros\",\"p24_reunioes\":\"Reuni\\u00f5es\",\"p24_atendimento\":\"Atendimentos\",\"p24_oficinas\":\"Oficinas\",\"p24_profissionalizacao\":\"Profissionaliza\\u00e7\\u00e3o\",\"p25_numerodepessoas\":\"80 - 100\",\"p26_numerodepessoas\":\"80 - 100\",\"p27_espacoemprestadocedido\":\"Espa\\u00e7o emprestado\\\/cedido\",\"p28_territorios\":\"Pr\\u00f3prio bairro\",\"p30_outrasorganizacoes\":\"N\\u00e3o\",\"p32_campanhadelongaduracao\":\"Sim\",\"p34_nenhuma\":\"Nenhuma\",\"p36_conselhosdeparticipacaoecontrolesocial\":\"N\\u00e3o\",\"p38_nenhum\":\"Nenhum\",\"p40_editais\":\"N\\u00e3o\",\"p41_autofinanciamento\":\"Autofinanciamento\",\"p42_meiodedivulgacaoproprio\":\"Sim\",\"p43_impressoes\":\"Impressos\",\"p43_email\":\"E-mail\",\"p43_facebook\":\"Facebook\",\"p43_sitesblogs\":\"Blogs\\\/sites\",\"p43_youtube\":\"YouTube\",\"p44_redessociais\":\"Redes sociais (Facebook, YouTube, Instagram etc.)\",\"p39_publico\":\"MULHERES FILHOS FAMILIARES MORADORES PERIFERIA SOCIAL GRAVE\",\"p45_bandeira\":\"APOIAR MULHERES FAMILIARES SITUA\\u00c7\\u00c3O-DE-RISCO-SOCIAL FILHOS MUNDO CRIME SISTEMA-PRISIONAL\",\"p46_hashtags\":\"#MAESQUECHORAM #VOCENAOESTASO #MULHERESDELUTA\"},{\"p1_eixo\":\"Trabalho\",\"p9_tipoorganizacao\":\"ONG\",\"p12_uf\":\"MG\",\"p13_cidade\":\"BELO HORIZONTE\",\"p16_cidade\":\"Cidade\",\"p17_ano\":\"2008\",\"p18_agrario\":\"Agr\\u00e1rio\\\/ruralidades\",\"p18_direitoshumanos\":\"Direitos humanos\",\"p18_moradia\":\"Moradia\",\"p18_trabalho\":\"Trabalho\",\"p18_saude\":\"Sa\\u00fade\",\"p19_direitoshumanos\":\"Direitos humanos\",\"p19_moradia\":\"Moradia\",\"p19_saude\":\"Sa\\u00fade\",\"p20_reunioes\":\"Reuni\\u00f5es\",\"p20_atendimento\":\"Atendimento\",\"p20_oficinas\":\"Oficinas\",\"p20_cursos\":\"Cursos\",\"p20_profissionalizacao\":\"Profissionaliza\\u00e7\\u00e3o\",\"p21_repressaopolicial\":\"Repress\\u00e3o policial\",\"p22_numerodeparticipantes\":\"15 - 30\",\"p23_reunioes\":\"Reuni\\u00f5es\",\"p23_atendimento\":\"Atendimento\",\"p23_oficinas\":\"Oficinas\",\"p23_cursos\":\"Cursos\",\"p23_formacao\":\"Forma\\u00e7\\u00e3o\",\"p23_profissionalizacao\":\"Profissionaliza\\u00e7\\u00e3o\",\"p24_atendimento\":\"Atendimentos\",\"p24_curso\":\"Curso\",\"p24_profissionalizacao\":\"Profissionaliza\\u00e7\\u00e3o\",\"p25_numerodepessoas\":\"80 - 100\",\"p26_numerodepessoas\":\"80 - 100\",\"p27_espacoproprio\":\"Espa\\u00e7o pr\\u00f3prio\",\"p28_territorios\":\"Estado\",\"p30_outrasorganizacoes\":\"Sim\",\"p32_campanhadelongaduracao\":\"N\\u00e3o\",\"p34_municipal\":\"Municipal\",\"p34_estadual\":\"Estadual\",\"p34_nacional\":\"Nacional\",\"p36_conselhosdeparticipacaoecontrolesocial\":\"Sim\",\"p38_nenhum\":\"Nenhum\",\"p40_editais\":\"Sim\",\"p41_privadopf\":\"Privado (P. F\\u00edsica)\",\"p42_meiodedivulgacaoproprio\":\"Sim\",\"p43_impressoes\":\"Impressos\",\"p43_email\":\"E-mail\",\"p43_facebook\":\"Facebook\",\"p43_whatsapp\":\"WhatsApp\",\"p43_instagram\":\"Instagram\",\"p44_redessociais\":\"Redes sociais (Facebook, YouTube, Instagram etc.)\",\"p44_sitesblogs\":\"Sites ou Blogs\",\"p39_publico\":\"JOVENS ADULTOS\",\"p45_bandeira\":\"DIREITO VIVER DIGNIDADE\",\"p46_hashtags\":\"#PELODIREITODEVIVERCOMDIGNIDADE  #CIDADEREFUGIO  #MORADIAEDIGNIDADE\"},{\"p1_eixo\":\"Viol\\u00eancia\",\"p9_tipoorganizacao\":\"ONG\",\"p12_uf\":\"RS\",\"p13_cidade\":\"PORTO ALEGRE\",\"p16_nacional\":\"Nacional\",\"p17_ano\":\"2001\",\"p18_comunicacao\":\"Comunica\\u00e7\\u00e3o\",\"p18_direitoshumanos\":\"Direitos humanos\",\"p18_educacao\":\"Educa\\u00e7\\u00e3o\",\"p18_feminismos\":\"Feminismos\",\"p18_lgbtqi\":\"LGBTQI\",\"p18_lutaantirracismo\":\"Luta antirracismo\",\"p18_saude\":\"Sa\\u00fade\",\"p18_violencia\":\"Viol\\u00eancia\",\"p18_politicasculturais\":\"Pol\\u00edticas Culturais\",\"p19_direitoshumanos\":\"Direitos humanos\",\"p19_lgbtqi\":\"LGBTQI\",\"p19_saude\":\"Sa\\u00fade\",\"p20_reunioes\":\"Reuni\\u00f5es\",\"p20_atendimento\":\"Atendimento\",\"p20_oficinas\":\"Oficinas\",\"p20_oficinasaulasartisticas\":\"Ensaios\\\/Oficinas\\\/Aulas art\\u00edsticas\",\"p20_cursos\":\"Cursos\",\"p20_formacao\":\"Forma\\u00e7\\u00e3o\",\"p21_intoleranciareligiosa\":\"Fundamentalismo\\\/intoler\\u00e2ncia religiosa\",\"p21_machismo\":\"Machismo\",\"p21_lgbtqifobia\":\"LGBTIfobia\",\"p22_numerodeparticipantes\":\"1  - 15\",\"p23_reunioes\":\"Reuni\\u00f5es\",\"p23_oficinas\":\"Oficinas\",\"p23_cursos\":\"Cursos\",\"p24_atendimento\":\"Atendimentos\",\"p24_formacao\":\"Forma\\u00e7\\u00e3o\",\"p25_numerodepessoas\":\"20 - 40\",\"p26_numerodepessoas\":\"20 - 40\",\"p27_espacoemprestadocedido\":\"Espa\\u00e7o emprestado\\\/cedido\",\"p27_virtual\":\"Virtual\",\"p28_territorios\":\"Cidade\",\"p30_outrasorganizacoes\":\"N\\u00e3o\",\"p32_campanhadelongaduracao\":\"Sim\",\"p34_municipal\":\"Municipal\",\"p34_estadual\":\"Estadual\",\"p34_nacional\":\"Nacional\",\"p36_conselhosdeparticipacaoecontrolesocial\":\"Sim\",\"p38_nenhum\":\"Nenhum\",\"p40_editais\":\"Sim\",\"p41_privadopj\":\"Privado (P. Jur\\u00eddica)\",\"p42_meiodedivulgacaoproprio\":\"Sim\",\"p43_email\":\"E-mail\",\"p43_facebook\":\"Facebook\",\"p43_instagram\":\"Instagram\",\"p43_twitter\":\"Twitter\",\"p43_youtube\":\"YouTube\",\"p44_redessociais\":\"Redes sociais (Facebook, YouTube, Instagram etc.)\",\"p44_sitesblogs\":\"Sites ou Blogs\",\"p39_publico\":\"LGBTQIA+ HIV AIDS\",\"p45_bandeira\":\"DIREITOS LGBTQIA+ HIV AIDS FEMINISMO ANTIRRACISMO ANTICAPITALISMO\",\"p46_hashtags\":\"#LGBTI #HIV #FEMINISMO\"},{\"p1_eixo\":\"Cultura\",\"p9_tipoorganizacao\":\"Coletivo\",\"p12_uf\":\"MG\",\"p13_cidade\":\"BELO HORIZONTE\",\"p16_cidade\":\"Cidade\",\"p17_ano\":\"2019\",\"p18_agrario\":\"Agr\\u00e1rio\\\/ruralidades\",\"p18_comunicacao\":\"Comunica\\u00e7\\u00e3o\",\"p18_direitoshumanos\":\"Direitos humanos\",\"p18_educacao\":\"Educa\\u00e7\\u00e3o\",\"p18_feminismos\":\"Feminismos\",\"p18_lgbtqi\":\"LGBTQI\",\"p18_lutaantirracismo\":\"Luta antirracismo\",\"p18_moradia\":\"Moradia\",\"p18_povosecomunidadestradicionais\":\"Povos e comunidades tradicionais\",\"p18_trabalho\":\"Trabalho\",\"p18_saude\":\"Sa\\u00fade\",\"p18_violencia\":\"Viol\\u00eancia\",\"p18_politicasculturais\":\"Pol\\u00edticas Culturais\",\"p19_direitoshumanos\":\"Direitos humanos\",\"p19_feminismos\":\"Feminismos\",\"p19_politicasculturais\":\"Pol\\u00edticas Culturais\",\"p20_reunioes\":\"Reuni\\u00f5es\",\"p20_oficinas\":\"Oficinas\",\"p21_nenhum\":\"Nenhum\",\"p22_numerodeparticipantes\":\"15 - 30\",\"p23_reunioes\":\"Reuni\\u00f5es\",\"p23_oficinas\":\"Oficinas\",\"p23_outros\":\"Outros\",\"p24_reunioes\":\"Reuni\\u00f5es\",\"p24_oficinas\":\"Oficinas\",\"p24_outros\":\"Outros\",\"p25_numerodepessoas\":\"20 - 40\",\"p26_numerodepessoas\":\"60 - 80\",\"p27_espacopublico\":\"Espa\\u00e7o p\\u00fablico\",\"p27_espacoemprestadocedido\":\"Espa\\u00e7o emprestado\\\/cedido\",\"p28_territorios\":\"Cidade\",\"p30_outrasorganizacoes\":\"Sim\",\"p32_campanhadelongaduracao\":\"Sim\",\"p34_nenhuma\":\"Nenhuma\",\"p36_conselhosdeparticipacaoecontrolesocial\":\"N\\u00e3o\",\"p38_sim\":\"Sim\",\"p40_editais\":\"N\\u00e3o\",\"p41_autofinanciamento\":\"Autofinanciamento\",\"p42_meiodedivulgacaoproprio\":\"Sim\",\"p43_facebook\":\"Facebook\",\"p43_whatsapp\":\"WhatsApp\",\"p43_instagram\":\"Instagram\",\"p44_redessociais\":\"Redes sociais (Facebook, YouTube, Instagram etc.)\",\"p39_publico\":\"MULHERES JOVENS ESTUDANTES PROFESSORES MOVIMENTO SEM-TERRA MOVIMENTO SEM-TETO FRENTES PARLAMENTARES DEFESA DEMOCRACIA\",\"p45_bandeira\":\"JUSTI\\u00c7A DEMOCRACIA DIREITOS HUMANOS SOCIAIS ARTE CULTURA LIBERDADE EXPRESS\\u00c3O\",\"p46_hashtags\":\"#SOMOSDALUTADAALEGRIA #PONTOSDELUTAPRESENTE #LUTECOMOUMABORDADEIRA\"},{\"p1_eixo\":\"Cultura\",\"p9_tipoorganizacao\":\"ONG\",\"p12_uf\":\"SP\",\"p13_cidade\":\"S\\u00c3O PAULO\",\"p16_bairro\":\"Bairro\",\"p17_ano\":\"2016\",\"p18_direitoshumanos\":\"Direitos humanos\",\"p18_moradia\":\"Moradia\",\"p18_povosecomunidadestradicionais\":\"Povos e comunidades tradicionais\",\"p19_direitoshumanos\":\"Direitos humanos\",\"p19_moradia\":\"Moradia\",\"p19_povosecomunidadestradicionais\":\"Povos e comunidades tradicionais\",\"p20_atendimento\":\"Atendimento\",\"p21_nenhum\":\"Nenhum\",\"p22_numerodeparticipantes\":\"45 - 60\",\"p23_reunioes\":\"Reuni\\u00f5es\",\"p23_atendimento\":\"Atendimento\",\"p23_visitas\":\"Visitas\",\"p24_atendimento\":\"Atendimentos\",\"p24_formacao\":\"Forma\\u00e7\\u00e3o\",\"p25_numerodepessoas\":\"100 - 200\",\"p26_numerodepessoas\":\"20 - 40\",\"p27_espacopublico\":\"Espa\\u00e7o p\\u00fablico\",\"p27_espacoproprio\":\"Espa\\u00e7o pr\\u00f3prio\",\"p28_territorios\":\"Pr\\u00f3prio bairro\",\"p30_outrasorganizacoes\":\"Sim\",\"p32_campanhadelongaduracao\":\"N\\u00e3o\",\"p34_nenhuma\":\"Nenhuma\",\"p36_conselhosdeparticipacaoecontrolesocial\":\"N\\u00e3o\",\"p38_nenhum\":\"Nenhum\",\"p40_editais\":\"N\\u00e3o\",\"p41_privadopf\":\"Privado (P. F\\u00edsica)\",\"p41_autofinanciamento\":\"Autofinanciamento\",\"p42_meiodedivulgacaoproprio\":\"Sim\",\"p43_impressoes\":\"Impressos\",\"p43_facebook\":\"Facebook\",\"p43_whatsapp\":\"WhatsApp\",\"p43_youtube\":\"YouTube\",\"p44_redessociais\":\"Redes sociais (Facebook, YouTube, Instagram etc.)\",\"p39_publico\":\"PESSOAS RUA\",\"p45_bandeira\":\"DIREITO DIGNIDADE RESSOCIALIZA\\u00c7\\u00c3O\",\"p46_hashtags\":\"#TODOSCOMDIGNIDADE #FAZEROBEMSEMOLHARAQUEM #TRANSFORMANDOVIDAS\"},{\"p1_eixo\":\"Viol\\u00eancia\",\"p9_tipoorganizacao\":\"Coletivo\",\"p12_uf\":\"RJ\",\"p13_cidade\":\"RIO DE JANEIRO\",\"p17_ano\":\"2017\",\"p16_estado\":\"Estado\",\"p18_direitoshumanos\":\"Direitos humanos\",\"p18_educacao\":\"Educa\\u00e7\\u00e3o\",\"p18_lgbtqi\":\"LGBTQI\",\"p18_violencia\":\"Viol\\u00eancia\",\"p18_politicasculturais\":\"Pol\\u00edticas Culturais\",\"p19_direitoshumanos\":\"Direitos humanos\",\"p19_lgbtqi\":\"LGBTQI\",\"p19_violencia\":\"Viol\\u00eancia\",\"p20_reunioes\":\"Reuni\\u00f5es\",\"p20_oficinas\":\"Oficinas\",\"p20_oficinasaulasartisticas\":\"Ensaios\\\/Oficinas\\\/Aulas art\\u00edsticas\",\"p20_cursos\":\"Cursos\",\"p20_formacao\":\"Forma\\u00e7\\u00e3o\",\"p20_profissionalizacao\":\"Profissionaliza\\u00e7\\u00e3o\",\"p21_lgbtqifobia\":\"LGBTIfobia\",\"p22_numerodeparticipantes\":\"1  - 15\",\"p23_reunioes\":\"Reuni\\u00f5es\",\"p23_oficinasaulasartisticas\":\"Ensaio\\\/Oficinas\\\/Aulas Art\\u00edsticas\",\"p23_cursos\":\"Cursos\",\"p24_reunioes\":\"Reuni\\u00f5es\",\"p24_atendimento\":\"Atendimentos\",\"p24_curso\":\"Curso\",\"p25_numerodepessoas\":\"1 - 20\",\"p26_numerodepessoas\":\"40 - 60\",\"p27_espacopublico\":\"Espa\\u00e7o p\\u00fablico\",\"p28_territorios\":\"Estado\",\"p30_outrasorganizacoes\":\"Sim\",\"p32_campanhadelongaduracao\":\"Sim\",\"p34_nenhuma\":\"Nenhuma\",\"p36_conselhosdeparticipacaoecontrolesocial\":\"Sim\",\"p38_sim\":\"Sim\",\"p40_editais\":\"Sim\",\"p41_publicoestatal\":\"P\\u00fablico-Estatal\",\"p42_meiodedivulgacaoproprio\":\"Sim\",\"p43_impressoes\":\"Impressos\",\"p43_email\":\"E-mail\",\"p43_facebook\":\"Facebook\",\"p44_nenhum\":\"Nenhum\",\"p39_publico\":\"LGBTS\",\"p45_bandeira\":\"DIREITOS LGBTQIA+\",\"p46_hashtags\":\"#LGBT+ #DIREITOSHUMANOS #MILITANCIA\"},{\"p1_eixo\":\"Viol\\u00eancia\",\"p9_tipoorganizacao\":\"Associa\\u00e7\\u00e3o\",\"p12_uf\":\"PR\",\"p13_cidade\":\"CURITIBA\",\"p17_ano\":\"2006\",\"p16_estado\":\"Estado\",\"p18_comunicacao\":\"Comunica\\u00e7\\u00e3o\",\"p18_difusaoartistica\":\"Difus\\u00e3o Art\\u00edstica\",\"p18_desenvolvimentoterritorial\":\"Desenvolvimento territorial\",\"p18_direitoshumanos\":\"Direitos humanos\",\"p18_educacao\":\"Educa\\u00e7\\u00e3o\",\"p18_feminismos\":\"Feminismos\",\"p18_lgbtqi\":\"LGBTQI\",\"p18_lutaantirracismo\":\"Luta antirracismo\",\"p18_povosecomunidadestradicionais\":\"Povos e comunidades tradicionais\",\"p18_religiao\":\"Religi\\u00e3o\",\"p18_saude\":\"Sa\\u00fade\",\"p18_violencia\":\"Viol\\u00eancia\",\"p19_educacao\":\"Educa\\u00e7\\u00e3o\",\"p19_lgbtqi\":\"LGBTQI\",\"p19_saude\":\"Sa\\u00fade\",\"p20_atendimento\":\"Atendimento\",\"p20_oficinas\":\"Oficinas\",\"p21_intoleranciareligiosa\":\"Fundamentalismo\\\/intoler\\u00e2ncia religiosa\",\"p21_machismo\":\"Machismo\",\"p21_racismo\":\"Racismo\",\"p21_lgbtqifobia\":\"LGBTIfobia\",\"p22_numerodeparticipantes\":\"30 - 45\",\"p23_atendimento\":\"Atendimento\",\"p23_oficinas\":\"Oficinas\",\"p23_outros\":\"Outros\",\"p24_outros\":\"Outros\",\"p25_numerodepessoas\":\"40 - 60\",\"p26_numerodepessoas\":\"100 - 200\",\"p27_espacopublico\":\"Espa\\u00e7o p\\u00fablico\",\"p27_espacoproprio\":\"Espa\\u00e7o pr\\u00f3prio\",\"p27_virtual\":\"Virtual\",\"p27_ocupacao\":\"Ocupa\\u00e7\\u00e3o\",\"p28_territorios\":\"Estado\",\"p30_outrasorganizacoes\":\"Sim\",\"p32_campanhadelongaduracao\":\"N\\u00e3o\",\"p34_nacional\":\"Nacional\",\"p36_conselhosdeparticipacaoecontrolesocial\":\"Sim\",\"p38_sim\":\"Sim\",\"p40_editais\":\"Sim\",\"p41_publicoestatal\":\"P\\u00fablico-Estatal\",\"p41_privadopf\":\"Privado (P. F\\u00edsica)\",\"p41_privadopj\":\"Privado (P. Jur\\u00eddica)\",\"p41_autofinanciamento\":\"Autofinanciamento\",\"p42_meiodedivulgacaoproprio\":\"Sim\",\"p43_email\":\"E-mail\",\"p43_facebook\":\"Facebook\",\"p43_instagram\":\"Instagram\",\"p43_sitesblogs\":\"Blogs\\\/sites\",\"p44_radio\":\"TV\",\"p39_publico\":\"POPULA\\u00c7\\u00c3O NEGRA MULHERES NEGRAS\",\"p45_bandeira\":\"SA\\u00daDE POPULA\\u00c7\\u00c3O NEGRA ANTIRRACISMO DIREITOS POPULA\\u00c7\\u00c3O LGBTQIA+ DEFESA COTAS RACIAIS DIREITO MORADIA\",\"p46_hashtags\":\"#NAOAORACISMO #VIDASNEGRASIMPORTAM #MAISSAUDEPARAAPOPULACAONEGRA\"},{\"p1_eixo\":\"Cultura\",\"p9_tipoorganizacao\":\"Coletivo\",\"p12_uf\":\"SP\",\"p13_cidade\":\"S\\u00c3O PAULO\",\"p16_cidade\":\"Cidade\",\"p17_ano\":\"2017\",\"p18_agrario\":\"Agr\\u00e1rio\\\/ruralidades\",\"p18_comunicacao\":\"Comunica\\u00e7\\u00e3o\",\"p18_difusaoartistica\":\"Difus\\u00e3o Art\\u00edstica\",\"p18_desenvolvimentoterritorial\":\"Desenvolvimento territorial\",\"p18_direitoshumanos\":\"Direitos humanos\",\"p18_educacao\":\"Educa\\u00e7\\u00e3o\",\"p18_feminismos\":\"Feminismos\",\"p18_lgbtqi\":\"LGBTQI\",\"p18_lutaantirracismo\":\"Luta antirracismo\",\"p18_mobilidade\":\"Mobilidade\",\"p18_moradia\":\"Moradia\",\"p18_povosecomunidadestradicionais\":\"Povos e comunidades tradicionais\",\"p18_trabalho\":\"Trabalho\",\"p18_saude\":\"Sa\\u00fade\",\"p18_violencia\":\"Viol\\u00eancia\",\"p18_politicasculturais\":\"Pol\\u00edticas Culturais\",\"p19_comunicacao\":\"Comunica\\u00e7\\u00e3o\",\"p19_lgbtqi\":\"LGBTQI\",\"p19_politicasculturais\":\"Pol\\u00edticas Culturais\",\"p20_oficinas\":\"Oficinas\",\"p20_oficinasaulasartisticas\":\"Ensaios\\\/Oficinas\\\/Aulas art\\u00edsticas\",\"p20_cursos\":\"Cursos\",\"p20_profissionalizacao\":\"Profissionaliza\\u00e7\\u00e3o\",\"p20_apresentacoesartisticas\":\"Apresenta\\u00e7\\u00f5es art\\u00edsticas\",\"p21_nenhum\":\"Nenhum\",\"p22_numerodeparticipantes\":\"1  - 15\",\"p23_outros\":\"Outros\",\"p24_reunioes\":\"Reuni\\u00f5es\",\"p24_atendimento\":\"Atendimentos\",\"p24_oficinas\":\"Oficinas\",\"p24_curso\":\"Curso\",\"p24_apresentacoesartisticas\":\"Apresenta\\u00e7\\u00f5es art\\u00edsticas\",\"p25_numerodepessoas\":\"300 - 400\",\"p26_numerodepessoas\":\"200 - 300\",\"p27_espacoemprestadocedido\":\"Espa\\u00e7o emprestado\\\/cedido\",\"p28_territorios\":\"Cidade\",\"p30_outrasorganizacoes\":\"Sim\",\"p32_campanhadelongaduracao\":\"N\\u00e3o\",\"p34_nacional\":\"Nacional\",\"p36_conselhosdeparticipacaoecontrolesocial\":\"Sim\",\"p38_nenhum\":\"Nenhum\",\"p40_editais\":\"N\\u00e3o\",\"p41_financiamentocoletivo0\":\"Financiamento coletivo\",\"p42_meiodedivulgacaoproprio\":\"Sim\",\"p43_facebook\":\"Facebook\",\"p43_instagram\":\"Instagram\",\"p43_youtube\":\"YouTube\",\"p44_jornaisimpressosdebairro\":\"Jornais impressos de bairro\",\"p44_redessociais\":\"Redes sociais (Facebook, YouTube, Instagram etc.)\",\"p44_sitesblogs\":\"Sites ou Blogs\",\"p39_publico\":\"JOVENS\",\"p45_bandeira\":\"CONHECIMENTO EDUCA\\u00c7\\u00c3O\",\"p46_hashtags\":\"#EDUCACAO #COMUNICACAO #ARTE\"},{\"p1_eixo\":\"Viol\\u00eancia\",\"p9_tipoorganizacao\":\"Coletivo\",\"p12_uf\":\"PR\",\"p13_cidade\":\"CURITIBA\",\"p16_bairro\":\"Bairro\",\"p17_ano\":\"2014\",\"p18_comunicacao\":\"Comunica\\u00e7\\u00e3o\",\"p18_difusaoartistica\":\"Difus\\u00e3o Art\\u00edstica\",\"p18_desenvolvimentoterritorial\":\"Desenvolvimento territorial\",\"p18_direitoshumanos\":\"Direitos humanos\",\"p18_educacao\":\"Educa\\u00e7\\u00e3o\",\"p18_feminismos\":\"Feminismos\",\"p18_lgbtqi\":\"LGBTQI\",\"p18_lutaantirracismo\":\"Luta antirracismo\",\"p18_mobilidade\":\"Mobilidade\",\"p18_moradia\":\"Moradia\",\"p18_povosecomunidadestradicionais\":\"Povos e comunidades tradicionais\",\"p18_trabalho\":\"Trabalho\",\"p18_saude\":\"Sa\\u00fade\",\"p18_violencia\":\"Viol\\u00eancia\",\"p18_politicasculturais\":\"Pol\\u00edticas Culturais\",\"p19_desenvolvimentoterritorial\":\"Desenvolvimento territorial\",\"p19_lutaantirracismo\":\"Luta antirracismo\",\"p19_violencia\":\"Viol\\u00eancia\",\"p20_atendimento\":\"Atendimento\",\"p20_oficinas\":\"Oficinas\",\"p20_oficinasaulasartisticas\":\"Ensaios\\\/Oficinas\\\/Aulas art\\u00edsticas\",\"p20_formacao\":\"Forma\\u00e7\\u00e3o\",\"p21_repressaopolicial\":\"Repress\\u00e3o policial\",\"p21_machismo\":\"Machismo\",\"p22_numerodeparticipantes\":\"1  - 15\",\"p23_atendimento\":\"Atendimento\",\"p23_oficinas\":\"Oficinas\",\"p24_reunioes\":\"Reuni\\u00f5es\",\"p25_numerodepessoas\":\"100 - 200\",\"p26_numerodepessoas\":\"20 - 40\",\"p27_espacoemprestadocedido\":\"Espa\\u00e7o emprestado\\\/cedido\",\"p27_ocupacao\":\"Ocupa\\u00e7\\u00e3o\",\"p28_territorios\":\"Pr\\u00f3prio bairro\",\"p30_outrasorganizacoes\":\"N\\u00e3o\",\"p32_campanhadelongaduracao\":\"Sim\",\"p34_nenhuma\":\"Nenhuma\",\"p36_conselhosdeparticipacaoecontrolesocial\":\"N\\u00e3o\",\"p38_sim\":\"Sim\",\"p40_editais\":\"N\\u00e3o\",\"p41_privadopf\":\"Privado (P. F\\u00edsica)\",\"p41_financiamentocoletivo0\":\"Financiamento coletivo\",\"p42_meiodedivulgacaoproprio\":\"Sim\",\"p43_facebook\":\"Facebook\",\"p43_instagram\":\"Instagram\",\"p44_redessociais\":\"Redes sociais (Facebook, YouTube, Instagram etc.)\",\"p39_publico\":\"PR\\u00c9-ADOLESCENTES ADOLESCENTES MULHERES\",\"p45_bandeira\":\"MORADIA DIREITO MULHER ANTIRRACISMO LUTA CRIAN\\u00c7A CONTRA \",\"p46_hashtags\":\"#DEMOCRACIA #NOVOMUNDO #VIDAMELHOR\"},{\"p1_eixo\":\"Viol\\u00eancia\",\"p9_tipoorganizacao\":\"ONG\",\"p12_uf\":\"PR\",\"p13_cidade\":\"CURITIBA\",\"p16_cidade\":\"Cidade\",\"p17_ano\":\"2007\",\"p18_comunicacao\":\"Comunica\\u00e7\\u00e3o\",\"p18_difusaoartistica\":\"Difus\\u00e3o Art\\u00edstica\",\"p18_direitoshumanos\":\"Direitos humanos\",\"p18_educacao\":\"Educa\\u00e7\\u00e3o\",\"p18_feminismos\":\"Feminismos\",\"p18_lgbtqi\":\"LGBTQI\",\"p18_lutaantirracismo\":\"Luta antirracismo\",\"p18_mobilidade\":\"Mobilidade\",\"p18_moradia\":\"Moradia\",\"p18_povosecomunidadestradicionais\":\"Povos e comunidades tradicionais\",\"p18_trabalho\":\"Trabalho\",\"p18_saude\":\"Sa\\u00fade\",\"p18_violencia\":\"Viol\\u00eancia\",\"p18_politicasculturais\":\"Pol\\u00edticas Culturais\",\"p19_educacao\":\"Educa\\u00e7\\u00e3o\",\"p19_feminismos\":\"Feminismos\",\"p19_violencia\":\"Viol\\u00eancia\",\"p20_atendimento\":\"Atendimento\",\"p20_oficinas\":\"Oficinas\",\"p20_oficinasaulasartisticas\":\"Ensaios\\\/Oficinas\\\/Aulas art\\u00edsticas\",\"p20_formacao\":\"Forma\\u00e7\\u00e3o\",\"p21_machismo\":\"Machismo\",\"p22_numerodeparticipantes\":\"15 - 30\",\"p23_atendimento\":\"Atendimento\",\"p23_oficinasaulasartisticas\":\"Ensaio\\\/Oficinas\\\/Aulas Art\\u00edsticas\",\"p23_formacao\":\"Forma\\u00e7\\u00e3o\",\"p24_atendimento\":\"Atendimentos\",\"p24_apresentacoesartisticas\":\"Apresenta\\u00e7\\u00f5es art\\u00edsticas\",\"p24_visitasexcursoes\":\"Visitas\\\/Excurs\\u00f5es\",\"p25_numerodepessoas\":\"40 - 60\",\"p26_numerodepessoas\":\"200 - 300\",\"p27_espacoemprestadocedido\":\"Espa\\u00e7o emprestado\\\/cedido\",\"p27_espacoproprio\":\"Espa\\u00e7o pr\\u00f3prio\",\"p28_territorios\":\"Cidade\",\"p30_outrasorganizacoes\":\"Sim\",\"p32_campanhadelongaduracao\":\"N\\u00e3o\",\"p34_municipal\":\"Municipal\",\"p36_conselhosdeparticipacaoecontrolesocial\":\"N\\u00e3o\",\"p38_nenhum\":\"Nenhum\",\"p40_editais\":\"N\\u00e3o\",\"p41_privadopf\":\"Privado (P. F\\u00edsica)\",\"p41_privadopj\":\"Privado (P. Jur\\u00eddica)\",\"p42_meiodedivulgacaoproprio\":\"Sim\",\"p43_facebook\":\"Facebook\",\"p43_whatsapp\":\"WhatsApp\",\"p43_instagram\":\"Instagram\",\"p43_sitesblogs\":\"Blogs\\\/sites\",\"p44_redessociais\":\"Redes sociais (Facebook, YouTube, Instagram etc.)\",\"p44_sitesblogs\":\"Sites ou Blogs\",\"p39_publico\":\"CRIAN\\u00c7AS ADOLESCENTES VULNERABILIDADE SOCIAL\",\"p45_bandeira\":\"CRIAN\\u00c7AS ASSISTENCIALISMO ALIMENTA\\u00c7\\u00c3O VALORES EDUCA\\u00c7\\u00c3O OPORTUNIDADES\",\"p46_hashtags\":\"#VALORE #CRIANCAS #EDUCACAO\"},{\"p1_eixo\":\"Trabalho\",\"p9_tipoorganizacao\":\"Associa\\u00e7\\u00e3o\",\"p12_uf\":\"PR\",\"p13_cidade\":\"CURITIBA\",\"p16_cidade\":\"Cidade\",\"p17_ano\":\"1988\",\"p18_agrario\":\"Agr\\u00e1rio\\\/ruralidades\",\"p18_comunicacao\":\"Comunica\\u00e7\\u00e3o\",\"p18_difusaoartistica\":\"Difus\\u00e3o Art\\u00edstica\",\"p18_desenvolvimentoterritorial\":\"Desenvolvimento territorial\",\"p18_direitoshumanos\":\"Direitos humanos\",\"p18_educacao\":\"Educa\\u00e7\\u00e3o\",\"p18_feminismos\":\"Feminismos\",\"p18_lutaantirracismo\":\"Luta antirracismo\",\"p18_mobilidade\":\"Mobilidade\",\"p18_moradia\":\"Moradia\",\"p18_povosecomunidadestradicionais\":\"Povos e comunidades tradicionais\",\"p18_trabalho\":\"Trabalho\",\"p18_saude\":\"Sa\\u00fade\",\"p18_violencia\":\"Viol\\u00eancia\",\"p18_politicasculturais\":\"Pol\\u00edticas Culturais\",\"p19_comunicacao\":\"Comunica\\u00e7\\u00e3o\",\"p19_educacao\":\"Educa\\u00e7\\u00e3o\",\"p19_moradia\":\"Moradia\",\"p20_reunioes\":\"Reuni\\u00f5es\",\"p20_atendimento\":\"Atendimento\",\"p20_cursos\":\"Cursos\",\"p21_repressaopolicial\":\"Repress\\u00e3o policial\",\"p21_intoleranciareligiosa\":\"Fundamentalismo\\\/intoler\\u00e2ncia religiosa\",\"p21_machismo\":\"Machismo\",\"p22_numerodeparticipantes\":\"1  - 15\",\"p23_cursos\":\"Cursos\",\"p23_profissionalizacao\":\"Profissionaliza\\u00e7\\u00e3o\",\"p23_outros\":\"Outros\",\"p24_visitasexcursoes\":\"Visitas\\\/Excurs\\u00f5es\",\"p25_numerodepessoas\":\"200 - 300\",\"p26_numerodepessoas\":\"Mais de 500\",\"p27_espacopublico\":\"Espa\\u00e7o p\\u00fablico\",\"p27_espacoemprestadocedido\":\"Espa\\u00e7o emprestado\\\/cedido\",\"p27_espacoproprio\":\"Espa\\u00e7o pr\\u00f3prio\",\"p28_territorios\":\"Pr\\u00f3prio bairro\",\"p30_outrasorganizacoes\":\"Sim\",\"p32_campanhadelongaduracao\":\"Sim\",\"p34_nenhuma\":\"Nenhuma\",\"p36_conselhosdeparticipacaoecontrolesocial\":\"N\\u00e3o\",\"p38_nenhum\":\"Nenhum\",\"p40_editais\":\"N\\u00e3o\",\"p41_financiamentocoletivo0\":\"Financiamento coletivo\",\"p42_meiodedivulgacaoproprio\":\"Sim\",\"p43_impressoes\":\"Impressos\",\"p43_facebook\":\"Facebook\",\"p43_instagram\":\"Instagram\",\"p43_twitter\":\"Twitter\",\"p43_sitesblogs\":\"Blogs\\\/sites\",\"p43_youtube\":\"YouTube\",\"p44_radio\":\"TV\",\"p39_publico\":\"FAM\\u00cdLIA ANIMAIS\",\"p45_bandeira\":\"MORADIA SUSTENTABILIDADE BAIRRO\",\"p46_hashtags\":\"#MORADIA, #SANEAMENTOBASICO,#POLITICASPUBLICAS\"},{\"p1_eixo\":\"Trabalho\",\"p9_tipoorganizacao\":\"Associa\\u00e7\\u00e3o\",\"p12_uf\":\"PI\",\"p13_cidade\":\"TERESINA\",\"p16_bairro\":\"Bairro\",\"p17_ano\":\"2013\",\"p18_agrario\":\"Agr\\u00e1rio\\\/ruralidades\",\"p18_moradia\":\"Moradia\",\"p18_povosecomunidadestradicionais\":\"Povos e comunidades tradicionais\",\"p18_trabalho\":\"Trabalho\",\"p18_politicasculturais\":\"Pol\\u00edticas Culturais\",\"p19_agrario\":\"Agr\\u00e1rio\\\/ruralidades\",\"p19_povosecomunidadestradicionais\":\"Povos e comunidades tradicionais\",\"p19_politicasculturais\":\"Pol\\u00edticas Culturais\",\"p20_reunioes\":\"Reuni\\u00f5es\",\"p20_cursos\":\"Cursos\",\"p20_visitasexcursoes\":\"Visitas\\\/Excurs\\u00f5es\",\"p21_enfrentamentocomgruposprivadosarmados\":\"Enfrentamento com grupos privados armados\",\"p22_numerodeparticipantes\":\"Mais de 90\",\"p23_reunioes\":\"Reuni\\u00f5es\",\"p23_cursos\":\"Cursos\",\"p23_visitas\":\"Visitas\",\"p24_reunioes\":\"Reuni\\u00f5es\",\"p25_numerodepessoas\":\"80 - 100\",\"p26_numerodepessoas\":\"80 - 100\",\"p27_espacoemprestadocedido\":\"Espa\\u00e7o emprestado\\\/cedido\",\"p27_espacoproprio\":\"Espa\\u00e7o pr\\u00f3prio\",\"p28_territorios\":\"Pr\\u00f3prio bairro\",\"p30_outrasorganizacoes\":\"N\\u00e3o\",\"p32_campanhadelongaduracao\":\"N\\u00e3o\",\"p34_municipal\":\"Municipal\",\"p36_conselhosdeparticipacaoecontrolesocial\":\"N\\u00e3o\",\"p38_sim\":\"Sim\",\"p40_editais\":\"N\\u00e3o\",\"p41_privadopf\":\"Privado (P. F\\u00edsica)\",\"p42_meiodedivulgacaoproprio\":\"Sim\",\"p43_whatsapp\":\"WhatsApp\",\"p44_redessociais\":\"Redes sociais (Facebook, YouTube, Instagram etc.)\",\"p39_publico\":\"AGRICULTORES FAMILIARES\",\"p45_bandeira\":\"TRABALHO\",\"p46_hashtags\":\"#TRABALHO #CULTURA #DESENVOLVIMENTO\"},{\"p1_eixo\":\"Trabalho\",\"p9_tipoorganizacao\":\"Associa\\u00e7\\u00e3o\",\"p12_uf\":\"PR\",\"p13_cidade\":\"CURITIBA\",\"p16_cidade\":\"Cidade\",\"p17_ano\":\"2017\",\"p18_direitoshumanos\":\"Direitos humanos\",\"p18_mobilidade\":\"Mobilidade\",\"p18_moradia\":\"Moradia\",\"p18_trabalho\":\"Trabalho\",\"p18_saude\":\"Sa\\u00fade\",\"p19_direitoshumanos\":\"Direitos humanos\",\"p19_moradia\":\"Moradia\",\"p19_saude\":\"Sa\\u00fade\",\"p20_atendimento\":\"Atendimento\",\"p21_nenhum\":\"Nenhum\",\"p22_numerodeparticipantes\":\"15 - 30\",\"p23_atendimento\":\"Atendimento\",\"p24_atendimento\":\"Atendimentos\",\"p24_outros\":\"Outros\",\"p25_numerodepessoas\":\"100 - 200\",\"p26_numerodepessoas\":\"1 - 20\",\"p27_espacopublico\":\"Espa\\u00e7o p\\u00fablico\",\"p27_espacoemprestadocedido\":\"Espa\\u00e7o emprestado\\\/cedido\",\"p28_territorios\":\"Regi\\u00e3o da Cidade\",\"p30_outrasorganizacoes\":\"Sim\",\"p32_campanhadelongaduracao\":\"Sim\",\"p34_nenhuma\":\"Nenhuma\",\"p36_conselhosdeparticipacaoecontrolesocial\":\"N\\u00e3o\",\"p38_nenhum\":\"Nenhum\",\"p40_editais\":\"N\\u00e3o\",\"p41_autofinanciamento\":\"Autofinanciamento\",\"p41_financiamentocoletivo0\":\"Financiamento coletivo\",\"p42_meiodedivulgacaoproprio\":\"Sim\",\"p43_facebook\":\"Facebook\",\"p43_whatsapp\":\"WhatsApp\",\"p43_instagram\":\"Instagram\",\"p44_radio\":\"TV\",\"p44_jornaisimpressosdegrandecirculacao\":\"Jornais impressos de grande circula\\u00e7\\u00e3o\",\"p44_jornaisimpressosdebairro\":\"Jornais impressos de bairro\",\"p44_sitesblogs\":\"Sites ou Blogs\",\"p39_publico\":\"PESSOAS VULNERABILIDADE\",\"p45_bandeira\":\"AMOR DIGNIDADE HUMANA\",\"p46_hashtags\":\"#BANHODOCORACAO, #AQUECENDOCORACOES, #CARINHO\"},{\"p1_eixo\":\"Viol\\u00eancia\",\"p9_tipoorganizacao\":\"Movimento Social\",\"p12_uf\":\"PR\",\"p13_cidade\":\"CURITIBA\",\"p16_cidade\":\"Cidade\",\"p17_ano\":\"2018\",\"p18_agrario\":\"Agr\\u00e1rio\\\/ruralidades\",\"p18_comunicacao\":\"Comunica\\u00e7\\u00e3o\",\"p18_difusaoartistica\":\"Difus\\u00e3o Art\\u00edstica\",\"p18_direitoshumanos\":\"Direitos humanos\",\"p18_educacao\":\"Educa\\u00e7\\u00e3o\",\"p18_feminismos\":\"Feminismos\",\"p18_lgbtqi\":\"LGBTQI\",\"p18_lutaantirracismo\":\"Luta antirracismo\",\"p18_moradia\":\"Moradia\",\"p18_povosecomunidadestradicionais\":\"Povos e comunidades tradicionais\",\"p18_trabalho\":\"Trabalho\",\"p18_religiao\":\"Religi\\u00e3o\",\"p18_saude\":\"Sa\\u00fade\",\"p18_violencia\":\"Viol\\u00eancia\",\"p18_politicasculturais\":\"Pol\\u00edticas Culturais\",\"p19_lutaantirracismo\":\"Luta antirracismo\",\"p19_religiao\":\"Religi\\u00e3o\",\"p19_violencia\":\"Viol\\u00eancia\",\"p20_atendimento\":\"Atendimento\",\"p21_intoleranciareligiosa\":\"Fundamentalismo\\\/intoler\\u00e2ncia religiosa\",\"p21_racismo\":\"Racismo\",\"p22_numerodeparticipantes\":\"30 - 45\",\"p23_atendimento\":\"Atendimento\",\"p23_outros\":\"Outros\",\"p24_outros\":\"Outros\",\"p25_numerodepessoas\":\"Mais de 500\",\"p26_numerodepessoas\":\"100 - 200\",\"p27_espacopublico\":\"Espa\\u00e7o p\\u00fablico\",\"p27_espacoemprestadocedido\":\"Espa\\u00e7o emprestado\\\/cedido\",\"p28_territorios\":\"Cidade\",\"p30_outrasorganizacoes\":\"Sim\",\"p32_campanhadelongaduracao\":\"N\\u00e3o\",\"p34_nenhuma\":\"Nenhuma\",\"p36_conselhosdeparticipacaoecontrolesocial\":\"N\\u00e3o\",\"p38_nenhum\":\"Nenhum\",\"p40_editais\":\"N\\u00e3o\",\"p41_privadopf\":\"Privado (P. F\\u00edsica)\",\"p42_meiodedivulgacaoproprio\":\"Sim\",\"p43_facebook\":\"Facebook\",\"p43_instagram\":\"Instagram\",\"p44_radio\":\"R\\u00e1dio\",\"p44_redessociais\":\"Redes sociais (Facebook, YouTube, Instagram etc.)\",\"p39_publico\":\"POPULA\\u00c7\\u00c3O RUA\",\"p45_bandeira\":\"FRATERNIDADE LIBERDADE IGUALDADE\",\"p46_hashtags\":\"#FRATERNIDADE, #LIBERDADE, #IGUALDADE\"},{\"p1_eixo\":\"Viol\\u00eancia\",\"p9_tipoorganizacao\":\"F\\u00f3rum\",\"p12_uf\":\"RS\",\"p13_cidade\":\"PORTO ALEGRE\",\"p16_internacional\":\"Internacional\",\"p17_ano\":\"1990\",\"p18_desenvolvimentoterritorial\":\"Desenvolvimento territorial\",\"p18_lutaantirracismo\":\"Luta antirracismo\",\"p18_violencia\":\"Viol\\u00eancia\",\"p19_comunicacao\":\"Comunica\\u00e7\\u00e3o\",\"p19_desenvolvimentoterritorial\":\"Desenvolvimento territorial\",\"p19_politicasculturais\":\"Pol\\u00edticas Culturais\",\"p20_reunioes\":\"Reuni\\u00f5es\",\"p20_atendimento\":\"Atendimento\",\"p20_oficinas\":\"Oficinas\",\"p20_oficinasaulasartisticas\":\"Ensaios\\\/Oficinas\\\/Aulas art\\u00edsticas\",\"p20_formacao\":\"Forma\\u00e7\\u00e3o\",\"p20_profissionalizacao\":\"Profissionaliza\\u00e7\\u00e3o\",\"p20_apresentacoesartisticas\":\"Apresenta\\u00e7\\u00f5es art\\u00edsticas\",\"p21_machismo\":\"Machismo\",\"p21_racismo\":\"Racismo\",\"p22_numerodeparticipantes\":\"15 - 30\",\"p23_reunioes\":\"Reuni\\u00f5es\",\"p23_formacao\":\"Forma\\u00e7\\u00e3o\",\"p23_apresentacoesartisticas\":\"Apresenta\\u00e7\\u00f5es Art\\u00edsticas\",\"p24_reunioes\":\"Reuni\\u00f5es\",\"p24_oficinas\":\"Oficinas\",\"p24_formacao\":\"Forma\\u00e7\\u00e3o\",\"p25_numerodepessoas\":\"80 - 100\",\"p26_numerodepessoas\":\"100 - 200\",\"p27_espacopublico\":\"Espa\\u00e7o p\\u00fablico\",\"p27_espacoemprestadocedido\":\"Espa\\u00e7o emprestado\\\/cedido\",\"p27_virtual\":\"Virtual\",\"p27_ocupacao\":\"Ocupa\\u00e7\\u00e3o\",\"p28_territorios\":\"Atua\\u00e7\\u00e3o Nacional\",\"p30_outrasorganizacoes\":\"Sim\",\"p32_campanhadelongaduracao\":\"Sim\",\"p34_nenhuma\":\"Nenhuma\",\"p36_conselhosdeparticipacaoecontrolesocial\":\"Sim\",\"p38_sim\":\"Sim\",\"p40_editais\":\"Sim\",\"p41_financiamentocoletivo0\":\"Financiamento coletivo\",\"p42_meiodedivulgacaoproprio\":\"Sim\",\"p43_facebook\":\"Facebook\",\"p43_sitesblogs\":\"Blogs\\\/sites\",\"p43_youtube\":\"YouTube\",\"p44_redessociais\":\"Redes sociais (Facebook, YouTube, Instagram etc.)\",\"p44_sitesblogs\":\"Sites ou Blogs\",\"p39_publico\":\"JOVENS POPULACAO-NEGRA INDIGENA VULNERABILIDADE MENINOS MENINAS\",\"p45_bandeira\":\"ANTIRRACISMO POL\\u00cdTICAS P\\u00daBLICAS COTAS A\\u00c7\\u00d5ES-AFIRMATIVAS POL\\u00cdTICAS P\\u00daBLICAS JUVENTUDE\",\"p46_hashtags\":\"#EXTERMINIOETNICO #VOZDASCOMUNIDADES #ENFRENTAMENTOAOEXTERMINIODAJUVENTUDEREGIONALSUL\"},{\"p1_eixo\":\"Cultura\",\"p9_tipoorganizacao\":\"Coletivo Art\\u00edstico\",\"p12_uf\":\"CE\",\"p13_cidade\":\"FORTALEZA\",\"p16_bairro\":\"Bairro\",\"p17_ano\":\"2018\",\"p18_comunicacao\":\"Comunica\\u00e7\\u00e3o\",\"p18_difusaoartistica\":\"Difus\\u00e3o Art\\u00edstica\",\"p18_direitoshumanos\":\"Direitos humanos\",\"p18_feminismos\":\"Feminismos\",\"p18_lgbtqi\":\"LGBTQI\",\"p18_lutaantirracismo\":\"Luta antirracismo\",\"p18_violencia\":\"Viol\\u00eancia\",\"p18_politicasculturais\":\"Pol\\u00edticas Culturais\",\"p19_direitoshumanos\":\"Direitos humanos\",\"p19_feminismos\":\"Feminismos\",\"p19_politicasculturais\":\"Pol\\u00edticas Culturais\",\"p20_oficinas\":\"Oficinas\",\"p20_oficinasaulasartisticas\":\"Ensaios\\\/Oficinas\\\/Aulas art\\u00edsticas\",\"p20_formacao\":\"Forma\\u00e7\\u00e3o\",\"p20_apresentacoesartisticas\":\"Apresenta\\u00e7\\u00f5es art\\u00edsticas\",\"p21_machismo\":\"Machismo\",\"p22_numerodeparticipantes\":\"15 - 30\",\"p23_oficinasaulasartisticas\":\"Ensaio\\\/Oficinas\\\/Aulas Art\\u00edsticas\",\"p24_oficinasaulasartisticas\":\"Ensaios\\\/Oficinas\\\/Aulas art\\u00edsticas\",\"p25_numerodepessoas\":\"1 - 20\",\"p26_numerodepessoas\":\"1 - 20\",\"p27_espacoemprestadocedido\":\"Espa\\u00e7o emprestado\\\/cedido\",\"p28_territorios\":\"Pr\\u00f3prio bairro\",\"p30_outrasorganizacoes\":\"Sim\",\"p32_campanhadelongaduracao\":\"N\\u00e3o\",\"p34_nenhuma\":\"Nenhuma\",\"p36_conselhosdeparticipacaoecontrolesocial\":\"N\\u00e3o\",\"p38_nenhum\":\"Nenhum\",\"p40_editais\":\"Sim\",\"p41_financiamentocoletivo0\":\"Financiamento coletivo\",\"p42_meiodedivulgacaoproprio\":\"Sim\",\"p43_facebook\":\"Facebook\",\"p43_whatsapp\":\"WhatsApp\",\"p43_instagram\":\"Instagram\",\"p43_youtube\":\"YouTube\",\"p44_redessociais\":\"Redes sociais (Facebook, YouTube, Instagram etc.)\",\"p39_publico\":\"MULHERES\",\"p45_bandeira\":\"PROTAGONISMO FEMININO SOCIEDADE POLITICA CULTURAL\",\"p46_hashtags\":\"#PROTAGONISMOFEMININO #MULHERESNAPERCUSSAO  #NENHUMAAMENOS\"},{\"p1_eixo\":\"Trabalho\",\"p9_tipoorganizacao\":\"Coletivo\",\"p12_uf\":\"PR\",\"p13_cidade\":\"CURITIBA\",\"p16_bairro\":\"Bairro\",\"p17_ano\":\"2020\",\"p18_comunicacao\":\"Comunica\\u00e7\\u00e3o\",\"p18_educacao\":\"Educa\\u00e7\\u00e3o\",\"p18_feminismos\":\"Feminismos\",\"p18_lutaantirracismo\":\"Luta antirracismo\",\"p18_moradia\":\"Moradia\",\"p18_povosecomunidadestradicionais\":\"Povos e comunidades tradicionais\",\"p18_trabalho\":\"Trabalho\",\"p18_saude\":\"Sa\\u00fade\",\"p19_comunicacao\":\"Comunica\\u00e7\\u00e3o\",\"p19_lutaantirracismo\":\"Luta antirracismo\",\"p19_moradia\":\"Moradia\",\"p20_atendimento\":\"Atendimento\",\"p21_intoleranciareligiosa\":\"Fundamentalismo\\\/intoler\\u00e2ncia religiosa\",\"p21_xenofobia\":\"Xenofobia\",\"p21_racismo\":\"Racismo\",\"p22_numerodeparticipantes\":\"45 - 60\",\"p23_outros\":\"Outros\",\"p24_atendimento\":\"Atendimentos\",\"p24_outros\":\"Outros\",\"p25_numerodepessoas\":\"1 - 20\",\"p26_numerodepessoas\":\"200 - 300\",\"p27_espacopublico\":\"Espa\\u00e7o p\\u00fablico\",\"p27_virtual\":\"Virtual\",\"p28_territorios\":\"Regi\\u00e3o da Cidade\",\"p30_outrasorganizacoes\":\"Sim\",\"p32_campanhadelongaduracao\":\"N\\u00e3o\",\"p34_nenhuma\":\"Nenhuma\",\"p36_conselhosdeparticipacaoecontrolesocial\":\"N\\u00e3o\",\"p38_sim\":\"Sim\",\"p40_editais\":\"N\\u00e3o\",\"p41_autofinanciamento\":\"Autofinanciamento\",\"p41_financiamentocoletivo0\":\"Financiamento coletivo\",\"p42_meiodedivulgacaoproprio\":\"Sim\",\"p43_whatsapp\":\"WhatsApp\",\"p43_instagram\":\"Instagram\",\"p44_nenhum\":\"Nenhum\",\"p39_publico\":\"FAM\\u00cdLIAS PERIF\\u00c9RICAS\",\"p45_bandeira\":\"MORADIA ALIMENTA\\u00c7\\u00c3O EDUCA\\u00c7\\u00c3O\",\"p46_hashtags\":\"#ELO, #COMUNICACAO, #DOACAO \"},{\"p1_eixo\":\"Cultura\",\"p9_tipoorganizacao\":\"Instituto\",\"p12_uf\":\"PR\",\"p13_cidade\":\"CURITIBA\",\"p17_ano\":\"2018\",\"p16_estado\":\"Estado\",\"p18_agrario\":\"Agr\\u00e1rio\\\/ruralidades\",\"p18_comunicacao\":\"Comunica\\u00e7\\u00e3o\",\"p18_difusaoartistica\":\"Difus\\u00e3o Art\\u00edstica\",\"p18_desenvolvimentoterritorial\":\"Desenvolvimento territorial\",\"p18_direitoshumanos\":\"Direitos humanos\",\"p18_educacao\":\"Educa\\u00e7\\u00e3o\",\"p18_feminismos\":\"Feminismos\",\"p18_lgbtqi\":\"LGBTQI\",\"p18_lutaantirracismo\":\"Luta antirracismo\",\"p18_mobilidade\":\"Mobilidade\",\"p18_moradia\":\"Moradia\",\"p18_povosecomunidadestradicionais\":\"Povos e comunidades tradicionais\",\"p18_trabalho\":\"Trabalho\",\"p18_saude\":\"Sa\\u00fade\",\"p18_violencia\":\"Viol\\u00eancia\",\"p18_politicasculturais\":\"Pol\\u00edticas Culturais\",\"p19_direitoshumanos\":\"Direitos humanos\",\"p19_educacao\":\"Educa\\u00e7\\u00e3o\",\"p19_politicasculturais\":\"Pol\\u00edticas Culturais\",\"p20_reunioes\":\"Reuni\\u00f5es\",\"p20_atendimento\":\"Atendimento\",\"p20_oficinasaulasartisticas\":\"Ensaios\\\/Oficinas\\\/Aulas art\\u00edsticas\",\"p20_formacao\":\"Forma\\u00e7\\u00e3o\",\"p20_apresentacoesartisticas\":\"Apresenta\\u00e7\\u00f5es art\\u00edsticas\",\"p21_repressaopolicial\":\"Repress\\u00e3o policial\",\"p21_intoleranciareligiosa\":\"Fundamentalismo\\\/intoler\\u00e2ncia religiosa\",\"p21_machismo\":\"Machismo\",\"p21_racismo\":\"Racismo\",\"p21_lgbtqifobia\":\"LGBTIfobia\",\"p22_numerodeparticipantes\":\"Mais de 90\",\"p23_reunioes\":\"Reuni\\u00f5es\",\"p23_atendimento\":\"Atendimento\",\"p23_formacao\":\"Forma\\u00e7\\u00e3o\",\"p24_apresentacoesartisticas\":\"Apresenta\\u00e7\\u00f5es art\\u00edsticas\",\"p25_numerodepessoas\":\"100 - 200\",\"p26_numerodepessoas\":\"Mais de 500\",\"p27_espacoemprestadocedido\":\"Espa\\u00e7o emprestado\\\/cedido\",\"p27_virtual\":\"Virtual\",\"p28_territorios\":\"Cidade\",\"p30_outrasorganizacoes\":\"Sim\",\"p32_campanhadelongaduracao\":\"Sim\",\"p34_nenhuma\":\"Nenhuma\",\"p36_conselhosdeparticipacaoecontrolesocial\":\"Sim\",\"p38_sim\":\"Sim\",\"p40_editais\":\"N\\u00e3o\",\"p41_financiamentocoletivo0\":\"Financiamento coletivo\",\"p42_meiodedivulgacaoproprio\":\"Sim\",\"p43_facebook\":\"Facebook\",\"p43_whatsapp\":\"WhatsApp\",\"p43_instagram\":\"Instagram\",\"p43_youtube\":\"YouTube\",\"p44_redessociais\":\"Redes sociais (Facebook, YouTube, Instagram etc.)\",\"p39_publico\":\"PERIFERIA IND\\u00cdGENAS CURITIBA\",\"p45_bandeira\":\"DIREITOS FORMA\\u00c7\\u00c3O POLITICA CULTURA\",\"p46_hashtags\":\"#PROTEJASSEELUTE #CULTURA #FORMACAOPOLITICA\"},{\"p1_eixo\":\"Trabalho\",\"p9_tipoorganizacao\":\"ONG\",\"p12_uf\":\"PR\",\"p13_cidade\":\"CURITIBA\",\"p16_cidade\":\"Cidade\",\"p17_ano\":\"Anterior a 1980\",\"p18_agrario\":\"Agr\\u00e1rio\\\/ruralidades\",\"p18_comunicacao\":\"Comunica\\u00e7\\u00e3o\",\"p18_difusaoartistica\":\"Difus\\u00e3o Art\\u00edstica\",\"p18_desenvolvimentoterritorial\":\"Desenvolvimento territorial\",\"p18_direitoshumanos\":\"Direitos humanos\",\"p18_educacao\":\"Educa\\u00e7\\u00e3o\",\"p18_lutaantirracismo\":\"Luta antirracismo\",\"p18_mobilidade\":\"Mobilidade\",\"p18_moradia\":\"Moradia\",\"p18_povosecomunidadestradicionais\":\"Povos e comunidades tradicionais\",\"p18_trabalho\":\"Trabalho\",\"p18_saude\":\"Sa\\u00fade\",\"p18_violencia\":\"Viol\\u00eancia\",\"p18_politicasculturais\":\"Pol\\u00edticas Culturais\",\"p19_direitoshumanos\":\"Direitos humanos\",\"p19_educacao\":\"Educa\\u00e7\\u00e3o\",\"p19_povosecomunidadestradicionais\":\"Povos e comunidades tradicionais\",\"p20_atendimento\":\"Atendimento\",\"p20_formacao\":\"Forma\\u00e7\\u00e3o\",\"p20_profissionalizacao\":\"Profissionaliza\\u00e7\\u00e3o\",\"p21_repressaopolicial\":\"Repress\\u00e3o policial\",\"p21_machismo\":\"Machismo\",\"p21_racismo\":\"Racismo\",\"p21_lgbtqifobia\":\"LGBTIfobia\",\"p22_numerodeparticipantes\":\"30 - 45\",\"p23_atendimento\":\"Atendimento\",\"p23_profissionalizacao\":\"Profissionaliza\\u00e7\\u00e3o\",\"p24_outros\":\"Outros\",\"p25_numerodepessoas\":\"200 - 300\",\"p26_numerodepessoas\":\"Mais de 500\",\"p27_espacoproprio\":\"Espa\\u00e7o pr\\u00f3prio\",\"p28_territorios\":\"Cidade\",\"p30_outrasorganizacoes\":\"Sim\",\"p32_campanhadelongaduracao\":\"Sim\",\"p34_estadual\":\"Estadual\",\"p36_conselhosdeparticipacaoecontrolesocial\":\"Sim\",\"p38_sim\":\"Sim\",\"p40_editais\":\"Sim\",\"p41_privadopj\":\"Privado (P. Jur\\u00eddica)\",\"p42_meiodedivulgacaoproprio\":\"Sim\",\"p43_impressoes\":\"Impressos\",\"p43_facebook\":\"Facebook\",\"p43_whatsapp\":\"WhatsApp\",\"p43_sitesblogs\":\"Blogs\\\/sites\",\"p44_radio\":\"R\\u00e1dio\",\"p44_jornaisimpressosdebairro\":\"Jornais impressos de bairro\",\"p44_redessociais\":\"Redes sociais (Facebook, YouTube, Instagram etc.)\",\"p39_publico\":\"CRIAN\\u00c7AS JOVENS GUARDI\\u00d5ES BIODIVERSIDADE COMUNIDADES IND\\u00cdGENAS QUILOMBOLAS IMIGRANTES DEPENDENTES QU\\u00cdMICOS\",\"p45_bandeira\":\"CIDADANIA JOVENS CRIAN\\u00c7AS VULNERABILIDADE PRESERVA\\u00c7\\u00c3O SEMENTES NATIVAS LUTA CONTRA AGROT\\u00d3XICOS\",\"p46_hashtags\":\"#CIDADANIA #PRESERVACAO #DIREITOSHUMANOS\"},{\"p1_eixo\":\"Cultura\",\"p9_tipoorganizacao\":\"Coletivo\",\"p12_uf\":\"PR\",\"p13_cidade\":\"CURITIBA\",\"p16_internacional\":\"Internacional\",\"p17_ano\":\"2005\",\"p18_comunicacao\":\"Comunica\\u00e7\\u00e3o\",\"p18_difusaoartistica\":\"Difus\\u00e3o Art\\u00edstica\",\"p18_desenvolvimentoterritorial\":\"Desenvolvimento territorial\",\"p18_direitoshumanos\":\"Direitos humanos\",\"p18_povosecomunidadestradicionais\":\"Povos e comunidades tradicionais\",\"p18_politicasculturais\":\"Pol\\u00edticas Culturais\",\"p19_comunicacao\":\"Comunica\\u00e7\\u00e3o\",\"p19_difusaoartistica\":\"Difus\\u00e3o Art\\u00edstica\",\"p19_politicasculturais\":\"Pol\\u00edticas Culturais\",\"p20_oficinas\":\"Oficinas\",\"p21_machismo\":\"Machismo\",\"p22_numerodeparticipantes\":\"15 - 30\",\"p23_atendimento\":\"Atendimento\",\"p23_outros\":\"Outros\",\"p24_apresentacoesartisticas\":\"Apresenta\\u00e7\\u00f5es art\\u00edsticas\",\"p24_outros\":\"Outros\",\"p25_numerodepessoas\":\"Mais de 500\",\"p26_numerodepessoas\":\"100 - 200\",\"p27_espacoemprestadocedido\":\"Espa\\u00e7o emprestado\\\/cedido\",\"p28_territorios\":\"Atua\\u00e7\\u00e3o Internacional\",\"p30_outrasorganizacoes\":\"Sim\",\"p32_campanhadelongaduracao\":\"Sim\",\"p34_nacional\":\"Nacional\",\"p34_internacional\":\"Internacional\",\"p36_conselhosdeparticipacaoecontrolesocial\":\"Sim\",\"p38_sim\":\"Sim\",\"p40_editais\":\"Sim\",\"p41_privadopf\":\"Privado (P. F\\u00edsica)\",\"p41_financiamentocoletivo0\":\"Financiamento coletivo\",\"p42_meiodedivulgacaoproprio\":\"Sim\",\"p43_facebook\":\"Facebook\",\"p43_whatsapp\":\"WhatsApp\",\"p43_instagram\":\"Instagram\",\"p43_twitter\":\"Twitter\",\"p43_sitesblogs\":\"Blogs\\\/sites\",\"p44_redessociais\":\"Redes sociais (Facebook, YouTube, Instagram etc.)\",\"p39_publico\":\"GRUPOS CULTURAIS\",\"p45_bandeira\":\"DIREITO CULTURA DIREITO COMUNICA\\u00c7\\u00c3O INTERVEN\\u00c7\\u00c3O LATINO AMERICANA\",\"p46_hashtags\":\"#DIREITOACULTURA #DIREITOACOMUNICACAO #INTERNVACAOLATINOAMERCIANA\"},{\"p1_eixo\":\"Cultura\",\"p9_tipoorganizacao\":\"Instituto\",\"p12_uf\":\"PR\",\"p13_cidade\":\"CURITIBA\",\"p16_nacional\":\"Nacional\",\"p17_ano\":\"2015\",\"p18_comunicacao\":\"Comunica\\u00e7\\u00e3o\",\"p18_difusaoartistica\":\"Difus\\u00e3o Art\\u00edstica\",\"p18_direitoshumanos\":\"Direitos humanos\",\"p18_educacao\":\"Educa\\u00e7\\u00e3o\",\"p18_feminismos\":\"Feminismos\",\"p18_lgbtqi\":\"LGBTQI\",\"p18_lutaantirracismo\":\"Luta antirracismo\",\"p18_moradia\":\"Moradia\",\"p18_povosecomunidadestradicionais\":\"Povos e comunidades tradicionais\",\"p18_trabalho\":\"Trabalho\",\"p18_saude\":\"Sa\\u00fade\",\"p18_violencia\":\"Viol\\u00eancia\",\"p19_direitoshumanos\":\"Direitos humanos\",\"p19_educacao\":\"Educa\\u00e7\\u00e3o\",\"p19_trabalho\":\"Trabalho\",\"p20_reunioes\":\"Reuni\\u00f5es\",\"p20_atendimento\":\"Atendimento\",\"p20_formacao\":\"Forma\\u00e7\\u00e3o\",\"p20_apresentacoesartisticas\":\"Apresenta\\u00e7\\u00f5es art\\u00edsticas\",\"p21_repressaopolicial\":\"Repress\\u00e3o policial\",\"p21_machismo\":\"Machismo\",\"p21_enfrentamentocomgruposprivadosarmados\":\"Enfrentamento com grupos privados armados\",\"p22_numerodeparticipantes\":\"15 - 30\",\"p23_reunioes\":\"Reuni\\u00f5es\",\"p23_atendimento\":\"Atendimento\",\"p23_outros\":\"Outros\",\"p24_outros\":\"Outros\",\"p25_numerodepessoas\":\"200 - 300\",\"p26_numerodepessoas\":\"Mais de 500\",\"p27_espacopublico\":\"Espa\\u00e7o p\\u00fablico\",\"p27_espacoemprestadocedido\":\"Espa\\u00e7o emprestado\\\/cedido\",\"p27_espacoproprio\":\"Espa\\u00e7o pr\\u00f3prio\",\"p28_territorios\":\"Cidade\",\"p30_outrasorganizacoes\":\"Sim\",\"p32_campanhadelongaduracao\":\"Sim\",\"p34_nenhuma\":\"Nenhuma\",\"p36_conselhosdeparticipacaoecontrolesocial\":\"N\\u00e3o\",\"p38_sim\":\"Sim\",\"p40_editais\":\"N\\u00e3o\",\"p41_privadopf\":\"Privado (P. F\\u00edsica)\",\"p42_meiodedivulgacaoproprio\":\"Sim\",\"p43_facebook\":\"Facebook\",\"p43_whatsapp\":\"WhatsApp\",\"p43_instagram\":\"Instagram\",\"p43_twitter\":\"Twitter\",\"p44_nenhum\":\"Nenhum\",\"p39_publico\":\"JOVENS UNIVERSIT\\u00c1RIOS SINDICALISTAS CLASSE-TRABALHADORA MOVIMENTOS POPULARES\",\"p45_bandeira\":\"DEFESA CLASSE TRABALHADORA DEFESA DEMOCRACIA IGUALDADE ETNIAS\",\"p46_hashtags\":\"#FORABOLSONARO #DEFESADACLASSETRABALHADORA #LULAJA\"},{\"p1_eixo\":\"Cultura\",\"p9_tipoorganizacao\":\"Movimento Social\",\"p12_uf\":\"PR\",\"p13_cidade\":\"CURITIBA\",\"p16_cidade\":\"Cidade\",\"p17_ano\":\"2017\",\"p18_comunicacao\":\"Comunica\\u00e7\\u00e3o\",\"p18_difusaoartistica\":\"Difus\\u00e3o Art\\u00edstica\",\"p18_desenvolvimentoterritorial\":\"Desenvolvimento territorial\",\"p18_direitoshumanos\":\"Direitos humanos\",\"p18_educacao\":\"Educa\\u00e7\\u00e3o\",\"p18_feminismos\":\"Feminismos\",\"p18_lgbtqi\":\"LGBTQI\",\"p18_lutaantirracismo\":\"Luta antirracismo\",\"p18_mobilidade\":\"Mobilidade\",\"p18_moradia\":\"Moradia\",\"p18_povosecomunidadestradicionais\":\"Povos e comunidades tradicionais\",\"p18_trabalho\":\"Trabalho\",\"p18_religiao\":\"Religi\\u00e3o\",\"p18_violencia\":\"Viol\\u00eancia\",\"p18_politicasculturais\":\"Pol\\u00edticas Culturais\",\"p19_educacao\":\"Educa\\u00e7\\u00e3o\",\"p19_lgbtqi\":\"LGBTQI\",\"p19_mobilidade\":\"Mobilidade\",\"p20_reunioes\":\"Reuni\\u00f5es\",\"p20_apresentacoesartisticas\":\"Apresenta\\u00e7\\u00f5es art\\u00edsticas\",\"p21_repressaopolicial\":\"Repress\\u00e3o policial\",\"p21_intoleranciareligiosa\":\"Fundamentalismo\\\/intoler\\u00e2ncia religiosa\",\"p21_xenofobia\":\"Xenofobia\",\"p21_racismo\":\"Racismo\",\"p21_lgbtqifobia\":\"LGBTIfobia\",\"p22_numerodeparticipantes\":\"1  - 15\",\"p23_reunioes\":\"Reuni\\u00f5es\",\"p23_apresentacoesartisticas\":\"Apresenta\\u00e7\\u00f5es Art\\u00edsticas\",\"p23_outros\":\"Outros\",\"p24_outros\":\"Outros\",\"p25_numerodepessoas\":\"100 - 200\",\"p26_numerodepessoas\":\"1 - 20\",\"p27_espacopublico\":\"Espa\\u00e7o p\\u00fablico\",\"p27_espacoemprestadocedido\":\"Espa\\u00e7o emprestado\\\/cedido\",\"p28_territorios\":\"Pr\\u00f3prio bairro\",\"p30_outrasorganizacoes\":\"Sim\",\"p32_campanhadelongaduracao\":\"N\\u00e3o\",\"p34_nenhuma\":\"Nenhuma\",\"p36_conselhosdeparticipacaoecontrolesocial\":\"N\\u00e3o\",\"p38_sim\":\"Sim\",\"p40_editais\":\"N\\u00e3o\",\"p41_privadopj\":\"Privado (P. Jur\\u00eddica)\",\"p42_meiodedivulgacaoproprio\":\"Sim\",\"p43_facebook\":\"Facebook\",\"p43_whatsapp\":\"WhatsApp\",\"p43_instagram\":\"Instagram\",\"p43_youtube\":\"YouTube\",\"p44_redessociais\":\"Redes sociais (Facebook, YouTube, Instagram etc.)\",\"p39_publico\":\"GALERA HIPHOP\",\"p45_bandeira\":\"IGUALDADE SOCIAL ANTIRRACISMO\",\"p46_hashtags\":\"#REPRESSAOPOLICIAL #IGUALDADESOCIAL #HIPHIPCURITIBA\"},{\"p1_eixo\":\"Trabalho\",\"p9_tipoorganizacao\":\"ONG\",\"p12_uf\":\"PR\",\"p13_cidade\":\"CURITIBA\",\"p17_ano\":\"2018\",\"p16_estado\":\"Estado\",\"p18_comunicacao\":\"Comunica\\u00e7\\u00e3o\",\"p18_direitoshumanos\":\"Direitos humanos\",\"p18_educacao\":\"Educa\\u00e7\\u00e3o\",\"p18_lgbtqi\":\"LGBTQI\",\"p18_lutaantirracismo\":\"Luta antirracismo\",\"p18_mobilidade\":\"Mobilidade\",\"p18_povosecomunidadestradicionais\":\"Povos e comunidades tradicionais\",\"p18_trabalho\":\"Trabalho\",\"p18_saude\":\"Sa\\u00fade\",\"p18_violencia\":\"Viol\\u00eancia\",\"p18_politicasculturais\":\"Pol\\u00edticas Culturais\",\"p19_direitoshumanos\":\"Direitos humanos\",\"p19_povosecomunidadestradicionais\":\"Povos e comunidades tradicionais\",\"p19_violencia\":\"Viol\\u00eancia\",\"p20_reunioes\":\"Reuni\\u00f5es\",\"p20_atendimento\":\"Atendimento\",\"p21_machismo\":\"Machismo\",\"p22_numerodeparticipantes\":\"1  - 15\",\"p23_reunioes\":\"Reuni\\u00f5es\",\"p23_atendimento\":\"Atendimento\",\"p23_outros\":\"Outros\",\"p24_atendimento\":\"Atendimentos\",\"p24_outros\":\"Outros\",\"p25_numerodepessoas\":\"300 - 400\",\"p26_numerodepessoas\":\"1 - 20\",\"p27_espacopublico\":\"Espa\\u00e7o p\\u00fablico\",\"p27_espacoemprestadocedido\":\"Espa\\u00e7o emprestado\\\/cedido\",\"p28_territorios\":\"Estado\",\"p30_outrasorganizacoes\":\"N\\u00e3o\",\"p32_campanhadelongaduracao\":\"Sim\",\"p34_nenhuma\":\"Nenhuma\",\"p36_conselhosdeparticipacaoecontrolesocial\":\"N\\u00e3o\",\"p38_sim\":\"Sim\",\"p40_editais\":\"N\\u00e3o\",\"p41_autofinanciamento\":\"Autofinanciamento\",\"p41_financiamentocoletivo0\":\"Financiamento coletivo\",\"p42_meiodedivulgacaoproprio\":\"Sim\",\"p43_facebook\":\"Facebook\",\"p43_instagram\":\"Instagram\",\"p44_nenhum\":\"Nenhum\",\"p39_publico\":\"MORADORES COMUNIDADES\",\"p45_bandeira\":\"DEFESA MULHERES PRIMEIRO LUGAR POBREZA\",\"p46_hashtags\":\"#DEFESADASMULHERESEMPRIMEIROLUGAR #MELHORIADEVIDAPARATODOS #POBREZA\"},{\"p1_eixo\":\"Viol\\u00eancia\",\"p9_tipoorganizacao\":\"Coletivo\",\"p12_uf\":\"PR\",\"p13_cidade\":\"CURITIBA\",\"p16_cidade\":\"Cidade\",\"p17_ano\":\"2020\",\"p18_difusaoartistica\":\"Difus\\u00e3o Art\\u00edstica\",\"p18_desenvolvimentoterritorial\":\"Desenvolvimento territorial\",\"p18_direitoshumanos\":\"Direitos humanos\",\"p18_educacao\":\"Educa\\u00e7\\u00e3o\",\"p18_feminismos\":\"Feminismos\",\"p18_povosecomunidadestradicionais\":\"Povos e comunidades tradicionais\",\"p18_trabalho\":\"Trabalho\",\"p18_violencia\":\"Viol\\u00eancia\",\"p19_direitoshumanos\":\"Direitos humanos\",\"p19_educacao\":\"Educa\\u00e7\\u00e3o\",\"p19_violencia\":\"Viol\\u00eancia\",\"p20_reunioes\":\"Reuni\\u00f5es\",\"p20_atendimento\":\"Atendimento\",\"p20_cursos\":\"Cursos\",\"p20_formacao\":\"Forma\\u00e7\\u00e3o\",\"p20_profissionalizacao\":\"Profissionaliza\\u00e7\\u00e3o\",\"p20_apresentacoesartisticas\":\"Apresenta\\u00e7\\u00f5es art\\u00edsticas\",\"p21_repressaopolicial\":\"Repress\\u00e3o policial\",\"p21_machismo\":\"Machismo\",\"p22_numerodeparticipantes\":\"1  - 15\",\"p23_reunioes\":\"Reuni\\u00f5es\",\"p23_atendimento\":\"Atendimento\",\"p23_profissionalizacao\":\"Profissionaliza\\u00e7\\u00e3o\",\"p23_outros\":\"Outros\",\"p24_atendimento\":\"Atendimentos\",\"p24_curso\":\"Curso\",\"p24_apresentacoesartisticas\":\"Apresenta\\u00e7\\u00f5es art\\u00edsticas\",\"p24_outros\":\"Outros\",\"p25_numerodepessoas\":\"300 - 400\",\"p26_numerodepessoas\":\"Mais de 500\",\"p27_espacopublico\":\"Espa\\u00e7o p\\u00fablico\",\"p27_espacoemprestadocedido\":\"Espa\\u00e7o emprestado\\\/cedido\",\"p28_territorios\":\"Cidade\",\"p30_outrasorganizacoes\":\"Sim\",\"p32_campanhadelongaduracao\":\"Sim\",\"p34_nenhuma\":\"Nenhuma\",\"p36_conselhosdeparticipacaoecontrolesocial\":\"N\\u00e3o\",\"p38_nenhum\":\"Nenhum\",\"p40_editais\":\"Sim\",\"p41_autofinanciamento\":\"Autofinanciamento\",\"p41_financiamentocoletivo0\":\"Financiamento coletivo\",\"p42_meiodedivulgacaoproprio\":\"Sim\",\"p43_facebook\":\"Facebook\",\"p43_instagram\":\"Instagram\",\"p43_sitesblogs\":\"Blogs\\\/sites\",\"p43_youtube\":\"YouTube\",\"p44_sitesblogs\":\"Sites ou Blogs\",\"p39_publico\":\"CRIAN\\u00c7AS MULHERES\",\"p45_bandeira\":\"FEMINISMO EDUCA\\u00c7\\u00c3O COMBATE VIOL\\u00caNCIA\",\"p46_hashtags\":\"#EDUCACAO #COMBATEAVIOLENCIA #DIREITOSHUMANOS\"},{\"p1_eixo\":\"Cultura\",\"p9_tipoorganizacao\":\"Coletivo\",\"p12_uf\":\"PR\",\"p13_cidade\":\"CURITIBA\",\"p16_cidade\":\"Cidade\",\"p17_ano\":\"2019\",\"p18_agrario\":\"Agr\\u00e1rio\\\/ruralidades\",\"p18_comunicacao\":\"Comunica\\u00e7\\u00e3o\",\"p18_difusaoartistica\":\"Difus\\u00e3o Art\\u00edstica\",\"p18_desenvolvimentoterritorial\":\"Desenvolvimento territorial\",\"p18_direitoshumanos\":\"Direitos humanos\",\"p18_educacao\":\"Educa\\u00e7\\u00e3o\",\"p18_feminismos\":\"Feminismos\",\"p18_lutaantirracismo\":\"Luta antirracismo\",\"p18_moradia\":\"Moradia\",\"p18_povosecomunidadestradicionais\":\"Povos e comunidades tradicionais\",\"p18_trabalho\":\"Trabalho\",\"p18_saude\":\"Sa\\u00fade\",\"p18_politicasculturais\":\"Pol\\u00edticas Culturais\",\"p19_agrario\":\"Agr\\u00e1rio\\\/ruralidades\",\"p19_povosecomunidadestradicionais\":\"Povos e comunidades tradicionais\",\"p19_saude\":\"Sa\\u00fade\",\"p20_reunioes\":\"Reuni\\u00f5es\",\"p20_atendimento\":\"Atendimento\",\"p20_oficinas\":\"Oficinas\",\"p20_oficinasaulasartisticas\":\"Ensaios\\\/Oficinas\\\/Aulas art\\u00edsticas\",\"p20_apresentacoesartisticas\":\"Apresenta\\u00e7\\u00f5es art\\u00edsticas\",\"p21_nenhum\":\"Nenhum\",\"p22_numerodeparticipantes\":\"1  - 15\",\"p23_reunioes\":\"Reuni\\u00f5es\",\"p23_oficinas\":\"Oficinas\",\"p23_outros\":\"Outros\",\"p24_atendimento\":\"Atendimentos\",\"p24_oficinas\":\"Oficinas\",\"p24_oficinasaulasartisticas\":\"Ensaios\\\/Oficinas\\\/Aulas art\\u00edsticas\",\"p24_apresentacoesartisticas\":\"Apresenta\\u00e7\\u00f5es art\\u00edsticas\",\"p25_numerodepessoas\":\"20 - 40\",\"p26_numerodepessoas\":\"20 - 40\",\"p27_espacoemprestadocedido\":\"Espa\\u00e7o emprestado\\\/cedido\",\"p28_territorios\":\"Regi\\u00e3o da Cidade\",\"p30_outrasorganizacoes\":\"N\\u00e3o\",\"p32_campanhadelongaduracao\":\"Sim\",\"p34_nenhuma\":\"Nenhuma\",\"p36_conselhosdeparticipacaoecontrolesocial\":\"N\\u00e3o\",\"p38_nenhum\":\"Nenhum\",\"p40_editais\":\"N\\u00e3o\",\"p41_financiamentocoletivo0\":\"Financiamento coletivo\",\"p42_meiodedivulgacaoproprio\":\"Sim\",\"p43_email\":\"E-mail\",\"p43_facebook\":\"Facebook\",\"p43_instagram\":\"Instagram\",\"p44_radio\":\"TV\",\"p39_publico\":\"IND\\u00cdGENAS\",\"p45_bandeira\":\"CULTURA POVOS ORIGIN\\u00c1RIOS PARAN\\u00c1\",\"p46_hashtags\":\"#FORTALECERACULTURADOSPOVOSORIGINARIOS DOPARANA #REDEAPOIOPARAOSPOVOSIDIGENASDOPARANA #AUTONOMIAALIMENTAR\"},{\"p1_eixo\":\"Trabalho\",\"p9_tipoorganizacao\":\"ONG\",\"p12_uf\":\"PR\",\"p13_cidade\":\"CURITIBA\",\"p16_cidade\":\"Cidade\",\"p17_ano\":\"2020\",\"p18_educacao\":\"Educa\\u00e7\\u00e3o\",\"p19_educacao\":\"Educa\\u00e7\\u00e3o\",\"p20_reunioes\":\"Reuni\\u00f5es\",\"p20_atendimento\":\"Atendimento\",\"p20_formacao\":\"Forma\\u00e7\\u00e3o\",\"p20_visitasexcursoes\":\"Visitas\\\/Excurs\\u00f5es\",\"p21_nenhum\":\"Nenhum\",\"p22_numerodeparticipantes\":\"1  - 15\",\"p23_reunioes\":\"Reuni\\u00f5es\",\"p23_atendimento\":\"Atendimento\",\"p23_outros\":\"Outros\",\"p24_formacao\":\"Forma\\u00e7\\u00e3o\",\"p24_visitasexcursoes\":\"Visitas\\\/Excurs\\u00f5es\",\"p24_outros\":\"Outros\",\"p25_numerodepessoas\":\"1 - 20\",\"p26_numerodepessoas\":\"1 - 20\",\"p27_espacoemprestadocedido\":\"Espa\\u00e7o emprestado\\\/cedido\",\"p27_virtual\":\"Virtual\",\"p28_territorios\":\"Cidade\",\"p30_outrasorganizacoes\":\"N\\u00e3o\",\"p32_campanhadelongaduracao\":\"Sim\",\"p34_nenhuma\":\"Nenhuma\",\"p36_conselhosdeparticipacaoecontrolesocial\":\"N\\u00e3o\",\"p38_nenhum\":\"Nenhum\",\"p40_editais\":\"N\\u00e3o\",\"p41_financiamentocoletivo0\":\"Financiamento coletivo\",\"p42_meiodedivulgacaoproprio\":\"Sim\",\"p43_facebook\":\"Facebook\",\"p43_whatsapp\":\"WhatsApp\",\"p43_instagram\":\"Instagram\",\"p43_sitesblogs\":\"Blogs\\\/sites\",\"p44_redessociais\":\"Redes sociais (Facebook, YouTube, Instagram etc.)\",\"p39_publico\":\"ALUNOS ENSINO-M\\u00c9DIO ESCOLA-P\\u00daBLICA SAL\\u00c1RIO M\\u00cdNIMO\",\"p45_bandeira\":\"EDUCACIONAL JOVENS PERIF\\u00c9RICOS UNIVERSIDADE TRANSFORMAR MUNDO EDUCA\\u00c7\\u00c3O\",\"p46_hashtags\":\"#EDUCACAO #OPORTUNIDADE #EDUCACAOCOMOFERRAMENTADETRANSOFRMACAOSOCIAL\"},{\"p1_eixo\":\"Cultura\",\"p9_tipoorganizacao\":\"Coletivo Art\\u00edstico\",\"p12_uf\":\"PR\",\"p13_cidade\":\"S\\u00c3O JOS\\u00c9 DOS PINHAIS\",\"p16_cidade\":\"Cidade\",\"p17_ano\":\"2017\",\"p18_difusaoartistica\":\"Difus\\u00e3o Art\\u00edstica\",\"p18_direitoshumanos\":\"Direitos humanos\",\"p18_educacao\":\"Educa\\u00e7\\u00e3o\",\"p18_feminismos\":\"Feminismos\",\"p18_lgbtqi\":\"LGBTQI\",\"p18_lutaantirracismo\":\"Luta antirracismo\",\"p18_trabalho\":\"Trabalho\",\"p18_religiao\":\"Religi\\u00e3o\",\"p18_violencia\":\"Viol\\u00eancia\",\"p18_politicasculturais\":\"Pol\\u00edticas Culturais\",\"p19_feminismos\":\"Feminismos\",\"p19_lutaantirracismo\":\"Luta antirracismo\",\"p19_politicasculturais\":\"Pol\\u00edticas Culturais\",\"p20_reunioes\":\"Reuni\\u00f5es\",\"p20_atendimento\":\"Atendimento\",\"p20_oficinasaulasartisticas\":\"Ensaios\\\/Oficinas\\\/Aulas art\\u00edsticas\",\"p20_apresentacoesartisticas\":\"Apresenta\\u00e7\\u00f5es art\\u00edsticas\",\"p21_repressaopolicial\":\"Repress\\u00e3o policial\",\"p21_racismo\":\"Racismo\",\"p21_lgbtqifobia\":\"LGBTIfobia\",\"p21_enfrentamentocomgruposprivadosarmados\":\"Enfrentamento com grupos privados armados\",\"p22_numerodeparticipantes\":\"1  - 15\",\"p23_reunioes\":\"Reuni\\u00f5es\",\"p23_atendimento\":\"Atendimento\",\"p23_oficinasaulasartisticas\":\"Ensaio\\\/Oficinas\\\/Aulas Art\\u00edsticas\",\"p23_apresentacoesartisticas\":\"Apresenta\\u00e7\\u00f5es Art\\u00edsticas\",\"p23_outros\":\"Outros\",\"p24_atendimento\":\"Atendimentos\",\"p24_outros\":\"Outros\",\"p25_numerodepessoas\":\"100 - 200\",\"p26_numerodepessoas\":\"80 - 100\",\"p27_espacopublico\":\"Espa\\u00e7o p\\u00fablico\",\"p27_espacoproprio\":\"Espa\\u00e7o pr\\u00f3prio\",\"p28_territorios\":\"Cidade\",\"p30_outrasorganizacoes\":\"Sim\",\"p32_campanhadelongaduracao\":\"Sim\",\"p34_nacional\":\"Nacional\",\"p36_conselhosdeparticipacaoecontrolesocial\":\"N\\u00e3o\",\"p38_nenhum\":\"Nenhum\",\"p40_editais\":\"N\\u00e3o\",\"p41_privadopj\":\"Privado (P. Jur\\u00eddica)\",\"p41_autofinanciamento\":\"Autofinanciamento\",\"p42_meiodedivulgacaoproprio\":\"Sim\",\"p43_impressoes\":\"Impressos\",\"p43_facebook\":\"Facebook\",\"p43_instagram\":\"Instagram\",\"p43_youtube\":\"YouTube\",\"p44_redessociais\":\"Redes sociais (Facebook, YouTube, Instagram etc.)\",\"p39_publico\":\"JOVENS CRIAN\\u00c7AS FAM\\u00cdLIAS REGI\\u00c3O PERIFERIAS\",\"p45_bandeira\":\"LUTA CULTURA LUTA HIPHOP LUTA DESMARGINALIZA\\u00c7\\u00c3O LUTA EXPANS\\u00c3O\",\"p46_hashtags\":\"#LUTAPELACULTURAHIPHOP #LUTAPELADESMARGINALIZACAO #RAPMAISQUEUMSONHO\"},{\"p1_eixo\":\"Cultura\",\"p9_tipoorganizacao\":\"Associa\\u00e7\\u00e3o\",\"p12_uf\":\"PR\",\"p13_cidade\":\"CURITIBA\",\"p16_cidade\":\"Cidade\",\"p17_ano\":\"2002\",\"p18_comunicacao\":\"Comunica\\u00e7\\u00e3o\",\"p18_difusaoartistica\":\"Difus\\u00e3o Art\\u00edstica\",\"p18_desenvolvimentoterritorial\":\"Desenvolvimento territorial\",\"p18_direitoshumanos\":\"Direitos humanos\",\"p18_educacao\":\"Educa\\u00e7\\u00e3o\",\"p18_feminismos\":\"Feminismos\",\"p18_lgbtqi\":\"LGBTQI\",\"p18_lutaantirracismo\":\"Luta antirracismo\",\"p18_trabalho\":\"Trabalho\",\"p18_saude\":\"Sa\\u00fade\",\"p18_violencia\":\"Viol\\u00eancia\",\"p18_politicasculturais\":\"Pol\\u00edticas Culturais\",\"p19_direitoshumanos\":\"Direitos humanos\",\"p19_educacao\":\"Educa\\u00e7\\u00e3o\",\"p19_difusaoartistica\":\"Difus\\u00e3o Art\\u00edstica\",\"p20_atendimento\":\"Atendimento\",\"p20_oficinas\":\"Oficinas\",\"p20_oficinasaulasartisticas\":\"Ensaios\\\/Oficinas\\\/Aulas art\\u00edsticas\",\"p20_formacao\":\"Forma\\u00e7\\u00e3o\",\"p20_profissionalizacao\":\"Profissionaliza\\u00e7\\u00e3o\",\"p20_apresentacoesartisticas\":\"Apresenta\\u00e7\\u00f5es art\\u00edsticas\",\"p21_machismo\":\"Machismo\",\"p21_racismo\":\"Racismo\",\"p21_lgbtqifobia\":\"LGBTIfobia\",\"p22_numerodeparticipantes\":\"1  - 15\",\"p23_oficinas\":\"Oficinas\",\"p23_oficinasaulasartisticas\":\"Ensaio\\\/Oficinas\\\/Aulas Art\\u00edsticas\",\"p23_profissionalizacao\":\"Profissionaliza\\u00e7\\u00e3o\",\"p23_apresentacoesartisticas\":\"Apresenta\\u00e7\\u00f5es Art\\u00edsticas\",\"p24_atendimento\":\"Atendimentos\",\"p24_oficinas\":\"Oficinas\",\"p24_formacao\":\"Forma\\u00e7\\u00e3o\",\"p25_numerodepessoas\":\"100 - 200\",\"p26_numerodepessoas\":\"40 - 60\",\"p27_espacopublico\":\"Espa\\u00e7o p\\u00fablico\",\"p27_espacoemprestadocedido\":\"Espa\\u00e7o emprestado\\\/cedido\",\"p27_espacoproprio\":\"Espa\\u00e7o pr\\u00f3prio\",\"p27_virtual\":\"Virtual\",\"p28_territorios\":\"Cidade\",\"p30_outrasorganizacoes\":\"Sim\",\"p32_campanhadelongaduracao\":\"N\\u00e3o\",\"p34_municipal\":\"Municipal\",\"p34_estadual\":\"Estadual\",\"p36_conselhosdeparticipacaoecontrolesocial\":\"Sim\",\"p38_nenhum\":\"Nenhum\",\"p40_editais\":\"Sim\",\"p41_publicoestatal\":\"P\\u00fablico-Estatal\",\"p42_meiodedivulgacaoproprio\":\"Sim\",\"p43_facebook\":\"Facebook\",\"p43_whatsapp\":\"WhatsApp\",\"p43_instagram\":\"Instagram\",\"p43_twitter\":\"Twitter\",\"p43_youtube\":\"YouTube\",\"p44_radio\":\"TV\",\"p44_jornaisimpressosdegrandecirculacao\":\"Jornais impressos de grande circula\\u00e7\\u00e3o\",\"p44_sitesblogs\":\"Sites ou Blogs\",\"p39_publico\":\"PESSOAS VULNERABILIDADE SOCIAL\",\"p45_bandeira\":\"ARTE CULTURA EDUCA\\u00c7\\u00c3O\",\"p46_hashtags\":\"#ARTE #CULTURA #EDUCACAO\"},{\"p1_eixo\":\"Trabalho\",\"p9_tipoorganizacao\":\"Sindicato\",\"p12_uf\":\"RR\",\"p13_cidade\":\"BOA VISTA\",\"p16_cidade\":\"Cidade\",\"p17_ano\":\"2012\",\"p18_agrario\":\"Agr\\u00e1rio\\\/ruralidades\",\"p18_comunicacao\":\"Comunica\\u00e7\\u00e3o\",\"p18_difusaoartistica\":\"Difus\\u00e3o Art\\u00edstica\",\"p18_direitoshumanos\":\"Direitos humanos\",\"p18_educacao\":\"Educa\\u00e7\\u00e3o\",\"p18_feminismos\":\"Feminismos\",\"p18_lgbtqi\":\"LGBTQI\",\"p18_lutaantirracismo\":\"Luta antirracismo\",\"p18_mobilidade\":\"Mobilidade\",\"p18_povosecomunidadestradicionais\":\"Povos e comunidades tradicionais\",\"p18_trabalho\":\"Trabalho\",\"p18_saude\":\"Sa\\u00fade\",\"p18_violencia\":\"Viol\\u00eancia\",\"p19_lgbtqi\":\"LGBTQI\",\"p19_lutaantirracismo\":\"Luta antirracismo\",\"p19_povosecomunidadestradicionais\":\"Povos e comunidades tradicionais\",\"p20_reunioes\":\"Reuni\\u00f5es\",\"p20_oficinas\":\"Oficinas\",\"p20_formacao\":\"Forma\\u00e7\\u00e3o\",\"p21_machismo\":\"Machismo\",\"p22_numerodeparticipantes\":\"1  - 15\",\"p23_reunioes\":\"Reuni\\u00f5es\",\"p24_reunioes\":\"Reuni\\u00f5es\",\"p24_oficinas\":\"Oficinas\",\"p24_curso\":\"Curso\",\"p24_formacao\":\"Forma\\u00e7\\u00e3o\",\"p25_numerodepessoas\":\"1 - 20\",\"p26_numerodepessoas\":\"1 - 20\",\"p27_espacopublico\":\"Espa\\u00e7o p\\u00fablico\",\"p27_virtual\":\"Virtual\",\"p28_territorios\":\"Cidade\",\"p30_outrasorganizacoes\":\"Sim\",\"p32_campanhadelongaduracao\":\"N\\u00e3o\",\"p34_nacional\":\"Nacional\",\"p36_conselhosdeparticipacaoecontrolesocial\":\"N\\u00e3o\",\"p38_nenhum\":\"Nenhum\",\"p40_editais\":\"N\\u00e3o\",\"p41_financiamentocoletivo0\":\"Financiamento coletivo\",\"p42_meiodedivulgacaoproprio\":\"Sim\",\"p43_facebook\":\"Facebook\",\"p43_whatsapp\":\"WhatsApp\",\"p43_instagram\":\"Instagram\",\"p44_jornaisimpressosdebairro\":\"Jornais impressos de bairro\",\"p44_redessociais\":\"Redes sociais (Facebook, YouTube, Instagram etc.)\",\"p44_sitesblogs\":\"Sites ou Blogs\",\"p39_publico\":\"PROFESSORES UNIVERSIDADE ESTADUAL RORAIMA\",\"p45_bandeira\":\"GRATIFICA\\u00c7\\u00c3O INFRAESTRUTURA PERSEGUI\\u00c7\\u00c3O POLITICA CONCURSOS P\\u00daBLICOS ISON\\u00d4MICOS PESQUISA INCENTIVO ESTUDANTIL \",\"p46_hashtags\":\"#DEDICACAOEXCLUSIVA #CONCURSOPARASERVIDORES #INVESTIMENTONAINFRAESTRUTURA\"},{\"p1_eixo\":\"Trabalho\",\"p9_tipoorganizacao\":\"Movimento Social\",\"p12_uf\":\"RR\",\"p13_cidade\":\"BOA VISTA\",\"p17_ano\":\"1985\",\"p16_estado\":\"Estado\",\"p18_agrario\":\"Agr\\u00e1rio\\\/ruralidades\",\"p18_comunicacao\":\"Comunica\\u00e7\\u00e3o\",\"p18_difusaoartistica\":\"Difus\\u00e3o Art\\u00edstica\",\"p18_direitoshumanos\":\"Direitos humanos\",\"p18_educacao\":\"Educa\\u00e7\\u00e3o\",\"p18_feminismos\":\"Feminismos\",\"p18_lgbtqi\":\"LGBTQI\",\"p18_lutaantirracismo\":\"Luta antirracismo\",\"p18_mobilidade\":\"Mobilidade\",\"p18_moradia\":\"Moradia\",\"p18_povosecomunidadestradicionais\":\"Povos e comunidades tradicionais\",\"p18_trabalho\":\"Trabalho\",\"p18_religiao\":\"Religi\\u00e3o\",\"p18_saude\":\"Sa\\u00fade\",\"p18_violencia\":\"Viol\\u00eancia\",\"p18_politicasculturais\":\"Pol\\u00edticas Culturais\",\"p19_direitoshumanos\":\"Direitos humanos\",\"p19_educacao\":\"Educa\\u00e7\\u00e3o\",\"p19_religiao\":\"Religi\\u00e3o\",\"p20_reunioes\":\"Reuni\\u00f5es\",\"p20_oficinas\":\"Oficinas\",\"p20_formacao\":\"Forma\\u00e7\\u00e3o\",\"p20_visitasexcursoes\":\"Visitas\\\/Excurs\\u00f5es\",\"p21_repressaopolicial\":\"Repress\\u00e3o policial\",\"p21_intoleranciareligiosa\":\"Fundamentalismo\\\/intoler\\u00e2ncia religiosa\",\"p21_machismo\":\"Machismo\",\"p21_racismo\":\"Racismo\",\"p21_lgbtqifobia\":\"LGBTIfobia\",\"p22_numerodeparticipantes\":\"15 - 30\",\"p23_reunioes\":\"Reuni\\u00f5es\",\"p23_oficinas\":\"Oficinas\",\"p23_formacao\":\"Forma\\u00e7\\u00e3o\",\"p23_outros\":\"Outros\",\"p24_reunioes\":\"Reuni\\u00f5es\",\"p24_oficinas\":\"Oficinas\",\"p24_formacao\":\"Forma\\u00e7\\u00e3o\",\"p24_visitasexcursoes\":\"Visitas\\\/Excurs\\u00f5es\",\"p24_outros\":\"Outros\",\"p25_numerodepessoas\":\"60 - 80\",\"p26_numerodepessoas\":\"1 - 20\",\"p27_espacopublico\":\"Espa\\u00e7o p\\u00fablico\",\"p27_espacoemprestadocedido\":\"Espa\\u00e7o emprestado\\\/cedido\",\"p27_espacoproprio\":\"Espa\\u00e7o pr\\u00f3prio\",\"p28_territorios\":\"Estado\",\"p30_outrasorganizacoes\":\"Sim\",\"p32_campanhadelongaduracao\":\"Sim\",\"p34_nacional\":\"Nacional\",\"p36_conselhosdeparticipacaoecontrolesocial\":\"Sim\",\"p38_sim\":\"Sim\",\"p40_editais\":\"N\\u00e3o\",\"p41_autofinanciamento\":\"Autofinanciamento\",\"p41_financiamentocoletivo0\":\"Financiamento coletivo\",\"p42_meiodedivulgacaoproprio\":\"Sim\",\"p43_whatsapp\":\"WhatsApp\",\"p43_instagram\":\"Instagram\",\"p44_radio\":\"TV\",\"p44_redessociais\":\"Redes sociais (Facebook, YouTube, Instagram etc.)\",\"p39_publico\":\"JOVENS\",\"p45_bandeira\":\"LUTAR CONTRA TUDO JUVENTUDE CONTRA-MACHISMO  CONTRA-HOMOFOBIA CONTRA-FEMINIC\\u00cdDIO\",\"p46_hashtags\":\"#PORUMACIVILZACAODOAMOR #PJRESISTE #PORMAISPOLITICASPUBLICAS\"},{\"p1_eixo\":\"Cultura\",\"p9_tipoorganizacao\":\"ONG\",\"p12_uf\":\"MG\",\"p13_cidade\":\"BELO HORIZONTE\",\"p17_ano\":\"1985\",\"p16_estado\":\"Estado\",\"p18_agrario\":\"Agr\\u00e1rio\\\/ruralidades\",\"p18_direitoshumanos\":\"Direitos humanos\",\"p18_educacao\":\"Educa\\u00e7\\u00e3o\",\"p18_lutaantirracismo\":\"Luta antirracismo\",\"p18_povosecomunidadestradicionais\":\"Povos e comunidades tradicionais\",\"p18_politicasculturais\":\"Pol\\u00edticas Culturais\",\"p19_agrario\":\"Agr\\u00e1rio\\\/ruralidades\",\"p19_direitoshumanos\":\"Direitos humanos\",\"p19_povosecomunidadestradicionais\":\"Povos e comunidades tradicionais\",\"p20_reunioes\":\"Reuni\\u00f5es\",\"p20_oficinas\":\"Oficinas\",\"p20_formacao\":\"Forma\\u00e7\\u00e3o\",\"p20_visitasexcursoes\":\"Visitas\\\/Excurs\\u00f5es\",\"p21_nenhum\":\"Nenhum\",\"p22_numerodeparticipantes\":\"1  - 15\",\"p23_reunioes\":\"Reuni\\u00f5es\",\"p23_oficinas\":\"Oficinas\",\"p23_formacao\":\"Forma\\u00e7\\u00e3o\",\"p23_visitas\":\"Visitas\",\"p24_curso\":\"Curso\",\"p25_numerodepessoas\":\"20 - 40\",\"p26_numerodepessoas\":\"1 - 20\",\"p27_espacoemprestadocedido\":\"Espa\\u00e7o emprestado\\\/cedido\",\"p27_virtual\":\"Virtual\",\"p28_territorios\":\"Estado\",\"p30_outrasorganizacoes\":\"Sim\",\"p32_campanhadelongaduracao\":\"N\\u00e3o\",\"p34_nenhuma\":\"Nenhuma\",\"p36_conselhosdeparticipacaoecontrolesocial\":\"Sim\",\"p38_sim\":\"Sim\",\"p40_editais\":\"Sim\",\"p41_privadopj\":\"Privado (P. Jur\\u00eddica)\",\"p42_meiodedivulgacaoproprio\":\"Sim\",\"p43_email\":\"E-mail\",\"p43_facebook\":\"Facebook\",\"p43_whatsapp\":\"WhatsApp\",\"p43_instagram\":\"Instagram\",\"p43_sitesblogs\":\"Blogs\\\/sites\",\"p43_youtube\":\"YouTube\",\"p44_redessociais\":\"Redes sociais (Facebook, YouTube, Instagram etc.)\",\"p44_sitesblogs\":\"Sites ou Blogs\",\"p39_publico\":\"QUILOMBOLAS IND\\u00cdGENAS\"},{\"p1_eixo\":\"Trabalho\",\"p9_tipoorganizacao\":\"Movimento Social\",\"p12_uf\":\"RR\",\"p13_cidade\":\"BOA VISTA\",\"p17_ano\":\"2018\",\"p16_estado\":\"Estado\",\"p18_agrario\":\"Agr\\u00e1rio\\\/ruralidades\",\"p18_comunicacao\":\"Comunica\\u00e7\\u00e3o\",\"p18_difusaoartistica\":\"Difus\\u00e3o Art\\u00edstica\",\"p18_desenvolvimentoterritorial\":\"Desenvolvimento territorial\",\"p18_direitoshumanos\":\"Direitos humanos\",\"p18_educacao\":\"Educa\\u00e7\\u00e3o\",\"p18_feminismos\":\"Feminismos\",\"p18_lgbtqi\":\"LGBTQI\",\"p18_lutaantirracismo\":\"Luta antirracismo\",\"p18_mobilidade\":\"Mobilidade\",\"p18_povosecomunidadestradicionais\":\"Povos e comunidades tradicionais\",\"p18_trabalho\":\"Trabalho\",\"p18_saude\":\"Sa\\u00fade\",\"p18_violencia\":\"Viol\\u00eancia\",\"p18_politicasculturais\":\"Pol\\u00edticas Culturais\",\"p19_direitoshumanos\":\"Direitos humanos\",\"p19_lgbtqi\":\"LGBTQI\",\"p19_povosecomunidadestradicionais\":\"Povos e comunidades tradicionais\",\"p20_reunioes\":\"Reuni\\u00f5es\",\"p20_cursos\":\"Cursos\",\"p20_formacao\":\"Forma\\u00e7\\u00e3o\",\"p20_apresentacoesartisticas\":\"Apresenta\\u00e7\\u00f5es art\\u00edsticas\",\"p20_visitasexcursoes\":\"Visitas\\\/Excurs\\u00f5es\",\"p21_repressaopolicial\":\"Repress\\u00e3o policial\",\"p21_machismo\":\"Machismo\",\"p21_racismo\":\"Racismo\",\"p21_lgbtqifobia\":\"LGBTIfobia\",\"p22_numerodeparticipantes\":\"45 - 60\",\"p23_reunioes\":\"Reuni\\u00f5es\",\"p23_cursos\":\"Cursos\",\"p23_formacao\":\"Forma\\u00e7\\u00e3o\",\"p23_apresentacoesartisticas\":\"Apresenta\\u00e7\\u00f5es Art\\u00edsticas\",\"p23_excursoes\":\"Excurs\\u00f5es\",\"p23_outros\":\"Outros\",\"p24_outros\":\"Outros\",\"p25_numerodepessoas\":\"20 - 40\",\"p26_numerodepessoas\":\"40 - 60\",\"p27_espacopublico\":\"Espa\\u00e7o p\\u00fablico\",\"p27_espacoemprestadocedido\":\"Espa\\u00e7o emprestado\\\/cedido\",\"p28_territorios\":\"Estado\",\"p30_outrasorganizacoes\":\"Sim\",\"p32_campanhadelongaduracao\":\"Sim\",\"p34_estadual\":\"Estadual\",\"p36_conselhosdeparticipacaoecontrolesocial\":\"N\\u00e3o\",\"p38_sim\":\"Sim\",\"p40_editais\":\"N\\u00e3o\",\"p41_privadopj\":\"Privado (P. Jur\\u00eddica)\",\"p41_financiamentocoletivo0\":\"Financiamento coletivo\",\"p42_meiodedivulgacaoproprio\":\"Sim\",\"p43_facebook\":\"Facebook\",\"p43_whatsapp\":\"WhatsApp\",\"p43_instagram\":\"Instagram\",\"p43_youtube\":\"YouTube\",\"p44_jornaisimpressosdebairro\":\"Jornais impressos de bairro\",\"p39_publico\":\"JOVENS\",\"p45_bandeira\":\"DEFESA POVOS IND\\u00cdGENAS CONTRA GARIMPO MINERA\\u00c7\\u00c3O ILEGAL DEFESA CAUSA LGBTQIA+ DEFESA EDUCA\\u00c7\\u00c3O ANTIRRACISMO ANTIFASCISMO DEFESA DIREITO MULHERES DIREITOS HUMANOS\",\"p46_hashtags\":\"#FORAGARIMPO #ANTIRACISTA #EDUCACAOPUBLICADEQUALIDADE\"},{\"p1_eixo\":\"Cultura\",\"p9_tipoorganizacao\":\"Associa\\u00e7\\u00e3o\",\"p12_uf\":\"RR\",\"p13_cidade\":\"BOA VISTA\",\"p16_nacional\":\"Nacional\",\"p17_ano\":\"2012\",\"p18_comunicacao\":\"Comunica\\u00e7\\u00e3o\",\"p18_difusaoartistica\":\"Difus\\u00e3o Art\\u00edstica\",\"p18_desenvolvimentoterritorial\":\"Desenvolvimento territorial\",\"p18_direitoshumanos\":\"Direitos humanos\",\"p18_educacao\":\"Educa\\u00e7\\u00e3o\",\"p18_lutaantirracismo\":\"Luta antirracismo\",\"p18_povosecomunidadestradicionais\":\"Povos e comunidades tradicionais\",\"p18_trabalho\":\"Trabalho\",\"p18_religiao\":\"Religi\\u00e3o\",\"p18_saude\":\"Sa\\u00fade\",\"p18_violencia\":\"Viol\\u00eancia\",\"p18_politicasculturais\":\"Pol\\u00edticas Culturais\",\"p19_educacao\":\"Educa\\u00e7\\u00e3o\",\"p19_difusaoartistica\":\"Difus\\u00e3o Art\\u00edstica\",\"p19_politicasculturais\":\"Pol\\u00edticas Culturais\",\"p20_reunioes\":\"Reuni\\u00f5es\",\"p20_atendimento\":\"Atendimento\",\"p20_oficinasaulasartisticas\":\"Ensaios\\\/Oficinas\\\/Aulas art\\u00edsticas\",\"p20_cursos\":\"Cursos\",\"p20_apresentacoesartisticas\":\"Apresenta\\u00e7\\u00f5es art\\u00edsticas\",\"p21_xenofobia\":\"Xenofobia\",\"p21_machismo\":\"Machismo\",\"p21_racismo\":\"Racismo\",\"p22_numerodeparticipantes\":\"Mais de 90\",\"p23_reunioes\":\"Reuni\\u00f5es\",\"p23_atendimento\":\"Atendimento\",\"p23_oficinasaulasartisticas\":\"Ensaio\\\/Oficinas\\\/Aulas Art\\u00edsticas\",\"p23_cursos\":\"Cursos\",\"p23_outros\":\"Outros\",\"p24_apresentacoesartisticas\":\"Apresenta\\u00e7\\u00f5es art\\u00edsticas\",\"p24_outros\":\"Outros\",\"p25_numerodepessoas\":\"100 - 200\",\"p26_numerodepessoas\":\"40 - 60\",\"p27_espacoemprestadocedido\":\"Espa\\u00e7o emprestado\\\/cedido\",\"p28_territorios\":\"Cidade\",\"p30_outrasorganizacoes\":\"Sim\",\"p32_campanhadelongaduracao\":\"N\\u00e3o\",\"p34_nenhuma\":\"Nenhuma\",\"p36_conselhosdeparticipacaoecontrolesocial\":\"N\\u00e3o\",\"p38_nenhum\":\"Nenhum\",\"p40_editais\":\"N\\u00e3o\",\"p41_financiamentocoletivo0\":\"Financiamento coletivo\",\"p42_meiodedivulgacaoproprio\":\"Sim\",\"p43_facebook\":\"Facebook\",\"p43_instagram\":\"Instagram\",\"p44_nenhum\":\"Nenhum\",\"p39_publico\":\"IND\\u00cdGENAS URBANO\",\"p45_bandeira\":\"GARIMPO TERRA IND\\u00cdGENAS MANTER CULTURA IND\\u00cdGENA URBANO MORADIA\",\"p46_hashtags\":\"#MORADIA #NAOAOGARIMPONASTERRASINDIGENAS #MANTERACULTURAINDIGENANOCONTEXTOURBANO\"},{\"p1_eixo\":\"Viol\\u00eancia\",\"p9_tipoorganizacao\":\"Associa\\u00e7\\u00e3o\",\"p12_uf\":\"RR\",\"p13_cidade\":\"BOA VISTA\",\"p17_ano\":\"2021\",\"p16_estado\":\"Estado\",\"p18_agrario\":\"Agr\\u00e1rio\\\/ruralidades\",\"p18_comunicacao\":\"Comunica\\u00e7\\u00e3o\",\"p18_difusaoartistica\":\"Difus\\u00e3o Art\\u00edstica\",\"p18_desenvolvimentoterritorial\":\"Desenvolvimento territorial\",\"p18_direitoshumanos\":\"Direitos humanos\",\"p18_educacao\":\"Educa\\u00e7\\u00e3o\",\"p18_feminismos\":\"Feminismos\",\"p18_lgbtqi\":\"LGBTQI\",\"p18_lutaantirracismo\":\"Luta antirracismo\",\"p18_mobilidade\":\"Mobilidade\",\"p18_moradia\":\"Moradia\",\"p18_povosecomunidadestradicionais\":\"Povos e comunidades tradicionais\",\"p18_trabalho\":\"Trabalho\",\"p18_religiao\":\"Religi\\u00e3o\",\"p18_saude\":\"Sa\\u00fade\",\"p18_violencia\":\"Viol\\u00eancia\",\"p18_politicasculturais\":\"Pol\\u00edticas Culturais\",\"p19_educacao\":\"Educa\\u00e7\\u00e3o\",\"p19_povosecomunidadestradicionais\":\"Povos e comunidades tradicionais\",\"p19_saude\":\"Sa\\u00fade\",\"p20_reunioes\":\"Reuni\\u00f5es\",\"p20_atendimento\":\"Atendimento\",\"p20_oficinasaulasartisticas\":\"Ensaios\\\/Oficinas\\\/Aulas art\\u00edsticas\",\"p20_cursos\":\"Cursos\",\"p20_apresentacoesartisticas\":\"Apresenta\\u00e7\\u00f5es art\\u00edsticas\",\"p21_xenofobia\":\"Xenofobia\",\"p21_racismo\":\"Racismo\",\"p22_numerodeparticipantes\":\"30 - 45\",\"p23_reunioes\":\"Reuni\\u00f5es\",\"p23_atendimento\":\"Atendimento\",\"p23_oficinasaulasartisticas\":\"Ensaio\\\/Oficinas\\\/Aulas Art\\u00edsticas\",\"p23_cursos\":\"Cursos\",\"p23_outros\":\"Outros\",\"p24_apresentacoesartisticas\":\"Apresenta\\u00e7\\u00f5es art\\u00edsticas\",\"p25_numerodepessoas\":\"20 - 40\",\"p26_numerodepessoas\":\"20 - 40\",\"p27_espacopublico\":\"Espa\\u00e7o p\\u00fablico\",\"p27_espacoemprestadocedido\":\"Espa\\u00e7o emprestado\\\/cedido\",\"p28_territorios\":\"Estado\",\"p30_outrasorganizacoes\":\"N\\u00e3o\",\"p32_campanhadelongaduracao\":\"Sim\",\"p34_internacional\":\"Internacional\",\"p36_conselhosdeparticipacaoecontrolesocial\":\"N\\u00e3o\",\"p38_nenhum\":\"Nenhum\",\"p40_editais\":\"N\\u00e3o\",\"p41_autofinanciamento\":\"Autofinanciamento\",\"p42_meiodedivulgacaoproprio\":\"Sim\",\"p43_facebook\":\"Facebook\",\"p43_instagram\":\"Instagram\",\"p44_jornaisimpressosdegrandecirculacao\":\"Jornais impressos de grande circula\\u00e7\\u00e3o\",\"p39_publico\":\"POVOS IND\\u00cdGENAS IMIGRA\\u00c7\\u00c3O\",\"p45_bandeira\":\"INTEGRA\\u00c7\\u00c3O POVOS IND\\u00cdGENAS ORIGINAIS\",\"p46_hashtags\":\"#DEFESADOSDIREITOSDOSPOVOSINDIGENAS #REPRESENTAROPOVOINDIGENAMIGRANTE #PROMOVERAINTEIRACAOENTRECOMUNIDADEINIDIGENAENAOINDIGENA\"},{\"p1_eixo\":\"Viol\\u00eancia\",\"p9_tipoorganizacao\":\"Movimento Social\",\"p12_uf\":\"RR\",\"p13_cidade\":\"BOA VISTA\",\"p17_ano\":\"Anterior a 1980\",\"p16_estado\":\"Estado\",\"p18_comunicacao\":\"Comunica\\u00e7\\u00e3o\",\"p18_desenvolvimentoterritorial\":\"Desenvolvimento territorial\",\"p18_direitoshumanos\":\"Direitos humanos\",\"p18_educacao\":\"Educa\\u00e7\\u00e3o\",\"p18_feminismos\":\"Feminismos\",\"p18_lgbtqi\":\"LGBTQI\",\"p18_lutaantirracismo\":\"Luta antirracismo\",\"p18_mobilidade\":\"Mobilidade\",\"p18_moradia\":\"Moradia\",\"p18_povosecomunidadestradicionais\":\"Povos e comunidades tradicionais\",\"p18_trabalho\":\"Trabalho\",\"p18_religiao\":\"Religi\\u00e3o\",\"p18_saude\":\"Sa\\u00fade\",\"p18_violencia\":\"Viol\\u00eancia\",\"p18_politicasculturais\":\"Pol\\u00edticas Culturais\",\"p19_direitoshumanos\":\"Direitos humanos\",\"p19_educacao\":\"Educa\\u00e7\\u00e3o\",\"p19_violencia\":\"Viol\\u00eancia\",\"p20_reunioes\":\"Reuni\\u00f5es\",\"p20_atendimento\":\"Atendimento\",\"p20_oficinas\":\"Oficinas\",\"p20_formacao\":\"Forma\\u00e7\\u00e3o\",\"p20_profissionalizacao\":\"Profissionaliza\\u00e7\\u00e3o\",\"p21_repressaopolicial\":\"Repress\\u00e3o policial\",\"p21_machismo\":\"Machismo\",\"p22_numerodeparticipantes\":\"Mais de 90\",\"p23_reunioes\":\"Reuni\\u00f5es\",\"p23_atendimento\":\"Atendimento\",\"p23_oficinas\":\"Oficinas\",\"p23_outros\":\"Outros\",\"p24_formacao\":\"Forma\\u00e7\\u00e3o\",\"p24_profissionalizacao\":\"Profissionaliza\\u00e7\\u00e3o\",\"p24_outros\":\"Outros\",\"p25_numerodepessoas\":\"Mais de 500\",\"p26_numerodepessoas\":\"80 - 100\",\"p27_espacoemprestadocedido\":\"Espa\\u00e7o emprestado\\\/cedido\",\"p28_territorios\":\"Estado\",\"p30_outrasorganizacoes\":\"Sim\",\"p32_campanhadelongaduracao\":\"N\\u00e3o\",\"p34_nenhuma\":\"Nenhuma\",\"p36_conselhosdeparticipacaoecontrolesocial\":\"Sim\",\"p38_sim\":\"Sim\",\"p40_editais\":\"Sim\",\"p41_privadopj\":\"Privado (P. Jur\\u00eddica)\",\"p41_financiamentocoletivo0\":\"Financiamento coletivo\",\"p42_meiodedivulgacaoproprio\":\"Sim\",\"p43_facebook\":\"Facebook\",\"p43_instagram\":\"Instagram\",\"p44_nenhum\":\"Nenhum\",\"p39_publico\":\"MULHERES\",\"p45_bandeira\":\"SUSTENTABILIDADE CONTRA-VIOL\\u00caNCIA CONTRA MULHER DIREITOS HUMANOS\",\"p46_hashtags\":\"#NAOAVIOLENCIACONTRAAMULHER #DEFESADOSINDIGENAS #VIDAINDIGENASIMPORTAM\"},{\"p1_eixo\":\"Viol\\u00eancia\",\"p9_tipoorganizacao\":\"ONG\",\"p12_uf\":\"AP\",\"p13_cidade\":\"MACAP\\u00c1\",\"p16_nacional\":\"Nacional\",\"p17_ano\":\"2020\",\"p18_comunicacao\":\"Comunica\\u00e7\\u00e3o\",\"p18_difusaoartistica\":\"Difus\\u00e3o Art\\u00edstica\",\"p18_direitoshumanos\":\"Direitos humanos\",\"p18_educacao\":\"Educa\\u00e7\\u00e3o\",\"p18_feminismos\":\"Feminismos\",\"p18_lgbtqi\":\"LGBTQI\",\"p18_lutaantirracismo\":\"Luta antirracismo\",\"p18_povosecomunidadestradicionais\":\"Povos e comunidades tradicionais\",\"p18_trabalho\":\"Trabalho\",\"p18_religiao\":\"Religi\\u00e3o\",\"p18_saude\":\"Sa\\u00fade\",\"p18_violencia\":\"Viol\\u00eancia\",\"p18_politicasculturais\":\"Pol\\u00edticas Culturais\",\"p19_direitoshumanos\":\"Direitos humanos\",\"p19_lgbtqi\":\"LGBTQI\",\"p19_trabalho\":\"Trabalho\",\"p20_reunioes\":\"Reuni\\u00f5es\",\"p21_machismo\":\"Machismo\",\"p21_racismo\":\"Racismo\",\"p21_lgbtqifobia\":\"LGBTIfobia\",\"p22_numerodeparticipantes\":\"1  - 15\",\"p23_reunioes\":\"Reuni\\u00f5es\",\"p23_outros\":\"Outros\",\"p24_outros\":\"Outros\",\"p25_numerodepessoas\":\"1 - 20\",\"p26_numerodepessoas\":\"1 - 20\",\"p27_espacopublico\":\"Espa\\u00e7o p\\u00fablico\",\"p27_espacoemprestadocedido\":\"Espa\\u00e7o emprestado\\\/cedido\",\"p27_virtual\":\"Virtual\",\"p28_territorios\":\"Estado\",\"p30_outrasorganizacoes\":\"Sim\",\"p32_campanhadelongaduracao\":\"N\\u00e3o\",\"p34_nenhuma\":\"Nenhuma\",\"p36_conselhosdeparticipacaoecontrolesocial\":\"Sim\",\"p38_sim\":\"Sim\",\"p40_editais\":\"Sim\",\"p41_publicoestatal\":\"P\\u00fablico-Estatal\",\"p41_financiamentocoletivo0\":\"Financiamento coletivo\",\"p42_meiodedivulgacaoproprio\":\"Sim\",\"p43_email\":\"E-mail\",\"p44_nenhum\":\"Nenhum\",\"p39_publico\":\"POPULA\\u00c7\\u00c3O LGBT \",\"p45_bandeira\":\"DIREITOS POPULA\\u00c7\\u00c3O LGBT\",\"p46_hashtags\":\"#DIREITOSHUMANOS #ADVOCACY #POLITICASPUBLICAS\"},{\"p1_eixo\":\"Trabalho\",\"p9_tipoorganizacao\":\"ONG\",\"p12_uf\":\"AP\",\"p13_cidade\":\"MACAP\\u00c1\",\"p17_ano\":\"2020\",\"p16_estado\":\"Estado\",\"p18_comunicacao\":\"Comunica\\u00e7\\u00e3o\",\"p18_difusaoartistica\":\"Difus\\u00e3o Art\\u00edstica\",\"p18_desenvolvimentoterritorial\":\"Desenvolvimento territorial\",\"p18_direitoshumanos\":\"Direitos humanos\",\"p18_educacao\":\"Educa\\u00e7\\u00e3o\",\"p18_feminismos\":\"Feminismos\",\"p18_lgbtqi\":\"LGBTQI\",\"p18_lutaantirracismo\":\"Luta antirracismo\",\"p18_povosecomunidadestradicionais\":\"Povos e comunidades tradicionais\",\"p18_trabalho\":\"Trabalho\",\"p18_saude\":\"Sa\\u00fade\",\"p18_violencia\":\"Viol\\u00eancia\",\"p18_politicasculturais\":\"Pol\\u00edticas Culturais\",\"p19_desenvolvimentoterritorial\":\"Desenvolvimento territorial\",\"p19_direitoshumanos\":\"Direitos humanos\",\"p19_educacao\":\"Educa\\u00e7\\u00e3o\",\"p20_atendimento\":\"Atendimento\",\"p20_oficinas\":\"Oficinas\",\"p20_oficinasaulasartisticas\":\"Ensaios\\\/Oficinas\\\/Aulas art\\u00edsticas\",\"p20_formacao\":\"Forma\\u00e7\\u00e3o\",\"p20_apresentacoesartisticas\":\"Apresenta\\u00e7\\u00f5es art\\u00edsticas\",\"p21_machismo\":\"Machismo\",\"p21_racismo\":\"Racismo\",\"p22_numerodeparticipantes\":\"15 - 30\",\"p23_atendimento\":\"Atendimento\",\"p24_oficinas\":\"Oficinas\",\"p24_oficinasaulasartisticas\":\"Ensaios\\\/Oficinas\\\/Aulas art\\u00edsticas\",\"p24_formacao\":\"Forma\\u00e7\\u00e3o\",\"p24_apresentacoesartisticas\":\"Apresenta\\u00e7\\u00f5es art\\u00edsticas\",\"p24_outros\":\"Outros\",\"p25_numerodepessoas\":\"Mais de 500\",\"p26_numerodepessoas\":\"20 - 40\",\"p27_espacopublico\":\"Espa\\u00e7o p\\u00fablico\",\"p27_espacoproprio\":\"Espa\\u00e7o pr\\u00f3prio\",\"p28_territorios\":\"Estado\",\"p30_outrasorganizacoes\":\"Sim\",\"p32_campanhadelongaduracao\":\"Sim\",\"p34_municipal\":\"Municipal\",\"p36_conselhosdeparticipacaoecontrolesocial\":\"N\\u00e3o\",\"p38_sim\":\"Sim\",\"p40_editais\":\"N\\u00e3o\",\"p41_publicoestatal\":\"P\\u00fablico-Estatal\",\"p41_privadopf\":\"Privado (P. F\\u00edsica)\",\"p41_privadopj\":\"Privado (P. Jur\\u00eddica)\",\"p42_meiodedivulgacaoproprio\":\"Sim\",\"p43_email\":\"E-mail\",\"p43_facebook\":\"Facebook\",\"p43_instagram\":\"Instagram\",\"p43_sitesblogs\":\"Blogs\\\/sites\",\"p44_radio\":\"TV\",\"p44_jornaisimpressosdegrandecirculacao\":\"Jornais impressos de grande circula\\u00e7\\u00e3o\",\"p44_jornaisimpressosdebairro\":\"Jornais impressos de bairro\",\"p44_redessociais\":\"Redes sociais (Facebook, YouTube, Instagram etc.)\",\"p44_sitesblogs\":\"Sites ou Blogs\",\"p39_publico\":\"MULHERES M\\u00c3ES SOLOS PERIFERIAS M\\u00c3ES FAVELA\",\"p45_bandeira\":\"PROMO\\u00c7\\u00c3O DESENVOLVIMENTO ECON\\u00d4MICO TERRIT\\u00d3RIOS PERIFERIA OPORTUNIDADE TERRIT\\u00d3RIOS PERIFERIAS\",\"p46_hashtags\":\"#FAVELANAOECARENCIAFAVELAEPOTENCIA #PORUMASOCIEDADESEMRACISMO #RESPEITOAVIDADASMULHERES\"},{\"p1_eixo\":\"Trabalho\",\"p9_tipoorganizacao\":\"Movimento Social\",\"p12_uf\":\"AC\",\"p13_cidade\":\"RIO BRANCO\",\"p16_nacional\":\"Nacional\",\"p17_ano\":\"1985\",\"p18_agrario\":\"Agr\\u00e1rio\\\/ruralidades\",\"p18_comunicacao\":\"Comunica\\u00e7\\u00e3o\",\"p18_desenvolvimentoterritorial\":\"Desenvolvimento territorial\",\"p18_direitoshumanos\":\"Direitos humanos\",\"p18_educacao\":\"Educa\\u00e7\\u00e3o\",\"p18_feminismos\":\"Feminismos\",\"p18_lutaantirracismo\":\"Luta antirracismo\",\"p18_moradia\":\"Moradia\",\"p18_povosecomunidadestradicionais\":\"Povos e comunidades tradicionais\",\"p18_trabalho\":\"Trabalho\",\"p18_saude\":\"Sa\\u00fade\",\"p18_violencia\":\"Viol\\u00eancia\",\"p19_agrario\":\"Agr\\u00e1rio\\\/ruralidades\",\"p19_desenvolvimentoterritorial\":\"Desenvolvimento territorial\",\"p19_povosecomunidadestradicionais\":\"Povos e comunidades tradicionais\",\"p20_reunioes\":\"Reuni\\u00f5es\",\"p20_atendimento\":\"Atendimento\",\"p20_formacao\":\"Forma\\u00e7\\u00e3o\",\"p21_repressaopolicial\":\"Repress\\u00e3o policial\",\"p21_machismo\":\"Machismo\",\"p21_racismo\":\"Racismo\",\"p21_enfrentamentocomgruposprivadosarmados\":\"Enfrentamento com grupos privados armados\",\"p22_numerodeparticipantes\":\"15 - 30\",\"p23_reunioes\":\"Reuni\\u00f5es\",\"p23_atendimento\":\"Atendimento\",\"p23_formacao\":\"Forma\\u00e7\\u00e3o\",\"p23_outros\":\"Outros\",\"p24_reunioes\":\"Reuni\\u00f5es\",\"p24_atendimento\":\"Atendimentos\",\"p24_formacao\":\"Forma\\u00e7\\u00e3o\",\"p24_outros\":\"Outros\",\"p25_numerodepessoas\":\"40 - 60\",\"p26_numerodepessoas\":\"20 - 40\",\"p27_espacopublico\":\"Espa\\u00e7o p\\u00fablico\",\"p27_espacoemprestadocedido\":\"Espa\\u00e7o emprestado\\\/cedido\",\"p27_espacoproprio\":\"Espa\\u00e7o pr\\u00f3prio\",\"p28_territorios\":\"Atua\\u00e7\\u00e3o Nacional\",\"p30_outrasorganizacoes\":\"Sim\",\"p32_campanhadelongaduracao\":\"Sim\",\"p34_nenhuma\":\"Nenhuma\",\"p36_conselhosdeparticipacaoecontrolesocial\":\"Sim\",\"p38_sim\":\"Sim\",\"p40_editais\":\"Sim\",\"p41_privadopj\":\"Privado (P. Jur\\u00eddica)\",\"p42_meiodedivulgacaoproprio\":\"Sim\",\"p43_impressoes\":\"Impressos\",\"p43_email\":\"E-mail\",\"p43_facebook\":\"Facebook\",\"p43_instagram\":\"Instagram\",\"p43_twitter\":\"Twitter\",\"p44_radio\":\"TV\",\"p44_jornaisimpressosdegrandecirculacao\":\"Jornais impressos de grande circula\\u00e7\\u00e3o\",\"p44_jornaisimpressosdebairro\":\"Jornais impressos de bairro\",\"p44_redessociais\":\"Redes sociais (Facebook, YouTube, Instagram etc.)\",\"p39_publico\":\"POPULA\\u00c7\\u00d5ES TERRIT\\u00d3RIOS EXTRATIVISTAS\",\"p45_bandeira\":\"DEFESA POPULA\\u00c7\\u00d5ES TERRIT\\u00d3RIOS EXTRATIVISTAS REGI\\u00c3O AMAZ\\u00d4NICA BRASIL\",\"p46_hashtags\":\"#DEFESADOSDIREITOSDASPOPULACOESEXTRATIVISTAS\"},{\"p1_eixo\":\"Cultura\",\"p9_tipoorganizacao\":\"Coletivo\",\"p12_uf\":\"GO\",\"p13_cidade\":\"LUZI\\u00c2NIA\",\"p17_ano\":\"2007\",\"p16_estado\":\"Estado\",\"p18_comunicacao\":\"Comunica\\u00e7\\u00e3o\",\"p18_difusaoartistica\":\"Difus\\u00e3o Art\\u00edstica\",\"p18_direitoshumanos\":\"Direitos humanos\",\"p18_educacao\":\"Educa\\u00e7\\u00e3o\",\"p18_povosecomunidadestradicionais\":\"Povos e comunidades tradicionais\",\"p18_trabalho\":\"Trabalho\",\"p18_violencia\":\"Viol\\u00eancia\",\"p18_politicasculturais\":\"Pol\\u00edticas Culturais\",\"p19_educacao\":\"Educa\\u00e7\\u00e3o\",\"p19_difusaoartistica\":\"Difus\\u00e3o Art\\u00edstica\",\"p19_politicasculturais\":\"Pol\\u00edticas Culturais\",\"p20_reunioes\":\"Reuni\\u00f5es\",\"p20_oficinasaulasartisticas\":\"Ensaios\\\/Oficinas\\\/Aulas art\\u00edsticas\",\"p20_cursos\":\"Cursos\",\"p20_formacao\":\"Forma\\u00e7\\u00e3o\",\"p20_apresentacoesartisticas\":\"Apresenta\\u00e7\\u00f5es art\\u00edsticas\",\"p21_nenhum\":\"Nenhum\",\"p22_numerodeparticipantes\":\"15 - 30\",\"p23_reunioes\":\"Reuni\\u00f5es\",\"p23_cursos\":\"Cursos\",\"p23_formacao\":\"Forma\\u00e7\\u00e3o\",\"p23_apresentacoesartisticas\":\"Apresenta\\u00e7\\u00f5es Art\\u00edsticas\",\"p23_outros\":\"Outros\",\"p24_oficinas\":\"Oficinas\",\"p24_curso\":\"Curso\",\"p24_apresentacoesartisticas\":\"Apresenta\\u00e7\\u00f5es art\\u00edsticas\",\"p24_outros\":\"Outros\",\"p25_numerodepessoas\":\"1 - 20\",\"p26_numerodepessoas\":\"80 - 100\",\"p27_espacopublico\":\"Espa\\u00e7o p\\u00fablico\",\"p27_espacoemprestadocedido\":\"Espa\\u00e7o emprestado\\\/cedido\",\"p28_territorios\":\"Estado\",\"p30_outrasorganizacoes\":\"Sim\",\"p32_campanhadelongaduracao\":\"N\\u00e3o\",\"p34_municipal\":\"Municipal\",\"p34_estadual\":\"Estadual\",\"p36_conselhosdeparticipacaoecontrolesocial\":\"N\\u00e3o\",\"p38_sim\":\"Sim\",\"p40_editais\":\"Sim\",\"p41_financiamentocoletivo0\":\"Financiamento coletivo\",\"p42_meiodedivulgacaoproprio\":\"Sim\",\"p43_email\":\"E-mail\",\"p43_facebook\":\"Facebook\",\"p43_whatsapp\":\"WhatsApp\",\"p43_instagram\":\"Instagram\",\"p43_twitter\":\"Twitter\",\"p43_sitesblogs\":\"Blogs\\\/sites\",\"p43_youtube\":\"YouTube\",\"p44_radio\":\"TV\",\"p44_jornaisimpressosdegrandecirculacao\":\"Jornais impressos de grande circula\\u00e7\\u00e3o\",\"p44_sitesblogs\":\"Sites ou Blogs\",\"p39_publico\":\"COMUNIDADE PERIF\\u00c9RICA JOVENS CRIAN\\u00c7AS ADULTOS\",\"p45_bandeira\":\"CULTURA EDUCA\\u00c7\\u00c3O FORTALECIMENTO V\\u00cdNCULOS SOCIEDADE\",\"p46_hashtags\":\"#DESENVOLVIMENTOCULTURA #DIFUSAOCULTURAL #TRIADEENVOLVIMENTOCULTURAL\"},{\"p1_eixo\":\"Viol\\u00eancia\",\"p9_tipoorganizacao\":\"Coletivo\",\"p12_uf\":\"AP\",\"p13_cidade\":\"MACAP\\u00c1\",\"p16_cidade\":\"Cidade\",\"p17_ano\":\"2014\",\"p18_direitoshumanos\":\"Direitos humanos\",\"p18_educacao\":\"Educa\\u00e7\\u00e3o\",\"p18_feminismos\":\"Feminismos\",\"p18_lgbtqi\":\"LGBTQI\",\"p18_lutaantirracismo\":\"Luta antirracismo\",\"p18_saude\":\"Sa\\u00fade\",\"p18_violencia\":\"Viol\\u00eancia\",\"p19_direitoshumanos\":\"Direitos humanos\",\"p19_saude\":\"Sa\\u00fade\",\"p19_violencia\":\"Viol\\u00eancia\",\"p20_reunioes\":\"Reuni\\u00f5es\",\"p20_oficinas\":\"Oficinas\",\"p20_formacao\":\"Forma\\u00e7\\u00e3o\",\"p21_intoleranciareligiosa\":\"Fundamentalismo\\\/intoler\\u00e2ncia religiosa\",\"p21_machismo\":\"Machismo\",\"p21_racismo\":\"Racismo\",\"p21_lgbtqifobia\":\"LGBTIfobia\",\"p22_numerodeparticipantes\":\"1  - 15\",\"p23_reunioes\":\"Reuni\\u00f5es\",\"p23_outros\":\"Outros\",\"p24_outros\":\"Outros\",\"p25_numerodepessoas\":\"1 - 20\",\"p26_numerodepessoas\":\"80 - 100\",\"p27_espacopublico\":\"Espa\\u00e7o p\\u00fablico\",\"p27_espacoemprestadocedido\":\"Espa\\u00e7o emprestado\\\/cedido\",\"p27_virtual\":\"Virtual\",\"p28_territorios\":\"Cidade\",\"p30_outrasorganizacoes\":\"Sim\",\"p32_campanhadelongaduracao\":\"Sim\",\"p34_nenhuma\":\"Nenhuma\",\"p36_conselhosdeparticipacaoecontrolesocial\":\"N\\u00e3o\",\"p38_sim\":\"Sim\",\"p40_editais\":\"N\\u00e3o\",\"p41_autofinanciamento\":\"Autofinanciamento\",\"p41_financiamentocoletivo0\":\"Financiamento coletivo\",\"p42_meiodedivulgacaoproprio\":\"Sim\",\"p43_facebook\":\"Facebook\",\"p43_instagram\":\"Instagram\",\"p44_radio\":\"TV\",\"p44_jornaisimpressosdebairro\":\"Jornais impressos de bairro\",\"p39_publico\":\"MULHERES M\\u00c3ES\",\"p45_bandeira\":\"COMBATE OBST\\u00c9TRICA DIREITOS MULHER PARTO RESPEITO INF\\u00c2NCIA\",\"p46_hashtags\":\"#VIOLENCIAOBSTETRICA #MATERNIDADECONSCIENTE #NENHUMDIREITOAMENOS\"},{\"p1_eixo\":\"Trabalho\",\"p9_tipoorganizacao\":\"Associa\\u00e7\\u00e3o\",\"p12_uf\":\"AP\",\"p13_cidade\":\"MAZAG\\u00c3O\",\"p16_cidade\":\"Cidade\",\"p17_ano\":\"2002\",\"p18_agrario\":\"Agr\\u00e1rio\\\/ruralidades\",\"p18_desenvolvimentoterritorial\":\"Desenvolvimento territorial\",\"p18_direitoshumanos\":\"Direitos humanos\",\"p18_educacao\":\"Educa\\u00e7\\u00e3o\",\"p18_feminismos\":\"Feminismos\",\"p18_lutaantirracismo\":\"Luta antirracismo\",\"p18_moradia\":\"Moradia\",\"p18_povosecomunidadestradicionais\":\"Povos e comunidades tradicionais\",\"p18_trabalho\":\"Trabalho\",\"p18_religiao\":\"Religi\\u00e3o\",\"p18_saude\":\"Sa\\u00fade\",\"p18_violencia\":\"Viol\\u00eancia\",\"p18_politicasculturais\":\"Pol\\u00edticas Culturais\",\"p19_educacao\":\"Educa\\u00e7\\u00e3o\",\"p19_povosecomunidadestradicionais\":\"Povos e comunidades tradicionais\",\"p19_saude\":\"Sa\\u00fade\",\"p20_reunioes\":\"Reuni\\u00f5es\",\"p20_oficinas\":\"Oficinas\",\"p20_cursos\":\"Cursos\",\"p20_formacao\":\"Forma\\u00e7\\u00e3o\",\"p20_profissionalizacao\":\"Profissionaliza\\u00e7\\u00e3o\",\"p21_repressaopolicial\":\"Repress\\u00e3o policial\",\"p21_machismo\":\"Machismo\",\"p22_numerodeparticipantes\":\"30 - 45\",\"p23_reunioes\":\"Reuni\\u00f5es\",\"p23_outros\":\"Outros\",\"p24_oficinas\":\"Oficinas\",\"p24_curso\":\"Curso\",\"p24_formacao\":\"Forma\\u00e7\\u00e3o\",\"p24_profissionalizacao\":\"Profissionaliza\\u00e7\\u00e3o\",\"p24_outros\":\"Outros\",\"p25_numerodepessoas\":\"60 - 80\",\"p26_numerodepessoas\":\"20 - 40\",\"p27_espacopublico\":\"Espa\\u00e7o p\\u00fablico\",\"p28_territorios\":\"Cidade\",\"p30_outrasorganizacoes\":\"Sim\",\"p32_campanhadelongaduracao\":\"N\\u00e3o\",\"p34_nenhuma\":\"Nenhuma\",\"p36_conselhosdeparticipacaoecontrolesocial\":\"Sim\",\"p38_nenhum\":\"Nenhum\",\"p40_editais\":\"N\\u00e3o\",\"p41_financiamentocoletivo0\":\"Financiamento coletivo\",\"p42_meiodedivulgacaoproprio\":\"Sim\",\"p43_email\":\"E-mail\",\"p43_facebook\":\"Facebook\",\"p43_whatsapp\":\"WhatsApp\",\"p44_radio\":\"TV\",\"p44_jornaisimpressosdebairro\":\"Jornais impressos de bairro\",\"p39_publico\":\"FAM\\u00cdLIAS COMUNIDADE\",\"p45_bandeira\":\"EDUCA\\u00c7\\u00c3O SA\\u00daDE IGUALDADE COMUNIDADE\",\"p46_hashtags\":\"#EDUCACAO #SAUDE #IGUALDADEDENTRODACOMUNIDADEPARATODOS\"},{\"p1_eixo\":\"Cultura\",\"p9_tipoorganizacao\":\"Associa\\u00e7\\u00e3o\",\"p12_uf\":\"AP\",\"p13_cidade\":\"SANTANA\",\"p16_nacional\":\"Nacional\",\"p17_ano\":\"2012\",\"p18_agrario\":\"Agr\\u00e1rio\\\/ruralidades\",\"p18_comunicacao\":\"Comunica\\u00e7\\u00e3o\",\"p18_difusaoartistica\":\"Difus\\u00e3o Art\\u00edstica\",\"p18_desenvolvimentoterritorial\":\"Desenvolvimento territorial\",\"p18_direitoshumanos\":\"Direitos humanos\",\"p18_educacao\":\"Educa\\u00e7\\u00e3o\",\"p18_feminismos\":\"Feminismos\",\"p18_lgbtqi\":\"LGBTQI\",\"p18_lutaantirracismo\":\"Luta antirracismo\",\"p18_mobilidade\":\"Mobilidade\",\"p18_moradia\":\"Moradia\",\"p18_povosecomunidadestradicionais\":\"Povos e comunidades tradicionais\",\"p18_trabalho\":\"Trabalho\",\"p18_religiao\":\"Religi\\u00e3o\",\"p18_saude\":\"Sa\\u00fade\",\"p18_violencia\":\"Viol\\u00eancia\",\"p18_politicasculturais\":\"Pol\\u00edticas Culturais\",\"p19_moradia\":\"Moradia\",\"p19_povosecomunidadestradicionais\":\"Povos e comunidades tradicionais\",\"p19_saude\":\"Sa\\u00fade\",\"p20_reunioes\":\"Reuni\\u00f5es\",\"p20_atendimento\":\"Atendimento\",\"p20_oficinasaulasartisticas\":\"Ensaios\\\/Oficinas\\\/Aulas art\\u00edsticas\",\"p20_apresentacoesartisticas\":\"Apresenta\\u00e7\\u00f5es art\\u00edsticas\",\"p21_nenhum\":\"Nenhum\",\"p22_numerodeparticipantes\":\"75 - 90\",\"p23_reunioes\":\"Reuni\\u00f5es\",\"p23_outros\":\"Outros\",\"p24_atendimento\":\"Atendimentos\",\"p24_oficinasaulasartisticas\":\"Ensaios\\\/Oficinas\\\/Aulas art\\u00edsticas\",\"p24_apresentacoesartisticas\":\"Apresenta\\u00e7\\u00f5es art\\u00edsticas\",\"p24_outros\":\"Outros\",\"p25_numerodepessoas\":\"40 - 60\",\"p26_numerodepessoas\":\"80 - 100\",\"p27_espacopublico\":\"Espa\\u00e7o p\\u00fablico\",\"p27_espacoemprestadocedido\":\"Espa\\u00e7o emprestado\\\/cedido\",\"p27_espacoproprio\":\"Espa\\u00e7o pr\\u00f3prio\",\"p27_virtual\":\"Virtual\",\"p28_territorios\":\"Atua\\u00e7\\u00e3o Nacional\",\"p30_outrasorganizacoes\":\"N\\u00e3o\",\"p32_campanhadelongaduracao\":\"Sim\",\"p34_estadual\":\"Estadual\",\"p34_nacional\":\"Nacional\",\"p36_conselhosdeparticipacaoecontrolesocial\":\"N\\u00e3o\",\"p38_sim\":\"Sim\",\"p40_editais\":\"N\\u00e3o\",\"p41_autofinanciamento\":\"Autofinanciamento\",\"p42_meiodedivulgacaoproprio\":\"Sim\",\"p43_facebook\":\"Facebook\",\"p44_radio\":\"TV\",\"p44_sitesblogs\":\"Sites ou Blogs\",\"p39_publico\":\"MORADORES QUILOMBO\",\"p45_bandeira\":\"RESIST\\u00caNCIA IGUALDADE LUTA DIREITOS SA\\u00daDE ESPA\\u00c7O-VISIBILIDADE LEMBRADO MORADIA\",\"p46_hashtags\":\"#GARANTIADEDIREITOS #MORADIA #RESPEITO\"},{\"p1_eixo\":\"Trabalho\",\"p9_tipoorganizacao\":\"Instituto\",\"p12_uf\":\"AP\",\"p13_cidade\":\"MACAP\\u00c1\",\"p17_ano\":\"2015\",\"p16_estado\":\"Estado\",\"p18_agrario\":\"Agr\\u00e1rio\\\/ruralidades\",\"p18_comunicacao\":\"Comunica\\u00e7\\u00e3o\",\"p18_difusaoartistica\":\"Difus\\u00e3o Art\\u00edstica\",\"p18_desenvolvimentoterritorial\":\"Desenvolvimento territorial\",\"p18_direitoshumanos\":\"Direitos humanos\",\"p18_educacao\":\"Educa\\u00e7\\u00e3o\",\"p18_lutaantirracismo\":\"Luta antirracismo\",\"p18_povosecomunidadestradicionais\":\"Povos e comunidades tradicionais\",\"p18_trabalho\":\"Trabalho\",\"p19_comunicacao\":\"Comunica\\u00e7\\u00e3o\",\"p19_desenvolvimentoterritorial\":\"Desenvolvimento territorial\",\"p19_povosecomunidadestradicionais\":\"Povos e comunidades tradicionais\",\"p20_reunioes\":\"Reuni\\u00f5es\",\"p20_oficinas\":\"Oficinas\",\"p20_cursos\":\"Cursos\",\"p20_formacao\":\"Forma\\u00e7\\u00e3o\",\"p20_apresentacoesartisticas\":\"Apresenta\\u00e7\\u00f5es art\\u00edsticas\",\"p21_nenhum\":\"Nenhum\",\"p22_numerodeparticipantes\":\"1  - 15\",\"p23_reunioes\":\"Reuni\\u00f5es\",\"p23_apresentacoesartisticas\":\"Apresenta\\u00e7\\u00f5es Art\\u00edsticas\",\"p23_outros\":\"Outros\",\"p24_oficinas\":\"Oficinas\",\"p24_oficinasaulasartisticas\":\"Ensaios\\\/Oficinas\\\/Aulas art\\u00edsticas\",\"p24_formacao\":\"Forma\\u00e7\\u00e3o\",\"p24_outros\":\"Outros\",\"p25_numerodepessoas\":\"40 - 60\",\"p26_numerodepessoas\":\"200 - 300\",\"p27_espacopublico\":\"Espa\\u00e7o p\\u00fablico\",\"p27_espacoemprestadocedido\":\"Espa\\u00e7o emprestado\\\/cedido\",\"p27_espacoproprio\":\"Espa\\u00e7o pr\\u00f3prio\",\"p28_territorios\":\"Cidade\",\"p30_outrasorganizacoes\":\"Sim\",\"p32_campanhadelongaduracao\":\"Sim\",\"p34_estadual\":\"Estadual\",\"p34_nacional\":\"Nacional\",\"p34_internacional\":\"Internacional\",\"p36_conselhosdeparticipacaoecontrolesocial\":\"Sim\",\"p38_nenhum\":\"Nenhum\",\"p40_editais\":\"N\\u00e3o\",\"p41_privadopj\":\"Privado (P. Jur\\u00eddica)\",\"p42_meiodedivulgacaoproprio\":\"Sim\",\"p43_facebook\":\"Facebook\",\"p43_instagram\":\"Instagram\",\"p43_sitesblogs\":\"Blogs\\\/sites\",\"p43_youtube\":\"YouTube\",\"p44_radio\":\"TV\",\"p39_publico\":\"POPULA\\u00c7\\u00d5ES ISOLADAS PROTEGIDAS\",\"p45_bandeira\":\"AGROECOLOGIA DEFESA PROTEGIDAS COMBATE FOME REDU\\u00c7\\u00c3O DESIGUALDADE\",\"p46_hashtags\":\"#AREASPROTEGIDAS #FORTALECIMENTOCOMUNITARIA #JUSTICACLIMATICA\"},{\"p1_eixo\":\"Cultura\",\"p9_tipoorganizacao\":\"Associa\\u00e7\\u00e3o\",\"p12_uf\":\"AP\",\"p13_cidade\":\"MACAP\\u00c1\",\"p17_ano\":\"2005\",\"p16_estado\":\"Estado\",\"p18_comunicacao\":\"Comunica\\u00e7\\u00e3o\",\"p18_difusaoartistica\":\"Difus\\u00e3o Art\\u00edstica\",\"p18_desenvolvimentoterritorial\":\"Desenvolvimento territorial\",\"p18_direitoshumanos\":\"Direitos humanos\",\"p18_educacao\":\"Educa\\u00e7\\u00e3o\",\"p18_feminismos\":\"Feminismos\",\"p18_lgbtqi\":\"LGBTQI\",\"p18_lutaantirracismo\":\"Luta antirracismo\",\"p18_povosecomunidadestradicionais\":\"Povos e comunidades tradicionais\",\"p18_saude\":\"Sa\\u00fade\",\"p18_violencia\":\"Viol\\u00eancia\",\"p18_politicasculturais\":\"Pol\\u00edticas Culturais\",\"p19_educacao\":\"Educa\\u00e7\\u00e3o\",\"p19_povosecomunidadestradicionais\":\"Povos e comunidades tradicionais\",\"p19_politicasculturais\":\"Pol\\u00edticas Culturais\",\"p20_reunioes\":\"Reuni\\u00f5es\",\"p20_oficinas\":\"Oficinas\",\"p20_formacao\":\"Forma\\u00e7\\u00e3o\",\"p20_apresentacoesartisticas\":\"Apresenta\\u00e7\\u00f5es art\\u00edsticas\",\"p21_intoleranciareligiosa\":\"Fundamentalismo\\\/intoler\\u00e2ncia religiosa\",\"p21_xenofobia\":\"Xenofobia\",\"p21_machismo\":\"Machismo\",\"p21_racismo\":\"Racismo\",\"p21_lgbtqifobia\":\"LGBTIfobia\",\"p22_numerodeparticipantes\":\"1  - 15\",\"p23_reunioes\":\"Reuni\\u00f5es\",\"p23_apresentacoesartisticas\":\"Apresenta\\u00e7\\u00f5es Art\\u00edsticas\",\"p24_reunioes\":\"Reuni\\u00f5es\",\"p24_atendimento\":\"Atendimentos\",\"p24_oficinasaulasartisticas\":\"Ensaios\\\/Oficinas\\\/Aulas art\\u00edsticas\",\"p24_formacao\":\"Forma\\u00e7\\u00e3o\",\"p24_apresentacoesartisticas\":\"Apresenta\\u00e7\\u00f5es art\\u00edsticas\",\"p25_numerodepessoas\":\"Mais de 500\",\"p26_numerodepessoas\":\"100 - 200\",\"p27_espacoemprestadocedido\":\"Espa\\u00e7o emprestado\\\/cedido\",\"p27_espacoproprio\":\"Espa\\u00e7o pr\\u00f3prio\",\"p27_virtual\":\"Virtual\",\"p28_territorios\":\"Estado\",\"p30_outrasorganizacoes\":\"N\\u00e3o\",\"p32_campanhadelongaduracao\":\"Sim\",\"p34_nenhuma\":\"Nenhuma\",\"p36_conselhosdeparticipacaoecontrolesocial\":\"Sim\",\"p38_nenhum\":\"Nenhum\",\"p40_editais\":\"Sim\",\"p41_publicoestatal\":\"P\\u00fablico-Estatal\",\"p42_meiodedivulgacaoproprio\":\"Sim\",\"p43_facebook\":\"Facebook\",\"p43_instagram\":\"Instagram\",\"p43_twitter\":\"Twitter\",\"p43_sitesblogs\":\"Blogs\\\/sites\",\"p43_youtube\":\"YouTube\",\"p44_radio\":\"TV\",\"p44_sitesblogs\":\"Sites ou Blogs\",\"p39_publico\":\"COMUNIDADES TRADICIONAIS RIBEIRINHAS\",\"p45_bandeira\":\"EDUCA\\u00c7\\u00c3O CULTURA DIREITO CULTURA G\\u00caNERO TEMA LGBTQIA+\",\"p46_hashtags\":\"#DIREITOAEDUCACAO #DIREITOACULTURA #DESENVOLVIMENTOTERRITORIAL\"},{\"p1_eixo\":\"Viol\\u00eancia\",\"p9_tipoorganizacao\":\"Coletivo\",\"p12_uf\":\"SP\",\"p13_cidade\":\"S\\u00c3O PAULO\",\"p16_cidade\":\"Cidade\",\"p17_ano\":\"2013\",\"p18_agrario\":\"Agr\\u00e1rio\\\/ruralidades\",\"p18_comunicacao\":\"Comunica\\u00e7\\u00e3o\",\"p18_difusaoartistica\":\"Difus\\u00e3o Art\\u00edstica\",\"p18_desenvolvimentoterritorial\":\"Desenvolvimento territorial\",\"p18_direitoshumanos\":\"Direitos humanos\",\"p18_educacao\":\"Educa\\u00e7\\u00e3o\",\"p18_feminismos\":\"Feminismos\",\"p18_lgbtqi\":\"LGBTQI\",\"p18_lutaantirracismo\":\"Luta antirracismo\",\"p18_mobilidade\":\"Mobilidade\",\"p18_povosecomunidadestradicionais\":\"Povos e comunidades tradicionais\",\"p18_trabalho\":\"Trabalho\",\"p18_religiao\":\"Religi\\u00e3o\",\"p18_saude\":\"Sa\\u00fade\",\"p18_violencia\":\"Viol\\u00eancia\",\"p18_politicasculturais\":\"Pol\\u00edticas Culturais\",\"p19_educacao\":\"Educa\\u00e7\\u00e3o\",\"p19_lutaantirracismo\":\"Luta antirracismo\",\"p19_politicasculturais\":\"Pol\\u00edticas Culturais\",\"p20_oficinas\":\"Oficinas\",\"p20_oficinasaulasartisticas\":\"Ensaios\\\/Oficinas\\\/Aulas art\\u00edsticas\",\"p20_cursos\":\"Cursos\",\"p20_apresentacoesartisticas\":\"Apresenta\\u00e7\\u00f5es art\\u00edsticas\",\"p21_repressaopolicial\":\"Repress\\u00e3o policial\",\"p21_machismo\":\"Machismo\",\"p21_racismo\":\"Racismo\",\"p22_numerodeparticipantes\":\"1  - 15\",\"p23_apresentacoesartisticas\":\"Apresenta\\u00e7\\u00f5es Art\\u00edsticas\",\"p23_outros\":\"Outros\",\"p24_oficinas\":\"Oficinas\",\"p24_curso\":\"Curso\",\"p24_apresentacoesartisticas\":\"Apresenta\\u00e7\\u00f5es art\\u00edsticas\",\"p24_outros\":\"Outros\",\"p25_numerodepessoas\":\"80 - 100\",\"p26_numerodepessoas\":\"20 - 40\",\"p27_espacopublico\":\"Espa\\u00e7o p\\u00fablico\",\"p28_territorios\":\"Cidade\",\"p30_outrasorganizacoes\":\"N\\u00e3o\",\"p32_campanhadelongaduracao\":\"Sim\",\"p34_nenhuma\":\"Nenhuma\",\"p36_conselhosdeparticipacaoecontrolesocial\":\"N\\u00e3o\",\"p38_nenhum\":\"Nenhum\",\"p40_editais\":\"N\\u00e3o\",\"p41_autofinanciamento\":\"Autofinanciamento\",\"p41_financiamentocoletivo0\":\"Financiamento coletivo\",\"p42_meiodedivulgacaoproprio\":\"Sim\",\"p43_email\":\"E-mail\",\"p43_facebook\":\"Facebook\",\"p43_youtube\":\"YouTube\",\"p44_redessociais\":\"Redes sociais (Facebook, YouTube, Instagram etc.)\",\"p44_sitesblogs\":\"Sites ou Blogs\",\"p39_publico\":\"PESSOAS PRETAS\",\"p45_bandeira\":\" ANTIRRACISMO  CONTRA  G\\u00caNERO\",\"p46_hashtags\":\"#ARTEDOGUETO #PODERPARAOPOVOPPPPREO\"},{\"p1_eixo\":\"Trabalho\",\"p9_tipoorganizacao\":\"Instituto\",\"p12_uf\":\"RO\",\"p13_cidade\":\"PORTO VELHO\",\"p17_ano\":\"2006\",\"p16_estado\":\"Estado\",\"p18_agrario\":\"Agr\\u00e1rio\\\/ruralidades\",\"p18_comunicacao\":\"Comunica\\u00e7\\u00e3o\",\"p18_difusaoartistica\":\"Difus\\u00e3o Art\\u00edstica\",\"p18_desenvolvimentoterritorial\":\"Desenvolvimento territorial\",\"p18_direitoshumanos\":\"Direitos humanos\",\"p18_educacao\":\"Educa\\u00e7\\u00e3o\",\"p18_feminismos\":\"Feminismos\",\"p18_moradia\":\"Moradia\",\"p18_povosecomunidadestradicionais\":\"Povos e comunidades tradicionais\",\"p18_saude\":\"Sa\\u00fade\",\"p18_violencia\":\"Viol\\u00eancia\",\"p18_politicasculturais\":\"Pol\\u00edticas Culturais\",\"p19_desenvolvimentoterritorial\":\"Desenvolvimento territorial\",\"p19_direitoshumanos\":\"Direitos humanos\",\"p19_povosecomunidadestradicionais\":\"Povos e comunidades tradicionais\",\"p20_reunioes\":\"Reuni\\u00f5es\",\"p20_atendimento\":\"Atendimento\",\"p20_oficinasaulasartisticas\":\"Ensaios\\\/Oficinas\\\/Aulas art\\u00edsticas\",\"p20_cursos\":\"Cursos\",\"p20_formacao\":\"Forma\\u00e7\\u00e3o\",\"p20_apresentacoesartisticas\":\"Apresenta\\u00e7\\u00f5es art\\u00edsticas\",\"p21_repressaopolicial\":\"Repress\\u00e3o policial\",\"p21_enfrentamentocomgruposprivadosarmados\":\"Enfrentamento com grupos privados armados\",\"p22_numerodeparticipantes\":\"1  - 15\",\"p23_reunioes\":\"Reuni\\u00f5es\",\"p23_outros\":\"Outros\",\"p24_reunioes\":\"Reuni\\u00f5es\",\"p24_atendimento\":\"Atendimentos\",\"p24_oficinasaulasartisticas\":\"Ensaios\\\/Oficinas\\\/Aulas art\\u00edsticas\",\"p24_curso\":\"Curso\",\"p24_formacao\":\"Forma\\u00e7\\u00e3o\",\"p24_apresentacoesartisticas\":\"Apresenta\\u00e7\\u00f5es art\\u00edsticas\",\"p25_numerodepessoas\":\"1 - 20\",\"p26_numerodepessoas\":\"300 - 400\",\"p27_espacoemprestadocedido\":\"Espa\\u00e7o emprestado\\\/cedido\",\"p27_espacoproprio\":\"Espa\\u00e7o pr\\u00f3prio\",\"p27_virtual\":\"Virtual\",\"p28_territorios\":\"Estado\",\"p30_outrasorganizacoes\":\"Sim\",\"p32_campanhadelongaduracao\":\"N\\u00e3o\",\"p34_estadual\":\"Estadual\",\"p34_nacional\":\"Nacional\",\"p34_internacional\":\"Internacional\",\"p36_conselhosdeparticipacaoecontrolesocial\":\"Sim\",\"p38_sim\":\"Sim\",\"p40_editais\":\"Sim\",\"p41_privadopj\":\"Privado (P. Jur\\u00eddica)\",\"p42_meiodedivulgacaoproprio\":\"Sim\",\"p43_sitesblogs\":\"Blogs\\\/sites\",\"p44_nenhum\":\"Nenhum\",\"p39_publico\":\"IND\\u00cdGENAS SERINGUEIROS RIBEIRINHOS PESCADORES MORADORES N\\u00daCLEOS URBANOS\",\"p45_bandeira\":\"DEFESA PROMO\\u00c7\\u00c3O DIREITOS SOCIOAMBIENTAIS\",\"p46_hashtags\":\"#IMVIVO #SEMBARRAGENSORIOCORRE #RIOSVIVOSRIOSLIVRES\"},{\"p1_eixo\":\"Trabalho\",\"p9_tipoorganizacao\":\"Movimento Social\",\"p12_uf\":\"RO\",\"p13_cidade\":\"PORTO VELHO\",\"p17_ano\":\"1989\",\"p16_estado\":\"Estado\",\"p18_agrario\":\"Agr\\u00e1rio\\\/ruralidades\",\"p18_comunicacao\":\"Comunica\\u00e7\\u00e3o\",\"p18_desenvolvimentoterritorial\":\"Desenvolvimento territorial\",\"p18_direitoshumanos\":\"Direitos humanos\",\"p18_educacao\":\"Educa\\u00e7\\u00e3o\",\"p18_feminismos\":\"Feminismos\",\"p18_lgbtqi\":\"LGBTQI\",\"p18_lutaantirracismo\":\"Luta antirracismo\",\"p18_moradia\":\"Moradia\",\"p18_povosecomunidadestradicionais\":\"Povos e comunidades tradicionais\",\"p18_trabalho\":\"Trabalho\",\"p18_saude\":\"Sa\\u00fade\",\"p18_violencia\":\"Viol\\u00eancia\",\"p18_politicasculturais\":\"Pol\\u00edticas Culturais\",\"p19_direitoshumanos\":\"Direitos humanos\",\"p19_moradia\":\"Moradia\",\"p19_povosecomunidadestradicionais\":\"Povos e comunidades tradicionais\",\"p20_reunioes\":\"Reuni\\u00f5es\",\"p20_formacao\":\"Forma\\u00e7\\u00e3o\",\"p20_visitasexcursoes\":\"Visitas\\\/Excurs\\u00f5es\",\"p21_repressaopolicial\":\"Repress\\u00e3o policial\",\"p21_intoleranciareligiosa\":\"Fundamentalismo\\\/intoler\\u00e2ncia religiosa\",\"p21_xenofobia\":\"Xenofobia\",\"p21_machismo\":\"Machismo\",\"p21_racismo\":\"Racismo\",\"p21_lgbtqifobia\":\"LGBTIfobia\",\"p21_enfrentamentocomgruposprivadosarmados\":\"Enfrentamento com grupos privados armados\",\"p22_numerodeparticipantes\":\"Mais de 90\",\"p23_reunioes\":\"Reuni\\u00f5es\",\"p23_outros\":\"Outros\",\"p24_formacao\":\"Forma\\u00e7\\u00e3o\",\"p24_visitasexcursoes\":\"Visitas\\\/Excurs\\u00f5es\",\"p24_outros\":\"Outros\",\"p25_numerodepessoas\":\"200 - 300\",\"p26_numerodepessoas\":\"80 - 100\",\"p27_espacoemprestadocedido\":\"Espa\\u00e7o emprestado\\\/cedido\",\"p27_espacoproprio\":\"Espa\\u00e7o pr\\u00f3prio\",\"p27_virtual\":\"Virtual\",\"p28_territorios\":\"Estado\",\"p30_outrasorganizacoes\":\"Sim\",\"p32_campanhadelongaduracao\":\"Sim\",\"p34_nenhuma\":\"Nenhuma\",\"p36_conselhosdeparticipacaoecontrolesocial\":\"Sim\",\"p38_sim\":\"Sim\",\"p40_editais\":\"Sim\",\"p41_privadopj\":\"Privado (P. Jur\\u00eddica)\",\"p41_autofinanciamento\":\"Autofinanciamento\",\"p42_meiodedivulgacaoproprio\":\"Sim\",\"p43_facebook\":\"Facebook\",\"p43_whatsapp\":\"WhatsApp\",\"p44_radio\":\"TV\",\"p44_jornaisimpressosdegrandecirculacao\":\"Jornais impressos de grande circula\\u00e7\\u00e3o\",\"p44_redessociais\":\"Redes sociais (Facebook, YouTube, Instagram etc.)\",\"p39_publico\":\"V\\u00cdTIMAS URBANAS RURAIS BARRAGENS\",\"p45_bandeira\":\"BARRAGENS DIREITO ATINGIDOS TARIFA LUZ\",\"p46_hashtags\":\"#NAOASBARRAGENS #DIREITOSHUMANOS #PROJETOENERGETICOPOPULAR\"},{\"p1_eixo\":\"Trabalho\",\"p9_tipoorganizacao\":\"Instituto\",\"p12_uf\":\"AP\",\"p13_cidade\":\"MACAP\\u00c1\",\"p17_ano\":\"2020\",\"p16_estado\":\"Estado\",\"p18_agrario\":\"Agr\\u00e1rio\\\/ruralidades\",\"p18_comunicacao\":\"Comunica\\u00e7\\u00e3o\",\"p18_difusaoartistica\":\"Difus\\u00e3o Art\\u00edstica\",\"p18_desenvolvimentoterritorial\":\"Desenvolvimento territorial\",\"p18_direitoshumanos\":\"Direitos humanos\",\"p18_educacao\":\"Educa\\u00e7\\u00e3o\",\"p18_feminismos\":\"Feminismos\",\"p18_lgbtqi\":\"LGBTQI\",\"p18_lutaantirracismo\":\"Luta antirracismo\",\"p18_mobilidade\":\"Mobilidade\",\"p18_moradia\":\"Moradia\",\"p18_povosecomunidadestradicionais\":\"Povos e comunidades tradicionais\",\"p18_trabalho\":\"Trabalho\",\"p18_saude\":\"Sa\\u00fade\",\"p18_violencia\":\"Viol\\u00eancia\",\"p18_politicasculturais\":\"Pol\\u00edticas Culturais\",\"p19_feminismos\":\"Feminismos\",\"p19_lutaantirracismo\":\"Luta antirracismo\",\"p19_trabalho\":\"Trabalho\",\"p20_formacao\":\"Forma\\u00e7\\u00e3o\",\"p20_profissionalizacao\":\"Profissionaliza\\u00e7\\u00e3o\",\"p21_intoleranciareligiosa\":\"Fundamentalismo\\\/intoler\\u00e2ncia religiosa\",\"p21_xenofobia\":\"Xenofobia\",\"p21_machismo\":\"Machismo\",\"p21_racismo\":\"Racismo\",\"p22_numerodeparticipantes\":\"15 - 30\",\"p23_reunioes\":\"Reuni\\u00f5es\",\"p23_outros\":\"Outros\",\"p24_oficinas\":\"Oficinas\",\"p24_formacao\":\"Forma\\u00e7\\u00e3o\",\"p24_outros\":\"Outros\",\"p25_numerodepessoas\":\"20 - 40\",\"p26_numerodepessoas\":\"100 - 200\",\"p27_espacopublico\":\"Espa\\u00e7o p\\u00fablico\",\"p27_espacoemprestadocedido\":\"Espa\\u00e7o emprestado\\\/cedido\",\"p27_espacoproprio\":\"Espa\\u00e7o pr\\u00f3prio\",\"p28_territorios\":\"Atua\\u00e7\\u00e3o Nacional\",\"p30_outrasorganizacoes\":\"Sim\",\"p32_campanhadelongaduracao\":\"Sim\",\"p34_nenhuma\":\"Nenhuma\",\"p36_conselhosdeparticipacaoecontrolesocial\":\"N\\u00e3o\",\"p38_sim\":\"Sim\",\"p40_editais\":\"N\\u00e3o\",\"p41_autofinanciamento\":\"Autofinanciamento\",\"p42_meiodedivulgacaoproprio\":\"Sim\",\"p43_facebook\":\"Facebook\",\"p43_instagram\":\"Instagram\",\"p44_radio\":\"TV\",\"p44_sitesblogs\":\"Sites ou Blogs\",\"p39_publico\":\"POPULA\\u00c7\\u00c3O PERIF\\u00c9RICA MULHERES PRETAS POPULA\\u00c7\\u00c3O LGBTQIA+ POPULA\\u00c7\\u00c3O IND\\u00cdGENA\",\"p45_bandeira\":\"LUTA ANTIRRACISTA LUTA CONTRA-HOMOFOBIA LUTA CONTRA-MACHISMO LUTA CONTRA-VULNERABILIDADE-SOCIAL\",\"p46_hashtags\":\"#LUTAANTIRRACISMO #LUTACONTRAAFOME #LUTACONTRAOMACHISMO\"},{\"p1_eixo\":\"Trabalho\",\"p9_tipoorganizacao\":\"Movimento Social\",\"p12_uf\":\"RO\",\"p13_cidade\":\"PORTO VELHO\",\"p17_ano\":\"2012\",\"p16_estado\":\"Estado\",\"p18_agrario\":\"Agr\\u00e1rio\\\/ruralidades\",\"p18_comunicacao\":\"Comunica\\u00e7\\u00e3o\",\"p18_difusaoartistica\":\"Difus\\u00e3o Art\\u00edstica\",\"p18_desenvolvimentoterritorial\":\"Desenvolvimento territorial\",\"p18_direitoshumanos\":\"Direitos humanos\",\"p18_educacao\":\"Educa\\u00e7\\u00e3o\",\"p18_feminismos\":\"Feminismos\",\"p18_lgbtqi\":\"LGBTQI\",\"p18_lutaantirracismo\":\"Luta antirracismo\",\"p18_mobilidade\":\"Mobilidade\",\"p18_moradia\":\"Moradia\",\"p18_povosecomunidadestradicionais\":\"Povos e comunidades tradicionais\",\"p18_trabalho\":\"Trabalho\",\"p18_religiao\":\"Religi\\u00e3o\",\"p18_saude\":\"Sa\\u00fade\",\"p18_violencia\":\"Viol\\u00eancia\",\"p18_politicasculturais\":\"Pol\\u00edticas Culturais\",\"p19_direitoshumanos\":\"Direitos humanos\",\"p19_lgbtqi\":\"LGBTQI\",\"p19_saude\":\"Sa\\u00fade\",\"p20_reunioes\":\"Reuni\\u00f5es\",\"p20_atendimento\":\"Atendimento\",\"p20_formacao\":\"Forma\\u00e7\\u00e3o\",\"p20_apresentacoesartisticas\":\"Apresenta\\u00e7\\u00f5es art\\u00edsticas\",\"p21_intoleranciareligiosa\":\"Fundamentalismo\\\/intoler\\u00e2ncia religiosa\",\"p21_xenofobia\":\"Xenofobia\",\"p21_machismo\":\"Machismo\",\"p21_racismo\":\"Racismo\",\"p21_lgbtqifobia\":\"LGBTIfobia\",\"p22_numerodeparticipantes\":\"1  - 15\",\"p23_reunioes\":\"Reuni\\u00f5es\",\"p23_atendimento\":\"Atendimento\",\"p23_apresentacoesartisticas\":\"Apresenta\\u00e7\\u00f5es Art\\u00edsticas\",\"p23_outros\":\"Outros\",\"p24_formacao\":\"Forma\\u00e7\\u00e3o\",\"p24_outros\":\"Outros\",\"p25_numerodepessoas\":\"100 - 200\",\"p26_numerodepessoas\":\"Mais de 500\",\"p27_espacopublico\":\"Espa\\u00e7o p\\u00fablico\",\"p27_espacoemprestadocedido\":\"Espa\\u00e7o emprestado\\\/cedido\",\"p27_virtual\":\"Virtual\",\"p28_territorios\":\"Cidade\",\"p30_outrasorganizacoes\":\"Sim\",\"p32_campanhadelongaduracao\":\"Sim\",\"p34_nacional\":\"Nacional\",\"p36_conselhosdeparticipacaoecontrolesocial\":\"Sim\",\"p38_sim\":\"Sim\",\"p40_editais\":\"N\\u00e3o\",\"p41_publicoestatal\":\"P\\u00fablico-Estatal\",\"p41_financiamentocoletivo0\":\"Financiamento coletivo\",\"p42_meiodedivulgacaoproprio\":\"Sim\",\"p43_email\":\"E-mail\",\"p43_facebook\":\"Facebook\",\"p43_whatsapp\":\"WhatsApp\",\"p43_instagram\":\"Instagram\",\"p44_radio\":\"TV\",\"p39_publico\":\"POPULA\\u00c7\\u00c3O\",\"p45_bandeira\":\"DIREITOS HUMANOS SA\\u00daDE EDUCA\\u00c7\\u00c3O FAM\\u00cdLIA EMPREGABILIDADE POPULA\\u00c7\\u00c3O TRANS\",\"p46_hashtags\":\"#QUALIDADEDEVIDA #EDUCACAO #MORADIA\"},{\"p1_eixo\":\"Cultura\",\"p9_tipoorganizacao\":\"Coletivo\",\"p12_uf\":\"RO\",\"p13_cidade\":\"PORTO VELHO\",\"p16_cidade\":\"Cidade\",\"p17_ano\":\"2019\",\"p18_comunicacao\":\"Comunica\\u00e7\\u00e3o\",\"p18_difusaoartistica\":\"Difus\\u00e3o Art\\u00edstica\",\"p18_direitoshumanos\":\"Direitos humanos\",\"p18_educacao\":\"Educa\\u00e7\\u00e3o\",\"p18_feminismos\":\"Feminismos\",\"p18_lgbtqi\":\"LGBTQI\",\"p18_lutaantirracismo\":\"Luta antirracismo\",\"p18_povosecomunidadestradicionais\":\"Povos e comunidades tradicionais\",\"p18_trabalho\":\"Trabalho\",\"p18_saude\":\"Sa\\u00fade\",\"p18_violencia\":\"Viol\\u00eancia\",\"p18_politicasculturais\":\"Pol\\u00edticas Culturais\",\"p19_comunicacao\":\"Comunica\\u00e7\\u00e3o\",\"p19_lgbtqi\":\"LGBTQI\",\"p19_politicasculturais\":\"Pol\\u00edticas Culturais\",\"p20_reunioes\":\"Reuni\\u00f5es\",\"p21_intoleranciareligiosa\":\"Fundamentalismo\\\/intoler\\u00e2ncia religiosa\",\"p21_lgbtqifobia\":\"LGBTIfobia\",\"p22_numerodeparticipantes\":\"1  - 15\",\"p23_reunioes\":\"Reuni\\u00f5es\",\"p23_outros\":\"Outros\",\"p24_outros\":\"Outros\",\"p25_numerodepessoas\":\"1 - 20\",\"p26_numerodepessoas\":\"20 - 40\",\"p27_espacopublico\":\"Espa\\u00e7o p\\u00fablico\",\"p27_virtual\":\"Virtual\",\"p28_territorios\":\"Cidade\",\"p30_outrasorganizacoes\":\"Sim\",\"p32_campanhadelongaduracao\":\"N\\u00e3o\",\"p34_estadual\":\"Estadual\",\"p36_conselhosdeparticipacaoecontrolesocial\":\"N\\u00e3o\",\"p38_nenhum\":\"Nenhum\",\"p40_editais\":\"N\\u00e3o\",\"p41_autofinanciamento\":\"Autofinanciamento\",\"p42_meiodedivulgacaoproprio\":\"Sim\",\"p43_email\":\"E-mail\",\"p43_instagram\":\"Instagram\",\"p44_sitesblogs\":\"Sites ou Blogs\",\"p39_publico\":\"JUVENTUDE LGBTQIA+\",\"p45_bandeira\":\"LUTA CONTRA LGBTFOBIA LUTA ANTIRRACISMO FEMINISMO AMBIENTALISMO\",\"p46_hashtags\":\"#LUTACONTRALGBTFOBIA #UNIAODAJUVENTUDE #ANTIRRACISMO\"},{\"p1_eixo\":\"Trabalho\",\"p9_tipoorganizacao\":\"ONG\",\"p12_uf\":\"PB\",\"p13_cidade\":\"SAP\\u00c9\",\"p16_bairro\":\"Bairro\",\"p17_ano\":\"1996\",\"p18_difusaoartistica\":\"Difus\\u00e3o Art\\u00edstica\",\"p18_direitoshumanos\":\"Direitos humanos\",\"p18_educacao\":\"Educa\\u00e7\\u00e3o\",\"p18_feminismos\":\"Feminismos\",\"p18_lgbtqi\":\"LGBTQI\",\"p18_lutaantirracismo\":\"Luta antirracismo\",\"p18_violencia\":\"Viol\\u00eancia\",\"p19_direitoshumanos\":\"Direitos humanos\",\"p19_educacao\":\"Educa\\u00e7\\u00e3o\",\"p19_violencia\":\"Viol\\u00eancia\",\"p20_reunioes\":\"Reuni\\u00f5es\",\"p20_atendimento\":\"Atendimento\",\"p20_oficinas\":\"Oficinas\",\"p20_formacao\":\"Forma\\u00e7\\u00e3o\",\"p20_profissionalizacao\":\"Profissionaliza\\u00e7\\u00e3o\",\"p21_machismo\":\"Machismo\",\"p21_racismo\":\"Racismo\",\"p21_lgbtqifobia\":\"LGBTIfobia\",\"p22_numerodeparticipantes\":\"15 - 30\",\"p23_reunioes\":\"Reuni\\u00f5es\",\"p23_atendimento\":\"Atendimento\",\"p23_oficinas\":\"Oficinas\",\"p23_formacao\":\"Forma\\u00e7\\u00e3o\",\"p23_profissionalizacao\":\"Profissionaliza\\u00e7\\u00e3o\",\"p24_atendimento\":\"Atendimentos\",\"p25_numerodepessoas\":\"Mais de 500\",\"p26_numerodepessoas\":\"100 - 200\",\"p27_espacoproprio\":\"Espa\\u00e7o pr\\u00f3prio\",\"p28_territorios\":\"Pr\\u00f3prio bairro\",\"p30_outrasorganizacoes\":\"Sim\",\"p32_campanhadelongaduracao\":\"Sim\",\"p34_municipal\":\"Municipal\",\"p34_estadual\":\"Estadual\",\"p36_conselhosdeparticipacaoecontrolesocial\":\"Sim\",\"p38_sim\":\"Sim\",\"p40_editais\":\"Sim\",\"p41_financiamentocoletivo0\":\"Financiamento coletivo\",\"p42_meiodedivulgacaoproprio\":\"Sim\",\"p43_email\":\"E-mail\",\"p43_facebook\":\"Facebook\",\"p43_whatsapp\":\"WhatsApp\",\"p43_instagram\":\"Instagram\",\"p43_sitesblogs\":\"Blogs\\\/sites\",\"p44_sitesblogs\":\"Sites ou Blogs\",\"p39_publico\":\"CRIAN\\u00c7AS ADOLESCENTES FAMILIARES\",\"p45_bandeira\":\"DIREITOS HUMANOS EDUCA\\u00c7\\u00c3O LUTA CONTRA INVULNERABILIDADE SOCIAL\",\"p46_hashtags\":\"#EDUCACAO #VULNERABILIDADESOCIAL #ATUACAOPOLITICANOMUNICIPIO\"},{\"p1_eixo\":\"Trabalho\",\"p9_tipoorganizacao\":\"ONG\",\"p12_uf\":\"DF\",\"p13_cidade\":\"CEIL\\u00c2NDIA NORTE\",\"p16_nacional\":\"Nacional\",\"p17_ano\":\"2009\",\"p18_agrario\":\"Agr\\u00e1rio\\\/ruralidades\",\"p18_comunicacao\":\"Comunica\\u00e7\\u00e3o\",\"p18_desenvolvimentoterritorial\":\"Desenvolvimento territorial\",\"p18_direitoshumanos\":\"Direitos humanos\",\"p18_educacao\":\"Educa\\u00e7\\u00e3o\",\"p18_feminismos\":\"Feminismos\",\"p18_lutaantirracismo\":\"Luta antirracismo\",\"p18_moradia\":\"Moradia\",\"p18_povosecomunidadestradicionais\":\"Povos e comunidades tradicionais\",\"p18_trabalho\":\"Trabalho\",\"p18_saude\":\"Sa\\u00fade\",\"p18_violencia\":\"Viol\\u00eancia\",\"p19_direitoshumanos\":\"Direitos humanos\",\"p19_educacao\":\"Educa\\u00e7\\u00e3o\",\"p19_povosecomunidadestradicionais\":\"Povos e comunidades tradicionais\",\"p20_reunioes\":\"Reuni\\u00f5es\",\"p20_atendimento\":\"Atendimento\",\"p20_oficinas\":\"Oficinas\",\"p20_oficinasaulasartisticas\":\"Ensaios\\\/Oficinas\\\/Aulas art\\u00edsticas\",\"p20_formacao\":\"Forma\\u00e7\\u00e3o\",\"p20_profissionalizacao\":\"Profissionaliza\\u00e7\\u00e3o\",\"p20_apresentacoesartisticas\":\"Apresenta\\u00e7\\u00f5es art\\u00edsticas\",\"p20_visitasexcursoes\":\"Visitas\\\/Excurs\\u00f5es\",\"p21_machismo\":\"Machismo\",\"p21_racismo\":\"Racismo\",\"p22_numerodeparticipantes\":\"15 - 30\",\"p23_reunioes\":\"Reuni\\u00f5es\",\"p23_atendimento\":\"Atendimento\",\"p23_oficinas\":\"Oficinas\",\"p23_oficinasaulasartisticas\":\"Ensaio\\\/Oficinas\\\/Aulas Art\\u00edsticas\",\"p23_profissionalizacao\":\"Profissionaliza\\u00e7\\u00e3o\",\"p23_excursoes\":\"Excurs\\u00f5es\",\"p23_outros\":\"Outros\",\"p24_apresentacoesartisticas\":\"Apresenta\\u00e7\\u00f5es art\\u00edsticas\",\"p24_outros\":\"Outros\",\"p25_numerodepessoas\":\"Mais de 500\",\"p26_numerodepessoas\":\"20 - 40\",\"p27_espacoemprestadocedido\":\"Espa\\u00e7o emprestado\\\/cedido\",\"p28_territorios\":\"Atua\\u00e7\\u00e3o Nacional\",\"p30_outrasorganizacoes\":\"Sim\",\"p32_campanhadelongaduracao\":\"N\\u00e3o\",\"p34_municipal\":\"Municipal\",\"p34_estadual\":\"Estadual\",\"p36_conselhosdeparticipacaoecontrolesocial\":\"Sim\",\"p38_sim\":\"Sim\",\"p40_editais\":\"Sim\",\"p41_financiamentocoletivo0\":\"Financiamento coletivo\",\"p42_meiodedivulgacaoproprio\":\"Sim\",\"p43_email\":\"E-mail\",\"p43_facebook\":\"Facebook\",\"p43_whatsapp\":\"WhatsApp\",\"p43_instagram\":\"Instagram\",\"p43_sitesblogs\":\"Blogs\\\/sites\",\"p44_jornaisimpressosdebairro\":\"Jornais impressos de bairro\",\"p44_sitesblogs\":\"Sites ou Blogs\",\"p39_publico\":\"CRIAN\\u00c7AS ADOLESCENTES MULHERES IDOSOS\",\"p45_bandeira\":\"DEFESA GARANTIA DIREITOS SA\\u00daDE EDUCA\\u00c7\\u00c3O DIREITO MULHER SEGURAN\\u00c7A ALIMENTAR DIREITO IDOSO FORMA\\u00c7\\u00c3O PROFISSIONAL\",\"p46_hashtags\":\"#VIDASVALEMMAISDOQUECOISAS #JUNTOSSOMOSMAISFORTES #AQUININGUEMLARGAAMAODENINGUEM\"},{\"p1_eixo\":\"Trabalho\",\"p9_tipoorganizacao\":\"ONG\",\"p12_uf\":\"PB\",\"p13_cidade\":\"CAMPINA GRANDE\",\"p16_cidade\":\"Cidade\",\"p17_ano\":\"1998\",\"p18_difusaoartistica\":\"Difus\\u00e3o Art\\u00edstica\",\"p18_direitoshumanos\":\"Direitos humanos\",\"p18_educacao\":\"Educa\\u00e7\\u00e3o\",\"p18_lutaantirracismo\":\"Luta antirracismo\",\"p18_trabalho\":\"Trabalho\",\"p18_saude\":\"Sa\\u00fade\",\"p18_violencia\":\"Viol\\u00eancia\",\"p18_politicasculturais\":\"Pol\\u00edticas Culturais\",\"p19_direitoshumanos\":\"Direitos humanos\",\"p19_violencia\":\"Viol\\u00eancia\",\"p19_difusaoartistica\":\"Difus\\u00e3o Art\\u00edstica\",\"p20_reunioes\":\"Reuni\\u00f5es\",\"p20_atendimento\":\"Atendimento\",\"p20_oficinas\":\"Oficinas\",\"p20_cursos\":\"Cursos\",\"p20_apresentacoesartisticas\":\"Apresenta\\u00e7\\u00f5es art\\u00edsticas\",\"p21_machismo\":\"Machismo\",\"p21_racismo\":\"Racismo\",\"p22_numerodeparticipantes\":\"1  - 15\",\"p23_reunioes\":\"Reuni\\u00f5es\",\"p23_atendimento\":\"Atendimento\",\"p23_oficinas\":\"Oficinas\",\"p23_cursos\":\"Cursos\",\"p23_outros\":\"Outros\",\"p24_apresentacoesartisticas\":\"Apresenta\\u00e7\\u00f5es art\\u00edsticas\",\"p24_outros\":\"Outros\",\"p25_numerodepessoas\":\"1 - 20\",\"p26_numerodepessoas\":\"40 - 60\",\"p27_espacoproprio\":\"Espa\\u00e7o pr\\u00f3prio\",\"p28_territorios\":\"Cidade\",\"p30_outrasorganizacoes\":\"Sim\",\"p32_campanhadelongaduracao\":\"N\\u00e3o\",\"p34_estadual\":\"Estadual\",\"p34_nacional\":\"Nacional\",\"p36_conselhosdeparticipacaoecontrolesocial\":\"Sim\",\"p38_nenhum\":\"Nenhum\",\"p40_editais\":\"Sim\",\"p41_autofinanciamento\":\"Autofinanciamento\",\"p41_financiamentocoletivo0\":\"Financiamento coletivo\",\"p42_meiodedivulgacaoproprio\":\"Sim\",\"p43_email\":\"E-mail\",\"p43_facebook\":\"Facebook\",\"p43_whatsapp\":\"WhatsApp\",\"p44_nenhum\":\"Nenhum\",\"p39_publico\":\"ADOLESCENTES MULHERES ADULTAS\",\"p45_bandeira\":\"MULHERES LUTA CONTRA-VIOL\\u00caNCIA CRIAN\\u00c7AS ADOLESCENTES\",\"p46_hashtags\":\"#LUTACONTRAAVIOLENCIASOFRIDAPORMULHERESEADOLESCENTES #PROTAGONISMOINFANTOJUVENIL #MULHERES\"},{\"p1_eixo\":\"Cultura\",\"p9_tipoorganizacao\":\"Associa\\u00e7\\u00e3o\",\"p12_uf\":\"PB\",\"p13_cidade\":\"CAMPINA GRANDE\",\"p17_ano\":\"2014\",\"p16_estado\":\"Estado\",\"p18_agrario\":\"Agr\\u00e1rio\\\/ruralidades\",\"p18_comunicacao\":\"Comunica\\u00e7\\u00e3o\",\"p18_difusaoartistica\":\"Difus\\u00e3o Art\\u00edstica\",\"p18_desenvolvimentoterritorial\":\"Desenvolvimento territorial\",\"p18_direitoshumanos\":\"Direitos humanos\",\"p18_educacao\":\"Educa\\u00e7\\u00e3o\",\"p18_feminismos\":\"Feminismos\",\"p18_lgbtqi\":\"LGBTQI\",\"p18_lutaantirracismo\":\"Luta antirracismo\",\"p18_povosecomunidadestradicionais\":\"Povos e comunidades tradicionais\",\"p18_trabalho\":\"Trabalho\",\"p18_saude\":\"Sa\\u00fade\",\"p18_violencia\":\"Viol\\u00eancia\",\"p18_politicasculturais\":\"Pol\\u00edticas Culturais\",\"p19_feminismos\":\"Feminismos\",\"p19_lutaantirracismo\":\"Luta antirracismo\",\"p19_difusaoartistica\":\"Difus\\u00e3o Art\\u00edstica\",\"p20_reunioes\":\"Reuni\\u00f5es\",\"p20_oficinas\":\"Oficinas\",\"p20_oficinasaulasartisticas\":\"Ensaios\\\/Oficinas\\\/Aulas art\\u00edsticas\",\"p20_apresentacoesartisticas\":\"Apresenta\\u00e7\\u00f5es art\\u00edsticas\",\"p20_visitasexcursoes\":\"Visitas\\\/Excurs\\u00f5es\",\"p21_repressaopolicial\":\"Repress\\u00e3o policial\",\"p21_intoleranciareligiosa\":\"Fundamentalismo\\\/intoler\\u00e2ncia religiosa\",\"p21_xenofobia\":\"Xenofobia\",\"p21_machismo\":\"Machismo\",\"p21_racismo\":\"Racismo\",\"p21_lgbtqifobia\":\"LGBTIfobia\",\"p22_numerodeparticipantes\":\"1  - 15\",\"p23_reunioes\":\"Reuni\\u00f5es\",\"p23_oficinas\":\"Oficinas\",\"p23_oficinasaulasartisticas\":\"Ensaio\\\/Oficinas\\\/Aulas Art\\u00edsticas\",\"p23_outros\":\"Outros\",\"p24_apresentacoesartisticas\":\"Apresenta\\u00e7\\u00f5es art\\u00edsticas\",\"p24_visitasexcursoes\":\"Visitas\\\/Excurs\\u00f5es\",\"p24_outros\":\"Outros\",\"p25_numerodepessoas\":\"20 - 40\",\"p26_numerodepessoas\":\"Mais de 500\",\"p27_espacopublico\":\"Espa\\u00e7o p\\u00fablico\",\"p28_territorios\":\"Estado\",\"p30_outrasorganizacoes\":\"Sim\",\"p32_campanhadelongaduracao\":\"N\\u00e3o\",\"p34_nenhuma\":\"Nenhuma\",\"p36_conselhosdeparticipacaoecontrolesocial\":\"N\\u00e3o\",\"p38_sim\":\"Sim\",\"p40_editais\":\"Sim\",\"p41_privadopj\":\"Privado (P. Jur\\u00eddica)\",\"p41_autofinanciamento\":\"Autofinanciamento\",\"p42_meiodedivulgacaoproprio\":\"Sim\",\"p43_facebook\":\"Facebook\",\"p43_whatsapp\":\"WhatsApp\",\"p43_instagram\":\"Instagram\",\"p44_radio\":\"TV\",\"p39_publico\":\"ESTUDANTES UNIVERSIT\\u00c1RIOS PROFESSORES ALTERNATIVAS\",\"p45_bandeira\":\"ARTE DIFUS\\u00c3O M\\u00daSICA REGIONAL FEMINISMOS LUTA ANTIFASCISTA\",\"p46_hashtags\":\"#PERCUCAOREGIONAL #MULHERESNAMUSICA #MULHERESPERCUCIONISTAS\"},{\"p1_eixo\":\"Trabalho\",\"p9_tipoorganizacao\":\"Coletivo\",\"p12_uf\":\"MT\",\"p13_cidade\":\"CUIAB\\u00c1\",\"p17_ano\":\"2016\",\"p16_estado\":\"Estado\",\"p18_agrario\":\"Agr\\u00e1rio\\\/ruralidades\",\"p18_comunicacao\":\"Comunica\\u00e7\\u00e3o\",\"p18_difusaoartistica\":\"Difus\\u00e3o Art\\u00edstica\",\"p18_desenvolvimentoterritorial\":\"Desenvolvimento territorial\",\"p18_direitoshumanos\":\"Direitos humanos\",\"p18_educacao\":\"Educa\\u00e7\\u00e3o\",\"p18_feminismos\":\"Feminismos\",\"p18_lgbtqi\":\"LGBTQI\",\"p18_lutaantirracismo\":\"Luta antirracismo\",\"p18_moradia\":\"Moradia\",\"p18_povosecomunidadestradicionais\":\"Povos e comunidades tradicionais\",\"p18_trabalho\":\"Trabalho\",\"p18_religiao\":\"Religi\\u00e3o\",\"p18_saude\":\"Sa\\u00fade\",\"p18_violencia\":\"Viol\\u00eancia\",\"p18_politicasculturais\":\"Pol\\u00edticas Culturais\",\"p19_educacao\":\"Educa\\u00e7\\u00e3o\",\"p19_lgbtqi\":\"LGBTQI\",\"p19_lutaantirracismo\":\"Luta antirracismo\",\"p20_reunioes\":\"Reuni\\u00f5es\",\"p20_formacao\":\"Forma\\u00e7\\u00e3o\",\"p21_repressaopolicial\":\"Repress\\u00e3o policial\",\"p21_intoleranciareligiosa\":\"Fundamentalismo\\\/intoler\\u00e2ncia religiosa\",\"p21_machismo\":\"Machismo\",\"p21_racismo\":\"Racismo\",\"p21_lgbtqifobia\":\"LGBTIfobia\",\"p22_numerodeparticipantes\":\"1  - 15\",\"p23_reunioes\":\"Reuni\\u00f5es\",\"p23_outros\":\"Outros\",\"p24_formacao\":\"Forma\\u00e7\\u00e3o\",\"p24_outros\":\"Outros\",\"p25_numerodepessoas\":\"1 - 20\",\"p26_numerodepessoas\":\"20 - 40\",\"p27_espacopublico\":\"Espa\\u00e7o p\\u00fablico\",\"p27_espacoemprestadocedido\":\"Espa\\u00e7o emprestado\\\/cedido\",\"p27_virtual\":\"Virtual\",\"p28_territorios\":\"Estado\",\"p30_outrasorganizacoes\":\"Sim\",\"p32_campanhadelongaduracao\":\"Sim\",\"p34_nenhuma\":\"Nenhuma\",\"p36_conselhosdeparticipacaoecontrolesocial\":\"Sim\",\"p38_nenhum\":\"Nenhum\",\"p40_editais\":\"Sim\",\"p41_financiamentocoletivo0\":\"Financiamento coletivo\",\"p42_meiodedivulgacaoproprio\":\"Sim\",\"p43_whatsapp\":\"WhatsApp\",\"p43_instagram\":\"Instagram\",\"p43_sitesblogs\":\"Blogs\\\/sites\",\"p44_redessociais\":\"Redes sociais (Facebook, YouTube, Instagram etc.)\",\"p44_sitesblogs\":\"Sites ou Blogs\",\"p39_publico\":\"PESSOAS NEGRAS LGBTQIA+\",\"p45_bandeira\":\"ANTIRRACISMO RA\\u00c7A G\\u00caNERO CLASSE\",\"p46_hashtags\":\"#PROSSIONAISNEGRONOAUDIOVISUAL #PROSSIONAISNEGROSEMMATOGROSSO #ANTIRRACISMO\"},{\"p1_eixo\":\"Trabalho\",\"p9_tipoorganizacao\":\"Coletivo\",\"p12_uf\":\"RO\",\"p13_cidade\":\"PORTO VELHO\",\"p16_cidade\":\"Cidade\",\"p17_ano\":\"2018\",\"p18_agrario\":\"Agr\\u00e1rio\\\/ruralidades\",\"p18_difusaoartistica\":\"Difus\\u00e3o Art\\u00edstica\",\"p18_direitoshumanos\":\"Direitos humanos\",\"p18_educacao\":\"Educa\\u00e7\\u00e3o\",\"p18_feminismos\":\"Feminismos\",\"p18_lgbtqi\":\"LGBTQI\",\"p18_lutaantirracismo\":\"Luta antirracismo\",\"p18_mobilidade\":\"Mobilidade\",\"p18_povosecomunidadestradicionais\":\"Povos e comunidades tradicionais\",\"p18_violencia\":\"Viol\\u00eancia\",\"p18_politicasculturais\":\"Pol\\u00edticas Culturais\",\"p19_feminismos\":\"Feminismos\",\"p19_lgbtqi\":\"LGBTQI\",\"p19_lutaantirracismo\":\"Luta antirracismo\",\"p20_reunioes\":\"Reuni\\u00f5es\",\"p20_oficinas\":\"Oficinas\",\"p20_apresentacoesartisticas\":\"Apresenta\\u00e7\\u00f5es art\\u00edsticas\",\"p20_visitasexcursoes\":\"Visitas\\\/Excurs\\u00f5es\",\"p21_intoleranciareligiosa\":\"Fundamentalismo\\\/intoler\\u00e2ncia religiosa\",\"p21_machismo\":\"Machismo\",\"p21_racismo\":\"Racismo\",\"p22_numerodeparticipantes\":\"1  - 15\",\"p23_reunioes\":\"Reuni\\u00f5es\",\"p23_oficinas\":\"Oficinas\",\"p23_outros\":\"Outros\",\"p24_reunioes\":\"Reuni\\u00f5es\",\"p24_apresentacoesartisticas\":\"Apresenta\\u00e7\\u00f5es art\\u00edsticas\",\"p24_visitasexcursoes\":\"Visitas\\\/Excurs\\u00f5es\",\"p24_outros\":\"Outros\",\"p25_numerodepessoas\":\"20 - 40\",\"p26_numerodepessoas\":\"20 - 40\",\"p27_espacopublico\":\"Espa\\u00e7o p\\u00fablico\",\"p27_espacoemprestadocedido\":\"Espa\\u00e7o emprestado\\\/cedido\",\"p28_territorios\":\"Cidade\",\"p30_outrasorganizacoes\":\"N\\u00e3o\",\"p32_campanhadelongaduracao\":\"N\\u00e3o\",\"p34_nenhuma\":\"Nenhuma\",\"p36_conselhosdeparticipacaoecontrolesocial\":\"Sim\",\"p38_nenhum\":\"Nenhum\",\"p40_editais\":\"N\\u00e3o\",\"p41_autofinanciamento\":\"Autofinanciamento\",\"p42_meiodedivulgacaoproprio\":\"Sim\",\"p43_email\":\"E-mail\",\"p43_instagram\":\"Instagram\",\"p43_sitesblogs\":\"Blogs\\\/sites\",\"p44_radio\":\"TV\",\"p39_publico\":\"PRIORIT\\u00c1RIO\",\"p45_bandeira\":\"ENTRETENIMENTO ESPA\\u00c7O-CULTURA M\\u00daSICA\",\"p46_hashtags\":\"#INTERSECCIONALIDADE #ANTIRRACISMO #FEMINISMO\"},{\"p1_eixo\":\"Trabalho\",\"p9_tipoorganizacao\":\"ONG\",\"p12_uf\":\"PB\",\"p13_cidade\":\"JO\\u00c3O PESSOA\",\"p17_ano\":\"2003\",\"p16_estado\":\"Estado\",\"p18_agrario\":\"Agr\\u00e1rio\\\/ruralidades\",\"p18_comunicacao\":\"Comunica\\u00e7\\u00e3o\",\"p18_difusaoartistica\":\"Difus\\u00e3o Art\\u00edstica\",\"p18_desenvolvimentoterritorial\":\"Desenvolvimento territorial\",\"p18_direitoshumanos\":\"Direitos humanos\",\"p18_educacao\":\"Educa\\u00e7\\u00e3o\",\"p18_feminismos\":\"Feminismos\",\"p18_lgbtqi\":\"LGBTQI\",\"p18_lutaantirracismo\":\"Luta antirracismo\",\"p18_moradia\":\"Moradia\",\"p18_povosecomunidadestradicionais\":\"Povos e comunidades tradicionais\",\"p18_trabalho\":\"Trabalho\",\"p18_saude\":\"Sa\\u00fade\",\"p18_violencia\":\"Viol\\u00eancia\",\"p18_politicasculturais\":\"Pol\\u00edticas Culturais\",\"p19_direitoshumanos\":\"Direitos humanos\",\"p19_educacao\":\"Educa\\u00e7\\u00e3o\",\"p19_saude\":\"Sa\\u00fade\",\"p20_reunioes\":\"Reuni\\u00f5es\",\"p20_formacao\":\"Forma\\u00e7\\u00e3o\",\"p21_intoleranciareligiosa\":\"Fundamentalismo\\\/intoler\\u00e2ncia religiosa\",\"p21_racismo\":\"Racismo\",\"p21_lgbtqifobia\":\"LGBTIfobia\",\"p22_numerodeparticipantes\":\"1  - 15\",\"p23_reunioes\":\"Reuni\\u00f5es\",\"p23_oficinas\":\"Oficinas\",\"p23_outros\":\"Outros\",\"p24_outros\":\"Outros\",\"p25_numerodepessoas\":\"20 - 40\",\"p26_numerodepessoas\":\"1 - 20\",\"p27_espacopublico\":\"Espa\\u00e7o p\\u00fablico\",\"p27_espacoemprestadocedido\":\"Espa\\u00e7o emprestado\\\/cedido\",\"p27_espacoproprio\":\"Espa\\u00e7o pr\\u00f3prio\",\"p27_virtual\":\"Virtual\",\"p28_territorios\":\"Estado\",\"p30_outrasorganizacoes\":\"Sim\",\"p32_campanhadelongaduracao\":\"Sim\",\"p34_municipal\":\"Municipal\",\"p34_nacional\":\"Nacional\",\"p36_conselhosdeparticipacaoecontrolesocial\":\"N\\u00e3o\",\"p38_sim\":\"Sim\",\"p40_editais\":\"N\\u00e3o\",\"p41_privadopf\":\"Privado (P. F\\u00edsica)\",\"p41_privadopj\":\"Privado (P. Jur\\u00eddica)\",\"p42_meiodedivulgacaoproprio\":\"Sim\",\"p43_email\":\"E-mail\",\"p43_facebook\":\"Facebook\",\"p43_instagram\":\"Instagram\",\"p43_sitesblogs\":\"Blogs\\\/sites\",\"p44_radio\":\"TV\",\"p44_jornaisimpressosdegrandecirculacao\":\"Jornais impressos de grande circula\\u00e7\\u00e3o\",\"p39_publico\":\"CRIAN\\u00c7AS ADOLESCENTES FAM\\u00cdLIAS UNIVERSIDADE\",\"p45_bandeira\":\"GARANTIAS DIREITOS ECA OPERACIONALIZA\\u00c7\\u00c3O ECA\",\"p46_hashtags\":\"#ARTICULACAOPOLITICA #CONVIVENCIAFAMILIARECOMUNICATARIA #PROTAGONISMOINFANTOJUVENIL\"},{\"p1_eixo\":\"Trabalho\",\"p9_tipoorganizacao\":\"Funda\\u00e7\\u00e3o\",\"p12_uf\":\"PB\",\"p13_cidade\":\"CAMPINA GRANDE\",\"p16_bairro\":\"Bairro\",\"p17_ano\":\"2011\",\"p18_comunicacao\":\"Comunica\\u00e7\\u00e3o\",\"p18_difusaoartistica\":\"Difus\\u00e3o Art\\u00edstica\",\"p18_direitoshumanos\":\"Direitos humanos\",\"p18_educacao\":\"Educa\\u00e7\\u00e3o\",\"p18_feminismos\":\"Feminismos\",\"p18_mobilidade\":\"Mobilidade\",\"p18_trabalho\":\"Trabalho\",\"p18_saude\":\"Sa\\u00fade\",\"p18_violencia\":\"Viol\\u00eancia\",\"p19_direitoshumanos\":\"Direitos humanos\",\"p19_educacao\":\"Educa\\u00e7\\u00e3o\",\"p19_difusaoartistica\":\"Difus\\u00e3o Art\\u00edstica\",\"p20_reunioes\":\"Reuni\\u00f5es\",\"p20_cursos\":\"Cursos\",\"p20_formacao\":\"Forma\\u00e7\\u00e3o\",\"p21_nenhum\":\"Nenhum\",\"p22_numerodeparticipantes\":\"1  - 15\",\"p23_reunioes\":\"Reuni\\u00f5es\",\"p23_cursos\":\"Cursos\",\"p23_formacao\":\"Forma\\u00e7\\u00e3o\",\"p23_outros\":\"Outros\",\"p24_outros\":\"Outros\",\"p25_numerodepessoas\":\"40 - 60\",\"p26_numerodepessoas\":\"1 - 20\",\"p27_espacoproprio\":\"Espa\\u00e7o pr\\u00f3prio\",\"p28_territorios\":\"Pr\\u00f3prio bairro\",\"p30_outrasorganizacoes\":\"N\\u00e3o\",\"p32_campanhadelongaduracao\":\"N\\u00e3o\",\"p34_internacional\":\"Internacional\",\"p36_conselhosdeparticipacaoecontrolesocial\":\"Sim\",\"p38_sim\":\"Sim\",\"p40_editais\":\"N\\u00e3o\",\"p41_privadopf\":\"Privado (P. F\\u00edsica)\",\"p41_privadopj\":\"Privado (P. Jur\\u00eddica)\",\"p42_meiodedivulgacaoproprio\":\"Sim\",\"p43_email\":\"E-mail\",\"p43_facebook\":\"Facebook\",\"p43_instagram\":\"Instagram\",\"p44_nenhum\":\"Nenhum\",\"p39_publico\":\"PESSOAS VULNERABILIDADE\",\"p45_bandeira\":\"EDUCA\\u00c7\\u00c3O DIREITOS HUMANOS SANEAMENTO B\\u00c1SICO\",\"p46_hashtags\":\"#EDUCACAO #SANEAMENTOBASICO #DIREITOSHUMANOS\"},{\"p1_eixo\":\"Trabalho\",\"p9_tipoorganizacao\":\"ONG\",\"p12_uf\":\"PB\",\"p13_cidade\":\"PICU\\u00cd\",\"p16_cidade\":\"Cidade\",\"p17_ano\":\"1992\",\"p18_agrario\":\"Agr\\u00e1rio\\\/ruralidades\",\"p18_difusaoartistica\":\"Difus\\u00e3o Art\\u00edstica\",\"p18_desenvolvimentoterritorial\":\"Desenvolvimento territorial\",\"p18_direitoshumanos\":\"Direitos humanos\",\"p18_educacao\":\"Educa\\u00e7\\u00e3o\",\"p18_feminismos\":\"Feminismos\",\"p18_lgbtqi\":\"LGBTQI\",\"p18_lutaantirracismo\":\"Luta antirracismo\",\"p18_povosecomunidadestradicionais\":\"Povos e comunidades tradicionais\",\"p18_trabalho\":\"Trabalho\",\"p18_saude\":\"Sa\\u00fade\",\"p18_violencia\":\"Viol\\u00eancia\",\"p18_politicasculturais\":\"Pol\\u00edticas Culturais\",\"p19_agrario\":\"Agr\\u00e1rio\\\/ruralidades\",\"p19_direitoshumanos\":\"Direitos humanos\",\"p19_feminismos\":\"Feminismos\",\"p20_reunioes\":\"Reuni\\u00f5es\",\"p20_atendimento\":\"Atendimento\",\"p20_oficinas\":\"Oficinas\",\"p20_apresentacoesartisticas\":\"Apresenta\\u00e7\\u00f5es art\\u00edsticas\",\"p20_visitasexcursoes\":\"Visitas\\\/Excurs\\u00f5es\",\"p21_machismo\":\"Machismo\",\"p21_racismo\":\"Racismo\",\"p22_numerodeparticipantes\":\"15 - 30\",\"p23_reunioes\":\"Reuni\\u00f5es\",\"p23_oficinas\":\"Oficinas\",\"p23_formacao\":\"Forma\\u00e7\\u00e3o\",\"p23_outros\":\"Outros\",\"p24_atendimento\":\"Atendimentos\",\"p24_visitasexcursoes\":\"Visitas\\\/Excurs\\u00f5es\",\"p24_outros\":\"Outros\",\"p25_numerodepessoas\":\"200 - 300\",\"p26_numerodepessoas\":\"1 - 20\",\"p27_espacoemprestadocedido\":\"Espa\\u00e7o emprestado\\\/cedido\",\"p27_espacoproprio\":\"Espa\\u00e7o pr\\u00f3prio\",\"p28_territorios\":\"Cidade\",\"p30_outrasorganizacoes\":\"Sim\",\"p32_campanhadelongaduracao\":\"Sim\",\"p34_nacional\":\"Nacional\",\"p36_conselhosdeparticipacaoecontrolesocial\":\"Sim\",\"p38_sim\":\"Sim\",\"p40_editais\":\"N\\u00e3o\",\"p41_privadopj\":\"Privado (P. Jur\\u00eddica)\",\"p42_meiodedivulgacaoproprio\":\"Sim\",\"p43_impressoes\":\"Impressos\",\"p43_email\":\"E-mail\",\"p43_facebook\":\"Facebook\",\"p43_instagram\":\"Instagram\",\"p43_youtube\":\"YouTube\",\"p44_redessociais\":\"Redes sociais (Facebook, YouTube, Instagram etc.)\",\"p39_publico\":\"VULNERABILIDADE SOCIAL\",\"p45_bandeira\":\"DIREITOS HUMANOS MULHERES-EM-SITUA\\u00c7\\u00c3O-DE-VIOL\\u00caNCIA SITUA\\u00c7\\u00c3O-DE-VULNERABILIDADE DIREITO VIDA ANTIRRACISMO DEFESA COMUNIDADE LGBT\",\"p46_hashtags\":\"#DIREITOSHUMANOS #FEMINISMO #ECONOMIASOLIDARIA\"},{\"p1_eixo\":\"Viol\\u00eancia\",\"p9_tipoorganizacao\":\"Coletivo\",\"p12_uf\":\"BA\",\"p13_cidade\":\"SALVADOR\",\"p16_internacional\":\"Internacional\",\"p17_ano\":\"2010\",\"p18_comunicacao\":\"Comunica\\u00e7\\u00e3o\",\"p18_difusaoartistica\":\"Difus\\u00e3o Art\\u00edstica\",\"p18_desenvolvimentoterritorial\":\"Desenvolvimento territorial\",\"p18_direitoshumanos\":\"Direitos humanos\",\"p18_educacao\":\"Educa\\u00e7\\u00e3o\",\"p18_feminismos\":\"Feminismos\",\"p18_lgbtqi\":\"LGBTQI\",\"p18_lutaantirracismo\":\"Luta antirracismo\",\"p18_mobilidade\":\"Mobilidade\",\"p18_moradia\":\"Moradia\",\"p18_povosecomunidadestradicionais\":\"Povos e comunidades tradicionais\",\"p18_trabalho\":\"Trabalho\",\"p18_saude\":\"Sa\\u00fade\",\"p18_violencia\":\"Viol\\u00eancia\",\"p18_politicasculturais\":\"Pol\\u00edticas Culturais\",\"p19_desenvolvimentoterritorial\":\"Desenvolvimento territorial\",\"p19_lutaantirracismo\":\"Luta antirracismo\",\"p19_difusaoartistica\":\"Difus\\u00e3o Art\\u00edstica\",\"p20_reunioes\":\"Reuni\\u00f5es\",\"p20_oficinas\":\"Oficinas\",\"p20_oficinasaulasartisticas\":\"Ensaios\\\/Oficinas\\\/Aulas art\\u00edsticas\",\"p20_apresentacoesartisticas\":\"Apresenta\\u00e7\\u00f5es art\\u00edsticas\",\"p20_visitasexcursoes\":\"Visitas\\\/Excurs\\u00f5es\",\"p21_intoleranciareligiosa\":\"Fundamentalismo\\\/intoler\\u00e2ncia religiosa\",\"p21_machismo\":\"Machismo\",\"p21_racismo\":\"Racismo\",\"p21_lgbtqifobia\":\"LGBTIfobia\",\"p22_numerodeparticipantes\":\"15 - 30\",\"p23_reunioes\":\"Reuni\\u00f5es\",\"p23_oficinas\":\"Oficinas\",\"p23_oficinasaulasartisticas\":\"Ensaio\\\/Oficinas\\\/Aulas Art\\u00edsticas\",\"p23_cursos\":\"Cursos\",\"p23_visitas\":\"Visitas\",\"p24_reunioes\":\"Reuni\\u00f5es\",\"p24_oficinas\":\"Oficinas\",\"p24_visitasexcursoes\":\"Visitas\\\/Excurs\\u00f5es\",\"p24_outros\":\"Outros\",\"p25_numerodepessoas\":\"60 - 80\",\"p26_numerodepessoas\":\"200 - 300\",\"p27_espacopublico\":\"Espa\\u00e7o p\\u00fablico\",\"p27_espacoproprio\":\"Espa\\u00e7o pr\\u00f3prio\",\"p28_territorios\":\"Regi\\u00e3o da Cidade\",\"p30_outrasorganizacoes\":\"Sim\",\"p32_campanhadelongaduracao\":\"N\\u00e3o\",\"p34_municipal\":\"Municipal\",\"p36_conselhosdeparticipacaoecontrolesocial\":\"N\\u00e3o\",\"p38_nenhum\":\"Nenhum\",\"p40_editais\":\"Sim\",\"p41_publicoestatal\":\"P\\u00fablico-Estatal\",\"p41_autofinanciamento\":\"Autofinanciamento\",\"p41_financiamentocoletivo0\":\"Financiamento coletivo\",\"p42_meiodedivulgacaoproprio\":\"Sim\",\"p43_email\":\"E-mail\",\"p43_facebook\":\"Facebook\",\"p43_instagram\":\"Instagram\",\"p43_sitesblogs\":\"Blogs\\\/sites\",\"p44_radio\":\"TV\",\"p44_jornaisimpressosdebairro\":\"Jornais impressos de bairro\",\"p44_redessociais\":\"Redes sociais (Facebook, YouTube, Instagram etc.)\",\"p39_publico\":\"TODOS\",\"p45_bandeira\":\"RESIST\\u00caNCIA PERIF\\u00c9RICA ARTE PERIF\\u00c9RICA LUTA CONTRA-MACHISMO CONTRA-HOMOFOBIA ANTIRRACISMO DIREITO-A-CIDADE\",\"p46_hashtags\":\"#CASAMUSEUESCOLA #BELEZADAPERIFERIA #ARTEINVISIVEL\"},{\"p1_eixo\":\"Cultura\",\"p9_tipoorganizacao\":\"Instituto\",\"p12_uf\":\"MT\",\"p13_cidade\":\"CUIAB\\u00c1\",\"p17_ano\":\"2020\",\"p16_estado\":\"Estado\",\"p18_agrario\":\"Agr\\u00e1rio\\\/ruralidades\",\"p18_comunicacao\":\"Comunica\\u00e7\\u00e3o\",\"p18_difusaoartistica\":\"Difus\\u00e3o Art\\u00edstica\",\"p18_desenvolvimentoterritorial\":\"Desenvolvimento territorial\",\"p18_direitoshumanos\":\"Direitos humanos\",\"p18_educacao\":\"Educa\\u00e7\\u00e3o\",\"p18_feminismos\":\"Feminismos\",\"p18_lgbtqi\":\"LGBTQI\",\"p18_lutaantirracismo\":\"Luta antirracismo\",\"p18_povosecomunidadestradicionais\":\"Povos e comunidades tradicionais\",\"p18_trabalho\":\"Trabalho\",\"p18_religiao\":\"Religi\\u00e3o\",\"p18_saude\":\"Sa\\u00fade\",\"p18_violencia\":\"Viol\\u00eancia\",\"p18_politicasculturais\":\"Pol\\u00edticas Culturais\",\"p19_educacao\":\"Educa\\u00e7\\u00e3o\",\"p19_lutaantirracismo\":\"Luta antirracismo\",\"p19_politicasculturais\":\"Pol\\u00edticas Culturais\",\"p20_reunioes\":\"Reuni\\u00f5es\",\"p20_atendimento\":\"Atendimento\",\"p20_oficinas\":\"Oficinas\",\"p20_oficinasaulasartisticas\":\"Ensaios\\\/Oficinas\\\/Aulas art\\u00edsticas\",\"p20_profissionalizacao\":\"Profissionaliza\\u00e7\\u00e3o\",\"p20_apresentacoesartisticas\":\"Apresenta\\u00e7\\u00f5es art\\u00edsticas\",\"p21_intoleranciareligiosa\":\"Fundamentalismo\\\/intoler\\u00e2ncia religiosa\",\"p21_xenofobia\":\"Xenofobia\",\"p21_machismo\":\"Machismo\",\"p21_racismo\":\"Racismo\",\"p21_lgbtqifobia\":\"LGBTIfobia\",\"p22_numerodeparticipantes\":\"15 - 30\",\"p23_outros\":\"Outros\",\"p24_reunioes\":\"Reuni\\u00f5es\",\"p24_atendimento\":\"Atendimentos\",\"p24_oficinas\":\"Oficinas\",\"p24_oficinasaulasartisticas\":\"Ensaios\\\/Oficinas\\\/Aulas art\\u00edsticas\",\"p24_profissionalizacao\":\"Profissionaliza\\u00e7\\u00e3o\",\"p24_apresentacoesartisticas\":\"Apresenta\\u00e7\\u00f5es art\\u00edsticas\",\"p24_outros\":\"Outros\",\"p25_numerodepessoas\":\"300 - 400\",\"p26_numerodepessoas\":\"80 - 100\",\"p27_espacoproprio\":\"Espa\\u00e7o pr\\u00f3prio\",\"p28_territorios\":\"Estado\",\"p30_outrasorganizacoes\":\"Sim\",\"p32_campanhadelongaduracao\":\"Sim\",\"p34_nenhuma\":\"Nenhuma\",\"p36_conselhosdeparticipacaoecontrolesocial\":\"N\\u00e3o\",\"p38_nenhum\":\"Nenhum\",\"p40_editais\":\"N\\u00e3o\",\"p41_privadopj\":\"Privado (P. Jur\\u00eddica)\",\"p42_meiodedivulgacaoproprio\":\"Sim\",\"p43_email\":\"E-mail\",\"p43_facebook\":\"Facebook\",\"p43_whatsapp\":\"WhatsApp\",\"p43_instagram\":\"Instagram\",\"p44_radio\":\"TV\",\"p44_jornaisimpressosdegrandecirculacao\":\"Jornais impressos de grande circula\\u00e7\\u00e3o\",\"p44_sitesblogs\":\"Sites ou Blogs\",\"p39_publico\":\"MULHERES NEGRAS COMUNIDADE PERIF\\u00c9RICA\",\"p45_bandeira\":\"PROMO\\u00c7\\u00c3O IGUALDADE RACIAL EMPODERAMENTO MULHERES MERCADO TRABALHO EMPODERAMENTO SOCIAL LETRAMENTO SOCIOPOL\\u00cdTICO CAUSAS ANTIRRACISTAS\",\"p46_hashtags\":\"#PROMOCAODAIGUALDADERACIAL #LUTAANTIRRACISTA #PRETASEMMOVIMENTOS\"},{\"p1_eixo\":\"Cultura\",\"p9_tipoorganizacao\":\"Coletivo\",\"p12_uf\":\"TO\",\"p13_cidade\":\"PALMAS\",\"p16_bairro\":\"Bairro\",\"p17_ano\":\"2020\",\"p18_comunicacao\":\"Comunica\\u00e7\\u00e3o\",\"p18_difusaoartistica\":\"Difus\\u00e3o Art\\u00edstica\",\"p18_desenvolvimentoterritorial\":\"Desenvolvimento territorial\",\"p18_direitoshumanos\":\"Direitos humanos\",\"p18_educacao\":\"Educa\\u00e7\\u00e3o\",\"p18_feminismos\":\"Feminismos\",\"p18_lgbtqi\":\"LGBTQI\",\"p18_lutaantirracismo\":\"Luta antirracismo\",\"p18_mobilidade\":\"Mobilidade\",\"p18_trabalho\":\"Trabalho\",\"p18_violencia\":\"Viol\\u00eancia\",\"p18_politicasculturais\":\"Pol\\u00edticas Culturais\",\"p19_educacao\":\"Educa\\u00e7\\u00e3o\",\"p19_mobilidade\":\"Mobilidade\",\"p19_politicasculturais\":\"Pol\\u00edticas Culturais\",\"p20_oficinas\":\"Oficinas\",\"p20_oficinasaulasartisticas\":\"Ensaios\\\/Oficinas\\\/Aulas art\\u00edsticas\",\"p21_repressaopolicial\":\"Repress\\u00e3o policial\",\"p21_racismo\":\"Racismo\",\"p21_lgbtqifobia\":\"LGBTIfobia\",\"p21_enfrentamentocomgruposprivadosarmados\":\"Enfrentamento com grupos privados armados\",\"p22_numerodeparticipantes\":\"1  - 15\",\"p23_oficinas\":\"Oficinas\",\"p23_oficinasaulasartisticas\":\"Ensaio\\\/Oficinas\\\/Aulas Art\\u00edsticas\",\"p23_apresentacoesartisticas\":\"Apresenta\\u00e7\\u00f5es Art\\u00edsticas\",\"p24_apresentacoesartisticas\":\"Apresenta\\u00e7\\u00f5es art\\u00edsticas\",\"p24_outros\":\"Outros\",\"p25_numerodepessoas\":\"1 - 20\",\"p26_numerodepessoas\":\"1 - 20\",\"p27_espacoemprestadocedido\":\"Espa\\u00e7o emprestado\\\/cedido\",\"p28_territorios\":\"Pr\\u00f3prio bairro\",\"p30_outrasorganizacoes\":\"Sim\",\"p32_campanhadelongaduracao\":\"Sim\",\"p34_nenhuma\":\"Nenhuma\",\"p36_conselhosdeparticipacaoecontrolesocial\":\"N\\u00e3o\",\"p38_sim\":\"Sim\",\"p40_editais\":\"Sim\",\"p41_publicoestatal\":\"P\\u00fablico-Estatal\",\"p41_privadopf\":\"Privado (P. F\\u00edsica)\",\"p42_meiodedivulgacaoproprio\":\"Sim\",\"p43_facebook\":\"Facebook\",\"p43_instagram\":\"Instagram\",\"p43_youtube\":\"YouTube\",\"p44_redessociais\":\"Redes sociais (Facebook, YouTube, Instagram etc.)\",\"p39_publico\":\"ADULTOS IDOSOS JOVENS\",\"p45_bandeira\":\"DIREITOS HUMANOS  ANTIRRACISMO  CONTRA-VIOL\\u00caNCIA-POLICIAL DESENCARCERAMENTO MASSA\",\"p46_hashtags\":\"#PERIFERIARESISTE #PODERAOPOVONEGRO #CULTURAANTIFASCISTA\"},{\"p1_eixo\":\"Trabalho\",\"p9_tipoorganizacao\":\"Associa\\u00e7\\u00e3o\",\"p12_uf\":\"MT\",\"p13_cidade\":\"CUIAB\\u00c1\",\"p16_nacional\":\"Nacional\",\"p17_ano\":\"2008\",\"p18_agrario\":\"Agr\\u00e1rio\\\/ruralidades\",\"p18_comunicacao\":\"Comunica\\u00e7\\u00e3o\",\"p18_difusaoartistica\":\"Difus\\u00e3o Art\\u00edstica\",\"p18_direitoshumanos\":\"Direitos humanos\",\"p18_educacao\":\"Educa\\u00e7\\u00e3o\",\"p18_feminismos\":\"Feminismos\",\"p18_lgbtqi\":\"LGBTQI\",\"p18_lutaantirracismo\":\"Luta antirracismo\",\"p18_mobilidade\":\"Mobilidade\",\"p18_povosecomunidadestradicionais\":\"Povos e comunidades tradicionais\",\"p18_trabalho\":\"Trabalho\",\"p18_violencia\":\"Viol\\u00eancia\",\"p18_politicasculturais\":\"Pol\\u00edticas Culturais\",\"p19_direitoshumanos\":\"Direitos humanos\",\"p19_lgbtqi\":\"LGBTQI\",\"p19_politicasculturais\":\"Pol\\u00edticas Culturais\",\"p20_reunioes\":\"Reuni\\u00f5es\",\"p20_atendimento\":\"Atendimento\",\"p20_oficinas\":\"Oficinas\",\"p20_oficinasaulasartisticas\":\"Ensaios\\\/Oficinas\\\/Aulas art\\u00edsticas\",\"p20_cursos\":\"Cursos\",\"p20_formacao\":\"Forma\\u00e7\\u00e3o\",\"p20_profissionalizacao\":\"Profissionaliza\\u00e7\\u00e3o\",\"p20_apresentacoesartisticas\":\"Apresenta\\u00e7\\u00f5es art\\u00edsticas\",\"p21_repressaopolicial\":\"Repress\\u00e3o policial\",\"p21_intoleranciareligiosa\":\"Fundamentalismo\\\/intoler\\u00e2ncia religiosa\",\"p21_xenofobia\":\"Xenofobia\",\"p21_machismo\":\"Machismo\",\"p21_racismo\":\"Racismo\",\"p21_lgbtqifobia\":\"LGBTIfobia\",\"p22_numerodeparticipantes\":\"15 - 30\",\"p23_reunioes\":\"Reuni\\u00f5es\",\"p23_atendimento\":\"Atendimento\",\"p23_oficinas\":\"Oficinas\",\"p23_oficinasaulasartisticas\":\"Ensaio\\\/Oficinas\\\/Aulas Art\\u00edsticas\",\"p23_cursos\":\"Cursos\",\"p23_formacao\":\"Forma\\u00e7\\u00e3o\",\"p23_profissionalizacao\":\"Profissionaliza\\u00e7\\u00e3o\",\"p23_apresentacoesartisticas\":\"Apresenta\\u00e7\\u00f5es Art\\u00edsticas\",\"p23_excursoes\":\"Excurs\\u00f5es\",\"p23_outros\":\"Outros\",\"p24_visitasexcursoes\":\"Visitas\\\/Excurs\\u00f5es\",\"p24_outros\":\"Outros\",\"p25_numerodepessoas\":\"300 - 400\",\"p26_numerodepessoas\":\"40 - 60\",\"p27_espacopublico\":\"Espa\\u00e7o p\\u00fablico\",\"p27_espacoemprestadocedido\":\"Espa\\u00e7o emprestado\\\/cedido\",\"p27_espacoproprio\":\"Espa\\u00e7o pr\\u00f3prio\",\"p27_virtual\":\"Virtual\",\"p27_ocupacao\":\"Ocupa\\u00e7\\u00e3o\",\"p28_territorios\":\"Estado\",\"p30_outrasorganizacoes\":\"Sim\",\"p32_campanhadelongaduracao\":\"Sim\",\"p34_nenhuma\":\"Nenhuma\",\"p36_conselhosdeparticipacaoecontrolesocial\":\"Sim\",\"p38_sim\":\"Sim\",\"p40_editais\":\"Sim\",\"p41_publicoestatal\":\"P\\u00fablico-Estatal\",\"p42_meiodedivulgacaoproprio\":\"Sim\",\"p43_email\":\"E-mail\",\"p43_facebook\":\"Facebook\",\"p43_whatsapp\":\"WhatsApp\",\"p43_instagram\":\"Instagram\",\"p43_sitesblogs\":\"Blogs\\\/sites\",\"p43_youtube\":\"YouTube\",\"p44_radio\":\"R\\u00e1dio\",\"p44_jornaisimpressosdebairro\":\"Jornais impressos de bairro\",\"p44_redessociais\":\"Redes sociais (Facebook, YouTube, Instagram etc.)\",\"p44_sitesblogs\":\"Sites ou Blogs\",\"p39_publico\":\"JOVENS PERIFERIA COMUNIDADE LGBTQIA+\",\"p45_bandeira\":\"LGBTQIA+ ANTIRRACISMO FEMINISMOS\",\"p46_hashtags\":\"#LGBTQIA+ #DIFUSAOCULTURAL #CULTURAURBANA\"},{\"p1_eixo\":\"Trabalho\",\"p9_tipoorganizacao\":\"Instituto\",\"p12_uf\":\"RO\",\"p13_cidade\":\"JI-PARAN\\u00c1\",\"p17_ano\":\"2016\",\"p16_estado\":\"Estado\",\"p18_agrario\":\"Agr\\u00e1rio\\\/ruralidades\",\"p18_comunicacao\":\"Comunica\\u00e7\\u00e3o\",\"p18_desenvolvimentoterritorial\":\"Desenvolvimento territorial\",\"p18_direitoshumanos\":\"Direitos humanos\",\"p18_educacao\":\"Educa\\u00e7\\u00e3o\",\"p18_feminismos\":\"Feminismos\",\"p18_lgbtqi\":\"LGBTQI\",\"p18_moradia\":\"Moradia\",\"p18_povosecomunidadestradicionais\":\"Povos e comunidades tradicionais\",\"p18_trabalho\":\"Trabalho\",\"p18_religiao\":\"Religi\\u00e3o\",\"p18_saude\":\"Sa\\u00fade\",\"p18_violencia\":\"Viol\\u00eancia\",\"p19_agrario\":\"Agr\\u00e1rio\\\/ruralidades\",\"p19_trabalho\":\"Trabalho\",\"p19_saude\":\"Sa\\u00fade\",\"p20_reunioes\":\"Reuni\\u00f5es\",\"p20_atendimento\":\"Atendimento\",\"p20_formacao\":\"Forma\\u00e7\\u00e3o\",\"p21_nenhum\":\"Nenhum\",\"p22_numerodeparticipantes\":\"1  - 15\",\"p23_reunioes\":\"Reuni\\u00f5es\",\"p23_atendimento\":\"Atendimento\",\"p23_formacao\":\"Forma\\u00e7\\u00e3o\",\"p23_outros\":\"Outros\",\"p24_outros\":\"Outros\",\"p25_numerodepessoas\":\"100 - 200\",\"p26_numerodepessoas\":\"200 - 300\",\"p27_espacopublico\":\"Espa\\u00e7o p\\u00fablico\",\"p27_espacoemprestadocedido\":\"Espa\\u00e7o emprestado\\\/cedido\",\"p28_territorios\":\"Estado\",\"p30_outrasorganizacoes\":\"Sim\",\"p32_campanhadelongaduracao\":\"Sim\",\"p34_estadual\":\"Estadual\",\"p36_conselhosdeparticipacaoecontrolesocial\":\"Sim\",\"p38_sim\":\"Sim\",\"p40_editais\":\"Sim\",\"p41_privadopj\":\"Privado (P. Jur\\u00eddica)\",\"p42_meiodedivulgacaoproprio\":\"Sim\",\"p43_email\":\"E-mail\",\"p43_facebook\":\"Facebook\",\"p43_instagram\":\"Instagram\",\"p43_sitesblogs\":\"Blogs\\\/sites\",\"p43_youtube\":\"YouTube\",\"p44_nenhum\":\"Nenhum\",\"p39_publico\":\"FAM\\u00cdLIAS VULNERABILIDADE SOCIAL\",\"p45_bandeira\":\"RESIST\\u00caNCIA LUTA AMAZ\\u00d4NIA AGROECOLOGIA SA\\u00daDE INTEGRATIVA POPULAR NASCENTES \\u00c1GUA QUINTAIS AGROECOL\\u00d3GICOS RESIST\\u00caNCIA DIREITOS HUMANOS DIREITO CRIAN\\u00c7A ADOLESCENTES\",\"p46_hashtags\":\"#REISTENCIAELUTANAAMAZONIA #SUSTENTABILIDADE #JUSTICA\"},{\"p1_eixo\":\"Trabalho\",\"p9_tipoorganizacao\":\"ONG\",\"p12_uf\":\"MT\",\"p13_cidade\":\"CUIAB\\u00c1\",\"p16_nacional\":\"Nacional\",\"p17_ano\":\"2021\",\"p18_agrario\":\"Agr\\u00e1rio\\\/ruralidades\",\"p18_comunicacao\":\"Comunica\\u00e7\\u00e3o\",\"p18_desenvolvimentoterritorial\":\"Desenvolvimento territorial\",\"p18_direitoshumanos\":\"Direitos humanos\",\"p18_educacao\":\"Educa\\u00e7\\u00e3o\",\"p18_feminismos\":\"Feminismos\",\"p18_lgbtqi\":\"LGBTQI\",\"p18_lutaantirracismo\":\"Luta antirracismo\",\"p18_mobilidade\":\"Mobilidade\",\"p18_moradia\":\"Moradia\",\"p18_povosecomunidadestradicionais\":\"Povos e comunidades tradicionais\",\"p18_trabalho\":\"Trabalho\",\"p18_religiao\":\"Religi\\u00e3o\",\"p18_saude\":\"Sa\\u00fade\",\"p18_violencia\":\"Viol\\u00eancia\",\"p18_politicasculturais\":\"Pol\\u00edticas Culturais\",\"p19_povosecomunidadestradicionais\":\"Povos e comunidades tradicionais\",\"p19_saude\":\"Sa\\u00fade\",\"p19_violencia\":\"Viol\\u00eancia\",\"p20_reunioes\":\"Reuni\\u00f5es\",\"p20_atendimento\":\"Atendimento\",\"p20_oficinasaulasartisticas\":\"Ensaios\\\/Oficinas\\\/Aulas art\\u00edsticas\",\"p20_profissionalizacao\":\"Profissionaliza\\u00e7\\u00e3o\",\"p21_intoleranciareligiosa\":\"Fundamentalismo\\\/intoler\\u00e2ncia religiosa\",\"p21_xenofobia\":\"Xenofobia\",\"p21_machismo\":\"Machismo\",\"p21_racismo\":\"Racismo\",\"p21_lgbtqifobia\":\"LGBTIfobia\",\"p22_numerodeparticipantes\":\"60 - 75\",\"p23_reunioes\":\"Reuni\\u00f5es\",\"p23_atendimento\":\"Atendimento\",\"p23_oficinasaulasartisticas\":\"Ensaio\\\/Oficinas\\\/Aulas Art\\u00edsticas\",\"p23_profissionalizacao\":\"Profissionaliza\\u00e7\\u00e3o\",\"p23_outros\":\"Outros\",\"p24_outros\":\"Outros\",\"p25_numerodepessoas\":\"300 - 400\",\"p26_numerodepessoas\":\"1 - 20\",\"p27_espacoemprestadocedido\":\"Espa\\u00e7o emprestado\\\/cedido\",\"p27_espacoproprio\":\"Espa\\u00e7o pr\\u00f3prio\",\"p28_territorios\":\"Cidade\",\"p30_outrasorganizacoes\":\"Sim\",\"p32_campanhadelongaduracao\":\"N\\u00e3o\",\"p34_nenhuma\":\"Nenhuma\",\"p36_conselhosdeparticipacaoecontrolesocial\":\"Sim\",\"p38_sim\":\"Sim\",\"p40_editais\":\"N\\u00e3o\",\"p41_autofinanciamento\":\"Autofinanciamento\",\"p42_meiodedivulgacaoproprio\":\"Sim\",\"p43_facebook\":\"Facebook\",\"p43_whatsapp\":\"WhatsApp\",\"p43_instagram\":\"Instagram\",\"p44_nenhum\":\"Nenhum\",\"p39_publico\":\"PESSOAS PERIF\\u00c9RICAS RELIGIOSAS\",\"p45_bandeira\":\"RACISMO FEMINISMOS\",\"p46_hashtags\":\"#FEMINISMOS #ANTIRRACISMO #RELIGIAO\"},{\"p1_eixo\":\"Viol\\u00eancia\",\"p9_tipoorganizacao\":\"Associa\\u00e7\\u00e3o\",\"p12_uf\":\"PI\",\"p13_cidade\":\"TERESINA\",\"p16_internacional\":\"Internacional\",\"p17_ano\":\"2007\",\"p18_agrario\":\"Agr\\u00e1rio\\\/ruralidades\",\"p18_comunicacao\":\"Comunica\\u00e7\\u00e3o\",\"p18_difusaoartistica\":\"Difus\\u00e3o Art\\u00edstica\",\"p18_desenvolvimentoterritorial\":\"Desenvolvimento territorial\",\"p18_direitoshumanos\":\"Direitos humanos\",\"p18_educacao\":\"Educa\\u00e7\\u00e3o\",\"p18_feminismos\":\"Feminismos\",\"p18_lgbtqi\":\"LGBTQI\",\"p18_lutaantirracismo\":\"Luta antirracismo\",\"p18_mobilidade\":\"Mobilidade\",\"p18_moradia\":\"Moradia\",\"p18_povosecomunidadestradicionais\":\"Povos e comunidades tradicionais\",\"p18_trabalho\":\"Trabalho\",\"p18_religiao\":\"Religi\\u00e3o\",\"p18_saude\":\"Sa\\u00fade\",\"p18_violencia\":\"Viol\\u00eancia\",\"p18_politicasculturais\":\"Pol\\u00edticas Culturais\",\"p19_feminismos\":\"Feminismos\",\"p19_moradia\":\"Moradia\",\"p19_povosecomunidadestradicionais\":\"Povos e comunidades tradicionais\",\"p20_reunioes\":\"Reuni\\u00f5es\",\"p20_atendimento\":\"Atendimento\",\"p20_oficinas\":\"Oficinas\",\"p20_cursos\":\"Cursos\",\"p20_formacao\":\"Forma\\u00e7\\u00e3o\",\"p20_apresentacoesartisticas\":\"Apresenta\\u00e7\\u00f5es art\\u00edsticas\",\"p20_visitasexcursoes\":\"Visitas\\\/Excurs\\u00f5es\",\"p21_repressaopolicial\":\"Repress\\u00e3o policial\",\"p21_intoleranciareligiosa\":\"Fundamentalismo\\\/intoler\\u00e2ncia religiosa\",\"p21_xenofobia\":\"Xenofobia\",\"p21_machismo\":\"Machismo\",\"p21_racismo\":\"Racismo\",\"p21_lgbtqifobia\":\"LGBTIfobia\",\"p21_enfrentamentocomgruposprivadosarmados\":\"Enfrentamento com grupos privados armados\",\"p22_numerodeparticipantes\":\"30 - 45\",\"p23_reunioes\":\"Reuni\\u00f5es\",\"p23_atendimento\":\"Atendimento\",\"p23_oficinas\":\"Oficinas\",\"p23_cursos\":\"Cursos\",\"p23_formacao\":\"Forma\\u00e7\\u00e3o\",\"p23_apresentacoesartisticas\":\"Apresenta\\u00e7\\u00f5es Art\\u00edsticas\",\"p23_visitas\":\"Visitas\",\"p23_outros\":\"Outros\",\"p24_outros\":\"Outros\",\"p25_numerodepessoas\":\"20 - 40\",\"p26_numerodepessoas\":\"20 - 40\",\"p27_espacopublico\":\"Espa\\u00e7o p\\u00fablico\",\"p27_espacoemprestadocedido\":\"Espa\\u00e7o emprestado\\\/cedido\",\"p27_virtual\":\"Virtual\",\"p27_ocupacao\":\"Ocupa\\u00e7\\u00e3o\",\"p28_territorios\":\"Regi\\u00e3o da Cidade\",\"p30_outrasorganizacoes\":\"N\\u00e3o\",\"p32_campanhadelongaduracao\":\"Sim\",\"p34_municipal\":\"Municipal\",\"p34_nacional\":\"Nacional\",\"p34_internacional\":\"Internacional\",\"p36_conselhosdeparticipacaoecontrolesocial\":\"Sim\",\"p38_sim\":\"Sim\",\"p40_editais\":\"Sim\",\"p41_financiamentocoletivo0\":\"Financiamento coletivo\",\"p42_meiodedivulgacaoproprio\":\"Sim\",\"p43_email\":\"E-mail\",\"p43_facebook\":\"Facebook\",\"p43_instagram\":\"Instagram\",\"p43_sitesblogs\":\"Blogs\\\/sites\",\"p44_radio\":\"TV\",\"p44_redessociais\":\"Redes sociais (Facebook, YouTube, Instagram etc.)\",\"p44_sitesblogs\":\"Sites ou Blogs\",\"p39_publico\":\"CRIAN\\u00c7AS MULHERES IND\\u00cdGENAS NEGRAS\",\"p45_bandeira\":\"DEFESA DIREITOS DEFESA DIREITOS SOCIAIS DIREITOS MORADIA DIREITO IR-VIR DIREITO LIVRE EXPRESS\\u00c3O\",\"p46_hashtags\":\"#DEFESADOSDIREITOSHUMANOS #CONTRADISTERRITORIALIZACAO #LUTAPELAVIDA\"},{\"p1_eixo\":\"Cultura\",\"p9_tipoorganizacao\":\"Coletivo Art\\u00edstico\",\"p12_uf\":\"RN\",\"p13_cidade\":\"NATAL\",\"p17_ano\":\"2011\",\"p16_estado\":\"Estado\",\"p18_agrario\":\"Agr\\u00e1rio\\\/ruralidades\",\"p18_comunicacao\":\"Comunica\\u00e7\\u00e3o\",\"p18_difusaoartistica\":\"Difus\\u00e3o Art\\u00edstica\",\"p18_desenvolvimentoterritorial\":\"Desenvolvimento territorial\",\"p18_direitoshumanos\":\"Direitos humanos\",\"p18_educacao\":\"Educa\\u00e7\\u00e3o\",\"p18_feminismos\":\"Feminismos\",\"p18_lgbtqi\":\"LGBTQI\",\"p18_lutaantirracismo\":\"Luta antirracismo\",\"p18_moradia\":\"Moradia\",\"p18_povosecomunidadestradicionais\":\"Povos e comunidades tradicionais\",\"p18_trabalho\":\"Trabalho\",\"p18_saude\":\"Sa\\u00fade\",\"p18_violencia\":\"Viol\\u00eancia\",\"p18_politicasculturais\":\"Pol\\u00edticas Culturais\",\"p19_comunicacao\":\"Comunica\\u00e7\\u00e3o\",\"p19_lutaantirracismo\":\"Luta antirracismo\",\"p19_politicasculturais\":\"Pol\\u00edticas Culturais\",\"p20_reunioes\":\"Reuni\\u00f5es\",\"p20_oficinas\":\"Oficinas\",\"p20_apresentacoesartisticas\":\"Apresenta\\u00e7\\u00f5es art\\u00edsticas\",\"p21_repressaopolicial\":\"Repress\\u00e3o policial\",\"p21_intoleranciareligiosa\":\"Fundamentalismo\\\/intoler\\u00e2ncia religiosa\",\"p21_machismo\":\"Machismo\",\"p21_lgbtqifobia\":\"LGBTIfobia\",\"p21_enfrentamentocomgruposprivadosarmados\":\"Enfrentamento com grupos privados armados\",\"p22_numerodeparticipantes\":\"1  - 15\",\"p23_reunioes\":\"Reuni\\u00f5es\",\"p23_apresentacoesartisticas\":\"Apresenta\\u00e7\\u00f5es Art\\u00edsticas\",\"p23_outros\":\"Outros\",\"p24_oficinas\":\"Oficinas\",\"p24_apresentacoesartisticas\":\"Apresenta\\u00e7\\u00f5es art\\u00edsticas\",\"p24_outros\":\"Outros\",\"p25_numerodepessoas\":\"20 - 40\",\"p26_numerodepessoas\":\"1 - 20\",\"p27_espacopublico\":\"Espa\\u00e7o p\\u00fablico\",\"p28_territorios\":\"Estado\",\"p30_outrasorganizacoes\":\"Sim\",\"p32_campanhadelongaduracao\":\"N\\u00e3o\",\"p34_estadual\":\"Estadual\",\"p36_conselhosdeparticipacaoecontrolesocial\":\"N\\u00e3o\",\"p38_nenhum\":\"Nenhum\",\"p40_editais\":\"Sim\",\"p41_financiamentocoletivo0\":\"Financiamento coletivo\",\"p42_meiodedivulgacaoproprio\":\"Sim\",\"p43_facebook\":\"Facebook\",\"p43_instagram\":\"Instagram\",\"p43_youtube\":\"YouTube\",\"p44_nenhum\":\"Nenhum\",\"p39_publico\":\"JOVENS PERIF\\u00c9RICOS\",\"p45_bandeira\":\"ANTIRRACISTA ANTIFASCISTA PERIFERIA\",\"p46_hashtags\":\"#ANTIRRACISMO #ANTIFASCISMO #BATALHASDERIMAS\"},{\"p1_eixo\":\"Cultura\",\"p9_tipoorganizacao\":\"ONG\",\"p12_uf\":\"SE\",\"p13_cidade\":\"ARACAJU\",\"p17_ano\":\"1982\",\"p16_estado\":\"Estado\",\"p18_agrario\":\"Agr\\u00e1rio\\\/ruralidades\",\"p18_comunicacao\":\"Comunica\\u00e7\\u00e3o\",\"p18_difusaoartistica\":\"Difus\\u00e3o Art\\u00edstica\",\"p18_desenvolvimentoterritorial\":\"Desenvolvimento territorial\",\"p18_direitoshumanos\":\"Direitos humanos\",\"p18_educacao\":\"Educa\\u00e7\\u00e3o\",\"p18_lgbtqi\":\"LGBTQI\",\"p18_lutaantirracismo\":\"Luta antirracismo\",\"p18_mobilidade\":\"Mobilidade\",\"p18_moradia\":\"Moradia\",\"p18_povosecomunidadestradicionais\":\"Povos e comunidades tradicionais\",\"p18_trabalho\":\"Trabalho\",\"p18_religiao\":\"Religi\\u00e3o\",\"p18_saude\":\"Sa\\u00fade\",\"p18_violencia\":\"Viol\\u00eancia\",\"p18_politicasculturais\":\"Pol\\u00edticas Culturais\",\"p19_educacao\":\"Educa\\u00e7\\u00e3o\",\"p19_lutaantirracismo\":\"Luta antirracismo\",\"p19_povosecomunidadestradicionais\":\"Povos e comunidades tradicionais\",\"p20_reunioes\":\"Reuni\\u00f5es\",\"p20_atendimento\":\"Atendimento\",\"p20_oficinas\":\"Oficinas\",\"p20_oficinasaulasartisticas\":\"Ensaios\\\/Oficinas\\\/Aulas art\\u00edsticas\",\"p20_formacao\":\"Forma\\u00e7\\u00e3o\",\"p20_profissionalizacao\":\"Profissionaliza\\u00e7\\u00e3o\",\"p20_apresentacoesartisticas\":\"Apresenta\\u00e7\\u00f5es art\\u00edsticas\",\"p21_repressaopolicial\":\"Repress\\u00e3o policial\",\"p21_intoleranciareligiosa\":\"Fundamentalismo\\\/intoler\\u00e2ncia religiosa\",\"p21_xenofobia\":\"Xenofobia\",\"p21_machismo\":\"Machismo\",\"p21_racismo\":\"Racismo\",\"p22_numerodeparticipantes\":\"15 - 30\",\"p23_reunioes\":\"Reuni\\u00f5es\",\"p23_atendimento\":\"Atendimento\",\"p23_oficinas\":\"Oficinas\",\"p23_oficinasaulasartisticas\":\"Ensaio\\\/Oficinas\\\/Aulas Art\\u00edsticas\",\"p23_formacao\":\"Forma\\u00e7\\u00e3o\",\"p23_profissionalizacao\":\"Profissionaliza\\u00e7\\u00e3o\",\"p23_apresentacoesartisticas\":\"Apresenta\\u00e7\\u00f5es Art\\u00edsticas\",\"p23_outros\":\"Outros\",\"p24_atendimento\":\"Atendimentos\",\"p24_outros\":\"Outros\",\"p25_numerodepessoas\":\"80 - 100\",\"p26_numerodepessoas\":\"20 - 40\",\"p27_espacopublico\":\"Espa\\u00e7o p\\u00fablico\",\"p27_espacoproprio\":\"Espa\\u00e7o pr\\u00f3prio\",\"p28_territorios\":\"Estado\",\"p30_outrasorganizacoes\":\"Sim\",\"p32_campanhadelongaduracao\":\"Sim\",\"p34_nacional\":\"Nacional\",\"p36_conselhosdeparticipacaoecontrolesocial\":\"Sim\",\"p38_sim\":\"Sim\",\"p40_editais\":\"Sim\",\"p41_privadopj\":\"Privado (P. Jur\\u00eddica)\",\"p41_financiamentocoletivo0\":\"Financiamento coletivo\",\"p42_meiodedivulgacaoproprio\":\"Sim\",\"p43_email\":\"E-mail\",\"p43_facebook\":\"Facebook\",\"p43_whatsapp\":\"WhatsApp\",\"p43_instagram\":\"Instagram\",\"p43_twitter\":\"Twitter\",\"p44_radio\":\"TV\",\"p39_publico\":\"CRIAN\\u00c7AS ADOLESCENTES IDOSOS MULHERES JOVENS LGBTQIA+\",\"p45_bandeira\":\"CRIAN\\u00c7AS ADOLESCENTES MULHERES IDOSOS POL\\u00cdTICAS ANTIRRACISTAS\",\"p46_hashtags\":\"#ANTIRRACISMO #DEFESADAVIDA #FORMACAOEEDUCACAO\"},{\"p1_eixo\":\"Viol\\u00eancia\",\"p9_tipoorganizacao\":\"Movimento Social\",\"p12_uf\":\"BA\",\"p13_cidade\":\"SALVADOR\",\"p17_ano\":\"2012\",\"p16_estado\":\"Estado\",\"p18_comunicacao\":\"Comunica\\u00e7\\u00e3o\",\"p18_direitoshumanos\":\"Direitos humanos\",\"p18_feminismos\":\"Feminismos\",\"p18_lgbtqi\":\"LGBTQI\",\"p18_lutaantirracismo\":\"Luta antirracismo\",\"p18_moradia\":\"Moradia\",\"p18_povosecomunidadestradicionais\":\"Povos e comunidades tradicionais\",\"p18_religiao\":\"Religi\\u00e3o\",\"p18_saude\":\"Sa\\u00fade\",\"p18_violencia\":\"Viol\\u00eancia\",\"p19_feminismos\":\"Feminismos\",\"p19_povosecomunidadestradicionais\":\"Povos e comunidades tradicionais\",\"p19_violencia\":\"Viol\\u00eancia\",\"p20_reunioes\":\"Reuni\\u00f5es\",\"p20_oficinas\":\"Oficinas\",\"p20_formacao\":\"Forma\\u00e7\\u00e3o\",\"p20_visitasexcursoes\":\"Visitas\\\/Excurs\\u00f5es\",\"p21_repressaopolicial\":\"Repress\\u00e3o policial\",\"p21_intoleranciareligiosa\":\"Fundamentalismo\\\/intoler\\u00e2ncia religiosa\",\"p21_machismo\":\"Machismo\",\"p21_racismo\":\"Racismo\",\"p21_lgbtqifobia\":\"LGBTIfobia\",\"p22_numerodeparticipantes\":\"Mais de 90\",\"p23_reunioes\":\"Reuni\\u00f5es\",\"p23_oficinas\":\"Oficinas\",\"p23_formacao\":\"Forma\\u00e7\\u00e3o\",\"p24_reunioes\":\"Reuni\\u00f5es\",\"p24_formacao\":\"Forma\\u00e7\\u00e3o\",\"p25_numerodepessoas\":\"80 - 100\",\"p26_numerodepessoas\":\"80 - 100\",\"p27_espacopublico\":\"Espa\\u00e7o p\\u00fablico\",\"p28_territorios\":\"Estado\",\"p30_outrasorganizacoes\":\"N\\u00e3o\",\"p32_campanhadelongaduracao\":\"Sim\",\"p34_nacional\":\"Nacional\",\"p36_conselhosdeparticipacaoecontrolesocial\":\"Sim\",\"p38_sim\":\"Sim\",\"p40_editais\":\"N\\u00e3o\",\"p41_financiamentocoletivo0\":\"Financiamento coletivo\",\"p42_meiodedivulgacaoproprio\":\"Sim\",\"p43_email\":\"E-mail\",\"p43_facebook\":\"Facebook\",\"p43_whatsapp\":\"WhatsApp\",\"p43_instagram\":\"Instagram\",\"p44_redessociais\":\"Redes sociais (Facebook, YouTube, Instagram etc.)\",\"p39_publico\":\"MULHERES NEGRAS\",\"p45_bandeira\":\"REDE MULHERES NEGRAS BAHIA\",\"p46_hashtags\":\"#PAREMDENOSMATAR #RMNBA #VIDASNEGRASIMPORTAM\"}]`),\n\t\timagesUrl: 'https:\/\/fpabramo.org.br\/reconexaoperiferias\/wp-content\/themes\/reconexao-periferias-2\/assets\/images',\n\t}\n<\/script>\n<div class=\"political-culture-map__wrapper\" data-attributes='{\"mapId\":10785,\"title\":\"Mapeamento de Coletivos e Movimentos Sociais das Periferias Brasileiras\"}'>\n\t<div class=\"political-culture-map__mount\"><\/div>\n\t<div class=\"jeomap map_id_10785\"><\/div>\n<\/div>\n\n\n\n<div style=\"height:40px\" aria-hidden=\"true\" class=\"wp-block-spacer\"><\/div>\n\n\n<div class=\"reconexao-periferias-dados political-culture-section\">\n\t\n\n<div class=\"reconexao-periferias-dados political-culture-graphics\" data-graphic=\"p1\" data-title=\"Eixo tem\u00e1tico\" data-source=\"Mapeamento de Coletivos e Movimentos Sociais das Periferias Brasileiras, Reconex\u00e3o Periferias, FPA.\"><\/div>\n\n\n\n<div class=\"reconexao-periferias-dados political-culture-graphics\" data-graphic=\"p9\" data-title=\"Tipo de organiza\u00e7\u00e3o\" data-source=\"Mapeamento de Coletivos e Movimentos Sociais das Periferias Brasileiras, Reconex\u00e3o Periferias, FPA.\"><\/div>\n\n\n\n<div class=\"reconexao-periferias-dados political-culture-graphics\" data-graphic=\"p12\" data-title=\"Unidades Federativas\" data-source=\"Mapeamento de Coletivos e Movimentos Sociais das Periferias Brasileiras, Reconex\u00e3o Periferias, FPA.\"><\/div>\n\n\n\n<div class=\"reconexao-periferias-dados political-culture-graphics\" data-graphic=\"p16\" data-title=\"\u00c2mbito de atua\u00e7\u00e3o e abrang\u00eancia\" data-source=\"Mapeamento de Coletivos e Movimentos Sociais das Periferias Brasileiras, Reconex\u00e3o Periferias, FPA.\"><\/div>\n\n\n\n<div class=\"reconexao-periferias-dados political-culture-graphics\" data-graphic=\"p17\" data-title=\"Ano de cria\u00e7\u00e3o\" data-source=\"Mapeamento de Coletivos e Movimentos Sociais das Periferias Brasileiras, Reconex\u00e3o Periferias, FPA.\"><\/div>\n\n\n\n<div class=\"reconexao-periferias-dados political-culture-graphics\" data-graphic=\"p18\" data-title=\"Temas de atua\u00e7\u00e3o\" data-source=\"Mapeamento de Coletivos e Movimentos Sociais das Periferias Brasileiras, Reconex\u00e3o Periferias, FPA.\"><\/div>\n\n\n\n<div class=\"reconexao-periferias-dados political-culture-graphics\" data-graphic=\"p19\" data-title=\"Tr\u00eas principais temas de atua\u00e7\u00e3o\" data-source=\"Mapeamento de Coletivos e Movimentos Sociais das Periferias Brasileiras, Reconex\u00e3o Periferias, FPA.\"><\/div>\n\n\n\n<div class=\"reconexao-periferias-dados political-culture-graphics\" data-graphic=\"p20\" data-title=\"Atividades realizadas\" data-source=\"Mapeamento de Coletivos e Movimentos Sociais das Periferias Brasileiras, Reconex\u00e3o Periferias, FPA.\"><\/div>\n\n\n\n<div class=\"reconexao-periferias-dados political-culture-graphics\" data-graphic=\"p22\" data-title=\"N\u00famero de pessoas que participam diretamente da organiza\u00e7\u00e3o\" data-source=\"Mapeamento de Coletivos e Movimentos Sociais das Periferias Brasileiras, Reconex\u00e3o Periferias, FPA.\"><\/div>\n\n\n\n<div class=\"reconexao-periferias-dados political-culture-graphics\" data-graphic=\"p23\" data-title=\"Tipos de atividades regulares realizadas\" data-source=\"Mapeamento de Coletivos e Movimentos Sociais das Periferias Brasileiras, Reconex\u00e3o Periferias, FPA.\"><\/div>\n\n\n\n<div class=\"reconexao-periferias-dados political-culture-graphics\" data-graphic=\"p24\" data-title=\"Tipos de atividades pontuais realizadas\" data-source=\"Mapeamento de Coletivos e Movimentos Sociais das Periferias Brasileiras, Reconex\u00e3o Periferias, FPA.\"><\/div>\n\n\n\n<div class=\"reconexao-periferias-dados political-culture-graphics\" data-graphic=\"p25\" data-title=\"M\u00e9dia de pessoas mobilizadas por atividade regular\" data-source=\"Mapeamento de Coletivos e Movimentos Sociais das Periferias Brasileiras, Reconex\u00e3o Periferias, FPA.\"><\/div>\n\n\n\n<div class=\"reconexao-periferias-dados political-culture-graphics\" data-graphic=\"p26\" data-title=\"M\u00e9dia de pessoas mobilizadas por atividade pontual\" data-source=\"Mapeamento de Coletivos e Movimentos Sociais das Periferias Brasileiras, Reconex\u00e3o Periferias, FPA.\"><\/div>\n\n\n\n<div class=\"reconexao-periferias-dados political-culture-graphics\" data-graphic=\"p27\" data-title=\"Espa\u00e7o utilizado para a realiza\u00e7\u00e3o das atividades\" data-source=\"Mapeamento de Coletivos e Movimentos Sociais das Periferias Brasileiras, Reconex\u00e3o Periferias, FPA.\"><\/div>\n\n\n\n<div class=\"reconexao-periferias-dados political-culture-graphics\" data-graphic=\"p28\" data-title=\"Territ\u00f3rios para os quais as atividades s\u00e3o dirigidas\" data-source=\"Mapeamento de Coletivos e Movimentos Sociais das Periferias Brasileiras, Reconex\u00e3o Periferias, FPA.\"><\/div>\n\n\n\n<div class=\"reconexao-periferias-dados political-culture-graphics\" data-graphic=\"p30\" data-title=\"Participa de atividades de outras organiza\u00e7\u00f5es? \" data-source=\"Mapeamento de Coletivos e Movimentos Sociais das Periferias Brasileiras, Reconex\u00e3o Periferias, FPA.\"><\/div>\n\n\n\n<div class=\"reconexao-periferias-dados political-culture-graphics\" data-graphic=\"p21\" data-title=\"Tipos de cerceamentos enfrentados pelas organiza\u00e7\u00f5es\" data-source=\"Mapeamento de Coletivos e Movimentos Sociais das Periferias Brasileiras, Reconex\u00e3o Periferias, FPA.\"><\/div>\n\n\n\n<div class=\"reconexao-periferias-dados political-culture-graphics\" data-graphic=\"p32\" data-title=\"A organiza\u00e7\u00e3o participa ou promove alguma campanha de m\u00e9dia ou longa dura\u00e7\u00e3o?  \" data-source=\"Mapeamento de Coletivos e Movimentos Sociais das Periferias Brasileiras, Reconex\u00e3o Periferias, FPA.\"><\/div>\n\n\n\n<div class=\"reconexao-periferias-dados political-culture-graphics\" data-graphic=\"p34\" data-title=\"Possui filia\u00e7\u00e3o a alguma rede ou f\u00f3rum?\" data-source=\"Mapeamento de Coletivos e Movimentos Sociais das Periferias Brasileiras, Reconex\u00e3o Periferias, FPA.\"><\/div>\n\n\n\n<div class=\"reconexao-periferias-dados political-culture-graphics\" data-graphic=\"p36\" data-title=\"Participa (ou participou) de conselhos de participa\u00e7\u00e3o e controle social?  \" data-source=\"Mapeamento de Coletivos e Movimentos Sociais das Periferias Brasileiras, Reconex\u00e3o Periferias, FPA.\"><\/div>\n\n\n\n<div class=\"reconexao-periferias-dados political-culture-graphics\" data-graphic=\"p38\" data-title=\"Algum membro da organiza\u00e7\u00e3o mant\u00e9m rela\u00e7\u00e3o regular com algum partido politico?\" data-source=\"Mapeamento de Coletivos e Movimentos Sociais das Periferias Brasileiras, Reconex\u00e3o Periferias, FPA.\"><\/div>\n\n\n\n<div class=\"reconexao-periferias-dados political-culture-graphics\" data-graphic=\"p39\" data-title=\"P\u00fablico priorit\u00e1rio das organiza\u00e7\u00f5es\" data-source=\"Mapeamento de Coletivos e Movimentos Sociais das Periferias Brasileiras, Reconex\u00e3o Periferias, FPA.\"><\/div>\n\n\n\n<div class=\"reconexao-periferias-dados political-culture-graphics\" data-graphic=\"p40\" data-title=\"A organiza\u00e7\u00e3o j\u00e1 participou de algum edital de fomento ou dos processos de formula\u00e7\u00e3o, execu\u00e7\u00e3o ou o monitoramento de alguma pol\u00edtica p\u00fablica para sua \u00e1rea de atua\u00e7\u00e3o?\" data-source=\"Mapeamento de Coletivos e Movimentos Sociais das Periferias Brasileiras, Reconex\u00e3o Periferias, FPA.\"><\/div>\n\n\n\n<div class=\"reconexao-periferias-dados political-culture-graphics\" data-graphic=\"p41\" data-title=\"Recebe algum tipo de financiamento p\u00fablico e\/ou privado?\" data-source=\"Mapeamento de Coletivos e Movimentos Sociais das Periferias Brasileiras, Reconex\u00e3o Periferias, FPA.\"><\/div>\n\n\n\n<div class=\"reconexao-periferias-dados political-culture-graphics\" data-graphic=\"p42\" data-title=\"Possui meio de divulga\u00e7\u00e3o pr\u00f3prio?  \" data-source=\"Mapeamento de Coletivos e Movimentos Sociais das Periferias Brasileiras, Reconex\u00e3o Periferias, FPA.\"><\/div>\n\n\n\n<div class=\"reconexao-periferias-dados political-culture-graphics\" data-graphic=\"p43\" data-title=\"Se sim, quais os meios de divulga\u00e7\u00e3o?\" data-source=\"Mapeamento de Coletivos e Movimentos Sociais das Periferias Brasileiras, Reconex\u00e3o Periferias, FPA.\"><\/div>\n\n\n\n<div class=\"reconexao-periferias-dados political-culture-graphics\" data-graphic=\"p44\" data-title=\"M\u00eddias externas que noticiam as atividades\" data-source=\"Mapeamento de Coletivos e Movimentos Sociais das Periferias Brasileiras, Reconex\u00e3o Periferias, FPA.\"><\/div>\n\n\n\n<div class=\"reconexao-periferias-dados political-culture-graphics\" data-graphic=\"p45\" data-title=\"Bandeiras das organiza\u00e7\u00f5es\" data-source=\"Mapeamento de Coletivos e Movimentos Sociais das Periferias Brasileiras, Reconex\u00e3o Periferias, FPA.\"><\/div>\n\n\n\n<div class=\"reconexao-periferias-dados political-culture-graphics\" data-graphic=\"p46\" data-title=\"Resumo da luta das organiza\u00e7\u00f5es em hashtags\" data-source=\"Mapeamento de Coletivos e Movimentos Sociais das Periferias Brasileiras, Reconex\u00e3o Periferias, FPA.\"><\/div>\n\n<\/div>\n\n\n\n<div style=\"height:40px\" aria-hidden=\"true\" class=\"wp-block-spacer\"><\/div>\n\n\n\n<div class=\"wp-block-cover is-light\"><span aria-hidden=\"true\" class=\"wp-block-cover__background has-high-pure-background-color has-background-dim-100 has-background-dim\"><\/span><div class=\"wp-block-cover__inner-container is-layout-flow wp-block-cover-is-layout-flow\">\n<div class=\"wp-block-columns is-layout-flex wp-container-core-columns-is-layout-3 wp-block-columns-is-layout-flex\">\n<div class=\"wp-block-column is-layout-flow wp-block-column-is-layout-flow\" style=\"padding-left:var(--wp--preset--spacing--50);flex-basis:66.66%\">\n<h3 class=\"wp-block-heading\" id=\"h-cultura-politica-e-espacos-de-sociabilidade-nas-periferias-olhares-de-coletivos-e-movimentos-sociais\">Cultura, Pol\u00edtica e Espa\u00e7os de Sociabilidade nas Periferias: Olhares de Coletivos e Movimentos Sociais<\/h3>\n\n\n\n<p>Os resultados da pesquisa permitem uma compreens\u00e3o ainda mais aprofundada sobre uma amostra das organiza\u00e7\u00f5es mapeadas. Foram selecionadas 80 entidades entre as 812 organiza\u00e7\u00f5es cadastradas at\u00e9 ent\u00e3o no Mapeamento. O estudo levantou os elementos disparadores \u00e0 cria\u00e7\u00e3o das organiza\u00e7\u00f5es perif\u00e9ricas, seus campos de atua\u00e7\u00e3o, tipos de atividades realizadas, p\u00fablicos mobilizados, financiamento, experi\u00eancias de sociabilidade promovidas e\/ou identificadas no territ\u00f3rio, formas de participa\u00e7\u00e3o da popula\u00e7\u00e3o, rela\u00e7\u00e3o com a pol\u00edtica institucional, conflitos de interesse nos territ\u00f3rios, comunica\u00e7\u00e3o comunit\u00e1ria, as condi\u00e7\u00f5es, estrat\u00e9gias e as perspectivas de atua\u00e7\u00e3o durante e ap\u00f3s a pandemia, bem como o efeito dessa pandemia em seus territ\u00f3rios.<\/p>\n<\/div>\n\n\n\n<div class=\"wp-block-column is-vertically-aligned-center is-layout-flow wp-block-column-is-layout-flow\" style=\"flex-basis:33.33%\">\n<figure class=\"wp-block-image aligncenter size-full\"><img loading=\"lazy\" decoding=\"async\" width=\"30\" height=\"40\" src=\"https:\/\/dev-reconexao.fpabramo.org.br\/wp-content\/uploads\/2023\/05\/icon-download.png\" alt=\"\" class=\"wp-image-2248\"\/><\/figure>\n\n\n\n<div style=\"height:20px\" aria-hidden=\"true\" class=\"wp-block-spacer\"><\/div>\n\n\n\n<div class=\"wp-block-buttons is-content-justification-center is-layout-flex wp-container-core-buttons-is-layout-1 wp-block-buttons-is-layout-flex\">\n<div class=\"wp-block-button\"><a class=\"wp-block-button__link has-high-pure-color has-secondary-pure-background-color has-text-color has-background wp-element-button\" href=\"https:\/\/fpabramo.org.br\/wp-content\/uploads\/2022\/09\/FINAL-Apresentacao-da-pesquisa-de-Cultura-e-Sociabilidade.pdf\" style=\"border-radius:8px\" target=\"_blank\" rel=\"noreferrer noopener\">Acesse o relat\u00f3rio completo<\/a><\/div>\n<\/div>\n<\/div>\n<\/div>\n<\/div><\/div>\n\n\n\n<div style=\"height:40px\" aria-hidden=\"true\" class=\"wp-block-spacer\"><\/div>\n\n\n\n<div class=\"wp-block-cover is-light\"><span aria-hidden=\"true\" class=\"wp-block-cover__background has-high-pure-background-color has-background-dim-100 has-background-dim\"><\/span><div class=\"wp-block-cover__inner-container is-layout-flow wp-block-cover-is-layout-flow\">\n<div class=\"wp-block-columns is-layout-flex wp-container-core-columns-is-layout-4 wp-block-columns-is-layout-flex\">\n<div class=\"wp-block-column is-layout-flow wp-block-column-is-layout-flow\" style=\"flex-basis:33.33%\">\n<p class=\"has-text-align-right\"><strong>Ficha t\u00e9cnica da equipe<\/strong><\/p>\n<\/div>\n\n\n\n<div class=\"wp-block-column is-layout-flow wp-block-column-is-layout-flow\" style=\"flex-basis:66.66%\">\n<p>Coordena\u00e7\u00e3o Geral: <strong>Paulo C\u00e9sar Ramos<\/strong><\/p>\n\n\n\n<p>Pesquisadora Respons\u00e1vel pelo Mapeamento: <strong>Victoria Lustosa Braga<\/strong><\/p>\n\n\n\n<p>Respons\u00e1veis pela formula\u00e7\u00e3o do question\u00e1rio: <strong>Jaqueline Lima Santos, Danilo Cardoso, Matheus Toledo, Vilma Bokany, Paulo C\u00e9sar Ramos, Juliana Borges e&nbsp; L\u00e9a Marques<\/strong><\/p>\n\n\n\n<p>Respons\u00e1veis pela coleta de mapeamentos: <strong>Ruan Bernardo, Victoria Lustosa Braga e Marcos Vinicius Rocha<\/strong><\/p>\n\n\n\n<p>Respons\u00e1veis pelo treinamento da\/dos estagi\u00e1ria\/os: <strong>Matheus Toledo e Vilma Bokany<\/strong><\/p>\n\n\n\n<p>Agradecimentos \u00e0 equipe que trabalhou\/t\u00eam trabalhado direta ou indiretamente com o banco:&nbsp;<strong>Artur Henrique, Jaqueline Lima Santos, Paulo C\u00e9sar Ramos, Matheus Tancredo, Vilma Bokany, Sofia Toledo, Juliana Borges, L\u00e9a Marques, Isa\u00edas Dalle, Rose Silva, David da Silva.<\/strong><\/p>\n<\/div>\n<\/div>\n\n\n\n<div class=\"wp-block-columns is-layout-flex wp-container-core-columns-is-layout-5 wp-block-columns-is-layout-flex\">\n<div class=\"wp-block-column is-layout-flow wp-block-column-is-layout-flow\" style=\"flex-basis:33.33%\">\n<p class=\"has-text-align-right\"><strong>Informa\u00e7\u00f5es de contato<\/strong><\/p>\n<\/div>\n\n\n\n<div class=\"wp-block-column is-layout-flow wp-block-column-is-layout-flow\" style=\"flex-basis:66.66%\">\n<p>E-mail: <strong>periferias@fpabramo.org.br<\/strong><br>Fone: <strong>11 5573-3338<\/strong><\/p>\n<\/div>\n<\/div>\n<\/div><\/div>\n\n\n\n<div style=\"height:40px\" aria-hidden=\"true\" class=\"wp-block-spacer\"><\/div>\n","protected":false},"excerpt":{"rendered":"","protected":false},"author":1,"featured_media":0,"parent":0,"menu_order":0,"comment_status":"closed","ping_status":"closed","template":"page-painel-de-dados.php","meta":{"footnotes":"","_related_point":[]},"coauthors":[4],"class_list":["post-2364","page","type-page","status-publish","hentry"],"yoast_head":"<!-- This site is optimized with the Yoast SEO Premium plugin v23.2 (Yoast SEO v23.4) - https:\/\/yoast.com\/wordpress\/plugins\/seo\/ -->\n<title>Cultura pol\u00edtica - Reconex\u00e3o Periferias<\/title>\n<meta name=\"robots\" content=\"index, follow, max-snippet:-1, max-image-preview:large, max-video-preview:-1\" \/>\n<link rel=\"canonical\" href=\"https:\/\/fpabramo.org.br\/reconexaoperiferias\/cultura-politica\/\" \/>\n<meta property=\"og:locale\" content=\"pt_BR\" \/>\n<meta property=\"og:type\" content=\"article\" \/>\n<meta property=\"og:title\" content=\"Cultura pol\u00edtica\" \/>\n<meta property=\"og:url\" content=\"https:\/\/fpabramo.org.br\/reconexaoperiferias\/cultura-politica\/\" \/>\n<meta property=\"og:site_name\" content=\"Reconex\u00e3o Periferias\" \/>\n<meta property=\"article:publisher\" content=\"https:\/\/web.facebook.com\/reconexaoperiferias\/\" \/>\n<meta property=\"article:modified_time\" content=\"2024-09-03T16:18:41+00:00\" \/>\n<meta property=\"og:image\" content=\"https:\/\/fpabramo.org.br\/reconexaoperiferias\/wp-content\/uploads\/2023\/09\/bg-cultuta-e-politica.png\" \/>\n<meta name=\"twitter:card\" content=\"summary_large_image\" \/>\n<meta name=\"twitter:label1\" content=\"Est. tempo de leitura\" \/>\n\t<meta name=\"twitter:data1\" content=\"7 minutos\" \/>\n\t<meta name=\"twitter:label2\" content=\"Written by\" \/>\n\t<meta name=\"twitter:data2\" content=\"hacklab\" \/>\n<script type=\"application\/ld+json\" class=\"yoast-schema-graph\">{\"@context\":\"https:\/\/schema.org\",\"@graph\":[{\"@type\":\"WebPage\",\"@id\":\"https:\/\/fpabramo.org.br\/reconexaoperiferias\/cultura-politica\/\",\"url\":\"https:\/\/fpabramo.org.br\/reconexaoperiferias\/cultura-politica\/\",\"name\":\"Cultura pol\u00edtica - Reconex\u00e3o Periferias\",\"isPartOf\":{\"@id\":\"https:\/\/fpabramo.org.br\/reconexaoperiferias\/#website\"},\"primaryImageOfPage\":{\"@id\":\"https:\/\/fpabramo.org.br\/reconexaoperiferias\/cultura-politica\/#primaryimage\"},\"image\":{\"@id\":\"https:\/\/fpabramo.org.br\/reconexaoperiferias\/cultura-politica\/#primaryimage\"},\"thumbnailUrl\":\"https:\/\/fpabramo.org.br\/reconexaoperiferias\/wp-content\/uploads\/2023\/09\/bg-cultuta-e-politica.png\",\"datePublished\":\"2023-09-05T14:31:19+00:00\",\"dateModified\":\"2024-09-03T16:18:41+00:00\",\"breadcrumb\":{\"@id\":\"https:\/\/fpabramo.org.br\/reconexaoperiferias\/cultura-politica\/#breadcrumb\"},\"inLanguage\":\"pt-BR\",\"potentialAction\":[{\"@type\":\"ReadAction\",\"target\":[\"https:\/\/fpabramo.org.br\/reconexaoperiferias\/cultura-politica\/\"]}]},{\"@type\":\"ImageObject\",\"inLanguage\":\"pt-BR\",\"@id\":\"https:\/\/fpabramo.org.br\/reconexaoperiferias\/cultura-politica\/#primaryimage\",\"url\":\"https:\/\/fpabramo.org.br\/reconexaoperiferias\/wp-content\/uploads\/2023\/09\/bg-cultuta-e-politica.png\",\"contentUrl\":\"https:\/\/fpabramo.org.br\/reconexaoperiferias\/wp-content\/uploads\/2023\/09\/bg-cultuta-e-politica.png\",\"width\":1440,\"height\":370},{\"@type\":\"BreadcrumbList\",\"@id\":\"https:\/\/fpabramo.org.br\/reconexaoperiferias\/cultura-politica\/#breadcrumb\",\"itemListElement\":[{\"@type\":\"ListItem\",\"position\":1,\"name\":\"In\u00edcio\",\"item\":\"https:\/\/fpabramo.org.br\/reconexaoperiferias\/\"},{\"@type\":\"ListItem\",\"position\":2,\"name\":\"Cultura pol\u00edtica\"}]},{\"@type\":\"WebSite\",\"@id\":\"https:\/\/fpabramo.org.br\/reconexaoperiferias\/#website\",\"url\":\"https:\/\/fpabramo.org.br\/reconexaoperiferias\/\",\"name\":\"Reconex\u00e3o Periferias\",\"description\":\"Funda\u00e7\u00e3o Perseu Abramo\",\"publisher\":{\"@id\":\"https:\/\/fpabramo.org.br\/reconexaoperiferias\/#organization\"},\"potentialAction\":[{\"@type\":\"SearchAction\",\"target\":{\"@type\":\"EntryPoint\",\"urlTemplate\":\"https:\/\/fpabramo.org.br\/reconexaoperiferias\/?s={search_term_string}\"},\"query-input\":{\"@type\":\"PropertyValueSpecification\",\"valueRequired\":true,\"valueName\":\"search_term_string\"}}],\"inLanguage\":\"pt-BR\"},{\"@type\":\"Organization\",\"@id\":\"https:\/\/fpabramo.org.br\/reconexaoperiferias\/#organization\",\"name\":\"Reconex\u00e3o Periferias\",\"url\":\"https:\/\/fpabramo.org.br\/reconexaoperiferias\/\",\"logo\":{\"@type\":\"ImageObject\",\"inLanguage\":\"pt-BR\",\"@id\":\"https:\/\/fpabramo.org.br\/reconexaoperiferias\/#\/schema\/logo\/image\/\",\"url\":\"https:\/\/fpabramo.org.br\/reconexaoperiferias\/wp-content\/uploads\/2023\/03\/Frame.png\",\"contentUrl\":\"https:\/\/fpabramo.org.br\/reconexaoperiferias\/wp-content\/uploads\/2023\/03\/Frame.png\",\"width\":312,\"height\":277,\"caption\":\"Reconex\u00e3o Periferias\"},\"image\":{\"@id\":\"https:\/\/fpabramo.org.br\/reconexaoperiferias\/#\/schema\/logo\/image\/\"},\"sameAs\":[\"https:\/\/web.facebook.com\/reconexaoperiferias\/\"]}]}<\/script>\n<!-- \/ Yoast SEO Premium plugin. -->","yoast_head_json":{"title":"Cultura pol\u00edtica - Reconex\u00e3o Periferias","robots":{"index":"index","follow":"follow","max-snippet":"max-snippet:-1","max-image-preview":"max-image-preview:large","max-video-preview":"max-video-preview:-1"},"canonical":"https:\/\/fpabramo.org.br\/reconexaoperiferias\/cultura-politica\/","og_locale":"pt_BR","og_type":"article","og_title":"Cultura pol\u00edtica","og_url":"https:\/\/fpabramo.org.br\/reconexaoperiferias\/cultura-politica\/","og_site_name":"Reconex\u00e3o Periferias","article_publisher":"https:\/\/web.facebook.com\/reconexaoperiferias\/","article_modified_time":"2024-09-03T16:18:41+00:00","og_image":[{"url":"https:\/\/fpabramo.org.br\/reconexaoperiferias\/wp-content\/uploads\/2023\/09\/bg-cultuta-e-politica.png"}],"twitter_card":"summary_large_image","twitter_misc":{"Est. tempo de leitura":"7 minutos","Written by":"hacklab"},"schema":{"@context":"https:\/\/schema.org","@graph":[{"@type":"WebPage","@id":"https:\/\/fpabramo.org.br\/reconexaoperiferias\/cultura-politica\/","url":"https:\/\/fpabramo.org.br\/reconexaoperiferias\/cultura-politica\/","name":"Cultura pol\u00edtica - Reconex\u00e3o Periferias","isPartOf":{"@id":"https:\/\/fpabramo.org.br\/reconexaoperiferias\/#website"},"primaryImageOfPage":{"@id":"https:\/\/fpabramo.org.br\/reconexaoperiferias\/cultura-politica\/#primaryimage"},"image":{"@id":"https:\/\/fpabramo.org.br\/reconexaoperiferias\/cultura-politica\/#primaryimage"},"thumbnailUrl":"https:\/\/fpabramo.org.br\/reconexaoperiferias\/wp-content\/uploads\/2023\/09\/bg-cultuta-e-politica.png","datePublished":"2023-09-05T14:31:19+00:00","dateModified":"2024-09-03T16:18:41+00:00","breadcrumb":{"@id":"https:\/\/fpabramo.org.br\/reconexaoperiferias\/cultura-politica\/#breadcrumb"},"inLanguage":"pt-BR","potentialAction":[{"@type":"ReadAction","target":["https:\/\/fpabramo.org.br\/reconexaoperiferias\/cultura-politica\/"]}]},{"@type":"ImageObject","inLanguage":"pt-BR","@id":"https:\/\/fpabramo.org.br\/reconexaoperiferias\/cultura-politica\/#primaryimage","url":"https:\/\/fpabramo.org.br\/reconexaoperiferias\/wp-content\/uploads\/2023\/09\/bg-cultuta-e-politica.png","contentUrl":"https:\/\/fpabramo.org.br\/reconexaoperiferias\/wp-content\/uploads\/2023\/09\/bg-cultuta-e-politica.png","width":1440,"height":370},{"@type":"BreadcrumbList","@id":"https:\/\/fpabramo.org.br\/reconexaoperiferias\/cultura-politica\/#breadcrumb","itemListElement":[{"@type":"ListItem","position":1,"name":"In\u00edcio","item":"https:\/\/fpabramo.org.br\/reconexaoperiferias\/"},{"@type":"ListItem","position":2,"name":"Cultura pol\u00edtica"}]},{"@type":"WebSite","@id":"https:\/\/fpabramo.org.br\/reconexaoperiferias\/#website","url":"https:\/\/fpabramo.org.br\/reconexaoperiferias\/","name":"Reconex\u00e3o Periferias","description":"Funda\u00e7\u00e3o Perseu Abramo","publisher":{"@id":"https:\/\/fpabramo.org.br\/reconexaoperiferias\/#organization"},"potentialAction":[{"@type":"SearchAction","target":{"@type":"EntryPoint","urlTemplate":"https:\/\/fpabramo.org.br\/reconexaoperiferias\/?s={search_term_string}"},"query-input":{"@type":"PropertyValueSpecification","valueRequired":true,"valueName":"search_term_string"}}],"inLanguage":"pt-BR"},{"@type":"Organization","@id":"https:\/\/fpabramo.org.br\/reconexaoperiferias\/#organization","name":"Reconex\u00e3o Periferias","url":"https:\/\/fpabramo.org.br\/reconexaoperiferias\/","logo":{"@type":"ImageObject","inLanguage":"pt-BR","@id":"https:\/\/fpabramo.org.br\/reconexaoperiferias\/#\/schema\/logo\/image\/","url":"https:\/\/fpabramo.org.br\/reconexaoperiferias\/wp-content\/uploads\/2023\/03\/Frame.png","contentUrl":"https:\/\/fpabramo.org.br\/reconexaoperiferias\/wp-content\/uploads\/2023\/03\/Frame.png","width":312,"height":277,"caption":"Reconex\u00e3o Periferias"},"image":{"@id":"https:\/\/fpabramo.org.br\/reconexaoperiferias\/#\/schema\/logo\/image\/"},"sameAs":["https:\/\/web.facebook.com\/reconexaoperiferias\/"]}]}},"_links":{"self":[{"href":"https:\/\/fpabramo.org.br\/reconexaoperiferias\/wp-json\/wp\/v2\/pages\/2364"}],"collection":[{"href":"https:\/\/fpabramo.org.br\/reconexaoperiferias\/wp-json\/wp\/v2\/pages"}],"about":[{"href":"https:\/\/fpabramo.org.br\/reconexaoperiferias\/wp-json\/wp\/v2\/types\/page"}],"author":[{"embeddable":true,"href":"https:\/\/fpabramo.org.br\/reconexaoperiferias\/wp-json\/wp\/v2\/users\/1"}],"replies":[{"embeddable":true,"href":"https:\/\/fpabramo.org.br\/reconexaoperiferias\/wp-json\/wp\/v2\/comments?post=2364"}],"version-history":[{"count":7,"href":"https:\/\/fpabramo.org.br\/reconexaoperiferias\/wp-json\/wp\/v2\/pages\/2364\/revisions"}],"predecessor-version":[{"id":27044,"href":"https:\/\/fpabramo.org.br\/reconexaoperiferias\/wp-json\/wp\/v2\/pages\/2364\/revisions\/27044"}],"wp:attachment":[{"href":"https:\/\/fpabramo.org.br\/reconexaoperiferias\/wp-json\/wp\/v2\/media?parent=2364"}],"wp:term":[{"taxonomy":"author","embeddable":true,"href":"https:\/\/fpabramo.org.br\/reconexaoperiferias\/wp-json\/wp\/v2\/coauthors?post=2364"}],"curies":[{"name":"wp","href":"https:\/\/api.w.org\/{rel}","templated":true}]}}