{"id":2226,"date":"2023-05-30T20:01:38","date_gmt":"2023-05-30T23:01:38","guid":{"rendered":"https:\/\/fpabramo.org.br\/reconexaoperiferias\/?page_id=2226"},"modified":"2023-06-01T14:59:36","modified_gmt":"2023-06-01T17:59:36","slug":"dados-de-trabalho","status":"publish","type":"page","link":"https:\/\/fpabramo.org.br\/reconexaoperiferias\/dados-de-trabalho\/","title":{"rendered":"Dados de Trabalho"},"content":{"rendered":"\n<div class=\"wp-block-cover alignfull\"><span aria-hidden=\"true\" class=\"wp-block-cover__background has-background-dim\"><\/span><img loading=\"lazy\" decoding=\"async\" width=\"1440\" height=\"370\" class=\"wp-block-cover__image-background wp-image-2232\" alt=\"\" src=\"https:\/\/fpabramo.org.br\/reconexaoperiferias\/wp-content\/uploads\/2023\/05\/bg-painel-de-trabalho.png\" data-object-fit=\"cover\" srcset=\"https:\/\/fpabramo.org.br\/reconexaoperiferias\/wp-content\/uploads\/2023\/05\/bg-painel-de-trabalho.png 1440w, https:\/\/fpabramo.org.br\/reconexaoperiferias\/wp-content\/uploads\/2023\/05\/bg-painel-de-trabalho-300x77.png 300w, https:\/\/fpabramo.org.br\/reconexaoperiferias\/wp-content\/uploads\/2023\/05\/bg-painel-de-trabalho-1024x263.png 1024w, https:\/\/fpabramo.org.br\/reconexaoperiferias\/wp-content\/uploads\/2023\/05\/bg-painel-de-trabalho-768x197.png 768w, https:\/\/fpabramo.org.br\/reconexaoperiferias\/wp-content\/uploads\/2023\/05\/bg-painel-de-trabalho-1200x308.png 1200w\" sizes=\"(max-width: 1440px) 100vw, 1440px\" \/><div class=\"wp-block-cover__inner-container is-layout-flow wp-block-cover-is-layout-flow\">\n<div class=\"wp-block-columns is-layout-flex wp-container-core-columns-is-layout-1 wp-block-columns-is-layout-flex\">\n<div class=\"wp-block-column is-vertically-aligned-center is-layout-flow wp-block-column-is-layout-flow\" style=\"flex-basis:66.66%\">\n<h2 class=\"wp-block-heading has-high-pure-color has-text-color has-really-large-font-size\">Painel de trabalho<\/h2>\n<\/div>\n\n\n\n<div class=\"wp-block-column is-vertically-aligned-center is-layout-flow wp-block-column-is-layout-flow\" style=\"flex-basis:33.33%\">\n<figure class=\"wp-block-image aligncenter size-full\"><img loading=\"lazy\" decoding=\"async\" width=\"273\" height=\"273\" src=\"https:\/\/fpabramo.org.br\/reconexaoperiferias\/wp-content\/uploads\/2023\/05\/icon-painel-trabalho.png\" alt=\"\" class=\"wp-image-2231\" srcset=\"https:\/\/fpabramo.org.br\/reconexaoperiferias\/wp-content\/uploads\/2023\/05\/icon-painel-trabalho.png 273w, https:\/\/fpabramo.org.br\/reconexaoperiferias\/wp-content\/uploads\/2023\/05\/icon-painel-trabalho-150x150.png 150w, https:\/\/fpabramo.org.br\/reconexaoperiferias\/wp-content\/uploads\/2023\/05\/icon-painel-trabalho-200x200.png 200w\" sizes=\"(max-width: 273px) 100vw, 273px\" \/><\/figure>\n<\/div>\n<\/div>\n<\/div><\/div>\n\n\n\n<div class=\"wp-block-cover alignfull is-light\"><span aria-hidden=\"true\" class=\"wp-block-cover__background has-high-pure-background-color has-background-dim-100 has-background-dim\"><\/span><div class=\"wp-block-cover__inner-container is-layout-flow wp-block-cover-is-layout-flow\">\n<div class=\"wp-block-columns are-vertically-aligned-center is-layout-flex wp-container-core-columns-is-layout-2 wp-block-columns-is-layout-flex\">\n<div class=\"wp-block-column is-vertically-aligned-center is-layout-flow wp-block-column-is-layout-flow\" style=\"flex-basis:60%\">\n<h2 class=\"wp-block-heading\" style=\"line-height:1.3\"><strong>Os dados apresentados abaixo s\u00e3o parte do estudo Nas dobras da precariedade:<\/strong><\/h2>\n\n\n\n<p>Desigualdades regionais, de g\u00eanero, ra\u00e7a e classe no trabalho \u201cpor conta pr\u00f3pria\u201d no Brasil &#8211; um olhar para a PNAD Cont\u00ednua, conclu\u00eddo em 5 de abril de 2021.<\/p>\n\n\n\n<p class=\"has-aux-tertiary-pure-color has-text-color has-xxxs-font-size\" style=\"font-style:normal;font-weight:700\">Conferir dados da pesquisa \u201c<a href=\"https:\/\/fpabramo.org.br\/wp-content\/uploads\/2021\/07\/NasDobrasdaPrecariedade.pdf\">Um olhar diacr\u00f4nico sobre os indicadores da PNAD-C (2012 &#8211; 2022)<\/a>\u201d<\/p>\n<\/div>\n\n\n\n<div class=\"wp-block-column is-vertically-aligned-center is-layout-flow wp-block-column-is-layout-flow\" style=\"flex-basis:40%\">\n<figure class=\"wp-block-image aligncenter size-full\"><img loading=\"lazy\" decoding=\"async\" width=\"30\" height=\"40\" src=\"https:\/\/fpabramo.org.br\/reconexaoperiferias\/wp-content\/uploads\/2023\/05\/icon-download.png\" alt=\"\" class=\"wp-image-2248\"\/><\/figure>\n\n\n\n<div style=\"height:20px\" aria-hidden=\"true\" class=\"wp-block-spacer\"><\/div>\n\n\n\n<div class=\"wp-block-buttons is-content-justification-center is-layout-flex wp-container-core-buttons-is-layout-1 wp-block-buttons-is-layout-flex\">\n<div class=\"wp-block-button\"><a class=\"wp-block-button__link has-high-pure-color has-secondary-pure-background-color has-text-color has-background wp-element-button\" href=\"https:\/\/fpabramo.org.br\/publicacoes\/estante\/o-trabalho-por-conta-propria-do-lulismo-a-peste-um-olhar-diacronico-sobre-os-indicadores-da-pnad-c-2012-2022\/\" style=\"border-radius:8px\" target=\"_blank\" rel=\"noreferrer noopener\">Acesse o relat\u00f3rio completo<\/a><\/div>\n<\/div>\n<\/div>\n<\/div>\n<\/div><\/div>\n\n\n\n<div class=\"wp-block-cover is-light\"><span aria-hidden=\"true\" class=\"wp-block-cover__background has-high-pure-background-color has-background-dim-0 has-background-dim\"><\/span><div class=\"wp-block-cover__inner-container is-layout-flow wp-block-cover-is-layout-flow\">\n<div class=\"reconexao-periferias-dados data-by-region\">\n\t<div class=\"container\">\n\t\t<div class=\"infos\">\n\t\t\t\t\t\t\t<h2 class=\"block-title\">Distribui\u00e7\u00e3o dos trabalhadores e trabalhadoras por conta pr\u00f3pria por regi\u00f5es do Brasil<\/h2>\n\t\t\t\n\t\t\t<p class=\"description\">\n\t\t\t\tSelecione o dado que gostaria de visualizar\t\t\t<\/p>\n\n\t\t\t<div class=\"options\">\n\t\t\t\t<div class=\"population\">\n\t\t\t\t\t<button class=\"active\">Distribui\u00e7\u00e3o por popula\u00e7\u00e3o (2019) e PIB (2017)<\/button>\n\t\t\t\t\t<ul>\n\t\t\t\t\t\t<li data-option=\"a1\" class=\"active\"><span class=\"circle\"><\/span>porcentagem dos conta pr\u00f3pria<\/li>\n\t\t\t\t\t\t<li data-option=\"a2\"><span class=\"circle\"><\/span>porcentagem da popula\u00e7\u00e3o<\/li>\n\t\t\t\t\t\t<li data-option=\"a3\"><span class=\"circle\"><\/span>porcentagem do PIB<\/li>\n\t\t\t\t\t<\/ul>\n\t\t\t\t<\/div>\n\n\t\t\t\t<div class=\"income\">\n\t\t\t\t\t<button>Distribui\u00e7\u00e3o por faixa de renda<\/button>\n\t\t\t\t\t<ul>\n\t\t\t\t\t\t<li data-option=\"b1\"><span class=\"circle\"><\/span>At\u00e9 R$ 500<\/li>\n\t\t\t\t\t\t<li data-option=\"b2\"><span class=\"circle\"><\/span>R$ 501 a R$ 1.000<\/li>\n\t\t\t\t\t\t<li data-option=\"b3\"><span class=\"circle\"><\/span>R$ 1.001 a R$ 2.000<\/li>\n\t\t\t\t\t\t<li data-option=\"b4\"><span class=\"circle\"><\/span>R$ 2.001 a R$ 4.000<\/li>\n\t\t\t\t\t\t<li data-option=\"b5\"><span class=\"circle\"><\/span>Acima de R$ 4.000<\/li>\n\t\t\t\t\t<\/ul>\n\t\t\t\t<\/div>\n\t\t\t<\/div>\n\t\t<\/div>\n\t\t<div class=\"map\">\n\t\t\t<div class=\"thumb\">\n\t\t\t\t<img decoding=\"async\" class=\"reveal fade-bottom\" data-zoomable src=\"https:\/\/fpabramo.org.br\/reconexaoperiferias\/wp-content\/plugins\/reconexao-periferias-dados\/blocks\/data-by-region\/assets\/maps\/a1.png\" alt=\"Mapa do Brasil\">\n\t\t\t<\/div>\n\t\t<\/div>\n\t<\/div>\n<\/div>\n<\/div><\/div>\n\n\n\n<div class=\"wp-block-cover is-light\"><span aria-hidden=\"true\" class=\"wp-block-cover__background has-high-pure-background-color has-background-dim-0 has-background-dim\"><\/span><div class=\"wp-block-cover__inner-container is-layout-flow wp-block-cover-is-layout-flow\">\n<div class=\"wp-block-reconexao-periferias-data-self-employed fade-bottom\"><div class=\"block-header\"><h2 class=\"block-heading\">Distribui\u00e7\u00e3o dos conta pr\u00f3pria por setor de atividade (Brasil urbano, 2019)<\/h2><\/div><div class=\"block-container previews\"><div class=\"preview\"><img decoding=\"async\" class=\"reveal\" src=\"https:\/\/fpabramo.org.br\/reconexaoperiferias\/wp-content\/uploads\/2023\/05\/grafico_de_pizza_tabela_desktop.png\"\/><\/div><div class=\"preview is-mobile\"><img decoding=\"async\" class=\"reveal\" data-zoomable=\"true\" src=\"https:\/\/fpabramo.org.br\/reconexaoperiferias\/wp-content\/uploads\/2023\/05\/grafico_de_pizza_tabela_mobile.png\"\/><\/div><\/div><div class=\"block-footer\"><span>Fonte:<\/span><a href=\"https:\/\/fpabramo.org.br\/reconexaoperiferias\/\">IBGE (PNADC). * H\u00e1 ainda 0,03% de atividades mal-definidas.<\/a><\/div><\/div>\n<\/div><\/div>\n\n\n\n<div class=\"wp-block-cover is-light\"><span aria-hidden=\"true\" class=\"wp-block-cover__background has-high-pure-background-color has-background-dim-0 has-background-dim\"><\/span><div class=\"wp-block-cover__inner-container is-layout-flow wp-block-cover-is-layout-flow\">\n<div class=\"wp-block-columns is-layout-flex wp-container-core-columns-is-layout-3 wp-block-columns-is-layout-flex\">\n<div class=\"wp-block-column is-layout-flow wp-block-column-is-layout-flow\">\n<div class=\"wp-block-reconexao-periferias-data-self-employed fade-left\"><div class=\"block-header\"><h2 class=\"block-heading\">Taxa de formaliza\u00e7\u00e3o de conta pr\u00f3pria por escolaridade (Brasil urbano, 2019)<\/h2><\/div><div class=\"block-container previews\"><div class=\"preview\"><img decoding=\"async\" class=\"reveal\" src=\"https:\/\/fpabramo.org.br\/reconexaoperiferias\/wp-content\/uploads\/2023\/05\/grafico_barra_vertical_desktop.png\"\/><\/div><div class=\"preview is-mobile\"><img decoding=\"async\" class=\"reveal\" data-zoomable=\"true\" src=\"https:\/\/fpabramo.org.br\/reconexaoperiferias\/wp-content\/uploads\/2023\/05\/grafico_barra_vertical_mobile.png\"\/><\/div><\/div><div class=\"block-footer\"><span>Fonte:<\/span><a href=\"https:\/\/fpabramo.org.br\/reconexaoperiferias\/\">IBGE (PNADC)<\/a><\/div><\/div>\n<\/div>\n\n\n\n<div class=\"wp-block-column is-layout-flow wp-block-column-is-layout-flow\">\n<div class=\"wp-block-reconexao-periferias-data-self-employed fade-right\"><div class=\"block-header\"><h2 class=\"block-heading\">Taxa de formaliza\u00e7\u00e3o de conta pr\u00f3pria por setor de atividade (Brasil urbano, 2019)<\/h2><\/div><div class=\"block-container previews\"><div class=\"preview\"><img decoding=\"async\" class=\"reveal\" src=\"https:\/\/fpabramo.org.br\/reconexaoperiferias\/wp-content\/uploads\/2023\/05\/Grafico_barra_horizontal_desktop.png\"\/><\/div><div class=\"preview is-mobile\"><img decoding=\"async\" class=\"reveal\" data-zoomable=\"true\" src=\"https:\/\/fpabramo.org.br\/reconexaoperiferias\/wp-content\/uploads\/2023\/05\/Grafico_barra_horizontal_mobile.png\"\/><\/div><\/div><div class=\"block-footer\"><span>Fonte:<\/span><a href=\"https:\/\/fpabramo.org.br\/reconexaoperiferias\/\">IBGE (PNADC)<\/a><\/div><\/div>\n<\/div>\n<\/div>\n<\/div><\/div>\n\n\n\n<div class=\"wp-block-cover is-light\"><span aria-hidden=\"true\" class=\"wp-block-cover__background has-high-pure-background-color has-background-dim-0 has-background-dim\"><\/span><div class=\"wp-block-cover__inner-container is-layout-flow wp-block-cover-is-layout-flow\">\n<div class=\"reconexao-periferias-dados data-distribution-by-sector\">\n\t<div class=\"container\">\n\n\t\t<div class=\"block-header\">\n\t\t\t\t\t\t\t<h2 class=\"block-title\">Distribui\u00e7\u00e3o dos conta pr\u00f3pria por setor de atividade<\/h2>\n\t\t\t\n\t\t\t<div class=\"buttons\">\n\t\t\t\t<span class=\"button active\" data-region=\"todas\">Todas as regi\u00f5es do Brasil<\/span>\n\t\t\t\t<span class=\"button\" data-region=\"norte\">Norte<\/span>\n\t\t\t\t<span class=\"button\" data-region=\"nordeste\">Nordeste<\/span>\n\t\t\t\t<span class=\"button\" data-region=\"centro-oeste\">Centro-oeste<\/span>\n\t\t\t\t<span class=\"button\" data-region=\"sudeste\">Sudeste<\/span>\n\t\t\t\t<span class=\"button\" data-region=\"sul\">Sul<\/span>\n\n\t\t\t\t<span class=\"label\">Selecione uma regi\u00e3o do Brasil<\/span>\n\t\t\t\t<div class=\"select-dropdown\">\n\t\t\t\t\t<select class=\"filter-region\">\n\t\t\t\t\t\t<option value=\"todas\">Todas<\/option>\n\t\t\t\t\t\t<option value=\"norte\">Norte<\/option>\n\t\t\t\t\t\t<option value=\"nordeste\">Nordeste<\/option>\n\t\t\t\t\t\t<option value=\"centro-oeste\">Centro-oeste<\/option>\n\t\t\t\t\t\t<option value=\"sudeste\">Sudeste<\/option>\n\t\t\t\t\t\t<option value=\"sul\">Sul<\/option>\n\t\t\t\t\t<\/select>\n\t\t\t\t<\/div>\n\t\t\t<\/div>\n\n\t\t\t<div class=\"filter\">\n\t\t\t\t<span class=\"label\">Selecione uma faixa de renda<\/span>\n\t\t\t\t<div class=\"select-dropdown\">\n\t\t\t\t\t<select class=\"filter-income\">\n\t\t\t\t\t\t<option value=\"1\">Todas<\/option>\n\t\t\t\t\t\t<option value=\"2\">At\u00e9 R$500<\/option>\n\t\t\t\t\t\t<option value=\"3\">Entre R$ 501 e R$1000<\/option>\n\t\t\t\t\t\t<option value=\"4\">Entre R$ 1001 e R$2000<\/option>\n\t\t\t\t\t\t<option value=\"5\">Entre R$ 2001 e R$4000<\/option>\n\t\t\t\t\t\t<option value=\"6\">Superior a R$4000<\/option>\n\t\t\t\t\t<\/select>\n\t\t\t\t<\/div>\n\t\t\t<\/div>\n\t\t<\/div>\n\n\t\t<div class=\"block-container\">\n\t\t\t<p class=\"description-mobile\">clique no gr\u00e1fico para expandir<\/p>\n\t\t\t<div class=\"graphic\">\n\t\t\t\t<img decoding=\"async\" class=\"reveal fade-right\" data-zoomable src=\"https:\/\/fpabramo.org.br\/reconexaoperiferias\/wp-content\/plugins\/reconexao-periferias-dados\/blocks\/data-distribution-by-sector\/assets\/graphics\/todas_1.png\" alt=\"Gr\u00e1fico\">\n\t\t\t<\/div>\n\t\t<\/div>\n\n\t\t\t\t\t<div class=\"block-footer\">\n\t\t\t\t<span>Fonte:<\/span>\n\t\t\t\t\t\t\t\t\t<span>IBGE (PNADC). * H\u00e1 ainda 0,03% de atividades mal-definidas.<\/span>\n\t\t\t\t\t\t\t<\/div>\n\t\t\t<\/div>\n<\/div>\n<\/div><\/div>\n\n\n\n<div class=\"wp-block-cover alignfull is-light\"><span aria-hidden=\"true\" class=\"wp-block-cover__background has-high-pure-background-color has-background-dim-100 has-background-dim\"><\/span><div class=\"wp-block-cover__inner-container is-layout-flow wp-block-cover-is-layout-flow\">\n<div class=\"wp-block-columns are-vertically-aligned-center is-layout-flex wp-container-core-columns-is-layout-4 wp-block-columns-is-layout-flex\">\n<div class=\"wp-block-column is-vertically-aligned-center is-layout-flow wp-block-column-is-layout-flow\" style=\"flex-basis:60%\">\n<h2 class=\"wp-block-heading\" style=\"line-height:1.3\"><strong>Um olhar diacr\u00f4nico sobre os indicadores da PNAD-C (2012 &#8211; 2022)<\/strong><\/h2>\n\n\n\n<p>Os dados apresentados abaixo s\u00e3o parte do estudo O trabalho por conta pr\u00f3pria do lulismo \u00e0 peste: Um olhar diacr\u00f4nico sobre os indicadores da PNAD-C (2012 &#8211; 2022), publicado em 2023.<\/p>\n\n\n\n<p class=\"has-aux-tertiary-pure-color has-text-color has-xxxs-font-size\"><strong>Voltar ao topo e conferir dados da pesquisa \u201c<a href=\"https:\/\/fpabramo.org.br\/wp-content\/uploads\/2021\/07\/NasDobrasdaPrecariedade.pdf\" target=\"_blank\" rel=\"noreferrer noopener\">Nas dobras da precariedade<\/a>\u201d<\/strong><\/p>\n<\/div>\n\n\n\n<div class=\"wp-block-column is-vertically-aligned-center is-layout-flow wp-block-column-is-layout-flow\" style=\"flex-basis:40%\">\n<figure class=\"wp-block-image aligncenter size-full\"><img loading=\"lazy\" decoding=\"async\" width=\"30\" height=\"40\" src=\"https:\/\/fpabramo.org.br\/reconexaoperiferias\/wp-content\/uploads\/2023\/05\/icon-download.png\" alt=\"\" class=\"wp-image-2248\"\/><\/figure>\n\n\n\n<div style=\"height:20px\" aria-hidden=\"true\" class=\"wp-block-spacer\"><\/div>\n\n\n\n<div class=\"wp-block-buttons is-content-justification-center is-layout-flex wp-container-core-buttons-is-layout-2 wp-block-buttons-is-layout-flex\">\n<div class=\"wp-block-button\"><a class=\"wp-block-button__link has-high-pure-color has-secondary-pure-background-color has-text-color has-background wp-element-button\" href=\"https:\/\/fpabramo.org.br\/publicacoes\/estante\/o-trabalho-por-conta-propria-do-lulismo-a-peste-um-olhar-diacronico-sobre-os-indicadores-da-pnad-c-2012-2022\/\" style=\"border-radius:8px\" target=\"_blank\" rel=\"noreferrer noopener\">Acesse o relat\u00f3rio completo<\/a><\/div>\n<\/div>\n<\/div>\n<\/div>\n<\/div><\/div>\n\n\n\n<div class=\"wp-block-cover is-light\"><span aria-hidden=\"true\" class=\"wp-block-cover__background has-high-pure-background-color has-background-dim-0 has-background-dim\"><\/span><div class=\"wp-block-cover__inner-container is-layout-flow wp-block-cover-is-layout-flow\">\n<div class=\"reconexao-periferias-dados data-labor-market-behavior\">\n\t<div class=\"container\">\n\n\t\t\t\t\t<h2 class=\"block-title\">Comportamento do mercado de trabalho<\/h2>\n\t\t\n\t\t<div class=\"tabs\">\n\t\t\t<span class=\"active\" data-option=\"A\">presen\u00e7a (milh\u00f5es)<\/span>\n\t\t\t<span data-option=\"B\">renda (R$)<\/span>\n\t\t\t<span data-option=\"C\">diferen\u00e7a de renda (%)<\/span>\n\t\t<\/div>\n\n\t\t<div class=\"tab\">\n\t\t\t<div class=\"block-header\">\n\t\t\t\t<h2>Quantidade de trabalhadores e trabalhadoras<\/h2>\n\n\t\t\t\t<div class=\"tabs-mobile\">\n\t\t\t\t\t<div class=\"select-dropdown\">\n\t\t\t\t\t\t<select class=\"filter-region\">\n\t\t\t\t\t\t\t<option value=\"A\" selected>Presen\u00e7a (milh\u00f5es)<\/option>\n\t\t\t\t\t\t\t<option value=\"B\">Renda (R$)<\/option>\n\t\t\t\t\t\t\t<option value=\"C\">Diferen\u00e7a de renda (%)<\/option>\n\t\t\t\t\t\t<\/select>\n\t\t\t\t\t<\/div>\n\t\t\t\t<\/div>\n\n\t\t\t\t<div class=\"buttons\">\n\t\t\t\t\t<span class=\"button active\" data-option=\"1\">Total<\/span>\n\t\t\t\t\t<span class=\"button\" data-option=\"2\">Por g\u00eanero<\/span>\n\t\t\t\t\t<span class=\"button\" data-option=\"3\">Por ra\u00e7a \/ cor<\/span>\n\n\t\t\t\t\t<span class=\"label\">Selecione uma regi\u00e3o do Brasil<\/span>\n\t\t\t\t\t<div class=\"select-dropdown\">\n\t\t\t\t\t\t<select class=\"filter-region\">\n\t\t\t\t\t\t\t<option value=\"1\">Total<\/option>\n\t\t\t\t\t\t\t<option value=\"2\">Por g\u00eanero<\/option>\n\t\t\t\t\t\t\t<option value=\"3\">Por ra\u00e7a \/ cor<\/option>\n\t\t\t\t\t\t<\/select>\n\t\t\t\t\t<\/div>\n\t\t\t\t<\/div>\n\t\t\t<\/div>\n\n\t\t\t<div class=\"block-container\">\n\t\t\t\t<p class=\"description-mobile\">clique no gr\u00e1fico para expandir<\/p>\n\t\t\t\t<div class=\"graphic\">\n\t\t\t\t\t<img decoding=\"async\" class=\"reveal fade-left\" data-zoomable src=\"https:\/\/fpabramo.org.br\/reconexaoperiferias\/wp-content\/plugins\/reconexao-periferias-dados\/blocks\/data-labor-market-behavior\/assets\/graphics\/comportamento_A1.png\" alt=\"Gr\u00e1fico\">\n\t\t\t\t<\/div>\n\t\t\t<\/div>\n\n\t\t\t\t\t\t\t<div class=\"block-footer\">\n\t\t\t\t\t<span>Fonte:<\/span>\n\t\t\t\t\t\t\t\t\t\t\t<span>IBGE (PNADC). * H\u00e1 ainda 0,03% de atividades mal-definidas.<\/span>\n\t\t\t\t\t\t\t\t\t<\/div>\n\t\t\t\t\t<\/div>\n\t<\/div>\n<\/div>\n<\/div><\/div>\n\n\n\n<div class=\"wp-block-cover is-light\"><span aria-hidden=\"true\" class=\"wp-block-cover__background has-high-pure-background-color has-background-dim-0 has-background-dim\"><\/span><div class=\"wp-block-cover__inner-container is-layout-flow wp-block-cover-is-layout-flow\">\n<div class=\"reconexao-periferias-dados data-static-self-employed\">\n\t<div class=\"container\">\n\n\t\t\t\t\t<h2 class=\"block-title\">Trabalho por conta pr\u00f3pria<\/h2>\n\t\t\n\t\t<div class=\"tabs\">\n\t\t\t<span class=\"active\" data-option=\"A\">presen\u00e7a (milh\u00f5es)<\/span>\n\t\t\t<span data-option=\"B\">participa\u00e7\u00e3o (%)<\/span>\n\t\t\t<span data-option=\"C\">renda (R$)<\/span>\n\t\t\t<span data-option=\"D\">diferen\u00e7a de renda (%)<\/span>\n\t\t<\/div>\n\n\t\t<div class=\"tab\">\n\t\t\t<div class=\"block-header\">\n\t\t\t\t<h2>Quantidade de trabalhadores e trabalhadoras<\/h2>\n\n\t\t\t\t<div class=\"tabs-mobile\">\n\t\t\t\t\t<div class=\"select-dropdown\">\n\t\t\t\t\t\t<select class=\"filter-region\">\n\t\t\t\t\t\t\t<option value=\"A\" selected>Presen\u00e7a (milh\u00f5es)<\/option>\n\t\t\t\t\t\t\t<option value=\"B\">Participa\u00e7\u00e3o (%)<\/option>\n\t\t\t\t\t\t\t<option value=\"C\">Renda (R$)<\/option>\n\t\t\t\t\t\t\t<option value=\"D\">Diferen\u00e7a de renda (%)<\/option>\n\t\t\t\t\t\t<\/select>\n\t\t\t\t\t<\/div>\n\t\t\t\t<\/div>\n\n\t\t\t\t<div class=\"buttons\">\n\t\t\t\t\t<span class=\"button active\" data-option=\"1\">Total<\/span>\n\t\t\t\t\t<span class=\"button\" data-option=\"2\">Por g\u00eanero<\/span>\n\t\t\t\t\t<span class=\"button\" data-option=\"3\">Por ra\u00e7a \/ cor<\/span>\n\n\t\t\t\t\t<span class=\"label\">Selecione uma regi\u00e3o do Brasil<\/span>\n\t\t\t\t\t<div class=\"select-dropdown\">\n\t\t\t\t\t\t<select class=\"filter-region\">\n\t\t\t\t\t\t\t<option value=\"1\">Total<\/option>\n\t\t\t\t\t\t\t<option value=\"2\">Por g\u00eanero<\/option>\n\t\t\t\t\t\t\t<option value=\"3\">Por ra\u00e7a \/ cor<\/option>\n\t\t\t\t\t\t<\/select>\n\t\t\t\t\t<\/div>\n\t\t\t\t<\/div>\n\t\t\t<\/div>\n\n\t\t\t<div class=\"block-container\">\n\t\t\t\t<p class=\"description-mobile\">clique no gr\u00e1fico para expandir<\/p>\n\t\t\t\t<div class=\"graphic\">\n\t\t\t\t\t<img decoding=\"async\" class=\"reveal fade-right\" data-zoomable src=\"https:\/\/fpabramo.org.br\/reconexaoperiferias\/wp-content\/plugins\/reconexao-periferias-dados\/blocks\/data-static-self-employed\/assets\/graphics\/presenca_A1.png\" alt=\"Gr\u00e1fico\">\n\t\t\t\t<\/div>\n\t\t\t<\/div>\n\n\t\t\t\t\t\t\t<div class=\"block-footer\">\n\t\t\t\t\t<span>Fonte:<\/span>\n\t\t\t\t\t\t\t\t\t\t\t<span>IBGE (PNADC). * H\u00e1 ainda 0,03% de atividades mal-definidas.<\/span>\n\t\t\t\t\t\t\t\t\t<\/div>\n\t\t\t\t\t<\/div>\n\t<\/div>\n<\/div>\n<\/div><\/div>\n\n\n\n<div class=\"wp-block-cover is-light\"><span aria-hidden=\"true\" class=\"wp-block-cover__background has-high-pure-background-color has-background-dim-0 has-background-dim\"><\/span><div class=\"wp-block-cover__inner-container is-layout-flow wp-block-cover-is-layout-flow\">\n<div class=\"reconexao-periferias-dados data-static-workday\">\n\t<div class=\"container\">\n\n\t\t\t\t\t<h2 class=\"block-title\">Jornada de trabalho<\/h2>\n\t\t\n\t\t<div class=\"tabs\">\n\t\t\t<span class=\"active\" data-option=\"A\">geral (horas)<\/span>\n\t\t\t<span data-option=\"B\">conta pr\u00f3pria (horas)<\/span>\n\t\t<\/div>\n\n\t\t<div class=\"tab\">\n\t\t\t<div class=\"block-header\">\n\t\t\t\t<h2>Quantidade de trabalhadores e trabalhadoras<\/h2>\n\n\t\t\t\t<div class=\"tabs-mobile\">\n\t\t\t\t\t<div class=\"select-dropdown\">\n\t\t\t\t\t\t<select class=\"filter-region\">\n\t\t\t\t\t\t\t<option value=\"A\" selected>Geral (horas)<\/option>\n\t\t\t\t\t\t\t<option value=\"B\">Conta pr\u00f3pria (horas)<\/option>\n\t\t\t\t\t\t<\/select>\n\t\t\t\t\t<\/div>\n\t\t\t\t<\/div>\n\n\t\t\t\t<div class=\"buttons\">\n\t\t\t\t\t<span class=\"button active\" data-option=\"1\">Total<\/span>\n\t\t\t\t\t<span class=\"button\" data-option=\"2\">Por g\u00eanero<\/span>\n\t\t\t\t\t<span class=\"button\" data-option=\"3\">Por ra\u00e7a \/ cor<\/span>\n\n\t\t\t\t\t<span class=\"label\">Selecione uma regi\u00e3o do Brasil<\/span>\n\t\t\t\t\t<div class=\"select-dropdown\">\n\t\t\t\t\t\t<select class=\"filter-region\">\n\t\t\t\t\t\t\t<option value=\"1\">Total<\/option>\n\t\t\t\t\t\t\t<option value=\"2\">Por g\u00eanero<\/option>\n\t\t\t\t\t\t\t<option value=\"3\">Por ra\u00e7a \/ cor<\/option>\n\t\t\t\t\t\t<\/select>\n\t\t\t\t\t<\/div>\n\t\t\t\t<\/div>\n\t\t\t<\/div>\n\n\t\t\t<div class=\"block-container\">\n\t\t\t\t<p class=\"description-mobile\">clique no gr\u00e1fico para expandir<\/p>\n\t\t\t\t<div class=\"graphic\">\n\t\t\t\t\t<img decoding=\"async\" class=\"reveal fade-left\" data-zoomable src=\"https:\/\/fpabramo.org.br\/reconexaoperiferias\/wp-content\/plugins\/reconexao-periferias-dados\/blocks\/data-static-workday\/assets\/graphics\/renda_A1.png\" alt=\"Gr\u00e1fico\">\n\t\t\t\t<\/div>\n\t\t\t<\/div>\n\n\t\t\t\t\t\t\t<div class=\"block-footer\">\n\t\t\t\t\t<span>Fonte:<\/span>\n\t\t\t\t\t\t\t\t\t\t\t<span>IBGE (PNADC). * H\u00e1 ainda 0,03% de atividades mal-definidas.<\/span>\n\t\t\t\t\t\t\t\t\t<\/div>\n\t\t\t\t\t<\/div>\n\t<\/div>\n<\/div>\n<\/div><\/div>\n","protected":false},"excerpt":{"rendered":"","protected":false},"author":1,"featured_media":0,"parent":0,"menu_order":0,"comment_status":"closed","ping_status":"closed","template":"","meta":{"footnotes":"","_related_point":[]},"coauthors":[4],"class_list":["post-2226","page","type-page","status-publish","hentry"],"yoast_head":"<!-- This site is optimized with the Yoast SEO Premium plugin v23.2 (Yoast SEO v23.4) - https:\/\/yoast.com\/wordpress\/plugins\/seo\/ -->\n<title>Dados de Trabalho - Reconex\u00e3o Periferias<\/title>\n<meta name=\"robots\" content=\"index, follow, max-snippet:-1, max-image-preview:large, max-video-preview:-1\" \/>\n<link rel=\"canonical\" href=\"https:\/\/fpabramo.org.br\/reconexaoperiferias\/dados-de-trabalho\/\" \/>\n<meta property=\"og:locale\" content=\"pt_BR\" \/>\n<meta property=\"og:type\" content=\"article\" \/>\n<meta property=\"og:title\" content=\"Dados de Trabalho\" \/>\n<meta property=\"og:url\" content=\"https:\/\/fpabramo.org.br\/reconexaoperiferias\/dados-de-trabalho\/\" \/>\n<meta property=\"og:site_name\" content=\"Reconex\u00e3o Periferias\" \/>\n<meta property=\"article:publisher\" content=\"https:\/\/web.facebook.com\/reconexaoperiferias\/\" \/>\n<meta property=\"article:modified_time\" content=\"2023-06-01T17:59:36+00:00\" \/>\n<meta property=\"og:image\" content=\"https:\/\/fpabramo.org.br\/reconexaoperiferias\/wp-content\/uploads\/2023\/05\/bg-painel-de-trabalho.png\" \/>\n<meta name=\"twitter:card\" content=\"summary_large_image\" \/>\n<meta name=\"twitter:label1\" content=\"Est. tempo de leitura\" \/>\n\t<meta name=\"twitter:data1\" content=\"4 minutos\" \/>\n\t<meta name=\"twitter:label2\" content=\"Written by\" \/>\n\t<meta name=\"twitter:data2\" content=\"hacklab\" \/>\n<script type=\"application\/ld+json\" class=\"yoast-schema-graph\">{\"@context\":\"https:\/\/schema.org\",\"@graph\":[{\"@type\":\"WebPage\",\"@id\":\"https:\/\/fpabramo.org.br\/reconexaoperiferias\/dados-de-trabalho\/\",\"url\":\"https:\/\/fpabramo.org.br\/reconexaoperiferias\/dados-de-trabalho\/\",\"name\":\"Dados de Trabalho - Reconex\u00e3o Periferias\",\"isPartOf\":{\"@id\":\"https:\/\/fpabramo.org.br\/reconexaoperiferias\/#website\"},\"primaryImageOfPage\":{\"@id\":\"https:\/\/fpabramo.org.br\/reconexaoperiferias\/dados-de-trabalho\/#primaryimage\"},\"image\":{\"@id\":\"https:\/\/fpabramo.org.br\/reconexaoperiferias\/dados-de-trabalho\/#primaryimage\"},\"thumbnailUrl\":\"https:\/\/fpabramo.org.br\/reconexaoperiferias\/wp-content\/uploads\/2023\/05\/bg-painel-de-trabalho.png\",\"datePublished\":\"2023-05-30T23:01:38+00:00\",\"dateModified\":\"2023-06-01T17:59:36+00:00\",\"breadcrumb\":{\"@id\":\"https:\/\/fpabramo.org.br\/reconexaoperiferias\/dados-de-trabalho\/#breadcrumb\"},\"inLanguage\":\"pt-BR\",\"potentialAction\":[{\"@type\":\"ReadAction\",\"target\":[\"https:\/\/fpabramo.org.br\/reconexaoperiferias\/dados-de-trabalho\/\"]}]},{\"@type\":\"ImageObject\",\"inLanguage\":\"pt-BR\",\"@id\":\"https:\/\/fpabramo.org.br\/reconexaoperiferias\/dados-de-trabalho\/#primaryimage\",\"url\":\"https:\/\/fpabramo.org.br\/reconexaoperiferias\/wp-content\/uploads\/2023\/05\/bg-painel-de-trabalho.png\",\"contentUrl\":\"https:\/\/fpabramo.org.br\/reconexaoperiferias\/wp-content\/uploads\/2023\/05\/bg-painel-de-trabalho.png\",\"width\":1440,\"height\":370},{\"@type\":\"BreadcrumbList\",\"@id\":\"https:\/\/fpabramo.org.br\/reconexaoperiferias\/dados-de-trabalho\/#breadcrumb\",\"itemListElement\":[{\"@type\":\"ListItem\",\"position\":1,\"name\":\"In\u00edcio\",\"item\":\"https:\/\/fpabramo.org.br\/reconexaoperiferias\/\"},{\"@type\":\"ListItem\",\"position\":2,\"name\":\"Dados de Trabalho\"}]},{\"@type\":\"WebSite\",\"@id\":\"https:\/\/fpabramo.org.br\/reconexaoperiferias\/#website\",\"url\":\"https:\/\/fpabramo.org.br\/reconexaoperiferias\/\",\"name\":\"Reconex\u00e3o Periferias\",\"description\":\"Funda\u00e7\u00e3o Perseu Abramo\",\"publisher\":{\"@id\":\"https:\/\/fpabramo.org.br\/reconexaoperiferias\/#organization\"},\"potentialAction\":[{\"@type\":\"SearchAction\",\"target\":{\"@type\":\"EntryPoint\",\"urlTemplate\":\"https:\/\/fpabramo.org.br\/reconexaoperiferias\/?s={search_term_string}\"},\"query-input\":{\"@type\":\"PropertyValueSpecification\",\"valueRequired\":true,\"valueName\":\"search_term_string\"}}],\"inLanguage\":\"pt-BR\"},{\"@type\":\"Organization\",\"@id\":\"https:\/\/fpabramo.org.br\/reconexaoperiferias\/#organization\",\"name\":\"Reconex\u00e3o Periferias\",\"url\":\"https:\/\/fpabramo.org.br\/reconexaoperiferias\/\",\"logo\":{\"@type\":\"ImageObject\",\"inLanguage\":\"pt-BR\",\"@id\":\"https:\/\/fpabramo.org.br\/reconexaoperiferias\/#\/schema\/logo\/image\/\",\"url\":\"https:\/\/fpabramo.org.br\/reconexaoperiferias\/wp-content\/uploads\/2023\/03\/Frame.png\",\"contentUrl\":\"https:\/\/fpabramo.org.br\/reconexaoperiferias\/wp-content\/uploads\/2023\/03\/Frame.png\",\"width\":312,\"height\":277,\"caption\":\"Reconex\u00e3o Periferias\"},\"image\":{\"@id\":\"https:\/\/fpabramo.org.br\/reconexaoperiferias\/#\/schema\/logo\/image\/\"},\"sameAs\":[\"https:\/\/web.facebook.com\/reconexaoperiferias\/\"]}]}<\/script>\n<!-- \/ Yoast SEO Premium plugin. -->","yoast_head_json":{"title":"Dados de Trabalho - Reconex\u00e3o Periferias","robots":{"index":"index","follow":"follow","max-snippet":"max-snippet:-1","max-image-preview":"max-image-preview:large","max-video-preview":"max-video-preview:-1"},"canonical":"https:\/\/fpabramo.org.br\/reconexaoperiferias\/dados-de-trabalho\/","og_locale":"pt_BR","og_type":"article","og_title":"Dados de Trabalho","og_url":"https:\/\/fpabramo.org.br\/reconexaoperiferias\/dados-de-trabalho\/","og_site_name":"Reconex\u00e3o Periferias","article_publisher":"https:\/\/web.facebook.com\/reconexaoperiferias\/","article_modified_time":"2023-06-01T17:59:36+00:00","og_image":[{"url":"https:\/\/fpabramo.org.br\/reconexaoperiferias\/wp-content\/uploads\/2023\/05\/bg-painel-de-trabalho.png"}],"twitter_card":"summary_large_image","twitter_misc":{"Est. tempo de leitura":"4 minutos","Written by":"hacklab"},"schema":{"@context":"https:\/\/schema.org","@graph":[{"@type":"WebPage","@id":"https:\/\/fpabramo.org.br\/reconexaoperiferias\/dados-de-trabalho\/","url":"https:\/\/fpabramo.org.br\/reconexaoperiferias\/dados-de-trabalho\/","name":"Dados de Trabalho - Reconex\u00e3o Periferias","isPartOf":{"@id":"https:\/\/fpabramo.org.br\/reconexaoperiferias\/#website"},"primaryImageOfPage":{"@id":"https:\/\/fpabramo.org.br\/reconexaoperiferias\/dados-de-trabalho\/#primaryimage"},"image":{"@id":"https:\/\/fpabramo.org.br\/reconexaoperiferias\/dados-de-trabalho\/#primaryimage"},"thumbnailUrl":"https:\/\/fpabramo.org.br\/reconexaoperiferias\/wp-content\/uploads\/2023\/05\/bg-painel-de-trabalho.png","datePublished":"2023-05-30T23:01:38+00:00","dateModified":"2023-06-01T17:59:36+00:00","breadcrumb":{"@id":"https:\/\/fpabramo.org.br\/reconexaoperiferias\/dados-de-trabalho\/#breadcrumb"},"inLanguage":"pt-BR","potentialAction":[{"@type":"ReadAction","target":["https:\/\/fpabramo.org.br\/reconexaoperiferias\/dados-de-trabalho\/"]}]},{"@type":"ImageObject","inLanguage":"pt-BR","@id":"https:\/\/fpabramo.org.br\/reconexaoperiferias\/dados-de-trabalho\/#primaryimage","url":"https:\/\/fpabramo.org.br\/reconexaoperiferias\/wp-content\/uploads\/2023\/05\/bg-painel-de-trabalho.png","contentUrl":"https:\/\/fpabramo.org.br\/reconexaoperiferias\/wp-content\/uploads\/2023\/05\/bg-painel-de-trabalho.png","width":1440,"height":370},{"@type":"BreadcrumbList","@id":"https:\/\/fpabramo.org.br\/reconexaoperiferias\/dados-de-trabalho\/#breadcrumb","itemListElement":[{"@type":"ListItem","position":1,"name":"In\u00edcio","item":"https:\/\/fpabramo.org.br\/reconexaoperiferias\/"},{"@type":"ListItem","position":2,"name":"Dados de Trabalho"}]},{"@type":"WebSite","@id":"https:\/\/fpabramo.org.br\/reconexaoperiferias\/#website","url":"https:\/\/fpabramo.org.br\/reconexaoperiferias\/","name":"Reconex\u00e3o Periferias","description":"Funda\u00e7\u00e3o Perseu Abramo","publisher":{"@id":"https:\/\/fpabramo.org.br\/reconexaoperiferias\/#organization"},"potentialAction":[{"@type":"SearchAction","target":{"@type":"EntryPoint","urlTemplate":"https:\/\/fpabramo.org.br\/reconexaoperiferias\/?s={search_term_string}"},"query-input":{"@type":"PropertyValueSpecification","valueRequired":true,"valueName":"search_term_string"}}],"inLanguage":"pt-BR"},{"@type":"Organization","@id":"https:\/\/fpabramo.org.br\/reconexaoperiferias\/#organization","name":"Reconex\u00e3o Periferias","url":"https:\/\/fpabramo.org.br\/reconexaoperiferias\/","logo":{"@type":"ImageObject","inLanguage":"pt-BR","@id":"https:\/\/fpabramo.org.br\/reconexaoperiferias\/#\/schema\/logo\/image\/","url":"https:\/\/fpabramo.org.br\/reconexaoperiferias\/wp-content\/uploads\/2023\/03\/Frame.png","contentUrl":"https:\/\/fpabramo.org.br\/reconexaoperiferias\/wp-content\/uploads\/2023\/03\/Frame.png","width":312,"height":277,"caption":"Reconex\u00e3o Periferias"},"image":{"@id":"https:\/\/fpabramo.org.br\/reconexaoperiferias\/#\/schema\/logo\/image\/"},"sameAs":["https:\/\/web.facebook.com\/reconexaoperiferias\/"]}]}},"_links":{"self":[{"href":"https:\/\/fpabramo.org.br\/reconexaoperiferias\/wp-json\/wp\/v2\/pages\/2226"}],"collection":[{"href":"https:\/\/fpabramo.org.br\/reconexaoperiferias\/wp-json\/wp\/v2\/pages"}],"about":[{"href":"https:\/\/fpabramo.org.br\/reconexaoperiferias\/wp-json\/wp\/v2\/types\/page"}],"author":[{"embeddable":true,"href":"https:\/\/fpabramo.org.br\/reconexaoperiferias\/wp-json\/wp\/v2\/users\/1"}],"replies":[{"embeddable":true,"href":"https:\/\/fpabramo.org.br\/reconexaoperiferias\/wp-json\/wp\/v2\/comments?post=2226"}],"version-history":[{"count":55,"href":"https:\/\/fpabramo.org.br\/reconexaoperiferias\/wp-json\/wp\/v2\/pages\/2226\/revisions"}],"predecessor-version":[{"id":2350,"href":"https:\/\/fpabramo.org.br\/reconexaoperiferias\/wp-json\/wp\/v2\/pages\/2226\/revisions\/2350"}],"wp:attachment":[{"href":"https:\/\/fpabramo.org.br\/reconexaoperiferias\/wp-json\/wp\/v2\/media?parent=2226"}],"wp:term":[{"taxonomy":"author","embeddable":true,"href":"https:\/\/fpabramo.org.br\/reconexaoperiferias\/wp-json\/wp\/v2\/coauthors?post=2226"}],"curies":[{"name":"wp","href":"https:\/\/api.w.org\/{rel}","templated":true}]}}