{"id":90531,"date":"2026-01-06T11:11:09","date_gmt":"2026-01-06T14:11:09","guid":{"rendered":"https:\/\/fpabramo.org.br\/focusbrasil\/"},"modified":"2026-03-17T09:52:00","modified_gmt":"2026-03-17T12:52:00","slug":"focusbrasil","status":"publish","type":"page","link":"https:\/\/fpabramo.org.br\/es\/focusbrasil\/","title":{"rendered":"Revista Focus"},"content":{"rendered":"\n<div class=\"wp-block-cover alignfull\" style=\"min-height:120px;aspect-ratio:unset;\"><img decoding=\"async\" width=\"1024\" height=\"311\" class=\"wp-block-cover__image-background wp-image-86520 size-large\" alt=\"\" src=\"https:\/\/fpabramo.org.br\/wp-content\/uploads\/2026\/01\/bgFocusSingle-1024x311.png\" style=\"object-position:49% 7%\" data-object-fit=\"cover\" data-object-position=\"49% 7%\" srcset=\"https:\/\/fpabramo.org.br\/wp-content\/uploads\/2026\/01\/bgFocusSingle-1024x311.png 1024w, https:\/\/fpabramo.org.br\/wp-content\/uploads\/2026\/01\/bgFocusSingle-300x91.png 300w, https:\/\/fpabramo.org.br\/wp-content\/uploads\/2026\/01\/bgFocusSingle-768x233.png 768w, https:\/\/fpabramo.org.br\/wp-content\/uploads\/2026\/01\/bgFocusSingle.png 1440w\" sizes=\"(max-width: 1024px) 100vw, 1024px\" \/><span aria-hidden=\"true\" class=\"wp-block-cover__background has-background-dim-0 has-background-dim\"><\/span><div class=\"wp-block-cover__inner-container is-layout-constrained wp-block-cover-is-layout-constrained\">\n<h2 class=\"wp-block-heading alignwide has-text-align-left\" style=\"font-size:40px;font-style:normal;font-weight:500\">Revista Focus Brasil<\/h2>\n<\/div><\/div>\n\n\n\n<div class=\"wp-block-group alignfull featured-magazine has-secondary-pure-background-color has-background is-layout-constrained wp-block-group-is-layout-constrained\">\n<div class=\"wp-block-columns alignwide is-layout-flex wp-container-core-columns-is-layout-28f84493 wp-block-columns-is-layout-flex\">\n<div class=\"wp-block-column is-layout-flow wp-block-column-is-layout-flow\">\n    <div class=\"hacklabr-posts-grid-block -gap-large hacklabr-posts-grid-block--desktop-only\" style=\"--grid-columns: 1\">\n        \n<article id=\"post-ID-115540-69f0b4c07d769\" class=\"post-card post-card--post post-card--horizontal swiper-slide\">\n\n    <header class=\"post-card__image\">\n                 <a href=\"https:\/\/fpabramo.org.br\/es\/comissao-especial-aprova-pec-do-fundo-nacional-de-reparacao-economica-e-de-promocao-da-igualdade-racial\/\" aria-label=\"Comit\u00e9 Especial aprueba Propuesta de Enmienda Constitucional para el Fondo Nacional de Reparaci\u00f3n Econ\u00f3mica y Promoci\u00f3n de la Igualdad Racial.\">\n                            <img decoding=\"async\" width=\"768\" height=\"517\" src=\"https:\/\/fpabramo.org.br\/wp-content\/uploads\/2025\/12\/11-image-40.png\" class=\"attachment-card-large size-card-large wp-post-image\" alt=\"Lideran\u00e7as Negras Sorridentes Celebrando a Representatividade Pol\u00edtica\" srcset=\"https:\/\/fpabramo.org.br\/wp-content\/uploads\/2025\/12\/11-image-40.png 768w, https:\/\/fpabramo.org.br\/wp-content\/uploads\/2025\/12\/11-image-40-300x202.png 300w\" sizes=\"(max-width: 768px) 100vw, 768px\" \/>                    <\/a>\n    <\/header>\n\n    <div class=\"post-card__content\">\n        \n        \n        <h3 class=\"post-card__title\">\n            <a href=\"https:\/\/fpabramo.org.br\/es\/comissao-especial-aprova-pec-do-fundo-nacional-de-reparacao-economica-e-de-promocao-da-igualdade-racial\/\">Comit\u00e9 Especial aprueba Propuesta de Enmienda Constitucional para el Fondo Nacional de Reparaci\u00f3n Econ\u00f3mica y Promoci\u00f3n de la Igualdad Racial.<\/a>\n        <\/h3>\n\n        <div class=\"post-card__meta\">\n\n                            <div class=\"post-card__author\">\n\n                    <span class=\"post-card__by\">\n                        por                    <\/span>\n\n                    <a href=\"https:\/\/fpabramo.org.br\/es\/author\/rose-silva\/\" title=\"Entradas de Rose Silva\" class=\"author url fn\" rel=\"author\">Rose Silva<\/a>\n                <\/div>\n            \n            \n        <\/div>\n\n\n        \n                    <div class=\"post-card__meta post-card__meta--pods\">\n\n                \n\n                <div class=\"post-card__taxonomy post-card__taxonomy--tema\"><a href=\"https:\/\/fpabramo.org.br\/es\/tema\/politica\/\" class=\"post-card__taxonomy-item\">Pol\u00edtica<\/a><\/div>\n            <\/div>\n        \n        \n    <\/div>\n<\/article>\n\n\n<article id=\"post-ID-135066-69f0b4c07ee48\" class=\"post-card post-card--post post-card--horizontal swiper-slide\">\n\n    <header class=\"post-card__image\">\n                 <a href=\"https:\/\/fpabramo.org.br\/es\/operacao-igapo-celulares-pela-janela-e-o-cerco-da-pf-ao-suposto-esquema-de-desvio-de-emendas-parlamentares\/\" aria-label=\"Operaci\u00f3n Igap\u00f3: Celulares tirados por la ventana y represi\u00f3n de la Polic\u00eda Federal contra el presunto esquema de desv\u00edo de enmiendas parlamentarias.\">\n                            <img decoding=\"async\" width=\"1037\" height=\"584\" src=\"https:\/\/fpabramo.org.br\/wp-content\/uploads\/2025\/12\/11-Screenshot-2025-12-16-22.05.42.png\" class=\"attachment-card-large size-card-large wp-post-image\" alt=\"Homem em evento p\u00fablico com plateia em sal\u00e3o cl\u00e1ssico\" srcset=\"https:\/\/fpabramo.org.br\/wp-content\/uploads\/2025\/12\/11-Screenshot-2025-12-16-22.05.42.png 1037w, https:\/\/fpabramo.org.br\/wp-content\/uploads\/2025\/12\/11-Screenshot-2025-12-16-22.05.42-300x169.png 300w, https:\/\/fpabramo.org.br\/wp-content\/uploads\/2025\/12\/11-Screenshot-2025-12-16-22.05.42-1024x577.png 1024w, https:\/\/fpabramo.org.br\/wp-content\/uploads\/2025\/12\/11-Screenshot-2025-12-16-22.05.42-768x433.png 768w\" sizes=\"(max-width: 1037px) 100vw, 1037px\" \/>                    <\/a>\n    <\/header>\n\n    <div class=\"post-card__content\">\n        \n        \n        <h3 class=\"post-card__title\">\n            <a href=\"https:\/\/fpabramo.org.br\/es\/operacao-igapo-celulares-pela-janela-e-o-cerco-da-pf-ao-suposto-esquema-de-desvio-de-emendas-parlamentares\/\">Operaci\u00f3n Igap\u00f3: Celulares tirados por la ventana y represi\u00f3n de la Polic\u00eda Federal contra el presunto esquema de desv\u00edo de enmiendas parlamentarias.<\/a>\n        <\/h3>\n\n        <div class=\"post-card__meta\">\n\n                            <div class=\"post-card__author\">\n\n                    <span class=\"post-card__by\">\n                        por                    <\/span>\n\n                    <a href=\"https:\/\/fpabramo.org.br\/es\/author\/redacao-focus-brasil\/\" title=\"Entradas de Reda\u00e7\u00e3o Focus Brasil\" class=\"author url fn\" rel=\"author\">Reda\u00e7\u00e3o Focus Brasil<\/a>\n                <\/div>\n            \n            \n        <\/div>\n\n\n        \n                    <div class=\"post-card__meta post-card__meta--pods\">\n\n                \n\n                <div class=\"post-card__taxonomy post-card__taxonomy--tema\"><a href=\"https:\/\/fpabramo.org.br\/es\/tema\/politica\/\" class=\"post-card__taxonomy-item\">Pol\u00edtica<\/a><\/div>\n            <\/div>\n        \n        \n    <\/div>\n<\/article>\n\n\n<article id=\"post-ID-135078-69f0b4c080098\" class=\"post-card post-card--post post-card--horizontal swiper-slide\">\n\n    <header class=\"post-card__image\">\n                 <a href=\"https:\/\/fpabramo.org.br\/es\/o-pne-como-pacto-de-estado-e-a-vitoria-da-escuta-social\/\" aria-label=\"El Plan Nacional de Educaci\u00f3n como pacto de Estado y la victoria de la escucha social.\">\n                            <img decoding=\"async\" width=\"1000\" height=\"617\" src=\"https:\/\/fpabramo.org.br\/wp-content\/uploads\/2025\/12\/11-image-35.png\" class=\"attachment-card-large size-card-large wp-post-image\" alt=\"Reuni\u00e3o Parlamentar: Debate Pol\u00edtico e Participa\u00e7\u00e3o Digital\" srcset=\"https:\/\/fpabramo.org.br\/wp-content\/uploads\/2025\/12\/11-image-35.png 1000w, https:\/\/fpabramo.org.br\/wp-content\/uploads\/2025\/12\/11-image-35-300x185.png 300w, https:\/\/fpabramo.org.br\/wp-content\/uploads\/2025\/12\/11-image-35-768x474.png 768w\" sizes=\"(max-width: 1000px) 100vw, 1000px\" \/>                    <\/a>\n    <\/header>\n\n    <div class=\"post-card__content\">\n        \n        \n        <h3 class=\"post-card__title\">\n            <a href=\"https:\/\/fpabramo.org.br\/es\/o-pne-como-pacto-de-estado-e-a-vitoria-da-escuta-social\/\">El Plan Nacional de Educaci\u00f3n como pacto de Estado y la victoria de la escucha social.<\/a>\n        <\/h3>\n\n        <div class=\"post-card__meta\">\n\n                            <div class=\"post-card__author\">\n\n                    <span class=\"post-card__by\">\n                        por                    <\/span>\n\n                    <a href=\"https:\/\/fpabramo.org.br\/es\/author\/fernanda-otero\/\" title=\"Entradas de Fernanda Otero\" class=\"author url fn\" rel=\"author\">Fernanda Otero<\/a>\n                <\/div>\n            \n            \n        <\/div>\n\n\n        \n                    <div class=\"post-card__meta post-card__meta--pods\">\n\n                \n\n                <div class=\"post-card__taxonomy post-card__taxonomy--tema\"><a href=\"https:\/\/fpabramo.org.br\/es\/tema\/sociedad\/\" class=\"post-card__taxonomy-item\">Sociedad<\/a><\/div>\n            <\/div>\n        \n        \n    <\/div>\n<\/article>\n\n    <\/div>\n\n        <div class=\"hacklabr-posts-grid-block--slider -gap-large -tablet\">\n        <script type=\"application\/json\" hidden>{\"a11y\":{\"enabled\":true,\"firstSlideMessage\":\"Esta es la primera diapositiva\",\"lastSlideMessage\":\"Esta es la \\u00faltima diapositiva\",\"nextSlideMessage\":\"Siguiente diapositiva\",\"paginationBulletMessage\":\"Ir a la diapositiva {{index}}\",\"prevSlideMessage\":\"Diapositiva anterior\"},\"autoplay\":false,\"centeredSlides\":false,\"loop\":false,\"navigation\":{\"nextEl\":\".swiper-button-next\",\"prevEl\":\".swiper-button-prev\"},\"pagination\":false,\"rewind\":true,\"slidesPerGroup\":1,\"slidesPerView\":1,\"spaceBetween\":16,\"speed\":300,\"breakpoints\":{\"768\":{\"centeredSlides\":false,\"slidesPerGroup\":1,\"slidesPerView\":1,\"spaceBetween\":16}}}<\/script>\n        <section class=\"swiper\">\n            <div class=\"swiper-wrapper\">\n                            <div class=\"swiper-slide\">\n                \n<article id=\"post-ID-115540-69f0b4c0814a9\" class=\"post-card post-card--post post-card--horizontal swiper-slide\">\n\n    <header class=\"post-card__image\">\n                 <a href=\"https:\/\/fpabramo.org.br\/es\/comissao-especial-aprova-pec-do-fundo-nacional-de-reparacao-economica-e-de-promocao-da-igualdade-racial\/\" aria-label=\"Comit\u00e9 Especial aprueba Propuesta de Enmienda Constitucional para el Fondo Nacional de Reparaci\u00f3n Econ\u00f3mica y Promoci\u00f3n de la Igualdad Racial.\">\n                            <img decoding=\"async\" width=\"768\" height=\"517\" src=\"https:\/\/fpabramo.org.br\/wp-content\/uploads\/2025\/12\/11-image-40.png\" class=\"attachment-card-large size-card-large wp-post-image\" alt=\"Lideran\u00e7as Negras Sorridentes Celebrando a Representatividade Pol\u00edtica\" srcset=\"https:\/\/fpabramo.org.br\/wp-content\/uploads\/2025\/12\/11-image-40.png 768w, https:\/\/fpabramo.org.br\/wp-content\/uploads\/2025\/12\/11-image-40-300x202.png 300w\" sizes=\"(max-width: 768px) 100vw, 768px\" \/>                    <\/a>\n    <\/header>\n\n    <div class=\"post-card__content\">\n        \n        \n        <h3 class=\"post-card__title\">\n            <a href=\"https:\/\/fpabramo.org.br\/es\/comissao-especial-aprova-pec-do-fundo-nacional-de-reparacao-economica-e-de-promocao-da-igualdade-racial\/\">Comit\u00e9 Especial aprueba Propuesta de Enmienda Constitucional para el Fondo Nacional de Reparaci\u00f3n Econ\u00f3mica y Promoci\u00f3n de la Igualdad Racial.<\/a>\n        <\/h3>\n\n        <div class=\"post-card__meta\">\n\n                            <div class=\"post-card__author\">\n\n                    <span class=\"post-card__by\">\n                        por                    <\/span>\n\n                    <a href=\"https:\/\/fpabramo.org.br\/es\/author\/rose-silva\/\" title=\"Entradas de Rose Silva\" class=\"author url fn\" rel=\"author\">Rose Silva<\/a>\n                <\/div>\n            \n            \n        <\/div>\n\n\n        \n                    <div class=\"post-card__meta post-card__meta--pods\">\n\n                \n\n                <div class=\"post-card__taxonomy post-card__taxonomy--tema\"><a href=\"https:\/\/fpabramo.org.br\/es\/tema\/politica\/\" class=\"post-card__taxonomy-item\">Pol\u00edtica<\/a><\/div>\n            <\/div>\n        \n        \n    <\/div>\n<\/article>\n\n                <\/div>\n                            <div class=\"swiper-slide\">\n                \n<article id=\"post-ID-135066-69f0b4c0817a6\" class=\"post-card post-card--post post-card--horizontal swiper-slide\">\n\n    <header class=\"post-card__image\">\n                 <a href=\"https:\/\/fpabramo.org.br\/es\/operacao-igapo-celulares-pela-janela-e-o-cerco-da-pf-ao-suposto-esquema-de-desvio-de-emendas-parlamentares\/\" aria-label=\"Operaci\u00f3n Igap\u00f3: Celulares tirados por la ventana y represi\u00f3n de la Polic\u00eda Federal contra el presunto esquema de desv\u00edo de enmiendas parlamentarias.\">\n                            <img decoding=\"async\" width=\"1037\" height=\"584\" src=\"https:\/\/fpabramo.org.br\/wp-content\/uploads\/2025\/12\/11-Screenshot-2025-12-16-22.05.42.png\" class=\"attachment-card-large size-card-large wp-post-image\" alt=\"Homem em evento p\u00fablico com plateia em sal\u00e3o cl\u00e1ssico\" srcset=\"https:\/\/fpabramo.org.br\/wp-content\/uploads\/2025\/12\/11-Screenshot-2025-12-16-22.05.42.png 1037w, https:\/\/fpabramo.org.br\/wp-content\/uploads\/2025\/12\/11-Screenshot-2025-12-16-22.05.42-300x169.png 300w, https:\/\/fpabramo.org.br\/wp-content\/uploads\/2025\/12\/11-Screenshot-2025-12-16-22.05.42-1024x577.png 1024w, https:\/\/fpabramo.org.br\/wp-content\/uploads\/2025\/12\/11-Screenshot-2025-12-16-22.05.42-768x433.png 768w\" sizes=\"(max-width: 1037px) 100vw, 1037px\" \/>                    <\/a>\n    <\/header>\n\n    <div class=\"post-card__content\">\n        \n        \n        <h3 class=\"post-card__title\">\n            <a href=\"https:\/\/fpabramo.org.br\/es\/operacao-igapo-celulares-pela-janela-e-o-cerco-da-pf-ao-suposto-esquema-de-desvio-de-emendas-parlamentares\/\">Operaci\u00f3n Igap\u00f3: Celulares tirados por la ventana y represi\u00f3n de la Polic\u00eda Federal contra el presunto esquema de desv\u00edo de enmiendas parlamentarias.<\/a>\n        <\/h3>\n\n        <div class=\"post-card__meta\">\n\n                            <div class=\"post-card__author\">\n\n                    <span class=\"post-card__by\">\n                        por                    <\/span>\n\n                    <a href=\"https:\/\/fpabramo.org.br\/es\/author\/redacao-focus-brasil\/\" title=\"Entradas de Reda\u00e7\u00e3o Focus Brasil\" class=\"author url fn\" rel=\"author\">Reda\u00e7\u00e3o Focus Brasil<\/a>\n                <\/div>\n            \n            \n        <\/div>\n\n\n        \n                    <div class=\"post-card__meta post-card__meta--pods\">\n\n                \n\n                <div class=\"post-card__taxonomy post-card__taxonomy--tema\"><a href=\"https:\/\/fpabramo.org.br\/es\/tema\/politica\/\" class=\"post-card__taxonomy-item\">Pol\u00edtica<\/a><\/div>\n            <\/div>\n        \n        \n    <\/div>\n<\/article>\n\n                <\/div>\n                            <div class=\"swiper-slide\">\n                \n<article id=\"post-ID-135078-69f0b4c081a79\" class=\"post-card post-card--post post-card--horizontal swiper-slide\">\n\n    <header class=\"post-card__image\">\n                 <a href=\"https:\/\/fpabramo.org.br\/es\/o-pne-como-pacto-de-estado-e-a-vitoria-da-escuta-social\/\" aria-label=\"El Plan Nacional de Educaci\u00f3n como pacto de Estado y la victoria de la escucha social.\">\n                            <img decoding=\"async\" width=\"1000\" height=\"617\" src=\"https:\/\/fpabramo.org.br\/wp-content\/uploads\/2025\/12\/11-image-35.png\" class=\"attachment-card-large size-card-large wp-post-image\" alt=\"Reuni\u00e3o Parlamentar: Debate Pol\u00edtico e Participa\u00e7\u00e3o Digital\" srcset=\"https:\/\/fpabramo.org.br\/wp-content\/uploads\/2025\/12\/11-image-35.png 1000w, https:\/\/fpabramo.org.br\/wp-content\/uploads\/2025\/12\/11-image-35-300x185.png 300w, https:\/\/fpabramo.org.br\/wp-content\/uploads\/2025\/12\/11-image-35-768x474.png 768w\" sizes=\"(max-width: 1000px) 100vw, 1000px\" \/>                    <\/a>\n    <\/header>\n\n    <div class=\"post-card__content\">\n        \n        \n        <h3 class=\"post-card__title\">\n            <a href=\"https:\/\/fpabramo.org.br\/es\/o-pne-como-pacto-de-estado-e-a-vitoria-da-escuta-social\/\">El Plan Nacional de Educaci\u00f3n como pacto de Estado y la victoria de la escucha social.<\/a>\n        <\/h3>\n\n        <div class=\"post-card__meta\">\n\n                            <div class=\"post-card__author\">\n\n                    <span class=\"post-card__by\">\n                        por                    <\/span>\n\n                    <a href=\"https:\/\/fpabramo.org.br\/es\/author\/fernanda-otero\/\" title=\"Entradas de Fernanda Otero\" class=\"author url fn\" rel=\"author\">Fernanda Otero<\/a>\n                <\/div>\n            \n            \n        <\/div>\n\n\n        \n                    <div class=\"post-card__meta post-card__meta--pods\">\n\n                \n\n                <div class=\"post-card__taxonomy post-card__taxonomy--tema\"><a href=\"https:\/\/fpabramo.org.br\/es\/tema\/sociedad\/\" class=\"post-card__taxonomy-item\">Sociedad<\/a><\/div>\n            <\/div>\n        \n        \n    <\/div>\n<\/article>\n\n                <\/div>\n                        <\/div>\n            <div class=\"swiper-pagination\"><\/div>\n                            <div class=\"swiper-button-prev\">\n                    \n    <svg width=\"40\" height=\"40\" version=\"1.1\" viewBox=\"0 0 40 40\" xmlns=\"http:\/\/www.w3.org\/2000\/svg\">\n        <circle cx=\"20\" cy=\"20\" r=\"20\" fill=\"#fff\"\/>\n        <path d=\"m18.8 20 4.6-4.6-1.4-1.4-6 6 6 6 1.4-1.4z\" fill=\"#1c1b1f\"\/>\n    <\/svg>\n                    <\/div>\n                <div class=\"swiper-button-next\">\n                    \n    <svg width=\"40\" height=\"40\" version=\"1.1\" viewBox=\"0 0 40 40\" xmlns=\"http:\/\/www.w3.org\/2000\/svg\">\n        <circle cx=\"20\" cy=\"20\" r=\"20\" fill=\"#fff\"\/>\n        <path d=\"m20.6 20-4.6-4.6 1.4-1.4 6 6-6 6-1.4-1.4z\" fill=\"#1c1b1f\"\/>\n    <\/svg>\n                    <\/div>\n                    <\/section>\n    <\/div>\n    \n    \n\n\n<div class=\"wp-block-group link-listings is-content-justification-right is-nowrap is-layout-flex wp-container-core-group-is-layout-82baacbd wp-block-group-is-layout-flex\">\n<p class=\"has-text-align-left has-tertiary-dark-color has-text-color has-link-color has-x-small-font-size wp-elements-0029ebf328b4e913f7a3ff32fa472e1e\" style=\"letter-spacing:1.6px;text-transform:uppercase\"><a href=\"https:\/\/fpabramo.org.br\/es\/edicao\/edicion-220-revista-focus\/\">Todas las noticias de esta edici\u00f3n<\/a><\/p>\n\n\n\n<figure class=\"wp-block-image size-full\"><a href=\"https:\/\/fpabramo.org.br\/es\/edicao\/edicion-220-revista-focus\/\"><img decoding=\"async\" src=\"https:\/\/fpabramo.org.br\/wp-content\/uploads\/2025\/10\/east.png\" alt=\"\" class=\"wp-image-228\"\/><\/a><\/figure>\n<\/div>\n<\/div>\n\n\n\n<div class=\"wp-block-column is-layout-flow wp-block-column-is-layout-flow\">\n    <div class=\"hacklabr-posts-grid-block -gap-medium\" style=\"--grid-columns: 1\">\n        \n<article id=\"post-ID-142361-69f0b4c083add\" class=\"post-card post-card--revista  swiper-slide\">\n\n    <header class=\"post-card__image\">\n                            <div class=\"post-card__edicao-revista\">\n\n                                                    <div class=\"revista-edicao-group\">\n                                <span class=\"revista-edicao-label\">\n                                    Edici\u00f3n                                <\/span>\n\n                                <span class=\"revista-edicao revista-edicao-66\">\n                                    66                                <\/span>\n                            <\/div>\n                        \n                                                    <span class=\"revista-mes-ano\">\n                                Janeiro e Fevereiro de 2026                            <\/span>\n                        \n                    <\/div>\n                         <a href=\"https:\/\/fpabramo.org.br\/es\/revista\/reconexao-periferias\/titulo-da-revista-edicao-66-revista-reconexao\/\" aria-label=\"Voto popular e os territ\u00f3rios no centro da pol\u00edtica\">\n                            <img decoding=\"async\" width=\"834\" height=\"487\" src=\"https:\/\/fpabramo.org.br\/wp-content\/uploads\/2026\/02\/banner-capa-revista-reconexao-661.webp\" class=\"attachment-card-large size-card-large wp-post-image\" alt=\"\" srcset=\"https:\/\/fpabramo.org.br\/wp-content\/uploads\/2026\/02\/banner-capa-revista-reconexao-661.webp 834w, https:\/\/fpabramo.org.br\/wp-content\/uploads\/2026\/02\/banner-capa-revista-reconexao-661-300x175.webp 300w, https:\/\/fpabramo.org.br\/wp-content\/uploads\/2026\/02\/banner-capa-revista-reconexao-661-150x88.webp 150w, https:\/\/fpabramo.org.br\/wp-content\/uploads\/2026\/02\/banner-capa-revista-reconexao-661-768x448.webp 768w\" sizes=\"(max-width: 834px) 100vw, 834px\" \/>                    <\/a>\n    <\/header>\n\n    <div class=\"post-card__content\">\n        \n        \n        <h3 class=\"post-card__title\">\n            <a href=\"https:\/\/fpabramo.org.br\/es\/revista\/reconexao-periferias\/titulo-da-revista-edicao-66-revista-reconexao\/\">Voto popular e os territ\u00f3rios no centro da pol\u00edtica<\/a>\n        <\/h3>\n\n        <div class=\"post-card__meta\">\n\n            \n            \n        <\/div>\n\n\n        \n                    <div class=\"post-card__meta post-card__meta--pods\">\n\n                <div class=\"post-card__taxonomy post-card__taxonomy--tipo_material\"><a href=\"https:\/\/fpabramo.org.br\/es\/tipo-material\/revista\/\" class=\"term-badge term-badge--tipo_material term-badge--tipo_material-revista\" style=\"background-color:#006157;border: 1px solid #00bd9d;\">Revista<\/a><\/div>\n\n                <div class=\"post-card__taxonomy post-card__taxonomy--tema\"><a href=\"https:\/\/fpabramo.org.br\/es\/tema\/cultura\/\" class=\"post-card__taxonomy-item\">Cultura<\/a><\/div>\n            <\/div>\n        \n                            <div class=\"post-card__edicao-data\">\n\n                                                    <div class=\"revista-edicao-group\">\n                                <span class=\"revista-edicao-label\">\n                                    Edici\u00f3n                                <\/span>\n\n                                <span class=\"revista-edicao revista-edicao-66\">\n                                    66                                <\/span>\n                            <\/div>\n                                                <span class=\"infos-separator\">|<\/span>\n                                                    <span class=\"revista-mes-ano\">\n                                Janeiro e Fevereiro de 2026                            <\/span>\n                        \n                    <\/div>\n                \n    <\/div>\n<\/article>\n\n    <\/div>\n\n    \n    <\/div>\n<\/div>\n<\/div>\n\n\n\n<div class=\"wp-block-group alignfull has-secondary-light-background-color has-background is-layout-constrained wp-block-group-is-layout-constrained\">\n<div class=\"wp-block-columns alignwide magazine-featured-news is-layout-flex wp-container-core-columns-is-layout-28f84493 wp-block-columns-is-layout-flex\">\n<div class=\"wp-block-column is-layout-flow wp-block-column-is-layout-flow\" style=\"flex-basis:50%\">\n<div class=\"wp-block-group is-nowrap is-layout-flex wp-container-core-group-is-layout-fc054d2d wp-block-group-is-layout-flex\">\n<figure class=\"wp-block-image size-full\"><img decoding=\"async\" src=\"https:\/\/fpabramo.org.br\/wp-content\/uploads\/2025\/10\/newsmode-1.png\" alt=\"\" class=\"wp-image-251\"\/><\/figure>\n\n\n\n<h2 class=\"wp-block-heading has-x-large-font-size\" style=\"font-style:normal;font-weight:700\">Noticias destacadas<\/h2>\n<\/div>\n\n\n\n    <div class=\"hacklabr-posts-grid-block -gap-medium\" style=\"--grid-columns: 1\">\n        \n<article id=\"post-ID-189895-69f0b4c095c63\" class=\"post-card post-card--post  swiper-slide\">\n\n    <header class=\"post-card__image\">\n                 <a href=\"https:\/\/fpabramo.org.br\/es\/cpmi-do-inss-chega-ao-fim-sem-um-relatorio-final\/\" aria-label=\"CPMI do INSS chega ao fim sem um relat\u00f3rio final\">\n                            <img decoding=\"async\" width=\"750\" height=\"500\" src=\"https:\/\/fpabramo.org.br\/wp-content\/uploads\/2026\/03\/cpmi-do-inss-gustavobezerra-1111.webp\" class=\"attachment-card-large size-card-large wp-post-image\" alt=\"\" srcset=\"https:\/\/fpabramo.org.br\/wp-content\/uploads\/2026\/03\/cpmi-do-inss-gustavobezerra-1111.webp 750w, https:\/\/fpabramo.org.br\/wp-content\/uploads\/2026\/03\/cpmi-do-inss-gustavobezerra-1111-300x200.webp 300w, https:\/\/fpabramo.org.br\/wp-content\/uploads\/2026\/03\/cpmi-do-inss-gustavobezerra-1111-150x100.webp 150w\" sizes=\"(max-width: 750px) 100vw, 750px\" \/>                    <\/a>\n    <\/header>\n\n    <div class=\"post-card__content\">\n        \n        \n        <h3 class=\"post-card__title\">\n            <a href=\"https:\/\/fpabramo.org.br\/es\/cpmi-do-inss-chega-ao-fim-sem-um-relatorio-final\/\">CPMI do INSS chega ao fim sem um relat\u00f3rio final<\/a>\n        <\/h3>\n\n        <div class=\"post-card__meta\">\n\n                            <div class=\"post-card__author\">\n\n                    <span class=\"post-card__by\">\n                        por                    <\/span>\n\n                    <a href=\"https:\/\/fpabramo.org.br\/es\/author\/fernanda-otero\/\" title=\"Entradas de Fernanda Otero\" class=\"author url fn\" rel=\"author\">Fernanda Otero<\/a>\n                <\/div>\n            \n            \n        <\/div>\n\n\n                                    <div class=\"post-card__excerpt\">\n                    Comiss\u00e3o encerra sete meses de trabalho sem aprovar parecer final; governistas levar\u00e3o&#8230;                <\/div>\n                    \n                    <div class=\"post-card__meta post-card__meta--pods\">\n\n                \n\n                <div class=\"post-card__taxonomy post-card__taxonomy--tema\"><a href=\"https:\/\/fpabramo.org.br\/es\/tema\/politica\/\" class=\"post-card__taxonomy-item\">Pol\u00edtica<\/a><\/div>\n            <\/div>\n        \n        \n    <\/div>\n<\/article>\n\n    <\/div>\n\n    \n    \n\n\n    <div class=\"hacklabr-posts-grid-block -gap-large\" style=\"--grid-columns: 1\">\n        \n<article id=\"post-ID-189925-69f0b4c0a2be0\" class=\"post-card post-card--post post-card--horizontal swiper-slide\">\n\n    <header class=\"post-card__image\">\n                 <a href=\"https:\/\/fpabramo.org.br\/es\/mesa-5-debate-sobre-soberania-dos-povos\/\" aria-label=\"\u201cOs imperialistas n\u00e3o querem um povo que consiga avan\u00e7ar\u201d, diz Hossein Khaliloo em debate sobre soberania dos povos\">\n                            <img decoding=\"async\" width=\"2778\" height=\"1284\" src=\"https:\/\/fpabramo.org.br\/wp-content\/uploads\/2026\/03\/IMG_1219.webp\" class=\"attachment-card-large size-card-large wp-post-image\" alt=\"\" srcset=\"https:\/\/fpabramo.org.br\/wp-content\/uploads\/2026\/03\/IMG_1219.webp 2778w, https:\/\/fpabramo.org.br\/wp-content\/uploads\/2026\/03\/IMG_1219-300x139.webp 300w, https:\/\/fpabramo.org.br\/wp-content\/uploads\/2026\/03\/IMG_1219-1024x473.webp 1024w, https:\/\/fpabramo.org.br\/wp-content\/uploads\/2026\/03\/IMG_1219-150x69.webp 150w, https:\/\/fpabramo.org.br\/wp-content\/uploads\/2026\/03\/IMG_1219-768x355.webp 768w, https:\/\/fpabramo.org.br\/wp-content\/uploads\/2026\/03\/IMG_1219-1536x710.webp 1536w, https:\/\/fpabramo.org.br\/wp-content\/uploads\/2026\/03\/IMG_1219-2048x947.webp 2048w\" sizes=\"(max-width: 2778px) 100vw, 2778px\" \/>                    <\/a>\n    <\/header>\n\n    <div class=\"post-card__content\">\n        \n        \n        <h3 class=\"post-card__title\">\n            <a href=\"https:\/\/fpabramo.org.br\/es\/mesa-5-debate-sobre-soberania-dos-povos\/\">\u201cOs imperialistas n\u00e3o querem um povo que consiga avan\u00e7ar\u201d, diz Hossein Khaliloo em debate sobre soberania dos povos<\/a>\n        <\/h3>\n\n        <div class=\"post-card__meta\">\n\n                            <div class=\"post-card__author\">\n\n                    <span class=\"post-card__by\">\n                        por                    <\/span>\n\n                    <a href=\"https:\/\/fpabramo.org.br\/es\/author\/fernanda-otero\/\" title=\"Entradas de Fernanda Otero\" class=\"author url fn\" rel=\"author\">Fernanda Otero<\/a>\n                <\/div>\n            \n            \n        <\/div>\n\n\n        \n                    <div class=\"post-card__meta post-card__meta--pods\">\n\n                \n\n                <div class=\"post-card__taxonomy post-card__taxonomy--tema\"><a href=\"https:\/\/fpabramo.org.br\/es\/tema\/politica\/\" class=\"post-card__taxonomy-item\">Pol\u00edtica<\/a><\/div>\n            <\/div>\n        \n        \n    <\/div>\n<\/article>\n\n\n<article id=\"post-ID-135277-69f0b4c0a339a\" class=\"post-card post-card--post post-card--horizontal swiper-slide\">\n\n    <header class=\"post-card__image\">\n                 <a href=\"https:\/\/fpabramo.org.br\/es\/marcha-das-mulheres-negras-queremos-sair-do-fim-da-filatemos-pressa\/\" aria-label=\"Marcha das Mulheres Negras: \u201cQueremos sair do fim da fila,temos pressa\u201d\">\n                            <img decoding=\"async\" width=\"600\" height=\"350\" src=\"https:\/\/fpabramo.org.br\/wp-content\/uploads\/2025\/12\/99-banner-revista-dez-2025-06.jpg\" class=\"attachment-card-large size-card-large wp-post-image\" alt=\"\" srcset=\"https:\/\/fpabramo.org.br\/wp-content\/uploads\/2025\/12\/99-banner-revista-dez-2025-06.jpg 600w, https:\/\/fpabramo.org.br\/wp-content\/uploads\/2025\/12\/99-banner-revista-dez-2025-06-300x175.jpg 300w\" sizes=\"(max-width: 600px) 100vw, 600px\" \/>                    <\/a>\n    <\/header>\n\n    <div class=\"post-card__content\">\n        \n        \n        <h3 class=\"post-card__title\">\n            <a href=\"https:\/\/fpabramo.org.br\/es\/marcha-das-mulheres-negras-queremos-sair-do-fim-da-filatemos-pressa\/\">Marcha das Mulheres Negras: \u201cQueremos sair do fim da fila,temos pressa\u201d<\/a>\n        <\/h3>\n\n        <div class=\"post-card__meta\">\n\n                            <div class=\"post-card__author\">\n\n                    <span class=\"post-card__by\">\n                        por                    <\/span>\n\n                    <a href=\"https:\/\/fpabramo.org.br\/es\/author\/rose-silva\/\" title=\"Entradas de Rose Silva\" class=\"author url fn\" rel=\"author\">Rose Silva<\/a>\n                <\/div>\n            \n            \n        <\/div>\n\n\n        \n                    <div class=\"post-card__meta post-card__meta--pods\">\n\n                \n\n                <div class=\"post-card__taxonomy post-card__taxonomy--tema\"><a href=\"https:\/\/fpabramo.org.br\/es\/tema\/comunicacion\/\" class=\"post-card__taxonomy-item\">Comunicaci\u00f3n<\/a><a href=\"https:\/\/fpabramo.org.br\/es\/tema\/mujer\/\" class=\"post-card__taxonomy-item\">Mujer<\/a><\/div>\n            <\/div>\n        \n        \n    <\/div>\n<\/article>\n\n    <\/div>\n\n    \n    \n\n\n<div class=\"wp-block-group link-listings link-listings-desktop is-content-justification-left is-nowrap is-layout-flex wp-container-core-group-is-layout-adac0f54 wp-block-group-is-layout-flex\">\n<p class=\"has-text-align-left has-tertiary-dark-color has-text-color has-link-color has-x-small-font-size wp-elements-8e151dd263b923a7910336acdbe0a4a4\" style=\"letter-spacing:1.9px;text-transform:uppercase\"><a href=\"https:\/\/fpabramo.org.br\/es\/category\/noticias\/?tax_area=revista-focus\">Todas lAS noticias<\/a><\/p>\n\n\n\n<figure class=\"wp-block-image size-full\"><a href=\"#\"><img decoding=\"async\" src=\"https:\/\/fpabramo.org.br\/wp-content\/uploads\/2025\/10\/east.png\" alt=\"\" class=\"wp-image-228\"\/><\/a><\/figure>\n<\/div>\n<\/div>\n\n\n\n<div class=\"wp-block-column is-layout-flow wp-block-column-is-layout-flow\" style=\"flex-basis:25%\">\n    <div class=\"hacklabr-posts-grid-block -gap-medium\" style=\"--grid-columns: 1\">\n        \n<article id=\"post-ID-188477-69f0b4c0b1a28\" class=\"post-card post-card--post post-card--vertical swiper-slide\">\n\n    <header class=\"post-card__image\">\n                 <a href=\"https:\/\/fpabramo.org.br\/es\/ataques-de-ee-uu-e-israel-contra-iran-aun-no-constituyen-una-amenaza-global-dice-especialista\/\" aria-label=\"Ataques de EE. UU. e Israel contra Ir\u00e1n a\u00fan no constituyen una amenaza global, dice especialista\">\n                            <img decoding=\"async\" width=\"1200\" height=\"800\" src=\"https:\/\/fpabramo.org.br\/wp-content\/uploads\/2026\/03\/TEERA_GettyImages-2263662370.webp\" class=\"attachment-card-large size-card-large wp-post-image\" alt=\"\" srcset=\"https:\/\/fpabramo.org.br\/wp-content\/uploads\/2026\/03\/TEERA_GettyImages-2263662370.webp 1200w, https:\/\/fpabramo.org.br\/wp-content\/uploads\/2026\/03\/TEERA_GettyImages-2263662370-300x200.webp 300w, https:\/\/fpabramo.org.br\/wp-content\/uploads\/2026\/03\/TEERA_GettyImages-2263662370-1024x683.webp 1024w, https:\/\/fpabramo.org.br\/wp-content\/uploads\/2026\/03\/TEERA_GettyImages-2263662370-150x100.webp 150w, https:\/\/fpabramo.org.br\/wp-content\/uploads\/2026\/03\/TEERA_GettyImages-2263662370-768x512.webp 768w\" sizes=\"(max-width: 1200px) 100vw, 1200px\" \/>                    <\/a>\n    <\/header>\n\n    <div class=\"post-card__content\">\n        \n        \n        <h3 class=\"post-card__title\">\n            <a href=\"https:\/\/fpabramo.org.br\/es\/ataques-de-ee-uu-e-israel-contra-iran-aun-no-constituyen-una-amenaza-global-dice-especialista\/\">Ataques de EE. UU. e Israel contra Ir\u00e1n a\u00fan no constituyen una amenaza global, dice especialista<\/a>\n        <\/h3>\n\n        <div class=\"post-card__meta\">\n\n                            <div class=\"post-card__author\">\n\n                    <span class=\"post-card__by\">\n                        por                    <\/span>\n\n                    <a href=\"https:\/\/fpabramo.org.br\/es\/author\/hacklab\/\" title=\"Entradas de hacklab\" class=\"author url fn\" rel=\"author\">hacklab<\/a>\n                <\/div>\n            \n            \n        <\/div>\n\n\n        \n                    <div class=\"post-card__meta post-card__meta--pods\">\n\n                \n\n                \n            <\/div>\n        \n        \n    <\/div>\n<\/article>\n\n\n<article id=\"post-ID-188482-69f0b4c0b231c\" class=\"post-card post-card--post post-card--vertical swiper-slide\">\n\n    <header class=\"post-card__image\">\n                 <a href=\"https:\/\/fpabramo.org.br\/es\/con-la-ausencia-de-brasil-canada-colombia-y-mexico-trump-reune-a-aliados-en-miami-para-lanzar-una-ofensiva-militar-en-las-americas\/\" aria-label=\"Con la ausencia de Brasil, Canad\u00e1, Colombia y M\u00e9xico, Trump re\u00fane a aliados en Miami para lanzar una ofensiva militar en las Am\u00e9ricas\">\n                            <img decoding=\"async\" width=\"1170\" height=\"700\" src=\"https:\/\/fpabramo.org.br\/wp-content\/uploads\/2026\/03\/hc0t_yywmaaedob-1.webp\" class=\"attachment-card-large size-card-large wp-post-image\" alt=\"\" srcset=\"https:\/\/fpabramo.org.br\/wp-content\/uploads\/2026\/03\/hc0t_yywmaaedob-1.webp 1170w, https:\/\/fpabramo.org.br\/wp-content\/uploads\/2026\/03\/hc0t_yywmaaedob-1-300x179.webp 300w, https:\/\/fpabramo.org.br\/wp-content\/uploads\/2026\/03\/hc0t_yywmaaedob-1-1024x613.webp 1024w, https:\/\/fpabramo.org.br\/wp-content\/uploads\/2026\/03\/hc0t_yywmaaedob-1-150x90.webp 150w, https:\/\/fpabramo.org.br\/wp-content\/uploads\/2026\/03\/hc0t_yywmaaedob-1-768x459.webp 768w\" sizes=\"(max-width: 1170px) 100vw, 1170px\" \/>                    <\/a>\n    <\/header>\n\n    <div class=\"post-card__content\">\n        \n        \n        <h3 class=\"post-card__title\">\n            <a href=\"https:\/\/fpabramo.org.br\/es\/con-la-ausencia-de-brasil-canada-colombia-y-mexico-trump-reune-a-aliados-en-miami-para-lanzar-una-ofensiva-militar-en-las-americas\/\">Con la ausencia de Brasil, Canad\u00e1, Colombia y M\u00e9xico, Trump re\u00fane a aliados en Miami para lanzar una ofensiva militar en las Am\u00e9ricas<\/a>\n        <\/h3>\n\n        <div class=\"post-card__meta\">\n\n                            <div class=\"post-card__author\">\n\n                    <span class=\"post-card__by\">\n                        por                    <\/span>\n\n                    <a href=\"https:\/\/fpabramo.org.br\/es\/author\/fernanda-otero\/\" title=\"Entradas de Fernanda Otero\" class=\"author url fn\" rel=\"author\">Fernanda Otero<\/a>\n                <\/div>\n            \n            \n        <\/div>\n\n\n        \n                    <div class=\"post-card__meta post-card__meta--pods\">\n\n                \n\n                \n            <\/div>\n        \n        \n    <\/div>\n<\/article>\n\n\n<article id=\"post-ID-188434-69f0b4c0b297b\" class=\"post-card post-card--post post-card--vertical swiper-slide\">\n\n    <header class=\"post-card__image\">\n                 <a href=\"https:\/\/fpabramo.org.br\/es\/6-anos-de-covid-19-las-cicatrices-de-la-desigualdad-y-del-negacionismo\/\" aria-label=\"6 a\u00f1os de Covid-19: las cicatrices de la desigualdad y del negacionismo\">\n                            <img decoding=\"async\" width=\"960\" height=\"679\" src=\"https:\/\/fpabramo.org.br\/wp-content\/uploads\/2026\/03\/Corona_virus_Covid-19_FC-1.webp\" class=\"attachment-card-large size-card-large wp-post-image\" alt=\"\" srcset=\"https:\/\/fpabramo.org.br\/wp-content\/uploads\/2026\/03\/Corona_virus_Covid-19_FC-1.webp 960w, https:\/\/fpabramo.org.br\/wp-content\/uploads\/2026\/03\/Corona_virus_Covid-19_FC-1-300x212.webp 300w, https:\/\/fpabramo.org.br\/wp-content\/uploads\/2026\/03\/Corona_virus_Covid-19_FC-1-150x106.webp 150w, https:\/\/fpabramo.org.br\/wp-content\/uploads\/2026\/03\/Corona_virus_Covid-19_FC-1-768x543.webp 768w\" sizes=\"(max-width: 960px) 100vw, 960px\" \/>                    <\/a>\n    <\/header>\n\n    <div class=\"post-card__content\">\n        \n        \n        <h3 class=\"post-card__title\">\n            <a href=\"https:\/\/fpabramo.org.br\/es\/6-anos-de-covid-19-las-cicatrices-de-la-desigualdad-y-del-negacionismo\/\">6 a\u00f1os de Covid-19: las cicatrices de la desigualdad y del negacionismo<\/a>\n        <\/h3>\n\n        <div class=\"post-card__meta\">\n\n                            <div class=\"post-card__author\">\n\n                    <span class=\"post-card__by\">\n                        por                    <\/span>\n\n                    <a href=\"https:\/\/fpabramo.org.br\/es\/author\/fernanda-otero\/\" title=\"Entradas de Fernanda Otero\" class=\"author url fn\" rel=\"author\">Fernanda Otero<\/a>\n                <\/div>\n            \n            \n        <\/div>\n\n\n        \n                    <div class=\"post-card__meta post-card__meta--pods\">\n\n                \n\n                \n            <\/div>\n        \n        \n    <\/div>\n<\/article>\n\n\n<article id=\"post-ID-188491-69f0b4c0b2fb4\" class=\"post-card post-card--post post-card--vertical swiper-slide\">\n\n    <header class=\"post-card__image\">\n                 <a href=\"https:\/\/fpabramo.org.br\/es\/incluso-sin-el-oscar-el-agente-secreto-acumula-mas-de-70-premios-nacionales-e-internacionales\/\" aria-label=\"Incluso sin el Oscar, El Agente Secreto acumula m\u00e1s de 70 premios nacionales e internacionales\">\n                            <img decoding=\"async\" width=\"1170\" height=\"700\" src=\"https:\/\/fpabramo.org.br\/wp-content\/uploads\/2026\/03\/2026-03-15t214449z_1582026919_hp-1.webp\" class=\"attachment-card-large size-card-large wp-post-image\" alt=\"\" srcset=\"https:\/\/fpabramo.org.br\/wp-content\/uploads\/2026\/03\/2026-03-15t214449z_1582026919_hp-1.webp 1170w, https:\/\/fpabramo.org.br\/wp-content\/uploads\/2026\/03\/2026-03-15t214449z_1582026919_hp-1-300x179.webp 300w, https:\/\/fpabramo.org.br\/wp-content\/uploads\/2026\/03\/2026-03-15t214449z_1582026919_hp-1-1024x613.webp 1024w, https:\/\/fpabramo.org.br\/wp-content\/uploads\/2026\/03\/2026-03-15t214449z_1582026919_hp-1-150x90.webp 150w, https:\/\/fpabramo.org.br\/wp-content\/uploads\/2026\/03\/2026-03-15t214449z_1582026919_hp-1-768x459.webp 768w\" sizes=\"(max-width: 1170px) 100vw, 1170px\" \/>                    <\/a>\n    <\/header>\n\n    <div class=\"post-card__content\">\n        \n        \n        <h3 class=\"post-card__title\">\n            <a href=\"https:\/\/fpabramo.org.br\/es\/incluso-sin-el-oscar-el-agente-secreto-acumula-mas-de-70-premios-nacionales-e-internacionales\/\">Incluso sin el Oscar, El Agente Secreto acumula m\u00e1s de 70 premios nacionales e internacionales<\/a>\n        <\/h3>\n\n        <div class=\"post-card__meta\">\n\n                            <div class=\"post-card__author\">\n\n                    <span class=\"post-card__by\">\n                        por                    <\/span>\n\n                    <a href=\"https:\/\/fpabramo.org.br\/es\/author\/henrique-f-nunes\/\" title=\"Entradas de Henrique Nunes\" class=\"author url fn\" rel=\"author\">Henrique Nunes<\/a>\n                <\/div>\n            \n            \n        <\/div>\n\n\n        \n                    <div class=\"post-card__meta post-card__meta--pods\">\n\n                \n\n                \n            <\/div>\n        \n        \n    <\/div>\n<\/article>\n\n\n<article id=\"post-ID-188447-69f0b4c0b4753\" class=\"post-card post-card--post post-card--vertical swiper-slide\">\n\n    <header class=\"post-card__image\">\n                 <a href=\"https:\/\/fpabramo.org.br\/es\/los-150-anos-del-telefono-el-aparato-que-cambio-la-comunicacion-del-mundo-y-que-tiene-que-ver-brasil-con-eso\/\" aria-label=\"Los 150 a\u00f1os del tel\u00e9fono, el aparato que cambi\u00f3 la comunicaci\u00f3n del mundo y qu\u00e9 tiene que ver Brasil con eso\">\n                            <img decoding=\"async\" width=\"1024\" height=\"587\" src=\"https:\/\/fpabramo.org.br\/wp-content\/uploads\/2026\/03\/graham_bell.webp\" class=\"attachment-card-large size-card-large wp-post-image\" alt=\"\" srcset=\"https:\/\/fpabramo.org.br\/wp-content\/uploads\/2026\/03\/graham_bell.webp 1024w, https:\/\/fpabramo.org.br\/wp-content\/uploads\/2026\/03\/graham_bell-300x172.webp 300w, https:\/\/fpabramo.org.br\/wp-content\/uploads\/2026\/03\/graham_bell-150x86.webp 150w, https:\/\/fpabramo.org.br\/wp-content\/uploads\/2026\/03\/graham_bell-768x440.webp 768w\" sizes=\"(max-width: 1024px) 100vw, 1024px\" \/>                    <\/a>\n    <\/header>\n\n    <div class=\"post-card__content\">\n        \n        \n        <h3 class=\"post-card__title\">\n            <a href=\"https:\/\/fpabramo.org.br\/es\/los-150-anos-del-telefono-el-aparato-que-cambio-la-comunicacion-del-mundo-y-que-tiene-que-ver-brasil-con-eso\/\">Los 150 a\u00f1os del tel\u00e9fono, el aparato que cambi\u00f3 la comunicaci\u00f3n del mundo y qu\u00e9 tiene que ver Brasil con eso<\/a>\n        <\/h3>\n\n        <div class=\"post-card__meta\">\n\n                            <div class=\"post-card__author\">\n\n                    <span class=\"post-card__by\">\n                        por                    <\/span>\n\n                    <a href=\"https:\/\/fpabramo.org.br\/es\/author\/henrique-f-nunes\/\" title=\"Entradas de Henrique Nunes\" class=\"author url fn\" rel=\"author\">Henrique Nunes<\/a>\n                <\/div>\n            \n            \n        <\/div>\n\n\n        \n                    <div class=\"post-card__meta post-card__meta--pods\">\n\n                \n\n                \n            <\/div>\n        \n        \n    <\/div>\n<\/article>\n\n    <\/div>\n\n    \n    <\/div>\n\n\n\n<div class=\"wp-block-column has-background is-layout-flow wp-block-column-is-layout-flow\" style=\"background:linear-gradient(180deg,rgb(245,245,245) 0%,rgb(255,255,255) 100%);flex-basis:25%\">\n<div class=\"wp-block-group has-primary-dark-background-color has-background is-layout-constrained wp-container-core-group-is-layout-92b9201d wp-block-group-is-layout-constrained\" style=\"border-top-left-radius:16px;border-top-right-radius:16px\">\n<h2 class=\"wp-block-heading has-text-align-center has-secondary-light-color has-text-color has-link-color wp-elements-0d79c93ac9e3b655f0c9606ab020530e\" style=\"font-size:18px;font-style:normal;font-weight:700\">Art\u00edculos<\/h2>\n<\/div>\n\n\n\n    <div class=\"hacklabr-posts-grid-block -gap-medium\" style=\"--grid-columns: 1\">\n        \n<article id=\"post-ID-135183-69f0b4c0b967e\" class=\"post-card post-card--post  swiper-slide\">\n\n    <header class=\"post-card__image\">\n                 <a href=\"https:\/\/fpabramo.org.br\/es\/pt-46-anos-entre-memoria-e-futuro-por-hugo-almeida\/\" aria-label=\"PT, 46 a\u00f1os: Entre la memoria y el futuro, por Hugo Almeida\">\n                            <img decoding=\"async\" width=\"600\" height=\"338\" src=\"https:\/\/fpabramo.org.br\/wp-content\/uploads\/2026\/02\/11-image-26-e1770761278627.png\" class=\"attachment-card-large size-card-large wp-post-image\" alt=\"Lula celebra 46 anos do PT com bolo festivo\" \/>                    <\/a>\n    <\/header>\n\n    <div class=\"post-card__content\">\n        \n        \n        <h3 class=\"post-card__title\">\n            <a href=\"https:\/\/fpabramo.org.br\/es\/pt-46-anos-entre-memoria-e-futuro-por-hugo-almeida\/\">PT, 46 a\u00f1os: Entre la memoria y el futuro, por Hugo Almeida<\/a>\n        <\/h3>\n\n        <div class=\"post-card__meta\">\n\n                            <div class=\"post-card__author\">\n\n                    <span class=\"post-card__by\">\n                        por                    <\/span>\n\n                    <a href=\"https:\/\/fpabramo.org.br\/es\/author\/autor-convidado\/\" title=\"Entradas de Autor Convidado\" class=\"author url fn\" rel=\"author\">Autor Convidado<\/a>\n                <\/div>\n            \n            \n        <\/div>\n\n\n        \n                    <div class=\"post-card__meta post-card__meta--pods\">\n\n                \n\n                <div class=\"post-card__taxonomy post-card__taxonomy--tema\"><a href=\"https:\/\/fpabramo.org.br\/es\/tema\/pt\/\" class=\"post-card__taxonomy-item\">PT<\/a><\/div>\n            <\/div>\n        \n        \n    <\/div>\n<\/article>\n\n\n<article id=\"post-ID-131384-69f0b4c0bb85a\" class=\"post-card post-card--post  swiper-slide\">\n\n    <header class=\"post-card__image\">\n                 <a href=\"https:\/\/fpabramo.org.br\/es\/yu-kongjian-o-arquiteto-das-cidades-esponja-por-j-renato-peneluppi-jr\/\" aria-label=\"Yu Kongjian: o arquiteto das Cidades-Esponja, que fez da natureza sua obra, por: J. Renato Peneluppi Jr.\">\n                            <img decoding=\"async\" width=\"754\" height=\"503\" src=\"https:\/\/fpabramo.org.br\/wp-content\/uploads\/2025\/09\/11-image-77.png\" class=\"attachment-card-large size-card-large wp-post-image\" alt=\"Homem Asi\u00e1tico Palestrante Sorridente em Confer\u00eancia\" srcset=\"https:\/\/fpabramo.org.br\/wp-content\/uploads\/2025\/09\/11-image-77.png 754w, https:\/\/fpabramo.org.br\/wp-content\/uploads\/2025\/09\/11-image-77-300x200.png 300w\" sizes=\"(max-width: 754px) 100vw, 754px\" \/>                    <\/a>\n    <\/header>\n\n    <div class=\"post-card__content\">\n        \n        \n        <h3 class=\"post-card__title\">\n            <a href=\"https:\/\/fpabramo.org.br\/es\/yu-kongjian-o-arquiteto-das-cidades-esponja-por-j-renato-peneluppi-jr\/\">Yu Kongjian: o arquiteto das Cidades-Esponja, que fez da natureza sua obra, por: J. Renato Peneluppi Jr.<\/a>\n        <\/h3>\n\n        <div class=\"post-card__meta\">\n\n                            <div class=\"post-card__author\">\n\n                    <span class=\"post-card__by\">\n                        por                    <\/span>\n\n                    <a href=\"https:\/\/fpabramo.org.br\/es\/author\/autor-convidado\/\" title=\"Entradas de Autor Convidado\" class=\"author url fn\" rel=\"author\">Autor Convidado<\/a>\n                <\/div>\n            \n            \n        <\/div>\n\n\n        \n                    <div class=\"post-card__meta post-card__meta--pods\">\n\n                \n\n                <div class=\"post-card__taxonomy post-card__taxonomy--tema\"><a href=\"https:\/\/fpabramo.org.br\/es\/tema\/internacional\/\" class=\"post-card__taxonomy-item\">Internacional<\/a><\/div>\n            <\/div>\n        \n        \n    <\/div>\n<\/article>\n\n\n<article id=\"post-ID-90420-69f0b4c0bd2f9\" class=\"post-card post-card--post  swiper-slide\">\n\n    <header class=\"post-card__image\">\n                 <a href=\"https:\/\/fpabramo.org.br\/es\/sobre-pablo-marcal-e-a-pesquisa-feita-pela-perseu-abramo-em-2017\/\" aria-label=\"Sobre Pablo Mar\u00e7al e a pesquisa feita pela Perseu Abramo em 2017\">\n                            <img decoding=\"async\" width=\"620\" height=\"350\" src=\"https:\/\/fpabramo.org.br\/wp-content\/uploads\/2024\/09\/11-image-73.png\" class=\"attachment-card-large size-card-large wp-post-image\" alt=\"Palestrante Engajado em Evento Pol\u00edtico-Social\" srcset=\"https:\/\/fpabramo.org.br\/wp-content\/uploads\/2024\/09\/11-image-73.png 620w, https:\/\/fpabramo.org.br\/wp-content\/uploads\/2024\/09\/11-image-73-300x169.png 300w\" sizes=\"(max-width: 620px) 100vw, 620px\" \/>                    <\/a>\n    <\/header>\n\n    <div class=\"post-card__content\">\n        \n        \n        <h3 class=\"post-card__title\">\n            <a href=\"https:\/\/fpabramo.org.br\/es\/sobre-pablo-marcal-e-a-pesquisa-feita-pela-perseu-abramo-em-2017\/\">Sobre Pablo Mar\u00e7al e a pesquisa feita pela Perseu Abramo em 2017<\/a>\n        <\/h3>\n\n        <div class=\"post-card__meta\">\n\n                            <div class=\"post-card__author\">\n\n                    <span class=\"post-card__by\">\n                        por                    <\/span>\n\n                    <a href=\"https:\/\/fpabramo.org.br\/es\/author\/autor-convidado\/\" title=\"Entradas de Autor Convidado\" class=\"author url fn\" rel=\"author\">Autor Convidado<\/a>\n                <\/div>\n            \n            \n        <\/div>\n\n\n        \n                    <div class=\"post-card__meta post-card__meta--pods\">\n\n                <div class=\"post-card__taxonomy post-card__taxonomy--area post-card__taxonomy--capped\"><a href=\"https:\/\/fpabramo.org.br\/es\/focusbrasil\/\" class=\"term-badge term-badge--area term-badge--area-revista-focus\" style=\"background-color:#f7d62f;color:#111111;\">Revista FOCUS<\/a><\/div><div class=\"post-card__taxonomy post-card__taxonomy--projeto post-card__taxonomy--capped\"><a href=\"https:\/\/fpabramo.org.br\/es\/sobre-o-casb\/\" class=\"term-badge term-badge--projeto term-badge--projeto-casb\" style=\"background-color:#a4be50;color:#000000;\">CASB<\/a><\/div>\n\n                \n            <\/div>\n        \n        \n    <\/div>\n<\/article>\n\n    <\/div>\n\n    \n    \n\n\n<div class=\"wp-block-group link-listings is-content-justification-right is-nowrap is-layout-flex wp-container-core-group-is-layout-82baacbd wp-block-group-is-layout-flex\">\n<p class=\"has-text-align-left has-tertiary-dark-color has-text-color has-link-color has-x-small-font-size wp-elements-9d1d4791ac2a0b383b449c79d65af292\" style=\"letter-spacing:1.9px;text-transform:uppercase\"><a href=\"https:\/\/fpabramo.org.br\/es\/category\/articulos\/?tax_area=revista-focus\">mas art\u00edculos<\/a><\/p>\n\n\n\n<figure class=\"wp-block-image size-full\"><a href=\"#\"><img decoding=\"async\" src=\"https:\/\/fpabramo.org.br\/wp-content\/uploads\/2025\/10\/east.png\" alt=\"\" class=\"wp-image-228\"\/><\/a><\/figure>\n<\/div>\n<\/div>\n<\/div>\n<\/div>\n\n\n\n<div class=\"wp-block-group alignwide interview-slider-block is-layout-constrained wp-block-group-is-layout-constrained\">\n<div class=\"wp-block-columns alignwide are-vertically-aligned-center interview-slider-block is-layout-flex wp-container-core-columns-is-layout-28f84493 wp-block-columns-is-layout-flex\">\n<div class=\"wp-block-column is-vertically-aligned-center has-primary-dark-background-color has-background is-layout-flow wp-block-column-is-layout-flow\" style=\"flex-basis:33.33%\">\n<h2 class=\"wp-block-heading has-text-align-center has-secondary-light-color has-text-color has-link-color has-x-large-font-size wp-elements-3094844309a47c09fb9820f0233f829b\">Entrevistas<\/h2>\n\n\n\n<div class=\"wp-block-group is-layout-constrained wp-container-core-group-is-layout-baa7489f wp-block-group-is-layout-constrained\">\n<p class=\"has-text-align-center has-secondary-light-color has-text-color has-link-color has-secondary-font-family has-x-small-font-size wp-elements-004e0d33215dd0508071c57f249f87ad\">Figuras destacadas de la pol\u00edtica, la academia y las artes ofrecen an\u00e1lisis importantes de la realidad brasile\u00f1a.<\/p>\n<\/div>\n<\/div>\n\n\n\n<div class=\"wp-block-column is-vertically-aligned-center is-layout-flow wp-block-column-is-layout-flow\" style=\"flex-basis:66.66%\">\n    <div class=\"hacklabr-posts-slider-block interview-slider\">\n        <script type=\"application\/json\" hidden>{\"a11y\":{\"enabled\":true,\"firstSlideMessage\":\"Esta es la primera diapositiva\",\"lastSlideMessage\":\"Esta es la \\u00faltima diapositiva\",\"nextSlideMessage\":\"Siguiente diapositiva\",\"paginationBulletMessage\":\"Ir a la diapositiva {{index}}\",\"prevSlideMessage\":\"Diapositiva anterior\"},\"autoplay\":false,\"centeredSlides\":false,\"loop\":false,\"navigation\":{\"nextEl\":\".swiper-button-next\",\"prevEl\":\".swiper-button-prev\"},\"pagination\":{\"el\":\".swiper-pagination\"},\"rewind\":true,\"slidesPerGroup\":1,\"slidesPerView\":1,\"spaceBetween\":16,\"speed\":300,\"breakpoints\":{\"768\":{\"centeredSlides\":false,\"slidesPerGroup\":1,\"slidesPerView\":3,\"spaceBetween\":16}}}<\/script>\n        <section class=\"swiper\">\n            <div class=\"swiper-wrapper\">\n                            <div class=\"swiper-slide\">\n                \n<article id=\"post-ID-115524-69f0b4c0c4aba\" class=\"post-card post-card--post  swiper-slide\">\n\n    <header class=\"post-card__image\">\n                 <a href=\"https:\/\/fpabramo.org.br\/es\/sem-disputar-a-sociedade-nao-ha-futuro-politico-defende-paulo-okamotto-que-deixa-a-presidencia-da-fpa\/\" aria-label=\"\u201cSem disputar a sociedade, n\u00e3o h\u00e1 futuro pol\u00edtico\u201d, defende Paulo Okamotto, que deixa a presid\u00eancia da FPA\u00a0\">\n                            <img decoding=\"async\" src=\"https:\/\/fpabramo.org.br\/wp-content\/uploads\/2025\/08\/11-WhatsApp-Image-2025-08-03-at-13.40.38-scaled-e1767730149930.jpeg\" class=\"attachment-card-large size-card-large wp-post-image\" alt=\"Lideran\u00e7a em evento: Muita Coisa Acontecendo\" \/>                    <\/a>\n    <\/header>\n\n    <div class=\"post-card__content\">\n        \n        \n        <h3 class=\"post-card__title\">\n            <a href=\"https:\/\/fpabramo.org.br\/es\/sem-disputar-a-sociedade-nao-ha-futuro-politico-defende-paulo-okamotto-que-deixa-a-presidencia-da-fpa\/\">\u201cSem disputar a sociedade, n\u00e3o h\u00e1 futuro pol\u00edtico\u201d, defende Paulo Okamotto, que deixa a presid\u00eancia da FPA\u00a0<\/a>\n        <\/h3>\n\n        <div class=\"post-card__meta\">\n\n            \n            \n        <\/div>\n\n\n        \n                    <div class=\"post-card__meta post-card__meta--pods\">\n\n                \n\n                <div class=\"post-card__taxonomy post-card__taxonomy--tema\"><a href=\"https:\/\/fpabramo.org.br\/es\/tema\/politica\/\" class=\"post-card__taxonomy-item\">Pol\u00edtica<\/a><\/div>\n            <\/div>\n        \n        \n    <\/div>\n<\/article>\n\n                <\/div>\n                            <div class=\"swiper-slide\">\n                \n<article id=\"post-ID-131334-69f0b4c0c586f\" class=\"post-card post-card--post  swiper-slide\">\n\n    <header class=\"post-card__image\">\n                 <a href=\"https:\/\/fpabramo.org.br\/es\/atlas-da-violencia-mostra-expansao-das-faccoes-em-pequenos-e-medios-municipios\/\" aria-label=\"Atlas da viol\u00eancia mostra expans\u00e3o das fac\u00e7\u00f5es em pequenos e m\u00e9dios munic\u00edpios\">\n                            <img decoding=\"async\" width=\"1170\" height=\"700\" src=\"https:\/\/fpabramo.org.br\/wp-content\/uploads\/2025\/12\/11-image-10.png\" class=\"attachment-card-large size-card-large wp-post-image\" alt=\"Cotidiano Urbano e Presen\u00e7a Policial em Comunidade Brasileira\" srcset=\"https:\/\/fpabramo.org.br\/wp-content\/uploads\/2025\/12\/11-image-10.png 1170w, https:\/\/fpabramo.org.br\/wp-content\/uploads\/2025\/12\/11-image-10-300x179.png 300w, https:\/\/fpabramo.org.br\/wp-content\/uploads\/2025\/12\/11-image-10-1024x613.png 1024w, https:\/\/fpabramo.org.br\/wp-content\/uploads\/2025\/12\/11-image-10-768x459.png 768w\" sizes=\"(max-width: 1170px) 100vw, 1170px\" \/>                    <\/a>\n    <\/header>\n\n    <div class=\"post-card__content\">\n        \n        \n        <h3 class=\"post-card__title\">\n            <a href=\"https:\/\/fpabramo.org.br\/es\/atlas-da-violencia-mostra-expansao-das-faccoes-em-pequenos-e-medios-municipios\/\">Atlas da viol\u00eancia mostra expans\u00e3o das fac\u00e7\u00f5es em pequenos e m\u00e9dios munic\u00edpios<\/a>\n        <\/h3>\n\n        <div class=\"post-card__meta\">\n\n            \n            \n        <\/div>\n\n\n        \n                    <div class=\"post-card__meta post-card__meta--pods\">\n\n                \n\n                <div class=\"post-card__taxonomy post-card__taxonomy--tema\"><a href=\"https:\/\/fpabramo.org.br\/es\/tema\/seguridad-publica\/\" class=\"post-card__taxonomy-item\">Seguridad p\u00fablica<\/a><\/div>\n            <\/div>\n        \n        \n    <\/div>\n<\/article>\n\n                <\/div>\n                        <\/div>\n            <div class=\"swiper-pagination\"><\/div>\n                            <div class=\"swiper-button-prev\">\n                    \n    <svg width=\"40\" height=\"40\" version=\"1.1\" viewBox=\"0 0 40 40\" xmlns=\"http:\/\/www.w3.org\/2000\/svg\">\n        <circle cx=\"20\" cy=\"20\" r=\"20\" fill=\"#fff\"\/>\n        <path d=\"m18.8 20 4.6-4.6-1.4-1.4-6 6 6 6 1.4-1.4z\" fill=\"#1c1b1f\"\/>\n    <\/svg>\n                    <\/div>\n                <div class=\"swiper-button-next\">\n                    \n    <svg width=\"40\" height=\"40\" version=\"1.1\" viewBox=\"0 0 40 40\" xmlns=\"http:\/\/www.w3.org\/2000\/svg\">\n        <circle cx=\"20\" cy=\"20\" r=\"20\" fill=\"#fff\"\/>\n        <path d=\"m20.6 20-4.6-4.6 1.4-1.4 6 6-6 6-1.4-1.4z\" fill=\"#1c1b1f\"\/>\n    <\/svg>\n                    <\/div>\n                    <\/section>\n    <\/div>\n\n    <\/div>\n<\/div>\n\n\n\n<div style=\"height:1px\" aria-hidden=\"true\" class=\"wp-block-spacer\"><\/div>\n\n\n\n<div class=\"wp-block-group link-listings is-content-justification-right is-nowrap is-layout-flex wp-container-core-group-is-layout-82baacbd wp-block-group-is-layout-flex\">\n<p class=\"has-text-align-left has-tertiary-dark-color has-text-color has-link-color has-x-small-font-size wp-elements-18766db604edf7b364a6d79bf262913a\" style=\"letter-spacing:1.9px;text-transform:uppercase\"><a href=\"https:\/\/fpabramo.org.br\/es\/tag\/entrevista\/?tax_area=revista-focus\">mas Entrevistas<\/a><\/p>\n\n\n\n<figure class=\"wp-block-image size-full\"><a href=\"#\"><img decoding=\"async\" src=\"https:\/\/fpabramo.org.br\/wp-content\/uploads\/2025\/10\/east.png\" alt=\"\" class=\"wp-image-228\"\/><\/a><\/figure>\n<\/div>\n<\/div>\n\n\n\n<div style=\"height:20px\" aria-hidden=\"true\" class=\"wp-block-spacer\"><\/div>\n\n\n\n<div class=\"wp-block-cover alignfull destaque-especial\"><img decoding=\"async\" width=\"1024\" height=\"414\" class=\"wp-block-cover__image-background wp-image-86533 size-large\" alt=\"\" src=\"https:\/\/fpabramo.org.br\/wp-content\/uploads\/2026\/01\/Rectangle-703-1024x414.webp\" data-object-fit=\"cover\" srcset=\"https:\/\/fpabramo.org.br\/wp-content\/uploads\/2026\/01\/Rectangle-703-1024x414.webp 1024w, https:\/\/fpabramo.org.br\/wp-content\/uploads\/2026\/01\/Rectangle-703-300x121.webp 300w, https:\/\/fpabramo.org.br\/wp-content\/uploads\/2026\/01\/Rectangle-703-150x61.webp 150w, https:\/\/fpabramo.org.br\/wp-content\/uploads\/2026\/01\/Rectangle-703-768x310.webp 768w, https:\/\/fpabramo.org.br\/wp-content\/uploads\/2026\/01\/Rectangle-703.webp 1440w\" sizes=\"(max-width: 1024px) 100vw, 1024px\" \/><span aria-hidden=\"true\" class=\"wp-block-cover__background has-background-dim-0 has-background-dim\" style=\"background-color:#871013\"><\/span><div class=\"wp-block-cover__inner-container is-layout-constrained wp-block-cover-is-layout-constrained\">\n<div class=\"wp-block-buttons is-content-justification-center is-layout-flex wp-container-core-buttons-is-layout-b5994976 wp-block-buttons-is-layout-flex\">\n<div class=\"wp-block-button\"><a class=\"wp-block-button__link has-tertiary-dark-color has-text-color has-background has-link-color has-small-font-size has-text-align-center has-custom-font-size wp-element-button\" style=\"border-radius:8px;background-color:#fbea93;padding-top:4px;padding-right:8px;padding-bottom:4px;padding-left:8px\">Especial<\/a><\/div>\n<\/div>\n\n\n\n<h2 class=\"wp-block-heading has-text-align-center has-secondary-light-color has-text-color has-link-color wp-elements-68f745ec8d6ed971bcb5b187e7ec3d1e\" style=\"font-size:64px;font-style:normal;font-weight:500\"><a href=\"https:\/\/fpabramo.org.br\/tema\/especial\/\">Por la vida de las mujeres<\/a><\/h2>\n\n\n\n<p class=\"has-text-align-center has-secondary-light-color has-text-color has-link-color has-secondary-font-family has-x-large-font-size wp-elements-626b61d68ddcd44dad25f9bd18aac4d3\" style=\"font-style:normal;font-weight:700\"><a href=\"https:\/\/fpabramo.org.br\/tema\/especial\/\">Los art\u00edculos de Focus Brasil destacan las movilizaciones, las pol\u00edticas p\u00fablicas y los debates centrales en la lucha contra la violencia y por la igualdad.<\/a><\/p>\n<\/div><\/div>\n\n\n\n<div class=\"wp-block-group alignfull videos-block has-background is-content-justification-center is-layout-constrained wp-container-core-group-is-layout-879fea99 wp-block-group-is-layout-constrained\" style=\"background-color:#f5f5f5\">\n<div class=\"wp-block-columns alignwide is-layout-flex wp-container-core-columns-is-layout-28f84493 wp-block-columns-is-layout-flex\">\n<div class=\"wp-block-column is-layout-flow wp-block-column-is-layout-flow\">\n<div class=\"wp-block-group is-nowrap is-layout-flex wp-container-core-group-is-layout-fc054d2d wp-block-group-is-layout-flex\">\n<figure class=\"wp-block-image size-large\"><img decoding=\"async\" src=\"https:\/\/fpabramo.org.br\/wp-content\/uploads\/2026\/03\/live_tv-3.webp\" alt=\"\"\/><\/figure>\n\n\n\n<h2 class=\"wp-block-heading has-tertiary-dark-color has-text-color has-link-color has-x-large-font-size wp-elements-ba13af43f7295fb76b5cb0679a97036e\" style=\"font-style:normal;font-weight:700\">Semana en debate<\/h2>\n<\/div>\n<\/div>\n<\/div>\n\n\n\n<div class=\"wp-block-group alignwide is-layout-constrained wp-container-core-group-is-layout-a4c69c57 wp-block-group-is-layout-constrained\"><div class='video-gallery-block video-gallery--block'><div class=\"video-gallery-block__title\">\n                    <h2><\/h2>\n                    <div class=\"title-line\"><\/div>\n            <\/div><div class='video-gallery-wrapper'><div class=\"video-gallery-block__embed\">\n\t\t\t\t<p><strong>Como montar um grupo de trabalho de base? | S\u00e9rie \u00abComo fazer trabalho de base\u00bb<\/strong><\/p>\n\t\t\t\t<p>Funda\u00e7\u00e3o Perseu Abramo<\/p>\n\t\t\t\t<figure class=\"wp-block-embed is-type-video is-provider-youtube\">\n\t\t\t\t\t<div class=\"wp-block-embed__wrapper\">\n\t\t\t\t\t\t<iframe class=\"lazy-loaded\"\n\t\t\t\t\t\t\tloading=\"lazy\"\n\t\t\t\t\t\t\ttitle=\"Como montar um grupo de trabalho de base? | S\u00e9rie \"Como fazer trabalho de base\"\"\n\t\t\t\t\t\t\tdata-lazy-type=\"iframe\"\n\t\t\t\t\t\t\tdata-src=\"https:\/\/www.youtube-nocookie.com\/embed\/R7BpZRuExcY?origin=https:\/\/fpabramo.org.br\/es\/&#038;showinfo=0&#038;video-id=R7BpZRuExcY&#038;modestbranding=1&#038;rel=0\"\n\t\t\t\t\t\t\tallow=\"accelerometer; autoplay; clipboard-write; encrypted-media; gyroscope; picture-in-picture\"\n\t\t\t\t\t\t\tallowfullscreen=\"\"\n\t\t\t\t\t\t\tsrc=\"https:\/\/www.youtube-nocookie.com\/embed\/R7BpZRuExcY?origin=https:\/\/fpabramo.org.br\/es\/&#038;showinfo=0&#038;video-id=R7BpZRuExcY&#038;modestbranding=1&#038;rel=0\"\n\t\t\t\t\t\t\twidth=\"1200\" height=\"675\" frameborder=\"0\"><\/iframe>\n\n\t\t\t\t\t\t<noscript>\n\t\t\t\t\t\t\t<iframe loading=\"lazy\"\n\t\t\t\t\t\t\t\ttitle=\"Como montar um grupo de trabalho de base? | S\u00e9rie \"Como fazer trabalho de base\"\"\n\t\t\t\t\t\t\t\twidth=\"1200\"\n\t\t\t\t\t\t\t\theight=\"675\"\n\t\t\t\t\t\t\t\tsrc=\"https:\/\/www.youtube-nocookie.com\/embed\/R7BpZRuExcY?origin=https:\/\/fpabramo.org.br\/es\/&#038;showinfo=0&#038;video-id=R7BpZRuExcY&#038;modestbranding=1&#038;rel=0\" frameborder=\"0\"\n\t\t\t\t\t\t\t\tallow=\"accelerometer; autoplay; clipboard-write; encrypted-media; gyroscope; picture-in-picture\" allowfullscreen>\n\t\t\t\t\t\t\t<\/iframe>\n\t\t\t\t\t\t<\/noscript>\n\t\t\t\t\t<\/div>\n\t\t\t\t<\/figure>\n\t\t\t<\/div><div class=\"video-gallery-block__embed\">\n\t\t\t\t<p><strong>Conversa no trabalho de base | S\u00e9rie \u00abComo fazer trabalho de base\u00bb<\/strong><\/p>\n\t\t\t\t<p>Funda\u00e7\u00e3o Perseu Abramo<\/p>\n\t\t\t\t<figure class=\"wp-block-embed is-type-video is-provider-youtube\">\n\t\t\t\t\t<div class=\"wp-block-embed__wrapper\">\n\t\t\t\t\t\t<iframe class=\"lazy-loaded\"\n\t\t\t\t\t\t\tloading=\"lazy\"\n\t\t\t\t\t\t\ttitle=\"Conversa no trabalho de base | S\u00e9rie \"Como fazer trabalho de base\"\"\n\t\t\t\t\t\t\tdata-lazy-type=\"iframe\"\n\t\t\t\t\t\t\tdata-src=\"https:\/\/www.youtube-nocookie.com\/embed\/kjD4lYPVurk?origin=https:\/\/fpabramo.org.br\/es\/&#038;showinfo=0&#038;video-id=kjD4lYPVurk&#038;modestbranding=1&#038;rel=0\"\n\t\t\t\t\t\t\tallow=\"accelerometer; autoplay; clipboard-write; encrypted-media; gyroscope; picture-in-picture\"\n\t\t\t\t\t\t\tallowfullscreen=\"\"\n\t\t\t\t\t\t\tsrc=\"https:\/\/www.youtube-nocookie.com\/embed\/kjD4lYPVurk?origin=https:\/\/fpabramo.org.br\/es\/&#038;showinfo=0&#038;video-id=kjD4lYPVurk&#038;modestbranding=1&#038;rel=0\"\n\t\t\t\t\t\t\twidth=\"1200\" height=\"675\" frameborder=\"0\"><\/iframe>\n\n\t\t\t\t\t\t<noscript>\n\t\t\t\t\t\t\t<iframe loading=\"lazy\"\n\t\t\t\t\t\t\t\ttitle=\"Conversa no trabalho de base | S\u00e9rie \"Como fazer trabalho de base\"\"\n\t\t\t\t\t\t\t\twidth=\"1200\"\n\t\t\t\t\t\t\t\theight=\"675\"\n\t\t\t\t\t\t\t\tsrc=\"https:\/\/www.youtube-nocookie.com\/embed\/kjD4lYPVurk?origin=https:\/\/fpabramo.org.br\/es\/&#038;showinfo=0&#038;video-id=kjD4lYPVurk&#038;modestbranding=1&#038;rel=0\" frameborder=\"0\"\n\t\t\t\t\t\t\t\tallow=\"accelerometer; autoplay; clipboard-write; encrypted-media; gyroscope; picture-in-picture\" allowfullscreen>\n\t\t\t\t\t\t\t<\/iframe>\n\t\t\t\t\t\t<\/noscript>\n\t\t\t\t\t<\/div>\n\t\t\t\t<\/figure>\n\t\t\t<\/div><div class=\"video-gallery-block__embed\">\n\t\t\t\t<p><strong>Trabalho de base na elei\u00e7\u00e3o | S\u00e9rie \u00abComo fazer trabalho de base\u00bb<\/strong><\/p>\n\t\t\t\t<p>Funda\u00e7\u00e3o Perseu Abramo<\/p>\n\t\t\t\t<figure class=\"wp-block-embed is-type-video is-provider-youtube\">\n\t\t\t\t\t<div class=\"wp-block-embed__wrapper\">\n\t\t\t\t\t\t<iframe class=\"lazy-loaded\"\n\t\t\t\t\t\t\tloading=\"lazy\"\n\t\t\t\t\t\t\ttitle=\"Trabalho de base na elei\u00e7\u00e3o | S\u00e9rie \"Como fazer trabalho de base\"\"\n\t\t\t\t\t\t\tdata-lazy-type=\"iframe\"\n\t\t\t\t\t\t\tdata-src=\"https:\/\/www.youtube-nocookie.com\/embed\/Kx49HcOA2ek?origin=https:\/\/fpabramo.org.br\/es\/&#038;showinfo=0&#038;video-id=Kx49HcOA2ek&#038;modestbranding=1&#038;rel=0\"\n\t\t\t\t\t\t\tallow=\"accelerometer; autoplay; clipboard-write; encrypted-media; gyroscope; picture-in-picture\"\n\t\t\t\t\t\t\tallowfullscreen=\"\"\n\t\t\t\t\t\t\tsrc=\"https:\/\/www.youtube-nocookie.com\/embed\/Kx49HcOA2ek?origin=https:\/\/fpabramo.org.br\/es\/&#038;showinfo=0&#038;video-id=Kx49HcOA2ek&#038;modestbranding=1&#038;rel=0\"\n\t\t\t\t\t\t\twidth=\"1200\" height=\"675\" frameborder=\"0\"><\/iframe>\n\n\t\t\t\t\t\t<noscript>\n\t\t\t\t\t\t\t<iframe loading=\"lazy\"\n\t\t\t\t\t\t\t\ttitle=\"Trabalho de base na elei\u00e7\u00e3o | S\u00e9rie \"Como fazer trabalho de base\"\"\n\t\t\t\t\t\t\t\twidth=\"1200\"\n\t\t\t\t\t\t\t\theight=\"675\"\n\t\t\t\t\t\t\t\tsrc=\"https:\/\/www.youtube-nocookie.com\/embed\/Kx49HcOA2ek?origin=https:\/\/fpabramo.org.br\/es\/&#038;showinfo=0&#038;video-id=Kx49HcOA2ek&#038;modestbranding=1&#038;rel=0\" frameborder=\"0\"\n\t\t\t\t\t\t\t\tallow=\"accelerometer; autoplay; clipboard-write; encrypted-media; gyroscope; picture-in-picture\" allowfullscreen>\n\t\t\t\t\t\t\t<\/iframe>\n\t\t\t\t\t\t<\/noscript>\n\t\t\t\t\t<\/div>\n\t\t\t\t<\/figure>\n\t\t\t<\/div><div class=\"video-gallery-block__embed\">\n\t\t\t\t<p><strong>Trabalho de base na rua | S\u00e9rie \u00abComo fazer trabalho de base\u00bb<\/strong><\/p>\n\t\t\t\t<p>Funda\u00e7\u00e3o Perseu Abramo<\/p>\n\t\t\t\t<figure class=\"wp-block-embed is-type-video is-provider-youtube\">\n\t\t\t\t\t<div class=\"wp-block-embed__wrapper\">\n\t\t\t\t\t\t<iframe class=\"lazy-loaded\"\n\t\t\t\t\t\t\tloading=\"lazy\"\n\t\t\t\t\t\t\ttitle=\"Trabalho de base na rua | S\u00e9rie \"Como fazer trabalho de base\"\"\n\t\t\t\t\t\t\tdata-lazy-type=\"iframe\"\n\t\t\t\t\t\t\tdata-src=\"https:\/\/www.youtube-nocookie.com\/embed\/6jmJ6iABETM?origin=https:\/\/fpabramo.org.br\/es\/&#038;showinfo=0&#038;video-id=6jmJ6iABETM&#038;modestbranding=1&#038;rel=0\"\n\t\t\t\t\t\t\tallow=\"accelerometer; autoplay; clipboard-write; encrypted-media; gyroscope; picture-in-picture\"\n\t\t\t\t\t\t\tallowfullscreen=\"\"\n\t\t\t\t\t\t\tsrc=\"https:\/\/www.youtube-nocookie.com\/embed\/6jmJ6iABETM?origin=https:\/\/fpabramo.org.br\/es\/&#038;showinfo=0&#038;video-id=6jmJ6iABETM&#038;modestbranding=1&#038;rel=0\"\n\t\t\t\t\t\t\twidth=\"1200\" height=\"675\" frameborder=\"0\"><\/iframe>\n\n\t\t\t\t\t\t<noscript>\n\t\t\t\t\t\t\t<iframe loading=\"lazy\"\n\t\t\t\t\t\t\t\ttitle=\"Trabalho de base na rua | S\u00e9rie \"Como fazer trabalho de base\"\"\n\t\t\t\t\t\t\t\twidth=\"1200\"\n\t\t\t\t\t\t\t\theight=\"675\"\n\t\t\t\t\t\t\t\tsrc=\"https:\/\/www.youtube-nocookie.com\/embed\/6jmJ6iABETM?origin=https:\/\/fpabramo.org.br\/es\/&#038;showinfo=0&#038;video-id=6jmJ6iABETM&#038;modestbranding=1&#038;rel=0\" frameborder=\"0\"\n\t\t\t\t\t\t\t\tallow=\"accelerometer; autoplay; clipboard-write; encrypted-media; gyroscope; picture-in-picture\" allowfullscreen>\n\t\t\t\t\t\t\t<\/iframe>\n\t\t\t\t\t\t<\/noscript>\n\t\t\t\t\t<\/div>\n\t\t\t\t<\/figure>\n\t\t\t<\/div><div class=\"video-gallery-block__embed\">\n\t\t\t\t<p><strong>Trabalho de base digital | S\u00e9rie \u00abComo fazer trabalho de base\u00bb<\/strong><\/p>\n\t\t\t\t<p>Funda\u00e7\u00e3o Perseu Abramo<\/p>\n\t\t\t\t<figure class=\"wp-block-embed is-type-video is-provider-youtube\">\n\t\t\t\t\t<div class=\"wp-block-embed__wrapper\">\n\t\t\t\t\t\t<iframe class=\"lazy-loaded\"\n\t\t\t\t\t\t\tloading=\"lazy\"\n\t\t\t\t\t\t\ttitle=\"Trabalho de base digital | S\u00e9rie \"Como fazer trabalho de base\"\"\n\t\t\t\t\t\t\tdata-lazy-type=\"iframe\"\n\t\t\t\t\t\t\tdata-src=\"https:\/\/www.youtube-nocookie.com\/embed\/CAigT1cEsBk?origin=https:\/\/fpabramo.org.br\/es\/&#038;showinfo=0&#038;video-id=CAigT1cEsBk&#038;modestbranding=1&#038;rel=0\"\n\t\t\t\t\t\t\tallow=\"accelerometer; autoplay; clipboard-write; encrypted-media; gyroscope; picture-in-picture\"\n\t\t\t\t\t\t\tallowfullscreen=\"\"\n\t\t\t\t\t\t\tsrc=\"https:\/\/www.youtube-nocookie.com\/embed\/CAigT1cEsBk?origin=https:\/\/fpabramo.org.br\/es\/&#038;showinfo=0&#038;video-id=CAigT1cEsBk&#038;modestbranding=1&#038;rel=0\"\n\t\t\t\t\t\t\twidth=\"1200\" height=\"675\" frameborder=\"0\"><\/iframe>\n\n\t\t\t\t\t\t<noscript>\n\t\t\t\t\t\t\t<iframe loading=\"lazy\"\n\t\t\t\t\t\t\t\ttitle=\"Trabalho de base digital | S\u00e9rie \"Como fazer trabalho de base\"\"\n\t\t\t\t\t\t\t\twidth=\"1200\"\n\t\t\t\t\t\t\t\theight=\"675\"\n\t\t\t\t\t\t\t\tsrc=\"https:\/\/www.youtube-nocookie.com\/embed\/CAigT1cEsBk?origin=https:\/\/fpabramo.org.br\/es\/&#038;showinfo=0&#038;video-id=CAigT1cEsBk&#038;modestbranding=1&#038;rel=0\" frameborder=\"0\"\n\t\t\t\t\t\t\t\tallow=\"accelerometer; autoplay; clipboard-write; encrypted-media; gyroscope; picture-in-picture\" allowfullscreen>\n\t\t\t\t\t\t\t<\/iframe>\n\t\t\t\t\t\t<\/noscript>\n\t\t\t\t\t<\/div>\n\t\t\t\t<\/figure>\n\t\t\t<\/div><div class=\"video-gallery-block__embed\">\n\t\t\t\t<p><strong>Por que trabalho de base? | S\u00e9rie \u00abComo fazer trabalho de base\u00bb<\/strong><\/p>\n\t\t\t\t<p>Funda\u00e7\u00e3o Perseu Abramo<\/p>\n\t\t\t\t<figure class=\"wp-block-embed is-type-video is-provider-youtube\">\n\t\t\t\t\t<div class=\"wp-block-embed__wrapper\">\n\t\t\t\t\t\t<iframe class=\"lazy-loaded\"\n\t\t\t\t\t\t\tloading=\"lazy\"\n\t\t\t\t\t\t\ttitle=\"Por que trabalho de base? | S\u00e9rie \"Como fazer trabalho de base\"\"\n\t\t\t\t\t\t\tdata-lazy-type=\"iframe\"\n\t\t\t\t\t\t\tdata-src=\"https:\/\/www.youtube-nocookie.com\/embed\/4kvFZunqanM?origin=https:\/\/fpabramo.org.br\/es\/&#038;showinfo=0&#038;video-id=4kvFZunqanM&#038;modestbranding=1&#038;rel=0\"\n\t\t\t\t\t\t\tallow=\"accelerometer; autoplay; clipboard-write; encrypted-media; gyroscope; picture-in-picture\"\n\t\t\t\t\t\t\tallowfullscreen=\"\"\n\t\t\t\t\t\t\tsrc=\"https:\/\/www.youtube-nocookie.com\/embed\/4kvFZunqanM?origin=https:\/\/fpabramo.org.br\/es\/&#038;showinfo=0&#038;video-id=4kvFZunqanM&#038;modestbranding=1&#038;rel=0\"\n\t\t\t\t\t\t\twidth=\"1200\" height=\"675\" frameborder=\"0\"><\/iframe>\n\n\t\t\t\t\t\t<noscript>\n\t\t\t\t\t\t\t<iframe loading=\"lazy\"\n\t\t\t\t\t\t\t\ttitle=\"Por que trabalho de base? | S\u00e9rie \"Como fazer trabalho de base\"\"\n\t\t\t\t\t\t\t\twidth=\"1200\"\n\t\t\t\t\t\t\t\theight=\"675\"\n\t\t\t\t\t\t\t\tsrc=\"https:\/\/www.youtube-nocookie.com\/embed\/4kvFZunqanM?origin=https:\/\/fpabramo.org.br\/es\/&#038;showinfo=0&#038;video-id=4kvFZunqanM&#038;modestbranding=1&#038;rel=0\" frameborder=\"0\"\n\t\t\t\t\t\t\t\tallow=\"accelerometer; autoplay; clipboard-write; encrypted-media; gyroscope; picture-in-picture\" allowfullscreen>\n\t\t\t\t\t\t\t<\/iframe>\n\t\t\t\t\t\t<\/noscript>\n\t\t\t\t\t<\/div>\n\t\t\t\t<\/figure>\n\t\t\t<\/div><\/div><\/div><\/div>\n\n\n\n<div class=\"wp-block-group is-content-justification-right is-layout-constrained wp-container-core-group-is-layout-f1f2ed93 wp-block-group-is-layout-constrained\">\n<div class=\"wp-block-group link-listings is-content-justification-right is-nowrap is-layout-flex wp-container-core-group-is-layout-82baacbd wp-block-group-is-layout-flex\">\n<p class=\"has-text-align-left has-tertiary-dark-color has-text-color has-link-color has-x-small-font-size wp-elements-783612307e1bf36e968426de4d35b79e\" style=\"letter-spacing:1.9px;text-transform:uppercase\"><a href=\"#\">Mas v\u00eddeos<\/a><\/p>\n\n\n\n<figure class=\"wp-block-image size-large\"><img decoding=\"async\" src=\"https:\/\/fpabramo.org.br\/wp-content\/uploads\/2025\/10\/east.png\" alt=\"\"\/><\/figure>\n<\/div>\n<\/div>\n<\/div>\n\n\n\n<div class=\"wp-block-group alignfull magazine-slider has-background is-layout-constrained wp-block-group-is-layout-constrained\" style=\"background:linear-gradient(180deg,rgb(245,245,245) 0%,rgb(221,221,221) 100%)\">\n<h2 class=\"wp-block-heading alignwide has-text-align-center has-tertiary-pure-color has-text-color has-link-color has-x-large-font-size wp-elements-7c0a0a7f929e4f86743297b7ce49e589\" style=\"font-style:normal;font-weight:500\">Ediciones anteriores<\/h2>\n\n\n\n    <div class=\"hacklabr-posts-slider-block alignwide\">\n        <script type=\"application\/json\" hidden>{\"a11y\":{\"enabled\":true,\"firstSlideMessage\":\"Esta es la primera diapositiva\",\"lastSlideMessage\":\"Esta es la \\u00faltima diapositiva\",\"nextSlideMessage\":\"Siguiente diapositiva\",\"paginationBulletMessage\":\"Ir a la diapositiva {{index}}\",\"prevSlideMessage\":\"Diapositiva anterior\"},\"autoplay\":false,\"centeredSlides\":false,\"loop\":false,\"navigation\":{\"nextEl\":\".swiper-button-next\",\"prevEl\":\".swiper-button-prev\"},\"pagination\":false,\"rewind\":true,\"slidesPerGroup\":1,\"slidesPerView\":2,\"spaceBetween\":16,\"speed\":300,\"breakpoints\":{\"768\":{\"centeredSlides\":false,\"slidesPerGroup\":1,\"slidesPerView\":6,\"spaceBetween\":32}}}<\/script>\n        <section class=\"swiper\">\n            <div class=\"swiper-wrapper\">\n                            <div class=\"swiper-slide\">\n                \n<article id=\"post-ID-118688-69f0b4c0d644d\" class=\"post-card post-card--revista  swiper-slide\">\n\n    <header class=\"post-card__image\">\n                            <div class=\"post-card__edicao-revista\">\n\n                        \n                                                    <span class=\"revista-mes-ano\">\n                                2020                            <\/span>\n                        \n                    <\/div>\n                         <a href=\"https:\/\/fpabramo.org.br\/es\/revista\/centro-de-memoria-csbh\/n-19-40-anos-do-pt-e-a-saude-publica-no-brasil\/\" aria-label=\"n. 19: 40 anos do PT e a sa\u00fade p\u00fablica no Brasil.\">\n                            <img decoding=\"async\" width=\"595\" height=\"887\" src=\"https:\/\/fpabramo.org.br\/wp-content\/uploads\/2026\/01\/cover_issue_25_pt_BR.webp\" class=\"attachment-card-large size-card-large wp-post-image\" alt=\"\" srcset=\"https:\/\/fpabramo.org.br\/wp-content\/uploads\/2026\/01\/cover_issue_25_pt_BR.webp 595w, https:\/\/fpabramo.org.br\/wp-content\/uploads\/2026\/01\/cover_issue_25_pt_BR-201x300.webp 201w, https:\/\/fpabramo.org.br\/wp-content\/uploads\/2026\/01\/cover_issue_25_pt_BR-101x150.webp 101w\" sizes=\"(max-width: 595px) 100vw, 595px\" \/>                    <\/a>\n    <\/header>\n\n    <div class=\"post-card__content\">\n        \n        \n        <h3 class=\"post-card__title\">\n            <a href=\"https:\/\/fpabramo.org.br\/es\/revista\/centro-de-memoria-csbh\/n-19-40-anos-do-pt-e-a-saude-publica-no-brasil\/\">n. 19: 40 anos do PT e a sa\u00fade p\u00fablica no Brasil.<\/a>\n        <\/h3>\n\n        <div class=\"post-card__meta\">\n\n            \n            \n        <\/div>\n\n\n        \n                    <div class=\"post-card__meta post-card__meta--pods\">\n\n                <div class=\"post-card__taxonomy post-card__taxonomy--tipo_material\"><a href=\"https:\/\/fpabramo.org.br\/es\/tipo-material\/revista\/\" class=\"term-badge term-badge--tipo_material term-badge--tipo_material-revista\" style=\"background-color:#006157;border: 1px solid #00bd9d;\">Revista<\/a><\/div>\n\n                \n            <\/div>\n        \n                            <div class=\"post-card__edicao-data\">\n\n                                                <span class=\"infos-separator\">|<\/span>\n                                                    <span class=\"revista-mes-ano\">\n                                2020                            <\/span>\n                        \n                    <\/div>\n                \n    <\/div>\n<\/article>\n\n                <\/div>\n                            <div class=\"swiper-slide\">\n                \n<article id=\"post-ID-118609-69f0b4c0d84cc\" class=\"post-card post-card--revista  swiper-slide\">\n\n    <header class=\"post-card__image\">\n                            <div class=\"post-card__edicao-revista\">\n\n                                                    <div class=\"revista-edicao-group\">\n                                <span class=\"revista-edicao-label\">\n                                    Edici\u00f3n                                <\/span>\n\n                                <span class=\"revista-edicao revista-edicao-65\">\n                                    65                                <\/span>\n                            <\/div>\n                        \n                                                    <span class=\"revista-mes-ano\">\n                                Nov e Dez de 2025                            <\/span>\n                        \n                    <\/div>\n                         <a href=\"https:\/\/fpabramo.org.br\/es\/revista\/reconexao-periferias\/novembro-negro-e-a-periferia-no-centro-dos-debates\/\" aria-label=\"Novembro negro e a periferia no centro dos debates\">\n                            <img decoding=\"async\" width=\"593\" height=\"800\" src=\"https:\/\/fpabramo.org.br\/wp-content\/uploads\/2026\/01\/Capa-Revista-Reconexao-Periferias-Nov-Dez-65-1.webp\" class=\"attachment-card-large size-card-large wp-post-image\" alt=\"\" srcset=\"https:\/\/fpabramo.org.br\/wp-content\/uploads\/2026\/01\/Capa-Revista-Reconexao-Periferias-Nov-Dez-65-1.webp 593w, https:\/\/fpabramo.org.br\/wp-content\/uploads\/2026\/01\/Capa-Revista-Reconexao-Periferias-Nov-Dez-65-1-222x300.webp 222w, https:\/\/fpabramo.org.br\/wp-content\/uploads\/2026\/01\/Capa-Revista-Reconexao-Periferias-Nov-Dez-65-1-111x150.webp 111w\" sizes=\"(max-width: 593px) 100vw, 593px\" \/>                    <\/a>\n    <\/header>\n\n    <div class=\"post-card__content\">\n        \n        \n        <h3 class=\"post-card__title\">\n            <a href=\"https:\/\/fpabramo.org.br\/es\/revista\/reconexao-periferias\/novembro-negro-e-a-periferia-no-centro-dos-debates\/\">Novembro negro e a periferia no centro dos debates<\/a>\n        <\/h3>\n\n        <div class=\"post-card__meta\">\n\n            \n            \n        <\/div>\n\n\n        \n                    <div class=\"post-card__meta post-card__meta--pods\">\n\n                <div class=\"post-card__taxonomy post-card__taxonomy--tipo_material\"><a href=\"https:\/\/fpabramo.org.br\/es\/tipo-material\/revista\/\" class=\"term-badge term-badge--tipo_material term-badge--tipo_material-revista\" style=\"background-color:#006157;border: 1px solid #00bd9d;\">Revista<\/a><\/div>\n\n                \n            <\/div>\n        \n                            <div class=\"post-card__edicao-data\">\n\n                                                    <div class=\"revista-edicao-group\">\n                                <span class=\"revista-edicao-label\">\n                                    Edici\u00f3n                                <\/span>\n\n                                <span class=\"revista-edicao revista-edicao-65\">\n                                    65                                <\/span>\n                            <\/div>\n                                                <span class=\"infos-separator\">|<\/span>\n                                                    <span class=\"revista-mes-ano\">\n                                Nov e Dez de 2025                            <\/span>\n                        \n                    <\/div>\n                \n    <\/div>\n<\/article>\n\n                <\/div>\n                            <div class=\"swiper-slide\">\n                \n<article id=\"post-ID-90574-69f0b4c0d99e9\" class=\"post-card post-card--revista  swiper-slide\">\n\n    <header class=\"post-card__image\">\n                            <div class=\"post-card__edicao-revista\">\n\n                                                    <div class=\"revista-edicao-group\">\n                                <span class=\"revista-edicao-label\">\n                                    Edici\u00f3n                                <\/span>\n\n                                <span class=\"revista-edicao revista-edicao-220\">\n                                    #220                                <\/span>\n                            <\/div>\n                        \n                                                    <span class=\"revista-mes-ano\">\n                                Dezembro 2025                            <\/span>\n                        \n                    <\/div>\n                         <a href=\"https:\/\/fpabramo.org.br\/es\/revista\/revista-focus\/focus-brasil-220-as-entregas-que-mudaram-a-vida-do-pais\/\" aria-label=\"Focus Brasil #220 \u2013 O Brasil de volta: as entregas que mudaram a vida do pa\u00eds\">\n                            <img decoding=\"async\" width=\"1080\" height=\"608\" src=\"https:\/\/fpabramo.org.br\/wp-content\/uploads\/2025\/12\/11-banner-thumb-focus-capa-220.png\" class=\"attachment-card-large size-card-large wp-post-image\" alt=\"\" srcset=\"https:\/\/fpabramo.org.br\/wp-content\/uploads\/2025\/12\/11-banner-thumb-focus-capa-220.png 1080w, https:\/\/fpabramo.org.br\/wp-content\/uploads\/2025\/12\/11-banner-thumb-focus-capa-220-300x169.png 300w, https:\/\/fpabramo.org.br\/wp-content\/uploads\/2025\/12\/11-banner-thumb-focus-capa-220-1024x576.png 1024w, https:\/\/fpabramo.org.br\/wp-content\/uploads\/2025\/12\/11-banner-thumb-focus-capa-220-768x432.png 768w\" sizes=\"(max-width: 1080px) 100vw, 1080px\" \/>                    <\/a>\n    <\/header>\n\n    <div class=\"post-card__content\">\n        \n        \n        <h3 class=\"post-card__title\">\n            <a href=\"https:\/\/fpabramo.org.br\/es\/revista\/revista-focus\/focus-brasil-220-as-entregas-que-mudaram-a-vida-do-pais\/\">Focus Brasil #220 \u2013 O Brasil de volta: as entregas que mudaram a vida do pa\u00eds<\/a>\n        <\/h3>\n\n        <div class=\"post-card__meta\">\n\n            \n            \n        <\/div>\n\n\n        \n                    <div class=\"post-card__meta post-card__meta--pods\">\n\n                <div class=\"post-card__taxonomy post-card__taxonomy--tipo_material\"><a href=\"https:\/\/fpabramo.org.br\/es\/tipo-material\/revista\/\" class=\"term-badge term-badge--tipo_material term-badge--tipo_material-revista\" style=\"background-color:#006157;border: 1px solid #00bd9d;\">Revista<\/a><\/div>\n\n                \n            <\/div>\n        \n                            <div class=\"post-card__edicao-data\">\n\n                                                    <div class=\"revista-edicao-group\">\n                                <span class=\"revista-edicao-label\">\n                                    Edici\u00f3n                                <\/span>\n\n                                <span class=\"revista-edicao revista-edicao-220\">\n                                    #220                                <\/span>\n                            <\/div>\n                                                <span class=\"infos-separator\">|<\/span>\n                                                    <span class=\"revista-mes-ano\">\n                                Dezembro 2025                            <\/span>\n                        \n                    <\/div>\n                \n    <\/div>\n<\/article>\n\n                <\/div>\n                            <div class=\"swiper-slide\">\n                \n<article id=\"post-ID-115732-69f0b4c0dae8c\" class=\"post-card post-card--revista  swiper-slide\">\n\n    <header class=\"post-card__image\">\n                            <div class=\"post-card__edicao-revista\">\n\n                                                    <div class=\"revista-edicao-group\">\n                                <span class=\"revista-edicao-label\">\n                                    Edici\u00f3n                                <\/span>\n\n                                <span class=\"revista-edicao revista-edicao-219\">\n                                    #219                                <\/span>\n                            <\/div>\n                        \n                                                    <span class=\"revista-mes-ano\">\n                                Dezembro 2025                            <\/span>\n                        \n                    <\/div>\n                         <a href=\"https:\/\/fpabramo.org.br\/es\/revista\/revista-focus\/focus-brasil-feminicidio-brasil-ato-governo\/\" aria-label=\"Focus Brasil #219 \u2013 O Brasil reage ao feminic\u00eddio: governo e sociedade enfrentam a crise\">\n                            <img decoding=\"async\" width=\"960\" height=\"540\" src=\"https:\/\/fpabramo.org.br\/wp-content\/uploads\/2025\/12\/11-banner-thumb-focus-capa-219-1.png\" class=\"attachment-card-large size-card-large wp-post-image\" alt=\"\" srcset=\"https:\/\/fpabramo.org.br\/wp-content\/uploads\/2025\/12\/11-banner-thumb-focus-capa-219-1.png 960w, https:\/\/fpabramo.org.br\/wp-content\/uploads\/2025\/12\/11-banner-thumb-focus-capa-219-1-300x169.png 300w, https:\/\/fpabramo.org.br\/wp-content\/uploads\/2025\/12\/11-banner-thumb-focus-capa-219-1-768x432.png 768w\" sizes=\"(max-width: 960px) 100vw, 960px\" \/>                    <\/a>\n    <\/header>\n\n    <div class=\"post-card__content\">\n        \n        \n        <h3 class=\"post-card__title\">\n            <a href=\"https:\/\/fpabramo.org.br\/es\/revista\/revista-focus\/focus-brasil-feminicidio-brasil-ato-governo\/\">Focus Brasil #219 \u2013 O Brasil reage ao feminic\u00eddio: governo e sociedade enfrentam a crise<\/a>\n        <\/h3>\n\n        <div class=\"post-card__meta\">\n\n            \n            \n        <\/div>\n\n\n        \n                    <div class=\"post-card__meta post-card__meta--pods\">\n\n                <div class=\"post-card__taxonomy post-card__taxonomy--tipo_material\"><a href=\"https:\/\/fpabramo.org.br\/es\/tipo-material\/revista\/\" class=\"term-badge term-badge--tipo_material term-badge--tipo_material-revista\" style=\"background-color:#006157;border: 1px solid #00bd9d;\">Revista<\/a><\/div>\n\n                \n            <\/div>\n        \n                            <div class=\"post-card__edicao-data\">\n\n                                                    <div class=\"revista-edicao-group\">\n                                <span class=\"revista-edicao-label\">\n                                    Edici\u00f3n                                <\/span>\n\n                                <span class=\"revista-edicao revista-edicao-219\">\n                                    #219                                <\/span>\n                            <\/div>\n                                                <span class=\"infos-separator\">|<\/span>\n                                                    <span class=\"revista-mes-ano\">\n                                Dezembro 2025                            <\/span>\n                        \n                    <\/div>\n                \n    <\/div>\n<\/article>\n\n                <\/div>\n                            <div class=\"swiper-slide\">\n                \n<article id=\"post-ID-115734-69f0b4c0dc2c0\" class=\"post-card post-card--revista  swiper-slide\">\n\n    <header class=\"post-card__image\">\n                            <div class=\"post-card__edicao-revista\">\n\n                                                    <div class=\"revista-edicao-group\">\n                                <span class=\"revista-edicao-label\">\n                                    Edici\u00f3n                                <\/span>\n\n                                <span class=\"revista-edicao revista-edicao-218\">\n                                    #218                                <\/span>\n                            <\/div>\n                        \n                                                    <span class=\"revista-mes-ano\">\n                                Dezembro 2025                            <\/span>\n                        \n                    <\/div>\n                         <a href=\"https:\/\/fpabramo.org.br\/es\/revista\/revista-focus\/focus-brasil-218\/\" aria-label=\"Focus Brasil #218 &#8211; Seguran\u00e7a P\u00fablica: PT foca no combate \u00e0 desigualdade e ao crime organizado\">\n                            <img decoding=\"async\" width=\"1600\" height=\"900\" src=\"https:\/\/fpabramo.org.br\/wp-content\/uploads\/2025\/12\/11-WhatsApp-Image-2025-12-03-at-20.15.36-1.jpeg\" class=\"attachment-card-large size-card-large wp-post-image\" alt=\"\" srcset=\"https:\/\/fpabramo.org.br\/wp-content\/uploads\/2025\/12\/11-WhatsApp-Image-2025-12-03-at-20.15.36-1.jpeg 1600w, https:\/\/fpabramo.org.br\/wp-content\/uploads\/2025\/12\/11-WhatsApp-Image-2025-12-03-at-20.15.36-1-300x169.jpeg 300w, https:\/\/fpabramo.org.br\/wp-content\/uploads\/2025\/12\/11-WhatsApp-Image-2025-12-03-at-20.15.36-1-1024x576.jpeg 1024w, https:\/\/fpabramo.org.br\/wp-content\/uploads\/2025\/12\/11-WhatsApp-Image-2025-12-03-at-20.15.36-1-768x432.jpeg 768w, https:\/\/fpabramo.org.br\/wp-content\/uploads\/2025\/12\/11-WhatsApp-Image-2025-12-03-at-20.15.36-1-1536x864.jpeg 1536w, https:\/\/fpabramo.org.br\/wp-content\/uploads\/2025\/12\/11-WhatsApp-Image-2025-12-03-at-20.15.36-1-1200x675.jpeg 1200w\" sizes=\"(max-width: 1600px) 100vw, 1600px\" \/>                    <\/a>\n    <\/header>\n\n    <div class=\"post-card__content\">\n        \n        \n        <h3 class=\"post-card__title\">\n            <a href=\"https:\/\/fpabramo.org.br\/es\/revista\/revista-focus\/focus-brasil-218\/\">Focus Brasil #218 &#8211; Seguran\u00e7a P\u00fablica: PT foca no combate \u00e0 desigualdade e ao crime organizado<\/a>\n        <\/h3>\n\n        <div class=\"post-card__meta\">\n\n            \n            \n        <\/div>\n\n\n        \n                    <div class=\"post-card__meta post-card__meta--pods\">\n\n                <div class=\"post-card__taxonomy post-card__taxonomy--tipo_material\"><a href=\"https:\/\/fpabramo.org.br\/es\/tipo-material\/revista\/\" class=\"term-badge term-badge--tipo_material term-badge--tipo_material-revista\" style=\"background-color:#006157;border: 1px solid #00bd9d;\">Revista<\/a><\/div>\n\n                \n            <\/div>\n        \n                            <div class=\"post-card__edicao-data\">\n\n                                                    <div class=\"revista-edicao-group\">\n                                <span class=\"revista-edicao-label\">\n                                    Edici\u00f3n                                <\/span>\n\n                                <span class=\"revista-edicao revista-edicao-218\">\n                                    #218                                <\/span>\n                            <\/div>\n                                                <span class=\"infos-separator\">|<\/span>\n                                                    <span class=\"revista-mes-ano\">\n                                Dezembro 2025                            <\/span>\n                        \n                    <\/div>\n                \n    <\/div>\n<\/article>\n\n                <\/div>\n                            <div class=\"swiper-slide\">\n                \n<article id=\"post-ID-115736-69f0b4c0dd79e\" class=\"post-card post-card--revista  swiper-slide\">\n\n    <header class=\"post-card__image\">\n                            <div class=\"post-card__edicao-revista\">\n\n                                                    <div class=\"revista-edicao-group\">\n                                <span class=\"revista-edicao-label\">\n                                    Edici\u00f3n                                <\/span>\n\n                                <span class=\"revista-edicao revista-edicao-217\">\n                                    #217                                <\/span>\n                            <\/div>\n                        \n                                                    <span class=\"revista-mes-ano\">\n                                Novembro 2025                            <\/span>\n                        \n                    <\/div>\n                         <a href=\"https:\/\/fpabramo.org.br\/es\/revista\/revista-focus\/focus-brasil-217-o-desfecho-do-golpe-e-a-queda-da-cupula-bolsonarista\/\" aria-label=\"Focus Brasil #217 &#8211; Bolsonaro preso: o desfecho do golpe e a queda da c\u00fapula bolsonarista\">\n                            <img decoding=\"async\" width=\"1080\" height=\"608\" src=\"https:\/\/fpabramo.org.br\/wp-content\/uploads\/2025\/11\/11-banner-thumb-focus-capa-217.png\" class=\"attachment-card-large size-card-large wp-post-image\" alt=\"\" srcset=\"https:\/\/fpabramo.org.br\/wp-content\/uploads\/2025\/11\/11-banner-thumb-focus-capa-217.png 1080w, https:\/\/fpabramo.org.br\/wp-content\/uploads\/2025\/11\/11-banner-thumb-focus-capa-217-300x169.png 300w, https:\/\/fpabramo.org.br\/wp-content\/uploads\/2025\/11\/11-banner-thumb-focus-capa-217-1024x576.png 1024w, https:\/\/fpabramo.org.br\/wp-content\/uploads\/2025\/11\/11-banner-thumb-focus-capa-217-768x432.png 768w\" sizes=\"(max-width: 1080px) 100vw, 1080px\" \/>                    <\/a>\n    <\/header>\n\n    <div class=\"post-card__content\">\n        \n        \n        <h3 class=\"post-card__title\">\n            <a href=\"https:\/\/fpabramo.org.br\/es\/revista\/revista-focus\/focus-brasil-217-o-desfecho-do-golpe-e-a-queda-da-cupula-bolsonarista\/\">Focus Brasil #217 &#8211; Bolsonaro preso: o desfecho do golpe e a queda da c\u00fapula bolsonarista<\/a>\n        <\/h3>\n\n        <div class=\"post-card__meta\">\n\n            \n            \n        <\/div>\n\n\n        \n                    <div class=\"post-card__meta post-card__meta--pods\">\n\n                <div class=\"post-card__taxonomy post-card__taxonomy--tipo_material\"><a href=\"https:\/\/fpabramo.org.br\/es\/tipo-material\/revista\/\" class=\"term-badge term-badge--tipo_material term-badge--tipo_material-revista\" style=\"background-color:#006157;border: 1px solid #00bd9d;\">Revista<\/a><\/div>\n\n                \n            <\/div>\n        \n                            <div class=\"post-card__edicao-data\">\n\n                                                    <div class=\"revista-edicao-group\">\n                                <span class=\"revista-edicao-label\">\n                                    Edici\u00f3n                                <\/span>\n\n                                <span class=\"revista-edicao revista-edicao-217\">\n                                    #217                                <\/span>\n                            <\/div>\n                                                <span class=\"infos-separator\">|<\/span>\n                                                    <span class=\"revista-mes-ano\">\n                                Novembro 2025                            <\/span>\n                        \n                    <\/div>\n                \n    <\/div>\n<\/article>\n\n                <\/div>\n                            <div class=\"swiper-slide\">\n                \n<article id=\"post-ID-115739-69f0b4c0dec58\" class=\"post-card post-card--revista  swiper-slide\">\n\n    <header class=\"post-card__image\">\n                            <div class=\"post-card__edicao-revista\">\n\n                                                    <div class=\"revista-edicao-group\">\n                                <span class=\"revista-edicao-label\">\n                                    Edici\u00f3n                                <\/span>\n\n                                <span class=\"revista-edicao revista-edicao-216\">\n                                    #216                                <\/span>\n                            <\/div>\n                        \n                                                    <span class=\"revista-mes-ano\">\n                                Novembro 2025                            <\/span>\n                        \n                    <\/div>\n                         <a href=\"https:\/\/fpabramo.org.br\/es\/revista\/revista-focus\/focus-brasil-216-brasil-reta-final-cop30\/\" aria-label=\"Focus Brasil #216 &#8211; Brasil articula consenso global na reta final da COP30\">\n                            <img decoding=\"async\" width=\"1467\" height=\"825\" src=\"https:\/\/fpabramo.org.br\/wp-content\/uploads\/2025\/11\/11-banner-thumb-focus-capa-216-01.png\" class=\"attachment-card-large size-card-large wp-post-image\" alt=\"\" srcset=\"https:\/\/fpabramo.org.br\/wp-content\/uploads\/2025\/11\/11-banner-thumb-focus-capa-216-01.png 1467w, https:\/\/fpabramo.org.br\/wp-content\/uploads\/2025\/11\/11-banner-thumb-focus-capa-216-01-300x169.png 300w, https:\/\/fpabramo.org.br\/wp-content\/uploads\/2025\/11\/11-banner-thumb-focus-capa-216-01-1024x576.png 1024w, https:\/\/fpabramo.org.br\/wp-content\/uploads\/2025\/11\/11-banner-thumb-focus-capa-216-01-768x432.png 768w, https:\/\/fpabramo.org.br\/wp-content\/uploads\/2025\/11\/11-banner-thumb-focus-capa-216-01-1200x675.png 1200w\" sizes=\"(max-width: 1467px) 100vw, 1467px\" \/>                    <\/a>\n    <\/header>\n\n    <div class=\"post-card__content\">\n        \n        \n        <h3 class=\"post-card__title\">\n            <a href=\"https:\/\/fpabramo.org.br\/es\/revista\/revista-focus\/focus-brasil-216-brasil-reta-final-cop30\/\">Focus Brasil #216 &#8211; Brasil articula consenso global na reta final da COP30<\/a>\n        <\/h3>\n\n        <div class=\"post-card__meta\">\n\n            \n            \n        <\/div>\n\n\n        \n                    <div class=\"post-card__meta post-card__meta--pods\">\n\n                <div class=\"post-card__taxonomy post-card__taxonomy--tipo_material\"><a href=\"https:\/\/fpabramo.org.br\/es\/tipo-material\/revista\/\" class=\"term-badge term-badge--tipo_material term-badge--tipo_material-revista\" style=\"background-color:#006157;border: 1px solid #00bd9d;\">Revista<\/a><\/div>\n\n                \n            <\/div>\n        \n                            <div class=\"post-card__edicao-data\">\n\n                                                    <div class=\"revista-edicao-group\">\n                                <span class=\"revista-edicao-label\">\n                                    Edici\u00f3n                                <\/span>\n\n                                <span class=\"revista-edicao revista-edicao-216\">\n                                    #216                                <\/span>\n                            <\/div>\n                                                <span class=\"infos-separator\">|<\/span>\n                                                    <span class=\"revista-mes-ano\">\n                                Novembro 2025                            <\/span>\n                        \n                    <\/div>\n                \n    <\/div>\n<\/article>\n\n                <\/div>\n                            <div class=\"swiper-slide\">\n                \n<article id=\"post-ID-115743-69f0b4c0e0162\" class=\"post-card post-card--revista  swiper-slide\">\n\n    <header class=\"post-card__image\">\n                            <div class=\"post-card__edicao-revista\">\n\n                                                    <div class=\"revista-edicao-group\">\n                                <span class=\"revista-edicao-label\">\n                                    Edici\u00f3n                                <\/span>\n\n                                <span class=\"revista-edicao revista-edicao-215\">\n                                    #215                                <\/span>\n                            <\/div>\n                        \n                                                    <span class=\"revista-mes-ano\">\n                                Novembro 2025                            <\/span>\n                        \n                    <\/div>\n                         <a href=\"https:\/\/fpabramo.org.br\/es\/revista\/revista-focus\/focus-brasil-215\/\" aria-label=\"Focus Brasil #215 \u2013 PL Antifac\u00e7\u00e3o: desfigura\u00e7\u00e3o do projeto do Governo Federal gera crise\">\n                            <img decoding=\"async\" width=\"1080\" height=\"608\" src=\"https:\/\/fpabramo.org.br\/wp-content\/uploads\/2025\/11\/11-banner-thumb-focus-capa-215.png\" class=\"attachment-card-large size-card-large wp-post-image\" alt=\"\" srcset=\"https:\/\/fpabramo.org.br\/wp-content\/uploads\/2025\/11\/11-banner-thumb-focus-capa-215.png 1080w, https:\/\/fpabramo.org.br\/wp-content\/uploads\/2025\/11\/11-banner-thumb-focus-capa-215-300x169.png 300w, https:\/\/fpabramo.org.br\/wp-content\/uploads\/2025\/11\/11-banner-thumb-focus-capa-215-1024x576.png 1024w, https:\/\/fpabramo.org.br\/wp-content\/uploads\/2025\/11\/11-banner-thumb-focus-capa-215-768x432.png 768w\" sizes=\"(max-width: 1080px) 100vw, 1080px\" \/>                    <\/a>\n    <\/header>\n\n    <div class=\"post-card__content\">\n        \n        \n        <h3 class=\"post-card__title\">\n            <a href=\"https:\/\/fpabramo.org.br\/es\/revista\/revista-focus\/focus-brasil-215\/\">Focus Brasil #215 \u2013 PL Antifac\u00e7\u00e3o: desfigura\u00e7\u00e3o do projeto do Governo Federal gera crise<\/a>\n        <\/h3>\n\n        <div class=\"post-card__meta\">\n\n            \n            \n        <\/div>\n\n\n        \n                    <div class=\"post-card__meta post-card__meta--pods\">\n\n                <div class=\"post-card__taxonomy post-card__taxonomy--tipo_material\"><a href=\"https:\/\/fpabramo.org.br\/es\/tipo-material\/revista\/\" class=\"term-badge term-badge--tipo_material term-badge--tipo_material-revista\" style=\"background-color:#006157;border: 1px solid #00bd9d;\">Revista<\/a><\/div>\n\n                \n            <\/div>\n        \n                            <div class=\"post-card__edicao-data\">\n\n                                                    <div class=\"revista-edicao-group\">\n                                <span class=\"revista-edicao-label\">\n                                    Edici\u00f3n                                <\/span>\n\n                                <span class=\"revista-edicao revista-edicao-215\">\n                                    #215                                <\/span>\n                            <\/div>\n                                                <span class=\"infos-separator\">|<\/span>\n                                                    <span class=\"revista-mes-ano\">\n                                Novembro 2025                            <\/span>\n                        \n                    <\/div>\n                \n    <\/div>\n<\/article>\n\n                <\/div>\n                            <div class=\"swiper-slide\">\n                \n<article id=\"post-ID-115746-69f0b4c0e1648\" class=\"post-card post-card--revista  swiper-slide\">\n\n    <header class=\"post-card__image\">\n                            <div class=\"post-card__edicao-revista\">\n\n                                                    <div class=\"revista-edicao-group\">\n                                <span class=\"revista-edicao-label\">\n                                    Edici\u00f3n                                <\/span>\n\n                                <span class=\"revista-edicao revista-edicao-214\">\n                                    #214                                <\/span>\n                            <\/div>\n                        \n                                                    <span class=\"revista-mes-ano\">\n                                Outubro 2025                            <\/span>\n                        \n                    <\/div>\n                         <a href=\"https:\/\/fpabramo.org.br\/es\/revista\/revista-focus\/focus-brasil-lei-antifaccao-governo-crime-organizado-seguranca\/\" aria-label=\"Focus Brasil #214 \u2013 Lei Antifac\u00e7\u00e3o: Governo aposta na Seguran\u00e7a integrada contra o crime organizado\">\n                            <img decoding=\"async\" width=\"1080\" height=\"608\" src=\"https:\/\/fpabramo.org.br\/wp-content\/uploads\/2025\/11\/11-banner-thumb-focus-capa-214.png\" class=\"attachment-card-large size-card-large wp-post-image\" alt=\"\" srcset=\"https:\/\/fpabramo.org.br\/wp-content\/uploads\/2025\/11\/11-banner-thumb-focus-capa-214.png 1080w, https:\/\/fpabramo.org.br\/wp-content\/uploads\/2025\/11\/11-banner-thumb-focus-capa-214-300x169.png 300w, https:\/\/fpabramo.org.br\/wp-content\/uploads\/2025\/11\/11-banner-thumb-focus-capa-214-1024x576.png 1024w, https:\/\/fpabramo.org.br\/wp-content\/uploads\/2025\/11\/11-banner-thumb-focus-capa-214-768x432.png 768w\" sizes=\"(max-width: 1080px) 100vw, 1080px\" \/>                    <\/a>\n    <\/header>\n\n    <div class=\"post-card__content\">\n        \n        \n        <h3 class=\"post-card__title\">\n            <a href=\"https:\/\/fpabramo.org.br\/es\/revista\/revista-focus\/focus-brasil-lei-antifaccao-governo-crime-organizado-seguranca\/\">Focus Brasil #214 \u2013 Lei Antifac\u00e7\u00e3o: Governo aposta na Seguran\u00e7a integrada contra o crime organizado<\/a>\n        <\/h3>\n\n        <div class=\"post-card__meta\">\n\n            \n            \n        <\/div>\n\n\n        \n                    <div class=\"post-card__meta post-card__meta--pods\">\n\n                <div class=\"post-card__taxonomy post-card__taxonomy--tipo_material\"><a href=\"https:\/\/fpabramo.org.br\/es\/tipo-material\/revista\/\" class=\"term-badge term-badge--tipo_material term-badge--tipo_material-revista\" style=\"background-color:#006157;border: 1px solid #00bd9d;\">Revista<\/a><\/div>\n\n                \n            <\/div>\n        \n                            <div class=\"post-card__edicao-data\">\n\n                                                    <div class=\"revista-edicao-group\">\n                                <span class=\"revista-edicao-label\">\n                                    Edici\u00f3n                                <\/span>\n\n                                <span class=\"revista-edicao revista-edicao-214\">\n                                    #214                                <\/span>\n                            <\/div>\n                                                <span class=\"infos-separator\">|<\/span>\n                                                    <span class=\"revista-mes-ano\">\n                                Outubro 2025                            <\/span>\n                        \n                    <\/div>\n                \n    <\/div>\n<\/article>\n\n                <\/div>\n                            <div class=\"swiper-slide\">\n                \n<article id=\"post-ID-115749-69f0b4c0e2afe\" class=\"post-card post-card--revista  swiper-slide\">\n\n    <header class=\"post-card__image\">\n                            <div class=\"post-card__edicao-revista\">\n\n                                                    <div class=\"revista-edicao-group\">\n                                <span class=\"revista-edicao-label\">\n                                    Edici\u00f3n                                <\/span>\n\n                                <span class=\"revista-edicao revista-edicao-213\">\n                                    #213                                <\/span>\n                            <\/div>\n                        \n                                                    <span class=\"revista-mes-ano\">\n                                Outubro 2025                            <\/span>\n                        \n                    <\/div>\n                         <a href=\"https:\/\/fpabramo.org.br\/es\/revista\/revista-focus\/focus-brasil-213-80-anos-de-lula-justica-social-compromisso-e-soberania\/\" aria-label=\"Focus Brasil #213 &#8211; 80 anos de Lula: justi\u00e7a social, compromisso e soberania\">\n                            <img decoding=\"async\" width=\"1334\" height=\"750\" src=\"https:\/\/fpabramo.org.br\/wp-content\/uploads\/2025\/10\/11-banner-thumb-focus-capa-213.png\" class=\"attachment-card-large size-card-large wp-post-image\" alt=\"\" srcset=\"https:\/\/fpabramo.org.br\/wp-content\/uploads\/2025\/10\/11-banner-thumb-focus-capa-213.png 1334w, https:\/\/fpabramo.org.br\/wp-content\/uploads\/2025\/10\/11-banner-thumb-focus-capa-213-300x169.png 300w, https:\/\/fpabramo.org.br\/wp-content\/uploads\/2025\/10\/11-banner-thumb-focus-capa-213-1024x576.png 1024w, https:\/\/fpabramo.org.br\/wp-content\/uploads\/2025\/10\/11-banner-thumb-focus-capa-213-768x432.png 768w, https:\/\/fpabramo.org.br\/wp-content\/uploads\/2025\/10\/11-banner-thumb-focus-capa-213-1200x675.png 1200w\" sizes=\"(max-width: 1334px) 100vw, 1334px\" \/>                    <\/a>\n    <\/header>\n\n    <div class=\"post-card__content\">\n        \n        \n        <h3 class=\"post-card__title\">\n            <a href=\"https:\/\/fpabramo.org.br\/es\/revista\/revista-focus\/focus-brasil-213-80-anos-de-lula-justica-social-compromisso-e-soberania\/\">Focus Brasil #213 &#8211; 80 anos de Lula: justi\u00e7a social, compromisso e soberania<\/a>\n        <\/h3>\n\n        <div class=\"post-card__meta\">\n\n            \n            \n        <\/div>\n\n\n        \n                    <div class=\"post-card__meta post-card__meta--pods\">\n\n                <div class=\"post-card__taxonomy post-card__taxonomy--tipo_material\"><a href=\"https:\/\/fpabramo.org.br\/es\/tipo-material\/revista\/\" class=\"term-badge term-badge--tipo_material term-badge--tipo_material-revista\" style=\"background-color:#006157;border: 1px solid #00bd9d;\">Revista<\/a><\/div>\n\n                \n            <\/div>\n        \n                            <div class=\"post-card__edicao-data\">\n\n                                                    <div class=\"revista-edicao-group\">\n                                <span class=\"revista-edicao-label\">\n                                    Edici\u00f3n                                <\/span>\n\n                                <span class=\"revista-edicao revista-edicao-213\">\n                                    #213                                <\/span>\n                            <\/div>\n                                                <span class=\"infos-separator\">|<\/span>\n                                                    <span class=\"revista-mes-ano\">\n                                Outubro 2025                            <\/span>\n                        \n                    <\/div>\n                \n    <\/div>\n<\/article>\n\n                <\/div>\n                            <div class=\"swiper-slide\">\n                \n<article id=\"post-ID-118615-69f0b4c0e3eb9\" class=\"post-card post-card--revista  swiper-slide\">\n\n    <header class=\"post-card__image\">\n                            <div class=\"post-card__edicao-revista\">\n\n                                                    <div class=\"revista-edicao-group\">\n                                <span class=\"revista-edicao-label\">\n                                    Edici\u00f3n                                <\/span>\n\n                                <span class=\"revista-edicao revista-edicao-64\">\n                                    64                                <\/span>\n                            <\/div>\n                        \n                                                    <span class=\"revista-mes-ano\">\n                                Setembro e Outubro de 2025                            <\/span>\n                        \n                    <\/div>\n                         <a href=\"https:\/\/fpabramo.org.br\/es\/revista\/reconexao-periferias\/ocupar-as-ruas-por-mais-democracia-e-com-novos-atores\/\" aria-label=\"Ocupar as ruas por mais democracia e com novos atores\">\n                            <img decoding=\"async\" width=\"593\" height=\"800\" src=\"https:\/\/fpabramo.org.br\/wp-content\/uploads\/2026\/01\/Capa-Revista-Reconexao-Periferias-Set-Out-64-1.webp\" class=\"attachment-card-large size-card-large wp-post-image\" alt=\"\" srcset=\"https:\/\/fpabramo.org.br\/wp-content\/uploads\/2026\/01\/Capa-Revista-Reconexao-Periferias-Set-Out-64-1.webp 593w, https:\/\/fpabramo.org.br\/wp-content\/uploads\/2026\/01\/Capa-Revista-Reconexao-Periferias-Set-Out-64-1-222x300.webp 222w, https:\/\/fpabramo.org.br\/wp-content\/uploads\/2026\/01\/Capa-Revista-Reconexao-Periferias-Set-Out-64-1-111x150.webp 111w\" sizes=\"(max-width: 593px) 100vw, 593px\" \/>                    <\/a>\n    <\/header>\n\n    <div class=\"post-card__content\">\n        \n        \n        <h3 class=\"post-card__title\">\n            <a href=\"https:\/\/fpabramo.org.br\/es\/revista\/reconexao-periferias\/ocupar-as-ruas-por-mais-democracia-e-com-novos-atores\/\">Ocupar as ruas por mais democracia e com novos atores<\/a>\n        <\/h3>\n\n        <div class=\"post-card__meta\">\n\n            \n            \n        <\/div>\n\n\n        \n                    <div class=\"post-card__meta post-card__meta--pods\">\n\n                <div class=\"post-card__taxonomy post-card__taxonomy--tipo_material\"><a href=\"https:\/\/fpabramo.org.br\/es\/tipo-material\/revista\/\" class=\"term-badge term-badge--tipo_material term-badge--tipo_material-revista\" style=\"background-color:#006157;border: 1px solid #00bd9d;\">Revista<\/a><\/div>\n\n                \n            <\/div>\n        \n                            <div class=\"post-card__edicao-data\">\n\n                                                    <div class=\"revista-edicao-group\">\n                                <span class=\"revista-edicao-label\">\n                                    Edici\u00f3n                                <\/span>\n\n                                <span class=\"revista-edicao revista-edicao-64\">\n                                    64                                <\/span>\n                            <\/div>\n                                                <span class=\"infos-separator\">|<\/span>\n                                                    <span class=\"revista-mes-ano\">\n                                Setembro e Outubro de 2025                            <\/span>\n                        \n                    <\/div>\n                \n    <\/div>\n<\/article>\n\n                <\/div>\n                            <div class=\"swiper-slide\">\n                \n<article id=\"post-ID-115752-69f0b4c0e515a\" class=\"post-card post-card--revista  swiper-slide\">\n\n    <header class=\"post-card__image\">\n                            <div class=\"post-card__edicao-revista\">\n\n                                                    <div class=\"revista-edicao-group\">\n                                <span class=\"revista-edicao-label\">\n                                    Edici\u00f3n                                <\/span>\n\n                                <span class=\"revista-edicao revista-edicao-212\">\n                                    #212                                <\/span>\n                            <\/div>\n                        \n                                                    <span class=\"revista-mes-ano\">\n                                Outubro 2025                            <\/span>\n                        \n                    <\/div>\n                         <a href=\"https:\/\/fpabramo.org.br\/es\/revista\/revista-focus\/focus-brasil-212-farra-inss-golden-boys-bolsonaro\/\" aria-label=\"Focus Brasil #212 \u2013 Luxo, propina e corrup\u00e7\u00e3o: os Golden Boys do bolsonarismo na Farra do INSS\">\n                            <img decoding=\"async\" width=\"1334\" height=\"750\" src=\"https:\/\/fpabramo.org.br\/wp-content\/uploads\/2025\/10\/11-banner-thumb-focus-capa-212.png\" class=\"attachment-card-large size-card-large wp-post-image\" alt=\"\" srcset=\"https:\/\/fpabramo.org.br\/wp-content\/uploads\/2025\/10\/11-banner-thumb-focus-capa-212.png 1334w, https:\/\/fpabramo.org.br\/wp-content\/uploads\/2025\/10\/11-banner-thumb-focus-capa-212-300x169.png 300w, https:\/\/fpabramo.org.br\/wp-content\/uploads\/2025\/10\/11-banner-thumb-focus-capa-212-1024x576.png 1024w, https:\/\/fpabramo.org.br\/wp-content\/uploads\/2025\/10\/11-banner-thumb-focus-capa-212-768x432.png 768w, https:\/\/fpabramo.org.br\/wp-content\/uploads\/2025\/10\/11-banner-thumb-focus-capa-212-1200x675.png 1200w\" sizes=\"(max-width: 1334px) 100vw, 1334px\" \/>                    <\/a>\n    <\/header>\n\n    <div class=\"post-card__content\">\n        \n        \n        <h3 class=\"post-card__title\">\n            <a href=\"https:\/\/fpabramo.org.br\/es\/revista\/revista-focus\/focus-brasil-212-farra-inss-golden-boys-bolsonaro\/\">Focus Brasil #212 \u2013 Luxo, propina e corrup\u00e7\u00e3o: os Golden Boys do bolsonarismo na Farra do INSS<\/a>\n        <\/h3>\n\n        <div class=\"post-card__meta\">\n\n            \n            \n        <\/div>\n\n\n        \n                    <div class=\"post-card__meta post-card__meta--pods\">\n\n                <div class=\"post-card__taxonomy post-card__taxonomy--tipo_material\"><a href=\"https:\/\/fpabramo.org.br\/es\/tipo-material\/revista\/\" class=\"term-badge term-badge--tipo_material term-badge--tipo_material-revista\" style=\"background-color:#006157;border: 1px solid #00bd9d;\">Revista<\/a><\/div>\n\n                \n            <\/div>\n        \n                            <div class=\"post-card__edicao-data\">\n\n                                                    <div class=\"revista-edicao-group\">\n                                <span class=\"revista-edicao-label\">\n                                    Edici\u00f3n                                <\/span>\n\n                                <span class=\"revista-edicao revista-edicao-212\">\n                                    #212                                <\/span>\n                            <\/div>\n                                                <span class=\"infos-separator\">|<\/span>\n                                                    <span class=\"revista-mes-ano\">\n                                Outubro 2025                            <\/span>\n                        \n                    <\/div>\n                \n    <\/div>\n<\/article>\n\n                <\/div>\n                        <\/div>\n            <div class=\"swiper-pagination\"><\/div>\n                            <div class=\"swiper-button-prev\">\n                    \n    <svg width=\"40\" height=\"40\" version=\"1.1\" viewBox=\"0 0 40 40\" xmlns=\"http:\/\/www.w3.org\/2000\/svg\">\n        <circle cx=\"20\" cy=\"20\" r=\"20\" fill=\"#fff\"\/>\n        <path d=\"m18.8 20 4.6-4.6-1.4-1.4-6 6 6 6 1.4-1.4z\" fill=\"#1c1b1f\"\/>\n    <\/svg>\n                    <\/div>\n                <div class=\"swiper-button-next\">\n                    \n    <svg width=\"40\" height=\"40\" version=\"1.1\" viewBox=\"0 0 40 40\" xmlns=\"http:\/\/www.w3.org\/2000\/svg\">\n        <circle cx=\"20\" cy=\"20\" r=\"20\" fill=\"#fff\"\/>\n        <path d=\"m20.6 20-4.6-4.6 1.4-1.4 6 6-6 6-1.4-1.4z\" fill=\"#1c1b1f\"\/>\n    <\/svg>\n                    <\/div>\n                    <\/section>\n    <\/div>\n\n    \n\n\n<div class=\"wp-block-group alignwide is-content-justification-right is-layout-constrained wp-container-core-group-is-layout-f1f2ed93 wp-block-group-is-layout-constrained\">\n<div class=\"wp-block-group link-listings is-content-justification-right is-nowrap is-layout-flex wp-container-core-group-is-layout-82baacbd wp-block-group-is-layout-flex\">\n<p class=\"has-text-align-left has-tertiary-dark-color has-text-color has-link-color has-x-small-font-size wp-elements-041318775205e5aeb6e088bfd8920892\" style=\"letter-spacing:1.9px;text-transform:uppercase\"><a href=\"#\"><\/a><a href=\"https:\/\/fpabramo.org.br\/es\/revista\/revista-focus\/\">Todas as edi\u00e7\u00f5es<\/a><\/p>\n\n\n\n<figure class=\"wp-block-image size-full\"><a href=\"https:\/\/fpabramo.org.br\/es\/revista\/revista-focus\/\"><img decoding=\"async\" src=\"https:\/\/fpabramo.org.br\/wp-content\/uploads\/2025\/10\/east.png\" alt=\"\" class=\"wp-image-228\"\/><\/a><\/figure>\n<\/div>\n<\/div>\n<\/div>\n\n\n\n<p><\/p>\n","protected":false},"excerpt":{"rendered":"<p>Todas las noticias de esta edici\u00f3n Noticias destacadas Todas lAS noticias Art\u00edculos mas art\u00edculos Entrevistas Figuras destacadas de la pol\u00edtica, la academia y las artes ofrecen an\u00e1lisis importantes de la realidad brasile\u00f1a. mas Entrevistas Semana en debate Mas v\u00eddeos Ediciones anteriores Todas as edi\u00e7\u00f5es<\/p>\n","protected":false},"author":96,"featured_media":188831,"parent":0,"menu_order":0,"comment_status":"closed","ping_status":"closed","template":"","meta":{"_eb_attr":"","footnotes":""},"categories":[90],"area":[6474,639],"projeto":[],"tema":[],"coauthors":[7007],"class_list":["post-90531","page","type-page","status-publish","has-post-thumbnail","hentry","category-noticias","area-revista-focus"],"_links":{"self":[{"href":"https:\/\/fpabramo.org.br\/es\/wp-json\/wp\/v2\/pages\/90531","targetHints":{"allow":["GET"]}}],"collection":[{"href":"https:\/\/fpabramo.org.br\/es\/wp-json\/wp\/v2\/pages"}],"about":[{"href":"https:\/\/fpabramo.org.br\/es\/wp-json\/wp\/v2\/types\/page"}],"author":[{"embeddable":true,"href":"https:\/\/fpabramo.org.br\/es\/wp-json\/wp\/v2\/users\/96"}],"replies":[{"embeddable":true,"href":"https:\/\/fpabramo.org.br\/es\/wp-json\/wp\/v2\/comments?post=90531"}],"version-history":[{"count":10,"href":"https:\/\/fpabramo.org.br\/es\/wp-json\/wp\/v2\/pages\/90531\/revisions"}],"predecessor-version":[{"id":187988,"href":"https:\/\/fpabramo.org.br\/es\/wp-json\/wp\/v2\/pages\/90531\/revisions\/187988"}],"wp:featuredmedia":[{"embeddable":true,"href":"https:\/\/fpabramo.org.br\/es\/wp-json\/wp\/v2\/media\/188831"}],"wp:attachment":[{"href":"https:\/\/fpabramo.org.br\/es\/wp-json\/wp\/v2\/media?parent=90531"}],"wp:term":[{"taxonomy":"category","embeddable":true,"href":"https:\/\/fpabramo.org.br\/es\/wp-json\/wp\/v2\/categories?post=90531"},{"taxonomy":"area","embeddable":true,"href":"https:\/\/fpabramo.org.br\/es\/wp-json\/wp\/v2\/area?post=90531"},{"taxonomy":"projeto","embeddable":true,"href":"https:\/\/fpabramo.org.br\/es\/wp-json\/wp\/v2\/projeto?post=90531"},{"taxonomy":"tema","embeddable":true,"href":"https:\/\/fpabramo.org.br\/es\/wp-json\/wp\/v2\/tema?post=90531"},{"taxonomy":"author","embeddable":true,"href":"https:\/\/fpabramo.org.br\/es\/wp-json\/wp\/v2\/coauthors?post=90531"}],"curies":[{"name":"wp","href":"https:\/\/api.w.org\/{rel}","templated":true}]}}