{"id":136160,"date":"2023-08-21T12:57:15","date_gmt":"2023-08-21T15:57:15","guid":{"rendered":"https:\/\/fpabramo.org.br\/sobre-cooperacao-internacional\/"},"modified":"2026-03-16T13:32:20","modified_gmt":"2026-03-16T16:32:20","slug":"sobre-cooperacao-internacional","status":"publish","type":"page","link":"https:\/\/fpabramo.org.br\/es\/cooperacao-internacional\/sobre-cooperacao-internacional\/","title":{"rendered":"Sobre Coopera\u00e7\u00e3o Internacional"},"content":{"rendered":"\n<h2 class=\"wp-block-heading has-text-align-center page-title\" id=\"h-sobre-a-cooperacao-internacional\">Sobre la Cooperaci\u00f3n Internacional<\/h2>\n\n\n\n<div class=\"wp-block-cover alignfull is-light\"><span aria-hidden=\"true\" class=\"wp-block-cover__background has-high-light-background-color has-background-dim-100 has-background-dim\"><\/span><div class=\"wp-block-cover__inner-container is-layout-flow wp-block-cover-is-layout-flow\">\n<div class=\"wp-block-columns is-layout-flex wp-container-core-columns-is-layout-28f84493 wp-block-columns-is-layout-flex\">\n<div class=\"wp-block-column is-vertically-aligned-center sobre-content-inicio is-layout-flow wp-block-column-is-layout-flow\" style=\"flex-basis:52%\">\n<h3 class=\"wp-block-heading has-text-align-center\" id=\"h-apresentacao-do-nucleo-de-cooperacao-internacional\"><strong>Presentaci\u00f3n del Centro de Cooperaci\u00f3n Internacional<\/strong><\/h3>\n\n\n\n<figure class=\"wp-block-image aligncenter size-large is-resized\"><img decoding=\"async\" src=\"https:\/\/fpabramo.org.br\/wp-content\/uploads\/2023\/11\/97-Torres-Garcia-America-Inverted-810x1024.jpg\" alt=\"\" class=\"wp-image-642\" style=\"width:423px;height:auto\"\/><figcaption class=\"wp-element-caption\"><em>Joaqu\u00edn Torres-Garc\u00eda, Am\u00e9rica invertida, 1943, tinta sobre papel, 22 x 16 cm (Fundaci\u00f3n Torres Garc\u00eda, Montevideo)<\/em><\/figcaption><\/figure>\n\n\n\n<p class=\"has-text-align-center\">Creado en 2003, el Centro de Cooperaci\u00f3n Internacional de la Fundaci\u00f3n Perseu Abramo tiene como objetivo estimular y fomentar el debate pol\u00edtico sobre los grandes temas mundiales, sobre la pol\u00edtica exterior de los gobiernos del Partido de los Trabajadores, as\u00ed como sobre la pol\u00edtica internacional de los partidos de izquierda y progresistas, especialmente en Am\u00e9rica Latina y el Caribe.<\/p>\n\n\n\n<p class=\"has-text-align-center\">Su labor se centra en establecer, ampliar y profundizar las relaciones de intercambio y cooperaci\u00f3n con instituciones similares, especialmente en el intercambio de ideas y experiencias.<\/p>\n\n\n\n<p class=\"has-text-align-center\">Para lograr este objetivo, el Centro de Cooperaci\u00f3n Internacional (CCI) lleva a cabo diversas actividades \u2014incluyendo conferencias, seminarios, cursos, debates, publicaci\u00f3n de textos, viajes de intercambio, etc.\u2014 siempre que es posible, en colaboraci\u00f3n con fundaciones, instituciones acad\u00e9micas y organizaciones nacionales e internacionales de estudio e investigaci\u00f3n.<\/p>\n\n\n\n<p class=\"has-text-align-center\">Equipo<\/p>\n\n\n\n<p class=\"has-text-align-center\">Valter Pomar, director<\/p>\n\n\n\n<p class=\"has-text-align-center\">Mila Frati, coordinador<\/p>\n\n\n\n<p class=\"has-text-align-center\">Fabio El-Khouri, tutor<\/p>\n\n\n\n<p class=\"has-text-align-center\">Ananda Mendez Inacio, tutor<\/p>\n\n\n\n<p class=\"has-text-align-center\">Contacto: <a href=\"mailto:internacional@fpabramo.org.br\">internacional@fpabramo.org.br<\/a><\/p>\n\n\n\n<h2 class=\"wp-block-heading has-text-align-center\" id=\"h-acesse-o-canal-da-fundacao-perseu-abramo\">Acceda al Canal de la Fundaci\u00f3n Perseu Abramo<\/h2>\n\n\n\n<figure class=\"wp-block-embed is-type-video is-provider-youtube wp-block-embed-youtube wp-embed-aspect-16-9 wp-has-aspect-ratio\"><div class=\"wp-block-embed__wrapper\">\n<iframe loading=\"lazy\" title=\"Janela Internacional #1 | Plano de trabalho da diretoria de Coopera\u00e7\u00e3o Internacional da FPA\" width=\"500\" height=\"281\" src=\"https:\/\/www.youtube.com\/embed\/ijya3oSMB-8?feature=oembed\" frameborder=\"0\" allow=\"accelerometer; autoplay; clipboard-write; encrypted-media; gyroscope; picture-in-picture; web-share\" referrerpolicy=\"strict-origin-when-cross-origin\" allowfullscreen><\/iframe>\n<\/div><\/figure>\n<\/div>\n<\/div>\n<\/div><\/div>\n\n\n\n<div class=\"wp-block-cover alignfull is-light\"><span aria-hidden=\"true\" class=\"wp-block-cover__background has-high-light-background-color has-background-dim-100 has-background-dim\"><\/span><div class=\"wp-block-cover__inner-container is-layout-flow wp-block-cover-is-layout-flow\">\n<div class=\"wp-block-columns is-layout-flex wp-container-core-columns-is-layout-28f84493 wp-block-columns-is-layout-flex\">\n<div class=\"wp-block-column sobre-content-fim is-layout-flow wp-block-column-is-layout-flow\" style=\"flex-basis:52%\">\n<div class=\"wp-block-columns colunas-equipe-a is-layout-flex wp-container-core-columns-is-layout-28f84493 wp-block-columns-is-layout-flex\">\n<div class=\"wp-block-column is-layout-flow wp-block-column-is-layout-flow\"><\/div>\n<\/div>\n\n\n\n<div class=\"wp-block-columns is-layout-flex wp-container-core-columns-is-layout-28f84493 wp-block-columns-is-layout-flex\">\n<div class=\"wp-block-column is-vertically-aligned-top is-layout-flow wp-block-column-is-layout-flow\" style=\"flex-basis:33.33%\">\n<p class=\"share\">COMPARTILHE:<\/p>\n<\/div>\n\n\n\n<div class=\"wp-block-column is-vertically-aligned-center share-links-desktop is-layout-flow wp-block-column-is-layout-flow\" style=\"flex-basis:66.66%\"><p>[share]<\/p>\n<\/div>\n<\/div>\n<\/div>\n<\/div>\n<\/div><\/div>\n","protected":false},"excerpt":{"rendered":"<p>Sobre la Cooperaci\u00f3n Internacional<\/p>\n","protected":false},"author":1,"featured_media":0,"parent":118715,"menu_order":0,"comment_status":"closed","ping_status":"closed","template":"","meta":{"_eb_attr":"","footnotes":""},"categories":[],"area":[123],"projeto":[],"tema":[],"coauthors":[7007],"class_list":["post-136160","page","type-page","status-publish","hentry","area-cooperacao-internacional"],"_links":{"self":[{"href":"https:\/\/fpabramo.org.br\/es\/wp-json\/wp\/v2\/pages\/136160","targetHints":{"allow":["GET"]}}],"collection":[{"href":"https:\/\/fpabramo.org.br\/es\/wp-json\/wp\/v2\/pages"}],"about":[{"href":"https:\/\/fpabramo.org.br\/es\/wp-json\/wp\/v2\/types\/page"}],"author":[{"embeddable":true,"href":"https:\/\/fpabramo.org.br\/es\/wp-json\/wp\/v2\/users\/1"}],"replies":[{"embeddable":true,"href":"https:\/\/fpabramo.org.br\/es\/wp-json\/wp\/v2\/comments?post=136160"}],"version-history":[{"count":0,"href":"https:\/\/fpabramo.org.br\/es\/wp-json\/wp\/v2\/pages\/136160\/revisions"}],"up":[{"embeddable":true,"href":"https:\/\/fpabramo.org.br\/es\/wp-json\/wp\/v2\/pages\/118715"}],"wp:attachment":[{"href":"https:\/\/fpabramo.org.br\/es\/wp-json\/wp\/v2\/media?parent=136160"}],"wp:term":[{"taxonomy":"category","embeddable":true,"href":"https:\/\/fpabramo.org.br\/es\/wp-json\/wp\/v2\/categories?post=136160"},{"taxonomy":"area","embeddable":true,"href":"https:\/\/fpabramo.org.br\/es\/wp-json\/wp\/v2\/area?post=136160"},{"taxonomy":"projeto","embeddable":true,"href":"https:\/\/fpabramo.org.br\/es\/wp-json\/wp\/v2\/projeto?post=136160"},{"taxonomy":"tema","embeddable":true,"href":"https:\/\/fpabramo.org.br\/es\/wp-json\/wp\/v2\/tema?post=136160"},{"taxonomy":"author","embeddable":true,"href":"https:\/\/fpabramo.org.br\/es\/wp-json\/wp\/v2\/coauthors?post=136160"}],"curies":[{"name":"wp","href":"https:\/\/api.w.org\/{rel}","templated":true}]}}