{"id":135587,"date":"2026-02-03T06:48:10","date_gmt":"2026-02-03T09:48:10","guid":{"rendered":"https:\/\/fpabramo.org.br\/trabalho-de-base\/"},"modified":"2026-03-16T19:22:05","modified_gmt":"2026-03-16T22:22:05","slug":"trabalho-de-base","status":"publish","type":"page","link":"https:\/\/fpabramo.org.br\/es\/trabalho-de-base\/","title":{"rendered":"Trabalho de base"},"content":{"rendered":"\n<div class=\"wp-block-cover alignfull banner-cooperacao-internacional banner-centro-de-memoria\" style=\"min-height:82px;aspect-ratio:unset;\"><img decoding=\"async\" width=\"1024\" height=\"85\" class=\"wp-block-cover__image-background wp-image-120174 size-large\" alt=\"\" src=\"https:\/\/fpabramo.org.br\/wp-content\/uploads\/2026\/02\/bannerTrabalhoBase-1024x85.webp\" data-object-fit=\"cover\" srcset=\"https:\/\/fpabramo.org.br\/wp-content\/uploads\/2026\/02\/bannerTrabalhoBase-1024x85.webp 1024w, https:\/\/fpabramo.org.br\/wp-content\/uploads\/2026\/02\/bannerTrabalhoBase-300x25.webp 300w, https:\/\/fpabramo.org.br\/wp-content\/uploads\/2026\/02\/bannerTrabalhoBase-150x13.webp 150w, https:\/\/fpabramo.org.br\/wp-content\/uploads\/2026\/02\/bannerTrabalhoBase-768x64.webp 768w, https:\/\/fpabramo.org.br\/wp-content\/uploads\/2026\/02\/bannerTrabalhoBase.webp 1440w\" sizes=\"(max-width: 1024px) 100vw, 1024px\" \/><span aria-hidden=\"true\" class=\"wp-block-cover__background has-background-dim-10 has-background-dim\"><\/span><div class=\"wp-block-cover__inner-container is-layout-constrained wp-block-cover-is-layout-constrained\">\n<div class=\"wp-block-columns alignwide is-layout-flex wp-container-core-columns-is-layout-28f84493 wp-block-columns-is-layout-flex\">\n<div class=\"wp-block-column is-layout-flow wp-block-column-is-layout-flow\" style=\"flex-basis:631px\">\n<h2 class=\"wp-block-heading has-xx-large-font-size\">Trabajo de base<\/h2>\n<\/div>\n<\/div>\n<\/div><\/div>\n\n\n\n<div class=\"wp-block-columns alignwide block-line-1 is-layout-flex wp-container-core-columns-is-layout-28f84493 wp-block-columns-is-layout-flex\">\n<div class=\"wp-block-column is-layout-flow wp-block-column-is-layout-flow\">\n<h2 class=\"wp-block-heading\">\u00bfPor qu\u00e9 hacer trabajo de base?<\/h2>\n\n\n\n<p>Estamos felices de darle la bienvenida aqu\u00ed y compartir este viaje de transformaci\u00f3n social. <strong>El trabajo de base es una herramienta poderosa para promover un cambio significativo en nuestras comunidades y estamos emocionados de tenerlo con nosotros en esta misi\u00f3n.<\/strong><\/p>\n\n\n\n<p>Aqu\u00ed encontrar\u00e1s todo lo que necesitas para iniciar y desarrollar tu trabajo de base de forma eficaz y con impacto. Queremos ofrecerte una gu\u00eda clara y pr\u00e1ctica para que te sientas seguro y preparado para afrontar los retos que encuentres en el camino.<\/p>\n<\/div>\n\n\n\n<div class=\"wp-block-column is-layout-flow wp-block-column-is-layout-flow\">\n<figure class=\"wp-block-image size-full\"><img decoding=\"async\" width=\"515\" height=\"363\" src=\"https:\/\/fpabramo.org.br\/wp-content\/uploads\/2026\/03\/image-intro.webp\" alt=\"\" class=\"wp-image-187718\" style=\"object-fit:cover\" srcset=\"https:\/\/fpabramo.org.br\/wp-content\/uploads\/2026\/03\/image-intro.webp 515w, https:\/\/fpabramo.org.br\/wp-content\/uploads\/2026\/03\/image-intro-300x211.webp 300w, https:\/\/fpabramo.org.br\/wp-content\/uploads\/2026\/03\/image-intro-150x106.webp 150w\" sizes=\"(max-width: 515px) 100vw, 515px\" \/><\/figure>\n<\/div>\n<\/div>\n\n\n\n<div class=\"wp-block-cover alignwide is-light cover-form\" style=\"border-radius:80px;margin-top:0;margin-bottom:0\"><span aria-hidden=\"true\" class=\"wp-block-cover__background has-primary-light-background-color has-background-dim-100 has-background-dim\"><\/span><div class=\"wp-block-cover__inner-container is-layout-constrained wp-block-cover-is-layout-constrained\">\n<div class=\"wp-block-columns alignwide is-layout-flex wp-container-core-columns-is-layout-28f84493 wp-block-columns-is-layout-flex\">\n<div class=\"wp-block-column is-vertically-aligned-top is-layout-flow wp-block-column-is-layout-flow\">\n<figure class=\"wp-block-image aligncenter size-full is-resized image-form-desk\"><img decoding=\"async\" width=\"295\" height=\"423\" src=\"https:\/\/fpabramo.org.br\/wp-content\/uploads\/2026\/02\/image-trabalho-de-base-1.webp\" alt=\"\" class=\"wp-image-119839\" style=\"width:344px;height:auto\" srcset=\"https:\/\/fpabramo.org.br\/wp-content\/uploads\/2026\/02\/image-trabalho-de-base-1.webp 295w, https:\/\/fpabramo.org.br\/wp-content\/uploads\/2026\/02\/image-trabalho-de-base-1-209x300.webp 209w, https:\/\/fpabramo.org.br\/wp-content\/uploads\/2026\/02\/image-trabalho-de-base-1-105x150.webp 105w\" sizes=\"(max-width: 295px) 100vw, 295px\" \/><\/figure>\n\n\n\n<figure class=\"wp-block-image size-full image-form-mob\"><img decoding=\"async\" width=\"574\" height=\"289\" src=\"https:\/\/fpabramo.org.br\/wp-content\/uploads\/2026\/03\/Captura-de-tela-de-2026-02-20-14-09-14.webp\" alt=\"\" class=\"wp-image-187738\" srcset=\"https:\/\/fpabramo.org.br\/wp-content\/uploads\/2026\/03\/Captura-de-tela-de-2026-02-20-14-09-14.webp 574w, https:\/\/fpabramo.org.br\/wp-content\/uploads\/2026\/03\/Captura-de-tela-de-2026-02-20-14-09-14-300x151.webp 300w, https:\/\/fpabramo.org.br\/wp-content\/uploads\/2026\/03\/Captura-de-tela-de-2026-02-20-14-09-14-150x76.webp 150w\" sizes=\"(max-width: 574px) 100vw, 574px\" \/><\/figure>\n<\/div>\n\n\n\n<div class=\"wp-block-column is-layout-flow wp-block-column-is-layout-flow\">\n<div class=\"wp-block-contact-form-7-contact-form-selector\">\n<div class=\"wpcf7 no-js\" id=\"wpcf7-f136336-o1\" lang=\"pt-BR\" dir=\"ltr\" data-wpcf7-id=\"136336\">\n<div class=\"screen-reader-response\"><p role=\"status\" aria-live=\"polite\" aria-atomic=\"true\"><\/p> <ul><\/ul><\/div>\n<form action=\"\/es\/wp-json\/wp\/v2\/pages\/135587#wpcf7-f136336-o1\" method=\"post\" class=\"wpcf7-form init\" aria-label=\"Formul\u00e1rios de contato\" novalidate=\"novalidate\" data-status=\"init\">\n<fieldset class=\"hidden-fields-container\"><input type=\"hidden\" name=\"_wpcf7\" value=\"136336\" \/><input type=\"hidden\" name=\"_wpcf7_version\" value=\"6.1.5\" \/><input type=\"hidden\" name=\"_wpcf7_locale\" value=\"pt_BR\" \/><input type=\"hidden\" name=\"_wpcf7_unit_tag\" value=\"wpcf7-f136336-o1\" \/><input type=\"hidden\" name=\"_wpcf7_container_post\" value=\"0\" \/><input type=\"hidden\" name=\"_wpcf7_posted_data_hash\" value=\"\" \/><input type=\"hidden\" name=\"_wpcf7_recaptcha_response\" value=\"\" \/>\n<\/fieldset>\n<div class=\"form-group\">\n\t<p><span class=\"wpcf7-form-control-wrap\" data-name=\"nome-completo\"><input size=\"40\" maxlength=\"400\" class=\"wpcf7-form-control wpcf7-text wpcf7-validates-as-required\" aria-required=\"true\" aria-invalid=\"false\" placeholder=\"NOMBRE COMPLETO\" value=\"\" type=\"text\" name=\"nome-completo\" \/><\/span>\n\t<\/p>\n<\/div>\n<div class=\"form-group\">\n\t<p><span class=\"wpcf7-form-control-wrap\" data-name=\"estado\"><select class=\"wpcf7-form-control wpcf7-select wpcf7-validates-as-required\" aria-required=\"true\" aria-invalid=\"false\" name=\"estado\"><option value=\"\">ESTADO<\/option><option value=\"AC\">AC<\/option><option value=\"AL\">AL<\/option><option value=\"AP\">AP<\/option><option value=\"AM\">AM<\/option><option value=\"BA\">BA<\/option><option value=\"CE\">CE<\/option><option value=\"DF\">DF<\/option><option value=\"ES\">ES<\/option><option value=\"GO\">GO<\/option><option value=\"MA\">MA<\/option><option value=\"MT\">MT<\/option><option value=\"MS\">MS<\/option><option value=\"MG\">MG<\/option><option value=\"PA\">PA<\/option><option value=\"PB\">PB<\/option><option value=\"PR\">PR<\/option><option value=\"PE\">PE<\/option><option value=\"PI\">PI<\/option><option value=\"RJ\">RJ<\/option><option value=\"RN\">RN<\/option><option value=\"RS\">RS<\/option><option value=\"RO\">RO<\/option><option value=\"RR\">RR<\/option><option value=\"SC\">SC<\/option><option value=\"SP\">SP<\/option><option value=\"SE\">SE<\/option><option value=\"TO\">TO<\/option><\/select><\/span>\n\t<\/p>\n<\/div>\n<div class=\"form-group\">\n\t<p><span class=\"wpcf7-form-control-wrap\" data-name=\"email\"><input size=\"40\" maxlength=\"400\" class=\"wpcf7-form-control wpcf7-email wpcf7-validates-as-required wpcf7-text wpcf7-validates-as-email\" aria-required=\"true\" aria-invalid=\"false\" placeholder=\"CORREO ELECTR\u00d3NICO\" value=\"\" type=\"email\" name=\"email\" \/><\/span>\n\t<\/p>\n<\/div>\n<div class=\"form-group\">\n\t<p><span class=\"wpcf7-form-control-wrap\" data-name=\"telefone\"><input size=\"40\" maxlength=\"400\" class=\"wpcf7-form-control wpcf7-tel wpcf7-validates-as-required wpcf7-text wpcf7-validates-as-tel\" aria-required=\"true\" aria-invalid=\"false\" placeholder=\"TEL\u00c9FONO\" value=\"\" type=\"tel\" name=\"telefone\" \/><\/span>\n\t<\/p>\n<\/div>\n<div class=\"form-group\">\n\t<p><span class=\"wpcf7-form-control-wrap\" data-name=\"causa\"><input size=\"40\" maxlength=\"400\" class=\"wpcf7-form-control wpcf7-text wpcf7-validates-as-required\" aria-required=\"true\" aria-invalid=\"false\" placeholder=\"\u00bfCU\u00c1L ES SU CAUSA?\" value=\"\" type=\"text\" name=\"causa\" \/><\/span>\n\t<\/p>\n<\/div>\n<div class=\"form-group\">\n\t<p><span class=\"wpcf7-form-control-wrap\" data-name=\"mensagem\"><textarea cols=\"40\" rows=\"10\" maxlength=\"2000\" class=\"wpcf7-form-control wpcf7-textarea wpcf7-validates-as-required\" aria-required=\"true\" aria-invalid=\"false\" placeholder=\"ESCRIBA AQU\u00cd SU MENSAJE\" name=\"mensagem\"><\/textarea><\/span>\n\t<\/p>\n<\/div>\n<div class=\"form-terms\">\n\t<p><span class=\"wpcf7-form-control-wrap\" data-name=\"acceptance-427\"><span class=\"wpcf7-form-control wpcf7-acceptance optional\"><span class=\"wpcf7-list-item\"><label><input type=\"checkbox\" name=\"acceptance-427\" value=\"1\" class=\"form-terms\" aria-invalid=\"false\" \/><span class=\"wpcf7-list-item-label\"><a href=\"https:\/\/fpabramo.org.br\/es\/termos-de-uso\/\">Acepto los T\u00e9rminos de Uso y la Pol\u00edtica de Privacidad de la Fundaci\u00f3n Perseu Abramo.<\/a><\/span><\/label><\/span><\/span><\/span>\n\t<\/p>\n<\/div>\n<div class=\"form-submit\">\n\t<p><button type=\"submit\" class=\"wpcf7-submit\"><br \/>\n<span class=\"btn-text\">Enviar<\/span><br \/>\n<span class=\"btn-icon\"><\/span><br \/>\n<\/button>\n\t<\/p>\n<\/div><div class=\"wpcf7-response-output\" aria-hidden=\"true\"><\/div>\n<\/form>\n<\/div>\n<\/div>\n<\/div>\n<\/div>\n<\/div><\/div>\n\n\n\n<div class=\"wp-block-cover alignfull cartilha-download\"><img decoding=\"async\" width=\"1024\" height=\"400\" class=\"wp-block-cover__image-background wp-image-187741 size-full\" alt=\"\" src=\"https:\/\/fpabramo.org.br\/wp-content\/uploads\/2026\/03\/image-42-1024x400-1.webp\" data-object-fit=\"cover\" srcset=\"https:\/\/fpabramo.org.br\/wp-content\/uploads\/2026\/03\/image-42-1024x400-1.webp 1024w, https:\/\/fpabramo.org.br\/wp-content\/uploads\/2026\/03\/image-42-1024x400-1-300x117.webp 300w, https:\/\/fpabramo.org.br\/wp-content\/uploads\/2026\/03\/image-42-1024x400-1-150x59.webp 150w, https:\/\/fpabramo.org.br\/wp-content\/uploads\/2026\/03\/image-42-1024x400-1-768x300.webp 768w\" sizes=\"(max-width: 1024px) 100vw, 1024px\" \/><span aria-hidden=\"true\" class=\"wp-block-cover__background has-background-dim-0 has-background-dim\" style=\"background-color:#a7454e\"><\/span><div class=\"wp-block-cover__inner-container is-layout-constrained wp-block-cover-is-layout-constrained\">\n<div class=\"wp-block-columns alignwide is-layout-flex wp-container-core-columns-is-layout-28f84493 wp-block-columns-is-layout-flex\">\n<div class=\"wp-block-column is-layout-flow wp-block-column-is-layout-flow\">\n<figure class=\"wp-block-image size-full\"><img decoding=\"async\" width=\"329\" height=\"491\" src=\"https:\/\/fpabramo.org.br\/wp-content\/uploads\/2026\/03\/flyer-base.webp\" alt=\"\" class=\"wp-image-187735\" srcset=\"https:\/\/fpabramo.org.br\/wp-content\/uploads\/2026\/03\/flyer-base.webp 329w, https:\/\/fpabramo.org.br\/wp-content\/uploads\/2026\/03\/flyer-base-201x300.webp 201w, https:\/\/fpabramo.org.br\/wp-content\/uploads\/2026\/03\/flyer-base-101x150.webp 101w\" sizes=\"(max-width: 329px) 100vw, 329px\" \/><\/figure>\n<\/div>\n\n\n\n<div class=\"wp-block-column is-vertically-aligned-center is-layout-flow wp-block-column-is-layout-flow\" style=\"flex-basis:370px\">\n<h2 class=\"wp-block-heading\">Descarga tu gu\u00eda completa aqu\u00ed.<\/h2>\n\n\n\n<p>Descarga gratis nuestra gu\u00eda completa, repleta de consejos pr\u00e1cticos, instrucciones detalladas paso a paso y ejemplos inspiradores para empezar a trabajar en tus bases hoy mismo.<\/p>\n\n\n\n<div class=\"wp-block-buttons is-layout-flex wp-block-buttons-is-layout-flex\">\n<div class=\"wp-block-button\"><a class=\"wp-block-button__link has-primary-pure-background-color has-background wp-element-button\" href=\"https:\/\/fpabramo.org.br\/trabalho-de-base\/wp-content\/uploads\/2025\/03\/CARTILHA-TRABALHO-DE-BASE_2oed.pdf\">Descargar ahora<\/a><\/div>\n<\/div>\n<\/div>\n\n\n\n<div class=\"wp-block-column is-layout-flow wp-block-column-is-layout-flow\"><\/div>\n<\/div>\n<\/div><\/div>\n\n\n\n<div style=\"height:86px\" aria-hidden=\"true\" class=\"wp-block-spacer\"><\/div>\n\n\n\n<div class=\"wp-block-columns alignwide noticias-trabalho-de-base is-layout-flex wp-container-core-columns-is-layout-28f84493 wp-block-columns-is-layout-flex\">\n<div class=\"wp-block-column noticias-trabalho-de-base is-layout-flow wp-block-column-is-layout-flow\">\n<div class=\"wp-block-group is-content-justification-space-between is-nowrap is-layout-flex wp-container-core-group-is-layout-c280757d wp-block-group-is-layout-flex\">\n<div class=\"wp-block-group is-nowrap is-layout-flex wp-container-core-group-is-layout-fc054d2d wp-block-group-is-layout-flex\">\n<figure class=\"wp-block-image size-full\"><img decoding=\"async\" width=\"40\" height=\"40\" src=\"https:\/\/fpabramo.org.br\/wp-content\/uploads\/2026\/02\/newsmode-1.webp\" alt=\"\" class=\"wp-image-135789\"\/><\/figure>\n\n\n\n<h2 class=\"wp-block-heading has-x-large-font-size\" style=\"font-style:normal;font-weight:700\">Noticias<\/h2>\n<\/div>\n\n\n\n<h2 class=\"wp-block-heading has-x-large-font-size\" style=\"font-style:normal;font-weight:700\"><img decoding=\"async\" class=\"wp-image-7998\" style=\"width: 40px;\" src=\"http:\/\/localhost\/wp-content\/uploads\/2026\/02\/newsmode.png\" alt=\"\"><\/h2>\n\n\n\n<div class=\"wp-block-columns is-layout-flex wp-container-core-columns-is-layout-28f84493 wp-block-columns-is-layout-flex\">\n<div class=\"wp-block-column is-layout-flow wp-block-column-is-layout-flow\">\n<div class=\"wp-block-group link-listings link-listings-desktop is-content-justification-right is-nowrap is-layout-flex wp-container-core-group-is-layout-82baacbd wp-block-group-is-layout-flex\">\n<p class=\"has-text-align-left has-tertiary-dark-color has-text-color has-link-color has-x-small-font-size wp-elements-8430d3a1d83175e6168a0a40b1cee07f\" style=\"letter-spacing:1.9px;text-transform:uppercase\"><a href=\"https:\/\/fpabramo.org.br\/es\/noticias\/?tax_projeto=trabalho-de-base\"><strong>M\u00e1s NOTiCIAS<\/strong><\/a><\/p>\n\n\n\n<figure class=\"wp-block-image size-full\"><a href=\"https:\/\/fpabramo.org.br\/es\/noticias\/?tax_projeto=trabalho-de-base\"><img decoding=\"async\" src=\"https:\/\/fpabramo.org.br\/wp-content\/uploads\/2025\/10\/east.png\" alt=\"\" class=\"wp-image-228\"\/><\/a><\/figure>\n<\/div>\n<\/div>\n<\/div>\n<\/div>\n\n\n\n    <div class=\"hacklabr-posts-grid-block alignwide -gap-medium\" style=\"--grid-columns: 3\">\n        \n<article id=\"post-ID-189895-69f0b4bcb582d\" class=\"post-card post-card--post  swiper-slide\">\n\n    <header class=\"post-card__image\">\n                 <a href=\"https:\/\/fpabramo.org.br\/es\/cpmi-do-inss-chega-ao-fim-sem-um-relatorio-final\/\" aria-label=\"CPMI do INSS chega ao fim sem um relat\u00f3rio final\">\n                            <img decoding=\"async\" width=\"750\" height=\"500\" src=\"https:\/\/fpabramo.org.br\/wp-content\/uploads\/2026\/03\/cpmi-do-inss-gustavobezerra-1111.webp\" class=\"attachment-card-large size-card-large wp-post-image\" alt=\"\" srcset=\"https:\/\/fpabramo.org.br\/wp-content\/uploads\/2026\/03\/cpmi-do-inss-gustavobezerra-1111.webp 750w, https:\/\/fpabramo.org.br\/wp-content\/uploads\/2026\/03\/cpmi-do-inss-gustavobezerra-1111-300x200.webp 300w, https:\/\/fpabramo.org.br\/wp-content\/uploads\/2026\/03\/cpmi-do-inss-gustavobezerra-1111-150x100.webp 150w\" sizes=\"(max-width: 750px) 100vw, 750px\" \/>                    <\/a>\n    <\/header>\n\n    <div class=\"post-card__content\">\n                    <div class=\"post-card__category\">\n                                    <a class=\"tag tag--solid tag--category-noticia\" href=\"https:\/\/fpabramo.org.br\/category\/noticia\/\">\n                        Not\u00edcia                    <\/a>\n                            <\/div>\n        \n        \n        <h3 class=\"post-card__title\">\n            <a href=\"https:\/\/fpabramo.org.br\/es\/cpmi-do-inss-chega-ao-fim-sem-um-relatorio-final\/\">CPMI do INSS chega ao fim sem um relat\u00f3rio final<\/a>\n        <\/h3>\n\n        <div class=\"post-card__meta\">\n\n                            <div class=\"post-card__author\">\n\n                    <span class=\"post-card__by\">\n                        por                    <\/span>\n\n                    <a href=\"https:\/\/fpabramo.org.br\/es\/author\/fernanda-otero\/\" title=\"Entradas de Fernanda Otero\" class=\"author url fn\" rel=\"author\">Fernanda Otero<\/a>\n                <\/div>\n            \n                            <time class=\"post-card__date\">\n                    publicado                    31\/03\/2026                <\/time>\n            \n        <\/div>\n\n\n                                    <div class=\"post-card__excerpt\">\n                    Comiss\u00e3o encerra sete meses de trabalho sem aprovar parecer final; governistas levar\u00e3o&#8230;                <\/div>\n                    \n                    <div class=\"post-card__meta post-card__meta--pods\">\n\n                \n\n                <div class=\"post-card__taxonomy post-card__taxonomy--tema\"><a href=\"https:\/\/fpabramo.org.br\/es\/tema\/politica\/\" class=\"post-card__taxonomy-item\">Pol\u00edtica<\/a><\/div>\n            <\/div>\n        \n        \n    <\/div>\n<\/article>\n\n\n<article id=\"post-ID-189925-69f0b4bcb7042\" class=\"post-card post-card--post  swiper-slide\">\n\n    <header class=\"post-card__image\">\n                 <a href=\"https:\/\/fpabramo.org.br\/es\/mesa-5-debate-sobre-soberania-dos-povos\/\" aria-label=\"\u201cOs imperialistas n\u00e3o querem um povo que consiga avan\u00e7ar\u201d, diz Hossein Khaliloo em debate sobre soberania dos povos\">\n                            <img decoding=\"async\" width=\"2778\" height=\"1284\" src=\"https:\/\/fpabramo.org.br\/wp-content\/uploads\/2026\/03\/IMG_1219.webp\" class=\"attachment-card-large size-card-large wp-post-image\" alt=\"\" srcset=\"https:\/\/fpabramo.org.br\/wp-content\/uploads\/2026\/03\/IMG_1219.webp 2778w, https:\/\/fpabramo.org.br\/wp-content\/uploads\/2026\/03\/IMG_1219-300x139.webp 300w, https:\/\/fpabramo.org.br\/wp-content\/uploads\/2026\/03\/IMG_1219-1024x473.webp 1024w, https:\/\/fpabramo.org.br\/wp-content\/uploads\/2026\/03\/IMG_1219-150x69.webp 150w, https:\/\/fpabramo.org.br\/wp-content\/uploads\/2026\/03\/IMG_1219-768x355.webp 768w, https:\/\/fpabramo.org.br\/wp-content\/uploads\/2026\/03\/IMG_1219-1536x710.webp 1536w, https:\/\/fpabramo.org.br\/wp-content\/uploads\/2026\/03\/IMG_1219-2048x947.webp 2048w\" sizes=\"(max-width: 2778px) 100vw, 2778px\" \/>                    <\/a>\n    <\/header>\n\n    <div class=\"post-card__content\">\n                    <div class=\"post-card__category\">\n                                    <a class=\"tag tag--solid tag--category-noticias\" href=\"https:\/\/fpabramo.org.br\/es\/category\/noticias\/\">\n                        Noticias                    <\/a>\n                            <\/div>\n        \n        \n        <h3 class=\"post-card__title\">\n            <a href=\"https:\/\/fpabramo.org.br\/es\/mesa-5-debate-sobre-soberania-dos-povos\/\">\u201cOs imperialistas n\u00e3o querem um povo que consiga avan\u00e7ar\u201d, diz Hossein Khaliloo em debate sobre soberania dos povos<\/a>\n        <\/h3>\n\n        <div class=\"post-card__meta\">\n\n                            <div class=\"post-card__author\">\n\n                    <span class=\"post-card__by\">\n                        por                    <\/span>\n\n                    <a href=\"https:\/\/fpabramo.org.br\/es\/author\/fernanda-otero\/\" title=\"Entradas de Fernanda Otero\" class=\"author url fn\" rel=\"author\">Fernanda Otero<\/a>\n                <\/div>\n            \n                            <time class=\"post-card__date\">\n                    publicado                    31\/03\/2026                <\/time>\n            \n        <\/div>\n\n\n                                    <div class=\"post-card__excerpt\">\n                    Mesa da 1\u00aa Confer\u00eancia Internacional Antifascista, em Porto Alegre, reuniu representantes&#8230;                <\/div>\n                    \n                    <div class=\"post-card__meta post-card__meta--pods\">\n\n                \n\n                <div class=\"post-card__taxonomy post-card__taxonomy--tema\"><a href=\"https:\/\/fpabramo.org.br\/es\/tema\/politica\/\" class=\"post-card__taxonomy-item\">Pol\u00edtica<\/a><\/div>\n            <\/div>\n        \n        \n    <\/div>\n<\/article>\n\n\n<article id=\"post-ID-135277-69f0b4bcb805f\" class=\"post-card post-card--post  swiper-slide\">\n\n    <header class=\"post-card__image\">\n                 <a href=\"https:\/\/fpabramo.org.br\/es\/marcha-das-mulheres-negras-queremos-sair-do-fim-da-filatemos-pressa\/\" aria-label=\"Marcha das Mulheres Negras: \u201cQueremos sair do fim da fila,temos pressa\u201d\">\n                            <img decoding=\"async\" width=\"600\" height=\"350\" src=\"https:\/\/fpabramo.org.br\/wp-content\/uploads\/2025\/12\/99-banner-revista-dez-2025-06.jpg\" class=\"attachment-card-large size-card-large wp-post-image\" alt=\"\" srcset=\"https:\/\/fpabramo.org.br\/wp-content\/uploads\/2025\/12\/99-banner-revista-dez-2025-06.jpg 600w, https:\/\/fpabramo.org.br\/wp-content\/uploads\/2025\/12\/99-banner-revista-dez-2025-06-300x175.jpg 300w\" sizes=\"(max-width: 600px) 100vw, 600px\" \/>                    <\/a>\n    <\/header>\n\n    <div class=\"post-card__content\">\n                    <div class=\"post-card__category\">\n                                    <a class=\"tag tag--solid tag--category-revista\"\n                       href=\"https:\/\/fpabramo.org.br\/es\/category\/revista\/\">\n                        Revista                    <\/a>\n                            <\/div>\n        \n        \n        <h3 class=\"post-card__title\">\n            <a href=\"https:\/\/fpabramo.org.br\/es\/marcha-das-mulheres-negras-queremos-sair-do-fim-da-filatemos-pressa\/\">Marcha das Mulheres Negras: \u201cQueremos sair do fim da fila,temos pressa\u201d<\/a>\n        <\/h3>\n\n        <div class=\"post-card__meta\">\n\n                            <div class=\"post-card__author\">\n\n                    <span class=\"post-card__by\">\n                        por                    <\/span>\n\n                    <a href=\"https:\/\/fpabramo.org.br\/es\/author\/rose-silva\/\" title=\"Entradas de Rose Silva\" class=\"author url fn\" rel=\"author\">Rose Silva<\/a>\n                <\/div>\n            \n                            <time class=\"post-card__date\">\n                    publicado                    26\/03\/2026                <\/time>\n            \n        <\/div>\n\n\n                                    <div class=\"post-card__excerpt\">\n                    Por Rose Silva Marcha re\u00fane 300 mil pessoas em Bras\u00edlia por repara\u00e7\u00e3o e bem-viver na&#8230;                <\/div>\n                    \n                    <div class=\"post-card__meta post-card__meta--pods\">\n\n                \n\n                <div class=\"post-card__taxonomy post-card__taxonomy--tema\"><a href=\"https:\/\/fpabramo.org.br\/es\/tema\/comunicacion\/\" class=\"post-card__taxonomy-item\">Comunicaci\u00f3n<\/a><a href=\"https:\/\/fpabramo.org.br\/es\/tema\/mujer\/\" class=\"post-card__taxonomy-item\">Mujer<\/a><\/div>\n            <\/div>\n        \n        \n    <\/div>\n<\/article>\n\n    <\/div>\n\n    \n    \n\n\n<div style=\"height:100px\" aria-hidden=\"true\" class=\"wp-block-spacer\"><\/div>\n<\/div>\n<\/div>\n\n\n\n    <div class=\"hacklabr-slider-block alignwide\">\n        <script type=\"application\/json\" hidden>{\"a11y\":{\"enabled\":true,\"firstSlideMessage\":\"Esta es la primera diapositiva\",\"lastSlideMessage\":\"Esta es la \\u00faltima diapositiva\",\"nextSlideMessage\":\"Siguiente diapositiva\",\"paginationBulletMessage\":\"Ir a la diapositiva {{index}}\",\"prevSlideMessage\":\"Diapositiva anterior\"},\"autoplay\":false,\"centeredSlides\":false,\"loop\":false,\"navigation\":{\"nextEl\":\".swiper-button-next\",\"prevEl\":\".swiper-button-prev\"},\"pagination\":false,\"rewind\":true,\"slidesPerGroup\":1,\"slidesPerView\":1,\"spaceBetween\":16,\"speed\":300,\"breakpoints\":{\"768\":{\"centeredSlides\":false,\"slidesPerGroup\":1,\"slidesPerView\":1,\"spaceBetween\":16}}}<\/script>\n        <section class=\"swiper\">\n            <ul class=\"swiper-wrapper\" style=\"list-style: none; padding: 0; margin: 0;\">\n                \n\n<li class=\"wp-block-hacklabr-slider-slide swiper-slide slide-1\">\n<div class=\"wp-block-cover alignwide\" style=\"border-radius:40px\"><img decoding=\"async\" width=\"1024\" height=\"389\" class=\"wp-block-cover__image-background wp-image-119843 size-large\" alt=\"\" src=\"https:\/\/fpabramo.org.br\/wp-content\/uploads\/2026\/02\/background-slider-1024x389.webp\" data-object-fit=\"cover\" srcset=\"https:\/\/fpabramo.org.br\/wp-content\/uploads\/2026\/02\/background-slider-1024x389.webp 1024w, https:\/\/fpabramo.org.br\/wp-content\/uploads\/2026\/02\/background-slider-300x114.webp 300w, https:\/\/fpabramo.org.br\/wp-content\/uploads\/2026\/02\/background-slider-150x57.webp 150w, https:\/\/fpabramo.org.br\/wp-content\/uploads\/2026\/02\/background-slider-768x291.webp 768w, https:\/\/fpabramo.org.br\/wp-content\/uploads\/2026\/02\/background-slider.webp 1170w\" sizes=\"(max-width: 1024px) 100vw, 1024px\" \/><span aria-hidden=\"true\" class=\"wp-block-cover__background has-primary-dark-background-color has-background-dim\"><\/span><div class=\"wp-block-cover__inner-container is-layout-constrained wp-block-cover-is-layout-constrained\">\n<div class=\"wp-block-columns alignwide is-layout-flex wp-container-core-columns-is-layout-28f84493 wp-block-columns-is-layout-flex\">\n<div class=\"wp-block-column is-vertically-aligned-center is-layout-flow wp-block-column-is-layout-flow\" style=\"flex-basis:567px\">\n<h2 class=\"wp-block-heading\" style=\"text-transform:uppercase\"><img decoding=\"async\" class=\"wp-image-9074\" style=\"width: 40px;\" src=\"https:\/\/fpabramo.org.br\/wp-content\/uploads\/2026\/02\/pegadainhas.webp\" alt=\"\">Paso a paso<\/h2>\n\n\n\n<h3 class=\"wp-block-heading\">para el trabajo preliminar<\/h3>\n\n\n\n<p>Aprenda a planificar e implementar un trabajo de base en ocho sencillos pasos.<\/p>\n\n\n\n<div class=\"wp-block-buttons is-layout-flex wp-block-buttons-is-layout-flex\">\n<div class=\"wp-block-button\"><a class=\"wp-block-button__link has-primary-pure-color has-secondary-light-background-color has-text-color has-background has-link-color wp-element-button\"><strong>Consulte las instrucciones paso a paso.<\/strong><\/a><\/div>\n<\/div>\n<\/div>\n\n\n\n<div class=\"wp-block-column is-layout-flow wp-block-column-is-layout-flow\">\n<figure class=\"wp-block-image alignright size-full\"><img decoding=\"async\" width=\"324\" height=\"303\" src=\"https:\/\/fpabramo.org.br\/wp-content\/uploads\/2026\/03\/sentados.webp\" alt=\"\" class=\"wp-image-187814\" srcset=\"https:\/\/fpabramo.org.br\/wp-content\/uploads\/2026\/03\/sentados.webp 324w, https:\/\/fpabramo.org.br\/wp-content\/uploads\/2026\/03\/sentados-300x281.webp 300w, https:\/\/fpabramo.org.br\/wp-content\/uploads\/2026\/03\/sentados-150x140.webp 150w\" sizes=\"(max-width: 324px) 100vw, 324px\" \/><\/figure>\n<\/div>\n<\/div>\n<\/div><\/div>\n<\/li>\n\n\n\n<li class=\"wp-block-hacklabr-slider-slide swiper-slide slide-2\">\n<div class=\"wp-block-cover alignwide is-light\" style=\"border-radius:40px\"><span aria-hidden=\"true\" class=\"wp-block-cover__background has-secondary-light-background-color has-background-dim\"><\/span><div class=\"wp-block-cover__inner-container is-layout-constrained wp-block-cover-is-layout-constrained\">\n<div class=\"wp-block-columns alignwide is-layout-flex wp-container-core-columns-is-layout-28f84493 wp-block-columns-is-layout-flex\">\n<div class=\"wp-block-column is-vertically-aligned-center is-layout-flow wp-block-column-is-layout-flow\" style=\"flex-basis:567px\">\n<h1 class=\"wp-block-heading has-primary-pure-color has-text-color has-link-color wp-elements-491f4be0ed66fe98f20a33cacea1aa54\">Paso 1<\/h1>\n\n\n\n<h2 class=\"wp-block-heading has-primary-pure-color has-text-color has-link-color wp-elements-2d62487539b3219260b2d97add26800c\">\u00bfD\u00f3nde ejercer el activismo?<\/h2>\n\n\n\n<p>Haz una lista de los grupos con los que interact\u00faas. Podr\u00eda ser la iglesia, la escuela, el centro de salud al que asistes, los residentes de tu barrio o comunidad.<br>Se trata de ponerte la capa de h\u00e9roe, arremangarte, unir a la gente y contribuir a la soluci\u00f3n de los problemas que dificultan no solo tu vida, sino tambi\u00e9n la de tu comunidad, ya sea tu barrio, tu iglesia, tu escuela, tu trabajo o cualquier otro lugar que vivas y frecuentas.<\/p>\n\n\n\n<p><br><\/p>\n<\/div>\n\n\n\n<div class=\"wp-block-column is-layout-flow wp-block-column-is-layout-flow\">\n<figure class=\"wp-block-image alignright size-full\"><img decoding=\"async\" width=\"262\" height=\"245\" src=\"https:\/\/fpabramo.org.br\/wp-content\/uploads\/2026\/03\/slide02-1.webp\" alt=\"\" class=\"wp-image-187811\" srcset=\"https:\/\/fpabramo.org.br\/wp-content\/uploads\/2026\/03\/slide02-1.webp 262w, https:\/\/fpabramo.org.br\/wp-content\/uploads\/2026\/03\/slide02-1-150x140.webp 150w\" sizes=\"(max-width: 262px) 100vw, 262px\" \/><\/figure>\n<\/div>\n<\/div>\n<\/div><\/div>\n\n\n\n<li class=\"wp-block-hacklabr-slider-slide swiper-slide\">\n<div class=\"wp-block-cover alignwide is-light\" style=\"border-radius:40px\"><span aria-hidden=\"true\" class=\"wp-block-cover__background has-white-background-color has-background-dim\"><\/span><div class=\"wp-block-cover__inner-container is-layout-constrained wp-block-cover-is-layout-constrained\">\n<div class=\"wp-block-columns alignwide is-layout-flex wp-container-core-columns-is-layout-28f84493 wp-block-columns-is-layout-flex\">\n<div class=\"wp-block-column is-vertically-aligned-center is-layout-flow wp-block-column-is-layout-flow\" style=\"flex-basis:567px\">\n<h1 class=\"wp-block-heading has-primary-pure-color has-text-color has-link-color wp-elements-5dce8943f58e491eaffc07999a302bf8\">Paso 2<\/h1>\n\n\n\n<h2 class=\"wp-block-heading has-primary-pure-color has-text-color has-link-color wp-elements-d319dcd8a6d5ce149f4462251b2e2d6b\">\u00bfPor qu\u00e9 luchar?<\/h2>\n\n\n\n<p>Haz una lista de los problemas que enfrentan las personas que forman parte de cada uno de estos grupos. Cuantos m\u00e1s problemas haya, m\u00e1s posibilidades tendr\u00e1s de realizar una buena investigaci\u00f3n preliminar.<br>Se trata de ponerse la capa de h\u00e9roe, arremangarse, unir a la gente y aportar soluciones a los problemas que obstaculizan no solo su vida, sino la vida de su comunidad, ya sea su barrio, su iglesia, su escuela, su trabajo o cualquier otro lugar donde viva y frecuente.<br>Se trata de ponerse la capa de h\u00e9roe, arremangarse, unir a la gente y aportar soluciones a los problemas que obstaculizan no solo su vida, sino la vida de su comunidad, ya sea su barrio, su iglesia, su escuela, su trabajo o cualquier otro lugar donde viva y frecuente.<\/p>\n<\/div>\n\n\n\n<div class=\"wp-block-column is-layout-flow wp-block-column-is-layout-flow\">\n<figure class=\"wp-block-image alignright size-full\"><img decoding=\"async\" width=\"342\" height=\"255\" src=\"https:\/\/fpabramo.org.br\/wp-content\/uploads\/2026\/03\/slide03-1.webp\" alt=\"\" class=\"wp-image-187808\" srcset=\"https:\/\/fpabramo.org.br\/wp-content\/uploads\/2026\/03\/slide03-1.webp 342w, https:\/\/fpabramo.org.br\/wp-content\/uploads\/2026\/03\/slide03-1-300x224.webp 300w, https:\/\/fpabramo.org.br\/wp-content\/uploads\/2026\/03\/slide03-1-150x112.webp 150w\" sizes=\"(max-width: 342px) 100vw, 342px\" \/><\/figure>\n<\/div>\n<\/div>\n<\/div><\/div>\n<\/li>\n<\/li>\n\n\n\n<li class=\"wp-block-hacklabr-slider-slide swiper-slide\">\n<div class=\"wp-block-cover alignwide is-light\" style=\"border-radius:40px\"><span aria-hidden=\"true\" class=\"wp-block-cover__background has-white-background-color has-background-dim\"><\/span><div class=\"wp-block-cover__inner-container is-layout-constrained wp-block-cover-is-layout-constrained\">\n<div class=\"wp-block-columns alignwide is-layout-flex wp-container-core-columns-is-layout-28f84493 wp-block-columns-is-layout-flex\">\n<div class=\"wp-block-column is-vertically-aligned-center is-layout-flow wp-block-column-is-layout-flow\" style=\"flex-basis:567px\">\n<h1 class=\"wp-block-heading has-primary-pure-color has-text-color has-link-color wp-elements-401310c692af55361f13f11219a0a685\">Paso 3<\/h1>\n\n\n\n<h2 class=\"wp-block-heading has-primary-pure-color has-text-color has-link-color wp-elements-e5cc966e3c62f7fb16a8bad8479b95e6\">Re\u00fane a tu grupo<\/h2>\n\n\n\n<p>Haz una lista de personas que, como t\u00fa, frecuentan los lugares que seleccionaste y desean hacer cambios. Inv\u00edtalas a unirse a tu grupo.<\/p>\n<\/div>\n\n\n\n<div class=\"wp-block-column is-layout-flow wp-block-column-is-layout-flow\">\n<figure class=\"wp-block-image alignright size-full\"><img decoding=\"async\" width=\"344\" height=\"248\" src=\"https:\/\/fpabramo.org.br\/wp-content\/uploads\/2026\/03\/slide04-1.webp\" alt=\"\" class=\"wp-image-187805\" srcset=\"https:\/\/fpabramo.org.br\/wp-content\/uploads\/2026\/03\/slide04-1.webp 344w, https:\/\/fpabramo.org.br\/wp-content\/uploads\/2026\/03\/slide04-1-300x216.webp 300w, https:\/\/fpabramo.org.br\/wp-content\/uploads\/2026\/03\/slide04-1-150x108.webp 150w\" sizes=\"(max-width: 344px) 100vw, 344px\" \/><\/figure>\n<\/div>\n<\/div>\n<\/div><\/div>\n<\/li>\n\n\n\n<li class=\"wp-block-hacklabr-slider-slide swiper-slide\">\n<div class=\"wp-block-cover alignwide is-light\" style=\"border-radius:40px\"><span aria-hidden=\"true\" class=\"wp-block-cover__background has-white-background-color has-background-dim\"><\/span><div class=\"wp-block-cover__inner-container is-layout-constrained wp-block-cover-is-layout-constrained\">\n<div class=\"wp-block-columns alignwide is-layout-flex wp-container-core-columns-is-layout-28f84493 wp-block-columns-is-layout-flex\">\n<div class=\"wp-block-column is-vertically-aligned-center is-layout-flow wp-block-column-is-layout-flow\" style=\"flex-basis:567px\">\n<h1 class=\"wp-block-heading has-primary-pure-color has-text-color has-link-color wp-elements-860f2da68cda6a44173aa1999e225d61\">Paso 4<\/h1>\n\n\n\n<h2 class=\"wp-block-heading has-primary-pure-color has-text-color has-link-color wp-elements-89a3f502c901f8b780410d7a552f45eb\">Sal a las calles<\/h2>\n\n\n\n<p>Es hora de que salgas a la calle. Entabla conversaciones con quienes frecuentan el lugar. Si son edificios p\u00fablicos, prefiere acercarte a la gente en la calle.<\/p>\n<\/div>\n\n\n\n<div class=\"wp-block-column is-vertically-aligned-center is-layout-flow wp-block-column-is-layout-flow\">\n<figure class=\"wp-block-image alignright size-full\"><img decoding=\"async\" width=\"424\" height=\"223\" src=\"https:\/\/fpabramo.org.br\/wp-content\/uploads\/2026\/03\/slide05-2.webp\" alt=\"\" class=\"wp-image-187802\" srcset=\"https:\/\/fpabramo.org.br\/wp-content\/uploads\/2026\/03\/slide05-2.webp 424w, https:\/\/fpabramo.org.br\/wp-content\/uploads\/2026\/03\/slide05-2-300x158.webp 300w, https:\/\/fpabramo.org.br\/wp-content\/uploads\/2026\/03\/slide05-2-150x79.webp 150w\" sizes=\"(max-width: 424px) 100vw, 424px\" \/><\/figure>\n<\/div>\n<\/div>\n<\/div><\/div>\n<\/li>\n\n\n\n<li class=\"wp-block-hacklabr-slider-slide swiper-slide\">\n<div class=\"wp-block-cover alignwide is-light\" style=\"border-radius:40px\"><span aria-hidden=\"true\" class=\"wp-block-cover__background has-white-background-color has-background-dim\"><\/span><div class=\"wp-block-cover__inner-container is-layout-constrained wp-block-cover-is-layout-constrained\">\n<div class=\"wp-block-columns alignwide is-layout-flex wp-container-core-columns-is-layout-28f84493 wp-block-columns-is-layout-flex\">\n<div class=\"wp-block-column is-vertically-aligned-center is-layout-flow wp-block-column-is-layout-flow\" style=\"flex-basis:567px\">\n<h1 class=\"wp-block-heading has-primary-pure-color has-text-color has-link-color wp-elements-94d048cadaa8e5eb68898d63159004ce\">Paso 5<\/h1>\n\n\n\n<h2 class=\"wp-block-heading has-primary-pure-color has-text-color has-link-color wp-elements-88a4aedd5f4e4d801d1e390873ee69d8\">Mantenerse en contacto<\/h2>\n\n\n\n<p>En las conversaciones, puedes distribuir material impreso que analice los problemas identificados, invitar a las personas a una reuni\u00f3n o animarlas a seguir el perfil del grupo en redes sociales o WhatsApp. Mantente en contacto con las personas y mantenlas informadas sobre las medidas que se est\u00e1n tomando para resolver los problemas.<br>Haz una lista de c\u00f3mo te mantendr\u00e1s en contacto con la gente.<\/p>\n<\/div>\n\n\n\n<div class=\"wp-block-column is-vertically-aligned-center is-layout-flow wp-block-column-is-layout-flow\">\n<figure class=\"wp-block-image alignright size-full\"><img decoding=\"async\" width=\"342\" height=\"282\" src=\"https:\/\/fpabramo.org.br\/wp-content\/uploads\/2026\/03\/slide06-1.webp\" alt=\"\" class=\"wp-image-187799\" srcset=\"https:\/\/fpabramo.org.br\/wp-content\/uploads\/2026\/03\/slide06-1.webp 342w, https:\/\/fpabramo.org.br\/wp-content\/uploads\/2026\/03\/slide06-1-300x247.webp 300w, https:\/\/fpabramo.org.br\/wp-content\/uploads\/2026\/03\/slide06-1-150x124.webp 150w\" sizes=\"(max-width: 342px) 100vw, 342px\" \/><\/figure>\n<\/div>\n<\/div>\n<\/div><\/div>\n<\/li>\n\n\n\n<li class=\"wp-block-hacklabr-slider-slide swiper-slide\">\n<div class=\"wp-block-cover alignwide is-light\" style=\"border-radius:40px\"><span aria-hidden=\"true\" class=\"wp-block-cover__background has-white-background-color has-background-dim\"><\/span><div class=\"wp-block-cover__inner-container is-layout-constrained wp-block-cover-is-layout-constrained\">\n<div class=\"wp-block-columns alignwide are-vertically-aligned-center is-layout-flex wp-container-core-columns-is-layout-28f84493 wp-block-columns-is-layout-flex\">\n<div class=\"wp-block-column is-vertically-aligned-center is-layout-flow wp-block-column-is-layout-flow\" style=\"flex-basis:567px\">\n<h1 class=\"wp-block-heading has-primary-pure-color has-text-color has-link-color wp-elements-795a46a9db9089bb3fbaf18bca2cb47b\">Paso 6<\/h1>\n\n\n\n<h2 class=\"wp-block-heading has-primary-pure-color has-text-color has-link-color wp-elements-8b64b6cafb4a7df3de148a0eb8f9c74c\">Acciones concretas<\/h2>\n\n\n\n<p>Bas\u00e1ndote en conversaciones con m\u00e1s personas, crea una lista de acciones concretas que se tomar\u00e1n para encontrar soluciones a los problemas encontrados. No existen f\u00f3rmulas predefinidas para esto, y tendr\u00e1s que usar tu creatividad. Primero, piensa en acciones sencillas y f\u00e1ciles de implementar. Si no tienes dinero para imprimir panfletos o pancartas, habla con la gente en la calle, por ejemplo, pero no dejes tu activismo. Haz una lista de las primeras acciones concretas que tomar\u00e1s.<br>Haz una lista de c\u00f3mo te mantendr\u00e1s en contacto con la gente.<\/p>\n<\/div>\n\n\n\n<div class=\"wp-block-column is-vertically-aligned-center is-layout-flow wp-block-column-is-layout-flow\">\n<figure class=\"wp-block-image alignright size-full\"><img decoding=\"async\" width=\"418\" height=\"149\" src=\"https:\/\/fpabramo.org.br\/wp-content\/uploads\/2026\/03\/slide07-1.webp\" alt=\"\" class=\"wp-image-187796\" srcset=\"https:\/\/fpabramo.org.br\/wp-content\/uploads\/2026\/03\/slide07-1.webp 418w, https:\/\/fpabramo.org.br\/wp-content\/uploads\/2026\/03\/slide07-1-300x107.webp 300w, https:\/\/fpabramo.org.br\/wp-content\/uploads\/2026\/03\/slide07-1-150x53.webp 150w\" sizes=\"(max-width: 418px) 100vw, 418px\" \/><\/figure>\n<\/div>\n<\/div>\n<\/div><\/div>\n<\/li>\n\n\n\n<li class=\"wp-block-hacklabr-slider-slide swiper-slide\">\n<div class=\"wp-block-cover alignwide is-light\" style=\"border-radius:40px\"><span aria-hidden=\"true\" class=\"wp-block-cover__background has-white-background-color has-background-dim\"><\/span><div class=\"wp-block-cover__inner-container is-layout-constrained wp-block-cover-is-layout-constrained\">\n<div class=\"wp-block-columns alignwide are-vertically-aligned-center is-layout-flex wp-container-core-columns-is-layout-28f84493 wp-block-columns-is-layout-flex\">\n<div class=\"wp-block-column is-vertically-aligned-center is-layout-flow wp-block-column-is-layout-flow\" style=\"flex-basis:567px\">\n<h1 class=\"wp-block-heading has-primary-pure-color has-text-color has-link-color wp-elements-5b4fe157b4e10c5c759c4b86d02f62fa\">Paso 7<\/h1>\n\n\n\n<h2 class=\"wp-block-heading has-primary-pure-color has-text-color has-link-color wp-elements-b9a6725a7ffefed397cf9a81820844ee\">Militancia permanente<\/h2>\n\n\n\n<p>El trabajo de base puede comenzar con la b\u00fasqueda de soluciones a problemas espec\u00edficos, pero con el tiempo debe evolucionar hacia proyectos m\u00e1s amplios que busquen mejoras en diferentes \u00e1reas. Recuerde que se trata de un trabajo activista, cuyo objetivo es organizar a los trabajadores para brindarles m\u00e1s oportunidades. Haga una lista de otras \u00e1reas que pueda desarrollar en el futuro.<\/p>\n<\/div>\n\n\n\n<div class=\"wp-block-column is-vertically-aligned-center is-layout-flow wp-block-column-is-layout-flow\">\n<figure class=\"wp-block-image alignright size-full\"><img decoding=\"async\" width=\"418\" height=\"149\" src=\"https:\/\/fpabramo.org.br\/wp-content\/uploads\/2026\/03\/slide07-2-1.webp\" alt=\"\" class=\"wp-image-187817\" srcset=\"https:\/\/fpabramo.org.br\/wp-content\/uploads\/2026\/03\/slide07-2-1.webp 418w, https:\/\/fpabramo.org.br\/wp-content\/uploads\/2026\/03\/slide07-2-1-300x107.webp 300w, https:\/\/fpabramo.org.br\/wp-content\/uploads\/2026\/03\/slide07-2-1-150x53.webp 150w\" sizes=\"(max-width: 418px) 100vw, 418px\" \/><\/figure>\n<\/div>\n<\/div>\n<\/div><\/div>\n<\/li>\n\n\n\n<li class=\"wp-block-hacklabr-slider-slide swiper-slide\">\n<div class=\"wp-block-cover alignwide is-light\" style=\"border-radius:40px\"><span aria-hidden=\"true\" class=\"wp-block-cover__background has-white-background-color has-background-dim\"><\/span><div class=\"wp-block-cover__inner-container is-layout-constrained wp-block-cover-is-layout-constrained\">\n<div class=\"wp-block-columns alignwide are-vertically-aligned-center is-layout-flex wp-container-core-columns-is-layout-28f84493 wp-block-columns-is-layout-flex\">\n<div class=\"wp-block-column is-vertically-aligned-center is-layout-flow wp-block-column-is-layout-flow\" style=\"flex-basis:567px\">\n<h1 class=\"wp-block-heading has-primary-pure-color has-text-color has-link-color wp-elements-ad8dc44fd3fdc78c0ba224059a100d2b\">Paso 8<\/h1>\n\n\n\n<h2 class=\"wp-block-heading has-primary-pure-color has-text-color has-link-color wp-elements-ca384bcbed27c015cb610fcc048ec000\">Graba todo<\/h2>\n\n\n\n<p>No siempre nos damos cuenta. Pero est\u00e1n haciendo historia. La resistencia a la dictadura, el MST (Movimiento de los Trabajadores Rurales Sin Tierra) y la CUT (Central Unitaria de Trabajadores), por ejemplo, comenzaron as\u00ed. Por eso, tomen fotos y videos de las actividades. Graben las reuniones y las sesiones de planificaci\u00f3n. En el sitio web fpa.org.br\/trabalhodebase recopilaremos estas experiencias. Se inspiran en lo que ya se ha hecho e inspiran a m\u00e1s personas con lo que han hecho.<\/p>\n<\/div>\n\n\n\n<div class=\"wp-block-column is-vertically-aligned-center is-layout-flow wp-block-column-is-layout-flow\">\n<figure class=\"wp-block-image alignright size-full\"><img decoding=\"async\" width=\"381\" height=\"402\" src=\"https:\/\/fpabramo.org.br\/wp-content\/uploads\/2026\/03\/slide09-2.webp\" alt=\"\" class=\"wp-image-187790\" srcset=\"https:\/\/fpabramo.org.br\/wp-content\/uploads\/2026\/03\/slide09-2.webp 381w, https:\/\/fpabramo.org.br\/wp-content\/uploads\/2026\/03\/slide09-2-284x300.webp 284w, https:\/\/fpabramo.org.br\/wp-content\/uploads\/2026\/03\/slide09-2-142x150.webp 142w\" sizes=\"(max-width: 381px) 100vw, 381px\" \/><\/figure>\n<\/div>\n<\/div>\n<\/div><\/div>\n<\/li>\n\n            <\/ul>\n            <div class=\"swiper-pagination\"><\/div>\n                            <div class=\"swiper-button-prev\">\n                    \n    <svg width=\"40\" height=\"40\" version=\"1.1\" viewBox=\"0 0 40 40\" xmlns=\"http:\/\/www.w3.org\/2000\/svg\">\n        <circle cx=\"20\" cy=\"20\" r=\"20\" fill=\"#fff\"\/>\n        <path d=\"m18.8 20 4.6-4.6-1.4-1.4-6 6 6 6 1.4-1.4z\" fill=\"#1c1b1f\"\/>\n    <\/svg>\n                    <\/div>\n                <div class=\"swiper-button-next\">\n                    \n    <svg width=\"40\" height=\"40\" version=\"1.1\" viewBox=\"0 0 40 40\" xmlns=\"http:\/\/www.w3.org\/2000\/svg\">\n        <circle cx=\"20\" cy=\"20\" r=\"20\" fill=\"#fff\"\/>\n        <path d=\"m20.6 20-4.6-4.6 1.4-1.4 6 6-6 6-1.4-1.4z\" fill=\"#1c1b1f\"\/>\n    <\/svg>\n                    <\/div>\n                    <\/section>\n    <\/div>\n\n    \n\n\n<div class=\"wp-block-group alignfull videos-block has-secondary-light-background-color has-background is-content-justification-center is-layout-constrained wp-container-core-group-is-layout-879fea99 wp-block-group-is-layout-constrained\">\n<div class=\"wp-block-columns alignwide is-layout-flex wp-container-core-columns-is-layout-28f84493 wp-block-columns-is-layout-flex\">\n<div class=\"wp-block-column is-layout-flow wp-block-column-is-layout-flow\">\n<div class=\"wp-block-group is-nowrap is-layout-flex wp-container-core-group-is-layout-fc054d2d wp-block-group-is-layout-flex\">\n<h1 class=\"wp-block-heading has-primary-dark-color has-text-color has-link-color has-x-large-font-size wp-elements-e1146f4afd56542b74fea34ea19c51c8\" style=\"font-style:normal;font-weight:700\">C\u00f3mo hacer trabajo de base<\/h1>\n<\/div>\n<\/div>\n<\/div>\n\n\n\n<div class=\"wp-block-group alignwide is-layout-constrained wp-container-core-group-is-layout-a4c69c57 wp-block-group-is-layout-constrained\"><div class='video-gallery-block video-gallery--block'><div class=\"video-gallery-block__title\">\n                    <h2><\/h2>\n                    <div class=\"title-line\"><\/div>\n            <\/div><div class='video-gallery-wrapper'><div class=\"video-gallery-block__embed\">\n\t\t\t\t<p><strong>Como montar um grupo de trabalho de base? | S\u00e9rie \u00abComo fazer trabalho de base\u00bb<\/strong><\/p>\n\t\t\t\t<p>Funda\u00e7\u00e3o Perseu Abramo<\/p>\n\t\t\t\t<figure class=\"wp-block-embed is-type-video is-provider-youtube\">\n\t\t\t\t\t<div class=\"wp-block-embed__wrapper\">\n\t\t\t\t\t\t<iframe class=\"lazy-loaded\"\n\t\t\t\t\t\t\tloading=\"lazy\"\n\t\t\t\t\t\t\ttitle=\"Como montar um grupo de trabalho de base? | S\u00e9rie \"Como fazer trabalho de base\"\"\n\t\t\t\t\t\t\tdata-lazy-type=\"iframe\"\n\t\t\t\t\t\t\tdata-src=\"https:\/\/www.youtube-nocookie.com\/embed\/R7BpZRuExcY?origin=https:\/\/fpabramo.org.br\/es\/&#038;showinfo=0&#038;video-id=R7BpZRuExcY&#038;modestbranding=1&#038;rel=0\"\n\t\t\t\t\t\t\tallow=\"accelerometer; autoplay; clipboard-write; encrypted-media; gyroscope; picture-in-picture\"\n\t\t\t\t\t\t\tallowfullscreen=\"\"\n\t\t\t\t\t\t\tsrc=\"https:\/\/www.youtube-nocookie.com\/embed\/R7BpZRuExcY?origin=https:\/\/fpabramo.org.br\/es\/&#038;showinfo=0&#038;video-id=R7BpZRuExcY&#038;modestbranding=1&#038;rel=0\"\n\t\t\t\t\t\t\twidth=\"1200\" height=\"675\" frameborder=\"0\"><\/iframe>\n\n\t\t\t\t\t\t<noscript>\n\t\t\t\t\t\t\t<iframe loading=\"lazy\"\n\t\t\t\t\t\t\t\ttitle=\"Como montar um grupo de trabalho de base? | S\u00e9rie \"Como fazer trabalho de base\"\"\n\t\t\t\t\t\t\t\twidth=\"1200\"\n\t\t\t\t\t\t\t\theight=\"675\"\n\t\t\t\t\t\t\t\tsrc=\"https:\/\/www.youtube-nocookie.com\/embed\/R7BpZRuExcY?origin=https:\/\/fpabramo.org.br\/es\/&#038;showinfo=0&#038;video-id=R7BpZRuExcY&#038;modestbranding=1&#038;rel=0\" frameborder=\"0\"\n\t\t\t\t\t\t\t\tallow=\"accelerometer; autoplay; clipboard-write; encrypted-media; gyroscope; picture-in-picture\" allowfullscreen>\n\t\t\t\t\t\t\t<\/iframe>\n\t\t\t\t\t\t<\/noscript>\n\t\t\t\t\t<\/div>\n\t\t\t\t<\/figure>\n\t\t\t<\/div><div class=\"video-gallery-block__embed\">\n\t\t\t\t<p><strong>Conversa no trabalho de base | S\u00e9rie \u00abComo fazer trabalho de base\u00bb<\/strong><\/p>\n\t\t\t\t<p>Funda\u00e7\u00e3o Perseu Abramo<\/p>\n\t\t\t\t<figure class=\"wp-block-embed is-type-video is-provider-youtube\">\n\t\t\t\t\t<div class=\"wp-block-embed__wrapper\">\n\t\t\t\t\t\t<iframe class=\"lazy-loaded\"\n\t\t\t\t\t\t\tloading=\"lazy\"\n\t\t\t\t\t\t\ttitle=\"Conversa no trabalho de base | S\u00e9rie \"Como fazer trabalho de base\"\"\n\t\t\t\t\t\t\tdata-lazy-type=\"iframe\"\n\t\t\t\t\t\t\tdata-src=\"https:\/\/www.youtube-nocookie.com\/embed\/kjD4lYPVurk?origin=https:\/\/fpabramo.org.br\/es\/&#038;showinfo=0&#038;video-id=kjD4lYPVurk&#038;modestbranding=1&#038;rel=0\"\n\t\t\t\t\t\t\tallow=\"accelerometer; autoplay; clipboard-write; encrypted-media; gyroscope; picture-in-picture\"\n\t\t\t\t\t\t\tallowfullscreen=\"\"\n\t\t\t\t\t\t\tsrc=\"https:\/\/www.youtube-nocookie.com\/embed\/kjD4lYPVurk?origin=https:\/\/fpabramo.org.br\/es\/&#038;showinfo=0&#038;video-id=kjD4lYPVurk&#038;modestbranding=1&#038;rel=0\"\n\t\t\t\t\t\t\twidth=\"1200\" height=\"675\" frameborder=\"0\"><\/iframe>\n\n\t\t\t\t\t\t<noscript>\n\t\t\t\t\t\t\t<iframe loading=\"lazy\"\n\t\t\t\t\t\t\t\ttitle=\"Conversa no trabalho de base | S\u00e9rie \"Como fazer trabalho de base\"\"\n\t\t\t\t\t\t\t\twidth=\"1200\"\n\t\t\t\t\t\t\t\theight=\"675\"\n\t\t\t\t\t\t\t\tsrc=\"https:\/\/www.youtube-nocookie.com\/embed\/kjD4lYPVurk?origin=https:\/\/fpabramo.org.br\/es\/&#038;showinfo=0&#038;video-id=kjD4lYPVurk&#038;modestbranding=1&#038;rel=0\" frameborder=\"0\"\n\t\t\t\t\t\t\t\tallow=\"accelerometer; autoplay; clipboard-write; encrypted-media; gyroscope; picture-in-picture\" allowfullscreen>\n\t\t\t\t\t\t\t<\/iframe>\n\t\t\t\t\t\t<\/noscript>\n\t\t\t\t\t<\/div>\n\t\t\t\t<\/figure>\n\t\t\t<\/div><div class=\"video-gallery-block__embed\">\n\t\t\t\t<p><strong>Trabalho de base na elei\u00e7\u00e3o | S\u00e9rie \u00abComo fazer trabalho de base\u00bb<\/strong><\/p>\n\t\t\t\t<p>Funda\u00e7\u00e3o Perseu Abramo<\/p>\n\t\t\t\t<figure class=\"wp-block-embed is-type-video is-provider-youtube\">\n\t\t\t\t\t<div class=\"wp-block-embed__wrapper\">\n\t\t\t\t\t\t<iframe class=\"lazy-loaded\"\n\t\t\t\t\t\t\tloading=\"lazy\"\n\t\t\t\t\t\t\ttitle=\"Trabalho de base na elei\u00e7\u00e3o | S\u00e9rie \"Como fazer trabalho de base\"\"\n\t\t\t\t\t\t\tdata-lazy-type=\"iframe\"\n\t\t\t\t\t\t\tdata-src=\"https:\/\/www.youtube-nocookie.com\/embed\/Kx49HcOA2ek?origin=https:\/\/fpabramo.org.br\/es\/&#038;showinfo=0&#038;video-id=Kx49HcOA2ek&#038;modestbranding=1&#038;rel=0\"\n\t\t\t\t\t\t\tallow=\"accelerometer; autoplay; clipboard-write; encrypted-media; gyroscope; picture-in-picture\"\n\t\t\t\t\t\t\tallowfullscreen=\"\"\n\t\t\t\t\t\t\tsrc=\"https:\/\/www.youtube-nocookie.com\/embed\/Kx49HcOA2ek?origin=https:\/\/fpabramo.org.br\/es\/&#038;showinfo=0&#038;video-id=Kx49HcOA2ek&#038;modestbranding=1&#038;rel=0\"\n\t\t\t\t\t\t\twidth=\"1200\" height=\"675\" frameborder=\"0\"><\/iframe>\n\n\t\t\t\t\t\t<noscript>\n\t\t\t\t\t\t\t<iframe loading=\"lazy\"\n\t\t\t\t\t\t\t\ttitle=\"Trabalho de base na elei\u00e7\u00e3o | S\u00e9rie \"Como fazer trabalho de base\"\"\n\t\t\t\t\t\t\t\twidth=\"1200\"\n\t\t\t\t\t\t\t\theight=\"675\"\n\t\t\t\t\t\t\t\tsrc=\"https:\/\/www.youtube-nocookie.com\/embed\/Kx49HcOA2ek?origin=https:\/\/fpabramo.org.br\/es\/&#038;showinfo=0&#038;video-id=Kx49HcOA2ek&#038;modestbranding=1&#038;rel=0\" frameborder=\"0\"\n\t\t\t\t\t\t\t\tallow=\"accelerometer; autoplay; clipboard-write; encrypted-media; gyroscope; picture-in-picture\" allowfullscreen>\n\t\t\t\t\t\t\t<\/iframe>\n\t\t\t\t\t\t<\/noscript>\n\t\t\t\t\t<\/div>\n\t\t\t\t<\/figure>\n\t\t\t<\/div><div class=\"video-gallery-block__embed\">\n\t\t\t\t<p><strong>Trabalho de base na rua | S\u00e9rie \u00abComo fazer trabalho de base\u00bb<\/strong><\/p>\n\t\t\t\t<p>Funda\u00e7\u00e3o Perseu Abramo<\/p>\n\t\t\t\t<figure class=\"wp-block-embed is-type-video is-provider-youtube\">\n\t\t\t\t\t<div class=\"wp-block-embed__wrapper\">\n\t\t\t\t\t\t<iframe class=\"lazy-loaded\"\n\t\t\t\t\t\t\tloading=\"lazy\"\n\t\t\t\t\t\t\ttitle=\"Trabalho de base na rua | S\u00e9rie \"Como fazer trabalho de base\"\"\n\t\t\t\t\t\t\tdata-lazy-type=\"iframe\"\n\t\t\t\t\t\t\tdata-src=\"https:\/\/www.youtube-nocookie.com\/embed\/6jmJ6iABETM?origin=https:\/\/fpabramo.org.br\/es\/&#038;showinfo=0&#038;video-id=6jmJ6iABETM&#038;modestbranding=1&#038;rel=0\"\n\t\t\t\t\t\t\tallow=\"accelerometer; autoplay; clipboard-write; encrypted-media; gyroscope; picture-in-picture\"\n\t\t\t\t\t\t\tallowfullscreen=\"\"\n\t\t\t\t\t\t\tsrc=\"https:\/\/www.youtube-nocookie.com\/embed\/6jmJ6iABETM?origin=https:\/\/fpabramo.org.br\/es\/&#038;showinfo=0&#038;video-id=6jmJ6iABETM&#038;modestbranding=1&#038;rel=0\"\n\t\t\t\t\t\t\twidth=\"1200\" height=\"675\" frameborder=\"0\"><\/iframe>\n\n\t\t\t\t\t\t<noscript>\n\t\t\t\t\t\t\t<iframe loading=\"lazy\"\n\t\t\t\t\t\t\t\ttitle=\"Trabalho de base na rua | S\u00e9rie \"Como fazer trabalho de base\"\"\n\t\t\t\t\t\t\t\twidth=\"1200\"\n\t\t\t\t\t\t\t\theight=\"675\"\n\t\t\t\t\t\t\t\tsrc=\"https:\/\/www.youtube-nocookie.com\/embed\/6jmJ6iABETM?origin=https:\/\/fpabramo.org.br\/es\/&#038;showinfo=0&#038;video-id=6jmJ6iABETM&#038;modestbranding=1&#038;rel=0\" frameborder=\"0\"\n\t\t\t\t\t\t\t\tallow=\"accelerometer; autoplay; clipboard-write; encrypted-media; gyroscope; picture-in-picture\" allowfullscreen>\n\t\t\t\t\t\t\t<\/iframe>\n\t\t\t\t\t\t<\/noscript>\n\t\t\t\t\t<\/div>\n\t\t\t\t<\/figure>\n\t\t\t<\/div><div class=\"video-gallery-block__embed\">\n\t\t\t\t<p><strong>Trabalho de base digital | S\u00e9rie \u00abComo fazer trabalho de base\u00bb<\/strong><\/p>\n\t\t\t\t<p>Funda\u00e7\u00e3o Perseu Abramo<\/p>\n\t\t\t\t<figure class=\"wp-block-embed is-type-video is-provider-youtube\">\n\t\t\t\t\t<div class=\"wp-block-embed__wrapper\">\n\t\t\t\t\t\t<iframe class=\"lazy-loaded\"\n\t\t\t\t\t\t\tloading=\"lazy\"\n\t\t\t\t\t\t\ttitle=\"Trabalho de base digital | S\u00e9rie \"Como fazer trabalho de base\"\"\n\t\t\t\t\t\t\tdata-lazy-type=\"iframe\"\n\t\t\t\t\t\t\tdata-src=\"https:\/\/www.youtube-nocookie.com\/embed\/CAigT1cEsBk?origin=https:\/\/fpabramo.org.br\/es\/&#038;showinfo=0&#038;video-id=CAigT1cEsBk&#038;modestbranding=1&#038;rel=0\"\n\t\t\t\t\t\t\tallow=\"accelerometer; autoplay; clipboard-write; encrypted-media; gyroscope; picture-in-picture\"\n\t\t\t\t\t\t\tallowfullscreen=\"\"\n\t\t\t\t\t\t\tsrc=\"https:\/\/www.youtube-nocookie.com\/embed\/CAigT1cEsBk?origin=https:\/\/fpabramo.org.br\/es\/&#038;showinfo=0&#038;video-id=CAigT1cEsBk&#038;modestbranding=1&#038;rel=0\"\n\t\t\t\t\t\t\twidth=\"1200\" height=\"675\" frameborder=\"0\"><\/iframe>\n\n\t\t\t\t\t\t<noscript>\n\t\t\t\t\t\t\t<iframe loading=\"lazy\"\n\t\t\t\t\t\t\t\ttitle=\"Trabalho de base digital | S\u00e9rie \"Como fazer trabalho de base\"\"\n\t\t\t\t\t\t\t\twidth=\"1200\"\n\t\t\t\t\t\t\t\theight=\"675\"\n\t\t\t\t\t\t\t\tsrc=\"https:\/\/www.youtube-nocookie.com\/embed\/CAigT1cEsBk?origin=https:\/\/fpabramo.org.br\/es\/&#038;showinfo=0&#038;video-id=CAigT1cEsBk&#038;modestbranding=1&#038;rel=0\" frameborder=\"0\"\n\t\t\t\t\t\t\t\tallow=\"accelerometer; autoplay; clipboard-write; encrypted-media; gyroscope; picture-in-picture\" allowfullscreen>\n\t\t\t\t\t\t\t<\/iframe>\n\t\t\t\t\t\t<\/noscript>\n\t\t\t\t\t<\/div>\n\t\t\t\t<\/figure>\n\t\t\t<\/div><div class=\"video-gallery-block__embed\">\n\t\t\t\t<p><strong>Por que trabalho de base? | S\u00e9rie \u00abComo fazer trabalho de base\u00bb<\/strong><\/p>\n\t\t\t\t<p>Funda\u00e7\u00e3o Perseu Abramo<\/p>\n\t\t\t\t<figure class=\"wp-block-embed is-type-video is-provider-youtube\">\n\t\t\t\t\t<div class=\"wp-block-embed__wrapper\">\n\t\t\t\t\t\t<iframe class=\"lazy-loaded\"\n\t\t\t\t\t\t\tloading=\"lazy\"\n\t\t\t\t\t\t\ttitle=\"Por que trabalho de base? | S\u00e9rie \"Como fazer trabalho de base\"\"\n\t\t\t\t\t\t\tdata-lazy-type=\"iframe\"\n\t\t\t\t\t\t\tdata-src=\"https:\/\/www.youtube-nocookie.com\/embed\/4kvFZunqanM?origin=https:\/\/fpabramo.org.br\/es\/&#038;showinfo=0&#038;video-id=4kvFZunqanM&#038;modestbranding=1&#038;rel=0\"\n\t\t\t\t\t\t\tallow=\"accelerometer; autoplay; clipboard-write; encrypted-media; gyroscope; picture-in-picture\"\n\t\t\t\t\t\t\tallowfullscreen=\"\"\n\t\t\t\t\t\t\tsrc=\"https:\/\/www.youtube-nocookie.com\/embed\/4kvFZunqanM?origin=https:\/\/fpabramo.org.br\/es\/&#038;showinfo=0&#038;video-id=4kvFZunqanM&#038;modestbranding=1&#038;rel=0\"\n\t\t\t\t\t\t\twidth=\"1200\" height=\"675\" frameborder=\"0\"><\/iframe>\n\n\t\t\t\t\t\t<noscript>\n\t\t\t\t\t\t\t<iframe loading=\"lazy\"\n\t\t\t\t\t\t\t\ttitle=\"Por que trabalho de base? | S\u00e9rie \"Como fazer trabalho de base\"\"\n\t\t\t\t\t\t\t\twidth=\"1200\"\n\t\t\t\t\t\t\t\theight=\"675\"\n\t\t\t\t\t\t\t\tsrc=\"https:\/\/www.youtube-nocookie.com\/embed\/4kvFZunqanM?origin=https:\/\/fpabramo.org.br\/es\/&#038;showinfo=0&#038;video-id=4kvFZunqanM&#038;modestbranding=1&#038;rel=0\" frameborder=\"0\"\n\t\t\t\t\t\t\t\tallow=\"accelerometer; autoplay; clipboard-write; encrypted-media; gyroscope; picture-in-picture\" allowfullscreen>\n\t\t\t\t\t\t\t<\/iframe>\n\t\t\t\t\t\t<\/noscript>\n\t\t\t\t\t<\/div>\n\t\t\t\t<\/figure>\n\t\t\t<\/div><\/div><\/div><\/div>\n\n\n\n<div class=\"wp-block-group alignwide ask-our-ia has-primary-light-background-color has-background is-layout-constrained wp-container-core-group-is-layout-8d293084 wp-block-group-is-layout-constrained\" style=\"border-radius:40px\">\n<div class=\"wp-block-group is-nowrap is-layout-flex wp-container-core-group-is-layout-fc054d2d wp-block-group-is-layout-flex\">\n<figure class=\"wp-block-image size-full\"><img decoding=\"async\" width=\"52\" height=\"52\" src=\"https:\/\/fpabramo.org.br\/wp-content\/uploads\/2026\/02\/youtube-icon.webp\" alt=\"\" class=\"wp-image-135569\"\/><\/figure>\n\n\n\n<h2 class=\"wp-block-heading has-primary-dark-color has-text-color has-link-color has-x-large-font-size wp-elements-8c43f3dfc93ae4991c76f287f0e35db6\" style=\"margin-right:var(--wp--preset--spacing--40)\">Sigue el canal en <a href=\"https:\/\/www.youtube.com\/user\/FundacaoPerseuAbramo\" data-type=\"link\" data-id=\"https:\/\/www.youtube.com\/user\/FundacaoPerseuAbramo\" target=\"_blank\" rel=\"noopener\">YouTube<\/a>.<\/h2>\n\n\n\n<p class=\"has-primary-dark-color has-text-color has-link-color has-secondary-font-family has-large-font-size wp-elements-4eec9a5f585a943fde92abb636487703\">y estad atentos a nuestros v\u00eddeos<\/p>\n\n\n\n<figure class=\"wp-block-image size-full\" style=\"margin-right:0;margin-left:var(--wp--preset--spacing--30)\"><img decoding=\"async\" width=\"14\" height=\"10\" src=\"https:\/\/fpabramo.org.br\/wp-content\/uploads\/2026\/02\/east.webp\" alt=\"\" class=\"wp-image-135570\"\/><\/figure>\n<\/div>\n<\/div>\n<\/div>\n\n\n\n<div class=\"wp-block-columns alignwide block-experiencias is-layout-flex wp-container-core-columns-is-layout-28f84493 wp-block-columns-is-layout-flex\">\n<div class=\"wp-block-column is-layout-flow wp-block-column-is-layout-flow\">\n<div class=\"wp-block-group is-content-justification-left is-nowrap is-layout-flex wp-container-core-group-is-layout-174ca0a5 wp-block-group-is-layout-flex\">\n<figure class=\"wp-block-image size-full\"><img decoding=\"async\" width=\"40\" height=\"40\" src=\"https:\/\/fpabramo.org.br\/wp-content\/uploads\/2026\/02\/lampada.webp\" alt=\"\" class=\"wp-image-135572\"\/><\/figure>\n\n\n\n<h2 class=\"wp-block-heading has-x-large-font-size\" style=\"font-style:normal;font-weight:700\">Experiencias inspiradoras<\/h2>\n<\/div>\n\n\n\n    <div class=\"hacklabr-posts-grid-block alignwide -gap-medium hacklabr-posts-grid-block--desktop-only\" style=\"--grid-columns: 3\">\n        \n<article id=\"post-ID-188477-69f0b4bcca89b\" class=\"post-card post-card--post  swiper-slide\">\n\n    <header class=\"post-card__image\">\n                 <a href=\"https:\/\/fpabramo.org.br\/es\/ataques-de-ee-uu-e-israel-contra-iran-aun-no-constituyen-una-amenaza-global-dice-especialista\/\" aria-label=\"Ataques de EE. UU. e Israel contra Ir\u00e1n a\u00fan no constituyen una amenaza global, dice especialista\">\n                            <img decoding=\"async\" width=\"1200\" height=\"800\" src=\"https:\/\/fpabramo.org.br\/wp-content\/uploads\/2026\/03\/TEERA_GettyImages-2263662370.webp\" class=\"attachment-card-large size-card-large wp-post-image\" alt=\"\" srcset=\"https:\/\/fpabramo.org.br\/wp-content\/uploads\/2026\/03\/TEERA_GettyImages-2263662370.webp 1200w, https:\/\/fpabramo.org.br\/wp-content\/uploads\/2026\/03\/TEERA_GettyImages-2263662370-300x200.webp 300w, https:\/\/fpabramo.org.br\/wp-content\/uploads\/2026\/03\/TEERA_GettyImages-2263662370-1024x683.webp 1024w, https:\/\/fpabramo.org.br\/wp-content\/uploads\/2026\/03\/TEERA_GettyImages-2263662370-150x100.webp 150w, https:\/\/fpabramo.org.br\/wp-content\/uploads\/2026\/03\/TEERA_GettyImages-2263662370-768x512.webp 768w\" sizes=\"(max-width: 1200px) 100vw, 1200px\" \/>                    <\/a>\n    <\/header>\n\n    <div class=\"post-card__content\">\n                    <div class=\"post-card__category\">\n                                    <a class=\"tag tag--solid tag--category-noticia\" href=\"https:\/\/fpabramo.org.br\/category\/noticia\/\">\n                        Not\u00edcia                    <\/a>\n                            <\/div>\n        \n        \n        <h3 class=\"post-card__title\">\n            <a href=\"https:\/\/fpabramo.org.br\/es\/ataques-de-ee-uu-e-israel-contra-iran-aun-no-constituyen-una-amenaza-global-dice-especialista\/\">Ataques de EE. UU. e Israel contra Ir\u00e1n a\u00fan no constituyen una amenaza global, dice especialista<\/a>\n        <\/h3>\n\n        <div class=\"post-card__meta\">\n\n                            <div class=\"post-card__author\">\n\n                    <span class=\"post-card__by\">\n                        por                    <\/span>\n\n                    <a href=\"https:\/\/fpabramo.org.br\/es\/author\/hacklab\/\" title=\"Entradas de hacklab\" class=\"author url fn\" rel=\"author\">hacklab<\/a>\n                <\/div>\n            \n                            <time class=\"post-card__date\">\n                    publicado                    24\/03\/2026                <\/time>\n            \n        <\/div>\n\n\n                                    <div class=\"post-card__excerpt\">\n                    Rodrigo Amaral, profesor de Relaciones Internacionales de la PUC-SP, explica los&#8230;                <\/div>\n                    \n                    <div class=\"post-card__meta post-card__meta--pods\">\n\n                \n\n                \n            <\/div>\n        \n        \n    <\/div>\n<\/article>\n\n\n<article id=\"post-ID-188482-69f0b4bccc5e3\" class=\"post-card post-card--post  swiper-slide\">\n\n    <header class=\"post-card__image\">\n                 <a href=\"https:\/\/fpabramo.org.br\/es\/con-la-ausencia-de-brasil-canada-colombia-y-mexico-trump-reune-a-aliados-en-miami-para-lanzar-una-ofensiva-militar-en-las-americas\/\" aria-label=\"Con la ausencia de Brasil, Canad\u00e1, Colombia y M\u00e9xico, Trump re\u00fane a aliados en Miami para lanzar una ofensiva militar en las Am\u00e9ricas\">\n                            <img decoding=\"async\" width=\"1170\" height=\"700\" src=\"https:\/\/fpabramo.org.br\/wp-content\/uploads\/2026\/03\/hc0t_yywmaaedob-1.webp\" class=\"attachment-card-large size-card-large wp-post-image\" alt=\"\" srcset=\"https:\/\/fpabramo.org.br\/wp-content\/uploads\/2026\/03\/hc0t_yywmaaedob-1.webp 1170w, https:\/\/fpabramo.org.br\/wp-content\/uploads\/2026\/03\/hc0t_yywmaaedob-1-300x179.webp 300w, https:\/\/fpabramo.org.br\/wp-content\/uploads\/2026\/03\/hc0t_yywmaaedob-1-1024x613.webp 1024w, https:\/\/fpabramo.org.br\/wp-content\/uploads\/2026\/03\/hc0t_yywmaaedob-1-150x90.webp 150w, https:\/\/fpabramo.org.br\/wp-content\/uploads\/2026\/03\/hc0t_yywmaaedob-1-768x459.webp 768w\" sizes=\"(max-width: 1170px) 100vw, 1170px\" \/>                    <\/a>\n    <\/header>\n\n    <div class=\"post-card__content\">\n                    <div class=\"post-card__category\">\n                                    <a class=\"tag tag--solid tag--category-noticia\" href=\"https:\/\/fpabramo.org.br\/category\/noticia\/\">\n                        Not\u00edcia                    <\/a>\n                                    <a class=\"tag tag--solid tag--category-noticias\" href=\"https:\/\/fpabramo.org.br\/es\/category\/noticias\/\">\n                        Noticias                    <\/a>\n                            <\/div>\n        \n        \n        <h3 class=\"post-card__title\">\n            <a href=\"https:\/\/fpabramo.org.br\/es\/con-la-ausencia-de-brasil-canada-colombia-y-mexico-trump-reune-a-aliados-en-miami-para-lanzar-una-ofensiva-militar-en-las-americas\/\">Con la ausencia de Brasil, Canad\u00e1, Colombia y M\u00e9xico, Trump re\u00fane a aliados en Miami para lanzar una ofensiva militar en las Am\u00e9ricas<\/a>\n        <\/h3>\n\n        <div class=\"post-card__meta\">\n\n                            <div class=\"post-card__author\">\n\n                    <span class=\"post-card__by\">\n                        por                    <\/span>\n\n                    <a href=\"https:\/\/fpabramo.org.br\/es\/author\/fernanda-otero\/\" title=\"Entradas de Fernanda Otero\" class=\"author url fn\" rel=\"author\">Fernanda Otero<\/a>\n                <\/div>\n            \n                            <time class=\"post-card__date\">\n                    publicado                    24\/03\/2026                <\/time>\n            \n        <\/div>\n\n\n                                    <div class=\"post-card__excerpt\">\n                    Aunque reuni\u00f3 a 12 l\u00edderes de Am\u00e9rica Latina y el Caribe alineados con Washington, la&#8230;                <\/div>\n                    \n                    <div class=\"post-card__meta post-card__meta--pods\">\n\n                \n\n                \n            <\/div>\n        \n        \n    <\/div>\n<\/article>\n\n\n<article id=\"post-ID-188434-69f0b4bcce475\" class=\"post-card post-card--post  swiper-slide\">\n\n    <header class=\"post-card__image\">\n                 <a href=\"https:\/\/fpabramo.org.br\/es\/6-anos-de-covid-19-las-cicatrices-de-la-desigualdad-y-del-negacionismo\/\" aria-label=\"6 a\u00f1os de Covid-19: las cicatrices de la desigualdad y del negacionismo\">\n                            <img decoding=\"async\" width=\"960\" height=\"679\" src=\"https:\/\/fpabramo.org.br\/wp-content\/uploads\/2026\/03\/Corona_virus_Covid-19_FC-1.webp\" class=\"attachment-card-large size-card-large wp-post-image\" alt=\"\" srcset=\"https:\/\/fpabramo.org.br\/wp-content\/uploads\/2026\/03\/Corona_virus_Covid-19_FC-1.webp 960w, https:\/\/fpabramo.org.br\/wp-content\/uploads\/2026\/03\/Corona_virus_Covid-19_FC-1-300x212.webp 300w, https:\/\/fpabramo.org.br\/wp-content\/uploads\/2026\/03\/Corona_virus_Covid-19_FC-1-150x106.webp 150w, https:\/\/fpabramo.org.br\/wp-content\/uploads\/2026\/03\/Corona_virus_Covid-19_FC-1-768x543.webp 768w\" sizes=\"(max-width: 960px) 100vw, 960px\" \/>                    <\/a>\n    <\/header>\n\n    <div class=\"post-card__content\">\n                    <div class=\"post-card__category\">\n                                    <a class=\"tag tag--solid tag--category-noticia\" href=\"https:\/\/fpabramo.org.br\/category\/noticia\/\">\n                        Not\u00edcia                    <\/a>\n                            <\/div>\n        \n        \n        <h3 class=\"post-card__title\">\n            <a href=\"https:\/\/fpabramo.org.br\/es\/6-anos-de-covid-19-las-cicatrices-de-la-desigualdad-y-del-negacionismo\/\">6 a\u00f1os de Covid-19: las cicatrices de la desigualdad y del negacionismo<\/a>\n        <\/h3>\n\n        <div class=\"post-card__meta\">\n\n                            <div class=\"post-card__author\">\n\n                    <span class=\"post-card__by\">\n                        por                    <\/span>\n\n                    <a href=\"https:\/\/fpabramo.org.br\/es\/author\/fernanda-otero\/\" title=\"Entradas de Fernanda Otero\" class=\"author url fn\" rel=\"author\">Fernanda Otero<\/a>\n                <\/div>\n            \n                            <time class=\"post-card__date\">\n                    publicado                    24\/03\/2026                <\/time>\n            \n        <\/div>\n\n\n                                    <div class=\"post-card__excerpt\">\n                    El virus que dej\u00f3 al descubierto el abismo de clases, la barbarie estatal y la&#8230;                <\/div>\n                    \n                    <div class=\"post-card__meta post-card__meta--pods\">\n\n                \n\n                \n            <\/div>\n        \n        \n    <\/div>\n<\/article>\n\n    <\/div>\n\n        <div class=\"hacklabr-posts-grid-block--slider alignwide -gap-medium -tablet\">\n        <script type=\"application\/json\" hidden>{\"a11y\":{\"enabled\":true,\"firstSlideMessage\":\"Esta es la primera diapositiva\",\"lastSlideMessage\":\"Esta es la \\u00faltima diapositiva\",\"nextSlideMessage\":\"Siguiente diapositiva\",\"paginationBulletMessage\":\"Ir a la diapositiva {{index}}\",\"prevSlideMessage\":\"Diapositiva anterior\"},\"autoplay\":false,\"centeredSlides\":false,\"loop\":false,\"navigation\":{\"nextEl\":\".swiper-button-next\",\"prevEl\":\".swiper-button-prev\"},\"pagination\":{\"el\":\".swiper-pagination\"},\"rewind\":true,\"slidesPerGroup\":1,\"slidesPerView\":1,\"spaceBetween\":16,\"speed\":300,\"breakpoints\":{\"768\":{\"centeredSlides\":false,\"slidesPerGroup\":1,\"slidesPerView\":1,\"spaceBetween\":16}}}<\/script>\n        <section class=\"swiper\">\n            <div class=\"swiper-wrapper\">\n                            <div class=\"swiper-slide\">\n                \n<article id=\"post-ID-188477-69f0b4bcd02e5\" class=\"post-card post-card--post  swiper-slide\">\n\n    <header class=\"post-card__image\">\n                 <a href=\"https:\/\/fpabramo.org.br\/es\/ataques-de-ee-uu-e-israel-contra-iran-aun-no-constituyen-una-amenaza-global-dice-especialista\/\" aria-label=\"Ataques de EE. UU. e Israel contra Ir\u00e1n a\u00fan no constituyen una amenaza global, dice especialista\">\n                            <img decoding=\"async\" width=\"1200\" height=\"800\" src=\"https:\/\/fpabramo.org.br\/wp-content\/uploads\/2026\/03\/TEERA_GettyImages-2263662370.webp\" class=\"attachment-card-large size-card-large wp-post-image\" alt=\"\" srcset=\"https:\/\/fpabramo.org.br\/wp-content\/uploads\/2026\/03\/TEERA_GettyImages-2263662370.webp 1200w, https:\/\/fpabramo.org.br\/wp-content\/uploads\/2026\/03\/TEERA_GettyImages-2263662370-300x200.webp 300w, https:\/\/fpabramo.org.br\/wp-content\/uploads\/2026\/03\/TEERA_GettyImages-2263662370-1024x683.webp 1024w, https:\/\/fpabramo.org.br\/wp-content\/uploads\/2026\/03\/TEERA_GettyImages-2263662370-150x100.webp 150w, https:\/\/fpabramo.org.br\/wp-content\/uploads\/2026\/03\/TEERA_GettyImages-2263662370-768x512.webp 768w\" sizes=\"(max-width: 1200px) 100vw, 1200px\" \/>                    <\/a>\n    <\/header>\n\n    <div class=\"post-card__content\">\n                    <div class=\"post-card__category\">\n                                    <a class=\"tag tag--solid tag--category-noticia\" href=\"https:\/\/fpabramo.org.br\/category\/noticia\/\">\n                        Not\u00edcia                    <\/a>\n                            <\/div>\n        \n        \n        <h3 class=\"post-card__title\">\n            <a href=\"https:\/\/fpabramo.org.br\/es\/ataques-de-ee-uu-e-israel-contra-iran-aun-no-constituyen-una-amenaza-global-dice-especialista\/\">Ataques de EE. UU. e Israel contra Ir\u00e1n a\u00fan no constituyen una amenaza global, dice especialista<\/a>\n        <\/h3>\n\n        <div class=\"post-card__meta\">\n\n                            <div class=\"post-card__author\">\n\n                    <span class=\"post-card__by\">\n                        por                    <\/span>\n\n                    <a href=\"https:\/\/fpabramo.org.br\/es\/author\/hacklab\/\" title=\"Entradas de hacklab\" class=\"author url fn\" rel=\"author\">hacklab<\/a>\n                <\/div>\n            \n                            <time class=\"post-card__date\">\n                    publicado                    24\/03\/2026                <\/time>\n            \n        <\/div>\n\n\n                                    <div class=\"post-card__excerpt\">\n                    Rodrigo Amaral, profesor de Relaciones Internacionales de la PUC-SP, explica los&#8230;                <\/div>\n                    \n                    <div class=\"post-card__meta post-card__meta--pods\">\n\n                \n\n                \n            <\/div>\n        \n        \n    <\/div>\n<\/article>\n\n                <\/div>\n                            <div class=\"swiper-slide\">\n                \n<article id=\"post-ID-188482-69f0b4bcd0c79\" class=\"post-card post-card--post  swiper-slide\">\n\n    <header class=\"post-card__image\">\n                 <a href=\"https:\/\/fpabramo.org.br\/es\/con-la-ausencia-de-brasil-canada-colombia-y-mexico-trump-reune-a-aliados-en-miami-para-lanzar-una-ofensiva-militar-en-las-americas\/\" aria-label=\"Con la ausencia de Brasil, Canad\u00e1, Colombia y M\u00e9xico, Trump re\u00fane a aliados en Miami para lanzar una ofensiva militar en las Am\u00e9ricas\">\n                            <img decoding=\"async\" width=\"1170\" height=\"700\" src=\"https:\/\/fpabramo.org.br\/wp-content\/uploads\/2026\/03\/hc0t_yywmaaedob-1.webp\" class=\"attachment-card-large size-card-large wp-post-image\" alt=\"\" srcset=\"https:\/\/fpabramo.org.br\/wp-content\/uploads\/2026\/03\/hc0t_yywmaaedob-1.webp 1170w, https:\/\/fpabramo.org.br\/wp-content\/uploads\/2026\/03\/hc0t_yywmaaedob-1-300x179.webp 300w, https:\/\/fpabramo.org.br\/wp-content\/uploads\/2026\/03\/hc0t_yywmaaedob-1-1024x613.webp 1024w, https:\/\/fpabramo.org.br\/wp-content\/uploads\/2026\/03\/hc0t_yywmaaedob-1-150x90.webp 150w, https:\/\/fpabramo.org.br\/wp-content\/uploads\/2026\/03\/hc0t_yywmaaedob-1-768x459.webp 768w\" sizes=\"(max-width: 1170px) 100vw, 1170px\" \/>                    <\/a>\n    <\/header>\n\n    <div class=\"post-card__content\">\n                    <div class=\"post-card__category\">\n                                    <a class=\"tag tag--solid tag--category-noticia\" href=\"https:\/\/fpabramo.org.br\/category\/noticia\/\">\n                        Not\u00edcia                    <\/a>\n                                    <a class=\"tag tag--solid tag--category-noticias\" href=\"https:\/\/fpabramo.org.br\/es\/category\/noticias\/\">\n                        Noticias                    <\/a>\n                            <\/div>\n        \n        \n        <h3 class=\"post-card__title\">\n            <a href=\"https:\/\/fpabramo.org.br\/es\/con-la-ausencia-de-brasil-canada-colombia-y-mexico-trump-reune-a-aliados-en-miami-para-lanzar-una-ofensiva-militar-en-las-americas\/\">Con la ausencia de Brasil, Canad\u00e1, Colombia y M\u00e9xico, Trump re\u00fane a aliados en Miami para lanzar una ofensiva militar en las Am\u00e9ricas<\/a>\n        <\/h3>\n\n        <div class=\"post-card__meta\">\n\n                            <div class=\"post-card__author\">\n\n                    <span class=\"post-card__by\">\n                        por                    <\/span>\n\n                    <a href=\"https:\/\/fpabramo.org.br\/es\/author\/fernanda-otero\/\" title=\"Entradas de Fernanda Otero\" class=\"author url fn\" rel=\"author\">Fernanda Otero<\/a>\n                <\/div>\n            \n                            <time class=\"post-card__date\">\n                    publicado                    24\/03\/2026                <\/time>\n            \n        <\/div>\n\n\n                                    <div class=\"post-card__excerpt\">\n                    Aunque reuni\u00f3 a 12 l\u00edderes de Am\u00e9rica Latina y el Caribe alineados con Washington, la&#8230;                <\/div>\n                    \n                    <div class=\"post-card__meta post-card__meta--pods\">\n\n                \n\n                \n            <\/div>\n        \n        \n    <\/div>\n<\/article>\n\n                <\/div>\n                            <div class=\"swiper-slide\">\n                \n<article id=\"post-ID-188434-69f0b4bcd1a28\" class=\"post-card post-card--post  swiper-slide\">\n\n    <header class=\"post-card__image\">\n                 <a href=\"https:\/\/fpabramo.org.br\/es\/6-anos-de-covid-19-las-cicatrices-de-la-desigualdad-y-del-negacionismo\/\" aria-label=\"6 a\u00f1os de Covid-19: las cicatrices de la desigualdad y del negacionismo\">\n                            <img decoding=\"async\" width=\"960\" height=\"679\" src=\"https:\/\/fpabramo.org.br\/wp-content\/uploads\/2026\/03\/Corona_virus_Covid-19_FC-1.webp\" class=\"attachment-card-large size-card-large wp-post-image\" alt=\"\" srcset=\"https:\/\/fpabramo.org.br\/wp-content\/uploads\/2026\/03\/Corona_virus_Covid-19_FC-1.webp 960w, https:\/\/fpabramo.org.br\/wp-content\/uploads\/2026\/03\/Corona_virus_Covid-19_FC-1-300x212.webp 300w, https:\/\/fpabramo.org.br\/wp-content\/uploads\/2026\/03\/Corona_virus_Covid-19_FC-1-150x106.webp 150w, https:\/\/fpabramo.org.br\/wp-content\/uploads\/2026\/03\/Corona_virus_Covid-19_FC-1-768x543.webp 768w\" sizes=\"(max-width: 960px) 100vw, 960px\" \/>                    <\/a>\n    <\/header>\n\n    <div class=\"post-card__content\">\n                    <div class=\"post-card__category\">\n                                    <a class=\"tag tag--solid tag--category-noticia\" href=\"https:\/\/fpabramo.org.br\/category\/noticia\/\">\n                        Not\u00edcia                    <\/a>\n                            <\/div>\n        \n        \n        <h3 class=\"post-card__title\">\n            <a href=\"https:\/\/fpabramo.org.br\/es\/6-anos-de-covid-19-las-cicatrices-de-la-desigualdad-y-del-negacionismo\/\">6 a\u00f1os de Covid-19: las cicatrices de la desigualdad y del negacionismo<\/a>\n        <\/h3>\n\n        <div class=\"post-card__meta\">\n\n                            <div class=\"post-card__author\">\n\n                    <span class=\"post-card__by\">\n                        por                    <\/span>\n\n                    <a href=\"https:\/\/fpabramo.org.br\/es\/author\/fernanda-otero\/\" title=\"Entradas de Fernanda Otero\" class=\"author url fn\" rel=\"author\">Fernanda Otero<\/a>\n                <\/div>\n            \n                            <time class=\"post-card__date\">\n                    publicado                    24\/03\/2026                <\/time>\n            \n        <\/div>\n\n\n                                    <div class=\"post-card__excerpt\">\n                    El virus que dej\u00f3 al descubierto el abismo de clases, la barbarie estatal y la&#8230;                <\/div>\n                    \n                    <div class=\"post-card__meta post-card__meta--pods\">\n\n                \n\n                \n            <\/div>\n        \n        \n    <\/div>\n<\/article>\n\n                <\/div>\n                        <\/div>\n            <div class=\"swiper-pagination\"><\/div>\n                            <div class=\"swiper-button-prev\">\n                    \n    <svg width=\"40\" height=\"40\" version=\"1.1\" viewBox=\"0 0 40 40\" xmlns=\"http:\/\/www.w3.org\/2000\/svg\">\n        <circle cx=\"20\" cy=\"20\" r=\"20\" fill=\"#fff\"\/>\n        <path d=\"m18.8 20 4.6-4.6-1.4-1.4-6 6 6 6 1.4-1.4z\" fill=\"#1c1b1f\"\/>\n    <\/svg>\n                    <\/div>\n                <div class=\"swiper-button-next\">\n                    \n    <svg width=\"40\" height=\"40\" version=\"1.1\" viewBox=\"0 0 40 40\" xmlns=\"http:\/\/www.w3.org\/2000\/svg\">\n        <circle cx=\"20\" cy=\"20\" r=\"20\" fill=\"#fff\"\/>\n        <path d=\"m20.6 20-4.6-4.6 1.4-1.4 6 6-6 6-1.4-1.4z\" fill=\"#1c1b1f\"\/>\n    <\/svg>\n                    <\/div>\n                    <\/section>\n    <\/div>\n    \n    \n\n\n<div style=\"height:79px\" aria-hidden=\"true\" class=\"wp-block-spacer\"><\/div>\n<\/div>\n<\/div>\n","protected":false},"excerpt":{"rendered":"<p>\u00bfPor qu\u00e9 hacer trabajo de base? Estamos felices de darle la bienvenida aqu\u00ed y compartir este viaje de transformaci\u00f3n social. El trabajo de base es una herramienta poderosa para promover un cambio significativo en nuestras comunidades y estamos emocionados de tenerlo con nosotros en esta misi\u00f3n. Aqu\u00ed encontrar\u00e1s todo lo que necesitas para iniciar y [&hellip;]<\/p>\n","protected":false},"author":1,"featured_media":0,"parent":0,"menu_order":0,"comment_status":"closed","ping_status":"closed","template":"","meta":{"_eb_attr":"","footnotes":""},"area":[],"projeto":[165],"tema":[],"coauthors":[85,7007],"class_list":["post-135587","page","type-page","status-publish","hentry","projeto-trabalho-de-base"],"_links":{"self":[{"href":"https:\/\/fpabramo.org.br\/es\/wp-json\/wp\/v2\/pages\/135587","targetHints":{"allow":["GET"]}}],"collection":[{"href":"https:\/\/fpabramo.org.br\/es\/wp-json\/wp\/v2\/pages"}],"about":[{"href":"https:\/\/fpabramo.org.br\/es\/wp-json\/wp\/v2\/types\/page"}],"author":[{"embeddable":true,"href":"https:\/\/fpabramo.org.br\/es\/wp-json\/wp\/v2\/users\/1"}],"replies":[{"embeddable":true,"href":"https:\/\/fpabramo.org.br\/es\/wp-json\/wp\/v2\/comments?post=135587"}],"version-history":[{"count":2,"href":"https:\/\/fpabramo.org.br\/es\/wp-json\/wp\/v2\/pages\/135587\/revisions"}],"predecessor-version":[{"id":187940,"href":"https:\/\/fpabramo.org.br\/es\/wp-json\/wp\/v2\/pages\/135587\/revisions\/187940"}],"wp:attachment":[{"href":"https:\/\/fpabramo.org.br\/es\/wp-json\/wp\/v2\/media?parent=135587"}],"wp:term":[{"taxonomy":"area","embeddable":true,"href":"https:\/\/fpabramo.org.br\/es\/wp-json\/wp\/v2\/area?post=135587"},{"taxonomy":"projeto","embeddable":true,"href":"https:\/\/fpabramo.org.br\/es\/wp-json\/wp\/v2\/projeto?post=135587"},{"taxonomy":"tema","embeddable":true,"href":"https:\/\/fpabramo.org.br\/es\/wp-json\/wp\/v2\/tema?post=135587"},{"taxonomy":"author","embeddable":true,"href":"https:\/\/fpabramo.org.br\/es\/wp-json\/wp\/v2\/coauthors?post=135587"}],"curies":[{"name":"wp","href":"https:\/\/api.w.org\/{rel}","templated":true}]}}