{"id":125763,"date":"2026-02-06T10:12:50","date_gmt":"2026-02-06T13:12:50","guid":{"rendered":"https:\/\/fpabramo.org.br\/sobre-a-fpa\/"},"modified":"2026-03-06T15:22:41","modified_gmt":"2026-03-06T18:22:41","slug":"sobre-a-fpa","status":"publish","type":"page","link":"https:\/\/fpabramo.org.br\/es\/sobre-a-fpa\/","title":{"rendered":"Sobre la FPA"},"content":{"rendered":"\n<h2 class=\"wp-block-heading has-text-align-center\">Historia<\/h2>\n\n\n\n<p>La <strong>Fundaci\u00f3n Perseu Abramo<\/strong> fue instituida por el Partido de los Trabajadores (PT) por decisi\u00f3n de su Direcci\u00f3n Nacional el 5 de mayo de 1996. Esta decisi\u00f3n abr\u00eda el camino para la concreci\u00f3n de una antigua aspiraci\u00f3n\u00a0 del PT de creaci\u00f3n de un espacio, fuera de las estructuras partidarias, para la realizaci\u00f3n\u00a0 de actividades como las de reflexi\u00f3n pol\u00edtica e ideol\u00f3gica, promoci\u00f3n de debates, estudios e investigaciones, con la amplitud y pluralidad de opiniones que rara vez se encuentran en las luchas cotidianas de un partido pol\u00edtico. Ya se hab\u00eda intentado una experiencia de creaci\u00f3n de una instituci\u00f3n de esta naturaleza: la Fundaci\u00f3n Wilson Pinheiro, que funcion\u00f3 durante alg\u00fan tiempo, apoyada por la participaci\u00f3n de algunos de los intelectuales y l\u00edderes m\u00e1s destacados del Partido, pero finalmente colaps\u00f3 por diversas razones, incluida la inestabilidad de los recursos financieros.<\/p>\n\n\n\n<div style=\"height:32px\" aria-hidden=\"true\" class=\"wp-block-spacer\"><\/div>\n\n\n\n<figure class=\"wp-block-image size-full\"><img decoding=\"async\" width=\"670\" height=\"268\" src=\"https:\/\/fpabramo.org.br\/wp-content\/uploads\/2026\/02\/Rectangle-759.webp\" alt=\"\" class=\"wp-image-121123\" srcset=\"https:\/\/fpabramo.org.br\/wp-content\/uploads\/2026\/02\/Rectangle-759.webp 670w, https:\/\/fpabramo.org.br\/wp-content\/uploads\/2026\/02\/Rectangle-759-300x120.webp 300w, https:\/\/fpabramo.org.br\/wp-content\/uploads\/2026\/02\/Rectangle-759-150x60.webp 150w\" sizes=\"(max-width: 670px) 100vw, 670px\" \/><\/figure>\n\n\n\n<div style=\"height:32px\" aria-hidden=\"true\" class=\"wp-block-spacer\"><\/div>\n\n\n\n<p>La Fundaci\u00f3n Wilson Pinheiro ya no existe, pero la idea que la inspir\u00f3 nunca desvaneci\u00f3 en el partido; al contrario, madur\u00f3 con base en la experiencia anterior y se convirti\u00f3 en una firme convicci\u00f3n de su Direcci\u00f3n Nacional. La viabilidad del proyecto recibi\u00f3 un impulso importante con la garant\u00eda de una base financiera permanente, proporcionada por la creaci\u00f3n del Fondo Partidario. Este Fondo fue establecido por el art\u00edculo 38 de la Ley de Partidos Pol\u00edticos (Ley 9.096 del 19 de septiembre de 1995); esa misma ley tambi\u00e9n dispuso, en el inciso IV de su art\u00edculo 44, que al menos el 20% de los fondos asignados a los partidos deb\u00eda destinarse a la creaci\u00f3n y el mantenimiento de un instituto o fundaci\u00f3n de investigaci\u00f3n, adoctrinamiento y educaci\u00f3n pol\u00edtica.<\/p>\n\n\n\n<p>En ese momento (finales de 1995 y principios de 1996), <strong>Perseu Abramo<\/strong>, quien hab\u00eda asumido el cargo de Secretario Nacional de Formaci\u00f3n Pol\u00edtica del Partido, comenz\u00f3 a desarrollar estudios para la constituci\u00f3n del futuro instituto o fundaci\u00f3n, consultando sobre las ventajas y desventajas de cada uno de estos modelos, elaborando documentos b\u00e1sicos sobre el tema e incluso formulando un anteproyecto de lo que podr\u00edan ser las l\u00edneas de trabajo de la instituci\u00f3n. Perseu dedic\u00f3 gran parte de sus esfuerzos, durante los \u00faltimos meses de su vida, a esta labor.<br><\/p>\n\n\n\n<p>La siguiente etapa se inicia con la decisi\u00f3n de la Direcci\u00f3n Nacional del PT de creaci\u00f3n de una fundaci\u00f3n. La elecci\u00f3n de este modelo \u2014dado que las fundaciones son auditadas y deben rendir cuentas al Ministerio P\u00fablico a trav\u00e9s de la Curadur\u00eda de Fundaciones\u2014 fue intencional para garantizar el rigor y la transparencia de todas las acciones que llevar\u00eda a cabo la instituci\u00f3n. Tras esta decisi\u00f3n, un peque\u00f1o grupo de personas que hab\u00eda participado de las discusiones anteriores ha sido encargado por la Direcci\u00f3n Nacional\u00a0 de seguir, bas\u00e1ndose en las ideas ya planteadas por Perseu, con los estudios preliminares para definir la base jur\u00eddica, los objetivos y el programa de actividades de la nueva fundaci\u00f3n.<\/p>\n\n\n\n<p>Los dos documentos elaborados con ese prop\u00f3sito &#8211; \u00ab<em>Elementos para un Plan de Trabajo<\/em>\u00bb y los<strong> Estatutos de la Fundaci\u00f3n<\/strong>, fueron aprobados por unanimidad en la reuni\u00f3n de la Direcci\u00f3n Nacional del d\u00eda 5 de mayo de 1996.<\/p>\n\n\n\n<p><strong>Se establecieron as\u00ed las siguientes definiciones:<\/strong><\/p>\n\n\n\n<p>La naturaleza de la Fundaci\u00f3n, como instituci\u00f3n de derecho privado, instituida por el Partido de los Trabajadores pero con autonom\u00eda jur\u00eddica y administrativa, con sede en S\u00e3o Paulo pero de \u00e1mbito nacional, \u00abtiene como fines la investigaci\u00f3n, la elaboraci\u00f3n doctrinal y la contribuci\u00f3n a la formaci\u00f3n pol\u00edtica de los afiliados del Partido de los Trabajadores y del pueblo trabajador brasile\u00f1o\u00bb.La naturaleza de la Fundaci\u00f3n, como instituci\u00f3n de derecho privado creada por el Partido de los Trabajadores pero con autonom\u00eda jur\u00eddica y administrativa, con sede en S\u00e3o Paulo pero de alcance nacional, \u00abtiene como fines la investigaci\u00f3n, el desarrollo doctrinal y la contribuci\u00f3n a la formaci\u00f3n pol\u00edtica de los militantes del Partido de los Trabajadores y del pueblo trabajador brasile\u00f1o\u00bb.<\/p>\n\n\n\n<p><strong>Los \u00f3rganos constituyentes de la Fundaci\u00f3n:<\/strong><\/p>\n\n\n\n<p>I. El<strong> Consejo<\/strong>, compuesto por 21 miembros que ser\u00e1n nombrados por la Direcci\u00f3n Nacional, es responsable no solo de la supervisi\u00f3n, la aprobaci\u00f3n de las cuentas, el presupuesto y el plan de trabajo anual, sino tambi\u00e9n de la toma de decisiones sobre todos los asuntos importantes\u00a0 como los relacionados a eventuales modificaciones de los estatutos o del patrimonio de la instituci\u00f3n. Adem\u00e1s, debatir las l\u00edneas generales de trabajo y contribuir al desarrollo de las actividades de la Fundaci\u00f3n mediante la evaluaci\u00f3n cr\u00edtica de los proyectos en curso y la propuesta de nuevas iniciativas. Se programaran reuniones ordinarias trimestrales para cumplir con estas responsabilidades.<\/p>\n\n\n\n<p>II. La<strong> Direcci\u00f3n Ejecutiva <\/strong>est\u00e1 integrada por seis miembros: un presidente, un vicepresidente y cuatro directores. Tiene la responsabilidad de planificar, orientar y coordinar los trabajos, adem\u00e1s de representar a la entidad externamente, incluso ante la Curadur\u00eda de Fundaciones, y articularse con los \u00f3rganos del partido y con diversos sectores de la sociedad en general.<\/p>\n\n\n\n<p>En esa misma reuni\u00f3n fueron elegidos los nombres que integrar\u00edan el primer Consejo, con base en criterios de representatividad que llevaban en cuenta los siguientes aspectos: la pluralidad de posiciones y opiniones existentes en el partido; la diversificaci\u00f3n regional; la diversidad profesional y el \u00e1rea de actuaci\u00f3n necesarias al adecuado cumplimiento de las tareas asignadas por el consejo; y una significativa presencia de mujeres.<\/p>\n\n\n\n<p><strong>Las l\u00edneas generales del plan de trabajo incluyeron las siguientes \u00e1reas de actividad:<\/strong><\/p>\n\n\n\n<p>\u2013 Recuperaci\u00f3n de la memoria y la historia del PT (Proyecto Memoria e Historia)<br>\u2013 Reflexi\u00f3n ideol\u00f3gica, pol\u00edtica y cultural (Reflexi\u00f3n)<br>\u2013 Socializaci\u00f3n del patrimonio pol\u00edtico-ideol\u00f3gico-cultural acumulado a trav\u00e9s de eventos, publicaciones y educaci\u00f3n pol\u00edtica (Editorial y Revista Teor\u00eda y Debate)<br>\u2013 Investigaci\u00f3n de opini\u00f3n p\u00fablica (Centro de Opini\u00f3n P\u00fablica)<\/p>\n\n\n\n<p>La <strong>direcci\u00f3n ejecutiva<\/strong> y el <strong>consejo <\/strong>inmediatamente dieron inicio a \u00a0sus funciones, desarrollando tareas preliminares como las inherentes al registro legal de la fundaci\u00f3n, la selecci\u00f3n y renovaci\u00f3n de la sede temporal y la compra de la sede definitiva, la selecci\u00f3n y contrataci\u00f3n de los primeros empleados, y la adquisici\u00f3n del mobiliario y equipo m\u00ednimo necesario para iniciar operaciones.<\/p>\n\n\n\n<p>Finalmente, con la situaci\u00f3n de la Fundaci\u00f3n ya regularizada, el 14 de octubre de 1996, el patronato y la direcci\u00f3n tomaron posesi\u00f3n simult\u00e1neamente, y el 19 del mismo mes se inaugur\u00f3 la sede provisional de la Fundaci\u00f3n Perseu Abramo. En noviembre de ese mismo a\u00f1o, se celebr\u00f3 la primera actividad p\u00fablica de la FPA: el seminario<em> La Forma Petista de Gobernar \u2013 3.\u00aa Generaci\u00f3n<\/em>.<\/p>\n\n\n\n<p><a href=\"https:\/\/fpabramo.org.br\/es\/sobre-perseu-abramo\/\">Haga clic aqu\u00ed para conocer un poco sobre Perseu Abramo.<\/a><\/p>\n\n\n\n<div style=\"height:20px\" aria-hidden=\"true\" class=\"wp-block-spacer\"><\/div>\n\n\n\n<p><strong><strong>Direcci\u00f3n Ejecutiva<\/strong><\/strong><\/p>\n\n\n\n<div class=\"wp-block-columns team-columns is-layout-flex wp-container-core-columns-is-layout-28f84493 wp-block-columns-is-layout-flex\">\n<div class=\"wp-block-column is-layout-flow wp-block-column-is-layout-flow\">\n<div class=\"wp-block-group team-member is-layout-constrained wp-block-group-is-layout-constrained\">\n<p class=\"has-text-align-left has-secondary-font-family\" style=\"font-size:18px\"><strong>Brenno C\u00e9sar Gomes de Almeida<\/strong><br>Presidente Interino<\/p>\n<\/div>\n<\/div>\n<\/div>\n\n\n\n<div class=\"wp-block-columns team-columns is-layout-flex wp-container-core-columns-is-layout-28f84493 wp-block-columns-is-layout-flex\">\n<div class=\"wp-block-column is-layout-flow wp-block-column-is-layout-flow\">\n<div class=\"wp-block-group team-member is-layout-constrained wp-block-group-is-layout-constrained\">\n<p class=\"has-text-align-left has-secondary-font-family\" style=\"font-size:18px\"><strong>Elen Coutinho<\/strong><br>Directora<\/p>\n<\/div>\n<\/div>\n\n\n\n<div class=\"wp-block-column is-layout-flow wp-block-column-is-layout-flow\">\n<div class=\"wp-block-group team-member is-layout-constrained wp-block-group-is-layout-constrained\">\n<p class=\"has-text-align-left has-secondary-font-family\" style=\"font-size:18px\"><strong>M\u00f4nica Valente<\/strong><br>Directora<\/p>\n<\/div>\n<\/div>\n<\/div>\n\n\n\n<div class=\"wp-block-columns team-columns is-layout-flex wp-container-core-columns-is-layout-28f84493 wp-block-columns-is-layout-flex\">\n<div class=\"wp-block-column is-layout-flow wp-block-column-is-layout-flow\">\n<div class=\"wp-block-group team-member is-layout-constrained wp-block-group-is-layout-constrained\">\n<p class=\"has-text-align-left has-secondary-font-family\" style=\"font-size:18px\"><strong>Naiara Torres<\/strong><br>Directora<\/p>\n<\/div>\n<\/div>\n\n\n\n<div class=\"wp-block-column is-layout-flow wp-block-column-is-layout-flow\">\n<div class=\"wp-block-group team-member is-layout-constrained wp-block-group-is-layout-constrained\">\n<p class=\"has-text-align-left has-secondary-font-family\" style=\"font-size:18px\"><strong>Alberto Cantalice<\/strong><br>Director<\/p>\n<\/div>\n<\/div>\n<\/div>\n\n\n\n<div class=\"wp-block-columns team-columns is-layout-flex wp-container-core-columns-is-layout-28f84493 wp-block-columns-is-layout-flex\">\n<div class=\"wp-block-column is-layout-flow wp-block-column-is-layout-flow\">\n<div class=\"wp-block-group team-member is-layout-constrained wp-block-group-is-layout-constrained\">\n<p class=\"has-text-align-left has-secondary-font-family\" style=\"font-size:18px\"><strong>Alexandre Macedo de Oliveira<\/strong><br>Director<\/p>\n<\/div>\n<\/div>\n\n\n\n<div class=\"wp-block-column is-layout-flow wp-block-column-is-layout-flow\">\n<div class=\"wp-block-group team-member is-layout-constrained wp-block-group-is-layout-constrained\">\n<p class=\"has-text-align-left has-secondary-font-family\" style=\"font-size:18px\"><strong>Carlos Henrique \u00c1rabe<\/strong><br>Director<\/p>\n<\/div>\n<\/div>\n<\/div>\n\n\n\n<div class=\"wp-block-columns team-columns is-layout-flex wp-container-core-columns-is-layout-28f84493 wp-block-columns-is-layout-flex\">\n<div class=\"wp-block-column is-layout-flow wp-block-column-is-layout-flow\">\n<div class=\"wp-block-group team-member is-layout-constrained wp-block-group-is-layout-constrained\">\n<p class=\"has-text-align-left has-secondary-font-family\" style=\"font-size:18px\"><strong>Jorge Bittar<\/strong><br>Director<\/p>\n<\/div>\n<\/div>\n\n\n\n<div class=\"wp-block-column is-layout-flow wp-block-column-is-layout-flow\">\n<div class=\"wp-block-group team-member is-layout-constrained wp-block-group-is-layout-constrained\">\n<p class=\"has-text-align-left has-secondary-font-family\" style=\"font-size:18px\"><strong>Valter Pomar<\/strong><br>Director<\/p>\n<\/div>\n<\/div>\n<\/div>\n\n\n\n<p><strong><strong>Consejo<\/strong><\/strong><\/p>\n\n\n\n<p>Eleonora Menicucci (presidente), Ademar Arthur Chioro dos Reis, Adem\u00e1rio Souza Costa, Ana Carolina Dartora, Ana Maria de Carvalho Fontenele, Azilton Ferreira Viana, Eliane Aquino Cust\u00f3dio, Elisa Guaran\u00e1 de Castro, Esther Bemerguy de Albuquerque, Eva Val\u00e9ria Lorenzatto, Everaldo de Oliveira Andrade, Fernando Damata Pimentel, Fernando Dantas Ferro, Francisco Ferreira Alexandre, Francisco Jos\u00e9 Pinheiro, Helena Wendel Abramo, Jos\u00e9 Zunga Alves de Lima, Juarez Rocha Guimar\u00e3es, Lene Teixeira Souza Gon\u00e7alves, Luciano Cartuxo Pires de S\u00e1, Luiza Machado de Oliveira Menezes, Maria Caramez Carlotto, Maria Isolda Dantas de Moura, Neiva Ribeiro, Pedro Silva Barros, Ramatis Jacino, Rubens Natal Giaquinto, Sergio Aparecido Nobre y Vladimir de Paula Brito.<\/p>\n\n\n\n<div style=\"background-image:url(&apos;https:\/\/fpabramo.org.br\/wp-content\/uploads\/2026\/02\/bannerDadosBG.webp&apos;);background-size:cover;\" class=\"wp-block-group alignfull documents-group is-layout-constrained wp-block-group-is-layout-constrained has-background\">\n<h2 class=\"wp-block-heading has-text-align-left\">Documentos de Fundaci\u00f3n<\/h2>\n\n\n\n    <div class=\"hacklabr-posts-grid-block -gap-large hacklabr-posts-grid-block--desktop-only\" style=\"--grid-columns: 3\">\n        \n<article id=\"post-ID-116630-69f0b4b9eafce\" class=\"post-card post-card--page  swiper-slide\">\n\n    <header class=\"post-card__image\">\n                 <a href=\"https:\/\/fpabramo.org.br\/es\/estatuto-do-partido-dos-trabalhadores\/\" aria-label=\"Estatuto del Partido de los Trabajadores\">\n                            <img decoding=\"async\" width=\"170\" height=\"240\" src=\"https:\/\/fpabramo.org.br\/wp-content\/uploads\/2026\/01\/Rectangle-20.webp\" class=\"attachment-card-large size-card-large wp-post-image\" alt=\"imagem do manifesto\" srcset=\"https:\/\/fpabramo.org.br\/wp-content\/uploads\/2026\/01\/Rectangle-20.webp 170w, https:\/\/fpabramo.org.br\/wp-content\/uploads\/2026\/01\/Rectangle-20-106x150.webp 106w\" sizes=\"(max-width: 170px) 100vw, 170px\" \/>                    <\/a>\n    <\/header>\n\n    <div class=\"post-card__content\">\n                    <div class=\"post-card__category\">\n                                    <a class=\"tag tag--solid tag--category-documentos\"\n                       href=\"https:\/\/fpabramo.org.br\/es\/category\/documentos\/\">\n                        Documentos                    <\/a>\n                            <\/div>\n        \n        \n        <h3 class=\"post-card__title\">\n            <a href=\"https:\/\/fpabramo.org.br\/es\/estatuto-do-partido-dos-trabalhadores\/\">Estatuto del Partido de los Trabajadores<\/a>\n        <\/h3>\n\n        <div class=\"post-card__meta\">\n\n            \n                            <time class=\"post-card__date\">\n                    publicado                    27\/01\/2026                <\/time>\n            \n        <\/div>\n\n\n        \n        \n        \n    <\/div>\n<\/article>\n\n    <\/div>\n\n        <div class=\"hacklabr-posts-grid-block--slider -gap-large -tablet\">\n        <script type=\"application\/json\" hidden>{\"a11y\":{\"enabled\":true,\"firstSlideMessage\":\"Esta es la primera diapositiva\",\"lastSlideMessage\":\"Esta es la \\u00faltima diapositiva\",\"nextSlideMessage\":\"Siguiente diapositiva\",\"paginationBulletMessage\":\"Ir a la diapositiva {{index}}\",\"prevSlideMessage\":\"Diapositiva anterior\"},\"autoplay\":false,\"centeredSlides\":false,\"loop\":false,\"navigation\":{\"nextEl\":\".swiper-button-next\",\"prevEl\":\".swiper-button-prev\"},\"pagination\":false,\"rewind\":true,\"slidesPerGroup\":1,\"slidesPerView\":1,\"spaceBetween\":16,\"speed\":300,\"breakpoints\":{\"768\":{\"centeredSlides\":false,\"slidesPerGroup\":1,\"slidesPerView\":1,\"spaceBetween\":16}}}<\/script>\n        <section class=\"swiper\">\n            <div class=\"swiper-wrapper\">\n                            <div class=\"swiper-slide\">\n                \n<article id=\"post-ID-116630-69f0b4b9ebe56\" class=\"post-card post-card--page  swiper-slide\">\n\n    <header class=\"post-card__image\">\n                 <a href=\"https:\/\/fpabramo.org.br\/es\/estatuto-do-partido-dos-trabalhadores\/\" aria-label=\"Estatuto del Partido de los Trabajadores\">\n                            <img decoding=\"async\" width=\"170\" height=\"240\" src=\"https:\/\/fpabramo.org.br\/wp-content\/uploads\/2026\/01\/Rectangle-20.webp\" class=\"attachment-card-large size-card-large wp-post-image\" alt=\"imagem do manifesto\" srcset=\"https:\/\/fpabramo.org.br\/wp-content\/uploads\/2026\/01\/Rectangle-20.webp 170w, https:\/\/fpabramo.org.br\/wp-content\/uploads\/2026\/01\/Rectangle-20-106x150.webp 106w\" sizes=\"(max-width: 170px) 100vw, 170px\" \/>                    <\/a>\n    <\/header>\n\n    <div class=\"post-card__content\">\n                    <div class=\"post-card__category\">\n                                    <a class=\"tag tag--solid tag--category-documentos\"\n                       href=\"https:\/\/fpabramo.org.br\/es\/category\/documentos\/\">\n                        Documentos                    <\/a>\n                            <\/div>\n        \n        \n        <h3 class=\"post-card__title\">\n            <a href=\"https:\/\/fpabramo.org.br\/es\/estatuto-do-partido-dos-trabalhadores\/\">Estatuto del Partido de los Trabajadores<\/a>\n        <\/h3>\n\n        <div class=\"post-card__meta\">\n\n            \n                            <time class=\"post-card__date\">\n                    publicado                    27\/01\/2026                <\/time>\n            \n        <\/div>\n\n\n        \n        \n        \n    <\/div>\n<\/article>\n\n                <\/div>\n                        <\/div>\n            <div class=\"swiper-pagination\"><\/div>\n                            <div class=\"swiper-button-prev\">\n                    \n    <svg width=\"40\" height=\"40\" version=\"1.1\" viewBox=\"0 0 40 40\" xmlns=\"http:\/\/www.w3.org\/2000\/svg\">\n        <circle cx=\"20\" cy=\"20\" r=\"20\" fill=\"#fff\"\/>\n        <path d=\"m18.8 20 4.6-4.6-1.4-1.4-6 6 6 6 1.4-1.4z\" fill=\"#1c1b1f\"\/>\n    <\/svg>\n                    <\/div>\n                <div class=\"swiper-button-next\">\n                    \n    <svg width=\"40\" height=\"40\" version=\"1.1\" viewBox=\"0 0 40 40\" xmlns=\"http:\/\/www.w3.org\/2000\/svg\">\n        <circle cx=\"20\" cy=\"20\" r=\"20\" fill=\"#fff\"\/>\n        <path d=\"m20.6 20-4.6-4.6 1.4-1.4 6 6-6 6-1.4-1.4z\" fill=\"#1c1b1f\"\/>\n    <\/svg>\n                    <\/div>\n                    <\/section>\n    <\/div>\n    \n    <\/div>\n\n\n\n<div class=\"wp-block-columns contact-block is-layout-flex wp-container-core-columns-is-layout-28f84493 wp-block-columns-is-layout-flex\">\n<div class=\"wp-block-column is-layout-flow wp-block-column-is-layout-flow\">\n<h2 class=\"wp-block-heading\">Cont\u00e1ctenos<\/h2>\n\n\n\n<p>P\u00f3ngase en contacto por el correo electr\u00f3nico: contato@fpa.org.br<br><\/p>\n<\/div>\n\n\n\n<div class=\"wp-block-column is-layout-flow wp-block-column-is-layout-flow\">\n<div class=\"wp-block-contact-form-7-contact-form-selector\">\n<div class=\"wpcf7 no-js\" id=\"wpcf7-f125784-o1\" lang=\"pt-BR\" dir=\"ltr\" data-wpcf7-id=\"125784\">\n<div class=\"screen-reader-response\"><p role=\"status\" aria-live=\"polite\" aria-atomic=\"true\"><\/p> <ul><\/ul><\/div>\n<form action=\"\/es\/wp-json\/wp\/v2\/pages\/125763#wpcf7-f125784-o1\" method=\"post\" class=\"wpcf7-form init\" aria-label=\"Formul\u00e1rios de contato\" novalidate=\"novalidate\" data-status=\"init\">\n<fieldset class=\"hidden-fields-container\"><input type=\"hidden\" name=\"_wpcf7\" value=\"125784\" \/><input type=\"hidden\" name=\"_wpcf7_version\" value=\"6.1.5\" \/><input type=\"hidden\" name=\"_wpcf7_locale\" value=\"pt_BR\" \/><input type=\"hidden\" name=\"_wpcf7_unit_tag\" value=\"wpcf7-f125784-o1\" \/><input type=\"hidden\" name=\"_wpcf7_container_post\" value=\"0\" \/><input type=\"hidden\" name=\"_wpcf7_posted_data_hash\" value=\"\" \/><input type=\"hidden\" name=\"_wpcf7_recaptcha_response\" value=\"\" \/>\n<\/fieldset>\n<div class=\"form-group\">\n\t<p><span class=\"wpcf7-form-control-wrap\" data-name=\"nome-completo\"><input size=\"40\" maxlength=\"400\" class=\"wpcf7-form-control wpcf7-text wpcf7-validates-as-required\" aria-required=\"true\" aria-invalid=\"false\" placeholder=\"NOME COMPLETO\" value=\"\" type=\"text\" name=\"nome-completo\" \/><\/span>\n\t<\/p>\n<\/div>\n<div class=\"form-group\">\n\t<p><span class=\"wpcf7-form-control-wrap\" data-name=\"estado\"><select class=\"wpcf7-form-control wpcf7-select wpcf7-validates-as-required\" aria-required=\"true\" aria-invalid=\"false\" name=\"estado\"><option value=\"\">ESTADO<\/option><option value=\"AC\">AC<\/option><option value=\"AL\">AL<\/option><option value=\"AP\">AP<\/option><option value=\"AM\">AM<\/option><option value=\"BA\">BA<\/option><option value=\"CE\">CE<\/option><option value=\"DF\">DF<\/option><option value=\"ES\">ES<\/option><option value=\"GO\">GO<\/option><option value=\"MA\">MA<\/option><option value=\"MT\">MT<\/option><option value=\"MS\">MS<\/option><option value=\"MG\">MG<\/option><option value=\"PA\">PA<\/option><option value=\"PB\">PB<\/option><option value=\"PR\">PR<\/option><option value=\"PE\">PE<\/option><option value=\"PI\">PI<\/option><option value=\"RJ\">RJ<\/option><option value=\"RN\">RN<\/option><option value=\"RS\">RS<\/option><option value=\"RO\">RO<\/option><option value=\"RR\">RR<\/option><option value=\"SC\">SC<\/option><option value=\"SP\">SP<\/option><option value=\"SE\">SE<\/option><option value=\"TO\">TO<\/option><\/select><\/span>\n\t<\/p>\n<\/div>\n<div class=\"form-group\">\n\t<p><span class=\"wpcf7-form-control-wrap\" data-name=\"your-email\"><input size=\"40\" maxlength=\"400\" class=\"wpcf7-form-control wpcf7-email wpcf7-validates-as-required wpcf7-text wpcf7-validates-as-email\" aria-required=\"true\" aria-invalid=\"false\" placeholder=\"E-MAIL\" value=\"\" type=\"email\" name=\"your-email\" \/><\/span>\n\t<\/p>\n<\/div>\n<div class=\"form-group\">\n\t<p><span class=\"wpcf7-form-control-wrap\" data-name=\"mensagem\"><textarea cols=\"40\" rows=\"10\" maxlength=\"2000\" class=\"wpcf7-form-control wpcf7-textarea wpcf7-validates-as-required\" aria-required=\"true\" aria-invalid=\"false\" placeholder=\"ESCREVA AQUI SUA MENSAGEM\" name=\"mensagem\"><\/textarea><\/span>\n\t<\/p>\n<\/div>\n<div class=\"form-group form-terms\">\n\t<p><span class=\"wpcf7-form-control-wrap\" data-name=\"aceite-terms\"><span class=\"wpcf7-form-control wpcf7-acceptance\"><span class=\"wpcf7-list-item\"><input type=\"checkbox\" name=\"aceite-terms\" value=\"1\" aria-invalid=\"false\" \/><\/span><\/span><\/span><br \/>\n<a href=\"https:\/\/fpabramo.org.br\/termos-de-uso\/\">Aceito os Termos de uso e Pol\u00edticas de Privacidade da Funda\u00e7\u00e3o Perseu Abramo.<\/a>\n\t<\/p>\n<\/div>\n<div class=\"form-submit\">\n\t<p><input class=\"wpcf7-form-control wpcf7-submit has-spinner\" type=\"submit\" value=\"Enviar\" \/>\n\t<\/p>\n<\/div><div class=\"wpcf7-response-output\" aria-hidden=\"true\"><\/div>\n<\/form>\n<\/div>\n<\/div>\n<\/div>\n<\/div>\n","protected":false},"excerpt":{"rendered":"<p>Historia La Fundaci\u00f3n Perseu Abramo fue instituida por el Partido de los Trabajadores (PT) por decisi\u00f3n de su Direcci\u00f3n Nacional el 5 de mayo de 1996. Esta decisi\u00f3n abr\u00eda el camino para la concreci\u00f3n de una antigua aspiraci\u00f3n\u00a0 del PT de creaci\u00f3n de un espacio, fuera de las estructuras partidarias, para la realizaci\u00f3n\u00a0 de actividades [&hellip;]<\/p>\n","protected":false},"author":1,"featured_media":0,"parent":0,"menu_order":0,"comment_status":"closed","ping_status":"closed","template":"template-institucional.php","meta":{"_eb_attr":"","footnotes":""},"area":[],"projeto":[],"tema":[],"coauthors":[85],"class_list":["post-125763","page","type-page","status-publish","hentry"],"_links":{"self":[{"href":"https:\/\/fpabramo.org.br\/es\/wp-json\/wp\/v2\/pages\/125763","targetHints":{"allow":["GET"]}}],"collection":[{"href":"https:\/\/fpabramo.org.br\/es\/wp-json\/wp\/v2\/pages"}],"about":[{"href":"https:\/\/fpabramo.org.br\/es\/wp-json\/wp\/v2\/types\/page"}],"author":[{"embeddable":true,"href":"https:\/\/fpabramo.org.br\/es\/wp-json\/wp\/v2\/users\/1"}],"replies":[{"embeddable":true,"href":"https:\/\/fpabramo.org.br\/es\/wp-json\/wp\/v2\/comments?post=125763"}],"version-history":[{"count":0,"href":"https:\/\/fpabramo.org.br\/es\/wp-json\/wp\/v2\/pages\/125763\/revisions"}],"wp:attachment":[{"href":"https:\/\/fpabramo.org.br\/es\/wp-json\/wp\/v2\/media?parent=125763"}],"wp:term":[{"taxonomy":"area","embeddable":true,"href":"https:\/\/fpabramo.org.br\/es\/wp-json\/wp\/v2\/area?post=125763"},{"taxonomy":"projeto","embeddable":true,"href":"https:\/\/fpabramo.org.br\/es\/wp-json\/wp\/v2\/projeto?post=125763"},{"taxonomy":"tema","embeddable":true,"href":"https:\/\/fpabramo.org.br\/es\/wp-json\/wp\/v2\/tema?post=125763"},{"taxonomy":"author","embeddable":true,"href":"https:\/\/fpabramo.org.br\/es\/wp-json\/wp\/v2\/coauthors?post=125763"}],"curies":[{"name":"wp","href":"https:\/\/api.w.org\/{rel}","templated":true}]}}