{"id":120387,"date":"2026-01-19T14:19:42","date_gmt":"2026-01-19T17:19:42","guid":{"rendered":"https:\/\/fpabramo.org.br\/csbh\/"},"modified":"2026-03-20T11:44:09","modified_gmt":"2026-03-20T14:44:09","slug":"csbh","status":"publish","type":"page","link":"https:\/\/fpabramo.org.br\/es\/csbh\/","title":{"rendered":"Centro de mem\u00f3ria"},"content":{"rendered":"\n<div class=\"wp-block-cover alignfull banner-cooperacao-internacional banner-centro-de-memoria\" style=\"min-height:120px;aspect-ratio:unset;\"><img decoding=\"async\" width=\"1024\" height=\"85\" class=\"wp-block-cover__image-background wp-image-89856 size-large\" alt=\"\" src=\"https:\/\/fpabramo.org.br\/wp-content\/uploads\/2026\/01\/bannerMemoriaBG-1024x85.webp\" data-object-fit=\"cover\" srcset=\"https:\/\/fpabramo.org.br\/wp-content\/uploads\/2026\/01\/bannerMemoriaBG-1024x85.webp 1024w, https:\/\/fpabramo.org.br\/wp-content\/uploads\/2026\/01\/bannerMemoriaBG-300x25.webp 300w, https:\/\/fpabramo.org.br\/wp-content\/uploads\/2026\/01\/bannerMemoriaBG-150x13.webp 150w, https:\/\/fpabramo.org.br\/wp-content\/uploads\/2026\/01\/bannerMemoriaBG-768x64.webp 768w, https:\/\/fpabramo.org.br\/wp-content\/uploads\/2026\/01\/bannerMemoriaBG.webp 1440w\" sizes=\"(max-width: 1024px) 100vw, 1024px\" \/><span aria-hidden=\"true\" class=\"wp-block-cover__background has-background-dim-10 has-background-dim\"><\/span><div class=\"wp-block-cover__inner-container is-layout-constrained wp-block-cover-is-layout-constrained\">\n<div class=\"wp-block-columns alignwide is-layout-flex wp-container-core-columns-is-layout-28f84493 wp-block-columns-is-layout-flex\">\n<div class=\"wp-block-column is-vertically-aligned-center is-layout-flow wp-block-column-is-layout-flow\" style=\"flex-basis:631px\">\n<h2 class=\"wp-block-heading\" style=\"font-style:normal;font-weight:500\">Centro de memoria<\/h2>\n<\/div>\n\n\n\n<div class=\"wp-block-column is-vertically-aligned-center is-layout-flow wp-block-column-is-layout-flow\" style=\"flex-basis:570px\">\n<div class=\"wp-block-group is-content-justification-right is-layout-constrained wp-container-core-group-is-layout-f1f2ed93 wp-block-group-is-layout-constrained\">\n<p class=\"has-medium-font-size\" style=\"font-style:normal;font-weight:700\">El Centro de Documentaci\u00f3n y Memoria Pol\u00edtica Sergio Buarque de Holanda conserva registros de una de las experiencias m\u00e1s importantes de la clase trabajadora en la historia reciente de Brasil<\/p>\n<\/div>\n<\/div>\n<\/div>\n<\/div><\/div>\n\n\n\n<h1 class=\"wp-block-heading alignwide has-text-align-center has-primary-dark-color has-text-color has-link-color wp-elements-1a78009deda8fe0035461b7264487a72\">Explora la colecci\u00f3n digitalizada.<\/h1>\n\n\n\n<div class=\"wp-block-group alignwide block-acervo-digitalizado is-layout-constrained wp-block-group-is-layout-constrained\">\n<div class=\"wp-block-columns alignwide is-not-stacked-on-mobile is-layout-flex wp-container-core-columns-is-layout-28f84493 wp-block-columns-is-layout-flex\">\n<div class=\"wp-block-column has-secondary-light-background-color has-background is-layout-flow wp-container-core-column-is-layout-8a368f38 wp-block-column-is-layout-flow\" style=\"flex-basis:438px\">\n<h3 class=\"wp-block-heading has-text-align-center\">Colecci\u00f3n textual<\/h3>\n\n\n\n<p class=\"has-text-align-center has-x-small-font-size\"><br>Fundaci\u00f3n Perseu Abramo, Partido de los Trabajadores &#8211; Direcci\u00f3n Nacional. Actualmente en proceso de recopilaci\u00f3n: Foro de S\u00e3o Paulo y sedes estatales, municipales, zonales e internacionales del PT.<\/p>\n<\/div>\n\n\n\n<div class=\"wp-block-column has-secondary-light-background-color has-background is-layout-flow wp-block-column-is-layout-flow\" style=\"flex-basis:438px\">\n<h3 class=\"wp-block-heading has-text-align-center\">Acci\u00f3n Institucional de la Uni\u00f3n<\/h3>\n\n\n\n<p class=\"has-text-align-center has-x-small-font-size\">Gobiernos de Lula (2003-2010) y de Dilma (2022-2016). Actualmente en proceso de organizaci\u00f3n: Gobiernos estatales y municipales del PT, y acci\u00f3n legislativa municipal, estatal y federal.<\/p>\n<\/div>\n\n\n\n<div class=\"wp-block-column has-secondary-light-background-color has-background is-layout-flow wp-block-column-is-layout-flow\" style=\"flex-basis:438px\">\n<h3 class=\"wp-block-heading has-text-align-center\">Mem\u00f3ria Oral<\/h3>\n\n\n\n<p class=\"has-text-align-center has-x-small-font-size\">Colecci\u00f3n en desarrollo, con documentos sonoros y audiovisuales (seminarios, pel\u00edculas, entrevistas, etc.) relacionados con el enfoque del archivo.<\/p>\n<\/div>\n<\/div>\n\n\n\n<div class=\"wp-block-columns alignwide is-layout-flex wp-container-core-columns-is-layout-28f84493 wp-block-columns-is-layout-flex\">\n<div class=\"wp-block-column has-secondary-light-background-color has-background is-layout-flow wp-block-column-is-layout-flow\" style=\"flex-basis:438px\">\n<h3 class=\"wp-block-heading has-text-align-center\">Memoria del activismo<\/h3>\n\n\n\n<p class=\"has-text-align-center has-x-small-font-size\">Colecci\u00f3n en desarrollo, compuesta por documentos digitalizados donados por dirigentes y activistas del PT que registran experiencias de construcci\u00f3n del partido en todo el pa\u00eds.<\/p>\n<\/div>\n\n\n\n<div class=\"wp-block-column has-secondary-light-background-color has-background is-layout-flow wp-block-column-is-layout-flow\" style=\"flex-basis:438px\">\n<h3 class=\"wp-block-heading has-text-align-center\">Base de datos de pol\u00edticas p\u00fablicas y proyectos de ley municipales y estatales<\/h3>\n<\/div>\n\n\n\n<div class=\"wp-block-column has-secondary-light-background-color has-background is-layout-flow wp-block-column-is-layout-flow\" style=\"flex-basis:438px\">\n<h3 class=\"wp-block-heading has-text-align-center\">Base de datos iconogr\u00e1fica<\/h3>\n\n\n\n<p class=\"has-text-align-center has-x-small-font-size\">Fotograf\u00edas, negativos, carteles y publicaciones peri\u00f3dicas, con un total aproximado de 50.000 registros.<\/p>\n<\/div>\n<\/div>\n<\/div>\n\n\n\n<div class=\"wp-block-buttons is-content-justification-center is-nowrap is-layout-flex wp-container-core-buttons-is-layout-23441af8 wp-block-buttons-is-layout-flex\">\n<div class=\"wp-block-button has-custom-width wp-block-button__width-25\"><a class=\"wp-block-button__link has-primary-pure-background-color has-background wp-element-button\">Consultar la colecci\u00f3n<img decoding=\"async\" class=\"wp-image-8243\" style=\"width: 24px;\" src=\"https:\/\/fpabramo.org.br\/wp-content\/uploads\/2026\/01\/bookmark_stacks.webp\" alt=\"\"><\/a><\/div>\n<\/div>\n\n\n\n<div class=\"wp-block-cover alignwide exposicoes-posts\" style=\"border-radius:16px\"><img decoding=\"async\" class=\"wp-block-cover__image-background wp-image-538 size-large\" alt=\"\" src=\"https:\/\/fpabramo.org.br\/wp-content\/uploads\/2025\/10\/bannerExpoBG-1024x334.png\" data-object-fit=\"cover\"\/><span aria-hidden=\"true\" class=\"wp-block-cover__background has-background-dim-0 has-background-dim\"><\/span><div class=\"wp-block-cover__inner-container is-layout-constrained wp-block-cover-is-layout-constrained\">\n<div class=\"wp-block-columns alignwide is-layout-flex wp-container-core-columns-is-layout-28f84493 wp-block-columns-is-layout-flex\">\n<div class=\"wp-block-column is-layout-flow wp-block-column-is-layout-flow\" style=\"flex-basis:40%\">\n<h2 class=\"wp-block-heading has-white-color has-text-color has-link-color has-xx-large-font-size wp-elements-7eb8624e6677ffbca18c3b134e0b892f\">Exposicions virtuales<\/h2>\n\n\n\n<p class=\"has-secondary-light-color has-text-color has-link-color has-secondary-font-family has-large-font-size wp-elements-4cff1f7e324c352a79a66477d85656a8\" style=\"font-style:normal;font-weight:700\">Explora nuestra colecci\u00f3n<\/p>\n\n\n\n<p>El Centro de Documentaci\u00f3n y Memoria Pol\u00edtica Sergio Buarque de Holanda ha preparado varias exposiciones virtuales sobre la historia del Partido de los Trabajadores y sobre importantes pol\u00edticas p\u00fablicas. Acceda a ellas aqu\u00ed:<a href=\"https:\/\/fpabramo.org.br\/es\/evento\/ecologia-sem-luta-de-classes-e-jardinagem-o-partido-dos-trabalhadores-na-luta-socioambiental\/\"><\/a><\/p>\n<\/div>\n\n\n\n<div class=\"wp-block-column is-layout-flow wp-block-column-is-layout-flow\">\n    <div class=\"hacklabr-posts-grid-block esposicoes-grid -gap-medium hacklabr-posts-grid-block--desktop-only\" style=\"--grid-columns: 3\">\n        \n<article id=\"post-ID-126074-69f0b4bd7a926\" class=\"post-card post-card--evento  swiper-slide\">\n\n    <header class=\"post-card__image\">\n                 <a href=\"https:\/\/fpabramo.org.br\/es\/evento\/ecologia-sem-luta-de-classes-e-jardinagem-o-partido-dos-trabalhadores-na-luta-socioambiental\/\" aria-label=\"Ecolog\u00eda sin lucha de clases es jardiner\u00eda: el Partido de los Trabajadores en la lucha socioambiental.\">\n                            <img decoding=\"async\" width=\"750\" height=\"438\" src=\"https:\/\/fpabramo.org.br\/wp-content\/uploads\/2025\/11\/3-bannerrepsmadpt-1.jpg\" class=\"attachment-card-large size-card-large wp-post-image\" alt=\"\" srcset=\"https:\/\/fpabramo.org.br\/wp-content\/uploads\/2025\/11\/3-bannerrepsmadpt-1.jpg 750w, https:\/\/fpabramo.org.br\/wp-content\/uploads\/2025\/11\/3-bannerrepsmadpt-1-300x175.jpg 300w\" sizes=\"(max-width: 750px) 100vw, 750px\" \/>                    <\/a>\n    <\/header>\n\n    <div class=\"post-card__content\">\n                    <div class=\"post-card__category\">\n                                    <a class=\"tag tag--solid tag--category-multimidia\"\n                       href=\"https:\/\/fpabramo.org.br\/category\/multimidia\/\">\n                        Multimidia                    <\/a>\n                                    <a class=\"tag tag--solid tag--category-multimidia\"\n                       href=\"https:\/\/fpabramo.org.br\/es\/category\/multimidia\/\">\n                        Multimidia                    <\/a>\n                            <\/div>\n        \n        \n        <h3 class=\"post-card__title\">\n            <a href=\"https:\/\/fpabramo.org.br\/es\/evento\/ecologia-sem-luta-de-classes-e-jardinagem-o-partido-dos-trabalhadores-na-luta-socioambiental\/\">Ecolog\u00eda sin lucha de clases es jardiner\u00eda: el Partido de los Trabajadores en la lucha socioambiental.<\/a>\n        <\/h3>\n\n        <div class=\"post-card__meta\">\n\n            \n            \n        <\/div>\n\n\n        \n                    <div class=\"post-card__meta post-card__meta--pods\">\n\n                <div class=\"post-card__taxonomy post-card__taxonomy--tipo_material\"><a href=\"https:\/\/fpabramo.org.br\/es\/tipo-material\/evento-es\/\" class=\"term-badge term-badge--tipo_material term-badge--tipo_material-evento-es\" style=\"background-color:#f7d62f;border: 1px solid #7a5600;\">Evento<\/a><a href=\"https:\/\/fpabramo.org.br\/tipo-material\/evento\/\" class=\"term-badge term-badge--tipo_material term-badge--tipo_material-evento\" style=\"background-color:#f7d62f;border: 1px solid #7a5600;\">Evento<\/a><\/div>\n\n                <div class=\"post-card__taxonomy post-card__taxonomy--tema\"><a href=\"https:\/\/fpabramo.org.br\/es\/tema\/ambiente\/\" class=\"post-card__taxonomy-item\">Ambiente<\/a><a href=\"https:\/\/fpabramo.org.br\/es\/tema\/pt\/\" class=\"post-card__taxonomy-item\">PT<\/a><a href=\"https:\/\/fpabramo.org.br\/tema\/pt\/\" class=\"post-card__taxonomy-item\">PT<\/a><\/div>\n            <\/div>\n        \n        \n    <\/div>\n<\/article>\n\n\n<article id=\"post-ID-131325-69f0b4bd7dcaf\" class=\"post-card post-card--evento  swiper-slide\">\n\n    <header class=\"post-card__image\">\n                 <a href=\"https:\/\/fpabramo.org.br\/es\/evento\/o-pt-e-a-transformacao-do-brasil-pela-educacao\/\" aria-label=\"O PT e a transforma\u00e7\u00e3o do Brasil pela Educa\u00e7\u00e3o\">\n                            <img decoding=\"async\" width=\"917\" height=\"535\" src=\"https:\/\/fpabramo.org.br\/wp-content\/uploads\/2025\/08\/3-banner-expo-educacao-csbh-2025.png\" class=\"attachment-card-large size-card-large wp-post-image\" alt=\"PT e a Transforma\u00e7\u00e3o do Brasil pela Educa\u00e7\u00e3o\" srcset=\"https:\/\/fpabramo.org.br\/wp-content\/uploads\/2025\/08\/3-banner-expo-educacao-csbh-2025.png 917w, https:\/\/fpabramo.org.br\/wp-content\/uploads\/2025\/08\/3-banner-expo-educacao-csbh-2025-300x175.png 300w, https:\/\/fpabramo.org.br\/wp-content\/uploads\/2025\/08\/3-banner-expo-educacao-csbh-2025-768x448.png 768w\" sizes=\"(max-width: 917px) 100vw, 917px\" \/>                    <\/a>\n    <\/header>\n\n    <div class=\"post-card__content\">\n                    <div class=\"post-card__category\">\n                                    <a class=\"tag tag--solid tag--category-multimidia\"\n                       href=\"https:\/\/fpabramo.org.br\/es\/category\/multimidia\/\">\n                        Multimidia                    <\/a>\n                                    <a class=\"tag tag--solid tag--category-noticias\"\n                       href=\"https:\/\/fpabramo.org.br\/es\/category\/noticias\/\">\n                        Noticias                    <\/a>\n                            <\/div>\n        \n        \n        <h3 class=\"post-card__title\">\n            <a href=\"https:\/\/fpabramo.org.br\/es\/evento\/o-pt-e-a-transformacao-do-brasil-pela-educacao\/\">O PT e a transforma\u00e7\u00e3o do Brasil pela Educa\u00e7\u00e3o<\/a>\n        <\/h3>\n\n        <div class=\"post-card__meta\">\n\n            \n            \n        <\/div>\n\n\n        \n                    <div class=\"post-card__meta post-card__meta--pods\">\n\n                <div class=\"post-card__taxonomy post-card__taxonomy--tipo_material\"><a href=\"https:\/\/fpabramo.org.br\/es\/tipo-material\/evento-es\/\" class=\"term-badge term-badge--tipo_material term-badge--tipo_material-evento-es\" style=\"background-color:#f7d62f;border: 1px solid #7a5600;\">Evento<\/a><\/div>\n\n                <div class=\"post-card__taxonomy post-card__taxonomy--tema\"><a href=\"https:\/\/fpabramo.org.br\/es\/tema\/politicas-publicas\/\" class=\"post-card__taxonomy-item\">Pol\u00edticas P\u00fablicas<\/a><\/div>\n            <\/div>\n        \n        \n    <\/div>\n<\/article>\n\n\n<article id=\"post-ID-126102-69f0b4bd7ec21\" class=\"post-card post-card--evento  swiper-slide\">\n\n    <header class=\"post-card__image\">\n                 <a href=\"https:\/\/fpabramo.org.br\/es\/evento\/seminario-com-organizacao-da-fpa-vai-debater-desenvolvimento-na-amazonia\/\" aria-label=\"Seminario organizado por el FPA discutir\u00e1 sobre el desarrollo en la Amazonia.\">\n                            <img decoding=\"async\" width=\"600\" height=\"350\" src=\"https:\/\/fpabramo.org.br\/wp-content\/uploads\/2025\/05\/banner-napp-seminario-amazonia-2025.jpg\" class=\"attachment-card-large size-card-large wp-post-image\" alt=\"seminario amazonia e mudan\u00e7as climaticas 5 e 6 de junho de 2025 online\" srcset=\"https:\/\/fpabramo.org.br\/wp-content\/uploads\/2025\/05\/banner-napp-seminario-amazonia-2025.jpg 600w, https:\/\/fpabramo.org.br\/wp-content\/uploads\/2025\/05\/banner-napp-seminario-amazonia-2025-300x175.jpg 300w\" sizes=\"(max-width: 600px) 100vw, 600px\" \/>                    <\/a>\n    <\/header>\n\n    <div class=\"post-card__content\">\n        \n        \n        <h3 class=\"post-card__title\">\n            <a href=\"https:\/\/fpabramo.org.br\/es\/evento\/seminario-com-organizacao-da-fpa-vai-debater-desenvolvimento-na-amazonia\/\">Seminario organizado por el FPA discutir\u00e1 sobre el desarrollo en la Amazonia.<\/a>\n        <\/h3>\n\n        <div class=\"post-card__meta\">\n\n            \n            \n        <\/div>\n\n\n        \n                    <div class=\"post-card__meta post-card__meta--pods\">\n\n                \n\n                \n            <\/div>\n        \n        \n    <\/div>\n<\/article>\n\n    <\/div>\n\n        <div class=\"hacklabr-posts-grid-block--slider esposicoes-grid -gap-medium -tablet\">\n        <script type=\"application\/json\" hidden>{\"a11y\":{\"enabled\":true,\"firstSlideMessage\":\"Esta es la primera diapositiva\",\"lastSlideMessage\":\"Esta es la \\u00faltima diapositiva\",\"nextSlideMessage\":\"Siguiente diapositiva\",\"paginationBulletMessage\":\"Ir a la diapositiva {{index}}\",\"prevSlideMessage\":\"Diapositiva anterior\"},\"autoplay\":false,\"centeredSlides\":false,\"loop\":false,\"navigation\":false,\"pagination\":false,\"rewind\":true,\"slidesPerGroup\":1,\"slidesPerView\":1.2,\"spaceBetween\":8,\"speed\":300,\"breakpoints\":{\"768\":{\"centeredSlides\":false,\"slidesPerGroup\":1,\"slidesPerView\":1,\"spaceBetween\":16}}}<\/script>\n        <section class=\"swiper\">\n            <div class=\"swiper-wrapper\">\n                            <div class=\"swiper-slide\">\n                \n<article id=\"post-ID-126074-69f0b4bd7f69e\" class=\"post-card post-card--evento  swiper-slide\">\n\n    <header class=\"post-card__image\">\n                 <a href=\"https:\/\/fpabramo.org.br\/es\/evento\/ecologia-sem-luta-de-classes-e-jardinagem-o-partido-dos-trabalhadores-na-luta-socioambiental\/\" aria-label=\"Ecolog\u00eda sin lucha de clases es jardiner\u00eda: el Partido de los Trabajadores en la lucha socioambiental.\">\n                            <img decoding=\"async\" width=\"750\" height=\"438\" src=\"https:\/\/fpabramo.org.br\/wp-content\/uploads\/2025\/11\/3-bannerrepsmadpt-1.jpg\" class=\"attachment-card-large size-card-large wp-post-image\" alt=\"\" srcset=\"https:\/\/fpabramo.org.br\/wp-content\/uploads\/2025\/11\/3-bannerrepsmadpt-1.jpg 750w, https:\/\/fpabramo.org.br\/wp-content\/uploads\/2025\/11\/3-bannerrepsmadpt-1-300x175.jpg 300w\" sizes=\"(max-width: 750px) 100vw, 750px\" \/>                    <\/a>\n    <\/header>\n\n    <div class=\"post-card__content\">\n                    <div class=\"post-card__category\">\n                                    <a class=\"tag tag--solid tag--category-multimidia\"\n                       href=\"https:\/\/fpabramo.org.br\/category\/multimidia\/\">\n                        Multimidia                    <\/a>\n                                    <a class=\"tag tag--solid tag--category-multimidia\"\n                       href=\"https:\/\/fpabramo.org.br\/es\/category\/multimidia\/\">\n                        Multimidia                    <\/a>\n                            <\/div>\n        \n        \n        <h3 class=\"post-card__title\">\n            <a href=\"https:\/\/fpabramo.org.br\/es\/evento\/ecologia-sem-luta-de-classes-e-jardinagem-o-partido-dos-trabalhadores-na-luta-socioambiental\/\">Ecolog\u00eda sin lucha de clases es jardiner\u00eda: el Partido de los Trabajadores en la lucha socioambiental.<\/a>\n        <\/h3>\n\n        <div class=\"post-card__meta\">\n\n            \n            \n        <\/div>\n\n\n        \n                    <div class=\"post-card__meta post-card__meta--pods\">\n\n                <div class=\"post-card__taxonomy post-card__taxonomy--tipo_material\"><a href=\"https:\/\/fpabramo.org.br\/es\/tipo-material\/evento-es\/\" class=\"term-badge term-badge--tipo_material term-badge--tipo_material-evento-es\" style=\"background-color:#f7d62f;border: 1px solid #7a5600;\">Evento<\/a><a href=\"https:\/\/fpabramo.org.br\/tipo-material\/evento\/\" class=\"term-badge term-badge--tipo_material term-badge--tipo_material-evento\" style=\"background-color:#f7d62f;border: 1px solid #7a5600;\">Evento<\/a><\/div>\n\n                <div class=\"post-card__taxonomy post-card__taxonomy--tema\"><a href=\"https:\/\/fpabramo.org.br\/es\/tema\/ambiente\/\" class=\"post-card__taxonomy-item\">Ambiente<\/a><a href=\"https:\/\/fpabramo.org.br\/es\/tema\/pt\/\" class=\"post-card__taxonomy-item\">PT<\/a><a href=\"https:\/\/fpabramo.org.br\/tema\/pt\/\" class=\"post-card__taxonomy-item\">PT<\/a><\/div>\n            <\/div>\n        \n        \n    <\/div>\n<\/article>\n\n                <\/div>\n                            <div class=\"swiper-slide\">\n                \n<article id=\"post-ID-131325-69f0b4bd7f956\" class=\"post-card post-card--evento  swiper-slide\">\n\n    <header class=\"post-card__image\">\n                 <a href=\"https:\/\/fpabramo.org.br\/es\/evento\/o-pt-e-a-transformacao-do-brasil-pela-educacao\/\" aria-label=\"O PT e a transforma\u00e7\u00e3o do Brasil pela Educa\u00e7\u00e3o\">\n                            <img decoding=\"async\" width=\"917\" height=\"535\" src=\"https:\/\/fpabramo.org.br\/wp-content\/uploads\/2025\/08\/3-banner-expo-educacao-csbh-2025.png\" class=\"attachment-card-large size-card-large wp-post-image\" alt=\"PT e a Transforma\u00e7\u00e3o do Brasil pela Educa\u00e7\u00e3o\" srcset=\"https:\/\/fpabramo.org.br\/wp-content\/uploads\/2025\/08\/3-banner-expo-educacao-csbh-2025.png 917w, https:\/\/fpabramo.org.br\/wp-content\/uploads\/2025\/08\/3-banner-expo-educacao-csbh-2025-300x175.png 300w, https:\/\/fpabramo.org.br\/wp-content\/uploads\/2025\/08\/3-banner-expo-educacao-csbh-2025-768x448.png 768w\" sizes=\"(max-width: 917px) 100vw, 917px\" \/>                    <\/a>\n    <\/header>\n\n    <div class=\"post-card__content\">\n                    <div class=\"post-card__category\">\n                                    <a class=\"tag tag--solid tag--category-multimidia\"\n                       href=\"https:\/\/fpabramo.org.br\/es\/category\/multimidia\/\">\n                        Multimidia                    <\/a>\n                                    <a class=\"tag tag--solid tag--category-noticias\"\n                       href=\"https:\/\/fpabramo.org.br\/es\/category\/noticias\/\">\n                        Noticias                    <\/a>\n                            <\/div>\n        \n        \n        <h3 class=\"post-card__title\">\n            <a href=\"https:\/\/fpabramo.org.br\/es\/evento\/o-pt-e-a-transformacao-do-brasil-pela-educacao\/\">O PT e a transforma\u00e7\u00e3o do Brasil pela Educa\u00e7\u00e3o<\/a>\n        <\/h3>\n\n        <div class=\"post-card__meta\">\n\n            \n            \n        <\/div>\n\n\n        \n                    <div class=\"post-card__meta post-card__meta--pods\">\n\n                <div class=\"post-card__taxonomy post-card__taxonomy--tipo_material\"><a href=\"https:\/\/fpabramo.org.br\/es\/tipo-material\/evento-es\/\" class=\"term-badge term-badge--tipo_material term-badge--tipo_material-evento-es\" style=\"background-color:#f7d62f;border: 1px solid #7a5600;\">Evento<\/a><\/div>\n\n                <div class=\"post-card__taxonomy post-card__taxonomy--tema\"><a href=\"https:\/\/fpabramo.org.br\/es\/tema\/politicas-publicas\/\" class=\"post-card__taxonomy-item\">Pol\u00edticas P\u00fablicas<\/a><\/div>\n            <\/div>\n        \n        \n    <\/div>\n<\/article>\n\n                <\/div>\n                            <div class=\"swiper-slide\">\n                \n<article id=\"post-ID-126102-69f0b4bd7fb53\" class=\"post-card post-card--evento  swiper-slide\">\n\n    <header class=\"post-card__image\">\n                 <a href=\"https:\/\/fpabramo.org.br\/es\/evento\/seminario-com-organizacao-da-fpa-vai-debater-desenvolvimento-na-amazonia\/\" aria-label=\"Seminario organizado por el FPA discutir\u00e1 sobre el desarrollo en la Amazonia.\">\n                            <img decoding=\"async\" width=\"600\" height=\"350\" src=\"https:\/\/fpabramo.org.br\/wp-content\/uploads\/2025\/05\/banner-napp-seminario-amazonia-2025.jpg\" class=\"attachment-card-large size-card-large wp-post-image\" alt=\"seminario amazonia e mudan\u00e7as climaticas 5 e 6 de junho de 2025 online\" srcset=\"https:\/\/fpabramo.org.br\/wp-content\/uploads\/2025\/05\/banner-napp-seminario-amazonia-2025.jpg 600w, https:\/\/fpabramo.org.br\/wp-content\/uploads\/2025\/05\/banner-napp-seminario-amazonia-2025-300x175.jpg 300w\" sizes=\"(max-width: 600px) 100vw, 600px\" \/>                    <\/a>\n    <\/header>\n\n    <div class=\"post-card__content\">\n        \n        \n        <h3 class=\"post-card__title\">\n            <a href=\"https:\/\/fpabramo.org.br\/es\/evento\/seminario-com-organizacao-da-fpa-vai-debater-desenvolvimento-na-amazonia\/\">Seminario organizado por el FPA discutir\u00e1 sobre el desarrollo en la Amazonia.<\/a>\n        <\/h3>\n\n        <div class=\"post-card__meta\">\n\n            \n            \n        <\/div>\n\n\n        \n                    <div class=\"post-card__meta post-card__meta--pods\">\n\n                \n\n                \n            <\/div>\n        \n        \n    <\/div>\n<\/article>\n\n                <\/div>\n                        <\/div>\n            <div class=\"swiper-pagination\"><\/div>\n                    <\/section>\n    <\/div>\n    \n    <\/div>\n<\/div>\n<\/div><\/div>\n\n\n\n<div class=\"wp-block-group alignfull videos-block has-primary-light-background-color has-background is-content-justification-center is-layout-constrained wp-container-core-group-is-layout-879fea99 wp-block-group-is-layout-constrained\">\n<div class=\"wp-block-columns alignwide is-layout-flex wp-container-core-columns-is-layout-28f84493 wp-block-columns-is-layout-flex\">\n<div class=\"wp-block-column is-layout-flow wp-block-column-is-layout-flow\" style=\"flex-basis:29.1%\">\n<div class=\"wp-block-group is-nowrap is-layout-flex wp-container-core-group-is-layout-fc054d2d wp-block-group-is-layout-flex\">\n<h1 class=\"wp-block-heading has-primary-dark-color has-text-color has-link-color has-xx-large-font-size wp-elements-68ff46fdf9b7bb56cbf5f073dddc062b\" style=\"font-style:normal;font-weight:700\">Hist\u00f3ria oral<\/h1>\n<\/div>\n<\/div>\n\n\n\n<div class=\"wp-block-column is-vertically-aligned-bottom is-layout-flow wp-block-column-is-layout-flow\" style=\"padding-bottom:var(--wp--preset--spacing--20);flex-basis:80%\">\n<p class=\"has-tertiary-dark-color has-text-color has-link-color wp-elements-eef0183e7b75dafe30f3e4feb1b4e937\" style=\"font-style:normal;font-weight:1000\"><strong>Lorem ipsum sit amet<\/strong><\/p>\n<\/div>\n<\/div>\n\n\n\n<div class=\"wp-block-group alignwide is-layout-constrained wp-container-core-group-is-layout-a4c69c57 wp-block-group-is-layout-constrained\"><div class='video-gallery-block video-gallery--block'><div class=\"video-gallery-block__title\">\n                    <h2><\/h2>\n                    <div class=\"title-line\"><\/div>\n            <\/div><div class='video-gallery-wrapper'><div class=\"video-gallery-block__embed\">\n\t\t\t\t<p><strong>Como montar um grupo de trabalho de base? | S\u00e9rie \u00abComo fazer trabalho de base\u00bb<\/strong><\/p>\n\t\t\t\t<p>Funda\u00e7\u00e3o Perseu Abramo<\/p>\n\t\t\t\t<figure class=\"wp-block-embed is-type-video is-provider-youtube\">\n\t\t\t\t\t<div class=\"wp-block-embed__wrapper\">\n\t\t\t\t\t\t<iframe class=\"lazy-loaded\"\n\t\t\t\t\t\t\tloading=\"lazy\"\n\t\t\t\t\t\t\ttitle=\"Como montar um grupo de trabalho de base? | S\u00e9rie \"Como fazer trabalho de base\"\"\n\t\t\t\t\t\t\tdata-lazy-type=\"iframe\"\n\t\t\t\t\t\t\tdata-src=\"https:\/\/www.youtube-nocookie.com\/embed\/R7BpZRuExcY?origin=https:\/\/fpabramo.org.br\/es\/&#038;showinfo=0&#038;video-id=R7BpZRuExcY&#038;modestbranding=1&#038;rel=0\"\n\t\t\t\t\t\t\tallow=\"accelerometer; autoplay; clipboard-write; encrypted-media; gyroscope; picture-in-picture\"\n\t\t\t\t\t\t\tallowfullscreen=\"\"\n\t\t\t\t\t\t\tsrc=\"https:\/\/www.youtube-nocookie.com\/embed\/R7BpZRuExcY?origin=https:\/\/fpabramo.org.br\/es\/&#038;showinfo=0&#038;video-id=R7BpZRuExcY&#038;modestbranding=1&#038;rel=0\"\n\t\t\t\t\t\t\twidth=\"1200\" height=\"675\" frameborder=\"0\"><\/iframe>\n\n\t\t\t\t\t\t<noscript>\n\t\t\t\t\t\t\t<iframe loading=\"lazy\"\n\t\t\t\t\t\t\t\ttitle=\"Como montar um grupo de trabalho de base? | S\u00e9rie \"Como fazer trabalho de base\"\"\n\t\t\t\t\t\t\t\twidth=\"1200\"\n\t\t\t\t\t\t\t\theight=\"675\"\n\t\t\t\t\t\t\t\tsrc=\"https:\/\/www.youtube-nocookie.com\/embed\/R7BpZRuExcY?origin=https:\/\/fpabramo.org.br\/es\/&#038;showinfo=0&#038;video-id=R7BpZRuExcY&#038;modestbranding=1&#038;rel=0\" frameborder=\"0\"\n\t\t\t\t\t\t\t\tallow=\"accelerometer; autoplay; clipboard-write; encrypted-media; gyroscope; picture-in-picture\" allowfullscreen>\n\t\t\t\t\t\t\t<\/iframe>\n\t\t\t\t\t\t<\/noscript>\n\t\t\t\t\t<\/div>\n\t\t\t\t<\/figure>\n\t\t\t<\/div><div class=\"video-gallery-block__embed\">\n\t\t\t\t<p><strong>Conversa no trabalho de base | S\u00e9rie \u00abComo fazer trabalho de base\u00bb<\/strong><\/p>\n\t\t\t\t<p>Funda\u00e7\u00e3o Perseu Abramo<\/p>\n\t\t\t\t<figure class=\"wp-block-embed is-type-video is-provider-youtube\">\n\t\t\t\t\t<div class=\"wp-block-embed__wrapper\">\n\t\t\t\t\t\t<iframe class=\"lazy-loaded\"\n\t\t\t\t\t\t\tloading=\"lazy\"\n\t\t\t\t\t\t\ttitle=\"Conversa no trabalho de base | S\u00e9rie \"Como fazer trabalho de base\"\"\n\t\t\t\t\t\t\tdata-lazy-type=\"iframe\"\n\t\t\t\t\t\t\tdata-src=\"https:\/\/www.youtube-nocookie.com\/embed\/kjD4lYPVurk?origin=https:\/\/fpabramo.org.br\/es\/&#038;showinfo=0&#038;video-id=kjD4lYPVurk&#038;modestbranding=1&#038;rel=0\"\n\t\t\t\t\t\t\tallow=\"accelerometer; autoplay; clipboard-write; encrypted-media; gyroscope; picture-in-picture\"\n\t\t\t\t\t\t\tallowfullscreen=\"\"\n\t\t\t\t\t\t\tsrc=\"https:\/\/www.youtube-nocookie.com\/embed\/kjD4lYPVurk?origin=https:\/\/fpabramo.org.br\/es\/&#038;showinfo=0&#038;video-id=kjD4lYPVurk&#038;modestbranding=1&#038;rel=0\"\n\t\t\t\t\t\t\twidth=\"1200\" height=\"675\" frameborder=\"0\"><\/iframe>\n\n\t\t\t\t\t\t<noscript>\n\t\t\t\t\t\t\t<iframe loading=\"lazy\"\n\t\t\t\t\t\t\t\ttitle=\"Conversa no trabalho de base | S\u00e9rie \"Como fazer trabalho de base\"\"\n\t\t\t\t\t\t\t\twidth=\"1200\"\n\t\t\t\t\t\t\t\theight=\"675\"\n\t\t\t\t\t\t\t\tsrc=\"https:\/\/www.youtube-nocookie.com\/embed\/kjD4lYPVurk?origin=https:\/\/fpabramo.org.br\/es\/&#038;showinfo=0&#038;video-id=kjD4lYPVurk&#038;modestbranding=1&#038;rel=0\" frameborder=\"0\"\n\t\t\t\t\t\t\t\tallow=\"accelerometer; autoplay; clipboard-write; encrypted-media; gyroscope; picture-in-picture\" allowfullscreen>\n\t\t\t\t\t\t\t<\/iframe>\n\t\t\t\t\t\t<\/noscript>\n\t\t\t\t\t<\/div>\n\t\t\t\t<\/figure>\n\t\t\t<\/div><div class=\"video-gallery-block__embed\">\n\t\t\t\t<p><strong>Trabalho de base na elei\u00e7\u00e3o | S\u00e9rie \u00abComo fazer trabalho de base\u00bb<\/strong><\/p>\n\t\t\t\t<p>Funda\u00e7\u00e3o Perseu Abramo<\/p>\n\t\t\t\t<figure class=\"wp-block-embed is-type-video is-provider-youtube\">\n\t\t\t\t\t<div class=\"wp-block-embed__wrapper\">\n\t\t\t\t\t\t<iframe class=\"lazy-loaded\"\n\t\t\t\t\t\t\tloading=\"lazy\"\n\t\t\t\t\t\t\ttitle=\"Trabalho de base na elei\u00e7\u00e3o | S\u00e9rie \"Como fazer trabalho de base\"\"\n\t\t\t\t\t\t\tdata-lazy-type=\"iframe\"\n\t\t\t\t\t\t\tdata-src=\"https:\/\/www.youtube-nocookie.com\/embed\/Kx49HcOA2ek?origin=https:\/\/fpabramo.org.br\/es\/&#038;showinfo=0&#038;video-id=Kx49HcOA2ek&#038;modestbranding=1&#038;rel=0\"\n\t\t\t\t\t\t\tallow=\"accelerometer; autoplay; clipboard-write; encrypted-media; gyroscope; picture-in-picture\"\n\t\t\t\t\t\t\tallowfullscreen=\"\"\n\t\t\t\t\t\t\tsrc=\"https:\/\/www.youtube-nocookie.com\/embed\/Kx49HcOA2ek?origin=https:\/\/fpabramo.org.br\/es\/&#038;showinfo=0&#038;video-id=Kx49HcOA2ek&#038;modestbranding=1&#038;rel=0\"\n\t\t\t\t\t\t\twidth=\"1200\" height=\"675\" frameborder=\"0\"><\/iframe>\n\n\t\t\t\t\t\t<noscript>\n\t\t\t\t\t\t\t<iframe loading=\"lazy\"\n\t\t\t\t\t\t\t\ttitle=\"Trabalho de base na elei\u00e7\u00e3o | S\u00e9rie \"Como fazer trabalho de base\"\"\n\t\t\t\t\t\t\t\twidth=\"1200\"\n\t\t\t\t\t\t\t\theight=\"675\"\n\t\t\t\t\t\t\t\tsrc=\"https:\/\/www.youtube-nocookie.com\/embed\/Kx49HcOA2ek?origin=https:\/\/fpabramo.org.br\/es\/&#038;showinfo=0&#038;video-id=Kx49HcOA2ek&#038;modestbranding=1&#038;rel=0\" frameborder=\"0\"\n\t\t\t\t\t\t\t\tallow=\"accelerometer; autoplay; clipboard-write; encrypted-media; gyroscope; picture-in-picture\" allowfullscreen>\n\t\t\t\t\t\t\t<\/iframe>\n\t\t\t\t\t\t<\/noscript>\n\t\t\t\t\t<\/div>\n\t\t\t\t<\/figure>\n\t\t\t<\/div><div class=\"video-gallery-block__embed\">\n\t\t\t\t<p><strong>Trabalho de base na rua | S\u00e9rie \u00abComo fazer trabalho de base\u00bb<\/strong><\/p>\n\t\t\t\t<p>Funda\u00e7\u00e3o Perseu Abramo<\/p>\n\t\t\t\t<figure class=\"wp-block-embed is-type-video is-provider-youtube\">\n\t\t\t\t\t<div class=\"wp-block-embed__wrapper\">\n\t\t\t\t\t\t<iframe class=\"lazy-loaded\"\n\t\t\t\t\t\t\tloading=\"lazy\"\n\t\t\t\t\t\t\ttitle=\"Trabalho de base na rua | S\u00e9rie \"Como fazer trabalho de base\"\"\n\t\t\t\t\t\t\tdata-lazy-type=\"iframe\"\n\t\t\t\t\t\t\tdata-src=\"https:\/\/www.youtube-nocookie.com\/embed\/6jmJ6iABETM?origin=https:\/\/fpabramo.org.br\/es\/&#038;showinfo=0&#038;video-id=6jmJ6iABETM&#038;modestbranding=1&#038;rel=0\"\n\t\t\t\t\t\t\tallow=\"accelerometer; autoplay; clipboard-write; encrypted-media; gyroscope; picture-in-picture\"\n\t\t\t\t\t\t\tallowfullscreen=\"\"\n\t\t\t\t\t\t\tsrc=\"https:\/\/www.youtube-nocookie.com\/embed\/6jmJ6iABETM?origin=https:\/\/fpabramo.org.br\/es\/&#038;showinfo=0&#038;video-id=6jmJ6iABETM&#038;modestbranding=1&#038;rel=0\"\n\t\t\t\t\t\t\twidth=\"1200\" height=\"675\" frameborder=\"0\"><\/iframe>\n\n\t\t\t\t\t\t<noscript>\n\t\t\t\t\t\t\t<iframe loading=\"lazy\"\n\t\t\t\t\t\t\t\ttitle=\"Trabalho de base na rua | S\u00e9rie \"Como fazer trabalho de base\"\"\n\t\t\t\t\t\t\t\twidth=\"1200\"\n\t\t\t\t\t\t\t\theight=\"675\"\n\t\t\t\t\t\t\t\tsrc=\"https:\/\/www.youtube-nocookie.com\/embed\/6jmJ6iABETM?origin=https:\/\/fpabramo.org.br\/es\/&#038;showinfo=0&#038;video-id=6jmJ6iABETM&#038;modestbranding=1&#038;rel=0\" frameborder=\"0\"\n\t\t\t\t\t\t\t\tallow=\"accelerometer; autoplay; clipboard-write; encrypted-media; gyroscope; picture-in-picture\" allowfullscreen>\n\t\t\t\t\t\t\t<\/iframe>\n\t\t\t\t\t\t<\/noscript>\n\t\t\t\t\t<\/div>\n\t\t\t\t<\/figure>\n\t\t\t<\/div><div class=\"video-gallery-block__embed\">\n\t\t\t\t<p><strong>Trabalho de base digital | S\u00e9rie \u00abComo fazer trabalho de base\u00bb<\/strong><\/p>\n\t\t\t\t<p>Funda\u00e7\u00e3o Perseu Abramo<\/p>\n\t\t\t\t<figure class=\"wp-block-embed is-type-video is-provider-youtube\">\n\t\t\t\t\t<div class=\"wp-block-embed__wrapper\">\n\t\t\t\t\t\t<iframe class=\"lazy-loaded\"\n\t\t\t\t\t\t\tloading=\"lazy\"\n\t\t\t\t\t\t\ttitle=\"Trabalho de base digital | S\u00e9rie \"Como fazer trabalho de base\"\"\n\t\t\t\t\t\t\tdata-lazy-type=\"iframe\"\n\t\t\t\t\t\t\tdata-src=\"https:\/\/www.youtube-nocookie.com\/embed\/CAigT1cEsBk?origin=https:\/\/fpabramo.org.br\/es\/&#038;showinfo=0&#038;video-id=CAigT1cEsBk&#038;modestbranding=1&#038;rel=0\"\n\t\t\t\t\t\t\tallow=\"accelerometer; autoplay; clipboard-write; encrypted-media; gyroscope; picture-in-picture\"\n\t\t\t\t\t\t\tallowfullscreen=\"\"\n\t\t\t\t\t\t\tsrc=\"https:\/\/www.youtube-nocookie.com\/embed\/CAigT1cEsBk?origin=https:\/\/fpabramo.org.br\/es\/&#038;showinfo=0&#038;video-id=CAigT1cEsBk&#038;modestbranding=1&#038;rel=0\"\n\t\t\t\t\t\t\twidth=\"1200\" height=\"675\" frameborder=\"0\"><\/iframe>\n\n\t\t\t\t\t\t<noscript>\n\t\t\t\t\t\t\t<iframe loading=\"lazy\"\n\t\t\t\t\t\t\t\ttitle=\"Trabalho de base digital | S\u00e9rie \"Como fazer trabalho de base\"\"\n\t\t\t\t\t\t\t\twidth=\"1200\"\n\t\t\t\t\t\t\t\theight=\"675\"\n\t\t\t\t\t\t\t\tsrc=\"https:\/\/www.youtube-nocookie.com\/embed\/CAigT1cEsBk?origin=https:\/\/fpabramo.org.br\/es\/&#038;showinfo=0&#038;video-id=CAigT1cEsBk&#038;modestbranding=1&#038;rel=0\" frameborder=\"0\"\n\t\t\t\t\t\t\t\tallow=\"accelerometer; autoplay; clipboard-write; encrypted-media; gyroscope; picture-in-picture\" allowfullscreen>\n\t\t\t\t\t\t\t<\/iframe>\n\t\t\t\t\t\t<\/noscript>\n\t\t\t\t\t<\/div>\n\t\t\t\t<\/figure>\n\t\t\t<\/div><div class=\"video-gallery-block__embed\">\n\t\t\t\t<p><strong>Por que trabalho de base? | S\u00e9rie \u00abComo fazer trabalho de base\u00bb<\/strong><\/p>\n\t\t\t\t<p>Funda\u00e7\u00e3o Perseu Abramo<\/p>\n\t\t\t\t<figure class=\"wp-block-embed is-type-video is-provider-youtube\">\n\t\t\t\t\t<div class=\"wp-block-embed__wrapper\">\n\t\t\t\t\t\t<iframe class=\"lazy-loaded\"\n\t\t\t\t\t\t\tloading=\"lazy\"\n\t\t\t\t\t\t\ttitle=\"Por que trabalho de base? | S\u00e9rie \"Como fazer trabalho de base\"\"\n\t\t\t\t\t\t\tdata-lazy-type=\"iframe\"\n\t\t\t\t\t\t\tdata-src=\"https:\/\/www.youtube-nocookie.com\/embed\/4kvFZunqanM?origin=https:\/\/fpabramo.org.br\/es\/&#038;showinfo=0&#038;video-id=4kvFZunqanM&#038;modestbranding=1&#038;rel=0\"\n\t\t\t\t\t\t\tallow=\"accelerometer; autoplay; clipboard-write; encrypted-media; gyroscope; picture-in-picture\"\n\t\t\t\t\t\t\tallowfullscreen=\"\"\n\t\t\t\t\t\t\tsrc=\"https:\/\/www.youtube-nocookie.com\/embed\/4kvFZunqanM?origin=https:\/\/fpabramo.org.br\/es\/&#038;showinfo=0&#038;video-id=4kvFZunqanM&#038;modestbranding=1&#038;rel=0\"\n\t\t\t\t\t\t\twidth=\"1200\" height=\"675\" frameborder=\"0\"><\/iframe>\n\n\t\t\t\t\t\t<noscript>\n\t\t\t\t\t\t\t<iframe loading=\"lazy\"\n\t\t\t\t\t\t\t\ttitle=\"Por que trabalho de base? | S\u00e9rie \"Como fazer trabalho de base\"\"\n\t\t\t\t\t\t\t\twidth=\"1200\"\n\t\t\t\t\t\t\t\theight=\"675\"\n\t\t\t\t\t\t\t\tsrc=\"https:\/\/www.youtube-nocookie.com\/embed\/4kvFZunqanM?origin=https:\/\/fpabramo.org.br\/es\/&#038;showinfo=0&#038;video-id=4kvFZunqanM&#038;modestbranding=1&#038;rel=0\" frameborder=\"0\"\n\t\t\t\t\t\t\t\tallow=\"accelerometer; autoplay; clipboard-write; encrypted-media; gyroscope; picture-in-picture\" allowfullscreen>\n\t\t\t\t\t\t\t<\/iframe>\n\t\t\t\t\t\t<\/noscript>\n\t\t\t\t\t<\/div>\n\t\t\t\t<\/figure>\n\t\t\t<\/div><\/div><\/div><\/div>\n<\/div>\n\n\n\n<div class=\"wp-block-columns alignwide featured-news featured-news-memoria is-layout-flex wp-container-core-columns-is-layout-28f84493 wp-block-columns-is-layout-flex\">\n<div class=\"wp-block-column is-layout-flow wp-block-column-is-layout-flow\">\n<div class=\"wp-block-group is-nowrap is-layout-flex wp-container-core-group-is-layout-fc054d2d wp-block-group-is-layout-flex\">\n<figure class=\"wp-block-image size-full\"><img decoding=\"async\" src=\"https:\/\/fpabramo.org.br\/wp-content\/uploads\/2025\/10\/newsmode-1.png\" alt=\"\" class=\"wp-image-251\"\/><\/figure>\n\n\n\n<h2 class=\"wp-block-heading has-x-large-font-size\" style=\"font-style:normal;font-weight:700\">Noticias destacadas<\/h2>\n<\/div>\n\n\n\n    <div class=\"hacklabr-posts-grid-block -gap-medium\" style=\"--grid-columns: 1\">\n        \n<article id=\"post-ID-189925-69f0b4bd81897\" class=\"post-card post-card--post  swiper-slide\">\n\n    <header class=\"post-card__image\">\n                 <a href=\"https:\/\/fpabramo.org.br\/es\/mesa-5-debate-sobre-soberania-dos-povos\/\" aria-label=\"\u201cOs imperialistas n\u00e3o querem um povo que consiga avan\u00e7ar\u201d, diz Hossein Khaliloo em debate sobre soberania dos povos\">\n                            <img decoding=\"async\" width=\"2778\" height=\"1284\" src=\"https:\/\/fpabramo.org.br\/wp-content\/uploads\/2026\/03\/IMG_1219.webp\" class=\"attachment-card-large size-card-large wp-post-image\" alt=\"\" srcset=\"https:\/\/fpabramo.org.br\/wp-content\/uploads\/2026\/03\/IMG_1219.webp 2778w, https:\/\/fpabramo.org.br\/wp-content\/uploads\/2026\/03\/IMG_1219-300x139.webp 300w, https:\/\/fpabramo.org.br\/wp-content\/uploads\/2026\/03\/IMG_1219-1024x473.webp 1024w, https:\/\/fpabramo.org.br\/wp-content\/uploads\/2026\/03\/IMG_1219-150x69.webp 150w, https:\/\/fpabramo.org.br\/wp-content\/uploads\/2026\/03\/IMG_1219-768x355.webp 768w, https:\/\/fpabramo.org.br\/wp-content\/uploads\/2026\/03\/IMG_1219-1536x710.webp 1536w, https:\/\/fpabramo.org.br\/wp-content\/uploads\/2026\/03\/IMG_1219-2048x947.webp 2048w\" sizes=\"(max-width: 2778px) 100vw, 2778px\" \/>                    <\/a>\n    <\/header>\n\n    <div class=\"post-card__content\">\n        \n        \n        <h3 class=\"post-card__title\">\n            <a href=\"https:\/\/fpabramo.org.br\/es\/mesa-5-debate-sobre-soberania-dos-povos\/\">\u201cOs imperialistas n\u00e3o querem um povo que consiga avan\u00e7ar\u201d, diz Hossein Khaliloo em debate sobre soberania dos povos<\/a>\n        <\/h3>\n\n        <div class=\"post-card__meta\">\n\n                            <div class=\"post-card__author\">\n\n                    <span class=\"post-card__by\">\n                        por                    <\/span>\n\n                    <a href=\"https:\/\/fpabramo.org.br\/es\/author\/fernanda-otero\/\" title=\"Entradas de Fernanda Otero\" class=\"author url fn\" rel=\"author\">Fernanda Otero<\/a>\n                <\/div>\n            \n            \n        <\/div>\n\n\n                                    <div class=\"post-card__excerpt\">\n                    Mesa da 1\u00aa Confer\u00eancia Internacional Antifascista, em Porto Alegre, reuniu representantes&#8230;                <\/div>\n                    \n                    <div class=\"post-card__meta post-card__meta--pods\">\n\n                \n\n                <div class=\"post-card__taxonomy post-card__taxonomy--tema\"><a href=\"https:\/\/fpabramo.org.br\/es\/tema\/politica\/\" class=\"post-card__taxonomy-item\">Pol\u00edtica<\/a><\/div>\n            <\/div>\n        \n        \n    <\/div>\n<\/article>\n\n    <\/div>\n\n    \n    <\/div>\n\n\n\n<div class=\"wp-block-column is-layout-flow wp-block-column-is-layout-flow\">\n<div style=\"height:40px\" aria-hidden=\"true\" class=\"wp-block-spacer\"><\/div>\n\n\n\n    <div class=\"hacklabr-posts-grid-block -gap-medium\" style=\"--grid-columns: 1\">\n        \n<article id=\"post-ID-188482-69f0b4bd855d2\" class=\"post-card post-card--post post-card--horizontal swiper-slide\">\n\n    <header class=\"post-card__image\">\n                 <a href=\"https:\/\/fpabramo.org.br\/es\/con-la-ausencia-de-brasil-canada-colombia-y-mexico-trump-reune-a-aliados-en-miami-para-lanzar-una-ofensiva-militar-en-las-americas\/\" aria-label=\"Con la ausencia de Brasil, Canad\u00e1, Colombia y M\u00e9xico, Trump re\u00fane a aliados en Miami para lanzar una ofensiva militar en las Am\u00e9ricas\">\n                            <img decoding=\"async\" width=\"1170\" height=\"700\" src=\"https:\/\/fpabramo.org.br\/wp-content\/uploads\/2026\/03\/hc0t_yywmaaedob-1.webp\" class=\"attachment-card-large size-card-large wp-post-image\" alt=\"\" srcset=\"https:\/\/fpabramo.org.br\/wp-content\/uploads\/2026\/03\/hc0t_yywmaaedob-1.webp 1170w, https:\/\/fpabramo.org.br\/wp-content\/uploads\/2026\/03\/hc0t_yywmaaedob-1-300x179.webp 300w, https:\/\/fpabramo.org.br\/wp-content\/uploads\/2026\/03\/hc0t_yywmaaedob-1-1024x613.webp 1024w, https:\/\/fpabramo.org.br\/wp-content\/uploads\/2026\/03\/hc0t_yywmaaedob-1-150x90.webp 150w, https:\/\/fpabramo.org.br\/wp-content\/uploads\/2026\/03\/hc0t_yywmaaedob-1-768x459.webp 768w\" sizes=\"(max-width: 1170px) 100vw, 1170px\" \/>                    <\/a>\n    <\/header>\n\n    <div class=\"post-card__content\">\n        \n        \n        <h3 class=\"post-card__title\">\n            <a href=\"https:\/\/fpabramo.org.br\/es\/con-la-ausencia-de-brasil-canada-colombia-y-mexico-trump-reune-a-aliados-en-miami-para-lanzar-una-ofensiva-militar-en-las-americas\/\">Con la ausencia de Brasil, Canad\u00e1, Colombia y M\u00e9xico, Trump re\u00fane a aliados en Miami para lanzar una ofensiva militar en las Am\u00e9ricas<\/a>\n        <\/h3>\n\n        <div class=\"post-card__meta\">\n\n                            <div class=\"post-card__author\">\n\n                    <span class=\"post-card__by\">\n                        por                    <\/span>\n\n                    <a href=\"https:\/\/fpabramo.org.br\/es\/author\/fernanda-otero\/\" title=\"Entradas de Fernanda Otero\" class=\"author url fn\" rel=\"author\">Fernanda Otero<\/a>\n                <\/div>\n            \n            \n        <\/div>\n\n\n        \n                    <div class=\"post-card__meta post-card__meta--pods\">\n\n                \n\n                \n            <\/div>\n        \n        \n    <\/div>\n<\/article>\n\n\n<article id=\"post-ID-188447-69f0b4bd85a10\" class=\"post-card post-card--post post-card--horizontal swiper-slide\">\n\n    <header class=\"post-card__image\">\n                 <a href=\"https:\/\/fpabramo.org.br\/es\/los-150-anos-del-telefono-el-aparato-que-cambio-la-comunicacion-del-mundo-y-que-tiene-que-ver-brasil-con-eso\/\" aria-label=\"Los 150 a\u00f1os del tel\u00e9fono, el aparato que cambi\u00f3 la comunicaci\u00f3n del mundo y qu\u00e9 tiene que ver Brasil con eso\">\n                            <img decoding=\"async\" width=\"1024\" height=\"587\" src=\"https:\/\/fpabramo.org.br\/wp-content\/uploads\/2026\/03\/graham_bell.webp\" class=\"attachment-card-large size-card-large wp-post-image\" alt=\"\" srcset=\"https:\/\/fpabramo.org.br\/wp-content\/uploads\/2026\/03\/graham_bell.webp 1024w, https:\/\/fpabramo.org.br\/wp-content\/uploads\/2026\/03\/graham_bell-300x172.webp 300w, https:\/\/fpabramo.org.br\/wp-content\/uploads\/2026\/03\/graham_bell-150x86.webp 150w, https:\/\/fpabramo.org.br\/wp-content\/uploads\/2026\/03\/graham_bell-768x440.webp 768w\" sizes=\"(max-width: 1024px) 100vw, 1024px\" \/>                    <\/a>\n    <\/header>\n\n    <div class=\"post-card__content\">\n        \n        \n        <h3 class=\"post-card__title\">\n            <a href=\"https:\/\/fpabramo.org.br\/es\/los-150-anos-del-telefono-el-aparato-que-cambio-la-comunicacion-del-mundo-y-que-tiene-que-ver-brasil-con-eso\/\">Los 150 a\u00f1os del tel\u00e9fono, el aparato que cambi\u00f3 la comunicaci\u00f3n del mundo y qu\u00e9 tiene que ver Brasil con eso<\/a>\n        <\/h3>\n\n        <div class=\"post-card__meta\">\n\n                            <div class=\"post-card__author\">\n\n                    <span class=\"post-card__by\">\n                        por                    <\/span>\n\n                    <a href=\"https:\/\/fpabramo.org.br\/es\/author\/henrique-f-nunes\/\" title=\"Entradas de Henrique Nunes\" class=\"author url fn\" rel=\"author\">Henrique Nunes<\/a>\n                <\/div>\n            \n            \n        <\/div>\n\n\n        \n                    <div class=\"post-card__meta post-card__meta--pods\">\n\n                \n\n                \n            <\/div>\n        \n        \n    <\/div>\n<\/article>\n\n\n<article id=\"post-ID-154109-69f0b4bd87426\" class=\"post-card post-card--post post-card--horizontal swiper-slide\">\n\n    <header class=\"post-card__image\">\n                 <a href=\"https:\/\/fpabramo.org.br\/es\/seminario-apontou-sucesso-nas-politicas-de-seguranca-alimentar-e-desafios-no-abastecimento-urbano\/\" aria-label=\"Semin\u00e1rio apontou sucesso nas pol\u00edticas de seguran\u00e7a alimentar e desafios no abastecimento urbano\">\n                            <img decoding=\"async\" width=\"600\" height=\"350\" src=\"https:\/\/fpabramo.org.br\/wp-content\/uploads\/2025\/12\/banner-revista-dez-2025-08-1.jpg\" class=\"attachment-card-large size-card-large wp-post-image\" alt=\"Cozinha Solid\u00e1ria: Preparando Alimento com Amor\" srcset=\"https:\/\/fpabramo.org.br\/wp-content\/uploads\/2025\/12\/banner-revista-dez-2025-08-1.jpg 600w, https:\/\/fpabramo.org.br\/wp-content\/uploads\/2025\/12\/banner-revista-dez-2025-08-1-300x175.jpg 300w\" sizes=\"(max-width: 600px) 100vw, 600px\" \/>                    <\/a>\n    <\/header>\n\n    <div class=\"post-card__content\">\n        \n        \n        <h3 class=\"post-card__title\">\n            <a href=\"https:\/\/fpabramo.org.br\/es\/seminario-apontou-sucesso-nas-politicas-de-seguranca-alimentar-e-desafios-no-abastecimento-urbano\/\">Semin\u00e1rio apontou sucesso nas pol\u00edticas de seguran\u00e7a alimentar e desafios no abastecimento urbano<\/a>\n        <\/h3>\n\n        <div class=\"post-card__meta\">\n\n                            <div class=\"post-card__author\">\n\n                    <span class=\"post-card__by\">\n                        por                    <\/span>\n\n                    <a href=\"https:\/\/fpabramo.org.br\/es\/author\/rose-silva\/\" title=\"Entradas de Rose Silva\" class=\"author url fn\" rel=\"author\">Rose Silva<\/a>\n                <\/div>\n            \n            \n        <\/div>\n\n\n        \n                    <div class=\"post-card__meta post-card__meta--pods\">\n\n                \n\n                <div class=\"post-card__taxonomy post-card__taxonomy--tema\"><a href=\"https:\/\/fpabramo.org.br\/es\/tema\/politicas-publicas\/\" class=\"post-card__taxonomy-item\">Pol\u00edticas P\u00fablicas<\/a><\/div>\n            <\/div>\n        \n        \n    <\/div>\n<\/article>\n\n\n<article id=\"post-ID-154166-69f0b4bd88dbf\" class=\"post-card post-card--post post-card--horizontal swiper-slide\">\n\n    <header class=\"post-card__image\">\n                 <a href=\"https:\/\/fpabramo.org.br\/es\/presidente-lula-em-nova-delhi-protagonismo-do-brasil-na-ia-e-parceria-estrategica-com-a-india\/\" aria-label=\"Presidente Lula em Nova D\u00e9lhi: protagonismo do Brasil na IA e parceria estrat\u00e9gica com a \u00cdndia\">\n                            <img decoding=\"async\" src=\"https:\/\/fpabramo.org.br\/wp-content\/uploads\/2026\/02\/11-image-39.png\" class=\"attachment-card-large size-card-large wp-post-image\" alt=\"L\u00edderes Mundiais D\u00e3o as M\u00e3os em C\u00fapula Global\" \/>                    <\/a>\n    <\/header>\n\n    <div class=\"post-card__content\">\n        \n        \n        <h3 class=\"post-card__title\">\n            <a href=\"https:\/\/fpabramo.org.br\/es\/presidente-lula-em-nova-delhi-protagonismo-do-brasil-na-ia-e-parceria-estrategica-com-a-india\/\">Presidente Lula em Nova D\u00e9lhi: protagonismo do Brasil na IA e parceria estrat\u00e9gica com a \u00cdndia<\/a>\n        <\/h3>\n\n        <div class=\"post-card__meta\">\n\n                            <div class=\"post-card__author\">\n\n                    <span class=\"post-card__by\">\n                        por                    <\/span>\n\n                    <a href=\"https:\/\/fpabramo.org.br\/es\/author\/fernanda-otero\/\" title=\"Entradas de Fernanda Otero\" class=\"author url fn\" rel=\"author\">Fernanda Otero<\/a>\n                <\/div>\n            \n            \n        <\/div>\n\n\n        \n                    <div class=\"post-card__meta post-card__meta--pods\">\n\n                \n\n                <div class=\"post-card__taxonomy post-card__taxonomy--tema\"><a href=\"https:\/\/fpabramo.org.br\/es\/tema\/internacional\/\" class=\"post-card__taxonomy-item\">Internacional<\/a><a href=\"https:\/\/fpabramo.org.br\/es\/tema\/politica\/\" class=\"post-card__taxonomy-item\">Pol\u00edtica<\/a><\/div>\n            <\/div>\n        \n        \n    <\/div>\n<\/article>\n\n    <\/div>\n\n    \n    \n\n\n<div class=\"wp-block-group link-listings link-listings-desktop is-content-justification-right is-nowrap is-layout-flex wp-container-core-group-is-layout-82baacbd wp-block-group-is-layout-flex\">\n<p class=\"has-text-align-left has-tertiary-dark-color has-text-color has-link-color has-x-small-font-size wp-elements-a090c67bf2dda4c2d0dbd4e9d411fd2b\" style=\"letter-spacing:1.9px;text-transform:uppercase\"><a href=\"#\"><strong>M\u00e1s NOTICIAS<\/strong><\/a><\/p>\n\n\n\n<figure class=\"wp-block-image size-full\"><a href=\"#\"><img decoding=\"async\" src=\"https:\/\/fpabramo.org.br\/wp-content\/uploads\/2025\/10\/east.png\" alt=\"\" class=\"wp-image-228\"\/><\/a><\/figure>\n<\/div>\n\n\n\n<div class=\"wp-block-group link-listings link-listings-mobile is-content-justification-right is-nowrap is-layout-flex wp-container-core-group-is-layout-82baacbd wp-block-group-is-layout-flex\">\n<p class=\"has-text-align-left has-tertiary-dark-color has-text-color has-link-color has-x-small-font-size wp-elements-55e7179b2f89663d5ab5040205564f4f\" style=\"letter-spacing:1.9px;text-transform:uppercase\"><a href=\"#\">Todas AS not\u00edcias<\/a><\/p>\n\n\n\n<figure class=\"wp-block-image size-full\"><a href=\"#\"><img decoding=\"async\" src=\"https:\/\/fpabramo.org.br\/wp-content\/uploads\/2025\/10\/east.png\" alt=\"\" class=\"wp-image-228\"\/><\/a><\/figure>\n<\/div>\n<\/div>\n<\/div>\n\n\n\n<div class=\"wp-block-group alignwide schedule block-eventos-centro-de-memoria is-layout-constrained wp-block-group-is-layout-constrained\">\n<div class=\"wp-block-columns alignwide is-layout-flex wp-container-core-columns-is-layout-28f84493 wp-block-columns-is-layout-flex\">\n<div class=\"wp-block-column is-layout-flow wp-block-column-is-layout-flow\" style=\"flex-basis:33.33%\">\n<h2 class=\"wp-block-heading\">Eventos<\/h2>\n\n\n\n<p><strong>Lorem ipsum sit amet<br><\/strong><br>Lorem ipsum dolor sit amet consectetur. Nullam consequat amet a diam tortor.<\/p>\n<\/div>\n\n\n\n<div class=\"wp-block-column is-layout-flow wp-block-column-is-layout-flow\" style=\"flex-basis:66.66%\">\n    <div class=\"hacklabr-posts-grid-block -gap-medium hacklabr-posts-grid-block--desktop-only\" style=\"--grid-columns: 4\">\n        \n<article id=\"post-ID-189895-69f0b4bd987cb\" class=\"post-card post-card--post  swiper-slide\">\n\n    <header class=\"post-card__image\">\n                 <a href=\"https:\/\/fpabramo.org.br\/es\/cpmi-do-inss-chega-ao-fim-sem-um-relatorio-final\/\" aria-label=\"CPMI do INSS chega ao fim sem um relat\u00f3rio final\">\n                            <img decoding=\"async\" width=\"750\" height=\"500\" src=\"https:\/\/fpabramo.org.br\/wp-content\/uploads\/2026\/03\/cpmi-do-inss-gustavobezerra-1111.webp\" class=\"attachment-card-large size-card-large wp-post-image\" alt=\"\" srcset=\"https:\/\/fpabramo.org.br\/wp-content\/uploads\/2026\/03\/cpmi-do-inss-gustavobezerra-1111.webp 750w, https:\/\/fpabramo.org.br\/wp-content\/uploads\/2026\/03\/cpmi-do-inss-gustavobezerra-1111-300x200.webp 300w, https:\/\/fpabramo.org.br\/wp-content\/uploads\/2026\/03\/cpmi-do-inss-gustavobezerra-1111-150x100.webp 150w\" sizes=\"(max-width: 750px) 100vw, 750px\" \/>                    <\/a>\n    <\/header>\n\n    <div class=\"post-card__content\">\n                    <div class=\"post-card__category\">\n                                    <a class=\"tag tag--solid tag--category-noticia\"\n                       href=\"https:\/\/fpabramo.org.br\/category\/noticia\/\">\n                        Not\u00edcia                    <\/a>\n                            <\/div>\n        \n        \n        <h3 class=\"post-card__title\">\n            <a href=\"https:\/\/fpabramo.org.br\/es\/cpmi-do-inss-chega-ao-fim-sem-um-relatorio-final\/\">CPMI do INSS chega ao fim sem um relat\u00f3rio final<\/a>\n        <\/h3>\n\n        <div class=\"post-card__meta\">\n\n                            <div class=\"post-card__author\">\n\n                    <span class=\"post-card__by\">\n                        por                    <\/span>\n\n                    <a href=\"https:\/\/fpabramo.org.br\/es\/author\/fernanda-otero\/\" title=\"Entradas de Fernanda Otero\" class=\"author url fn\" rel=\"author\">Fernanda Otero<\/a>\n                <\/div>\n            \n                            <time class=\"post-card__date\">\n                    publicado                    31\/03\/2026                <\/time>\n            \n        <\/div>\n\n\n                                    <div class=\"post-card__excerpt\">\n                    Comiss\u00e3o encerra sete meses de trabalho sem aprovar parecer final; governistas levar\u00e3o&#8230;                <\/div>\n                    \n                    <div class=\"post-card__meta post-card__meta--pods\">\n\n                \n\n                <div class=\"post-card__taxonomy post-card__taxonomy--tema\"><a href=\"https:\/\/fpabramo.org.br\/es\/tema\/politica\/\" class=\"post-card__taxonomy-item\">Pol\u00edtica<\/a><\/div>\n            <\/div>\n        \n        \n    <\/div>\n<\/article>\n\n\n<article id=\"post-ID-135277-69f0b4bd99095\" class=\"post-card post-card--post  swiper-slide\">\n\n    <header class=\"post-card__image\">\n                 <a href=\"https:\/\/fpabramo.org.br\/es\/marcha-das-mulheres-negras-queremos-sair-do-fim-da-filatemos-pressa\/\" aria-label=\"Marcha das Mulheres Negras: \u201cQueremos sair do fim da fila,temos pressa\u201d\">\n                            <img decoding=\"async\" width=\"600\" height=\"350\" src=\"https:\/\/fpabramo.org.br\/wp-content\/uploads\/2025\/12\/99-banner-revista-dez-2025-06.jpg\" class=\"attachment-card-large size-card-large wp-post-image\" alt=\"\" srcset=\"https:\/\/fpabramo.org.br\/wp-content\/uploads\/2025\/12\/99-banner-revista-dez-2025-06.jpg 600w, https:\/\/fpabramo.org.br\/wp-content\/uploads\/2025\/12\/99-banner-revista-dez-2025-06-300x175.jpg 300w\" sizes=\"(max-width: 600px) 100vw, 600px\" \/>                    <\/a>\n    <\/header>\n\n    <div class=\"post-card__content\">\n                    <div class=\"post-card__category\">\n                                    <a class=\"tag tag--solid tag--category-revista\"\n                       href=\"https:\/\/fpabramo.org.br\/es\/category\/revista\/\">\n                        Revista                    <\/a>\n                            <\/div>\n        \n        \n        <h3 class=\"post-card__title\">\n            <a href=\"https:\/\/fpabramo.org.br\/es\/marcha-das-mulheres-negras-queremos-sair-do-fim-da-filatemos-pressa\/\">Marcha das Mulheres Negras: \u201cQueremos sair do fim da fila,temos pressa\u201d<\/a>\n        <\/h3>\n\n        <div class=\"post-card__meta\">\n\n                            <div class=\"post-card__author\">\n\n                    <span class=\"post-card__by\">\n                        por                    <\/span>\n\n                    <a href=\"https:\/\/fpabramo.org.br\/es\/author\/rose-silva\/\" title=\"Entradas de Rose Silva\" class=\"author url fn\" rel=\"author\">Rose Silva<\/a>\n                <\/div>\n            \n                            <time class=\"post-card__date\">\n                    publicado                    26\/03\/2026                <\/time>\n            \n        <\/div>\n\n\n                                    <div class=\"post-card__excerpt\">\n                    Por Rose Silva Marcha re\u00fane 300 mil pessoas em Bras\u00edlia por repara\u00e7\u00e3o e bem-viver na&#8230;                <\/div>\n                    \n                    <div class=\"post-card__meta post-card__meta--pods\">\n\n                \n\n                <div class=\"post-card__taxonomy post-card__taxonomy--tema\"><a href=\"https:\/\/fpabramo.org.br\/es\/tema\/comunicacion\/\" class=\"post-card__taxonomy-item\">Comunicaci\u00f3n<\/a><a href=\"https:\/\/fpabramo.org.br\/es\/tema\/mujer\/\" class=\"post-card__taxonomy-item\">Mujer<\/a><\/div>\n            <\/div>\n        \n        \n    <\/div>\n<\/article>\n\n\n<article id=\"post-ID-188477-69f0b4bd9a72c\" class=\"post-card post-card--post  swiper-slide\">\n\n    <header class=\"post-card__image\">\n                 <a href=\"https:\/\/fpabramo.org.br\/es\/ataques-de-ee-uu-e-israel-contra-iran-aun-no-constituyen-una-amenaza-global-dice-especialista\/\" aria-label=\"Ataques de EE. UU. e Israel contra Ir\u00e1n a\u00fan no constituyen una amenaza global, dice especialista\">\n                            <img decoding=\"async\" width=\"1200\" height=\"800\" src=\"https:\/\/fpabramo.org.br\/wp-content\/uploads\/2026\/03\/TEERA_GettyImages-2263662370.webp\" class=\"attachment-card-large size-card-large wp-post-image\" alt=\"\" srcset=\"https:\/\/fpabramo.org.br\/wp-content\/uploads\/2026\/03\/TEERA_GettyImages-2263662370.webp 1200w, https:\/\/fpabramo.org.br\/wp-content\/uploads\/2026\/03\/TEERA_GettyImages-2263662370-300x200.webp 300w, https:\/\/fpabramo.org.br\/wp-content\/uploads\/2026\/03\/TEERA_GettyImages-2263662370-1024x683.webp 1024w, https:\/\/fpabramo.org.br\/wp-content\/uploads\/2026\/03\/TEERA_GettyImages-2263662370-150x100.webp 150w, https:\/\/fpabramo.org.br\/wp-content\/uploads\/2026\/03\/TEERA_GettyImages-2263662370-768x512.webp 768w\" sizes=\"(max-width: 1200px) 100vw, 1200px\" \/>                    <\/a>\n    <\/header>\n\n    <div class=\"post-card__content\">\n                    <div class=\"post-card__category\">\n                                    <a class=\"tag tag--solid tag--category-noticia\"\n                       href=\"https:\/\/fpabramo.org.br\/category\/noticia\/\">\n                        Not\u00edcia                    <\/a>\n                            <\/div>\n        \n        \n        <h3 class=\"post-card__title\">\n            <a href=\"https:\/\/fpabramo.org.br\/es\/ataques-de-ee-uu-e-israel-contra-iran-aun-no-constituyen-una-amenaza-global-dice-especialista\/\">Ataques de EE. UU. e Israel contra Ir\u00e1n a\u00fan no constituyen una amenaza global, dice especialista<\/a>\n        <\/h3>\n\n        <div class=\"post-card__meta\">\n\n                            <div class=\"post-card__author\">\n\n                    <span class=\"post-card__by\">\n                        por                    <\/span>\n\n                    <a href=\"https:\/\/fpabramo.org.br\/es\/author\/hacklab\/\" title=\"Entradas de hacklab\" class=\"author url fn\" rel=\"author\">hacklab<\/a>\n                <\/div>\n            \n                            <time class=\"post-card__date\">\n                    publicado                    24\/03\/2026                <\/time>\n            \n        <\/div>\n\n\n                                    <div class=\"post-card__excerpt\">\n                    Rodrigo Amaral, profesor de Relaciones Internacionales de la PUC-SP, explica los&#8230;                <\/div>\n                    \n                    <div class=\"post-card__meta post-card__meta--pods\">\n\n                \n\n                \n            <\/div>\n        \n        \n    <\/div>\n<\/article>\n\n\n<article id=\"post-ID-188434-69f0b4bd9b3b9\" class=\"post-card post-card--post  swiper-slide\">\n\n    <header class=\"post-card__image\">\n                 <a href=\"https:\/\/fpabramo.org.br\/es\/6-anos-de-covid-19-las-cicatrices-de-la-desigualdad-y-del-negacionismo\/\" aria-label=\"6 a\u00f1os de Covid-19: las cicatrices de la desigualdad y del negacionismo\">\n                            <img decoding=\"async\" width=\"960\" height=\"679\" src=\"https:\/\/fpabramo.org.br\/wp-content\/uploads\/2026\/03\/Corona_virus_Covid-19_FC-1.webp\" class=\"attachment-card-large size-card-large wp-post-image\" alt=\"\" srcset=\"https:\/\/fpabramo.org.br\/wp-content\/uploads\/2026\/03\/Corona_virus_Covid-19_FC-1.webp 960w, https:\/\/fpabramo.org.br\/wp-content\/uploads\/2026\/03\/Corona_virus_Covid-19_FC-1-300x212.webp 300w, https:\/\/fpabramo.org.br\/wp-content\/uploads\/2026\/03\/Corona_virus_Covid-19_FC-1-150x106.webp 150w, https:\/\/fpabramo.org.br\/wp-content\/uploads\/2026\/03\/Corona_virus_Covid-19_FC-1-768x543.webp 768w\" sizes=\"(max-width: 960px) 100vw, 960px\" \/>                    <\/a>\n    <\/header>\n\n    <div class=\"post-card__content\">\n                    <div class=\"post-card__category\">\n                                    <a class=\"tag tag--solid tag--category-noticia\"\n                       href=\"https:\/\/fpabramo.org.br\/category\/noticia\/\">\n                        Not\u00edcia                    <\/a>\n                            <\/div>\n        \n        \n        <h3 class=\"post-card__title\">\n            <a href=\"https:\/\/fpabramo.org.br\/es\/6-anos-de-covid-19-las-cicatrices-de-la-desigualdad-y-del-negacionismo\/\">6 a\u00f1os de Covid-19: las cicatrices de la desigualdad y del negacionismo<\/a>\n        <\/h3>\n\n        <div class=\"post-card__meta\">\n\n                            <div class=\"post-card__author\">\n\n                    <span class=\"post-card__by\">\n                        por                    <\/span>\n\n                    <a href=\"https:\/\/fpabramo.org.br\/es\/author\/fernanda-otero\/\" title=\"Entradas de Fernanda Otero\" class=\"author url fn\" rel=\"author\">Fernanda Otero<\/a>\n                <\/div>\n            \n                            <time class=\"post-card__date\">\n                    publicado                    24\/03\/2026                <\/time>\n            \n        <\/div>\n\n\n                                    <div class=\"post-card__excerpt\">\n                    El virus que dej\u00f3 al descubierto el abismo de clases, la barbarie estatal y la&#8230;                <\/div>\n                    \n                    <div class=\"post-card__meta post-card__meta--pods\">\n\n                \n\n                \n            <\/div>\n        \n        \n    <\/div>\n<\/article>\n\n    <\/div>\n\n        <div class=\"hacklabr-posts-grid-block--slider -gap-medium -tablet\">\n        <script type=\"application\/json\" hidden>{\"a11y\":{\"enabled\":true,\"firstSlideMessage\":\"Esta es la primera diapositiva\",\"lastSlideMessage\":\"Esta es la \\u00faltima diapositiva\",\"nextSlideMessage\":\"Siguiente diapositiva\",\"paginationBulletMessage\":\"Ir a la diapositiva {{index}}\",\"prevSlideMessage\":\"Diapositiva anterior\"},\"autoplay\":false,\"centeredSlides\":false,\"loop\":false,\"navigation\":{\"nextEl\":\".swiper-button-next\",\"prevEl\":\".swiper-button-prev\"},\"pagination\":false,\"rewind\":true,\"slidesPerGroup\":1,\"slidesPerView\":1,\"spaceBetween\":16,\"speed\":300,\"breakpoints\":{\"768\":{\"centeredSlides\":false,\"slidesPerGroup\":1,\"slidesPerView\":1,\"spaceBetween\":16}}}<\/script>\n        <section class=\"swiper\">\n            <div class=\"swiper-wrapper\">\n                            <div class=\"swiper-slide\">\n                \n<article id=\"post-ID-189895-69f0b4bd9c4ce\" class=\"post-card post-card--post  swiper-slide\">\n\n    <header class=\"post-card__image\">\n                 <a href=\"https:\/\/fpabramo.org.br\/es\/cpmi-do-inss-chega-ao-fim-sem-um-relatorio-final\/\" aria-label=\"CPMI do INSS chega ao fim sem um relat\u00f3rio final\">\n                            <img decoding=\"async\" width=\"750\" height=\"500\" src=\"https:\/\/fpabramo.org.br\/wp-content\/uploads\/2026\/03\/cpmi-do-inss-gustavobezerra-1111.webp\" class=\"attachment-card-large size-card-large wp-post-image\" alt=\"\" srcset=\"https:\/\/fpabramo.org.br\/wp-content\/uploads\/2026\/03\/cpmi-do-inss-gustavobezerra-1111.webp 750w, https:\/\/fpabramo.org.br\/wp-content\/uploads\/2026\/03\/cpmi-do-inss-gustavobezerra-1111-300x200.webp 300w, https:\/\/fpabramo.org.br\/wp-content\/uploads\/2026\/03\/cpmi-do-inss-gustavobezerra-1111-150x100.webp 150w\" sizes=\"(max-width: 750px) 100vw, 750px\" \/>                    <\/a>\n    <\/header>\n\n    <div class=\"post-card__content\">\n                    <div class=\"post-card__category\">\n                                    <a class=\"tag tag--solid tag--category-noticia\"\n                       href=\"https:\/\/fpabramo.org.br\/category\/noticia\/\">\n                        Not\u00edcia                    <\/a>\n                            <\/div>\n        \n        \n        <h3 class=\"post-card__title\">\n            <a href=\"https:\/\/fpabramo.org.br\/es\/cpmi-do-inss-chega-ao-fim-sem-um-relatorio-final\/\">CPMI do INSS chega ao fim sem um relat\u00f3rio final<\/a>\n        <\/h3>\n\n        <div class=\"post-card__meta\">\n\n                            <div class=\"post-card__author\">\n\n                    <span class=\"post-card__by\">\n                        por                    <\/span>\n\n                    <a href=\"https:\/\/fpabramo.org.br\/es\/author\/fernanda-otero\/\" title=\"Entradas de Fernanda Otero\" class=\"author url fn\" rel=\"author\">Fernanda Otero<\/a>\n                <\/div>\n            \n                            <time class=\"post-card__date\">\n                    publicado                    31\/03\/2026                <\/time>\n            \n        <\/div>\n\n\n                                    <div class=\"post-card__excerpt\">\n                    Comiss\u00e3o encerra sete meses de trabalho sem aprovar parecer final; governistas levar\u00e3o&#8230;                <\/div>\n                    \n                    <div class=\"post-card__meta post-card__meta--pods\">\n\n                \n\n                <div class=\"post-card__taxonomy post-card__taxonomy--tema\"><a href=\"https:\/\/fpabramo.org.br\/es\/tema\/politica\/\" class=\"post-card__taxonomy-item\">Pol\u00edtica<\/a><\/div>\n            <\/div>\n        \n        \n    <\/div>\n<\/article>\n\n                <\/div>\n                            <div class=\"swiper-slide\">\n                \n<article id=\"post-ID-135277-69f0b4bd9c9af\" class=\"post-card post-card--post  swiper-slide\">\n\n    <header class=\"post-card__image\">\n                 <a href=\"https:\/\/fpabramo.org.br\/es\/marcha-das-mulheres-negras-queremos-sair-do-fim-da-filatemos-pressa\/\" aria-label=\"Marcha das Mulheres Negras: \u201cQueremos sair do fim da fila,temos pressa\u201d\">\n                            <img decoding=\"async\" width=\"600\" height=\"350\" src=\"https:\/\/fpabramo.org.br\/wp-content\/uploads\/2025\/12\/99-banner-revista-dez-2025-06.jpg\" class=\"attachment-card-large size-card-large wp-post-image\" alt=\"\" srcset=\"https:\/\/fpabramo.org.br\/wp-content\/uploads\/2025\/12\/99-banner-revista-dez-2025-06.jpg 600w, https:\/\/fpabramo.org.br\/wp-content\/uploads\/2025\/12\/99-banner-revista-dez-2025-06-300x175.jpg 300w\" sizes=\"(max-width: 600px) 100vw, 600px\" \/>                    <\/a>\n    <\/header>\n\n    <div class=\"post-card__content\">\n                    <div class=\"post-card__category\">\n                                    <a class=\"tag tag--solid tag--category-revista\"\n                       href=\"https:\/\/fpabramo.org.br\/es\/category\/revista\/\">\n                        Revista                    <\/a>\n                            <\/div>\n        \n        \n        <h3 class=\"post-card__title\">\n            <a href=\"https:\/\/fpabramo.org.br\/es\/marcha-das-mulheres-negras-queremos-sair-do-fim-da-filatemos-pressa\/\">Marcha das Mulheres Negras: \u201cQueremos sair do fim da fila,temos pressa\u201d<\/a>\n        <\/h3>\n\n        <div class=\"post-card__meta\">\n\n                            <div class=\"post-card__author\">\n\n                    <span class=\"post-card__by\">\n                        por                    <\/span>\n\n                    <a href=\"https:\/\/fpabramo.org.br\/es\/author\/rose-silva\/\" title=\"Entradas de Rose Silva\" class=\"author url fn\" rel=\"author\">Rose Silva<\/a>\n                <\/div>\n            \n                            <time class=\"post-card__date\">\n                    publicado                    26\/03\/2026                <\/time>\n            \n        <\/div>\n\n\n                                    <div class=\"post-card__excerpt\">\n                    Por Rose Silva Marcha re\u00fane 300 mil pessoas em Bras\u00edlia por repara\u00e7\u00e3o e bem-viver na&#8230;                <\/div>\n                    \n                    <div class=\"post-card__meta post-card__meta--pods\">\n\n                \n\n                <div class=\"post-card__taxonomy post-card__taxonomy--tema\"><a href=\"https:\/\/fpabramo.org.br\/es\/tema\/comunicacion\/\" class=\"post-card__taxonomy-item\">Comunicaci\u00f3n<\/a><a href=\"https:\/\/fpabramo.org.br\/es\/tema\/mujer\/\" class=\"post-card__taxonomy-item\">Mujer<\/a><\/div>\n            <\/div>\n        \n        \n    <\/div>\n<\/article>\n\n                <\/div>\n                            <div class=\"swiper-slide\">\n                \n<article id=\"post-ID-188477-69f0b4bd9d4b1\" class=\"post-card post-card--post  swiper-slide\">\n\n    <header class=\"post-card__image\">\n                 <a href=\"https:\/\/fpabramo.org.br\/es\/ataques-de-ee-uu-e-israel-contra-iran-aun-no-constituyen-una-amenaza-global-dice-especialista\/\" aria-label=\"Ataques de EE. UU. e Israel contra Ir\u00e1n a\u00fan no constituyen una amenaza global, dice especialista\">\n                            <img decoding=\"async\" width=\"1200\" height=\"800\" src=\"https:\/\/fpabramo.org.br\/wp-content\/uploads\/2026\/03\/TEERA_GettyImages-2263662370.webp\" class=\"attachment-card-large size-card-large wp-post-image\" alt=\"\" srcset=\"https:\/\/fpabramo.org.br\/wp-content\/uploads\/2026\/03\/TEERA_GettyImages-2263662370.webp 1200w, https:\/\/fpabramo.org.br\/wp-content\/uploads\/2026\/03\/TEERA_GettyImages-2263662370-300x200.webp 300w, https:\/\/fpabramo.org.br\/wp-content\/uploads\/2026\/03\/TEERA_GettyImages-2263662370-1024x683.webp 1024w, https:\/\/fpabramo.org.br\/wp-content\/uploads\/2026\/03\/TEERA_GettyImages-2263662370-150x100.webp 150w, https:\/\/fpabramo.org.br\/wp-content\/uploads\/2026\/03\/TEERA_GettyImages-2263662370-768x512.webp 768w\" sizes=\"(max-width: 1200px) 100vw, 1200px\" \/>                    <\/a>\n    <\/header>\n\n    <div class=\"post-card__content\">\n                    <div class=\"post-card__category\">\n                                    <a class=\"tag tag--solid tag--category-noticia\"\n                       href=\"https:\/\/fpabramo.org.br\/category\/noticia\/\">\n                        Not\u00edcia                    <\/a>\n                            <\/div>\n        \n        \n        <h3 class=\"post-card__title\">\n            <a href=\"https:\/\/fpabramo.org.br\/es\/ataques-de-ee-uu-e-israel-contra-iran-aun-no-constituyen-una-amenaza-global-dice-especialista\/\">Ataques de EE. UU. e Israel contra Ir\u00e1n a\u00fan no constituyen una amenaza global, dice especialista<\/a>\n        <\/h3>\n\n        <div class=\"post-card__meta\">\n\n                            <div class=\"post-card__author\">\n\n                    <span class=\"post-card__by\">\n                        por                    <\/span>\n\n                    <a href=\"https:\/\/fpabramo.org.br\/es\/author\/hacklab\/\" title=\"Entradas de hacklab\" class=\"author url fn\" rel=\"author\">hacklab<\/a>\n                <\/div>\n            \n                            <time class=\"post-card__date\">\n                    publicado                    24\/03\/2026                <\/time>\n            \n        <\/div>\n\n\n                                    <div class=\"post-card__excerpt\">\n                    Rodrigo Amaral, profesor de Relaciones Internacionales de la PUC-SP, explica los&#8230;                <\/div>\n                    \n                    <div class=\"post-card__meta post-card__meta--pods\">\n\n                \n\n                \n            <\/div>\n        \n        \n    <\/div>\n<\/article>\n\n                <\/div>\n                            <div class=\"swiper-slide\">\n                \n<article id=\"post-ID-188434-69f0b4bd9ddf6\" class=\"post-card post-card--post  swiper-slide\">\n\n    <header class=\"post-card__image\">\n                 <a href=\"https:\/\/fpabramo.org.br\/es\/6-anos-de-covid-19-las-cicatrices-de-la-desigualdad-y-del-negacionismo\/\" aria-label=\"6 a\u00f1os de Covid-19: las cicatrices de la desigualdad y del negacionismo\">\n                            <img decoding=\"async\" width=\"960\" height=\"679\" src=\"https:\/\/fpabramo.org.br\/wp-content\/uploads\/2026\/03\/Corona_virus_Covid-19_FC-1.webp\" class=\"attachment-card-large size-card-large wp-post-image\" alt=\"\" srcset=\"https:\/\/fpabramo.org.br\/wp-content\/uploads\/2026\/03\/Corona_virus_Covid-19_FC-1.webp 960w, https:\/\/fpabramo.org.br\/wp-content\/uploads\/2026\/03\/Corona_virus_Covid-19_FC-1-300x212.webp 300w, https:\/\/fpabramo.org.br\/wp-content\/uploads\/2026\/03\/Corona_virus_Covid-19_FC-1-150x106.webp 150w, https:\/\/fpabramo.org.br\/wp-content\/uploads\/2026\/03\/Corona_virus_Covid-19_FC-1-768x543.webp 768w\" sizes=\"(max-width: 960px) 100vw, 960px\" \/>                    <\/a>\n    <\/header>\n\n    <div class=\"post-card__content\">\n                    <div class=\"post-card__category\">\n                                    <a class=\"tag tag--solid tag--category-noticia\"\n                       href=\"https:\/\/fpabramo.org.br\/category\/noticia\/\">\n                        Not\u00edcia                    <\/a>\n                            <\/div>\n        \n        \n        <h3 class=\"post-card__title\">\n            <a href=\"https:\/\/fpabramo.org.br\/es\/6-anos-de-covid-19-las-cicatrices-de-la-desigualdad-y-del-negacionismo\/\">6 a\u00f1os de Covid-19: las cicatrices de la desigualdad y del negacionismo<\/a>\n        <\/h3>\n\n        <div class=\"post-card__meta\">\n\n                            <div class=\"post-card__author\">\n\n                    <span class=\"post-card__by\">\n                        por                    <\/span>\n\n                    <a href=\"https:\/\/fpabramo.org.br\/es\/author\/fernanda-otero\/\" title=\"Entradas de Fernanda Otero\" class=\"author url fn\" rel=\"author\">Fernanda Otero<\/a>\n                <\/div>\n            \n                            <time class=\"post-card__date\">\n                    publicado                    24\/03\/2026                <\/time>\n            \n        <\/div>\n\n\n                                    <div class=\"post-card__excerpt\">\n                    El virus que dej\u00f3 al descubierto el abismo de clases, la barbarie estatal y la&#8230;                <\/div>\n                    \n                    <div class=\"post-card__meta post-card__meta--pods\">\n\n                \n\n                \n            <\/div>\n        \n        \n    <\/div>\n<\/article>\n\n                <\/div>\n                        <\/div>\n            <div class=\"swiper-pagination\"><\/div>\n                            <div class=\"swiper-button-prev\">\n                    \n    <svg width=\"40\" height=\"40\" version=\"1.1\" viewBox=\"0 0 40 40\" xmlns=\"http:\/\/www.w3.org\/2000\/svg\">\n        <circle cx=\"20\" cy=\"20\" r=\"20\" fill=\"#fff\"\/>\n        <path d=\"m18.8 20 4.6-4.6-1.4-1.4-6 6 6 6 1.4-1.4z\" fill=\"#1c1b1f\"\/>\n    <\/svg>\n                    <\/div>\n                <div class=\"swiper-button-next\">\n                    \n    <svg width=\"40\" height=\"40\" version=\"1.1\" viewBox=\"0 0 40 40\" xmlns=\"http:\/\/www.w3.org\/2000\/svg\">\n        <circle cx=\"20\" cy=\"20\" r=\"20\" fill=\"#fff\"\/>\n        <path d=\"m20.6 20-4.6-4.6 1.4-1.4 6 6-6 6-1.4-1.4z\" fill=\"#1c1b1f\"\/>\n    <\/svg>\n                    <\/div>\n                    <\/section>\n    <\/div>\n    \n    \n\n\n<div class=\"wp-block-group link-listings link-listings-desktop is-content-justification-right is-nowrap is-layout-flex wp-container-core-group-is-layout-82baacbd wp-block-group-is-layout-flex\">\n<p class=\"has-text-align-left has-tertiary-dark-color has-text-color has-link-color has-x-small-font-size wp-elements-8c12da59d4854b81759a90378c5a00ef\" style=\"letter-spacing:1.9px;text-transform:uppercase\"><a href=\"#\">todos los eventos<\/a><\/p>\n\n\n\n<figure class=\"wp-block-image size-full\"><a href=\"#\"><img decoding=\"async\" src=\"https:\/\/fpabramo.org.br\/wp-content\/uploads\/2025\/10\/east.png\" alt=\"\" class=\"wp-image-228\"\/><\/a><\/figure>\n<\/div>\n<\/div>\n<\/div>\n<\/div>\n\n\n\n<div class=\"wp-block-group alignfull book-slider has-secondary-light-background-color has-background is-layout-constrained wp-container-core-group-is-layout-a4c69c57 wp-block-group-is-layout-constrained\">\n<div class=\"wp-block-columns alignwide is-layout-flex wp-container-core-columns-is-layout-28f84493 wp-block-columns-is-layout-flex\">\n<div class=\"wp-block-column is-layout-flow wp-block-column-is-layout-flow\">\n<div class=\"wp-block-group is-nowrap is-layout-flex wp-container-core-group-is-layout-fc054d2d wp-block-group-is-layout-flex\">\n<figure class=\"wp-block-image size-full is-resized is-style-default wp-duotone-unset-1\"><img decoding=\"async\" src=\"https:\/\/fpabramo.org.br\/wp-content\/uploads\/2025\/10\/book.png\" alt=\"\" class=\"wp-image-381\" style=\"width:37px;height:auto\"\/><\/figure>\n\n\n\n<h2 class=\"wp-block-heading has-x-large-font-size\" style=\"font-style:normal;font-weight:700\">Libros<\/h2>\n<\/div>\n<\/div>\n\n\n\n<div class=\"wp-block-column is-vertically-aligned-center is-layout-flow wp-block-column-is-layout-flow\">\n<div class=\"wp-block-group link-listings link-listings-desktop is-content-justification-right is-nowrap is-layout-flex wp-container-core-group-is-layout-82baacbd wp-block-group-is-layout-flex\">\n<p class=\"has-text-align-left has-tertiary-dark-color has-text-color has-link-color has-x-small-font-size wp-elements-bf169d2e64670dd917cf0ad237318ed2\" style=\"letter-spacing:1.9px;text-transform:uppercase\"><strong>Todos los libros<\/strong><\/p>\n\n\n\n<figure class=\"wp-block-image size-full\"><a href=\"#\"><img decoding=\"async\" src=\"https:\/\/fpabramo.org.br\/wp-content\/uploads\/2025\/10\/east.png\" alt=\"\" class=\"wp-image-228\"\/><\/a><\/figure>\n<\/div>\n<\/div>\n<\/div>\n\n\n\n    <div class=\"hacklabr-posts-slider-block alignwide\">\n        <script type=\"application\/json\" hidden>{\"a11y\":{\"enabled\":true,\"firstSlideMessage\":\"Esta es la primera diapositiva\",\"lastSlideMessage\":\"Esta es la \\u00faltima diapositiva\",\"nextSlideMessage\":\"Siguiente diapositiva\",\"paginationBulletMessage\":\"Ir a la diapositiva {{index}}\",\"prevSlideMessage\":\"Diapositiva anterior\"},\"autoplay\":false,\"centeredSlides\":false,\"loop\":false,\"navigation\":{\"nextEl\":\".swiper-button-next\",\"prevEl\":\".swiper-button-prev\"},\"pagination\":false,\"rewind\":true,\"slidesPerGroup\":2,\"slidesPerView\":1,\"spaceBetween\":16,\"speed\":300,\"breakpoints\":{\"768\":{\"centeredSlides\":false,\"slidesPerGroup\":1,\"slidesPerView\":4,\"spaceBetween\":32}}}<\/script>\n        <section class=\"swiper\">\n            <div class=\"swiper-wrapper\">\n                            <div class=\"swiper-slide\">\n                \n<article id=\"post-ID-115356-69f0b4bdad823\" class=\"post-card post-card--livro  swiper-slide\">\n\n    <header class=\"post-card__image\">\n                 <a href=\"https:\/\/fpabramo.org.br\/es\/livro\/inteligencia-artificial-sociedade-e-classe\/\" aria-label=\"Inteligencia artificial, sociedad y clase\">\n                            <img decoding=\"async\" width=\"826\" height=\"1304\" src=\"https:\/\/fpabramo.org.br\/wp-content\/uploads\/2025\/12\/17-Inteligencia-Artificial-sociedade-e-classe.jpg\" class=\"attachment-card-large size-card-large wp-post-image\" alt=\"\" srcset=\"https:\/\/fpabramo.org.br\/wp-content\/uploads\/2025\/12\/17-Inteligencia-Artificial-sociedade-e-classe.jpg 826w, https:\/\/fpabramo.org.br\/wp-content\/uploads\/2025\/12\/17-Inteligencia-Artificial-sociedade-e-classe-190x300.jpg 190w, https:\/\/fpabramo.org.br\/wp-content\/uploads\/2025\/12\/17-Inteligencia-Artificial-sociedade-e-classe-649x1024.jpg 649w, https:\/\/fpabramo.org.br\/wp-content\/uploads\/2025\/12\/17-Inteligencia-Artificial-sociedade-e-classe-768x1212.jpg 768w\" sizes=\"(max-width: 826px) 100vw, 826px\" \/>                    <\/a>\n    <\/header>\n\n    <div class=\"post-card__content\">\n        \n        \n        <h3 class=\"post-card__title\">\n            <a href=\"https:\/\/fpabramo.org.br\/es\/livro\/inteligencia-artificial-sociedade-e-classe\/\">Inteligencia artificial, sociedad y clase<\/a>\n        <\/h3>\n\n        <div class=\"post-card__meta\">\n\n            \n                            <time class=\"post-card__date\">\n                    publicado                    18\/12\/2025                <\/time>\n            \n        <\/div>\n\n\n        \n                    <div class=\"post-card__meta post-card__meta--pods\">\n\n                <div class=\"post-card__taxonomy post-card__taxonomy--tipo_material\"><a href=\"https:\/\/fpabramo.org.br\/es\/tipo-material\/libro\/\" class=\"term-badge term-badge--tipo_material term-badge--tipo_material-libro\" style=\"background-color:#edd9eb;border: 1px solid #99488f;\">Libro<\/a><\/div>\n\n                <div class=\"post-card__taxonomy post-card__taxonomy--tema\"><a href=\"https:\/\/fpabramo.org.br\/es\/tema\/ciencia-tecnologia-e-innovacion\/\" class=\"post-card__taxonomy-item\">Ciencia, tecnolog\u00eda e innovaci\u00f3n<\/a><a href=\"https:\/\/fpabramo.org.br\/tema\/tecnologia-da-informacao-e-comunicacao\/\" class=\"post-card__taxonomy-item\">Tecnologia da Informa\u00e7\u00e3o e Comunica\u00e7\u00e3o<\/a><a href=\"https:\/\/fpabramo.org.br\/es\/tema\/tecnologias-de-la-informacion\/\" class=\"post-card__taxonomy-item\">Tecnolog\u00edas de la Informaci\u00f3n<\/a><\/div>\n            <\/div>\n        \n        \n    <\/div>\n<\/article>\n\n                <\/div>\n                            <div class=\"swiper-slide\">\n                \n<article id=\"post-ID-115566-69f0b4bdb1b82\" class=\"post-card post-card--livro  swiper-slide\">\n\n    <header class=\"post-card__image\">\n                 <a href=\"https:\/\/fpabramo.org.br\/es\/livro\/emergencia-climatica-reflexoes-a-partir-da-classe-trabalhadora\/\" aria-label=\"Emergencia clim\u00e1tica: Reflexiones desde la clase trabajadora\">\n                            <img decoding=\"async\" width=\"1781\" height=\"2560\" src=\"https:\/\/fpabramo.org.br\/wp-content\/uploads\/2025\/12\/17-Emergencia-climatica_capa-scaled.jpeg\" class=\"attachment-card-large size-card-large wp-post-image\" alt=\"\" srcset=\"https:\/\/fpabramo.org.br\/wp-content\/uploads\/2025\/12\/17-Emergencia-climatica_capa-scaled.jpeg 1781w, https:\/\/fpabramo.org.br\/wp-content\/uploads\/2025\/12\/17-Emergencia-climatica_capa-209x300.jpeg 209w, https:\/\/fpabramo.org.br\/wp-content\/uploads\/2025\/12\/17-Emergencia-climatica_capa-712x1024.jpeg 712w, https:\/\/fpabramo.org.br\/wp-content\/uploads\/2025\/12\/17-Emergencia-climatica_capa-768x1104.jpeg 768w, https:\/\/fpabramo.org.br\/wp-content\/uploads\/2025\/12\/17-Emergencia-climatica_capa-1068x1536.jpeg 1068w, https:\/\/fpabramo.org.br\/wp-content\/uploads\/2025\/12\/17-Emergencia-climatica_capa-1424x2048.jpeg 1424w, https:\/\/fpabramo.org.br\/wp-content\/uploads\/2025\/12\/17-Emergencia-climatica_capa-1200x1725.jpeg 1200w\" sizes=\"(max-width: 1781px) 100vw, 1781px\" \/>                    <\/a>\n    <\/header>\n\n    <div class=\"post-card__content\">\n                    <div class=\"post-card__category\">\n                                    <a class=\"tag tag--solid tag--category-categoria-exemplo\"\n                       href=\"https:\/\/fpabramo.org.br\/category\/categoria-exemplo\/\">\n                        Categoria exemplo                    <\/a>\n                            <\/div>\n        \n        \n        <h3 class=\"post-card__title\">\n            <a href=\"https:\/\/fpabramo.org.br\/es\/livro\/emergencia-climatica-reflexoes-a-partir-da-classe-trabalhadora\/\">Emergencia clim\u00e1tica: Reflexiones desde la clase trabajadora<\/a>\n        <\/h3>\n\n        <div class=\"post-card__meta\">\n\n            \n                            <time class=\"post-card__date\">\n                    publicado                    15\/12\/2025                <\/time>\n            \n        <\/div>\n\n\n        \n                    <div class=\"post-card__meta post-card__meta--pods\">\n\n                <div class=\"post-card__taxonomy post-card__taxonomy--tipo_material\"><a href=\"https:\/\/fpabramo.org.br\/es\/tipo-material\/libro\/\" class=\"term-badge term-badge--tipo_material term-badge--tipo_material-libro\" style=\"background-color:#edd9eb;border: 1px solid #99488f;\">Libro<\/a><\/div>\n\n                <div class=\"post-card__taxonomy post-card__taxonomy--tema\"><a href=\"https:\/\/fpabramo.org.br\/es\/tema\/libros-brasil\/\" class=\"post-card__taxonomy-item\">Libros Brasil<\/a><\/div>\n            <\/div>\n        \n        \n    <\/div>\n<\/article>\n\n                <\/div>\n                            <div class=\"swiper-slide\">\n                \n<article id=\"post-ID-115571-69f0b4bdb46b8\" class=\"post-card post-card--livro  swiper-slide\">\n\n    <header class=\"post-card__image\">\n                 <a href=\"https:\/\/fpabramo.org.br\/es\/livro\/dialetica-do-desenvolvimento\/\" aria-label=\"Dial\u00e9ctica del desarrollo\">\n                            <img decoding=\"async\" width=\"945\" height=\"1358\" src=\"https:\/\/fpabramo.org.br\/wp-content\/uploads\/2025\/12\/17-capaDialetica-do-Desenvolvimento.jpeg\" class=\"attachment-card-large size-card-large wp-post-image\" alt=\"\" srcset=\"https:\/\/fpabramo.org.br\/wp-content\/uploads\/2025\/12\/17-capaDialetica-do-Desenvolvimento.jpeg 945w, https:\/\/fpabramo.org.br\/wp-content\/uploads\/2025\/12\/17-capaDialetica-do-Desenvolvimento-209x300.jpeg 209w, https:\/\/fpabramo.org.br\/wp-content\/uploads\/2025\/12\/17-capaDialetica-do-Desenvolvimento-713x1024.jpeg 713w, https:\/\/fpabramo.org.br\/wp-content\/uploads\/2025\/12\/17-capaDialetica-do-Desenvolvimento-768x1104.jpeg 768w\" sizes=\"(max-width: 945px) 100vw, 945px\" \/>                    <\/a>\n    <\/header>\n\n    <div class=\"post-card__content\">\n        \n        \n        <h3 class=\"post-card__title\">\n            <a href=\"https:\/\/fpabramo.org.br\/es\/livro\/dialetica-do-desenvolvimento\/\">Dial\u00e9ctica del desarrollo<\/a>\n        <\/h3>\n\n        <div class=\"post-card__meta\">\n\n            \n                            <time class=\"post-card__date\">\n                    publicado                    09\/12\/2025                <\/time>\n            \n        <\/div>\n\n\n        \n                    <div class=\"post-card__meta post-card__meta--pods\">\n\n                <div class=\"post-card__taxonomy post-card__taxonomy--area post-card__taxonomy--capped\"><a href=\"https:\/\/fpabramo.org.br\/es\/editora\/\" class=\"term-badge term-badge--area term-badge--area-editora-fpa\" style=\"background-color:#cc93c6;color:#000000;\">Editora FPA<\/a><a href=\"https:\/\/fpabramo.org.br\/es\/formacao\/\" class=\"term-badge term-badge--area term-badge--area-formacao-fpa\" style=\"background-color:#0060bd;color:#ffffff;\">Forma\u00e7\u00e3o FPA<\/a><a href=\"https:\/\/fpabramo.org.br\/es\/formacao\/\" class=\"term-badge term-badge--area term-badge--area-formacao-fpa\" style=\"background-color:#0060bd;color:#ffffff;\">Forma\u00e7\u00e3o FPA<\/a><\/div><div class=\"post-card__taxonomy post-card__taxonomy--tipo_material\"><a href=\"https:\/\/fpabramo.org.br\/es\/tipo-material\/libro\/\" class=\"term-badge term-badge--tipo_material term-badge--tipo_material-libro\" style=\"background-color:#edd9eb;border: 1px solid #99488f;\">Libro<\/a><\/div>\n\n                <div class=\"post-card__taxonomy post-card__taxonomy--tema\"><a href=\"https:\/\/fpabramo.org.br\/es\/tema\/libros-brasil\/\" class=\"post-card__taxonomy-item\">Libros Brasil<\/a><\/div>\n            <\/div>\n        \n        \n    <\/div>\n<\/article>\n\n                <\/div>\n                            <div class=\"swiper-slide\">\n                \n<article id=\"post-ID-115577-69f0b4bdb630b\" class=\"post-card post-card--livro  swiper-slide\">\n\n    <header class=\"post-card__image\">\n                 <a href=\"https:\/\/fpabramo.org.br\/es\/livro\/nao-a-alca-20-anos-depois\/\" aria-label=\"No al ALCA &#8211; 20 a\u00f1os despu\u00e9s\">\n                            <img decoding=\"async\" width=\"827\" height=\"1300\" src=\"https:\/\/fpabramo.org.br\/wp-content\/uploads\/2025\/12\/17-naoaalca20anoscapa.jpg\" class=\"attachment-card-large size-card-large wp-post-image\" alt=\"\" srcset=\"https:\/\/fpabramo.org.br\/wp-content\/uploads\/2025\/12\/17-naoaalca20anoscapa.jpg 827w, https:\/\/fpabramo.org.br\/wp-content\/uploads\/2025\/12\/17-naoaalca20anoscapa-191x300.jpg 191w, https:\/\/fpabramo.org.br\/wp-content\/uploads\/2025\/12\/17-naoaalca20anoscapa-651x1024.jpg 651w, https:\/\/fpabramo.org.br\/wp-content\/uploads\/2025\/12\/17-naoaalca20anoscapa-768x1207.jpg 768w\" sizes=\"(max-width: 827px) 100vw, 827px\" \/>                    <\/a>\n    <\/header>\n\n    <div class=\"post-card__content\">\n                    <div class=\"post-card__category\">\n                                    <a class=\"tag tag--solid tag--category-categoria-exemplo\"\n                       href=\"https:\/\/fpabramo.org.br\/category\/categoria-exemplo\/\">\n                        Categoria exemplo                    <\/a>\n                            <\/div>\n        \n        \n        <h3 class=\"post-card__title\">\n            <a href=\"https:\/\/fpabramo.org.br\/es\/livro\/nao-a-alca-20-anos-depois\/\">No al ALCA &#8211; 20 a\u00f1os despu\u00e9s<\/a>\n        <\/h3>\n\n        <div class=\"post-card__meta\">\n\n            \n                            <time class=\"post-card__date\">\n                    publicado                    08\/12\/2025                <\/time>\n            \n        <\/div>\n\n\n        \n                    <div class=\"post-card__meta post-card__meta--pods\">\n\n                <div class=\"post-card__taxonomy post-card__taxonomy--tipo_material\"><a href=\"https:\/\/fpabramo.org.br\/es\/tipo-material\/libro\/\" class=\"term-badge term-badge--tipo_material term-badge--tipo_material-libro\" style=\"background-color:#edd9eb;border: 1px solid #99488f;\">Libro<\/a><\/div>\n\n                <div class=\"post-card__taxonomy post-card__taxonomy--tema\"><a href=\"https:\/\/fpabramo.org.br\/es\/tema\/internacional\/\" class=\"post-card__taxonomy-item\">Internacional<\/a><\/div>\n            <\/div>\n        \n        \n    <\/div>\n<\/article>\n\n                <\/div>\n                            <div class=\"swiper-slide\">\n                \n<article id=\"post-ID-115580-69f0b4bdb756b\" class=\"post-card post-card--livro  swiper-slide\">\n\n    <header class=\"post-card__image\">\n                 <a href=\"https:\/\/fpabramo.org.br\/es\/livro\/direitos-humanos-no-brasil-2025\/\" aria-label=\"Derechos Humanos en Brasil 2025\">\n                            <img decoding=\"async\" width=\"1782\" height=\"2560\" src=\"https:\/\/fpabramo.org.br\/wp-content\/uploads\/2025\/12\/17-caparevistaDH2025-scaled.jpeg\" class=\"attachment-card-large size-card-large wp-post-image\" alt=\"\" srcset=\"https:\/\/fpabramo.org.br\/wp-content\/uploads\/2025\/12\/17-caparevistaDH2025-scaled.jpeg 1782w, https:\/\/fpabramo.org.br\/wp-content\/uploads\/2025\/12\/17-caparevistaDH2025-209x300.jpeg 209w, https:\/\/fpabramo.org.br\/wp-content\/uploads\/2025\/12\/17-caparevistaDH2025-713x1024.jpeg 713w, https:\/\/fpabramo.org.br\/wp-content\/uploads\/2025\/12\/17-caparevistaDH2025-768x1103.jpeg 768w, https:\/\/fpabramo.org.br\/wp-content\/uploads\/2025\/12\/17-caparevistaDH2025-1069x1536.jpeg 1069w, https:\/\/fpabramo.org.br\/wp-content\/uploads\/2025\/12\/17-caparevistaDH2025-1426x2048.jpeg 1426w, https:\/\/fpabramo.org.br\/wp-content\/uploads\/2025\/12\/17-caparevistaDH2025-1200x1724.jpeg 1200w\" sizes=\"(max-width: 1782px) 100vw, 1782px\" \/>                    <\/a>\n    <\/header>\n\n    <div class=\"post-card__content\">\n        \n        \n        <h3 class=\"post-card__title\">\n            <a href=\"https:\/\/fpabramo.org.br\/es\/livro\/direitos-humanos-no-brasil-2025\/\">Derechos Humanos en Brasil 2025<\/a>\n        <\/h3>\n\n        <div class=\"post-card__meta\">\n\n            \n                            <time class=\"post-card__date\">\n                    publicado                    08\/12\/2025                <\/time>\n            \n        <\/div>\n\n\n        \n                    <div class=\"post-card__meta post-card__meta--pods\">\n\n                <div class=\"post-card__taxonomy post-card__taxonomy--area post-card__taxonomy--capped\"><a href=\"https:\/\/fpabramo.org.br\/es\/editora\/\" class=\"term-badge term-badge--area term-badge--area-editora-fpa\" style=\"background-color:#cc93c6;color:#000000;\">Editora FPA<\/a><a href=\"https:\/\/fpabramo.org.br\/es\/formacao\/\" class=\"term-badge term-badge--area term-badge--area-formacao-fpa\" style=\"background-color:#0060bd;color:#ffffff;\">Forma\u00e7\u00e3o FPA<\/a><\/div><div class=\"post-card__taxonomy post-card__taxonomy--tipo_material\"><a href=\"https:\/\/fpabramo.org.br\/es\/tipo-material\/libro\/\" class=\"term-badge term-badge--tipo_material term-badge--tipo_material-libro\" style=\"background-color:#edd9eb;border: 1px solid #99488f;\">Libro<\/a><\/div>\n\n                <div class=\"post-card__taxonomy post-card__taxonomy--tema\"><a href=\"https:\/\/fpabramo.org.br\/es\/tema\/libros-brasil\/\" class=\"post-card__taxonomy-item\">Libros Brasil<\/a><\/div>\n            <\/div>\n        \n        \n    <\/div>\n<\/article>\n\n                <\/div>\n                            <div class=\"swiper-slide\">\n                \n<article id=\"post-ID-115585-69f0b4bdb8638\" class=\"post-card post-card--livro  swiper-slide\">\n\n    <header class=\"post-card__image\">\n                 <a href=\"https:\/\/fpabramo.org.br\/es\/livro\/catalogo-edicao-especial-1997-2025\/\" aria-label=\"Cat\u00e1logo de ediciones especiales &#8211; 1997-2025\">\n                            <img decoding=\"async\" width=\"1181\" height=\"1594\" src=\"https:\/\/fpabramo.org.br\/wp-content\/uploads\/2025\/11\/17-capa_Catalogo_Editora_Fundacao_Perseu_Abramo_2025.jpg\" class=\"attachment-card-large size-card-large wp-post-image\" alt=\"\" srcset=\"https:\/\/fpabramo.org.br\/wp-content\/uploads\/2025\/11\/17-capa_Catalogo_Editora_Fundacao_Perseu_Abramo_2025.jpg 1181w, https:\/\/fpabramo.org.br\/wp-content\/uploads\/2025\/11\/17-capa_Catalogo_Editora_Fundacao_Perseu_Abramo_2025-222x300.jpg 222w, https:\/\/fpabramo.org.br\/wp-content\/uploads\/2025\/11\/17-capa_Catalogo_Editora_Fundacao_Perseu_Abramo_2025-759x1024.jpg 759w, https:\/\/fpabramo.org.br\/wp-content\/uploads\/2025\/11\/17-capa_Catalogo_Editora_Fundacao_Perseu_Abramo_2025-768x1037.jpg 768w, https:\/\/fpabramo.org.br\/wp-content\/uploads\/2025\/11\/17-capa_Catalogo_Editora_Fundacao_Perseu_Abramo_2025-1138x1536.jpg 1138w\" sizes=\"(max-width: 1181px) 100vw, 1181px\" \/>                    <\/a>\n    <\/header>\n\n    <div class=\"post-card__content\">\n                    <div class=\"post-card__category\">\n                                    <a class=\"tag tag--solid tag--category-institucional\"\n                       href=\"https:\/\/fpabramo.org.br\/es\/category\/institucional\/\">\n                        Institucional                    <\/a>\n                            <\/div>\n        \n        \n        <h3 class=\"post-card__title\">\n            <a href=\"https:\/\/fpabramo.org.br\/es\/livro\/catalogo-edicao-especial-1997-2025\/\">Cat\u00e1logo de ediciones especiales &#8211; 1997-2025<\/a>\n        <\/h3>\n\n        <div class=\"post-card__meta\">\n\n            \n                            <time class=\"post-card__date\">\n                    publicado                    24\/11\/2025                <\/time>\n            \n        <\/div>\n\n\n        \n                    <div class=\"post-card__meta post-card__meta--pods\">\n\n                <div class=\"post-card__taxonomy post-card__taxonomy--tipo_material\"><a href=\"https:\/\/fpabramo.org.br\/es\/tipo-material\/libro\/\" class=\"term-badge term-badge--tipo_material term-badge--tipo_material-libro\" style=\"background-color:#edd9eb;border: 1px solid #99488f;\">Libro<\/a><\/div>\n\n                <div class=\"post-card__taxonomy post-card__taxonomy--tema\"><a href=\"https:\/\/fpabramo.org.br\/es\/tema\/pt\/\" class=\"post-card__taxonomy-item\">PT<\/a><\/div>\n            <\/div>\n        \n        \n    <\/div>\n<\/article>\n\n                <\/div>\n                            <div class=\"swiper-slide\">\n                \n<article id=\"post-ID-115591-69f0b4bdb9e31\" class=\"post-card post-card--livro  swiper-slide\">\n\n    <header class=\"post-card__image\">\n                 <a href=\"https:\/\/fpabramo.org.br\/es\/livro\/29-anos-de-economia-brasileira-1995-2023\/\" aria-label=\"29 a\u00f1os de la econom\u00eda brasile\u00f1a 1995-2023\">\n                            <img decoding=\"async\" width=\"1201\" height=\"1271\" src=\"https:\/\/fpabramo.org.br\/wp-content\/uploads\/2025\/11\/17-29-anos-anos-de-economia-brasileira-1995-2023.jpg\" class=\"attachment-card-large size-card-large wp-post-image\" alt=\"\" srcset=\"https:\/\/fpabramo.org.br\/wp-content\/uploads\/2025\/11\/17-29-anos-anos-de-economia-brasileira-1995-2023.jpg 1201w, https:\/\/fpabramo.org.br\/wp-content\/uploads\/2025\/11\/17-29-anos-anos-de-economia-brasileira-1995-2023-283x300.jpg 283w, https:\/\/fpabramo.org.br\/wp-content\/uploads\/2025\/11\/17-29-anos-anos-de-economia-brasileira-1995-2023-968x1024.jpg 968w, https:\/\/fpabramo.org.br\/wp-content\/uploads\/2025\/11\/17-29-anos-anos-de-economia-brasileira-1995-2023-768x813.jpg 768w\" sizes=\"(max-width: 1201px) 100vw, 1201px\" \/>                    <\/a>\n    <\/header>\n\n    <div class=\"post-card__content\">\n                    <div class=\"post-card__category\">\n                                    <a class=\"tag tag--solid tag--category-categoria-exemplo\"\n                       href=\"https:\/\/fpabramo.org.br\/category\/categoria-exemplo\/\">\n                        Categoria exemplo                    <\/a>\n                            <\/div>\n        \n        \n        <h3 class=\"post-card__title\">\n            <a href=\"https:\/\/fpabramo.org.br\/es\/livro\/29-anos-de-economia-brasileira-1995-2023\/\">29 a\u00f1os de la econom\u00eda brasile\u00f1a 1995-2023<\/a>\n        <\/h3>\n\n        <div class=\"post-card__meta\">\n\n            \n                            <time class=\"post-card__date\">\n                    publicado                    18\/11\/2025                <\/time>\n            \n        <\/div>\n\n\n        \n                    <div class=\"post-card__meta post-card__meta--pods\">\n\n                <div class=\"post-card__taxonomy post-card__taxonomy--tipo_material\"><a href=\"https:\/\/fpabramo.org.br\/es\/tipo-material\/libro\/\" class=\"term-badge term-badge--tipo_material term-badge--tipo_material-libro\" style=\"background-color:#edd9eb;border: 1px solid #99488f;\">Libro<\/a><\/div>\n\n                <div class=\"post-card__taxonomy post-card__taxonomy--tema\"><a href=\"https:\/\/fpabramo.org.br\/es\/tema\/libros-brasil\/\" class=\"post-card__taxonomy-item\">Libros Brasil<\/a><\/div>\n            <\/div>\n        \n        \n    <\/div>\n<\/article>\n\n                <\/div>\n                            <div class=\"swiper-slide\">\n                \n<article id=\"post-ID-115596-69f0b4bdbaf22\" class=\"post-card post-card--livro  swiper-slide\">\n\n    <header class=\"post-card__image\">\n                 <a href=\"https:\/\/fpabramo.org.br\/es\/livro\/1917-1987-socialismo-em-debate-caderno-de-fotos\/\" aria-label=\"1917-1987: El socialismo en debate &#8211; \u00c1lbum de fotos\">\n                            <img decoding=\"async\" width=\"1894\" height=\"2560\" src=\"https:\/\/fpabramo.org.br\/wp-content\/uploads\/2025\/11\/17-1917-1987_socialismo_em_debate_caderno_fotos-scaled.jpeg\" class=\"attachment-card-large size-card-large wp-post-image\" alt=\"\" srcset=\"https:\/\/fpabramo.org.br\/wp-content\/uploads\/2025\/11\/17-1917-1987_socialismo_em_debate_caderno_fotos-scaled.jpeg 1894w, https:\/\/fpabramo.org.br\/wp-content\/uploads\/2025\/11\/17-1917-1987_socialismo_em_debate_caderno_fotos-222x300.jpeg 222w, https:\/\/fpabramo.org.br\/wp-content\/uploads\/2025\/11\/17-1917-1987_socialismo_em_debate_caderno_fotos-758x1024.jpeg 758w, https:\/\/fpabramo.org.br\/wp-content\/uploads\/2025\/11\/17-1917-1987_socialismo_em_debate_caderno_fotos-768x1038.jpeg 768w, https:\/\/fpabramo.org.br\/wp-content\/uploads\/2025\/11\/17-1917-1987_socialismo_em_debate_caderno_fotos-1136x1536.jpeg 1136w, https:\/\/fpabramo.org.br\/wp-content\/uploads\/2025\/11\/17-1917-1987_socialismo_em_debate_caderno_fotos-1515x2048.jpeg 1515w, https:\/\/fpabramo.org.br\/wp-content\/uploads\/2025\/11\/17-1917-1987_socialismo_em_debate_caderno_fotos-1200x1622.jpeg 1200w\" sizes=\"(max-width: 1894px) 100vw, 1894px\" \/>                    <\/a>\n    <\/header>\n\n    <div class=\"post-card__content\">\n        \n        \n        <h3 class=\"post-card__title\">\n            <a href=\"https:\/\/fpabramo.org.br\/es\/livro\/1917-1987-socialismo-em-debate-caderno-de-fotos\/\">1917-1987: El socialismo en debate &#8211; \u00c1lbum de fotos<\/a>\n        <\/h3>\n\n        <div class=\"post-card__meta\">\n\n            \n                            <time class=\"post-card__date\">\n                    publicado                    11\/11\/2025                <\/time>\n            \n        <\/div>\n\n\n        \n                    <div class=\"post-card__meta post-card__meta--pods\">\n\n                <div class=\"post-card__taxonomy post-card__taxonomy--tipo_material\"><a href=\"https:\/\/fpabramo.org.br\/es\/tipo-material\/libro\/\" class=\"term-badge term-badge--tipo_material term-badge--tipo_material-libro\" style=\"background-color:#edd9eb;border: 1px solid #99488f;\">Libro<\/a><\/div>\n\n                <div class=\"post-card__taxonomy post-card__taxonomy--tema\"><a href=\"https:\/\/fpabramo.org.br\/es\/tema\/libros-socialismo\/\" class=\"post-card__taxonomy-item\">Libros Socialismo<\/a><a href=\"https:\/\/fpabramo.org.br\/es\/tema\/politica\/\" class=\"post-card__taxonomy-item\">Pol\u00edtica<\/a><\/div>\n            <\/div>\n        \n        \n    <\/div>\n<\/article>\n\n                <\/div>\n                            <div class=\"swiper-slide\">\n                \n<article id=\"post-ID-115601-69f0b4bdbc5e1\" class=\"post-card post-card--livro  swiper-slide\">\n\n    <header class=\"post-card__image\">\n                 <a href=\"https:\/\/fpabramo.org.br\/es\/livro\/memoria-historia-resistencia-90-anos-de-um-sindicato-de-lutas\/\" aria-label=\"Memoria, Historia, Resistencia: 90 a\u00f1os de una uni\u00f3n de luchas\">\n                            <img decoding=\"async\" width=\"1115\" height=\"1454\" src=\"https:\/\/fpabramo.org.br\/wp-content\/uploads\/2025\/11\/17-Memoria_historia_resistencia90anosdeumsidicatodelutas_capa.jpeg\" class=\"attachment-card-large size-card-large wp-post-image\" alt=\"\" srcset=\"https:\/\/fpabramo.org.br\/wp-content\/uploads\/2025\/11\/17-Memoria_historia_resistencia90anosdeumsidicatodelutas_capa.jpeg 1115w, https:\/\/fpabramo.org.br\/wp-content\/uploads\/2025\/11\/17-Memoria_historia_resistencia90anosdeumsidicatodelutas_capa-230x300.jpeg 230w, https:\/\/fpabramo.org.br\/wp-content\/uploads\/2025\/11\/17-Memoria_historia_resistencia90anosdeumsidicatodelutas_capa-785x1024.jpeg 785w, https:\/\/fpabramo.org.br\/wp-content\/uploads\/2025\/11\/17-Memoria_historia_resistencia90anosdeumsidicatodelutas_capa-768x1001.jpeg 768w\" sizes=\"(max-width: 1115px) 100vw, 1115px\" \/>                    <\/a>\n    <\/header>\n\n    <div class=\"post-card__content\">\n        \n        \n        <h3 class=\"post-card__title\">\n            <a href=\"https:\/\/fpabramo.org.br\/es\/livro\/memoria-historia-resistencia-90-anos-de-um-sindicato-de-lutas\/\">Memoria, Historia, Resistencia: 90 a\u00f1os de una uni\u00f3n de luchas<\/a>\n        <\/h3>\n\n        <div class=\"post-card__meta\">\n\n            \n                            <time class=\"post-card__date\">\n                    publicado                    07\/11\/2025                <\/time>\n            \n        <\/div>\n\n\n        \n                    <div class=\"post-card__meta post-card__meta--pods\">\n\n                <div class=\"post-card__taxonomy post-card__taxonomy--area post-card__taxonomy--capped\"><a href=\"https:\/\/fpabramo.org.br\/es\/editora\/\" class=\"term-badge term-badge--area term-badge--area-editora-fpa\" style=\"background-color:#cc93c6;color:#000000;\">Editora FPA<\/a><a href=\"https:\/\/fpabramo.org.br\/es\/formacao\/\" class=\"term-badge term-badge--area term-badge--area-formacao-fpa\" style=\"background-color:#0060bd;color:#ffffff;\">Forma\u00e7\u00e3o FPA<\/a><\/div><div class=\"post-card__taxonomy post-card__taxonomy--tipo_material\"><a href=\"https:\/\/fpabramo.org.br\/es\/tipo-material\/libro\/\" class=\"term-badge term-badge--tipo_material term-badge--tipo_material-libro\" style=\"background-color:#edd9eb;border: 1px solid #99488f;\">Libro<\/a><\/div>\n\n                <div class=\"post-card__taxonomy post-card__taxonomy--tema\"><a href=\"https:\/\/fpabramo.org.br\/es\/tema\/libros-historia\/\" class=\"post-card__taxonomy-item\">Libros Historia<\/a><\/div>\n            <\/div>\n        \n        \n    <\/div>\n<\/article>\n\n                <\/div>\n                        <\/div>\n            <div class=\"swiper-pagination\"><\/div>\n                            <div class=\"swiper-button-prev\">\n                    \n    <svg width=\"40\" height=\"40\" version=\"1.1\" viewBox=\"0 0 40 40\" xmlns=\"http:\/\/www.w3.org\/2000\/svg\">\n        <circle cx=\"20\" cy=\"20\" r=\"20\" fill=\"#fff\"\/>\n        <path d=\"m18.8 20 4.6-4.6-1.4-1.4-6 6 6 6 1.4-1.4z\" fill=\"#1c1b1f\"\/>\n    <\/svg>\n                    <\/div>\n                <div class=\"swiper-button-next\">\n                    \n    <svg width=\"40\" height=\"40\" version=\"1.1\" viewBox=\"0 0 40 40\" xmlns=\"http:\/\/www.w3.org\/2000\/svg\">\n        <circle cx=\"20\" cy=\"20\" r=\"20\" fill=\"#fff\"\/>\n        <path d=\"m20.6 20-4.6-4.6 1.4-1.4 6 6-6 6-1.4-1.4z\" fill=\"#1c1b1f\"\/>\n    <\/svg>\n                    <\/div>\n                    <\/section>\n    <\/div>\n\n    \n\n\n<div class=\"wp-block-columns is-layout-flex wp-container-core-columns-is-layout-28f84493 wp-block-columns-is-layout-flex\">\n<div class=\"wp-block-column is-layout-flow wp-block-column-is-layout-flow\">\n<div class=\"wp-block-group link-listings link-listings-mob is-content-justification-right is-nowrap is-layout-flex wp-container-core-group-is-layout-82baacbd wp-block-group-is-layout-flex\">\n<p class=\"has-text-align-left has-tertiary-dark-color has-text-color has-link-color has-x-small-font-size wp-elements-bf169d2e64670dd917cf0ad237318ed2\" style=\"letter-spacing:1.9px;text-transform:uppercase\"><strong>Todos los libros<\/strong><\/p>\n\n\n\n<figure class=\"wp-block-image size-full\"><a href=\"#\"><img decoding=\"async\" src=\"https:\/\/fpabramo.org.br\/wp-content\/uploads\/2025\/10\/east.png\" alt=\"\" class=\"wp-image-228\"\/><\/a><\/figure>\n<\/div>\n<\/div>\n<\/div>\n<\/div>\n\n\n\n<p><\/p>\n","protected":false},"excerpt":{"rendered":"<p>Explora la colecci\u00f3n digitalizada. Colecci\u00f3n textual Fundaci\u00f3n Perseu Abramo, Partido de los Trabajadores &#8211; Direcci\u00f3n Nacional. Actualmente en proceso de recopilaci\u00f3n: Foro de S\u00e3o Paulo y sedes estatales, municipales, zonales e internacionales del PT. Acci\u00f3n Institucional de la Uni\u00f3n Gobiernos de Lula (2003-2010) y de Dilma (2022-2016). Actualmente en proceso de organizaci\u00f3n: Gobiernos estatales y [&hellip;]<\/p>\n","protected":false},"author":1,"featured_media":0,"parent":0,"menu_order":0,"comment_status":"closed","ping_status":"closed","template":"","meta":{"_eb_attr":"","footnotes":""},"categories":[],"area":[121],"projeto":[],"tema":[],"coauthors":[85],"class_list":["post-120387","page","type-page","status-publish","hentry","area-centro-de-memoria-csbh"],"_links":{"self":[{"href":"https:\/\/fpabramo.org.br\/es\/wp-json\/wp\/v2\/pages\/120387","targetHints":{"allow":["GET"]}}],"collection":[{"href":"https:\/\/fpabramo.org.br\/es\/wp-json\/wp\/v2\/pages"}],"about":[{"href":"https:\/\/fpabramo.org.br\/es\/wp-json\/wp\/v2\/types\/page"}],"author":[{"embeddable":true,"href":"https:\/\/fpabramo.org.br\/es\/wp-json\/wp\/v2\/users\/1"}],"replies":[{"embeddable":true,"href":"https:\/\/fpabramo.org.br\/es\/wp-json\/wp\/v2\/comments?post=120387"}],"version-history":[{"count":1,"href":"https:\/\/fpabramo.org.br\/es\/wp-json\/wp\/v2\/pages\/120387\/revisions"}],"predecessor-version":[{"id":188311,"href":"https:\/\/fpabramo.org.br\/es\/wp-json\/wp\/v2\/pages\/120387\/revisions\/188311"}],"wp:attachment":[{"href":"https:\/\/fpabramo.org.br\/es\/wp-json\/wp\/v2\/media?parent=120387"}],"wp:term":[{"taxonomy":"category","embeddable":true,"href":"https:\/\/fpabramo.org.br\/es\/wp-json\/wp\/v2\/categories?post=120387"},{"taxonomy":"area","embeddable":true,"href":"https:\/\/fpabramo.org.br\/es\/wp-json\/wp\/v2\/area?post=120387"},{"taxonomy":"projeto","embeddable":true,"href":"https:\/\/fpabramo.org.br\/es\/wp-json\/wp\/v2\/projeto?post=120387"},{"taxonomy":"tema","embeddable":true,"href":"https:\/\/fpabramo.org.br\/es\/wp-json\/wp\/v2\/tema?post=120387"},{"taxonomy":"author","embeddable":true,"href":"https:\/\/fpabramo.org.br\/es\/wp-json\/wp\/v2\/coauthors?post=120387"}],"curies":[{"name":"wp","href":"https:\/\/api.w.org\/{rel}","templated":true}]}}