{"id":115404,"date":"2026-01-21T13:40:58","date_gmt":"2026-01-21T16:40:58","guid":{"rendered":"https:\/\/fpabramo.org.br\/formacao\/"},"modified":"2026-02-24T16:31:23","modified_gmt":"2026-02-24T19:31:23","slug":"formacao","status":"publish","type":"page","link":"https:\/\/fpabramo.org.br\/es\/formacao\/","title":{"rendered":"Forma\u00e7\u00e3o"},"content":{"rendered":"\n<div class=\"wp-block-cover alignfull banner-cooperacao-internacional banner-centro-de-memoria\" style=\"min-height:120px;aspect-ratio:unset;\"><img decoding=\"async\" width=\"1024\" height=\"85\" class=\"wp-block-cover__image-background wp-image-90227 size-large\" alt=\"\" src=\"https:\/\/fpabramo.org.br\/wp-content\/uploads\/2026\/01\/Frame-7827-1024x85.webp\" data-object-fit=\"cover\" srcset=\"https:\/\/fpabramo.org.br\/wp-content\/uploads\/2026\/01\/Frame-7827-1024x85.webp 1024w, https:\/\/fpabramo.org.br\/wp-content\/uploads\/2026\/01\/Frame-7827-300x25.webp 300w, https:\/\/fpabramo.org.br\/wp-content\/uploads\/2026\/01\/Frame-7827-150x13.webp 150w, https:\/\/fpabramo.org.br\/wp-content\/uploads\/2026\/01\/Frame-7827-768x64.webp 768w, https:\/\/fpabramo.org.br\/wp-content\/uploads\/2026\/01\/Frame-7827.webp 1440w\" sizes=\"(max-width: 1024px) 100vw, 1024px\" \/><span aria-hidden=\"true\" class=\"wp-block-cover__background has-background-dim-10 has-background-dim\"><\/span><div class=\"wp-block-cover__inner-container is-layout-constrained wp-block-cover-is-layout-constrained\">\n<div class=\"wp-block-columns alignwide is-layout-flex wp-container-core-columns-is-layout-28f84493 wp-block-columns-is-layout-flex\">\n<div class=\"wp-block-column is-vertically-aligned-center is-layout-flow wp-block-column-is-layout-flow\" style=\"flex-basis:631px\">\n<h2 class=\"wp-block-heading\" style=\"font-style:normal;font-weight:500\">Formaci\u00f3n<\/h2>\n<\/div>\n\n\n\n<div class=\"wp-block-column is-vertically-aligned-center is-layout-flow wp-block-column-is-layout-flow\" style=\"flex-basis:570px\">\n<div class=\"wp-block-group is-content-justification-right is-layout-constrained wp-container-core-group-is-layout-f1f2ed93 wp-block-group-is-layout-constrained\">\n<p class=\"has-medium-font-size\" style=\"font-style:normal;font-weight:700\">La Direcci\u00f3n de Capacitaci\u00f3n de la FPA ofrece decenas de cursos a distancia sobre diversos temas que contribuyen a mejorar la acci\u00f3n pol\u00edtica de izquierda en todo el pa\u00eds<\/p>\n<\/div>\n<\/div>\n<\/div>\n<\/div><\/div>\n\n\n\n<div class=\"wp-block-group alignfull course-slider has-secondary-pure-background-color has-background is-layout-constrained wp-block-group-is-layout-constrained\">\n<div class=\"wp-block-columns alignwide is-layout-flex wp-container-core-columns-is-layout-28f84493 wp-block-columns-is-layout-flex\">\n<div class=\"wp-block-column is-layout-flow wp-block-column-is-layout-flow\">\n<div class=\"wp-block-group is-nowrap is-layout-flex wp-container-core-group-is-layout-fc054d2d wp-block-group-is-layout-flex\">\n<figure class=\"wp-block-image size-full\"><img decoding=\"async\" width=\"37\" height=\"30\" src=\"https:\/\/fpabramo.org.br\/wp-content\/uploads\/2026\/01\/school-2.webp\" alt=\"\" class=\"wp-image-90228\"\/><\/figure>\n\n\n\n<h2 class=\"wp-block-heading has-x-large-font-size\" style=\"font-style:normal;font-weight:700\">Cursos con inscripci\u00f3n abiertas<\/h2>\n<\/div>\n<\/div>\n\n\n\n<div class=\"wp-block-column is-vertically-aligned-center is-layout-flow wp-block-column-is-layout-flow\">\n<div class=\"wp-block-group link-listings link-listings-desktop is-content-justification-right is-nowrap is-layout-flex wp-container-core-group-is-layout-82baacbd wp-block-group-is-layout-flex\">\n<p class=\"has-text-align-left has-tertiary-dark-color has-text-color has-link-color has-x-small-font-size wp-elements-5b2c9ebd47494ef036e6fbd32914f366\" style=\"letter-spacing:1.9px;text-transform:uppercase\"><a href=\"\/es\/curso\">Todos los cursos<\/a><\/p>\n\n\n\n<figure class=\"wp-block-image size-full\"><a href=\"\/es\/curso\"><img decoding=\"async\" src=\"https:\/\/fpabramo.org.br\/wp-content\/uploads\/2025\/10\/east.png\" alt=\"\" class=\"wp-image-228\"\/><\/a><\/figure>\n<\/div>\n<\/div>\n<\/div>\n\n\n\n    <div class=\"hacklabr-posts-slider-block alignwide\">\n        <script type=\"application\/json\" hidden>{\"a11y\":{\"enabled\":true,\"firstSlideMessage\":\"Esta es la primera diapositiva\",\"lastSlideMessage\":\"Esta es la \\u00faltima diapositiva\",\"nextSlideMessage\":\"Siguiente diapositiva\",\"paginationBulletMessage\":\"Ir a la diapositiva {{index}}\",\"prevSlideMessage\":\"Diapositiva anterior\"},\"autoplay\":false,\"centeredSlides\":false,\"loop\":false,\"navigation\":{\"nextEl\":\".swiper-button-next\",\"prevEl\":\".swiper-button-prev\"},\"pagination\":false,\"rewind\":true,\"slidesPerGroup\":1,\"slidesPerView\":1,\"spaceBetween\":16,\"speed\":300,\"breakpoints\":{\"768\":{\"centeredSlides\":false,\"slidesPerGroup\":1,\"slidesPerView\":3,\"spaceBetween\":32}}}<\/script>\n        <section class=\"swiper\">\n            <div class=\"swiper-wrapper\">\n                            <div class=\"swiper-slide\">\n                \n<article id=\"post-ID-115548-69f0b4c27bb27\" class=\"post-card post-card--curso  swiper-slide\">\n\n    <header class=\"post-card__image\">\n                            <div class=\"post-card__status-curso\">\n                                                    <span class=\"status-curso-badge status-curso-inscripciones-abiertas\">\n                                Inscripciones abiertas                            <\/span>\n                                            <\/div>\n                         <a href=\"https:\/\/fpabramo.org.br\/es\/curso\/curso-de-extensao-desenvolvimento-trabalho-e-politicas-publicas\/\" aria-label=\"Curso de extensi\u00f3n: Desarrollo, Trabajo y Pol\u00edticas P\u00fablicas\">\n                            <img decoding=\"async\" width=\"600\" height=\"350\" src=\"https:\/\/fpabramo.org.br\/wp-content\/uploads\/2025\/01\/4-banner-curso-unicamp-fpa-desenvolvimento1.png\" class=\"attachment-card-large size-card-large wp-post-image\" alt=\"\" srcset=\"https:\/\/fpabramo.org.br\/wp-content\/uploads\/2025\/01\/4-banner-curso-unicamp-fpa-desenvolvimento1.png 600w, https:\/\/fpabramo.org.br\/wp-content\/uploads\/2025\/01\/4-banner-curso-unicamp-fpa-desenvolvimento1-300x175.png 300w\" sizes=\"(max-width: 600px) 100vw, 600px\" \/>                    <\/a>\n    <\/header>\n\n    <div class=\"post-card__content\">\n                    <div class=\"post-card__category\">\n                                    <a class=\"tag tag--solid tag--category-capacitacion\"\n                       href=\"https:\/\/fpabramo.org.br\/es\/category\/capacitacion\/\">\n                        Capacitaci\u00f3n                    <\/a>\n                            <\/div>\n        \n        \n        <h3 class=\"post-card__title\">\n            <a href=\"https:\/\/fpabramo.org.br\/es\/curso\/curso-de-extensao-desenvolvimento-trabalho-e-politicas-publicas\/\">Curso de extensi\u00f3n: Desarrollo, Trabajo y Pol\u00edticas P\u00fablicas<\/a>\n        <\/h3>\n\n        <div class=\"post-card__meta\">\n\n            \n                            <time class=\"post-card__date\">\n                    publicado                    18\/03\/2026                <\/time>\n            \n        <\/div>\n\n\n                            \n                    <div class=\"post-card__meta post-card__meta--pods\">\n\n                <div class=\"post-card__taxonomy post-card__taxonomy--tipo_material\"><a href=\"https:\/\/fpabramo.org.br\/es\/tipo-material\/curso-es\/\" class=\"term-badge term-badge--tipo_material term-badge--tipo_material-curso-es\" style=\"background-color:#5dacf9;border: 1px solid #0060bd;\">Curso<\/a><\/div>\n\n                <div class=\"post-card__taxonomy post-card__taxonomy--tema\"><a href=\"https:\/\/fpabramo.org.br\/es\/tema\/politicas-publicas\/\" class=\"post-card__taxonomy-item\">Pol\u00edticas P\u00fablicas<\/a><a href=\"https:\/\/fpabramo.org.br\/es\/tema\/trabajar\/\" class=\"post-card__taxonomy-item\">Trabajo<\/a><\/div>\n            <\/div>\n        \n        \n    <\/div>\n<\/article>\n\n                <\/div>\n                            <div class=\"swiper-slide\">\n                \n<article id=\"post-ID-167340-69f0b4c27d1aa\" class=\"post-card post-card--curso  swiper-slide\">\n\n    <header class=\"post-card__image\">\n                            <div class=\"post-card__status-curso\">\n                                                    <span class=\"status-curso-badge status-curso-inscripciones-abiertas\">\n                                Inscripciones abiertas                            <\/span>\n                                            <\/div>\n                         <a href=\"https:\/\/fpabramo.org.br\/es\/curso\/capacitacao-de-conselheiros-titulares-e-suplentes-do-conselho-participativo-municipal-cpm\/\" aria-label=\"Capacitaci\u00f3n de Consejeros Titulares y Suplentes del Consejo Participativo Municipal (CPM).\">\n                            <img decoding=\"async\" width=\"600\" height=\"351\" src=\"https:\/\/fpabramo.org.br\/wp-content\/uploads\/2026\/02\/13-Curso-para-Titulares-e-Suplentes-de-Conselhos-de-Poli\u2560uticas-Pu\u2560ublicas.webp\" class=\"attachment-card-large size-card-large wp-post-image\" alt=\"\" srcset=\"https:\/\/fpabramo.org.br\/wp-content\/uploads\/2026\/02\/13-Curso-para-Titulares-e-Suplentes-de-Conselhos-de-Poli\u2560uticas-Pu\u2560ublicas.webp 600w, https:\/\/fpabramo.org.br\/wp-content\/uploads\/2026\/02\/13-Curso-para-Titulares-e-Suplentes-de-Conselhos-de-Poli\u2560uticas-Pu\u2560ublicas-300x176.webp 300w, https:\/\/fpabramo.org.br\/wp-content\/uploads\/2026\/02\/13-Curso-para-Titulares-e-Suplentes-de-Conselhos-de-Poli\u2560uticas-Pu\u2560ublicas-150x88.webp 150w\" sizes=\"(max-width: 600px) 100vw, 600px\" \/>                    <\/a>\n    <\/header>\n\n    <div class=\"post-card__content\">\n        \n                        <span class=\"post-card__frase-destaque\">\n                    PREPARE A SUA VIT\u00d3RIA!                <\/span>\n            \n        <h3 class=\"post-card__title\">\n            <a href=\"https:\/\/fpabramo.org.br\/es\/curso\/capacitacao-de-conselheiros-titulares-e-suplentes-do-conselho-participativo-municipal-cpm\/\">Capacitaci\u00f3n de Consejeros Titulares y Suplentes del Consejo Participativo Municipal (CPM).<\/a>\n        <\/h3>\n\n        <div class=\"post-card__meta\">\n\n            \n                            <time class=\"post-card__date\">\n                    publicado                    10\/03\/2026                <\/time>\n            \n        <\/div>\n\n\n                                    <div class=\"post-card__excerpt\">\n                    Curso de capacitaci\u00f3n para consejeros del Consejo Participativo Municipal, enfocado en democracia participativa, legislaci\u00f3n, control social y monitoreo de pol\u00edticas p\u00fablicas. Fortalece la participaci\u00f3n ciudadana, la representatividad popular y la cualificaci\u00f3n de la gesti\u00f3n democr\u00e1tica.                <\/div>\n                    \n                    <div class=\"post-card__meta post-card__meta--pods\">\n\n                <div class=\"post-card__taxonomy post-card__taxonomy--tipo_material\"><a href=\"https:\/\/fpabramo.org.br\/es\/tipo-material\/curso-es\/\" class=\"term-badge term-badge--tipo_material term-badge--tipo_material-curso-es\" style=\"background-color:#5dacf9;border: 1px solid #0060bd;\">Curso<\/a><\/div><div class=\"post-card__taxonomy post-card__taxonomy--modalidade\"><a href=\"https:\/\/fpabramo.org.br\/es\/modalidade\/aprendizaje-a-distancia\/\" class=\"term-badge term-badge--modalidade term-badge--modalidade-aprendizaje-a-distancia\" style=\"\">Aprendizaje a distancia<\/a><\/div>\n\n                <div class=\"post-card__taxonomy post-card__taxonomy--tema\"><a href=\"https:\/\/fpabramo.org.br\/es\/tema\/derechos-humanos\/\" class=\"post-card__taxonomy-item\">Derechos humanos<\/a><a href=\"https:\/\/fpabramo.org.br\/es\/tema\/politica\/\" class=\"post-card__taxonomy-item\">Pol\u00edtica<\/a><\/div>\n            <\/div>\n        \n        \n    <\/div>\n<\/article>\n\n                <\/div>\n                            <div class=\"swiper-slide\">\n                \n<article id=\"post-ID-115556-69f0b4c27e1b8\" class=\"post-card post-card--curso  swiper-slide\">\n\n    <header class=\"post-card__image\">\n                            <div class=\"post-card__status-curso\">\n                                                    <span class=\"status-curso-badge status-curso-inscripciones-abiertas\">\n                                Inscripciones abiertas                            <\/span>\n                                            <\/div>\n                         <a href=\"https:\/\/fpabramo.org.br\/es\/curso\/comunicacao-para-as-transformacoes-sociais\/\" aria-label=\"Comunicaci\u00f3n para las transformaciones sociales\">\n                            <img decoding=\"async\" width=\"600\" height=\"351\" src=\"https:\/\/fpabramo.org.br\/wp-content\/uploads\/2024\/04\/Comunicacao-para-as-Transformacoes-Sociais.webp\" class=\"attachment-card-large size-card-large wp-post-image\" alt=\"\" srcset=\"https:\/\/fpabramo.org.br\/wp-content\/uploads\/2024\/04\/Comunicacao-para-as-Transformacoes-Sociais.webp 600w, https:\/\/fpabramo.org.br\/wp-content\/uploads\/2024\/04\/Comunicacao-para-as-Transformacoes-Sociais-300x176.webp 300w, https:\/\/fpabramo.org.br\/wp-content\/uploads\/2024\/04\/Comunicacao-para-as-Transformacoes-Sociais-150x88.webp 150w\" sizes=\"(max-width: 600px) 100vw, 600px\" \/>                    <\/a>\n    <\/header>\n\n    <div class=\"post-card__content\">\n                    <div class=\"post-card__category\">\n                                    <a class=\"tag tag--solid tag--category-formacao\"\n                       href=\"https:\/\/fpabramo.org.br\/category\/formacao\/\">\n                        Forma\u00e7\u00e3o                    <\/a>\n                            <\/div>\n        \n        \n        <h3 class=\"post-card__title\">\n            <a href=\"https:\/\/fpabramo.org.br\/es\/curso\/comunicacao-para-as-transformacoes-sociais\/\">Comunicaci\u00f3n para las transformaciones sociales<\/a>\n        <\/h3>\n\n        <div class=\"post-card__meta\">\n\n            \n                            <time class=\"post-card__date\">\n                    publicado                    09\/03\/2026                <\/time>\n            \n        <\/div>\n\n\n                                    <div class=\"post-card__excerpt\">\n                    Las clases tienen como objetivo fomentar una actitud proactiva en la difusi\u00f3n de informaci\u00f3n relevante para el fortalecimiento de la democracia y el desarrollo econ\u00f3mico, con distribuci\u00f3n de ingresos y sostenibilidad ambiental, que son propuestas del gobierno de Lula.                <\/div>\n                    \n                    <div class=\"post-card__meta post-card__meta--pods\">\n\n                <div class=\"post-card__taxonomy post-card__taxonomy--tipo_material\"><a href=\"https:\/\/fpabramo.org.br\/es\/tipo-material\/curso-es\/\" class=\"term-badge term-badge--tipo_material term-badge--tipo_material-curso-es\" style=\"background-color:#5dacf9;border: 1px solid #0060bd;\">Curso<\/a><\/div><div class=\"post-card__taxonomy post-card__taxonomy--modalidade\"><a href=\"https:\/\/fpabramo.org.br\/es\/modalidade\/aprendizaje-a-distancia\/\" class=\"term-badge term-badge--modalidade term-badge--modalidade-aprendizaje-a-distancia\" style=\"\">Aprendizaje a distancia<\/a><\/div>\n\n                <div class=\"post-card__taxonomy post-card__taxonomy--tema\"><a href=\"https:\/\/fpabramo.org.br\/es\/tema\/comunicacion\/\" class=\"post-card__taxonomy-item\">Comunicaci\u00f3n<\/a><\/div>\n            <\/div>\n        \n        \n    <\/div>\n<\/article>\n\n                <\/div>\n                            <div class=\"swiper-slide\">\n                \n<article id=\"post-ID-167357-69f0b4c27fc90\" class=\"post-card post-card--curso  swiper-slide\">\n\n    <header class=\"post-card__image\">\n                            <div class=\"post-card__status-curso\">\n                                                    <span class=\"status-curso-badge status-curso-inscripciones-abiertas\">\n                                Inscripciones abiertas                            <\/span>\n                                            <\/div>\n                         <a href=\"https:\/\/fpabramo.org.br\/es\/curso\/curso-nacional-de-financas-e-planejamento\/\" aria-label=\"Curso Nacional de Finanzas y Planificaci\u00f3n\">\n                            <img decoding=\"async\" width=\"600\" height=\"351\" src=\"https:\/\/fpabramo.org.br\/wp-content\/uploads\/2026\/02\/06-Curso-Nacional-de-Financ\u2560oas-para-Dirigentes-do-PT.webp\" class=\"attachment-card-large size-card-large wp-post-image\" alt=\"\" srcset=\"https:\/\/fpabramo.org.br\/wp-content\/uploads\/2026\/02\/06-Curso-Nacional-de-Financ\u2560oas-para-Dirigentes-do-PT.webp 600w, https:\/\/fpabramo.org.br\/wp-content\/uploads\/2026\/02\/06-Curso-Nacional-de-Financ\u2560oas-para-Dirigentes-do-PT-300x176.webp 300w, https:\/\/fpabramo.org.br\/wp-content\/uploads\/2026\/02\/06-Curso-Nacional-de-Financ\u2560oas-para-Dirigentes-do-PT-150x88.webp 150w\" sizes=\"(max-width: 600px) 100vw, 600px\" \/>                    <\/a>\n    <\/header>\n\n    <div class=\"post-card__content\">\n        \n                        <span class=\"post-card__frase-destaque\">\n                    APRENDA A GERIR OS RECURSOS DO SEU DIRET\u00d3RIO                <\/span>\n            \n        <h3 class=\"post-card__title\">\n            <a href=\"https:\/\/fpabramo.org.br\/es\/curso\/curso-nacional-de-financas-e-planejamento\/\">Curso Nacional de Finanzas y Planificaci\u00f3n<\/a>\n        <\/h3>\n\n        <div class=\"post-card__meta\">\n\n            \n                            <time class=\"post-card__date\">\n                    publicado                    08\/03\/2026                <\/time>\n            \n        <\/div>\n\n\n                                    <div class=\"post-card__excerpt\">\n                    Curso EaD orientado al desarrollo de competencias en gesti\u00f3n financiera partidaria, abordando responsabilidades pol\u00edticas, \u00e9tica en el uso de recursos p\u00fablicos, sistemas de control, regularizaci\u00f3n de cuentas, planificaci\u00f3n financiera y el contexto electoral y coyuntural brasile\u00f1o.                <\/div>\n                    \n                    <div class=\"post-card__meta post-card__meta--pods\">\n\n                <div class=\"post-card__taxonomy post-card__taxonomy--area post-card__taxonomy--capped\"><a href=\"https:\/\/fpabramo.org.br\/es\/area\/escola-do-pt\/\" class=\"term-badge term-badge--area term-badge--area-escola-do-pt\" style=\"background-color:#99488f;color:#ffffff;\">Escola do PT<\/a><a href=\"https:\/\/fpabramo.org.br\/es\/formacao\/\" class=\"term-badge term-badge--area term-badge--area-formacao-fpa\" style=\"background-color:#0060bd;color:#ffffff;\">Forma\u00e7\u00e3o FPA<\/a><\/div><div class=\"post-card__taxonomy post-card__taxonomy--tipo_material\"><a href=\"https:\/\/fpabramo.org.br\/es\/tipo-material\/curso-es\/\" class=\"term-badge term-badge--tipo_material term-badge--tipo_material-curso-es\" style=\"background-color:#5dacf9;border: 1px solid #0060bd;\">Curso<\/a><\/div><div class=\"post-card__taxonomy post-card__taxonomy--modalidade\"><a href=\"https:\/\/fpabramo.org.br\/es\/modalidade\/aprendizaje-a-distancia\/\" class=\"term-badge term-badge--modalidade term-badge--modalidade-aprendizaje-a-distancia\" style=\"\">Aprendizaje a distancia<\/a><\/div>\n\n                \n            <\/div>\n        \n        \n    <\/div>\n<\/article>\n\n                <\/div>\n                            <div class=\"swiper-slide\">\n                \n<article id=\"post-ID-115552-69f0b4c2808d5\" class=\"post-card post-card--curso  swiper-slide\">\n\n    <header class=\"post-card__image\">\n                            <div class=\"post-card__status-curso\">\n                                                    <span class=\"status-curso-badge status-curso-inscripciones-abiertas\">\n                                Inscripciones abiertas                            <\/span>\n                                            <\/div>\n                         <a href=\"https:\/\/fpabramo.org.br\/es\/curso\/desafios-solucoes-desenvolvimento-nacional\/\" aria-label=\"Desaf\u00edos y soluciones para el desarrollo, la reconstrucci\u00f3n y la transformaci\u00f3n nacional\">\n                            <img decoding=\"async\" width=\"600\" height=\"350\" src=\"https:\/\/fpabramo.org.br\/wp-content\/uploads\/2024\/07\/4-BANNER_DESENV_NACIONAL_600x350.png\" class=\"attachment-card-large size-card-large wp-post-image\" alt=\"\" srcset=\"https:\/\/fpabramo.org.br\/wp-content\/uploads\/2024\/07\/4-BANNER_DESENV_NACIONAL_600x350.png 600w, https:\/\/fpabramo.org.br\/wp-content\/uploads\/2024\/07\/4-BANNER_DESENV_NACIONAL_600x350-300x175.png 300w\" sizes=\"(max-width: 600px) 100vw, 600px\" \/>                    <\/a>\n    <\/header>\n\n    <div class=\"post-card__content\">\n                    <div class=\"post-card__category\">\n                                    <a class=\"tag tag--solid tag--category-formacao\"\n                       href=\"https:\/\/fpabramo.org.br\/category\/formacao\/\">\n                        Forma\u00e7\u00e3o                    <\/a>\n                            <\/div>\n        \n        \n        <h3 class=\"post-card__title\">\n            <a href=\"https:\/\/fpabramo.org.br\/es\/curso\/desafios-solucoes-desenvolvimento-nacional\/\">Desaf\u00edos y soluciones para el desarrollo, la reconstrucci\u00f3n y la transformaci\u00f3n nacional<\/a>\n        <\/h3>\n\n        <div class=\"post-card__meta\">\n\n            \n                            <time class=\"post-card__date\">\n                    publicado                    06\/03\/2026                <\/time>\n            \n        <\/div>\n\n\n                                    <div class=\"post-card__excerpt\">\n                    El curso en l\u00ednea abordar\u00e1 los desaf\u00edos actuales para el desarrollo productivo, social y ambiental del pa\u00eds.                <\/div>\n                    \n                    <div class=\"post-card__meta post-card__meta--pods\">\n\n                <div class=\"post-card__taxonomy post-card__taxonomy--tipo_material\"><a href=\"https:\/\/fpabramo.org.br\/es\/tipo-material\/curso-es\/\" class=\"term-badge term-badge--tipo_material term-badge--tipo_material-curso-es\" style=\"background-color:#5dacf9;border: 1px solid #0060bd;\">Curso<\/a><\/div><div class=\"post-card__taxonomy post-card__taxonomy--modalidade\"><a href=\"https:\/\/fpabramo.org.br\/es\/modalidade\/aprendizaje-a-distancia\/\" class=\"term-badge term-badge--modalidade term-badge--modalidade-aprendizaje-a-distancia\" style=\"\">Aprendizaje a distancia<\/a><\/div>\n\n                <div class=\"post-card__taxonomy post-card__taxonomy--tema\"><a href=\"https:\/\/fpabramo.org.br\/es\/tema\/economia\/\" class=\"post-card__taxonomy-item\">Econom\u00eda<\/a><\/div>\n            <\/div>\n        \n        \n    <\/div>\n<\/article>\n\n                <\/div>\n                            <div class=\"swiper-slide\">\n                \n<article id=\"post-ID-115559-69f0b4c2813b0\" class=\"post-card post-card--curso  swiper-slide\">\n\n    <header class=\"post-card__image\">\n                            <div class=\"post-card__status-curso\">\n                                                    <span class=\"status-curso-badge status-curso-inscripciones-abiertas\">\n                                Inscripciones abiertas                            <\/span>\n                                            <\/div>\n                         <a href=\"https:\/\/fpabramo.org.br\/es\/curso\/formacao-politica-para-candidaturas-petistas-2024\/\" aria-label=\"Formaci\u00f3n pol\u00edtica para candidatos del PT 2024\">\n                            <img decoding=\"async\" width=\"600\" height=\"351\" src=\"https:\/\/fpabramo.org.br\/wp-content\/uploads\/2025\/11\/11-Formac\u2560oa\u2560ao-Poli\u2560utica-para-Candidatos-do-PT.webp\" class=\"attachment-card-large size-card-large wp-post-image\" alt=\"\" srcset=\"https:\/\/fpabramo.org.br\/wp-content\/uploads\/2025\/11\/11-Formac\u2560oa\u2560ao-Poli\u2560utica-para-Candidatos-do-PT.webp 600w, https:\/\/fpabramo.org.br\/wp-content\/uploads\/2025\/11\/11-Formac\u2560oa\u2560ao-Poli\u2560utica-para-Candidatos-do-PT-300x176.webp 300w, https:\/\/fpabramo.org.br\/wp-content\/uploads\/2025\/11\/11-Formac\u2560oa\u2560ao-Poli\u2560utica-para-Candidatos-do-PT-150x88.webp 150w\" sizes=\"(max-width: 600px) 100vw, 600px\" \/>                    <\/a>\n    <\/header>\n\n    <div class=\"post-card__content\">\n                    <div class=\"post-card__category\">\n                                    <a class=\"tag tag--solid tag--category-formacao\"\n                       href=\"https:\/\/fpabramo.org.br\/category\/formacao\/\">\n                        Forma\u00e7\u00e3o                    <\/a>\n                            <\/div>\n        \n        \n        <h3 class=\"post-card__title\">\n            <a href=\"https:\/\/fpabramo.org.br\/es\/curso\/formacao-politica-para-candidaturas-petistas-2024\/\">Formaci\u00f3n pol\u00edtica para candidatos del PT 2024<\/a>\n        <\/h3>\n\n        <div class=\"post-card__meta\">\n\n            \n                            <time class=\"post-card__date\">\n                    publicado                    25\/02\/2026                <\/time>\n            \n        <\/div>\n\n\n                            \n                    <div class=\"post-card__meta post-card__meta--pods\">\n\n                <div class=\"post-card__taxonomy post-card__taxonomy--tipo_material\"><a href=\"https:\/\/fpabramo.org.br\/es\/tipo-material\/curso-es\/\" class=\"term-badge term-badge--tipo_material term-badge--tipo_material-curso-es\" style=\"background-color:#5dacf9;border: 1px solid #0060bd;\">Curso<\/a><\/div><div class=\"post-card__taxonomy post-card__taxonomy--modalidade\"><a href=\"https:\/\/fpabramo.org.br\/es\/modalidade\/aprendizaje-a-distancia\/\" class=\"term-badge term-badge--modalidade term-badge--modalidade-aprendizaje-a-distancia\" style=\"\">Aprendizaje a distancia<\/a><\/div>\n\n                <div class=\"post-card__taxonomy post-card__taxonomy--tema\"><a href=\"https:\/\/fpabramo.org.br\/tema\/pt\/\" class=\"post-card__taxonomy-item\">PT<\/a><\/div>\n            <\/div>\n        \n        \n    <\/div>\n<\/article>\n\n                <\/div>\n                            <div class=\"swiper-slide\">\n                \n<article id=\"post-ID-136922-69f0b4c281e87\" class=\"post-card post-card--curso  swiper-slide\">\n\n    <header class=\"post-card__image\">\n                            <div class=\"post-card__status-curso\">\n                                                    <span class=\"status-curso-badge status-curso-inscripciones-abiertas\">\n                                Inscripciones abiertas                            <\/span>\n                                            <\/div>\n                         <a href=\"https:\/\/fpabramo.org.br\/es\/curso\/modo-petista-de-acao-parlamentar-construindo-a-luta\/\" aria-label=\"Modo Petista de A\u00e7\u00e3o Parlamentar: Construindo a Luta\">\n                            <img decoding=\"async\" width=\"600\" height=\"351\" src=\"https:\/\/fpabramo.org.br\/wp-content\/uploads\/2026\/02\/10-Modo-petista-acao-parlamentar.webp\" class=\"attachment-card-large size-card-large wp-post-image\" alt=\"\" srcset=\"https:\/\/fpabramo.org.br\/wp-content\/uploads\/2026\/02\/10-Modo-petista-acao-parlamentar.webp 600w, https:\/\/fpabramo.org.br\/wp-content\/uploads\/2026\/02\/10-Modo-petista-acao-parlamentar-300x176.webp 300w, https:\/\/fpabramo.org.br\/wp-content\/uploads\/2026\/02\/10-Modo-petista-acao-parlamentar-150x88.webp 150w\" sizes=\"(max-width: 600px) 100vw, 600px\" \/>                    <\/a>\n    <\/header>\n\n    <div class=\"post-card__content\">\n        \n                        <span class=\"post-card__frase-destaque\">\n                    APRENDA COM NOSSAS LIDERAN\u00c7AS                <\/span>\n            \n        <h3 class=\"post-card__title\">\n            <a href=\"https:\/\/fpabramo.org.br\/es\/curso\/modo-petista-de-acao-parlamentar-construindo-a-luta\/\">Modo Petista de A\u00e7\u00e3o Parlamentar: Construindo a Luta<\/a>\n        <\/h3>\n\n        <div class=\"post-card__meta\">\n\n            \n                            <time class=\"post-card__date\">\n                    publicado                    20\/02\/2026                <\/time>\n            \n        <\/div>\n\n\n                                    <div class=\"post-card__excerpt\">\n                    Curso de forma\u00e7\u00e3o continuada para vereadores e assessorias do PT, com foco no exerc\u00edcio do mandato parlamentar municipal. Parte da escuta dos eleitos, aborda a realidade das pequenas cidades, qualifica a atua\u00e7\u00e3o legislativa e fortalece a disputa pol\u00edtica frente \u00e0 direita.                <\/div>\n                    \n                    <div class=\"post-card__meta post-card__meta--pods\">\n\n                <div class=\"post-card__taxonomy post-card__taxonomy--tipo_material\"><a href=\"https:\/\/fpabramo.org.br\/es\/tipo-material\/curso-es\/\" class=\"term-badge term-badge--tipo_material term-badge--tipo_material-curso-es\" style=\"background-color:#5dacf9;border: 1px solid #0060bd;\">Curso<\/a><\/div><div class=\"post-card__taxonomy post-card__taxonomy--modalidade\"><a href=\"https:\/\/fpabramo.org.br\/es\/modalidade\/aprendizaje-a-distancia\/\" class=\"term-badge term-badge--modalidade term-badge--modalidade-aprendizaje-a-distancia\" style=\"\">Aprendizaje a distancia<\/a><\/div>\n\n                <div class=\"post-card__taxonomy post-card__taxonomy--tema\"><a href=\"https:\/\/fpabramo.org.br\/es\/tema\/politica\/\" class=\"post-card__taxonomy-item\">Pol\u00edtica<\/a><\/div>\n            <\/div>\n        \n        \n    <\/div>\n<\/article>\n\n                <\/div>\n                            <div class=\"swiper-slide\">\n                \n<article id=\"post-ID-115386-69f0b4c2828be\" class=\"post-card post-card--curso  swiper-slide\">\n\n    <header class=\"post-card__image\">\n                            <div class=\"post-card__status-curso\">\n                                                    <span class=\"status-curso-badge status-curso-inscripciones-abiertas\">\n                                Inscripciones abiertas                            <\/span>\n                                            <\/div>\n                         <a href=\"https:\/\/fpabramo.org.br\/es\/curso\/outra-economia-estrategias-de-mobilizacao-e-engajamento\/\" aria-label=\"Otra econom\u00eda: estrategias de movilizaci\u00f3n y participaci\u00f3n\">\n                            <img decoding=\"async\" width=\"600\" height=\"351\" src=\"https:\/\/fpabramo.org.br\/wp-content\/uploads\/2025\/09\/banner-Outra-Economia-Economia-Solidaria.webp\" class=\"attachment-card-large size-card-large wp-post-image\" alt=\"\" srcset=\"https:\/\/fpabramo.org.br\/wp-content\/uploads\/2025\/09\/banner-Outra-Economia-Economia-Solidaria.webp 600w, https:\/\/fpabramo.org.br\/wp-content\/uploads\/2025\/09\/banner-Outra-Economia-Economia-Solidaria-300x176.webp 300w, https:\/\/fpabramo.org.br\/wp-content\/uploads\/2025\/09\/banner-Outra-Economia-Economia-Solidaria-150x88.webp 150w\" sizes=\"(max-width: 600px) 100vw, 600px\" \/>                    <\/a>\n    <\/header>\n\n    <div class=\"post-card__content\">\n                    <div class=\"post-card__category\">\n                                    <a class=\"tag tag--solid tag--category-capacitacion\"\n                       href=\"https:\/\/fpabramo.org.br\/es\/category\/capacitacion\/\">\n                        Capacitaci\u00f3n                    <\/a>\n                            <\/div>\n        \n        \n        <h3 class=\"post-card__title\">\n            <a href=\"https:\/\/fpabramo.org.br\/es\/curso\/outra-economia-estrategias-de-mobilizacao-e-engajamento\/\">Otra econom\u00eda: estrategias de movilizaci\u00f3n y participaci\u00f3n<\/a>\n        <\/h3>\n\n        <div class=\"post-card__meta\">\n\n            \n                            <time class=\"post-card__date\">\n                    publicado                    19\/02\/2026                <\/time>\n            \n        <\/div>\n\n\n                            \n                    <div class=\"post-card__meta post-card__meta--pods\">\n\n                <div class=\"post-card__taxonomy post-card__taxonomy--tipo_material\"><a href=\"https:\/\/fpabramo.org.br\/es\/tipo-material\/curso-es\/\" class=\"term-badge term-badge--tipo_material term-badge--tipo_material-curso-es\" style=\"background-color:#5dacf9;border: 1px solid #0060bd;\">Curso<\/a><\/div><div class=\"post-card__taxonomy post-card__taxonomy--modalidade\"><a href=\"https:\/\/fpabramo.org.br\/es\/modalidade\/hibrido\/\" class=\"term-badge term-badge--modalidade term-badge--modalidade-hibrido\" style=\"\">H\u00edbrido<\/a><\/div>\n\n                <div class=\"post-card__taxonomy post-card__taxonomy--tema\"><a href=\"https:\/\/fpabramo.org.br\/es\/tema\/economia\/\" class=\"post-card__taxonomy-item\">Econom\u00eda<\/a><\/div>\n            <\/div>\n        \n        \n    <\/div>\n<\/article>\n\n                <\/div>\n                            <div class=\"swiper-slide\">\n                \n<article id=\"post-ID-115544-69f0b4c2835d5\" class=\"post-card post-card--curso  swiper-slide\">\n\n    <header class=\"post-card__image\">\n                            <div class=\"post-card__status-curso\">\n                                                    <span class=\"status-curso-badge status-curso-inscripciones-abiertas\">\n                                Inscripciones abiertas                            <\/span>\n                                            <\/div>\n                         <a href=\"https:\/\/fpabramo.org.br\/es\/curso\/revisitando-a-historia-do-brasil-debates-e-embates\/\" aria-label=\"Revisando la historia de Brasil: debates y enfrentamientos\">\n                            <img decoding=\"async\" width=\"600\" height=\"351\" src=\"https:\/\/fpabramo.org.br\/wp-content\/uploads\/2025\/04\/banner-revisitando-historia-brasil.webp\" class=\"attachment-card-large size-card-large wp-post-image\" alt=\"\" srcset=\"https:\/\/fpabramo.org.br\/wp-content\/uploads\/2025\/04\/banner-revisitando-historia-brasil.webp 600w, https:\/\/fpabramo.org.br\/wp-content\/uploads\/2025\/04\/banner-revisitando-historia-brasil-300x176.webp 300w, https:\/\/fpabramo.org.br\/wp-content\/uploads\/2025\/04\/banner-revisitando-historia-brasil-150x88.webp 150w\" sizes=\"(max-width: 600px) 100vw, 600px\" \/>                    <\/a>\n    <\/header>\n\n    <div class=\"post-card__content\">\n                    <div class=\"post-card__category\">\n                                    <a class=\"tag tag--solid tag--category-capacitacion\"\n                       href=\"https:\/\/fpabramo.org.br\/es\/category\/capacitacion\/\">\n                        Capacitaci\u00f3n                    <\/a>\n                            <\/div>\n        \n        \n        <h3 class=\"post-card__title\">\n            <a href=\"https:\/\/fpabramo.org.br\/es\/curso\/revisitando-a-historia-do-brasil-debates-e-embates\/\">Revisando la historia de Brasil: debates y enfrentamientos<\/a>\n        <\/h3>\n\n        <div class=\"post-card__meta\">\n\n            \n                            <time class=\"post-card__date\">\n                    publicado                    18\/02\/2026                <\/time>\n            \n        <\/div>\n\n\n                            \n                    <div class=\"post-card__meta post-card__meta--pods\">\n\n                <div class=\"post-card__taxonomy post-card__taxonomy--tipo_material\"><a href=\"https:\/\/fpabramo.org.br\/es\/tipo-material\/curso-es\/\" class=\"term-badge term-badge--tipo_material term-badge--tipo_material-curso-es\" style=\"background-color:#5dacf9;border: 1px solid #0060bd;\">Curso<\/a><\/div><div class=\"post-card__taxonomy post-card__taxonomy--modalidade\"><a href=\"https:\/\/fpabramo.org.br\/es\/modalidade\/aprendizaje-a-distancia\/\" class=\"term-badge term-badge--modalidade term-badge--modalidade-aprendizaje-a-distancia\" style=\"\">Aprendizaje a distancia<\/a><\/div>\n\n                \n            <\/div>\n        \n        \n    <\/div>\n<\/article>\n\n                <\/div>\n                        <\/div>\n            <div class=\"swiper-pagination\"><\/div>\n                            <div class=\"swiper-button-prev\">\n                    \n    <svg width=\"40\" height=\"40\" version=\"1.1\" viewBox=\"0 0 40 40\" xmlns=\"http:\/\/www.w3.org\/2000\/svg\">\n        <circle cx=\"20\" cy=\"20\" r=\"20\" fill=\"#fff\"\/>\n        <path d=\"m18.8 20 4.6-4.6-1.4-1.4-6 6 6 6 1.4-1.4z\" fill=\"#1c1b1f\"\/>\n    <\/svg>\n                    <\/div>\n                <div class=\"swiper-button-next\">\n                    \n    <svg width=\"40\" height=\"40\" version=\"1.1\" viewBox=\"0 0 40 40\" xmlns=\"http:\/\/www.w3.org\/2000\/svg\">\n        <circle cx=\"20\" cy=\"20\" r=\"20\" fill=\"#fff\"\/>\n        <path d=\"m20.6 20-4.6-4.6 1.4-1.4 6 6-6 6-1.4-1.4z\" fill=\"#1c1b1f\"\/>\n    <\/svg>\n                    <\/div>\n                    <\/section>\n    <\/div>\n\n    \n\n\n<div class=\"wp-block-group is-layout-constrained wp-block-group-is-layout-constrained\">\n<div class=\"wp-block-group link-listings link-listings-mobile is-content-justification-right is-nowrap is-layout-flex wp-container-core-group-is-layout-82baacbd wp-block-group-is-layout-flex\">\n<p class=\"has-text-align-left has-tertiary-dark-color has-text-color has-link-color has-x-small-font-size wp-elements-88e7c81e6c8f4ca663c17837ff959330\" style=\"letter-spacing:1.9px;text-transform:uppercase\"><a href=\"\/es\/curso\">Todos os cursos<\/a><\/p>\n\n\n\n<figure class=\"wp-block-image size-full\"><a href=\"\/es\/curso\"><img decoding=\"async\" src=\"https:\/\/fpabramo.org.br\/wp-content\/uploads\/2025\/10\/east.png\" alt=\"\" class=\"wp-image-228\"\/><\/a><\/figure>\n<\/div>\n<\/div>\n<\/div>\n\n\n\n<div class=\"wp-block-group alignfull banner-escola-nacional has-secondary-pure-background-color has-background is-layout-constrained wp-block-group-is-layout-constrained\">\n<div class=\"wp-block-columns alignwide are-vertically-aligned-center has-background is-layout-flex wp-container-core-columns-is-layout-28f84493 wp-block-columns-is-layout-flex\" style=\"border-radius:16px;background-color:#e5e5e5\">\n<div class=\"wp-block-column is-vertically-aligned-center is-layout-flow wp-block-column-is-layout-flow\" style=\"flex-basis:45%\">\n<h3 class=\"wp-block-heading\"><mark style=\"background-color:rgba(0, 0, 0, 0)\" class=\"has-inline-color has-low-pure-color\">La Formaci\u00f3n FPA tiene una asociaci\u00f3n con la<\/mark> <mark style=\"background-color:rgba(0, 0, 0, 0)\" class=\"has-inline-color has-primary-dark-color\">Escuela Nacional de Formaci\u00f3n PT<\/mark><\/h3>\n<\/div>\n\n\n\n<div class=\"wp-block-column is-vertically-aligned-center is-layout-flow wp-block-column-is-layout-flow\" style=\"flex-basis:20%\">\n<figure class=\"wp-block-image aligncenter size-full\"><img decoding=\"async\" width=\"160\" height=\"85\" src=\"https:\/\/fpabramo.org.br\/wp-content\/uploads\/2026\/01\/image-28.webp\" alt=\"\" class=\"wp-image-90234\" srcset=\"https:\/\/fpabramo.org.br\/wp-content\/uploads\/2026\/01\/image-28.webp 160w, https:\/\/fpabramo.org.br\/wp-content\/uploads\/2026\/01\/image-28-150x80.webp 150w\" sizes=\"(max-width: 160px) 100vw, 160px\" \/><\/figure>\n<\/div>\n\n\n\n<div class=\"wp-block-column is-vertically-aligned-center is-layout-flow wp-block-column-is-layout-flow\" style=\"flex-basis:35%\">\n<p class=\"has-text-align-right has-low-pure-color has-text-color has-link-color wp-elements-fc5e4e707e5ae011d207106af09c95c4\">Aqu\u00ed encontrar\u00e1s cursos de ambas instituciones, para que puedas elegir el que mejor se alinee con tus agendas, prioridades y activismo.<\/p>\n<\/div>\n<\/div>\n<\/div>\n\n\n\n<div class=\"wp-block-group alignwide training-material has-secondary-pure-background-color has-background is-layout-constrained wp-block-group-is-layout-constrained\">\n<div class=\"wp-block-group alignwide is-nowrap is-layout-flex wp-container-core-group-is-layout-fc054d2d wp-block-group-is-layout-flex\">\n<figure class=\"wp-block-image size-full\"><img decoding=\"async\" width=\"40\" height=\"40\" src=\"https:\/\/fpabramo.org.br\/wp-content\/uploads\/2026\/01\/ink_pen-2.webp\" alt=\"\" class=\"wp-image-90236\"\/><\/figure>\n\n\n\n<h2 class=\"wp-block-heading has-x-large-font-size\" style=\"font-style:normal;font-weight:700\">Otros materiales de formaci\u00f3n<\/h2>\n<\/div>\n\n\n\n    <div class=\"hacklabr-posts-grid-block alignwide -gap-medium hacklabr-posts-grid-block--desktop-only\" style=\"--grid-columns: 3\">\n        \n<article id=\"post-ID-135494-69f0b4c286576\" class=\"post-card post-card--material  swiper-slide\">\n\n    <header class=\"post-card__image\">\n                 <a href=\"https:\/\/fpabramo.org.br\/es\/material\/realidade-brasileira-fpa-nova-industria\/\" aria-label=\"Realidade Brasileira FPA Nova Ind\u00fastria\">\n                            <img decoding=\"async\" width=\"1810\" height=\"2560\" src=\"https:\/\/fpabramo.org.br\/wp-content\/uploads\/2026\/02\/CAPA-Realidade-Brasileira-FPA-Nova-Industria-1-scaled.webp\" class=\"attachment-card-large size-card-large wp-post-image\" alt=\"\" srcset=\"https:\/\/fpabramo.org.br\/wp-content\/uploads\/2026\/02\/CAPA-Realidade-Brasileira-FPA-Nova-Industria-1-scaled.webp 1810w, https:\/\/fpabramo.org.br\/wp-content\/uploads\/2026\/02\/CAPA-Realidade-Brasileira-FPA-Nova-Industria-1-212x300.webp 212w, https:\/\/fpabramo.org.br\/wp-content\/uploads\/2026\/02\/CAPA-Realidade-Brasileira-FPA-Nova-Industria-1-724x1024.webp 724w, https:\/\/fpabramo.org.br\/wp-content\/uploads\/2026\/02\/CAPA-Realidade-Brasileira-FPA-Nova-Industria-1-106x150.webp 106w, https:\/\/fpabramo.org.br\/wp-content\/uploads\/2026\/02\/CAPA-Realidade-Brasileira-FPA-Nova-Industria-1-768x1086.webp 768w, https:\/\/fpabramo.org.br\/wp-content\/uploads\/2026\/02\/CAPA-Realidade-Brasileira-FPA-Nova-Industria-1-1086x1536.webp 1086w, https:\/\/fpabramo.org.br\/wp-content\/uploads\/2026\/02\/CAPA-Realidade-Brasileira-FPA-Nova-Industria-1-1448x2048.webp 1448w\" sizes=\"(max-width: 1810px) 100vw, 1810px\" \/>                    <\/a>\n    <\/header>\n\n    <div class=\"post-card__content\">\n                    <div class=\"post-card__category\">\n                                    <a class=\"tag tag--solid tag--category-capacitacion\"\n                       href=\"https:\/\/fpabramo.org.br\/es\/category\/capacitacion\/\">\n                        Capacitaci\u00f3n                    <\/a>\n                            <\/div>\n        \n        \n        <h3 class=\"post-card__title\">\n            <a href=\"https:\/\/fpabramo.org.br\/es\/material\/realidade-brasileira-fpa-nova-industria\/\">Realidade Brasileira FPA Nova Ind\u00fastria<\/a>\n        <\/h3>\n\n        <div class=\"post-card__meta\">\n\n            \n            \n        <\/div>\n\n\n        \n                    <div class=\"post-card__meta post-card__meta--pods\">\n\n                <div class=\"post-card__taxonomy post-card__taxonomy--area post-card__taxonomy--capped\"><a href=\"https:\/\/fpabramo.org.br\/es\/formacao\/\" class=\"term-badge term-badge--area term-badge--area-formacao-fpa\" style=\"background-color:#0060bd;color:#ffffff;\">Forma\u00e7\u00e3o FPA<\/a><\/div><div class=\"post-card__taxonomy post-card__taxonomy--projeto post-card__taxonomy--capped\"><a href=\"https:\/\/fpabramo.org.br\/es\/projeto\/cuadernos-de-entrenamiento\/\" class=\"term-badge term-badge--projeto term-badge--projeto-cuadernos-de-entrenamiento\" style=\"background-color:#fbea93;color:#111111;\">Cuadernos de entrenamiento<\/a><\/div><div class=\"post-card__taxonomy post-card__taxonomy--tipo_material\"><a href=\"https:\/\/fpabramo.org.br\/es\/tipo-material\/cuaderno\/\" class=\"term-badge term-badge--tipo_material term-badge--tipo_material-cuaderno\" style=\"background-color:#ea9010;border: 1px solid #964b03;\">Cuaderno<\/a><\/div><div class=\"post-card__taxonomy post-card__taxonomy--formato\"><a href=\"https:\/\/fpabramo.org.br\/es\/formato\/pdf\/\" class=\"term-badge term-badge--formato term-badge--formato-pdf\" style=\"\">PDF<\/a><\/div>\n\n                \n            <\/div>\n        \n        \n    <\/div>\n<\/article>\n\n\n<article id=\"post-ID-135482-69f0b4c287603\" class=\"post-card post-card--material  swiper-slide\">\n\n    <header class=\"post-card__image\">\n                 <a href=\"https:\/\/fpabramo.org.br\/es\/material\/realidad-brasilena-fpa-educacion\/\" aria-label=\"Realidad brasile\u00f1a FPA Educaci\u00f3n\">\n                            <img decoding=\"async\" width=\"1810\" height=\"2560\" src=\"https:\/\/fpabramo.org.br\/wp-content\/uploads\/2026\/02\/CAPA-Realidade-Brasileira-FPA-Educacao-1-scaled.webp\" class=\"attachment-card-large size-card-large wp-post-image\" alt=\"\" srcset=\"https:\/\/fpabramo.org.br\/wp-content\/uploads\/2026\/02\/CAPA-Realidade-Brasileira-FPA-Educacao-1-scaled.webp 1810w, https:\/\/fpabramo.org.br\/wp-content\/uploads\/2026\/02\/CAPA-Realidade-Brasileira-FPA-Educacao-1-212x300.webp 212w, https:\/\/fpabramo.org.br\/wp-content\/uploads\/2026\/02\/CAPA-Realidade-Brasileira-FPA-Educacao-1-724x1024.webp 724w, https:\/\/fpabramo.org.br\/wp-content\/uploads\/2026\/02\/CAPA-Realidade-Brasileira-FPA-Educacao-1-106x150.webp 106w, https:\/\/fpabramo.org.br\/wp-content\/uploads\/2026\/02\/CAPA-Realidade-Brasileira-FPA-Educacao-1-768x1086.webp 768w, https:\/\/fpabramo.org.br\/wp-content\/uploads\/2026\/02\/CAPA-Realidade-Brasileira-FPA-Educacao-1-1086x1536.webp 1086w, https:\/\/fpabramo.org.br\/wp-content\/uploads\/2026\/02\/CAPA-Realidade-Brasileira-FPA-Educacao-1-1448x2048.webp 1448w\" sizes=\"(max-width: 1810px) 100vw, 1810px\" \/>                    <\/a>\n    <\/header>\n\n    <div class=\"post-card__content\">\n                    <div class=\"post-card__category\">\n                                    <a class=\"tag tag--solid tag--category-capacitacion\"\n                       href=\"https:\/\/fpabramo.org.br\/es\/category\/capacitacion\/\">\n                        Capacitaci\u00f3n                    <\/a>\n                            <\/div>\n        \n        \n        <h3 class=\"post-card__title\">\n            <a href=\"https:\/\/fpabramo.org.br\/es\/material\/realidad-brasilena-fpa-educacion\/\">Realidad brasile\u00f1a FPA Educaci\u00f3n<\/a>\n        <\/h3>\n\n        <div class=\"post-card__meta\">\n\n            \n            \n        <\/div>\n\n\n        \n                    <div class=\"post-card__meta post-card__meta--pods\">\n\n                <div class=\"post-card__taxonomy post-card__taxonomy--area post-card__taxonomy--capped\"><a href=\"https:\/\/fpabramo.org.br\/es\/formacao\/\" class=\"term-badge term-badge--area term-badge--area-formacao-fpa\" style=\"background-color:#0060bd;color:#ffffff;\">Forma\u00e7\u00e3o FPA<\/a><\/div><div class=\"post-card__taxonomy post-card__taxonomy--projeto post-card__taxonomy--capped\"><a href=\"https:\/\/fpabramo.org.br\/es\/projeto\/cuadernos-de-entrenamiento\/\" class=\"term-badge term-badge--projeto term-badge--projeto-cuadernos-de-entrenamiento\" style=\"background-color:#fbea93;color:#111111;\">Cuadernos de entrenamiento<\/a><\/div><div class=\"post-card__taxonomy post-card__taxonomy--tipo_material\"><a href=\"https:\/\/fpabramo.org.br\/es\/tipo-material\/cartilha-es\/\" class=\"term-badge term-badge--tipo_material term-badge--tipo_material-cartilha-es\" style=\"background-color:#bfdefd;border: 1px solid #0060bd;\">Cartilha<\/a><a href=\"https:\/\/fpabramo.org.br\/es\/tipo-material\/cuaderno\/\" class=\"term-badge term-badge--tipo_material term-badge--tipo_material-cuaderno\" style=\"background-color:#ea9010;border: 1px solid #964b03;\">Cuaderno<\/a><\/div><div class=\"post-card__taxonomy post-card__taxonomy--formato\"><a href=\"https:\/\/fpabramo.org.br\/es\/formato\/pdf\/\" class=\"term-badge term-badge--formato term-badge--formato-pdf\" style=\"\">PDF<\/a><\/div>\n\n                \n            <\/div>\n        \n        \n    <\/div>\n<\/article>\n\n\n<article id=\"post-ID-135472-69f0b4c288099\" class=\"post-card post-card--material  swiper-slide\">\n\n    <header class=\"post-card__image\">\n                 <a href=\"https:\/\/fpabramo.org.br\/es\/material\/realidad-brasilena-fpa-personas-lgbtqia\/\" aria-label=\"Realidad brasile\u00f1a FPA Personas LGBTQIA+\">\n                            <img decoding=\"async\" width=\"1810\" height=\"2560\" src=\"https:\/\/fpabramo.org.br\/wp-content\/uploads\/2026\/02\/CAPA-Realidade-Brasileira-FPA-Pessoas-LGBTQIA-1-scaled.webp\" class=\"attachment-card-large size-card-large wp-post-image\" alt=\"\" srcset=\"https:\/\/fpabramo.org.br\/wp-content\/uploads\/2026\/02\/CAPA-Realidade-Brasileira-FPA-Pessoas-LGBTQIA-1-scaled.webp 1810w, https:\/\/fpabramo.org.br\/wp-content\/uploads\/2026\/02\/CAPA-Realidade-Brasileira-FPA-Pessoas-LGBTQIA-1-212x300.webp 212w, https:\/\/fpabramo.org.br\/wp-content\/uploads\/2026\/02\/CAPA-Realidade-Brasileira-FPA-Pessoas-LGBTQIA-1-724x1024.webp 724w, https:\/\/fpabramo.org.br\/wp-content\/uploads\/2026\/02\/CAPA-Realidade-Brasileira-FPA-Pessoas-LGBTQIA-1-106x150.webp 106w, https:\/\/fpabramo.org.br\/wp-content\/uploads\/2026\/02\/CAPA-Realidade-Brasileira-FPA-Pessoas-LGBTQIA-1-768x1086.webp 768w, https:\/\/fpabramo.org.br\/wp-content\/uploads\/2026\/02\/CAPA-Realidade-Brasileira-FPA-Pessoas-LGBTQIA-1-1086x1536.webp 1086w, https:\/\/fpabramo.org.br\/wp-content\/uploads\/2026\/02\/CAPA-Realidade-Brasileira-FPA-Pessoas-LGBTQIA-1-1448x2048.webp 1448w\" sizes=\"(max-width: 1810px) 100vw, 1810px\" \/>                    <\/a>\n    <\/header>\n\n    <div class=\"post-card__content\">\n                    <div class=\"post-card__category\">\n                                    <a class=\"tag tag--solid tag--category-capacitacion\"\n                       href=\"https:\/\/fpabramo.org.br\/es\/category\/capacitacion\/\">\n                        Capacitaci\u00f3n                    <\/a>\n                            <\/div>\n        \n        \n        <h3 class=\"post-card__title\">\n            <a href=\"https:\/\/fpabramo.org.br\/es\/material\/realidad-brasilena-fpa-personas-lgbtqia\/\">Realidad brasile\u00f1a FPA Personas LGBTQIA+<\/a>\n        <\/h3>\n\n        <div class=\"post-card__meta\">\n\n            \n            \n        <\/div>\n\n\n        \n                    <div class=\"post-card__meta post-card__meta--pods\">\n\n                <div class=\"post-card__taxonomy post-card__taxonomy--area post-card__taxonomy--capped\"><a href=\"https:\/\/fpabramo.org.br\/es\/formacao\/\" class=\"term-badge term-badge--area term-badge--area-formacao-fpa\" style=\"background-color:#0060bd;color:#ffffff;\">Forma\u00e7\u00e3o FPA<\/a><\/div><div class=\"post-card__taxonomy post-card__taxonomy--projeto post-card__taxonomy--capped\"><a href=\"https:\/\/fpabramo.org.br\/es\/projeto\/cuadernos-de-entrenamiento\/\" class=\"term-badge term-badge--projeto term-badge--projeto-cuadernos-de-entrenamiento\" style=\"background-color:#fbea93;color:#111111;\">Cuadernos de entrenamiento<\/a><\/div><div class=\"post-card__taxonomy post-card__taxonomy--tipo_material\"><a href=\"https:\/\/fpabramo.org.br\/es\/tipo-material\/cartilha-es\/\" class=\"term-badge term-badge--tipo_material term-badge--tipo_material-cartilha-es\" style=\"background-color:#bfdefd;border: 1px solid #0060bd;\">Cartilha<\/a><a href=\"https:\/\/fpabramo.org.br\/es\/tipo-material\/cuaderno\/\" class=\"term-badge term-badge--tipo_material term-badge--tipo_material-cuaderno\" style=\"background-color:#ea9010;border: 1px solid #964b03;\">Cuaderno<\/a><\/div><div class=\"post-card__taxonomy post-card__taxonomy--formato\"><a href=\"https:\/\/fpabramo.org.br\/es\/formato\/pdf\/\" class=\"term-badge term-badge--formato term-badge--formato-pdf\" style=\"\">PDF<\/a><\/div>\n\n                \n            <\/div>\n        \n        \n    <\/div>\n<\/article>\n\n\n<article id=\"post-ID-135409-69f0b4c2888d8\" class=\"post-card post-card--material  swiper-slide\">\n\n    <header class=\"post-card__image\">\n                 <a href=\"https:\/\/fpabramo.org.br\/es\/material\/realidad-brasilena-fpa-personas-mayores\/\" aria-label=\"Realidad brasile\u00f1a FPA Personas mayores\">\n                            <img decoding=\"async\" width=\"1810\" height=\"2560\" src=\"https:\/\/fpabramo.org.br\/wp-content\/uploads\/2026\/02\/CAPA-Caderno-Realidade-FPA-Pessoas-Idosas-scaled.webp\" class=\"attachment-card-large size-card-large wp-post-image\" alt=\"\" srcset=\"https:\/\/fpabramo.org.br\/wp-content\/uploads\/2026\/02\/CAPA-Caderno-Realidade-FPA-Pessoas-Idosas-scaled.webp 1810w, https:\/\/fpabramo.org.br\/wp-content\/uploads\/2026\/02\/CAPA-Caderno-Realidade-FPA-Pessoas-Idosas-212x300.webp 212w, https:\/\/fpabramo.org.br\/wp-content\/uploads\/2026\/02\/CAPA-Caderno-Realidade-FPA-Pessoas-Idosas-724x1024.webp 724w, https:\/\/fpabramo.org.br\/wp-content\/uploads\/2026\/02\/CAPA-Caderno-Realidade-FPA-Pessoas-Idosas-106x150.webp 106w, https:\/\/fpabramo.org.br\/wp-content\/uploads\/2026\/02\/CAPA-Caderno-Realidade-FPA-Pessoas-Idosas-768x1086.webp 768w, https:\/\/fpabramo.org.br\/wp-content\/uploads\/2026\/02\/CAPA-Caderno-Realidade-FPA-Pessoas-Idosas-1086x1536.webp 1086w, https:\/\/fpabramo.org.br\/wp-content\/uploads\/2026\/02\/CAPA-Caderno-Realidade-FPA-Pessoas-Idosas-1448x2048.webp 1448w\" sizes=\"(max-width: 1810px) 100vw, 1810px\" \/>                    <\/a>\n    <\/header>\n\n    <div class=\"post-card__content\">\n                    <div class=\"post-card__category\">\n                                    <a class=\"tag tag--solid tag--category-capacitacion\"\n                       href=\"https:\/\/fpabramo.org.br\/es\/category\/capacitacion\/\">\n                        Capacitaci\u00f3n                    <\/a>\n                            <\/div>\n        \n        \n        <h3 class=\"post-card__title\">\n            <a href=\"https:\/\/fpabramo.org.br\/es\/material\/realidad-brasilena-fpa-personas-mayores\/\">Realidad brasile\u00f1a FPA Personas mayores<\/a>\n        <\/h3>\n\n        <div class=\"post-card__meta\">\n\n            \n            \n        <\/div>\n\n\n        \n                    <div class=\"post-card__meta post-card__meta--pods\">\n\n                <div class=\"post-card__taxonomy post-card__taxonomy--area post-card__taxonomy--capped\"><a href=\"https:\/\/fpabramo.org.br\/es\/formacao\/\" class=\"term-badge term-badge--area term-badge--area-formacao-fpa\" style=\"background-color:#0060bd;color:#ffffff;\">Forma\u00e7\u00e3o FPA<\/a><\/div><div class=\"post-card__taxonomy post-card__taxonomy--projeto post-card__taxonomy--capped\"><a href=\"https:\/\/fpabramo.org.br\/es\/projeto\/cuadernos-de-entrenamiento\/\" class=\"term-badge term-badge--projeto term-badge--projeto-cuadernos-de-entrenamiento\" style=\"background-color:#fbea93;color:#111111;\">Cuadernos de entrenamiento<\/a><\/div><div class=\"post-card__taxonomy post-card__taxonomy--tipo_material\"><a href=\"https:\/\/fpabramo.org.br\/es\/tipo-material\/cartilha-es\/\" class=\"term-badge term-badge--tipo_material term-badge--tipo_material-cartilha-es\" style=\"background-color:#bfdefd;border: 1px solid #0060bd;\">Cartilha<\/a><a href=\"https:\/\/fpabramo.org.br\/es\/tipo-material\/cuaderno\/\" class=\"term-badge term-badge--tipo_material term-badge--tipo_material-cuaderno\" style=\"background-color:#ea9010;border: 1px solid #964b03;\">Cuaderno<\/a><\/div><div class=\"post-card__taxonomy post-card__taxonomy--formato\"><a href=\"https:\/\/fpabramo.org.br\/es\/formato\/pdf\/\" class=\"term-badge term-badge--formato term-badge--formato-pdf\" style=\"\">PDF<\/a><\/div>\n\n                \n            <\/div>\n        \n        \n    <\/div>\n<\/article>\n\n\n<article id=\"post-ID-135508-69f0b4c289107\" class=\"post-card post-card--material  swiper-slide\">\n\n    <header class=\"post-card__image\">\n                 <a href=\"https:\/\/fpabramo.org.br\/es\/material\/guia-del-lider-del-pt\/\" aria-label=\"Gu\u00eda del l\u00edder del PT\">\n                            <img decoding=\"async\" width=\"1748\" height=\"2480\" src=\"https:\/\/fpabramo.org.br\/wp-content\/uploads\/2026\/02\/CAPA-cartilha-dirigentes-pt-A5-final-1.webp\" class=\"attachment-card-large size-card-large wp-post-image\" alt=\"\" srcset=\"https:\/\/fpabramo.org.br\/wp-content\/uploads\/2026\/02\/CAPA-cartilha-dirigentes-pt-A5-final-1.webp 1748w, https:\/\/fpabramo.org.br\/wp-content\/uploads\/2026\/02\/CAPA-cartilha-dirigentes-pt-A5-final-1-211x300.webp 211w, https:\/\/fpabramo.org.br\/wp-content\/uploads\/2026\/02\/CAPA-cartilha-dirigentes-pt-A5-final-1-722x1024.webp 722w, https:\/\/fpabramo.org.br\/wp-content\/uploads\/2026\/02\/CAPA-cartilha-dirigentes-pt-A5-final-1-106x150.webp 106w, https:\/\/fpabramo.org.br\/wp-content\/uploads\/2026\/02\/CAPA-cartilha-dirigentes-pt-A5-final-1-768x1090.webp 768w, https:\/\/fpabramo.org.br\/wp-content\/uploads\/2026\/02\/CAPA-cartilha-dirigentes-pt-A5-final-1-1083x1536.webp 1083w, https:\/\/fpabramo.org.br\/wp-content\/uploads\/2026\/02\/CAPA-cartilha-dirigentes-pt-A5-final-1-1444x2048.webp 1444w\" sizes=\"(max-width: 1748px) 100vw, 1748px\" \/>                    <\/a>\n    <\/header>\n\n    <div class=\"post-card__content\">\n                    <div class=\"post-card__category\">\n                                    <a class=\"tag tag--solid tag--category-capacitacion\"\n                       href=\"https:\/\/fpabramo.org.br\/es\/category\/capacitacion\/\">\n                        Capacitaci\u00f3n                    <\/a>\n                            <\/div>\n        \n        \n        <h3 class=\"post-card__title\">\n            <a href=\"https:\/\/fpabramo.org.br\/es\/material\/guia-del-lider-del-pt\/\">Gu\u00eda del l\u00edder del PT<\/a>\n        <\/h3>\n\n        <div class=\"post-card__meta\">\n\n            \n            \n        <\/div>\n\n\n        \n                    <div class=\"post-card__meta post-card__meta--pods\">\n\n                <div class=\"post-card__taxonomy post-card__taxonomy--area post-card__taxonomy--capped\"><a href=\"https:\/\/fpabramo.org.br\/es\/formacao\/\" class=\"term-badge term-badge--area term-badge--area-formacao-fpa\" style=\"background-color:#0060bd;color:#ffffff;\">Forma\u00e7\u00e3o FPA<\/a><\/div><div class=\"post-card__taxonomy post-card__taxonomy--projeto post-card__taxonomy--capped\"><a href=\"https:\/\/fpabramo.org.br\/es\/projeto\/cuadernos-de-entrenamiento\/\" class=\"term-badge term-badge--projeto term-badge--projeto-cuadernos-de-entrenamiento\" style=\"background-color:#fbea93;color:#111111;\">Cuadernos de entrenamiento<\/a><\/div><div class=\"post-card__taxonomy post-card__taxonomy--tipo_material\"><a href=\"https:\/\/fpabramo.org.br\/es\/tipo-material\/cuaderno\/\" class=\"term-badge term-badge--tipo_material term-badge--tipo_material-cuaderno\" style=\"background-color:#ea9010;border: 1px solid #964b03;\">Cuaderno<\/a><\/div><div class=\"post-card__taxonomy post-card__taxonomy--formato\"><a href=\"https:\/\/fpabramo.org.br\/es\/formato\/pdf\/\" class=\"term-badge term-badge--formato term-badge--formato-pdf\" style=\"\">PDF<\/a><\/div>\n\n                \n            <\/div>\n        \n        \n    <\/div>\n<\/article>\n\n\n<article id=\"post-ID-135741-69f0b4c28990f\" class=\"post-card post-card--material  swiper-slide\">\n\n    <header class=\"post-card__image\">\n                 <a href=\"https:\/\/fpabramo.org.br\/es\/material\/folleto-de-seguridad-publica\/\" aria-label=\"Folleto de seguridad p\u00fablica\">\n                            <img decoding=\"async\" width=\"1810\" height=\"2560\" src=\"https:\/\/fpabramo.org.br\/wp-content\/uploads\/2026\/02\/CAPA-cartilha-seguranca-publica-fpa-nov-25-2-1-scaled.webp\" class=\"attachment-card-large size-card-large wp-post-image\" alt=\"\" srcset=\"https:\/\/fpabramo.org.br\/wp-content\/uploads\/2026\/02\/CAPA-cartilha-seguranca-publica-fpa-nov-25-2-1-scaled.webp 1810w, https:\/\/fpabramo.org.br\/wp-content\/uploads\/2026\/02\/CAPA-cartilha-seguranca-publica-fpa-nov-25-2-1-212x300.webp 212w, https:\/\/fpabramo.org.br\/wp-content\/uploads\/2026\/02\/CAPA-cartilha-seguranca-publica-fpa-nov-25-2-1-724x1024.webp 724w, https:\/\/fpabramo.org.br\/wp-content\/uploads\/2026\/02\/CAPA-cartilha-seguranca-publica-fpa-nov-25-2-1-106x150.webp 106w, https:\/\/fpabramo.org.br\/wp-content\/uploads\/2026\/02\/CAPA-cartilha-seguranca-publica-fpa-nov-25-2-1-768x1086.webp 768w, https:\/\/fpabramo.org.br\/wp-content\/uploads\/2026\/02\/CAPA-cartilha-seguranca-publica-fpa-nov-25-2-1-1086x1536.webp 1086w, https:\/\/fpabramo.org.br\/wp-content\/uploads\/2026\/02\/CAPA-cartilha-seguranca-publica-fpa-nov-25-2-1-1448x2048.webp 1448w\" sizes=\"(max-width: 1810px) 100vw, 1810px\" \/>                    <\/a>\n    <\/header>\n\n    <div class=\"post-card__content\">\n                    <div class=\"post-card__category\">\n                                    <a class=\"tag tag--solid tag--category-capacitacion\"\n                       href=\"https:\/\/fpabramo.org.br\/es\/category\/capacitacion\/\">\n                        Capacitaci\u00f3n                    <\/a>\n                            <\/div>\n        \n        \n        <h3 class=\"post-card__title\">\n            <a href=\"https:\/\/fpabramo.org.br\/es\/material\/folleto-de-seguridad-publica\/\">Folleto de seguridad p\u00fablica<\/a>\n        <\/h3>\n\n        <div class=\"post-card__meta\">\n\n            \n            \n        <\/div>\n\n\n        \n                    <div class=\"post-card__meta post-card__meta--pods\">\n\n                <div class=\"post-card__taxonomy post-card__taxonomy--area post-card__taxonomy--capped\"><a href=\"https:\/\/fpabramo.org.br\/es\/formacao\/\" class=\"term-badge term-badge--area term-badge--area-formacao-fpa\" style=\"background-color:#0060bd;color:#ffffff;\">Forma\u00e7\u00e3o FPA<\/a><\/div><div class=\"post-card__taxonomy post-card__taxonomy--projeto post-card__taxonomy--capped\"><a href=\"https:\/\/fpabramo.org.br\/es\/projeto\/cuadernos-de-entrenamiento\/\" class=\"term-badge term-badge--projeto term-badge--projeto-cuadernos-de-entrenamiento\" style=\"background-color:#fbea93;color:#111111;\">Cuadernos de entrenamiento<\/a><\/div><div class=\"post-card__taxonomy post-card__taxonomy--tipo_material\"><a href=\"https:\/\/fpabramo.org.br\/es\/tipo-material\/cartilha-es\/\" class=\"term-badge term-badge--tipo_material term-badge--tipo_material-cartilha-es\" style=\"background-color:#bfdefd;border: 1px solid #0060bd;\">Cartilha<\/a><\/div>\n\n                \n            <\/div>\n        \n        \n    <\/div>\n<\/article>\n\n\n<article id=\"post-ID-135520-69f0b4c28a0b8\" class=\"post-card post-card--material  swiper-slide\">\n\n    <header class=\"post-card__image\">\n                 <a href=\"https:\/\/fpabramo.org.br\/es\/material\/escenario-politico-de-la-realidad-brasilena\/\" aria-label=\"Escenario pol\u00edtico de la realidad brasile\u00f1a\">\n                            <img decoding=\"async\" width=\"1810\" height=\"2560\" src=\"https:\/\/fpabramo.org.br\/wp-content\/uploads\/2026\/02\/CAPA-caderno-realidade-brasileira-scaled.webp\" class=\"attachment-card-large size-card-large wp-post-image\" alt=\"\" srcset=\"https:\/\/fpabramo.org.br\/wp-content\/uploads\/2026\/02\/CAPA-caderno-realidade-brasileira-scaled.webp 1810w, https:\/\/fpabramo.org.br\/wp-content\/uploads\/2026\/02\/CAPA-caderno-realidade-brasileira-212x300.webp 212w, https:\/\/fpabramo.org.br\/wp-content\/uploads\/2026\/02\/CAPA-caderno-realidade-brasileira-724x1024.webp 724w, https:\/\/fpabramo.org.br\/wp-content\/uploads\/2026\/02\/CAPA-caderno-realidade-brasileira-106x150.webp 106w, https:\/\/fpabramo.org.br\/wp-content\/uploads\/2026\/02\/CAPA-caderno-realidade-brasileira-768x1086.webp 768w, https:\/\/fpabramo.org.br\/wp-content\/uploads\/2026\/02\/CAPA-caderno-realidade-brasileira-1086x1536.webp 1086w, https:\/\/fpabramo.org.br\/wp-content\/uploads\/2026\/02\/CAPA-caderno-realidade-brasileira-1448x2048.webp 1448w\" sizes=\"(max-width: 1810px) 100vw, 1810px\" \/>                    <\/a>\n    <\/header>\n\n    <div class=\"post-card__content\">\n                    <div class=\"post-card__category\">\n                                    <a class=\"tag tag--solid tag--category-capacitacion\"\n                       href=\"https:\/\/fpabramo.org.br\/es\/category\/capacitacion\/\">\n                        Capacitaci\u00f3n                    <\/a>\n                            <\/div>\n        \n        \n        <h3 class=\"post-card__title\">\n            <a href=\"https:\/\/fpabramo.org.br\/es\/material\/escenario-politico-de-la-realidad-brasilena\/\">Escenario pol\u00edtico de la realidad brasile\u00f1a<\/a>\n        <\/h3>\n\n        <div class=\"post-card__meta\">\n\n            \n            \n        <\/div>\n\n\n        \n                    <div class=\"post-card__meta post-card__meta--pods\">\n\n                <div class=\"post-card__taxonomy post-card__taxonomy--area post-card__taxonomy--capped\"><a href=\"https:\/\/fpabramo.org.br\/es\/formacao\/\" class=\"term-badge term-badge--area term-badge--area-formacao-fpa\" style=\"background-color:#0060bd;color:#ffffff;\">Forma\u00e7\u00e3o FPA<\/a><\/div><div class=\"post-card__taxonomy post-card__taxonomy--projeto post-card__taxonomy--capped\"><a href=\"https:\/\/fpabramo.org.br\/es\/projeto\/cuadernos-de-entrenamiento\/\" class=\"term-badge term-badge--projeto term-badge--projeto-cuadernos-de-entrenamiento\" style=\"background-color:#fbea93;color:#111111;\">Cuadernos de entrenamiento<\/a><\/div><div class=\"post-card__taxonomy post-card__taxonomy--tipo_material\"><a href=\"https:\/\/fpabramo.org.br\/es\/tipo-material\/cuaderno\/\" class=\"term-badge term-badge--tipo_material term-badge--tipo_material-cuaderno\" style=\"background-color:#ea9010;border: 1px solid #964b03;\">Cuaderno<\/a><\/div><div class=\"post-card__taxonomy post-card__taxonomy--formato\"><a href=\"https:\/\/fpabramo.org.br\/es\/formato\/pdf\/\" class=\"term-badge term-badge--formato term-badge--formato-pdf\" style=\"\">PDF<\/a><\/div>\n\n                \n            <\/div>\n        \n        \n    <\/div>\n<\/article>\n\n\n<article id=\"post-ID-135532-69f0b4c28a8cc\" class=\"post-card post-card--material  swiper-slide\">\n\n    <header class=\"post-card__image\">\n                 <a href=\"https:\/\/fpabramo.org.br\/es\/material\/estudo-participacao-institucional-e-periferias\/\" aria-label=\"Estudio: Participaci\u00f3n institucional y periferias\">\n                            <img decoding=\"async\" width=\"1810\" height=\"2560\" src=\"https:\/\/fpabramo.org.br\/wp-content\/uploads\/2026\/02\/CAPA-PARTICIPACAO-INSTITUCIONAL-E-PERIFERIAS-4-1-scaled.webp\" class=\"attachment-card-large size-card-large wp-post-image\" alt=\"\" srcset=\"https:\/\/fpabramo.org.br\/wp-content\/uploads\/2026\/02\/CAPA-PARTICIPACAO-INSTITUCIONAL-E-PERIFERIAS-4-1-scaled.webp 1810w, https:\/\/fpabramo.org.br\/wp-content\/uploads\/2026\/02\/CAPA-PARTICIPACAO-INSTITUCIONAL-E-PERIFERIAS-4-1-212x300.webp 212w, https:\/\/fpabramo.org.br\/wp-content\/uploads\/2026\/02\/CAPA-PARTICIPACAO-INSTITUCIONAL-E-PERIFERIAS-4-1-724x1024.webp 724w, https:\/\/fpabramo.org.br\/wp-content\/uploads\/2026\/02\/CAPA-PARTICIPACAO-INSTITUCIONAL-E-PERIFERIAS-4-1-106x150.webp 106w, https:\/\/fpabramo.org.br\/wp-content\/uploads\/2026\/02\/CAPA-PARTICIPACAO-INSTITUCIONAL-E-PERIFERIAS-4-1-768x1086.webp 768w, https:\/\/fpabramo.org.br\/wp-content\/uploads\/2026\/02\/CAPA-PARTICIPACAO-INSTITUCIONAL-E-PERIFERIAS-4-1-1086x1536.webp 1086w, https:\/\/fpabramo.org.br\/wp-content\/uploads\/2026\/02\/CAPA-PARTICIPACAO-INSTITUCIONAL-E-PERIFERIAS-4-1-1448x2048.webp 1448w\" sizes=\"(max-width: 1810px) 100vw, 1810px\" \/>                    <\/a>\n    <\/header>\n\n    <div class=\"post-card__content\">\n                    <div class=\"post-card__category\">\n                                    <a class=\"tag tag--solid tag--category-capacitacion\"\n                       href=\"https:\/\/fpabramo.org.br\/es\/category\/capacitacion\/\">\n                        Capacitaci\u00f3n                    <\/a>\n                            <\/div>\n        \n        \n        <h3 class=\"post-card__title\">\n            <a href=\"https:\/\/fpabramo.org.br\/es\/material\/estudo-participacao-institucional-e-periferias\/\">Estudio: Participaci\u00f3n institucional y periferias<\/a>\n        <\/h3>\n\n        <div class=\"post-card__meta\">\n\n            \n            \n        <\/div>\n\n\n        \n                    <div class=\"post-card__meta post-card__meta--pods\">\n\n                <div class=\"post-card__taxonomy post-card__taxonomy--area post-card__taxonomy--capped\"><a href=\"https:\/\/fpabramo.org.br\/es\/editora\/\" class=\"term-badge term-badge--area term-badge--area-editora-fpa\" style=\"background-color:#cc93c6;color:#000000;\">Editora FPA<\/a><\/div><div class=\"post-card__taxonomy post-card__taxonomy--projeto post-card__taxonomy--capped\"><a href=\"https:\/\/fpabramo.org.br\/projeto\/cadernos-de-formacao\/\" class=\"term-badge term-badge--projeto term-badge--projeto-cadernos-de-formacao\" style=\"background-color:#fbea93;color:#111111;\">Cadernos de Forma\u00e7\u00e3o<\/a><a href=\"https:\/\/fpabramo.org.br\/es\/projeto\/cuadernos-de-entrenamiento\/\" class=\"term-badge term-badge--projeto term-badge--projeto-cuadernos-de-entrenamiento\" style=\"background-color:#fbea93;color:#111111;\">Cuadernos de entrenamiento<\/a><a href=\"https:\/\/fpabramo.org.br\/es\/reconexaoperiferias\/\" class=\"term-badge term-badge--projeto term-badge--projeto-reconexao-periferias\" style=\"background-color:#f5bc6b;color:#111111;\">Reconex\u00e3o Periferias<\/a><\/div><div class=\"post-card__taxonomy post-card__taxonomy--tipo_material\"><a href=\"https:\/\/fpabramo.org.br\/es\/tipo-material\/cuaderno\/\" class=\"term-badge term-badge--tipo_material term-badge--tipo_material-cuaderno\" style=\"background-color:#ea9010;border: 1px solid #964b03;\">Cuaderno<\/a><\/div><div class=\"post-card__taxonomy post-card__taxonomy--formato\"><a href=\"https:\/\/fpabramo.org.br\/formato\/pdf\/\" class=\"term-badge term-badge--formato term-badge--formato-pdf\" style=\"\">PDF<\/a><a href=\"https:\/\/fpabramo.org.br\/es\/formato\/pdf\/\" class=\"term-badge term-badge--formato term-badge--formato-pdf\" style=\"\">PDF<\/a><\/div>\n\n                \n            <\/div>\n        \n        \n    <\/div>\n<\/article>\n\n\n<article id=\"post-ID-115626-69f0b4c28c181\" class=\"post-card post-card--material  swiper-slide\">\n\n    <header class=\"post-card__image\">\n                 <a href=\"https:\/\/fpabramo.org.br\/es\/material\/cartilha-evangelica\/\" aria-label=\"Cartilha Evang\u00e9lica\">\n                            <img decoding=\"async\" width=\"620\" height=\"877\" src=\"https:\/\/fpabramo.org.br\/wp-content\/uploads\/2026\/01\/capacartilhaevangelica.webp\" class=\"attachment-card-large size-card-large wp-post-image\" alt=\"\" srcset=\"https:\/\/fpabramo.org.br\/wp-content\/uploads\/2026\/01\/capacartilhaevangelica.webp 620w, https:\/\/fpabramo.org.br\/wp-content\/uploads\/2026\/01\/capacartilhaevangelica-212x300.webp 212w, https:\/\/fpabramo.org.br\/wp-content\/uploads\/2026\/01\/capacartilhaevangelica-106x150.webp 106w\" sizes=\"(max-width: 620px) 100vw, 620px\" \/>                    <\/a>\n    <\/header>\n\n    <div class=\"post-card__content\">\n                    <div class=\"post-card__category\">\n                                    <a class=\"tag tag--solid tag--category-capacitacion\"\n                       href=\"https:\/\/fpabramo.org.br\/es\/category\/capacitacion\/\">\n                        Capacitaci\u00f3n                    <\/a>\n                            <\/div>\n        \n        \n        <h3 class=\"post-card__title\">\n            <a href=\"https:\/\/fpabramo.org.br\/es\/material\/cartilha-evangelica\/\">Cartilha Evang\u00e9lica<\/a>\n        <\/h3>\n\n        <div class=\"post-card__meta\">\n\n            \n            \n        <\/div>\n\n\n        \n                    <div class=\"post-card__meta post-card__meta--pods\">\n\n                <div class=\"post-card__taxonomy post-card__taxonomy--area post-card__taxonomy--capped\"><a href=\"https:\/\/fpabramo.org.br\/es\/formacao\/\" class=\"term-badge term-badge--area term-badge--area-formacao-fpa\" style=\"background-color:#0060bd;color:#ffffff;\">Forma\u00e7\u00e3o FPA<\/a><\/div><div class=\"post-card__taxonomy post-card__taxonomy--projeto post-card__taxonomy--capped\"><a href=\"https:\/\/fpabramo.org.br\/es\/projeto\/cuadernos-de-entrenamiento\/\" class=\"term-badge term-badge--projeto term-badge--projeto-cuadernos-de-entrenamiento\" style=\"background-color:#fbea93;color:#111111;\">Cuadernos de entrenamiento<\/a><\/div><div class=\"post-card__taxonomy post-card__taxonomy--tipo_material\"><a href=\"https:\/\/fpabramo.org.br\/es\/tipo-material\/cartilha-es\/\" class=\"term-badge term-badge--tipo_material term-badge--tipo_material-cartilha-es\" style=\"background-color:#bfdefd;border: 1px solid #0060bd;\">Cartilha<\/a><\/div><div class=\"post-card__taxonomy post-card__taxonomy--formato\"><a href=\"https:\/\/fpabramo.org.br\/es\/formato\/pdf\/\" class=\"term-badge term-badge--formato term-badge--formato-pdf\" style=\"\">PDF<\/a><\/div>\n\n                \n            <\/div>\n        \n        \n    <\/div>\n<\/article>\n\n    <\/div>\n\n        <div class=\"hacklabr-posts-grid-block--slider alignwide -gap-medium -tablet\">\n        <script type=\"application\/json\" hidden>{\"a11y\":{\"enabled\":true,\"firstSlideMessage\":\"Esta es la primera diapositiva\",\"lastSlideMessage\":\"Esta es la \\u00faltima diapositiva\",\"nextSlideMessage\":\"Siguiente diapositiva\",\"paginationBulletMessage\":\"Ir a la diapositiva {{index}}\",\"prevSlideMessage\":\"Diapositiva anterior\"},\"autoplay\":false,\"centeredSlides\":false,\"loop\":false,\"navigation\":{\"nextEl\":\".swiper-button-next\",\"prevEl\":\".swiper-button-prev\"},\"pagination\":false,\"rewind\":true,\"slidesPerGroup\":1,\"slidesPerView\":1,\"spaceBetween\":16,\"speed\":300,\"breakpoints\":{\"768\":{\"centeredSlides\":false,\"slidesPerGroup\":1,\"slidesPerView\":1,\"spaceBetween\":16}}}<\/script>\n        <section class=\"swiper\">\n            <div class=\"swiper-wrapper\">\n                            <div class=\"swiper-slide\">\n                \n<article id=\"post-ID-135494-69f0b4c28ca0f\" class=\"post-card post-card--material  swiper-slide\">\n\n    <header class=\"post-card__image\">\n                 <a href=\"https:\/\/fpabramo.org.br\/es\/material\/realidade-brasileira-fpa-nova-industria\/\" aria-label=\"Realidade Brasileira FPA Nova Ind\u00fastria\">\n                            <img decoding=\"async\" width=\"1810\" height=\"2560\" src=\"https:\/\/fpabramo.org.br\/wp-content\/uploads\/2026\/02\/CAPA-Realidade-Brasileira-FPA-Nova-Industria-1-scaled.webp\" class=\"attachment-card-large size-card-large wp-post-image\" alt=\"\" srcset=\"https:\/\/fpabramo.org.br\/wp-content\/uploads\/2026\/02\/CAPA-Realidade-Brasileira-FPA-Nova-Industria-1-scaled.webp 1810w, https:\/\/fpabramo.org.br\/wp-content\/uploads\/2026\/02\/CAPA-Realidade-Brasileira-FPA-Nova-Industria-1-212x300.webp 212w, https:\/\/fpabramo.org.br\/wp-content\/uploads\/2026\/02\/CAPA-Realidade-Brasileira-FPA-Nova-Industria-1-724x1024.webp 724w, https:\/\/fpabramo.org.br\/wp-content\/uploads\/2026\/02\/CAPA-Realidade-Brasileira-FPA-Nova-Industria-1-106x150.webp 106w, https:\/\/fpabramo.org.br\/wp-content\/uploads\/2026\/02\/CAPA-Realidade-Brasileira-FPA-Nova-Industria-1-768x1086.webp 768w, https:\/\/fpabramo.org.br\/wp-content\/uploads\/2026\/02\/CAPA-Realidade-Brasileira-FPA-Nova-Industria-1-1086x1536.webp 1086w, https:\/\/fpabramo.org.br\/wp-content\/uploads\/2026\/02\/CAPA-Realidade-Brasileira-FPA-Nova-Industria-1-1448x2048.webp 1448w\" sizes=\"(max-width: 1810px) 100vw, 1810px\" \/>                    <\/a>\n    <\/header>\n\n    <div class=\"post-card__content\">\n                    <div class=\"post-card__category\">\n                                    <a class=\"tag tag--solid tag--category-capacitacion\"\n                       href=\"https:\/\/fpabramo.org.br\/es\/category\/capacitacion\/\">\n                        Capacitaci\u00f3n                    <\/a>\n                            <\/div>\n        \n        \n        <h3 class=\"post-card__title\">\n            <a href=\"https:\/\/fpabramo.org.br\/es\/material\/realidade-brasileira-fpa-nova-industria\/\">Realidade Brasileira FPA Nova Ind\u00fastria<\/a>\n        <\/h3>\n\n        <div class=\"post-card__meta\">\n\n            \n            \n        <\/div>\n\n\n        \n                    <div class=\"post-card__meta post-card__meta--pods\">\n\n                <div class=\"post-card__taxonomy post-card__taxonomy--area post-card__taxonomy--capped\"><a href=\"https:\/\/fpabramo.org.br\/es\/formacao\/\" class=\"term-badge term-badge--area term-badge--area-formacao-fpa\" style=\"background-color:#0060bd;color:#ffffff;\">Forma\u00e7\u00e3o FPA<\/a><\/div><div class=\"post-card__taxonomy post-card__taxonomy--projeto post-card__taxonomy--capped\"><a href=\"https:\/\/fpabramo.org.br\/es\/projeto\/cuadernos-de-entrenamiento\/\" class=\"term-badge term-badge--projeto term-badge--projeto-cuadernos-de-entrenamiento\" style=\"background-color:#fbea93;color:#111111;\">Cuadernos de entrenamiento<\/a><\/div><div class=\"post-card__taxonomy post-card__taxonomy--tipo_material\"><a href=\"https:\/\/fpabramo.org.br\/es\/tipo-material\/cuaderno\/\" class=\"term-badge term-badge--tipo_material term-badge--tipo_material-cuaderno\" style=\"background-color:#ea9010;border: 1px solid #964b03;\">Cuaderno<\/a><\/div><div class=\"post-card__taxonomy post-card__taxonomy--formato\"><a href=\"https:\/\/fpabramo.org.br\/es\/formato\/pdf\/\" class=\"term-badge term-badge--formato term-badge--formato-pdf\" style=\"\">PDF<\/a><\/div>\n\n                \n            <\/div>\n        \n        \n    <\/div>\n<\/article>\n\n                <\/div>\n                            <div class=\"swiper-slide\">\n                \n<article id=\"post-ID-135482-69f0b4c28cca9\" class=\"post-card post-card--material  swiper-slide\">\n\n    <header class=\"post-card__image\">\n                 <a href=\"https:\/\/fpabramo.org.br\/es\/material\/realidad-brasilena-fpa-educacion\/\" aria-label=\"Realidad brasile\u00f1a FPA Educaci\u00f3n\">\n                            <img decoding=\"async\" width=\"1810\" height=\"2560\" src=\"https:\/\/fpabramo.org.br\/wp-content\/uploads\/2026\/02\/CAPA-Realidade-Brasileira-FPA-Educacao-1-scaled.webp\" class=\"attachment-card-large size-card-large wp-post-image\" alt=\"\" srcset=\"https:\/\/fpabramo.org.br\/wp-content\/uploads\/2026\/02\/CAPA-Realidade-Brasileira-FPA-Educacao-1-scaled.webp 1810w, https:\/\/fpabramo.org.br\/wp-content\/uploads\/2026\/02\/CAPA-Realidade-Brasileira-FPA-Educacao-1-212x300.webp 212w, https:\/\/fpabramo.org.br\/wp-content\/uploads\/2026\/02\/CAPA-Realidade-Brasileira-FPA-Educacao-1-724x1024.webp 724w, https:\/\/fpabramo.org.br\/wp-content\/uploads\/2026\/02\/CAPA-Realidade-Brasileira-FPA-Educacao-1-106x150.webp 106w, https:\/\/fpabramo.org.br\/wp-content\/uploads\/2026\/02\/CAPA-Realidade-Brasileira-FPA-Educacao-1-768x1086.webp 768w, https:\/\/fpabramo.org.br\/wp-content\/uploads\/2026\/02\/CAPA-Realidade-Brasileira-FPA-Educacao-1-1086x1536.webp 1086w, https:\/\/fpabramo.org.br\/wp-content\/uploads\/2026\/02\/CAPA-Realidade-Brasileira-FPA-Educacao-1-1448x2048.webp 1448w\" sizes=\"(max-width: 1810px) 100vw, 1810px\" \/>                    <\/a>\n    <\/header>\n\n    <div class=\"post-card__content\">\n                    <div class=\"post-card__category\">\n                                    <a class=\"tag tag--solid tag--category-capacitacion\"\n                       href=\"https:\/\/fpabramo.org.br\/es\/category\/capacitacion\/\">\n                        Capacitaci\u00f3n                    <\/a>\n                            <\/div>\n        \n        \n        <h3 class=\"post-card__title\">\n            <a href=\"https:\/\/fpabramo.org.br\/es\/material\/realidad-brasilena-fpa-educacion\/\">Realidad brasile\u00f1a FPA Educaci\u00f3n<\/a>\n        <\/h3>\n\n        <div class=\"post-card__meta\">\n\n            \n            \n        <\/div>\n\n\n        \n                    <div class=\"post-card__meta post-card__meta--pods\">\n\n                <div class=\"post-card__taxonomy post-card__taxonomy--area post-card__taxonomy--capped\"><a href=\"https:\/\/fpabramo.org.br\/es\/formacao\/\" class=\"term-badge term-badge--area term-badge--area-formacao-fpa\" style=\"background-color:#0060bd;color:#ffffff;\">Forma\u00e7\u00e3o FPA<\/a><\/div><div class=\"post-card__taxonomy post-card__taxonomy--projeto post-card__taxonomy--capped\"><a href=\"https:\/\/fpabramo.org.br\/es\/projeto\/cuadernos-de-entrenamiento\/\" class=\"term-badge term-badge--projeto term-badge--projeto-cuadernos-de-entrenamiento\" style=\"background-color:#fbea93;color:#111111;\">Cuadernos de entrenamiento<\/a><\/div><div class=\"post-card__taxonomy post-card__taxonomy--tipo_material\"><a href=\"https:\/\/fpabramo.org.br\/es\/tipo-material\/cartilha-es\/\" class=\"term-badge term-badge--tipo_material term-badge--tipo_material-cartilha-es\" style=\"background-color:#bfdefd;border: 1px solid #0060bd;\">Cartilha<\/a><a href=\"https:\/\/fpabramo.org.br\/es\/tipo-material\/cuaderno\/\" class=\"term-badge term-badge--tipo_material term-badge--tipo_material-cuaderno\" style=\"background-color:#ea9010;border: 1px solid #964b03;\">Cuaderno<\/a><\/div><div class=\"post-card__taxonomy post-card__taxonomy--formato\"><a href=\"https:\/\/fpabramo.org.br\/es\/formato\/pdf\/\" class=\"term-badge term-badge--formato term-badge--formato-pdf\" style=\"\">PDF<\/a><\/div>\n\n                \n            <\/div>\n        \n        \n    <\/div>\n<\/article>\n\n                <\/div>\n                            <div class=\"swiper-slide\">\n                \n<article id=\"post-ID-135472-69f0b4c28cf3c\" class=\"post-card post-card--material  swiper-slide\">\n\n    <header class=\"post-card__image\">\n                 <a href=\"https:\/\/fpabramo.org.br\/es\/material\/realidad-brasilena-fpa-personas-lgbtqia\/\" aria-label=\"Realidad brasile\u00f1a FPA Personas LGBTQIA+\">\n                            <img decoding=\"async\" width=\"1810\" height=\"2560\" src=\"https:\/\/fpabramo.org.br\/wp-content\/uploads\/2026\/02\/CAPA-Realidade-Brasileira-FPA-Pessoas-LGBTQIA-1-scaled.webp\" class=\"attachment-card-large size-card-large wp-post-image\" alt=\"\" srcset=\"https:\/\/fpabramo.org.br\/wp-content\/uploads\/2026\/02\/CAPA-Realidade-Brasileira-FPA-Pessoas-LGBTQIA-1-scaled.webp 1810w, https:\/\/fpabramo.org.br\/wp-content\/uploads\/2026\/02\/CAPA-Realidade-Brasileira-FPA-Pessoas-LGBTQIA-1-212x300.webp 212w, https:\/\/fpabramo.org.br\/wp-content\/uploads\/2026\/02\/CAPA-Realidade-Brasileira-FPA-Pessoas-LGBTQIA-1-724x1024.webp 724w, https:\/\/fpabramo.org.br\/wp-content\/uploads\/2026\/02\/CAPA-Realidade-Brasileira-FPA-Pessoas-LGBTQIA-1-106x150.webp 106w, https:\/\/fpabramo.org.br\/wp-content\/uploads\/2026\/02\/CAPA-Realidade-Brasileira-FPA-Pessoas-LGBTQIA-1-768x1086.webp 768w, https:\/\/fpabramo.org.br\/wp-content\/uploads\/2026\/02\/CAPA-Realidade-Brasileira-FPA-Pessoas-LGBTQIA-1-1086x1536.webp 1086w, https:\/\/fpabramo.org.br\/wp-content\/uploads\/2026\/02\/CAPA-Realidade-Brasileira-FPA-Pessoas-LGBTQIA-1-1448x2048.webp 1448w\" sizes=\"(max-width: 1810px) 100vw, 1810px\" \/>                    <\/a>\n    <\/header>\n\n    <div class=\"post-card__content\">\n                    <div class=\"post-card__category\">\n                                    <a class=\"tag tag--solid tag--category-capacitacion\"\n                       href=\"https:\/\/fpabramo.org.br\/es\/category\/capacitacion\/\">\n                        Capacitaci\u00f3n                    <\/a>\n                            <\/div>\n        \n        \n        <h3 class=\"post-card__title\">\n            <a href=\"https:\/\/fpabramo.org.br\/es\/material\/realidad-brasilena-fpa-personas-lgbtqia\/\">Realidad brasile\u00f1a FPA Personas LGBTQIA+<\/a>\n        <\/h3>\n\n        <div class=\"post-card__meta\">\n\n            \n            \n        <\/div>\n\n\n        \n                    <div class=\"post-card__meta post-card__meta--pods\">\n\n                <div class=\"post-card__taxonomy post-card__taxonomy--area post-card__taxonomy--capped\"><a href=\"https:\/\/fpabramo.org.br\/es\/formacao\/\" class=\"term-badge term-badge--area term-badge--area-formacao-fpa\" style=\"background-color:#0060bd;color:#ffffff;\">Forma\u00e7\u00e3o FPA<\/a><\/div><div class=\"post-card__taxonomy post-card__taxonomy--projeto post-card__taxonomy--capped\"><a href=\"https:\/\/fpabramo.org.br\/es\/projeto\/cuadernos-de-entrenamiento\/\" class=\"term-badge term-badge--projeto term-badge--projeto-cuadernos-de-entrenamiento\" style=\"background-color:#fbea93;color:#111111;\">Cuadernos de entrenamiento<\/a><\/div><div class=\"post-card__taxonomy post-card__taxonomy--tipo_material\"><a href=\"https:\/\/fpabramo.org.br\/es\/tipo-material\/cartilha-es\/\" class=\"term-badge term-badge--tipo_material term-badge--tipo_material-cartilha-es\" style=\"background-color:#bfdefd;border: 1px solid #0060bd;\">Cartilha<\/a><a href=\"https:\/\/fpabramo.org.br\/es\/tipo-material\/cuaderno\/\" class=\"term-badge term-badge--tipo_material term-badge--tipo_material-cuaderno\" style=\"background-color:#ea9010;border: 1px solid #964b03;\">Cuaderno<\/a><\/div><div class=\"post-card__taxonomy post-card__taxonomy--formato\"><a href=\"https:\/\/fpabramo.org.br\/es\/formato\/pdf\/\" class=\"term-badge term-badge--formato term-badge--formato-pdf\" style=\"\">PDF<\/a><\/div>\n\n                \n            <\/div>\n        \n        \n    <\/div>\n<\/article>\n\n                <\/div>\n                            <div class=\"swiper-slide\">\n                \n<article id=\"post-ID-135409-69f0b4c28d1d5\" class=\"post-card post-card--material  swiper-slide\">\n\n    <header class=\"post-card__image\">\n                 <a href=\"https:\/\/fpabramo.org.br\/es\/material\/realidad-brasilena-fpa-personas-mayores\/\" aria-label=\"Realidad brasile\u00f1a FPA Personas mayores\">\n                            <img decoding=\"async\" width=\"1810\" height=\"2560\" src=\"https:\/\/fpabramo.org.br\/wp-content\/uploads\/2026\/02\/CAPA-Caderno-Realidade-FPA-Pessoas-Idosas-scaled.webp\" class=\"attachment-card-large size-card-large wp-post-image\" alt=\"\" srcset=\"https:\/\/fpabramo.org.br\/wp-content\/uploads\/2026\/02\/CAPA-Caderno-Realidade-FPA-Pessoas-Idosas-scaled.webp 1810w, https:\/\/fpabramo.org.br\/wp-content\/uploads\/2026\/02\/CAPA-Caderno-Realidade-FPA-Pessoas-Idosas-212x300.webp 212w, https:\/\/fpabramo.org.br\/wp-content\/uploads\/2026\/02\/CAPA-Caderno-Realidade-FPA-Pessoas-Idosas-724x1024.webp 724w, https:\/\/fpabramo.org.br\/wp-content\/uploads\/2026\/02\/CAPA-Caderno-Realidade-FPA-Pessoas-Idosas-106x150.webp 106w, https:\/\/fpabramo.org.br\/wp-content\/uploads\/2026\/02\/CAPA-Caderno-Realidade-FPA-Pessoas-Idosas-768x1086.webp 768w, https:\/\/fpabramo.org.br\/wp-content\/uploads\/2026\/02\/CAPA-Caderno-Realidade-FPA-Pessoas-Idosas-1086x1536.webp 1086w, https:\/\/fpabramo.org.br\/wp-content\/uploads\/2026\/02\/CAPA-Caderno-Realidade-FPA-Pessoas-Idosas-1448x2048.webp 1448w\" sizes=\"(max-width: 1810px) 100vw, 1810px\" \/>                    <\/a>\n    <\/header>\n\n    <div class=\"post-card__content\">\n                    <div class=\"post-card__category\">\n                                    <a class=\"tag tag--solid tag--category-capacitacion\"\n                       href=\"https:\/\/fpabramo.org.br\/es\/category\/capacitacion\/\">\n                        Capacitaci\u00f3n                    <\/a>\n                            <\/div>\n        \n        \n        <h3 class=\"post-card__title\">\n            <a href=\"https:\/\/fpabramo.org.br\/es\/material\/realidad-brasilena-fpa-personas-mayores\/\">Realidad brasile\u00f1a FPA Personas mayores<\/a>\n        <\/h3>\n\n        <div class=\"post-card__meta\">\n\n            \n            \n        <\/div>\n\n\n        \n                    <div class=\"post-card__meta post-card__meta--pods\">\n\n                <div class=\"post-card__taxonomy post-card__taxonomy--area post-card__taxonomy--capped\"><a href=\"https:\/\/fpabramo.org.br\/es\/formacao\/\" class=\"term-badge term-badge--area term-badge--area-formacao-fpa\" style=\"background-color:#0060bd;color:#ffffff;\">Forma\u00e7\u00e3o FPA<\/a><\/div><div class=\"post-card__taxonomy post-card__taxonomy--projeto post-card__taxonomy--capped\"><a href=\"https:\/\/fpabramo.org.br\/es\/projeto\/cuadernos-de-entrenamiento\/\" class=\"term-badge term-badge--projeto term-badge--projeto-cuadernos-de-entrenamiento\" style=\"background-color:#fbea93;color:#111111;\">Cuadernos de entrenamiento<\/a><\/div><div class=\"post-card__taxonomy post-card__taxonomy--tipo_material\"><a href=\"https:\/\/fpabramo.org.br\/es\/tipo-material\/cartilha-es\/\" class=\"term-badge term-badge--tipo_material term-badge--tipo_material-cartilha-es\" style=\"background-color:#bfdefd;border: 1px solid #0060bd;\">Cartilha<\/a><a href=\"https:\/\/fpabramo.org.br\/es\/tipo-material\/cuaderno\/\" class=\"term-badge term-badge--tipo_material term-badge--tipo_material-cuaderno\" style=\"background-color:#ea9010;border: 1px solid #964b03;\">Cuaderno<\/a><\/div><div class=\"post-card__taxonomy post-card__taxonomy--formato\"><a href=\"https:\/\/fpabramo.org.br\/es\/formato\/pdf\/\" class=\"term-badge term-badge--formato term-badge--formato-pdf\" style=\"\">PDF<\/a><\/div>\n\n                \n            <\/div>\n        \n        \n    <\/div>\n<\/article>\n\n                <\/div>\n                            <div class=\"swiper-slide\">\n                \n<article id=\"post-ID-135508-69f0b4c28d45d\" class=\"post-card post-card--material  swiper-slide\">\n\n    <header class=\"post-card__image\">\n                 <a href=\"https:\/\/fpabramo.org.br\/es\/material\/guia-del-lider-del-pt\/\" aria-label=\"Gu\u00eda del l\u00edder del PT\">\n                            <img decoding=\"async\" width=\"1748\" height=\"2480\" src=\"https:\/\/fpabramo.org.br\/wp-content\/uploads\/2026\/02\/CAPA-cartilha-dirigentes-pt-A5-final-1.webp\" class=\"attachment-card-large size-card-large wp-post-image\" alt=\"\" srcset=\"https:\/\/fpabramo.org.br\/wp-content\/uploads\/2026\/02\/CAPA-cartilha-dirigentes-pt-A5-final-1.webp 1748w, https:\/\/fpabramo.org.br\/wp-content\/uploads\/2026\/02\/CAPA-cartilha-dirigentes-pt-A5-final-1-211x300.webp 211w, https:\/\/fpabramo.org.br\/wp-content\/uploads\/2026\/02\/CAPA-cartilha-dirigentes-pt-A5-final-1-722x1024.webp 722w, https:\/\/fpabramo.org.br\/wp-content\/uploads\/2026\/02\/CAPA-cartilha-dirigentes-pt-A5-final-1-106x150.webp 106w, https:\/\/fpabramo.org.br\/wp-content\/uploads\/2026\/02\/CAPA-cartilha-dirigentes-pt-A5-final-1-768x1090.webp 768w, https:\/\/fpabramo.org.br\/wp-content\/uploads\/2026\/02\/CAPA-cartilha-dirigentes-pt-A5-final-1-1083x1536.webp 1083w, https:\/\/fpabramo.org.br\/wp-content\/uploads\/2026\/02\/CAPA-cartilha-dirigentes-pt-A5-final-1-1444x2048.webp 1444w\" sizes=\"(max-width: 1748px) 100vw, 1748px\" \/>                    <\/a>\n    <\/header>\n\n    <div class=\"post-card__content\">\n                    <div class=\"post-card__category\">\n                                    <a class=\"tag tag--solid tag--category-capacitacion\"\n                       href=\"https:\/\/fpabramo.org.br\/es\/category\/capacitacion\/\">\n                        Capacitaci\u00f3n                    <\/a>\n                            <\/div>\n        \n        \n        <h3 class=\"post-card__title\">\n            <a href=\"https:\/\/fpabramo.org.br\/es\/material\/guia-del-lider-del-pt\/\">Gu\u00eda del l\u00edder del PT<\/a>\n        <\/h3>\n\n        <div class=\"post-card__meta\">\n\n            \n            \n        <\/div>\n\n\n        \n                    <div class=\"post-card__meta post-card__meta--pods\">\n\n                <div class=\"post-card__taxonomy post-card__taxonomy--area post-card__taxonomy--capped\"><a href=\"https:\/\/fpabramo.org.br\/es\/formacao\/\" class=\"term-badge term-badge--area term-badge--area-formacao-fpa\" style=\"background-color:#0060bd;color:#ffffff;\">Forma\u00e7\u00e3o FPA<\/a><\/div><div class=\"post-card__taxonomy post-card__taxonomy--projeto post-card__taxonomy--capped\"><a href=\"https:\/\/fpabramo.org.br\/es\/projeto\/cuadernos-de-entrenamiento\/\" class=\"term-badge term-badge--projeto term-badge--projeto-cuadernos-de-entrenamiento\" style=\"background-color:#fbea93;color:#111111;\">Cuadernos de entrenamiento<\/a><\/div><div class=\"post-card__taxonomy post-card__taxonomy--tipo_material\"><a href=\"https:\/\/fpabramo.org.br\/es\/tipo-material\/cuaderno\/\" class=\"term-badge term-badge--tipo_material term-badge--tipo_material-cuaderno\" style=\"background-color:#ea9010;border: 1px solid #964b03;\">Cuaderno<\/a><\/div><div class=\"post-card__taxonomy post-card__taxonomy--formato\"><a href=\"https:\/\/fpabramo.org.br\/es\/formato\/pdf\/\" class=\"term-badge term-badge--formato term-badge--formato-pdf\" style=\"\">PDF<\/a><\/div>\n\n                \n            <\/div>\n        \n        \n    <\/div>\n<\/article>\n\n                <\/div>\n                            <div class=\"swiper-slide\">\n                \n<article id=\"post-ID-135741-69f0b4c28d6a9\" class=\"post-card post-card--material  swiper-slide\">\n\n    <header class=\"post-card__image\">\n                 <a href=\"https:\/\/fpabramo.org.br\/es\/material\/folleto-de-seguridad-publica\/\" aria-label=\"Folleto de seguridad p\u00fablica\">\n                            <img decoding=\"async\" width=\"1810\" height=\"2560\" src=\"https:\/\/fpabramo.org.br\/wp-content\/uploads\/2026\/02\/CAPA-cartilha-seguranca-publica-fpa-nov-25-2-1-scaled.webp\" class=\"attachment-card-large size-card-large wp-post-image\" alt=\"\" srcset=\"https:\/\/fpabramo.org.br\/wp-content\/uploads\/2026\/02\/CAPA-cartilha-seguranca-publica-fpa-nov-25-2-1-scaled.webp 1810w, https:\/\/fpabramo.org.br\/wp-content\/uploads\/2026\/02\/CAPA-cartilha-seguranca-publica-fpa-nov-25-2-1-212x300.webp 212w, https:\/\/fpabramo.org.br\/wp-content\/uploads\/2026\/02\/CAPA-cartilha-seguranca-publica-fpa-nov-25-2-1-724x1024.webp 724w, https:\/\/fpabramo.org.br\/wp-content\/uploads\/2026\/02\/CAPA-cartilha-seguranca-publica-fpa-nov-25-2-1-106x150.webp 106w, https:\/\/fpabramo.org.br\/wp-content\/uploads\/2026\/02\/CAPA-cartilha-seguranca-publica-fpa-nov-25-2-1-768x1086.webp 768w, https:\/\/fpabramo.org.br\/wp-content\/uploads\/2026\/02\/CAPA-cartilha-seguranca-publica-fpa-nov-25-2-1-1086x1536.webp 1086w, https:\/\/fpabramo.org.br\/wp-content\/uploads\/2026\/02\/CAPA-cartilha-seguranca-publica-fpa-nov-25-2-1-1448x2048.webp 1448w\" sizes=\"(max-width: 1810px) 100vw, 1810px\" \/>                    <\/a>\n    <\/header>\n\n    <div class=\"post-card__content\">\n                    <div class=\"post-card__category\">\n                                    <a class=\"tag tag--solid tag--category-capacitacion\"\n                       href=\"https:\/\/fpabramo.org.br\/es\/category\/capacitacion\/\">\n                        Capacitaci\u00f3n                    <\/a>\n                            <\/div>\n        \n        \n        <h3 class=\"post-card__title\">\n            <a href=\"https:\/\/fpabramo.org.br\/es\/material\/folleto-de-seguridad-publica\/\">Folleto de seguridad p\u00fablica<\/a>\n        <\/h3>\n\n        <div class=\"post-card__meta\">\n\n            \n            \n        <\/div>\n\n\n        \n                    <div class=\"post-card__meta post-card__meta--pods\">\n\n                <div class=\"post-card__taxonomy post-card__taxonomy--area post-card__taxonomy--capped\"><a href=\"https:\/\/fpabramo.org.br\/es\/formacao\/\" class=\"term-badge term-badge--area term-badge--area-formacao-fpa\" style=\"background-color:#0060bd;color:#ffffff;\">Forma\u00e7\u00e3o FPA<\/a><\/div><div class=\"post-card__taxonomy post-card__taxonomy--projeto post-card__taxonomy--capped\"><a href=\"https:\/\/fpabramo.org.br\/es\/projeto\/cuadernos-de-entrenamiento\/\" class=\"term-badge term-badge--projeto term-badge--projeto-cuadernos-de-entrenamiento\" style=\"background-color:#fbea93;color:#111111;\">Cuadernos de entrenamiento<\/a><\/div><div class=\"post-card__taxonomy post-card__taxonomy--tipo_material\"><a href=\"https:\/\/fpabramo.org.br\/es\/tipo-material\/cartilha-es\/\" class=\"term-badge term-badge--tipo_material term-badge--tipo_material-cartilha-es\" style=\"background-color:#bfdefd;border: 1px solid #0060bd;\">Cartilha<\/a><\/div>\n\n                \n            <\/div>\n        \n        \n    <\/div>\n<\/article>\n\n                <\/div>\n                            <div class=\"swiper-slide\">\n                \n<article id=\"post-ID-135520-69f0b4c28d8b5\" class=\"post-card post-card--material  swiper-slide\">\n\n    <header class=\"post-card__image\">\n                 <a href=\"https:\/\/fpabramo.org.br\/es\/material\/escenario-politico-de-la-realidad-brasilena\/\" aria-label=\"Escenario pol\u00edtico de la realidad brasile\u00f1a\">\n                            <img decoding=\"async\" width=\"1810\" height=\"2560\" src=\"https:\/\/fpabramo.org.br\/wp-content\/uploads\/2026\/02\/CAPA-caderno-realidade-brasileira-scaled.webp\" class=\"attachment-card-large size-card-large wp-post-image\" alt=\"\" srcset=\"https:\/\/fpabramo.org.br\/wp-content\/uploads\/2026\/02\/CAPA-caderno-realidade-brasileira-scaled.webp 1810w, https:\/\/fpabramo.org.br\/wp-content\/uploads\/2026\/02\/CAPA-caderno-realidade-brasileira-212x300.webp 212w, https:\/\/fpabramo.org.br\/wp-content\/uploads\/2026\/02\/CAPA-caderno-realidade-brasileira-724x1024.webp 724w, https:\/\/fpabramo.org.br\/wp-content\/uploads\/2026\/02\/CAPA-caderno-realidade-brasileira-106x150.webp 106w, https:\/\/fpabramo.org.br\/wp-content\/uploads\/2026\/02\/CAPA-caderno-realidade-brasileira-768x1086.webp 768w, https:\/\/fpabramo.org.br\/wp-content\/uploads\/2026\/02\/CAPA-caderno-realidade-brasileira-1086x1536.webp 1086w, https:\/\/fpabramo.org.br\/wp-content\/uploads\/2026\/02\/CAPA-caderno-realidade-brasileira-1448x2048.webp 1448w\" sizes=\"(max-width: 1810px) 100vw, 1810px\" \/>                    <\/a>\n    <\/header>\n\n    <div class=\"post-card__content\">\n                    <div class=\"post-card__category\">\n                                    <a class=\"tag tag--solid tag--category-capacitacion\"\n                       href=\"https:\/\/fpabramo.org.br\/es\/category\/capacitacion\/\">\n                        Capacitaci\u00f3n                    <\/a>\n                            <\/div>\n        \n        \n        <h3 class=\"post-card__title\">\n            <a href=\"https:\/\/fpabramo.org.br\/es\/material\/escenario-politico-de-la-realidad-brasilena\/\">Escenario pol\u00edtico de la realidad brasile\u00f1a<\/a>\n        <\/h3>\n\n        <div class=\"post-card__meta\">\n\n            \n            \n        <\/div>\n\n\n        \n                    <div class=\"post-card__meta post-card__meta--pods\">\n\n                <div class=\"post-card__taxonomy post-card__taxonomy--area post-card__taxonomy--capped\"><a href=\"https:\/\/fpabramo.org.br\/es\/formacao\/\" class=\"term-badge term-badge--area term-badge--area-formacao-fpa\" style=\"background-color:#0060bd;color:#ffffff;\">Forma\u00e7\u00e3o FPA<\/a><\/div><div class=\"post-card__taxonomy post-card__taxonomy--projeto post-card__taxonomy--capped\"><a href=\"https:\/\/fpabramo.org.br\/es\/projeto\/cuadernos-de-entrenamiento\/\" class=\"term-badge term-badge--projeto term-badge--projeto-cuadernos-de-entrenamiento\" style=\"background-color:#fbea93;color:#111111;\">Cuadernos de entrenamiento<\/a><\/div><div class=\"post-card__taxonomy post-card__taxonomy--tipo_material\"><a href=\"https:\/\/fpabramo.org.br\/es\/tipo-material\/cuaderno\/\" class=\"term-badge term-badge--tipo_material term-badge--tipo_material-cuaderno\" style=\"background-color:#ea9010;border: 1px solid #964b03;\">Cuaderno<\/a><\/div><div class=\"post-card__taxonomy post-card__taxonomy--formato\"><a href=\"https:\/\/fpabramo.org.br\/es\/formato\/pdf\/\" class=\"term-badge term-badge--formato term-badge--formato-pdf\" style=\"\">PDF<\/a><\/div>\n\n                \n            <\/div>\n        \n        \n    <\/div>\n<\/article>\n\n                <\/div>\n                            <div class=\"swiper-slide\">\n                \n<article id=\"post-ID-135532-69f0b4c28dafb\" class=\"post-card post-card--material  swiper-slide\">\n\n    <header class=\"post-card__image\">\n                 <a href=\"https:\/\/fpabramo.org.br\/es\/material\/estudo-participacao-institucional-e-periferias\/\" aria-label=\"Estudio: Participaci\u00f3n institucional y periferias\">\n                            <img decoding=\"async\" width=\"1810\" height=\"2560\" src=\"https:\/\/fpabramo.org.br\/wp-content\/uploads\/2026\/02\/CAPA-PARTICIPACAO-INSTITUCIONAL-E-PERIFERIAS-4-1-scaled.webp\" class=\"attachment-card-large size-card-large wp-post-image\" alt=\"\" srcset=\"https:\/\/fpabramo.org.br\/wp-content\/uploads\/2026\/02\/CAPA-PARTICIPACAO-INSTITUCIONAL-E-PERIFERIAS-4-1-scaled.webp 1810w, https:\/\/fpabramo.org.br\/wp-content\/uploads\/2026\/02\/CAPA-PARTICIPACAO-INSTITUCIONAL-E-PERIFERIAS-4-1-212x300.webp 212w, https:\/\/fpabramo.org.br\/wp-content\/uploads\/2026\/02\/CAPA-PARTICIPACAO-INSTITUCIONAL-E-PERIFERIAS-4-1-724x1024.webp 724w, https:\/\/fpabramo.org.br\/wp-content\/uploads\/2026\/02\/CAPA-PARTICIPACAO-INSTITUCIONAL-E-PERIFERIAS-4-1-106x150.webp 106w, https:\/\/fpabramo.org.br\/wp-content\/uploads\/2026\/02\/CAPA-PARTICIPACAO-INSTITUCIONAL-E-PERIFERIAS-4-1-768x1086.webp 768w, https:\/\/fpabramo.org.br\/wp-content\/uploads\/2026\/02\/CAPA-PARTICIPACAO-INSTITUCIONAL-E-PERIFERIAS-4-1-1086x1536.webp 1086w, https:\/\/fpabramo.org.br\/wp-content\/uploads\/2026\/02\/CAPA-PARTICIPACAO-INSTITUCIONAL-E-PERIFERIAS-4-1-1448x2048.webp 1448w\" sizes=\"(max-width: 1810px) 100vw, 1810px\" \/>                    <\/a>\n    <\/header>\n\n    <div class=\"post-card__content\">\n                    <div class=\"post-card__category\">\n                                    <a class=\"tag tag--solid tag--category-capacitacion\"\n                       href=\"https:\/\/fpabramo.org.br\/es\/category\/capacitacion\/\">\n                        Capacitaci\u00f3n                    <\/a>\n                            <\/div>\n        \n        \n        <h3 class=\"post-card__title\">\n            <a href=\"https:\/\/fpabramo.org.br\/es\/material\/estudo-participacao-institucional-e-periferias\/\">Estudio: Participaci\u00f3n institucional y periferias<\/a>\n        <\/h3>\n\n        <div class=\"post-card__meta\">\n\n            \n            \n        <\/div>\n\n\n        \n                    <div class=\"post-card__meta post-card__meta--pods\">\n\n                <div class=\"post-card__taxonomy post-card__taxonomy--area post-card__taxonomy--capped\"><a href=\"https:\/\/fpabramo.org.br\/es\/editora\/\" class=\"term-badge term-badge--area term-badge--area-editora-fpa\" style=\"background-color:#cc93c6;color:#000000;\">Editora FPA<\/a><\/div><div class=\"post-card__taxonomy post-card__taxonomy--projeto post-card__taxonomy--capped\"><a href=\"https:\/\/fpabramo.org.br\/projeto\/cadernos-de-formacao\/\" class=\"term-badge term-badge--projeto term-badge--projeto-cadernos-de-formacao\" style=\"background-color:#fbea93;color:#111111;\">Cadernos de Forma\u00e7\u00e3o<\/a><a href=\"https:\/\/fpabramo.org.br\/es\/projeto\/cuadernos-de-entrenamiento\/\" class=\"term-badge term-badge--projeto term-badge--projeto-cuadernos-de-entrenamiento\" style=\"background-color:#fbea93;color:#111111;\">Cuadernos de entrenamiento<\/a><a href=\"https:\/\/fpabramo.org.br\/es\/reconexaoperiferias\/\" class=\"term-badge term-badge--projeto term-badge--projeto-reconexao-periferias\" style=\"background-color:#f5bc6b;color:#111111;\">Reconex\u00e3o Periferias<\/a><\/div><div class=\"post-card__taxonomy post-card__taxonomy--tipo_material\"><a href=\"https:\/\/fpabramo.org.br\/es\/tipo-material\/cuaderno\/\" class=\"term-badge term-badge--tipo_material term-badge--tipo_material-cuaderno\" style=\"background-color:#ea9010;border: 1px solid #964b03;\">Cuaderno<\/a><\/div><div class=\"post-card__taxonomy post-card__taxonomy--formato\"><a href=\"https:\/\/fpabramo.org.br\/formato\/pdf\/\" class=\"term-badge term-badge--formato term-badge--formato-pdf\" style=\"\">PDF<\/a><a href=\"https:\/\/fpabramo.org.br\/es\/formato\/pdf\/\" class=\"term-badge term-badge--formato term-badge--formato-pdf\" style=\"\">PDF<\/a><\/div>\n\n                \n            <\/div>\n        \n        \n    <\/div>\n<\/article>\n\n                <\/div>\n                            <div class=\"swiper-slide\">\n                \n<article id=\"post-ID-115626-69f0b4c28ddd4\" class=\"post-card post-card--material  swiper-slide\">\n\n    <header class=\"post-card__image\">\n                 <a href=\"https:\/\/fpabramo.org.br\/es\/material\/cartilha-evangelica\/\" aria-label=\"Cartilha Evang\u00e9lica\">\n                            <img decoding=\"async\" width=\"620\" height=\"877\" src=\"https:\/\/fpabramo.org.br\/wp-content\/uploads\/2026\/01\/capacartilhaevangelica.webp\" class=\"attachment-card-large size-card-large wp-post-image\" alt=\"\" srcset=\"https:\/\/fpabramo.org.br\/wp-content\/uploads\/2026\/01\/capacartilhaevangelica.webp 620w, https:\/\/fpabramo.org.br\/wp-content\/uploads\/2026\/01\/capacartilhaevangelica-212x300.webp 212w, https:\/\/fpabramo.org.br\/wp-content\/uploads\/2026\/01\/capacartilhaevangelica-106x150.webp 106w\" sizes=\"(max-width: 620px) 100vw, 620px\" \/>                    <\/a>\n    <\/header>\n\n    <div class=\"post-card__content\">\n                    <div class=\"post-card__category\">\n                                    <a class=\"tag tag--solid tag--category-capacitacion\"\n                       href=\"https:\/\/fpabramo.org.br\/es\/category\/capacitacion\/\">\n                        Capacitaci\u00f3n                    <\/a>\n                            <\/div>\n        \n        \n        <h3 class=\"post-card__title\">\n            <a href=\"https:\/\/fpabramo.org.br\/es\/material\/cartilha-evangelica\/\">Cartilha Evang\u00e9lica<\/a>\n        <\/h3>\n\n        <div class=\"post-card__meta\">\n\n            \n            \n        <\/div>\n\n\n        \n                    <div class=\"post-card__meta post-card__meta--pods\">\n\n                <div class=\"post-card__taxonomy post-card__taxonomy--area post-card__taxonomy--capped\"><a href=\"https:\/\/fpabramo.org.br\/es\/formacao\/\" class=\"term-badge term-badge--area term-badge--area-formacao-fpa\" style=\"background-color:#0060bd;color:#ffffff;\">Forma\u00e7\u00e3o FPA<\/a><\/div><div class=\"post-card__taxonomy post-card__taxonomy--projeto post-card__taxonomy--capped\"><a href=\"https:\/\/fpabramo.org.br\/es\/projeto\/cuadernos-de-entrenamiento\/\" class=\"term-badge term-badge--projeto term-badge--projeto-cuadernos-de-entrenamiento\" style=\"background-color:#fbea93;color:#111111;\">Cuadernos de entrenamiento<\/a><\/div><div class=\"post-card__taxonomy post-card__taxonomy--tipo_material\"><a href=\"https:\/\/fpabramo.org.br\/es\/tipo-material\/cartilha-es\/\" class=\"term-badge term-badge--tipo_material term-badge--tipo_material-cartilha-es\" style=\"background-color:#bfdefd;border: 1px solid #0060bd;\">Cartilha<\/a><\/div><div class=\"post-card__taxonomy post-card__taxonomy--formato\"><a href=\"https:\/\/fpabramo.org.br\/es\/formato\/pdf\/\" class=\"term-badge term-badge--formato term-badge--formato-pdf\" style=\"\">PDF<\/a><\/div>\n\n                \n            <\/div>\n        \n        \n    <\/div>\n<\/article>\n\n                <\/div>\n                        <\/div>\n            <div class=\"swiper-pagination\"><\/div>\n                            <div class=\"swiper-button-prev\">\n                    \n    <svg width=\"40\" height=\"40\" version=\"1.1\" viewBox=\"0 0 40 40\" xmlns=\"http:\/\/www.w3.org\/2000\/svg\">\n        <circle cx=\"20\" cy=\"20\" r=\"20\" fill=\"#fff\"\/>\n        <path d=\"m18.8 20 4.6-4.6-1.4-1.4-6 6 6 6 1.4-1.4z\" fill=\"#1c1b1f\"\/>\n    <\/svg>\n                    <\/div>\n                <div class=\"swiper-button-next\">\n                    \n    <svg width=\"40\" height=\"40\" version=\"1.1\" viewBox=\"0 0 40 40\" xmlns=\"http:\/\/www.w3.org\/2000\/svg\">\n        <circle cx=\"20\" cy=\"20\" r=\"20\" fill=\"#fff\"\/>\n        <path d=\"m20.6 20-4.6-4.6 1.4-1.4 6 6-6 6-1.4-1.4z\" fill=\"#1c1b1f\"\/>\n    <\/svg>\n                    <\/div>\n                    <\/section>\n    <\/div>\n    \n    \n\n\n<div class=\"wp-block-group link-listings is-content-justification-right is-nowrap is-layout-flex wp-container-core-group-is-layout-82baacbd wp-block-group-is-layout-flex\">\n<p class=\"has-text-align-left has-tertiary-dark-color has-text-color has-link-color has-x-small-font-size wp-elements-a7d93f16ca6244d6b111fe83d8430d92\" style=\"letter-spacing:1.6px;text-transform:uppercase\"><a href=\"\/es\/material\">Todos los materiales<\/a><\/p>\n\n\n\n<figure class=\"wp-block-image size-full is-resized\"><a href=\"\/es\/material\"><img decoding=\"async\" src=\"https:\/\/fpabramo.org.br\/wp-content\/uploads\/2025\/10\/east.png\" alt=\"\" class=\"wp-image-228\" style=\"width:20px;height:auto\"\/><\/a><\/figure>\n<\/div>\n<\/div>\n\n\n\n<div class=\"wp-block-group alignfull book-slider has-secondary-pure-background-color has-background is-layout-constrained wp-container-core-group-is-layout-a4c69c57 wp-block-group-is-layout-constrained\">\n<div class=\"wp-block-columns alignwide is-layout-flex wp-container-core-columns-is-layout-28f84493 wp-block-columns-is-layout-flex\">\n<div class=\"wp-block-column is-layout-flow wp-block-column-is-layout-flow\">\n<div class=\"wp-block-group is-nowrap is-layout-flex wp-container-core-group-is-layout-fc054d2d wp-block-group-is-layout-flex\">\n<figure class=\"wp-block-image size-full is-resized is-style-default wp-duotone-unset-1\"><img decoding=\"async\" width=\"40\" height=\"40\" src=\"https:\/\/fpabramo.org.br\/wp-content\/uploads\/2026\/01\/menu_book-4.webp\" alt=\"\" class=\"wp-image-90238\" style=\"width:37px;height:auto\"\/><\/figure>\n\n\n\n<h2 class=\"wp-block-heading has-x-large-font-size\" style=\"font-style:normal;font-weight:700\">Libros, cartillas y cuadernos<\/h2>\n<\/div>\n<\/div>\n\n\n\n<div class=\"wp-block-column is-vertically-aligned-center is-layout-flow wp-block-column-is-layout-flow\"><\/div>\n<\/div>\n\n\n\n    <div class=\"hacklabr-posts-slider-block alignwide\">\n        <script type=\"application\/json\" hidden>{\"a11y\":{\"enabled\":true,\"firstSlideMessage\":\"Esta es la primera diapositiva\",\"lastSlideMessage\":\"Esta es la \\u00faltima diapositiva\",\"nextSlideMessage\":\"Siguiente diapositiva\",\"paginationBulletMessage\":\"Ir a la diapositiva {{index}}\",\"prevSlideMessage\":\"Diapositiva anterior\"},\"autoplay\":false,\"centeredSlides\":false,\"loop\":false,\"navigation\":{\"nextEl\":\".swiper-button-next\",\"prevEl\":\".swiper-button-prev\"},\"pagination\":false,\"rewind\":true,\"slidesPerGroup\":2,\"slidesPerView\":2,\"spaceBetween\":16,\"speed\":300,\"breakpoints\":{\"768\":{\"centeredSlides\":false,\"slidesPerGroup\":1,\"slidesPerView\":4,\"spaceBetween\":32}}}<\/script>\n        <section class=\"swiper\">\n            <div class=\"swiper-wrapper\">\n                            <div class=\"swiper-slide\">\n                \n<article id=\"post-ID-115356-69f0b4c28f1e5\" class=\"post-card post-card--livro  swiper-slide\">\n\n    <header class=\"post-card__image\">\n                 <a href=\"https:\/\/fpabramo.org.br\/es\/livro\/inteligencia-artificial-sociedade-e-classe\/\" aria-label=\"Inteligencia artificial, sociedad y clase\">\n                            <img decoding=\"async\" width=\"826\" height=\"1304\" src=\"https:\/\/fpabramo.org.br\/wp-content\/uploads\/2025\/12\/17-Inteligencia-Artificial-sociedade-e-classe.jpg\" class=\"attachment-card-large size-card-large wp-post-image\" alt=\"\" srcset=\"https:\/\/fpabramo.org.br\/wp-content\/uploads\/2025\/12\/17-Inteligencia-Artificial-sociedade-e-classe.jpg 826w, https:\/\/fpabramo.org.br\/wp-content\/uploads\/2025\/12\/17-Inteligencia-Artificial-sociedade-e-classe-190x300.jpg 190w, https:\/\/fpabramo.org.br\/wp-content\/uploads\/2025\/12\/17-Inteligencia-Artificial-sociedade-e-classe-649x1024.jpg 649w, https:\/\/fpabramo.org.br\/wp-content\/uploads\/2025\/12\/17-Inteligencia-Artificial-sociedade-e-classe-768x1212.jpg 768w\" sizes=\"(max-width: 826px) 100vw, 826px\" \/>                    <\/a>\n    <\/header>\n\n    <div class=\"post-card__content\">\n        \n        \n        <h3 class=\"post-card__title\">\n            <a href=\"https:\/\/fpabramo.org.br\/es\/livro\/inteligencia-artificial-sociedade-e-classe\/\">Inteligencia artificial, sociedad y clase<\/a>\n        <\/h3>\n\n        <div class=\"post-card__meta\">\n\n            \n                            <time class=\"post-card__date\">\n                    publicado                    18\/12\/2025                <\/time>\n            \n        <\/div>\n\n\n        \n                    <div class=\"post-card__meta post-card__meta--pods\">\n\n                <div class=\"post-card__taxonomy post-card__taxonomy--tipo_material\"><a href=\"https:\/\/fpabramo.org.br\/es\/tipo-material\/libro\/\" class=\"term-badge term-badge--tipo_material term-badge--tipo_material-libro\" style=\"background-color:#edd9eb;border: 1px solid #99488f;\">Libro<\/a><\/div>\n\n                <div class=\"post-card__taxonomy post-card__taxonomy--tema\"><a href=\"https:\/\/fpabramo.org.br\/es\/tema\/ciencia-tecnologia-e-innovacion\/\" class=\"post-card__taxonomy-item\">Ciencia, tecnolog\u00eda e innovaci\u00f3n<\/a><a href=\"https:\/\/fpabramo.org.br\/tema\/tecnologia-da-informacao-e-comunicacao\/\" class=\"post-card__taxonomy-item\">Tecnologia da Informa\u00e7\u00e3o e Comunica\u00e7\u00e3o<\/a><a href=\"https:\/\/fpabramo.org.br\/es\/tema\/tecnologias-de-la-informacion\/\" class=\"post-card__taxonomy-item\">Tecnolog\u00edas de la Informaci\u00f3n<\/a><\/div>\n            <\/div>\n        \n        \n    <\/div>\n<\/article>\n\n                <\/div>\n                            <div class=\"swiper-slide\">\n                \n<article id=\"post-ID-115566-69f0b4c28f81d\" class=\"post-card post-card--livro  swiper-slide\">\n\n    <header class=\"post-card__image\">\n                 <a href=\"https:\/\/fpabramo.org.br\/es\/livro\/emergencia-climatica-reflexoes-a-partir-da-classe-trabalhadora\/\" aria-label=\"Emergencia clim\u00e1tica: Reflexiones desde la clase trabajadora\">\n                            <img decoding=\"async\" width=\"1781\" height=\"2560\" src=\"https:\/\/fpabramo.org.br\/wp-content\/uploads\/2025\/12\/17-Emergencia-climatica_capa-scaled.jpeg\" class=\"attachment-card-large size-card-large wp-post-image\" alt=\"\" srcset=\"https:\/\/fpabramo.org.br\/wp-content\/uploads\/2025\/12\/17-Emergencia-climatica_capa-scaled.jpeg 1781w, https:\/\/fpabramo.org.br\/wp-content\/uploads\/2025\/12\/17-Emergencia-climatica_capa-209x300.jpeg 209w, https:\/\/fpabramo.org.br\/wp-content\/uploads\/2025\/12\/17-Emergencia-climatica_capa-712x1024.jpeg 712w, https:\/\/fpabramo.org.br\/wp-content\/uploads\/2025\/12\/17-Emergencia-climatica_capa-768x1104.jpeg 768w, https:\/\/fpabramo.org.br\/wp-content\/uploads\/2025\/12\/17-Emergencia-climatica_capa-1068x1536.jpeg 1068w, https:\/\/fpabramo.org.br\/wp-content\/uploads\/2025\/12\/17-Emergencia-climatica_capa-1424x2048.jpeg 1424w, https:\/\/fpabramo.org.br\/wp-content\/uploads\/2025\/12\/17-Emergencia-climatica_capa-1200x1725.jpeg 1200w\" sizes=\"(max-width: 1781px) 100vw, 1781px\" \/>                    <\/a>\n    <\/header>\n\n    <div class=\"post-card__content\">\n                    <div class=\"post-card__category\">\n                                    <a class=\"tag tag--solid tag--category-categoria-exemplo\"\n                       href=\"https:\/\/fpabramo.org.br\/category\/categoria-exemplo\/\">\n                        Categoria exemplo                    <\/a>\n                            <\/div>\n        \n        \n        <h3 class=\"post-card__title\">\n            <a href=\"https:\/\/fpabramo.org.br\/es\/livro\/emergencia-climatica-reflexoes-a-partir-da-classe-trabalhadora\/\">Emergencia clim\u00e1tica: Reflexiones desde la clase trabajadora<\/a>\n        <\/h3>\n\n        <div class=\"post-card__meta\">\n\n            \n                            <time class=\"post-card__date\">\n                    publicado                    15\/12\/2025                <\/time>\n            \n        <\/div>\n\n\n        \n                    <div class=\"post-card__meta post-card__meta--pods\">\n\n                <div class=\"post-card__taxonomy post-card__taxonomy--tipo_material\"><a href=\"https:\/\/fpabramo.org.br\/es\/tipo-material\/libro\/\" class=\"term-badge term-badge--tipo_material term-badge--tipo_material-libro\" style=\"background-color:#edd9eb;border: 1px solid #99488f;\">Libro<\/a><\/div>\n\n                <div class=\"post-card__taxonomy post-card__taxonomy--tema\"><a href=\"https:\/\/fpabramo.org.br\/es\/tema\/libros-brasil\/\" class=\"post-card__taxonomy-item\">Libros Brasil<\/a><\/div>\n            <\/div>\n        \n        \n    <\/div>\n<\/article>\n\n                <\/div>\n                            <div class=\"swiper-slide\">\n                \n<article id=\"post-ID-115571-69f0b4c28fc6c\" class=\"post-card post-card--livro  swiper-slide\">\n\n    <header class=\"post-card__image\">\n                 <a href=\"https:\/\/fpabramo.org.br\/es\/livro\/dialetica-do-desenvolvimento\/\" aria-label=\"Dial\u00e9ctica del desarrollo\">\n                            <img decoding=\"async\" width=\"945\" height=\"1358\" src=\"https:\/\/fpabramo.org.br\/wp-content\/uploads\/2025\/12\/17-capaDialetica-do-Desenvolvimento.jpeg\" class=\"attachment-card-large size-card-large wp-post-image\" alt=\"\" srcset=\"https:\/\/fpabramo.org.br\/wp-content\/uploads\/2025\/12\/17-capaDialetica-do-Desenvolvimento.jpeg 945w, https:\/\/fpabramo.org.br\/wp-content\/uploads\/2025\/12\/17-capaDialetica-do-Desenvolvimento-209x300.jpeg 209w, https:\/\/fpabramo.org.br\/wp-content\/uploads\/2025\/12\/17-capaDialetica-do-Desenvolvimento-713x1024.jpeg 713w, https:\/\/fpabramo.org.br\/wp-content\/uploads\/2025\/12\/17-capaDialetica-do-Desenvolvimento-768x1104.jpeg 768w\" sizes=\"(max-width: 945px) 100vw, 945px\" \/>                    <\/a>\n    <\/header>\n\n    <div class=\"post-card__content\">\n        \n        \n        <h3 class=\"post-card__title\">\n            <a href=\"https:\/\/fpabramo.org.br\/es\/livro\/dialetica-do-desenvolvimento\/\">Dial\u00e9ctica del desarrollo<\/a>\n        <\/h3>\n\n        <div class=\"post-card__meta\">\n\n            \n                            <time class=\"post-card__date\">\n                    publicado                    09\/12\/2025                <\/time>\n            \n        <\/div>\n\n\n        \n                    <div class=\"post-card__meta post-card__meta--pods\">\n\n                <div class=\"post-card__taxonomy post-card__taxonomy--area post-card__taxonomy--capped\"><a href=\"https:\/\/fpabramo.org.br\/es\/editora\/\" class=\"term-badge term-badge--area term-badge--area-editora-fpa\" style=\"background-color:#cc93c6;color:#000000;\">Editora FPA<\/a><a href=\"https:\/\/fpabramo.org.br\/es\/formacao\/\" class=\"term-badge term-badge--area term-badge--area-formacao-fpa\" style=\"background-color:#0060bd;color:#ffffff;\">Forma\u00e7\u00e3o FPA<\/a><a href=\"https:\/\/fpabramo.org.br\/es\/formacao\/\" class=\"term-badge term-badge--area term-badge--area-formacao-fpa\" style=\"background-color:#0060bd;color:#ffffff;\">Forma\u00e7\u00e3o FPA<\/a><\/div><div class=\"post-card__taxonomy post-card__taxonomy--tipo_material\"><a href=\"https:\/\/fpabramo.org.br\/es\/tipo-material\/libro\/\" class=\"term-badge term-badge--tipo_material term-badge--tipo_material-libro\" style=\"background-color:#edd9eb;border: 1px solid #99488f;\">Libro<\/a><\/div>\n\n                <div class=\"post-card__taxonomy post-card__taxonomy--tema\"><a href=\"https:\/\/fpabramo.org.br\/es\/tema\/libros-brasil\/\" class=\"post-card__taxonomy-item\">Libros Brasil<\/a><\/div>\n            <\/div>\n        \n        \n    <\/div>\n<\/article>\n\n                <\/div>\n                            <div class=\"swiper-slide\">\n                \n<article id=\"post-ID-115577-69f0b4c2900e4\" class=\"post-card post-card--livro  swiper-slide\">\n\n    <header class=\"post-card__image\">\n                 <a href=\"https:\/\/fpabramo.org.br\/es\/livro\/nao-a-alca-20-anos-depois\/\" aria-label=\"No al ALCA &#8211; 20 a\u00f1os despu\u00e9s\">\n                            <img decoding=\"async\" width=\"827\" height=\"1300\" src=\"https:\/\/fpabramo.org.br\/wp-content\/uploads\/2025\/12\/17-naoaalca20anoscapa.jpg\" class=\"attachment-card-large size-card-large wp-post-image\" alt=\"\" srcset=\"https:\/\/fpabramo.org.br\/wp-content\/uploads\/2025\/12\/17-naoaalca20anoscapa.jpg 827w, https:\/\/fpabramo.org.br\/wp-content\/uploads\/2025\/12\/17-naoaalca20anoscapa-191x300.jpg 191w, https:\/\/fpabramo.org.br\/wp-content\/uploads\/2025\/12\/17-naoaalca20anoscapa-651x1024.jpg 651w, https:\/\/fpabramo.org.br\/wp-content\/uploads\/2025\/12\/17-naoaalca20anoscapa-768x1207.jpg 768w\" sizes=\"(max-width: 827px) 100vw, 827px\" \/>                    <\/a>\n    <\/header>\n\n    <div class=\"post-card__content\">\n                    <div class=\"post-card__category\">\n                                    <a class=\"tag tag--solid tag--category-categoria-exemplo\"\n                       href=\"https:\/\/fpabramo.org.br\/category\/categoria-exemplo\/\">\n                        Categoria exemplo                    <\/a>\n                            <\/div>\n        \n        \n        <h3 class=\"post-card__title\">\n            <a href=\"https:\/\/fpabramo.org.br\/es\/livro\/nao-a-alca-20-anos-depois\/\">No al ALCA &#8211; 20 a\u00f1os despu\u00e9s<\/a>\n        <\/h3>\n\n        <div class=\"post-card__meta\">\n\n            \n                            <time class=\"post-card__date\">\n                    publicado                    08\/12\/2025                <\/time>\n            \n        <\/div>\n\n\n        \n                    <div class=\"post-card__meta post-card__meta--pods\">\n\n                <div class=\"post-card__taxonomy post-card__taxonomy--tipo_material\"><a href=\"https:\/\/fpabramo.org.br\/es\/tipo-material\/libro\/\" class=\"term-badge term-badge--tipo_material term-badge--tipo_material-libro\" style=\"background-color:#edd9eb;border: 1px solid #99488f;\">Libro<\/a><\/div>\n\n                <div class=\"post-card__taxonomy post-card__taxonomy--tema\"><a href=\"https:\/\/fpabramo.org.br\/es\/tema\/internacional\/\" class=\"post-card__taxonomy-item\">Internacional<\/a><\/div>\n            <\/div>\n        \n        \n    <\/div>\n<\/article>\n\n                <\/div>\n                            <div class=\"swiper-slide\">\n                \n<article id=\"post-ID-115580-69f0b4c2904cc\" class=\"post-card post-card--livro  swiper-slide\">\n\n    <header class=\"post-card__image\">\n                 <a href=\"https:\/\/fpabramo.org.br\/es\/livro\/direitos-humanos-no-brasil-2025\/\" aria-label=\"Derechos Humanos en Brasil 2025\">\n                            <img decoding=\"async\" width=\"1782\" height=\"2560\" src=\"https:\/\/fpabramo.org.br\/wp-content\/uploads\/2025\/12\/17-caparevistaDH2025-scaled.jpeg\" class=\"attachment-card-large size-card-large wp-post-image\" alt=\"\" srcset=\"https:\/\/fpabramo.org.br\/wp-content\/uploads\/2025\/12\/17-caparevistaDH2025-scaled.jpeg 1782w, https:\/\/fpabramo.org.br\/wp-content\/uploads\/2025\/12\/17-caparevistaDH2025-209x300.jpeg 209w, https:\/\/fpabramo.org.br\/wp-content\/uploads\/2025\/12\/17-caparevistaDH2025-713x1024.jpeg 713w, https:\/\/fpabramo.org.br\/wp-content\/uploads\/2025\/12\/17-caparevistaDH2025-768x1103.jpeg 768w, https:\/\/fpabramo.org.br\/wp-content\/uploads\/2025\/12\/17-caparevistaDH2025-1069x1536.jpeg 1069w, https:\/\/fpabramo.org.br\/wp-content\/uploads\/2025\/12\/17-caparevistaDH2025-1426x2048.jpeg 1426w, https:\/\/fpabramo.org.br\/wp-content\/uploads\/2025\/12\/17-caparevistaDH2025-1200x1724.jpeg 1200w\" sizes=\"(max-width: 1782px) 100vw, 1782px\" \/>                    <\/a>\n    <\/header>\n\n    <div class=\"post-card__content\">\n        \n        \n        <h3 class=\"post-card__title\">\n            <a href=\"https:\/\/fpabramo.org.br\/es\/livro\/direitos-humanos-no-brasil-2025\/\">Derechos Humanos en Brasil 2025<\/a>\n        <\/h3>\n\n        <div class=\"post-card__meta\">\n\n            \n                            <time class=\"post-card__date\">\n                    publicado                    08\/12\/2025                <\/time>\n            \n        <\/div>\n\n\n        \n                    <div class=\"post-card__meta post-card__meta--pods\">\n\n                <div class=\"post-card__taxonomy post-card__taxonomy--area post-card__taxonomy--capped\"><a href=\"https:\/\/fpabramo.org.br\/es\/editora\/\" class=\"term-badge term-badge--area term-badge--area-editora-fpa\" style=\"background-color:#cc93c6;color:#000000;\">Editora FPA<\/a><a href=\"https:\/\/fpabramo.org.br\/es\/formacao\/\" class=\"term-badge term-badge--area term-badge--area-formacao-fpa\" style=\"background-color:#0060bd;color:#ffffff;\">Forma\u00e7\u00e3o FPA<\/a><\/div><div class=\"post-card__taxonomy post-card__taxonomy--tipo_material\"><a href=\"https:\/\/fpabramo.org.br\/es\/tipo-material\/libro\/\" class=\"term-badge term-badge--tipo_material term-badge--tipo_material-libro\" style=\"background-color:#edd9eb;border: 1px solid #99488f;\">Libro<\/a><\/div>\n\n                <div class=\"post-card__taxonomy post-card__taxonomy--tema\"><a href=\"https:\/\/fpabramo.org.br\/es\/tema\/libros-brasil\/\" class=\"post-card__taxonomy-item\">Libros Brasil<\/a><\/div>\n            <\/div>\n        \n        \n    <\/div>\n<\/article>\n\n                <\/div>\n                            <div class=\"swiper-slide\">\n                \n<article id=\"post-ID-115585-69f0b4c290890\" class=\"post-card post-card--livro  swiper-slide\">\n\n    <header class=\"post-card__image\">\n                 <a href=\"https:\/\/fpabramo.org.br\/es\/livro\/catalogo-edicao-especial-1997-2025\/\" aria-label=\"Cat\u00e1logo de ediciones especiales &#8211; 1997-2025\">\n                            <img decoding=\"async\" width=\"1181\" height=\"1594\" src=\"https:\/\/fpabramo.org.br\/wp-content\/uploads\/2025\/11\/17-capa_Catalogo_Editora_Fundacao_Perseu_Abramo_2025.jpg\" class=\"attachment-card-large size-card-large wp-post-image\" alt=\"\" srcset=\"https:\/\/fpabramo.org.br\/wp-content\/uploads\/2025\/11\/17-capa_Catalogo_Editora_Fundacao_Perseu_Abramo_2025.jpg 1181w, https:\/\/fpabramo.org.br\/wp-content\/uploads\/2025\/11\/17-capa_Catalogo_Editora_Fundacao_Perseu_Abramo_2025-222x300.jpg 222w, https:\/\/fpabramo.org.br\/wp-content\/uploads\/2025\/11\/17-capa_Catalogo_Editora_Fundacao_Perseu_Abramo_2025-759x1024.jpg 759w, https:\/\/fpabramo.org.br\/wp-content\/uploads\/2025\/11\/17-capa_Catalogo_Editora_Fundacao_Perseu_Abramo_2025-768x1037.jpg 768w, https:\/\/fpabramo.org.br\/wp-content\/uploads\/2025\/11\/17-capa_Catalogo_Editora_Fundacao_Perseu_Abramo_2025-1138x1536.jpg 1138w\" sizes=\"(max-width: 1181px) 100vw, 1181px\" \/>                    <\/a>\n    <\/header>\n\n    <div class=\"post-card__content\">\n                    <div class=\"post-card__category\">\n                                    <a class=\"tag tag--solid tag--category-institucional\"\n                       href=\"https:\/\/fpabramo.org.br\/es\/category\/institucional\/\">\n                        Institucional                    <\/a>\n                            <\/div>\n        \n        \n        <h3 class=\"post-card__title\">\n            <a href=\"https:\/\/fpabramo.org.br\/es\/livro\/catalogo-edicao-especial-1997-2025\/\">Cat\u00e1logo de ediciones especiales &#8211; 1997-2025<\/a>\n        <\/h3>\n\n        <div class=\"post-card__meta\">\n\n            \n                            <time class=\"post-card__date\">\n                    publicado                    24\/11\/2025                <\/time>\n            \n        <\/div>\n\n\n        \n                    <div class=\"post-card__meta post-card__meta--pods\">\n\n                <div class=\"post-card__taxonomy post-card__taxonomy--tipo_material\"><a href=\"https:\/\/fpabramo.org.br\/es\/tipo-material\/libro\/\" class=\"term-badge term-badge--tipo_material term-badge--tipo_material-libro\" style=\"background-color:#edd9eb;border: 1px solid #99488f;\">Libro<\/a><\/div>\n\n                <div class=\"post-card__taxonomy post-card__taxonomy--tema\"><a href=\"https:\/\/fpabramo.org.br\/es\/tema\/pt\/\" class=\"post-card__taxonomy-item\">PT<\/a><\/div>\n            <\/div>\n        \n        \n    <\/div>\n<\/article>\n\n                <\/div>\n                            <div class=\"swiper-slide\">\n                \n<article id=\"post-ID-115591-69f0b4c290c90\" class=\"post-card post-card--livro  swiper-slide\">\n\n    <header class=\"post-card__image\">\n                 <a href=\"https:\/\/fpabramo.org.br\/es\/livro\/29-anos-de-economia-brasileira-1995-2023\/\" aria-label=\"29 a\u00f1os de la econom\u00eda brasile\u00f1a 1995-2023\">\n                            <img decoding=\"async\" width=\"1201\" height=\"1271\" src=\"https:\/\/fpabramo.org.br\/wp-content\/uploads\/2025\/11\/17-29-anos-anos-de-economia-brasileira-1995-2023.jpg\" class=\"attachment-card-large size-card-large wp-post-image\" alt=\"\" srcset=\"https:\/\/fpabramo.org.br\/wp-content\/uploads\/2025\/11\/17-29-anos-anos-de-economia-brasileira-1995-2023.jpg 1201w, https:\/\/fpabramo.org.br\/wp-content\/uploads\/2025\/11\/17-29-anos-anos-de-economia-brasileira-1995-2023-283x300.jpg 283w, https:\/\/fpabramo.org.br\/wp-content\/uploads\/2025\/11\/17-29-anos-anos-de-economia-brasileira-1995-2023-968x1024.jpg 968w, https:\/\/fpabramo.org.br\/wp-content\/uploads\/2025\/11\/17-29-anos-anos-de-economia-brasileira-1995-2023-768x813.jpg 768w\" sizes=\"(max-width: 1201px) 100vw, 1201px\" \/>                    <\/a>\n    <\/header>\n\n    <div class=\"post-card__content\">\n                    <div class=\"post-card__category\">\n                                    <a class=\"tag tag--solid tag--category-categoria-exemplo\"\n                       href=\"https:\/\/fpabramo.org.br\/category\/categoria-exemplo\/\">\n                        Categoria exemplo                    <\/a>\n                            <\/div>\n        \n        \n        <h3 class=\"post-card__title\">\n            <a href=\"https:\/\/fpabramo.org.br\/es\/livro\/29-anos-de-economia-brasileira-1995-2023\/\">29 a\u00f1os de la econom\u00eda brasile\u00f1a 1995-2023<\/a>\n        <\/h3>\n\n        <div class=\"post-card__meta\">\n\n            \n                            <time class=\"post-card__date\">\n                    publicado                    18\/11\/2025                <\/time>\n            \n        <\/div>\n\n\n        \n                    <div class=\"post-card__meta post-card__meta--pods\">\n\n                <div class=\"post-card__taxonomy post-card__taxonomy--tipo_material\"><a href=\"https:\/\/fpabramo.org.br\/es\/tipo-material\/libro\/\" class=\"term-badge term-badge--tipo_material term-badge--tipo_material-libro\" style=\"background-color:#edd9eb;border: 1px solid #99488f;\">Libro<\/a><\/div>\n\n                <div class=\"post-card__taxonomy post-card__taxonomy--tema\"><a href=\"https:\/\/fpabramo.org.br\/es\/tema\/libros-brasil\/\" class=\"post-card__taxonomy-item\">Libros Brasil<\/a><\/div>\n            <\/div>\n        \n        \n    <\/div>\n<\/article>\n\n                <\/div>\n                            <div class=\"swiper-slide\">\n                \n<article id=\"post-ID-115596-69f0b4c290fa7\" class=\"post-card post-card--livro  swiper-slide\">\n\n    <header class=\"post-card__image\">\n                 <a href=\"https:\/\/fpabramo.org.br\/es\/livro\/1917-1987-socialismo-em-debate-caderno-de-fotos\/\" aria-label=\"1917-1987: El socialismo en debate &#8211; \u00c1lbum de fotos\">\n                            <img decoding=\"async\" width=\"1894\" height=\"2560\" src=\"https:\/\/fpabramo.org.br\/wp-content\/uploads\/2025\/11\/17-1917-1987_socialismo_em_debate_caderno_fotos-scaled.jpeg\" class=\"attachment-card-large size-card-large wp-post-image\" alt=\"\" srcset=\"https:\/\/fpabramo.org.br\/wp-content\/uploads\/2025\/11\/17-1917-1987_socialismo_em_debate_caderno_fotos-scaled.jpeg 1894w, https:\/\/fpabramo.org.br\/wp-content\/uploads\/2025\/11\/17-1917-1987_socialismo_em_debate_caderno_fotos-222x300.jpeg 222w, https:\/\/fpabramo.org.br\/wp-content\/uploads\/2025\/11\/17-1917-1987_socialismo_em_debate_caderno_fotos-758x1024.jpeg 758w, https:\/\/fpabramo.org.br\/wp-content\/uploads\/2025\/11\/17-1917-1987_socialismo_em_debate_caderno_fotos-768x1038.jpeg 768w, https:\/\/fpabramo.org.br\/wp-content\/uploads\/2025\/11\/17-1917-1987_socialismo_em_debate_caderno_fotos-1136x1536.jpeg 1136w, https:\/\/fpabramo.org.br\/wp-content\/uploads\/2025\/11\/17-1917-1987_socialismo_em_debate_caderno_fotos-1515x2048.jpeg 1515w, https:\/\/fpabramo.org.br\/wp-content\/uploads\/2025\/11\/17-1917-1987_socialismo_em_debate_caderno_fotos-1200x1622.jpeg 1200w\" sizes=\"(max-width: 1894px) 100vw, 1894px\" \/>                    <\/a>\n    <\/header>\n\n    <div class=\"post-card__content\">\n        \n        \n        <h3 class=\"post-card__title\">\n            <a href=\"https:\/\/fpabramo.org.br\/es\/livro\/1917-1987-socialismo-em-debate-caderno-de-fotos\/\">1917-1987: El socialismo en debate &#8211; \u00c1lbum de fotos<\/a>\n        <\/h3>\n\n        <div class=\"post-card__meta\">\n\n            \n                            <time class=\"post-card__date\">\n                    publicado                    11\/11\/2025                <\/time>\n            \n        <\/div>\n\n\n        \n                    <div class=\"post-card__meta post-card__meta--pods\">\n\n                <div class=\"post-card__taxonomy post-card__taxonomy--tipo_material\"><a href=\"https:\/\/fpabramo.org.br\/es\/tipo-material\/libro\/\" class=\"term-badge term-badge--tipo_material term-badge--tipo_material-libro\" style=\"background-color:#edd9eb;border: 1px solid #99488f;\">Libro<\/a><\/div>\n\n                <div class=\"post-card__taxonomy post-card__taxonomy--tema\"><a href=\"https:\/\/fpabramo.org.br\/es\/tema\/libros-socialismo\/\" class=\"post-card__taxonomy-item\">Libros Socialismo<\/a><a href=\"https:\/\/fpabramo.org.br\/es\/tema\/politica\/\" class=\"post-card__taxonomy-item\">Pol\u00edtica<\/a><\/div>\n            <\/div>\n        \n        \n    <\/div>\n<\/article>\n\n                <\/div>\n                            <div class=\"swiper-slide\">\n                \n<article id=\"post-ID-115601-69f0b4c291373\" class=\"post-card post-card--livro  swiper-slide\">\n\n    <header class=\"post-card__image\">\n                 <a href=\"https:\/\/fpabramo.org.br\/es\/livro\/memoria-historia-resistencia-90-anos-de-um-sindicato-de-lutas\/\" aria-label=\"Memoria, Historia, Resistencia: 90 a\u00f1os de una uni\u00f3n de luchas\">\n                            <img decoding=\"async\" width=\"1115\" height=\"1454\" src=\"https:\/\/fpabramo.org.br\/wp-content\/uploads\/2025\/11\/17-Memoria_historia_resistencia90anosdeumsidicatodelutas_capa.jpeg\" class=\"attachment-card-large size-card-large wp-post-image\" alt=\"\" srcset=\"https:\/\/fpabramo.org.br\/wp-content\/uploads\/2025\/11\/17-Memoria_historia_resistencia90anosdeumsidicatodelutas_capa.jpeg 1115w, https:\/\/fpabramo.org.br\/wp-content\/uploads\/2025\/11\/17-Memoria_historia_resistencia90anosdeumsidicatodelutas_capa-230x300.jpeg 230w, https:\/\/fpabramo.org.br\/wp-content\/uploads\/2025\/11\/17-Memoria_historia_resistencia90anosdeumsidicatodelutas_capa-785x1024.jpeg 785w, https:\/\/fpabramo.org.br\/wp-content\/uploads\/2025\/11\/17-Memoria_historia_resistencia90anosdeumsidicatodelutas_capa-768x1001.jpeg 768w\" sizes=\"(max-width: 1115px) 100vw, 1115px\" \/>                    <\/a>\n    <\/header>\n\n    <div class=\"post-card__content\">\n        \n        \n        <h3 class=\"post-card__title\">\n            <a href=\"https:\/\/fpabramo.org.br\/es\/livro\/memoria-historia-resistencia-90-anos-de-um-sindicato-de-lutas\/\">Memoria, Historia, Resistencia: 90 a\u00f1os de una uni\u00f3n de luchas<\/a>\n        <\/h3>\n\n        <div class=\"post-card__meta\">\n\n            \n                            <time class=\"post-card__date\">\n                    publicado                    07\/11\/2025                <\/time>\n            \n        <\/div>\n\n\n        \n                    <div class=\"post-card__meta post-card__meta--pods\">\n\n                <div class=\"post-card__taxonomy post-card__taxonomy--area post-card__taxonomy--capped\"><a href=\"https:\/\/fpabramo.org.br\/es\/editora\/\" class=\"term-badge term-badge--area term-badge--area-editora-fpa\" style=\"background-color:#cc93c6;color:#000000;\">Editora FPA<\/a><a href=\"https:\/\/fpabramo.org.br\/es\/formacao\/\" class=\"term-badge term-badge--area term-badge--area-formacao-fpa\" style=\"background-color:#0060bd;color:#ffffff;\">Forma\u00e7\u00e3o FPA<\/a><\/div><div class=\"post-card__taxonomy post-card__taxonomy--tipo_material\"><a href=\"https:\/\/fpabramo.org.br\/es\/tipo-material\/libro\/\" class=\"term-badge term-badge--tipo_material term-badge--tipo_material-libro\" style=\"background-color:#edd9eb;border: 1px solid #99488f;\">Libro<\/a><\/div>\n\n                <div class=\"post-card__taxonomy post-card__taxonomy--tema\"><a href=\"https:\/\/fpabramo.org.br\/es\/tema\/libros-historia\/\" class=\"post-card__taxonomy-item\">Libros Historia<\/a><\/div>\n            <\/div>\n        \n        \n    <\/div>\n<\/article>\n\n                <\/div>\n                        <\/div>\n            <div class=\"swiper-pagination\"><\/div>\n                            <div class=\"swiper-button-prev\">\n                    \n    <svg width=\"40\" height=\"40\" version=\"1.1\" viewBox=\"0 0 40 40\" xmlns=\"http:\/\/www.w3.org\/2000\/svg\">\n        <circle cx=\"20\" cy=\"20\" r=\"20\" fill=\"#fff\"\/>\n        <path d=\"m18.8 20 4.6-4.6-1.4-1.4-6 6 6 6 1.4-1.4z\" fill=\"#1c1b1f\"\/>\n    <\/svg>\n                    <\/div>\n                <div class=\"swiper-button-next\">\n                    \n    <svg width=\"40\" height=\"40\" version=\"1.1\" viewBox=\"0 0 40 40\" xmlns=\"http:\/\/www.w3.org\/2000\/svg\">\n        <circle cx=\"20\" cy=\"20\" r=\"20\" fill=\"#fff\"\/>\n        <path d=\"m20.6 20-4.6-4.6 1.4-1.4 6 6-6 6-1.4-1.4z\" fill=\"#1c1b1f\"\/>\n    <\/svg>\n                    <\/div>\n                    <\/section>\n    <\/div>\n\n    \n\n\n<div class=\"wp-block-group is-content-justification-right is-layout-constrained wp-container-core-group-is-layout-f1f2ed93 wp-block-group-is-layout-constrained\">\n<div class=\"wp-block-group link-listings link-listings-desktop is-content-justification-right is-nowrap is-layout-flex wp-container-core-group-is-layout-82baacbd wp-block-group-is-layout-flex\">\n<p class=\"has-text-align-left has-tertiary-dark-color has-text-color has-link-color has-x-small-font-size wp-elements-584fe14a517f2df128ce48a9bd83b506\" style=\"letter-spacing:1.9px;text-transform:uppercase\"><a href=\"\/es\/material\">Todos<\/a><\/p>\n\n\n\n<figure class=\"wp-block-image size-full\"><a href=\"\/es\/material\"><img decoding=\"async\" src=\"https:\/\/fpabramo.org.br\/wp-content\/uploads\/2025\/10\/east.png\" alt=\"\" class=\"wp-image-228\"\/><\/a><\/figure>\n<\/div>\n<\/div>\n<\/div>\n","protected":false},"excerpt":{"rendered":"<p>Cursos con inscripci\u00f3n abiertas Todos los cursos Todos os cursos La Formaci\u00f3n FPA tiene una asociaci\u00f3n con la Escuela Nacional de Formaci\u00f3n PT Aqu\u00ed encontrar\u00e1s cursos de ambas instituciones, para que puedas elegir el que mejor se alinee con tus agendas, prioridades y activismo. Otros materiales de formaci\u00f3n Todos los materiales Libros, cartillas y cuadernos [&hellip;]<\/p>\n","protected":false},"author":1,"featured_media":0,"parent":0,"menu_order":0,"comment_status":"closed","ping_status":"closed","template":"","meta":{"_eb_attr":"","footnotes":""},"categories":[],"area":[131],"projeto":[],"tema":[],"coauthors":[85,7007],"class_list":["post-115404","page","type-page","status-publish","hentry","area-formacao-fpa"],"_links":{"self":[{"href":"https:\/\/fpabramo.org.br\/es\/wp-json\/wp\/v2\/pages\/115404","targetHints":{"allow":["GET"]}}],"collection":[{"href":"https:\/\/fpabramo.org.br\/es\/wp-json\/wp\/v2\/pages"}],"about":[{"href":"https:\/\/fpabramo.org.br\/es\/wp-json\/wp\/v2\/types\/page"}],"author":[{"embeddable":true,"href":"https:\/\/fpabramo.org.br\/es\/wp-json\/wp\/v2\/users\/1"}],"replies":[{"embeddable":true,"href":"https:\/\/fpabramo.org.br\/es\/wp-json\/wp\/v2\/comments?post=115404"}],"version-history":[{"count":0,"href":"https:\/\/fpabramo.org.br\/es\/wp-json\/wp\/v2\/pages\/115404\/revisions"}],"wp:attachment":[{"href":"https:\/\/fpabramo.org.br\/es\/wp-json\/wp\/v2\/media?parent=115404"}],"wp:term":[{"taxonomy":"category","embeddable":true,"href":"https:\/\/fpabramo.org.br\/es\/wp-json\/wp\/v2\/categories?post=115404"},{"taxonomy":"area","embeddable":true,"href":"https:\/\/fpabramo.org.br\/es\/wp-json\/wp\/v2\/area?post=115404"},{"taxonomy":"projeto","embeddable":true,"href":"https:\/\/fpabramo.org.br\/es\/wp-json\/wp\/v2\/projeto?post=115404"},{"taxonomy":"tema","embeddable":true,"href":"https:\/\/fpabramo.org.br\/es\/wp-json\/wp\/v2\/tema?post=115404"},{"taxonomy":"author","embeddable":true,"href":"https:\/\/fpabramo.org.br\/es\/wp-json\/wp\/v2\/coauthors?post=115404"}],"curies":[{"name":"wp","href":"https:\/\/api.w.org\/{rel}","templated":true}]}}