{"id":115309,"date":"2026-01-22T07:58:59","date_gmt":"2026-01-22T10:58:59","guid":{"rendered":"https:\/\/fpabramo.org.br\/revista-reconexao-periferias\/"},"modified":"2026-02-24T14:26:49","modified_gmt":"2026-02-24T17:26:49","slug":"revista-reconexao-periferias","status":"publish","type":"page","link":"https:\/\/fpabramo.org.br\/es\/revista-reconexao-periferias\/","title":{"rendered":"Revista Reconex\u00e3o Periferias"},"content":{"rendered":"\n<div style=\"background-image:url(&apos;https:\/\/fpabramo.org.br\/wp-content\/uploads\/2026\/02\/bgRevistaReconexaoSingle.webp&apos;);background-size:cover;\" class=\"wp-block-group alignfull reconexao-magazine-page-top is-layout-constrained wp-block-group-is-layout-constrained has-background\">\n<h2 class=\"wp-block-heading alignwide has-text-align-left has-secondary-light-color has-text-color has-link-color wp-elements-aa08a05635bceca08bf7699f9d758e5c\" style=\"font-size:40px;font-style:normal;font-weight:500\">Revista Reconex\u00e3o Periferias<\/h2>\n<\/div>\n\n\n\n<div class=\"wp-block-group alignfull featured-magazine has-secondary-pure-background-color has-background is-layout-constrained wp-block-group-is-layout-constrained\">\n<div class=\"wp-block-columns alignwide is-layout-flex wp-container-core-columns-is-layout-28f84493 wp-block-columns-is-layout-flex\">\n<div class=\"wp-block-column is-layout-flow wp-block-column-is-layout-flow\">\n    <div class=\"hacklabr-posts-grid-block -gap-large hacklabr-posts-grid-block--desktop-only\" style=\"--grid-columns: 1\">\n        \n<article id=\"post-ID-189925-69f0b4c168c36\" class=\"post-card post-card--post post-card--horizontal swiper-slide\">\n\n    <header class=\"post-card__image\">\n                 <a href=\"https:\/\/fpabramo.org.br\/es\/mesa-5-debate-sobre-soberania-dos-povos\/\" aria-label=\"\u201cOs imperialistas n\u00e3o querem um povo que consiga avan\u00e7ar\u201d, diz Hossein Khaliloo em debate sobre soberania dos povos\">\n                            <img decoding=\"async\" width=\"2778\" height=\"1284\" src=\"https:\/\/fpabramo.org.br\/wp-content\/uploads\/2026\/03\/IMG_1219.webp\" class=\"attachment-card-large size-card-large wp-post-image\" alt=\"\" srcset=\"https:\/\/fpabramo.org.br\/wp-content\/uploads\/2026\/03\/IMG_1219.webp 2778w, https:\/\/fpabramo.org.br\/wp-content\/uploads\/2026\/03\/IMG_1219-300x139.webp 300w, https:\/\/fpabramo.org.br\/wp-content\/uploads\/2026\/03\/IMG_1219-1024x473.webp 1024w, https:\/\/fpabramo.org.br\/wp-content\/uploads\/2026\/03\/IMG_1219-150x69.webp 150w, https:\/\/fpabramo.org.br\/wp-content\/uploads\/2026\/03\/IMG_1219-768x355.webp 768w, https:\/\/fpabramo.org.br\/wp-content\/uploads\/2026\/03\/IMG_1219-1536x710.webp 1536w, https:\/\/fpabramo.org.br\/wp-content\/uploads\/2026\/03\/IMG_1219-2048x947.webp 2048w\" sizes=\"(max-width: 2778px) 100vw, 2778px\" \/>                    <\/a>\n    <\/header>\n\n    <div class=\"post-card__content\">\n        \n        \n        <h3 class=\"post-card__title\">\n            <a href=\"https:\/\/fpabramo.org.br\/es\/mesa-5-debate-sobre-soberania-dos-povos\/\">\u201cOs imperialistas n\u00e3o querem um povo que consiga avan\u00e7ar\u201d, diz Hossein Khaliloo em debate sobre soberania dos povos<\/a>\n        <\/h3>\n\n        <div class=\"post-card__meta\">\n\n                            <div class=\"post-card__author\">\n\n                    <span class=\"post-card__by\">\n                        por                    <\/span>\n\n                    <a href=\"https:\/\/fpabramo.org.br\/es\/author\/fernanda-otero\/\" title=\"Entradas de Fernanda Otero\" class=\"author url fn\" rel=\"author\">Fernanda Otero<\/a>\n                <\/div>\n            \n            \n        <\/div>\n\n\n        \n                    <div class=\"post-card__meta post-card__meta--pods\">\n\n                \n\n                <div class=\"post-card__taxonomy post-card__taxonomy--tema\"><a href=\"https:\/\/fpabramo.org.br\/es\/tema\/politica\/\" class=\"post-card__taxonomy-item\">Pol\u00edtica<\/a><\/div>\n            <\/div>\n        \n        \n    <\/div>\n<\/article>\n\n\n<article id=\"post-ID-188482-69f0b4c16941b\" class=\"post-card post-card--post post-card--horizontal swiper-slide\">\n\n    <header class=\"post-card__image\">\n                 <a href=\"https:\/\/fpabramo.org.br\/es\/con-la-ausencia-de-brasil-canada-colombia-y-mexico-trump-reune-a-aliados-en-miami-para-lanzar-una-ofensiva-militar-en-las-americas\/\" aria-label=\"Con la ausencia de Brasil, Canad\u00e1, Colombia y M\u00e9xico, Trump re\u00fane a aliados en Miami para lanzar una ofensiva militar en las Am\u00e9ricas\">\n                            <img decoding=\"async\" width=\"1170\" height=\"700\" src=\"https:\/\/fpabramo.org.br\/wp-content\/uploads\/2026\/03\/hc0t_yywmaaedob-1.webp\" class=\"attachment-card-large size-card-large wp-post-image\" alt=\"\" srcset=\"https:\/\/fpabramo.org.br\/wp-content\/uploads\/2026\/03\/hc0t_yywmaaedob-1.webp 1170w, https:\/\/fpabramo.org.br\/wp-content\/uploads\/2026\/03\/hc0t_yywmaaedob-1-300x179.webp 300w, https:\/\/fpabramo.org.br\/wp-content\/uploads\/2026\/03\/hc0t_yywmaaedob-1-1024x613.webp 1024w, https:\/\/fpabramo.org.br\/wp-content\/uploads\/2026\/03\/hc0t_yywmaaedob-1-150x90.webp 150w, https:\/\/fpabramo.org.br\/wp-content\/uploads\/2026\/03\/hc0t_yywmaaedob-1-768x459.webp 768w\" sizes=\"(max-width: 1170px) 100vw, 1170px\" \/>                    <\/a>\n    <\/header>\n\n    <div class=\"post-card__content\">\n        \n        \n        <h3 class=\"post-card__title\">\n            <a href=\"https:\/\/fpabramo.org.br\/es\/con-la-ausencia-de-brasil-canada-colombia-y-mexico-trump-reune-a-aliados-en-miami-para-lanzar-una-ofensiva-militar-en-las-americas\/\">Con la ausencia de Brasil, Canad\u00e1, Colombia y M\u00e9xico, Trump re\u00fane a aliados en Miami para lanzar una ofensiva militar en las Am\u00e9ricas<\/a>\n        <\/h3>\n\n        <div class=\"post-card__meta\">\n\n                            <div class=\"post-card__author\">\n\n                    <span class=\"post-card__by\">\n                        por                    <\/span>\n\n                    <a href=\"https:\/\/fpabramo.org.br\/es\/author\/fernanda-otero\/\" title=\"Entradas de Fernanda Otero\" class=\"author url fn\" rel=\"author\">Fernanda Otero<\/a>\n                <\/div>\n            \n            \n        <\/div>\n\n\n        \n                    <div class=\"post-card__meta post-card__meta--pods\">\n\n                \n\n                \n            <\/div>\n        \n        \n    <\/div>\n<\/article>\n\n\n<article id=\"post-ID-188447-69f0b4c16980b\" class=\"post-card post-card--post post-card--horizontal swiper-slide\">\n\n    <header class=\"post-card__image\">\n                 <a href=\"https:\/\/fpabramo.org.br\/es\/los-150-anos-del-telefono-el-aparato-que-cambio-la-comunicacion-del-mundo-y-que-tiene-que-ver-brasil-con-eso\/\" aria-label=\"Los 150 a\u00f1os del tel\u00e9fono, el aparato que cambi\u00f3 la comunicaci\u00f3n del mundo y qu\u00e9 tiene que ver Brasil con eso\">\n                            <img decoding=\"async\" width=\"1024\" height=\"587\" src=\"https:\/\/fpabramo.org.br\/wp-content\/uploads\/2026\/03\/graham_bell.webp\" class=\"attachment-card-large size-card-large wp-post-image\" alt=\"\" srcset=\"https:\/\/fpabramo.org.br\/wp-content\/uploads\/2026\/03\/graham_bell.webp 1024w, https:\/\/fpabramo.org.br\/wp-content\/uploads\/2026\/03\/graham_bell-300x172.webp 300w, https:\/\/fpabramo.org.br\/wp-content\/uploads\/2026\/03\/graham_bell-150x86.webp 150w, https:\/\/fpabramo.org.br\/wp-content\/uploads\/2026\/03\/graham_bell-768x440.webp 768w\" sizes=\"(max-width: 1024px) 100vw, 1024px\" \/>                    <\/a>\n    <\/header>\n\n    <div class=\"post-card__content\">\n        \n        \n        <h3 class=\"post-card__title\">\n            <a href=\"https:\/\/fpabramo.org.br\/es\/los-150-anos-del-telefono-el-aparato-que-cambio-la-comunicacion-del-mundo-y-que-tiene-que-ver-brasil-con-eso\/\">Los 150 a\u00f1os del tel\u00e9fono, el aparato que cambi\u00f3 la comunicaci\u00f3n del mundo y qu\u00e9 tiene que ver Brasil con eso<\/a>\n        <\/h3>\n\n        <div class=\"post-card__meta\">\n\n                            <div class=\"post-card__author\">\n\n                    <span class=\"post-card__by\">\n                        por                    <\/span>\n\n                    <a href=\"https:\/\/fpabramo.org.br\/es\/author\/henrique-f-nunes\/\" title=\"Entradas de Henrique Nunes\" class=\"author url fn\" rel=\"author\">Henrique Nunes<\/a>\n                <\/div>\n            \n            \n        <\/div>\n\n\n        \n                    <div class=\"post-card__meta post-card__meta--pods\">\n\n                \n\n                \n            <\/div>\n        \n        \n    <\/div>\n<\/article>\n\n    <\/div>\n\n        <div class=\"hacklabr-posts-grid-block--slider -gap-large -tablet\">\n        <script type=\"application\/json\" hidden>{\"a11y\":{\"enabled\":true,\"firstSlideMessage\":\"Esta es la primera diapositiva\",\"lastSlideMessage\":\"Esta es la \\u00faltima diapositiva\",\"nextSlideMessage\":\"Siguiente diapositiva\",\"paginationBulletMessage\":\"Ir a la diapositiva {{index}}\",\"prevSlideMessage\":\"Diapositiva anterior\"},\"autoplay\":false,\"centeredSlides\":false,\"loop\":false,\"navigation\":{\"nextEl\":\".swiper-button-next\",\"prevEl\":\".swiper-button-prev\"},\"pagination\":false,\"rewind\":true,\"slidesPerGroup\":1,\"slidesPerView\":1,\"spaceBetween\":16,\"speed\":300,\"breakpoints\":{\"768\":{\"centeredSlides\":false,\"slidesPerGroup\":1,\"slidesPerView\":1,\"spaceBetween\":16}}}<\/script>\n        <section class=\"swiper\">\n            <div class=\"swiper-wrapper\">\n                            <div class=\"swiper-slide\">\n                \n<article id=\"post-ID-189925-69f0b4c169c9d\" class=\"post-card post-card--post post-card--horizontal swiper-slide\">\n\n    <header class=\"post-card__image\">\n                 <a href=\"https:\/\/fpabramo.org.br\/es\/mesa-5-debate-sobre-soberania-dos-povos\/\" aria-label=\"\u201cOs imperialistas n\u00e3o querem um povo que consiga avan\u00e7ar\u201d, diz Hossein Khaliloo em debate sobre soberania dos povos\">\n                            <img decoding=\"async\" width=\"2778\" height=\"1284\" src=\"https:\/\/fpabramo.org.br\/wp-content\/uploads\/2026\/03\/IMG_1219.webp\" class=\"attachment-card-large size-card-large wp-post-image\" alt=\"\" srcset=\"https:\/\/fpabramo.org.br\/wp-content\/uploads\/2026\/03\/IMG_1219.webp 2778w, https:\/\/fpabramo.org.br\/wp-content\/uploads\/2026\/03\/IMG_1219-300x139.webp 300w, https:\/\/fpabramo.org.br\/wp-content\/uploads\/2026\/03\/IMG_1219-1024x473.webp 1024w, https:\/\/fpabramo.org.br\/wp-content\/uploads\/2026\/03\/IMG_1219-150x69.webp 150w, https:\/\/fpabramo.org.br\/wp-content\/uploads\/2026\/03\/IMG_1219-768x355.webp 768w, https:\/\/fpabramo.org.br\/wp-content\/uploads\/2026\/03\/IMG_1219-1536x710.webp 1536w, https:\/\/fpabramo.org.br\/wp-content\/uploads\/2026\/03\/IMG_1219-2048x947.webp 2048w\" sizes=\"(max-width: 2778px) 100vw, 2778px\" \/>                    <\/a>\n    <\/header>\n\n    <div class=\"post-card__content\">\n        \n        \n        <h3 class=\"post-card__title\">\n            <a href=\"https:\/\/fpabramo.org.br\/es\/mesa-5-debate-sobre-soberania-dos-povos\/\">\u201cOs imperialistas n\u00e3o querem um povo que consiga avan\u00e7ar\u201d, diz Hossein Khaliloo em debate sobre soberania dos povos<\/a>\n        <\/h3>\n\n        <div class=\"post-card__meta\">\n\n                            <div class=\"post-card__author\">\n\n                    <span class=\"post-card__by\">\n                        por                    <\/span>\n\n                    <a href=\"https:\/\/fpabramo.org.br\/es\/author\/fernanda-otero\/\" title=\"Entradas de Fernanda Otero\" class=\"author url fn\" rel=\"author\">Fernanda Otero<\/a>\n                <\/div>\n            \n            \n        <\/div>\n\n\n        \n                    <div class=\"post-card__meta post-card__meta--pods\">\n\n                \n\n                <div class=\"post-card__taxonomy post-card__taxonomy--tema\"><a href=\"https:\/\/fpabramo.org.br\/es\/tema\/politica\/\" class=\"post-card__taxonomy-item\">Pol\u00edtica<\/a><\/div>\n            <\/div>\n        \n        \n    <\/div>\n<\/article>\n\n                <\/div>\n                            <div class=\"swiper-slide\">\n                \n<article id=\"post-ID-188482-69f0b4c169f87\" class=\"post-card post-card--post post-card--horizontal swiper-slide\">\n\n    <header class=\"post-card__image\">\n                 <a href=\"https:\/\/fpabramo.org.br\/es\/con-la-ausencia-de-brasil-canada-colombia-y-mexico-trump-reune-a-aliados-en-miami-para-lanzar-una-ofensiva-militar-en-las-americas\/\" aria-label=\"Con la ausencia de Brasil, Canad\u00e1, Colombia y M\u00e9xico, Trump re\u00fane a aliados en Miami para lanzar una ofensiva militar en las Am\u00e9ricas\">\n                            <img decoding=\"async\" width=\"1170\" height=\"700\" src=\"https:\/\/fpabramo.org.br\/wp-content\/uploads\/2026\/03\/hc0t_yywmaaedob-1.webp\" class=\"attachment-card-large size-card-large wp-post-image\" alt=\"\" srcset=\"https:\/\/fpabramo.org.br\/wp-content\/uploads\/2026\/03\/hc0t_yywmaaedob-1.webp 1170w, https:\/\/fpabramo.org.br\/wp-content\/uploads\/2026\/03\/hc0t_yywmaaedob-1-300x179.webp 300w, https:\/\/fpabramo.org.br\/wp-content\/uploads\/2026\/03\/hc0t_yywmaaedob-1-1024x613.webp 1024w, https:\/\/fpabramo.org.br\/wp-content\/uploads\/2026\/03\/hc0t_yywmaaedob-1-150x90.webp 150w, https:\/\/fpabramo.org.br\/wp-content\/uploads\/2026\/03\/hc0t_yywmaaedob-1-768x459.webp 768w\" sizes=\"(max-width: 1170px) 100vw, 1170px\" \/>                    <\/a>\n    <\/header>\n\n    <div class=\"post-card__content\">\n        \n        \n        <h3 class=\"post-card__title\">\n            <a href=\"https:\/\/fpabramo.org.br\/es\/con-la-ausencia-de-brasil-canada-colombia-y-mexico-trump-reune-a-aliados-en-miami-para-lanzar-una-ofensiva-militar-en-las-americas\/\">Con la ausencia de Brasil, Canad\u00e1, Colombia y M\u00e9xico, Trump re\u00fane a aliados en Miami para lanzar una ofensiva militar en las Am\u00e9ricas<\/a>\n        <\/h3>\n\n        <div class=\"post-card__meta\">\n\n                            <div class=\"post-card__author\">\n\n                    <span class=\"post-card__by\">\n                        por                    <\/span>\n\n                    <a href=\"https:\/\/fpabramo.org.br\/es\/author\/fernanda-otero\/\" title=\"Entradas de Fernanda Otero\" class=\"author url fn\" rel=\"author\">Fernanda Otero<\/a>\n                <\/div>\n            \n            \n        <\/div>\n\n\n        \n                    <div class=\"post-card__meta post-card__meta--pods\">\n\n                \n\n                \n            <\/div>\n        \n        \n    <\/div>\n<\/article>\n\n                <\/div>\n                            <div class=\"swiper-slide\">\n                \n<article id=\"post-ID-188447-69f0b4c16a214\" class=\"post-card post-card--post post-card--horizontal swiper-slide\">\n\n    <header class=\"post-card__image\">\n                 <a href=\"https:\/\/fpabramo.org.br\/es\/los-150-anos-del-telefono-el-aparato-que-cambio-la-comunicacion-del-mundo-y-que-tiene-que-ver-brasil-con-eso\/\" aria-label=\"Los 150 a\u00f1os del tel\u00e9fono, el aparato que cambi\u00f3 la comunicaci\u00f3n del mundo y qu\u00e9 tiene que ver Brasil con eso\">\n                            <img decoding=\"async\" width=\"1024\" height=\"587\" src=\"https:\/\/fpabramo.org.br\/wp-content\/uploads\/2026\/03\/graham_bell.webp\" class=\"attachment-card-large size-card-large wp-post-image\" alt=\"\" srcset=\"https:\/\/fpabramo.org.br\/wp-content\/uploads\/2026\/03\/graham_bell.webp 1024w, https:\/\/fpabramo.org.br\/wp-content\/uploads\/2026\/03\/graham_bell-300x172.webp 300w, https:\/\/fpabramo.org.br\/wp-content\/uploads\/2026\/03\/graham_bell-150x86.webp 150w, https:\/\/fpabramo.org.br\/wp-content\/uploads\/2026\/03\/graham_bell-768x440.webp 768w\" sizes=\"(max-width: 1024px) 100vw, 1024px\" \/>                    <\/a>\n    <\/header>\n\n    <div class=\"post-card__content\">\n        \n        \n        <h3 class=\"post-card__title\">\n            <a href=\"https:\/\/fpabramo.org.br\/es\/los-150-anos-del-telefono-el-aparato-que-cambio-la-comunicacion-del-mundo-y-que-tiene-que-ver-brasil-con-eso\/\">Los 150 a\u00f1os del tel\u00e9fono, el aparato que cambi\u00f3 la comunicaci\u00f3n del mundo y qu\u00e9 tiene que ver Brasil con eso<\/a>\n        <\/h3>\n\n        <div class=\"post-card__meta\">\n\n                            <div class=\"post-card__author\">\n\n                    <span class=\"post-card__by\">\n                        por                    <\/span>\n\n                    <a href=\"https:\/\/fpabramo.org.br\/es\/author\/henrique-f-nunes\/\" title=\"Entradas de Henrique Nunes\" class=\"author url fn\" rel=\"author\">Henrique Nunes<\/a>\n                <\/div>\n            \n            \n        <\/div>\n\n\n        \n                    <div class=\"post-card__meta post-card__meta--pods\">\n\n                \n\n                \n            <\/div>\n        \n        \n    <\/div>\n<\/article>\n\n                <\/div>\n                        <\/div>\n            <div class=\"swiper-pagination\"><\/div>\n                            <div class=\"swiper-button-prev\">\n                    \n    <svg width=\"40\" height=\"40\" version=\"1.1\" viewBox=\"0 0 40 40\" xmlns=\"http:\/\/www.w3.org\/2000\/svg\">\n        <circle cx=\"20\" cy=\"20\" r=\"20\" fill=\"#fff\"\/>\n        <path d=\"m18.8 20 4.6-4.6-1.4-1.4-6 6 6 6 1.4-1.4z\" fill=\"#1c1b1f\"\/>\n    <\/svg>\n                    <\/div>\n                <div class=\"swiper-button-next\">\n                    \n    <svg width=\"40\" height=\"40\" version=\"1.1\" viewBox=\"0 0 40 40\" xmlns=\"http:\/\/www.w3.org\/2000\/svg\">\n        <circle cx=\"20\" cy=\"20\" r=\"20\" fill=\"#fff\"\/>\n        <path d=\"m20.6 20-4.6-4.6 1.4-1.4 6 6-6 6-1.4-1.4z\" fill=\"#1c1b1f\"\/>\n    <\/svg>\n                    <\/div>\n                    <\/section>\n    <\/div>\n    \n    \n\n\n<div class=\"wp-block-group link-listings is-content-justification-right is-nowrap is-layout-flex wp-container-core-group-is-layout-82baacbd wp-block-group-is-layout-flex\">\n<p class=\"has-text-align-left has-tertiary-dark-color has-text-color has-link-color has-x-small-font-size wp-elements-06ad92fba35203715de4d2e74fcc7e90\" style=\"letter-spacing:1.6px;text-transform:uppercase\"><a href=\"#\">Todas las novedades de esta edici\u00f3n<\/a><\/p>\n\n\n\n<figure class=\"wp-block-image size-full\"><a href=\"#\"><img decoding=\"async\" src=\"https:\/\/fpabramo.org.br\/wp-content\/uploads\/2025\/10\/east.png\" alt=\"\" class=\"wp-image-228\"\/><\/a><\/figure>\n<\/div>\n<\/div>\n\n\n\n<div class=\"wp-block-column is-layout-flow wp-block-column-is-layout-flow\">\n    <div class=\"hacklabr-posts-grid-block -gap-medium\" style=\"--grid-columns: 1\">\n        \n<article id=\"post-ID-142361-69f0b4c16bb73\" class=\"post-card post-card--revista  swiper-slide\">\n\n    <header class=\"post-card__image\">\n                            <div class=\"post-card__edicao-revista\">\n\n                                                    <div class=\"revista-edicao-group\">\n                                <span class=\"revista-edicao-label\">\n                                    Edici\u00f3n                                <\/span>\n\n                                <span class=\"revista-edicao revista-edicao-66\">\n                                    66                                <\/span>\n                            <\/div>\n                        \n                                                    <span class=\"revista-mes-ano\">\n                                Janeiro e Fevereiro de 2026                            <\/span>\n                        \n                    <\/div>\n                         <a href=\"https:\/\/fpabramo.org.br\/es\/revista\/reconexao-periferias\/titulo-da-revista-edicao-66-revista-reconexao\/\" aria-label=\"Voto popular e os territ\u00f3rios no centro da pol\u00edtica\">\n                            <img decoding=\"async\" width=\"834\" height=\"487\" src=\"https:\/\/fpabramo.org.br\/wp-content\/uploads\/2026\/02\/banner-capa-revista-reconexao-661.webp\" class=\"attachment-card-large size-card-large wp-post-image\" alt=\"\" srcset=\"https:\/\/fpabramo.org.br\/wp-content\/uploads\/2026\/02\/banner-capa-revista-reconexao-661.webp 834w, https:\/\/fpabramo.org.br\/wp-content\/uploads\/2026\/02\/banner-capa-revista-reconexao-661-300x175.webp 300w, https:\/\/fpabramo.org.br\/wp-content\/uploads\/2026\/02\/banner-capa-revista-reconexao-661-150x88.webp 150w, https:\/\/fpabramo.org.br\/wp-content\/uploads\/2026\/02\/banner-capa-revista-reconexao-661-768x448.webp 768w\" sizes=\"(max-width: 834px) 100vw, 834px\" \/>                    <\/a>\n    <\/header>\n\n    <div class=\"post-card__content\">\n        \n        \n        <h3 class=\"post-card__title\">\n            <a href=\"https:\/\/fpabramo.org.br\/es\/revista\/reconexao-periferias\/titulo-da-revista-edicao-66-revista-reconexao\/\">Voto popular e os territ\u00f3rios no centro da pol\u00edtica<\/a>\n        <\/h3>\n\n        <div class=\"post-card__meta\">\n\n            \n            \n        <\/div>\n\n\n        \n                    <div class=\"post-card__meta post-card__meta--pods\">\n\n                <div class=\"post-card__taxonomy post-card__taxonomy--tipo_material\"><a href=\"https:\/\/fpabramo.org.br\/es\/tipo-material\/revista\/\" class=\"term-badge term-badge--tipo_material term-badge--tipo_material-revista\" style=\"background-color:#006157;border: 1px solid #00bd9d;\">Revista<\/a><\/div>\n\n                <div class=\"post-card__taxonomy post-card__taxonomy--tema\"><a href=\"https:\/\/fpabramo.org.br\/es\/tema\/cultura\/\" class=\"post-card__taxonomy-item\">Cultura<\/a><\/div>\n            <\/div>\n        \n                            <div class=\"post-card__edicao-data\">\n\n                                                    <div class=\"revista-edicao-group\">\n                                <span class=\"revista-edicao-label\">\n                                    Edici\u00f3n                                <\/span>\n\n                                <span class=\"revista-edicao revista-edicao-66\">\n                                    66                                <\/span>\n                            <\/div>\n                                                <span class=\"infos-separator\">|<\/span>\n                                                    <span class=\"revista-mes-ano\">\n                                Janeiro e Fevereiro de 2026                            <\/span>\n                        \n                    <\/div>\n                \n    <\/div>\n<\/article>\n\n    <\/div>\n\n    \n    <\/div>\n<\/div>\n<\/div>\n\n\n\n<div class=\"wp-block-group alignfull has-secondary-light-background-color has-background is-layout-constrained wp-block-group-is-layout-constrained\">\n<div class=\"wp-block-columns alignwide magazine-featured-news is-layout-flex wp-container-core-columns-is-layout-28f84493 wp-block-columns-is-layout-flex\">\n<div class=\"wp-block-column is-layout-flow wp-block-column-is-layout-flow\" style=\"flex-basis:75%\">\n<div class=\"wp-block-group is-nowrap is-layout-flex wp-container-core-group-is-layout-fc054d2d wp-block-group-is-layout-flex\">\n<figure class=\"wp-block-image size-full\"><img decoding=\"async\" width=\"34\" height=\"30\" src=\"https:\/\/fpabramo.org.br\/wp-content\/uploads\/2026\/01\/newsmode.webp\" alt=\"\" class=\"wp-image-90247\"\/><\/figure>\n\n\n\n<h2 class=\"wp-block-heading has-x-large-font-size\" style=\"font-style:normal;font-weight:700\">\u00daltimas noticias<\/h2>\n<\/div>\n\n\n\n    <div class=\"hacklabr-posts-grid-block -gap-medium\" style=\"--grid-columns: 3\">\n        \n<article id=\"post-ID-154109-69f0b4c17fc9c\" class=\"post-card post-card--post  swiper-slide\">\n\n    <header class=\"post-card__image\">\n                 <a href=\"https:\/\/fpabramo.org.br\/es\/seminario-apontou-sucesso-nas-politicas-de-seguranca-alimentar-e-desafios-no-abastecimento-urbano\/\" aria-label=\"Semin\u00e1rio apontou sucesso nas pol\u00edticas de seguran\u00e7a alimentar e desafios no abastecimento urbano\">\n                            <img decoding=\"async\" width=\"600\" height=\"350\" src=\"https:\/\/fpabramo.org.br\/wp-content\/uploads\/2025\/12\/banner-revista-dez-2025-08-1.jpg\" class=\"attachment-card-large size-card-large wp-post-image\" alt=\"Cozinha Solid\u00e1ria: Preparando Alimento com Amor\" srcset=\"https:\/\/fpabramo.org.br\/wp-content\/uploads\/2025\/12\/banner-revista-dez-2025-08-1.jpg 600w, https:\/\/fpabramo.org.br\/wp-content\/uploads\/2025\/12\/banner-revista-dez-2025-08-1-300x175.jpg 300w\" sizes=\"(max-width: 600px) 100vw, 600px\" \/>                    <\/a>\n    <\/header>\n\n    <div class=\"post-card__content\">\n        \n        \n        <h3 class=\"post-card__title\">\n            <a href=\"https:\/\/fpabramo.org.br\/es\/seminario-apontou-sucesso-nas-politicas-de-seguranca-alimentar-e-desafios-no-abastecimento-urbano\/\">Semin\u00e1rio apontou sucesso nas pol\u00edticas de seguran\u00e7a alimentar e desafios no abastecimento urbano<\/a>\n        <\/h3>\n\n        <div class=\"post-card__meta\">\n\n                            <div class=\"post-card__author\">\n\n                    <span class=\"post-card__by\">\n                        por                    <\/span>\n\n                    <a href=\"https:\/\/fpabramo.org.br\/es\/author\/rose-silva\/\" title=\"Entradas de Rose Silva\" class=\"author url fn\" rel=\"author\">Rose Silva<\/a>\n                <\/div>\n            \n            \n        <\/div>\n\n\n                                    <div class=\"post-card__excerpt\">\n                    Seguran\u00e7a Alimentar e Nutricional \u2013 o combate \u00e0 fome e mis\u00e9ria nas periferias foi o tema&#8230;                <\/div>\n                    \n                    <div class=\"post-card__meta post-card__meta--pods\">\n\n                \n\n                <div class=\"post-card__taxonomy post-card__taxonomy--tema\"><a href=\"https:\/\/fpabramo.org.br\/es\/tema\/politicas-publicas\/\" class=\"post-card__taxonomy-item\">Pol\u00edticas P\u00fablicas<\/a><\/div>\n            <\/div>\n        \n        \n    <\/div>\n<\/article>\n\n\n<article id=\"post-ID-154166-69f0b4c180a1a\" class=\"post-card post-card--post  swiper-slide\">\n\n    <header class=\"post-card__image\">\n                 <a href=\"https:\/\/fpabramo.org.br\/es\/presidente-lula-em-nova-delhi-protagonismo-do-brasil-na-ia-e-parceria-estrategica-com-a-india\/\" aria-label=\"Presidente Lula em Nova D\u00e9lhi: protagonismo do Brasil na IA e parceria estrat\u00e9gica com a \u00cdndia\">\n                            <img decoding=\"async\" src=\"https:\/\/fpabramo.org.br\/wp-content\/uploads\/2026\/02\/11-image-39.png\" class=\"attachment-card-large size-card-large wp-post-image\" alt=\"L\u00edderes Mundiais D\u00e3o as M\u00e3os em C\u00fapula Global\" \/>                    <\/a>\n    <\/header>\n\n    <div class=\"post-card__content\">\n        \n        \n        <h3 class=\"post-card__title\">\n            <a href=\"https:\/\/fpabramo.org.br\/es\/presidente-lula-em-nova-delhi-protagonismo-do-brasil-na-ia-e-parceria-estrategica-com-a-india\/\">Presidente Lula em Nova D\u00e9lhi: protagonismo do Brasil na IA e parceria estrat\u00e9gica com a \u00cdndia<\/a>\n        <\/h3>\n\n        <div class=\"post-card__meta\">\n\n                            <div class=\"post-card__author\">\n\n                    <span class=\"post-card__by\">\n                        por                    <\/span>\n\n                    <a href=\"https:\/\/fpabramo.org.br\/es\/author\/fernanda-otero\/\" title=\"Entradas de Fernanda Otero\" class=\"author url fn\" rel=\"author\">Fernanda Otero<\/a>\n                <\/div>\n            \n            \n        <\/div>\n\n\n                                    <div class=\"post-card__excerpt\">\n                    A visita do presidente Luiz In\u00e1cio Lula da Silva \u00e0 \u00cdndia consolida o papel do governo&#8230;                <\/div>\n                    \n                    <div class=\"post-card__meta post-card__meta--pods\">\n\n                \n\n                <div class=\"post-card__taxonomy post-card__taxonomy--tema\"><a href=\"https:\/\/fpabramo.org.br\/es\/tema\/internacional\/\" class=\"post-card__taxonomy-item\">Internacional<\/a><a href=\"https:\/\/fpabramo.org.br\/es\/tema\/politica\/\" class=\"post-card__taxonomy-item\">Pol\u00edtica<\/a><\/div>\n            <\/div>\n        \n        \n    <\/div>\n<\/article>\n\n\n<article id=\"post-ID-142363-69f0b4c18151a\" class=\"post-card post-card--post  swiper-slide\">\n\n    <header class=\"post-card__image\">\n                 <a href=\"https:\/\/fpabramo.org.br\/es\/voto-popular-e-os-territorios-no-centro-da-politica\/\" aria-label=\"Revista fala da organiza\u00e7\u00e3o das periferias para a disputa eleitoral\">\n                            <img decoding=\"async\" width=\"834\" height=\"487\" src=\"https:\/\/fpabramo.org.br\/wp-content\/uploads\/2026\/02\/banner-capa-revista-reconexao-66.png\" class=\"attachment-card-large size-card-large wp-post-image\" alt=\"Reconex\u00e3o Periferias: Voto Popular e Territ\u00f3rios na Pol\u00edtica\" srcset=\"https:\/\/fpabramo.org.br\/wp-content\/uploads\/2026\/02\/banner-capa-revista-reconexao-66.png 834w, https:\/\/fpabramo.org.br\/wp-content\/uploads\/2026\/02\/banner-capa-revista-reconexao-66-300x175.png 300w, https:\/\/fpabramo.org.br\/wp-content\/uploads\/2026\/02\/banner-capa-revista-reconexao-66-768x448.png 768w\" sizes=\"(max-width: 834px) 100vw, 834px\" \/>                    <\/a>\n    <\/header>\n\n    <div class=\"post-card__content\">\n        \n        \n        <h3 class=\"post-card__title\">\n            <a href=\"https:\/\/fpabramo.org.br\/es\/voto-popular-e-os-territorios-no-centro-da-politica\/\">Revista fala da organiza\u00e7\u00e3o das periferias para a disputa eleitoral<\/a>\n        <\/h3>\n\n        <div class=\"post-card__meta\">\n\n                            <div class=\"post-card__author\">\n\n                    <span class=\"post-card__by\">\n                        por                    <\/span>\n\n                    <a href=\"https:\/\/fpabramo.org.br\/es\/author\/redacao\/\" title=\"Entradas de Reda\u00e7\u00e3o\" class=\"author url fn\" rel=\"author\">Reda\u00e7\u00e3o<\/a>\n                <\/div>\n            \n            \n        <\/div>\n\n\n                                    <div class=\"post-card__excerpt\">\n                    A revista Reconex\u00e3o Periferias traz nesta edi\u00e7\u00e3o um artigo do professor do Departamento&#8230;                <\/div>\n                    \n                    <div class=\"post-card__meta post-card__meta--pods\">\n\n                \n\n                \n            <\/div>\n        \n        \n    <\/div>\n<\/article>\n\n\n<article id=\"post-ID-135177-69f0b4c183d82\" class=\"post-card post-card--post  swiper-slide\">\n\n    <header class=\"post-card__image\">\n                 <a href=\"https:\/\/fpabramo.org.br\/es\/retorno-de-investimento-em-carnaval-e-maior-que-em-areas-da-industria\/\" aria-label=\"El retorno de la inversi\u00f3n en Carnival es mayor que en otros sectores industriales.\">\n                            <img decoding=\"async\" width=\"700\" height=\"419\" src=\"https:\/\/fpabramo.org.br\/wp-content\/uploads\/2023\/02\/11-CarnavalRua_TaniaRegoAgenciaBraisl-e1770917571772.jpeg\" class=\"attachment-card-large size-card-large wp-post-image\" alt=\"Bloco de Carnaval: Multid\u00e3o Festiva, Confetes e Alegria\" \/>                    <\/a>\n    <\/header>\n\n    <div class=\"post-card__content\">\n        \n        \n        <h3 class=\"post-card__title\">\n            <a href=\"https:\/\/fpabramo.org.br\/es\/retorno-de-investimento-em-carnaval-e-maior-que-em-areas-da-industria\/\">El retorno de la inversi\u00f3n en Carnival es mayor que en otros sectores industriales.<\/a>\n        <\/h3>\n\n        <div class=\"post-card__meta\">\n\n                            <div class=\"post-card__author\">\n\n                    <span class=\"post-card__by\">\n                        por                    <\/span>\n\n                    <a href=\"https:\/\/fpabramo.org.br\/es\/author\/agencia-brasil\/\" title=\"Entradas de Ag\u00eancia Brasil\" class=\"author url fn\" rel=\"author\">Ag\u00eancia Brasil<\/a>\n                <\/div>\n            \n            \n        <\/div>\n\n\n                                    <div class=\"post-card__excerpt\">\n                    La economista Mariana Mazzucato tambi\u00e9n destaca los beneficios sociales del festival.                <\/div>\n                    \n                    <div class=\"post-card__meta post-card__meta--pods\">\n\n                \n\n                <div class=\"post-card__taxonomy post-card__taxonomy--tema\"><a href=\"https:\/\/fpabramo.org.br\/es\/tema\/cultura\/\" class=\"post-card__taxonomy-item\">Cultura<\/a><a href=\"https:\/\/fpabramo.org.br\/es\/tema\/economia\/\" class=\"post-card__taxonomy-item\">Econom\u00eda<\/a><\/div>\n            <\/div>\n        \n        \n    <\/div>\n<\/article>\n\n\n<article id=\"post-ID-135191-69f0b4c1868f1\" class=\"post-card post-card--post  swiper-slide\">\n\n    <header class=\"post-card__image\">\n                 <a href=\"https:\/\/fpabramo.org.br\/es\/jornada-nova-primavera-2026-abre-inscricoes-para-formacao-nacional-do-pt\/\" aria-label=\"Nueva Primavera 2026 abre inscripciones para la formaci\u00f3n nacional de PT.\">\n                            <img decoding=\"async\" width=\"1338\" height=\"1036\" src=\"https:\/\/fpabramo.org.br\/wp-content\/uploads\/2026\/02\/11-Captura-de-Tela-2026-02-10-as-18.32.16.png\" class=\"attachment-card-large size-card-large wp-post-image\" alt=\"Celebra\u00e7\u00e3o 46 Anos do PT: Povo, Brasil e Futuro\" srcset=\"https:\/\/fpabramo.org.br\/wp-content\/uploads\/2026\/02\/11-Captura-de-Tela-2026-02-10-as-18.32.16.png 1338w, https:\/\/fpabramo.org.br\/wp-content\/uploads\/2026\/02\/11-Captura-de-Tela-2026-02-10-as-18.32.16-300x232.png 300w, https:\/\/fpabramo.org.br\/wp-content\/uploads\/2026\/02\/11-Captura-de-Tela-2026-02-10-as-18.32.16-1024x793.png 1024w, https:\/\/fpabramo.org.br\/wp-content\/uploads\/2026\/02\/11-Captura-de-Tela-2026-02-10-as-18.32.16-768x595.png 768w, https:\/\/fpabramo.org.br\/wp-content\/uploads\/2026\/02\/11-Captura-de-Tela-2026-02-10-as-18.32.16-1200x929.png 1200w\" sizes=\"(max-width: 1338px) 100vw, 1338px\" \/>                    <\/a>\n    <\/header>\n\n    <div class=\"post-card__content\">\n        \n        \n        <h3 class=\"post-card__title\">\n            <a href=\"https:\/\/fpabramo.org.br\/es\/jornada-nova-primavera-2026-abre-inscricoes-para-formacao-nacional-do-pt\/\">Nueva Primavera 2026 abre inscripciones para la formaci\u00f3n nacional de PT.<\/a>\n        <\/h3>\n\n        <div class=\"post-card__meta\">\n\n                            <div class=\"post-card__author\">\n\n                    <span class=\"post-card__by\">\n                        por                    <\/span>\n\n                    <a href=\"https:\/\/fpabramo.org.br\/es\/author\/redacao-focus-brasil\/\" title=\"Entradas de Reda\u00e7\u00e3o Focus Brasil\" class=\"author url fn\" rel=\"author\">Reda\u00e7\u00e3o Focus Brasil<\/a>\n                <\/div>\n            \n            \n        <\/div>\n\n\n                                    <div class=\"post-card__excerpt\">\n                    Con inscripciones abiertas hasta el 1 de marzo, la Nueva Jornada Primavera 2026 fortalece&#8230;                <\/div>\n                    \n                    <div class=\"post-card__meta post-card__meta--pods\">\n\n                <div class=\"post-card__taxonomy post-card__taxonomy--area post-card__taxonomy--capped\"><a href=\"https:\/\/fpabramo.org.br\/es\/area\/escola-do-pt\/\" class=\"term-badge term-badge--area term-badge--area-escola-do-pt\" style=\"background-color:#99488f;color:#ffffff;\">Escola do PT<\/a><a href=\"https:\/\/fpabramo.org.br\/es\/focusbrasil\/\" class=\"term-badge term-badge--area term-badge--area-revista-focus\" style=\"background-color:#f7d62f;color:#111111;\">Revista FOCUS<\/a><\/div>\n\n                <div class=\"post-card__taxonomy post-card__taxonomy--tema\"><a href=\"https:\/\/fpabramo.org.br\/es\/tema\/politica\/\" class=\"post-card__taxonomy-item\">Pol\u00edtica<\/a><a href=\"https:\/\/fpabramo.org.br\/es\/tema\/pt\/\" class=\"post-card__taxonomy-item\">PT<\/a><\/div>\n            <\/div>\n        \n        \n    <\/div>\n<\/article>\n\n\n<article id=\"post-ID-135203-69f0b4c189932\" class=\"post-card post-card--post  swiper-slide\">\n\n    <header class=\"post-card__image\">\n                 <a href=\"https:\/\/fpabramo.org.br\/es\/produzida-pelo-butantan-vacina-inedita-contra-a-dengue-comeca-a-ser-enviada-ao-sus\/\" aria-label=\"Producida por Butantan, una vacuna innovadora contra el dengue comienza a enviarse al sistema p\u00fablico de salud brasile\u00f1o (SUS)\">\n                            <img decoding=\"async\" width=\"1022\" height=\"607\" src=\"https:\/\/fpabramo.org.br\/wp-content\/uploads\/2026\/02\/11-Captura-de-tela-de-2026-02-09-16-05-58.png\" class=\"attachment-card-large size-card-large wp-post-image\" alt=\"Lan\u00e7amento da Campanha Nacional de Vacina\u00e7\u00e3o com Lula e Alckmin\" srcset=\"https:\/\/fpabramo.org.br\/wp-content\/uploads\/2026\/02\/11-Captura-de-tela-de-2026-02-09-16-05-58.png 1022w, https:\/\/fpabramo.org.br\/wp-content\/uploads\/2026\/02\/11-Captura-de-tela-de-2026-02-09-16-05-58-300x178.png 300w, https:\/\/fpabramo.org.br\/wp-content\/uploads\/2026\/02\/11-Captura-de-tela-de-2026-02-09-16-05-58-768x456.png 768w\" sizes=\"(max-width: 1022px) 100vw, 1022px\" \/>                    <\/a>\n    <\/header>\n\n    <div class=\"post-card__content\">\n        \n        \n        <h3 class=\"post-card__title\">\n            <a href=\"https:\/\/fpabramo.org.br\/es\/produzida-pelo-butantan-vacina-inedita-contra-a-dengue-comeca-a-ser-enviada-ao-sus\/\">Producida por Butantan, una vacuna innovadora contra el dengue comienza a enviarse al sistema p\u00fablico de salud brasile\u00f1o (SUS)<\/a>\n        <\/h3>\n\n        <div class=\"post-card__meta\">\n\n                            <div class=\"post-card__author\">\n\n                    <span class=\"post-card__by\">\n                        por                    <\/span>\n\n                    <a href=\"https:\/\/fpabramo.org.br\/es\/author\/redacao-focus-brasil\/\" title=\"Entradas de Reda\u00e7\u00e3o Focus Brasil\" class=\"author url fn\" rel=\"author\">Reda\u00e7\u00e3o Focus Brasil<\/a>\n                <\/div>\n            \n            \n        <\/div>\n\n\n                                    <div class=\"post-card__excerpt\">\n                    Aprobada por la Agencia Nacional de Vigilancia Sanitaria (Anvisa) a principios de&#8230;                <\/div>\n                    \n                    <div class=\"post-card__meta post-card__meta--pods\">\n\n                \n\n                <div class=\"post-card__taxonomy post-card__taxonomy--tema\"><a href=\"https:\/\/fpabramo.org.br\/es\/tema\/politica\/\" class=\"post-card__taxonomy-item\">Pol\u00edtica<\/a><a href=\"https:\/\/fpabramo.org.br\/es\/tema\/pt\/\" class=\"post-card__taxonomy-item\">PT<\/a><a href=\"https:\/\/fpabramo.org.br\/es\/tema\/salud\/\" class=\"post-card__taxonomy-item\">Salud<\/a><\/div>\n            <\/div>\n        \n        \n    <\/div>\n<\/article>\n\n\n<article id=\"post-ID-154462-69f0b4c18af97\" class=\"post-card post-card--post  swiper-slide\">\n\n    <header class=\"post-card__image\">\n                 <a href=\"https:\/\/fpabramo.org.br\/es\/india-uniao-europeia-e-palestina-no-janela-internacional\/\" aria-label=\"\u00cdndia, Uni\u00e3o Europeia e Palestina no Janela Internacional\">\n                            <img decoding=\"async\" width=\"600\" height=\"350\" src=\"https:\/\/fpabramo.org.br\/wp-content\/uploads\/2026\/02\/banner-janela-internacional-04-02-26.jpg.jpeg\" class=\"attachment-card-large size-card-large wp-post-image\" alt=\"Janela Internacional: \u00cdndia, UE, Palestina, Valter Pomar e F\u00e1bio El-Khouri\" srcset=\"https:\/\/fpabramo.org.br\/wp-content\/uploads\/2026\/02\/banner-janela-internacional-04-02-26.jpg.jpeg 600w, https:\/\/fpabramo.org.br\/wp-content\/uploads\/2026\/02\/banner-janela-internacional-04-02-26.jpg-300x175.jpeg 300w\" sizes=\"(max-width: 600px) 100vw, 600px\" \/>                    <\/a>\n    <\/header>\n\n    <div class=\"post-card__content\">\n        \n        \n        <h3 class=\"post-card__title\">\n            <a href=\"https:\/\/fpabramo.org.br\/es\/india-uniao-europeia-e-palestina-no-janela-internacional\/\">\u00cdndia, Uni\u00e3o Europeia e Palestina no Janela Internacional<\/a>\n        <\/h3>\n\n        <div class=\"post-card__meta\">\n\n                            <div class=\"post-card__author\">\n\n                    <span class=\"post-card__by\">\n                        por                    <\/span>\n\n                    <a href=\"https:\/\/fpabramo.org.br\/es\/author\/redacao\/\" title=\"Entradas de Reda\u00e7\u00e3o\" class=\"author url fn\" rel=\"author\">Reda\u00e7\u00e3o<\/a>\n                <\/div>\n            \n            \n        <\/div>\n\n\n                                    <div class=\"post-card__excerpt\">\n                    O programa Janela Internacional, da Funda\u00e7\u00e3o Perseu Abramo, \u00e9 dedicado \u00e0s quest\u00f5es&#8230;                <\/div>\n                    \n        \n        \n    <\/div>\n<\/article>\n\n\n<article id=\"post-ID-135215-69f0b4c18d851\" class=\"post-card post-card--post  swiper-slide\">\n\n    <header class=\"post-card__image\">\n                 <a href=\"https:\/\/fpabramo.org.br\/es\/fernando-haddad-celebra-legado-bons-resultados-na-economia\/\" aria-label=\"Fernando Haddad celebra legado de &#8216;enfrentamento ao andar de cima&#8217; e bons resultados na economia\">\n                            <img decoding=\"async\" src=\"https:\/\/fpabramo.org.br\/wp-content\/uploads\/2026\/01\/11-image-54-e1770150281240.png\" class=\"attachment-card-large size-card-large wp-post-image\" alt=\"Fernando Haddad: Reforma Tribut\u00e1ria em Debate\" \/>                    <\/a>\n    <\/header>\n\n    <div class=\"post-card__content\">\n        \n        \n        <h3 class=\"post-card__title\">\n            <a href=\"https:\/\/fpabramo.org.br\/es\/fernando-haddad-celebra-legado-bons-resultados-na-economia\/\">Fernando Haddad celebra legado de &#8216;enfrentamento ao andar de cima&#8217; e bons resultados na economia<\/a>\n        <\/h3>\n\n        <div class=\"post-card__meta\">\n\n                            <div class=\"post-card__author\">\n\n                    <span class=\"post-card__by\">\n                        por                    <\/span>\n\n                    <a href=\"https:\/\/fpabramo.org.br\/es\/author\/redacao-focus-brasil\/\" title=\"Entradas de Reda\u00e7\u00e3o Focus Brasil\" class=\"author url fn\" rel=\"author\">Reda\u00e7\u00e3o Focus Brasil<\/a>\n                <\/div>\n            \n            \n        <\/div>\n\n\n                                    <div class=\"post-card__excerpt\">\n                    Ministro da Fazenda lista redu\u00e7\u00e3o de 70% no d\u00e9ficit prim\u00e1rio, desemprego em patamar&#8230;                <\/div>\n                    \n                    <div class=\"post-card__meta post-card__meta--pods\">\n\n                \n\n                <div class=\"post-card__taxonomy post-card__taxonomy--tema\"><a href=\"https:\/\/fpabramo.org.br\/es\/tema\/economia\/\" class=\"post-card__taxonomy-item\">Econom\u00eda<\/a><\/div>\n            <\/div>\n        \n        \n    <\/div>\n<\/article>\n\n\n<article id=\"post-ID-115500-69f0b4c18f8b0\" class=\"post-card post-card--post  swiper-slide\">\n\n    <header class=\"post-card__image\">\n                 <a href=\"https:\/\/fpabramo.org.br\/es\/muito-alem-do-8-de-janeiro-como-a-democracia-derrotou-a-trama-golpista\/\" aria-label=\"Mucho m\u00e1s all\u00e1 del 8 de enero: c\u00f3mo la democracia derrot\u00f3 el intento de golpe.\">\n                            <img decoding=\"async\" src=\"https:\/\/fpabramo.org.br\/wp-content\/uploads\/2026\/01\/11-image-5.png\" class=\"attachment-card-large size-card-large wp-post-image\" alt=\"Pol\u00edcia e Cidad\u00e3os em Acampamento: Cen\u00e1rio de Tens\u00e3o\" \/>                    <\/a>\n    <\/header>\n\n    <div class=\"post-card__content\">\n        \n        \n        <h3 class=\"post-card__title\">\n            <a href=\"https:\/\/fpabramo.org.br\/es\/muito-alem-do-8-de-janeiro-como-a-democracia-derrotou-a-trama-golpista\/\">Mucho m\u00e1s all\u00e1 del 8 de enero: c\u00f3mo la democracia derrot\u00f3 el intento de golpe.<\/a>\n        <\/h3>\n\n        <div class=\"post-card__meta\">\n\n                            <div class=\"post-card__author\">\n\n                    <span class=\"post-card__by\">\n                        por                    <\/span>\n\n                    <a href=\"https:\/\/fpabramo.org.br\/es\/author\/henrique-f-nunes\/\" title=\"Entradas de Henrique Nunes\" class=\"author url fn\" rel=\"author\">Henrique Nunes<\/a>\n                <\/div>\n            \n            \n        <\/div>\n\n\n                                    <div class=\"post-card__excerpt\">\n                    Desde el rechazo a los resultados electorales hasta la condena a los orquestadores del&#8230;                <\/div>\n                    \n                    <div class=\"post-card__meta post-card__meta--pods\">\n\n                <div class=\"post-card__taxonomy post-card__taxonomy--area post-card__taxonomy--capped\"><a href=\"https:\/\/fpabramo.org.br\/es\/focusbrasil\/\" class=\"term-badge term-badge--area term-badge--area-revista-focus\" style=\"background-color:#f7d62f;color:#111111;\">Revista FOCUS<\/a><a href=\"https:\/\/fpabramo.org.br\/es\/focusbrasil\/\" class=\"term-badge term-badge--area term-badge--area-revista-focus\" style=\"background-color:#f7d62f;color:#111111;\">Revista FOCUS<\/a><\/div>\n\n                \n            <\/div>\n        \n        \n    <\/div>\n<\/article>\n\n    <\/div>\n\n    \n    \n\n\n<div class=\"wp-block-group link-listings link-listings-mobile is-content-justification-left is-nowrap is-layout-flex wp-container-core-group-is-layout-adac0f54 wp-block-group-is-layout-flex\">\n<p class=\"has-text-align-left has-tertiary-dark-color has-text-color has-link-color has-x-small-font-size wp-elements-3dc29802c401b36da753551b23639df1\" style=\"letter-spacing:1.9px;text-transform:uppercase\"><a href=\"#\">mais not\u00edcias<\/a><\/p>\n\n\n\n<figure class=\"wp-block-image size-full\"><a href=\"#\"><img decoding=\"async\" src=\"https:\/\/fpabramo.org.br\/wp-content\/uploads\/2025\/10\/east.png\" alt=\"\" class=\"wp-image-228\"\/><\/a><\/figure>\n<\/div>\n<\/div>\n\n\n\n<div class=\"wp-block-column is-layout-flow wp-block-column-is-layout-flow\" style=\"flex-basis:25%\">\n    <div class=\"hacklabr-posts-grid-block -gap-medium\" style=\"--grid-columns: 1\">\n        \n<article id=\"post-ID-189895-69f0b4c1a40ca\" class=\"post-card post-card--post post-card--vertical swiper-slide\">\n\n    <header class=\"post-card__image\">\n                 <a href=\"https:\/\/fpabramo.org.br\/es\/cpmi-do-inss-chega-ao-fim-sem-um-relatorio-final\/\" aria-label=\"CPMI do INSS chega ao fim sem um relat\u00f3rio final\">\n                            <img decoding=\"async\" width=\"750\" height=\"500\" src=\"https:\/\/fpabramo.org.br\/wp-content\/uploads\/2026\/03\/cpmi-do-inss-gustavobezerra-1111.webp\" class=\"attachment-card-large size-card-large wp-post-image\" alt=\"\" srcset=\"https:\/\/fpabramo.org.br\/wp-content\/uploads\/2026\/03\/cpmi-do-inss-gustavobezerra-1111.webp 750w, https:\/\/fpabramo.org.br\/wp-content\/uploads\/2026\/03\/cpmi-do-inss-gustavobezerra-1111-300x200.webp 300w, https:\/\/fpabramo.org.br\/wp-content\/uploads\/2026\/03\/cpmi-do-inss-gustavobezerra-1111-150x100.webp 150w\" sizes=\"(max-width: 750px) 100vw, 750px\" \/>                    <\/a>\n    <\/header>\n\n    <div class=\"post-card__content\">\n        \n        \n        <h3 class=\"post-card__title\">\n            <a href=\"https:\/\/fpabramo.org.br\/es\/cpmi-do-inss-chega-ao-fim-sem-um-relatorio-final\/\">CPMI do INSS chega ao fim sem um relat\u00f3rio final<\/a>\n        <\/h3>\n\n        <div class=\"post-card__meta\">\n\n                            <div class=\"post-card__author\">\n\n                    <span class=\"post-card__by\">\n                        por                    <\/span>\n\n                    <a href=\"https:\/\/fpabramo.org.br\/es\/author\/fernanda-otero\/\" title=\"Entradas de Fernanda Otero\" class=\"author url fn\" rel=\"author\">Fernanda Otero<\/a>\n                <\/div>\n            \n            \n        <\/div>\n\n\n                                    <div class=\"post-card__excerpt\">\n                    Comiss\u00e3o encerra sete meses de trabalho sem aprovar parecer final; governistas levar\u00e3o&#8230;                <\/div>\n                    \n                    <div class=\"post-card__meta post-card__meta--pods\">\n\n                \n\n                <div class=\"post-card__taxonomy post-card__taxonomy--tema\"><a href=\"https:\/\/fpabramo.org.br\/es\/tema\/politica\/\" class=\"post-card__taxonomy-item\">Pol\u00edtica<\/a><\/div>\n            <\/div>\n        \n        \n    <\/div>\n<\/article>\n\n\n<article id=\"post-ID-135277-69f0b4c1a45cc\" class=\"post-card post-card--post post-card--vertical swiper-slide\">\n\n    <header class=\"post-card__image\">\n                 <a href=\"https:\/\/fpabramo.org.br\/es\/marcha-das-mulheres-negras-queremos-sair-do-fim-da-filatemos-pressa\/\" aria-label=\"Marcha das Mulheres Negras: \u201cQueremos sair do fim da fila,temos pressa\u201d\">\n                            <img decoding=\"async\" width=\"600\" height=\"350\" src=\"https:\/\/fpabramo.org.br\/wp-content\/uploads\/2025\/12\/99-banner-revista-dez-2025-06.jpg\" class=\"attachment-card-large size-card-large wp-post-image\" alt=\"\" srcset=\"https:\/\/fpabramo.org.br\/wp-content\/uploads\/2025\/12\/99-banner-revista-dez-2025-06.jpg 600w, https:\/\/fpabramo.org.br\/wp-content\/uploads\/2025\/12\/99-banner-revista-dez-2025-06-300x175.jpg 300w\" sizes=\"(max-width: 600px) 100vw, 600px\" \/>                    <\/a>\n    <\/header>\n\n    <div class=\"post-card__content\">\n        \n        \n        <h3 class=\"post-card__title\">\n            <a href=\"https:\/\/fpabramo.org.br\/es\/marcha-das-mulheres-negras-queremos-sair-do-fim-da-filatemos-pressa\/\">Marcha das Mulheres Negras: \u201cQueremos sair do fim da fila,temos pressa\u201d<\/a>\n        <\/h3>\n\n        <div class=\"post-card__meta\">\n\n                            <div class=\"post-card__author\">\n\n                    <span class=\"post-card__by\">\n                        por                    <\/span>\n\n                    <a href=\"https:\/\/fpabramo.org.br\/es\/author\/rose-silva\/\" title=\"Entradas de Rose Silva\" class=\"author url fn\" rel=\"author\">Rose Silva<\/a>\n                <\/div>\n            \n            \n        <\/div>\n\n\n                                    <div class=\"post-card__excerpt\">\n                    Por Rose Silva Marcha re\u00fane 300 mil pessoas em Bras\u00edlia por repara\u00e7\u00e3o e bem-viver na&#8230;                <\/div>\n                    \n                    <div class=\"post-card__meta post-card__meta--pods\">\n\n                \n\n                <div class=\"post-card__taxonomy post-card__taxonomy--tema\"><a href=\"https:\/\/fpabramo.org.br\/es\/tema\/comunicacion\/\" class=\"post-card__taxonomy-item\">Comunicaci\u00f3n<\/a><a href=\"https:\/\/fpabramo.org.br\/es\/tema\/mujer\/\" class=\"post-card__taxonomy-item\">Mujer<\/a><\/div>\n            <\/div>\n        \n        \n    <\/div>\n<\/article>\n\n\n<article id=\"post-ID-188477-69f0b4c1a4fd0\" class=\"post-card post-card--post post-card--vertical swiper-slide\">\n\n    <header class=\"post-card__image\">\n                 <a href=\"https:\/\/fpabramo.org.br\/es\/ataques-de-ee-uu-e-israel-contra-iran-aun-no-constituyen-una-amenaza-global-dice-especialista\/\" aria-label=\"Ataques de EE. UU. e Israel contra Ir\u00e1n a\u00fan no constituyen una amenaza global, dice especialista\">\n                            <img decoding=\"async\" width=\"1200\" height=\"800\" src=\"https:\/\/fpabramo.org.br\/wp-content\/uploads\/2026\/03\/TEERA_GettyImages-2263662370.webp\" class=\"attachment-card-large size-card-large wp-post-image\" alt=\"\" srcset=\"https:\/\/fpabramo.org.br\/wp-content\/uploads\/2026\/03\/TEERA_GettyImages-2263662370.webp 1200w, https:\/\/fpabramo.org.br\/wp-content\/uploads\/2026\/03\/TEERA_GettyImages-2263662370-300x200.webp 300w, https:\/\/fpabramo.org.br\/wp-content\/uploads\/2026\/03\/TEERA_GettyImages-2263662370-1024x683.webp 1024w, https:\/\/fpabramo.org.br\/wp-content\/uploads\/2026\/03\/TEERA_GettyImages-2263662370-150x100.webp 150w, https:\/\/fpabramo.org.br\/wp-content\/uploads\/2026\/03\/TEERA_GettyImages-2263662370-768x512.webp 768w\" sizes=\"(max-width: 1200px) 100vw, 1200px\" \/>                    <\/a>\n    <\/header>\n\n    <div class=\"post-card__content\">\n        \n        \n        <h3 class=\"post-card__title\">\n            <a href=\"https:\/\/fpabramo.org.br\/es\/ataques-de-ee-uu-e-israel-contra-iran-aun-no-constituyen-una-amenaza-global-dice-especialista\/\">Ataques de EE. UU. e Israel contra Ir\u00e1n a\u00fan no constituyen una amenaza global, dice especialista<\/a>\n        <\/h3>\n\n        <div class=\"post-card__meta\">\n\n                            <div class=\"post-card__author\">\n\n                    <span class=\"post-card__by\">\n                        por                    <\/span>\n\n                    <a href=\"https:\/\/fpabramo.org.br\/es\/author\/hacklab\/\" title=\"Entradas de hacklab\" class=\"author url fn\" rel=\"author\">hacklab<\/a>\n                <\/div>\n            \n            \n        <\/div>\n\n\n                                    <div class=\"post-card__excerpt\">\n                    Rodrigo Amaral, profesor de Relaciones Internacionales de la PUC-SP, explica los&#8230;                <\/div>\n                    \n                    <div class=\"post-card__meta post-card__meta--pods\">\n\n                \n\n                \n            <\/div>\n        \n        \n    <\/div>\n<\/article>\n\n\n<article id=\"post-ID-188434-69f0b4c1a57ea\" class=\"post-card post-card--post post-card--vertical swiper-slide\">\n\n    <header class=\"post-card__image\">\n                 <a href=\"https:\/\/fpabramo.org.br\/es\/6-anos-de-covid-19-las-cicatrices-de-la-desigualdad-y-del-negacionismo\/\" aria-label=\"6 a\u00f1os de Covid-19: las cicatrices de la desigualdad y del negacionismo\">\n                            <img decoding=\"async\" width=\"960\" height=\"679\" src=\"https:\/\/fpabramo.org.br\/wp-content\/uploads\/2026\/03\/Corona_virus_Covid-19_FC-1.webp\" class=\"attachment-card-large size-card-large wp-post-image\" alt=\"\" srcset=\"https:\/\/fpabramo.org.br\/wp-content\/uploads\/2026\/03\/Corona_virus_Covid-19_FC-1.webp 960w, https:\/\/fpabramo.org.br\/wp-content\/uploads\/2026\/03\/Corona_virus_Covid-19_FC-1-300x212.webp 300w, https:\/\/fpabramo.org.br\/wp-content\/uploads\/2026\/03\/Corona_virus_Covid-19_FC-1-150x106.webp 150w, https:\/\/fpabramo.org.br\/wp-content\/uploads\/2026\/03\/Corona_virus_Covid-19_FC-1-768x543.webp 768w\" sizes=\"(max-width: 960px) 100vw, 960px\" \/>                    <\/a>\n    <\/header>\n\n    <div class=\"post-card__content\">\n        \n        \n        <h3 class=\"post-card__title\">\n            <a href=\"https:\/\/fpabramo.org.br\/es\/6-anos-de-covid-19-las-cicatrices-de-la-desigualdad-y-del-negacionismo\/\">6 a\u00f1os de Covid-19: las cicatrices de la desigualdad y del negacionismo<\/a>\n        <\/h3>\n\n        <div class=\"post-card__meta\">\n\n                            <div class=\"post-card__author\">\n\n                    <span class=\"post-card__by\">\n                        por                    <\/span>\n\n                    <a href=\"https:\/\/fpabramo.org.br\/es\/author\/fernanda-otero\/\" title=\"Entradas de Fernanda Otero\" class=\"author url fn\" rel=\"author\">Fernanda Otero<\/a>\n                <\/div>\n            \n            \n        <\/div>\n\n\n                                    <div class=\"post-card__excerpt\">\n                    El virus que dej\u00f3 al descubierto el abismo de clases, la barbarie estatal y la&#8230;                <\/div>\n                    \n                    <div class=\"post-card__meta post-card__meta--pods\">\n\n                \n\n                \n            <\/div>\n        \n        \n    <\/div>\n<\/article>\n\n\n<article id=\"post-ID-188491-69f0b4c1a61f4\" class=\"post-card post-card--post post-card--vertical swiper-slide\">\n\n    <header class=\"post-card__image\">\n                 <a href=\"https:\/\/fpabramo.org.br\/es\/incluso-sin-el-oscar-el-agente-secreto-acumula-mas-de-70-premios-nacionales-e-internacionales\/\" aria-label=\"Incluso sin el Oscar, El Agente Secreto acumula m\u00e1s de 70 premios nacionales e internacionales\">\n                            <img decoding=\"async\" width=\"1170\" height=\"700\" src=\"https:\/\/fpabramo.org.br\/wp-content\/uploads\/2026\/03\/2026-03-15t214449z_1582026919_hp-1.webp\" class=\"attachment-card-large size-card-large wp-post-image\" alt=\"\" srcset=\"https:\/\/fpabramo.org.br\/wp-content\/uploads\/2026\/03\/2026-03-15t214449z_1582026919_hp-1.webp 1170w, https:\/\/fpabramo.org.br\/wp-content\/uploads\/2026\/03\/2026-03-15t214449z_1582026919_hp-1-300x179.webp 300w, https:\/\/fpabramo.org.br\/wp-content\/uploads\/2026\/03\/2026-03-15t214449z_1582026919_hp-1-1024x613.webp 1024w, https:\/\/fpabramo.org.br\/wp-content\/uploads\/2026\/03\/2026-03-15t214449z_1582026919_hp-1-150x90.webp 150w, https:\/\/fpabramo.org.br\/wp-content\/uploads\/2026\/03\/2026-03-15t214449z_1582026919_hp-1-768x459.webp 768w\" sizes=\"(max-width: 1170px) 100vw, 1170px\" \/>                    <\/a>\n    <\/header>\n\n    <div class=\"post-card__content\">\n        \n        \n        <h3 class=\"post-card__title\">\n            <a href=\"https:\/\/fpabramo.org.br\/es\/incluso-sin-el-oscar-el-agente-secreto-acumula-mas-de-70-premios-nacionales-e-internacionales\/\">Incluso sin el Oscar, El Agente Secreto acumula m\u00e1s de 70 premios nacionales e internacionales<\/a>\n        <\/h3>\n\n        <div class=\"post-card__meta\">\n\n                            <div class=\"post-card__author\">\n\n                    <span class=\"post-card__by\">\n                        por                    <\/span>\n\n                    <a href=\"https:\/\/fpabramo.org.br\/es\/author\/henrique-f-nunes\/\" title=\"Entradas de Henrique Nunes\" class=\"author url fn\" rel=\"author\">Henrique Nunes<\/a>\n                <\/div>\n            \n            \n        <\/div>\n\n\n                                    <div class=\"post-card__excerpt\">\n                    Una pel\u00edcula de Kleber Mendon\u00e7a Filho protagonizada por Wagner Moura ya ha llevado a casi&#8230;                <\/div>\n                    \n                    <div class=\"post-card__meta post-card__meta--pods\">\n\n                \n\n                \n            <\/div>\n        \n        \n    <\/div>\n<\/article>\n\n    <\/div>\n\n    \n    \n\n\n<div class=\"wp-block-group link-listings link-listings-desktop is-content-justification-left is-nowrap is-layout-flex wp-container-core-group-is-layout-adac0f54 wp-block-group-is-layout-flex\">\n<p class=\"has-text-align-left has-tertiary-dark-color has-text-color has-link-color has-x-small-font-size wp-elements-a1ec467e44c6b87debc0dc9640754a0b\" style=\"letter-spacing:1.9px;text-transform:uppercase\"><a href=\"https:\/\/fpabramo.org.br\/es\/noticias\/?tax_projeto=reconexao-periferias\">m\u00e1s noticias<\/a><\/p>\n\n\n\n<figure class=\"wp-block-image size-full\"><a href=\"https:\/\/fpabramo.org.br\/es\/noticias\/?tax_projeto=reconexao-periferias\"><img decoding=\"async\" src=\"https:\/\/fpabramo.org.br\/wp-content\/uploads\/2025\/10\/east.png\" alt=\"\" class=\"wp-image-228\"\/><\/a><\/figure>\n<\/div>\n\n\n\n<div class=\"wp-block-group link-listings link-listings-mobile is-content-justification-left is-nowrap is-layout-flex wp-container-core-group-is-layout-adac0f54 wp-block-group-is-layout-flex\">\n<p class=\"has-text-align-left has-tertiary-dark-color has-text-color has-link-color has-x-small-font-size wp-elements-3dc29802c401b36da753551b23639df1\" style=\"letter-spacing:1.9px;text-transform:uppercase\"><a href=\"#\">mais not\u00edcias<\/a><\/p>\n\n\n\n<figure class=\"wp-block-image size-full\"><a href=\"#\"><img decoding=\"async\" src=\"https:\/\/fpabramo.org.br\/wp-content\/uploads\/2025\/10\/east.png\" alt=\"\" class=\"wp-image-228\"\/><\/a><\/figure>\n<\/div>\n<\/div>\n<\/div>\n\n\n\n<div style=\"height:40px\" aria-hidden=\"true\" class=\"wp-block-spacer\"><\/div>\n<\/div>\n\n\n\n<div class=\"wp-block-group alignfull magazine-slider has-background is-layout-constrained wp-block-group-is-layout-constrained\" style=\"background:linear-gradient(180deg,rgb(245,245,245) 0%,rgb(221,221,221) 100%)\">\n<h2 class=\"wp-block-heading alignwide has-text-align-center has-tertiary-pure-color has-text-color has-link-color has-x-large-font-size wp-elements-7c0a0a7f929e4f86743297b7ce49e589\" style=\"font-style:normal;font-weight:500\">Ediciones anteriores<\/h2>\n\n\n\n    <div class=\"hacklabr-posts-slider-block alignwide\">\n        <script type=\"application\/json\" hidden>{\"a11y\":{\"enabled\":true,\"firstSlideMessage\":\"Esta es la primera diapositiva\",\"lastSlideMessage\":\"Esta es la \\u00faltima diapositiva\",\"nextSlideMessage\":\"Siguiente diapositiva\",\"paginationBulletMessage\":\"Ir a la diapositiva {{index}}\",\"prevSlideMessage\":\"Diapositiva anterior\"},\"autoplay\":false,\"centeredSlides\":false,\"loop\":false,\"navigation\":{\"nextEl\":\".swiper-button-next\",\"prevEl\":\".swiper-button-prev\"},\"pagination\":false,\"rewind\":true,\"slidesPerGroup\":1,\"slidesPerView\":2,\"spaceBetween\":16,\"speed\":300,\"breakpoints\":{\"768\":{\"centeredSlides\":false,\"slidesPerGroup\":1,\"slidesPerView\":6,\"spaceBetween\":32}}}<\/script>\n        <section class=\"swiper\">\n            <div class=\"swiper-wrapper\">\n                            <div class=\"swiper-slide\">\n                \n<article id=\"post-ID-118688-69f0b4c1a796a\" class=\"post-card post-card--revista  swiper-slide\">\n\n    <header class=\"post-card__image\">\n                            <div class=\"post-card__edicao-revista\">\n\n                        \n                                                    <span class=\"revista-mes-ano\">\n                                2020                            <\/span>\n                        \n                    <\/div>\n                         <a href=\"https:\/\/fpabramo.org.br\/es\/revista\/centro-de-memoria-csbh\/n-19-40-anos-do-pt-e-a-saude-publica-no-brasil\/\" aria-label=\"n. 19: 40 anos do PT e a sa\u00fade p\u00fablica no Brasil.\">\n                            <img decoding=\"async\" width=\"595\" height=\"887\" src=\"https:\/\/fpabramo.org.br\/wp-content\/uploads\/2026\/01\/cover_issue_25_pt_BR.webp\" class=\"attachment-card-large size-card-large wp-post-image\" alt=\"\" srcset=\"https:\/\/fpabramo.org.br\/wp-content\/uploads\/2026\/01\/cover_issue_25_pt_BR.webp 595w, https:\/\/fpabramo.org.br\/wp-content\/uploads\/2026\/01\/cover_issue_25_pt_BR-201x300.webp 201w, https:\/\/fpabramo.org.br\/wp-content\/uploads\/2026\/01\/cover_issue_25_pt_BR-101x150.webp 101w\" sizes=\"(max-width: 595px) 100vw, 595px\" \/>                    <\/a>\n    <\/header>\n\n    <div class=\"post-card__content\">\n        \n        \n        <h3 class=\"post-card__title\">\n            <a href=\"https:\/\/fpabramo.org.br\/es\/revista\/centro-de-memoria-csbh\/n-19-40-anos-do-pt-e-a-saude-publica-no-brasil\/\">n. 19: 40 anos do PT e a sa\u00fade p\u00fablica no Brasil.<\/a>\n        <\/h3>\n\n        <div class=\"post-card__meta\">\n\n            \n            \n        <\/div>\n\n\n        \n                    <div class=\"post-card__meta post-card__meta--pods\">\n\n                <div class=\"post-card__taxonomy post-card__taxonomy--tipo_material\"><a href=\"https:\/\/fpabramo.org.br\/es\/tipo-material\/revista\/\" class=\"term-badge term-badge--tipo_material term-badge--tipo_material-revista\" style=\"background-color:#006157;border: 1px solid #00bd9d;\">Revista<\/a><\/div>\n\n                \n            <\/div>\n        \n                            <div class=\"post-card__edicao-data\">\n\n                                                <span class=\"infos-separator\">|<\/span>\n                                                    <span class=\"revista-mes-ano\">\n                                2020                            <\/span>\n                        \n                    <\/div>\n                \n    <\/div>\n<\/article>\n\n                <\/div>\n                            <div class=\"swiper-slide\">\n                \n<article id=\"post-ID-118609-69f0b4c1a7d6f\" class=\"post-card post-card--revista  swiper-slide\">\n\n    <header class=\"post-card__image\">\n                            <div class=\"post-card__edicao-revista\">\n\n                                                    <div class=\"revista-edicao-group\">\n                                <span class=\"revista-edicao-label\">\n                                    Edici\u00f3n                                <\/span>\n\n                                <span class=\"revista-edicao revista-edicao-65\">\n                                    65                                <\/span>\n                            <\/div>\n                        \n                                                    <span class=\"revista-mes-ano\">\n                                Nov e Dez de 2025                            <\/span>\n                        \n                    <\/div>\n                         <a href=\"https:\/\/fpabramo.org.br\/es\/revista\/reconexao-periferias\/novembro-negro-e-a-periferia-no-centro-dos-debates\/\" aria-label=\"Novembro negro e a periferia no centro dos debates\">\n                            <img decoding=\"async\" width=\"593\" height=\"800\" src=\"https:\/\/fpabramo.org.br\/wp-content\/uploads\/2026\/01\/Capa-Revista-Reconexao-Periferias-Nov-Dez-65-1.webp\" class=\"attachment-card-large size-card-large wp-post-image\" alt=\"\" srcset=\"https:\/\/fpabramo.org.br\/wp-content\/uploads\/2026\/01\/Capa-Revista-Reconexao-Periferias-Nov-Dez-65-1.webp 593w, https:\/\/fpabramo.org.br\/wp-content\/uploads\/2026\/01\/Capa-Revista-Reconexao-Periferias-Nov-Dez-65-1-222x300.webp 222w, https:\/\/fpabramo.org.br\/wp-content\/uploads\/2026\/01\/Capa-Revista-Reconexao-Periferias-Nov-Dez-65-1-111x150.webp 111w\" sizes=\"(max-width: 593px) 100vw, 593px\" \/>                    <\/a>\n    <\/header>\n\n    <div class=\"post-card__content\">\n        \n        \n        <h3 class=\"post-card__title\">\n            <a href=\"https:\/\/fpabramo.org.br\/es\/revista\/reconexao-periferias\/novembro-negro-e-a-periferia-no-centro-dos-debates\/\">Novembro negro e a periferia no centro dos debates<\/a>\n        <\/h3>\n\n        <div class=\"post-card__meta\">\n\n            \n            \n        <\/div>\n\n\n        \n                    <div class=\"post-card__meta post-card__meta--pods\">\n\n                <div class=\"post-card__taxonomy post-card__taxonomy--tipo_material\"><a href=\"https:\/\/fpabramo.org.br\/es\/tipo-material\/revista\/\" class=\"term-badge term-badge--tipo_material term-badge--tipo_material-revista\" style=\"background-color:#006157;border: 1px solid #00bd9d;\">Revista<\/a><\/div>\n\n                \n            <\/div>\n        \n                            <div class=\"post-card__edicao-data\">\n\n                                                    <div class=\"revista-edicao-group\">\n                                <span class=\"revista-edicao-label\">\n                                    Edici\u00f3n                                <\/span>\n\n                                <span class=\"revista-edicao revista-edicao-65\">\n                                    65                                <\/span>\n                            <\/div>\n                                                <span class=\"infos-separator\">|<\/span>\n                                                    <span class=\"revista-mes-ano\">\n                                Nov e Dez de 2025                            <\/span>\n                        \n                    <\/div>\n                \n    <\/div>\n<\/article>\n\n                <\/div>\n                            <div class=\"swiper-slide\">\n                \n<article id=\"post-ID-90574-69f0b4c1a80a9\" class=\"post-card post-card--revista  swiper-slide\">\n\n    <header class=\"post-card__image\">\n                            <div class=\"post-card__edicao-revista\">\n\n                                                    <div class=\"revista-edicao-group\">\n                                <span class=\"revista-edicao-label\">\n                                    Edici\u00f3n                                <\/span>\n\n                                <span class=\"revista-edicao revista-edicao-220\">\n                                    #220                                <\/span>\n                            <\/div>\n                        \n                                                    <span class=\"revista-mes-ano\">\n                                Dezembro 2025                            <\/span>\n                        \n                    <\/div>\n                         <a href=\"https:\/\/fpabramo.org.br\/es\/revista\/revista-focus\/focus-brasil-220-as-entregas-que-mudaram-a-vida-do-pais\/\" aria-label=\"Focus Brasil #220 \u2013 O Brasil de volta: as entregas que mudaram a vida do pa\u00eds\">\n                            <img decoding=\"async\" width=\"1080\" height=\"608\" src=\"https:\/\/fpabramo.org.br\/wp-content\/uploads\/2025\/12\/11-banner-thumb-focus-capa-220.png\" class=\"attachment-card-large size-card-large wp-post-image\" alt=\"\" srcset=\"https:\/\/fpabramo.org.br\/wp-content\/uploads\/2025\/12\/11-banner-thumb-focus-capa-220.png 1080w, https:\/\/fpabramo.org.br\/wp-content\/uploads\/2025\/12\/11-banner-thumb-focus-capa-220-300x169.png 300w, https:\/\/fpabramo.org.br\/wp-content\/uploads\/2025\/12\/11-banner-thumb-focus-capa-220-1024x576.png 1024w, https:\/\/fpabramo.org.br\/wp-content\/uploads\/2025\/12\/11-banner-thumb-focus-capa-220-768x432.png 768w\" sizes=\"(max-width: 1080px) 100vw, 1080px\" \/>                    <\/a>\n    <\/header>\n\n    <div class=\"post-card__content\">\n        \n        \n        <h3 class=\"post-card__title\">\n            <a href=\"https:\/\/fpabramo.org.br\/es\/revista\/revista-focus\/focus-brasil-220-as-entregas-que-mudaram-a-vida-do-pais\/\">Focus Brasil #220 \u2013 O Brasil de volta: as entregas que mudaram a vida do pa\u00eds<\/a>\n        <\/h3>\n\n        <div class=\"post-card__meta\">\n\n            \n            \n        <\/div>\n\n\n        \n                    <div class=\"post-card__meta post-card__meta--pods\">\n\n                <div class=\"post-card__taxonomy post-card__taxonomy--tipo_material\"><a href=\"https:\/\/fpabramo.org.br\/es\/tipo-material\/revista\/\" class=\"term-badge term-badge--tipo_material term-badge--tipo_material-revista\" style=\"background-color:#006157;border: 1px solid #00bd9d;\">Revista<\/a><\/div>\n\n                \n            <\/div>\n        \n                            <div class=\"post-card__edicao-data\">\n\n                                                    <div class=\"revista-edicao-group\">\n                                <span class=\"revista-edicao-label\">\n                                    Edici\u00f3n                                <\/span>\n\n                                <span class=\"revista-edicao revista-edicao-220\">\n                                    #220                                <\/span>\n                            <\/div>\n                                                <span class=\"infos-separator\">|<\/span>\n                                                    <span class=\"revista-mes-ano\">\n                                Dezembro 2025                            <\/span>\n                        \n                    <\/div>\n                \n    <\/div>\n<\/article>\n\n                <\/div>\n                            <div class=\"swiper-slide\">\n                \n<article id=\"post-ID-115732-69f0b4c1a83f0\" class=\"post-card post-card--revista  swiper-slide\">\n\n    <header class=\"post-card__image\">\n                            <div class=\"post-card__edicao-revista\">\n\n                                                    <div class=\"revista-edicao-group\">\n                                <span class=\"revista-edicao-label\">\n                                    Edici\u00f3n                                <\/span>\n\n                                <span class=\"revista-edicao revista-edicao-219\">\n                                    #219                                <\/span>\n                            <\/div>\n                        \n                                                    <span class=\"revista-mes-ano\">\n                                Dezembro 2025                            <\/span>\n                        \n                    <\/div>\n                         <a href=\"https:\/\/fpabramo.org.br\/es\/revista\/revista-focus\/focus-brasil-feminicidio-brasil-ato-governo\/\" aria-label=\"Focus Brasil #219 \u2013 O Brasil reage ao feminic\u00eddio: governo e sociedade enfrentam a crise\">\n                            <img decoding=\"async\" width=\"960\" height=\"540\" src=\"https:\/\/fpabramo.org.br\/wp-content\/uploads\/2025\/12\/11-banner-thumb-focus-capa-219-1.png\" class=\"attachment-card-large size-card-large wp-post-image\" alt=\"\" srcset=\"https:\/\/fpabramo.org.br\/wp-content\/uploads\/2025\/12\/11-banner-thumb-focus-capa-219-1.png 960w, https:\/\/fpabramo.org.br\/wp-content\/uploads\/2025\/12\/11-banner-thumb-focus-capa-219-1-300x169.png 300w, https:\/\/fpabramo.org.br\/wp-content\/uploads\/2025\/12\/11-banner-thumb-focus-capa-219-1-768x432.png 768w\" sizes=\"(max-width: 960px) 100vw, 960px\" \/>                    <\/a>\n    <\/header>\n\n    <div class=\"post-card__content\">\n        \n        \n        <h3 class=\"post-card__title\">\n            <a href=\"https:\/\/fpabramo.org.br\/es\/revista\/revista-focus\/focus-brasil-feminicidio-brasil-ato-governo\/\">Focus Brasil #219 \u2013 O Brasil reage ao feminic\u00eddio: governo e sociedade enfrentam a crise<\/a>\n        <\/h3>\n\n        <div class=\"post-card__meta\">\n\n            \n            \n        <\/div>\n\n\n        \n                    <div class=\"post-card__meta post-card__meta--pods\">\n\n                <div class=\"post-card__taxonomy post-card__taxonomy--tipo_material\"><a href=\"https:\/\/fpabramo.org.br\/es\/tipo-material\/revista\/\" class=\"term-badge term-badge--tipo_material term-badge--tipo_material-revista\" style=\"background-color:#006157;border: 1px solid #00bd9d;\">Revista<\/a><\/div>\n\n                \n            <\/div>\n        \n                            <div class=\"post-card__edicao-data\">\n\n                                                    <div class=\"revista-edicao-group\">\n                                <span class=\"revista-edicao-label\">\n                                    Edici\u00f3n                                <\/span>\n\n                                <span class=\"revista-edicao revista-edicao-219\">\n                                    #219                                <\/span>\n                            <\/div>\n                                                <span class=\"infos-separator\">|<\/span>\n                                                    <span class=\"revista-mes-ano\">\n                                Dezembro 2025                            <\/span>\n                        \n                    <\/div>\n                \n    <\/div>\n<\/article>\n\n                <\/div>\n                            <div class=\"swiper-slide\">\n                \n<article id=\"post-ID-115734-69f0b4c1a873b\" class=\"post-card post-card--revista  swiper-slide\">\n\n    <header class=\"post-card__image\">\n                            <div class=\"post-card__edicao-revista\">\n\n                                                    <div class=\"revista-edicao-group\">\n                                <span class=\"revista-edicao-label\">\n                                    Edici\u00f3n                                <\/span>\n\n                                <span class=\"revista-edicao revista-edicao-218\">\n                                    #218                                <\/span>\n                            <\/div>\n                        \n                                                    <span class=\"revista-mes-ano\">\n                                Dezembro 2025                            <\/span>\n                        \n                    <\/div>\n                         <a href=\"https:\/\/fpabramo.org.br\/es\/revista\/revista-focus\/focus-brasil-218\/\" aria-label=\"Focus Brasil #218 &#8211; Seguran\u00e7a P\u00fablica: PT foca no combate \u00e0 desigualdade e ao crime organizado\">\n                            <img decoding=\"async\" width=\"1600\" height=\"900\" src=\"https:\/\/fpabramo.org.br\/wp-content\/uploads\/2025\/12\/11-WhatsApp-Image-2025-12-03-at-20.15.36-1.jpeg\" class=\"attachment-card-large size-card-large wp-post-image\" alt=\"\" srcset=\"https:\/\/fpabramo.org.br\/wp-content\/uploads\/2025\/12\/11-WhatsApp-Image-2025-12-03-at-20.15.36-1.jpeg 1600w, https:\/\/fpabramo.org.br\/wp-content\/uploads\/2025\/12\/11-WhatsApp-Image-2025-12-03-at-20.15.36-1-300x169.jpeg 300w, https:\/\/fpabramo.org.br\/wp-content\/uploads\/2025\/12\/11-WhatsApp-Image-2025-12-03-at-20.15.36-1-1024x576.jpeg 1024w, https:\/\/fpabramo.org.br\/wp-content\/uploads\/2025\/12\/11-WhatsApp-Image-2025-12-03-at-20.15.36-1-768x432.jpeg 768w, https:\/\/fpabramo.org.br\/wp-content\/uploads\/2025\/12\/11-WhatsApp-Image-2025-12-03-at-20.15.36-1-1536x864.jpeg 1536w, https:\/\/fpabramo.org.br\/wp-content\/uploads\/2025\/12\/11-WhatsApp-Image-2025-12-03-at-20.15.36-1-1200x675.jpeg 1200w\" sizes=\"(max-width: 1600px) 100vw, 1600px\" \/>                    <\/a>\n    <\/header>\n\n    <div class=\"post-card__content\">\n        \n        \n        <h3 class=\"post-card__title\">\n            <a href=\"https:\/\/fpabramo.org.br\/es\/revista\/revista-focus\/focus-brasil-218\/\">Focus Brasil #218 &#8211; Seguran\u00e7a P\u00fablica: PT foca no combate \u00e0 desigualdade e ao crime organizado<\/a>\n        <\/h3>\n\n        <div class=\"post-card__meta\">\n\n            \n            \n        <\/div>\n\n\n        \n                    <div class=\"post-card__meta post-card__meta--pods\">\n\n                <div class=\"post-card__taxonomy post-card__taxonomy--tipo_material\"><a href=\"https:\/\/fpabramo.org.br\/es\/tipo-material\/revista\/\" class=\"term-badge term-badge--tipo_material term-badge--tipo_material-revista\" style=\"background-color:#006157;border: 1px solid #00bd9d;\">Revista<\/a><\/div>\n\n                \n            <\/div>\n        \n                            <div class=\"post-card__edicao-data\">\n\n                                                    <div class=\"revista-edicao-group\">\n                                <span class=\"revista-edicao-label\">\n                                    Edici\u00f3n                                <\/span>\n\n                                <span class=\"revista-edicao revista-edicao-218\">\n                                    #218                                <\/span>\n                            <\/div>\n                                                <span class=\"infos-separator\">|<\/span>\n                                                    <span class=\"revista-mes-ano\">\n                                Dezembro 2025                            <\/span>\n                        \n                    <\/div>\n                \n    <\/div>\n<\/article>\n\n                <\/div>\n                            <div class=\"swiper-slide\">\n                \n<article id=\"post-ID-115736-69f0b4c1a8a9a\" class=\"post-card post-card--revista  swiper-slide\">\n\n    <header class=\"post-card__image\">\n                            <div class=\"post-card__edicao-revista\">\n\n                                                    <div class=\"revista-edicao-group\">\n                                <span class=\"revista-edicao-label\">\n                                    Edici\u00f3n                                <\/span>\n\n                                <span class=\"revista-edicao revista-edicao-217\">\n                                    #217                                <\/span>\n                            <\/div>\n                        \n                                                    <span class=\"revista-mes-ano\">\n                                Novembro 2025                            <\/span>\n                        \n                    <\/div>\n                         <a href=\"https:\/\/fpabramo.org.br\/es\/revista\/revista-focus\/focus-brasil-217-o-desfecho-do-golpe-e-a-queda-da-cupula-bolsonarista\/\" aria-label=\"Focus Brasil #217 &#8211; Bolsonaro preso: o desfecho do golpe e a queda da c\u00fapula bolsonarista\">\n                            <img decoding=\"async\" width=\"1080\" height=\"608\" src=\"https:\/\/fpabramo.org.br\/wp-content\/uploads\/2025\/11\/11-banner-thumb-focus-capa-217.png\" class=\"attachment-card-large size-card-large wp-post-image\" alt=\"\" srcset=\"https:\/\/fpabramo.org.br\/wp-content\/uploads\/2025\/11\/11-banner-thumb-focus-capa-217.png 1080w, https:\/\/fpabramo.org.br\/wp-content\/uploads\/2025\/11\/11-banner-thumb-focus-capa-217-300x169.png 300w, https:\/\/fpabramo.org.br\/wp-content\/uploads\/2025\/11\/11-banner-thumb-focus-capa-217-1024x576.png 1024w, https:\/\/fpabramo.org.br\/wp-content\/uploads\/2025\/11\/11-banner-thumb-focus-capa-217-768x432.png 768w\" sizes=\"(max-width: 1080px) 100vw, 1080px\" \/>                    <\/a>\n    <\/header>\n\n    <div class=\"post-card__content\">\n        \n        \n        <h3 class=\"post-card__title\">\n            <a href=\"https:\/\/fpabramo.org.br\/es\/revista\/revista-focus\/focus-brasil-217-o-desfecho-do-golpe-e-a-queda-da-cupula-bolsonarista\/\">Focus Brasil #217 &#8211; Bolsonaro preso: o desfecho do golpe e a queda da c\u00fapula bolsonarista<\/a>\n        <\/h3>\n\n        <div class=\"post-card__meta\">\n\n            \n            \n        <\/div>\n\n\n        \n                    <div class=\"post-card__meta post-card__meta--pods\">\n\n                <div class=\"post-card__taxonomy post-card__taxonomy--tipo_material\"><a href=\"https:\/\/fpabramo.org.br\/es\/tipo-material\/revista\/\" class=\"term-badge term-badge--tipo_material term-badge--tipo_material-revista\" style=\"background-color:#006157;border: 1px solid #00bd9d;\">Revista<\/a><\/div>\n\n                \n            <\/div>\n        \n                            <div class=\"post-card__edicao-data\">\n\n                                                    <div class=\"revista-edicao-group\">\n                                <span class=\"revista-edicao-label\">\n                                    Edici\u00f3n                                <\/span>\n\n                                <span class=\"revista-edicao revista-edicao-217\">\n                                    #217                                <\/span>\n                            <\/div>\n                                                <span class=\"infos-separator\">|<\/span>\n                                                    <span class=\"revista-mes-ano\">\n                                Novembro 2025                            <\/span>\n                        \n                    <\/div>\n                \n    <\/div>\n<\/article>\n\n                <\/div>\n                            <div class=\"swiper-slide\">\n                \n<article id=\"post-ID-115739-69f0b4c1a8deb\" class=\"post-card post-card--revista  swiper-slide\">\n\n    <header class=\"post-card__image\">\n                            <div class=\"post-card__edicao-revista\">\n\n                                                    <div class=\"revista-edicao-group\">\n                                <span class=\"revista-edicao-label\">\n                                    Edici\u00f3n                                <\/span>\n\n                                <span class=\"revista-edicao revista-edicao-216\">\n                                    #216                                <\/span>\n                            <\/div>\n                        \n                                                    <span class=\"revista-mes-ano\">\n                                Novembro 2025                            <\/span>\n                        \n                    <\/div>\n                         <a href=\"https:\/\/fpabramo.org.br\/es\/revista\/revista-focus\/focus-brasil-216-brasil-reta-final-cop30\/\" aria-label=\"Focus Brasil #216 &#8211; Brasil articula consenso global na reta final da COP30\">\n                            <img decoding=\"async\" width=\"1467\" height=\"825\" src=\"https:\/\/fpabramo.org.br\/wp-content\/uploads\/2025\/11\/11-banner-thumb-focus-capa-216-01.png\" class=\"attachment-card-large size-card-large wp-post-image\" alt=\"\" srcset=\"https:\/\/fpabramo.org.br\/wp-content\/uploads\/2025\/11\/11-banner-thumb-focus-capa-216-01.png 1467w, https:\/\/fpabramo.org.br\/wp-content\/uploads\/2025\/11\/11-banner-thumb-focus-capa-216-01-300x169.png 300w, https:\/\/fpabramo.org.br\/wp-content\/uploads\/2025\/11\/11-banner-thumb-focus-capa-216-01-1024x576.png 1024w, https:\/\/fpabramo.org.br\/wp-content\/uploads\/2025\/11\/11-banner-thumb-focus-capa-216-01-768x432.png 768w, https:\/\/fpabramo.org.br\/wp-content\/uploads\/2025\/11\/11-banner-thumb-focus-capa-216-01-1200x675.png 1200w\" sizes=\"(max-width: 1467px) 100vw, 1467px\" \/>                    <\/a>\n    <\/header>\n\n    <div class=\"post-card__content\">\n        \n        \n        <h3 class=\"post-card__title\">\n            <a href=\"https:\/\/fpabramo.org.br\/es\/revista\/revista-focus\/focus-brasil-216-brasil-reta-final-cop30\/\">Focus Brasil #216 &#8211; Brasil articula consenso global na reta final da COP30<\/a>\n        <\/h3>\n\n        <div class=\"post-card__meta\">\n\n            \n            \n        <\/div>\n\n\n        \n                    <div class=\"post-card__meta post-card__meta--pods\">\n\n                <div class=\"post-card__taxonomy post-card__taxonomy--tipo_material\"><a href=\"https:\/\/fpabramo.org.br\/es\/tipo-material\/revista\/\" class=\"term-badge term-badge--tipo_material term-badge--tipo_material-revista\" style=\"background-color:#006157;border: 1px solid #00bd9d;\">Revista<\/a><\/div>\n\n                \n            <\/div>\n        \n                            <div class=\"post-card__edicao-data\">\n\n                                                    <div class=\"revista-edicao-group\">\n                                <span class=\"revista-edicao-label\">\n                                    Edici\u00f3n                                <\/span>\n\n                                <span class=\"revista-edicao revista-edicao-216\">\n                                    #216                                <\/span>\n                            <\/div>\n                                                <span class=\"infos-separator\">|<\/span>\n                                                    <span class=\"revista-mes-ano\">\n                                Novembro 2025                            <\/span>\n                        \n                    <\/div>\n                \n    <\/div>\n<\/article>\n\n                <\/div>\n                            <div class=\"swiper-slide\">\n                \n<article id=\"post-ID-115743-69f0b4c1a9130\" class=\"post-card post-card--revista  swiper-slide\">\n\n    <header class=\"post-card__image\">\n                            <div class=\"post-card__edicao-revista\">\n\n                                                    <div class=\"revista-edicao-group\">\n                                <span class=\"revista-edicao-label\">\n                                    Edici\u00f3n                                <\/span>\n\n                                <span class=\"revista-edicao revista-edicao-215\">\n                                    #215                                <\/span>\n                            <\/div>\n                        \n                                                    <span class=\"revista-mes-ano\">\n                                Novembro 2025                            <\/span>\n                        \n                    <\/div>\n                         <a href=\"https:\/\/fpabramo.org.br\/es\/revista\/revista-focus\/focus-brasil-215\/\" aria-label=\"Focus Brasil #215 \u2013 PL Antifac\u00e7\u00e3o: desfigura\u00e7\u00e3o do projeto do Governo Federal gera crise\">\n                            <img decoding=\"async\" width=\"1080\" height=\"608\" src=\"https:\/\/fpabramo.org.br\/wp-content\/uploads\/2025\/11\/11-banner-thumb-focus-capa-215.png\" class=\"attachment-card-large size-card-large wp-post-image\" alt=\"\" srcset=\"https:\/\/fpabramo.org.br\/wp-content\/uploads\/2025\/11\/11-banner-thumb-focus-capa-215.png 1080w, https:\/\/fpabramo.org.br\/wp-content\/uploads\/2025\/11\/11-banner-thumb-focus-capa-215-300x169.png 300w, https:\/\/fpabramo.org.br\/wp-content\/uploads\/2025\/11\/11-banner-thumb-focus-capa-215-1024x576.png 1024w, https:\/\/fpabramo.org.br\/wp-content\/uploads\/2025\/11\/11-banner-thumb-focus-capa-215-768x432.png 768w\" sizes=\"(max-width: 1080px) 100vw, 1080px\" \/>                    <\/a>\n    <\/header>\n\n    <div class=\"post-card__content\">\n        \n        \n        <h3 class=\"post-card__title\">\n            <a href=\"https:\/\/fpabramo.org.br\/es\/revista\/revista-focus\/focus-brasil-215\/\">Focus Brasil #215 \u2013 PL Antifac\u00e7\u00e3o: desfigura\u00e7\u00e3o do projeto do Governo Federal gera crise<\/a>\n        <\/h3>\n\n        <div class=\"post-card__meta\">\n\n            \n            \n        <\/div>\n\n\n        \n                    <div class=\"post-card__meta post-card__meta--pods\">\n\n                <div class=\"post-card__taxonomy post-card__taxonomy--tipo_material\"><a href=\"https:\/\/fpabramo.org.br\/es\/tipo-material\/revista\/\" class=\"term-badge term-badge--tipo_material term-badge--tipo_material-revista\" style=\"background-color:#006157;border: 1px solid #00bd9d;\">Revista<\/a><\/div>\n\n                \n            <\/div>\n        \n                            <div class=\"post-card__edicao-data\">\n\n                                                    <div class=\"revista-edicao-group\">\n                                <span class=\"revista-edicao-label\">\n                                    Edici\u00f3n                                <\/span>\n\n                                <span class=\"revista-edicao revista-edicao-215\">\n                                    #215                                <\/span>\n                            <\/div>\n                                                <span class=\"infos-separator\">|<\/span>\n                                                    <span class=\"revista-mes-ano\">\n                                Novembro 2025                            <\/span>\n                        \n                    <\/div>\n                \n    <\/div>\n<\/article>\n\n                <\/div>\n                            <div class=\"swiper-slide\">\n                \n<article id=\"post-ID-115746-69f0b4c1a9468\" class=\"post-card post-card--revista  swiper-slide\">\n\n    <header class=\"post-card__image\">\n                            <div class=\"post-card__edicao-revista\">\n\n                                                    <div class=\"revista-edicao-group\">\n                                <span class=\"revista-edicao-label\">\n                                    Edici\u00f3n                                <\/span>\n\n                                <span class=\"revista-edicao revista-edicao-214\">\n                                    #214                                <\/span>\n                            <\/div>\n                        \n                                                    <span class=\"revista-mes-ano\">\n                                Outubro 2025                            <\/span>\n                        \n                    <\/div>\n                         <a href=\"https:\/\/fpabramo.org.br\/es\/revista\/revista-focus\/focus-brasil-lei-antifaccao-governo-crime-organizado-seguranca\/\" aria-label=\"Focus Brasil #214 \u2013 Lei Antifac\u00e7\u00e3o: Governo aposta na Seguran\u00e7a integrada contra o crime organizado\">\n                            <img decoding=\"async\" width=\"1080\" height=\"608\" src=\"https:\/\/fpabramo.org.br\/wp-content\/uploads\/2025\/11\/11-banner-thumb-focus-capa-214.png\" class=\"attachment-card-large size-card-large wp-post-image\" alt=\"\" srcset=\"https:\/\/fpabramo.org.br\/wp-content\/uploads\/2025\/11\/11-banner-thumb-focus-capa-214.png 1080w, https:\/\/fpabramo.org.br\/wp-content\/uploads\/2025\/11\/11-banner-thumb-focus-capa-214-300x169.png 300w, https:\/\/fpabramo.org.br\/wp-content\/uploads\/2025\/11\/11-banner-thumb-focus-capa-214-1024x576.png 1024w, https:\/\/fpabramo.org.br\/wp-content\/uploads\/2025\/11\/11-banner-thumb-focus-capa-214-768x432.png 768w\" sizes=\"(max-width: 1080px) 100vw, 1080px\" \/>                    <\/a>\n    <\/header>\n\n    <div class=\"post-card__content\">\n        \n        \n        <h3 class=\"post-card__title\">\n            <a href=\"https:\/\/fpabramo.org.br\/es\/revista\/revista-focus\/focus-brasil-lei-antifaccao-governo-crime-organizado-seguranca\/\">Focus Brasil #214 \u2013 Lei Antifac\u00e7\u00e3o: Governo aposta na Seguran\u00e7a integrada contra o crime organizado<\/a>\n        <\/h3>\n\n        <div class=\"post-card__meta\">\n\n            \n            \n        <\/div>\n\n\n        \n                    <div class=\"post-card__meta post-card__meta--pods\">\n\n                <div class=\"post-card__taxonomy post-card__taxonomy--tipo_material\"><a href=\"https:\/\/fpabramo.org.br\/es\/tipo-material\/revista\/\" class=\"term-badge term-badge--tipo_material term-badge--tipo_material-revista\" style=\"background-color:#006157;border: 1px solid #00bd9d;\">Revista<\/a><\/div>\n\n                \n            <\/div>\n        \n                            <div class=\"post-card__edicao-data\">\n\n                                                    <div class=\"revista-edicao-group\">\n                                <span class=\"revista-edicao-label\">\n                                    Edici\u00f3n                                <\/span>\n\n                                <span class=\"revista-edicao revista-edicao-214\">\n                                    #214                                <\/span>\n                            <\/div>\n                                                <span class=\"infos-separator\">|<\/span>\n                                                    <span class=\"revista-mes-ano\">\n                                Outubro 2025                            <\/span>\n                        \n                    <\/div>\n                \n    <\/div>\n<\/article>\n\n                <\/div>\n                            <div class=\"swiper-slide\">\n                \n<article id=\"post-ID-115749-69f0b4c1a97be\" class=\"post-card post-card--revista  swiper-slide\">\n\n    <header class=\"post-card__image\">\n                            <div class=\"post-card__edicao-revista\">\n\n                                                    <div class=\"revista-edicao-group\">\n                                <span class=\"revista-edicao-label\">\n                                    Edici\u00f3n                                <\/span>\n\n                                <span class=\"revista-edicao revista-edicao-213\">\n                                    #213                                <\/span>\n                            <\/div>\n                        \n                                                    <span class=\"revista-mes-ano\">\n                                Outubro 2025                            <\/span>\n                        \n                    <\/div>\n                         <a href=\"https:\/\/fpabramo.org.br\/es\/revista\/revista-focus\/focus-brasil-213-80-anos-de-lula-justica-social-compromisso-e-soberania\/\" aria-label=\"Focus Brasil #213 &#8211; 80 anos de Lula: justi\u00e7a social, compromisso e soberania\">\n                            <img decoding=\"async\" width=\"1334\" height=\"750\" src=\"https:\/\/fpabramo.org.br\/wp-content\/uploads\/2025\/10\/11-banner-thumb-focus-capa-213.png\" class=\"attachment-card-large size-card-large wp-post-image\" alt=\"\" srcset=\"https:\/\/fpabramo.org.br\/wp-content\/uploads\/2025\/10\/11-banner-thumb-focus-capa-213.png 1334w, https:\/\/fpabramo.org.br\/wp-content\/uploads\/2025\/10\/11-banner-thumb-focus-capa-213-300x169.png 300w, https:\/\/fpabramo.org.br\/wp-content\/uploads\/2025\/10\/11-banner-thumb-focus-capa-213-1024x576.png 1024w, https:\/\/fpabramo.org.br\/wp-content\/uploads\/2025\/10\/11-banner-thumb-focus-capa-213-768x432.png 768w, https:\/\/fpabramo.org.br\/wp-content\/uploads\/2025\/10\/11-banner-thumb-focus-capa-213-1200x675.png 1200w\" sizes=\"(max-width: 1334px) 100vw, 1334px\" \/>                    <\/a>\n    <\/header>\n\n    <div class=\"post-card__content\">\n        \n        \n        <h3 class=\"post-card__title\">\n            <a href=\"https:\/\/fpabramo.org.br\/es\/revista\/revista-focus\/focus-brasil-213-80-anos-de-lula-justica-social-compromisso-e-soberania\/\">Focus Brasil #213 &#8211; 80 anos de Lula: justi\u00e7a social, compromisso e soberania<\/a>\n        <\/h3>\n\n        <div class=\"post-card__meta\">\n\n            \n            \n        <\/div>\n\n\n        \n                    <div class=\"post-card__meta post-card__meta--pods\">\n\n                <div class=\"post-card__taxonomy post-card__taxonomy--tipo_material\"><a href=\"https:\/\/fpabramo.org.br\/es\/tipo-material\/revista\/\" class=\"term-badge term-badge--tipo_material term-badge--tipo_material-revista\" style=\"background-color:#006157;border: 1px solid #00bd9d;\">Revista<\/a><\/div>\n\n                \n            <\/div>\n        \n                            <div class=\"post-card__edicao-data\">\n\n                                                    <div class=\"revista-edicao-group\">\n                                <span class=\"revista-edicao-label\">\n                                    Edici\u00f3n                                <\/span>\n\n                                <span class=\"revista-edicao revista-edicao-213\">\n                                    #213                                <\/span>\n                            <\/div>\n                                                <span class=\"infos-separator\">|<\/span>\n                                                    <span class=\"revista-mes-ano\">\n                                Outubro 2025                            <\/span>\n                        \n                    <\/div>\n                \n    <\/div>\n<\/article>\n\n                <\/div>\n                            <div class=\"swiper-slide\">\n                \n<article id=\"post-ID-118615-69f0b4c1a9bf6\" class=\"post-card post-card--revista  swiper-slide\">\n\n    <header class=\"post-card__image\">\n                            <div class=\"post-card__edicao-revista\">\n\n                                                    <div class=\"revista-edicao-group\">\n                                <span class=\"revista-edicao-label\">\n                                    Edici\u00f3n                                <\/span>\n\n                                <span class=\"revista-edicao revista-edicao-64\">\n                                    64                                <\/span>\n                            <\/div>\n                        \n                                                    <span class=\"revista-mes-ano\">\n                                Setembro e Outubro de 2025                            <\/span>\n                        \n                    <\/div>\n                         <a href=\"https:\/\/fpabramo.org.br\/es\/revista\/reconexao-periferias\/ocupar-as-ruas-por-mais-democracia-e-com-novos-atores\/\" aria-label=\"Ocupar as ruas por mais democracia e com novos atores\">\n                            <img decoding=\"async\" width=\"593\" height=\"800\" src=\"https:\/\/fpabramo.org.br\/wp-content\/uploads\/2026\/01\/Capa-Revista-Reconexao-Periferias-Set-Out-64-1.webp\" class=\"attachment-card-large size-card-large wp-post-image\" alt=\"\" srcset=\"https:\/\/fpabramo.org.br\/wp-content\/uploads\/2026\/01\/Capa-Revista-Reconexao-Periferias-Set-Out-64-1.webp 593w, https:\/\/fpabramo.org.br\/wp-content\/uploads\/2026\/01\/Capa-Revista-Reconexao-Periferias-Set-Out-64-1-222x300.webp 222w, https:\/\/fpabramo.org.br\/wp-content\/uploads\/2026\/01\/Capa-Revista-Reconexao-Periferias-Set-Out-64-1-111x150.webp 111w\" sizes=\"(max-width: 593px) 100vw, 593px\" \/>                    <\/a>\n    <\/header>\n\n    <div class=\"post-card__content\">\n        \n        \n        <h3 class=\"post-card__title\">\n            <a href=\"https:\/\/fpabramo.org.br\/es\/revista\/reconexao-periferias\/ocupar-as-ruas-por-mais-democracia-e-com-novos-atores\/\">Ocupar as ruas por mais democracia e com novos atores<\/a>\n        <\/h3>\n\n        <div class=\"post-card__meta\">\n\n            \n            \n        <\/div>\n\n\n        \n                    <div class=\"post-card__meta post-card__meta--pods\">\n\n                <div class=\"post-card__taxonomy post-card__taxonomy--tipo_material\"><a href=\"https:\/\/fpabramo.org.br\/es\/tipo-material\/revista\/\" class=\"term-badge term-badge--tipo_material term-badge--tipo_material-revista\" style=\"background-color:#006157;border: 1px solid #00bd9d;\">Revista<\/a><\/div>\n\n                \n            <\/div>\n        \n                            <div class=\"post-card__edicao-data\">\n\n                                                    <div class=\"revista-edicao-group\">\n                                <span class=\"revista-edicao-label\">\n                                    Edici\u00f3n                                <\/span>\n\n                                <span class=\"revista-edicao revista-edicao-64\">\n                                    64                                <\/span>\n                            <\/div>\n                                                <span class=\"infos-separator\">|<\/span>\n                                                    <span class=\"revista-mes-ano\">\n                                Setembro e Outubro de 2025                            <\/span>\n                        \n                    <\/div>\n                \n    <\/div>\n<\/article>\n\n                <\/div>\n                            <div class=\"swiper-slide\">\n                \n<article id=\"post-ID-115752-69f0b4c1a9f0b\" class=\"post-card post-card--revista  swiper-slide\">\n\n    <header class=\"post-card__image\">\n                            <div class=\"post-card__edicao-revista\">\n\n                                                    <div class=\"revista-edicao-group\">\n                                <span class=\"revista-edicao-label\">\n                                    Edici\u00f3n                                <\/span>\n\n                                <span class=\"revista-edicao revista-edicao-212\">\n                                    #212                                <\/span>\n                            <\/div>\n                        \n                                                    <span class=\"revista-mes-ano\">\n                                Outubro 2025                            <\/span>\n                        \n                    <\/div>\n                         <a href=\"https:\/\/fpabramo.org.br\/es\/revista\/revista-focus\/focus-brasil-212-farra-inss-golden-boys-bolsonaro\/\" aria-label=\"Focus Brasil #212 \u2013 Luxo, propina e corrup\u00e7\u00e3o: os Golden Boys do bolsonarismo na Farra do INSS\">\n                            <img decoding=\"async\" width=\"1334\" height=\"750\" src=\"https:\/\/fpabramo.org.br\/wp-content\/uploads\/2025\/10\/11-banner-thumb-focus-capa-212.png\" class=\"attachment-card-large size-card-large wp-post-image\" alt=\"\" srcset=\"https:\/\/fpabramo.org.br\/wp-content\/uploads\/2025\/10\/11-banner-thumb-focus-capa-212.png 1334w, https:\/\/fpabramo.org.br\/wp-content\/uploads\/2025\/10\/11-banner-thumb-focus-capa-212-300x169.png 300w, https:\/\/fpabramo.org.br\/wp-content\/uploads\/2025\/10\/11-banner-thumb-focus-capa-212-1024x576.png 1024w, https:\/\/fpabramo.org.br\/wp-content\/uploads\/2025\/10\/11-banner-thumb-focus-capa-212-768x432.png 768w, https:\/\/fpabramo.org.br\/wp-content\/uploads\/2025\/10\/11-banner-thumb-focus-capa-212-1200x675.png 1200w\" sizes=\"(max-width: 1334px) 100vw, 1334px\" \/>                    <\/a>\n    <\/header>\n\n    <div class=\"post-card__content\">\n        \n        \n        <h3 class=\"post-card__title\">\n            <a href=\"https:\/\/fpabramo.org.br\/es\/revista\/revista-focus\/focus-brasil-212-farra-inss-golden-boys-bolsonaro\/\">Focus Brasil #212 \u2013 Luxo, propina e corrup\u00e7\u00e3o: os Golden Boys do bolsonarismo na Farra do INSS<\/a>\n        <\/h3>\n\n        <div class=\"post-card__meta\">\n\n            \n            \n        <\/div>\n\n\n        \n                    <div class=\"post-card__meta post-card__meta--pods\">\n\n                <div class=\"post-card__taxonomy post-card__taxonomy--tipo_material\"><a href=\"https:\/\/fpabramo.org.br\/es\/tipo-material\/revista\/\" class=\"term-badge term-badge--tipo_material term-badge--tipo_material-revista\" style=\"background-color:#006157;border: 1px solid #00bd9d;\">Revista<\/a><\/div>\n\n                \n            <\/div>\n        \n                            <div class=\"post-card__edicao-data\">\n\n                                                    <div class=\"revista-edicao-group\">\n                                <span class=\"revista-edicao-label\">\n                                    Edici\u00f3n                                <\/span>\n\n                                <span class=\"revista-edicao revista-edicao-212\">\n                                    #212                                <\/span>\n                            <\/div>\n                                                <span class=\"infos-separator\">|<\/span>\n                                                    <span class=\"revista-mes-ano\">\n                                Outubro 2025                            <\/span>\n                        \n                    <\/div>\n                \n    <\/div>\n<\/article>\n\n                <\/div>\n                        <\/div>\n            <div class=\"swiper-pagination\"><\/div>\n                            <div class=\"swiper-button-prev\">\n                    \n    <svg width=\"40\" height=\"40\" version=\"1.1\" viewBox=\"0 0 40 40\" xmlns=\"http:\/\/www.w3.org\/2000\/svg\">\n        <circle cx=\"20\" cy=\"20\" r=\"20\" fill=\"#fff\"\/>\n        <path d=\"m18.8 20 4.6-4.6-1.4-1.4-6 6 6 6 1.4-1.4z\" fill=\"#1c1b1f\"\/>\n    <\/svg>\n                    <\/div>\n                <div class=\"swiper-button-next\">\n                    \n    <svg width=\"40\" height=\"40\" version=\"1.1\" viewBox=\"0 0 40 40\" xmlns=\"http:\/\/www.w3.org\/2000\/svg\">\n        <circle cx=\"20\" cy=\"20\" r=\"20\" fill=\"#fff\"\/>\n        <path d=\"m20.6 20-4.6-4.6 1.4-1.4 6 6-6 6-1.4-1.4z\" fill=\"#1c1b1f\"\/>\n    <\/svg>\n                    <\/div>\n                    <\/section>\n    <\/div>\n\n    \n\n\n<div class=\"wp-block-group alignwide is-content-justification-right is-layout-constrained wp-container-core-group-is-layout-f1f2ed93 wp-block-group-is-layout-constrained\">\n<div class=\"wp-block-group link-listings is-content-justification-right is-nowrap is-layout-flex wp-container-core-group-is-layout-82baacbd wp-block-group-is-layout-flex\">\n<p class=\"has-text-align-left has-tertiary-dark-color has-text-color has-link-color has-x-small-font-size wp-elements-27038806a6fae65b18fd58a503bcb1b4\" style=\"letter-spacing:1.9px;text-transform:uppercase\"><a href=\"#\"><\/a><a href=\"https:\/\/fpabramo.org.br\/es\/revista\/reconexao-periferias\/\">Todas las ediciones<\/a><\/p>\n\n\n\n<figure class=\"wp-block-image size-full\"><a href=\"https:\/\/fpabramo.org.br\/es\/revista\/reconexao-periferias\/\"><img decoding=\"async\" src=\"https:\/\/fpabramo.org.br\/wp-content\/uploads\/2025\/10\/east.png\" alt=\"\" class=\"wp-image-228\"\/><\/a><\/figure>\n<\/div>\n<\/div>\n<\/div>\n\n\n\n<div style=\"background-image:url(&apos;https:\/\/fpabramo.org.br\/wp-content\/uploads\/2026\/01\/Rectangle-303.webp&apos;);background-size:cover;\" class=\"wp-block-group alignfull reconexao-magazine-banner is-layout-constrained wp-block-group-is-layout-constrained has-background\">\n<div class=\"wp-block-columns alignwide are-vertically-aligned-center is-layout-flex wp-container-core-columns-is-layout-28f84493 wp-block-columns-is-layout-flex\">\n<div class=\"wp-block-column is-vertically-aligned-center is-layout-flow wp-block-column-is-layout-flow\" style=\"flex-basis:28%\">\n<figure class=\"wp-block-image size-full\"><img decoding=\"async\" width=\"312\" height=\"277\" src=\"https:\/\/fpabramo.org.br\/wp-content\/uploads\/2026\/01\/logo-reconexao-transparente.webp\" alt=\"\" class=\"wp-image-90249\" srcset=\"https:\/\/fpabramo.org.br\/wp-content\/uploads\/2026\/01\/logo-reconexao-transparente.webp 312w, https:\/\/fpabramo.org.br\/wp-content\/uploads\/2026\/01\/logo-reconexao-transparente-300x266.webp 300w, https:\/\/fpabramo.org.br\/wp-content\/uploads\/2026\/01\/logo-reconexao-transparente-150x133.webp 150w\" sizes=\"(max-width: 312px) 100vw, 312px\" \/><\/figure>\n<\/div>\n\n\n\n<div class=\"wp-block-column is-vertically-aligned-center is-layout-flow wp-block-column-is-layout-flow\" style=\"flex-basis:72%\">\n<h2 class=\"wp-block-heading has-secondary-light-color has-text-color has-link-color wp-elements-e204fe687c4a79a4e9a1e4afb67b5655\" style=\"font-size:36px;font-style:normal;font-weight:400\">Plataforma de datos sobre las periferias de Brasil: <strong>CULTURA POL\u00cdTICA,<\/strong> <strong>TRABAjO<\/strong> e <strong>VIOLENCIA<\/strong><\/h2>\n\n\n\n<p class=\"has-secondary-light-color has-text-color has-link-color has-secondary-font-family wp-elements-f212066985e33f0ea4771bf8fe776038\" style=\"font-size:24px\">Descubra otros aspectos del proyecto:<\/p>\n<\/div>\n<\/div>\n\n\n\n<div class=\"wp-block-columns alignwide csbh-grid is-layout-flex wp-container-core-columns-is-layout-28f84493 wp-block-columns-is-layout-flex\">\n<div class=\"wp-block-column is-vertically-aligned-top is-layout-flow wp-block-column-is-layout-flow\" style=\"flex-basis:33%\">\n<div class=\"wp-block-cover is-light\" style=\"border-radius:8px;min-height:374px;aspect-ratio:unset;\"><img decoding=\"async\" width=\"357\" height=\"360\" class=\"wp-block-cover__image-background wp-image-90251 size-full\" alt=\"\" src=\"https:\/\/fpabramo.org.br\/wp-content\/uploads\/2026\/01\/bg-paineis.webp\" data-object-fit=\"cover\" srcset=\"https:\/\/fpabramo.org.br\/wp-content\/uploads\/2026\/01\/bg-paineis.webp 357w, https:\/\/fpabramo.org.br\/wp-content\/uploads\/2026\/01\/bg-paineis-298x300.webp 298w, https:\/\/fpabramo.org.br\/wp-content\/uploads\/2026\/01\/bg-paineis-150x150.webp 150w\" sizes=\"(max-width: 357px) 100vw, 357px\" \/><span aria-hidden=\"true\" class=\"wp-block-cover__background has-background-dim-0 has-background-dim\"><\/span><div class=\"wp-block-cover__inner-container is-layout-constrained wp-block-cover-is-layout-constrained\">\n<h2 class=\"wp-block-heading has-text-align-center has-tertiary-pure-color has-text-color has-link-color wp-elements-6d98f7bf86113983aed88a445c903dd4\" style=\"font-size:24px;font-style:normal;font-weight:700\">Paneles de datos perif\u00e9ricos<\/h2>\n\n\n\n<p class=\"has-text-align-center has-tertiary-dark-color has-text-color has-link-color has-secondary-font-family has-x-small-font-size wp-elements-d35cccacbce8c59f36a64d9127b1bd07\" style=\"font-style:normal;font-weight:700\">Descubra la plataforma de datos sobre comunidades marginadas en Brasil y acceda a los paneles de datos de las tres \u00e1reas tem\u00e1ticas del proyecto:<\/p>\n\n\n\n<div class=\"wp-block-group has-secondary-light-color has-primary-dark-background-color has-text-color has-background has-link-color wp-elements-7303070466cdefe1edb91c71c460ab23 is-content-justification-center is-nowrap is-layout-flex wp-container-core-group-is-layout-0a12bad6 wp-block-group-is-layout-flex\" style=\"border-radius:8px\">\n<figure class=\"wp-block-image size-full is-resized is-style-default wp-duotone-unset-1\"><img decoding=\"async\" width=\"24\" height=\"24\" src=\"https:\/\/fpabramo.org.br\/wp-content\/uploads\/2026\/01\/fist-raised.webp\" alt=\"\" class=\"wp-image-90256\" style=\"width:24px\"\/><\/figure>\n\n\n\n<h2 class=\"wp-block-heading has-secondary-light-color has-text-color has-link-color has-large-font-size wp-elements-dc24d2344756290ffdbb19b928767c0f\" style=\"font-style:normal;font-weight:700\"><a href=\"https:\/\/fpabramo.org.br\/reconexaoperiferias\/cultura-politica\/\" target=\"_blank\" rel=\"noreferrer noopener\">Cultura<\/a><\/h2>\n<\/div>\n\n\n\n<div class=\"wp-block-group has-secondary-light-color has-primary-dark-background-color has-text-color has-background has-link-color wp-elements-90f4920ac7ec5f9549c622db655f1a02 is-content-justification-center is-nowrap is-layout-flex wp-container-core-group-is-layout-0a12bad6 wp-block-group-is-layout-flex\" style=\"border-radius:8px\">\n<figure class=\"wp-block-image size-full is-resized is-style-default wp-duotone-unset-2\"><img decoding=\"async\" width=\"24\" height=\"24\" src=\"https:\/\/fpabramo.org.br\/wp-content\/uploads\/2026\/01\/id-badge.webp\" alt=\"\" class=\"wp-image-90257\" style=\"width:24px\"\/><\/figure>\n\n\n\n<h2 class=\"wp-block-heading has-secondary-light-color has-text-color has-link-color has-large-font-size wp-elements-ba66cdc8d68d3f763909ccfee226cda6\" style=\"font-style:normal;font-weight:700\"><a href=\"https:\/\/fpabramo.org.br\/reconexaoperiferias\/dados-de-trabalho\/\" target=\"_blank\" rel=\"noreferrer noopener\">Trabajo<\/a><\/h2>\n<\/div>\n\n\n\n<div class=\"wp-block-group has-secondary-light-color has-primary-dark-background-color has-text-color has-background has-link-color wp-elements-8385e267fc1b9c6f2c5a50c4dc7c1efb is-content-justification-center is-nowrap is-layout-flex wp-container-core-group-is-layout-0a12bad6 wp-block-group-is-layout-flex\" style=\"border-radius:8px\">\n<figure class=\"wp-block-image size-full is-resized is-style-default wp-duotone-unset-3\"><img decoding=\"async\" width=\"24\" height=\"24\" src=\"https:\/\/fpabramo.org.br\/wp-content\/uploads\/2026\/01\/exclamation-circle.webp\" alt=\"\" class=\"wp-image-90258\" style=\"width:24px\"\/><\/figure>\n\n\n\n<h2 class=\"wp-block-heading has-secondary-light-color has-text-color has-link-color has-large-font-size wp-elements-78a073cb5d261d1c67247a88ccc1ea81\" style=\"font-style:normal;font-weight:700\"><a href=\"https:\/\/fpabramo.org.br\/reconexaoperiferias\/painel-de-violencia\/\" target=\"_blank\" rel=\"noreferrer noopener\">Violencia<\/a><\/h2>\n<\/div>\n<\/div><\/div>\n<\/div>\n\n\n\n<div class=\"wp-block-column is-layout-flow wp-block-column-is-layout-flow\" style=\"flex-basis:33%\">\n<div style=\"background-image:url(&apos;https:\/\/fpabramo.org.br\/wp-content\/uploads\/2026\/01\/bg-territo.webp&apos;);background-size:cover;\" class=\"wp-block-group is-layout-constrained wp-block-group-is-layout-constrained has-background\">\n<p class=\"has-text-align-center wp-embed-aspect-16-9 wp-has-aspect-ratio has-tertiary-pure-color has-text-color has-link-color has-secondary-font-family wp-elements-be7fabaebc4bba48643535593c9d7846\" style=\"font-size:24px;font-style:normal;font-weight:700\">Territorializaci\u00f3n<\/p>\n\n\n\n<figure class=\"wp-block-image aligncenter size-full\"><img decoding=\"async\" src=\"https:\/\/fpabramo.org.br\/wp-content\/uploads\/2026\/01\/distance.webp\" alt=\"\" class=\"wp-image-8391\"\/><\/figure>\n\n\n\n<p class=\"has-text-align-center wp-embed-aspect-16-9 wp-has-aspect-ratio has-tertiary-dark-color has-text-color has-link-color has-secondary-font-family has-x-small-font-size wp-elements-c996823d84787bbd9ede36b92d1293f0\" style=\"font-style:normal;font-weight:700\">El Proyecto, activo desde 2019, ha apoyado a 28 organizaciones con el objetivo de fortalecer sus acciones en los territorios.<\/p>\n\n\n\n<figure class=\"wp-block-embed is-type-video is-provider-youtube wp-block-embed-youtube wp-embed-aspect-16-9 wp-has-aspect-ratio\"><div class=\"wp-block-embed__wrapper\">\n<iframe loading=\"lazy\" title=\"Onde a reconex\u00e3o come\u00e7a? | Periferia \u00e9 Periferia | Epis\u00f3dio 1\" width=\"500\" height=\"281\" src=\"https:\/\/www.youtube.com\/embed\/GydyIAhdcSo?list=PLtsJqckMj3D5SXaEnBpeNVLRfytqFpXTR\" frameborder=\"0\" allow=\"accelerometer; autoplay; clipboard-write; encrypted-media; gyroscope; picture-in-picture; web-share\" referrerpolicy=\"strict-origin-when-cross-origin\" allowfullscreen><\/iframe>\n<\/div><\/figure>\n<\/div>\n<\/div>\n\n\n\n<div class=\"wp-block-column is-vertically-aligned-top is-layout-flow wp-block-column-is-layout-flow\" style=\"flex-basis:33%\">\n<div class=\"wp-block-cover is-light\" style=\"border-radius:8px;min-height:374px;aspect-ratio:unset;\"><img decoding=\"async\" width=\"357\" height=\"360\" class=\"wp-block-cover__image-background wp-image-90253 size-full\" alt=\"\" src=\"https:\/\/fpabramo.org.br\/wp-content\/uploads\/2026\/01\/bg-porta.webp\" data-object-fit=\"cover\" srcset=\"https:\/\/fpabramo.org.br\/wp-content\/uploads\/2026\/01\/bg-porta.webp 357w, https:\/\/fpabramo.org.br\/wp-content\/uploads\/2026\/01\/bg-porta-298x300.webp 298w, https:\/\/fpabramo.org.br\/wp-content\/uploads\/2026\/01\/bg-porta-150x150.webp 150w\" sizes=\"(max-width: 357px) 100vw, 357px\" \/><span aria-hidden=\"true\" class=\"wp-block-cover__background has-secondary-light-background-color has-background-dim-30 has-background-dim\"><\/span><div class=\"wp-block-cover__inner-container is-layout-constrained wp-block-cover-is-layout-constrained\">\n<h2 class=\"wp-block-heading has-text-align-center has-tertiary-pure-color has-text-color has-link-color wp-elements-781f35fecc44ad6c5085ba70e391a34c\" style=\"font-size:24px;font-style:normal;font-weight:700\">Publicaciones<\/h2>\n\n\n\n<p class=\"has-text-align-center has-tertiary-dark-color has-text-color has-link-color has-x-small-font-size wp-elements-52f4161c03ab3d4bf889ed85b176b663\" style=\"font-style:normal;font-weight:700\">Adem\u00e1s de la revista y la serie web, conozca tambi\u00e9n las publicaciones, investigaciones y libros producidos por el equipo de Reconex\u00e3o Periferias.<\/p>\n\n\n\n<div class=\"wp-block-buttons is-content-justification-center is-layout-flex wp-container-core-buttons-is-layout-c124d1c4 wp-block-buttons-is-layout-flex\">\n<div class=\"wp-block-button\"><a class=\"wp-block-button__link has-primary-dark-background-color has-background wp-element-button\" href=\"https:\/\/fpabramo.org.br\/es\/reconexaoperiferias\/\">Acceder a publicaciones<\/a><\/div>\n<\/div>\n<\/div><\/div>\n<\/div>\n<\/div>\n<\/div>\n\n\n\n<p><\/p>\n","protected":false},"excerpt":{"rendered":"<p>Revista Reconex\u00e3o Periferias Todas las novedades de esta edici\u00f3n \u00daltimas noticias mais not\u00edcias m\u00e1s noticias mais not\u00edcias Ediciones anteriores Todas las ediciones Plataforma de datos sobre las periferias de Brasil: CULTURA POL\u00cdTICA, TRABAjO e VIOLENCIA Descubra otros aspectos del proyecto: Territorializaci\u00f3n El Proyecto, activo desde 2019, ha apoyado a 28 organizaciones con el objetivo de [&hellip;]<\/p>\n","protected":false},"author":1,"featured_media":0,"parent":0,"menu_order":0,"comment_status":"closed","ping_status":"closed","template":"","meta":{"_eb_attr":"","footnotes":""},"categories":[],"area":[],"projeto":[6916],"tema":[],"coauthors":[85,7007],"class_list":["post-115309","page","type-page","status-publish","hentry","projeto-reconexao-periferias"],"_links":{"self":[{"href":"https:\/\/fpabramo.org.br\/es\/wp-json\/wp\/v2\/pages\/115309","targetHints":{"allow":["GET"]}}],"collection":[{"href":"https:\/\/fpabramo.org.br\/es\/wp-json\/wp\/v2\/pages"}],"about":[{"href":"https:\/\/fpabramo.org.br\/es\/wp-json\/wp\/v2\/types\/page"}],"author":[{"embeddable":true,"href":"https:\/\/fpabramo.org.br\/es\/wp-json\/wp\/v2\/users\/1"}],"replies":[{"embeddable":true,"href":"https:\/\/fpabramo.org.br\/es\/wp-json\/wp\/v2\/comments?post=115309"}],"version-history":[{"count":0,"href":"https:\/\/fpabramo.org.br\/es\/wp-json\/wp\/v2\/pages\/115309\/revisions"}],"wp:attachment":[{"href":"https:\/\/fpabramo.org.br\/es\/wp-json\/wp\/v2\/media?parent=115309"}],"wp:term":[{"taxonomy":"category","embeddable":true,"href":"https:\/\/fpabramo.org.br\/es\/wp-json\/wp\/v2\/categories?post=115309"},{"taxonomy":"area","embeddable":true,"href":"https:\/\/fpabramo.org.br\/es\/wp-json\/wp\/v2\/area?post=115309"},{"taxonomy":"projeto","embeddable":true,"href":"https:\/\/fpabramo.org.br\/es\/wp-json\/wp\/v2\/projeto?post=115309"},{"taxonomy":"tema","embeddable":true,"href":"https:\/\/fpabramo.org.br\/es\/wp-json\/wp\/v2\/tema?post=115309"},{"taxonomy":"author","embeddable":true,"href":"https:\/\/fpabramo.org.br\/es\/wp-json\/wp\/v2\/coauthors?post=115309"}],"curies":[{"name":"wp","href":"https:\/\/api.w.org\/{rel}","templated":true}]}}