{"id":115585,"date":"2025-11-24T12:04:06","date_gmt":"2025-11-24T15:04:06","guid":{"rendered":"https:\/\/fpabramo.org.br\/livro\/catalogo-edicao-especial-1997-2025\/"},"modified":"2026-03-16T13:10:31","modified_gmt":"2026-03-16T16:10:31","slug":"catalogo-edicao-especial-1997-2025","status":"publish","type":"livro","link":"https:\/\/fpabramo.org.br\/es\/livro\/catalogo-edicao-especial-1997-2025\/","title":{"rendered":"Cat\u00e1logo de ediciones especiales &#8211; 1997-2025"},"content":{"rendered":"\n<p>Este cat\u00e1logo presenta las obras publicadas por la editorial de la Fundaci\u00f3n Perseu Abramo (FPA), as\u00ed como las publicaciones realizadas en colaboraci\u00f3n o con el apoyo de la editorial a lo largo de sus casi tres d\u00e9cadas de existencia. Las ediciones que aqu\u00ed se presentan se mapearon mediante un minucioso estudio basado en el sitio web actual de la Fundaci\u00f3n Perseu Abramo, la antigua biblioteca digital, cat\u00e1logos impresos anteriores y la colecci\u00f3n f\u00edsica y los documentos internos de la editorial en la sede de la Fundaci\u00f3n.<br>Optamos por organizar las obras desde la m\u00e1s reciente \u2014en concreto, la reedici\u00f3n del libro La clase trabajadora tiene dos sexos, de Beth Lobo, en el marco de la celebraci\u00f3n del 28.\u00ba aniversario de la Fundaci\u00f3n y como parte de la colecci\u00f3n Nalu Faria\u2014 hasta la m\u00e1s antigua. Con el subt\u00edtulo \u00abDel presente a los or\u00edgenes\u00bb, queremos destacar que la historia de la editorial es una historia viva, con nuevas publicaciones y reediciones, reafirmando la relevancia de toda su producci\u00f3n.<br>Mapeamos 454 obras, de las cuales 268 ya est\u00e1n disponibles en formato digital. La producci\u00f3n se centra en las \u00e1reas de pol\u00edtica, econom\u00eda, comunicaci\u00f3n, educaci\u00f3n y filosof\u00eda, con menor frecuencia de obras literarias y biograf\u00edas. Estas \u00e1reas abarcan diversos temas como la pol\u00edtica brasile\u00f1a, la historia brasile\u00f1a, la pol\u00edtica internacional, la democracia, el socialismo, los movimientos sociales, las pol\u00edticas p\u00fablicas, los derechos humanos, el feminismo, el movimiento negro, el sindicalismo y la memoria. Datos que refuerzan la coherencia del trabajo realizado por la Fundaci\u00f3n Perseu Abramo desde su creaci\u00f3n (Presentaci\u00f3n &#8211; Luiza Man\u00e7ano).<\/p>\n\n\n\n<p><\/p>\n","protected":false},"excerpt":{"rendered":"<p>Este cat\u00e1logo presenta las obras publicadas por la editorial de la Fundaci\u00f3n Perseu Abramo (FPA), as\u00ed como las publicaciones realizadas en colaboraci\u00f3n o con el apoyo de la editorial a lo largo de sus casi tres d\u00e9cadas de existencia. Las ediciones que aqu\u00ed se presentan se mapearon mediante un minucioso estudio basado en el sitio [&hellip;]<\/p>\n","protected":false},"author":54,"featured_media":115589,"template":"","categories":[7351],"area":[125],"colecoes":[],"projeto":[],"tema":[7187],"tipo_material":[6870],"coauthors":[7007],"class_list":["post-115585","livro","type-livro","status-publish","has-post-thumbnail","hentry","category-institucional","area-editora-fpa","tema-pt","tipo_material-libro"],"_links":{"self":[{"href":"https:\/\/fpabramo.org.br\/es\/wp-json\/wp\/v2\/livro\/115585","targetHints":{"allow":["GET"]}}],"collection":[{"href":"https:\/\/fpabramo.org.br\/es\/wp-json\/wp\/v2\/livro"}],"about":[{"href":"https:\/\/fpabramo.org.br\/es\/wp-json\/wp\/v2\/types\/livro"}],"author":[{"embeddable":true,"href":"https:\/\/fpabramo.org.br\/es\/wp-json\/wp\/v2\/users\/54"}],"version-history":[{"count":0,"href":"https:\/\/fpabramo.org.br\/es\/wp-json\/wp\/v2\/livro\/115585\/revisions"}],"wp:featuredmedia":[{"embeddable":true,"href":"https:\/\/fpabramo.org.br\/es\/wp-json\/wp\/v2\/media\/115589"}],"wp:attachment":[{"href":"https:\/\/fpabramo.org.br\/es\/wp-json\/wp\/v2\/media?parent=115585"}],"wp:term":[{"taxonomy":"category","embeddable":true,"href":"https:\/\/fpabramo.org.br\/es\/wp-json\/wp\/v2\/categories?post=115585"},{"taxonomy":"area","embeddable":true,"href":"https:\/\/fpabramo.org.br\/es\/wp-json\/wp\/v2\/area?post=115585"},{"taxonomy":"colecoes","embeddable":true,"href":"https:\/\/fpabramo.org.br\/es\/wp-json\/wp\/v2\/colecoes?post=115585"},{"taxonomy":"projeto","embeddable":true,"href":"https:\/\/fpabramo.org.br\/es\/wp-json\/wp\/v2\/projeto?post=115585"},{"taxonomy":"tema","embeddable":true,"href":"https:\/\/fpabramo.org.br\/es\/wp-json\/wp\/v2\/tema?post=115585"},{"taxonomy":"tipo_material","embeddable":true,"href":"https:\/\/fpabramo.org.br\/es\/wp-json\/wp\/v2\/tipo_material?post=115585"},{"taxonomy":"author","embeddable":true,"href":"https:\/\/fpabramo.org.br\/es\/wp-json\/wp\/v2\/coauthors?post=115585"}],"curies":[{"name":"wp","href":"https:\/\/api.w.org\/{rel}","templated":true}]}}